{"id":56600,"date":"2025-06-11T20:41:43","date_gmt":"2025-06-12T01:41:43","guid":{"rendered":"https:\/\/www-dev.greenpeace.org\/mexico\/?page_id=56600"},"modified":"2025-09-23T04:58:26","modified_gmt":"2025-09-23T09:58:26","slug":"agua","status":"publish","type":"page","link":"https:\/\/www.greenpeace.org\/mexico\/problemas-ambientales\/agua\/","title":{"rendered":"Agua"},"content":{"rendered":"\n\n<div class=\"wp-block-group alignfull is-layout-flow wp-block-group-is-layout-flow\">\n<div class=\"wp-block-group container is-layout-flow wp-block-group-is-layout-flow\">\n<div class=\"wp-block-media-text alignfull has-media-on-the-right is-stacked-on-mobile is-pattern-p4-page-header is-style-parallax\" style=\"grid-template-columns:auto 64%\"><div class=\"wp-block-media-text__content\">\n<div class=\"wp-block-group is-layout-flow wp-block-group-is-layout-flow\">\n<h1 class=\"wp-block-heading has-white-color has-green-800-background-color has-text-color has-background has-link-color wp-elements-7038cf6b8ea8fc4c0dc45c16046c3912\"><strong>Agua para todos, agua para la vid<\/strong>a<\/h1>\n<\/div>\n\n\n\n<p style=\"font-size:1.25rem\"><br><br><strong>El acceso al agua es un derecho humano. Hagamos que se cumpla para todas las personas.<\/strong><br><\/p>\n<\/div><figure class=\"wp-block-media-text__media\"><img loading=\"lazy\" decoding=\"async\" width=\"1200\" height=\"899\" src=\"https:\/\/www.greenpeace.org\/static\/planet4-mexico-stateless\/2025\/06\/0b2df24c-gp0stwtfi.jpg\" alt=\"Giant Banner on the Cig\u00fcela Aqueduct (Cuenca) in Spain. \u00a9 Greenpeace \/ Pedro Armestre\" sizes=\"auto, (min-width: 601px) 64vw, 100vw\" srcset=\"https:\/\/www.greenpeace.org\/static\/planet4-mexico-stateless\/2025\/06\/0b2df24c-gp0stwtfi.jpg 1200w, https:\/\/www.greenpeace.org\/static\/planet4-mexico-stateless\/2025\/06\/0b2df24c-gp0stwtfi-300x225.jpg 300w, https:\/\/www.greenpeace.org\/static\/planet4-mexico-stateless\/2025\/06\/0b2df24c-gp0stwtfi-1024x767.jpg 1024w, https:\/\/www.greenpeace.org\/static\/planet4-mexico-stateless\/2025\/06\/0b2df24c-gp0stwtfi-768x575.jpg 768w, https:\/\/www.greenpeace.org\/static\/planet4-mexico-stateless\/2025\/06\/0b2df24c-gp0stwtfi-454x340.jpg 454w\" class=\"wp-image-56635 size-full\"\/><\/figure><\/div>\n<\/div>\n<\/div>\n\n\n<h2 class=\"wp-block-heading has-text-align-center has-dark-green-800-color has-text-color has-link-color wp-elements-5dae36a0cbcf56dfef432adffa6cfd19\">El agua: un derecho humano, no un privilegio<\/h2>\n\n<p class=\"has-text-align-center has-grey-200-background-color has-background\">El acceso al agua es un derecho humano. Cada persona deber\u00eda contar con entre <strong>50 y 100 litros diarios de agua segura, de calidad, asequible<\/strong> <strong>y f\u00e1cil de obtener<\/strong> para su uso personal y dom\u00e9stico. Sin embargo, millones de personas en el mundo \u2014y muchas en M\u00e9xico\u2014 a\u00fan no lo tienen garantizado.<\/p>\n\n<div style=\"height:40px\" aria-hidden=\"true\" class=\"wp-block-spacer\"><\/div>\n\n<h2 class=\"wp-block-heading has-text-align-center has-dark-green-800-color has-text-color has-link-color wp-elements-ca6b54f2996dfc410d0823e0ec97bb04\">Problemas que afectan al agua en M\u00e9xico (y en el mundo)<br><\/h2>\n\n<div class=\"wp-block-columns is-layout-flex wp-container-core-columns-is-layout-9d6595d7 wp-block-columns-is-layout-flex\">\n<div class=\"wp-block-column is-layout-flow wp-block-column-is-layout-flow\">\n<figure class=\"wp-block-image aligncenter is-resized\"><img loading=\"lazy\" decoding=\"async\" width=\"1200\" height=\"800\" src=\"https:\/\/www.greenpeace.org\/static\/planet4-mexico-stateless\/2025\/06\/79cbc554-gp0stp1p2.jpg\" title=\"Dried Out Land in Brazil. \u00a9 Gabriel Lindoso \/ Greenpeace\" alt=\"Dried Out Land in Brazil. \u00a9 Gabriel Lindoso \/ Greenpeace\" class=\"wp-image-56637\" style=\"width:368px;height:auto\" srcset=\"https:\/\/www.greenpeace.org\/static\/planet4-mexico-stateless\/2025\/06\/79cbc554-gp0stp1p2.jpg 1200w, https:\/\/www.greenpeace.org\/static\/planet4-mexico-stateless\/2025\/06\/79cbc554-gp0stp1p2-300x200.jpg 300w, https:\/\/www.greenpeace.org\/static\/planet4-mexico-stateless\/2025\/06\/79cbc554-gp0stp1p2-1024x683.jpg 1024w, https:\/\/www.greenpeace.org\/static\/planet4-mexico-stateless\/2025\/06\/79cbc554-gp0stp1p2-768x512.jpg 768w, https:\/\/www.greenpeace.org\/static\/planet4-mexico-stateless\/2025\/06\/79cbc554-gp0stp1p2-510x340.jpg 510w\" sizes=\"auto, (max-width: 1200px) 100vw, 1200px\" \/><figcaption><div class=\"credit icon-left\"> \u00a9 Gabriel Lindoso \/ Greenpeace<\/div><\/figcaption><\/figure>\n\n\n\n<h3 class=\"wp-block-heading has-green-800-color has-text-color has-link-color wp-elements-988b96d1079f4e1eab138766411ce792\">Escasez:&nbsp;&nbsp;<\/h3>\n\n\n\n<ul class=\"wp-block-list\">\n<li><strong>884 millones de personas<\/strong> en el mundo no tienen acceso a agua potable.<\/li>\n\n\n\n<li>M\u00e9xico est\u00e1 entre los <strong>30 pa\u00edses con mayor estr\u00e9s h\u00eddrico<\/strong>: la demanda supera la disponibilidad.<\/li>\n\n\n\n<li>De los <strong>653 acu\u00edferos<\/strong> del pa\u00eds, <strong>157 est\u00e1n sobreexplotados<\/strong>, cinco veces m\u00e1s que en 1975.<\/li>\n<\/ul>\n<\/div>\n\n\n\n<div class=\"wp-block-column is-layout-flow wp-block-column-is-layout-flow\">\n<figure class=\"wp-block-image\"><img decoding=\"async\" src=\"https:\/\/lh7-rt.googleusercontent.com\/docsz\/AD_4nXfeioBdinC50HPoYMY3a1wHSn-0dQGSq8aji3ux-EEz_3FpRHPzJx2WOl1ChE6Ku9iokXecqjU8bTdPFhpsVL9jJO4a6F4sqpG0o9-4L5bC3uuDS5CfQrYoT2nVxYhV9amZBBBs?key=qnOY2lT20J1nEhb6o6-UmLVv\" alt=\"\"\/><\/figure>\n\n\n\n<h3 class=\"wp-block-heading has-green-800-color has-text-color has-link-color wp-elements-a8cb8c530e08d5815cd39b14d4a101b6\">Contaminaci\u00f3n:<\/h3>\n\n\n\n<p>Los cuerpos de agua est\u00e1n cada vez m\u00e1s contaminados por descargas dom\u00e9sticas, industriales y agropecuarias. Seg\u00fan <strong>CONAGUA<\/strong>, la calidad del agua superficial en M\u00e9xico es:<\/p>\n\n\n\n<ul class=\"wp-block-list\">\n<li>Excelente: 53.6%<\/li>\n\n\n\n<li>Buena: 12.9%<\/li>\n\n\n\n<li>Aceptable: 23.0%<\/li>\n\n\n\n<li>Contaminada: 7.0%<\/li>\n\n\n\n<li>Fuertemente contaminada: 3.5%<\/li>\n<\/ul>\n<\/div>\n\n\n\n<div class=\"wp-block-column is-layout-flow wp-block-column-is-layout-flow\">\n<figure class=\"wp-block-image aligncenter is-resized\"><img loading=\"lazy\" decoding=\"async\" width=\"1200\" height=\"800\" src=\"https:\/\/www.greenpeace.org\/static\/planet4-mexico-stateless\/2025\/06\/210b99cf-gp040v.jpg\" title=\"Contaminated Water Discharge Documentation, Thailand. \u00a9 Greenpeace \/ Sataporn Thongma\" alt=\"Contaminated Water Discharge Documentation, Thailand. \u00a9 Greenpeace \/ Sataporn Thongma\" class=\"wp-image-56639\" style=\"width:351px;height:auto\" srcset=\"https:\/\/www.greenpeace.org\/static\/planet4-mexico-stateless\/2025\/06\/210b99cf-gp040v.jpg 1200w, https:\/\/www.greenpeace.org\/static\/planet4-mexico-stateless\/2025\/06\/210b99cf-gp040v-300x200.jpg 300w, https:\/\/www.greenpeace.org\/static\/planet4-mexico-stateless\/2025\/06\/210b99cf-gp040v-1024x683.jpg 1024w, https:\/\/www.greenpeace.org\/static\/planet4-mexico-stateless\/2025\/06\/210b99cf-gp040v-768x512.jpg 768w, https:\/\/www.greenpeace.org\/static\/planet4-mexico-stateless\/2025\/06\/210b99cf-gp040v-510x340.jpg 510w\" sizes=\"auto, (max-width: 1200px) 100vw, 1200px\" \/><figcaption><div class=\"credit icon-left\"> \u00a9 Greenpeace \/ Sataporn Thongma<\/div><\/figcaption><\/figure>\n\n\n\n<h3 class=\"wp-block-heading has-green-800-color has-text-color has-link-color wp-elements-831412129816e0dd787de6993436e39d\">Desperdicio y mal uso:<\/h3>\n\n\n\n<ul class=\"wp-block-list\">\n<li>M\u00e9xico ocupa el <strong>5\u00ba lugar mundial<\/strong> en consumo de agua.<\/li>\n\n\n\n<li>En la CDMX, el consumo promedio es de <strong>366 litros por persona al d\u00eda<\/strong>, cuando <strong>100 litros bastan<\/strong>.<\/li>\n\n\n\n<li>Solo <strong>14% del agua residual<\/strong> es tratada y reutilizada (INEGI).<\/li>\n\n\n\n<li>La industria solo recicla el <strong>5% del agua<\/strong> que usa (Semarnat).<\/li>\n<\/ul>\n<\/div>\n<\/div>\n\n<div style=\"height:40px\" aria-hidden=\"true\" class=\"wp-block-spacer\"><\/div>\n\n<div class=\"wp-block-media-text is-stacked-on-mobile\"><figure class=\"wp-block-media-text__media\"><img loading=\"lazy\" decoding=\"async\" width=\"1200\" height=\"795\" src=\"https:\/\/www.greenpeace.org\/static\/planet4-mexico-stateless\/2025\/06\/54a03e55-gp0su0v5z.jpg\" alt=\"Rainwater Reservoirs in Berlin. \u00a9 Paul Langrock \/ Greenpeace\" sizes=\"auto, (min-width: 1600px) calc((1320px - 24px) \/ 2),(min-width: 1200px) calc((1140px - 24px) \/ 2),(min-width: 992px) calc((960px - 24px) \/ 2),(min-width: 768px) calc((720px - 24px) \/ 2),(min-width: 601px) calc((540px - 24px) \/ 2),(min-width: 577px) calc((540px - 24px) \/ 1), calc(100vw - 24px)\" srcset=\"https:\/\/www.greenpeace.org\/static\/planet4-mexico-stateless\/2025\/06\/54a03e55-gp0su0v5z.jpg 1200w, https:\/\/www.greenpeace.org\/static\/planet4-mexico-stateless\/2025\/06\/54a03e55-gp0su0v5z-300x199.jpg 300w, https:\/\/www.greenpeace.org\/static\/planet4-mexico-stateless\/2025\/06\/54a03e55-gp0su0v5z-1024x678.jpg 1024w, https:\/\/www.greenpeace.org\/static\/planet4-mexico-stateless\/2025\/06\/54a03e55-gp0su0v5z-768x509.jpg 768w, https:\/\/www.greenpeace.org\/static\/planet4-mexico-stateless\/2025\/06\/54a03e55-gp0su0v5z-510x338.jpg 510w\" class=\"wp-image-56640 size-full\"\/><\/figure><div class=\"wp-block-media-text__content\">\n<h3 class=\"wp-block-heading has-dark-green-800-color has-text-color has-link-color has-large-font-size wp-elements-160750549ffd77d9024b5a55a4940368\">\u00bfQu\u00e9 se necesita para cuidar el agua?<\/h3>\n\n\n\n<div style=\"height:10px\" aria-hidden=\"true\" class=\"wp-block-spacer\"><\/div>\n\n\n\n<p>El uso del agua en M\u00e9xico se distribuye as\u00ed:<\/p>\n\n\n\n<ul class=\"wp-block-list\">\n<li><strong>71%<\/strong> agricultura<\/li>\n\n\n\n<li><strong>16%<\/strong> uso p\u00fablico y urbano<\/li>\n\n\n\n<li><strong>10%<\/strong> industria<\/li>\n<\/ul>\n\n\n\n<p>Estos son algunos pasos clave para proteger este recurso vital:<\/p>\n\n\n\n<ul class=\"wp-block-list\">\n<li><strong>Eficientar el uso del agua en el campo<\/strong>, que consume la mayor parte.<\/li>\n\n\n\n<li><strong>Evitar la contaminaci\u00f3n<\/strong>: reducir el uso de sustancias t\u00f3xicas en procesos agr\u00edcolas e industriales.<\/li>\n\n\n\n<li><strong>Tratar el agua residual<\/strong> antes de verterla a r\u00edos y lagos.<\/li>\n\n\n\n<li><strong>Reducir fugas<\/strong> mediante inversi\u00f3n en infraestructura h\u00eddrica.<\/li>\n\n\n\n<li><strong>Captar agua de lluvia<\/strong> y desarrollar sistemas para su almacenamiento y reutilizaci\u00f3n.<\/li>\n<\/ul>\n<\/div><\/div>\n\n<div style=\"height:40px\" aria-hidden=\"true\" class=\"wp-block-spacer\"><\/div>\n\n<h3 class=\"wp-block-heading has-text-align-center has-dark-green-800-color has-text-color has-link-color has-large-font-size wp-elements-bbf14bd25951ea5aee224fb7ee81525c\">\u00bfQu\u00e9 puedes hacer t\u00fa?<\/h3>\n\n<p class=\"has-text-align-center\">Usa el agua con responsabilidad:<\/p>\n\n<div class=\"wp-block-columns is-layout-flex wp-container-core-columns-is-layout-9d6595d7 wp-block-columns-is-layout-flex\">\n<div class=\"wp-block-column is-layout-flow wp-block-column-is-layout-flow\">\n<figure class=\"wp-block-image aligncenter size-full is-resized\"><img loading=\"lazy\" decoding=\"async\" width=\"512\" height=\"512\" src=\"https:\/\/www.greenpeace.org\/static\/planet4-mexico-stateless\/2025\/06\/7d2b0142-regadera.png\" alt=\"\" class=\"wp-image-56645\" style=\"width:112px\" srcset=\"https:\/\/www.greenpeace.org\/static\/planet4-mexico-stateless\/2025\/06\/7d2b0142-regadera.png 512w, https:\/\/www.greenpeace.org\/static\/planet4-mexico-stateless\/2025\/06\/7d2b0142-regadera-300x300.png 300w, https:\/\/www.greenpeace.org\/static\/planet4-mexico-stateless\/2025\/06\/7d2b0142-regadera-150x150.png 150w, https:\/\/www.greenpeace.org\/static\/planet4-mexico-stateless\/2025\/06\/7d2b0142-regadera-340x340.png 340w\" sizes=\"auto, (max-width: 512px) 100vw, 512px\" \/><\/figure>\n\n\n\n<h4 class=\"wp-block-heading has-text-align-center\"><strong>Reduce tu consumo<\/strong><\/h4>\n\n\n\n<ul class=\"wp-block-list\">\n<li>D\u00fachate en menos tiempo.<\/li>\n\n\n\n<li>Usa regaderas, inodoros y lavamanos de bajo consumo (ahorran hasta un 60%).<\/li>\n\n\n\n<li>Cierra la llave al enjabonar manos o dientes.<\/li>\n<\/ul>\n<\/div>\n\n\n\n<div class=\"wp-block-column is-layout-flow wp-block-column-is-layout-flow\">\n<figure class=\"wp-block-image aligncenter size-full is-resized\"><img loading=\"lazy\" decoding=\"async\" width=\"512\" height=\"512\" src=\"https:\/\/www.greenpeace.org\/static\/planet4-mexico-stateless\/2025\/06\/4960ddcf-cubeta-agua.png\" alt=\"\" class=\"wp-image-56642\" style=\"width:112px\" srcset=\"https:\/\/www.greenpeace.org\/static\/planet4-mexico-stateless\/2025\/06\/4960ddcf-cubeta-agua.png 512w, https:\/\/www.greenpeace.org\/static\/planet4-mexico-stateless\/2025\/06\/4960ddcf-cubeta-agua-300x300.png 300w, https:\/\/www.greenpeace.org\/static\/planet4-mexico-stateless\/2025\/06\/4960ddcf-cubeta-agua-150x150.png 150w, https:\/\/www.greenpeace.org\/static\/planet4-mexico-stateless\/2025\/06\/4960ddcf-cubeta-agua-340x340.png 340w\" sizes=\"auto, (max-width: 512px) 100vw, 512px\" \/><\/figure>\n\n\n\n<h4 class=\"wp-block-heading has-text-align-center\"><strong>Reutiliza<\/strong><\/h4>\n\n\n\n<ul class=\"wp-block-list\">\n<li>Capta agua de lluvia, lavadora o trastes, y \u00fasala para trapear, regar plantas o lavar exteriores.<\/li>\n<\/ul>\n<\/div>\n\n\n\n<div class=\"wp-block-column is-layout-flow wp-block-column-is-layout-flow\">\n<figure class=\"wp-block-image aligncenter size-full is-resized\"><img loading=\"lazy\" decoding=\"async\" width=\"512\" height=\"512\" src=\"https:\/\/www.greenpeace.org\/static\/planet4-mexico-stateless\/2025\/06\/bf8886c0-agua-contaminada.png\" alt=\"\" class=\"wp-image-56644\" style=\"width:112px\" srcset=\"https:\/\/www.greenpeace.org\/static\/planet4-mexico-stateless\/2025\/06\/bf8886c0-agua-contaminada.png 512w, https:\/\/www.greenpeace.org\/static\/planet4-mexico-stateless\/2025\/06\/bf8886c0-agua-contaminada-300x300.png 300w, https:\/\/www.greenpeace.org\/static\/planet4-mexico-stateless\/2025\/06\/bf8886c0-agua-contaminada-150x150.png 150w, https:\/\/www.greenpeace.org\/static\/planet4-mexico-stateless\/2025\/06\/bf8886c0-agua-contaminada-340x340.png 340w\" sizes=\"auto, (max-width: 512px) 100vw, 512px\" \/><\/figure>\n\n\n\n<h4 class=\"wp-block-heading\"><strong>No contamines<\/strong><\/h4>\n\n\n\n<ul class=\"wp-block-list\">\n<li>No tires basura, aceite ni productos qu\u00edmicos al drenaje.<\/li>\n\n\n\n<li>Usa detergentes biodegradables.<\/li>\n<\/ul>\n<\/div>\n\n\n\n<div class=\"wp-block-column is-layout-flow wp-block-column-is-layout-flow\">\n<figure class=\"wp-block-image aligncenter size-full is-resized\"><img loading=\"lazy\" decoding=\"async\" width=\"512\" height=\"512\" src=\"https:\/\/www.greenpeace.org\/static\/planet4-mexico-stateless\/2025\/06\/f149e0c0-fuga-agua.png\" alt=\"\" class=\"wp-image-56643\" style=\"width:112px\" srcset=\"https:\/\/www.greenpeace.org\/static\/planet4-mexico-stateless\/2025\/06\/f149e0c0-fuga-agua.png 512w, https:\/\/www.greenpeace.org\/static\/planet4-mexico-stateless\/2025\/06\/f149e0c0-fuga-agua-300x300.png 300w, https:\/\/www.greenpeace.org\/static\/planet4-mexico-stateless\/2025\/06\/f149e0c0-fuga-agua-150x150.png 150w, https:\/\/www.greenpeace.org\/static\/planet4-mexico-stateless\/2025\/06\/f149e0c0-fuga-agua-340x340.png 340w\" sizes=\"auto, (max-width: 512px) 100vw, 512px\" \/><\/figure>\n\n\n\n<h4 class=\"wp-block-heading has-text-align-center\"><strong>Reporta y repara fugas<\/strong><\/h4>\n\n\n\n<ul class=\"wp-block-list\">\n<li>Una fuga puede desperdiciar <strong>hasta 1,000 litros por d\u00eda<\/strong>.<\/li>\n\n\n\n<li>Si ves una fuga en la calle, rep\u00f3rtala.<\/li>\n<\/ul>\n<\/div>\n<\/div>\n\n<div style=\"height:40px\" aria-hidden=\"true\" class=\"wp-block-spacer\"><\/div>\n\n<div class=\"wp-block-media-text has-media-on-the-right is-stacked-on-mobile\"><div class=\"wp-block-media-text__content\">\n<h3 class=\"wp-block-heading has-dark-green-800-color has-text-color has-link-color has-large-font-size wp-elements-e92127d449cfafe8a22efa2a1da9083c\">\u00bfQu\u00e9 hace Greenpeace por el agua?<\/h3>\n\n\n\n<p>Greenpeace ha trabajado en la defensa del agua en M\u00e9xico durante a\u00f1os. Destacamos:<\/p>\n\n\n\n<ul class=\"wp-block-list\">\n<li>La campa\u00f1a <strong>R\u00edos T\u00f3xicos<\/strong>, que visibiliz\u00f3 la contaminaci\u00f3n industrial del agua.<\/li>\n\n\n\n<li>El llamado a impulsar una <strong>Ley General de Aguas<\/strong> centrada en las personas, no en las industrias.<\/li>\n\n\n\n<li>El trabajo en la <strong><a href=\"https:\/\/www.greenpeace.org\/mexico\/selva-maya\/\" data-type=\"page\" data-id=\"56201\">Selva Maya<\/a><\/strong>, donde hemos denunciado la afectaci\u00f3n a cenotes y acu\u00edferos por megaproyectos.<\/li>\n<\/ul>\n<\/div><figure class=\"wp-block-media-text__media\"><img loading=\"lazy\" decoding=\"async\" width=\"1024\" height=\"1024\" src=\"https:\/\/www.greenpeace.org\/static\/planet4-mexico-stateless\/2025\/06\/a1fa393d-heineken-conagua-nuevo-leon-1024x1024.jpg\" alt=\"Activistas de Greenpeace M\u00e9xico se manifiestan a las afueras de las instalaciones de la cervecera Heineken-Cuauht\u00e9moc Moctezuma con una manta que dice &quot;El agua es un derecho, \u00a1no una mercanc\u00eda!&quot;\" sizes=\"auto, (min-width: 1600px) calc((1320px - 24px) \/ 2),(min-width: 1200px) calc((1140px - 24px) \/ 2),(min-width: 992px) calc((960px - 24px) \/ 2),(min-width: 768px) calc((720px - 24px) \/ 2),(min-width: 601px) calc((540px - 24px) \/ 2),(min-width: 577px) calc((540px - 24px) \/ 1), calc(100vw - 24px)\" srcset=\"https:\/\/www.greenpeace.org\/static\/planet4-mexico-stateless\/2025\/06\/a1fa393d-heineken-conagua-nuevo-leon.jpg 1280w, https:\/\/www.greenpeace.org\/static\/planet4-mexico-stateless\/2025\/06\/a1fa393d-heineken-conagua-nuevo-leon-300x300.jpg 300w, https:\/\/www.greenpeace.org\/static\/planet4-mexico-stateless\/2025\/06\/a1fa393d-heineken-conagua-nuevo-leon-1024x1024.jpg 1024w, https:\/\/www.greenpeace.org\/static\/planet4-mexico-stateless\/2025\/06\/a1fa393d-heineken-conagua-nuevo-leon-150x150.jpg 150w, https:\/\/www.greenpeace.org\/static\/planet4-mexico-stateless\/2025\/06\/a1fa393d-heineken-conagua-nuevo-leon-768x768.jpg 768w, https:\/\/www.greenpeace.org\/static\/planet4-mexico-stateless\/2025\/06\/a1fa393d-heineken-conagua-nuevo-leon-340x340.jpg 340w\" class=\"wp-image-56826 size-full\"\/><\/figure><\/div>\n\n<div style=\"height:40px\" aria-hidden=\"true\" class=\"wp-block-spacer\"><\/div>\n\t\t\t<section\n\t\t\tclass=\"boxout  \"\n\t\t\t\n\t\t>\n\t\t\t<a\n\t\t\t\tdata-ga-category=\"Take Action Boxout\"\n\t\t\t\tdata-ga-action=\"Image\"\n\t\t\t\tdata-ga-label=\"n\/a\"\n\t\t\t\tclass=\"cover-card-overlay\"\n\t\t\t\thref=\"https:\/\/www.greenpeace.org\/mexico\/campanas\" target=\"_blank\"\n\t\t\t><\/a>\n\t\t\t\t\t\t\t<img\n\t\t\t\t\t\tsrc=\"https:\/\/www.greenpeace.org\/static\/planet4-mexico-stateless\/2025\/07\/43cf6e41-mujeres-campo-agricultura-1024x768.jpg\"\n\t\t\t\t\t\tsrcset=\"https:\/\/www.greenpeace.org\/static\/planet4-mexico-stateless\/2025\/07\/43cf6e41-mujeres-campo-agricultura-300x225.jpg 300w, https:\/\/www.greenpeace.org\/static\/planet4-mexico-stateless\/2025\/07\/43cf6e41-mujeres-campo-agricultura-1024x768.jpg 1024w, https:\/\/www.greenpeace.org\/static\/planet4-mexico-stateless\/2025\/07\/43cf6e41-mujeres-campo-agricultura-768x576.jpg 768w, https:\/\/www.greenpeace.org\/static\/planet4-mexico-stateless\/2025\/07\/43cf6e41-mujeres-campo-agricultura-453x340.jpg 453w, https:\/\/www.greenpeace.org\/static\/planet4-mexico-stateless\/2025\/07\/43cf6e41-mujeres-campo-agricultura.jpg 1200w\"\n\t\t\t\t\t\tsizes=\"(min-width: 1000px) 358px, (min-width: 780px) 313px, 88px\"\n\t\t\t\t\t\talt=\"Fotograf\u00eda de una mujer en campos de girasoles y ma\u00edz.\" title=\"Fotograf\u00eda de una mujer en campos de girasoles y ma\u00edz.\"\n\t\t\t\t\/>\n            \t\t\t<div class=\"boxout-content\">\n\t\t\t\t\t\t\t\t\t<a\n\t\t\t\t\t\tclass=\"boxout-heading medium\"\n\t\t\t\t\t\tdata-ga-category=\"Take Action Boxout\"\n\t\t\t\t\t\tdata-ga-action=\"Title\"\n\t\t\t\t\t\tdata-ga-label=\"n\/a\"\n\t\t\t\t\t\thref=\"https:\/\/www.greenpeace.org\/mexico\/campanas\"\n\t\t\t\t\t\ttarget=\"_blank\"\n\t\t\t\t\t>\n\t\t\t\t\t\tConoce nuestras campa\u00f1as\n\t\t\t\t\t<\/a>\n\t\t\t\t\t\t\t\t\t\t\t\t\t<p class=\"boxout-excerpt\">Ent\u00e9rate de lo que estamos trabajando actualmente en Greenpeace M\u00e9xico.<\/p>\n\t\t\t\t                                    <a\n                        class=\"btn btn-primary\"\n                        data-ga-category=\"Take Action Boxout\"\n                        data-ga-action=\"Call to Action\"\n                        data-ga-label=\"n\/a\"\n                        href=\"https:\/\/www.greenpeace.org\/mexico\/campanas\"\n                        target=\"_blank\"\n                    >\n                        M\u00e1s informaci\u00f3n\n                    <\/a>\n                \t\t\t<\/div>\n\t\t\t\t\t<\/section>\n\t\n<div style=\"height:40px\" aria-hidden=\"true\" class=\"wp-block-spacer\"><\/div>\n\n<div class=\"wp-block-query posts-list p4-query-loop is-custom-layout-carousel is-layout-flex wp-block-query-is-layout-flex\">\n<div class=\"wp-block-group is-content-justification-space-between is-layout-flex wp-container-core-group-is-layout-3d213aab wp-block-group-is-layout-flex\">\n<h2 class=\"wp-block-heading\">Inf\u00f3rmate<\/h2>\n\n\n<li class=\" wp-block-navigation-item see-all-link wp-block-navigation-link\"><a class=\"wp-block-navigation-item__content\"  href=\"https:\/\/www.greenpeace.org\/mexico\/news-stories\/?post-type=blog\"><span class=\"wp-block-navigation-item__label\">Mira m\u00e1s contenidos<\/span><\/a><\/li><\/div>\n\n\n\n<p style=\"margin-top:24px;margin-bottom:36px\"><\/p>\n\n\n\n\n<ul class=\"wp-block-post-template is-layout-flow wp-block-post-template-is-layout-flow\"><li class=\"wp-block-post post-62867 post type-post status-publish format-standard has-post-thumbnail hentry category-derechos-humanos tag-derechos-humanos tag-activismo p4-page-type-blog\">\n\n<div class=\"wp-block-columns is-layout-flex wp-container-core-columns-is-layout-9d6595d7 wp-block-columns-is-layout-flex\"><figure class=\"wp-block-post-featured-image\"><a href=\"https:\/\/www.greenpeace.org\/mexico\/blog\/62867\/dia-de-las-infancias\/\" target=\"_self\"  ><img loading=\"lazy\" decoding=\"async\" width=\"2560\" height=\"1558\" src=\"https:\/\/www.greenpeace.org\/static\/planet4-mexico-stateless\/2026\/04\/7673aba7-shutterstock_2143580297-scaled.jpg\" class=\"attachment-post-thumbnail size-post-thumbnail wp-post-image wp-stateless-item\" alt=\"D\u00eda de las infancias y cambio clim\u00e1tico.\" style=\"object-fit:cover;\" srcset=\"https:\/\/www.greenpeace.org\/static\/planet4-mexico-stateless\/2026\/04\/7673aba7-shutterstock_2143580297-scaled.jpg 2560w, https:\/\/www.greenpeace.org\/static\/planet4-mexico-stateless\/2026\/04\/7673aba7-shutterstock_2143580297-300x183.jpg 300w, https:\/\/www.greenpeace.org\/static\/planet4-mexico-stateless\/2026\/04\/7673aba7-shutterstock_2143580297-1024x623.jpg 1024w, https:\/\/www.greenpeace.org\/static\/planet4-mexico-stateless\/2026\/04\/7673aba7-shutterstock_2143580297-768x467.jpg 768w, https:\/\/www.greenpeace.org\/static\/planet4-mexico-stateless\/2026\/04\/7673aba7-shutterstock_2143580297-1536x935.jpg 1536w, https:\/\/www.greenpeace.org\/static\/planet4-mexico-stateless\/2026\/04\/7673aba7-shutterstock_2143580297-2048x1247.jpg 2048w, https:\/\/www.greenpeace.org\/static\/planet4-mexico-stateless\/2026\/04\/7673aba7-shutterstock_2143580297-510x310.jpg 510w\" sizes=\"auto, (max-width: 2560px) 100vw, 2560px\" data-image-size=\"post-thumbnail\" data-stateless-media-bucket=\"planet4-mexico-stateless\" data-stateless-media-name=\"2026\/04\/7673aba7-shutterstock_2143580297-scaled.jpg\" \/><\/a><\/figure>\n\n\n<div class=\"wp-block-group is-layout-flow wp-block-group-is-layout-flow\">\n<div class=\"wp-block-group is-layout-flex wp-block-group-is-layout-flex\"><div class=\"wp-block-post-terms\"><a href=\"https:\/\/www.greenpeace.org\/mexico\/category\/derechos-humanos\/\">Derechos humanos<\/a><\/div>\n\n<div class=\"taxonomy-post_tag wp-block-post-terms\"><a href=\"https:\/\/www.greenpeace.org\/mexico\/tag\/derechos-humanos\/\" rel=\"tag\">Derechos humanos<\/a><span class=\"wp-block-post-terms__separator\"> <\/span><a href=\"https:\/\/www.greenpeace.org\/mexico\/tag\/activismo\/\" rel=\"tag\">Activismo<\/a><\/div><\/div>\n\n\n<h3 class=\"wp-block-post-title\"><a href=\"https:\/\/www.greenpeace.org\/mexico\/blog\/62867\/dia-de-las-infancias\/\" target=\"_self\" >D\u00eda de las infancias y cambio clim\u00e1tico.<\/a><\/h3>\n\n<div class=\"wp-block-post-excerpt\"><p class=\"wp-block-post-excerpt__excerpt\">En el D\u00eda de las Infancias hay que preguntarnos: qu\u00e9 estamos dispuestos a cambiar las personas adultas para ofrecerles un futuro m\u00e1s justo, digno y esperanzador a las infancias. <\/p><\/div>\n\n\n<div class=\"wp-block-group posts-list-meta is-layout-flow wp-block-group-is-layout-flow\"><span class='article-list-item-author'><a href='https:\/\/www.greenpeace.org\/mexico\/author\/greenpeace-mexico\/'>Greenpeace M\u00e9xico<\/a><\/span>\n\n<div class=\"wp-block-post-date\"><time datetime=\"2026-04-30T11:24:09-05:00\">abril 30, 2026<\/time><\/div><\/div>\n<\/div>\n<\/div>\n\n<\/li><li class=\"wp-block-post post-62833 post type-post status-publish format-standard has-post-thumbnail hentry category-clima-y-energia tag-combustibles-fosiles tag-perdida-de-ecosistemas p4-page-type-blog\">\n\n<div class=\"wp-block-columns is-layout-flex wp-container-core-columns-is-layout-9d6595d7 wp-block-columns-is-layout-flex\"><figure class=\"wp-block-post-featured-image\"><a href=\"https:\/\/www.greenpeace.org\/mexico\/blog\/62833\/una-mancha-en-el-mar-y-en-la-comunidad-cronica-desde-veracruz\/\" target=\"_self\"  ><img loading=\"lazy\" decoding=\"async\" width=\"1851\" height=\"1062\" src=\"https:\/\/www.greenpeace.org\/static\/planet4-mexico-stateless\/2026\/04\/81337764-5372.jpg\" class=\"attachment-post-thumbnail size-post-thumbnail wp-post-image wp-stateless-item\" alt=\"Veracruz:Una mancha en el mar y en la comunidad.\" style=\"object-fit:cover;\" srcset=\"https:\/\/www.greenpeace.org\/static\/planet4-mexico-stateless\/2026\/04\/81337764-5372.jpg 1851w, https:\/\/www.greenpeace.org\/static\/planet4-mexico-stateless\/2026\/04\/81337764-5372-300x172.jpg 300w, https:\/\/www.greenpeace.org\/static\/planet4-mexico-stateless\/2026\/04\/81337764-5372-1024x588.jpg 1024w, https:\/\/www.greenpeace.org\/static\/planet4-mexico-stateless\/2026\/04\/81337764-5372-768x441.jpg 768w, https:\/\/www.greenpeace.org\/static\/planet4-mexico-stateless\/2026\/04\/81337764-5372-1536x881.jpg 1536w, https:\/\/www.greenpeace.org\/static\/planet4-mexico-stateless\/2026\/04\/81337764-5372-510x293.jpg 510w\" sizes=\"auto, (max-width: 1851px) 100vw, 1851px\" data-image-size=\"post-thumbnail\" data-stateless-media-bucket=\"planet4-mexico-stateless\" data-stateless-media-name=\"2026\/04\/81337764-5372.jpg\" \/><\/a><\/figure>\n\n\n<div class=\"wp-block-group is-layout-flow wp-block-group-is-layout-flow\">\n<div class=\"wp-block-group is-layout-flex wp-block-group-is-layout-flex\"><div class=\"wp-block-post-terms\"><a href=\"https:\/\/www.greenpeace.org\/mexico\/category\/clima-y-energia\/\">Clima y energ\u00eda<\/a><\/div>\n\n<div class=\"taxonomy-post_tag wp-block-post-terms\"><a href=\"https:\/\/www.greenpeace.org\/mexico\/tag\/combustibles-fosiles\/\" rel=\"tag\">Combustibles f\u00f3siles<\/a><span class=\"wp-block-post-terms__separator\"> <\/span><a href=\"https:\/\/www.greenpeace.org\/mexico\/tag\/perdida-de-ecosistemas\/\" rel=\"tag\">P\u00e9rdida de ecosistemas<\/a><\/div><\/div>\n\n\n<h3 class=\"wp-block-post-title\"><a href=\"https:\/\/www.greenpeace.org\/mexico\/blog\/62833\/una-mancha-en-el-mar-y-en-la-comunidad-cronica-desde-veracruz\/\" target=\"_self\" >Veracruz:Una mancha en el mar y en la comunidad.<\/a><\/h3>\n\n<div class=\"wp-block-post-excerpt\"><p class=\"wp-block-post-excerpt__excerpt\">Cuando uno va a Veracruz, espera encontrar el mar como lo conocemos: abierto, vivo y en movimiento. Pero esta vez se sent\u00eda distinto. <\/p><\/div>\n\n\n<div class=\"wp-block-group posts-list-meta is-layout-flow wp-block-group-is-layout-flow\"><span class='article-list-item-author'>Dayro de la Fuente<\/span>\n\n<div class=\"wp-block-post-date\"><time datetime=\"2026-04-18T10:22:16-05:00\">abril 18, 2026<\/time><\/div><\/div>\n<\/div>\n<\/div>\n\n<\/li><li class=\"wp-block-post post-62809 post type-post status-publish format-standard has-post-thumbnail hentry category-oceanos tag-oceanos tag-perdida-de-ecosistemas tag-cambio-climatico p4-page-type-blog\">\n\n<div class=\"wp-block-columns is-layout-flex wp-container-core-columns-is-layout-9d6595d7 wp-block-columns-is-layout-flex\"><figure class=\"wp-block-post-featured-image\"><a href=\"https:\/\/www.greenpeace.org\/mexico\/blog\/62809\/vidas-bajo-el-agua-ante-un-derrame-de-petroleo\/\" target=\"_self\"  ><img loading=\"lazy\" decoding=\"async\" width=\"888\" height=\"670\" src=\"https:\/\/www.greenpeace.org\/static\/planet4-mexico-stateless\/2026\/04\/0f35365c-captura-de-pantalla-2026-04-10-183121.png\" class=\"attachment-post-thumbnail size-post-thumbnail wp-post-image wp-stateless-item\" alt=\"Vidas bajo el agua: supervivencia marina pese al derrame.\" style=\"object-fit:cover;\" srcset=\"https:\/\/www.greenpeace.org\/static\/planet4-mexico-stateless\/2026\/04\/0f35365c-captura-de-pantalla-2026-04-10-183121.png 888w, https:\/\/www.greenpeace.org\/static\/planet4-mexico-stateless\/2026\/04\/0f35365c-captura-de-pantalla-2026-04-10-183121-300x226.png 300w, https:\/\/www.greenpeace.org\/static\/planet4-mexico-stateless\/2026\/04\/0f35365c-captura-de-pantalla-2026-04-10-183121-768x579.png 768w, https:\/\/www.greenpeace.org\/static\/planet4-mexico-stateless\/2026\/04\/0f35365c-captura-de-pantalla-2026-04-10-183121-451x340.png 451w\" sizes=\"auto, (max-width: 888px) 100vw, 888px\" data-image-size=\"post-thumbnail\" data-stateless-media-bucket=\"planet4-mexico-stateless\" data-stateless-media-name=\"2026\/04\/0f35365c-captura-de-pantalla-2026-04-10-183121.png\" \/><\/a><\/figure>\n\n\n<div class=\"wp-block-group is-layout-flow wp-block-group-is-layout-flow\">\n<div class=\"wp-block-group is-layout-flex wp-block-group-is-layout-flex\"><div class=\"wp-block-post-terms\"><a href=\"https:\/\/www.greenpeace.org\/mexico\/category\/oceanos\/\">Oc\u00e9anos<\/a><\/div>\n\n<div class=\"taxonomy-post_tag wp-block-post-terms\"><a href=\"https:\/\/www.greenpeace.org\/mexico\/tag\/oceanos\/\" rel=\"tag\">Oc\u00e9anos<\/a><span class=\"wp-block-post-terms__separator\"> <\/span><a href=\"https:\/\/www.greenpeace.org\/mexico\/tag\/perdida-de-ecosistemas\/\" rel=\"tag\">P\u00e9rdida de ecosistemas<\/a><span class=\"wp-block-post-terms__separator\"> <\/span><a href=\"https:\/\/www.greenpeace.org\/mexico\/tag\/cambio-climatico\/\" rel=\"tag\">Cambio clim\u00e1tico<\/a><\/div><\/div>\n\n\n<h3 class=\"wp-block-post-title\"><a href=\"https:\/\/www.greenpeace.org\/mexico\/blog\/62809\/vidas-bajo-el-agua-ante-un-derrame-de-petroleo\/\" target=\"_self\" >Vidas bajo el agua: supervivencia marina pese al derrame.<\/a><\/h3>\n\n<div class=\"wp-block-post-excerpt\"><p class=\"wp-block-post-excerpt__excerpt\">El Golfo de M\u00e9xico es mucho m\u00e1s que un cuerpo de agua. Es hogar de una enorme diversidad de vida. Seres que no vemos a simple vista como organismos microsc\u00f3picos,&hellip; <\/p><\/div>\n\n\n<div class=\"wp-block-group posts-list-meta is-layout-flow wp-block-group-is-layout-flow\"><span class='article-list-item-author'>Greenpeace M\u00e9xico<\/span>\n\n<div class=\"wp-block-post-date\"><time datetime=\"2026-04-11T10:00:00-05:00\">abril 11, 2026<\/time><\/div><\/div>\n<\/div>\n<\/div>\n\n<\/li><li class=\"wp-block-post post-62788 post type-post status-publish format-standard has-post-thumbnail hentry category-derechos-humanos category-paz tag-activismo p4-page-type-blog\">\n\n<div class=\"wp-block-columns is-layout-flex wp-container-core-columns-is-layout-9d6595d7 wp-block-columns-is-layout-flex\"><figure class=\"wp-block-post-featured-image\"><a href=\"https:\/\/www.greenpeace.org\/mexico\/blog\/62788\/la-esperanza-navega\/\" target=\"_self\"  ><img loading=\"lazy\" decoding=\"async\" width=\"1366\" height=\"768\" src=\"https:\/\/www.greenpeace.org\/static\/planet4-mexico-stateless\/2026\/04\/fd440b13-greenpeace-se-unira-a-global-sumud-flotilla-para-ayudar-a-romper-el-asedio-de-gaza.png\" class=\"attachment-post-thumbnail size-post-thumbnail wp-post-image wp-stateless-item\" alt=\"La esperanza navega.\" style=\"object-fit:cover;\" srcset=\"https:\/\/www.greenpeace.org\/static\/planet4-mexico-stateless\/2026\/04\/fd440b13-greenpeace-se-unira-a-global-sumud-flotilla-para-ayudar-a-romper-el-asedio-de-gaza.png 1366w, https:\/\/www.greenpeace.org\/static\/planet4-mexico-stateless\/2026\/04\/fd440b13-greenpeace-se-unira-a-global-sumud-flotilla-para-ayudar-a-romper-el-asedio-de-gaza-300x169.png 300w, https:\/\/www.greenpeace.org\/static\/planet4-mexico-stateless\/2026\/04\/fd440b13-greenpeace-se-unira-a-global-sumud-flotilla-para-ayudar-a-romper-el-asedio-de-gaza-1024x576.png 1024w, https:\/\/www.greenpeace.org\/static\/planet4-mexico-stateless\/2026\/04\/fd440b13-greenpeace-se-unira-a-global-sumud-flotilla-para-ayudar-a-romper-el-asedio-de-gaza-768x432.png 768w, https:\/\/www.greenpeace.org\/static\/planet4-mexico-stateless\/2026\/04\/fd440b13-greenpeace-se-unira-a-global-sumud-flotilla-para-ayudar-a-romper-el-asedio-de-gaza-510x287.png 510w\" sizes=\"auto, (max-width: 1366px) 100vw, 1366px\" data-image-size=\"post-thumbnail\" data-stateless-media-bucket=\"planet4-mexico-stateless\" data-stateless-media-name=\"2026\/04\/fd440b13-greenpeace-se-unira-a-global-sumud-flotilla-para-ayudar-a-romper-el-asedio-de-gaza.png\" \/><\/a><\/figure>\n\n\n<div class=\"wp-block-group is-layout-flow wp-block-group-is-layout-flow\">\n<div class=\"wp-block-group is-layout-flex wp-block-group-is-layout-flex\"><div class=\"wp-block-post-terms\"><a href=\"https:\/\/www.greenpeace.org\/mexico\/category\/derechos-humanos\/\">Derechos humanos<\/a><\/div>\n\n<div class=\"taxonomy-post_tag wp-block-post-terms\"><a href=\"https:\/\/www.greenpeace.org\/mexico\/tag\/activismo\/\" rel=\"tag\">Activismo<\/a><\/div><\/div>\n\n\n<h3 class=\"wp-block-post-title\"><a href=\"https:\/\/www.greenpeace.org\/mexico\/blog\/62788\/la-esperanza-navega\/\" target=\"_self\" >La esperanza navega.<\/a><\/h3>\n\n<div class=\"wp-block-post-excerpt\"><p class=\"wp-block-post-excerpt__excerpt\">Con m\u00e1s de 70 embarcaciones y m\u00e1s de 1000 participantes, el 12 de abril la Global Sumud Flotilla zarpar\u00e1 de Barcelona en respuesta a un llamado de los palestinos de&hellip; <\/p><\/div>\n\n\n<div class=\"wp-block-group posts-list-meta is-layout-flow wp-block-group-is-layout-flow\"><span class='article-list-item-author'>Greenpeace M\u00e9xico<\/span>\n\n<div class=\"wp-block-post-date\"><time datetime=\"2026-04-07T17:55:27-05:00\">abril 7, 2026<\/time><\/div><\/div>\n<\/div>\n<\/div>\n\n<\/li><li class=\"wp-block-post post-62743 post type-post status-publish format-standard has-post-thumbnail hentry category-cambio-climatico category-plasticos tag-consumo p4-page-type-blog\">\n\n<div class=\"wp-block-columns is-layout-flex wp-container-core-columns-is-layout-9d6595d7 wp-block-columns-is-layout-flex\"><figure class=\"wp-block-post-featured-image\"><a href=\"https:\/\/www.greenpeace.org\/mexico\/blog\/62743\/a-donde-va-tu-basura\/\" target=\"_self\"  ><img loading=\"lazy\" decoding=\"async\" width=\"414\" height=\"311\" src=\"https:\/\/www.greenpeace.org\/static\/planet4-mexico-stateless\/2026\/03\/9903721c-390.jpg\" class=\"attachment-post-thumbnail size-post-thumbnail wp-post-image wp-stateless-item\" alt=\"\u00bfA d\u00f3nde va tu basura?\" style=\"object-fit:cover;\" srcset=\"https:\/\/www.greenpeace.org\/static\/planet4-mexico-stateless\/2026\/03\/9903721c-390.jpg 414w, https:\/\/www.greenpeace.org\/static\/planet4-mexico-stateless\/2026\/03\/9903721c-390-300x225.jpg 300w\" sizes=\"auto, (max-width: 414px) 100vw, 414px\" data-image-size=\"post-thumbnail\" data-stateless-media-bucket=\"planet4-mexico-stateless\" data-stateless-media-name=\"2026\/03\/9903721c-390.jpg\" \/><\/a><\/figure>\n\n\n<div class=\"wp-block-group is-layout-flow wp-block-group-is-layout-flow\">\n<div class=\"wp-block-group is-layout-flex wp-block-group-is-layout-flex\"><div class=\"wp-block-post-terms\"><a href=\"https:\/\/www.greenpeace.org\/mexico\/category\/cambio-climatico\/\">Cambio clim\u00e1tico<\/a><\/div>\n\n<div class=\"taxonomy-post_tag wp-block-post-terms\"><a href=\"https:\/\/www.greenpeace.org\/mexico\/tag\/consumo\/\" rel=\"tag\">Consumo<\/a><\/div><\/div>\n\n\n<h3 class=\"wp-block-post-title\"><a href=\"https:\/\/www.greenpeace.org\/mexico\/blog\/62743\/a-donde-va-tu-basura\/\" target=\"_self\" >\u00bfA d\u00f3nde va tu basura?<\/a><\/h3>\n\n<div class=\"wp-block-post-excerpt\"><p class=\"wp-block-post-excerpt__excerpt\">Podremos una imagen inc\u00f3moda en tu cabeza: \u00bf a d\u00f3nde va tu \ud83d\udca9 cuando se va por el excusado? <\/p><\/div>\n\n\n<div class=\"wp-block-group posts-list-meta is-layout-flow wp-block-group-is-layout-flow\"><span class='article-list-item-author'>Greenpeace M\u00e9xico<\/span>\n\n<div class=\"wp-block-post-date\"><time datetime=\"2026-03-31T08:11:00-05:00\">marzo 31, 2026<\/time><\/div><\/div>\n<\/div>\n<\/div>\n\n<\/li><li class=\"wp-block-post post-62703 post type-post status-publish format-standard has-post-thumbnail hentry category-clima-y-energia category-oceanos tag-perdida-de-ecosistemas p4-page-type-blog\">\n\n<div class=\"wp-block-columns is-layout-flex wp-container-core-columns-is-layout-9d6595d7 wp-block-columns-is-layout-flex\"><figure class=\"wp-block-post-featured-image\"><a href=\"https:\/\/www.greenpeace.org\/mexico\/blog\/62703\/vacaciones-que-cuidan\/\" target=\"_self\"  ><img loading=\"lazy\" decoding=\"async\" width=\"1440\" height=\"800\" src=\"https:\/\/www.greenpeace.org\/static\/planet4-mexico-stateless\/2026\/03\/c23932fa-medidas-carrusel-header-39.png\" class=\"attachment-post-thumbnail size-post-thumbnail wp-post-image wp-stateless-item\" alt=\"Vacaciones que cuidan: Proteger hoy lo que ma\u00f1ana queremos disfrutar.\" style=\"object-fit:cover;\" srcset=\"https:\/\/www.greenpeace.org\/static\/planet4-mexico-stateless\/2026\/03\/c23932fa-medidas-carrusel-header-39.png 1440w, https:\/\/www.greenpeace.org\/static\/planet4-mexico-stateless\/2026\/03\/c23932fa-medidas-carrusel-header-39-300x167.png 300w, https:\/\/www.greenpeace.org\/static\/planet4-mexico-stateless\/2026\/03\/c23932fa-medidas-carrusel-header-39-1024x569.png 1024w, https:\/\/www.greenpeace.org\/static\/planet4-mexico-stateless\/2026\/03\/c23932fa-medidas-carrusel-header-39-768x427.png 768w, https:\/\/www.greenpeace.org\/static\/planet4-mexico-stateless\/2026\/03\/c23932fa-medidas-carrusel-header-39-510x283.png 510w\" sizes=\"auto, (max-width: 1440px) 100vw, 1440px\" data-image-size=\"post-thumbnail\" data-stateless-media-bucket=\"planet4-mexico-stateless\" data-stateless-media-name=\"2026\/03\/c23932fa-medidas-carrusel-header-39.png\" \/><\/a><\/figure>\n\n\n<div class=\"wp-block-group is-layout-flow wp-block-group-is-layout-flow\">\n<div class=\"wp-block-group is-layout-flex wp-block-group-is-layout-flex\"><div class=\"wp-block-post-terms\"><a href=\"https:\/\/www.greenpeace.org\/mexico\/category\/clima-y-energia\/\">Clima y energ\u00eda<\/a><\/div>\n\n<div class=\"taxonomy-post_tag wp-block-post-terms\"><a href=\"https:\/\/www.greenpeace.org\/mexico\/tag\/perdida-de-ecosistemas\/\" rel=\"tag\">P\u00e9rdida de ecosistemas<\/a><\/div><\/div>\n\n\n<h3 class=\"wp-block-post-title\"><a href=\"https:\/\/www.greenpeace.org\/mexico\/blog\/62703\/vacaciones-que-cuidan\/\" target=\"_self\" >Vacaciones que cuidan: Proteger hoy lo que ma\u00f1ana queremos disfrutar.<\/a><\/h3>\n\n<div class=\"wp-block-post-excerpt\"><p class=\"wp-block-post-excerpt__excerpt\">Semana Santa llega este a\u00f1o en medio de una emergencia ambiental\u00a0 y comunidades en crisis. No puede haber descanso en territorios contaminados. <\/p><\/div>\n\n\n<div class=\"wp-block-group posts-list-meta is-layout-flow wp-block-group-is-layout-flow\"><span class='article-list-item-author'>Greenpeace M\u00e9xico<\/span>\n\n<div class=\"wp-block-post-date\"><time datetime=\"2026-03-31T08:00:00-05:00\">marzo 31, 2026<\/time><\/div><\/div>\n<\/div>\n<\/div>\n\n<\/li><li class=\"wp-block-post post-62525 post type-post status-publish format-standard has-post-thumbnail hentry category-derechos-humanos tag-combustibles-fosiles p4-page-type-blog\">\n\n<div class=\"wp-block-columns is-layout-flex wp-container-core-columns-is-layout-9d6595d7 wp-block-columns-is-layout-flex\"><figure class=\"wp-block-post-featured-image\"><a href=\"https:\/\/www.greenpeace.org\/mexico\/blog\/62525\/greenpeace-mena-alto-el-fuego\/\" target=\"_self\"  ><img loading=\"lazy\" decoding=\"async\" width=\"1024\" height=\"576\" src=\"https:\/\/www.greenpeace.org\/static\/planet4-mexico-stateless\/2026\/03\/9b6f739f-emergency-personnel-work-at-the-site-of-the-collapsed-building-after-the-israeli-bombing-of-a-residential-area-in-beirut.png\" class=\"attachment-post-thumbnail size-post-thumbnail wp-post-image wp-stateless-item\" alt=\"Greenpeace MENA exige un alto el fuego inmediato e incondicional ante la invasi\u00f3n israel\u00ed y la escalada de atrocidades en el L\u00edbano.\" style=\"object-fit:cover;\" srcset=\"https:\/\/www.greenpeace.org\/static\/planet4-mexico-stateless\/2026\/03\/9b6f739f-emergency-personnel-work-at-the-site-of-the-collapsed-building-after-the-israeli-bombing-of-a-residential-area-in-beirut.png 1024w, https:\/\/www.greenpeace.org\/static\/planet4-mexico-stateless\/2026\/03\/9b6f739f-emergency-personnel-work-at-the-site-of-the-collapsed-building-after-the-israeli-bombing-of-a-residential-area-in-beirut-300x169.png 300w, https:\/\/www.greenpeace.org\/static\/planet4-mexico-stateless\/2026\/03\/9b6f739f-emergency-personnel-work-at-the-site-of-the-collapsed-building-after-the-israeli-bombing-of-a-residential-area-in-beirut-768x432.png 768w, https:\/\/www.greenpeace.org\/static\/planet4-mexico-stateless\/2026\/03\/9b6f739f-emergency-personnel-work-at-the-site-of-the-collapsed-building-after-the-israeli-bombing-of-a-residential-area-in-beirut-510x287.png 510w\" sizes=\"auto, (max-width: 1024px) 100vw, 1024px\" data-image-size=\"post-thumbnail\" data-stateless-media-bucket=\"planet4-mexico-stateless\" data-stateless-media-name=\"2026\/03\/9b6f739f-emergency-personnel-work-at-the-site-of-the-collapsed-building-after-the-israeli-bombing-of-a-residential-area-in-beirut.png\" \/><\/a><\/figure>\n\n\n<div class=\"wp-block-group is-layout-flow wp-block-group-is-layout-flow\">\n<div class=\"wp-block-group is-layout-flex wp-block-group-is-layout-flex\"><div class=\"wp-block-post-terms\"><a href=\"https:\/\/www.greenpeace.org\/mexico\/category\/derechos-humanos\/\">Derechos humanos<\/a><\/div>\n\n<div class=\"taxonomy-post_tag wp-block-post-terms\"><a href=\"https:\/\/www.greenpeace.org\/mexico\/tag\/combustibles-fosiles\/\" rel=\"tag\">Combustibles f\u00f3siles<\/a><\/div><\/div>\n\n\n<h3 class=\"wp-block-post-title\"><a href=\"https:\/\/www.greenpeace.org\/mexico\/blog\/62525\/greenpeace-mena-alto-el-fuego\/\" target=\"_self\" >Greenpeace MENA exige un alto el fuego inmediato e incondicional ante la invasi\u00f3n israel\u00ed y la escalada de atrocidades en el L\u00edbano.<\/a><\/h3>\n\n<div class=\"wp-block-post-excerpt\"><p class=\"wp-block-post-excerpt__excerpt\">Greenpeace Oriente Medio y Norte de \u00c1frica (MENA) condena en\u00e9rgicamente la invasi\u00f3n en curso del L\u00edbano por parte de las fuerzas israel\u00edes y exige el cese inmediato e incondicional de&hellip; <\/p><\/div>\n\n\n<div class=\"wp-block-group posts-list-meta is-layout-flow wp-block-group-is-layout-flow\"><span class='article-list-item-author'>Greenpeace M\u00e9xico<\/span>\n\n<div class=\"wp-block-post-date\"><time datetime=\"2026-03-20T15:20:58-05:00\">marzo 20, 2026<\/time><\/div><\/div>\n<\/div>\n<\/div>\n\n<\/li><li class=\"wp-block-post post-62497 post type-post status-publish format-standard has-post-thumbnail hentry category-derechos-humanos category-paz tag-derechos-humanos p4-page-type-blog\">\n\n<div class=\"wp-block-columns is-layout-flex wp-container-core-columns-is-layout-9d6595d7 wp-block-columns-is-layout-flex\"><figure class=\"wp-block-post-featured-image\"><a href=\"https:\/\/www.greenpeace.org\/mexico\/blog\/62497\/guerra-ilegal-iran\/\" target=\"_self\"  ><img loading=\"lazy\" decoding=\"async\" width=\"1080\" height=\"770\" src=\"https:\/\/www.greenpeace.org\/static\/planet4-mexico-stateless\/2026\/03\/7f9f15e0-copia-de-iran-28-feb-26-ig-45-e1773762889351.png\" class=\"attachment-post-thumbnail size-post-thumbnail wp-post-image wp-stateless-item\" alt=\"En la guerra ilegal de Trump contra Ir\u00e1n, los \u00fanicos ganadores son las compa\u00f1\u00edas de petr\u00f3leo y gas.\" style=\"object-fit:cover;\" srcset=\"https:\/\/www.greenpeace.org\/static\/planet4-mexico-stateless\/2026\/03\/7f9f15e0-copia-de-iran-28-feb-26-ig-45-e1773762889351.png 1080w, https:\/\/www.greenpeace.org\/static\/planet4-mexico-stateless\/2026\/03\/7f9f15e0-copia-de-iran-28-feb-26-ig-45-e1773762889351-300x214.png 300w, https:\/\/www.greenpeace.org\/static\/planet4-mexico-stateless\/2026\/03\/7f9f15e0-copia-de-iran-28-feb-26-ig-45-e1773762889351-1024x730.png 1024w, https:\/\/www.greenpeace.org\/static\/planet4-mexico-stateless\/2026\/03\/7f9f15e0-copia-de-iran-28-feb-26-ig-45-e1773762889351-768x548.png 768w, https:\/\/www.greenpeace.org\/static\/planet4-mexico-stateless\/2026\/03\/7f9f15e0-copia-de-iran-28-feb-26-ig-45-e1773762889351-477x340.png 477w\" sizes=\"auto, (max-width: 1080px) 100vw, 1080px\" data-image-size=\"post-thumbnail\" data-stateless-media-bucket=\"planet4-mexico-stateless\" data-stateless-media-name=\"2026\/03\/7f9f15e0-copia-de-iran-28-feb-26-ig-45-e1773762889351.png\" \/><\/a><\/figure>\n\n\n<div class=\"wp-block-group is-layout-flow wp-block-group-is-layout-flow\">\n<div class=\"wp-block-group is-layout-flex wp-block-group-is-layout-flex\"><div class=\"wp-block-post-terms\"><a href=\"https:\/\/www.greenpeace.org\/mexico\/category\/derechos-humanos\/\">Derechos humanos<\/a><\/div>\n\n<div class=\"taxonomy-post_tag wp-block-post-terms\"><a href=\"https:\/\/www.greenpeace.org\/mexico\/tag\/derechos-humanos\/\" rel=\"tag\">Derechos humanos<\/a><\/div><\/div>\n\n\n<h3 class=\"wp-block-post-title\"><a href=\"https:\/\/www.greenpeace.org\/mexico\/blog\/62497\/guerra-ilegal-iran\/\" target=\"_self\" >En la guerra ilegal de Trump contra Ir\u00e1n, los \u00fanicos ganadores son las compa\u00f1\u00edas de petr\u00f3leo y gas.<\/a><\/h3>\n\n<div class=\"wp-block-post-excerpt\"><p class=\"wp-block-post-excerpt__excerpt\">En febrero de 2016 Trump declar\u00f3 ilegalmente la guerra con Israel contra Ir\u00e1n. <\/p><\/div>\n\n\n<div class=\"wp-block-group posts-list-meta is-layout-flow wp-block-group-is-layout-flow\"><span class='article-list-item-author'>Greenpeace M\u00e9xico<\/span>\n\n<div class=\"wp-block-post-date\"><time datetime=\"2026-03-17T10:58:15-05:00\">marzo 17, 2026<\/time><\/div><\/div>\n<\/div>\n<\/div>\n\n<\/li><li class=\"wp-block-post post-62483 post type-post status-publish format-standard has-post-thumbnail hentry category-selva-maya tag-turismo p4-page-type-blog\">\n\n<div class=\"wp-block-columns is-layout-flex wp-container-core-columns-is-layout-9d6595d7 wp-block-columns-is-layout-flex\"><figure class=\"wp-block-post-featured-image\"><a href=\"https:\/\/www.greenpeace.org\/mexico\/blog\/62483\/vrios-subterraneos-en-peligro\/\" target=\"_self\"  ><img loading=\"lazy\" decoding=\"async\" width=\"1366\" height=\"768\" src=\"https:\/\/www.greenpeace.org\/static\/planet4-mexico-stateless\/2026\/03\/e60f1ef2-medidas-carrusel-header-sitio-web-2.png\" class=\"attachment-post-thumbnail size-post-thumbnail wp-post-image wp-stateless-item\" alt=\"\u00a1Van a contaminar los r\u00edos subterr\u00e1neos en Mahahual y no quieren que lo\u00a0 sepamos!\" style=\"object-fit:cover;\" srcset=\"https:\/\/www.greenpeace.org\/static\/planet4-mexico-stateless\/2026\/03\/e60f1ef2-medidas-carrusel-header-sitio-web-2.png 1366w, https:\/\/www.greenpeace.org\/static\/planet4-mexico-stateless\/2026\/03\/e60f1ef2-medidas-carrusel-header-sitio-web-2-300x169.png 300w, https:\/\/www.greenpeace.org\/static\/planet4-mexico-stateless\/2026\/03\/e60f1ef2-medidas-carrusel-header-sitio-web-2-1024x576.png 1024w, https:\/\/www.greenpeace.org\/static\/planet4-mexico-stateless\/2026\/03\/e60f1ef2-medidas-carrusel-header-sitio-web-2-768x432.png 768w, https:\/\/www.greenpeace.org\/static\/planet4-mexico-stateless\/2026\/03\/e60f1ef2-medidas-carrusel-header-sitio-web-2-510x287.png 510w\" sizes=\"auto, (max-width: 1366px) 100vw, 1366px\" data-image-size=\"post-thumbnail\" data-stateless-media-bucket=\"planet4-mexico-stateless\" data-stateless-media-name=\"2026\/03\/e60f1ef2-medidas-carrusel-header-sitio-web-2.png\" \/><\/a><\/figure>\n\n\n<div class=\"wp-block-group is-layout-flow wp-block-group-is-layout-flow\">\n<div class=\"wp-block-group is-layout-flex wp-block-group-is-layout-flex\"><div class=\"wp-block-post-terms\"><a href=\"https:\/\/www.greenpeace.org\/mexico\/category\/selva-maya\/\">Selva Maya<\/a><\/div>\n\n<div class=\"taxonomy-post_tag wp-block-post-terms\"><a href=\"https:\/\/www.greenpeace.org\/mexico\/tag\/turismo\/\" rel=\"tag\">Turismo<\/a><\/div><\/div>\n\n\n<h3 class=\"wp-block-post-title\"><a href=\"https:\/\/www.greenpeace.org\/mexico\/blog\/62483\/vrios-subterraneos-en-peligro\/\" target=\"_self\" >\u00a1Van a contaminar los r\u00edos subterr\u00e1neos en Mahahual y no quieren que lo\u00a0 sepamos!<\/a><\/h3>\n\n<div class=\"wp-block-post-excerpt\"><p class=\"wp-block-post-excerpt__excerpt\">\u00bfSab\u00edas que en la Pen\u00ednsula de Yucat\u00e1n se han explorado aproximadamente 407 sistemas fluviales o r\u00edos subterr\u00e1neos? Algo as\u00ed como 1,650 kil\u00f3metros y \u00e9stos podr\u00edan ser apenas&nbsp; 20% de los&hellip; <\/p><\/div>\n\n\n<div class=\"wp-block-group posts-list-meta is-layout-flow wp-block-group-is-layout-flow\"><span class='article-list-item-author'><a href='https:\/\/www.greenpeace.org\/mexico\/author\/greenpeace-mexico\/'>Greenpeace M\u00e9xico<\/a><\/span>\n\n<div class=\"wp-block-post-date\"><time datetime=\"2026-03-14T09:00:00-05:00\">marzo 14, 2026<\/time><\/div><\/div>\n<\/div>\n<\/div>\n\n<\/li><li class=\"wp-block-post post-62487 post type-post status-publish format-standard has-post-thumbnail hentry category-cambio-climatico tag-activismo p4-page-type-blog\">\n\n<div class=\"wp-block-columns is-layout-flex wp-container-core-columns-is-layout-9d6595d7 wp-block-columns-is-layout-flex\"><figure class=\"wp-block-post-featured-image\"><a href=\"https:\/\/www.greenpeace.org\/mexico\/blog\/62487\/multimillonarios-forbes\/\" target=\"_self\"  ><img loading=\"lazy\" decoding=\"async\" width=\"1366\" height=\"768\" src=\"https:\/\/www.greenpeace.org\/static\/planet4-mexico-stateless\/2026\/03\/c2c961b9-medidas-carrusel-header-sitio-web-1.png\" class=\"attachment-post-thumbnail size-post-thumbnail wp-post-image wp-stateless-item\" alt=\"La ruleta de los multimillonarios sigue girando\u2026y ellos van ganando el juego.\" style=\"object-fit:cover;\" srcset=\"https:\/\/www.greenpeace.org\/static\/planet4-mexico-stateless\/2026\/03\/c2c961b9-medidas-carrusel-header-sitio-web-1.png 1366w, https:\/\/www.greenpeace.org\/static\/planet4-mexico-stateless\/2026\/03\/c2c961b9-medidas-carrusel-header-sitio-web-1-300x169.png 300w, https:\/\/www.greenpeace.org\/static\/planet4-mexico-stateless\/2026\/03\/c2c961b9-medidas-carrusel-header-sitio-web-1-1024x576.png 1024w, https:\/\/www.greenpeace.org\/static\/planet4-mexico-stateless\/2026\/03\/c2c961b9-medidas-carrusel-header-sitio-web-1-768x432.png 768w, https:\/\/www.greenpeace.org\/static\/planet4-mexico-stateless\/2026\/03\/c2c961b9-medidas-carrusel-header-sitio-web-1-510x287.png 510w\" sizes=\"auto, (max-width: 1366px) 100vw, 1366px\" data-image-size=\"post-thumbnail\" data-stateless-media-bucket=\"planet4-mexico-stateless\" data-stateless-media-name=\"2026\/03\/c2c961b9-medidas-carrusel-header-sitio-web-1.png\" \/><\/a><\/figure>\n\n\n<div class=\"wp-block-group is-layout-flow wp-block-group-is-layout-flow\">\n<div class=\"wp-block-group is-layout-flex wp-block-group-is-layout-flex\"><div class=\"wp-block-post-terms\"><a href=\"https:\/\/www.greenpeace.org\/mexico\/category\/cambio-climatico\/\">Cambio clim\u00e1tico<\/a><\/div>\n\n<div class=\"taxonomy-post_tag wp-block-post-terms\"><a href=\"https:\/\/www.greenpeace.org\/mexico\/tag\/activismo\/\" rel=\"tag\">Activismo<\/a><\/div><\/div>\n\n\n<h3 class=\"wp-block-post-title\"><a href=\"https:\/\/www.greenpeace.org\/mexico\/blog\/62487\/multimillonarios-forbes\/\" target=\"_self\" >La ruleta de los multimillonarios sigue girando\u2026y ellos van ganando el juego.<\/a><\/h3>\n\n<div class=\"wp-block-post-excerpt\"><p class=\"wp-block-post-excerpt__excerpt\">Cada a\u00f1o, la famosa lista de multimillonarios de Forbes vuelve a girar la ruleta global de la riqueza. Cambian los nombres, suben y bajan posiciones, pero hay algo que no&hellip; <\/p><\/div>\n\n\n<div class=\"wp-block-group posts-list-meta is-layout-flow wp-block-group-is-layout-flow\"><span class='article-list-item-author'>Greenpeace M\u00e9xico<\/span>\n\n<div class=\"wp-block-post-date\"><time datetime=\"2026-03-13T19:16:46-05:00\">marzo 13, 2026<\/time><\/div><\/div>\n<\/div>\n<\/div>\n\n<\/li><li class=\"wp-block-post post-62431 post type-post status-publish format-standard has-post-thumbnail hentry category-derechos-humanos tag-activismo p4-page-type-blog\">\n\n<div class=\"wp-block-columns is-layout-flex wp-container-core-columns-is-layout-9d6595d7 wp-block-columns-is-layout-flex\"><figure class=\"wp-block-post-featured-image\"><a href=\"https:\/\/www.greenpeace.org\/mexico\/blog\/62431\/mujeres-ambientalistas-8m\/\" target=\"_self\"  ><img loading=\"lazy\" decoding=\"async\" width=\"1200\" height=\"800\" src=\"https:\/\/www.greenpeace.org\/static\/planet4-mexico-stateless\/2025\/07\/11b8baf9-purplepeace-greenpeace.jpg\" class=\"attachment-post-thumbnail size-post-thumbnail wp-post-image wp-stateless-item\" alt=\"Mujeres Ambientalistas que Hicieron Historia por la Protecci\u00f3n del Medio Ambiente.\" style=\"object-fit:cover;\" srcset=\"https:\/\/www.greenpeace.org\/static\/planet4-mexico-stateless\/2025\/07\/11b8baf9-purplepeace-greenpeace.jpg 1200w, https:\/\/www.greenpeace.org\/static\/planet4-mexico-stateless\/2025\/07\/11b8baf9-purplepeace-greenpeace-300x200.jpg 300w, https:\/\/www.greenpeace.org\/static\/planet4-mexico-stateless\/2025\/07\/11b8baf9-purplepeace-greenpeace-1024x683.jpg 1024w, https:\/\/www.greenpeace.org\/static\/planet4-mexico-stateless\/2025\/07\/11b8baf9-purplepeace-greenpeace-768x512.jpg 768w, https:\/\/www.greenpeace.org\/static\/planet4-mexico-stateless\/2025\/07\/11b8baf9-purplepeace-greenpeace-510x340.jpg 510w\" sizes=\"auto, (max-width: 1200px) 100vw, 1200px\" data-image-size=\"post-thumbnail\" data-stateless-media-bucket=\"planet4-mexico-stateless-develop\" data-stateless-media-name=\"2025\/07\/11b8baf9-purplepeace-greenpeace.jpg\" \/><\/a><\/figure>\n\n\n<div class=\"wp-block-group is-layout-flow wp-block-group-is-layout-flow\">\n<div class=\"wp-block-group is-layout-flex wp-block-group-is-layout-flex\"><div class=\"wp-block-post-terms\"><a href=\"https:\/\/www.greenpeace.org\/mexico\/category\/derechos-humanos\/\">Derechos humanos<\/a><\/div>\n\n<div class=\"taxonomy-post_tag wp-block-post-terms\"><a href=\"https:\/\/www.greenpeace.org\/mexico\/tag\/activismo\/\" rel=\"tag\">Activismo<\/a><\/div><\/div>\n\n\n<h3 class=\"wp-block-post-title\"><a href=\"https:\/\/www.greenpeace.org\/mexico\/blog\/62431\/mujeres-ambientalistas-8m\/\" target=\"_self\" >Mujeres Ambientalistas que Hicieron Historia por la Protecci\u00f3n del Medio Ambiente.<\/a><\/h3>\n\n<div class=\"wp-block-post-excerpt\"><p class=\"wp-block-post-excerpt__excerpt\">Conmemoramos el 8M, D\u00eda Internacional de la Mujer, reconociendo la lucha, la fuerza y las contribuciones de mujeres extraordinarias que, desde distintos espacios, han transformado la manera en que entendemos,&hellip; <\/p><\/div>\n\n\n<div class=\"wp-block-group posts-list-meta is-layout-flow wp-block-group-is-layout-flow\"><span class='article-list-item-author'>Greenpeace M\u00e9xico<\/span>\n\n<div class=\"wp-block-post-date\"><time datetime=\"2026-03-08T13:45:55-05:00\">marzo 8, 2026<\/time><\/div><\/div>\n<\/div>\n<\/div>\n\n<\/li><li class=\"wp-block-post post-62414 post type-post status-publish format-standard has-post-thumbnail hentry category-selva-maya tag-turismo tag-perdida-de-ecosistemas p4-page-type-blog\">\n\n<div class=\"wp-block-columns is-layout-flex wp-container-core-columns-is-layout-9d6595d7 wp-block-columns-is-layout-flex\"><figure class=\"wp-block-post-featured-image\"><a href=\"https:\/\/www.greenpeace.org\/mexico\/blog\/62414\/royal-caribbean-aun-puedes-ser-el-bueno\/\" target=\"_self\"  ><img loading=\"lazy\" decoding=\"async\" width=\"1366\" height=\"768\" src=\"https:\/\/www.greenpeace.org\/static\/planet4-mexico-stateless\/2026\/03\/57d1535a-medidas-carrusel-header-sitio-web.png\" class=\"attachment-post-thumbnail size-post-thumbnail wp-post-image wp-stateless-item\" alt=\"Royal Caribbean a\u00fan puedes ser el bueno de la historia: Construir para extraer o invertir para rescatar y preservar\" style=\"object-fit:cover;\" srcset=\"https:\/\/www.greenpeace.org\/static\/planet4-mexico-stateless\/2026\/03\/57d1535a-medidas-carrusel-header-sitio-web.png 1366w, https:\/\/www.greenpeace.org\/static\/planet4-mexico-stateless\/2026\/03\/57d1535a-medidas-carrusel-header-sitio-web-300x169.png 300w, https:\/\/www.greenpeace.org\/static\/planet4-mexico-stateless\/2026\/03\/57d1535a-medidas-carrusel-header-sitio-web-1024x576.png 1024w, https:\/\/www.greenpeace.org\/static\/planet4-mexico-stateless\/2026\/03\/57d1535a-medidas-carrusel-header-sitio-web-768x432.png 768w, https:\/\/www.greenpeace.org\/static\/planet4-mexico-stateless\/2026\/03\/57d1535a-medidas-carrusel-header-sitio-web-510x287.png 510w\" sizes=\"auto, (max-width: 1366px) 100vw, 1366px\" data-image-size=\"post-thumbnail\" data-stateless-media-bucket=\"planet4-mexico-stateless\" data-stateless-media-name=\"2026\/03\/57d1535a-medidas-carrusel-header-sitio-web.png\" \/><\/a><\/figure>\n\n\n<div class=\"wp-block-group is-layout-flow wp-block-group-is-layout-flow\">\n<div class=\"wp-block-group is-layout-flex wp-block-group-is-layout-flex\"><div class=\"wp-block-post-terms\"><a href=\"https:\/\/www.greenpeace.org\/mexico\/category\/selva-maya\/\">Selva Maya<\/a><\/div>\n\n<div class=\"taxonomy-post_tag wp-block-post-terms\"><a href=\"https:\/\/www.greenpeace.org\/mexico\/tag\/turismo\/\" rel=\"tag\">Turismo<\/a><span class=\"wp-block-post-terms__separator\"> <\/span><a href=\"https:\/\/www.greenpeace.org\/mexico\/tag\/perdida-de-ecosistemas\/\" rel=\"tag\">P\u00e9rdida de ecosistemas<\/a><\/div><\/div>\n\n\n<h3 class=\"wp-block-post-title\"><a href=\"https:\/\/www.greenpeace.org\/mexico\/blog\/62414\/royal-caribbean-aun-puedes-ser-el-bueno\/\" target=\"_self\" >Royal Caribbean a\u00fan puedes ser el bueno de la historia: Construir para extraer o invertir para rescatar y preservar<\/a><\/h3>\n\n<div class=\"wp-block-post-excerpt\"><p class=\"wp-block-post-excerpt__excerpt\">Imaginemos por un momento que no es un punto en un mapa, ni un sitio tur\u00edstico, sino nuestro hogar. Que el manglar frente a casa es lo que nos protege&hellip; <\/p><\/div>\n\n\n<div class=\"wp-block-group posts-list-meta is-layout-flow wp-block-group-is-layout-flow\"><span class='article-list-item-author'>Greenpeace M\u00e9xico<\/span>\n\n<div class=\"wp-block-post-date\"><time datetime=\"2026-03-05T11:01:14-05:00\">marzo 5, 2026<\/time><\/div><\/div>\n<\/div>\n<\/div>\n\n<\/li><\/ul>\n\n\n<div class=\"wp-block-buttons carousel-controls is-horizontal is-content-justification-space-between is-nowrap is-layout-flex wp-container-core-buttons-is-layout-044bd602 wp-block-buttons-is-layout-flex\">\n<div class=\"wp-block-button carousel-control-prev\"><button type=\"button\" class=\"wp-block-button__link wp-element-button\">Previous Carousel Slide<\/button><\/div>\n\n\n\n<div class=\"wp-block-button carousel-control-next\"><button type=\"button\" class=\"wp-block-button__link wp-element-button\">Next Carousel Slide<\/button><\/div>\n<\/div>\n\n\n<li class=\" wp-block-navigation-item see-all-link wp-block-navigation-link\"><a class=\"wp-block-navigation-item__content\"  href=\"https:\/\/www.greenpeace.org\/mexico\/news-stories\/?post-type=blog\"><span class=\"wp-block-navigation-item__label\">See all posts<\/span><\/a><\/li><\/div>\n\n<div class=\"wp-block-group container has-green-800-background-color has-background is-layout-constrained wp-block-group-is-layout-constrained\" style=\"padding-top:var(--wp--preset--spacing--20);padding-bottom:var(--wp--preset--spacing--20)\">\n<div style=\"height:24px\" aria-hidden=\"true\" class=\"wp-block-spacer\"><\/div>\n\n\n\n<h2 class=\"wp-block-heading has-text-align-center has-white-color has-text-color has-link-color wp-elements-d1df2a17efe1b6fef2e2959c525b7e57\" style=\"margin-top:1px;margin-right:0;margin-bottom:1px;margin-left:0;font-size:45px\">\u00a1\u00danete!<\/h2>\n\n\n\n<div class=\"wp-block-columns is-not-stacked-on-mobile is-style-mobile-carousel is-layout-flex wp-container-core-columns-is-layout-9d6595d7 wp-block-columns-is-layout-flex\">\n<div class=\"wp-block-column is-layout-flow wp-block-column-is-layout-flow\">\n<div class=\"wp-block-group group-stretched-link is-layout-flow wp-block-group-is-layout-flow\">\n<figure class=\"wp-block-image aligncenter size-full is-resized force-no-lightbox force-no-caption mb-0 is-style-default\"><img loading=\"lazy\" decoding=\"async\" width=\"1080\" height=\"1080\" src=\"https:\/\/www.greenpeace.org\/static\/planet4-mexico-stateless\/2025\/02\/98b999d4-texto.png\" alt=\"\" class=\"wp-image-54726\" style=\"object-fit:contain;width:120px;height:120px\" srcset=\"https:\/\/www.greenpeace.org\/static\/planet4-mexico-stateless\/2025\/02\/98b999d4-texto.png 1080w, https:\/\/www.greenpeace.org\/static\/planet4-mexico-stateless\/2025\/02\/98b999d4-texto-300x300.png 300w, https:\/\/www.greenpeace.org\/static\/planet4-mexico-stateless\/2025\/02\/98b999d4-texto-1024x1024.png 1024w, https:\/\/www.greenpeace.org\/static\/planet4-mexico-stateless\/2025\/02\/98b999d4-texto-150x150.png 150w, https:\/\/www.greenpeace.org\/static\/planet4-mexico-stateless\/2025\/02\/98b999d4-texto-768x768.png 768w, https:\/\/www.greenpeace.org\/static\/planet4-mexico-stateless\/2025\/02\/98b999d4-texto-340x340.png 340w\" sizes=\"auto, (max-width: 1080px) 100vw, 1080px\" \/><\/figure>\n\n\n\n<div style=\"height:16px\" aria-hidden=\"true\" class=\"wp-block-spacer\"><\/div>\n\n\n\n<h5 class=\"wp-block-heading has-text-align-center has-white-color has-text-color has-link-color wp-elements-e9370ffa40d31c7d13766e6821723861\" style=\"font-size:1.4rem\"><a href=\"https:\/\/www.greenpeace.org\/mexico\/socios-y-socias\/\" target=\"_blank\" rel=\"noreferrer noopener\">Hazte socio\/a<\/a><\/h5>\n<\/div>\n<\/div>\n\n\n\n<div class=\"wp-block-column is-layout-flow wp-block-column-is-layout-flow\">\n<div class=\"wp-block-group group-stretched-link is-layout-flow wp-block-group-is-layout-flow\">\n<figure class=\"wp-block-image aligncenter size-full is-resized force-no-lightbox force-no-caption mb-0 is-style-default\"><img loading=\"lazy\" decoding=\"async\" width=\"512\" height=\"512\" src=\"https:\/\/www.greenpeace.org\/static\/planet4-mexico-stateless\/2025\/02\/a6eae3fb-peticion.png\" alt=\"\" class=\"wp-image-54727\" style=\"object-fit:cover;width:120px;height:120px\" srcset=\"https:\/\/www.greenpeace.org\/static\/planet4-mexico-stateless\/2025\/02\/a6eae3fb-peticion.png 512w, https:\/\/www.greenpeace.org\/static\/planet4-mexico-stateless\/2025\/02\/a6eae3fb-peticion-300x300.png 300w, https:\/\/www.greenpeace.org\/static\/planet4-mexico-stateless\/2025\/02\/a6eae3fb-peticion-150x150.png 150w, https:\/\/www.greenpeace.org\/static\/planet4-mexico-stateless\/2025\/02\/a6eae3fb-peticion-340x340.png 340w\" sizes=\"auto, (max-width: 512px) 100vw, 512px\" \/><\/figure>\n\n\n\n<div style=\"height:16px\" aria-hidden=\"true\" class=\"wp-block-spacer\"><\/div>\n\n\n\n<h5 class=\"wp-block-heading has-text-align-center has-white-color has-text-color has-link-color wp-elements-5ab51a43a5efcc897fda06930408194b\" style=\"font-size:1.4rem\"><a href=\"https:\/\/www.greenpeace.org\/mexico\/participa\/peticiones\/\" target=\"_blank\" rel=\"noreferrer noopener\">Firma nuestras peticiones<\/a><\/h5>\n<\/div>\n<\/div>\n\n\n\n<div class=\"wp-block-column is-layout-flow wp-block-column-is-layout-flow\">\n<div class=\"wp-block-group group-stretched-link is-layout-flow wp-block-group-is-layout-flow\">\n<figure class=\"wp-block-image aligncenter size-full is-resized force-no-lightbox force-no-caption mb-0 is-style-default\"><img loading=\"lazy\" decoding=\"async\" width=\"512\" height=\"512\" src=\"https:\/\/www.greenpeace.org\/static\/planet4-mexico-stateless\/2025\/02\/a3d4a203-98cd-441c-9595-890eaa94e256.png\" alt=\"\" class=\"wp-image-54728\" style=\"object-fit:cover;width:120px;height:auto\" srcset=\"https:\/\/www.greenpeace.org\/static\/planet4-mexico-stateless\/2025\/02\/a3d4a203-98cd-441c-9595-890eaa94e256.png 512w, https:\/\/www.greenpeace.org\/static\/planet4-mexico-stateless\/2025\/02\/a3d4a203-98cd-441c-9595-890eaa94e256-300x300.png 300w, https:\/\/www.greenpeace.org\/static\/planet4-mexico-stateless\/2025\/02\/a3d4a203-98cd-441c-9595-890eaa94e256-150x150.png 150w, https:\/\/www.greenpeace.org\/static\/planet4-mexico-stateless\/2025\/02\/a3d4a203-98cd-441c-9595-890eaa94e256-340x340.png 340w\" sizes=\"auto, (max-width: 512px) 100vw, 512px\" \/><\/figure>\n\n\n\n<div style=\"height:16px\" aria-hidden=\"true\" class=\"wp-block-spacer\"><\/div>\n\n\n\n<h5 class=\"wp-block-heading has-text-align-center has-white-color has-text-color has-link-color wp-elements-79c5b9a5493b58093d4f5b427ad912c2\" style=\"font-size:1.4rem\"><a href=\"https:\/\/www.greenpeace.org\/mexico\/participa\/voluntariado\/\" target=\"_blank\" rel=\"noreferrer noopener\">Hazte voluntario\/a<\/a><\/h5>\n<\/div>\n<\/div>\n\n\n\n<div class=\"wp-block-column is-layout-flow wp-block-column-is-layout-flow\">\n<div class=\"wp-block-group group-stretched-link is-layout-flow wp-block-group-is-layout-flow\">\n<figure class=\"wp-block-image aligncenter size-full is-resized force-no-lightbox force-no-caption mb-0 is-style-default\"><img loading=\"lazy\" decoding=\"async\" width=\"512\" height=\"512\" src=\"https:\/\/www.greenpeace.org\/static\/planet4-mexico-stateless\/2025\/02\/02954e25-968f-497d-ad6d-47e74acdceee.png\" alt=\"\" class=\"wp-image-54729\" style=\"object-fit:cover;width:120px;height:120px\" srcset=\"https:\/\/www.greenpeace.org\/static\/planet4-mexico-stateless\/2025\/02\/02954e25-968f-497d-ad6d-47e74acdceee.png 512w, https:\/\/www.greenpeace.org\/static\/planet4-mexico-stateless\/2025\/02\/02954e25-968f-497d-ad6d-47e74acdceee-300x300.png 300w, https:\/\/www.greenpeace.org\/static\/planet4-mexico-stateless\/2025\/02\/02954e25-968f-497d-ad6d-47e74acdceee-150x150.png 150w, https:\/\/www.greenpeace.org\/static\/planet4-mexico-stateless\/2025\/02\/02954e25-968f-497d-ad6d-47e74acdceee-340x340.png 340w\" sizes=\"auto, (max-width: 512px) 100vw, 512px\" \/><\/figure>\n\n\n\n<div style=\"height:16px\" aria-hidden=\"true\" class=\"wp-block-spacer\"><\/div>\n\n\n\n<h5 class=\"wp-block-heading has-text-align-center has-white-color has-text-color has-link-color wp-elements-29f2b363ba4a526456574e03185b8961\" style=\"font-size:1.4rem\"><a href=\"https:\/\/www.greenpeace.org\/mexico\/ciberactivismo\/\" target=\"_blank\" rel=\"noreferrer noopener\">Hazte ciberactivista<\/a><\/h5>\n<\/div>\n<\/div>\n<\/div>\n<\/div>\n\n<div style=\"height:70px\" aria-hidden=\"true\" class=\"wp-block-spacer\"><\/div>\n","protected":false},"excerpt":{"rendered":"<p>El agua: un derecho humano, no un privilegio El acceso al agua es un derecho humano. Cada persona deber\u00eda contar con entre 50 y 100 litros diarios de agua segura, de calidad, asequible y f\u00e1cil de obtener para su uso personal y dom\u00e9stico. Sin embargo, millones de personas en el mundo \u2014y muchas en M\u00e9xico\u2014 [&hellip;]<\/p>\n","protected":false},"author":83,"featured_media":56635,"parent":56945,"menu_order":0,"comment_status":"closed","ping_status":"closed","template":"","meta":{"ep_exclude_from_search":false,"p4_hide_page_title_checkbox":"on","p4_title":"","p4_subtitle":"","p4_description":"","background_image_id":"","background_image":"","p4_button_title":"","p4_button_link":"","p4_button_link_checkbox":"","p4_og_title":"Crisis H\u00eddrica y Protecci\u00f3n con Greenpeace","p4_og_description":"Explora c\u00f3mo Greenpeace M\u00e9xico trabaja por el agua limpia y accesible, enfrentando sequ\u00edas y contaminaci\u00f3n.","p4_og_image":"","p4_og_image_id":"","p4_seo_canonical_url":"https:\/\/www.greenpeace.org\/mexico\/agua\/","p4_campaign_name":"","p4_local_project":"","p4_basket_name":"","p4_department":"","footnotes":""},"categories":[],"tags":[],"class_list":["post-56600","page","type-page","status-publish","has-post-thumbnail","hentry"],"_links":{"self":[{"href":"https:\/\/www.greenpeace.org\/mexico\/wp-json\/wp\/v2\/pages\/56600","targetHints":{"allow":["GET"]}}],"collection":[{"href":"https:\/\/www.greenpeace.org\/mexico\/wp-json\/wp\/v2\/pages"}],"about":[{"href":"https:\/\/www.greenpeace.org\/mexico\/wp-json\/wp\/v2\/types\/page"}],"author":[{"embeddable":true,"href":"https:\/\/www.greenpeace.org\/mexico\/wp-json\/wp\/v2\/users\/83"}],"replies":[{"embeddable":true,"href":"https:\/\/www.greenpeace.org\/mexico\/wp-json\/wp\/v2\/comments?post=56600"}],"version-history":[{"count":13,"href":"https:\/\/www.greenpeace.org\/mexico\/wp-json\/wp\/v2\/pages\/56600\/revisions"}],"predecessor-version":[{"id":61197,"href":"https:\/\/www.greenpeace.org\/mexico\/wp-json\/wp\/v2\/pages\/56600\/revisions\/61197"}],"up":[{"embeddable":true,"href":"https:\/\/www.greenpeace.org\/mexico\/wp-json\/wp\/v2\/pages\/56945"}],"wp:featuredmedia":[{"embeddable":true,"href":"https:\/\/www.greenpeace.org\/mexico\/wp-json\/wp\/v2\/media\/56635"}],"wp:attachment":[{"href":"https:\/\/www.greenpeace.org\/mexico\/wp-json\/wp\/v2\/media?parent=56600"}],"wp:term":[{"taxonomy":"category","embeddable":true,"href":"https:\/\/www.greenpeace.org\/mexico\/wp-json\/wp\/v2\/categories?post=56600"},{"taxonomy":"post_tag","embeddable":true,"href":"https:\/\/www.greenpeace.org\/mexico\/wp-json\/wp\/v2\/tags?post=56600"}],"curies":[{"name":"wp","href":"https:\/\/api.w.org\/{rel}","templated":true}]}}