{"id":56913,"date":"2025-06-17T17:07:30","date_gmt":"2025-06-17T22:07:30","guid":{"rendered":"https:\/\/www-dev.greenpeace.org\/mexico\/?page_id=56913"},"modified":"2025-09-23T04:58:18","modified_gmt":"2025-09-23T09:58:18","slug":"perdida-de-biodiversidad","status":"publish","type":"page","link":"https:\/\/www.greenpeace.org\/mexico\/problemas-ambientales\/perdida-de-biodiversidad\/","title":{"rendered":"P\u00e9rdida de biodiversidad"},"content":{"rendered":"\n\n<div class=\"wp-block-group alignfull is-layout-flow wp-block-group-is-layout-flow\">\n<div class=\"wp-block-group container is-layout-flow wp-block-group-is-layout-flow\">\n<div class=\"wp-block-media-text alignfull has-media-on-the-right is-stacked-on-mobile is-pattern-p4-page-header is-style-parallax\" style=\"grid-template-columns:auto 64%\"><div class=\"wp-block-media-text__content\">\n<div class=\"wp-block-group is-layout-flow wp-block-group-is-layout-flow\">\n<h1 class=\"wp-block-heading has-white-color has-green-800-background-color has-text-color has-background has-link-color wp-elements-b7f363578427cb77aaf1fd28094c1b22\">P\u00e9rdida de biodiversidad<\/h1>\n<\/div>\n\n\n\n<p style=\"font-size:1.25rem\">La sexta extinci\u00f3n masiva ya est\u00e1 ocurriendo, es momento de actuar.<\/p>\n<\/div><figure class=\"wp-block-media-text__media\"><img loading=\"lazy\" decoding=\"async\" width=\"1200\" height=\"800\" src=\"https:\/\/www.greenpeace.org\/static\/planet4-mexico-stateless\/2025\/05\/70bfcd61-gp1sueho.jpg\" alt=\"Jaguar (Panthera onca) in Pantanal, Brazil. \u00a9 Leandro Cagiano \/ Greenpeace\" sizes=\"auto, (min-width: 601px) 64vw, 100vw\" srcset=\"https:\/\/www.greenpeace.org\/static\/planet4-mexico-stateless\/2025\/05\/70bfcd61-gp1sueho.jpg 1200w, https:\/\/www.greenpeace.org\/static\/planet4-mexico-stateless\/2025\/05\/70bfcd61-gp1sueho-300x200.jpg 300w, https:\/\/www.greenpeace.org\/static\/planet4-mexico-stateless\/2025\/05\/70bfcd61-gp1sueho-1024x683.jpg 1024w, https:\/\/www.greenpeace.org\/static\/planet4-mexico-stateless\/2025\/05\/70bfcd61-gp1sueho-768x512.jpg 768w, https:\/\/www.greenpeace.org\/static\/planet4-mexico-stateless\/2025\/05\/70bfcd61-gp1sueho-510x340.jpg 510w\" class=\"wp-image-56208 size-full\"\/><\/figure><\/div>\n<\/div>\n<\/div>\n\n\n<h2 class=\"wp-block-heading has-text-align-center has-dark-green-800-color has-text-color has-link-color wp-elements-cd278dbacb8d761728170e30717036ec\">\u00bfQu\u00e9 es la biodiversidad y por qu\u00e9 es tan importante?<\/h2>\n\n<p class=\"has-text-align-center has-grey-200-background-color has-background\">La biodiversidad es la variedad de formas de vida que habitan nuestro planeta: desde diminutos organismos como el plancton hasta imponentes jaguares, pasando por plantas, hongos, insectos, animales y seres humanos.<br><br>Todas las especies formamos parte de un equilibrio que permite que la vida, como la conocemos, exista.<\/p>\n\n<div style=\"height:40px\" aria-hidden=\"true\" class=\"wp-block-spacer\"><\/div>\n\n<div class=\"wp-block-media-text has-media-on-the-right is-stacked-on-mobile\"><div class=\"wp-block-media-text__content\">\n<h3 class=\"wp-block-heading has-dark-green-800-color has-text-color has-link-color has-large-font-size wp-elements-f47369790cb6226933cd2663c76c2c6a\"><strong>Estamos en crisis<\/strong><\/h3>\n\n\n\n<div style=\"height:10px\" aria-hidden=\"true\" class=\"wp-block-spacer\"><\/div>\n\n\n\n<p>La Comisi\u00f3n Nacional para el Conocimiento y Uso de la Biodiversidad (Conabio) advierte que enfrentamos una p\u00e9rdida acelerada de especies, genes y ecosistemas. \u00bfLa causa? Las actividades humanas y el cambio clim\u00e1tico.<\/p>\n\n\n\n<p>No se trata de una alerta menor. Estamos frente a una amenaza real para el futuro de la vida en la Tierra.<\/p>\n<\/div><figure class=\"wp-block-media-text__media\"><img loading=\"lazy\" decoding=\"async\" width=\"1200\" height=\"800\" src=\"https:\/\/www.greenpeace.org\/static\/planet4-mexico-stateless\/2025\/04\/e2a8f8ef-gp0su3376.jpg\" alt=\"Activists Assemble Giant Jigsaw Puzzle Calling for Urgent Action in Colombia. \u00a9 Nathalia Angarita \/ Greenpeace\" sizes=\"auto, (min-width: 1600px) calc((1320px - 24px) \/ 2),(min-width: 1200px) calc((1140px - 24px) \/ 2),(min-width: 992px) calc((960px - 24px) \/ 2),(min-width: 768px) calc((720px - 24px) \/ 2),(min-width: 601px) calc((540px - 24px) \/ 2),(min-width: 577px) calc((540px - 24px) \/ 1), calc(100vw - 24px)\" srcset=\"https:\/\/www.greenpeace.org\/static\/planet4-mexico-stateless\/2025\/04\/e2a8f8ef-gp0su3376.jpg 1200w, https:\/\/www.greenpeace.org\/static\/planet4-mexico-stateless\/2025\/04\/e2a8f8ef-gp0su3376-300x200.jpg 300w, https:\/\/www.greenpeace.org\/static\/planet4-mexico-stateless\/2025\/04\/e2a8f8ef-gp0su3376-1024x683.jpg 1024w, https:\/\/www.greenpeace.org\/static\/planet4-mexico-stateless\/2025\/04\/e2a8f8ef-gp0su3376-768x512.jpg 768w, https:\/\/www.greenpeace.org\/static\/planet4-mexico-stateless\/2025\/04\/e2a8f8ef-gp0su3376-510x340.jpg 510w\" class=\"wp-image-55440 size-full\"\/><\/figure><\/div>\n\n<div style=\"height:40px\" aria-hidden=\"true\" class=\"wp-block-spacer\"><\/div>\n\n<div class=\"wp-block-media-text is-stacked-on-mobile\"><figure class=\"wp-block-media-text__media\"><img loading=\"lazy\" decoding=\"async\" width=\"1200\" height=\"829\" src=\"https:\/\/www.greenpeace.org\/static\/planet4-mexico-stateless\/2025\/06\/ecdcaa91-gp0sto5d4.jpg\" alt=\"Sumatran Tiger in Tambling Wildlife Nature Conservation. \u00a9 Paul Hilton \/ Greenpeace\" sizes=\"auto, (min-width: 1600px) calc((1320px - 24px) \/ 2),(min-width: 1200px) calc((1140px - 24px) \/ 2),(min-width: 992px) calc((960px - 24px) \/ 2),(min-width: 768px) calc((720px - 24px) \/ 2),(min-width: 601px) calc((540px - 24px) \/ 2),(min-width: 577px) calc((540px - 24px) \/ 1), calc(100vw - 24px)\" srcset=\"https:\/\/www.greenpeace.org\/static\/planet4-mexico-stateless\/2025\/06\/ecdcaa91-gp0sto5d4.jpg 1200w, https:\/\/www.greenpeace.org\/static\/planet4-mexico-stateless\/2025\/06\/ecdcaa91-gp0sto5d4-300x207.jpg 300w, https:\/\/www.greenpeace.org\/static\/planet4-mexico-stateless\/2025\/06\/ecdcaa91-gp0sto5d4-1024x707.jpg 1024w, https:\/\/www.greenpeace.org\/static\/planet4-mexico-stateless\/2025\/06\/ecdcaa91-gp0sto5d4-768x531.jpg 768w, https:\/\/www.greenpeace.org\/static\/planet4-mexico-stateless\/2025\/06\/ecdcaa91-gp0sto5d4-492x340.jpg 492w\" class=\"wp-image-56916 size-full\"\/><\/figure><div class=\"wp-block-media-text__content\">\n<h3 class=\"wp-block-heading has-dark-green-800-color has-text-color has-link-color has-large-font-size wp-elements-d05d97ddb245c00a88d34e743ae862b2\"><strong>\u00bfQu\u00e9 tan grave es la situaci\u00f3n?<\/strong><\/h3>\n\n\n\n<div style=\"height:10px\" aria-hidden=\"true\" class=\"wp-block-spacer\"><\/div>\n\n\n\n<p>Seg\u00fan el <strong>IPBES<\/strong> (el equivalente del IPCC para biodiversidad), <strong>1 mill\u00f3n de especies est\u00e1n en peligro de extinci\u00f3n<\/strong>. Esta cifra sin precedentes ha llevado a cient\u00edficos a hablar de una <strong>sexta extinci\u00f3n masiva<\/strong>.<\/p>\n\n\n\n<p>Y eso no es todo:<br>? Las especies est\u00e1n desapareciendo entre 1,000 y 10,000 veces m\u00e1s r\u00e1pido de lo normal.<br>? Desde 1970, las poblaciones de vida silvestre han disminuido en promedio un <strong>69%<\/strong>, seg\u00fan el <em>Informe Planeta Vivo<\/em> 2024.<\/p>\n<\/div><\/div>\n\n<div style=\"height:40px\" aria-hidden=\"true\" class=\"wp-block-spacer\"><\/div>\n\n<h3 class=\"wp-block-heading has-text-align-center has-dark-green-800-color has-text-color has-link-color has-large-font-size wp-elements-3ff88887e9d589e2e2d196a54f255705\"><strong>\u00bfPor qu\u00e9 importa la biodiversidad?<\/strong><\/h3>\n\n<p class=\"has-text-align-center\">La biodiversidad es esencial para nuestra vida diaria.<\/p>\n\n<div class=\"wp-block-columns is-layout-flex wp-container-core-columns-is-layout-9d6595d7 wp-block-columns-is-layout-flex\">\n<div class=\"wp-block-column is-layout-flow wp-block-column-is-layout-flow\">\n<figure class=\"wp-block-image aligncenter size-full is-resized\"><img loading=\"lazy\" decoding=\"async\" width=\"512\" height=\"512\" src=\"https:\/\/www.greenpeace.org\/static\/planet4-mexico-stateless\/2025\/06\/01341ee6-icono-medicina.png\" title=\"icono medicina\" alt=\"icono medicina\" class=\"wp-image-56917\" style=\"width:112px\" srcset=\"https:\/\/www.greenpeace.org\/static\/planet4-mexico-stateless\/2025\/06\/01341ee6-icono-medicina.png 512w, https:\/\/www.greenpeace.org\/static\/planet4-mexico-stateless\/2025\/06\/01341ee6-icono-medicina-300x300.png 300w, https:\/\/www.greenpeace.org\/static\/planet4-mexico-stateless\/2025\/06\/01341ee6-icono-medicina-150x150.png 150w, https:\/\/www.greenpeace.org\/static\/planet4-mexico-stateless\/2025\/06\/01341ee6-icono-medicina-340x340.png 340w\" sizes=\"auto, (max-width: 512px) 100vw, 512px\" \/><\/figure>\n\n\n\n<h4 class=\"wp-block-heading has-text-align-center\">Proporciona <strong>alimentos<\/strong>, <strong>medicinas<\/strong> y <strong>recursos naturales<\/strong><\/h4>\n<\/div>\n\n\n\n<div class=\"wp-block-column is-layout-flow wp-block-column-is-layout-flow\">\n<figure class=\"wp-block-image aligncenter size-full is-resized\"><img loading=\"lazy\" decoding=\"async\" width=\"512\" height=\"512\" src=\"https:\/\/www.greenpeace.org\/static\/planet4-mexico-stateless\/2025\/05\/9c20f1c7-jeringa.png\" alt=\"\" class=\"wp-image-56379\" style=\"width:112px\" srcset=\"https:\/\/www.greenpeace.org\/static\/planet4-mexico-stateless\/2025\/05\/9c20f1c7-jeringa.png 512w, https:\/\/www.greenpeace.org\/static\/planet4-mexico-stateless\/2025\/05\/9c20f1c7-jeringa-300x300.png 300w, https:\/\/www.greenpeace.org\/static\/planet4-mexico-stateless\/2025\/05\/9c20f1c7-jeringa-150x150.png 150w, https:\/\/www.greenpeace.org\/static\/planet4-mexico-stateless\/2025\/05\/9c20f1c7-jeringa-340x340.png 340w\" sizes=\"auto, (max-width: 512px) 100vw, 512px\" \/><\/figure>\n\n\n\n<h4 class=\"wp-block-heading has-text-align-center\">Regula plagas y enfermedades<\/h4>\n<\/div>\n\n\n\n<div class=\"wp-block-column is-layout-flow wp-block-column-is-layout-flow\">\n<figure class=\"wp-block-image aligncenter size-full is-resized\"><img loading=\"lazy\" decoding=\"async\" width=\"512\" height=\"512\" src=\"https:\/\/www.greenpeace.org\/static\/planet4-mexico-stateless\/2025\/05\/afe14571-balanza.png\" alt=\"\" class=\"wp-image-56178\" style=\"width:112px\" srcset=\"https:\/\/www.greenpeace.org\/static\/planet4-mexico-stateless\/2025\/05\/afe14571-balanza.png 512w, https:\/\/www.greenpeace.org\/static\/planet4-mexico-stateless\/2025\/05\/afe14571-balanza-300x300.png 300w, https:\/\/www.greenpeace.org\/static\/planet4-mexico-stateless\/2025\/05\/afe14571-balanza-150x150.png 150w, https:\/\/www.greenpeace.org\/static\/planet4-mexico-stateless\/2025\/05\/afe14571-balanza-340x340.png 340w\" sizes=\"auto, (max-width: 512px) 100vw, 512px\" \/><\/figure>\n\n\n\n<h4 class=\"wp-block-heading has-text-align-center\">Regula el clima y los ciclos naturales<\/h4>\n<\/div>\n<\/div>\n\n<h3 class=\"wp-block-heading has-text-align-center has-white-color has-green-800-background-color has-text-color has-background has-link-color wp-elements-13cf72b253f1309fd27285f2e90af23b\" style=\"font-size:25px\">Perder biodiversidad es perder equilibrio. Es abrir la puerta a m\u00e1s enfermedades, inseguridad alimentaria y crisis ambientales.<\/h3>\n\n<div style=\"height:40px\" aria-hidden=\"true\" class=\"wp-block-spacer\"><\/div>\n\n<div class=\"wp-block-media-text is-stacked-on-mobile\"><figure class=\"wp-block-media-text__media\"><img loading=\"lazy\" decoding=\"async\" width=\"1200\" height=\"800\" src=\"https:\/\/www.greenpeace.org\/static\/planet4-mexico-stateless\/2025\/05\/38e660ee-gp1ta6ez.jpg\" alt=\"Illegal Mining in the Sarar\u00e9 Indigenous Land in the Amazon. \u00a9 Fabio Bispo \/ Greenpeace\" sizes=\"auto, (min-width: 1600px) calc((1320px - 24px) \/ 2),(min-width: 1200px) calc((1140px - 24px) \/ 2),(min-width: 992px) calc((960px - 24px) \/ 2),(min-width: 768px) calc((720px - 24px) \/ 2),(min-width: 601px) calc((540px - 24px) \/ 2),(min-width: 577px) calc((540px - 24px) \/ 1), calc(100vw - 24px)\" srcset=\"https:\/\/www.greenpeace.org\/static\/planet4-mexico-stateless\/2025\/05\/38e660ee-gp1ta6ez.jpg 1200w, https:\/\/www.greenpeace.org\/static\/planet4-mexico-stateless\/2025\/05\/38e660ee-gp1ta6ez-300x200.jpg 300w, https:\/\/www.greenpeace.org\/static\/planet4-mexico-stateless\/2025\/05\/38e660ee-gp1ta6ez-1024x683.jpg 1024w, https:\/\/www.greenpeace.org\/static\/planet4-mexico-stateless\/2025\/05\/38e660ee-gp1ta6ez-768x512.jpg 768w, https:\/\/www.greenpeace.org\/static\/planet4-mexico-stateless\/2025\/05\/38e660ee-gp1ta6ez-510x340.jpg 510w\" class=\"wp-image-56384 size-full\"\/><\/figure><div class=\"wp-block-media-text__content\">\n<h3 class=\"wp-block-heading has-dark-green-800-color has-text-color has-link-color has-large-font-size wp-elements-2b78170d4a3c29bb3daae40f20debb3f\"><strong>M\u00e9xico: un pa\u00eds megadiverso bajo amenaza<\/strong><\/h3>\n\n\n\n<div style=\"height:10px\" aria-hidden=\"true\" class=\"wp-block-spacer\"><\/div>\n\n\n\n<p>Con m\u00e1s de <strong>200,000 especies<\/strong>, M\u00e9xico es uno de los pa\u00edses m\u00e1s ricos en biodiversidad del mundo. Sin embargo, tambi\u00e9n est\u00e1 profundamente afectado por esta crisis.<\/p>\n\n\n\n<h4 class=\"wp-block-heading\"><strong>Principales amenazas:<\/strong><\/h4>\n\n\n\n<ul class=\"wp-block-list\">\n<li>Deforestaci\u00f3n<\/li>\n\n\n\n<li>Caza furtiva y comercio ilegal de especies<\/li>\n\n\n\n<li>Cambio clim\u00e1tico<\/li>\n\n\n\n<li>Megaproyectos, turismo depredador y expansi\u00f3n urbana<\/li>\n<\/ul>\n<\/div><\/div>\n\n<div style=\"height:40px\" aria-hidden=\"true\" class=\"wp-block-spacer\"><\/div>\n\n<h3 class=\"wp-block-heading has-text-align-center has-dark-green-800-color has-text-color has-link-color has-large-font-size wp-elements-bfc9e3ed05f203300c898054e774d6b0\"><strong>10 especies mexicanas en peligro cr\u00edtico<\/strong><\/h3>\n\n<div class=\"wp-block-columns is-layout-flex wp-container-core-columns-is-layout-9d6595d7 wp-block-columns-is-layout-flex\">\n<div class=\"wp-block-column is-layout-flow wp-block-column-is-layout-flow\">\n<figure class=\"wp-block-image is-resized\"><img loading=\"lazy\" decoding=\"async\" width=\"1200\" height=\"800\" src=\"https:\/\/www.greenpeace.org\/static\/planet4-mexico-stateless\/2025\/06\/3e111bfd-gp0ekp.jpg\" title=\"Manatees in Florida. \u00a9 Donald Tipton \/ Greenpeace\" alt=\"Manatees in Florida. \u00a9 Donald Tipton \/ Greenpeace\" class=\"wp-image-56918\" style=\"object-fit:cover;width:250px;height:150px\" srcset=\"https:\/\/www.greenpeace.org\/static\/planet4-mexico-stateless\/2025\/06\/3e111bfd-gp0ekp.jpg 1200w, https:\/\/www.greenpeace.org\/static\/planet4-mexico-stateless\/2025\/06\/3e111bfd-gp0ekp-300x200.jpg 300w, https:\/\/www.greenpeace.org\/static\/planet4-mexico-stateless\/2025\/06\/3e111bfd-gp0ekp-1024x683.jpg 1024w, https:\/\/www.greenpeace.org\/static\/planet4-mexico-stateless\/2025\/06\/3e111bfd-gp0ekp-768x512.jpg 768w, https:\/\/www.greenpeace.org\/static\/planet4-mexico-stateless\/2025\/06\/3e111bfd-gp0ekp-510x340.jpg 510w\" sizes=\"auto, (max-width: 1200px) 100vw, 1200px\" \/><figcaption><div class=\"credit icon-left\"> \u00a9 Donald Tipton \/ Greenpeace<\/div><\/figcaption><\/figure>\n\n\n\n<h4 class=\"wp-block-heading has-text-align-center\">Vaquita marina<\/h4>\n<\/div>\n\n\n\n<div class=\"wp-block-column is-layout-flow wp-block-column-is-layout-flow\">\n<figure class=\"wp-block-image is-resized\"><img loading=\"lazy\" decoding=\"async\" width=\"1200\" height=\"786\" src=\"https:\/\/www.greenpeace.org\/static\/planet4-mexico-stateless\/2025\/06\/fb1f3a2f-gp0zdy.jpg\" title=\"Female Leatherback Turtle in French Guiana. \u00a9 Greenpeace \/ Jacques Fretey\" alt=\"Female Leatherback Turtle in French Guiana. \u00a9 Greenpeace \/ Jacques Fretey\" class=\"wp-image-56920\" style=\"object-fit:cover;width:250px;height:150px\" srcset=\"https:\/\/www.greenpeace.org\/static\/planet4-mexico-stateless\/2025\/06\/fb1f3a2f-gp0zdy.jpg 1200w, https:\/\/www.greenpeace.org\/static\/planet4-mexico-stateless\/2025\/06\/fb1f3a2f-gp0zdy-300x197.jpg 300w, https:\/\/www.greenpeace.org\/static\/planet4-mexico-stateless\/2025\/06\/fb1f3a2f-gp0zdy-1024x671.jpg 1024w, https:\/\/www.greenpeace.org\/static\/planet4-mexico-stateless\/2025\/06\/fb1f3a2f-gp0zdy-768x503.jpg 768w, https:\/\/www.greenpeace.org\/static\/planet4-mexico-stateless\/2025\/06\/fb1f3a2f-gp0zdy-510x334.jpg 510w\" sizes=\"auto, (max-width: 1200px) 100vw, 1200px\" \/><figcaption><div class=\"credit icon-left\"> \u00a9 Greenpeace \/ Jacques Fretey<\/div><\/figcaption><\/figure>\n\n\n\n<h4 class=\"wp-block-heading has-text-align-center\">Tortuga la\u00fad<\/h4>\n<\/div>\n\n\n\n<div class=\"wp-block-column is-layout-flow wp-block-column-is-layout-flow\">\n<figure class=\"wp-block-image is-resized\"><img loading=\"lazy\" decoding=\"async\" width=\"1200\" height=\"800\" src=\"https:\/\/www.greenpeace.org\/static\/planet4-mexico-stateless\/2025\/06\/3a85779a-gp1t6x1r.jpg\" title=\"Animals of the Carpathian Mountains. \u00a9 Adrian Czech \/ Greenpeace\" alt=\"Animals of the Carpathian Mountains. \u00a9 Adrian Czech \/ Greenpeace\" class=\"wp-image-56921\" style=\"object-fit:cover;width:250px;height:150px\" srcset=\"https:\/\/www.greenpeace.org\/static\/planet4-mexico-stateless\/2025\/06\/3a85779a-gp1t6x1r.jpg 1200w, https:\/\/www.greenpeace.org\/static\/planet4-mexico-stateless\/2025\/06\/3a85779a-gp1t6x1r-300x200.jpg 300w, https:\/\/www.greenpeace.org\/static\/planet4-mexico-stateless\/2025\/06\/3a85779a-gp1t6x1r-1024x683.jpg 1024w, https:\/\/www.greenpeace.org\/static\/planet4-mexico-stateless\/2025\/06\/3a85779a-gp1t6x1r-768x512.jpg 768w, https:\/\/www.greenpeace.org\/static\/planet4-mexico-stateless\/2025\/06\/3a85779a-gp1t6x1r-510x340.jpg 510w\" sizes=\"auto, (max-width: 1200px) 100vw, 1200px\" \/><figcaption><div class=\"credit icon-left\"> \u00a9 Adrian Czech \/ Greenpeace<\/div><\/figcaption><\/figure>\n\n\n\n<h4 class=\"wp-block-heading has-text-align-center\">Lobo mexicano<\/h4>\n<\/div>\n\n\n\n<div class=\"wp-block-column is-layout-flow wp-block-column-is-layout-flow\">\n<figure class=\"wp-block-image aligncenter size-large is-resized\"><img loading=\"lazy\" decoding=\"async\" width=\"1024\" height=\"768\" src=\"https:\/\/www.greenpeace.org\/static\/planet4-mexico-stateless\/2025\/06\/5a22f395-t-k-h837qhe2qj4-unsplash-1024x768.jpg\" title=\"Ajolote mexicano\" alt=\"Ajolote mexicano\" class=\"wp-image-56922\" style=\"object-fit:cover;width:250px;height:150px\" srcset=\"https:\/\/www.greenpeace.org\/static\/planet4-mexico-stateless\/2025\/06\/5a22f395-t-k-h837qhe2qj4-unsplash-1024x768.jpg 1024w, https:\/\/www.greenpeace.org\/static\/planet4-mexico-stateless\/2025\/06\/5a22f395-t-k-h837qhe2qj4-unsplash-300x225.jpg 300w, https:\/\/www.greenpeace.org\/static\/planet4-mexico-stateless\/2025\/06\/5a22f395-t-k-h837qhe2qj4-unsplash-768x576.jpg 768w, https:\/\/www.greenpeace.org\/static\/planet4-mexico-stateless\/2025\/06\/5a22f395-t-k-h837qhe2qj4-unsplash-1536x1152.jpg 1536w, https:\/\/www.greenpeace.org\/static\/planet4-mexico-stateless\/2025\/06\/5a22f395-t-k-h837qhe2qj4-unsplash-2048x1536.jpg 2048w, https:\/\/www.greenpeace.org\/static\/planet4-mexico-stateless\/2025\/06\/5a22f395-t-k-h837qhe2qj4-unsplash-1821x1366.jpg 1821w, https:\/\/www.greenpeace.org\/static\/planet4-mexico-stateless\/2025\/06\/5a22f395-t-k-h837qhe2qj4-unsplash-453x340.jpg 453w\" sizes=\"auto, (max-width: 1024px) 100vw, 1024px\" \/><figcaption><div class=\"credit icon-left\"> \u00a9 @katanasharppictures | Unsplash<\/div><\/figcaption><\/figure>\n\n\n\n<h4 class=\"wp-block-heading has-text-align-center\">Ajolote mexicano<\/h4>\n<\/div>\n\n\n\n<div class=\"wp-block-column is-layout-flow wp-block-column-is-layout-flow\">\n<figure class=\"wp-block-image is-resized\"><img loading=\"lazy\" decoding=\"async\" width=\"1200\" height=\"800\" src=\"https:\/\/www.greenpeace.org\/static\/planet4-mexico-stateless\/2025\/06\/ec080671-gp0stt6hq.jpg\" title=\"Scarlet Macaw in the Karipuna Indigenous Land, Brazil. \u00a9 Rog\u00e9rio Assis \/ Greenpeace\" alt=\"Scarlet Macaw in the Karipuna Indigenous Land, Brazil. \u00a9 Rog\u00e9rio Assis \/ Greenpeace\" class=\"wp-image-56923\" style=\"object-fit:cover;width:250px;height:150px\" srcset=\"https:\/\/www.greenpeace.org\/static\/planet4-mexico-stateless\/2025\/06\/ec080671-gp0stt6hq.jpg 1200w, https:\/\/www.greenpeace.org\/static\/planet4-mexico-stateless\/2025\/06\/ec080671-gp0stt6hq-300x200.jpg 300w, https:\/\/www.greenpeace.org\/static\/planet4-mexico-stateless\/2025\/06\/ec080671-gp0stt6hq-1024x683.jpg 1024w, https:\/\/www.greenpeace.org\/static\/planet4-mexico-stateless\/2025\/06\/ec080671-gp0stt6hq-768x512.jpg 768w, https:\/\/www.greenpeace.org\/static\/planet4-mexico-stateless\/2025\/06\/ec080671-gp0stt6hq-510x340.jpg 510w\" sizes=\"auto, (max-width: 1200px) 100vw, 1200px\" \/><figcaption><div class=\"credit icon-left\"> \u00a9 Rog\u00e9rio Assis \/ Greenpeace<\/div><\/figcaption><\/figure>\n\n\n\n<h4 class=\"wp-block-heading has-text-align-center\">Guacamaya roja<\/h4>\n<\/div>\n<\/div>\n\n<div class=\"wp-block-columns is-layout-flex wp-container-core-columns-is-layout-9d6595d7 wp-block-columns-is-layout-flex\">\n<div class=\"wp-block-column is-layout-flow wp-block-column-is-layout-flow\">\n<figure class=\"wp-block-image is-resized\"><img loading=\"lazy\" decoding=\"async\" width=\"1200\" height=\"800\" src=\"https:\/\/www.greenpeace.org\/static\/planet4-mexico-stateless\/2025\/06\/dc3801e5-gp0stqi7j.jpg\" title=\"Monarch Butterfly in Canadian Boreal Forest. \u00a9 Dave Taylor \/ Greenpeace\" alt=\"Monarch Butterfly in Canadian Boreal Forest. \u00a9 Dave Taylor \/ Greenpeace\" class=\"wp-image-56928\" style=\"object-fit:cover;width:250px;height:150px\" srcset=\"https:\/\/www.greenpeace.org\/static\/planet4-mexico-stateless\/2025\/06\/dc3801e5-gp0stqi7j.jpg 1200w, https:\/\/www.greenpeace.org\/static\/planet4-mexico-stateless\/2025\/06\/dc3801e5-gp0stqi7j-300x200.jpg 300w, https:\/\/www.greenpeace.org\/static\/planet4-mexico-stateless\/2025\/06\/dc3801e5-gp0stqi7j-1024x683.jpg 1024w, https:\/\/www.greenpeace.org\/static\/planet4-mexico-stateless\/2025\/06\/dc3801e5-gp0stqi7j-768x512.jpg 768w, https:\/\/www.greenpeace.org\/static\/planet4-mexico-stateless\/2025\/06\/dc3801e5-gp0stqi7j-510x340.jpg 510w\" sizes=\"auto, (max-width: 1200px) 100vw, 1200px\" \/><figcaption><div class=\"credit icon-left\"> \u00a9 Dave Taylor \/ Greenpeace<\/div><\/figcaption><\/figure>\n\n\n\n<h4 class=\"wp-block-heading has-text-align-center\">Mariposa monarca<\/h4>\n<\/div>\n\n\n\n<div class=\"wp-block-column is-layout-flow wp-block-column-is-layout-flow\">\n<figure class=\"wp-block-image aligncenter is-resized\"><img loading=\"lazy\" decoding=\"async\" width=\"1200\" height=\"900\" src=\"https:\/\/www.greenpeace.org\/static\/planet4-mexico-stateless\/2025\/06\/8addd583-gp1sua3i.jpg\" title=\"Coral Bleaching Investigation in South Taiwan. \u00a9 Lion Yang \/ Greenpeace\" alt=\"Coral Bleaching Investigation in South Taiwan. \u00a9 Lion Yang \/ Greenpeace\" class=\"wp-image-56927\" style=\"object-fit:cover;width:250px;height:150px\" srcset=\"https:\/\/www.greenpeace.org\/static\/planet4-mexico-stateless\/2025\/06\/8addd583-gp1sua3i.jpg 1200w, https:\/\/www.greenpeace.org\/static\/planet4-mexico-stateless\/2025\/06\/8addd583-gp1sua3i-300x225.jpg 300w, https:\/\/www.greenpeace.org\/static\/planet4-mexico-stateless\/2025\/06\/8addd583-gp1sua3i-1024x768.jpg 1024w, https:\/\/www.greenpeace.org\/static\/planet4-mexico-stateless\/2025\/06\/8addd583-gp1sua3i-768x576.jpg 768w, https:\/\/www.greenpeace.org\/static\/planet4-mexico-stateless\/2025\/06\/8addd583-gp1sua3i-453x340.jpg 453w\" sizes=\"auto, (max-width: 1200px) 100vw, 1200px\" \/><figcaption><div class=\"credit icon-left\"> \u00a9 Lion Yang \/ Greenpeace<\/div><\/figcaption><\/figure>\n\n\n\n<h4 class=\"wp-block-heading has-text-align-center\">Coral cuerno de alce<\/h4>\n<\/div>\n\n\n\n<div class=\"wp-block-column is-layout-flow wp-block-column-is-layout-flow\">\n<figure class=\"wp-block-image is-resized\"><img loading=\"lazy\" decoding=\"async\" width=\"1200\" height=\"800\" src=\"https:\/\/www.greenpeace.org\/static\/planet4-mexico-stateless\/2025\/06\/544fcbfd-gp0vj0.jpg\" title=\"Sea Cucumber (Echinoderm) on the Helen coral reef, Belau Islands,  Pacific. \u00a9 Greenpeace \/ Jack Noble\" alt=\"Sea Cucumber (Echinoderm) on the Helen coral reef, Belau Islands,  Pacific. \u00a9 Greenpeace \/ Jack Noble\" class=\"wp-image-56925\" style=\"object-fit:cover;width:250px;height:150px\" srcset=\"https:\/\/www.greenpeace.org\/static\/planet4-mexico-stateless\/2025\/06\/544fcbfd-gp0vj0.jpg 1200w, https:\/\/www.greenpeace.org\/static\/planet4-mexico-stateless\/2025\/06\/544fcbfd-gp0vj0-300x200.jpg 300w, https:\/\/www.greenpeace.org\/static\/planet4-mexico-stateless\/2025\/06\/544fcbfd-gp0vj0-1024x683.jpg 1024w, https:\/\/www.greenpeace.org\/static\/planet4-mexico-stateless\/2025\/06\/544fcbfd-gp0vj0-768x512.jpg 768w, https:\/\/www.greenpeace.org\/static\/planet4-mexico-stateless\/2025\/06\/544fcbfd-gp0vj0-510x340.jpg 510w\" sizes=\"auto, (max-width: 1200px) 100vw, 1200px\" \/><figcaption><div class=\"credit icon-left\"> \u00a9 Greenpeace \/ Jack Noble<\/div><\/figcaption><\/figure>\n\n\n\n<h4 class=\"wp-block-heading has-text-align-center\">Pepino de mar<\/h4>\n<\/div>\n\n\n\n<div class=\"wp-block-column is-layout-flow wp-block-column-is-layout-flow\">\n<figure class=\"wp-block-image is-resized\"><img loading=\"lazy\" decoding=\"async\" width=\"1200\" height=\"793\" src=\"https:\/\/www.greenpeace.org\/static\/planet4-mexico-stateless\/2025\/06\/fe21474a-gp01dgx.jpg\" title=\"Orchid, Borneo, Malaysia. \u00a9 Greenpeace \/ Takeshi Mizukoshi\" alt=\"Orchid, Borneo, Malaysia. \u00a9 Greenpeace \/ Takeshi Mizukoshi\" class=\"wp-image-56924\" style=\"object-fit:cover;width:250px;height:150px\" srcset=\"https:\/\/www.greenpeace.org\/static\/planet4-mexico-stateless\/2025\/06\/fe21474a-gp01dgx.jpg 1200w, https:\/\/www.greenpeace.org\/static\/planet4-mexico-stateless\/2025\/06\/fe21474a-gp01dgx-300x198.jpg 300w, https:\/\/www.greenpeace.org\/static\/planet4-mexico-stateless\/2025\/06\/fe21474a-gp01dgx-1024x677.jpg 1024w, https:\/\/www.greenpeace.org\/static\/planet4-mexico-stateless\/2025\/06\/fe21474a-gp01dgx-768x508.jpg 768w, https:\/\/www.greenpeace.org\/static\/planet4-mexico-stateless\/2025\/06\/fe21474a-gp01dgx-510x337.jpg 510w\" sizes=\"auto, (max-width: 1200px) 100vw, 1200px\" \/><figcaption><div class=\"credit icon-left\"> \u00a9 Greenpeace \/ Takeshi Mizukoshi<\/div><\/figcaption><\/figure>\n\n\n\n<h4 class=\"wp-block-heading has-text-align-center\">Orqu\u00eddea monja blanca<\/h4>\n<\/div>\n\n\n\n<div class=\"wp-block-column is-layout-flow wp-block-column-is-layout-flow\">\n<figure class=\"wp-block-image is-resized\"><img loading=\"lazy\" decoding=\"async\" width=\"1200\" height=\"800\" src=\"https:\/\/www.greenpeace.org\/static\/planet4-mexico-stateless\/2025\/04\/6749a8b1-gp0stqfki.jpg\" title=\" Jaguar (Panthera onca) in the Amazon. \u00a9 Valdemir Cunha\" alt=\" Jaguar (Panthera onca) in the Amazon. \u00a9 Valdemir Cunha\" class=\"wp-image-55296\" style=\"object-fit:cover;width:250px;height:150px\" srcset=\"https:\/\/www.greenpeace.org\/static\/planet4-mexico-stateless\/2025\/04\/6749a8b1-gp0stqfki.jpg 1200w, https:\/\/www.greenpeace.org\/static\/planet4-mexico-stateless\/2025\/04\/6749a8b1-gp0stqfki-300x200.jpg 300w, https:\/\/www.greenpeace.org\/static\/planet4-mexico-stateless\/2025\/04\/6749a8b1-gp0stqfki-1024x683.jpg 1024w, https:\/\/www.greenpeace.org\/static\/planet4-mexico-stateless\/2025\/04\/6749a8b1-gp0stqfki-768x512.jpg 768w, https:\/\/www.greenpeace.org\/static\/planet4-mexico-stateless\/2025\/04\/6749a8b1-gp0stqfki-510x340.jpg 510w\" sizes=\"auto, (max-width: 1200px) 100vw, 1200px\" \/><figcaption><div class=\"credit icon-left\"> \u00a9 Valdemir Cunha<\/div><\/figcaption><\/figure>\n\n\n\n<h4 class=\"wp-block-heading has-text-align-center\">Jaguar<\/h4>\n<\/div>\n<\/div>\n\n<div style=\"height:40px\" aria-hidden=\"true\" class=\"wp-block-spacer\"><\/div>\n\n<div class=\"wp-block-media-text is-stacked-on-mobile\"><figure class=\"wp-block-media-text__media\"><img loading=\"lazy\" decoding=\"async\" width=\"1024\" height=\"683\" src=\"https:\/\/www.greenpeace.org\/static\/planet4-mexico-stateless\/2025\/06\/a584146c-tren-maya-selva-no-se-vende-1024x683.jpg\" alt=\"Activistas sostienen una manta en la que se lee &quot;La selva NO se vende&quot;\" sizes=\"auto, (min-width: 1600px) calc((1320px - 24px) \/ 2),(min-width: 1200px) calc((1140px - 24px) \/ 2),(min-width: 992px) calc((960px - 24px) \/ 2),(min-width: 768px) calc((720px - 24px) \/ 2),(min-width: 601px) calc((540px - 24px) \/ 2),(min-width: 577px) calc((540px - 24px) \/ 1), calc(100vw - 24px)\" srcset=\"https:\/\/www.greenpeace.org\/static\/planet4-mexico-stateless\/2025\/06\/a584146c-tren-maya-selva-no-se-vende.jpg 1536w, https:\/\/www.greenpeace.org\/static\/planet4-mexico-stateless\/2025\/06\/a584146c-tren-maya-selva-no-se-vende-300x200.jpg 300w, https:\/\/www.greenpeace.org\/static\/planet4-mexico-stateless\/2025\/06\/a584146c-tren-maya-selva-no-se-vende-1024x683.jpg 1024w, https:\/\/www.greenpeace.org\/static\/planet4-mexico-stateless\/2025\/06\/a584146c-tren-maya-selva-no-se-vende-768x512.jpg 768w, https:\/\/www.greenpeace.org\/static\/planet4-mexico-stateless\/2025\/06\/a584146c-tren-maya-selva-no-se-vende-510x340.jpg 510w\" class=\"wp-image-56571 size-full\"\/><\/figure><div class=\"wp-block-media-text__content\">\n<h3 class=\"wp-block-heading has-dark-green-800-color has-text-color has-link-color has-large-font-size wp-elements-a4db38c669da38bac989f2aee2e3fb3d\"><strong>La Selva Maya: riqueza bajo presi\u00f3n<\/strong><\/h3>\n\n\n\n<div style=\"height:10px\" aria-hidden=\"true\" class=\"wp-block-spacer\"><\/div>\n\n\n\n<p>La Selva Maya, en la Pen\u00ednsula de Yucat\u00e1n, es uno de los ecosistemas m\u00e1s biodiversos del pa\u00eds. Hoy enfrenta amenazas graves por:<\/p>\n\n\n\n<ul class=\"wp-block-list\">\n<li>Turismo no regulado<\/li>\n\n\n\n<li>Megagranjas porc\u00edcolas<\/li>\n\n\n\n<li>Agricultura industrial<\/li>\n\n\n\n<li>Megaproyectos energ\u00e9ticos<\/li>\n\n\n\n<li>Urbanizaci\u00f3n acelerada<\/li>\n<\/ul>\n\n\n\n<p>Protegerla es proteger la vida.<\/p>\n<\/div><\/div>\n\n<div style=\"height:40px\" aria-hidden=\"true\" class=\"wp-block-spacer\"><\/div>\n\n<div class=\"wp-block-media-text has-media-on-the-right is-stacked-on-mobile\"><div class=\"wp-block-media-text__content\">\n<h3 class=\"wp-block-heading has-dark-green-800-color has-text-color has-link-color has-large-font-size wp-elements-acc48a6bf2c14bdecaff5d04efd8aa91\"><strong>\u00a1Actuar es urgente!<\/strong><\/h3>\n\n\n\n<div style=\"height:10px\" aria-hidden=\"true\" class=\"wp-block-spacer\"><\/div>\n\n\n\n<p>Conservar la biodiversidad no es un lujo: es una necesidad urgente para nuestra salud, seguridad y futuro.<\/p>\n\n\n\n<p>Desde Greenpeace trabajamos para detener las amenazas que enfrentan los ecosistemas m\u00e1s importantes de M\u00e9xico. Pero necesitamos tu ayuda.<\/p>\n\n\n\n<div class=\"wp-block-buttons is-layout-flex wp-block-buttons-is-layout-flex\">\n<div class=\"wp-block-button\"><a class=\"wp-block-button__link wp-element-button\" href=\"https:\/\/www.greenpeace.org\/mexico\/participa\/apoyanos\/\" target=\"_blank\" rel=\"noreferrer noopener\">Hazte socio donador<\/a><\/div>\n<\/div>\n<\/div><figure class=\"wp-block-media-text__media\"><img loading=\"lazy\" decoding=\"async\" width=\"1200\" height=\"800\" src=\"https:\/\/www.greenpeace.org\/static\/planet4-mexico-stateless\/2025\/06\/60010e84-gp0su2raq.jpg\" alt=\"Tangara Multicolor (Chlorochrysa nitidissima) in Colombia. \u00a9 Heiler Uribe Parra \/ Greenpeace\" sizes=\"auto, (min-width: 1600px) calc((1320px - 24px) \/ 2),(min-width: 1200px) calc((1140px - 24px) \/ 2),(min-width: 992px) calc((960px - 24px) \/ 2),(min-width: 768px) calc((720px - 24px) \/ 2),(min-width: 601px) calc((540px - 24px) \/ 2),(min-width: 577px) calc((540px - 24px) \/ 1), calc(100vw - 24px)\" srcset=\"https:\/\/www.greenpeace.org\/static\/planet4-mexico-stateless\/2025\/06\/60010e84-gp0su2raq.jpg 1200w, https:\/\/www.greenpeace.org\/static\/planet4-mexico-stateless\/2025\/06\/60010e84-gp0su2raq-300x200.jpg 300w, https:\/\/www.greenpeace.org\/static\/planet4-mexico-stateless\/2025\/06\/60010e84-gp0su2raq-1024x683.jpg 1024w, https:\/\/www.greenpeace.org\/static\/planet4-mexico-stateless\/2025\/06\/60010e84-gp0su2raq-768x512.jpg 768w, https:\/\/www.greenpeace.org\/static\/planet4-mexico-stateless\/2025\/06\/60010e84-gp0su2raq-510x340.jpg 510w\" class=\"wp-image-56929 size-full\"\/><\/figure><\/div>\n\n<div style=\"height:40px\" aria-hidden=\"true\" class=\"wp-block-spacer\"><\/div>\n\t\t\t<section\n\t\t\tclass=\"boxout  \"\n\t\t\t\n\t\t>\n\t\t\t<a\n\t\t\t\tdata-ga-category=\"Take Action Boxout\"\n\t\t\t\tdata-ga-action=\"Image\"\n\t\t\t\tdata-ga-label=\"n\/a\"\n\t\t\t\tclass=\"cover-card-overlay\"\n\t\t\t\thref=\"https:\/\/www.greenpeace.org\/mexico\/campanas\" target=\"_blank\"\n\t\t\t><\/a>\n\t\t\t\t\t\t\t<img\n\t\t\t\t\t\tsrc=\"https:\/\/www.greenpeace.org\/static\/planet4-mexico-stateless\/2025\/07\/43cf6e41-mujeres-campo-agricultura-1024x768.jpg\"\n\t\t\t\t\t\tsrcset=\"https:\/\/www.greenpeace.org\/static\/planet4-mexico-stateless\/2025\/07\/43cf6e41-mujeres-campo-agricultura-300x225.jpg 300w, https:\/\/www.greenpeace.org\/static\/planet4-mexico-stateless\/2025\/07\/43cf6e41-mujeres-campo-agricultura-1024x768.jpg 1024w, https:\/\/www.greenpeace.org\/static\/planet4-mexico-stateless\/2025\/07\/43cf6e41-mujeres-campo-agricultura-768x576.jpg 768w, https:\/\/www.greenpeace.org\/static\/planet4-mexico-stateless\/2025\/07\/43cf6e41-mujeres-campo-agricultura-453x340.jpg 453w, https:\/\/www.greenpeace.org\/static\/planet4-mexico-stateless\/2025\/07\/43cf6e41-mujeres-campo-agricultura.jpg 1200w\"\n\t\t\t\t\t\tsizes=\"(min-width: 1000px) 358px, (min-width: 780px) 313px, 88px\"\n\t\t\t\t\t\talt=\"Fotograf\u00eda de una mujer en campos de girasoles y ma\u00edz.\" title=\"Fotograf\u00eda de una mujer en campos de girasoles y ma\u00edz.\"\n\t\t\t\t\/>\n            \t\t\t<div class=\"boxout-content\">\n\t\t\t\t\t\t\t\t\t<a\n\t\t\t\t\t\tclass=\"boxout-heading medium\"\n\t\t\t\t\t\tdata-ga-category=\"Take Action Boxout\"\n\t\t\t\t\t\tdata-ga-action=\"Title\"\n\t\t\t\t\t\tdata-ga-label=\"n\/a\"\n\t\t\t\t\t\thref=\"https:\/\/www.greenpeace.org\/mexico\/campanas\"\n\t\t\t\t\t\ttarget=\"_blank\"\n\t\t\t\t\t>\n\t\t\t\t\t\tConoce nuestras campa\u00f1as\n\t\t\t\t\t<\/a>\n\t\t\t\t\t\t\t\t\t\t\t\t\t<p class=\"boxout-excerpt\">Ent\u00e9rate de lo que estamos trabajando actualmente en Greenpeace M\u00e9xico.<\/p>\n\t\t\t\t                                    <a\n                        class=\"btn btn-primary\"\n                        data-ga-category=\"Take Action Boxout\"\n                        data-ga-action=\"Call to Action\"\n                        data-ga-label=\"n\/a\"\n                        href=\"https:\/\/www.greenpeace.org\/mexico\/campanas\"\n                        target=\"_blank\"\n                    >\n                        M\u00e1s informaci\u00f3n\n                    <\/a>\n                \t\t\t<\/div>\n\t\t\t\t\t<\/section>\n\t\n<div style=\"height:40px\" aria-hidden=\"true\" class=\"wp-block-spacer\"><\/div>\n\n<div class=\"wp-block-query posts-list p4-query-loop is-custom-layout-carousel is-layout-flex wp-block-query-is-layout-flex\">\n<div class=\"wp-block-group is-content-justification-space-between is-layout-flex wp-container-core-group-is-layout-3d213aab wp-block-group-is-layout-flex\">\n<h2 class=\"wp-block-heading\">Inf\u00f3rmate<\/h2>\n\n\n<li class=\" wp-block-navigation-item see-all-link wp-block-navigation-link\"><a class=\"wp-block-navigation-item__content\"  href=\"https:\/\/www.greenpeace.org\/mexico\/news-stories\/?category=oceanos\"><span class=\"wp-block-navigation-item__label\">Mira m\u00e1s contenidos<\/span><\/a><\/li><\/div>\n\n\n\n<p style=\"margin-top:24px;margin-bottom:36px\"><\/p>\n\n\n\n\n<ul class=\"wp-block-post-template is-layout-flow wp-block-post-template-is-layout-flow\"><li class=\"wp-block-post post-62809 post type-post status-publish format-standard has-post-thumbnail hentry category-oceanos tag-oceanos tag-perdida-de-ecosistemas tag-cambio-climatico p4-page-type-blog\">\n\n<div class=\"wp-block-columns is-layout-flex wp-container-core-columns-is-layout-9d6595d7 wp-block-columns-is-layout-flex\"><figure class=\"wp-block-post-featured-image\"><a href=\"https:\/\/www.greenpeace.org\/mexico\/blog\/62809\/vidas-bajo-el-agua-ante-un-derrame-de-petroleo\/\" target=\"_self\"  ><img loading=\"lazy\" decoding=\"async\" width=\"888\" height=\"670\" src=\"https:\/\/www.greenpeace.org\/static\/planet4-mexico-stateless\/2026\/04\/0f35365c-captura-de-pantalla-2026-04-10-183121.png\" class=\"attachment-post-thumbnail size-post-thumbnail wp-post-image wp-stateless-item\" alt=\"Vidas bajo el agua: supervivencia marina pese al derrame.\" style=\"object-fit:cover;\" srcset=\"https:\/\/www.greenpeace.org\/static\/planet4-mexico-stateless\/2026\/04\/0f35365c-captura-de-pantalla-2026-04-10-183121.png 888w, https:\/\/www.greenpeace.org\/static\/planet4-mexico-stateless\/2026\/04\/0f35365c-captura-de-pantalla-2026-04-10-183121-300x226.png 300w, https:\/\/www.greenpeace.org\/static\/planet4-mexico-stateless\/2026\/04\/0f35365c-captura-de-pantalla-2026-04-10-183121-768x579.png 768w, https:\/\/www.greenpeace.org\/static\/planet4-mexico-stateless\/2026\/04\/0f35365c-captura-de-pantalla-2026-04-10-183121-451x340.png 451w\" sizes=\"auto, (max-width: 888px) 100vw, 888px\" data-image-size=\"post-thumbnail\" data-stateless-media-bucket=\"planet4-mexico-stateless\" data-stateless-media-name=\"2026\/04\/0f35365c-captura-de-pantalla-2026-04-10-183121.png\" \/><\/a><\/figure>\n\n\n<div class=\"wp-block-group is-layout-flow wp-block-group-is-layout-flow\">\n<div class=\"wp-block-group is-layout-flex wp-block-group-is-layout-flex\"><div class=\"wp-block-post-terms\"><a href=\"https:\/\/www.greenpeace.org\/mexico\/category\/oceanos\/\">Oc\u00e9anos<\/a><\/div>\n\n<div class=\"taxonomy-post_tag wp-block-post-terms\"><a href=\"https:\/\/www.greenpeace.org\/mexico\/tag\/oceanos\/\" rel=\"tag\">Oc\u00e9anos<\/a><span class=\"wp-block-post-terms__separator\"> <\/span><a href=\"https:\/\/www.greenpeace.org\/mexico\/tag\/perdida-de-ecosistemas\/\" rel=\"tag\">P\u00e9rdida de ecosistemas<\/a><span class=\"wp-block-post-terms__separator\"> <\/span><a href=\"https:\/\/www.greenpeace.org\/mexico\/tag\/cambio-climatico\/\" rel=\"tag\">Cambio clim\u00e1tico<\/a><\/div><\/div>\n\n\n<h3 class=\"wp-block-post-title\"><a href=\"https:\/\/www.greenpeace.org\/mexico\/blog\/62809\/vidas-bajo-el-agua-ante-un-derrame-de-petroleo\/\" target=\"_self\" >Vidas bajo el agua: supervivencia marina pese al derrame.<\/a><\/h3>\n\n<div class=\"wp-block-post-excerpt\"><p class=\"wp-block-post-excerpt__excerpt\">El Golfo de M\u00e9xico es mucho m\u00e1s que un cuerpo de agua. Es hogar de una enorme diversidad de vida. Seres que no vemos a simple vista como organismos microsc\u00f3picos,&hellip; <\/p><\/div>\n\n\n<div class=\"wp-block-group posts-list-meta is-layout-flow wp-block-group-is-layout-flow\"><span class='article-list-item-author'>Greenpeace M\u00e9xico<\/span>\n\n<div class=\"wp-block-post-date\"><time datetime=\"2026-04-11T10:00:00-05:00\">abril 11, 2026<\/time><\/div><\/div>\n<\/div>\n<\/div>\n\n<\/li><li class=\"wp-block-post post-62777 post type-post status-publish format-standard has-post-thumbnail hentry category-selva-maya tag-animales-en-peligro tag-perdida-de-ecosistemas tag-turismo p4-page-type-informacion-prensa\">\n\n<div class=\"wp-block-columns is-layout-flex wp-container-core-columns-is-layout-9d6595d7 wp-block-columns-is-layout-flex\"><figure class=\"wp-block-post-featured-image\"><a href=\"https:\/\/www.greenpeace.org\/mexico\/informacion-prensa\/62777\/persisten-irregularidades-y-vacios-perfect-day\/\" target=\"_self\"  ><img loading=\"lazy\" decoding=\"async\" width=\"1600\" height=\"1337\" src=\"https:\/\/www.greenpeace.org\/static\/planet4-mexico-stateless\/2026\/04\/4bee9d3e-whatsapp-image-2026-03-31-at-11.21.14-pm.jpeg\" class=\"attachment-post-thumbnail size-post-thumbnail wp-post-image wp-stateless-item\" alt=\"Persisten irregularidades y vac\u00edos de informaci\u00f3n entorno a Perfect Day: Greenpeace M\u00e9xico.\" style=\"object-fit:cover;\" srcset=\"https:\/\/www.greenpeace.org\/static\/planet4-mexico-stateless\/2026\/04\/4bee9d3e-whatsapp-image-2026-03-31-at-11.21.14-pm.jpeg 1600w, https:\/\/www.greenpeace.org\/static\/planet4-mexico-stateless\/2026\/04\/4bee9d3e-whatsapp-image-2026-03-31-at-11.21.14-pm-300x251.jpeg 300w, https:\/\/www.greenpeace.org\/static\/planet4-mexico-stateless\/2026\/04\/4bee9d3e-whatsapp-image-2026-03-31-at-11.21.14-pm-1024x856.jpeg 1024w, https:\/\/www.greenpeace.org\/static\/planet4-mexico-stateless\/2026\/04\/4bee9d3e-whatsapp-image-2026-03-31-at-11.21.14-pm-768x642.jpeg 768w, https:\/\/www.greenpeace.org\/static\/planet4-mexico-stateless\/2026\/04\/4bee9d3e-whatsapp-image-2026-03-31-at-11.21.14-pm-1536x1284.jpeg 1536w, https:\/\/www.greenpeace.org\/static\/planet4-mexico-stateless\/2026\/04\/4bee9d3e-whatsapp-image-2026-03-31-at-11.21.14-pm-407x340.jpeg 407w\" sizes=\"auto, (max-width: 1600px) 100vw, 1600px\" data-image-size=\"post-thumbnail\" data-stateless-media-bucket=\"planet4-mexico-stateless\" data-stateless-media-name=\"2026\/04\/4bee9d3e-whatsapp-image-2026-03-31-at-11.21.14-pm.jpeg\" \/><\/a><\/figure>\n\n\n<div class=\"wp-block-group is-layout-flow wp-block-group-is-layout-flow\">\n<div class=\"wp-block-group is-layout-flex wp-block-group-is-layout-flex\"><div class=\"wp-block-post-terms\"><a href=\"https:\/\/www.greenpeace.org\/mexico\/category\/selva-maya\/\">Selva Maya<\/a><\/div>\n\n<div class=\"taxonomy-post_tag wp-block-post-terms\"><a href=\"https:\/\/www.greenpeace.org\/mexico\/tag\/animales-en-peligro\/\" rel=\"tag\">Animales en peligro<\/a><span class=\"wp-block-post-terms__separator\"> <\/span><a href=\"https:\/\/www.greenpeace.org\/mexico\/tag\/perdida-de-ecosistemas\/\" rel=\"tag\">P\u00e9rdida de ecosistemas<\/a><span class=\"wp-block-post-terms__separator\"> <\/span><a href=\"https:\/\/www.greenpeace.org\/mexico\/tag\/turismo\/\" rel=\"tag\">Turismo<\/a><\/div><\/div>\n\n\n<h3 class=\"wp-block-post-title\"><a href=\"https:\/\/www.greenpeace.org\/mexico\/informacion-prensa\/62777\/persisten-irregularidades-y-vacios-perfect-day\/\" target=\"_self\" >Persisten irregularidades y vac\u00edos de informaci\u00f3n entorno a Perfect Day: Greenpeace M\u00e9xico.<\/a><\/h3>\n\n<div class=\"wp-block-post-excerpt\"><p class=\"wp-block-post-excerpt__excerpt\">Greenpeace M\u00e9xico present\u00f3 observaciones t\u00e9cnicas ante la SEMARNAT y reitera la necesidad de que la autoridad ambiental eval\u00fae con rigor los posibles impactos del proyecto sobre los ecosistemas costeros de la regi\u00f3n, particularmente los manglares. <\/p><\/div>\n\n\n<div class=\"wp-block-group posts-list-meta is-layout-flow wp-block-group-is-layout-flow\"><span class='article-list-item-author'>Greenpeace M\u00e9xico<\/span>\n\n<div class=\"wp-block-post-date\"><time datetime=\"2026-04-01T15:40:38-05:00\">abril 1, 2026<\/time><\/div><\/div>\n<\/div>\n<\/div>\n\n<\/li><li class=\"wp-block-post post-62703 post type-post status-publish format-standard has-post-thumbnail hentry category-clima-y-energia category-oceanos tag-perdida-de-ecosistemas p4-page-type-blog\">\n\n<div class=\"wp-block-columns is-layout-flex wp-container-core-columns-is-layout-9d6595d7 wp-block-columns-is-layout-flex\"><figure class=\"wp-block-post-featured-image\"><a href=\"https:\/\/www.greenpeace.org\/mexico\/blog\/62703\/vacaciones-que-cuidan\/\" target=\"_self\"  ><img loading=\"lazy\" decoding=\"async\" width=\"1440\" height=\"800\" src=\"https:\/\/www.greenpeace.org\/static\/planet4-mexico-stateless\/2026\/03\/c23932fa-medidas-carrusel-header-39.png\" class=\"attachment-post-thumbnail size-post-thumbnail wp-post-image wp-stateless-item\" alt=\"Vacaciones que cuidan: Proteger hoy lo que ma\u00f1ana queremos disfrutar.\" style=\"object-fit:cover;\" srcset=\"https:\/\/www.greenpeace.org\/static\/planet4-mexico-stateless\/2026\/03\/c23932fa-medidas-carrusel-header-39.png 1440w, https:\/\/www.greenpeace.org\/static\/planet4-mexico-stateless\/2026\/03\/c23932fa-medidas-carrusel-header-39-300x167.png 300w, https:\/\/www.greenpeace.org\/static\/planet4-mexico-stateless\/2026\/03\/c23932fa-medidas-carrusel-header-39-1024x569.png 1024w, https:\/\/www.greenpeace.org\/static\/planet4-mexico-stateless\/2026\/03\/c23932fa-medidas-carrusel-header-39-768x427.png 768w, https:\/\/www.greenpeace.org\/static\/planet4-mexico-stateless\/2026\/03\/c23932fa-medidas-carrusel-header-39-510x283.png 510w\" sizes=\"auto, (max-width: 1440px) 100vw, 1440px\" data-image-size=\"post-thumbnail\" data-stateless-media-bucket=\"planet4-mexico-stateless\" data-stateless-media-name=\"2026\/03\/c23932fa-medidas-carrusel-header-39.png\" \/><\/a><\/figure>\n\n\n<div class=\"wp-block-group is-layout-flow wp-block-group-is-layout-flow\">\n<div class=\"wp-block-group is-layout-flex wp-block-group-is-layout-flex\"><div class=\"wp-block-post-terms\"><a href=\"https:\/\/www.greenpeace.org\/mexico\/category\/clima-y-energia\/\">Clima y energ\u00eda<\/a><\/div>\n\n<div class=\"taxonomy-post_tag wp-block-post-terms\"><a href=\"https:\/\/www.greenpeace.org\/mexico\/tag\/perdida-de-ecosistemas\/\" rel=\"tag\">P\u00e9rdida de ecosistemas<\/a><\/div><\/div>\n\n\n<h3 class=\"wp-block-post-title\"><a href=\"https:\/\/www.greenpeace.org\/mexico\/blog\/62703\/vacaciones-que-cuidan\/\" target=\"_self\" >Vacaciones que cuidan: Proteger hoy lo que ma\u00f1ana queremos disfrutar.<\/a><\/h3>\n\n<div class=\"wp-block-post-excerpt\"><p class=\"wp-block-post-excerpt__excerpt\">Semana Santa llega este a\u00f1o en medio de una emergencia ambiental\u00a0 y comunidades en crisis. No puede haber descanso en territorios contaminados. <\/p><\/div>\n\n\n<div class=\"wp-block-group posts-list-meta is-layout-flow wp-block-group-is-layout-flow\"><span class='article-list-item-author'>Greenpeace M\u00e9xico<\/span>\n\n<div class=\"wp-block-post-date\"><time datetime=\"2026-03-31T08:00:00-05:00\">marzo 31, 2026<\/time><\/div><\/div>\n<\/div>\n<\/div>\n\n<\/li><li class=\"wp-block-post post-62717 post type-post status-publish format-standard has-post-thumbnail hentry category-selva-maya tag-turismo tag-selva-maya p4-page-type-informacion-prensa\">\n\n<div class=\"wp-block-columns is-layout-flex wp-container-core-columns-is-layout-9d6595d7 wp-block-columns-is-layout-flex\"><figure class=\"wp-block-post-featured-image\"><a href=\"https:\/\/www.greenpeace.org\/mexico\/informacion-prensa\/62717\/royal-responde-no-selva-viva\/\" target=\"_self\"  ><img loading=\"lazy\" decoding=\"async\" width=\"1440\" height=\"800\" src=\"https:\/\/www.greenpeace.org\/static\/planet4-mexico-stateless\/2026\/03\/d80a165d-medidas-carrusel-header-1.png\" class=\"attachment-post-thumbnail size-post-thumbnail wp-post-image wp-stateless-item\" alt=\"Royal Caribbean omite responder al llamado de reconsiderar su inversi\u00f3n para garantizar una selva y un arrecife vivos.\" style=\"object-fit:cover;\" srcset=\"https:\/\/www.greenpeace.org\/static\/planet4-mexico-stateless\/2026\/03\/d80a165d-medidas-carrusel-header-1.png 1440w, https:\/\/www.greenpeace.org\/static\/planet4-mexico-stateless\/2026\/03\/d80a165d-medidas-carrusel-header-1-300x167.png 300w, https:\/\/www.greenpeace.org\/static\/planet4-mexico-stateless\/2026\/03\/d80a165d-medidas-carrusel-header-1-1024x569.png 1024w, https:\/\/www.greenpeace.org\/static\/planet4-mexico-stateless\/2026\/03\/d80a165d-medidas-carrusel-header-1-768x427.png 768w, https:\/\/www.greenpeace.org\/static\/planet4-mexico-stateless\/2026\/03\/d80a165d-medidas-carrusel-header-1-510x283.png 510w\" sizes=\"auto, (max-width: 1440px) 100vw, 1440px\" data-image-size=\"post-thumbnail\" data-stateless-media-bucket=\"planet4-mexico-stateless\" data-stateless-media-name=\"2026\/03\/d80a165d-medidas-carrusel-header-1.png\" \/><\/a><\/figure>\n\n\n<div class=\"wp-block-group is-layout-flow wp-block-group-is-layout-flow\">\n<div class=\"wp-block-group is-layout-flex wp-block-group-is-layout-flex\"><div class=\"wp-block-post-terms\"><a href=\"https:\/\/www.greenpeace.org\/mexico\/category\/selva-maya\/\">Selva Maya<\/a><\/div>\n\n<div class=\"taxonomy-post_tag wp-block-post-terms\"><a href=\"https:\/\/www.greenpeace.org\/mexico\/tag\/turismo\/\" rel=\"tag\">Turismo<\/a><span class=\"wp-block-post-terms__separator\"> <\/span><a href=\"https:\/\/www.greenpeace.org\/mexico\/tag\/selva-maya\/\" rel=\"tag\">Selva Maya<\/a><\/div><\/div>\n\n\n<h3 class=\"wp-block-post-title\"><a href=\"https:\/\/www.greenpeace.org\/mexico\/informacion-prensa\/62717\/royal-responde-no-selva-viva\/\" target=\"_self\" >Royal Caribbean omite responder al llamado de reconsiderar su inversi\u00f3n para garantizar una selva y un arrecife vivos.<\/a><\/h3>\n\n<div class=\"wp-block-post-excerpt\"><p class=\"wp-block-post-excerpt__excerpt\">Despu\u00e9s de que Greenpeace M\u00e9xico enviara una carta al CEO de la naviera estadounidense Royal Caribbean Internacional, Michael Bayley, as\u00ed como a su Presidente en M\u00e9xico, Ari Adler, con una contrapropuesta respecto del mega- proyecto tur\u00edstico Perfect Day en Mahahual, la naviera emiti\u00f3 su respuesta. <\/p><\/div>\n\n\n<div class=\"wp-block-group posts-list-meta is-layout-flow wp-block-group-is-layout-flow\"><span class='article-list-item-author'>Greenpeace M\u00e9xico<\/span>\n\n<div class=\"wp-block-post-date\"><time datetime=\"2026-03-30T11:51:44-05:00\">marzo 30, 2026<\/time><\/div><\/div>\n<\/div>\n<\/div>\n\n<\/li><li class=\"wp-block-post post-62589 post type-post status-publish format-standard has-post-thumbnail hentry category-cambio-climatico category-oceanos tag-combustibles-fosiles p4-page-type-informacion-prensa\">\n\n<div class=\"wp-block-columns is-layout-flex wp-container-core-columns-is-layout-9d6595d7 wp-block-columns-is-layout-flex\"><figure class=\"wp-block-post-featured-image\"><a href=\"https:\/\/www.greenpeace.org\/mexico\/informacion-prensa\/62589\/derrame-en-el-golfo-de-mexico-opacidad\/\" target=\"_self\"  ><img loading=\"lazy\" decoding=\"async\" width=\"678\" height=\"459\" src=\"https:\/\/www.greenpeace.org\/static\/planet4-mexico-stateless\/2026\/03\/5045a2fc-captura-de-pantalla-2026-03-25-144640.png\" class=\"attachment-post-thumbnail size-post-thumbnail wp-post-image wp-stateless-item\" alt=\"Actualizaci\u00f3n derrame de petr\u00f3leo: im\u00e1genes satelitales  evidencian conocimiento temprano y opacidad oficial.\" style=\"object-fit:cover;\" srcset=\"https:\/\/www.greenpeace.org\/static\/planet4-mexico-stateless\/2026\/03\/5045a2fc-captura-de-pantalla-2026-03-25-144640.png 678w, https:\/\/www.greenpeace.org\/static\/planet4-mexico-stateless\/2026\/03\/5045a2fc-captura-de-pantalla-2026-03-25-144640-300x203.png 300w, https:\/\/www.greenpeace.org\/static\/planet4-mexico-stateless\/2026\/03\/5045a2fc-captura-de-pantalla-2026-03-25-144640-502x340.png 502w\" sizes=\"auto, (max-width: 678px) 100vw, 678px\" data-image-size=\"post-thumbnail\" data-stateless-media-bucket=\"planet4-mexico-stateless\" data-stateless-media-name=\"2026\/03\/5045a2fc-captura-de-pantalla-2026-03-25-144640.png\" \/><\/a><\/figure>\n\n\n<div class=\"wp-block-group is-layout-flow wp-block-group-is-layout-flow\">\n<div class=\"wp-block-group is-layout-flex wp-block-group-is-layout-flex\"><div class=\"wp-block-post-terms\"><a href=\"https:\/\/www.greenpeace.org\/mexico\/category\/cambio-climatico\/\">Cambio clim\u00e1tico<\/a><\/div>\n\n<div class=\"taxonomy-post_tag wp-block-post-terms\"><a href=\"https:\/\/www.greenpeace.org\/mexico\/tag\/combustibles-fosiles\/\" rel=\"tag\">Combustibles f\u00f3siles<\/a><\/div><\/div>\n\n\n<h3 class=\"wp-block-post-title\"><a href=\"https:\/\/www.greenpeace.org\/mexico\/informacion-prensa\/62589\/derrame-en-el-golfo-de-mexico-opacidad\/\" target=\"_self\" >Actualizaci\u00f3n derrame de petr\u00f3leo: im\u00e1genes satelitales  evidencian conocimiento temprano y opacidad oficial.<\/a><\/h3>\n\n<div class=\"wp-block-post-excerpt\"><p class=\"wp-block-post-excerpt__excerpt\">Im\u00e1genes satelitales muestran que desde principios de febrero pasado se realizaron acciones de contenci\u00f3n ante el derrame de hidrocarburos en aguas del Golfo de M\u00e9xico, frente a las costas de Campeche. <\/p><\/div>\n\n\n<div class=\"wp-block-group posts-list-meta is-layout-flow wp-block-group-is-layout-flow\"><span class='article-list-item-author'>Greenpeace M\u00e9xico<\/span>\n\n<div class=\"wp-block-post-date\"><time datetime=\"2026-03-25T16:08:27-05:00\">marzo 25, 2026<\/time><\/div><\/div>\n<\/div>\n<\/div>\n\n<\/li><li class=\"wp-block-post post-62483 post type-post status-publish format-standard has-post-thumbnail hentry category-selva-maya tag-turismo p4-page-type-blog\">\n\n<div class=\"wp-block-columns is-layout-flex wp-container-core-columns-is-layout-9d6595d7 wp-block-columns-is-layout-flex\"><figure class=\"wp-block-post-featured-image\"><a href=\"https:\/\/www.greenpeace.org\/mexico\/blog\/62483\/vrios-subterraneos-en-peligro\/\" target=\"_self\"  ><img loading=\"lazy\" decoding=\"async\" width=\"1366\" height=\"768\" src=\"https:\/\/www.greenpeace.org\/static\/planet4-mexico-stateless\/2026\/03\/e60f1ef2-medidas-carrusel-header-sitio-web-2.png\" class=\"attachment-post-thumbnail size-post-thumbnail wp-post-image wp-stateless-item\" alt=\"\u00a1Van a contaminar los r\u00edos subterr\u00e1neos en Mahahual y no quieren que lo\u00a0 sepamos!\" style=\"object-fit:cover;\" srcset=\"https:\/\/www.greenpeace.org\/static\/planet4-mexico-stateless\/2026\/03\/e60f1ef2-medidas-carrusel-header-sitio-web-2.png 1366w, https:\/\/www.greenpeace.org\/static\/planet4-mexico-stateless\/2026\/03\/e60f1ef2-medidas-carrusel-header-sitio-web-2-300x169.png 300w, https:\/\/www.greenpeace.org\/static\/planet4-mexico-stateless\/2026\/03\/e60f1ef2-medidas-carrusel-header-sitio-web-2-1024x576.png 1024w, https:\/\/www.greenpeace.org\/static\/planet4-mexico-stateless\/2026\/03\/e60f1ef2-medidas-carrusel-header-sitio-web-2-768x432.png 768w, https:\/\/www.greenpeace.org\/static\/planet4-mexico-stateless\/2026\/03\/e60f1ef2-medidas-carrusel-header-sitio-web-2-510x287.png 510w\" sizes=\"auto, (max-width: 1366px) 100vw, 1366px\" data-image-size=\"post-thumbnail\" data-stateless-media-bucket=\"planet4-mexico-stateless\" data-stateless-media-name=\"2026\/03\/e60f1ef2-medidas-carrusel-header-sitio-web-2.png\" \/><\/a><\/figure>\n\n\n<div class=\"wp-block-group is-layout-flow wp-block-group-is-layout-flow\">\n<div class=\"wp-block-group is-layout-flex wp-block-group-is-layout-flex\"><div class=\"wp-block-post-terms\"><a href=\"https:\/\/www.greenpeace.org\/mexico\/category\/selva-maya\/\">Selva Maya<\/a><\/div>\n\n<div class=\"taxonomy-post_tag wp-block-post-terms\"><a href=\"https:\/\/www.greenpeace.org\/mexico\/tag\/turismo\/\" rel=\"tag\">Turismo<\/a><\/div><\/div>\n\n\n<h3 class=\"wp-block-post-title\"><a href=\"https:\/\/www.greenpeace.org\/mexico\/blog\/62483\/vrios-subterraneos-en-peligro\/\" target=\"_self\" >\u00a1Van a contaminar los r\u00edos subterr\u00e1neos en Mahahual y no quieren que lo\u00a0 sepamos!<\/a><\/h3>\n\n<div class=\"wp-block-post-excerpt\"><p class=\"wp-block-post-excerpt__excerpt\">\u00bfSab\u00edas que en la Pen\u00ednsula de Yucat\u00e1n se han explorado aproximadamente 407 sistemas fluviales o r\u00edos subterr\u00e1neos? Algo as\u00ed como 1,650 kil\u00f3metros y \u00e9stos podr\u00edan ser apenas&nbsp; 20% de los&hellip; <\/p><\/div>\n\n\n<div class=\"wp-block-group posts-list-meta is-layout-flow wp-block-group-is-layout-flow\"><span class='article-list-item-author'><a href='https:\/\/www.greenpeace.org\/mexico\/author\/greenpeace-mexico\/'>Greenpeace M\u00e9xico<\/a><\/span>\n\n<div class=\"wp-block-post-date\"><time datetime=\"2026-03-14T09:00:00-05:00\">marzo 14, 2026<\/time><\/div><\/div>\n<\/div>\n<\/div>\n\n<\/li><li class=\"wp-block-post post-62470 post type-post status-publish format-standard has-post-thumbnail hentry category-oceanos tag-cabo-pulmo p4-page-type-informacion-prensa\">\n\n<div class=\"wp-block-columns is-layout-flex wp-container-core-columns-is-layout-9d6595d7 wp-block-columns-is-layout-flex\"><figure class=\"wp-block-post-featured-image\"><a href=\"https:\/\/www.greenpeace.org\/mexico\/informacion-prensa\/62470\/anula-semarnat-baja-bay-club\/\" target=\"_self\"  ><img loading=\"lazy\" decoding=\"async\" width=\"1200\" height=\"800\" src=\"https:\/\/www.greenpeace.org\/static\/planet4-mexico-stateless\/2025\/05\/45108d0d-gp0su3o96_medium-res-with-credit-line-1200px.jpg\" class=\"attachment-post-thumbnail size-post-thumbnail wp-post-image wp-stateless-item\" alt=\"Anula SEMARNAT autorizaci\u00f3n del proyecto &#8220;Baja Bay Club&#8221; cercano al parque Nacional Cabo Pulmo.\" style=\"object-fit:cover;\" srcset=\"https:\/\/www.greenpeace.org\/static\/planet4-mexico-stateless\/2025\/05\/45108d0d-gp0su3o96_medium-res-with-credit-line-1200px.jpg 1200w, https:\/\/www.greenpeace.org\/static\/planet4-mexico-stateless\/2025\/05\/45108d0d-gp0su3o96_medium-res-with-credit-line-1200px-300x200.jpg 300w, https:\/\/www.greenpeace.org\/static\/planet4-mexico-stateless\/2025\/05\/45108d0d-gp0su3o96_medium-res-with-credit-line-1200px-1024x683.jpg 1024w, https:\/\/www.greenpeace.org\/static\/planet4-mexico-stateless\/2025\/05\/45108d0d-gp0su3o96_medium-res-with-credit-line-1200px-768x512.jpg 768w, https:\/\/www.greenpeace.org\/static\/planet4-mexico-stateless\/2025\/05\/45108d0d-gp0su3o96_medium-res-with-credit-line-1200px-510x340.jpg 510w\" sizes=\"auto, (max-width: 1200px) 100vw, 1200px\" data-image-size=\"post-thumbnail\" data-stateless-media-bucket=\"planet4-mexico-stateless-develop\" data-stateless-media-name=\"2025\/05\/45108d0d-gp0su3o96_medium-res-with-credit-line-1200px.jpg\" \/><\/a><\/figure>\n\n\n<div class=\"wp-block-group is-layout-flow wp-block-group-is-layout-flow\">\n<div class=\"wp-block-group is-layout-flex wp-block-group-is-layout-flex\"><div class=\"wp-block-post-terms\"><a href=\"https:\/\/www.greenpeace.org\/mexico\/category\/oceanos\/\">Oc\u00e9anos<\/a><\/div>\n\n<div class=\"taxonomy-post_tag wp-block-post-terms\"><a href=\"https:\/\/www.greenpeace.org\/mexico\/tag\/cabo-pulmo\/\" rel=\"tag\">Cabo Pulmo<\/a><\/div><\/div>\n\n\n<h3 class=\"wp-block-post-title\"><a href=\"https:\/\/www.greenpeace.org\/mexico\/informacion-prensa\/62470\/anula-semarnat-baja-bay-club\/\" target=\"_self\" >Anula SEMARNAT autorizaci\u00f3n del proyecto &#8220;Baja Bay Club&#8221; cercano al parque Nacional Cabo Pulmo.<\/a><\/h3>\n\n<div class=\"wp-block-post-excerpt\"><p class=\"wp-block-post-excerpt__excerpt\">En una decisi\u00f3n trascendental para la conservaci\u00f3n de los ecosistemas marinos de M\u00e9xico, particularmente del llamado \u201cacuario del mundo\u201d en Baja California Sur (BCS), as\u00ed como para la legalidad y&hellip; <\/p><\/div>\n\n\n<div class=\"wp-block-group posts-list-meta is-layout-flow wp-block-group-is-layout-flow\"><span class='article-list-item-author'>Greenpeace M\u00e9xico<\/span>\n\n<div class=\"wp-block-post-date\"><time datetime=\"2026-03-12T17:08:19-05:00\">marzo 12, 2026<\/time><\/div><\/div>\n<\/div>\n<\/div>\n\n<\/li><li class=\"wp-block-post post-62425 post type-post status-publish format-standard has-post-thumbnail hentry category-selva-maya tag-turismo p4-page-type-informacion-prensa\">\n\n<div class=\"wp-block-columns is-layout-flex wp-container-core-columns-is-layout-9d6595d7 wp-block-columns-is-layout-flex\"><figure class=\"wp-block-post-featured-image\"><a href=\"https:\/\/www.greenpeace.org\/mexico\/informacion-prensa\/62425\/dia-perfecto-para-quien\/\" target=\"_self\"  ><img loading=\"lazy\" decoding=\"async\" width=\"8192\" height=\"5464\" src=\"https:\/\/www.greenpeace.org\/static\/planet4-mexico-stateless\/2026\/03\/eaa70be7-graf7756.jpg\" class=\"attachment-post-thumbnail size-post-thumbnail wp-post-image wp-stateless-item\" alt=\"\u201cD\u00eda Perfecto\u201d \u00bfpara qui\u00e9n?\" style=\"object-fit:cover;\" srcset=\"https:\/\/www.greenpeace.org\/static\/planet4-mexico-stateless\/2026\/03\/eaa70be7-graf7756.jpg 8192w, https:\/\/www.greenpeace.org\/static\/planet4-mexico-stateless\/2026\/03\/eaa70be7-graf7756-300x200.jpg 300w, https:\/\/www.greenpeace.org\/static\/planet4-mexico-stateless\/2026\/03\/eaa70be7-graf7756-1024x683.jpg 1024w, https:\/\/www.greenpeace.org\/static\/planet4-mexico-stateless\/2026\/03\/eaa70be7-graf7756-768x512.jpg 768w, https:\/\/www.greenpeace.org\/static\/planet4-mexico-stateless\/2026\/03\/eaa70be7-graf7756-1536x1025.jpg 1536w, https:\/\/www.greenpeace.org\/static\/planet4-mexico-stateless\/2026\/03\/eaa70be7-graf7756-510x340.jpg 510w\" sizes=\"auto, (max-width: 8192px) 100vw, 8192px\" data-image-size=\"post-thumbnail\" data-stateless-media-bucket=\"planet4-mexico-stateless\" data-stateless-media-name=\"2026\/03\/eaa70be7-graf7756.jpg\" \/><\/a><\/figure>\n\n\n<div class=\"wp-block-group is-layout-flow wp-block-group-is-layout-flow\">\n<div class=\"wp-block-group is-layout-flex wp-block-group-is-layout-flex\"><div class=\"wp-block-post-terms\"><a href=\"https:\/\/www.greenpeace.org\/mexico\/category\/selva-maya\/\">Selva Maya<\/a><\/div>\n\n<div class=\"taxonomy-post_tag wp-block-post-terms\"><a href=\"https:\/\/www.greenpeace.org\/mexico\/tag\/turismo\/\" rel=\"tag\">Turismo<\/a><\/div><\/div>\n\n\n<h3 class=\"wp-block-post-title\"><a href=\"https:\/\/www.greenpeace.org\/mexico\/informacion-prensa\/62425\/dia-perfecto-para-quien\/\" target=\"_self\" >\u201cD\u00eda Perfecto\u201d \u00bfpara qui\u00e9n?<\/a><\/h3>\n\n<div class=\"wp-block-post-excerpt\"><p class=\"wp-block-post-excerpt__excerpt\">Greenpeace M\u00e9xico llama a Royal Caribbean a que desista de implementar su megaparque acu\u00e1tico en Mahahual, en la Pen\u00ednsula de Yucat\u00e1nLa inversi\u00f3n anunciada por la compa\u00f1\u00eda es m\u00e1s del doble&hellip; <\/p><\/div>\n\n\n<div class=\"wp-block-group posts-list-meta is-layout-flow wp-block-group-is-layout-flow\"><span class='article-list-item-author'><a href='https:\/\/www.greenpeace.org\/mexico\/author\/greenpeace-mexico\/'>Greenpeace M\u00e9xico<\/a><\/span>\n\n<div class=\"wp-block-post-date\"><time datetime=\"2026-03-05T15:37:37-05:00\">marzo 5, 2026<\/time><\/div><\/div>\n<\/div>\n<\/div>\n\n<\/li><li class=\"wp-block-post post-62414 post type-post status-publish format-standard has-post-thumbnail hentry category-selva-maya tag-turismo tag-perdida-de-ecosistemas p4-page-type-blog\">\n\n<div class=\"wp-block-columns is-layout-flex wp-container-core-columns-is-layout-9d6595d7 wp-block-columns-is-layout-flex\"><figure class=\"wp-block-post-featured-image\"><a href=\"https:\/\/www.greenpeace.org\/mexico\/blog\/62414\/royal-caribbean-aun-puedes-ser-el-bueno\/\" target=\"_self\"  ><img loading=\"lazy\" decoding=\"async\" width=\"1366\" height=\"768\" src=\"https:\/\/www.greenpeace.org\/static\/planet4-mexico-stateless\/2026\/03\/57d1535a-medidas-carrusel-header-sitio-web.png\" class=\"attachment-post-thumbnail size-post-thumbnail wp-post-image wp-stateless-item\" alt=\"Royal Caribbean a\u00fan puedes ser el bueno de la historia: Construir para extraer o invertir para rescatar y preservar\" style=\"object-fit:cover;\" srcset=\"https:\/\/www.greenpeace.org\/static\/planet4-mexico-stateless\/2026\/03\/57d1535a-medidas-carrusel-header-sitio-web.png 1366w, https:\/\/www.greenpeace.org\/static\/planet4-mexico-stateless\/2026\/03\/57d1535a-medidas-carrusel-header-sitio-web-300x169.png 300w, https:\/\/www.greenpeace.org\/static\/planet4-mexico-stateless\/2026\/03\/57d1535a-medidas-carrusel-header-sitio-web-1024x576.png 1024w, https:\/\/www.greenpeace.org\/static\/planet4-mexico-stateless\/2026\/03\/57d1535a-medidas-carrusel-header-sitio-web-768x432.png 768w, https:\/\/www.greenpeace.org\/static\/planet4-mexico-stateless\/2026\/03\/57d1535a-medidas-carrusel-header-sitio-web-510x287.png 510w\" sizes=\"auto, (max-width: 1366px) 100vw, 1366px\" data-image-size=\"post-thumbnail\" data-stateless-media-bucket=\"planet4-mexico-stateless\" data-stateless-media-name=\"2026\/03\/57d1535a-medidas-carrusel-header-sitio-web.png\" \/><\/a><\/figure>\n\n\n<div class=\"wp-block-group is-layout-flow wp-block-group-is-layout-flow\">\n<div class=\"wp-block-group is-layout-flex wp-block-group-is-layout-flex\"><div class=\"wp-block-post-terms\"><a href=\"https:\/\/www.greenpeace.org\/mexico\/category\/selva-maya\/\">Selva Maya<\/a><\/div>\n\n<div class=\"taxonomy-post_tag wp-block-post-terms\"><a href=\"https:\/\/www.greenpeace.org\/mexico\/tag\/turismo\/\" rel=\"tag\">Turismo<\/a><span class=\"wp-block-post-terms__separator\"> <\/span><a href=\"https:\/\/www.greenpeace.org\/mexico\/tag\/perdida-de-ecosistemas\/\" rel=\"tag\">P\u00e9rdida de ecosistemas<\/a><\/div><\/div>\n\n\n<h3 class=\"wp-block-post-title\"><a href=\"https:\/\/www.greenpeace.org\/mexico\/blog\/62414\/royal-caribbean-aun-puedes-ser-el-bueno\/\" target=\"_self\" >Royal Caribbean a\u00fan puedes ser el bueno de la historia: Construir para extraer o invertir para rescatar y preservar<\/a><\/h3>\n\n<div class=\"wp-block-post-excerpt\"><p class=\"wp-block-post-excerpt__excerpt\">Imaginemos por un momento que no es un punto en un mapa, ni un sitio tur\u00edstico, sino nuestro hogar. Que el manglar frente a casa es lo que nos protege&hellip; <\/p><\/div>\n\n\n<div class=\"wp-block-group posts-list-meta is-layout-flow wp-block-group-is-layout-flow\"><span class='article-list-item-author'>Greenpeace M\u00e9xico<\/span>\n\n<div class=\"wp-block-post-date\"><time datetime=\"2026-03-05T11:01:14-05:00\">marzo 5, 2026<\/time><\/div><\/div>\n<\/div>\n<\/div>\n\n<\/li><li class=\"wp-block-post post-62376 post type-post status-publish format-standard has-post-thumbnail hentry category-oceanos tag-cambio-climatico tag-tratado-global-de-oceanos tag-mexico-sin-plasticos p4-page-type-blog\">\n\n<div class=\"wp-block-columns is-layout-flex wp-container-core-columns-is-layout-9d6595d7 wp-block-columns-is-layout-flex\"><figure class=\"wp-block-post-featured-image\"><a href=\"https:\/\/www.greenpeace.org\/mexico\/blog\/62376\/acapulco-lleno-de-vida-marina\/\" target=\"_self\"  ><img loading=\"lazy\" decoding=\"async\" width=\"2560\" height=\"1707\" src=\"https:\/\/www.greenpeace.org\/static\/planet4-mexico-stateless\/2026\/03\/0ad981b9-3580-scaled.jpg\" class=\"attachment-post-thumbnail size-post-thumbnail wp-post-image wp-stateless-item\" alt=\"Acapulco lleno de vida marina\" style=\"object-fit:cover;\" srcset=\"https:\/\/www.greenpeace.org\/static\/planet4-mexico-stateless\/2026\/03\/0ad981b9-3580-scaled.jpg 2560w, https:\/\/www.greenpeace.org\/static\/planet4-mexico-stateless\/2026\/03\/0ad981b9-3580-300x200.jpg 300w, https:\/\/www.greenpeace.org\/static\/planet4-mexico-stateless\/2026\/03\/0ad981b9-3580-1024x683.jpg 1024w, https:\/\/www.greenpeace.org\/static\/planet4-mexico-stateless\/2026\/03\/0ad981b9-3580-768x512.jpg 768w, https:\/\/www.greenpeace.org\/static\/planet4-mexico-stateless\/2026\/03\/0ad981b9-3580-1536x1024.jpg 1536w, https:\/\/www.greenpeace.org\/static\/planet4-mexico-stateless\/2026\/03\/0ad981b9-3580-2048x1366.jpg 2048w, https:\/\/www.greenpeace.org\/static\/planet4-mexico-stateless\/2026\/03\/0ad981b9-3580-510x340.jpg 510w\" sizes=\"auto, (max-width: 2560px) 100vw, 2560px\" data-image-size=\"post-thumbnail\" data-stateless-media-bucket=\"planet4-mexico-stateless\" data-stateless-media-name=\"2026\/03\/0ad981b9-3580-scaled.jpg\" \/><\/a><\/figure>\n\n\n<div class=\"wp-block-group is-layout-flow wp-block-group-is-layout-flow\">\n<div class=\"wp-block-group is-layout-flex wp-block-group-is-layout-flex\"><div class=\"wp-block-post-terms\"><a href=\"https:\/\/www.greenpeace.org\/mexico\/category\/oceanos\/\">Oc\u00e9anos<\/a><\/div>\n\n<div class=\"taxonomy-post_tag wp-block-post-terms\"><a href=\"https:\/\/www.greenpeace.org\/mexico\/tag\/cambio-climatico\/\" rel=\"tag\">Cambio clim\u00e1tico<\/a><span class=\"wp-block-post-terms__separator\"> <\/span><a href=\"https:\/\/www.greenpeace.org\/mexico\/tag\/tratado-global-de-oceanos\/\" rel=\"tag\">Tratado Global de Oc\u00e9anos<\/a><span class=\"wp-block-post-terms__separator\"> <\/span><a href=\"https:\/\/www.greenpeace.org\/mexico\/tag\/mexico-sin-plasticos\/\" rel=\"tag\">M\u00e9xico sin pl\u00e1sticos<\/a><\/div><\/div>\n\n\n<h3 class=\"wp-block-post-title\"><a href=\"https:\/\/www.greenpeace.org\/mexico\/blog\/62376\/acapulco-lleno-de-vida-marina\/\" target=\"_self\" >Acapulco lleno de vida marina<\/a><\/h3>\n\n<div class=\"wp-block-post-excerpt\"><p class=\"wp-block-post-excerpt__excerpt\">Acapulco como otras zonas costeras del pa\u00eds ha sido golpeado por el cambios clim\u00e1tico, de manera que los huracanes y tormentas extremas <\/p><\/div>\n\n\n<div class=\"wp-block-group posts-list-meta is-layout-flow wp-block-group-is-layout-flow\"><span class='article-list-item-author'>Greenpeace M\u00e9xico<\/span>\n\n<div class=\"wp-block-post-date\"><time datetime=\"2026-03-01T15:39:02-05:00\">marzo 1, 2026<\/time><\/div><\/div>\n<\/div>\n<\/div>\n\n<\/li><li class=\"wp-block-post post-62251 post type-post status-publish format-standard has-post-thumbnail hentry category-oceanos tag-perdida-de-ecosistemas tag-tratado-global-de-oceanos p4-page-type-blog\">\n\n<div class=\"wp-block-columns is-layout-flex wp-container-core-columns-is-layout-9d6595d7 wp-block-columns-is-layout-flex\"><figure class=\"wp-block-post-featured-image\"><a href=\"https:\/\/www.greenpeace.org\/mexico\/blog\/62251\/papalotes-acapulco-2026\/\" target=\"_self\"  ><img loading=\"lazy\" decoding=\"async\" width=\"1440\" height=\"800\" src=\"https:\/\/www.greenpeace.org\/static\/planet4-mexico-stateless\/2026\/02\/7b659a1c-medidas-carrusel-header-8.png\" class=\"attachment-post-thumbnail size-post-thumbnail wp-post-image wp-stateless-item\" alt=\"El cielo se llena de papalotes y los oc\u00e9anos alzan la voz.\" style=\"object-fit:cover;\" srcset=\"https:\/\/www.greenpeace.org\/static\/planet4-mexico-stateless\/2026\/02\/7b659a1c-medidas-carrusel-header-8.png 1440w, https:\/\/www.greenpeace.org\/static\/planet4-mexico-stateless\/2026\/02\/7b659a1c-medidas-carrusel-header-8-300x167.png 300w, https:\/\/www.greenpeace.org\/static\/planet4-mexico-stateless\/2026\/02\/7b659a1c-medidas-carrusel-header-8-1024x569.png 1024w, https:\/\/www.greenpeace.org\/static\/planet4-mexico-stateless\/2026\/02\/7b659a1c-medidas-carrusel-header-8-768x427.png 768w, https:\/\/www.greenpeace.org\/static\/planet4-mexico-stateless\/2026\/02\/7b659a1c-medidas-carrusel-header-8-510x283.png 510w\" sizes=\"auto, (max-width: 1440px) 100vw, 1440px\" data-image-size=\"post-thumbnail\" data-stateless-media-bucket=\"planet4-mexico-stateless\" data-stateless-media-name=\"2026\/02\/7b659a1c-medidas-carrusel-header-8.png\" \/><\/a><\/figure>\n\n\n<div class=\"wp-block-group is-layout-flow wp-block-group-is-layout-flow\">\n<div class=\"wp-block-group is-layout-flex wp-block-group-is-layout-flex\"><div class=\"wp-block-post-terms\"><a href=\"https:\/\/www.greenpeace.org\/mexico\/category\/oceanos\/\">Oc\u00e9anos<\/a><\/div>\n\n<div class=\"taxonomy-post_tag wp-block-post-terms\"><a href=\"https:\/\/www.greenpeace.org\/mexico\/tag\/perdida-de-ecosistemas\/\" rel=\"tag\">P\u00e9rdida de ecosistemas<\/a><span class=\"wp-block-post-terms__separator\"> <\/span><a href=\"https:\/\/www.greenpeace.org\/mexico\/tag\/tratado-global-de-oceanos\/\" rel=\"tag\">Tratado Global de Oc\u00e9anos<\/a><\/div><\/div>\n\n\n<h3 class=\"wp-block-post-title\"><a href=\"https:\/\/www.greenpeace.org\/mexico\/blog\/62251\/papalotes-acapulco-2026\/\" target=\"_self\" >El cielo se llena de papalotes y los oc\u00e9anos alzan la voz.<\/a><\/h3>\n\n<div class=\"wp-block-post-excerpt\"><p class=\"wp-block-post-excerpt__excerpt\">Estamos organizando el festival de papalotes monumentales que se llevara a cabo el 1 de marzo en la Playa del Princess, llevaremos 20 papalotes monumentales con figuras de animales marinos,&hellip; <\/p><\/div>\n\n\n<div class=\"wp-block-group posts-list-meta is-layout-flow wp-block-group-is-layout-flow\"><span class='article-list-item-author'>Greenpeace M\u00e9xico<\/span>\n\n<div class=\"wp-block-post-date\"><time datetime=\"2026-02-20T10:00:00-05:00\">febrero 20, 2026<\/time><\/div><\/div>\n<\/div>\n<\/div>\n\n<\/li><li class=\"wp-block-post post-62237 post type-post status-publish format-standard has-post-thumbnail hentry category-selva-maya tag-turismo tag-perdida-de-ecosistemas p4-page-type-blog\">\n\n<div class=\"wp-block-columns is-layout-flex wp-container-core-columns-is-layout-9d6595d7 wp-block-columns-is-layout-flex\"><figure class=\"wp-block-post-featured-image\"><a href=\"https:\/\/www.greenpeace.org\/mexico\/blog\/62237\/10-datos-mas-escandalosos-de-perfect-day\/\" target=\"_self\"  ><img loading=\"lazy\" decoding=\"async\" width=\"1366\" height=\"768\" src=\"https:\/\/www.greenpeace.org\/static\/planet4-mexico-stateless\/2026\/02\/35d46cda-copia-de-7-red-flags-post-de-instagram-45.png\" class=\"attachment-post-thumbnail size-post-thumbnail wp-post-image wp-stateless-item\" alt=\"10 datos m\u00e1s escandalosos de las MIA\u00b4S de Perfect Day de Royal Caribbean.\" style=\"object-fit:cover;\" srcset=\"https:\/\/www.greenpeace.org\/static\/planet4-mexico-stateless\/2026\/02\/35d46cda-copia-de-7-red-flags-post-de-instagram-45.png 1366w, https:\/\/www.greenpeace.org\/static\/planet4-mexico-stateless\/2026\/02\/35d46cda-copia-de-7-red-flags-post-de-instagram-45-300x169.png 300w, https:\/\/www.greenpeace.org\/static\/planet4-mexico-stateless\/2026\/02\/35d46cda-copia-de-7-red-flags-post-de-instagram-45-1024x576.png 1024w, https:\/\/www.greenpeace.org\/static\/planet4-mexico-stateless\/2026\/02\/35d46cda-copia-de-7-red-flags-post-de-instagram-45-768x432.png 768w, https:\/\/www.greenpeace.org\/static\/planet4-mexico-stateless\/2026\/02\/35d46cda-copia-de-7-red-flags-post-de-instagram-45-510x287.png 510w\" sizes=\"auto, (max-width: 1366px) 100vw, 1366px\" data-image-size=\"post-thumbnail\" data-stateless-media-bucket=\"planet4-mexico-stateless\" data-stateless-media-name=\"2026\/02\/35d46cda-copia-de-7-red-flags-post-de-instagram-45.png\" \/><\/a><\/figure>\n\n\n<div class=\"wp-block-group is-layout-flow wp-block-group-is-layout-flow\">\n<div class=\"wp-block-group is-layout-flex wp-block-group-is-layout-flex\"><div class=\"wp-block-post-terms\"><a href=\"https:\/\/www.greenpeace.org\/mexico\/category\/selva-maya\/\">Selva Maya<\/a><\/div>\n\n<div class=\"taxonomy-post_tag wp-block-post-terms\"><a href=\"https:\/\/www.greenpeace.org\/mexico\/tag\/turismo\/\" rel=\"tag\">Turismo<\/a><span class=\"wp-block-post-terms__separator\"> <\/span><a href=\"https:\/\/www.greenpeace.org\/mexico\/tag\/perdida-de-ecosistemas\/\" rel=\"tag\">P\u00e9rdida de ecosistemas<\/a><\/div><\/div>\n\n\n<h3 class=\"wp-block-post-title\"><a href=\"https:\/\/www.greenpeace.org\/mexico\/blog\/62237\/10-datos-mas-escandalosos-de-perfect-day\/\" target=\"_self\" >10 datos m\u00e1s escandalosos de las MIA\u00b4S de Perfect Day de Royal Caribbean.<\/a><\/h3>\n\n<div class=\"wp-block-post-excerpt\"><p class=\"wp-block-post-excerpt__excerpt\">El proyecto Perfect Day de Royal Caribbean, un parque tur\u00edstico masivo para cruceros que pretende realizarse en Mahahual , Quintana Roo, y espera recibir hasta 21,000 visitantes al d\u00eda en&hellip; <\/p><\/div>\n\n\n<div class=\"wp-block-group posts-list-meta is-layout-flow wp-block-group-is-layout-flow\"><span class='article-list-item-author'><a href='https:\/\/www.greenpeace.org\/mexico\/author\/greenpeace-mexico\/'>Greenpeace M\u00e9xico<\/a><\/span>\n\n<div class=\"wp-block-post-date\"><time datetime=\"2026-02-19T09:55:35-05:00\">febrero 19, 2026<\/time><\/div><\/div>\n<\/div>\n<\/div>\n\n<\/li><\/ul>\n\n\n<div class=\"wp-block-buttons carousel-controls is-horizontal is-content-justification-space-between is-nowrap is-layout-flex wp-container-core-buttons-is-layout-044bd602 wp-block-buttons-is-layout-flex\">\n<div class=\"wp-block-button carousel-control-prev\"><button type=\"button\" class=\"wp-block-button__link wp-element-button\">Previous Carousel Slide<\/button><\/div>\n\n\n\n<div class=\"wp-block-button carousel-control-next\"><button type=\"button\" class=\"wp-block-button__link wp-element-button\">Next Carousel Slide<\/button><\/div>\n<\/div>\n\n\n<li class=\" wp-block-navigation-item see-all-link wp-block-navigation-link\"><a class=\"wp-block-navigation-item__content\"  href=\"https:\/\/www.greenpeace.org\/mexico\/news-stories\/?category=oceanos\"><span class=\"wp-block-navigation-item__label\">See all posts<\/span><\/a><\/li><\/div>\n\n<div class=\"wp-block-group container has-green-800-background-color has-background is-layout-constrained wp-block-group-is-layout-constrained\" style=\"padding-top:var(--wp--preset--spacing--20);padding-bottom:var(--wp--preset--spacing--20)\">\n<div style=\"height:24px\" aria-hidden=\"true\" class=\"wp-block-spacer\"><\/div>\n\n\n\n<h2 class=\"wp-block-heading has-text-align-center has-white-color has-text-color has-link-color wp-elements-d1df2a17efe1b6fef2e2959c525b7e57\" style=\"margin-top:1px;margin-right:0;margin-bottom:1px;margin-left:0;font-size:45px\">\u00a1\u00danete!<\/h2>\n\n\n\n<div class=\"wp-block-columns is-not-stacked-on-mobile is-style-mobile-carousel is-layout-flex wp-container-core-columns-is-layout-9d6595d7 wp-block-columns-is-layout-flex\">\n<div class=\"wp-block-column is-layout-flow wp-block-column-is-layout-flow\">\n<div class=\"wp-block-group group-stretched-link is-layout-flow wp-block-group-is-layout-flow\">\n<figure class=\"wp-block-image aligncenter size-full is-resized force-no-lightbox force-no-caption mb-0 is-style-default\"><img loading=\"lazy\" decoding=\"async\" width=\"1080\" height=\"1080\" src=\"https:\/\/www.greenpeace.org\/static\/planet4-mexico-stateless\/2025\/02\/98b999d4-texto.png\" alt=\"\" class=\"wp-image-54726\" style=\"object-fit:contain;width:120px;height:120px\" srcset=\"https:\/\/www.greenpeace.org\/static\/planet4-mexico-stateless\/2025\/02\/98b999d4-texto.png 1080w, https:\/\/www.greenpeace.org\/static\/planet4-mexico-stateless\/2025\/02\/98b999d4-texto-300x300.png 300w, https:\/\/www.greenpeace.org\/static\/planet4-mexico-stateless\/2025\/02\/98b999d4-texto-1024x1024.png 1024w, https:\/\/www.greenpeace.org\/static\/planet4-mexico-stateless\/2025\/02\/98b999d4-texto-150x150.png 150w, https:\/\/www.greenpeace.org\/static\/planet4-mexico-stateless\/2025\/02\/98b999d4-texto-768x768.png 768w, https:\/\/www.greenpeace.org\/static\/planet4-mexico-stateless\/2025\/02\/98b999d4-texto-340x340.png 340w\" sizes=\"auto, (max-width: 1080px) 100vw, 1080px\" \/><\/figure>\n\n\n\n<div style=\"height:16px\" aria-hidden=\"true\" class=\"wp-block-spacer\"><\/div>\n\n\n\n<h5 class=\"wp-block-heading has-text-align-center has-white-color has-text-color has-link-color wp-elements-e9370ffa40d31c7d13766e6821723861\" style=\"font-size:1.4rem\"><a href=\"https:\/\/www.greenpeace.org\/mexico\/socios-y-socias\/\" target=\"_blank\" rel=\"noreferrer noopener\">Hazte socio\/a<\/a><\/h5>\n<\/div>\n<\/div>\n\n\n\n<div class=\"wp-block-column is-layout-flow wp-block-column-is-layout-flow\">\n<div class=\"wp-block-group group-stretched-link is-layout-flow wp-block-group-is-layout-flow\">\n<figure class=\"wp-block-image aligncenter size-full is-resized force-no-lightbox force-no-caption mb-0 is-style-default\"><img loading=\"lazy\" decoding=\"async\" width=\"512\" height=\"512\" src=\"https:\/\/www.greenpeace.org\/static\/planet4-mexico-stateless\/2025\/02\/a6eae3fb-peticion.png\" alt=\"\" class=\"wp-image-54727\" style=\"object-fit:cover;width:120px;height:120px\" srcset=\"https:\/\/www.greenpeace.org\/static\/planet4-mexico-stateless\/2025\/02\/a6eae3fb-peticion.png 512w, https:\/\/www.greenpeace.org\/static\/planet4-mexico-stateless\/2025\/02\/a6eae3fb-peticion-300x300.png 300w, https:\/\/www.greenpeace.org\/static\/planet4-mexico-stateless\/2025\/02\/a6eae3fb-peticion-150x150.png 150w, https:\/\/www.greenpeace.org\/static\/planet4-mexico-stateless\/2025\/02\/a6eae3fb-peticion-340x340.png 340w\" sizes=\"auto, (max-width: 512px) 100vw, 512px\" \/><\/figure>\n\n\n\n<div style=\"height:16px\" aria-hidden=\"true\" class=\"wp-block-spacer\"><\/div>\n\n\n\n<h5 class=\"wp-block-heading has-text-align-center has-white-color has-text-color has-link-color wp-elements-5ab51a43a5efcc897fda06930408194b\" style=\"font-size:1.4rem\"><a href=\"https:\/\/www.greenpeace.org\/mexico\/participa\/peticiones\/\" target=\"_blank\" rel=\"noreferrer noopener\">Firma nuestras peticiones<\/a><\/h5>\n<\/div>\n<\/div>\n\n\n\n<div class=\"wp-block-column is-layout-flow wp-block-column-is-layout-flow\">\n<div class=\"wp-block-group group-stretched-link is-layout-flow wp-block-group-is-layout-flow\">\n<figure class=\"wp-block-image aligncenter size-full is-resized force-no-lightbox force-no-caption mb-0 is-style-default\"><img loading=\"lazy\" decoding=\"async\" width=\"512\" height=\"512\" src=\"https:\/\/www.greenpeace.org\/static\/planet4-mexico-stateless\/2025\/02\/a3d4a203-98cd-441c-9595-890eaa94e256.png\" alt=\"\" class=\"wp-image-54728\" style=\"object-fit:cover;width:120px;height:auto\" srcset=\"https:\/\/www.greenpeace.org\/static\/planet4-mexico-stateless\/2025\/02\/a3d4a203-98cd-441c-9595-890eaa94e256.png 512w, https:\/\/www.greenpeace.org\/static\/planet4-mexico-stateless\/2025\/02\/a3d4a203-98cd-441c-9595-890eaa94e256-300x300.png 300w, https:\/\/www.greenpeace.org\/static\/planet4-mexico-stateless\/2025\/02\/a3d4a203-98cd-441c-9595-890eaa94e256-150x150.png 150w, https:\/\/www.greenpeace.org\/static\/planet4-mexico-stateless\/2025\/02\/a3d4a203-98cd-441c-9595-890eaa94e256-340x340.png 340w\" sizes=\"auto, (max-width: 512px) 100vw, 512px\" \/><\/figure>\n\n\n\n<div style=\"height:16px\" aria-hidden=\"true\" class=\"wp-block-spacer\"><\/div>\n\n\n\n<h5 class=\"wp-block-heading has-text-align-center has-white-color has-text-color has-link-color wp-elements-79c5b9a5493b58093d4f5b427ad912c2\" style=\"font-size:1.4rem\"><a href=\"https:\/\/www.greenpeace.org\/mexico\/participa\/voluntariado\/\" target=\"_blank\" rel=\"noreferrer noopener\">Hazte voluntario\/a<\/a><\/h5>\n<\/div>\n<\/div>\n\n\n\n<div class=\"wp-block-column is-layout-flow wp-block-column-is-layout-flow\">\n<div class=\"wp-block-group group-stretched-link is-layout-flow wp-block-group-is-layout-flow\">\n<figure class=\"wp-block-image aligncenter size-full is-resized force-no-lightbox force-no-caption mb-0 is-style-default\"><img loading=\"lazy\" decoding=\"async\" width=\"512\" height=\"512\" src=\"https:\/\/www.greenpeace.org\/static\/planet4-mexico-stateless\/2025\/02\/02954e25-968f-497d-ad6d-47e74acdceee.png\" alt=\"\" class=\"wp-image-54729\" style=\"object-fit:cover;width:120px;height:120px\" srcset=\"https:\/\/www.greenpeace.org\/static\/planet4-mexico-stateless\/2025\/02\/02954e25-968f-497d-ad6d-47e74acdceee.png 512w, https:\/\/www.greenpeace.org\/static\/planet4-mexico-stateless\/2025\/02\/02954e25-968f-497d-ad6d-47e74acdceee-300x300.png 300w, https:\/\/www.greenpeace.org\/static\/planet4-mexico-stateless\/2025\/02\/02954e25-968f-497d-ad6d-47e74acdceee-150x150.png 150w, https:\/\/www.greenpeace.org\/static\/planet4-mexico-stateless\/2025\/02\/02954e25-968f-497d-ad6d-47e74acdceee-340x340.png 340w\" sizes=\"auto, (max-width: 512px) 100vw, 512px\" \/><\/figure>\n\n\n\n<div style=\"height:16px\" aria-hidden=\"true\" class=\"wp-block-spacer\"><\/div>\n\n\n\n<h5 class=\"wp-block-heading has-text-align-center has-white-color has-text-color has-link-color wp-elements-29f2b363ba4a526456574e03185b8961\" style=\"font-size:1.4rem\"><a href=\"https:\/\/www.greenpeace.org\/mexico\/ciberactivismo\/\" target=\"_blank\" rel=\"noreferrer noopener\">Hazte ciberactivista<\/a><\/h5>\n<\/div>\n<\/div>\n<\/div>\n<\/div>\n\n<div style=\"height:40px\" aria-hidden=\"true\" class=\"wp-block-spacer\"><\/div>\n","protected":false},"excerpt":{"rendered":"<p>\u00bfQu\u00e9 es la biodiversidad y por qu\u00e9 es tan importante? La biodiversidad es la variedad de formas de vida que habitan nuestro planeta: desde diminutos organismos como el plancton hasta imponentes jaguares, pasando por plantas, hongos, insectos, animales y seres humanos. Todas las especies formamos parte de un equilibrio que permite que la vida, como [&hellip;]<\/p>\n","protected":false},"author":83,"featured_media":56914,"parent":56945,"menu_order":0,"comment_status":"closed","ping_status":"closed","template":"","meta":{"ep_exclude_from_search":false,"p4_hide_page_title_checkbox":"on","p4_title":"","p4_subtitle":"","p4_description":"","background_image_id":"","background_image":"","p4_button_title":"","p4_button_link":"","p4_button_link_checkbox":"","p4_og_title":"P\u00e9rdida de Biodiversidad en M\u00e9xico: Especies en Riesgo","p4_og_description":"Explora c\u00f3mo la biodiversidad mexicana se encuentra amenazada y qu\u00e9 acciones impulsa Greenpeace para protegerla.","p4_og_image":"","p4_og_image_id":"","p4_seo_canonical_url":"https:\/\/www.greenpeace.org\/mexico\/perdida-de-biodiversidad\/","p4_campaign_name":"","p4_local_project":"","p4_basket_name":"","p4_department":"","footnotes":""},"categories":[],"tags":[],"class_list":["post-56913","page","type-page","status-publish","has-post-thumbnail","hentry"],"_links":{"self":[{"href":"https:\/\/www.greenpeace.org\/mexico\/wp-json\/wp\/v2\/pages\/56913","targetHints":{"allow":["GET"]}}],"collection":[{"href":"https:\/\/www.greenpeace.org\/mexico\/wp-json\/wp\/v2\/pages"}],"about":[{"href":"https:\/\/www.greenpeace.org\/mexico\/wp-json\/wp\/v2\/types\/page"}],"author":[{"embeddable":true,"href":"https:\/\/www.greenpeace.org\/mexico\/wp-json\/wp\/v2\/users\/83"}],"replies":[{"embeddable":true,"href":"https:\/\/www.greenpeace.org\/mexico\/wp-json\/wp\/v2\/comments?post=56913"}],"version-history":[{"count":8,"href":"https:\/\/www.greenpeace.org\/mexico\/wp-json\/wp\/v2\/pages\/56913\/revisions"}],"predecessor-version":[{"id":61191,"href":"https:\/\/www.greenpeace.org\/mexico\/wp-json\/wp\/v2\/pages\/56913\/revisions\/61191"}],"up":[{"embeddable":true,"href":"https:\/\/www.greenpeace.org\/mexico\/wp-json\/wp\/v2\/pages\/56945"}],"wp:featuredmedia":[{"embeddable":true,"href":"https:\/\/www.greenpeace.org\/mexico\/wp-json\/wp\/v2\/media\/56914"}],"wp:attachment":[{"href":"https:\/\/www.greenpeace.org\/mexico\/wp-json\/wp\/v2\/media?parent=56913"}],"wp:term":[{"taxonomy":"category","embeddable":true,"href":"https:\/\/www.greenpeace.org\/mexico\/wp-json\/wp\/v2\/categories?post=56913"},{"taxonomy":"post_tag","embeddable":true,"href":"https:\/\/www.greenpeace.org\/mexico\/wp-json\/wp\/v2\/tags?post=56913"}],"curies":[{"name":"wp","href":"https:\/\/api.w.org\/{rel}","templated":true}]}}