{"id":73867,"date":"2026-03-30T09:53:54","date_gmt":"2026-03-30T07:53:54","guid":{"rendered":"https:\/\/www.greenpeace.org\/nl\/?post_type=p4_action&#038;p=73867"},"modified":"2026-04-24T10:28:16","modified_gmt":"2026-04-24T08:28:16","slug":"stop-de-verwoestende-vee-industrie","status":"publish","type":"p4_action","link":"https:\/\/www.greenpeace.org\/nl\/acties\/stop-de-verwoestende-vee-industrie\/","title":{"rendered":"Stop de verwoestende vee-industrie"},"content":{"rendered":"\n\n<div class=\"wp-block-group block is-layout-flow wp-block-group-is-layout-flow\">\n<div class=\"wp-block-group alignfull has-white-background-color has-background is-layout-flow wp-block-group-is-layout-flow\" style=\"padding-top:80px;padding-bottom:50px\">\n<div class=\"wp-block-group container is-layout-flow wp-block-group-is-layout-flow\">\n<div class=\"wp-block-columns is-layout-flex wp-container-core-columns-is-layout-9d6595d7 wp-block-columns-is-layout-flex\">\n<div class=\"wp-block-column is-layout-flow wp-block-column-is-layout-flow\">\n<h2 class=\"wp-block-heading\" style=\"font-size:40px\"><\/h2>\n\n\n\n<p><\/p>\n<\/div>\n\n\n\n<div class=\"wp-block-column is-layout-flow wp-block-column-is-layout-flow\"><\/div>\n<\/div>\n<\/div>\n<\/div>\n\n\n\n<div class=\"wp-block-group alignfull has-beige-100-background-color has-background is-layout-flow wp-block-group-is-layout-flow\" style=\"padding-top:80px;padding-bottom:80px\">\n<div class=\"wp-block-group container is-layout-flow wp-block-group-is-layout-flow\">\n\n<div class=\"wp-block-media-text has-media-on-the-right is-stacked-on-mobile\"><div class=\"wp-block-media-text__content\">\n<h2 class=\"wp-block-heading\">The problem<\/h2>\n\n\n\n<p><\/p>\n\n\n\n<div class=\"wp-block-buttons is-layout-flex wp-block-buttons-is-layout-flex\"><\/div>\n<\/div><figure class=\"wp-block-media-text__media\"><img decoding=\"async\" src=\"https:\/\/www.greenpeace.org\/nl\/wp-content\/themes\/planet4-master-theme\/images\/placeholders\/placeholder-546x415.jpg\" alt=\"\"\/><\/figure><\/div>\n\n<\/div>\n<\/div>\n\n\n\n<div class=\"wp-block-query actions-list p4-query-loop is-custom-layout-grid is-layout-grid wp-container-core-query-is-layout-29f43435 wp-block-query-is-layout-grid\">\n<h2 class=\"wp-block-heading\"><\/h2>\n\n\n\n<p style=\"margin-top:24px;margin-bottom:32px\"><\/p>\n\n\n\n\n<ul class=\"wp-block-post-template is-layout-flow wp-block-post-template-is-layout-flow\"><li class=\"wp-block-post post-63063 page type-page status-publish has-post-thumbnail hentry category-klimaat-categorie tag-klimaat-energie tag-klimaatcrisis\">\n<figure class=\"wp-block-post-featured-image\"><img loading=\"lazy\" decoding=\"async\" width=\"1600\" height=\"840\" src=\"https:\/\/www.greenpeace.org\/static\/planet4-netherlands-stateless\/2022\/05\/679d94ee-klimaatmars-2021-amsterdam.jpg\" class=\"attachment-post-thumbnail size-post-thumbnail wp-post-image wp-stateless-item\" alt=\"\" style=\"object-fit:cover;\" srcset=\"https:\/\/www.greenpeace.org\/static\/planet4-netherlands-stateless\/2022\/05\/679d94ee-klimaatmars-2021-amsterdam.jpg 1600w, https:\/\/www.greenpeace.org\/static\/planet4-netherlands-stateless\/2022\/05\/679d94ee-klimaatmars-2021-amsterdam-300x158.jpg 300w, https:\/\/www.greenpeace.org\/static\/planet4-netherlands-stateless\/2022\/05\/679d94ee-klimaatmars-2021-amsterdam-1024x538.jpg 1024w, https:\/\/www.greenpeace.org\/static\/planet4-netherlands-stateless\/2022\/05\/679d94ee-klimaatmars-2021-amsterdam-768x403.jpg 768w, https:\/\/www.greenpeace.org\/static\/planet4-netherlands-stateless\/2022\/05\/679d94ee-klimaatmars-2021-amsterdam-1536x806.jpg 1536w, https:\/\/www.greenpeace.org\/static\/planet4-netherlands-stateless\/2022\/05\/679d94ee-klimaatmars-2021-amsterdam-510x268.jpg 510w\" sizes=\"auto, (max-width: 1600px) 100vw, 1600px\" data-image-size=\"post-thumbnail\" data-stateless-media-bucket=\"planet4-netherlands-stateless\" data-stateless-media-name=\"2022\/05\/679d94ee-klimaatmars-2021-amsterdam.jpg\" \/><\/figure>\n\n\n<div class=\"wp-block-group group-stretched-link is-layout-flow wp-block-group-is-layout-flow\"><div class=\"wp-block-post-terms\">Klimaat<\/div>\n\n<h3 class=\"wp-block-post-title\"><a href=\"https:\/\/www.greenpeace.org\/nl\/kom-in-actie\/klimaatmars\/\" target=\"_self\">Klimaatmars 2024<\/a><\/h3>\n\n<div class=\"wp-block-post-excerpt\"><p class=\"wp-block-post-excerpt__excerpt\">Wetenschappers waarschuwen al jaren: het klimaat en de natuur zijn in diepe crisis. Toch blijven banken, verzekeraars en fossiele multinationals rustig olie op het vuur gooien. Door onze bossen en oceanen te verwoesten. En door de lucht en het water te vervuilen. Allemaal in naam van economische groei. Wij vinden dat de overheid deze graaiende&hellip; <\/p><\/div><\/div>\n\n\n\n<div class=\"wp-block-group read-more-nav is-layout-flow wp-block-group-is-layout-flow\"><a href=\"https:\/\/www.greenpeace.org\/nl\/kom-in-actie\/klimaatmars\/\" class=\"btn btn-primary btn-small\" aria-label=\"Doe mee\">Doe mee<\/a><\/div>\n\n<\/li><li class=\"wp-block-post post-73995 p4_action type-p4_action status-publish has-post-thumbnail hentry category-eerlijke-wereld category-klimaat-categorie tag-olie tag-gas tag-klimaat-energie tag-klimaattoekomst tag-eerlijke-wereld tag-shell action-type-acties\">\n<figure class=\"wp-block-post-featured-image\"><img loading=\"lazy\" decoding=\"async\" width=\"640\" height=\"350\" src=\"https:\/\/www.greenpeace.org\/static\/planet4-netherlands-stateless\/2026\/04\/8968d371-nieuwsbrief-640x35028-1.png\" class=\"attachment-post-thumbnail size-post-thumbnail wp-post-image wp-stateless-item\" alt=\"\" style=\"object-fit:cover;\" srcset=\"https:\/\/www.greenpeace.org\/static\/planet4-netherlands-stateless\/2026\/04\/8968d371-nieuwsbrief-640x35028-1.png 640w, https:\/\/www.greenpeace.org\/static\/planet4-netherlands-stateless\/2026\/04\/8968d371-nieuwsbrief-640x35028-1-300x164.png 300w, https:\/\/www.greenpeace.org\/static\/planet4-netherlands-stateless\/2026\/04\/8968d371-nieuwsbrief-640x35028-1-510x279.png 510w\" sizes=\"auto, (max-width: 640px) 100vw, 640px\" data-image-size=\"post-thumbnail\" data-stateless-media-bucket=\"planet4-netherlands-stateless\" data-stateless-media-name=\"2026\/04\/8968d371-nieuwsbrief-640x35028-1.png\" \/><\/figure>\n\n\n<div class=\"wp-block-group group-stretched-link is-layout-flow wp-block-group-is-layout-flow\"><div class=\"wp-block-post-terms\">Eerlijke wereld<\/div>\n\n<h3 class=\"wp-block-post-title\"><a href=\"https:\/\/www.greenpeace.org\/nl\/acties\/oil-war-stickerpakket\/\" target=\"_self\">Oil = war stickerpakket<\/a><\/h3>\n\n<div class=\"wp-block-post-excerpt\"><p class=\"wp-block-post-excerpt__excerpt\">Met deze stickers verbreek je de stilte over de schaamteloze winsten van de fossiele industrie. Bestel hier het stickerpakket. <\/p><\/div><\/div>\n\n\n\n<div class=\"wp-block-group read-more-nav is-layout-flow wp-block-group-is-layout-flow\"><a href=\"https:\/\/www.greenpeace.org\/nl\/acties\/oil-war-stickerpakket\/\" class=\"btn btn-primary btn-small\" aria-label=\"bestel nu\">Bestel nu<\/a><\/div>\n\n<\/li><li class=\"wp-block-post post-73788 p4_action type-p4_action status-publish has-post-thumbnail hentry category-eerlijke-wereld category-klimaat-categorie category-nieuws tag-olie tag-gas tag-klimaattoekomst tag-shell action-type-acties\">\n<figure class=\"wp-block-post-featured-image\"><img loading=\"lazy\" decoding=\"async\" width=\"1200\" height=\"800\" src=\"https:\/\/www.greenpeace.org\/static\/planet4-netherlands-stateless\/2026\/03\/4479649d-gp1sx539_medium-res-1200px.jpg\" class=\"attachment-post-thumbnail size-post-thumbnail wp-post-image wp-stateless-item\" alt=\"\" style=\"object-fit:cover;\" srcset=\"https:\/\/www.greenpeace.org\/static\/planet4-netherlands-stateless\/2026\/03\/4479649d-gp1sx539_medium-res-1200px.jpg 1200w, https:\/\/www.greenpeace.org\/static\/planet4-netherlands-stateless\/2026\/03\/4479649d-gp1sx539_medium-res-1200px-300x200.jpg 300w, https:\/\/www.greenpeace.org\/static\/planet4-netherlands-stateless\/2026\/03\/4479649d-gp1sx539_medium-res-1200px-1024x683.jpg 1024w, https:\/\/www.greenpeace.org\/static\/planet4-netherlands-stateless\/2026\/03\/4479649d-gp1sx539_medium-res-1200px-768x512.jpg 768w, https:\/\/www.greenpeace.org\/static\/planet4-netherlands-stateless\/2026\/03\/4479649d-gp1sx539_medium-res-1200px-510x340.jpg 510w\" sizes=\"auto, (max-width: 1200px) 100vw, 1200px\" data-image-size=\"post-thumbnail\" data-stateless-media-bucket=\"planet4-netherlands-stateless\" data-stateless-media-name=\"2026\/03\/4479649d-gp1sx539_medium-res-1200px.jpg\" \/><\/figure>\n\n\n<div class=\"wp-block-group group-stretched-link is-layout-flow wp-block-group-is-layout-flow\"><div class=\"wp-block-post-terms\">Eerlijke wereld<\/div>\n\n<h3 class=\"wp-block-post-title\"><a href=\"https:\/\/www.greenpeace.org\/nl\/acties\/belast-de-oorlogswinst-van-oliebedrijven\/\" target=\"_self\">Belast de oorlogswinst van oliebedrijven!<\/a><\/h3>\n\n<div class=\"wp-block-post-excerpt\"><p class=\"wp-block-post-excerpt__excerpt\">Oliebedrijven zoals Shell verdienen miljarden extra door de oorlog in Iran. Eis nu dat het kabinet deze winst direct belast om de energierekening voor burgers te verlagen en de transitie naar groene en betaalbare energie te versnellen. <\/p><\/div><\/div>\n\n\n\n<div class=\"wp-block-group read-more-nav is-layout-flow wp-block-group-is-layout-flow\"><a href=\"https:\/\/www.greenpeace.org\/nl\/acties\/belast-de-oorlogswinst-van-oliebedrijven\/\" class=\"btn btn-primary btn-small\" aria-label=\"Teken de petitie\">Teken de petitie<\/a><\/div>\n\n<\/li><li class=\"wp-block-post post-68359 p4_action type-p4_action status-publish has-post-thumbnail hentry category-nieuws category-eerlijke-wereld tag-acties tag-demonstratie tag-eerlijke-wereld action-type-acties\">\n<figure class=\"wp-block-post-featured-image\"><img loading=\"lazy\" decoding=\"async\" width=\"2500\" height=\"1667\" src=\"https:\/\/www.greenpeace.org\/static\/planet4-netherlands-stateless\/2025\/03\/f1f6d2fa-gp0su4u8a_pressmedia-2500px.jpg\" class=\"attachment-post-thumbnail size-post-thumbnail wp-post-image wp-stateless-item\" alt=\"\" style=\"object-fit:cover;\" srcset=\"https:\/\/www.greenpeace.org\/static\/planet4-netherlands-stateless\/2025\/03\/f1f6d2fa-gp0su4u8a_pressmedia-2500px.jpg 2500w, https:\/\/www.greenpeace.org\/static\/planet4-netherlands-stateless\/2025\/03\/f1f6d2fa-gp0su4u8a_pressmedia-2500px-300x200.jpg 300w, https:\/\/www.greenpeace.org\/static\/planet4-netherlands-stateless\/2025\/03\/f1f6d2fa-gp0su4u8a_pressmedia-2500px-1024x683.jpg 1024w, https:\/\/www.greenpeace.org\/static\/planet4-netherlands-stateless\/2025\/03\/f1f6d2fa-gp0su4u8a_pressmedia-2500px-768x512.jpg 768w, https:\/\/www.greenpeace.org\/static\/planet4-netherlands-stateless\/2025\/03\/f1f6d2fa-gp0su4u8a_pressmedia-2500px-1536x1024.jpg 1536w, https:\/\/www.greenpeace.org\/static\/planet4-netherlands-stateless\/2025\/03\/f1f6d2fa-gp0su4u8a_pressmedia-2500px-2048x1366.jpg 2048w, https:\/\/www.greenpeace.org\/static\/planet4-netherlands-stateless\/2025\/03\/f1f6d2fa-gp0su4u8a_pressmedia-2500px-510x340.jpg 510w\" sizes=\"auto, (max-width: 2500px) 100vw, 2500px\" data-image-size=\"post-thumbnail\" data-stateless-media-bucket=\"planet4-netherlands-stateless\" data-stateless-media-name=\"2025\/03\/f1f6d2fa-gp0su4u8a_pressmedia-2500px.jpg\" \/><\/figure>\n\n\n<div class=\"wp-block-group group-stretched-link is-layout-flow wp-block-group-is-layout-flow\"><div class=\"wp-block-post-terms\">Nieuws<\/div>\n\n<h3 class=\"wp-block-post-title\"><a href=\"https:\/\/www.greenpeace.org\/nl\/acties\/i-am-with-greenpeace-slapp\/\" target=\"_self\">\ud83d\uded1 Stop intimidatie door grote vervuilers<\/a><\/h3>\n\n<div class=\"wp-block-post-excerpt\"><p class=\"wp-block-post-excerpt__excerpt\">Dit is het moment om je te verzetten tegen de juridische intimidatie van grote vervuilers zoals Energy Transfer. Laat je stem horen! <\/p><\/div><\/div>\n\n\n\n<div class=\"wp-block-group read-more-nav is-layout-flow wp-block-group-is-layout-flow\"><a href=\"https:\/\/www.greenpeace.org\/nl\/acties\/i-am-with-greenpeace-slapp\/\" class=\"btn btn-primary btn-small\" aria-label=\"Kom in actie\">Teken de petitie<\/a><\/div>\n\n<\/li><li class=\"wp-block-post post-73539 p4_action type-p4_action status-publish has-post-thumbnail hentry category-klimaat-categorie tag-luchtvaart action-type-acties\">\n<figure class=\"wp-block-post-featured-image\"><img loading=\"lazy\" decoding=\"async\" width=\"1200\" height=\"691\" src=\"https:\/\/www.greenpeace.org\/static\/planet4-netherlands-stateless\/2026\/02\/757e52c9-gp1sxo3d_medium-res-1200px.jpg\" class=\"attachment-post-thumbnail size-post-thumbnail wp-post-image wp-stateless-item\" alt=\"\" style=\"object-fit:cover;\" srcset=\"https:\/\/www.greenpeace.org\/static\/planet4-netherlands-stateless\/2026\/02\/757e52c9-gp1sxo3d_medium-res-1200px.jpg 1200w, https:\/\/www.greenpeace.org\/static\/planet4-netherlands-stateless\/2026\/02\/757e52c9-gp1sxo3d_medium-res-1200px-300x173.jpg 300w, https:\/\/www.greenpeace.org\/static\/planet4-netherlands-stateless\/2026\/02\/757e52c9-gp1sxo3d_medium-res-1200px-1024x590.jpg 1024w, https:\/\/www.greenpeace.org\/static\/planet4-netherlands-stateless\/2026\/02\/757e52c9-gp1sxo3d_medium-res-1200px-768x442.jpg 768w, https:\/\/www.greenpeace.org\/static\/planet4-netherlands-stateless\/2026\/02\/757e52c9-gp1sxo3d_medium-res-1200px-510x294.jpg 510w\" sizes=\"auto, (max-width: 1200px) 100vw, 1200px\" data-image-size=\"post-thumbnail\" data-stateless-media-bucket=\"planet4-netherlands-stateless\" data-stateless-media-name=\"2026\/02\/757e52c9-gp1sxo3d_medium-res-1200px.jpg\" \/><\/figure>\n\n\n<div class=\"wp-block-group group-stretched-link is-layout-flow wp-block-group-is-layout-flow\"><div class=\"wp-block-post-terms\">Klimaat<\/div>\n\n<h3 class=\"wp-block-post-title\"><a href=\"https:\/\/www.greenpeace.org\/nl\/acties\/ideeenbus-een-andere-bestemming-voor-lelystad-airport\/\" target=\"_self\">Idee\u00ebnbus: Een andere bestemming voor Lelystad Airport<\/a><\/h3>\n\n<div class=\"wp-block-post-excerpt\"><p class=\"wp-block-post-excerpt__excerpt\">Het openen van Lelystad Airport betekent meer schade aan kwetsbare natuur en ernstige geluidsoverlast boven woonwijken en natuurgebieden. <\/p><\/div><\/div>\n\n\n\n<div class=\"wp-block-group read-more-nav is-layout-flow wp-block-group-is-layout-flow\"><a href=\"https:\/\/www.greenpeace.org\/nl\/acties\/ideeenbus-een-andere-bestemming-voor-lelystad-airport\/\" class=\"btn btn-primary btn-small\" aria-label=\"kom in actie\">Stuur alternatief<\/a><\/div>\n\n<\/li><li class=\"wp-block-post post-73472 p4_action type-p4_action status-publish has-post-thumbnail hentry category-eerlijke-wereld tag-acties tag-bonaire-climate-justice tag-den-haag\">\n<figure class=\"wp-block-post-featured-image\"><img loading=\"lazy\" decoding=\"async\" width=\"1280\" height=\"700\" src=\"https:\/\/www.greenpeace.org\/static\/planet4-netherlands-stateless\/2026\/02\/852a6ec7-krantenadvertentie-7.jpg\" class=\"attachment-post-thumbnail size-post-thumbnail wp-post-image wp-stateless-item\" alt=\"\" style=\"object-fit:cover;\" srcset=\"https:\/\/www.greenpeace.org\/static\/planet4-netherlands-stateless\/2026\/02\/852a6ec7-krantenadvertentie-7.jpg 1280w, https:\/\/www.greenpeace.org\/static\/planet4-netherlands-stateless\/2026\/02\/852a6ec7-krantenadvertentie-7-300x164.jpg 300w, https:\/\/www.greenpeace.org\/static\/planet4-netherlands-stateless\/2026\/02\/852a6ec7-krantenadvertentie-7-1024x560.jpg 1024w, https:\/\/www.greenpeace.org\/static\/planet4-netherlands-stateless\/2026\/02\/852a6ec7-krantenadvertentie-7-768x420.jpg 768w, https:\/\/www.greenpeace.org\/static\/planet4-netherlands-stateless\/2026\/02\/852a6ec7-krantenadvertentie-7-510x279.jpg 510w\" sizes=\"auto, (max-width: 1280px) 100vw, 1280px\" data-image-size=\"post-thumbnail\" data-stateless-media-bucket=\"planet4-netherlands-stateless\" data-stateless-media-name=\"2026\/02\/852a6ec7-krantenadvertentie-7.jpg\" \/><\/figure>\n\n\n<div class=\"wp-block-group group-stretched-link is-layout-flow wp-block-group-is-layout-flow\"><div class=\"wp-block-post-terms\">Eerlijke wereld<\/div>\n\n<h3 class=\"wp-block-post-title\"><a href=\"https:\/\/www.greenpeace.org\/nl\/action-type\/onze-boodschap-aan-rob-jetten\/\" target=\"_self\">Zet je naam op de kaart onder onze boodschap aan Rob Jetten<\/a><\/h3>\n\n<div class=\"wp-block-post-excerpt\"><p class=\"wp-block-post-excerpt__excerpt\">Steun deze oproep aan onze premier. We herinneren hem met z\u2019n allen dat rechtvaardig klimaatbeleid kan \u00e9n moet. <\/p><\/div><\/div>\n\n\n\n<div class=\"wp-block-group read-more-nav is-layout-flow wp-block-group-is-layout-flow\"><a href=\"https:\/\/www.greenpeace.org\/nl\/action-type\/onze-boodschap-aan-rob-jetten\/\" class=\"btn btn-primary btn-small\" aria-label=\"Doe mee\">Doe mee<\/a><\/div>\n\n<\/li><li class=\"wp-block-post post-73241 p4_action type-p4_action status-publish has-post-thumbnail hentry category-algemeen\">\n<figure class=\"wp-block-post-featured-image\"><img loading=\"lazy\" decoding=\"async\" width=\"2000\" height=\"1065\" src=\"https:\/\/www.greenpeace.org\/static\/planet4-netherlands-stateless\/2025\/12\/35b3a772-untitled-design-1.png\" class=\"attachment-post-thumbnail size-post-thumbnail wp-post-image wp-stateless-item\" alt=\"Geef NIKS (een donatie aan Greenpeace) cadeau\" style=\"object-fit:cover;\" srcset=\"https:\/\/www.greenpeace.org\/static\/planet4-netherlands-stateless\/2025\/12\/35b3a772-untitled-design-1.png 2000w, https:\/\/www.greenpeace.org\/static\/planet4-netherlands-stateless\/2025\/12\/35b3a772-untitled-design-1-300x160.png 300w, https:\/\/www.greenpeace.org\/static\/planet4-netherlands-stateless\/2025\/12\/35b3a772-untitled-design-1-1024x545.png 1024w, https:\/\/www.greenpeace.org\/static\/planet4-netherlands-stateless\/2025\/12\/35b3a772-untitled-design-1-768x409.png 768w, https:\/\/www.greenpeace.org\/static\/planet4-netherlands-stateless\/2025\/12\/35b3a772-untitled-design-1-1536x818.png 1536w, https:\/\/www.greenpeace.org\/static\/planet4-netherlands-stateless\/2025\/12\/35b3a772-untitled-design-1-510x272.png 510w\" sizes=\"auto, (max-width: 2000px) 100vw, 2000px\" data-image-size=\"post-thumbnail\" data-stateless-media-bucket=\"planet4-netherlands-stateless\" data-stateless-media-name=\"2025\/12\/35b3a772-untitled-design-1.png\" \/><\/figure>\n\n\n<div class=\"wp-block-group group-stretched-link is-layout-flow wp-block-group-is-layout-flow\"><div class=\"wp-block-post-terms\">Algemeen<\/div>\n\n<h3 class=\"wp-block-post-title\"><a href=\"https:\/\/www.greenpeace.org\/nl\/action-type\/geef-niks-cadeau\/\" target=\"_self\">Geef\u00a0NIKS\u00a0cadeau<\/a><\/h3>\n\n<div class=\"wp-block-post-excerpt\"><p class=\"wp-block-post-excerpt__excerpt\">Wie NIKS geeft, hoeft niet met lege handen aan te komen. Het meest duurzame cadeau. <\/p><\/div><\/div>\n\n\n\n<div class=\"wp-block-group read-more-nav is-layout-flow wp-block-group-is-layout-flow\"><a href=\"https:\/\/www.greenpeace.org\/nl\/action-type\/geef-niks-cadeau\/\" class=\"btn btn-primary btn-small\" aria-label=\"Geef NIKS (een donatie aan Greenpeace) cadeau\">Geef NIKS<\/a><\/div>\n\n<\/li><li class=\"wp-block-post post-72593 p4_action type-p4_action status-publish has-post-thumbnail hentry category-oceanen-categorie tag-oceanen action-type-acties\">\n<figure class=\"wp-block-post-featured-image\"><img loading=\"lazy\" decoding=\"async\" width=\"1200\" height=\"675\" src=\"https:\/\/www.greenpeace.org\/static\/planet4-netherlands-stateless\/2025\/09\/964ab347-gp0su6483.jpg\" class=\"attachment-post-thumbnail size-post-thumbnail wp-post-image wp-stateless-item\" alt=\"Rainbow Warrior Arrives in Auckland. \u00a9 Bryce Groves \/ Greenpeace\" style=\"object-fit:cover;\" srcset=\"https:\/\/www.greenpeace.org\/static\/planet4-netherlands-stateless\/2025\/09\/964ab347-gp0su6483.jpg 1200w, https:\/\/www.greenpeace.org\/static\/planet4-netherlands-stateless\/2025\/09\/964ab347-gp0su6483-300x169.jpg 300w, https:\/\/www.greenpeace.org\/static\/planet4-netherlands-stateless\/2025\/09\/964ab347-gp0su6483-1024x576.jpg 1024w, https:\/\/www.greenpeace.org\/static\/planet4-netherlands-stateless\/2025\/09\/964ab347-gp0su6483-768x432.jpg 768w, https:\/\/www.greenpeace.org\/static\/planet4-netherlands-stateless\/2025\/09\/964ab347-gp0su6483-510x287.jpg 510w\" sizes=\"auto, (max-width: 1200px) 100vw, 1200px\" data-image-size=\"post-thumbnail\" data-stateless-media-bucket=\"planet4-netherlands-stateless\" data-stateless-media-name=\"2025\/09\/964ab347-gp0su6483.jpg\" \/><\/figure>\n\n\n<div class=\"wp-block-group group-stretched-link is-layout-flow wp-block-group-is-layout-flow\"><div class=\"wp-block-post-terms\">Oceanen<\/div>\n\n<h3 class=\"wp-block-post-title\"><a href=\"https:\/\/www.greenpeace.org\/nl\/acties\/bescherm-de-oceanen-petitie\/\" target=\"_self\">Bescherm de oceanen<\/a><\/h3>\n\n<div class=\"wp-block-post-excerpt\"><p class=\"wp-block-post-excerpt__excerpt\">We hebben een historisch, wereldwijd oceanenverdrag voor elkaar gekregen! Maar Nederland loopt achter en heeft het verdrag nog niet officieel goedgekeurd. Dit moet anders! <\/p><\/div><\/div>\n\n\n\n<div class=\"wp-block-group read-more-nav is-layout-flow wp-block-group-is-layout-flow\"><a href=\"https:\/\/www.greenpeace.org\/nl\/acties\/bescherm-de-oceanen-petitie\/\" class=\"btn btn-primary btn-small\" aria-label=\"kom in actie\">Teken de petitie<\/a><\/div>\n\n<\/li><li class=\"wp-block-post post-64171 p4_action type-p4_action status-publish has-post-thumbnail hentry category-eerlijke-wereld tag-bonaire-climate-justice action-type-acties\">\n<figure class=\"wp-block-post-featured-image\"><img loading=\"lazy\" decoding=\"async\" width=\"1200\" height=\"798\" src=\"https:\/\/www.greenpeace.org\/static\/planet4-netherlands-stateless\/2023\/05\/10828fdb-eisers-bonaire-rechtszaak-klimaatzaak.jpg\" class=\"attachment-post-thumbnail size-post-thumbnail wp-post-image wp-stateless-item\" alt=\"\" style=\"object-fit:cover;\" srcset=\"https:\/\/www.greenpeace.org\/static\/planet4-netherlands-stateless\/2023\/05\/10828fdb-eisers-bonaire-rechtszaak-klimaatzaak.jpg 1200w, https:\/\/www.greenpeace.org\/static\/planet4-netherlands-stateless\/2023\/05\/10828fdb-eisers-bonaire-rechtszaak-klimaatzaak-300x200.jpg 300w, https:\/\/www.greenpeace.org\/static\/planet4-netherlands-stateless\/2023\/05\/10828fdb-eisers-bonaire-rechtszaak-klimaatzaak-1024x681.jpg 1024w, https:\/\/www.greenpeace.org\/static\/planet4-netherlands-stateless\/2023\/05\/10828fdb-eisers-bonaire-rechtszaak-klimaatzaak-768x511.jpg 768w, https:\/\/www.greenpeace.org\/static\/planet4-netherlands-stateless\/2023\/05\/10828fdb-eisers-bonaire-rechtszaak-klimaatzaak-510x340.jpg 510w\" sizes=\"auto, (max-width: 1200px) 100vw, 1200px\" data-image-size=\"post-thumbnail\" data-stateless-media-bucket=\"planet4-netherlands-stateless\" data-stateless-media-name=\"2023\/05\/10828fdb-eisers-bonaire-rechtszaak-klimaatzaak.jpg\" \/><\/figure>\n\n\n<div class=\"wp-block-group group-stretched-link is-layout-flow wp-block-group-is-layout-flow\"><div class=\"wp-block-post-terms\">Eerlijke wereld<\/div>\n\n<h3 class=\"wp-block-post-title\"><a href=\"https:\/\/www.greenpeace.org\/nl\/acties\/steun-klimaatzaak-bonaire\/\" target=\"_self\">Steun Klimaatzaak Bonaire<\/a><\/h3>\n\n<div class=\"wp-block-post-excerpt\"><p class=\"wp-block-post-excerpt__excerpt\">De overheid heeft de taak om ons eerlijk te beschermen in de klimaatcrisis, maar doet dit niet. Steun de inwoners van Bonaire en Greenpeace en eis dat Nederland de CO2-uitstoot sneller terugdringt en maatregelen neemt. <\/p><\/div><\/div>\n\n\n\n<div class=\"wp-block-group read-more-nav is-layout-flow wp-block-group-is-layout-flow\"><a href=\"https:\/\/www.greenpeace.org\/nl\/acties\/steun-klimaatzaak-bonaire\/\" class=\"btn btn-primary btn-small\" aria-label=\"Word medestander\">Word medestander<\/a><\/div>\n\n<\/li><li class=\"wp-block-post post-72480 p4_action type-p4_action status-publish has-post-thumbnail hentry category-algemeen category-klimaat-categorie tag-den-haag action-type-acties\">\n<figure class=\"wp-block-post-featured-image\"><img loading=\"lazy\" decoding=\"async\" width=\"2048\" height=\"1529\" src=\"https:\/\/www.greenpeace.org\/static\/planet4-netherlands-stateless\/2025\/09\/97007e18-header-stickerpakket.jpg\" class=\"attachment-post-thumbnail size-post-thumbnail wp-post-image wp-stateless-item\" alt=\"\" style=\"object-fit:cover;\" srcset=\"https:\/\/www.greenpeace.org\/static\/planet4-netherlands-stateless\/2025\/09\/97007e18-header-stickerpakket.jpg 2048w, https:\/\/www.greenpeace.org\/static\/planet4-netherlands-stateless\/2025\/09\/97007e18-header-stickerpakket-300x224.jpg 300w, https:\/\/www.greenpeace.org\/static\/planet4-netherlands-stateless\/2025\/09\/97007e18-header-stickerpakket-1024x765.jpg 1024w, https:\/\/www.greenpeace.org\/static\/planet4-netherlands-stateless\/2025\/09\/97007e18-header-stickerpakket-768x573.jpg 768w, https:\/\/www.greenpeace.org\/static\/planet4-netherlands-stateless\/2025\/09\/97007e18-header-stickerpakket-1536x1147.jpg 1536w, https:\/\/www.greenpeace.org\/static\/planet4-netherlands-stateless\/2025\/09\/97007e18-header-stickerpakket-1830x1366.jpg 1830w, https:\/\/www.greenpeace.org\/static\/planet4-netherlands-stateless\/2025\/09\/97007e18-header-stickerpakket-455x340.jpg 455w\" sizes=\"auto, (max-width: 2048px) 100vw, 2048px\" data-image-size=\"post-thumbnail\" data-stateless-media-bucket=\"planet4-netherlands-stateless\" data-stateless-media-name=\"2025\/09\/97007e18-header-stickerpakket.jpg\" \/><\/figure>\n\n\n<div class=\"wp-block-group group-stretched-link is-layout-flow wp-block-group-is-layout-flow\"><div class=\"wp-block-post-terms\">Algemeen<\/div>\n\n<h3 class=\"wp-block-post-title\"><a href=\"https:\/\/www.greenpeace.org\/nl\/acties\/bestel-het-greenpeace-stickerpakket\/\" target=\"_self\">Greenpeace stickerpakket<\/a><\/h3>\n\n<div class=\"wp-block-post-excerpt\"><p class=\"wp-block-post-excerpt__excerpt\">Deze formatie bepaalt of we blijven doormodderen of eindelijk doen wat nodig is. Bestel nu de Greenpeace stickers en laat overal zien: het is tijd voor politieke klimaatverandering. <\/p><\/div><\/div>\n\n\n\n<div class=\"wp-block-group read-more-nav is-layout-flow wp-block-group-is-layout-flow\"><a href=\"https:\/\/www.greenpeace.org\/nl\/acties\/bestel-het-greenpeace-stickerpakket\/\" class=\"btn btn-primary btn-small\" aria-label=\"kom in actie\">Bestel nu<\/a><\/div>\n\n<\/li><li class=\"wp-block-post post-64258 p4_action type-p4_action status-publish has-post-thumbnail hentry category-klimaat-categorie tag-den-haag action-type-acties\">\n<figure class=\"wp-block-post-featured-image\"><img loading=\"lazy\" decoding=\"async\" width=\"1114\" height=\"1524\" src=\"https:\/\/www.greenpeace.org\/static\/planet4-netherlands-stateless\/2025\/09\/8e5140f2-screenshot-2025-09-23-at-17.11.36.png\" class=\"attachment-post-thumbnail size-post-thumbnail wp-post-image wp-stateless-item\" alt=\"\" style=\"object-fit:cover;\" srcset=\"https:\/\/www.greenpeace.org\/static\/planet4-netherlands-stateless\/2025\/09\/8e5140f2-screenshot-2025-09-23-at-17.11.36.png 1114w, https:\/\/www.greenpeace.org\/static\/planet4-netherlands-stateless\/2025\/09\/8e5140f2-screenshot-2025-09-23-at-17.11.36-219x300.png 219w, https:\/\/www.greenpeace.org\/static\/planet4-netherlands-stateless\/2025\/09\/8e5140f2-screenshot-2025-09-23-at-17.11.36-749x1024.png 749w, https:\/\/www.greenpeace.org\/static\/planet4-netherlands-stateless\/2025\/09\/8e5140f2-screenshot-2025-09-23-at-17.11.36-768x1051.png 768w, https:\/\/www.greenpeace.org\/static\/planet4-netherlands-stateless\/2025\/09\/8e5140f2-screenshot-2025-09-23-at-17.11.36-999x1366.png 999w, https:\/\/www.greenpeace.org\/static\/planet4-netherlands-stateless\/2025\/09\/8e5140f2-screenshot-2025-09-23-at-17.11.36-249x340.png 249w\" sizes=\"auto, (max-width: 1114px) 100vw, 1114px\" data-image-size=\"post-thumbnail\" data-stateless-media-bucket=\"planet4-netherlands-stateless\" data-stateless-media-name=\"2025\/09\/8e5140f2-screenshot-2025-09-23-at-17.11.36.png\" \/><\/figure>\n\n\n<div class=\"wp-block-group group-stretched-link is-layout-flow wp-block-group-is-layout-flow\"><div class=\"wp-block-post-terms\">Klimaat<\/div>\n\n<h3 class=\"wp-block-post-title\"><a href=\"https:\/\/www.greenpeace.org\/nl\/acties\/de-klimaatcrisis-is-nu\/\" target=\"_self\">Tijd voor politieke klimaatverandering<\/a><\/h3>\n\n<div class=\"wp-block-post-excerpt\"><p class=\"wp-block-post-excerpt__excerpt\">Een sterk en rechtvaardig klimaatbeleid en natuurherstel zijn noodzakelijk om de aarde leefbaar te houden. Dat is waar het deze verkiezingen over moet gaan. <\/p><\/div><\/div>\n\n\n\n<div class=\"wp-block-group read-more-nav is-layout-flow wp-block-group-is-layout-flow\"><a href=\"https:\/\/www.greenpeace.org\/nl\/acties\/de-klimaatcrisis-is-nu\/\" class=\"btn btn-primary btn-small\" aria-label=\"Teken de petitie\">Teken de petitie<\/a><\/div>\n\n<\/li><li class=\"wp-block-post post-71539 p4_action type-p4_action status-publish has-post-thumbnail hentry category-jbs tag-jbs\">\n<figure class=\"wp-block-post-featured-image\"><img loading=\"lazy\" decoding=\"async\" width=\"480\" height=\"271\" src=\"https:\/\/www.greenpeace.org\/static\/planet4-netherlands-stateless\/2025\/06\/9bf9b942-amazonewoud.jpg\" class=\"attachment-post-thumbnail size-post-thumbnail wp-post-image wp-stateless-item\" alt=\"\" style=\"object-fit:cover;\" srcset=\"https:\/\/www.greenpeace.org\/static\/planet4-netherlands-stateless\/2025\/06\/9bf9b942-amazonewoud.jpg 480w, https:\/\/www.greenpeace.org\/static\/planet4-netherlands-stateless\/2025\/06\/9bf9b942-amazonewoud-300x169.jpg 300w\" sizes=\"auto, (max-width: 480px) 100vw, 480px\" data-image-size=\"post-thumbnail\" data-stateless-media-bucket=\"planet4-netherlands-stateless\" data-stateless-media-name=\"2025\/06\/9bf9b942-amazonewoud.jpg\" \/><\/figure>\n\n\n<div class=\"wp-block-group group-stretched-link is-layout-flow wp-block-group-is-layout-flow\"><div class=\"wp-block-post-terms\">JBS<\/div>\n\n<h3 class=\"wp-block-post-title\"><a href=\"https:\/\/www.greenpeace.org\/nl\/action-type\/bescherm-het-amazonewoud\/\" target=\"_self\">Bescherm het Amazonewoud<\/a><\/h3>\n\n<div class=\"wp-block-post-excerpt\"><p class=\"wp-block-post-excerpt__excerpt\">Greenpeace staat al jaren in de vuurlinie om het Amazoneregenwoud te beschermen. Doneer nu en strijd mee tegen ontbossing voordat het te laat is. <\/p><\/div><\/div>\n\n\n\n<div class=\"wp-block-group read-more-nav is-layout-flow wp-block-group-is-layout-flow\"><a href=\"https:\/\/www.greenpeace.org\/nl\/action-type\/bescherm-het-amazonewoud\/\" class=\"btn btn-primary btn-small\" aria-label=\"kom in actie\">Doneer nu<\/a><\/div>\n\n<\/li><li class=\"wp-block-post post-71353 p4_action type-p4_action status-publish has-post-thumbnail hentry category-algemeen tag-lifestyle\">\n<figure class=\"wp-block-post-featured-image\"><img loading=\"lazy\" decoding=\"async\" width=\"1280\" height=\"720\" src=\"https:\/\/www.greenpeace.org\/static\/planet4-netherlands-stateless\/2025\/07\/6e4a3e56-untitled-design-12.jpg\" class=\"attachment-post-thumbnail size-post-thumbnail wp-post-image wp-stateless-item\" alt=\"\" style=\"object-fit:cover;\" srcset=\"https:\/\/www.greenpeace.org\/static\/planet4-netherlands-stateless\/2025\/07\/6e4a3e56-untitled-design-12.jpg 1280w, https:\/\/www.greenpeace.org\/static\/planet4-netherlands-stateless\/2025\/07\/6e4a3e56-untitled-design-12-300x169.jpg 300w, https:\/\/www.greenpeace.org\/static\/planet4-netherlands-stateless\/2025\/07\/6e4a3e56-untitled-design-12-1024x576.jpg 1024w, https:\/\/www.greenpeace.org\/static\/planet4-netherlands-stateless\/2025\/07\/6e4a3e56-untitled-design-12-768x432.jpg 768w, https:\/\/www.greenpeace.org\/static\/planet4-netherlands-stateless\/2025\/07\/6e4a3e56-untitled-design-12-510x287.jpg 510w\" sizes=\"auto, (max-width: 1280px) 100vw, 1280px\" data-image-size=\"post-thumbnail\" data-stateless-media-bucket=\"planet4-netherlands-stateless\" data-stateless-media-name=\"2025\/07\/6e4a3e56-untitled-design-12.jpg\" \/><\/figure>\n\n\n<div class=\"wp-block-group group-stretched-link is-layout-flow wp-block-group-is-layout-flow\"><div class=\"wp-block-post-terms\">Algemeen<\/div>\n\n<h3 class=\"wp-block-post-title\"><a href=\"https:\/\/www.greenpeace.org\/nl\/action-type\/tips-voor-een-biodiverse-tuin\/\" target=\"_self\">Tips voor een biodiverse tuin<\/a><\/h3>\n\n<div class=\"wp-block-post-excerpt\"><p class=\"wp-block-post-excerpt__excerpt\">Praktische tips voor meer vogels, vlinders en bijen in je tuin. Met soms kleine aanpassingen kun je een verschil maken. <\/p><\/div><\/div>\n\n\n\n<div class=\"wp-block-group read-more-nav is-layout-flow wp-block-group-is-layout-flow\"><a href=\"https:\/\/www.greenpeace.org\/nl\/action-type\/tips-voor-een-biodiverse-tuin\/\" class=\"btn btn-primary btn-small\" aria-label=\"kom in actie\">Download de gids<\/a><\/div>\n\n<\/li><li class=\"wp-block-post post-64182 p4_action type-p4_action status-publish has-post-thumbnail hentry category-oceanen-categorie tag-diepzee action-type-acties\">\n<figure class=\"wp-block-post-featured-image\"><img loading=\"lazy\" decoding=\"async\" width=\"1920\" height=\"1104\" src=\"https:\/\/www.greenpeace.org\/static\/planet4-netherlands-stateless\/2024\/06\/00f8a91b-deep-sea-mining-2-gp1swps5.jpg\" class=\"attachment-post-thumbnail size-post-thumbnail wp-post-image wp-stateless-item\" alt=\"Image of a juvenile Helmet jellyfish (Periphylla periphylla).\" style=\"object-fit:cover;\" srcset=\"https:\/\/www.greenpeace.org\/static\/planet4-netherlands-stateless\/2024\/06\/00f8a91b-deep-sea-mining-2-gp1swps5.jpg 1920w, https:\/\/www.greenpeace.org\/static\/planet4-netherlands-stateless\/2024\/06\/00f8a91b-deep-sea-mining-2-gp1swps5-300x173.jpg 300w, https:\/\/www.greenpeace.org\/static\/planet4-netherlands-stateless\/2024\/06\/00f8a91b-deep-sea-mining-2-gp1swps5-1024x589.jpg 1024w, https:\/\/www.greenpeace.org\/static\/planet4-netherlands-stateless\/2024\/06\/00f8a91b-deep-sea-mining-2-gp1swps5-768x442.jpg 768w, https:\/\/www.greenpeace.org\/static\/planet4-netherlands-stateless\/2024\/06\/00f8a91b-deep-sea-mining-2-gp1swps5-1536x883.jpg 1536w, https:\/\/www.greenpeace.org\/static\/planet4-netherlands-stateless\/2024\/06\/00f8a91b-deep-sea-mining-2-gp1swps5-510x293.jpg 510w\" sizes=\"auto, (max-width: 1920px) 100vw, 1920px\" data-image-size=\"post-thumbnail\" data-stateless-media-bucket=\"planet4-netherlands-stateless-develop\" data-stateless-media-name=\"2024\/06\/00f8a91b-deep-sea-mining-2-gp1swps5.jpg\" \/><\/figure>\n\n\n<div class=\"wp-block-group group-stretched-link is-layout-flow wp-block-group-is-layout-flow\"><div class=\"wp-block-post-terms\">Oceanen<\/div>\n\n<h3 class=\"wp-block-post-title\"><a href=\"https:\/\/www.greenpeace.org\/nl\/acties\/diepzeemijnbouw-petitie\/\" target=\"_self\">Stop diepzeemijnbouw<\/a><\/h3>\n\n<div class=\"wp-block-post-excerpt\"><p class=\"wp-block-post-excerpt__excerpt\">Bescherm de wonderen van de diepzee. Jij kan helpen diepzeemijnbouw te stoppen voordat het te laat is, maar we hebben niet veel tijd. <\/p><\/div><\/div>\n\n\n\n<div class=\"wp-block-group read-more-nav is-layout-flow wp-block-group-is-layout-flow\"><a href=\"https:\/\/www.greenpeace.org\/nl\/acties\/diepzeemijnbouw-petitie\/\" class=\"btn btn-primary btn-small\" aria-label=\"Teken de petitie \">Teken de petitie <\/a><\/div>\n\n<\/li><li class=\"wp-block-post post-69268 page type-page status-publish has-post-thumbnail hentry\">\n<figure class=\"wp-block-post-featured-image\"><img loading=\"lazy\" decoding=\"async\" width=\"1200\" height=\"801\" src=\"https:\/\/www.greenpeace.org\/static\/planet4-netherlands-stateless\/2024\/10\/9daee371-gp0stpa95-e1729155268459.jpg\" class=\"attachment-post-thumbnail size-post-thumbnail wp-post-image wp-stateless-item\" alt=\"Ecological Farm in Slovakia. \u00a9 Tomas Halasz \/ Greenpeace\" style=\"object-fit:cover;\" srcset=\"https:\/\/www.greenpeace.org\/static\/planet4-netherlands-stateless\/2024\/10\/9daee371-gp0stpa95-e1729155268459.jpg 1200w, https:\/\/www.greenpeace.org\/static\/planet4-netherlands-stateless\/2024\/10\/9daee371-gp0stpa95-e1729155268459-300x200.jpg 300w, https:\/\/www.greenpeace.org\/static\/planet4-netherlands-stateless\/2024\/10\/9daee371-gp0stpa95-e1729155268459-1024x684.jpg 1024w, https:\/\/www.greenpeace.org\/static\/planet4-netherlands-stateless\/2024\/10\/9daee371-gp0stpa95-e1729155268459-768x513.jpg 768w, https:\/\/www.greenpeace.org\/static\/planet4-netherlands-stateless\/2024\/10\/9daee371-gp0stpa95-e1729155268459-510x340.jpg 510w\" sizes=\"auto, (max-width: 1200px) 100vw, 1200px\" data-image-size=\"post-thumbnail\" data-stateless-media-bucket=\"planet4-netherlands-stateless\" data-stateless-media-name=\"2024\/10\/9daee371-gp0stpa95-e1729155268459.jpg\" \/><\/figure>\n\n\n<div class=\"wp-block-group group-stretched-link is-layout-flow wp-block-group-is-layout-flow\">\n\n<h3 class=\"wp-block-post-title\"><a href=\"https:\/\/www.greenpeace.org\/nl\/kom-in-actie\/lifestyle\/\" target=\"_self\">Lifestyle<\/a><\/h3>\n\n<div class=\"wp-block-post-excerpt\"><p class=\"wp-block-post-excerpt__excerpt\">Met fast food, fast fashion, wegwerpverpakkingen en onrepareerbare elektronica vervuilen we onze planeet. Met kleine aanpassingen in je dagelijkse leven maak je al een verschil. Je lifestyle aanpassen is leuk en goed voor je bewustwording. <\/p><\/div><\/div>\n\n\n\n<div class=\"wp-block-group read-more-nav is-layout-flow wp-block-group-is-layout-flow\"><a href=\"https:\/\/www.greenpeace.org\/nl\/kom-in-actie\/lifestyle\/\" class=\"btn btn-primary btn-small\" aria-label=\"Doe mee\">Doe mee<\/a><\/div>\n\n<\/li><li class=\"wp-block-post post-68631 p4_action type-p4_action status-publish has-post-thumbnail hentry category-klimaat-categorie category-eerlijke-wereld tag-duurzaamheid tag-eerlijke-wereld tag-klimaat tag-klimaatcrisis tag-luchtvaart tag-olie tag-tata-steel action-type-acties\">\n<figure class=\"wp-block-post-featured-image\"><img loading=\"lazy\" decoding=\"async\" width=\"1200\" height=\"800\" src=\"https:\/\/www.greenpeace.org\/static\/planet4-netherlands-stateless\/2025\/04\/1e2134f6-gp0stykg3_medium-res-1200px.jpg\" class=\"attachment-post-thumbnail size-post-thumbnail wp-post-image wp-stateless-item\" alt=\"\" style=\"object-fit:cover;\" srcset=\"https:\/\/www.greenpeace.org\/static\/planet4-netherlands-stateless\/2025\/04\/1e2134f6-gp0stykg3_medium-res-1200px.jpg 1200w, https:\/\/www.greenpeace.org\/static\/planet4-netherlands-stateless\/2025\/04\/1e2134f6-gp0stykg3_medium-res-1200px-300x200.jpg 300w, https:\/\/www.greenpeace.org\/static\/planet4-netherlands-stateless\/2025\/04\/1e2134f6-gp0stykg3_medium-res-1200px-1024x683.jpg 1024w, https:\/\/www.greenpeace.org\/static\/planet4-netherlands-stateless\/2025\/04\/1e2134f6-gp0stykg3_medium-res-1200px-768x512.jpg 768w, https:\/\/www.greenpeace.org\/static\/planet4-netherlands-stateless\/2025\/04\/1e2134f6-gp0stykg3_medium-res-1200px-510x340.jpg 510w\" sizes=\"auto, (max-width: 1200px) 100vw, 1200px\" data-image-size=\"post-thumbnail\" data-stateless-media-bucket=\"planet4-netherlands-stateless\" data-stateless-media-name=\"2025\/04\/1e2134f6-gp0stykg3_medium-res-1200px.jpg\" \/><\/figure>\n\n\n<div class=\"wp-block-group group-stretched-link is-layout-flow wp-block-group-is-layout-flow\"><div class=\"wp-block-post-terms\">Klimaat<\/div>\n\n<h3 class=\"wp-block-post-title\"><a href=\"https:\/\/www.greenpeace.org\/nl\/acties\/belast-grote-vervuilers\/\" target=\"_self\">Belast grote vervuilers<\/a><\/h3>\n\n<div class=\"wp-block-post-excerpt\"><p class=\"wp-block-post-excerpt__excerpt\">We roepen Dick Schoof en andere regeringsleiders op om grote vervuilers te belasten voor de toegedane schade aan het klimaat. <\/p><\/div><\/div>\n\n\n\n<div class=\"wp-block-group read-more-nav is-layout-flow wp-block-group-is-layout-flow\"><a href=\"https:\/\/www.greenpeace.org\/nl\/acties\/belast-grote-vervuilers\/\" class=\"btn btn-primary btn-small\" aria-label=\"Teken de petitie\">Teken de petitie<\/a><\/div>\n\n<\/li><li class=\"wp-block-post post-68539 p4_action type-p4_action status-publish has-post-thumbnail hentry category-klimaat-categorie tag-duurzaamheid tag-klimaat tag-luchtvaart tag-oplossingen action-type-acties\">\n<figure class=\"wp-block-post-featured-image\"><img loading=\"lazy\" decoding=\"async\" width=\"2048\" height=\"1258\" src=\"https:\/\/www.greenpeace.org\/static\/planet4-netherlands-stateless\/2025\/03\/f26af799-untitled-design-4.jpg\" class=\"attachment-post-thumbnail size-post-thumbnail wp-post-image wp-stateless-item\" alt=\"\" style=\"object-fit:cover;\" srcset=\"https:\/\/www.greenpeace.org\/static\/planet4-netherlands-stateless\/2025\/03\/f26af799-untitled-design-4.jpg 2048w, https:\/\/www.greenpeace.org\/static\/planet4-netherlands-stateless\/2025\/03\/f26af799-untitled-design-4-300x184.jpg 300w, https:\/\/www.greenpeace.org\/static\/planet4-netherlands-stateless\/2025\/03\/f26af799-untitled-design-4-1024x629.jpg 1024w, https:\/\/www.greenpeace.org\/static\/planet4-netherlands-stateless\/2025\/03\/f26af799-untitled-design-4-768x472.jpg 768w, https:\/\/www.greenpeace.org\/static\/planet4-netherlands-stateless\/2025\/03\/f26af799-untitled-design-4-1536x944.jpg 1536w, https:\/\/www.greenpeace.org\/static\/planet4-netherlands-stateless\/2025\/03\/f26af799-untitled-design-4-510x313.jpg 510w\" sizes=\"auto, (max-width: 2048px) 100vw, 2048px\" data-image-size=\"post-thumbnail\" data-stateless-media-bucket=\"planet4-netherlands-stateless\" data-stateless-media-name=\"2025\/03\/f26af799-untitled-design-4.jpg\" \/><\/figure>\n\n\n<div class=\"wp-block-group group-stretched-link is-layout-flow wp-block-group-is-layout-flow\"><div class=\"wp-block-post-terms\">Klimaat<\/div>\n\n<h3 class=\"wp-block-post-title\"><a href=\"https:\/\/www.greenpeace.org\/nl\/acties\/groen-en-betaalbaar-treinreizen\/\" target=\"_self\">Groen en betaalbaar treinreizen<\/a><\/h3>\n\n<div class=\"wp-block-post-excerpt\"><p class=\"wp-block-post-excerpt__excerpt\">Wij roepen op om te werken aan een snel, goedkoop en effici\u00ebnt treinnetwerk. Want de meeste mensen reizen liever zonder het klimaat te vernielen. <\/p><\/div><\/div>\n\n\n\n<div class=\"wp-block-group read-more-nav is-layout-flow wp-block-group-is-layout-flow\"><a href=\"https:\/\/www.greenpeace.org\/nl\/acties\/groen-en-betaalbaar-treinreizen\/\" class=\"btn btn-primary btn-small\" aria-label=\"Onderteken de oproep\">Onderteken de oproep<\/a><\/div>\n\n<\/li><li class=\"wp-block-post post-68532 p4_action type-p4_action status-publish has-post-thumbnail hentry category-voedsel-categorie category-algemeen tag-lifestyle action-type-acties\">\n<figure class=\"wp-block-post-featured-image\"><img loading=\"lazy\" decoding=\"async\" width=\"1049\" height=\"700\" src=\"https:\/\/www.greenpeace.org\/static\/planet4-netherlands-stateless\/2025\/03\/43b6c02a-wortel-e1743428087755.jpg\" class=\"attachment-post-thumbnail size-post-thumbnail wp-post-image wp-stateless-item\" alt=\"minigids kleine moestuin\" style=\"object-fit:cover;\" data-image-size=\"post-thumbnail\" data-stateless-media-bucket=\"planet4-netherlands-stateless\" data-stateless-media-name=\"2025\/03\/43b6c02a-wortel-e1743428087755.jpg\" \/><\/figure>\n\n\n<div class=\"wp-block-group group-stretched-link is-layout-flow wp-block-group-is-layout-flow\"><div class=\"wp-block-post-terms\">Voedsel<\/div>\n\n<h3 class=\"wp-block-post-title\"><a href=\"https:\/\/www.greenpeace.org\/nl\/acties\/minigids-kleine-moestuin-grote-opbrengst\/\" target=\"_self\">Kleine moestuin, grote opbrengst<\/a><\/h3>\n\n<div class=\"wp-block-post-excerpt\"><p class=\"wp-block-post-excerpt__excerpt\">Wil je een moestuin starten maar heb je weinig ruimte? Met deze minigids van moestuinexpert Kim Nelissen weet jij precies welke groenten je kunt kweken! <\/p><\/div><\/div>\n\n\n\n<div class=\"wp-block-group read-more-nav is-layout-flow wp-block-group-is-layout-flow\"><a href=\"https:\/\/www.greenpeace.org\/nl\/acties\/minigids-kleine-moestuin-grote-opbrengst\/\" class=\"btn btn-primary btn-small\" aria-label=\"kom in actie\">Download de gids<\/a><\/div>\n\n<\/li><li class=\"wp-block-post post-67930 p4_action type-p4_action status-publish has-post-thumbnail hentry category-algemeen tag-acties action-type-acties\">\n<figure class=\"wp-block-post-featured-image\"><img loading=\"lazy\" decoding=\"async\" width=\"1080\" height=\"1261\" src=\"https:\/\/www.greenpeace.org\/static\/planet4-netherlands-stateless\/2025\/02\/2d386384-actie-alert-sms-afbeelding.png\" class=\"attachment-post-thumbnail size-post-thumbnail wp-post-image wp-stateless-item\" alt=\"\" style=\"object-fit:cover;\" srcset=\"https:\/\/www.greenpeace.org\/static\/planet4-netherlands-stateless\/2025\/02\/2d386384-actie-alert-sms-afbeelding.png 1080w, https:\/\/www.greenpeace.org\/static\/planet4-netherlands-stateless\/2025\/02\/2d386384-actie-alert-sms-afbeelding-257x300.png 257w, https:\/\/www.greenpeace.org\/static\/planet4-netherlands-stateless\/2025\/02\/2d386384-actie-alert-sms-afbeelding-877x1024.png 877w, https:\/\/www.greenpeace.org\/static\/planet4-netherlands-stateless\/2025\/02\/2d386384-actie-alert-sms-afbeelding-768x897.png 768w, https:\/\/www.greenpeace.org\/static\/planet4-netherlands-stateless\/2025\/02\/2d386384-actie-alert-sms-afbeelding-291x340.png 291w\" sizes=\"auto, (max-width: 1080px) 100vw, 1080px\" data-image-size=\"post-thumbnail\" data-stateless-media-bucket=\"planet4-netherlands-stateless\" data-stateless-media-name=\"2025\/02\/2d386384-actie-alert-sms-afbeelding.png\" \/><\/figure>\n\n\n<div class=\"wp-block-group group-stretched-link is-layout-flow wp-block-group-is-layout-flow\"><div class=\"wp-block-post-terms\">Algemeen<\/div>\n\n<h3 class=\"wp-block-post-title\"><a href=\"https:\/\/www.greenpeace.org\/nl\/acties\/actie-alert-sms\/\" target=\"_self\">Actie Alert Sms<\/a><\/h3>\n\n<div class=\"wp-block-post-excerpt\"><p class=\"wp-block-post-excerpt__excerpt\">Ontvang een sms-bericht op je telefoon zodra Greenpeace ergens in Nederland actie voert \u2013 met exclusieve beelden en updates. <\/p><\/div><\/div>\n\n\n\n<div class=\"wp-block-group read-more-nav is-layout-flow wp-block-group-is-layout-flow\"><a href=\"https:\/\/www.greenpeace.org\/nl\/acties\/actie-alert-sms\/\" class=\"btn btn-primary btn-small\" aria-label=\"Meld je aan \">Meld je aan <\/a><\/div>\n\n<\/li><li class=\"wp-block-post post-67713 p4_action type-p4_action status-publish has-post-thumbnail hentry category-klimaat-categorie tag-stikstof action-type-acties\">\n<figure class=\"wp-block-post-featured-image\"><img loading=\"lazy\" decoding=\"async\" width=\"1200\" height=\"795\" src=\"https:\/\/www.greenpeace.org\/static\/planet4-netherlands-stateless\/2025\/01\/40fe632e-gp1ta67n_medium-res-1200px.jpg\" class=\"attachment-post-thumbnail size-post-thumbnail wp-post-image wp-stateless-item\" alt=\"\" style=\"object-fit:cover;\" srcset=\"https:\/\/www.greenpeace.org\/static\/planet4-netherlands-stateless\/2025\/01\/40fe632e-gp1ta67n_medium-res-1200px.jpg 1200w, https:\/\/www.greenpeace.org\/static\/planet4-netherlands-stateless\/2025\/01\/40fe632e-gp1ta67n_medium-res-1200px-300x199.jpg 300w, https:\/\/www.greenpeace.org\/static\/planet4-netherlands-stateless\/2025\/01\/40fe632e-gp1ta67n_medium-res-1200px-1024x678.jpg 1024w, https:\/\/www.greenpeace.org\/static\/planet4-netherlands-stateless\/2025\/01\/40fe632e-gp1ta67n_medium-res-1200px-768x509.jpg 768w, https:\/\/www.greenpeace.org\/static\/planet4-netherlands-stateless\/2025\/01\/40fe632e-gp1ta67n_medium-res-1200px-510x338.jpg 510w\" sizes=\"auto, (max-width: 1200px) 100vw, 1200px\" data-image-size=\"post-thumbnail\" data-stateless-media-bucket=\"planet4-netherlands-stateless\" data-stateless-media-name=\"2025\/01\/40fe632e-gp1ta67n_medium-res-1200px.jpg\" \/><\/figure>\n\n\n<div class=\"wp-block-group group-stretched-link is-layout-flow wp-block-group-is-layout-flow\"><div class=\"wp-block-post-terms\">Klimaat<\/div>\n\n<h3 class=\"wp-block-post-title\"><a href=\"https:\/\/www.greenpeace.org\/nl\/acties\/bescherm-onze-natuur\/\" target=\"_self\">Bescherm onze natuur!<\/a><\/h3>\n\n<div class=\"wp-block-post-excerpt\"><p class=\"wp-block-post-excerpt__excerpt\">De overheid heeft de natuur jarenlang in de steek gelaten. De rechter gaf ons gelijk: het kabinet m\u00f3\u00e9t nu actie ondernemen om de natuur te beschermen \u00e9n boeren perspectief te bieden. Steun deze boodschap aan het kabinet met jouw naam! <\/p><\/div><\/div>\n\n\n\n<div class=\"wp-block-group read-more-nav is-layout-flow wp-block-group-is-layout-flow\"><a href=\"https:\/\/www.greenpeace.org\/nl\/acties\/bescherm-onze-natuur\/\" class=\"btn btn-primary btn-small\" aria-label=\"Teken de petitie\">Teken de petitie<\/a><\/div>\n\n<\/li><li class=\"wp-block-post post-67245 p4_action type-p4_action status-publish has-post-thumbnail hentry category-klimaat-categorie tag-klm tag-luchtvaart action-type-acties\">\n<figure class=\"wp-block-post-featured-image\"><img loading=\"lazy\" decoding=\"async\" width=\"940\" height=\"788\" src=\"https:\/\/www.greenpeace.org\/static\/planet4-netherlands-stateless\/2025\/01\/2de95d79-real-deal-dagen-klm.jpg\" class=\"attachment-post-thumbnail size-post-thumbnail wp-post-image wp-stateless-item\" alt=\"\" style=\"object-fit:cover;\" srcset=\"https:\/\/www.greenpeace.org\/static\/planet4-netherlands-stateless\/2025\/01\/2de95d79-real-deal-dagen-klm.jpg 940w, https:\/\/www.greenpeace.org\/static\/planet4-netherlands-stateless\/2025\/01\/2de95d79-real-deal-dagen-klm-300x251.jpg 300w, https:\/\/www.greenpeace.org\/static\/planet4-netherlands-stateless\/2025\/01\/2de95d79-real-deal-dagen-klm-768x644.jpg 768w, https:\/\/www.greenpeace.org\/static\/planet4-netherlands-stateless\/2025\/01\/2de95d79-real-deal-dagen-klm-406x340.jpg 406w\" sizes=\"auto, (max-width: 940px) 100vw, 940px\" data-image-size=\"post-thumbnail\" data-stateless-media-bucket=\"planet4-netherlands-stateless\" data-stateless-media-name=\"2025\/01\/2de95d79-real-deal-dagen-klm.jpg\" \/><\/figure>\n\n\n<div class=\"wp-block-group group-stretched-link is-layout-flow wp-block-group-is-layout-flow\"><div class=\"wp-block-post-terms\">Klimaat<\/div>\n\n<h3 class=\"wp-block-post-title\"><a href=\"https:\/\/www.greenpeace.org\/nl\/acties\/schud-klm-wakker-%e2%98%8e%ef%b8%8f\/\" target=\"_self\">Schud KLM wakker! \u260e\ufe0f<\/a><\/h3>\n\n<div class=\"wp-block-post-excerpt\"><p class=\"wp-block-post-excerpt__excerpt\">Tijd om KLM met duizenden op te bellen en te vragen om een krimpplan. Vul je gegevens in en wij bellen namens jou (anoniem) naar KLM. <\/p><\/div><\/div>\n\n\n\n<div class=\"wp-block-group read-more-nav is-layout-flow wp-block-group-is-layout-flow\"><a href=\"https:\/\/www.greenpeace.org\/nl\/acties\/schud-klm-wakker-%e2%98%8e%ef%b8%8f\/\" class=\"btn btn-primary btn-small\" aria-label=\"Doe mee\">Doe mee<\/a><\/div>\n\n<\/li><li class=\"wp-block-post post-67239 p4_action type-p4_action status-publish has-post-thumbnail hentry category-algemeen tag-lifestyle action-type-acties\">\n<figure class=\"wp-block-post-featured-image\"><img loading=\"lazy\" decoding=\"async\" width=\"1200\" height=\"628\" src=\"https:\/\/www.greenpeace.org\/static\/planet4-netherlands-stateless\/2025\/01\/8b99f6f3-zero-waste-1200-x-628-px.png\" class=\"attachment-post-thumbnail size-post-thumbnail wp-post-image wp-stateless-item\" alt=\"\" style=\"object-fit:cover;\" srcset=\"https:\/\/www.greenpeace.org\/static\/planet4-netherlands-stateless\/2025\/01\/8b99f6f3-zero-waste-1200-x-628-px.png 1200w, https:\/\/www.greenpeace.org\/static\/planet4-netherlands-stateless\/2025\/01\/8b99f6f3-zero-waste-1200-x-628-px-300x157.png 300w, https:\/\/www.greenpeace.org\/static\/planet4-netherlands-stateless\/2025\/01\/8b99f6f3-zero-waste-1200-x-628-px-1024x536.png 1024w, https:\/\/www.greenpeace.org\/static\/planet4-netherlands-stateless\/2025\/01\/8b99f6f3-zero-waste-1200-x-628-px-768x402.png 768w, https:\/\/www.greenpeace.org\/static\/planet4-netherlands-stateless\/2025\/01\/8b99f6f3-zero-waste-1200-x-628-px-510x267.png 510w\" sizes=\"auto, (max-width: 1200px) 100vw, 1200px\" data-image-size=\"post-thumbnail\" data-stateless-media-bucket=\"planet4-netherlands-stateless\" data-stateless-media-name=\"2025\/01\/8b99f6f3-zero-waste-1200-x-628-px.png\" \/><\/figure>\n\n\n<div class=\"wp-block-group group-stretched-link is-layout-flow wp-block-group-is-layout-flow\"><div class=\"wp-block-post-terms\">Algemeen<\/div>\n\n<h3 class=\"wp-block-post-title\"><a href=\"https:\/\/www.greenpeace.org\/nl\/acties\/zero-waste\/\" target=\"_self\">Zero Waste gids<\/a><\/h3>\n\n<div class=\"wp-block-post-excerpt\"><p class=\"wp-block-post-excerpt__excerpt\">Elke dag produceren we bergen afval. Dit moet anders. Hoewel het in de eerste plaats de verantwoordelijkheid van bedrijven is om duurzame oplossingen te cre\u00ebren en afval bij de bron te beperken, hebben wij als consumenten de kracht om verandering te eisen \u00e9n te stimuleren. Deze gids is een praktische leidraad om minder te verspillen,&hellip; <\/p><\/div><\/div>\n\n\n\n<div class=\"wp-block-group read-more-nav is-layout-flow wp-block-group-is-layout-flow\"><a href=\"https:\/\/www.greenpeace.org\/nl\/acties\/zero-waste\/\" class=\"btn btn-primary btn-small\" aria-label=\"Download de gids\">Download de gids<\/a><\/div>\n\n<\/li><li class=\"wp-block-post post-67025 p4_action type-p4_action status-publish has-post-thumbnail hentry category-klimaat-categorie tag-luchtvaart tag-klm action-type-acties\">\n<figure class=\"wp-block-post-featured-image\"><img loading=\"lazy\" decoding=\"async\" width=\"2560\" height=\"1440\" src=\"https:\/\/www.greenpeace.org\/static\/planet4-netherlands-stateless\/2024\/11\/57255215-michael-fousert-10ilntmgprq-unsplash-scaled.jpg\" class=\"attachment-post-thumbnail size-post-thumbnail wp-post-image wp-stateless-item\" alt=\"\" style=\"object-fit:cover;\" srcset=\"https:\/\/www.greenpeace.org\/static\/planet4-netherlands-stateless\/2024\/11\/57255215-michael-fousert-10ilntmgprq-unsplash-scaled.jpg 2560w, https:\/\/www.greenpeace.org\/static\/planet4-netherlands-stateless\/2024\/11\/57255215-michael-fousert-10ilntmgprq-unsplash-300x169.jpg 300w, https:\/\/www.greenpeace.org\/static\/planet4-netherlands-stateless\/2024\/11\/57255215-michael-fousert-10ilntmgprq-unsplash-1024x576.jpg 1024w, https:\/\/www.greenpeace.org\/static\/planet4-netherlands-stateless\/2024\/11\/57255215-michael-fousert-10ilntmgprq-unsplash-768x432.jpg 768w, https:\/\/www.greenpeace.org\/static\/planet4-netherlands-stateless\/2024\/11\/57255215-michael-fousert-10ilntmgprq-unsplash-1536x864.jpg 1536w, https:\/\/www.greenpeace.org\/static\/planet4-netherlands-stateless\/2024\/11\/57255215-michael-fousert-10ilntmgprq-unsplash-2048x1152.jpg 2048w, https:\/\/www.greenpeace.org\/static\/planet4-netherlands-stateless\/2024\/11\/57255215-michael-fousert-10ilntmgprq-unsplash-510x287.jpg 510w\" sizes=\"auto, (max-width: 2560px) 100vw, 2560px\" data-image-size=\"post-thumbnail\" data-stateless-media-bucket=\"planet4-netherlands-stateless\" data-stateless-media-name=\"2024\/11\/57255215-michael-fousert-10ilntmgprq-unsplash-scaled.jpg\" \/><\/figure>\n\n\n<div class=\"wp-block-group group-stretched-link is-layout-flow wp-block-group-is-layout-flow\"><div class=\"wp-block-post-terms\">Klimaat<\/div>\n\n<h3 class=\"wp-block-post-title\"><a href=\"https:\/\/www.greenpeace.org\/nl\/acties\/luchtvaart-protestmail-klm\/\" target=\"_self\">Stuur een protestmail naar KLM<\/a><\/h3>\n\n<div class=\"wp-block-post-excerpt\"><p class=\"wp-block-post-excerpt__excerpt\">Jij kunt KLM met beide benen op de grond zetten. Stuur de ceo een protestmail en wij zorgen dat deze direct in haar mailbox belandt. <\/p><\/div><\/div>\n\n\n\n<div class=\"wp-block-group read-more-nav is-layout-flow wp-block-group-is-layout-flow\"><a href=\"https:\/\/www.greenpeace.org\/nl\/acties\/luchtvaart-protestmail-klm\/\" class=\"btn btn-primary btn-small\" aria-label=\"Stuur een protestmail\">Stuur een protestmail<\/a><\/div>\n\n<\/li><li class=\"wp-block-post post-66883 p4_action type-p4_action status-publish has-post-thumbnail hentry category-doneer tag-eerlijke-wereld tag-duurzaamheid tag-lifestyle action-type-acties\">\n<figure class=\"wp-block-post-featured-image\"><img loading=\"lazy\" decoding=\"async\" width=\"1179\" height=\"861\" src=\"https:\/\/www.greenpeace.org\/static\/planet4-netherlands-stateless\/2023\/08\/2a80f768-niks_hanna_kaartje_1920.jpg\" class=\"attachment-post-thumbnail size-post-thumbnail wp-post-image wp-stateless-item\" alt=\"\" style=\"object-fit:cover;\" srcset=\"https:\/\/www.greenpeace.org\/static\/planet4-netherlands-stateless\/2023\/08\/2a80f768-niks_hanna_kaartje_1920.jpg 1179w, https:\/\/www.greenpeace.org\/static\/planet4-netherlands-stateless\/2023\/08\/2a80f768-niks_hanna_kaartje_1920-300x219.jpg 300w, https:\/\/www.greenpeace.org\/static\/planet4-netherlands-stateless\/2023\/08\/2a80f768-niks_hanna_kaartje_1920-1024x748.jpg 1024w, https:\/\/www.greenpeace.org\/static\/planet4-netherlands-stateless\/2023\/08\/2a80f768-niks_hanna_kaartje_1920-768x561.jpg 768w, https:\/\/www.greenpeace.org\/static\/planet4-netherlands-stateless\/2023\/08\/2a80f768-niks_hanna_kaartje_1920-466x340.jpg 466w\" sizes=\"auto, (max-width: 1179px) 100vw, 1179px\" data-image-size=\"post-thumbnail\" data-stateless-media-bucket=\"planet4-netherlands-stateless\" data-stateless-media-name=\"2023\/08\/2a80f768-niks_hanna_kaartje_1920.jpg\" \/><\/figure>\n\n\n<div class=\"wp-block-group group-stretched-link is-layout-flow wp-block-group-is-layout-flow\"><div class=\"wp-block-post-terms\">Doneer<\/div>\n\n<h3 class=\"wp-block-post-title\"><a href=\"https:\/\/www.greenpeace.org\/nl\/acties\/geef-of-vraag-niks\/\" target=\"_self\">Koop NIKS<\/a><\/h3>\n\n<div class=\"wp-block-post-excerpt\"><p class=\"wp-block-post-excerpt__excerpt\">NIKS is een donatie aan Greenpeace die je cadeau kan doen. Door NIKS te geven of te vragen, stel je Greenpeace in staat om in actie te komen voor een eerlijkere, leefbaardere wereld en breng je weer ietsje minder spullen de wereld in. <\/p><\/div><\/div>\n\n\n\n<div class=\"wp-block-group read-more-nav is-layout-flow wp-block-group-is-layout-flow\"><a href=\"https:\/\/www.greenpeace.org\/nl\/acties\/geef-of-vraag-niks\/\" class=\"btn btn-primary btn-small\" aria-label=\"Bestel NIKS\">Bestel NIKS<\/a><\/div>\n\n<\/li><\/ul>\n\n\n<div class=\"wp-block-buttons carousel-controls is-horizontal is-content-justification-space-between is-nowrap is-layout-flex wp-container-core-buttons-is-layout-044bd602 wp-block-buttons-is-layout-flex\">\n<div class=\"wp-block-button carousel-control-prev\"><button type=\"button\" class=\"wp-block-button__link wp-element-button\">Previous Carousel Slide<\/button><\/div>\n\n\n\n<div class=\"wp-block-button carousel-control-next\"><button type=\"button\" class=\"wp-block-button__link wp-element-button\">Next Carousel Slide<\/button><\/div>\n<\/div>\n\n\n\n<div class=\"wp-block-buttons load-more-actions-container is-content-justification-center is-layout-flex wp-container-core-buttons-is-layout-16018d1d wp-block-buttons-is-layout-flex\">\n<div class=\"wp-block-button is-style-secondary\"><button type=\"button\" class=\"wp-block-button__link wp-element-button\">Load more<\/button><\/div>\n<\/div>\n<\/div>\n\n\n\n<hr class=\"wp-block-separator has-text-color has-grey-20-color has-alpha-channel-opacity has-grey-20-background-color has-background\"\/>\n\n\n\n\n<div class=\"wp-block-group alignfull block has-white-background-color has-background is-layout-flow wp-block-group-is-layout-flow\">\n<div class=\"wp-block-group container is-layout-flow wp-block-group-is-layout-flow\">\n<div style=\"height:24px\" aria-hidden=\"true\" class=\"wp-block-spacer\"><\/div>\n\n\n\n<h4 class=\"wp-block-heading\">Explore by topics<\/h4>\n\n\n\n<div class=\"wp-block-columns is-not-stacked-on-mobile is-style-mobile-carousel quick-links is-layout-flex wp-container-core-columns-is-layout-9d6595d7 wp-block-columns-is-layout-flex\">\n<div class=\"wp-block-column is-layout-flow wp-block-column-is-layout-flow\">\n<div class=\"wp-block-group group-stretched-link is-layout-flow wp-block-group-is-layout-flow\">\n<figure class=\"wp-block-image aligncenter is-resized is-style-rounded-90 force-no-lightbox force-no-caption mb-0\"><img decoding=\"async\" src=\"https:\/\/www.greenpeace.org\/nl\/wp-content\/themes\/planet4-master-theme\/images\/placeholders\/placeholder-90x90.jpg\" alt=\"\" style=\"width:90px;height:90px\"\/><\/figure>\n\n\n\n<div style=\"height:16px\" aria-hidden=\"true\" class=\"wp-block-spacer\"><\/div>\n\n\n\n<h5 class=\"wp-block-heading has-text-align-center\" style=\"font-size:1rem\"><\/h5>\n<\/div>\n<\/div>\n\n\n\n<div class=\"wp-block-column is-layout-flow wp-block-column-is-layout-flow\">\n<div class=\"wp-block-group group-stretched-link is-layout-flow wp-block-group-is-layout-flow\">\n<figure class=\"wp-block-image aligncenter is-resized is-style-rounded-90 force-no-lightbox force-no-caption mb-0\"><img decoding=\"async\" src=\"https:\/\/www.greenpeace.org\/nl\/wp-content\/themes\/planet4-master-theme\/images\/placeholders\/placeholder-90x90.jpg\" alt=\"\" style=\"width:90px;height:90px\"\/><\/figure>\n\n\n\n<div style=\"height:16px\" aria-hidden=\"true\" class=\"wp-block-spacer\"><\/div>\n\n\n\n<h5 class=\"wp-block-heading has-text-align-center\" style=\"font-size:1rem\"><\/h5>\n<\/div>\n<\/div>\n\n\n\n<div class=\"wp-block-column is-layout-flow wp-block-column-is-layout-flow\">\n<div class=\"wp-block-group group-stretched-link is-layout-flow wp-block-group-is-layout-flow\">\n<figure class=\"wp-block-image aligncenter is-resized is-style-rounded-90 force-no-lightbox force-no-caption mb-0\"><img decoding=\"async\" src=\"https:\/\/www.greenpeace.org\/nl\/wp-content\/themes\/planet4-master-theme\/images\/placeholders\/placeholder-90x90.jpg\" alt=\"\" style=\"width:90px;height:90px\"\/><\/figure>\n\n\n\n<div style=\"height:16px\" aria-hidden=\"true\" class=\"wp-block-spacer\"><\/div>\n\n\n\n<h5 class=\"wp-block-heading has-text-align-center\" style=\"font-size:1rem\"><\/h5>\n<\/div>\n<\/div>\n\n\n\n<div class=\"wp-block-column is-layout-flow wp-block-column-is-layout-flow\">\n<div class=\"wp-block-group group-stretched-link is-layout-flow wp-block-group-is-layout-flow\">\n<figure class=\"wp-block-image aligncenter is-resized is-style-rounded-90 force-no-lightbox force-no-caption mb-0\"><img decoding=\"async\" src=\"https:\/\/www.greenpeace.org\/nl\/wp-content\/themes\/planet4-master-theme\/images\/placeholders\/placeholder-90x90.jpg\" alt=\"\" style=\"width:90px;height:90px\"\/><\/figure>\n\n\n\n<div style=\"height:16px\" aria-hidden=\"true\" class=\"wp-block-spacer\"><\/div>\n\n\n\n<h5 class=\"wp-block-heading has-text-align-center\" style=\"font-size:1rem\"><\/h5>\n<\/div>\n<\/div>\n\n\n\n<div class=\"wp-block-column is-layout-flow wp-block-column-is-layout-flow\">\n<div class=\"wp-block-group group-stretched-link is-layout-flow wp-block-group-is-layout-flow\">\n<figure class=\"wp-block-image aligncenter is-resized is-style-rounded-90 force-no-lightbox force-no-caption mb-0\"><img decoding=\"async\" src=\"https:\/\/www.greenpeace.org\/nl\/wp-content\/themes\/planet4-master-theme\/images\/placeholders\/placeholder-90x90.jpg\" alt=\"\" style=\"width:90px;height:90px\"\/><\/figure>\n\n\n\n<div style=\"height:16px\" aria-hidden=\"true\" class=\"wp-block-spacer\"><\/div>\n\n\n\n<h5 class=\"wp-block-heading has-text-align-center\" style=\"font-size:1rem\"><\/h5>\n<\/div>\n<\/div>\n<\/div>\n<\/div>\n<\/div>\n\n<\/div>\n\n","protected":false},"excerpt":{"rendered":"<p>Overheid, pak eindelijk de grootste daders achter natuurverwoesting aan: de vleesmultinationals. <\/p>\n","protected":false},"author":189,"featured_media":72756,"menu_order":0,"template":"","meta":{"ep_exclude_from_search":false,"action_button_text":"Teken de petitie","action_button_accessibility_text":"Teken de petitie","actions_task_type":"","actions_deadline":"","nav_type":"","p4_hide_page_title_checkbox":"","p4_og_title":"","p4_og_description":"","p4_og_image":"","p4_og_image_id":"","p4_seo_canonical_url":"","p4_campaign_name":"Big Ag","p4_local_project":"","p4_basket_name":"Forests","p4_department":"","footnotes":""},"categories":[133,134],"tags":[146,89,31,18],"action-type":[136],"class_list":["post-73867","p4_action","type-p4_action","status-publish","has-post-thumbnail","hentry","category-bossen-categorie","category-voedsel-categorie","tag-ontbossing","tag-voedsel","tag-vlees","tag-landbouw","action-type-acties"],"_links":{"self":[{"href":"https:\/\/www.greenpeace.org\/nl\/wp-json\/wp\/v2\/p4_action\/73867","targetHints":{"allow":["GET"]}}],"collection":[{"href":"https:\/\/www.greenpeace.org\/nl\/wp-json\/wp\/v2\/p4_action"}],"about":[{"href":"https:\/\/www.greenpeace.org\/nl\/wp-json\/wp\/v2\/types\/p4_action"}],"author":[{"embeddable":true,"href":"https:\/\/www.greenpeace.org\/nl\/wp-json\/wp\/v2\/users\/189"}],"version-history":[{"count":5,"href":"https:\/\/www.greenpeace.org\/nl\/wp-json\/wp\/v2\/p4_action\/73867\/revisions"}],"predecessor-version":[{"id":74301,"href":"https:\/\/www.greenpeace.org\/nl\/wp-json\/wp\/v2\/p4_action\/73867\/revisions\/74301"}],"wp:featuredmedia":[{"embeddable":true,"href":"https:\/\/www.greenpeace.org\/nl\/wp-json\/wp\/v2\/media\/72756"}],"wp:attachment":[{"href":"https:\/\/www.greenpeace.org\/nl\/wp-json\/wp\/v2\/media?parent=73867"}],"wp:term":[{"taxonomy":"category","embeddable":true,"href":"https:\/\/www.greenpeace.org\/nl\/wp-json\/wp\/v2\/categories?post=73867"},{"taxonomy":"post_tag","embeddable":true,"href":"https:\/\/www.greenpeace.org\/nl\/wp-json\/wp\/v2\/tags?post=73867"},{"taxonomy":"action-type","embeddable":true,"href":"https:\/\/www.greenpeace.org\/nl\/wp-json\/wp\/v2\/action-type?post=73867"}],"curies":[{"name":"wp","href":"https:\/\/api.w.org\/{rel}","templated":true}]}}