{"id":21182,"date":"2019-08-02T14:13:05","date_gmt":"2019-08-02T12:13:05","guid":{"rendered":"https:\/\/www.greenpeace.org\/nl\/rainbowwarrior\/"},"modified":"2026-04-08T10:59:57","modified_gmt":"2026-04-08T08:59:57","slug":"rainbowwarrior","status":"publish","type":"page","link":"https:\/\/www.greenpeace.org\/nl\/rainbowwarrior\/","title":{"rendered":"#RainbowWarrior"},"content":{"rendered":"\n                    <div class=\"wp-block-group is-vertical is-layout-flex wp-container-core-group-is-layout-8cf370e7 wp-block-group-is-layout-flex\">\n                    \n                                <p>Bouwjaar: 2011 Type: Gemotoriseerd zeilschip Thuishaven: Amsterdam, Nederland. Lengte: 58 meter Breedte: 11 meter Diepgang: 5,15 meter Waar ligt ze nu? <a href=\"http:\/\/www.greenpeace.org\/archive-international\/en\/multimedia\/ship-webcams\/Rainbow-Warrior-Webcam\/\">Kijk naar de onboard webcam<\/a> Geschiedenis De \u2018Rainbow Warrior\u2019 is het vlaggenschip van Greenpeace. Er hebben sinds 1978 drie Rainbow Warriors gevaren en actie gevoerd. Vanaf de eerste actie in 1978 tegen de IJslandse walvisjacht is het een symbool van hoop. Op 10 juli 1985 pleegde de Franse geheime dienst een bomaanslag en bracht zo Rainbow Warrior I tot zinken. Het wrak is nu uitgegroeid tot een levend rif; een passend einde voor een schip dat op een unieke manier het leven in de oceanen beschermde. In 1995 kwam Greenpeace &#8211; met succes! &#8211; opnieuw in actie tegen de Franse kernproeven in de Stille Oceaan. Dat deden we met hulp van een tot zeilschip omgebouwd vissersschip: de Rainbow Warrior II. Ruim 22 jaar voer het schip naar plekken waar de natuur geweld werd aangedaan. Om de misstanden aan de wereld te laten zien en ter plekke bescherming te bieden. Na al die jaren werd het schip te oud voor deze zware taak. Daarom droegen we het in 2011 over aan de Bengaalse hulporganisatie Friendship. Als drijvend ziekenhuis heeft de Rainbow Warrior II nog steeds een waardevolle taak. Tech specs Sinds die eerste actie in \u201878 vormt de Rainbow Warrior de romp van onze campagnes en komen we in actie precies daar waar dat nodig is. Om dat nog beter te kunnen doen, lieten we een schip bouwen dat duurzamer, sneller, veiliger en slagvaar\u00addiger is dan welk ander schip in onze vloot. De nieuwe tweemaster, ontworpen door het maritieme architectenbureau Dijkstra en Partners is 58 meter lang en 11 meter breed. De masten zijn 54 meter hoog waardoor het schip het grootste deel van de tijd op zijn zeilen kan varen. Dat het schip uiterst milieuvriendelijk is, wil niet zeggen dat het inboet aan slagvaardigheid. Het haalt een snelheid van wel 14 knopen. <strong>Webcam<\/strong> <a href=\"https:\/\/webcams.greenpeace.org\/arctic-sunrise\/latest.jpg\" target=\"_blank\" rel=\"noopener\"><img decoding=\"async\" src=\"http:\/\/webcams.greenpeace.org\/rainbow-warrior\/latest.jpg\" \/><\/a> <a href=\"https:\/\/webcams.greenpeace.org\/rainbow-warrior\/6-hours-ago.jpg\" target=\"_blank\" rel=\"noopener\">6 hours ago<\/a>\u00a0\u2013\u00a0<a href=\"https:\/\/webcams.greenpeace.org\/rainbow-warrior\/12-hours-ago.jpg\" target=\"_blank\" rel=\"noopener\">12 hours ago<\/a>\u00a0\u2013\u00a0<a href=\"https:\/\/webcams.greenpeace.org\/rainbow-warrior\/18-hours-ago.jpg\" target=\"_blank\" rel=\"noopener\">18 hours ago<\/a><\/p>\n                            \n\n                    \n                    <\/div>\n                    \n        <div class=\"wp-block-query actions-list p4-query-loop is-custom-layout-actions-list is-custom-layout-grid is-layout-grid wp-container-core-query-is-layout-29f43435 wp-block-query-is-layout-grid\"><h2 class=\"wp-block-heading\">Wat jij kunt doen<\/h2>\n        <p style=\"margin-top: 24px; margin-bottom: 32px;\">Kom in actie, want samen staan we sterk.<\/p>\n        <div class=\"wp-block-query-no-results\">\n        <p >No posts found.<\/p>\n        <\/div>\n        \n        \n<div class=\"wp-block-buttons carousel-controls is-horizontal is-content-justification-space-between is-nowrap is-layout-flex wp-container-core-buttons-is-layout-044bd602 wp-block-buttons-is-layout-flex\">\n            <div class=\"wp-block-button carousel-control-prev\"><button type=\"button\" class=\"wp-block-button__link wp-element-button\">Prev<\/button><\/div>\n        \n\n            <div class=\"wp-block-button carousel-control-next\"><button type=\"button\" class=\"wp-block-button__link wp-element-button\">Volgende<\/button><\/div>\n        <\/div>\n\n        \n<div class=\"wp-block-buttons load-more-actions-container is-content-justification-center is-layout-flex wp-container-core-buttons-is-layout-16018d1d wp-block-buttons-is-layout-flex\">\n                <div class=\"wp-block-button is-style-secondary\"><button type=\"button\" class=\"wp-block-button__link wp-element-button\">Laad meer<\/button><\/div>\n            \n<\/div>\n<\/div>\n        \n    <div class=\"wp-block-query posts-list p4-query-loop is-custom-layout-list is-layout-flow wp-block-query-is-layout-flow\">\n        <div class=\"wp-block-group is-content-justification-space-between is-layout-flex wp-container-core-group-is-layout-3d213aab wp-block-group-is-layout-flex\"><h2 class=\"wp-block-heading\">Gerelateerde artikelen<\/h2>\n        \n        \n        <\/div>\n        \n\n    <p style=\"margin-top: 24px; margin-bottom: 36px;\"><\/p>\n\n    \n\n    <ul class=\"wp-block-post-template is-layout-flow wp-block-post-template-is-layout-flow\"><li class=\"wp-block-post post-72586 post type-post status-publish format-standard has-post-thumbnail hentry category-klimaat-categorie category-over-greenpeace tag-politiek tag-rainbowwarrior tag-klimaatcrisis tag-bonaire-climate-justice p4-page-type-pers\">\n            \n<div class=\"wp-block-columns is-layout-flex wp-container-core-columns-is-layout-9d6595d7 wp-block-columns-is-layout-flex\"><figure class=\"wp-block-post-featured-image\"><a href=\"https:\/\/www.greenpeace.org\/nl\/klimaat-categorie\/72586\/inwoners-van-bonaire-en-greenpeace-tegenover-nederlandse-staat-in-rechtbank-voor-klimaatzaak\/\" target=\"_self\"><img loading=\"lazy\" decoding=\"async\" width=\"1200\" height=\"800\" src=\"https:\/\/www.greenpeace.org\/static\/planet4-netherlands-stateless\/2025\/10\/9ae2a141-gp0su6yde.jpg\" class=\"attachment-post-thumbnail size-post-thumbnail wp-post-image wp-stateless-item\" alt=\"Inwoners van Bonaire en Greenpeace tegenover\u00a0 Nederlandse Staat in rechtbank voor Klimaatzaak\u00a0\" style=\"object-fit:cover;\" srcset=\"https:\/\/www.greenpeace.org\/static\/planet4-netherlands-stateless\/2025\/10\/9ae2a141-gp0su6yde.jpg 1200w, https:\/\/www.greenpeace.org\/static\/planet4-netherlands-stateless\/2025\/10\/9ae2a141-gp0su6yde-300x200.jpg 300w, https:\/\/www.greenpeace.org\/static\/planet4-netherlands-stateless\/2025\/10\/9ae2a141-gp0su6yde-1024x683.jpg 1024w, https:\/\/www.greenpeace.org\/static\/planet4-netherlands-stateless\/2025\/10\/9ae2a141-gp0su6yde-768x512.jpg 768w, https:\/\/www.greenpeace.org\/static\/planet4-netherlands-stateless\/2025\/10\/9ae2a141-gp0su6yde-510x340.jpg 510w\" sizes=\"auto, (max-width: 1200px) 100vw, 1200px\" data-image-size=\"post-thumbnail\" data-stateless-media-bucket=\"planet4-netherlands-stateless\" data-stateless-media-name=\"2025\/10\/9ae2a141-gp0su6yde.jpg\" \/><\/a><\/figure>\n\n        <div class=\"wp-block-group is-layout-flow wp-block-group-is-layout-flow\">\n                <div class=\"wp-block-group is-layout-flex wp-block-group-is-layout-flex\"><div class=\"wp-block-post-terms\"><a href=\"https:\/\/www.greenpeace.org\/nl\/category\/klimaat-categorie\/\">Klimaat<\/a><\/div>\n                <div class=\"taxonomy-post_tag wp-block-post-terms\"><a href=\"https:\/\/www.greenpeace.org\/nl\/tag\/politiek\/\" rel=\"tag\">Politiek<\/a><span class=\"wp-block-post-terms__separator\"> <\/span><a href=\"https:\/\/www.greenpeace.org\/nl\/tag\/rainbowwarrior\/\" rel=\"tag\">RainbowWarrior<\/a><span class=\"wp-block-post-terms__separator\"> <\/span><a href=\"https:\/\/www.greenpeace.org\/nl\/tag\/klimaatcrisis\/\" rel=\"tag\">Klimaatcrisis<\/a><span class=\"wp-block-post-terms__separator\"> <\/span><a href=\"https:\/\/www.greenpeace.org\/nl\/tag\/bonaire-climate-justice\/\" rel=\"tag\">Bonaire<\/a><\/div>\n                \n                <\/div>\n                \n        <h3 class=\"wp-block-post-title\"><a href=\"https:\/\/www.greenpeace.org\/nl\/klimaat-categorie\/72586\/inwoners-van-bonaire-en-greenpeace-tegenover-nederlandse-staat-in-rechtbank-voor-klimaatzaak\/\" target=\"_self\">Inwoners van Bonaire en Greenpeace tegenover\u00a0 Nederlandse Staat in rechtbank voor Klimaatzaak\u00a0<\/a><\/h3>\n        <div class=\"wp-block-post-excerpt\"><p class=\"wp-block-post-excerpt__excerpt\">Eerste klimaatadaptatie zaak van start na internationale uitspraken <\/p><\/div>\n        \n        <div class=\"wp-block-group posts-list-meta is-layout-flow wp-block-group-is-layout-flow\"><span class='article-list-item-author'><a href=\"https:\/\/www.greenpeace.org\/nl\/author\/bkarst\/\">Bram Karst<\/a><\/span>\n        <div class=\"wp-block-post-date\"><time datetime=\"2025-10-02T10:00:00+02:00\">2 oktober 2025<\/time><\/div>\n        \n        <\/div>\n        <\/div>\n        <\/div>\n\n            <\/li><li class=\"wp-block-post post-72496 post type-post status-publish format-standard has-post-thumbnail hentry category-klimaat-categorie tag-bonaire-climate-justice tag-rainbowwarrior p4-page-type-pers\">\n            \n<div class=\"wp-block-columns is-layout-flex wp-container-core-columns-is-layout-9d6595d7 wp-block-columns-is-layout-flex\"><figure class=\"wp-block-post-featured-image\"><a href=\"https:\/\/www.greenpeace.org\/nl\/klimaat-categorie\/72496\/e-barku-ikoniko-di-greenpeace-rainbow-warrior-a-yega-boneiru\/\" target=\"_self\"><img loading=\"lazy\" decoding=\"async\" width=\"1600\" height=\"1068\" src=\"https:\/\/www.greenpeace.org\/static\/planet4-netherlands-stateless\/2025\/09\/b71d2185-whatsapp-image-2025-09-26-at-19.51.45-1.jpeg\" class=\"attachment-post-thumbnail size-post-thumbnail wp-post-image wp-stateless-item\" alt=\"E barku ik\u00f3niko di Greenpeace Rainbow Warrior a yega Boneiru\" style=\"object-fit:cover;\" srcset=\"https:\/\/www.greenpeace.org\/static\/planet4-netherlands-stateless\/2025\/09\/b71d2185-whatsapp-image-2025-09-26-at-19.51.45-1.jpeg 1600w, https:\/\/www.greenpeace.org\/static\/planet4-netherlands-stateless\/2025\/09\/b71d2185-whatsapp-image-2025-09-26-at-19.51.45-1-300x200.jpeg 300w, https:\/\/www.greenpeace.org\/static\/planet4-netherlands-stateless\/2025\/09\/b71d2185-whatsapp-image-2025-09-26-at-19.51.45-1-1024x684.jpeg 1024w, https:\/\/www.greenpeace.org\/static\/planet4-netherlands-stateless\/2025\/09\/b71d2185-whatsapp-image-2025-09-26-at-19.51.45-1-768x513.jpeg 768w, https:\/\/www.greenpeace.org\/static\/planet4-netherlands-stateless\/2025\/09\/b71d2185-whatsapp-image-2025-09-26-at-19.51.45-1-1536x1025.jpeg 1536w, https:\/\/www.greenpeace.org\/static\/planet4-netherlands-stateless\/2025\/09\/b71d2185-whatsapp-image-2025-09-26-at-19.51.45-1-510x340.jpeg 510w\" sizes=\"auto, (max-width: 1600px) 100vw, 1600px\" data-image-size=\"post-thumbnail\" data-stateless-media-bucket=\"planet4-netherlands-stateless\" data-stateless-media-name=\"2025\/09\/b71d2185-whatsapp-image-2025-09-26-at-19.51.45-1.jpeg\" \/><\/a><\/figure>\n\n        <div class=\"wp-block-group is-layout-flow wp-block-group-is-layout-flow\">\n                <div class=\"wp-block-group is-layout-flex wp-block-group-is-layout-flex\"><div class=\"wp-block-post-terms\"><a href=\"https:\/\/www.greenpeace.org\/nl\/category\/klimaat-categorie\/\">Klimaat<\/a><\/div>\n                <div class=\"taxonomy-post_tag wp-block-post-terms\"><a href=\"https:\/\/www.greenpeace.org\/nl\/tag\/bonaire-climate-justice\/\" rel=\"tag\">Bonaire<\/a><span class=\"wp-block-post-terms__separator\"> <\/span><a href=\"https:\/\/www.greenpeace.org\/nl\/tag\/rainbowwarrior\/\" rel=\"tag\">RainbowWarrior<\/a><\/div>\n                \n                <\/div>\n                \n        <h3 class=\"wp-block-post-title\"><a href=\"https:\/\/www.greenpeace.org\/nl\/klimaat-categorie\/72496\/e-barku-ikoniko-di-greenpeace-rainbow-warrior-a-yega-boneiru\/\" target=\"_self\">E barku ik\u00f3niko di Greenpeace Rainbow Warrior a yega Boneiru<\/a><\/h3>\n        <div class=\"wp-block-post-excerpt\"><p class=\"wp-block-post-excerpt__excerpt\">Bishit\u00e1 e barku durante e dianan habr\u00ed riba 27 i 28 di s\u00e8pt\u00e8mber <\/p><\/div>\n        \n        <div class=\"wp-block-group posts-list-meta is-layout-flow wp-block-group-is-layout-flow\"><span class='article-list-item-author'><a href=\"https:\/\/www.greenpeace.org\/nl\/author\/laura\/\">Laura Polderman<\/a><\/span>\n        <div class=\"wp-block-post-date\"><time datetime=\"2025-09-27T02:17:52+02:00\">27 september 2025<\/time><\/div>\n        \n        <\/div>\n        <\/div>\n        <\/div>\n\n            <\/li><li class=\"wp-block-post post-72498 post type-post status-publish format-standard has-post-thumbnail hentry category-klimaat-categorie tag-bonaire-climate-justice tag-rainbowwarrior p4-page-type-pers\">\n            \n<div class=\"wp-block-columns is-layout-flex wp-container-core-columns-is-layout-9d6595d7 wp-block-columns-is-layout-flex\"><figure class=\"wp-block-post-featured-image\"><a href=\"https:\/\/www.greenpeace.org\/nl\/klimaat-categorie\/72498\/iconisch-greenpeace-schip-rainbow-warrior-aangekomen-op-bonaire\/\" target=\"_self\"><img loading=\"lazy\" decoding=\"async\" width=\"1600\" height=\"1068\" src=\"https:\/\/www.greenpeace.org\/static\/planet4-netherlands-stateless\/2025\/09\/c1966b97-whatsapp-image-2025-09-26-at-19.51.45-1.jpeg\" class=\"attachment-post-thumbnail size-post-thumbnail wp-post-image wp-stateless-item\" alt=\"Iconisch Greenpeace schip Rainbow Warrior aangekomen op Bonaire\" style=\"object-fit:cover;\" srcset=\"https:\/\/www.greenpeace.org\/static\/planet4-netherlands-stateless\/2025\/09\/c1966b97-whatsapp-image-2025-09-26-at-19.51.45-1.jpeg 1600w, https:\/\/www.greenpeace.org\/static\/planet4-netherlands-stateless\/2025\/09\/c1966b97-whatsapp-image-2025-09-26-at-19.51.45-1-300x200.jpeg 300w, https:\/\/www.greenpeace.org\/static\/planet4-netherlands-stateless\/2025\/09\/c1966b97-whatsapp-image-2025-09-26-at-19.51.45-1-1024x684.jpeg 1024w, https:\/\/www.greenpeace.org\/static\/planet4-netherlands-stateless\/2025\/09\/c1966b97-whatsapp-image-2025-09-26-at-19.51.45-1-768x513.jpeg 768w, https:\/\/www.greenpeace.org\/static\/planet4-netherlands-stateless\/2025\/09\/c1966b97-whatsapp-image-2025-09-26-at-19.51.45-1-1536x1025.jpeg 1536w, https:\/\/www.greenpeace.org\/static\/planet4-netherlands-stateless\/2025\/09\/c1966b97-whatsapp-image-2025-09-26-at-19.51.45-1-510x340.jpeg 510w\" sizes=\"auto, (max-width: 1600px) 100vw, 1600px\" data-image-size=\"post-thumbnail\" data-stateless-media-bucket=\"planet4-netherlands-stateless\" data-stateless-media-name=\"2025\/09\/c1966b97-whatsapp-image-2025-09-26-at-19.51.45-1.jpeg\" \/><\/a><\/figure>\n\n        <div class=\"wp-block-group is-layout-flow wp-block-group-is-layout-flow\">\n                <div class=\"wp-block-group is-layout-flex wp-block-group-is-layout-flex\"><div class=\"wp-block-post-terms\"><a href=\"https:\/\/www.greenpeace.org\/nl\/category\/klimaat-categorie\/\">Klimaat<\/a><\/div>\n                <div class=\"taxonomy-post_tag wp-block-post-terms\"><a href=\"https:\/\/www.greenpeace.org\/nl\/tag\/bonaire-climate-justice\/\" rel=\"tag\">Bonaire<\/a><span class=\"wp-block-post-terms__separator\"> <\/span><a href=\"https:\/\/www.greenpeace.org\/nl\/tag\/rainbowwarrior\/\" rel=\"tag\">RainbowWarrior<\/a><\/div>\n                \n                <\/div>\n                \n        <h3 class=\"wp-block-post-title\"><a href=\"https:\/\/www.greenpeace.org\/nl\/klimaat-categorie\/72498\/iconisch-greenpeace-schip-rainbow-warrior-aangekomen-op-bonaire\/\" target=\"_self\">Iconisch Greenpeace schip Rainbow Warrior aangekomen op Bonaire<\/a><\/h3>\n        <div class=\"wp-block-post-excerpt\"><p class=\"wp-block-post-excerpt__excerpt\">Bishit\u00e1 e barku durante e dianan habr\u00ed riba 27 i 28 di s\u00e8pt\u00e8mber <\/p><\/div>\n        \n        <div class=\"wp-block-group posts-list-meta is-layout-flow wp-block-group-is-layout-flow\"><span class='article-list-item-author'><a href=\"https:\/\/www.greenpeace.org\/nl\/author\/laura\/\">Laura Polderman<\/a><\/span>\n        <div class=\"wp-block-post-date\"><time datetime=\"2025-09-27T02:03:59+02:00\">27 september 2025<\/time><\/div>\n        \n        <\/div>\n        <\/div>\n        <\/div>\n\n            <\/li><\/ul>\n\n    \n<div class=\"wp-block-buttons carousel-controls is-horizontal is-content-justification-space-between is-nowrap is-layout-flex wp-container-core-buttons-is-layout-044bd602 wp-block-buttons-is-layout-flex\">\n            <div class=\"wp-block-button carousel-control-prev\"><button type=\"button\" class=\"wp-block-button__link wp-element-button\">Prev<\/button><\/div>\n        \n\n            <div class=\"wp-block-button carousel-control-next\"><button type=\"button\" class=\"wp-block-button__link wp-element-button\">Volgende<\/button><\/div>\n        <\/div>\n\n\n    <\/div>\n    \n    <div class=\"wp-block-query posts-list p4-query-loop is-custom-layout-grid is-layout-grid wp-container-core-query-is-layout-b8bb0bd1 wp-block-query-is-layout-grid\">\n        <div class=\"wp-block-group is-content-justification-space-between is-layout-flex wp-container-core-group-is-layout-3d213aab wp-block-group-is-layout-flex\"><h2 class=\"wp-block-heading\">Publicaties<\/h2>\n        \n        \n        <\/div>\n        \n\n    <p style=\"margin-top: 24px; margin-bottom: 36px;\"><\/p>\n\n    <div class=\"wp-block-query-no-results\">\n        <p style=\"\">No posts found.<\/p>\n        <\/div>\n\n    \n\n    \n<div class=\"wp-block-buttons carousel-controls is-horizontal is-content-justification-space-between is-nowrap is-layout-flex wp-container-core-buttons-is-layout-044bd602 wp-block-buttons-is-layout-flex\">\n            <div class=\"wp-block-button carousel-control-prev\"><button type=\"button\" class=\"wp-block-button__link wp-element-button\">Prev<\/button><\/div>\n        \n\n            <div class=\"wp-block-button carousel-control-next\"><button type=\"button\" class=\"wp-block-button__link wp-element-button\">Volgende<\/button><\/div>\n        <\/div>\n\n\n    <\/div>\n    \n<section class=\"gpnl-newsletter__block\">\n<div class=\"background-image\" style=\"\n\t\t\t\t\t background-image: url('https:\/\/www.greenpeace.org\/static\/planet4-netherlands-stateless\/2019\/04\/7d9b2803-background_newsletter.png');\n\t\t\t\t\t background-position: 50% 50%;\n\t\t\t\t\t opacity: 100%;\n\t\t\t\t\t \">\n<\/div>\n<div class=\"container gpnl-newsletter__wrapper\">\n<div class=\"gpnl-newsletter__text\">\n<h2 class=\"gpnl-newsletter__title\">\nWil je graag op de hoogte blijven?\n<\/h2>\n<p class=\"gpnl-newsletter__description\">Meld je aan en ontvang elke twee weken de nieuwsbrief<\/p>\n<a href=\"https:\/\/doemee.greenpeace.nl\/nieuwsbrief\/\" class=\"btn btn-medium btn-primary btn-block\" target=\"_blank\" rel=\"noopener\">Aanmelden<\/a>\n<\/div>\n<\/div>\n<\/section>\n","protected":false},"excerpt":{"rendered":"<p>Bouwjaar: 2011 Type: Gemotoriseerd zeilschip Thuishaven: Amsterdam, Nederland. Lengte: 58 meter Breedte: 11 meter Diepgang: 5,15 meter Waar ligt ze nu? Kijk naar de onboard webcam Geschiedenis De \u2018Rainbow Warrior\u2019 is het vlaggenschip van Greenpeace. Er hebben sinds 1978 drie Rainbow Warriors gevaren en actie gevoerd. Vanaf de eerste actie in 1978 tegen de IJslandse [&hellip;]<\/p>\n","protected":false},"author":20,"featured_media":0,"parent":0,"menu_order":0,"comment_status":"closed","ping_status":"closed","template":"","meta":{"ep_exclude_from_search":false,"p4_hide_page_title_checkbox":"","p4_title":"","p4_subtitle":"","p4_description":"","background_image_id":"","background_image":"","p4_button_title":"","p4_button_link":"","p4_button_link_checkbox":"","p4_og_title":"","p4_og_description":"","p4_og_image":"","p4_og_image_id":"","p4_seo_canonical_url":"","p4_campaign_name":"not set","p4_local_project":"","p4_basket_name":"not set","p4_department":"","footnotes":""},"categories":[],"tags":[],"class_list":["post-21182","page","type-page","status-publish","hentry"],"_links":{"self":[{"href":"https:\/\/www.greenpeace.org\/nl\/wp-json\/wp\/v2\/pages\/21182","targetHints":{"allow":["GET"]}}],"collection":[{"href":"https:\/\/www.greenpeace.org\/nl\/wp-json\/wp\/v2\/pages"}],"about":[{"href":"https:\/\/www.greenpeace.org\/nl\/wp-json\/wp\/v2\/types\/page"}],"author":[{"embeddable":true,"href":"https:\/\/www.greenpeace.org\/nl\/wp-json\/wp\/v2\/users\/20"}],"replies":[{"embeddable":true,"href":"https:\/\/www.greenpeace.org\/nl\/wp-json\/wp\/v2\/comments?post=21182"}],"version-history":[{"count":19,"href":"https:\/\/www.greenpeace.org\/nl\/wp-json\/wp\/v2\/pages\/21182\/revisions"}],"predecessor-version":[{"id":74117,"href":"https:\/\/www.greenpeace.org\/nl\/wp-json\/wp\/v2\/pages\/21182\/revisions\/74117"}],"wp:attachment":[{"href":"https:\/\/www.greenpeace.org\/nl\/wp-json\/wp\/v2\/media?parent=21182"}],"wp:term":[{"taxonomy":"category","embeddable":true,"href":"https:\/\/www.greenpeace.org\/nl\/wp-json\/wp\/v2\/categories?post=21182"},{"taxonomy":"post_tag","embeddable":true,"href":"https:\/\/www.greenpeace.org\/nl\/wp-json\/wp\/v2\/tags?post=21182"}],"curies":[{"name":"wp","href":"https:\/\/api.w.org\/{rel}","templated":true}]}}