{"id":21255,"date":"2019-08-02T15:37:29","date_gmt":"2019-08-02T13:37:29","guid":{"rendered":"https:\/\/www.greenpeace.org\/nl\/zuidpool\/"},"modified":"2026-04-08T10:59:33","modified_gmt":"2026-04-08T08:59:33","slug":"zuidpool","status":"publish","type":"page","link":"https:\/\/www.greenpeace.org\/nl\/zuidpool\/","title":{"rendered":"#Zuidpool"},"content":{"rendered":"\n                    <div class=\"wp-block-group is-vertical is-layout-flex wp-container-core-group-is-layout-8cf370e7 wp-block-group-is-layout-flex\">\n                    \n                                <p>Overal ter wereld staan de oceanen onder druk. Ook bij de Zuidpool. De pingu\u00efns en zeehonden voelen de effecten van klimaatverandering. De populatie blauwe vinvissen is nog lang niet op het oude niveau. Industri\u00eble vissersschepen vissen naar krill, een onmisbare voedselbron voor deze dieren. In zeereservaten is elke vorm van visserij en industri\u00eble exploitatie verboden. In oktober kan de Weddellzee, een gebied van 1,8 miljoen km2 (5 keer Duitsland!) in \u00e9\u00e9n klap die bescherming krijgen. Daarom roepen we nu over de hele wereld mensen op om zich uit te spreken voor bescherming van de wateren van de Zuidpool.<\/p>\n                            \n\n                    \n                    <\/div>\n                    \n        <div class=\"wp-block-query actions-list p4-query-loop is-custom-layout-actions-list is-custom-layout-grid is-layout-grid wp-container-core-query-is-layout-29f43435 wp-block-query-is-layout-grid\"><h2 class=\"wp-block-heading\">Wat jij kunt doen<\/h2>\n        <p style=\"margin-top: 24px; margin-bottom: 32px;\">Kom in actie, want samen staan we sterk.<\/p>\n        <div class=\"wp-block-query-no-results\">\n        <p >No posts found.<\/p>\n        <\/div>\n        \n        \n<div class=\"wp-block-buttons carousel-controls is-horizontal is-content-justification-space-between is-nowrap is-layout-flex wp-container-core-buttons-is-layout-044bd602 wp-block-buttons-is-layout-flex\">\n            <div class=\"wp-block-button carousel-control-prev\"><button type=\"button\" class=\"wp-block-button__link wp-element-button\">Prev<\/button><\/div>\n        \n\n            <div class=\"wp-block-button carousel-control-next\"><button type=\"button\" class=\"wp-block-button__link wp-element-button\">Volgende<\/button><\/div>\n        <\/div>\n\n        \n<div class=\"wp-block-buttons load-more-actions-container is-content-justification-center is-layout-flex wp-container-core-buttons-is-layout-16018d1d wp-block-buttons-is-layout-flex\">\n                <div class=\"wp-block-button is-style-secondary\"><button type=\"button\" class=\"wp-block-button__link wp-element-button\">Laad meer<\/button><\/div>\n            \n<\/div>\n<\/div>\n        \n    <div class=\"wp-block-query posts-list p4-query-loop is-custom-layout-list is-layout-flow wp-block-query-is-layout-flow\">\n        <div class=\"wp-block-group is-content-justification-space-between is-layout-flex wp-container-core-group-is-layout-3d213aab wp-block-group-is-layout-flex\"><h2 class=\"wp-block-heading\">Gerelateerde artikelen<\/h2>\n        \n        \n        <\/div>\n        \n\n    <p style=\"margin-top: 24px; margin-bottom: 36px;\"><\/p>\n\n    \n\n    <ul class=\"wp-block-post-template is-layout-flow wp-block-post-template-is-layout-flow\"><li class=\"wp-block-post post-54928 post type-post status-publish format-standard has-post-thumbnail hentry category-algemeen tag-oceanen tag-zuidpool tag-dieren p4-page-type-artikelen\">\n            \n<div class=\"wp-block-columns is-layout-flex wp-container-core-columns-is-layout-9d6595d7 wp-block-columns-is-layout-flex\"><figure class=\"wp-block-post-featured-image\"><a href=\"https:\/\/www.greenpeace.org\/nl\/algemeen\/54928\/walvis-redt-klimaat\/\" target=\"_self\"  ><img loading=\"lazy\" decoding=\"async\" width=\"2560\" height=\"1661\" src=\"https:\/\/www.greenpeace.org\/static\/planet4-netherlands-stateless\/2022\/10\/1c5b542d-gp0stsjuv-scaled.jpg\" class=\"attachment-post-thumbnail size-post-thumbnail wp-post-image wp-stateless-item\" alt=\"Walvis redt klimaat (en de haai en dolfijn ook)\" style=\"object-fit:cover;\" srcset=\"https:\/\/www.greenpeace.org\/static\/planet4-netherlands-stateless\/2022\/10\/1c5b542d-gp0stsjuv-scaled.jpg 2560w, https:\/\/www.greenpeace.org\/static\/planet4-netherlands-stateless\/2022\/10\/1c5b542d-gp0stsjuv-300x195.jpg 300w, https:\/\/www.greenpeace.org\/static\/planet4-netherlands-stateless\/2022\/10\/1c5b542d-gp0stsjuv-1024x665.jpg 1024w, https:\/\/www.greenpeace.org\/static\/planet4-netherlands-stateless\/2022\/10\/1c5b542d-gp0stsjuv-768x498.jpg 768w, https:\/\/www.greenpeace.org\/static\/planet4-netherlands-stateless\/2022\/10\/1c5b542d-gp0stsjuv-1536x997.jpg 1536w, https:\/\/www.greenpeace.org\/static\/planet4-netherlands-stateless\/2022\/10\/1c5b542d-gp0stsjuv-2048x1329.jpg 2048w, https:\/\/www.greenpeace.org\/static\/planet4-netherlands-stateless\/2022\/10\/1c5b542d-gp0stsjuv-510x331.jpg 510w\" sizes=\"auto, (max-width: 2560px) 100vw, 2560px\" data-image-size=\"post-thumbnail\" data-stateless-media-bucket=\"planet4-netherlands-stateless\" data-stateless-media-name=\"2022\/10\/1c5b542d-gp0stsjuv-scaled.jpg\" \/><\/a><\/figure>\n\n        <div class=\"wp-block-group is-layout-flow wp-block-group-is-layout-flow\">\n                <div class=\"wp-block-group is-layout-flex wp-block-group-is-layout-flex\"><div class=\"wp-block-post-terms\"><a href=\"https:\/\/www.greenpeace.org\/nl\/category\/algemeen\/\">Algemeen<\/a><\/div>\n                <div class=\"taxonomy-post_tag wp-block-post-terms\"><a href=\"https:\/\/www.greenpeace.org\/nl\/tag\/oceanen\/\" rel=\"tag\">Oceanen<\/a><span class=\"wp-block-post-terms__separator\"> <\/span><a href=\"https:\/\/www.greenpeace.org\/nl\/tag\/zuidpool\/\" rel=\"tag\">Zuidpool<\/a><span class=\"wp-block-post-terms__separator\"> <\/span><a href=\"https:\/\/www.greenpeace.org\/nl\/tag\/dieren\/\" rel=\"tag\">Dieren<\/a><\/div>\n                \n                <\/div>\n                \n        <h3 class=\"wp-block-post-title\"><a href=\"https:\/\/www.greenpeace.org\/nl\/algemeen\/54928\/walvis-redt-klimaat\/\" target=\"_self\" >Walvis redt klimaat (en de haai en dolfijn ook)<\/a><\/h3>\n        <div class=\"wp-block-post-excerpt\"><p class=\"wp-block-post-excerpt__excerpt\">De walvis, haai en dolfijn spelen een sleutelrol in het redden van ons klimaat. Deze wonderbaarlijke dieren halen ontzettend veel CO2 uit de lucht en houden ecosystemen in balans. <\/p><\/div>\n        \n        <div class=\"wp-block-group posts-list-meta is-layout-flow wp-block-group-is-layout-flow\"><span class='article-list-item-author'><a href='https:\/\/www.greenpeace.org\/nl\/author\/zvdaar\/'>Zinzi Van der Aar<\/a><\/span>\n        <div class=\"wp-block-post-date\"><time datetime=\"2024-02-01T10:29:11+01:00\">1 februari 2024<\/time><\/div>\n        \n        <\/div>\n        <\/div>\n        <\/div>\n\n            <\/li><li class=\"wp-block-post post-51609 post type-post status-publish format-standard has-post-thumbnail hentry category-algemeen tag-amazone tag-bosbranden tag-demonstratie tag-duurzaamheid tag-gas tag-klimaat-energie tag-klimaatalarm tag-klimaatdemonstratie tag-klimaattoekomst tag-kolen tag-noordpool tag-olie tag-oplossingen tag-organisatie tag-politiek tag-vervuiling tag-zuidpool p4-page-type-pers\">\n            \n<div class=\"wp-block-columns is-layout-flex wp-container-core-columns-is-layout-9d6595d7 wp-block-columns-is-layout-flex\"><figure class=\"wp-block-post-featured-image\"><a href=\"https:\/\/www.greenpeace.org\/nl\/algemeen\/51609\/rotterdam-decor-van-nieuwe-klimaatmars\/\" target=\"_self\"  ><img loading=\"lazy\" decoding=\"async\" width=\"1200\" height=\"800\" src=\"https:\/\/www.greenpeace.org\/static\/planet4-netherlands-stateless\/2021\/12\/e48cfe91-gp1swirg_medium_res.jpg\" class=\"attachment-post-thumbnail size-post-thumbnail wp-post-image wp-stateless-item\" alt=\"Rotterdam decor van nieuwe Klimaatmars\" style=\"object-fit:cover;\" srcset=\"https:\/\/www.greenpeace.org\/static\/planet4-netherlands-stateless\/2021\/12\/e48cfe91-gp1swirg_medium_res.jpg 1200w, https:\/\/www.greenpeace.org\/static\/planet4-netherlands-stateless\/2021\/12\/e48cfe91-gp1swirg_medium_res-300x200.jpg 300w, https:\/\/www.greenpeace.org\/static\/planet4-netherlands-stateless\/2021\/12\/e48cfe91-gp1swirg_medium_res-1024x683.jpg 1024w, https:\/\/www.greenpeace.org\/static\/planet4-netherlands-stateless\/2021\/12\/e48cfe91-gp1swirg_medium_res-768x512.jpg 768w, https:\/\/www.greenpeace.org\/static\/planet4-netherlands-stateless\/2021\/12\/e48cfe91-gp1swirg_medium_res-510x340.jpg 510w\" sizes=\"auto, (max-width: 1200px) 100vw, 1200px\" data-image-size=\"post-thumbnail\" data-stateless-media-bucket=\"planet4-netherlands-stateless\" data-stateless-media-name=\"2021\/12\/e48cfe91-gp1swirg_medium_res.jpg\" \/><\/a><\/figure>\n\n        <div class=\"wp-block-group is-layout-flow wp-block-group-is-layout-flow\">\n                <div class=\"wp-block-group is-layout-flex wp-block-group-is-layout-flex\"><div class=\"wp-block-post-terms\"><a href=\"https:\/\/www.greenpeace.org\/nl\/category\/algemeen\/\">Algemeen<\/a><\/div>\n                <div class=\"taxonomy-post_tag wp-block-post-terms\"><a href=\"https:\/\/www.greenpeace.org\/nl\/tag\/amazone\/\" rel=\"tag\">Amazone<\/a><span class=\"wp-block-post-terms__separator\"> <\/span><a href=\"https:\/\/www.greenpeace.org\/nl\/tag\/bosbranden\/\" rel=\"tag\">Bosbranden<\/a><span class=\"wp-block-post-terms__separator\"> <\/span><a href=\"https:\/\/www.greenpeace.org\/nl\/tag\/demonstratie\/\" rel=\"tag\">Demonstratie<\/a><span class=\"wp-block-post-terms__separator\"> <\/span><a href=\"https:\/\/www.greenpeace.org\/nl\/tag\/duurzaamheid\/\" rel=\"tag\">Duurzaamheid<\/a><span class=\"wp-block-post-terms__separator\"> <\/span><a href=\"https:\/\/www.greenpeace.org\/nl\/tag\/gas\/\" rel=\"tag\">Gas<\/a><span class=\"wp-block-post-terms__separator\"> <\/span><a href=\"https:\/\/www.greenpeace.org\/nl\/tag\/klimaat-energie\/\" rel=\"tag\">Klimaat &amp; Energie<\/a><span class=\"wp-block-post-terms__separator\"> <\/span><a href=\"https:\/\/www.greenpeace.org\/nl\/tag\/klimaatalarm\/\" rel=\"tag\">Klimaatalarm<\/a><span class=\"wp-block-post-terms__separator\"> <\/span><a href=\"https:\/\/www.greenpeace.org\/nl\/tag\/klimaatdemonstratie\/\" rel=\"tag\">Klimaatdemonstratie<\/a><span class=\"wp-block-post-terms__separator\"> <\/span><a href=\"https:\/\/www.greenpeace.org\/nl\/tag\/klimaattoekomst\/\" rel=\"tag\">Klimaattoekomst<\/a><span class=\"wp-block-post-terms__separator\"> <\/span><a href=\"https:\/\/www.greenpeace.org\/nl\/tag\/kolen\/\" rel=\"tag\">Kolen<\/a><span class=\"wp-block-post-terms__separator\"> <\/span><a href=\"https:\/\/www.greenpeace.org\/nl\/tag\/noordpool\/\" rel=\"tag\">Noordpool<\/a><span class=\"wp-block-post-terms__separator\"> <\/span><a href=\"https:\/\/www.greenpeace.org\/nl\/tag\/olie\/\" rel=\"tag\">Olie<\/a><span class=\"wp-block-post-terms__separator\"> <\/span><a href=\"https:\/\/www.greenpeace.org\/nl\/tag\/oplossingen\/\" rel=\"tag\">Oplossingen<\/a><span class=\"wp-block-post-terms__separator\"> <\/span><a href=\"https:\/\/www.greenpeace.org\/nl\/tag\/organisatie\/\" rel=\"tag\">Organisatie<\/a><span class=\"wp-block-post-terms__separator\"> <\/span><a href=\"https:\/\/www.greenpeace.org\/nl\/tag\/politiek\/\" rel=\"tag\">Politiek<\/a><span class=\"wp-block-post-terms__separator\"> <\/span><a href=\"https:\/\/www.greenpeace.org\/nl\/tag\/vervuiling\/\" rel=\"tag\">Vervuiling<\/a><span class=\"wp-block-post-terms__separator\"> <\/span><a href=\"https:\/\/www.greenpeace.org\/nl\/tag\/zuidpool\/\" rel=\"tag\">Zuidpool<\/a><\/div>\n                \n                <\/div>\n                \n        <h3 class=\"wp-block-post-title\"><a href=\"https:\/\/www.greenpeace.org\/nl\/algemeen\/51609\/rotterdam-decor-van-nieuwe-klimaatmars\/\" target=\"_self\" >Rotterdam decor van nieuwe Klimaatmars<\/a><\/h3>\n        <div class=\"wp-block-post-excerpt\"><p class=\"wp-block-post-excerpt__excerpt\">Temperaturen van 30 of zelfs 40 graden boven normaal op de Noordpool en de Zuidpool. Afhankelijkheid van fossiele brandstoffen terwijl daar een oorlog mee gefinancierd wordt. De klimaatcrisis is hier en nu. <\/p><\/div>\n        \n        <div class=\"wp-block-group posts-list-meta is-layout-flow wp-block-group-is-layout-flow\"><span class='article-list-item-author'><a href='https:\/\/www.greenpeace.org\/nl\/author\/bkarst\/'>Bram Karst<\/a><\/span>\n        <div class=\"wp-block-post-date\"><time datetime=\"2022-04-14T06:00:00+02:00\">14 april 2022<\/time><\/div>\n        \n        <\/div>\n        <\/div>\n        <\/div>\n\n            <\/li><li class=\"wp-block-post post-10559 post type-post status-publish format-standard has-post-thumbnail hentry category-algemeen tag-zuidpool tag-rainbowwarrior tag-dieren p4-page-type-pers\">\n            \n<div class=\"wp-block-columns is-layout-flex wp-container-core-columns-is-layout-9d6595d7 wp-block-columns-is-layout-flex\"><figure class=\"wp-block-post-featured-image\"><a href=\"https:\/\/www.greenpeace.org\/nl\/algemeen\/10559\/antarctic-ocean-commission-faalt-in-het-beschermen-van-de-weddell-sea\/\" target=\"_self\"  ><img loading=\"lazy\" decoding=\"async\" width=\"1200\" height=\"800\" src=\"https:\/\/www.greenpeace.org\/static\/planet4-netherlands-stateless\/2018\/10\/2af4e1c5-gp0stri9b.jpg\" class=\"attachment-post-thumbnail size-post-thumbnail wp-post-image wp-stateless-item\" alt=\"Antarctic Ocean Commission faalt in bescherming van Weddell Sea\" style=\"object-fit:cover;\" srcset=\"https:\/\/www.greenpeace.org\/static\/planet4-netherlands-stateless\/2018\/10\/2af4e1c5-gp0stri9b.jpg 1200w, https:\/\/www.greenpeace.org\/static\/planet4-netherlands-stateless\/2018\/10\/2af4e1c5-gp0stri9b-300x200.jpg 300w, https:\/\/www.greenpeace.org\/static\/planet4-netherlands-stateless\/2018\/10\/2af4e1c5-gp0stri9b-768x512.jpg 768w, https:\/\/www.greenpeace.org\/static\/planet4-netherlands-stateless\/2018\/10\/2af4e1c5-gp0stri9b-1024x683.jpg 1024w, https:\/\/www.greenpeace.org\/static\/planet4-netherlands-stateless\/2018\/10\/2af4e1c5-gp0stri9b-510x340.jpg 510w\" sizes=\"auto, (max-width: 1200px) 100vw, 1200px\" data-image-size=\"post-thumbnail\" data-stateless-media-bucket=\"planet4-netherlands-stateless\" data-stateless-media-name=\"2018\/10\/2af4e1c5-gp0stri9b.jpg\" \/><\/a><\/figure>\n\n        <div class=\"wp-block-group is-layout-flow wp-block-group-is-layout-flow\">\n                <div class=\"wp-block-group is-layout-flex wp-block-group-is-layout-flex\"><div class=\"wp-block-post-terms\"><a href=\"https:\/\/www.greenpeace.org\/nl\/category\/algemeen\/\">Algemeen<\/a><\/div>\n                <div class=\"taxonomy-post_tag wp-block-post-terms\"><a href=\"https:\/\/www.greenpeace.org\/nl\/tag\/zuidpool\/\" rel=\"tag\">Zuidpool<\/a><span class=\"wp-block-post-terms__separator\"> <\/span><a href=\"https:\/\/www.greenpeace.org\/nl\/tag\/rainbowwarrior\/\" rel=\"tag\">RainbowWarrior<\/a><span class=\"wp-block-post-terms__separator\"> <\/span><a href=\"https:\/\/www.greenpeace.org\/nl\/tag\/dieren\/\" rel=\"tag\">Dieren<\/a><\/div>\n                \n                <\/div>\n                \n        <h3 class=\"wp-block-post-title\"><a href=\"https:\/\/www.greenpeace.org\/nl\/algemeen\/10559\/antarctic-ocean-commission-faalt-in-het-beschermen-van-de-weddell-sea\/\" target=\"_self\" >Antarctic Ocean Commission faalt in bescherming van Weddell Sea<\/a><\/h3>\n        <div class=\"wp-block-post-excerpt\"><p class=\"wp-block-post-excerpt__excerpt\">Greenpeace staat versteld van het onvermogen van de Antarctic Ocean Commission (CCAMLR) om van de Weddell Sea een groot Antarctisch beschermd natuurgebied te maken. Het plan om dit te realiseren&hellip; <\/p><\/div>\n        \n        <div class=\"wp-block-group posts-list-meta is-layout-flow wp-block-group-is-layout-flow\"><span class='article-list-item-author'>Greenpeace NL<\/span>\n        <div class=\"wp-block-post-date\"><time datetime=\"2018-11-03T13:02:24+01:00\">3 november 2018<\/time><\/div>\n        \n        <\/div>\n        <\/div>\n        <\/div>\n\n            <\/li><\/ul>\n\n    \n<div class=\"wp-block-buttons carousel-controls is-horizontal is-content-justification-space-between is-nowrap is-layout-flex wp-container-core-buttons-is-layout-044bd602 wp-block-buttons-is-layout-flex\">\n            <div class=\"wp-block-button carousel-control-prev\"><button type=\"button\" class=\"wp-block-button__link wp-element-button\">Prev<\/button><\/div>\n        \n\n            <div class=\"wp-block-button carousel-control-next\"><button type=\"button\" class=\"wp-block-button__link wp-element-button\">Volgende<\/button><\/div>\n        <\/div>\n\n\n    <\/div>\n    \n    <div class=\"wp-block-query posts-list p4-query-loop is-custom-layout-grid is-layout-grid wp-container-core-query-is-layout-b8bb0bd1 wp-block-query-is-layout-grid\">\n        <div class=\"wp-block-group is-content-justification-space-between is-layout-flex wp-container-core-group-is-layout-3d213aab wp-block-group-is-layout-flex\"><h2 class=\"wp-block-heading\">Publicaties<\/h2>\n        \n        \n        <\/div>\n        \n\n    <p style=\"margin-top: 24px; margin-bottom: 36px;\"><\/p>\n\n    <div class=\"wp-block-query-no-results\">\n        <p style=\"\">No posts found.<\/p>\n        <\/div>\n\n    \n\n    \n<div class=\"wp-block-buttons carousel-controls is-horizontal is-content-justification-space-between is-nowrap is-layout-flex wp-container-core-buttons-is-layout-044bd602 wp-block-buttons-is-layout-flex\">\n            <div class=\"wp-block-button carousel-control-prev\"><button type=\"button\" class=\"wp-block-button__link wp-element-button\">Prev<\/button><\/div>\n        \n\n            <div class=\"wp-block-button carousel-control-next\"><button type=\"button\" class=\"wp-block-button__link wp-element-button\">Volgende<\/button><\/div>\n        <\/div>\n\n\n    <\/div>\n    \n<section class=\"gpnl-newsletter__block\">\n<div class=\"background-image\" style=\"\n\t\t\t\t\t background-image: url('https:\/\/www.greenpeace.org\/static\/planet4-netherlands-stateless\/2019\/04\/7d9b2803-background_newsletter.png');\n\t\t\t\t\t background-position: 50% 50%;\n\t\t\t\t\t opacity: 100%;\n\t\t\t\t\t \">\n<\/div>\n<div class=\"container gpnl-newsletter__wrapper\">\n<div class=\"gpnl-newsletter__text\">\n<h2 class=\"gpnl-newsletter__title\">\nWil je graag op de hoogte blijven?\n<\/h2>\n<p class=\"gpnl-newsletter__description\">Meld je aan en ontvang elke twee weken de nieuwsbrief<\/p>\n<a href=\"https:\/\/doemee.greenpeace.nl\/nieuwsbrief\/\" class=\"btn btn-medium btn-primary btn-block\" target=\"_blank\" rel=\"noopener\">Aanmelden<\/a>\n<\/div>\n<\/div>\n<\/section>\n","protected":false},"excerpt":{"rendered":"<p>Overal ter wereld staan de oceanen onder druk. Ook bij de Zuidpool. De pingu\u00efns en zeehonden voelen de effecten van klimaatverandering. De populatie blauwe vinvissen is nog lang niet op het oude niveau. Industri\u00eble vissersschepen vissen naar krill, een onmisbare voedselbron voor deze dieren. In zeereservaten is elke vorm van visserij en industri\u00eble exploitatie verboden. [&hellip;]<\/p>\n","protected":false},"author":20,"featured_media":0,"parent":0,"menu_order":0,"comment_status":"closed","ping_status":"closed","template":"","meta":{"ep_exclude_from_search":false,"p4_hide_page_title_checkbox":"","p4_title":"","p4_subtitle":"","p4_description":"","background_image_id":"","background_image":"","p4_button_title":"","p4_button_link":"","p4_button_link_checkbox":"","p4_og_title":"","p4_og_description":"","p4_og_image":"","p4_og_image_id":"","p4_seo_canonical_url":"","p4_campaign_name":"not set","p4_local_project":"not set","p4_basket_name":"not set","p4_department":"","footnotes":""},"categories":[],"tags":[],"class_list":["post-21255","page","type-page","status-publish","hentry"],"_links":{"self":[{"href":"https:\/\/www.greenpeace.org\/nl\/wp-json\/wp\/v2\/pages\/21255","targetHints":{"allow":["GET"]}}],"collection":[{"href":"https:\/\/www.greenpeace.org\/nl\/wp-json\/wp\/v2\/pages"}],"about":[{"href":"https:\/\/www.greenpeace.org\/nl\/wp-json\/wp\/v2\/types\/page"}],"author":[{"embeddable":true,"href":"https:\/\/www.greenpeace.org\/nl\/wp-json\/wp\/v2\/users\/20"}],"replies":[{"embeddable":true,"href":"https:\/\/www.greenpeace.org\/nl\/wp-json\/wp\/v2\/comments?post=21255"}],"version-history":[{"count":16,"href":"https:\/\/www.greenpeace.org\/nl\/wp-json\/wp\/v2\/pages\/21255\/revisions"}],"predecessor-version":[{"id":74096,"href":"https:\/\/www.greenpeace.org\/nl\/wp-json\/wp\/v2\/pages\/21255\/revisions\/74096"}],"wp:attachment":[{"href":"https:\/\/www.greenpeace.org\/nl\/wp-json\/wp\/v2\/media?parent=21255"}],"wp:term":[{"taxonomy":"category","embeddable":true,"href":"https:\/\/www.greenpeace.org\/nl\/wp-json\/wp\/v2\/categories?post=21255"},{"taxonomy":"post_tag","embeddable":true,"href":"https:\/\/www.greenpeace.org\/nl\/wp-json\/wp\/v2\/tags?post=21255"}],"curies":[{"name":"wp","href":"https:\/\/api.w.org\/{rel}","templated":true}]}}