{"id":51392,"date":"2022-05-24T09:00:00","date_gmt":"2022-05-24T07:00:00","guid":{"rendered":"https:\/\/www.greenpeace.org\/nl\/?page_id=51392"},"modified":"2025-09-23T12:20:38","modified_gmt":"2025-09-23T10:20:38","slug":"boneiru","status":"publish","type":"page","link":"https:\/\/www.greenpeace.org\/nl\/klimaat\/boneiru\/","title":{"rendered":"BONAIRE &#8211; E futuro di Bon\u00e8iru"},"content":{"rendered":"\n<p class=\"has-text-align-center\">&gt; <em><a href=\"https:\/\/www.greenpeace.org\/nl\/acties\/bonaire\/\">Klik hier voor Nederlands<\/a><\/em><\/p>\n\n<section class=\"wp-block-planet4-gpnl-blocks-columns block bg-white\"><div class=\"row\">\n<div class=\"col-12 col-sm-6\">\n<h2 class=\"wp-block-heading\" id=\"h-hustisia-pa-boneiru\">Hustisia pa Boneiru<\/h2>\n<p>Nos ke akshon di klima pa hinter Hulanda! Pero esaki no ta pasando. Pesei Habitantenan di Boneiru huntu ku Greenpeace Hulanda a bai korte hudisial. Nos ta bai demand\u00e1&nbsp; gobiernu Hulandes, pasobra nos ke un maneho di klima hustu.&nbsp;Bo ke lesa e dagvaarding mes? Klek <a href=\"https:\/\/www.greenpeace.org\/nl\/?page_id=62032\">aki<\/a>.<\/p>\n<p>Gobiernu Hulandes no ta protehando nos sufisiente kontra konsekuensianan di kambio klimatol\u00f3giko. Foral pa e habitantenan di Boneiru ku apenas tin plan pa tene nan sigur den e krisis klimatol\u00f3giko. Pesei nos ta demand\u00e1 hustisia:<em>&nbsp;<\/em><\/p>\n<p>Gobiernu Hulandes mester limit\u00e1 peliger dor di s\u00f2ru pa emishon di CO2 w\u00f2rdu baha mas lihe. Esaki pasobra un kalentashon maksimo di 1,5 grado tin menos konsekuensia pa Boneiru i pa nos tur.<em>&nbsp;<\/em><\/p>\n<p>Gobiernu Hulandes master traha plan pa proteha hinter Hulanda, pues pa Boneiru tambe.<em>&nbsp;<\/em><\/p>\n<p><a href=\"https:\/\/doemee.greenpeace.nl\/actie\/klimaatzaak-bonaire-papiamentu\/\" target=\"_blank\" rel=\"noopener\">Sosten\u00e9 e kaso di klima di Boneiru: eksig\u00ed hustisia!<\/a><\/p>\n<\/div>\n<div class=\"col-12 col-sm-6\">\n<p><\/p>\n<p><\/p>\n<figure class=\"wp-block-image size-large\"><img loading=\"lazy\" decoding=\"async\" width=\"1024\" height=\"681\" src=\"https:\/\/www.greenpeace.org\/static\/planet4-netherlands-stateless\/2023\/05\/8b51d610-eisers-rechtszaak-bonaire-banner-1024x681.jpeg\" alt=\"\" class=\"wp-image-57818\" srcset=\"https:\/\/www.greenpeace.org\/static\/planet4-netherlands-stateless\/2023\/05\/8b51d610-eisers-rechtszaak-bonaire-banner-1024x681.jpeg 1024w, https:\/\/www.greenpeace.org\/static\/planet4-netherlands-stateless\/2023\/05\/8b51d610-eisers-rechtszaak-bonaire-banner-300x200.jpeg 300w, https:\/\/www.greenpeace.org\/static\/planet4-netherlands-stateless\/2023\/05\/8b51d610-eisers-rechtszaak-bonaire-banner-768x511.jpeg 768w, https:\/\/www.greenpeace.org\/static\/planet4-netherlands-stateless\/2023\/05\/8b51d610-eisers-rechtszaak-bonaire-banner-510x340.jpeg 510w, https:\/\/www.greenpeace.org\/static\/planet4-netherlands-stateless\/2023\/05\/8b51d610-eisers-rechtszaak-bonaire-banner.jpeg 1400w\" sizes=\"auto, (max-width: 1024px) 100vw, 1024px\" \/><figcaption class=\"wp-element-caption\">Onnie Emerenciana, Jackie Bernabela, Helen Angela, Judmar Emerenciana, Angelo Vrolijk, Danique Martis, Kjelld Masoud Kroon huntu ku Greenpeace Hulanda ta responsabilis\u00e1 Estado hulandes. \u00a9 Ro\u00eblton Thod\u00e9 \/ Greenpeace<\/figcaption><\/figure>\n<\/div>\n<\/div><\/section>\n\n<h2 class=\"wp-block-heading\">Habitantenan di Boneiru ta eksig\u00ed akshon pa klima<\/h2>\n\n<div class=\"wp-block-columns is-layout-flex wp-container-core-columns-is-layout-9d6595d7 wp-block-columns-is-layout-flex\">\n<div class=\"wp-block-column is-layout-flow wp-block-column-is-layout-flow\">\n<p class=\"has-text-align-center\"><\/p>\n\n\n\n<figure class=\"wp-block-image aligncenter size-large is-resized is-style-rounded-180\"><img loading=\"lazy\" decoding=\"async\" width=\"1024\" height=\"986\" src=\"https:\/\/www.greenpeace.org\/static\/planet4-netherlands-stateless\/2023\/05\/ecb87f41-bonaire-rechtszaak-danique-martis-1024x986.jpg\" alt=\"\" class=\"wp-image-57820\" srcset=\"https:\/\/www.greenpeace.org\/static\/planet4-netherlands-stateless\/2023\/05\/ecb87f41-bonaire-rechtszaak-danique-martis-1024x986.jpg 1024w, https:\/\/www.greenpeace.org\/static\/planet4-netherlands-stateless\/2023\/05\/ecb87f41-bonaire-rechtszaak-danique-martis-300x289.jpg 300w, https:\/\/www.greenpeace.org\/static\/planet4-netherlands-stateless\/2023\/05\/ecb87f41-bonaire-rechtszaak-danique-martis-768x740.jpg 768w, https:\/\/www.greenpeace.org\/static\/planet4-netherlands-stateless\/2023\/05\/ecb87f41-bonaire-rechtszaak-danique-martis-353x340.jpg 353w, https:\/\/www.greenpeace.org\/static\/planet4-netherlands-stateless\/2023\/05\/ecb87f41-bonaire-rechtszaak-danique-martis.jpg 1200w\" sizes=\"auto, (max-width: 1024px) 100vw, 1024px\" \/><\/figure>\n\n\n\n<p class=\"has-text-align-center\">Danique Martis, demandante den e kaso di klima di Boneiru<\/p>\n\n\n\n<p class=\"has-text-align-center has-small-font-size\" style=\"font-style:normal;font-weight:500\">\u201cTa importante p\u2019e gobi\u00e8rnu Hulandes karga responsabilidat. Hulanda Karibense a ser lubid\u00e1 pa muchu tempu kaba. Nos ke hustisia di klima. Pa Hulanda Europeo s\u00ed tin plannan pa protekshon kontra e nivel di laman ku ta subiendo i otro konsekuensianan di e kr\u00edsis di klima, pero pa Boneiru ainda no.\u201d<\/p>\n<\/div>\n\n\n\n<div class=\"wp-block-column is-layout-flow wp-block-column-is-layout-flow\">\n<figure class=\"wp-block-image aligncenter size-full is-resized is-style-rounded-180\"><img loading=\"lazy\" decoding=\"async\" width=\"1000\" height=\"888\" src=\"https:\/\/www.greenpeace.org\/static\/planet4-netherlands-stateless\/2023\/04\/471a66e5-judmar-1x1-test.jpeg\" alt=\"\" class=\"wp-image-57297\" srcset=\"https:\/\/www.greenpeace.org\/static\/planet4-netherlands-stateless\/2023\/04\/471a66e5-judmar-1x1-test.jpeg 1000w, https:\/\/www.greenpeace.org\/static\/planet4-netherlands-stateless\/2023\/04\/471a66e5-judmar-1x1-test-300x266.jpeg 300w, https:\/\/www.greenpeace.org\/static\/planet4-netherlands-stateless\/2023\/04\/471a66e5-judmar-1x1-test-768x682.jpeg 768w, https:\/\/www.greenpeace.org\/static\/planet4-netherlands-stateless\/2023\/04\/471a66e5-judmar-1x1-test-383x340.jpeg 383w\" sizes=\"auto, (max-width: 1000px) 100vw, 1000px\" \/><\/figure>\n\n\n\n<p class=\"has-text-align-center\">Judmar Emerenciana, demandante den e kaso di klima di Boneiru<\/p>\n\n\n\n<p class=\"has-text-align-center has-small-font-size\" style=\"font-style:normal;font-weight:500\">\u201cNos tin e menasa di p\u00e8rd\u00e8 nos kultura. Pero ainda no ta muchu lat. Mi no ke pa den futuro e kasnan di katibu bai bou di awa, ant\u00f3 e ora ei nos ta bisa, \u2018nos por a evit\u00e1 esaki\u2019.\u201d<\/p>\n<\/div>\n\n\n\n<div class=\"wp-block-column is-layout-flow wp-block-column-is-layout-flow\">\n<figure class=\"wp-block-image aligncenter size-large is-resized is-style-rounded-180\"><img loading=\"lazy\" decoding=\"async\" width=\"1024\" height=\"943\" src=\"https:\/\/www.greenpeace.org\/static\/planet4-netherlands-stateless\/2023\/05\/53f1d04b-bonaire-rechtszaak-jackie-bernabela-1024x943.jpg\" alt=\"\" class=\"wp-image-57821\" srcset=\"https:\/\/www.greenpeace.org\/static\/planet4-netherlands-stateless\/2023\/05\/53f1d04b-bonaire-rechtszaak-jackie-bernabela-1024x943.jpg 1024w, https:\/\/www.greenpeace.org\/static\/planet4-netherlands-stateless\/2023\/05\/53f1d04b-bonaire-rechtszaak-jackie-bernabela-300x276.jpg 300w, https:\/\/www.greenpeace.org\/static\/planet4-netherlands-stateless\/2023\/05\/53f1d04b-bonaire-rechtszaak-jackie-bernabela-768x707.jpg 768w, https:\/\/www.greenpeace.org\/static\/planet4-netherlands-stateless\/2023\/05\/53f1d04b-bonaire-rechtszaak-jackie-bernabela-369x340.jpg 369w, https:\/\/www.greenpeace.org\/static\/planet4-netherlands-stateless\/2023\/05\/53f1d04b-bonaire-rechtszaak-jackie-bernabela.jpg 1200w\" sizes=\"auto, (max-width: 1024px) 100vw, 1024px\" \/><\/figure>\n\n\n\n<p class=\"has-text-align-center\">Jackie Bernabela, demandante den e kaso di klima di Boneiru<\/p>\n\n\n\n<p class=\"has-text-align-center has-small-font-size\" style=\"font-style:normal;font-weight:500\">\u201cMi ta mira ku kambio di klima tin efekto riba Boneiru, ounke nos isla ta chikitu i nos emishonnan tambe ta tiki. Te ku awor nan no ta skucha nos. Si no pone preshon riba Den Haag, nada no ta pasa na Boneiru.\u201d<\/p>\n<\/div>\n<\/div>\n\n<section class=\"wp-block-planet4-gpnl-blocks-columns block bg-none\"><div class=\"row\">\n<div class=\"col-12\">\n<p class=\"has-grey-900-color has-white-background-color has-text-color has-background\"><strong><mark style=\"background-color:rgba(0, 0, 0, 0)\" class=\"has-inline-color has-green-500-color\">Sosten\u00e9 e kaso di klima di entre otro Danique, Judmar, Jackie i Greenpeace.<\/mark><\/strong> Gobi\u00e8rnu na Den Haag no ta redusiendo e emishonnan di CO2 sufisiente lih\u00e9. Ant\u00f3 habitantenan di Boneiru ta ser proteh\u00e1 m\u00e9nos den e kr\u00edsis di klima kompar\u00e1 ku sobr\u00e1 di nos. Esei ta inhustu. Huntu nos ta s\u00f2ru ku gobi\u00e8rnu na Den Haag no por ignor\u00e1 nos derechonan humano, unda sea ku nos ta biba den Hulanda. <a href=\"https:\/\/doemee.greenpeace.nl\/actie\/klimaatzaak-bonaire-papiamentu\/\" target=\"_blank\" rel=\"noopener\"><strong>Eksig\u00ed hustisia!<\/strong><\/a><\/p>\n<p><\/p>\n<\/div>\n<\/div><\/section>\n\n<p><\/p>\n\n<section class=\"wp-block-planet4-gpnl-blocks-columns block bg-none\"><div class=\"row\">\n<div class=\"col-12 col-sm-6\">\n<h2 class=\"wp-block-heading\" id=\"h-kambio-di-klima-ta-menasa-di-afekta-boneiru-gravemente\">Kambio di klima ta menas\u00e1 di afekt\u00e1 Boneiru gravemente<\/h2>\n<p><strong>Habitantenan di Boneiru ya kaba ta sinti efekto di kambio di klima<\/strong>, asina investigashon ta mustra. Hopi hende ta biba den \u00e1reanan ku ta n\u00e8t riba e nivel di laman. E punto s\u00f9it di Boneiru ta hopi abou (\u2018laaggelegen\u2019) i e kapital Kralendijk ta situ\u00e1 n\u00e8t na laman.<\/p>\n<p>Un kinto parti di Boneiru ta ser menas\u00e1 di bai bou di awa na final di e siglo ak\u00ed, deb\u00ed na subida di nivel di laman. Refnan di koral, ku ta funshon\u00e1 komo \u2018kibra ola\u2019 natural, ta dispars\u00e9 i olanan di kalor ta oument\u00e1. <strong>Hendenan ta kore peliger di p\u00e8rd\u00e8 nan trabou, nan tera i tambe herensia kultural importante.<\/strong><\/p>\n<p>E bon notisia? <a href=\"https:\/\/www.greenpeace.org\/nl\/klimaatverandering\/54560\/kambio-di-klima-ta-menasa-na-dal-boneiru-duru\/\">Nos por hasi algu na esaki ainda.<\/a><\/p>\n<\/div>\n<div class=\"col-12 col-sm-6\">\n<p><\/p>\n<p><\/p>\n<figure class=\"wp-block-image size-large\"><img loading=\"lazy\" decoding=\"async\" width=\"1024\" height=\"665\" src=\"https:\/\/www.greenpeace.org\/static\/planet4-netherlands-stateless\/2022\/09\/566ab8ec-gp1sxjg4_-1024x665.jpg\" alt=\"\" class=\"wp-image-54616\" srcset=\"https:\/\/www.greenpeace.org\/static\/planet4-netherlands-stateless\/2022\/09\/566ab8ec-gp1sxjg4_-1024x665.jpg 1024w, https:\/\/www.greenpeace.org\/static\/planet4-netherlands-stateless\/2022\/09\/566ab8ec-gp1sxjg4_-300x195.jpg 300w, https:\/\/www.greenpeace.org\/static\/planet4-netherlands-stateless\/2022\/09\/566ab8ec-gp1sxjg4_-768x499.jpg 768w, https:\/\/www.greenpeace.org\/static\/planet4-netherlands-stateless\/2022\/09\/566ab8ec-gp1sxjg4_-1536x998.jpg 1536w, https:\/\/www.greenpeace.org\/static\/planet4-netherlands-stateless\/2022\/09\/566ab8ec-gp1sxjg4_-510x331.jpg 510w, https:\/\/www.greenpeace.org\/static\/planet4-netherlands-stateless\/2022\/09\/566ab8ec-gp1sxjg4_.jpg 1920w\" sizes=\"auto, (max-width: 1024px) 100vw, 1024px\" \/><figcaption class=\"wp-element-caption\">Bista riba e kasnan di hendenan esklablis\u00e1 ora\u00f1o (originalmente g\u00e9l oker) kantu di kosta s\u00f9itw\u00e8st di Bon\u00e8iru. \u00a9 Marten van Dijl \/ Greenpeace<\/figcaption><\/figure>\n<\/div>\n<\/div><\/section>\n\n<section class=\"wp-block-planet4-gpnl-blocks-columns block bg-none\"><div class=\"row\">\n<div class=\"col-12 col-sm-6\">\n<p><\/p>\n<figure class=\"wp-block-image size-large\"><img loading=\"lazy\" decoding=\"async\" width=\"410\" height=\"1024\" src=\"https:\/\/www.greenpeace.org\/static\/planet4-netherlands-stateless\/2024\/02\/538e4599-klimaatzaak-bonaire-tijdlijn-1-410x1024.png\" alt=\"\" class=\"wp-image-62196\" srcset=\"https:\/\/www.greenpeace.org\/static\/planet4-netherlands-stateless\/2024\/02\/538e4599-klimaatzaak-bonaire-tijdlijn-1-410x1024.png 410w, https:\/\/www.greenpeace.org\/static\/planet4-netherlands-stateless\/2024\/02\/538e4599-klimaatzaak-bonaire-tijdlijn-1-120x300.png 120w, https:\/\/www.greenpeace.org\/static\/planet4-netherlands-stateless\/2024\/02\/538e4599-klimaatzaak-bonaire-tijdlijn-1-768x1920.png 768w, https:\/\/www.greenpeace.org\/static\/planet4-netherlands-stateless\/2024\/02\/538e4599-klimaatzaak-bonaire-tijdlijn-1-136x340.png 136w, https:\/\/www.greenpeace.org\/static\/planet4-netherlands-stateless\/2024\/02\/538e4599-klimaatzaak-bonaire-tijdlijn-1.png 800w\" sizes=\"auto, (max-width: 410px) 100vw, 410px\" \/><\/figure>\n<\/div>\n<div class=\"col-12 col-sm-6\">\n<p><\/p>\n<h2 class=\"wp-block-heading\">Apoyo pa e kaso di klima na Boneiru<\/h2>\n<div class=\"wp-block-columns is-style-default\">\n<div class=\"wp-block-column\" style=\"flex-basis:15%\">\n<figure class=\"wp-block-image aligncenter size-full is-resized is-style-rounded-90\"><img loading=\"lazy\" decoding=\"async\" width=\"718\" height=\"812\" src=\"https:\/\/www.greenpeace.org\/static\/planet4-netherlands-stateless\/2023\/05\/2a263ec3-piskabon-rechtszaak-bonaire.jpg\" alt=\"\" class=\"wp-image-57844\" style=\"\" srcset=\"https:\/\/www.greenpeace.org\/static\/planet4-netherlands-stateless\/2023\/05\/2a263ec3-piskabon-rechtszaak-bonaire.jpg 718w, https:\/\/www.greenpeace.org\/static\/planet4-netherlands-stateless\/2023\/05\/2a263ec3-piskabon-rechtszaak-bonaire-265x300.jpg 265w, https:\/\/www.greenpeace.org\/static\/planet4-netherlands-stateless\/2023\/05\/2a263ec3-piskabon-rechtszaak-bonaire-301x340.jpg 301w\" sizes=\"auto, (max-width: 718px) 100vw, 718px\" \/><\/figure>\n<\/div>\n<div class=\"wp-block-column\" style=\"flex-basis:85%\">\n<p class=\"has-text-align-left\">Ernest De Lanoy, presidente di Piskabon, kooperashon di piskad\u00f3nan na Boneiru<\/p>\n<p class=\"has-text-align-left has-small-font-size\" style=\"font-style:normal;font-weight:500\">\u201cKomo piskad\u00f3 nos tin un di e fishinan di mas bieu na Boneiru. Pero nos tin miedu ku si kos sigui manera ta bayendo ku kambio di klima, awor\u00f3 nos ta p\u00e8rd\u00e8 nos fishi, anto nos lo mester kome pisk\u00e1 den bleki. Ta p\u2019esei nos ta apoy\u00e1 e kaso ak\u00ed.\u201d<\/p>\n<\/div>\n<\/div>\n<div class=\"wp-block-columns\">\n<div class=\"wp-block-column\" style=\"flex-basis:15%\">\n<figure class=\"wp-block-image aligncenter size-large is-resized is-style-rounded-90\"><img loading=\"lazy\" decoding=\"async\" width=\"819\" height=\"1024\" src=\"https:\/\/www.greenpeace.org\/static\/planet4-netherlands-stateless\/2023\/05\/4038e34c-bonaire-rechtszaak-wietze-koopman-819x1024.jpg\" alt=\"\" class=\"wp-image-57834\" style=\"\" srcset=\"https:\/\/www.greenpeace.org\/static\/planet4-netherlands-stateless\/2023\/05\/4038e34c-bonaire-rechtszaak-wietze-koopman-819x1024.jpg 819w, https:\/\/www.greenpeace.org\/static\/planet4-netherlands-stateless\/2023\/05\/4038e34c-bonaire-rechtszaak-wietze-koopman-240x300.jpg 240w, https:\/\/www.greenpeace.org\/static\/planet4-netherlands-stateless\/2023\/05\/4038e34c-bonaire-rechtszaak-wietze-koopman-768x960.jpg 768w, https:\/\/www.greenpeace.org\/static\/planet4-netherlands-stateless\/2023\/05\/4038e34c-bonaire-rechtszaak-wietze-koopman-272x340.jpg 272w, https:\/\/www.greenpeace.org\/static\/planet4-netherlands-stateless\/2023\/05\/4038e34c-bonaire-rechtszaak-wietze-koopman.jpg 848w\" sizes=\"auto, (max-width: 819px) 100vw, 819px\" \/><\/figure>\n<\/div>\n<div class=\"wp-block-column\" style=\"flex-basis:85%\">\n<p class=\"has-text-align-left\">Wietze Koopman, presidente di e grupo di trabou m\u00ednimo sosial Unkobon<\/p>\n<p class=\"has-text-align-left has-small-font-size\" style=\"font-style:normal;font-weight:500\">\u201cYa pa a\u00f1anan ta konos\u00ed ku por lo m\u00e9nos 40% di e poblashon na Boneiru, Saba i Statia ta biba den un pobresa horibel. Ainda no a introdus\u00ed un m\u00ednimo sosial na e munisipionan ak\u00ed. Ta p\u2019esei nos di Unkobon a kumins\u00e1 un kaso pa oblig\u00e1 Estado trato igual di e habitantenan di e munisipionan karibense. Tambe ora ta trata di protekshon kontra e konsekuensianan di e kambio di klima, tin trato desigual. Ta pa e motibu ei ami ta apoy\u00e1 Greenpeace den e lucha pa hustisia di klima pa Boneiru.\u201d<\/p>\n<\/div>\n<\/div>\n<div class=\"wp-block-columns\">\n<div class=\"wp-block-column\" style=\"flex-basis:15%\">\n<figure class=\"wp-block-image aligncenter size-large is-resized is-style-rounded-90\"><img loading=\"lazy\" decoding=\"async\" width=\"892\" height=\"1024\" src=\"https:\/\/www.greenpeace.org\/static\/planet4-netherlands-stateless\/2023\/05\/84ab5d34-bonaire-rechtszaak-hilde-stroot-892x1024.jpg\" alt=\"\" class=\"wp-image-57833\" style=\"\" srcset=\"https:\/\/www.greenpeace.org\/static\/planet4-netherlands-stateless\/2023\/05\/84ab5d34-bonaire-rechtszaak-hilde-stroot-892x1024.jpg 892w, https:\/\/www.greenpeace.org\/static\/planet4-netherlands-stateless\/2023\/05\/84ab5d34-bonaire-rechtszaak-hilde-stroot-261x300.jpg 261w, https:\/\/www.greenpeace.org\/static\/planet4-netherlands-stateless\/2023\/05\/84ab5d34-bonaire-rechtszaak-hilde-stroot-768x882.jpg 768w, https:\/\/www.greenpeace.org\/static\/planet4-netherlands-stateless\/2023\/05\/84ab5d34-bonaire-rechtszaak-hilde-stroot-1190x1366.jpg 1190w, https:\/\/www.greenpeace.org\/static\/planet4-netherlands-stateless\/2023\/05\/84ab5d34-bonaire-rechtszaak-hilde-stroot-296x340.jpg 296w, https:\/\/www.greenpeace.org\/static\/planet4-netherlands-stateless\/2023\/05\/84ab5d34-bonaire-rechtszaak-hilde-stroot.jpg 1200w\" sizes=\"auto, (max-width: 892px) 100vw, 892px\" \/><\/figure>\n<\/div>\n<div class=\"wp-block-column\" style=\"flex-basis:85%\">\n<p class=\"has-text-align-left\">Hilde Stroot, ta kore kampa\u00f1a pa climate justice serka Oxfam Novib<\/p>\n<p class=\"has-text-align-left has-small-font-size\" style=\"font-style:normal;font-weight:500\">\u201cNa paisnan na Asia, Afrika i Sur-Am\u00e9rika hendenan ta w\u00f2rdu afekt\u00e1 gravemente pa e konsekuensianan destruktivo pa motibu di e kambio di klima. E paisnan ak\u00ed no a kousa e kr\u00edsis di klima, anto hopi biaha nan no tin e medionan pa proteh\u00e1 nan mes. Boneiru tambe lo w\u00f2rdu afekt\u00e1 gravemente, pero gobi\u00e8rnu hulandes ta laga nos kompatriotanan hulandes na kaya. Nos no ta laga esei sosod\u00e9 t\u00f2g?\u201d<\/p>\n<\/div>\n<\/div>\n<\/div>\n<\/div><\/section>\n\n<div class=\"wp-block-media-text alignwide is-stacked-on-mobile has-grey-900-color has-white-background-color has-text-color has-background\" style=\"grid-template-columns:35% auto\"><figure class=\"wp-block-media-text__media\"><img loading=\"lazy\" decoding=\"async\" width=\"1024\" height=\"681\" src=\"https:\/\/www.greenpeace.org\/static\/planet4-netherlands-stateless\/2023\/05\/95a0c1ee-eisers-klimaatzaak-bonaire-1024x681.jpg\" alt=\"\" sizes=\"auto, (min-width: 1600px) calc((1320px - 24px) \/ 2.8571),(min-width: 1200px) calc((1140px - 24px) \/ 2.8571),(min-width: 992px) calc((960px - 24px) \/ 2.8571),(min-width: 768px) calc((720px - 24px) \/ 2.8571),(min-width: 601px) calc((540px - 24px) \/ 2.8571),(min-width: 577px) calc((540px - 24px) \/ 1), calc(100vw - 24px)\" srcset=\"https:\/\/www.greenpeace.org\/static\/planet4-netherlands-stateless\/2023\/05\/95a0c1ee-eisers-klimaatzaak-bonaire.jpg 1200w, https:\/\/www.greenpeace.org\/static\/planet4-netherlands-stateless\/2023\/05\/95a0c1ee-eisers-klimaatzaak-bonaire-300x200.jpg 300w, https:\/\/www.greenpeace.org\/static\/planet4-netherlands-stateless\/2023\/05\/95a0c1ee-eisers-klimaatzaak-bonaire-1024x681.jpg 1024w, https:\/\/www.greenpeace.org\/static\/planet4-netherlands-stateless\/2023\/05\/95a0c1ee-eisers-klimaatzaak-bonaire-768x511.jpg 768w, https:\/\/www.greenpeace.org\/static\/planet4-netherlands-stateless\/2023\/05\/95a0c1ee-eisers-klimaatzaak-bonaire-510x340.jpg 510w\" class=\"wp-image-57858 size-full\"\/><\/figure><div class=\"wp-block-media-text__content\">\n<p class=\"has-medium-font-size\"><strong>Abo tambe ta ekspres\u00e1 bo sosten na e habitantenan di Boneiru i Greenpeace pa e kaso di klima?<\/strong> Gobi\u00e8rnu na Den Haag no ta redusiendo e emishonnan di CO2 sufisiente lih\u00e9. Ant\u00f3 habitantenan di Boneiru ta ser proteh\u00e1 m\u00e9nos den e kr\u00edsis di klima kompar\u00e1 ku sobr\u00e1 di nos. Esei ta inhustu. Huntu nos ta s\u00f2ru ku gobi\u00e8rnu no por ignor\u00e1 nos derechonan humano.<\/p>\n\n\n\n<div class=\"wp-block-buttons is-layout-flex wp-block-buttons-is-layout-flex\">\n<div class=\"wp-block-button is-style-cta\"><a class=\"wp-block-button__link wp-element-button\" href=\"https:\/\/doemee.greenpeace.nl\/actie\/klimaatzaak-bonaire-papiamentu\/\" target=\"_blank\" rel=\"noopener\">Sosten\u00e9 e kaso di klima di Boneiru<\/a><\/div>\n<\/div>\n<\/div><\/div>\n\n<figure class=\"wp-block-embed aligncenter is-type-video is-provider-youtube wp-block-embed-youtube wp-embed-aspect-16-9 wp-has-aspect-ratio\"><div class=\"wp-block-embed__wrapper\">\n<iframe loading=\"lazy\" title=\"Estudiantenan di Saxion Hogeschool a traha un bunita video pa nos tokante klimaatzaak Bonaire.\" width=\"500\" height=\"281\" src=\"https:\/\/www.youtube.com\/embed\/pV5bKigiqB4?feature=oembed\" frameborder=\"0\" allow=\"accelerometer; autoplay; clipboard-write; encrypted-media; gyroscope; picture-in-picture; web-share\" referrerpolicy=\"strict-origin-when-cross-origin\" allowfullscreen><\/iframe>\n<\/div><\/figure>\n\n<h2 class=\"wp-block-heading\">Historianan di Boneiru<\/h2>\n\n<p>Nos ta traha i kolekshon\u00e1 art\u00edkulonan, podcast i video tokante habitantenan di Boneiru i otro islanan vulnerabel. Kon nan ta ser afekt\u00e1 pa kambio di klima? Anto kon nan ta drenta akshon? Lesa mas i drenta akshon huntu ku nos.<\/p>\n<div data-render=\"planet4-blocks\/columns\" data-attributes=\"{&quot;attributes&quot;:{&quot;columns_block_style&quot;:&quot;image&quot;,&quot;columns_title&quot;:&quot;&quot;,&quot;columns&quot;:[{&quot;attachment&quot;:&quot;https:\\\/\\\/www.greenpeace.org\\\/static\\\/planet4-netherlands-stateless\\\/2023\\\/05\\\/aee6d5f2-screenshot-2023-02-22-at-12.10.25-copy-510x286.jpg&quot;,&quot;title&quot;:&quot;? Wak: E futuro di Boneiru&quot;,&quot;description&quot;:&quot;Nos a papia ku sinku habitante di Boneiru tokante e kambio di klima, e konsekuensianan pa e isla i nan bida.&quot;,&quot;cta_text&quot;:&quot;Wak aki&quot;,&quot;cta_link&quot;:&quot;https:\\\/\\\/youtube.com\\\/playlist?list=PLABV7PGuN1lAB_KeoZgyiaJR2x9TUhO5q&quot;,&quot;link_new_tab&quot;:true,&quot;attachment_srcset&quot;:&quot;https:\\\/\\\/www.greenpeace.org\\\/static\\\/planet4-netherlands-stateless\\\/2023\\\/05\\\/aee6d5f2-screenshot-2023-02-22-at-12.10.25-copy-510x286.jpg 510w, https:\\\/\\\/www.greenpeace.org\\\/static\\\/planet4-netherlands-stateless\\\/2023\\\/05\\\/aee6d5f2-screenshot-2023-02-22-at-12.10.25-copy-300x168.jpg 300w, https:\\\/\\\/www.greenpeace.org\\\/static\\\/planet4-netherlands-stateless\\\/2023\\\/05\\\/aee6d5f2-screenshot-2023-02-22-at-12.10.25-copy-1024x574.jpg 1024w, https:\\\/\\\/www.greenpeace.org\\\/static\\\/planet4-netherlands-stateless\\\/2023\\\/05\\\/aee6d5f2-screenshot-2023-02-22-at-12.10.25-copy-768x431.jpg 768w, https:\\\/\\\/www.greenpeace.org\\\/static\\\/planet4-netherlands-stateless\\\/2023\\\/05\\\/aee6d5f2-screenshot-2023-02-22-at-12.10.25-copy.jpg 1200w&quot;},{&quot;attachment&quot;:&quot;https:\\\/\\\/www.greenpeace.org\\\/static\\\/planet4-netherlands-stateless\\\/2022\\\/04\\\/ced9f26d-sintmaarten_ministerievandefensie_1-510x340.jpeg&quot;,&quot;title&quot;:&quot;Lesa: E historia di Sint Maarten. Dor di wowo dje orkan&quot;,&quot;description&quot;:&quot;Riba 6 di s\\u00e8pt\\u00e8mber 2017 bida di kasi tur habitante di Sint Maarten a kambia di manera abrupto. Ta riba e dia ei orkan Irma a suta e isla karibense sin miserik\\u00f2rdia.&quot;,&quot;cta_text&quot;:&quot;Lesa mas&quot;,&quot;cta_link&quot;:&quot;https:\\\/\\\/www.greenpeace.org\\\/nl\\\/klimaatverandering\\\/52344\\\/e-historia-di-sint-maarten\\\/ &quot;,&quot;link_new_tab&quot;:false,&quot;attachment_srcset&quot;:&quot;https:\\\/\\\/www.greenpeace.org\\\/static\\\/planet4-netherlands-stateless\\\/2022\\\/04\\\/ced9f26d-sintmaarten_ministerievandefensie_1-510x340.jpeg 510w, https:\\\/\\\/www.greenpeace.org\\\/static\\\/planet4-netherlands-stateless\\\/2022\\\/04\\\/ced9f26d-sintmaarten_ministerievandefensie_1-300x200.jpeg 300w, https:\\\/\\\/www.greenpeace.org\\\/static\\\/planet4-netherlands-stateless\\\/2022\\\/04\\\/ced9f26d-sintmaarten_ministerievandefensie_1-1024x683.jpeg 1024w, https:\\\/\\\/www.greenpeace.org\\\/static\\\/planet4-netherlands-stateless\\\/2022\\\/04\\\/ced9f26d-sintmaarten_ministerievandefensie_1-768x512.jpeg 768w, https:\\\/\\\/www.greenpeace.org\\\/static\\\/planet4-netherlands-stateless\\\/2022\\\/04\\\/ced9f26d-sintmaarten_ministerievandefensie_1-1536x1024.jpeg 1536w, https:\\\/\\\/www.greenpeace.org\\\/static\\\/planet4-netherlands-stateless\\\/2022\\\/04\\\/ced9f26d-sintmaarten_ministerievandefensie_1-2048x1366.jpeg 2048w&quot;},{&quot;title&quot;:&quot;Lesa: E investigashon di Vrije Universiteit&quot;,&quot;description&quot;:&quot;E investigashon di VU pa Greenpeace ta e prom\\u00e9 an\\u00e1lisis amplio tokante e impakto di e krisis ambiental riba Bon\\u00e8iru.&quot;,&quot;attachment&quot;:&quot;https:\\\/\\\/www.greenpeace.org\\\/static\\\/planet4-netherlands-stateless\\\/2022\\\/09\\\/2f90a0d7-bathtub_2150_new_coastlines_current_3ssps-3-281x340.png&quot;,&quot;cta_link&quot;:&quot;https:\\\/\\\/www.greenpeace.org\\\/nl\\\/klimaatverandering\\\/54518\\\/impact-klimaatverandering-bonaire-onderzoek\\\/&quot;,&quot;cta_text&quot;:&quot;Lesa mas&quot;,&quot;link_new_tab&quot;:false,&quot;attachment_srcset&quot;:&quot;https:\\\/\\\/www.greenpeace.org\\\/static\\\/planet4-netherlands-stateless\\\/2022\\\/09\\\/2f90a0d7-bathtub_2150_new_coastlines_current_3ssps-3-281x340.png 281w, https:\\\/\\\/www.greenpeace.org\\\/static\\\/planet4-netherlands-stateless\\\/2022\\\/09\\\/2f90a0d7-bathtub_2150_new_coastlines_current_3ssps-3-248x300.png 248w, https:\\\/\\\/www.greenpeace.org\\\/static\\\/planet4-netherlands-stateless\\\/2022\\\/09\\\/2f90a0d7-bathtub_2150_new_coastlines_current_3ssps-3-847x1024.png 847w, https:\\\/\\\/www.greenpeace.org\\\/static\\\/planet4-netherlands-stateless\\\/2022\\\/09\\\/2f90a0d7-bathtub_2150_new_coastlines_current_3ssps-3-768x929.png 768w, https:\\\/\\\/www.greenpeace.org\\\/static\\\/planet4-netherlands-stateless\\\/2022\\\/09\\\/2f90a0d7-bathtub_2150_new_coastlines_current_3ssps-3-1270x1536.png 1270w, https:\\\/\\\/www.greenpeace.org\\\/static\\\/planet4-netherlands-stateless\\\/2022\\\/09\\\/2f90a0d7-bathtub_2150_new_coastlines_current_3ssps-3-1694x2048.png 1694w, https:\\\/\\\/www.greenpeace.org\\\/static\\\/planet4-netherlands-stateless\\\/2022\\\/09\\\/2f90a0d7-bathtub_2150_new_coastlines_current_3ssps-3-1130x1366.png 1130w&quot;},{&quot;title&quot;:&quot;Skucha: John Samson tokante e Kr\\u00edsis di klima lubid\\u00e1.&quot;,&quot;description&quot;:&quot;Pa e serie di podcast \\u2018E kr\\u00edsis di klima lubid\\u00e1\\u2019 periodista John Samson a biaha bai e islanan karibense pa e mes mira, tende i sinti e konsekuenshanan di kambio di klima.&quot;,&quot;attachment&quot;:&quot;https:\\\/\\\/www.greenpeace.org\\\/static\\\/planet4-netherlands-stateless\\\/2022\\\/09\\\/9d00d63a-john-samson-510x340.jpg&quot;,&quot;cta_link&quot;:&quot;https:\\\/\\\/www.greenpeace.org\\\/nl\\\/klimaatverandering\\\/52369\\\/anto-e-islanan-awor\\\/&quot;,&quot;cta_text&quot;:&quot;Skucha aki&quot;,&quot;link_new_tab&quot;:false,&quot;attachment_srcset&quot;:&quot;https:\\\/\\\/www.greenpeace.org\\\/static\\\/planet4-netherlands-stateless\\\/2022\\\/09\\\/9d00d63a-john-samson-510x340.jpg 510w, https:\\\/\\\/www.greenpeace.org\\\/static\\\/planet4-netherlands-stateless\\\/2022\\\/09\\\/9d00d63a-john-samson-300x200.jpg 300w, https:\\\/\\\/www.greenpeace.org\\\/static\\\/planet4-netherlands-stateless\\\/2022\\\/09\\\/9d00d63a-john-samson-1024x683.jpg 1024w, https:\\\/\\\/www.greenpeace.org\\\/static\\\/planet4-netherlands-stateless\\\/2022\\\/09\\\/9d00d63a-john-samson-768x512.jpg 768w, https:\\\/\\\/www.greenpeace.org\\\/static\\\/planet4-netherlands-stateless\\\/2022\\\/09\\\/9d00d63a-john-samson-1536x1024.jpg 1536w, https:\\\/\\\/www.greenpeace.org\\\/static\\\/planet4-netherlands-stateless\\\/2022\\\/09\\\/9d00d63a-john-samson.jpg 1920w&quot;}],&quot;lock&quot;:{&quot;move&quot;:true,&quot;remove&quot;:true},&quot;className&quot;:&quot;is-style-image&quot;}}\"><\/div>\n<h2 class=\"wp-block-heading\">Art\u00edkulonan relashon\u00e1 i komunikadonan di prensa<\/h2>\n\n<div class=\"wp-block-query posts-list p4-query-loop is-custom-layout-grid is-layout-grid wp-container-core-query-is-layout-b8bb0bd1 wp-block-query-is-layout-grid\">\n<div class=\"wp-block-group is-content-justification-space-between is-layout-flex wp-container-core-group-is-layout-3d213aab wp-block-group-is-layout-flex\">\n<h2 class=\"wp-block-heading\" id=\"h-\"><\/h2>\n<\/div>\n\n\n\n<p style=\"margin-top:24px;margin-bottom:36px\"><\/p>\n\n\n\n\n<ul class=\"wp-block-post-template is-layout-flow wp-block-post-template-is-layout-flow\"><li class=\"wp-block-post post-55212 post type-post status-publish format-standard has-post-thumbnail hentry category-algemeen tag-klimaat-energie tag-klimaatcrisis tag-klimaattoekomst tag-bonaire-climate-justice p4-page-type-pers\">\n\n<div class=\"wp-block-columns is-layout-flex wp-container-core-columns-is-layout-9d6595d7 wp-block-columns-is-layout-flex\"><figure class=\"wp-block-post-featured-image\"><a href=\"https:\/\/www.greenpeace.org\/nl\/algemeen\/55212\/tweede-kamer-ke-akshon-di-klima-pa-hulanda-karibense\/\" target=\"_self\"><img loading=\"lazy\" decoding=\"async\" width=\"1785\" height=\"1580\" src=\"https:\/\/www.greenpeace.org\/static\/planet4-netherlands-stateless\/2022\/11\/c3c85ce8-schermafbeelding-2022-11-02-om-14.26.47-scaled-e1667395912536.jpg\" class=\"attachment-post-thumbnail size-post-thumbnail wp-post-image wp-stateless-item\" alt=\"Tweede Kamer ke akshon di klima pa Hulanda Karibense\" style=\"object-fit:cover;\" srcset=\"https:\/\/www.greenpeace.org\/static\/planet4-netherlands-stateless\/2022\/11\/c3c85ce8-schermafbeelding-2022-11-02-om-14.26.47-scaled-e1667395912536.jpg 1785w, https:\/\/www.greenpeace.org\/static\/planet4-netherlands-stateless\/2022\/11\/c3c85ce8-schermafbeelding-2022-11-02-om-14.26.47-scaled-e1667395912536-300x266.jpg 300w, https:\/\/www.greenpeace.org\/static\/planet4-netherlands-stateless\/2022\/11\/c3c85ce8-schermafbeelding-2022-11-02-om-14.26.47-scaled-e1667395912536-1024x906.jpg 1024w, https:\/\/www.greenpeace.org\/static\/planet4-netherlands-stateless\/2022\/11\/c3c85ce8-schermafbeelding-2022-11-02-om-14.26.47-scaled-e1667395912536-768x680.jpg 768w, https:\/\/www.greenpeace.org\/static\/planet4-netherlands-stateless\/2022\/11\/c3c85ce8-schermafbeelding-2022-11-02-om-14.26.47-scaled-e1667395912536-1536x1360.jpg 1536w, https:\/\/www.greenpeace.org\/static\/planet4-netherlands-stateless\/2022\/11\/c3c85ce8-schermafbeelding-2022-11-02-om-14.26.47-scaled-e1667395912536-1543x1366.jpg 1543w, https:\/\/www.greenpeace.org\/static\/planet4-netherlands-stateless\/2022\/11\/c3c85ce8-schermafbeelding-2022-11-02-om-14.26.47-scaled-e1667395912536-384x340.jpg 384w\" sizes=\"auto, (max-width: 1785px) 100vw, 1785px\" data-image-size=\"post-thumbnail\" data-stateless-media-bucket=\"planet4-netherlands-stateless\" data-stateless-media-name=\"2022\/11\/c3c85ce8-schermafbeelding-2022-11-02-om-14.26.47-scaled-e1667395912536.jpg\" \/><\/a><\/figure>\n\n\n<div class=\"wp-block-group is-layout-flow wp-block-group-is-layout-flow\">\n                <div class=\"wp-block-group is-layout-flow wp-block-group-is-layout-flow\"><div class=\"wp-block-post-terms\"><a href=\"https:\/\/www.greenpeace.org\/nl\/category\/algemeen\/\">Algemeen<\/a><\/div>\n                <div class=\"taxonomy-post_tag wp-block-post-terms\"><a href=\"https:\/\/www.greenpeace.org\/nl\/tag\/klimaat-energie\/\" rel=\"tag\">Klimaat &amp; Energie<\/a><span class=\"wp-block-post-terms__separator\"> <\/span><a href=\"https:\/\/www.greenpeace.org\/nl\/tag\/klimaatcrisis\/\" rel=\"tag\">Klimaatcrisis<\/a><span class=\"wp-block-post-terms__separator\"> <\/span><a href=\"https:\/\/www.greenpeace.org\/nl\/tag\/klimaattoekomst\/\" rel=\"tag\">Klimaattoekomst<\/a><span class=\"wp-block-post-terms__separator\"> <\/span><a href=\"https:\/\/www.greenpeace.org\/nl\/tag\/bonaire-climate-justice\/\" rel=\"tag\">Bonaire<\/a><\/div>\n                \n                <\/div>\n                \n\n<h3 class=\"wp-block-post-title\"><a href=\"https:\/\/www.greenpeace.org\/nl\/algemeen\/55212\/tweede-kamer-ke-akshon-di-klima-pa-hulanda-karibense\/\" target=\"_self\">Tweede Kamer ke akshon di klima pa Hulanda Karibense<\/a><\/h3>\n\n<div class=\"wp-block-post-excerpt\"><p class=\"wp-block-post-excerpt__excerpt\">Amsterdam, 2 di nov\u00e8mber 2022 &#8211; Gabinete Rutte mester determin\u00e1 mas pronto posibel ki tipo di medidanan ta nesesario pa proteh\u00e1 e munisipionan spesial Boneiru, Sint Eustatius i Saba kontra&hellip; <\/p><\/div>\n\n\n<div class=\"wp-block-group posts-list-meta is-layout-flow wp-block-group-is-layout-flow\"><span class='article-list-item-author'><a href=\"https:\/\/www.greenpeace.org\/nl\/author\/gpnetherlands\/\">Greenpeace Nederland<\/a><\/span>\n\n<div class=\"wp-block-post-date\"><time datetime=\"2022-11-02T13:08:39+01:00\">2 november 2022<\/time><\/div><\/div>\n<\/div>\n<\/div>\n\n<\/li><li class=\"wp-block-post post-54578 post type-post status-publish format-standard has-post-thumbnail hentry category-algemeen tag-klimaat-energie tag-klimaatcrisis tag-wetenschappelijke-publicatie tag-bonaire-climate-justice p4-page-type-pers\">\n\n<div class=\"wp-block-columns is-layout-flex wp-container-core-columns-is-layout-9d6595d7 wp-block-columns-is-layout-flex\"><figure class=\"wp-block-post-featured-image\"><a href=\"https:\/\/www.greenpeace.org\/nl\/algemeen\/54578\/investigashon-kambio-di-klima-kaso-den-korte\/\" target=\"_self\"><img loading=\"lazy\" decoding=\"async\" width=\"1612\" height=\"1192\" src=\"https:\/\/www.greenpeace.org\/static\/planet4-netherlands-stateless\/2022\/09\/b5a9e598-mural-lores-e1664216972149.jpeg\" class=\"attachment-post-thumbnail size-post-thumbnail wp-post-image wp-stateless-item\" alt=\"Investigashon: Kambio di klima ta menas\u00e1 na dal Boneiru hopi duru\" style=\"object-fit:cover;\" srcset=\"https:\/\/www.greenpeace.org\/static\/planet4-netherlands-stateless\/2022\/09\/b5a9e598-mural-lores-e1664216972149.jpeg 1612w, https:\/\/www.greenpeace.org\/static\/planet4-netherlands-stateless\/2022\/09\/b5a9e598-mural-lores-e1664216972149-300x222.jpeg 300w, https:\/\/www.greenpeace.org\/static\/planet4-netherlands-stateless\/2022\/09\/b5a9e598-mural-lores-e1664216972149-1024x757.jpeg 1024w, https:\/\/www.greenpeace.org\/static\/planet4-netherlands-stateless\/2022\/09\/b5a9e598-mural-lores-e1664216972149-768x568.jpeg 768w, https:\/\/www.greenpeace.org\/static\/planet4-netherlands-stateless\/2022\/09\/b5a9e598-mural-lores-e1664216972149-1536x1136.jpeg 1536w, https:\/\/www.greenpeace.org\/static\/planet4-netherlands-stateless\/2022\/09\/b5a9e598-mural-lores-e1664216972149-460x340.jpeg 460w\" sizes=\"auto, (max-width: 1612px) 100vw, 1612px\" data-image-size=\"post-thumbnail\" data-stateless-media-bucket=\"planet4-netherlands-stateless\" data-stateless-media-name=\"2022\/09\/b5a9e598-mural-lores-e1664216972149.jpeg\" \/><\/a><\/figure>\n\n\n<div class=\"wp-block-group is-layout-flow wp-block-group-is-layout-flow\">\n                <div class=\"wp-block-group is-layout-flow wp-block-group-is-layout-flow\"><div class=\"wp-block-post-terms\"><a href=\"https:\/\/www.greenpeace.org\/nl\/category\/algemeen\/\">Algemeen<\/a><\/div>\n                <div class=\"taxonomy-post_tag wp-block-post-terms\"><a href=\"https:\/\/www.greenpeace.org\/nl\/tag\/klimaat-energie\/\" rel=\"tag\">Klimaat &amp; Energie<\/a><span class=\"wp-block-post-terms__separator\"> <\/span><a href=\"https:\/\/www.greenpeace.org\/nl\/tag\/klimaatcrisis\/\" rel=\"tag\">Klimaatcrisis<\/a><span class=\"wp-block-post-terms__separator\"> <\/span><a href=\"https:\/\/www.greenpeace.org\/nl\/tag\/wetenschappelijke-publicatie\/\" rel=\"tag\">Wetenschappelijke Publicatie<\/a><span class=\"wp-block-post-terms__separator\"> <\/span><a href=\"https:\/\/www.greenpeace.org\/nl\/tag\/bonaire-climate-justice\/\" rel=\"tag\">Bonaire<\/a><\/div>\n                \n                <\/div>\n                \n\n<h3 class=\"wp-block-post-title\"><a href=\"https:\/\/www.greenpeace.org\/nl\/algemeen\/54578\/investigashon-kambio-di-klima-kaso-den-korte\/\" target=\"_self\">Investigashon: Kambio di klima ta menas\u00e1 na dal Boneiru hopi duru<\/a><\/h3>\n\n<div class=\"wp-block-post-excerpt\"><p class=\"wp-block-post-excerpt__excerpt\">Kralendijk \/ Amsterdam, 28 di s\u00e8pt\u00e8mber 2022 \u2013 Kambio di klima lo dal Boneiru duru si no interven\u00ed. Esaki segun investigashon ku Vrije Universiteit Amsterdam (VU) a hasi pa Greenpeace&hellip; <\/p><\/div>\n\n\n<div class=\"wp-block-group posts-list-meta is-layout-flow wp-block-group-is-layout-flow\"><span class='article-list-item-author'><a href=\"https:\/\/www.greenpeace.org\/nl\/author\/gpnetherlands\/\">Greenpeace Nederland<\/a><\/span>\n\n<div class=\"wp-block-post-date\"><time datetime=\"2022-09-28T11:30:00+02:00\">28 september 2022<\/time><\/div><\/div>\n<\/div>\n<\/div>\n\n<\/li><\/ul>\n\n\n<div class=\"wp-block-buttons carousel-controls is-horizontal is-content-justification-space-between is-nowrap is-layout-flex wp-container-core-buttons-is-layout-044bd602 wp-block-buttons-is-layout-flex\">\n<div class=\"wp-block-button carousel-control-prev\"><button type=\"button\" class=\"wp-block-button__link wp-element-button\">Prev<\/button><\/div>\n\n\n\n<div class=\"wp-block-button carousel-control-next\"><button type=\"button\" class=\"wp-block-button__link wp-element-button\">Volgende<\/button><\/div>\n<\/div>\n<\/div>\n\n<div class=\"wp-block-planet4-gpnl-blocks-collapsible\"><details><summary class=\"title\">Kiko ta Greenpeace?<\/summary><div class=\"content\">\n\n<p>Greenpeace ta un organisashon ku ta aktivo pa mas ku 50 a\u00f1a den 55 pais. Nos meta ta pa<br>kombat\u00ed e kr\u00edsis di klima i proteh\u00e1 naturalesa. Pa asina tur hende riba e mundu ak\u00ed por tin un<br>lug\u00e1 sigur pa biba, ku airu limpi, kuminda saludabel, mondinan saludabel i os\u00e9anonan yen di<br>bida. Nos ta logra esaki dor di hasi investigashon, tene k\u00f2mbersashonnan ku lidernan<br>pol\u00edtiko i empresanan, i tene akshonnan pas\u00edfiko. Anto esaki nos no ta hasi nos so; nos ta<br>traha huntu ku sient\u00edfikonan, organisashonnan di medio ambiente i komunidatnan lokal. Anto<br>ku \u00e9ksito! Greenpeace ta independiente: nos no ta tuma supsidio ni plaka di empresanan \u00f2f<br>gobi\u00e8rnunan, sino solamente donashonnan di e hendenan ku ta sosten\u00e9 nos trabou.<\/p>\n\n<\/div><\/details><\/div>\n\n<div class=\"wp-block-planet4-gpnl-blocks-collapsible\"><details><summary class=\"title\">Kiko Greenpeace ta hasi na Boneiru?<\/summary><div class=\"content\">\n\n<p>Huntu ku e hendenan di Boneiru, Greenpeace Hulanda ke s\u00f2ru pa Boneiru tambe ser<br>proteh\u00e1 pa Estado Hulandes den e kr\u00edsis di klima. Pa asina tur hende na Boneiru tin un lug\u00e1<br>sigur pa biba, tantu awor komo pa nos yunan den futuro. Nos a spanta ora nos a tuma nota<br>ku gobi\u00e8rnu Hulandes no ta hasi nada pa Boneiru, mi\u00e9ntras ku pa otro munisipionan<br>Hulandes s\u00ed tin plannan ta ser trah\u00e1.<br>Nos a tene hopi k\u00f2mbersashon tokante esaki: ku gobi\u00e8rnu, entidat p\u00fabliko i hopi otro hende i<br>organisashonnan na Boneiru, por eh\u00e8mpel durante bishita di nos barku Arctic Sunrise. Na<br>2022 nos a publik\u00e1 un investigashon di Vrije Universiteit . Esei ta mustra ku e kr\u00edsis di klima<br>ta dal Boneiru duru, pero ku ainda por evit\u00e1 e konsekuensianan di mas grandi. Pa e motibu<br>ei nos ta inisi\u00e1 un kaso den korte huntu ku habitantenan di Boneiru, si Estado Hulandes no<br>tuma medida pa proteh\u00e1 Boneiru.<\/p>\n\n<\/div><\/details><\/div>\n\n<div class=\"wp-block-planet4-gpnl-blocks-collapsible\"><details><summary class=\"title\">Dikon kambio di klima ta un problema pa Boneiru?<\/summary><div class=\"content\">\n\n<p>Komo isla chikitu, Boneiru ta \u00e8kstra vulnerabel pa kambio di klima. E investigashon di Vrije<br>Universiteit ta mustra kiko ta e konsekuensianan pa Boneiru:<br>\u25cf Subida di nivel di laman: pa fin di e siglo ak\u00ed, un kinto parti di Boneiru ta kore<br>peliger di bai bou di awa. Spesialmente na e punta sur di Boneiru, ku ta hopi abou<br>(\u2018laaggelegen\u2019). Tambe kayanan i infrastruktura importante lo sufri da\u00f1o. Den e<br>senario di mas grave, Kralendijk tambe lo inund\u00e1. Esaki ta pasobra nivel di laman ta<br>subi deb\u00ed na kambio di klima.<br>\u25cf Morto di koral: den e pr\u00f3ksimo trinta a\u00f1anan e koral por dispars\u00e9 na 90% di e<br>sitionan kaminda hende ta sambuy\u00e1, pasobra e koral ta muri deb\u00ed na kambio di<br>klima. Esaki tin konsekuensianan grandi. Koral ta un \u2018kibra-ola\u2019 i asina ta proteh\u00e1<br>Boneiru kontra tormentanan. Koral ta brinda un lug\u00e1 pa pisk\u00e1nan biba i reprodus\u00ed.<br>Pero tambe e koral ta parti di Boneiru su identidat i ta importante pa ekonomia di<br>Boneiru. Ekonomia lo bai atras i bira entre 16% pa 25% mas chikitu na 2050.<br>\u25cf Peliger pa sal\u00fa: deb\u00ed na kambio di klima ta birando mas i mas kalor i tambe mas<br>seku. Mas hende ta muri deb\u00ed na kalor ekstremo, spesialmente e gruponan<br>vulnerabel manera personanan di mayor edat. Tambe enfermedatnan manera<br>chikungunya, dengue i zika, lo present\u00e1 ku mas regularidat. Deb\u00ed na kambio di klima<br>lo tin mas sangura ku ta kousa i plama e enfermedatnan ak\u00ed.<br>Loke gobi\u00e8rnu hasi aworak\u00ed, ta determin\u00e1 futuro di Boneiru. Mas kalor e mundu bira, mas<br>grandi e impakto riba Boneiru lo ta. Den kaso di kalentamentu bou di 1.5 grado Celsius, e<br>riesgonan mas grandi ta ser evit\u00e1. Den kaso di un kalentamentu di mas ku 1.5 grado, e<br>konsekuensianan lo ta desastroso pa e hendenan ku ta biba na Boneiru. Tambe gobi\u00e8rnu<\/p>\n\n\n<p>por tuma medidanan pa proteh\u00e1 Boneiru. Meskos ku munisipionan na Hulanda Europeo<br>tambe ta ser proteh\u00e1 kontra awa.<\/p>\n\n<\/div><\/details><\/div>\n\n<div class=\"wp-block-planet4-gpnl-blocks-collapsible\"><details><summary class=\"title\">Kiko Greenpeace ke logra?<\/summary><div class=\"content\">\n\n<p>Komo Greenpeace nos ke s\u00f2ru huntu ku e hendenan di Boneiru, pa e isla ser proteh\u00e1 den e<br>kr\u00edsis di klima. Pa Boneiru, meskos ku restu di Hulanda, por ta prepar\u00e1 pa karga e<br>konsekuensianan di kambio di klima. Boneiru ta un munisipio di Hulanda i mester ser<br>proteh\u00e1 meskos ku restu di Hulanda, pa asina tur hende na Boneiru por tin un lug\u00e1 sigur pa<br>biba, tantu awor komo den futuro pa nos yunan. Aktualmente gobi\u00e8rnu Hulandes no tin<br>plannan pa Boneiru, pero s\u00ed pa otro munisipionan na Hulanda. Esaki no ta hustu. P\u2019e motibu<br>ei nos ta eksig\u00ed pa gobi\u00e8rnu na Den Haag hasi dos kos:<br><\/p>\n\n\n<ol class=\"wp-block-list\">\n\n<li>Traha un plan huntu ku e habitantenan di Boneiru, pa proteh\u00e1 e isla kontra e<br>konsekuensianan di kambio di klima, ku aworak\u00ed ya ta ser sint\u00ed. Un plan kaminda<br>huntu ku e hendenan di e isla, ta wak kiko ta nesesario pa manten\u00e9 e isla habitabel.<\/li>\n\n\n<li>Kombat\u00ed kambio di klima peligroso: redus\u00ed e emishon di CO2 di henter Hulanda mas<br>lih\u00e9, i hasi un kontribushon hustu pa limit\u00e1 e kalentamentu te na bou di 1.5 grado.<br>Anto no solamente proteh\u00e1 Boneiru, pero tambe s\u00f2ru pa para kambio di klima. E<br>emishonnan di Hulanda Europeo ta hopi mas haltu ku esnan di Boneiru, i p\u2019esei ta<br>importante pa gobi\u00e8rnu hiba e emishonnan ak\u00ed na sero na 2040.<\/li>\n\n<\/ol>\n\n<\/div><\/details><\/div>\n\n<div class=\"wp-block-planet4-gpnl-blocks-collapsible\"><details><summary class=\"title\">Kon mi por partisip\u00e1?<\/summary><div class=\"content\">\n\n<p>Nos ta invit\u00e1 bo kordialmente pa partisip\u00e1! Tur hende por yuda, na nan mes manera. Sea<br>komo indiv\u00edduo \u00f2f komo organisashon. Firma e deklarashon pa sosten\u00e9 nos eksigensianan.<br>\u00d2f bira un boluntario i yuda ku eventonan manera na inisio di 2023, durante bishita di e<br>barku Arctic Sunrise. \u00d2f bo por inskrib\u00ed pa nos adviesraad. Bo por tuma kontakto ku nos<br>semper via bonaire@greenpeace.org.<\/p>\n\n<\/div><\/details><\/div>\n\n<div class=\"wp-block-planet4-gpnl-blocks-collapsible\"><details><summary class=\"title\">Kon ta par\u00e1 ku e kaso den korte?<\/summary><div class=\"content\">\n\n<p>Na luna di mei nos a manda huntu ku 7 habitante di Boneiru, un sommatiebrief ku nos<br>eksigensianan pa Estado Hulandes. Gobi\u00e8rnu na Den Haag tin te ku 30 di s\u00e8pt\u00e8mber pa<br>kumpli ku e eksigensianan ak\u00ed. Mientrastantu nos ta sigui ku preparashonnan pa un<br>dagvaarding i un kaso den korte. Ta importante pa hopi hende firma e deklarashon ak\u00ed i<br>sosten\u00e9 e eksigensianan.<\/p>\n\n<\/div><\/details><\/div>\n\n<p><\/p>\n","protected":false},"excerpt":{"rendered":"<p>Gobi\u00e8rnu na Den Haag mester proteh\u00e1 nos den e kr\u00edsis di klima, pero no ta hasiendo esaki. Sigur no pa Boneiru. Habitantenan di Boneiru i Greenpeace ta bai hues, si e gabinete no drenta akshon awor mes.<\/p>\n","protected":false},"author":158,"featured_media":57818,"parent":63665,"menu_order":0,"comment_status":"closed","ping_status":"closed","template":"","meta":{"ep_exclude_from_search":false,"p4_hide_page_title_checkbox":"","p4_title":"","p4_subtitle":"","p4_description":"","background_image_id":"","background_image":"","p4_button_title":"","p4_button_link":"","p4_button_link_checkbox":"","p4_og_title":"","p4_og_description":"","p4_og_image":"","p4_og_image_id":"","p4_seo_canonical_url":"","p4_campaign_name":"not set","p4_local_project":"not set","p4_basket_name":"not set","p4_department":"","footnotes":""},"categories":[],"tags":[],"class_list":["post-51392","page","type-page","status-publish","has-post-thumbnail","hentry"],"_links":{"self":[{"href":"https:\/\/www.greenpeace.org\/nl\/wp-json\/wp\/v2\/pages\/51392","targetHints":{"allow":["GET"]}}],"collection":[{"href":"https:\/\/www.greenpeace.org\/nl\/wp-json\/wp\/v2\/pages"}],"about":[{"href":"https:\/\/www.greenpeace.org\/nl\/wp-json\/wp\/v2\/types\/page"}],"author":[{"embeddable":true,"href":"https:\/\/www.greenpeace.org\/nl\/wp-json\/wp\/v2\/users\/158"}],"replies":[{"embeddable":true,"href":"https:\/\/www.greenpeace.org\/nl\/wp-json\/wp\/v2\/comments?post=51392"}],"version-history":[{"count":19,"href":"https:\/\/www.greenpeace.org\/nl\/wp-json\/wp\/v2\/pages\/51392\/revisions"}],"predecessor-version":[{"id":72351,"href":"https:\/\/www.greenpeace.org\/nl\/wp-json\/wp\/v2\/pages\/51392\/revisions\/72351"}],"up":[{"embeddable":true,"href":"https:\/\/www.greenpeace.org\/nl\/wp-json\/wp\/v2\/pages\/63665"}],"wp:featuredmedia":[{"embeddable":true,"href":"https:\/\/www.greenpeace.org\/nl\/wp-json\/wp\/v2\/media\/57818"}],"wp:attachment":[{"href":"https:\/\/www.greenpeace.org\/nl\/wp-json\/wp\/v2\/media?parent=51392"}],"wp:term":[{"taxonomy":"category","embeddable":true,"href":"https:\/\/www.greenpeace.org\/nl\/wp-json\/wp\/v2\/categories?post=51392"},{"taxonomy":"post_tag","embeddable":true,"href":"https:\/\/www.greenpeace.org\/nl\/wp-json\/wp\/v2\/tags?post=51392"}],"curies":[{"name":"wp","href":"https:\/\/api.w.org\/{rel}","templated":true}]}}