{"id":63854,"date":"2024-06-27T11:50:12","date_gmt":"2024-06-27T09:50:12","guid":{"rendered":"https:\/\/www-dev.greenpeace.org\/nl\/?page_id=63854"},"modified":"2026-04-08T10:58:43","modified_gmt":"2026-04-08T08:58:43","slug":"kernenergie","status":"publish","type":"page","link":"https:\/\/www.greenpeace.org\/nl\/klimaat\/kernenergie\/","title":{"rendered":"Kernenergie"},"content":{"rendered":"\n\n<div class=\"wp-block-group is-layout-flow wp-block-group-is-layout-flow\">\n\n<div class=\"wp-block-group alignfull is-layout-flow wp-block-group-is-layout-flow\">\n<div class=\"wp-block-group container is-layout-flow wp-block-group-is-layout-flow\">\n<div class=\"wp-block-media-text alignfull has-media-on-the-right is-stacked-on-mobile is-image-fill is-pattern-p4-page-header is-style-parallax\"><div class=\"wp-block-media-text__content\">\n<div class=\"wp-block-group is-layout-flow wp-block-group-is-layout-flow\">\n<h1 class=\"wp-block-heading has-white-background-color has-background\" id=\"h-kernenergie\">Kernenergie<\/h1>\n<\/div>\n\n\n\n<p style=\"font-size:1.25rem\">Kernenergie zorgt weliswaar voor een minimale CO\u2082-uitstoot, maar levert ook andere problemen op, bijvoorbeeld voor toekomstige generaties. Er is een energietransitie nodig in de klimaatcrisis. Maar kernenergie is niet de oplossing, want kernenergie heeft ook grote nadelen.<\/p>\n\n\n\n<div class=\"wp-block-buttons is-layout-flex wp-block-buttons-is-layout-flex\">\n<div class=\"wp-block-button is-style-cta\"><a class=\"wp-block-button__link wp-element-button\" href=\"https:\/\/doemee.greenpeace.nl\/actie\/klimaatcrisis-petitie\/\" target=\"_blank\" rel=\"noopener\">Help mee<\/a><\/div>\n<\/div>\n<\/div><figure class=\"wp-block-media-text__media\" style=\"background-image:url(https:\/\/www.greenpeace.org\/static\/planet4-netherlands-stateless\/2018\/06\/demonstratiekernenergie2.jpg);background-position:50% 50%\"><img loading=\"lazy\" decoding=\"async\" width=\"800\" height=\"533\" src=\"https:\/\/www.greenpeace.org\/static\/planet4-netherlands-stateless\/2018\/06\/demonstratiekernenergie2.jpg\" alt=\"\" sizes=\"auto, (min-width: 601px) 50vw, 100vw\" srcset=\"https:\/\/www.greenpeace.org\/static\/planet4-netherlands-stateless\/2018\/06\/demonstratiekernenergie2.jpg 800w, https:\/\/www.greenpeace.org\/static\/planet4-netherlands-stateless\/2018\/06\/demonstratiekernenergie2-300x200.jpg 300w, https:\/\/www.greenpeace.org\/static\/planet4-netherlands-stateless\/2018\/06\/demonstratiekernenergie2-768x512.jpg 768w, https:\/\/www.greenpeace.org\/static\/planet4-netherlands-stateless\/2018\/06\/demonstratiekernenergie2-510x340.jpg 510w\" class=\"wp-image-1241 size-full\"\/><\/figure><\/div>\n<\/div>\n<\/div>\n\n\n\n\n<div style=\"height:64px\" aria-hidden=\"true\" class=\"wp-block-spacer\"><\/div>\n\n\n\n\n<div class=\"wp-block-media-text is-stacked-on-mobile is-image-fill\"><figure class=\"wp-block-media-text__media\" style=\"background-image:url(https:\/\/www.greenpeace.org\/static\/planet4-netherlands-stateless\/2022\/07\/85636082-gp0312u_high_res-1024x576.jpg);background-position:50% 50%\"><img loading=\"lazy\" decoding=\"async\" width=\"1024\" height=\"576\" src=\"https:\/\/www.greenpeace.org\/static\/planet4-netherlands-stateless\/2022\/07\/85636082-gp0312u_high_res-1024x576.jpg\" alt=\"\" sizes=\"auto, (min-width: 1600px) calc((1320px - 24px) \/ 2),(min-width: 1200px) calc((1140px - 24px) \/ 2),(min-width: 992px) calc((960px - 24px) \/ 2),(min-width: 768px) calc((720px - 24px) \/ 2),(min-width: 601px) calc((540px - 24px) \/ 2),(min-width: 577px) calc((540px - 24px) \/ 1), calc(100vw - 24px)\" srcset=\"https:\/\/www.greenpeace.org\/static\/planet4-netherlands-stateless\/2022\/07\/85636082-gp0312u_high_res.jpg 1920w, https:\/\/www.greenpeace.org\/static\/planet4-netherlands-stateless\/2022\/07\/85636082-gp0312u_high_res-300x169.jpg 300w, https:\/\/www.greenpeace.org\/static\/planet4-netherlands-stateless\/2022\/07\/85636082-gp0312u_high_res-1024x576.jpg 1024w, https:\/\/www.greenpeace.org\/static\/planet4-netherlands-stateless\/2022\/07\/85636082-gp0312u_high_res-768x432.jpg 768w, https:\/\/www.greenpeace.org\/static\/planet4-netherlands-stateless\/2022\/07\/85636082-gp0312u_high_res-1536x864.jpg 1536w, https:\/\/www.greenpeace.org\/static\/planet4-netherlands-stateless\/2022\/07\/85636082-gp0312u_high_res-510x287.jpg 510w\" class=\"wp-image-53305 size-full\"\/><\/figure><div class=\"wp-block-media-text__content\">\n<h2 class=\"wp-block-heading\" id=\"h-het-probleem\">Het probleem<\/h2>\n\n\n\n<p>Kernenergie heeft een aantal nadelen. De kosten zijn hoog, de bouw van een kerncentrale duurt lang en er blijft een grote hoeveelheid radioactief afval over wat zeer lange tijd levensgevaarlijk is. De kans op een groot ongeval met een kerncentrale zit in een klein hoekje. En als het goed fout gaat, zoals 11 jaar geleden in Fukushima, zijn we daar slecht op voorbereid. En dan is er nog een belangrijk nadeel: in kerncentrales ontstaat plutonium, de grondstof voor kernbommen.<\/p>\n\n\n\n<div class=\"wp-block-buttons is-layout-flex wp-block-buttons-is-layout-flex\">\n<div class=\"wp-block-button\"><a class=\"wp-block-button__link wp-element-button\" href=\"https:\/\/www.greenpeace.org\/nl\/over-kernenergie\/#nadelen-kernenergie\">Lees meer over kernenergie<\/a><\/div>\n<\/div>\n<\/div><\/div>\n\n\n\n\n<div style=\"height:35px\" aria-hidden=\"true\" class=\"wp-block-spacer\"><\/div>\n\n\n\n\n<div class=\"wp-block-media-text has-media-on-the-right is-stacked-on-mobile\"><div class=\"wp-block-media-text__content\">\n<h2 class=\"wp-block-heading\" id=\"h-wat-greenpeace-doet\">Wat Greenpeace doet<\/h2>\n\n\n\n<p>Greenpeace zet zich wereldwijd in voor de aanpak van de klimaatcrisis. We doen onafhankelijk onderzoek naar eerlijke en haalbare klimaatoplossingen. Samen met lokale bewegingen en onze supporters sporen we politieke leiders aan om groene en duurzame keuzes te maken.&nbsp;<\/p>\n\n\n\n<div class=\"wp-block-buttons is-layout-flex wp-block-buttons-is-layout-flex\">\n<div class=\"wp-block-button\"><a class=\"wp-block-button__link wp-element-button\" href=\"https:\/\/doemee.greenpeace.nl\/actie\/klimaatcrisis-petitie\/\" target=\"_blank\" rel=\"noopener\">Roep de klimaatcrisis uit<\/a><\/div>\n<\/div>\n<\/div><figure class=\"wp-block-media-text__media\"><img loading=\"lazy\" decoding=\"async\" width=\"1024\" height=\"683\" src=\"https:\/\/www.greenpeace.org\/static\/planet4-netherlands-stateless\/2018\/10\/c736c8ab-solar-panel-1024x683.jpg\" alt=\"\" sizes=\"auto, (min-width: 1600px) calc((1320px - 24px) \/ 2),(min-width: 1200px) calc((1140px - 24px) \/ 2),(min-width: 992px) calc((960px - 24px) \/ 2),(min-width: 768px) calc((720px - 24px) \/ 2),(min-width: 601px) calc((540px - 24px) \/ 2),(min-width: 577px) calc((540px - 24px) \/ 1), calc(100vw - 24px)\" srcset=\"https:\/\/www.greenpeace.org\/static\/planet4-netherlands-stateless\/2018\/10\/c736c8ab-solar-panel.jpg 3355w, https:\/\/www.greenpeace.org\/static\/planet4-netherlands-stateless\/2018\/10\/c736c8ab-solar-panel-300x200.jpg 300w, https:\/\/www.greenpeace.org\/static\/planet4-netherlands-stateless\/2018\/10\/c736c8ab-solar-panel-768x512.jpg 768w, https:\/\/www.greenpeace.org\/static\/planet4-netherlands-stateless\/2018\/10\/c736c8ab-solar-panel-1024x683.jpg 1024w, https:\/\/www.greenpeace.org\/static\/planet4-netherlands-stateless\/2018\/10\/c736c8ab-solar-panel-2048x1366.jpg 2048w, https:\/\/www.greenpeace.org\/static\/planet4-netherlands-stateless\/2018\/10\/c736c8ab-solar-panel-510x340.jpg 510w\" class=\"wp-image-13802 size-full\"\/><\/figure><\/div>\n\n\n\n\n<div style=\"height:54px\" aria-hidden=\"true\" class=\"wp-block-spacer\"><\/div>\n\n\n\n        <div class=\"wp-block-query actions-list p4-query-loop is-custom-layout-actions-list is-custom-layout-grid is-layout-flex wp-block-query-is-layout-flex\"><h2 class=\"wp-block-heading\">Zo kan jij helpen<\/h2>\n        <p style=\"margin-top: 24px; margin-bottom: 32px;\"><\/p>\n        \n        <ul class=\"wp-block-post-template is-layout-flow wp-block-post-template-is-layout-flow\"><li class=\"wp-block-post post-63063 page type-page status-publish has-post-thumbnail hentry category-klimaat-categorie tag-klimaat-energie tag-klimaatcrisis\">\n                <figure class=\"wp-block-post-featured-image\"><img loading=\"lazy\" decoding=\"async\" width=\"1600\" height=\"840\" src=\"https:\/\/www.greenpeace.org\/static\/planet4-netherlands-stateless\/2022\/05\/679d94ee-klimaatmars-2021-amsterdam.jpg\" class=\"attachment-post-thumbnail size-post-thumbnail wp-post-image wp-stateless-item\" alt=\"\" style=\"object-fit:cover;\" srcset=\"https:\/\/www.greenpeace.org\/static\/planet4-netherlands-stateless\/2022\/05\/679d94ee-klimaatmars-2021-amsterdam.jpg 1600w, https:\/\/www.greenpeace.org\/static\/planet4-netherlands-stateless\/2022\/05\/679d94ee-klimaatmars-2021-amsterdam-300x158.jpg 300w, https:\/\/www.greenpeace.org\/static\/planet4-netherlands-stateless\/2022\/05\/679d94ee-klimaatmars-2021-amsterdam-1024x538.jpg 1024w, https:\/\/www.greenpeace.org\/static\/planet4-netherlands-stateless\/2022\/05\/679d94ee-klimaatmars-2021-amsterdam-768x403.jpg 768w, https:\/\/www.greenpeace.org\/static\/planet4-netherlands-stateless\/2022\/05\/679d94ee-klimaatmars-2021-amsterdam-1536x806.jpg 1536w, https:\/\/www.greenpeace.org\/static\/planet4-netherlands-stateless\/2022\/05\/679d94ee-klimaatmars-2021-amsterdam-510x268.jpg 510w\" sizes=\"auto, (max-width: 1600px) 100vw, 1600px\" data-image-size=\"post-thumbnail\" data-stateless-media-bucket=\"planet4-netherlands-stateless\" data-stateless-media-name=\"2022\/05\/679d94ee-klimaatmars-2021-amsterdam.jpg\" \/><\/figure>\n                \n                <div class=\"wp-block-group group-stretched-link is-layout-flow wp-block-group-is-layout-flow\"><div class=\"wp-block-post-terms\">Klimaat<\/div>\n                <h3 class=\"wp-block-post-title\"><a href=\"https:\/\/www.greenpeace.org\/nl\/kom-in-actie\/klimaatmars\/\" target=\"_self\">Klimaatmars 2024<\/a><\/h3>\n                <div class=\"wp-block-post-excerpt\"><p class=\"wp-block-post-excerpt__excerpt\">Wetenschappers waarschuwen al jaren: het klimaat en de natuur zijn in diepe crisis. Toch blijven banken, verzekeraars en fossiele multinationals rustig olie op het vuur gooien. Door onze bossen en oceanen te verwoesten. En door de lucht en het water te vervuilen. Allemaal in naam van economische groei. Wij vinden dat de overheid deze graaiende&hellip; <\/p><\/div><\/div>\n                \n                \n        <div class=\"wp-block-group read-more-nav is-layout-flow wp-block-group-is-layout-flow\"><a href=\"https:\/\/www.greenpeace.org\/nl\/kom-in-actie\/klimaatmars\/\" class=\"btn btn-primary btn-small\" aria-label=\"Doe mee\">Doe mee<\/a>\n        \n        \n        <\/div>\n        \n                <\/li><li class=\"wp-block-post post-73995 p4_action type-p4_action status-publish has-post-thumbnail hentry category-eerlijke-wereld category-klimaat-categorie tag-olie tag-gas tag-klimaat-energie tag-klimaattoekomst tag-eerlijke-wereld tag-shell action-type-acties\">\n                <figure class=\"wp-block-post-featured-image\"><img loading=\"lazy\" decoding=\"async\" width=\"640\" height=\"350\" src=\"https:\/\/www.greenpeace.org\/static\/planet4-netherlands-stateless\/2026\/04\/8968d371-nieuwsbrief-640x35028-1.png\" class=\"attachment-post-thumbnail size-post-thumbnail wp-post-image wp-stateless-item\" alt=\"\" style=\"object-fit:cover;\" srcset=\"https:\/\/www.greenpeace.org\/static\/planet4-netherlands-stateless\/2026\/04\/8968d371-nieuwsbrief-640x35028-1.png 640w, https:\/\/www.greenpeace.org\/static\/planet4-netherlands-stateless\/2026\/04\/8968d371-nieuwsbrief-640x35028-1-300x164.png 300w, https:\/\/www.greenpeace.org\/static\/planet4-netherlands-stateless\/2026\/04\/8968d371-nieuwsbrief-640x35028-1-510x279.png 510w\" sizes=\"auto, (max-width: 640px) 100vw, 640px\" data-image-size=\"post-thumbnail\" data-stateless-media-bucket=\"planet4-netherlands-stateless\" data-stateless-media-name=\"2026\/04\/8968d371-nieuwsbrief-640x35028-1.png\" \/><\/figure>\n                \n                <div class=\"wp-block-group group-stretched-link is-layout-flow wp-block-group-is-layout-flow\"><div class=\"wp-block-post-terms\">Eerlijke wereld<\/div>\n                <h3 class=\"wp-block-post-title\"><a href=\"https:\/\/www.greenpeace.org\/nl\/acties\/oil-war-stickerpakket\/\" target=\"_self\">Oil = war stickerpakket<\/a><\/h3>\n                <div class=\"wp-block-post-excerpt\"><p class=\"wp-block-post-excerpt__excerpt\">Met deze stickers verbreek je de stilte over de schaamteloze winsten van de fossiele industrie. Bestel hier het stickerpakket. <\/p><\/div><\/div>\n                \n                \n        <div class=\"wp-block-group read-more-nav is-layout-flow wp-block-group-is-layout-flow\"><a href=\"https:\/\/www.greenpeace.org\/nl\/acties\/oil-war-stickerpakket\/\" class=\"btn btn-primary btn-small\" aria-label=\"bestel nu\">Bestel nu<\/a>\n        \n        \n        <\/div>\n        \n                <\/li><li class=\"wp-block-post post-68631 p4_action type-p4_action status-publish has-post-thumbnail hentry category-klimaat-categorie category-eerlijke-wereld tag-duurzaamheid tag-eerlijke-wereld tag-klimaat tag-klimaatcrisis tag-luchtvaart tag-olie tag-tata-steel action-type-acties\">\n                <figure class=\"wp-block-post-featured-image\"><img loading=\"lazy\" decoding=\"async\" width=\"1200\" height=\"800\" src=\"https:\/\/www.greenpeace.org\/static\/planet4-netherlands-stateless\/2025\/04\/1e2134f6-gp0stykg3_medium-res-1200px.jpg\" class=\"attachment-post-thumbnail size-post-thumbnail wp-post-image wp-stateless-item\" alt=\"\" style=\"object-fit:cover;\" srcset=\"https:\/\/www.greenpeace.org\/static\/planet4-netherlands-stateless\/2025\/04\/1e2134f6-gp0stykg3_medium-res-1200px.jpg 1200w, https:\/\/www.greenpeace.org\/static\/planet4-netherlands-stateless\/2025\/04\/1e2134f6-gp0stykg3_medium-res-1200px-300x200.jpg 300w, https:\/\/www.greenpeace.org\/static\/planet4-netherlands-stateless\/2025\/04\/1e2134f6-gp0stykg3_medium-res-1200px-1024x683.jpg 1024w, https:\/\/www.greenpeace.org\/static\/planet4-netherlands-stateless\/2025\/04\/1e2134f6-gp0stykg3_medium-res-1200px-768x512.jpg 768w, https:\/\/www.greenpeace.org\/static\/planet4-netherlands-stateless\/2025\/04\/1e2134f6-gp0stykg3_medium-res-1200px-510x340.jpg 510w\" sizes=\"auto, (max-width: 1200px) 100vw, 1200px\" data-image-size=\"post-thumbnail\" data-stateless-media-bucket=\"planet4-netherlands-stateless\" data-stateless-media-name=\"2025\/04\/1e2134f6-gp0stykg3_medium-res-1200px.jpg\" \/><\/figure>\n                \n                <div class=\"wp-block-group group-stretched-link is-layout-flow wp-block-group-is-layout-flow\"><div class=\"wp-block-post-terms\">Klimaat<\/div>\n                <h3 class=\"wp-block-post-title\"><a href=\"https:\/\/www.greenpeace.org\/nl\/acties\/belast-grote-vervuilers\/\" target=\"_self\">Belast grote vervuilers<\/a><\/h3>\n                <div class=\"wp-block-post-excerpt\"><p class=\"wp-block-post-excerpt__excerpt\">We roepen Dick Schoof en andere regeringsleiders op om grote vervuilers te belasten voor de toegedane schade aan het klimaat. <\/p><\/div><\/div>\n                \n                \n        <div class=\"wp-block-group read-more-nav is-layout-flow wp-block-group-is-layout-flow\"><a href=\"https:\/\/www.greenpeace.org\/nl\/acties\/belast-grote-vervuilers\/\" class=\"btn btn-primary btn-small\" aria-label=\"Teken de petitie\">Teken de petitie<\/a>\n        \n        \n        <\/div>\n        \n                <\/li><li class=\"wp-block-post post-68539 p4_action type-p4_action status-publish has-post-thumbnail hentry category-klimaat-categorie tag-duurzaamheid tag-klimaat tag-luchtvaart tag-oplossingen action-type-acties\">\n                <figure class=\"wp-block-post-featured-image\"><img loading=\"lazy\" decoding=\"async\" width=\"2048\" height=\"1258\" src=\"https:\/\/www.greenpeace.org\/static\/planet4-netherlands-stateless\/2025\/03\/f26af799-untitled-design-4.jpg\" class=\"attachment-post-thumbnail size-post-thumbnail wp-post-image wp-stateless-item\" alt=\"\" style=\"object-fit:cover;\" srcset=\"https:\/\/www.greenpeace.org\/static\/planet4-netherlands-stateless\/2025\/03\/f26af799-untitled-design-4.jpg 2048w, https:\/\/www.greenpeace.org\/static\/planet4-netherlands-stateless\/2025\/03\/f26af799-untitled-design-4-300x184.jpg 300w, https:\/\/www.greenpeace.org\/static\/planet4-netherlands-stateless\/2025\/03\/f26af799-untitled-design-4-1024x629.jpg 1024w, https:\/\/www.greenpeace.org\/static\/planet4-netherlands-stateless\/2025\/03\/f26af799-untitled-design-4-768x472.jpg 768w, https:\/\/www.greenpeace.org\/static\/planet4-netherlands-stateless\/2025\/03\/f26af799-untitled-design-4-1536x944.jpg 1536w, https:\/\/www.greenpeace.org\/static\/planet4-netherlands-stateless\/2025\/03\/f26af799-untitled-design-4-510x313.jpg 510w\" sizes=\"auto, (max-width: 2048px) 100vw, 2048px\" data-image-size=\"post-thumbnail\" data-stateless-media-bucket=\"planet4-netherlands-stateless\" data-stateless-media-name=\"2025\/03\/f26af799-untitled-design-4.jpg\" \/><\/figure>\n                \n                <div class=\"wp-block-group group-stretched-link is-layout-flow wp-block-group-is-layout-flow\"><div class=\"wp-block-post-terms\">Klimaat<\/div>\n                <h3 class=\"wp-block-post-title\"><a href=\"https:\/\/www.greenpeace.org\/nl\/acties\/groen-en-betaalbaar-treinreizen\/\" target=\"_self\">Groen en betaalbaar treinreizen<\/a><\/h3>\n                <div class=\"wp-block-post-excerpt\"><p class=\"wp-block-post-excerpt__excerpt\">Wij roepen op om te werken aan een snel, goedkoop en effici\u00ebnt treinnetwerk. Want de meeste mensen reizen liever zonder het klimaat te vernielen. <\/p><\/div><\/div>\n                \n                \n        <div class=\"wp-block-group read-more-nav is-layout-flow wp-block-group-is-layout-flow\"><a href=\"https:\/\/www.greenpeace.org\/nl\/acties\/groen-en-betaalbaar-treinreizen\/\" class=\"btn btn-primary btn-small\" aria-label=\"Onderteken de oproep\">Onderteken de oproep<\/a>\n        \n        \n        <\/div>\n        \n                <\/li><\/ul>\n        \n<div class=\"wp-block-buttons carousel-controls is-horizontal is-content-justification-space-between is-nowrap is-layout-flex wp-container-core-buttons-is-layout-044bd602 wp-block-buttons-is-layout-flex\">\n            <div class=\"wp-block-button carousel-control-prev\"><button type=\"button\" class=\"wp-block-button__link wp-element-button\">Prev<\/button><\/div>\n        \n\n            <div class=\"wp-block-button carousel-control-next\"><button type=\"button\" class=\"wp-block-button__link wp-element-button\">Volgende<\/button><\/div>\n        <\/div>\n\n        \n<div class=\"wp-block-buttons load-more-actions-container is-content-justification-center is-layout-flex wp-container-core-buttons-is-layout-16018d1d wp-block-buttons-is-layout-flex\">\n                <div class=\"wp-block-button is-style-secondary\"><button type=\"button\" class=\"wp-block-button__link wp-element-button\">Laad meer<\/button><\/div>\n            \n<\/div>\n<\/div>\n        \n\n\n<div style=\"height:54px\" aria-hidden=\"true\" class=\"wp-block-spacer\"><\/div>\n\n\n\n\n<div class=\"wp-block-group block has-dark-green-800-background-color has-background is-layout-flow wp-block-group-is-layout-flow\">\n<div style=\"height:40px\" aria-hidden=\"true\" class=\"wp-block-spacer\"><\/div>\n\n\n\n<figure class=\"wp-block-image aligncenter size-full is-resized force-no-lightbox force-no-caption\" style=\"margin-top:0;margin-bottom:0\"><img loading=\"lazy\" decoding=\"async\" width=\"512\" height=\"512\" src=\"https:\/\/www.greenpeace.org\/static\/planet4-netherlands-stateless\/2024\/06\/938bcdf2-1bac-4962-a23d-2b422b21df3e.png\" alt=\"\" class=\"wp-image-63855\" style=\"width:166px;height:auto\" srcset=\"https:\/\/www.greenpeace.org\/static\/planet4-netherlands-stateless\/2024\/06\/938bcdf2-1bac-4962-a23d-2b422b21df3e.png 512w, https:\/\/www.greenpeace.org\/static\/planet4-netherlands-stateless\/2024\/06\/938bcdf2-1bac-4962-a23d-2b422b21df3e-300x300.png 300w, https:\/\/www.greenpeace.org\/static\/planet4-netherlands-stateless\/2024\/06\/938bcdf2-1bac-4962-a23d-2b422b21df3e-150x150.png 150w, https:\/\/www.greenpeace.org\/static\/planet4-netherlands-stateless\/2024\/06\/938bcdf2-1bac-4962-a23d-2b422b21df3e-340x340.png 340w\" sizes=\"auto, (max-width: 512px) 100vw, 512px\" \/><\/figure>\n\n\n\n<div style=\"height:32px\" aria-hidden=\"true\" class=\"wp-block-spacer\"><\/div>\n\n\n\n<h3 class=\"wp-block-heading has-text-align-center has-white-color has-text-color\" id=\"h-jouw-donatie-kan-helpen\">Jouw donatie helpt ons internationale werk tegen de klimaatcrisis<\/h3>\n\n\n\n<div class=\"wp-block-buttons is-content-justification-center is-layout-flex wp-container-core-buttons-is-layout-16018d1d wp-block-buttons-is-layout-flex\">\n<div class=\"wp-block-button is-style-cta\"><a class=\"wp-block-button__link wp-element-button\" href=\"https:\/\/doemee.greenpeace.nl\/doneren\/\" target=\"_blank\" rel=\"noopener\">Doneer nu<\/a><\/div>\n<\/div>\n\n\n\n<div style=\"height:40px\" aria-hidden=\"true\" class=\"wp-block-spacer\"><\/div>\n<\/div>\n\n\n\n\n<div style=\"height:54px\" aria-hidden=\"true\" class=\"wp-block-spacer\"><\/div>\n\n\n\n    <div class=\"wp-block-query posts-list p4-query-loop is-custom-layout-list is-layout-flow wp-block-query-is-layout-flow\">\n        <div class=\"wp-block-group is-content-justification-space-between is-layout-flex wp-container-core-group-is-layout-3d213aab wp-block-group-is-layout-flex\"><h2 class=\"wp-block-heading\">Gerelateerde artikelen<\/h2>\n        \n        \n        <\/div>\n        \n\n    <p style=\"margin-top: 24px; margin-bottom: 36px;\"><\/p>\n\n    \n\n    <ul class=\"wp-block-post-template is-layout-flow wp-block-post-template-is-layout-flow\"><li class=\"wp-block-post post-72225 post type-post status-publish format-standard has-post-thumbnail hentry category-eerlijke-wereld category-klimaat-categorie tag-klimaatcrisis tag-bonaire-climate-justice tag-eerlijke-wereld tag-klimaat p4-page-type-artikelen\">\n            \n<div class=\"wp-block-columns is-layout-flex wp-container-core-columns-is-layout-9d6595d7 wp-block-columns-is-layout-flex\"><figure class=\"wp-block-post-featured-image\"><a href=\"https:\/\/www.greenpeace.org\/nl\/klimaat-categorie\/72225\/wat-we-willen-bereiken-met-de-klimaatzaak-van-greenpeace-en-inwoners-van-bonaire\/\" target=\"_self\"><img loading=\"lazy\" decoding=\"async\" width=\"800\" height=\"533\" src=\"https:\/\/www.greenpeace.org\/static\/planet4-netherlands-stateless\/2025\/09\/278afc77-gp0stz69y_low-res-800px.jpg\" class=\"attachment-post-thumbnail size-post-thumbnail wp-post-image wp-stateless-item\" alt=\"Wat we willen bereiken met de Klimaatzaak van Greenpeace en inwoners van Bonaire\" style=\"object-fit:cover;\" srcset=\"https:\/\/www.greenpeace.org\/static\/planet4-netherlands-stateless\/2025\/09\/278afc77-gp0stz69y_low-res-800px.jpg 800w, https:\/\/www.greenpeace.org\/static\/planet4-netherlands-stateless\/2025\/09\/278afc77-gp0stz69y_low-res-800px-300x200.jpg 300w, https:\/\/www.greenpeace.org\/static\/planet4-netherlands-stateless\/2025\/09\/278afc77-gp0stz69y_low-res-800px-768x512.jpg 768w, https:\/\/www.greenpeace.org\/static\/planet4-netherlands-stateless\/2025\/09\/278afc77-gp0stz69y_low-res-800px-510x340.jpg 510w\" sizes=\"auto, (max-width: 800px) 100vw, 800px\" data-image-size=\"post-thumbnail\" data-stateless-media-bucket=\"planet4-netherlands-stateless\" data-stateless-media-name=\"2025\/09\/278afc77-gp0stz69y_low-res-800px.jpg\" \/><\/a><\/figure>\n\n        <div class=\"wp-block-group is-layout-flow wp-block-group-is-layout-flow\">\n                <div class=\"wp-block-group is-layout-flex wp-block-group-is-layout-flex\"><div class=\"wp-block-post-terms\"><a href=\"https:\/\/www.greenpeace.org\/nl\/category\/eerlijke-wereld\/\">Eerlijke wereld<\/a><\/div>\n                <div class=\"taxonomy-post_tag wp-block-post-terms\"><a href=\"https:\/\/www.greenpeace.org\/nl\/tag\/klimaatcrisis\/\" rel=\"tag\">Klimaatcrisis<\/a><span class=\"wp-block-post-terms__separator\"> <\/span><a href=\"https:\/\/www.greenpeace.org\/nl\/tag\/bonaire-climate-justice\/\" rel=\"tag\">Bonaire<\/a><span class=\"wp-block-post-terms__separator\"> <\/span><a href=\"https:\/\/www.greenpeace.org\/nl\/tag\/eerlijke-wereld\/\" rel=\"tag\">Eerlijke wereld<\/a><span class=\"wp-block-post-terms__separator\"> <\/span><a href=\"https:\/\/www.greenpeace.org\/nl\/tag\/klimaat\/\" rel=\"tag\">Klimaat<\/a><\/div>\n                \n                <\/div>\n                \n        <h3 class=\"wp-block-post-title\"><a href=\"https:\/\/www.greenpeace.org\/nl\/klimaat-categorie\/72225\/wat-we-willen-bereiken-met-de-klimaatzaak-van-greenpeace-en-inwoners-van-bonaire\/\" target=\"_self\">Wat we willen bereiken met de Klimaatzaak van Greenpeace en inwoners van Bonaire<\/a><\/h3>\n        <div class=\"wp-block-post-excerpt\"><p class=\"wp-block-post-excerpt__excerpt\">De inwoners van Bonaire dagen samen met Greenpeace de regering voor de rechter voor klimaatactie. Daarmee komen ze voor ons allemaal op, want iedereen loopt gevaar in de klimaatcrisis. <\/p><\/div>\n        \n        <div class=\"wp-block-group posts-list-meta is-layout-flow wp-block-group-is-layout-flow\"><span class='article-list-item-author'><a href=\"https:\/\/www.greenpeace.org\/nl\/author\/edekroon\/\">Eefje de Kroon<\/a><\/span>\n        <div class=\"wp-block-post-date\"><time datetime=\"2026-01-27T11:11:00+01:00\">27 januari 2026<\/time><\/div>\n        \n        <\/div>\n        <\/div>\n        <\/div>\n\n            <\/li><li class=\"wp-block-post post-69428 post type-post status-publish format-standard has-post-thumbnail hentry category-algemeen tag-successen tag-luchtvaart tag-schiphol tag-klimaat tag-klimaat-energie tag-stikstof p4-page-type-artikelen\">\n            \n<div class=\"wp-block-columns is-layout-flex wp-container-core-columns-is-layout-9d6595d7 wp-block-columns-is-layout-flex\"><figure class=\"wp-block-post-featured-image\"><a href=\"https:\/\/www.greenpeace.org\/nl\/algemeen\/69428\/natuurvergunning-schiphol-waar-gaat-de-rechtszaak-over\/\" target=\"_self\"><img loading=\"lazy\" decoding=\"async\" width=\"800\" height=\"500\" src=\"https:\/\/www.greenpeace.org\/static\/planet4-netherlands-stateless\/2022\/09\/485a11c0-schipholtekenbrief.jpg\" class=\"attachment-post-thumbnail size-post-thumbnail wp-post-image wp-stateless-item\" alt=\"Natuurvergunning Schiphol vernietigd!\" style=\"object-fit:cover;\" srcset=\"https:\/\/www.greenpeace.org\/static\/planet4-netherlands-stateless\/2022\/09\/485a11c0-schipholtekenbrief.jpg 800w, https:\/\/www.greenpeace.org\/static\/planet4-netherlands-stateless\/2022\/09\/485a11c0-schipholtekenbrief-300x188.jpg 300w, https:\/\/www.greenpeace.org\/static\/planet4-netherlands-stateless\/2022\/09\/485a11c0-schipholtekenbrief-768x480.jpg 768w, https:\/\/www.greenpeace.org\/static\/planet4-netherlands-stateless\/2022\/09\/485a11c0-schipholtekenbrief-510x319.jpg 510w\" sizes=\"auto, (max-width: 800px) 100vw, 800px\" data-image-size=\"post-thumbnail\" data-stateless-media-bucket=\"planet4-netherlands-stateless\" data-stateless-media-name=\"2022\/09\/485a11c0-schipholtekenbrief.jpg\" \/><\/a><\/figure>\n\n        <div class=\"wp-block-group is-layout-flow wp-block-group-is-layout-flow\">\n                <div class=\"wp-block-group is-layout-flex wp-block-group-is-layout-flex\"><div class=\"wp-block-post-terms\"><a href=\"https:\/\/www.greenpeace.org\/nl\/category\/algemeen\/\">Algemeen<\/a><\/div>\n                <div class=\"taxonomy-post_tag wp-block-post-terms\"><a href=\"https:\/\/www.greenpeace.org\/nl\/tag\/successen\/\" rel=\"tag\">Successen<\/a><span class=\"wp-block-post-terms__separator\"> <\/span><a href=\"https:\/\/www.greenpeace.org\/nl\/tag\/luchtvaart\/\" rel=\"tag\">Luchtvaart<\/a><span class=\"wp-block-post-terms__separator\"> <\/span><a href=\"https:\/\/www.greenpeace.org\/nl\/tag\/schiphol\/\" rel=\"tag\">Schiphol<\/a><span class=\"wp-block-post-terms__separator\"> <\/span><a href=\"https:\/\/www.greenpeace.org\/nl\/tag\/klimaat\/\" rel=\"tag\">Klimaat<\/a><span class=\"wp-block-post-terms__separator\"> <\/span><a href=\"https:\/\/www.greenpeace.org\/nl\/tag\/klimaat-energie\/\" rel=\"tag\">Klimaat &amp; Energie<\/a><span class=\"wp-block-post-terms__separator\"> <\/span><a href=\"https:\/\/www.greenpeace.org\/nl\/tag\/stikstof\/\" rel=\"tag\">Stikstof<\/a><\/div>\n                \n                <\/div>\n                \n        <h3 class=\"wp-block-post-title\"><a href=\"https:\/\/www.greenpeace.org\/nl\/algemeen\/69428\/natuurvergunning-schiphol-waar-gaat-de-rechtszaak-over\/\" target=\"_self\">Natuurvergunning Schiphol vernietigd!<\/a><\/h3>\n        <div class=\"wp-block-post-excerpt\"><p class=\"wp-block-post-excerpt__excerpt\">In dit artikel lees je wat een natuurvergunning is, waarom Schiphol er een nodig heeft, wat er mis is met de huidige vergunning en waar onze rechtszaak over gaat. <\/p><\/div>\n        \n        <div class=\"wp-block-group posts-list-meta is-layout-flow wp-block-group-is-layout-flow\"><span class='article-list-item-author'><a href=\"https:\/\/www.greenpeace.org\/nl\/author\/wlemm\/\">Wouter Lemm<\/a><\/span>\n        <div class=\"wp-block-post-date\"><time datetime=\"2025-06-03T15:55:23+02:00\">3 juni 2025<\/time><\/div>\n        \n        <\/div>\n        <\/div>\n        <\/div>\n\n            <\/li><li class=\"wp-block-post post-65323 post type-post status-publish format-standard has-post-thumbnail hentry category-klimaat-categorie tag-klimaatcrisis tag-klimaatdemonstratie tag-organisatie tag-slapp p4-page-type-artikelen\">\n            \n<div class=\"wp-block-columns is-layout-flex wp-container-core-columns-is-layout-9d6595d7 wp-block-columns-is-layout-flex\"><figure class=\"wp-block-post-featured-image\"><a href=\"https:\/\/www.greenpeace.org\/nl\/klimaat-categorie\/65323\/de-rechtszaak-van-300-miljoen-tegen-greenpeace\/\" target=\"_self\"><img loading=\"lazy\" decoding=\"async\" width=\"799\" height=\"534\" src=\"https:\/\/www.greenpeace.org\/static\/planet4-netherlands-stateless\/2024\/10\/7d365833-gp0stqckg_low-res-800px.jpg\" class=\"attachment-post-thumbnail size-post-thumbnail wp-post-image wp-stateless-item\" alt=\"Hoe Energy Transfer met deze rechtszaak Greenpeace de mond wil snoeren\" style=\"object-fit:cover;\" srcset=\"https:\/\/www.greenpeace.org\/static\/planet4-netherlands-stateless\/2024\/10\/7d365833-gp0stqckg_low-res-800px.jpg 799w, https:\/\/www.greenpeace.org\/static\/planet4-netherlands-stateless\/2024\/10\/7d365833-gp0stqckg_low-res-800px-300x201.jpg 300w, https:\/\/www.greenpeace.org\/static\/planet4-netherlands-stateless\/2024\/10\/7d365833-gp0stqckg_low-res-800px-768x513.jpg 768w, https:\/\/www.greenpeace.org\/static\/planet4-netherlands-stateless\/2024\/10\/7d365833-gp0stqckg_low-res-800px-510x340.jpg 510w\" sizes=\"auto, (max-width: 799px) 100vw, 799px\" data-image-size=\"post-thumbnail\" data-stateless-media-bucket=\"planet4-netherlands-stateless\" data-stateless-media-name=\"2024\/10\/7d365833-gp0stqckg_low-res-800px.jpg\" \/><\/a><\/figure>\n\n        <div class=\"wp-block-group is-layout-flow wp-block-group-is-layout-flow\">\n                <div class=\"wp-block-group is-layout-flex wp-block-group-is-layout-flex\"><div class=\"wp-block-post-terms\"><a href=\"https:\/\/www.greenpeace.org\/nl\/category\/klimaat-categorie\/\">Klimaat<\/a><\/div>\n                <div class=\"taxonomy-post_tag wp-block-post-terms\"><a href=\"https:\/\/www.greenpeace.org\/nl\/tag\/klimaatcrisis\/\" rel=\"tag\">Klimaatcrisis<\/a><span class=\"wp-block-post-terms__separator\"> <\/span><a href=\"https:\/\/www.greenpeace.org\/nl\/tag\/klimaatdemonstratie\/\" rel=\"tag\">Klimaatdemonstratie<\/a><span class=\"wp-block-post-terms__separator\"> <\/span><a href=\"https:\/\/www.greenpeace.org\/nl\/tag\/organisatie\/\" rel=\"tag\">Organisatie<\/a><span class=\"wp-block-post-terms__separator\"> <\/span><a href=\"https:\/\/www.greenpeace.org\/nl\/tag\/slapp\/\" rel=\"tag\">SLAPP<\/a><\/div>\n                \n                <\/div>\n                \n        <h3 class=\"wp-block-post-title\"><a href=\"https:\/\/www.greenpeace.org\/nl\/klimaat-categorie\/65323\/de-rechtszaak-van-300-miljoen-tegen-greenpeace\/\" target=\"_self\">Hoe Energy Transfer met deze rechtszaak Greenpeace de mond wil snoeren<\/a><\/h3>\n        <div class=\"wp-block-post-excerpt\"><p class=\"wp-block-post-excerpt__excerpt\">Het Amerikaanse energieconcern Energy Transfer staat bekend om zijn nietsontziende manier van zaken doen. Niet alleen pompt het miljoenen liters olie door kwetsbare ecosystemen, het schrikt ook niet terug voor\u2026 <\/p><\/div>\n        \n        <div class=\"wp-block-group posts-list-meta is-layout-flow wp-block-group-is-layout-flow\"><span class='article-list-item-author'><a href=\"https:\/\/www.greenpeace.org\/nl\/author\/fwiersma\/\">Fedde Wiersma<\/a><\/span>\n        <div class=\"wp-block-post-date\"><time datetime=\"2025-03-20T08:59:35+01:00\">20 maart 2025<\/time><\/div>\n        \n        <\/div>\n        <\/div>\n        <\/div>\n\n            <\/li><\/ul>\n\n    \n<div class=\"wp-block-buttons carousel-controls is-horizontal is-content-justification-space-between is-nowrap is-layout-flex wp-container-core-buttons-is-layout-044bd602 wp-block-buttons-is-layout-flex\">\n            <div class=\"wp-block-button carousel-control-prev\"><button type=\"button\" class=\"wp-block-button__link wp-element-button\">Prev<\/button><\/div>\n        \n\n            <div class=\"wp-block-button carousel-control-next\"><button type=\"button\" class=\"wp-block-button__link wp-element-button\">Volgende<\/button><\/div>\n        <\/div>\n\n\n    <\/div>\n    \n\n\n<div style=\"height:51px\" aria-hidden=\"true\" class=\"wp-block-spacer\"><\/div>\n\n\n\n    <div class=\"wp-block-query posts-list p4-query-loop is-custom-layout-grid is-layout-grid wp-container-core-query-is-layout-b8bb0bd1 wp-block-query-is-layout-grid\">\n        <div class=\"wp-block-group is-content-justification-space-between is-layout-flex wp-container-core-group-is-layout-3d213aab wp-block-group-is-layout-flex\"><h2 class=\"wp-block-heading\">Publicaties &amp; onderzoek<\/h2>\n        \n        \n        <\/div>\n        \n\n    <p style=\"margin-top: 24px; margin-bottom: 36px;\"><\/p>\n\n    \n\n    <ul class=\"wp-block-post-template is-layout-flow wp-block-post-template-is-layout-flow\"><li class=\"wp-block-post post-74285 post type-post status-publish format-standard has-post-thumbnail hentry category-eerlijke-wereld category-klimaat-categorie tag-brief tag-eerlijke-wereld tag-klimaat p4-page-type-publicaties\">\n            \n<div class=\"wp-block-columns is-layout-flex wp-container-core-columns-is-layout-9d6595d7 wp-block-columns-is-layout-flex\"><figure class=\"wp-block-post-featured-image\"><a href=\"https:\/\/www.greenpeace.org\/nl\/klimaat-categorie\/74285\/brief-aan-klimaatminister-van-veldhoven-over-santa-marta-conferentie-en-rechtvaardig-uitfaseren-van-fossiele-brandstoffen\/\" target=\"_self\"><img loading=\"lazy\" decoding=\"async\" width=\"1200\" height=\"857\" src=\"https:\/\/www.greenpeace.org\/static\/planet4-netherlands-stateless\/2026\/04\/d6247b40-gp0su3jhz.jpg\" class=\"attachment-post-thumbnail size-post-thumbnail wp-post-image wp-stateless-item\" alt=\"Brief aan klimaatminister van Veldhoven over Santa Marta conferentie en rechtvaardig uitfaseren van fossiele brandstoffen\" style=\"object-fit:cover;\" srcset=\"https:\/\/www.greenpeace.org\/static\/planet4-netherlands-stateless\/2026\/04\/d6247b40-gp0su3jhz.jpg 1200w, https:\/\/www.greenpeace.org\/static\/planet4-netherlands-stateless\/2026\/04\/d6247b40-gp0su3jhz-300x214.jpg 300w, https:\/\/www.greenpeace.org\/static\/planet4-netherlands-stateless\/2026\/04\/d6247b40-gp0su3jhz-1024x731.jpg 1024w, https:\/\/www.greenpeace.org\/static\/planet4-netherlands-stateless\/2026\/04\/d6247b40-gp0su3jhz-768x548.jpg 768w, https:\/\/www.greenpeace.org\/static\/planet4-netherlands-stateless\/2026\/04\/d6247b40-gp0su3jhz-476x340.jpg 476w\" sizes=\"auto, (max-width: 1200px) 100vw, 1200px\" data-image-size=\"post-thumbnail\" data-stateless-media-bucket=\"planet4-netherlands-stateless\" data-stateless-media-name=\"2026\/04\/d6247b40-gp0su3jhz.jpg\" \/><\/a><\/figure>\n\n        <div class=\"wp-block-group is-layout-flow wp-block-group-is-layout-flow\">\n                <div class=\"wp-block-group is-layout-flow wp-block-group-is-layout-flow\"><div class=\"wp-block-post-terms\"><a href=\"https:\/\/www.greenpeace.org\/nl\/category\/eerlijke-wereld\/\">Eerlijke wereld<\/a><\/div>\n                <div class=\"taxonomy-post_tag wp-block-post-terms\"><a href=\"https:\/\/www.greenpeace.org\/nl\/tag\/brief\/\" rel=\"tag\">Brief<\/a><span class=\"wp-block-post-terms__separator\"> <\/span><a href=\"https:\/\/www.greenpeace.org\/nl\/tag\/eerlijke-wereld\/\" rel=\"tag\">Eerlijke wereld<\/a><span class=\"wp-block-post-terms__separator\"> <\/span><a href=\"https:\/\/www.greenpeace.org\/nl\/tag\/klimaat\/\" rel=\"tag\">Klimaat<\/a><\/div>\n                \n                <\/div>\n                \n        <h3 class=\"wp-block-post-title\"><a href=\"https:\/\/www.greenpeace.org\/nl\/klimaat-categorie\/74285\/brief-aan-klimaatminister-van-veldhoven-over-santa-marta-conferentie-en-rechtvaardig-uitfaseren-van-fossiele-brandstoffen\/\" target=\"_self\">Brief aan klimaatminister van Veldhoven over Santa Marta conferentie en rechtvaardig uitfaseren van fossiele brandstoffen<\/a><\/h3>\n        <div class=\"wp-block-post-excerpt\"><p class=\"wp-block-post-excerpt__excerpt\">Volgende week zal minister van Veldhoven in Santa Marta met Colombia leiding geven aan de allereerste internationale Transitioning Away from Fossil conferentie. We verwelkomen het leiderschap van Nederland en Colombia om de\u00a0 conferentie te organiseren in Santa Marta. Nu de gevolgen van de klimaatcrisis snel ingrijpender worden en de energiecrisis tot instabiliteit en onzekerheid leidt,&hellip; <\/p><\/div>\n        \n        <div class=\"wp-block-group posts-list-meta is-layout-flow wp-block-group-is-layout-flow\"><span class='article-list-item-author'><a href=\"https:\/\/www.greenpeace.org\/nl\/author\/mdezeeuw\/\">Maarten de Zeeuw<\/a><\/span>\n        <div class=\"wp-block-post-date\"><time datetime=\"2026-04-23T14:26:08+02:00\">23 april 2026<\/time><\/div>\n        \n        <\/div>\n        <\/div>\n        <\/div>\n\n            <\/li><li class=\"wp-block-post post-74239 post type-post status-publish format-standard has-post-thumbnail hentry category-algemeen category-eerlijke-wereld category-klimaat-categorie category-landbouw tag-natuurzaak-tag tag-politiek tag-landbouw tag-klimaatcrisis tag-vlees p4-page-type-publicaties\">\n            \n<div class=\"wp-block-columns is-layout-flex wp-container-core-columns-is-layout-9d6595d7 wp-block-columns-is-layout-flex\"><figure class=\"wp-block-post-featured-image\"><a href=\"https:\/\/www.greenpeace.org\/nl\/algemeen\/74239\/brief-aan-minlvvn-in-reactie-op-klimaatgesprekken-invulling-klimaatopgave-landbouw\/\" target=\"_self\"><img loading=\"lazy\" decoding=\"async\" width=\"2560\" height=\"2315\" src=\"https:\/\/www.greenpeace.org\/static\/planet4-netherlands-stateless\/2022\/06\/4ceca5c9-gp01t1p_high_res_bewerkt_gpm-scaled.jpg\" class=\"attachment-post-thumbnail size-post-thumbnail wp-post-image wp-stateless-item\" alt=\"Brief aan MinLVVN in reactie op klimaatgesprekken\/invulling klimaatopgave landbouw\" style=\"object-fit:cover;\" srcset=\"https:\/\/www.greenpeace.org\/static\/planet4-netherlands-stateless\/2022\/06\/4ceca5c9-gp01t1p_high_res_bewerkt_gpm-scaled.jpg 2560w, https:\/\/www.greenpeace.org\/static\/planet4-netherlands-stateless\/2022\/06\/4ceca5c9-gp01t1p_high_res_bewerkt_gpm-300x271.jpg 300w, https:\/\/www.greenpeace.org\/static\/planet4-netherlands-stateless\/2022\/06\/4ceca5c9-gp01t1p_high_res_bewerkt_gpm-1024x926.jpg 1024w, https:\/\/www.greenpeace.org\/static\/planet4-netherlands-stateless\/2022\/06\/4ceca5c9-gp01t1p_high_res_bewerkt_gpm-768x695.jpg 768w, https:\/\/www.greenpeace.org\/static\/planet4-netherlands-stateless\/2022\/06\/4ceca5c9-gp01t1p_high_res_bewerkt_gpm-1536x1389.jpg 1536w, https:\/\/www.greenpeace.org\/static\/planet4-netherlands-stateless\/2022\/06\/4ceca5c9-gp01t1p_high_res_bewerkt_gpm-2048x1852.jpg 2048w, https:\/\/www.greenpeace.org\/static\/planet4-netherlands-stateless\/2022\/06\/4ceca5c9-gp01t1p_high_res_bewerkt_gpm-1510x1366.jpg 1510w, https:\/\/www.greenpeace.org\/static\/planet4-netherlands-stateless\/2022\/06\/4ceca5c9-gp01t1p_high_res_bewerkt_gpm-376x340.jpg 376w\" sizes=\"auto, (max-width: 2560px) 100vw, 2560px\" data-image-size=\"post-thumbnail\" data-stateless-media-bucket=\"planet4-netherlands-stateless\" data-stateless-media-name=\"2022\/06\/4ceca5c9-gp01t1p_high_res_bewerkt_gpm-scaled.jpg\" \/><\/a><\/figure>\n\n        <div class=\"wp-block-group is-layout-flow wp-block-group-is-layout-flow\">\n                <div class=\"wp-block-group is-layout-flow wp-block-group-is-layout-flow\"><div class=\"wp-block-post-terms\"><a href=\"https:\/\/www.greenpeace.org\/nl\/category\/algemeen\/\">Algemeen<\/a><\/div>\n                <div class=\"taxonomy-post_tag wp-block-post-terms\"><a href=\"https:\/\/www.greenpeace.org\/nl\/tag\/natuurzaak-tag\/\" rel=\"tag\">Natuurzaak<\/a><span class=\"wp-block-post-terms__separator\"> <\/span><a href=\"https:\/\/www.greenpeace.org\/nl\/tag\/politiek\/\" rel=\"tag\">Politiek<\/a><span class=\"wp-block-post-terms__separator\"> <\/span><a href=\"https:\/\/www.greenpeace.org\/nl\/tag\/landbouw\/\" rel=\"tag\">Landbouw<\/a><span class=\"wp-block-post-terms__separator\"> <\/span><a href=\"https:\/\/www.greenpeace.org\/nl\/tag\/klimaatcrisis\/\" rel=\"tag\">Klimaatcrisis<\/a><span class=\"wp-block-post-terms__separator\"> <\/span><a href=\"https:\/\/www.greenpeace.org\/nl\/tag\/vlees\/\" rel=\"tag\">Vlees<\/a><\/div>\n                \n                <\/div>\n                \n        <h3 class=\"wp-block-post-title\"><a href=\"https:\/\/www.greenpeace.org\/nl\/algemeen\/74239\/brief-aan-minlvvn-in-reactie-op-klimaatgesprekken-invulling-klimaatopgave-landbouw\/\" target=\"_self\">Brief aan MinLVVN in reactie op klimaatgesprekken\/invulling klimaatopgave landbouw<\/a><\/h3>\n        <div class=\"wp-block-post-excerpt\"><p class=\"wp-block-post-excerpt__excerpt\">In reactie op de manier waarop invulling wordt gegeven aan het formuleren van de klimaatopgave voor de landbouw waaronder het voorstel om hier via een convenant invulling aan te geven, stuurden we op 16 april 2026, samen met de Caring Farmers en 9 andere organsiaties een kritische brief aan de Minister van Landbouw, Visserij, Voedselzekerheid&hellip; <\/p><\/div>\n        \n        <div class=\"wp-block-group posts-list-meta is-layout-flow wp-block-group-is-layout-flow\"><span class='article-list-item-author'><a href=\"https:\/\/www.greenpeace.org\/nl\/author\/hdvries\/\">Hilde Anna de Vries<\/a><\/span>\n        <div class=\"wp-block-post-date\"><time datetime=\"2026-04-16T23:00:00+02:00\">16 april 2026<\/time><\/div>\n        \n        <\/div>\n        <\/div>\n        <\/div>\n\n            <\/li><li class=\"wp-block-post post-72156 post type-post status-publish format-standard has-post-thumbnail hentry category-klimaat-categorie tag-brief tag-politiek tag-eerlijke-wereld tag-klimaat p4-page-type-publicaties\">\n            \n<div class=\"wp-block-columns is-layout-flex wp-container-core-columns-is-layout-9d6595d7 wp-block-columns-is-layout-flex\"><figure class=\"wp-block-post-featured-image\"><a href=\"https:\/\/www.greenpeace.org\/nl\/klimaat-categorie\/72156\/brief-aan-tweede-kamer-commissie-klimaat-en-groene-groei\/\" target=\"_self\"><img loading=\"lazy\" decoding=\"async\" width=\"1200\" height=\"800\" src=\"https:\/\/www.greenpeace.org\/static\/planet4-netherlands-stateless\/2025\/09\/efa805ed-gp0su6af9.jpg\" class=\"attachment-post-thumbnail size-post-thumbnail wp-post-image wp-stateless-item\" alt=\"Brief aan Tweede Kamer Commissie Klimaat en Groene Groei\" style=\"object-fit:cover;\" srcset=\"https:\/\/www.greenpeace.org\/static\/planet4-netherlands-stateless\/2025\/09\/efa805ed-gp0su6af9.jpg 1200w, https:\/\/www.greenpeace.org\/static\/planet4-netherlands-stateless\/2025\/09\/efa805ed-gp0su6af9-300x200.jpg 300w, https:\/\/www.greenpeace.org\/static\/planet4-netherlands-stateless\/2025\/09\/efa805ed-gp0su6af9-1024x683.jpg 1024w, https:\/\/www.greenpeace.org\/static\/planet4-netherlands-stateless\/2025\/09\/efa805ed-gp0su6af9-768x512.jpg 768w, https:\/\/www.greenpeace.org\/static\/planet4-netherlands-stateless\/2025\/09\/efa805ed-gp0su6af9-510x340.jpg 510w\" sizes=\"auto, (max-width: 1200px) 100vw, 1200px\" data-image-size=\"post-thumbnail\" data-stateless-media-bucket=\"planet4-netherlands-stateless\" data-stateless-media-name=\"2025\/09\/efa805ed-gp0su6af9.jpg\" \/><\/a><\/figure>\n\n        <div class=\"wp-block-group is-layout-flow wp-block-group-is-layout-flow\">\n                <div class=\"wp-block-group is-layout-flow wp-block-group-is-layout-flow\"><div class=\"wp-block-post-terms\"><a href=\"https:\/\/www.greenpeace.org\/nl\/category\/klimaat-categorie\/\">Klimaat<\/a><\/div>\n                <div class=\"taxonomy-post_tag wp-block-post-terms\"><a href=\"https:\/\/www.greenpeace.org\/nl\/tag\/brief\/\" rel=\"tag\">Brief<\/a><span class=\"wp-block-post-terms__separator\"> <\/span><a href=\"https:\/\/www.greenpeace.org\/nl\/tag\/politiek\/\" rel=\"tag\">Politiek<\/a><span class=\"wp-block-post-terms__separator\"> <\/span><a href=\"https:\/\/www.greenpeace.org\/nl\/tag\/eerlijke-wereld\/\" rel=\"tag\">Eerlijke wereld<\/a><span class=\"wp-block-post-terms__separator\"> <\/span><a href=\"https:\/\/www.greenpeace.org\/nl\/tag\/klimaat\/\" rel=\"tag\">Klimaat<\/a><\/div>\n                \n                <\/div>\n                \n        <h3 class=\"wp-block-post-title\"><a href=\"https:\/\/www.greenpeace.org\/nl\/klimaat-categorie\/72156\/brief-aan-tweede-kamer-commissie-klimaat-en-groene-groei\/\" target=\"_self\">Brief aan Tweede Kamer Commissie Klimaat en Groene Groei<\/a><\/h3>\n        <div class=\"wp-block-post-excerpt\"><p class=\"wp-block-post-excerpt__excerpt\">We stuurden een kritische brief aan de Tweede Kamer voor een debat op 3 september 2025 over klimaat en groene groei. <\/p><\/div>\n        \n        <div class=\"wp-block-group posts-list-meta is-layout-flow wp-block-group-is-layout-flow\"><span class='article-list-item-author'><a href=\"https:\/\/www.greenpeace.org\/nl\/author\/gpnetherlands\/\">Greenpeace Nederland<\/a><\/span>\n        <div class=\"wp-block-post-date\"><time datetime=\"2025-09-12T17:00:20+02:00\">12 september 2025<\/time><\/div>\n        \n        <\/div>\n        <\/div>\n        <\/div>\n\n            <\/li><li class=\"wp-block-post post-69358 post type-post status-publish format-standard has-post-thumbnail hentry category-klimaat-categorie tag-klimaat p4-page-type-publicaties\">\n            \n<div class=\"wp-block-columns is-layout-flex wp-container-core-columns-is-layout-9d6595d7 wp-block-columns-is-layout-flex\"><figure class=\"wp-block-post-featured-image\"><a href=\"https:\/\/www.greenpeace.org\/nl\/klimaat-categorie\/69358\/onderzoek-effect-klimaatpakket-minister-hermans-2\/\" target=\"_self\"><img loading=\"lazy\" decoding=\"async\" width=\"1200\" height=\"800\" src=\"https:\/\/www.greenpeace.org\/static\/planet4-netherlands-stateless\/2024\/11\/56996c8a-gp0su26md.jpg\" class=\"attachment-post-thumbnail size-post-thumbnail wp-post-image wp-stateless-item\" alt=\"Onderzoek: effect klimaatpakket minister Hermans\" style=\"object-fit:cover;\" srcset=\"https:\/\/www.greenpeace.org\/static\/planet4-netherlands-stateless\/2024\/11\/56996c8a-gp0su26md.jpg 1200w, https:\/\/www.greenpeace.org\/static\/planet4-netherlands-stateless\/2024\/11\/56996c8a-gp0su26md-300x200.jpg 300w, https:\/\/www.greenpeace.org\/static\/planet4-netherlands-stateless\/2024\/11\/56996c8a-gp0su26md-1024x683.jpg 1024w, https:\/\/www.greenpeace.org\/static\/planet4-netherlands-stateless\/2024\/11\/56996c8a-gp0su26md-768x512.jpg 768w, https:\/\/www.greenpeace.org\/static\/planet4-netherlands-stateless\/2024\/11\/56996c8a-gp0su26md-510x340.jpg 510w\" sizes=\"auto, (max-width: 1200px) 100vw, 1200px\" data-image-size=\"post-thumbnail\" data-stateless-media-bucket=\"planet4-netherlands-stateless\" data-stateless-media-name=\"2024\/11\/56996c8a-gp0su26md.jpg\" \/><\/a><\/figure>\n\n        <div class=\"wp-block-group is-layout-flow wp-block-group-is-layout-flow\">\n                <div class=\"wp-block-group is-layout-flow wp-block-group-is-layout-flow\"><div class=\"wp-block-post-terms\"><a href=\"https:\/\/www.greenpeace.org\/nl\/category\/klimaat-categorie\/\">Klimaat<\/a><\/div>\n                <div class=\"taxonomy-post_tag wp-block-post-terms\"><a href=\"https:\/\/www.greenpeace.org\/nl\/tag\/klimaat\/\" rel=\"tag\">Klimaat<\/a><\/div>\n                \n                <\/div>\n                \n        <h3 class=\"wp-block-post-title\"><a href=\"https:\/\/www.greenpeace.org\/nl\/klimaat-categorie\/69358\/onderzoek-effect-klimaatpakket-minister-hermans-2\/\" target=\"_self\">Onderzoek: effect klimaatpakket minister Hermans<\/a><\/h3>\n        <div class=\"wp-block-post-excerpt\"><p class=\"wp-block-post-excerpt__excerpt\">Het klimaatpakket van minister Hermans levert slechts een derde van de beloofde CO2 reductie op. Dat blijkt uit onderzoek van Kalavasta, in opdracht van Greenpeace Nederland en Milieudefensie. <\/p><\/div>\n        \n        <div class=\"wp-block-group posts-list-meta is-layout-flow wp-block-group-is-layout-flow\"><span class='article-list-item-author'><a href=\"https:\/\/www.greenpeace.org\/nl\/author\/gpnetherlands\/\">Greenpeace Nederland<\/a><\/span>\n        <div class=\"wp-block-post-date\"><time datetime=\"2025-06-03T00:01:00+02:00\">3 juni 2025<\/time><\/div>\n        \n        <\/div>\n        <\/div>\n        <\/div>\n\n            <\/li><\/ul>\n\n    \n<div class=\"wp-block-buttons carousel-controls is-horizontal is-content-justification-space-between is-nowrap is-layout-flex wp-container-core-buttons-is-layout-044bd602 wp-block-buttons-is-layout-flex\">\n            <div class=\"wp-block-button carousel-control-prev\"><button type=\"button\" class=\"wp-block-button__link wp-element-button\">Prev<\/button><\/div>\n        \n\n            <div class=\"wp-block-button carousel-control-next\"><button type=\"button\" class=\"wp-block-button__link wp-element-button\">Volgende<\/button><\/div>\n        <\/div>\n\n\n    <\/div>\n    \n\n\n<div style=\"height:51px\" aria-hidden=\"true\" class=\"wp-block-spacer\"><\/div>\n\n\n\n\n<div class=\"wp-block-group alignfull block has-beige-100-background-color has-background is-layout-flow wp-block-group-is-layout-flow\">\n<div class=\"wp-block-group container is-layout-flow wp-block-group-is-layout-flow\">\n<div style=\"height:24px\" aria-hidden=\"true\" class=\"wp-block-spacer\"><\/div>\n\n\n\n<h2 class=\"wp-block-heading has-text-align-center\" id=\"h-keep-learning-about\">Ontdek meer<\/h2>\n\n\n\n<div class=\"wp-block-columns is-layout-flex wp-container-core-columns-is-layout-9d6595d7 wp-block-columns-is-layout-flex\">\n<div class=\"wp-block-column is-layout-flow wp-block-column-is-layout-flow\">\n<div class=\"wp-block-group group-stretched-link is-layout-flow wp-block-group-is-layout-flow\">\n<figure class=\"wp-block-image aligncenter size-full is-resized force-no-lightbox force-no-caption is-style-rounded-180\"><img loading=\"lazy\" decoding=\"async\" width=\"1024\" height=\"512\" src=\"https:\/\/www.greenpeace.org\/static\/planet4-netherlands-stateless\/2024\/04\/a58597ef-tataheader2.jpg\" alt=\"\" class=\"wp-image-63221\" style=\"aspect-ratio:1;object-fit:cover;\" srcset=\"https:\/\/www.greenpeace.org\/static\/planet4-netherlands-stateless\/2024\/04\/a58597ef-tataheader2.jpg 1024w, https:\/\/www.greenpeace.org\/static\/planet4-netherlands-stateless\/2024\/04\/a58597ef-tataheader2-300x150.jpg 300w, https:\/\/www.greenpeace.org\/static\/planet4-netherlands-stateless\/2024\/04\/a58597ef-tataheader2-768x384.jpg 768w, https:\/\/www.greenpeace.org\/static\/planet4-netherlands-stateless\/2024\/04\/a58597ef-tataheader2-510x255.jpg 510w\" sizes=\"auto, (max-width: 1024px) 100vw, 1024px\" \/><\/figure>\n\n\n\n<h5 class=\"wp-block-heading has-text-align-center is-style-chevron\" id=\"h-grote-vervuilers\" style=\"font-size:1rem\"><a href=\"\/nl\/klimaat\/grote-vervuilers\/\">Grote vervuilers<\/a><\/h5>\n\n\n\n<div style=\"height:16px\" aria-hidden=\"true\" class=\"wp-block-spacer\"><\/div>\n<\/div>\n<\/div>\n\n\n\n<div class=\"wp-block-column is-layout-flow wp-block-column-is-layout-flow\">\n<div class=\"wp-block-group group-stretched-link is-layout-flow wp-block-group-is-layout-flow\">\n<figure class=\"wp-block-image aligncenter size-full is-resized force-no-lightbox force-no-caption is-style-rounded-180\"><img loading=\"lazy\" decoding=\"async\" width=\"458\" height=\"400\" src=\"https:\/\/www.greenpeace.org\/static\/planet4-netherlands-stateless\/2018\/06\/amsterdam-zonnepanelen.jpg\" alt=\"\" class=\"wp-image-1982\" style=\"\" srcset=\"https:\/\/www.greenpeace.org\/static\/planet4-netherlands-stateless\/2018\/06\/amsterdam-zonnepanelen.jpg 458w, https:\/\/www.greenpeace.org\/static\/planet4-netherlands-stateless\/2018\/06\/amsterdam-zonnepanelen-300x262.jpg 300w, https:\/\/www.greenpeace.org\/static\/planet4-netherlands-stateless\/2018\/06\/amsterdam-zonnepanelen-389x340.jpg 389w\" sizes=\"auto, (max-width: 458px) 100vw, 458px\" \/><\/figure>\n\n\n\n<h5 class=\"wp-block-heading has-text-align-center is-style-chevron\" id=\"h-groene-stroom\" style=\"font-size:1rem\"><a href=\"\/nl\/klimaat\/groene-stroom\">Groene stroom<\/a><\/h5>\n\n\n\n<div style=\"height:16px\" aria-hidden=\"true\" class=\"wp-block-spacer\"><\/div>\n<\/div>\n<\/div>\n\n\n\n<div class=\"wp-block-column is-layout-flow wp-block-column-is-layout-flow\">\n<div class=\"wp-block-group group-stretched-link is-layout-flow wp-block-group-is-layout-flow\">\n<figure class=\"wp-block-image aligncenter size-large is-resized force-no-lightbox force-no-caption is-style-rounded-180\"><img loading=\"lazy\" decoding=\"async\" width=\"1024\" height=\"724\" src=\"https:\/\/www.greenpeace.org\/static\/planet4-netherlands-stateless\/2024\/02\/e1fe0218-gp0stvxra_medium_res_with_credit_line-1024x724.jpg\" title=\"Mensen kijken door het hek van het terrein van de staalfabriek van Tata Steel.\" alt=\"Mensen kijken door het hek van het terrein van de staalfabriek van Tata Steel.\" class=\"wp-image-62248\" style=\"\" srcset=\"https:\/\/www.greenpeace.org\/static\/planet4-netherlands-stateless\/2024\/02\/e1fe0218-gp0stvxra_medium_res_with_credit_line-1024x724.jpg 1024w, https:\/\/www.greenpeace.org\/static\/planet4-netherlands-stateless\/2024\/02\/e1fe0218-gp0stvxra_medium_res_with_credit_line-300x212.jpg 300w, https:\/\/www.greenpeace.org\/static\/planet4-netherlands-stateless\/2024\/02\/e1fe0218-gp0stvxra_medium_res_with_credit_line-768x543.jpg 768w, https:\/\/www.greenpeace.org\/static\/planet4-netherlands-stateless\/2024\/02\/e1fe0218-gp0stvxra_medium_res_with_credit_line-481x340.jpg 481w, https:\/\/www.greenpeace.org\/static\/planet4-netherlands-stateless\/2024\/02\/e1fe0218-gp0stvxra_medium_res_with_credit_line.jpg 1200w\" sizes=\"auto, (max-width: 1024px) 100vw, 1024px\" \/><figcaption><div class=\"credit icon-left\"> \u00a9 Marten van Dijl \/ Greenpeace<\/div><\/figcaption><\/figure>\n\n\n\n<h5 class=\"wp-block-heading has-text-align-center is-style-chevron\" id=\"h-tata-steel\" style=\"font-size:1rem\"><a href=\"\/nl\/klimaat\/tata-steel\">Tata steel<\/a><\/h5>\n\n\n\n<div style=\"height:16px\" aria-hidden=\"true\" class=\"wp-block-spacer\"><\/div>\n<\/div>\n<\/div>\n\n\n\n<div class=\"wp-block-column is-layout-flow wp-block-column-is-layout-flow\">\n<div class=\"wp-block-group group-stretched-link is-layout-flow wp-block-group-is-layout-flow\">\n<figure class=\"wp-block-image aligncenter size-large is-resized force-no-lightbox force-no-caption is-style-rounded-180\"><img loading=\"lazy\" decoding=\"async\" width=\"1024\" height=\"701\" src=\"https:\/\/www.greenpeace.org\/static\/planet4-netherlands-stateless\/2022\/06\/3e430a75-luchtvaart-groen-trucs-1024x701.jpg\" alt=\"\" class=\"wp-image-52567\" style=\"\" srcset=\"https:\/\/www.greenpeace.org\/static\/planet4-netherlands-stateless\/2022\/06\/3e430a75-luchtvaart-groen-trucs-1024x701.jpg 1024w, https:\/\/www.greenpeace.org\/static\/planet4-netherlands-stateless\/2022\/06\/3e430a75-luchtvaart-groen-trucs-300x205.jpg 300w, https:\/\/www.greenpeace.org\/static\/planet4-netherlands-stateless\/2022\/06\/3e430a75-luchtvaart-groen-trucs-768x526.jpg 768w, https:\/\/www.greenpeace.org\/static\/planet4-netherlands-stateless\/2022\/06\/3e430a75-luchtvaart-groen-trucs-1536x1051.jpg 1536w, https:\/\/www.greenpeace.org\/static\/planet4-netherlands-stateless\/2022\/06\/3e430a75-luchtvaart-groen-trucs-2048x1402.jpg 2048w, https:\/\/www.greenpeace.org\/static\/planet4-netherlands-stateless\/2022\/06\/3e430a75-luchtvaart-groen-trucs-1996x1366.jpg 1996w, https:\/\/www.greenpeace.org\/static\/planet4-netherlands-stateless\/2022\/06\/3e430a75-luchtvaart-groen-trucs-497x340.jpg 497w\" sizes=\"auto, (max-width: 1024px) 100vw, 1024px\" \/><figcaption class=\"wp-element-caption\">A KLM airplane taking off at Schiphol Airport.\r\nOpstijgende vliegtuigen bij Schiphol Airport.<\/figcaption><\/figure>\n\n\n\n<h5 class=\"wp-block-heading has-text-align-center is-style-chevron\" id=\"h-luchtvaart\" style=\"font-size:1rem\"><a href=\"\/nl\/klimaat\/luchtvaart\">Luchtvaart<\/a><\/h5>\n\n\n\n<div style=\"height:16px\" aria-hidden=\"true\" class=\"wp-block-spacer\"><\/div>\n<\/div>\n<\/div>\n\n\n\n<div class=\"wp-block-column is-layout-flow wp-block-column-is-layout-flow\">\n<div class=\"wp-block-group group-stretched-link is-layout-flow wp-block-group-is-layout-flow\">\n<figure class=\"wp-block-image aligncenter size-large is-resized force-no-lightbox force-no-caption is-style-rounded-180\"><img loading=\"lazy\" decoding=\"async\" width=\"1024\" height=\"683\" src=\"https:\/\/www.greenpeace.org\/static\/planet4-netherlands-stateless\/2023\/07\/870a2c3c-gp1szphr_web_size_with_credit_line-1024x683.jpg\" alt=\"\" class=\"wp-image-59687\" style=\"\" srcset=\"https:\/\/www.greenpeace.org\/static\/planet4-netherlands-stateless\/2023\/07\/870a2c3c-gp1szphr_web_size_with_credit_line-1024x683.jpg 1024w, https:\/\/www.greenpeace.org\/static\/planet4-netherlands-stateless\/2023\/07\/870a2c3c-gp1szphr_web_size_with_credit_line-300x200.jpg 300w, https:\/\/www.greenpeace.org\/static\/planet4-netherlands-stateless\/2023\/07\/870a2c3c-gp1szphr_web_size_with_credit_line-768x512.jpg 768w, https:\/\/www.greenpeace.org\/static\/planet4-netherlands-stateless\/2023\/07\/870a2c3c-gp1szphr_web_size_with_credit_line-510x340.jpg 510w, https:\/\/www.greenpeace.org\/static\/planet4-netherlands-stateless\/2023\/07\/870a2c3c-gp1szphr_web_size_with_credit_line.jpg 1200w\" sizes=\"auto, (max-width: 1024px) 100vw, 1024px\" \/><figcaption class=\"wp-element-caption\">Overflight images in Porto Velho, in the Amacro region (Amazonas, Acre and Rond\u00f4nia states), in an area of around 8,000 hectares of deforestation &#8211; the largest in 2022 &#8211; that has been burning for days.\r\nSobrevoo em Porto Velho, na regi\u00e3o da Amacro (Amazonas, Acre e Rond\u00f4nia), em uma \u00e1rea com cerca de 8.000 hectares de desmatamento &#8211; a maior em 2022 &#8211; que est\u00e1 queimando h\u00e1 dias.<\/figcaption><\/figure>\n\n\n\n<h5 class=\"wp-block-heading has-text-align-center is-style-chevron\" id=\"h-extreem-weer\" style=\"font-size:1rem\"><a href=\"\/nl\/klimaat\/extreem-weer\">Extreem weer<\/a><\/h5>\n\n\n\n<div style=\"height:16px\" aria-hidden=\"true\" class=\"wp-block-spacer\"><\/div>\n<\/div>\n<\/div>\n\n\n\n<div class=\"wp-block-column is-layout-flow wp-block-column-is-layout-flow\">\n<div class=\"wp-block-group group-stretched-link is-layout-flow wp-block-group-is-layout-flow\">\n<figure class=\"wp-block-image aligncenter size-large is-resized force-no-lightbox force-no-caption is-style-rounded-180\"><img loading=\"lazy\" decoding=\"async\" width=\"1024\" height=\"678\" src=\"https:\/\/www.greenpeace.org\/static\/planet4-netherlands-stateless\/2022\/04\/a513df08-zonne-en-windenergie-zijn-de-toekomst-1024x678.jpg\" alt=\"\" class=\"wp-image-51383\" style=\"\" srcset=\"https:\/\/www.greenpeace.org\/static\/planet4-netherlands-stateless\/2022\/04\/a513df08-zonne-en-windenergie-zijn-de-toekomst-1024x678.jpg 1024w, https:\/\/www.greenpeace.org\/static\/planet4-netherlands-stateless\/2022\/04\/a513df08-zonne-en-windenergie-zijn-de-toekomst-300x199.jpg 300w, https:\/\/www.greenpeace.org\/static\/planet4-netherlands-stateless\/2022\/04\/a513df08-zonne-en-windenergie-zijn-de-toekomst-768x509.jpg 768w, https:\/\/www.greenpeace.org\/static\/planet4-netherlands-stateless\/2022\/04\/a513df08-zonne-en-windenergie-zijn-de-toekomst-510x338.jpg 510w, https:\/\/www.greenpeace.org\/static\/planet4-netherlands-stateless\/2022\/04\/a513df08-zonne-en-windenergie-zijn-de-toekomst.jpg 1200w\" sizes=\"auto, (max-width: 1024px) 100vw, 1024px\" \/><\/figure>\n\n\n\n<h5 class=\"wp-block-heading has-text-align-center is-style-chevron\" id=\"h-kernenergie\" style=\"font-size:1rem\"><a href=\"\/nl\/klimaat\/energie-transitie\">Energietransitie<\/a><\/h5>\n\n\n\n<div style=\"height:16px\" aria-hidden=\"true\" class=\"wp-block-spacer\"><\/div>\n<\/div>\n<\/div>\n\n\n\n<div class=\"wp-block-column is-layout-flow wp-block-column-is-layout-flow\">\n<div class=\"wp-block-group group-stretched-link is-layout-flow wp-block-group-is-layout-flow\">\n<figure class=\"wp-block-image aligncenter size-full is-resized force-no-lightbox force-no-caption is-style-rounded-180\"><img loading=\"lazy\" decoding=\"async\" width=\"800\" height=\"533\" src=\"https:\/\/www.greenpeace.org\/static\/planet4-netherlands-stateless\/2024\/04\/406a1d8a-gp0stz6f9_low_res.jpg\" alt=\"\" class=\"wp-image-63055\" style=\"\" srcset=\"https:\/\/www.greenpeace.org\/static\/planet4-netherlands-stateless\/2024\/04\/406a1d8a-gp0stz6f9_low_res.jpg 800w, https:\/\/www.greenpeace.org\/static\/planet4-netherlands-stateless\/2024\/04\/406a1d8a-gp0stz6f9_low_res-300x200.jpg 300w, https:\/\/www.greenpeace.org\/static\/planet4-netherlands-stateless\/2024\/04\/406a1d8a-gp0stz6f9_low_res-768x512.jpg 768w, https:\/\/www.greenpeace.org\/static\/planet4-netherlands-stateless\/2024\/04\/406a1d8a-gp0stz6f9_low_res-510x340.jpg 510w\" sizes=\"auto, (max-width: 800px) 100vw, 800px\" \/><figcaption class=\"wp-element-caption\">Eight people from Bonaire, together with Greenpeace Netherlands, are suing the Dutch State. Bonaire is one of the Dutch municipalities hit hardest by climate change. They argue that their human rights are being violated because the State is doing far too little to protect the inhabitants of the special Dutch municipality from the effects of climate change.\r\nAcht mensen van Bonaire klagen samen met Greenpeace Nederland de Nederlandse Staat aan. Bonaire is een van de Nederlandse gemeenten die het hardst geraakt wordt door klimaatverandering.\r\nZe betogen dat hun mensenrechten geschonden worden, omdat de Staat veel te weinig doet om de inwoners van de bijzondere Nederlandse gemeente te beschermen tegen de gevolgen van\r\nklimaatverandering.<\/figcaption><\/figure>\n\n\n\n<h5 class=\"wp-block-heading has-text-align-center is-style-chevron\" id=\"h-klimaatverandering\" style=\"font-size:1rem\"><a href=\"\/nl\/klimaat\/klimaatverandering\">Klimaatverandering<\/a><\/h5>\n\n\n\n<div style=\"height:16px\" aria-hidden=\"true\" class=\"wp-block-spacer\"><\/div>\n<\/div>\n<\/div>\n<\/div>\n<\/div>\n<\/div>\n\n\n\n\n\n<div class=\"wp-block-group alignfull block has-white-background-color has-background is-layout-flow wp-block-group-is-layout-flow\">\n<div class=\"wp-block-group container is-layout-flow wp-block-group-is-layout-flow\">\n<div style=\"height:24px\" aria-hidden=\"true\" class=\"wp-block-spacer\"><\/div>\n\n\n\n<div class=\"wp-block-group alignfull has-beige-100-background-color has-background is-layout-flow wp-block-group-is-layout-flow\" style=\"padding-top:39px;padding-right:0;padding-bottom:39px;padding-left:0\">\n<div class=\"wp-block-group container is-layout-flow wp-block-group-is-layout-flow\">\n<div class=\"wp-block-columns is-layout-flex wp-container-core-columns-is-layout-9d6595d7 wp-block-columns-is-layout-flex\">\n<div class=\"wp-block-column is-layout-flow wp-block-column-is-layout-flow\">\n<h2 class=\"wp-block-heading\" id=\"h-doe-mee\" style=\"font-size:40px\">Blijf op de hoogte <\/h2>\n\n\n\n<p>Meld je net als bijna 500.000 anderen aan voor de<strong> Greenpeace nieuwsbrief <\/strong>en blijf op de hoogte van onze acties en campagnes en hoe je daaraan kan bijdragen.<\/p>\n\n\n\n<div style=\"height:19px\" aria-hidden=\"true\" class=\"wp-block-spacer\"><\/div>\n\n\n\n<div class=\"wp-block-buttons is-vertical is-content-justification-center is-nowrap is-layout-flex wp-container-core-buttons-is-layout-3f8e0a96 wp-block-buttons-is-layout-flex\">\n<div class=\"wp-block-button\"><a class=\"wp-block-button__link wp-element-button\" href=\"http:\/\/doemee.greenpeace.nl\/nieuwsbrief\/\" target=\"_blank\" rel=\"noopener\">Schrijf je in<\/a><\/div>\n<\/div>\n<\/div>\n\n\n\n<div class=\"wp-block-column is-layout-flow wp-block-column-is-layout-flow\">\n<p><\/p>\n\n\n\n<figure class=\"wp-block-image aligncenter size-thumbnail is-resized\"><img loading=\"lazy\" decoding=\"async\" width=\"150\" height=\"150\" src=\"https:\/\/www.greenpeace.org\/static\/planet4-netherlands-stateless\/2024\/06\/c581535e-47a9-47b2-89a9-61bcb352e7c7-150x150.png\" alt=\"\" class=\"wp-image-63608\" style=\"width:166px;height:auto\" srcset=\"https:\/\/www.greenpeace.org\/static\/planet4-netherlands-stateless\/2024\/06\/c581535e-47a9-47b2-89a9-61bcb352e7c7-150x150.png 150w, https:\/\/www.greenpeace.org\/static\/planet4-netherlands-stateless\/2024\/06\/c581535e-47a9-47b2-89a9-61bcb352e7c7-300x300.png 300w, https:\/\/www.greenpeace.org\/static\/planet4-netherlands-stateless\/2024\/06\/c581535e-47a9-47b2-89a9-61bcb352e7c7-340x340.png 340w, https:\/\/www.greenpeace.org\/static\/planet4-netherlands-stateless\/2024\/06\/c581535e-47a9-47b2-89a9-61bcb352e7c7.png 512w\" sizes=\"auto, (max-width: 150px) 100vw, 150px\" \/><\/figure>\n<\/div>\n<\/div>\n<\/div>\n<\/div>\n\n\n\n<div style=\"height:36px\" aria-hidden=\"true\" class=\"wp-block-spacer\"><\/div>\n\n\n\n<h4 class=\"wp-block-heading\" id=\"h-explore-other-topics\">Ontdek andere thema&#8217;s<\/h4>\n\n\n\n<div class=\"wp-block-columns is-not-stacked-on-mobile is-style-mobile-carousel is-layout-flex wp-container-core-columns-is-layout-9d6595d7 wp-block-columns-is-layout-flex\">\n<div class=\"wp-block-column is-layout-flow wp-block-column-is-layout-flow\">\n<div class=\"wp-block-group group-stretched-link is-layout-flow wp-block-group-is-layout-flow\">\n<figure class=\"wp-block-image aligncenter size-full is-resized is-style-rounded-90 force-no-lightbox force-no-caption mb-0\"><img loading=\"lazy\" decoding=\"async\" width=\"512\" height=\"512\" src=\"https:\/\/www.greenpeace.org\/static\/planet4-netherlands-stateless\/2024\/06\/859b05fa-15b4-4f42-97fb-bebd37223861.png\" alt=\"\" class=\"wp-image-63627\" style=\"\" srcset=\"https:\/\/www.greenpeace.org\/static\/planet4-netherlands-stateless\/2024\/06\/859b05fa-15b4-4f42-97fb-bebd37223861.png 512w, https:\/\/www.greenpeace.org\/static\/planet4-netherlands-stateless\/2024\/06\/859b05fa-15b4-4f42-97fb-bebd37223861-300x300.png 300w, https:\/\/www.greenpeace.org\/static\/planet4-netherlands-stateless\/2024\/06\/859b05fa-15b4-4f42-97fb-bebd37223861-150x150.png 150w, https:\/\/www.greenpeace.org\/static\/planet4-netherlands-stateless\/2024\/06\/859b05fa-15b4-4f42-97fb-bebd37223861-340x340.png 340w\" sizes=\"auto, (max-width: 512px) 100vw, 512px\" \/><\/figure>\n\n\n\n<div style=\"height:16px\" aria-hidden=\"true\" class=\"wp-block-spacer\"><\/div>\n\n\n\n<h5 class=\"wp-block-heading has-text-align-center\" id=\"h-klimaat\" style=\"font-size:1rem\"><a href=\"\/nl\/klimaat\/\">Klimaat<\/a><\/h5>\n<\/div>\n<\/div>\n\n\n\n<div class=\"wp-block-column is-layout-flow wp-block-column-is-layout-flow\">\n<div class=\"wp-block-group group-stretched-link is-layout-flow wp-block-group-is-layout-flow\">\n<figure class=\"wp-block-image aligncenter size-full is-resized is-style-rounded-90 force-no-lightbox force-no-caption mb-0\"><img loading=\"lazy\" decoding=\"async\" width=\"512\" height=\"512\" src=\"https:\/\/www.greenpeace.org\/static\/planet4-netherlands-stateless\/2024\/06\/077f936d-onze-missie.png\" alt=\"\" class=\"wp-image-63603\" style=\"\" srcset=\"https:\/\/www.greenpeace.org\/static\/planet4-netherlands-stateless\/2024\/06\/077f936d-onze-missie.png 512w, https:\/\/www.greenpeace.org\/static\/planet4-netherlands-stateless\/2024\/06\/077f936d-onze-missie-300x300.png 300w, https:\/\/www.greenpeace.org\/static\/planet4-netherlands-stateless\/2024\/06\/077f936d-onze-missie-150x150.png 150w, https:\/\/www.greenpeace.org\/static\/planet4-netherlands-stateless\/2024\/06\/077f936d-onze-missie-340x340.png 340w\" sizes=\"auto, (max-width: 512px) 100vw, 512px\" \/><\/figure>\n\n\n\n<div style=\"height:16px\" aria-hidden=\"true\" class=\"wp-block-spacer\"><\/div>\n\n\n\n<h5 class=\"wp-block-heading has-text-align-center\" id=\"h-eerlijke-wereld\" style=\"font-size:1rem\"><a href=\"\/nl\/eerlijke-wereld\">Eerlijke wereld<\/a><\/h5>\n<\/div>\n<\/div>\n\n\n\n<div class=\"wp-block-column is-layout-flow wp-block-column-is-layout-flow\">\n<div class=\"wp-block-group group-stretched-link is-layout-flow wp-block-group-is-layout-flow\">\n<figure class=\"wp-block-image aligncenter size-full is-resized is-style-rounded-90 force-no-lightbox force-no-caption mb-0\"><img loading=\"lazy\" decoding=\"async\" width=\"512\" height=\"512\" src=\"https:\/\/www.greenpeace.org\/static\/planet4-netherlands-stateless\/2024\/06\/5f76b493-7aa5-443d-b485-53fc13a5d218.png\" alt=\"\" class=\"wp-image-63628\" style=\"\" srcset=\"https:\/\/www.greenpeace.org\/static\/planet4-netherlands-stateless\/2024\/06\/5f76b493-7aa5-443d-b485-53fc13a5d218.png 512w, https:\/\/www.greenpeace.org\/static\/planet4-netherlands-stateless\/2024\/06\/5f76b493-7aa5-443d-b485-53fc13a5d218-300x300.png 300w, https:\/\/www.greenpeace.org\/static\/planet4-netherlands-stateless\/2024\/06\/5f76b493-7aa5-443d-b485-53fc13a5d218-150x150.png 150w, https:\/\/www.greenpeace.org\/static\/planet4-netherlands-stateless\/2024\/06\/5f76b493-7aa5-443d-b485-53fc13a5d218-340x340.png 340w\" sizes=\"auto, (max-width: 512px) 100vw, 512px\" \/><\/figure>\n\n\n\n<div style=\"height:16px\" aria-hidden=\"true\" class=\"wp-block-spacer\"><\/div>\n\n\n\n<h5 class=\"wp-block-heading has-text-align-center\" id=\"h-oceanen\" style=\"font-size:1rem\"><a href=\"\/nl\/oceanen\">Oceanen<\/a><\/h5>\n<\/div>\n<\/div>\n\n\n\n<div class=\"wp-block-column is-layout-flow wp-block-column-is-layout-flow\">\n<div class=\"wp-block-group group-stretched-link is-layout-flow wp-block-group-is-layout-flow\">\n<figure class=\"wp-block-image aligncenter size-full is-resized is-style-rounded-90 force-no-lightbox force-no-caption mb-0\"><img loading=\"lazy\" decoding=\"async\" width=\"512\" height=\"512\" src=\"https:\/\/www.greenpeace.org\/static\/planet4-netherlands-stateless\/2024\/06\/421b1474-5b75-4813-a874-3fa58cc0b408.png\" alt=\"\" class=\"wp-image-63629\" style=\"\" srcset=\"https:\/\/www.greenpeace.org\/static\/planet4-netherlands-stateless\/2024\/06\/421b1474-5b75-4813-a874-3fa58cc0b408.png 512w, https:\/\/www.greenpeace.org\/static\/planet4-netherlands-stateless\/2024\/06\/421b1474-5b75-4813-a874-3fa58cc0b408-300x300.png 300w, https:\/\/www.greenpeace.org\/static\/planet4-netherlands-stateless\/2024\/06\/421b1474-5b75-4813-a874-3fa58cc0b408-150x150.png 150w, https:\/\/www.greenpeace.org\/static\/planet4-netherlands-stateless\/2024\/06\/421b1474-5b75-4813-a874-3fa58cc0b408-340x340.png 340w\" sizes=\"auto, (max-width: 512px) 100vw, 512px\" \/><\/figure>\n\n\n\n<div style=\"height:16px\" aria-hidden=\"true\" class=\"wp-block-spacer\"><\/div>\n\n\n\n<h5 class=\"wp-block-heading has-text-align-center\" id=\"h-plastic\" style=\"font-size:1rem\"><a href=\"\/nl\/plastic\">Plastic<\/a><\/h5>\n<\/div>\n<\/div>\n\n\n\n<div class=\"wp-block-column is-layout-flow wp-block-column-is-layout-flow\">\n<div class=\"wp-block-group group-stretched-link is-layout-flow wp-block-group-is-layout-flow\">\n<figure class=\"wp-block-image aligncenter size-full is-resized is-style-rounded-90 force-no-lightbox force-no-caption mb-0\"><img loading=\"lazy\" decoding=\"async\" width=\"512\" height=\"512\" src=\"https:\/\/www.greenpeace.org\/static\/planet4-netherlands-stateless\/2024\/06\/7cec020c-d200-40ae-8b50-6dabfa14251d.png\" alt=\"\" class=\"wp-image-63630\" style=\"\" srcset=\"https:\/\/www.greenpeace.org\/static\/planet4-netherlands-stateless\/2024\/06\/7cec020c-d200-40ae-8b50-6dabfa14251d.png 512w, https:\/\/www.greenpeace.org\/static\/planet4-netherlands-stateless\/2024\/06\/7cec020c-d200-40ae-8b50-6dabfa14251d-300x300.png 300w, https:\/\/www.greenpeace.org\/static\/planet4-netherlands-stateless\/2024\/06\/7cec020c-d200-40ae-8b50-6dabfa14251d-150x150.png 150w, https:\/\/www.greenpeace.org\/static\/planet4-netherlands-stateless\/2024\/06\/7cec020c-d200-40ae-8b50-6dabfa14251d-340x340.png 340w\" sizes=\"auto, (max-width: 512px) 100vw, 512px\" \/><\/figure>\n\n\n\n<div style=\"height:16px\" aria-hidden=\"true\" class=\"wp-block-spacer\"><\/div>\n\n\n\n<h5 class=\"wp-block-heading has-text-align-center\" id=\"h-bossen\" style=\"font-size:1rem\"><a href=\"\/nl\/bossen\">Bossen<\/a><\/h5>\n<\/div>\n<\/div>\n\n\n\n<div class=\"wp-block-column is-layout-flow wp-block-column-is-layout-flow\">\n<div class=\"wp-block-group group-stretched-link is-layout-flow wp-block-group-is-layout-flow\">\n<figure class=\"wp-block-image aligncenter size-full is-resized is-style-rounded-90 force-no-lightbox force-no-caption mb-0\"><img loading=\"lazy\" decoding=\"async\" width=\"512\" height=\"512\" src=\"https:\/\/www.greenpeace.org\/static\/planet4-netherlands-stateless\/2024\/06\/ef913d22-c270-4e46-bbff-8b587b2278c5.png\" alt=\"\" class=\"wp-image-63631\" style=\"\" srcset=\"https:\/\/www.greenpeace.org\/static\/planet4-netherlands-stateless\/2024\/06\/ef913d22-c270-4e46-bbff-8b587b2278c5.png 512w, https:\/\/www.greenpeace.org\/static\/planet4-netherlands-stateless\/2024\/06\/ef913d22-c270-4e46-bbff-8b587b2278c5-300x300.png 300w, https:\/\/www.greenpeace.org\/static\/planet4-netherlands-stateless\/2024\/06\/ef913d22-c270-4e46-bbff-8b587b2278c5-150x150.png 150w, https:\/\/www.greenpeace.org\/static\/planet4-netherlands-stateless\/2024\/06\/ef913d22-c270-4e46-bbff-8b587b2278c5-340x340.png 340w\" sizes=\"auto, (max-width: 512px) 100vw, 512px\" \/><\/figure>\n\n\n\n<div style=\"height:16px\" aria-hidden=\"true\" class=\"wp-block-spacer\"><\/div>\n\n\n\n<h5 class=\"wp-block-heading has-text-align-center\" id=\"h-voedsel\" style=\"font-size:1rem\"><a href=\"\/nl\/voedsel\">Voedsel<\/a><\/h5>\n<\/div>\n<\/div>\n\n\n\n<div class=\"wp-block-column is-layout-flow wp-block-column-is-layout-flow\">\n<div class=\"wp-block-group group-stretched-link is-layout-flow wp-block-group-is-layout-flow\">\n<figure class=\"wp-block-image aligncenter size-full is-resized is-style-rounded-90 force-no-lightbox force-no-caption mb-0\"><img loading=\"lazy\" decoding=\"async\" width=\"512\" height=\"512\" src=\"https:\/\/www.greenpeace.org\/static\/planet4-netherlands-stateless\/2024\/06\/b477bc82-fba5-40eb-8f02-213f92c43052.png\" alt=\"\" class=\"wp-image-63632\" style=\"\" srcset=\"https:\/\/www.greenpeace.org\/static\/planet4-netherlands-stateless\/2024\/06\/b477bc82-fba5-40eb-8f02-213f92c43052.png 512w, https:\/\/www.greenpeace.org\/static\/planet4-netherlands-stateless\/2024\/06\/b477bc82-fba5-40eb-8f02-213f92c43052-300x300.png 300w, https:\/\/www.greenpeace.org\/static\/planet4-netherlands-stateless\/2024\/06\/b477bc82-fba5-40eb-8f02-213f92c43052-150x150.png 150w, https:\/\/www.greenpeace.org\/static\/planet4-netherlands-stateless\/2024\/06\/b477bc82-fba5-40eb-8f02-213f92c43052-340x340.png 340w\" sizes=\"auto, (max-width: 512px) 100vw, 512px\" \/><\/figure>\n\n\n\n<div style=\"height:16px\" aria-hidden=\"true\" class=\"wp-block-spacer\"><\/div>\n\n\n\n<h5 class=\"wp-block-heading has-text-align-center\" id=\"h-dieren\" style=\"font-size:1rem\"><a href=\"\/nl\/dieren\">Dieren<\/a><\/h5>\n<\/div>\n<\/div>\n<\/div>\n<\/div>\n<\/div>\n\n<\/div>\n\n","protected":false},"excerpt":{"rendered":"<p>Kernenergie levert problemen op, bijvoorbeeld voor toekomstige generaties. Er is een energietransitie nodig in de klimaatcrisis. Maar kernenergie is niet de oplossing, want kernenergie heeft grote nadelen.<\/p>\n","protected":false},"author":20,"featured_media":53310,"parent":63665,"menu_order":0,"comment_status":"closed","ping_status":"closed","template":"","meta":{"ep_exclude_from_search":false,"p4_hide_page_title_checkbox":"on","p4_title":"","p4_subtitle":"","p4_description":"","background_image_id":"","background_image":"","p4_button_title":"","p4_button_link":"","p4_button_link_checkbox":"","p4_og_title":"","p4_og_description":"","p4_og_image":"","p4_og_image_id":"","p4_seo_canonical_url":"","p4_campaign_name":"","p4_local_project":"","p4_basket_name":"","p4_department":"","footnotes":""},"categories":[129],"tags":[],"class_list":["post-63854","page","type-page","status-publish","has-post-thumbnail","hentry","category-klimaat-categorie"],"_links":{"self":[{"href":"https:\/\/www.greenpeace.org\/nl\/wp-json\/wp\/v2\/pages\/63854","targetHints":{"allow":["GET"]}}],"collection":[{"href":"https:\/\/www.greenpeace.org\/nl\/wp-json\/wp\/v2\/pages"}],"about":[{"href":"https:\/\/www.greenpeace.org\/nl\/wp-json\/wp\/v2\/types\/page"}],"author":[{"embeddable":true,"href":"https:\/\/www.greenpeace.org\/nl\/wp-json\/wp\/v2\/users\/20"}],"replies":[{"embeddable":true,"href":"https:\/\/www.greenpeace.org\/nl\/wp-json\/wp\/v2\/comments?post=63854"}],"version-history":[{"count":19,"href":"https:\/\/www.greenpeace.org\/nl\/wp-json\/wp\/v2\/pages\/63854\/revisions"}],"predecessor-version":[{"id":74071,"href":"https:\/\/www.greenpeace.org\/nl\/wp-json\/wp\/v2\/pages\/63854\/revisions\/74071"}],"up":[{"embeddable":true,"href":"https:\/\/www.greenpeace.org\/nl\/wp-json\/wp\/v2\/pages\/63665"}],"wp:featuredmedia":[{"embeddable":true,"href":"https:\/\/www.greenpeace.org\/nl\/wp-json\/wp\/v2\/media\/53310"}],"wp:attachment":[{"href":"https:\/\/www.greenpeace.org\/nl\/wp-json\/wp\/v2\/media?parent=63854"}],"wp:term":[{"taxonomy":"category","embeddable":true,"href":"https:\/\/www.greenpeace.org\/nl\/wp-json\/wp\/v2\/categories?post=63854"},{"taxonomy":"post_tag","embeddable":true,"href":"https:\/\/www.greenpeace.org\/nl\/wp-json\/wp\/v2\/tags?post=63854"}],"curies":[{"name":"wp","href":"https:\/\/api.w.org\/{rel}","templated":true}]}}