{"id":63869,"date":"2024-06-27T13:51:04","date_gmt":"2024-06-27T11:51:04","guid":{"rendered":"https:\/\/www-dev.greenpeace.org\/nl\/?page_id=63869"},"modified":"2026-04-08T10:58:36","modified_gmt":"2026-04-08T08:58:36","slug":"systeemverandering","status":"publish","type":"page","link":"https:\/\/www.greenpeace.org\/nl\/eerlijke-wereld\/systeemverandering\/","title":{"rendered":"Systeemverandering"},"content":{"rendered":"\n\n<div class=\"wp-block-group is-layout-flow wp-block-group-is-layout-flow\">\n\n<div class=\"wp-block-group alignfull is-layout-flow wp-block-group-is-layout-flow\">\n<div class=\"wp-block-group container is-layout-flow wp-block-group-is-layout-flow\">\n<div class=\"wp-block-media-text alignfull has-media-on-the-right is-stacked-on-mobile is-pattern-p4-page-header is-style-parallax\"><div class=\"wp-block-media-text__content\">\n<div class=\"wp-block-group is-layout-flow wp-block-group-is-layout-flow\">\n<h1 class=\"wp-block-heading has-white-background-color has-background\" id=\"h-systeemverandering\">Systeemverandering<\/h1>\n<\/div>\n\n\n\n<p style=\"font-size:1.25rem\">Wij willen een systeem dat ons allemaal ten goede komt. Een wereld waarin we niet kiezen voor winst en welvaart voor enkelen, maar voor welzijn &#8211; dat van ons en de natuur<\/p>\n\n\n\n<div class=\"wp-block-buttons is-layout-flex wp-block-buttons-is-layout-flex\">\n<div class=\"wp-block-button is-style-cta\"><a class=\"wp-block-button__link wp-element-button\" href=\"\/nl\/kom-in-actie\">Help mee<\/a><\/div>\n<\/div>\n<\/div><figure class=\"wp-block-media-text__media\"><img loading=\"lazy\" decoding=\"async\" width=\"1024\" height=\"686\" src=\"https:\/\/www.greenpeace.org\/static\/planet4-netherlands-stateless\/2021\/08\/c1192ff5-easybeingreen-1024x686.png\" alt=\"\" sizes=\"auto, (min-width: 601px) 50vw, 100vw\" srcset=\"https:\/\/www.greenpeace.org\/static\/planet4-netherlands-stateless\/2021\/08\/c1192ff5-easybeingreen.png 1080w, https:\/\/www.greenpeace.org\/static\/planet4-netherlands-stateless\/2021\/08\/c1192ff5-easybeingreen-300x201.png 300w, https:\/\/www.greenpeace.org\/static\/planet4-netherlands-stateless\/2021\/08\/c1192ff5-easybeingreen-1024x686.png 1024w, https:\/\/www.greenpeace.org\/static\/planet4-netherlands-stateless\/2021\/08\/c1192ff5-easybeingreen-768x515.png 768w, https:\/\/www.greenpeace.org\/static\/planet4-netherlands-stateless\/2021\/08\/c1192ff5-easybeingreen-507x340.png 507w\" class=\"wp-image-47428 size-full\"\/><\/figure><\/div>\n<\/div>\n<\/div>\n\n\n\n\n<div style=\"height:64px\" aria-hidden=\"true\" class=\"wp-block-spacer\"><\/div>\n\n\n\n\n<div class=\"wp-block-media-text is-stacked-on-mobile\"><figure class=\"wp-block-media-text__media\"><img loading=\"lazy\" decoding=\"async\" width=\"1200\" height=\"800\" src=\"https:\/\/www.greenpeace.org\/static\/planet4-netherlands-stateless\/2024\/09\/ac266242-gp1svr5y.jpg\" alt=\"Fire Monitoring in the Amazon. \u00a9 Christian Braga \/ Greenpeace\" sizes=\"auto, (min-width: 1600px) calc((1320px - 24px) \/ 2),(min-width: 1200px) calc((1140px - 24px) \/ 2),(min-width: 992px) calc((960px - 24px) \/ 2),(min-width: 768px) calc((720px - 24px) \/ 2),(min-width: 601px) calc((540px - 24px) \/ 2),(min-width: 577px) calc((540px - 24px) \/ 1), calc(100vw - 24px)\" srcset=\"https:\/\/www.greenpeace.org\/static\/planet4-netherlands-stateless\/2024\/09\/ac266242-gp1svr5y.jpg 1200w, https:\/\/www.greenpeace.org\/static\/planet4-netherlands-stateless\/2024\/09\/ac266242-gp1svr5y-300x200.jpg 300w, https:\/\/www.greenpeace.org\/static\/planet4-netherlands-stateless\/2024\/09\/ac266242-gp1svr5y-1024x683.jpg 1024w, https:\/\/www.greenpeace.org\/static\/planet4-netherlands-stateless\/2024\/09\/ac266242-gp1svr5y-768x512.jpg 768w, https:\/\/www.greenpeace.org\/static\/planet4-netherlands-stateless\/2024\/09\/ac266242-gp1svr5y-510x340.jpg 510w\" class=\"wp-image-64834 size-full\"\/><\/figure><div class=\"wp-block-media-text__content\">\n<h2 class=\"wp-block-heading\" id=\"h-het-probleem\">Het probleem<\/h2>\n\n\n\n<p>Wij maken op dit moment mee dat ons systeem faalt. Dit systeem, dat uitgaat van oneindige groei en draait op overproductie en overconsumptie, is sterk afhankelijk van fossiele brandstoffen. Dit alles wakkert de klimaatcrisis, het verlies aan biodiversiteit en massale vervuiling aan. En dat leidt weer tot hogere kosten van levensonderhoud, slechte levensstandaarden en klimaatmigratie.<br><\/p>\n\n\n\n<div class=\"wp-block-buttons is-layout-flex wp-block-buttons-is-layout-flex\">\n<div class=\"wp-block-button\"><a class=\"wp-block-button__link wp-element-button\" href=\"\/nl\/eerlijke-wereld\/klimaatrechtvaardigheid\/\">Wat is klimaatrechtvaardigheid?<\/a><\/div>\n<\/div>\n<\/div><\/div>\n\n\n\n\n<div style=\"height:35px\" aria-hidden=\"true\" class=\"wp-block-spacer\"><\/div>\n\n\n\n\n<div class=\"wp-block-media-text has-media-on-the-right is-stacked-on-mobile\"><div class=\"wp-block-media-text__content\">\n<h2 class=\"wp-block-heading\" id=\"h-wat-greenpeace-doet\">Wat Greenpeace doet<\/h2>\n\n\n\n<p>We geloven dat een groene, duurzame wereld nodig, beter en haalbaar is. Voor die verandering moeten we de huidige status quo doorbreken. We stellen grote milieuproblemen aan de kaak en stimuleren duurzame oplossingen door wetenschappelijk onderzoek, lobby, demonstraties en vreedzame en inventieve confrontaties.<\/p>\n\n\n\n<div class=\"wp-block-buttons is-layout-flex wp-block-buttons-is-layout-flex\">\n<div class=\"wp-block-button\"><a class=\"wp-block-button__link wp-element-button\" href=\"https:\/\/doemee.greenpeace.nl\/doneren\/\" target=\"_blank\" rel=\"noopener\">Zo kan jij helpen<\/a><\/div>\n<\/div>\n<\/div><figure class=\"wp-block-media-text__media\"><img loading=\"lazy\" decoding=\"async\" width=\"1200\" height=\"795\" src=\"https:\/\/www.greenpeace.org\/static\/planet4-netherlands-stateless\/2024\/09\/b210085d-gp1swztx.jpg\" alt=\"No War Banner on the Rainbow Warrior in Ionian Sea. \u00a9 Nicoletta Zarifi \/ Greenpeace\" sizes=\"auto, (min-width: 1600px) calc((1320px - 24px) \/ 2),(min-width: 1200px) calc((1140px - 24px) \/ 2),(min-width: 992px) calc((960px - 24px) \/ 2),(min-width: 768px) calc((720px - 24px) \/ 2),(min-width: 601px) calc((540px - 24px) \/ 2),(min-width: 577px) calc((540px - 24px) \/ 1), calc(100vw - 24px)\" srcset=\"https:\/\/www.greenpeace.org\/static\/planet4-netherlands-stateless\/2024\/09\/b210085d-gp1swztx.jpg 1200w, https:\/\/www.greenpeace.org\/static\/planet4-netherlands-stateless\/2024\/09\/b210085d-gp1swztx-300x199.jpg 300w, https:\/\/www.greenpeace.org\/static\/planet4-netherlands-stateless\/2024\/09\/b210085d-gp1swztx-1024x678.jpg 1024w, https:\/\/www.greenpeace.org\/static\/planet4-netherlands-stateless\/2024\/09\/b210085d-gp1swztx-768x509.jpg 768w, https:\/\/www.greenpeace.org\/static\/planet4-netherlands-stateless\/2024\/09\/b210085d-gp1swztx-510x338.jpg 510w\" class=\"wp-image-64835 size-full\"\/><\/figure><\/div>\n\n\n\n\n<div style=\"height:54px\" aria-hidden=\"true\" class=\"wp-block-spacer\"><\/div>\n\n\n\n        <div class=\"wp-block-query actions-list p4-query-loop is-custom-layout-actions-list is-custom-layout-grid is-layout-flex wp-block-query-is-layout-flex\"><h2 class=\"wp-block-heading\">Zo kan jij helpen<\/h2>\n        <p style=\"margin-top: 24px; margin-bottom: 32px;\"><\/p>\n        \n        <ul class=\"wp-block-post-template is-layout-flow wp-block-post-template-is-layout-flow\"><li class=\"wp-block-post post-63063 page type-page status-publish has-post-thumbnail hentry category-klimaat-categorie tag-klimaat-energie tag-klimaatcrisis\">\n                <figure class=\"wp-block-post-featured-image\"><img loading=\"lazy\" decoding=\"async\" width=\"1600\" height=\"840\" src=\"https:\/\/www.greenpeace.org\/static\/planet4-netherlands-stateless\/2022\/05\/679d94ee-klimaatmars-2021-amsterdam.jpg\" class=\"attachment-post-thumbnail size-post-thumbnail wp-post-image wp-stateless-item\" alt=\"\" style=\"object-fit:cover;\" srcset=\"https:\/\/www.greenpeace.org\/static\/planet4-netherlands-stateless\/2022\/05\/679d94ee-klimaatmars-2021-amsterdam.jpg 1600w, https:\/\/www.greenpeace.org\/static\/planet4-netherlands-stateless\/2022\/05\/679d94ee-klimaatmars-2021-amsterdam-300x158.jpg 300w, https:\/\/www.greenpeace.org\/static\/planet4-netherlands-stateless\/2022\/05\/679d94ee-klimaatmars-2021-amsterdam-1024x538.jpg 1024w, https:\/\/www.greenpeace.org\/static\/planet4-netherlands-stateless\/2022\/05\/679d94ee-klimaatmars-2021-amsterdam-768x403.jpg 768w, https:\/\/www.greenpeace.org\/static\/planet4-netherlands-stateless\/2022\/05\/679d94ee-klimaatmars-2021-amsterdam-1536x806.jpg 1536w, https:\/\/www.greenpeace.org\/static\/planet4-netherlands-stateless\/2022\/05\/679d94ee-klimaatmars-2021-amsterdam-510x268.jpg 510w\" sizes=\"auto, (max-width: 1600px) 100vw, 1600px\" data-image-size=\"post-thumbnail\" data-stateless-media-bucket=\"planet4-netherlands-stateless\" data-stateless-media-name=\"2022\/05\/679d94ee-klimaatmars-2021-amsterdam.jpg\" \/><\/figure>\n                \n                <div class=\"wp-block-group group-stretched-link is-layout-flow wp-block-group-is-layout-flow\"><div class=\"wp-block-post-terms\">Klimaat<\/div>\n                <h3 class=\"wp-block-post-title\"><a href=\"https:\/\/www.greenpeace.org\/nl\/kom-in-actie\/klimaatmars\/\" target=\"_self\">Klimaatmars 2024<\/a><\/h3>\n                <div class=\"wp-block-post-excerpt\"><p class=\"wp-block-post-excerpt__excerpt\">Wetenschappers waarschuwen al jaren: het klimaat en de natuur zijn in diepe crisis. Toch blijven banken, verzekeraars en fossiele multinationals rustig olie op het vuur gooien. Door onze bossen en oceanen te verwoesten. En door de lucht en het water te vervuilen. Allemaal in naam van economische groei. Wij vinden dat de overheid deze graaiende&hellip; <\/p><\/div><\/div>\n                \n                \n        <div class=\"wp-block-group read-more-nav is-layout-flow wp-block-group-is-layout-flow\"><a href=\"https:\/\/www.greenpeace.org\/nl\/kom-in-actie\/klimaatmars\/\" class=\"btn btn-primary btn-small\" aria-label=\"Doe mee\">Doe mee<\/a>\n        \n        \n        <\/div>\n        \n                <\/li><li class=\"wp-block-post post-73995 p4_action type-p4_action status-publish has-post-thumbnail hentry category-eerlijke-wereld category-klimaat-categorie tag-olie tag-gas tag-klimaat-energie tag-klimaattoekomst tag-eerlijke-wereld tag-shell action-type-acties\">\n                <figure class=\"wp-block-post-featured-image\"><img loading=\"lazy\" decoding=\"async\" width=\"640\" height=\"350\" src=\"https:\/\/www.greenpeace.org\/static\/planet4-netherlands-stateless\/2026\/04\/8968d371-nieuwsbrief-640x35028-1.png\" class=\"attachment-post-thumbnail size-post-thumbnail wp-post-image wp-stateless-item\" alt=\"\" style=\"object-fit:cover;\" srcset=\"https:\/\/www.greenpeace.org\/static\/planet4-netherlands-stateless\/2026\/04\/8968d371-nieuwsbrief-640x35028-1.png 640w, https:\/\/www.greenpeace.org\/static\/planet4-netherlands-stateless\/2026\/04\/8968d371-nieuwsbrief-640x35028-1-300x164.png 300w, https:\/\/www.greenpeace.org\/static\/planet4-netherlands-stateless\/2026\/04\/8968d371-nieuwsbrief-640x35028-1-510x279.png 510w\" sizes=\"auto, (max-width: 640px) 100vw, 640px\" data-image-size=\"post-thumbnail\" data-stateless-media-bucket=\"planet4-netherlands-stateless\" data-stateless-media-name=\"2026\/04\/8968d371-nieuwsbrief-640x35028-1.png\" \/><\/figure>\n                \n                <div class=\"wp-block-group group-stretched-link is-layout-flow wp-block-group-is-layout-flow\"><div class=\"wp-block-post-terms\">Eerlijke wereld<\/div>\n                <h3 class=\"wp-block-post-title\"><a href=\"https:\/\/www.greenpeace.org\/nl\/acties\/oil-war-stickerpakket\/\" target=\"_self\">Oil = war stickerpakket<\/a><\/h3>\n                <div class=\"wp-block-post-excerpt\"><p class=\"wp-block-post-excerpt__excerpt\">Met deze stickers verbreek je de stilte over de schaamteloze winsten van de fossiele industrie. Bestel hier het stickerpakket. <\/p><\/div><\/div>\n                \n                \n        <div class=\"wp-block-group read-more-nav is-layout-flow wp-block-group-is-layout-flow\"><a href=\"https:\/\/www.greenpeace.org\/nl\/acties\/oil-war-stickerpakket\/\" class=\"btn btn-primary btn-small\" aria-label=\"bestel nu\">Bestel nu<\/a>\n        \n        \n        <\/div>\n        \n                <\/li><li class=\"wp-block-post post-73867 p4_action type-p4_action status-publish has-post-thumbnail hentry category-bossen-categorie category-voedsel-categorie tag-ontbossing tag-voedsel tag-vlees tag-landbouw action-type-acties\">\n                <figure class=\"wp-block-post-featured-image\"><img loading=\"lazy\" decoding=\"async\" width=\"800\" height=\"533\" src=\"https:\/\/www.greenpeace.org\/static\/planet4-netherlands-stateless\/2025\/10\/6eecfb88-gp0stpt7t_low-res-800px.jpg\" class=\"attachment-post-thumbnail size-post-thumbnail wp-post-image wp-stateless-item\" alt=\"\" style=\"object-fit:cover;\" srcset=\"https:\/\/www.greenpeace.org\/static\/planet4-netherlands-stateless\/2025\/10\/6eecfb88-gp0stpt7t_low-res-800px.jpg 800w, https:\/\/www.greenpeace.org\/static\/planet4-netherlands-stateless\/2025\/10\/6eecfb88-gp0stpt7t_low-res-800px-300x200.jpg 300w, https:\/\/www.greenpeace.org\/static\/planet4-netherlands-stateless\/2025\/10\/6eecfb88-gp0stpt7t_low-res-800px-768x512.jpg 768w, https:\/\/www.greenpeace.org\/static\/planet4-netherlands-stateless\/2025\/10\/6eecfb88-gp0stpt7t_low-res-800px-510x340.jpg 510w\" sizes=\"auto, (max-width: 800px) 100vw, 800px\" data-image-size=\"post-thumbnail\" data-stateless-media-bucket=\"planet4-netherlands-stateless\" data-stateless-media-name=\"2025\/10\/6eecfb88-gp0stpt7t_low-res-800px.jpg\" \/><\/figure>\n                \n                <div class=\"wp-block-group group-stretched-link is-layout-flow wp-block-group-is-layout-flow\"><div class=\"wp-block-post-terms\">Bossen<\/div>\n                <h3 class=\"wp-block-post-title\"><a href=\"https:\/\/www.greenpeace.org\/nl\/acties\/stop-de-verwoestende-vee-industrie\/\" target=\"_self\">Stop de verwoestende vee-industrie<\/a><\/h3>\n                <div class=\"wp-block-post-excerpt\"><p class=\"wp-block-post-excerpt__excerpt\">Overheid, pak eindelijk de grootste daders achter natuurverwoesting aan: de vleesmultinationals. <\/p><\/div><\/div>\n                \n                \n        <div class=\"wp-block-group read-more-nav is-layout-flow wp-block-group-is-layout-flow\"><a href=\"https:\/\/www.greenpeace.org\/nl\/acties\/stop-de-verwoestende-vee-industrie\/\" class=\"btn btn-primary btn-small\" aria-label=\"Teken de petitie\">Teken de petitie<\/a>\n        \n        \n        <\/div>\n        \n                <\/li><li class=\"wp-block-post post-73788 p4_action type-p4_action status-publish has-post-thumbnail hentry category-eerlijke-wereld category-klimaat-categorie category-nieuws tag-olie tag-gas tag-klimaattoekomst tag-shell action-type-acties\">\n                <figure class=\"wp-block-post-featured-image\"><img loading=\"lazy\" decoding=\"async\" width=\"1200\" height=\"800\" src=\"https:\/\/www.greenpeace.org\/static\/planet4-netherlands-stateless\/2026\/03\/4479649d-gp1sx539_medium-res-1200px.jpg\" class=\"attachment-post-thumbnail size-post-thumbnail wp-post-image wp-stateless-item\" alt=\"\" style=\"object-fit:cover;\" srcset=\"https:\/\/www.greenpeace.org\/static\/planet4-netherlands-stateless\/2026\/03\/4479649d-gp1sx539_medium-res-1200px.jpg 1200w, https:\/\/www.greenpeace.org\/static\/planet4-netherlands-stateless\/2026\/03\/4479649d-gp1sx539_medium-res-1200px-300x200.jpg 300w, https:\/\/www.greenpeace.org\/static\/planet4-netherlands-stateless\/2026\/03\/4479649d-gp1sx539_medium-res-1200px-1024x683.jpg 1024w, https:\/\/www.greenpeace.org\/static\/planet4-netherlands-stateless\/2026\/03\/4479649d-gp1sx539_medium-res-1200px-768x512.jpg 768w, https:\/\/www.greenpeace.org\/static\/planet4-netherlands-stateless\/2026\/03\/4479649d-gp1sx539_medium-res-1200px-510x340.jpg 510w\" sizes=\"auto, (max-width: 1200px) 100vw, 1200px\" data-image-size=\"post-thumbnail\" data-stateless-media-bucket=\"planet4-netherlands-stateless\" data-stateless-media-name=\"2026\/03\/4479649d-gp1sx539_medium-res-1200px.jpg\" \/><\/figure>\n                \n                <div class=\"wp-block-group group-stretched-link is-layout-flow wp-block-group-is-layout-flow\"><div class=\"wp-block-post-terms\">Eerlijke wereld<\/div>\n                <h3 class=\"wp-block-post-title\"><a href=\"https:\/\/www.greenpeace.org\/nl\/acties\/belast-de-oorlogswinst-van-oliebedrijven\/\" target=\"_self\">Belast de oorlogswinst van oliebedrijven!<\/a><\/h3>\n                <div class=\"wp-block-post-excerpt\"><p class=\"wp-block-post-excerpt__excerpt\">Oliebedrijven zoals Shell verdienen miljarden extra door de oorlog in Iran. Eis nu dat het kabinet deze winst direct belast om de energierekening voor burgers te verlagen en de transitie naar groene en betaalbare energie te versnellen. <\/p><\/div><\/div>\n                \n                \n        <div class=\"wp-block-group read-more-nav is-layout-flow wp-block-group-is-layout-flow\"><a href=\"https:\/\/www.greenpeace.org\/nl\/acties\/belast-de-oorlogswinst-van-oliebedrijven\/\" class=\"btn btn-primary btn-small\" aria-label=\"Teken de petitie\">Teken de petitie<\/a>\n        \n        \n        <\/div>\n        \n                <\/li><\/ul>\n        \n<div class=\"wp-block-buttons carousel-controls is-horizontal is-content-justification-space-between is-nowrap is-layout-flex wp-container-core-buttons-is-layout-044bd602 wp-block-buttons-is-layout-flex\">\n            <div class=\"wp-block-button carousel-control-prev\"><button type=\"button\" class=\"wp-block-button__link wp-element-button\">Prev<\/button><\/div>\n        \n\n            <div class=\"wp-block-button carousel-control-next\"><button type=\"button\" class=\"wp-block-button__link wp-element-button\">Volgende<\/button><\/div>\n        <\/div>\n\n        \n<div class=\"wp-block-buttons load-more-actions-container is-content-justification-center is-layout-flex wp-container-core-buttons-is-layout-16018d1d wp-block-buttons-is-layout-flex\">\n                <div class=\"wp-block-button is-style-secondary\"><button type=\"button\" class=\"wp-block-button__link wp-element-button\">Laad meer<\/button><\/div>\n            \n<\/div>\n<\/div>\n        \n\n\n<div style=\"height:54px\" aria-hidden=\"true\" class=\"wp-block-spacer\"><\/div>\n\n\n\n\n<div class=\"wp-block-group block has-dark-green-800-background-color has-background is-layout-flow wp-block-group-is-layout-flow\">\n<div style=\"height:40px\" aria-hidden=\"true\" class=\"wp-block-spacer\"><\/div>\n\n\n\n<figure class=\"wp-block-image aligncenter size-full is-resized force-no-lightbox force-no-caption\" style=\"margin-top:0;margin-bottom:0\"><img loading=\"lazy\" decoding=\"async\" width=\"512\" height=\"512\" src=\"https:\/\/www.greenpeace.org\/static\/planet4-netherlands-stateless\/2024\/06\/134d3593-c0b5-42fb-ba6f-e707c8d1ef7c.png\" alt=\"\" class=\"wp-image-63870\" style=\"width:166px;height:auto\" srcset=\"https:\/\/www.greenpeace.org\/static\/planet4-netherlands-stateless\/2024\/06\/134d3593-c0b5-42fb-ba6f-e707c8d1ef7c.png 512w, https:\/\/www.greenpeace.org\/static\/planet4-netherlands-stateless\/2024\/06\/134d3593-c0b5-42fb-ba6f-e707c8d1ef7c-300x300.png 300w, https:\/\/www.greenpeace.org\/static\/planet4-netherlands-stateless\/2024\/06\/134d3593-c0b5-42fb-ba6f-e707c8d1ef7c-150x150.png 150w, https:\/\/www.greenpeace.org\/static\/planet4-netherlands-stateless\/2024\/06\/134d3593-c0b5-42fb-ba6f-e707c8d1ef7c-340x340.png 340w\" sizes=\"auto, (max-width: 512px) 100vw, 512px\" \/><\/figure>\n\n\n\n<div style=\"height:32px\" aria-hidden=\"true\" class=\"wp-block-spacer\"><\/div>\n\n\n\n<h3 class=\"wp-block-heading has-text-align-center has-white-color has-text-color\" id=\"h-jouw-donatie-kan-helpen\">Jouw donatie kan helpen <\/h3>\n\n\n\n<div class=\"wp-block-buttons is-content-justification-center is-layout-flex wp-container-core-buttons-is-layout-16018d1d wp-block-buttons-is-layout-flex\">\n<div class=\"wp-block-button is-style-cta\"><a class=\"wp-block-button__link wp-element-button\" href=\"https:\/\/doemee.greenpeace.nl\/doneren\/\" target=\"_blank\" rel=\"noopener\">Doneer nu<\/a><\/div>\n<\/div>\n\n\n\n<div style=\"height:40px\" aria-hidden=\"true\" class=\"wp-block-spacer\"><\/div>\n<\/div>\n\n\n\n\n<div style=\"height:54px\" aria-hidden=\"true\" class=\"wp-block-spacer\"><\/div>\n\n\n\n    <div class=\"wp-block-query posts-list p4-query-loop is-custom-layout-list is-layout-flow wp-block-query-is-layout-flow\">\n        <div class=\"wp-block-group is-content-justification-space-between is-layout-flex wp-container-core-group-is-layout-3d213aab wp-block-group-is-layout-flex\"><h2 class=\"wp-block-heading\">Gerelateerde artikelen<\/h2>\n        \n        \n        <\/div>\n        \n\n    <p style=\"margin-top: 24px; margin-bottom: 36px;\"><\/p>\n\n    \n\n    <ul class=\"wp-block-post-template is-layout-flow wp-block-post-template-is-layout-flow\"><li class=\"wp-block-post post-74278 post type-post status-publish format-standard has-post-thumbnail hentry category-algemeen category-bossen-categorie category-jbs category-voedsel-categorie tag-vlees tag-bossen tag-amazone tag-consumptie tag-voedsel p4-page-type-artikelen\">\n            \n<div class=\"wp-block-columns is-layout-flex wp-container-core-columns-is-layout-9d6595d7 wp-block-columns-is-layout-flex\"><figure class=\"wp-block-post-featured-image\"><a href=\"https:\/\/www.greenpeace.org\/nl\/algemeen\/74278\/greenpeace-start-campagne-tegen-jbs\/\" target=\"_self\"><img loading=\"lazy\" decoding=\"async\" width=\"1200\" height=\"800\" src=\"https:\/\/www.greenpeace.org\/static\/planet4-netherlands-stateless\/2026\/04\/2f54ade8-gp0su4d0p_medium-res-1200px.jpg\" class=\"attachment-post-thumbnail size-post-thumbnail wp-post-image wp-stateless-item\" alt=\"Greenpeace start campagne tegen JBS &#8211; wacht, tegen wie?\" style=\"object-fit:cover;\" srcset=\"https:\/\/www.greenpeace.org\/static\/planet4-netherlands-stateless\/2026\/04\/2f54ade8-gp0su4d0p_medium-res-1200px.jpg 1200w, https:\/\/www.greenpeace.org\/static\/planet4-netherlands-stateless\/2026\/04\/2f54ade8-gp0su4d0p_medium-res-1200px-300x200.jpg 300w, https:\/\/www.greenpeace.org\/static\/planet4-netherlands-stateless\/2026\/04\/2f54ade8-gp0su4d0p_medium-res-1200px-1024x683.jpg 1024w, https:\/\/www.greenpeace.org\/static\/planet4-netherlands-stateless\/2026\/04\/2f54ade8-gp0su4d0p_medium-res-1200px-768x512.jpg 768w, https:\/\/www.greenpeace.org\/static\/planet4-netherlands-stateless\/2026\/04\/2f54ade8-gp0su4d0p_medium-res-1200px-510x340.jpg 510w\" sizes=\"auto, (max-width: 1200px) 100vw, 1200px\" data-image-size=\"post-thumbnail\" data-stateless-media-bucket=\"planet4-netherlands-stateless\" data-stateless-media-name=\"2026\/04\/2f54ade8-gp0su4d0p_medium-res-1200px.jpg\" \/><\/a><\/figure>\n\n        <div class=\"wp-block-group is-layout-flow wp-block-group-is-layout-flow\">\n                <div class=\"wp-block-group is-layout-flex wp-block-group-is-layout-flex\"><div class=\"wp-block-post-terms\"><a href=\"https:\/\/www.greenpeace.org\/nl\/category\/algemeen\/\">Algemeen<\/a><\/div>\n                <div class=\"taxonomy-post_tag wp-block-post-terms\"><a href=\"https:\/\/www.greenpeace.org\/nl\/tag\/vlees\/\" rel=\"tag\">Vlees<\/a><span class=\"wp-block-post-terms__separator\"> <\/span><a href=\"https:\/\/www.greenpeace.org\/nl\/tag\/bossen\/\" rel=\"tag\">Bossen<\/a><span class=\"wp-block-post-terms__separator\"> <\/span><a href=\"https:\/\/www.greenpeace.org\/nl\/tag\/amazone\/\" rel=\"tag\">Amazone<\/a><span class=\"wp-block-post-terms__separator\"> <\/span><a href=\"https:\/\/www.greenpeace.org\/nl\/tag\/consumptie\/\" rel=\"tag\">Consumptie<\/a><span class=\"wp-block-post-terms__separator\"> <\/span><a href=\"https:\/\/www.greenpeace.org\/nl\/tag\/voedsel\/\" rel=\"tag\">Voedsel<\/a><\/div>\n                \n                <\/div>\n                \n        <h3 class=\"wp-block-post-title\"><a href=\"https:\/\/www.greenpeace.org\/nl\/algemeen\/74278\/greenpeace-start-campagne-tegen-jbs\/\" target=\"_self\">Greenpeace start campagne tegen JBS &#8211; wacht, tegen wie?<\/a><\/h3>\n        <div class=\"wp-block-post-excerpt\"><p class=\"wp-block-post-excerpt__excerpt\">Stel, je bent het grootste vleesbedrijf ter wereld. Hoe zou jij jezelf dan in de markt zetten? Als d\u00e9 voedselleverancier van de wereld, die ook nog eens ontzettend duurzaam bezig is? Dat is precies wat JBS doet. In werkelijkheid is deze vleesgigant de allergrootste klimaatschurk van de vee-industrie <\/p><\/div>\n        \n        <div class=\"wp-block-group posts-list-meta is-layout-flow wp-block-group-is-layout-flow\"><span class='article-list-item-author'><a href=\"https:\/\/www.greenpeace.org\/nl\/author\/iwillems\/\">Isabel Willemsen<\/a><\/span>\n        <div class=\"wp-block-post-date\"><time datetime=\"2026-04-23T14:30:00+02:00\">23 april 2026<\/time><\/div>\n        \n        <\/div>\n        <\/div>\n        <\/div>\n\n            <\/li><li class=\"wp-block-post post-74269 post type-post status-publish format-standard has-post-thumbnail hentry category-algemeen p4-page-type-artikelen\">\n            \n<div class=\"wp-block-columns is-layout-flex wp-container-core-columns-is-layout-9d6595d7 wp-block-columns-is-layout-flex\"><figure class=\"wp-block-post-featured-image\"><a href=\"https:\/\/www.greenpeace.org\/nl\/algemeen\/74269\/waarom-greenpeace-meevaart-met-de-global-sumud-flotilla-naar-gaza\/\" target=\"_self\"><img loading=\"lazy\" decoding=\"async\" width=\"1200\" height=\"800\" src=\"https:\/\/www.greenpeace.org\/static\/planet4-netherlands-stateless\/2026\/04\/963d3a64-gp0stznhb.jpg\" class=\"attachment-post-thumbnail size-post-thumbnail wp-post-image wp-stateless-item\" alt=\"Waarom Greenpeace meevaart met de Global Sumud Flotilla naar Gaza\" style=\"object-fit:cover;\" srcset=\"https:\/\/www.greenpeace.org\/static\/planet4-netherlands-stateless\/2026\/04\/963d3a64-gp0stznhb.jpg 1200w, https:\/\/www.greenpeace.org\/static\/planet4-netherlands-stateless\/2026\/04\/963d3a64-gp0stznhb-300x200.jpg 300w, https:\/\/www.greenpeace.org\/static\/planet4-netherlands-stateless\/2026\/04\/963d3a64-gp0stznhb-1024x683.jpg 1024w, https:\/\/www.greenpeace.org\/static\/planet4-netherlands-stateless\/2026\/04\/963d3a64-gp0stznhb-768x512.jpg 768w, https:\/\/www.greenpeace.org\/static\/planet4-netherlands-stateless\/2026\/04\/963d3a64-gp0stznhb-510x340.jpg 510w\" sizes=\"auto, (max-width: 1200px) 100vw, 1200px\" data-image-size=\"post-thumbnail\" data-stateless-media-bucket=\"planet4-netherlands-stateless\" data-stateless-media-name=\"2026\/04\/963d3a64-gp0stznhb.jpg\" \/><\/a><\/figure>\n\n        <div class=\"wp-block-group is-layout-flow wp-block-group-is-layout-flow\">\n                <div class=\"wp-block-group is-layout-flex wp-block-group-is-layout-flex\"><div class=\"wp-block-post-terms\"><a href=\"https:\/\/www.greenpeace.org\/nl\/category\/algemeen\/\">Algemeen<\/a><\/div>\n                \n                \n                <\/div>\n                \n        <h3 class=\"wp-block-post-title\"><a href=\"https:\/\/www.greenpeace.org\/nl\/algemeen\/74269\/waarom-greenpeace-meevaart-met-de-global-sumud-flotilla-naar-gaza\/\" target=\"_self\">Waarom Greenpeace meevaart met de Global Sumud Flotilla naar Gaza<\/a><\/h3>\n        <div class=\"wp-block-post-excerpt\"><p class=\"wp-block-post-excerpt__excerpt\">De Arctic Sunrise van Greenpeace sluit zich aan bij de Global Sumud Flotilla. Hiermee ondersteunen we een vreedzame burgermissie die de blokkade van Gaza uitdaagt en veilige, ongehinderde humanitaire toegang eist. <\/p><\/div>\n        \n        <div class=\"wp-block-group posts-list-meta is-layout-flow wp-block-group-is-layout-flow\"><span class='article-list-item-author'><a href=\"https:\/\/www.greenpeace.org\/nl\/author\/gpnetherlands\/\">Greenpeace Nederland<\/a><\/span>\n        <div class=\"wp-block-post-date\"><time datetime=\"2026-04-22T13:54:48+02:00\">22 april 2026<\/time><\/div>\n        \n        <\/div>\n        <\/div>\n        <\/div>\n\n            <\/li><li class=\"wp-block-post post-74255 post type-post status-publish format-standard has-post-thumbnail hentry category-klimaat-categorie p4-page-type-artikelen\">\n            \n<div class=\"wp-block-columns is-layout-flex wp-container-core-columns-is-layout-9d6595d7 wp-block-columns-is-layout-flex\"><figure class=\"wp-block-post-featured-image\"><a href=\"https:\/\/www.greenpeace.org\/nl\/klimaat-categorie\/74255\/we-slepen-een-pestkop-uit-de-olie-industrie-voor-de-rechter\/\" target=\"_self\"><img loading=\"lazy\" decoding=\"async\" width=\"1200\" height=\"800\" src=\"https:\/\/www.greenpeace.org\/static\/planet4-netherlands-stateless\/2026\/04\/7af05d34-image.png\" class=\"attachment-post-thumbnail size-post-thumbnail wp-post-image wp-stateless-item\" alt=\"We slepen een pestkop uit de olie-industrie voor de rechter\" style=\"object-fit:cover;\" srcset=\"https:\/\/www.greenpeace.org\/static\/planet4-netherlands-stateless\/2026\/04\/7af05d34-image.png 1200w, https:\/\/www.greenpeace.org\/static\/planet4-netherlands-stateless\/2026\/04\/7af05d34-image-300x200.png 300w, https:\/\/www.greenpeace.org\/static\/planet4-netherlands-stateless\/2026\/04\/7af05d34-image-1024x683.png 1024w, https:\/\/www.greenpeace.org\/static\/planet4-netherlands-stateless\/2026\/04\/7af05d34-image-768x512.png 768w, https:\/\/www.greenpeace.org\/static\/planet4-netherlands-stateless\/2026\/04\/7af05d34-image-510x340.png 510w\" sizes=\"auto, (max-width: 1200px) 100vw, 1200px\" data-image-size=\"post-thumbnail\" data-stateless-media-bucket=\"planet4-netherlands-stateless\" data-stateless-media-name=\"2026\/04\/7af05d34-image.png\" \/><\/a><\/figure>\n\n        <div class=\"wp-block-group is-layout-flow wp-block-group-is-layout-flow\">\n                <div class=\"wp-block-group is-layout-flex wp-block-group-is-layout-flex\"><div class=\"wp-block-post-terms\"><a href=\"https:\/\/www.greenpeace.org\/nl\/category\/klimaat-categorie\/\">Klimaat<\/a><\/div>\n                \n                \n                <\/div>\n                \n        <h3 class=\"wp-block-post-title\"><a href=\"https:\/\/www.greenpeace.org\/nl\/klimaat-categorie\/74255\/we-slepen-een-pestkop-uit-de-olie-industrie-voor-de-rechter\/\" target=\"_self\">We slepen een pestkop uit de olie-industrie voor de rechter<\/a><\/h3>\n        <div class=\"wp-block-post-excerpt\"><p class=\"wp-block-post-excerpt__excerpt\">Het is tijd om pestkoppen recht in de ogen te kijken. <\/p><\/div>\n        \n        <div class=\"wp-block-group posts-list-meta is-layout-flow wp-block-group-is-layout-flow\"><span class='article-list-item-author'><a href=\"https:\/\/www.greenpeace.org\/nl\/author\/gpnetherlands\/\">Greenpeace Nederland<\/a><\/span>\n        <div class=\"wp-block-post-date\"><time datetime=\"2026-04-21T09:57:31+02:00\">21 april 2026<\/time><\/div>\n        \n        <\/div>\n        <\/div>\n        <\/div>\n\n            <\/li><\/ul>\n\n    \n<div class=\"wp-block-buttons carousel-controls is-horizontal is-content-justification-space-between is-nowrap is-layout-flex wp-container-core-buttons-is-layout-044bd602 wp-block-buttons-is-layout-flex\">\n            <div class=\"wp-block-button carousel-control-prev\"><button type=\"button\" class=\"wp-block-button__link wp-element-button\">Prev<\/button><\/div>\n        \n\n            <div class=\"wp-block-button carousel-control-next\"><button type=\"button\" class=\"wp-block-button__link wp-element-button\">Volgende<\/button><\/div>\n        <\/div>\n\n\n    <\/div>\n    \n\n\n<div style=\"height:51px\" aria-hidden=\"true\" class=\"wp-block-spacer\"><\/div>\n\n\n\n    <div class=\"wp-block-query posts-list p4-query-loop is-custom-layout-grid is-layout-grid wp-container-core-query-is-layout-b8bb0bd1 wp-block-query-is-layout-grid\">\n        <div class=\"wp-block-group is-content-justification-space-between is-layout-flex wp-container-core-group-is-layout-3d213aab wp-block-group-is-layout-flex\"><h2 class=\"wp-block-heading\">Publicaties &amp; onderzoek<\/h2>\n        \n        \n        <\/div>\n        \n\n    <p style=\"margin-top: 24px; margin-bottom: 36px;\"><\/p>\n\n    \n\n    <ul class=\"wp-block-post-template is-layout-flow wp-block-post-template-is-layout-flow\"><li class=\"wp-block-post post-67518 post type-post status-publish format-standard has-post-thumbnail hentry category-klimaat-categorie tag-bonaire-climate-justice tag-eerlijke-wereld tag-klimaat tag-wetenschappelijke-publicatie p4-page-type-publicaties\">\n            \n<div class=\"wp-block-columns is-layout-flex wp-container-core-columns-is-layout-9d6595d7 wp-block-columns-is-layout-flex\"><figure class=\"wp-block-post-featured-image\"><a href=\"https:\/\/www.greenpeace.org\/nl\/klimaat-categorie\/67518\/cva-klimaatzaak-bonaire\/\" target=\"_self\"><img loading=\"lazy\" decoding=\"async\" width=\"800\" height=\"533\" src=\"https:\/\/www.greenpeace.org\/static\/planet4-netherlands-stateless\/2025\/02\/8aa5039b-gp0su4d1j_low-res-800px.jpg\" class=\"attachment-post-thumbnail size-post-thumbnail wp-post-image wp-stateless-item\" alt=\"Conclusie van Antwoord Klimaatzaak Bonaire\" style=\"object-fit:cover;\" srcset=\"https:\/\/www.greenpeace.org\/static\/planet4-netherlands-stateless\/2025\/02\/8aa5039b-gp0su4d1j_low-res-800px.jpg 800w, https:\/\/www.greenpeace.org\/static\/planet4-netherlands-stateless\/2025\/02\/8aa5039b-gp0su4d1j_low-res-800px-300x200.jpg 300w, https:\/\/www.greenpeace.org\/static\/planet4-netherlands-stateless\/2025\/02\/8aa5039b-gp0su4d1j_low-res-800px-768x512.jpg 768w, https:\/\/www.greenpeace.org\/static\/planet4-netherlands-stateless\/2025\/02\/8aa5039b-gp0su4d1j_low-res-800px-510x340.jpg 510w\" sizes=\"auto, (max-width: 800px) 100vw, 800px\" data-image-size=\"post-thumbnail\" data-stateless-media-bucket=\"planet4-netherlands-stateless\" data-stateless-media-name=\"2025\/02\/8aa5039b-gp0su4d1j_low-res-800px.jpg\" \/><\/a><\/figure>\n\n        <div class=\"wp-block-group is-layout-flow wp-block-group-is-layout-flow\">\n                <div class=\"wp-block-group is-layout-flow wp-block-group-is-layout-flow\"><div class=\"wp-block-post-terms\"><a href=\"https:\/\/www.greenpeace.org\/nl\/category\/klimaat-categorie\/\">Klimaat<\/a><\/div>\n                <div class=\"taxonomy-post_tag wp-block-post-terms\"><a href=\"https:\/\/www.greenpeace.org\/nl\/tag\/bonaire-climate-justice\/\" rel=\"tag\">Bonaire<\/a><span class=\"wp-block-post-terms__separator\"> <\/span><a href=\"https:\/\/www.greenpeace.org\/nl\/tag\/eerlijke-wereld\/\" rel=\"tag\">Eerlijke wereld<\/a><span class=\"wp-block-post-terms__separator\"> <\/span><a href=\"https:\/\/www.greenpeace.org\/nl\/tag\/klimaat\/\" rel=\"tag\">Klimaat<\/a><span class=\"wp-block-post-terms__separator\"> <\/span><a href=\"https:\/\/www.greenpeace.org\/nl\/tag\/wetenschappelijke-publicatie\/\" rel=\"tag\">Wetenschappelijke Publicatie<\/a><\/div>\n                \n                <\/div>\n                \n        <h3 class=\"wp-block-post-title\"><a href=\"https:\/\/www.greenpeace.org\/nl\/klimaat-categorie\/67518\/cva-klimaatzaak-bonaire\/\" target=\"_self\">Conclusie van Antwoord Klimaatzaak Bonaire<\/a><\/h3>\n        <div class=\"wp-block-post-excerpt\"><p class=\"wp-block-post-excerpt__excerpt\">Stichting Greenpeace Nederland (hierna aangeduid als: \u2018Greenpeace\u2019) en de natuurlijke personen Onnie Emerenciana, Jackie Bernabela, Angelo Vrolijk, Judmar Emerenciana, Helen Angela, Kjelld Kroon, Danique Martis en Daniela Simal (hierna gezamenlijk aangeduid als: \u2018Individuele eisers\u2019), gezamenlijk aangeduid als \u2018eisers\u2019, hebben de Staat der Nederlanden (hierna: \u2018de Staat\u2019), bij dagvaarding van 11 januari 2024 gedagvaard bij de&hellip; <\/p><\/div>\n        \n        <div class=\"wp-block-group posts-list-meta is-layout-flow wp-block-group-is-layout-flow\"><span class='article-list-item-author'><a href=\"https:\/\/www.greenpeace.org\/nl\/author\/gpnetherlands\/\">Greenpeace Nederland<\/a><\/span>\n        <div class=\"wp-block-post-date\"><time datetime=\"2025-02-12T00:01:00+01:00\">12 februari 2025<\/time><\/div>\n        \n        <\/div>\n        <\/div>\n        <\/div>\n\n            <\/li><li class=\"wp-block-post post-67516 post type-post status-publish format-standard has-post-thumbnail hentry category-klimaat-categorie tag-bonaire-climate-justice tag-eerlijke-wereld tag-klimaat tag-wetenschappelijke-publicatie p4-page-type-publicaties\">\n            \n<div class=\"wp-block-columns is-layout-flex wp-container-core-columns-is-layout-9d6595d7 wp-block-columns-is-layout-flex\"><figure class=\"wp-block-post-featured-image\"><a href=\"https:\/\/www.greenpeace.org\/nl\/klimaat-categorie\/67516\/fair-share-carbon-budgets-nl\/\" target=\"_self\"><img loading=\"lazy\" decoding=\"async\" width=\"800\" height=\"533\" src=\"https:\/\/www.greenpeace.org\/static\/planet4-netherlands-stateless\/2025\/02\/8aa5039b-gp0su4d1j_low-res-800px.jpg\" class=\"attachment-post-thumbnail size-post-thumbnail wp-post-image wp-stateless-item\" alt=\"Estimates of fair share carbon budgets for the Netherlands\" style=\"object-fit:cover;\" srcset=\"https:\/\/www.greenpeace.org\/static\/planet4-netherlands-stateless\/2025\/02\/8aa5039b-gp0su4d1j_low-res-800px.jpg 800w, https:\/\/www.greenpeace.org\/static\/planet4-netherlands-stateless\/2025\/02\/8aa5039b-gp0su4d1j_low-res-800px-300x200.jpg 300w, https:\/\/www.greenpeace.org\/static\/planet4-netherlands-stateless\/2025\/02\/8aa5039b-gp0su4d1j_low-res-800px-768x512.jpg 768w, https:\/\/www.greenpeace.org\/static\/planet4-netherlands-stateless\/2025\/02\/8aa5039b-gp0su4d1j_low-res-800px-510x340.jpg 510w\" sizes=\"auto, (max-width: 800px) 100vw, 800px\" data-image-size=\"post-thumbnail\" data-stateless-media-bucket=\"planet4-netherlands-stateless\" data-stateless-media-name=\"2025\/02\/8aa5039b-gp0su4d1j_low-res-800px.jpg\" \/><\/a><\/figure>\n\n        <div class=\"wp-block-group is-layout-flow wp-block-group-is-layout-flow\">\n                <div class=\"wp-block-group is-layout-flow wp-block-group-is-layout-flow\"><div class=\"wp-block-post-terms\"><a href=\"https:\/\/www.greenpeace.org\/nl\/category\/klimaat-categorie\/\">Klimaat<\/a><\/div>\n                <div class=\"taxonomy-post_tag wp-block-post-terms\"><a href=\"https:\/\/www.greenpeace.org\/nl\/tag\/bonaire-climate-justice\/\" rel=\"tag\">Bonaire<\/a><span class=\"wp-block-post-terms__separator\"> <\/span><a href=\"https:\/\/www.greenpeace.org\/nl\/tag\/eerlijke-wereld\/\" rel=\"tag\">Eerlijke wereld<\/a><span class=\"wp-block-post-terms__separator\"> <\/span><a href=\"https:\/\/www.greenpeace.org\/nl\/tag\/klimaat\/\" rel=\"tag\">Klimaat<\/a><span class=\"wp-block-post-terms__separator\"> <\/span><a href=\"https:\/\/www.greenpeace.org\/nl\/tag\/wetenschappelijke-publicatie\/\" rel=\"tag\">Wetenschappelijke Publicatie<\/a><\/div>\n                \n                <\/div>\n                \n        <h3 class=\"wp-block-post-title\"><a href=\"https:\/\/www.greenpeace.org\/nl\/klimaat-categorie\/67516\/fair-share-carbon-budgets-nl\/\" target=\"_self\">Estimates of fair share carbon budgets for the Netherlands<\/a><\/h3>\n        <div class=\"wp-block-post-excerpt\"><p class=\"wp-block-post-excerpt__excerpt\">This report is drafted at the request of Greenpeace Netherlands for the purpose of the legal proceedings in the case Greenpeace Netherlands and 8 citizens of Bonaire v. The Netherlands. On 20 September 2024, the authors of this report presented a study on estimates of fair share carbon budgets for Italy. <\/p><\/div>\n        \n        <div class=\"wp-block-group posts-list-meta is-layout-flow wp-block-group-is-layout-flow\"><span class='article-list-item-author'><a href=\"https:\/\/www.greenpeace.org\/nl\/author\/gpnetherlands\/\">Greenpeace Nederland<\/a><\/span>\n        <div class=\"wp-block-post-date\"><time datetime=\"2025-02-12T00:01:00+01:00\">12 februari 2025<\/time><\/div>\n        \n        <\/div>\n        <\/div>\n        <\/div>\n\n            <\/li><li class=\"wp-block-post post-67513 post type-post status-publish format-standard has-post-thumbnail hentry category-klimaat-categorie tag-bonaire-climate-justice tag-eerlijke-wereld tag-klimaat tag-wetenschappelijke-publicatie p4-page-type-publicaties\">\n            \n<div class=\"wp-block-columns is-layout-flex wp-container-core-columns-is-layout-9d6595d7 wp-block-columns-is-layout-flex\"><figure class=\"wp-block-post-featured-image\"><a href=\"https:\/\/www.greenpeace.org\/nl\/klimaat-categorie\/67513\/klimaatneutraal-2040-analyse\/\" target=\"_self\"><img loading=\"lazy\" decoding=\"async\" width=\"800\" height=\"533\" src=\"https:\/\/www.greenpeace.org\/static\/planet4-netherlands-stateless\/2025\/02\/8aa5039b-gp0su4d1j_low-res-800px.jpg\" class=\"attachment-post-thumbnail size-post-thumbnail wp-post-image wp-stateless-item\" alt=\"Nederland klimaatneutraal in 2040: een haalbaarheidsanalyse\" style=\"object-fit:cover;\" srcset=\"https:\/\/www.greenpeace.org\/static\/planet4-netherlands-stateless\/2025\/02\/8aa5039b-gp0su4d1j_low-res-800px.jpg 800w, https:\/\/www.greenpeace.org\/static\/planet4-netherlands-stateless\/2025\/02\/8aa5039b-gp0su4d1j_low-res-800px-300x200.jpg 300w, https:\/\/www.greenpeace.org\/static\/planet4-netherlands-stateless\/2025\/02\/8aa5039b-gp0su4d1j_low-res-800px-768x512.jpg 768w, https:\/\/www.greenpeace.org\/static\/planet4-netherlands-stateless\/2025\/02\/8aa5039b-gp0su4d1j_low-res-800px-510x340.jpg 510w\" sizes=\"auto, (max-width: 800px) 100vw, 800px\" data-image-size=\"post-thumbnail\" data-stateless-media-bucket=\"planet4-netherlands-stateless\" data-stateless-media-name=\"2025\/02\/8aa5039b-gp0su4d1j_low-res-800px.jpg\" \/><\/a><\/figure>\n\n        <div class=\"wp-block-group is-layout-flow wp-block-group-is-layout-flow\">\n                <div class=\"wp-block-group is-layout-flow wp-block-group-is-layout-flow\"><div class=\"wp-block-post-terms\"><a href=\"https:\/\/www.greenpeace.org\/nl\/category\/klimaat-categorie\/\">Klimaat<\/a><\/div>\n                <div class=\"taxonomy-post_tag wp-block-post-terms\"><a href=\"https:\/\/www.greenpeace.org\/nl\/tag\/bonaire-climate-justice\/\" rel=\"tag\">Bonaire<\/a><span class=\"wp-block-post-terms__separator\"> <\/span><a href=\"https:\/\/www.greenpeace.org\/nl\/tag\/eerlijke-wereld\/\" rel=\"tag\">Eerlijke wereld<\/a><span class=\"wp-block-post-terms__separator\"> <\/span><a href=\"https:\/\/www.greenpeace.org\/nl\/tag\/klimaat\/\" rel=\"tag\">Klimaat<\/a><span class=\"wp-block-post-terms__separator\"> <\/span><a href=\"https:\/\/www.greenpeace.org\/nl\/tag\/wetenschappelijke-publicatie\/\" rel=\"tag\">Wetenschappelijke Publicatie<\/a><\/div>\n                \n                <\/div>\n                \n        <h3 class=\"wp-block-post-title\"><a href=\"https:\/\/www.greenpeace.org\/nl\/klimaat-categorie\/67513\/klimaatneutraal-2040-analyse\/\" target=\"_self\">Nederland klimaatneutraal in 2040: een haalbaarheidsanalyse<\/a><\/h3>\n        <div class=\"wp-block-post-excerpt\"><p class=\"wp-block-post-excerpt__excerpt\">Dit rapport onderzoekt de haalbaarheid van een klimaatneutraal Nederland in 2040. Het onderzoek is uitgevoerd door drie adviesbureaus: Kalavasta, CE Delft en Berenschot.Deze onafhankelijke bureaus combineren hun expertise op het gebied van de energietransitie. Door deze expertises te bundelen ontstaat een volledig en evenwichtig beeld van alle sectoren die moeten verduurzamen. <\/p><\/div>\n        \n        <div class=\"wp-block-group posts-list-meta is-layout-flow wp-block-group-is-layout-flow\"><span class='article-list-item-author'><a href=\"https:\/\/www.greenpeace.org\/nl\/author\/gpnetherlands\/\">Greenpeace Nederland<\/a><\/span>\n        <div class=\"wp-block-post-date\"><time datetime=\"2025-02-12T00:01:00+01:00\">12 februari 2025<\/time><\/div>\n        \n        <\/div>\n        <\/div>\n        <\/div>\n\n            <\/li><li class=\"wp-block-post post-67511 post type-post status-publish format-standard has-post-thumbnail hentry category-klimaat-categorie tag-bonaire-climate-justice tag-eerlijke-wereld tag-klimaat tag-wetenschappelijke-publicatie p4-page-type-publicaties\">\n            \n<div class=\"wp-block-columns is-layout-flex wp-container-core-columns-is-layout-9d6595d7 wp-block-columns-is-layout-flex\"><figure class=\"wp-block-post-featured-image\"><a href=\"https:\/\/www.greenpeace.org\/nl\/klimaat-categorie\/67511\/repliek-klimaatzaak-bonaire\/\" target=\"_self\"><img loading=\"lazy\" decoding=\"async\" width=\"800\" height=\"533\" src=\"https:\/\/www.greenpeace.org\/static\/planet4-netherlands-stateless\/2025\/02\/8aa5039b-gp0su4d1j_low-res-800px.jpg\" class=\"attachment-post-thumbnail size-post-thumbnail wp-post-image wp-stateless-item\" alt=\"Repliek Klimaatzaak Bonaire\" style=\"object-fit:cover;\" srcset=\"https:\/\/www.greenpeace.org\/static\/planet4-netherlands-stateless\/2025\/02\/8aa5039b-gp0su4d1j_low-res-800px.jpg 800w, https:\/\/www.greenpeace.org\/static\/planet4-netherlands-stateless\/2025\/02\/8aa5039b-gp0su4d1j_low-res-800px-300x200.jpg 300w, https:\/\/www.greenpeace.org\/static\/planet4-netherlands-stateless\/2025\/02\/8aa5039b-gp0su4d1j_low-res-800px-768x512.jpg 768w, https:\/\/www.greenpeace.org\/static\/planet4-netherlands-stateless\/2025\/02\/8aa5039b-gp0su4d1j_low-res-800px-510x340.jpg 510w\" sizes=\"auto, (max-width: 800px) 100vw, 800px\" data-image-size=\"post-thumbnail\" data-stateless-media-bucket=\"planet4-netherlands-stateless\" data-stateless-media-name=\"2025\/02\/8aa5039b-gp0su4d1j_low-res-800px.jpg\" \/><\/a><\/figure>\n\n        <div class=\"wp-block-group is-layout-flow wp-block-group-is-layout-flow\">\n                <div class=\"wp-block-group is-layout-flow wp-block-group-is-layout-flow\"><div class=\"wp-block-post-terms\"><a href=\"https:\/\/www.greenpeace.org\/nl\/category\/klimaat-categorie\/\">Klimaat<\/a><\/div>\n                <div class=\"taxonomy-post_tag wp-block-post-terms\"><a href=\"https:\/\/www.greenpeace.org\/nl\/tag\/bonaire-climate-justice\/\" rel=\"tag\">Bonaire<\/a><span class=\"wp-block-post-terms__separator\"> <\/span><a href=\"https:\/\/www.greenpeace.org\/nl\/tag\/eerlijke-wereld\/\" rel=\"tag\">Eerlijke wereld<\/a><span class=\"wp-block-post-terms__separator\"> <\/span><a href=\"https:\/\/www.greenpeace.org\/nl\/tag\/klimaat\/\" rel=\"tag\">Klimaat<\/a><span class=\"wp-block-post-terms__separator\"> <\/span><a href=\"https:\/\/www.greenpeace.org\/nl\/tag\/wetenschappelijke-publicatie\/\" rel=\"tag\">Wetenschappelijke Publicatie<\/a><\/div>\n                \n                <\/div>\n                \n        <h3 class=\"wp-block-post-title\"><a href=\"https:\/\/www.greenpeace.org\/nl\/klimaat-categorie\/67511\/repliek-klimaatzaak-bonaire\/\" target=\"_self\">Repliek Klimaatzaak Bonaire<\/a><\/h3>\n        <div class=\"wp-block-post-excerpt\"><p class=\"wp-block-post-excerpt__excerpt\">Greenpeace Nederland heeft kennis genomen van de conclusie van antwoord van de Staat (hierna: \u201cCvA\u201d), waarin tot afwijzing van de vorderingen van Greenpeace Nederland is geconcludeerd. Zij heeft de rechtbank daarop verzocht, op grond van de tussen partijen gemaakte procesafspraken, haar toe te staan een conclusie van repliek te nemen (hierna: \u201cCvR\u201d). De rechtbank heeft&hellip; <\/p><\/div>\n        \n        <div class=\"wp-block-group posts-list-meta is-layout-flow wp-block-group-is-layout-flow\"><span class='article-list-item-author'><a href=\"https:\/\/www.greenpeace.org\/nl\/author\/gpnetherlands\/\">Greenpeace Nederland<\/a><\/span>\n        <div class=\"wp-block-post-date\"><time datetime=\"2025-02-12T00:01:00+01:00\">12 februari 2025<\/time><\/div>\n        \n        <\/div>\n        <\/div>\n        <\/div>\n\n            <\/li><\/ul>\n\n    \n<div class=\"wp-block-buttons carousel-controls is-horizontal is-content-justification-space-between is-nowrap is-layout-flex wp-container-core-buttons-is-layout-044bd602 wp-block-buttons-is-layout-flex\">\n            <div class=\"wp-block-button carousel-control-prev\"><button type=\"button\" class=\"wp-block-button__link wp-element-button\">Prev<\/button><\/div>\n        \n\n            <div class=\"wp-block-button carousel-control-next\"><button type=\"button\" class=\"wp-block-button__link wp-element-button\">Volgende<\/button><\/div>\n        <\/div>\n\n\n    <\/div>\n    \n\n\n<div style=\"height:51px\" aria-hidden=\"true\" class=\"wp-block-spacer\"><\/div>\n<\/div>\n\n\n\n<div class=\"wp-block-group alignfull block has-beige-100-background-color has-background is-layout-flow wp-block-group-is-layout-flow\">\n<div class=\"wp-block-group container is-layout-flow wp-block-group-is-layout-flow\">\n<div style=\"height:24px\" aria-hidden=\"true\" class=\"wp-block-spacer\"><\/div>\n\n\n\n<h2 class=\"wp-block-heading has-text-align-center\" id=\"h-keep-learning-about\">Ontdek meer<\/h2>\n\n\n\n<div class=\"wp-block-columns is-layout-flex wp-container-core-columns-is-layout-9d6595d7 wp-block-columns-is-layout-flex\">\n<div class=\"wp-block-column is-layout-flow wp-block-column-is-layout-flow\">\n<div class=\"wp-block-group group-stretched-link is-layout-flow wp-block-group-is-layout-flow\">\n<figure class=\"wp-block-image aligncenter size-full is-resized force-no-lightbox force-no-caption is-style-rounded-180\"><img loading=\"lazy\" decoding=\"async\" width=\"800\" height=\"532\" src=\"https:\/\/www.greenpeace.org\/static\/planet4-netherlands-stateless\/2024\/03\/a30fa76d-gp0stz5qi_low_res.jpg\" alt=\"\" class=\"wp-image-62870\" style=\"\" srcset=\"https:\/\/www.greenpeace.org\/static\/planet4-netherlands-stateless\/2024\/03\/a30fa76d-gp0stz5qi_low_res.jpg 800w, https:\/\/www.greenpeace.org\/static\/planet4-netherlands-stateless\/2024\/03\/a30fa76d-gp0stz5qi_low_res-300x200.jpg 300w, https:\/\/www.greenpeace.org\/static\/planet4-netherlands-stateless\/2024\/03\/a30fa76d-gp0stz5qi_low_res-768x511.jpg 768w, https:\/\/www.greenpeace.org\/static\/planet4-netherlands-stateless\/2024\/03\/a30fa76d-gp0stz5qi_low_res-510x340.jpg 510w\" sizes=\"auto, (max-width: 800px) 100vw, 800px\" \/><figcaption class=\"wp-element-caption\">Here we see plaintiff Danique Martis. Residents of Bonaire, together with Greenpeace Netherlands and allies, stand up for climate justice during the very first climate event on the island.\nHier zien we eiser Danique Martis. Inwoners van Bonaire, komen samen met Greenpeace Nederland en bondgenoten op voor klimaatrechtvaardigheid tijdens de allereerste klimaatmanifestatie op het eiland.<\/figcaption><\/figure>\n\n\n\n<h5 class=\"wp-block-heading has-text-align-center is-style-chevron\" id=\"h-systeemverandering\" style=\"font-size:1rem\"><a href=\"\/nl\/eerlijke-wereld\/systeemverandering\">Klimaatrechtvaardigheid<\/a><\/h5>\n\n\n\n<div style=\"height:16px\" aria-hidden=\"true\" class=\"wp-block-spacer\"><\/div>\n<\/div>\n<\/div>\n\n\n\n<div class=\"wp-block-column is-layout-flow wp-block-column-is-layout-flow\">\n<div class=\"wp-block-group group-stretched-link is-layout-flow wp-block-group-is-layout-flow\">\n<figure class=\"wp-block-image aligncenter size-full is-resized force-no-lightbox force-no-caption is-style-rounded-180\"><img loading=\"lazy\" decoding=\"async\" width=\"2500\" height=\"1663\" src=\"https:\/\/www.greenpeace.org\/static\/planet4-netherlands-stateless\/2024\/01\/a3da2a1b-gp0stw7az_pressmedia.jpg\" alt=\"\" class=\"wp-image-61965\" style=\"\" srcset=\"https:\/\/www.greenpeace.org\/static\/planet4-netherlands-stateless\/2024\/01\/a3da2a1b-gp0stw7az_pressmedia.jpg 2500w, https:\/\/www.greenpeace.org\/static\/planet4-netherlands-stateless\/2024\/01\/a3da2a1b-gp0stw7az_pressmedia-300x200.jpg 300w, https:\/\/www.greenpeace.org\/static\/planet4-netherlands-stateless\/2024\/01\/a3da2a1b-gp0stw7az_pressmedia-1024x681.jpg 1024w, https:\/\/www.greenpeace.org\/static\/planet4-netherlands-stateless\/2024\/01\/a3da2a1b-gp0stw7az_pressmedia-768x511.jpg 768w, https:\/\/www.greenpeace.org\/static\/planet4-netherlands-stateless\/2024\/01\/a3da2a1b-gp0stw7az_pressmedia-1536x1022.jpg 1536w, https:\/\/www.greenpeace.org\/static\/planet4-netherlands-stateless\/2024\/01\/a3da2a1b-gp0stw7az_pressmedia-2048x1362.jpg 2048w, https:\/\/www.greenpeace.org\/static\/planet4-netherlands-stateless\/2024\/01\/a3da2a1b-gp0stw7az_pressmedia-510x340.jpg 510w\" sizes=\"auto, (max-width: 2500px) 100vw, 2500px\" \/><figcaption class=\"wp-element-caption\">Residents of the Dutch Caribbean island Bonaire are launching a legal case with Greenpeace Netherlands against the Dutch government to protect their island against climate change.\nInwoners van Bonaire starten samen met Greenpeace Nederland een klimaatzaak tegen de Nederlandse regering om te zorgen dta hun eiland beschermd wordt in de klimaatcrisis.<\/figcaption><\/figure>\n\n\n\n<h5 class=\"wp-block-heading has-text-align-center is-style-chevron\" id=\"h-bonaire\" style=\"font-size:1rem\"><a href=\"\/nl\/eerlijke-wereld\/bonaire\">Bonaire<\/a><\/h5>\n\n\n\n<div style=\"height:16px\" aria-hidden=\"true\" class=\"wp-block-spacer\"><\/div>\n<\/div>\n<\/div>\n\n\n\n<div class=\"wp-block-column is-layout-flow wp-block-column-is-layout-flow\">\n<div class=\"wp-block-group group-stretched-link is-layout-flow wp-block-group-is-layout-flow\">\n<figure class=\"wp-block-image aligncenter size-large is-resized force-no-lightbox force-no-caption is-style-rounded-180\"><img loading=\"lazy\" decoding=\"async\" width=\"1024\" height=\"683\" src=\"https:\/\/www.greenpeace.org\/static\/planet4-netherlands-stateless\/2022\/06\/0b13f581-luchtvaart-greenwashing-1024x683.jpg\" alt=\"\" class=\"wp-image-52566\" style=\"\" srcset=\"https:\/\/www.greenpeace.org\/static\/planet4-netherlands-stateless\/2022\/06\/0b13f581-luchtvaart-greenwashing-1024x683.jpg 1024w, https:\/\/www.greenpeace.org\/static\/planet4-netherlands-stateless\/2022\/06\/0b13f581-luchtvaart-greenwashing-300x200.jpg 300w, https:\/\/www.greenpeace.org\/static\/planet4-netherlands-stateless\/2022\/06\/0b13f581-luchtvaart-greenwashing-768x512.jpg 768w, https:\/\/www.greenpeace.org\/static\/planet4-netherlands-stateless\/2022\/06\/0b13f581-luchtvaart-greenwashing-1536x1024.jpg 1536w, https:\/\/www.greenpeace.org\/static\/planet4-netherlands-stateless\/2022\/06\/0b13f581-luchtvaart-greenwashing-2048x1366.jpg 2048w, https:\/\/www.greenpeace.org\/static\/planet4-netherlands-stateless\/2022\/06\/0b13f581-luchtvaart-greenwashing-510x340.jpg 510w\" sizes=\"auto, (max-width: 1024px) 100vw, 1024px\" \/><figcaption class=\"wp-element-caption\">Greenpeace France activists paint a plane green to denounce French government&#8217;s greenwashing on the topic of air transportation.\nTaking Minister of Transportation Jean-Baptiste Djebbari at his word, they demonstrate green planes are not the solution to solve air traffic&#8217;s impact on climate.\nDes activistes peignent un avion en vert pour d\u00e9noncer le greenwashing du gouvernement fran\u00e7ais \u00e0 propos du secteur a\u00e9rien.\nPrenant le Ministre des Transports Jean-Baptiste Djebbari au mot, ils d\u00e9montrent qu&#8217;il ne suffit pas que l&#8217;avion vert est une fausse solution pour r\u00e9gler le probl\u00e8me de l&#8217;impact du secteur a\u00e9rien sur le climat.<\/figcaption><\/figure>\n\n\n\n<h5 class=\"wp-block-heading has-text-align-center is-style-chevron\" id=\"h-greenwashing\" style=\"font-size:1rem\"><a href=\"\/nl\/eerlijke-wereld\/greenwashing\">Greenwashing<\/a><\/h5>\n\n\n\n<div style=\"height:16px\" aria-hidden=\"true\" class=\"wp-block-spacer\"><\/div>\n<\/div>\n<\/div>\n\n\n\n<div class=\"wp-block-column is-layout-flow wp-block-column-is-layout-flow\">\n<div class=\"wp-block-group group-stretched-link is-layout-flow wp-block-group-is-layout-flow\">\n<figure class=\"wp-block-image aligncenter size-full is-resized force-no-lightbox force-no-caption is-style-rounded-180\"><img loading=\"lazy\" decoding=\"async\" width=\"800\" height=\"533\" src=\"https:\/\/www.greenpeace.org\/static\/planet4-netherlands-stateless\/2020\/10\/3d19fe94-gp1sucao_web_size.jpg\" alt=\"\" class=\"wp-image-42889\" style=\"\" srcset=\"https:\/\/www.greenpeace.org\/static\/planet4-netherlands-stateless\/2020\/10\/3d19fe94-gp1sucao_web_size.jpg 800w, https:\/\/www.greenpeace.org\/static\/planet4-netherlands-stateless\/2020\/10\/3d19fe94-gp1sucao_web_size-300x200.jpg 300w, https:\/\/www.greenpeace.org\/static\/planet4-netherlands-stateless\/2020\/10\/3d19fe94-gp1sucao_web_size-768x512.jpg 768w, https:\/\/www.greenpeace.org\/static\/planet4-netherlands-stateless\/2020\/10\/3d19fe94-gp1sucao_web_size-510x340.jpg 510w\" sizes=\"auto, (max-width: 800px) 100vw, 800px\" \/><figcaption class=\"wp-element-caption\">On the occasion of a meeting of EU trade ministers in Berlin, Greenpeace activists are protesting together with the &#8220;Berlin Network TTIP | CETA | Stop TiSA!&#8221;. They are protesting against neoliberal free trade agreements such as the Mercosur-agreement and under the motto &#8220;Free trade agreements in the garbage can!&#8221;.\nAnlaesslich eines EU-Handelministertreffen in Berlin protestieren Greenpeace Aktive gemeinsam mit dem Berliner Netzwerk &#8220;TTIP | CETA | TiSA stoppen!&#8221;. Sie protestieren gegen neoliberale Freihandelsabkommen wie das Mercosur-Abkommen und unter dem Motto \u201eFreihandelsabkommen in die Tonne!\u201c.<\/figcaption><\/figure>\n\n\n\n<h5 class=\"wp-block-heading has-text-align-center is-style-chevron\" id=\"h-handel\" style=\"font-size:1rem\"><a href=\"\/nl\/eerlijke-wereld\/handel\">Handel<\/a><\/h5>\n\n\n\n<div style=\"height:16px\" aria-hidden=\"true\" class=\"wp-block-spacer\"><\/div>\n<\/div>\n<\/div>\n\n\n\n<div class=\"wp-block-column is-layout-flow wp-block-column-is-layout-flow\">\n<div class=\"wp-block-group group-stretched-link is-layout-flow wp-block-group-is-layout-flow\">\n<figure class=\"wp-block-image aligncenter size-large is-resized force-no-lightbox force-no-caption is-style-rounded-180\"><img loading=\"lazy\" decoding=\"async\" width=\"1024\" height=\"683\" src=\"https:\/\/www.greenpeace.org\/static\/planet4-netherlands-stateless\/2023\/10\/bf437cca-md29160-1024x683.jpg\" alt=\"\" class=\"wp-image-60901\" style=\"\" srcset=\"https:\/\/www.greenpeace.org\/static\/planet4-netherlands-stateless\/2023\/10\/bf437cca-md29160-1024x683.jpg 1024w, https:\/\/www.greenpeace.org\/static\/planet4-netherlands-stateless\/2023\/10\/bf437cca-md29160-300x200.jpg 300w, https:\/\/www.greenpeace.org\/static\/planet4-netherlands-stateless\/2023\/10\/bf437cca-md29160-768x512.jpg 768w, https:\/\/www.greenpeace.org\/static\/planet4-netherlands-stateless\/2023\/10\/bf437cca-md29160-1536x1024.jpg 1536w, https:\/\/www.greenpeace.org\/static\/planet4-netherlands-stateless\/2023\/10\/bf437cca-md29160-2048x1366.jpg 2048w, https:\/\/www.greenpeace.org\/static\/planet4-netherlands-stateless\/2023\/10\/bf437cca-md29160-510x340.jpg 510w\" sizes=\"auto, (max-width: 1024px) 100vw, 1024px\" \/><figcaption class=\"wp-element-caption\">Greenpeace Nederland &amp; Extinction Rebellion komen vreedzaam in actie tegen het verwoestende landbouwbeleid van Rabobank. In Utrecht blokkeren honderden activisten de ingangen van het hoofdkantoor en is er een demonstratie met podium-programma met verschillende sprekers. Greenpeace Nederland &amp; Extinction Rebellion willen dat de bank stopt met het financieren van industri\u00eble landbouw die leidt tot boeren- en dierenleed en natuurverwoesting en bovendien betaalt voor de aangerichte schade.<\/figcaption><\/figure>\n\n\n\n<h5 class=\"wp-block-heading has-text-align-center is-style-chevron\" id=\"h-banken\" style=\"font-size:1rem\"><a href=\"\/nl\/eerlijke-wereld\/banken\">Banken<\/a><\/h5>\n\n\n\n<div style=\"height:16px\" aria-hidden=\"true\" class=\"wp-block-spacer\"><\/div>\n<\/div>\n<\/div>\n\n\n\n<div class=\"wp-block-column is-layout-flow wp-block-column-is-layout-flow\">\n<div class=\"wp-block-group group-stretched-link is-layout-flow wp-block-group-is-layout-flow\">\n<figure class=\"wp-block-image aligncenter size-large is-resized force-no-lightbox force-no-caption is-style-rounded-180\"><img loading=\"lazy\" decoding=\"async\" width=\"1024\" height=\"683\" src=\"https:\/\/www.greenpeace.org\/static\/planet4-netherlands-stateless\/2024\/03\/b7c7cdcc-gp1sw2hp_medium_res-1024x683.jpg\" alt=\"\" class=\"wp-image-62446\" style=\"\" srcset=\"https:\/\/www.greenpeace.org\/static\/planet4-netherlands-stateless\/2024\/03\/b7c7cdcc-gp1sw2hp_medium_res-1024x683.jpg 1024w, https:\/\/www.greenpeace.org\/static\/planet4-netherlands-stateless\/2024\/03\/b7c7cdcc-gp1sw2hp_medium_res-300x200.jpg 300w, https:\/\/www.greenpeace.org\/static\/planet4-netherlands-stateless\/2024\/03\/b7c7cdcc-gp1sw2hp_medium_res-768x512.jpg 768w, https:\/\/www.greenpeace.org\/static\/planet4-netherlands-stateless\/2024\/03\/b7c7cdcc-gp1sw2hp_medium_res-510x340.jpg 510w, https:\/\/www.greenpeace.org\/static\/planet4-netherlands-stateless\/2024\/03\/b7c7cdcc-gp1sw2hp_medium_res.jpg 1200w\" sizes=\"auto, (max-width: 1024px) 100vw, 1024px\" \/><figcaption class=\"wp-element-caption\">More than 80 Greenpeace Netherlands activists from 12 EU countries are using fossil fuel ads from all over Europe to block the entrance to Shell\u2019s oil refinery. The peaceful protest comes as over 20 organizations launched a European Citizens\u2019 Initiative (ECI) petition today, calling for a new law that bans fossil fuel advertising and sponsorship in the European Union.\nActievoerders uit heel Europa blokkeren samen met Greenpeace Nederland de toegang tot de Tweede Petroleumhaven in Pernis. De vreedzame actie markeert de start van een Europees burgerinitiatief (EBI) waarin wordt opgeroepen tot een wet die reclame voor fossiele brandstoffen in de EU verbiedt.<\/figcaption><\/figure>\n\n\n\n<h5 class=\"wp-block-heading has-text-align-center is-style-chevron\" id=\"h-fossiele-reclame\" style=\"font-size:1rem\"><a href=\"\/nl\/eerlijke-wereld\/fossiele-reclame\">Fossiele reclame<\/a><\/h5>\n\n\n\n<div style=\"height:16px\" aria-hidden=\"true\" class=\"wp-block-spacer\"><\/div>\n<\/div>\n<\/div>\n<\/div>\n<\/div>\n<\/div>\n\n\n\n<div class=\"wp-block-group alignfull block has-white-background-color has-background is-layout-flow wp-block-group-is-layout-flow\">\n<div class=\"wp-block-group container is-layout-flow wp-block-group-is-layout-flow\">\n<div style=\"height:24px\" aria-hidden=\"true\" class=\"wp-block-spacer\"><\/div>\n\n\n\n<div class=\"wp-block-group alignfull has-beige-100-background-color has-background is-layout-flow wp-block-group-is-layout-flow\" style=\"padding-top:39px;padding-right:0;padding-bottom:39px;padding-left:0\">\n<div class=\"wp-block-group container is-layout-flow wp-block-group-is-layout-flow\">\n<div class=\"wp-block-columns is-layout-flex wp-container-core-columns-is-layout-9d6595d7 wp-block-columns-is-layout-flex\">\n<div class=\"wp-block-column is-layout-flow wp-block-column-is-layout-flow\">\n<h2 class=\"wp-block-heading\" id=\"h-doe-mee\" style=\"font-size:40px\">Blijf op de hoogte <\/h2>\n\n\n\n<p>Meld je net als bijna 500.000 anderen aan voor de<strong> Greenpeace nieuwsbrief <\/strong>en blijf op de hoogte van onze acties en campagnes en hoe je daaraan kan bijdragen.<\/p>\n\n\n\n<div style=\"height:19px\" aria-hidden=\"true\" class=\"wp-block-spacer\"><\/div>\n\n\n\n<div class=\"wp-block-buttons is-vertical is-content-justification-center is-nowrap is-layout-flex wp-container-core-buttons-is-layout-3f8e0a96 wp-block-buttons-is-layout-flex\">\n<div class=\"wp-block-button\"><a class=\"wp-block-button__link wp-element-button\" href=\"http:\/\/doemee.greenpeace.nl\/nieuwsbrief\/\" target=\"_blank\" rel=\"noopener\">Schrijf je in<\/a><\/div>\n<\/div>\n<\/div>\n\n\n\n<div class=\"wp-block-column is-layout-flow wp-block-column-is-layout-flow\">\n<p><\/p>\n\n\n\n<figure class=\"wp-block-image aligncenter size-thumbnail is-resized\"><img loading=\"lazy\" decoding=\"async\" width=\"150\" height=\"150\" src=\"https:\/\/www.greenpeace.org\/static\/planet4-netherlands-stateless\/2024\/06\/c581535e-47a9-47b2-89a9-61bcb352e7c7-150x150.png\" alt=\"\" class=\"wp-image-63608\" style=\"width:166px;height:auto\" srcset=\"https:\/\/www.greenpeace.org\/static\/planet4-netherlands-stateless\/2024\/06\/c581535e-47a9-47b2-89a9-61bcb352e7c7-150x150.png 150w, https:\/\/www.greenpeace.org\/static\/planet4-netherlands-stateless\/2024\/06\/c581535e-47a9-47b2-89a9-61bcb352e7c7-300x300.png 300w, https:\/\/www.greenpeace.org\/static\/planet4-netherlands-stateless\/2024\/06\/c581535e-47a9-47b2-89a9-61bcb352e7c7-340x340.png 340w, https:\/\/www.greenpeace.org\/static\/planet4-netherlands-stateless\/2024\/06\/c581535e-47a9-47b2-89a9-61bcb352e7c7.png 512w\" sizes=\"auto, (max-width: 150px) 100vw, 150px\" \/><\/figure>\n<\/div>\n<\/div>\n<\/div>\n<\/div>\n\n\n\n<div style=\"height:36px\" aria-hidden=\"true\" class=\"wp-block-spacer\"><\/div>\n\n\n\n<h4 class=\"wp-block-heading\" id=\"h-explore-other-topics\">Ontdek andere thema&#8217;s<\/h4>\n\n\n\n<div class=\"wp-block-columns is-not-stacked-on-mobile is-style-mobile-carousel is-layout-flex wp-container-core-columns-is-layout-9d6595d7 wp-block-columns-is-layout-flex\">\n<div class=\"wp-block-column is-layout-flow wp-block-column-is-layout-flow\">\n<div class=\"wp-block-group group-stretched-link is-layout-flow wp-block-group-is-layout-flow\">\n<figure class=\"wp-block-image aligncenter size-full is-resized is-style-rounded-90 force-no-lightbox force-no-caption mb-0\"><img loading=\"lazy\" decoding=\"async\" width=\"512\" height=\"512\" src=\"https:\/\/www.greenpeace.org\/static\/planet4-netherlands-stateless\/2024\/06\/077f936d-onze-missie.png\" alt=\"\" class=\"wp-image-63603\" style=\"\" srcset=\"https:\/\/www.greenpeace.org\/static\/planet4-netherlands-stateless\/2024\/06\/077f936d-onze-missie.png 512w, https:\/\/www.greenpeace.org\/static\/planet4-netherlands-stateless\/2024\/06\/077f936d-onze-missie-300x300.png 300w, https:\/\/www.greenpeace.org\/static\/planet4-netherlands-stateless\/2024\/06\/077f936d-onze-missie-150x150.png 150w, https:\/\/www.greenpeace.org\/static\/planet4-netherlands-stateless\/2024\/06\/077f936d-onze-missie-340x340.png 340w\" sizes=\"auto, (max-width: 512px) 100vw, 512px\" \/><\/figure>\n\n\n\n<div style=\"height:16px\" aria-hidden=\"true\" class=\"wp-block-spacer\"><\/div>\n\n\n\n<h5 class=\"wp-block-heading has-text-align-center\" id=\"h-eerlijke-wereld\" style=\"font-size:1rem\"><a href=\"\/nl\/eerlijke-wereld\">Eerlijke wereld<\/a><\/h5>\n<\/div>\n<\/div>\n\n\n\n<div class=\"wp-block-column is-layout-flow wp-block-column-is-layout-flow\">\n<div class=\"wp-block-group group-stretched-link is-layout-flow wp-block-group-is-layout-flow\">\n<figure class=\"wp-block-image aligncenter size-full is-resized is-style-rounded-90 force-no-lightbox force-no-caption mb-0\"><img loading=\"lazy\" decoding=\"async\" width=\"512\" height=\"512\" src=\"https:\/\/www.greenpeace.org\/static\/planet4-netherlands-stateless\/2024\/06\/859b05fa-15b4-4f42-97fb-bebd37223861.png\" alt=\"\" class=\"wp-image-63627\" style=\"\" srcset=\"https:\/\/www.greenpeace.org\/static\/planet4-netherlands-stateless\/2024\/06\/859b05fa-15b4-4f42-97fb-bebd37223861.png 512w, https:\/\/www.greenpeace.org\/static\/planet4-netherlands-stateless\/2024\/06\/859b05fa-15b4-4f42-97fb-bebd37223861-300x300.png 300w, https:\/\/www.greenpeace.org\/static\/planet4-netherlands-stateless\/2024\/06\/859b05fa-15b4-4f42-97fb-bebd37223861-150x150.png 150w, https:\/\/www.greenpeace.org\/static\/planet4-netherlands-stateless\/2024\/06\/859b05fa-15b4-4f42-97fb-bebd37223861-340x340.png 340w\" sizes=\"auto, (max-width: 512px) 100vw, 512px\" \/><\/figure>\n\n\n\n<div style=\"height:16px\" aria-hidden=\"true\" class=\"wp-block-spacer\"><\/div>\n\n\n\n<h5 class=\"wp-block-heading has-text-align-center\" id=\"h-klimaat\" style=\"font-size:1rem\"><a href=\"\/nl\/klimaat\/\">Klimaat<\/a><\/h5>\n<\/div>\n<\/div>\n\n\n\n<div class=\"wp-block-column is-layout-flow wp-block-column-is-layout-flow\">\n<div class=\"wp-block-group group-stretched-link is-layout-flow wp-block-group-is-layout-flow\">\n<figure class=\"wp-block-image aligncenter size-full is-resized is-style-rounded-90 force-no-lightbox force-no-caption mb-0\"><img loading=\"lazy\" decoding=\"async\" width=\"512\" height=\"512\" src=\"https:\/\/www.greenpeace.org\/static\/planet4-netherlands-stateless\/2024\/06\/5f76b493-7aa5-443d-b485-53fc13a5d218.png\" alt=\"\" class=\"wp-image-63628\" style=\"\" srcset=\"https:\/\/www.greenpeace.org\/static\/planet4-netherlands-stateless\/2024\/06\/5f76b493-7aa5-443d-b485-53fc13a5d218.png 512w, https:\/\/www.greenpeace.org\/static\/planet4-netherlands-stateless\/2024\/06\/5f76b493-7aa5-443d-b485-53fc13a5d218-300x300.png 300w, https:\/\/www.greenpeace.org\/static\/planet4-netherlands-stateless\/2024\/06\/5f76b493-7aa5-443d-b485-53fc13a5d218-150x150.png 150w, https:\/\/www.greenpeace.org\/static\/planet4-netherlands-stateless\/2024\/06\/5f76b493-7aa5-443d-b485-53fc13a5d218-340x340.png 340w\" sizes=\"auto, (max-width: 512px) 100vw, 512px\" \/><\/figure>\n\n\n\n<div style=\"height:16px\" aria-hidden=\"true\" class=\"wp-block-spacer\"><\/div>\n\n\n\n<h5 class=\"wp-block-heading has-text-align-center\" id=\"h-oceanen\" style=\"font-size:1rem\"><a href=\"\/nl\/oceanen\">Oceanen<\/a><\/h5>\n<\/div>\n<\/div>\n\n\n\n<div class=\"wp-block-column is-layout-flow wp-block-column-is-layout-flow\">\n<div class=\"wp-block-group group-stretched-link is-layout-flow wp-block-group-is-layout-flow\">\n<figure class=\"wp-block-image aligncenter size-full is-resized is-style-rounded-90 force-no-lightbox force-no-caption mb-0\"><img loading=\"lazy\" decoding=\"async\" width=\"512\" height=\"512\" src=\"https:\/\/www.greenpeace.org\/static\/planet4-netherlands-stateless\/2024\/06\/421b1474-5b75-4813-a874-3fa58cc0b408.png\" alt=\"\" class=\"wp-image-63629\" style=\"\" srcset=\"https:\/\/www.greenpeace.org\/static\/planet4-netherlands-stateless\/2024\/06\/421b1474-5b75-4813-a874-3fa58cc0b408.png 512w, https:\/\/www.greenpeace.org\/static\/planet4-netherlands-stateless\/2024\/06\/421b1474-5b75-4813-a874-3fa58cc0b408-300x300.png 300w, https:\/\/www.greenpeace.org\/static\/planet4-netherlands-stateless\/2024\/06\/421b1474-5b75-4813-a874-3fa58cc0b408-150x150.png 150w, https:\/\/www.greenpeace.org\/static\/planet4-netherlands-stateless\/2024\/06\/421b1474-5b75-4813-a874-3fa58cc0b408-340x340.png 340w\" sizes=\"auto, (max-width: 512px) 100vw, 512px\" \/><\/figure>\n\n\n\n<div style=\"height:16px\" aria-hidden=\"true\" class=\"wp-block-spacer\"><\/div>\n\n\n\n<h5 class=\"wp-block-heading has-text-align-center\" id=\"h-plastic\" style=\"font-size:1rem\"><a href=\"\/nl\/plastic\">Plastic<\/a><\/h5>\n<\/div>\n<\/div>\n\n\n\n<div class=\"wp-block-column is-layout-flow wp-block-column-is-layout-flow\">\n<div class=\"wp-block-group group-stretched-link is-layout-flow wp-block-group-is-layout-flow\">\n<figure class=\"wp-block-image aligncenter size-full is-resized is-style-rounded-90 force-no-lightbox force-no-caption mb-0\"><img loading=\"lazy\" decoding=\"async\" width=\"512\" height=\"512\" src=\"https:\/\/www.greenpeace.org\/static\/planet4-netherlands-stateless\/2024\/06\/7cec020c-d200-40ae-8b50-6dabfa14251d.png\" alt=\"\" class=\"wp-image-63630\" style=\"\" srcset=\"https:\/\/www.greenpeace.org\/static\/planet4-netherlands-stateless\/2024\/06\/7cec020c-d200-40ae-8b50-6dabfa14251d.png 512w, https:\/\/www.greenpeace.org\/static\/planet4-netherlands-stateless\/2024\/06\/7cec020c-d200-40ae-8b50-6dabfa14251d-300x300.png 300w, https:\/\/www.greenpeace.org\/static\/planet4-netherlands-stateless\/2024\/06\/7cec020c-d200-40ae-8b50-6dabfa14251d-150x150.png 150w, https:\/\/www.greenpeace.org\/static\/planet4-netherlands-stateless\/2024\/06\/7cec020c-d200-40ae-8b50-6dabfa14251d-340x340.png 340w\" sizes=\"auto, (max-width: 512px) 100vw, 512px\" \/><\/figure>\n\n\n\n<div style=\"height:16px\" aria-hidden=\"true\" class=\"wp-block-spacer\"><\/div>\n\n\n\n<h5 class=\"wp-block-heading has-text-align-center\" id=\"h-bossen\" style=\"font-size:1rem\"><a href=\"\/nl\/bossen\">Bossen<\/a><\/h5>\n<\/div>\n<\/div>\n\n\n\n<div class=\"wp-block-column is-layout-flow wp-block-column-is-layout-flow\">\n<div class=\"wp-block-group group-stretched-link is-layout-flow wp-block-group-is-layout-flow\">\n<figure class=\"wp-block-image aligncenter size-full is-resized is-style-rounded-90 force-no-lightbox force-no-caption mb-0\"><img loading=\"lazy\" decoding=\"async\" width=\"512\" height=\"512\" src=\"https:\/\/www.greenpeace.org\/static\/planet4-netherlands-stateless\/2024\/06\/ef913d22-c270-4e46-bbff-8b587b2278c5.png\" alt=\"\" class=\"wp-image-63631\" style=\"\" srcset=\"https:\/\/www.greenpeace.org\/static\/planet4-netherlands-stateless\/2024\/06\/ef913d22-c270-4e46-bbff-8b587b2278c5.png 512w, https:\/\/www.greenpeace.org\/static\/planet4-netherlands-stateless\/2024\/06\/ef913d22-c270-4e46-bbff-8b587b2278c5-300x300.png 300w, https:\/\/www.greenpeace.org\/static\/planet4-netherlands-stateless\/2024\/06\/ef913d22-c270-4e46-bbff-8b587b2278c5-150x150.png 150w, https:\/\/www.greenpeace.org\/static\/planet4-netherlands-stateless\/2024\/06\/ef913d22-c270-4e46-bbff-8b587b2278c5-340x340.png 340w\" sizes=\"auto, (max-width: 512px) 100vw, 512px\" \/><\/figure>\n\n\n\n<div style=\"height:16px\" aria-hidden=\"true\" class=\"wp-block-spacer\"><\/div>\n\n\n\n<h5 class=\"wp-block-heading has-text-align-center\" id=\"h-voedsel\" style=\"font-size:1rem\"><a href=\"\/nl\/voedsel\">Voedsel<\/a><\/h5>\n<\/div>\n<\/div>\n\n\n\n<div class=\"wp-block-column is-layout-flow wp-block-column-is-layout-flow\">\n<div class=\"wp-block-group group-stretched-link is-layout-flow wp-block-group-is-layout-flow\">\n<figure class=\"wp-block-image aligncenter size-full is-resized is-style-rounded-90 force-no-lightbox force-no-caption mb-0\"><img loading=\"lazy\" decoding=\"async\" width=\"512\" height=\"512\" src=\"https:\/\/www.greenpeace.org\/static\/planet4-netherlands-stateless\/2024\/06\/b477bc82-fba5-40eb-8f02-213f92c43052.png\" alt=\"\" class=\"wp-image-63632\" style=\"\" srcset=\"https:\/\/www.greenpeace.org\/static\/planet4-netherlands-stateless\/2024\/06\/b477bc82-fba5-40eb-8f02-213f92c43052.png 512w, https:\/\/www.greenpeace.org\/static\/planet4-netherlands-stateless\/2024\/06\/b477bc82-fba5-40eb-8f02-213f92c43052-300x300.png 300w, https:\/\/www.greenpeace.org\/static\/planet4-netherlands-stateless\/2024\/06\/b477bc82-fba5-40eb-8f02-213f92c43052-150x150.png 150w, https:\/\/www.greenpeace.org\/static\/planet4-netherlands-stateless\/2024\/06\/b477bc82-fba5-40eb-8f02-213f92c43052-340x340.png 340w\" sizes=\"auto, (max-width: 512px) 100vw, 512px\" \/><\/figure>\n\n\n\n<div style=\"height:16px\" aria-hidden=\"true\" class=\"wp-block-spacer\"><\/div>\n\n\n\n<h5 class=\"wp-block-heading has-text-align-center\" id=\"h-dieren\" style=\"font-size:1rem\"><a href=\"\/nl\/dieren\">Dieren<\/a><\/h5>\n<\/div>\n<\/div>\n<\/div>\n<\/div>\n<\/div>\n\n","protected":false},"excerpt":{"rendered":"","protected":false},"author":20,"featured_media":62870,"parent":63678,"menu_order":0,"comment_status":"closed","ping_status":"closed","template":"","meta":{"ep_exclude_from_search":false,"p4_hide_page_title_checkbox":"on","p4_title":"","p4_subtitle":"","p4_description":"","background_image_id":"","background_image":"","p4_button_title":"","p4_button_link":"","p4_button_link_checkbox":"","p4_og_title":"","p4_og_description":"","p4_og_image":"","p4_og_image_id":"","p4_seo_canonical_url":"","p4_campaign_name":"","p4_local_project":"","p4_basket_name":"","p4_department":"","footnotes":""},"categories":[130],"tags":[],"class_list":["post-63869","page","type-page","status-publish","has-post-thumbnail","hentry","category-eerlijke-wereld"],"_links":{"self":[{"href":"https:\/\/www.greenpeace.org\/nl\/wp-json\/wp\/v2\/pages\/63869","targetHints":{"allow":["GET"]}}],"collection":[{"href":"https:\/\/www.greenpeace.org\/nl\/wp-json\/wp\/v2\/pages"}],"about":[{"href":"https:\/\/www.greenpeace.org\/nl\/wp-json\/wp\/v2\/types\/page"}],"author":[{"embeddable":true,"href":"https:\/\/www.greenpeace.org\/nl\/wp-json\/wp\/v2\/users\/20"}],"replies":[{"embeddable":true,"href":"https:\/\/www.greenpeace.org\/nl\/wp-json\/wp\/v2\/comments?post=63869"}],"version-history":[{"count":16,"href":"https:\/\/www.greenpeace.org\/nl\/wp-json\/wp\/v2\/pages\/63869\/revisions"}],"predecessor-version":[{"id":74068,"href":"https:\/\/www.greenpeace.org\/nl\/wp-json\/wp\/v2\/pages\/63869\/revisions\/74068"}],"up":[{"embeddable":true,"href":"https:\/\/www.greenpeace.org\/nl\/wp-json\/wp\/v2\/pages\/63678"}],"wp:featuredmedia":[{"embeddable":true,"href":"https:\/\/www.greenpeace.org\/nl\/wp-json\/wp\/v2\/media\/62870"}],"wp:attachment":[{"href":"https:\/\/www.greenpeace.org\/nl\/wp-json\/wp\/v2\/media?parent=63869"}],"wp:term":[{"taxonomy":"category","embeddable":true,"href":"https:\/\/www.greenpeace.org\/nl\/wp-json\/wp\/v2\/categories?post=63869"},{"taxonomy":"post_tag","embeddable":true,"href":"https:\/\/www.greenpeace.org\/nl\/wp-json\/wp\/v2\/tags?post=63869"}],"curies":[{"name":"wp","href":"https:\/\/api.w.org\/{rel}","templated":true}]}}