{"id":63880,"date":"2024-06-27T14:23:30","date_gmt":"2024-06-27T12:23:30","guid":{"rendered":"https:\/\/www-dev.greenpeace.org\/nl\/?page_id=63880"},"modified":"2026-04-08T10:58:30","modified_gmt":"2026-04-08T08:58:30","slug":"handel","status":"publish","type":"page","link":"https:\/\/www.greenpeace.org\/nl\/eerlijke-wereld\/handel\/","title":{"rendered":"Handel"},"content":{"rendered":"\n\n<div class=\"wp-block-group is-layout-flow wp-block-group-is-layout-flow\">\n\n<div class=\"wp-block-group alignfull is-layout-flow wp-block-group-is-layout-flow\">\n<div class=\"wp-block-group container is-layout-flow wp-block-group-is-layout-flow\">\n<div class=\"wp-block-media-text alignfull has-media-on-the-right is-stacked-on-mobile is-pattern-p4-page-header is-style-parallax\"><div class=\"wp-block-media-text__content\">\n<div class=\"wp-block-group is-layout-flow wp-block-group-is-layout-flow\">\n<h1 class=\"wp-block-heading has-white-background-color has-background\" id=\"h-handel\">Handel<\/h1>\n<\/div>\n\n\n\n<p style=\"font-size:1.25rem\">Nederland is een handelsland, met de grootste haven van Europa als ultiem bewijs daarvoor. Maar is trots nog op zijn plaats? Iedere dag meren schepen aan, volgeladen met producten waarvoor de <strong>natuur wordt verwoest<\/strong>. Denk aan palmolie, sojavoer of vlees.<\/p>\n\n\n\n<div class=\"wp-block-buttons is-layout-flex wp-block-buttons-is-layout-flex\">\n<div class=\"wp-block-button is-style-cta\"><a class=\"wp-block-button__link wp-element-button\" href=\"https:\/\/doemee.greenpeace.nl\/actie\/welke-ceo-wil-jij-zijn\" target=\"_blank\" rel=\"noopener\">Help mee<\/a><\/div>\n<\/div>\n<\/div><figure class=\"wp-block-media-text__media\"><img loading=\"lazy\" decoding=\"async\" width=\"800\" height=\"533\" src=\"https:\/\/www.greenpeace.org\/static\/planet4-netherlands-stateless\/2020\/10\/3d19fe94-gp1sucao_web_size.jpg\" alt=\"\" sizes=\"auto, (min-width: 601px) 50vw, 100vw\" srcset=\"https:\/\/www.greenpeace.org\/static\/planet4-netherlands-stateless\/2020\/10\/3d19fe94-gp1sucao_web_size.jpg 800w, https:\/\/www.greenpeace.org\/static\/planet4-netherlands-stateless\/2020\/10\/3d19fe94-gp1sucao_web_size-300x200.jpg 300w, https:\/\/www.greenpeace.org\/static\/planet4-netherlands-stateless\/2020\/10\/3d19fe94-gp1sucao_web_size-768x512.jpg 768w, https:\/\/www.greenpeace.org\/static\/planet4-netherlands-stateless\/2020\/10\/3d19fe94-gp1sucao_web_size-510x340.jpg 510w\" class=\"wp-image-42889 size-full\"\/><\/figure><\/div>\n<\/div>\n<\/div>\n\n\n\n\n<div style=\"height:64px\" aria-hidden=\"true\" class=\"wp-block-spacer\"><\/div>\n\n\n\n\n<div class=\"wp-block-media-text is-stacked-on-mobile\"><figure class=\"wp-block-media-text__media\"><img loading=\"lazy\" decoding=\"async\" width=\"800\" height=\"533\" src=\"https:\/\/www.greenpeace.org\/static\/planet4-netherlands-stateless\/2024\/11\/31a466fd-gp1svr5y_low-res-with-credit-line-800px.jpg\" alt=\"\" sizes=\"auto, (min-width: 1600px) calc((1320px - 24px) \/ 2),(min-width: 1200px) calc((1140px - 24px) \/ 2),(min-width: 992px) calc((960px - 24px) \/ 2),(min-width: 768px) calc((720px - 24px) \/ 2),(min-width: 601px) calc((540px - 24px) \/ 2),(min-width: 577px) calc((540px - 24px) \/ 1), calc(100vw - 24px)\" srcset=\"https:\/\/www.greenpeace.org\/static\/planet4-netherlands-stateless\/2024\/11\/31a466fd-gp1svr5y_low-res-with-credit-line-800px.jpg 800w, https:\/\/www.greenpeace.org\/static\/planet4-netherlands-stateless\/2024\/11\/31a466fd-gp1svr5y_low-res-with-credit-line-800px-300x200.jpg 300w, https:\/\/www.greenpeace.org\/static\/planet4-netherlands-stateless\/2024\/11\/31a466fd-gp1svr5y_low-res-with-credit-line-800px-768x512.jpg 768w, https:\/\/www.greenpeace.org\/static\/planet4-netherlands-stateless\/2024\/11\/31a466fd-gp1svr5y_low-res-with-credit-line-800px-510x340.jpg 510w\" class=\"wp-image-66488 size-full\"\/><\/figure><div class=\"wp-block-media-text__content\">\n<h2 class=\"wp-block-heading\" id=\"h-het-probleem\">Het probleem<\/h2>\n\n\n\n<p>Het Nederlandse overheidsbeleid spekt een paar grote multinationals die goud geld verdienen aan de verwoestende handel in producten waarvoor natuur wordt verwoest. Er wordt regenwoud gekapt, land ingepikt van Inheemse bewoners, en leefgebied van dieren verwoest.<\/p>\n\n\n\n<div class=\"wp-block-buttons is-layout-flex wp-block-buttons-is-layout-flex\">\n<div class=\"wp-block-button\"><a class=\"wp-block-button__link wp-element-button\" href=\"\/nl\/algemeen\/53057\/inheemse-leiders-roepen-eu-ter-verantwoording\/\">Moord en doodslag om soja<\/a><\/div>\n<\/div>\n<\/div><\/div>\n\n\n\n\n<div style=\"height:35px\" aria-hidden=\"true\" class=\"wp-block-spacer\"><\/div>\n\n\n\n\n<div class=\"wp-block-media-text has-media-on-the-right is-stacked-on-mobile\"><div class=\"wp-block-media-text__content\">\n<h2 class=\"wp-block-heading\" id=\"h-wat-greenpeace-doet\">Wat Greenpeace doet<\/h2>\n\n\n\n<p>Er is overheidsbeleid nodig die de handel in \u00e9cht duurzame producten stimuleert. Eentje, die uit gaat van mens, dier en planeet. Handelsbeleid dat zorgt voor handelsovereenkomsten die volledig in lijn zijn met internationale afspraken zoals het Klimaatakkoord van Parijs, het Verdrag inzake Biologische Diversiteit en de Duurzame Ontwikkelingsdoelen, in plaats van ze te ondermijnen of te negeren. Daarom hebben we de 10 principes voor goed handelsbeleid opgesteld.<\/p>\n\n\n\n<div class=\"wp-block-buttons is-layout-flex wp-block-buttons-is-layout-flex\">\n<div class=\"wp-block-button\"><a class=\"wp-block-button__link wp-element-button\" href=\"\/nl\/algemeen\/55404\/handel-hoe-dan-wel\/\">10 principes voor goed handelsbeleid<\/a><\/div>\n<\/div>\n<\/div><figure class=\"wp-block-media-text__media\"><img loading=\"lazy\" decoding=\"async\" width=\"1024\" height=\"683\" src=\"https:\/\/www.greenpeace.org\/static\/planet4-netherlands-stateless\/2024\/10\/7bfb596a-gp1sxfzs-1024x683.jpg\" alt=\"Activists Block Soy Ship in IJmuiden Lock. \u00a9 Marten  van Dijl \/ Greenpeace\" sizes=\"auto, (min-width: 1600px) calc((1320px - 24px) \/ 2),(min-width: 1200px) calc((1140px - 24px) \/ 2),(min-width: 992px) calc((960px - 24px) \/ 2),(min-width: 768px) calc((720px - 24px) \/ 2),(min-width: 601px) calc((540px - 24px) \/ 2),(min-width: 577px) calc((540px - 24px) \/ 1), calc(100vw - 24px)\" srcset=\"https:\/\/www.greenpeace.org\/static\/planet4-netherlands-stateless\/2024\/10\/7bfb596a-gp1sxfzs.jpg 1200w, https:\/\/www.greenpeace.org\/static\/planet4-netherlands-stateless\/2024\/10\/7bfb596a-gp1sxfzs-300x200.jpg 300w, https:\/\/www.greenpeace.org\/static\/planet4-netherlands-stateless\/2024\/10\/7bfb596a-gp1sxfzs-1024x683.jpg 1024w, https:\/\/www.greenpeace.org\/static\/planet4-netherlands-stateless\/2024\/10\/7bfb596a-gp1sxfzs-768x512.jpg 768w, https:\/\/www.greenpeace.org\/static\/planet4-netherlands-stateless\/2024\/10\/7bfb596a-gp1sxfzs-510x340.jpg 510w\" class=\"wp-image-65842 size-full\"\/><\/figure><\/div>\n\n\n\n\n<div style=\"height:54px\" aria-hidden=\"true\" class=\"wp-block-spacer\"><\/div>\n\n\n\n        <div class=\"wp-block-query actions-list p4-query-loop is-custom-layout-actions-list is-custom-layout-grid is-layout-flex wp-block-query-is-layout-flex\"><h2 class=\"wp-block-heading\">Zo kan jij helpen<\/h2>\n        <p style=\"margin-top: 24px; margin-bottom: 32px;\"><\/p>\n        \n        <ul class=\"wp-block-post-template is-layout-flow wp-block-post-template-is-layout-flow\"><li class=\"wp-block-post post-64491 p4_action type-p4_action status-publish has-post-thumbnail hentry category-bossen-categorie tag-bossen action-type-acties\">\n                <figure class=\"wp-block-post-featured-image\"><img loading=\"lazy\" decoding=\"async\" width=\"800\" height=\"533\" src=\"https:\/\/www.greenpeace.org\/static\/planet4-netherlands-stateless\/2021\/05\/bf3b8b95-gp1sujkq_web_size_with_credit_line.jpg\" class=\"attachment-post-thumbnail size-post-thumbnail wp-post-image wp-stateless-item\" alt=\"\" style=\"object-fit:cover;\" srcset=\"https:\/\/www.greenpeace.org\/static\/planet4-netherlands-stateless\/2021\/05\/bf3b8b95-gp1sujkq_web_size_with_credit_line.jpg 800w, https:\/\/www.greenpeace.org\/static\/planet4-netherlands-stateless\/2021\/05\/bf3b8b95-gp1sujkq_web_size_with_credit_line-300x200.jpg 300w, https:\/\/www.greenpeace.org\/static\/planet4-netherlands-stateless\/2021\/05\/bf3b8b95-gp1sujkq_web_size_with_credit_line-768x512.jpg 768w, https:\/\/www.greenpeace.org\/static\/planet4-netherlands-stateless\/2021\/05\/bf3b8b95-gp1sujkq_web_size_with_credit_line-510x340.jpg 510w\" sizes=\"auto, (max-width: 800px) 100vw, 800px\" data-image-size=\"post-thumbnail\" data-stateless-media-bucket=\"planet4-netherlands-stateless\" data-stateless-media-name=\"2021\/05\/bf3b8b95-gp1sujkq_web_size_with_credit_line.jpg\" \/><\/figure>\n                \n                <div class=\"wp-block-group group-stretched-link is-layout-flow wp-block-group-is-layout-flow\"><div class=\"wp-block-post-terms\">Bossen<\/div>\n                <h3 class=\"wp-block-post-title\"><a href=\"https:\/\/www.greenpeace.org\/nl\/acties\/stop-ontbossing-wereldwijd\/\" target=\"_self\">Stop ontbossing wereldwijd<\/a><\/h3>\n                <div class=\"wp-block-post-excerpt\"><p class=\"wp-block-post-excerpt__excerpt\">Bossen zijn van levensbelang voor onze planeet. Als het thuis voor vele mensen en dieren. En als de natuurlijke beschermers van ons klimaat. <\/p><\/div><\/div>\n                \n                \n        <div class=\"wp-block-group read-more-nav is-layout-flow wp-block-group-is-layout-flow\"><a href=\"https:\/\/www.greenpeace.org\/nl\/acties\/stop-ontbossing-wereldwijd\/\" class=\"btn btn-primary btn-small\" aria-label=\"Teken de petitie\">Teken de petitie<\/a>\n        \n        \n        <\/div>\n        \n                <\/li><li class=\"wp-block-post post-64486 p4_action type-p4_action status-publish has-post-thumbnail hentry category-bossen-categorie tag-bossen action-type-acties\">\n                <figure class=\"wp-block-post-featured-image\"><img loading=\"lazy\" decoding=\"async\" width=\"480\" height=\"271\" src=\"https:\/\/www.greenpeace.org\/static\/planet4-netherlands-stateless\/2022\/10\/9bf9b942-amazonewoud.jpg\" class=\"attachment-post-thumbnail size-post-thumbnail wp-post-image wp-stateless-item\" alt=\"Amazonewoud\" style=\"object-fit:cover;\" srcset=\"https:\/\/www.greenpeace.org\/static\/planet4-netherlands-stateless\/2022\/10\/9bf9b942-amazonewoud.jpg 480w, https:\/\/www.greenpeace.org\/static\/planet4-netherlands-stateless\/2022\/10\/9bf9b942-amazonewoud-300x169.jpg 300w\" sizes=\"auto, (max-width: 480px) 100vw, 480px\" data-image-size=\"post-thumbnail\" data-stateless-media-bucket=\"planet4-netherlands-stateless\" data-stateless-media-name=\"2022\/10\/9bf9b942-amazonewoud.jpg\" \/><\/figure>\n                \n                <div class=\"wp-block-group group-stretched-link is-layout-flow wp-block-group-is-layout-flow\"><div class=\"wp-block-post-terms\">Bossen<\/div>\n                <h3 class=\"wp-block-post-title\"><a href=\"https:\/\/www.greenpeace.org\/nl\/acties\/red-het-amazonewoud\/\" target=\"_self\">Red het Amazonewoud<\/a><\/h3>\n                <div class=\"wp-block-post-excerpt\"><p class=\"wp-block-post-excerpt__excerpt\">De tijd dringt \u00e9cht voor de Amazone. Door de ontbossing en stijgende temperaturen komen hevige bosbranden steeds vaker voor. Als we de Amazone verliezen, verliezen we de strijd tegen klimaatverandering. Dat laten we niet gebeuren. <\/p><\/div><\/div>\n                \n                \n        <div class=\"wp-block-group read-more-nav is-layout-flow wp-block-group-is-layout-flow\"><a href=\"https:\/\/www.greenpeace.org\/nl\/acties\/red-het-amazonewoud\/\" class=\"btn btn-primary btn-small\" aria-label=\"Teken de petitie\">Teken de petitie<\/a>\n        \n        \n        <\/div>\n        \n                <\/li><\/ul>\n        \n<div class=\"wp-block-buttons carousel-controls is-horizontal is-content-justification-space-between is-nowrap is-layout-flex wp-container-core-buttons-is-layout-044bd602 wp-block-buttons-is-layout-flex\">\n            <div class=\"wp-block-button carousel-control-prev\"><button type=\"button\" class=\"wp-block-button__link wp-element-button\">Prev<\/button><\/div>\n        \n\n            <div class=\"wp-block-button carousel-control-next\"><button type=\"button\" class=\"wp-block-button__link wp-element-button\">Volgende<\/button><\/div>\n        <\/div>\n\n        \n<div class=\"wp-block-buttons load-more-actions-container is-content-justification-center is-layout-flex wp-container-core-buttons-is-layout-16018d1d wp-block-buttons-is-layout-flex\">\n                <div class=\"wp-block-button is-style-secondary\"><button type=\"button\" class=\"wp-block-button__link wp-element-button\">Laad meer<\/button><\/div>\n            \n<\/div>\n<\/div>\n        \n\n\n<div style=\"height:54px\" aria-hidden=\"true\" class=\"wp-block-spacer\"><\/div>\n\n\n\n\n<div class=\"wp-block-group block has-dark-green-800-background-color has-background is-layout-flow wp-block-group-is-layout-flow\">\n<div style=\"height:40px\" aria-hidden=\"true\" class=\"wp-block-spacer\"><\/div>\n\n\n\n<figure class=\"wp-block-image aligncenter size-full is-resized force-no-lightbox force-no-caption\" style=\"margin-top:0;margin-bottom:0\"><img loading=\"lazy\" decoding=\"async\" width=\"512\" height=\"512\" src=\"https:\/\/www.greenpeace.org\/static\/planet4-netherlands-stateless\/2024\/06\/37f17735-c9d7-4c46-a575-dc055b38447a.png\" alt=\"\" class=\"wp-image-63881\" style=\"width:166px;height:auto\" srcset=\"https:\/\/www.greenpeace.org\/static\/planet4-netherlands-stateless\/2024\/06\/37f17735-c9d7-4c46-a575-dc055b38447a.png 512w, https:\/\/www.greenpeace.org\/static\/planet4-netherlands-stateless\/2024\/06\/37f17735-c9d7-4c46-a575-dc055b38447a-300x300.png 300w, https:\/\/www.greenpeace.org\/static\/planet4-netherlands-stateless\/2024\/06\/37f17735-c9d7-4c46-a575-dc055b38447a-150x150.png 150w, https:\/\/www.greenpeace.org\/static\/planet4-netherlands-stateless\/2024\/06\/37f17735-c9d7-4c46-a575-dc055b38447a-340x340.png 340w\" sizes=\"auto, (max-width: 512px) 100vw, 512px\" \/><\/figure>\n\n\n\n<div style=\"height:32px\" aria-hidden=\"true\" class=\"wp-block-spacer\"><\/div>\n\n\n\n<h3 class=\"wp-block-heading has-text-align-center has-white-color has-text-color\" id=\"h-jouw-donatie-kan-helpen\">Jouw donatie helpt<\/h3>\n\n\n\n<div class=\"wp-block-buttons is-content-justification-center is-layout-flex wp-container-core-buttons-is-layout-16018d1d wp-block-buttons-is-layout-flex\">\n<div class=\"wp-block-button is-style-cta\"><a class=\"wp-block-button__link wp-element-button\" href=\"https:\/\/doemee.greenpeace.nl\/doneren\/\" target=\"_blank\" rel=\"noopener\">Doneer nu<\/a><\/div>\n<\/div>\n\n\n\n<div style=\"height:40px\" aria-hidden=\"true\" class=\"wp-block-spacer\"><\/div>\n<\/div>\n\n\n\n\n    <div class=\"wp-block-query posts-list p4-query-loop is-custom-layout-list is-layout-flow wp-block-query-is-layout-flow\">\n        <div class=\"wp-block-group is-content-justification-space-between is-layout-flex wp-container-core-group-is-layout-3d213aab wp-block-group-is-layout-flex\"><h2 class=\"wp-block-heading\">Gerelateerde artikelen<\/h2>\n        \n        \n        <\/div>\n        \n\n    <p style=\"margin-top: 24px; margin-bottom: 36px;\"><\/p>\n\n    \n\n    <ul class=\"wp-block-post-template is-layout-flow wp-block-post-template-is-layout-flow\"><li class=\"wp-block-post post-74278 post type-post status-publish format-standard has-post-thumbnail hentry category-algemeen category-bossen-categorie category-jbs category-voedsel-categorie tag-vlees tag-bossen tag-amazone tag-consumptie tag-voedsel p4-page-type-artikelen\">\n            \n<div class=\"wp-block-columns is-layout-flex wp-container-core-columns-is-layout-9d6595d7 wp-block-columns-is-layout-flex\"><figure class=\"wp-block-post-featured-image\"><a href=\"https:\/\/www.greenpeace.org\/nl\/algemeen\/74278\/greenpeace-start-campagne-tegen-jbs\/\" target=\"_self\"><img loading=\"lazy\" decoding=\"async\" width=\"1200\" height=\"800\" src=\"https:\/\/www.greenpeace.org\/static\/planet4-netherlands-stateless\/2026\/04\/2f54ade8-gp0su4d0p_medium-res-1200px.jpg\" class=\"attachment-post-thumbnail size-post-thumbnail wp-post-image wp-stateless-item\" alt=\"Greenpeace start campagne tegen JBS &#8211; wacht, tegen wie?\" style=\"object-fit:cover;\" srcset=\"https:\/\/www.greenpeace.org\/static\/planet4-netherlands-stateless\/2026\/04\/2f54ade8-gp0su4d0p_medium-res-1200px.jpg 1200w, https:\/\/www.greenpeace.org\/static\/planet4-netherlands-stateless\/2026\/04\/2f54ade8-gp0su4d0p_medium-res-1200px-300x200.jpg 300w, https:\/\/www.greenpeace.org\/static\/planet4-netherlands-stateless\/2026\/04\/2f54ade8-gp0su4d0p_medium-res-1200px-1024x683.jpg 1024w, https:\/\/www.greenpeace.org\/static\/planet4-netherlands-stateless\/2026\/04\/2f54ade8-gp0su4d0p_medium-res-1200px-768x512.jpg 768w, https:\/\/www.greenpeace.org\/static\/planet4-netherlands-stateless\/2026\/04\/2f54ade8-gp0su4d0p_medium-res-1200px-510x340.jpg 510w\" sizes=\"auto, (max-width: 1200px) 100vw, 1200px\" data-image-size=\"post-thumbnail\" data-stateless-media-bucket=\"planet4-netherlands-stateless\" data-stateless-media-name=\"2026\/04\/2f54ade8-gp0su4d0p_medium-res-1200px.jpg\" \/><\/a><\/figure>\n\n        <div class=\"wp-block-group is-layout-flow wp-block-group-is-layout-flow\">\n                <div class=\"wp-block-group is-layout-flex wp-block-group-is-layout-flex\"><div class=\"wp-block-post-terms\"><a href=\"https:\/\/www.greenpeace.org\/nl\/category\/algemeen\/\">Algemeen<\/a><\/div>\n                <div class=\"taxonomy-post_tag wp-block-post-terms\"><a href=\"https:\/\/www.greenpeace.org\/nl\/tag\/vlees\/\" rel=\"tag\">Vlees<\/a><span class=\"wp-block-post-terms__separator\"> <\/span><a href=\"https:\/\/www.greenpeace.org\/nl\/tag\/bossen\/\" rel=\"tag\">Bossen<\/a><span class=\"wp-block-post-terms__separator\"> <\/span><a href=\"https:\/\/www.greenpeace.org\/nl\/tag\/amazone\/\" rel=\"tag\">Amazone<\/a><span class=\"wp-block-post-terms__separator\"> <\/span><a href=\"https:\/\/www.greenpeace.org\/nl\/tag\/consumptie\/\" rel=\"tag\">Consumptie<\/a><span class=\"wp-block-post-terms__separator\"> <\/span><a href=\"https:\/\/www.greenpeace.org\/nl\/tag\/voedsel\/\" rel=\"tag\">Voedsel<\/a><\/div>\n                \n                <\/div>\n                \n        <h3 class=\"wp-block-post-title\"><a href=\"https:\/\/www.greenpeace.org\/nl\/algemeen\/74278\/greenpeace-start-campagne-tegen-jbs\/\" target=\"_self\">Greenpeace start campagne tegen JBS &#8211; wacht, tegen wie?<\/a><\/h3>\n        <div class=\"wp-block-post-excerpt\"><p class=\"wp-block-post-excerpt__excerpt\">Stel, je bent het grootste vleesbedrijf ter wereld. Hoe zou jij jezelf dan in de markt zetten? Als d\u00e9 voedselleverancier van de wereld, die ook nog eens ontzettend duurzaam bezig is? Dat is precies wat JBS doet. In werkelijkheid is deze vleesgigant de allergrootste klimaatschurk van de vee-industrie <\/p><\/div>\n        \n        <div class=\"wp-block-group posts-list-meta is-layout-flow wp-block-group-is-layout-flow\"><span class='article-list-item-author'><a href=\"https:\/\/www.greenpeace.org\/nl\/author\/iwillems\/\">Isabel Willemsen<\/a><\/span>\n        <div class=\"wp-block-post-date\"><time datetime=\"2026-04-23T14:30:00+02:00\">23 april 2026<\/time><\/div>\n        \n        <\/div>\n        <\/div>\n        <\/div>\n\n            <\/li><li class=\"wp-block-post post-73944 post type-post status-publish format-standard has-post-thumbnail hentry category-algemeen category-bossen-categorie category-jbs category-voedsel-categorie tag-vlees tag-bossen tag-amazone tag-consumptie tag-voedsel p4-page-type-artikelen\">\n            \n<div class=\"wp-block-columns is-layout-flex wp-container-core-columns-is-layout-9d6595d7 wp-block-columns-is-layout-flex\"><figure class=\"wp-block-post-featured-image\"><a href=\"https:\/\/www.greenpeace.org\/nl\/algemeen\/73944\/samen-stoppen-we-de-verwoestende-vee-industrie\/\" target=\"_self\"><img loading=\"lazy\" decoding=\"async\" width=\"1176\" height=\"784\" src=\"https:\/\/www.greenpeace.org\/static\/planet4-netherlands-stateless\/2026\/04\/5a04b6db-gp0sttxg3-edited.jpg\" class=\"attachment-post-thumbnail size-post-thumbnail wp-post-image wp-stateless-item\" alt=\"Samen stoppen we de verwoestende vee-industrie\" style=\"object-fit:cover;\" srcset=\"https:\/\/www.greenpeace.org\/static\/planet4-netherlands-stateless\/2026\/04\/5a04b6db-gp0sttxg3-edited.jpg 1176w, https:\/\/www.greenpeace.org\/static\/planet4-netherlands-stateless\/2026\/04\/5a04b6db-gp0sttxg3-edited-300x200.jpg 300w, https:\/\/www.greenpeace.org\/static\/planet4-netherlands-stateless\/2026\/04\/5a04b6db-gp0sttxg3-edited-1024x683.jpg 1024w, https:\/\/www.greenpeace.org\/static\/planet4-netherlands-stateless\/2026\/04\/5a04b6db-gp0sttxg3-edited-768x512.jpg 768w, https:\/\/www.greenpeace.org\/static\/planet4-netherlands-stateless\/2026\/04\/5a04b6db-gp0sttxg3-edited-510x340.jpg 510w\" sizes=\"auto, (max-width: 1176px) 100vw, 1176px\" data-image-size=\"post-thumbnail\" data-stateless-media-bucket=\"planet4-netherlands-stateless\" data-stateless-media-name=\"2026\/04\/5a04b6db-gp0sttxg3-edited.jpg\" \/><\/a><\/figure>\n\n        <div class=\"wp-block-group is-layout-flow wp-block-group-is-layout-flow\">\n                <div class=\"wp-block-group is-layout-flex wp-block-group-is-layout-flex\"><div class=\"wp-block-post-terms\"><a href=\"https:\/\/www.greenpeace.org\/nl\/category\/algemeen\/\">Algemeen<\/a><\/div>\n                <div class=\"taxonomy-post_tag wp-block-post-terms\"><a href=\"https:\/\/www.greenpeace.org\/nl\/tag\/vlees\/\" rel=\"tag\">Vlees<\/a><span class=\"wp-block-post-terms__separator\"> <\/span><a href=\"https:\/\/www.greenpeace.org\/nl\/tag\/bossen\/\" rel=\"tag\">Bossen<\/a><span class=\"wp-block-post-terms__separator\"> <\/span><a href=\"https:\/\/www.greenpeace.org\/nl\/tag\/amazone\/\" rel=\"tag\">Amazone<\/a><span class=\"wp-block-post-terms__separator\"> <\/span><a href=\"https:\/\/www.greenpeace.org\/nl\/tag\/consumptie\/\" rel=\"tag\">Consumptie<\/a><span class=\"wp-block-post-terms__separator\"> <\/span><a href=\"https:\/\/www.greenpeace.org\/nl\/tag\/voedsel\/\" rel=\"tag\">Voedsel<\/a><\/div>\n                \n                <\/div>\n                \n        <h3 class=\"wp-block-post-title\"><a href=\"https:\/\/www.greenpeace.org\/nl\/algemeen\/73944\/samen-stoppen-we-de-verwoestende-vee-industrie\/\" target=\"_self\">Samen stoppen we de verwoestende vee-industrie<\/a><\/h3>\n        <div class=\"wp-block-post-excerpt\"><p class=\"wp-block-post-excerpt__excerpt\">Ons voedselsysteem is al jaren kapot. En dat is te wijten aan de hebzucht van grote bedrijven. Zij maken megawinsten, wij betalen de prijs. <\/p><\/div>\n        \n        <div class=\"wp-block-group posts-list-meta is-layout-flow wp-block-group-is-layout-flow\"><span class='article-list-item-author'><a href=\"https:\/\/www.greenpeace.org\/nl\/author\/iwillems\/\">Isabel Willemsen<\/a><\/span>\n        <div class=\"wp-block-post-date\"><time datetime=\"2026-04-03T11:53:31+02:00\">3 april 2026<\/time><\/div>\n        \n        <\/div>\n        <\/div>\n        <\/div>\n\n            <\/li><li class=\"wp-block-post post-73941 post type-post status-publish format-standard has-post-thumbnail hentry category-bossen-categorie category-jbs tag-amazone tag-bossen tag-jbs p4-page-type-artikelen\">\n            \n<div class=\"wp-block-columns is-layout-flex wp-container-core-columns-is-layout-9d6595d7 wp-block-columns-is-layout-flex\"><figure class=\"wp-block-post-featured-image\"><a href=\"https:\/\/www.greenpeace.org\/nl\/bossen-categorie\/73941\/giftige-boslucht\/\" target=\"_self\"><img loading=\"lazy\" decoding=\"async\" width=\"800\" height=\"533\" src=\"https:\/\/www.greenpeace.org\/static\/planet4-netherlands-stateless\/2026\/04\/2f1a7b44-gp0su6o25_low-res-800px.jpg\" class=\"attachment-post-thumbnail size-post-thumbnail wp-post-image wp-stateless-item\" alt=\"\u200b\u200bGiftige boslucht\" style=\"object-fit:cover;\" srcset=\"https:\/\/www.greenpeace.org\/static\/planet4-netherlands-stateless\/2026\/04\/2f1a7b44-gp0su6o25_low-res-800px.jpg 800w, https:\/\/www.greenpeace.org\/static\/planet4-netherlands-stateless\/2026\/04\/2f1a7b44-gp0su6o25_low-res-800px-300x200.jpg 300w, https:\/\/www.greenpeace.org\/static\/planet4-netherlands-stateless\/2026\/04\/2f1a7b44-gp0su6o25_low-res-800px-768x512.jpg 768w, https:\/\/www.greenpeace.org\/static\/planet4-netherlands-stateless\/2026\/04\/2f1a7b44-gp0su6o25_low-res-800px-510x340.jpg 510w\" sizes=\"auto, (max-width: 800px) 100vw, 800px\" data-image-size=\"post-thumbnail\" data-stateless-media-bucket=\"planet4-netherlands-stateless\" data-stateless-media-name=\"2026\/04\/2f1a7b44-gp0su6o25_low-res-800px.jpg\" \/><\/a><\/figure>\n\n        <div class=\"wp-block-group is-layout-flow wp-block-group-is-layout-flow\">\n                <div class=\"wp-block-group is-layout-flex wp-block-group-is-layout-flex\"><div class=\"wp-block-post-terms\"><a href=\"https:\/\/www.greenpeace.org\/nl\/category\/bossen-categorie\/\">Bossen<\/a><\/div>\n                <div class=\"taxonomy-post_tag wp-block-post-terms\"><a href=\"https:\/\/www.greenpeace.org\/nl\/tag\/amazone\/\" rel=\"tag\">Amazone<\/a><span class=\"wp-block-post-terms__separator\"> <\/span><a href=\"https:\/\/www.greenpeace.org\/nl\/tag\/bossen\/\" rel=\"tag\">Bossen<\/a><span class=\"wp-block-post-terms__separator\"> <\/span><a href=\"https:\/\/www.greenpeace.org\/nl\/tag\/jbs\/\" rel=\"tag\">JBS<\/a><\/div>\n                \n                <\/div>\n                \n        <h3 class=\"wp-block-post-title\"><a href=\"https:\/\/www.greenpeace.org\/nl\/bossen-categorie\/73941\/giftige-boslucht\/\" target=\"_self\">\u200b\u200bGiftige boslucht<\/a><\/h3>\n        <div class=\"wp-block-post-excerpt\"><p class=\"wp-block-post-excerpt__excerpt\">De agro-industrie verbrandt het Amazoneregenwoud op een ongekende schaal. Koeien grazen nu al op 14% van het extreem waardevolle Amazonebioom. Inheemse bewoners leven maandenlang in de smog. Greenpeace onderzocht deze luchtvervuiling, met schokkende uitkomsten. <\/p><\/div>\n        \n        <div class=\"wp-block-group posts-list-meta is-layout-flow wp-block-group-is-layout-flow\"><span class='article-list-item-author'><a href=\"https:\/\/www.greenpeace.org\/nl\/author\/gpnetherlands\/\">Greenpeace Nederland<\/a><\/span>\n        <div class=\"wp-block-post-date\"><time datetime=\"2026-04-03T11:40:27+02:00\">3 april 2026<\/time><\/div>\n        \n        <\/div>\n        <\/div>\n        <\/div>\n\n            <\/li><\/ul>\n\n    \n<div class=\"wp-block-buttons carousel-controls is-horizontal is-content-justification-space-between is-nowrap is-layout-flex wp-container-core-buttons-is-layout-044bd602 wp-block-buttons-is-layout-flex\">\n            <div class=\"wp-block-button carousel-control-prev\"><button type=\"button\" class=\"wp-block-button__link wp-element-button\">Prev<\/button><\/div>\n        \n\n            <div class=\"wp-block-button carousel-control-next\"><button type=\"button\" class=\"wp-block-button__link wp-element-button\">Volgende<\/button><\/div>\n        <\/div>\n\n\n    <\/div>\n    \n\n\n<div style=\"height:51px\" aria-hidden=\"true\" class=\"wp-block-spacer\"><\/div>\n\n\n\n    <div class=\"wp-block-query posts-list p4-query-loop is-custom-layout-grid is-layout-grid wp-container-core-query-is-layout-b8bb0bd1 wp-block-query-is-layout-grid\">\n        <div class=\"wp-block-group is-content-justification-space-between is-layout-flex wp-container-core-group-is-layout-3d213aab wp-block-group-is-layout-flex\"><h2 class=\"wp-block-heading\">Publicaties &amp; onderzoek<\/h2>\n        \n        \n        <\/div>\n        \n\n    <p style=\"margin-top: 24px; margin-bottom: 36px;\"><\/p>\n\n    \n\n    <ul class=\"wp-block-post-template is-layout-flow wp-block-post-template-is-layout-flow\"><li class=\"wp-block-post post-74285 post type-post status-publish format-standard has-post-thumbnail hentry category-eerlijke-wereld category-klimaat-categorie tag-brief tag-eerlijke-wereld tag-klimaat p4-page-type-publicaties\">\n            \n<div class=\"wp-block-columns is-layout-flex wp-container-core-columns-is-layout-9d6595d7 wp-block-columns-is-layout-flex\"><figure class=\"wp-block-post-featured-image\"><a href=\"https:\/\/www.greenpeace.org\/nl\/klimaat-categorie\/74285\/brief-aan-klimaatminister-van-veldhoven-over-santa-marta-conferentie-en-rechtvaardig-uitfaseren-van-fossiele-brandstoffen\/\" target=\"_self\"><img loading=\"lazy\" decoding=\"async\" width=\"1200\" height=\"857\" src=\"https:\/\/www.greenpeace.org\/static\/planet4-netherlands-stateless\/2026\/04\/d6247b40-gp0su3jhz.jpg\" class=\"attachment-post-thumbnail size-post-thumbnail wp-post-image wp-stateless-item\" alt=\"Brief aan klimaatminister van Veldhoven over Santa Marta conferentie en rechtvaardig uitfaseren van fossiele brandstoffen\" style=\"object-fit:cover;\" srcset=\"https:\/\/www.greenpeace.org\/static\/planet4-netherlands-stateless\/2026\/04\/d6247b40-gp0su3jhz.jpg 1200w, https:\/\/www.greenpeace.org\/static\/planet4-netherlands-stateless\/2026\/04\/d6247b40-gp0su3jhz-300x214.jpg 300w, https:\/\/www.greenpeace.org\/static\/planet4-netherlands-stateless\/2026\/04\/d6247b40-gp0su3jhz-1024x731.jpg 1024w, https:\/\/www.greenpeace.org\/static\/planet4-netherlands-stateless\/2026\/04\/d6247b40-gp0su3jhz-768x548.jpg 768w, https:\/\/www.greenpeace.org\/static\/planet4-netherlands-stateless\/2026\/04\/d6247b40-gp0su3jhz-476x340.jpg 476w\" sizes=\"auto, (max-width: 1200px) 100vw, 1200px\" data-image-size=\"post-thumbnail\" data-stateless-media-bucket=\"planet4-netherlands-stateless\" data-stateless-media-name=\"2026\/04\/d6247b40-gp0su3jhz.jpg\" \/><\/a><\/figure>\n\n        <div class=\"wp-block-group is-layout-flow wp-block-group-is-layout-flow\">\n                <div class=\"wp-block-group is-layout-flow wp-block-group-is-layout-flow\"><div class=\"wp-block-post-terms\"><a href=\"https:\/\/www.greenpeace.org\/nl\/category\/eerlijke-wereld\/\">Eerlijke wereld<\/a><\/div>\n                <div class=\"taxonomy-post_tag wp-block-post-terms\"><a href=\"https:\/\/www.greenpeace.org\/nl\/tag\/brief\/\" rel=\"tag\">Brief<\/a><span class=\"wp-block-post-terms__separator\"> <\/span><a href=\"https:\/\/www.greenpeace.org\/nl\/tag\/eerlijke-wereld\/\" rel=\"tag\">Eerlijke wereld<\/a><span class=\"wp-block-post-terms__separator\"> <\/span><a href=\"https:\/\/www.greenpeace.org\/nl\/tag\/klimaat\/\" rel=\"tag\">Klimaat<\/a><\/div>\n                \n                <\/div>\n                \n        <h3 class=\"wp-block-post-title\"><a href=\"https:\/\/www.greenpeace.org\/nl\/klimaat-categorie\/74285\/brief-aan-klimaatminister-van-veldhoven-over-santa-marta-conferentie-en-rechtvaardig-uitfaseren-van-fossiele-brandstoffen\/\" target=\"_self\">Brief aan klimaatminister van Veldhoven over Santa Marta conferentie en rechtvaardig uitfaseren van fossiele brandstoffen<\/a><\/h3>\n        <div class=\"wp-block-post-excerpt\"><p class=\"wp-block-post-excerpt__excerpt\">Volgende week zal minister van Veldhoven in Santa Marta met Colombia leiding geven aan de allereerste internationale Transitioning Away from Fossil conferentie. We verwelkomen het leiderschap van Nederland en Colombia om de\u00a0 conferentie te organiseren in Santa Marta. Nu de gevolgen van de klimaatcrisis snel ingrijpender worden en de energiecrisis tot instabiliteit en onzekerheid leidt,&hellip; <\/p><\/div>\n        \n        <div class=\"wp-block-group posts-list-meta is-layout-flow wp-block-group-is-layout-flow\"><span class='article-list-item-author'><a href=\"https:\/\/www.greenpeace.org\/nl\/author\/mdezeeuw\/\">Maarten de Zeeuw<\/a><\/span>\n        <div class=\"wp-block-post-date\"><time datetime=\"2026-04-23T14:26:08+02:00\">23 april 2026<\/time><\/div>\n        \n        <\/div>\n        <\/div>\n        <\/div>\n\n            <\/li><li class=\"wp-block-post post-72862 post type-post status-publish format-standard has-post-thumbnail hentry category-jbs category-bossen-categorie tag-bossen tag-jbs tag-wetenschappelijke-publicatie p4-page-type-publicaties\">\n            \n<div class=\"wp-block-columns is-layout-flex wp-container-core-columns-is-layout-9d6595d7 wp-block-columns-is-layout-flex\"><figure class=\"wp-block-post-featured-image\"><a href=\"https:\/\/www.greenpeace.org\/nl\/bossen-categorie\/72862\/toxic-skies-how-agribusiness-is-choking-the-amazon\/\" target=\"_self\"><img loading=\"lazy\" decoding=\"async\" width=\"1678\" height=\"1186\" src=\"https:\/\/www.greenpeace.org\/static\/planet4-netherlands-stateless\/2025\/11\/20380d4e-screenshot-2025-11-06-at-13.53.03.png\" class=\"attachment-post-thumbnail size-post-thumbnail wp-post-image wp-stateless-item\" alt=\"Toxic Skies: Hoe de agro-industrie de Amazone verstikt\" style=\"object-fit:cover;\" srcset=\"https:\/\/www.greenpeace.org\/static\/planet4-netherlands-stateless\/2025\/11\/20380d4e-screenshot-2025-11-06-at-13.53.03.png 1678w, https:\/\/www.greenpeace.org\/static\/planet4-netherlands-stateless\/2025\/11\/20380d4e-screenshot-2025-11-06-at-13.53.03-300x212.png 300w, https:\/\/www.greenpeace.org\/static\/planet4-netherlands-stateless\/2025\/11\/20380d4e-screenshot-2025-11-06-at-13.53.03-1024x724.png 1024w, https:\/\/www.greenpeace.org\/static\/planet4-netherlands-stateless\/2025\/11\/20380d4e-screenshot-2025-11-06-at-13.53.03-768x543.png 768w, https:\/\/www.greenpeace.org\/static\/planet4-netherlands-stateless\/2025\/11\/20380d4e-screenshot-2025-11-06-at-13.53.03-1536x1086.png 1536w, https:\/\/www.greenpeace.org\/static\/planet4-netherlands-stateless\/2025\/11\/20380d4e-screenshot-2025-11-06-at-13.53.03-481x340.png 481w\" sizes=\"auto, (max-width: 1678px) 100vw, 1678px\" data-image-size=\"post-thumbnail\" data-stateless-media-bucket=\"planet4-netherlands-stateless\" data-stateless-media-name=\"2025\/11\/20380d4e-screenshot-2025-11-06-at-13.53.03.png\" \/><\/a><\/figure>\n\n        <div class=\"wp-block-group is-layout-flow wp-block-group-is-layout-flow\">\n                <div class=\"wp-block-group is-layout-flow wp-block-group-is-layout-flow\"><div class=\"wp-block-post-terms\"><a href=\"https:\/\/www.greenpeace.org\/nl\/category\/jbs\/\">JBS<\/a><\/div>\n                <div class=\"taxonomy-post_tag wp-block-post-terms\"><a href=\"https:\/\/www.greenpeace.org\/nl\/tag\/bossen\/\" rel=\"tag\">Bossen<\/a><span class=\"wp-block-post-terms__separator\"> <\/span><a href=\"https:\/\/www.greenpeace.org\/nl\/tag\/jbs\/\" rel=\"tag\">JBS<\/a><span class=\"wp-block-post-terms__separator\"> <\/span><a href=\"https:\/\/www.greenpeace.org\/nl\/tag\/wetenschappelijke-publicatie\/\" rel=\"tag\">Wetenschappelijke Publicatie<\/a><\/div>\n                \n                <\/div>\n                \n        <h3 class=\"wp-block-post-title\"><a href=\"https:\/\/www.greenpeace.org\/nl\/bossen-categorie\/72862\/toxic-skies-how-agribusiness-is-choking-the-amazon\/\" target=\"_self\">Toxic Skies: Hoe de agro-industrie de Amazone verstikt<\/a><\/h3>\n        <div class=\"wp-block-post-excerpt\"><p class=\"wp-block-post-excerpt__excerpt\">Dit rapport van Greenpeace International, gepubliceerd in november 2025, volgt de luchtvervuiling in cruciale regio\u2019s van het Amazonegebied. Het onthult hoe branden, die rechtstreeks verband houden met landbouwactiviteiten, de luchtkwaliteit ernstig verslechteren, de volksgezondheid bedreigen en de klimaat- en biodiversiteitscrisis versnellen. <\/p><\/div>\n        \n        <div class=\"wp-block-group posts-list-meta is-layout-flow wp-block-group-is-layout-flow\"><span class='article-list-item-author'><a href=\"https:\/\/www.greenpeace.org\/nl\/author\/sdeters\/\">Sigrid Deters<\/a><\/span>\n        <div class=\"wp-block-post-date\"><time datetime=\"2025-11-06T13:23:11+01:00\">6 november 2025<\/time><\/div>\n        \n        <\/div>\n        <\/div>\n        <\/div>\n\n            <\/li><li class=\"wp-block-post post-72763 post type-post status-publish format-standard has-post-thumbnail hentry category-jbs category-bossen-categorie tag-bossen tag-jbs tag-wetenschappelijke-publicatie p4-page-type-publicaties\">\n            \n<div class=\"wp-block-columns is-layout-flex wp-container-core-columns-is-layout-9d6595d7 wp-block-columns-is-layout-flex\"><figure class=\"wp-block-post-featured-image\"><a href=\"https:\/\/www.greenpeace.org\/nl\/bossen-categorie\/72763\/roasting-the-planet-big-meat-dairys-big-emissions\/\" target=\"_self\"><img loading=\"lazy\" decoding=\"async\" width=\"629\" height=\"876\" src=\"https:\/\/www.greenpeace.org\/static\/planet4-netherlands-stateless\/2025\/10\/2037e5bb-screenshot-2025-10-21-133518.png\" class=\"attachment-post-thumbnail size-post-thumbnail wp-post-image wp-stateless-item\" alt=\"Roasting the planet: big meat &amp; dairy&#8217;s big emissions\" style=\"object-fit:cover;\" srcset=\"https:\/\/www.greenpeace.org\/static\/planet4-netherlands-stateless\/2025\/10\/2037e5bb-screenshot-2025-10-21-133518.png 629w, https:\/\/www.greenpeace.org\/static\/planet4-netherlands-stateless\/2025\/10\/2037e5bb-screenshot-2025-10-21-133518-215x300.png 215w, https:\/\/www.greenpeace.org\/static\/planet4-netherlands-stateless\/2025\/10\/2037e5bb-screenshot-2025-10-21-133518-244x340.png 244w\" sizes=\"auto, (max-width: 629px) 100vw, 629px\" data-image-size=\"post-thumbnail\" data-stateless-media-bucket=\"planet4-netherlands-stateless\" data-stateless-media-name=\"2025\/10\/2037e5bb-screenshot-2025-10-21-133518.png\" \/><\/a><\/figure>\n\n        <div class=\"wp-block-group is-layout-flow wp-block-group-is-layout-flow\">\n                <div class=\"wp-block-group is-layout-flow wp-block-group-is-layout-flow\"><div class=\"wp-block-post-terms\"><a href=\"https:\/\/www.greenpeace.org\/nl\/category\/jbs\/\">JBS<\/a><\/div>\n                <div class=\"taxonomy-post_tag wp-block-post-terms\"><a href=\"https:\/\/www.greenpeace.org\/nl\/tag\/bossen\/\" rel=\"tag\">Bossen<\/a><span class=\"wp-block-post-terms__separator\"> <\/span><a href=\"https:\/\/www.greenpeace.org\/nl\/tag\/jbs\/\" rel=\"tag\">JBS<\/a><span class=\"wp-block-post-terms__separator\"> <\/span><a href=\"https:\/\/www.greenpeace.org\/nl\/tag\/wetenschappelijke-publicatie\/\" rel=\"tag\">Wetenschappelijke Publicatie<\/a><\/div>\n                \n                <\/div>\n                \n        <h3 class=\"wp-block-post-title\"><a href=\"https:\/\/www.greenpeace.org\/nl\/bossen-categorie\/72763\/roasting-the-planet-big-meat-dairys-big-emissions\/\" target=\"_self\">Roasting the planet: big meat &amp; dairy&#8217;s big emissions<\/a><\/h3>\n        <div class=\"wp-block-post-excerpt\"><p class=\"wp-block-post-excerpt__excerpt\">Rapport toont aan: de uitstoot van grote internationale vlees- en zuivelbedrijven evenaart die van Saoedi-Arabi\u00eb <\/p><\/div>\n        \n        <div class=\"wp-block-group posts-list-meta is-layout-flow wp-block-group-is-layout-flow\"><span class='article-list-item-author'><a href=\"https:\/\/www.greenpeace.org\/nl\/author\/iwillems\/\">Isabel Willemsen<\/a><\/span>\n        <div class=\"wp-block-post-date\"><time datetime=\"2025-10-21T15:34:34+02:00\">21 oktober 2025<\/time><\/div>\n        \n        <\/div>\n        <\/div>\n        <\/div>\n\n            <\/li><li class=\"wp-block-post post-72489 post type-post status-publish format-standard has-post-thumbnail hentry category-jbs category-bossen-categorie tag-bossen tag-jbs tag-wetenschappelijke-publicatie p4-page-type-publicaties\">\n            \n<div class=\"wp-block-columns is-layout-flex wp-container-core-columns-is-layout-9d6595d7 wp-block-columns-is-layout-flex\"><figure class=\"wp-block-post-featured-image\"><a href=\"https:\/\/www.greenpeace.org\/nl\/bossen-categorie\/72489\/jbs-rundvleesexport-naar-eu-gelinkt-aan-illegaal-gefokt-vee\/\" target=\"_self\"><img loading=\"lazy\" decoding=\"async\" width=\"2106\" height=\"1416\" src=\"https:\/\/www.greenpeace.org\/static\/planet4-netherlands-stateless\/2025\/09\/45ede311-screenshot-2025-09-26-at-08.02.12.png\" class=\"attachment-post-thumbnail size-post-thumbnail wp-post-image wp-stateless-item\" alt=\"JBS-rundvleesexport naar EU gelinkt aan illegaal gefokt vee\u00a0\" style=\"object-fit:cover;\" srcset=\"https:\/\/www.greenpeace.org\/static\/planet4-netherlands-stateless\/2025\/09\/45ede311-screenshot-2025-09-26-at-08.02.12.png 2106w, https:\/\/www.greenpeace.org\/static\/planet4-netherlands-stateless\/2025\/09\/45ede311-screenshot-2025-09-26-at-08.02.12-300x202.png 300w, https:\/\/www.greenpeace.org\/static\/planet4-netherlands-stateless\/2025\/09\/45ede311-screenshot-2025-09-26-at-08.02.12-1024x689.png 1024w, https:\/\/www.greenpeace.org\/static\/planet4-netherlands-stateless\/2025\/09\/45ede311-screenshot-2025-09-26-at-08.02.12-768x516.png 768w, https:\/\/www.greenpeace.org\/static\/planet4-netherlands-stateless\/2025\/09\/45ede311-screenshot-2025-09-26-at-08.02.12-1536x1033.png 1536w\" sizes=\"auto, (max-width: 2106px) 100vw, 2106px\" data-image-size=\"post-thumbnail\" data-stateless-media-bucket=\"planet4-netherlands-stateless\" data-stateless-media-name=\"2025\/09\/45ede311-screenshot-2025-09-26-at-08.02.12.png\" \/><\/a><\/figure>\n\n        <div class=\"wp-block-group is-layout-flow wp-block-group-is-layout-flow\">\n                <div class=\"wp-block-group is-layout-flow wp-block-group-is-layout-flow\"><div class=\"wp-block-post-terms\"><a href=\"https:\/\/www.greenpeace.org\/nl\/category\/jbs\/\">JBS<\/a><\/div>\n                <div class=\"taxonomy-post_tag wp-block-post-terms\"><a href=\"https:\/\/www.greenpeace.org\/nl\/tag\/bossen\/\" rel=\"tag\">Bossen<\/a><span class=\"wp-block-post-terms__separator\"> <\/span><a href=\"https:\/\/www.greenpeace.org\/nl\/tag\/jbs\/\" rel=\"tag\">JBS<\/a><span class=\"wp-block-post-terms__separator\"> <\/span><a href=\"https:\/\/www.greenpeace.org\/nl\/tag\/wetenschappelijke-publicatie\/\" rel=\"tag\">Wetenschappelijke Publicatie<\/a><\/div>\n                \n                <\/div>\n                \n        <h3 class=\"wp-block-post-title\"><a href=\"https:\/\/www.greenpeace.org\/nl\/bossen-categorie\/72489\/jbs-rundvleesexport-naar-eu-gelinkt-aan-illegaal-gefokt-vee\/\" target=\"_self\">JBS-rundvleesexport naar EU gelinkt aan illegaal gefokt vee\u00a0<\/a><\/h3>\n        <div class=\"wp-block-post-excerpt\"><p class=\"wp-block-post-excerpt__excerpt\">Leeswijzer bij: case study &#8216;JBS\u2019 supply chain linked to cattle raised illegally on indigenous land&#8217; (Greenpeace Brazili\u00eb 2025)\u00a0\u00a0 <\/p><\/div>\n        \n        <div class=\"wp-block-group posts-list-meta is-layout-flow wp-block-group-is-layout-flow\"><span class='article-list-item-author'><a href=\"https:\/\/www.greenpeace.org\/nl\/author\/gpnetherlands\/\">Greenpeace Nederland<\/a><\/span>\n        <div class=\"wp-block-post-date\"><time datetime=\"2025-09-26T08:04:15+02:00\">26 september 2025<\/time><\/div>\n        \n        <\/div>\n        <\/div>\n        <\/div>\n\n            <\/li><\/ul>\n\n    \n<div class=\"wp-block-buttons carousel-controls is-horizontal is-content-justification-space-between is-nowrap is-layout-flex wp-container-core-buttons-is-layout-044bd602 wp-block-buttons-is-layout-flex\">\n            <div class=\"wp-block-button carousel-control-prev\"><button type=\"button\" class=\"wp-block-button__link wp-element-button\">Prev<\/button><\/div>\n        \n\n            <div class=\"wp-block-button carousel-control-next\"><button type=\"button\" class=\"wp-block-button__link wp-element-button\">Volgende<\/button><\/div>\n        <\/div>\n\n\n    <\/div>\n    \n\n\n<div style=\"height:51px\" aria-hidden=\"true\" class=\"wp-block-spacer\"><\/div>\n\n\n\n\n<div class=\"wp-block-group alignfull block has-beige-100-background-color has-background is-layout-flow wp-block-group-is-layout-flow\">\n<div class=\"wp-block-group container is-layout-flow wp-block-group-is-layout-flow\">\n<div style=\"height:24px\" aria-hidden=\"true\" class=\"wp-block-spacer\"><\/div>\n\n\n\n<h2 class=\"wp-block-heading has-text-align-center\" id=\"h-keep-learning-about\">Ontdek meer<\/h2>\n\n\n\n<div class=\"wp-block-columns is-layout-flex wp-container-core-columns-is-layout-9d6595d7 wp-block-columns-is-layout-flex\">\n<div class=\"wp-block-column is-layout-flow wp-block-column-is-layout-flow\">\n<div class=\"wp-block-group group-stretched-link is-layout-flow wp-block-group-is-layout-flow\">\n<figure class=\"wp-block-image aligncenter size-full is-resized force-no-lightbox force-no-caption is-style-rounded-180\"><img loading=\"lazy\" decoding=\"async\" width=\"1080\" height=\"724\" src=\"https:\/\/www.greenpeace.org\/static\/planet4-netherlands-stateless\/2021\/08\/c1192ff5-easybeingreen.png\" alt=\"\" class=\"wp-image-47428\" style=\"\" srcset=\"https:\/\/www.greenpeace.org\/static\/planet4-netherlands-stateless\/2021\/08\/c1192ff5-easybeingreen.png 1080w, https:\/\/www.greenpeace.org\/static\/planet4-netherlands-stateless\/2021\/08\/c1192ff5-easybeingreen-300x201.png 300w, https:\/\/www.greenpeace.org\/static\/planet4-netherlands-stateless\/2021\/08\/c1192ff5-easybeingreen-1024x686.png 1024w, https:\/\/www.greenpeace.org\/static\/planet4-netherlands-stateless\/2021\/08\/c1192ff5-easybeingreen-768x515.png 768w, https:\/\/www.greenpeace.org\/static\/planet4-netherlands-stateless\/2021\/08\/c1192ff5-easybeingreen-507x340.png 507w\" sizes=\"auto, (max-width: 1080px) 100vw, 1080px\" \/><figcaption><div class=\"credit icon-left\"> \u00a9 Markus Spiske<\/div><\/figcaption><\/figure>\n\n\n\n<h5 class=\"wp-block-heading has-text-align-center is-style-chevron\" id=\"h-systeemverandering\" style=\"font-size:1rem\"><a href=\"\/nl\/eerlijke-wereld\/systeemverandering\">Systeemverandering<\/a><\/h5>\n\n\n\n<div style=\"height:16px\" aria-hidden=\"true\" class=\"wp-block-spacer\"><\/div>\n<\/div>\n<\/div>\n\n\n\n<div class=\"wp-block-column is-layout-flow wp-block-column-is-layout-flow\">\n<div class=\"wp-block-group group-stretched-link is-layout-flow wp-block-group-is-layout-flow\">\n<figure class=\"wp-block-image aligncenter size-full is-resized force-no-lightbox force-no-caption is-style-rounded-180\"><img loading=\"lazy\" decoding=\"async\" width=\"2500\" height=\"1663\" src=\"https:\/\/www.greenpeace.org\/static\/planet4-netherlands-stateless\/2024\/01\/a3da2a1b-gp0stw7az_pressmedia.jpg\" alt=\"\" class=\"wp-image-61965\" style=\"\" srcset=\"https:\/\/www.greenpeace.org\/static\/planet4-netherlands-stateless\/2024\/01\/a3da2a1b-gp0stw7az_pressmedia.jpg 2500w, https:\/\/www.greenpeace.org\/static\/planet4-netherlands-stateless\/2024\/01\/a3da2a1b-gp0stw7az_pressmedia-300x200.jpg 300w, https:\/\/www.greenpeace.org\/static\/planet4-netherlands-stateless\/2024\/01\/a3da2a1b-gp0stw7az_pressmedia-1024x681.jpg 1024w, https:\/\/www.greenpeace.org\/static\/planet4-netherlands-stateless\/2024\/01\/a3da2a1b-gp0stw7az_pressmedia-768x511.jpg 768w, https:\/\/www.greenpeace.org\/static\/planet4-netherlands-stateless\/2024\/01\/a3da2a1b-gp0stw7az_pressmedia-1536x1022.jpg 1536w, https:\/\/www.greenpeace.org\/static\/planet4-netherlands-stateless\/2024\/01\/a3da2a1b-gp0stw7az_pressmedia-2048x1362.jpg 2048w, https:\/\/www.greenpeace.org\/static\/planet4-netherlands-stateless\/2024\/01\/a3da2a1b-gp0stw7az_pressmedia-510x340.jpg 510w\" sizes=\"auto, (max-width: 2500px) 100vw, 2500px\" \/><figcaption class=\"wp-element-caption\">Residents of the Dutch Caribbean island Bonaire are launching a legal case with Greenpeace Netherlands against the Dutch government to protect their island against climate change.\nInwoners van Bonaire starten samen met Greenpeace Nederland een klimaatzaak tegen de Nederlandse regering om te zorgen dta hun eiland beschermd wordt in de klimaatcrisis.<\/figcaption><\/figure>\n\n\n\n<h5 class=\"wp-block-heading has-text-align-center is-style-chevron\" id=\"h-bonaire\" style=\"font-size:1rem\"><a href=\"\/nl\/eerlijke-wereld\/bonaire\">Bonaire<\/a><\/h5>\n\n\n\n<div style=\"height:16px\" aria-hidden=\"true\" class=\"wp-block-spacer\"><\/div>\n<\/div>\n<\/div>\n\n\n\n<div class=\"wp-block-column is-layout-flow wp-block-column-is-layout-flow\">\n<div class=\"wp-block-group group-stretched-link is-layout-flow wp-block-group-is-layout-flow\">\n<figure class=\"wp-block-image aligncenter size-large is-resized force-no-lightbox force-no-caption is-style-rounded-180\"><img loading=\"lazy\" decoding=\"async\" width=\"1024\" height=\"683\" src=\"https:\/\/www.greenpeace.org\/static\/planet4-netherlands-stateless\/2022\/06\/0b13f581-luchtvaart-greenwashing-1024x683.jpg\" alt=\"\" class=\"wp-image-52566\" style=\"\" srcset=\"https:\/\/www.greenpeace.org\/static\/planet4-netherlands-stateless\/2022\/06\/0b13f581-luchtvaart-greenwashing-1024x683.jpg 1024w, https:\/\/www.greenpeace.org\/static\/planet4-netherlands-stateless\/2022\/06\/0b13f581-luchtvaart-greenwashing-300x200.jpg 300w, https:\/\/www.greenpeace.org\/static\/planet4-netherlands-stateless\/2022\/06\/0b13f581-luchtvaart-greenwashing-768x512.jpg 768w, https:\/\/www.greenpeace.org\/static\/planet4-netherlands-stateless\/2022\/06\/0b13f581-luchtvaart-greenwashing-1536x1024.jpg 1536w, https:\/\/www.greenpeace.org\/static\/planet4-netherlands-stateless\/2022\/06\/0b13f581-luchtvaart-greenwashing-2048x1366.jpg 2048w, https:\/\/www.greenpeace.org\/static\/planet4-netherlands-stateless\/2022\/06\/0b13f581-luchtvaart-greenwashing-510x340.jpg 510w\" sizes=\"auto, (max-width: 1024px) 100vw, 1024px\" \/><figcaption class=\"wp-element-caption\">Greenpeace France activists paint a plane green to denounce French government&#8217;s greenwashing on the topic of air transportation.\nTaking Minister of Transportation Jean-Baptiste Djebbari at his word, they demonstrate green planes are not the solution to solve air traffic&#8217;s impact on climate.\nDes activistes peignent un avion en vert pour d\u00e9noncer le greenwashing du gouvernement fran\u00e7ais \u00e0 propos du secteur a\u00e9rien.\nPrenant le Ministre des Transports Jean-Baptiste Djebbari au mot, ils d\u00e9montrent qu&#8217;il ne suffit pas que l&#8217;avion vert est une fausse solution pour r\u00e9gler le probl\u00e8me de l&#8217;impact du secteur a\u00e9rien sur le climat.<\/figcaption><\/figure>\n\n\n\n<h5 class=\"wp-block-heading has-text-align-center is-style-chevron\" id=\"h-greenwashing\" style=\"font-size:1rem\"><a href=\"\/nl\/eerlijke-wereld\/greenwashing\">Greenwashing<\/a><\/h5>\n\n\n\n<div style=\"height:16px\" aria-hidden=\"true\" class=\"wp-block-spacer\"><\/div>\n<\/div>\n<\/div>\n\n\n\n<div class=\"wp-block-column is-layout-flow wp-block-column-is-layout-flow\">\n<div class=\"wp-block-group group-stretched-link is-layout-flow wp-block-group-is-layout-flow\">\n<figure class=\"wp-block-image aligncenter size-full is-resized force-no-lightbox force-no-caption is-style-rounded-180\"><img loading=\"lazy\" decoding=\"async\" width=\"800\" height=\"532\" src=\"https:\/\/www.greenpeace.org\/static\/planet4-netherlands-stateless\/2024\/03\/a30fa76d-gp0stz5qi_low_res.jpg\" alt=\"\" class=\"wp-image-62870\" style=\"\" srcset=\"https:\/\/www.greenpeace.org\/static\/planet4-netherlands-stateless\/2024\/03\/a30fa76d-gp0stz5qi_low_res.jpg 800w, https:\/\/www.greenpeace.org\/static\/planet4-netherlands-stateless\/2024\/03\/a30fa76d-gp0stz5qi_low_res-300x200.jpg 300w, https:\/\/www.greenpeace.org\/static\/planet4-netherlands-stateless\/2024\/03\/a30fa76d-gp0stz5qi_low_res-768x511.jpg 768w, https:\/\/www.greenpeace.org\/static\/planet4-netherlands-stateless\/2024\/03\/a30fa76d-gp0stz5qi_low_res-510x340.jpg 510w\" sizes=\"auto, (max-width: 800px) 100vw, 800px\" \/><figcaption class=\"wp-element-caption\">Here we see plaintiff Danique Martis. Residents of Bonaire, together with Greenpeace Netherlands and allies, stand up for climate justice during the very first climate event on the island.\nHier zien we eiser Danique Martis. Inwoners van Bonaire, komen samen met Greenpeace Nederland en bondgenoten op voor klimaatrechtvaardigheid tijdens de allereerste klimaatmanifestatie op het eiland.<\/figcaption><\/figure>\n\n\n\n<h5 class=\"wp-block-heading has-text-align-center is-style-chevron\" id=\"h-handel\" style=\"font-size:1rem\"><a href=\"\/nl\/eerlijke-wereld\/klimaatrechtvaardigheid\">Klimaatrechtvaardigheid<\/a><\/h5>\n\n\n\n<div style=\"height:16px\" aria-hidden=\"true\" class=\"wp-block-spacer\"><\/div>\n<\/div>\n<\/div>\n\n\n\n<div class=\"wp-block-column is-layout-flow wp-block-column-is-layout-flow\">\n<div class=\"wp-block-group group-stretched-link is-layout-flow wp-block-group-is-layout-flow\">\n<figure class=\"wp-block-image aligncenter size-large is-resized force-no-lightbox force-no-caption is-style-rounded-180\"><img loading=\"lazy\" decoding=\"async\" width=\"1024\" height=\"683\" src=\"https:\/\/www.greenpeace.org\/static\/planet4-netherlands-stateless\/2023\/10\/bf437cca-md29160-1024x683.jpg\" alt=\"\" class=\"wp-image-60901\" style=\"\" srcset=\"https:\/\/www.greenpeace.org\/static\/planet4-netherlands-stateless\/2023\/10\/bf437cca-md29160-1024x683.jpg 1024w, https:\/\/www.greenpeace.org\/static\/planet4-netherlands-stateless\/2023\/10\/bf437cca-md29160-300x200.jpg 300w, https:\/\/www.greenpeace.org\/static\/planet4-netherlands-stateless\/2023\/10\/bf437cca-md29160-768x512.jpg 768w, https:\/\/www.greenpeace.org\/static\/planet4-netherlands-stateless\/2023\/10\/bf437cca-md29160-1536x1024.jpg 1536w, https:\/\/www.greenpeace.org\/static\/planet4-netherlands-stateless\/2023\/10\/bf437cca-md29160-2048x1366.jpg 2048w, https:\/\/www.greenpeace.org\/static\/planet4-netherlands-stateless\/2023\/10\/bf437cca-md29160-510x340.jpg 510w\" sizes=\"auto, (max-width: 1024px) 100vw, 1024px\" \/><figcaption class=\"wp-element-caption\">Greenpeace Nederland &amp; Extinction Rebellion komen vreedzaam in actie tegen het verwoestende landbouwbeleid van Rabobank. In Utrecht blokkeren honderden activisten de ingangen van het hoofdkantoor en is er een demonstratie met podium-programma met verschillende sprekers. Greenpeace Nederland &amp; Extinction Rebellion willen dat de bank stopt met het financieren van industri\u00eble landbouw die leidt tot boeren- en dierenleed en natuurverwoesting en bovendien betaalt voor de aangerichte schade.<\/figcaption><\/figure>\n\n\n\n<h5 class=\"wp-block-heading has-text-align-center is-style-chevron\" id=\"h-banken\" style=\"font-size:1rem\"><a href=\"\/nl\/eerlijke-wereld\/banken\">Banken<\/a><\/h5>\n\n\n\n<div style=\"height:16px\" aria-hidden=\"true\" class=\"wp-block-spacer\"><\/div>\n<\/div>\n<\/div>\n\n\n\n<div class=\"wp-block-column is-layout-flow wp-block-column-is-layout-flow\">\n<div class=\"wp-block-group group-stretched-link is-layout-flow wp-block-group-is-layout-flow\">\n<figure class=\"wp-block-image aligncenter size-large is-resized force-no-lightbox force-no-caption is-style-rounded-180\"><img loading=\"lazy\" decoding=\"async\" width=\"1024\" height=\"683\" src=\"https:\/\/www.greenpeace.org\/static\/planet4-netherlands-stateless\/2024\/03\/b7c7cdcc-gp1sw2hp_medium_res-1024x683.jpg\" alt=\"\" class=\"wp-image-62446\" style=\"\" srcset=\"https:\/\/www.greenpeace.org\/static\/planet4-netherlands-stateless\/2024\/03\/b7c7cdcc-gp1sw2hp_medium_res-1024x683.jpg 1024w, https:\/\/www.greenpeace.org\/static\/planet4-netherlands-stateless\/2024\/03\/b7c7cdcc-gp1sw2hp_medium_res-300x200.jpg 300w, https:\/\/www.greenpeace.org\/static\/planet4-netherlands-stateless\/2024\/03\/b7c7cdcc-gp1sw2hp_medium_res-768x512.jpg 768w, https:\/\/www.greenpeace.org\/static\/planet4-netherlands-stateless\/2024\/03\/b7c7cdcc-gp1sw2hp_medium_res-510x340.jpg 510w, https:\/\/www.greenpeace.org\/static\/planet4-netherlands-stateless\/2024\/03\/b7c7cdcc-gp1sw2hp_medium_res.jpg 1200w\" sizes=\"auto, (max-width: 1024px) 100vw, 1024px\" \/><figcaption class=\"wp-element-caption\">More than 80 Greenpeace Netherlands activists from 12 EU countries are using fossil fuel ads from all over Europe to block the entrance to Shell\u2019s oil refinery. The peaceful protest comes as over 20 organizations launched a European Citizens\u2019 Initiative (ECI) petition today, calling for a new law that bans fossil fuel advertising and sponsorship in the European Union.\nActievoerders uit heel Europa blokkeren samen met Greenpeace Nederland de toegang tot de Tweede Petroleumhaven in Pernis. De vreedzame actie markeert de start van een Europees burgerinitiatief (EBI) waarin wordt opgeroepen tot een wet die reclame voor fossiele brandstoffen in de EU verbiedt.<\/figcaption><\/figure>\n\n\n\n<h5 class=\"wp-block-heading has-text-align-center is-style-chevron\" id=\"h-fossiele-reclame\" style=\"font-size:1rem\"><a href=\"\/nl\/eerlijke-wereld\/fossiele-reclame\">Fossiele reclame<\/a><\/h5>\n\n\n\n<div style=\"height:16px\" aria-hidden=\"true\" class=\"wp-block-spacer\"><\/div>\n<\/div>\n<\/div>\n<\/div>\n<\/div>\n<\/div>\n\n\n\n\n\n<div class=\"wp-block-group alignfull block has-white-background-color has-background is-layout-flow wp-block-group-is-layout-flow\">\n<div class=\"wp-block-group container is-layout-flow wp-block-group-is-layout-flow\">\n<div style=\"height:24px\" aria-hidden=\"true\" class=\"wp-block-spacer\"><\/div>\n\n\n\n<div class=\"wp-block-group alignfull has-beige-100-background-color has-background is-layout-flow wp-block-group-is-layout-flow\" style=\"padding-top:39px;padding-right:0;padding-bottom:39px;padding-left:0\">\n<div class=\"wp-block-group container is-layout-flow wp-block-group-is-layout-flow\">\n<div class=\"wp-block-columns is-layout-flex wp-container-core-columns-is-layout-9d6595d7 wp-block-columns-is-layout-flex\">\n<div class=\"wp-block-column is-layout-flow wp-block-column-is-layout-flow\">\n<h2 class=\"wp-block-heading\" id=\"h-doe-mee\" style=\"font-size:40px\">Blijf op de hoogte <\/h2>\n\n\n\n<p>Meld je net als bijna 500.000 anderen aan voor de<strong> Greenpeace nieuwsbrief <\/strong>en blijf op de hoogte van onze acties en campagnes en hoe je daaraan kan bijdragen.<\/p>\n\n\n\n<div style=\"height:19px\" aria-hidden=\"true\" class=\"wp-block-spacer\"><\/div>\n\n\n\n<div class=\"wp-block-buttons is-vertical is-content-justification-center is-nowrap is-layout-flex wp-container-core-buttons-is-layout-3f8e0a96 wp-block-buttons-is-layout-flex\">\n<div class=\"wp-block-button\"><a class=\"wp-block-button__link wp-element-button\" href=\"http:\/\/doemee.greenpeace.nl\/nieuwsbrief\/\" target=\"_blank\" rel=\"noopener\">Schrijf je in<\/a><\/div>\n<\/div>\n<\/div>\n\n\n\n<div class=\"wp-block-column is-layout-flow wp-block-column-is-layout-flow\">\n<p><\/p>\n\n\n\n<figure class=\"wp-block-image aligncenter size-thumbnail is-resized\"><img loading=\"lazy\" decoding=\"async\" width=\"150\" height=\"150\" src=\"https:\/\/www.greenpeace.org\/static\/planet4-netherlands-stateless\/2024\/06\/c581535e-47a9-47b2-89a9-61bcb352e7c7-150x150.png\" alt=\"\" class=\"wp-image-63608\" style=\"width:166px;height:auto\" srcset=\"https:\/\/www.greenpeace.org\/static\/planet4-netherlands-stateless\/2024\/06\/c581535e-47a9-47b2-89a9-61bcb352e7c7-150x150.png 150w, https:\/\/www.greenpeace.org\/static\/planet4-netherlands-stateless\/2024\/06\/c581535e-47a9-47b2-89a9-61bcb352e7c7-300x300.png 300w, https:\/\/www.greenpeace.org\/static\/planet4-netherlands-stateless\/2024\/06\/c581535e-47a9-47b2-89a9-61bcb352e7c7-340x340.png 340w, https:\/\/www.greenpeace.org\/static\/planet4-netherlands-stateless\/2024\/06\/c581535e-47a9-47b2-89a9-61bcb352e7c7.png 512w\" sizes=\"auto, (max-width: 150px) 100vw, 150px\" \/><\/figure>\n<\/div>\n<\/div>\n<\/div>\n<\/div>\n\n\n\n<div style=\"height:36px\" aria-hidden=\"true\" class=\"wp-block-spacer\"><\/div>\n\n\n\n<h4 class=\"wp-block-heading\" id=\"h-explore-other-topics\">Ontdek andere thema&#8217;s<\/h4>\n\n\n\n<div class=\"wp-block-columns is-not-stacked-on-mobile is-style-mobile-carousel is-layout-flex wp-container-core-columns-is-layout-9d6595d7 wp-block-columns-is-layout-flex\">\n<div class=\"wp-block-column is-layout-flow wp-block-column-is-layout-flow\">\n<div class=\"wp-block-group group-stretched-link is-layout-flow wp-block-group-is-layout-flow\">\n<figure class=\"wp-block-image aligncenter size-full is-resized is-style-rounded-90 force-no-lightbox force-no-caption mb-0\"><img loading=\"lazy\" decoding=\"async\" width=\"512\" height=\"512\" src=\"https:\/\/www.greenpeace.org\/static\/planet4-netherlands-stateless\/2024\/06\/077f936d-onze-missie.png\" alt=\"\" class=\"wp-image-63603\" style=\"\" srcset=\"https:\/\/www.greenpeace.org\/static\/planet4-netherlands-stateless\/2024\/06\/077f936d-onze-missie.png 512w, https:\/\/www.greenpeace.org\/static\/planet4-netherlands-stateless\/2024\/06\/077f936d-onze-missie-300x300.png 300w, https:\/\/www.greenpeace.org\/static\/planet4-netherlands-stateless\/2024\/06\/077f936d-onze-missie-150x150.png 150w, https:\/\/www.greenpeace.org\/static\/planet4-netherlands-stateless\/2024\/06\/077f936d-onze-missie-340x340.png 340w\" sizes=\"auto, (max-width: 512px) 100vw, 512px\" \/><\/figure>\n\n\n\n<div style=\"height:16px\" aria-hidden=\"true\" class=\"wp-block-spacer\"><\/div>\n\n\n\n<h5 class=\"wp-block-heading has-text-align-center\" id=\"h-eerlijke-wereld\" style=\"font-size:1rem\"><a href=\"\/nl\/eerlijke-wereld\">Eerlijke wereld<\/a><\/h5>\n<\/div>\n<\/div>\n\n\n\n<div class=\"wp-block-column is-layout-flow wp-block-column-is-layout-flow\">\n<div class=\"wp-block-group group-stretched-link is-layout-flow wp-block-group-is-layout-flow\">\n<figure class=\"wp-block-image aligncenter size-full is-resized is-style-rounded-90 force-no-lightbox force-no-caption mb-0\"><img loading=\"lazy\" decoding=\"async\" width=\"512\" height=\"512\" src=\"https:\/\/www.greenpeace.org\/static\/planet4-netherlands-stateless\/2024\/06\/859b05fa-15b4-4f42-97fb-bebd37223861.png\" alt=\"\" class=\"wp-image-63627\" style=\"\" srcset=\"https:\/\/www.greenpeace.org\/static\/planet4-netherlands-stateless\/2024\/06\/859b05fa-15b4-4f42-97fb-bebd37223861.png 512w, https:\/\/www.greenpeace.org\/static\/planet4-netherlands-stateless\/2024\/06\/859b05fa-15b4-4f42-97fb-bebd37223861-300x300.png 300w, https:\/\/www.greenpeace.org\/static\/planet4-netherlands-stateless\/2024\/06\/859b05fa-15b4-4f42-97fb-bebd37223861-150x150.png 150w, https:\/\/www.greenpeace.org\/static\/planet4-netherlands-stateless\/2024\/06\/859b05fa-15b4-4f42-97fb-bebd37223861-340x340.png 340w\" sizes=\"auto, (max-width: 512px) 100vw, 512px\" \/><\/figure>\n\n\n\n<div style=\"height:16px\" aria-hidden=\"true\" class=\"wp-block-spacer\"><\/div>\n\n\n\n<h5 class=\"wp-block-heading has-text-align-center\" id=\"h-klimaat\" style=\"font-size:1rem\"><a href=\"\/nl\/klimaat\/\">Klimaat<\/a><\/h5>\n<\/div>\n<\/div>\n\n\n\n<div class=\"wp-block-column is-layout-flow wp-block-column-is-layout-flow\">\n<div class=\"wp-block-group group-stretched-link is-layout-flow wp-block-group-is-layout-flow\">\n<figure class=\"wp-block-image aligncenter size-full is-resized is-style-rounded-90 force-no-lightbox force-no-caption mb-0\"><img loading=\"lazy\" decoding=\"async\" width=\"512\" height=\"512\" src=\"https:\/\/www.greenpeace.org\/static\/planet4-netherlands-stateless\/2024\/06\/5f76b493-7aa5-443d-b485-53fc13a5d218.png\" alt=\"\" class=\"wp-image-63628\" style=\"\" srcset=\"https:\/\/www.greenpeace.org\/static\/planet4-netherlands-stateless\/2024\/06\/5f76b493-7aa5-443d-b485-53fc13a5d218.png 512w, https:\/\/www.greenpeace.org\/static\/planet4-netherlands-stateless\/2024\/06\/5f76b493-7aa5-443d-b485-53fc13a5d218-300x300.png 300w, https:\/\/www.greenpeace.org\/static\/planet4-netherlands-stateless\/2024\/06\/5f76b493-7aa5-443d-b485-53fc13a5d218-150x150.png 150w, https:\/\/www.greenpeace.org\/static\/planet4-netherlands-stateless\/2024\/06\/5f76b493-7aa5-443d-b485-53fc13a5d218-340x340.png 340w\" sizes=\"auto, (max-width: 512px) 100vw, 512px\" \/><\/figure>\n\n\n\n<div style=\"height:16px\" aria-hidden=\"true\" class=\"wp-block-spacer\"><\/div>\n\n\n\n<h5 class=\"wp-block-heading has-text-align-center\" id=\"h-oceanen\" style=\"font-size:1rem\"><a href=\"\/nl\/oceanen\">Oceanen<\/a><\/h5>\n<\/div>\n<\/div>\n\n\n\n<div class=\"wp-block-column is-layout-flow wp-block-column-is-layout-flow\">\n<div class=\"wp-block-group group-stretched-link is-layout-flow wp-block-group-is-layout-flow\">\n<figure class=\"wp-block-image aligncenter size-full is-resized is-style-rounded-90 force-no-lightbox force-no-caption mb-0\"><img loading=\"lazy\" decoding=\"async\" width=\"512\" height=\"512\" src=\"https:\/\/www.greenpeace.org\/static\/planet4-netherlands-stateless\/2024\/06\/421b1474-5b75-4813-a874-3fa58cc0b408.png\" alt=\"\" class=\"wp-image-63629\" style=\"\" srcset=\"https:\/\/www.greenpeace.org\/static\/planet4-netherlands-stateless\/2024\/06\/421b1474-5b75-4813-a874-3fa58cc0b408.png 512w, https:\/\/www.greenpeace.org\/static\/planet4-netherlands-stateless\/2024\/06\/421b1474-5b75-4813-a874-3fa58cc0b408-300x300.png 300w, https:\/\/www.greenpeace.org\/static\/planet4-netherlands-stateless\/2024\/06\/421b1474-5b75-4813-a874-3fa58cc0b408-150x150.png 150w, https:\/\/www.greenpeace.org\/static\/planet4-netherlands-stateless\/2024\/06\/421b1474-5b75-4813-a874-3fa58cc0b408-340x340.png 340w\" sizes=\"auto, (max-width: 512px) 100vw, 512px\" \/><\/figure>\n\n\n\n<div style=\"height:16px\" aria-hidden=\"true\" class=\"wp-block-spacer\"><\/div>\n\n\n\n<h5 class=\"wp-block-heading has-text-align-center\" id=\"h-plastic\" style=\"font-size:1rem\"><a href=\"\/nl\/plastic\">Plastic<\/a><\/h5>\n<\/div>\n<\/div>\n\n\n\n<div class=\"wp-block-column is-layout-flow wp-block-column-is-layout-flow\">\n<div class=\"wp-block-group group-stretched-link is-layout-flow wp-block-group-is-layout-flow\">\n<figure class=\"wp-block-image aligncenter size-full is-resized is-style-rounded-90 force-no-lightbox force-no-caption mb-0\"><img loading=\"lazy\" decoding=\"async\" width=\"512\" height=\"512\" src=\"https:\/\/www.greenpeace.org\/static\/planet4-netherlands-stateless\/2024\/06\/7cec020c-d200-40ae-8b50-6dabfa14251d.png\" alt=\"\" class=\"wp-image-63630\" style=\"\" srcset=\"https:\/\/www.greenpeace.org\/static\/planet4-netherlands-stateless\/2024\/06\/7cec020c-d200-40ae-8b50-6dabfa14251d.png 512w, https:\/\/www.greenpeace.org\/static\/planet4-netherlands-stateless\/2024\/06\/7cec020c-d200-40ae-8b50-6dabfa14251d-300x300.png 300w, https:\/\/www.greenpeace.org\/static\/planet4-netherlands-stateless\/2024\/06\/7cec020c-d200-40ae-8b50-6dabfa14251d-150x150.png 150w, https:\/\/www.greenpeace.org\/static\/planet4-netherlands-stateless\/2024\/06\/7cec020c-d200-40ae-8b50-6dabfa14251d-340x340.png 340w\" sizes=\"auto, (max-width: 512px) 100vw, 512px\" \/><\/figure>\n\n\n\n<div style=\"height:16px\" aria-hidden=\"true\" class=\"wp-block-spacer\"><\/div>\n\n\n\n<h5 class=\"wp-block-heading has-text-align-center\" id=\"h-bossen\" style=\"font-size:1rem\"><a href=\"\/nl\/bossen\">Bossen<\/a><\/h5>\n<\/div>\n<\/div>\n\n\n\n<div class=\"wp-block-column is-layout-flow wp-block-column-is-layout-flow\">\n<div class=\"wp-block-group group-stretched-link is-layout-flow wp-block-group-is-layout-flow\">\n<figure class=\"wp-block-image aligncenter size-full is-resized is-style-rounded-90 force-no-lightbox force-no-caption mb-0\"><img loading=\"lazy\" decoding=\"async\" width=\"512\" height=\"512\" src=\"https:\/\/www.greenpeace.org\/static\/planet4-netherlands-stateless\/2024\/06\/ef913d22-c270-4e46-bbff-8b587b2278c5.png\" alt=\"\" class=\"wp-image-63631\" style=\"\" srcset=\"https:\/\/www.greenpeace.org\/static\/planet4-netherlands-stateless\/2024\/06\/ef913d22-c270-4e46-bbff-8b587b2278c5.png 512w, https:\/\/www.greenpeace.org\/static\/planet4-netherlands-stateless\/2024\/06\/ef913d22-c270-4e46-bbff-8b587b2278c5-300x300.png 300w, https:\/\/www.greenpeace.org\/static\/planet4-netherlands-stateless\/2024\/06\/ef913d22-c270-4e46-bbff-8b587b2278c5-150x150.png 150w, https:\/\/www.greenpeace.org\/static\/planet4-netherlands-stateless\/2024\/06\/ef913d22-c270-4e46-bbff-8b587b2278c5-340x340.png 340w\" sizes=\"auto, (max-width: 512px) 100vw, 512px\" \/><\/figure>\n\n\n\n<div style=\"height:16px\" aria-hidden=\"true\" class=\"wp-block-spacer\"><\/div>\n\n\n\n<h5 class=\"wp-block-heading has-text-align-center\" id=\"h-voedsel\" style=\"font-size:1rem\"><a href=\"\/nl\/voedsel\">Voedsel<\/a><\/h5>\n<\/div>\n<\/div>\n\n\n\n<div class=\"wp-block-column is-layout-flow wp-block-column-is-layout-flow\">\n<div class=\"wp-block-group group-stretched-link is-layout-flow wp-block-group-is-layout-flow\">\n<figure class=\"wp-block-image aligncenter size-full is-resized is-style-rounded-90 force-no-lightbox force-no-caption mb-0\"><img loading=\"lazy\" decoding=\"async\" width=\"512\" height=\"512\" src=\"https:\/\/www.greenpeace.org\/static\/planet4-netherlands-stateless\/2024\/06\/b477bc82-fba5-40eb-8f02-213f92c43052.png\" alt=\"\" class=\"wp-image-63632\" style=\"\" srcset=\"https:\/\/www.greenpeace.org\/static\/planet4-netherlands-stateless\/2024\/06\/b477bc82-fba5-40eb-8f02-213f92c43052.png 512w, https:\/\/www.greenpeace.org\/static\/planet4-netherlands-stateless\/2024\/06\/b477bc82-fba5-40eb-8f02-213f92c43052-300x300.png 300w, https:\/\/www.greenpeace.org\/static\/planet4-netherlands-stateless\/2024\/06\/b477bc82-fba5-40eb-8f02-213f92c43052-150x150.png 150w, https:\/\/www.greenpeace.org\/static\/planet4-netherlands-stateless\/2024\/06\/b477bc82-fba5-40eb-8f02-213f92c43052-340x340.png 340w\" sizes=\"auto, (max-width: 512px) 100vw, 512px\" \/><\/figure>\n\n\n\n<div style=\"height:16px\" aria-hidden=\"true\" class=\"wp-block-spacer\"><\/div>\n\n\n\n<h5 class=\"wp-block-heading has-text-align-center\" id=\"h-dieren\" style=\"font-size:1rem\"><a href=\"\/nl\/dieren\">Dieren<\/a><\/h5>\n<\/div>\n<\/div>\n<\/div>\n<\/div>\n<\/div>\n\n<\/div>\n\n","protected":false},"excerpt":{"rendered":"","protected":false},"author":20,"featured_media":52566,"parent":63678,"menu_order":0,"comment_status":"closed","ping_status":"closed","template":"","meta":{"ep_exclude_from_search":false,"p4_hide_page_title_checkbox":"on","p4_title":"","p4_subtitle":"","p4_description":"","background_image_id":"","background_image":"","p4_button_title":"","p4_button_link":"","p4_button_link_checkbox":"","p4_og_title":"","p4_og_description":"","p4_og_image":"","p4_og_image_id":"","p4_seo_canonical_url":"","p4_campaign_name":"","p4_local_project":"","p4_basket_name":"","p4_department":"","footnotes":""},"categories":[130],"tags":[],"class_list":["post-63880","page","type-page","status-publish","has-post-thumbnail","hentry","category-eerlijke-wereld"],"_links":{"self":[{"href":"https:\/\/www.greenpeace.org\/nl\/wp-json\/wp\/v2\/pages\/63880","targetHints":{"allow":["GET"]}}],"collection":[{"href":"https:\/\/www.greenpeace.org\/nl\/wp-json\/wp\/v2\/pages"}],"about":[{"href":"https:\/\/www.greenpeace.org\/nl\/wp-json\/wp\/v2\/types\/page"}],"author":[{"embeddable":true,"href":"https:\/\/www.greenpeace.org\/nl\/wp-json\/wp\/v2\/users\/20"}],"replies":[{"embeddable":true,"href":"https:\/\/www.greenpeace.org\/nl\/wp-json\/wp\/v2\/comments?post=63880"}],"version-history":[{"count":18,"href":"https:\/\/www.greenpeace.org\/nl\/wp-json\/wp\/v2\/pages\/63880\/revisions"}],"predecessor-version":[{"id":74065,"href":"https:\/\/www.greenpeace.org\/nl\/wp-json\/wp\/v2\/pages\/63880\/revisions\/74065"}],"up":[{"embeddable":true,"href":"https:\/\/www.greenpeace.org\/nl\/wp-json\/wp\/v2\/pages\/63678"}],"wp:featuredmedia":[{"embeddable":true,"href":"https:\/\/www.greenpeace.org\/nl\/wp-json\/wp\/v2\/media\/52566"}],"wp:attachment":[{"href":"https:\/\/www.greenpeace.org\/nl\/wp-json\/wp\/v2\/media?parent=63880"}],"wp:term":[{"taxonomy":"category","embeddable":true,"href":"https:\/\/www.greenpeace.org\/nl\/wp-json\/wp\/v2\/categories?post=63880"},{"taxonomy":"post_tag","embeddable":true,"href":"https:\/\/www.greenpeace.org\/nl\/wp-json\/wp\/v2\/tags?post=63880"}],"curies":[{"name":"wp","href":"https:\/\/api.w.org\/{rel}","templated":true}]}}