{"id":63953,"date":"2024-07-22T09:24:29","date_gmt":"2024-07-22T07:24:29","guid":{"rendered":"https:\/\/www-dev.greenpeace.org\/nl\/?page_id=63953"},"modified":"2026-08-07T13:17:47","modified_gmt":"2026-08-07T11:17:47","slug":"bosbranden","status":"publish","type":"page","link":"https:\/\/www.greenpeace.org\/nl\/bossen\/bosbranden\/","title":{"rendered":"Bosbranden"},"content":{"rendered":"\n\n<div class=\"wp-block-group is-layout-flow wp-block-group-is-layout-flow\">\n\n<div class=\"wp-block-group alignfull is-layout-flow wp-block-group-is-layout-flow\">\n<div class=\"wp-block-group container is-layout-flow wp-block-group-is-layout-flow\">\n<div class=\"wp-block-media-text alignfull has-media-on-the-right is-stacked-on-mobile is-pattern-p4-page-header is-style-parallax\"><div class=\"wp-block-media-text__content\">\n<div class=\"wp-block-group is-layout-flow wp-block-group-is-layout-flow\">\n<h1 id=\"h-bosbranden\" class=\"wp-block-heading has-white-background-color has-background\">Bosbranden<\/h1>\n<\/div>\n\n\n\n<p class=\"wp-block-paragraph\" style=\"font-size:1.25rem\">Over de hele wereld staan bossen in brand. Prachtige <strong>oerbossen, veengebieden en tropisch regenwoud<\/strong> gaan in vlammen op, van de Braziliaanse Amazone tot Rusland, Frankrijk, Australi\u00eb en Indonesi\u00eb.<\/p>\n\n\n\n<p class=\"wp-block-paragraph\" style=\"font-size:1.25rem\">Deze <strong>verwoestende bosbranden<\/strong> ontstaan meestal niet vanzelf.<\/p>\n\n\n\n<div class=\"wp-block-buttons is-layout-flex wp-block-buttons-is-layout-flex\">\n<div class=\"wp-block-button is-style-cta\"><a class=\"wp-block-button__link wp-element-button\" href=\"https:\/\/doemee.greenpeace.nl\/actie\/bosbranden\/\" rel=\"noopener\">Help mee<\/a><\/div>\n<\/div>\n<\/div><figure class=\"wp-block-media-text__media\"><img loading=\"lazy\" decoding=\"async\" width=\"1024\" height=\"576\" src=\"https:\/\/www.greenpeace.org\/static\/planet4-netherlands-stateless\/2020\/07\/635780c5-gp1su5iy_medium_res_with_credit_line-1024x576.jpg\" alt=\"Bosbranden in Rusland\" sizes=\"auto, (min-width: 601px) 50vw, 100vw\" srcset=\"https:\/\/www.greenpeace.org\/static\/planet4-netherlands-stateless\/2020\/07\/635780c5-gp1su5iy_medium_res_with_credit_line.jpg 1200w, https:\/\/www.greenpeace.org\/static\/planet4-netherlands-stateless\/2020\/07\/635780c5-gp1su5iy_medium_res_with_credit_line-300x169.jpg 300w, https:\/\/www.greenpeace.org\/static\/planet4-netherlands-stateless\/2020\/07\/635780c5-gp1su5iy_medium_res_with_credit_line-1024x576.jpg 1024w, https:\/\/www.greenpeace.org\/static\/planet4-netherlands-stateless\/2020\/07\/635780c5-gp1su5iy_medium_res_with_credit_line-768x432.jpg 768w, https:\/\/www.greenpeace.org\/static\/planet4-netherlands-stateless\/2020\/07\/635780c5-gp1su5iy_medium_res_with_credit_line-510x287.jpg 510w\" class=\"wp-image-41252 size-full\"\/><\/figure><\/div>\n<\/div>\n<\/div>\n\n\n\n\n<div class=\"wp-block-group alignfull block has-dark-green-800-background-color has-background is-layout-flow wp-block-group-is-layout-flow\" style=\"padding-right:0;padding-left:0\">\n<div style=\"height:40px\" aria-hidden=\"true\" class=\"wp-block-spacer\"><\/div>\n\n\n\n<figure class=\"wp-block-image aligncenter size-full is-resized force-no-lightbox force-no-caption\" style=\"margin-top:0;margin-bottom:0\"><img loading=\"lazy\" decoding=\"async\" width=\"512\" height=\"512\" title=\"4e339f8a-3d1b-4472-b0f6-0cf245b324eb\" src=\"https:\/\/www.greenpeace.org\/static\/planet4-netherlands-stateless\/2024\/06\/4e339f8a-3d1b-4472-b0f6-0cf245b324eb.png\" alt=\"Bossen icoontje\" class=\"wp-image-63696\" style=\"width:166px;height:auto\" srcset=\"https:\/\/www.greenpeace.org\/static\/planet4-netherlands-stateless\/2024\/06\/4e339f8a-3d1b-4472-b0f6-0cf245b324eb.png 512w, https:\/\/www.greenpeace.org\/static\/planet4-netherlands-stateless\/2024\/06\/4e339f8a-3d1b-4472-b0f6-0cf245b324eb-300x300.png 300w, https:\/\/www.greenpeace.org\/static\/planet4-netherlands-stateless\/2024\/06\/4e339f8a-3d1b-4472-b0f6-0cf245b324eb-150x150.png 150w, https:\/\/www.greenpeace.org\/static\/planet4-netherlands-stateless\/2024\/06\/4e339f8a-3d1b-4472-b0f6-0cf245b324eb-340x340.png 340w\" sizes=\"auto, (max-width: 512px) 100vw, 512px\" \/><\/figure>\n\n\n\n<h3 class=\"wp-block-heading has-text-align-center has-white-color has-text-color\" id=\"h-jouw-donatie-kan-helpen\">In het kort<\/h3>\n\n\n\n<ul class=\"wp-block-list in-het-kort-lijst has-custom-css wp-custom-css-8668c965\">\n<li class=\"has-white-color has-text-color has-link-color wp-elements-fcb82a10034ff460d4a2a86f20b50f7e\">Ruim 90% van de bosbranden wordt door mensen veroorzaakt.<\/li>\n\n\n\n<li class=\"has-white-color has-text-color has-link-color wp-elements-e6b52ab01b49fe964399588fb9420b29\">Industri\u00eble ontbossing en klimaatverandering versterken het risico op natuurbranden.<\/li>\n\n\n\n<li class=\"has-white-color has-text-color has-link-color wp-elements-964424cedf4072cc99b314d241dc533d\">Greenpeace strijdt voor strengere wetgeving en bosbescherming.<\/li>\n<\/ul>\n\n\n\n<div style=\"height:40px\" aria-hidden=\"true\" class=\"wp-block-spacer\"><\/div>\n<\/div>\n\n\n\n<div style=\"height:64px\" aria-hidden=\"true\" class=\"wp-block-spacer\"><\/div>\n\n\n\n\n<div class=\"wp-block-media-text is-stacked-on-mobile is-image-fill-element\"><figure class=\"wp-block-media-text__media\"><img decoding=\"async\" src=\"https:\/\/www.greenpeace.org\/static\/planet4-netherlands-stateless\/2023\/05\/16020d31-gp1szphr-1-1024x683.jpg\" alt=\"Een bosbrand\" sizes=\"(min-width: 1600px) calc((1320px - 24px) \/ 2),(min-width: 1200px) calc((1140px - 24px) \/ 2),(min-width: 992px) calc((960px - 24px) \/ 2),(min-width: 768px) calc((720px - 24px) \/ 2),(min-width: 601px) calc((540px - 24px) \/ 2),(min-width: 577px) calc((540px - 24px) \/ 1), calc(100vw - 24px)\" srcset=\"\" class=\"wp-image-59254 size-full\" style=\"object-position:50% 50%\"\/><\/figure><div class=\"wp-block-media-text__content\">\n<h2 id=\"h-het-probleem\" class=\"wp-block-heading\">Wat is de belangrijkste oorzaak van bosbranden?<\/h2>\n\n\n\n<p class=\"wp-block-paragraph\">Wereldwijd wordt ruim 90% van alle bosbranden veroorzaakt door menselijke activiteiten, voornamelijk door ontbossing voor industri\u00eble landbouw en toenemende droogte door klimaatverandering.<\/p>\n\n\n\n<p class=\"wp-block-paragraph\">Bekende oorzaken van bosbranden zijn:<\/p>\n\n\n\n<ul class=\"wp-block-list\">\n<li><strong>Menselijke fouten<\/strong>: Bijvoorbeeld door kampvuren die niet goed uit zijn of weggegooide sigaretten.<\/li>\n\n\n\n<li><strong>Opzettelijk vuur<\/strong>: Voor illegale ontbossing en het vrijmaken van landbouwgrond.<\/li>\n\n\n\n<li><strong>Klimaatverandering<\/strong>: Droogte en hitte zorgen ervoor dat een kleine vonk snel uitgroeit tot een grote vuurzee.<\/li>\n<\/ul>\n\n\n\n<p class=\"wp-block-paragraph\">De impact op het klimaat, de natuur en ons eigen leven is enorm. Inheemse groepen worden bedreigd en duizenden unieke planten- en diersoorten sterven uit. De vrijgekomen CO2 versnelt de opwarming van de aarde, waardoor de kans op nog meer bosbranden toeneemt.<\/p>\n\n\n\n<div class=\"wp-block-buttons is-layout-flex wp-block-buttons-is-layout-flex\">\n<div class=\"wp-block-button\"><a class=\"wp-block-button__link wp-element-button\">Publicaties &amp; onderzoek<\/a><\/div>\n<\/div>\n<\/div><\/div>\n\n\n\n\n<div style=\"height:35px\" aria-hidden=\"true\" class=\"wp-block-spacer\"><\/div>\n\n\n\n\n<div class=\"wp-block-media-text has-media-on-the-right is-stacked-on-mobile is-image-fill-element\"><div class=\"wp-block-media-text__content\">\n<h2 id=\"h-wat-greenpeace-doet\" class=\"wp-block-heading\">Wat Greenpeace doet<\/h2>\n\n\n\n<p class=\"wp-block-paragraph\">Greenpeace bestrijdt bosbranden door ontbossing te<strong> monitoren en te documenteren<\/strong>. We <strong>mobiliseren <\/strong>wereldwijd gemeenschappen en zetten politieke druk om <strong>milieuwetten te versterken<\/strong>.<\/p>\n\n\n\n<p class=\"wp-block-paragraph\">Onze focus ligt op het beschermen van <strong>biodiversiteit <\/strong>en <strong>Inheemse landrechten<\/strong>, vooral in het Amazonegebied. Daarnaast pakken we <strong>klimaatverandering <\/strong>aan, die de branden verergert, met campagnes en internationale samenwerking tegen ontbossing voor landbouw.<\/p>\n\n\n\n<div class=\"wp-block-buttons is-layout-flex wp-block-buttons-is-layout-flex\">\n<div class=\"wp-block-button\"><a class=\"wp-block-button__link wp-element-button\" href=\"https:\/\/www.greenpeace.org\/nl\/bossen\/bosbranden\/#helpen\">Zo kan jij helpen<\/a><\/div>\n<\/div>\n<\/div><figure class=\"wp-block-media-text__media\"><img loading=\"lazy\" decoding=\"async\" width=\"1200\" height=\"800\" src=\"https:\/\/www.greenpeace.org\/static\/planet4-netherlands-stateless\/2024\/09\/b1c401d4-gp0sttmbd.jpg\" alt=\"Een blustraining \u00a9 Jurnasyanto Sukarno \/ Greenpeace\" sizes=\"auto, (min-width: 1600px) calc((1320px - 24px) \/ 2),(min-width: 1200px) calc((1140px - 24px) \/ 2),(min-width: 992px) calc((960px - 24px) \/ 2),(min-width: 768px) calc((720px - 24px) \/ 2),(min-width: 601px) calc((540px - 24px) \/ 2),(min-width: 577px) calc((540px - 24px) \/ 1), calc(100vw - 24px)\" srcset=\"https:\/\/www.greenpeace.org\/static\/planet4-netherlands-stateless\/2024\/09\/b1c401d4-gp0sttmbd.jpg 1200w, https:\/\/www.greenpeace.org\/static\/planet4-netherlands-stateless\/2024\/09\/b1c401d4-gp0sttmbd-300x200.jpg 300w, https:\/\/www.greenpeace.org\/static\/planet4-netherlands-stateless\/2024\/09\/b1c401d4-gp0sttmbd-1024x683.jpg 1024w, https:\/\/www.greenpeace.org\/static\/planet4-netherlands-stateless\/2024\/09\/b1c401d4-gp0sttmbd-768x512.jpg 768w, https:\/\/www.greenpeace.org\/static\/planet4-netherlands-stateless\/2024\/09\/b1c401d4-gp0sttmbd-510x340.jpg 510w\" class=\"wp-image-64876 size-full\" style=\"object-position:50% 50%\"\/><\/figure><\/div>\n\n\n\n\n<div style=\"height:54px\" aria-hidden=\"true\" class=\"wp-block-spacer\"><\/div>\n\n\n\n<div class=\"wp-block-query actions-list p4-query-loop is-custom-layout-actions-list is-custom-layout-grid is-layout-flex wp-block-query-is-layout-flex\">\n<h2 id=\"helpen\" class=\"wp-block-heading\">Hoe jij kan helpen<\/h2>\n\n\n\n<p class=\"wp-block-paragraph\" style=\"margin-top:24px;margin-bottom:32px\"><\/p>\n\n\n\n\n<ul class=\"wp-block-post-template is-layout-flow wp-block-post-template-is-layout-flow\"><li class=\"wp-block-post post-81508 p4_action type-p4_action status-publish has-post-thumbnail hentry category-bossen-categorie tag-bossen tag-ontbossing action-type-donaties\">\n<figure class=\"wp-block-post-featured-image\"><img loading=\"lazy\" decoding=\"async\" width=\"1200\" height=\"800\" src=\"https:\/\/www.greenpeace.org\/static\/planet4-netherlands-stateless\/2026\/05\/95cc61d6-gp0su6pif.jpg\" class=\"attachment-post-thumbnail size-post-thumbnail wp-post-image wp-stateless-item\" alt=\"Aerial Monitoring of Fires and Deforestation in the Amazon. \u00a9 Marizilda Cruppe \/ Greenpeace\" style=\"object-fit:cover;\" srcset=\"https:\/\/www.greenpeace.org\/static\/planet4-netherlands-stateless\/2026\/05\/95cc61d6-gp0su6pif.jpg 1200w, https:\/\/www.greenpeace.org\/static\/planet4-netherlands-stateless\/2026\/05\/95cc61d6-gp0su6pif-300x200.jpg 300w, https:\/\/www.greenpeace.org\/static\/planet4-netherlands-stateless\/2026\/05\/95cc61d6-gp0su6pif-1024x683.jpg 1024w, https:\/\/www.greenpeace.org\/static\/planet4-netherlands-stateless\/2026\/05\/95cc61d6-gp0su6pif-768x512.jpg 768w, https:\/\/www.greenpeace.org\/static\/planet4-netherlands-stateless\/2026\/05\/95cc61d6-gp0su6pif-510x340.jpg 510w\" sizes=\"auto, (max-width: 1200px) 100vw, 1200px\" data-image-size=\"post-thumbnail\" data-stateless-media-bucket=\"planet4-netherlands-stateless\" data-stateless-media-name=\"2026\/05\/95cc61d6-gp0su6pif.jpg\" \/><\/figure>\n\n\n<div class=\"wp-block-group group-stretched-link is-layout-flow wp-block-group-is-layout-flow\"><div class=\"wp-block-post-terms\">Bossen<\/div>\n\n<h3 class=\"wp-block-post-title\"><a data-ga-action=\"Call to Action\" data-ga-category=\"Actions List\" data-ga-label=\"n\/a\" href=\"https:\/\/www.greenpeace.org\/nl\/donaties\/bescherm-de-bossen\/\" target=\"_self\">Bescherm de bossen<\/a><\/h3>\n\n<div class=\"wp-block-post-excerpt\"><p class=\"wp-block-post-excerpt__excerpt\">Onze bossen verdwijnen in hoog tempo. En daarmee onze bescherming tegen klimaatverandering. Dit is het moment om in te grijpen. <\/p><\/div><\/div>\n\n\n\n<div class=\"wp-block-group read-more-nav is-layout-flow wp-block-group-is-layout-flow\"><a data-ga-action=\"Call to Action\" data-ga-category=\"Actions List\" data-ga-label=\"n\/a\" href=\"https:\/\/www.greenpeace.org\/nl\/donaties\/bescherm-de-bossen\/\" class=\"btn btn-primary btn-small\" aria-label=\"Druk op deze button om te doneren voor de bossen\">Doneer nu!<\/a><\/div>\n\n<\/li><li class=\"wp-block-post post-64491 p4_action type-p4_action status-publish has-post-thumbnail hentry category-bossen-categorie tag-bossen action-type-acties\">\n<figure class=\"wp-block-post-featured-image\"><img loading=\"lazy\" decoding=\"async\" width=\"800\" height=\"533\" src=\"https:\/\/www.greenpeace.org\/static\/planet4-netherlands-stateless\/2021\/05\/bf3b8b95-gp1sujkq_web_size_with_credit_line.jpg\" class=\"attachment-post-thumbnail size-post-thumbnail wp-post-image wp-stateless-item\" alt=\"\" style=\"object-fit:cover;\" srcset=\"https:\/\/www.greenpeace.org\/static\/planet4-netherlands-stateless\/2021\/05\/bf3b8b95-gp1sujkq_web_size_with_credit_line.jpg 800w, https:\/\/www.greenpeace.org\/static\/planet4-netherlands-stateless\/2021\/05\/bf3b8b95-gp1sujkq_web_size_with_credit_line-300x200.jpg 300w, https:\/\/www.greenpeace.org\/static\/planet4-netherlands-stateless\/2021\/05\/bf3b8b95-gp1sujkq_web_size_with_credit_line-768x512.jpg 768w, https:\/\/www.greenpeace.org\/static\/planet4-netherlands-stateless\/2021\/05\/bf3b8b95-gp1sujkq_web_size_with_credit_line-510x340.jpg 510w\" sizes=\"auto, (max-width: 800px) 100vw, 800px\" data-image-size=\"post-thumbnail\" data-stateless-media-bucket=\"planet4-netherlands-stateless\" data-stateless-media-name=\"2021\/05\/bf3b8b95-gp1sujkq_web_size_with_credit_line.jpg\" \/><\/figure>\n\n\n<div class=\"wp-block-group group-stretched-link is-layout-flow wp-block-group-is-layout-flow\"><div class=\"wp-block-post-terms\">Bossen<\/div>\n\n<h3 class=\"wp-block-post-title\"><a data-ga-action=\"Call to Action\" data-ga-category=\"Actions List\" data-ga-label=\"n\/a\" href=\"https:\/\/www.greenpeace.org\/nl\/acties\/stop-ontbossing-wereldwijd\/\" target=\"_self\">Stop ontbossing wereldwijd<\/a><\/h3>\n\n<div class=\"wp-block-post-excerpt\"><p class=\"wp-block-post-excerpt__excerpt\">Bossen zijn van levensbelang voor onze planeet. Als het thuis voor vele mensen en dieren. En als de natuurlijke beschermers van ons klimaat. <\/p><\/div><\/div>\n\n\n\n<div class=\"wp-block-group read-more-nav is-layout-flow wp-block-group-is-layout-flow\"><a data-ga-action=\"Call to Action\" data-ga-category=\"Actions List\" data-ga-label=\"n\/a\" href=\"https:\/\/www.greenpeace.org\/nl\/acties\/stop-ontbossing-wereldwijd\/\" class=\"btn btn-primary btn-small\" aria-label=\"Teken de petitie\">Teken de petitie<\/a><\/div>\n\n<\/li><li class=\"wp-block-post post-64486 p4_action type-p4_action status-publish has-post-thumbnail hentry category-bossen-categorie tag-bossen action-type-acties\">\n<figure class=\"wp-block-post-featured-image\"><img loading=\"lazy\" decoding=\"async\" width=\"480\" height=\"271\" src=\"https:\/\/www.greenpeace.org\/static\/planet4-netherlands-stateless\/2022\/10\/9bf9b942-amazonewoud.jpg\" class=\"attachment-post-thumbnail size-post-thumbnail wp-post-image wp-stateless-item\" alt=\"Amazonewoud\" style=\"object-fit:cover;\" srcset=\"https:\/\/www.greenpeace.org\/static\/planet4-netherlands-stateless\/2022\/10\/9bf9b942-amazonewoud.jpg 480w, https:\/\/www.greenpeace.org\/static\/planet4-netherlands-stateless\/2022\/10\/9bf9b942-amazonewoud-300x169.jpg 300w\" sizes=\"auto, (max-width: 480px) 100vw, 480px\" data-image-size=\"post-thumbnail\" data-stateless-media-bucket=\"planet4-netherlands-stateless\" data-stateless-media-name=\"2022\/10\/9bf9b942-amazonewoud.jpg\" \/><\/figure>\n\n\n<div class=\"wp-block-group group-stretched-link is-layout-flow wp-block-group-is-layout-flow\"><div class=\"wp-block-post-terms\">Bossen<\/div>\n\n<h3 class=\"wp-block-post-title\"><a data-ga-action=\"Call to Action\" data-ga-category=\"Actions List\" data-ga-label=\"n\/a\" href=\"https:\/\/www.greenpeace.org\/nl\/acties\/red-het-amazonewoud\/\" target=\"_self\">Red het Amazonewoud<\/a><\/h3>\n\n<div class=\"wp-block-post-excerpt\"><p class=\"wp-block-post-excerpt__excerpt\">De tijd dringt \u00e9cht voor de Amazone. Door de ontbossing en stijgende temperaturen komen hevige bosbranden steeds vaker voor. Als we de Amazone verliezen, verliezen we de strijd tegen klimaatverandering. Dat laten we niet gebeuren. <\/p><\/div><\/div>\n\n\n\n<div class=\"wp-block-group read-more-nav is-layout-flow wp-block-group-is-layout-flow\"><a data-ga-action=\"Call to Action\" data-ga-category=\"Actions List\" data-ga-label=\"n\/a\" href=\"https:\/\/www.greenpeace.org\/nl\/acties\/red-het-amazonewoud\/\" class=\"btn btn-primary btn-small\" aria-label=\"Teken de petitie\">Teken de petitie<\/a><\/div>\n\n<\/li><\/ul>\n\n\n<nav aria-label=\"Actions List carousel controls\" class=\"wp-block-group carousel-controls is-layout-flow wp-block-group-is-layout-flow\">\n<div class=\"wp-block-buttons is-horizontal is-content-justification-space-between is-nowrap is-layout-flex wp-container-core-buttons-is-layout-358af4b1 wp-block-buttons-is-layout-flex\">\n<div class=\"wp-block-button carousel-control-prev\"><button type=\"button\" class=\"wp-block-button__link wp-element-button\">Prev<\/button><\/div>\n\n\n\n<div class=\"wp-block-button carousel-control-next\"><button type=\"button\" class=\"wp-block-button__link wp-element-button\">Volgende<\/button><\/div>\n<\/div>\n<\/nav>\n\n\n\n<div class=\"wp-block-buttons load-more-actions-container is-content-justification-center is-layout-flex wp-container-core-buttons-is-layout-fe48e5de wp-block-buttons-is-layout-flex\">\n<div class=\"wp-block-button is-style-secondary\"><button type=\"button\" class=\"wp-block-button__link wp-element-button\">Laad meer<\/button><\/div>\n<\/div>\n<\/div>\n\n\n\n<div style=\"height:54px\" aria-hidden=\"true\" class=\"wp-block-spacer\"><\/div>\n\n\n\n\n<div class=\"wp-block-group alignfull block has-dark-green-800-background-color has-background is-layout-flow wp-block-group-is-layout-flow\">\n<div style=\"height:40px\" aria-hidden=\"true\" class=\"wp-block-spacer\"><\/div>\n\n\n\n<figure class=\"wp-block-image aligncenter size-full is-resized force-no-lightbox force-no-caption\" style=\"margin-top:0;margin-bottom:0\"><img loading=\"lazy\" decoding=\"async\" width=\"512\" height=\"512\" title=\"4e339f8a-3d1b-4472-b0f6-0cf245b324eb\" src=\"https:\/\/www.greenpeace.org\/static\/planet4-netherlands-stateless\/2024\/06\/4e339f8a-3d1b-4472-b0f6-0cf245b324eb.png\" alt=\"Bossen icoontje\" class=\"wp-image-63696\" style=\"width:166px;height:auto\" srcset=\"https:\/\/www.greenpeace.org\/static\/planet4-netherlands-stateless\/2024\/06\/4e339f8a-3d1b-4472-b0f6-0cf245b324eb.png 512w, https:\/\/www.greenpeace.org\/static\/planet4-netherlands-stateless\/2024\/06\/4e339f8a-3d1b-4472-b0f6-0cf245b324eb-300x300.png 300w, https:\/\/www.greenpeace.org\/static\/planet4-netherlands-stateless\/2024\/06\/4e339f8a-3d1b-4472-b0f6-0cf245b324eb-150x150.png 150w, https:\/\/www.greenpeace.org\/static\/planet4-netherlands-stateless\/2024\/06\/4e339f8a-3d1b-4472-b0f6-0cf245b324eb-340x340.png 340w\" sizes=\"auto, (max-width: 512px) 100vw, 512px\" \/><\/figure>\n\n\n\n<div style=\"height:32px\" aria-hidden=\"true\" class=\"wp-block-spacer\"><\/div>\n\n\n\n<h3 class=\"wp-block-heading has-text-align-center has-white-color has-text-color\" id=\"h-jouw-donatie-kan-helpen\">Jouw donatie helpt tegen bosbranden<\/h3>\n\n\n\n<p class=\"wp-block-paragraph\"><\/p>\n\n\n\n<div class=\"wp-block-buttons is-content-justification-center is-layout-flex wp-container-core-buttons-is-layout-fe48e5de wp-block-buttons-is-layout-flex\">\n<div class=\"wp-block-button is-style-cta\"><a class=\"wp-block-button__link wp-element-button\" href=\"https:\/\/doemee.greenpeace.nl\/doneren\/amazone\/\" rel=\"noopener\">Doneer nu<\/a><\/div>\n<\/div>\n\n\n\n<div style=\"height:40px\" aria-hidden=\"true\" class=\"wp-block-spacer\"><\/div>\n<\/div>\n\n\n\n\n<div style=\"height:54px\" aria-hidden=\"true\" class=\"wp-block-spacer\"><\/div>\n\n\n\n<div class=\"wp-block-query posts-list p4-query-loop is-custom-layout-list is-layout-flow wp-block-query-is-layout-flow\">\n<div class=\"wp-block-group is-content-justification-space-between is-layout-flex wp-container-core-group-is-layout-cfe5ce44 wp-block-group-is-layout-flex\">\n<h2 class=\"wp-block-heading\">Gerelateerde artikelen<\/h2>\n<\/div>\n\n\n\n<p class=\"wp-block-paragraph\" style=\"margin-top:24px;margin-bottom:36px\"><\/p>\n\n\n\n\n<ul class=\"wp-block-post-template is-layout-flow wp-block-post-template-is-layout-flow\"><li class=\"wp-block-post post-83009 post type-post status-publish format-standard has-post-thumbnail hentry category-bossen-categorie category-jbs category-landbouw tag-jbs tag-landbouw tag-vlees tag-bossen tag-amazone tag-ontbossing p4-page-type-artikelen\">\n\n<div class=\"wp-block-columns is-layout-flex wp-container-core-columns-is-layout-8f761849 wp-block-columns-is-layout-flex\"><figure class=\"wp-block-post-featured-image\"><a href=\"https:\/\/www.greenpeace.org\/nl\/bossen-categorie\/83009\/verzoekschrift-greenpeace-nederland-aan-rechtbank-amsterdam-voor-openheid-jbs\/\" target=\"_self\"><img loading=\"lazy\" decoding=\"async\" data-ga-category=\"Posts List\" data-ga-action=\"Image\" data-ga-label=\"n\/a\" width=\"800\" height=\"490\" src=\"https:\/\/www.greenpeace.org\/static\/planet4-netherlands-stateless\/2026\/04\/37f38b92-gp0su8t02_medium-res-with-credit-line-1200px.jpg\" class=\"attachment-post-thumbnail size-post-thumbnail wp-post-image wp-stateless-item\" alt=\"Verzoekschrift Greenpeace Nederland aan rechtbank Amsterdam voor openheid JBS\" style=\"object-fit:cover;\" srcset=\"https:\/\/www.greenpeace.org\/static\/planet4-netherlands-stateless\/2026\/04\/37f38b92-gp0su8t02_medium-res-with-credit-line-1200px.jpg 800w, https:\/\/www.greenpeace.org\/static\/planet4-netherlands-stateless\/2026\/04\/37f38b92-gp0su8t02_medium-res-with-credit-line-1200px-300x184.jpg 300w, https:\/\/www.greenpeace.org\/static\/planet4-netherlands-stateless\/2026\/04\/37f38b92-gp0su8t02_medium-res-with-credit-line-1200px-768x470.jpg 768w, https:\/\/www.greenpeace.org\/static\/planet4-netherlands-stateless\/2026\/04\/37f38b92-gp0su8t02_medium-res-with-credit-line-1200px-510x312.jpg 510w\" sizes=\"auto, (max-width: 800px) 100vw, 800px\" data-image-size=\"post-thumbnail\" data-stateless-media-bucket=\"planet4-netherlands-stateless\" data-stateless-media-name=\"2026\/04\/37f38b92-gp0su8t02_medium-res-with-credit-line-1200px.jpg\" \/><\/a><\/figure>\n\n\n<div class=\"wp-block-group is-layout-flow wp-block-group-is-layout-flow\">\n<div class=\"wp-block-group is-layout-flex wp-block-group-is-layout-flex\"><div class=\"wp-block-post-terms\"><a data-ga-category=\"Posts List\" data-ga-action=\"Post Type Tag\" data-ga-label=\"n\/a\" href=\"https:\/\/www.greenpeace.org\/nl\/category\/bossen-categorie\/\">Bossen<\/a><\/div>\n\n<div class=\"taxonomy-post_tag wp-block-post-terms\"><a data-ga-category=\"Posts List\" data-ga-action=\"Navigation Tag\" data-ga-label=\"n\/a\" href=\"https:\/\/www.greenpeace.org\/nl\/tag\/jbs\/\" rel=\"tag\">JBS<\/a><span class=\"wp-block-post-terms__separator\"> <\/span><a data-ga-category=\"Posts List\" data-ga-action=\"Navigation Tag\" data-ga-label=\"n\/a\" href=\"https:\/\/www.greenpeace.org\/nl\/tag\/landbouw\/\" rel=\"tag\">Landbouw<\/a><span class=\"wp-block-post-terms__separator\"> <\/span><a data-ga-category=\"Posts List\" data-ga-action=\"Navigation Tag\" data-ga-label=\"n\/a\" href=\"https:\/\/www.greenpeace.org\/nl\/tag\/vlees\/\" rel=\"tag\">Vlees<\/a><span class=\"wp-block-post-terms__separator\"> <\/span><a data-ga-category=\"Posts List\" data-ga-action=\"Navigation Tag\" data-ga-label=\"n\/a\" href=\"https:\/\/www.greenpeace.org\/nl\/tag\/bossen\/\" rel=\"tag\">Bossen<\/a><span class=\"wp-block-post-terms__separator\"> <\/span><a data-ga-category=\"Posts List\" data-ga-action=\"Navigation Tag\" data-ga-label=\"n\/a\" href=\"https:\/\/www.greenpeace.org\/nl\/tag\/amazone\/\" rel=\"tag\">Amazone<\/a><span class=\"wp-block-post-terms__separator\"> <\/span><a data-ga-category=\"Posts List\" data-ga-action=\"Navigation Tag\" data-ga-label=\"n\/a\" href=\"https:\/\/www.greenpeace.org\/nl\/tag\/ontbossing\/\" rel=\"tag\">Ontbossing<\/a><\/div><\/div>\n\n\n<h3 class=\"wp-block-post-title\"><a data-ga-category=\"Posts List\" data-ga-action=\"Title\" data-ga-label=\"n\/a\" href=\"https:\/\/www.greenpeace.org\/nl\/bossen-categorie\/83009\/verzoekschrift-greenpeace-nederland-aan-rechtbank-amsterdam-voor-openheid-jbs\/\" target=\"_self\">Verzoekschrift Greenpeace Nederland aan rechtbank Amsterdam voor openheid JBS<\/a><\/h3>\n\n<div class=\"wp-block-post-excerpt\"><p class=\"wp-block-post-excerpt__excerpt\">Het grootste vleesbedrijf ter wereld, JBS, maakt miljardenwinsten ten koste van mens en milieu. Nu wil dit omstreden bedrijf uitbreiden naar Nigeria. Wij kunnen en willen niet toekijken hoe JBS deze verwoestende plannen vanuit Nederland uitrolt. Daarom zetten we juridische stappen. <\/p><\/div>\n\n\n<div class=\"wp-block-group posts-list-meta is-layout-flow wp-block-group-is-layout-flow\"><span class='article-list-item-author'><a data-ga-category=\"Posts List\" data-ga-action=\"Author\" data-ga-label=\"n\/a\" href=\"https:\/\/www.greenpeace.org\/nl\/author\/laura\/\">Laura Polderman<\/a><\/span>\n\n<div class=\"wp-block-post-date\"><time datetime=\"2026-07-22T09:03:01+02:00\">22 juli 2026<\/time><\/div><\/div>\n<\/div>\n<\/div>\n\n<\/li><li class=\"wp-block-post post-82489 post type-post status-publish format-standard has-post-thumbnail hentry category-jbs tag-landbouw tag-vlees tag-bossen tag-amazone tag-ontbossing tag-jbs p4-page-type-artikelen\">\n\n<div class=\"wp-block-columns is-layout-flex wp-container-core-columns-is-layout-8f761849 wp-block-columns-is-layout-flex\"><figure class=\"wp-block-post-featured-image\"><a href=\"https:\/\/www.greenpeace.org\/nl\/jbs\/82489\/vleesmiljardairs-jbs\/\" target=\"_self\"><img loading=\"lazy\" decoding=\"async\" data-ga-category=\"Posts List\" data-ga-action=\"Image\" data-ga-label=\"n\/a\" width=\"1200\" height=\"831\" src=\"https:\/\/www.greenpeace.org\/static\/planet4-netherlands-stateless\/2026\/06\/adea9dc3-gp0su8szz_medium-res-1200px.jpg\" class=\"attachment-post-thumbnail size-post-thumbnail wp-post-image wp-stateless-item\" alt=\"JBS: verwoestende vleesmiljardairs\" style=\"object-fit:cover;\" srcset=\"https:\/\/www.greenpeace.org\/static\/planet4-netherlands-stateless\/2026\/06\/adea9dc3-gp0su8szz_medium-res-1200px.jpg 1200w, https:\/\/www.greenpeace.org\/static\/planet4-netherlands-stateless\/2026\/06\/adea9dc3-gp0su8szz_medium-res-1200px-300x208.jpg 300w, https:\/\/www.greenpeace.org\/static\/planet4-netherlands-stateless\/2026\/06\/adea9dc3-gp0su8szz_medium-res-1200px-1024x709.jpg 1024w, https:\/\/www.greenpeace.org\/static\/planet4-netherlands-stateless\/2026\/06\/adea9dc3-gp0su8szz_medium-res-1200px-768x532.jpg 768w, https:\/\/www.greenpeace.org\/static\/planet4-netherlands-stateless\/2026\/06\/adea9dc3-gp0su8szz_medium-res-1200px-491x340.jpg 491w\" sizes=\"auto, (max-width: 1200px) 100vw, 1200px\" data-image-size=\"post-thumbnail\" data-stateless-media-bucket=\"planet4-netherlands-stateless\" data-stateless-media-name=\"2026\/06\/adea9dc3-gp0su8szz_medium-res-1200px.jpg\" \/><\/a><\/figure>\n\n\n<div class=\"wp-block-group is-layout-flow wp-block-group-is-layout-flow\">\n<div class=\"wp-block-group is-layout-flex wp-block-group-is-layout-flex\"><div class=\"wp-block-post-terms\"><a data-ga-category=\"Posts List\" data-ga-action=\"Post Type Tag\" data-ga-label=\"n\/a\" href=\"https:\/\/www.greenpeace.org\/nl\/category\/jbs\/\">JBS<\/a><\/div>\n\n<div class=\"taxonomy-post_tag wp-block-post-terms\"><a data-ga-category=\"Posts List\" data-ga-action=\"Navigation Tag\" data-ga-label=\"n\/a\" href=\"https:\/\/www.greenpeace.org\/nl\/tag\/landbouw\/\" rel=\"tag\">Landbouw<\/a><span class=\"wp-block-post-terms__separator\"> <\/span><a data-ga-category=\"Posts List\" data-ga-action=\"Navigation Tag\" data-ga-label=\"n\/a\" href=\"https:\/\/www.greenpeace.org\/nl\/tag\/vlees\/\" rel=\"tag\">Vlees<\/a><span class=\"wp-block-post-terms__separator\"> <\/span><a data-ga-category=\"Posts List\" data-ga-action=\"Navigation Tag\" data-ga-label=\"n\/a\" href=\"https:\/\/www.greenpeace.org\/nl\/tag\/bossen\/\" rel=\"tag\">Bossen<\/a><span class=\"wp-block-post-terms__separator\"> <\/span><a data-ga-category=\"Posts List\" data-ga-action=\"Navigation Tag\" data-ga-label=\"n\/a\" href=\"https:\/\/www.greenpeace.org\/nl\/tag\/amazone\/\" rel=\"tag\">Amazone<\/a><span class=\"wp-block-post-terms__separator\"> <\/span><a data-ga-category=\"Posts List\" data-ga-action=\"Navigation Tag\" data-ga-label=\"n\/a\" href=\"https:\/\/www.greenpeace.org\/nl\/tag\/ontbossing\/\" rel=\"tag\">Ontbossing<\/a><span class=\"wp-block-post-terms__separator\"> <\/span><a data-ga-category=\"Posts List\" data-ga-action=\"Navigation Tag\" data-ga-label=\"n\/a\" href=\"https:\/\/www.greenpeace.org\/nl\/tag\/jbs\/\" rel=\"tag\">JBS<\/a><\/div><\/div>\n\n\n<h3 class=\"wp-block-post-title\"><a data-ga-category=\"Posts List\" data-ga-action=\"Title\" data-ga-label=\"n\/a\" href=\"https:\/\/www.greenpeace.org\/nl\/jbs\/82489\/vleesmiljardairs-jbs\/\" target=\"_self\">JBS: verwoestende vleesmiljardairs<\/a><\/h3>\n\n<div class=\"wp-block-post-excerpt\"><p class=\"wp-block-post-excerpt__excerpt\">JBS, het vleesimperium van de Braziliaanse miljardairbroers Batista, dreigt zijn verwoestende praktijken uit te breiden naar Nigeria. Je weet wel, het land waar oliemultinational Shell mensen en milieu zwaar vervuild achterliet. Greenpeace waarschuwde JBS vorig jaar al: nu jullie hoofdkantoor in Nederland zit, gelden Nederlandse wetten. Met jouw steun zullen we het bedrijf daaraan houden. <\/p><\/div>\n\n\n<div class=\"wp-block-group posts-list-meta is-layout-flow wp-block-group-is-layout-flow\"><span class='article-list-item-author'><a data-ga-category=\"Posts List\" data-ga-action=\"Author\" data-ga-label=\"n\/a\" href=\"https:\/\/www.greenpeace.org\/nl\/author\/jschuiling\/\">Jacqueline Schuiling<\/a><\/span>\n\n<div class=\"wp-block-post-date\"><time datetime=\"2026-06-25T14:16:21+02:00\">25 juni 2026<\/time><\/div><\/div>\n<\/div>\n<\/div>\n\n<\/li><li class=\"wp-block-post post-82068 post type-post status-publish format-standard has-post-thumbnail hentry category-bossen-categorie tag-bossen tag-amazone p4-page-type-artikelen\">\n\n<div class=\"wp-block-columns is-layout-flex wp-container-core-columns-is-layout-8f761849 wp-block-columns-is-layout-flex\"><figure class=\"wp-block-post-featured-image\"><a href=\"https:\/\/www.greenpeace.org\/nl\/bossen-categorie\/82068\/belangrijke-inheemse-delegatie-uit-de-amazone-bezoekt-nederland\/\" target=\"_self\"><img loading=\"lazy\" decoding=\"async\" data-ga-category=\"Posts List\" data-ga-action=\"Image\" data-ga-label=\"n\/a\" width=\"1200\" height=\"800\" src=\"https:\/\/www.greenpeace.org\/static\/planet4-netherlands-stateless\/2026\/05\/95cc61d6-gp0su6pif.jpg\" class=\"attachment-post-thumbnail size-post-thumbnail wp-post-image wp-stateless-item\" alt=\"Belangrijke inheemse delegatie uit de Amazone bezoekt Nederland:\" style=\"object-fit:cover;\" srcset=\"https:\/\/www.greenpeace.org\/static\/planet4-netherlands-stateless\/2026\/05\/95cc61d6-gp0su6pif.jpg 1200w, https:\/\/www.greenpeace.org\/static\/planet4-netherlands-stateless\/2026\/05\/95cc61d6-gp0su6pif-300x200.jpg 300w, https:\/\/www.greenpeace.org\/static\/planet4-netherlands-stateless\/2026\/05\/95cc61d6-gp0su6pif-1024x683.jpg 1024w, https:\/\/www.greenpeace.org\/static\/planet4-netherlands-stateless\/2026\/05\/95cc61d6-gp0su6pif-768x512.jpg 768w, https:\/\/www.greenpeace.org\/static\/planet4-netherlands-stateless\/2026\/05\/95cc61d6-gp0su6pif-510x340.jpg 510w\" sizes=\"auto, (max-width: 1200px) 100vw, 1200px\" data-image-size=\"post-thumbnail\" data-stateless-media-bucket=\"planet4-netherlands-stateless\" data-stateless-media-name=\"2026\/05\/95cc61d6-gp0su6pif.jpg\" \/><\/a><\/figure>\n\n\n<div class=\"wp-block-group is-layout-flow wp-block-group-is-layout-flow\">\n<div class=\"wp-block-group is-layout-flex wp-block-group-is-layout-flex\"><div class=\"wp-block-post-terms\"><a data-ga-category=\"Posts List\" data-ga-action=\"Post Type Tag\" data-ga-label=\"n\/a\" href=\"https:\/\/www.greenpeace.org\/nl\/category\/bossen-categorie\/\">Bossen<\/a><\/div>\n\n<div class=\"taxonomy-post_tag wp-block-post-terms\"><a data-ga-category=\"Posts List\" data-ga-action=\"Navigation Tag\" data-ga-label=\"n\/a\" href=\"https:\/\/www.greenpeace.org\/nl\/tag\/bossen\/\" rel=\"tag\">Bossen<\/a><span class=\"wp-block-post-terms__separator\"> <\/span><a data-ga-category=\"Posts List\" data-ga-action=\"Navigation Tag\" data-ga-label=\"n\/a\" href=\"https:\/\/www.greenpeace.org\/nl\/tag\/amazone\/\" rel=\"tag\">Amazone<\/a><\/div><\/div>\n\n\n<h3 class=\"wp-block-post-title\"><a data-ga-category=\"Posts List\" data-ga-action=\"Title\" data-ga-label=\"n\/a\" href=\"https:\/\/www.greenpeace.org\/nl\/bossen-categorie\/82068\/belangrijke-inheemse-delegatie-uit-de-amazone-bezoekt-nederland\/\" target=\"_self\">Belangrijke inheemse delegatie uit de Amazone bezoekt Nederland:<\/a><\/h3>\n\n<div class=\"wp-block-post-excerpt\"><p class=\"wp-block-post-excerpt__excerpt\">Van woensdag 10 tot en met zondag 14 juni strijkt een belangrijke delegatie neer in Nederland. Naast Frankrijk, Belgi\u00eb en Itali\u00eb reizen vier prominente Inheemse leiders uit Brazili\u00eb naar ons&hellip; <\/p><\/div>\n\n\n<div class=\"wp-block-group posts-list-meta is-layout-flow wp-block-group-is-layout-flow\"><span class='article-list-item-author'><a data-ga-category=\"Posts List\" data-ga-action=\"Author\" data-ga-label=\"n\/a\" href=\"https:\/\/www.greenpeace.org\/nl\/author\/jzijlstr\/\">Simcha Zijlstra, campaigner Bossen<\/a><\/span>\n\n<div class=\"wp-block-post-date\"><time datetime=\"2026-06-04T09:16:59+02:00\">4 juni 2026<\/time><\/div><\/div>\n<\/div>\n<\/div>\n\n<\/li><\/ul>\n\n\n<div class=\"wp-block-buttons carousel-controls is-horizontal is-content-justification-space-between is-nowrap is-layout-flex wp-container-core-buttons-is-layout-358af4b1 wp-block-buttons-is-layout-flex\">\n<div class=\"wp-block-button carousel-control-prev\"><button type=\"button\" class=\"wp-block-button__link wp-element-button\">Prev<\/button><\/div>\n\n\n\n<div class=\"wp-block-button carousel-control-next\"><button type=\"button\" class=\"wp-block-button__link wp-element-button\">Volgende<\/button><\/div>\n<\/div>\n<\/div>\n\n\n\n<div style=\"height:51px\" aria-hidden=\"true\" class=\"wp-block-spacer\"><\/div>\n\n\n\n<div class=\"wp-block-query posts-list p4-query-loop is-custom-layout-grid is-layout-grid wp-container-core-query-is-layout-85a54dc3 wp-block-query-is-layout-grid\">\n<div class=\"wp-block-group is-content-justification-space-between is-layout-flex wp-container-core-group-is-layout-cfe5ce44 wp-block-group-is-layout-flex\">\n<h2 class=\"wp-block-heading\">Publicaties &amp; onderzoek<\/h2>\n<\/div>\n\n\n\n<p class=\"wp-block-paragraph\" style=\"margin-top:24px;margin-bottom:36px\"><\/p>\n\n\n\n\n<ul class=\"wp-block-post-template is-layout-flow wp-block-post-template-is-layout-flow\"><li class=\"wp-block-post post-83009 post type-post status-publish format-standard has-post-thumbnail hentry category-bossen-categorie category-jbs category-landbouw tag-jbs tag-landbouw tag-vlees tag-bossen tag-amazone tag-ontbossing p4-page-type-artikelen\">\n\n<div class=\"wp-block-columns is-layout-flex wp-container-core-columns-is-layout-8f761849 wp-block-columns-is-layout-flex\"><figure class=\"wp-block-post-featured-image\"><a href=\"https:\/\/www.greenpeace.org\/nl\/bossen-categorie\/83009\/verzoekschrift-greenpeace-nederland-aan-rechtbank-amsterdam-voor-openheid-jbs\/\" target=\"_self\"><img loading=\"lazy\" decoding=\"async\" data-ga-category=\"Posts List\" data-ga-action=\"Image\" data-ga-label=\"n\/a\" width=\"800\" height=\"490\" src=\"https:\/\/www.greenpeace.org\/static\/planet4-netherlands-stateless\/2026\/04\/37f38b92-gp0su8t02_medium-res-with-credit-line-1200px.jpg\" class=\"attachment-post-thumbnail size-post-thumbnail wp-post-image wp-stateless-item\" alt=\"Verzoekschrift Greenpeace Nederland aan rechtbank Amsterdam voor openheid JBS\" style=\"object-fit:cover;\" srcset=\"https:\/\/www.greenpeace.org\/static\/planet4-netherlands-stateless\/2026\/04\/37f38b92-gp0su8t02_medium-res-with-credit-line-1200px.jpg 800w, https:\/\/www.greenpeace.org\/static\/planet4-netherlands-stateless\/2026\/04\/37f38b92-gp0su8t02_medium-res-with-credit-line-1200px-300x184.jpg 300w, https:\/\/www.greenpeace.org\/static\/planet4-netherlands-stateless\/2026\/04\/37f38b92-gp0su8t02_medium-res-with-credit-line-1200px-768x470.jpg 768w, https:\/\/www.greenpeace.org\/static\/planet4-netherlands-stateless\/2026\/04\/37f38b92-gp0su8t02_medium-res-with-credit-line-1200px-510x312.jpg 510w\" sizes=\"auto, (max-width: 800px) 100vw, 800px\" data-image-size=\"post-thumbnail\" data-stateless-media-bucket=\"planet4-netherlands-stateless\" data-stateless-media-name=\"2026\/04\/37f38b92-gp0su8t02_medium-res-with-credit-line-1200px.jpg\" \/><\/a><\/figure>\n\n\n<div class=\"wp-block-group is-layout-flow wp-block-group-is-layout-flow\">\n<div class=\"wp-block-group is-layout-flow wp-block-group-is-layout-flow\"><div class=\"wp-block-post-terms\"><a data-ga-category=\"Posts List\" data-ga-action=\"Post Type Tag\" data-ga-label=\"n\/a\" href=\"https:\/\/www.greenpeace.org\/nl\/category\/bossen-categorie\/\">Bossen<\/a><\/div>\n\n<div class=\"taxonomy-post_tag wp-block-post-terms\"><a data-ga-category=\"Posts List\" data-ga-action=\"Navigation Tag\" data-ga-label=\"n\/a\" href=\"https:\/\/www.greenpeace.org\/nl\/tag\/jbs\/\" rel=\"tag\">JBS<\/a><span class=\"wp-block-post-terms__separator\"> <\/span><a data-ga-category=\"Posts List\" data-ga-action=\"Navigation Tag\" data-ga-label=\"n\/a\" href=\"https:\/\/www.greenpeace.org\/nl\/tag\/landbouw\/\" rel=\"tag\">Landbouw<\/a><span class=\"wp-block-post-terms__separator\"> <\/span><a data-ga-category=\"Posts List\" data-ga-action=\"Navigation Tag\" data-ga-label=\"n\/a\" href=\"https:\/\/www.greenpeace.org\/nl\/tag\/vlees\/\" rel=\"tag\">Vlees<\/a><span class=\"wp-block-post-terms__separator\"> <\/span><a data-ga-category=\"Posts List\" data-ga-action=\"Navigation Tag\" data-ga-label=\"n\/a\" href=\"https:\/\/www.greenpeace.org\/nl\/tag\/bossen\/\" rel=\"tag\">Bossen<\/a><span class=\"wp-block-post-terms__separator\"> <\/span><a data-ga-category=\"Posts List\" data-ga-action=\"Navigation Tag\" data-ga-label=\"n\/a\" href=\"https:\/\/www.greenpeace.org\/nl\/tag\/amazone\/\" rel=\"tag\">Amazone<\/a><span class=\"wp-block-post-terms__separator\"> <\/span><a data-ga-category=\"Posts List\" data-ga-action=\"Navigation Tag\" data-ga-label=\"n\/a\" href=\"https:\/\/www.greenpeace.org\/nl\/tag\/ontbossing\/\" rel=\"tag\">Ontbossing<\/a><\/div><\/div>\n\n\n<h3 class=\"wp-block-post-title\"><a data-ga-category=\"Posts List\" data-ga-action=\"Title\" data-ga-label=\"n\/a\" href=\"https:\/\/www.greenpeace.org\/nl\/bossen-categorie\/83009\/verzoekschrift-greenpeace-nederland-aan-rechtbank-amsterdam-voor-openheid-jbs\/\" target=\"_self\">Verzoekschrift Greenpeace Nederland aan rechtbank Amsterdam voor openheid JBS<\/a><\/h3>\n\n<div class=\"wp-block-post-excerpt\"><p class=\"wp-block-post-excerpt__excerpt\">Het grootste vleesbedrijf ter wereld, JBS, maakt miljardenwinsten ten koste van mens en milieu. Nu wil dit omstreden bedrijf uitbreiden naar Nigeria. Wij kunnen en willen niet toekijken hoe JBS deze verwoestende plannen vanuit Nederland uitrolt. Daarom zetten we juridische stappen. <\/p><\/div>\n\n\n<div class=\"wp-block-group posts-list-meta is-layout-flow wp-block-group-is-layout-flow\"><span class='article-list-item-author'><a data-ga-category=\"Posts List\" data-ga-action=\"Author\" data-ga-label=\"n\/a\" href=\"https:\/\/www.greenpeace.org\/nl\/author\/laura\/\">Laura Polderman<\/a><\/span>\n\n<div class=\"wp-block-post-date\"><time datetime=\"2026-07-22T09:03:01+02:00\">22 juli 2026<\/time><\/div><\/div>\n<\/div>\n<\/div>\n\n<\/li><li class=\"wp-block-post post-82489 post type-post status-publish format-standard has-post-thumbnail hentry category-jbs tag-landbouw tag-vlees tag-bossen tag-amazone tag-ontbossing tag-jbs p4-page-type-artikelen\">\n\n<div class=\"wp-block-columns is-layout-flex wp-container-core-columns-is-layout-8f761849 wp-block-columns-is-layout-flex\"><figure class=\"wp-block-post-featured-image\"><a href=\"https:\/\/www.greenpeace.org\/nl\/jbs\/82489\/vleesmiljardairs-jbs\/\" target=\"_self\"><img loading=\"lazy\" decoding=\"async\" data-ga-category=\"Posts List\" data-ga-action=\"Image\" data-ga-label=\"n\/a\" width=\"1200\" height=\"831\" src=\"https:\/\/www.greenpeace.org\/static\/planet4-netherlands-stateless\/2026\/06\/adea9dc3-gp0su8szz_medium-res-1200px.jpg\" class=\"attachment-post-thumbnail size-post-thumbnail wp-post-image wp-stateless-item\" alt=\"JBS: verwoestende vleesmiljardairs\" style=\"object-fit:cover;\" srcset=\"https:\/\/www.greenpeace.org\/static\/planet4-netherlands-stateless\/2026\/06\/adea9dc3-gp0su8szz_medium-res-1200px.jpg 1200w, https:\/\/www.greenpeace.org\/static\/planet4-netherlands-stateless\/2026\/06\/adea9dc3-gp0su8szz_medium-res-1200px-300x208.jpg 300w, https:\/\/www.greenpeace.org\/static\/planet4-netherlands-stateless\/2026\/06\/adea9dc3-gp0su8szz_medium-res-1200px-1024x709.jpg 1024w, https:\/\/www.greenpeace.org\/static\/planet4-netherlands-stateless\/2026\/06\/adea9dc3-gp0su8szz_medium-res-1200px-768x532.jpg 768w, https:\/\/www.greenpeace.org\/static\/planet4-netherlands-stateless\/2026\/06\/adea9dc3-gp0su8szz_medium-res-1200px-491x340.jpg 491w\" sizes=\"auto, (max-width: 1200px) 100vw, 1200px\" data-image-size=\"post-thumbnail\" data-stateless-media-bucket=\"planet4-netherlands-stateless\" data-stateless-media-name=\"2026\/06\/adea9dc3-gp0su8szz_medium-res-1200px.jpg\" \/><\/a><\/figure>\n\n\n<div class=\"wp-block-group is-layout-flow wp-block-group-is-layout-flow\">\n<div class=\"wp-block-group is-layout-flow wp-block-group-is-layout-flow\"><div class=\"wp-block-post-terms\"><a data-ga-category=\"Posts List\" data-ga-action=\"Post Type Tag\" data-ga-label=\"n\/a\" href=\"https:\/\/www.greenpeace.org\/nl\/category\/jbs\/\">JBS<\/a><\/div>\n\n<div class=\"taxonomy-post_tag wp-block-post-terms\"><a data-ga-category=\"Posts List\" data-ga-action=\"Navigation Tag\" data-ga-label=\"n\/a\" href=\"https:\/\/www.greenpeace.org\/nl\/tag\/landbouw\/\" rel=\"tag\">Landbouw<\/a><span class=\"wp-block-post-terms__separator\"> <\/span><a data-ga-category=\"Posts List\" data-ga-action=\"Navigation Tag\" data-ga-label=\"n\/a\" href=\"https:\/\/www.greenpeace.org\/nl\/tag\/vlees\/\" rel=\"tag\">Vlees<\/a><span class=\"wp-block-post-terms__separator\"> <\/span><a data-ga-category=\"Posts List\" data-ga-action=\"Navigation Tag\" data-ga-label=\"n\/a\" href=\"https:\/\/www.greenpeace.org\/nl\/tag\/bossen\/\" rel=\"tag\">Bossen<\/a><span class=\"wp-block-post-terms__separator\"> <\/span><a data-ga-category=\"Posts List\" data-ga-action=\"Navigation Tag\" data-ga-label=\"n\/a\" href=\"https:\/\/www.greenpeace.org\/nl\/tag\/amazone\/\" rel=\"tag\">Amazone<\/a><span class=\"wp-block-post-terms__separator\"> <\/span><a data-ga-category=\"Posts List\" data-ga-action=\"Navigation Tag\" data-ga-label=\"n\/a\" href=\"https:\/\/www.greenpeace.org\/nl\/tag\/ontbossing\/\" rel=\"tag\">Ontbossing<\/a><span class=\"wp-block-post-terms__separator\"> <\/span><a data-ga-category=\"Posts List\" data-ga-action=\"Navigation Tag\" data-ga-label=\"n\/a\" href=\"https:\/\/www.greenpeace.org\/nl\/tag\/jbs\/\" rel=\"tag\">JBS<\/a><\/div><\/div>\n\n\n<h3 class=\"wp-block-post-title\"><a data-ga-category=\"Posts List\" data-ga-action=\"Title\" data-ga-label=\"n\/a\" href=\"https:\/\/www.greenpeace.org\/nl\/jbs\/82489\/vleesmiljardairs-jbs\/\" target=\"_self\">JBS: verwoestende vleesmiljardairs<\/a><\/h3>\n\n<div class=\"wp-block-post-excerpt\"><p class=\"wp-block-post-excerpt__excerpt\">JBS, het vleesimperium van de Braziliaanse miljardairbroers Batista, dreigt zijn verwoestende praktijken uit te breiden naar Nigeria. Je weet wel, het land waar oliemultinational Shell mensen en milieu zwaar vervuild achterliet. Greenpeace waarschuwde JBS vorig jaar al: nu jullie hoofdkantoor in Nederland zit, gelden Nederlandse wetten. Met jouw steun zullen we het bedrijf daaraan houden. <\/p><\/div>\n\n\n<div class=\"wp-block-group posts-list-meta is-layout-flow wp-block-group-is-layout-flow\"><span class='article-list-item-author'><a data-ga-category=\"Posts List\" data-ga-action=\"Author\" data-ga-label=\"n\/a\" href=\"https:\/\/www.greenpeace.org\/nl\/author\/jschuiling\/\">Jacqueline Schuiling<\/a><\/span>\n\n<div class=\"wp-block-post-date\"><time datetime=\"2026-06-25T14:16:21+02:00\">25 juni 2026<\/time><\/div><\/div>\n<\/div>\n<\/div>\n\n<\/li><li class=\"wp-block-post post-82068 post type-post status-publish format-standard has-post-thumbnail hentry category-bossen-categorie tag-bossen tag-amazone p4-page-type-artikelen\">\n\n<div class=\"wp-block-columns is-layout-flex wp-container-core-columns-is-layout-8f761849 wp-block-columns-is-layout-flex\"><figure class=\"wp-block-post-featured-image\"><a href=\"https:\/\/www.greenpeace.org\/nl\/bossen-categorie\/82068\/belangrijke-inheemse-delegatie-uit-de-amazone-bezoekt-nederland\/\" target=\"_self\"><img loading=\"lazy\" decoding=\"async\" data-ga-category=\"Posts List\" data-ga-action=\"Image\" data-ga-label=\"n\/a\" width=\"1200\" height=\"800\" src=\"https:\/\/www.greenpeace.org\/static\/planet4-netherlands-stateless\/2026\/05\/95cc61d6-gp0su6pif.jpg\" class=\"attachment-post-thumbnail size-post-thumbnail wp-post-image wp-stateless-item\" alt=\"Belangrijke inheemse delegatie uit de Amazone bezoekt Nederland:\" style=\"object-fit:cover;\" srcset=\"https:\/\/www.greenpeace.org\/static\/planet4-netherlands-stateless\/2026\/05\/95cc61d6-gp0su6pif.jpg 1200w, https:\/\/www.greenpeace.org\/static\/planet4-netherlands-stateless\/2026\/05\/95cc61d6-gp0su6pif-300x200.jpg 300w, https:\/\/www.greenpeace.org\/static\/planet4-netherlands-stateless\/2026\/05\/95cc61d6-gp0su6pif-1024x683.jpg 1024w, https:\/\/www.greenpeace.org\/static\/planet4-netherlands-stateless\/2026\/05\/95cc61d6-gp0su6pif-768x512.jpg 768w, https:\/\/www.greenpeace.org\/static\/planet4-netherlands-stateless\/2026\/05\/95cc61d6-gp0su6pif-510x340.jpg 510w\" sizes=\"auto, (max-width: 1200px) 100vw, 1200px\" data-image-size=\"post-thumbnail\" data-stateless-media-bucket=\"planet4-netherlands-stateless\" data-stateless-media-name=\"2026\/05\/95cc61d6-gp0su6pif.jpg\" \/><\/a><\/figure>\n\n\n<div class=\"wp-block-group is-layout-flow wp-block-group-is-layout-flow\">\n<div class=\"wp-block-group is-layout-flow wp-block-group-is-layout-flow\"><div class=\"wp-block-post-terms\"><a data-ga-category=\"Posts List\" data-ga-action=\"Post Type Tag\" data-ga-label=\"n\/a\" href=\"https:\/\/www.greenpeace.org\/nl\/category\/bossen-categorie\/\">Bossen<\/a><\/div>\n\n<div class=\"taxonomy-post_tag wp-block-post-terms\"><a data-ga-category=\"Posts List\" data-ga-action=\"Navigation Tag\" data-ga-label=\"n\/a\" href=\"https:\/\/www.greenpeace.org\/nl\/tag\/bossen\/\" rel=\"tag\">Bossen<\/a><span class=\"wp-block-post-terms__separator\"> <\/span><a data-ga-category=\"Posts List\" data-ga-action=\"Navigation Tag\" data-ga-label=\"n\/a\" href=\"https:\/\/www.greenpeace.org\/nl\/tag\/amazone\/\" rel=\"tag\">Amazone<\/a><\/div><\/div>\n\n\n<h3 class=\"wp-block-post-title\"><a data-ga-category=\"Posts List\" data-ga-action=\"Title\" data-ga-label=\"n\/a\" href=\"https:\/\/www.greenpeace.org\/nl\/bossen-categorie\/82068\/belangrijke-inheemse-delegatie-uit-de-amazone-bezoekt-nederland\/\" target=\"_self\">Belangrijke inheemse delegatie uit de Amazone bezoekt Nederland:<\/a><\/h3>\n\n<div class=\"wp-block-post-excerpt\"><p class=\"wp-block-post-excerpt__excerpt\">Van woensdag 10 tot en met zondag 14 juni strijkt een belangrijke delegatie neer in Nederland. Naast Frankrijk, Belgi\u00eb en Itali\u00eb reizen vier prominente Inheemse leiders uit Brazili\u00eb naar ons&hellip; <\/p><\/div>\n\n\n<div class=\"wp-block-group posts-list-meta is-layout-flow wp-block-group-is-layout-flow\"><span class='article-list-item-author'><a data-ga-category=\"Posts List\" data-ga-action=\"Author\" data-ga-label=\"n\/a\" href=\"https:\/\/www.greenpeace.org\/nl\/author\/jzijlstr\/\">Simcha Zijlstra, campaigner Bossen<\/a><\/span>\n\n<div class=\"wp-block-post-date\"><time datetime=\"2026-06-04T09:16:59+02:00\">4 juni 2026<\/time><\/div><\/div>\n<\/div>\n<\/div>\n\n<\/li><li class=\"wp-block-post post-81196 post type-post status-publish format-standard has-post-thumbnail hentry category-bossen-categorie category-jbs category-landbouw tag-landbouw tag-vlees tag-bossen tag-amazone tag-brief tag-ontbossing tag-jbs p4-page-type-pers\">\n\n<div class=\"wp-block-columns is-layout-flex wp-container-core-columns-is-layout-8f761849 wp-block-columns-is-layout-flex\"><figure class=\"wp-block-post-featured-image\"><a href=\"https:\/\/www.greenpeace.org\/nl\/bossen-categorie\/81196\/greenpeace-media-briefing-challenging-jbs-expansion-in-nigeria-and-beyondmedia-briefing-legal-steps-against-jbs\/\" target=\"_self\"><img loading=\"lazy\" decoding=\"async\" data-ga-category=\"Posts List\" data-ga-action=\"Image\" data-ga-label=\"n\/a\" width=\"1200\" height=\"800\" src=\"https:\/\/www.greenpeace.org\/static\/planet4-netherlands-stateless\/2026\/03\/c693ba89-gp0su5ayv_medium-res-with-credit-line-1200px.jpg\" class=\"attachment-post-thumbnail size-post-thumbnail wp-post-image wp-stateless-item\" alt=\"Greenpeace Media Briefing: Challenging JBS\u2019 expansion in Nigeria and beyond\" style=\"object-fit:cover;\" srcset=\"https:\/\/www.greenpeace.org\/static\/planet4-netherlands-stateless\/2026\/03\/c693ba89-gp0su5ayv_medium-res-with-credit-line-1200px.jpg 1200w, https:\/\/www.greenpeace.org\/static\/planet4-netherlands-stateless\/2026\/03\/c693ba89-gp0su5ayv_medium-res-with-credit-line-1200px-300x200.jpg 300w, https:\/\/www.greenpeace.org\/static\/planet4-netherlands-stateless\/2026\/03\/c693ba89-gp0su5ayv_medium-res-with-credit-line-1200px-1024x683.jpg 1024w, https:\/\/www.greenpeace.org\/static\/planet4-netherlands-stateless\/2026\/03\/c693ba89-gp0su5ayv_medium-res-with-credit-line-1200px-768x512.jpg 768w, https:\/\/www.greenpeace.org\/static\/planet4-netherlands-stateless\/2026\/03\/c693ba89-gp0su5ayv_medium-res-with-credit-line-1200px-510x340.jpg 510w\" sizes=\"auto, (max-width: 1200px) 100vw, 1200px\" data-image-size=\"post-thumbnail\" data-stateless-media-bucket=\"planet4-netherlands-stateless\" data-stateless-media-name=\"2026\/03\/c693ba89-gp0su5ayv_medium-res-with-credit-line-1200px.jpg\" \/><\/a><\/figure>\n\n\n<div class=\"wp-block-group is-layout-flow wp-block-group-is-layout-flow\">\n<div class=\"wp-block-group is-layout-flow wp-block-group-is-layout-flow\"><div class=\"wp-block-post-terms\"><a data-ga-category=\"Posts List\" data-ga-action=\"Post Type Tag\" data-ga-label=\"n\/a\" href=\"https:\/\/www.greenpeace.org\/nl\/category\/bossen-categorie\/\">Bossen<\/a><\/div>\n\n<div class=\"taxonomy-post_tag wp-block-post-terms\"><a data-ga-category=\"Posts List\" data-ga-action=\"Navigation Tag\" data-ga-label=\"n\/a\" href=\"https:\/\/www.greenpeace.org\/nl\/tag\/landbouw\/\" rel=\"tag\">Landbouw<\/a><span class=\"wp-block-post-terms__separator\"> <\/span><a data-ga-category=\"Posts List\" data-ga-action=\"Navigation Tag\" data-ga-label=\"n\/a\" href=\"https:\/\/www.greenpeace.org\/nl\/tag\/vlees\/\" rel=\"tag\">Vlees<\/a><span class=\"wp-block-post-terms__separator\"> <\/span><a data-ga-category=\"Posts List\" data-ga-action=\"Navigation Tag\" data-ga-label=\"n\/a\" href=\"https:\/\/www.greenpeace.org\/nl\/tag\/bossen\/\" rel=\"tag\">Bossen<\/a><span class=\"wp-block-post-terms__separator\"> <\/span><a data-ga-category=\"Posts List\" data-ga-action=\"Navigation Tag\" data-ga-label=\"n\/a\" href=\"https:\/\/www.greenpeace.org\/nl\/tag\/amazone\/\" rel=\"tag\">Amazone<\/a><span class=\"wp-block-post-terms__separator\"> <\/span><a data-ga-category=\"Posts List\" data-ga-action=\"Navigation Tag\" data-ga-label=\"n\/a\" href=\"https:\/\/www.greenpeace.org\/nl\/tag\/brief\/\" rel=\"tag\">Brief<\/a><span class=\"wp-block-post-terms__separator\"> <\/span><a data-ga-category=\"Posts List\" data-ga-action=\"Navigation Tag\" data-ga-label=\"n\/a\" href=\"https:\/\/www.greenpeace.org\/nl\/tag\/ontbossing\/\" rel=\"tag\">Ontbossing<\/a><span class=\"wp-block-post-terms__separator\"> <\/span><a data-ga-category=\"Posts List\" data-ga-action=\"Navigation Tag\" data-ga-label=\"n\/a\" href=\"https:\/\/www.greenpeace.org\/nl\/tag\/jbs\/\" rel=\"tag\">JBS<\/a><\/div><\/div>\n\n\n<h3 class=\"wp-block-post-title\"><a data-ga-category=\"Posts List\" data-ga-action=\"Title\" data-ga-label=\"n\/a\" href=\"https:\/\/www.greenpeace.org\/nl\/bossen-categorie\/81196\/greenpeace-media-briefing-challenging-jbs-expansion-in-nigeria-and-beyondmedia-briefing-legal-steps-against-jbs\/\" target=\"_self\">Greenpeace Media Briefing: Challenging JBS\u2019 expansion in Nigeria and beyond<\/a><\/h3>\n\n<div class=\"wp-block-post-excerpt\"><p class=\"wp-block-post-excerpt__excerpt\">CLEAN April 2026 &#8211; JBS EXPANSION MEDIA BRIEFING <\/p><\/div>\n\n\n<div class=\"wp-block-group posts-list-meta is-layout-flow wp-block-group-is-layout-flow\"><span class='article-list-item-author'><a data-ga-category=\"Posts List\" data-ga-action=\"Author\" data-ga-label=\"n\/a\" href=\"https:\/\/www.greenpeace.org\/nl\/author\/laura\/\">Laura Polderman<\/a><\/span>\n\n<div class=\"wp-block-post-date\"><time datetime=\"2026-04-30T07:48:22+02:00\">30 april 2026<\/time><\/div><\/div>\n<\/div>\n<\/div>\n\n<\/li><\/ul>\n\n\n<div class=\"wp-block-buttons carousel-controls is-horizontal is-content-justification-space-between is-nowrap is-layout-flex wp-container-core-buttons-is-layout-358af4b1 wp-block-buttons-is-layout-flex\">\n<div class=\"wp-block-button carousel-control-prev\"><button type=\"button\" class=\"wp-block-button__link wp-element-button\">Prev<\/button><\/div>\n\n\n\n<div class=\"wp-block-button carousel-control-next\"><button type=\"button\" class=\"wp-block-button__link wp-element-button\">Volgende<\/button><\/div>\n<\/div>\n<\/div>\n\n\n\n\n<div class=\"wp-block-group alignfull block has-beige-100-background-color has-background is-layout-flow wp-block-group-is-layout-flow\">\n<div class=\"wp-block-group container is-layout-flow wp-block-group-is-layout-flow\">\n<div style=\"height:24px\" aria-hidden=\"true\" class=\"wp-block-spacer\"><\/div>\n\n\n\n<h2 class=\"wp-block-heading has-text-align-center\" id=\"h-keep-learning-about\">Ontdek meer<\/h2>\n\n\n\n<div class=\"wp-block-columns is-layout-flex wp-container-core-columns-is-layout-8f761849 wp-block-columns-is-layout-flex\">\n<div class=\"wp-block-column is-layout-flow wp-block-column-is-layout-flow\">\n<div class=\"wp-block-group group-stretched-link is-layout-flow wp-block-group-is-layout-flow\">\n<figure class=\"wp-block-image aligncenter size-full is-resized force-no-lightbox force-no-caption is-style-rounded-180\"><img loading=\"lazy\" decoding=\"async\" width=\"1200\" height=\"800\" title=\"Villagers Pick through Discarded Imported Plastic in Surabaya, Indonesia\" src=\"https:\/\/www.greenpeace.org\/static\/planet4-netherlands-stateless\/2019\/04\/4dc3b497-gp0stt8d3.jpg\" alt=\"Villagers pick through discarded imported plastic that was dumped there by a nearby paper recycling company whose imported paper was contaminated with plastic, in Sumengko Village, near Gresik, Surabaya, Indonesia.\" class=\"wp-image-17744\" srcset=\"https:\/\/www.greenpeace.org\/static\/planet4-netherlands-stateless\/2019\/04\/4dc3b497-gp0stt8d3.jpg 1200w, https:\/\/www.greenpeace.org\/static\/planet4-netherlands-stateless\/2019\/04\/4dc3b497-gp0stt8d3-300x200.jpg 300w, https:\/\/www.greenpeace.org\/static\/planet4-netherlands-stateless\/2019\/04\/4dc3b497-gp0stt8d3-768x512.jpg 768w, https:\/\/www.greenpeace.org\/static\/planet4-netherlands-stateless\/2019\/04\/4dc3b497-gp0stt8d3-1024x683.jpg 1024w, https:\/\/www.greenpeace.org\/static\/planet4-netherlands-stateless\/2019\/04\/4dc3b497-gp0stt8d3-510x340.jpg 510w\" sizes=\"auto, (max-width: 1200px) 100vw, 1200px\" \/><figcaption aria-hidden=\"true\" class=\"wp-element-caption\">Villagers pick through discarded imported plastic that was dumped there by a nearby paper recycling company whose imported paper was contaminated with plastic, in Sumengko Village, near Gresik, Surabaya, Indonesia.<div class=\"credit icon-left\"> \u00a9 GAIA\/CC BY-NC-SA 4.0 \/ Adam Dean<\/div><\/figcaption><\/figure>\n\n\n\n<h5 class=\"wp-block-heading has-text-align-center is-style-chevron\" id=\"h-bosbranden\" style=\"font-size:1rem\"><a href=\"\/nl\/bossen\/bosbranden\">Ontbossing<\/a><\/h5>\n\n\n\n<div style=\"height:16px\" aria-hidden=\"true\" class=\"wp-block-spacer\"><\/div>\n<\/div>\n<\/div>\n\n\n\n<div class=\"wp-block-column is-layout-flow wp-block-column-is-layout-flow\">\n<div class=\"wp-block-group group-stretched-link is-layout-flow wp-block-group-is-layout-flow\">\n<figure class=\"wp-block-image aligncenter size-full is-resized force-no-lightbox force-no-caption is-style-rounded-180\"><img loading=\"lazy\" decoding=\"async\" width=\"480\" height=\"271\" title=\"amazonewoud\" src=\"https:\/\/www.greenpeace.org\/static\/planet4-netherlands-stateless\/2022\/10\/9bf9b942-amazonewoud.jpg\" alt=\"Amazonewoud\" class=\"wp-image-55062\" srcset=\"https:\/\/www.greenpeace.org\/static\/planet4-netherlands-stateless\/2022\/10\/9bf9b942-amazonewoud.jpg 480w, https:\/\/www.greenpeace.org\/static\/planet4-netherlands-stateless\/2022\/10\/9bf9b942-amazonewoud-300x169.jpg 300w\" sizes=\"auto, (max-width: 480px) 100vw, 480px\" \/><figcaption class=\"wp-element-caption\">(c) Rodrigo Baleia; Greenpeace<\/figcaption><\/figure>\n\n\n\n<h5 class=\"wp-block-heading has-text-align-center is-style-chevron\" id=\"h-amazone\" style=\"font-size:1rem\"><a href=\"\/nl\/bossen\/amazone\">Amazone<\/a><\/h5>\n\n\n\n<div style=\"height:16px\" aria-hidden=\"true\" class=\"wp-block-spacer\"><\/div>\n<\/div>\n<\/div>\n\n\n\n<div class=\"wp-block-column is-layout-flow wp-block-column-is-layout-flow\">\n<div class=\"wp-block-group group-stretched-link is-layout-flow wp-block-group-is-layout-flow\">\n<figure class=\"wp-block-image aligncenter size-full is-resized force-no-lightbox force-no-caption is-style-rounded-180\"><img loading=\"lazy\" decoding=\"async\" width=\"800\" height=\"533\" src=\"https:\/\/www.greenpeace.org\/static\/planet4-netherlands-stateless\/2021\/06\/3de3d472-gp0stqez2_web_size.jpg\" alt=\"\" class=\"wp-image-46611\" srcset=\"https:\/\/www.greenpeace.org\/static\/planet4-netherlands-stateless\/2021\/06\/3de3d472-gp0stqez2_web_size.jpg 800w, https:\/\/www.greenpeace.org\/static\/planet4-netherlands-stateless\/2021\/06\/3de3d472-gp0stqez2_web_size-300x200.jpg 300w, https:\/\/www.greenpeace.org\/static\/planet4-netherlands-stateless\/2021\/06\/3de3d472-gp0stqez2_web_size-768x512.jpg 768w, https:\/\/www.greenpeace.org\/static\/planet4-netherlands-stateless\/2021\/06\/3de3d472-gp0stqez2_web_size-510x340.jpg 510w\" sizes=\"auto, (max-width: 800px) 100vw, 800px\" \/><figcaption class=\"wp-element-caption\">Jombang op oost-Java is een van de honderden dorpen in Indonesi\u00eb waar ons electronisch afval wordt gesorteerd en vervolgens verbrand. <\/figcaption><\/figure>\n\n\n\n<h5 class=\"wp-block-heading has-text-align-center is-style-chevron\" id=\"h-indonesie\" style=\"font-size:1rem\"><a href=\"\/nl\/bossen\/indonesie\">Indonesi\u00eb<\/a><\/h5>\n\n\n\n<div style=\"height:16px\" aria-hidden=\"true\" class=\"wp-block-spacer\"><\/div>\n<\/div>\n<\/div>\n\n\n\n<div class=\"wp-block-column is-layout-flow wp-block-column-is-layout-flow\">\n<div class=\"wp-block-group group-stretched-link is-layout-flow wp-block-group-is-layout-flow\">\n<figure class=\"wp-block-image aligncenter size-full is-resized force-no-lightbox force-no-caption is-style-rounded-180\"><img loading=\"lazy\" decoding=\"async\" width=\"800\" height=\"534\" title=\"Protest and Projection against EU-Mercosur Deal in BerlinProtest und Projektion gegen den EU-Mercosur Vertrag in Berlin\" src=\"https:\/\/www.greenpeace.org\/static\/planet4-netherlands-stateless\/2023\/04\/4b52e462-gp0stv36f_web_size.jpg\" alt=\"\" class=\"wp-image-57638\" srcset=\"https:\/\/www.greenpeace.org\/static\/planet4-netherlands-stateless\/2023\/04\/4b52e462-gp0stv36f_web_size.jpg 800w, https:\/\/www.greenpeace.org\/static\/planet4-netherlands-stateless\/2023\/04\/4b52e462-gp0stv36f_web_size-300x200.jpg 300w, https:\/\/www.greenpeace.org\/static\/planet4-netherlands-stateless\/2023\/04\/4b52e462-gp0stv36f_web_size-768x513.jpg 768w, https:\/\/www.greenpeace.org\/static\/planet4-netherlands-stateless\/2023\/04\/4b52e462-gp0stv36f_web_size-510x340.jpg 510w\" sizes=\"auto, (max-width: 800px) 100vw, 800px\" \/><figcaption class=\"wp-element-caption\">Greenpeace activists demonstrate in front of the Berlin CityCube against the possible upcoming climate-damaging trade agreement between EU and the Mercosur states Brazil, Argentina, Paraguay and Uruguay. On the occasion of the Global Forum for Food and Agriculture, the world&#8217;s largest informal conference of agriculture ministers, they are projecting &#8220;EU-Mercosur: climate-damaging, anti-natural and outdated&#8221; in four-metre letters on the front of the exhibition halls.\nOn banners they demand from the German Minister of Agriculture Cem\n\u00d6zdemir: &#8220;\u00d6zdemir, rainforest instead of beef&#8221; and &#8220;Save the\nAmazon! Stop EU Mercosur&#8221;.\nGreenpeace-Aktive demonstrieren am Berliner CityCube zum Start der Gr\u00fcnen Woche gegen das klimasch\u00e4dliche Handelsabkommen zwischen der\nEU und den Mercosur Staaten Brasilien, Argentinien, Paraguay und Urugua. Anl\u00e4sslich des Global Forum for Food and Agriculture, der\nweltweit gr\u00f6\u00dften informellen Agrarministerkonferenz, projizieren sie in vier Meter gro\u00dfen Lettern \u201eEU-Mercosur: klimasch\u00e4dlich, naturfeindlich und veraltet\u201c an die\nFassade der Messehallen. Auf Bannern forderten sie vom deutschen Agrarminister Cem\n\u00d6zdemir: \u201e\u00d6zdemir, Regenwald statt Rindfleisch\u201c und \u201eSave the\nAmazon! Stop EU-Mercosur\u201c.<\/figcaption><\/figure>\n\n\n\n<h5 class=\"wp-block-heading has-text-align-center is-style-chevron\" id=\"h-eu-mercosur\" style=\"font-size:1rem\"><a href=\"\/nl\/bossen\/eu-mercosur\">EU-Mercosur<\/a><\/h5>\n\n\n\n<div style=\"height:16px\" aria-hidden=\"true\" class=\"wp-block-spacer\"><\/div>\n<\/div>\n<\/div>\n\n\n\n<div class=\"wp-block-column is-layout-flow wp-block-column-is-layout-flow\">\n<div class=\"wp-block-group group-stretched-link is-layout-flow wp-block-group-is-layout-flow\">\n<figure class=\"wp-block-image aligncenter size-full is-resized force-no-lightbox force-no-caption is-style-rounded-180\"><img loading=\"lazy\" decoding=\"async\" width=\"1500\" height=\"1000\" title=\"Katik\u00e1 and Andr\u00e9 Karipuna in Karipuna Indigenous Land, BrazilKatik\u00e1 e Andr\u00e9 Karipuna na Terra Ind\u00edgena Karipuna (RO)\" src=\"https:\/\/www.greenpeace.org\/static\/planet4-netherlands-stateless\/2022\/11\/af714452-karipuna-inheemse-bevolking-natuur.jpg\" alt=\"Katik\u00e1 en Andr\u00e9 Karipuna op Karipuna grondgebied\" class=\"wp-image-55452\" srcset=\"https:\/\/www.greenpeace.org\/static\/planet4-netherlands-stateless\/2022\/11\/af714452-karipuna-inheemse-bevolking-natuur.jpg 1500w, https:\/\/www.greenpeace.org\/static\/planet4-netherlands-stateless\/2022\/11\/af714452-karipuna-inheemse-bevolking-natuur-300x200.jpg 300w, https:\/\/www.greenpeace.org\/static\/planet4-netherlands-stateless\/2022\/11\/af714452-karipuna-inheemse-bevolking-natuur-1024x683.jpg 1024w, https:\/\/www.greenpeace.org\/static\/planet4-netherlands-stateless\/2022\/11\/af714452-karipuna-inheemse-bevolking-natuur-768x512.jpg 768w, https:\/\/www.greenpeace.org\/static\/planet4-netherlands-stateless\/2022\/11\/af714452-karipuna-inheemse-bevolking-natuur-510x340.jpg 510w\" sizes=\"auto, (max-width: 1500px) 100vw, 1500px\" \/><figcaption class=\"wp-element-caption\">Andr\u00e9 Karipuna and his mother, Katik\u00e1 Karipuna, have their lives threatened by the broad destruction of the forest caused by loggers and invaders.\nThe Karipuna Indigenous Land, located in the municipalities of Nova Mamor\u00e9 and Porto Velho, in Rond\u00f4nia state, has been rapidly destroyed by the ostensive invasion of loggers and grileiros (land grabbers). Although it was recognized as an Indigenous Land by Brazilian government in 1988, over 11,000 hectares of the Amazon forest have already been destroyed; 80% in the last three years alone. Even the sale of lots has been carried out by the invaders. The Karipuna are a indigenous people of recent contact with surrounding society, and were almost extinct in the 1970s. Currently, the Karipuna population totals 58 people.\nAndr\u00e9 Karipuna e sua m\u00e3e, Katik\u00e1 Karipuna, t\u00eam suas vidas amea\u00e7adas pela ostensiva destrui\u00e7\u00e3o da floresta causada por madeireiros e invasores.\nA Terra Ind\u00edgena Karipuna, localizada nos munic\u00edpios de Nova Mamor\u00e9 e Porto Velho (RO), vem sendo rapidamente destru\u00edda pela ostensiva invas\u00e3o de madeireiros e grileiros. Apesar de ter sido homologada pela Presid\u00eancia da Rep\u00fablica em 1988, mais de 11 mil hectares de floresta amaz\u00f4nica j\u00e1 foram destru\u00eddos, sendo 80% apenas nos \u00faltimos tr\u00eas anos. At\u00e9 mesmo a venda de lotes vem sendo realizada pelos invasores. Povo de recente contato com a sociedade envolvente, os Karipuna quase foram extintos na d\u00e9cada de 1970. Atualmente, a popula\u00e7\u00e3o Karipuna totaliza 58 pessoas.<\/figcaption><\/figure>\n\n\n\n<h5 class=\"wp-block-heading has-text-align-center is-style-chevron\" id=\"h-inheemse-beschermers\" style=\"font-size:1rem\"><a href=\"\/nl\/bossen\/inheemse-beschermers\">Inheemse beschermers<\/a><\/h5>\n\n\n\n<div style=\"height:16px\" aria-hidden=\"true\" class=\"wp-block-spacer\"><\/div>\n<\/div>\n<\/div>\n<\/div>\n<\/div>\n<\/div>\n\n\n\n\n\n<div class=\"wp-block-group alignfull block has-white-background-color has-background is-layout-flow wp-block-group-is-layout-flow\">\n<div class=\"wp-block-group container is-layout-flow wp-block-group-is-layout-flow\">\n<div style=\"height:24px\" aria-hidden=\"true\" class=\"wp-block-spacer\"><\/div>\n\n\n\n<div class=\"wp-block-group alignfull has-beige-100-background-color has-background is-layout-flow wp-block-group-is-layout-flow\" style=\"padding-top:39px;padding-right:0;padding-bottom:39px;padding-left:0\">\n<div class=\"wp-block-group container is-layout-flow wp-block-group-is-layout-flow\">\n<div class=\"wp-block-columns is-layout-flex wp-container-core-columns-is-layout-8f761849 wp-block-columns-is-layout-flex\">\n<div class=\"wp-block-column is-layout-flow wp-block-column-is-layout-flow\">\n<h2 id=\"h-doe-mee\" class=\"wp-block-heading\" style=\"font-size:40px\">Blijf op de hoogte <\/h2>\n\n\n\n<p class=\"wp-block-paragraph\">Meld je net als bijna 500.000 anderen aan voor de<strong> Greenpeace nieuwsbrief <\/strong>en blijf op de hoogte van onze acties en campagnes en hoe je daaraan kan bijdragen.<\/p>\n\n\n\n<div style=\"height:19px\" aria-hidden=\"true\" class=\"wp-block-spacer\"><\/div>\n\n\n\n<div class=\"wp-block-buttons is-vertical is-content-justification-center is-nowrap is-layout-flex wp-container-core-buttons-is-layout-a539f630 wp-block-buttons-is-layout-flex\">\n<div class=\"wp-block-button\"><a class=\"wp-block-button__link wp-element-button\" href=\"http:\/\/doemee.greenpeace.nl\/nieuwsbrief\/\" rel=\"noopener\">Schrijf je in<\/a><\/div>\n<\/div>\n<\/div>\n\n\n\n<div class=\"wp-block-column is-layout-flow wp-block-column-is-layout-flow\">\n<p class=\"wp-block-paragraph\"><\/p>\n\n\n\n<figure class=\"wp-block-image aligncenter size-thumbnail is-resized\"><img loading=\"lazy\" decoding=\"async\" width=\"150\" height=\"150\" title=\"c581535e-47a9-47b2-89a9-61bcb352e7c7\" src=\"https:\/\/www.greenpeace.org\/static\/planet4-netherlands-stateless\/2024\/06\/c581535e-47a9-47b2-89a9-61bcb352e7c7-150x150.png\" alt=\"\" class=\"wp-image-63608\" style=\"width:166px;height:auto\" srcset=\"https:\/\/www.greenpeace.org\/static\/planet4-netherlands-stateless\/2024\/06\/c581535e-47a9-47b2-89a9-61bcb352e7c7-150x150.png 150w, https:\/\/www.greenpeace.org\/static\/planet4-netherlands-stateless\/2024\/06\/c581535e-47a9-47b2-89a9-61bcb352e7c7-300x300.png 300w, https:\/\/www.greenpeace.org\/static\/planet4-netherlands-stateless\/2024\/06\/c581535e-47a9-47b2-89a9-61bcb352e7c7-340x340.png 340w, https:\/\/www.greenpeace.org\/static\/planet4-netherlands-stateless\/2024\/06\/c581535e-47a9-47b2-89a9-61bcb352e7c7.png 512w\" sizes=\"auto, (max-width: 150px) 100vw, 150px\" \/><\/figure>\n<\/div>\n<\/div>\n<\/div>\n<\/div>\n\n\n\n<div style=\"height:36px\" aria-hidden=\"true\" class=\"wp-block-spacer\"><\/div>\n\n\n\n<h4 id=\"h-explore-other-topics\" class=\"wp-block-heading\">Ontdek meer thema&#8217;s<\/h4>\n\n\n\n<div class=\"wp-block-columns is-not-stacked-on-mobile is-style-mobile-carousel is-layout-flex wp-container-core-columns-is-layout-8f761849 wp-block-columns-is-layout-flex\">\n<div class=\"wp-block-column is-layout-flow wp-block-column-is-layout-flow\">\n<div class=\"wp-block-group group-stretched-link is-layout-flow wp-block-group-is-layout-flow\">\n<figure class=\"wp-block-image aligncenter size-full is-resized is-style-rounded-90 force-no-lightbox force-no-caption mb-0\"><img loading=\"lazy\" decoding=\"async\" width=\"512\" height=\"512\" title=\"7cec020c-d200-40ae-8b50-6dabfa14251d\" src=\"https:\/\/www.greenpeace.org\/static\/planet4-netherlands-stateless\/2024\/06\/7cec020c-d200-40ae-8b50-6dabfa14251d.png\" alt=\"\" class=\"wp-image-63630\" srcset=\"https:\/\/www.greenpeace.org\/static\/planet4-netherlands-stateless\/2024\/06\/7cec020c-d200-40ae-8b50-6dabfa14251d.png 512w, https:\/\/www.greenpeace.org\/static\/planet4-netherlands-stateless\/2024\/06\/7cec020c-d200-40ae-8b50-6dabfa14251d-300x300.png 300w, https:\/\/www.greenpeace.org\/static\/planet4-netherlands-stateless\/2024\/06\/7cec020c-d200-40ae-8b50-6dabfa14251d-150x150.png 150w, https:\/\/www.greenpeace.org\/static\/planet4-netherlands-stateless\/2024\/06\/7cec020c-d200-40ae-8b50-6dabfa14251d-340x340.png 340w\" sizes=\"auto, (max-width: 512px) 100vw, 512px\" \/><\/figure>\n\n\n\n<div style=\"height:16px\" aria-hidden=\"true\" class=\"wp-block-spacer\"><\/div>\n\n\n\n<h5 class=\"wp-block-heading has-text-align-center\" id=\"h-bossen\" style=\"font-size:1rem\"><a href=\"\/nl\/bossen\">Bossen<\/a><\/h5>\n<\/div>\n<\/div>\n\n\n\n<div class=\"wp-block-column is-layout-flow wp-block-column-is-layout-flow\">\n<div class=\"wp-block-group group-stretched-link is-layout-flow wp-block-group-is-layout-flow\">\n<figure class=\"wp-block-image aligncenter size-full is-resized is-style-rounded-90 force-no-lightbox force-no-caption mb-0\"><img loading=\"lazy\" decoding=\"async\" width=\"512\" height=\"512\" title=\"5f76b493-7aa5-443d-b485-53fc13a5d218\" src=\"https:\/\/www.greenpeace.org\/static\/planet4-netherlands-stateless\/2024\/06\/5f76b493-7aa5-443d-b485-53fc13a5d218.png\" alt=\"\" class=\"wp-image-63628\" srcset=\"https:\/\/www.greenpeace.org\/static\/planet4-netherlands-stateless\/2024\/06\/5f76b493-7aa5-443d-b485-53fc13a5d218.png 512w, https:\/\/www.greenpeace.org\/static\/planet4-netherlands-stateless\/2024\/06\/5f76b493-7aa5-443d-b485-53fc13a5d218-300x300.png 300w, https:\/\/www.greenpeace.org\/static\/planet4-netherlands-stateless\/2024\/06\/5f76b493-7aa5-443d-b485-53fc13a5d218-150x150.png 150w, https:\/\/www.greenpeace.org\/static\/planet4-netherlands-stateless\/2024\/06\/5f76b493-7aa5-443d-b485-53fc13a5d218-340x340.png 340w\" sizes=\"auto, (max-width: 512px) 100vw, 512px\" \/><\/figure>\n\n\n\n<div style=\"height:16px\" aria-hidden=\"true\" class=\"wp-block-spacer\"><\/div>\n\n\n\n<h5 class=\"wp-block-heading has-text-align-center\" id=\"h-oceanen\" style=\"font-size:1rem\"><a href=\"\/nl\/oceanen\">Oceanen<\/a><\/h5>\n<\/div>\n<\/div>\n\n\n\n<div class=\"wp-block-column is-layout-flow wp-block-column-is-layout-flow\">\n<div class=\"wp-block-group group-stretched-link is-layout-flow wp-block-group-is-layout-flow\">\n<figure class=\"wp-block-image aligncenter size-full is-resized is-style-rounded-90 force-no-lightbox force-no-caption mb-0\"><img loading=\"lazy\" decoding=\"async\" width=\"512\" height=\"512\" title=\"077f936d-onze-missie\" src=\"https:\/\/www.greenpeace.org\/static\/planet4-netherlands-stateless\/2024\/06\/077f936d-onze-missie.png\" alt=\"\" class=\"wp-image-63603\" srcset=\"https:\/\/www.greenpeace.org\/static\/planet4-netherlands-stateless\/2024\/06\/077f936d-onze-missie.png 512w, https:\/\/www.greenpeace.org\/static\/planet4-netherlands-stateless\/2024\/06\/077f936d-onze-missie-300x300.png 300w, https:\/\/www.greenpeace.org\/static\/planet4-netherlands-stateless\/2024\/06\/077f936d-onze-missie-150x150.png 150w, https:\/\/www.greenpeace.org\/static\/planet4-netherlands-stateless\/2024\/06\/077f936d-onze-missie-340x340.png 340w\" sizes=\"auto, (max-width: 512px) 100vw, 512px\" \/><\/figure>\n\n\n\n<div style=\"height:16px\" aria-hidden=\"true\" class=\"wp-block-spacer\"><\/div>\n\n\n\n<h5 class=\"wp-block-heading has-text-align-center\" id=\"h-eerlijke-wereld\" style=\"font-size:1rem\"><a href=\"\/nl\/eerlijke-wereld\">Eerlijke wereld<\/a><\/h5>\n<\/div>\n<\/div>\n\n\n\n<div class=\"wp-block-column is-layout-flow wp-block-column-is-layout-flow\">\n<div class=\"wp-block-group group-stretched-link is-layout-flow wp-block-group-is-layout-flow\">\n<figure class=\"wp-block-image aligncenter size-full is-resized is-style-rounded-90 force-no-lightbox force-no-caption mb-0\"><img loading=\"lazy\" decoding=\"async\" width=\"512\" height=\"512\" title=\"859b05fa-15b4-4f42-97fb-bebd37223861\" src=\"https:\/\/www.greenpeace.org\/static\/planet4-netherlands-stateless\/2024\/06\/859b05fa-15b4-4f42-97fb-bebd37223861.png\" alt=\"\" class=\"wp-image-63627\" srcset=\"https:\/\/www.greenpeace.org\/static\/planet4-netherlands-stateless\/2024\/06\/859b05fa-15b4-4f42-97fb-bebd37223861.png 512w, https:\/\/www.greenpeace.org\/static\/planet4-netherlands-stateless\/2024\/06\/859b05fa-15b4-4f42-97fb-bebd37223861-300x300.png 300w, https:\/\/www.greenpeace.org\/static\/planet4-netherlands-stateless\/2024\/06\/859b05fa-15b4-4f42-97fb-bebd37223861-150x150.png 150w, https:\/\/www.greenpeace.org\/static\/planet4-netherlands-stateless\/2024\/06\/859b05fa-15b4-4f42-97fb-bebd37223861-340x340.png 340w\" sizes=\"auto, (max-width: 512px) 100vw, 512px\" \/><\/figure>\n\n\n\n<div style=\"height:16px\" aria-hidden=\"true\" class=\"wp-block-spacer\"><\/div>\n\n\n\n<h5 class=\"wp-block-heading has-text-align-center\" id=\"h-klimaat\" style=\"font-size:1rem\"><a href=\"\/nl\/klimaat\">Klimaat<\/a><\/h5>\n<\/div>\n<\/div>\n\n\n\n<div class=\"wp-block-column is-layout-flow wp-block-column-is-layout-flow\">\n<div class=\"wp-block-group group-stretched-link is-layout-flow wp-block-group-is-layout-flow\">\n<figure class=\"wp-block-image aligncenter size-full is-resized is-style-rounded-90 force-no-lightbox force-no-caption mb-0\"><img loading=\"lazy\" decoding=\"async\" width=\"512\" height=\"512\" title=\"421b1474-5b75-4813-a874-3fa58cc0b408\" src=\"https:\/\/www.greenpeace.org\/static\/planet4-netherlands-stateless\/2024\/06\/421b1474-5b75-4813-a874-3fa58cc0b408.png\" alt=\"\" class=\"wp-image-63629\" srcset=\"https:\/\/www.greenpeace.org\/static\/planet4-netherlands-stateless\/2024\/06\/421b1474-5b75-4813-a874-3fa58cc0b408.png 512w, https:\/\/www.greenpeace.org\/static\/planet4-netherlands-stateless\/2024\/06\/421b1474-5b75-4813-a874-3fa58cc0b408-300x300.png 300w, https:\/\/www.greenpeace.org\/static\/planet4-netherlands-stateless\/2024\/06\/421b1474-5b75-4813-a874-3fa58cc0b408-150x150.png 150w, https:\/\/www.greenpeace.org\/static\/planet4-netherlands-stateless\/2024\/06\/421b1474-5b75-4813-a874-3fa58cc0b408-340x340.png 340w\" sizes=\"auto, (max-width: 512px) 100vw, 512px\" \/><\/figure>\n\n\n\n<div style=\"height:16px\" aria-hidden=\"true\" class=\"wp-block-spacer\"><\/div>\n\n\n\n<h5 class=\"wp-block-heading has-text-align-center\" id=\"h-plastic\" style=\"font-size:1rem\"><a href=\"\/nl\/plastic\">Plastic<\/a><\/h5>\n<\/div>\n<\/div>\n\n\n\n<div class=\"wp-block-column is-layout-flow wp-block-column-is-layout-flow\">\n<div class=\"wp-block-group group-stretched-link is-layout-flow wp-block-group-is-layout-flow\">\n<figure class=\"wp-block-image aligncenter size-full is-resized is-style-rounded-90 force-no-lightbox force-no-caption mb-0\"><img loading=\"lazy\" decoding=\"async\" width=\"512\" height=\"512\" title=\"ef913d22-c270-4e46-bbff-8b587b2278c5\" src=\"https:\/\/www.greenpeace.org\/static\/planet4-netherlands-stateless\/2024\/06\/ef913d22-c270-4e46-bbff-8b587b2278c5.png\" alt=\"\" class=\"wp-image-63631\" srcset=\"https:\/\/www.greenpeace.org\/static\/planet4-netherlands-stateless\/2024\/06\/ef913d22-c270-4e46-bbff-8b587b2278c5.png 512w, https:\/\/www.greenpeace.org\/static\/planet4-netherlands-stateless\/2024\/06\/ef913d22-c270-4e46-bbff-8b587b2278c5-300x300.png 300w, https:\/\/www.greenpeace.org\/static\/planet4-netherlands-stateless\/2024\/06\/ef913d22-c270-4e46-bbff-8b587b2278c5-150x150.png 150w, https:\/\/www.greenpeace.org\/static\/planet4-netherlands-stateless\/2024\/06\/ef913d22-c270-4e46-bbff-8b587b2278c5-340x340.png 340w\" sizes=\"auto, (max-width: 512px) 100vw, 512px\" \/><\/figure>\n\n\n\n<div style=\"height:16px\" aria-hidden=\"true\" class=\"wp-block-spacer\"><\/div>\n\n\n\n<h5 class=\"wp-block-heading has-text-align-center\" id=\"h-voedsel\" style=\"font-size:1rem\"><a href=\"\/nl\/voedsel\">Voedsel<\/a><\/h5>\n<\/div>\n<\/div>\n\n\n\n<div class=\"wp-block-column is-layout-flow wp-block-column-is-layout-flow\">\n<div class=\"wp-block-group group-stretched-link is-layout-flow wp-block-group-is-layout-flow\">\n<figure class=\"wp-block-image aligncenter size-full is-resized is-style-rounded-90 force-no-lightbox force-no-caption mb-0\"><img loading=\"lazy\" decoding=\"async\" width=\"512\" height=\"512\" title=\"b477bc82-fba5-40eb-8f02-213f92c43052\" src=\"https:\/\/www.greenpeace.org\/static\/planet4-netherlands-stateless\/2024\/06\/b477bc82-fba5-40eb-8f02-213f92c43052.png\" alt=\"\" class=\"wp-image-63632\" srcset=\"https:\/\/www.greenpeace.org\/static\/planet4-netherlands-stateless\/2024\/06\/b477bc82-fba5-40eb-8f02-213f92c43052.png 512w, https:\/\/www.greenpeace.org\/static\/planet4-netherlands-stateless\/2024\/06\/b477bc82-fba5-40eb-8f02-213f92c43052-300x300.png 300w, https:\/\/www.greenpeace.org\/static\/planet4-netherlands-stateless\/2024\/06\/b477bc82-fba5-40eb-8f02-213f92c43052-150x150.png 150w, https:\/\/www.greenpeace.org\/static\/planet4-netherlands-stateless\/2024\/06\/b477bc82-fba5-40eb-8f02-213f92c43052-340x340.png 340w\" sizes=\"auto, (max-width: 512px) 100vw, 512px\" \/><\/figure>\n\n\n\n<div style=\"height:16px\" aria-hidden=\"true\" class=\"wp-block-spacer\"><\/div>\n\n\n\n<h5 class=\"wp-block-heading has-text-align-center\" id=\"h-dieren\" style=\"font-size:1rem\"><a href=\"\/nl\/dieren\">Dieren<\/a><\/h5>\n<\/div>\n<\/div>\n<\/div>\n<\/div>\n<\/div>\n\n<\/div>\n\n","protected":false},"excerpt":{"rendered":"<p>Over de hele wereld staan bossen in brand. Prachtige oerbossen, veengebieden en tropisch regenwoud gaan in vlammen op, van de Braziliaanse Amazone tot Rusland, Australi\u00eb en Indonesi\u00eb. Deze verwoestende bosbranden ontstaan meestal niet vanzelf.<\/p>\n","protected":false},"author":20,"featured_media":41290,"parent":63694,"menu_order":0,"comment_status":"closed","ping_status":"closed","template":"","meta":{"_planet4_optimize_post_is_variant":false,"_planet4_optimize_experiment_name":"","_planet4_optimize_variant_name":"","ep_exclude_from_search":false,"p4_hide_page_title_checkbox":"on","p4_title":"","p4_subtitle":"","p4_description":"","background_image_id":"","background_image":"","p4_button_title":"","p4_button_link":"","p4_button_link_checkbox":"","p4_og_title":"","p4_og_description":"","p4_og_image":"","p4_og_image_id":"","p4_seo_canonical_url":"","p4_campaign_name":"","p4_local_project":"","p4_basket_name":"","p4_department":"","footnotes":""},"categories":[133],"tags":[],"class_list":["post-63953","page","type-page","status-publish","has-post-thumbnail","hentry","category-bossen-categorie"],"_links":{"self":[{"href":"https:\/\/www.greenpeace.org\/nl\/wp-json\/wp\/v2\/pages\/63953","targetHints":{"allow":["GET"]}}],"collection":[{"href":"https:\/\/www.greenpeace.org\/nl\/wp-json\/wp\/v2\/pages"}],"about":[{"href":"https:\/\/www.greenpeace.org\/nl\/wp-json\/wp\/v2\/types\/page"}],"author":[{"embeddable":true,"href":"https:\/\/www.greenpeace.org\/nl\/wp-json\/wp\/v2\/users\/20"}],"replies":[{"embeddable":true,"href":"https:\/\/www.greenpeace.org\/nl\/wp-json\/wp\/v2\/comments?post=63953"}],"version-history":[{"count":22,"href":"https:\/\/www.greenpeace.org\/nl\/wp-json\/wp\/v2\/pages\/63953\/revisions"}],"predecessor-version":[{"id":83750,"href":"https:\/\/www.greenpeace.org\/nl\/wp-json\/wp\/v2\/pages\/63953\/revisions\/83750"}],"up":[{"embeddable":true,"href":"https:\/\/www.greenpeace.org\/nl\/wp-json\/wp\/v2\/pages\/63694"}],"wp:featuredmedia":[{"embeddable":true,"href":"https:\/\/www.greenpeace.org\/nl\/wp-json\/wp\/v2\/media\/41290"}],"wp:attachment":[{"href":"https:\/\/www.greenpeace.org\/nl\/wp-json\/wp\/v2\/media?parent=63953"}],"wp:term":[{"taxonomy":"category","embeddable":true,"href":"https:\/\/www.greenpeace.org\/nl\/wp-json\/wp\/v2\/categories?post=63953"},{"taxonomy":"post_tag","embeddable":true,"href":"https:\/\/www.greenpeace.org\/nl\/wp-json\/wp\/v2\/tags?post=63953"}],"curies":[{"name":"wp","href":"https:\/\/api.w.org\/{rel}","templated":true}]}}