{"id":63969,"date":"2024-07-22T09:59:04","date_gmt":"2024-07-22T07:59:04","guid":{"rendered":"https:\/\/www-dev.greenpeace.org\/nl\/?page_id=63969"},"modified":"2026-05-05T14:28:16","modified_gmt":"2026-05-05T12:28:16","slug":"inheemse-beschermers","status":"publish","type":"page","link":"https:\/\/www.greenpeace.org\/nl\/bossen\/inheemse-beschermers\/","title":{"rendered":"Inheemse beschermers"},"content":{"rendered":"\n\n<div class=\"wp-block-group is-layout-flow wp-block-group-is-layout-flow\">\n\n<div class=\"wp-block-group alignfull is-layout-flow wp-block-group-is-layout-flow\">\n<div class=\"wp-block-group container is-layout-flow wp-block-group-is-layout-flow\">\n<div class=\"wp-block-media-text alignfull has-media-on-the-right is-stacked-on-mobile is-pattern-p4-page-header is-style-parallax\"><div class=\"wp-block-media-text__content\">\n<div class=\"wp-block-group is-layout-flow wp-block-group-is-layout-flow\">\n<h1 class=\"wp-block-heading has-white-background-color has-background\" id=\"h-inheemse-beschermers\">Inheemse beschermers<\/h1>\n<\/div>\n\n\n\n<p class=\"wp-block-paragraph\" style=\"font-size:1.25rem\">\u201cAll beings are equal\u201d, de mens is niet verheven boven een boom, dier of plant. Inheemse volken geloven dat al eeuwen en voegen daad bij woord door in perfecte balans met de natuur te leven. Van de innige band profiteert zowel mens als natuur. Helaas wordt deze band ruw verbroken door mensen die de natuur wel vooral als winstmiddel zien.<\/p>\n\n\n\n<div class=\"wp-block-buttons is-layout-flex wp-block-buttons-is-layout-flex\">\n<div class=\"wp-block-button is-style-cta\"><a class=\"wp-block-button__link wp-element-button\">Help mee<\/a><\/div>\n<\/div>\n<\/div><figure class=\"wp-block-media-text__media\"><img loading=\"lazy\" decoding=\"async\" width=\"1024\" height=\"683\" src=\"https:\/\/www.greenpeace.org\/static\/planet4-netherlands-stateless\/2022\/11\/af714452-karipuna-inheemse-bevolking-natuur-1024x683.jpg\" alt=\"Katik\u00e1 en Andr\u00e9 Karipuna op Karipuna grondgebied\" sizes=\"auto, (min-width: 601px) 50vw, 100vw\" srcset=\"https:\/\/www.greenpeace.org\/static\/planet4-netherlands-stateless\/2022\/11\/af714452-karipuna-inheemse-bevolking-natuur.jpg 1500w, https:\/\/www.greenpeace.org\/static\/planet4-netherlands-stateless\/2022\/11\/af714452-karipuna-inheemse-bevolking-natuur-300x200.jpg 300w, https:\/\/www.greenpeace.org\/static\/planet4-netherlands-stateless\/2022\/11\/af714452-karipuna-inheemse-bevolking-natuur-1024x683.jpg 1024w, https:\/\/www.greenpeace.org\/static\/planet4-netherlands-stateless\/2022\/11\/af714452-karipuna-inheemse-bevolking-natuur-768x512.jpg 768w, https:\/\/www.greenpeace.org\/static\/planet4-netherlands-stateless\/2022\/11\/af714452-karipuna-inheemse-bevolking-natuur-510x340.jpg 510w\" class=\"wp-image-55452 size-full\"\/><\/figure><\/div>\n<\/div>\n<\/div>\n\n\n\n\n<div style=\"height:64px\" aria-hidden=\"true\" class=\"wp-block-spacer\"><\/div>\n\n\n\n\n<div class=\"wp-block-media-text is-stacked-on-mobile\"><figure class=\"wp-block-media-text__media\"><img loading=\"lazy\" decoding=\"async\" width=\"1024\" height=\"683\" src=\"https:\/\/www.greenpeace.org\/static\/planet4-netherlands-stateless\/2022\/11\/d2d47a9e-rosita-activist-inheemse-bevolking-papua-1024x683.jpg\" alt=\"\" sizes=\"auto, (min-width: 1600px) calc((1320px - 24px) \/ 2),(min-width: 1200px) calc((1140px - 24px) \/ 2),(min-width: 992px) calc((960px - 24px) \/ 2),(min-width: 768px) calc((720px - 24px) \/ 2),(min-width: 601px) calc((540px - 24px) \/ 2),(min-width: 577px) calc((540px - 24px) \/ 1), calc(100vw - 24px)\" srcset=\"https:\/\/www.greenpeace.org\/static\/planet4-netherlands-stateless\/2022\/11\/d2d47a9e-rosita-activist-inheemse-bevolking-papua.jpg 1500w, https:\/\/www.greenpeace.org\/static\/planet4-netherlands-stateless\/2022\/11\/d2d47a9e-rosita-activist-inheemse-bevolking-papua-300x200.jpg 300w, https:\/\/www.greenpeace.org\/static\/planet4-netherlands-stateless\/2022\/11\/d2d47a9e-rosita-activist-inheemse-bevolking-papua-1024x683.jpg 1024w, https:\/\/www.greenpeace.org\/static\/planet4-netherlands-stateless\/2022\/11\/d2d47a9e-rosita-activist-inheemse-bevolking-papua-768x512.jpg 768w, https:\/\/www.greenpeace.org\/static\/planet4-netherlands-stateless\/2022\/11\/d2d47a9e-rosita-activist-inheemse-bevolking-papua-510x340.jpg 510w\" class=\"wp-image-55454 size-full\"\/><\/figure><div class=\"wp-block-media-text__content\">\n<h2 class=\"wp-block-heading\" id=\"h-het-probleem\">Het probleem<\/h2>\n\n\n\n<p class=\"wp-block-paragraph\">Inheemse volken maken nog maar 5% uit van de totale bevolking. Alsnog nemen ze 80% van alle biodiversiteit onder hun hoede. Je leest het goed: deze extreme minderheid beschermt een gigantisch deel van de wereldwijde natuur. Zonder die bescherming zouden we al totaal verloren zijn.<\/p>\n\n\n\n<p class=\"wp-block-paragraph\">Inmiddels is 17% van de Amazone verdwenen. Bij 25% kan het woud zichzelf niet meer herstellen, zelfs niet met hulp van hun oude menselijke vrienden.<\/p>\n\n\n\n<div class=\"wp-block-buttons is-layout-flex wp-block-buttons-is-layout-flex\">\n<div class=\"wp-block-button\"><a class=\"wp-block-button__link wp-element-button\" href=\"\/nl\/natuur\/55428\/de-mensen-die-onze-biodiversiteit-beschermen\/\">De mensen die onze biodiversiteit beschermen<\/a><\/div>\n<\/div>\n<\/div><\/div>\n\n\n\n\n<div style=\"height:35px\" aria-hidden=\"true\" class=\"wp-block-spacer\"><\/div>\n\n\n\n\n<div class=\"wp-block-media-text has-media-on-the-right is-stacked-on-mobile\"><div class=\"wp-block-media-text__content\">\n<h2 class=\"wp-block-heading\" id=\"h-wat-greenpeace-doet\">Wat Greenpeace doet<\/h2>\n\n\n\n<p class=\"wp-block-paragraph\">Om de opwarmende aarde te keren moeten we uitstoot terugdringen \u00e9n regenwouden herstellen. Minder uitstoten, dat is ons Westerse pakkie-an. Maar als we de biodiversiteit willen beschermen, moeten we de Inheemse volken beschermen. Zij weten wat er moet gebeuren, dat leren ze van jongs af aan. Wereldwijd werken met met verschillende inheemse volken samen.<\/p>\n\n\n\n<div class=\"wp-block-buttons is-layout-flex wp-block-buttons-is-layout-flex\">\n<div class=\"wp-block-button\"><a class=\"wp-block-button__link wp-element-button\" href=\"\/nl\/natuur\/41437\/met-deze-inheemse-volken-werken-we-samen\/\">Maak kennis met de beste bosbeschermers ter wereld<\/a><\/div>\n<\/div>\n<\/div><figure class=\"wp-block-media-text__media\"><img loading=\"lazy\" decoding=\"async\" width=\"1024\" height=\"683\" src=\"https:\/\/www.greenpeace.org\/static\/planet4-netherlands-stateless\/2019\/04\/3205868b-banner_karipunas_fernanda_ligabue_2019-1.1-1024x683.jpg\" alt=\"\" sizes=\"auto, (min-width: 1600px) calc((1320px - 24px) \/ 2),(min-width: 1200px) calc((1140px - 24px) \/ 2),(min-width: 992px) calc((960px - 24px) \/ 2),(min-width: 768px) calc((720px - 24px) \/ 2),(min-width: 601px) calc((540px - 24px) \/ 2),(min-width: 577px) calc((540px - 24px) \/ 1), calc(100vw - 24px)\" srcset=\"https:\/\/www.greenpeace.org\/static\/planet4-netherlands-stateless\/2019\/04\/3205868b-banner_karipunas_fernanda_ligabue_2019-1.1.jpg 5760w, https:\/\/www.greenpeace.org\/static\/planet4-netherlands-stateless\/2019\/04\/3205868b-banner_karipunas_fernanda_ligabue_2019-1.1-300x200.jpg 300w, https:\/\/www.greenpeace.org\/static\/planet4-netherlands-stateless\/2019\/04\/3205868b-banner_karipunas_fernanda_ligabue_2019-1.1-768x512.jpg 768w, https:\/\/www.greenpeace.org\/static\/planet4-netherlands-stateless\/2019\/04\/3205868b-banner_karipunas_fernanda_ligabue_2019-1.1-1024x683.jpg 1024w, https:\/\/www.greenpeace.org\/static\/planet4-netherlands-stateless\/2019\/04\/3205868b-banner_karipunas_fernanda_ligabue_2019-1.1-2048x1366.jpg 2048w, https:\/\/www.greenpeace.org\/static\/planet4-netherlands-stateless\/2019\/04\/3205868b-banner_karipunas_fernanda_ligabue_2019-1.1-510x340.jpg 510w\" class=\"wp-image-17646 size-full\"\/><\/figure><\/div>\n\n\n\n\n<div style=\"height:54px\" aria-hidden=\"true\" class=\"wp-block-spacer\"><\/div>\n\n\n\n        <div class=\"wp-block-query actions-list p4-query-loop is-custom-layout-actions-list is-custom-layout-grid is-layout-flex wp-block-query-is-layout-flex\"><h2 class=\"wp-block-heading\">Hoe jij kan helpen<\/h2>\n        <p class=\"wp-block-paragraph\" style=\"margin-top: 24px; margin-bottom: 32px;\"><\/p>\n        \n        <ul class=\"wp-block-post-template is-layout-flow wp-block-post-template-is-layout-flow\"><li class=\"wp-block-post post-81508 p4_action type-p4_action status-publish has-post-thumbnail hentry category-bossen-categorie tag-bossen tag-ontbossing action-type-donaties\">\n                <figure class=\"wp-block-post-featured-image\"><img loading=\"lazy\" decoding=\"async\" width=\"1200\" height=\"800\" src=\"https:\/\/www.greenpeace.org\/static\/planet4-netherlands-stateless\/2026\/05\/95cc61d6-gp0su6pif.jpg\" class=\"attachment-post-thumbnail size-post-thumbnail wp-post-image wp-stateless-item\" alt=\"Aerial Monitoring of Fires and Deforestation in the Amazon. \u00a9 Marizilda Cruppe \/ Greenpeace\" style=\"object-fit:cover;\" srcset=\"https:\/\/www.greenpeace.org\/static\/planet4-netherlands-stateless\/2026\/05\/95cc61d6-gp0su6pif.jpg 1200w, https:\/\/www.greenpeace.org\/static\/planet4-netherlands-stateless\/2026\/05\/95cc61d6-gp0su6pif-300x200.jpg 300w, https:\/\/www.greenpeace.org\/static\/planet4-netherlands-stateless\/2026\/05\/95cc61d6-gp0su6pif-1024x683.jpg 1024w, https:\/\/www.greenpeace.org\/static\/planet4-netherlands-stateless\/2026\/05\/95cc61d6-gp0su6pif-768x512.jpg 768w, https:\/\/www.greenpeace.org\/static\/planet4-netherlands-stateless\/2026\/05\/95cc61d6-gp0su6pif-510x340.jpg 510w\" sizes=\"auto, (max-width: 1200px) 100vw, 1200px\" data-image-size=\"post-thumbnail\" data-stateless-media-bucket=\"planet4-netherlands-stateless\" data-stateless-media-name=\"2026\/05\/95cc61d6-gp0su6pif.jpg\" \/><\/figure>\n                \n                <div class=\"wp-block-group group-stretched-link is-layout-flow wp-block-group-is-layout-flow\"><div class=\"wp-block-post-terms\">Bossen<\/div>\n                <h3 class=\"wp-block-post-title\"><a data-ga-action=\"Call to Action\" data-ga-category=\"Actions List\" data-ga-label=\"n\/a\" href=\"https:\/\/www.greenpeace.org\/nl\/donaties\/bescherm-de-bossen\/\" target=\"_self\" >Bescherm de bossen<\/a><\/h3>\n                <div class=\"wp-block-post-excerpt\"><p class=\"wp-block-post-excerpt__excerpt\">Onze bossen verdwijnen in hoog tempo. En daarmee onze bescherming tegen klimaatverandering. Dit is het moment om in te grijpen. <\/p><\/div><\/div>\n                \n                \n        <div class=\"wp-block-group read-more-nav is-layout-flow wp-block-group-is-layout-flow\"><a data-ga-action=\"Call to Action\" data-ga-category=\"Actions List\" data-ga-label=\"n\/a\" href=\"https:\/\/www.greenpeace.org\/nl\/donaties\/bescherm-de-bossen\/\" class=\"btn btn-primary btn-small\" aria-label=\"Druk op deze button om te doneren voor de bossen\">Doneer nu!<\/a>\n        \n        \n        <\/div>\n        \n                <\/li><li class=\"wp-block-post post-64491 p4_action type-p4_action status-publish has-post-thumbnail hentry category-bossen-categorie tag-bossen action-type-acties\">\n                <figure class=\"wp-block-post-featured-image\"><img loading=\"lazy\" decoding=\"async\" width=\"800\" height=\"533\" src=\"https:\/\/www.greenpeace.org\/static\/planet4-netherlands-stateless\/2021\/05\/bf3b8b95-gp1sujkq_web_size_with_credit_line.jpg\" class=\"attachment-post-thumbnail size-post-thumbnail wp-post-image wp-stateless-item\" alt=\"\" style=\"object-fit:cover;\" srcset=\"https:\/\/www.greenpeace.org\/static\/planet4-netherlands-stateless\/2021\/05\/bf3b8b95-gp1sujkq_web_size_with_credit_line.jpg 800w, https:\/\/www.greenpeace.org\/static\/planet4-netherlands-stateless\/2021\/05\/bf3b8b95-gp1sujkq_web_size_with_credit_line-300x200.jpg 300w, https:\/\/www.greenpeace.org\/static\/planet4-netherlands-stateless\/2021\/05\/bf3b8b95-gp1sujkq_web_size_with_credit_line-768x512.jpg 768w, https:\/\/www.greenpeace.org\/static\/planet4-netherlands-stateless\/2021\/05\/bf3b8b95-gp1sujkq_web_size_with_credit_line-510x340.jpg 510w\" sizes=\"auto, (max-width: 800px) 100vw, 800px\" data-image-size=\"post-thumbnail\" data-stateless-media-bucket=\"planet4-netherlands-stateless\" data-stateless-media-name=\"2021\/05\/bf3b8b95-gp1sujkq_web_size_with_credit_line.jpg\" \/><\/figure>\n                \n                <div class=\"wp-block-group group-stretched-link is-layout-flow wp-block-group-is-layout-flow\"><div class=\"wp-block-post-terms\">Bossen<\/div>\n                <h3 class=\"wp-block-post-title\"><a data-ga-action=\"Call to Action\" data-ga-category=\"Actions List\" data-ga-label=\"n\/a\" href=\"https:\/\/www.greenpeace.org\/nl\/acties\/stop-ontbossing-wereldwijd\/\" target=\"_self\" >Stop ontbossing wereldwijd<\/a><\/h3>\n                <div class=\"wp-block-post-excerpt\"><p class=\"wp-block-post-excerpt__excerpt\">Bossen zijn van levensbelang voor onze planeet. Als het thuis voor vele mensen en dieren. En als de natuurlijke beschermers van ons klimaat. <\/p><\/div><\/div>\n                \n                \n        <div class=\"wp-block-group read-more-nav is-layout-flow wp-block-group-is-layout-flow\"><a data-ga-action=\"Call to Action\" data-ga-category=\"Actions List\" data-ga-label=\"n\/a\" href=\"https:\/\/www.greenpeace.org\/nl\/acties\/stop-ontbossing-wereldwijd\/\" class=\"btn btn-primary btn-small\" aria-label=\"Teken de petitie\">Teken de petitie<\/a>\n        \n        \n        <\/div>\n        \n                <\/li><li class=\"wp-block-post post-64486 p4_action type-p4_action status-publish has-post-thumbnail hentry category-bossen-categorie tag-bossen action-type-acties\">\n                <figure class=\"wp-block-post-featured-image\"><img loading=\"lazy\" decoding=\"async\" width=\"480\" height=\"271\" src=\"https:\/\/www.greenpeace.org\/static\/planet4-netherlands-stateless\/2022\/10\/9bf9b942-amazonewoud.jpg\" class=\"attachment-post-thumbnail size-post-thumbnail wp-post-image wp-stateless-item\" alt=\"Amazonewoud\" style=\"object-fit:cover;\" srcset=\"https:\/\/www.greenpeace.org\/static\/planet4-netherlands-stateless\/2022\/10\/9bf9b942-amazonewoud.jpg 480w, https:\/\/www.greenpeace.org\/static\/planet4-netherlands-stateless\/2022\/10\/9bf9b942-amazonewoud-300x169.jpg 300w\" sizes=\"auto, (max-width: 480px) 100vw, 480px\" data-image-size=\"post-thumbnail\" data-stateless-media-bucket=\"planet4-netherlands-stateless\" data-stateless-media-name=\"2022\/10\/9bf9b942-amazonewoud.jpg\" \/><\/figure>\n                \n                <div class=\"wp-block-group group-stretched-link is-layout-flow wp-block-group-is-layout-flow\"><div class=\"wp-block-post-terms\">Bossen<\/div>\n                <h3 class=\"wp-block-post-title\"><a data-ga-action=\"Call to Action\" data-ga-category=\"Actions List\" data-ga-label=\"n\/a\" href=\"https:\/\/www.greenpeace.org\/nl\/acties\/red-het-amazonewoud\/\" target=\"_self\" >Red het Amazonewoud<\/a><\/h3>\n                <div class=\"wp-block-post-excerpt\"><p class=\"wp-block-post-excerpt__excerpt\">De tijd dringt \u00e9cht voor de Amazone. Door de ontbossing en stijgende temperaturen komen hevige bosbranden steeds vaker voor. Als we de Amazone verliezen, verliezen we de strijd tegen klimaatverandering. Dat laten we niet gebeuren. <\/p><\/div><\/div>\n                \n                \n        <div class=\"wp-block-group read-more-nav is-layout-flow wp-block-group-is-layout-flow\"><a data-ga-action=\"Call to Action\" data-ga-category=\"Actions List\" data-ga-label=\"n\/a\" href=\"https:\/\/www.greenpeace.org\/nl\/acties\/red-het-amazonewoud\/\" class=\"btn btn-primary btn-small\" aria-label=\"Teken de petitie\">Teken de petitie<\/a>\n        \n        \n        <\/div>\n        \n                <\/li><\/ul>\n        \n        <nav class=\"wp-block-group carousel-controls is-layout-flow wp-block-group-is-layout-flow\" aria-label=\"Actions List carousel controls\">\n<div class=\"wp-block-buttons is-horizontal is-content-justification-space-between is-nowrap is-layout-flex wp-container-core-buttons-is-layout-358af4b1 wp-block-buttons-is-layout-flex\">\n            <div class=\"wp-block-button carousel-control-prev\"><button type=\"button\" class=\"wp-block-button__link wp-element-button\">Prev<\/button><\/div>\n        \n\n            <div class=\"wp-block-button carousel-control-next\"><button type=\"button\" class=\"wp-block-button__link wp-element-button\">Volgende<\/button><\/div>\n        <\/div>\n\n        \n        \n        <\/nav>\n        \n        \n<div class=\"wp-block-buttons load-more-actions-container is-content-justification-center is-layout-flex wp-container-core-buttons-is-layout-fe48e5de wp-block-buttons-is-layout-flex\">\n                <div class=\"wp-block-button is-style-secondary\"><button type=\"button\" class=\"wp-block-button__link wp-element-button\">Laad meer<\/button><\/div>\n            \n<\/div>\n<\/div>\n        \n\n\n<div style=\"height:54px\" aria-hidden=\"true\" class=\"wp-block-spacer\"><\/div>\n\n\n\n\n<div class=\"wp-block-group block has-dark-green-800-background-color has-background is-layout-flow wp-block-group-is-layout-flow\">\n<div style=\"height:40px\" aria-hidden=\"true\" class=\"wp-block-spacer\"><\/div>\n\n\n\n<figure class=\"wp-block-image aligncenter size-full is-resized force-no-lightbox force-no-caption\" style=\"margin-top:0;margin-bottom:0\"><img loading=\"lazy\" decoding=\"async\" width=\"512\" height=\"512\" title=\"4e339f8a-3d1b-4472-b0f6-0cf245b324eb\" src=\"https:\/\/www.greenpeace.org\/static\/planet4-netherlands-stateless\/2024\/06\/4e339f8a-3d1b-4472-b0f6-0cf245b324eb.png\" alt=\"\" class=\"wp-image-63696\" style=\"width:166px;height:auto\" srcset=\"https:\/\/www.greenpeace.org\/static\/planet4-netherlands-stateless\/2024\/06\/4e339f8a-3d1b-4472-b0f6-0cf245b324eb.png 512w, https:\/\/www.greenpeace.org\/static\/planet4-netherlands-stateless\/2024\/06\/4e339f8a-3d1b-4472-b0f6-0cf245b324eb-300x300.png 300w, https:\/\/www.greenpeace.org\/static\/planet4-netherlands-stateless\/2024\/06\/4e339f8a-3d1b-4472-b0f6-0cf245b324eb-150x150.png 150w, https:\/\/www.greenpeace.org\/static\/planet4-netherlands-stateless\/2024\/06\/4e339f8a-3d1b-4472-b0f6-0cf245b324eb-340x340.png 340w\" sizes=\"auto, (max-width: 512px) 100vw, 512px\" \/><\/figure>\n\n\n\n<div style=\"height:32px\" aria-hidden=\"true\" class=\"wp-block-spacer\"><\/div>\n\n\n\n<h3 class=\"wp-block-heading has-text-align-center has-white-color has-text-color\" id=\"h-jouw-donatie-kan-helpen\">Jouw donatie kan helpen <\/h3>\n\n\n\n<div class=\"wp-block-buttons is-content-justification-center is-layout-flex wp-container-core-buttons-is-layout-fe48e5de wp-block-buttons-is-layout-flex\">\n<div class=\"wp-block-button is-style-cta\"><a class=\"wp-block-button__link wp-element-button\" href=\"https:\/\/doemee.greenpeace.nl\/doneren\/amazone\/\" rel=\"noopener\">Doneer nu<\/a><\/div>\n<\/div>\n\n\n\n<div style=\"height:40px\" aria-hidden=\"true\" class=\"wp-block-spacer\"><\/div>\n<\/div>\n\n\n\n\n<div style=\"height:54px\" aria-hidden=\"true\" class=\"wp-block-spacer\"><\/div>\n\n\n\n    <div class=\"wp-block-query posts-list p4-query-loop is-custom-layout-list is-layout-flow wp-block-query-is-layout-flow\">\n        <div class=\"wp-block-group is-content-justification-space-between is-layout-flex wp-container-core-group-is-layout-cfe5ce44 wp-block-group-is-layout-flex\"><h2 class=\"wp-block-heading\">Gerelateerde artikelen<\/h2>\n        \n        \n        <\/div>\n        \n\n    <p class=\"wp-block-paragraph\" style=\"margin-top: 24px; margin-bottom: 36px;\"><\/p>\n\n    \n\n    <ul class=\"wp-block-post-template is-layout-flow wp-block-post-template-is-layout-flow\"><li class=\"wp-block-post post-83009 post type-post status-publish format-standard has-post-thumbnail hentry category-bossen-categorie category-jbs category-landbouw tag-jbs tag-landbouw tag-vlees tag-bossen tag-amazone tag-ontbossing p4-page-type-artikelen\">\n            \n<div class=\"wp-block-columns is-layout-flex wp-container-core-columns-is-layout-8f761849 wp-block-columns-is-layout-flex\"><figure class=\"wp-block-post-featured-image\"><a href=\"https:\/\/www.greenpeace.org\/nl\/bossen-categorie\/83009\/verzoekschrift-greenpeace-nederland-aan-rechtbank-amsterdam-voor-openheid-jbs\/\" target=\"_self\"><img loading=\"lazy\" decoding=\"async\" data-ga-category=\"Posts List\" data-ga-action=\"Image\" data-ga-label=\"n\/a\" width=\"800\" height=\"490\" src=\"https:\/\/www.greenpeace.org\/static\/planet4-netherlands-stateless\/2026\/04\/37f38b92-gp0su8t02_medium-res-with-credit-line-1200px.jpg\" class=\"attachment-post-thumbnail size-post-thumbnail wp-post-image wp-stateless-item\" alt=\"Verzoekschrift Greenpeace Nederland aan rechtbank Amsterdam voor openheid JBS\" style=\"object-fit:cover;\" srcset=\"https:\/\/www.greenpeace.org\/static\/planet4-netherlands-stateless\/2026\/04\/37f38b92-gp0su8t02_medium-res-with-credit-line-1200px.jpg 800w, https:\/\/www.greenpeace.org\/static\/planet4-netherlands-stateless\/2026\/04\/37f38b92-gp0su8t02_medium-res-with-credit-line-1200px-300x184.jpg 300w, https:\/\/www.greenpeace.org\/static\/planet4-netherlands-stateless\/2026\/04\/37f38b92-gp0su8t02_medium-res-with-credit-line-1200px-768x470.jpg 768w, https:\/\/www.greenpeace.org\/static\/planet4-netherlands-stateless\/2026\/04\/37f38b92-gp0su8t02_medium-res-with-credit-line-1200px-510x312.jpg 510w\" sizes=\"auto, (max-width: 800px) 100vw, 800px\" data-image-size=\"post-thumbnail\" data-stateless-media-bucket=\"planet4-netherlands-stateless\" data-stateless-media-name=\"2026\/04\/37f38b92-gp0su8t02_medium-res-with-credit-line-1200px.jpg\" \/><\/a><\/figure>\n\n        <div class=\"wp-block-group is-layout-flow wp-block-group-is-layout-flow\">\n                <div class=\"wp-block-group is-layout-flex wp-block-group-is-layout-flex\"><div class=\"wp-block-post-terms\"><a data-ga-category=\"Posts List\" data-ga-action=\"Post Type Tag\" data-ga-label=\"n\/a\" href=\"https:\/\/www.greenpeace.org\/nl\/category\/bossen-categorie\/\">Bossen<\/a><\/div>\n                <div class=\"taxonomy-post_tag wp-block-post-terms\"><a data-ga-category=\"Posts List\" data-ga-action=\"Navigation Tag\" data-ga-label=\"n\/a\" href=\"https:\/\/www.greenpeace.org\/nl\/tag\/jbs\/\" rel=\"tag\">JBS<\/a><span class=\"wp-block-post-terms__separator\"> <\/span><a data-ga-category=\"Posts List\" data-ga-action=\"Navigation Tag\" data-ga-label=\"n\/a\" href=\"https:\/\/www.greenpeace.org\/nl\/tag\/landbouw\/\" rel=\"tag\">Landbouw<\/a><span class=\"wp-block-post-terms__separator\"> <\/span><a data-ga-category=\"Posts List\" data-ga-action=\"Navigation Tag\" data-ga-label=\"n\/a\" href=\"https:\/\/www.greenpeace.org\/nl\/tag\/vlees\/\" rel=\"tag\">Vlees<\/a><span class=\"wp-block-post-terms__separator\"> <\/span><a data-ga-category=\"Posts List\" data-ga-action=\"Navigation Tag\" data-ga-label=\"n\/a\" href=\"https:\/\/www.greenpeace.org\/nl\/tag\/bossen\/\" rel=\"tag\">Bossen<\/a><span class=\"wp-block-post-terms__separator\"> <\/span><a data-ga-category=\"Posts List\" data-ga-action=\"Navigation Tag\" data-ga-label=\"n\/a\" href=\"https:\/\/www.greenpeace.org\/nl\/tag\/amazone\/\" rel=\"tag\">Amazone<\/a><span class=\"wp-block-post-terms__separator\"> <\/span><a data-ga-category=\"Posts List\" data-ga-action=\"Navigation Tag\" data-ga-label=\"n\/a\" href=\"https:\/\/www.greenpeace.org\/nl\/tag\/ontbossing\/\" rel=\"tag\">Ontbossing<\/a><\/div>\n                \n                <\/div>\n                \n        <h3 class=\"wp-block-post-title\"><a data-ga-category=\"Posts List\" data-ga-action=\"Title\" data-ga-label=\"n\/a\" href=\"https:\/\/www.greenpeace.org\/nl\/bossen-categorie\/83009\/verzoekschrift-greenpeace-nederland-aan-rechtbank-amsterdam-voor-openheid-jbs\/\" target=\"_self\">Verzoekschrift Greenpeace Nederland aan rechtbank Amsterdam voor openheid JBS<\/a><\/h3>\n        <div class=\"wp-block-post-excerpt\"><p class=\"wp-block-post-excerpt__excerpt\">Het grootste vleesbedrijf ter wereld, JBS, maakt miljardenwinsten ten koste van mens en milieu. Nu wil dit omstreden bedrijf uitbreiden naar Nigeria. Wij kunnen en willen niet toekijken hoe JBS deze verwoestende plannen vanuit Nederland uitrolt. Daarom zetten we juridische stappen. <\/p><\/div>\n        \n        <div class=\"wp-block-group posts-list-meta is-layout-flow wp-block-group-is-layout-flow\"><span class='article-list-item-author'><a data-ga-category=\"Posts List\" data-ga-action=\"Author\" data-ga-label=\"n\/a\" href=\"https:\/\/www.greenpeace.org\/nl\/author\/laura\/\">Laura Polderman<\/a><\/span>\n        <div class=\"wp-block-post-date\"><time datetime=\"2026-07-22T09:03:01+02:00\">22 juli 2026<\/time><\/div>\n        \n        <\/div>\n        <\/div>\n        <\/div>\n\n            <\/li><li class=\"wp-block-post post-82489 post type-post status-publish format-standard has-post-thumbnail hentry category-jbs tag-landbouw tag-vlees tag-bossen tag-amazone tag-ontbossing tag-jbs p4-page-type-artikelen\">\n            \n<div class=\"wp-block-columns is-layout-flex wp-container-core-columns-is-layout-8f761849 wp-block-columns-is-layout-flex\"><figure class=\"wp-block-post-featured-image\"><a href=\"https:\/\/www.greenpeace.org\/nl\/jbs\/82489\/vleesmiljardairs-jbs\/\" target=\"_self\"><img loading=\"lazy\" decoding=\"async\" data-ga-category=\"Posts List\" data-ga-action=\"Image\" data-ga-label=\"n\/a\" width=\"1200\" height=\"831\" src=\"https:\/\/www.greenpeace.org\/static\/planet4-netherlands-stateless\/2026\/06\/adea9dc3-gp0su8szz_medium-res-1200px.jpg\" class=\"attachment-post-thumbnail size-post-thumbnail wp-post-image wp-stateless-item\" alt=\"JBS: verwoestende vleesmiljardairs\" style=\"object-fit:cover;\" srcset=\"https:\/\/www.greenpeace.org\/static\/planet4-netherlands-stateless\/2026\/06\/adea9dc3-gp0su8szz_medium-res-1200px.jpg 1200w, https:\/\/www.greenpeace.org\/static\/planet4-netherlands-stateless\/2026\/06\/adea9dc3-gp0su8szz_medium-res-1200px-300x208.jpg 300w, https:\/\/www.greenpeace.org\/static\/planet4-netherlands-stateless\/2026\/06\/adea9dc3-gp0su8szz_medium-res-1200px-1024x709.jpg 1024w, https:\/\/www.greenpeace.org\/static\/planet4-netherlands-stateless\/2026\/06\/adea9dc3-gp0su8szz_medium-res-1200px-768x532.jpg 768w, https:\/\/www.greenpeace.org\/static\/planet4-netherlands-stateless\/2026\/06\/adea9dc3-gp0su8szz_medium-res-1200px-491x340.jpg 491w\" sizes=\"auto, (max-width: 1200px) 100vw, 1200px\" data-image-size=\"post-thumbnail\" data-stateless-media-bucket=\"planet4-netherlands-stateless\" data-stateless-media-name=\"2026\/06\/adea9dc3-gp0su8szz_medium-res-1200px.jpg\" \/><\/a><\/figure>\n\n        <div class=\"wp-block-group is-layout-flow wp-block-group-is-layout-flow\">\n                <div class=\"wp-block-group is-layout-flex wp-block-group-is-layout-flex\"><div class=\"wp-block-post-terms\"><a data-ga-category=\"Posts List\" data-ga-action=\"Post Type Tag\" data-ga-label=\"n\/a\" href=\"https:\/\/www.greenpeace.org\/nl\/category\/jbs\/\">JBS<\/a><\/div>\n                <div class=\"taxonomy-post_tag wp-block-post-terms\"><a data-ga-category=\"Posts List\" data-ga-action=\"Navigation Tag\" data-ga-label=\"n\/a\" href=\"https:\/\/www.greenpeace.org\/nl\/tag\/landbouw\/\" rel=\"tag\">Landbouw<\/a><span class=\"wp-block-post-terms__separator\"> <\/span><a data-ga-category=\"Posts List\" data-ga-action=\"Navigation Tag\" data-ga-label=\"n\/a\" href=\"https:\/\/www.greenpeace.org\/nl\/tag\/vlees\/\" rel=\"tag\">Vlees<\/a><span class=\"wp-block-post-terms__separator\"> <\/span><a data-ga-category=\"Posts List\" data-ga-action=\"Navigation Tag\" data-ga-label=\"n\/a\" href=\"https:\/\/www.greenpeace.org\/nl\/tag\/bossen\/\" rel=\"tag\">Bossen<\/a><span class=\"wp-block-post-terms__separator\"> <\/span><a data-ga-category=\"Posts List\" data-ga-action=\"Navigation Tag\" data-ga-label=\"n\/a\" href=\"https:\/\/www.greenpeace.org\/nl\/tag\/amazone\/\" rel=\"tag\">Amazone<\/a><span class=\"wp-block-post-terms__separator\"> <\/span><a data-ga-category=\"Posts List\" data-ga-action=\"Navigation Tag\" data-ga-label=\"n\/a\" href=\"https:\/\/www.greenpeace.org\/nl\/tag\/ontbossing\/\" rel=\"tag\">Ontbossing<\/a><span class=\"wp-block-post-terms__separator\"> <\/span><a data-ga-category=\"Posts List\" data-ga-action=\"Navigation Tag\" data-ga-label=\"n\/a\" href=\"https:\/\/www.greenpeace.org\/nl\/tag\/jbs\/\" rel=\"tag\">JBS<\/a><\/div>\n                \n                <\/div>\n                \n        <h3 class=\"wp-block-post-title\"><a data-ga-category=\"Posts List\" data-ga-action=\"Title\" data-ga-label=\"n\/a\" href=\"https:\/\/www.greenpeace.org\/nl\/jbs\/82489\/vleesmiljardairs-jbs\/\" target=\"_self\">JBS: verwoestende vleesmiljardairs<\/a><\/h3>\n        <div class=\"wp-block-post-excerpt\"><p class=\"wp-block-post-excerpt__excerpt\">JBS, het vleesimperium van de Braziliaanse miljardairbroers Batista, dreigt zijn verwoestende praktijken uit te breiden naar Nigeria. Je weet wel, het land waar oliemultinational Shell mensen en milieu zwaar vervuild achterliet. Greenpeace waarschuwde JBS vorig jaar al: nu jullie hoofdkantoor in Nederland zit, gelden Nederlandse wetten. Met jouw steun zullen we het bedrijf daaraan houden. <\/p><\/div>\n        \n        <div class=\"wp-block-group posts-list-meta is-layout-flow wp-block-group-is-layout-flow\"><span class='article-list-item-author'><a data-ga-category=\"Posts List\" data-ga-action=\"Author\" data-ga-label=\"n\/a\" href=\"https:\/\/www.greenpeace.org\/nl\/author\/jschuiling\/\">Jacqueline Schuiling<\/a><\/span>\n        <div class=\"wp-block-post-date\"><time datetime=\"2026-06-25T14:16:21+02:00\">25 juni 2026<\/time><\/div>\n        \n        <\/div>\n        <\/div>\n        <\/div>\n\n            <\/li><li class=\"wp-block-post post-82068 post type-post status-publish format-standard has-post-thumbnail hentry category-bossen-categorie tag-bossen tag-amazone p4-page-type-artikelen\">\n            \n<div class=\"wp-block-columns is-layout-flex wp-container-core-columns-is-layout-8f761849 wp-block-columns-is-layout-flex\"><figure class=\"wp-block-post-featured-image\"><a href=\"https:\/\/www.greenpeace.org\/nl\/bossen-categorie\/82068\/belangrijke-inheemse-delegatie-uit-de-amazone-bezoekt-nederland\/\" target=\"_self\"><img loading=\"lazy\" decoding=\"async\" data-ga-category=\"Posts List\" data-ga-action=\"Image\" data-ga-label=\"n\/a\" width=\"1200\" height=\"800\" src=\"https:\/\/www.greenpeace.org\/static\/planet4-netherlands-stateless\/2026\/05\/95cc61d6-gp0su6pif.jpg\" class=\"attachment-post-thumbnail size-post-thumbnail wp-post-image wp-stateless-item\" alt=\"Belangrijke inheemse delegatie uit de Amazone bezoekt Nederland:\" style=\"object-fit:cover;\" srcset=\"https:\/\/www.greenpeace.org\/static\/planet4-netherlands-stateless\/2026\/05\/95cc61d6-gp0su6pif.jpg 1200w, https:\/\/www.greenpeace.org\/static\/planet4-netherlands-stateless\/2026\/05\/95cc61d6-gp0su6pif-300x200.jpg 300w, https:\/\/www.greenpeace.org\/static\/planet4-netherlands-stateless\/2026\/05\/95cc61d6-gp0su6pif-1024x683.jpg 1024w, https:\/\/www.greenpeace.org\/static\/planet4-netherlands-stateless\/2026\/05\/95cc61d6-gp0su6pif-768x512.jpg 768w, https:\/\/www.greenpeace.org\/static\/planet4-netherlands-stateless\/2026\/05\/95cc61d6-gp0su6pif-510x340.jpg 510w\" sizes=\"auto, (max-width: 1200px) 100vw, 1200px\" data-image-size=\"post-thumbnail\" data-stateless-media-bucket=\"planet4-netherlands-stateless\" data-stateless-media-name=\"2026\/05\/95cc61d6-gp0su6pif.jpg\" \/><\/a><\/figure>\n\n        <div class=\"wp-block-group is-layout-flow wp-block-group-is-layout-flow\">\n                <div class=\"wp-block-group is-layout-flex wp-block-group-is-layout-flex\"><div class=\"wp-block-post-terms\"><a data-ga-category=\"Posts List\" data-ga-action=\"Post Type Tag\" data-ga-label=\"n\/a\" href=\"https:\/\/www.greenpeace.org\/nl\/category\/bossen-categorie\/\">Bossen<\/a><\/div>\n                <div class=\"taxonomy-post_tag wp-block-post-terms\"><a data-ga-category=\"Posts List\" data-ga-action=\"Navigation Tag\" data-ga-label=\"n\/a\" href=\"https:\/\/www.greenpeace.org\/nl\/tag\/bossen\/\" rel=\"tag\">Bossen<\/a><span class=\"wp-block-post-terms__separator\"> <\/span><a data-ga-category=\"Posts List\" data-ga-action=\"Navigation Tag\" data-ga-label=\"n\/a\" href=\"https:\/\/www.greenpeace.org\/nl\/tag\/amazone\/\" rel=\"tag\">Amazone<\/a><\/div>\n                \n                <\/div>\n                \n        <h3 class=\"wp-block-post-title\"><a data-ga-category=\"Posts List\" data-ga-action=\"Title\" data-ga-label=\"n\/a\" href=\"https:\/\/www.greenpeace.org\/nl\/bossen-categorie\/82068\/belangrijke-inheemse-delegatie-uit-de-amazone-bezoekt-nederland\/\" target=\"_self\">Belangrijke inheemse delegatie uit de Amazone bezoekt Nederland:<\/a><\/h3>\n        <div class=\"wp-block-post-excerpt\"><p class=\"wp-block-post-excerpt__excerpt\">Van woensdag 10 tot en met zondag 14 juni strijkt een belangrijke delegatie neer in Nederland. Naast Frankrijk, Belgi\u00eb en Itali\u00eb reizen vier prominente Inheemse leiders uit Brazili\u00eb naar ons&hellip; <\/p><\/div>\n        \n        <div class=\"wp-block-group posts-list-meta is-layout-flow wp-block-group-is-layout-flow\"><span class='article-list-item-author'><a data-ga-category=\"Posts List\" data-ga-action=\"Author\" data-ga-label=\"n\/a\" href=\"https:\/\/www.greenpeace.org\/nl\/author\/jzijlstr\/\">Simcha Zijlstra, campaigner Bossen<\/a><\/span>\n        <div class=\"wp-block-post-date\"><time datetime=\"2026-06-04T09:16:59+02:00\">4 juni 2026<\/time><\/div>\n        \n        <\/div>\n        <\/div>\n        <\/div>\n\n            <\/li><\/ul>\n\n    \n<div class=\"wp-block-buttons carousel-controls is-horizontal is-content-justification-space-between is-nowrap is-layout-flex wp-container-core-buttons-is-layout-358af4b1 wp-block-buttons-is-layout-flex\">\n            <div class=\"wp-block-button carousel-control-prev\"><button type=\"button\" class=\"wp-block-button__link wp-element-button\">Prev<\/button><\/div>\n        \n\n            <div class=\"wp-block-button carousel-control-next\"><button type=\"button\" class=\"wp-block-button__link wp-element-button\">Volgende<\/button><\/div>\n        <\/div>\n\n\n    <\/div>\n    \n\n\n<div style=\"height:51px\" aria-hidden=\"true\" class=\"wp-block-spacer\"><\/div>\n\n\n\n    <div class=\"wp-block-query posts-list p4-query-loop is-custom-layout-grid is-layout-grid wp-container-core-query-is-layout-85a54dc3 wp-block-query-is-layout-grid\">\n        <div class=\"wp-block-group is-content-justification-space-between is-layout-flex wp-container-core-group-is-layout-cfe5ce44 wp-block-group-is-layout-flex\"><h2 class=\"wp-block-heading\">Publicaties &amp; onderzoek<\/h2>\n        \n        \n        <\/div>\n        \n\n    <p class=\"wp-block-paragraph\" style=\"margin-top: 24px; margin-bottom: 36px;\"><\/p>\n\n    \n\n    <ul class=\"wp-block-post-template is-layout-flow wp-block-post-template-is-layout-flow\"><li class=\"wp-block-post post-83009 post type-post status-publish format-standard has-post-thumbnail hentry category-bossen-categorie category-jbs category-landbouw tag-jbs tag-landbouw tag-vlees tag-bossen tag-amazone tag-ontbossing p4-page-type-artikelen\">\n            \n<div class=\"wp-block-columns is-layout-flex wp-container-core-columns-is-layout-8f761849 wp-block-columns-is-layout-flex\"><figure class=\"wp-block-post-featured-image\"><a href=\"https:\/\/www.greenpeace.org\/nl\/bossen-categorie\/83009\/verzoekschrift-greenpeace-nederland-aan-rechtbank-amsterdam-voor-openheid-jbs\/\" target=\"_self\"><img loading=\"lazy\" decoding=\"async\" data-ga-category=\"Posts List\" data-ga-action=\"Image\" data-ga-label=\"n\/a\" width=\"800\" height=\"490\" src=\"https:\/\/www.greenpeace.org\/static\/planet4-netherlands-stateless\/2026\/04\/37f38b92-gp0su8t02_medium-res-with-credit-line-1200px.jpg\" class=\"attachment-post-thumbnail size-post-thumbnail wp-post-image wp-stateless-item\" alt=\"Verzoekschrift Greenpeace Nederland aan rechtbank Amsterdam voor openheid JBS\" style=\"object-fit:cover;\" srcset=\"https:\/\/www.greenpeace.org\/static\/planet4-netherlands-stateless\/2026\/04\/37f38b92-gp0su8t02_medium-res-with-credit-line-1200px.jpg 800w, https:\/\/www.greenpeace.org\/static\/planet4-netherlands-stateless\/2026\/04\/37f38b92-gp0su8t02_medium-res-with-credit-line-1200px-300x184.jpg 300w, https:\/\/www.greenpeace.org\/static\/planet4-netherlands-stateless\/2026\/04\/37f38b92-gp0su8t02_medium-res-with-credit-line-1200px-768x470.jpg 768w, https:\/\/www.greenpeace.org\/static\/planet4-netherlands-stateless\/2026\/04\/37f38b92-gp0su8t02_medium-res-with-credit-line-1200px-510x312.jpg 510w\" sizes=\"auto, (max-width: 800px) 100vw, 800px\" data-image-size=\"post-thumbnail\" data-stateless-media-bucket=\"planet4-netherlands-stateless\" data-stateless-media-name=\"2026\/04\/37f38b92-gp0su8t02_medium-res-with-credit-line-1200px.jpg\" \/><\/a><\/figure>\n\n        <div class=\"wp-block-group is-layout-flow wp-block-group-is-layout-flow\">\n                <div class=\"wp-block-group is-layout-flow wp-block-group-is-layout-flow\"><div class=\"wp-block-post-terms\"><a data-ga-category=\"Posts List\" data-ga-action=\"Post Type Tag\" data-ga-label=\"n\/a\" href=\"https:\/\/www.greenpeace.org\/nl\/category\/bossen-categorie\/\">Bossen<\/a><\/div>\n                <div class=\"taxonomy-post_tag wp-block-post-terms\"><a data-ga-category=\"Posts List\" data-ga-action=\"Navigation Tag\" data-ga-label=\"n\/a\" href=\"https:\/\/www.greenpeace.org\/nl\/tag\/jbs\/\" rel=\"tag\">JBS<\/a><span class=\"wp-block-post-terms__separator\"> <\/span><a data-ga-category=\"Posts List\" data-ga-action=\"Navigation Tag\" data-ga-label=\"n\/a\" href=\"https:\/\/www.greenpeace.org\/nl\/tag\/landbouw\/\" rel=\"tag\">Landbouw<\/a><span class=\"wp-block-post-terms__separator\"> <\/span><a data-ga-category=\"Posts List\" data-ga-action=\"Navigation Tag\" data-ga-label=\"n\/a\" href=\"https:\/\/www.greenpeace.org\/nl\/tag\/vlees\/\" rel=\"tag\">Vlees<\/a><span class=\"wp-block-post-terms__separator\"> <\/span><a data-ga-category=\"Posts List\" data-ga-action=\"Navigation Tag\" data-ga-label=\"n\/a\" href=\"https:\/\/www.greenpeace.org\/nl\/tag\/bossen\/\" rel=\"tag\">Bossen<\/a><span class=\"wp-block-post-terms__separator\"> <\/span><a data-ga-category=\"Posts List\" data-ga-action=\"Navigation Tag\" data-ga-label=\"n\/a\" href=\"https:\/\/www.greenpeace.org\/nl\/tag\/amazone\/\" rel=\"tag\">Amazone<\/a><span class=\"wp-block-post-terms__separator\"> <\/span><a data-ga-category=\"Posts List\" data-ga-action=\"Navigation Tag\" data-ga-label=\"n\/a\" href=\"https:\/\/www.greenpeace.org\/nl\/tag\/ontbossing\/\" rel=\"tag\">Ontbossing<\/a><\/div>\n                \n                <\/div>\n                \n        <h3 class=\"wp-block-post-title\"><a data-ga-category=\"Posts List\" data-ga-action=\"Title\" data-ga-label=\"n\/a\" href=\"https:\/\/www.greenpeace.org\/nl\/bossen-categorie\/83009\/verzoekschrift-greenpeace-nederland-aan-rechtbank-amsterdam-voor-openheid-jbs\/\" target=\"_self\">Verzoekschrift Greenpeace Nederland aan rechtbank Amsterdam voor openheid JBS<\/a><\/h3>\n        <div class=\"wp-block-post-excerpt\"><p class=\"wp-block-post-excerpt__excerpt\">Het grootste vleesbedrijf ter wereld, JBS, maakt miljardenwinsten ten koste van mens en milieu. Nu wil dit omstreden bedrijf uitbreiden naar Nigeria. Wij kunnen en willen niet toekijken hoe JBS deze verwoestende plannen vanuit Nederland uitrolt. Daarom zetten we juridische stappen. <\/p><\/div>\n        \n        <div class=\"wp-block-group posts-list-meta is-layout-flow wp-block-group-is-layout-flow\"><span class='article-list-item-author'><a data-ga-category=\"Posts List\" data-ga-action=\"Author\" data-ga-label=\"n\/a\" href=\"https:\/\/www.greenpeace.org\/nl\/author\/laura\/\">Laura Polderman<\/a><\/span>\n        <div class=\"wp-block-post-date\"><time datetime=\"2026-07-22T09:03:01+02:00\">22 juli 2026<\/time><\/div>\n        \n        <\/div>\n        <\/div>\n        <\/div>\n\n            <\/li><li class=\"wp-block-post post-82489 post type-post status-publish format-standard has-post-thumbnail hentry category-jbs tag-landbouw tag-vlees tag-bossen tag-amazone tag-ontbossing tag-jbs p4-page-type-artikelen\">\n            \n<div class=\"wp-block-columns is-layout-flex wp-container-core-columns-is-layout-8f761849 wp-block-columns-is-layout-flex\"><figure class=\"wp-block-post-featured-image\"><a href=\"https:\/\/www.greenpeace.org\/nl\/jbs\/82489\/vleesmiljardairs-jbs\/\" target=\"_self\"><img loading=\"lazy\" decoding=\"async\" data-ga-category=\"Posts List\" data-ga-action=\"Image\" data-ga-label=\"n\/a\" width=\"1200\" height=\"831\" src=\"https:\/\/www.greenpeace.org\/static\/planet4-netherlands-stateless\/2026\/06\/adea9dc3-gp0su8szz_medium-res-1200px.jpg\" class=\"attachment-post-thumbnail size-post-thumbnail wp-post-image wp-stateless-item\" alt=\"JBS: verwoestende vleesmiljardairs\" style=\"object-fit:cover;\" srcset=\"https:\/\/www.greenpeace.org\/static\/planet4-netherlands-stateless\/2026\/06\/adea9dc3-gp0su8szz_medium-res-1200px.jpg 1200w, https:\/\/www.greenpeace.org\/static\/planet4-netherlands-stateless\/2026\/06\/adea9dc3-gp0su8szz_medium-res-1200px-300x208.jpg 300w, https:\/\/www.greenpeace.org\/static\/planet4-netherlands-stateless\/2026\/06\/adea9dc3-gp0su8szz_medium-res-1200px-1024x709.jpg 1024w, https:\/\/www.greenpeace.org\/static\/planet4-netherlands-stateless\/2026\/06\/adea9dc3-gp0su8szz_medium-res-1200px-768x532.jpg 768w, https:\/\/www.greenpeace.org\/static\/planet4-netherlands-stateless\/2026\/06\/adea9dc3-gp0su8szz_medium-res-1200px-491x340.jpg 491w\" sizes=\"auto, (max-width: 1200px) 100vw, 1200px\" data-image-size=\"post-thumbnail\" data-stateless-media-bucket=\"planet4-netherlands-stateless\" data-stateless-media-name=\"2026\/06\/adea9dc3-gp0su8szz_medium-res-1200px.jpg\" \/><\/a><\/figure>\n\n        <div class=\"wp-block-group is-layout-flow wp-block-group-is-layout-flow\">\n                <div class=\"wp-block-group is-layout-flow wp-block-group-is-layout-flow\"><div class=\"wp-block-post-terms\"><a data-ga-category=\"Posts List\" data-ga-action=\"Post Type Tag\" data-ga-label=\"n\/a\" href=\"https:\/\/www.greenpeace.org\/nl\/category\/jbs\/\">JBS<\/a><\/div>\n                <div class=\"taxonomy-post_tag wp-block-post-terms\"><a data-ga-category=\"Posts List\" data-ga-action=\"Navigation Tag\" data-ga-label=\"n\/a\" href=\"https:\/\/www.greenpeace.org\/nl\/tag\/landbouw\/\" rel=\"tag\">Landbouw<\/a><span class=\"wp-block-post-terms__separator\"> <\/span><a data-ga-category=\"Posts List\" data-ga-action=\"Navigation Tag\" data-ga-label=\"n\/a\" href=\"https:\/\/www.greenpeace.org\/nl\/tag\/vlees\/\" rel=\"tag\">Vlees<\/a><span class=\"wp-block-post-terms__separator\"> <\/span><a data-ga-category=\"Posts List\" data-ga-action=\"Navigation Tag\" data-ga-label=\"n\/a\" href=\"https:\/\/www.greenpeace.org\/nl\/tag\/bossen\/\" rel=\"tag\">Bossen<\/a><span class=\"wp-block-post-terms__separator\"> <\/span><a data-ga-category=\"Posts List\" data-ga-action=\"Navigation Tag\" data-ga-label=\"n\/a\" href=\"https:\/\/www.greenpeace.org\/nl\/tag\/amazone\/\" rel=\"tag\">Amazone<\/a><span class=\"wp-block-post-terms__separator\"> <\/span><a data-ga-category=\"Posts List\" data-ga-action=\"Navigation Tag\" data-ga-label=\"n\/a\" href=\"https:\/\/www.greenpeace.org\/nl\/tag\/ontbossing\/\" rel=\"tag\">Ontbossing<\/a><span class=\"wp-block-post-terms__separator\"> <\/span><a data-ga-category=\"Posts List\" data-ga-action=\"Navigation Tag\" data-ga-label=\"n\/a\" href=\"https:\/\/www.greenpeace.org\/nl\/tag\/jbs\/\" rel=\"tag\">JBS<\/a><\/div>\n                \n                <\/div>\n                \n        <h3 class=\"wp-block-post-title\"><a data-ga-category=\"Posts List\" data-ga-action=\"Title\" data-ga-label=\"n\/a\" href=\"https:\/\/www.greenpeace.org\/nl\/jbs\/82489\/vleesmiljardairs-jbs\/\" target=\"_self\">JBS: verwoestende vleesmiljardairs<\/a><\/h3>\n        <div class=\"wp-block-post-excerpt\"><p class=\"wp-block-post-excerpt__excerpt\">JBS, het vleesimperium van de Braziliaanse miljardairbroers Batista, dreigt zijn verwoestende praktijken uit te breiden naar Nigeria. Je weet wel, het land waar oliemultinational Shell mensen en milieu zwaar vervuild achterliet. Greenpeace waarschuwde JBS vorig jaar al: nu jullie hoofdkantoor in Nederland zit, gelden Nederlandse wetten. Met jouw steun zullen we het bedrijf daaraan houden. <\/p><\/div>\n        \n        <div class=\"wp-block-group posts-list-meta is-layout-flow wp-block-group-is-layout-flow\"><span class='article-list-item-author'><a data-ga-category=\"Posts List\" data-ga-action=\"Author\" data-ga-label=\"n\/a\" href=\"https:\/\/www.greenpeace.org\/nl\/author\/jschuiling\/\">Jacqueline Schuiling<\/a><\/span>\n        <div class=\"wp-block-post-date\"><time datetime=\"2026-06-25T14:16:21+02:00\">25 juni 2026<\/time><\/div>\n        \n        <\/div>\n        <\/div>\n        <\/div>\n\n            <\/li><li class=\"wp-block-post post-82068 post type-post status-publish format-standard has-post-thumbnail hentry category-bossen-categorie tag-bossen tag-amazone p4-page-type-artikelen\">\n            \n<div class=\"wp-block-columns is-layout-flex wp-container-core-columns-is-layout-8f761849 wp-block-columns-is-layout-flex\"><figure class=\"wp-block-post-featured-image\"><a href=\"https:\/\/www.greenpeace.org\/nl\/bossen-categorie\/82068\/belangrijke-inheemse-delegatie-uit-de-amazone-bezoekt-nederland\/\" target=\"_self\"><img loading=\"lazy\" decoding=\"async\" data-ga-category=\"Posts List\" data-ga-action=\"Image\" data-ga-label=\"n\/a\" width=\"1200\" height=\"800\" src=\"https:\/\/www.greenpeace.org\/static\/planet4-netherlands-stateless\/2026\/05\/95cc61d6-gp0su6pif.jpg\" class=\"attachment-post-thumbnail size-post-thumbnail wp-post-image wp-stateless-item\" alt=\"Belangrijke inheemse delegatie uit de Amazone bezoekt Nederland:\" style=\"object-fit:cover;\" srcset=\"https:\/\/www.greenpeace.org\/static\/planet4-netherlands-stateless\/2026\/05\/95cc61d6-gp0su6pif.jpg 1200w, https:\/\/www.greenpeace.org\/static\/planet4-netherlands-stateless\/2026\/05\/95cc61d6-gp0su6pif-300x200.jpg 300w, https:\/\/www.greenpeace.org\/static\/planet4-netherlands-stateless\/2026\/05\/95cc61d6-gp0su6pif-1024x683.jpg 1024w, https:\/\/www.greenpeace.org\/static\/planet4-netherlands-stateless\/2026\/05\/95cc61d6-gp0su6pif-768x512.jpg 768w, https:\/\/www.greenpeace.org\/static\/planet4-netherlands-stateless\/2026\/05\/95cc61d6-gp0su6pif-510x340.jpg 510w\" sizes=\"auto, (max-width: 1200px) 100vw, 1200px\" data-image-size=\"post-thumbnail\" data-stateless-media-bucket=\"planet4-netherlands-stateless\" data-stateless-media-name=\"2026\/05\/95cc61d6-gp0su6pif.jpg\" \/><\/a><\/figure>\n\n        <div class=\"wp-block-group is-layout-flow wp-block-group-is-layout-flow\">\n                <div class=\"wp-block-group is-layout-flow wp-block-group-is-layout-flow\"><div class=\"wp-block-post-terms\"><a data-ga-category=\"Posts List\" data-ga-action=\"Post Type Tag\" data-ga-label=\"n\/a\" href=\"https:\/\/www.greenpeace.org\/nl\/category\/bossen-categorie\/\">Bossen<\/a><\/div>\n                <div class=\"taxonomy-post_tag wp-block-post-terms\"><a data-ga-category=\"Posts List\" data-ga-action=\"Navigation Tag\" data-ga-label=\"n\/a\" href=\"https:\/\/www.greenpeace.org\/nl\/tag\/bossen\/\" rel=\"tag\">Bossen<\/a><span class=\"wp-block-post-terms__separator\"> <\/span><a data-ga-category=\"Posts List\" data-ga-action=\"Navigation Tag\" data-ga-label=\"n\/a\" href=\"https:\/\/www.greenpeace.org\/nl\/tag\/amazone\/\" rel=\"tag\">Amazone<\/a><\/div>\n                \n                <\/div>\n                \n        <h3 class=\"wp-block-post-title\"><a data-ga-category=\"Posts List\" data-ga-action=\"Title\" data-ga-label=\"n\/a\" href=\"https:\/\/www.greenpeace.org\/nl\/bossen-categorie\/82068\/belangrijke-inheemse-delegatie-uit-de-amazone-bezoekt-nederland\/\" target=\"_self\">Belangrijke inheemse delegatie uit de Amazone bezoekt Nederland:<\/a><\/h3>\n        <div class=\"wp-block-post-excerpt\"><p class=\"wp-block-post-excerpt__excerpt\">Van woensdag 10 tot en met zondag 14 juni strijkt een belangrijke delegatie neer in Nederland. Naast Frankrijk, Belgi\u00eb en Itali\u00eb reizen vier prominente Inheemse leiders uit Brazili\u00eb naar ons&hellip; <\/p><\/div>\n        \n        <div class=\"wp-block-group posts-list-meta is-layout-flow wp-block-group-is-layout-flow\"><span class='article-list-item-author'><a data-ga-category=\"Posts List\" data-ga-action=\"Author\" data-ga-label=\"n\/a\" href=\"https:\/\/www.greenpeace.org\/nl\/author\/jzijlstr\/\">Simcha Zijlstra, campaigner Bossen<\/a><\/span>\n        <div class=\"wp-block-post-date\"><time datetime=\"2026-06-04T09:16:59+02:00\">4 juni 2026<\/time><\/div>\n        \n        <\/div>\n        <\/div>\n        <\/div>\n\n            <\/li><li class=\"wp-block-post post-81196 post type-post status-publish format-standard has-post-thumbnail hentry category-bossen-categorie category-jbs category-landbouw tag-landbouw tag-vlees tag-bossen tag-amazone tag-brief tag-ontbossing tag-jbs p4-page-type-pers\">\n            \n<div class=\"wp-block-columns is-layout-flex wp-container-core-columns-is-layout-8f761849 wp-block-columns-is-layout-flex\"><figure class=\"wp-block-post-featured-image\"><a href=\"https:\/\/www.greenpeace.org\/nl\/bossen-categorie\/81196\/greenpeace-media-briefing-challenging-jbs-expansion-in-nigeria-and-beyondmedia-briefing-legal-steps-against-jbs\/\" target=\"_self\"><img loading=\"lazy\" decoding=\"async\" data-ga-category=\"Posts List\" data-ga-action=\"Image\" data-ga-label=\"n\/a\" width=\"1200\" height=\"800\" src=\"https:\/\/www.greenpeace.org\/static\/planet4-netherlands-stateless\/2026\/03\/c693ba89-gp0su5ayv_medium-res-with-credit-line-1200px.jpg\" class=\"attachment-post-thumbnail size-post-thumbnail wp-post-image wp-stateless-item\" alt=\"Greenpeace Media Briefing: Challenging JBS\u2019 expansion in Nigeria and beyond\" style=\"object-fit:cover;\" srcset=\"https:\/\/www.greenpeace.org\/static\/planet4-netherlands-stateless\/2026\/03\/c693ba89-gp0su5ayv_medium-res-with-credit-line-1200px.jpg 1200w, https:\/\/www.greenpeace.org\/static\/planet4-netherlands-stateless\/2026\/03\/c693ba89-gp0su5ayv_medium-res-with-credit-line-1200px-300x200.jpg 300w, https:\/\/www.greenpeace.org\/static\/planet4-netherlands-stateless\/2026\/03\/c693ba89-gp0su5ayv_medium-res-with-credit-line-1200px-1024x683.jpg 1024w, https:\/\/www.greenpeace.org\/static\/planet4-netherlands-stateless\/2026\/03\/c693ba89-gp0su5ayv_medium-res-with-credit-line-1200px-768x512.jpg 768w, https:\/\/www.greenpeace.org\/static\/planet4-netherlands-stateless\/2026\/03\/c693ba89-gp0su5ayv_medium-res-with-credit-line-1200px-510x340.jpg 510w\" sizes=\"auto, (max-width: 1200px) 100vw, 1200px\" data-image-size=\"post-thumbnail\" data-stateless-media-bucket=\"planet4-netherlands-stateless\" data-stateless-media-name=\"2026\/03\/c693ba89-gp0su5ayv_medium-res-with-credit-line-1200px.jpg\" \/><\/a><\/figure>\n\n        <div class=\"wp-block-group is-layout-flow wp-block-group-is-layout-flow\">\n                <div class=\"wp-block-group is-layout-flow wp-block-group-is-layout-flow\"><div class=\"wp-block-post-terms\"><a data-ga-category=\"Posts List\" data-ga-action=\"Post Type Tag\" data-ga-label=\"n\/a\" href=\"https:\/\/www.greenpeace.org\/nl\/category\/bossen-categorie\/\">Bossen<\/a><\/div>\n                <div class=\"taxonomy-post_tag wp-block-post-terms\"><a data-ga-category=\"Posts List\" data-ga-action=\"Navigation Tag\" data-ga-label=\"n\/a\" href=\"https:\/\/www.greenpeace.org\/nl\/tag\/landbouw\/\" rel=\"tag\">Landbouw<\/a><span class=\"wp-block-post-terms__separator\"> <\/span><a data-ga-category=\"Posts List\" data-ga-action=\"Navigation Tag\" data-ga-label=\"n\/a\" href=\"https:\/\/www.greenpeace.org\/nl\/tag\/vlees\/\" rel=\"tag\">Vlees<\/a><span class=\"wp-block-post-terms__separator\"> <\/span><a data-ga-category=\"Posts List\" data-ga-action=\"Navigation Tag\" data-ga-label=\"n\/a\" href=\"https:\/\/www.greenpeace.org\/nl\/tag\/bossen\/\" rel=\"tag\">Bossen<\/a><span class=\"wp-block-post-terms__separator\"> <\/span><a data-ga-category=\"Posts List\" data-ga-action=\"Navigation Tag\" data-ga-label=\"n\/a\" href=\"https:\/\/www.greenpeace.org\/nl\/tag\/amazone\/\" rel=\"tag\">Amazone<\/a><span class=\"wp-block-post-terms__separator\"> <\/span><a data-ga-category=\"Posts List\" data-ga-action=\"Navigation Tag\" data-ga-label=\"n\/a\" href=\"https:\/\/www.greenpeace.org\/nl\/tag\/brief\/\" rel=\"tag\">Brief<\/a><span class=\"wp-block-post-terms__separator\"> <\/span><a data-ga-category=\"Posts List\" data-ga-action=\"Navigation Tag\" data-ga-label=\"n\/a\" href=\"https:\/\/www.greenpeace.org\/nl\/tag\/ontbossing\/\" rel=\"tag\">Ontbossing<\/a><span class=\"wp-block-post-terms__separator\"> <\/span><a data-ga-category=\"Posts List\" data-ga-action=\"Navigation Tag\" data-ga-label=\"n\/a\" href=\"https:\/\/www.greenpeace.org\/nl\/tag\/jbs\/\" rel=\"tag\">JBS<\/a><\/div>\n                \n                <\/div>\n                \n        <h3 class=\"wp-block-post-title\"><a data-ga-category=\"Posts List\" data-ga-action=\"Title\" data-ga-label=\"n\/a\" href=\"https:\/\/www.greenpeace.org\/nl\/bossen-categorie\/81196\/greenpeace-media-briefing-challenging-jbs-expansion-in-nigeria-and-beyondmedia-briefing-legal-steps-against-jbs\/\" target=\"_self\">Greenpeace Media Briefing: Challenging JBS\u2019 expansion in Nigeria and beyond<\/a><\/h3>\n        <div class=\"wp-block-post-excerpt\"><p class=\"wp-block-post-excerpt__excerpt\">CLEAN April 2026 &#8211; JBS EXPANSION MEDIA BRIEFING <\/p><\/div>\n        \n        <div class=\"wp-block-group posts-list-meta is-layout-flow wp-block-group-is-layout-flow\"><span class='article-list-item-author'><a data-ga-category=\"Posts List\" data-ga-action=\"Author\" data-ga-label=\"n\/a\" href=\"https:\/\/www.greenpeace.org\/nl\/author\/laura\/\">Laura Polderman<\/a><\/span>\n        <div class=\"wp-block-post-date\"><time datetime=\"2026-04-30T07:48:22+02:00\">30 april 2026<\/time><\/div>\n        \n        <\/div>\n        <\/div>\n        <\/div>\n\n            <\/li><\/ul>\n\n    \n<div class=\"wp-block-buttons carousel-controls is-horizontal is-content-justification-space-between is-nowrap is-layout-flex wp-container-core-buttons-is-layout-358af4b1 wp-block-buttons-is-layout-flex\">\n            <div class=\"wp-block-button carousel-control-prev\"><button type=\"button\" class=\"wp-block-button__link wp-element-button\">Prev<\/button><\/div>\n        \n\n            <div class=\"wp-block-button carousel-control-next\"><button type=\"button\" class=\"wp-block-button__link wp-element-button\">Volgende<\/button><\/div>\n        <\/div>\n\n\n    <\/div>\n    \n\n\n<div style=\"height:51px\" aria-hidden=\"true\" class=\"wp-block-spacer\"><\/div>\n\n\n\n\n<div class=\"wp-block-group alignfull block has-beige-100-background-color has-background is-layout-flow wp-block-group-is-layout-flow\">\n<div class=\"wp-block-group container is-layout-flow wp-block-group-is-layout-flow\">\n<div style=\"height:24px\" aria-hidden=\"true\" class=\"wp-block-spacer\"><\/div>\n\n\n\n<h2 class=\"wp-block-heading has-text-align-center\" id=\"h-keep-learning-about\">Ontdek meer<\/h2>\n\n\n\n<div class=\"wp-block-columns is-layout-flex wp-container-core-columns-is-layout-8f761849 wp-block-columns-is-layout-flex\">\n<div class=\"wp-block-column is-layout-flow wp-block-column-is-layout-flow\">\n<div class=\"wp-block-group group-stretched-link is-layout-flow wp-block-group-is-layout-flow\">\n<figure class=\"wp-block-image aligncenter size-full is-resized force-no-lightbox force-no-caption is-style-rounded-180\"><img loading=\"lazy\" decoding=\"async\" width=\"1200\" height=\"675\" title=\"bosbranden in rusland\" src=\"https:\/\/www.greenpeace.org\/static\/planet4-netherlands-stateless\/2020\/07\/635780c5-gp1su5iy_medium_res_with_credit_line.jpg\" alt=\"bosbranden in rusland\" class=\"wp-image-41252\" style=\"\" srcset=\"https:\/\/www.greenpeace.org\/static\/planet4-netherlands-stateless\/2020\/07\/635780c5-gp1su5iy_medium_res_with_credit_line.jpg 1200w, https:\/\/www.greenpeace.org\/static\/planet4-netherlands-stateless\/2020\/07\/635780c5-gp1su5iy_medium_res_with_credit_line-300x169.jpg 300w, https:\/\/www.greenpeace.org\/static\/planet4-netherlands-stateless\/2020\/07\/635780c5-gp1su5iy_medium_res_with_credit_line-1024x576.jpg 1024w, https:\/\/www.greenpeace.org\/static\/planet4-netherlands-stateless\/2020\/07\/635780c5-gp1su5iy_medium_res_with_credit_line-768x432.jpg 768w, https:\/\/www.greenpeace.org\/static\/planet4-netherlands-stateless\/2020\/07\/635780c5-gp1su5iy_medium_res_with_credit_line-510x287.jpg 510w\" sizes=\"auto, (max-width: 1200px) 100vw, 1200px\" \/><figcaption class=\"wp-element-caption\">bosbranden in rusland<\/figcaption><\/figure>\n\n\n\n<h5 class=\"wp-block-heading has-text-align-center is-style-chevron\" id=\"h-bosbranden\" style=\"font-size:1rem\"><a href=\"\/nl\/bossen\/bosbranden\">Bosbranden<\/a><\/h5>\n\n\n\n<div style=\"height:16px\" aria-hidden=\"true\" class=\"wp-block-spacer\"><\/div>\n<\/div>\n<\/div>\n\n\n\n<div class=\"wp-block-column is-layout-flow wp-block-column-is-layout-flow\">\n<div class=\"wp-block-group group-stretched-link is-layout-flow wp-block-group-is-layout-flow\">\n<figure class=\"wp-block-image aligncenter size-full is-resized force-no-lightbox force-no-caption is-style-rounded-180\"><img loading=\"lazy\" decoding=\"async\" width=\"480\" height=\"271\" title=\"amazonewoud\" src=\"https:\/\/www.greenpeace.org\/static\/planet4-netherlands-stateless\/2022\/10\/9bf9b942-amazonewoud.jpg\" alt=\"Amazonewoud\" class=\"wp-image-55062\" style=\"\" srcset=\"https:\/\/www.greenpeace.org\/static\/planet4-netherlands-stateless\/2022\/10\/9bf9b942-amazonewoud.jpg 480w, https:\/\/www.greenpeace.org\/static\/planet4-netherlands-stateless\/2022\/10\/9bf9b942-amazonewoud-300x169.jpg 300w\" sizes=\"auto, (max-width: 480px) 100vw, 480px\" \/><figcaption class=\"wp-element-caption\">(c) Rodrigo Baleia; Greenpeace<\/figcaption><\/figure>\n\n\n\n<h5 class=\"wp-block-heading has-text-align-center is-style-chevron\" id=\"h-amazone\" style=\"font-size:1rem\"><a href=\"\/nl\/bossen\/amazone\">Amazone<\/a><\/h5>\n\n\n\n<div style=\"height:16px\" aria-hidden=\"true\" class=\"wp-block-spacer\"><\/div>\n<\/div>\n<\/div>\n\n\n\n<div class=\"wp-block-column is-layout-flow wp-block-column-is-layout-flow\">\n<div class=\"wp-block-group group-stretched-link is-layout-flow wp-block-group-is-layout-flow\">\n<figure class=\"wp-block-image aligncenter size-full is-resized force-no-lightbox force-no-caption is-style-rounded-180\"><img loading=\"lazy\" decoding=\"async\" width=\"800\" height=\"533\" src=\"https:\/\/www.greenpeace.org\/static\/planet4-netherlands-stateless\/2021\/06\/3de3d472-gp0stqez2_web_size.jpg\" alt=\"\" class=\"wp-image-46611\" style=\"\" srcset=\"https:\/\/www.greenpeace.org\/static\/planet4-netherlands-stateless\/2021\/06\/3de3d472-gp0stqez2_web_size.jpg 800w, https:\/\/www.greenpeace.org\/static\/planet4-netherlands-stateless\/2021\/06\/3de3d472-gp0stqez2_web_size-300x200.jpg 300w, https:\/\/www.greenpeace.org\/static\/planet4-netherlands-stateless\/2021\/06\/3de3d472-gp0stqez2_web_size-768x512.jpg 768w, https:\/\/www.greenpeace.org\/static\/planet4-netherlands-stateless\/2021\/06\/3de3d472-gp0stqez2_web_size-510x340.jpg 510w\" sizes=\"auto, (max-width: 800px) 100vw, 800px\" \/><figcaption class=\"wp-element-caption\">Jombang op oost-Java is een van de honderden dorpen in Indonesi\u00eb waar ons electronisch afval wordt gesorteerd en vervolgens verbrand. <\/figcaption><\/figure>\n\n\n\n<h5 class=\"wp-block-heading has-text-align-center is-style-chevron\" id=\"h-indonesie\" style=\"font-size:1rem\"><a href=\"\/nl\/bossen\/indonesie\">Indonesi\u00eb<\/a><\/h5>\n\n\n\n<div style=\"height:16px\" aria-hidden=\"true\" class=\"wp-block-spacer\"><\/div>\n<\/div>\n<\/div>\n\n\n\n<div class=\"wp-block-column is-layout-flow wp-block-column-is-layout-flow\">\n<div class=\"wp-block-group group-stretched-link is-layout-flow wp-block-group-is-layout-flow\">\n<figure class=\"wp-block-image aligncenter size-full is-resized force-no-lightbox force-no-caption is-style-rounded-180\"><img loading=\"lazy\" decoding=\"async\" width=\"800\" height=\"534\" title=\"Protest and Projection against EU-Mercosur Deal in BerlinProtest und Projektion gegen den EU-Mercosur Vertrag in Berlin\" src=\"https:\/\/www.greenpeace.org\/static\/planet4-netherlands-stateless\/2023\/04\/4b52e462-gp0stv36f_web_size.jpg\" alt=\"\" class=\"wp-image-57638\" style=\"\" srcset=\"https:\/\/www.greenpeace.org\/static\/planet4-netherlands-stateless\/2023\/04\/4b52e462-gp0stv36f_web_size.jpg 800w, https:\/\/www.greenpeace.org\/static\/planet4-netherlands-stateless\/2023\/04\/4b52e462-gp0stv36f_web_size-300x200.jpg 300w, https:\/\/www.greenpeace.org\/static\/planet4-netherlands-stateless\/2023\/04\/4b52e462-gp0stv36f_web_size-768x513.jpg 768w, https:\/\/www.greenpeace.org\/static\/planet4-netherlands-stateless\/2023\/04\/4b52e462-gp0stv36f_web_size-510x340.jpg 510w\" sizes=\"auto, (max-width: 800px) 100vw, 800px\" \/><figcaption class=\"wp-element-caption\">Greenpeace activists demonstrate in front of the Berlin CityCube against the possible upcoming climate-damaging trade agreement between EU and the Mercosur states Brazil, Argentina, Paraguay and Uruguay. On the occasion of the Global Forum for Food and Agriculture, the world&#8217;s largest informal conference of agriculture ministers, they are projecting &#8220;EU-Mercosur: climate-damaging, anti-natural and outdated&#8221; in four-metre letters on the front of the exhibition halls.\nOn banners they demand from the German Minister of Agriculture Cem\n\u00d6zdemir: &#8220;\u00d6zdemir, rainforest instead of beef&#8221; and &#8220;Save the\nAmazon! Stop EU Mercosur&#8221;.\nGreenpeace-Aktive demonstrieren am Berliner CityCube zum Start der Gr\u00fcnen Woche gegen das klimasch\u00e4dliche Handelsabkommen zwischen der\nEU und den Mercosur Staaten Brasilien, Argentinien, Paraguay und Urugua. Anl\u00e4sslich des Global Forum for Food and Agriculture, der\nweltweit gr\u00f6\u00dften informellen Agrarministerkonferenz, projizieren sie in vier Meter gro\u00dfen Lettern \u201eEU-Mercosur: klimasch\u00e4dlich, naturfeindlich und veraltet\u201c an die\nFassade der Messehallen. Auf Bannern forderten sie vom deutschen Agrarminister Cem\n\u00d6zdemir: \u201e\u00d6zdemir, Regenwald statt Rindfleisch\u201c und \u201eSave the\nAmazon! Stop EU-Mercosur\u201c.<\/figcaption><\/figure>\n\n\n\n<h5 class=\"wp-block-heading has-text-align-center is-style-chevron\" id=\"h-eu-mercosur\" style=\"font-size:1rem\"><a href=\"\/nl\/bossen\/eu-mercosur\">EU-Mercosur<\/a><\/h5>\n\n\n\n<div style=\"height:16px\" aria-hidden=\"true\" class=\"wp-block-spacer\"><\/div>\n<\/div>\n<\/div>\n\n\n\n<div class=\"wp-block-column is-layout-flow wp-block-column-is-layout-flow\">\n<div class=\"wp-block-group group-stretched-link is-layout-flow wp-block-group-is-layout-flow\">\n<figure class=\"wp-block-image aligncenter size-full is-resized force-no-lightbox force-no-caption is-style-rounded-180\"><img loading=\"lazy\" decoding=\"async\" width=\"1200\" height=\"800\" title=\"Villagers Pick through Discarded Imported Plastic in Surabaya, Indonesia\" src=\"https:\/\/www.greenpeace.org\/static\/planet4-netherlands-stateless\/2019\/04\/4dc3b497-gp0stt8d3.jpg\" alt=\"Villagers pick through discarded imported plastic that was dumped there by a nearby paper recycling company whose imported paper was contaminated with plastic, in Sumengko Village, near Gresik, Surabaya, Indonesia.\" class=\"wp-image-17744\" style=\"\" srcset=\"https:\/\/www.greenpeace.org\/static\/planet4-netherlands-stateless\/2019\/04\/4dc3b497-gp0stt8d3.jpg 1200w, https:\/\/www.greenpeace.org\/static\/planet4-netherlands-stateless\/2019\/04\/4dc3b497-gp0stt8d3-300x200.jpg 300w, https:\/\/www.greenpeace.org\/static\/planet4-netherlands-stateless\/2019\/04\/4dc3b497-gp0stt8d3-768x512.jpg 768w, https:\/\/www.greenpeace.org\/static\/planet4-netherlands-stateless\/2019\/04\/4dc3b497-gp0stt8d3-1024x683.jpg 1024w, https:\/\/www.greenpeace.org\/static\/planet4-netherlands-stateless\/2019\/04\/4dc3b497-gp0stt8d3-510x340.jpg 510w\" sizes=\"auto, (max-width: 1200px) 100vw, 1200px\" \/><figcaption aria-hidden=\"true\" class=\"wp-element-caption\">Villagers pick through discarded imported plastic that was dumped there by a nearby paper recycling company whose imported paper was contaminated with plastic, in Sumengko Village, near Gresik, Surabaya, Indonesia.<div class=\"credit icon-left\"> \u00a9 GAIA\/CC BY-NC-SA 4.0 \/ Adam Dean<\/div><\/figcaption><\/figure>\n\n\n\n<h5 class=\"wp-block-heading has-text-align-center is-style-chevron\" id=\"h-inheemse-beschermers\" style=\"font-size:1rem\"><a href=\"\/nl\/bossen\/inheemse-beschermers\">Ontbossing<\/a><\/h5>\n\n\n\n<div style=\"height:16px\" aria-hidden=\"true\" class=\"wp-block-spacer\"><\/div>\n<\/div>\n<\/div>\n<\/div>\n<\/div>\n<\/div>\n\n\n\n\n\n<div class=\"wp-block-group alignfull block has-white-background-color has-background is-layout-flow wp-block-group-is-layout-flow\">\n<div class=\"wp-block-group container is-layout-flow wp-block-group-is-layout-flow\">\n<div style=\"height:24px\" aria-hidden=\"true\" class=\"wp-block-spacer\"><\/div>\n\n\n\n<div class=\"wp-block-group alignfull has-beige-100-background-color has-background is-layout-flow wp-block-group-is-layout-flow\" style=\"padding-top:39px;padding-right:0;padding-bottom:39px;padding-left:0\">\n<div class=\"wp-block-group container is-layout-flow wp-block-group-is-layout-flow\">\n<div class=\"wp-block-columns is-layout-flex wp-container-core-columns-is-layout-8f761849 wp-block-columns-is-layout-flex\">\n<div class=\"wp-block-column is-layout-flow wp-block-column-is-layout-flow\">\n<h2 class=\"wp-block-heading\" id=\"h-doe-mee\" style=\"font-size:40px\">Blijf op de hoogte <\/h2>\n\n\n\n<p class=\"wp-block-paragraph\">Meld je net als bijna 500.000 anderen aan voor de<strong> Greenpeace nieuwsbrief <\/strong>en blijf op de hoogte van onze acties en campagnes en hoe je daaraan kan bijdragen.<\/p>\n\n\n\n<div style=\"height:19px\" aria-hidden=\"true\" class=\"wp-block-spacer\"><\/div>\n\n\n\n<div class=\"wp-block-buttons is-vertical is-content-justification-center is-nowrap is-layout-flex wp-container-core-buttons-is-layout-a539f630 wp-block-buttons-is-layout-flex\">\n<div class=\"wp-block-button\"><a class=\"wp-block-button__link wp-element-button\" href=\"http:\/\/doemee.greenpeace.nl\/nieuwsbrief\/\" rel=\"noopener\">Schrijf je in<\/a><\/div>\n<\/div>\n<\/div>\n\n\n\n<div class=\"wp-block-column is-layout-flow wp-block-column-is-layout-flow\">\n<p class=\"wp-block-paragraph\"><\/p>\n\n\n\n<figure class=\"wp-block-image aligncenter size-thumbnail is-resized\"><img loading=\"lazy\" decoding=\"async\" width=\"150\" height=\"150\" title=\"c581535e-47a9-47b2-89a9-61bcb352e7c7\" src=\"https:\/\/www.greenpeace.org\/static\/planet4-netherlands-stateless\/2024\/06\/c581535e-47a9-47b2-89a9-61bcb352e7c7-150x150.png\" alt=\"\" class=\"wp-image-63608\" style=\"width:166px;height:auto\" srcset=\"https:\/\/www.greenpeace.org\/static\/planet4-netherlands-stateless\/2024\/06\/c581535e-47a9-47b2-89a9-61bcb352e7c7-150x150.png 150w, https:\/\/www.greenpeace.org\/static\/planet4-netherlands-stateless\/2024\/06\/c581535e-47a9-47b2-89a9-61bcb352e7c7-300x300.png 300w, https:\/\/www.greenpeace.org\/static\/planet4-netherlands-stateless\/2024\/06\/c581535e-47a9-47b2-89a9-61bcb352e7c7-340x340.png 340w, https:\/\/www.greenpeace.org\/static\/planet4-netherlands-stateless\/2024\/06\/c581535e-47a9-47b2-89a9-61bcb352e7c7.png 512w\" sizes=\"auto, (max-width: 150px) 100vw, 150px\" \/><\/figure>\n<\/div>\n<\/div>\n<\/div>\n<\/div>\n\n\n\n<div style=\"height:36px\" aria-hidden=\"true\" class=\"wp-block-spacer\"><\/div>\n\n\n\n<h4 class=\"wp-block-heading\" id=\"h-explore-other-topics\">Ontdek meer thema&#8217;s<\/h4>\n\n\n\n<div class=\"wp-block-columns is-not-stacked-on-mobile is-style-mobile-carousel is-layout-flex wp-container-core-columns-is-layout-8f761849 wp-block-columns-is-layout-flex\">\n<div class=\"wp-block-column is-layout-flow wp-block-column-is-layout-flow\">\n<div class=\"wp-block-group group-stretched-link is-layout-flow wp-block-group-is-layout-flow\">\n<figure class=\"wp-block-image aligncenter size-full is-resized is-style-rounded-90 force-no-lightbox force-no-caption mb-0\"><img loading=\"lazy\" decoding=\"async\" width=\"512\" height=\"512\" title=\"7cec020c-d200-40ae-8b50-6dabfa14251d\" src=\"https:\/\/www.greenpeace.org\/static\/planet4-netherlands-stateless\/2024\/06\/7cec020c-d200-40ae-8b50-6dabfa14251d.png\" alt=\"\" class=\"wp-image-63630\" style=\"\" srcset=\"https:\/\/www.greenpeace.org\/static\/planet4-netherlands-stateless\/2024\/06\/7cec020c-d200-40ae-8b50-6dabfa14251d.png 512w, https:\/\/www.greenpeace.org\/static\/planet4-netherlands-stateless\/2024\/06\/7cec020c-d200-40ae-8b50-6dabfa14251d-300x300.png 300w, https:\/\/www.greenpeace.org\/static\/planet4-netherlands-stateless\/2024\/06\/7cec020c-d200-40ae-8b50-6dabfa14251d-150x150.png 150w, https:\/\/www.greenpeace.org\/static\/planet4-netherlands-stateless\/2024\/06\/7cec020c-d200-40ae-8b50-6dabfa14251d-340x340.png 340w\" sizes=\"auto, (max-width: 512px) 100vw, 512px\" \/><\/figure>\n\n\n\n<div style=\"height:16px\" aria-hidden=\"true\" class=\"wp-block-spacer\"><\/div>\n\n\n\n<h5 class=\"wp-block-heading has-text-align-center\" id=\"h-bossen\" style=\"font-size:1rem\"><a href=\"\/nl\/bossen\">Bossen<\/a><\/h5>\n<\/div>\n<\/div>\n\n\n\n<div class=\"wp-block-column is-layout-flow wp-block-column-is-layout-flow\">\n<div class=\"wp-block-group group-stretched-link is-layout-flow wp-block-group-is-layout-flow\">\n<figure class=\"wp-block-image aligncenter size-full is-resized is-style-rounded-90 force-no-lightbox force-no-caption mb-0\"><img loading=\"lazy\" decoding=\"async\" width=\"512\" height=\"512\" title=\"5f76b493-7aa5-443d-b485-53fc13a5d218\" src=\"https:\/\/www.greenpeace.org\/static\/planet4-netherlands-stateless\/2024\/06\/5f76b493-7aa5-443d-b485-53fc13a5d218.png\" alt=\"\" class=\"wp-image-63628\" style=\"\" srcset=\"https:\/\/www.greenpeace.org\/static\/planet4-netherlands-stateless\/2024\/06\/5f76b493-7aa5-443d-b485-53fc13a5d218.png 512w, https:\/\/www.greenpeace.org\/static\/planet4-netherlands-stateless\/2024\/06\/5f76b493-7aa5-443d-b485-53fc13a5d218-300x300.png 300w, https:\/\/www.greenpeace.org\/static\/planet4-netherlands-stateless\/2024\/06\/5f76b493-7aa5-443d-b485-53fc13a5d218-150x150.png 150w, https:\/\/www.greenpeace.org\/static\/planet4-netherlands-stateless\/2024\/06\/5f76b493-7aa5-443d-b485-53fc13a5d218-340x340.png 340w\" sizes=\"auto, (max-width: 512px) 100vw, 512px\" \/><\/figure>\n\n\n\n<div style=\"height:16px\" aria-hidden=\"true\" class=\"wp-block-spacer\"><\/div>\n\n\n\n<h5 class=\"wp-block-heading has-text-align-center\" id=\"h-oceanen\" style=\"font-size:1rem\"><a href=\"\/nl\/oceanen\">Oceanen<\/a><\/h5>\n<\/div>\n<\/div>\n\n\n\n<div class=\"wp-block-column is-layout-flow wp-block-column-is-layout-flow\">\n<div class=\"wp-block-group group-stretched-link is-layout-flow wp-block-group-is-layout-flow\">\n<figure class=\"wp-block-image aligncenter size-full is-resized is-style-rounded-90 force-no-lightbox force-no-caption mb-0\"><img loading=\"lazy\" decoding=\"async\" width=\"512\" height=\"512\" title=\"077f936d-onze-missie\" src=\"https:\/\/www.greenpeace.org\/static\/planet4-netherlands-stateless\/2024\/06\/077f936d-onze-missie.png\" alt=\"\" class=\"wp-image-63603\" style=\"\" srcset=\"https:\/\/www.greenpeace.org\/static\/planet4-netherlands-stateless\/2024\/06\/077f936d-onze-missie.png 512w, https:\/\/www.greenpeace.org\/static\/planet4-netherlands-stateless\/2024\/06\/077f936d-onze-missie-300x300.png 300w, https:\/\/www.greenpeace.org\/static\/planet4-netherlands-stateless\/2024\/06\/077f936d-onze-missie-150x150.png 150w, https:\/\/www.greenpeace.org\/static\/planet4-netherlands-stateless\/2024\/06\/077f936d-onze-missie-340x340.png 340w\" sizes=\"auto, (max-width: 512px) 100vw, 512px\" \/><\/figure>\n\n\n\n<div style=\"height:16px\" aria-hidden=\"true\" class=\"wp-block-spacer\"><\/div>\n\n\n\n<h5 class=\"wp-block-heading has-text-align-center\" id=\"h-eerlijke-wereld\" style=\"font-size:1rem\"><a href=\"\/nl\/eerlijke-wereld\">Eerlijke wereld<\/a><\/h5>\n<\/div>\n<\/div>\n\n\n\n<div class=\"wp-block-column is-layout-flow wp-block-column-is-layout-flow\">\n<div class=\"wp-block-group group-stretched-link is-layout-flow wp-block-group-is-layout-flow\">\n<figure class=\"wp-block-image aligncenter size-full is-resized is-style-rounded-90 force-no-lightbox force-no-caption mb-0\"><img loading=\"lazy\" decoding=\"async\" width=\"512\" height=\"512\" title=\"859b05fa-15b4-4f42-97fb-bebd37223861\" src=\"https:\/\/www.greenpeace.org\/static\/planet4-netherlands-stateless\/2024\/06\/859b05fa-15b4-4f42-97fb-bebd37223861.png\" alt=\"\" class=\"wp-image-63627\" style=\"\" srcset=\"https:\/\/www.greenpeace.org\/static\/planet4-netherlands-stateless\/2024\/06\/859b05fa-15b4-4f42-97fb-bebd37223861.png 512w, https:\/\/www.greenpeace.org\/static\/planet4-netherlands-stateless\/2024\/06\/859b05fa-15b4-4f42-97fb-bebd37223861-300x300.png 300w, https:\/\/www.greenpeace.org\/static\/planet4-netherlands-stateless\/2024\/06\/859b05fa-15b4-4f42-97fb-bebd37223861-150x150.png 150w, https:\/\/www.greenpeace.org\/static\/planet4-netherlands-stateless\/2024\/06\/859b05fa-15b4-4f42-97fb-bebd37223861-340x340.png 340w\" sizes=\"auto, (max-width: 512px) 100vw, 512px\" \/><\/figure>\n\n\n\n<div style=\"height:16px\" aria-hidden=\"true\" class=\"wp-block-spacer\"><\/div>\n\n\n\n<h5 class=\"wp-block-heading has-text-align-center\" id=\"h-klimaat\" style=\"font-size:1rem\"><a href=\"\/nl\/klimaat\">Klimaat<\/a><\/h5>\n<\/div>\n<\/div>\n\n\n\n<div class=\"wp-block-column is-layout-flow wp-block-column-is-layout-flow\">\n<div class=\"wp-block-group group-stretched-link is-layout-flow wp-block-group-is-layout-flow\">\n<figure class=\"wp-block-image aligncenter size-full is-resized is-style-rounded-90 force-no-lightbox force-no-caption mb-0\"><img loading=\"lazy\" decoding=\"async\" width=\"512\" height=\"512\" title=\"421b1474-5b75-4813-a874-3fa58cc0b408\" src=\"https:\/\/www.greenpeace.org\/static\/planet4-netherlands-stateless\/2024\/06\/421b1474-5b75-4813-a874-3fa58cc0b408.png\" alt=\"\" class=\"wp-image-63629\" style=\"\" srcset=\"https:\/\/www.greenpeace.org\/static\/planet4-netherlands-stateless\/2024\/06\/421b1474-5b75-4813-a874-3fa58cc0b408.png 512w, https:\/\/www.greenpeace.org\/static\/planet4-netherlands-stateless\/2024\/06\/421b1474-5b75-4813-a874-3fa58cc0b408-300x300.png 300w, https:\/\/www.greenpeace.org\/static\/planet4-netherlands-stateless\/2024\/06\/421b1474-5b75-4813-a874-3fa58cc0b408-150x150.png 150w, https:\/\/www.greenpeace.org\/static\/planet4-netherlands-stateless\/2024\/06\/421b1474-5b75-4813-a874-3fa58cc0b408-340x340.png 340w\" sizes=\"auto, (max-width: 512px) 100vw, 512px\" \/><\/figure>\n\n\n\n<div style=\"height:16px\" aria-hidden=\"true\" class=\"wp-block-spacer\"><\/div>\n\n\n\n<h5 class=\"wp-block-heading has-text-align-center\" id=\"h-plastic\" style=\"font-size:1rem\"><a href=\"\/nl\/plastic\">Plastic<\/a><\/h5>\n<\/div>\n<\/div>\n\n\n\n<div class=\"wp-block-column is-layout-flow wp-block-column-is-layout-flow\">\n<div class=\"wp-block-group group-stretched-link is-layout-flow wp-block-group-is-layout-flow\">\n<figure class=\"wp-block-image aligncenter size-full is-resized is-style-rounded-90 force-no-lightbox force-no-caption mb-0\"><img loading=\"lazy\" decoding=\"async\" width=\"512\" height=\"512\" title=\"ef913d22-c270-4e46-bbff-8b587b2278c5\" src=\"https:\/\/www.greenpeace.org\/static\/planet4-netherlands-stateless\/2024\/06\/ef913d22-c270-4e46-bbff-8b587b2278c5.png\" alt=\"\" class=\"wp-image-63631\" style=\"\" srcset=\"https:\/\/www.greenpeace.org\/static\/planet4-netherlands-stateless\/2024\/06\/ef913d22-c270-4e46-bbff-8b587b2278c5.png 512w, https:\/\/www.greenpeace.org\/static\/planet4-netherlands-stateless\/2024\/06\/ef913d22-c270-4e46-bbff-8b587b2278c5-300x300.png 300w, https:\/\/www.greenpeace.org\/static\/planet4-netherlands-stateless\/2024\/06\/ef913d22-c270-4e46-bbff-8b587b2278c5-150x150.png 150w, https:\/\/www.greenpeace.org\/static\/planet4-netherlands-stateless\/2024\/06\/ef913d22-c270-4e46-bbff-8b587b2278c5-340x340.png 340w\" sizes=\"auto, (max-width: 512px) 100vw, 512px\" \/><\/figure>\n\n\n\n<div style=\"height:16px\" aria-hidden=\"true\" class=\"wp-block-spacer\"><\/div>\n\n\n\n<h5 class=\"wp-block-heading has-text-align-center\" id=\"h-voedsel\" style=\"font-size:1rem\"><a href=\"\/nl\/voedsel\">Voedsel<\/a><\/h5>\n<\/div>\n<\/div>\n\n\n\n<div class=\"wp-block-column is-layout-flow wp-block-column-is-layout-flow\">\n<div class=\"wp-block-group group-stretched-link is-layout-flow wp-block-group-is-layout-flow\">\n<figure class=\"wp-block-image aligncenter size-full is-resized is-style-rounded-90 force-no-lightbox force-no-caption mb-0\"><img loading=\"lazy\" decoding=\"async\" width=\"512\" height=\"512\" title=\"b477bc82-fba5-40eb-8f02-213f92c43052\" src=\"https:\/\/www.greenpeace.org\/static\/planet4-netherlands-stateless\/2024\/06\/b477bc82-fba5-40eb-8f02-213f92c43052.png\" alt=\"\" class=\"wp-image-63632\" style=\"\" srcset=\"https:\/\/www.greenpeace.org\/static\/planet4-netherlands-stateless\/2024\/06\/b477bc82-fba5-40eb-8f02-213f92c43052.png 512w, https:\/\/www.greenpeace.org\/static\/planet4-netherlands-stateless\/2024\/06\/b477bc82-fba5-40eb-8f02-213f92c43052-300x300.png 300w, https:\/\/www.greenpeace.org\/static\/planet4-netherlands-stateless\/2024\/06\/b477bc82-fba5-40eb-8f02-213f92c43052-150x150.png 150w, https:\/\/www.greenpeace.org\/static\/planet4-netherlands-stateless\/2024\/06\/b477bc82-fba5-40eb-8f02-213f92c43052-340x340.png 340w\" sizes=\"auto, (max-width: 512px) 100vw, 512px\" \/><\/figure>\n\n\n\n<div style=\"height:16px\" aria-hidden=\"true\" class=\"wp-block-spacer\"><\/div>\n\n\n\n<h5 class=\"wp-block-heading has-text-align-center\" id=\"h-dieren\" style=\"font-size:1rem\"><a href=\"\/nl\/dieren\">Dieren<\/a><\/h5>\n<\/div>\n<\/div>\n<\/div>\n<\/div>\n<\/div>\n\n<\/div>\n\n","protected":false},"excerpt":{"rendered":"","protected":false},"author":20,"featured_media":57638,"parent":63694,"menu_order":0,"comment_status":"closed","ping_status":"closed","template":"","meta":{"_planet4_optimize_post_is_variant":false,"_planet4_optimize_experiment_name":"","_planet4_optimize_variant_name":"","ep_exclude_from_search":false,"p4_hide_page_title_checkbox":"on","p4_title":"","p4_subtitle":"","p4_description":"","background_image_id":"","background_image":"","p4_button_title":"","p4_button_link":"","p4_button_link_checkbox":"","p4_og_title":"","p4_og_description":"","p4_og_image":"","p4_og_image_id":"","p4_seo_canonical_url":"","p4_campaign_name":"","p4_local_project":"","p4_basket_name":"","p4_department":"","footnotes":""},"categories":[133],"tags":[],"class_list":["post-63969","page","type-page","status-publish","has-post-thumbnail","hentry","category-bossen-categorie"],"_links":{"self":[{"href":"https:\/\/www.greenpeace.org\/nl\/wp-json\/wp\/v2\/pages\/63969","targetHints":{"allow":["GET"]}}],"collection":[{"href":"https:\/\/www.greenpeace.org\/nl\/wp-json\/wp\/v2\/pages"}],"about":[{"href":"https:\/\/www.greenpeace.org\/nl\/wp-json\/wp\/v2\/types\/page"}],"author":[{"embeddable":true,"href":"https:\/\/www.greenpeace.org\/nl\/wp-json\/wp\/v2\/users\/20"}],"replies":[{"embeddable":true,"href":"https:\/\/www.greenpeace.org\/nl\/wp-json\/wp\/v2\/comments?post=63969"}],"version-history":[{"count":18,"href":"https:\/\/www.greenpeace.org\/nl\/wp-json\/wp\/v2\/pages\/63969\/revisions"}],"predecessor-version":[{"id":81693,"href":"https:\/\/www.greenpeace.org\/nl\/wp-json\/wp\/v2\/pages\/63969\/revisions\/81693"}],"up":[{"embeddable":true,"href":"https:\/\/www.greenpeace.org\/nl\/wp-json\/wp\/v2\/pages\/63694"}],"wp:featuredmedia":[{"embeddable":true,"href":"https:\/\/www.greenpeace.org\/nl\/wp-json\/wp\/v2\/media\/57638"}],"wp:attachment":[{"href":"https:\/\/www.greenpeace.org\/nl\/wp-json\/wp\/v2\/media?parent=63969"}],"wp:term":[{"taxonomy":"category","embeddable":true,"href":"https:\/\/www.greenpeace.org\/nl\/wp-json\/wp\/v2\/categories?post=63969"},{"taxonomy":"post_tag","embeddable":true,"href":"https:\/\/www.greenpeace.org\/nl\/wp-json\/wp\/v2\/tags?post=63969"}],"curies":[{"name":"wp","href":"https:\/\/api.w.org\/{rel}","templated":true}]}}