{"id":63976,"date":"2024-07-24T11:43:56","date_gmt":"2024-07-24T09:43:56","guid":{"rendered":"https:\/\/www-dev.greenpeace.org\/nl\/?page_id=63976"},"modified":"2026-08-18T20:51:13","modified_gmt":"2026-08-18T18:51:13","slug":"stikstof-crisis","status":"publish","type":"page","link":"https:\/\/www.greenpeace.org\/nl\/voedsel\/stikstof-crisis\/","title":{"rendered":"Stikstofcrisis"},"content":{"rendered":"\n\n<div class=\"wp-block-group is-layout-flow wp-block-group-is-layout-flow\">\n\n<div class=\"wp-block-group alignfull is-layout-flow wp-block-group-is-layout-flow\">\n<div class=\"wp-block-group container is-layout-flow wp-block-group-is-layout-flow\">\n<div class=\"wp-block-media-text alignfull has-media-on-the-right is-stacked-on-mobile is-pattern-p4-page-header is-style-parallax\"><div class=\"wp-block-media-text__content\">\n<div class=\"wp-block-group is-layout-flow wp-block-group-is-layout-flow\">\n<h1 id=\"h-stikstofcrisis\" class=\"wp-block-heading has-white-background-color has-background\">Stikstofcrisis<\/h1>\n<\/div>\n\n\n\n<p class=\"wp-block-paragraph\" style=\"font-size:1.25rem\">De overheid heeft de natuur jarenlang in de steek gelaten. Het kabinet m\u00f3\u00e9t nu actie ondernemen om de stikstofcrisis op te lossen, de natuur te beschermen \u00e9n boeren perspectief te bieden. <br><\/p>\n\n\n\n<div class=\"wp-block-buttons is-layout-flex wp-block-buttons-is-layout-flex\">\n<div class=\"wp-block-button is-style-cta\" id=\"kom-in-actie\"><a class=\"wp-block-button__link wp-element-button\" href=\"#actie-natuur\">Kom in actie!<\/a><\/div>\n<\/div>\n<\/div><figure class=\"wp-block-media-text__media\"><img loading=\"lazy\" decoding=\"async\" width=\"800\" height=\"536\" src=\"https:\/\/www.greenpeace.org\/static\/planet4-netherlands-stateless\/2022\/08\/a5b0930d-stikstof.jpg\" alt=\"De stikstofcrisis komt grotendeels door de intensieve veeteelt \" sizes=\"auto, (min-width: 601px) 50vw, 100vw\" srcset=\"https:\/\/www.greenpeace.org\/static\/planet4-netherlands-stateless\/2022\/08\/a5b0930d-stikstof.jpg 800w, https:\/\/www.greenpeace.org\/static\/planet4-netherlands-stateless\/2022\/08\/a5b0930d-stikstof-300x201.jpg 300w, https:\/\/www.greenpeace.org\/static\/planet4-netherlands-stateless\/2022\/08\/a5b0930d-stikstof-768x515.jpg 768w, https:\/\/www.greenpeace.org\/static\/planet4-netherlands-stateless\/2022\/08\/a5b0930d-stikstof-507x340.jpg 507w\" class=\"wp-image-53739 size-full\"\/><\/figure><\/div>\n<\/div>\n<\/div>\n\n\n\n\n<div style=\"height:64px\" aria-hidden=\"true\" class=\"wp-block-spacer\"><\/div>\n\n\n\n\n<div class=\"wp-block-media-text is-stacked-on-mobile is-image-fill-element\"><figure class=\"wp-block-media-text__media\"><img loading=\"lazy\" decoding=\"async\" width=\"1024\" height=\"1024\" src=\"https:\/\/www.greenpeace.org\/static\/planet4-netherlands-stateless\/2022\/08\/09963458-wk-32-thumbnail-stikstofcrisis-de-tijd-van-handjeklap-1024x1024.png\" alt=\"Greenpeace voert een rechtszaak over stikstof tegen de Staat \" sizes=\"auto, (min-width: 1600px) calc((1320px - 24px) \/ 2),(min-width: 1200px) calc((1140px - 24px) \/ 2),(min-width: 992px) calc((960px - 24px) \/ 2),(min-width: 768px) calc((720px - 24px) \/ 2),(min-width: 601px) calc((540px - 24px) \/ 2),(min-width: 577px) calc((540px - 24px) \/ 1), calc(100vw - 24px)\" srcset=\"https:\/\/www.greenpeace.org\/static\/planet4-netherlands-stateless\/2022\/08\/09963458-wk-32-thumbnail-stikstofcrisis-de-tijd-van-handjeklap.png 1080w, https:\/\/www.greenpeace.org\/static\/planet4-netherlands-stateless\/2022\/08\/09963458-wk-32-thumbnail-stikstofcrisis-de-tijd-van-handjeklap-300x300.png 300w, https:\/\/www.greenpeace.org\/static\/planet4-netherlands-stateless\/2022\/08\/09963458-wk-32-thumbnail-stikstofcrisis-de-tijd-van-handjeklap-1024x1024.png 1024w, https:\/\/www.greenpeace.org\/static\/planet4-netherlands-stateless\/2022\/08\/09963458-wk-32-thumbnail-stikstofcrisis-de-tijd-van-handjeklap-150x150.png 150w, https:\/\/www.greenpeace.org\/static\/planet4-netherlands-stateless\/2022\/08\/09963458-wk-32-thumbnail-stikstofcrisis-de-tijd-van-handjeklap-768x768.png 768w, https:\/\/www.greenpeace.org\/static\/planet4-netherlands-stateless\/2022\/08\/09963458-wk-32-thumbnail-stikstofcrisis-de-tijd-van-handjeklap-340x340.png 340w\" class=\"wp-image-53835 size-full\" style=\"object-position:31% 18%\"\/><\/figure><div class=\"wp-block-media-text__content\">\n<h2 id=\"h-het-probleem\" class=\"wp-block-heading\">Wat zijn de gevolgen van de stikstofcrisis? <\/h2>\n\n\n\n<p class=\"wp-block-paragraph\">Als de stikstofuitstoot van de landbouw (als grootste bron), industrie, verkeer en luchtvaart niet&nbsp; drastisch vermindert, lopen we het risico dat unieke plant- en diersoorten verdwijnen.&nbsp;<\/p>\n\n\n\n<p class=\"wp-block-paragraph\">En daarmee raakt de stikstofcrisis ons allemaal, want wij hebben gezonde natuur nodig voor schone lucht,&nbsp; drinkwater, voedselzekerheid en als bondgenoot tegen klimaatverandering.<\/p>\n\n\n\n<div class=\"wp-block-buttons is-layout-flex wp-block-buttons-is-layout-flex\">\n<div class=\"wp-block-button\"><a class=\"wp-block-button__link wp-element-button\" href=\"https:\/\/www.greenpeace.org\/nl\/algemeen\/56408\/waarom-greenpeace-een-rechtszaak-voor-de-natuur-start-en-tegen-het-trage-stikstofbeleid\">Lees over onze stikstof-rechtszaak tegen de Staat<\/a><\/div>\n<\/div>\n<\/div><\/div>\n\n\n\n\n<div style=\"height:35px\" aria-hidden=\"true\" class=\"wp-block-spacer\"><\/div>\n\n\n\n\n<div class=\"wp-block-columns is-layout-flex wp-container-core-columns-is-layout-8f761849 wp-block-columns-is-layout-flex\">\n<div class=\"wp-block-column is-layout-flow wp-block-column-is-layout-flow\" style=\"flex-basis:50%\">\n<h2 id=\"h-wat-greenpeace-doet\" class=\"wp-block-heading\">Welke stappen zet Greenpeace om de stikstofcrisis op te lossen?<\/h2>\n\n\n\n<p class=\"wp-block-paragraph\">Na jarenlang getreuzel om de stikstofcrisis aan te pakken, zagen wij in de zomer van 2023 geen andere mogelijkheid&nbsp;dan naar de rechter te stappen. Een rechtszaak is het laatste redmiddel om de meest kwetsbare natuur te redden. Naast de rechtszaak blijven we ons inzetten voor een omslag naar \u00e9cht duurzame landbouw. Waarin meer boeren met minder dieren een goede boterham kunnen verdienen.<\/p>\n\n\n\n<div class=\"wp-block-buttons is-layout-flex wp-block-buttons-is-layout-flex\">\n<div class=\"wp-block-button\"><a class=\"wp-block-button__link wp-element-button\" href=\"https:\/\/doemee.greenpeace.nl\/doneren\/natuurzaak\/\" rel=\"noopener\">Steun onze stikstof-rechtszaak <\/a><\/div>\n<\/div>\n<\/div>\n\n\n\n<div class=\"wp-block-column is-vertically-aligned-center is-layout-flow wp-block-column-is-layout-flow\" style=\"flex-basis:50%\">\n<figure class=\"wp-block-embed aligncenter is-type-video is-provider-youtube wp-block-embed-youtube wp-embed-aspect-16-9 wp-has-aspect-ratio\"><div class=\"wp-block-embed__wrapper\">\n<iframe loading=\"lazy\" title=\"Waarom Greenpeace een rechtszaak voor de natuur start (en tegen het trage stikstofbeleid)\" width=\"500\" height=\"281\" src=\"https:\/\/www.youtube.com\/embed\/MoCBbp2poVA?feature=oembed\" frameborder=\"0\" allow=\"accelerometer; autoplay; clipboard-write; encrypted-media; gyroscope; picture-in-picture; web-share\" referrerpolicy=\"strict-origin-when-cross-origin\" allowfullscreen><\/iframe>\n<\/div><\/figure>\n<\/div>\n<\/div>\n\n\n\n\n<div style=\"height:54px\" aria-hidden=\"true\" id=\"actie\" class=\"wp-block-spacer\"><\/div>\n\n\n\n<section class=\"block accordion-block wp-block-planet4-blocks-accordion\"><header><h2 class=\"page-section-header\">Meestgestelde vragen over de natuurzaak<\/h2><\/header><div class=\"accordion-content\"><div class=\"accordion-headline\" name=\"Wat zijn de eisen van Greenpeace in de rechtszaak over de stikstofuitstoot?\">Wat zijn de eisen van Greenpeace in de rechtszaak over de stikstofuitstoot?<\/div><div class=\"panel panel-hidden\"><p class=\"accordion-text\">Greenpeace eist dat de Staat de stikstofuitstoot drastisch en snel naar beneden brengt. Concreet betekent dat voor eind 2025 op minimaal 75 procent van de kwetsbaarste natuur niet meer stikstof neerkomt dan die natuur ecologisch gezien aankan.<\/p><\/div><\/div><div class=\"accordion-content\"><div class=\"accordion-headline\" name=\"Waarom eist Greenpeace dat de stikstofuitstoot omlaag gaat?\">Waarom eist Greenpeace dat de stikstofuitstoot omlaag gaat?<\/div><div class=\"panel panel-hidden\"><p class=\"accordion-text\">Als de stikstofuitstoot van de landbouw (als grootste bron), industrie, verkeer en luchtvaart niet drastisch vermindert, lopen we het risico dat unieke plant- en diersoorten verdwijnen.\u00a0En daarmee raakt de stikstofcrisis ons allemaal, want wij hebben gezonde natuur nodig voor schone lucht, drinkwater, voedselzekerheid en als bondgenoot tegen klimaatverandering.<\/p><\/div><\/div><div class=\"accordion-content\"><div class=\"accordion-headline\" name=\"Is teveel stikstof echt zo slecht voor de natuur?\">Is teveel stikstof echt zo slecht voor de natuur?<\/div><div class=\"panel panel-hidden\"><p class=\"accordion-text\">Helaas wel. <a href=\"https:\/\/www.greenpeace.org\/nl\/voedsel\/stikstof-crisis\/\" data-type=\"link\" data-id=\"https:\/\/www.greenpeace.org\/nl\/voedsel\/stikstof-crisis\/\">Bijna 90% van onze <\/a><a href=\"https:\/\/nos.nl\/artikel\/2521490-nederland-kampioen-biodiversiteitsverlies-de-natuur-staat-er-dramatisch-voor\" data-type=\"link\" data-id=\"https:\/\/www.greenpeace.org\/nl\/voedsel\/stikstof-crisis\/\" rel=\"noopener\">beschermde<\/a><a href=\"https:\/\/www.greenpeace.org\/nl\/voedsel\/stikstof-crisis\/\" data-type=\"link\" data-id=\"https:\/\/www.greenpeace.org\/nl\/voedsel\/stikstof-crisis\/\"> natuurtypen<\/a> verkeert in matige tot slechte staat. Het aantal karakteristieke planten, insecten en vogels in stikstofgevoelige natuur is de afgelopen jaren in rap tempo gedaald.<\/p><\/div><\/div><div class=\"accordion-content\"><div class=\"accordion-headline\" name=\"Wat betekent winst voor Greenpeace in deze rechtszaak voor de natuur?\">Wat betekent winst voor Greenpeace in deze rechtszaak voor de natuur?<\/div><div class=\"panel panel-hidden\"><p class=\"accordion-text\">De uitspraak in deze rechtszaak kan alles veranderen. Het kan het begin zijn van een betere toekomst: voor de natuur, en daarmee voor ons allemaal. Gezonde natuur is essentieel voor zuivere lucht, schoon drinkwater, voedselzekerheid \u00e9n is onze bondgenoot in de strijd tegen klimaatverandering.<\/p><\/div><\/div><div class=\"accordion-content\"><div class=\"accordion-headline\" name=\"Wat betekent winst voor Greenpeace in deze rechtszaak voor boeren?\">Wat betekent winst voor Greenpeace in deze rechtszaak voor boeren?<\/div><div class=\"panel panel-hidden\"><p class=\"accordion-text\">Boeren hebben recht op het eerlijke verhaal. Helaas zullen er op korte termijn ingrijpende en pijnlijke keuzes moeten worden gemaakt om het aantal veedieren terug te dringen om de natuur te beschermen en zo \u00e9cht de stikstofcrisis aan te pakken. We verwachten dat de overheid ervoor zorgt dat ook andere sectoren zoals verkeer, industrie en de luchtvaart een bijdrage leveren. En dat veehouders die moeten stoppen op een rechtvaardige manier door de overheid worden gecompenseerd. Boeren die al duurzaam ondernemen, zoals biologische boeren, moeten worden beschermd en boeren die mee willen in de omslag op elke mogelijke manier worden geholpen.<\/p><\/div><\/div><\/section>\n\n\n\n<div class=\"wp-block-query actions-list p4-query-loop is-custom-layout-actions-list is-custom-layout-grid is-layout-flex wp-block-query-is-layout-flex\">\n<h2 id=\"actie-natuur\" class=\"wp-block-heading\">Kom in actie voor de natuur<\/h2>\n\n\n\n<p class=\"wp-block-paragraph\" style=\"margin-top:24px;margin-bottom:32px\"><\/p>\n\n\n\n\n<ul class=\"wp-block-post-template is-layout-flow wp-block-post-template-is-layout-flow\"><li class=\"wp-block-post post-81419 p4_action type-p4_action status-publish has-post-thumbnail hentry category-bossen-categorie category-klimaat-categorie tag-natuurzaak-tag tag-stikstof action-type-donaties\">\n<figure class=\"wp-block-post-featured-image\"><img loading=\"lazy\" decoding=\"async\" width=\"1200\" height=\"795\" src=\"https:\/\/www.greenpeace.org\/static\/planet4-netherlands-stateless\/2026\/05\/8fb7f731-gp1ta67n.jpg\" class=\"attachment-post-thumbnail size-post-thumbnail wp-post-image wp-stateless-item\" alt=\"Scottish Highlander in the Netherlands. \u00a9 Marten  van Dijl \/ Greenpeace\" style=\"object-fit:cover;\" srcset=\"https:\/\/www.greenpeace.org\/static\/planet4-netherlands-stateless\/2026\/05\/8fb7f731-gp1ta67n.jpg 1200w, https:\/\/www.greenpeace.org\/static\/planet4-netherlands-stateless\/2026\/05\/8fb7f731-gp1ta67n-300x199.jpg 300w, https:\/\/www.greenpeace.org\/static\/planet4-netherlands-stateless\/2026\/05\/8fb7f731-gp1ta67n-1024x678.jpg 1024w, https:\/\/www.greenpeace.org\/static\/planet4-netherlands-stateless\/2026\/05\/8fb7f731-gp1ta67n-768x509.jpg 768w, https:\/\/www.greenpeace.org\/static\/planet4-netherlands-stateless\/2026\/05\/8fb7f731-gp1ta67n-510x338.jpg 510w\" sizes=\"auto, (max-width: 1200px) 100vw, 1200px\" data-image-size=\"post-thumbnail\" data-stateless-media-bucket=\"planet4-netherlands-stateless\" data-stateless-media-name=\"2026\/05\/8fb7f731-gp1ta67n.jpg\" \/><\/figure>\n\n\n<div class=\"wp-block-group group-stretched-link is-layout-flow wp-block-group-is-layout-flow\"><div class=\"wp-block-post-terms\">Bossen<\/div>\n\n<h3 class=\"wp-block-post-title\"><a data-ga-action=\"Call to Action\" data-ga-category=\"Actions List\" data-ga-label=\"n\/a\" href=\"https:\/\/www.greenpeace.org\/nl\/donaties\/steun-de-natuurzaak-met-donatie\/\" target=\"_self\">Steun de natuurzaak!<\/a><\/h3>\n\n<div class=\"wp-block-post-excerpt\"><p class=\"wp-block-post-excerpt__excerpt\">Jouw bijdrage helpt om ook het hoger beroep te winnen en ervoor te zorgen dat de overheid zich aan haar eigen wetten houdt. <\/p><\/div><\/div>\n\n\n\n<div class=\"wp-block-group read-more-nav is-layout-flow wp-block-group-is-layout-flow\"><a data-ga-action=\"Call to Action\" data-ga-category=\"Actions List\" data-ga-label=\"n\/a\" href=\"https:\/\/www.greenpeace.org\/nl\/donaties\/steun-de-natuurzaak-met-donatie\/\" class=\"btn btn-primary btn-small\" aria-label=\"Doneer nu om de natuurzaak te steunen\">Doneer nu!<\/a><\/div>\n\n<\/li><li class=\"wp-block-post post-64652 p4_action type-p4_action status-publish has-post-thumbnail hentry category-bossen-categorie category-dieren-categorie category-klimaat-categorie category-voedsel-categorie tag-stikstof tag-natuurzaak-tag action-type-acties\">\n<figure class=\"wp-block-post-featured-image\"><img loading=\"lazy\" decoding=\"async\" width=\"800\" height=\"533\" src=\"https:\/\/www.greenpeace.org\/static\/planet4-netherlands-stateless\/2024\/04\/afd05912-gp0stzty4_low-res-800px.jpg\" class=\"attachment-post-thumbnail size-post-thumbnail wp-post-image wp-stateless-item\" alt=\"\" style=\"object-fit:cover;\" srcset=\"https:\/\/www.greenpeace.org\/static\/planet4-netherlands-stateless\/2024\/04\/afd05912-gp0stzty4_low-res-800px.jpg 800w, https:\/\/www.greenpeace.org\/static\/planet4-netherlands-stateless\/2024\/04\/afd05912-gp0stzty4_low-res-800px-300x200.jpg 300w, https:\/\/www.greenpeace.org\/static\/planet4-netherlands-stateless\/2024\/04\/afd05912-gp0stzty4_low-res-800px-768x512.jpg 768w, https:\/\/www.greenpeace.org\/static\/planet4-netherlands-stateless\/2024\/04\/afd05912-gp0stzty4_low-res-800px-510x340.jpg 510w\" sizes=\"auto, (max-width: 800px) 100vw, 800px\" data-image-size=\"post-thumbnail\" data-stateless-media-bucket=\"planet4-netherlands-stateless\" data-stateless-media-name=\"2024\/04\/afd05912-gp0stzty4_low-res-800px.jpg\" \/><\/figure>\n\n\n<div class=\"wp-block-group group-stretched-link is-layout-flow wp-block-group-is-layout-flow\"><div class=\"wp-block-post-terms\">Bossen<\/div>\n\n<h3 class=\"wp-block-post-title\"><a data-ga-action=\"Call to Action\" data-ga-category=\"Actions List\" data-ga-label=\"n\/a\" href=\"https:\/\/www.greenpeace.org\/nl\/acties\/sluit-je-aan-bij-de-natuurzaak\/\" target=\"_self\">Sluit je aan bij de natuurzaak<\/a><\/h3>\n\n<div class=\"wp-block-post-excerpt\"><p class=\"wp-block-post-excerpt__excerpt\">Je aansluiten als medestander laat aan de overheid zien dat het tijd is voor actie. Medestander worden doe je door de natuurzaak te onderschrijven met je naam + eenmalige donatie van 1 euro. <\/p><\/div><\/div>\n\n\n\n<div class=\"wp-block-group read-more-nav is-layout-flow wp-block-group-is-layout-flow\"><a data-ga-action=\"Call to Action\" data-ga-category=\"Actions List\" data-ga-label=\"n\/a\" href=\"https:\/\/www.greenpeace.org\/nl\/acties\/sluit-je-aan-bij-de-natuurzaak\/\" class=\"btn btn-primary btn-small\" aria-label=\"Word medestander\">Word medestander<\/a><\/div>\n\n<\/li><li class=\"wp-block-post post-67713 p4_action type-p4_action status-publish has-post-thumbnail hentry category-klimaat-categorie tag-stikstof action-type-acties\">\n<figure class=\"wp-block-post-featured-image\"><img loading=\"lazy\" decoding=\"async\" width=\"1200\" height=\"795\" src=\"https:\/\/www.greenpeace.org\/static\/planet4-netherlands-stateless\/2025\/01\/40fe632e-gp1ta67n_medium-res-1200px.jpg\" class=\"attachment-post-thumbnail size-post-thumbnail wp-post-image wp-stateless-item\" alt=\"\" style=\"object-fit:cover;\" srcset=\"https:\/\/www.greenpeace.org\/static\/planet4-netherlands-stateless\/2025\/01\/40fe632e-gp1ta67n_medium-res-1200px.jpg 1200w, https:\/\/www.greenpeace.org\/static\/planet4-netherlands-stateless\/2025\/01\/40fe632e-gp1ta67n_medium-res-1200px-300x199.jpg 300w, https:\/\/www.greenpeace.org\/static\/planet4-netherlands-stateless\/2025\/01\/40fe632e-gp1ta67n_medium-res-1200px-1024x678.jpg 1024w, https:\/\/www.greenpeace.org\/static\/planet4-netherlands-stateless\/2025\/01\/40fe632e-gp1ta67n_medium-res-1200px-768x509.jpg 768w, https:\/\/www.greenpeace.org\/static\/planet4-netherlands-stateless\/2025\/01\/40fe632e-gp1ta67n_medium-res-1200px-510x338.jpg 510w\" sizes=\"auto, (max-width: 1200px) 100vw, 1200px\" data-image-size=\"post-thumbnail\" data-stateless-media-bucket=\"planet4-netherlands-stateless\" data-stateless-media-name=\"2025\/01\/40fe632e-gp1ta67n_medium-res-1200px.jpg\" \/><\/figure>\n\n\n<div class=\"wp-block-group group-stretched-link is-layout-flow wp-block-group-is-layout-flow\"><div class=\"wp-block-post-terms\">Klimaat<\/div>\n\n<h3 class=\"wp-block-post-title\"><a data-ga-action=\"Call to Action\" data-ga-category=\"Actions List\" data-ga-label=\"n\/a\" href=\"https:\/\/www.greenpeace.org\/nl\/acties\/bescherm-onze-natuur\/\" target=\"_self\">Bescherm onze natuur!<\/a><\/h3>\n\n<div class=\"wp-block-post-excerpt\"><p class=\"wp-block-post-excerpt__excerpt\">De overheid heeft de natuur jarenlang in de steek gelaten. De rechter gaf ons gelijk: het kabinet m\u00f3\u00e9t nu actie ondernemen om de natuur te beschermen \u00e9n boeren perspectief te bieden. Steun deze boodschap aan het kabinet met jouw naam! <\/p><\/div><\/div>\n\n\n\n<div class=\"wp-block-group read-more-nav is-layout-flow wp-block-group-is-layout-flow\"><a data-ga-action=\"Call to Action\" data-ga-category=\"Actions List\" data-ga-label=\"n\/a\" href=\"https:\/\/www.greenpeace.org\/nl\/acties\/bescherm-onze-natuur\/\" class=\"btn btn-primary btn-small\" aria-label=\"Teken de petitie\">Teken de petitie<\/a><\/div>\n\n<\/li><\/ul>\n\n\n<nav aria-label=\"Actions List carousel controls\" class=\"wp-block-group carousel-controls is-layout-flow wp-block-group-is-layout-flow\">\n<div class=\"wp-block-buttons is-horizontal is-content-justification-space-between is-nowrap is-layout-flex wp-container-core-buttons-is-layout-358af4b1 wp-block-buttons-is-layout-flex\">\n<div class=\"wp-block-button carousel-control-prev\"><button type=\"button\" class=\"wp-block-button__link wp-element-button\">Prev<\/button><\/div>\n\n\n\n<div class=\"wp-block-button carousel-control-next\"><button type=\"button\" class=\"wp-block-button__link wp-element-button\">Volgende<\/button><\/div>\n<\/div>\n<\/nav>\n\n\n\n<div class=\"wp-block-buttons load-more-actions-container is-content-justification-center is-layout-flex wp-container-core-buttons-is-layout-fe48e5de wp-block-buttons-is-layout-flex\">\n<div class=\"wp-block-button is-style-secondary\"><button type=\"button\" class=\"wp-block-button__link wp-element-button\">Laad meer<\/button><\/div>\n<\/div>\n<\/div>\n\n\n\n<div style=\"height:54px\" aria-hidden=\"true\" class=\"wp-block-spacer\"><\/div>\n\n\n\n\n<div class=\"wp-block-group alignfull block has-dark-green-800-background-color has-background is-layout-flow wp-block-group-is-layout-flow\">\n<div style=\"height:40px\" aria-hidden=\"true\" class=\"wp-block-spacer\"><\/div>\n\n\n\n<figure class=\"wp-block-image aligncenter size-full is-resized force-no-lightbox force-no-caption\" style=\"margin-top:0;margin-bottom:0\"><img loading=\"lazy\" decoding=\"async\" width=\"1250\" height=\"1251\" title=\"CO2\" src=\"https:\/\/www.greenpeace.org\/static\/planet4-netherlands-stateless\/2025\/03\/3c35e152-12_co2-1.png\" alt=\"\" class=\"wp-image-68289\" style=\"width:166px;height:auto\" srcset=\"https:\/\/www.greenpeace.org\/static\/planet4-netherlands-stateless\/2025\/03\/3c35e152-12_co2-1.png 1250w, https:\/\/www.greenpeace.org\/static\/planet4-netherlands-stateless\/2025\/03\/3c35e152-12_co2-1-300x300.png 300w, https:\/\/www.greenpeace.org\/static\/planet4-netherlands-stateless\/2025\/03\/3c35e152-12_co2-1-1024x1024.png 1024w, https:\/\/www.greenpeace.org\/static\/planet4-netherlands-stateless\/2025\/03\/3c35e152-12_co2-1-150x150.png 150w, https:\/\/www.greenpeace.org\/static\/planet4-netherlands-stateless\/2025\/03\/3c35e152-12_co2-1-768x769.png 768w, https:\/\/www.greenpeace.org\/static\/planet4-netherlands-stateless\/2025\/03\/3c35e152-12_co2-1-340x340.png 340w\" sizes=\"auto, (max-width: 1250px) 100vw, 1250px\" \/><\/figure>\n\n\n\n<h2 class=\"wp-block-heading has-text-align-center has-white-color has-text-color\" id=\"h-we-doen-wat-nodig-is-en-daar-hebben-we-jou-bij-nodig\" style=\"font-size:30px\">We doen wat nodig is<br>en daar hebben we jou bij nodig.<br><\/h2>\n\n\n\n<div class=\"wp-block-buttons is-content-justification-center is-layout-flex wp-container-core-buttons-is-layout-fe48e5de wp-block-buttons-is-layout-flex\">\n<div class=\"wp-block-button is-style-cta\"><a class=\"wp-block-button__link wp-element-button\" href=\"https:\/\/doemee.greenpeace.nl\/doneren\/\" rel=\"noopener\">Doneer nu<\/a><\/div>\n<\/div>\n\n\n\n<div style=\"height:40px\" aria-hidden=\"true\" class=\"wp-block-spacer\"><\/div>\n<\/div>\n\n\n\n\n<div style=\"height:54px\" aria-hidden=\"true\" class=\"wp-block-spacer\"><\/div>\n\n\n\n<div class=\"wp-block-query posts-list p4-query-loop is-custom-layout-list is-layout-flow wp-block-query-is-layout-flow\">\n<div class=\"wp-block-group is-content-justification-space-between is-layout-flex wp-container-core-group-is-layout-cfe5ce44 wp-block-group-is-layout-flex\">\n<h2 class=\"wp-block-heading\">Gerelateerde artikelen<\/h2>\n<\/div>\n\n\n\n<p class=\"wp-block-paragraph\" style=\"margin-top:24px;margin-bottom:36px\"><\/p>\n\n\n\n\n<ul class=\"wp-block-post-template is-layout-flow wp-block-post-template-is-layout-flow\"><li class=\"wp-block-post post-83204 post type-post status-publish format-standard has-post-thumbnail hentry category-landbouw tag-stikstof p4-page-type-artikelen\">\n\n<div class=\"wp-block-columns is-layout-flex wp-container-core-columns-is-layout-8f761849 wp-block-columns-is-layout-flex\"><figure class=\"wp-block-post-featured-image\"><a href=\"https:\/\/www.greenpeace.org\/nl\/landbouw\/83204\/nieuwe-boerenprotesten-waarom-gaan-sommige-boeren-weer-de-straat-op\/\" target=\"_self\"><img loading=\"lazy\" decoding=\"async\" data-ga-category=\"Posts List\" data-ga-action=\"Image\" data-ga-label=\"n\/a\" width=\"800\" height=\"533\" src=\"https:\/\/www.greenpeace.org\/static\/planet4-netherlands-stateless\/2026\/07\/47a97e47-gp1suhw7_low-res-800px.jpg\" class=\"attachment-post-thumbnail size-post-thumbnail wp-post-image wp-stateless-item\" alt=\"Nieuwe boerenprotesten: waarom gaan sommige boeren weer de straat op?\" style=\"object-fit:cover;\" srcset=\"https:\/\/www.greenpeace.org\/static\/planet4-netherlands-stateless\/2026\/07\/47a97e47-gp1suhw7_low-res-800px.jpg 800w, https:\/\/www.greenpeace.org\/static\/planet4-netherlands-stateless\/2026\/07\/47a97e47-gp1suhw7_low-res-800px-300x200.jpg 300w, https:\/\/www.greenpeace.org\/static\/planet4-netherlands-stateless\/2026\/07\/47a97e47-gp1suhw7_low-res-800px-768x512.jpg 768w, https:\/\/www.greenpeace.org\/static\/planet4-netherlands-stateless\/2026\/07\/47a97e47-gp1suhw7_low-res-800px-510x340.jpg 510w\" sizes=\"auto, (max-width: 800px) 100vw, 800px\" data-image-size=\"post-thumbnail\" data-stateless-media-bucket=\"planet4-netherlands-stateless\" data-stateless-media-name=\"2026\/07\/47a97e47-gp1suhw7_low-res-800px.jpg\" \/><\/a><\/figure>\n\n\n<div class=\"wp-block-group is-layout-flow wp-block-group-is-layout-flow\">\n<div class=\"wp-block-group is-layout-flex wp-block-group-is-layout-flex\"><div class=\"wp-block-post-terms\"><a data-ga-category=\"Posts List\" data-ga-action=\"Post Type Tag\" data-ga-label=\"n\/a\" href=\"https:\/\/www.greenpeace.org\/nl\/category\/landbouw\/\">Landbouw<\/a><\/div>\n\n<div class=\"taxonomy-post_tag wp-block-post-terms\"><a data-ga-category=\"Posts List\" data-ga-action=\"Navigation Tag\" data-ga-label=\"n\/a\" href=\"https:\/\/www.greenpeace.org\/nl\/tag\/stikstof\/\" rel=\"tag\">Stikstof<\/a><\/div><\/div>\n\n\n<h3 class=\"wp-block-post-title\"><a data-ga-category=\"Posts List\" data-ga-action=\"Title\" data-ga-label=\"n\/a\" href=\"https:\/\/www.greenpeace.org\/nl\/landbouw\/83204\/nieuwe-boerenprotesten-waarom-gaan-sommige-boeren-weer-de-straat-op\/\" target=\"_self\">Nieuwe boerenprotesten: waarom gaan sommige boeren weer de straat op?<\/a><\/h3>\n\n<div class=\"wp-block-post-excerpt\"><p class=\"wp-block-post-excerpt__excerpt\">Na jaren van stilstand komt er beweging in het stikstofdossier. Het draagvlak voor de stikstofplannen van kabinet-Jetten is aanzienlijk: provincies, bouw- en duurzame energieverenigingen, groene boeren, natuur- en milieuclubs spraken&hellip; <\/p><\/div>\n\n\n<div class=\"wp-block-group posts-list-meta is-layout-flow wp-block-group-is-layout-flow\"><span class='article-list-item-author'><a data-ga-category=\"Posts List\" data-ga-action=\"Author\" data-ga-label=\"n\/a\" href=\"https:\/\/www.greenpeace.org\/nl\/author\/hdvries\/\">Hilde Anna de Vries, campaigner Landbouw<\/a><\/span>\n\n<div class=\"wp-block-post-date\"><time datetime=\"2026-07-28T13:47:24+02:00\">28 juli 2026<\/time><\/div><\/div>\n<\/div>\n<\/div>\n\n<\/li><li class=\"wp-block-post post-51858 post type-post status-publish format-standard has-post-thumbnail hentry category-algemeen category-landbouw category-voedsel-categorie tag-landbouw tag-vlees tag-stikstof tag-natuurzaak-tag p4-page-type-artikelen\">\n\n<div class=\"wp-block-columns is-layout-flex wp-container-core-columns-is-layout-8f761849 wp-block-columns-is-layout-flex\"><figure class=\"wp-block-post-featured-image\"><a href=\"https:\/\/www.greenpeace.org\/nl\/algemeen\/51858\/grootste-stikstofvervuilers\/\" target=\"_self\"><img loading=\"lazy\" decoding=\"async\" data-ga-category=\"Posts List\" data-ga-action=\"Image\" data-ga-label=\"n\/a\" width=\"800\" height=\"564\" src=\"https:\/\/www.greenpeace.org\/static\/planet4-netherlands-stateless\/2026\/07\/45407bb5-gp0su2b6e_low-res-800px.jpg\" class=\"attachment-post-thumbnail size-post-thumbnail wp-post-image wp-stateless-item\" alt=\"Wie zijn de grootste stikstofvervuilers van Nederland?\" style=\"object-fit:cover;\" srcset=\"https:\/\/www.greenpeace.org\/static\/planet4-netherlands-stateless\/2026\/07\/45407bb5-gp0su2b6e_low-res-800px.jpg 800w, https:\/\/www.greenpeace.org\/static\/planet4-netherlands-stateless\/2026\/07\/45407bb5-gp0su2b6e_low-res-800px-300x212.jpg 300w, https:\/\/www.greenpeace.org\/static\/planet4-netherlands-stateless\/2026\/07\/45407bb5-gp0su2b6e_low-res-800px-768x541.jpg 768w, https:\/\/www.greenpeace.org\/static\/planet4-netherlands-stateless\/2026\/07\/45407bb5-gp0su2b6e_low-res-800px-482x340.jpg 482w\" sizes=\"auto, (max-width: 800px) 100vw, 800px\" data-image-size=\"post-thumbnail\" data-stateless-media-bucket=\"planet4-netherlands-stateless\" data-stateless-media-name=\"2026\/07\/45407bb5-gp0su2b6e_low-res-800px.jpg\" \/><\/a><\/figure>\n\n\n<div class=\"wp-block-group is-layout-flow wp-block-group-is-layout-flow\">\n<div class=\"wp-block-group is-layout-flex wp-block-group-is-layout-flex\"><div class=\"wp-block-post-terms\"><a data-ga-category=\"Posts List\" data-ga-action=\"Post Type Tag\" data-ga-label=\"n\/a\" href=\"https:\/\/www.greenpeace.org\/nl\/category\/algemeen\/\">Algemeen<\/a><\/div>\n\n<div class=\"taxonomy-post_tag wp-block-post-terms\"><a data-ga-category=\"Posts List\" data-ga-action=\"Navigation Tag\" data-ga-label=\"n\/a\" href=\"https:\/\/www.greenpeace.org\/nl\/tag\/landbouw\/\" rel=\"tag\">Landbouw<\/a><span class=\"wp-block-post-terms__separator\"> <\/span><a data-ga-category=\"Posts List\" data-ga-action=\"Navigation Tag\" data-ga-label=\"n\/a\" href=\"https:\/\/www.greenpeace.org\/nl\/tag\/vlees\/\" rel=\"tag\">Vlees<\/a><span class=\"wp-block-post-terms__separator\"> <\/span><a data-ga-category=\"Posts List\" data-ga-action=\"Navigation Tag\" data-ga-label=\"n\/a\" href=\"https:\/\/www.greenpeace.org\/nl\/tag\/stikstof\/\" rel=\"tag\">Stikstof<\/a><span class=\"wp-block-post-terms__separator\"> <\/span><a data-ga-category=\"Posts List\" data-ga-action=\"Navigation Tag\" data-ga-label=\"n\/a\" href=\"https:\/\/www.greenpeace.org\/nl\/tag\/natuurzaak-tag\/\" rel=\"tag\">Natuurzaak<\/a><\/div><\/div>\n\n\n<h3 class=\"wp-block-post-title\"><a data-ga-category=\"Posts List\" data-ga-action=\"Title\" data-ga-label=\"n\/a\" href=\"https:\/\/www.greenpeace.org\/nl\/algemeen\/51858\/grootste-stikstofvervuilers\/\" target=\"_self\">Wie zijn de grootste stikstofvervuilers van Nederland?<\/a><\/h3>\n\n<div class=\"wp-block-post-excerpt\"><p class=\"wp-block-post-excerpt__excerpt\">Er zal een flinke schep bovenop de stikstofplannen moeten om de meest kwetsbare natuur te beschermen. Maar hoe zat het ook alweer? We geven je graag een stoomcursus stikstofproblematiek. <\/p><\/div>\n\n\n<div class=\"wp-block-group posts-list-meta is-layout-flow wp-block-group-is-layout-flow\"><span class='article-list-item-author'><a data-ga-category=\"Posts List\" data-ga-action=\"Author\" data-ga-label=\"n\/a\" href=\"https:\/\/www.greenpeace.org\/nl\/author\/hdvries\/\">Hilde Anna de Vries, campaigner Landbouw<\/a><\/span>\n\n<div class=\"wp-block-post-date\"><time datetime=\"2026-07-23T16:56:10+02:00\">23 juli 2026<\/time><\/div><\/div>\n<\/div>\n<\/div>\n\n<\/li><li class=\"wp-block-post post-83009 post type-post status-publish format-standard has-post-thumbnail hentry category-bossen-categorie category-jbs category-landbouw tag-jbs tag-landbouw tag-vlees tag-bossen tag-amazone tag-ontbossing p4-page-type-artikelen\">\n\n<div class=\"wp-block-columns is-layout-flex wp-container-core-columns-is-layout-8f761849 wp-block-columns-is-layout-flex\"><figure class=\"wp-block-post-featured-image\"><a href=\"https:\/\/www.greenpeace.org\/nl\/bossen-categorie\/83009\/verzoekschrift-greenpeace-nederland-aan-rechtbank-amsterdam-voor-openheid-jbs\/\" target=\"_self\"><img loading=\"lazy\" decoding=\"async\" data-ga-category=\"Posts List\" data-ga-action=\"Image\" data-ga-label=\"n\/a\" width=\"800\" height=\"490\" src=\"https:\/\/www.greenpeace.org\/static\/planet4-netherlands-stateless\/2026\/04\/37f38b92-gp0su8t02_medium-res-with-credit-line-1200px.jpg\" class=\"attachment-post-thumbnail size-post-thumbnail wp-post-image wp-stateless-item\" alt=\"Verzoekschrift Greenpeace Nederland aan rechtbank Amsterdam voor openheid JBS\" style=\"object-fit:cover;\" srcset=\"https:\/\/www.greenpeace.org\/static\/planet4-netherlands-stateless\/2026\/04\/37f38b92-gp0su8t02_medium-res-with-credit-line-1200px.jpg 800w, https:\/\/www.greenpeace.org\/static\/planet4-netherlands-stateless\/2026\/04\/37f38b92-gp0su8t02_medium-res-with-credit-line-1200px-300x184.jpg 300w, https:\/\/www.greenpeace.org\/static\/planet4-netherlands-stateless\/2026\/04\/37f38b92-gp0su8t02_medium-res-with-credit-line-1200px-768x470.jpg 768w, https:\/\/www.greenpeace.org\/static\/planet4-netherlands-stateless\/2026\/04\/37f38b92-gp0su8t02_medium-res-with-credit-line-1200px-510x312.jpg 510w\" sizes=\"auto, (max-width: 800px) 100vw, 800px\" data-image-size=\"post-thumbnail\" data-stateless-media-bucket=\"planet4-netherlands-stateless\" data-stateless-media-name=\"2026\/04\/37f38b92-gp0su8t02_medium-res-with-credit-line-1200px.jpg\" \/><\/a><\/figure>\n\n\n<div class=\"wp-block-group is-layout-flow wp-block-group-is-layout-flow\">\n<div class=\"wp-block-group is-layout-flex wp-block-group-is-layout-flex\"><div class=\"wp-block-post-terms\"><a data-ga-category=\"Posts List\" data-ga-action=\"Post Type Tag\" data-ga-label=\"n\/a\" href=\"https:\/\/www.greenpeace.org\/nl\/category\/bossen-categorie\/\">Bossen<\/a><\/div>\n\n<div class=\"taxonomy-post_tag wp-block-post-terms\"><a data-ga-category=\"Posts List\" data-ga-action=\"Navigation Tag\" data-ga-label=\"n\/a\" href=\"https:\/\/www.greenpeace.org\/nl\/tag\/jbs\/\" rel=\"tag\">JBS<\/a><span class=\"wp-block-post-terms__separator\"> <\/span><a data-ga-category=\"Posts List\" data-ga-action=\"Navigation Tag\" data-ga-label=\"n\/a\" href=\"https:\/\/www.greenpeace.org\/nl\/tag\/landbouw\/\" rel=\"tag\">Landbouw<\/a><span class=\"wp-block-post-terms__separator\"> <\/span><a data-ga-category=\"Posts List\" data-ga-action=\"Navigation Tag\" data-ga-label=\"n\/a\" href=\"https:\/\/www.greenpeace.org\/nl\/tag\/vlees\/\" rel=\"tag\">Vlees<\/a><span class=\"wp-block-post-terms__separator\"> <\/span><a data-ga-category=\"Posts List\" data-ga-action=\"Navigation Tag\" data-ga-label=\"n\/a\" href=\"https:\/\/www.greenpeace.org\/nl\/tag\/bossen\/\" rel=\"tag\">Bossen<\/a><span class=\"wp-block-post-terms__separator\"> <\/span><a data-ga-category=\"Posts List\" data-ga-action=\"Navigation Tag\" data-ga-label=\"n\/a\" href=\"https:\/\/www.greenpeace.org\/nl\/tag\/amazone\/\" rel=\"tag\">Amazone<\/a><span class=\"wp-block-post-terms__separator\"> <\/span><a data-ga-category=\"Posts List\" data-ga-action=\"Navigation Tag\" data-ga-label=\"n\/a\" href=\"https:\/\/www.greenpeace.org\/nl\/tag\/ontbossing\/\" rel=\"tag\">Ontbossing<\/a><\/div><\/div>\n\n\n<h3 class=\"wp-block-post-title\"><a data-ga-category=\"Posts List\" data-ga-action=\"Title\" data-ga-label=\"n\/a\" href=\"https:\/\/www.greenpeace.org\/nl\/bossen-categorie\/83009\/verzoekschrift-greenpeace-nederland-aan-rechtbank-amsterdam-voor-openheid-jbs\/\" target=\"_self\">Verzoekschrift Greenpeace Nederland aan rechtbank Amsterdam voor openheid JBS<\/a><\/h3>\n\n<div class=\"wp-block-post-excerpt\"><p class=\"wp-block-post-excerpt__excerpt\">Het grootste vleesbedrijf ter wereld, JBS, maakt miljardenwinsten ten koste van mens en milieu. Nu wil dit omstreden bedrijf uitbreiden naar Nigeria. Wij kunnen en willen niet toekijken hoe JBS deze verwoestende plannen vanuit Nederland uitrolt. Daarom zetten we juridische stappen. <\/p><\/div>\n\n\n<div class=\"wp-block-group posts-list-meta is-layout-flow wp-block-group-is-layout-flow\"><span class='article-list-item-author'><a data-ga-category=\"Posts List\" data-ga-action=\"Author\" data-ga-label=\"n\/a\" href=\"https:\/\/www.greenpeace.org\/nl\/author\/laura\/\">Laura Polderman<\/a><\/span>\n\n<div class=\"wp-block-post-date\"><time datetime=\"2026-07-22T09:03:01+02:00\">22 juli 2026<\/time><\/div><\/div>\n<\/div>\n<\/div>\n\n<\/li><\/ul>\n\n\n<div class=\"wp-block-buttons carousel-controls is-horizontal is-content-justification-space-between is-nowrap is-layout-flex wp-container-core-buttons-is-layout-358af4b1 wp-block-buttons-is-layout-flex\">\n<div class=\"wp-block-button carousel-control-prev\"><button type=\"button\" class=\"wp-block-button__link wp-element-button\">Prev<\/button><\/div>\n\n\n\n<div class=\"wp-block-button carousel-control-next\"><button type=\"button\" class=\"wp-block-button__link wp-element-button\">Volgende<\/button><\/div>\n<\/div>\n<\/div>\n\n\n\n<div style=\"height:51px\" aria-hidden=\"true\" class=\"wp-block-spacer\"><\/div>\n\n\n\n\n<div class=\"wp-block-group alignfull block has-beige-100-background-color has-background is-layout-flow wp-block-group-is-layout-flow\">\n<div class=\"wp-block-group container is-layout-flow wp-block-group-is-layout-flow\">\n<div style=\"height:24px\" aria-hidden=\"true\" class=\"wp-block-spacer\"><\/div>\n\n\n\n<h2 class=\"wp-block-heading has-text-align-center\" id=\"h-ontdek-meer\">Ontdek meer<\/h2>\n\n\n\n<div class=\"wp-block-columns is-layout-flex wp-container-core-columns-is-layout-8f761849 wp-block-columns-is-layout-flex\">\n<div class=\"wp-block-column is-layout-flow wp-block-column-is-layout-flow\">\n<div class=\"wp-block-group group-stretched-link is-layout-flow wp-block-group-is-layout-flow\">\n<figure class=\"wp-block-image aligncenter size-full is-resized force-no-lightbox force-no-caption is-style-rounded-180\"><img loading=\"lazy\" decoding=\"async\" width=\"1200\" height=\"800\" title=\"Villagers Pick through Discarded Imported Plastic in Surabaya, Indonesia\" src=\"https:\/\/www.greenpeace.org\/static\/planet4-netherlands-stateless\/2019\/04\/4dc3b497-gp0stt8d3.jpg\" alt=\"Villagers pick through discarded imported plastic that was dumped there by a nearby paper recycling company whose imported paper was contaminated with plastic, in Sumengko Village, near Gresik, Surabaya, Indonesia.\" class=\"wp-image-17744\" srcset=\"https:\/\/www.greenpeace.org\/static\/planet4-netherlands-stateless\/2019\/04\/4dc3b497-gp0stt8d3.jpg 1200w, https:\/\/www.greenpeace.org\/static\/planet4-netherlands-stateless\/2019\/04\/4dc3b497-gp0stt8d3-300x200.jpg 300w, https:\/\/www.greenpeace.org\/static\/planet4-netherlands-stateless\/2019\/04\/4dc3b497-gp0stt8d3-768x512.jpg 768w, https:\/\/www.greenpeace.org\/static\/planet4-netherlands-stateless\/2019\/04\/4dc3b497-gp0stt8d3-1024x683.jpg 1024w, https:\/\/www.greenpeace.org\/static\/planet4-netherlands-stateless\/2019\/04\/4dc3b497-gp0stt8d3-510x340.jpg 510w\" sizes=\"auto, (max-width: 1200px) 100vw, 1200px\" \/><figcaption aria-hidden=\"true\" class=\"wp-element-caption\">Villagers pick through discarded imported plastic that was dumped there by a nearby paper recycling company whose imported paper was contaminated with plastic, in Sumengko Village, near Gresik, Surabaya, Indonesia.<div class=\"credit icon-left\"> \u00a9 GAIA\/CC BY-NC-SA 4.0 \/ Adam Dean<\/div><\/figcaption><\/figure>\n\n\n\n<h5 class=\"wp-block-heading has-text-align-center is-style-chevron\" id=\"h-rabobank\" style=\"font-size:1rem\"><a href=\"https:\/\/www.greenpeace.org\/nl\/voedsel\/rabobank\/\">Rabobank<\/a><\/h5>\n\n\n\n<div style=\"height:16px\" aria-hidden=\"true\" class=\"wp-block-spacer\"><\/div>\n<\/div>\n<\/div>\n\n\n\n<div class=\"wp-block-column is-layout-flow wp-block-column-is-layout-flow\">\n<div class=\"wp-block-group group-stretched-link is-layout-flow wp-block-group-is-layout-flow\">\n<figure class=\"wp-block-image aligncenter size-full is-resized force-no-lightbox force-no-caption is-style-rounded-180\"><img loading=\"lazy\" decoding=\"async\" width=\"528\" height=\"352\" title=\"Sojaplantages in Formosa do Rio Preto (Bahia-staat), Brazili\u00eb\" src=\"https:\/\/www.greenpeace.org\/static\/planet4-netherlands-stateless\/2019\/12\/4678b3c5-gp0sttdon_352px_fixed_height.jpg\" alt=\"\" class=\"wp-image-29320\" srcset=\"https:\/\/www.greenpeace.org\/static\/planet4-netherlands-stateless\/2019\/12\/4678b3c5-gp0sttdon_352px_fixed_height.jpg 528w, https:\/\/www.greenpeace.org\/static\/planet4-netherlands-stateless\/2019\/12\/4678b3c5-gp0sttdon_352px_fixed_height-300x200.jpg 300w, https:\/\/www.greenpeace.org\/static\/planet4-netherlands-stateless\/2019\/12\/4678b3c5-gp0sttdon_352px_fixed_height-510x340.jpg 510w\" sizes=\"auto, (max-width: 528px) 100vw, 528px\" \/><figcaption class=\"wp-element-caption\">Sojaplantagegebied van megaboerderij Estrondo, die bestaat uit 22 bedrijven die actief zijn in de landbouwsector. Sinds 2000 is meer dan 118.000 hectare ontbost. Kleine boeren en lokale gemeenschap zijn verdrongen door landroof en worden voortdurende geconfronteerd met de dreiging van geweld.<\/figcaption><\/figure>\n\n\n\n<h5 class=\"wp-block-heading has-text-align-center is-style-chevron\" id=\"h-duurzame-landbouw\" style=\"font-size:1rem\"><a href=\"https:\/\/www.greenpeace.org\/nl\/voedsel\/duurzame-landbouw\/\">Duurzame landbouw<\/a><\/h5>\n\n\n\n<div style=\"height:16px\" aria-hidden=\"true\" class=\"wp-block-spacer\"><\/div>\n<\/div>\n<\/div>\n\n\n\n<div class=\"wp-block-column is-layout-flow wp-block-column-is-layout-flow\">\n<div class=\"wp-block-group group-stretched-link is-layout-flow wp-block-group-is-layout-flow\">\n<figure class=\"wp-block-image aligncenter size-full is-resized force-no-lightbox force-no-caption is-style-rounded-180\"><img loading=\"lazy\" decoding=\"async\" width=\"1920\" height=\"500\" title=\"natuurzaak\" src=\"https:\/\/www.greenpeace.org\/static\/planet4-netherlands-stateless\/2023\/02\/4bcd179a-natuurzaak.jpg\" alt=\"\" class=\"wp-image-56476\" srcset=\"https:\/\/www.greenpeace.org\/static\/planet4-netherlands-stateless\/2023\/02\/4bcd179a-natuurzaak.jpg 1920w, https:\/\/www.greenpeace.org\/static\/planet4-netherlands-stateless\/2023\/02\/4bcd179a-natuurzaak-300x78.jpg 300w, https:\/\/www.greenpeace.org\/static\/planet4-netherlands-stateless\/2023\/02\/4bcd179a-natuurzaak-1024x267.jpg 1024w, https:\/\/www.greenpeace.org\/static\/planet4-netherlands-stateless\/2023\/02\/4bcd179a-natuurzaak-768x200.jpg 768w, https:\/\/www.greenpeace.org\/static\/planet4-netherlands-stateless\/2023\/02\/4bcd179a-natuurzaak-1536x400.jpg 1536w, https:\/\/www.greenpeace.org\/static\/planet4-netherlands-stateless\/2023\/02\/4bcd179a-natuurzaak-510x133.jpg 510w\" sizes=\"auto, (max-width: 1920px) 100vw, 1920px\" \/><figcaption class=\"wp-element-caption\">Greenpeace Nederland &amp; Extinction Rebellion komen vreedzaam in actie tegen het verwoestende landbouwbeleid van Rabobank. In Utrecht blokkeren honderden activisten de ingangen van het hoofdkantoor en is er een demonstratie met podium-programma met verschillende sprekers. Greenpeace Nederland &amp; Extinction Rebellion willen dat de bank stopt met het financieren van industri\u00eble landbouw die leidt tot boeren- en dierenleed en natuurverwoesting en bovendien betaalt voor de aangerichte schade.<\/figcaption><\/figure>\n\n\n\n<h5 class=\"wp-block-heading has-text-align-center is-style-chevron\" id=\"h-natuurzaak\" style=\"font-size:1rem\"><a href=\"https:\/\/www.greenpeace.org\/nl\/voedsel\/natuurzaak\/\">Natuurzaak<\/a><\/h5>\n\n\n\n<div style=\"height:16px\" aria-hidden=\"true\" class=\"wp-block-spacer\"><\/div>\n<\/div>\n<\/div>\n\n\n\n<div class=\"wp-block-column is-layout-flow wp-block-column-is-layout-flow\">\n<div class=\"wp-block-group group-stretched-link is-layout-flow wp-block-group-is-layout-flow\">\n<figure class=\"wp-block-image aligncenter size-full is-resized force-no-lightbox force-no-caption is-style-rounded-180\"><img loading=\"lazy\" decoding=\"async\" width=\"800\" height=\"533\" title=\"GMO Free Biologically Raised Cows in Belgium\" src=\"https:\/\/www.greenpeace.org\/static\/planet4-netherlands-stateless\/2019\/11\/3abc8cc1-gp01d3p_web_size_with_credit_line.jpg\" alt=\"\" class=\"wp-image-27775\" srcset=\"https:\/\/www.greenpeace.org\/static\/planet4-netherlands-stateless\/2019\/11\/3abc8cc1-gp01d3p_web_size_with_credit_line.jpg 800w, https:\/\/www.greenpeace.org\/static\/planet4-netherlands-stateless\/2019\/11\/3abc8cc1-gp01d3p_web_size_with_credit_line-300x200.jpg 300w, https:\/\/www.greenpeace.org\/static\/planet4-netherlands-stateless\/2019\/11\/3abc8cc1-gp01d3p_web_size_with_credit_line-768x512.jpg 768w, https:\/\/www.greenpeace.org\/static\/planet4-netherlands-stateless\/2019\/11\/3abc8cc1-gp01d3p_web_size_with_credit_line-510x340.jpg 510w\" sizes=\"auto, (max-width: 800px) 100vw, 800px\" \/><figcaption class=\"wp-element-caption\">These are clover fed cows which have been raised on organic food for a healthier life. The photographs were shot to illustrate a report on how to feed cows avoiding GMO or soya feed.<\/figcaption><\/figure>\n\n\n\n<h5 class=\"wp-block-heading has-text-align-center is-style-chevron\" id=\"h-toekomstboeren\" style=\"font-size:1rem\"><a href=\"\/nl\/voedsel\/toekomstboeren\">Toekomstboeren<\/a><\/h5>\n\n\n\n<div style=\"height:16px\" aria-hidden=\"true\" class=\"wp-block-spacer\"><\/div>\n<\/div>\n<\/div>\n<\/div>\n<\/div>\n<\/div>\n\n\n\n\n<div style=\"height:51px\" aria-hidden=\"true\" class=\"wp-block-spacer\"><\/div>\n\n\n\n<div class=\"wp-block-query posts-list p4-query-loop is-custom-layout-grid is-layout-grid wp-container-core-query-is-layout-85a54dc3 wp-block-query-is-layout-grid\">\n<div class=\"wp-block-group is-content-justification-space-between is-layout-flex wp-container-core-group-is-layout-cfe5ce44 wp-block-group-is-layout-flex\">\n<h2 class=\"wp-block-heading\">Publicaties &amp; onderzoek<\/h2>\n<\/div>\n\n\n\n<p class=\"wp-block-paragraph\" style=\"margin-top:24px;margin-bottom:36px\"><\/p>\n\n\n\n\n<ul class=\"wp-block-post-template is-layout-flow wp-block-post-template-is-layout-flow\"><li class=\"wp-block-post post-83229 post type-post status-publish format-standard has-post-thumbnail hentry category-eerlijke-wereld category-landbouw category-voedsel-categorie tag-brief tag-eerlijke-wereld tag-politiek tag-duurzaamheid tag-landbouw tag-bijen tag-voedsel p4-page-type-publicaties\">\n\n<div class=\"wp-block-columns is-layout-flex wp-container-core-columns-is-layout-8f761849 wp-block-columns-is-layout-flex\"><figure class=\"wp-block-post-featured-image\"><a href=\"https:\/\/www.greenpeace.org\/nl\/eerlijke-wereld\/83229\/geen-convenant-toekomstbestendige-gewasbescherming-zonder-maatschappelijke-organisaties\/\" target=\"_self\"><img loading=\"lazy\" decoding=\"async\" data-ga-category=\"Posts List\" data-ga-action=\"Image\" data-ga-label=\"n\/a\" width=\"1200\" height=\"628\" src=\"https:\/\/www.greenpeace.org\/static\/planet4-netherlands-stateless\/2026\/07\/29da6559-bijengids_advertentie-3.jpg\" class=\"attachment-post-thumbnail size-post-thumbnail wp-post-image wp-stateless-item\" alt=\"Geen convenant \u2018toekomstbestendige gewasbescherming\u2019 zonder maatschappelijke organisaties\" style=\"object-fit:cover;\" srcset=\"https:\/\/www.greenpeace.org\/static\/planet4-netherlands-stateless\/2026\/07\/29da6559-bijengids_advertentie-3.jpg 1200w, https:\/\/www.greenpeace.org\/static\/planet4-netherlands-stateless\/2026\/07\/29da6559-bijengids_advertentie-3-300x157.jpg 300w, https:\/\/www.greenpeace.org\/static\/planet4-netherlands-stateless\/2026\/07\/29da6559-bijengids_advertentie-3-1024x536.jpg 1024w, https:\/\/www.greenpeace.org\/static\/planet4-netherlands-stateless\/2026\/07\/29da6559-bijengids_advertentie-3-768x402.jpg 768w, https:\/\/www.greenpeace.org\/static\/planet4-netherlands-stateless\/2026\/07\/29da6559-bijengids_advertentie-3-510x267.jpg 510w\" sizes=\"auto, (max-width: 1200px) 100vw, 1200px\" data-image-size=\"post-thumbnail\" data-stateless-media-bucket=\"planet4-netherlands-stateless\" data-stateless-media-name=\"2026\/07\/29da6559-bijengids_advertentie-3.jpg\" \/><\/a><\/figure>\n\n\n<div class=\"wp-block-group is-layout-flow wp-block-group-is-layout-flow\">\n<div class=\"wp-block-group is-layout-flow wp-block-group-is-layout-flow\"><div class=\"wp-block-post-terms\"><a data-ga-category=\"Posts List\" data-ga-action=\"Post Type Tag\" data-ga-label=\"n\/a\" href=\"https:\/\/www.greenpeace.org\/nl\/category\/eerlijke-wereld\/\">Eerlijke wereld<\/a><\/div>\n\n<div class=\"taxonomy-post_tag wp-block-post-terms\"><a data-ga-category=\"Posts List\" data-ga-action=\"Navigation Tag\" data-ga-label=\"n\/a\" href=\"https:\/\/www.greenpeace.org\/nl\/tag\/brief\/\" rel=\"tag\">Brief<\/a><span class=\"wp-block-post-terms__separator\"> <\/span><a data-ga-category=\"Posts List\" data-ga-action=\"Navigation Tag\" data-ga-label=\"n\/a\" href=\"https:\/\/www.greenpeace.org\/nl\/tag\/eerlijke-wereld\/\" rel=\"tag\">Eerlijke wereld<\/a><span class=\"wp-block-post-terms__separator\"> <\/span><a data-ga-category=\"Posts List\" data-ga-action=\"Navigation Tag\" data-ga-label=\"n\/a\" href=\"https:\/\/www.greenpeace.org\/nl\/tag\/politiek\/\" rel=\"tag\">Politiek<\/a><span class=\"wp-block-post-terms__separator\"> <\/span><a data-ga-category=\"Posts List\" data-ga-action=\"Navigation Tag\" data-ga-label=\"n\/a\" href=\"https:\/\/www.greenpeace.org\/nl\/tag\/duurzaamheid\/\" rel=\"tag\">Duurzaamheid<\/a><span class=\"wp-block-post-terms__separator\"> <\/span><a data-ga-category=\"Posts List\" data-ga-action=\"Navigation Tag\" data-ga-label=\"n\/a\" href=\"https:\/\/www.greenpeace.org\/nl\/tag\/landbouw\/\" rel=\"tag\">Landbouw<\/a><span class=\"wp-block-post-terms__separator\"> <\/span><a data-ga-category=\"Posts List\" data-ga-action=\"Navigation Tag\" data-ga-label=\"n\/a\" href=\"https:\/\/www.greenpeace.org\/nl\/tag\/bijen\/\" rel=\"tag\">Bijen<\/a><span class=\"wp-block-post-terms__separator\"> <\/span><a data-ga-category=\"Posts List\" data-ga-action=\"Navigation Tag\" data-ga-label=\"n\/a\" href=\"https:\/\/www.greenpeace.org\/nl\/tag\/voedsel\/\" rel=\"tag\">Voedsel<\/a><\/div><\/div>\n\n\n<h3 class=\"wp-block-post-title\"><a data-ga-category=\"Posts List\" data-ga-action=\"Title\" data-ga-label=\"n\/a\" href=\"https:\/\/www.greenpeace.org\/nl\/eerlijke-wereld\/83229\/geen-convenant-toekomstbestendige-gewasbescherming-zonder-maatschappelijke-organisaties\/\" target=\"_self\">Geen convenant \u2018toekomstbestendige gewasbescherming\u2019 zonder maatschappelijke organisaties<\/a><\/h3>\n\n<div class=\"wp-block-post-excerpt\"><p class=\"wp-block-post-excerpt__excerpt\">Samen met acht andere maatschappelijke organisaties en omwonenden van landbouwpercelen, verenigd in initiatieven zoals AARDige Buren, roepen we staatssecretaris Erkens op om per direct te stoppen met het Convenant toekomstbestendige gewasbescherming. Omdat het convenant door geen enkele maatschappelijke partij is ondertekend, ontbreekt het aan draagvlak in de samenleving. <\/p><\/div>\n\n\n<div class=\"wp-block-group posts-list-meta is-layout-flow wp-block-group-is-layout-flow\"><span class='article-list-item-author'><a data-ga-category=\"Posts List\" data-ga-action=\"Author\" data-ga-label=\"n\/a\" href=\"https:\/\/www.greenpeace.org\/nl\/author\/hdvries\/\">Hilde Anna de Vries, campaigner Landbouw<\/a><\/span>\n\n<div class=\"wp-block-post-date\"><time datetime=\"2026-08-03T10:30:23+02:00\">3 augustus 2026<\/time><\/div><\/div>\n<\/div>\n<\/div>\n\n<\/li><li class=\"wp-block-post post-74239 post type-post status-publish format-standard has-post-thumbnail hentry category-algemeen category-eerlijke-wereld category-klimaat-categorie category-landbouw tag-natuurzaak-tag tag-politiek tag-landbouw tag-klimaatcrisis tag-vlees p4-page-type-publicaties\">\n\n<div class=\"wp-block-columns is-layout-flex wp-container-core-columns-is-layout-8f761849 wp-block-columns-is-layout-flex\"><figure class=\"wp-block-post-featured-image\"><a href=\"https:\/\/www.greenpeace.org\/nl\/algemeen\/74239\/brief-aan-minlvvn-in-reactie-op-klimaatgesprekken-invulling-klimaatopgave-landbouw\/\" target=\"_self\"><img loading=\"lazy\" decoding=\"async\" data-ga-category=\"Posts List\" data-ga-action=\"Image\" data-ga-label=\"n\/a\" width=\"2560\" height=\"2315\" src=\"https:\/\/www.greenpeace.org\/static\/planet4-netherlands-stateless\/2022\/06\/4ceca5c9-gp01t1p_high_res_bewerkt_gpm-scaled.jpg\" class=\"attachment-post-thumbnail size-post-thumbnail wp-post-image wp-stateless-item\" alt=\"Brief aan MinLVVN in reactie op klimaatgesprekken\/invulling klimaatopgave landbouw\" style=\"object-fit:cover;\" srcset=\"https:\/\/www.greenpeace.org\/static\/planet4-netherlands-stateless\/2022\/06\/4ceca5c9-gp01t1p_high_res_bewerkt_gpm-scaled.jpg 2560w, https:\/\/www.greenpeace.org\/static\/planet4-netherlands-stateless\/2022\/06\/4ceca5c9-gp01t1p_high_res_bewerkt_gpm-300x271.jpg 300w, https:\/\/www.greenpeace.org\/static\/planet4-netherlands-stateless\/2022\/06\/4ceca5c9-gp01t1p_high_res_bewerkt_gpm-1024x926.jpg 1024w, https:\/\/www.greenpeace.org\/static\/planet4-netherlands-stateless\/2022\/06\/4ceca5c9-gp01t1p_high_res_bewerkt_gpm-768x695.jpg 768w, https:\/\/www.greenpeace.org\/static\/planet4-netherlands-stateless\/2022\/06\/4ceca5c9-gp01t1p_high_res_bewerkt_gpm-1536x1389.jpg 1536w, https:\/\/www.greenpeace.org\/static\/planet4-netherlands-stateless\/2022\/06\/4ceca5c9-gp01t1p_high_res_bewerkt_gpm-2048x1852.jpg 2048w, https:\/\/www.greenpeace.org\/static\/planet4-netherlands-stateless\/2022\/06\/4ceca5c9-gp01t1p_high_res_bewerkt_gpm-1510x1366.jpg 1510w, https:\/\/www.greenpeace.org\/static\/planet4-netherlands-stateless\/2022\/06\/4ceca5c9-gp01t1p_high_res_bewerkt_gpm-376x340.jpg 376w\" sizes=\"auto, (max-width: 2560px) 100vw, 2560px\" data-image-size=\"post-thumbnail\" data-stateless-media-bucket=\"planet4-netherlands-stateless\" data-stateless-media-name=\"2022\/06\/4ceca5c9-gp01t1p_high_res_bewerkt_gpm-scaled.jpg\" \/><\/a><\/figure>\n\n\n<div class=\"wp-block-group is-layout-flow wp-block-group-is-layout-flow\">\n<div class=\"wp-block-group is-layout-flow wp-block-group-is-layout-flow\"><div class=\"wp-block-post-terms\"><a data-ga-category=\"Posts List\" data-ga-action=\"Post Type Tag\" data-ga-label=\"n\/a\" href=\"https:\/\/www.greenpeace.org\/nl\/category\/algemeen\/\">Algemeen<\/a><\/div>\n\n<div class=\"taxonomy-post_tag wp-block-post-terms\"><a data-ga-category=\"Posts List\" data-ga-action=\"Navigation Tag\" data-ga-label=\"n\/a\" href=\"https:\/\/www.greenpeace.org\/nl\/tag\/natuurzaak-tag\/\" rel=\"tag\">Natuurzaak<\/a><span class=\"wp-block-post-terms__separator\"> <\/span><a data-ga-category=\"Posts List\" data-ga-action=\"Navigation Tag\" data-ga-label=\"n\/a\" href=\"https:\/\/www.greenpeace.org\/nl\/tag\/politiek\/\" rel=\"tag\">Politiek<\/a><span class=\"wp-block-post-terms__separator\"> <\/span><a data-ga-category=\"Posts List\" data-ga-action=\"Navigation Tag\" data-ga-label=\"n\/a\" href=\"https:\/\/www.greenpeace.org\/nl\/tag\/landbouw\/\" rel=\"tag\">Landbouw<\/a><span class=\"wp-block-post-terms__separator\"> <\/span><a data-ga-category=\"Posts List\" data-ga-action=\"Navigation Tag\" data-ga-label=\"n\/a\" href=\"https:\/\/www.greenpeace.org\/nl\/tag\/klimaatcrisis\/\" rel=\"tag\">Klimaatcrisis<\/a><span class=\"wp-block-post-terms__separator\"> <\/span><a data-ga-category=\"Posts List\" data-ga-action=\"Navigation Tag\" data-ga-label=\"n\/a\" href=\"https:\/\/www.greenpeace.org\/nl\/tag\/vlees\/\" rel=\"tag\">Vlees<\/a><\/div><\/div>\n\n\n<h3 class=\"wp-block-post-title\"><a data-ga-category=\"Posts List\" data-ga-action=\"Title\" data-ga-label=\"n\/a\" href=\"https:\/\/www.greenpeace.org\/nl\/algemeen\/74239\/brief-aan-minlvvn-in-reactie-op-klimaatgesprekken-invulling-klimaatopgave-landbouw\/\" target=\"_self\">Brief aan MinLVVN in reactie op klimaatgesprekken\/invulling klimaatopgave landbouw<\/a><\/h3>\n\n<div class=\"wp-block-post-excerpt\"><p class=\"wp-block-post-excerpt__excerpt\">In reactie op de manier waarop invulling wordt gegeven aan het formuleren van de klimaatopgave voor de landbouw waaronder het voorstel om hier via een convenant invulling aan te geven, stuurden we op 16 april 2026, samen met de Caring Farmers en 9 andere organsiaties een kritische brief aan de Minister van Landbouw, Visserij, Voedselzekerheid&hellip; <\/p><\/div>\n\n\n<div class=\"wp-block-group posts-list-meta is-layout-flow wp-block-group-is-layout-flow\"><span class='article-list-item-author'><a data-ga-category=\"Posts List\" data-ga-action=\"Author\" data-ga-label=\"n\/a\" href=\"https:\/\/www.greenpeace.org\/nl\/author\/hdvries\/\">Hilde Anna de Vries, campaigner Landbouw<\/a><\/span>\n\n<div class=\"wp-block-post-date\"><time datetime=\"2026-04-16T23:00:00+02:00\">16 april 2026<\/time><\/div><\/div>\n<\/div>\n<\/div>\n\n<\/li><li class=\"wp-block-post post-71677 post type-post status-publish format-standard has-post-thumbnail hentry category-algemeen tag-stikstof tag-natuurzaak-tag tag-landbouw tag-politiek p4-page-type-publicaties\">\n\n<div class=\"wp-block-columns is-layout-flex wp-container-core-columns-is-layout-8f761849 wp-block-columns-is-layout-flex\"><figure class=\"wp-block-post-featured-image\"><a href=\"https:\/\/www.greenpeace.org\/nl\/algemeen\/71677\/zienswijze-op-het-wetsvoorstel-tot-wijziging-van-de-omgevingswet-inzake-vervanging-van-de-omgevingswaarde-voor-stikstofdepositie\/\" target=\"_self\"><img loading=\"lazy\" decoding=\"async\" data-ga-category=\"Posts List\" data-ga-action=\"Image\" data-ga-label=\"n\/a\" width=\"2560\" height=\"1707\" src=\"https:\/\/www.greenpeace.org\/static\/planet4-netherlands-stateless\/2021\/06\/36393bda-soothing-landscape-scenery-of-heathland-vdz62r6-scaled.jpg\" class=\"attachment-post-thumbnail size-post-thumbnail wp-post-image wp-stateless-item\" alt=\"Zienswijze op het wetsvoorstel tot wijziging van de Omgevingswet inzake vervanging van de omgevingswaarde voor stikstofdepositie\" style=\"object-fit:cover;\" srcset=\"https:\/\/www.greenpeace.org\/static\/planet4-netherlands-stateless\/2021\/06\/36393bda-soothing-landscape-scenery-of-heathland-vdz62r6-scaled.jpg 2560w, https:\/\/www.greenpeace.org\/static\/planet4-netherlands-stateless\/2021\/06\/36393bda-soothing-landscape-scenery-of-heathland-vdz62r6-300x200.jpg 300w, https:\/\/www.greenpeace.org\/static\/planet4-netherlands-stateless\/2021\/06\/36393bda-soothing-landscape-scenery-of-heathland-vdz62r6-1024x683.jpg 1024w, https:\/\/www.greenpeace.org\/static\/planet4-netherlands-stateless\/2021\/06\/36393bda-soothing-landscape-scenery-of-heathland-vdz62r6-768x512.jpg 768w, https:\/\/www.greenpeace.org\/static\/planet4-netherlands-stateless\/2021\/06\/36393bda-soothing-landscape-scenery-of-heathland-vdz62r6-1536x1024.jpg 1536w, https:\/\/www.greenpeace.org\/static\/planet4-netherlands-stateless\/2021\/06\/36393bda-soothing-landscape-scenery-of-heathland-vdz62r6-2048x1366.jpg 2048w, https:\/\/www.greenpeace.org\/static\/planet4-netherlands-stateless\/2021\/06\/36393bda-soothing-landscape-scenery-of-heathland-vdz62r6-510x340.jpg 510w\" sizes=\"auto, (max-width: 2560px) 100vw, 2560px\" data-image-size=\"post-thumbnail\" data-stateless-media-bucket=\"planet4-netherlands-stateless\" data-stateless-media-name=\"2021\/06\/36393bda-soothing-landscape-scenery-of-heathland-vdz62r6-scaled.jpg\" \/><\/a><\/figure>\n\n\n<div class=\"wp-block-group is-layout-flow wp-block-group-is-layout-flow\">\n<div class=\"wp-block-group is-layout-flow wp-block-group-is-layout-flow\"><div class=\"wp-block-post-terms\"><a data-ga-category=\"Posts List\" data-ga-action=\"Post Type Tag\" data-ga-label=\"n\/a\" href=\"https:\/\/www.greenpeace.org\/nl\/category\/algemeen\/\">Algemeen<\/a><\/div>\n\n<div class=\"taxonomy-post_tag wp-block-post-terms\"><a data-ga-category=\"Posts List\" data-ga-action=\"Navigation Tag\" data-ga-label=\"n\/a\" href=\"https:\/\/www.greenpeace.org\/nl\/tag\/stikstof\/\" rel=\"tag\">Stikstof<\/a><span class=\"wp-block-post-terms__separator\"> <\/span><a data-ga-category=\"Posts List\" data-ga-action=\"Navigation Tag\" data-ga-label=\"n\/a\" href=\"https:\/\/www.greenpeace.org\/nl\/tag\/natuurzaak-tag\/\" rel=\"tag\">Natuurzaak<\/a><span class=\"wp-block-post-terms__separator\"> <\/span><a data-ga-category=\"Posts List\" data-ga-action=\"Navigation Tag\" data-ga-label=\"n\/a\" href=\"https:\/\/www.greenpeace.org\/nl\/tag\/landbouw\/\" rel=\"tag\">Landbouw<\/a><span class=\"wp-block-post-terms__separator\"> <\/span><a data-ga-category=\"Posts List\" data-ga-action=\"Navigation Tag\" data-ga-label=\"n\/a\" href=\"https:\/\/www.greenpeace.org\/nl\/tag\/politiek\/\" rel=\"tag\">Politiek<\/a><\/div><\/div>\n\n\n<h3 class=\"wp-block-post-title\"><a data-ga-category=\"Posts List\" data-ga-action=\"Title\" data-ga-label=\"n\/a\" href=\"https:\/\/www.greenpeace.org\/nl\/algemeen\/71677\/zienswijze-op-het-wetsvoorstel-tot-wijziging-van-de-omgevingswet-inzake-vervanging-van-de-omgevingswaarde-voor-stikstofdepositie\/\" target=\"_self\">Zienswijze op het wetsvoorstel tot wijziging van de Omgevingswet inzake vervanging van de omgevingswaarde voor stikstofdepositie<\/a><\/h3>\n\n<div class=\"wp-block-post-excerpt\"><p class=\"wp-block-post-excerpt__excerpt\">In reactie op het op het wetsvoorstel tot wijziging van de Omgevingswet inzake vervanging van de omgevingswaarde voor stikstofdepositie hebben wij een zienswijze ingediend. <\/p><\/div>\n\n\n<div class=\"wp-block-group posts-list-meta is-layout-flow wp-block-group-is-layout-flow\"><span class='article-list-item-author'><a data-ga-category=\"Posts List\" data-ga-action=\"Author\" data-ga-label=\"n\/a\" href=\"https:\/\/www.greenpeace.org\/nl\/author\/hdvries\/\">Hilde Anna de Vries, campaigner Landbouw<\/a><\/span>\n\n<div class=\"wp-block-post-date\"><time datetime=\"2025-08-21T12:06:09+02:00\">21 augustus 2025<\/time><\/div><\/div>\n<\/div>\n<\/div>\n\n<\/li><li class=\"wp-block-post post-69437 post type-post status-publish format-standard has-post-thumbnail hentry category-algemeen category-eerlijke-wereld tag-natuurzaak-tag tag-politiek tag-landbouw p4-page-type-publicaties\">\n\n<div class=\"wp-block-columns is-layout-flex wp-container-core-columns-is-layout-8f761849 wp-block-columns-is-layout-flex\"><figure class=\"wp-block-post-featured-image\"><a href=\"https:\/\/www.greenpeace.org\/nl\/algemeen\/69437\/brandbrief-over-voorgestelde-inperking-wet-open-overheid-woo\/\" target=\"_self\"><img loading=\"lazy\" decoding=\"async\" data-ga-category=\"Posts List\" data-ga-action=\"Image\" data-ga-label=\"n\/a\" width=\"2560\" height=\"2315\" src=\"https:\/\/www.greenpeace.org\/static\/planet4-netherlands-stateless\/2022\/06\/4ceca5c9-gp01t1p_high_res_bewerkt_gpm-scaled.jpg\" class=\"attachment-post-thumbnail size-post-thumbnail wp-post-image wp-stateless-item\" alt=\"Brandbrief over voorgestelde inperking Wet open overheid (Woo)\" style=\"object-fit:cover;\" srcset=\"https:\/\/www.greenpeace.org\/static\/planet4-netherlands-stateless\/2022\/06\/4ceca5c9-gp01t1p_high_res_bewerkt_gpm-scaled.jpg 2560w, https:\/\/www.greenpeace.org\/static\/planet4-netherlands-stateless\/2022\/06\/4ceca5c9-gp01t1p_high_res_bewerkt_gpm-300x271.jpg 300w, https:\/\/www.greenpeace.org\/static\/planet4-netherlands-stateless\/2022\/06\/4ceca5c9-gp01t1p_high_res_bewerkt_gpm-1024x926.jpg 1024w, https:\/\/www.greenpeace.org\/static\/planet4-netherlands-stateless\/2022\/06\/4ceca5c9-gp01t1p_high_res_bewerkt_gpm-768x695.jpg 768w, https:\/\/www.greenpeace.org\/static\/planet4-netherlands-stateless\/2022\/06\/4ceca5c9-gp01t1p_high_res_bewerkt_gpm-1536x1389.jpg 1536w, https:\/\/www.greenpeace.org\/static\/planet4-netherlands-stateless\/2022\/06\/4ceca5c9-gp01t1p_high_res_bewerkt_gpm-2048x1852.jpg 2048w, https:\/\/www.greenpeace.org\/static\/planet4-netherlands-stateless\/2022\/06\/4ceca5c9-gp01t1p_high_res_bewerkt_gpm-1510x1366.jpg 1510w, https:\/\/www.greenpeace.org\/static\/planet4-netherlands-stateless\/2022\/06\/4ceca5c9-gp01t1p_high_res_bewerkt_gpm-376x340.jpg 376w\" sizes=\"auto, (max-width: 2560px) 100vw, 2560px\" data-image-size=\"post-thumbnail\" data-stateless-media-bucket=\"planet4-netherlands-stateless\" data-stateless-media-name=\"2022\/06\/4ceca5c9-gp01t1p_high_res_bewerkt_gpm-scaled.jpg\" \/><\/a><\/figure>\n\n\n<div class=\"wp-block-group is-layout-flow wp-block-group-is-layout-flow\">\n<div class=\"wp-block-group is-layout-flow wp-block-group-is-layout-flow\"><div class=\"wp-block-post-terms\"><a data-ga-category=\"Posts List\" data-ga-action=\"Post Type Tag\" data-ga-label=\"n\/a\" href=\"https:\/\/www.greenpeace.org\/nl\/category\/algemeen\/\">Algemeen<\/a><\/div>\n\n<div class=\"taxonomy-post_tag wp-block-post-terms\"><a data-ga-category=\"Posts List\" data-ga-action=\"Navigation Tag\" data-ga-label=\"n\/a\" href=\"https:\/\/www.greenpeace.org\/nl\/tag\/natuurzaak-tag\/\" rel=\"tag\">Natuurzaak<\/a><span class=\"wp-block-post-terms__separator\"> <\/span><a data-ga-category=\"Posts List\" data-ga-action=\"Navigation Tag\" data-ga-label=\"n\/a\" href=\"https:\/\/www.greenpeace.org\/nl\/tag\/politiek\/\" rel=\"tag\">Politiek<\/a><span class=\"wp-block-post-terms__separator\"> <\/span><a data-ga-category=\"Posts List\" data-ga-action=\"Navigation Tag\" data-ga-label=\"n\/a\" href=\"https:\/\/www.greenpeace.org\/nl\/tag\/landbouw\/\" rel=\"tag\">Landbouw<\/a><\/div><\/div>\n\n\n<h3 class=\"wp-block-post-title\"><a data-ga-category=\"Posts List\" data-ga-action=\"Title\" data-ga-label=\"n\/a\" href=\"https:\/\/www.greenpeace.org\/nl\/algemeen\/69437\/brandbrief-over-voorgestelde-inperking-wet-open-overheid-woo\/\" target=\"_self\">Brandbrief over voorgestelde inperking Wet open overheid (Woo)<\/a><\/h3>\n\n<div class=\"wp-block-post-excerpt\"><p class=\"wp-block-post-excerpt__excerpt\">Naar aanleiding van de oproep van de BBB om de Wet open overheid (Woo) drastisch in te perken luiden maatschappelijke organisaties de noodklok. De Woo geeft burgers, journalisten en wetenschappers toegang tot overheidsinformatie, essentieel voor bestuurlijke controle en onderzoek. <\/p><\/div>\n\n\n<div class=\"wp-block-group posts-list-meta is-layout-flow wp-block-group-is-layout-flow\"><span class='article-list-item-author'><a data-ga-category=\"Posts List\" data-ga-action=\"Author\" data-ga-label=\"n\/a\" href=\"https:\/\/www.greenpeace.org\/nl\/author\/hdvries\/\">Hilde Anna de Vries, campaigner Landbouw<\/a><\/span>\n\n<div class=\"wp-block-post-date\"><time datetime=\"2025-03-18T09:40:52+01:00\">18 maart 2025<\/time><\/div><\/div>\n<\/div>\n<\/div>\n\n<\/li><\/ul>\n\n\n<div class=\"wp-block-buttons carousel-controls is-horizontal is-content-justification-space-between is-nowrap is-layout-flex wp-container-core-buttons-is-layout-358af4b1 wp-block-buttons-is-layout-flex\">\n<div class=\"wp-block-button carousel-control-prev\"><button type=\"button\" class=\"wp-block-button__link wp-element-button\">Prev<\/button><\/div>\n\n\n\n<div class=\"wp-block-button carousel-control-next\"><button type=\"button\" class=\"wp-block-button__link wp-element-button\">Volgende<\/button><\/div>\n<\/div>\n<\/div>\n\n\n\n\n<div class=\"wp-block-group alignfull block has-white-background-color has-background is-layout-flow wp-block-group-is-layout-flow\">\n<div class=\"wp-block-group container is-layout-flow wp-block-group-is-layout-flow\">\n<div style=\"height:24px\" aria-hidden=\"true\" class=\"wp-block-spacer\"><\/div>\n\n\n\n<div class=\"wp-block-group alignfull has-beige-100-background-color has-background is-layout-flow wp-block-group-is-layout-flow\" style=\"padding-top:39px;padding-right:0;padding-bottom:39px;padding-left:0\">\n<div class=\"wp-block-group container is-layout-flow wp-block-group-is-layout-flow\">\n<div class=\"wp-block-columns is-layout-flex wp-container-core-columns-is-layout-8f761849 wp-block-columns-is-layout-flex\">\n<div class=\"wp-block-column is-layout-flow wp-block-column-is-layout-flow\">\n<h2 class=\"wp-block-heading\" id=\"h-blijf-op-de-hoogte\" style=\"font-size:40px\">Blijf op de hoogte <\/h2>\n\n\n\n<p class=\"wp-block-paragraph\">Meld je net als bijna 500.000 anderen aan voor de <strong>Greenpeace-nieuwsbrief <\/strong>en blijf op de hoogte van onze acties en campagnes en hoe je daaraan kan bijdragen.<\/p>\n\n\n\n<div style=\"height:19px\" aria-hidden=\"true\" class=\"wp-block-spacer\"><\/div>\n\n\n\n<div class=\"wp-block-buttons is-vertical is-content-justification-center is-nowrap is-layout-flex wp-container-core-buttons-is-layout-a539f630 wp-block-buttons-is-layout-flex\">\n<div class=\"wp-block-button\"><a class=\"wp-block-button__link wp-element-button\" href=\"http:\/\/doemee.greenpeace.nl\/nieuwsbrief\/\" rel=\"noopener\">Schrijf je in<\/a><\/div>\n<\/div>\n<\/div>\n\n\n\n<div class=\"wp-block-column is-layout-flow wp-block-column-is-layout-flow\">\n<p class=\"wp-block-paragraph\"><\/p>\n\n\n\n<figure class=\"wp-block-image aligncenter size-thumbnail is-resized\"><img loading=\"lazy\" decoding=\"async\" width=\"150\" height=\"150\" title=\"19_People_Power-1\" src=\"https:\/\/www.greenpeace.org\/static\/planet4-netherlands-stateless\/2026\/04\/ecb15e73-19_people_power-1-150x150.png\" alt=\"\" class=\"wp-image-81346\" style=\"width:166px;height:auto\" srcset=\"https:\/\/www.greenpeace.org\/static\/planet4-netherlands-stateless\/2026\/04\/ecb15e73-19_people_power-1-150x150.png 150w, https:\/\/www.greenpeace.org\/static\/planet4-netherlands-stateless\/2026\/04\/ecb15e73-19_people_power-1.png 180w\" sizes=\"auto, (max-width: 150px) 100vw, 150px\" \/><\/figure>\n<\/div>\n<\/div>\n<\/div>\n<\/div>\n\n\n\n<div style=\"height:36px\" aria-hidden=\"true\" class=\"wp-block-spacer\"><\/div>\n\n\n\n<h4 id=\"h-ontdek-andere-thema-s\" class=\"wp-block-heading\">Ontdek andere thema&#8217;s<\/h4>\n\n\n\n<div class=\"wp-block-columns is-not-stacked-on-mobile is-style-mobile-carousel is-layout-flex wp-container-core-columns-is-layout-8f761849 wp-block-columns-is-layout-flex\">\n<div class=\"wp-block-column is-layout-flow wp-block-column-is-layout-flow\">\n<div class=\"wp-block-group group-stretched-link is-layout-flow wp-block-group-is-layout-flow\">\n<div style=\"height:16px\" aria-hidden=\"true\" class=\"wp-block-spacer\"><\/div>\n\n\n\n<figure class=\"wp-block-image aligncenter size-full size-large is-resized is-style-rounded-90\"><img loading=\"lazy\" decoding=\"async\" width=\"180\" height=\"180\" title=\"5_Climate_Crisis-1\" src=\"https:\/\/www.greenpeace.org\/static\/planet4-netherlands-stateless\/2026\/04\/8d2e99ef-5_climate_crisis-1.png\" alt=\"Klik hier om meer te weten te komen over de klimaatcrisis\" class=\"wp-image-81306\" srcset=\"https:\/\/www.greenpeace.org\/static\/planet4-netherlands-stateless\/2026\/04\/8d2e99ef-5_climate_crisis-1.png 180w, https:\/\/www.greenpeace.org\/static\/planet4-netherlands-stateless\/2026\/04\/8d2e99ef-5_climate_crisis-1-150x150.png 150w\" sizes=\"auto, (max-width: 180px) 100vw, 180px\" \/><\/figure>\n\n\n\n<h5 class=\"wp-block-heading has-text-align-center\" id=\"h-klimaat\" style=\"font-size:1rem\"><a href=\"\/nl\/klimaat\/\">Klimaat<\/a><\/h5>\n<\/div>\n<\/div>\n\n\n\n<div class=\"wp-block-column is-layout-flow wp-block-column-is-layout-flow\">\n<div class=\"wp-block-group group-stretched-link is-layout-flow wp-block-group-is-layout-flow\">\n<div style=\"height:16px\" aria-hidden=\"true\" class=\"wp-block-spacer\"><\/div>\n\n\n\n<figure class=\"wp-block-image aligncenter size-full size-large is-resized is-style-rounded-90\"><img loading=\"lazy\" decoding=\"async\" width=\"180\" height=\"180\" title=\"7_Climate_Justice-1\" src=\"https:\/\/www.greenpeace.org\/static\/planet4-netherlands-stateless\/2026\/04\/2e445c08-7_climate_justice-1.png\" alt=\"Klik hier om meer te weten te komen over klimaatrechtvaardigheid\" class=\"wp-image-81308\" srcset=\"https:\/\/www.greenpeace.org\/static\/planet4-netherlands-stateless\/2026\/04\/2e445c08-7_climate_justice-1.png 180w, https:\/\/www.greenpeace.org\/static\/planet4-netherlands-stateless\/2026\/04\/2e445c08-7_climate_justice-1-150x150.png 150w\" sizes=\"auto, (max-width: 180px) 100vw, 180px\" \/><\/figure>\n\n\n\n<h5 class=\"wp-block-heading has-text-align-center\" id=\"h-eerlijke-wereld\" style=\"font-size:1rem\"><a href=\"\/nl\/eerlijke-wereld\">Eerlijke wereld<\/a><\/h5>\n<\/div>\n<\/div>\n\n\n\n<div class=\"wp-block-column is-layout-flow wp-block-column-is-layout-flow\">\n<div class=\"wp-block-group group-stretched-link is-layout-flow wp-block-group-is-layout-flow\">\n<div style=\"height:16px\" aria-hidden=\"true\" class=\"wp-block-spacer\"><\/div>\n\n\n\n<figure class=\"wp-block-image aligncenter size-full size-large is-resized is-style-rounded-90\"><img loading=\"lazy\" decoding=\"async\" width=\"180\" height=\"180\" title=\"f9259fe1-1_oceans-1 (1)\" src=\"https:\/\/www.greenpeace.org\/static\/planet4-netherlands-stateless\/2026\/04\/f9259fe1-1_oceans-1-1.png\" alt=\"Klik hier om meer over oceanen te weten te komen\" class=\"wp-image-81297\" srcset=\"https:\/\/www.greenpeace.org\/static\/planet4-netherlands-stateless\/2026\/04\/f9259fe1-1_oceans-1-1.png 180w, https:\/\/www.greenpeace.org\/static\/planet4-netherlands-stateless\/2026\/04\/f9259fe1-1_oceans-1-1-150x150.png 150w\" sizes=\"auto, (max-width: 180px) 100vw, 180px\" \/><\/figure>\n\n\n\n<h5 class=\"wp-block-heading has-text-align-center\" id=\"h-oceanen\" style=\"font-size:1rem\"><a href=\"\/nl\/oceanen\">Oceanen<\/a><\/h5>\n<\/div>\n<\/div>\n\n\n\n<div class=\"wp-block-column is-layout-flow wp-block-column-is-layout-flow\">\n<div class=\"wp-block-group group-stretched-link is-layout-flow wp-block-group-is-layout-flow\">\n<div style=\"height:16px\" aria-hidden=\"true\" class=\"wp-block-spacer\"><\/div>\n\n\n\n<figure class=\"wp-block-image aligncenter size-full size-large is-resized is-style-rounded-90\"><img loading=\"lazy\" decoding=\"async\" width=\"180\" height=\"180\" title=\"21_Waste-1\" src=\"https:\/\/www.greenpeace.org\/static\/planet4-netherlands-stateless\/2026\/04\/b5612e50-21_waste-1.png\" alt=\"\" class=\"wp-image-81347\" srcset=\"https:\/\/www.greenpeace.org\/static\/planet4-netherlands-stateless\/2026\/04\/b5612e50-21_waste-1.png 180w, https:\/\/www.greenpeace.org\/static\/planet4-netherlands-stateless\/2026\/04\/b5612e50-21_waste-1-150x150.png 150w\" sizes=\"auto, (max-width: 180px) 100vw, 180px\" \/><\/figure>\n\n\n\n<h5 class=\"wp-block-heading has-text-align-center\" id=\"h-plastic\" style=\"font-size:1rem\"><a href=\"\/nl\/plastic\">Plastic<\/a><\/h5>\n<\/div>\n<\/div>\n\n\n\n<div class=\"wp-block-column is-layout-flow wp-block-column-is-layout-flow\">\n<div class=\"wp-block-group group-stretched-link is-layout-flow wp-block-group-is-layout-flow\">\n<div style=\"height:16px\" aria-hidden=\"true\" class=\"wp-block-spacer\"><\/div>\n\n\n\n<figure class=\"wp-block-image aligncenter size-full size-large is-resized is-style-rounded-90\"><img loading=\"lazy\" decoding=\"async\" width=\"180\" height=\"180\" title=\"15_World_Forests-1\" src=\"https:\/\/www.greenpeace.org\/static\/planet4-netherlands-stateless\/2026\/04\/e37366a8-15_world_forests-1.png\" alt=\"\" class=\"wp-image-81340\" srcset=\"https:\/\/www.greenpeace.org\/static\/planet4-netherlands-stateless\/2026\/04\/e37366a8-15_world_forests-1.png 180w, https:\/\/www.greenpeace.org\/static\/planet4-netherlands-stateless\/2026\/04\/e37366a8-15_world_forests-1-150x150.png 150w\" sizes=\"auto, (max-width: 180px) 100vw, 180px\" \/><\/figure>\n\n\n\n<h5 class=\"wp-block-heading has-text-align-center\" id=\"h-bossen\" style=\"font-size:1rem\"><a href=\"\/nl\/bossen\">Bossen<\/a><\/h5>\n<\/div>\n<\/div>\n\n\n\n<div class=\"wp-block-column is-layout-flow wp-block-column-is-layout-flow\">\n<div class=\"wp-block-group group-stretched-link is-layout-flow wp-block-group-is-layout-flow\">\n<div style=\"height:16px\" aria-hidden=\"true\" class=\"wp-block-spacer\"><\/div>\n\n\n\n<figure class=\"wp-block-image aligncenter size-full size-large is-resized is-style-rounded-90\"><img loading=\"lazy\" decoding=\"async\" width=\"180\" height=\"180\" title=\"17_Agriculture-1\" src=\"https:\/\/www.greenpeace.org\/static\/planet4-netherlands-stateless\/2026\/04\/98baeb09-17_agriculture-1.png\" alt=\"\" class=\"wp-image-81343\" srcset=\"https:\/\/www.greenpeace.org\/static\/planet4-netherlands-stateless\/2026\/04\/98baeb09-17_agriculture-1.png 180w, https:\/\/www.greenpeace.org\/static\/planet4-netherlands-stateless\/2026\/04\/98baeb09-17_agriculture-1-150x150.png 150w\" sizes=\"auto, (max-width: 180px) 100vw, 180px\" \/><\/figure>\n\n\n\n<h5 class=\"wp-block-heading has-text-align-center\" id=\"h-voedsel\" style=\"font-size:1rem\"><a href=\"\/nl\/voedsel\">Voedsel<\/a><\/h5>\n<\/div>\n<\/div>\n\n\n\n<div class=\"wp-block-column is-layout-flow wp-block-column-is-layout-flow\">\n<div class=\"wp-block-group group-stretched-link is-layout-flow wp-block-group-is-layout-flow\">\n<div style=\"height:16px\" aria-hidden=\"true\" class=\"wp-block-spacer\"><\/div>\n\n\n\n<figure class=\"wp-block-image aligncenter size-full size-large is-resized is-style-rounded-90\"><img loading=\"lazy\" decoding=\"async\" width=\"180\" height=\"180\" title=\"13_Biodiversity-1\" src=\"https:\/\/www.greenpeace.org\/static\/planet4-netherlands-stateless\/2026\/04\/cca11f09-13_biodiversity-1.png\" alt=\"\" class=\"wp-image-81338\" srcset=\"https:\/\/www.greenpeace.org\/static\/planet4-netherlands-stateless\/2026\/04\/cca11f09-13_biodiversity-1.png 180w, https:\/\/www.greenpeace.org\/static\/planet4-netherlands-stateless\/2026\/04\/cca11f09-13_biodiversity-1-150x150.png 150w\" sizes=\"auto, (max-width: 180px) 100vw, 180px\" \/><\/figure>\n\n\n\n<h5 class=\"wp-block-heading has-text-align-center\" id=\"h-dieren\" style=\"font-size:1rem\"><a href=\"\/nl\/dieren\">Dieren<\/a><\/h5>\n<\/div>\n<\/div>\n<\/div>\n<\/div>\n<\/div>\n\n<\/div>\n\n\n<p class=\"wp-block-paragraph\"><\/p>\n","protected":false},"excerpt":{"rendered":"<p>De stikstofuitstoot in Nederland is al bijna vijftig jaar te hoog en deze moet zo snel mogelijk omlaag om onze kostbare natuur te redden.<\/p>\n","protected":false},"author":20,"featured_media":61169,"parent":63721,"menu_order":0,"comment_status":"closed","ping_status":"closed","template":"","meta":{"_planet4_optimize_post_is_variant":false,"_planet4_optimize_experiment_name":"","_planet4_optimize_variant_name":"","ep_exclude_from_search":false,"p4_hide_page_title_checkbox":"on","p4_title":"","p4_subtitle":"","p4_description":"","background_image_id":"","background_image":"","p4_button_title":"","p4_button_link":"","p4_button_link_checkbox":"","p4_og_title":"","p4_og_description":"","p4_og_image":"","p4_og_image_id":"","p4_seo_canonical_url":"","p4_campaign_name":"","p4_local_project":"","p4_basket_name":"","p4_department":"","footnotes":""},"categories":[134],"tags":[],"class_list":["post-63976","page","type-page","status-publish","has-post-thumbnail","hentry","category-voedsel-categorie"],"_links":{"self":[{"href":"https:\/\/www.greenpeace.org\/nl\/wp-json\/wp\/v2\/pages\/63976","targetHints":{"allow":["GET"]}}],"collection":[{"href":"https:\/\/www.greenpeace.org\/nl\/wp-json\/wp\/v2\/pages"}],"about":[{"href":"https:\/\/www.greenpeace.org\/nl\/wp-json\/wp\/v2\/types\/page"}],"author":[{"embeddable":true,"href":"https:\/\/www.greenpeace.org\/nl\/wp-json\/wp\/v2\/users\/20"}],"replies":[{"embeddable":true,"href":"https:\/\/www.greenpeace.org\/nl\/wp-json\/wp\/v2\/comments?post=63976"}],"version-history":[{"count":20,"href":"https:\/\/www.greenpeace.org\/nl\/wp-json\/wp\/v2\/pages\/63976\/revisions"}],"predecessor-version":[{"id":83553,"href":"https:\/\/www.greenpeace.org\/nl\/wp-json\/wp\/v2\/pages\/63976\/revisions\/83553"}],"up":[{"embeddable":true,"href":"https:\/\/www.greenpeace.org\/nl\/wp-json\/wp\/v2\/pages\/63721"}],"wp:featuredmedia":[{"embeddable":true,"href":"https:\/\/www.greenpeace.org\/nl\/wp-json\/wp\/v2\/media\/61169"}],"wp:attachment":[{"href":"https:\/\/www.greenpeace.org\/nl\/wp-json\/wp\/v2\/media?parent=63976"}],"wp:term":[{"taxonomy":"category","embeddable":true,"href":"https:\/\/www.greenpeace.org\/nl\/wp-json\/wp\/v2\/categories?post=63976"},{"taxonomy":"post_tag","embeddable":true,"href":"https:\/\/www.greenpeace.org\/nl\/wp-json\/wp\/v2\/tags?post=63976"}],"curies":[{"name":"wp","href":"https:\/\/api.w.org\/{rel}","templated":true}]}}