{"id":65113,"date":"2024-09-30T17:09:56","date_gmt":"2024-09-30T15:09:56","guid":{"rendered":"https:\/\/www-dev.greenpeace.org\/nl\/?page_id=65113"},"modified":"2026-04-30T15:59:59","modified_gmt":"2026-04-30T13:59:59","slug":"schepen","status":"publish","type":"page","link":"https:\/\/www.greenpeace.org\/nl\/over-greenpeace\/schepen\/","title":{"rendered":"Schepen"},"content":{"rendered":"\n\n<div class=\"wp-block-group is-layout-flow wp-block-group-is-layout-flow\">\n\n<div class=\"wp-block-group alignfull is-layout-flow wp-block-group-is-layout-flow\">\n<div class=\"wp-block-group container is-layout-flow wp-block-group-is-layout-flow\">\n<div class=\"wp-block-media-text alignfull has-media-on-the-right is-stacked-on-mobile is-pattern-p4-page-header is-style-parallax\"><div class=\"wp-block-media-text__content\">\n<div class=\"wp-block-group is-layout-flow wp-block-group-is-layout-flow\">\n<h1 class=\"wp-block-heading has-white-background-color has-background\">De Greenpeace-vloot<\/h1>\n<\/div>\n\n\n\n<p style=\"font-size:1.25rem\">Onze schepen varen al meer dan 50 jaar over alle zee\u00ebn van de wereld om onze planeet te beschermen en te strijden voor rechtvaardigheid.<\/p>\n\n\n\n<div class=\"wp-block-buttons is-layout-flex wp-block-buttons-is-layout-flex\"><\/div>\n<\/div><figure class=\"wp-block-media-text__media\"><img loading=\"lazy\" decoding=\"async\" width=\"1024\" height=\"687\" src=\"https:\/\/www.greenpeace.org\/static\/planet4-netherlands-stateless\/2024\/09\/45879cd6-gp04h0g-1024x687.webp\" alt=\"\" sizes=\"auto, (min-width: 601px) 50vw, 100vw\" srcset=\"https:\/\/www.greenpeace.org\/static\/planet4-netherlands-stateless\/2024\/09\/45879cd6-gp04h0g.webp 1920w, https:\/\/www.greenpeace.org\/static\/planet4-netherlands-stateless\/2024\/09\/45879cd6-gp04h0g-300x201.webp 300w, https:\/\/www.greenpeace.org\/static\/planet4-netherlands-stateless\/2024\/09\/45879cd6-gp04h0g-1024x687.webp 1024w, https:\/\/www.greenpeace.org\/static\/planet4-netherlands-stateless\/2024\/09\/45879cd6-gp04h0g-768x516.webp 768w, https:\/\/www.greenpeace.org\/static\/planet4-netherlands-stateless\/2024\/09\/45879cd6-gp04h0g-1536x1031.webp 1536w, https:\/\/www.greenpeace.org\/static\/planet4-netherlands-stateless\/2024\/09\/45879cd6-gp04h0g-506x340.webp 506w\" class=\"wp-image-65114 size-full\"\/><\/figure><\/div>\n<\/div>\n<\/div>\n\n\n\n\n<div style=\"height:10px\" aria-hidden=\"true\" class=\"wp-block-spacer\"><\/div>\n\n\n\n\n<div class=\"wp-block-group alignfull block has-beige-100-background-color has-background is-layout-flow wp-block-group-is-layout-flow\">\n<div class=\"wp-block-group container has-beige-100-background-color has-background is-layout-flow wp-block-group-is-layout-flow\">\n<div style=\"height:24px\" aria-hidden=\"true\" class=\"wp-block-spacer\"><\/div>\n\n\n\n<h2 class=\"wp-block-heading\" id=\"h-onze-schepen-doen-wat-nodig-is\">Onze schepen doen wat nodig is<\/h2>\n\n\n\n<p>Van het belemmeren van kernproeven in de Stille Oceaan tot het documenteren van plastic in onze oceanen. Van het uitvoeren van onderzoek naar de effecten van klimaatverandering in het Noordpoolgebied tot het tegenhouden van scheepsladingen illegaal hout die de Amazone verlaten. Van het brengen van humanitaire hulp aan gemeenschappen die getroffen zijn door extreme weersomstandigheden tot het samenwerken met lokale autoriteiten om illegale visserijactiviteiten in West-Afrika te stoppen. <strong>Onze schepen zijn essentieel om te doen wat nodig is.<\/strong><\/p>\n\n\n\n<figure class=\"wp-block-image aligncenter size-full is-resized\"><img loading=\"lazy\" decoding=\"async\" width=\"180\" height=\"180\" src=\"https:\/\/www.greenpeace.org\/static\/planet4-netherlands-stateless\/2026\/04\/18c0b552-24_greenpeace_ships-1.png\" alt=\"\" class=\"wp-image-81350\" style=\"width:150px\" srcset=\"https:\/\/www.greenpeace.org\/static\/planet4-netherlands-stateless\/2026\/04\/18c0b552-24_greenpeace_ships-1.png 180w, https:\/\/www.greenpeace.org\/static\/planet4-netherlands-stateless\/2026\/04\/18c0b552-24_greenpeace_ships-1-150x150.png 150w\" sizes=\"auto, (max-width: 180px) 100vw, 180px\" \/><\/figure>\n<\/div>\n<\/div>\n\n\n\n<div style=\"height:31px\" aria-hidden=\"true\" class=\"wp-block-spacer\"><\/div>\n\n<\/div>\n\n\n\n<div class=\"wp-block-group is-layout-flow wp-block-group-is-layout-flow\">\n\n<div class=\"wp-block-media-text is-stacked-on-mobile is-image-fill-element\"><figure class=\"wp-block-media-text__media\"><img loading=\"lazy\" decoding=\"async\" width=\"1024\" height=\"575\" src=\"https:\/\/www.greenpeace.org\/static\/planet4-netherlands-stateless\/2024\/10\/5c5c45ab-gp1suy8j-1024x575.jpg\" alt=\"MY Arctic Sunrise in the Indian Ocean. \u00a9 Maarten Van Rouveroy \/ Greenpeace\" sizes=\"auto, (min-width: 1600px) calc((1320px - 24px) \/ 2),(min-width: 1200px) calc((1140px - 24px) \/ 2),(min-width: 992px) calc((960px - 24px) \/ 2),(min-width: 768px) calc((720px - 24px) \/ 2),(min-width: 601px) calc((540px - 24px) \/ 2),(min-width: 577px) calc((540px - 24px) \/ 1), calc(100vw - 24px)\" srcset=\"https:\/\/www.greenpeace.org\/static\/planet4-netherlands-stateless\/2024\/10\/5c5c45ab-gp1suy8j.jpg 1200w, https:\/\/www.greenpeace.org\/static\/planet4-netherlands-stateless\/2024\/10\/5c5c45ab-gp1suy8j-300x169.jpg 300w, https:\/\/www.greenpeace.org\/static\/planet4-netherlands-stateless\/2024\/10\/5c5c45ab-gp1suy8j-1024x575.jpg 1024w, https:\/\/www.greenpeace.org\/static\/planet4-netherlands-stateless\/2024\/10\/5c5c45ab-gp1suy8j-768x431.jpg 768w, https:\/\/www.greenpeace.org\/static\/planet4-netherlands-stateless\/2024\/10\/5c5c45ab-gp1suy8j-510x286.jpg 510w\" class=\"wp-image-65921 size-full\" style=\"object-position:67% 70%\"\/><\/figure><div class=\"wp-block-media-text__content\">\n<h2 class=\"wp-block-heading\" id=\"arcticsunrise\">Arctic Sunrise<\/h2>\n\n\n\n<p>Ontworpen als ijsbreker heeft de <strong><em>Arctic Sunrise<\/em><\/strong> de wonderen van de koudste plekken op aarde aanschouwd. Het schip maakt sinds 1995 deel uit van de vloot van Greenpeace, toen het zijn eerste reis maakte naar de Noordzee om vervuiling door olie van offshore-installaties vast te leggen. Sindsdien is het schip de hele wereld rondgereisd, waaronder naar de Congo, het Amazonegebied, en een drie maanden durende expeditie naar Antarctica om wetenschappelijk onderzoek te doen naar de biodiversiteit in die regio.<\/p>\n\n\n\n<div class=\"wp-block-buttons is-layout-flex wp-block-buttons-is-layout-flex\">\n<div class=\"wp-block-button\"><a class=\"wp-block-button__link wp-element-button\" href=\"https:\/\/www.greenpeace.org\/nl\/arcticsunrise\/\">Lees verder<\/a><\/div>\n<\/div>\n<\/div><\/div>\n\n\n\n<div style=\"height:40px\" aria-hidden=\"true\" class=\"wp-block-spacer\"><\/div>\n\n\n\n\n\n<div class=\"wp-block-media-text has-media-on-the-right is-stacked-on-mobile is-image-fill-element\"><div class=\"wp-block-media-text__content\">\n<h2 class=\"wp-block-heading\" id=\"rainbowwarrior\">Rainbow Warrior<\/h2>\n\n\n\n<p>De <strong><em>Rainbow Warrior<\/em><\/strong> is een onbetwist icoon. De naam staat synoniem voor het doorbreken van grenzen en het voeren van onverschrokken campagnes. Greenpeace vaart sinds 1978 met verschillende schepen onder de naam Rainbow Warrior. <br><br>Ons huidige zeilschip patrouilleert sinds 2011 als vlaggenschip van de organisatie over alle oceanen van de wereld.<\/p>\n\n\n\n<div class=\"wp-block-buttons is-layout-flex wp-block-buttons-is-layout-flex\">\n<div class=\"wp-block-button\"><a class=\"wp-block-button__link wp-element-button\" href=\"https:\/\/www.greenpeace.org\/nl\/rainbowwarrior\/\">Lees verder<\/a><\/div>\n<\/div>\n<\/div><figure class=\"wp-block-media-text__media\"><img loading=\"lazy\" decoding=\"async\" width=\"1200\" height=\"799\" src=\"https:\/\/www.greenpeace.org\/static\/planet4-netherlands-stateless\/2024\/10\/3f0e0c44-gp0stvc66.jpg\" alt=\"Rainbow Warrior in the Indian Ocean. \u00a9 Greenpeace \/ Maarten Van Rouveroy\" sizes=\"auto, (min-width: 1600px) calc((1320px - 24px) \/ 2),(min-width: 1200px) calc((1140px - 24px) \/ 2),(min-width: 992px) calc((960px - 24px) \/ 2),(min-width: 768px) calc((720px - 24px) \/ 2),(min-width: 601px) calc((540px - 24px) \/ 2),(min-width: 577px) calc((540px - 24px) \/ 1), calc(100vw - 24px)\" srcset=\"https:\/\/www.greenpeace.org\/static\/planet4-netherlands-stateless\/2024\/10\/3f0e0c44-gp0stvc66.jpg 1200w, https:\/\/www.greenpeace.org\/static\/planet4-netherlands-stateless\/2024\/10\/3f0e0c44-gp0stvc66-300x200.jpg 300w, https:\/\/www.greenpeace.org\/static\/planet4-netherlands-stateless\/2024\/10\/3f0e0c44-gp0stvc66-1024x682.jpg 1024w, https:\/\/www.greenpeace.org\/static\/planet4-netherlands-stateless\/2024\/10\/3f0e0c44-gp0stvc66-768x511.jpg 768w, https:\/\/www.greenpeace.org\/static\/planet4-netherlands-stateless\/2024\/10\/3f0e0c44-gp0stvc66-510x340.jpg 510w\" class=\"wp-image-65955 size-full\" style=\"object-position:70% 82%\"\/><\/figure><\/div>\n\n\n\n<div style=\"height:40px\" aria-hidden=\"true\" class=\"wp-block-spacer\"><\/div>\n\n\n\n\n\n<div class=\"wp-block-media-text is-stacked-on-mobile is-image-fill-element\"><figure class=\"wp-block-media-text__media\"><img loading=\"lazy\" decoding=\"async\" width=\"1200\" height=\"797\" src=\"https:\/\/www.greenpeace.org\/static\/planet4-netherlands-stateless\/2024\/10\/2ea58558-gp1sx7kd.jpg\" alt=\"SY Witness's Maiden Voyage in Netherlands. \u00a9 Marten  van Dijl \/ Greenpeace\" sizes=\"auto, (min-width: 1600px) calc((1320px - 24px) \/ 2),(min-width: 1200px) calc((1140px - 24px) \/ 2),(min-width: 992px) calc((960px - 24px) \/ 2),(min-width: 768px) calc((720px - 24px) \/ 2),(min-width: 601px) calc((540px - 24px) \/ 2),(min-width: 577px) calc((540px - 24px) \/ 1), calc(100vw - 24px)\" srcset=\"https:\/\/www.greenpeace.org\/static\/planet4-netherlands-stateless\/2024\/10\/2ea58558-gp1sx7kd.jpg 1200w, https:\/\/www.greenpeace.org\/static\/planet4-netherlands-stateless\/2024\/10\/2ea58558-gp1sx7kd-300x199.jpg 300w, https:\/\/www.greenpeace.org\/static\/planet4-netherlands-stateless\/2024\/10\/2ea58558-gp1sx7kd-1024x680.jpg 1024w, https:\/\/www.greenpeace.org\/static\/planet4-netherlands-stateless\/2024\/10\/2ea58558-gp1sx7kd-768x510.jpg 768w, https:\/\/www.greenpeace.org\/static\/planet4-netherlands-stateless\/2024\/10\/2ea58558-gp1sx7kd-510x340.jpg 510w\" class=\"wp-image-65920 size-full\" style=\"object-position:50% 50%\"\/><\/figure><div class=\"wp-block-media-text__content\">\n<h2 class=\"wp-block-heading\" id=\"witness\">Witness<\/h2>\n\n\n\n<p>De <strong><em>Witness<\/em><\/strong> is het nieuwste en meest milieuvriendelijke schip in de Greenpeace-vloot. Met een lengte van 22,5 meter is het ook het kleinste schip, en dankzij een liftkiel en roer kan het door ondiepe wateren navigeren die voor grotere schepen ontoegankelijk zijn.<\/p>\n\n\n\n<p>Gebouwd in 2003 in Zuid-Afrika en voorheen bekend als <strong>Pelagic Australis<\/strong>, werd de <strong><em>Witness<\/em><\/strong> in 2021 in Greenpeace-kleuren gelanceerd. Het begon zijn eerste campagneactiviteiten begin 2022 na een groene renovatie, waarbij verbeteringen werden aangebracht zoals zonnepanelen en windturbines.<\/p>\n\n\n\n<div class=\"wp-block-buttons is-layout-flex wp-block-buttons-is-layout-flex\">\n<div class=\"wp-block-button\"><a class=\"wp-block-button__link wp-element-button\" href=\"https:\/\/www.greenpeace.org\/nl\/tag\/witness\/\">Lees verder<\/a><\/div>\n<\/div>\n<\/div><\/div>\n\n\n\n<div style=\"height:40px\" aria-hidden=\"true\" class=\"wp-block-spacer\"><\/div>\n\n\n\n<div class=\"wp-block-media-text has-media-on-the-right is-stacked-on-mobile is-image-fill-element\"><div class=\"wp-block-media-text__content\">\n<h2 class=\"wp-block-heading\" id=\"rainbowwarrior\">Oceania<\/h2>\n\n\n\n<p>Het allereerste schip van Greenpeace dat permanent gestationeerd zal zijn in de Australisch-Pacifische regio. De prachtige oceanen van deze regio worden ernstig bedreigd door onder andere gasboringen op zee, diepzeemijnbouw, overbevissing, plasticvervuiling en klimaatverandering. Oceania biedt Greenpeace Australia Pacific een dynamische nieuwe mogelijkheid om deze en andere bedreigingen voor de oceanen aan het licht te brengen, te documenteren en vreedzaam aan te pakken, van het Great Barrier Reef tot Scott Reef in West-Australi\u00eb, de Zuid-Tasmanzee en de wateren van de Pacifische eilandstaten.<\/p>\n\n\n\n<div class=\"wp-block-buttons is-layout-flex wp-block-buttons-is-layout-flex\"><\/div>\n<\/div><figure class=\"wp-block-media-text__media\"><img loading=\"lazy\" decoding=\"async\" width=\"1000\" height=\"562\" src=\"https:\/\/www.greenpeace.org\/static\/planet4-netherlands-stateless\/2026\/01\/5fbe18bf-greenpeace-ships-oceania-bow.jpg\" alt=\"Greenpeace schip Oceania\" sizes=\"auto, (min-width: 1600px) calc((1320px - 24px) \/ 2),(min-width: 1200px) calc((1140px - 24px) \/ 2),(min-width: 992px) calc((960px - 24px) \/ 2),(min-width: 768px) calc((720px - 24px) \/ 2),(min-width: 601px) calc((540px - 24px) \/ 2),(min-width: 577px) calc((540px - 24px) \/ 1), calc(100vw - 24px)\" srcset=\"https:\/\/www.greenpeace.org\/static\/planet4-netherlands-stateless\/2026\/01\/5fbe18bf-greenpeace-ships-oceania-bow.jpg 1000w, https:\/\/www.greenpeace.org\/static\/planet4-netherlands-stateless\/2026\/01\/5fbe18bf-greenpeace-ships-oceania-bow-300x169.jpg 300w, https:\/\/www.greenpeace.org\/static\/planet4-netherlands-stateless\/2026\/01\/5fbe18bf-greenpeace-ships-oceania-bow-768x432.jpg 768w, https:\/\/www.greenpeace.org\/static\/planet4-netherlands-stateless\/2026\/01\/5fbe18bf-greenpeace-ships-oceania-bow-510x287.jpg 510w\" class=\"wp-image-73404 size-full\" style=\"object-position:50% 50%\"\/><\/figure><\/div>\n\n\n\n<div style=\"height:40px\" aria-hidden=\"true\" class=\"wp-block-spacer\"><\/div>\n\n\n\n<div class=\"wp-block-media-text is-stacked-on-mobile is-image-fill-element\"><figure class=\"wp-block-media-text__media\"><img loading=\"lazy\" decoding=\"async\" width=\"1200\" height=\"800\" src=\"https:\/\/www.greenpeace.org\/static\/planet4-netherlands-stateless\/2026\/01\/a5492bf2-gp0stquom.jpg\" alt=\"Scientific Sampling for Research on Plastics in Scotland.\" sizes=\"auto, (min-width: 1600px) calc((1320px - 24px) \/ 2),(min-width: 1200px) calc((1140px - 24px) \/ 2),(min-width: 992px) calc((960px - 24px) \/ 2),(min-width: 768px) calc((720px - 24px) \/ 2),(min-width: 601px) calc((540px - 24px) \/ 2),(min-width: 577px) calc((540px - 24px) \/ 1), calc(100vw - 24px)\" srcset=\"https:\/\/www.greenpeace.org\/static\/planet4-netherlands-stateless\/2026\/01\/a5492bf2-gp0stquom.jpg 1200w, https:\/\/www.greenpeace.org\/static\/planet4-netherlands-stateless\/2026\/01\/a5492bf2-gp0stquom-300x200.jpg 300w, https:\/\/www.greenpeace.org\/static\/planet4-netherlands-stateless\/2026\/01\/a5492bf2-gp0stquom-1024x683.jpg 1024w, https:\/\/www.greenpeace.org\/static\/planet4-netherlands-stateless\/2026\/01\/a5492bf2-gp0stquom-768x512.jpg 768w, https:\/\/www.greenpeace.org\/static\/planet4-netherlands-stateless\/2026\/01\/a5492bf2-gp0stquom-510x340.jpg 510w\" class=\"wp-image-73405 size-full\" style=\"object-position:50% 50%\"\/><\/figure><div class=\"wp-block-media-text__content\">\n<h2 class=\"wp-block-heading\" id=\"witness\">Beluga II<\/h2>\n\n\n\n<p>Begin 2003 gaf Greenpeace Duitsland de Fridtjof Nansen-scheepswerf in Wolgast de opdracht een nieuw clipper-achtig schip te bouwen. Hoewel de Beluga II er aanvankelijk wat eenvoudig uitziet, is het schip in feite uitgerust met de modernste technologie. Tot dan toe had Greenpeace al haar schepen tweedehands gekocht en omgebouwd \u2013 de Beluga II is het eerste nieuwbouwschip dat specifiek voor de behoeften van Greenpeace is ontworpen (de Rainbow Warrior III volgde in 2009 als nieuwbouwschip). Twintig jaar na de tewaterlating laat Greenpeace het schip opnieuw moderniseren om nieuwe normen te stellen in de binnenvaart en kustvaart.<\/p>\n\n\n\n<div class=\"wp-block-buttons is-layout-flex wp-block-buttons-is-layout-flex\"><\/div>\n<\/div><\/div>\n\n\n\n\n<div style=\"height:51px\" aria-hidden=\"true\" class=\"wp-block-spacer\"><\/div>\n\n\n\n<h2 class=\"wp-block-heading is-style-default\">Waar zijn we nu? <\/h2>\n\n\n\n<p>Klik op een van de schepen op de kaart om de locatie \u00e9n live webcam te bekijken.  <\/p>\n\n\n\n<iframe loading=\"lazy\" src=\"https:\/\/maps.greenpeace.org\/maps\/gpships\/\" width=\"100%\" height=\"500\" frameborder=\"0\"><\/iframe>\n\n\n\n<div style=\"height:51px\" aria-hidden=\"true\" class=\"wp-block-spacer\"><\/div>\n\n\n\n<div class=\"wp-block-query posts-list p4-query-loop is-custom-layout-list is-layout-flow wp-block-query-is-layout-flow\">\n<div class=\"wp-block-group is-content-justification-space-between is-layout-flex wp-container-core-group-is-layout-3d213aab wp-block-group-is-layout-flex\">\n<h2 class=\"wp-block-heading\">Nieuws van de vloot <\/h2>\n<\/div>\n\n\n\n<p style=\"margin-top:24px;margin-bottom:36px\"><\/p>\n\n\n\n\n<ul class=\"wp-block-post-template is-layout-flow wp-block-post-template-is-layout-flow\"><li class=\"wp-block-post post-81295 post type-post status-publish format-standard has-post-thumbnail hentry category-eerlijke-wereld category-nieuws tag-arcticsunrise tag-eerlijke-wereld p4-page-type-pers\">\n\n<div class=\"wp-block-columns is-layout-flex wp-container-core-columns-is-layout-9d6595d7 wp-block-columns-is-layout-flex\"><figure class=\"wp-block-post-featured-image\"><a href=\"https:\/\/www.greenpeace.org\/nl\/eerlijke-wereld\/81295\/israelische-troepen-enteren-en-detineren-illegaal-vreedzame-deelnemers-van-de-global-sumud-flotilla\/\" target=\"_self\"  ><img loading=\"lazy\" decoding=\"async\" width=\"1200\" height=\"800\" src=\"https:\/\/www.greenpeace.org\/static\/planet4-netherlands-stateless\/2026\/04\/c6665c4b-gp0su8qzi_medium-res-with-credit-line-1200px.jpg\" class=\"attachment-post-thumbnail size-post-thumbnail wp-post-image wp-stateless-item\" alt=\"Isra\u00eblische troepen enteren en detineren illegaal vreedzame deelnemers van de Global Sumud Flotilla\" style=\"object-fit:cover;\" srcset=\"https:\/\/www.greenpeace.org\/static\/planet4-netherlands-stateless\/2026\/04\/c6665c4b-gp0su8qzi_medium-res-with-credit-line-1200px.jpg 1200w, https:\/\/www.greenpeace.org\/static\/planet4-netherlands-stateless\/2026\/04\/c6665c4b-gp0su8qzi_medium-res-with-credit-line-1200px-300x200.jpg 300w, https:\/\/www.greenpeace.org\/static\/planet4-netherlands-stateless\/2026\/04\/c6665c4b-gp0su8qzi_medium-res-with-credit-line-1200px-1024x683.jpg 1024w, https:\/\/www.greenpeace.org\/static\/planet4-netherlands-stateless\/2026\/04\/c6665c4b-gp0su8qzi_medium-res-with-credit-line-1200px-768x512.jpg 768w, https:\/\/www.greenpeace.org\/static\/planet4-netherlands-stateless\/2026\/04\/c6665c4b-gp0su8qzi_medium-res-with-credit-line-1200px-510x340.jpg 510w\" sizes=\"auto, (max-width: 1200px) 100vw, 1200px\" data-image-size=\"post-thumbnail\" data-stateless-media-bucket=\"planet4-netherlands-stateless\" data-stateless-media-name=\"2026\/04\/c6665c4b-gp0su8qzi_medium-res-with-credit-line-1200px.jpg\" \/><\/a><\/figure>\n\n\n<div class=\"wp-block-group is-layout-flow wp-block-group-is-layout-flow\">\n<div class=\"wp-block-group is-layout-flex wp-block-group-is-layout-flex\"><div class=\"wp-block-post-terms\"><a href=\"https:\/\/www.greenpeace.org\/nl\/category\/eerlijke-wereld\/\">Eerlijke wereld<\/a><\/div>\n\n<div class=\"taxonomy-post_tag wp-block-post-terms\"><a href=\"https:\/\/www.greenpeace.org\/nl\/tag\/arcticsunrise\/\" rel=\"tag\">ArcticSunrise<\/a><span class=\"wp-block-post-terms__separator\"> <\/span><a href=\"https:\/\/www.greenpeace.org\/nl\/tag\/eerlijke-wereld\/\" rel=\"tag\">Eerlijke wereld<\/a><\/div><\/div>\n\n\n<h3 class=\"wp-block-post-title\"><a href=\"https:\/\/www.greenpeace.org\/nl\/eerlijke-wereld\/81295\/israelische-troepen-enteren-en-detineren-illegaal-vreedzame-deelnemers-van-de-global-sumud-flotilla\/\" target=\"_self\" >Isra\u00eblische troepen enteren en detineren illegaal vreedzame deelnemers van de Global Sumud Flotilla<\/a><\/h3>\n\n<div class=\"wp-block-post-excerpt\"><p class=\"wp-block-post-excerpt__excerpt\">Isra\u00eblische troepen hebben schepen van de Global Sumud Flotilla ge\u00ebnterd en hebben ongeveer 175 vreedzame individuen illegaal gedetineerd in internationale wateren, 45 zeemijl ten westen van het Griekse eiland Kythira&hellip; <\/p><\/div>\n\n\n<div class=\"wp-block-group posts-list-meta is-layout-flow wp-block-group-is-layout-flow\"><span class='article-list-item-author'><a href='https:\/\/www.greenpeace.org\/nl\/author\/awensinggreenpeace-org\/'>Anneke Wensing<\/a><\/span>\n\n<div class=\"wp-block-post-date\"><time datetime=\"2026-04-30T06:00:00+02:00\">30 april 2026<\/time><\/div><\/div>\n<\/div>\n<\/div>\n\n<\/li><li class=\"wp-block-post post-72586 post type-post status-publish format-standard has-post-thumbnail hentry category-klimaat-categorie category-over-greenpeace tag-politiek tag-rainbowwarrior tag-klimaatcrisis tag-bonaire-climate-justice p4-page-type-pers\">\n\n<div class=\"wp-block-columns is-layout-flex wp-container-core-columns-is-layout-9d6595d7 wp-block-columns-is-layout-flex\"><figure class=\"wp-block-post-featured-image\"><a href=\"https:\/\/www.greenpeace.org\/nl\/klimaat-categorie\/72586\/inwoners-van-bonaire-en-greenpeace-tegenover-nederlandse-staat-in-rechtbank-voor-klimaatzaak\/\" target=\"_self\"  ><img loading=\"lazy\" decoding=\"async\" width=\"1200\" height=\"800\" src=\"https:\/\/www.greenpeace.org\/static\/planet4-netherlands-stateless\/2025\/10\/9ae2a141-gp0su6yde.jpg\" class=\"attachment-post-thumbnail size-post-thumbnail wp-post-image wp-stateless-item\" alt=\"Inwoners van Bonaire en Greenpeace tegenover\u00a0 Nederlandse Staat in rechtbank voor Klimaatzaak\u00a0\" style=\"object-fit:cover;\" srcset=\"https:\/\/www.greenpeace.org\/static\/planet4-netherlands-stateless\/2025\/10\/9ae2a141-gp0su6yde.jpg 1200w, https:\/\/www.greenpeace.org\/static\/planet4-netherlands-stateless\/2025\/10\/9ae2a141-gp0su6yde-300x200.jpg 300w, https:\/\/www.greenpeace.org\/static\/planet4-netherlands-stateless\/2025\/10\/9ae2a141-gp0su6yde-1024x683.jpg 1024w, https:\/\/www.greenpeace.org\/static\/planet4-netherlands-stateless\/2025\/10\/9ae2a141-gp0su6yde-768x512.jpg 768w, https:\/\/www.greenpeace.org\/static\/planet4-netherlands-stateless\/2025\/10\/9ae2a141-gp0su6yde-510x340.jpg 510w\" sizes=\"auto, (max-width: 1200px) 100vw, 1200px\" data-image-size=\"post-thumbnail\" data-stateless-media-bucket=\"planet4-netherlands-stateless\" data-stateless-media-name=\"2025\/10\/9ae2a141-gp0su6yde.jpg\" \/><\/a><\/figure>\n\n\n<div class=\"wp-block-group is-layout-flow wp-block-group-is-layout-flow\">\n<div class=\"wp-block-group is-layout-flex wp-block-group-is-layout-flex\"><div class=\"wp-block-post-terms\"><a href=\"https:\/\/www.greenpeace.org\/nl\/category\/klimaat-categorie\/\">Klimaat<\/a><\/div>\n\n<div class=\"taxonomy-post_tag wp-block-post-terms\"><a href=\"https:\/\/www.greenpeace.org\/nl\/tag\/politiek\/\" rel=\"tag\">Politiek<\/a><span class=\"wp-block-post-terms__separator\"> <\/span><a href=\"https:\/\/www.greenpeace.org\/nl\/tag\/rainbowwarrior\/\" rel=\"tag\">RainbowWarrior<\/a><span class=\"wp-block-post-terms__separator\"> <\/span><a href=\"https:\/\/www.greenpeace.org\/nl\/tag\/klimaatcrisis\/\" rel=\"tag\">Klimaatcrisis<\/a><span class=\"wp-block-post-terms__separator\"> <\/span><a href=\"https:\/\/www.greenpeace.org\/nl\/tag\/bonaire-climate-justice\/\" rel=\"tag\">Bonaire<\/a><\/div><\/div>\n\n\n<h3 class=\"wp-block-post-title\"><a href=\"https:\/\/www.greenpeace.org\/nl\/klimaat-categorie\/72586\/inwoners-van-bonaire-en-greenpeace-tegenover-nederlandse-staat-in-rechtbank-voor-klimaatzaak\/\" target=\"_self\" >Inwoners van Bonaire en Greenpeace tegenover\u00a0 Nederlandse Staat in rechtbank voor Klimaatzaak\u00a0<\/a><\/h3>\n\n<div class=\"wp-block-post-excerpt\"><p class=\"wp-block-post-excerpt__excerpt\">Eerste klimaatadaptatie zaak van start na internationale uitspraken <\/p><\/div>\n\n\n<div class=\"wp-block-group posts-list-meta is-layout-flow wp-block-group-is-layout-flow\"><span class='article-list-item-author'><a href='https:\/\/www.greenpeace.org\/nl\/author\/bkarst\/'>Bram Karst<\/a><\/span>\n\n<div class=\"wp-block-post-date\"><time datetime=\"2025-10-02T10:00:00+02:00\">2 oktober 2025<\/time><\/div><\/div>\n<\/div>\n<\/div>\n\n<\/li><li class=\"wp-block-post post-72496 post type-post status-publish format-standard has-post-thumbnail hentry category-klimaat-categorie tag-bonaire-climate-justice tag-rainbowwarrior p4-page-type-pers\">\n\n<div class=\"wp-block-columns is-layout-flex wp-container-core-columns-is-layout-9d6595d7 wp-block-columns-is-layout-flex\"><figure class=\"wp-block-post-featured-image\"><a href=\"https:\/\/www.greenpeace.org\/nl\/klimaat-categorie\/72496\/e-barku-ikoniko-di-greenpeace-rainbow-warrior-a-yega-boneiru\/\" target=\"_self\"  ><img loading=\"lazy\" decoding=\"async\" width=\"1600\" height=\"1068\" src=\"https:\/\/www.greenpeace.org\/static\/planet4-netherlands-stateless\/2025\/09\/b71d2185-whatsapp-image-2025-09-26-at-19.51.45-1.jpeg\" class=\"attachment-post-thumbnail size-post-thumbnail wp-post-image wp-stateless-item\" alt=\"E barku ik\u00f3niko di Greenpeace Rainbow Warrior a yega Boneiru\" style=\"object-fit:cover;\" srcset=\"https:\/\/www.greenpeace.org\/static\/planet4-netherlands-stateless\/2025\/09\/b71d2185-whatsapp-image-2025-09-26-at-19.51.45-1.jpeg 1600w, https:\/\/www.greenpeace.org\/static\/planet4-netherlands-stateless\/2025\/09\/b71d2185-whatsapp-image-2025-09-26-at-19.51.45-1-300x200.jpeg 300w, https:\/\/www.greenpeace.org\/static\/planet4-netherlands-stateless\/2025\/09\/b71d2185-whatsapp-image-2025-09-26-at-19.51.45-1-1024x684.jpeg 1024w, https:\/\/www.greenpeace.org\/static\/planet4-netherlands-stateless\/2025\/09\/b71d2185-whatsapp-image-2025-09-26-at-19.51.45-1-768x513.jpeg 768w, https:\/\/www.greenpeace.org\/static\/planet4-netherlands-stateless\/2025\/09\/b71d2185-whatsapp-image-2025-09-26-at-19.51.45-1-1536x1025.jpeg 1536w, https:\/\/www.greenpeace.org\/static\/planet4-netherlands-stateless\/2025\/09\/b71d2185-whatsapp-image-2025-09-26-at-19.51.45-1-510x340.jpeg 510w\" sizes=\"auto, (max-width: 1600px) 100vw, 1600px\" data-image-size=\"post-thumbnail\" data-stateless-media-bucket=\"planet4-netherlands-stateless\" data-stateless-media-name=\"2025\/09\/b71d2185-whatsapp-image-2025-09-26-at-19.51.45-1.jpeg\" \/><\/a><\/figure>\n\n\n<div class=\"wp-block-group is-layout-flow wp-block-group-is-layout-flow\">\n<div class=\"wp-block-group is-layout-flex wp-block-group-is-layout-flex\"><div class=\"wp-block-post-terms\"><a href=\"https:\/\/www.greenpeace.org\/nl\/category\/klimaat-categorie\/\">Klimaat<\/a><\/div>\n\n<div class=\"taxonomy-post_tag wp-block-post-terms\"><a href=\"https:\/\/www.greenpeace.org\/nl\/tag\/bonaire-climate-justice\/\" rel=\"tag\">Bonaire<\/a><span class=\"wp-block-post-terms__separator\"> <\/span><a href=\"https:\/\/www.greenpeace.org\/nl\/tag\/rainbowwarrior\/\" rel=\"tag\">RainbowWarrior<\/a><\/div><\/div>\n\n\n<h3 class=\"wp-block-post-title\"><a href=\"https:\/\/www.greenpeace.org\/nl\/klimaat-categorie\/72496\/e-barku-ikoniko-di-greenpeace-rainbow-warrior-a-yega-boneiru\/\" target=\"_self\" >E barku ik\u00f3niko di Greenpeace Rainbow Warrior a yega Boneiru<\/a><\/h3>\n\n<div class=\"wp-block-post-excerpt\"><p class=\"wp-block-post-excerpt__excerpt\">Bishit\u00e1 e barku durante e dianan habr\u00ed riba 27 i 28 di s\u00e8pt\u00e8mber <\/p><\/div>\n\n\n<div class=\"wp-block-group posts-list-meta is-layout-flow wp-block-group-is-layout-flow\"><span class='article-list-item-author'><a href='https:\/\/www.greenpeace.org\/nl\/author\/laura\/'>Laura Polderman<\/a><\/span>\n\n<div class=\"wp-block-post-date\"><time datetime=\"2025-09-27T02:17:52+02:00\">27 september 2025<\/time><\/div><\/div>\n<\/div>\n<\/div>\n\n<\/li><\/ul>\n\n\n<div class=\"wp-block-buttons carousel-controls is-horizontal is-content-justification-space-between is-nowrap is-layout-flex wp-container-core-buttons-is-layout-044bd602 wp-block-buttons-is-layout-flex\">\n<div class=\"wp-block-button carousel-control-prev\"><button type=\"button\" class=\"wp-block-button__link wp-element-button\">Prev<\/button><\/div>\n\n\n\n<div class=\"wp-block-button carousel-control-next\"><button type=\"button\" class=\"wp-block-button__link wp-element-button\">Volgende<\/button><\/div>\n<\/div>\n<\/div>\n<\/div>\n\n","protected":false},"excerpt":{"rendered":"<p>Onze schepen varen al meer dan 50 jaar over alle zee\u00ebn van de wereld om onze planeet te beschermen en te strijden voor rechtvaardigheid.<\/p>\n","protected":false},"author":94,"featured_media":65114,"parent":63601,"menu_order":0,"comment_status":"closed","ping_status":"closed","template":"","meta":{"ep_exclude_from_search":false,"p4_hide_page_title_checkbox":"on","p4_title":"","p4_subtitle":"","p4_description":"","background_image_id":"","background_image":"","p4_button_title":"","p4_button_link":"","p4_button_link_checkbox":"","p4_og_title":"","p4_og_description":"","p4_og_image":"","p4_og_image_id":"","p4_seo_canonical_url":"","p4_campaign_name":"","p4_local_project":"","p4_basket_name":"","p4_department":"","footnotes":""},"categories":[],"tags":[],"class_list":["post-65113","page","type-page","status-publish","has-post-thumbnail","hentry"],"_links":{"self":[{"href":"https:\/\/www.greenpeace.org\/nl\/wp-json\/wp\/v2\/pages\/65113","targetHints":{"allow":["GET"]}}],"collection":[{"href":"https:\/\/www.greenpeace.org\/nl\/wp-json\/wp\/v2\/pages"}],"about":[{"href":"https:\/\/www.greenpeace.org\/nl\/wp-json\/wp\/v2\/types\/page"}],"author":[{"embeddable":true,"href":"https:\/\/www.greenpeace.org\/nl\/wp-json\/wp\/v2\/users\/94"}],"replies":[{"embeddable":true,"href":"https:\/\/www.greenpeace.org\/nl\/wp-json\/wp\/v2\/comments?post=65113"}],"version-history":[{"count":20,"href":"https:\/\/www.greenpeace.org\/nl\/wp-json\/wp\/v2\/pages\/65113\/revisions"}],"predecessor-version":[{"id":81376,"href":"https:\/\/www.greenpeace.org\/nl\/wp-json\/wp\/v2\/pages\/65113\/revisions\/81376"}],"up":[{"embeddable":true,"href":"https:\/\/www.greenpeace.org\/nl\/wp-json\/wp\/v2\/pages\/63601"}],"wp:featuredmedia":[{"embeddable":true,"href":"https:\/\/www.greenpeace.org\/nl\/wp-json\/wp\/v2\/media\/65114"}],"wp:attachment":[{"href":"https:\/\/www.greenpeace.org\/nl\/wp-json\/wp\/v2\/media?parent=65113"}],"wp:term":[{"taxonomy":"category","embeddable":true,"href":"https:\/\/www.greenpeace.org\/nl\/wp-json\/wp\/v2\/categories?post=65113"},{"taxonomy":"post_tag","embeddable":true,"href":"https:\/\/www.greenpeace.org\/nl\/wp-json\/wp\/v2\/tags?post=65113"}],"curies":[{"name":"wp","href":"https:\/\/api.w.org\/{rel}","templated":true}]}}