{"id":72010,"date":"2025-08-28T13:47:09","date_gmt":"2025-08-28T11:47:09","guid":{"rendered":"https:\/\/www.greenpeace.org\/nl\/?page_id=72010"},"modified":"2025-09-23T12:14:53","modified_gmt":"2025-09-23T10:14:53","slug":"persberichten","status":"publish","type":"page","link":"https:\/\/www.greenpeace.org\/nl\/nieuws\/persberichten\/","title":{"rendered":"Persberichten"},"content":{"rendered":"\n<div class=\"wp-block-query posts-list p4-query-loop is-custom-layout-grid is-layout-grid wp-container-core-query-is-layout-b8bb0bd1 wp-block-query-is-layout-grid\">\n<div class=\"wp-block-group is-content-justification-space-between is-layout-flex wp-container-core-group-is-layout-3d213aab wp-block-group-is-layout-flex\">\n<h2 class=\"wp-block-heading\" id=\"h-alle-persberichten\">Alle persberichten<\/h2>\n\n\n<\/div>\n\n\n\n<p style=\"margin-top:24px;margin-bottom:36px\"><\/p>\n\n\n\n\n<ul class=\"wp-block-post-template is-layout-flow wp-block-post-template-is-layout-flow\"><li class=\"wp-block-post post-81256 post type-post status-publish format-standard has-post-thumbnail hentry category-jbs tag-jbs p4-page-type-pers\">\n\n<div class=\"wp-block-columns is-layout-flex wp-container-core-columns-is-layout-9d6595d7 wp-block-columns-is-layout-flex\"><figure class=\"wp-block-post-featured-image\"><a href=\"https:\/\/www.greenpeace.org\/nl\/jbs\/81256\/greenpeace-neemt-juridische-stappen-tegen-destructieve-groeiplannen-vleesgigant-jbs\/\" target=\"_self\"  ><img loading=\"lazy\" decoding=\"async\" width=\"1200\" height=\"809\" src=\"https:\/\/www.greenpeace.org\/static\/planet4-netherlands-stateless\/2026\/04\/ac804a66-gp0su8sz6_medium-res-with-credit-line-1200px.jpg\" class=\"attachment-post-thumbnail size-post-thumbnail wp-post-image wp-stateless-item\" alt=\"Greenpeace Nederland neemt juridische stappen tegen destructieve groeiplannen vleesgigant JBS\u00a0\" style=\"object-fit:cover;\" srcset=\"https:\/\/www.greenpeace.org\/static\/planet4-netherlands-stateless\/2026\/04\/ac804a66-gp0su8sz6_medium-res-with-credit-line-1200px.jpg 1200w, https:\/\/www.greenpeace.org\/static\/planet4-netherlands-stateless\/2026\/04\/ac804a66-gp0su8sz6_medium-res-with-credit-line-1200px-300x202.jpg 300w, https:\/\/www.greenpeace.org\/static\/planet4-netherlands-stateless\/2026\/04\/ac804a66-gp0su8sz6_medium-res-with-credit-line-1200px-1024x690.jpg 1024w, https:\/\/www.greenpeace.org\/static\/planet4-netherlands-stateless\/2026\/04\/ac804a66-gp0su8sz6_medium-res-with-credit-line-1200px-768x518.jpg 768w, https:\/\/www.greenpeace.org\/static\/planet4-netherlands-stateless\/2026\/04\/ac804a66-gp0su8sz6_medium-res-with-credit-line-1200px-504x340.jpg 504w\" sizes=\"auto, (max-width: 1200px) 100vw, 1200px\" data-image-size=\"post-thumbnail\" data-stateless-media-bucket=\"planet4-netherlands-stateless\" data-stateless-media-name=\"2026\/04\/ac804a66-gp0su8sz6_medium-res-with-credit-line-1200px.jpg\" \/><\/a><\/figure>\n\n\n<div class=\"wp-block-group is-layout-flow wp-block-group-is-layout-flow\">\n<div class=\"wp-block-group is-layout-flex wp-block-group-is-layout-flex\"><div class=\"wp-block-post-terms\"><a href=\"https:\/\/www.greenpeace.org\/nl\/category\/jbs\/\">JBS<\/a><\/div>\n\n<div class=\"taxonomy-post_tag wp-block-post-terms\"><a href=\"https:\/\/www.greenpeace.org\/nl\/tag\/jbs\/\" rel=\"tag\">JBS<\/a><\/div><\/div>\n\n\n<h3 class=\"wp-block-post-title\"><a href=\"https:\/\/www.greenpeace.org\/nl\/jbs\/81256\/greenpeace-neemt-juridische-stappen-tegen-destructieve-groeiplannen-vleesgigant-jbs\/\" target=\"_self\" >Greenpeace Nederland neemt juridische stappen tegen destructieve groeiplannen vleesgigant JBS\u00a0<\/a><\/h3>\n\n<div class=\"wp-block-post-excerpt\"><p class=\"wp-block-post-excerpt__excerpt\">Actievoerders verstoren aandeelhoudersvergadering JBS&nbsp; <\/p><\/div>\n\n\n<div class=\"wp-block-group posts-list-meta is-layout-flow wp-block-group-is-layout-flow\"><span class='article-list-item-author'><a href='https:\/\/www.greenpeace.org\/nl\/author\/awensinggreenpeace-org\/'>Anneke Wensing<\/a><\/span>\n\n<div class=\"wp-block-post-date\"><time datetime=\"2026-04-30T11:35:43+02:00\">30 april 2026<\/time><\/div><\/div>\n<\/div>\n<\/div>\n\n<\/li><li class=\"wp-block-post post-81196 post type-post status-publish format-standard has-post-thumbnail hentry category-bossen-categorie category-jbs category-landbouw tag-landbouw tag-vlees tag-bossen tag-amazone tag-brief tag-ontbossing tag-jbs p4-page-type-pers\">\n\n<div class=\"wp-block-columns is-layout-flex wp-container-core-columns-is-layout-9d6595d7 wp-block-columns-is-layout-flex\"><figure class=\"wp-block-post-featured-image\"><a href=\"https:\/\/www.greenpeace.org\/nl\/bossen-categorie\/81196\/greenpeace-media-briefing-challenging-jbs-expansion-in-nigeria-and-beyondmedia-briefing-legal-steps-against-jbs\/\" target=\"_self\"  ><img loading=\"lazy\" decoding=\"async\" width=\"1200\" height=\"800\" src=\"https:\/\/www.greenpeace.org\/static\/planet4-netherlands-stateless\/2026\/03\/c693ba89-gp0su5ayv_medium-res-with-credit-line-1200px.jpg\" class=\"attachment-post-thumbnail size-post-thumbnail wp-post-image wp-stateless-item\" alt=\"Greenpeace Media Briefing: Challenging JBS\u2019 expansion in Nigeria and beyond\" style=\"object-fit:cover;\" srcset=\"https:\/\/www.greenpeace.org\/static\/planet4-netherlands-stateless\/2026\/03\/c693ba89-gp0su5ayv_medium-res-with-credit-line-1200px.jpg 1200w, https:\/\/www.greenpeace.org\/static\/planet4-netherlands-stateless\/2026\/03\/c693ba89-gp0su5ayv_medium-res-with-credit-line-1200px-300x200.jpg 300w, https:\/\/www.greenpeace.org\/static\/planet4-netherlands-stateless\/2026\/03\/c693ba89-gp0su5ayv_medium-res-with-credit-line-1200px-1024x683.jpg 1024w, https:\/\/www.greenpeace.org\/static\/planet4-netherlands-stateless\/2026\/03\/c693ba89-gp0su5ayv_medium-res-with-credit-line-1200px-768x512.jpg 768w, https:\/\/www.greenpeace.org\/static\/planet4-netherlands-stateless\/2026\/03\/c693ba89-gp0su5ayv_medium-res-with-credit-line-1200px-510x340.jpg 510w\" sizes=\"auto, (max-width: 1200px) 100vw, 1200px\" data-image-size=\"post-thumbnail\" data-stateless-media-bucket=\"planet4-netherlands-stateless\" data-stateless-media-name=\"2026\/03\/c693ba89-gp0su5ayv_medium-res-with-credit-line-1200px.jpg\" \/><\/a><\/figure>\n\n\n<div class=\"wp-block-group is-layout-flow wp-block-group-is-layout-flow\">\n<div class=\"wp-block-group is-layout-flex wp-block-group-is-layout-flex\"><div class=\"wp-block-post-terms\"><a href=\"https:\/\/www.greenpeace.org\/nl\/category\/bossen-categorie\/\">Bossen<\/a><\/div>\n\n<div class=\"taxonomy-post_tag wp-block-post-terms\"><a href=\"https:\/\/www.greenpeace.org\/nl\/tag\/landbouw\/\" rel=\"tag\">Landbouw<\/a><span class=\"wp-block-post-terms__separator\"> <\/span><a href=\"https:\/\/www.greenpeace.org\/nl\/tag\/vlees\/\" rel=\"tag\">Vlees<\/a><span class=\"wp-block-post-terms__separator\"> <\/span><a href=\"https:\/\/www.greenpeace.org\/nl\/tag\/bossen\/\" rel=\"tag\">Bossen<\/a><span class=\"wp-block-post-terms__separator\"> <\/span><a href=\"https:\/\/www.greenpeace.org\/nl\/tag\/amazone\/\" rel=\"tag\">Amazone<\/a><span class=\"wp-block-post-terms__separator\"> <\/span><a href=\"https:\/\/www.greenpeace.org\/nl\/tag\/brief\/\" rel=\"tag\">Brief<\/a><span class=\"wp-block-post-terms__separator\"> <\/span><a href=\"https:\/\/www.greenpeace.org\/nl\/tag\/ontbossing\/\" rel=\"tag\">Ontbossing<\/a><span class=\"wp-block-post-terms__separator\"> <\/span><a href=\"https:\/\/www.greenpeace.org\/nl\/tag\/jbs\/\" rel=\"tag\">JBS<\/a><\/div><\/div>\n\n\n<h3 class=\"wp-block-post-title\"><a href=\"https:\/\/www.greenpeace.org\/nl\/bossen-categorie\/81196\/greenpeace-media-briefing-challenging-jbs-expansion-in-nigeria-and-beyondmedia-briefing-legal-steps-against-jbs\/\" target=\"_self\" >Greenpeace Media Briefing: Challenging JBS\u2019 expansion in Nigeria and beyond<\/a><\/h3>\n\n<div class=\"wp-block-post-excerpt\"><p class=\"wp-block-post-excerpt__excerpt\">CLEAN April 2026 &#8211; JBS EXPANSION MEDIA BRIEFING <\/p><\/div>\n\n\n<div class=\"wp-block-group posts-list-meta is-layout-flow wp-block-group-is-layout-flow\"><span class='article-list-item-author'><a href='https:\/\/www.greenpeace.org\/nl\/author\/laura\/'>Laura Polderman<\/a><\/span>\n\n<div class=\"wp-block-post-date\"><time datetime=\"2026-04-30T07:48:22+02:00\">30 april 2026<\/time><\/div><\/div>\n<\/div>\n<\/div>\n\n<\/li><li class=\"wp-block-post post-81185 post type-post status-publish format-standard has-post-thumbnail hentry category-bossen-categorie category-jbs category-landbouw tag-jbs tag-landbouw tag-vlees tag-bossen tag-amazone tag-ontbossing p4-page-type-pers\">\n\n<div class=\"wp-block-columns is-layout-flex wp-container-core-columns-is-layout-9d6595d7 wp-block-columns-is-layout-flex\"><figure class=\"wp-block-post-featured-image\"><a href=\"https:\/\/www.greenpeace.org\/nl\/bossen-categorie\/81185\/informatieverzoek-greenpeace-nederland-aan-jbs\/\" target=\"_self\"  ><img loading=\"lazy\" decoding=\"async\" width=\"1200\" height=\"800\" src=\"https:\/\/www.greenpeace.org\/static\/planet4-netherlands-stateless\/2026\/03\/c693ba89-gp0su5ayv_medium-res-with-credit-line-1200px.jpg\" class=\"attachment-post-thumbnail size-post-thumbnail wp-post-image wp-stateless-item\" alt=\"Informatieverzoek Greenpeace Nederland aan JBS\" style=\"object-fit:cover;\" srcset=\"https:\/\/www.greenpeace.org\/static\/planet4-netherlands-stateless\/2026\/03\/c693ba89-gp0su5ayv_medium-res-with-credit-line-1200px.jpg 1200w, https:\/\/www.greenpeace.org\/static\/planet4-netherlands-stateless\/2026\/03\/c693ba89-gp0su5ayv_medium-res-with-credit-line-1200px-300x200.jpg 300w, https:\/\/www.greenpeace.org\/static\/planet4-netherlands-stateless\/2026\/03\/c693ba89-gp0su5ayv_medium-res-with-credit-line-1200px-1024x683.jpg 1024w, https:\/\/www.greenpeace.org\/static\/planet4-netherlands-stateless\/2026\/03\/c693ba89-gp0su5ayv_medium-res-with-credit-line-1200px-768x512.jpg 768w, https:\/\/www.greenpeace.org\/static\/planet4-netherlands-stateless\/2026\/03\/c693ba89-gp0su5ayv_medium-res-with-credit-line-1200px-510x340.jpg 510w\" sizes=\"auto, (max-width: 1200px) 100vw, 1200px\" data-image-size=\"post-thumbnail\" data-stateless-media-bucket=\"planet4-netherlands-stateless\" data-stateless-media-name=\"2026\/03\/c693ba89-gp0su5ayv_medium-res-with-credit-line-1200px.jpg\" \/><\/a><\/figure>\n\n\n<div class=\"wp-block-group is-layout-flow wp-block-group-is-layout-flow\">\n<div class=\"wp-block-group is-layout-flex wp-block-group-is-layout-flex\"><div class=\"wp-block-post-terms\"><a href=\"https:\/\/www.greenpeace.org\/nl\/category\/bossen-categorie\/\">Bossen<\/a><\/div>\n\n<div class=\"taxonomy-post_tag wp-block-post-terms\"><a href=\"https:\/\/www.greenpeace.org\/nl\/tag\/jbs\/\" rel=\"tag\">JBS<\/a><span class=\"wp-block-post-terms__separator\"> <\/span><a href=\"https:\/\/www.greenpeace.org\/nl\/tag\/landbouw\/\" rel=\"tag\">Landbouw<\/a><span class=\"wp-block-post-terms__separator\"> <\/span><a href=\"https:\/\/www.greenpeace.org\/nl\/tag\/vlees\/\" rel=\"tag\">Vlees<\/a><span class=\"wp-block-post-terms__separator\"> <\/span><a href=\"https:\/\/www.greenpeace.org\/nl\/tag\/bossen\/\" rel=\"tag\">Bossen<\/a><span class=\"wp-block-post-terms__separator\"> <\/span><a href=\"https:\/\/www.greenpeace.org\/nl\/tag\/amazone\/\" rel=\"tag\">Amazone<\/a><span class=\"wp-block-post-terms__separator\"> <\/span><a href=\"https:\/\/www.greenpeace.org\/nl\/tag\/ontbossing\/\" rel=\"tag\">Ontbossing<\/a><\/div><\/div>\n\n\n<h3 class=\"wp-block-post-title\"><a href=\"https:\/\/www.greenpeace.org\/nl\/bossen-categorie\/81185\/informatieverzoek-greenpeace-nederland-aan-jbs\/\" target=\"_self\" >Informatieverzoek Greenpeace Nederland aan JBS<\/a><\/h3>\n\n<div class=\"wp-block-post-excerpt\"><p class=\"wp-block-post-excerpt__excerpt\">LBA Greenpeace Netherlands v JBS N.V. &#8211; final exec <\/p><\/div>\n\n\n<div class=\"wp-block-group posts-list-meta is-layout-flow wp-block-group-is-layout-flow\"><span class='article-list-item-author'><a href='https:\/\/www.greenpeace.org\/nl\/author\/laura\/'>Laura Polderman<\/a><\/span>\n\n<div class=\"wp-block-post-date\"><time datetime=\"2026-04-30T07:19:34+02:00\">30 april 2026<\/time><\/div><\/div>\n<\/div>\n<\/div>\n\n<\/li><li class=\"wp-block-post post-81295 post type-post status-publish format-standard has-post-thumbnail hentry category-eerlijke-wereld category-nieuws tag-arcticsunrise tag-eerlijke-wereld p4-page-type-pers\">\n\n<div class=\"wp-block-columns is-layout-flex wp-container-core-columns-is-layout-9d6595d7 wp-block-columns-is-layout-flex\"><figure class=\"wp-block-post-featured-image\"><a href=\"https:\/\/www.greenpeace.org\/nl\/eerlijke-wereld\/81295\/israelische-troepen-enteren-en-detineren-illegaal-vreedzame-deelnemers-van-de-global-sumud-flotilla\/\" target=\"_self\"  ><img loading=\"lazy\" decoding=\"async\" width=\"1200\" height=\"800\" src=\"https:\/\/www.greenpeace.org\/static\/planet4-netherlands-stateless\/2026\/04\/c6665c4b-gp0su8qzi_medium-res-with-credit-line-1200px.jpg\" class=\"attachment-post-thumbnail size-post-thumbnail wp-post-image wp-stateless-item\" alt=\"Isra\u00eblische troepen enteren en detineren illegaal vreedzame deelnemers van de Global Sumud Flotilla\" style=\"object-fit:cover;\" srcset=\"https:\/\/www.greenpeace.org\/static\/planet4-netherlands-stateless\/2026\/04\/c6665c4b-gp0su8qzi_medium-res-with-credit-line-1200px.jpg 1200w, https:\/\/www.greenpeace.org\/static\/planet4-netherlands-stateless\/2026\/04\/c6665c4b-gp0su8qzi_medium-res-with-credit-line-1200px-300x200.jpg 300w, https:\/\/www.greenpeace.org\/static\/planet4-netherlands-stateless\/2026\/04\/c6665c4b-gp0su8qzi_medium-res-with-credit-line-1200px-1024x683.jpg 1024w, https:\/\/www.greenpeace.org\/static\/planet4-netherlands-stateless\/2026\/04\/c6665c4b-gp0su8qzi_medium-res-with-credit-line-1200px-768x512.jpg 768w, https:\/\/www.greenpeace.org\/static\/planet4-netherlands-stateless\/2026\/04\/c6665c4b-gp0su8qzi_medium-res-with-credit-line-1200px-510x340.jpg 510w\" sizes=\"auto, (max-width: 1200px) 100vw, 1200px\" data-image-size=\"post-thumbnail\" data-stateless-media-bucket=\"planet4-netherlands-stateless\" data-stateless-media-name=\"2026\/04\/c6665c4b-gp0su8qzi_medium-res-with-credit-line-1200px.jpg\" \/><\/a><\/figure>\n\n\n<div class=\"wp-block-group is-layout-flow wp-block-group-is-layout-flow\">\n<div class=\"wp-block-group is-layout-flex wp-block-group-is-layout-flex\"><div class=\"wp-block-post-terms\"><a href=\"https:\/\/www.greenpeace.org\/nl\/category\/eerlijke-wereld\/\">Eerlijke wereld<\/a><\/div>\n\n<div class=\"taxonomy-post_tag wp-block-post-terms\"><a href=\"https:\/\/www.greenpeace.org\/nl\/tag\/arcticsunrise\/\" rel=\"tag\">ArcticSunrise<\/a><span class=\"wp-block-post-terms__separator\"> <\/span><a href=\"https:\/\/www.greenpeace.org\/nl\/tag\/eerlijke-wereld\/\" rel=\"tag\">Eerlijke wereld<\/a><\/div><\/div>\n\n\n<h3 class=\"wp-block-post-title\"><a href=\"https:\/\/www.greenpeace.org\/nl\/eerlijke-wereld\/81295\/israelische-troepen-enteren-en-detineren-illegaal-vreedzame-deelnemers-van-de-global-sumud-flotilla\/\" target=\"_self\" >Isra\u00eblische troepen enteren en detineren illegaal vreedzame deelnemers van de Global Sumud Flotilla<\/a><\/h3>\n\n<div class=\"wp-block-post-excerpt\"><p class=\"wp-block-post-excerpt__excerpt\">Isra\u00eblische troepen hebben schepen van de Global Sumud Flotilla ge\u00ebnterd en hebben ongeveer 175 vreedzame individuen illegaal gedetineerd in internationale wateren, 45 zeemijl ten westen van het Griekse eiland Kythira&hellip; <\/p><\/div>\n\n\n<div class=\"wp-block-group posts-list-meta is-layout-flow wp-block-group-is-layout-flow\"><span class='article-list-item-author'><a href='https:\/\/www.greenpeace.org\/nl\/author\/awensinggreenpeace-org\/'>Anneke Wensing<\/a><\/span>\n\n<div class=\"wp-block-post-date\"><time datetime=\"2026-04-30T06:00:00+02:00\">30 april 2026<\/time><\/div><\/div>\n<\/div>\n<\/div>\n\n<\/li><li class=\"wp-block-post post-74172 post type-post status-publish format-standard has-post-thumbnail hentry category-klimaat-categorie tag-bonaire-climate-justice tag-politiek tag-klimaat-energie p4-page-type-pers\">\n\n<div class=\"wp-block-columns is-layout-flex wp-container-core-columns-is-layout-9d6595d7 wp-block-columns-is-layout-flex\"><figure class=\"wp-block-post-featured-image\"><a href=\"https:\/\/www.greenpeace.org\/nl\/klimaat-categorie\/74172\/reactie-greenpeace-en-eisers-op-hoger-beroep-van-de-staat-in-klimaatzaak-bonaire\/\" target=\"_self\"  ><img loading=\"lazy\" decoding=\"async\" width=\"1200\" height=\"807\" src=\"https:\/\/www.greenpeace.org\/static\/planet4-netherlands-stateless\/2025\/10\/0f3fbd3b-gp0su70i6.jpg\" class=\"attachment-post-thumbnail size-post-thumbnail wp-post-image wp-stateless-item\" alt=\"Reactie Greenpeace en eisers op hoger beroep van de Staat in Klimaatzaak Bonaire\" style=\"object-fit:cover;\" srcset=\"https:\/\/www.greenpeace.org\/static\/planet4-netherlands-stateless\/2025\/10\/0f3fbd3b-gp0su70i6.jpg 1200w, https:\/\/www.greenpeace.org\/static\/planet4-netherlands-stateless\/2025\/10\/0f3fbd3b-gp0su70i6-300x202.jpg 300w, https:\/\/www.greenpeace.org\/static\/planet4-netherlands-stateless\/2025\/10\/0f3fbd3b-gp0su70i6-1024x689.jpg 1024w, https:\/\/www.greenpeace.org\/static\/planet4-netherlands-stateless\/2025\/10\/0f3fbd3b-gp0su70i6-768x516.jpg 768w, https:\/\/www.greenpeace.org\/static\/planet4-netherlands-stateless\/2025\/10\/0f3fbd3b-gp0su70i6-506x340.jpg 506w\" sizes=\"auto, (max-width: 1200px) 100vw, 1200px\" data-image-size=\"post-thumbnail\" data-stateless-media-bucket=\"planet4-netherlands-stateless\" data-stateless-media-name=\"2025\/10\/0f3fbd3b-gp0su70i6.jpg\" \/><\/a><\/figure>\n\n\n<div class=\"wp-block-group is-layout-flow wp-block-group-is-layout-flow\">\n<div class=\"wp-block-group is-layout-flex wp-block-group-is-layout-flex\"><div class=\"wp-block-post-terms\"><a href=\"https:\/\/www.greenpeace.org\/nl\/category\/klimaat-categorie\/\">Klimaat<\/a><\/div>\n\n<div class=\"taxonomy-post_tag wp-block-post-terms\"><a href=\"https:\/\/www.greenpeace.org\/nl\/tag\/bonaire-climate-justice\/\" rel=\"tag\">Bonaire<\/a><span class=\"wp-block-post-terms__separator\"> <\/span><a href=\"https:\/\/www.greenpeace.org\/nl\/tag\/politiek\/\" rel=\"tag\">Politiek<\/a><span class=\"wp-block-post-terms__separator\"> <\/span><a href=\"https:\/\/www.greenpeace.org\/nl\/tag\/klimaat-energie\/\" rel=\"tag\">Klimaat &amp; Energie<\/a><\/div><\/div>\n\n\n<h3 class=\"wp-block-post-title\"><a href=\"https:\/\/www.greenpeace.org\/nl\/klimaat-categorie\/74172\/reactie-greenpeace-en-eisers-op-hoger-beroep-van-de-staat-in-klimaatzaak-bonaire\/\" target=\"_self\" >Reactie Greenpeace en eisers op hoger beroep van de Staat in Klimaatzaak Bonaire<\/a><\/h3>\n\n<div class=\"wp-block-post-excerpt\"><p class=\"wp-block-post-excerpt__excerpt\">Hierbij de reactie van Greenpeace Nederland en een eiser in de Klimaatzaak Bonaire, op de aankondiging van hoger beroep van de Staat. <\/p><\/div>\n\n\n<div class=\"wp-block-group posts-list-meta is-layout-flow wp-block-group-is-layout-flow\"><span class='article-list-item-author'><a href='https:\/\/www.greenpeace.org\/nl\/author\/laura\/'>Laura Polderman<\/a><\/span>\n\n<div class=\"wp-block-post-date\"><time datetime=\"2026-04-10T14:54:54+02:00\">10 april 2026<\/time><\/div><\/div>\n<\/div>\n<\/div>\n\n<\/li><li class=\"wp-block-post post-74160 post type-post status-publish format-standard has-post-thumbnail hentry category-nieuws tag-luchtvaart tag-schiphol p4-page-type-pers\">\n\n<div class=\"wp-block-columns is-layout-flex wp-container-core-columns-is-layout-9d6595d7 wp-block-columns-is-layout-flex\"><figure class=\"wp-block-post-featured-image\"><a href=\"https:\/\/www.greenpeace.org\/nl\/nieuws\/74160\/omwonenden-en-milieuorganisaties-eisen-handhaving-overheid-tegen-herrie-schiphol\/\" target=\"_self\"  ><img loading=\"lazy\" decoding=\"async\" width=\"1200\" height=\"826\" src=\"https:\/\/www.greenpeace.org\/static\/planet4-netherlands-stateless\/2020\/04\/7c15a554-gp0sttmex_medium_res.jpg\" class=\"attachment-post-thumbnail size-post-thumbnail wp-post-image wp-stateless-item\" alt=\"Omwonenden en milieuorganisaties eisen handhaving overheid tegen herrie Schiphol\" style=\"object-fit:cover;\" srcset=\"https:\/\/www.greenpeace.org\/static\/planet4-netherlands-stateless\/2020\/04\/7c15a554-gp0sttmex_medium_res.jpg 1200w, https:\/\/www.greenpeace.org\/static\/planet4-netherlands-stateless\/2020\/04\/7c15a554-gp0sttmex_medium_res-300x207.jpg 300w, https:\/\/www.greenpeace.org\/static\/planet4-netherlands-stateless\/2020\/04\/7c15a554-gp0sttmex_medium_res-1024x705.jpg 1024w, https:\/\/www.greenpeace.org\/static\/planet4-netherlands-stateless\/2020\/04\/7c15a554-gp0sttmex_medium_res-768x529.jpg 768w, https:\/\/www.greenpeace.org\/static\/planet4-netherlands-stateless\/2020\/04\/7c15a554-gp0sttmex_medium_res-494x340.jpg 494w\" sizes=\"auto, (max-width: 1200px) 100vw, 1200px\" data-image-size=\"post-thumbnail\" data-stateless-media-bucket=\"planet4-netherlands-stateless\" data-stateless-media-name=\"2020\/04\/7c15a554-gp0sttmex_medium_res.jpg\" \/><\/a><\/figure>\n\n\n<div class=\"wp-block-group is-layout-flow wp-block-group-is-layout-flow\">\n<div class=\"wp-block-group is-layout-flex wp-block-group-is-layout-flex\"><div class=\"wp-block-post-terms\"><a href=\"https:\/\/www.greenpeace.org\/nl\/category\/nieuws\/\">Nieuws<\/a><\/div>\n\n<div class=\"taxonomy-post_tag wp-block-post-terms\"><a href=\"https:\/\/www.greenpeace.org\/nl\/tag\/luchtvaart\/\" rel=\"tag\">Luchtvaart<\/a><span class=\"wp-block-post-terms__separator\"> <\/span><a href=\"https:\/\/www.greenpeace.org\/nl\/tag\/schiphol\/\" rel=\"tag\">Schiphol<\/a><\/div><\/div>\n\n\n<h3 class=\"wp-block-post-title\"><a href=\"https:\/\/www.greenpeace.org\/nl\/nieuws\/74160\/omwonenden-en-milieuorganisaties-eisen-handhaving-overheid-tegen-herrie-schiphol\/\" target=\"_self\" >Omwonenden en milieuorganisaties eisen handhaving overheid tegen herrie Schiphol<\/a><\/h3>\n\n<div class=\"wp-block-post-excerpt\"><p class=\"wp-block-post-excerpt__excerpt\">Amsterdam 9 april 2026 \u2013 De overheid moet per direct optreden tegen luchthaven Schiphol omdat er vorig jaar te veel geluidsoverlast was. Dat eist een brede coalitie van omwonenden en&hellip; <\/p><\/div>\n\n\n<div class=\"wp-block-group posts-list-meta is-layout-flow wp-block-group-is-layout-flow\"><span class='article-list-item-author'><a href='https:\/\/www.greenpeace.org\/nl\/author\/bkarst\/'>Bram Karst<\/a><\/span>\n\n<div class=\"wp-block-post-date\"><time datetime=\"2026-04-09T13:04:14+02:00\">9 april 2026<\/time><\/div><\/div>\n<\/div>\n<\/div>\n\n<\/li><li class=\"wp-block-post post-74142 post type-post status-publish format-standard has-post-thumbnail hentry category-klimaat-categorie tag-klimaatcrisis tag-klimaatakkoord tag-politiek p4-page-type-pers\">\n\n<div class=\"wp-block-columns is-layout-flex wp-container-core-columns-is-layout-9d6595d7 wp-block-columns-is-layout-flex\"><figure class=\"wp-block-post-featured-image\"><a href=\"https:\/\/www.greenpeace.org\/nl\/klimaat-categorie\/74142\/klimaatplannen-kabinet-jetten-zelfs-onvoldoende-voor-eigen-2030-doel\/\" target=\"_self\"  ><img loading=\"lazy\" decoding=\"async\" width=\"512\" height=\"512\" src=\"https:\/\/www.greenpeace.org\/static\/planet4-netherlands-stateless\/2025\/01\/8280eed6-cropped-f079334e-greenpeacelogogreen.jpg\" class=\"attachment-post-thumbnail size-post-thumbnail wp-post-image wp-stateless-item\" alt=\"Klimaatplannen kabinet-Jetten zelfs onvoldoende voor eigen 2030-doel\" style=\"object-fit:cover;\" srcset=\"https:\/\/www.greenpeace.org\/static\/planet4-netherlands-stateless\/2025\/01\/8280eed6-cropped-f079334e-greenpeacelogogreen.jpg 512w, https:\/\/www.greenpeace.org\/static\/planet4-netherlands-stateless\/2025\/01\/8280eed6-cropped-f079334e-greenpeacelogogreen-300x300.jpg 300w, https:\/\/www.greenpeace.org\/static\/planet4-netherlands-stateless\/2025\/01\/8280eed6-cropped-f079334e-greenpeacelogogreen-150x150.jpg 150w, https:\/\/www.greenpeace.org\/static\/planet4-netherlands-stateless\/2025\/01\/8280eed6-cropped-f079334e-greenpeacelogogreen-340x340.jpg 340w, https:\/\/www.greenpeace.org\/static\/planet4-netherlands-stateless\/2025\/01\/8280eed6-cropped-f079334e-greenpeacelogogreen-400x400.jpg 400w, https:\/\/www.greenpeace.org\/static\/planet4-netherlands-stateless\/2025\/01\/8280eed6-cropped-f079334e-greenpeacelogogreen-270x270.jpg 270w, https:\/\/www.greenpeace.org\/static\/planet4-netherlands-stateless\/2025\/01\/8280eed6-cropped-f079334e-greenpeacelogogreen-192x192.jpg 192w, https:\/\/www.greenpeace.org\/static\/planet4-netherlands-stateless\/2025\/01\/8280eed6-cropped-f079334e-greenpeacelogogreen-180x180.jpg 180w, https:\/\/www.greenpeace.org\/static\/planet4-netherlands-stateless\/2025\/01\/8280eed6-cropped-f079334e-greenpeacelogogreen-32x32.jpg 32w\" sizes=\"auto, (max-width: 512px) 100vw, 512px\" data-image-size=\"post-thumbnail\" data-stateless-media-bucket=\"planet4-netherlands-stateless\" data-stateless-media-name=\"2025\/01\/8280eed6-cropped-f079334e-greenpeacelogogreen.jpg\" \/><\/a><\/figure>\n\n\n<div class=\"wp-block-group is-layout-flow wp-block-group-is-layout-flow\">\n<div class=\"wp-block-group is-layout-flex wp-block-group-is-layout-flex\"><div class=\"wp-block-post-terms\"><a href=\"https:\/\/www.greenpeace.org\/nl\/category\/klimaat-categorie\/\">Klimaat<\/a><\/div>\n\n<div class=\"taxonomy-post_tag wp-block-post-terms\"><a href=\"https:\/\/www.greenpeace.org\/nl\/tag\/klimaatcrisis\/\" rel=\"tag\">Klimaatcrisis<\/a><span class=\"wp-block-post-terms__separator\"> <\/span><a href=\"https:\/\/www.greenpeace.org\/nl\/tag\/klimaatakkoord\/\" rel=\"tag\">Klimaatakkoord<\/a><span class=\"wp-block-post-terms__separator\"> <\/span><a href=\"https:\/\/www.greenpeace.org\/nl\/tag\/politiek\/\" rel=\"tag\">Politiek<\/a><\/div><\/div>\n\n\n<h3 class=\"wp-block-post-title\"><a href=\"https:\/\/www.greenpeace.org\/nl\/klimaat-categorie\/74142\/klimaatplannen-kabinet-jetten-zelfs-onvoldoende-voor-eigen-2030-doel\/\" target=\"_self\" >Klimaatplannen kabinet-Jetten zelfs onvoldoende voor eigen 2030-doel<\/a><\/h3>\n\n<div class=\"wp-block-post-excerpt\"><p class=\"wp-block-post-excerpt__excerpt\">9 april 2026, Amsterdam &#8211; Het kabinet-Jetten haalt met de huidige plannen het eigen klimaatdoel voor 2030 niet. Dat blijkt uit een doorrekening van het coalitieakkoord door onderzoeksbureau Kalavasta, in&hellip; <\/p><\/div>\n\n\n<div class=\"wp-block-group posts-list-meta is-layout-flow wp-block-group-is-layout-flow\"><span class='article-list-item-author'><a href='https:\/\/www.greenpeace.org\/nl\/author\/laura\/'>Laura Polderman<\/a><\/span>\n\n<div class=\"wp-block-post-date\"><time datetime=\"2026-04-09T06:01:00+02:00\">9 april 2026<\/time><\/div><\/div>\n<\/div>\n<\/div>\n\n<\/li><li class=\"wp-block-post post-73889 post type-post status-publish format-standard has-post-thumbnail hentry category-nieuws tag-politiek tag-olie tag-klimaat-energie tag-eerlijke-wereld tag-shell p4-page-type-pers\">\n\n<div class=\"wp-block-columns is-layout-flex wp-container-core-columns-is-layout-9d6595d7 wp-block-columns-is-layout-flex\"><figure class=\"wp-block-post-featured-image\"><a href=\"https:\/\/www.greenpeace.org\/nl\/nieuws\/73889\/oliemaatschappijen-maken-dagelijks-miljoenen-extra-winst-door-gestegen-brandstofprijzen\/\" target=\"_self\"  ><img loading=\"lazy\" decoding=\"async\" width=\"1200\" height=\"800\" src=\"https:\/\/www.greenpeace.org\/static\/planet4-netherlands-stateless\/2026\/03\/a8a6ac6c-gp0su8imx_medium-res-with-credit-line-1200px.jpg\" class=\"attachment-post-thumbnail size-post-thumbnail wp-post-image wp-stateless-item\" alt=\"Oliemaatschappijen maken dagelijks miljoenen extra winst door gestegen brandstofprijzen\" style=\"object-fit:cover;\" srcset=\"https:\/\/www.greenpeace.org\/static\/planet4-netherlands-stateless\/2026\/03\/a8a6ac6c-gp0su8imx_medium-res-with-credit-line-1200px.jpg 1200w, https:\/\/www.greenpeace.org\/static\/planet4-netherlands-stateless\/2026\/03\/a8a6ac6c-gp0su8imx_medium-res-with-credit-line-1200px-300x200.jpg 300w, https:\/\/www.greenpeace.org\/static\/planet4-netherlands-stateless\/2026\/03\/a8a6ac6c-gp0su8imx_medium-res-with-credit-line-1200px-1024x683.jpg 1024w, https:\/\/www.greenpeace.org\/static\/planet4-netherlands-stateless\/2026\/03\/a8a6ac6c-gp0su8imx_medium-res-with-credit-line-1200px-768x512.jpg 768w, https:\/\/www.greenpeace.org\/static\/planet4-netherlands-stateless\/2026\/03\/a8a6ac6c-gp0su8imx_medium-res-with-credit-line-1200px-510x340.jpg 510w\" sizes=\"auto, (max-width: 1200px) 100vw, 1200px\" data-image-size=\"post-thumbnail\" data-stateless-media-bucket=\"planet4-netherlands-stateless\" data-stateless-media-name=\"2026\/03\/a8a6ac6c-gp0su8imx_medium-res-with-credit-line-1200px.jpg\" \/><\/a><\/figure>\n\n\n<div class=\"wp-block-group is-layout-flow wp-block-group-is-layout-flow\">\n<div class=\"wp-block-group is-layout-flex wp-block-group-is-layout-flex\"><div class=\"wp-block-post-terms\"><a href=\"https:\/\/www.greenpeace.org\/nl\/category\/nieuws\/\">Nieuws<\/a><\/div>\n\n<div class=\"taxonomy-post_tag wp-block-post-terms\"><a href=\"https:\/\/www.greenpeace.org\/nl\/tag\/politiek\/\" rel=\"tag\">Politiek<\/a><span class=\"wp-block-post-terms__separator\"> <\/span><a href=\"https:\/\/www.greenpeace.org\/nl\/tag\/olie\/\" rel=\"tag\">Olie<\/a><span class=\"wp-block-post-terms__separator\"> <\/span><a href=\"https:\/\/www.greenpeace.org\/nl\/tag\/klimaat-energie\/\" rel=\"tag\">Klimaat &amp; Energie<\/a><span class=\"wp-block-post-terms__separator\"> <\/span><a href=\"https:\/\/www.greenpeace.org\/nl\/tag\/eerlijke-wereld\/\" rel=\"tag\">Eerlijke wereld<\/a><span class=\"wp-block-post-terms__separator\"> <\/span><a href=\"https:\/\/www.greenpeace.org\/nl\/tag\/shell\/\" rel=\"tag\">Shell<\/a><\/div><\/div>\n\n\n<h3 class=\"wp-block-post-title\"><a href=\"https:\/\/www.greenpeace.org\/nl\/nieuws\/73889\/oliemaatschappijen-maken-dagelijks-miljoenen-extra-winst-door-gestegen-brandstofprijzen\/\" target=\"_self\" >Oliemaatschappijen maken dagelijks miljoenen extra winst door gestegen brandstofprijzen<\/a><\/h3>\n\n<div class=\"wp-block-post-excerpt\"><p class=\"wp-block-post-excerpt__excerpt\">Brussel\/Berlijn, 1 april 2026 \u2013 Oliemaatschappijen maken sinds het uitbreken van de oorlog in Iran dagelijks 2,9 miljoen euro extra winst dankzij de sterk gestegen brandstofprijzen. In de EU gaat&hellip; <\/p><\/div>\n\n\n<div class=\"wp-block-group posts-list-meta is-layout-flow wp-block-group-is-layout-flow\"><span class='article-list-item-author'><a href='https:\/\/www.greenpeace.org\/nl\/author\/bkarst\/'>Bram Karst<\/a><\/span>\n\n<div class=\"wp-block-post-date\"><time datetime=\"2026-04-01T00:01:00+02:00\">1 april 2026<\/time><\/div><\/div>\n<\/div>\n<\/div>\n\n<\/li><li class=\"wp-block-post post-73895 post type-post status-publish format-standard has-post-thumbnail hentry category-nieuws tag-luchtvaart tag-politiek tag-burgerschap tag-klimaatcrisis tag-schiphol p4-page-type-pers\">\n\n<div class=\"wp-block-columns is-layout-flex wp-container-core-columns-is-layout-9d6595d7 wp-block-columns-is-layout-flex\"><figure class=\"wp-block-post-featured-image\"><a href=\"https:\/\/www.greenpeace.org\/nl\/nieuws\/73895\/ruim-35-000-handtekeningen-overhandigd-tegen-opening-lelystad-airport\/\" target=\"_self\"  ><img loading=\"lazy\" decoding=\"async\" width=\"2500\" height=\"1875\" src=\"https:\/\/www.greenpeace.org\/static\/planet4-netherlands-stateless\/2026\/03\/f3b3bed3-gp0su8kev_pressmedia-2500px.jpg\" class=\"attachment-post-thumbnail size-post-thumbnail wp-post-image wp-stateless-item\" alt=\"Ruim 35.000 handtekeningen overhandigd tegen opening Lelystad Airport\" style=\"object-fit:cover;\" srcset=\"https:\/\/www.greenpeace.org\/static\/planet4-netherlands-stateless\/2026\/03\/f3b3bed3-gp0su8kev_pressmedia-2500px.jpg 2500w, https:\/\/www.greenpeace.org\/static\/planet4-netherlands-stateless\/2026\/03\/f3b3bed3-gp0su8kev_pressmedia-2500px-300x225.jpg 300w, https:\/\/www.greenpeace.org\/static\/planet4-netherlands-stateless\/2026\/03\/f3b3bed3-gp0su8kev_pressmedia-2500px-1024x768.jpg 1024w, https:\/\/www.greenpeace.org\/static\/planet4-netherlands-stateless\/2026\/03\/f3b3bed3-gp0su8kev_pressmedia-2500px-768x576.jpg 768w, https:\/\/www.greenpeace.org\/static\/planet4-netherlands-stateless\/2026\/03\/f3b3bed3-gp0su8kev_pressmedia-2500px-1536x1152.jpg 1536w, https:\/\/www.greenpeace.org\/static\/planet4-netherlands-stateless\/2026\/03\/f3b3bed3-gp0su8kev_pressmedia-2500px-2048x1536.jpg 2048w, https:\/\/www.greenpeace.org\/static\/planet4-netherlands-stateless\/2026\/03\/f3b3bed3-gp0su8kev_pressmedia-2500px-1821x1366.jpg 1821w, https:\/\/www.greenpeace.org\/static\/planet4-netherlands-stateless\/2026\/03\/f3b3bed3-gp0su8kev_pressmedia-2500px-453x340.jpg 453w\" sizes=\"auto, (max-width: 2500px) 100vw, 2500px\" data-image-size=\"post-thumbnail\" data-stateless-media-bucket=\"planet4-netherlands-stateless\" data-stateless-media-name=\"2026\/03\/f3b3bed3-gp0su8kev_pressmedia-2500px.jpg\" \/><\/a><\/figure>\n\n\n<div class=\"wp-block-group is-layout-flow wp-block-group-is-layout-flow\">\n<div class=\"wp-block-group is-layout-flex wp-block-group-is-layout-flex\"><div class=\"wp-block-post-terms\"><a href=\"https:\/\/www.greenpeace.org\/nl\/category\/nieuws\/\">Nieuws<\/a><\/div>\n\n<div class=\"taxonomy-post_tag wp-block-post-terms\"><a href=\"https:\/\/www.greenpeace.org\/nl\/tag\/luchtvaart\/\" rel=\"tag\">Luchtvaart<\/a><span class=\"wp-block-post-terms__separator\"> <\/span><a href=\"https:\/\/www.greenpeace.org\/nl\/tag\/politiek\/\" rel=\"tag\">Politiek<\/a><span class=\"wp-block-post-terms__separator\"> <\/span><a href=\"https:\/\/www.greenpeace.org\/nl\/tag\/burgerschap\/\" rel=\"tag\">Burgerschap<\/a><span class=\"wp-block-post-terms__separator\"> <\/span><a href=\"https:\/\/www.greenpeace.org\/nl\/tag\/klimaatcrisis\/\" rel=\"tag\">Klimaatcrisis<\/a><span class=\"wp-block-post-terms__separator\"> <\/span><a href=\"https:\/\/www.greenpeace.org\/nl\/tag\/schiphol\/\" rel=\"tag\">Schiphol<\/a><\/div><\/div>\n\n\n<h3 class=\"wp-block-post-title\"><a href=\"https:\/\/www.greenpeace.org\/nl\/nieuws\/73895\/ruim-35-000-handtekeningen-overhandigd-tegen-opening-lelystad-airport\/\" target=\"_self\" >Ruim 35.000 handtekeningen overhandigd tegen opening Lelystad Airport<\/a><\/h3>\n\n<div class=\"wp-block-post-excerpt\"><p class=\"wp-block-post-excerpt__excerpt\">Oproep aan Tweede Kamer: \u2018Zet streep door Lelystad Airport\u2019&nbsp; <\/p><\/div>\n\n\n<div class=\"wp-block-group posts-list-meta is-layout-flow wp-block-group-is-layout-flow\"><span class='article-list-item-author'><a href='https:\/\/www.greenpeace.org\/nl\/author\/bkarst\/'>Bram Karst<\/a><\/span>\n\n<div class=\"wp-block-post-date\"><time datetime=\"2026-03-31T15:14:57+02:00\">31 maart 2026<\/time><\/div><\/div>\n<\/div>\n<\/div>\n\n<\/li><li class=\"wp-block-post post-73885 post type-post status-publish format-standard has-post-thumbnail hentry category-eerlijke-wereld category-jbs category-nieuws tag-landbouw tag-vlees tag-bossen tag-jbs p4-page-type-pers\">\n\n<div class=\"wp-block-columns is-layout-flex wp-container-core-columns-is-layout-9d6595d7 wp-block-columns-is-layout-flex\"><figure class=\"wp-block-post-featured-image\"><a href=\"https:\/\/www.greenpeace.org\/nl\/eerlijke-wereld\/73885\/greenpeace-vraagt-afrikaans-hof-erken-klimaatverwoesting-als-mensenrechtenschending\/\" target=\"_self\"  ><img loading=\"lazy\" decoding=\"async\" width=\"1200\" height=\"800\" src=\"https:\/\/www.greenpeace.org\/static\/planet4-netherlands-stateless\/2026\/03\/c693ba89-gp0su5ayv_medium-res-with-credit-line-1200px.jpg\" class=\"attachment-post-thumbnail size-post-thumbnail wp-post-image wp-stateless-item\" alt=\"Greenpeace vraagt Afrikaans Hof: erken klimaatverwoesting als mensenrechtenschending\" style=\"object-fit:cover;\" srcset=\"https:\/\/www.greenpeace.org\/static\/planet4-netherlands-stateless\/2026\/03\/c693ba89-gp0su5ayv_medium-res-with-credit-line-1200px.jpg 1200w, https:\/\/www.greenpeace.org\/static\/planet4-netherlands-stateless\/2026\/03\/c693ba89-gp0su5ayv_medium-res-with-credit-line-1200px-300x200.jpg 300w, https:\/\/www.greenpeace.org\/static\/planet4-netherlands-stateless\/2026\/03\/c693ba89-gp0su5ayv_medium-res-with-credit-line-1200px-1024x683.jpg 1024w, https:\/\/www.greenpeace.org\/static\/planet4-netherlands-stateless\/2026\/03\/c693ba89-gp0su5ayv_medium-res-with-credit-line-1200px-768x512.jpg 768w, https:\/\/www.greenpeace.org\/static\/planet4-netherlands-stateless\/2026\/03\/c693ba89-gp0su5ayv_medium-res-with-credit-line-1200px-510x340.jpg 510w\" sizes=\"auto, (max-width: 1200px) 100vw, 1200px\" data-image-size=\"post-thumbnail\" data-stateless-media-bucket=\"planet4-netherlands-stateless\" data-stateless-media-name=\"2026\/03\/c693ba89-gp0su5ayv_medium-res-with-credit-line-1200px.jpg\" \/><\/a><\/figure>\n\n\n<div class=\"wp-block-group is-layout-flow wp-block-group-is-layout-flow\">\n<div class=\"wp-block-group is-layout-flex wp-block-group-is-layout-flex\"><div class=\"wp-block-post-terms\"><a href=\"https:\/\/www.greenpeace.org\/nl\/category\/eerlijke-wereld\/\">Eerlijke wereld<\/a><\/div>\n\n<div class=\"taxonomy-post_tag wp-block-post-terms\"><a href=\"https:\/\/www.greenpeace.org\/nl\/tag\/landbouw\/\" rel=\"tag\">Landbouw<\/a><span class=\"wp-block-post-terms__separator\"> <\/span><a href=\"https:\/\/www.greenpeace.org\/nl\/tag\/vlees\/\" rel=\"tag\">Vlees<\/a><span class=\"wp-block-post-terms__separator\"> <\/span><a href=\"https:\/\/www.greenpeace.org\/nl\/tag\/bossen\/\" rel=\"tag\">Bossen<\/a><span class=\"wp-block-post-terms__separator\"> <\/span><a href=\"https:\/\/www.greenpeace.org\/nl\/tag\/jbs\/\" rel=\"tag\">JBS<\/a><\/div><\/div>\n\n\n<h3 class=\"wp-block-post-title\"><a href=\"https:\/\/www.greenpeace.org\/nl\/eerlijke-wereld\/73885\/greenpeace-vraagt-afrikaans-hof-erken-klimaatverwoesting-als-mensenrechtenschending\/\" target=\"_self\" >Greenpeace vraagt Afrikaans Hof: erken klimaatverwoesting als mensenrechtenschending<\/a><\/h3>\n\n<div class=\"wp-block-post-excerpt\"><p class=\"wp-block-post-excerpt__excerpt\">Uitbreidingsplannen \u201cNederlandse\u201d vleesgigant JBS expliciet genoemd <\/p><\/div>\n\n\n<div class=\"wp-block-group posts-list-meta is-layout-flow wp-block-group-is-layout-flow\"><span class='article-list-item-author'><a href='https:\/\/www.greenpeace.org\/nl\/author\/awensinggreenpeace-org\/'>Anneke Wensing<\/a><\/span>\n\n<div class=\"wp-block-post-date\"><time datetime=\"2026-03-30T15:49:15+02:00\">30 maart 2026<\/time><\/div><\/div>\n<\/div>\n<\/div>\n\n<\/li><li class=\"wp-block-post post-73818 post type-post status-publish format-standard has-post-thumbnail hentry category-nieuws tag-politiek tag-olie tag-gas tag-klimaat-energie tag-shell p4-page-type-pers\">\n\n<div class=\"wp-block-columns is-layout-flex wp-container-core-columns-is-layout-9d6595d7 wp-block-columns-is-layout-flex\"><figure class=\"wp-block-post-featured-image\"><a href=\"https:\/\/www.greenpeace.org\/nl\/nieuws\/73818\/greenpeace-belast-oorlogswinst-van-oliebedrijven\/\" target=\"_self\"  ><img loading=\"lazy\" decoding=\"async\" width=\"1200\" height=\"800\" src=\"https:\/\/www.greenpeace.org\/static\/planet4-netherlands-stateless\/2026\/03\/4479649d-gp1sx539_medium-res-1200px.jpg\" class=\"attachment-post-thumbnail size-post-thumbnail wp-post-image wp-stateless-item\" alt=\"Greenpeace: Belast oorlogswinst van oliebedrijven\" style=\"object-fit:cover;\" srcset=\"https:\/\/www.greenpeace.org\/static\/planet4-netherlands-stateless\/2026\/03\/4479649d-gp1sx539_medium-res-1200px.jpg 1200w, https:\/\/www.greenpeace.org\/static\/planet4-netherlands-stateless\/2026\/03\/4479649d-gp1sx539_medium-res-1200px-300x200.jpg 300w, https:\/\/www.greenpeace.org\/static\/planet4-netherlands-stateless\/2026\/03\/4479649d-gp1sx539_medium-res-1200px-1024x683.jpg 1024w, https:\/\/www.greenpeace.org\/static\/planet4-netherlands-stateless\/2026\/03\/4479649d-gp1sx539_medium-res-1200px-768x512.jpg 768w, https:\/\/www.greenpeace.org\/static\/planet4-netherlands-stateless\/2026\/03\/4479649d-gp1sx539_medium-res-1200px-510x340.jpg 510w\" sizes=\"auto, (max-width: 1200px) 100vw, 1200px\" data-image-size=\"post-thumbnail\" data-stateless-media-bucket=\"planet4-netherlands-stateless\" data-stateless-media-name=\"2026\/03\/4479649d-gp1sx539_medium-res-1200px.jpg\" \/><\/a><\/figure>\n\n\n<div class=\"wp-block-group is-layout-flow wp-block-group-is-layout-flow\">\n<div class=\"wp-block-group is-layout-flex wp-block-group-is-layout-flex\"><div class=\"wp-block-post-terms\"><a href=\"https:\/\/www.greenpeace.org\/nl\/category\/nieuws\/\">Nieuws<\/a><\/div>\n\n<div class=\"taxonomy-post_tag wp-block-post-terms\"><a href=\"https:\/\/www.greenpeace.org\/nl\/tag\/politiek\/\" rel=\"tag\">Politiek<\/a><span class=\"wp-block-post-terms__separator\"> <\/span><a href=\"https:\/\/www.greenpeace.org\/nl\/tag\/olie\/\" rel=\"tag\">Olie<\/a><span class=\"wp-block-post-terms__separator\"> <\/span><a href=\"https:\/\/www.greenpeace.org\/nl\/tag\/gas\/\" rel=\"tag\">Gas<\/a><span class=\"wp-block-post-terms__separator\"> <\/span><a href=\"https:\/\/www.greenpeace.org\/nl\/tag\/klimaat-energie\/\" rel=\"tag\">Klimaat &amp; Energie<\/a><span class=\"wp-block-post-terms__separator\"> <\/span><a href=\"https:\/\/www.greenpeace.org\/nl\/tag\/shell\/\" rel=\"tag\">Shell<\/a><\/div><\/div>\n\n\n<h3 class=\"wp-block-post-title\"><a href=\"https:\/\/www.greenpeace.org\/nl\/nieuws\/73818\/greenpeace-belast-oorlogswinst-van-oliebedrijven\/\" target=\"_self\" >Greenpeace: Belast oorlogswinst van oliebedrijven<\/a><\/h3>\n\n<div class=\"wp-block-post-excerpt\"><p class=\"wp-block-post-excerpt__excerpt\">Greenpeace: Belast oorlogswinst van oliebedrijvenOproep aan vooravond van debat in Tweede Kamer over hoge brandstofprijzen Amsterdam, 24 maart &#8211; De winsten die olie- en gasbedrijven maken door de hoge brandstofprijs&hellip; <\/p><\/div>\n\n\n<div class=\"wp-block-group posts-list-meta is-layout-flow wp-block-group-is-layout-flow\"><span class='article-list-item-author'><a href='https:\/\/www.greenpeace.org\/nl\/author\/bkarst\/'>Bram Karst<\/a><\/span>\n\n<div class=\"wp-block-post-date\"><time datetime=\"2026-03-24T16:00:07+01:00\">24 maart 2026<\/time><\/div><\/div>\n<\/div>\n<\/div>\n\n<\/li><li class=\"wp-block-post post-73773 post type-post status-publish format-standard has-post-thumbnail hentry category-eerlijke-wereld category-nieuws tag-politiek tag-olie tag-eerlijke-wereld p4-page-type-pers\">\n\n<div class=\"wp-block-columns is-layout-flex wp-container-core-columns-is-layout-9d6595d7 wp-block-columns-is-layout-flex\"><figure class=\"wp-block-post-featured-image\"><a href=\"https:\/\/www.greenpeace.org\/nl\/eerlijke-wereld\/73773\/eu-hoofdkantoor-omgetoverd-tot-trump-tower\/\" target=\"_self\"  ><img loading=\"lazy\" decoding=\"async\" width=\"1200\" height=\"901\" src=\"https:\/\/www.greenpeace.org\/static\/planet4-netherlands-stateless\/2026\/03\/8dbc7ec6-gp0su8h1f_medium-res-with-credit-line-1200px.jpg\" class=\"attachment-post-thumbnail size-post-thumbnail wp-post-image wp-stateless-item\" alt=\"EU-hoofdkantoor omgetoverd tot Trump Tower\" style=\"object-fit:cover;\" srcset=\"https:\/\/www.greenpeace.org\/static\/planet4-netherlands-stateless\/2026\/03\/8dbc7ec6-gp0su8h1f_medium-res-with-credit-line-1200px.jpg 1200w, https:\/\/www.greenpeace.org\/static\/planet4-netherlands-stateless\/2026\/03\/8dbc7ec6-gp0su8h1f_medium-res-with-credit-line-1200px-300x225.jpg 300w, https:\/\/www.greenpeace.org\/static\/planet4-netherlands-stateless\/2026\/03\/8dbc7ec6-gp0su8h1f_medium-res-with-credit-line-1200px-1024x769.jpg 1024w, https:\/\/www.greenpeace.org\/static\/planet4-netherlands-stateless\/2026\/03\/8dbc7ec6-gp0su8h1f_medium-res-with-credit-line-1200px-768x577.jpg 768w, https:\/\/www.greenpeace.org\/static\/planet4-netherlands-stateless\/2026\/03\/8dbc7ec6-gp0su8h1f_medium-res-with-credit-line-1200px-453x340.jpg 453w\" sizes=\"auto, (max-width: 1200px) 100vw, 1200px\" data-image-size=\"post-thumbnail\" data-stateless-media-bucket=\"planet4-netherlands-stateless\" data-stateless-media-name=\"2026\/03\/8dbc7ec6-gp0su8h1f_medium-res-with-credit-line-1200px.jpg\" \/><\/a><\/figure>\n\n\n<div class=\"wp-block-group is-layout-flow wp-block-group-is-layout-flow\">\n<div class=\"wp-block-group is-layout-flex wp-block-group-is-layout-flex\"><div class=\"wp-block-post-terms\"><a href=\"https:\/\/www.greenpeace.org\/nl\/category\/eerlijke-wereld\/\">Eerlijke wereld<\/a><\/div>\n\n<div class=\"taxonomy-post_tag wp-block-post-terms\"><a href=\"https:\/\/www.greenpeace.org\/nl\/tag\/politiek\/\" rel=\"tag\">Politiek<\/a><span class=\"wp-block-post-terms__separator\"> <\/span><a href=\"https:\/\/www.greenpeace.org\/nl\/tag\/olie\/\" rel=\"tag\">Olie<\/a><span class=\"wp-block-post-terms__separator\"> <\/span><a href=\"https:\/\/www.greenpeace.org\/nl\/tag\/eerlijke-wereld\/\" rel=\"tag\">Eerlijke wereld<\/a><\/div><\/div>\n\n\n<h3 class=\"wp-block-post-title\"><a href=\"https:\/\/www.greenpeace.org\/nl\/eerlijke-wereld\/73773\/eu-hoofdkantoor-omgetoverd-tot-trump-tower\/\" target=\"_self\" >EU-hoofdkantoor omgetoverd tot Trump Tower<\/a><\/h3>\n\n<div class=\"wp-block-post-excerpt\"><p class=\"wp-block-post-excerpt__excerpt\">Oproep Greenpeace aan EU: kom in verzet tegen Trumps agenda van chaos en wreedheid&nbsp; <\/p><\/div>\n\n\n<div class=\"wp-block-group posts-list-meta is-layout-flow wp-block-group-is-layout-flow\"><span class='article-list-item-author'><a href='https:\/\/www.greenpeace.org\/nl\/author\/awensinggreenpeace-org\/'>Anneke Wensing<\/a><\/span>\n\n<div class=\"wp-block-post-date\"><time datetime=\"2026-03-19T09:31:41+01:00\">19 maart 2026<\/time><\/div><\/div>\n<\/div>\n<\/div>\n\n<\/li><li class=\"wp-block-post post-73756 post type-post status-publish format-standard has-post-thumbnail hentry category-bossen-categorie category-klimaat-categorie category-oceanen-categorie tag-duurzaamheid tag-oceanen tag-bossen tag-klimaat-energie p4-page-type-pers\">\n\n<div class=\"wp-block-columns is-layout-flex wp-container-core-columns-is-layout-9d6595d7 wp-block-columns-is-layout-flex\"><figure class=\"wp-block-post-featured-image\"><a href=\"https:\/\/www.greenpeace.org\/nl\/klimaat-categorie\/73756\/klimaatdoelen-haalbaar-zonder-mijnbouw-in-kwetsbare-ecosystemen\/\" target=\"_self\"  ><img loading=\"lazy\" decoding=\"async\" width=\"800\" height=\"599\" src=\"https:\/\/www.greenpeace.org\/static\/planet4-netherlands-stateless\/2026\/03\/531521f4-gp0su5k02_low-res-with-credit-line-800px.jpg\" class=\"attachment-post-thumbnail size-post-thumbnail wp-post-image wp-stateless-item\" alt=\"Klimaatdoelen haalbaar zonder mijnbouw in kwetsbare ecosystemen\" style=\"object-fit:cover;\" srcset=\"https:\/\/www.greenpeace.org\/static\/planet4-netherlands-stateless\/2026\/03\/531521f4-gp0su5k02_low-res-with-credit-line-800px.jpg 800w, https:\/\/www.greenpeace.org\/static\/planet4-netherlands-stateless\/2026\/03\/531521f4-gp0su5k02_low-res-with-credit-line-800px-300x225.jpg 300w, https:\/\/www.greenpeace.org\/static\/planet4-netherlands-stateless\/2026\/03\/531521f4-gp0su5k02_low-res-with-credit-line-800px-768x575.jpg 768w, https:\/\/www.greenpeace.org\/static\/planet4-netherlands-stateless\/2026\/03\/531521f4-gp0su5k02_low-res-with-credit-line-800px-454x340.jpg 454w\" sizes=\"auto, (max-width: 800px) 100vw, 800px\" data-image-size=\"post-thumbnail\" data-stateless-media-bucket=\"planet4-netherlands-stateless\" data-stateless-media-name=\"2026\/03\/531521f4-gp0su5k02_low-res-with-credit-line-800px.jpg\" \/><\/a><\/figure>\n\n\n<div class=\"wp-block-group is-layout-flow wp-block-group-is-layout-flow\">\n<div class=\"wp-block-group is-layout-flex wp-block-group-is-layout-flex\"><div class=\"wp-block-post-terms\"><a href=\"https:\/\/www.greenpeace.org\/nl\/category\/bossen-categorie\/\">Bossen<\/a><\/div>\n\n<div class=\"taxonomy-post_tag wp-block-post-terms\"><a href=\"https:\/\/www.greenpeace.org\/nl\/tag\/duurzaamheid\/\" rel=\"tag\">Duurzaamheid<\/a><span class=\"wp-block-post-terms__separator\"> <\/span><a href=\"https:\/\/www.greenpeace.org\/nl\/tag\/oceanen\/\" rel=\"tag\">Oceanen<\/a><span class=\"wp-block-post-terms__separator\"> <\/span><a href=\"https:\/\/www.greenpeace.org\/nl\/tag\/bossen\/\" rel=\"tag\">Bossen<\/a><span class=\"wp-block-post-terms__separator\"> <\/span><a href=\"https:\/\/www.greenpeace.org\/nl\/tag\/klimaat-energie\/\" rel=\"tag\">Klimaat &amp; Energie<\/a><\/div><\/div>\n\n\n<h3 class=\"wp-block-post-title\"><a href=\"https:\/\/www.greenpeace.org\/nl\/klimaat-categorie\/73756\/klimaatdoelen-haalbaar-zonder-mijnbouw-in-kwetsbare-ecosystemen\/\" target=\"_self\" >Klimaatdoelen haalbaar zonder mijnbouw in kwetsbare ecosystemen<\/a><\/h3>\n\n<div class=\"wp-block-post-excerpt\"><p class=\"wp-block-post-excerpt__excerpt\">Greenpeace: Veel minder mineralen en metalen nodig voor energietransitie met slimme beleidskeuzes <\/p><\/div>\n\n\n<div class=\"wp-block-group posts-list-meta is-layout-flow wp-block-group-is-layout-flow\"><span class='article-list-item-author'><a href='https:\/\/www.greenpeace.org\/nl\/author\/awensinggreenpeace-org\/'>Anneke Wensing<\/a><\/span>\n\n<div class=\"wp-block-post-date\"><time datetime=\"2026-03-16T11:21:13+01:00\">16 maart 2026<\/time><\/div><\/div>\n<\/div>\n<\/div>\n\n<\/li><li class=\"wp-block-post post-73693 post type-post status-publish format-standard has-post-thumbnail hentry category-nieuws tag-slapp p4-page-type-pers\">\n\n<div class=\"wp-block-columns is-layout-flex wp-container-core-columns-is-layout-9d6595d7 wp-block-columns-is-layout-flex\"><figure class=\"wp-block-post-featured-image\"><a href=\"https:\/\/www.greenpeace.org\/nl\/nieuws\/73693\/greenpeace-organisaties-gaan-in-beroep-tegen-vonnis-van-345-miljoen-dollar-van-rechtbank-in-north-dakota-in-intimidatiezaak-van-energy-transfer\/\" target=\"_self\"  ><img loading=\"lazy\" decoding=\"async\" width=\"2500\" height=\"1667\" src=\"https:\/\/www.greenpeace.org\/static\/planet4-netherlands-stateless\/2025\/03\/f1f6d2fa-gp0su4u8a_pressmedia-2500px.jpg\" class=\"attachment-post-thumbnail size-post-thumbnail wp-post-image wp-stateless-item\" alt=\"Greenpeace-organisaties gaan in beroep tegen vonnis van 345 miljoen dollar van rechtbank in North Dakota in intimidatiezaak van Energy Transfer\" style=\"object-fit:cover;\" srcset=\"https:\/\/www.greenpeace.org\/static\/planet4-netherlands-stateless\/2025\/03\/f1f6d2fa-gp0su4u8a_pressmedia-2500px.jpg 2500w, https:\/\/www.greenpeace.org\/static\/planet4-netherlands-stateless\/2025\/03\/f1f6d2fa-gp0su4u8a_pressmedia-2500px-300x200.jpg 300w, https:\/\/www.greenpeace.org\/static\/planet4-netherlands-stateless\/2025\/03\/f1f6d2fa-gp0su4u8a_pressmedia-2500px-1024x683.jpg 1024w, https:\/\/www.greenpeace.org\/static\/planet4-netherlands-stateless\/2025\/03\/f1f6d2fa-gp0su4u8a_pressmedia-2500px-768x512.jpg 768w, https:\/\/www.greenpeace.org\/static\/planet4-netherlands-stateless\/2025\/03\/f1f6d2fa-gp0su4u8a_pressmedia-2500px-1536x1024.jpg 1536w, https:\/\/www.greenpeace.org\/static\/planet4-netherlands-stateless\/2025\/03\/f1f6d2fa-gp0su4u8a_pressmedia-2500px-2048x1366.jpg 2048w, https:\/\/www.greenpeace.org\/static\/planet4-netherlands-stateless\/2025\/03\/f1f6d2fa-gp0su4u8a_pressmedia-2500px-510x340.jpg 510w\" sizes=\"auto, (max-width: 2500px) 100vw, 2500px\" data-image-size=\"post-thumbnail\" data-stateless-media-bucket=\"planet4-netherlands-stateless\" data-stateless-media-name=\"2025\/03\/f1f6d2fa-gp0su4u8a_pressmedia-2500px.jpg\" \/><\/a><\/figure>\n\n\n<div class=\"wp-block-group is-layout-flow wp-block-group-is-layout-flow\">\n<div class=\"wp-block-group is-layout-flex wp-block-group-is-layout-flex\"><div class=\"wp-block-post-terms\"><a href=\"https:\/\/www.greenpeace.org\/nl\/category\/nieuws\/\">Nieuws<\/a><\/div>\n\n<div class=\"taxonomy-post_tag wp-block-post-terms\"><a href=\"https:\/\/www.greenpeace.org\/nl\/tag\/slapp\/\" rel=\"tag\">SLAPP<\/a><\/div><\/div>\n\n\n<h3 class=\"wp-block-post-title\"><a href=\"https:\/\/www.greenpeace.org\/nl\/nieuws\/73693\/greenpeace-organisaties-gaan-in-beroep-tegen-vonnis-van-345-miljoen-dollar-van-rechtbank-in-north-dakota-in-intimidatiezaak-van-energy-transfer\/\" target=\"_self\" >Greenpeace-organisaties gaan in beroep tegen vonnis van 345 miljoen dollar van rechtbank in North Dakota in intimidatiezaak van Energy Transfer<\/a><\/h3>\n\n<div class=\"wp-block-post-excerpt\"><p class=\"wp-block-post-excerpt__excerpt\">27 februari 2026 \u2022 Mandan, North Dakota \u2014 Greenpeace International en Greenpeace-organisaties in de VS kondigen aan dat ze een nieuw proces zullen aanvragen en, indien nodig, in beroep zullen&hellip; <\/p><\/div>\n\n\n<div class=\"wp-block-group posts-list-meta is-layout-flow wp-block-group-is-layout-flow\"><span class='article-list-item-author'><a href='https:\/\/www.greenpeace.org\/nl\/author\/laura\/'>Laura Polderman<\/a><\/span>\n\n<div class=\"wp-block-post-date\"><time datetime=\"2026-03-02T14:12:21+01:00\">2 maart 2026<\/time><\/div><\/div>\n<\/div>\n<\/div>\n\n<\/li><li class=\"wp-block-post post-73662 post type-post status-publish format-standard has-post-thumbnail hentry category-plastic-categorie category-nieuws tag-plastic p4-page-type-pers\">\n\n<div class=\"wp-block-columns is-layout-flex wp-container-core-columns-is-layout-9d6595d7 wp-block-columns-is-layout-flex\"><figure class=\"wp-block-post-featured-image\"><a href=\"https:\/\/www.greenpeace.org\/nl\/plastic-categorie\/73662\/onderzoek-kant-en-klaarmaaltijden-vol-microplastics-en-giftige-chemicalien\/\" target=\"_self\"  ><img loading=\"lazy\" decoding=\"async\" width=\"1200\" height=\"800\" src=\"https:\/\/www.greenpeace.org\/static\/planet4-netherlands-stateless\/2026\/02\/78817638-gp0su7hih_medium-res-with-credit-line-1200px.jpg\" class=\"attachment-post-thumbnail size-post-thumbnail wp-post-image wp-stateless-item\" alt=\"Onderzoek: kant-en-klaarmaaltijden vol microplastics en giftige chemicali\u00ebn\" style=\"object-fit:cover;\" srcset=\"https:\/\/www.greenpeace.org\/static\/planet4-netherlands-stateless\/2026\/02\/78817638-gp0su7hih_medium-res-with-credit-line-1200px.jpg 1200w, https:\/\/www.greenpeace.org\/static\/planet4-netherlands-stateless\/2026\/02\/78817638-gp0su7hih_medium-res-with-credit-line-1200px-300x200.jpg 300w, https:\/\/www.greenpeace.org\/static\/planet4-netherlands-stateless\/2026\/02\/78817638-gp0su7hih_medium-res-with-credit-line-1200px-1024x683.jpg 1024w, https:\/\/www.greenpeace.org\/static\/planet4-netherlands-stateless\/2026\/02\/78817638-gp0su7hih_medium-res-with-credit-line-1200px-768x512.jpg 768w, https:\/\/www.greenpeace.org\/static\/planet4-netherlands-stateless\/2026\/02\/78817638-gp0su7hih_medium-res-with-credit-line-1200px-510x340.jpg 510w\" sizes=\"auto, (max-width: 1200px) 100vw, 1200px\" data-image-size=\"post-thumbnail\" data-stateless-media-bucket=\"planet4-netherlands-stateless\" data-stateless-media-name=\"2026\/02\/78817638-gp0su7hih_medium-res-with-credit-line-1200px.jpg\" \/><\/a><\/figure>\n\n\n<div class=\"wp-block-group is-layout-flow wp-block-group-is-layout-flow\">\n<div class=\"wp-block-group is-layout-flex wp-block-group-is-layout-flex\"><div class=\"wp-block-post-terms\"><a href=\"https:\/\/www.greenpeace.org\/nl\/category\/plastic-categorie\/\">Plastic<\/a><\/div>\n\n<div class=\"taxonomy-post_tag wp-block-post-terms\"><a href=\"https:\/\/www.greenpeace.org\/nl\/tag\/plastic\/\" rel=\"tag\">Plastic<\/a><\/div><\/div>\n\n\n<h3 class=\"wp-block-post-title\"><a href=\"https:\/\/www.greenpeace.org\/nl\/plastic-categorie\/73662\/onderzoek-kant-en-klaarmaaltijden-vol-microplastics-en-giftige-chemicalien\/\" target=\"_self\" >Onderzoek: kant-en-klaarmaaltijden vol microplastics en giftige chemicali\u00ebn<\/a><\/h3>\n\n<div class=\"wp-block-post-excerpt\"><p class=\"wp-block-post-excerpt__excerpt\">Consumenten wereldwijd misleid door &#8220;magnetronbestendige&#8221; labels terwijl&nbsp; plasticproductie stijgt en gezondheidsrisico&#8217;s toenemen. <\/p><\/div>\n\n\n<div class=\"wp-block-group posts-list-meta is-layout-flow wp-block-group-is-layout-flow\"><span class='article-list-item-author'><a href='https:\/\/www.greenpeace.org\/nl\/author\/awensinggreenpeace-org\/'>Anneke Wensing<\/a><\/span>\n\n<div class=\"wp-block-post-date\"><time datetime=\"2026-02-24T01:01:00+01:00\">24 februari 2026<\/time><\/div><\/div>\n<\/div>\n<\/div>\n\n<\/li><li class=\"wp-block-post post-73623 post type-post status-publish format-standard has-post-thumbnail hentry category-klimaat-categorie tag-luchtvaart tag-politiek tag-demonstratie p4-page-type-pers\">\n\n<div class=\"wp-block-columns is-layout-flex wp-container-core-columns-is-layout-9d6595d7 wp-block-columns-is-layout-flex\"><figure class=\"wp-block-post-featured-image\"><a href=\"https:\/\/www.greenpeace.org\/nl\/klimaat-categorie\/73623\/politie-maakt-einde-aan-actie-greenpeace-tegen-lelystad-airport\/\" target=\"_self\"  ><img loading=\"lazy\" decoding=\"async\" width=\"1200\" height=\"800\" src=\"https:\/\/www.greenpeace.org\/static\/planet4-netherlands-stateless\/2026\/02\/8e3878e9-gp0su88vy_medium-res-with-credit-line-1200px.jpg\" class=\"attachment-post-thumbnail size-post-thumbnail wp-post-image wp-stateless-item\" alt=\"Politie maakt einde aan actie Greenpeace tegen Lelystad Airport\" style=\"object-fit:cover;\" srcset=\"https:\/\/www.greenpeace.org\/static\/planet4-netherlands-stateless\/2026\/02\/8e3878e9-gp0su88vy_medium-res-with-credit-line-1200px.jpg 1200w, https:\/\/www.greenpeace.org\/static\/planet4-netherlands-stateless\/2026\/02\/8e3878e9-gp0su88vy_medium-res-with-credit-line-1200px-300x200.jpg 300w, https:\/\/www.greenpeace.org\/static\/planet4-netherlands-stateless\/2026\/02\/8e3878e9-gp0su88vy_medium-res-with-credit-line-1200px-1024x683.jpg 1024w, https:\/\/www.greenpeace.org\/static\/planet4-netherlands-stateless\/2026\/02\/8e3878e9-gp0su88vy_medium-res-with-credit-line-1200px-768x512.jpg 768w, https:\/\/www.greenpeace.org\/static\/planet4-netherlands-stateless\/2026\/02\/8e3878e9-gp0su88vy_medium-res-with-credit-line-1200px-510x340.jpg 510w\" sizes=\"auto, (max-width: 1200px) 100vw, 1200px\" data-image-size=\"post-thumbnail\" data-stateless-media-bucket=\"planet4-netherlands-stateless\" data-stateless-media-name=\"2026\/02\/8e3878e9-gp0su88vy_medium-res-with-credit-line-1200px.jpg\" \/><\/a><\/figure>\n\n\n<div class=\"wp-block-group is-layout-flow wp-block-group-is-layout-flow\">\n<div class=\"wp-block-group is-layout-flex wp-block-group-is-layout-flex\"><div class=\"wp-block-post-terms\"><a href=\"https:\/\/www.greenpeace.org\/nl\/category\/klimaat-categorie\/\">Klimaat<\/a><\/div>\n\n<div class=\"taxonomy-post_tag wp-block-post-terms\"><a href=\"https:\/\/www.greenpeace.org\/nl\/tag\/luchtvaart\/\" rel=\"tag\">Luchtvaart<\/a><span class=\"wp-block-post-terms__separator\"> <\/span><a href=\"https:\/\/www.greenpeace.org\/nl\/tag\/politiek\/\" rel=\"tag\">Politiek<\/a><span class=\"wp-block-post-terms__separator\"> <\/span><a href=\"https:\/\/www.greenpeace.org\/nl\/tag\/demonstratie\/\" rel=\"tag\">Demonstratie<\/a><\/div><\/div>\n\n\n<h3 class=\"wp-block-post-title\"><a href=\"https:\/\/www.greenpeace.org\/nl\/klimaat-categorie\/73623\/politie-maakt-einde-aan-actie-greenpeace-tegen-lelystad-airport\/\" target=\"_self\" >Politie maakt einde aan actie Greenpeace tegen Lelystad Airport<\/a><\/h3>\n\n<div class=\"wp-block-post-excerpt\"><p class=\"wp-block-post-excerpt__excerpt\">Actievoerders uit het hoofdgebouw van vliegveld gehaald <\/p><\/div>\n\n\n<div class=\"wp-block-group posts-list-meta is-layout-flow wp-block-group-is-layout-flow\"><span class='article-list-item-author'><a href='https:\/\/www.greenpeace.org\/nl\/author\/bkarst\/'>Bram Karst<\/a><\/span>\n\n<div class=\"wp-block-post-date\"><time datetime=\"2026-02-13T19:11:48+01:00\">13 februari 2026<\/time><\/div><\/div>\n<\/div>\n<\/div>\n\n<\/li><li class=\"wp-block-post post-73619 post type-post status-publish format-standard has-post-thumbnail hentry category-algemeen tag-luchtvaart tag-vervuiling tag-klimaatcrisis tag-demonstratie tag-acties p4-page-type-pers\">\n\n<div class=\"wp-block-columns is-layout-flex wp-container-core-columns-is-layout-9d6595d7 wp-block-columns-is-layout-flex\"><figure class=\"wp-block-post-featured-image\"><a href=\"https:\/\/www.greenpeace.org\/nl\/algemeen\/73619\/actievoerders-greenpeace-bereiden-zich-voor-op-overnachting-in-hoofdgebouw-luchthaven\/\" target=\"_self\"  ><img loading=\"lazy\" decoding=\"async\" width=\"600\" height=\"400\" src=\"https:\/\/www.greenpeace.org\/static\/planet4-netherlands-stateless\/2026\/02\/279c4eeb-unnamed.jpg\" class=\"attachment-post-thumbnail size-post-thumbnail wp-post-image wp-stateless-item\" alt=\"Actievoerders Greenpeace bereiden zich voor op overnachting in hoofdgebouw luchthaven\" style=\"object-fit:cover;\" srcset=\"https:\/\/www.greenpeace.org\/static\/planet4-netherlands-stateless\/2026\/02\/279c4eeb-unnamed.jpg 600w, https:\/\/www.greenpeace.org\/static\/planet4-netherlands-stateless\/2026\/02\/279c4eeb-unnamed-300x200.jpg 300w, https:\/\/www.greenpeace.org\/static\/planet4-netherlands-stateless\/2026\/02\/279c4eeb-unnamed-510x340.jpg 510w\" sizes=\"auto, (max-width: 600px) 100vw, 600px\" data-image-size=\"post-thumbnail\" data-stateless-media-bucket=\"planet4-netherlands-stateless\" data-stateless-media-name=\"2026\/02\/279c4eeb-unnamed.jpg\" \/><\/a><\/figure>\n\n\n<div class=\"wp-block-group is-layout-flow wp-block-group-is-layout-flow\">\n<div class=\"wp-block-group is-layout-flex wp-block-group-is-layout-flex\"><div class=\"wp-block-post-terms\"><a href=\"https:\/\/www.greenpeace.org\/nl\/category\/algemeen\/\">Algemeen<\/a><\/div>\n\n<div class=\"taxonomy-post_tag wp-block-post-terms\"><a href=\"https:\/\/www.greenpeace.org\/nl\/tag\/luchtvaart\/\" rel=\"tag\">Luchtvaart<\/a><span class=\"wp-block-post-terms__separator\"> <\/span><a href=\"https:\/\/www.greenpeace.org\/nl\/tag\/vervuiling\/\" rel=\"tag\">Vervuiling<\/a><span class=\"wp-block-post-terms__separator\"> <\/span><a href=\"https:\/\/www.greenpeace.org\/nl\/tag\/klimaatcrisis\/\" rel=\"tag\">Klimaatcrisis<\/a><span class=\"wp-block-post-terms__separator\"> <\/span><a href=\"https:\/\/www.greenpeace.org\/nl\/tag\/demonstratie\/\" rel=\"tag\">Demonstratie<\/a><span class=\"wp-block-post-terms__separator\"> <\/span><a href=\"https:\/\/www.greenpeace.org\/nl\/tag\/acties\/\" rel=\"tag\">Acties<\/a><\/div><\/div>\n\n\n<h3 class=\"wp-block-post-title\"><a href=\"https:\/\/www.greenpeace.org\/nl\/algemeen\/73619\/actievoerders-greenpeace-bereiden-zich-voor-op-overnachting-in-hoofdgebouw-luchthaven\/\" target=\"_self\" >Actievoerders Greenpeace bereiden zich voor op overnachting in hoofdgebouw luchthaven<\/a><\/h3>\n\n<div class=\"wp-block-post-excerpt\"><p class=\"wp-block-post-excerpt__excerpt\">Bezetting Lelystad Airport inmiddels 12 uur gaande <\/p><\/div>\n\n\n<div class=\"wp-block-group posts-list-meta is-layout-flow wp-block-group-is-layout-flow\"><span class='article-list-item-author'><a href='https:\/\/www.greenpeace.org\/nl\/author\/bkarst\/'>Bram Karst<\/a><\/span>\n\n<div class=\"wp-block-post-date\"><time datetime=\"2026-02-12T19:19:10+01:00\">12 februari 2026<\/time><\/div><\/div>\n<\/div>\n<\/div>\n\n<\/li><li class=\"wp-block-post post-73608 post type-post status-publish format-standard has-post-thumbnail hentry category-klimaat-categorie category-nieuws tag-luchtvaart p4-page-type-pers\">\n\n<div class=\"wp-block-columns is-layout-flex wp-container-core-columns-is-layout-9d6595d7 wp-block-columns-is-layout-flex\"><figure class=\"wp-block-post-featured-image\"><a href=\"https:\/\/www.greenpeace.org\/nl\/klimaat-categorie\/73608\/omwonenden-groepen-steunen-protestactie-tegen-lelystad-airport\/\" target=\"_self\"  ><img loading=\"lazy\" decoding=\"async\" width=\"1200\" height=\"800\" src=\"https:\/\/www.greenpeace.org\/static\/planet4-netherlands-stateless\/2026\/02\/2b309e85-gp0su8947_medium-res-with-credit-line-1200px.jpg\" class=\"attachment-post-thumbnail size-post-thumbnail wp-post-image wp-stateless-item\" alt=\"Omwonenden-groepen steunen protestactie tegen Lelystad Airport\" style=\"object-fit:cover;\" srcset=\"https:\/\/www.greenpeace.org\/static\/planet4-netherlands-stateless\/2026\/02\/2b309e85-gp0su8947_medium-res-with-credit-line-1200px.jpg 1200w, https:\/\/www.greenpeace.org\/static\/planet4-netherlands-stateless\/2026\/02\/2b309e85-gp0su8947_medium-res-with-credit-line-1200px-300x200.jpg 300w, https:\/\/www.greenpeace.org\/static\/planet4-netherlands-stateless\/2026\/02\/2b309e85-gp0su8947_medium-res-with-credit-line-1200px-1024x683.jpg 1024w, https:\/\/www.greenpeace.org\/static\/planet4-netherlands-stateless\/2026\/02\/2b309e85-gp0su8947_medium-res-with-credit-line-1200px-768x512.jpg 768w, https:\/\/www.greenpeace.org\/static\/planet4-netherlands-stateless\/2026\/02\/2b309e85-gp0su8947_medium-res-with-credit-line-1200px-510x340.jpg 510w\" sizes=\"auto, (max-width: 1200px) 100vw, 1200px\" data-image-size=\"post-thumbnail\" data-stateless-media-bucket=\"planet4-netherlands-stateless\" data-stateless-media-name=\"2026\/02\/2b309e85-gp0su8947_medium-res-with-credit-line-1200px.jpg\" \/><\/a><\/figure>\n\n\n<div class=\"wp-block-group is-layout-flow wp-block-group-is-layout-flow\">\n<div class=\"wp-block-group is-layout-flex wp-block-group-is-layout-flex\"><div class=\"wp-block-post-terms\"><a href=\"https:\/\/www.greenpeace.org\/nl\/category\/klimaat-categorie\/\">Klimaat<\/a><\/div>\n\n<div class=\"taxonomy-post_tag wp-block-post-terms\"><a href=\"https:\/\/www.greenpeace.org\/nl\/tag\/luchtvaart\/\" rel=\"tag\">Luchtvaart<\/a><\/div><\/div>\n\n\n<h3 class=\"wp-block-post-title\"><a href=\"https:\/\/www.greenpeace.org\/nl\/klimaat-categorie\/73608\/omwonenden-groepen-steunen-protestactie-tegen-lelystad-airport\/\" target=\"_self\" >Omwonenden-groepen steunen protestactie tegen Lelystad Airport<\/a><\/h3>\n\n<div class=\"wp-block-post-excerpt\"><p class=\"wp-block-post-excerpt__excerpt\">Actie Greenpeace legt vliegverkeer Lelystad stil <\/p><\/div>\n\n\n<div class=\"wp-block-group posts-list-meta is-layout-flow wp-block-group-is-layout-flow\"><span class='article-list-item-author'><a href='https:\/\/www.greenpeace.org\/nl\/author\/awensinggreenpeace-org\/'>Anneke Wensing<\/a><\/span>\n\n<div class=\"wp-block-post-date\"><time datetime=\"2026-02-12T11:07:14+01:00\">12 februari 2026<\/time><\/div><\/div>\n<\/div>\n<\/div>\n\n<\/li><li class=\"wp-block-post post-73579 post type-post status-publish format-standard has-post-thumbnail hentry category-klimaat-categorie category-nieuws tag-luchtvaart p4-page-type-pers\">\n\n<div class=\"wp-block-columns is-layout-flex wp-container-core-columns-is-layout-9d6595d7 wp-block-columns-is-layout-flex\"><figure class=\"wp-block-post-featured-image\"><a href=\"https:\/\/www.greenpeace.org\/nl\/klimaat-categorie\/73579\/actievoerders-greenpeace-bezetten-lelystad-airport\/\" target=\"_self\"  ><img loading=\"lazy\" decoding=\"async\" width=\"800\" height=\"533\" src=\"https:\/\/www.greenpeace.org\/static\/planet4-netherlands-stateless\/2026\/02\/c2e19082-gp0su88vy_medium-res-with-credit-line-1200px.jpg\" class=\"attachment-post-thumbnail size-post-thumbnail wp-post-image wp-stateless-item\" alt=\"Actievoerders Greenpeace bezetten Lelystad Airport\" style=\"object-fit:cover;\" srcset=\"https:\/\/www.greenpeace.org\/static\/planet4-netherlands-stateless\/2026\/02\/c2e19082-gp0su88vy_medium-res-with-credit-line-1200px.jpg 800w, https:\/\/www.greenpeace.org\/static\/planet4-netherlands-stateless\/2026\/02\/c2e19082-gp0su88vy_medium-res-with-credit-line-1200px-300x200.jpg 300w, https:\/\/www.greenpeace.org\/static\/planet4-netherlands-stateless\/2026\/02\/c2e19082-gp0su88vy_medium-res-with-credit-line-1200px-768x512.jpg 768w, https:\/\/www.greenpeace.org\/static\/planet4-netherlands-stateless\/2026\/02\/c2e19082-gp0su88vy_medium-res-with-credit-line-1200px-510x340.jpg 510w\" sizes=\"auto, (max-width: 800px) 100vw, 800px\" data-image-size=\"post-thumbnail\" data-stateless-media-bucket=\"planet4-netherlands-stateless\" data-stateless-media-name=\"2026\/02\/c2e19082-gp0su88vy_medium-res-with-credit-line-1200px.jpg\" \/><\/a><\/figure>\n\n\n<div class=\"wp-block-group is-layout-flow wp-block-group-is-layout-flow\">\n<div class=\"wp-block-group is-layout-flex wp-block-group-is-layout-flex\"><div class=\"wp-block-post-terms\"><a href=\"https:\/\/www.greenpeace.org\/nl\/category\/klimaat-categorie\/\">Klimaat<\/a><\/div>\n\n<div class=\"taxonomy-post_tag wp-block-post-terms\"><a href=\"https:\/\/www.greenpeace.org\/nl\/tag\/luchtvaart\/\" rel=\"tag\">Luchtvaart<\/a><\/div><\/div>\n\n\n<h3 class=\"wp-block-post-title\"><a href=\"https:\/\/www.greenpeace.org\/nl\/klimaat-categorie\/73579\/actievoerders-greenpeace-bezetten-lelystad-airport\/\" target=\"_self\" >Actievoerders Greenpeace bezetten Lelystad Airport<\/a><\/h3>\n\n<div class=\"wp-block-post-excerpt\"><p class=\"wp-block-post-excerpt__excerpt\">Oproep: \u201cZet definitief een streep door dit vliegveld\u201d <\/p><\/div>\n\n\n<div class=\"wp-block-group posts-list-meta is-layout-flow wp-block-group-is-layout-flow\"><span class='article-list-item-author'><a href='https:\/\/www.greenpeace.org\/nl\/author\/awensinggreenpeace-org\/'>Anneke Wensing<\/a><\/span>\n\n<div class=\"wp-block-post-date\"><time datetime=\"2026-02-12T07:25:40+01:00\">12 februari 2026<\/time><\/div><\/div>\n<\/div>\n<\/div>\n\n<\/li><li class=\"wp-block-post post-73515 post type-post status-publish format-standard has-post-thumbnail hentry category-klimaat-categorie tag-luchtvaart tag-klimaat-energie tag-klimaat tag-politiek p4-page-type-pers\">\n\n<div class=\"wp-block-columns is-layout-flex wp-container-core-columns-is-layout-9d6595d7 wp-block-columns-is-layout-flex\"><figure class=\"wp-block-post-featured-image\"><a href=\"https:\/\/www.greenpeace.org\/nl\/klimaat-categorie\/73515\/actievoerders-zetten-streep-door-lelystad-airport\/\" target=\"_self\"  ><img loading=\"lazy\" decoding=\"async\" width=\"2560\" height=\"1440\" src=\"https:\/\/www.greenpeace.org\/static\/planet4-netherlands-stateless\/2026\/02\/8daf1f6f-808f673b-9e43-4826-b9e6-9d52231b0b33-scaled.jpg\" class=\"attachment-post-thumbnail size-post-thumbnail wp-post-image wp-stateless-item\" alt=\"Actievoerders zetten streep door Lelystad Airport\" style=\"object-fit:cover;\" srcset=\"https:\/\/www.greenpeace.org\/static\/planet4-netherlands-stateless\/2026\/02\/8daf1f6f-808f673b-9e43-4826-b9e6-9d52231b0b33-scaled.jpg 2560w, https:\/\/www.greenpeace.org\/static\/planet4-netherlands-stateless\/2026\/02\/8daf1f6f-808f673b-9e43-4826-b9e6-9d52231b0b33-300x169.jpg 300w, https:\/\/www.greenpeace.org\/static\/planet4-netherlands-stateless\/2026\/02\/8daf1f6f-808f673b-9e43-4826-b9e6-9d52231b0b33-1024x576.jpg 1024w, https:\/\/www.greenpeace.org\/static\/planet4-netherlands-stateless\/2026\/02\/8daf1f6f-808f673b-9e43-4826-b9e6-9d52231b0b33-768x432.jpg 768w, https:\/\/www.greenpeace.org\/static\/planet4-netherlands-stateless\/2026\/02\/8daf1f6f-808f673b-9e43-4826-b9e6-9d52231b0b33-1536x864.jpg 1536w, https:\/\/www.greenpeace.org\/static\/planet4-netherlands-stateless\/2026\/02\/8daf1f6f-808f673b-9e43-4826-b9e6-9d52231b0b33-2048x1152.jpg 2048w, https:\/\/www.greenpeace.org\/static\/planet4-netherlands-stateless\/2026\/02\/8daf1f6f-808f673b-9e43-4826-b9e6-9d52231b0b33-510x287.jpg 510w\" sizes=\"auto, (max-width: 2560px) 100vw, 2560px\" data-image-size=\"post-thumbnail\" data-stateless-media-bucket=\"planet4-netherlands-stateless\" data-stateless-media-name=\"2026\/02\/8daf1f6f-808f673b-9e43-4826-b9e6-9d52231b0b33-scaled.jpg\" \/><\/a><\/figure>\n\n\n<div class=\"wp-block-group is-layout-flow wp-block-group-is-layout-flow\">\n<div class=\"wp-block-group is-layout-flex wp-block-group-is-layout-flex\"><div class=\"wp-block-post-terms\"><a href=\"https:\/\/www.greenpeace.org\/nl\/category\/klimaat-categorie\/\">Klimaat<\/a><\/div>\n\n<div class=\"taxonomy-post_tag wp-block-post-terms\"><a href=\"https:\/\/www.greenpeace.org\/nl\/tag\/luchtvaart\/\" rel=\"tag\">Luchtvaart<\/a><span class=\"wp-block-post-terms__separator\"> <\/span><a href=\"https:\/\/www.greenpeace.org\/nl\/tag\/klimaat-energie\/\" rel=\"tag\">Klimaat &amp; Energie<\/a><span class=\"wp-block-post-terms__separator\"> <\/span><a href=\"https:\/\/www.greenpeace.org\/nl\/tag\/klimaat\/\" rel=\"tag\">Klimaat<\/a><span class=\"wp-block-post-terms__separator\"> <\/span><a href=\"https:\/\/www.greenpeace.org\/nl\/tag\/politiek\/\" rel=\"tag\">Politiek<\/a><\/div><\/div>\n\n\n<h3 class=\"wp-block-post-title\"><a href=\"https:\/\/www.greenpeace.org\/nl\/klimaat-categorie\/73515\/actievoerders-zetten-streep-door-lelystad-airport\/\" target=\"_self\" >Actievoerders zetten streep door Lelystad Airport<\/a><\/h3>\n\n<div class=\"wp-block-post-excerpt\"><p class=\"wp-block-post-excerpt__excerpt\">Greenpeace beplakt uit protest meerdere verkeersborden rondom vliegveld&nbsp; <\/p><\/div>\n\n\n<div class=\"wp-block-group posts-list-meta is-layout-flow wp-block-group-is-layout-flow\"><span class='article-list-item-author'><a href='https:\/\/www.greenpeace.org\/nl\/author\/bkarst\/'>Bram Karst<\/a><\/span>\n\n<div class=\"wp-block-post-date\"><time datetime=\"2026-02-02T10:45:10+01:00\">2 februari 2026<\/time><\/div><\/div>\n<\/div>\n<\/div>\n\n<\/li><li class=\"wp-block-post post-73484 post type-post status-publish format-standard has-post-thumbnail hentry category-eerlijke-wereld tag-klimaat tag-bonaire-climate-justice p4-page-type-pers\">\n\n<div class=\"wp-block-columns is-layout-flex wp-container-core-columns-is-layout-9d6595d7 wp-block-columns-is-layout-flex\"><figure class=\"wp-block-post-featured-image\"><a href=\"https:\/\/www.greenpeace.org\/nl\/eerlijke-wereld\/73484\/avanse-importante-pa-boneiru-i-greenpeace-den-kaso-di-klima\/\" target=\"_self\"  ><img loading=\"lazy\" decoding=\"async\" width=\"1200\" height=\"800\" src=\"https:\/\/www.greenpeace.org\/static\/planet4-netherlands-stateless\/2026\/01\/8ddba7e2-gp0su84x3_medium-res-with-credit-line-1200px.jpg\" class=\"attachment-post-thumbnail size-post-thumbnail wp-post-image wp-stateless-item\" alt=\"Avanse importante pa Boneiru i Greenpeace den Kaso di Klima\" style=\"object-fit:cover;\" srcset=\"https:\/\/www.greenpeace.org\/static\/planet4-netherlands-stateless\/2026\/01\/8ddba7e2-gp0su84x3_medium-res-with-credit-line-1200px.jpg 1200w, https:\/\/www.greenpeace.org\/static\/planet4-netherlands-stateless\/2026\/01\/8ddba7e2-gp0su84x3_medium-res-with-credit-line-1200px-300x200.jpg 300w, https:\/\/www.greenpeace.org\/static\/planet4-netherlands-stateless\/2026\/01\/8ddba7e2-gp0su84x3_medium-res-with-credit-line-1200px-1024x683.jpg 1024w, https:\/\/www.greenpeace.org\/static\/planet4-netherlands-stateless\/2026\/01\/8ddba7e2-gp0su84x3_medium-res-with-credit-line-1200px-768x512.jpg 768w, https:\/\/www.greenpeace.org\/static\/planet4-netherlands-stateless\/2026\/01\/8ddba7e2-gp0su84x3_medium-res-with-credit-line-1200px-510x340.jpg 510w\" sizes=\"auto, (max-width: 1200px) 100vw, 1200px\" data-image-size=\"post-thumbnail\" data-stateless-media-bucket=\"planet4-netherlands-stateless\" data-stateless-media-name=\"2026\/01\/8ddba7e2-gp0su84x3_medium-res-with-credit-line-1200px.jpg\" \/><\/a><\/figure>\n\n\n<div class=\"wp-block-group is-layout-flow wp-block-group-is-layout-flow\">\n<div class=\"wp-block-group is-layout-flex wp-block-group-is-layout-flex\"><div class=\"wp-block-post-terms\"><a href=\"https:\/\/www.greenpeace.org\/nl\/category\/eerlijke-wereld\/\">Eerlijke wereld<\/a><\/div>\n\n<div class=\"taxonomy-post_tag wp-block-post-terms\"><a href=\"https:\/\/www.greenpeace.org\/nl\/tag\/klimaat\/\" rel=\"tag\">Klimaat<\/a><span class=\"wp-block-post-terms__separator\"> <\/span><a href=\"https:\/\/www.greenpeace.org\/nl\/tag\/bonaire-climate-justice\/\" rel=\"tag\">Bonaire<\/a><\/div><\/div>\n\n\n<h3 class=\"wp-block-post-title\"><a href=\"https:\/\/www.greenpeace.org\/nl\/eerlijke-wereld\/73484\/avanse-importante-pa-boneiru-i-greenpeace-den-kaso-di-klima\/\" target=\"_self\" >Avanse importante pa Boneiru i Greenpeace den Kaso di Klima<\/a><\/h3>\n\n<div class=\"wp-block-post-excerpt\"><p class=\"wp-block-post-excerpt__excerpt\">Korte ta oblig\u00e1 Estado Hulandes na bini ku metanan di klima nobo i hustu i tambe medidanan pa proteh\u00e1 Boneiru&nbsp; <\/p><\/div>\n\n\n<div class=\"wp-block-group posts-list-meta is-layout-flow wp-block-group-is-layout-flow\"><span class='article-list-item-author'><a href='https:\/\/www.greenpeace.org\/nl\/author\/svaalst\/'>Saskia van Aalst<\/a><\/span>\n\n<div class=\"wp-block-post-date\"><time datetime=\"2026-01-28T23:17:57+01:00\">28 januari 2026<\/time><\/div><\/div>\n<\/div>\n<\/div>\n\n<\/li><li class=\"wp-block-post post-73457 post type-post status-publish format-standard has-post-thumbnail hentry category-nieuws category-eerlijke-wereld category-klimaat-categorie tag-klimaatcrisis p4-page-type-pers\">\n\n<div class=\"wp-block-columns is-layout-flex wp-container-core-columns-is-layout-9d6595d7 wp-block-columns-is-layout-flex\"><figure class=\"wp-block-post-featured-image\"><a href=\"https:\/\/www.greenpeace.org\/nl\/klimaat-categorie\/73457\/doorbraak-voor-bonaire-en-greenpeace-in-klimaatzaak\/\" target=\"_self\"  ><img loading=\"lazy\" decoding=\"async\" width=\"1200\" height=\"800\" src=\"https:\/\/www.greenpeace.org\/static\/planet4-netherlands-stateless\/2026\/01\/8ddba7e2-gp0su84x3_medium-res-with-credit-line-1200px.jpg\" class=\"attachment-post-thumbnail size-post-thumbnail wp-post-image wp-stateless-item\" alt=\"Doorbraak voor Bonaire en Greenpeace in Klimaatzaak\" style=\"object-fit:cover;\" srcset=\"https:\/\/www.greenpeace.org\/static\/planet4-netherlands-stateless\/2026\/01\/8ddba7e2-gp0su84x3_medium-res-with-credit-line-1200px.jpg 1200w, https:\/\/www.greenpeace.org\/static\/planet4-netherlands-stateless\/2026\/01\/8ddba7e2-gp0su84x3_medium-res-with-credit-line-1200px-300x200.jpg 300w, https:\/\/www.greenpeace.org\/static\/planet4-netherlands-stateless\/2026\/01\/8ddba7e2-gp0su84x3_medium-res-with-credit-line-1200px-1024x683.jpg 1024w, https:\/\/www.greenpeace.org\/static\/planet4-netherlands-stateless\/2026\/01\/8ddba7e2-gp0su84x3_medium-res-with-credit-line-1200px-768x512.jpg 768w, https:\/\/www.greenpeace.org\/static\/planet4-netherlands-stateless\/2026\/01\/8ddba7e2-gp0su84x3_medium-res-with-credit-line-1200px-510x340.jpg 510w\" sizes=\"auto, (max-width: 1200px) 100vw, 1200px\" data-image-size=\"post-thumbnail\" data-stateless-media-bucket=\"planet4-netherlands-stateless\" data-stateless-media-name=\"2026\/01\/8ddba7e2-gp0su84x3_medium-res-with-credit-line-1200px.jpg\" \/><\/a><\/figure>\n\n\n<div class=\"wp-block-group is-layout-flow wp-block-group-is-layout-flow\">\n<div class=\"wp-block-group is-layout-flex wp-block-group-is-layout-flex\"><div class=\"wp-block-post-terms\"><a href=\"https:\/\/www.greenpeace.org\/nl\/category\/nieuws\/\">Nieuws<\/a><\/div>\n\n<div class=\"taxonomy-post_tag wp-block-post-terms\"><a href=\"https:\/\/www.greenpeace.org\/nl\/tag\/klimaatcrisis\/\" rel=\"tag\">Klimaatcrisis<\/a><\/div><\/div>\n\n\n<h3 class=\"wp-block-post-title\"><a href=\"https:\/\/www.greenpeace.org\/nl\/klimaat-categorie\/73457\/doorbraak-voor-bonaire-en-greenpeace-in-klimaatzaak\/\" target=\"_self\" >Doorbraak voor Bonaire en Greenpeace in Klimaatzaak<\/a><\/h3>\n\n<div class=\"wp-block-post-excerpt\"><p class=\"wp-block-post-excerpt__excerpt\">Rechtbank verplicht Staat tot nieuwe eerlijke klimaatdoelen en maatregelen om Bonaire te beschermen <\/p><\/div>\n\n\n<div class=\"wp-block-group posts-list-meta is-layout-flow wp-block-group-is-layout-flow\"><span class='article-list-item-author'><a href='https:\/\/www.greenpeace.org\/nl\/author\/awensinggreenpeace-org\/'>Anneke Wensing<\/a><\/span>\n\n<div class=\"wp-block-post-date\"><time datetime=\"2026-01-28T17:10:08+01:00\">28 januari 2026<\/time><\/div><\/div>\n<\/div>\n<\/div>\n\n<\/li><li class=\"wp-block-post post-73454 post type-post status-publish format-standard has-post-thumbnail hentry category-eerlijke-wereld tag-klimaatcrisis p4-page-type-pers\">\n\n<div class=\"wp-block-columns is-layout-flex wp-container-core-columns-is-layout-9d6595d7 wp-block-columns-is-layout-flex\"><figure class=\"wp-block-post-featured-image\"><a href=\"https:\/\/www.greenpeace.org\/nl\/eerlijke-wereld\/73454\/viktoria-historiko-korte-a-dikta-ku-maneho-di-klima-di-estado-hulandes-no-ta-sufisiente-den-kaso-di-klima-di-boneiru\/\" target=\"_self\"  ><img loading=\"lazy\" decoding=\"async\" width=\"600\" height=\"400\" src=\"https:\/\/www.greenpeace.org\/static\/planet4-netherlands-stateless\/2026\/01\/3cb7c56c-unnamed1.jpg\" class=\"attachment-post-thumbnail size-post-thumbnail wp-post-image wp-stateless-item\" alt=\"Viktoria hist\u00f3riko: korte a dikta ku maneho di klima di Estado Hulandes no ta sufisiente den kaso di klima di Boneiru\" style=\"object-fit:cover;\" srcset=\"https:\/\/www.greenpeace.org\/static\/planet4-netherlands-stateless\/2026\/01\/3cb7c56c-unnamed1.jpg 600w, https:\/\/www.greenpeace.org\/static\/planet4-netherlands-stateless\/2026\/01\/3cb7c56c-unnamed1-300x200.jpg 300w, https:\/\/www.greenpeace.org\/static\/planet4-netherlands-stateless\/2026\/01\/3cb7c56c-unnamed1-510x340.jpg 510w\" sizes=\"auto, (max-width: 600px) 100vw, 600px\" data-image-size=\"post-thumbnail\" data-stateless-media-bucket=\"planet4-netherlands-stateless\" data-stateless-media-name=\"2026\/01\/3cb7c56c-unnamed1.jpg\" \/><\/a><\/figure>\n\n\n<div class=\"wp-block-group is-layout-flow wp-block-group-is-layout-flow\">\n<div class=\"wp-block-group is-layout-flex wp-block-group-is-layout-flex\"><div class=\"wp-block-post-terms\"><a href=\"https:\/\/www.greenpeace.org\/nl\/category\/eerlijke-wereld\/\">Eerlijke wereld<\/a><\/div>\n\n<div class=\"taxonomy-post_tag wp-block-post-terms\"><a href=\"https:\/\/www.greenpeace.org\/nl\/tag\/klimaatcrisis\/\" rel=\"tag\">Klimaatcrisis<\/a><\/div><\/div>\n\n\n<h3 class=\"wp-block-post-title\"><a href=\"https:\/\/www.greenpeace.org\/nl\/eerlijke-wereld\/73454\/viktoria-historiko-korte-a-dikta-ku-maneho-di-klima-di-estado-hulandes-no-ta-sufisiente-den-kaso-di-klima-di-boneiru\/\" target=\"_self\" >Viktoria hist\u00f3riko: korte a dikta ku maneho di klima di Estado Hulandes no ta sufisiente den kaso di klima di Boneiru<\/a><\/h3>\n\n<div class=\"wp-block-post-excerpt\"><p class=\"wp-block-post-excerpt__excerpt\">Den Haag, 28 di yan\u00fcari 2026 <\/p><\/div>\n\n\n<div class=\"wp-block-group posts-list-meta is-layout-flow wp-block-group-is-layout-flow\"><span class='article-list-item-author'><a href='https:\/\/www.greenpeace.org\/nl\/author\/awensinggreenpeace-org\/'>Anneke Wensing<\/a><\/span>\n\n<div class=\"wp-block-post-date\"><time datetime=\"2026-01-28T16:49:43+01:00\">28 januari 2026<\/time><\/div><\/div>\n<\/div>\n<\/div>\n\n<\/li><li class=\"wp-block-post post-73444 post type-post status-publish format-standard has-post-thumbnail hentry category-eerlijke-wereld tag-klimaatcrisis p4-page-type-pers\">\n\n<div class=\"wp-block-columns is-layout-flex wp-container-core-columns-is-layout-9d6595d7 wp-block-columns-is-layout-flex\"><figure class=\"wp-block-post-featured-image\"><a href=\"https:\/\/www.greenpeace.org\/nl\/eerlijke-wereld\/73444\/historic-victory-dutch-court-declares-climate-policy-inadequate-in-bonaire-climate-case\/\" target=\"_self\"  ><img loading=\"lazy\" decoding=\"async\" width=\"1200\" height=\"800\" src=\"https:\/\/www.greenpeace.org\/static\/planet4-netherlands-stateless\/2026\/01\/debbc7f3-gp0su850n_medium-res-with-credit-line-1200px.jpg\" class=\"attachment-post-thumbnail size-post-thumbnail wp-post-image wp-stateless-item\" alt=\"Historic victory: Dutch court declares climate policy inadequate in Bonaire climate case\" style=\"object-fit:cover;\" srcset=\"https:\/\/www.greenpeace.org\/static\/planet4-netherlands-stateless\/2026\/01\/debbc7f3-gp0su850n_medium-res-with-credit-line-1200px.jpg 1200w, https:\/\/www.greenpeace.org\/static\/planet4-netherlands-stateless\/2026\/01\/debbc7f3-gp0su850n_medium-res-with-credit-line-1200px-300x200.jpg 300w, https:\/\/www.greenpeace.org\/static\/planet4-netherlands-stateless\/2026\/01\/debbc7f3-gp0su850n_medium-res-with-credit-line-1200px-1024x683.jpg 1024w, https:\/\/www.greenpeace.org\/static\/planet4-netherlands-stateless\/2026\/01\/debbc7f3-gp0su850n_medium-res-with-credit-line-1200px-768x512.jpg 768w, https:\/\/www.greenpeace.org\/static\/planet4-netherlands-stateless\/2026\/01\/debbc7f3-gp0su850n_medium-res-with-credit-line-1200px-510x340.jpg 510w\" sizes=\"auto, (max-width: 1200px) 100vw, 1200px\" data-image-size=\"post-thumbnail\" data-stateless-media-bucket=\"planet4-netherlands-stateless\" data-stateless-media-name=\"2026\/01\/debbc7f3-gp0su850n_medium-res-with-credit-line-1200px.jpg\" \/><\/a><\/figure>\n\n\n<div class=\"wp-block-group is-layout-flow wp-block-group-is-layout-flow\">\n<div class=\"wp-block-group is-layout-flex wp-block-group-is-layout-flex\"><div class=\"wp-block-post-terms\"><a href=\"https:\/\/www.greenpeace.org\/nl\/category\/eerlijke-wereld\/\">Eerlijke wereld<\/a><\/div>\n\n<div class=\"taxonomy-post_tag wp-block-post-terms\"><a href=\"https:\/\/www.greenpeace.org\/nl\/tag\/klimaatcrisis\/\" rel=\"tag\">Klimaatcrisis<\/a><\/div><\/div>\n\n\n<h3 class=\"wp-block-post-title\"><a href=\"https:\/\/www.greenpeace.org\/nl\/eerlijke-wereld\/73444\/historic-victory-dutch-court-declares-climate-policy-inadequate-in-bonaire-climate-case\/\" target=\"_self\" >Historic victory: Dutch court declares climate policy inadequate in Bonaire climate case<\/a><\/h3>\n\n<div class=\"wp-block-post-excerpt\"><p class=\"wp-block-post-excerpt__excerpt\">The Hague, 28 January 2026 <\/p><\/div>\n\n\n<div class=\"wp-block-group posts-list-meta is-layout-flow wp-block-group-is-layout-flow\"><span class='article-list-item-author'><a href='https:\/\/www.greenpeace.org\/nl\/author\/awensinggreenpeace-org\/'>Anneke Wensing<\/a><\/span>\n\n<div class=\"wp-block-post-date\"><time datetime=\"2026-01-28T16:00:23+01:00\">28 januari 2026<\/time><\/div><\/div>\n<\/div>\n<\/div>\n\n<\/li><li class=\"wp-block-post post-73434 post type-post status-publish format-standard has-post-thumbnail hentry category-eerlijke-wereld tag-klimaatcrisis p4-page-type-pers\">\n\n<div class=\"wp-block-columns is-layout-flex wp-container-core-columns-is-layout-9d6595d7 wp-block-columns-is-layout-flex\"><figure class=\"wp-block-post-featured-image\"><a href=\"https:\/\/www.greenpeace.org\/nl\/eerlijke-wereld\/73434\/historische-overwinning-klimaatbeleid-staat-onvoldoende-oordeelt-rechtbank-in-klimaatzaak-bonaire\/\" target=\"_self\"  ><img loading=\"lazy\" decoding=\"async\" width=\"1200\" height=\"800\" src=\"https:\/\/www.greenpeace.org\/static\/planet4-netherlands-stateless\/2026\/01\/47c671db-gp0su850n_medium-res-with-credit-line-1200px.jpg\" class=\"attachment-post-thumbnail size-post-thumbnail wp-post-image wp-stateless-item\" alt=\"Historische overwinning: klimaatbeleid Staat onvoldoende oordeelt rechtbank in klimaatzaak Bonaire\" style=\"object-fit:cover;\" srcset=\"https:\/\/www.greenpeace.org\/static\/planet4-netherlands-stateless\/2026\/01\/47c671db-gp0su850n_medium-res-with-credit-line-1200px.jpg 1200w, https:\/\/www.greenpeace.org\/static\/planet4-netherlands-stateless\/2026\/01\/47c671db-gp0su850n_medium-res-with-credit-line-1200px-300x200.jpg 300w, https:\/\/www.greenpeace.org\/static\/planet4-netherlands-stateless\/2026\/01\/47c671db-gp0su850n_medium-res-with-credit-line-1200px-1024x683.jpg 1024w, https:\/\/www.greenpeace.org\/static\/planet4-netherlands-stateless\/2026\/01\/47c671db-gp0su850n_medium-res-with-credit-line-1200px-768x512.jpg 768w, https:\/\/www.greenpeace.org\/static\/planet4-netherlands-stateless\/2026\/01\/47c671db-gp0su850n_medium-res-with-credit-line-1200px-510x340.jpg 510w\" sizes=\"auto, (max-width: 1200px) 100vw, 1200px\" data-image-size=\"post-thumbnail\" data-stateless-media-bucket=\"planet4-netherlands-stateless\" data-stateless-media-name=\"2026\/01\/47c671db-gp0su850n_medium-res-with-credit-line-1200px.jpg\" \/><\/a><\/figure>\n\n\n<div class=\"wp-block-group is-layout-flow wp-block-group-is-layout-flow\">\n<div class=\"wp-block-group is-layout-flex wp-block-group-is-layout-flex\"><div class=\"wp-block-post-terms\"><a href=\"https:\/\/www.greenpeace.org\/nl\/category\/eerlijke-wereld\/\">Eerlijke wereld<\/a><\/div>\n\n<div class=\"taxonomy-post_tag wp-block-post-terms\"><a href=\"https:\/\/www.greenpeace.org\/nl\/tag\/klimaatcrisis\/\" rel=\"tag\">Klimaatcrisis<\/a><\/div><\/div>\n\n\n<h3 class=\"wp-block-post-title\"><a href=\"https:\/\/www.greenpeace.org\/nl\/eerlijke-wereld\/73434\/historische-overwinning-klimaatbeleid-staat-onvoldoende-oordeelt-rechtbank-in-klimaatzaak-bonaire\/\" target=\"_self\" >Historische overwinning: klimaatbeleid Staat onvoldoende oordeelt rechtbank in klimaatzaak Bonaire<\/a><\/h3>\n\n<div class=\"wp-block-post-excerpt\"><p class=\"wp-block-post-excerpt__excerpt\">Den Haag, 28 januari 2026 <\/p><\/div>\n\n\n<div class=\"wp-block-group posts-list-meta is-layout-flow wp-block-group-is-layout-flow\"><span class='article-list-item-author'><a href='https:\/\/www.greenpeace.org\/nl\/author\/awensinggreenpeace-org\/'>Anneke Wensing<\/a><\/span>\n\n<div class=\"wp-block-post-date\"><time datetime=\"2026-01-28T15:31:37+01:00\">28 januari 2026<\/time><\/div><\/div>\n<\/div>\n<\/div>\n\n<\/li><li class=\"wp-block-post post-73412 post type-post status-publish format-standard has-post-thumbnail hentry category-nieuws tag-bonaire-climate-justice tag-klimaatcrisis tag-klimaat-energie p4-page-type-pers\">\n\n<div class=\"wp-block-columns is-layout-flex wp-container-core-columns-is-layout-9d6595d7 wp-block-columns-is-layout-flex\"><figure class=\"wp-block-post-featured-image\"><a href=\"https:\/\/www.greenpeace.org\/nl\/nieuws\/73412\/uitspraak-klimaatzaak-bonaire-dag-van-de-waarheid-voor-falend-klimaatbeleid\/\" target=\"_self\"  ><img loading=\"lazy\" decoding=\"async\" width=\"1200\" height=\"807\" src=\"https:\/\/www.greenpeace.org\/static\/planet4-netherlands-stateless\/2025\/10\/0f3fbd3b-gp0su70i6.jpg\" class=\"attachment-post-thumbnail size-post-thumbnail wp-post-image wp-stateless-item\" alt=\"Uitspraak Klimaatzaak Bonaire: Dag van de waarheid voor falend klimaatbeleid\" style=\"object-fit:cover;\" srcset=\"https:\/\/www.greenpeace.org\/static\/planet4-netherlands-stateless\/2025\/10\/0f3fbd3b-gp0su70i6.jpg 1200w, https:\/\/www.greenpeace.org\/static\/planet4-netherlands-stateless\/2025\/10\/0f3fbd3b-gp0su70i6-300x202.jpg 300w, https:\/\/www.greenpeace.org\/static\/planet4-netherlands-stateless\/2025\/10\/0f3fbd3b-gp0su70i6-1024x689.jpg 1024w, https:\/\/www.greenpeace.org\/static\/planet4-netherlands-stateless\/2025\/10\/0f3fbd3b-gp0su70i6-768x516.jpg 768w, https:\/\/www.greenpeace.org\/static\/planet4-netherlands-stateless\/2025\/10\/0f3fbd3b-gp0su70i6-506x340.jpg 506w\" sizes=\"auto, (max-width: 1200px) 100vw, 1200px\" data-image-size=\"post-thumbnail\" data-stateless-media-bucket=\"planet4-netherlands-stateless\" data-stateless-media-name=\"2025\/10\/0f3fbd3b-gp0su70i6.jpg\" \/><\/a><\/figure>\n\n\n<div class=\"wp-block-group is-layout-flow wp-block-group-is-layout-flow\">\n<div class=\"wp-block-group is-layout-flex wp-block-group-is-layout-flex\"><div class=\"wp-block-post-terms\"><a href=\"https:\/\/www.greenpeace.org\/nl\/category\/nieuws\/\">Nieuws<\/a><\/div>\n\n<div class=\"taxonomy-post_tag wp-block-post-terms\"><a href=\"https:\/\/www.greenpeace.org\/nl\/tag\/bonaire-climate-justice\/\" rel=\"tag\">Bonaire<\/a><span class=\"wp-block-post-terms__separator\"> <\/span><a href=\"https:\/\/www.greenpeace.org\/nl\/tag\/klimaatcrisis\/\" rel=\"tag\">Klimaatcrisis<\/a><span class=\"wp-block-post-terms__separator\"> <\/span><a href=\"https:\/\/www.greenpeace.org\/nl\/tag\/klimaat-energie\/\" rel=\"tag\">Klimaat &amp; Energie<\/a><\/div><\/div>\n\n\n<h3 class=\"wp-block-post-title\"><a href=\"https:\/\/www.greenpeace.org\/nl\/nieuws\/73412\/uitspraak-klimaatzaak-bonaire-dag-van-de-waarheid-voor-falend-klimaatbeleid\/\" target=\"_self\" >Uitspraak Klimaatzaak Bonaire: Dag van de waarheid voor falend klimaatbeleid<\/a><\/h3>\n\n<div class=\"wp-block-post-excerpt\"><p class=\"wp-block-post-excerpt__excerpt\">De rechtbank Den Haag doet op woensdag 28 januari om 14.00 uur uitspraak in de Klimaatzaak Bonaire, aangespannen door acht inwoners van Bonaire en Greenpeace Nederland tegen de Nederlandse Staat. <\/p><\/div>\n\n\n<div class=\"wp-block-group posts-list-meta is-layout-flow wp-block-group-is-layout-flow\"><span class='article-list-item-author'><a href='https:\/\/www.greenpeace.org\/nl\/author\/laura\/'>Laura Polderman<\/a><\/span>\n\n<div class=\"wp-block-post-date\"><time datetime=\"2026-01-26T10:00:00+01:00\">26 januari 2026<\/time><\/div><\/div>\n<\/div>\n<\/div>\n\n<\/li><li class=\"wp-block-post post-73414 post type-post status-publish format-standard has-post-thumbnail hentry category-algemeen tag-bonaire-climate-justice tag-klimaatcrisis p4-page-type-pers\">\n\n<div class=\"wp-block-columns is-layout-flex wp-container-core-columns-is-layout-9d6595d7 wp-block-columns-is-layout-flex\"><figure class=\"wp-block-post-featured-image\"><a href=\"https:\/\/www.greenpeace.org\/nl\/algemeen\/73414\/veredikto-den-e-kaso-di-klima-di-boneiru-e-dia-di-berdat-pa-maneho-di-klima-frakasa\/\" target=\"_self\"  ><img loading=\"lazy\" decoding=\"async\" width=\"800\" height=\"533\" src=\"https:\/\/www.greenpeace.org\/static\/planet4-netherlands-stateless\/2024\/11\/3f06eef2-gp0stz6f8_low-res-800px-1.jpg\" class=\"attachment-post-thumbnail size-post-thumbnail wp-post-image wp-stateless-item\" alt=\"Veredikto den e Kaso di Klima di Boneiru: E dia di b\u00e8rdat pa maneho di klima frakas\u00e1\" style=\"object-fit:cover;\" srcset=\"https:\/\/www.greenpeace.org\/static\/planet4-netherlands-stateless\/2024\/11\/3f06eef2-gp0stz6f8_low-res-800px-1.jpg 800w, https:\/\/www.greenpeace.org\/static\/planet4-netherlands-stateless\/2024\/11\/3f06eef2-gp0stz6f8_low-res-800px-1-300x200.jpg 300w, https:\/\/www.greenpeace.org\/static\/planet4-netherlands-stateless\/2024\/11\/3f06eef2-gp0stz6f8_low-res-800px-1-768x512.jpg 768w, https:\/\/www.greenpeace.org\/static\/planet4-netherlands-stateless\/2024\/11\/3f06eef2-gp0stz6f8_low-res-800px-1-510x340.jpg 510w\" sizes=\"auto, (max-width: 800px) 100vw, 800px\" data-image-size=\"post-thumbnail\" data-stateless-media-bucket=\"planet4-netherlands-stateless\" data-stateless-media-name=\"2024\/11\/3f06eef2-gp0stz6f8_low-res-800px-1.jpg\" \/><\/a><\/figure>\n\n\n<div class=\"wp-block-group is-layout-flow wp-block-group-is-layout-flow\">\n<div class=\"wp-block-group is-layout-flex wp-block-group-is-layout-flex\"><div class=\"wp-block-post-terms\"><a href=\"https:\/\/www.greenpeace.org\/nl\/category\/algemeen\/\">Algemeen<\/a><\/div>\n\n<div class=\"taxonomy-post_tag wp-block-post-terms\"><a href=\"https:\/\/www.greenpeace.org\/nl\/tag\/bonaire-climate-justice\/\" rel=\"tag\">Bonaire<\/a><span class=\"wp-block-post-terms__separator\"> <\/span><a href=\"https:\/\/www.greenpeace.org\/nl\/tag\/klimaatcrisis\/\" rel=\"tag\">Klimaatcrisis<\/a><\/div><\/div>\n\n\n<h3 class=\"wp-block-post-title\"><a href=\"https:\/\/www.greenpeace.org\/nl\/algemeen\/73414\/veredikto-den-e-kaso-di-klima-di-boneiru-e-dia-di-berdat-pa-maneho-di-klima-frakasa\/\" target=\"_self\" >Veredikto den e Kaso di Klima di Boneiru: E dia di b\u00e8rdat pa maneho di klima frakas\u00e1<\/a><\/h3>\n\n<div class=\"wp-block-post-excerpt\"><p class=\"wp-block-post-excerpt__excerpt\">Korte di Den Haag lo duna su veredikto dj\u00e1rason 28 di yan\u00fcari pa 9 am den e Kaso di Klima di Boneiru, ku a ser entam\u00e1 pa ocho habitante di Boneiru i Greenpeace Hulanda kontra Estado Hulandes. <\/p><\/div>\n\n\n<div class=\"wp-block-group posts-list-meta is-layout-flow wp-block-group-is-layout-flow\"><span class='article-list-item-author'><a href='https:\/\/www.greenpeace.org\/nl\/author\/laura\/'>Laura Polderman<\/a><\/span>\n\n<div class=\"wp-block-post-date\"><time datetime=\"2026-01-26T10:00:00+01:00\">26 januari 2026<\/time><\/div><\/div>\n<\/div>\n<\/div>\n\n<\/li><li class=\"wp-block-post post-73416 post type-post status-publish format-standard has-post-thumbnail hentry category-nieuws tag-bonaire-climate-justice tag-klimaatcrisis p4-page-type-pers\">\n\n<div class=\"wp-block-columns is-layout-flex wp-container-core-columns-is-layout-9d6595d7 wp-block-columns-is-layout-flex\"><figure class=\"wp-block-post-featured-image\"><a href=\"https:\/\/www.greenpeace.org\/nl\/nieuws\/73416\/day-of-reckoning-in-climate-case-bonaire\/\" target=\"_self\"  ><img loading=\"lazy\" decoding=\"async\" width=\"2500\" height=\"1667\" src=\"https:\/\/www.greenpeace.org\/static\/planet4-netherlands-stateless\/2024\/01\/42482f2e-gp0stz6as_pressmedia.jpg\" class=\"attachment-post-thumbnail size-post-thumbnail wp-post-image wp-stateless-item\" alt=\"Day of reckoning in Climate Case Bonaire\" style=\"object-fit:cover;\" srcset=\"https:\/\/www.greenpeace.org\/static\/planet4-netherlands-stateless\/2024\/01\/42482f2e-gp0stz6as_pressmedia.jpg 2500w, https:\/\/www.greenpeace.org\/static\/planet4-netherlands-stateless\/2024\/01\/42482f2e-gp0stz6as_pressmedia-300x200.jpg 300w, https:\/\/www.greenpeace.org\/static\/planet4-netherlands-stateless\/2024\/01\/42482f2e-gp0stz6as_pressmedia-1024x683.jpg 1024w, https:\/\/www.greenpeace.org\/static\/planet4-netherlands-stateless\/2024\/01\/42482f2e-gp0stz6as_pressmedia-768x512.jpg 768w, https:\/\/www.greenpeace.org\/static\/planet4-netherlands-stateless\/2024\/01\/42482f2e-gp0stz6as_pressmedia-1536x1024.jpg 1536w, https:\/\/www.greenpeace.org\/static\/planet4-netherlands-stateless\/2024\/01\/42482f2e-gp0stz6as_pressmedia-2048x1366.jpg 2048w, https:\/\/www.greenpeace.org\/static\/planet4-netherlands-stateless\/2024\/01\/42482f2e-gp0stz6as_pressmedia-510x340.jpg 510w\" sizes=\"auto, (max-width: 2500px) 100vw, 2500px\" data-image-size=\"post-thumbnail\" data-stateless-media-bucket=\"planet4-netherlands-stateless\" data-stateless-media-name=\"2024\/01\/42482f2e-gp0stz6as_pressmedia.jpg\" \/><\/a><\/figure>\n\n\n<div class=\"wp-block-group is-layout-flow wp-block-group-is-layout-flow\">\n<div class=\"wp-block-group is-layout-flex wp-block-group-is-layout-flex\"><div class=\"wp-block-post-terms\"><a href=\"https:\/\/www.greenpeace.org\/nl\/category\/nieuws\/\">Nieuws<\/a><\/div>\n\n<div class=\"taxonomy-post_tag wp-block-post-terms\"><a href=\"https:\/\/www.greenpeace.org\/nl\/tag\/bonaire-climate-justice\/\" rel=\"tag\">Bonaire<\/a><span class=\"wp-block-post-terms__separator\"> <\/span><a href=\"https:\/\/www.greenpeace.org\/nl\/tag\/klimaatcrisis\/\" rel=\"tag\">Klimaatcrisis<\/a><\/div><\/div>\n\n\n<h3 class=\"wp-block-post-title\"><a href=\"https:\/\/www.greenpeace.org\/nl\/nieuws\/73416\/day-of-reckoning-in-climate-case-bonaire\/\" target=\"_self\" >Day of reckoning in Climate Case Bonaire<\/a><\/h3>\n\n<div class=\"wp-block-post-excerpt\"><p class=\"wp-block-post-excerpt__excerpt\">On Wednesday, January 28, 2 p.m., the District Court of The Hague will rule on the Bonaire Climate Case, which was brought against the Dutch State by eight residents of the Dutch-Caribbean island Bonaire, together with Greenpeace Netherlands. <\/p><\/div>\n\n\n<div class=\"wp-block-group posts-list-meta is-layout-flow wp-block-group-is-layout-flow\"><span class='article-list-item-author'><a href='https:\/\/www.greenpeace.org\/nl\/author\/laura\/'>Laura Polderman<\/a><\/span>\n\n<div class=\"wp-block-post-date\"><time datetime=\"2026-01-26T10:00:00+01:00\">26 januari 2026<\/time><\/div><\/div>\n<\/div>\n<\/div>\n\n<\/li><li class=\"wp-block-post post-73409 post type-post status-publish format-standard has-post-thumbnail hentry category-bossen-categorie category-eerlijke-wereld tag-landbouw tag-politiek tag-bossen tag-eu-mercosur p4-page-type-pers\">\n\n<div class=\"wp-block-columns is-layout-flex wp-container-core-columns-is-layout-9d6595d7 wp-block-columns-is-layout-flex\"><figure class=\"wp-block-post-featured-image\"><a href=\"https:\/\/www.greenpeace.org\/nl\/eerlijke-wereld\/73409\/europees-parlement-stuurt-controversiele-eu-mercosur-deal-naar-het-europees-hof-van-justitie\/\" target=\"_self\"  ><img loading=\"lazy\" decoding=\"async\" width=\"1200\" height=\"800\" src=\"https:\/\/www.greenpeace.org\/static\/planet4-netherlands-stateless\/2025\/09\/efbda306-gp0su6p6r_medium-res-with-credit-line-1200px.jpg\" class=\"attachment-post-thumbnail size-post-thumbnail wp-post-image wp-stateless-item\" alt=\"Europees Parlement stuurt controversi\u00eble EU Mercosur deal naar het Europees Hof van Justitie\" style=\"object-fit:cover;\" srcset=\"https:\/\/www.greenpeace.org\/static\/planet4-netherlands-stateless\/2025\/09\/efbda306-gp0su6p6r_medium-res-with-credit-line-1200px.jpg 1200w, https:\/\/www.greenpeace.org\/static\/planet4-netherlands-stateless\/2025\/09\/efbda306-gp0su6p6r_medium-res-with-credit-line-1200px-300x200.jpg 300w, https:\/\/www.greenpeace.org\/static\/planet4-netherlands-stateless\/2025\/09\/efbda306-gp0su6p6r_medium-res-with-credit-line-1200px-1024x683.jpg 1024w, https:\/\/www.greenpeace.org\/static\/planet4-netherlands-stateless\/2025\/09\/efbda306-gp0su6p6r_medium-res-with-credit-line-1200px-768x512.jpg 768w, https:\/\/www.greenpeace.org\/static\/planet4-netherlands-stateless\/2025\/09\/efbda306-gp0su6p6r_medium-res-with-credit-line-1200px-510x340.jpg 510w\" sizes=\"auto, (max-width: 1200px) 100vw, 1200px\" data-image-size=\"post-thumbnail\" data-stateless-media-bucket=\"planet4-netherlands-stateless\" data-stateless-media-name=\"2025\/09\/efbda306-gp0su6p6r_medium-res-with-credit-line-1200px.jpg\" \/><\/a><\/figure>\n\n\n<div class=\"wp-block-group is-layout-flow wp-block-group-is-layout-flow\">\n<div class=\"wp-block-group is-layout-flex wp-block-group-is-layout-flex\"><div class=\"wp-block-post-terms\"><a href=\"https:\/\/www.greenpeace.org\/nl\/category\/bossen-categorie\/\">Bossen<\/a><\/div>\n\n<div class=\"taxonomy-post_tag wp-block-post-terms\"><a href=\"https:\/\/www.greenpeace.org\/nl\/tag\/landbouw\/\" rel=\"tag\">Landbouw<\/a><span class=\"wp-block-post-terms__separator\"> <\/span><a href=\"https:\/\/www.greenpeace.org\/nl\/tag\/politiek\/\" rel=\"tag\">Politiek<\/a><span class=\"wp-block-post-terms__separator\"> <\/span><a href=\"https:\/\/www.greenpeace.org\/nl\/tag\/bossen\/\" rel=\"tag\">Bossen<\/a><span class=\"wp-block-post-terms__separator\"> <\/span><a href=\"https:\/\/www.greenpeace.org\/nl\/tag\/eu-mercosur\/\" rel=\"tag\">EU-Mercosur<\/a><\/div><\/div>\n\n\n<h3 class=\"wp-block-post-title\"><a href=\"https:\/\/www.greenpeace.org\/nl\/eerlijke-wereld\/73409\/europees-parlement-stuurt-controversiele-eu-mercosur-deal-naar-het-europees-hof-van-justitie\/\" target=\"_self\" >Europees Parlement stuurt controversi\u00eble EU Mercosur deal naar het Europees Hof van Justitie<\/a><\/h3>\n\n<div class=\"wp-block-post-excerpt\"><p class=\"wp-block-post-excerpt__excerpt\">Het Europees Parlement heeft een motie aangenomen om de handelsovereenkomst tussen de EU en Mercosur landen voor te leggen aan het Europees Hof van Justitie. Daar moet worden getoetst of&hellip; <\/p><\/div>\n\n\n<div class=\"wp-block-group posts-list-meta is-layout-flow wp-block-group-is-layout-flow\"><span class='article-list-item-author'><a href='https:\/\/www.greenpeace.org\/nl\/author\/awensinggreenpeace-org\/'>Anneke Wensing<\/a><\/span>\n\n<div class=\"wp-block-post-date\"><time datetime=\"2026-01-21T15:56:27+01:00\">21 januari 2026<\/time><\/div><\/div>\n<\/div>\n<\/div>\n\n<\/li><li class=\"wp-block-post post-73365 post type-post status-publish format-standard has-post-thumbnail hentry category-klimaat-categorie category-algemeen tag-luchtvaart tag-vervuiling tag-consumptie tag-wetenschappelijke-publicatie tag-eerlijke-wereld p4-page-type-pers\">\n\n<div class=\"wp-block-columns is-layout-flex wp-container-core-columns-is-layout-9d6595d7 wp-block-columns-is-layout-flex\"><figure class=\"wp-block-post-featured-image\"><a href=\"https:\/\/www.greenpeace.org\/nl\/algemeen\/73365\/rapport-privejet-voor-iedere-vier-deelnemers-aan-world-economic-forum-in-davos\/\" target=\"_self\"  ><img loading=\"lazy\" decoding=\"async\" width=\"1200\" height=\"800\" src=\"https:\/\/www.greenpeace.org\/static\/planet4-netherlands-stateless\/2026\/01\/9f20cb03-gp0su45uk.jpg\" class=\"attachment-post-thumbnail size-post-thumbnail wp-post-image wp-stateless-item\" alt=\"Rapport: Priv\u00e9jet voor iedere vier deelnemers aan World Economic Forum in Davos\" style=\"object-fit:cover;\" srcset=\"https:\/\/www.greenpeace.org\/static\/planet4-netherlands-stateless\/2026\/01\/9f20cb03-gp0su45uk.jpg 1200w, https:\/\/www.greenpeace.org\/static\/planet4-netherlands-stateless\/2026\/01\/9f20cb03-gp0su45uk-300x200.jpg 300w, https:\/\/www.greenpeace.org\/static\/planet4-netherlands-stateless\/2026\/01\/9f20cb03-gp0su45uk-1024x683.jpg 1024w, https:\/\/www.greenpeace.org\/static\/planet4-netherlands-stateless\/2026\/01\/9f20cb03-gp0su45uk-768x512.jpg 768w, https:\/\/www.greenpeace.org\/static\/planet4-netherlands-stateless\/2026\/01\/9f20cb03-gp0su45uk-510x340.jpg 510w\" sizes=\"auto, (max-width: 1200px) 100vw, 1200px\" data-image-size=\"post-thumbnail\" data-stateless-media-bucket=\"planet4-netherlands-stateless\" data-stateless-media-name=\"2026\/01\/9f20cb03-gp0su45uk.jpg\" \/><\/a><\/figure>\n\n\n<div class=\"wp-block-group is-layout-flow wp-block-group-is-layout-flow\">\n<div class=\"wp-block-group is-layout-flex wp-block-group-is-layout-flex\"><div class=\"wp-block-post-terms\"><a href=\"https:\/\/www.greenpeace.org\/nl\/category\/klimaat-categorie\/\">Klimaat<\/a><\/div>\n\n<div class=\"taxonomy-post_tag wp-block-post-terms\"><a href=\"https:\/\/www.greenpeace.org\/nl\/tag\/luchtvaart\/\" rel=\"tag\">Luchtvaart<\/a><span class=\"wp-block-post-terms__separator\"> <\/span><a href=\"https:\/\/www.greenpeace.org\/nl\/tag\/vervuiling\/\" rel=\"tag\">Vervuiling<\/a><span class=\"wp-block-post-terms__separator\"> <\/span><a href=\"https:\/\/www.greenpeace.org\/nl\/tag\/consumptie\/\" rel=\"tag\">Consumptie<\/a><span class=\"wp-block-post-terms__separator\"> <\/span><a href=\"https:\/\/www.greenpeace.org\/nl\/tag\/wetenschappelijke-publicatie\/\" rel=\"tag\">Wetenschappelijke Publicatie<\/a><span class=\"wp-block-post-terms__separator\"> <\/span><a href=\"https:\/\/www.greenpeace.org\/nl\/tag\/eerlijke-wereld\/\" rel=\"tag\">Eerlijke wereld<\/a><\/div><\/div>\n\n\n<h3 class=\"wp-block-post-title\"><a href=\"https:\/\/www.greenpeace.org\/nl\/algemeen\/73365\/rapport-privejet-voor-iedere-vier-deelnemers-aan-world-economic-forum-in-davos\/\" target=\"_self\" >Rapport: Priv\u00e9jet voor iedere vier deelnemers aan World Economic Forum in Davos<\/a><\/h3>\n\n<div class=\"wp-block-post-excerpt\"><p class=\"wp-block-post-excerpt__excerpt\">\u2018Vervuilend vlieggedrag voor Zwitsers symposium blootgelegd\u2019 <\/p><\/div>\n\n\n<div class=\"wp-block-group posts-list-meta is-layout-flow wp-block-group-is-layout-flow\"><span class='article-list-item-author'><a href='https:\/\/www.greenpeace.org\/nl\/author\/bkarst\/'>Bram Karst<\/a><\/span>\n\n<div class=\"wp-block-post-date\"><time datetime=\"2026-01-15T00:01:00+01:00\">15 januari 2026<\/time><\/div><\/div>\n<\/div>\n<\/div>\n\n<\/li><li class=\"wp-block-post post-73357 post type-post status-publish format-standard has-post-thumbnail hentry category-oceanen-categorie tag-oceanen tag-organisatie tag-diepzee p4-page-type-pers\">\n\n<div class=\"wp-block-columns is-layout-flex wp-container-core-columns-is-layout-9d6595d7 wp-block-columns-is-layout-flex\"><figure class=\"wp-block-post-featured-image\"><a href=\"https:\/\/www.greenpeace.org\/nl\/oceanen-categorie\/73357\/muzikaal-eerbetoon-door-iris-hond-aan-de-oceanen-bij-amsterdam-light-festival\/\" target=\"_self\"  ><img loading=\"lazy\" decoding=\"async\" width=\"1200\" height=\"800\" src=\"https:\/\/www.greenpeace.org\/static\/planet4-netherlands-stateless\/2026\/01\/242be034-irishond_oceanenverdrag.jpg\" class=\"attachment-post-thumbnail size-post-thumbnail wp-post-image wp-stateless-item\" alt=\"Muzikaal eerbetoon door Iris Hond aan de oceanen bij Amsterdam Light Festival\" style=\"object-fit:cover;\" srcset=\"https:\/\/www.greenpeace.org\/static\/planet4-netherlands-stateless\/2026\/01\/242be034-irishond_oceanenverdrag.jpg 1200w, https:\/\/www.greenpeace.org\/static\/planet4-netherlands-stateless\/2026\/01\/242be034-irishond_oceanenverdrag-300x200.jpg 300w, https:\/\/www.greenpeace.org\/static\/planet4-netherlands-stateless\/2026\/01\/242be034-irishond_oceanenverdrag-1024x683.jpg 1024w, https:\/\/www.greenpeace.org\/static\/planet4-netherlands-stateless\/2026\/01\/242be034-irishond_oceanenverdrag-768x512.jpg 768w, https:\/\/www.greenpeace.org\/static\/planet4-netherlands-stateless\/2026\/01\/242be034-irishond_oceanenverdrag-510x340.jpg 510w\" sizes=\"auto, (max-width: 1200px) 100vw, 1200px\" data-image-size=\"post-thumbnail\" data-stateless-media-bucket=\"planet4-netherlands-stateless\" data-stateless-media-name=\"2026\/01\/242be034-irishond_oceanenverdrag.jpg\" \/><\/a><\/figure>\n\n\n<div class=\"wp-block-group is-layout-flow wp-block-group-is-layout-flow\">\n<div class=\"wp-block-group is-layout-flex wp-block-group-is-layout-flex\"><div class=\"wp-block-post-terms\"><a href=\"https:\/\/www.greenpeace.org\/nl\/category\/oceanen-categorie\/\">Oceanen<\/a><\/div>\n\n<div class=\"taxonomy-post_tag wp-block-post-terms\"><a href=\"https:\/\/www.greenpeace.org\/nl\/tag\/oceanen\/\" rel=\"tag\">Oceanen<\/a><span class=\"wp-block-post-terms__separator\"> <\/span><a href=\"https:\/\/www.greenpeace.org\/nl\/tag\/organisatie\/\" rel=\"tag\">Organisatie<\/a><span class=\"wp-block-post-terms__separator\"> <\/span><a href=\"https:\/\/www.greenpeace.org\/nl\/tag\/diepzee\/\" rel=\"tag\">Diepzee<\/a><\/div><\/div>\n\n\n<h3 class=\"wp-block-post-title\"><a href=\"https:\/\/www.greenpeace.org\/nl\/oceanen-categorie\/73357\/muzikaal-eerbetoon-door-iris-hond-aan-de-oceanen-bij-amsterdam-light-festival\/\" target=\"_self\" >Muzikaal eerbetoon door Iris Hond aan de oceanen bij Amsterdam Light Festival<\/a><\/h3>\n\n<div class=\"wp-block-post-excerpt\"><p class=\"wp-block-post-excerpt__excerpt\">Pianist en componist Iris Hond gaf vanavond een indrukwekkend concert op een ponton in het water bij Het Scheepvaartmuseum. Met een speciaal samengestelde performance vierde zij, samen met Amsterdam Light&hellip; <\/p><\/div>\n\n\n<div class=\"wp-block-group posts-list-meta is-layout-flow wp-block-group-is-layout-flow\"><span class='article-list-item-author'><a href='https:\/\/www.greenpeace.org\/nl\/author\/awensinggreenpeace-org\/'>Anneke Wensing<\/a><\/span>\n\n<div class=\"wp-block-post-date\"><time datetime=\"2026-01-14T20:59:14+01:00\">14 januari 2026<\/time><\/div><\/div>\n<\/div>\n<\/div>\n\n<\/li><li class=\"wp-block-post post-73369 post type-post status-publish format-standard has-post-thumbnail hentry category-klimaat-categorie tag-politiek tag-klimaatcrisis tag-klimaatalarm tag-bonaire-climate-justice p4-page-type-pers\">\n\n<div class=\"wp-block-columns is-layout-flex wp-container-core-columns-is-layout-9d6595d7 wp-block-columns-is-layout-flex\"><figure class=\"wp-block-post-featured-image\"><a href=\"https:\/\/www.greenpeace.org\/nl\/klimaat-categorie\/73369\/reactie-op-jaaroverzicht-2025-van-copernicus\/\" target=\"_self\"  ><img loading=\"lazy\" decoding=\"async\" width=\"1024\" height=\"680\" src=\"https:\/\/www.greenpeace.org\/static\/planet4-netherlands-stateless\/2024\/09\/217a1819-klimaatrechtvaardigheid-slavenhuisjes-bonaire-1024x680-1.jpg\" class=\"attachment-post-thumbnail size-post-thumbnail wp-post-image wp-stateless-item\" alt=\"Reactie op jaaroverzicht 2025 van Copernicus\" style=\"object-fit:cover;\" srcset=\"https:\/\/www.greenpeace.org\/static\/planet4-netherlands-stateless\/2024\/09\/217a1819-klimaatrechtvaardigheid-slavenhuisjes-bonaire-1024x680-1.jpg 1024w, https:\/\/www.greenpeace.org\/static\/planet4-netherlands-stateless\/2024\/09\/217a1819-klimaatrechtvaardigheid-slavenhuisjes-bonaire-1024x680-1-300x199.jpg 300w, https:\/\/www.greenpeace.org\/static\/planet4-netherlands-stateless\/2024\/09\/217a1819-klimaatrechtvaardigheid-slavenhuisjes-bonaire-1024x680-1-768x510.jpg 768w, https:\/\/www.greenpeace.org\/static\/planet4-netherlands-stateless\/2024\/09\/217a1819-klimaatrechtvaardigheid-slavenhuisjes-bonaire-1024x680-1-510x340.jpg 510w\" sizes=\"auto, (max-width: 1024px) 100vw, 1024px\" data-image-size=\"post-thumbnail\" data-stateless-media-bucket=\"planet4-netherlands-stateless-develop\" data-stateless-media-name=\"2024\/09\/217a1819-klimaatrechtvaardigheid-slavenhuisjes-bonaire-1024x680-1.jpg\" \/><\/a><\/figure>\n\n\n<div class=\"wp-block-group is-layout-flow wp-block-group-is-layout-flow\">\n<div class=\"wp-block-group is-layout-flex wp-block-group-is-layout-flex\"><div class=\"wp-block-post-terms\"><a href=\"https:\/\/www.greenpeace.org\/nl\/category\/klimaat-categorie\/\">Klimaat<\/a><\/div>\n\n<div class=\"taxonomy-post_tag wp-block-post-terms\"><a href=\"https:\/\/www.greenpeace.org\/nl\/tag\/politiek\/\" rel=\"tag\">Politiek<\/a><span class=\"wp-block-post-terms__separator\"> <\/span><a href=\"https:\/\/www.greenpeace.org\/nl\/tag\/klimaatcrisis\/\" rel=\"tag\">Klimaatcrisis<\/a><span class=\"wp-block-post-terms__separator\"> <\/span><a href=\"https:\/\/www.greenpeace.org\/nl\/tag\/klimaatalarm\/\" rel=\"tag\">Klimaatalarm<\/a><span class=\"wp-block-post-terms__separator\"> <\/span><a href=\"https:\/\/www.greenpeace.org\/nl\/tag\/bonaire-climate-justice\/\" rel=\"tag\">Bonaire<\/a><\/div><\/div>\n\n\n<h3 class=\"wp-block-post-title\"><a href=\"https:\/\/www.greenpeace.org\/nl\/klimaat-categorie\/73369\/reactie-op-jaaroverzicht-2025-van-copernicus\/\" target=\"_self\" >Reactie op jaaroverzicht 2025 van Copernicus<\/a><\/h3>\n\n<div class=\"wp-block-post-excerpt\"><p class=\"wp-block-post-excerpt__excerpt\">Hierbij de reactie van Greenpeace Nederland op het jaaroverzicht van 2025 van Copernicus. <\/p><\/div>\n\n\n<div class=\"wp-block-group posts-list-meta is-layout-flow wp-block-group-is-layout-flow\"><span class='article-list-item-author'><a href='https:\/\/www.greenpeace.org\/nl\/author\/bkarst\/'>Bram Karst<\/a><\/span>\n\n<div class=\"wp-block-post-date\"><time datetime=\"2026-01-14T04:00:00+01:00\">14 januari 2026<\/time><\/div><\/div>\n<\/div>\n<\/div>\n\n<\/li><li class=\"wp-block-post post-73353 post type-post status-publish format-standard has-post-thumbnail hentry category-klimaat-categorie tag-luchtvaart tag-brief tag-politiek p4-page-type-pers\">\n\n<div class=\"wp-block-columns is-layout-flex wp-container-core-columns-is-layout-9d6595d7 wp-block-columns-is-layout-flex\"><figure class=\"wp-block-post-featured-image\"><a href=\"https:\/\/www.greenpeace.org\/nl\/klimaat-categorie\/73353\/economen-artsen-en-milieuorganisaties-huidig-luchtvaartbeleid-is-onhoudbaar\/\" target=\"_self\"  ><img loading=\"lazy\" decoding=\"async\" width=\"799\" height=\"529\" src=\"https:\/\/www.greenpeace.org\/static\/planet4-netherlands-stateless\/2025\/02\/70dbc01b-gp0sttmek_low-res-with-credit-line-800px.jpg\" class=\"attachment-post-thumbnail size-post-thumbnail wp-post-image wp-stateless-item\" alt=\"Economen, artsen en milieuorganisaties: huidig luchtvaartbeleid is onhoudbaar\" style=\"object-fit:cover;\" srcset=\"https:\/\/www.greenpeace.org\/static\/planet4-netherlands-stateless\/2025\/02\/70dbc01b-gp0sttmek_low-res-with-credit-line-800px.jpg 799w, https:\/\/www.greenpeace.org\/static\/planet4-netherlands-stateless\/2025\/02\/70dbc01b-gp0sttmek_low-res-with-credit-line-800px-300x199.jpg 300w, https:\/\/www.greenpeace.org\/static\/planet4-netherlands-stateless\/2025\/02\/70dbc01b-gp0sttmek_low-res-with-credit-line-800px-768x508.jpg 768w, https:\/\/www.greenpeace.org\/static\/planet4-netherlands-stateless\/2025\/02\/70dbc01b-gp0sttmek_low-res-with-credit-line-800px-510x338.jpg 510w\" sizes=\"auto, (max-width: 799px) 100vw, 799px\" data-image-size=\"post-thumbnail\" data-stateless-media-bucket=\"planet4-netherlands-stateless\" data-stateless-media-name=\"2025\/02\/70dbc01b-gp0sttmek_low-res-with-credit-line-800px.jpg\" \/><\/a><\/figure>\n\n\n<div class=\"wp-block-group is-layout-flow wp-block-group-is-layout-flow\">\n<div class=\"wp-block-group is-layout-flex wp-block-group-is-layout-flex\"><div class=\"wp-block-post-terms\"><a href=\"https:\/\/www.greenpeace.org\/nl\/category\/klimaat-categorie\/\">Klimaat<\/a><\/div>\n\n<div class=\"taxonomy-post_tag wp-block-post-terms\"><a href=\"https:\/\/www.greenpeace.org\/nl\/tag\/luchtvaart\/\" rel=\"tag\">Luchtvaart<\/a><span class=\"wp-block-post-terms__separator\"> <\/span><a href=\"https:\/\/www.greenpeace.org\/nl\/tag\/brief\/\" rel=\"tag\">Brief<\/a><span class=\"wp-block-post-terms__separator\"> <\/span><a href=\"https:\/\/www.greenpeace.org\/nl\/tag\/politiek\/\" rel=\"tag\">Politiek<\/a><\/div><\/div>\n\n\n<h3 class=\"wp-block-post-title\"><a href=\"https:\/\/www.greenpeace.org\/nl\/klimaat-categorie\/73353\/economen-artsen-en-milieuorganisaties-huidig-luchtvaartbeleid-is-onhoudbaar\/\" target=\"_self\" >Economen, artsen en milieuorganisaties: huidig luchtvaartbeleid is onhoudbaar<\/a><\/h3>\n\n<div class=\"wp-block-post-excerpt\"><p class=\"wp-block-post-excerpt__excerpt\">Utrecht, 13 janTientallen maatschappelijke organisaties, gesteund door vooraanstaande economen, luchtvaartexperts en artsen, roepen de formerende partijen op om de uitzonderingspositie van de Nederlandse luchtvaartsector te be\u00ebindigen. In een gezamenlijke brief&hellip; <\/p><\/div>\n\n\n<div class=\"wp-block-group posts-list-meta is-layout-flow wp-block-group-is-layout-flow\"><span class='article-list-item-author'><a href='https:\/\/www.greenpeace.org\/nl\/author\/bkarst\/'>Bram Karst<\/a><\/span>\n\n<div class=\"wp-block-post-date\"><time datetime=\"2026-01-13T06:00:00+01:00\">13 januari 2026<\/time><\/div><\/div>\n<\/div>\n<\/div>\n\n<\/li><li class=\"wp-block-post post-73359 post type-post status-publish format-standard has-post-thumbnail hentry category-bossen-categorie category-eerlijke-wereld category-jbs tag-landbouw tag-politiek tag-amazone tag-bossen p4-page-type-pers\">\n\n<div class=\"wp-block-columns is-layout-flex wp-container-core-columns-is-layout-9d6595d7 wp-block-columns-is-layout-flex\"><figure class=\"wp-block-post-featured-image\"><a href=\"https:\/\/www.greenpeace.org\/nl\/eerlijke-wereld\/73359\/reactie-greenpeace-nederland-op-het-eu-mercosur-akkoord\/\" target=\"_self\"  ><img loading=\"lazy\" decoding=\"async\" width=\"800\" height=\"533\" src=\"https:\/\/www.greenpeace.org\/static\/planet4-netherlands-stateless\/2025\/10\/6eecfb88-gp0stpt7t_low-res-800px.jpg\" class=\"attachment-post-thumbnail size-post-thumbnail wp-post-image wp-stateless-item\" alt=\"Reactie Greenpeace Nederland op het EU Mercosur-akkoord\" style=\"object-fit:cover;\" srcset=\"https:\/\/www.greenpeace.org\/static\/planet4-netherlands-stateless\/2025\/10\/6eecfb88-gp0stpt7t_low-res-800px.jpg 800w, https:\/\/www.greenpeace.org\/static\/planet4-netherlands-stateless\/2025\/10\/6eecfb88-gp0stpt7t_low-res-800px-300x200.jpg 300w, https:\/\/www.greenpeace.org\/static\/planet4-netherlands-stateless\/2025\/10\/6eecfb88-gp0stpt7t_low-res-800px-768x512.jpg 768w, https:\/\/www.greenpeace.org\/static\/planet4-netherlands-stateless\/2025\/10\/6eecfb88-gp0stpt7t_low-res-800px-510x340.jpg 510w\" sizes=\"auto, (max-width: 800px) 100vw, 800px\" data-image-size=\"post-thumbnail\" data-stateless-media-bucket=\"planet4-netherlands-stateless\" data-stateless-media-name=\"2025\/10\/6eecfb88-gp0stpt7t_low-res-800px.jpg\" \/><\/a><\/figure>\n\n\n<div class=\"wp-block-group is-layout-flow wp-block-group-is-layout-flow\">\n<div class=\"wp-block-group is-layout-flex wp-block-group-is-layout-flex\"><div class=\"wp-block-post-terms\"><a href=\"https:\/\/www.greenpeace.org\/nl\/category\/bossen-categorie\/\">Bossen<\/a><\/div>\n\n<div class=\"taxonomy-post_tag wp-block-post-terms\"><a href=\"https:\/\/www.greenpeace.org\/nl\/tag\/landbouw\/\" rel=\"tag\">Landbouw<\/a><span class=\"wp-block-post-terms__separator\"> <\/span><a href=\"https:\/\/www.greenpeace.org\/nl\/tag\/politiek\/\" rel=\"tag\">Politiek<\/a><span class=\"wp-block-post-terms__separator\"> <\/span><a href=\"https:\/\/www.greenpeace.org\/nl\/tag\/amazone\/\" rel=\"tag\">Amazone<\/a><span class=\"wp-block-post-terms__separator\"> <\/span><a href=\"https:\/\/www.greenpeace.org\/nl\/tag\/bossen\/\" rel=\"tag\">Bossen<\/a><\/div><\/div>\n\n\n<h3 class=\"wp-block-post-title\"><a href=\"https:\/\/www.greenpeace.org\/nl\/eerlijke-wereld\/73359\/reactie-greenpeace-nederland-op-het-eu-mercosur-akkoord\/\" target=\"_self\" >Reactie Greenpeace Nederland op het EU Mercosur-akkoord<\/a><\/h3>\n\n<div class=\"wp-block-post-excerpt\"><p class=\"wp-block-post-excerpt__excerpt\">Sigrid Deters, bossenexpert bij Greenpeace Nederland is niet te spreken over deze stap: &#8220;Deze impopulaire deal is wellicht goed voor enkele landbouwgiganten zoals Amazone-verwoester JBS, maar een ramp voor het&hellip; <\/p><\/div>\n\n\n<div class=\"wp-block-group posts-list-meta is-layout-flow wp-block-group-is-layout-flow\"><span class='article-list-item-author'><a href='https:\/\/www.greenpeace.org\/nl\/author\/awensinggreenpeace-org\/'>Anneke Wensing<\/a><\/span>\n\n<div class=\"wp-block-post-date\"><time datetime=\"2026-01-09T11:31:00+01:00\">9 januari 2026<\/time><\/div><\/div>\n<\/div>\n<\/div>\n\n<\/li><li class=\"wp-block-post post-73322 post type-post status-publish format-standard has-post-thumbnail hentry category-nieuws tag-landbouw tag-politiek tag-natuurzaak-tag p4-page-type-pers\">\n\n<div class=\"wp-block-columns is-layout-flex wp-container-core-columns-is-layout-9d6595d7 wp-block-columns-is-layout-flex\"><figure class=\"wp-block-post-featured-image\"><a href=\"https:\/\/www.greenpeace.org\/nl\/nieuws\/73322\/minister-femke-wiersma-uitgeroepen-tot-oliebol-van-het-jaar\/\" target=\"_self\"  ><img loading=\"lazy\" decoding=\"async\" width=\"1250\" height=\"833\" src=\"https:\/\/www.greenpeace.org\/static\/planet4-netherlands-stateless\/2025\/12\/b76b90ca-femke-wiersma-3-beeld-martijn-beekman.jpg\" class=\"attachment-post-thumbnail size-post-thumbnail wp-post-image wp-stateless-item\" alt=\"Minister Femke Wiersma uitgeroepen tot &#8216;Oliebol van het jaar&#8217;\" style=\"object-fit:cover;\" srcset=\"https:\/\/www.greenpeace.org\/static\/planet4-netherlands-stateless\/2025\/12\/b76b90ca-femke-wiersma-3-beeld-martijn-beekman.jpg 1250w, https:\/\/www.greenpeace.org\/static\/planet4-netherlands-stateless\/2025\/12\/b76b90ca-femke-wiersma-3-beeld-martijn-beekman-300x200.jpg 300w, https:\/\/www.greenpeace.org\/static\/planet4-netherlands-stateless\/2025\/12\/b76b90ca-femke-wiersma-3-beeld-martijn-beekman-1024x682.jpg 1024w, https:\/\/www.greenpeace.org\/static\/planet4-netherlands-stateless\/2025\/12\/b76b90ca-femke-wiersma-3-beeld-martijn-beekman-768x512.jpg 768w, https:\/\/www.greenpeace.org\/static\/planet4-netherlands-stateless\/2025\/12\/b76b90ca-femke-wiersma-3-beeld-martijn-beekman-510x340.jpg 510w\" sizes=\"auto, (max-width: 1250px) 100vw, 1250px\" data-image-size=\"post-thumbnail\" data-stateless-media-bucket=\"planet4-netherlands-stateless\" data-stateless-media-name=\"2025\/12\/b76b90ca-femke-wiersma-3-beeld-martijn-beekman.jpg\" \/><\/a><\/figure>\n\n\n<div class=\"wp-block-group is-layout-flow wp-block-group-is-layout-flow\">\n<div class=\"wp-block-group is-layout-flex wp-block-group-is-layout-flex\"><div class=\"wp-block-post-terms\"><a href=\"https:\/\/www.greenpeace.org\/nl\/category\/nieuws\/\">Nieuws<\/a><\/div>\n\n<div class=\"taxonomy-post_tag wp-block-post-terms\"><a href=\"https:\/\/www.greenpeace.org\/nl\/tag\/landbouw\/\" rel=\"tag\">Landbouw<\/a><span class=\"wp-block-post-terms__separator\"> <\/span><a href=\"https:\/\/www.greenpeace.org\/nl\/tag\/politiek\/\" rel=\"tag\">Politiek<\/a><span class=\"wp-block-post-terms__separator\"> <\/span><a href=\"https:\/\/www.greenpeace.org\/nl\/tag\/natuurzaak-tag\/\" rel=\"tag\">Natuurzaak<\/a><\/div><\/div>\n\n\n<h3 class=\"wp-block-post-title\"><a href=\"https:\/\/www.greenpeace.org\/nl\/nieuws\/73322\/minister-femke-wiersma-uitgeroepen-tot-oliebol-van-het-jaar\/\" target=\"_self\" >Minister Femke Wiersma uitgeroepen tot &#8216;Oliebol van het jaar&#8217;<\/a><\/h3>\n\n<div class=\"wp-block-post-excerpt\"><p class=\"wp-block-post-excerpt__excerpt\">Publiek eensgezind in oordeel over landbouwminister <\/p><\/div>\n\n\n<div class=\"wp-block-group posts-list-meta is-layout-flow wp-block-group-is-layout-flow\"><span class='article-list-item-author'><a href='https:\/\/www.greenpeace.org\/nl\/author\/bkarst\/'>Bram Karst<\/a><\/span>\n\n<div class=\"wp-block-post-date\"><time datetime=\"2025-12-30T10:00:00+01:00\">30 december 2025<\/time><\/div><\/div>\n<\/div>\n<\/div>\n\n<\/li><li class=\"wp-block-post post-73249 post type-post status-publish format-standard has-post-thumbnail hentry category-eerlijke-wereld tag-consumptie tag-vervuiling tag-eerlijke-wereld tag-wetenschappelijke-publicatie tag-klimaat-energie tag-luchtvaart p4-page-type-pers\">\n\n<div class=\"wp-block-columns is-layout-flex wp-container-core-columns-is-layout-9d6595d7 wp-block-columns-is-layout-flex\"><figure class=\"wp-block-post-featured-image\"><a href=\"https:\/\/www.greenpeace.org\/nl\/eerlijke-wereld\/73249\/onderzoek-uitstoot-business-class-vliegtickets-4-tot-5-keer-zo-hoog-als-economy-seats\/\" target=\"_self\"  ><img loading=\"lazy\" decoding=\"async\" width=\"2560\" height=\"1707\" src=\"https:\/\/www.greenpeace.org\/static\/planet4-netherlands-stateless\/2022\/01\/715bc734-photo-of-empty-seats-in-economy-class-airplane-2021-09-03-21-03-23-utc-scaled.jpg\" class=\"attachment-post-thumbnail size-post-thumbnail wp-post-image wp-stateless-item\" alt=\"Onderzoek: Uitstoot &#8216;Business Class\u2019-vliegtickets 4 tot 5 keer zo hoog als economy seats\u00a0\" style=\"object-fit:cover;\" srcset=\"https:\/\/www.greenpeace.org\/static\/planet4-netherlands-stateless\/2022\/01\/715bc734-photo-of-empty-seats-in-economy-class-airplane-2021-09-03-21-03-23-utc-scaled.jpg 2560w, https:\/\/www.greenpeace.org\/static\/planet4-netherlands-stateless\/2022\/01\/715bc734-photo-of-empty-seats-in-economy-class-airplane-2021-09-03-21-03-23-utc-300x200.jpg 300w, https:\/\/www.greenpeace.org\/static\/planet4-netherlands-stateless\/2022\/01\/715bc734-photo-of-empty-seats-in-economy-class-airplane-2021-09-03-21-03-23-utc-1024x683.jpg 1024w, https:\/\/www.greenpeace.org\/static\/planet4-netherlands-stateless\/2022\/01\/715bc734-photo-of-empty-seats-in-economy-class-airplane-2021-09-03-21-03-23-utc-768x512.jpg 768w, https:\/\/www.greenpeace.org\/static\/planet4-netherlands-stateless\/2022\/01\/715bc734-photo-of-empty-seats-in-economy-class-airplane-2021-09-03-21-03-23-utc-1536x1024.jpg 1536w, https:\/\/www.greenpeace.org\/static\/planet4-netherlands-stateless\/2022\/01\/715bc734-photo-of-empty-seats-in-economy-class-airplane-2021-09-03-21-03-23-utc-2048x1366.jpg 2048w, https:\/\/www.greenpeace.org\/static\/planet4-netherlands-stateless\/2022\/01\/715bc734-photo-of-empty-seats-in-economy-class-airplane-2021-09-03-21-03-23-utc-510x340.jpg 510w\" sizes=\"auto, (max-width: 2560px) 100vw, 2560px\" data-image-size=\"post-thumbnail\" data-stateless-media-bucket=\"planet4-netherlands-stateless\" data-stateless-media-name=\"2022\/01\/715bc734-photo-of-empty-seats-in-economy-class-airplane-2021-09-03-21-03-23-utc-scaled.jpg\" \/><\/a><\/figure>\n\n\n<div class=\"wp-block-group is-layout-flow wp-block-group-is-layout-flow\">\n<div class=\"wp-block-group is-layout-flex wp-block-group-is-layout-flex\"><div class=\"wp-block-post-terms\"><a href=\"https:\/\/www.greenpeace.org\/nl\/category\/eerlijke-wereld\/\">Eerlijke wereld<\/a><\/div>\n\n<div class=\"taxonomy-post_tag wp-block-post-terms\"><a href=\"https:\/\/www.greenpeace.org\/nl\/tag\/consumptie\/\" rel=\"tag\">Consumptie<\/a><span class=\"wp-block-post-terms__separator\"> <\/span><a href=\"https:\/\/www.greenpeace.org\/nl\/tag\/vervuiling\/\" rel=\"tag\">Vervuiling<\/a><span class=\"wp-block-post-terms__separator\"> <\/span><a href=\"https:\/\/www.greenpeace.org\/nl\/tag\/eerlijke-wereld\/\" rel=\"tag\">Eerlijke wereld<\/a><span class=\"wp-block-post-terms__separator\"> <\/span><a href=\"https:\/\/www.greenpeace.org\/nl\/tag\/wetenschappelijke-publicatie\/\" rel=\"tag\">Wetenschappelijke Publicatie<\/a><span class=\"wp-block-post-terms__separator\"> <\/span><a href=\"https:\/\/www.greenpeace.org\/nl\/tag\/klimaat-energie\/\" rel=\"tag\">Klimaat &amp; Energie<\/a><span class=\"wp-block-post-terms__separator\"> <\/span><a href=\"https:\/\/www.greenpeace.org\/nl\/tag\/luchtvaart\/\" rel=\"tag\">Luchtvaart<\/a><\/div><\/div>\n\n\n<h3 class=\"wp-block-post-title\"><a href=\"https:\/\/www.greenpeace.org\/nl\/eerlijke-wereld\/73249\/onderzoek-uitstoot-business-class-vliegtickets-4-tot-5-keer-zo-hoog-als-economy-seats\/\" target=\"_self\" >Onderzoek: Uitstoot &#8216;Business Class\u2019-vliegtickets 4 tot 5 keer zo hoog als economy seats\u00a0<\/a><\/h3>\n\n<div class=\"wp-block-post-excerpt\"><p class=\"wp-block-post-excerpt__excerpt\">Greenpeace pleit voor nieuwe tax op dit soort \u201cluxetickets\u201d <\/p><\/div>\n\n\n<div class=\"wp-block-group posts-list-meta is-layout-flow wp-block-group-is-layout-flow\"><span class='article-list-item-author'><a href='https:\/\/www.greenpeace.org\/nl\/author\/bkarst\/'>Bram Karst<\/a><\/span>\n\n<div class=\"wp-block-post-date\"><time datetime=\"2025-12-17T00:01:00+01:00\">17 december 2025<\/time><\/div><\/div>\n<\/div>\n<\/div>\n\n<\/li><li class=\"wp-block-post post-73152 post type-post status-publish format-standard has-post-thumbnail hentry category-eerlijke-wereld category-nieuws tag-tata-steel tag-klimaat-energie tag-vervuiling p4-page-type-pers\">\n\n<div class=\"wp-block-columns is-layout-flex wp-container-core-columns-is-layout-9d6595d7 wp-block-columns-is-layout-flex\"><figure class=\"wp-block-post-featured-image\"><a href=\"https:\/\/www.greenpeace.org\/nl\/eerlijke-wereld\/73152\/aangifte-tegen-tata-steel-vanwege-hogere-uitstoot-van-schadelijke-stoffen-dan-bedrijf-rapporteerde\/\" target=\"_self\"  ><img loading=\"lazy\" decoding=\"async\" width=\"800\" height=\"449\" src=\"https:\/\/www.greenpeace.org\/static\/planet4-netherlands-stateless\/2023\/06\/5b75adf0-gp0stw08q_web_size.jpg\" class=\"attachment-post-thumbnail size-post-thumbnail wp-post-image wp-stateless-item\" alt=\"Aangifte tegen Tata Steel vanwege hogere uitstoot van schadelijke stoffen dan bedrijf rapporteerde\" style=\"object-fit:cover;\" srcset=\"https:\/\/www.greenpeace.org\/static\/planet4-netherlands-stateless\/2023\/06\/5b75adf0-gp0stw08q_web_size.jpg 800w, https:\/\/www.greenpeace.org\/static\/planet4-netherlands-stateless\/2023\/06\/5b75adf0-gp0stw08q_web_size-300x168.jpg 300w, https:\/\/www.greenpeace.org\/static\/planet4-netherlands-stateless\/2023\/06\/5b75adf0-gp0stw08q_web_size-768x431.jpg 768w, https:\/\/www.greenpeace.org\/static\/planet4-netherlands-stateless\/2023\/06\/5b75adf0-gp0stw08q_web_size-510x286.jpg 510w\" sizes=\"auto, (max-width: 800px) 100vw, 800px\" data-image-size=\"post-thumbnail\" data-stateless-media-bucket=\"planet4-netherlands-stateless\" data-stateless-media-name=\"2023\/06\/5b75adf0-gp0stw08q_web_size.jpg\" \/><\/a><\/figure>\n\n\n<div class=\"wp-block-group is-layout-flow wp-block-group-is-layout-flow\">\n<div class=\"wp-block-group is-layout-flex wp-block-group-is-layout-flex\"><div class=\"wp-block-post-terms\"><a href=\"https:\/\/www.greenpeace.org\/nl\/category\/eerlijke-wereld\/\">Eerlijke wereld<\/a><\/div>\n\n<div class=\"taxonomy-post_tag wp-block-post-terms\"><a href=\"https:\/\/www.greenpeace.org\/nl\/tag\/tata-steel\/\" rel=\"tag\">Tata Steel<\/a><span class=\"wp-block-post-terms__separator\"> <\/span><a href=\"https:\/\/www.greenpeace.org\/nl\/tag\/klimaat-energie\/\" rel=\"tag\">Klimaat &amp; Energie<\/a><span class=\"wp-block-post-terms__separator\"> <\/span><a href=\"https:\/\/www.greenpeace.org\/nl\/tag\/vervuiling\/\" rel=\"tag\">Vervuiling<\/a><\/div><\/div>\n\n\n<h3 class=\"wp-block-post-title\"><a href=\"https:\/\/www.greenpeace.org\/nl\/eerlijke-wereld\/73152\/aangifte-tegen-tata-steel-vanwege-hogere-uitstoot-van-schadelijke-stoffen-dan-bedrijf-rapporteerde\/\" target=\"_self\" >Aangifte tegen Tata Steel vanwege hogere uitstoot van schadelijke stoffen dan bedrijf rapporteerde<\/a><\/h3>\n\n<div class=\"wp-block-post-excerpt\"><p class=\"wp-block-post-excerpt__excerpt\">FrisseWind.nu en Greenpeace zetten deze stap na metingen omgevingsdienst <\/p><\/div>\n\n\n<div class=\"wp-block-group posts-list-meta is-layout-flow wp-block-group-is-layout-flow\"><span class='article-list-item-author'><a href='https:\/\/www.greenpeace.org\/nl\/author\/bkarst\/'>Bram Karst<\/a><\/span>\n\n<div class=\"wp-block-post-date\"><time datetime=\"2025-12-05T08:00:00+01:00\">5 december 2025<\/time><\/div><\/div>\n<\/div>\n<\/div>\n\n<\/li><li class=\"wp-block-post post-73069 post type-post status-publish format-standard has-post-thumbnail hentry category-eerlijke-wereld category-klimaat-categorie category-nieuws tag-duurzaamheid tag-vervuiling tag-consumptie p4-page-type-pers\">\n\n<div class=\"wp-block-columns is-layout-flex wp-container-core-columns-is-layout-9d6595d7 wp-block-columns-is-layout-flex\"><figure class=\"wp-block-post-featured-image\"><a href=\"https:\/\/www.greenpeace.org\/nl\/klimaat-categorie\/73069\/boodschap-greenpeace-voor-black-friday-dit-jaar-gewoon-niks\/\" target=\"_self\"  ><img loading=\"lazy\" decoding=\"async\" width=\"2048\" height=\"1328\" src=\"https:\/\/www.greenpeace.org\/static\/planet4-netherlands-stateless\/2025\/11\/44505f76-md-gp-niks-01-klein.jpg\" class=\"attachment-post-thumbnail size-post-thumbnail wp-post-image wp-stateless-item\" alt=\"Boodschap Greenpeace voor Black Friday: Dit jaar gewoon niks\" style=\"object-fit:cover;\" srcset=\"https:\/\/www.greenpeace.org\/static\/planet4-netherlands-stateless\/2025\/11\/44505f76-md-gp-niks-01-klein.jpg 2048w, https:\/\/www.greenpeace.org\/static\/planet4-netherlands-stateless\/2025\/11\/44505f76-md-gp-niks-01-klein-300x195.jpg 300w, https:\/\/www.greenpeace.org\/static\/planet4-netherlands-stateless\/2025\/11\/44505f76-md-gp-niks-01-klein-1024x664.jpg 1024w, https:\/\/www.greenpeace.org\/static\/planet4-netherlands-stateless\/2025\/11\/44505f76-md-gp-niks-01-klein-768x498.jpg 768w, https:\/\/www.greenpeace.org\/static\/planet4-netherlands-stateless\/2025\/11\/44505f76-md-gp-niks-01-klein-1536x996.jpg 1536w, https:\/\/www.greenpeace.org\/static\/planet4-netherlands-stateless\/2025\/11\/44505f76-md-gp-niks-01-klein-510x331.jpg 510w\" sizes=\"auto, (max-width: 2048px) 100vw, 2048px\" data-image-size=\"post-thumbnail\" data-stateless-media-bucket=\"planet4-netherlands-stateless\" data-stateless-media-name=\"2025\/11\/44505f76-md-gp-niks-01-klein.jpg\" \/><\/a><\/figure>\n\n\n<div class=\"wp-block-group is-layout-flow wp-block-group-is-layout-flow\">\n<div class=\"wp-block-group is-layout-flex wp-block-group-is-layout-flex\"><div class=\"wp-block-post-terms\"><a href=\"https:\/\/www.greenpeace.org\/nl\/category\/eerlijke-wereld\/\">Eerlijke wereld<\/a><\/div>\n\n<div class=\"taxonomy-post_tag wp-block-post-terms\"><a href=\"https:\/\/www.greenpeace.org\/nl\/tag\/duurzaamheid\/\" rel=\"tag\">Duurzaamheid<\/a><span class=\"wp-block-post-terms__separator\"> <\/span><a href=\"https:\/\/www.greenpeace.org\/nl\/tag\/vervuiling\/\" rel=\"tag\">Vervuiling<\/a><span class=\"wp-block-post-terms__separator\"> <\/span><a href=\"https:\/\/www.greenpeace.org\/nl\/tag\/consumptie\/\" rel=\"tag\">Consumptie<\/a><\/div><\/div>\n\n\n<h3 class=\"wp-block-post-title\"><a href=\"https:\/\/www.greenpeace.org\/nl\/klimaat-categorie\/73069\/boodschap-greenpeace-voor-black-friday-dit-jaar-gewoon-niks\/\" target=\"_self\" >Boodschap Greenpeace voor Black Friday: Dit jaar gewoon niks<\/a><\/h3>\n\n<div class=\"wp-block-post-excerpt\"><p class=\"wp-block-post-excerpt__excerpt\">Grote bedrijven verergeren de klimaatcrisis door te verleiden tot onnodige aankopen <\/p><\/div>\n\n\n<div class=\"wp-block-group posts-list-meta is-layout-flow wp-block-group-is-layout-flow\"><span class='article-list-item-author'><a href='https:\/\/www.greenpeace.org\/nl\/author\/awensinggreenpeace-org\/'>Anneke Wensing<\/a><\/span>\n\n<div class=\"wp-block-post-date\"><time datetime=\"2025-11-27T10:40:08+01:00\">27 november 2025<\/time><\/div><\/div>\n<\/div>\n<\/div>\n\n<\/li><li class=\"wp-block-post post-72930 post type-post status-publish format-standard has-post-thumbnail hentry category-nieuws tag-gas tag-consumptie p4-page-type-pers\">\n\n<div class=\"wp-block-columns is-layout-flex wp-container-core-columns-is-layout-9d6595d7 wp-block-columns-is-layout-flex\"><figure class=\"wp-block-post-featured-image\"><a href=\"https:\/\/www.greenpeace.org\/nl\/nieuws\/72930\/onderzoek-lucht-in-huizen-schoner-na-verwijderen-van-gasfornuizen\/\" target=\"_self\"  ><img loading=\"lazy\" decoding=\"async\" width=\"1920\" height=\"1080\" src=\"https:\/\/www.greenpeace.org\/static\/planet4-netherlands-stateless\/2025\/11\/4806853b-gas-1620346_1920.jpg\" class=\"attachment-post-thumbnail size-post-thumbnail wp-post-image wp-stateless-item\" alt=\"Onderzoek: lucht in huizen schoner na verwijderen van gasfornuizen\" style=\"object-fit:cover;\" srcset=\"https:\/\/www.greenpeace.org\/static\/planet4-netherlands-stateless\/2025\/11\/4806853b-gas-1620346_1920.jpg 1920w, https:\/\/www.greenpeace.org\/static\/planet4-netherlands-stateless\/2025\/11\/4806853b-gas-1620346_1920-300x169.jpg 300w, https:\/\/www.greenpeace.org\/static\/planet4-netherlands-stateless\/2025\/11\/4806853b-gas-1620346_1920-1024x576.jpg 1024w, https:\/\/www.greenpeace.org\/static\/planet4-netherlands-stateless\/2025\/11\/4806853b-gas-1620346_1920-768x432.jpg 768w, https:\/\/www.greenpeace.org\/static\/planet4-netherlands-stateless\/2025\/11\/4806853b-gas-1620346_1920-1536x864.jpg 1536w, https:\/\/www.greenpeace.org\/static\/planet4-netherlands-stateless\/2025\/11\/4806853b-gas-1620346_1920-510x287.jpg 510w\" sizes=\"auto, (max-width: 1920px) 100vw, 1920px\" data-image-size=\"post-thumbnail\" data-stateless-media-bucket=\"planet4-netherlands-stateless\" data-stateless-media-name=\"2025\/11\/4806853b-gas-1620346_1920.jpg\" \/><\/a><\/figure>\n\n\n<div class=\"wp-block-group is-layout-flow wp-block-group-is-layout-flow\">\n<div class=\"wp-block-group is-layout-flex wp-block-group-is-layout-flex\"><div class=\"wp-block-post-terms\"><a href=\"https:\/\/www.greenpeace.org\/nl\/category\/nieuws\/\">Nieuws<\/a><\/div>\n\n<div class=\"taxonomy-post_tag wp-block-post-terms\"><a href=\"https:\/\/www.greenpeace.org\/nl\/tag\/gas\/\" rel=\"tag\">Gas<\/a><span class=\"wp-block-post-terms__separator\"> <\/span><a href=\"https:\/\/www.greenpeace.org\/nl\/tag\/consumptie\/\" rel=\"tag\">Consumptie<\/a><\/div><\/div>\n\n\n<h3 class=\"wp-block-post-title\"><a href=\"https:\/\/www.greenpeace.org\/nl\/nieuws\/72930\/onderzoek-lucht-in-huizen-schoner-na-verwijderen-van-gasfornuizen\/\" target=\"_self\" >Onderzoek: lucht in huizen schoner na verwijderen van gasfornuizen<\/a><\/h3>\n\n<div class=\"wp-block-post-excerpt\"><p class=\"wp-block-post-excerpt__excerpt\">Koken op gas slecht voor luchtkwaliteit, Greenpeace roept op tot overstap naar inductie <\/p><\/div>\n\n\n<div class=\"wp-block-group posts-list-meta is-layout-flow wp-block-group-is-layout-flow\"><span class='article-list-item-author'><a href='https:\/\/www.greenpeace.org\/nl\/author\/bkarst\/'>Bram Karst<\/a><\/span>\n\n<div class=\"wp-block-post-date\"><time datetime=\"2025-11-20T10:00:00+01:00\">20 november 2025<\/time><\/div><\/div>\n<\/div>\n<\/div>\n\n<\/li><li class=\"wp-block-post post-72927 post type-post status-publish format-standard has-post-thumbnail hentry category-nieuws tag-landbouw tag-politiek tag-stikstof p4-page-type-pers\">\n\n<div class=\"wp-block-columns is-layout-flex wp-container-core-columns-is-layout-9d6595d7 wp-block-columns-is-layout-flex\"><figure class=\"wp-block-post-featured-image\"><a href=\"https:\/\/www.greenpeace.org\/nl\/nieuws\/72927\/voldoen-aan-het-greenpeace-vonnis-kan-met-18-extra-emissiereductie-landbouw-ten-opzichte-van-2019\/\" target=\"_self\"  ><img loading=\"lazy\" decoding=\"async\" width=\"800\" height=\"546\" src=\"https:\/\/www.greenpeace.org\/static\/planet4-netherlands-stateless\/2025\/03\/d68c9e9c-gp0su2c0l_low-res-800px.jpg\" class=\"attachment-post-thumbnail size-post-thumbnail wp-post-image wp-stateless-item\" alt=\"Voldoen aan het Greenpeace-vonnis kan met 18% \u00e9xtra emissiereductie landbouw bovenop staand beleid\" style=\"object-fit:cover;\" srcset=\"https:\/\/www.greenpeace.org\/static\/planet4-netherlands-stateless\/2025\/03\/d68c9e9c-gp0su2c0l_low-res-800px.jpg 800w, https:\/\/www.greenpeace.org\/static\/planet4-netherlands-stateless\/2025\/03\/d68c9e9c-gp0su2c0l_low-res-800px-300x205.jpg 300w, https:\/\/www.greenpeace.org\/static\/planet4-netherlands-stateless\/2025\/03\/d68c9e9c-gp0su2c0l_low-res-800px-768x524.jpg 768w, https:\/\/www.greenpeace.org\/static\/planet4-netherlands-stateless\/2025\/03\/d68c9e9c-gp0su2c0l_low-res-800px-498x340.jpg 498w\" sizes=\"auto, (max-width: 800px) 100vw, 800px\" data-image-size=\"post-thumbnail\" data-stateless-media-bucket=\"planet4-netherlands-stateless\" data-stateless-media-name=\"2025\/03\/d68c9e9c-gp0su2c0l_low-res-800px.jpg\" \/><\/a><\/figure>\n\n\n<div class=\"wp-block-group is-layout-flow wp-block-group-is-layout-flow\">\n<div class=\"wp-block-group is-layout-flex wp-block-group-is-layout-flex\"><div class=\"wp-block-post-terms\"><a href=\"https:\/\/www.greenpeace.org\/nl\/category\/nieuws\/\">Nieuws<\/a><\/div>\n\n<div class=\"taxonomy-post_tag wp-block-post-terms\"><a href=\"https:\/\/www.greenpeace.org\/nl\/tag\/landbouw\/\" rel=\"tag\">Landbouw<\/a><span class=\"wp-block-post-terms__separator\"> <\/span><a href=\"https:\/\/www.greenpeace.org\/nl\/tag\/politiek\/\" rel=\"tag\">Politiek<\/a><span class=\"wp-block-post-terms__separator\"> <\/span><a href=\"https:\/\/www.greenpeace.org\/nl\/tag\/stikstof\/\" rel=\"tag\">Stikstof<\/a><\/div><\/div>\n\n\n<h3 class=\"wp-block-post-title\"><a href=\"https:\/\/www.greenpeace.org\/nl\/nieuws\/72927\/voldoen-aan-het-greenpeace-vonnis-kan-met-18-extra-emissiereductie-landbouw-ten-opzichte-van-2019\/\" target=\"_self\" >Voldoen aan het Greenpeace-vonnis kan met 18% \u00e9xtra emissiereductie landbouw bovenop staand beleid<\/a><\/h3>\n\n<div class=\"wp-block-post-excerpt\"><p class=\"wp-block-post-excerpt__excerpt\">Onderzoek: Onder meer met sterkere gebiedsgerichte keuzes dan stikstofcommissie voorstelt is vonnis in 2030 haalbaar en is het zelfs mogelijk meer natuur te beschermen.\u00a0 <\/p><\/div>\n\n\n<div class=\"wp-block-group posts-list-meta is-layout-flow wp-block-group-is-layout-flow\"><span class='article-list-item-author'><a href='https:\/\/www.greenpeace.org\/nl\/author\/awensinggreenpeace-org\/'>Anneke Wensing<\/a><\/span>\n\n<div class=\"wp-block-post-date\"><time datetime=\"2025-11-20T06:30:00+01:00\">20 november 2025<\/time><\/div><\/div>\n<\/div>\n<\/div>\n\n<\/li><li class=\"wp-block-post post-72856 post type-post status-publish format-standard has-post-thumbnail hentry category-nieuws category-algemeen tag-landbouw tag-organisatie tag-natuurzaak-tag p4-page-type-pers\">\n\n<div class=\"wp-block-columns is-layout-flex wp-container-core-columns-is-layout-9d6595d7 wp-block-columns-is-layout-flex\"><figure class=\"wp-block-post-featured-image\"><a href=\"https:\/\/www.greenpeace.org\/nl\/algemeen\/72856\/andy-palmen-vertrekt-als-directeur-van-greenpeace-nederland\/\" target=\"_self\"  ><img loading=\"lazy\" decoding=\"async\" width=\"1200\" height=\"828\" src=\"https:\/\/www.greenpeace.org\/static\/planet4-netherlands-stateless\/2025\/11\/e810a4ef-gp0su45rn.jpg\" class=\"attachment-post-thumbnail size-post-thumbnail wp-post-image wp-stateless-item\" alt=\"Andy Palmen vertrekt als directeur van Greenpeace Nederland\" style=\"object-fit:cover;\" srcset=\"https:\/\/www.greenpeace.org\/static\/planet4-netherlands-stateless\/2025\/11\/e810a4ef-gp0su45rn.jpg 1200w, https:\/\/www.greenpeace.org\/static\/planet4-netherlands-stateless\/2025\/11\/e810a4ef-gp0su45rn-300x207.jpg 300w, https:\/\/www.greenpeace.org\/static\/planet4-netherlands-stateless\/2025\/11\/e810a4ef-gp0su45rn-1024x707.jpg 1024w, https:\/\/www.greenpeace.org\/static\/planet4-netherlands-stateless\/2025\/11\/e810a4ef-gp0su45rn-768x530.jpg 768w, https:\/\/www.greenpeace.org\/static\/planet4-netherlands-stateless\/2025\/11\/e810a4ef-gp0su45rn-493x340.jpg 493w\" sizes=\"auto, (max-width: 1200px) 100vw, 1200px\" data-image-size=\"post-thumbnail\" data-stateless-media-bucket=\"planet4-netherlands-stateless\" data-stateless-media-name=\"2025\/11\/e810a4ef-gp0su45rn.jpg\" \/><\/a><\/figure>\n\n\n<div class=\"wp-block-group is-layout-flow wp-block-group-is-layout-flow\">\n<div class=\"wp-block-group is-layout-flex wp-block-group-is-layout-flex\"><div class=\"wp-block-post-terms\"><a href=\"https:\/\/www.greenpeace.org\/nl\/category\/nieuws\/\">Nieuws<\/a><\/div>\n\n<div class=\"taxonomy-post_tag wp-block-post-terms\"><a href=\"https:\/\/www.greenpeace.org\/nl\/tag\/landbouw\/\" rel=\"tag\">Landbouw<\/a><span class=\"wp-block-post-terms__separator\"> <\/span><a href=\"https:\/\/www.greenpeace.org\/nl\/tag\/organisatie\/\" rel=\"tag\">Organisatie<\/a><span class=\"wp-block-post-terms__separator\"> <\/span><a href=\"https:\/\/www.greenpeace.org\/nl\/tag\/natuurzaak-tag\/\" rel=\"tag\">Natuurzaak<\/a><\/div><\/div>\n\n\n<h3 class=\"wp-block-post-title\"><a href=\"https:\/\/www.greenpeace.org\/nl\/algemeen\/72856\/andy-palmen-vertrekt-als-directeur-van-greenpeace-nederland\/\" target=\"_self\" >Andy Palmen vertrekt als directeur van Greenpeace Nederland<\/a><\/h3>\n\n<div class=\"wp-block-post-excerpt\"><p class=\"wp-block-post-excerpt__excerpt\">Greenpeace stopt met duo-directeurschap, Vellekoop nu alleen directie <\/p><\/div>\n\n\n<div class=\"wp-block-group posts-list-meta is-layout-flow wp-block-group-is-layout-flow\"><span class='article-list-item-author'><a href='https:\/\/www.greenpeace.org\/nl\/author\/bkarst\/'>Bram Karst<\/a><\/span>\n\n<div class=\"wp-block-post-date\"><time datetime=\"2025-11-06T09:06:08+01:00\">6 november 2025<\/time><\/div><\/div>\n<\/div>\n<\/div>\n\n<\/li><li class=\"wp-block-post post-72812 post type-post status-publish format-standard has-post-thumbnail hentry category-nieuws tag-politiek p4-page-type-pers\">\n\n<div class=\"wp-block-columns is-layout-flex wp-container-core-columns-is-layout-9d6595d7 wp-block-columns-is-layout-flex\"><figure class=\"wp-block-post-featured-image\"><a href=\"https:\/\/www.greenpeace.org\/nl\/nieuws\/72812\/reactie-greenpeace-nederland-op-verkiezingsuitslag\/\" target=\"_self\"  ><img loading=\"lazy\" decoding=\"async\" width=\"500\" height=\"500\" src=\"https:\/\/www.greenpeace.org\/static\/planet4-netherlands-stateless\/2025\/10\/82f8f799-letterg_2019_greenbackground.png\" class=\"attachment-post-thumbnail size-post-thumbnail wp-post-image wp-stateless-item\" alt=\"Reactie Greenpeace Nederland op verkiezingsuitslag\" style=\"object-fit:cover;\" srcset=\"https:\/\/www.greenpeace.org\/static\/planet4-netherlands-stateless\/2025\/10\/82f8f799-letterg_2019_greenbackground.png 500w, https:\/\/www.greenpeace.org\/static\/planet4-netherlands-stateless\/2025\/10\/82f8f799-letterg_2019_greenbackground-300x300.png 300w, https:\/\/www.greenpeace.org\/static\/planet4-netherlands-stateless\/2025\/10\/82f8f799-letterg_2019_greenbackground-150x150.png 150w, https:\/\/www.greenpeace.org\/static\/planet4-netherlands-stateless\/2025\/10\/82f8f799-letterg_2019_greenbackground-340x340.png 340w\" sizes=\"auto, (max-width: 500px) 100vw, 500px\" data-image-size=\"post-thumbnail\" data-stateless-media-bucket=\"planet4-netherlands-stateless\" data-stateless-media-name=\"2025\/10\/82f8f799-letterg_2019_greenbackground.png\" \/><\/a><\/figure>\n\n\n<div class=\"wp-block-group is-layout-flow wp-block-group-is-layout-flow\">\n<div class=\"wp-block-group is-layout-flex wp-block-group-is-layout-flex\"><div class=\"wp-block-post-terms\"><a href=\"https:\/\/www.greenpeace.org\/nl\/category\/nieuws\/\">Nieuws<\/a><\/div>\n\n<div class=\"taxonomy-post_tag wp-block-post-terms\"><a href=\"https:\/\/www.greenpeace.org\/nl\/tag\/politiek\/\" rel=\"tag\">Politiek<\/a><\/div><\/div>\n\n\n<h3 class=\"wp-block-post-title\"><a href=\"https:\/\/www.greenpeace.org\/nl\/nieuws\/72812\/reactie-greenpeace-nederland-op-verkiezingsuitslag\/\" target=\"_self\" >Reactie Greenpeace Nederland op verkiezingsuitslag<\/a><\/h3>\n\n<div class=\"wp-block-post-excerpt\"><p class=\"wp-block-post-excerpt__excerpt\">Andy Palmen, Directeur Greenpeace Nederland: <\/p><\/div>\n\n\n<div class=\"wp-block-group posts-list-meta is-layout-flow wp-block-group-is-layout-flow\"><span class='article-list-item-author'><a href='https:\/\/www.greenpeace.org\/nl\/author\/laura\/'>Laura Polderman<\/a><\/span>\n\n<div class=\"wp-block-post-date\"><time datetime=\"2025-10-29T22:37:54+01:00\">29 oktober 2025<\/time><\/div><\/div>\n<\/div>\n<\/div>\n\n<\/li><li class=\"wp-block-post post-72747 post type-post status-publish format-standard has-post-thumbnail hentry category-algemeen p4-page-type-pers\">\n\n<div class=\"wp-block-columns is-layout-flex wp-container-core-columns-is-layout-9d6595d7 wp-block-columns-is-layout-flex\"><figure class=\"wp-block-post-featured-image\"><a href=\"https:\/\/www.greenpeace.org\/nl\/algemeen\/72747\/milieuorganisaties-willen-bouw-a-pier-schiphol-stilleggen\/\" target=\"_self\"  ><img loading=\"lazy\" decoding=\"async\" width=\"800\" height=\"551\" src=\"https:\/\/www.greenpeace.org\/static\/planet4-netherlands-stateless\/2025\/06\/96f4d277-gp0sttmex_low-res-800px.jpg\" class=\"attachment-post-thumbnail size-post-thumbnail wp-post-image wp-stateless-item\" alt=\"Milieuorganisaties willen bouw A-pier Schiphol stilleggen\" style=\"object-fit:cover;\" srcset=\"https:\/\/www.greenpeace.org\/static\/planet4-netherlands-stateless\/2025\/06\/96f4d277-gp0sttmex_low-res-800px.jpg 800w, https:\/\/www.greenpeace.org\/static\/planet4-netherlands-stateless\/2025\/06\/96f4d277-gp0sttmex_low-res-800px-300x207.jpg 300w, https:\/\/www.greenpeace.org\/static\/planet4-netherlands-stateless\/2025\/06\/96f4d277-gp0sttmex_low-res-800px-768x529.jpg 768w, https:\/\/www.greenpeace.org\/static\/planet4-netherlands-stateless\/2025\/06\/96f4d277-gp0sttmex_low-res-800px-494x340.jpg 494w\" sizes=\"auto, (max-width: 800px) 100vw, 800px\" data-image-size=\"post-thumbnail\" data-stateless-media-bucket=\"planet4-netherlands-stateless\" data-stateless-media-name=\"2025\/06\/96f4d277-gp0sttmex_low-res-800px.jpg\" \/><\/a><\/figure>\n\n\n<div class=\"wp-block-group is-layout-flow wp-block-group-is-layout-flow\">\n<div class=\"wp-block-group is-layout-flex wp-block-group-is-layout-flex\"><div class=\"wp-block-post-terms\"><a href=\"https:\/\/www.greenpeace.org\/nl\/category\/algemeen\/\">Algemeen<\/a><\/div>\n\n<\/div>\n\n\n<h3 class=\"wp-block-post-title\"><a href=\"https:\/\/www.greenpeace.org\/nl\/algemeen\/72747\/milieuorganisaties-willen-bouw-a-pier-schiphol-stilleggen\/\" target=\"_self\" >Milieuorganisaties willen bouw A-pier Schiphol stilleggen<\/a><\/h3>\n\n<div class=\"wp-block-post-excerpt\"><p class=\"wp-block-post-excerpt__excerpt\">De bouw van de nieuwe A-pier van Schiphol moet direct worden stilgelegd. Volgens MOB, SchipholWatch en Greenpeace worden de werkzaamheden aan de uitbreiding van de luchthaven uitgevoerd zonder de wettelijk vereiste natuurvergunning. <\/p><\/div>\n\n\n<div class=\"wp-block-group posts-list-meta is-layout-flow wp-block-group-is-layout-flow\"><span class='article-list-item-author'><a href='https:\/\/www.greenpeace.org\/nl\/author\/bkarst\/'>Bram Karst<\/a><\/span>\n\n<div class=\"wp-block-post-date\"><time datetime=\"2025-10-17T06:47:26+02:00\">17 oktober 2025<\/time><\/div><\/div>\n<\/div>\n<\/div>\n\n<\/li><li class=\"wp-block-post post-72665 post type-post status-publish format-standard has-post-thumbnail hentry category-klimaat-categorie tag-bonaire-climate-justice p4-page-type-pers\">\n\n<div class=\"wp-block-columns is-layout-flex wp-container-core-columns-is-layout-9d6595d7 wp-block-columns-is-layout-flex\"><figure class=\"wp-block-post-featured-image\"><a href=\"https:\/\/www.greenpeace.org\/nl\/klimaat-categorie\/72665\/met-deze-rechtszaak-zeggen-we-genoeg-is-genoeg-wij-eisen-bescherming\/\" target=\"_self\"  ><img loading=\"lazy\" decoding=\"async\" width=\"800\" height=\"533\" src=\"https:\/\/www.greenpeace.org\/static\/planet4-netherlands-stateless\/2025\/10\/19bb8698-gp0su70d1_low-res-800px.jpg\" class=\"attachment-post-thumbnail size-post-thumbnail wp-post-image wp-stateless-item\" alt=\"\u201cMet deze rechtszaak zeggen we: genoeg is genoeg \u2013 wij eisen bescherming\u201d\" style=\"object-fit:cover;\" srcset=\"https:\/\/www.greenpeace.org\/static\/planet4-netherlands-stateless\/2025\/10\/19bb8698-gp0su70d1_low-res-800px.jpg 800w, https:\/\/www.greenpeace.org\/static\/planet4-netherlands-stateless\/2025\/10\/19bb8698-gp0su70d1_low-res-800px-300x200.jpg 300w, https:\/\/www.greenpeace.org\/static\/planet4-netherlands-stateless\/2025\/10\/19bb8698-gp0su70d1_low-res-800px-768x512.jpg 768w, https:\/\/www.greenpeace.org\/static\/planet4-netherlands-stateless\/2025\/10\/19bb8698-gp0su70d1_low-res-800px-510x340.jpg 510w\" sizes=\"auto, (max-width: 800px) 100vw, 800px\" data-image-size=\"post-thumbnail\" data-stateless-media-bucket=\"planet4-netherlands-stateless\" data-stateless-media-name=\"2025\/10\/19bb8698-gp0su70d1_low-res-800px.jpg\" \/><\/a><\/figure>\n\n\n<div class=\"wp-block-group is-layout-flow wp-block-group-is-layout-flow\">\n<div class=\"wp-block-group is-layout-flex wp-block-group-is-layout-flex\"><div class=\"wp-block-post-terms\"><a href=\"https:\/\/www.greenpeace.org\/nl\/category\/klimaat-categorie\/\">Klimaat<\/a><\/div>\n\n<div class=\"taxonomy-post_tag wp-block-post-terms\"><a href=\"https:\/\/www.greenpeace.org\/nl\/tag\/bonaire-climate-justice\/\" rel=\"tag\">Bonaire<\/a><\/div><\/div>\n\n\n<h3 class=\"wp-block-post-title\"><a href=\"https:\/\/www.greenpeace.org\/nl\/klimaat-categorie\/72665\/met-deze-rechtszaak-zeggen-we-genoeg-is-genoeg-wij-eisen-bescherming\/\" target=\"_self\" >\u201cMet deze rechtszaak zeggen we: genoeg is genoeg \u2013 wij eisen bescherming\u201d<\/a><\/h3>\n\n<div class=\"wp-block-post-excerpt\"><p class=\"wp-block-post-excerpt__excerpt\">Inwoners Bonaire en Greenpeace in de rechtbank voor Klimaatzaak&nbsp; <\/p><\/div>\n\n\n<div class=\"wp-block-group posts-list-meta is-layout-flow wp-block-group-is-layout-flow\"><span class='article-list-item-author'><a href='https:\/\/www.greenpeace.org\/nl\/author\/laura\/'>Laura Polderman<\/a><\/span>\n\n<div class=\"wp-block-post-date\"><time datetime=\"2025-10-07T10:55:43+02:00\">7 oktober 2025<\/time><\/div><\/div>\n<\/div>\n<\/div>\n\n<\/li><li class=\"wp-block-post post-72586 post type-post status-publish format-standard has-post-thumbnail hentry category-klimaat-categorie category-over-greenpeace tag-politiek tag-rainbowwarrior tag-klimaatcrisis tag-bonaire-climate-justice p4-page-type-pers\">\n\n<div class=\"wp-block-columns is-layout-flex wp-container-core-columns-is-layout-9d6595d7 wp-block-columns-is-layout-flex\"><figure class=\"wp-block-post-featured-image\"><a href=\"https:\/\/www.greenpeace.org\/nl\/klimaat-categorie\/72586\/inwoners-van-bonaire-en-greenpeace-tegenover-nederlandse-staat-in-rechtbank-voor-klimaatzaak\/\" target=\"_self\"  ><img loading=\"lazy\" decoding=\"async\" width=\"1200\" height=\"800\" src=\"https:\/\/www.greenpeace.org\/static\/planet4-netherlands-stateless\/2025\/10\/9ae2a141-gp0su6yde.jpg\" class=\"attachment-post-thumbnail size-post-thumbnail wp-post-image wp-stateless-item\" alt=\"Inwoners van Bonaire en Greenpeace tegenover\u00a0 Nederlandse Staat in rechtbank voor Klimaatzaak\u00a0\" style=\"object-fit:cover;\" srcset=\"https:\/\/www.greenpeace.org\/static\/planet4-netherlands-stateless\/2025\/10\/9ae2a141-gp0su6yde.jpg 1200w, https:\/\/www.greenpeace.org\/static\/planet4-netherlands-stateless\/2025\/10\/9ae2a141-gp0su6yde-300x200.jpg 300w, https:\/\/www.greenpeace.org\/static\/planet4-netherlands-stateless\/2025\/10\/9ae2a141-gp0su6yde-1024x683.jpg 1024w, https:\/\/www.greenpeace.org\/static\/planet4-netherlands-stateless\/2025\/10\/9ae2a141-gp0su6yde-768x512.jpg 768w, https:\/\/www.greenpeace.org\/static\/planet4-netherlands-stateless\/2025\/10\/9ae2a141-gp0su6yde-510x340.jpg 510w\" sizes=\"auto, (max-width: 1200px) 100vw, 1200px\" data-image-size=\"post-thumbnail\" data-stateless-media-bucket=\"planet4-netherlands-stateless\" data-stateless-media-name=\"2025\/10\/9ae2a141-gp0su6yde.jpg\" \/><\/a><\/figure>\n\n\n<div class=\"wp-block-group is-layout-flow wp-block-group-is-layout-flow\">\n<div class=\"wp-block-group is-layout-flex wp-block-group-is-layout-flex\"><div class=\"wp-block-post-terms\"><a href=\"https:\/\/www.greenpeace.org\/nl\/category\/klimaat-categorie\/\">Klimaat<\/a><\/div>\n\n<div class=\"taxonomy-post_tag wp-block-post-terms\"><a href=\"https:\/\/www.greenpeace.org\/nl\/tag\/politiek\/\" rel=\"tag\">Politiek<\/a><span class=\"wp-block-post-terms__separator\"> <\/span><a href=\"https:\/\/www.greenpeace.org\/nl\/tag\/rainbowwarrior\/\" rel=\"tag\">RainbowWarrior<\/a><span class=\"wp-block-post-terms__separator\"> <\/span><a href=\"https:\/\/www.greenpeace.org\/nl\/tag\/klimaatcrisis\/\" rel=\"tag\">Klimaatcrisis<\/a><span class=\"wp-block-post-terms__separator\"> <\/span><a href=\"https:\/\/www.greenpeace.org\/nl\/tag\/bonaire-climate-justice\/\" rel=\"tag\">Bonaire<\/a><\/div><\/div>\n\n\n<h3 class=\"wp-block-post-title\"><a href=\"https:\/\/www.greenpeace.org\/nl\/klimaat-categorie\/72586\/inwoners-van-bonaire-en-greenpeace-tegenover-nederlandse-staat-in-rechtbank-voor-klimaatzaak\/\" target=\"_self\" >Inwoners van Bonaire en Greenpeace tegenover\u00a0 Nederlandse Staat in rechtbank voor Klimaatzaak\u00a0<\/a><\/h3>\n\n<div class=\"wp-block-post-excerpt\"><p class=\"wp-block-post-excerpt__excerpt\">Eerste klimaatadaptatie zaak van start na internationale uitspraken <\/p><\/div>\n\n\n<div class=\"wp-block-group posts-list-meta is-layout-flow wp-block-group-is-layout-flow\"><span class='article-list-item-author'><a href='https:\/\/www.greenpeace.org\/nl\/author\/bkarst\/'>Bram Karst<\/a><\/span>\n\n<div class=\"wp-block-post-date\"><time datetime=\"2025-10-02T10:00:00+02:00\">2 oktober 2025<\/time><\/div><\/div>\n<\/div>\n<\/div>\n\n<\/li><li class=\"wp-block-post post-72496 post type-post status-publish format-standard has-post-thumbnail hentry category-klimaat-categorie tag-bonaire-climate-justice tag-rainbowwarrior p4-page-type-pers\">\n\n<div class=\"wp-block-columns is-layout-flex wp-container-core-columns-is-layout-9d6595d7 wp-block-columns-is-layout-flex\"><figure class=\"wp-block-post-featured-image\"><a href=\"https:\/\/www.greenpeace.org\/nl\/klimaat-categorie\/72496\/e-barku-ikoniko-di-greenpeace-rainbow-warrior-a-yega-boneiru\/\" target=\"_self\"  ><img loading=\"lazy\" decoding=\"async\" width=\"1600\" height=\"1068\" src=\"https:\/\/www.greenpeace.org\/static\/planet4-netherlands-stateless\/2025\/09\/b71d2185-whatsapp-image-2025-09-26-at-19.51.45-1.jpeg\" class=\"attachment-post-thumbnail size-post-thumbnail wp-post-image wp-stateless-item\" alt=\"E barku ik\u00f3niko di Greenpeace Rainbow Warrior a yega Boneiru\" style=\"object-fit:cover;\" srcset=\"https:\/\/www.greenpeace.org\/static\/planet4-netherlands-stateless\/2025\/09\/b71d2185-whatsapp-image-2025-09-26-at-19.51.45-1.jpeg 1600w, https:\/\/www.greenpeace.org\/static\/planet4-netherlands-stateless\/2025\/09\/b71d2185-whatsapp-image-2025-09-26-at-19.51.45-1-300x200.jpeg 300w, https:\/\/www.greenpeace.org\/static\/planet4-netherlands-stateless\/2025\/09\/b71d2185-whatsapp-image-2025-09-26-at-19.51.45-1-1024x684.jpeg 1024w, https:\/\/www.greenpeace.org\/static\/planet4-netherlands-stateless\/2025\/09\/b71d2185-whatsapp-image-2025-09-26-at-19.51.45-1-768x513.jpeg 768w, https:\/\/www.greenpeace.org\/static\/planet4-netherlands-stateless\/2025\/09\/b71d2185-whatsapp-image-2025-09-26-at-19.51.45-1-1536x1025.jpeg 1536w, https:\/\/www.greenpeace.org\/static\/planet4-netherlands-stateless\/2025\/09\/b71d2185-whatsapp-image-2025-09-26-at-19.51.45-1-510x340.jpeg 510w\" sizes=\"auto, (max-width: 1600px) 100vw, 1600px\" data-image-size=\"post-thumbnail\" data-stateless-media-bucket=\"planet4-netherlands-stateless\" data-stateless-media-name=\"2025\/09\/b71d2185-whatsapp-image-2025-09-26-at-19.51.45-1.jpeg\" \/><\/a><\/figure>\n\n\n<div class=\"wp-block-group is-layout-flow wp-block-group-is-layout-flow\">\n<div class=\"wp-block-group is-layout-flex wp-block-group-is-layout-flex\"><div class=\"wp-block-post-terms\"><a href=\"https:\/\/www.greenpeace.org\/nl\/category\/klimaat-categorie\/\">Klimaat<\/a><\/div>\n\n<div class=\"taxonomy-post_tag wp-block-post-terms\"><a href=\"https:\/\/www.greenpeace.org\/nl\/tag\/bonaire-climate-justice\/\" rel=\"tag\">Bonaire<\/a><span class=\"wp-block-post-terms__separator\"> <\/span><a href=\"https:\/\/www.greenpeace.org\/nl\/tag\/rainbowwarrior\/\" rel=\"tag\">RainbowWarrior<\/a><\/div><\/div>\n\n\n<h3 class=\"wp-block-post-title\"><a href=\"https:\/\/www.greenpeace.org\/nl\/klimaat-categorie\/72496\/e-barku-ikoniko-di-greenpeace-rainbow-warrior-a-yega-boneiru\/\" target=\"_self\" >E barku ik\u00f3niko di Greenpeace Rainbow Warrior a yega Boneiru<\/a><\/h3>\n\n<div class=\"wp-block-post-excerpt\"><p class=\"wp-block-post-excerpt__excerpt\">Bishit\u00e1 e barku durante e dianan habr\u00ed riba 27 i 28 di s\u00e8pt\u00e8mber <\/p><\/div>\n\n\n<div class=\"wp-block-group posts-list-meta is-layout-flow wp-block-group-is-layout-flow\"><span class='article-list-item-author'><a href='https:\/\/www.greenpeace.org\/nl\/author\/laura\/'>Laura Polderman<\/a><\/span>\n\n<div class=\"wp-block-post-date\"><time datetime=\"2025-09-27T02:17:52+02:00\">27 september 2025<\/time><\/div><\/div>\n<\/div>\n<\/div>\n\n<\/li><li class=\"wp-block-post post-72498 post type-post status-publish format-standard has-post-thumbnail hentry category-klimaat-categorie tag-bonaire-climate-justice tag-rainbowwarrior p4-page-type-pers\">\n\n<div class=\"wp-block-columns is-layout-flex wp-container-core-columns-is-layout-9d6595d7 wp-block-columns-is-layout-flex\"><figure class=\"wp-block-post-featured-image\"><a href=\"https:\/\/www.greenpeace.org\/nl\/klimaat-categorie\/72498\/iconisch-greenpeace-schip-rainbow-warrior-aangekomen-op-bonaire\/\" target=\"_self\"  ><img loading=\"lazy\" decoding=\"async\" width=\"1600\" height=\"1068\" src=\"https:\/\/www.greenpeace.org\/static\/planet4-netherlands-stateless\/2025\/09\/c1966b97-whatsapp-image-2025-09-26-at-19.51.45-1.jpeg\" class=\"attachment-post-thumbnail size-post-thumbnail wp-post-image wp-stateless-item\" alt=\"Iconisch Greenpeace schip Rainbow Warrior aangekomen op Bonaire\" style=\"object-fit:cover;\" srcset=\"https:\/\/www.greenpeace.org\/static\/planet4-netherlands-stateless\/2025\/09\/c1966b97-whatsapp-image-2025-09-26-at-19.51.45-1.jpeg 1600w, https:\/\/www.greenpeace.org\/static\/planet4-netherlands-stateless\/2025\/09\/c1966b97-whatsapp-image-2025-09-26-at-19.51.45-1-300x200.jpeg 300w, https:\/\/www.greenpeace.org\/static\/planet4-netherlands-stateless\/2025\/09\/c1966b97-whatsapp-image-2025-09-26-at-19.51.45-1-1024x684.jpeg 1024w, https:\/\/www.greenpeace.org\/static\/planet4-netherlands-stateless\/2025\/09\/c1966b97-whatsapp-image-2025-09-26-at-19.51.45-1-768x513.jpeg 768w, https:\/\/www.greenpeace.org\/static\/planet4-netherlands-stateless\/2025\/09\/c1966b97-whatsapp-image-2025-09-26-at-19.51.45-1-1536x1025.jpeg 1536w, https:\/\/www.greenpeace.org\/static\/planet4-netherlands-stateless\/2025\/09\/c1966b97-whatsapp-image-2025-09-26-at-19.51.45-1-510x340.jpeg 510w\" sizes=\"auto, (max-width: 1600px) 100vw, 1600px\" data-image-size=\"post-thumbnail\" data-stateless-media-bucket=\"planet4-netherlands-stateless\" data-stateless-media-name=\"2025\/09\/c1966b97-whatsapp-image-2025-09-26-at-19.51.45-1.jpeg\" \/><\/a><\/figure>\n\n\n<div class=\"wp-block-group is-layout-flow wp-block-group-is-layout-flow\">\n<div class=\"wp-block-group is-layout-flex wp-block-group-is-layout-flex\"><div class=\"wp-block-post-terms\"><a href=\"https:\/\/www.greenpeace.org\/nl\/category\/klimaat-categorie\/\">Klimaat<\/a><\/div>\n\n<div class=\"taxonomy-post_tag wp-block-post-terms\"><a href=\"https:\/\/www.greenpeace.org\/nl\/tag\/bonaire-climate-justice\/\" rel=\"tag\">Bonaire<\/a><span class=\"wp-block-post-terms__separator\"> <\/span><a href=\"https:\/\/www.greenpeace.org\/nl\/tag\/rainbowwarrior\/\" rel=\"tag\">RainbowWarrior<\/a><\/div><\/div>\n\n\n<h3 class=\"wp-block-post-title\"><a href=\"https:\/\/www.greenpeace.org\/nl\/klimaat-categorie\/72498\/iconisch-greenpeace-schip-rainbow-warrior-aangekomen-op-bonaire\/\" target=\"_self\" >Iconisch Greenpeace schip Rainbow Warrior aangekomen op Bonaire<\/a><\/h3>\n\n<div class=\"wp-block-post-excerpt\"><p class=\"wp-block-post-excerpt__excerpt\">Bishit\u00e1 e barku durante e dianan habr\u00ed riba 27 i 28 di s\u00e8pt\u00e8mber <\/p><\/div>\n\n\n<div class=\"wp-block-group posts-list-meta is-layout-flow wp-block-group-is-layout-flow\"><span class='article-list-item-author'><a href='https:\/\/www.greenpeace.org\/nl\/author\/laura\/'>Laura Polderman<\/a><\/span>\n\n<div class=\"wp-block-post-date\"><time datetime=\"2025-09-27T02:03:59+02:00\">27 september 2025<\/time><\/div><\/div>\n<\/div>\n<\/div>\n\n<\/li><li class=\"wp-block-post post-72106 post type-post status-publish format-standard has-post-thumbnail hentry category-bossen-categorie category-eerlijke-wereld category-jbs tag-landbouw tag-bossen tag-amazone p4-page-type-pers\">\n\n<div class=\"wp-block-columns is-layout-flex wp-container-core-columns-is-layout-9d6595d7 wp-block-columns-is-layout-flex\"><figure class=\"wp-block-post-featured-image\"><a href=\"https:\/\/www.greenpeace.org\/nl\/eerlijke-wereld\/72106\/greenpeace-bescherm-de-amazone-voor-het-te-laat-is\/\" target=\"_self\"  ><img loading=\"lazy\" decoding=\"async\" width=\"1200\" height=\"800\" src=\"https:\/\/www.greenpeace.org\/static\/planet4-netherlands-stateless\/2025\/09\/efbda306-gp0su6p6r_medium-res-with-credit-line-1200px.jpg\" class=\"attachment-post-thumbnail size-post-thumbnail wp-post-image wp-stateless-item\" alt=\"Greenpeace: Bescherm de Amazone voor het te laat is\u00a0\" style=\"object-fit:cover;\" srcset=\"https:\/\/www.greenpeace.org\/static\/planet4-netherlands-stateless\/2025\/09\/efbda306-gp0su6p6r_medium-res-with-credit-line-1200px.jpg 1200w, https:\/\/www.greenpeace.org\/static\/planet4-netherlands-stateless\/2025\/09\/efbda306-gp0su6p6r_medium-res-with-credit-line-1200px-300x200.jpg 300w, https:\/\/www.greenpeace.org\/static\/planet4-netherlands-stateless\/2025\/09\/efbda306-gp0su6p6r_medium-res-with-credit-line-1200px-1024x683.jpg 1024w, https:\/\/www.greenpeace.org\/static\/planet4-netherlands-stateless\/2025\/09\/efbda306-gp0su6p6r_medium-res-with-credit-line-1200px-768x512.jpg 768w, https:\/\/www.greenpeace.org\/static\/planet4-netherlands-stateless\/2025\/09\/efbda306-gp0su6p6r_medium-res-with-credit-line-1200px-510x340.jpg 510w\" sizes=\"auto, (max-width: 1200px) 100vw, 1200px\" data-image-size=\"post-thumbnail\" data-stateless-media-bucket=\"planet4-netherlands-stateless\" data-stateless-media-name=\"2025\/09\/efbda306-gp0su6p6r_medium-res-with-credit-line-1200px.jpg\" \/><\/a><\/figure>\n\n\n<div class=\"wp-block-group is-layout-flow wp-block-group-is-layout-flow\">\n<div class=\"wp-block-group is-layout-flex wp-block-group-is-layout-flex\"><div class=\"wp-block-post-terms\"><a href=\"https:\/\/www.greenpeace.org\/nl\/category\/bossen-categorie\/\">Bossen<\/a><\/div>\n\n<div class=\"taxonomy-post_tag wp-block-post-terms\"><a href=\"https:\/\/www.greenpeace.org\/nl\/tag\/landbouw\/\" rel=\"tag\">Landbouw<\/a><span class=\"wp-block-post-terms__separator\"> <\/span><a href=\"https:\/\/www.greenpeace.org\/nl\/tag\/bossen\/\" rel=\"tag\">Bossen<\/a><span class=\"wp-block-post-terms__separator\"> <\/span><a href=\"https:\/\/www.greenpeace.org\/nl\/tag\/amazone\/\" rel=\"tag\">Amazone<\/a><\/div><\/div>\n\n\n<h3 class=\"wp-block-post-title\"><a href=\"https:\/\/www.greenpeace.org\/nl\/eerlijke-wereld\/72106\/greenpeace-bescherm-de-amazone-voor-het-te-laat-is\/\" target=\"_self\" >Greenpeace: Bescherm de Amazone voor het te laat is\u00a0<\/a><\/h3>\n\n<div class=\"wp-block-post-excerpt\"><p class=\"wp-block-post-excerpt__excerpt\">Spectaculaire lichtshow op de Dam bij &#8216;AMAZONIA&#8217; letters om aandacht te vragen voor ontbossing&nbsp; <\/p><\/div>\n\n\n<div class=\"wp-block-group posts-list-meta is-layout-flow wp-block-group-is-layout-flow\"><span class='article-list-item-author'><a href='https:\/\/www.greenpeace.org\/nl\/author\/awensinggreenpeace-org\/'>Anneke Wensing<\/a><\/span>\n\n<div class=\"wp-block-post-date\"><time datetime=\"2025-09-09T23:35:21+02:00\">9 september 2025<\/time><\/div><\/div>\n<\/div>\n<\/div>\n\n<\/li><li class=\"wp-block-post post-72061 post type-post status-publish format-standard has-post-thumbnail hentry category-bossen-categorie category-eerlijke-wereld category-nieuws p4-page-type-pers\">\n\n<div class=\"wp-block-columns is-layout-flex wp-container-core-columns-is-layout-9d6595d7 wp-block-columns-is-layout-flex\"><figure class=\"wp-block-post-featured-image\"><a href=\"https:\/\/www.greenpeace.org\/nl\/eerlijke-wereld\/72061\/tweede-kamer-buitenspel-bij-goedkeuring-eu-mercosur-verdrag\/\" target=\"_self\"  ><img loading=\"lazy\" decoding=\"async\" width=\"800\" height=\"533\" src=\"https:\/\/www.greenpeace.org\/static\/planet4-netherlands-stateless\/2025\/09\/d97a3259-gp0stwg3n_low-res-800px.jpg\" class=\"attachment-post-thumbnail size-post-thumbnail wp-post-image wp-stateless-item\" alt=\"Tweede Kamer buitenspel bij goedkeuring EU-mercosur verdrag\" style=\"object-fit:cover;\" srcset=\"https:\/\/www.greenpeace.org\/static\/planet4-netherlands-stateless\/2025\/09\/d97a3259-gp0stwg3n_low-res-800px.jpg 800w, https:\/\/www.greenpeace.org\/static\/planet4-netherlands-stateless\/2025\/09\/d97a3259-gp0stwg3n_low-res-800px-300x200.jpg 300w, https:\/\/www.greenpeace.org\/static\/planet4-netherlands-stateless\/2025\/09\/d97a3259-gp0stwg3n_low-res-800px-768x512.jpg 768w, https:\/\/www.greenpeace.org\/static\/planet4-netherlands-stateless\/2025\/09\/d97a3259-gp0stwg3n_low-res-800px-510x340.jpg 510w\" sizes=\"auto, (max-width: 800px) 100vw, 800px\" data-image-size=\"post-thumbnail\" data-stateless-media-bucket=\"planet4-netherlands-stateless\" data-stateless-media-name=\"2025\/09\/d97a3259-gp0stwg3n_low-res-800px.jpg\" \/><\/a><\/figure>\n\n\n<div class=\"wp-block-group is-layout-flow wp-block-group-is-layout-flow\">\n<div class=\"wp-block-group is-layout-flex wp-block-group-is-layout-flex\"><div class=\"wp-block-post-terms\"><a href=\"https:\/\/www.greenpeace.org\/nl\/category\/bossen-categorie\/\">Bossen<\/a><\/div>\n\n<\/div>\n\n\n<h3 class=\"wp-block-post-title\"><a href=\"https:\/\/www.greenpeace.org\/nl\/eerlijke-wereld\/72061\/tweede-kamer-buitenspel-bij-goedkeuring-eu-mercosur-verdrag\/\" target=\"_self\" >Tweede Kamer buitenspel bij goedkeuring EU-mercosur verdrag<\/a><\/h3>\n\n<div class=\"wp-block-post-excerpt\"><p class=\"wp-block-post-excerpt__excerpt\">Brussel, 3 september 2025 &#8211; Vanmiddag heeft de Europese Commissie de tekst van het EU-Mercosur vrijhandelsverdrag gepresenteerd. Daarbij haalt het een politieke truc uit: het zogenaamde \u2018splitsen\u2019 van het verdrag&hellip; <\/p><\/div>\n\n\n<div class=\"wp-block-group posts-list-meta is-layout-flow wp-block-group-is-layout-flow\"><span class='article-list-item-author'><a href='https:\/\/www.greenpeace.org\/nl\/author\/gpnetherlands\/'>Greenpeace Nederland<\/a><\/span>\n\n<div class=\"wp-block-post-date\"><time datetime=\"2025-09-03T15:49:32+02:00\">3 september 2025<\/time><\/div><\/div>\n<\/div>\n<\/div>\n\n<\/li><li class=\"wp-block-post post-71684 post type-post status-publish format-standard has-post-thumbnail hentry category-nieuws tag-landbouw tag-politiek tag-stikstof tag-natuurzaak-tag p4-page-type-pers\">\n\n<div class=\"wp-block-columns is-layout-flex wp-container-core-columns-is-layout-9d6595d7 wp-block-columns-is-layout-flex\"><figure class=\"wp-block-post-featured-image\"><a href=\"https:\/\/www.greenpeace.org\/nl\/nieuws\/71684\/greenpeace-nederland-dient-uiterst-kritische-zienswijze-in-op-spoedwetsvoorstel-om-kdw-en-uit-de-wet-te-halen\/\" target=\"_self\"  ><img loading=\"lazy\" decoding=\"async\" width=\"1200\" height=\"795\" src=\"https:\/\/www.greenpeace.org\/static\/planet4-netherlands-stateless\/2025\/08\/9933f81d-gp0su2c0k_medium-res-with-credit-line-1200px.jpg\" class=\"attachment-post-thumbnail size-post-thumbnail wp-post-image wp-stateless-item\" alt=\"Greenpeace Nederland dient uiterst kritische zienswijze in op spoedwetsvoorstel om KDW-en uit de wet te halen\" style=\"object-fit:cover;\" srcset=\"https:\/\/www.greenpeace.org\/static\/planet4-netherlands-stateless\/2025\/08\/9933f81d-gp0su2c0k_medium-res-with-credit-line-1200px.jpg 1200w, https:\/\/www.greenpeace.org\/static\/planet4-netherlands-stateless\/2025\/08\/9933f81d-gp0su2c0k_medium-res-with-credit-line-1200px-300x199.jpg 300w, https:\/\/www.greenpeace.org\/static\/planet4-netherlands-stateless\/2025\/08\/9933f81d-gp0su2c0k_medium-res-with-credit-line-1200px-1024x678.jpg 1024w, https:\/\/www.greenpeace.org\/static\/planet4-netherlands-stateless\/2025\/08\/9933f81d-gp0su2c0k_medium-res-with-credit-line-1200px-768x509.jpg 768w, https:\/\/www.greenpeace.org\/static\/planet4-netherlands-stateless\/2025\/08\/9933f81d-gp0su2c0k_medium-res-with-credit-line-1200px-510x338.jpg 510w\" sizes=\"auto, (max-width: 1200px) 100vw, 1200px\" data-image-size=\"post-thumbnail\" data-stateless-media-bucket=\"planet4-netherlands-stateless\" data-stateless-media-name=\"2025\/08\/9933f81d-gp0su2c0k_medium-res-with-credit-line-1200px.jpg\" \/><\/a><\/figure>\n\n\n<div class=\"wp-block-group is-layout-flow wp-block-group-is-layout-flow\">\n<div class=\"wp-block-group is-layout-flex wp-block-group-is-layout-flex\"><div class=\"wp-block-post-terms\"><a href=\"https:\/\/www.greenpeace.org\/nl\/category\/nieuws\/\">Nieuws<\/a><\/div>\n\n<div class=\"taxonomy-post_tag wp-block-post-terms\"><a href=\"https:\/\/www.greenpeace.org\/nl\/tag\/landbouw\/\" rel=\"tag\">Landbouw<\/a><span class=\"wp-block-post-terms__separator\"> <\/span><a href=\"https:\/\/www.greenpeace.org\/nl\/tag\/politiek\/\" rel=\"tag\">Politiek<\/a><span class=\"wp-block-post-terms__separator\"> <\/span><a href=\"https:\/\/www.greenpeace.org\/nl\/tag\/stikstof\/\" rel=\"tag\">Stikstof<\/a><span class=\"wp-block-post-terms__separator\"> <\/span><a href=\"https:\/\/www.greenpeace.org\/nl\/tag\/natuurzaak-tag\/\" rel=\"tag\">Natuurzaak<\/a><\/div><\/div>\n\n\n<h3 class=\"wp-block-post-title\"><a href=\"https:\/\/www.greenpeace.org\/nl\/nieuws\/71684\/greenpeace-nederland-dient-uiterst-kritische-zienswijze-in-op-spoedwetsvoorstel-om-kdw-en-uit-de-wet-te-halen\/\" target=\"_self\" >Greenpeace Nederland dient uiterst kritische zienswijze in op spoedwetsvoorstel om KDW-en uit de wet te halen<\/a><\/h3>\n\n<div class=\"wp-block-post-excerpt\"><p class=\"wp-block-post-excerpt__excerpt\">Greenpeace en mede-indieners: \u2018Het voorstel van Wiersma staat haaks op natuurbeschermingswetten en houdt Nederland nog langer op slot\u2019 <\/p><\/div>\n\n\n<div class=\"wp-block-group posts-list-meta is-layout-flow wp-block-group-is-layout-flow\"><span class='article-list-item-author'><a href='https:\/\/www.greenpeace.org\/nl\/author\/awensinggreenpeace-org\/'>Anneke Wensing<\/a><\/span>\n\n<div class=\"wp-block-post-date\"><time datetime=\"2025-08-21T16:49:24+02:00\">21 augustus 2025<\/time><\/div><\/div>\n<\/div>\n<\/div>\n\n<\/li><li class=\"wp-block-post post-71670 post type-post status-publish format-standard has-post-thumbnail hentry category-algemeen p4-page-type-pers\">\n\n<div class=\"wp-block-columns is-layout-flex wp-container-core-columns-is-layout-9d6595d7 wp-block-columns-is-layout-flex\"><figure class=\"wp-block-post-featured-image\"><a href=\"https:\/\/www.greenpeace.org\/nl\/algemeen\/71670\/prijsverschil-tussen-trein-en-vliegtickets-wordt-kleiner\/\" target=\"_self\"  ><img loading=\"lazy\" decoding=\"async\" width=\"1200\" height=\"800\" src=\"https:\/\/www.greenpeace.org\/static\/planet4-netherlands-stateless\/2025\/08\/695bfe05-gp1t3o4y.jpg\" class=\"attachment-post-thumbnail size-post-thumbnail wp-post-image wp-stateless-item\" alt=\"Prijsverschil tussen trein- en vliegtickets wordt kleiner\" style=\"object-fit:cover;\" srcset=\"https:\/\/www.greenpeace.org\/static\/planet4-netherlands-stateless\/2025\/08\/695bfe05-gp1t3o4y.jpg 1200w, https:\/\/www.greenpeace.org\/static\/planet4-netherlands-stateless\/2025\/08\/695bfe05-gp1t3o4y-300x200.jpg 300w, https:\/\/www.greenpeace.org\/static\/planet4-netherlands-stateless\/2025\/08\/695bfe05-gp1t3o4y-1024x683.jpg 1024w, https:\/\/www.greenpeace.org\/static\/planet4-netherlands-stateless\/2025\/08\/695bfe05-gp1t3o4y-768x512.jpg 768w, https:\/\/www.greenpeace.org\/static\/planet4-netherlands-stateless\/2025\/08\/695bfe05-gp1t3o4y-510x340.jpg 510w\" sizes=\"auto, (max-width: 1200px) 100vw, 1200px\" data-image-size=\"post-thumbnail\" data-stateless-media-bucket=\"planet4-netherlands-stateless\" data-stateless-media-name=\"2025\/08\/695bfe05-gp1t3o4y.jpg\" \/><\/a><\/figure>\n\n\n<div class=\"wp-block-group is-layout-flow wp-block-group-is-layout-flow\">\n<div class=\"wp-block-group is-layout-flex wp-block-group-is-layout-flex\"><div class=\"wp-block-post-terms\"><a href=\"https:\/\/www.greenpeace.org\/nl\/category\/algemeen\/\">Algemeen<\/a><\/div>\n\n<\/div>\n\n\n<h3 class=\"wp-block-post-title\"><a href=\"https:\/\/www.greenpeace.org\/nl\/algemeen\/71670\/prijsverschil-tussen-trein-en-vliegtickets-wordt-kleiner\/\" target=\"_self\" >Prijsverschil tussen trein- en vliegtickets wordt kleiner<\/a><\/h3>\n\n<div class=\"wp-block-post-excerpt\"><p class=\"wp-block-post-excerpt__excerpt\">We hebben onderzocht wat het prijsverschil is tussen een reis met de trein en met het vliegtuig in Europa. Voor de helft van de geanalyseerde routes in Europa is de&hellip; <\/p><\/div>\n\n\n<div class=\"wp-block-group posts-list-meta is-layout-flow wp-block-group-is-layout-flow\"><span class='article-list-item-author'><a href='https:\/\/www.greenpeace.org\/nl\/author\/bkarst\/'>Bram Karst<\/a><\/span>\n\n<div class=\"wp-block-post-date\"><time datetime=\"2025-08-21T09:33:17+02:00\">21 augustus 2025<\/time><\/div><\/div>\n<\/div>\n<\/div>\n\n<\/li><li class=\"wp-block-post post-71490 post type-post status-publish format-standard has-post-thumbnail hentry category-oceanen-categorie tag-oceanen tag-diepzee p4-page-type-pers\">\n\n<div class=\"wp-block-columns is-layout-flex wp-container-core-columns-is-layout-9d6595d7 wp-block-columns-is-layout-flex\"><figure class=\"wp-block-post-featured-image\"><a href=\"https:\/\/www.greenpeace.org\/nl\/oceanen-categorie\/71490\/diepzeemijnbouwbedrijven-krijgen-geen-voet-aan-de-grond-bij-vn-vergadering-in-jamaica\/\" target=\"_self\"  ><img loading=\"lazy\" decoding=\"async\" width=\"1200\" height=\"802\" src=\"https:\/\/www.greenpeace.org\/static\/planet4-netherlands-stateless\/2025\/07\/e3510abc-gp0su68rb_medium-res-with-credit-line-1200px.jpg\" class=\"attachment-post-thumbnail size-post-thumbnail wp-post-image wp-stateless-item\" alt=\"Diepzeemijnbouwbedrijven krijgen geen voet aan de grond bij VN-vergadering in Jamaica\" style=\"object-fit:cover;\" srcset=\"https:\/\/www.greenpeace.org\/static\/planet4-netherlands-stateless\/2025\/07\/e3510abc-gp0su68rb_medium-res-with-credit-line-1200px.jpg 1200w, https:\/\/www.greenpeace.org\/static\/planet4-netherlands-stateless\/2025\/07\/e3510abc-gp0su68rb_medium-res-with-credit-line-1200px-300x201.jpg 300w, https:\/\/www.greenpeace.org\/static\/planet4-netherlands-stateless\/2025\/07\/e3510abc-gp0su68rb_medium-res-with-credit-line-1200px-1024x684.jpg 1024w, https:\/\/www.greenpeace.org\/static\/planet4-netherlands-stateless\/2025\/07\/e3510abc-gp0su68rb_medium-res-with-credit-line-1200px-768x513.jpg 768w, https:\/\/www.greenpeace.org\/static\/planet4-netherlands-stateless\/2025\/07\/e3510abc-gp0su68rb_medium-res-with-credit-line-1200px-510x340.jpg 510w\" sizes=\"auto, (max-width: 1200px) 100vw, 1200px\" data-image-size=\"post-thumbnail\" data-stateless-media-bucket=\"planet4-netherlands-stateless\" data-stateless-media-name=\"2025\/07\/e3510abc-gp0su68rb_medium-res-with-credit-line-1200px.jpg\" \/><\/a><\/figure>\n\n\n<div class=\"wp-block-group is-layout-flow wp-block-group-is-layout-flow\">\n<div class=\"wp-block-group is-layout-flex wp-block-group-is-layout-flex\"><div class=\"wp-block-post-terms\"><a href=\"https:\/\/www.greenpeace.org\/nl\/category\/oceanen-categorie\/\">Oceanen<\/a><\/div>\n\n<div class=\"taxonomy-post_tag wp-block-post-terms\"><a href=\"https:\/\/www.greenpeace.org\/nl\/tag\/oceanen\/\" rel=\"tag\">Oceanen<\/a><span class=\"wp-block-post-terms__separator\"> <\/span><a href=\"https:\/\/www.greenpeace.org\/nl\/tag\/diepzee\/\" rel=\"tag\">Diepzee<\/a><\/div><\/div>\n\n\n<h3 class=\"wp-block-post-title\"><a href=\"https:\/\/www.greenpeace.org\/nl\/oceanen-categorie\/71490\/diepzeemijnbouwbedrijven-krijgen-geen-voet-aan-de-grond-bij-vn-vergadering-in-jamaica\/\" target=\"_self\" >Diepzeemijnbouwbedrijven krijgen geen voet aan de grond bij VN-vergadering in Jamaica<\/a><\/h3>\n\n<div class=\"wp-block-post-excerpt\"><p class=\"wp-block-post-excerpt__excerpt\">26 juli 2025 <\/p><\/div>\n\n\n<div class=\"wp-block-group posts-list-meta is-layout-flow wp-block-group-is-layout-flow\"><span class='article-list-item-author'><a href='https:\/\/www.greenpeace.org\/nl\/author\/awensinggreenpeace-org\/'>Anneke Wensing<\/a><\/span>\n\n<div class=\"wp-block-post-date\"><time datetime=\"2025-07-26T09:29:33+02:00\">26 juli 2025<\/time><\/div><\/div>\n<\/div>\n<\/div>\n\n<\/li><li class=\"wp-block-post post-71484 post type-post status-publish format-standard has-post-thumbnail hentry category-algemeen tag-bonaire-climate-justice tag-klimaatcrisis p4-page-type-pers\">\n\n<div class=\"wp-block-columns is-layout-flex wp-container-core-columns-is-layout-9d6595d7 wp-block-columns-is-layout-flex\"><figure class=\"wp-block-post-featured-image\"><a href=\"https:\/\/www.greenpeace.org\/nl\/algemeen\/71484\/reactie-greenpeace-op-uitspraak-van-het-internationaal-gerechtshof-in-den-haag\/\" target=\"_self\"  ><img decoding=\"async\" src=\"https:\/\/www.greenpeace.org\/static\/planet4-netherlands-stateless\/2025\/07\/21749c74-gp0su6asf_low-res-800px.jpg\" class=\"attachment-post-thumbnail size-post-thumbnail wp-post-image wp-stateless-item\" alt=\"Reactie Greenpeace op uitspraak van het Internationaal Gerechtshof in Den Haag\" style=\"object-fit:cover;\" data-image-size=\"post-thumbnail\" data-stateless-media-bucket=\"planet4-netherlands-stateless\" data-stateless-media-name=\"2025\/07\/21749c74-gp0su6asf_low-res-800px.jpg\" \/><\/a><\/figure>\n\n\n<div class=\"wp-block-group is-layout-flow wp-block-group-is-layout-flow\">\n<div class=\"wp-block-group is-layout-flex wp-block-group-is-layout-flex\"><div class=\"wp-block-post-terms\"><a href=\"https:\/\/www.greenpeace.org\/nl\/category\/algemeen\/\">Algemeen<\/a><\/div>\n\n<div class=\"taxonomy-post_tag wp-block-post-terms\"><a href=\"https:\/\/www.greenpeace.org\/nl\/tag\/bonaire-climate-justice\/\" rel=\"tag\">Bonaire<\/a><span class=\"wp-block-post-terms__separator\"> <\/span><a href=\"https:\/\/www.greenpeace.org\/nl\/tag\/klimaatcrisis\/\" rel=\"tag\">Klimaatcrisis<\/a><\/div><\/div>\n\n\n<h3 class=\"wp-block-post-title\"><a href=\"https:\/\/www.greenpeace.org\/nl\/algemeen\/71484\/reactie-greenpeace-op-uitspraak-van-het-internationaal-gerechtshof-in-den-haag\/\" target=\"_self\" >Reactie Greenpeace op uitspraak van het Internationaal Gerechtshof in Den Haag<\/a><\/h3>\n\n<div class=\"wp-block-post-excerpt\"><p class=\"wp-block-post-excerpt__excerpt\">De\u00a0reactie\u00a0van\u00a0Greenpeace\u00a0Nederland op de uitspraak van het Internationaal Gerechtshof in Den Haag over de verantwoordelijkheid van staten in de klimaatcrisis.\u00a0 <\/p><\/div>\n\n\n<div class=\"wp-block-group posts-list-meta is-layout-flow wp-block-group-is-layout-flow\"><span class='article-list-item-author'><a href='https:\/\/www.greenpeace.org\/nl\/author\/laura\/'>Laura Polderman<\/a><\/span>\n\n<div class=\"wp-block-post-date\"><time datetime=\"2025-07-24T12:03:16+02:00\">24 juli 2025<\/time><\/div><\/div>\n<\/div>\n<\/div>\n\n<\/li><li class=\"wp-block-post post-71430 post type-post status-publish format-standard has-post-thumbnail hentry category-plastic-categorie tag-plastic p4-page-type-pers\">\n\n<div class=\"wp-block-columns is-layout-flex wp-container-core-columns-is-layout-9d6595d7 wp-block-columns-is-layout-flex\"><figure class=\"wp-block-post-featured-image\"><a href=\"https:\/\/www.greenpeace.org\/nl\/plastic-categorie\/71430\/1-op-de-4-nederlanders-loopt-risico-om-blootgesteld-te-worden-aan-giftige-luchtvervuiling\/\" target=\"_self\"  ><img loading=\"lazy\" decoding=\"async\" width=\"1200\" height=\"900\" src=\"https:\/\/www.greenpeace.org\/static\/planet4-netherlands-stateless\/2025\/07\/6c7a4e59-gp0stwfp7.jpg\" class=\"attachment-post-thumbnail size-post-thumbnail wp-post-image wp-stateless-item\" alt=\"1 op de 4 Nederlanders loopt risico om blootgesteld te worden aan giftige luchtvervuiling\" style=\"object-fit:cover;\" srcset=\"https:\/\/www.greenpeace.org\/static\/planet4-netherlands-stateless\/2025\/07\/6c7a4e59-gp0stwfp7.jpg 1200w, https:\/\/www.greenpeace.org\/static\/planet4-netherlands-stateless\/2025\/07\/6c7a4e59-gp0stwfp7-300x225.jpg 300w, https:\/\/www.greenpeace.org\/static\/planet4-netherlands-stateless\/2025\/07\/6c7a4e59-gp0stwfp7-1024x768.jpg 1024w, https:\/\/www.greenpeace.org\/static\/planet4-netherlands-stateless\/2025\/07\/6c7a4e59-gp0stwfp7-768x576.jpg 768w, https:\/\/www.greenpeace.org\/static\/planet4-netherlands-stateless\/2025\/07\/6c7a4e59-gp0stwfp7-453x340.jpg 453w\" sizes=\"auto, (max-width: 1200px) 100vw, 1200px\" data-image-size=\"post-thumbnail\" data-stateless-media-bucket=\"planet4-netherlands-stateless\" data-stateless-media-name=\"2025\/07\/6c7a4e59-gp0stwfp7.jpg\" \/><\/a><\/figure>\n\n\n<div class=\"wp-block-group is-layout-flow wp-block-group-is-layout-flow\">\n<div class=\"wp-block-group is-layout-flex wp-block-group-is-layout-flex\"><div class=\"wp-block-post-terms\"><a href=\"https:\/\/www.greenpeace.org\/nl\/category\/plastic-categorie\/\">Plastic<\/a><\/div>\n\n<div class=\"taxonomy-post_tag wp-block-post-terms\"><a href=\"https:\/\/www.greenpeace.org\/nl\/tag\/plastic\/\" rel=\"tag\">Plastic<\/a><\/div><\/div>\n\n\n<h3 class=\"wp-block-post-title\"><a href=\"https:\/\/www.greenpeace.org\/nl\/plastic-categorie\/71430\/1-op-de-4-nederlanders-loopt-risico-om-blootgesteld-te-worden-aan-giftige-luchtvervuiling\/\" target=\"_self\" >1 op de 4 Nederlanders loopt risico om blootgesteld te worden aan giftige luchtvervuiling<\/a><\/h3>\n\n<div class=\"wp-block-post-excerpt\"><p class=\"wp-block-post-excerpt__excerpt\">Nieuw onderzoek van Greenpeace roept op tot vermindering van plasticproductie <\/p><\/div>\n\n\n<div class=\"wp-block-group posts-list-meta is-layout-flow wp-block-group-is-layout-flow\"><span class='article-list-item-author'><a href='https:\/\/www.greenpeace.org\/nl\/author\/laura\/'>Laura Polderman<\/a><\/span>\n\n<div class=\"wp-block-post-date\"><time datetime=\"2025-07-22T09:14:28+02:00\">22 juli 2025<\/time><\/div><\/div>\n<\/div>\n<\/div>\n\n<\/li><li class=\"wp-block-post post-70816 post type-post status-publish format-standard has-post-thumbnail hentry category-oceanen-categorie tag-oceanen tag-diepzee p4-page-type-pers\">\n\n<div class=\"wp-block-columns is-layout-flex wp-container-core-columns-is-layout-9d6595d7 wp-block-columns-is-layout-flex\"><figure class=\"wp-block-post-featured-image\"><a href=\"https:\/\/www.greenpeace.org\/nl\/oceanen-categorie\/70816\/greenpeace-roept-allseas-op-ga-niet-met-trump-in-zee\/\" target=\"_self\"  ><img loading=\"lazy\" decoding=\"async\" width=\"2048\" height=\"1365\" src=\"https:\/\/www.greenpeace.org\/static\/planet4-netherlands-stateless\/2025\/07\/c0fd25d4-allseas_ganietmettrumpinzee_pers.jpg\" class=\"attachment-post-thumbnail size-post-thumbnail wp-post-image wp-stateless-item\" alt=\"Greenpeace roept Allseas op: Ga niet met Trump in zee\" style=\"object-fit:cover;\" srcset=\"https:\/\/www.greenpeace.org\/static\/planet4-netherlands-stateless\/2025\/07\/c0fd25d4-allseas_ganietmettrumpinzee_pers.jpg 2048w, https:\/\/www.greenpeace.org\/static\/planet4-netherlands-stateless\/2025\/07\/c0fd25d4-allseas_ganietmettrumpinzee_pers-300x200.jpg 300w, https:\/\/www.greenpeace.org\/static\/planet4-netherlands-stateless\/2025\/07\/c0fd25d4-allseas_ganietmettrumpinzee_pers-1024x683.jpg 1024w, https:\/\/www.greenpeace.org\/static\/planet4-netherlands-stateless\/2025\/07\/c0fd25d4-allseas_ganietmettrumpinzee_pers-768x512.jpg 768w, https:\/\/www.greenpeace.org\/static\/planet4-netherlands-stateless\/2025\/07\/c0fd25d4-allseas_ganietmettrumpinzee_pers-1536x1024.jpg 1536w, https:\/\/www.greenpeace.org\/static\/planet4-netherlands-stateless\/2025\/07\/c0fd25d4-allseas_ganietmettrumpinzee_pers-510x340.jpg 510w\" sizes=\"auto, (max-width: 2048px) 100vw, 2048px\" data-image-size=\"post-thumbnail\" data-stateless-media-bucket=\"planet4-netherlands-stateless\" data-stateless-media-name=\"2025\/07\/c0fd25d4-allseas_ganietmettrumpinzee_pers.jpg\" \/><\/a><\/figure>\n\n\n<div class=\"wp-block-group is-layout-flow wp-block-group-is-layout-flow\">\n<div class=\"wp-block-group is-layout-flex wp-block-group-is-layout-flex\"><div class=\"wp-block-post-terms\"><a href=\"https:\/\/www.greenpeace.org\/nl\/category\/oceanen-categorie\/\">Oceanen<\/a><\/div>\n\n<div class=\"taxonomy-post_tag wp-block-post-terms\"><a href=\"https:\/\/www.greenpeace.org\/nl\/tag\/oceanen\/\" rel=\"tag\">Oceanen<\/a><span class=\"wp-block-post-terms__separator\"> <\/span><a href=\"https:\/\/www.greenpeace.org\/nl\/tag\/diepzee\/\" rel=\"tag\">Diepzee<\/a><\/div><\/div>\n\n\n<h3 class=\"wp-block-post-title\"><a href=\"https:\/\/www.greenpeace.org\/nl\/oceanen-categorie\/70816\/greenpeace-roept-allseas-op-ga-niet-met-trump-in-zee\/\" target=\"_self\" >Greenpeace roept Allseas op: Ga niet met Trump in zee<\/a><\/h3>\n\n<div class=\"wp-block-post-excerpt\"><p class=\"wp-block-post-excerpt__excerpt\">Delft, 3 juli 2025 <\/p><\/div>\n\n\n<div class=\"wp-block-group posts-list-meta is-layout-flow wp-block-group-is-layout-flow\"><span class='article-list-item-author'><a href='https:\/\/www.greenpeace.org\/nl\/author\/awensinggreenpeace-org\/'>Anneke Wensing<\/a><\/span>\n\n<div class=\"wp-block-post-date\"><time datetime=\"2025-07-03T07:31:00+02:00\">3 juli 2025<\/time><\/div><\/div>\n<\/div>\n<\/div>\n\n<\/li><li class=\"wp-block-post post-71294 post type-post status-publish format-standard has-post-thumbnail hentry category-algemeen tag-klimaat-energie tag-slapp p4-page-type-pers\">\n\n<div class=\"wp-block-columns is-layout-flex wp-container-core-columns-is-layout-9d6595d7 wp-block-columns-is-layout-flex\"><figure class=\"wp-block-post-featured-image\"><a href=\"https:\/\/www.greenpeace.org\/nl\/algemeen\/71294\/greenpeace-international-begint-baanbrekende-anti-slapp-rechtszaak-om-vrijheid-van-meningsuiting-te-beschermen\/\" target=\"_self\"  ><img loading=\"lazy\" decoding=\"async\" width=\"2500\" height=\"1667\" src=\"https:\/\/www.greenpeace.org\/static\/planet4-netherlands-stateless\/2025\/07\/dfd12d94-gp0su62n1_pressmedia-2500px.jpg\" class=\"attachment-post-thumbnail size-post-thumbnail wp-post-image wp-stateless-item\" alt=\"Greenpeace International begint baanbrekende anti-SLAPP rechtszaak om vrijheid van meningsuiting te beschermen\" style=\"object-fit:cover;\" srcset=\"https:\/\/www.greenpeace.org\/static\/planet4-netherlands-stateless\/2025\/07\/dfd12d94-gp0su62n1_pressmedia-2500px.jpg 2500w, https:\/\/www.greenpeace.org\/static\/planet4-netherlands-stateless\/2025\/07\/dfd12d94-gp0su62n1_pressmedia-2500px-300x200.jpg 300w, https:\/\/www.greenpeace.org\/static\/planet4-netherlands-stateless\/2025\/07\/dfd12d94-gp0su62n1_pressmedia-2500px-1024x683.jpg 1024w, https:\/\/www.greenpeace.org\/static\/planet4-netherlands-stateless\/2025\/07\/dfd12d94-gp0su62n1_pressmedia-2500px-768x512.jpg 768w, https:\/\/www.greenpeace.org\/static\/planet4-netherlands-stateless\/2025\/07\/dfd12d94-gp0su62n1_pressmedia-2500px-1536x1024.jpg 1536w, https:\/\/www.greenpeace.org\/static\/planet4-netherlands-stateless\/2025\/07\/dfd12d94-gp0su62n1_pressmedia-2500px-2048x1366.jpg 2048w, https:\/\/www.greenpeace.org\/static\/planet4-netherlands-stateless\/2025\/07\/dfd12d94-gp0su62n1_pressmedia-2500px-510x340.jpg 510w\" sizes=\"auto, (max-width: 2500px) 100vw, 2500px\" data-image-size=\"post-thumbnail\" data-stateless-media-bucket=\"planet4-netherlands-stateless\" data-stateless-media-name=\"2025\/07\/dfd12d94-gp0su62n1_pressmedia-2500px.jpg\" \/><\/a><\/figure>\n\n\n<div class=\"wp-block-group is-layout-flow wp-block-group-is-layout-flow\">\n<div class=\"wp-block-group is-layout-flex wp-block-group-is-layout-flex\"><div class=\"wp-block-post-terms\"><a href=\"https:\/\/www.greenpeace.org\/nl\/category\/algemeen\/\">Algemeen<\/a><\/div>\n\n<div class=\"taxonomy-post_tag wp-block-post-terms\"><a href=\"https:\/\/www.greenpeace.org\/nl\/tag\/klimaat-energie\/\" rel=\"tag\">Klimaat &amp; Energie<\/a><span class=\"wp-block-post-terms__separator\"> <\/span><a href=\"https:\/\/www.greenpeace.org\/nl\/tag\/slapp\/\" rel=\"tag\">SLAPP<\/a><\/div><\/div>\n\n\n<h3 class=\"wp-block-post-title\"><a href=\"https:\/\/www.greenpeace.org\/nl\/algemeen\/71294\/greenpeace-international-begint-baanbrekende-anti-slapp-rechtszaak-om-vrijheid-van-meningsuiting-te-beschermen\/\" target=\"_self\" >Greenpeace International begint baanbrekende anti-SLAPP rechtszaak om vrijheid van meningsuiting te beschermen<\/a><\/h3>\n\n<div class=\"wp-block-post-excerpt\"><p class=\"wp-block-post-excerpt__excerpt\">2 juli 2025, Amsterdam &#8211;\u00a0 Een belangrijke eerste testcase in de rechtbank Amsterdam vandaag waar Greenpeace International het Amerikaanse bedrijf Energy Transfer voor de rechter daagt. [1] Het is voor&hellip; <\/p><\/div>\n\n\n<div class=\"wp-block-group posts-list-meta is-layout-flow wp-block-group-is-layout-flow\"><span class='article-list-item-author'><a href='https:\/\/www.greenpeace.org\/nl\/author\/laura\/'>Laura Polderman<\/a><\/span>\n\n<div class=\"wp-block-post-date\"><time datetime=\"2025-07-02T11:27:16+02:00\">2 juli 2025<\/time><\/div><\/div>\n<\/div>\n<\/div>\n\n<\/li><li class=\"wp-block-post post-70181 post type-post status-publish format-standard has-post-thumbnail hentry category-oceanen-categorie tag-oceanen p4-page-type-pers\">\n\n<div class=\"wp-block-columns is-layout-flex wp-container-core-columns-is-layout-9d6595d7 wp-block-columns-is-layout-flex\"><figure class=\"wp-block-post-featured-image\"><a href=\"https:\/\/www.greenpeace.org\/nl\/oceanen-categorie\/70181\/bedreigde-walvissoorten-aangetroffen-in-gebieden-waar-de-verenigde-staten-willen-starten-met-diepzeemijnbouw-waarschuwen-wetenschappers\/\" target=\"_self\"  ><img loading=\"lazy\" decoding=\"async\" width=\"1200\" height=\"800\" src=\"https:\/\/www.greenpeace.org\/static\/planet4-netherlands-stateless\/2025\/06\/5edbf823-gp1suz66_medium-res-1200px.jpg\" class=\"attachment-post-thumbnail size-post-thumbnail wp-post-image wp-stateless-item\" alt=\"Bedreigde walvissoorten aangetroffen in gebieden waar de Verenigde Staten willen starten met diepzeemijnbouw, waarschuwen wetenschappers\" style=\"object-fit:cover;\" srcset=\"https:\/\/www.greenpeace.org\/static\/planet4-netherlands-stateless\/2025\/06\/5edbf823-gp1suz66_medium-res-1200px.jpg 1200w, https:\/\/www.greenpeace.org\/static\/planet4-netherlands-stateless\/2025\/06\/5edbf823-gp1suz66_medium-res-1200px-300x200.jpg 300w, https:\/\/www.greenpeace.org\/static\/planet4-netherlands-stateless\/2025\/06\/5edbf823-gp1suz66_medium-res-1200px-1024x683.jpg 1024w, https:\/\/www.greenpeace.org\/static\/planet4-netherlands-stateless\/2025\/06\/5edbf823-gp1suz66_medium-res-1200px-768x512.jpg 768w, https:\/\/www.greenpeace.org\/static\/planet4-netherlands-stateless\/2025\/06\/5edbf823-gp1suz66_medium-res-1200px-510x340.jpg 510w\" sizes=\"auto, (max-width: 1200px) 100vw, 1200px\" data-image-size=\"post-thumbnail\" data-stateless-media-bucket=\"planet4-netherlands-stateless\" data-stateless-media-name=\"2025\/06\/5edbf823-gp1suz66_medium-res-1200px.jpg\" \/><\/a><\/figure>\n\n\n<div class=\"wp-block-group is-layout-flow wp-block-group-is-layout-flow\">\n<div class=\"wp-block-group is-layout-flex wp-block-group-is-layout-flex\"><div class=\"wp-block-post-terms\"><a href=\"https:\/\/www.greenpeace.org\/nl\/category\/oceanen-categorie\/\">Oceanen<\/a><\/div>\n\n<div class=\"taxonomy-post_tag wp-block-post-terms\"><a href=\"https:\/\/www.greenpeace.org\/nl\/tag\/oceanen\/\" rel=\"tag\">Oceanen<\/a><\/div><\/div>\n\n\n<h3 class=\"wp-block-post-title\"><a href=\"https:\/\/www.greenpeace.org\/nl\/oceanen-categorie\/70181\/bedreigde-walvissoorten-aangetroffen-in-gebieden-waar-de-verenigde-staten-willen-starten-met-diepzeemijnbouw-waarschuwen-wetenschappers\/\" target=\"_self\" >Bedreigde walvissoorten aangetroffen in gebieden waar de Verenigde Staten willen starten met diepzeemijnbouw, waarschuwen wetenschappers<\/a><\/h3>\n\n<div class=\"wp-block-post-excerpt\"><p class=\"wp-block-post-excerpt__excerpt\">Exeter, Verenigd Koninkrijk, 24 juni 2025&nbsp; <\/p><\/div>\n\n\n<div class=\"wp-block-group posts-list-meta is-layout-flow wp-block-group-is-layout-flow\"><span class='article-list-item-author'><a href='https:\/\/www.greenpeace.org\/nl\/author\/awensinggreenpeace-org\/'>Anneke Wensing<\/a><\/span>\n\n<div class=\"wp-block-post-date\"><time datetime=\"2025-06-24T09:51:58+02:00\">24 juni 2025<\/time><\/div><\/div>\n<\/div>\n<\/div>\n\n<\/li><li class=\"wp-block-post post-69515 post type-post status-publish format-standard has-post-thumbnail hentry category-oceanen-categorie category-nieuws category-over-greenpeace tag-diepzee tag-oceanen p4-page-type-pers\">\n\n<div class=\"wp-block-columns is-layout-flex wp-container-core-columns-is-layout-9d6595d7 wp-block-columns-is-layout-flex\"><figure class=\"wp-block-post-featured-image\"><a href=\"https:\/\/www.greenpeace.org\/nl\/oceanen-categorie\/69515\/fabrique-des-lumieres-en-greenpeace-bescherm-de-oceanen\/\" target=\"_self\"  ><img loading=\"lazy\" decoding=\"async\" width=\"2500\" height=\"1666\" src=\"https:\/\/www.greenpeace.org\/static\/planet4-netherlands-stateless\/2025\/06\/ad8c249c-gp0su5ppp_pressmedia-2500px.jpg\" class=\"attachment-post-thumbnail size-post-thumbnail wp-post-image wp-stateless-item\" alt=\"Fabrique des Lumi\u00e8res en Greenpeace: \u2018Bescherm de oceanen\u2019\" style=\"object-fit:cover;\" srcset=\"https:\/\/www.greenpeace.org\/static\/planet4-netherlands-stateless\/2025\/06\/ad8c249c-gp0su5ppp_pressmedia-2500px.jpg 2500w, https:\/\/www.greenpeace.org\/static\/planet4-netherlands-stateless\/2025\/06\/ad8c249c-gp0su5ppp_pressmedia-2500px-300x200.jpg 300w, https:\/\/www.greenpeace.org\/static\/planet4-netherlands-stateless\/2025\/06\/ad8c249c-gp0su5ppp_pressmedia-2500px-1024x682.jpg 1024w, https:\/\/www.greenpeace.org\/static\/planet4-netherlands-stateless\/2025\/06\/ad8c249c-gp0su5ppp_pressmedia-2500px-768x512.jpg 768w, https:\/\/www.greenpeace.org\/static\/planet4-netherlands-stateless\/2025\/06\/ad8c249c-gp0su5ppp_pressmedia-2500px-1536x1024.jpg 1536w, https:\/\/www.greenpeace.org\/static\/planet4-netherlands-stateless\/2025\/06\/ad8c249c-gp0su5ppp_pressmedia-2500px-2048x1366.jpg 2048w, https:\/\/www.greenpeace.org\/static\/planet4-netherlands-stateless\/2025\/06\/ad8c249c-gp0su5ppp_pressmedia-2500px-510x340.jpg 510w\" sizes=\"auto, (max-width: 2500px) 100vw, 2500px\" data-image-size=\"post-thumbnail\" data-stateless-media-bucket=\"planet4-netherlands-stateless\" data-stateless-media-name=\"2025\/06\/ad8c249c-gp0su5ppp_pressmedia-2500px.jpg\" \/><\/a><\/figure>\n\n\n<div class=\"wp-block-group is-layout-flow wp-block-group-is-layout-flow\">\n<div class=\"wp-block-group is-layout-flex wp-block-group-is-layout-flex\"><div class=\"wp-block-post-terms\"><a href=\"https:\/\/www.greenpeace.org\/nl\/category\/oceanen-categorie\/\">Oceanen<\/a><\/div>\n\n<div class=\"taxonomy-post_tag wp-block-post-terms\"><a href=\"https:\/\/www.greenpeace.org\/nl\/tag\/diepzee\/\" rel=\"tag\">Diepzee<\/a><span class=\"wp-block-post-terms__separator\"> <\/span><a href=\"https:\/\/www.greenpeace.org\/nl\/tag\/oceanen\/\" rel=\"tag\">Oceanen<\/a><\/div><\/div>\n\n\n<h3 class=\"wp-block-post-title\"><a href=\"https:\/\/www.greenpeace.org\/nl\/oceanen-categorie\/69515\/fabrique-des-lumieres-en-greenpeace-bescherm-de-oceanen\/\" target=\"_self\" >Fabrique des Lumi\u00e8res en Greenpeace: \u2018Bescherm de oceanen\u2019<\/a><\/h3>\n\n<div class=\"wp-block-post-excerpt\"><p class=\"wp-block-post-excerpt__excerpt\">\u2018De Zee\u2019 wordt vanaf 12 juni uitgebreid met een beleving over de diepzee, ontwikkeld door Greenpeace in samenwerking met Fabrique des Lumi\u00e8res.&nbsp; <\/p><\/div>\n\n\n<div class=\"wp-block-group posts-list-meta is-layout-flow wp-block-group-is-layout-flow\"><span class='article-list-item-author'><a href='https:\/\/www.greenpeace.org\/nl\/author\/awensinggreenpeace-org\/'>Anneke Wensing<\/a><\/span>\n\n<div class=\"wp-block-post-date\"><time datetime=\"2025-06-08T07:00:00+02:00\">8 juni 2025<\/time><\/div><\/div>\n<\/div>\n<\/div>\n\n<\/li><li class=\"wp-block-post post-69446 post type-post status-publish format-standard has-post-thumbnail hentry category-klimaat-categorie p4-page-type-pers\">\n\n<div class=\"wp-block-columns is-layout-flex wp-container-core-columns-is-layout-9d6595d7 wp-block-columns-is-layout-flex\"><figure class=\"wp-block-post-featured-image\"><a href=\"https:\/\/www.greenpeace.org\/nl\/klimaat-categorie\/69446\/milieuorganisaties-blij-met-vernietiging-natuurvergunning-schiphol\/\" target=\"_self\"  ><img loading=\"lazy\" decoding=\"async\" width=\"800\" height=\"551\" src=\"https:\/\/www.greenpeace.org\/static\/planet4-netherlands-stateless\/2025\/06\/96f4d277-gp0sttmex_low-res-800px.jpg\" class=\"attachment-post-thumbnail size-post-thumbnail wp-post-image wp-stateless-item\" alt=\"Milieuorganisaties blij met vernietiging natuurvergunning Schiphol\" style=\"object-fit:cover;\" srcset=\"https:\/\/www.greenpeace.org\/static\/planet4-netherlands-stateless\/2025\/06\/96f4d277-gp0sttmex_low-res-800px.jpg 800w, https:\/\/www.greenpeace.org\/static\/planet4-netherlands-stateless\/2025\/06\/96f4d277-gp0sttmex_low-res-800px-300x207.jpg 300w, https:\/\/www.greenpeace.org\/static\/planet4-netherlands-stateless\/2025\/06\/96f4d277-gp0sttmex_low-res-800px-768x529.jpg 768w, https:\/\/www.greenpeace.org\/static\/planet4-netherlands-stateless\/2025\/06\/96f4d277-gp0sttmex_low-res-800px-494x340.jpg 494w\" sizes=\"auto, (max-width: 800px) 100vw, 800px\" data-image-size=\"post-thumbnail\" data-stateless-media-bucket=\"planet4-netherlands-stateless\" data-stateless-media-name=\"2025\/06\/96f4d277-gp0sttmex_low-res-800px.jpg\" \/><\/a><\/figure>\n\n\n<div class=\"wp-block-group is-layout-flow wp-block-group-is-layout-flow\">\n<div class=\"wp-block-group is-layout-flex wp-block-group-is-layout-flex\"><div class=\"wp-block-post-terms\"><a href=\"https:\/\/www.greenpeace.org\/nl\/category\/klimaat-categorie\/\">Klimaat<\/a><\/div>\n\n<\/div>\n\n\n<h3 class=\"wp-block-post-title\"><a href=\"https:\/\/www.greenpeace.org\/nl\/klimaat-categorie\/69446\/milieuorganisaties-blij-met-vernietiging-natuurvergunning-schiphol\/\" target=\"_self\" >Milieuorganisaties blij met vernietiging natuurvergunning Schiphol<\/a><\/h3>\n\n<div class=\"wp-block-post-excerpt\"><p class=\"wp-block-post-excerpt__excerpt\">\u201cRegering, stop met zoeken naar geitenpaadjes, krimp Schiphol.\u201d <\/p><\/div>\n\n\n<div class=\"wp-block-group posts-list-meta is-layout-flow wp-block-group-is-layout-flow\"><span class='article-list-item-author'><a href='https:\/\/www.greenpeace.org\/nl\/author\/bkarst\/'>Bram Karst<\/a><\/span>\n\n<div class=\"wp-block-post-date\"><time datetime=\"2025-06-04T14:48:02+02:00\">4 juni 2025<\/time><\/div><\/div>\n<\/div>\n<\/div>\n\n<\/li><li class=\"wp-block-post post-69380 post type-post status-publish format-standard has-post-thumbnail hentry category-klimaat-categorie tag-bonaire-climate-justice tag-den-haag tag-klimaat tag-klimaatakkoord tag-klimaatcrisis tag-politiek p4-page-type-pers\">\n\n<div class=\"wp-block-columns is-layout-flex wp-container-core-columns-is-layout-9d6595d7 wp-block-columns-is-layout-flex\"><figure class=\"wp-block-post-featured-image\"><a href=\"https:\/\/www.greenpeace.org\/nl\/klimaat-categorie\/69380\/walk-of-shame-pa-minister-hermans-riba-kaminda-pa-debate-tokante-klima-den-tweede-kamer\/\" target=\"_self\"  ><img loading=\"lazy\" decoding=\"async\" width=\"800\" height=\"533\" src=\"https:\/\/www.greenpeace.org\/static\/planet4-netherlands-stateless\/2025\/06\/aa8094ce-gp0su5o0n_low-res-800px.jpg\" class=\"attachment-post-thumbnail size-post-thumbnail wp-post-image wp-stateless-item\" alt=\"\u2018Walk of Shame\u2019 pa minister Hermans riba kaminda pa debate tokante klima den Tweede Kamer\" style=\"object-fit:cover;\" srcset=\"https:\/\/www.greenpeace.org\/static\/planet4-netherlands-stateless\/2025\/06\/aa8094ce-gp0su5o0n_low-res-800px.jpg 800w, https:\/\/www.greenpeace.org\/static\/planet4-netherlands-stateless\/2025\/06\/aa8094ce-gp0su5o0n_low-res-800px-300x200.jpg 300w, https:\/\/www.greenpeace.org\/static\/planet4-netherlands-stateless\/2025\/06\/aa8094ce-gp0su5o0n_low-res-800px-768x512.jpg 768w, https:\/\/www.greenpeace.org\/static\/planet4-netherlands-stateless\/2025\/06\/aa8094ce-gp0su5o0n_low-res-800px-510x340.jpg 510w\" sizes=\"auto, (max-width: 800px) 100vw, 800px\" data-image-size=\"post-thumbnail\" data-stateless-media-bucket=\"planet4-netherlands-stateless\" data-stateless-media-name=\"2025\/06\/aa8094ce-gp0su5o0n_low-res-800px.jpg\" \/><\/a><\/figure>\n\n\n<div class=\"wp-block-group is-layout-flow wp-block-group-is-layout-flow\">\n<div class=\"wp-block-group is-layout-flex wp-block-group-is-layout-flex\"><div class=\"wp-block-post-terms\"><a href=\"https:\/\/www.greenpeace.org\/nl\/category\/klimaat-categorie\/\">Klimaat<\/a><\/div>\n\n<div class=\"taxonomy-post_tag wp-block-post-terms\"><a href=\"https:\/\/www.greenpeace.org\/nl\/tag\/bonaire-climate-justice\/\" rel=\"tag\">Bonaire<\/a><span class=\"wp-block-post-terms__separator\"> <\/span><a href=\"https:\/\/www.greenpeace.org\/nl\/tag\/den-haag\/\" rel=\"tag\">Den Haag<\/a><span class=\"wp-block-post-terms__separator\"> <\/span><a href=\"https:\/\/www.greenpeace.org\/nl\/tag\/klimaat\/\" rel=\"tag\">Klimaat<\/a><span class=\"wp-block-post-terms__separator\"> <\/span><a href=\"https:\/\/www.greenpeace.org\/nl\/tag\/klimaatakkoord\/\" rel=\"tag\">Klimaatakkoord<\/a><span class=\"wp-block-post-terms__separator\"> <\/span><a href=\"https:\/\/www.greenpeace.org\/nl\/tag\/klimaatcrisis\/\" rel=\"tag\">Klimaatcrisis<\/a><span class=\"wp-block-post-terms__separator\"> <\/span><a href=\"https:\/\/www.greenpeace.org\/nl\/tag\/politiek\/\" rel=\"tag\">Politiek<\/a><\/div><\/div>\n\n\n<h3 class=\"wp-block-post-title\"><a href=\"https:\/\/www.greenpeace.org\/nl\/klimaat-categorie\/69380\/walk-of-shame-pa-minister-hermans-riba-kaminda-pa-debate-tokante-klima-den-tweede-kamer\/\" target=\"_self\" >\u2018Walk of Shame\u2019 pa minister Hermans riba kaminda pa debate tokante klima den Tweede Kamer<\/a><\/h3>\n\n<div class=\"wp-block-post-excerpt\"><p class=\"wp-block-post-excerpt__excerpt\">Greenpeace ta f\u00e8rf \u2018Minister pa Fosil\u2019 riba asera na ministerio&nbsp; <\/p><\/div>\n\n\n<div class=\"wp-block-group posts-list-meta is-layout-flow wp-block-group-is-layout-flow\"><span class='article-list-item-author'><a href='https:\/\/www.greenpeace.org\/nl\/author\/laura\/'>Laura Polderman<\/a><\/span>\n\n<div class=\"wp-block-post-date\"><time datetime=\"2025-06-03T11:05:33+02:00\">3 juni 2025<\/time><\/div><\/div>\n<\/div>\n<\/div>\n\n<\/li><li class=\"wp-block-post post-69378 post type-post status-publish format-standard has-post-thumbnail hentry category-algemeen category-klimaat-categorie tag-den-haag tag-klimaat tag-klimaatakkoord tag-klimaatcrisis tag-politiek tag-bonaire-climate-justice p4-page-type-pers\">\n\n<div class=\"wp-block-columns is-layout-flex wp-container-core-columns-is-layout-9d6595d7 wp-block-columns-is-layout-flex\"><figure class=\"wp-block-post-featured-image\"><a href=\"https:\/\/www.greenpeace.org\/nl\/algemeen\/69378\/walk-of-shame-voor-minister-hermans-op-weg-naar-klimaatdebat-in-tweede-kamer\/\" target=\"_self\"  ><img loading=\"lazy\" decoding=\"async\" width=\"800\" height=\"533\" src=\"https:\/\/www.greenpeace.org\/static\/planet4-netherlands-stateless\/2025\/06\/74715f71-gp0su5o0n_low-res-800px.jpg\" class=\"attachment-post-thumbnail size-post-thumbnail wp-post-image wp-stateless-item\" alt=\"\u2018Walk of Shame\u2019 voor minister Hermans op weg naar klimaatdebat in Tweede Kamer\" style=\"object-fit:cover;\" srcset=\"https:\/\/www.greenpeace.org\/static\/planet4-netherlands-stateless\/2025\/06\/74715f71-gp0su5o0n_low-res-800px.jpg 800w, https:\/\/www.greenpeace.org\/static\/planet4-netherlands-stateless\/2025\/06\/74715f71-gp0su5o0n_low-res-800px-300x200.jpg 300w, https:\/\/www.greenpeace.org\/static\/planet4-netherlands-stateless\/2025\/06\/74715f71-gp0su5o0n_low-res-800px-768x512.jpg 768w, https:\/\/www.greenpeace.org\/static\/planet4-netherlands-stateless\/2025\/06\/74715f71-gp0su5o0n_low-res-800px-510x340.jpg 510w\" sizes=\"auto, (max-width: 800px) 100vw, 800px\" data-image-size=\"post-thumbnail\" data-stateless-media-bucket=\"planet4-netherlands-stateless\" data-stateless-media-name=\"2025\/06\/74715f71-gp0su5o0n_low-res-800px.jpg\" \/><\/a><\/figure>\n\n\n<div class=\"wp-block-group is-layout-flow wp-block-group-is-layout-flow\">\n<div class=\"wp-block-group is-layout-flex wp-block-group-is-layout-flex\"><div class=\"wp-block-post-terms\"><a href=\"https:\/\/www.greenpeace.org\/nl\/category\/algemeen\/\">Algemeen<\/a><\/div>\n\n<div class=\"taxonomy-post_tag wp-block-post-terms\"><a href=\"https:\/\/www.greenpeace.org\/nl\/tag\/den-haag\/\" rel=\"tag\">Den Haag<\/a><span class=\"wp-block-post-terms__separator\"> <\/span><a href=\"https:\/\/www.greenpeace.org\/nl\/tag\/klimaat\/\" rel=\"tag\">Klimaat<\/a><span class=\"wp-block-post-terms__separator\"> <\/span><a href=\"https:\/\/www.greenpeace.org\/nl\/tag\/klimaatakkoord\/\" rel=\"tag\">Klimaatakkoord<\/a><span class=\"wp-block-post-terms__separator\"> <\/span><a href=\"https:\/\/www.greenpeace.org\/nl\/tag\/klimaatcrisis\/\" rel=\"tag\">Klimaatcrisis<\/a><span class=\"wp-block-post-terms__separator\"> <\/span><a href=\"https:\/\/www.greenpeace.org\/nl\/tag\/politiek\/\" rel=\"tag\">Politiek<\/a><span class=\"wp-block-post-terms__separator\"> <\/span><a href=\"https:\/\/www.greenpeace.org\/nl\/tag\/bonaire-climate-justice\/\" rel=\"tag\">Bonaire<\/a><\/div><\/div>\n\n\n<h3 class=\"wp-block-post-title\"><a href=\"https:\/\/www.greenpeace.org\/nl\/algemeen\/69378\/walk-of-shame-voor-minister-hermans-op-weg-naar-klimaatdebat-in-tweede-kamer\/\" target=\"_self\" >\u2018Walk of Shame\u2019 voor minister Hermans op weg naar klimaatdebat in Tweede Kamer<\/a><\/h3>\n\n<div class=\"wp-block-post-excerpt\"><p class=\"wp-block-post-excerpt__excerpt\">Greenpeace schildert \u2018Minister voor Fossiel\u2019 op stoep bij ministerie <\/p><\/div>\n\n\n<div class=\"wp-block-group posts-list-meta is-layout-flow wp-block-group-is-layout-flow\"><span class='article-list-item-author'><a href='https:\/\/www.greenpeace.org\/nl\/author\/laura\/'>Laura Polderman<\/a><\/span>\n\n<div class=\"wp-block-post-date\"><time datetime=\"2025-06-03T10:59:59+02:00\">3 juni 2025<\/time><\/div><\/div>\n<\/div>\n<\/div>\n\n<\/li><li class=\"wp-block-post post-69370 post type-post status-publish format-standard has-post-thumbnail hentry category-klimaat-categorie category-nieuws tag-den-haag tag-klimaat tag-klimaatakkoord tag-klimaatcrisis tag-politiek tag-bonaire-climate-justice p4-page-type-pers\">\n\n<div class=\"wp-block-columns is-layout-flex wp-container-core-columns-is-layout-9d6595d7 wp-block-columns-is-layout-flex\"><figure class=\"wp-block-post-featured-image\"><a href=\"https:\/\/www.greenpeace.org\/nl\/klimaat-categorie\/69370\/onderzoek-klimaatpakket-minister-hermans-doet-bijna-niets-voor-klimaat\/\" target=\"_self\"  ><img loading=\"lazy\" decoding=\"async\" width=\"1200\" height=\"813\" src=\"https:\/\/www.greenpeace.org\/static\/planet4-netherlands-stateless\/2025\/06\/13a2b4a5-gp1sxj9r.jpg\" class=\"attachment-post-thumbnail size-post-thumbnail wp-post-image wp-stateless-item\" alt=\"Onderzoek: Klimaatpakket minister Hermans doet bijna niets voor klimaat\u00a0\" style=\"object-fit:cover;\" srcset=\"https:\/\/www.greenpeace.org\/static\/planet4-netherlands-stateless\/2025\/06\/13a2b4a5-gp1sxj9r.jpg 1200w, https:\/\/www.greenpeace.org\/static\/planet4-netherlands-stateless\/2025\/06\/13a2b4a5-gp1sxj9r-300x203.jpg 300w, https:\/\/www.greenpeace.org\/static\/planet4-netherlands-stateless\/2025\/06\/13a2b4a5-gp1sxj9r-1024x694.jpg 1024w, https:\/\/www.greenpeace.org\/static\/planet4-netherlands-stateless\/2025\/06\/13a2b4a5-gp1sxj9r-768x520.jpg 768w, https:\/\/www.greenpeace.org\/static\/planet4-netherlands-stateless\/2025\/06\/13a2b4a5-gp1sxj9r-502x340.jpg 502w\" sizes=\"auto, (max-width: 1200px) 100vw, 1200px\" data-image-size=\"post-thumbnail\" data-stateless-media-bucket=\"planet4-netherlands-stateless\" data-stateless-media-name=\"2025\/06\/13a2b4a5-gp1sxj9r.jpg\" \/><\/a><\/figure>\n\n\n<div class=\"wp-block-group is-layout-flow wp-block-group-is-layout-flow\">\n<div class=\"wp-block-group is-layout-flex wp-block-group-is-layout-flex\"><div class=\"wp-block-post-terms\"><a href=\"https:\/\/www.greenpeace.org\/nl\/category\/klimaat-categorie\/\">Klimaat<\/a><\/div>\n\n<div class=\"taxonomy-post_tag wp-block-post-terms\"><a href=\"https:\/\/www.greenpeace.org\/nl\/tag\/den-haag\/\" rel=\"tag\">Den Haag<\/a><span class=\"wp-block-post-terms__separator\"> <\/span><a href=\"https:\/\/www.greenpeace.org\/nl\/tag\/klimaat\/\" rel=\"tag\">Klimaat<\/a><span class=\"wp-block-post-terms__separator\"> <\/span><a href=\"https:\/\/www.greenpeace.org\/nl\/tag\/klimaatakkoord\/\" rel=\"tag\">Klimaatakkoord<\/a><span class=\"wp-block-post-terms__separator\"> <\/span><a href=\"https:\/\/www.greenpeace.org\/nl\/tag\/klimaatcrisis\/\" rel=\"tag\">Klimaatcrisis<\/a><span class=\"wp-block-post-terms__separator\"> <\/span><a href=\"https:\/\/www.greenpeace.org\/nl\/tag\/politiek\/\" rel=\"tag\">Politiek<\/a><span class=\"wp-block-post-terms__separator\"> <\/span><a href=\"https:\/\/www.greenpeace.org\/nl\/tag\/bonaire-climate-justice\/\" rel=\"tag\">Bonaire<\/a><\/div><\/div>\n\n\n<h3 class=\"wp-block-post-title\"><a href=\"https:\/\/www.greenpeace.org\/nl\/klimaat-categorie\/69370\/onderzoek-klimaatpakket-minister-hermans-doet-bijna-niets-voor-klimaat\/\" target=\"_self\" >Onderzoek: Klimaatpakket minister Hermans doet bijna niets voor klimaat\u00a0<\/a><\/h3>\n\n<div class=\"wp-block-post-excerpt\"><p class=\"wp-block-post-excerpt__excerpt\">03 juni 2025, Amsterdam &#8211; Het klimaatpakket van minister Hermans levert slechts een derde van de beloofde CO2 reductie op. Dat blijkt uit onderzoek van Kalavasta, in opdracht van Greenpeace&hellip; <\/p><\/div>\n\n\n<div class=\"wp-block-group posts-list-meta is-layout-flow wp-block-group-is-layout-flow\"><span class='article-list-item-author'><a href='https:\/\/www.greenpeace.org\/nl\/author\/laura\/'>Laura Polderman<\/a><\/span>\n\n<div class=\"wp-block-post-date\"><time datetime=\"2025-06-03T00:01:00+02:00\">3 juni 2025<\/time><\/div><\/div>\n<\/div>\n<\/div>\n\n<\/li><li class=\"wp-block-post post-69231 post type-post status-publish format-standard has-post-thumbnail hentry category-klimaat-categorie p4-page-type-pers\">\n\n<div class=\"wp-block-columns is-layout-flex wp-container-core-columns-is-layout-9d6595d7 wp-block-columns-is-layout-flex\"><figure class=\"wp-block-post-featured-image\"><a href=\"https:\/\/www.greenpeace.org\/nl\/klimaat-categorie\/69231\/eisers-klimaatzaak-confronteren-schoof-bij-slavenhutjes-tijdens-bezoek-bonaire\/\" target=\"_self\"  ><img loading=\"lazy\" decoding=\"async\" width=\"2500\" height=\"1537\" src=\"https:\/\/www.greenpeace.org\/static\/planet4-netherlands-stateless\/2025\/05\/7cc5851f-gp0su5f5w_pressmedia-2500px.jpg\" class=\"attachment-post-thumbnail size-post-thumbnail wp-post-image wp-stateless-item\" alt=\"Eisers Klimaatzaak confronteren Schoof bij slavenhutjes tijdens bezoek Bonaire\" style=\"object-fit:cover;\" srcset=\"https:\/\/www.greenpeace.org\/static\/planet4-netherlands-stateless\/2025\/05\/7cc5851f-gp0su5f5w_pressmedia-2500px.jpg 2500w, https:\/\/www.greenpeace.org\/static\/planet4-netherlands-stateless\/2025\/05\/7cc5851f-gp0su5f5w_pressmedia-2500px-300x184.jpg 300w, https:\/\/www.greenpeace.org\/static\/planet4-netherlands-stateless\/2025\/05\/7cc5851f-gp0su5f5w_pressmedia-2500px-1024x630.jpg 1024w, https:\/\/www.greenpeace.org\/static\/planet4-netherlands-stateless\/2025\/05\/7cc5851f-gp0su5f5w_pressmedia-2500px-768x472.jpg 768w, https:\/\/www.greenpeace.org\/static\/planet4-netherlands-stateless\/2025\/05\/7cc5851f-gp0su5f5w_pressmedia-2500px-1536x944.jpg 1536w, https:\/\/www.greenpeace.org\/static\/planet4-netherlands-stateless\/2025\/05\/7cc5851f-gp0su5f5w_pressmedia-2500px-2048x1259.jpg 2048w, https:\/\/www.greenpeace.org\/static\/planet4-netherlands-stateless\/2025\/05\/7cc5851f-gp0su5f5w_pressmedia-2500px-510x314.jpg 510w\" sizes=\"auto, (max-width: 2500px) 100vw, 2500px\" data-image-size=\"post-thumbnail\" data-stateless-media-bucket=\"planet4-netherlands-stateless\" data-stateless-media-name=\"2025\/05\/7cc5851f-gp0su5f5w_pressmedia-2500px.jpg\" \/><\/a><\/figure>\n\n\n<div class=\"wp-block-group is-layout-flow wp-block-group-is-layout-flow\">\n<div class=\"wp-block-group is-layout-flex wp-block-group-is-layout-flex\"><div class=\"wp-block-post-terms\"><a href=\"https:\/\/www.greenpeace.org\/nl\/category\/klimaat-categorie\/\">Klimaat<\/a><\/div>\n\n<\/div>\n\n\n<h3 class=\"wp-block-post-title\"><a href=\"https:\/\/www.greenpeace.org\/nl\/klimaat-categorie\/69231\/eisers-klimaatzaak-confronteren-schoof-bij-slavenhutjes-tijdens-bezoek-bonaire\/\" target=\"_self\" >Eisers Klimaatzaak confronteren Schoof bij slavenhutjes tijdens bezoek Bonaire<\/a><\/h3>\n\n<div class=\"wp-block-post-excerpt\"><p class=\"wp-block-post-excerpt__excerpt\">Eisers Klimaatzaak confronteren Schoof bij slavenhutjes tijdens bezoek Bonaire <\/p><\/div>\n\n\n<div class=\"wp-block-group posts-list-meta is-layout-flow wp-block-group-is-layout-flow\"><span class='article-list-item-author'><a href='https:\/\/www.greenpeace.org\/nl\/author\/gpnetherlands\/'>Greenpeace Nederland<\/a><\/span>\n\n<div class=\"wp-block-post-date\"><time datetime=\"2025-05-10T16:17:40+02:00\">10 mei 2025<\/time><\/div><\/div>\n<\/div>\n<\/div>\n\n<\/li><li class=\"wp-block-post post-69233 post type-post status-publish format-standard has-post-thumbnail hentry category-klimaat-categorie p4-page-type-pers\">\n\n<div class=\"wp-block-columns is-layout-flex wp-container-core-columns-is-layout-9d6595d7 wp-block-columns-is-layout-flex\"><figure class=\"wp-block-post-featured-image\"><a href=\"https:\/\/www.greenpeace.org\/nl\/klimaat-categorie\/69233\/demandantenan-di-kaso-di-klima-ta-konfronta-schoof-na-e-kasnan-di-katibu-durante-bishita-na-boneiru\/\" target=\"_self\"  ><img loading=\"lazy\" decoding=\"async\" width=\"2500\" height=\"1537\" src=\"https:\/\/www.greenpeace.org\/static\/planet4-netherlands-stateless\/2025\/05\/7cc5851f-gp0su5f5w_pressmedia-2500px.jpg\" class=\"attachment-post-thumbnail size-post-thumbnail wp-post-image wp-stateless-item\" alt=\"Demandantenan di Kaso di Klima ta konfront\u00e1 Schoof na e kasnan di katibu durante bishita na Boneiru\" style=\"object-fit:cover;\" srcset=\"https:\/\/www.greenpeace.org\/static\/planet4-netherlands-stateless\/2025\/05\/7cc5851f-gp0su5f5w_pressmedia-2500px.jpg 2500w, https:\/\/www.greenpeace.org\/static\/planet4-netherlands-stateless\/2025\/05\/7cc5851f-gp0su5f5w_pressmedia-2500px-300x184.jpg 300w, https:\/\/www.greenpeace.org\/static\/planet4-netherlands-stateless\/2025\/05\/7cc5851f-gp0su5f5w_pressmedia-2500px-1024x630.jpg 1024w, https:\/\/www.greenpeace.org\/static\/planet4-netherlands-stateless\/2025\/05\/7cc5851f-gp0su5f5w_pressmedia-2500px-768x472.jpg 768w, https:\/\/www.greenpeace.org\/static\/planet4-netherlands-stateless\/2025\/05\/7cc5851f-gp0su5f5w_pressmedia-2500px-1536x944.jpg 1536w, https:\/\/www.greenpeace.org\/static\/planet4-netherlands-stateless\/2025\/05\/7cc5851f-gp0su5f5w_pressmedia-2500px-2048x1259.jpg 2048w, https:\/\/www.greenpeace.org\/static\/planet4-netherlands-stateless\/2025\/05\/7cc5851f-gp0su5f5w_pressmedia-2500px-510x314.jpg 510w\" sizes=\"auto, (max-width: 2500px) 100vw, 2500px\" data-image-size=\"post-thumbnail\" data-stateless-media-bucket=\"planet4-netherlands-stateless\" data-stateless-media-name=\"2025\/05\/7cc5851f-gp0su5f5w_pressmedia-2500px.jpg\" \/><\/a><\/figure>\n\n\n<div class=\"wp-block-group is-layout-flow wp-block-group-is-layout-flow\">\n<div class=\"wp-block-group is-layout-flex wp-block-group-is-layout-flex\"><div class=\"wp-block-post-terms\"><a href=\"https:\/\/www.greenpeace.org\/nl\/category\/klimaat-categorie\/\">Klimaat<\/a><\/div>\n\n<\/div>\n\n\n<h3 class=\"wp-block-post-title\"><a href=\"https:\/\/www.greenpeace.org\/nl\/klimaat-categorie\/69233\/demandantenan-di-kaso-di-klima-ta-konfronta-schoof-na-e-kasnan-di-katibu-durante-bishita-na-boneiru\/\" target=\"_self\" >Demandantenan di Kaso di Klima ta konfront\u00e1 Schoof na e kasnan di katibu durante bishita na Boneiru<\/a><\/h3>\n\n<div class=\"wp-block-post-excerpt\"><p class=\"wp-block-post-excerpt__excerpt\">10 di mei 2025, Kralendijk &#8211; Durante Prom\u00e9 Minister Dick Schoof su bishita di introdukshon na Boneiru, demandantenan den e Kaso di Klima di Boneiru a bai para warda riba&hellip; <\/p><\/div>\n\n\n<div class=\"wp-block-group posts-list-meta is-layout-flow wp-block-group-is-layout-flow\"><span class='article-list-item-author'><a href='https:\/\/www.greenpeace.org\/nl\/author\/gpnetherlands\/'>Greenpeace Nederland<\/a><\/span>\n\n<div class=\"wp-block-post-date\"><time datetime=\"2025-05-10T16:15:46+02:00\">10 mei 2025<\/time><\/div><\/div>\n<\/div>\n<\/div>\n\n<\/li><li class=\"wp-block-post post-69025 post type-post status-publish format-standard has-post-thumbnail hentry category-algemeen p4-page-type-pers\">\n\n<div class=\"wp-block-columns is-layout-flex wp-container-core-columns-is-layout-9d6595d7 wp-block-columns-is-layout-flex\"><figure class=\"wp-block-post-featured-image\"><a href=\"https:\/\/www.greenpeace.org\/nl\/algemeen\/69025\/greenpeace-waarschuwt-kabinet-voor-consequenties-van-uitblijven-klimaatbeleid\/\" target=\"_self\"  ><img loading=\"lazy\" decoding=\"async\" width=\"2500\" height=\"1667\" src=\"https:\/\/www.greenpeace.org\/static\/planet4-netherlands-stateless\/2025\/04\/ae72c228-gp0su59p1_pressmedia-2500px.jpg\" class=\"attachment-post-thumbnail size-post-thumbnail wp-post-image wp-stateless-item\" alt=\"Greenpeace waarschuwt kabinet voor consequenties van uitblijven klimaatbeleid\" style=\"object-fit:cover;\" srcset=\"https:\/\/www.greenpeace.org\/static\/planet4-netherlands-stateless\/2025\/04\/ae72c228-gp0su59p1_pressmedia-2500px.jpg 2500w, https:\/\/www.greenpeace.org\/static\/planet4-netherlands-stateless\/2025\/04\/ae72c228-gp0su59p1_pressmedia-2500px-300x200.jpg 300w, https:\/\/www.greenpeace.org\/static\/planet4-netherlands-stateless\/2025\/04\/ae72c228-gp0su59p1_pressmedia-2500px-1024x683.jpg 1024w, https:\/\/www.greenpeace.org\/static\/planet4-netherlands-stateless\/2025\/04\/ae72c228-gp0su59p1_pressmedia-2500px-768x512.jpg 768w, https:\/\/www.greenpeace.org\/static\/planet4-netherlands-stateless\/2025\/04\/ae72c228-gp0su59p1_pressmedia-2500px-1536x1024.jpg 1536w, https:\/\/www.greenpeace.org\/static\/planet4-netherlands-stateless\/2025\/04\/ae72c228-gp0su59p1_pressmedia-2500px-2048x1366.jpg 2048w, https:\/\/www.greenpeace.org\/static\/planet4-netherlands-stateless\/2025\/04\/ae72c228-gp0su59p1_pressmedia-2500px-510x340.jpg 510w\" sizes=\"auto, (max-width: 2500px) 100vw, 2500px\" data-image-size=\"post-thumbnail\" data-stateless-media-bucket=\"planet4-netherlands-stateless\" data-stateless-media-name=\"2025\/04\/ae72c228-gp0su59p1_pressmedia-2500px.jpg\" \/><\/a><\/figure>\n\n\n<div class=\"wp-block-group is-layout-flow wp-block-group-is-layout-flow\">\n<div class=\"wp-block-group is-layout-flex wp-block-group-is-layout-flex\"><div class=\"wp-block-post-terms\"><a href=\"https:\/\/www.greenpeace.org\/nl\/category\/algemeen\/\">Algemeen<\/a><\/div>\n\n<\/div>\n\n\n<h3 class=\"wp-block-post-title\"><a href=\"https:\/\/www.greenpeace.org\/nl\/algemeen\/69025\/greenpeace-waarschuwt-kabinet-voor-consequenties-van-uitblijven-klimaatbeleid\/\" target=\"_self\" >Greenpeace waarschuwt kabinet voor consequenties van uitblijven klimaatbeleid<\/a><\/h3>\n\n<div class=\"wp-block-post-excerpt\"><p class=\"wp-block-post-excerpt__excerpt\">Actievoerders protesteren met \u2018See you in court\u2019 spandoek bij start ministerraad <\/p><\/div>\n\n\n<div class=\"wp-block-group posts-list-meta is-layout-flow wp-block-group-is-layout-flow\"><span class='article-list-item-author'><a href='https:\/\/www.greenpeace.org\/nl\/author\/bkarst\/'>Bram Karst<\/a><\/span>\n\n<div class=\"wp-block-post-date\"><time datetime=\"2025-04-25T14:13:38+02:00\">25 april 2025<\/time><\/div><\/div>\n<\/div>\n<\/div>\n\n<\/li><li class=\"wp-block-post post-68983 post type-post status-publish format-standard has-post-thumbnail hentry category-plastic-categorie category-over-greenpeace tag-consumptie tag-plastic tag-rainbowwarrior p4-page-type-pers\">\n\n<div class=\"wp-block-columns is-layout-flex wp-container-core-columns-is-layout-9d6595d7 wp-block-columns-is-layout-flex\"><figure class=\"wp-block-post-featured-image\"><a href=\"https:\/\/www.greenpeace.org\/nl\/plastic-categorie\/68983\/greenpeace-activisten-meer-dan-vier-maanden-vast-in-zuid-korea-door-spandoek-voor-plastic-verdrag\/\" target=\"_self\"  ><img loading=\"lazy\" decoding=\"async\" width=\"800\" height=\"519\" src=\"https:\/\/www.greenpeace.org\/static\/planet4-netherlands-stateless\/2025\/04\/747b915e-gp0su58i0_low-res-with-credit-line-800px.jpg\" class=\"attachment-post-thumbnail size-post-thumbnail wp-post-image wp-stateless-item\" alt=\"Greenpeace activisten meer dan vier maanden vast in Zuid Korea door spandoek voor plastic verdrag\" style=\"object-fit:cover;\" srcset=\"https:\/\/www.greenpeace.org\/static\/planet4-netherlands-stateless\/2025\/04\/747b915e-gp0su58i0_low-res-with-credit-line-800px.jpg 800w, https:\/\/www.greenpeace.org\/static\/planet4-netherlands-stateless\/2025\/04\/747b915e-gp0su58i0_low-res-with-credit-line-800px-300x195.jpg 300w, https:\/\/www.greenpeace.org\/static\/planet4-netherlands-stateless\/2025\/04\/747b915e-gp0su58i0_low-res-with-credit-line-800px-768x498.jpg 768w, https:\/\/www.greenpeace.org\/static\/planet4-netherlands-stateless\/2025\/04\/747b915e-gp0su58i0_low-res-with-credit-line-800px-510x331.jpg 510w\" sizes=\"auto, (max-width: 800px) 100vw, 800px\" data-image-size=\"post-thumbnail\" data-stateless-media-bucket=\"planet4-netherlands-stateless\" data-stateless-media-name=\"2025\/04\/747b915e-gp0su58i0_low-res-with-credit-line-800px.jpg\" \/><\/a><\/figure>\n\n\n<div class=\"wp-block-group is-layout-flow wp-block-group-is-layout-flow\">\n<div class=\"wp-block-group is-layout-flex wp-block-group-is-layout-flex\"><div class=\"wp-block-post-terms\"><a href=\"https:\/\/www.greenpeace.org\/nl\/category\/plastic-categorie\/\">Plastic<\/a><\/div>\n\n<div class=\"taxonomy-post_tag wp-block-post-terms\"><a href=\"https:\/\/www.greenpeace.org\/nl\/tag\/consumptie\/\" rel=\"tag\">Consumptie<\/a><span class=\"wp-block-post-terms__separator\"> <\/span><a href=\"https:\/\/www.greenpeace.org\/nl\/tag\/plastic\/\" rel=\"tag\">Plastic<\/a><span class=\"wp-block-post-terms__separator\"> <\/span><a href=\"https:\/\/www.greenpeace.org\/nl\/tag\/rainbowwarrior\/\" rel=\"tag\">RainbowWarrior<\/a><\/div><\/div>\n\n\n<h3 class=\"wp-block-post-title\"><a href=\"https:\/\/www.greenpeace.org\/nl\/plastic-categorie\/68983\/greenpeace-activisten-meer-dan-vier-maanden-vast-in-zuid-korea-door-spandoek-voor-plastic-verdrag\/\" target=\"_self\" >Greenpeace activisten meer dan vier maanden vast in Zuid Korea door spandoek voor plastic verdrag<\/a><\/h3>\n\n<div class=\"wp-block-post-excerpt\"><p class=\"wp-block-post-excerpt__excerpt\">Nederlandse Greenpeace kapitein Hettie mag al maanden Zuid Korea niet uit <\/p><\/div>\n\n\n<div class=\"wp-block-group posts-list-meta is-layout-flow wp-block-group-is-layout-flow\"><span class='article-list-item-author'><a href='https:\/\/www.greenpeace.org\/nl\/author\/awensinggreenpeace-org\/'>Anneke Wensing<\/a><\/span>\n\n<div class=\"wp-block-post-date\"><time datetime=\"2025-04-23T14:29:40+02:00\">23 april 2025<\/time><\/div><\/div>\n<\/div>\n<\/div>\n\n<\/li><li class=\"wp-block-post post-68944 post type-post status-publish format-standard has-post-thumbnail hentry category-klimaat-categorie tag-klimaat tag-stikstof p4-page-type-pers\">\n\n<div class=\"wp-block-columns is-layout-flex wp-container-core-columns-is-layout-9d6595d7 wp-block-columns-is-layout-flex\"><figure class=\"wp-block-post-featured-image\"><a href=\"https:\/\/www.greenpeace.org\/nl\/klimaat-categorie\/68944\/reactie-greenpeace-op-akkoord-voorjaarsnota\/\" target=\"_self\"  ><img loading=\"lazy\" decoding=\"async\" width=\"1904\" height=\"1340\" src=\"https:\/\/www.greenpeace.org\/static\/planet4-netherlands-stateless\/2025\/01\/af057567-natuurzaak-foto.jpg\" class=\"attachment-post-thumbnail size-post-thumbnail wp-post-image wp-stateless-item\" alt=\"Reactie Greenpeace op akkoord voorjaarsnota\" style=\"object-fit:cover;\" srcset=\"https:\/\/www.greenpeace.org\/static\/planet4-netherlands-stateless\/2025\/01\/af057567-natuurzaak-foto.jpg 1904w, https:\/\/www.greenpeace.org\/static\/planet4-netherlands-stateless\/2025\/01\/af057567-natuurzaak-foto-300x211.jpg 300w, https:\/\/www.greenpeace.org\/static\/planet4-netherlands-stateless\/2025\/01\/af057567-natuurzaak-foto-1024x721.jpg 1024w, https:\/\/www.greenpeace.org\/static\/planet4-netherlands-stateless\/2025\/01\/af057567-natuurzaak-foto-768x541.jpg 768w, https:\/\/www.greenpeace.org\/static\/planet4-netherlands-stateless\/2025\/01\/af057567-natuurzaak-foto-1536x1081.jpg 1536w, https:\/\/www.greenpeace.org\/static\/planet4-netherlands-stateless\/2025\/01\/af057567-natuurzaak-foto-483x340.jpg 483w\" sizes=\"auto, (max-width: 1904px) 100vw, 1904px\" data-image-size=\"post-thumbnail\" data-stateless-media-bucket=\"planet4-netherlands-stateless\" data-stateless-media-name=\"2025\/01\/af057567-natuurzaak-foto.jpg\" \/><\/a><\/figure>\n\n\n<div class=\"wp-block-group is-layout-flow wp-block-group-is-layout-flow\">\n<div class=\"wp-block-group is-layout-flex wp-block-group-is-layout-flex\"><div class=\"wp-block-post-terms\"><a href=\"https:\/\/www.greenpeace.org\/nl\/category\/klimaat-categorie\/\">Klimaat<\/a><\/div>\n\n<div class=\"taxonomy-post_tag wp-block-post-terms\"><a href=\"https:\/\/www.greenpeace.org\/nl\/tag\/klimaat\/\" rel=\"tag\">Klimaat<\/a><span class=\"wp-block-post-terms__separator\"> <\/span><a href=\"https:\/\/www.greenpeace.org\/nl\/tag\/stikstof\/\" rel=\"tag\">Stikstof<\/a><\/div><\/div>\n\n\n<h3 class=\"wp-block-post-title\"><a href=\"https:\/\/www.greenpeace.org\/nl\/klimaat-categorie\/68944\/reactie-greenpeace-op-akkoord-voorjaarsnota\/\" target=\"_self\" >Reactie Greenpeace op akkoord voorjaarsnota<\/a><\/h3>\n\n<div class=\"wp-block-post-excerpt\"><p class=\"wp-block-post-excerpt__excerpt\">Er is een akkoord bereikt over de voorjaarsnota. Hierin worden klimaat en stikstof niet meegenomen, dit wordt vooruitgeschoven naar augustus. <\/p><\/div>\n\n\n<div class=\"wp-block-group posts-list-meta is-layout-flow wp-block-group-is-layout-flow\"><span class='article-list-item-author'><a href='https:\/\/www.greenpeace.org\/nl\/author\/laura\/'>Laura Polderman<\/a><\/span>\n\n<div class=\"wp-block-post-date\"><time datetime=\"2025-04-16T14:19:46+02:00\">16 april 2025<\/time><\/div><\/div>\n<\/div>\n<\/div>\n\n<\/li><li class=\"wp-block-post post-68923 post type-post status-publish format-standard has-post-thumbnail hentry category-klimaat-categorie tag-bosbranden tag-stikstof tag-politiek tag-klimaat-energie tag-klimaatcrisis p4-page-type-pers\">\n\n<div class=\"wp-block-columns is-layout-flex wp-container-core-columns-is-layout-9d6595d7 wp-block-columns-is-layout-flex\"><figure class=\"wp-block-post-featured-image\"><a href=\"https:\/\/www.greenpeace.org\/nl\/klimaat-categorie\/68923\/dit-kabinet-koerst-met-130km-u-op-de-klimaatcrisis-af\/\" target=\"_self\"  ><img loading=\"lazy\" decoding=\"async\" width=\"2560\" height=\"1707\" src=\"https:\/\/www.greenpeace.org\/static\/planet4-netherlands-stateless\/2025\/04\/4bfaae91-130-in-drunen-scaled.jpg\" class=\"attachment-post-thumbnail size-post-thumbnail wp-post-image wp-stateless-item\" alt=\"\u2018Dit kabinet koerst met 130km\/u op de klimaatcrisis af\u2019\" style=\"object-fit:cover;\" srcset=\"https:\/\/www.greenpeace.org\/static\/planet4-netherlands-stateless\/2025\/04\/4bfaae91-130-in-drunen-scaled.jpg 2560w, https:\/\/www.greenpeace.org\/static\/planet4-netherlands-stateless\/2025\/04\/4bfaae91-130-in-drunen-300x200.jpg 300w, https:\/\/www.greenpeace.org\/static\/planet4-netherlands-stateless\/2025\/04\/4bfaae91-130-in-drunen-1024x683.jpg 1024w, https:\/\/www.greenpeace.org\/static\/planet4-netherlands-stateless\/2025\/04\/4bfaae91-130-in-drunen-768x512.jpg 768w, https:\/\/www.greenpeace.org\/static\/planet4-netherlands-stateless\/2025\/04\/4bfaae91-130-in-drunen-1536x1024.jpg 1536w, https:\/\/www.greenpeace.org\/static\/planet4-netherlands-stateless\/2025\/04\/4bfaae91-130-in-drunen-2048x1366.jpg 2048w, https:\/\/www.greenpeace.org\/static\/planet4-netherlands-stateless\/2025\/04\/4bfaae91-130-in-drunen-510x340.jpg 510w\" sizes=\"auto, (max-width: 2560px) 100vw, 2560px\" data-image-size=\"post-thumbnail\" data-stateless-media-bucket=\"planet4-netherlands-stateless\" data-stateless-media-name=\"2025\/04\/4bfaae91-130-in-drunen-scaled.jpg\" \/><\/a><\/figure>\n\n\n<div class=\"wp-block-group is-layout-flow wp-block-group-is-layout-flow\">\n<div class=\"wp-block-group is-layout-flex wp-block-group-is-layout-flex\"><div class=\"wp-block-post-terms\"><a href=\"https:\/\/www.greenpeace.org\/nl\/category\/klimaat-categorie\/\">Klimaat<\/a><\/div>\n\n<div class=\"taxonomy-post_tag wp-block-post-terms\"><a href=\"https:\/\/www.greenpeace.org\/nl\/tag\/bosbranden\/\" rel=\"tag\">Bosbranden<\/a><span class=\"wp-block-post-terms__separator\"> <\/span><a href=\"https:\/\/www.greenpeace.org\/nl\/tag\/stikstof\/\" rel=\"tag\">Stikstof<\/a><span class=\"wp-block-post-terms__separator\"> <\/span><a href=\"https:\/\/www.greenpeace.org\/nl\/tag\/politiek\/\" rel=\"tag\">Politiek<\/a><span class=\"wp-block-post-terms__separator\"> <\/span><a href=\"https:\/\/www.greenpeace.org\/nl\/tag\/klimaat-energie\/\" rel=\"tag\">Klimaat &amp; Energie<\/a><span class=\"wp-block-post-terms__separator\"> <\/span><a href=\"https:\/\/www.greenpeace.org\/nl\/tag\/klimaatcrisis\/\" rel=\"tag\">Klimaatcrisis<\/a><\/div><\/div>\n\n\n<h3 class=\"wp-block-post-title\"><a href=\"https:\/\/www.greenpeace.org\/nl\/klimaat-categorie\/68923\/dit-kabinet-koerst-met-130km-u-op-de-klimaatcrisis-af\/\" target=\"_self\" >\u2018Dit kabinet koerst met 130km\/u op de klimaatcrisis af\u2019<\/a><\/h3>\n\n<div class=\"wp-block-post-excerpt\"><p class=\"wp-block-post-excerpt__excerpt\">Greenpeace actievoerders verplaatsen verkeersbord naar afgebrande natuur <\/p><\/div>\n\n\n<div class=\"wp-block-group posts-list-meta is-layout-flow wp-block-group-is-layout-flow\"><span class='article-list-item-author'><a href='https:\/\/www.greenpeace.org\/nl\/author\/laura\/'>Laura Polderman<\/a><\/span>\n\n<div class=\"wp-block-post-date\"><time datetime=\"2025-04-16T06:54:38+02:00\">16 april 2025<\/time><\/div><\/div>\n<\/div>\n<\/div>\n\n<\/li><li class=\"wp-block-post post-68901 post type-post status-publish format-standard has-post-thumbnail hentry category-klimaat-categorie category-nieuws tag-brief tag-klimaat-energie tag-tata-steel p4-page-type-pers\">\n\n<div class=\"wp-block-columns is-layout-flex wp-container-core-columns-is-layout-9d6595d7 wp-block-columns-is-layout-flex\"><figure class=\"wp-block-post-featured-image\"><a href=\"https:\/\/www.greenpeace.org\/nl\/klimaat-categorie\/68901\/reactie-greenpeace-op-aanzeggingsbrief-omgevingsdienst-tata-steel-2\/\" target=\"_self\"  ><img loading=\"lazy\" decoding=\"async\" width=\"1024\" height=\"512\" src=\"https:\/\/www.greenpeace.org\/static\/planet4-netherlands-stateless\/2024\/02\/a4372327-tatasteel.jpg\" class=\"attachment-post-thumbnail size-post-thumbnail wp-post-image wp-stateless-item\" alt=\"Reactie Greenpeace op aanzeggingsbrief Omgevingsdienst Tata Steel\" style=\"object-fit:cover;\" srcset=\"https:\/\/www.greenpeace.org\/static\/planet4-netherlands-stateless\/2024\/02\/a4372327-tatasteel.jpg 1024w, https:\/\/www.greenpeace.org\/static\/planet4-netherlands-stateless\/2024\/02\/a4372327-tatasteel-300x150.jpg 300w, https:\/\/www.greenpeace.org\/static\/planet4-netherlands-stateless\/2024\/02\/a4372327-tatasteel-768x384.jpg 768w, https:\/\/www.greenpeace.org\/static\/planet4-netherlands-stateless\/2024\/02\/a4372327-tatasteel-510x255.jpg 510w\" sizes=\"auto, (max-width: 1024px) 100vw, 1024px\" data-image-size=\"post-thumbnail\" data-stateless-media-bucket=\"planet4-netherlands-stateless\" data-stateless-media-name=\"2024\/02\/a4372327-tatasteel.jpg\" \/><\/a><\/figure>\n\n\n<div class=\"wp-block-group is-layout-flow wp-block-group-is-layout-flow\">\n<div class=\"wp-block-group is-layout-flex wp-block-group-is-layout-flex\"><div class=\"wp-block-post-terms\"><a href=\"https:\/\/www.greenpeace.org\/nl\/category\/klimaat-categorie\/\">Klimaat<\/a><\/div>\n\n<div class=\"taxonomy-post_tag wp-block-post-terms\"><a href=\"https:\/\/www.greenpeace.org\/nl\/tag\/brief\/\" rel=\"tag\">Brief<\/a><span class=\"wp-block-post-terms__separator\"> <\/span><a href=\"https:\/\/www.greenpeace.org\/nl\/tag\/klimaat-energie\/\" rel=\"tag\">Klimaat &amp; Energie<\/a><span class=\"wp-block-post-terms__separator\"> <\/span><a href=\"https:\/\/www.greenpeace.org\/nl\/tag\/tata-steel\/\" rel=\"tag\">Tata Steel<\/a><\/div><\/div>\n\n\n<h3 class=\"wp-block-post-title\"><a href=\"https:\/\/www.greenpeace.org\/nl\/klimaat-categorie\/68901\/reactie-greenpeace-op-aanzeggingsbrief-omgevingsdienst-tata-steel-2\/\" target=\"_self\" >Reactie Greenpeace op aanzeggingsbrief Omgevingsdienst Tata Steel<\/a><\/h3>\n\n<div class=\"wp-block-post-excerpt\"><p class=\"wp-block-post-excerpt__excerpt\">Hieronder de brief van de Omgevingsdienst met een toelichting en quote van Andy Palmen, directeur Greenpeace Nederland. <\/p><\/div>\n\n\n<div class=\"wp-block-group posts-list-meta is-layout-flow wp-block-group-is-layout-flow\"><span class='article-list-item-author'><a href='https:\/\/www.greenpeace.org\/nl\/author\/laura\/'>Laura Polderman<\/a><\/span>\n\n<div class=\"wp-block-post-date\"><time datetime=\"2025-04-14T18:25:01+02:00\">14 april 2025<\/time><\/div><\/div>\n<\/div>\n<\/div>\n\n<\/li><li class=\"wp-block-post post-68879 post type-post status-publish format-standard has-post-thumbnail hentry category-nieuws tag-stikstof p4-page-type-pers\">\n\n<div class=\"wp-block-columns is-layout-flex wp-container-core-columns-is-layout-9d6595d7 wp-block-columns-is-layout-flex\"><figure class=\"wp-block-post-featured-image\"><a href=\"https:\/\/www.greenpeace.org\/nl\/nieuws\/68879\/reactie-greenpeace-op-aankondiging-hoger-beroep-natuurzaak\/\" target=\"_self\"  ><img loading=\"lazy\" decoding=\"async\" width=\"800\" height=\"540\" src=\"https:\/\/www.greenpeace.org\/static\/planet4-netherlands-stateless\/2025\/02\/a9da712e-gp0su3ccg_low-res-with-credit-line-800px.jpg\" class=\"attachment-post-thumbnail size-post-thumbnail wp-post-image wp-stateless-item\" alt=\"Reactie Greenpeace op aankondiging Hoger Beroep natuurzaak\" style=\"object-fit:cover;\" srcset=\"https:\/\/www.greenpeace.org\/static\/planet4-netherlands-stateless\/2025\/02\/a9da712e-gp0su3ccg_low-res-with-credit-line-800px.jpg 800w, https:\/\/www.greenpeace.org\/static\/planet4-netherlands-stateless\/2025\/02\/a9da712e-gp0su3ccg_low-res-with-credit-line-800px-300x203.jpg 300w, https:\/\/www.greenpeace.org\/static\/planet4-netherlands-stateless\/2025\/02\/a9da712e-gp0su3ccg_low-res-with-credit-line-800px-768x518.jpg 768w, https:\/\/www.greenpeace.org\/static\/planet4-netherlands-stateless\/2025\/02\/a9da712e-gp0su3ccg_low-res-with-credit-line-800px-504x340.jpg 504w\" sizes=\"auto, (max-width: 800px) 100vw, 800px\" data-image-size=\"post-thumbnail\" data-stateless-media-bucket=\"planet4-netherlands-stateless\" data-stateless-media-name=\"2025\/02\/a9da712e-gp0su3ccg_low-res-with-credit-line-800px.jpg\" \/><\/a><\/figure>\n\n\n<div class=\"wp-block-group is-layout-flow wp-block-group-is-layout-flow\">\n<div class=\"wp-block-group is-layout-flex wp-block-group-is-layout-flex\"><div class=\"wp-block-post-terms\"><a href=\"https:\/\/www.greenpeace.org\/nl\/category\/nieuws\/\">Nieuws<\/a><\/div>\n\n<div class=\"taxonomy-post_tag wp-block-post-terms\"><a href=\"https:\/\/www.greenpeace.org\/nl\/tag\/stikstof\/\" rel=\"tag\">Stikstof<\/a><\/div><\/div>\n\n\n<h3 class=\"wp-block-post-title\"><a href=\"https:\/\/www.greenpeace.org\/nl\/nieuws\/68879\/reactie-greenpeace-op-aankondiging-hoger-beroep-natuurzaak\/\" target=\"_self\" >Reactie Greenpeace op aankondiging Hoger Beroep natuurzaak<\/a><\/h3>\n\n<div class=\"wp-block-post-excerpt\"><p class=\"wp-block-post-excerpt__excerpt\">Amsterdam, 11 ap <\/p><\/div>\n\n\n<div class=\"wp-block-group posts-list-meta is-layout-flow wp-block-group-is-layout-flow\"><span class='article-list-item-author'><a href='https:\/\/www.greenpeace.org\/nl\/author\/awensinggreenpeace-org\/'>Anneke Wensing<\/a><\/span>\n\n<div class=\"wp-block-post-date\"><time datetime=\"2025-04-11T18:07:08+02:00\">11 april 2025<\/time><\/div><\/div>\n<\/div>\n<\/div>\n\n<\/li><li class=\"wp-block-post post-68523 post type-post status-publish format-standard has-post-thumbnail hentry category-oceanen-categorie tag-diepzee tag-oceanen p4-page-type-pers\">\n\n<div class=\"wp-block-columns is-layout-flex wp-container-core-columns-is-layout-9d6595d7 wp-block-columns-is-layout-flex\"><figure class=\"wp-block-post-featured-image\"><a href=\"https:\/\/www.greenpeace.org\/nl\/oceanen-categorie\/68523\/the-metals-company-probeert-diepzeemijnbouw-te-forceren-via-amerikaanse-regelgeving-uit-jaren-80\/\" target=\"_self\"  ><img loading=\"lazy\" decoding=\"async\" width=\"1200\" height=\"675\" src=\"https:\/\/www.greenpeace.org\/static\/planet4-netherlands-stateless\/2024\/12\/115cc380-gp0su2epj.jpg\" class=\"attachment-post-thumbnail size-post-thumbnail wp-post-image wp-stateless-item\" alt=\"The Metals Company probeert diepzeemijnbouw te forceren via Amerikaanse regelgeving uit jaren 80\" style=\"object-fit:cover;\" srcset=\"https:\/\/www.greenpeace.org\/static\/planet4-netherlands-stateless\/2024\/12\/115cc380-gp0su2epj.jpg 1200w, https:\/\/www.greenpeace.org\/static\/planet4-netherlands-stateless\/2024\/12\/115cc380-gp0su2epj-300x169.jpg 300w, https:\/\/www.greenpeace.org\/static\/planet4-netherlands-stateless\/2024\/12\/115cc380-gp0su2epj-1024x576.jpg 1024w, https:\/\/www.greenpeace.org\/static\/planet4-netherlands-stateless\/2024\/12\/115cc380-gp0su2epj-768x432.jpg 768w, https:\/\/www.greenpeace.org\/static\/planet4-netherlands-stateless\/2024\/12\/115cc380-gp0su2epj-510x287.jpg 510w\" sizes=\"auto, (max-width: 1200px) 100vw, 1200px\" data-image-size=\"post-thumbnail\" data-stateless-media-bucket=\"planet4-netherlands-stateless\" data-stateless-media-name=\"2024\/12\/115cc380-gp0su2epj.jpg\" \/><\/a><\/figure>\n\n\n<div class=\"wp-block-group is-layout-flow wp-block-group-is-layout-flow\">\n<div class=\"wp-block-group is-layout-flex wp-block-group-is-layout-flex\"><div class=\"wp-block-post-terms\"><a href=\"https:\/\/www.greenpeace.org\/nl\/category\/oceanen-categorie\/\">Oceanen<\/a><\/div>\n\n<div class=\"taxonomy-post_tag wp-block-post-terms\"><a href=\"https:\/\/www.greenpeace.org\/nl\/tag\/diepzee\/\" rel=\"tag\">Diepzee<\/a><span class=\"wp-block-post-terms__separator\"> <\/span><a href=\"https:\/\/www.greenpeace.org\/nl\/tag\/oceanen\/\" rel=\"tag\">Oceanen<\/a><\/div><\/div>\n\n\n<h3 class=\"wp-block-post-title\"><a href=\"https:\/\/www.greenpeace.org\/nl\/oceanen-categorie\/68523\/the-metals-company-probeert-diepzeemijnbouw-te-forceren-via-amerikaanse-regelgeving-uit-jaren-80\/\" target=\"_self\" >The Metals Company probeert diepzeemijnbouw te forceren via Amerikaanse regelgeving uit jaren 80<\/a><\/h3>\n\n<div class=\"wp-block-post-excerpt\"><p class=\"wp-block-post-excerpt__excerpt\">Kingston, Jamaica, 28 maart 2025 &#8211; The Metals Company, partner van het Nederlandse Allseas, heeft aangekondigd een diepzeemijnbouwvergunning aan te vragen onder de Amerikaanse nationale mijnbouwregelgeving uit de jaren tachtig. <\/p><\/div>\n\n\n<div class=\"wp-block-group posts-list-meta is-layout-flow wp-block-group-is-layout-flow\"><span class='article-list-item-author'><a href='https:\/\/www.greenpeace.org\/nl\/author\/awensinggreenpeace-org\/'>Anneke Wensing<\/a><\/span>\n\n<div class=\"wp-block-post-date\"><time datetime=\"2025-03-28T10:37:30+01:00\">28 maart 2025<\/time><\/div><\/div>\n<\/div>\n<\/div>\n\n<\/li><li class=\"wp-block-post post-68520 post type-post status-publish format-standard has-post-thumbnail hentry category-oceanen-categorie tag-diepzee tag-oceanen p4-page-type-pers\">\n\n<div class=\"wp-block-columns is-layout-flex wp-container-core-columns-is-layout-9d6595d7 wp-block-columns-is-layout-flex\"><figure class=\"wp-block-post-featured-image\"><a href=\"https:\/\/www.greenpeace.org\/nl\/oceanen-categorie\/68520\/diepzeemijnbouwbedrijven-eindigen-met-lege-handen-bij-internationale-onderhandelingen\/\" target=\"_self\"  ><img loading=\"lazy\" decoding=\"async\" width=\"800\" height=\"533\" src=\"https:\/\/www.greenpeace.org\/static\/planet4-netherlands-stateless\/2025\/03\/ca8d1fb8-isa_2025.jpg\" class=\"attachment-post-thumbnail size-post-thumbnail wp-post-image wp-stateless-item\" alt=\"Diepzeemijnbouwbedrijven eindigen met lege handen bij internationale onderhandelingen\" style=\"object-fit:cover;\" srcset=\"https:\/\/www.greenpeace.org\/static\/planet4-netherlands-stateless\/2025\/03\/ca8d1fb8-isa_2025.jpg 800w, https:\/\/www.greenpeace.org\/static\/planet4-netherlands-stateless\/2025\/03\/ca8d1fb8-isa_2025-300x200.jpg 300w, https:\/\/www.greenpeace.org\/static\/planet4-netherlands-stateless\/2025\/03\/ca8d1fb8-isa_2025-768x512.jpg 768w, https:\/\/www.greenpeace.org\/static\/planet4-netherlands-stateless\/2025\/03\/ca8d1fb8-isa_2025-510x340.jpg 510w\" sizes=\"auto, (max-width: 800px) 100vw, 800px\" data-image-size=\"post-thumbnail\" data-stateless-media-bucket=\"planet4-netherlands-stateless\" data-stateless-media-name=\"2025\/03\/ca8d1fb8-isa_2025.jpg\" \/><\/a><\/figure>\n\n\n<div class=\"wp-block-group is-layout-flow wp-block-group-is-layout-flow\">\n<div class=\"wp-block-group is-layout-flex wp-block-group-is-layout-flex\"><div class=\"wp-block-post-terms\"><a href=\"https:\/\/www.greenpeace.org\/nl\/category\/oceanen-categorie\/\">Oceanen<\/a><\/div>\n\n<div class=\"taxonomy-post_tag wp-block-post-terms\"><a href=\"https:\/\/www.greenpeace.org\/nl\/tag\/diepzee\/\" rel=\"tag\">Diepzee<\/a><span class=\"wp-block-post-terms__separator\"> <\/span><a href=\"https:\/\/www.greenpeace.org\/nl\/tag\/oceanen\/\" rel=\"tag\">Oceanen<\/a><\/div><\/div>\n\n\n<h3 class=\"wp-block-post-title\"><a href=\"https:\/\/www.greenpeace.org\/nl\/oceanen-categorie\/68520\/diepzeemijnbouwbedrijven-eindigen-met-lege-handen-bij-internationale-onderhandelingen\/\" target=\"_self\" >Diepzeemijnbouwbedrijven eindigen met lege handen bij internationale onderhandelingen<\/a><\/h3>\n\n<div class=\"wp-block-post-excerpt\"><p class=\"wp-block-post-excerpt__excerpt\">Kingston, Jamaica, 27 maart 2025 &#8211;&nbsp;De eerste onderhandelingsronde van dit jaar over diepzeemijnbouw, bij de International Seabed Authority (ISA) in Jamaica, loopt morgen ten einde. The Metals Company, partner van&hellip; <\/p><\/div>\n\n\n<div class=\"wp-block-group posts-list-meta is-layout-flow wp-block-group-is-layout-flow\"><span class='article-list-item-author'><a href='https:\/\/www.greenpeace.org\/nl\/author\/awensinggreenpeace-org\/'>Anneke Wensing<\/a><\/span>\n\n<div class=\"wp-block-post-date\"><time datetime=\"2025-03-27T16:07:00+01:00\">27 maart 2025<\/time><\/div><\/div>\n<\/div>\n<\/div>\n\n<\/li><li class=\"wp-block-post post-68375 post type-post status-publish format-standard has-post-thumbnail hentry category-over-greenpeace tag-olie tag-klimaatcrisis tag-klimaat-energie tag-slapp p4-page-type-pers\">\n\n<div class=\"wp-block-columns is-layout-flex wp-container-core-columns-is-layout-9d6595d7 wp-block-columns-is-layout-flex\"><figure class=\"wp-block-post-featured-image\"><a href=\"https:\/\/www.greenpeace.org\/nl\/over-greenpeace\/68375\/jury-delivers-verdict-finding-greenpeace-entities-liable-for-more-than-us660-million-in-energy-transfer-slapp-trial\/\" target=\"_self\"  ><img loading=\"lazy\" decoding=\"async\" width=\"2500\" height=\"1667\" src=\"https:\/\/www.greenpeace.org\/static\/planet4-netherlands-stateless\/2025\/03\/f1f6d2fa-gp0su4u8a_pressmedia-2500px.jpg\" class=\"attachment-post-thumbnail size-post-thumbnail wp-post-image wp-stateless-item\" alt=\"Jury delivers verdict finding Greenpeace entities liable for more than US$660 million in Energy Transfer SLAPP trial\" style=\"object-fit:cover;\" srcset=\"https:\/\/www.greenpeace.org\/static\/planet4-netherlands-stateless\/2025\/03\/f1f6d2fa-gp0su4u8a_pressmedia-2500px.jpg 2500w, https:\/\/www.greenpeace.org\/static\/planet4-netherlands-stateless\/2025\/03\/f1f6d2fa-gp0su4u8a_pressmedia-2500px-300x200.jpg 300w, https:\/\/www.greenpeace.org\/static\/planet4-netherlands-stateless\/2025\/03\/f1f6d2fa-gp0su4u8a_pressmedia-2500px-1024x683.jpg 1024w, https:\/\/www.greenpeace.org\/static\/planet4-netherlands-stateless\/2025\/03\/f1f6d2fa-gp0su4u8a_pressmedia-2500px-768x512.jpg 768w, https:\/\/www.greenpeace.org\/static\/planet4-netherlands-stateless\/2025\/03\/f1f6d2fa-gp0su4u8a_pressmedia-2500px-1536x1024.jpg 1536w, https:\/\/www.greenpeace.org\/static\/planet4-netherlands-stateless\/2025\/03\/f1f6d2fa-gp0su4u8a_pressmedia-2500px-2048x1366.jpg 2048w, https:\/\/www.greenpeace.org\/static\/planet4-netherlands-stateless\/2025\/03\/f1f6d2fa-gp0su4u8a_pressmedia-2500px-510x340.jpg 510w\" sizes=\"auto, (max-width: 2500px) 100vw, 2500px\" data-image-size=\"post-thumbnail\" data-stateless-media-bucket=\"planet4-netherlands-stateless\" data-stateless-media-name=\"2025\/03\/f1f6d2fa-gp0su4u8a_pressmedia-2500px.jpg\" \/><\/a><\/figure>\n\n\n<div class=\"wp-block-group is-layout-flow wp-block-group-is-layout-flow\">\n<div class=\"wp-block-group is-layout-flex wp-block-group-is-layout-flex\"><div class=\"wp-block-post-terms\"><a href=\"https:\/\/www.greenpeace.org\/nl\/category\/over-greenpeace\/\">Over Greenpeace<\/a><\/div>\n\n<div class=\"taxonomy-post_tag wp-block-post-terms\"><a href=\"https:\/\/www.greenpeace.org\/nl\/tag\/olie\/\" rel=\"tag\">Olie<\/a><span class=\"wp-block-post-terms__separator\"> <\/span><a href=\"https:\/\/www.greenpeace.org\/nl\/tag\/klimaatcrisis\/\" rel=\"tag\">Klimaatcrisis<\/a><span class=\"wp-block-post-terms__separator\"> <\/span><a href=\"https:\/\/www.greenpeace.org\/nl\/tag\/klimaat-energie\/\" rel=\"tag\">Klimaat &amp; Energie<\/a><span class=\"wp-block-post-terms__separator\"> <\/span><a href=\"https:\/\/www.greenpeace.org\/nl\/tag\/slapp\/\" rel=\"tag\">SLAPP<\/a><\/div><\/div>\n\n\n<h3 class=\"wp-block-post-title\"><a href=\"https:\/\/www.greenpeace.org\/nl\/over-greenpeace\/68375\/jury-delivers-verdict-finding-greenpeace-entities-liable-for-more-than-us660-million-in-energy-transfer-slapp-trial\/\" target=\"_self\" >Jury delivers verdict finding Greenpeace entities liable for more than US$660 million in Energy Transfer SLAPP trial<\/a><\/h3>\n\n<div class=\"wp-block-post-excerpt\"><p class=\"wp-block-post-excerpt__excerpt\">Free speech and right to protest on the line in the United States&nbsp; <\/p><\/div>\n\n\n<div class=\"wp-block-group posts-list-meta is-layout-flow wp-block-group-is-layout-flow\"><span class='article-list-item-author'><a href='https:\/\/www.greenpeace.org\/nl\/author\/laura\/'>Laura Polderman<\/a><\/span>\n\n<div class=\"wp-block-post-date\"><time datetime=\"2025-03-20T00:24:37+01:00\">20 maart 2025<\/time><\/div><\/div>\n<\/div>\n<\/div>\n\n<\/li><li class=\"wp-block-post post-68239 post type-post status-publish format-standard has-post-thumbnail hentry category-algemeen p4-page-type-pers\">\n\n<div class=\"wp-block-columns is-layout-flex wp-container-core-columns-is-layout-9d6595d7 wp-block-columns-is-layout-flex\"><figure class=\"wp-block-post-featured-image\"><a href=\"https:\/\/www.greenpeace.org\/nl\/algemeen\/68239\/onderzoek-ce-delft-klm-vlucht-naar-buenos-aires-is-meest-vervuilende-reis\/\" target=\"_self\"  ><img loading=\"lazy\" decoding=\"async\" width=\"800\" height=\"534\" src=\"https:\/\/www.greenpeace.org\/static\/planet4-netherlands-stateless\/2025\/02\/9c73dd23-gp0su2rh3_low-res-with-credit-line-800px.jpg\" class=\"attachment-post-thumbnail size-post-thumbnail wp-post-image wp-stateless-item\" alt=\"Onderzoek CE Delft: KLM-vlucht naar Buenos Aires is meest vervuilende reis\" style=\"object-fit:cover;\" srcset=\"https:\/\/www.greenpeace.org\/static\/planet4-netherlands-stateless\/2025\/02\/9c73dd23-gp0su2rh3_low-res-with-credit-line-800px.jpg 800w, https:\/\/www.greenpeace.org\/static\/planet4-netherlands-stateless\/2025\/02\/9c73dd23-gp0su2rh3_low-res-with-credit-line-800px-300x200.jpg 300w, https:\/\/www.greenpeace.org\/static\/planet4-netherlands-stateless\/2025\/02\/9c73dd23-gp0su2rh3_low-res-with-credit-line-800px-768x513.jpg 768w, https:\/\/www.greenpeace.org\/static\/planet4-netherlands-stateless\/2025\/02\/9c73dd23-gp0su2rh3_low-res-with-credit-line-800px-510x340.jpg 510w\" sizes=\"auto, (max-width: 800px) 100vw, 800px\" data-image-size=\"post-thumbnail\" data-stateless-media-bucket=\"planet4-netherlands-stateless\" data-stateless-media-name=\"2025\/02\/9c73dd23-gp0su2rh3_low-res-with-credit-line-800px.jpg\" \/><\/a><\/figure>\n\n\n<div class=\"wp-block-group is-layout-flow wp-block-group-is-layout-flow\">\n<div class=\"wp-block-group is-layout-flex wp-block-group-is-layout-flex\"><div class=\"wp-block-post-terms\"><a href=\"https:\/\/www.greenpeace.org\/nl\/category\/algemeen\/\">Algemeen<\/a><\/div>\n\n<\/div>\n\n\n<h3 class=\"wp-block-post-title\"><a href=\"https:\/\/www.greenpeace.org\/nl\/algemeen\/68239\/onderzoek-ce-delft-klm-vlucht-naar-buenos-aires-is-meest-vervuilende-reis\/\" target=\"_self\" >Onderzoek CE Delft: KLM-vlucht naar Buenos Aires is meest vervuilende reis<\/a><\/h3>\n\n<div class=\"wp-block-post-excerpt\"><p class=\"wp-block-post-excerpt__excerpt\">Greenpeace roept KLM op om vluchten te schrappen, te beginnen bij de ultrakorte <\/p><\/div>\n\n\n<div class=\"wp-block-group posts-list-meta is-layout-flow wp-block-group-is-layout-flow\"><span class='article-list-item-author'><a href='https:\/\/www.greenpeace.org\/nl\/author\/bkarst\/'>Bram Karst<\/a><\/span>\n\n<div class=\"wp-block-post-date\"><time datetime=\"2025-03-14T00:01:00+01:00\">14 maart 2025<\/time><\/div><\/div>\n<\/div>\n<\/div>\n\n<\/li><li class=\"wp-block-post post-67802 post type-post status-publish format-standard has-post-thumbnail hentry category-klimaat-categorie tag-klm tag-luchtvaart p4-page-type-pers\">\n\n<div class=\"wp-block-columns is-layout-flex wp-container-core-columns-is-layout-9d6595d7 wp-block-columns-is-layout-flex\"><figure class=\"wp-block-post-featured-image\"><a href=\"https:\/\/www.greenpeace.org\/nl\/klimaat-categorie\/67802\/greenpeace-voert-actie-bij-hoofdkantoor-klm-alleen-krimp-redt-deze-relatie\/\" target=\"_self\"  ><img loading=\"lazy\" decoding=\"async\" width=\"800\" height=\"533\" src=\"https:\/\/www.greenpeace.org\/static\/planet4-netherlands-stateless\/2025\/02\/a3294f76-gp0su4e02_low-res-with-credit-line-800px.jpg\" class=\"attachment-post-thumbnail size-post-thumbnail wp-post-image wp-stateless-item\" alt=\"Greenpeace voert actie bij hoofdkantoor KLM: &#8216;Alleen krimp redt deze relatie&#8217;\" style=\"object-fit:cover;\" srcset=\"https:\/\/www.greenpeace.org\/static\/planet4-netherlands-stateless\/2025\/02\/a3294f76-gp0su4e02_low-res-with-credit-line-800px.jpg 800w, https:\/\/www.greenpeace.org\/static\/planet4-netherlands-stateless\/2025\/02\/a3294f76-gp0su4e02_low-res-with-credit-line-800px-300x200.jpg 300w, https:\/\/www.greenpeace.org\/static\/planet4-netherlands-stateless\/2025\/02\/a3294f76-gp0su4e02_low-res-with-credit-line-800px-768x512.jpg 768w, https:\/\/www.greenpeace.org\/static\/planet4-netherlands-stateless\/2025\/02\/a3294f76-gp0su4e02_low-res-with-credit-line-800px-510x340.jpg 510w\" sizes=\"auto, (max-width: 800px) 100vw, 800px\" data-image-size=\"post-thumbnail\" data-stateless-media-bucket=\"planet4-netherlands-stateless\" data-stateless-media-name=\"2025\/02\/a3294f76-gp0su4e02_low-res-with-credit-line-800px.jpg\" \/><\/a><\/figure>\n\n\n<div class=\"wp-block-group is-layout-flow wp-block-group-is-layout-flow\">\n<div class=\"wp-block-group is-layout-flex wp-block-group-is-layout-flex\"><div class=\"wp-block-post-terms\"><a href=\"https:\/\/www.greenpeace.org\/nl\/category\/klimaat-categorie\/\">Klimaat<\/a><\/div>\n\n<div class=\"taxonomy-post_tag wp-block-post-terms\"><a href=\"https:\/\/www.greenpeace.org\/nl\/tag\/klm\/\" rel=\"tag\">klm<\/a><span class=\"wp-block-post-terms__separator\"> <\/span><a href=\"https:\/\/www.greenpeace.org\/nl\/tag\/luchtvaart\/\" rel=\"tag\">Luchtvaart<\/a><\/div><\/div>\n\n\n<h3 class=\"wp-block-post-title\"><a href=\"https:\/\/www.greenpeace.org\/nl\/klimaat-categorie\/67802\/greenpeace-voert-actie-bij-hoofdkantoor-klm-alleen-krimp-redt-deze-relatie\/\" target=\"_self\" >Greenpeace voert actie bij hoofdkantoor KLM: &#8216;Alleen krimp redt deze relatie&#8217;<\/a><\/h3>\n\n<div class=\"wp-block-post-excerpt\"><p class=\"wp-block-post-excerpt__excerpt\">Greenpeace voert actie bij hoofdkantoor KLM: \u201cAlleen krimp redt deze relatie\u201d <\/p><\/div>\n\n\n<div class=\"wp-block-group posts-list-meta is-layout-flow wp-block-group-is-layout-flow\"><span class='article-list-item-author'><a href='https:\/\/www.greenpeace.org\/nl\/author\/awensinggreenpeace-org\/'>Anneke Wensing<\/a><\/span>\n\n<div class=\"wp-block-post-date\"><time datetime=\"2025-02-13T10:37:39+01:00\">13 februari 2025<\/time><\/div><\/div>\n<\/div>\n<\/div>\n\n<\/li><li class=\"wp-block-post post-67702 post type-post status-publish format-standard has-post-thumbnail hentry category-eerlijke-wereld category-klimaat-categorie tag-bonaire-climate-justice tag-klimaat p4-page-type-pers\">\n\n<div class=\"wp-block-columns is-layout-flex wp-container-core-columns-is-layout-9d6595d7 wp-block-columns-is-layout-flex\"><figure class=\"wp-block-post-featured-image\"><a href=\"https:\/\/www.greenpeace.org\/nl\/klimaat-categorie\/67702\/persbericht-repliek-eunl\/\" target=\"_self\"  ><img loading=\"lazy\" decoding=\"async\" width=\"1200\" height=\"800\" src=\"https:\/\/www.greenpeace.org\/static\/planet4-netherlands-stateless\/2025\/02\/51884922-gp0su4czb_medium-res-1200px.jpg\" class=\"attachment-post-thumbnail size-post-thumbnail wp-post-image wp-stateless-item\" alt=\"Onderzoek: Nederland kan uitstoot van broeikasgassen 10 jaar eerder stoppen\" style=\"object-fit:cover;\" srcset=\"https:\/\/www.greenpeace.org\/static\/planet4-netherlands-stateless\/2025\/02\/51884922-gp0su4czb_medium-res-1200px.jpg 1200w, https:\/\/www.greenpeace.org\/static\/planet4-netherlands-stateless\/2025\/02\/51884922-gp0su4czb_medium-res-1200px-300x200.jpg 300w, https:\/\/www.greenpeace.org\/static\/planet4-netherlands-stateless\/2025\/02\/51884922-gp0su4czb_medium-res-1200px-1024x683.jpg 1024w, https:\/\/www.greenpeace.org\/static\/planet4-netherlands-stateless\/2025\/02\/51884922-gp0su4czb_medium-res-1200px-768x512.jpg 768w, https:\/\/www.greenpeace.org\/static\/planet4-netherlands-stateless\/2025\/02\/51884922-gp0su4czb_medium-res-1200px-510x340.jpg 510w\" sizes=\"auto, (max-width: 1200px) 100vw, 1200px\" data-image-size=\"post-thumbnail\" data-stateless-media-bucket=\"planet4-netherlands-stateless\" data-stateless-media-name=\"2025\/02\/51884922-gp0su4czb_medium-res-1200px.jpg\" \/><\/a><\/figure>\n\n\n<div class=\"wp-block-group is-layout-flow wp-block-group-is-layout-flow\">\n<div class=\"wp-block-group is-layout-flex wp-block-group-is-layout-flex\"><div class=\"wp-block-post-terms\"><a href=\"https:\/\/www.greenpeace.org\/nl\/category\/eerlijke-wereld\/\">Eerlijke wereld<\/a><\/div>\n\n<div class=\"taxonomy-post_tag wp-block-post-terms\"><a href=\"https:\/\/www.greenpeace.org\/nl\/tag\/bonaire-climate-justice\/\" rel=\"tag\">Bonaire<\/a><span class=\"wp-block-post-terms__separator\"> <\/span><a href=\"https:\/\/www.greenpeace.org\/nl\/tag\/klimaat\/\" rel=\"tag\">Klimaat<\/a><\/div><\/div>\n\n\n<h3 class=\"wp-block-post-title\"><a href=\"https:\/\/www.greenpeace.org\/nl\/klimaat-categorie\/67702\/persbericht-repliek-eunl\/\" target=\"_self\" >Onderzoek: Nederland kan uitstoot van broeikasgassen 10 jaar eerder stoppen<\/a><\/h3>\n\n<div class=\"wp-block-post-excerpt\"><p class=\"wp-block-post-excerpt__excerpt\">Amsterdam\/Kralendijk, 12 februari 2025 &#8211; De broeikasgasuitstoot van Nederland kan in 2040 naar nul. Dat onderbouwen Greenpeace Nederland en acht inwoners van Bonaire in hun repliek. Dat is de laatste&hellip; <\/p><\/div>\n\n\n<div class=\"wp-block-group posts-list-meta is-layout-flow wp-block-group-is-layout-flow\"><span class='article-list-item-author'><a href='https:\/\/www.greenpeace.org\/nl\/author\/gpnetherlands\/'>Greenpeace Nederland<\/a><\/span>\n\n<div class=\"wp-block-post-date\"><time datetime=\"2025-02-12T00:13:16+01:00\">12 februari 2025<\/time><\/div><\/div>\n<\/div>\n<\/div>\n\n<\/li><li class=\"wp-block-post post-67698 post type-post status-publish format-standard has-post-thumbnail hentry category-eerlijke-wereld category-klimaat-categorie tag-bonaire-climate-justice tag-eerlijke-wereld tag-klimaatcrisis tag-klimaat p4-page-type-pers\">\n\n<div class=\"wp-block-columns is-layout-flex wp-container-core-columns-is-layout-9d6595d7 wp-block-columns-is-layout-flex\"><figure class=\"wp-block-post-featured-image\"><a href=\"https:\/\/www.greenpeace.org\/nl\/klimaat-categorie\/67698\/kasodiklima-di-boneiru-prueba-nobo\/\" target=\"_self\"  ><img loading=\"lazy\" decoding=\"async\" width=\"1200\" height=\"800\" src=\"https:\/\/www.greenpeace.org\/static\/planet4-netherlands-stateless\/2025\/02\/39dbe731-gp0su4d1j_medium-res-1200px.jpg\" class=\"attachment-post-thumbnail size-post-thumbnail wp-post-image wp-stateless-item\" alt=\"Kaso di Klima di Boneiru: Greenpeace ta entreg\u00e1 prueba nobo na korte di Den Haag\" style=\"object-fit:cover;\" srcset=\"https:\/\/www.greenpeace.org\/static\/planet4-netherlands-stateless\/2025\/02\/39dbe731-gp0su4d1j_medium-res-1200px.jpg 1200w, https:\/\/www.greenpeace.org\/static\/planet4-netherlands-stateless\/2025\/02\/39dbe731-gp0su4d1j_medium-res-1200px-300x200.jpg 300w, https:\/\/www.greenpeace.org\/static\/planet4-netherlands-stateless\/2025\/02\/39dbe731-gp0su4d1j_medium-res-1200px-1024x683.jpg 1024w, https:\/\/www.greenpeace.org\/static\/planet4-netherlands-stateless\/2025\/02\/39dbe731-gp0su4d1j_medium-res-1200px-768x512.jpg 768w, https:\/\/www.greenpeace.org\/static\/planet4-netherlands-stateless\/2025\/02\/39dbe731-gp0su4d1j_medium-res-1200px-510x340.jpg 510w\" sizes=\"auto, (max-width: 1200px) 100vw, 1200px\" data-image-size=\"post-thumbnail\" data-stateless-media-bucket=\"planet4-netherlands-stateless\" data-stateless-media-name=\"2025\/02\/39dbe731-gp0su4d1j_medium-res-1200px.jpg\" \/><\/a><\/figure>\n\n\n<div class=\"wp-block-group is-layout-flow wp-block-group-is-layout-flow\">\n<div class=\"wp-block-group is-layout-flex wp-block-group-is-layout-flex\"><div class=\"wp-block-post-terms\"><a href=\"https:\/\/www.greenpeace.org\/nl\/category\/eerlijke-wereld\/\">Eerlijke wereld<\/a><\/div>\n\n<div class=\"taxonomy-post_tag wp-block-post-terms\"><a href=\"https:\/\/www.greenpeace.org\/nl\/tag\/bonaire-climate-justice\/\" rel=\"tag\">Bonaire<\/a><span class=\"wp-block-post-terms__separator\"> <\/span><a href=\"https:\/\/www.greenpeace.org\/nl\/tag\/eerlijke-wereld\/\" rel=\"tag\">Eerlijke wereld<\/a><span class=\"wp-block-post-terms__separator\"> <\/span><a href=\"https:\/\/www.greenpeace.org\/nl\/tag\/klimaatcrisis\/\" rel=\"tag\">Klimaatcrisis<\/a><span class=\"wp-block-post-terms__separator\"> <\/span><a href=\"https:\/\/www.greenpeace.org\/nl\/tag\/klimaat\/\" rel=\"tag\">Klimaat<\/a><\/div><\/div>\n\n\n<h3 class=\"wp-block-post-title\"><a href=\"https:\/\/www.greenpeace.org\/nl\/klimaat-categorie\/67698\/kasodiklima-di-boneiru-prueba-nobo\/\" target=\"_self\" >Kaso di Klima di Boneiru: Greenpeace ta entreg\u00e1 prueba nobo na korte di Den Haag<\/a><\/h3>\n\n<div class=\"wp-block-post-excerpt\"><p class=\"wp-block-post-excerpt__excerpt\">Amsterdam\/Kralendijk, 11 di febr\u00fcari 2025 &#8211; Gobi\u00e8rnu Hulandes ta balot\u00e1 e riesgonan di e kr\u00edsis di klima pa Boneiru i no ta tumando sufisiente medida pa proteh\u00e1 e habitantenan. Esaki&hellip; <\/p><\/div>\n\n\n<div class=\"wp-block-group posts-list-meta is-layout-flow wp-block-group-is-layout-flow\"><span class='article-list-item-author'><a href='https:\/\/www.greenpeace.org\/nl\/author\/gpnetherlands\/'>Greenpeace Nederland<\/a><\/span>\n\n<div class=\"wp-block-post-date\"><time datetime=\"2025-02-12T00:12:33+01:00\">12 februari 2025<\/time><\/div><\/div>\n<\/div>\n<\/div>\n\n<\/li><li class=\"wp-block-post post-67694 post type-post status-publish format-standard has-post-thumbnail hentry category-eerlijke-wereld category-klimaat-categorie tag-bonaire-climate-justice tag-klimaatcrisis p4-page-type-pers\">\n\n<div class=\"wp-block-columns is-layout-flex wp-container-core-columns-is-layout-9d6595d7 wp-block-columns-is-layout-flex\"><figure class=\"wp-block-post-featured-image\"><a href=\"https:\/\/www.greenpeace.org\/nl\/klimaat-categorie\/67694\/persbericht-repliek-bonaire\/\" target=\"_self\"  ><img loading=\"lazy\" decoding=\"async\" width=\"1200\" height=\"800\" src=\"https:\/\/www.greenpeace.org\/static\/planet4-netherlands-stateless\/2025\/02\/51884922-gp0su4czb_medium-res-1200px.jpg\" class=\"attachment-post-thumbnail size-post-thumbnail wp-post-image wp-stateless-item\" alt=\"Greenpeace komt met nieuwe bewijzen in Klimaatzaak Bonaire\" style=\"object-fit:cover;\" srcset=\"https:\/\/www.greenpeace.org\/static\/planet4-netherlands-stateless\/2025\/02\/51884922-gp0su4czb_medium-res-1200px.jpg 1200w, https:\/\/www.greenpeace.org\/static\/planet4-netherlands-stateless\/2025\/02\/51884922-gp0su4czb_medium-res-1200px-300x200.jpg 300w, https:\/\/www.greenpeace.org\/static\/planet4-netherlands-stateless\/2025\/02\/51884922-gp0su4czb_medium-res-1200px-1024x683.jpg 1024w, https:\/\/www.greenpeace.org\/static\/planet4-netherlands-stateless\/2025\/02\/51884922-gp0su4czb_medium-res-1200px-768x512.jpg 768w, https:\/\/www.greenpeace.org\/static\/planet4-netherlands-stateless\/2025\/02\/51884922-gp0su4czb_medium-res-1200px-510x340.jpg 510w\" sizes=\"auto, (max-width: 1200px) 100vw, 1200px\" data-image-size=\"post-thumbnail\" data-stateless-media-bucket=\"planet4-netherlands-stateless\" data-stateless-media-name=\"2025\/02\/51884922-gp0su4czb_medium-res-1200px.jpg\" \/><\/a><\/figure>\n\n\n<div class=\"wp-block-group is-layout-flow wp-block-group-is-layout-flow\">\n<div class=\"wp-block-group is-layout-flex wp-block-group-is-layout-flex\"><div class=\"wp-block-post-terms\"><a href=\"https:\/\/www.greenpeace.org\/nl\/category\/eerlijke-wereld\/\">Eerlijke wereld<\/a><\/div>\n\n<div class=\"taxonomy-post_tag wp-block-post-terms\"><a href=\"https:\/\/www.greenpeace.org\/nl\/tag\/bonaire-climate-justice\/\" rel=\"tag\">Bonaire<\/a><span class=\"wp-block-post-terms__separator\"> <\/span><a href=\"https:\/\/www.greenpeace.org\/nl\/tag\/klimaatcrisis\/\" rel=\"tag\">Klimaatcrisis<\/a><\/div><\/div>\n\n\n<h3 class=\"wp-block-post-title\"><a href=\"https:\/\/www.greenpeace.org\/nl\/klimaat-categorie\/67694\/persbericht-repliek-bonaire\/\" target=\"_self\" >Greenpeace komt met nieuwe bewijzen in Klimaatzaak Bonaire<\/a><\/h3>\n\n<div class=\"wp-block-post-excerpt\"><p class=\"wp-block-post-excerpt__excerpt\">Amsterdam\/Kralendijk, 12 februari 2025 &#8211; De broeikasgasuitstoot van Nederland kan in 2040 naar nul. Dat onderbouwen Greenpeace Nederland en acht inwoners van Bonaire in hun repliek, de laatste schriftelijke reactie&hellip; <\/p><\/div>\n\n\n<div class=\"wp-block-group posts-list-meta is-layout-flow wp-block-group-is-layout-flow\"><span class='article-list-item-author'><a href='https:\/\/www.greenpeace.org\/nl\/author\/gpnetherlands\/'>Greenpeace Nederland<\/a><\/span>\n\n<div class=\"wp-block-post-date\"><time datetime=\"2025-02-12T00:11:59+01:00\">12 februari 2025<\/time><\/div><\/div>\n<\/div>\n<\/div>\n\n<\/li><li class=\"wp-block-post post-67450 post type-post status-publish format-standard has-post-thumbnail hentry category-klimaat-categorie tag-stikstof tag-politiek tag-natuurzaak-tag tag-landbouw tag-klimaat p4-page-type-pers\">\n\n<div class=\"wp-block-columns is-layout-flex wp-container-core-columns-is-layout-9d6595d7 wp-block-columns-is-layout-flex\"><figure class=\"wp-block-post-featured-image\"><a href=\"https:\/\/www.greenpeace.org\/nl\/klimaat-categorie\/67450\/rechtbank-glashelder-staat-moet-aan-de-slag-om-natuur-te-beschermen\/\" target=\"_self\"  ><img loading=\"lazy\" decoding=\"async\" width=\"2500\" height=\"1651\" src=\"https:\/\/www.greenpeace.org\/static\/planet4-netherlands-stateless\/2025\/01\/630c23a6-gp0su45lt_pressmedia-2500px.jpg\" class=\"attachment-post-thumbnail size-post-thumbnail wp-post-image wp-stateless-item\" alt=\"Rechtbank glashelder: Staat moet aan de slag om natuur te beschermen\" style=\"object-fit:cover;\" srcset=\"https:\/\/www.greenpeace.org\/static\/planet4-netherlands-stateless\/2025\/01\/630c23a6-gp0su45lt_pressmedia-2500px.jpg 2500w, https:\/\/www.greenpeace.org\/static\/planet4-netherlands-stateless\/2025\/01\/630c23a6-gp0su45lt_pressmedia-2500px-300x198.jpg 300w, https:\/\/www.greenpeace.org\/static\/planet4-netherlands-stateless\/2025\/01\/630c23a6-gp0su45lt_pressmedia-2500px-1024x676.jpg 1024w, https:\/\/www.greenpeace.org\/static\/planet4-netherlands-stateless\/2025\/01\/630c23a6-gp0su45lt_pressmedia-2500px-768x507.jpg 768w, https:\/\/www.greenpeace.org\/static\/planet4-netherlands-stateless\/2025\/01\/630c23a6-gp0su45lt_pressmedia-2500px-1536x1014.jpg 1536w, https:\/\/www.greenpeace.org\/static\/planet4-netherlands-stateless\/2025\/01\/630c23a6-gp0su45lt_pressmedia-2500px-2048x1352.jpg 2048w, https:\/\/www.greenpeace.org\/static\/planet4-netherlands-stateless\/2025\/01\/630c23a6-gp0su45lt_pressmedia-2500px-510x337.jpg 510w\" sizes=\"auto, (max-width: 2500px) 100vw, 2500px\" data-image-size=\"post-thumbnail\" data-stateless-media-bucket=\"planet4-netherlands-stateless\" data-stateless-media-name=\"2025\/01\/630c23a6-gp0su45lt_pressmedia-2500px.jpg\" \/><\/a><\/figure>\n\n\n<div class=\"wp-block-group is-layout-flow wp-block-group-is-layout-flow\">\n<div class=\"wp-block-group is-layout-flex wp-block-group-is-layout-flex\"><div class=\"wp-block-post-terms\"><a href=\"https:\/\/www.greenpeace.org\/nl\/category\/klimaat-categorie\/\">Klimaat<\/a><\/div>\n\n<div class=\"taxonomy-post_tag wp-block-post-terms\"><a href=\"https:\/\/www.greenpeace.org\/nl\/tag\/stikstof\/\" rel=\"tag\">Stikstof<\/a><span class=\"wp-block-post-terms__separator\"> <\/span><a href=\"https:\/\/www.greenpeace.org\/nl\/tag\/politiek\/\" rel=\"tag\">Politiek<\/a><span class=\"wp-block-post-terms__separator\"> <\/span><a href=\"https:\/\/www.greenpeace.org\/nl\/tag\/natuurzaak-tag\/\" rel=\"tag\">Natuurzaak<\/a><span class=\"wp-block-post-terms__separator\"> <\/span><a href=\"https:\/\/www.greenpeace.org\/nl\/tag\/landbouw\/\" rel=\"tag\">Landbouw<\/a><span class=\"wp-block-post-terms__separator\"> <\/span><a href=\"https:\/\/www.greenpeace.org\/nl\/tag\/klimaat\/\" rel=\"tag\">Klimaat<\/a><\/div><\/div>\n\n\n<h3 class=\"wp-block-post-title\"><a href=\"https:\/\/www.greenpeace.org\/nl\/klimaat-categorie\/67450\/rechtbank-glashelder-staat-moet-aan-de-slag-om-natuur-te-beschermen\/\" target=\"_self\" >Rechtbank glashelder: Staat moet aan de slag om natuur te beschermen<\/a><\/h3>\n\n<div class=\"wp-block-post-excerpt\"><p class=\"wp-block-post-excerpt__excerpt\">Greenpeace: de tijd van geitenpaadjes en vooruitschuiven is nu echt voorbij <\/p><\/div>\n\n\n<div class=\"wp-block-group posts-list-meta is-layout-flow wp-block-group-is-layout-flow\"><span class='article-list-item-author'><a href='https:\/\/www.greenpeace.org\/nl\/author\/laura\/'>Laura Polderman<\/a><\/span>\n\n<div class=\"wp-block-post-date\"><time datetime=\"2025-01-22T15:31:15+01:00\">22 januari 2025<\/time><\/div><\/div>\n<\/div>\n<\/div>\n\n<\/li><li class=\"wp-block-post post-67405 post type-post status-publish format-standard has-post-thumbnail hentry category-klimaat-categorie tag-den-haag tag-klimaat tag-landbouw tag-natuurzaak-tag tag-politiek tag-stikstof p4-page-type-pers\">\n\n<div class=\"wp-block-columns is-layout-flex wp-container-core-columns-is-layout-9d6595d7 wp-block-columns-is-layout-flex\"><figure class=\"wp-block-post-featured-image\"><a href=\"https:\/\/www.greenpeace.org\/nl\/klimaat-categorie\/67405\/rechtbank-stelt-greenpeace-in-het-gelijk\/\" target=\"_self\"  ><img loading=\"lazy\" decoding=\"async\" width=\"2500\" height=\"1631\" src=\"https:\/\/www.greenpeace.org\/static\/planet4-netherlands-stateless\/2025\/01\/6dd84979-gp0su45kn_pressmedia-2500px.jpg\" class=\"attachment-post-thumbnail size-post-thumbnail wp-post-image wp-stateless-item\" alt=\"Rechtbank stelt Greenpeace in het gelijk\" style=\"object-fit:cover;\" srcset=\"https:\/\/www.greenpeace.org\/static\/planet4-netherlands-stateless\/2025\/01\/6dd84979-gp0su45kn_pressmedia-2500px.jpg 2500w, https:\/\/www.greenpeace.org\/static\/planet4-netherlands-stateless\/2025\/01\/6dd84979-gp0su45kn_pressmedia-2500px-300x196.jpg 300w, https:\/\/www.greenpeace.org\/static\/planet4-netherlands-stateless\/2025\/01\/6dd84979-gp0su45kn_pressmedia-2500px-1024x668.jpg 1024w, https:\/\/www.greenpeace.org\/static\/planet4-netherlands-stateless\/2025\/01\/6dd84979-gp0su45kn_pressmedia-2500px-768x501.jpg 768w, https:\/\/www.greenpeace.org\/static\/planet4-netherlands-stateless\/2025\/01\/6dd84979-gp0su45kn_pressmedia-2500px-1536x1002.jpg 1536w, https:\/\/www.greenpeace.org\/static\/planet4-netherlands-stateless\/2025\/01\/6dd84979-gp0su45kn_pressmedia-2500px-2048x1336.jpg 2048w, https:\/\/www.greenpeace.org\/static\/planet4-netherlands-stateless\/2025\/01\/6dd84979-gp0su45kn_pressmedia-2500px-510x333.jpg 510w\" sizes=\"auto, (max-width: 2500px) 100vw, 2500px\" data-image-size=\"post-thumbnail\" data-stateless-media-bucket=\"planet4-netherlands-stateless\" data-stateless-media-name=\"2025\/01\/6dd84979-gp0su45kn_pressmedia-2500px.jpg\" \/><\/a><\/figure>\n\n\n<div class=\"wp-block-group is-layout-flow wp-block-group-is-layout-flow\">\n<div class=\"wp-block-group is-layout-flex wp-block-group-is-layout-flex\"><div class=\"wp-block-post-terms\"><a href=\"https:\/\/www.greenpeace.org\/nl\/category\/klimaat-categorie\/\">Klimaat<\/a><\/div>\n\n<div class=\"taxonomy-post_tag wp-block-post-terms\"><a href=\"https:\/\/www.greenpeace.org\/nl\/tag\/den-haag\/\" rel=\"tag\">Den Haag<\/a><span class=\"wp-block-post-terms__separator\"> <\/span><a href=\"https:\/\/www.greenpeace.org\/nl\/tag\/klimaat\/\" rel=\"tag\">Klimaat<\/a><span class=\"wp-block-post-terms__separator\"> <\/span><a href=\"https:\/\/www.greenpeace.org\/nl\/tag\/landbouw\/\" rel=\"tag\">Landbouw<\/a><span class=\"wp-block-post-terms__separator\"> <\/span><a href=\"https:\/\/www.greenpeace.org\/nl\/tag\/natuurzaak-tag\/\" rel=\"tag\">Natuurzaak<\/a><span class=\"wp-block-post-terms__separator\"> <\/span><a href=\"https:\/\/www.greenpeace.org\/nl\/tag\/politiek\/\" rel=\"tag\">Politiek<\/a><span class=\"wp-block-post-terms__separator\"> <\/span><a href=\"https:\/\/www.greenpeace.org\/nl\/tag\/stikstof\/\" rel=\"tag\">Stikstof<\/a><\/div><\/div>\n\n\n<h3 class=\"wp-block-post-title\"><a href=\"https:\/\/www.greenpeace.org\/nl\/klimaat-categorie\/67405\/rechtbank-stelt-greenpeace-in-het-gelijk\/\" target=\"_self\" >Rechtbank stelt Greenpeace in het gelijk<\/a><\/h3>\n\n<div class=\"wp-block-post-excerpt\"><p class=\"wp-block-post-excerpt__excerpt\">Den Haag, 22 januari 2025 &#8211; De rechtbank heeft uitspraak gedaan in de zaak die Greenpeace aanspande tegen de overheid vanwege de gebrekkige stikstofaanpak in Nederland. De rechtbank oordeelt dat&hellip; <\/p><\/div>\n\n\n<div class=\"wp-block-group posts-list-meta is-layout-flow wp-block-group-is-layout-flow\"><span class='article-list-item-author'><a href='https:\/\/www.greenpeace.org\/nl\/author\/laura\/'>Laura Polderman<\/a><\/span>\n\n<div class=\"wp-block-post-date\"><time datetime=\"2025-01-22T11:16:04+01:00\">22 januari 2025<\/time><\/div><\/div>\n<\/div>\n<\/div>\n\n<\/li><li class=\"wp-block-post post-67453 post type-post status-publish format-standard has-post-thumbnail hentry category-klimaat-categorie tag-stikstof tag-politiek tag-natuurzaak-tag tag-landbouw tag-klimaat p4-page-type-pers\">\n\n<div class=\"wp-block-columns is-layout-flex wp-container-core-columns-is-layout-9d6595d7 wp-block-columns-is-layout-flex\"><figure class=\"wp-block-post-featured-image\"><a href=\"https:\/\/www.greenpeace.org\/nl\/klimaat-categorie\/67453\/court-verdict-crystal-clear-dutch-government-must-act-to-protect-nature\/\" target=\"_self\"  ><img loading=\"lazy\" decoding=\"async\" width=\"2500\" height=\"1651\" src=\"https:\/\/www.greenpeace.org\/static\/planet4-netherlands-stateless\/2025\/01\/cff8035a-gp0su45lt_pressmedia-2500px.jpg\" class=\"attachment-post-thumbnail size-post-thumbnail wp-post-image wp-stateless-item\" alt=\"Court verdict crystal clear: Dutch government must act to protect nature\" style=\"object-fit:cover;\" srcset=\"https:\/\/www.greenpeace.org\/static\/planet4-netherlands-stateless\/2025\/01\/cff8035a-gp0su45lt_pressmedia-2500px.jpg 2500w, https:\/\/www.greenpeace.org\/static\/planet4-netherlands-stateless\/2025\/01\/cff8035a-gp0su45lt_pressmedia-2500px-300x198.jpg 300w, https:\/\/www.greenpeace.org\/static\/planet4-netherlands-stateless\/2025\/01\/cff8035a-gp0su45lt_pressmedia-2500px-1024x676.jpg 1024w, https:\/\/www.greenpeace.org\/static\/planet4-netherlands-stateless\/2025\/01\/cff8035a-gp0su45lt_pressmedia-2500px-768x507.jpg 768w, https:\/\/www.greenpeace.org\/static\/planet4-netherlands-stateless\/2025\/01\/cff8035a-gp0su45lt_pressmedia-2500px-1536x1014.jpg 1536w, https:\/\/www.greenpeace.org\/static\/planet4-netherlands-stateless\/2025\/01\/cff8035a-gp0su45lt_pressmedia-2500px-2048x1352.jpg 2048w, https:\/\/www.greenpeace.org\/static\/planet4-netherlands-stateless\/2025\/01\/cff8035a-gp0su45lt_pressmedia-2500px-510x337.jpg 510w\" sizes=\"auto, (max-width: 2500px) 100vw, 2500px\" data-image-size=\"post-thumbnail\" data-stateless-media-bucket=\"planet4-netherlands-stateless\" data-stateless-media-name=\"2025\/01\/cff8035a-gp0su45lt_pressmedia-2500px.jpg\" \/><\/a><\/figure>\n\n\n<div class=\"wp-block-group is-layout-flow wp-block-group-is-layout-flow\">\n<div class=\"wp-block-group is-layout-flex wp-block-group-is-layout-flex\"><div class=\"wp-block-post-terms\"><a href=\"https:\/\/www.greenpeace.org\/nl\/category\/klimaat-categorie\/\">Klimaat<\/a><\/div>\n\n<div class=\"taxonomy-post_tag wp-block-post-terms\"><a href=\"https:\/\/www.greenpeace.org\/nl\/tag\/stikstof\/\" rel=\"tag\">Stikstof<\/a><span class=\"wp-block-post-terms__separator\"> <\/span><a href=\"https:\/\/www.greenpeace.org\/nl\/tag\/politiek\/\" rel=\"tag\">Politiek<\/a><span class=\"wp-block-post-terms__separator\"> <\/span><a href=\"https:\/\/www.greenpeace.org\/nl\/tag\/natuurzaak-tag\/\" rel=\"tag\">Natuurzaak<\/a><span class=\"wp-block-post-terms__separator\"> <\/span><a href=\"https:\/\/www.greenpeace.org\/nl\/tag\/landbouw\/\" rel=\"tag\">Landbouw<\/a><span class=\"wp-block-post-terms__separator\"> <\/span><a href=\"https:\/\/www.greenpeace.org\/nl\/tag\/klimaat\/\" rel=\"tag\">Klimaat<\/a><\/div><\/div>\n\n\n<h3 class=\"wp-block-post-title\"><a href=\"https:\/\/www.greenpeace.org\/nl\/klimaat-categorie\/67453\/court-verdict-crystal-clear-dutch-government-must-act-to-protect-nature\/\" target=\"_self\" >Court verdict crystal clear: Dutch government must act to protect nature<\/a><\/h3>\n\n<div class=\"wp-block-post-excerpt\"><p class=\"wp-block-post-excerpt__excerpt\">Greenpeace: The time for evasions and postponements is truly over <\/p><\/div>\n\n\n<div class=\"wp-block-group posts-list-meta is-layout-flow wp-block-group-is-layout-flow\"><span class='article-list-item-author'><a href='https:\/\/www.greenpeace.org\/nl\/author\/laura\/'>Laura Polderman<\/a><\/span>\n\n<div class=\"wp-block-post-date\"><time datetime=\"2025-01-22T11:08:00+01:00\">22 januari 2025<\/time><\/div><\/div>\n<\/div>\n<\/div>\n\n<\/li><li class=\"wp-block-post post-67457 post type-post status-publish format-standard has-post-thumbnail hentry category-klimaat-categorie tag-klimaat tag-landbouw tag-natuurzaak-tag tag-politiek tag-stikstof p4-page-type-pers\">\n\n<div class=\"wp-block-columns is-layout-flex wp-container-core-columns-is-layout-9d6595d7 wp-block-columns-is-layout-flex\"><figure class=\"wp-block-post-featured-image\"><a href=\"https:\/\/www.greenpeace.org\/nl\/klimaat-categorie\/67457\/dutch-court-rules-in-favour-of-greenpeace\/\" target=\"_self\"  ><img loading=\"lazy\" decoding=\"async\" width=\"800\" height=\"522\" src=\"https:\/\/www.greenpeace.org\/static\/planet4-netherlands-stateless\/2025\/01\/6d6e602a-gp0su45kn_low-res-with-credit-line-800px.jpg\" class=\"attachment-post-thumbnail size-post-thumbnail wp-post-image wp-stateless-item\" alt=\"Dutch court rules in favour of Greenpeace\" style=\"object-fit:cover;\" srcset=\"https:\/\/www.greenpeace.org\/static\/planet4-netherlands-stateless\/2025\/01\/6d6e602a-gp0su45kn_low-res-with-credit-line-800px.jpg 800w, https:\/\/www.greenpeace.org\/static\/planet4-netherlands-stateless\/2025\/01\/6d6e602a-gp0su45kn_low-res-with-credit-line-800px-300x196.jpg 300w, https:\/\/www.greenpeace.org\/static\/planet4-netherlands-stateless\/2025\/01\/6d6e602a-gp0su45kn_low-res-with-credit-line-800px-768x501.jpg 768w, https:\/\/www.greenpeace.org\/static\/planet4-netherlands-stateless\/2025\/01\/6d6e602a-gp0su45kn_low-res-with-credit-line-800px-510x333.jpg 510w\" sizes=\"auto, (max-width: 800px) 100vw, 800px\" data-image-size=\"post-thumbnail\" data-stateless-media-bucket=\"planet4-netherlands-stateless\" data-stateless-media-name=\"2025\/01\/6d6e602a-gp0su45kn_low-res-with-credit-line-800px.jpg\" \/><\/a><\/figure>\n\n\n<div class=\"wp-block-group is-layout-flow wp-block-group-is-layout-flow\">\n<div class=\"wp-block-group is-layout-flex wp-block-group-is-layout-flex\"><div class=\"wp-block-post-terms\"><a href=\"https:\/\/www.greenpeace.org\/nl\/category\/klimaat-categorie\/\">Klimaat<\/a><\/div>\n\n<div class=\"taxonomy-post_tag wp-block-post-terms\"><a href=\"https:\/\/www.greenpeace.org\/nl\/tag\/klimaat\/\" rel=\"tag\">Klimaat<\/a><span class=\"wp-block-post-terms__separator\"> <\/span><a href=\"https:\/\/www.greenpeace.org\/nl\/tag\/landbouw\/\" rel=\"tag\">Landbouw<\/a><span class=\"wp-block-post-terms__separator\"> <\/span><a href=\"https:\/\/www.greenpeace.org\/nl\/tag\/natuurzaak-tag\/\" rel=\"tag\">Natuurzaak<\/a><span class=\"wp-block-post-terms__separator\"> <\/span><a href=\"https:\/\/www.greenpeace.org\/nl\/tag\/politiek\/\" rel=\"tag\">Politiek<\/a><span class=\"wp-block-post-terms__separator\"> <\/span><a href=\"https:\/\/www.greenpeace.org\/nl\/tag\/stikstof\/\" rel=\"tag\">Stikstof<\/a><\/div><\/div>\n\n\n<h3 class=\"wp-block-post-title\"><a href=\"https:\/\/www.greenpeace.org\/nl\/klimaat-categorie\/67457\/dutch-court-rules-in-favour-of-greenpeace\/\" target=\"_self\" >Dutch court rules in favour of Greenpeace<\/a><\/h3>\n\n<div class=\"wp-block-post-excerpt\"><p class=\"wp-block-post-excerpt__excerpt\">Dutch state ordered to get to work immediately to reduce nitrogen emissions in most vulnerable nature areas <\/p><\/div>\n\n\n<div class=\"wp-block-group posts-list-meta is-layout-flow wp-block-group-is-layout-flow\"><span class='article-list-item-author'><a href='https:\/\/www.greenpeace.org\/nl\/author\/laura\/'>Laura Polderman<\/a><\/span>\n\n<div class=\"wp-block-post-date\"><time datetime=\"2025-01-22T11:08:00+01:00\">22 januari 2025<\/time><\/div><\/div>\n<\/div>\n<\/div>\n\n<\/li><li class=\"wp-block-post post-67301 post type-post status-publish format-standard has-post-thumbnail hentry category-klimaat-categorie tag-bonaire-climate-justice tag-extreem-weer tag-klimaat-energie tag-klimaatcrisis tag-klimaat p4-page-type-pers\">\n\n<div class=\"wp-block-columns is-layout-flex wp-container-core-columns-is-layout-9d6595d7 wp-block-columns-is-layout-flex\"><figure class=\"wp-block-post-featured-image\"><a href=\"https:\/\/www.greenpeace.org\/nl\/klimaat-categorie\/67301\/dit-hitterecord-is-verschrikkelijk\/\" target=\"_self\"  ><img loading=\"lazy\" decoding=\"async\" width=\"1200\" height=\"800\" src=\"https:\/\/www.greenpeace.org\/static\/planet4-netherlands-stateless\/2025\/01\/973bac2a-gp0su37pp.jpg\" class=\"attachment-post-thumbnail size-post-thumbnail wp-post-image wp-stateless-item\" alt=\"&#8220;Dit hitterecord is verschrikkelijk&#8221;\" style=\"object-fit:cover;\" srcset=\"https:\/\/www.greenpeace.org\/static\/planet4-netherlands-stateless\/2025\/01\/973bac2a-gp0su37pp.jpg 1200w, https:\/\/www.greenpeace.org\/static\/planet4-netherlands-stateless\/2025\/01\/973bac2a-gp0su37pp-300x200.jpg 300w, https:\/\/www.greenpeace.org\/static\/planet4-netherlands-stateless\/2025\/01\/973bac2a-gp0su37pp-1024x683.jpg 1024w, https:\/\/www.greenpeace.org\/static\/planet4-netherlands-stateless\/2025\/01\/973bac2a-gp0su37pp-768x512.jpg 768w, https:\/\/www.greenpeace.org\/static\/planet4-netherlands-stateless\/2025\/01\/973bac2a-gp0su37pp-510x340.jpg 510w\" sizes=\"auto, (max-width: 1200px) 100vw, 1200px\" data-image-size=\"post-thumbnail\" data-stateless-media-bucket=\"planet4-netherlands-stateless\" data-stateless-media-name=\"2025\/01\/973bac2a-gp0su37pp.jpg\" \/><\/a><\/figure>\n\n\n<div class=\"wp-block-group is-layout-flow wp-block-group-is-layout-flow\">\n<div class=\"wp-block-group is-layout-flex wp-block-group-is-layout-flex\"><div class=\"wp-block-post-terms\"><a href=\"https:\/\/www.greenpeace.org\/nl\/category\/klimaat-categorie\/\">Klimaat<\/a><\/div>\n\n<div class=\"taxonomy-post_tag wp-block-post-terms\"><a href=\"https:\/\/www.greenpeace.org\/nl\/tag\/bonaire-climate-justice\/\" rel=\"tag\">Bonaire<\/a><span class=\"wp-block-post-terms__separator\"> <\/span><a href=\"https:\/\/www.greenpeace.org\/nl\/tag\/extreem-weer\/\" rel=\"tag\">Extreem weer<\/a><span class=\"wp-block-post-terms__separator\"> <\/span><a href=\"https:\/\/www.greenpeace.org\/nl\/tag\/klimaat-energie\/\" rel=\"tag\">Klimaat &amp; Energie<\/a><span class=\"wp-block-post-terms__separator\"> <\/span><a href=\"https:\/\/www.greenpeace.org\/nl\/tag\/klimaatcrisis\/\" rel=\"tag\">Klimaatcrisis<\/a><span class=\"wp-block-post-terms__separator\"> <\/span><a href=\"https:\/\/www.greenpeace.org\/nl\/tag\/klimaat\/\" rel=\"tag\">Klimaat<\/a><\/div><\/div>\n\n\n<h3 class=\"wp-block-post-title\"><a href=\"https:\/\/www.greenpeace.org\/nl\/klimaat-categorie\/67301\/dit-hitterecord-is-verschrikkelijk\/\" target=\"_self\" >&#8220;Dit hitterecord is verschrikkelijk&#8221;<\/a><\/h3>\n\n<div class=\"wp-block-post-excerpt\"><p class=\"wp-block-post-excerpt__excerpt\">2024 was het warmste jaar ooit gemeten meldt de Europese klimaatdienst Copernicus. Het is voor het eerst dat de grens van 1,5 graden in een jaar is overschreden. Onze reactie op dit hitterecord van 2024. <\/p><\/div>\n\n\n<div class=\"wp-block-group posts-list-meta is-layout-flow wp-block-group-is-layout-flow\"><span class='article-list-item-author'><a href='https:\/\/www.greenpeace.org\/nl\/author\/bkarst\/'>Bram Karst<\/a><\/span>\n\n<div class=\"wp-block-post-date\"><time datetime=\"2025-01-10T09:39:25+01:00\">10 januari 2025<\/time><\/div><\/div>\n<\/div>\n<\/div>\n\n<\/li><li class=\"wp-block-post post-66994 post type-post status-publish format-standard has-post-thumbnail hentry category-klimaat-categorie tag-luchtvaart tag-klm tag-schiphol p4-page-type-pers\">\n\n<div class=\"wp-block-columns is-layout-flex wp-container-core-columns-is-layout-9d6595d7 wp-block-columns-is-layout-flex\"><figure class=\"wp-block-post-featured-image\"><a href=\"https:\/\/www.greenpeace.org\/nl\/klimaat-categorie\/66994\/greenpeace-voert-actie-op-schiphol-klm-je-vliegt-alle-klimaatgrenzen-voorbij\/\" target=\"_self\"  ><img loading=\"lazy\" decoding=\"async\" width=\"2500\" height=\"1667\" src=\"https:\/\/www.greenpeace.org\/static\/planet4-netherlands-stateless\/2024\/12\/7630752a-gp0su3u2x_pressmedia-2500px.jpg\" class=\"attachment-post-thumbnail size-post-thumbnail wp-post-image wp-stateless-item\" alt=\"Greenpeace voert actie op Schiphol: \u201cKLM, je vliegt alle klimaatgrenzen voorbij\u201d\" style=\"object-fit:cover;\" srcset=\"https:\/\/www.greenpeace.org\/static\/planet4-netherlands-stateless\/2024\/12\/7630752a-gp0su3u2x_pressmedia-2500px.jpg 2500w, https:\/\/www.greenpeace.org\/static\/planet4-netherlands-stateless\/2024\/12\/7630752a-gp0su3u2x_pressmedia-2500px-300x200.jpg 300w, https:\/\/www.greenpeace.org\/static\/planet4-netherlands-stateless\/2024\/12\/7630752a-gp0su3u2x_pressmedia-2500px-1024x683.jpg 1024w, https:\/\/www.greenpeace.org\/static\/planet4-netherlands-stateless\/2024\/12\/7630752a-gp0su3u2x_pressmedia-2500px-768x512.jpg 768w, https:\/\/www.greenpeace.org\/static\/planet4-netherlands-stateless\/2024\/12\/7630752a-gp0su3u2x_pressmedia-2500px-1536x1024.jpg 1536w, https:\/\/www.greenpeace.org\/static\/planet4-netherlands-stateless\/2024\/12\/7630752a-gp0su3u2x_pressmedia-2500px-2048x1366.jpg 2048w, https:\/\/www.greenpeace.org\/static\/planet4-netherlands-stateless\/2024\/12\/7630752a-gp0su3u2x_pressmedia-2500px-510x340.jpg 510w\" sizes=\"auto, (max-width: 2500px) 100vw, 2500px\" data-image-size=\"post-thumbnail\" data-stateless-media-bucket=\"planet4-netherlands-stateless\" data-stateless-media-name=\"2024\/12\/7630752a-gp0su3u2x_pressmedia-2500px.jpg\" \/><\/a><\/figure>\n\n\n<div class=\"wp-block-group is-layout-flow wp-block-group-is-layout-flow\">\n<div class=\"wp-block-group is-layout-flex wp-block-group-is-layout-flex\"><div class=\"wp-block-post-terms\"><a href=\"https:\/\/www.greenpeace.org\/nl\/category\/klimaat-categorie\/\">Klimaat<\/a><\/div>\n\n<div class=\"taxonomy-post_tag wp-block-post-terms\"><a href=\"https:\/\/www.greenpeace.org\/nl\/tag\/luchtvaart\/\" rel=\"tag\">Luchtvaart<\/a><span class=\"wp-block-post-terms__separator\"> <\/span><a href=\"https:\/\/www.greenpeace.org\/nl\/tag\/klm\/\" rel=\"tag\">klm<\/a><span class=\"wp-block-post-terms__separator\"> <\/span><a href=\"https:\/\/www.greenpeace.org\/nl\/tag\/schiphol\/\" rel=\"tag\">Schiphol<\/a><\/div><\/div>\n\n\n<h3 class=\"wp-block-post-title\"><a href=\"https:\/\/www.greenpeace.org\/nl\/klimaat-categorie\/66994\/greenpeace-voert-actie-op-schiphol-klm-je-vliegt-alle-klimaatgrenzen-voorbij\/\" target=\"_self\" >Greenpeace voert actie op Schiphol: \u201cKLM, je vliegt alle klimaatgrenzen voorbij\u201d<\/a><\/h3>\n\n<div class=\"wp-block-post-excerpt\"><p class=\"wp-block-post-excerpt__excerpt\">Amsterdam, 10 december 2024 \u2013 Op de metershoge reclamezuil op Schiphol Plaza prijkt sinds 08.30 uur een enorm spandoek met de tekst \u2018KLM, je vliegt alle klimaatgrenzen voorbij\u2019. Het spandoek is\u2026 <\/p><\/div>\n\n\n<div class=\"wp-block-group posts-list-meta is-layout-flow wp-block-group-is-layout-flow\"><span class='article-list-item-author'><a href='https:\/\/www.greenpeace.org\/nl\/author\/awensinggreenpeace-org\/'>Anneke Wensing<\/a><\/span>\n\n<div class=\"wp-block-post-date\"><time datetime=\"2024-12-10T10:13:53+01:00\">10 december 2024<\/time><\/div><\/div>\n<\/div>\n<\/div>\n\n<\/li><li class=\"wp-block-post post-66748 post type-post status-publish format-standard has-post-thumbnail hentry category-bossen-categorie p4-page-type-pers\">\n\n<div class=\"wp-block-columns is-layout-flex wp-container-core-columns-is-layout-9d6595d7 wp-block-columns-is-layout-flex\"><figure class=\"wp-block-post-featured-image\"><a href=\"https:\/\/www.greenpeace.org\/nl\/bossen-categorie\/66748\/greenpeace-wint-kort-geding-portret-van-ceo-rabobank-mag-gebruikt-worden-in-campagne-tegen-ontbossing\/\" target=\"_self\"  ><img loading=\"lazy\" decoding=\"async\" width=\"800\" height=\"533\" src=\"https:\/\/www.greenpeace.org\/static\/planet4-netherlands-stateless\/2024\/11\/9fbef3bd-gp0su2tp4_low-res-800px.jpg\" class=\"attachment-post-thumbnail size-post-thumbnail wp-post-image wp-stateless-item\" alt=\"Greenpeace wint kort geding: portret van ceo Rabobank mag gebruikt worden in campagne tegen ontbossing\" style=\"object-fit:cover;\" srcset=\"https:\/\/www.greenpeace.org\/static\/planet4-netherlands-stateless\/2024\/11\/9fbef3bd-gp0su2tp4_low-res-800px.jpg 800w, https:\/\/www.greenpeace.org\/static\/planet4-netherlands-stateless\/2024\/11\/9fbef3bd-gp0su2tp4_low-res-800px-300x200.jpg 300w, https:\/\/www.greenpeace.org\/static\/planet4-netherlands-stateless\/2024\/11\/9fbef3bd-gp0su2tp4_low-res-800px-768x512.jpg 768w, https:\/\/www.greenpeace.org\/static\/planet4-netherlands-stateless\/2024\/11\/9fbef3bd-gp0su2tp4_low-res-800px-510x340.jpg 510w\" sizes=\"auto, (max-width: 800px) 100vw, 800px\" data-image-size=\"post-thumbnail\" data-stateless-media-bucket=\"planet4-netherlands-stateless\" data-stateless-media-name=\"2024\/11\/9fbef3bd-gp0su2tp4_low-res-800px.jpg\" \/><\/a><\/figure>\n\n\n<div class=\"wp-block-group is-layout-flow wp-block-group-is-layout-flow\">\n<div class=\"wp-block-group is-layout-flex wp-block-group-is-layout-flex\"><div class=\"wp-block-post-terms\"><a href=\"https:\/\/www.greenpeace.org\/nl\/category\/bossen-categorie\/\">Bossen<\/a><\/div>\n\n<\/div>\n\n\n<h3 class=\"wp-block-post-title\"><a href=\"https:\/\/www.greenpeace.org\/nl\/bossen-categorie\/66748\/greenpeace-wint-kort-geding-portret-van-ceo-rabobank-mag-gebruikt-worden-in-campagne-tegen-ontbossing\/\" target=\"_self\" >Greenpeace wint kort geding: portret van ceo Rabobank mag gebruikt worden in campagne tegen ontbossing<\/a><\/h3>\n\n<div class=\"wp-block-post-excerpt\"><p class=\"wp-block-post-excerpt__excerpt\">Amsterdam, 26 november 2024\u00a0\u2013\u00a0De rechtbank Amsterdam heeft Greenpeace Nederland gelijk gegeven in een kort geding dat Rabobank had aangespannen. Rabobank stelde dat Greenpeace het portretrecht had geschonden in een anti-ontbossingscampagne&hellip; <\/p><\/div>\n\n\n<div class=\"wp-block-group posts-list-meta is-layout-flow wp-block-group-is-layout-flow\"><span class='article-list-item-author'><a href='https:\/\/www.greenpeace.org\/nl\/author\/gpnetherlands\/'>Greenpeace Nederland<\/a><\/span>\n\n<div class=\"wp-block-post-date\"><time datetime=\"2024-11-26T12:13:58+01:00\">26 november 2024<\/time><\/div><\/div>\n<\/div>\n<\/div>\n\n<\/li><li class=\"wp-block-post post-66411 post type-post status-publish format-standard has-post-thumbnail hentry category-klimaat-categorie category-nieuws tag-den-haag tag-klimaat tag-klimaatcrisis tag-olie tag-vervuiling tag-shell p4-page-type-pers\">\n\n<div class=\"wp-block-columns is-layout-flex wp-container-core-columns-is-layout-9d6595d7 wp-block-columns-is-layout-flex\"><figure class=\"wp-block-post-featured-image\"><a href=\"https:\/\/www.greenpeace.org\/nl\/klimaat-categorie\/66411\/reactie-uitspraak-hoger-beroep-klimaatzaak-shell\/\" target=\"_self\"  ><img loading=\"lazy\" decoding=\"async\" width=\"800\" height=\"502\" src=\"https:\/\/www.greenpeace.org\/static\/planet4-netherlands-stateless\/2023\/12\/9d7ad85a-gp0styjxk_low_res.jpg\" class=\"attachment-post-thumbnail size-post-thumbnail wp-post-image wp-stateless-item\" alt=\"Reactie uitspraak hoger beroep klimaatzaak Shell\" style=\"object-fit:cover;\" srcset=\"https:\/\/www.greenpeace.org\/static\/planet4-netherlands-stateless\/2023\/12\/9d7ad85a-gp0styjxk_low_res.jpg 800w, https:\/\/www.greenpeace.org\/static\/planet4-netherlands-stateless\/2023\/12\/9d7ad85a-gp0styjxk_low_res-300x188.jpg 300w, https:\/\/www.greenpeace.org\/static\/planet4-netherlands-stateless\/2023\/12\/9d7ad85a-gp0styjxk_low_res-768x482.jpg 768w, https:\/\/www.greenpeace.org\/static\/planet4-netherlands-stateless\/2023\/12\/9d7ad85a-gp0styjxk_low_res-510x320.jpg 510w\" sizes=\"auto, (max-width: 800px) 100vw, 800px\" data-image-size=\"post-thumbnail\" data-stateless-media-bucket=\"planet4-netherlands-stateless\" data-stateless-media-name=\"2023\/12\/9d7ad85a-gp0styjxk_low_res.jpg\" \/><\/a><\/figure>\n\n\n<div class=\"wp-block-group is-layout-flow wp-block-group-is-layout-flow\">\n<div class=\"wp-block-group is-layout-flex wp-block-group-is-layout-flex\"><div class=\"wp-block-post-terms\"><a href=\"https:\/\/www.greenpeace.org\/nl\/category\/klimaat-categorie\/\">Klimaat<\/a><\/div>\n\n<div class=\"taxonomy-post_tag wp-block-post-terms\"><a href=\"https:\/\/www.greenpeace.org\/nl\/tag\/den-haag\/\" rel=\"tag\">Den Haag<\/a><span class=\"wp-block-post-terms__separator\"> <\/span><a href=\"https:\/\/www.greenpeace.org\/nl\/tag\/klimaat\/\" rel=\"tag\">Klimaat<\/a><span class=\"wp-block-post-terms__separator\"> <\/span><a href=\"https:\/\/www.greenpeace.org\/nl\/tag\/klimaatcrisis\/\" rel=\"tag\">Klimaatcrisis<\/a><span class=\"wp-block-post-terms__separator\"> <\/span><a href=\"https:\/\/www.greenpeace.org\/nl\/tag\/olie\/\" rel=\"tag\">Olie<\/a><span class=\"wp-block-post-terms__separator\"> <\/span><a href=\"https:\/\/www.greenpeace.org\/nl\/tag\/vervuiling\/\" rel=\"tag\">Vervuiling<\/a><span class=\"wp-block-post-terms__separator\"> <\/span><a href=\"https:\/\/www.greenpeace.org\/nl\/tag\/shell\/\" rel=\"tag\">Shell<\/a><\/div><\/div>\n\n\n<h3 class=\"wp-block-post-title\"><a href=\"https:\/\/www.greenpeace.org\/nl\/klimaat-categorie\/66411\/reactie-uitspraak-hoger-beroep-klimaatzaak-shell\/\" target=\"_self\" >Reactie uitspraak hoger beroep klimaatzaak Shell<\/a><\/h3>\n\n<div class=\"wp-block-post-excerpt\"><p class=\"wp-block-post-excerpt__excerpt\">Den Haag, 12 november \u2013 Het gerechtshof in Den Haag bekrachtigde vandaag niet het vonnis van de rechtbank, die in 2021 oordeelde dat Shell haar CO2-uitstoot met 45% omlaag moet&hellip; <\/p><\/div>\n\n\n<div class=\"wp-block-group posts-list-meta is-layout-flow wp-block-group-is-layout-flow\"><span class='article-list-item-author'><a href='https:\/\/www.greenpeace.org\/nl\/author\/laura\/'>Laura Polderman<\/a><\/span>\n\n<div class=\"wp-block-post-date\"><time datetime=\"2024-11-12T09:56:37+01:00\">12 november 2024<\/time><\/div><\/div>\n<\/div>\n<\/div>\n\n<\/li><li class=\"wp-block-post post-66369 post type-post status-publish format-standard has-post-thumbnail hentry category-algemeen tag-stikstof tag-natuurzaak-tag p4-page-type-pers\">\n\n<div class=\"wp-block-columns is-layout-flex wp-container-core-columns-is-layout-9d6595d7 wp-block-columns-is-layout-flex\"><figure class=\"wp-block-post-featured-image\"><a href=\"https:\/\/www.greenpeace.org\/nl\/algemeen\/66369\/greenpeace-treft-de-staat-in-de-rechtbank-om-gebrekkige-stikstofaanpak\/\" target=\"_self\"  ><img loading=\"lazy\" decoding=\"async\" width=\"800\" height=\"496\" src=\"https:\/\/www.greenpeace.org\/static\/planet4-netherlands-stateless\/2024\/11\/73a1bceb-gp0su0d8m_low-res-with-credit-line-800px.jpg\" class=\"attachment-post-thumbnail size-post-thumbnail wp-post-image wp-stateless-item\" alt=\"Greenpeace treft de Staat in de rechtbank om gebrekkige stikstofaanpak\" style=\"object-fit:cover;\" srcset=\"https:\/\/www.greenpeace.org\/static\/planet4-netherlands-stateless\/2024\/11\/73a1bceb-gp0su0d8m_low-res-with-credit-line-800px.jpg 800w, https:\/\/www.greenpeace.org\/static\/planet4-netherlands-stateless\/2024\/11\/73a1bceb-gp0su0d8m_low-res-with-credit-line-800px-300x186.jpg 300w, https:\/\/www.greenpeace.org\/static\/planet4-netherlands-stateless\/2024\/11\/73a1bceb-gp0su0d8m_low-res-with-credit-line-800px-768x476.jpg 768w, https:\/\/www.greenpeace.org\/static\/planet4-netherlands-stateless\/2024\/11\/73a1bceb-gp0su0d8m_low-res-with-credit-line-800px-510x316.jpg 510w\" sizes=\"auto, (max-width: 800px) 100vw, 800px\" data-image-size=\"post-thumbnail\" data-stateless-media-bucket=\"planet4-netherlands-stateless\" data-stateless-media-name=\"2024\/11\/73a1bceb-gp0su0d8m_low-res-with-credit-line-800px.jpg\" \/><\/a><\/figure>\n\n\n<div class=\"wp-block-group is-layout-flow wp-block-group-is-layout-flow\">\n<div class=\"wp-block-group is-layout-flex wp-block-group-is-layout-flex\"><div class=\"wp-block-post-terms\"><a href=\"https:\/\/www.greenpeace.org\/nl\/category\/algemeen\/\">Algemeen<\/a><\/div>\n\n<div class=\"taxonomy-post_tag wp-block-post-terms\"><a href=\"https:\/\/www.greenpeace.org\/nl\/tag\/stikstof\/\" rel=\"tag\">Stikstof<\/a><span class=\"wp-block-post-terms__separator\"> <\/span><a href=\"https:\/\/www.greenpeace.org\/nl\/tag\/natuurzaak-tag\/\" rel=\"tag\">Natuurzaak<\/a><\/div><\/div>\n\n\n<h3 class=\"wp-block-post-title\"><a href=\"https:\/\/www.greenpeace.org\/nl\/algemeen\/66369\/greenpeace-treft-de-staat-in-de-rechtbank-om-gebrekkige-stikstofaanpak\/\" target=\"_self\" >Greenpeace treft de Staat in de rechtbank om gebrekkige stikstofaanpak<\/a><\/h3>\n\n<div class=\"wp-block-post-excerpt\"><p class=\"wp-block-post-excerpt__excerpt\">Amsterdam, 10 november &#8211; Op dinsdag 12 november vindt in Den Haag de bodemprocedure plaats, die Greenpeace Nederland heeft aangespannen tegen de Nederlandse Staat. Door te hoge stikstofuitstoot dreigt de&hellip; <\/p><\/div>\n\n\n<div class=\"wp-block-group posts-list-meta is-layout-flow wp-block-group-is-layout-flow\"><span class='article-list-item-author'><a href='https:\/\/www.greenpeace.org\/nl\/author\/svaalst\/'>Saskia van Aalst<\/a><\/span>\n\n<div class=\"wp-block-post-date\"><time datetime=\"2024-11-10T10:01:00+01:00\">10 november 2024<\/time><\/div><\/div>\n<\/div>\n<\/div>\n\n<\/li><li class=\"wp-block-post post-66084 post type-post status-publish format-standard has-post-thumbnail hentry category-klimaat-categorie tag-politiek tag-klimaatcrisis tag-klimaatakkoord tag-klimaat-energie p4-page-type-pers\">\n\n<div class=\"wp-block-columns is-layout-flex wp-container-core-columns-is-layout-9d6595d7 wp-block-columns-is-layout-flex\"><figure class=\"wp-block-post-featured-image\"><a href=\"https:\/\/www.greenpeace.org\/nl\/klimaat-categorie\/66084\/pbl-toont-gevolgen-van-afgezwakt-klimaatbeleid-wegkijken-kan-niet-meer\/\" target=\"_self\"  ><img loading=\"lazy\" decoding=\"async\" width=\"800\" height=\"1200\" src=\"https:\/\/www.greenpeace.org\/static\/planet4-netherlands-stateless\/2023\/11\/d5cb71bb-gp0styasb_medium_res.jpg\" class=\"attachment-post-thumbnail size-post-thumbnail wp-post-image wp-stateless-item\" alt=\"PBL toont gevolgen van afgezwakt klimaatbeleid: wegkijken kan niet meer\" style=\"object-fit:cover;\" srcset=\"https:\/\/www.greenpeace.org\/static\/planet4-netherlands-stateless\/2023\/11\/d5cb71bb-gp0styasb_medium_res.jpg 800w, https:\/\/www.greenpeace.org\/static\/planet4-netherlands-stateless\/2023\/11\/d5cb71bb-gp0styasb_medium_res-200x300.jpg 200w, https:\/\/www.greenpeace.org\/static\/planet4-netherlands-stateless\/2023\/11\/d5cb71bb-gp0styasb_medium_res-683x1024.jpg 683w, https:\/\/www.greenpeace.org\/static\/planet4-netherlands-stateless\/2023\/11\/d5cb71bb-gp0styasb_medium_res-768x1152.jpg 768w, https:\/\/www.greenpeace.org\/static\/planet4-netherlands-stateless\/2023\/11\/d5cb71bb-gp0styasb_medium_res-227x340.jpg 227w\" sizes=\"auto, (max-width: 800px) 100vw, 800px\" data-image-size=\"post-thumbnail\" data-stateless-media-bucket=\"planet4-netherlands-stateless\" data-stateless-media-name=\"2023\/11\/d5cb71bb-gp0styasb_medium_res.jpg\" \/><\/a><\/figure>\n\n\n<div class=\"wp-block-group is-layout-flow wp-block-group-is-layout-flow\">\n<div class=\"wp-block-group is-layout-flex wp-block-group-is-layout-flex\"><div class=\"wp-block-post-terms\"><a href=\"https:\/\/www.greenpeace.org\/nl\/category\/klimaat-categorie\/\">Klimaat<\/a><\/div>\n\n<div class=\"taxonomy-post_tag wp-block-post-terms\"><a href=\"https:\/\/www.greenpeace.org\/nl\/tag\/politiek\/\" rel=\"tag\">Politiek<\/a><span class=\"wp-block-post-terms__separator\"> <\/span><a href=\"https:\/\/www.greenpeace.org\/nl\/tag\/klimaatcrisis\/\" rel=\"tag\">Klimaatcrisis<\/a><span class=\"wp-block-post-terms__separator\"> <\/span><a href=\"https:\/\/www.greenpeace.org\/nl\/tag\/klimaatakkoord\/\" rel=\"tag\">Klimaatakkoord<\/a><span class=\"wp-block-post-terms__separator\"> <\/span><a href=\"https:\/\/www.greenpeace.org\/nl\/tag\/klimaat-energie\/\" rel=\"tag\">Klimaat &amp; Energie<\/a><\/div><\/div>\n\n\n<h3 class=\"wp-block-post-title\"><a href=\"https:\/\/www.greenpeace.org\/nl\/klimaat-categorie\/66084\/pbl-toont-gevolgen-van-afgezwakt-klimaatbeleid-wegkijken-kan-niet-meer\/\" target=\"_self\" >PBL toont gevolgen van afgezwakt klimaatbeleid: wegkijken kan niet meer<\/a><\/h3>\n\n<div class=\"wp-block-post-excerpt\"><p class=\"wp-block-post-excerpt__excerpt\">Gezamenlijke reactie Natuur &amp; Milieu, Greenpeace en de Natuur en Milieufederaties op de Klimaat en Energieverkenning 2024 <\/p><\/div>\n\n\n<div class=\"wp-block-group posts-list-meta is-layout-flow wp-block-group-is-layout-flow\"><span class='article-list-item-author'><a href='https:\/\/www.greenpeace.org\/nl\/author\/laura\/'>Laura Polderman<\/a><\/span>\n\n<div class=\"wp-block-post-date\"><time datetime=\"2024-10-24T16:03:07+02:00\">24 oktober 2024<\/time><\/div><\/div>\n<\/div>\n<\/div>\n\n<\/li><li class=\"wp-block-post post-65798 post type-post status-publish format-standard has-post-thumbnail hentry category-bossen-categorie tag-amazone tag-rabobank tag-bossen p4-page-type-pers\">\n\n<div class=\"wp-block-columns is-layout-flex wp-container-core-columns-is-layout-9d6595d7 wp-block-columns-is-layout-flex\"><figure class=\"wp-block-post-featured-image\"><a href=\"https:\/\/www.greenpeace.org\/nl\/bossen-categorie\/65798\/greenpeace-voert-actie-op-zuidas-tegen-voortdurende-cowboy-praktijken-van-rabobank\/\" target=\"_self\"  ><img loading=\"lazy\" decoding=\"async\" width=\"1200\" height=\"800\" src=\"https:\/\/www.greenpeace.org\/static\/planet4-netherlands-stateless\/2024\/10\/241fe606-gp0su2tkd_medium-res-1200px.jpg\" class=\"attachment-post-thumbnail size-post-thumbnail wp-post-image wp-stateless-item\" alt=\"Greenpeace voert actie op Zuidas tegen voortdurende &#8220;cowboy&#8221;-praktijken van Rabobank\" style=\"object-fit:cover;\" srcset=\"https:\/\/www.greenpeace.org\/static\/planet4-netherlands-stateless\/2024\/10\/241fe606-gp0su2tkd_medium-res-1200px.jpg 1200w, https:\/\/www.greenpeace.org\/static\/planet4-netherlands-stateless\/2024\/10\/241fe606-gp0su2tkd_medium-res-1200px-300x200.jpg 300w, https:\/\/www.greenpeace.org\/static\/planet4-netherlands-stateless\/2024\/10\/241fe606-gp0su2tkd_medium-res-1200px-1024x683.jpg 1024w, https:\/\/www.greenpeace.org\/static\/planet4-netherlands-stateless\/2024\/10\/241fe606-gp0su2tkd_medium-res-1200px-768x512.jpg 768w, https:\/\/www.greenpeace.org\/static\/planet4-netherlands-stateless\/2024\/10\/241fe606-gp0su2tkd_medium-res-1200px-510x340.jpg 510w\" sizes=\"auto, (max-width: 1200px) 100vw, 1200px\" data-image-size=\"post-thumbnail\" data-stateless-media-bucket=\"planet4-netherlands-stateless\" data-stateless-media-name=\"2024\/10\/241fe606-gp0su2tkd_medium-res-1200px.jpg\" \/><\/a><\/figure>\n\n\n<div class=\"wp-block-group is-layout-flow wp-block-group-is-layout-flow\">\n<div class=\"wp-block-group is-layout-flex wp-block-group-is-layout-flex\"><div class=\"wp-block-post-terms\"><a href=\"https:\/\/www.greenpeace.org\/nl\/category\/bossen-categorie\/\">Bossen<\/a><\/div>\n\n<div class=\"taxonomy-post_tag wp-block-post-terms\"><a href=\"https:\/\/www.greenpeace.org\/nl\/tag\/amazone\/\" rel=\"tag\">Amazone<\/a><span class=\"wp-block-post-terms__separator\"> <\/span><a href=\"https:\/\/www.greenpeace.org\/nl\/tag\/rabobank\/\" rel=\"tag\">Rabobank<\/a><span class=\"wp-block-post-terms__separator\"> <\/span><a href=\"https:\/\/www.greenpeace.org\/nl\/tag\/bossen\/\" rel=\"tag\">Bossen<\/a><\/div><\/div>\n\n\n<h3 class=\"wp-block-post-title\"><a href=\"https:\/\/www.greenpeace.org\/nl\/bossen-categorie\/65798\/greenpeace-voert-actie-op-zuidas-tegen-voortdurende-cowboy-praktijken-van-rabobank\/\" target=\"_self\" >Greenpeace voert actie op Zuidas tegen voortdurende &#8220;cowboy&#8221;-praktijken van Rabobank<\/a><\/h3>\n\n<div class=\"wp-block-post-excerpt\"><p class=\"wp-block-post-excerpt__excerpt\">Greenpeace-klimmers bevestigden een spandoek aan de 95 meter hoge Vinoly-toren, waarbij ze Rabobank verantwoordelijk houden voor tien miljard euro aan natuurschade in Brazili\u00eb, veroorzaakt door hun financiering tussen 2000 en 2024. <\/p><\/div>\n\n\n<div class=\"wp-block-group posts-list-meta is-layout-flow wp-block-group-is-layout-flow\"><span class='article-list-item-author'><a href='https:\/\/www.greenpeace.org\/nl\/author\/gpnetherlands\/'>Greenpeace Nederland<\/a><\/span>\n\n<div class=\"wp-block-post-date\"><time datetime=\"2024-10-15T09:21:34+02:00\">15 oktober 2024<\/time><\/div><\/div>\n<\/div>\n<\/div>\n\n<\/li><li class=\"wp-block-post post-65576 post type-post status-publish format-standard has-post-thumbnail hentry category-voedsel-categorie tag-stikstof p4-page-type-pers\">\n\n<div class=\"wp-block-columns is-layout-flex wp-container-core-columns-is-layout-9d6595d7 wp-block-columns-is-layout-flex\"><figure class=\"wp-block-post-featured-image\"><a href=\"https:\/\/www.greenpeace.org\/nl\/voedsel-categorie\/65576\/ruim-honderdduizend-mensen-tekenen-voor-ecologische-landbouw-en-minder-stikstofuitstoot\/\" target=\"_self\"  ><img loading=\"lazy\" decoding=\"async\" width=\"1000\" height=\"647\" src=\"https:\/\/www.greenpeace.org\/static\/planet4-netherlands-stateless\/2024\/10\/b8bfb4c9-md-gp-stikstofpetitie-02lores.jpg\" class=\"attachment-post-thumbnail size-post-thumbnail wp-post-image wp-stateless-item\" alt=\"Ruim honderdduizend mensen tekenen voor ecologische landbouw en minder stikstofuitstoot\" style=\"object-fit:cover;\" srcset=\"https:\/\/www.greenpeace.org\/static\/planet4-netherlands-stateless\/2024\/10\/b8bfb4c9-md-gp-stikstofpetitie-02lores.jpg 1000w, https:\/\/www.greenpeace.org\/static\/planet4-netherlands-stateless\/2024\/10\/b8bfb4c9-md-gp-stikstofpetitie-02lores-300x194.jpg 300w, https:\/\/www.greenpeace.org\/static\/planet4-netherlands-stateless\/2024\/10\/b8bfb4c9-md-gp-stikstofpetitie-02lores-768x497.jpg 768w, https:\/\/www.greenpeace.org\/static\/planet4-netherlands-stateless\/2024\/10\/b8bfb4c9-md-gp-stikstofpetitie-02lores-510x330.jpg 510w\" sizes=\"auto, (max-width: 1000px) 100vw, 1000px\" data-image-size=\"post-thumbnail\" data-stateless-media-bucket=\"planet4-netherlands-stateless\" data-stateless-media-name=\"2024\/10\/b8bfb4c9-md-gp-stikstofpetitie-02lores.jpg\" \/><\/a><\/figure>\n\n\n<div class=\"wp-block-group is-layout-flow wp-block-group-is-layout-flow\">\n<div class=\"wp-block-group is-layout-flex wp-block-group-is-layout-flex\"><div class=\"wp-block-post-terms\"><a href=\"https:\/\/www.greenpeace.org\/nl\/category\/voedsel-categorie\/\">Voedsel<\/a><\/div>\n\n<div class=\"taxonomy-post_tag wp-block-post-terms\"><a href=\"https:\/\/www.greenpeace.org\/nl\/tag\/stikstof\/\" rel=\"tag\">Stikstof<\/a><\/div><\/div>\n\n\n<h3 class=\"wp-block-post-title\"><a href=\"https:\/\/www.greenpeace.org\/nl\/voedsel-categorie\/65576\/ruim-honderdduizend-mensen-tekenen-voor-ecologische-landbouw-en-minder-stikstofuitstoot\/\" target=\"_self\" >Ruim honderdduizend mensen tekenen voor ecologische landbouw en minder stikstofuitstoot<\/a><\/h3>\n\n<div class=\"wp-block-post-excerpt\"><p class=\"wp-block-post-excerpt__excerpt\">Den Haag, 8 oktober &#8211; Den Haag, 8 oktober 2024 &#8211; Meer dan honderdduizend ondertekenaars willen minder stikstofuitstoot en een omslag naar ecologische landbouw. Vandaag bood Greenpeace-directeur Andy Palmen een&hellip; <\/p><\/div>\n\n\n<div class=\"wp-block-group posts-list-meta is-layout-flow wp-block-group-is-layout-flow\"><span class='article-list-item-author'><a href='https:\/\/www.greenpeace.org\/nl\/author\/svaalst\/'>Saskia van Aalst<\/a><\/span>\n\n<div class=\"wp-block-post-date\"><time datetime=\"2024-10-08T15:51:04+02:00\">8 oktober 2024<\/time><\/div><\/div>\n<\/div>\n<\/div>\n\n<\/li><li class=\"wp-block-post post-65071 post type-post status-publish format-standard has-post-thumbnail hentry category-klimaat-categorie tag-klimaat-energie tag-klimaatcrisis p4-page-type-pers\">\n\n<div class=\"wp-block-columns is-layout-flex wp-container-core-columns-is-layout-9d6595d7 wp-block-columns-is-layout-flex\"><figure class=\"wp-block-post-featured-image\"><a href=\"https:\/\/www.greenpeace.org\/nl\/klimaat-categorie\/65071\/klimaatzaak-inwoners-bonaire-en-greenpeace-tegen-de-staat-van-start\/\" target=\"_self\"  ><img loading=\"lazy\" decoding=\"async\" width=\"2500\" height=\"1667\" src=\"https:\/\/www.greenpeace.org\/static\/planet4-netherlands-stateless\/2024\/01\/ed0b6135-gp0stz6b8_pressmedia.jpg\" class=\"attachment-post-thumbnail size-post-thumbnail wp-post-image wp-stateless-item\" alt=\"Klimaatzaak inwoners Bonaire en Greenpeace tegen de Staat van start\" style=\"object-fit:cover;\" srcset=\"https:\/\/www.greenpeace.org\/static\/planet4-netherlands-stateless\/2024\/01\/ed0b6135-gp0stz6b8_pressmedia.jpg 2500w, https:\/\/www.greenpeace.org\/static\/planet4-netherlands-stateless\/2024\/01\/ed0b6135-gp0stz6b8_pressmedia-300x200.jpg 300w, https:\/\/www.greenpeace.org\/static\/planet4-netherlands-stateless\/2024\/01\/ed0b6135-gp0stz6b8_pressmedia-1024x683.jpg 1024w, https:\/\/www.greenpeace.org\/static\/planet4-netherlands-stateless\/2024\/01\/ed0b6135-gp0stz6b8_pressmedia-768x512.jpg 768w, https:\/\/www.greenpeace.org\/static\/planet4-netherlands-stateless\/2024\/01\/ed0b6135-gp0stz6b8_pressmedia-1536x1024.jpg 1536w, https:\/\/www.greenpeace.org\/static\/planet4-netherlands-stateless\/2024\/01\/ed0b6135-gp0stz6b8_pressmedia-2048x1366.jpg 2048w, https:\/\/www.greenpeace.org\/static\/planet4-netherlands-stateless\/2024\/01\/ed0b6135-gp0stz6b8_pressmedia-510x340.jpg 510w\" sizes=\"auto, (max-width: 2500px) 100vw, 2500px\" data-image-size=\"post-thumbnail\" data-stateless-media-bucket=\"planet4-netherlands-stateless\" data-stateless-media-name=\"2024\/01\/ed0b6135-gp0stz6b8_pressmedia.jpg\" \/><\/a><\/figure>\n\n\n<div class=\"wp-block-group is-layout-flow wp-block-group-is-layout-flow\">\n<div class=\"wp-block-group is-layout-flex wp-block-group-is-layout-flex\"><div class=\"wp-block-post-terms\"><a href=\"https:\/\/www.greenpeace.org\/nl\/category\/klimaat-categorie\/\">Klimaat<\/a><\/div>\n\n<div class=\"taxonomy-post_tag wp-block-post-terms\"><a href=\"https:\/\/www.greenpeace.org\/nl\/tag\/klimaat-energie\/\" rel=\"tag\">Klimaat &amp; Energie<\/a><span class=\"wp-block-post-terms__separator\"> <\/span><a href=\"https:\/\/www.greenpeace.org\/nl\/tag\/klimaatcrisis\/\" rel=\"tag\">Klimaatcrisis<\/a><\/div><\/div>\n\n\n<h3 class=\"wp-block-post-title\"><a href=\"https:\/\/www.greenpeace.org\/nl\/klimaat-categorie\/65071\/klimaatzaak-inwoners-bonaire-en-greenpeace-tegen-de-staat-van-start\/\" target=\"_self\" >Klimaatzaak inwoners Bonaire en Greenpeace tegen de Staat van start<\/a><\/h3>\n\n<div class=\"wp-block-post-excerpt\"><p class=\"wp-block-post-excerpt__excerpt\">Klimaatzaak inwoners Bonaire en Greenpeace tegen de Staat van start <\/p><\/div>\n\n\n<div class=\"wp-block-group posts-list-meta is-layout-flow wp-block-group-is-layout-flow\"><span class='article-list-item-author'><a href='https:\/\/www.greenpeace.org\/nl\/author\/gpnetherlands\/'>Greenpeace Nederland<\/a><\/span>\n\n<div class=\"wp-block-post-date\"><time datetime=\"2024-09-25T14:40:58+02:00\">25 september 2024<\/time><\/div><\/div>\n<\/div>\n<\/div>\n\n<\/li><li class=\"wp-block-post post-65067 post type-post status-publish format-standard has-post-thumbnail hentry category-klimaat-categorie tag-klimaat tag-klimaat-energie tag-klimaatcrisis p4-page-type-pers\">\n\n<div class=\"wp-block-columns is-layout-flex wp-container-core-columns-is-layout-9d6595d7 wp-block-columns-is-layout-flex\"><figure class=\"wp-block-post-featured-image\"><a href=\"https:\/\/www.greenpeace.org\/nl\/klimaat-categorie\/65067\/kaso-di-klima-di-habitantenan-di-boneiru-i-greenpeace-kontra-estado-hulandes-ta-kuminsa\/\" target=\"_self\"  ><img loading=\"lazy\" decoding=\"async\" width=\"2560\" height=\"1707\" src=\"https:\/\/www.greenpeace.org\/static\/planet4-netherlands-stateless\/2024\/01\/e6777e26-md14386-scaled.jpg\" class=\"attachment-post-thumbnail size-post-thumbnail wp-post-image wp-stateless-item\" alt=\"Kaso di klima di habitantenan di Boneiru i Greenpeace kontra Estado Hulandes ta kumins\u00e1\" style=\"object-fit:cover;\" srcset=\"https:\/\/www.greenpeace.org\/static\/planet4-netherlands-stateless\/2024\/01\/e6777e26-md14386-scaled.jpg 2560w, https:\/\/www.greenpeace.org\/static\/planet4-netherlands-stateless\/2024\/01\/e6777e26-md14386-300x200.jpg 300w, https:\/\/www.greenpeace.org\/static\/planet4-netherlands-stateless\/2024\/01\/e6777e26-md14386-1024x683.jpg 1024w, https:\/\/www.greenpeace.org\/static\/planet4-netherlands-stateless\/2024\/01\/e6777e26-md14386-768x512.jpg 768w, https:\/\/www.greenpeace.org\/static\/planet4-netherlands-stateless\/2024\/01\/e6777e26-md14386-1536x1024.jpg 1536w, https:\/\/www.greenpeace.org\/static\/planet4-netherlands-stateless\/2024\/01\/e6777e26-md14386-2048x1366.jpg 2048w, https:\/\/www.greenpeace.org\/static\/planet4-netherlands-stateless\/2024\/01\/e6777e26-md14386-510x340.jpg 510w\" sizes=\"auto, (max-width: 2560px) 100vw, 2560px\" data-image-size=\"post-thumbnail\" data-stateless-media-bucket=\"planet4-netherlands-stateless\" data-stateless-media-name=\"2024\/01\/e6777e26-md14386-scaled.jpg\" \/><\/a><\/figure>\n\n\n<div class=\"wp-block-group is-layout-flow wp-block-group-is-layout-flow\">\n<div class=\"wp-block-group is-layout-flex wp-block-group-is-layout-flex\"><div class=\"wp-block-post-terms\"><a href=\"https:\/\/www.greenpeace.org\/nl\/category\/klimaat-categorie\/\">Klimaat<\/a><\/div>\n\n<div class=\"taxonomy-post_tag wp-block-post-terms\"><a href=\"https:\/\/www.greenpeace.org\/nl\/tag\/klimaat\/\" rel=\"tag\">Klimaat<\/a><span class=\"wp-block-post-terms__separator\"> <\/span><a href=\"https:\/\/www.greenpeace.org\/nl\/tag\/klimaat-energie\/\" rel=\"tag\">Klimaat &amp; Energie<\/a><span class=\"wp-block-post-terms__separator\"> <\/span><a href=\"https:\/\/www.greenpeace.org\/nl\/tag\/klimaatcrisis\/\" rel=\"tag\">Klimaatcrisis<\/a><\/div><\/div>\n\n\n<h3 class=\"wp-block-post-title\"><a href=\"https:\/\/www.greenpeace.org\/nl\/klimaat-categorie\/65067\/kaso-di-klima-di-habitantenan-di-boneiru-i-greenpeace-kontra-estado-hulandes-ta-kuminsa\/\" target=\"_self\" >Kaso di klima di habitantenan di Boneiru i Greenpeace kontra Estado Hulandes ta kumins\u00e1<\/a><\/h3>\n\n<div class=\"wp-block-post-excerpt\"><p class=\"wp-block-post-excerpt__excerpt\">Komunikado di prensa <\/p><\/div>\n\n\n<div class=\"wp-block-group posts-list-meta is-layout-flow wp-block-group-is-layout-flow\"><span class='article-list-item-author'><a href='https:\/\/www.greenpeace.org\/nl\/author\/gpnetherlands\/'>Greenpeace Nederland<\/a><\/span>\n\n<div class=\"wp-block-post-date\"><time datetime=\"2024-09-25T14:39:17+02:00\">25 september 2024<\/time><\/div><\/div>\n<\/div>\n<\/div>\n\n<\/li><li class=\"wp-block-post post-65062 post type-post status-publish format-standard has-post-thumbnail hentry category-klimaat-categorie tag-klimaat tag-klimaat-energie tag-klimaatcrisis p4-page-type-pers\">\n\n<div class=\"wp-block-columns is-layout-flex wp-container-core-columns-is-layout-9d6595d7 wp-block-columns-is-layout-flex\"><figure class=\"wp-block-post-featured-image\"><a href=\"https:\/\/www.greenpeace.org\/nl\/klimaat-categorie\/65062\/climate-case-of-bonaire-residents-and-greenpeace-against-the-dutch-state-moves-on\/\" target=\"_self\"  ><img loading=\"lazy\" decoding=\"async\" width=\"2500\" height=\"1667\" src=\"https:\/\/www.greenpeace.org\/static\/planet4-netherlands-stateless\/2024\/01\/b55d3880-gp0stz69y_pressmedia.jpg\" class=\"attachment-post-thumbnail size-post-thumbnail wp-post-image wp-stateless-item\" alt=\"Climate case OF bonaire residents and Greenpeace against the Dutch State moves on\" style=\"object-fit:cover;\" srcset=\"https:\/\/www.greenpeace.org\/static\/planet4-netherlands-stateless\/2024\/01\/b55d3880-gp0stz69y_pressmedia.jpg 2500w, https:\/\/www.greenpeace.org\/static\/planet4-netherlands-stateless\/2024\/01\/b55d3880-gp0stz69y_pressmedia-300x200.jpg 300w, https:\/\/www.greenpeace.org\/static\/planet4-netherlands-stateless\/2024\/01\/b55d3880-gp0stz69y_pressmedia-1024x683.jpg 1024w, https:\/\/www.greenpeace.org\/static\/planet4-netherlands-stateless\/2024\/01\/b55d3880-gp0stz69y_pressmedia-768x512.jpg 768w, https:\/\/www.greenpeace.org\/static\/planet4-netherlands-stateless\/2024\/01\/b55d3880-gp0stz69y_pressmedia-1536x1024.jpg 1536w, https:\/\/www.greenpeace.org\/static\/planet4-netherlands-stateless\/2024\/01\/b55d3880-gp0stz69y_pressmedia-2048x1366.jpg 2048w, https:\/\/www.greenpeace.org\/static\/planet4-netherlands-stateless\/2024\/01\/b55d3880-gp0stz69y_pressmedia-510x340.jpg 510w\" sizes=\"auto, (max-width: 2500px) 100vw, 2500px\" data-image-size=\"post-thumbnail\" data-stateless-media-bucket=\"planet4-netherlands-stateless\" data-stateless-media-name=\"2024\/01\/b55d3880-gp0stz69y_pressmedia.jpg\" \/><\/a><\/figure>\n\n\n<div class=\"wp-block-group is-layout-flow wp-block-group-is-layout-flow\">\n<div class=\"wp-block-group is-layout-flex wp-block-group-is-layout-flex\"><div class=\"wp-block-post-terms\"><a href=\"https:\/\/www.greenpeace.org\/nl\/category\/klimaat-categorie\/\">Klimaat<\/a><\/div>\n\n<div class=\"taxonomy-post_tag wp-block-post-terms\"><a href=\"https:\/\/www.greenpeace.org\/nl\/tag\/klimaat\/\" rel=\"tag\">Klimaat<\/a><span class=\"wp-block-post-terms__separator\"> <\/span><a href=\"https:\/\/www.greenpeace.org\/nl\/tag\/klimaat-energie\/\" rel=\"tag\">Klimaat &amp; Energie<\/a><span class=\"wp-block-post-terms__separator\"> <\/span><a href=\"https:\/\/www.greenpeace.org\/nl\/tag\/klimaatcrisis\/\" rel=\"tag\">Klimaatcrisis<\/a><\/div><\/div>\n\n\n<h3 class=\"wp-block-post-title\"><a href=\"https:\/\/www.greenpeace.org\/nl\/klimaat-categorie\/65062\/climate-case-of-bonaire-residents-and-greenpeace-against-the-dutch-state-moves-on\/\" target=\"_self\" >Climate case OF bonaire residents and Greenpeace against the Dutch State moves on<\/a><\/h3>\n\n<div class=\"wp-block-post-excerpt\"><p class=\"wp-block-post-excerpt__excerpt\">25 September 2024, Amsterdam &#8211; The lawsuit that eight residents of Bonaire and Greenpeace Netherlands started last January against the Dutch state moves on. The Plaintiffs are demanding protection against&hellip; <\/p><\/div>\n\n\n<div class=\"wp-block-group posts-list-meta is-layout-flow wp-block-group-is-layout-flow\"><span class='article-list-item-author'><a href='https:\/\/www.greenpeace.org\/nl\/author\/gpnetherlands\/'>Greenpeace Nederland<\/a><\/span>\n\n<div class=\"wp-block-post-date\"><time datetime=\"2024-09-25T14:36:32+02:00\">25 september 2024<\/time><\/div><\/div>\n<\/div>\n<\/div>\n\n<\/li><li class=\"wp-block-post post-64379 post type-post status-publish format-standard has-post-thumbnail hentry category-oceanen-categorie tag-oceanen p4-page-type-pers\">\n\n<div class=\"wp-block-columns is-layout-flex wp-container-core-columns-is-layout-9d6595d7 wp-block-columns-is-layout-flex\"><figure class=\"wp-block-post-featured-image\"><a href=\"https:\/\/www.greenpeace.org\/nl\/oceanen-categorie\/64379\/greenpeace-report-arctic-biodiversity-under-threat-from-deep-sea-mining-plans\/\" target=\"_self\"  ><img loading=\"lazy\" decoding=\"async\" width=\"1024\" height=\"576\" src=\"https:\/\/www.greenpeace.org\/static\/planet4-netherlands-stateless\/2024\/09\/a4d39c01-gp0su2epj-1024x576-1.jpg\" class=\"attachment-post-thumbnail size-post-thumbnail wp-post-image wp-stateless-item\" alt=\"Greenpeace report: arctic biodiversity under threat from deep-sea mining plans\" style=\"object-fit:cover;\" srcset=\"https:\/\/www.greenpeace.org\/static\/planet4-netherlands-stateless\/2024\/09\/a4d39c01-gp0su2epj-1024x576-1.jpg 1024w, https:\/\/www.greenpeace.org\/static\/planet4-netherlands-stateless\/2024\/09\/a4d39c01-gp0su2epj-1024x576-1-300x169.jpg 300w, https:\/\/www.greenpeace.org\/static\/planet4-netherlands-stateless\/2024\/09\/a4d39c01-gp0su2epj-1024x576-1-768x432.jpg 768w, https:\/\/www.greenpeace.org\/static\/planet4-netherlands-stateless\/2024\/09\/a4d39c01-gp0su2epj-1024x576-1-510x287.jpg 510w\" sizes=\"auto, (max-width: 1024px) 100vw, 1024px\" data-image-size=\"post-thumbnail\" data-stateless-media-bucket=\"planet4-netherlands-stateless-develop\" data-stateless-media-name=\"2024\/09\/a4d39c01-gp0su2epj-1024x576-1.jpg\" \/><\/a><\/figure>\n\n\n<div class=\"wp-block-group is-layout-flow wp-block-group-is-layout-flow\">\n<div class=\"wp-block-group is-layout-flex wp-block-group-is-layout-flex\"><div class=\"wp-block-post-terms\"><a href=\"https:\/\/www.greenpeace.org\/nl\/category\/oceanen-categorie\/\">Oceanen<\/a><\/div>\n\n<div class=\"taxonomy-post_tag wp-block-post-terms\"><a href=\"https:\/\/www.greenpeace.org\/nl\/tag\/oceanen\/\" rel=\"tag\">Oceanen<\/a><\/div><\/div>\n\n\n<h3 class=\"wp-block-post-title\"><a href=\"https:\/\/www.greenpeace.org\/nl\/oceanen-categorie\/64379\/greenpeace-report-arctic-biodiversity-under-threat-from-deep-sea-mining-plans\/\" target=\"_self\" >Greenpeace report: arctic biodiversity under threat from deep-sea mining plans<\/a><\/h3>\n\n<div class=\"wp-block-post-excerpt\"><p class=\"wp-block-post-excerpt__excerpt\">Barents Sea, Arctic, 20 September 2024 &#8211;\u00a0Norway deep sea mining plans in the Arctic will cause irreversible harm to biodiversity, a new Greenpeace International report warns.\u00a0Deep Sea Mining in the&hellip; <\/p><\/div>\n\n\n<div class=\"wp-block-group posts-list-meta is-layout-flow wp-block-group-is-layout-flow\"><span class='article-list-item-author'><a href='https:\/\/www.greenpeace.org\/nl\/author\/gpnetherlands\/'>Greenpeace Nederland<\/a><\/span>\n\n<div class=\"wp-block-post-date\"><time datetime=\"2024-09-20T11:52:08+02:00\">20 september 2024<\/time><\/div><\/div>\n<\/div>\n<\/div>\n\n<\/li><li class=\"wp-block-post post-64377 post type-post status-publish format-standard has-post-thumbnail hentry category-algemeen p4-page-type-pers\">\n\n<div class=\"wp-block-columns is-layout-flex wp-container-core-columns-is-layout-9d6595d7 wp-block-columns-is-layout-flex\"><figure class=\"wp-block-post-featured-image\"><a href=\"https:\/\/www.greenpeace.org\/nl\/algemeen\/64377\/reactie-op-begroting-kabinet-schoof\/\" target=\"_self\"  ><img loading=\"lazy\" decoding=\"async\" width=\"2560\" height=\"1707\" src=\"https:\/\/www.greenpeace.org\/static\/planet4-netherlands-stateless\/2021\/06\/36393bda-soothing-landscape-scenery-of-heathland-vdz62r6-scaled.jpg\" class=\"attachment-post-thumbnail size-post-thumbnail wp-post-image wp-stateless-item\" alt=\"Reactie op begroting kabinet Schoof\" style=\"object-fit:cover;\" srcset=\"https:\/\/www.greenpeace.org\/static\/planet4-netherlands-stateless\/2021\/06\/36393bda-soothing-landscape-scenery-of-heathland-vdz62r6-scaled.jpg 2560w, https:\/\/www.greenpeace.org\/static\/planet4-netherlands-stateless\/2021\/06\/36393bda-soothing-landscape-scenery-of-heathland-vdz62r6-300x200.jpg 300w, https:\/\/www.greenpeace.org\/static\/planet4-netherlands-stateless\/2021\/06\/36393bda-soothing-landscape-scenery-of-heathland-vdz62r6-1024x683.jpg 1024w, https:\/\/www.greenpeace.org\/static\/planet4-netherlands-stateless\/2021\/06\/36393bda-soothing-landscape-scenery-of-heathland-vdz62r6-768x512.jpg 768w, https:\/\/www.greenpeace.org\/static\/planet4-netherlands-stateless\/2021\/06\/36393bda-soothing-landscape-scenery-of-heathland-vdz62r6-1536x1024.jpg 1536w, https:\/\/www.greenpeace.org\/static\/planet4-netherlands-stateless\/2021\/06\/36393bda-soothing-landscape-scenery-of-heathland-vdz62r6-2048x1366.jpg 2048w, https:\/\/www.greenpeace.org\/static\/planet4-netherlands-stateless\/2021\/06\/36393bda-soothing-landscape-scenery-of-heathland-vdz62r6-510x340.jpg 510w\" sizes=\"auto, (max-width: 2560px) 100vw, 2560px\" data-image-size=\"post-thumbnail\" data-stateless-media-bucket=\"planet4-netherlands-stateless\" data-stateless-media-name=\"2021\/06\/36393bda-soothing-landscape-scenery-of-heathland-vdz62r6-scaled.jpg\" \/><\/a><\/figure>\n\n\n<div class=\"wp-block-group is-layout-flow wp-block-group-is-layout-flow\">\n<div class=\"wp-block-group is-layout-flex wp-block-group-is-layout-flex\"><div class=\"wp-block-post-terms\"><a href=\"https:\/\/www.greenpeace.org\/nl\/category\/algemeen\/\">Algemeen<\/a><\/div>\n\n<\/div>\n\n\n<h3 class=\"wp-block-post-title\"><a href=\"https:\/\/www.greenpeace.org\/nl\/algemeen\/64377\/reactie-op-begroting-kabinet-schoof\/\" target=\"_self\" >Reactie op begroting kabinet Schoof<\/a><\/h3>\n\n<div class=\"wp-block-post-excerpt\"><p class=\"wp-block-post-excerpt__excerpt\">\u201cDeze rijksbegroting is luchtfietserij van de bovenste plank,\u201d concludeert Andy Palmen, directeur van Greenpeace.&nbsp; \u201cWe zitten middenin een klimaat- en natuurcrisis. Zelfs de slappe doelen om stikstof en CO2 terug&hellip; <\/p><\/div>\n\n\n<div class=\"wp-block-group posts-list-meta is-layout-flow wp-block-group-is-layout-flow\"><span class='article-list-item-author'><a href='https:\/\/www.greenpeace.org\/nl\/author\/gpnetherlands\/'>Greenpeace Nederland<\/a><\/span>\n\n<div class=\"wp-block-post-date\"><time datetime=\"2024-09-17T11:50:37+02:00\">17 september 2024<\/time><\/div><\/div>\n<\/div>\n<\/div>\n\n<\/li><li class=\"wp-block-post post-64374 post type-post status-publish format-standard has-post-thumbnail hentry category-algemeen p4-page-type-pers\">\n\n<div class=\"wp-block-columns is-layout-flex wp-container-core-columns-is-layout-9d6595d7 wp-block-columns-is-layout-flex\"><figure class=\"wp-block-post-featured-image\"><a href=\"https:\/\/www.greenpeace.org\/nl\/algemeen\/64374\/reactie-op-regeerprogramma-kabinet-ramt-met-een-sloopkogel-onze-natuur-aan-gort\/\" target=\"_self\"  ><img loading=\"lazy\" decoding=\"async\" width=\"1200\" height=\"808\" src=\"https:\/\/www.greenpeace.org\/static\/planet4-netherlands-stateless\/2024\/09\/cb5357f8-gp0stvxs5.jpg\" class=\"attachment-post-thumbnail size-post-thumbnail wp-post-image wp-stateless-item\" alt=\"Reactie op regeerprogramma: &#8220;Kabinet ramt met een sloopkogel onze natuur aan gort&#8221;\" style=\"object-fit:cover;\" srcset=\"https:\/\/www.greenpeace.org\/static\/planet4-netherlands-stateless\/2024\/09\/cb5357f8-gp0stvxs5.jpg 1200w, https:\/\/www.greenpeace.org\/static\/planet4-netherlands-stateless\/2024\/09\/cb5357f8-gp0stvxs5-300x202.jpg 300w, https:\/\/www.greenpeace.org\/static\/planet4-netherlands-stateless\/2024\/09\/cb5357f8-gp0stvxs5-1024x689.jpg 1024w, https:\/\/www.greenpeace.org\/static\/planet4-netherlands-stateless\/2024\/09\/cb5357f8-gp0stvxs5-768x517.jpg 768w, https:\/\/www.greenpeace.org\/static\/planet4-netherlands-stateless\/2024\/09\/cb5357f8-gp0stvxs5-505x340.jpg 505w\" sizes=\"auto, (max-width: 1200px) 100vw, 1200px\" data-image-size=\"post-thumbnail\" data-stateless-media-bucket=\"planet4-netherlands-stateless-develop\" data-stateless-media-name=\"2024\/09\/cb5357f8-gp0stvxs5.jpg\" \/><\/a><\/figure>\n\n\n<div class=\"wp-block-group is-layout-flow wp-block-group-is-layout-flow\">\n<div class=\"wp-block-group is-layout-flex wp-block-group-is-layout-flex\"><div class=\"wp-block-post-terms\"><a href=\"https:\/\/www.greenpeace.org\/nl\/category\/algemeen\/\">Algemeen<\/a><\/div>\n\n<\/div>\n\n\n<h3 class=\"wp-block-post-title\"><a href=\"https:\/\/www.greenpeace.org\/nl\/algemeen\/64374\/reactie-op-regeerprogramma-kabinet-ramt-met-een-sloopkogel-onze-natuur-aan-gort\/\" target=\"_self\" >Reactie op regeerprogramma: &#8220;Kabinet ramt met een sloopkogel onze natuur aan gort&#8221;<\/a><\/h3>\n\n<div class=\"wp-block-post-excerpt\"><p class=\"wp-block-post-excerpt__excerpt\">Het regeerprogramma van het kabinet Schoof negeert de dringende realiteit en laat natuur en klimaat, en daarmee Nederland, keihard in de steek. <\/p><\/div>\n\n\n<div class=\"wp-block-group posts-list-meta is-layout-flow wp-block-group-is-layout-flow\"><span class='article-list-item-author'><a href='https:\/\/www.greenpeace.org\/nl\/author\/gpnetherlands\/'>Greenpeace Nederland<\/a><\/span>\n\n<div class=\"wp-block-post-date\"><time datetime=\"2024-09-13T11:48:30+02:00\">13 september 2024<\/time><\/div><\/div>\n<\/div>\n<\/div>\n\n<\/li><li class=\"wp-block-post post-64345 post type-post status-publish format-standard has-post-thumbnail hentry category-oceanen-categorie tag-oceanen p4-page-type-pers\">\n\n<div class=\"wp-block-columns is-layout-flex wp-container-core-columns-is-layout-9d6595d7 wp-block-columns-is-layout-flex\"><figure class=\"wp-block-post-featured-image\"><a href=\"https:\/\/www.greenpeace.org\/nl\/oceanen-categorie\/64345\/nieuw-leiderschap-bij-internationale-zeebodemautoriteit-biedt-hoop-voor-de-oceanen\/\" target=\"_self\"  ><img loading=\"lazy\" decoding=\"async\" width=\"1024\" height=\"683\" src=\"https:\/\/www.greenpeace.org\/static\/planet4-netherlands-stateless\/2024\/09\/872f050b-gp0su1292_pressmedia-2500px-1024x683-1.jpg\" class=\"attachment-post-thumbnail size-post-thumbnail wp-post-image wp-stateless-item\" alt=\"Nieuw leiderschap bij Internationale Zeebodemautoriteit biedt hoop voor de oceanen\" style=\"object-fit:cover;\" srcset=\"https:\/\/www.greenpeace.org\/static\/planet4-netherlands-stateless\/2024\/09\/872f050b-gp0su1292_pressmedia-2500px-1024x683-1.jpg 1024w, https:\/\/www.greenpeace.org\/static\/planet4-netherlands-stateless\/2024\/09\/872f050b-gp0su1292_pressmedia-2500px-1024x683-1-300x200.jpg 300w, https:\/\/www.greenpeace.org\/static\/planet4-netherlands-stateless\/2024\/09\/872f050b-gp0su1292_pressmedia-2500px-1024x683-1-768x512.jpg 768w, https:\/\/www.greenpeace.org\/static\/planet4-netherlands-stateless\/2024\/09\/872f050b-gp0su1292_pressmedia-2500px-1024x683-1-510x340.jpg 510w\" sizes=\"auto, (max-width: 1024px) 100vw, 1024px\" data-image-size=\"post-thumbnail\" data-stateless-media-bucket=\"planet4-netherlands-stateless-develop\" data-stateless-media-name=\"2024\/09\/872f050b-gp0su1292_pressmedia-2500px-1024x683-1.jpg\" \/><\/a><\/figure>\n\n\n<div class=\"wp-block-group is-layout-flow wp-block-group-is-layout-flow\">\n<div class=\"wp-block-group is-layout-flex wp-block-group-is-layout-flex\"><div class=\"wp-block-post-terms\"><a href=\"https:\/\/www.greenpeace.org\/nl\/category\/oceanen-categorie\/\">Oceanen<\/a><\/div>\n\n<div class=\"taxonomy-post_tag wp-block-post-terms\"><a href=\"https:\/\/www.greenpeace.org\/nl\/tag\/oceanen\/\" rel=\"tag\">Oceanen<\/a><\/div><\/div>\n\n\n<h3 class=\"wp-block-post-title\"><a href=\"https:\/\/www.greenpeace.org\/nl\/oceanen-categorie\/64345\/nieuw-leiderschap-bij-internationale-zeebodemautoriteit-biedt-hoop-voor-de-oceanen\/\" target=\"_self\" >Nieuw leiderschap bij Internationale Zeebodemautoriteit biedt hoop voor de oceanen<\/a><\/h3>\n\n<div class=\"wp-block-post-excerpt\"><p class=\"wp-block-post-excerpt__excerpt\">3 augustus 2024&nbsp; <\/p><\/div>\n\n\n<div class=\"wp-block-group posts-list-meta is-layout-flow wp-block-group-is-layout-flow\"><span class='article-list-item-author'><a href='https:\/\/www.greenpeace.org\/nl\/author\/svaalst\/'>Saskia van Aalst<\/a><\/span>\n\n<div class=\"wp-block-post-date\"><time datetime=\"2024-08-06T11:24:00+02:00\">6 augustus 2024<\/time><\/div><\/div>\n<\/div>\n<\/div>\n\n<\/li><li class=\"wp-block-post post-64340 post type-post status-publish format-standard has-post-thumbnail hentry category-klimaat-categorie tag-demonstratie tag-gas tag-klimaat-energie tag-klimaatcrisis tag-noordzee p4-page-type-pers\">\n\n<div class=\"wp-block-columns is-layout-flex wp-container-core-columns-is-layout-9d6595d7 wp-block-columns-is-layout-flex\"><figure class=\"wp-block-post-featured-image\"><a href=\"https:\/\/www.greenpeace.org\/nl\/klimaat-categorie\/64340\/pers-update-one-dyas-daagt-greenpeace-voor-de-rechter-om-protest-tegen-gaswinning\/\" target=\"_self\"  ><img loading=\"lazy\" decoding=\"async\" width=\"150\" height=\"150\" src=\"https:\/\/www.greenpeace.org\/static\/planet4-netherlands-stateless\/2024\/09\/0343689a-gp0su1t3q_low-res-800px-150x150-1.jpg\" class=\"attachment-post-thumbnail size-post-thumbnail wp-post-image wp-stateless-item\" alt=\"Pers-update: ONE-Dyas daagt Greenpeace voor de rechter om protest tegen gaswinning\" style=\"object-fit:cover;\" data-image-size=\"post-thumbnail\" data-stateless-media-bucket=\"planet4-netherlands-stateless-develop\" data-stateless-media-name=\"2024\/09\/0343689a-gp0su1t3q_low-res-800px-150x150-1.jpg\" \/><\/a><\/figure>\n\n\n<div class=\"wp-block-group is-layout-flow wp-block-group-is-layout-flow\">\n<div class=\"wp-block-group is-layout-flex wp-block-group-is-layout-flex\"><div class=\"wp-block-post-terms\"><a href=\"https:\/\/www.greenpeace.org\/nl\/category\/klimaat-categorie\/\">Klimaat<\/a><\/div>\n\n<div class=\"taxonomy-post_tag wp-block-post-terms\"><a href=\"https:\/\/www.greenpeace.org\/nl\/tag\/demonstratie\/\" rel=\"tag\">Demonstratie<\/a><span class=\"wp-block-post-terms__separator\"> <\/span><a href=\"https:\/\/www.greenpeace.org\/nl\/tag\/gas\/\" rel=\"tag\">Gas<\/a><span class=\"wp-block-post-terms__separator\"> <\/span><a href=\"https:\/\/www.greenpeace.org\/nl\/tag\/klimaat-energie\/\" rel=\"tag\">Klimaat &amp; Energie<\/a><span class=\"wp-block-post-terms__separator\"> <\/span><a href=\"https:\/\/www.greenpeace.org\/nl\/tag\/klimaatcrisis\/\" rel=\"tag\">Klimaatcrisis<\/a><span class=\"wp-block-post-terms__separator\"> <\/span><a href=\"https:\/\/www.greenpeace.org\/nl\/tag\/noordzee\/\" rel=\"tag\">Noordzee<\/a><\/div><\/div>\n\n\n<h3 class=\"wp-block-post-title\"><a href=\"https:\/\/www.greenpeace.org\/nl\/klimaat-categorie\/64340\/pers-update-one-dyas-daagt-greenpeace-voor-de-rechter-om-protest-tegen-gaswinning\/\" target=\"_self\" >Pers-update: ONE-Dyas daagt Greenpeace voor de rechter om protest tegen gaswinning<\/a><\/h3>\n\n<div class=\"wp-block-post-excerpt\"><p class=\"wp-block-post-excerpt__excerpt\">Schiermonnikoog, 31 juli 2024 &#8211; Na meer dan 30 uur protesteren op de Noordzee, daagt ONE-Dyas Greenpeace Nederland voor de rechter. In een kort geding eist het gasbedrijf&nbsp; een dwangsom&hellip; <\/p><\/div>\n\n\n<div class=\"wp-block-group posts-list-meta is-layout-flow wp-block-group-is-layout-flow\"><span class='article-list-item-author'><a href='https:\/\/www.greenpeace.org\/nl\/author\/lpoldermangreenpeace-org\/'>Laura Polderman<\/a><\/span>\n\n<div class=\"wp-block-post-date\"><time datetime=\"2024-07-31T11:20:00+02:00\">31 juli 2024<\/time><\/div><\/div>\n<\/div>\n<\/div>\n\n<\/li><li class=\"wp-block-post post-64337 post type-post status-publish format-standard has-post-thumbnail hentry category-klimaat-categorie tag-demonstratie tag-gas tag-klimaat-energie tag-noordzee p4-page-type-pers\">\n\n<div class=\"wp-block-columns is-layout-flex wp-container-core-columns-is-layout-9d6595d7 wp-block-columns-is-layout-flex\"><figure class=\"wp-block-post-featured-image\"><a href=\"https:\/\/www.greenpeace.org\/nl\/klimaat-categorie\/64337\/pers-update-actievoerders-greenpeace-protesteren-al-bijna-24-uur-boven-schiermonnikoog-tegen-gasboringen\/\" target=\"_self\"  ><img loading=\"lazy\" decoding=\"async\" width=\"1024\" height=\"683\" src=\"https:\/\/www.greenpeace.org\/static\/planet4-netherlands-stateless\/2024\/09\/f6666268-gp0su1t3h_pressmedia-2500px-1024x683-1.webp\" class=\"attachment-post-thumbnail size-post-thumbnail wp-post-image wp-stateless-item\" alt=\"Pers-update: Actievoerders Greenpeace protesteren al bijna 24 uur boven Schiermonnikoog tegen gasboringen\" style=\"object-fit:cover;\" srcset=\"https:\/\/www.greenpeace.org\/static\/planet4-netherlands-stateless\/2024\/09\/f6666268-gp0su1t3h_pressmedia-2500px-1024x683-1.webp 1024w, https:\/\/www.greenpeace.org\/static\/planet4-netherlands-stateless\/2024\/09\/f6666268-gp0su1t3h_pressmedia-2500px-1024x683-1-300x200.webp 300w, https:\/\/www.greenpeace.org\/static\/planet4-netherlands-stateless\/2024\/09\/f6666268-gp0su1t3h_pressmedia-2500px-1024x683-1-768x512.webp 768w, https:\/\/www.greenpeace.org\/static\/planet4-netherlands-stateless\/2024\/09\/f6666268-gp0su1t3h_pressmedia-2500px-1024x683-1-510x340.webp 510w\" sizes=\"auto, (max-width: 1024px) 100vw, 1024px\" data-image-size=\"post-thumbnail\" data-stateless-media-bucket=\"planet4-netherlands-stateless-develop\" data-stateless-media-name=\"2024\/09\/f6666268-gp0su1t3h_pressmedia-2500px-1024x683-1.webp\" \/><\/a><\/figure>\n\n\n<div class=\"wp-block-group is-layout-flow wp-block-group-is-layout-flow\">\n<div class=\"wp-block-group is-layout-flex wp-block-group-is-layout-flex\"><div class=\"wp-block-post-terms\"><a href=\"https:\/\/www.greenpeace.org\/nl\/category\/klimaat-categorie\/\">Klimaat<\/a><\/div>\n\n<div class=\"taxonomy-post_tag wp-block-post-terms\"><a href=\"https:\/\/www.greenpeace.org\/nl\/tag\/demonstratie\/\" rel=\"tag\">Demonstratie<\/a><span class=\"wp-block-post-terms__separator\"> <\/span><a href=\"https:\/\/www.greenpeace.org\/nl\/tag\/gas\/\" rel=\"tag\">Gas<\/a><span class=\"wp-block-post-terms__separator\"> <\/span><a href=\"https:\/\/www.greenpeace.org\/nl\/tag\/klimaat-energie\/\" rel=\"tag\">Klimaat &amp; Energie<\/a><span class=\"wp-block-post-terms__separator\"> <\/span><a href=\"https:\/\/www.greenpeace.org\/nl\/tag\/noordzee\/\" rel=\"tag\">Noordzee<\/a><\/div><\/div>\n\n\n<h3 class=\"wp-block-post-title\"><a href=\"https:\/\/www.greenpeace.org\/nl\/klimaat-categorie\/64337\/pers-update-actievoerders-greenpeace-protesteren-al-bijna-24-uur-boven-schiermonnikoog-tegen-gasboringen\/\" target=\"_self\" >Pers-update: Actievoerders Greenpeace protesteren al bijna 24 uur boven Schiermonnikoog tegen gasboringen<\/a><\/h3>\n\n<div class=\"wp-block-post-excerpt\"><p class=\"wp-block-post-excerpt__excerpt\">Schiermonnikoog , 31 juli 2024. Actievoerders van Greenpeace voeren al sinds gisterochtend vroeg actie op de Noordzee tegen nieuwe gasboringen van het Nederlandse fossiele bedrijf ONE-Dyas. Ook vannacht zijn de actievoerders met drijvende eilanden en kajaks blijven protesteren op de locatie waar het platform moet komen. Greenpeace vindt dat dit project gestopt moet worden en&hellip; <\/p><\/div>\n\n\n<div class=\"wp-block-group posts-list-meta is-layout-flow wp-block-group-is-layout-flow\"><span class='article-list-item-author'><a href='https:\/\/www.greenpeace.org\/nl\/author\/lpoldermangreenpeace-org\/'>Laura Polderman<\/a><\/span>\n\n<div class=\"wp-block-post-date\"><time datetime=\"2024-07-31T11:16:00+02:00\">31 juli 2024<\/time><\/div><\/div>\n<\/div>\n<\/div>\n\n<\/li><li class=\"wp-block-post post-64334 post type-post status-publish format-standard has-post-thumbnail hentry category-klimaat-categorie category-oceanen-categorie tag-klimaat-energie tag-klimaatcrisis tag-noordzee tag-oceanen p4-page-type-pers\">\n\n<div class=\"wp-block-columns is-layout-flex wp-container-core-columns-is-layout-9d6595d7 wp-block-columns-is-layout-flex\"><figure class=\"wp-block-post-featured-image\"><a href=\"https:\/\/www.greenpeace.org\/nl\/klimaat-categorie\/64334\/opnieuw-protest-greenpeace-in-de-noordzee-tegen-gaswinning-one-dyas\/\" target=\"_self\"  ><img loading=\"lazy\" decoding=\"async\" width=\"1024\" height=\"682\" src=\"https:\/\/www.greenpeace.org\/static\/planet4-netherlands-stateless\/2024\/09\/f2af9ca8-gp0su1rt9_pressmedia-2500px-1024x682-1.jpg\" class=\"attachment-post-thumbnail size-post-thumbnail wp-post-image wp-stateless-item\" alt=\"Opnieuw protest Greenpeace in de Noordzee tegen gaswinning One-Dyas\" style=\"object-fit:cover;\" srcset=\"https:\/\/www.greenpeace.org\/static\/planet4-netherlands-stateless\/2024\/09\/f2af9ca8-gp0su1rt9_pressmedia-2500px-1024x682-1.jpg 1024w, https:\/\/www.greenpeace.org\/static\/planet4-netherlands-stateless\/2024\/09\/f2af9ca8-gp0su1rt9_pressmedia-2500px-1024x682-1-300x200.jpg 300w, https:\/\/www.greenpeace.org\/static\/planet4-netherlands-stateless\/2024\/09\/f2af9ca8-gp0su1rt9_pressmedia-2500px-1024x682-1-768x512.jpg 768w, https:\/\/www.greenpeace.org\/static\/planet4-netherlands-stateless\/2024\/09\/f2af9ca8-gp0su1rt9_pressmedia-2500px-1024x682-1-510x340.jpg 510w\" sizes=\"auto, (max-width: 1024px) 100vw, 1024px\" data-image-size=\"post-thumbnail\" data-stateless-media-bucket=\"planet4-netherlands-stateless-develop\" data-stateless-media-name=\"2024\/09\/f2af9ca8-gp0su1rt9_pressmedia-2500px-1024x682-1.jpg\" \/><\/a><\/figure>\n\n\n<div class=\"wp-block-group is-layout-flow wp-block-group-is-layout-flow\">\n<div class=\"wp-block-group is-layout-flex wp-block-group-is-layout-flex\"><div class=\"wp-block-post-terms\"><a href=\"https:\/\/www.greenpeace.org\/nl\/category\/klimaat-categorie\/\">Klimaat<\/a><\/div>\n\n<div class=\"taxonomy-post_tag wp-block-post-terms\"><a href=\"https:\/\/www.greenpeace.org\/nl\/tag\/klimaat-energie\/\" rel=\"tag\">Klimaat &amp; Energie<\/a><span class=\"wp-block-post-terms__separator\"> <\/span><a href=\"https:\/\/www.greenpeace.org\/nl\/tag\/klimaatcrisis\/\" rel=\"tag\">Klimaatcrisis<\/a><span class=\"wp-block-post-terms__separator\"> <\/span><a href=\"https:\/\/www.greenpeace.org\/nl\/tag\/noordzee\/\" rel=\"tag\">Noordzee<\/a><span class=\"wp-block-post-terms__separator\"> <\/span><a href=\"https:\/\/www.greenpeace.org\/nl\/tag\/oceanen\/\" rel=\"tag\">Oceanen<\/a><\/div><\/div>\n\n\n<h3 class=\"wp-block-post-title\"><a href=\"https:\/\/www.greenpeace.org\/nl\/klimaat-categorie\/64334\/opnieuw-protest-greenpeace-in-de-noordzee-tegen-gaswinning-one-dyas\/\" target=\"_self\" >Opnieuw protest Greenpeace in de Noordzee tegen gaswinning One-Dyas<\/a><\/h3>\n\n<div class=\"wp-block-post-excerpt\"><p class=\"wp-block-post-excerpt__excerpt\">Schiermonnikoog, 30 juli 2024 &#8211; Greenpeace-actievoerders uit Duitsland en Nederland protesteren met rubberboten op de locatie van het offshore boorplatform van het Nederlandse fossiele bedrijf ONE-Dyas. De 18 actievoerders hebben&hellip; <\/p><\/div>\n\n\n<div class=\"wp-block-group posts-list-meta is-layout-flow wp-block-group-is-layout-flow\"><span class='article-list-item-author'><a href='https:\/\/www.greenpeace.org\/nl\/author\/lpoldermangreenpeace-org\/'>Laura Polderman<\/a><\/span>\n\n<div class=\"wp-block-post-date\"><time datetime=\"2024-07-30T11:12:00+02:00\">30 juli 2024<\/time><\/div><\/div>\n<\/div>\n<\/div>\n\n<\/li><\/ul>\n\n\n<div class=\"wp-block-buttons carousel-controls is-horizontal is-content-justification-space-between is-nowrap is-layout-flex wp-container-core-buttons-is-layout-044bd602 wp-block-buttons-is-layout-flex\">\n<div class=\"wp-block-button carousel-control-prev\"><button type=\"button\" class=\"wp-block-button__link wp-element-button\">Previous Carousel Slide<\/button><\/div>\n\n\n\n<div class=\"wp-block-button carousel-control-next\"><button type=\"button\" class=\"wp-block-button__link wp-element-button\">Next Carousel Slide<\/button><\/div>\n<\/div>\n\n\n<\/div>\n\n<h2 class=\"wp-block-heading\" id=\"h-bekijk-onze-thema-s\">Bekijk onze thema&#8217;s<\/h2>\n\n<div class=\"wp-block-columns is-not-stacked-on-mobile is-style-mobile-carousel is-layout-flex wp-container-core-columns-is-layout-9d6595d7 wp-block-columns-is-layout-flex\">\n<div class=\"wp-block-column is-layout-flow wp-block-column-is-layout-flow\">\n<div class=\"wp-block-group group-stretched-link is-layout-flow wp-block-group-is-layout-flow\">\n<div style=\"height:16px\" aria-hidden=\"true\" class=\"wp-block-spacer\"><\/div>\n\n\n\n<figure class=\"wp-block-image aligncenter size-full size-large is-resized is-style-rounded-90\"><img loading=\"lazy\" decoding=\"async\" width=\"180\" height=\"180\" src=\"https:\/\/www.greenpeace.org\/static\/planet4-netherlands-stateless\/2026\/04\/8d2e99ef-5_climate_crisis-1.png\" title=\"Klik hier om meer te weten te komen over de klimaatcrisis\" alt=\"Klik hier om meer te weten te komen over de klimaatcrisis\" class=\"wp-image-81306\" srcset=\"https:\/\/www.greenpeace.org\/static\/planet4-netherlands-stateless\/2026\/04\/8d2e99ef-5_climate_crisis-1.png 180w, https:\/\/www.greenpeace.org\/static\/planet4-netherlands-stateless\/2026\/04\/8d2e99ef-5_climate_crisis-1-150x150.png 150w\" sizes=\"auto, (max-width: 180px) 100vw, 180px\" \/><\/figure>\n\n\n\n<h5 class=\"wp-block-heading has-text-align-center\" id=\"h-klimaat\" style=\"font-size:1rem\"><a href=\"\/nl\/klimaat\/\">Klimaat<\/a><\/h5>\n<\/div>\n<\/div>\n\n\n\n<div class=\"wp-block-column is-layout-flow wp-block-column-is-layout-flow\">\n<div class=\"wp-block-group group-stretched-link is-layout-flow wp-block-group-is-layout-flow\">\n<div style=\"height:16px\" aria-hidden=\"true\" class=\"wp-block-spacer\"><\/div>\n\n\n\n<figure class=\"wp-block-image aligncenter size-full size-large is-resized is-style-rounded-90\"><img loading=\"lazy\" decoding=\"async\" width=\"180\" height=\"180\" src=\"https:\/\/www.greenpeace.org\/static\/planet4-netherlands-stateless\/2026\/04\/2e445c08-7_climate_justice-1.png\" title=\"Klik hier om meer te weten te komen over klimaatrechtvaardigheid\" alt=\"Klik hier om meer te weten te komen over klimaatrechtvaardigheid\" class=\"wp-image-81308\" srcset=\"https:\/\/www.greenpeace.org\/static\/planet4-netherlands-stateless\/2026\/04\/2e445c08-7_climate_justice-1.png 180w, https:\/\/www.greenpeace.org\/static\/planet4-netherlands-stateless\/2026\/04\/2e445c08-7_climate_justice-1-150x150.png 150w\" sizes=\"auto, (max-width: 180px) 100vw, 180px\" \/><\/figure>\n\n\n\n<h5 class=\"wp-block-heading has-text-align-center\" id=\"h-eerlijke-wereld\" style=\"font-size:1rem\"><a href=\"\/nl\/eerlijke-wereld\">Eerlijke wereld<\/a><\/h5>\n<\/div>\n<\/div>\n\n\n\n<div class=\"wp-block-column is-layout-flow wp-block-column-is-layout-flow\">\n<div class=\"wp-block-group group-stretched-link is-layout-flow wp-block-group-is-layout-flow\">\n<div style=\"height:16px\" aria-hidden=\"true\" class=\"wp-block-spacer\"><\/div>\n\n\n\n<figure class=\"wp-block-image aligncenter size-full size-large is-resized is-style-rounded-90\"><img loading=\"lazy\" decoding=\"async\" width=\"180\" height=\"180\" src=\"https:\/\/www.greenpeace.org\/static\/planet4-netherlands-stateless\/2026\/04\/f9259fe1-1_oceans-1-1.png\" title=\"Klik hier om meer over oceanen te weten te komen\" alt=\"Klik hier om meer over oceanen te weten te komen\" class=\"wp-image-81297\" srcset=\"https:\/\/www.greenpeace.org\/static\/planet4-netherlands-stateless\/2026\/04\/f9259fe1-1_oceans-1-1.png 180w, https:\/\/www.greenpeace.org\/static\/planet4-netherlands-stateless\/2026\/04\/f9259fe1-1_oceans-1-1-150x150.png 150w\" sizes=\"auto, (max-width: 180px) 100vw, 180px\" \/><\/figure>\n\n\n\n<h5 class=\"wp-block-heading has-text-align-center\" id=\"h-oceanen\" style=\"font-size:1rem\"><a href=\"\/nl\/oceanen\">Oceanen<\/a><\/h5>\n<\/div>\n<\/div>\n\n\n\n<div class=\"wp-block-column is-layout-flow wp-block-column-is-layout-flow\">\n<div class=\"wp-block-group group-stretched-link is-layout-flow wp-block-group-is-layout-flow\">\n<div style=\"height:16px\" aria-hidden=\"true\" class=\"wp-block-spacer\"><\/div>\n\n\n\n<figure class=\"wp-block-image aligncenter size-full size-large is-resized is-style-rounded-90\"><img loading=\"lazy\" decoding=\"async\" width=\"180\" height=\"180\" src=\"https:\/\/www.greenpeace.org\/static\/planet4-netherlands-stateless\/2026\/04\/b5612e50-21_waste-1.png\" alt=\"\" class=\"wp-image-81347\" srcset=\"https:\/\/www.greenpeace.org\/static\/planet4-netherlands-stateless\/2026\/04\/b5612e50-21_waste-1.png 180w, https:\/\/www.greenpeace.org\/static\/planet4-netherlands-stateless\/2026\/04\/b5612e50-21_waste-1-150x150.png 150w\" sizes=\"auto, (max-width: 180px) 100vw, 180px\" \/><\/figure>\n\n\n\n<h5 class=\"wp-block-heading has-text-align-center\" id=\"h-plastic\" style=\"font-size:1rem\"><a href=\"\/nl\/plastic\">Plastic<\/a><\/h5>\n<\/div>\n<\/div>\n\n\n\n<div class=\"wp-block-column is-layout-flow wp-block-column-is-layout-flow\">\n<div class=\"wp-block-group group-stretched-link is-layout-flow wp-block-group-is-layout-flow\">\n<div style=\"height:16px\" aria-hidden=\"true\" class=\"wp-block-spacer\"><\/div>\n\n\n\n<figure class=\"wp-block-image aligncenter size-full size-large is-resized is-style-rounded-90\"><img loading=\"lazy\" decoding=\"async\" width=\"180\" height=\"180\" src=\"https:\/\/www.greenpeace.org\/static\/planet4-netherlands-stateless\/2026\/04\/e37366a8-15_world_forests-1.png\" alt=\"\" class=\"wp-image-81340\" srcset=\"https:\/\/www.greenpeace.org\/static\/planet4-netherlands-stateless\/2026\/04\/e37366a8-15_world_forests-1.png 180w, https:\/\/www.greenpeace.org\/static\/planet4-netherlands-stateless\/2026\/04\/e37366a8-15_world_forests-1-150x150.png 150w\" sizes=\"auto, (max-width: 180px) 100vw, 180px\" \/><\/figure>\n\n\n\n<h5 class=\"wp-block-heading has-text-align-center\" id=\"h-bossen\" style=\"font-size:1rem\"><a href=\"\/nl\/bossen\">Bossen<\/a><\/h5>\n<\/div>\n<\/div>\n\n\n\n<div class=\"wp-block-column is-layout-flow wp-block-column-is-layout-flow\">\n<div class=\"wp-block-group group-stretched-link is-layout-flow wp-block-group-is-layout-flow\">\n<div style=\"height:16px\" aria-hidden=\"true\" class=\"wp-block-spacer\"><\/div>\n\n\n\n<figure class=\"wp-block-image aligncenter size-full size-large is-resized is-style-rounded-90\"><img loading=\"lazy\" decoding=\"async\" width=\"180\" height=\"180\" src=\"https:\/\/www.greenpeace.org\/static\/planet4-netherlands-stateless\/2026\/04\/98baeb09-17_agriculture-1.png\" alt=\"\" class=\"wp-image-81343\" srcset=\"https:\/\/www.greenpeace.org\/static\/planet4-netherlands-stateless\/2026\/04\/98baeb09-17_agriculture-1.png 180w, https:\/\/www.greenpeace.org\/static\/planet4-netherlands-stateless\/2026\/04\/98baeb09-17_agriculture-1-150x150.png 150w\" sizes=\"auto, (max-width: 180px) 100vw, 180px\" \/><\/figure>\n\n\n\n<h5 class=\"wp-block-heading has-text-align-center\" id=\"h-voedsel\" style=\"font-size:1rem\"><a href=\"\/nl\/voedsel\">Voedsel<\/a><\/h5>\n<\/div>\n<\/div>\n\n\n\n<div class=\"wp-block-column is-layout-flow wp-block-column-is-layout-flow\">\n<div class=\"wp-block-group group-stretched-link is-layout-flow wp-block-group-is-layout-flow\">\n<div style=\"height:16px\" aria-hidden=\"true\" class=\"wp-block-spacer\"><\/div>\n\n\n\n<figure class=\"wp-block-image aligncenter size-full size-large is-resized is-style-rounded-90\"><img loading=\"lazy\" decoding=\"async\" width=\"180\" height=\"180\" src=\"https:\/\/www.greenpeace.org\/static\/planet4-netherlands-stateless\/2026\/04\/cca11f09-13_biodiversity-1.png\" alt=\"\" class=\"wp-image-81338\" srcset=\"https:\/\/www.greenpeace.org\/static\/planet4-netherlands-stateless\/2026\/04\/cca11f09-13_biodiversity-1.png 180w, https:\/\/www.greenpeace.org\/static\/planet4-netherlands-stateless\/2026\/04\/cca11f09-13_biodiversity-1-150x150.png 150w\" sizes=\"auto, (max-width: 180px) 100vw, 180px\" \/><\/figure>\n\n\n\n<h5 class=\"wp-block-heading has-text-align-center\" id=\"h-dieren\" style=\"font-size:1rem\"><a href=\"\/nl\/dieren\">Dieren<\/a><\/h5>\n<\/div>\n<\/div>\n<\/div>\n\n<div class=\"wp-block-group alignfull has-beige-100-background-color has-background is-layout-flow wp-block-group-is-layout-flow\" style=\"padding-top:39px;padding-right:0;padding-bottom:39px;padding-left:0\">\n<div class=\"wp-block-group container is-layout-flow wp-block-group-is-layout-flow\">\n<div class=\"wp-block-columns is-layout-flex wp-container-core-columns-is-layout-9d6595d7 wp-block-columns-is-layout-flex\">\n<div class=\"wp-block-column is-layout-flow wp-block-column-is-layout-flow\">\n<h2 class=\"wp-block-heading\" id=\"h-blijf-op-de-hoogte\" style=\"font-size:40px\">Blijf op de hoogte <\/h2>\n\n\n\n<p>Meld je net als bijna 500.000 anderen aan voor de<strong> Greenpeace nieuwsbrief <\/strong>en blijf op de hoogte van onze acties en campagnes en hoe je daaraan kan bijdragen.<\/p>\n\n\n\n<div style=\"height:19px\" aria-hidden=\"true\" class=\"wp-block-spacer\"><\/div>\n\n\n\n<div class=\"wp-block-buttons is-vertical is-content-justification-center is-nowrap is-layout-flex wp-container-core-buttons-is-layout-3f8e0a96 wp-block-buttons-is-layout-flex\">\n<div class=\"wp-block-button\"><a class=\"wp-block-button__link wp-element-button\" href=\"http:\/\/doemee.greenpeace.nl\/nieuwsbrief\/\" target=\"_blank\" rel=\"noopener\">Schrijf je in<\/a><\/div>\n<\/div>\n<\/div>\n\n\n\n<div class=\"wp-block-column is-layout-flow wp-block-column-is-layout-flow\">\n<p><\/p>\n\n\n\n<figure class=\"wp-block-image aligncenter size-thumbnail is-resized\"><img loading=\"lazy\" decoding=\"async\" width=\"150\" height=\"150\" src=\"https:\/\/www.greenpeace.org\/static\/planet4-netherlands-stateless\/2026\/04\/ecb15e73-19_people_power-1-150x150.png\" alt=\"\" class=\"wp-image-81346\" style=\"width:166px;height:auto\" srcset=\"https:\/\/www.greenpeace.org\/static\/planet4-netherlands-stateless\/2026\/04\/ecb15e73-19_people_power-1-150x150.png 150w, https:\/\/www.greenpeace.org\/static\/planet4-netherlands-stateless\/2026\/04\/ecb15e73-19_people_power-1.png 180w\" sizes=\"auto, (max-width: 150px) 100vw, 150px\" \/><\/figure>\n<\/div>\n<\/div>\n<\/div>\n<\/div>\n","protected":false},"excerpt":{"rendered":"<p>Bekijk onze thema&#8217;s<\/p>\n","protected":false},"author":208,"featured_media":65787,"parent":61467,"menu_order":0,"comment_status":"closed","ping_status":"closed","template":"","meta":{"ep_exclude_from_search":false,"p4_hide_page_title_checkbox":"","p4_title":"","p4_subtitle":"","p4_description":"","background_image_id":"","background_image":"","p4_button_title":"","p4_button_link":"","p4_button_link_checkbox":"","p4_og_title":"","p4_og_description":"","p4_og_image":"","p4_og_image_id":"","p4_seo_canonical_url":"","p4_campaign_name":"","p4_local_project":"","p4_basket_name":"","p4_department":"","footnotes":""},"categories":[],"tags":[],"class_list":["post-72010","page","type-page","status-publish","has-post-thumbnail","hentry"],"_links":{"self":[{"href":"https:\/\/www.greenpeace.org\/nl\/wp-json\/wp\/v2\/pages\/72010","targetHints":{"allow":["GET"]}}],"collection":[{"href":"https:\/\/www.greenpeace.org\/nl\/wp-json\/wp\/v2\/pages"}],"about":[{"href":"https:\/\/www.greenpeace.org\/nl\/wp-json\/wp\/v2\/types\/page"}],"author":[{"embeddable":true,"href":"https:\/\/www.greenpeace.org\/nl\/wp-json\/wp\/v2\/users\/208"}],"replies":[{"embeddable":true,"href":"https:\/\/www.greenpeace.org\/nl\/wp-json\/wp\/v2\/comments?post=72010"}],"version-history":[{"count":3,"href":"https:\/\/www.greenpeace.org\/nl\/wp-json\/wp\/v2\/pages\/72010\/revisions"}],"predecessor-version":[{"id":72242,"href":"https:\/\/www.greenpeace.org\/nl\/wp-json\/wp\/v2\/pages\/72010\/revisions\/72242"}],"up":[{"embeddable":true,"href":"https:\/\/www.greenpeace.org\/nl\/wp-json\/wp\/v2\/pages\/61467"}],"wp:featuredmedia":[{"embeddable":true,"href":"https:\/\/www.greenpeace.org\/nl\/wp-json\/wp\/v2\/media\/65787"}],"wp:attachment":[{"href":"https:\/\/www.greenpeace.org\/nl\/wp-json\/wp\/v2\/media?parent=72010"}],"wp:term":[{"taxonomy":"category","embeddable":true,"href":"https:\/\/www.greenpeace.org\/nl\/wp-json\/wp\/v2\/categories?post=72010"},{"taxonomy":"post_tag","embeddable":true,"href":"https:\/\/www.greenpeace.org\/nl\/wp-json\/wp\/v2\/tags?post=72010"}],"curies":[{"name":"wp","href":"https:\/\/api.w.org\/{rel}","templated":true}]}}