{"id":50216,"date":"2022-02-28T09:52:00","date_gmt":"2022-02-28T08:52:00","guid":{"rendered":"https:\/\/www.greenpeace.org\/norway\/?page_id=50216"},"modified":"2025-09-23T11:09:56","modified_gmt":"2025-09-23T10:09:56","slug":"fns-klimarapport","status":"publish","type":"page","link":"https:\/\/www.greenpeace.org\/norway\/klimaendringer\/klimaavtaler\/fns-klimarapport\/","title":{"rendered":"FNs klimarapport forklart"},"content":{"rendered":"\n                    <div class=\"wp-block-group is-vertical is-layout-flex wp-container-core-group-is-layout-8cf370e7 wp-block-group-is-layout-flex\">\n                    \n\n                    \n                    <\/div>\n                    \n<h2 class=\"wp-block-heading\">Hva er FNs klimapanel?<\/h2>\n\n<p> <strong><strong>FNs klimapanel (IPCC<\/strong><\/strong> \u2013 Intergovernmental Panel on Climate Change) utarbeider rapporter som oppsummerer og vurderer den best tilgjengelige kunnskapen om klimaet og <a href=\"https:\/\/www.greenpeace.org\/norway\/klimaendringer\/\">klimaendringene<\/a>. <strong><strong>FNs klimarapporter <\/strong><\/strong>er det viktigste vitenskapelige grunnlaget for politiske beslutninger om klima. I 2021, 2022 og 2023 har IPCC sluppet flere delrapporter som en del av en sjette <strong><strong>klimarapport. <\/strong><\/strong><\/p>\n\n<p>Her forklarer vi hva de seneste rapportene sier, og gir tips til hvordan du kan engasjere deg.<\/p>\n\n<figure class=\"wp-block-image size-large is-resized\"><img loading=\"lazy\" decoding=\"async\" src=\"https:\/\/www.greenpeace.org\/static\/planet4-norway-stateless\/2022\/04\/96f426d8-gp0stq1yz_high_res-1-1024x320.png\" alt=\"\" class=\"wp-image-50670\" width=\"1450\" height=\"453\" srcset=\"https:\/\/www.greenpeace.org\/static\/planet4-norway-stateless\/2022\/04\/96f426d8-gp0stq1yz_high_res-1-1024x320.png 1024w, https:\/\/www.greenpeace.org\/static\/planet4-norway-stateless\/2022\/04\/96f426d8-gp0stq1yz_high_res-1-300x94.png 300w, https:\/\/www.greenpeace.org\/static\/planet4-norway-stateless\/2022\/04\/96f426d8-gp0stq1yz_high_res-1-768x240.png 768w, https:\/\/www.greenpeace.org\/static\/planet4-norway-stateless\/2022\/04\/96f426d8-gp0stq1yz_high_res-1-1536x480.png 1536w, https:\/\/www.greenpeace.org\/static\/planet4-norway-stateless\/2022\/04\/96f426d8-gp0stq1yz_high_res-1-2048x640.png 2048w, https:\/\/www.greenpeace.org\/static\/planet4-norway-stateless\/2022\/04\/96f426d8-gp0stq1yz_high_res-1-510x159.png 510w\" sizes=\"auto, (max-width: 1450px) 100vw, 1450px\" \/><\/figure>\n\n<h2 class=\"wp-block-heading\">Oppsummering av klimarapporten til FNs klimapanel fra mars 2023<\/h2>\n\n<p>20. mars slapp <strong>FNs klimapanel <\/strong>den hittil siste klimarapporten sin, AR6 Synthesis Report (SYR). Synteserapporten er siste del av FNs klimapanels sjette hovedrapport. Denne <strong>klimarapporten<\/strong>\u202foppsummerer de viktigste funnene fra tidligere rapporter.&nbsp;Den sier blant annet at med hastetiltak er 1,5-gradersm\u00e5let i <a href=\"https:\/\/www.greenpeace.org\/norway\/nyheter\/klimaendringer\/hva-er-parisavtalen-ni-sporsmal-og-svar\/\">Parisavtalen <\/a>fortsatt innen rekkevidde.<\/p>\n\n<h3 class=\"wp-block-heading\"><strong>Ti hovedpunkter fra <a href=\"https:\/\/www.miljodirektoratet.no\/ansvarsomrader\/klima\/fns-klimapanel-ipcc\/dette-sier-fns-klimapanel\/sjette-hovedrapport\/hovedfunn-syr-sjette-hovedrapport\/\">FNs siste klimarapport fra 2023<\/a><\/strong><\/h3>\n\n<ol class=\"wp-block-list\">\n<li>Menneskeskapte klimaendringer er omfattende, raske og intensiverer seg<\/li>\n\n\n\n<li>P\u00e5virkninger og risikoer kommer raskere og vil bli mer alvorlige tidligere<\/li>\n\n\n\n<li>De som er minst ansvarlige for klimakrisen, rammes hardest<\/li>\n\n\n\n<li>Dagens tiltak f\u00f8rer oss mot 2,2\u20133,5 graders oppvarming<\/li>\n\n\n\n<li>Med hastetiltak er 1,5-gradersm\u00e5let i Parisavtalen fortsatt innen rekkevidde<\/li>\n\n\n\n<li>Vi er inne i et avgj\u00f8rende ti\u00e5r, og vi har alle l\u00f8sningene vi trenger<\/li>\n\n\n\n<li>Vi m\u00e5 fase ut fossile brensler raskt<\/li>\n\n\n\n<li>L\u00f8sninger m\u00e5 settes ut i livet<\/li>\n\n\n\n<li>Omstillingen m\u00e5 v\u00e6re rettferdig og inkluderende<\/li>\n\n\n\n<li>Vi trenger gjennomgripende endring, i alle sektorer\n<ul class=\"wp-block-list\">\n<li><\/li>\n<\/ul>\n<\/li>\n<\/ol>\n\n<p><a href=\"https:\/\/www.greenpeace.org\/norway\/nyheter\/klimaendringer\/fns-siste-klimarapport-fra-2023-enkelt-forklart\/\" data-type=\"post\" data-id=\"55001\">Les mer om FNs siste klimarapport fra 2023 her<\/a><\/p>\n<div data-render=\"planet4-blocks\/columns\" data-attributes=\"{&quot;attributes&quot;:{&quot;columns_title&quot;:&quot;&lt;br&gt;Oppsummering av de tidligere delrapportene fra FNs klimapanel&quot;,&quot;columns_description&quot;:&quot;&quot;,&quot;columns&quot;:[{&quot;title&quot;:&quot;Delrapport 3 \\u2013 april 2022&quot;,&quot;description&quot;:&quot;Denne rapporten fra FNs klimapanel handler om l\\u00f8sninger. Dette er redningsplanen for menneskeheten som viser til klimal\\u00f8sninger som kan og m\\u00e5 innf\\u00f8res med \\u00e9n gang.&lt;br&gt;&lt;br&gt;&lt;strong&gt;Dette er hovedpunktene:&lt;\\\/strong&gt;&lt;br&gt;1. Vi har l\\u00f8sningene vi trenger for \\u00e5 begrense oppvarmingen til 1,5\\u00b0C&lt;br&gt;2. Samfunn blir bedre med mindre forbruk&lt;br&gt;3. Penger m\\u00e5 snarest flyttes fra problemene til l\\u00f8sningene&lt;br&gt;4. N\\u00e5v\\u00e6rende nasjonale m\\u00e5l og klimapolitikk sender oss mot stupet og m\\u00e5 forbedres vesentlig&lt;br&gt;5. De som slipper ut mest, kan ogs\\u00e5 kutte mest&lt;br&gt;6. Forandringens fr\\u00f8 har allerede blitt s\\u00e5dd. N\\u00e5 m\\u00e5 alle tr\\u00e5 til.&quot;,&quot;cta_text&quot;:&quot;Les mer&quot;,&quot;cta_link&quot;:&quot;https:\\\/\\\/www.greenpeace.org\\\/norway\\\/nyheter\\\/50650\\\/6-ting-du-ma-vite\\\/&quot;,&quot;link_new_tab&quot;:true},{&quot;title&quot;:&quot;Delrapport 2 \\u2013 februar 2022&quot;,&quot;description&quot;:&quot;Denne klimarapporten handler om konsekvenser, tilpasning og s\\u00e5rbarhet, og tegner et n\\u00f8kternt bilde av hvor langt inn i klimakrisen vi allerede er kommet, hvor mye verre krisen kan bli, og hvordan vi kan h\\u00e5ndtere den.&lt;br&gt;&lt;br&gt;&lt;strong&gt;Dette er hovedpunktene:&lt;\\\/strong&gt;&lt;br&gt;1. Konsekvensene av klimakrisen blir mer alvorlige og raskere synlige&lt;br&gt;2. Vi er ikke engang forberedt p\\u00e5 de n\\u00e5v\\u00e6rende konsekvensene, og liv g\\u00e5r tapt&lt;br&gt;3. \\u00c5 begrense oppvarmingen til 1,5 grader vil minske tap og skader betydelig, men ikke eliminere dem&lt;br&gt;4. Vi m\\u00e5 gjenopprette naturen og beskytte minst 30 prosent av jorda for at den skal beskytte oss&lt;br&gt;5. Dette ti\\u00e5ret er avgj\\u00f8rende for \\u00e5 sikre en levelig, rettferdig og b\\u00e6rekraftig framtid&quot;,&quot;cta_text&quot;:&quot;Les mer&quot;,&quot;cta_link&quot;:&quot;https:\\\/\\\/www.greenpeace.org\\\/norway\\\/nyheter\\\/50285\\\/fns-klimarapport-2022-forklart\\\/&quot;,&quot;link_new_tab&quot;:true},{&quot;title&quot;:&quot;Delrapport 1 \\u2013 august 2021&quot;,&quot;description&quot;:&quot;Den f\\u00f8rste delrapporten viser til at alvorlige klimaendringer allerede er i full gang, og at menneskelig p\\u00e5virkning er \\u00e5rsaken. Handlingene vi foretar oss n\\u00e5 vil v\\u00e6re avgj\\u00f8rende for framtiden.&lt;br&gt;&lt;br&gt;&lt;strong&gt;Dette er hovedpunktene:&lt;\\\/strong&gt;&lt;br&gt;1. Gjennomsnittstemperaturen har allerede \\u00f8kt med 1,1 grader&lt;br&gt;2. Vi vil oppleve ekstremv\\u00e6r hyppigere&lt;br&gt;3. Klimaendringer vil merkes overalt p\\u00e5 jorda&lt;br&gt;4. Netto null utslipp er n\\u00f8dvendig \\u00e5 oppn\\u00e5&lt;br&gt;5. Vi trenger raske, omfattende og vedvarende kutt for \\u00e5 kunne begrense oppvarmingen til 1,5 grad. Ellers vil vi passere 1,5 grader innen 20 \\u00e5r&lt;br&gt;6. Mange av konsekvensene av klimaendringene vil regnes som irreversible de neste \\u00e5rhundrene.&quot;,&quot;cta_text&quot;:&quot;Les mer&quot;,&quot;cta_link&quot;:&quot;https:\\\/\\\/www.greenpeace.org\\\/norway\\\/nyheter\\\/9585\\\/ny-fn-rapport-gir-marsjordre-til-hoyre-ap-sp-og-frp\\\/&quot;,&quot;link_new_tab&quot;:true}],&quot;className&quot;:&quot;is-style-no_image&quot;,&quot;columns_block_style&quot;:&quot;no_image&quot;}}\"><\/div>\n<p>Denne grafen viser hvordan klimaendringene rammer, og hvor s\u00e5rbar kloden er for de ulike gradene av temperaturstigning:<\/p>\n\n<figure class=\"wp-block-image aligncenter size-full is-resized caption-alignment-center\"><img loading=\"lazy\" decoding=\"async\" src=\"https:\/\/www.greenpeace.org\/static\/planet4-norway-stateless\/2022\/02\/7be6e3b7-rityta-1.png\" alt=\"28. februar 2022 leverte FNs klimapanel (IPCC \u2013 Intergovernmental Panel on Climate Change) den hittil siste klimarapporten, delrapport 2 i den sjette hovedrapporten. Det er klimapanelets mest omfattende vurdering av klimap\u00e5virkninger til n\u00e5. Grafen viser hvordan klimaendringene rammer, og hvor s\u00e5rbar kloden er for de ulike gradene av temperaturstigning.\" class=\"wp-image-50292\" width=\"1208\" height=\"1046\" srcset=\"https:\/\/www.greenpeace.org\/static\/planet4-norway-stateless\/2022\/02\/7be6e3b7-rityta-1.png 573w, https:\/\/www.greenpeace.org\/static\/planet4-norway-stateless\/2022\/02\/7be6e3b7-rityta-1-300x260.png 300w, https:\/\/www.greenpeace.org\/static\/planet4-norway-stateless\/2022\/02\/7be6e3b7-rityta-1-392x340.png 392w\" sizes=\"auto, (max-width: 1208px) 100vw, 1208px\" \/><figcaption class=\"wp-element-caption\"><em>S\u00f8ylen som ligger til lengst venstre (1) viser hvor utsatt \u00f8kosystemer er for \u00f8kt global temperatur. For eksempel st\u00e5r korallrev i fare for \u00e5 d\u00f8 ut, selv om vi klarer \u00e5 begrense oppvarmingen til 1,5 grader.<\/em> <em>Videre vil ekstremv\u00e6r komme mer hyppig enn det vi opplever i dag (2).<\/em> <em>Grafen kan ogs\u00e5 fortelle oss at klimakrisen vil ramme ulikt. Det er mer sannsynlig at klimap\u00e5virkningen vil v\u00e6re st\u00f8rre i enkelte lokale omr\u00e5der (3), enn globalt. (4)<\/em> <em>Den siste s\u00f8ylen (5) viser hvor stor risikoen for enkelthendelser av stor skala skjer, som skogbranner, tyfoner og flommer.<\/em><\/figcaption><\/figure>\n\n<div style=\"height:20px\" aria-hidden=\"true\" class=\"wp-block-spacer\"><\/div>\n\n<h2 class=\"wp-block-heading\">Gustaf Skarsg\u00e5rd oppsummerer FNs klimarapport<\/h2>\n\n<p>Se videoen av v\u00e5r ambassad\u00f8r, skuespiller Gustaf Skarsg\u00e5rd, der han oppsummerer innholdet i rapporten p\u00e5 fem minutter:<\/p>\n\n<figure class=\"wp-block-embed is-type-video is-provider-youtube wp-block-embed-youtube wp-embed-aspect-16-9 wp-has-aspect-ratio\"><div class=\"wp-block-embed__wrapper\">\n<lite-youtube style=\"background-image: url('https:\/\/i.ytimg.com\/vi\/w0fhS5Oo_CI\/hqdefault.jpg');\" videoid=\"w0fhS5Oo_CI\" params=\"rel=0\"><\/lite-youtube>\n<\/div><\/figure>\n\n<p><strong>LES OGS\u00c5:<\/strong> <a href=\"https:\/\/www.greenpeace.org\/norway\/fakta\/klimaendringer\/din-guide-til-klimatoppmotet-cop28-i-dubai-2023\/\">Din guide til klimatoppm\u00f8tet COP28 i Dubai 2023<\/a><\/p>\n<div data-render=\"planet4-blocks\/columns\" data-attributes=\"{&quot;attributes&quot;:{&quot;columns_block_style&quot;:&quot;image&quot;,&quot;columns_title&quot;:&quot;Norges rolle basert p\\u00e5 FNs klimapanels rapporter&quot;,&quot;columns_description&quot;:&quot;Norske myndigheter kan spille en n\\u00f8kkelrolle i \\u00e5 berge en levelig jordklode for dagens unge. Da er det tre tiltak som er spesielt viktig at Norge gjennomf\\u00f8rer:&quot;,&quot;columns&quot;:[{&quot;title&quot;:&quot;Slutte med fossile brensler&quot;,&quot;description&quot;:&quot;Forskerne er tydelige p\\u00e5 at verden allerede har funnet langt mer olje og gass enn vi kan bruke. Norge b\\u00f8r tre inn i rekken av land som lar sin olje og gass ligge, og sette i gang en rettferdig omstillingsplan for arbeiderne i oljen\\u00e6ringen.&quot;,&quot;attachment&quot;:&quot;https:\\\/\\\/www.greenpeace.org\\\/static\\\/planet4-norway-stateless\\\/2022\\\/02\\\/f87fc48e-gp0stt9au_web_size-1-e1645989619919-510x340.jpg&quot;,&quot;attachment_srcset&quot;:&quot;https:\\\/\\\/www.greenpeace.org\\\/static\\\/planet4-norway-stateless\\\/2022\\\/02\\\/f87fc48e-gp0stt9au_web_size-1-e1645989619919-510x340.jpg 510w, https:\\\/\\\/www.greenpeace.org\\\/static\\\/planet4-norway-stateless\\\/2022\\\/02\\\/f87fc48e-gp0stt9au_web_size-1-e1645989619919-300x200.jpg 300w, https:\\\/\\\/www.greenpeace.org\\\/static\\\/planet4-norway-stateless\\\/2022\\\/02\\\/f87fc48e-gp0stt9au_web_size-1-e1645989619919.jpg 616w&quot;},{&quot;title&quot;:&quot;Beskytte minst 30 prosent av havet innen 2030&quot;,&quot;description&quot;:&quot;Klimarapporten viser at naturen er det beste forsvaret vi har mot klimaendringer. Intakt natur minsker b\\u00e5de klimautslippene og effekten av klimaendringene. Norge b\\u00f8r g\\u00e5 inn for \\u00e5 verne minst 30 prosent av alle land- og havomr\\u00e5der, og arbeide for at resten av verden gj\\u00f8r det samme.&quot;,&quot;attachment&quot;:&quot;https:\\\/\\\/www.greenpeace.org\\\/static\\\/planet4-norway-stateless\\\/2020\\\/04\\\/9b5e6037-gp04l30_web_size-510x330.jpg&quot;,&quot;cta_link&quot;:&quot;https:\\\/\\\/www.greenpeace.org\\\/norway\\\/vaer-med\\\/beskytt-havet\\\/beskytt-havene\\\/&quot;,&quot;attachment_srcset&quot;:&quot;https:\\\/\\\/www.greenpeace.org\\\/static\\\/planet4-norway-stateless\\\/2020\\\/04\\\/9b5e6037-gp04l30_web_size-510x330.jpg 510w, https:\\\/\\\/www.greenpeace.org\\\/static\\\/planet4-norway-stateless\\\/2020\\\/04\\\/9b5e6037-gp04l30_web_size-300x194.jpg 300w, https:\\\/\\\/www.greenpeace.org\\\/static\\\/planet4-norway-stateless\\\/2020\\\/04\\\/9b5e6037-gp04l30_web_size-768x497.jpg 768w, https:\\\/\\\/www.greenpeace.org\\\/static\\\/planet4-norway-stateless\\\/2020\\\/04\\\/9b5e6037-gp04l30_web_size.jpg 800w&quot;},{&quot;title&quot;:&quot;Lage et system som ivaretar klimaflyktninger&quot;,&quot;description&quot;:&quot;FNs Klimapanel peker p\\u00e5 at store landomr\\u00e5der kan bli fullstendig ubeboelige. N\\u00e5 haster det \\u00e5 tilrettelegge for at de millionene av menneskene som vil havne p\\u00e5 flukt p\\u00e5 grunn av klimaendringene f\\u00e5r rettigheter, et sted \\u00e5 dra, og et internasjonalt system som ivaretar dem.&quot;,&quot;attachment&quot;:&quot;https:\\\/\\\/www.greenpeace.org\\\/static\\\/planet4-norway-stateless\\\/2022\\\/02\\\/4276c6df-gp1sus2u_web_size-510x340.jpg&quot;,&quot;attachment_srcset&quot;:&quot;https:\\\/\\\/www.greenpeace.org\\\/static\\\/planet4-norway-stateless\\\/2022\\\/02\\\/4276c6df-gp1sus2u_web_size-510x340.jpg 510w, https:\\\/\\\/www.greenpeace.org\\\/static\\\/planet4-norway-stateless\\\/2022\\\/02\\\/4276c6df-gp1sus2u_web_size-300x200.jpg 300w, https:\\\/\\\/www.greenpeace.org\\\/static\\\/planet4-norway-stateless\\\/2022\\\/02\\\/4276c6df-gp1sus2u_web_size-768x513.jpg 768w, https:\\\/\\\/www.greenpeace.org\\\/static\\\/planet4-norway-stateless\\\/2022\\\/02\\\/4276c6df-gp1sus2u_web_size.jpg 800w&quot;}],&quot;className&quot;:&quot;is-style-image&quot;}}\"><\/div><div data-render=\"planet4-blocks\/columns\" data-attributes=\"{&quot;attributes&quot;:{&quot;columns_block_style&quot;:&quot;tasks&quot;,&quot;columns_title&quot;:&quot;Hva du kan gj\\u00f8re etter \\u00e5 ha lest om FNs klimarapporter&quot;,&quot;columns_description&quot;:&quot;&quot;,&quot;columns&quot;:[{&quot;title&quot;:&quot;Del i sosiale medier&quot;,&quot;description&quot;:&quot;Del informasjon om klimakrisen med andre. F\\u00f8lg oss p\\u00e5 sosiale medier (Facebook, Twitter og Instagram), og del innholdet v\\u00e5rt med vennene dine. Bruk hashtags og tag politikere eller selskaper.&quot;,&quot;attachment&quot;:0,&quot;cta_link&quot;:&quot;https:\\\/\\\/www.instagram.com\\\/p\\\/CqA9XDFuU5U\\\/&quot;,&quot;cta_text&quot;:&quot;Del&quot;,&quot;link_new_tab&quot;:true},{&quot;title&quot;:&quot;Bidra til \\u00e5 legge press p\\u00e5 politikerne&quot;,&quot;description&quot;:&quot;Politikere har et s\\u00e6rlig stort ansvar for \\u00e5 l\\u00f8se klimakrisen. Skriv kronikker, engasjer deg i et parti, delta p\\u00e5 demontrasjoner eller ta direkte kontakt med politikere. Les flere av tipsene v\\u00e5re her.&quot;,&quot;attachment&quot;:0,&quot;cta_link&quot;:&quot;https:\\\/\\\/www.greenpeace.org\\\/norway\\\/tips\\\/50183\\\/klimakrisen-fire-ting-du-kan-gjore\\\/&quot;,&quot;cta_text&quot;:&quot;Les mer&quot;,&quot;link_new_tab&quot;:true},{&quot;title&quot;:&quot;St\\u00f8tt en milj\\u00f8organisasjon&quot;,&quot;description&quot;:&quot;Vi i Greenpeace dedikerer arbeidet v\\u00e5rt til \\u00e5 l\\u00f8se klimakrisen. Vi konfronterer makthavere, har aksjoner og setter klimakrisen p\\u00e5 dagsordenen. Vi vet at arbeidet v\\u00e5rt nytter, og med flere bidragsyterere kan vi gj\\u00f8re en enda bedre jobb.&quot;,&quot;attachment&quot;:0,&quot;cta_link&quot;:&quot;https:\\\/\\\/bidra.greenpeace.org\\\/d\\\/~min-donasjon&quot;,&quot;cta_text&quot;:&quot;Bidra&quot;,&quot;link_new_tab&quot;:true}],&quot;className&quot;:&quot;is-style-tasks&quot;}}\"><\/div>\n<p>Les mer om hva du kan gj\u00f8re <a href=\"https:\/\/www.greenpeace.org\/norway\/tips\/50183\/klimakrisen-fire-ting-du-kan-gjore\/\" data-type=\"URL\" data-id=\"https:\/\/www.greenpeace.org\/norway\/tips\/50183\/klimakrisen-fire-ting-du-kan-gjore\/\">her<\/a>. <\/p>\n\n    <div class=\"wp-block-query posts-list p4-query-loop is-custom-layout-list is-layout-flow wp-block-query-is-layout-flow\">\n        <div class=\"wp-block-group is-content-justification-space-between is-layout-flex wp-container-core-group-is-layout-3d213aab wp-block-group-is-layout-flex\"><h2 class=\"wp-block-heading\">Artikler relatert til klimaendringer og FNs klimarapporter<\/h2>\n        \n        \n        <\/div>\n        \n\n    <p style=\"margin-top: 24px; margin-bottom: 36px;\"><\/p>\n\n    \n\n    <ul class=\"wp-block-post-template is-layout-flow wp-block-post-template-is-layout-flow\"><li class=\"wp-block-post post-66925 post type-post status-publish format-standard has-post-thumbnail hentry category-energi tag-fossilenergi tag-internasjonaleavtaler tag-losninger p4-page-type-nyheter\">\n            \n<div class=\"wp-block-columns is-layout-flex wp-container-core-columns-is-layout-9d6595d7 wp-block-columns-is-layout-flex\"><figure class=\"wp-block-post-featured-image\"><a href=\"https:\/\/www.greenpeace.org\/norway\/nyheter\/energi\/fire-ting-du-bor-vite-om-santa-marta-konferansen\/\" target=\"_self\"  ><img loading=\"lazy\" decoding=\"async\" width=\"1200\" height=\"800\" src=\"https:\/\/www.greenpeace.org\/static\/planet4-norway-stateless\/2022\/12\/3557fe93-gp0stupwg.jpg\" class=\"attachment-post-thumbnail size-post-thumbnail wp-post-image wp-stateless-item\" alt=\"Fire ting du b\u00f8r vite om Santa Marta-konferansen\u00a0\" style=\"object-fit:cover;\" srcset=\"https:\/\/www.greenpeace.org\/static\/planet4-norway-stateless\/2022\/12\/3557fe93-gp0stupwg.jpg 1200w, https:\/\/www.greenpeace.org\/static\/planet4-norway-stateless\/2022\/12\/3557fe93-gp0stupwg-300x200.jpg 300w, https:\/\/www.greenpeace.org\/static\/planet4-norway-stateless\/2022\/12\/3557fe93-gp0stupwg-1024x683.jpg 1024w, https:\/\/www.greenpeace.org\/static\/planet4-norway-stateless\/2022\/12\/3557fe93-gp0stupwg-768x512.jpg 768w, https:\/\/www.greenpeace.org\/static\/planet4-norway-stateless\/2022\/12\/3557fe93-gp0stupwg-510x340.jpg 510w\" sizes=\"auto, (max-width: 1200px) 100vw, 1200px\" data-image-size=\"post-thumbnail\" data-stateless-media-bucket=\"planet4-norway-stateless\" data-stateless-media-name=\"2022\/12\/3557fe93-gp0stupwg.jpg\" \/><\/a><\/figure>\n\n        <div class=\"wp-block-group is-layout-flow wp-block-group-is-layout-flow\">\n                <div class=\"wp-block-group is-layout-flex wp-block-group-is-layout-flex\"><div class=\"wp-block-post-terms\"><a href=\"https:\/\/www.greenpeace.org\/norway\/kategori\/energi\/\">Energi<\/a><\/div>\n                <div class=\"taxonomy-post_tag wp-block-post-terms\"><a href=\"https:\/\/www.greenpeace.org\/norway\/tag\/fossilenergi\/\" rel=\"tag\">fossilenergi<\/a><span class=\"wp-block-post-terms__separator\"> <\/span><a href=\"https:\/\/www.greenpeace.org\/norway\/tag\/internasjonaleavtaler\/\" rel=\"tag\">internasjonaleavtaler<\/a><span class=\"wp-block-post-terms__separator\"> <\/span><a href=\"https:\/\/www.greenpeace.org\/norway\/tag\/losninger\/\" rel=\"tag\">l\u00f8sninger<\/a><\/div>\n                \n                <\/div>\n                \n        <h3 class=\"wp-block-post-title\"><a href=\"https:\/\/www.greenpeace.org\/norway\/nyheter\/energi\/fire-ting-du-bor-vite-om-santa-marta-konferansen\/\" target=\"_self\" >Fire ting du b\u00f8r vite om Santa Marta-konferansen\u00a0<\/a><\/h3>\n        <div class=\"wp-block-post-excerpt\"><p class=\"wp-block-post-excerpt__excerpt\">Santa Marta-konferansen 2026 samler rundt 60 land for \u00e5 diskutere utfasing av fossil energi. Hva er konferansen, og hvorfor er den viktig? <\/p><\/div>\n        \n        <div class=\"wp-block-group posts-list-meta is-layout-flow wp-block-group-is-layout-flow\"><span class='article-list-item-author'>Elise \u00c5snes<\/span>\n        <div class=\"wp-block-post-date\"><time datetime=\"2026-04-23T08:41:21+01:00\">23 april, 2026<\/time><\/div>\n        \n        <\/div>\n        <\/div>\n        <\/div>\n\n            <\/li><li class=\"wp-block-post post-66560 post type-post status-publish format-standard has-post-thumbnail hentry category-klimaendringer tag-fossilenergi tag-forurensning tag-klimakrise tag-sportsvasking tag-klimaeffekter p4-page-type-nyheter\">\n            \n<div class=\"wp-block-columns is-layout-flex wp-container-core-columns-is-layout-9d6595d7 wp-block-columns-is-layout-flex\"><figure class=\"wp-block-post-featured-image\"><a href=\"https:\/\/www.greenpeace.org\/norway\/nyheter\/klimaendringer\/klimakrisen-og-vinter-ols-framtid\/\" target=\"_self\"  ><img loading=\"lazy\" decoding=\"async\" width=\"2560\" height=\"1440\" src=\"https:\/\/www.greenpeace.org\/static\/planet4-norway-stateless\/2026\/02\/cd3ff9dc-oilympics_3.1.2-2-scaled.jpg\" class=\"attachment-post-thumbnail size-post-thumbnail wp-post-image wp-stateless-item\" alt=\"Klimakrisen og vinter-OLs framtid\" style=\"object-fit:cover;\" srcset=\"https:\/\/www.greenpeace.org\/static\/planet4-norway-stateless\/2026\/02\/cd3ff9dc-oilympics_3.1.2-2-scaled.jpg 2560w, https:\/\/www.greenpeace.org\/static\/planet4-norway-stateless\/2026\/02\/cd3ff9dc-oilympics_3.1.2-2-300x169.jpg 300w, https:\/\/www.greenpeace.org\/static\/planet4-norway-stateless\/2026\/02\/cd3ff9dc-oilympics_3.1.2-2-1024x576.jpg 1024w, https:\/\/www.greenpeace.org\/static\/planet4-norway-stateless\/2026\/02\/cd3ff9dc-oilympics_3.1.2-2-768x432.jpg 768w, https:\/\/www.greenpeace.org\/static\/planet4-norway-stateless\/2026\/02\/cd3ff9dc-oilympics_3.1.2-2-1536x864.jpg 1536w, https:\/\/www.greenpeace.org\/static\/planet4-norway-stateless\/2026\/02\/cd3ff9dc-oilympics_3.1.2-2-2048x1152.jpg 2048w, https:\/\/www.greenpeace.org\/static\/planet4-norway-stateless\/2026\/02\/cd3ff9dc-oilympics_3.1.2-2-510x287.jpg 510w\" sizes=\"auto, (max-width: 2560px) 100vw, 2560px\" data-image-size=\"post-thumbnail\" data-stateless-media-bucket=\"planet4-norway-stateless\" data-stateless-media-name=\"2026\/02\/cd3ff9dc-oilympics_3.1.2-2-scaled.jpg\" \/><\/a><\/figure>\n\n        <div class=\"wp-block-group is-layout-flow wp-block-group-is-layout-flow\">\n                <div class=\"wp-block-group is-layout-flex wp-block-group-is-layout-flex\"><div class=\"wp-block-post-terms\"><a href=\"https:\/\/www.greenpeace.org\/norway\/kategori\/klimaendringer\/\">Klimaendringer<\/a><\/div>\n                <div class=\"taxonomy-post_tag wp-block-post-terms\"><a href=\"https:\/\/www.greenpeace.org\/norway\/tag\/fossilenergi\/\" rel=\"tag\">fossilenergi<\/a><span class=\"wp-block-post-terms__separator\"> <\/span><a href=\"https:\/\/www.greenpeace.org\/norway\/tag\/forurensning\/\" rel=\"tag\">forurensning<\/a><span class=\"wp-block-post-terms__separator\"> <\/span><a href=\"https:\/\/www.greenpeace.org\/norway\/tag\/klimakrise\/\" rel=\"tag\">klimakrise<\/a><span class=\"wp-block-post-terms__separator\"> <\/span><a href=\"https:\/\/www.greenpeace.org\/norway\/tag\/sportsvasking\/\" rel=\"tag\">sportsvasking<\/a><span class=\"wp-block-post-terms__separator\"> <\/span><a href=\"https:\/\/www.greenpeace.org\/norway\/tag\/klimaeffekter\/\" rel=\"tag\">klimaeffekter<\/a><\/div>\n                \n                <\/div>\n                \n        <h3 class=\"wp-block-post-title\"><a href=\"https:\/\/www.greenpeace.org\/norway\/nyheter\/klimaendringer\/klimakrisen-og-vinter-ols-framtid\/\" target=\"_self\" >Klimakrisen og vinter-OLs framtid<\/a><\/h3>\n        <div class=\"wp-block-post-excerpt\"><p class=\"wp-block-post-excerpt__excerpt\">Mer enn halvparten av de potensielle vertsbyene for vinterlekene vil v\u00e6re \u00abklimatisk up\u00e5litelige\u00bb innen 2080-tallet! <\/p><\/div>\n        \n        <div class=\"wp-block-group posts-list-meta is-layout-flow wp-block-group-is-layout-flow\"><span class='article-list-item-author'>Sophie Allain<\/span>\n        <div class=\"wp-block-post-date\"><time datetime=\"2026-02-06T17:01:24+01:00\">6 februar, 2026<\/time><\/div>\n        \n        <\/div>\n        <\/div>\n        <\/div>\n\n            <\/li><li class=\"wp-block-post post-66547 post type-post status-publish format-standard has-post-thumbnail hentry category-energi tag-fossilenergi tag-equinor tag-klimakrise p4-page-type-nyheter\">\n            \n<div class=\"wp-block-columns is-layout-flex wp-container-core-columns-is-layout-9d6595d7 wp-block-columns-is-layout-flex\"><figure class=\"wp-block-post-featured-image\"><a href=\"https:\/\/www.greenpeace.org\/norway\/nyheter\/energi\/equinors-kvartalsrapport-99-prosent-fossil-energi\/\" target=\"_self\"  ><img loading=\"lazy\" decoding=\"async\" width=\"1200\" height=\"900\" src=\"https:\/\/www.greenpeace.org\/static\/planet4-norway-stateless\/2026\/02\/8b2e36fe-gp0stzjrv.jpg\" class=\"attachment-post-thumbnail size-post-thumbnail wp-post-image wp-stateless-item\" alt=\"Equinors kvartalsrapport: 99 prosent fossil energi\" style=\"object-fit:cover;\" srcset=\"https:\/\/www.greenpeace.org\/static\/planet4-norway-stateless\/2026\/02\/8b2e36fe-gp0stzjrv.jpg 1200w, https:\/\/www.greenpeace.org\/static\/planet4-norway-stateless\/2026\/02\/8b2e36fe-gp0stzjrv-300x225.jpg 300w, https:\/\/www.greenpeace.org\/static\/planet4-norway-stateless\/2026\/02\/8b2e36fe-gp0stzjrv-1024x768.jpg 1024w, https:\/\/www.greenpeace.org\/static\/planet4-norway-stateless\/2026\/02\/8b2e36fe-gp0stzjrv-768x576.jpg 768w, https:\/\/www.greenpeace.org\/static\/planet4-norway-stateless\/2026\/02\/8b2e36fe-gp0stzjrv-453x340.jpg 453w\" sizes=\"auto, (max-width: 1200px) 100vw, 1200px\" data-image-size=\"post-thumbnail\" data-stateless-media-bucket=\"planet4-norway-stateless\" data-stateless-media-name=\"2026\/02\/8b2e36fe-gp0stzjrv.jpg\" \/><\/a><\/figure>\n\n        <div class=\"wp-block-group is-layout-flow wp-block-group-is-layout-flow\">\n                <div class=\"wp-block-group is-layout-flex wp-block-group-is-layout-flex\"><div class=\"wp-block-post-terms\"><a href=\"https:\/\/www.greenpeace.org\/norway\/kategori\/energi\/\">Energi<\/a><\/div>\n                <div class=\"taxonomy-post_tag wp-block-post-terms\"><a href=\"https:\/\/www.greenpeace.org\/norway\/tag\/fossilenergi\/\" rel=\"tag\">fossilenergi<\/a><span class=\"wp-block-post-terms__separator\"> <\/span><a href=\"https:\/\/www.greenpeace.org\/norway\/tag\/equinor\/\" rel=\"tag\">equinor<\/a><span class=\"wp-block-post-terms__separator\"> <\/span><a href=\"https:\/\/www.greenpeace.org\/norway\/tag\/klimakrise\/\" rel=\"tag\">klimakrise<\/a><\/div>\n                \n                <\/div>\n                \n        <h3 class=\"wp-block-post-title\"><a href=\"https:\/\/www.greenpeace.org\/norway\/nyheter\/energi\/equinors-kvartalsrapport-99-prosent-fossil-energi\/\" target=\"_self\" >Equinors kvartalsrapport: 99 prosent fossil energi<\/a><\/h3>\n        <div class=\"wp-block-post-excerpt\"><p class=\"wp-block-post-excerpt__excerpt\">Equinor feirer milliardoverskudd mens klimakrisa herjer. Fortsatt er mindre enn 1 prosent av energien Equinor produserer, fornybar. <\/p><\/div>\n        \n        <div class=\"wp-block-group posts-list-meta is-layout-flow wp-block-group-is-layout-flow\"><span class='article-list-item-author'><a href='https:\/\/www.greenpeace.org\/norway\/author\/jbaksaas\/'>Jenny Marie Baksaas<\/a><\/span>\n        <div class=\"wp-block-post-date\"><time datetime=\"2026-02-05T13:06:47+01:00\">5 februar, 2026<\/time><\/div>\n        \n        <\/div>\n        <\/div>\n        <\/div>\n\n            <\/li><\/ul>\n\n    \n<div class=\"wp-block-buttons carousel-controls is-horizontal is-content-justification-space-between is-nowrap is-layout-flex wp-container-core-buttons-is-layout-044bd602 wp-block-buttons-is-layout-flex\">\n            <div class=\"wp-block-button carousel-control-prev\"><button type=\"button\" class=\"wp-block-button__link wp-element-button\">Prev<\/button><\/div>\n        \n\n            <div class=\"wp-block-button carousel-control-next\"><button type=\"button\" class=\"wp-block-button__link wp-element-button\">Next<\/button><\/div>\n        <\/div>\n\n\n    <\/div>\n    \n    <div class=\"wp-block-query posts-list p4-query-loop is-custom-layout-list is-layout-flow wp-block-query-is-layout-flow\">\n        <div class=\"wp-block-group is-content-justification-space-between is-layout-flex wp-container-core-group-is-layout-3d213aab wp-block-group-is-layout-flex\"><h2 class=\"wp-block-heading\">Pressmeldinger<\/h2>\n        \n        \n        <\/div>\n        \n\n    <p style=\"margin-top: 24px; margin-bottom: 36px;\"><\/p>\n\n    <div class=\"wp-block-query-no-results\">\n        <p >No posts found.<\/p>\n        <\/div>\n\n    \n\n    \n<div class=\"wp-block-buttons carousel-controls is-horizontal is-content-justification-space-between is-nowrap is-layout-flex wp-container-core-buttons-is-layout-044bd602 wp-block-buttons-is-layout-flex\">\n            <div class=\"wp-block-button carousel-control-prev\"><button type=\"button\" class=\"wp-block-button__link wp-element-button\">Prev<\/button><\/div>\n        \n\n            <div class=\"wp-block-button carousel-control-next\"><button type=\"button\" class=\"wp-block-button__link wp-element-button\">Next<\/button><\/div>\n        <\/div>\n\n\n    <\/div>\n    \n    <div class=\"wp-block-query posts-list p4-query-loop is-custom-layout-list is-layout-flow wp-block-query-is-layout-flow\">\n        <div class=\"wp-block-group is-content-justification-space-between is-layout-flex wp-container-core-group-is-layout-3d213aab wp-block-group-is-layout-flex\"><h2 class=\"wp-block-heading\">Pressmeldinger<\/h2>\n        \n        \n        <\/div>\n        \n\n    <p style=\"margin-top: 24px; margin-bottom: 36px;\"><\/p>\n\n    <div class=\"wp-block-query-no-results\">\n        <p >No posts found.<\/p>\n        <\/div>\n\n    \n\n    \n<div class=\"wp-block-buttons carousel-controls is-horizontal is-content-justification-space-between is-nowrap is-layout-flex wp-container-core-buttons-is-layout-044bd602 wp-block-buttons-is-layout-flex\">\n            <div class=\"wp-block-button carousel-control-prev\"><button type=\"button\" class=\"wp-block-button__link wp-element-button\">Prev<\/button><\/div>\n        \n\n            <div class=\"wp-block-button carousel-control-next\"><button type=\"button\" class=\"wp-block-button__link wp-element-button\">Next<\/button><\/div>\n        <\/div>\n\n\n    <\/div>\n    ","protected":false},"excerpt":{"rendered":"<p>F\u00e5 viktig innsikt om FNs klimapanels rapporter hos Greenpeace Norge. Utforsk konsekvensene av klimaendringer og handlingsmuligheter for en b\u00e6rekraftig planet.<\/p>\n","protected":false},"author":74,"featured_media":50227,"parent":52221,"menu_order":0,"comment_status":"closed","ping_status":"closed","template":"","meta":{"ep_exclude_from_search":false,"p4_hide_page_title_checkbox":"","p4_title":"","p4_subtitle":"","p4_description":"","background_image_id":"","background_image":"","p4_button_title":"","p4_button_link":"","p4_button_link_checkbox":"","p4_og_title":"Fakta om FNs klimapanel og FNs klimarapporter","p4_og_description":"","p4_og_image":"","p4_og_image_id":"","p4_seo_canonical_url":"","p4_campaign_name":"not set","p4_local_project":"not set","p4_basket_name":"not set","p4_department":"","footnotes":""},"categories":[1],"tags":[62,30],"class_list":["post-50216","page","type-page","status-publish","has-post-thumbnail","hentry","category-klimaendringer","tag-internasjonaleavtaler","tag-klimaeffekter"],"_links":{"self":[{"href":"https:\/\/www.greenpeace.org\/norway\/wp-json\/wp\/v2\/pages\/50216","targetHints":{"allow":["GET"]}}],"collection":[{"href":"https:\/\/www.greenpeace.org\/norway\/wp-json\/wp\/v2\/pages"}],"about":[{"href":"https:\/\/www.greenpeace.org\/norway\/wp-json\/wp\/v2\/types\/page"}],"author":[{"embeddable":true,"href":"https:\/\/www.greenpeace.org\/norway\/wp-json\/wp\/v2\/users\/74"}],"replies":[{"embeddable":true,"href":"https:\/\/www.greenpeace.org\/norway\/wp-json\/wp\/v2\/comments?post=50216"}],"version-history":[{"count":21,"href":"https:\/\/www.greenpeace.org\/norway\/wp-json\/wp\/v2\/pages\/50216\/revisions"}],"predecessor-version":[{"id":65897,"href":"https:\/\/www.greenpeace.org\/norway\/wp-json\/wp\/v2\/pages\/50216\/revisions\/65897"}],"up":[{"embeddable":true,"href":"https:\/\/www.greenpeace.org\/norway\/wp-json\/wp\/v2\/pages\/52221"}],"wp:featuredmedia":[{"embeddable":true,"href":"https:\/\/www.greenpeace.org\/norway\/wp-json\/wp\/v2\/media\/50227"}],"wp:attachment":[{"href":"https:\/\/www.greenpeace.org\/norway\/wp-json\/wp\/v2\/media?parent=50216"}],"wp:term":[{"taxonomy":"category","embeddable":true,"href":"https:\/\/www.greenpeace.org\/norway\/wp-json\/wp\/v2\/categories?post=50216"},{"taxonomy":"post_tag","embeddable":true,"href":"https:\/\/www.greenpeace.org\/norway\/wp-json\/wp\/v2\/tags?post=50216"}],"curies":[{"name":"wp","href":"https:\/\/api.w.org\/{rel}","templated":true}]}}