{"id":52244,"date":"2022-12-06T22:03:22","date_gmt":"2022-12-06T21:03:22","guid":{"rendered":"https:\/\/www.greenpeace.org\/norway\/?page_id=52244"},"modified":"2026-04-08T09:55:28","modified_gmt":"2026-04-08T08:55:28","slug":"olje-og-gass","status":"publish","type":"page","link":"https:\/\/www.greenpeace.org\/norway\/energi\/olje-og-gass\/","title":{"rendered":"Olje og gass"},"content":{"rendered":"\n<div class=\"wp-block-group is-pattern-p4-deep-dive-topic-pattern-layout is-layout-flow wp-block-group-is-layout-flow\">\n<div class=\"wp-block-group alignfull has-grey-100-background-color has-background is-layout-flow wp-block-group-is-layout-flow\" style=\"padding-top:56px;padding-bottom:56px\">\n<div class=\"wp-block-group container is-layout-flow wp-block-group-is-layout-flow\">\n<div class=\"wp-block-media-text alignfull has-media-on-the-right is-stacked-on-mobile is-pattern-p4-page-header is-style-parallax\"><div class=\"wp-block-media-text__content\">\n<div class=\"wp-block-group is-layout-flow wp-block-group-is-layout-flow\">\n<h1 class=\"wp-block-heading has-grey-100-background-color has-background\">Olje og gass<\/h1>\n<\/div>\n\n\n\n<p style=\"font-size:1.25rem\">Verdens karbonbudsjett har ikke plass til nye fossilprosjekter om vi skal holde den globale oppvarmingen under 1,5 grader. Nesten all norsk olje og gass som produseres blir eksportert og slipper hvert \u00e5r ut over 500 millioner tonn CO2.<\/p>\n\n\n\n<div class=\"wp-block-buttons is-layout-flex wp-block-buttons-is-layout-flex\"><\/div>\n<\/div><figure class=\"wp-block-media-text__media\"><img loading=\"lazy\" decoding=\"async\" width=\"800\" height=\"533\" src=\"https:\/\/www.greenpeace.org\/static\/planet4-norway-stateless\/2019\/04\/be7c31f2-be7c31f2-songa-action.jpg\" alt=\"Protest mot oljeselskapet Statoil, n\u00e5 Equinor, ved oljeriggen Songa Enabler, for \u00e5 f\u00e5 selskapet til \u00e5 slutte \u00e5 lete etter mer olje i Arktis.\" sizes=\"auto, (min-width: 601px) 50vw, 100vw\" srcset=\"https:\/\/www.greenpeace.org\/static\/planet4-norway-stateless\/2019\/04\/be7c31f2-be7c31f2-songa-action.jpg 800w, https:\/\/www.greenpeace.org\/static\/planet4-norway-stateless\/2019\/04\/be7c31f2-be7c31f2-songa-action-300x200.jpg 300w, https:\/\/www.greenpeace.org\/static\/planet4-norway-stateless\/2019\/04\/be7c31f2-be7c31f2-songa-action-768x512.jpg 768w, https:\/\/www.greenpeace.org\/static\/planet4-norway-stateless\/2019\/04\/be7c31f2-be7c31f2-songa-action-510x340.jpg 510w\" class=\"wp-image-1055 size-full\"\/><\/figure><\/div>\n<\/div>\n<\/div>\n\n\n\n<style>.wp-block-group.alignfull.has-background.is-layout-flow{padding:0!important;}<\/style>\n\n<div style=\"height:15px\" aria-hidden=\"true\" class=\"wp-block-spacer\"><\/div>\n\n<div class=\"wp-block-columns is-style-mobile-carousel secondary-menu is-layout-flex wp-container-core-columns-is-layout-9d6595d7 wp-block-columns-is-layout-flex\">\n<div class=\"wp-block-column is-layout-flow wp-block-column-is-layout-flow\" style=\"flex-basis:15%\"><\/div>\n\n\n\n<div class=\"wp-block-column brdr-bottom is-layout-flow wp-block-column-is-layout-flow\">\n<div class=\"wp-block-group is-style-reset-margin flex-wrap is-content-justification-center is-nowrap is-layout-flex wp-container-core-group-is-layout-499140ed wp-block-group-is-layout-flex\">\n<p class=\"has-text-align-center is-style-roboto-font-family nav-link\" style=\"font-size:16px\"><a href=\"#problemet\"><strong>Problemet<\/strong><\/a><\/p>\n\n\n\n<div style=\"height:30px;width:0px\" aria-hidden=\"true\" class=\"wp-block-spacer wp-container-content-728072c3\"><\/div>\n\n\n\n<p>\u2022<\/p>\n\n\n\n<div style=\"height:30px;width:0px\" aria-hidden=\"true\" class=\"wp-block-spacer wp-container-content-728072c3\"><\/div>\n\n\n\n<p class=\"has-text-align-center is-style-roboto-font-family nav-link\" style=\"font-size:16px\"><a href=\"#hva-vi-gjoer\"><strong>Hva vi gj\u00f8r<\/strong><\/a><\/p>\n\n\n\n<div style=\"height:30px;width:0px\" aria-hidden=\"true\" class=\"wp-block-spacer wp-container-content-728072c3\"><\/div>\n\n\n\n<p>\u2022<\/p>\n\n\n\n<div style=\"height:30px;width:0px\" aria-hidden=\"true\" class=\"wp-block-spacer wp-container-content-728072c3\"><\/div>\n\n\n\n<p class=\"has-text-align-center is-style-roboto-font-family nav-link\" style=\"font-size:16px\"><a href=\"#hva-du-kan-gjoere\"><strong>Hva du kan gj\u00f8re<\/strong><\/a><\/p>\n\n\n\n<div style=\"height:30px;width:0px\" aria-hidden=\"true\" class=\"wp-block-spacer wp-container-content-728072c3\"><\/div>\n\n\n\n<p>\u2022<\/p>\n\n\n\n<div style=\"height:30px;width:0px\" aria-hidden=\"true\" class=\"wp-block-spacer wp-container-content-728072c3\"><\/div>\n\n\n\n<p class=\"is-style-roboto-font-family nav-link\" style=\"font-size:16px\"><a href=\"#nyheter\"><strong>Nyheter<\/strong><\/a><\/p>\n\n\n\n<div style=\"height:30px;width:0px\" aria-hidden=\"true\" class=\"wp-block-spacer wp-container-content-728072c3\"><\/div>\n<\/div>\n<\/div>\n\n\n\n<div class=\"wp-block-column is-layout-flow wp-block-column-is-layout-flow\" style=\"flex-basis:15%\"><\/div>\n<\/div>\n\n\n\n<div style=\"height:64px\" aria-hidden=\"true\" class=\"wp-block-spacer\"><\/div>\n\n\n\n<div class=\"wp-block-media-text alignwide is-stacked-on-mobile is-image-fill-element block is-style-parallax my-0 py-0\"><figure class=\"wp-block-media-text__media\"><img loading=\"lazy\" decoding=\"async\" width=\"800\" height=\"533\" src=\"https:\/\/www.greenpeace.org\/static\/planet4-norway-stateless\/2019\/04\/d43d7175-d43d7175-gp0stqyj5.jpg\" alt=\"Halvard Raavand fra Greenpeace med oljeplattformen Goliath i bakgrunnen. Greenpeace og Natur og ungdom har protestert mot oljeleting i s\u00e5rbare Arktis.\" sizes=\"auto, (min-width: 1600px) calc((1320px - 24px) \/ 2),(min-width: 1200px) calc((1140px - 24px) \/ 2),(min-width: 992px) calc((960px - 24px) \/ 2),(min-width: 768px) calc((720px - 24px) \/ 2),(min-width: 601px) calc((540px - 24px) \/ 2),(min-width: 577px) calc((540px - 24px) \/ 1), calc(100vw - 24px)\" srcset=\"https:\/\/www.greenpeace.org\/static\/planet4-norway-stateless\/2019\/04\/d43d7175-d43d7175-gp0stqyj5.jpg 800w, https:\/\/www.greenpeace.org\/static\/planet4-norway-stateless\/2019\/04\/d43d7175-d43d7175-gp0stqyj5-300x200.jpg 300w, https:\/\/www.greenpeace.org\/static\/planet4-norway-stateless\/2019\/04\/d43d7175-d43d7175-gp0stqyj5-768x512.jpg 768w, https:\/\/www.greenpeace.org\/static\/planet4-norway-stateless\/2019\/04\/d43d7175-d43d7175-gp0stqyj5-510x340.jpg 510w\" class=\"wp-image-850 size-full\" style=\"object-position:68% 55%\"\/><\/figure><div class=\"wp-block-media-text__content\">\n<div style=\"height:10px\" aria-hidden=\"true\" id=\"problemet\" class=\"wp-block-spacer\"><\/div>\n\n\n\n<h2 class=\"wp-block-heading\">Problemet med olje og gass<\/h2>\n\n\n\n<p>Vi st\u00e5r midt i en klimakrise, og forbrenningen av fossile energikilder som kull, olje og gass er hoved\u00e5rsaken. Skal vi greie 1,5-gradersm\u00e5let, sier b\u00e5de FNs klimapanel og Det internasjonale energibyr\u00e5et (IEA) at det ikke er rom for noen nye olje- og gassfelt. Frem mot 2030 fastsl\u00e5r FN at det er planlagt 57 prosent mer oljeutvinning enn hva Parisavtalens klimam\u00e5l tillater, og 71 prosent mer gassutvinning. I 2050 m\u00e5 verdens utslipp v\u00e6re netto null. Det betyr i praksis at det ikke er rom for \u00e5 brenne mer olje, kull og gass etter 2050.<\/p>\n\n\n\n<p>Norge bidrar til overproduksjonen av olje og gass. I dag er Norge den tiende st\u00f8rste eksport\u00f8ren av olje i verden, og den tredje st\u00f8rste av gass. Samtidig planlegger Norge for \u00f8kt olje- og gassutvinning de neste \u00e5rene, og det investeres rekordmye i norsk olje- og gassutvinning. Flere av feltene vil ogs\u00e5 produsere olje og gass lenge etter 2050.<\/p>\n\n\n\n<p>Her hjemme st\u00e5r den norske oljeindustrien st\u00e5r for <a href=\"https:\/\/www.greenpeace.org\/norway\/fakta\/klimaendringer\/co2-utslipp-i-norge-dette-ma-du-vite\/\">omtrent en fjerdedel av Norges innenlands klimagassutslipp<\/a>. Siden 1990 har den norske oljeindustrien \u00f8kt klimagassutslippene med 80 prosent, stikk i strid med klimam\u00e5lene. Og utviklingen fortsetter i feil retning.<\/p>\n\n\n\n<p>Equinor er ogs\u00e5 en stor del av problemet. Selskapet sier de retter seg etter Parisavtalens m\u00e5l, samtidig som de sier at de vil v\u00e6re selskapet som tar opp de siste oljedr\u00e5pene. Den statseide oljegiganten har et m\u00e5l for netto nullutslipp i 2050, men planen for \u00e5 n\u00e5 det m\u00e5let er s\u00e5 d\u00e5rlig at investorer som Storebrand stemte imot forslaget. Equinor bruker dessuten enorme midler p\u00e5 \u00e5 gr\u00f8nnvaske seg selv, slik at folk tror at Equinor leder an i omstillingen. Faktum er at over 99 prosent av energien Equinor produserer er fossil, og fremover skal selskapet \u00f8ke olje- og gassproduksjonen.<\/p>\n\n\n\n<p>Verden trenger en rettferdig, gr\u00f8nn omstilling bort fra fossile energikilder og over til fornybare. I Norge peker flere rapporter, ogs\u00e5 fra LO og NHO at s\u00e5 mye av arbeidskraften i Norge bindes opp i olje- og gassutvinning, at det ikke er arbeidere nok til \u00e5 bygge de gr\u00f8nne n\u00e6ringene det snakkes s\u00e5 mye. Det er alts\u00e5 ikke mulig \u00e5 lykkes med en gr\u00f8nn omstilling, om ikke investeringene i olja fases ut.<\/p>\n\n\n\n<p>Et annet problem med olje og gass er trusselen de utgj\u00f8r mot \u00f8kosystemene hvor oljeplattformene er. Det skjer jevnlig ulykker med st\u00f8rre og mindre oljes\u00f8l. I tillegg brukes det enormt mye kjemikalier i utvinningen. \u00c5rlig dumper oljeindustrien over rundt 200.000 tonn kjemikalier. Ved oljeleting brukes det ogs\u00e5 seismikk, som skremmer fisk og marine pattedyr, i tillegg til at fiskeyngel skades.<\/p>\n\n\n\n<div class=\"wp-block-buttons is-layout-flex wp-block-buttons-is-layout-flex\"><\/div>\n\n\n\n<div style=\"height:10px\" aria-hidden=\"true\" class=\"wp-block-spacer\"><\/div>\n<\/div><\/div>\n\n\n\n<div class=\"wp-block-media-text alignwide has-media-on-the-right is-stacked-on-mobile is-image-fill-element block is-style-parallax\"><div class=\"wp-block-media-text__content\">\n<div style=\"height:10px\" aria-hidden=\"true\" id=\"hva-vi-gjoer\" class=\"wp-block-spacer\"><\/div>\n\n\n\n<h2 class=\"wp-block-heading\">Hvordan vi jobber mot olje og gass<\/h2>\n\n\n\n<p>Vi kjemper for \u00e5 stanse forurensende olje- og gassprosjekter p\u00e5 flere m\u00e5ter. Her er fire av hovedkampanjene v\u00e5re som jobber med dette:<\/p>\n\n\n\n<ol class=\"wp-block-list\">\n<li>Vi jobber med \u00e5 stanse nye olje- og gasslisenser i Norge. Det gjelder b\u00e5de nye lisensutdelinger og tillatelser til konkrete olje- og gassprosjekter. Og det virker: I 2022 stoppet vi Wisting fra \u00e5 bli verdens nordligste oljefelt, og 26. konsesjonsrunde ble stoppet ut stortingsperioden. Den neste kampen er \u00e5 ogs\u00e5 stanse nye lisensutdelinger gjennom den s\u00e5kalte TFO-ordningen.<\/li>\n\n\n\n<li>Vi g\u00e5r til <a href=\"https:\/\/www.greenpeace.org\/norway\/klimaendringer\/klimasoksmal\/\">klimas\u00f8ksm\u00e5l<\/a> mot staten. I Norge har Greenpeace og Natur og Ungdom tatt den norske stat til Den europeiske menneskerettsdomstolen (EMD) i Strasbourg, og i 2024 vant vi mot staten i et nytt klimas\u00f8ksm\u00e5l.<\/li>\n\n\n\n<li>Vi jobber for et forbud mot fossilreklame og -sponsoravtaler.<\/li>\n\n\n\n<li>Vi jobber for \u00e5 f\u00e5 Equinor til \u00e5 bli det f\u00f8rste store oljeselskapet som faktisk omstiller seg fra fossil til fornybar energiproduksjon.<\/li>\n<\/ol>\n\n\n\n<div class=\"wp-block-buttons is-layout-flex wp-block-buttons-is-layout-flex\"><\/div>\n\n\n\n<div style=\"height:10px\" aria-hidden=\"true\" class=\"wp-block-spacer\"><\/div>\n<\/div><figure class=\"wp-block-media-text__media\"><img loading=\"lazy\" decoding=\"async\" width=\"1024\" height=\"683\" src=\"https:\/\/www.greenpeace.org\/static\/planet4-norway-stateless\/2022\/11\/95133cf1-beitosprinten-1-of-17-1024x683.jpg\" alt=\"Beitost\u00f8len i november 2022: Sammen med aktivister fra Greenpeace protesterer den svenske langrennsl\u00f8peren Emil Johansson Kringstad mot at Equinor sponser skisporten, s\u00e5kalt sportsvasking.\" sizes=\"auto, (min-width: 1600px) calc((1320px - 24px) \/ 2),(min-width: 1200px) calc((1140px - 24px) \/ 2),(min-width: 992px) calc((960px - 24px) \/ 2),(min-width: 768px) calc((720px - 24px) \/ 2),(min-width: 601px) calc((540px - 24px) \/ 2),(min-width: 577px) calc((540px - 24px) \/ 1), calc(100vw - 24px)\" srcset=\"https:\/\/www.greenpeace.org\/static\/planet4-norway-stateless\/2022\/11\/95133cf1-beitosprinten-1-of-17.jpg 1773w, https:\/\/www.greenpeace.org\/static\/planet4-norway-stateless\/2022\/11\/95133cf1-beitosprinten-1-of-17-300x200.jpg 300w, https:\/\/www.greenpeace.org\/static\/planet4-norway-stateless\/2022\/11\/95133cf1-beitosprinten-1-of-17-1024x683.jpg 1024w, https:\/\/www.greenpeace.org\/static\/planet4-norway-stateless\/2022\/11\/95133cf1-beitosprinten-1-of-17-768x512.jpg 768w, https:\/\/www.greenpeace.org\/static\/planet4-norway-stateless\/2022\/11\/95133cf1-beitosprinten-1-of-17-1536x1024.jpg 1536w, https:\/\/www.greenpeace.org\/static\/planet4-norway-stateless\/2022\/11\/95133cf1-beitosprinten-1-of-17-510x340.jpg 510w\" class=\"wp-image-52022 size-full\" style=\"object-position:21% 48%\"\/><\/figure><\/div>\n\n\n\n<div style=\"height:50px\" aria-hidden=\"true\" id=\"hva-du-kan-gjoere\" class=\"wp-block-spacer\"><\/div>\n\n\n\n<div class=\"wp-block-query mb-0 actions-list p4-query-loop is-custom-layout-carousel is-layout-flex wp-block-query-is-layout-flex\">\n<h2 class=\"wp-block-heading\">Hvordan du kan jobbe mot olje og gass<\/h2>\n\n\n\n<p style=\"margin-top:24px;margin-bottom:32px\">&#8211; Snakk med venner og kjente om norsk olje og gass, og fortell at dagens oljepolitikk forsinker det gr\u00f8nne skiftet. <br>&#8211; St\u00f8tt milj\u00f8organisasjoner, skriv under p\u00e5 underskriftskampanjer, delta i demonstrasjoner og debatter om temaet, eller arranger din egen.<br>&#8211; Engasjer deg p\u00e5 sosiale medier eller skriv leserinnlegg, og l\u00f8ft temaet p\u00e5 jobb, skole eller i foreninger du er med i.<br>&#8211; Kontakt politikerne (lokalt eller nasjonalt) og delta i demokratiske prosesser som folkem\u00f8ter og valg.<br>&#8211; Stem p\u00e5 et parti med god politikk for klima og milj\u00f8.<br>&#8211; Bruk makten din som forbruker \u2013 kontakt selskaper som Equinor og krev at de stopper nye olje- og gassfelt.<br><\/p>\n\n\n\n\n<ul class=\"wp-block-post-template is-layout-flow wp-block-post-template-is-layout-flow\"><li class=\"wp-block-post post-60331 page type-page status-publish has-post-thumbnail hentry category-energi tag-fossilenergi tag-equinor tag-fred tag-menneskerettigheter\">\n<figure class=\"wp-block-post-featured-image\"><img loading=\"lazy\" decoding=\"async\" width=\"800\" height=\"532\" src=\"https:\/\/www.greenpeace.org\/static\/planet4-norway-stateless\/2024\/05\/92984cb4-gp0stzgv0_low-res-800px.jpg\" class=\"attachment-post-thumbnail size-post-thumbnail wp-post-image wp-stateless-item\" alt=\"Greenpeace Spania og \u00abUnmute Gaza\u00bb viser en illustrasjon laget av den amerikanske billedkunstneren Shepard Fairey \u00abObey\u00bb i Reina Sof\u00eda-museet i Madrid for \u00e5 oppfordre til en umiddelbar v\u00e5penhvile i Gaza.\" style=\"object-fit:cover;\" srcset=\"https:\/\/www.greenpeace.org\/static\/planet4-norway-stateless\/2024\/05\/92984cb4-gp0stzgv0_low-res-800px.jpg 800w, https:\/\/www.greenpeace.org\/static\/planet4-norway-stateless\/2024\/05\/92984cb4-gp0stzgv0_low-res-800px-300x200.jpg 300w, https:\/\/www.greenpeace.org\/static\/planet4-norway-stateless\/2024\/05\/92984cb4-gp0stzgv0_low-res-800px-768x511.jpg 768w, https:\/\/www.greenpeace.org\/static\/planet4-norway-stateless\/2024\/05\/92984cb4-gp0stzgv0_low-res-800px-510x340.jpg 510w\" sizes=\"auto, (max-width: 800px) 100vw, 800px\" data-image-size=\"post-thumbnail\" data-stateless-media-bucket=\"planet4-norway-stateless\" data-stateless-media-name=\"2024\/05\/92984cb4-gp0stzgv0_low-res-800px.jpg\" \/><\/figure>\n\n\n                <div class=\"wp-block-group group-stretched-link is-layout-flow wp-block-group-is-layout-flow\"><div class=\"wp-block-post-terms\">Energi<\/div>\n                <h3 class=\"wp-block-post-title\"><a href=\"https:\/\/www.greenpeace.org\/norway\/vaer-med\/signer-equinor-ma-avslutte-samarbeidet-med-ithaca-eid-av-israel\/\" target=\"_self\" >Signer: Equinor m\u00e5 avslutte samarbeidet med israelsk-eide Ithaca Energy<\/a><\/h3>\n                <div class=\"wp-block-post-excerpt\"><p class=\"wp-block-post-excerpt__excerpt\">Equinors Rosebank-samarbeid med Ithaca Energy vil bidra til brudd p\u00e5 folkeretten i Palestina. Ithaca er eid av et sv\u00e6rt problematisk selskap, israelske Delek Group. <\/p><\/div><\/div>\n                \n\n\n<div class=\"wp-block-group read-more-nav is-layout-flow wp-block-group-is-layout-flow\"><a href=\"https:\/\/www.greenpeace.org\/norway\/vaer-med\/signer-equinor-ma-avslutte-samarbeidet-med-ithaca-eid-av-israel\/\" class=\"btn btn-primary btn-small\" aria-label=\"V\u00e6r med\">V\u00e6r med<\/a><\/div>\n\n<\/li><li class=\"wp-block-post post-56781 page type-page status-publish has-post-thumbnail hentry category-greenpeace tag-sivilulydighet\">\n<figure class=\"wp-block-post-featured-image\"><img loading=\"lazy\" decoding=\"async\" width=\"800\" height=\"450\" src=\"https:\/\/www.greenpeace.org\/static\/planet4-norway-stateless\/2023\/07\/ff64498d-09_topten_gp1sx8x8.webp\" class=\"attachment-post-thumbnail size-post-thumbnail wp-post-image wp-stateless-item\" alt=\"\" style=\"object-fit:cover;\" srcset=\"https:\/\/www.greenpeace.org\/static\/planet4-norway-stateless\/2023\/07\/ff64498d-09_topten_gp1sx8x8.webp 800w, https:\/\/www.greenpeace.org\/static\/planet4-norway-stateless\/2023\/07\/ff64498d-09_topten_gp1sx8x8-300x169.webp 300w, https:\/\/www.greenpeace.org\/static\/planet4-norway-stateless\/2023\/07\/ff64498d-09_topten_gp1sx8x8-768x432.webp 768w, https:\/\/www.greenpeace.org\/static\/planet4-norway-stateless\/2023\/07\/ff64498d-09_topten_gp1sx8x8-510x287.webp 510w\" sizes=\"auto, (max-width: 800px) 100vw, 800px\" data-image-size=\"post-thumbnail\" data-stateless-media-bucket=\"planet4-norway-stateless\" data-stateless-media-name=\"2023\/07\/ff64498d-09_topten_gp1sx8x8.webp\" \/><\/figure>\n\n\n                <div class=\"wp-block-group group-stretched-link is-layout-flow wp-block-group-is-layout-flow\"><div class=\"wp-block-post-terms\">Greenpeace<\/div>\n                <h3 class=\"wp-block-post-title\"><a href=\"https:\/\/www.greenpeace.org\/norway\/vaer-med\/bli-greenpeace-aktivist\/\" target=\"_self\" >Bli Greenpeace-aktivist<\/a><\/h3>\n                <div class=\"wp-block-post-excerpt\"><p class=\"wp-block-post-excerpt__excerpt\">Det f\u00f8rste steget mot \u00e5 bli Greenpeace-aktivist er \u00e5 delta i kurset \u201cIntroduksjon til sivil ulydighet\u201d. Her f\u00e5r du l\u00e6re mer om sivil ulydighet og kraften i fredelige aksjoner. Registrer deg i dag. <\/p><\/div><\/div>\n                \n\n\n<div class=\"wp-block-group read-more-nav is-layout-flow wp-block-group-is-layout-flow\"><a href=\"https:\/\/www.greenpeace.org\/norway\/vaer-med\/bli-greenpeace-aktivist\/\" class=\"btn btn-primary btn-small\" aria-label=\"V\u00e6r med\">V\u00e6r med<\/a><\/div>\n\n<\/li><li class=\"wp-block-post post-56067 page type-page status-publish has-post-thumbnail hentry category-klimaendringer tag-klimakrise tag-klimarettssaker tag-fossilenergi tag-menneskerettigheter tag-nyttklimasoksmal\">\n<figure class=\"wp-block-post-featured-image\"><img loading=\"lazy\" decoding=\"async\" width=\"800\" height=\"533\" src=\"https:\/\/www.greenpeace.org\/static\/planet4-norway-stateless\/2023\/06\/b9b122d7-gp0stua8t_web_size.jpg\" class=\"attachment-post-thumbnail size-post-thumbnail wp-post-image wp-stateless-item\" alt=\"\" style=\"object-fit:cover;\" srcset=\"https:\/\/www.greenpeace.org\/static\/planet4-norway-stateless\/2023\/06\/b9b122d7-gp0stua8t_web_size.jpg 800w, https:\/\/www.greenpeace.org\/static\/planet4-norway-stateless\/2023\/06\/b9b122d7-gp0stua8t_web_size-300x200.jpg 300w, https:\/\/www.greenpeace.org\/static\/planet4-norway-stateless\/2023\/06\/b9b122d7-gp0stua8t_web_size-768x512.jpg 768w, https:\/\/www.greenpeace.org\/static\/planet4-norway-stateless\/2023\/06\/b9b122d7-gp0stua8t_web_size-510x340.jpg 510w\" sizes=\"auto, (max-width: 800px) 100vw, 800px\" data-image-size=\"post-thumbnail\" data-stateless-media-bucket=\"planet4-norway-stateless\" data-stateless-media-name=\"2023\/06\/b9b122d7-gp0stua8t_web_size.jpg\" \/><\/figure>\n\n\n                <div class=\"wp-block-group group-stretched-link is-layout-flow wp-block-group-is-layout-flow\"><div class=\"wp-block-post-terms\">Klimaendringer<\/div>\n                <h3 class=\"wp-block-post-title\"><a href=\"https:\/\/www.greenpeace.org\/norway\/vaer-med\/nytt-klimasoksmal-opprop\/\" target=\"_self\" >Nytt klimas\u00f8ksm\u00e5l: Signer og vis din st\u00f8tte<\/a><\/h3>\n                <div class=\"wp-block-post-excerpt\"><p class=\"wp-block-post-excerpt__excerpt\">Vis din st\u00f8tte til det nye klimas\u00f8ksm\u00e5let \u2013 bli med og krev at staten lytter til egen H\u00f8yesterett og stanser nye oljeprosjekter som skader planeten v\u00e5r! <\/p><\/div><\/div>\n                \n\n\n<div class=\"wp-block-group read-more-nav is-layout-flow wp-block-group-is-layout-flow\"><a href=\"https:\/\/www.greenpeace.org\/norway\/vaer-med\/nytt-klimasoksmal-opprop\/\" class=\"btn btn-primary btn-small\" aria-label=\"V\u00e6r med\">V\u00e6r med<\/a><\/div>\n\n<\/li><li class=\"wp-block-post post-55484 page type-page status-publish has-post-thumbnail hentry category-energi tag-fossilenergi tag-equinor\">\n<figure class=\"wp-block-post-featured-image\"><img loading=\"lazy\" decoding=\"async\" width=\"1200\" height=\"800\" src=\"https:\/\/www.greenpeace.org\/static\/planet4-norway-stateless\/2023\/04\/e51ddcd7-gp1swrm4.jpg\" class=\"attachment-post-thumbnail size-post-thumbnail wp-post-image wp-stateless-item\" alt=\"Demonstrasjon i Mar del Plata i Argentina mot norske Equinors planer om oljeleting i Argentinahavet (Mar Argentino). \u00a9 Diego Izquierdo \/ Greenpeace\" style=\"object-fit:cover;\" srcset=\"https:\/\/www.greenpeace.org\/static\/planet4-norway-stateless\/2023\/04\/e51ddcd7-gp1swrm4.jpg 1200w, https:\/\/www.greenpeace.org\/static\/planet4-norway-stateless\/2023\/04\/e51ddcd7-gp1swrm4-300x200.jpg 300w, https:\/\/www.greenpeace.org\/static\/planet4-norway-stateless\/2023\/04\/e51ddcd7-gp1swrm4-1024x683.jpg 1024w, https:\/\/www.greenpeace.org\/static\/planet4-norway-stateless\/2023\/04\/e51ddcd7-gp1swrm4-768x512.jpg 768w, https:\/\/www.greenpeace.org\/static\/planet4-norway-stateless\/2023\/04\/e51ddcd7-gp1swrm4-510x340.jpg 510w\" sizes=\"auto, (max-width: 1200px) 100vw, 1200px\" data-image-size=\"post-thumbnail\" data-stateless-media-bucket=\"planet4-norway-stateless\" data-stateless-media-name=\"2023\/04\/e51ddcd7-gp1swrm4.jpg\" \/><\/figure>\n\n\n                <div class=\"wp-block-group group-stretched-link is-layout-flow wp-block-group-is-layout-flow\"><div class=\"wp-block-post-terms\">Energi<\/div>\n                <h3 class=\"wp-block-post-title\"><a href=\"https:\/\/www.greenpeace.org\/norway\/vaer-med\/stopp-equinors-olje-og-gassprosjekter-i-utlandet\/\" target=\"_self\" >Signer: Stopp Equinors utenlandsprosjekter<\/a><\/h3>\n                <div class=\"wp-block-post-excerpt\"><p class=\"wp-block-post-excerpt__excerpt\">Equinor jobber for \u00e5 \u00e5pne nye, kontroversielle utenlandsprosjekter, som Rosebank i Storbritannia og Bay du Nord i Canada. Dette m\u00e5 stoppes, signer oppropet! <\/p><\/div><\/div>\n                \n\n\n<div class=\"wp-block-group read-more-nav is-layout-flow wp-block-group-is-layout-flow\"><a href=\"https:\/\/www.greenpeace.org\/norway\/vaer-med\/stopp-equinors-olje-og-gassprosjekter-i-utlandet\/\" class=\"btn btn-primary btn-small\" aria-label=\"V\u00e6r med\">V\u00e6r med<\/a><\/div>\n\n<\/li><li class=\"wp-block-post post-56627 page type-page status-publish has-post-thumbnail hentry category-energi category-forbruk category-greenpeace category-hav category-klimaendringer category-natur category-skog-og-landbruk tag-stott-oss\">\n<figure class=\"wp-block-post-featured-image\"><img loading=\"lazy\" decoding=\"async\" width=\"800\" height=\"535\" src=\"https:\/\/www.greenpeace.org\/static\/planet4-norway-stateless\/2020\/08\/3dc7a17c-gp034ks_web_size.jpg\" class=\"attachment-post-thumbnail size-post-thumbnail wp-post-image wp-stateless-item\" alt=\"\" style=\"object-fit:cover;\" srcset=\"https:\/\/www.greenpeace.org\/static\/planet4-norway-stateless\/2020\/08\/3dc7a17c-gp034ks_web_size.jpg 800w, https:\/\/www.greenpeace.org\/static\/planet4-norway-stateless\/2020\/08\/3dc7a17c-gp034ks_web_size-300x201.jpg 300w, https:\/\/www.greenpeace.org\/static\/planet4-norway-stateless\/2020\/08\/3dc7a17c-gp034ks_web_size-768x514.jpg 768w, https:\/\/www.greenpeace.org\/static\/planet4-norway-stateless\/2020\/08\/3dc7a17c-gp034ks_web_size-508x340.jpg 508w\" sizes=\"auto, (max-width: 800px) 100vw, 800px\" data-image-size=\"post-thumbnail\" data-stateless-media-bucket=\"planet4-norway-stateless\" data-stateless-media-name=\"2020\/08\/3dc7a17c-gp034ks_web_size.jpg\" \/><\/figure>\n\n\n                <div class=\"wp-block-group group-stretched-link is-layout-flow wp-block-group-is-layout-flow\"><div class=\"wp-block-post-terms\">Energi<\/div>\n                <h3 class=\"wp-block-post-title\"><a href=\"https:\/\/www.greenpeace.org\/norway\/vaer-med\/gi-engangsbidrag\/\" target=\"_self\" >Gi engangsbidrag<\/a><\/h3>\n                <div class=\"wp-block-post-excerpt\"><p class=\"wp-block-post-excerpt__excerpt\">Du kan gi et engangsbidrag med kredittkort eller Vipps her eller overf\u00f8re til konto 1594 0884559. <\/p><\/div><\/div>\n                \n\n\n<div class=\"wp-block-group read-more-nav is-layout-flow wp-block-group-is-layout-flow\"><a href=\"https:\/\/www.greenpeace.org\/norway\/vaer-med\/gi-engangsbidrag\/\" class=\"btn btn-primary btn-small\" aria-label=\"V\u00e6r med\">V\u00e6r med<\/a><\/div>\n\n<\/li><li class=\"wp-block-post post-56625 page type-page status-publish has-post-thumbnail hentry category-energi category-forbruk category-greenpeace category-hav category-klimaendringer category-natur category-skog-og-landbruk tag-stott-oss\">\n<figure class=\"wp-block-post-featured-image\"><img loading=\"lazy\" decoding=\"async\" width=\"800\" height=\"533\" src=\"https:\/\/www.greenpeace.org\/static\/planet4-norway-stateless\/2023\/03\/416adc9b-gp0sttq8m_web_size.jpg\" class=\"attachment-post-thumbnail size-post-thumbnail wp-post-image wp-stateless-item\" alt=\"\" style=\"object-fit:cover;\" srcset=\"https:\/\/www.greenpeace.org\/static\/planet4-norway-stateless\/2023\/03\/416adc9b-gp0sttq8m_web_size.jpg 800w, https:\/\/www.greenpeace.org\/static\/planet4-norway-stateless\/2023\/03\/416adc9b-gp0sttq8m_web_size-300x200.jpg 300w, https:\/\/www.greenpeace.org\/static\/planet4-norway-stateless\/2023\/03\/416adc9b-gp0sttq8m_web_size-768x512.jpg 768w, https:\/\/www.greenpeace.org\/static\/planet4-norway-stateless\/2023\/03\/416adc9b-gp0sttq8m_web_size-510x340.jpg 510w\" sizes=\"auto, (max-width: 800px) 100vw, 800px\" data-image-size=\"post-thumbnail\" data-stateless-media-bucket=\"planet4-norway-stateless\" data-stateless-media-name=\"2023\/03\/416adc9b-gp0sttq8m_web_size.jpg\" \/><\/figure>\n\n\n                <div class=\"wp-block-group group-stretched-link is-layout-flow wp-block-group-is-layout-flow\"><div class=\"wp-block-post-terms\">Energi<\/div>\n                <h3 class=\"wp-block-post-title\"><a href=\"https:\/\/www.greenpeace.org\/norway\/vaer-med\/bli-manedlig-giver\/\" target=\"_self\" >Bli m\u00e5nedlig giver<\/a><\/h3>\n                <div class=\"wp-block-post-excerpt\"><p class=\"wp-block-post-excerpt__excerpt\">Du kan gi m\u00e5nedlige bidrag gjennom Vipps eller Avtalegiro. St\u00e5 sammen med oss for \u00e5 beskytte verdens klima og milj\u00f8, hav og skoger \u2013 bli med som m\u00e5nedlig giver i dag! <\/p><\/div><\/div>\n                \n\n\n<div class=\"wp-block-group read-more-nav is-layout-flow wp-block-group-is-layout-flow\"><a href=\"https:\/\/www.greenpeace.org\/norway\/vaer-med\/bli-manedlig-giver\/\" class=\"btn btn-primary btn-small\" aria-label=\"V\u00e6r med\">V\u00e6r med<\/a><\/div>\n\n<\/li><li class=\"wp-block-post post-49889 page type-page status-publish has-post-thumbnail hentry category-greenpeace tag-engasjer-deg\">\n<figure class=\"wp-block-post-featured-image\"><img loading=\"lazy\" decoding=\"async\" width=\"800\" height=\"533\" src=\"https:\/\/www.greenpeace.org\/static\/planet4-norway-stateless\/2022\/01\/a8ed7000-image.png\" class=\"attachment-post-thumbnail size-post-thumbnail wp-post-image wp-stateless-item\" alt=\"\" style=\"object-fit:cover;\" srcset=\"https:\/\/www.greenpeace.org\/static\/planet4-norway-stateless\/2022\/01\/a8ed7000-image.png 800w, https:\/\/www.greenpeace.org\/static\/planet4-norway-stateless\/2022\/01\/a8ed7000-image-300x200.png 300w, https:\/\/www.greenpeace.org\/static\/planet4-norway-stateless\/2022\/01\/a8ed7000-image-768x512.png 768w, https:\/\/www.greenpeace.org\/static\/planet4-norway-stateless\/2022\/01\/a8ed7000-image-510x340.png 510w\" sizes=\"auto, (max-width: 800px) 100vw, 800px\" data-image-size=\"post-thumbnail\" data-stateless-media-bucket=\"planet4-norway-stateless\" data-stateless-media-name=\"2022\/01\/a8ed7000-image.png\" \/><\/figure>\n\n\n                <div class=\"wp-block-group group-stretched-link is-layout-flow wp-block-group-is-layout-flow\"><div class=\"wp-block-post-terms\">Greenpeace<\/div>\n                <h3 class=\"wp-block-post-title\"><a href=\"https:\/\/www.greenpeace.org\/norway\/vaer-med\/nyhetsbrev\/\" target=\"_self\" >Meld deg p\u00e5 Greenpeace sitt nyhetsbrev<\/a><\/h3>\n                <div class=\"wp-block-post-excerpt\"><p class=\"wp-block-post-excerpt__excerpt\">F\u00e5 nyheter, oppdateringer og tips om klima og milj\u00f8 p\u00e5 e-post. Du kan vente deg oppdateringer fra oss noen ganger i m\u00e5neden, og kan melde deg av n\u00e5r som helst. <\/p><\/div><\/div>\n                \n\n\n<div class=\"wp-block-group read-more-nav is-layout-flow wp-block-group-is-layout-flow\"><a href=\"https:\/\/www.greenpeace.org\/norway\/vaer-med\/nyhetsbrev\/\" class=\"btn btn-primary btn-small\" aria-label=\"V\u00e6r med\">V\u00e6r med<\/a><\/div>\n\n<\/li><li class=\"wp-block-post post-49392 page type-page status-publish has-post-thumbnail hentry category-greenpeace tag-engasjer-deg\">\n<figure class=\"wp-block-post-featured-image\"><img loading=\"lazy\" decoding=\"async\" width=\"2048\" height=\"1366\" src=\"https:\/\/www.greenpeace.org\/static\/planet4-norway-stateless\/2021\/11\/243193ac-hallifornia_gp_jana_eriksson-4413-2048x1366-1.jpg\" class=\"attachment-post-thumbnail size-post-thumbnail wp-post-image wp-stateless-item\" alt=\"\" style=\"object-fit:cover;\" srcset=\"https:\/\/www.greenpeace.org\/static\/planet4-norway-stateless\/2021\/11\/243193ac-hallifornia_gp_jana_eriksson-4413-2048x1366-1.jpg 2048w, https:\/\/www.greenpeace.org\/static\/planet4-norway-stateless\/2021\/11\/243193ac-hallifornia_gp_jana_eriksson-4413-2048x1366-1-300x200.jpg 300w, https:\/\/www.greenpeace.org\/static\/planet4-norway-stateless\/2021\/11\/243193ac-hallifornia_gp_jana_eriksson-4413-2048x1366-1-1024x683.jpg 1024w, https:\/\/www.greenpeace.org\/static\/planet4-norway-stateless\/2021\/11\/243193ac-hallifornia_gp_jana_eriksson-4413-2048x1366-1-768x512.jpg 768w, https:\/\/www.greenpeace.org\/static\/planet4-norway-stateless\/2021\/11\/243193ac-hallifornia_gp_jana_eriksson-4413-2048x1366-1-1536x1025.jpg 1536w, https:\/\/www.greenpeace.org\/static\/planet4-norway-stateless\/2021\/11\/243193ac-hallifornia_gp_jana_eriksson-4413-2048x1366-1-510x340.jpg 510w\" sizes=\"auto, (max-width: 2048px) 100vw, 2048px\" data-image-size=\"post-thumbnail\" data-stateless-media-bucket=\"planet4-norway-stateless\" data-stateless-media-name=\"2021\/11\/243193ac-hallifornia_gp_jana_eriksson-4413-2048x1366-1.jpg\" \/><\/figure>\n\n\n                <div class=\"wp-block-group group-stretched-link is-layout-flow wp-block-group-is-layout-flow\"><div class=\"wp-block-post-terms\">Greenpeace<\/div>\n                <h3 class=\"wp-block-post-title\"><a href=\"https:\/\/www.greenpeace.org\/norway\/vaer-med\/bli-verver\/\" target=\"_self\" >Bli verver<\/a><\/h3>\n                <div class=\"wp-block-post-excerpt\"><p class=\"wp-block-post-excerpt__excerpt\">Brenner du for milj\u00f8 og klima? Vi vil jobbe med deg! <\/p><\/div><\/div>\n                \n\n\n<div class=\"wp-block-group read-more-nav is-layout-flow wp-block-group-is-layout-flow\"><a href=\"https:\/\/www.greenpeace.org\/norway\/vaer-med\/bli-verver\/\" class=\"btn btn-primary btn-small\" aria-label=\"V\u00e6r med\">V\u00e6r med<\/a><\/div>\n\n<\/li><li class=\"wp-block-post post-60819 page type-page status-publish has-post-thumbnail hentry category-klimaendringer tag-ekstremvaer tag-klimakrise tag-equinor\">\n<figure class=\"wp-block-post-featured-image\"><img loading=\"lazy\" decoding=\"async\" width=\"1280\" height=\"800\" src=\"https:\/\/www.greenpeace.org\/static\/planet4-norway-stateless\/2024\/07\/360bd47d-web-small-1280x800-1.png\" class=\"attachment-post-thumbnail size-post-thumbnail wp-post-image wp-stateless-item\" alt=\"\" style=\"object-fit:cover;\" srcset=\"https:\/\/www.greenpeace.org\/static\/planet4-norway-stateless\/2024\/07\/360bd47d-web-small-1280x800-1.png 1280w, https:\/\/www.greenpeace.org\/static\/planet4-norway-stateless\/2024\/07\/360bd47d-web-small-1280x800-1-300x188.png 300w, https:\/\/www.greenpeace.org\/static\/planet4-norway-stateless\/2024\/07\/360bd47d-web-small-1280x800-1-1024x640.png 1024w, https:\/\/www.greenpeace.org\/static\/planet4-norway-stateless\/2024\/07\/360bd47d-web-small-1280x800-1-768x480.png 768w, https:\/\/www.greenpeace.org\/static\/planet4-norway-stateless\/2024\/07\/360bd47d-web-small-1280x800-1-510x319.png 510w\" sizes=\"auto, (max-width: 1280px) 100vw, 1280px\" data-image-size=\"post-thumbnail\" data-stateless-media-bucket=\"planet4-norway-stateless\" data-stateless-media-name=\"2024\/07\/360bd47d-web-small-1280x800-1.png\" \/><\/figure>\n\n\n                <div class=\"wp-block-group group-stretched-link is-layout-flow wp-block-group-is-layout-flow\"><div class=\"wp-block-post-terms\">Klimaendringer<\/div>\n                <h3 class=\"wp-block-post-title\"><a href=\"https:\/\/www.greenpeace.org\/norway\/vaer-med\/signer-hvem-betaler-for-skadene-klimakrisen-paforer-samfunnet\/\" target=\"_self\" >Fossilselskaper m\u00e5 ta regningen for klimakrise og ekstremv\u00e6r<\/a><\/h3>\n                <div class=\"wp-block-post-excerpt\"><p class=\"wp-block-post-excerpt__excerpt\">Klimakrisen f\u00f8rer til mer ekstremv\u00e6r som flom, stormer og skogbranner. Olje- og gasselskaper som Equinor, som har bidratt mest til klimaendringene, b\u00f8r betale. <\/p><\/div><\/div>\n                \n\n\n<div class=\"wp-block-group read-more-nav is-layout-flow wp-block-group-is-layout-flow\"><a href=\"https:\/\/www.greenpeace.org\/norway\/vaer-med\/signer-hvem-betaler-for-skadene-klimakrisen-paforer-samfunnet\/\" class=\"btn btn-primary btn-small\" aria-label=\"V\u00e6r med\">V\u00e6r med<\/a><\/div>\n\n<\/li><li class=\"wp-block-post post-3545 page type-page status-publish has-post-thumbnail hentry category-greenpeace tag-engasjer-deg\">\n<figure class=\"wp-block-post-featured-image\"><img loading=\"lazy\" decoding=\"async\" width=\"800\" height=\"533\" src=\"https:\/\/www.greenpeace.org\/static\/planet4-norway-stateless\/2020\/06\/066fcfc4-gp0sttv2q_web_size.jpg\" class=\"attachment-post-thumbnail size-post-thumbnail wp-post-image wp-stateless-item\" alt=\"\" style=\"object-fit:cover;\" srcset=\"https:\/\/www.greenpeace.org\/static\/planet4-norway-stateless\/2020\/06\/066fcfc4-gp0sttv2q_web_size.jpg 800w, https:\/\/www.greenpeace.org\/static\/planet4-norway-stateless\/2020\/06\/066fcfc4-gp0sttv2q_web_size-300x200.jpg 300w, https:\/\/www.greenpeace.org\/static\/planet4-norway-stateless\/2020\/06\/066fcfc4-gp0sttv2q_web_size-768x512.jpg 768w, https:\/\/www.greenpeace.org\/static\/planet4-norway-stateless\/2020\/06\/066fcfc4-gp0sttv2q_web_size-510x340.jpg 510w\" sizes=\"auto, (max-width: 800px) 100vw, 800px\" data-image-size=\"post-thumbnail\" data-stateless-media-bucket=\"planet4-norway-stateless\" data-stateless-media-name=\"2020\/06\/066fcfc4-gp0sttv2q_web_size.jpg\" \/><\/figure>\n\n\n                <div class=\"wp-block-group group-stretched-link is-layout-flow wp-block-group-is-layout-flow\"><div class=\"wp-block-post-terms\">Greenpeace<\/div>\n                <h3 class=\"wp-block-post-title\"><a href=\"https:\/\/www.greenpeace.org\/norway\/vaer-med\/testamentariske-gaver\/\" target=\"_self\" >Testamentariske gaver<\/a><\/h3>\n                <div class=\"wp-block-post-excerpt\"><p class=\"wp-block-post-excerpt__excerpt\">Testamentariske gaver, store og sm\u00e5, er sv\u00e6rt verdifulle bidrag til kampanjene v\u00e5re. En testamentarisk gave v\u00e6re helt avgj\u00f8rende for Greenpeace sitt arbeid. <\/p><\/div><\/div>\n                \n\n\n<div class=\"wp-block-group read-more-nav is-layout-flow wp-block-group-is-layout-flow\"><a href=\"https:\/\/www.greenpeace.org\/norway\/vaer-med\/testamentariske-gaver\/\" class=\"btn btn-primary btn-small\" aria-label=\"V\u00e6r med\">V\u00e6r med<\/a><\/div>\n\n<\/li><li class=\"wp-block-post post-1344 page type-page status-publish has-post-thumbnail hentry category-greenpeace tag-engasjer-deg\">\n<figure class=\"wp-block-post-featured-image\"><img loading=\"lazy\" decoding=\"async\" width=\"794\" height=\"1199\" src=\"https:\/\/www.greenpeace.org\/static\/planet4-norway-stateless\/2019\/04\/35e4d35d-gp0stqnls_medium_res.jpg\" class=\"attachment-post-thumbnail size-post-thumbnail wp-post-image wp-stateless-item\" alt=\"\" style=\"object-fit:cover;\" srcset=\"https:\/\/www.greenpeace.org\/static\/planet4-norway-stateless\/2019\/04\/35e4d35d-gp0stqnls_medium_res.jpg 794w, https:\/\/www.greenpeace.org\/static\/planet4-norway-stateless\/2019\/04\/35e4d35d-gp0stqnls_medium_res-199x300.jpg 199w, https:\/\/www.greenpeace.org\/static\/planet4-norway-stateless\/2019\/04\/35e4d35d-gp0stqnls_medium_res-768x1160.jpg 768w, https:\/\/www.greenpeace.org\/static\/planet4-norway-stateless\/2019\/04\/35e4d35d-gp0stqnls_medium_res-678x1024.jpg 678w, https:\/\/www.greenpeace.org\/static\/planet4-norway-stateless\/2019\/04\/35e4d35d-gp0stqnls_medium_res-225x340.jpg 225w\" sizes=\"auto, (max-width: 794px) 100vw, 794px\" data-image-size=\"post-thumbnail\" data-stateless-media-bucket=\"planet4-norway-stateless\" data-stateless-media-name=\"2019\/04\/35e4d35d-gp0stqnls_medium_res.jpg\" \/><\/figure>\n\n\n                <div class=\"wp-block-group group-stretched-link is-layout-flow wp-block-group-is-layout-flow\"><div class=\"wp-block-post-terms\">Greenpeace<\/div>\n                <h3 class=\"wp-block-post-title\"><a href=\"https:\/\/www.greenpeace.org\/norway\/vaer-med\/bli-frivillig\/\" target=\"_self\" >Frivillig arbeid i Greenpeace<\/a><\/h3>\n                <div class=\"wp-block-post-excerpt\"><p class=\"wp-block-post-excerpt__excerpt\">Som frivillig i Greenpeace er du med og utgj\u00f8r en forskjell for klima og milj\u00f8. Her kan du l\u00e6re mer om frivillig arbeid i Greenpeace og hvordan du kan bidra. <\/p><\/div><\/div>\n                \n\n\n<div class=\"wp-block-group read-more-nav is-layout-flow wp-block-group-is-layout-flow\"><a href=\"https:\/\/www.greenpeace.org\/norway\/vaer-med\/bli-frivillig\/\" class=\"btn btn-primary btn-small\" aria-label=\"V\u00e6r med\">V\u00e6r med<\/a><\/div>\n\n<\/li><li class=\"wp-block-post post-1967 page type-page status-publish has-post-thumbnail hentry category-greenpeace tag-engasjer-deg\">\n<figure class=\"wp-block-post-featured-image\"><img loading=\"lazy\" decoding=\"async\" width=\"800\" height=\"533\" src=\"https:\/\/www.greenpeace.org\/static\/planet4-norway-stateless\/2019\/10\/68bc5205-gp0stto4u_web_size.jpg\" class=\"attachment-post-thumbnail size-post-thumbnail wp-post-image wp-stateless-item\" alt=\"\" style=\"object-fit:cover;\" srcset=\"https:\/\/www.greenpeace.org\/static\/planet4-norway-stateless\/2019\/10\/68bc5205-gp0stto4u_web_size.jpg 800w, https:\/\/www.greenpeace.org\/static\/planet4-norway-stateless\/2019\/10\/68bc5205-gp0stto4u_web_size-300x200.jpg 300w, https:\/\/www.greenpeace.org\/static\/planet4-norway-stateless\/2019\/10\/68bc5205-gp0stto4u_web_size-768x512.jpg 768w, https:\/\/www.greenpeace.org\/static\/planet4-norway-stateless\/2019\/10\/68bc5205-gp0stto4u_web_size-510x340.jpg 510w\" sizes=\"auto, (max-width: 800px) 100vw, 800px\" data-image-size=\"post-thumbnail\" data-stateless-media-bucket=\"planet4-norway-stateless\" data-stateless-media-name=\"2019\/10\/68bc5205-gp0stto4u_web_size.jpg\" \/><\/figure>\n\n\n                <div class=\"wp-block-group group-stretched-link is-layout-flow wp-block-group-is-layout-flow\"><div class=\"wp-block-post-terms\">Greenpeace<\/div>\n                <h3 class=\"wp-block-post-title\"><a href=\"https:\/\/www.greenpeace.org\/norway\/vaer-med\/greenspeaker\/\" target=\"_self\" >Greenspeakerprogrammet<\/a><\/h3>\n                <div class=\"wp-block-post-excerpt\"><p class=\"wp-block-post-excerpt__excerpt\">Inviter en Greenspeaker til skolen, kontoret eller arrangementet ditt, eller bli en Greenspeaker selv. <\/p><\/div><\/div>\n                \n\n\n<div class=\"wp-block-group read-more-nav is-layout-flow wp-block-group-is-layout-flow\"><a href=\"https:\/\/www.greenpeace.org\/norway\/vaer-med\/greenspeaker\/\" class=\"btn btn-primary btn-small\" aria-label=\"V\u00e6r med\">V\u00e6r med<\/a><\/div>\n\n<\/li><\/ul>\n\n\n<div class=\"wp-block-buttons carousel-controls is-horizontal is-content-justification-space-between is-nowrap is-layout-flex wp-container-core-buttons-is-layout-044bd602 wp-block-buttons-is-layout-flex\">\n<div class=\"wp-block-button carousel-control-prev\"><button type=\"button\" class=\"wp-block-button__link wp-element-button\">Prev<\/button><\/div>\n\n\n\n<div class=\"wp-block-button carousel-control-next\"><button type=\"button\" class=\"wp-block-button__link wp-element-button\">Next<\/button><\/div>\n<\/div>\n\n\n\n<div class=\"wp-block-buttons load-more-actions-container is-content-justification-center is-layout-flex wp-container-core-buttons-is-layout-16018d1d wp-block-buttons-is-layout-flex\">\n<div class=\"wp-block-button is-style-secondary\"><button type=\"button\" class=\"wp-block-button__link wp-element-button\">Load more<\/button><\/div>\n<\/div>\n<\/div>\n\n\n\n<div style=\"height:0px\" aria-hidden=\"true\" id=\"nyheter\" class=\"wp-block-spacer\"><\/div>\n\n\n\n<div class=\"wp-block-query posts-list p4-query-loop is-custom-layout-list is-layout-flow wp-block-query-is-layout-flow\">\n<div class=\"wp-block-group is-content-justification-space-between is-layout-flex wp-container-core-group-is-layout-3d213aab wp-block-group-is-layout-flex\">\n<h2 class=\"wp-block-heading\">Nyheter om olje og gass<\/h2>\n<\/div>\n\n\n\n<p style=\"margin-top:24px;margin-bottom:36px\">Hold deg oppdatert p\u00e5 arbeidet v\u00e5rt med olje og gass her.<\/p>\n\n\n\n\n<ul class=\"wp-block-post-template is-layout-flow wp-block-post-template-is-layout-flow\"><li class=\"wp-block-post post-66925 post type-post status-publish format-standard has-post-thumbnail hentry category-energi tag-fossilenergi tag-internasjonaleavtaler tag-losninger p4-page-type-nyheter\">\n\n<div class=\"wp-block-columns is-layout-flex wp-container-core-columns-is-layout-9d6595d7 wp-block-columns-is-layout-flex\"><figure class=\"wp-block-post-featured-image\"><a href=\"https:\/\/www.greenpeace.org\/norway\/nyheter\/energi\/fire-ting-du-bor-vite-om-santa-marta-konferansen\/\" target=\"_self\"  ><img loading=\"lazy\" decoding=\"async\" width=\"1200\" height=\"800\" src=\"https:\/\/www.greenpeace.org\/static\/planet4-norway-stateless\/2022\/12\/3557fe93-gp0stupwg.jpg\" class=\"attachment-post-thumbnail size-post-thumbnail wp-post-image wp-stateless-item\" alt=\"Fire ting du b\u00f8r vite om Santa Marta-konferansen\u00a0\" style=\"object-fit:cover;\" srcset=\"https:\/\/www.greenpeace.org\/static\/planet4-norway-stateless\/2022\/12\/3557fe93-gp0stupwg.jpg 1200w, https:\/\/www.greenpeace.org\/static\/planet4-norway-stateless\/2022\/12\/3557fe93-gp0stupwg-300x200.jpg 300w, https:\/\/www.greenpeace.org\/static\/planet4-norway-stateless\/2022\/12\/3557fe93-gp0stupwg-1024x683.jpg 1024w, https:\/\/www.greenpeace.org\/static\/planet4-norway-stateless\/2022\/12\/3557fe93-gp0stupwg-768x512.jpg 768w, https:\/\/www.greenpeace.org\/static\/planet4-norway-stateless\/2022\/12\/3557fe93-gp0stupwg-510x340.jpg 510w\" sizes=\"auto, (max-width: 1200px) 100vw, 1200px\" data-image-size=\"post-thumbnail\" data-stateless-media-bucket=\"planet4-norway-stateless\" data-stateless-media-name=\"2022\/12\/3557fe93-gp0stupwg.jpg\" \/><\/a><\/figure>\n\n\n<div class=\"wp-block-group is-layout-flow wp-block-group-is-layout-flow\">\n<div class=\"wp-block-group is-layout-flex wp-block-group-is-layout-flex\"><div class=\"wp-block-post-terms\"><a href=\"https:\/\/www.greenpeace.org\/norway\/kategori\/energi\/\">Energi<\/a><\/div>\n\n<div class=\"taxonomy-post_tag wp-block-post-terms\"><a href=\"https:\/\/www.greenpeace.org\/norway\/tag\/fossilenergi\/\" rel=\"tag\">fossilenergi<\/a><span class=\"wp-block-post-terms__separator\"> <\/span><a href=\"https:\/\/www.greenpeace.org\/norway\/tag\/internasjonaleavtaler\/\" rel=\"tag\">internasjonaleavtaler<\/a><span class=\"wp-block-post-terms__separator\"> <\/span><a href=\"https:\/\/www.greenpeace.org\/norway\/tag\/losninger\/\" rel=\"tag\">l\u00f8sninger<\/a><\/div><\/div>\n\n\n<h3 class=\"wp-block-post-title\"><a href=\"https:\/\/www.greenpeace.org\/norway\/nyheter\/energi\/fire-ting-du-bor-vite-om-santa-marta-konferansen\/\" target=\"_self\" >Fire ting du b\u00f8r vite om Santa Marta-konferansen\u00a0<\/a><\/h3>\n\n<div class=\"wp-block-post-excerpt\"><p class=\"wp-block-post-excerpt__excerpt\">Santa Marta-konferansen 2026 samler rundt 60 land for \u00e5 diskutere utfasing av fossil energi. Hva er konferansen, og hvorfor er den viktig? <\/p><\/div>\n\n\n<div class=\"wp-block-group posts-list-meta is-layout-flow wp-block-group-is-layout-flow\"><span class='article-list-item-author'>Elise \u00c5snes<\/span>\n\n<div class=\"wp-block-post-date\"><time datetime=\"2026-04-23T08:41:21+01:00\">23 april, 2026<\/time><\/div><\/div>\n<\/div>\n<\/div>\n\n<\/li><li class=\"wp-block-post post-66884 post type-post status-publish format-standard has-post-thumbnail hentry category-greenpeace tag-fossilenergi tag-klimarettssaker tag-beskytthavet tag-baerekraftigmat tag-seire p4-page-type-nyheter\">\n\n<div class=\"wp-block-columns is-layout-flex wp-container-core-columns-is-layout-9d6595d7 wp-block-columns-is-layout-flex\"><figure class=\"wp-block-post-featured-image\"><a href=\"https:\/\/www.greenpeace.org\/norway\/nyheter\/greenpeace\/trenger-du-noen-gode-nyheter-fire-seire-fra-starten-av-2026\/\" target=\"_self\"  ><img loading=\"lazy\" decoding=\"async\" width=\"1200\" height=\"800\" src=\"https:\/\/www.greenpeace.org\/static\/planet4-norway-stateless\/2026\/04\/6ed3d6cb-gp0su850n.jpg\" class=\"attachment-post-thumbnail size-post-thumbnail wp-post-image wp-stateless-item\" alt=\"Trenger du noen gode nyheter? Fire seire fra starten av 2026\" style=\"object-fit:cover;\" srcset=\"https:\/\/www.greenpeace.org\/static\/planet4-norway-stateless\/2026\/04\/6ed3d6cb-gp0su850n.jpg 1200w, https:\/\/www.greenpeace.org\/static\/planet4-norway-stateless\/2026\/04\/6ed3d6cb-gp0su850n-300x200.jpg 300w, https:\/\/www.greenpeace.org\/static\/planet4-norway-stateless\/2026\/04\/6ed3d6cb-gp0su850n-1024x683.jpg 1024w, https:\/\/www.greenpeace.org\/static\/planet4-norway-stateless\/2026\/04\/6ed3d6cb-gp0su850n-768x512.jpg 768w, https:\/\/www.greenpeace.org\/static\/planet4-norway-stateless\/2026\/04\/6ed3d6cb-gp0su850n-510x340.jpg 510w\" sizes=\"auto, (max-width: 1200px) 100vw, 1200px\" data-image-size=\"post-thumbnail\" data-stateless-media-bucket=\"planet4-norway-stateless\" data-stateless-media-name=\"2026\/04\/6ed3d6cb-gp0su850n.jpg\" \/><\/a><\/figure>\n\n\n<div class=\"wp-block-group is-layout-flow wp-block-group-is-layout-flow\">\n<div class=\"wp-block-group is-layout-flex wp-block-group-is-layout-flex\"><div class=\"wp-block-post-terms\"><a href=\"https:\/\/www.greenpeace.org\/norway\/kategori\/greenpeace\/\">Greenpeace<\/a><\/div>\n\n<div class=\"taxonomy-post_tag wp-block-post-terms\"><a href=\"https:\/\/www.greenpeace.org\/norway\/tag\/fossilenergi\/\" rel=\"tag\">fossilenergi<\/a><span class=\"wp-block-post-terms__separator\"> <\/span><a href=\"https:\/\/www.greenpeace.org\/norway\/tag\/klimarettssaker\/\" rel=\"tag\">klimarettssaker<\/a><span class=\"wp-block-post-terms__separator\"> <\/span><a href=\"https:\/\/www.greenpeace.org\/norway\/tag\/beskytthavet\/\" rel=\"tag\">beskytthavet<\/a><span class=\"wp-block-post-terms__separator\"> <\/span><a href=\"https:\/\/www.greenpeace.org\/norway\/tag\/baerekraftigmat\/\" rel=\"tag\">b\u00e6rekraftigmat<\/a><span class=\"wp-block-post-terms__separator\"> <\/span><a href=\"https:\/\/www.greenpeace.org\/norway\/tag\/seire\/\" rel=\"tag\">seire<\/a><\/div><\/div>\n\n\n<h3 class=\"wp-block-post-title\"><a href=\"https:\/\/www.greenpeace.org\/norway\/nyheter\/greenpeace\/trenger-du-noen-gode-nyheter-fire-seire-fra-starten-av-2026\/\" target=\"_self\" >Trenger du noen gode nyheter? Fire seire fra starten av 2026<\/a><\/h3>\n\n<div class=\"wp-block-post-excerpt\"><p class=\"wp-block-post-excerpt__excerpt\">I en tid med mange tunge nyheter vil vi gjerne minne deg p\u00e5 hva vi f\u00e5r til sammen. Her er fire gode nyheter for klima og milj\u00f8 fra starten av 2026. <\/p><\/div>\n\n\n<div class=\"wp-block-group posts-list-meta is-layout-flow wp-block-group-is-layout-flow\"><span class='article-list-item-author'><a href='https:\/\/www.greenpeace.org\/norway\/author\/hjalborg\/'>Hanne Jalborg<\/a><\/span>\n\n<div class=\"wp-block-post-date\"><time datetime=\"2026-04-16T09:33:42+01:00\">16 april, 2026<\/time><\/div><\/div>\n<\/div>\n<\/div>\n\n<\/li><li class=\"wp-block-post post-66666 post type-post status-publish format-standard has-post-thumbnail hentry category-energi tag-equinor tag-fossilenergi tag-sivilulydighet tag-menneskerettigheter p4-page-type-nyheter\">\n\n<div class=\"wp-block-columns is-layout-flex wp-container-core-columns-is-layout-9d6595d7 wp-block-columns-is-layout-flex\"><figure class=\"wp-block-post-featured-image\"><a href=\"https:\/\/www.greenpeace.org\/norway\/nyheter\/energi\/konfronterte-oljeskip-utenfor-namibia-equinor-dropp-rosebank\/\" target=\"_self\"  ><img loading=\"lazy\" decoding=\"async\" width=\"1200\" height=\"800\" src=\"https:\/\/www.greenpeace.org\/static\/planet4-norway-stateless\/2026\/03\/11b893d5-gp0su8ikp.jpg\" class=\"attachment-post-thumbnail size-post-thumbnail wp-post-image wp-stateless-item\" alt=\"Aksjon mot oljeskip: \u2013 Equinor, dropp Rosebank!\" style=\"object-fit:cover;\" srcset=\"https:\/\/www.greenpeace.org\/static\/planet4-norway-stateless\/2026\/03\/11b893d5-gp0su8ikp.jpg 1200w, https:\/\/www.greenpeace.org\/static\/planet4-norway-stateless\/2026\/03\/11b893d5-gp0su8ikp-300x200.jpg 300w, https:\/\/www.greenpeace.org\/static\/planet4-norway-stateless\/2026\/03\/11b893d5-gp0su8ikp-1024x683.jpg 1024w, https:\/\/www.greenpeace.org\/static\/planet4-norway-stateless\/2026\/03\/11b893d5-gp0su8ikp-768x512.jpg 768w, https:\/\/www.greenpeace.org\/static\/planet4-norway-stateless\/2026\/03\/11b893d5-gp0su8ikp-510x340.jpg 510w\" sizes=\"auto, (max-width: 1200px) 100vw, 1200px\" data-image-size=\"post-thumbnail\" data-stateless-media-bucket=\"planet4-norway-stateless\" data-stateless-media-name=\"2026\/03\/11b893d5-gp0su8ikp.jpg\" \/><\/a><\/figure>\n\n\n<div class=\"wp-block-group is-layout-flow wp-block-group-is-layout-flow\">\n<div class=\"wp-block-group is-layout-flex wp-block-group-is-layout-flex\"><div class=\"wp-block-post-terms\"><a href=\"https:\/\/www.greenpeace.org\/norway\/kategori\/energi\/\">Energi<\/a><\/div>\n\n<div class=\"taxonomy-post_tag wp-block-post-terms\"><a href=\"https:\/\/www.greenpeace.org\/norway\/tag\/equinor\/\" rel=\"tag\">equinor<\/a><span class=\"wp-block-post-terms__separator\"> <\/span><a href=\"https:\/\/www.greenpeace.org\/norway\/tag\/fossilenergi\/\" rel=\"tag\">fossilenergi<\/a><span class=\"wp-block-post-terms__separator\"> <\/span><a href=\"https:\/\/www.greenpeace.org\/norway\/tag\/sivilulydighet\/\" rel=\"tag\">sivilulydighet<\/a><span class=\"wp-block-post-terms__separator\"> <\/span><a href=\"https:\/\/www.greenpeace.org\/norway\/tag\/menneskerettigheter\/\" rel=\"tag\">menneskerettigheter<\/a><\/div><\/div>\n\n\n<h3 class=\"wp-block-post-title\"><a href=\"https:\/\/www.greenpeace.org\/norway\/nyheter\/energi\/konfronterte-oljeskip-utenfor-namibia-equinor-dropp-rosebank\/\" target=\"_self\" >Aksjon mot oljeskip: \u2013 Equinor, dropp Rosebank!<\/a><\/h3>\n\n<div class=\"wp-block-post-excerpt\"><p class=\"wp-block-post-excerpt__excerpt\">Aktivister fra Greenpeace International har aksjonert mot et gigantisk produksjonsskip som Equinor vil bruke p\u00e5 det omstridte Rosebank-feltet i Storbritannia. <\/p><\/div>\n\n\n<div class=\"wp-block-group posts-list-meta is-layout-flow wp-block-group-is-layout-flow\"><span class='article-list-item-author'><a href='https:\/\/www.greenpeace.org\/norway\/author\/jbaksaas\/'>Jenny Marie Baksaas<\/a><\/span>\n\n<div class=\"wp-block-post-date\"><time datetime=\"2026-03-23T12:33:54+01:00\">23 mars, 2026<\/time><\/div><\/div>\n<\/div>\n<\/div>\n\n<\/li><\/ul>\n\n\n<div class=\"wp-block-buttons carousel-controls is-horizontal is-content-justification-space-between is-nowrap is-layout-flex wp-container-core-buttons-is-layout-044bd602 wp-block-buttons-is-layout-flex\">\n<div class=\"wp-block-button carousel-control-prev\"><button type=\"button\" class=\"wp-block-button__link wp-element-button\">Prev<\/button><\/div>\n\n\n\n<div class=\"wp-block-button carousel-control-next\"><button type=\"button\" class=\"wp-block-button__link wp-element-button\">Next<\/button><\/div>\n<\/div>\n\n\n<li class=\" wp-block-navigation-item see-all-link wp-block-navigation-link\"><a class=\"wp-block-navigation-item__content\"  href=\"https:\/\/www.greenpeace.org\/norway\/senaste-nytt\/?tag=fossilenergi&#038;post-type=nyheter\"><span class=\"wp-block-navigation-item__label\">Les mer<\/span><\/a><\/li><\/div>\n\n\n\n<div style=\"height:30px\" aria-hidden=\"true\" id=\"fakta\" class=\"wp-block-spacer\"><\/div>\n\n\n\n<div class=\"wp-block-query posts-list p4-query-loop is-custom-layout-carousel is-layout-flex wp-block-query-is-layout-flex\">\n<div class=\"wp-block-group is-content-justification-space-between is-layout-flex wp-container-core-group-is-layout-3d213aab wp-block-group-is-layout-flex\">\n<h2 class=\"wp-block-heading\">Fakta om olje og gass<\/h2>\n\n\n<\/div>\n\n\n\n<p style=\"margin-top:24px;margin-bottom:36px\">Her kan du lese faktaartikler relatert til olje og gass.<\/p>\n\n\n<ul class=\"wp-block-post-template is-layout-flow wp-block-post-template-is-layout-flow\"><li class=\"wp-block-post post-8258 post type-post status-publish format-standard has-post-thumbnail hentry category-energi tag-klimaeffekter tag-fossilenergi tag-arktis p4-page-type-fakta\">\n\n<div class=\"wp-block-columns is-layout-flex wp-container-core-columns-is-layout-9d6595d7 wp-block-columns-is-layout-flex\"><figure class=\"wp-block-post-featured-image\"><a href=\"https:\/\/www.greenpeace.org\/norway\/fakta\/energi\/norsk-olje-er-miljovennlig-og-ni-andre-oljemyter\/\" target=\"_self\"  ><img loading=\"lazy\" decoding=\"async\" width=\"1200\" height=\"630\" src=\"https:\/\/www.greenpeace.org\/static\/planet4-norway-stateless\/7e749d75-macro_oil_myths.png\" class=\"attachment-post-thumbnail size-post-thumbnail wp-post-image wp-stateless-item\" alt=\"&laquo;Norsk olje er milj\u00f8vennlig&raquo; og ni andre myter\" style=\"object-fit:cover;\" data-image-size=\"post-thumbnail\" data-stateless-media-bucket=\"planet4-norway-stateless\" data-stateless-media-name=\"7e749d75-macro_oil_myths.png\" \/><\/a><\/figure>\n\n\n<div class=\"wp-block-group is-layout-flow wp-block-group-is-layout-flow\">\n<div class=\"wp-block-group is-layout-flex wp-block-group-is-layout-flex\"><div class=\"wp-block-post-terms\"><a href=\"https:\/\/www.greenpeace.org\/norway\/kategori\/energi\/\">Energi<\/a><\/div><\/div>\n\n\n<h3 class=\"wp-block-post-title\"><a href=\"https:\/\/www.greenpeace.org\/norway\/fakta\/energi\/norsk-olje-er-miljovennlig-og-ni-andre-oljemyter\/\" target=\"_self\" >&laquo;Norsk olje er milj\u00f8vennlig&raquo; og ni andre myter<\/a><\/h3>\n\n<div class=\"wp-block-post-excerpt\"><p class=\"wp-block-post-excerpt__excerpt\">Oljeindustrien og politikerne p\u00e5st\u00e5r at norsk olje er milj\u00f8vennlig, men her pynter de p\u00e5 sannheten. La oss fortelle om flere myter om Norges oljeproduksjon. <\/p><\/div>\n\n\n<div class=\"wp-block-group posts-list-meta is-layout-flow wp-block-group-is-layout-flow\"><span class='article-list-item-author'>Greenpeace Norge<\/span>\n\n<div class=\"wp-block-post-date\"><time datetime=\"2021-01-22T09:46:49+01:00\">jan 22, 2021<\/time><\/div><\/div>\n<\/div>\n<\/div>\n\n<\/li><li class=\"wp-block-post post-8582 post type-post status-publish format-standard has-post-thumbnail hentry category-energi tag-fossilenergi tag-losninger tag-vindmoller tag-gronnenergi p4-page-type-fakta\">\n\n<div class=\"wp-block-columns is-layout-flex wp-container-core-columns-is-layout-9d6595d7 wp-block-columns-is-layout-flex\"><figure class=\"wp-block-post-featured-image\"><a href=\"https:\/\/www.greenpeace.org\/norway\/fakta\/energi\/hva-skal-vi-leve-av-etter-olja\/\" target=\"_self\"  ><img loading=\"lazy\" decoding=\"async\" width=\"800\" height=\"600\" src=\"https:\/\/www.greenpeace.org\/static\/planet4-norway-stateless\/2021\/03\/b625e3e6-gp0stt9au_web_size.jpg\" class=\"attachment-post-thumbnail size-post-thumbnail wp-post-image wp-stateless-item\" alt=\"Norge uten olje: Hva skal Norge leve av etter oljen?\" style=\"object-fit:cover;\" srcset=\"https:\/\/www.greenpeace.org\/static\/planet4-norway-stateless\/2021\/03\/b625e3e6-gp0stt9au_web_size.jpg 800w, https:\/\/www.greenpeace.org\/static\/planet4-norway-stateless\/2021\/03\/b625e3e6-gp0stt9au_web_size-300x225.jpg 300w, https:\/\/www.greenpeace.org\/static\/planet4-norway-stateless\/2021\/03\/b625e3e6-gp0stt9au_web_size-768x576.jpg 768w, https:\/\/www.greenpeace.org\/static\/planet4-norway-stateless\/2021\/03\/b625e3e6-gp0stt9au_web_size-453x340.jpg 453w\" sizes=\"auto, (max-width: 800px) 100vw, 800px\" data-image-size=\"post-thumbnail\" data-stateless-media-bucket=\"planet4-norway-stateless\" data-stateless-media-name=\"2021\/03\/b625e3e6-gp0stt9au_web_size.jpg\" \/><\/a><\/figure>\n\n\n<div class=\"wp-block-group is-layout-flow wp-block-group-is-layout-flow\">\n<div class=\"wp-block-group is-layout-flex wp-block-group-is-layout-flex\"><div class=\"wp-block-post-terms\"><a href=\"https:\/\/www.greenpeace.org\/norway\/kategori\/energi\/\">Energi<\/a><\/div><\/div>\n\n\n<h3 class=\"wp-block-post-title\"><a href=\"https:\/\/www.greenpeace.org\/norway\/fakta\/energi\/hva-skal-vi-leve-av-etter-olja\/\" target=\"_self\" >Norge uten olje: Hva skal Norge leve av etter oljen?<\/a><\/h3>\n\n<div class=\"wp-block-post-excerpt\"><p class=\"wp-block-post-excerpt__excerpt\">Vi er avhengig av en sirkul\u00e6r \u00f8konomi som Norge kan leve av eer oljen. Les mer om olje i Norge og hva som skjer hvis Norge sluer med olje. <\/p><\/div>\n\n\n<div class=\"wp-block-group posts-list-meta is-layout-flow wp-block-group-is-layout-flow\"><span class='article-list-item-author'><a href='https:\/\/www.greenpeace.org\/norway\/author\/greenpeace-norway\/'>Greenpeace Norge<\/a><\/span>\n\n<div class=\"wp-block-post-date\"><time datetime=\"2021-03-19T16:16:25+01:00\">mar 19, 2021<\/time><\/div><\/div>\n<\/div>\n<\/div>\n\n<\/li><li class=\"wp-block-post post-57088 post type-post status-publish format-standard has-post-thumbnail hentry category-energi tag-fossilenergi p4-page-type-fakta\">\n\n<div class=\"wp-block-columns is-layout-flex wp-container-core-columns-is-layout-9d6595d7 wp-block-columns-is-layout-flex\"><figure class=\"wp-block-post-featured-image\"><a href=\"https:\/\/www.greenpeace.org\/norway\/fakta\/energi\/hva-er-fossil-energi-og-hvorfor-jobber-vi-mot-det\/\" target=\"_self\"  ><img loading=\"lazy\" decoding=\"async\" width=\"1200\" height=\"667\" src=\"https:\/\/www.greenpeace.org\/static\/planet4-norway-stateless\/2023\/08\/0fb3e715-gp0stql50.jpg\" class=\"attachment-post-thumbnail size-post-thumbnail wp-post-image wp-stateless-item\" alt=\"Hva er fossil energi, og hvorfor jobber vi mot det?\" style=\"object-fit:cover;\" srcset=\"https:\/\/www.greenpeace.org\/static\/planet4-norway-stateless\/2023\/08\/0fb3e715-gp0stql50.jpg 1200w, https:\/\/www.greenpeace.org\/static\/planet4-norway-stateless\/2023\/08\/0fb3e715-gp0stql50-300x167.jpg 300w, https:\/\/www.greenpeace.org\/static\/planet4-norway-stateless\/2023\/08\/0fb3e715-gp0stql50-1024x569.jpg 1024w, https:\/\/www.greenpeace.org\/static\/planet4-norway-stateless\/2023\/08\/0fb3e715-gp0stql50-768x427.jpg 768w, https:\/\/www.greenpeace.org\/static\/planet4-norway-stateless\/2023\/08\/0fb3e715-gp0stql50-510x283.jpg 510w\" sizes=\"auto, (max-width: 1200px) 100vw, 1200px\" data-image-size=\"post-thumbnail\" data-stateless-media-bucket=\"planet4-norway-stateless\" data-stateless-media-name=\"2023\/08\/0fb3e715-gp0stql50.jpg\" \/><\/a><\/figure>\n\n\n<div class=\"wp-block-group is-layout-flow wp-block-group-is-layout-flow\">\n<div class=\"wp-block-group is-layout-flex wp-block-group-is-layout-flex\"><div class=\"wp-block-post-terms\"><a href=\"https:\/\/www.greenpeace.org\/norway\/kategori\/energi\/\">Energi<\/a><\/div><\/div>\n\n\n<h3 class=\"wp-block-post-title\"><a href=\"https:\/\/www.greenpeace.org\/norway\/fakta\/energi\/hva-er-fossil-energi-og-hvorfor-jobber-vi-mot-det\/\" target=\"_self\" >Hva er fossil energi, og hvorfor jobber vi mot det?<\/a><\/h3>\n\n<div class=\"wp-block-post-excerpt\"><p class=\"wp-block-post-excerpt__excerpt\">Fossil energi, eller fossile brensler, er en samlebetegnelse p\u00e5 kull, olje og gass. L\u00e6r mer om fossil energi og hvorfor verden m\u00e5 fase ut fossile brensler. <\/p><\/div>\n\n\n<div class=\"wp-block-group posts-list-meta is-layout-flow wp-block-group-is-layout-flow\"><span class='article-list-item-author'><a href='https:\/\/www.greenpeace.org\/norway\/author\/greenpeace-norway\/'>Greenpeace Norge<\/a><\/span>\n\n<div class=\"wp-block-post-date\"><time datetime=\"2023-08-11T11:23:22+01:00\">aug 11, 2023<\/time><\/div><\/div>\n<\/div>\n<\/div>\n\n<\/li><li class=\"wp-block-post post-59180 post type-post status-publish format-standard has-post-thumbnail hentry category-energi tag-fossilenergi tag-urfolksrettigheter tag-equinor p4-page-type-fakta\">\n\n<div class=\"wp-block-columns is-layout-flex wp-container-core-columns-is-layout-9d6595d7 wp-block-columns-is-layout-flex\"><figure class=\"wp-block-post-featured-image\"><a href=\"https:\/\/www.greenpeace.org\/norway\/fakta\/energi\/fracking-en-omstridt-form-for-olje-og-gassutvinning\/\" target=\"_self\"  ><img loading=\"lazy\" decoding=\"async\" width=\"2500\" height=\"1667\" src=\"https:\/\/www.greenpeace.org\/static\/planet4-norway-stateless\/2024\/02\/81a88037-gp0stt1sx_pressmedia.jpg\" class=\"attachment-post-thumbnail size-post-thumbnail wp-post-image wp-stateless-item\" alt=\"Fracking: en omstridt form for olje- og gassutvinning\" style=\"object-fit:cover;\" srcset=\"https:\/\/www.greenpeace.org\/static\/planet4-norway-stateless\/2024\/02\/81a88037-gp0stt1sx_pressmedia.jpg 2500w, https:\/\/www.greenpeace.org\/static\/planet4-norway-stateless\/2024\/02\/81a88037-gp0stt1sx_pressmedia-300x200.jpg 300w, https:\/\/www.greenpeace.org\/static\/planet4-norway-stateless\/2024\/02\/81a88037-gp0stt1sx_pressmedia-1024x683.jpg 1024w, https:\/\/www.greenpeace.org\/static\/planet4-norway-stateless\/2024\/02\/81a88037-gp0stt1sx_pressmedia-768x512.jpg 768w, https:\/\/www.greenpeace.org\/static\/planet4-norway-stateless\/2024\/02\/81a88037-gp0stt1sx_pressmedia-1536x1024.jpg 1536w, https:\/\/www.greenpeace.org\/static\/planet4-norway-stateless\/2024\/02\/81a88037-gp0stt1sx_pressmedia-2048x1366.jpg 2048w, https:\/\/www.greenpeace.org\/static\/planet4-norway-stateless\/2024\/02\/81a88037-gp0stt1sx_pressmedia-510x340.jpg 510w\" sizes=\"auto, (max-width: 2500px) 100vw, 2500px\" data-image-size=\"post-thumbnail\" data-stateless-media-bucket=\"planet4-norway-stateless\" data-stateless-media-name=\"2024\/02\/81a88037-gp0stt1sx_pressmedia.jpg\" \/><\/a><\/figure>\n\n\n<div class=\"wp-block-group is-layout-flow wp-block-group-is-layout-flow\">\n<div class=\"wp-block-group is-layout-flex wp-block-group-is-layout-flex\"><div class=\"wp-block-post-terms\"><a href=\"https:\/\/www.greenpeace.org\/norway\/kategori\/energi\/\">Energi<\/a><\/div><\/div>\n\n\n<h3 class=\"wp-block-post-title\"><a href=\"https:\/\/www.greenpeace.org\/norway\/fakta\/energi\/fracking-en-omstridt-form-for-olje-og-gassutvinning\/\" target=\"_self\" >Fracking: en omstridt form for olje- og gassutvinning<\/a><\/h3>\n\n<div class=\"wp-block-post-excerpt\"><p class=\"wp-block-post-excerpt__excerpt\">Fracking er en sv\u00e6rt kontroversiell metode for utvinning av olje og gass. Mange europeiske land har forbudt fracking fordi det har utallige negative konsekvenser for milj\u00f8, klima, dyr og mennesker. <\/p><\/div>\n\n\n<div class=\"wp-block-group posts-list-meta is-layout-flow wp-block-group-is-layout-flow\"><span class='article-list-item-author'><a href='https:\/\/www.greenpeace.org\/norway\/author\/jhholden\/'>Juni Haugan Holden<\/a><\/span>\n\n<div class=\"wp-block-post-date\"><time datetime=\"2024-02-13T16:31:42+01:00\">feb 13, 2024<\/time><\/div><\/div>\n<\/div>\n<\/div>\n\n<\/li><li class=\"wp-block-post post-61354 post type-post status-publish format-standard has-post-thumbnail hentry category-energi tag-fossilenergi tag-equinor p4-page-type-fakta\">\n\n<div class=\"wp-block-columns is-layout-flex wp-container-core-columns-is-layout-9d6595d7 wp-block-columns-is-layout-flex\"><figure class=\"wp-block-post-featured-image\"><a href=\"https:\/\/www.greenpeace.org\/norway\/fakta\/energi\/fakling-av-gass-og-equinors-skjulte-fakling-utenlands\/\" target=\"_self\"  ><img loading=\"lazy\" decoding=\"async\" width=\"1200\" height=\"724\" src=\"https:\/\/www.greenpeace.org\/static\/planet4-norway-stateless\/2024\/09\/221c4a6f-gp0stur1s.jpg\" class=\"attachment-post-thumbnail size-post-thumbnail wp-post-image wp-stateless-item\" alt=\"Fakling av gass og Equinors skjulte fakling utenlands\" style=\"object-fit:cover;\" srcset=\"https:\/\/www.greenpeace.org\/static\/planet4-norway-stateless\/2024\/09\/221c4a6f-gp0stur1s.jpg 1200w, https:\/\/www.greenpeace.org\/static\/planet4-norway-stateless\/2024\/09\/221c4a6f-gp0stur1s-300x181.jpg 300w, https:\/\/www.greenpeace.org\/static\/planet4-norway-stateless\/2024\/09\/221c4a6f-gp0stur1s-1024x618.jpg 1024w, https:\/\/www.greenpeace.org\/static\/planet4-norway-stateless\/2024\/09\/221c4a6f-gp0stur1s-768x463.jpg 768w, https:\/\/www.greenpeace.org\/static\/planet4-norway-stateless\/2024\/09\/221c4a6f-gp0stur1s-510x308.jpg 510w\" sizes=\"auto, (max-width: 1200px) 100vw, 1200px\" data-image-size=\"post-thumbnail\" data-stateless-media-bucket=\"planet4-norway-stateless\" data-stateless-media-name=\"2024\/09\/221c4a6f-gp0stur1s.jpg\" \/><\/a><\/figure>\n\n\n<div class=\"wp-block-group is-layout-flow wp-block-group-is-layout-flow\">\n<div class=\"wp-block-group is-layout-flex wp-block-group-is-layout-flex\"><div class=\"wp-block-post-terms\"><a href=\"https:\/\/www.greenpeace.org\/norway\/kategori\/energi\/\">Energi<\/a><\/div><\/div>\n\n\n<h3 class=\"wp-block-post-title\"><a href=\"https:\/\/www.greenpeace.org\/norway\/fakta\/energi\/fakling-av-gass-og-equinors-skjulte-fakling-utenlands\/\" target=\"_self\" >Fakling av gass og Equinors skjulte fakling utenlands<\/a><\/h3>\n\n<div class=\"wp-block-post-excerpt\"><p class=\"wp-block-post-excerpt__excerpt\">Fakling av gass er en stor bidragsyter til utslipp av klimagasser.\u00a0L\u00e6r mer om fakling og hvordan Equinor fors\u00f8ker \u00e5 skjule sine egne tall over fakling. <\/p><\/div>\n\n\n<div class=\"wp-block-group posts-list-meta is-layout-flow wp-block-group-is-layout-flow\"><span class='article-list-item-author'><a href='https:\/\/www.greenpeace.org\/norway\/author\/swilhelm\/'>Stine Wilhelmsen<\/a><\/span>\n\n<div class=\"wp-block-post-date\"><time datetime=\"2024-09-11T11:23:24+01:00\">sep 11, 2024<\/time><\/div><\/div>\n<\/div>\n<\/div>\n\n<\/li><li class=\"wp-block-post post-62992 post type-post status-publish format-standard has-post-thumbnail hentry category-energi tag-fossilenergi tag-plast tag-forurensning tag-internasjonaleavtaler p4-page-type-fakta\">\n\n<div class=\"wp-block-columns is-layout-flex wp-container-core-columns-is-layout-9d6595d7 wp-block-columns-is-layout-flex\"><figure class=\"wp-block-post-featured-image\"><a href=\"https:\/\/www.greenpeace.org\/norway\/fakta\/energi\/plast-er-laget-av-olje-og-gass-og-forer-til-store-klimagassutslipp\/\" target=\"_self\"  ><img loading=\"lazy\" decoding=\"async\" width=\"1200\" height=\"934\" src=\"https:\/\/www.greenpeace.org\/static\/planet4-norway-stateless\/2025\/02\/268f500e-gp1suq7a.jpg\" class=\"attachment-post-thumbnail size-post-thumbnail wp-post-image wp-stateless-item\" alt=\"Plast er laget av olje og gass og f\u00f8rer til store klimagassutslipp\" style=\"object-fit:cover;\" srcset=\"https:\/\/www.greenpeace.org\/static\/planet4-norway-stateless\/2025\/02\/268f500e-gp1suq7a.jpg 1200w, https:\/\/www.greenpeace.org\/static\/planet4-norway-stateless\/2025\/02\/268f500e-gp1suq7a-300x234.jpg 300w, https:\/\/www.greenpeace.org\/static\/planet4-norway-stateless\/2025\/02\/268f500e-gp1suq7a-1024x797.jpg 1024w, https:\/\/www.greenpeace.org\/static\/planet4-norway-stateless\/2025\/02\/268f500e-gp1suq7a-768x598.jpg 768w, https:\/\/www.greenpeace.org\/static\/planet4-norway-stateless\/2025\/02\/268f500e-gp1suq7a-437x340.jpg 437w\" sizes=\"auto, (max-width: 1200px) 100vw, 1200px\" data-image-size=\"post-thumbnail\" data-stateless-media-bucket=\"planet4-norway-stateless\" data-stateless-media-name=\"2025\/02\/268f500e-gp1suq7a.jpg\" \/><\/a><\/figure>\n\n\n<div class=\"wp-block-group is-layout-flow wp-block-group-is-layout-flow\">\n<div class=\"wp-block-group is-layout-flex wp-block-group-is-layout-flex\"><div class=\"wp-block-post-terms\"><a href=\"https:\/\/www.greenpeace.org\/norway\/kategori\/energi\/\">Energi<\/a><\/div><\/div>\n\n\n<h3 class=\"wp-block-post-title\"><a href=\"https:\/\/www.greenpeace.org\/norway\/fakta\/energi\/plast-er-laget-av-olje-og-gass-og-forer-til-store-klimagassutslipp\/\" target=\"_self\" >Plast er laget av olje og gass og f\u00f8rer til store klimagassutslipp<\/a><\/h3>\n\n<div class=\"wp-block-post-excerpt\"><p class=\"wp-block-post-excerpt__excerpt\">99 prosent av all plast er laget av olje og gass. Plast \u00f8delegger ikke bare natur og hav, men ogs\u00e5 klima. Derfor m\u00e5 vi redusere produksjonen av plast. <\/p><\/div>\n\n\n<div class=\"wp-block-group posts-list-meta is-layout-flow wp-block-group-is-layout-flow\"><span class='article-list-item-author'><a href='https:\/\/www.greenpeace.org\/norway\/author\/hjalborg\/'>Hanne Jalborg<\/a><\/span>\n\n<div class=\"wp-block-post-date\"><time datetime=\"2025-02-06T14:08:56+01:00\">feb 6, 2025<\/time><\/div><\/div>\n<\/div>\n<\/div>\n\n<\/li><li class=\"wp-block-post post-55614 post type-post status-publish format-standard has-post-thumbnail hentry category-klimaendringer tag-klimaeffekter tag-fossilenergi p4-page-type-fakta\">\n\n<div class=\"wp-block-columns is-layout-flex wp-container-core-columns-is-layout-9d6595d7 wp-block-columns-is-layout-flex\"><figure class=\"wp-block-post-featured-image\"><a href=\"https:\/\/www.greenpeace.org\/norway\/fakta\/klimaendringer\/co2-utslipp-i-norge-dette-ma-du-vite\/\" target=\"_self\"  ><img loading=\"lazy\" decoding=\"async\" width=\"1200\" height=\"800\" src=\"https:\/\/www.greenpeace.org\/static\/planet4-norway-stateless\/2023\/04\/9a098c31-gp0218l.jpg\" class=\"attachment-post-thumbnail size-post-thumbnail wp-post-image wp-stateless-item\" alt=\"CO2-utslipp i Norge: Alt du trenger \u00e5 vite om norske utslipp\" style=\"object-fit:cover;\" srcset=\"https:\/\/www.greenpeace.org\/static\/planet4-norway-stateless\/2023\/04\/9a098c31-gp0218l.jpg 1200w, https:\/\/www.greenpeace.org\/static\/planet4-norway-stateless\/2023\/04\/9a098c31-gp0218l-300x200.jpg 300w, https:\/\/www.greenpeace.org\/static\/planet4-norway-stateless\/2023\/04\/9a098c31-gp0218l-1024x683.jpg 1024w, https:\/\/www.greenpeace.org\/static\/planet4-norway-stateless\/2023\/04\/9a098c31-gp0218l-768x512.jpg 768w, https:\/\/www.greenpeace.org\/static\/planet4-norway-stateless\/2023\/04\/9a098c31-gp0218l-510x340.jpg 510w\" sizes=\"auto, (max-width: 1200px) 100vw, 1200px\" data-image-size=\"post-thumbnail\" data-stateless-media-bucket=\"planet4-norway-stateless\" data-stateless-media-name=\"2023\/04\/9a098c31-gp0218l.jpg\" \/><\/a><\/figure>\n\n\n<div class=\"wp-block-group is-layout-flow wp-block-group-is-layout-flow\">\n<div class=\"wp-block-group is-layout-flex wp-block-group-is-layout-flex\"><div class=\"wp-block-post-terms\"><a href=\"https:\/\/www.greenpeace.org\/norway\/kategori\/klimaendringer\/\">Klimaendringer<\/a><\/div><\/div>\n\n\n<h3 class=\"wp-block-post-title\"><a href=\"https:\/\/www.greenpeace.org\/norway\/fakta\/klimaendringer\/co2-utslipp-i-norge-dette-ma-du-vite\/\" target=\"_self\" >CO2-utslipp i Norge: Alt du trenger \u00e5 vite om norske utslipp<\/a><\/h3>\n\n<div class=\"wp-block-post-excerpt\"><p class=\"wp-block-post-excerpt__excerpt\">CO2-utslipp i Norge gj\u00f8r skade nasjonalt og globalt. Les om hvilke konsekvenser norske utslipp har, og hvordan vi kan redusere CO2-utslipp og forurensning. <\/p><\/div>\n\n\n<div class=\"wp-block-group posts-list-meta is-layout-flow wp-block-group-is-layout-flow\"><span class='article-list-item-author'><a href='https:\/\/www.greenpeace.org\/norway\/author\/greenpeace-norway\/'>Greenpeace Norge<\/a><\/span>\n\n<div class=\"wp-block-post-date\"><time datetime=\"2023-04-27T14:03:52+01:00\">apr 27, 2023<\/time><\/div><\/div>\n<\/div>\n<\/div>\n\n<\/li><li class=\"wp-block-post post-8658 post type-post status-publish format-standard has-post-thumbnail hentry category-klimaendringer tag-losninger tag-fossilenergi tag-gronnenergi p4-page-type-fakta\">\n\n<div class=\"wp-block-columns is-layout-flex wp-container-core-columns-is-layout-9d6595d7 wp-block-columns-is-layout-flex\"><figure class=\"wp-block-post-featured-image\"><a href=\"https:\/\/www.greenpeace.org\/norway\/fakta\/klimaendringer\/karbonfangst-og-lagring-en-falsk-losning\/\" target=\"_self\"  ><img loading=\"lazy\" decoding=\"async\" width=\"1200\" height=\"800\" src=\"https:\/\/www.greenpeace.org\/static\/planet4-norway-stateless\/2021\/04\/f3951fb6-gp03ak2_medium_res.jpg\" class=\"attachment-post-thumbnail size-post-thumbnail wp-post-image wp-stateless-item\" alt=\"Hvorfor karbonfangst er en falsk l\u00f8sning\" style=\"object-fit:cover;\" srcset=\"https:\/\/www.greenpeace.org\/static\/planet4-norway-stateless\/2021\/04\/f3951fb6-gp03ak2_medium_res.jpg 1200w, https:\/\/www.greenpeace.org\/static\/planet4-norway-stateless\/2021\/04\/f3951fb6-gp03ak2_medium_res-300x200.jpg 300w, https:\/\/www.greenpeace.org\/static\/planet4-norway-stateless\/2021\/04\/f3951fb6-gp03ak2_medium_res-1024x683.jpg 1024w, https:\/\/www.greenpeace.org\/static\/planet4-norway-stateless\/2021\/04\/f3951fb6-gp03ak2_medium_res-768x512.jpg 768w, https:\/\/www.greenpeace.org\/static\/planet4-norway-stateless\/2021\/04\/f3951fb6-gp03ak2_medium_res-510x340.jpg 510w\" sizes=\"auto, (max-width: 1200px) 100vw, 1200px\" data-image-size=\"post-thumbnail\" data-stateless-media-bucket=\"planet4-norway-stateless\" data-stateless-media-name=\"2021\/04\/f3951fb6-gp03ak2_medium_res.jpg\" \/><\/a><\/figure>\n\n\n<div class=\"wp-block-group is-layout-flow wp-block-group-is-layout-flow\">\n<div class=\"wp-block-group is-layout-flex wp-block-group-is-layout-flex\"><div class=\"wp-block-post-terms\"><a href=\"https:\/\/www.greenpeace.org\/norway\/kategori\/klimaendringer\/\">Klimaendringer<\/a><\/div><\/div>\n\n\n<h3 class=\"wp-block-post-title\"><a href=\"https:\/\/www.greenpeace.org\/norway\/fakta\/klimaendringer\/karbonfangst-og-lagring-en-falsk-losning\/\" target=\"_self\" >Hvorfor karbonfangst er en falsk l\u00f8sning<\/a><\/h3>\n\n<div class=\"wp-block-post-excerpt\"><p class=\"wp-block-post-excerpt__excerpt\">I Greenpeace mener vi at karbonfangst er en falsk l\u00f8sning p\u00e5 et st\u00f8rre problem. Finn ut hva karbonfangst er, og hvordan CO2-lagring fungrer i praksis. <\/p><\/div>\n\n\n<div class=\"wp-block-group posts-list-meta is-layout-flow wp-block-group-is-layout-flow\"><span class='article-list-item-author'><a href='https:\/\/www.greenpeace.org\/norway\/author\/greenpeace-norway\/'>Greenpeace Norge<\/a><\/span>\n\n<div class=\"wp-block-post-date\"><time datetime=\"2021-04-13T08:10:00+01:00\">apr 13, 2021<\/time><\/div><\/div>\n<\/div>\n<\/div>\n\n<\/li><\/ul>\n\n\n<div class=\"wp-block-buttons carousel-controls is-horizontal is-content-justification-space-between is-nowrap is-layout-flex wp-container-core-buttons-is-layout-044bd602 wp-block-buttons-is-layout-flex\">\n<div class=\"wp-block-button carousel-control-prev\"><button type=\"button\" class=\"wp-block-button__link wp-element-button\">Prev<\/button><\/div>\n\n\n\n<div class=\"wp-block-button carousel-control-next\"><button type=\"button\" class=\"wp-block-button__link wp-element-button\">Next<\/button><\/div>\n<\/div>\n\n\n<\/div>\n\n\n\n<div class=\"wp-block-group alignfull block is-pattern-p4-deep-dive has-grey-100-background-color has-background is-layout-flow wp-block-group-is-layout-flow\">\n<div class=\"wp-block-group container is-layout-flow wp-block-group-is-layout-flow\">\n<div style=\"height:24px\" aria-hidden=\"true\" class=\"wp-block-spacer\"><\/div>\n\n\n\n<h2 class=\"wp-block-heading has-text-align-center\">L\u00e6r mer om sakene<\/h2>\n\n\n\n<div class=\"wp-block-columns is-style-mobile-carousel is-layout-flex wp-container-core-columns-is-layout-9d6595d7 wp-block-columns-is-layout-flex\">\n<div class=\"wp-block-column is-layout-flow wp-block-column-is-layout-flow\">\n<div class=\"wp-block-group group-stretched-link is-layout-flow wp-block-group-is-layout-flow\">\n<figure class=\"wp-block-image aligncenter size-full is-resized force-no-lightbox force-no-caption is-style-rounded-180\"><img loading=\"lazy\" decoding=\"async\" width=\"800\" height=\"600\" src=\"https:\/\/www.greenpeace.org\/static\/planet4-norway-stateless\/2022\/12\/abb93edd-gp0stuibs_web_size.jpg\" alt=\"Solceller p\u00e5 taket til sykehuset Prapokklao i Thailand.\" class=\"wp-image-52664\" srcset=\"https:\/\/www.greenpeace.org\/static\/planet4-norway-stateless\/2022\/12\/abb93edd-gp0stuibs_web_size.jpg 800w, https:\/\/www.greenpeace.org\/static\/planet4-norway-stateless\/2022\/12\/abb93edd-gp0stuibs_web_size-300x225.jpg 300w, https:\/\/www.greenpeace.org\/static\/planet4-norway-stateless\/2022\/12\/abb93edd-gp0stuibs_web_size-768x576.jpg 768w, https:\/\/www.greenpeace.org\/static\/planet4-norway-stateless\/2022\/12\/abb93edd-gp0stuibs_web_size-453x340.jpg 453w\" sizes=\"auto, (max-width: 800px) 100vw, 800px\" \/><figcaption class=\"wp-element-caption\">Prapokklao hospital receives funding from a crowdfunding project called Thailand Solar Fund which composes of 15 networks and organisations. The project aims to install solar panels on hospital rooftops, support renewable energy in the country, reduce carbon emission and phase away from fossil fuel.\n\nGreenpeace Thailand is part of Thailand Solar Fund coalition that installs solar cells at hospitals in Thailand. Greenpeace is calling on Energy Regulatory Commission of Thailand to issue a Net Metering measure to promote a residential solar rooftop system.\n\u0e42\u0e23\u0e07\u0e1e\u0e22\u0e32\u0e1a\u0e32\u0e25\u0e1e\u0e23\u0e30\u0e1b\u0e01\u0e40\u0e01\u0e25\u0e49\u0e32 \u0e40\u0e1b\u0e47\u0e19\u0e42\u0e23\u0e07\u0e1e\u0e22\u0e32\u0e1a\u0e32\u0e25\u0e41\u0e2b\u0e48\u0e07\u0e17\u0e35\u0e48 7 \u0e20\u0e32\u0e22\u0e43\u0e15\u0e49\u0e42\u0e04\u0e23\u0e07\u0e01\u0e32\u0e23\u0e01\u0e2d\u0e07\u0e17\u0e38\u0e19\u0e41\u0e2a\u0e07\u0e2d\u0e32\u0e17\u0e34\u0e15\u0e22\u0e4c \u0e17\u0e35\u0e48\u0e15\u0e34\u0e14\u0e15\u0e31\u0e49\u0e07\u0e41\u0e1c\u0e07\u0e42\u0e0b\u0e25\u0e32\u0e23\u0e4c\u0e40\u0e0b\u0e25\u0e25\u0e4c\u0e1a\u0e19\u0e2b\u0e25\u0e31\u0e07\u0e04\u0e32\u0e42\u0e23\u0e07\u0e1e\u0e22\u0e32\u0e1a\u0e32\u0e25 \u0e40\u0e1e\u0e37\u0e48\u0e2d\u0e25\u0e14\u0e04\u0e48\u0e32\u0e44\u0e1f\u0e1f\u0e49\u0e32 \u0e2a\u0e19\u0e31\u0e1a\u0e2a\u0e19\u0e38\u0e19\u0e01\u0e32\u0e23\u0e43\u0e0a\u0e49\u0e1e\u0e25\u0e31\u0e07\u0e07\u0e32\u0e19\u0e2b\u0e21\u0e38\u0e19\u0e40\u0e27\u0e35\u0e22\u0e19 \u0e25\u0e14\u0e01\u0e32\u0e23\u0e1b\u0e25\u0e48\u0e2d\u0e22\u0e01\u0e4a\u0e32\u0e0b\u0e04\u0e32\u0e23\u0e4c\u0e1a\u0e2d\u0e19\u0e44\u0e14\u0e2d\u0e2d\u0e01\u0e44\u0e0b\u0e14\u0e4c\u0e2d\u0e31\u0e19\u0e40\u0e1b\u0e47\u0e19\u0e2a\u0e32\u0e40\u0e2b\u0e15\u0e38\u0e17\u0e33\u0e43\u0e2b\u0e49\u0e40\u0e01\u0e34\u0e14\u0e01\u0e32\u0e23\u0e40\u0e1b\u0e25\u0e35\u0e48\u0e22\u0e19\u0e41\u0e1b\u0e25\u0e07\u0e2a\u0e20\u0e32\u0e1e\u0e20\u0e39\u0e21\u0e34\u0e2d\u0e32\u0e01\u0e32\u0e28 \u0e23\u0e27\u0e21\u0e16\u0e36\u0e07\u0e25\u0e14\u0e21\u0e25\u0e1e\u0e34\u0e29\u0e17\u0e32\u0e07\u0e2d\u0e32\u0e01\u0e32\u0e28<\/figcaption><\/figure>\n\n\n\n<h5 class=\"wp-block-heading has-text-align-center is-style-chevron\" style=\"font-size:1rem\"><a href=\"https:\/\/www.greenpeace.org\/norway\/?page_id=52246\">Fornybar energi<\/a><\/h5>\n\n\n\n<div style=\"height:16px\" aria-hidden=\"true\" class=\"wp-block-spacer\"><\/div>\n<\/div>\n<\/div>\n\n\n\n<div class=\"wp-block-column is-layout-flow wp-block-column-is-layout-flow\">\n<div class=\"wp-block-group group-stretched-link is-layout-flow wp-block-group-is-layout-flow\">\n<figure class=\"wp-block-image aligncenter size-full is-resized force-no-lightbox force-no-caption is-style-rounded-180\"><img loading=\"lazy\" decoding=\"async\" width=\"800\" height=\"543\" src=\"https:\/\/www.greenpeace.org\/static\/planet4-norway-stateless\/2022\/12\/6be01018-gp0stui1y_web_size.jpg\" title=\"Vindpark i Feldheim i Tyskland\" alt=\"Vindpark i Feldheim i Tyskland.\" class=\"wp-image-53223\" srcset=\"https:\/\/www.greenpeace.org\/static\/planet4-norway-stateless\/2022\/12\/6be01018-gp0stui1y_web_size.jpg 800w, https:\/\/www.greenpeace.org\/static\/planet4-norway-stateless\/2022\/12\/6be01018-gp0stui1y_web_size-300x204.jpg 300w, https:\/\/www.greenpeace.org\/static\/planet4-norway-stateless\/2022\/12\/6be01018-gp0stui1y_web_size-768x521.jpg 768w, https:\/\/www.greenpeace.org\/static\/planet4-norway-stateless\/2022\/12\/6be01018-gp0stui1y_web_size-501x340.jpg 501w\" sizes=\"auto, (max-width: 800px) 100vw, 800px\" \/><figcaption class=\"wp-element-caption\">Enercon wind turbines E126 at wind park Feldheim.\nAufbau Enercon WEA E126 im  Windpark Feldheim in Brandenburg.<\/figcaption><\/figure>\n\n\n\n<h5 class=\"wp-block-heading has-text-align-center is-style-chevron\" style=\"font-size:1rem\"><a href=\"https:\/\/www.greenpeace.org\/norway\/?page_id=52248\">Vindkraft<\/a><\/h5>\n\n\n\n<div style=\"height:16px\" aria-hidden=\"true\" class=\"wp-block-spacer\"><\/div>\n<\/div>\n<\/div>\n\n\n\n<div class=\"wp-block-column is-layout-flow wp-block-column-is-layout-flow\">\n<div class=\"wp-block-group group-stretched-link is-layout-flow wp-block-group-is-layout-flow\">\n<figure class=\"wp-block-image aligncenter size-large is-resized force-no-lightbox force-no-caption is-style-rounded-180\"><img loading=\"lazy\" decoding=\"async\" width=\"1024\" height=\"683\" src=\"https:\/\/www.greenpeace.org\/static\/planet4-norway-stateless\/2023\/01\/25877806-gp0d9v-1024x683.jpg\" title=\"Flagg med symbolet for radioaktivitet\" alt=\"Flagg med symbolet for radioaktivitet.\" class=\"wp-image-53984\" srcset=\"https:\/\/www.greenpeace.org\/static\/planet4-norway-stateless\/2023\/01\/25877806-gp0d9v-1024x683.jpg 1024w, https:\/\/www.greenpeace.org\/static\/planet4-norway-stateless\/2023\/01\/25877806-gp0d9v-300x200.jpg 300w, https:\/\/www.greenpeace.org\/static\/planet4-norway-stateless\/2023\/01\/25877806-gp0d9v-768x512.jpg 768w, https:\/\/www.greenpeace.org\/static\/planet4-norway-stateless\/2023\/01\/25877806-gp0d9v-510x340.jpg 510w, https:\/\/www.greenpeace.org\/static\/planet4-norway-stateless\/2023\/01\/25877806-gp0d9v.jpg 1200w\" sizes=\"auto, (max-width: 1024px) 100vw, 1024px\" \/><figcaption class=\"wp-element-caption\">Setting Sun shines through protest flag with radio-active symbol, Cherbourg, France. Greenpeace activists spend the night waiting for the imminent arrival of two  BNFL (British Nuclear Fuels) ships, which are carrying 140kg of radioactive  weapons-grade plutonium. The Pacific Pintail and the Pacific Teal left the  U.S. port of Charleston on September 20th.  Greenpeace believes the  shipment conducted by the US and France is unnecessarily threatening  international security and putting the environment at risk.<\/figcaption><\/figure>\n\n\n\n<h5 class=\"wp-block-heading has-text-align-center is-style-chevron\" style=\"font-size:1rem\"><a href=\"https:\/\/www.greenpeace.org\/norway\/?page_id=52251\">Kjernekraft<\/a><\/h5>\n\n\n\n<div style=\"height:16px\" aria-hidden=\"true\" class=\"wp-block-spacer\"><\/div>\n<\/div>\n<\/div>\n\n\n\n<div class=\"wp-block-column is-layout-flow wp-block-column-is-layout-flow\">\n<div class=\"wp-block-group group-stretched-link is-layout-flow wp-block-group-is-layout-flow\">\n<figure class=\"wp-block-image aligncenter size-large is-resized force-no-lightbox force-no-caption is-style-rounded-180\"><img loading=\"lazy\" decoding=\"async\" width=\"1024\" height=\"684\" src=\"https:\/\/www.greenpeace.org\/static\/planet4-norway-stateless\/2022\/06\/094de070-greenpeace-aksjon-internasjonalt-1024x684.jpg\" alt=\"Aktivister fra Greenpeace med et banner som sier &quot;Ban fossil fuel advertising&quot; foran en bilannonse i Brussel i Belgia.\" class=\"wp-image-51203\" srcset=\"https:\/\/www.greenpeace.org\/static\/planet4-norway-stateless\/2022\/06\/094de070-greenpeace-aksjon-internasjonalt-1024x684.jpg 1024w, https:\/\/www.greenpeace.org\/static\/planet4-norway-stateless\/2022\/06\/094de070-greenpeace-aksjon-internasjonalt-300x200.jpg 300w, https:\/\/www.greenpeace.org\/static\/planet4-norway-stateless\/2022\/06\/094de070-greenpeace-aksjon-internasjonalt-768x513.jpg 768w, https:\/\/www.greenpeace.org\/static\/planet4-norway-stateless\/2022\/06\/094de070-greenpeace-aksjon-internasjonalt-1536x1026.jpg 1536w, https:\/\/www.greenpeace.org\/static\/planet4-norway-stateless\/2022\/06\/094de070-greenpeace-aksjon-internasjonalt-2048x1368.jpg 2048w, https:\/\/www.greenpeace.org\/static\/planet4-norway-stateless\/2022\/06\/094de070-greenpeace-aksjon-internasjonalt-2045x1366.jpg 2045w, https:\/\/www.greenpeace.org\/static\/planet4-norway-stateless\/2022\/06\/094de070-greenpeace-aksjon-internasjonalt-510x340.jpg 510w\" sizes=\"auto, (max-width: 1024px) 100vw, 1024px\" \/><figcaption class=\"wp-element-caption\">Activists from Greenpeace Belgium taking action by adding a climate crisis warning to a fossil car ad in Brussels, Belgium. This action supports the European citizen initiative to ban fossil advertisement &amp; sponsorship.<\/figcaption><\/figure>\n\n\n\n<h5 class=\"wp-block-heading has-text-align-center is-style-chevron\" style=\"font-size:1rem\"><a href=\"https:\/\/www.greenpeace.org\/norway\/?page_id=52254\">Gr\u00f8nnvasking<\/a><\/h5>\n\n\n\n<div style=\"height:16px\" aria-hidden=\"true\" class=\"wp-block-spacer\"><\/div>\n<\/div>\n<\/div>\n\n\n\n<div class=\"wp-block-column is-layout-flow wp-block-column-is-layout-flow\">\n<div class=\"wp-block-group group-stretched-link is-layout-flow wp-block-group-is-layout-flow\">\n<figure class=\"wp-block-image aligncenter size-large is-resized force-no-lightbox force-no-caption is-style-rounded-180\"><img loading=\"lazy\" decoding=\"async\" width=\"1024\" height=\"683\" src=\"https:\/\/www.greenpeace.org\/static\/planet4-norway-stateless\/56e28af7-sedler_norges_bank-1024x683.jpg\" title=\"Norske pengesedler i de ulike val\u00f8rene.\" alt=\"Norske pengesedler i ulike val\u00f8rer.\" class=\"wp-image-7989\"\/><figcaption class=\"wp-element-caption\">Foto: Norges Bank<\/figcaption><\/figure>\n\n\n\n<h5 class=\"wp-block-heading has-text-align-center is-style-chevron\" style=\"font-size:1rem\"><a href=\"https:\/\/www.greenpeace.org\/norway\/?page_id=52262\">Klimafinans og Oljefondet<\/a><\/h5>\n\n\n\n<div style=\"height:16px\" aria-hidden=\"true\" class=\"wp-block-spacer\"><\/div>\n<\/div>\n<\/div>\n<\/div>\n<\/div>\n<\/div>\n\n\n\n<div class=\"wp-block-group alignfull block is-pattern-p4-quick-links has-white-background-color has-background is-layout-flow wp-block-group-is-layout-flow\">\n<div class=\"wp-block-group container is-layout-flow wp-block-group-is-layout-flow\">\n<div style=\"height:24px\" aria-hidden=\"true\" class=\"wp-block-spacer\"><\/div>\n\n\n\n<h4 class=\"wp-block-heading has-text-align-center\">Utforsk andre temaer<\/h4>\n\n\n\n<div style=\"height:20px\" aria-hidden=\"true\" class=\"wp-block-spacer\"><\/div>\n\n\n\n<div class=\"wp-block-columns is-not-stacked-on-mobile is-style-mobile-carousel is-layout-flex wp-container-core-columns-is-layout-9d6595d7 wp-block-columns-is-layout-flex\">\n<div class=\"wp-block-column is-layout-flow wp-block-column-is-layout-flow\">\n<div class=\"wp-block-group group-stretched-link is-layout-flow wp-block-group-is-layout-flow\">\n<figure class=\"wp-block-image aligncenter size-large is-resized is-style-rounded-90 force-no-lightbox force-no-caption mb-0\"><img loading=\"lazy\" decoding=\"async\" width=\"1024\" height=\"683\" src=\"https:\/\/www.greenpeace.org\/static\/planet4-norway-stateless\/2022\/02\/7db94982-gp0219n-1024x683.jpg\" title=\"Severe Drought in China. \u00a9 Lu Guang \/ Greenpeace\" alt=\"T\u00f8rke i Kina.\" class=\"wp-image-50290\" srcset=\"https:\/\/www.greenpeace.org\/static\/planet4-norway-stateless\/2022\/02\/7db94982-gp0219n-1024x683.jpg 1024w, https:\/\/www.greenpeace.org\/static\/planet4-norway-stateless\/2022\/02\/7db94982-gp0219n-300x200.jpg 300w, https:\/\/www.greenpeace.org\/static\/planet4-norway-stateless\/2022\/02\/7db94982-gp0219n-768x512.jpg 768w, https:\/\/www.greenpeace.org\/static\/planet4-norway-stateless\/2022\/02\/7db94982-gp0219n-510x340.jpg 510w, https:\/\/www.greenpeace.org\/static\/planet4-norway-stateless\/2022\/02\/7db94982-gp0219n.jpg 1200w\" sizes=\"auto, (max-width: 1024px) 100vw, 1024px\" \/><figcaption class=\"wp-element-caption\">Greenpeace staff asses the dry ground, cracked due to the severe drought in Maojiacun Reservoir, Huize County.<div class=\"credit icon-left\"> \u00a9 Lu Guang \/ Greenpeace<\/div><\/figcaption><\/figure>\n\n\n\n<div style=\"height:16px\" aria-hidden=\"true\" class=\"wp-block-spacer\"><\/div>\n\n\n\n<h5 class=\"wp-block-heading has-text-align-center\" style=\"font-size:1rem\"><a href=\"https:\/\/www.greenpeace.org\/norway\/?page_id=52135\">Klimaendringer<\/a><\/h5>\n<\/div>\n<\/div>\n\n\n\n<div class=\"wp-block-column is-layout-flow wp-block-column-is-layout-flow\">\n<div class=\"wp-block-group group-stretched-link is-layout-flow wp-block-group-is-layout-flow\">\n<figure class=\"wp-block-image aligncenter size-full is-resized is-style-rounded-90 force-no-lightbox force-no-caption mb-0\"><img loading=\"lazy\" decoding=\"async\" width=\"800\" height=\"533\" src=\"https:\/\/www.greenpeace.org\/static\/planet4-norway-stateless\/2022\/12\/969bd562-gp1svdes_web_size.jpg\" alt=\"Ugle i Estland.\" class=\"wp-image-52662\" srcset=\"https:\/\/www.greenpeace.org\/static\/planet4-norway-stateless\/2022\/12\/969bd562-gp1svdes_web_size.jpg 800w, https:\/\/www.greenpeace.org\/static\/planet4-norway-stateless\/2022\/12\/969bd562-gp1svdes_web_size-300x200.jpg 300w, https:\/\/www.greenpeace.org\/static\/planet4-norway-stateless\/2022\/12\/969bd562-gp1svdes_web_size-768x512.jpg 768w, https:\/\/www.greenpeace.org\/static\/planet4-norway-stateless\/2022\/12\/969bd562-gp1svdes_web_size-510x340.jpg 510w\" sizes=\"auto, (max-width: 800px) 100vw, 800px\" \/><figcaption class=\"wp-element-caption\">Juvenile Ural owl, (Strix uralensis) on a summer evening; P\u00e4rnu county, Central Estonia. \nDocumentation of logging in Estonian forests. The production of wood pellets for biomass energy is destroying large areas of the ancient forest and habitat of wildlife. The pellets are exported to European countries, e.g. Germany, Italy, UK and the Netherlands.<\/figcaption><\/figure>\n\n\n\n<div style=\"height:16px\" aria-hidden=\"true\" class=\"wp-block-spacer\"><\/div>\n\n\n\n<h5 class=\"wp-block-heading has-text-align-center\" style=\"font-size:1rem\"><a href=\"https:\/\/www.greenpeace.org\/norway\/?page_id=52138\">Natur<\/a><\/h5>\n<\/div>\n<\/div>\n\n\n\n<div class=\"wp-block-column is-layout-flow wp-block-column-is-layout-flow\">\n<div class=\"wp-block-group group-stretched-link is-layout-flow wp-block-group-is-layout-flow\">\n<figure class=\"wp-block-image aligncenter size-large is-resized is-style-rounded-90 force-no-lightbox force-no-caption mb-0\"><img loading=\"lazy\" decoding=\"async\" width=\"1024\" height=\"683\" src=\"https:\/\/www.greenpeace.org\/static\/planet4-norway-stateless\/2022\/02\/ebcd1dda-gp0stuglp-1024x683.jpg\" title=\"Kn\u00f8lhval utenfor Elephant Island i Antarktis. Foto: Abbie Trayler-Smith \/ Greenpeace\" alt=\"Hval utenfor Elefant\u00f8ya nordvest for Antarktishalv\u00f8ya.\" class=\"wp-image-50074\" srcset=\"https:\/\/www.greenpeace.org\/static\/planet4-norway-stateless\/2022\/02\/ebcd1dda-gp0stuglp-1024x683.jpg 1024w, https:\/\/www.greenpeace.org\/static\/planet4-norway-stateless\/2022\/02\/ebcd1dda-gp0stuglp-300x200.jpg 300w, https:\/\/www.greenpeace.org\/static\/planet4-norway-stateless\/2022\/02\/ebcd1dda-gp0stuglp-768x512.jpg 768w, https:\/\/www.greenpeace.org\/static\/planet4-norway-stateless\/2022\/02\/ebcd1dda-gp0stuglp-510x340.jpg 510w, https:\/\/www.greenpeace.org\/static\/planet4-norway-stateless\/2022\/02\/ebcd1dda-gp0stuglp.jpg 1200w\" sizes=\"auto, (max-width: 1024px) 100vw, 1024px\" \/><figcaption class=\"wp-element-caption\">Humpback Whales swim in the waters off Elephant Island.  Greenpeace is back in the Antarctic on the last stage of the Pole to Pole Expedition. We have teamed up with a group of scientists to investigate and document the impacts the climate crisis is already having in this area.\n\n*This picture was taken in 2020 during the Antarctic leg of the Pole to Pole expedition under the Dutch permit number RWS-2019\/40813.<\/figcaption><figcaption><div class=\"credit icon-left\"> \u00a9 Abbie Trayler-Smith \/ Greenpeace<\/div><\/figcaption><\/figure>\n\n\n\n<div style=\"height:16px\" aria-hidden=\"true\" class=\"wp-block-spacer\"><\/div>\n\n\n\n<h5 class=\"wp-block-heading has-text-align-center\" style=\"font-size:1rem\"><a href=\"https:\/\/www.greenpeace.org\/norway\/?page_id=52187\">Hav<\/a><\/h5>\n<\/div>\n<\/div>\n\n\n\n<div class=\"wp-block-column is-layout-flow wp-block-column-is-layout-flow\">\n<div class=\"wp-block-group group-stretched-link is-layout-flow wp-block-group-is-layout-flow\">\n<figure class=\"wp-block-image aligncenter size-large is-resized is-style-rounded-90 force-no-lightbox force-no-caption mb-0\"><img loading=\"lazy\" decoding=\"async\" width=\"1024\" height=\"684\" src=\"https:\/\/www.greenpeace.org\/static\/planet4-norway-stateless\/2019\/08\/aec0161e-forest4-1024x684.jpg\" alt=\"Avskoging p\u00e5 Karipuna-urfolkets territorium i Brasil.\" class=\"wp-image-1882\" srcset=\"https:\/\/www.greenpeace.org\/static\/planet4-norway-stateless\/2019\/08\/aec0161e-forest4-1024x684.jpg 1024w, https:\/\/www.greenpeace.org\/static\/planet4-norway-stateless\/2019\/08\/aec0161e-forest4-300x200.jpg 300w, https:\/\/www.greenpeace.org\/static\/planet4-norway-stateless\/2019\/08\/aec0161e-forest4-768x513.jpg 768w, https:\/\/www.greenpeace.org\/static\/planet4-norway-stateless\/2019\/08\/aec0161e-forest4-2046x1366.jpg 2046w, https:\/\/www.greenpeace.org\/static\/planet4-norway-stateless\/2019\/08\/aec0161e-forest4-510x340.jpg 510w\" sizes=\"auto, (max-width: 1024px) 100vw, 1024px\" \/><figcaption class=\"wp-element-caption\">The destruction of the rainforest is a huge threat to the existence of the Karipuna indigenous people, since the forest is a life giving force for the community.\nThe Karipuna Indigenous Land, located in the municipalities of Nova Mamor\u00e9 and Porto Velho, in Rond\u00f4nia state, has been rapidly destroyed by the ostensive invasion of loggers and grileiros (land grabbers). Although it was recognized as an Indigenous Land by Brazilian government in 1988, over 11,000 hectares of the Amazon forest have already been destroyed; 80% in the last three years alone. Even the sale of lots has been carried out by the invaders. The Karipuna are a indigenous people of recent contact with surrounding society, and were almost extinct in the 1970s. Currently, the Karipuna population totals 58 people.\nA destrui\u00e7\u00e3o da floresta \u00e9 uma enorme amea\u00e7a \u00e0 exist\u00eancia do povo Karipuna, j\u00e1 que a pr\u00f3pria floresta \u00e9 uma for\u00e7a vital para a comunidade.\nA Terra Ind\u00edgena Karipuna, localizada nos munic\u00edpios de Nova Mamor\u00e9 e Porto Velho (RO), vem sendo rapidamente destru\u00edda pela ostensiva invas\u00e3o de madeireiros e grileiros. Apesar de ter sido homologada pela Presid\u00eancia da Rep\u00fablica em 1988, mais de 11 mil hectares de floresta amaz\u00f4nica j\u00e1 foram destru\u00eddos, sendo 80% apenas nos \u00faltimos tr\u00eas anos. At\u00e9 mesmo a venda de lotes vem sendo realizada pelos invasores. Povo de recente contato com a sociedade envolvente, os Karipuna quase foram extintos na d\u00e9cada de 1970. Atualmente, a popula\u00e7\u00e3o Karipuna totaliza 58 pessoas.<\/figcaption><\/figure>\n\n\n\n<div style=\"height:16px\" aria-hidden=\"true\" class=\"wp-block-spacer\"><\/div>\n\n\n\n<h5 class=\"wp-block-heading has-text-align-center\" style=\"font-size:1rem\"><a href=\"https:\/\/www.greenpeace.org\/norway\/?page_id=52180\">Skog og landbruk<\/a><\/h5>\n<\/div>\n<\/div>\n\n\n\n<div class=\"wp-block-column is-layout-flow wp-block-column-is-layout-flow\">\n<div class=\"wp-block-group group-stretched-link is-layout-flow wp-block-group-is-layout-flow\">\n<figure class=\"wp-block-image aligncenter size-full is-resized is-style-rounded-90 force-no-lightbox force-no-caption mb-0\"><img loading=\"lazy\" decoding=\"async\" width=\"800\" height=\"533\" src=\"https:\/\/www.greenpeace.org\/static\/planet4-norway-stateless\/2022\/12\/1295bdeb-gp1swpkh_web_size.jpg\" alt=\"Plastavfall p\u00e5 Canggu-stranden p\u00e5 Bali.\" class=\"wp-image-52661\" srcset=\"https:\/\/www.greenpeace.org\/static\/planet4-norway-stateless\/2022\/12\/1295bdeb-gp1swpkh_web_size.jpg 800w, https:\/\/www.greenpeace.org\/static\/planet4-norway-stateless\/2022\/12\/1295bdeb-gp1swpkh_web_size-300x200.jpg 300w, https:\/\/www.greenpeace.org\/static\/planet4-norway-stateless\/2022\/12\/1295bdeb-gp1swpkh_web_size-768x512.jpg 768w, https:\/\/www.greenpeace.org\/static\/planet4-norway-stateless\/2022\/12\/1295bdeb-gp1swpkh_web_size-510x340.jpg 510w\" sizes=\"auto, (max-width: 800px) 100vw, 800px\" \/><figcaption class=\"wp-element-caption\">A tourist walks along a beach covered in piles of debris and plastic waste in Canggu, Bali, Indonesia.<\/figcaption><\/figure>\n\n\n\n<div style=\"height:16px\" aria-hidden=\"true\" class=\"wp-block-spacer\"><\/div>\n\n\n\n<h5 class=\"wp-block-heading has-text-align-center\" style=\"font-size:1rem\"><a href=\"https:\/\/www.greenpeace.org\/norway\/?page_id=52194\">Forbruk<\/a><\/h5>\n<\/div>\n<\/div>\n<\/div>\n<\/div>\n<\/div>\n<\/div>\n","protected":false},"excerpt":{"rendered":"<p>Forskerne er enige om at verden ikke har plass til mer fossil energi. Verden trenger en gr\u00f8nn omstilling bort fra fossile energikilder og over til fornybare.<\/p>\n","protected":false},"author":32,"featured_media":1055,"parent":52153,"menu_order":0,"comment_status":"closed","ping_status":"closed","template":"","meta":{"ep_exclude_from_search":false,"p4_hide_page_title_checkbox":"on","p4_title":"","p4_subtitle":"","p4_description":"","background_image_id":"","background_image":"","p4_button_title":"","p4_button_link":"","p4_button_link_checkbox":"","p4_og_title":"","p4_og_description":"","p4_og_image":"","p4_og_image_id":"","p4_seo_canonical_url":"","p4_campaign_name":"not set","p4_local_project":"not set","p4_basket_name":"not set","p4_department":"","footnotes":""},"categories":[58],"tags":[29,66,94],"class_list":["post-52244","page","type-page","status-publish","has-post-thumbnail","hentry","category-energi","tag-fossilenergi","tag-arktis","tag-equinor"],"_links":{"self":[{"href":"https:\/\/www.greenpeace.org\/norway\/wp-json\/wp\/v2\/pages\/52244","targetHints":{"allow":["GET"]}}],"collection":[{"href":"https:\/\/www.greenpeace.org\/norway\/wp-json\/wp\/v2\/pages"}],"about":[{"href":"https:\/\/www.greenpeace.org\/norway\/wp-json\/wp\/v2\/types\/page"}],"author":[{"embeddable":true,"href":"https:\/\/www.greenpeace.org\/norway\/wp-json\/wp\/v2\/users\/32"}],"replies":[{"embeddable":true,"href":"https:\/\/www.greenpeace.org\/norway\/wp-json\/wp\/v2\/comments?post=52244"}],"version-history":[{"count":20,"href":"https:\/\/www.greenpeace.org\/norway\/wp-json\/wp\/v2\/pages\/52244\/revisions"}],"predecessor-version":[{"id":66773,"href":"https:\/\/www.greenpeace.org\/norway\/wp-json\/wp\/v2\/pages\/52244\/revisions\/66773"}],"up":[{"embeddable":true,"href":"https:\/\/www.greenpeace.org\/norway\/wp-json\/wp\/v2\/pages\/52153"}],"wp:featuredmedia":[{"embeddable":true,"href":"https:\/\/www.greenpeace.org\/norway\/wp-json\/wp\/v2\/media\/1055"}],"wp:attachment":[{"href":"https:\/\/www.greenpeace.org\/norway\/wp-json\/wp\/v2\/media?parent=52244"}],"wp:term":[{"taxonomy":"category","embeddable":true,"href":"https:\/\/www.greenpeace.org\/norway\/wp-json\/wp\/v2\/categories?post=52244"},{"taxonomy":"post_tag","embeddable":true,"href":"https:\/\/www.greenpeace.org\/norway\/wp-json\/wp\/v2\/tags?post=52244"}],"curies":[{"name":"wp","href":"https:\/\/api.w.org\/{rel}","templated":true}]}}