{"id":52259,"date":"2022-12-06T22:34:32","date_gmt":"2022-12-06T21:34:32","guid":{"rendered":"https:\/\/www.greenpeace.org\/norway\/?page_id=52259"},"modified":"2026-04-08T09:55:20","modified_gmt":"2026-04-08T08:55:20","slug":"klimasoksmal","status":"publish","type":"page","link":"https:\/\/www.greenpeace.org\/norway\/klimaendringer\/klimasoksmal\/","title":{"rendered":"Klimas\u00f8ksm\u00e5l"},"content":{"rendered":"\n<div class=\"wp-block-group is-pattern-p4-deep-dive-topic-pattern-layout is-layout-flow wp-block-group-is-layout-flow\">\n<div class=\"wp-block-group alignfull has-grey-100-background-color has-background is-layout-flow wp-block-group-is-layout-flow\" style=\"padding-top:56px;padding-bottom:56px\">\n<div class=\"wp-block-group container is-layout-flow wp-block-group-is-layout-flow\">\n<div class=\"wp-block-media-text alignfull has-media-on-the-right is-stacked-on-mobile is-pattern-p4-page-header is-style-parallax\"><div class=\"wp-block-media-text__content\">\n<div class=\"wp-block-group is-layout-flow wp-block-group-is-layout-flow\">\n<h1 class=\"wp-block-heading has-grey-100-background-color has-background\">Klimas\u00f8ksm\u00e5let<\/h1>\n<\/div>\n\n\n\n<p>Med <strong>klimas\u00f8ksm\u00e5l <\/strong>tar man i bruk loven som verkt\u00f8y n\u00e5r stater og selskaper unnlater \u00e5 handle i m\u00f8te med <a href=\"https:\/\/www.greenpeace.org\/norway\/klimaendringer\/\">klimaendringer<\/a>. I Norge har Greenpeace og Natur og Ungdom tatt den norske stat til Den europeiske menneskerettsdomstolen (EMD) i Strasbourg, og i 2023 tok vi staten til retten igjen, i et nytt klimas\u00f8ksm\u00e5l som fortsatt p\u00e5g\u00e5r.<\/p>\n\n\n\n<div class=\"wp-block-buttons is-layout-flex wp-block-buttons-is-layout-flex\">\n<div class=\"wp-block-button is-style-cta\"><a class=\"wp-block-button__link wp-element-button\" href=\"https:\/\/www.greenpeace.org\/norway\/nyheter\/klimaendringer\/full-seier-i-klimasoksmal-i-lagmannsretten\/\">Vi vant i lagmannsretten<\/a><\/div>\n<\/div>\n<\/div><figure class=\"wp-block-media-text__media\"><img loading=\"lazy\" decoding=\"async\" width=\"800\" height=\"533\" src=\"https:\/\/www.greenpeace.org\/static\/planet4-norway-stateless\/2022\/12\/ba0c38a7-gp1subfx_web_size-1.jpg\" alt=\"Greenpeace-skipet Arctic Sunrise i Arktis.\" sizes=\"auto, (min-width: 601px) 50vw, 100vw\" srcset=\"https:\/\/www.greenpeace.org\/static\/planet4-norway-stateless\/2022\/12\/ba0c38a7-gp1subfx_web_size-1.jpg 800w, https:\/\/www.greenpeace.org\/static\/planet4-norway-stateless\/2022\/12\/ba0c38a7-gp1subfx_web_size-1-300x200.jpg 300w, https:\/\/www.greenpeace.org\/static\/planet4-norway-stateless\/2022\/12\/ba0c38a7-gp1subfx_web_size-1-768x512.jpg 768w, https:\/\/www.greenpeace.org\/static\/planet4-norway-stateless\/2022\/12\/ba0c38a7-gp1subfx_web_size-1-510x340.jpg 510w\" class=\"wp-image-53601 size-full\"\/><\/figure><\/div>\n<\/div>\n<\/div>\n\n\n\n<div style=\"height:15px\" aria-hidden=\"true\" class=\"wp-block-spacer\"><\/div>\n\n\n\n<div class=\"wp-block-columns is-style-mobile-carousel secondary-menu is-layout-flex wp-container-core-columns-is-layout-9d6595d7 wp-block-columns-is-layout-flex\">\n<div class=\"wp-block-column is-layout-flow wp-block-column-is-layout-flow\" style=\"flex-basis:5%\"><\/div>\n\n\n\n<div class=\"wp-block-column brdr-bottom is-layout-flow wp-block-column-is-layout-flow\" style=\"flex-basis:90%\">\n<div class=\"wp-block-group is-style-reset-margin flex-wrap is-content-justification-center is-nowrap is-layout-flex wp-container-core-group-is-layout-499140ed wp-block-group-is-layout-flex\">\n<p class=\"has-text-align-center is-style-roboto-font-family nav-link\" style=\"font-size:16px\"><a href=\"#hvorfor\"><strong>Hvorfor<\/strong><\/a><\/p>\n\n\n\n<div style=\"height:30px;width:0px\" aria-hidden=\"true\" class=\"wp-block-spacer wp-container-content-b0b89ccb\"><\/div>\n\n\n\n<p>\u2022<\/p>\n\n\n\n<div style=\"height:30px;width:0px\" aria-hidden=\"true\" class=\"wp-block-spacer wp-container-content-b0b89ccb\"><\/div>\n\n\n\n<p class=\"has-text-align-center is-style-roboto-font-family nav-link\" style=\"font-size:16px\"><a href=\"#hva-vi-gjoer\"><strong>Mer om s\u00f8ksm\u00e5lene<\/strong><\/a><\/p>\n\n\n\n<div style=\"height:30px;width:0px\" aria-hidden=\"true\" class=\"wp-block-spacer wp-container-content-b0b89ccb\"><\/div>\n\n\n\n<p>\u2022<\/p>\n\n\n\n<div style=\"height:30px;width:0px\" aria-hidden=\"true\" class=\"wp-block-spacer wp-container-content-b0b89ccb\"><\/div>\n\n\n\n<p class=\"has-text-align-center is-style-roboto-font-family nav-link\" style=\"font-size:16px\"><a href=\"#hva-du-kan-gjoere\"><strong>Hva du kan gj\u00f8re<\/strong><\/a><\/p>\n\n\n\n<div style=\"height:30px;width:0px\" aria-hidden=\"true\" class=\"wp-block-spacer wp-container-content-b0b89ccb\"><\/div>\n\n\n\n<p>\u2022<\/p>\n\n\n\n<div style=\"height:30px;width:0px\" aria-hidden=\"true\" class=\"wp-block-spacer wp-container-content-b0b89ccb\"><\/div>\n\n\n\n<p class=\"is-style-roboto-font-family nav-link\" style=\"font-size:16px\"><a href=\"#nyheter\"><strong>Nyheter<\/strong><\/a><\/p>\n\n\n\n<div style=\"height:30px;width:0px\" aria-hidden=\"true\" class=\"wp-block-spacer wp-container-content-b0b89ccb\"><\/div>\n\n\n\n<p>\u2022<\/p>\n\n\n\n<div style=\"height:30px;width:0px\" aria-hidden=\"true\" class=\"wp-block-spacer wp-container-content-b0b89ccb\"><\/div>\n\n\n\n<p class=\"is-style-roboto-font-family nav-link\" style=\"font-size:16px\"><a href=\"#english\"><strong>The climate lawsuit in English<\/strong><\/a><\/p>\n<\/div>\n<\/div>\n\n\n\n<div class=\"wp-block-column is-layout-flow wp-block-column-is-layout-flow\" style=\"flex-basis:5%\"><\/div>\n<\/div>\n\n\n\n<div style=\"height:64px\" aria-hidden=\"true\" class=\"wp-block-spacer\"><\/div>\n\n\n\n<div class=\"wp-block-media-text alignwide is-stacked-on-mobile is-image-fill-element block is-style-parallax my-0 py-0\"><figure class=\"wp-block-media-text__media\"><img loading=\"lazy\" decoding=\"async\" width=\"683\" height=\"1024\" src=\"https:\/\/www.greenpeace.org\/static\/planet4-norway-stateless\/2023\/01\/4797e1e9-gp1suja3-683x1024.jpg\" alt=\"Demonstrasjon for et oljefritt Arktis foran Stortinget i Oslo. En deltaker holder opp et banner som sier &quot;Jeg krever min rett, \u00a7 112.\" sizes=\"auto, (min-width: 1600px) calc((1320px - 24px) \/ 2),(min-width: 1200px) calc((1140px - 24px) \/ 2),(min-width: 992px) calc((960px - 24px) \/ 2),(min-width: 768px) calc((720px - 24px) \/ 2),(min-width: 601px) calc((540px - 24px) \/ 2),(min-width: 577px) calc((540px - 24px) \/ 1), calc(100vw - 24px)\" srcset=\"https:\/\/www.greenpeace.org\/static\/planet4-norway-stateless\/2023\/01\/4797e1e9-gp1suja3.jpg 800w, https:\/\/www.greenpeace.org\/static\/planet4-norway-stateless\/2023\/01\/4797e1e9-gp1suja3-200x300.jpg 200w, https:\/\/www.greenpeace.org\/static\/planet4-norway-stateless\/2023\/01\/4797e1e9-gp1suja3-683x1024.jpg 683w, https:\/\/www.greenpeace.org\/static\/planet4-norway-stateless\/2023\/01\/4797e1e9-gp1suja3-768x1152.jpg 768w, https:\/\/www.greenpeace.org\/static\/planet4-norway-stateless\/2023\/01\/4797e1e9-gp1suja3-227x340.jpg 227w\" class=\"wp-image-53728 size-full\" style=\"object-position:50% 50%\"\/><\/figure><div class=\"wp-block-media-text__content\">\n<div style=\"height:10px\" aria-hidden=\"true\" id=\"hvorfor\" class=\"wp-block-spacer\"><\/div>\n\n\n\n<h2 class=\"wp-block-heading\">Klimas\u00f8ksm\u00e5l: Derfor g\u00e5r vi rettens vei<\/h2>\n\n\n\n<p>I 2016 delte den norske regjeringen ut ti nye oljeutvinningstillatelser i s\u00e5rbare naturomr\u00e5der i Arktis gjennom 23. konsesjonsrunde, lengre nord enn noensinne f\u00f8r. Grunnlovens paragraf 112 gir enhver rett til et levelig milj\u00f8 for n\u00e5v\u00e6rende og kommende generasjoner, dette inneb\u00e6rer ogs\u00e5 et levelig klima. Klimaforskningen er klar: Vi har funnet mer olje og gass enn verden har r\u00e5d til \u00e5 forbrenne om vi skal unng\u00e5 de verste konsekvensene av klimakrisen.<\/p>\n\n\n\n<p>Nye oljefelt i s\u00e5rbare Arktis er ikke forenlig med hverken klimam\u00e5l eller menneskerettigheter. Sammen med Natur og Ungdom bestemte vi oss derfor for \u00e5 ta i bruk rettsmidler for \u00e5 kreve v\u00e5r og fremtidige generasjoners rett til et levelig milj\u00f8, gjennom <strong>Klimas\u00f8ksm\u00e5l Arktis<\/strong>.<\/p>\n\n\n\n<p>Etter tre runder i det norske rettssystemet er klimaklagen n\u00e5 under behandling hos Den europeiske menneskerettighetsdomstolen (EMD) i Strasbourg. Sammen med v\u00e5re meds\u00f8kere, Natur og Ungdom og seks unge klimaaktivister, mener vi at den norske statens oljepolitikk er i strid med menneskerettighetene v\u00e5re under Den europeiske menneskerettighetskonvensjonen (EMK).<\/p>\n\n\n\n<p>Selv om vi tapte saken i H\u00f8yesterett, vant vi en delseier i <strong>klimas\u00f8ksm\u00e5let<\/strong>: Retten slo fast at nye oljeprosjekter m\u00e5 ta h\u00f8yde for globale klimavirkninger, alts\u00e5 hvor store klimagassutslipp oljen vil f\u00f8re til ogs\u00e5 n\u00e5r den forbrennes i utlandet. Dette ansvaret pr\u00f8ver staten \u00e5 unng\u00e5. <\/p>\n\n\n\n<p>Derfor tok vi og Natur og ungdom staten til retten igjen, i et nytt klimas\u00f8ksm\u00e5l.<\/p>\n\n\n\n<div class=\"wp-block-buttons pb-3 mb-3 is-layout-flex wp-block-buttons-is-layout-flex\">\n<div class=\"wp-block-button\"><a class=\"wp-block-button__link wp-element-button\" href=\"https:\/\/www.greenpeace.org\/norway\/klimaendringer\/klimasoksmal\/nytt-klimasoksmal-2023-dette-ma-du-vite\/\">Info og siste nytt om det nye klimas\u00f8ksm\u00e5let<\/a><\/div>\n<\/div>\n<\/div><\/div>\n\n\n\n<div class=\"wp-block-media-text alignwide has-media-on-the-right is-stacked-on-mobile is-image-fill-element block is-style-parallax my-0 py-0\"><div class=\"wp-block-media-text__content\">\n<div style=\"height:30px\" aria-hidden=\"true\" id=\"hva-vi-gjoer\" class=\"wp-block-spacer\"><\/div>\n\n\n\n<h2 class=\"wp-block-heading\">Mer om v\u00e5re klimas\u00f8ksm\u00e5l<\/h2>\n\n\n\n<h3 class=\"wp-block-heading\">Klimas\u00f8ksm\u00e5l Arktis i Den europeiske menneskerettighetsdomstolen i Strasbourg (EMD)<\/h3>\n\n\n\n<p>Det f\u00f8rste <strong>klimas\u00f8ksm\u00e5let<\/strong> v\u00e5rt, Klimas\u00f8ksm\u00e5l Arktis, gikk helt til H\u00f8yesterett. Vi tapte og <a href=\"https:\/\/www.greenpeace.org\/norway\/klimaendringer\/klimasoksmal\/klimaklagen-emd-strasbourg\/\">klagde inn staten til Den europeiske menneskerettighetsdomstolen (EMD) i Strasbourg<\/a>.<\/p>\n\n\n\n<p>Her klagde vi p\u00e5 bakgrunn av Menneskerettighetskonvensjonens artikkel 2, som sikrer retten til liv og artikkel 8 som sikrer retten til privatliv. EMD har tidligere besluttet at retten til liv og privat liv ogs\u00e5 kan omfatte retten til \u00e5 ikke bli utsatt for milj\u00f8skade, men dette er f\u00f8rste gangen en klage om oljeutvinning blir behandlet av domstolen i Strasbourg.<\/p>\n\n\n\n<p><a href=\"https:\/\/www.greenpeace.org\/norway\/nyheter\/klimaendringer\/klimasoksmalet-dom-fra-emd-kommer-28-oktober\/\">Dommen fra EMD kommer 28. oktober 2025<\/a>.<\/p>\n\n\n\n<h3 class=\"wp-block-heading\">Det nye klimas\u00f8ksm\u00e5let mot staten<\/h3>\n\n\n\n<p>I Klimas\u00f8ksm\u00e5l Arktis vant vi en delseier: H\u00f8yesterett slo fast at de globale klimakonsekvensene m\u00e5 vurderes f\u00f8r nye oljeprosjekter blir godkjent. Dette er imidlertid enten ikke gjort eller gjort p\u00e5 en utilstrekkelig m\u00e5te for alle s\u00f8knader levert siden dommen. <\/p>\n\n\n\n<p>Derfor tok vi og Natur og Ungdom staten til retten igjen, i et nytt klimas\u00f8ksm\u00e5l. Vi utfordret gyldigheten av godkjennelsen av tre oljeprosjekter, Breidablikk, Tyrving og <a href=\"https:\/\/www.greenpeace.org\/norway\/nyheter\/klimaendringer\/yggdrasil-feltet-til-aker-bp-og-klimadommen\/\">Yggdrasil<\/a>, gitt etter at dommen i H\u00f8yesterett falt i Klimas\u00f8ksm\u00e5l Arktis i 2020.<\/p>\n\n\n\n<p>I 2024 falt dommen i Oslo tingrett: Vi vant mot staten p\u00e5 alle punkter. <strong>Klimadommen&nbsp;<\/strong>fra Oslo tingrett slo fast at alle tre tillatelser til utbygging er ugyldige. Retten forb\u00f8d ogs\u00e5 staten \u00e5 gi nye tillatelser til videre utvikling og produksjon p\u00e5 oljefeltene.<\/p>\n\n\n\n<p>Staten anket. Delen av anken som handler om de midlertidige oljeforbudene, ble behandlet i lagmannsretten i september 2024. Vi tapte saken. H\u00f8yesterett behandlet saken i mars 2025, og i april ble det klart at vi vant. <\/p>\n\n\n\n<p>Klimas\u00f8ksm\u00e5let ble behandlet videre i Borgarting lagmannsrett h\u00f8sten 2025. Retten skal ta stilling til hovedsp\u00f8rsm\u00e5let og forbudene samtidig.<\/p>\n\n\n\n<div class=\"wp-block-buttons is-layout-flex wp-block-buttons-is-layout-flex\">\n<div class=\"wp-block-button\"><a class=\"wp-block-button__link wp-element-button\" href=\"https:\/\/bidra.greenpeace.org\/cf\/~min-donasjon\">St\u00f8tt kronerullingen for det nye klimas\u00f8ksm\u00e5let<\/a><\/div>\n<\/div>\n\n\n\n<div style=\"height:30px\" aria-hidden=\"true\" class=\"wp-block-spacer\"><\/div>\n<\/div><figure class=\"wp-block-media-text__media\"><img loading=\"lazy\" decoding=\"async\" width=\"800\" height=\"600\" src=\"https:\/\/www.greenpeace.org\/static\/planet4-norway-stateless\/2022\/04\/1b73f15c-klimaklagen-aktivister-liggende-web.jpg\" alt=\"\" sizes=\"auto, (min-width: 1600px) calc((1320px - 24px) \/ 2),(min-width: 1200px) calc((1140px - 24px) \/ 2),(min-width: 992px) calc((960px - 24px) \/ 2),(min-width: 768px) calc((720px - 24px) \/ 2),(min-width: 601px) calc((540px - 24px) \/ 2),(min-width: 577px) calc((540px - 24px) \/ 1), calc(100vw - 24px)\" srcset=\"https:\/\/www.greenpeace.org\/static\/planet4-norway-stateless\/2022\/04\/1b73f15c-klimaklagen-aktivister-liggende-web.jpg 800w, https:\/\/www.greenpeace.org\/static\/planet4-norway-stateless\/2022\/04\/1b73f15c-klimaklagen-aktivister-liggende-web-300x225.jpg 300w, https:\/\/www.greenpeace.org\/static\/planet4-norway-stateless\/2022\/04\/1b73f15c-klimaklagen-aktivister-liggende-web-768x576.jpg 768w, https:\/\/www.greenpeace.org\/static\/planet4-norway-stateless\/2022\/04\/1b73f15c-klimaklagen-aktivister-liggende-web-453x340.jpg 453w\" class=\"wp-image-50842 size-full\" style=\"object-position:50% 50%\"\/><\/figure><\/div>\n\n\n\n<div class=\"wp-block-media-text alignwide is-stacked-on-mobile is-image-fill-element py-0 my-0\"><figure class=\"wp-block-media-text__media\"><img loading=\"lazy\" decoding=\"async\" width=\"1024\" height=\"684\" src=\"https:\/\/www.greenpeace.org\/static\/planet4-norway-stateless\/2019\/04\/7d5a32b1-7d5a32b1-the-people-vs-arctic-oil-1024x684.jpg\" alt=\"\" sizes=\"auto, (min-width: 1600px) calc((1320px - 24px) \/ 2),(min-width: 1200px) calc((1140px - 24px) \/ 2),(min-width: 992px) calc((960px - 24px) \/ 2),(min-width: 768px) calc((720px - 24px) \/ 2),(min-width: 601px) calc((540px - 24px) \/ 2),(min-width: 577px) calc((540px - 24px) \/ 1), calc(100vw - 24px)\" srcset=\"https:\/\/www.greenpeace.org\/static\/planet4-norway-stateless\/2019\/04\/7d5a32b1-7d5a32b1-the-people-vs-arctic-oil.jpg 1200w, https:\/\/www.greenpeace.org\/static\/planet4-norway-stateless\/2019\/04\/7d5a32b1-7d5a32b1-the-people-vs-arctic-oil-300x200.jpg 300w, https:\/\/www.greenpeace.org\/static\/planet4-norway-stateless\/2019\/04\/7d5a32b1-7d5a32b1-the-people-vs-arctic-oil-768x513.jpg 768w, https:\/\/www.greenpeace.org\/static\/planet4-norway-stateless\/2019\/04\/7d5a32b1-7d5a32b1-the-people-vs-arctic-oil-1024x684.jpg 1024w, https:\/\/www.greenpeace.org\/static\/planet4-norway-stateless\/2019\/04\/7d5a32b1-7d5a32b1-the-people-vs-arctic-oil-510x340.jpg 510w\" class=\"wp-image-1089 size-full\" style=\"object-position:50% 50%\"\/><\/figure><div class=\"wp-block-media-text__content\">\n<div style=\"height:50px\" aria-hidden=\"true\" id=\"english\" class=\"wp-block-spacer\"><\/div>\n\n\n\n<h2 class=\"wp-block-heading\">The climate lawsuit in English<\/h2>\n\n\n\n<p>Six young climate activists, along with Greenpeace and Young Friends of the Earth Norway, have filed a historic application bringing the issue of Arctic oil drilling to the European Court of Human Rights.<\/p>\n\n\n\n<div class=\"wp-block-buttons pb-4 pt-1 is-layout-flex wp-block-buttons-is-layout-flex\">\n<div class=\"wp-block-button is-style-secondary\"><a class=\"wp-block-button__link wp-element-button\" href=\"https:\/\/www.greenpeace.org\/norway\/klimaendringer\/klimasoksmal\/people-vs-arctic-oil\/\">Read about the application in English<\/a><\/div>\n<\/div>\n\n\n\n<p>You can learn more about the domestic court case <a rel=\"noreferrer noopener\" href=\"https:\/\/www.xn--klimasksml-95a8t.no\/en\/about-the-people-vs-arctic-oil\/\" target=\"_blank\">here<\/a>.<\/p>\n\n\n\n<div style=\"height:50px\" aria-hidden=\"true\" class=\"wp-block-spacer\"><\/div>\n<\/div><\/div>\n\n\n\n<div style=\"height:30px\" aria-hidden=\"true\" class=\"wp-block-spacer\"><\/div>\n\n\n\n<div style=\"height:10px\" aria-hidden=\"true\" id=\"hva-du-kan-gjoere\" class=\"wp-block-spacer\"><\/div>\n\n\n\n<figure class=\"wp-block-embed is-type-video is-provider-youtube wp-block-embed-youtube wp-embed-aspect-16-9 wp-has-aspect-ratio\"><div class=\"wp-block-embed__wrapper\">\n<iframe loading=\"lazy\" title=\"Klimas\u00f8ksm\u00e5let i retten 2023: Vi forklarer hva det nye s\u00f8ksm\u00e5let handler om\" width=\"500\" height=\"281\" src=\"https:\/\/www.youtube.com\/embed\/SHyr4hTsHLM?feature=oembed\" frameborder=\"0\" allow=\"accelerometer; autoplay; clipboard-write; encrypted-media; gyroscope; picture-in-picture; web-share\" referrerpolicy=\"strict-origin-when-cross-origin\" allowfullscreen><\/iframe>\n<\/div><\/figure>\n\n\n\n<div style=\"height:30px\" aria-hidden=\"true\" class=\"wp-block-spacer\"><\/div>\n\n\n\n<div class=\"wp-block-query mb-0 actions-list p4-query-loop is-custom-layout-carousel is-layout-flex wp-block-query-is-layout-flex\">\n<h2 class=\"wp-block-heading\">Engasjer deg sammen med oss i Greenpeace<\/h2>\n\n\n\n<p style=\"margin-top:24px;margin-bottom:32px\"><\/p>\n\n\n\n\n<ul class=\"wp-block-post-template is-layout-flow wp-block-post-template-is-layout-flow\"><li class=\"wp-block-post post-58566 page type-page status-publish has-post-thumbnail hentry category-klimaendringer tag-nyttklimasoksmal tag-klimarettssaker\">\n<figure class=\"wp-block-post-featured-image\"><img loading=\"lazy\" decoding=\"async\" width=\"2326\" height=\"1092\" src=\"https:\/\/www.greenpeace.org\/static\/planet4-norway-stateless\/2023\/06\/9d596e12-image-12-06-2023-at-12.57.jpeg\" class=\"attachment-post-thumbnail size-post-thumbnail wp-post-image wp-stateless-item\" alt=\"\" style=\"object-fit:cover;\" srcset=\"https:\/\/www.greenpeace.org\/static\/planet4-norway-stateless\/2023\/06\/9d596e12-image-12-06-2023-at-12.57.jpeg 2326w, https:\/\/www.greenpeace.org\/static\/planet4-norway-stateless\/2023\/06\/9d596e12-image-12-06-2023-at-12.57-300x141.jpeg 300w, https:\/\/www.greenpeace.org\/static\/planet4-norway-stateless\/2023\/06\/9d596e12-image-12-06-2023-at-12.57-1024x481.jpeg 1024w, https:\/\/www.greenpeace.org\/static\/planet4-norway-stateless\/2023\/06\/9d596e12-image-12-06-2023-at-12.57-768x361.jpeg 768w, https:\/\/www.greenpeace.org\/static\/planet4-norway-stateless\/2023\/06\/9d596e12-image-12-06-2023-at-12.57-1536x721.jpeg 1536w, https:\/\/www.greenpeace.org\/static\/planet4-norway-stateless\/2023\/06\/9d596e12-image-12-06-2023-at-12.57-2048x961.jpeg 2048w, https:\/\/www.greenpeace.org\/static\/planet4-norway-stateless\/2023\/06\/9d596e12-image-12-06-2023-at-12.57-510x239.jpeg 510w\" sizes=\"auto, (max-width: 2326px) 100vw, 2326px\" data-image-size=\"post-thumbnail\" data-stateless-media-bucket=\"planet4-norway-stateless\" data-stateless-media-name=\"2023\/06\/9d596e12-image-12-06-2023-at-12.57.jpeg\" \/><\/figure>\n\n\n                <div class=\"wp-block-group group-stretched-link is-layout-flow wp-block-group-is-layout-flow\"><div class=\"wp-block-post-terms\">Klimaendringer<\/div>\n                <h3 class=\"wp-block-post-title\"><a href=\"https:\/\/www.greenpeace.org\/norway\/vaer-med\/stott-kronerullingen-for-klimasoksmalet\/\" target=\"_self\" >St\u00f8tt kronerullingen for klimas\u00f8ksm\u00e5let<\/a><\/h3>\n                <div class=\"wp-block-post-excerpt\"><p class=\"wp-block-post-excerpt__excerpt\">St\u00f8tt det nye klimas\u00f8ksm\u00e5let. Greenpeace og Natur og Ungdom krever at staten lytter til egen H\u00f8yesterett og stanser nye oljeprosjekter. Vi trenger din hjelp. <\/p><\/div><\/div>\n                \n\n\n<div class=\"wp-block-group read-more-nav is-layout-flow wp-block-group-is-layout-flow\"><a href=\"https:\/\/www.greenpeace.org\/norway\/vaer-med\/stott-kronerullingen-for-klimasoksmalet\/\" class=\"btn btn-primary btn-small\" aria-label=\"V\u00e6r med\">V\u00e6r med<\/a><\/div>\n\n<\/li><li class=\"wp-block-post post-56067 page type-page status-publish has-post-thumbnail hentry category-klimaendringer tag-klimakrise tag-klimarettssaker tag-fossilenergi tag-menneskerettigheter tag-nyttklimasoksmal\">\n<figure class=\"wp-block-post-featured-image\"><img loading=\"lazy\" decoding=\"async\" width=\"800\" height=\"533\" src=\"https:\/\/www.greenpeace.org\/static\/planet4-norway-stateless\/2023\/06\/b9b122d7-gp0stua8t_web_size.jpg\" class=\"attachment-post-thumbnail size-post-thumbnail wp-post-image wp-stateless-item\" alt=\"\" style=\"object-fit:cover;\" srcset=\"https:\/\/www.greenpeace.org\/static\/planet4-norway-stateless\/2023\/06\/b9b122d7-gp0stua8t_web_size.jpg 800w, https:\/\/www.greenpeace.org\/static\/planet4-norway-stateless\/2023\/06\/b9b122d7-gp0stua8t_web_size-300x200.jpg 300w, https:\/\/www.greenpeace.org\/static\/planet4-norway-stateless\/2023\/06\/b9b122d7-gp0stua8t_web_size-768x512.jpg 768w, https:\/\/www.greenpeace.org\/static\/planet4-norway-stateless\/2023\/06\/b9b122d7-gp0stua8t_web_size-510x340.jpg 510w\" sizes=\"auto, (max-width: 800px) 100vw, 800px\" data-image-size=\"post-thumbnail\" data-stateless-media-bucket=\"planet4-norway-stateless\" data-stateless-media-name=\"2023\/06\/b9b122d7-gp0stua8t_web_size.jpg\" \/><\/figure>\n\n\n                <div class=\"wp-block-group group-stretched-link is-layout-flow wp-block-group-is-layout-flow\"><div class=\"wp-block-post-terms\">Klimaendringer<\/div>\n                <h3 class=\"wp-block-post-title\"><a href=\"https:\/\/www.greenpeace.org\/norway\/vaer-med\/nytt-klimasoksmal-opprop\/\" target=\"_self\" >Nytt klimas\u00f8ksm\u00e5l: Signer og vis din st\u00f8tte<\/a><\/h3>\n                <div class=\"wp-block-post-excerpt\"><p class=\"wp-block-post-excerpt__excerpt\">Vis din st\u00f8tte til det nye klimas\u00f8ksm\u00e5let \u2013 bli med og krev at staten lytter til egen H\u00f8yesterett og stanser nye oljeprosjekter som skader planeten v\u00e5r! <\/p><\/div><\/div>\n                \n\n\n<div class=\"wp-block-group read-more-nav is-layout-flow wp-block-group-is-layout-flow\"><a href=\"https:\/\/www.greenpeace.org\/norway\/vaer-med\/nytt-klimasoksmal-opprop\/\" class=\"btn btn-primary btn-small\" aria-label=\"V\u00e6r med\">V\u00e6r med<\/a><\/div>\n\n<\/li><li class=\"wp-block-post post-56627 page type-page status-publish has-post-thumbnail hentry category-energi category-forbruk category-greenpeace category-hav category-klimaendringer category-natur category-skog-og-landbruk tag-stott-oss\">\n<figure class=\"wp-block-post-featured-image\"><img loading=\"lazy\" decoding=\"async\" width=\"800\" height=\"535\" src=\"https:\/\/www.greenpeace.org\/static\/planet4-norway-stateless\/2020\/08\/3dc7a17c-gp034ks_web_size.jpg\" class=\"attachment-post-thumbnail size-post-thumbnail wp-post-image wp-stateless-item\" alt=\"\" style=\"object-fit:cover;\" srcset=\"https:\/\/www.greenpeace.org\/static\/planet4-norway-stateless\/2020\/08\/3dc7a17c-gp034ks_web_size.jpg 800w, https:\/\/www.greenpeace.org\/static\/planet4-norway-stateless\/2020\/08\/3dc7a17c-gp034ks_web_size-300x201.jpg 300w, https:\/\/www.greenpeace.org\/static\/planet4-norway-stateless\/2020\/08\/3dc7a17c-gp034ks_web_size-768x514.jpg 768w, https:\/\/www.greenpeace.org\/static\/planet4-norway-stateless\/2020\/08\/3dc7a17c-gp034ks_web_size-508x340.jpg 508w\" sizes=\"auto, (max-width: 800px) 100vw, 800px\" data-image-size=\"post-thumbnail\" data-stateless-media-bucket=\"planet4-norway-stateless\" data-stateless-media-name=\"2020\/08\/3dc7a17c-gp034ks_web_size.jpg\" \/><\/figure>\n\n\n                <div class=\"wp-block-group group-stretched-link is-layout-flow wp-block-group-is-layout-flow\"><div class=\"wp-block-post-terms\">Energi<\/div>\n                <h3 class=\"wp-block-post-title\"><a href=\"https:\/\/www.greenpeace.org\/norway\/vaer-med\/gi-engangsbidrag\/\" target=\"_self\" >Gi engangsbidrag<\/a><\/h3>\n                <div class=\"wp-block-post-excerpt\"><p class=\"wp-block-post-excerpt__excerpt\">Du kan gi et engangsbidrag med kredittkort eller Vipps her eller overf\u00f8re til konto 1594 0884559. <\/p><\/div><\/div>\n                \n\n\n<div class=\"wp-block-group read-more-nav is-layout-flow wp-block-group-is-layout-flow\"><a href=\"https:\/\/www.greenpeace.org\/norway\/vaer-med\/gi-engangsbidrag\/\" class=\"btn btn-primary btn-small\" aria-label=\"V\u00e6r med\">V\u00e6r med<\/a><\/div>\n\n<\/li><li class=\"wp-block-post post-56625 page type-page status-publish has-post-thumbnail hentry category-energi category-forbruk category-greenpeace category-hav category-klimaendringer category-natur category-skog-og-landbruk tag-stott-oss\">\n<figure class=\"wp-block-post-featured-image\"><img loading=\"lazy\" decoding=\"async\" width=\"800\" height=\"533\" src=\"https:\/\/www.greenpeace.org\/static\/planet4-norway-stateless\/2023\/03\/416adc9b-gp0sttq8m_web_size.jpg\" class=\"attachment-post-thumbnail size-post-thumbnail wp-post-image wp-stateless-item\" alt=\"\" style=\"object-fit:cover;\" srcset=\"https:\/\/www.greenpeace.org\/static\/planet4-norway-stateless\/2023\/03\/416adc9b-gp0sttq8m_web_size.jpg 800w, https:\/\/www.greenpeace.org\/static\/planet4-norway-stateless\/2023\/03\/416adc9b-gp0sttq8m_web_size-300x200.jpg 300w, https:\/\/www.greenpeace.org\/static\/planet4-norway-stateless\/2023\/03\/416adc9b-gp0sttq8m_web_size-768x512.jpg 768w, https:\/\/www.greenpeace.org\/static\/planet4-norway-stateless\/2023\/03\/416adc9b-gp0sttq8m_web_size-510x340.jpg 510w\" sizes=\"auto, (max-width: 800px) 100vw, 800px\" data-image-size=\"post-thumbnail\" data-stateless-media-bucket=\"planet4-norway-stateless\" data-stateless-media-name=\"2023\/03\/416adc9b-gp0sttq8m_web_size.jpg\" \/><\/figure>\n\n\n                <div class=\"wp-block-group group-stretched-link is-layout-flow wp-block-group-is-layout-flow\"><div class=\"wp-block-post-terms\">Energi<\/div>\n                <h3 class=\"wp-block-post-title\"><a href=\"https:\/\/www.greenpeace.org\/norway\/vaer-med\/bli-manedlig-giver\/\" target=\"_self\" >Bli m\u00e5nedlig giver<\/a><\/h3>\n                <div class=\"wp-block-post-excerpt\"><p class=\"wp-block-post-excerpt__excerpt\">Du kan gi m\u00e5nedlige bidrag gjennom Vipps eller Avtalegiro. St\u00e5 sammen med oss for \u00e5 beskytte verdens klima og milj\u00f8, hav og skoger \u2013 bli med som m\u00e5nedlig giver i dag! <\/p><\/div><\/div>\n                \n\n\n<div class=\"wp-block-group read-more-nav is-layout-flow wp-block-group-is-layout-flow\"><a href=\"https:\/\/www.greenpeace.org\/norway\/vaer-med\/bli-manedlig-giver\/\" class=\"btn btn-primary btn-small\" aria-label=\"V\u00e6r med\">V\u00e6r med<\/a><\/div>\n\n<\/li><li class=\"wp-block-post post-49889 page type-page status-publish has-post-thumbnail hentry category-greenpeace tag-engasjer-deg\">\n<figure class=\"wp-block-post-featured-image\"><img loading=\"lazy\" decoding=\"async\" width=\"800\" height=\"533\" src=\"https:\/\/www.greenpeace.org\/static\/planet4-norway-stateless\/2022\/01\/a8ed7000-image.png\" class=\"attachment-post-thumbnail size-post-thumbnail wp-post-image wp-stateless-item\" alt=\"\" style=\"object-fit:cover;\" srcset=\"https:\/\/www.greenpeace.org\/static\/planet4-norway-stateless\/2022\/01\/a8ed7000-image.png 800w, https:\/\/www.greenpeace.org\/static\/planet4-norway-stateless\/2022\/01\/a8ed7000-image-300x200.png 300w, https:\/\/www.greenpeace.org\/static\/planet4-norway-stateless\/2022\/01\/a8ed7000-image-768x512.png 768w, https:\/\/www.greenpeace.org\/static\/planet4-norway-stateless\/2022\/01\/a8ed7000-image-510x340.png 510w\" sizes=\"auto, (max-width: 800px) 100vw, 800px\" data-image-size=\"post-thumbnail\" data-stateless-media-bucket=\"planet4-norway-stateless\" data-stateless-media-name=\"2022\/01\/a8ed7000-image.png\" \/><\/figure>\n\n\n                <div class=\"wp-block-group group-stretched-link is-layout-flow wp-block-group-is-layout-flow\"><div class=\"wp-block-post-terms\">Greenpeace<\/div>\n                <h3 class=\"wp-block-post-title\"><a href=\"https:\/\/www.greenpeace.org\/norway\/vaer-med\/nyhetsbrev\/\" target=\"_self\" >Meld deg p\u00e5 Greenpeace sitt nyhetsbrev<\/a><\/h3>\n                <div class=\"wp-block-post-excerpt\"><p class=\"wp-block-post-excerpt__excerpt\">F\u00e5 nyheter, oppdateringer og tips om klima og milj\u00f8 p\u00e5 e-post. Du kan vente deg oppdateringer fra oss noen ganger i m\u00e5neden, og kan melde deg av n\u00e5r som helst. <\/p><\/div><\/div>\n                \n\n\n<div class=\"wp-block-group read-more-nav is-layout-flow wp-block-group-is-layout-flow\"><a href=\"https:\/\/www.greenpeace.org\/norway\/vaer-med\/nyhetsbrev\/\" class=\"btn btn-primary btn-small\" aria-label=\"V\u00e6r med\">V\u00e6r med<\/a><\/div>\n\n<\/li><li class=\"wp-block-post post-49392 page type-page status-publish has-post-thumbnail hentry category-greenpeace tag-engasjer-deg\">\n<figure class=\"wp-block-post-featured-image\"><img loading=\"lazy\" decoding=\"async\" width=\"2048\" height=\"1366\" src=\"https:\/\/www.greenpeace.org\/static\/planet4-norway-stateless\/2021\/11\/243193ac-hallifornia_gp_jana_eriksson-4413-2048x1366-1.jpg\" class=\"attachment-post-thumbnail size-post-thumbnail wp-post-image wp-stateless-item\" alt=\"\" style=\"object-fit:cover;\" srcset=\"https:\/\/www.greenpeace.org\/static\/planet4-norway-stateless\/2021\/11\/243193ac-hallifornia_gp_jana_eriksson-4413-2048x1366-1.jpg 2048w, https:\/\/www.greenpeace.org\/static\/planet4-norway-stateless\/2021\/11\/243193ac-hallifornia_gp_jana_eriksson-4413-2048x1366-1-300x200.jpg 300w, https:\/\/www.greenpeace.org\/static\/planet4-norway-stateless\/2021\/11\/243193ac-hallifornia_gp_jana_eriksson-4413-2048x1366-1-1024x683.jpg 1024w, https:\/\/www.greenpeace.org\/static\/planet4-norway-stateless\/2021\/11\/243193ac-hallifornia_gp_jana_eriksson-4413-2048x1366-1-768x512.jpg 768w, https:\/\/www.greenpeace.org\/static\/planet4-norway-stateless\/2021\/11\/243193ac-hallifornia_gp_jana_eriksson-4413-2048x1366-1-1536x1025.jpg 1536w, https:\/\/www.greenpeace.org\/static\/planet4-norway-stateless\/2021\/11\/243193ac-hallifornia_gp_jana_eriksson-4413-2048x1366-1-510x340.jpg 510w\" sizes=\"auto, (max-width: 2048px) 100vw, 2048px\" data-image-size=\"post-thumbnail\" data-stateless-media-bucket=\"planet4-norway-stateless\" data-stateless-media-name=\"2021\/11\/243193ac-hallifornia_gp_jana_eriksson-4413-2048x1366-1.jpg\" \/><\/figure>\n\n\n                <div class=\"wp-block-group group-stretched-link is-layout-flow wp-block-group-is-layout-flow\"><div class=\"wp-block-post-terms\">Greenpeace<\/div>\n                <h3 class=\"wp-block-post-title\"><a href=\"https:\/\/www.greenpeace.org\/norway\/vaer-med\/bli-verver\/\" target=\"_self\" >Bli verver<\/a><\/h3>\n                <div class=\"wp-block-post-excerpt\"><p class=\"wp-block-post-excerpt__excerpt\">Brenner du for milj\u00f8 og klima? Vi vil jobbe med deg! <\/p><\/div><\/div>\n                \n\n\n<div class=\"wp-block-group read-more-nav is-layout-flow wp-block-group-is-layout-flow\"><a href=\"https:\/\/www.greenpeace.org\/norway\/vaer-med\/bli-verver\/\" class=\"btn btn-primary btn-small\" aria-label=\"V\u00e6r med\">V\u00e6r med<\/a><\/div>\n\n<\/li><li class=\"wp-block-post post-3545 page type-page status-publish has-post-thumbnail hentry category-greenpeace tag-engasjer-deg\">\n<figure class=\"wp-block-post-featured-image\"><img loading=\"lazy\" decoding=\"async\" width=\"800\" height=\"533\" src=\"https:\/\/www.greenpeace.org\/static\/planet4-norway-stateless\/2020\/06\/066fcfc4-gp0sttv2q_web_size.jpg\" class=\"attachment-post-thumbnail size-post-thumbnail wp-post-image wp-stateless-item\" alt=\"\" style=\"object-fit:cover;\" srcset=\"https:\/\/www.greenpeace.org\/static\/planet4-norway-stateless\/2020\/06\/066fcfc4-gp0sttv2q_web_size.jpg 800w, https:\/\/www.greenpeace.org\/static\/planet4-norway-stateless\/2020\/06\/066fcfc4-gp0sttv2q_web_size-300x200.jpg 300w, https:\/\/www.greenpeace.org\/static\/planet4-norway-stateless\/2020\/06\/066fcfc4-gp0sttv2q_web_size-768x512.jpg 768w, https:\/\/www.greenpeace.org\/static\/planet4-norway-stateless\/2020\/06\/066fcfc4-gp0sttv2q_web_size-510x340.jpg 510w\" sizes=\"auto, (max-width: 800px) 100vw, 800px\" data-image-size=\"post-thumbnail\" data-stateless-media-bucket=\"planet4-norway-stateless\" data-stateless-media-name=\"2020\/06\/066fcfc4-gp0sttv2q_web_size.jpg\" \/><\/figure>\n\n\n                <div class=\"wp-block-group group-stretched-link is-layout-flow wp-block-group-is-layout-flow\"><div class=\"wp-block-post-terms\">Greenpeace<\/div>\n                <h3 class=\"wp-block-post-title\"><a href=\"https:\/\/www.greenpeace.org\/norway\/vaer-med\/testamentariske-gaver\/\" target=\"_self\" >Testamentariske gaver<\/a><\/h3>\n                <div class=\"wp-block-post-excerpt\"><p class=\"wp-block-post-excerpt__excerpt\">Testamentariske gaver, store og sm\u00e5, er sv\u00e6rt verdifulle bidrag til kampanjene v\u00e5re. En testamentarisk gave v\u00e6re helt avgj\u00f8rende for Greenpeace sitt arbeid. <\/p><\/div><\/div>\n                \n\n\n<div class=\"wp-block-group read-more-nav is-layout-flow wp-block-group-is-layout-flow\"><a href=\"https:\/\/www.greenpeace.org\/norway\/vaer-med\/testamentariske-gaver\/\" class=\"btn btn-primary btn-small\" aria-label=\"V\u00e6r med\">V\u00e6r med<\/a><\/div>\n\n<\/li><li class=\"wp-block-post post-1344 page type-page status-publish has-post-thumbnail hentry category-greenpeace tag-engasjer-deg\">\n<figure class=\"wp-block-post-featured-image\"><img loading=\"lazy\" decoding=\"async\" width=\"794\" height=\"1199\" src=\"https:\/\/www.greenpeace.org\/static\/planet4-norway-stateless\/2019\/04\/35e4d35d-gp0stqnls_medium_res.jpg\" class=\"attachment-post-thumbnail size-post-thumbnail wp-post-image wp-stateless-item\" alt=\"\" style=\"object-fit:cover;\" srcset=\"https:\/\/www.greenpeace.org\/static\/planet4-norway-stateless\/2019\/04\/35e4d35d-gp0stqnls_medium_res.jpg 794w, https:\/\/www.greenpeace.org\/static\/planet4-norway-stateless\/2019\/04\/35e4d35d-gp0stqnls_medium_res-199x300.jpg 199w, https:\/\/www.greenpeace.org\/static\/planet4-norway-stateless\/2019\/04\/35e4d35d-gp0stqnls_medium_res-768x1160.jpg 768w, https:\/\/www.greenpeace.org\/static\/planet4-norway-stateless\/2019\/04\/35e4d35d-gp0stqnls_medium_res-678x1024.jpg 678w, https:\/\/www.greenpeace.org\/static\/planet4-norway-stateless\/2019\/04\/35e4d35d-gp0stqnls_medium_res-225x340.jpg 225w\" sizes=\"auto, (max-width: 794px) 100vw, 794px\" data-image-size=\"post-thumbnail\" data-stateless-media-bucket=\"planet4-norway-stateless\" data-stateless-media-name=\"2019\/04\/35e4d35d-gp0stqnls_medium_res.jpg\" \/><\/figure>\n\n\n                <div class=\"wp-block-group group-stretched-link is-layout-flow wp-block-group-is-layout-flow\"><div class=\"wp-block-post-terms\">Greenpeace<\/div>\n                <h3 class=\"wp-block-post-title\"><a href=\"https:\/\/www.greenpeace.org\/norway\/vaer-med\/bli-frivillig\/\" target=\"_self\" >Frivillig arbeid i Greenpeace<\/a><\/h3>\n                <div class=\"wp-block-post-excerpt\"><p class=\"wp-block-post-excerpt__excerpt\">Som frivillig i Greenpeace er du med og utgj\u00f8r en forskjell for klima og milj\u00f8. Her kan du l\u00e6re mer om frivillig arbeid i Greenpeace og hvordan du kan bidra. <\/p><\/div><\/div>\n                \n\n\n<div class=\"wp-block-group read-more-nav is-layout-flow wp-block-group-is-layout-flow\"><a href=\"https:\/\/www.greenpeace.org\/norway\/vaer-med\/bli-frivillig\/\" class=\"btn btn-primary btn-small\" aria-label=\"V\u00e6r med\">V\u00e6r med<\/a><\/div>\n\n<\/li><li class=\"wp-block-post post-1967 page type-page status-publish has-post-thumbnail hentry category-greenpeace tag-engasjer-deg\">\n<figure class=\"wp-block-post-featured-image\"><img loading=\"lazy\" decoding=\"async\" width=\"800\" height=\"533\" src=\"https:\/\/www.greenpeace.org\/static\/planet4-norway-stateless\/2019\/10\/68bc5205-gp0stto4u_web_size.jpg\" class=\"attachment-post-thumbnail size-post-thumbnail wp-post-image wp-stateless-item\" alt=\"\" style=\"object-fit:cover;\" srcset=\"https:\/\/www.greenpeace.org\/static\/planet4-norway-stateless\/2019\/10\/68bc5205-gp0stto4u_web_size.jpg 800w, https:\/\/www.greenpeace.org\/static\/planet4-norway-stateless\/2019\/10\/68bc5205-gp0stto4u_web_size-300x200.jpg 300w, https:\/\/www.greenpeace.org\/static\/planet4-norway-stateless\/2019\/10\/68bc5205-gp0stto4u_web_size-768x512.jpg 768w, https:\/\/www.greenpeace.org\/static\/planet4-norway-stateless\/2019\/10\/68bc5205-gp0stto4u_web_size-510x340.jpg 510w\" sizes=\"auto, (max-width: 800px) 100vw, 800px\" data-image-size=\"post-thumbnail\" data-stateless-media-bucket=\"planet4-norway-stateless\" data-stateless-media-name=\"2019\/10\/68bc5205-gp0stto4u_web_size.jpg\" \/><\/figure>\n\n\n                <div class=\"wp-block-group group-stretched-link is-layout-flow wp-block-group-is-layout-flow\"><div class=\"wp-block-post-terms\">Greenpeace<\/div>\n                <h3 class=\"wp-block-post-title\"><a href=\"https:\/\/www.greenpeace.org\/norway\/vaer-med\/greenspeaker\/\" target=\"_self\" >Greenspeakerprogrammet<\/a><\/h3>\n                <div class=\"wp-block-post-excerpt\"><p class=\"wp-block-post-excerpt__excerpt\">Inviter en Greenspeaker til skolen, kontoret eller arrangementet ditt, eller bli en Greenspeaker selv. <\/p><\/div><\/div>\n                \n\n\n<div class=\"wp-block-group read-more-nav is-layout-flow wp-block-group-is-layout-flow\"><a href=\"https:\/\/www.greenpeace.org\/norway\/vaer-med\/greenspeaker\/\" class=\"btn btn-primary btn-small\" aria-label=\"V\u00e6r med\">V\u00e6r med<\/a><\/div>\n\n<\/li><\/ul>\n\n\n<div class=\"wp-block-buttons carousel-controls is-horizontal is-content-justification-space-between is-nowrap is-layout-flex wp-container-core-buttons-is-layout-044bd602 wp-block-buttons-is-layout-flex\">\n<div class=\"wp-block-button carousel-control-prev\"><button type=\"button\" class=\"wp-block-button__link wp-element-button\">Prev<\/button><\/div>\n\n\n\n<div class=\"wp-block-button carousel-control-next\"><button type=\"button\" class=\"wp-block-button__link wp-element-button\">Next<\/button><\/div>\n<\/div>\n\n\n\n<div class=\"wp-block-buttons load-more-actions-container is-content-justification-center is-layout-flex wp-container-core-buttons-is-layout-16018d1d wp-block-buttons-is-layout-flex\">\n<div class=\"wp-block-button is-style-secondary\"><button type=\"button\" class=\"wp-block-button__link wp-element-button\">Load more<\/button><\/div>\n<\/div>\n<\/div>\n\n\n\n<div style=\"height:10px\" aria-hidden=\"true\" id=\"nyheter\" class=\"wp-block-spacer\"><\/div>\n\n\n\n<div class=\"wp-block-query posts-list p4-query-loop is-custom-layout-list is-layout-flow wp-block-query-is-layout-flow\">\n<div class=\"wp-block-group is-content-justification-space-between is-layout-flex wp-container-core-group-is-layout-3d213aab wp-block-group-is-layout-flex\">\n<h2 class=\"wp-block-heading\">Nyheter om klimas\u00f8ksm\u00e5l<\/h2>\n<\/div>\n\n\n\n<p style=\"margin-top:24px;margin-bottom:36px\"><\/p>\n\n\n\n\n<ul class=\"wp-block-post-template is-layout-flow wp-block-post-template-is-layout-flow\"><li class=\"wp-block-post post-66884 post type-post status-publish format-standard has-post-thumbnail hentry category-greenpeace tag-fossilenergi tag-klimarettssaker tag-beskytthavet tag-baerekraftigmat tag-seire p4-page-type-nyheter\">\n\n<div class=\"wp-block-columns is-layout-flex wp-container-core-columns-is-layout-9d6595d7 wp-block-columns-is-layout-flex\"><figure class=\"wp-block-post-featured-image\"><a href=\"https:\/\/www.greenpeace.org\/norway\/nyheter\/greenpeace\/trenger-du-noen-gode-nyheter-fire-seire-fra-starten-av-2026\/\" target=\"_self\"  ><img loading=\"lazy\" decoding=\"async\" width=\"1200\" height=\"800\" src=\"https:\/\/www.greenpeace.org\/static\/planet4-norway-stateless\/2026\/04\/6ed3d6cb-gp0su850n.jpg\" class=\"attachment-post-thumbnail size-post-thumbnail wp-post-image wp-stateless-item\" alt=\"Trenger du noen gode nyheter? Fire seire fra starten av 2026\" style=\"object-fit:cover;\" srcset=\"https:\/\/www.greenpeace.org\/static\/planet4-norway-stateless\/2026\/04\/6ed3d6cb-gp0su850n.jpg 1200w, https:\/\/www.greenpeace.org\/static\/planet4-norway-stateless\/2026\/04\/6ed3d6cb-gp0su850n-300x200.jpg 300w, https:\/\/www.greenpeace.org\/static\/planet4-norway-stateless\/2026\/04\/6ed3d6cb-gp0su850n-1024x683.jpg 1024w, https:\/\/www.greenpeace.org\/static\/planet4-norway-stateless\/2026\/04\/6ed3d6cb-gp0su850n-768x512.jpg 768w, https:\/\/www.greenpeace.org\/static\/planet4-norway-stateless\/2026\/04\/6ed3d6cb-gp0su850n-510x340.jpg 510w\" sizes=\"auto, (max-width: 1200px) 100vw, 1200px\" data-image-size=\"post-thumbnail\" data-stateless-media-bucket=\"planet4-norway-stateless\" data-stateless-media-name=\"2026\/04\/6ed3d6cb-gp0su850n.jpg\" \/><\/a><\/figure>\n\n\n<div class=\"wp-block-group is-layout-flow wp-block-group-is-layout-flow\">\n<div class=\"wp-block-group is-layout-flex wp-block-group-is-layout-flex\"><div class=\"wp-block-post-terms\"><a href=\"https:\/\/www.greenpeace.org\/norway\/kategori\/greenpeace\/\">Greenpeace<\/a><\/div>\n\n<div class=\"taxonomy-post_tag wp-block-post-terms\"><a href=\"https:\/\/www.greenpeace.org\/norway\/tag\/fossilenergi\/\" rel=\"tag\">fossilenergi<\/a><span class=\"wp-block-post-terms__separator\"> <\/span><a href=\"https:\/\/www.greenpeace.org\/norway\/tag\/klimarettssaker\/\" rel=\"tag\">klimarettssaker<\/a><span class=\"wp-block-post-terms__separator\"> <\/span><a href=\"https:\/\/www.greenpeace.org\/norway\/tag\/beskytthavet\/\" rel=\"tag\">beskytthavet<\/a><span class=\"wp-block-post-terms__separator\"> <\/span><a href=\"https:\/\/www.greenpeace.org\/norway\/tag\/baerekraftigmat\/\" rel=\"tag\">b\u00e6rekraftigmat<\/a><span class=\"wp-block-post-terms__separator\"> <\/span><a href=\"https:\/\/www.greenpeace.org\/norway\/tag\/seire\/\" rel=\"tag\">seire<\/a><\/div><\/div>\n\n\n<h3 class=\"wp-block-post-title\"><a href=\"https:\/\/www.greenpeace.org\/norway\/nyheter\/greenpeace\/trenger-du-noen-gode-nyheter-fire-seire-fra-starten-av-2026\/\" target=\"_self\" >Trenger du noen gode nyheter? Fire seire fra starten av 2026<\/a><\/h3>\n\n<div class=\"wp-block-post-excerpt\"><p class=\"wp-block-post-excerpt__excerpt\">I en tid med mange tunge nyheter vil vi gjerne minne deg p\u00e5 hva vi f\u00e5r til sammen. Her er fire gode nyheter for klima og milj\u00f8 fra starten av 2026. <\/p><\/div>\n\n\n<div class=\"wp-block-group posts-list-meta is-layout-flow wp-block-group-is-layout-flow\"><span class='article-list-item-author'><a href='https:\/\/www.greenpeace.org\/norway\/author\/hjalborg\/'>Hanne Jalborg<\/a><\/span>\n\n<div class=\"wp-block-post-date\"><time datetime=\"2026-04-16T09:33:42+01:00\">16 april, 2026<\/time><\/div><\/div>\n<\/div>\n<\/div>\n\n<\/li><li class=\"wp-block-post post-66400 post type-post status-publish format-standard has-post-thumbnail hentry category-greenpeace tag-seire tag-gruvedrift tag-nyttklimasoksmal tag-beskytthavet tag-skogbruk p4-page-type-nyheter\">\n\n<div class=\"wp-block-columns is-layout-flex wp-container-core-columns-is-layout-9d6595d7 wp-block-columns-is-layout-flex\"><figure class=\"wp-block-post-featured-image\"><a href=\"https:\/\/www.greenpeace.org\/norway\/nyheter\/greenpeace\/hurra-gode-nyheter-for-klima-og-miljo-fra-2025\/\" target=\"_self\"  ><img loading=\"lazy\" decoding=\"async\" width=\"1200\" height=\"800\" src=\"https:\/\/www.greenpeace.org\/static\/planet4-norway-stateless\/2025\/12\/dbdfddb0-gp0su2ehv.jpg\" class=\"attachment-post-thumbnail size-post-thumbnail wp-post-image wp-stateless-item\" alt=\"Hurra! Gode nyheter for klima og milj\u00f8 fra 2025\" style=\"object-fit:cover;\" srcset=\"https:\/\/www.greenpeace.org\/static\/planet4-norway-stateless\/2025\/12\/dbdfddb0-gp0su2ehv.jpg 1200w, https:\/\/www.greenpeace.org\/static\/planet4-norway-stateless\/2025\/12\/dbdfddb0-gp0su2ehv-300x200.jpg 300w, https:\/\/www.greenpeace.org\/static\/planet4-norway-stateless\/2025\/12\/dbdfddb0-gp0su2ehv-1024x683.jpg 1024w, https:\/\/www.greenpeace.org\/static\/planet4-norway-stateless\/2025\/12\/dbdfddb0-gp0su2ehv-768x512.jpg 768w, https:\/\/www.greenpeace.org\/static\/planet4-norway-stateless\/2025\/12\/dbdfddb0-gp0su2ehv-510x340.jpg 510w\" sizes=\"auto, (max-width: 1200px) 100vw, 1200px\" data-image-size=\"post-thumbnail\" data-stateless-media-bucket=\"planet4-norway-stateless\" data-stateless-media-name=\"2025\/12\/dbdfddb0-gp0su2ehv.jpg\" \/><\/a><\/figure>\n\n\n<div class=\"wp-block-group is-layout-flow wp-block-group-is-layout-flow\">\n<div class=\"wp-block-group is-layout-flex wp-block-group-is-layout-flex\"><div class=\"wp-block-post-terms\"><a href=\"https:\/\/www.greenpeace.org\/norway\/kategori\/greenpeace\/\">Greenpeace<\/a><\/div>\n\n<div class=\"taxonomy-post_tag wp-block-post-terms\"><a href=\"https:\/\/www.greenpeace.org\/norway\/tag\/seire\/\" rel=\"tag\">seire<\/a><span class=\"wp-block-post-terms__separator\"> <\/span><a href=\"https:\/\/www.greenpeace.org\/norway\/tag\/gruvedrift\/\" rel=\"tag\">gruvedrift<\/a><span class=\"wp-block-post-terms__separator\"> <\/span><a href=\"https:\/\/www.greenpeace.org\/norway\/tag\/nyttklimasoksmal\/\" rel=\"tag\">nyttklimas\u00f8ksm\u00e5l<\/a><span class=\"wp-block-post-terms__separator\"> <\/span><a href=\"https:\/\/www.greenpeace.org\/norway\/tag\/beskytthavet\/\" rel=\"tag\">beskytthavet<\/a><span class=\"wp-block-post-terms__separator\"> <\/span><a href=\"https:\/\/www.greenpeace.org\/norway\/tag\/skogbruk\/\" rel=\"tag\">skogbruk<\/a><\/div><\/div>\n\n\n<h3 class=\"wp-block-post-title\"><a href=\"https:\/\/www.greenpeace.org\/norway\/nyheter\/greenpeace\/hurra-gode-nyheter-for-klima-og-miljo-fra-2025\/\" target=\"_self\" >Hurra! Gode nyheter for klima og milj\u00f8 fra 2025<\/a><\/h3>\n\n<div class=\"wp-block-post-excerpt\"><p class=\"wp-block-post-excerpt__excerpt\">Vi har vunnet flere store gr\u00f8nne seire i \u00e5r. Her er fire skikkelig gode nyheter for klima og milj\u00f8 fra 2025. <\/p><\/div>\n\n\n<div class=\"wp-block-group posts-list-meta is-layout-flow wp-block-group-is-layout-flow\"><span class='article-list-item-author'><a href='https:\/\/www.greenpeace.org\/norway\/author\/hjalborg\/'>Hanne Jalborg<\/a><\/span>\n\n<div class=\"wp-block-post-date\"><time datetime=\"2025-12-17T11:52:46+01:00\">17 desember, 2025<\/time><\/div><\/div>\n<\/div>\n<\/div>\n\n<\/li><li class=\"wp-block-post post-66444 post type-post status-publish format-standard has-post-thumbnail hentry category-klimaendringer tag-nyttklimasoksmal tag-fossilenergi tag-klimakrise tag-klimarettssaker p4-page-type-nyheter\">\n\n<div class=\"wp-block-columns is-layout-flex wp-container-core-columns-is-layout-9d6595d7 wp-block-columns-is-layout-flex\"><figure class=\"wp-block-post-featured-image\"><a href=\"https:\/\/www.greenpeace.org\/norway\/nyheter\/klimaendringer\/staten-anker-seieren-var-i-klimasoksmalet-til-hoyesterett\/\" target=\"_self\"  ><img loading=\"lazy\" decoding=\"async\" width=\"1200\" height=\"800\" src=\"https:\/\/www.greenpeace.org\/static\/planet4-norway-stateless\/2025\/11\/4731c9a4-gp0su53ip.jpg\" class=\"attachment-post-thumbnail size-post-thumbnail wp-post-image wp-stateless-item\" alt=\"Staten anker seieren v\u00e5r i klimas\u00f8ksm\u00e5let til H\u00f8yesterett\" style=\"object-fit:cover;\" srcset=\"https:\/\/www.greenpeace.org\/static\/planet4-norway-stateless\/2025\/11\/4731c9a4-gp0su53ip.jpg 1200w, https:\/\/www.greenpeace.org\/static\/planet4-norway-stateless\/2025\/11\/4731c9a4-gp0su53ip-300x200.jpg 300w, https:\/\/www.greenpeace.org\/static\/planet4-norway-stateless\/2025\/11\/4731c9a4-gp0su53ip-1024x683.jpg 1024w, https:\/\/www.greenpeace.org\/static\/planet4-norway-stateless\/2025\/11\/4731c9a4-gp0su53ip-768x512.jpg 768w, https:\/\/www.greenpeace.org\/static\/planet4-norway-stateless\/2025\/11\/4731c9a4-gp0su53ip-510x340.jpg 510w\" sizes=\"auto, (max-width: 1200px) 100vw, 1200px\" data-image-size=\"post-thumbnail\" data-stateless-media-bucket=\"planet4-norway-stateless\" data-stateless-media-name=\"2025\/11\/4731c9a4-gp0su53ip.jpg\" \/><\/a><\/figure>\n\n\n<div class=\"wp-block-group is-layout-flow wp-block-group-is-layout-flow\">\n<div class=\"wp-block-group is-layout-flex wp-block-group-is-layout-flex\"><div class=\"wp-block-post-terms\"><a href=\"https:\/\/www.greenpeace.org\/norway\/kategori\/klimaendringer\/\">Klimaendringer<\/a><\/div>\n\n<div class=\"taxonomy-post_tag wp-block-post-terms\"><a href=\"https:\/\/www.greenpeace.org\/norway\/tag\/nyttklimasoksmal\/\" rel=\"tag\">nyttklimas\u00f8ksm\u00e5l<\/a><span class=\"wp-block-post-terms__separator\"> <\/span><a href=\"https:\/\/www.greenpeace.org\/norway\/tag\/fossilenergi\/\" rel=\"tag\">fossilenergi<\/a><span class=\"wp-block-post-terms__separator\"> <\/span><a href=\"https:\/\/www.greenpeace.org\/norway\/tag\/klimakrise\/\" rel=\"tag\">klimakrise<\/a><span class=\"wp-block-post-terms__separator\"> <\/span><a href=\"https:\/\/www.greenpeace.org\/norway\/tag\/klimarettssaker\/\" rel=\"tag\">klimarettssaker<\/a><\/div><\/div>\n\n\n<h3 class=\"wp-block-post-title\"><a href=\"https:\/\/www.greenpeace.org\/norway\/nyheter\/klimaendringer\/staten-anker-seieren-var-i-klimasoksmalet-til-hoyesterett\/\" target=\"_self\" >Staten anker seieren v\u00e5r i klimas\u00f8ksm\u00e5let til H\u00f8yesterett<\/a><\/h3>\n\n<div class=\"wp-block-post-excerpt\"><p class=\"wp-block-post-excerpt__excerpt\">Greenpeace og Natur og Ungdom vant en historisk seier i klimas\u00f8ksm\u00e5let i Borgarting lagmannsrett. Regjeringsadvokaten har n\u00e5 anket saken til H\u00f8yesterett. <\/p><\/div>\n\n\n<div class=\"wp-block-group posts-list-meta is-layout-flow wp-block-group-is-layout-flow\"><span class='article-list-item-author'><a href='https:\/\/www.greenpeace.org\/norway\/author\/arandoy\/'>Andreas Rand\u00f8y<\/a><\/span>\n\n<div class=\"wp-block-post-date\"><time datetime=\"2025-12-16T16:12:30+01:00\">16 desember, 2025<\/time><\/div><\/div>\n<\/div>\n<\/div>\n\n<\/li><\/ul>\n\n\n<div class=\"wp-block-buttons carousel-controls is-horizontal is-content-justification-space-between is-nowrap is-layout-flex wp-container-core-buttons-is-layout-044bd602 wp-block-buttons-is-layout-flex\">\n<div class=\"wp-block-button carousel-control-prev\"><button type=\"button\" class=\"wp-block-button__link wp-element-button\">Prev<\/button><\/div>\n\n\n\n<div class=\"wp-block-button carousel-control-next\"><button type=\"button\" class=\"wp-block-button__link wp-element-button\">Next<\/button><\/div>\n<\/div>\n\n\n<li class=\" wp-block-navigation-item see-all-link wp-block-navigation-link\"><a class=\"wp-block-navigation-item__content\"  href=\"https:\/\/www.greenpeace.org\/norway\/senaste-nytt\/?tag=nyttklimasoksmal&#038;post-type=nyheter\"><span class=\"wp-block-navigation-item__label\">Les mer<\/span><\/a><\/li><\/div>\n\n\n\n<div class=\"wp-block-group alignfull block is-pattern-p4-deep-dive has-grey-100-background-color has-background is-layout-flow wp-block-group-is-layout-flow\">\n<div class=\"wp-block-group container is-layout-flow wp-block-group-is-layout-flow\">\n<div style=\"height:24px\" aria-hidden=\"true\" class=\"wp-block-spacer\"><\/div>\n\n\n\n<h2 class=\"wp-block-heading has-text-align-center\">L\u00e6r mer om sakene<\/h2>\n\n\n\n<div class=\"wp-block-columns is-layout-flex wp-container-core-columns-is-layout-9d6595d7 wp-block-columns-is-layout-flex\">\n<div class=\"wp-block-column is-layout-flow wp-block-column-is-layout-flow\">\n<div class=\"wp-block-group group-stretched-link is-layout-flow wp-block-group-is-layout-flow\">\n<figure class=\"wp-block-image aligncenter size-large is-resized force-no-lightbox force-no-caption is-style-rounded-180\"><img loading=\"lazy\" decoding=\"async\" width=\"1024\" height=\"684\" src=\"https:\/\/www.greenpeace.org\/static\/planet4-norway-stateless\/2022\/12\/da7ddd30-gp1sw42y_medium_res-1024x684.jpg\" title=\"En kvinne ser p\u00e5 en skogbrann i regionen Chefchaouen i Nord-Marokko i august 2021\" alt=\"En kvinne ser p\u00e5 en skogbrann i regionen Chefchaouen i Nord-Marokko i august 2021.\" class=\"wp-image-53191\" srcset=\"https:\/\/www.greenpeace.org\/static\/planet4-norway-stateless\/2022\/12\/da7ddd30-gp1sw42y_medium_res-1024x684.jpg 1024w, https:\/\/www.greenpeace.org\/static\/planet4-norway-stateless\/2022\/12\/da7ddd30-gp1sw42y_medium_res-300x200.jpg 300w, https:\/\/www.greenpeace.org\/static\/planet4-norway-stateless\/2022\/12\/da7ddd30-gp1sw42y_medium_res-768x513.jpg 768w, https:\/\/www.greenpeace.org\/static\/planet4-norway-stateless\/2022\/12\/da7ddd30-gp1sw42y_medium_res-510x340.jpg 510w, https:\/\/www.greenpeace.org\/static\/planet4-norway-stateless\/2022\/12\/da7ddd30-gp1sw42y_medium_res.jpg 1200w\" sizes=\"auto, (max-width: 1024px) 100vw, 1024px\" \/><figcaption class=\"wp-element-caption\">TOPSHOT &#8211; A woman looks at wildfires tearing through a forest in the region of Chefchaouen in northern Morocco on August 15, 2021. &#8211; Firefighters were battling overnight to put out two forest blazes, a forestries official said as the North African kingdom swelters in a heatwave that saw temperatures of up to 49 degrees Celsius (120 Fahrenheit) on the weekend, according to weather authorities. Morocco joins several other Mediterranean countries that have seen forest fires in recent weeks, including neighbouring Algeria where at least 90 people were killed in wildfires last week. (Photo by FADEL SENNA \/ AFP) (Photo by FADEL SENNA\/AFP via Getty Images), 1234707943<\/figcaption><\/figure>\n\n\n\n<h5 class=\"wp-block-heading has-text-align-center is-style-chevron\" style=\"font-size:1rem\"><a href=\"https:\/\/www.greenpeace.org\/norway\/?page_id=52217\">Global oppvarming<\/a><\/h5>\n\n\n\n<div style=\"height:16px\" aria-hidden=\"true\" class=\"wp-block-spacer\"><\/div>\n<\/div>\n<\/div>\n\n\n\n<div class=\"wp-block-column is-layout-flow wp-block-column-is-layout-flow\">\n<div class=\"wp-block-group group-stretched-link is-layout-flow wp-block-group-is-layout-flow\">\n<figure class=\"wp-block-image aligncenter size-full is-resized force-no-lightbox force-no-caption is-style-rounded-180\"><img loading=\"lazy\" decoding=\"async\" width=\"800\" height=\"533\" src=\"https:\/\/www.greenpeace.org\/static\/planet4-norway-stateless\/2022\/12\/27a925c1-gp0stubmz_web_size.jpg\" alt=\"&quot;Green New Deal&quot;-skilt blant demonstranter under en klimamarsj under COP25 i Madrid.\" class=\"wp-image-53199\" srcset=\"https:\/\/www.greenpeace.org\/static\/planet4-norway-stateless\/2022\/12\/27a925c1-gp0stubmz_web_size.jpg 800w, https:\/\/www.greenpeace.org\/static\/planet4-norway-stateless\/2022\/12\/27a925c1-gp0stubmz_web_size-300x200.jpg 300w, https:\/\/www.greenpeace.org\/static\/planet4-norway-stateless\/2022\/12\/27a925c1-gp0stubmz_web_size-768x512.jpg 768w, https:\/\/www.greenpeace.org\/static\/planet4-norway-stateless\/2022\/12\/27a925c1-gp0stubmz_web_size-510x340.jpg 510w\" sizes=\"auto, (max-width: 800px) 100vw, 800px\" \/><figcaption class=\"wp-element-caption\">&laquo;Green New Deal&raquo; sign among demonstrators. \nThousands of people march in Madrid to demand politicians take ambitious action to save the climate. Several collectives, including Greenpeace, and Fridays for Future march along the Paseo del Prado street in the capital city of Spain and end at Nuevos Ministerios where a music concert takes place.<\/figcaption><\/figure>\n\n\n\n<h5 class=\"wp-block-heading has-text-align-center is-style-chevron\" style=\"font-size:1rem\"><a href=\"https:\/\/www.greenpeace.org\/norway\/?page_id=52221\">Klimaavtaler<\/a><\/h5>\n\n\n\n<div style=\"height:16px\" aria-hidden=\"true\" class=\"wp-block-spacer\"><\/div>\n<\/div>\n<\/div>\n\n\n\n<div class=\"wp-block-column is-layout-flow wp-block-column-is-layout-flow\">\n<div class=\"wp-block-group group-stretched-link is-layout-flow wp-block-group-is-layout-flow\">\n<figure class=\"wp-block-image aligncenter size-full is-resized force-no-lightbox force-no-caption is-style-rounded-180\"><img loading=\"lazy\" decoding=\"async\" width=\"800\" height=\"534\" src=\"https:\/\/www.greenpeace.org\/static\/planet4-norway-stateless\/2022\/12\/3fff3cd3-gp1swv18_web_size.jpg\" alt=\"Adeliepingviner p\u00e5 Vortex Island i Antarktis.\" class=\"wp-image-53197\" srcset=\"https:\/\/www.greenpeace.org\/static\/planet4-norway-stateless\/2022\/12\/3fff3cd3-gp1swv18_web_size.jpg 800w, https:\/\/www.greenpeace.org\/static\/planet4-norway-stateless\/2022\/12\/3fff3cd3-gp1swv18_web_size-300x200.jpg 300w, https:\/\/www.greenpeace.org\/static\/planet4-norway-stateless\/2022\/12\/3fff3cd3-gp1swv18_web_size-768x513.jpg 768w, https:\/\/www.greenpeace.org\/static\/planet4-norway-stateless\/2022\/12\/3fff3cd3-gp1swv18_web_size-510x340.jpg 510w\" sizes=\"auto, (max-width: 800px) 100vw, 800px\" \/><figcaption class=\"wp-element-caption\">Ad\u00e9lie penguin at a colony on Vortex Island, Antarctic Sound, Antarctica.\nThe Greenpeace ship Arctic Sunrise has returned to the Antarctic Peninsula with a team of independent scientists from Stony Brook University, to conduct ground breaking research on remote penguin colonies, many of which have never before been surveyed. To investigate the impacts of the climate crisis on Antarctic penguin populations.<\/figcaption><\/figure>\n\n\n\n<h5 class=\"wp-block-heading has-text-align-center is-style-chevron\" style=\"font-size:1rem\"><a href=\"https:\/\/www.greenpeace.org\/norway\/?page_id=52231\">Konsekvenser av klimaendringer<\/a><\/h5>\n\n\n\n<div style=\"height:16px\" aria-hidden=\"true\" class=\"wp-block-spacer\"><\/div>\n<\/div>\n<\/div>\n\n\n\n<div class=\"wp-block-column is-layout-flow wp-block-column-is-layout-flow\">\n<div class=\"wp-block-group group-stretched-link is-layout-flow wp-block-group-is-layout-flow\">\n<figure class=\"wp-block-image aligncenter size-full is-resized force-no-lightbox force-no-caption is-style-rounded-180\"><img loading=\"lazy\" decoding=\"async\" width=\"800\" height=\"533\" src=\"https:\/\/www.greenpeace.org\/static\/planet4-norway-stateless\/2022\/12\/fea8ea2b-gp1su8it_web_size.jpg\" title=\"Greenpeace-aktivister demonstrerer utenfor Slottet i Oslo. Greenpeace krever mer st\u00f8tte til den gr\u00f8nne energiomstillingen i stedet for til oljeindustrien.\" alt=\"Greenpeace-aktivister demonstrerer utenfor Slottet i Oslo. Greenpeace krever mer st\u00f8tte til den gr\u00f8nne energiomstillingen.\" class=\"wp-image-53198\" srcset=\"https:\/\/www.greenpeace.org\/static\/planet4-norway-stateless\/2022\/12\/fea8ea2b-gp1su8it_web_size.jpg 800w, https:\/\/www.greenpeace.org\/static\/planet4-norway-stateless\/2022\/12\/fea8ea2b-gp1su8it_web_size-300x200.jpg 300w, https:\/\/www.greenpeace.org\/static\/planet4-norway-stateless\/2022\/12\/fea8ea2b-gp1su8it_web_size-768x512.jpg 768w, https:\/\/www.greenpeace.org\/static\/planet4-norway-stateless\/2022\/12\/fea8ea2b-gp1su8it_web_size-510x340.jpg 510w\" sizes=\"auto, (max-width: 800px) 100vw, 800px\" \/><figcaption class=\"wp-element-caption\">Greenpeace Nordic activists demonstrate outside the royal castle in Oslo where the government has a weekly meeting. Greenpeace demands more support to the green energy transition, rather than to the oil industry.<\/figcaption><\/figure>\n\n\n\n<h5 class=\"wp-block-heading has-text-align-center is-style-chevron\" style=\"font-size:1rem\"><a href=\"https:\/\/www.greenpeace.org\/norway\/?page_id=52234\">Gr\u00f8nn omstilling<\/a><\/h5>\n\n\n\n<div style=\"height:16px\" aria-hidden=\"true\" class=\"wp-block-spacer\"><\/div>\n<\/div>\n<\/div>\n<\/div>\n<\/div>\n<\/div>\n\n\n\n<div class=\"wp-block-group alignfull block is-pattern-p4-quick-links has-white-background-color has-background is-layout-flow wp-block-group-is-layout-flow\">\n<div class=\"wp-block-group container is-layout-flow wp-block-group-is-layout-flow\">\n<div style=\"height:24px\" aria-hidden=\"true\" class=\"wp-block-spacer\"><\/div>\n\n\n\n<h4 class=\"wp-block-heading has-text-align-center\">Utforsk andre temaer<\/h4>\n\n\n\n<div style=\"height:20px\" aria-hidden=\"true\" class=\"wp-block-spacer\"><\/div>\n\n\n\n<div class=\"wp-block-columns is-not-stacked-on-mobile is-style-mobile-carousel is-layout-flex wp-container-core-columns-is-layout-9d6595d7 wp-block-columns-is-layout-flex\">\n<div class=\"wp-block-column is-layout-flow wp-block-column-is-layout-flow\">\n<div class=\"wp-block-group group-stretched-link is-layout-flow wp-block-group-is-layout-flow\">\n<figure class=\"wp-block-image aligncenter size-full is-resized is-style-rounded-90 force-no-lightbox force-no-caption mb-0\"><img loading=\"lazy\" decoding=\"async\" width=\"800\" height=\"451\" src=\"https:\/\/www.greenpeace.org\/static\/planet4-norway-stateless\/2022\/12\/8a748afb-gp1su99g_web_size.jpg\" alt=\"Gassfelt i Nordsj\u00f8en.\" class=\"wp-image-52663\" srcset=\"https:\/\/www.greenpeace.org\/static\/planet4-norway-stateless\/2022\/12\/8a748afb-gp1su99g_web_size.jpg 800w, https:\/\/www.greenpeace.org\/static\/planet4-norway-stateless\/2022\/12\/8a748afb-gp1su99g_web_size-300x169.jpg 300w, https:\/\/www.greenpeace.org\/static\/planet4-norway-stateless\/2022\/12\/8a748afb-gp1su99g_web_size-768x433.jpg 768w, https:\/\/www.greenpeace.org\/static\/planet4-norway-stateless\/2022\/12\/8a748afb-gp1su99g_web_size-510x288.jpg 510w\" sizes=\"auto, (max-width: 800px) 100vw, 800px\" \/><figcaption class=\"wp-element-caption\">The sun sets behind Total&#8217;s Culzean Platforms located in the Culzean Field. Culzean is a gas condensate field located in the British North Sea, 230 kilometres off the coast of Aberdeen.\nDie Sonne geht hinter den von Total betriebenen Culzean-Plattformen unter. Die Plattformen stehen im  Culzean Feld, einem Gaskondensatfeld in der britischen Nordsee, etwa 230 Kilometer vor der K\u00fcste von Aberdeen entfernt.<\/figcaption><\/figure>\n\n\n\n<div style=\"height:16px\" aria-hidden=\"true\" class=\"wp-block-spacer\"><\/div>\n\n\n\n<h5 class=\"wp-block-heading has-text-align-center\" style=\"font-size:1rem\"><a href=\"https:\/\/www.greenpeace.org\/norway\/?page_id=52153\">Energi<\/a><\/h5>\n<\/div>\n<\/div>\n\n\n\n<div class=\"wp-block-column is-layout-flow wp-block-column-is-layout-flow\">\n<div class=\"wp-block-group group-stretched-link is-layout-flow wp-block-group-is-layout-flow\">\n<figure class=\"wp-block-image aligncenter size-full is-resized is-style-rounded-90 force-no-lightbox force-no-caption mb-0\"><img loading=\"lazy\" decoding=\"async\" width=\"800\" height=\"533\" src=\"https:\/\/www.greenpeace.org\/static\/planet4-norway-stateless\/2022\/12\/969bd562-gp1svdes_web_size.jpg\" alt=\"Ugle i Estland.\" class=\"wp-image-52662\" srcset=\"https:\/\/www.greenpeace.org\/static\/planet4-norway-stateless\/2022\/12\/969bd562-gp1svdes_web_size.jpg 800w, https:\/\/www.greenpeace.org\/static\/planet4-norway-stateless\/2022\/12\/969bd562-gp1svdes_web_size-300x200.jpg 300w, https:\/\/www.greenpeace.org\/static\/planet4-norway-stateless\/2022\/12\/969bd562-gp1svdes_web_size-768x512.jpg 768w, https:\/\/www.greenpeace.org\/static\/planet4-norway-stateless\/2022\/12\/969bd562-gp1svdes_web_size-510x340.jpg 510w\" sizes=\"auto, (max-width: 800px) 100vw, 800px\" \/><figcaption class=\"wp-element-caption\">Juvenile Ural owl, (Strix uralensis) on a summer evening; P\u00e4rnu county, Central Estonia. \nDocumentation of logging in Estonian forests. The production of wood pellets for biomass energy is destroying large areas of the ancient forest and habitat of wildlife. The pellets are exported to European countries, e.g. Germany, Italy, UK and the Netherlands.<\/figcaption><\/figure>\n\n\n\n<div style=\"height:16px\" aria-hidden=\"true\" class=\"wp-block-spacer\"><\/div>\n\n\n\n<h5 class=\"wp-block-heading has-text-align-center\" style=\"font-size:1rem\"><a href=\"https:\/\/www.greenpeace.org\/norway\/?page_id=52138\">Natur<\/a><\/h5>\n<\/div>\n<\/div>\n\n\n\n<div class=\"wp-block-column is-layout-flow wp-block-column-is-layout-flow\">\n<div class=\"wp-block-group group-stretched-link is-layout-flow wp-block-group-is-layout-flow\">\n<figure class=\"wp-block-image aligncenter size-large is-resized is-style-rounded-90 force-no-lightbox force-no-caption mb-0\"><img loading=\"lazy\" decoding=\"async\" width=\"1024\" height=\"683\" src=\"https:\/\/www.greenpeace.org\/static\/planet4-norway-stateless\/2022\/02\/ebcd1dda-gp0stuglp-1024x683.jpg\" title=\"Kn\u00f8lhval utenfor Elephant Island i Antarktis. Foto: Abbie Trayler-Smith \/ Greenpeace\" alt=\"Hval utenfor Elefant\u00f8ya nordvest for Antarktishalv\u00f8ya.\" class=\"wp-image-50074\" srcset=\"https:\/\/www.greenpeace.org\/static\/planet4-norway-stateless\/2022\/02\/ebcd1dda-gp0stuglp-1024x683.jpg 1024w, https:\/\/www.greenpeace.org\/static\/planet4-norway-stateless\/2022\/02\/ebcd1dda-gp0stuglp-300x200.jpg 300w, https:\/\/www.greenpeace.org\/static\/planet4-norway-stateless\/2022\/02\/ebcd1dda-gp0stuglp-768x512.jpg 768w, https:\/\/www.greenpeace.org\/static\/planet4-norway-stateless\/2022\/02\/ebcd1dda-gp0stuglp-510x340.jpg 510w, https:\/\/www.greenpeace.org\/static\/planet4-norway-stateless\/2022\/02\/ebcd1dda-gp0stuglp.jpg 1200w\" sizes=\"auto, (max-width: 1024px) 100vw, 1024px\" \/><figcaption class=\"wp-element-caption\">Humpback Whales swim in the waters off Elephant Island.  Greenpeace is back in the Antarctic on the last stage of the Pole to Pole Expedition. We have teamed up with a group of scientists to investigate and document the impacts the climate crisis is already having in this area.\n*This picture was taken in 2020 during the Antarctic leg of the Pole to Pole expedition under the Dutch permit number RWS-2019\/40813.<\/figcaption><figcaption><div class=\"credit icon-left\"> \u00a9 Abbie Trayler-Smith \/ Greenpeace<\/div><\/figcaption><\/figure>\n\n\n\n<div style=\"height:16px\" aria-hidden=\"true\" class=\"wp-block-spacer\"><\/div>\n\n\n\n<h5 class=\"wp-block-heading has-text-align-center\" style=\"font-size:1rem\"><a href=\"https:\/\/www.greenpeace.org\/norway\/?page_id=52187\">Hav<\/a><\/h5>\n<\/div>\n<\/div>\n\n\n\n<div class=\"wp-block-column is-layout-flow wp-block-column-is-layout-flow\">\n<div class=\"wp-block-group group-stretched-link is-layout-flow wp-block-group-is-layout-flow\">\n<figure class=\"wp-block-image aligncenter size-large is-resized is-style-rounded-90 force-no-lightbox force-no-caption mb-0\"><img loading=\"lazy\" decoding=\"async\" width=\"1024\" height=\"684\" src=\"https:\/\/www.greenpeace.org\/static\/planet4-norway-stateless\/2019\/08\/aec0161e-forest4-1024x684.jpg\" alt=\"Avskoging p\u00e5 Karipuna-urfolkets territorium i Brasil.\" class=\"wp-image-1882\" srcset=\"https:\/\/www.greenpeace.org\/static\/planet4-norway-stateless\/2019\/08\/aec0161e-forest4-1024x684.jpg 1024w, https:\/\/www.greenpeace.org\/static\/planet4-norway-stateless\/2019\/08\/aec0161e-forest4-300x200.jpg 300w, https:\/\/www.greenpeace.org\/static\/planet4-norway-stateless\/2019\/08\/aec0161e-forest4-768x513.jpg 768w, https:\/\/www.greenpeace.org\/static\/planet4-norway-stateless\/2019\/08\/aec0161e-forest4-2046x1366.jpg 2046w, https:\/\/www.greenpeace.org\/static\/planet4-norway-stateless\/2019\/08\/aec0161e-forest4-510x340.jpg 510w\" sizes=\"auto, (max-width: 1024px) 100vw, 1024px\" \/><figcaption class=\"wp-element-caption\">The destruction of the rainforest is a huge threat to the existence of the Karipuna indigenous people, since the forest is a life giving force for the community.\nThe Karipuna Indigenous Land, located in the municipalities of Nova Mamor\u00e9 and Porto Velho, in Rond\u00f4nia state, has been rapidly destroyed by the ostensive invasion of loggers and grileiros (land grabbers). Although it was recognized as an Indigenous Land by Brazilian government in 1988, over 11,000 hectares of the Amazon forest have already been destroyed; 80% in the last three years alone. Even the sale of lots has been carried out by the invaders. The Karipuna are a indigenous people of recent contact with surrounding society, and were almost extinct in the 1970s. Currently, the Karipuna population totals 58 people.\nA destrui\u00e7\u00e3o da floresta \u00e9 uma enorme amea\u00e7a \u00e0 exist\u00eancia do povo Karipuna, j\u00e1 que a pr\u00f3pria floresta \u00e9 uma for\u00e7a vital para a comunidade.\nA Terra Ind\u00edgena Karipuna, localizada nos munic\u00edpios de Nova Mamor\u00e9 e Porto Velho (RO), vem sendo rapidamente destru\u00edda pela ostensiva invas\u00e3o de madeireiros e grileiros. Apesar de ter sido homologada pela Presid\u00eancia da Rep\u00fablica em 1988, mais de 11 mil hectares de floresta amaz\u00f4nica j\u00e1 foram destru\u00eddos, sendo 80% apenas nos \u00faltimos tr\u00eas anos. At\u00e9 mesmo a venda de lotes vem sendo realizada pelos invasores. Povo de recente contato com a sociedade envolvente, os Karipuna quase foram extintos na d\u00e9cada de 1970. Atualmente, a popula\u00e7\u00e3o Karipuna totaliza 58 pessoas.<\/figcaption><\/figure>\n\n\n\n<div style=\"height:16px\" aria-hidden=\"true\" class=\"wp-block-spacer\"><\/div>\n\n\n\n<h5 class=\"wp-block-heading has-text-align-center\" style=\"font-size:1rem\"><a href=\"https:\/\/www.greenpeace.org\/norway\/?page_id=52180\">Skog og landbruk<\/a><\/h5>\n<\/div>\n<\/div>\n\n\n\n<div class=\"wp-block-column is-layout-flow wp-block-column-is-layout-flow\">\n<div class=\"wp-block-group group-stretched-link is-layout-flow wp-block-group-is-layout-flow\">\n<figure class=\"wp-block-image aligncenter size-full is-resized is-style-rounded-90 force-no-lightbox force-no-caption mb-0\"><img loading=\"lazy\" decoding=\"async\" width=\"800\" height=\"533\" src=\"https:\/\/www.greenpeace.org\/static\/planet4-norway-stateless\/2022\/12\/1295bdeb-gp1swpkh_web_size.jpg\" alt=\"Plastavfall p\u00e5 Canggu-stranden p\u00e5 Bali.\" class=\"wp-image-52661\" srcset=\"https:\/\/www.greenpeace.org\/static\/planet4-norway-stateless\/2022\/12\/1295bdeb-gp1swpkh_web_size.jpg 800w, https:\/\/www.greenpeace.org\/static\/planet4-norway-stateless\/2022\/12\/1295bdeb-gp1swpkh_web_size-300x200.jpg 300w, https:\/\/www.greenpeace.org\/static\/planet4-norway-stateless\/2022\/12\/1295bdeb-gp1swpkh_web_size-768x512.jpg 768w, https:\/\/www.greenpeace.org\/static\/planet4-norway-stateless\/2022\/12\/1295bdeb-gp1swpkh_web_size-510x340.jpg 510w\" sizes=\"auto, (max-width: 800px) 100vw, 800px\" \/><figcaption class=\"wp-element-caption\">A tourist walks along a beach covered in piles of debris and plastic waste in Canggu, Bali, Indonesia.<\/figcaption><\/figure>\n\n\n\n<div style=\"height:16px\" aria-hidden=\"true\" class=\"wp-block-spacer\"><\/div>\n\n\n\n<h5 class=\"wp-block-heading has-text-align-center\" style=\"font-size:1rem\"><a href=\"https:\/\/www.greenpeace.org\/norway\/?page_id=52194\">Forbruk<\/a><\/h5>\n<\/div>\n<\/div>\n<\/div>\n<\/div>\n<\/div>\n<\/div>\n","protected":false},"excerpt":{"rendered":"<p>Klimas\u00f8ksm\u00e5let behandles av EMD i Strasbourg. I 2023 saks\u00f8kte Greenpeace og Natur og Ungdom den norske stat i et nytt klimas\u00f8ksm\u00e5l. L\u00e6r mer om v\u00e5re s\u00f8ksm\u00e5l her.<\/p>\n","protected":false},"author":32,"featured_media":53601,"parent":52135,"menu_order":0,"comment_status":"closed","ping_status":"closed","template":"","meta":{"ep_exclude_from_search":false,"p4_hide_page_title_checkbox":"on","p4_title":"","p4_subtitle":"","p4_description":"","background_image_id":"","background_image":"","p4_button_title":"","p4_button_link":"","p4_button_link_checkbox":"","p4_og_title":"","p4_og_description":"","p4_og_image":"","p4_og_image_id":"","p4_seo_canonical_url":"","p4_campaign_name":"not set","p4_local_project":"not set","p4_basket_name":"not set","p4_department":"","footnotes":""},"categories":[1],"tags":[23,69,51,90,96],"class_list":["post-52259","page","type-page","status-publish","has-post-thumbnail","hentry","category-klimaendringer","tag-klimaklagen","tag-menneskerettigheter","tag-people-vs-oil","tag-klimarettssaker","tag-nyttklimasoksmal"],"_links":{"self":[{"href":"https:\/\/www.greenpeace.org\/norway\/wp-json\/wp\/v2\/pages\/52259","targetHints":{"allow":["GET"]}}],"collection":[{"href":"https:\/\/www.greenpeace.org\/norway\/wp-json\/wp\/v2\/pages"}],"about":[{"href":"https:\/\/www.greenpeace.org\/norway\/wp-json\/wp\/v2\/types\/page"}],"author":[{"embeddable":true,"href":"https:\/\/www.greenpeace.org\/norway\/wp-json\/wp\/v2\/users\/32"}],"replies":[{"embeddable":true,"href":"https:\/\/www.greenpeace.org\/norway\/wp-json\/wp\/v2\/comments?post=52259"}],"version-history":[{"count":20,"href":"https:\/\/www.greenpeace.org\/norway\/wp-json\/wp\/v2\/pages\/52259\/revisions"}],"predecessor-version":[{"id":66768,"href":"https:\/\/www.greenpeace.org\/norway\/wp-json\/wp\/v2\/pages\/52259\/revisions\/66768"}],"up":[{"embeddable":true,"href":"https:\/\/www.greenpeace.org\/norway\/wp-json\/wp\/v2\/pages\/52135"}],"wp:featuredmedia":[{"embeddable":true,"href":"https:\/\/www.greenpeace.org\/norway\/wp-json\/wp\/v2\/media\/53601"}],"wp:attachment":[{"href":"https:\/\/www.greenpeace.org\/norway\/wp-json\/wp\/v2\/media?parent=52259"}],"wp:term":[{"taxonomy":"category","embeddable":true,"href":"https:\/\/www.greenpeace.org\/norway\/wp-json\/wp\/v2\/categories?post=52259"},{"taxonomy":"post_tag","embeddable":true,"href":"https:\/\/www.greenpeace.org\/norway\/wp-json\/wp\/v2\/tags?post=52259"}],"curies":[{"name":"wp","href":"https:\/\/api.w.org\/{rel}","templated":true}]}}