{"id":52270,"date":"2022-12-07T09:10:36","date_gmt":"2022-12-07T08:10:36","guid":{"rendered":"https:\/\/www.greenpeace.org\/norway\/?page_id=52270"},"modified":"2026-04-08T09:55:14","modified_gmt":"2026-04-08T08:55:14","slug":"insekter","status":"publish","type":"page","link":"https:\/\/www.greenpeace.org\/norway\/natur\/insekter\/","title":{"rendered":"Insekter"},"content":{"rendered":"\n<div class=\"wp-block-group is-pattern-p4-deep-dive-topic-pattern-layout is-layout-flow wp-block-group-is-layout-flow\">\n<div class=\"wp-block-group alignfull has-grey-100-background-color has-background is-layout-flow wp-block-group-is-layout-flow\" style=\"padding-top:56px;padding-bottom:56px\">\n<div class=\"wp-block-group container is-layout-flow wp-block-group-is-layout-flow\">\n<div class=\"wp-block-media-text alignfull has-media-on-the-right is-stacked-on-mobile is-pattern-p4-page-header is-style-parallax\"><div class=\"wp-block-media-text__content\">\n<div class=\"wp-block-group is-layout-flow wp-block-group-is-layout-flow\">\n<h1 class=\"wp-block-heading has-grey-100-background-color has-background\">Insekter<\/h1>\n<\/div>\n\n\n\n<p>Insekter utgj\u00f8r omtrent halvparten av alle kjente dyre- og plantearter. Innsektene spiller en viktig rolle i de fleste \u00f8kosystemene. Noen insekter sprer pollen. Andre er nedbrytere, og spiser opp d\u00f8de dyr og planter eller blir selv til mat for dyr.<\/p>\n\n\n\n<div class=\"wp-block-buttons is-layout-flex wp-block-buttons-is-layout-flex\"><\/div>\n<\/div><figure class=\"wp-block-media-text__media\"><img loading=\"lazy\" decoding=\"async\" width=\"1024\" height=\"683\" src=\"https:\/\/www.greenpeace.org\/static\/planet4-norway-stateless\/2023\/01\/2514e7d4-gp0stozq7-1024x683.jpg\" alt=\"Bie i Tyskland\" sizes=\"auto, (min-width: 601px) 50vw, 100vw\" srcset=\"https:\/\/www.greenpeace.org\/static\/planet4-norway-stateless\/2023\/01\/2514e7d4-gp0stozq7.jpg 1200w, https:\/\/www.greenpeace.org\/static\/planet4-norway-stateless\/2023\/01\/2514e7d4-gp0stozq7-300x200.jpg 300w, https:\/\/www.greenpeace.org\/static\/planet4-norway-stateless\/2023\/01\/2514e7d4-gp0stozq7-1024x683.jpg 1024w, https:\/\/www.greenpeace.org\/static\/planet4-norway-stateless\/2023\/01\/2514e7d4-gp0stozq7-768x512.jpg 768w, https:\/\/www.greenpeace.org\/static\/planet4-norway-stateless\/2023\/01\/2514e7d4-gp0stozq7-510x340.jpg 510w\" class=\"wp-image-53669 size-full\"\/><\/figure><\/div>\n<\/div>\n<\/div>\n\n\n\n<style>.wp-block-group.alignfull.has-background.is-layout-flow{padding:0!important;}<\/style>\n\n<div style=\"height:15px\" aria-hidden=\"true\" class=\"wp-block-spacer\"><\/div>\n\n<div class=\"wp-block-columns is-style-mobile-carousel secondary-menu is-layout-flex wp-container-core-columns-is-layout-9d6595d7 wp-block-columns-is-layout-flex\">\n<div class=\"wp-block-column is-layout-flow wp-block-column-is-layout-flow\" style=\"flex-basis:15%\"><\/div>\n\n\n\n<div class=\"wp-block-column brdr-bottom is-layout-flow wp-block-column-is-layout-flow\">\n<div class=\"wp-block-group is-style-reset-margin flex-wrap is-content-justification-center is-nowrap is-layout-flex wp-container-core-group-is-layout-499140ed wp-block-group-is-layout-flex\">\n<p class=\"has-text-align-center is-style-roboto-font-family nav-link\" style=\"font-size:16px\"><a href=\"#problemet\"><strong>Problemet<\/strong><\/a><\/p>\n\n\n\n<div style=\"height:30px;width:0px\" aria-hidden=\"true\" class=\"wp-block-spacer wp-container-content-728072c3\"><\/div>\n\n\n\n<p>\u2022<\/p>\n\n\n\n<div style=\"height:30px;width:0px\" aria-hidden=\"true\" class=\"wp-block-spacer wp-container-content-728072c3\"><\/div>\n\n\n\n<p class=\"has-text-align-center is-style-roboto-font-family nav-link\" style=\"font-size:16px\"><a href=\"#hva-vi-gjoer\"><strong>Hva vi gj\u00f8r<\/strong><\/a><\/p>\n\n\n\n<div style=\"height:30px;width:0px\" aria-hidden=\"true\" class=\"wp-block-spacer wp-container-content-728072c3\"><\/div>\n\n\n\n<p>\u2022<\/p>\n\n\n\n<div style=\"height:30px;width:0px\" aria-hidden=\"true\" class=\"wp-block-spacer wp-container-content-728072c3\"><\/div>\n\n\n\n<p class=\"has-text-align-center is-style-roboto-font-family nav-link\" style=\"font-size:16px\"><a href=\"#hva-du-kan-gjoere\"><strong>Hva du kan gj\u00f8re<\/strong><\/a><\/p>\n\n\n\n<div style=\"height:30px;width:0px\" aria-hidden=\"true\" class=\"wp-block-spacer wp-container-content-728072c3\"><\/div>\n\n\n\n<p>\u2022<\/p>\n\n\n\n<div style=\"height:30px;width:0px\" aria-hidden=\"true\" class=\"wp-block-spacer wp-container-content-728072c3\"><\/div>\n\n\n\n<p class=\"is-style-roboto-font-family nav-link\" style=\"font-size:16px\"><a href=\"#nyheter\"><strong>Nyheter<\/strong><\/a><\/p>\n\n\n\n<div style=\"height:30px;width:0px\" aria-hidden=\"true\" class=\"wp-block-spacer wp-container-content-728072c3\"><\/div>\n<\/div>\n<\/div>\n\n\n\n<div class=\"wp-block-column is-layout-flow wp-block-column-is-layout-flow\" style=\"flex-basis:15%\"><\/div>\n<\/div>\n\n\n\n<div style=\"height:64px\" aria-hidden=\"true\" class=\"wp-block-spacer\"><\/div>\n\n\n\n<div class=\"wp-block-media-text alignwide is-stacked-on-mobile block my-0 py-0 is-style-default\"><figure class=\"wp-block-media-text__media\"><img loading=\"lazy\" decoding=\"async\" width=\"1024\" height=\"683\" src=\"https:\/\/www.greenpeace.org\/static\/planet4-norway-stateless\/2020\/05\/1ab4193d-gp04qbw-1024x683.jpg\" alt=\"Humle i Tyskland. Hver tredje bie- og humleart st\u00e5r p\u00e5 r\u00f8dlista over truede dyrearter i Norge. Foto: Axel Kirchhof, Greenpeace\" sizes=\"auto, (min-width: 1600px) calc((1320px - 24px) \/ 2),(min-width: 1200px) calc((1140px - 24px) \/ 2),(min-width: 992px) calc((960px - 24px) \/ 2),(min-width: 768px) calc((720px - 24px) \/ 2),(min-width: 601px) calc((540px - 24px) \/ 2),(min-width: 577px) calc((540px - 24px) \/ 1), calc(100vw - 24px)\" srcset=\"https:\/\/www.greenpeace.org\/static\/planet4-norway-stateless\/2020\/05\/1ab4193d-gp04qbw.jpg 1200w, https:\/\/www.greenpeace.org\/static\/planet4-norway-stateless\/2020\/05\/1ab4193d-gp04qbw-300x200.jpg 300w, https:\/\/www.greenpeace.org\/static\/planet4-norway-stateless\/2020\/05\/1ab4193d-gp04qbw-1024x683.jpg 1024w, https:\/\/www.greenpeace.org\/static\/planet4-norway-stateless\/2020\/05\/1ab4193d-gp04qbw-768x512.jpg 768w, https:\/\/www.greenpeace.org\/static\/planet4-norway-stateless\/2020\/05\/1ab4193d-gp04qbw-510x340.jpg 510w\" class=\"wp-image-5928 size-full\"\/><\/figure><div class=\"wp-block-media-text__content\">\n<div style=\"height:10px\" aria-hidden=\"true\" id=\"problemet\" class=\"wp-block-spacer\"><\/div>\n\n\n\n<h2 class=\"wp-block-heading\">Problemet med insekter<\/h2>\n\n\n\n<p>Insekter er under stort press, og ekstra ille st\u00e5r det til med pollinerende insekter som bier og humler. Faktisk st\u00e5r hver tredje bie- og humleart p\u00e5 den s\u00e5kalte r\u00f8dlista over truede dyrearter i Norge.<\/p>\n\n\n\n<p>Truslene kommer fra mange kanter, og noen av de st\u00f8rste er klimakrisen, spr\u00f8ytemidler, utbygging av veier, nye boligomr\u00e5der og industri, og gjengroing av landbruks- og beiteomr\u00e5der. Om mange insekter forsvinner, truer det matforsyningen og hele \u00f8kosystemer. Insekter i Norge er spesielt truet av utbygging, oppdyrking og drenering, skogbruk og gjengroing av landskapene de lever i.<\/p>\n\n\n\n<div class=\"wp-block-buttons is-layout-flex wp-block-buttons-is-layout-flex\"><\/div>\n\n\n\n<div style=\"height:10px\" aria-hidden=\"true\" class=\"wp-block-spacer\"><\/div>\n<\/div><\/div>\n\n\n\n<div class=\"wp-block-media-text alignwide has-media-on-the-right is-stacked-on-mobile is-image-fill-element block my-0 py-0 is-style-default\"><div class=\"wp-block-media-text__content\">\n<div style=\"height:30px\" aria-hidden=\"true\" id=\"hva-vi-gjoer\" class=\"wp-block-spacer\"><\/div>\n\n\n\n<h2 class=\"wp-block-heading\">Hvordan vi jobber for insekter<\/h2>\n\n\n\n<p>Insekter er under stort press, og ekstra ille st\u00e5r det til med pollinerende insekter som bier og humler. Faktisk st\u00e5r hver tredje bie- og humleart p\u00e5 den s\u00e5kalte r\u00f8dlista over truede dyrearter i Norge.<\/p>\n\n\n\n<p>Truslene kommer fra mange kanter, og noen av de st\u00f8rste er klimakrisen, spr\u00f8ytemidler, utbygging av veier, nye boligomr\u00e5der og industri, og gjengroing av landbruks- og beiteomr\u00e5der. Om mange insekter forsvinner, truer det matforsyningen og hele \u00f8kosystemer. Insekter i Norge er spesielt truet av utbygging, oppdyrking og drenering, skogbruk og gjengroing av landskapene de lever i.<\/p>\n\n\n\n<div class=\"wp-block-buttons is-layout-flex wp-block-buttons-is-layout-flex\"><\/div>\n\n\n\n<div style=\"height:30px\" aria-hidden=\"true\" class=\"wp-block-spacer\"><\/div>\n<\/div><figure class=\"wp-block-media-text__media\"><img loading=\"lazy\" decoding=\"async\" width=\"683\" height=\"1024\" src=\"https:\/\/www.greenpeace.org\/static\/planet4-norway-stateless\/2023\/01\/64ea18da-gp0stu8vm-683x1024.jpg\" alt=\"\u00d8kologisk landbruk i Istanbul. Greenpeace jobber med \u00e5 fremme mer \u00f8kologisk landbruk, som betyr f\u00e6rre skadelige spr\u00f8ytemidler.\" sizes=\"auto, (min-width: 1600px) calc((1320px - 24px) \/ 2),(min-width: 1200px) calc((1140px - 24px) \/ 2),(min-width: 992px) calc((960px - 24px) \/ 2),(min-width: 768px) calc((720px - 24px) \/ 2),(min-width: 601px) calc((540px - 24px) \/ 2),(min-width: 577px) calc((540px - 24px) \/ 1), calc(100vw - 24px)\" srcset=\"https:\/\/www.greenpeace.org\/static\/planet4-norway-stateless\/2023\/01\/64ea18da-gp0stu8vm.jpg 800w, https:\/\/www.greenpeace.org\/static\/planet4-norway-stateless\/2023\/01\/64ea18da-gp0stu8vm-200x300.jpg 200w, https:\/\/www.greenpeace.org\/static\/planet4-norway-stateless\/2023\/01\/64ea18da-gp0stu8vm-683x1024.jpg 683w, https:\/\/www.greenpeace.org\/static\/planet4-norway-stateless\/2023\/01\/64ea18da-gp0stu8vm-768x1152.jpg 768w, https:\/\/www.greenpeace.org\/static\/planet4-norway-stateless\/2023\/01\/64ea18da-gp0stu8vm-227x340.jpg 227w\" class=\"wp-image-53671 size-full\" style=\"object-position:51% 41%\"\/><\/figure><\/div>\n\n\n\n<div style=\"height:50px\" aria-hidden=\"true\" id=\"hva-du-kan-gjoere\" class=\"wp-block-spacer\"><\/div>\n\n\n\n<div class=\"wp-block-query mb-0 actions-list p4-query-loop is-custom-layout-carousel is-layout-flex wp-block-query-is-layout-flex\">\n<h2 class=\"wp-block-heading\">Hva du kan gj\u00f8re for \u00e5 beskytte insektene<\/h2>\n\n\n\n<p style=\"margin-top:24px;margin-bottom:32px\">&#8211; Du kan hjelpe pollinerende insekter ved \u00e5 ha en hage med masse ville blomster eller henge opp et insekthotell p\u00e5 balkongen. <br>&#8211; St\u00f8tt gr\u00f8ntarealer i bymilj\u00f8et, vern av natur og jobb for et landbruk uten spr\u00f8ytemidler. <br>&#8211; Jobber du som bonde eller er grunneier, har du en ekstra mulighet til \u00e5 legge til rette for at viktig kulturlandskap hvor insektene og trives blir bevart.<br>&#8211; St\u00f8tt organisasjoner som jobber for \u00e5 ta vare p\u00e5 biologisk mangfold, og stem p\u00e5 partier som \u00f8nsker \u00e5 ta vare p\u00e5 naturen. <br>&#8211; Engasjer deg p\u00e5 sosiale medier eller skriv leserinnlegg, og l\u00f8ft temaet p\u00e5 jobb, skole eller i foreninger du er med i. <br>&#8211; Skriv under p\u00e5 opprop, delta i demonstrasjoner og debatter om temaet, eller arranger din egen.<br><br>Engasjer deg for \u00e5 beskytte naturen og det biologiske mangfoldet sammen med oss i Greenpeace:<\/p>\n\n\n\n\n<ul class=\"wp-block-post-template is-layout-flow wp-block-post-template-is-layout-flow\"><li class=\"wp-block-post post-56627 page type-page status-publish has-post-thumbnail hentry category-energi category-forbruk category-greenpeace category-hav category-klimaendringer category-natur category-skog-og-landbruk tag-stott-oss\">\n<figure class=\"wp-block-post-featured-image\"><img loading=\"lazy\" decoding=\"async\" width=\"800\" height=\"535\" src=\"https:\/\/www.greenpeace.org\/static\/planet4-norway-stateless\/2020\/08\/3dc7a17c-gp034ks_web_size.jpg\" class=\"attachment-post-thumbnail size-post-thumbnail wp-post-image wp-stateless-item\" alt=\"\" style=\"object-fit:cover;\" srcset=\"https:\/\/www.greenpeace.org\/static\/planet4-norway-stateless\/2020\/08\/3dc7a17c-gp034ks_web_size.jpg 800w, https:\/\/www.greenpeace.org\/static\/planet4-norway-stateless\/2020\/08\/3dc7a17c-gp034ks_web_size-300x201.jpg 300w, https:\/\/www.greenpeace.org\/static\/planet4-norway-stateless\/2020\/08\/3dc7a17c-gp034ks_web_size-768x514.jpg 768w, https:\/\/www.greenpeace.org\/static\/planet4-norway-stateless\/2020\/08\/3dc7a17c-gp034ks_web_size-508x340.jpg 508w\" sizes=\"auto, (max-width: 800px) 100vw, 800px\" data-image-size=\"post-thumbnail\" data-stateless-media-bucket=\"planet4-norway-stateless\" data-stateless-media-name=\"2020\/08\/3dc7a17c-gp034ks_web_size.jpg\" \/><\/figure>\n\n\n                <div class=\"wp-block-group group-stretched-link is-layout-flow wp-block-group-is-layout-flow\"><div class=\"wp-block-post-terms\">Energi<\/div>\n                <h3 class=\"wp-block-post-title\"><a href=\"https:\/\/www.greenpeace.org\/norway\/vaer-med\/gi-engangsbidrag\/\" target=\"_self\" >Gi engangsbidrag<\/a><\/h3>\n                <div class=\"wp-block-post-excerpt\"><p class=\"wp-block-post-excerpt__excerpt\">Du kan gi et engangsbidrag med kredittkort eller Vipps her eller overf\u00f8re til konto 1594 0884559. <\/p><\/div><\/div>\n                \n\n\n<div class=\"wp-block-group read-more-nav is-layout-flow wp-block-group-is-layout-flow\"><a href=\"https:\/\/www.greenpeace.org\/norway\/vaer-med\/gi-engangsbidrag\/\" class=\"btn btn-primary btn-small\" aria-label=\"V\u00e6r med\">V\u00e6r med<\/a><\/div>\n\n<\/li><li class=\"wp-block-post post-56625 page type-page status-publish has-post-thumbnail hentry category-energi category-forbruk category-greenpeace category-hav category-klimaendringer category-natur category-skog-og-landbruk tag-stott-oss\">\n<figure class=\"wp-block-post-featured-image\"><img loading=\"lazy\" decoding=\"async\" width=\"800\" height=\"533\" src=\"https:\/\/www.greenpeace.org\/static\/planet4-norway-stateless\/2023\/03\/416adc9b-gp0sttq8m_web_size.jpg\" class=\"attachment-post-thumbnail size-post-thumbnail wp-post-image wp-stateless-item\" alt=\"\" style=\"object-fit:cover;\" srcset=\"https:\/\/www.greenpeace.org\/static\/planet4-norway-stateless\/2023\/03\/416adc9b-gp0sttq8m_web_size.jpg 800w, https:\/\/www.greenpeace.org\/static\/planet4-norway-stateless\/2023\/03\/416adc9b-gp0sttq8m_web_size-300x200.jpg 300w, https:\/\/www.greenpeace.org\/static\/planet4-norway-stateless\/2023\/03\/416adc9b-gp0sttq8m_web_size-768x512.jpg 768w, https:\/\/www.greenpeace.org\/static\/planet4-norway-stateless\/2023\/03\/416adc9b-gp0sttq8m_web_size-510x340.jpg 510w\" sizes=\"auto, (max-width: 800px) 100vw, 800px\" data-image-size=\"post-thumbnail\" data-stateless-media-bucket=\"planet4-norway-stateless\" data-stateless-media-name=\"2023\/03\/416adc9b-gp0sttq8m_web_size.jpg\" \/><\/figure>\n\n\n                <div class=\"wp-block-group group-stretched-link is-layout-flow wp-block-group-is-layout-flow\"><div class=\"wp-block-post-terms\">Energi<\/div>\n                <h3 class=\"wp-block-post-title\"><a href=\"https:\/\/www.greenpeace.org\/norway\/vaer-med\/bli-manedlig-giver\/\" target=\"_self\" >Bli m\u00e5nedlig giver<\/a><\/h3>\n                <div class=\"wp-block-post-excerpt\"><p class=\"wp-block-post-excerpt__excerpt\">Du kan gi m\u00e5nedlige bidrag gjennom Vipps eller Avtalegiro. St\u00e5 sammen med oss for \u00e5 beskytte verdens klima og milj\u00f8, hav og skoger \u2013 bli med som m\u00e5nedlig giver i dag! <\/p><\/div><\/div>\n                \n\n\n<div class=\"wp-block-group read-more-nav is-layout-flow wp-block-group-is-layout-flow\"><a href=\"https:\/\/www.greenpeace.org\/norway\/vaer-med\/bli-manedlig-giver\/\" class=\"btn btn-primary btn-small\" aria-label=\"V\u00e6r med\">V\u00e6r med<\/a><\/div>\n\n<\/li><li class=\"wp-block-post post-49889 page type-page status-publish has-post-thumbnail hentry category-greenpeace tag-engasjer-deg\">\n<figure class=\"wp-block-post-featured-image\"><img loading=\"lazy\" decoding=\"async\" width=\"800\" height=\"533\" src=\"https:\/\/www.greenpeace.org\/static\/planet4-norway-stateless\/2022\/01\/a8ed7000-image.png\" class=\"attachment-post-thumbnail size-post-thumbnail wp-post-image wp-stateless-item\" alt=\"\" style=\"object-fit:cover;\" srcset=\"https:\/\/www.greenpeace.org\/static\/planet4-norway-stateless\/2022\/01\/a8ed7000-image.png 800w, https:\/\/www.greenpeace.org\/static\/planet4-norway-stateless\/2022\/01\/a8ed7000-image-300x200.png 300w, https:\/\/www.greenpeace.org\/static\/planet4-norway-stateless\/2022\/01\/a8ed7000-image-768x512.png 768w, https:\/\/www.greenpeace.org\/static\/planet4-norway-stateless\/2022\/01\/a8ed7000-image-510x340.png 510w\" sizes=\"auto, (max-width: 800px) 100vw, 800px\" data-image-size=\"post-thumbnail\" data-stateless-media-bucket=\"planet4-norway-stateless\" data-stateless-media-name=\"2022\/01\/a8ed7000-image.png\" \/><\/figure>\n\n\n                <div class=\"wp-block-group group-stretched-link is-layout-flow wp-block-group-is-layout-flow\"><div class=\"wp-block-post-terms\">Greenpeace<\/div>\n                <h3 class=\"wp-block-post-title\"><a href=\"https:\/\/www.greenpeace.org\/norway\/vaer-med\/nyhetsbrev\/\" target=\"_self\" >Meld deg p\u00e5 Greenpeace sitt nyhetsbrev<\/a><\/h3>\n                <div class=\"wp-block-post-excerpt\"><p class=\"wp-block-post-excerpt__excerpt\">F\u00e5 nyheter, oppdateringer og tips om klima og milj\u00f8 p\u00e5 e-post. Du kan vente deg oppdateringer fra oss noen ganger i m\u00e5neden, og kan melde deg av n\u00e5r som helst. <\/p><\/div><\/div>\n                \n\n\n<div class=\"wp-block-group read-more-nav is-layout-flow wp-block-group-is-layout-flow\"><a href=\"https:\/\/www.greenpeace.org\/norway\/vaer-med\/nyhetsbrev\/\" class=\"btn btn-primary btn-small\" aria-label=\"V\u00e6r med\">V\u00e6r med<\/a><\/div>\n\n<\/li><li class=\"wp-block-post post-49392 page type-page status-publish has-post-thumbnail hentry category-greenpeace tag-engasjer-deg\">\n<figure class=\"wp-block-post-featured-image\"><img loading=\"lazy\" decoding=\"async\" width=\"2048\" height=\"1366\" src=\"https:\/\/www.greenpeace.org\/static\/planet4-norway-stateless\/2021\/11\/243193ac-hallifornia_gp_jana_eriksson-4413-2048x1366-1.jpg\" class=\"attachment-post-thumbnail size-post-thumbnail wp-post-image wp-stateless-item\" alt=\"\" style=\"object-fit:cover;\" srcset=\"https:\/\/www.greenpeace.org\/static\/planet4-norway-stateless\/2021\/11\/243193ac-hallifornia_gp_jana_eriksson-4413-2048x1366-1.jpg 2048w, https:\/\/www.greenpeace.org\/static\/planet4-norway-stateless\/2021\/11\/243193ac-hallifornia_gp_jana_eriksson-4413-2048x1366-1-300x200.jpg 300w, https:\/\/www.greenpeace.org\/static\/planet4-norway-stateless\/2021\/11\/243193ac-hallifornia_gp_jana_eriksson-4413-2048x1366-1-1024x683.jpg 1024w, https:\/\/www.greenpeace.org\/static\/planet4-norway-stateless\/2021\/11\/243193ac-hallifornia_gp_jana_eriksson-4413-2048x1366-1-768x512.jpg 768w, https:\/\/www.greenpeace.org\/static\/planet4-norway-stateless\/2021\/11\/243193ac-hallifornia_gp_jana_eriksson-4413-2048x1366-1-1536x1025.jpg 1536w, https:\/\/www.greenpeace.org\/static\/planet4-norway-stateless\/2021\/11\/243193ac-hallifornia_gp_jana_eriksson-4413-2048x1366-1-510x340.jpg 510w\" sizes=\"auto, (max-width: 2048px) 100vw, 2048px\" data-image-size=\"post-thumbnail\" data-stateless-media-bucket=\"planet4-norway-stateless\" data-stateless-media-name=\"2021\/11\/243193ac-hallifornia_gp_jana_eriksson-4413-2048x1366-1.jpg\" \/><\/figure>\n\n\n                <div class=\"wp-block-group group-stretched-link is-layout-flow wp-block-group-is-layout-flow\"><div class=\"wp-block-post-terms\">Greenpeace<\/div>\n                <h3 class=\"wp-block-post-title\"><a href=\"https:\/\/www.greenpeace.org\/norway\/vaer-med\/bli-verver\/\" target=\"_self\" >Bli verver<\/a><\/h3>\n                <div class=\"wp-block-post-excerpt\"><p class=\"wp-block-post-excerpt__excerpt\">Brenner du for milj\u00f8 og klima? Vi vil jobbe med deg! <\/p><\/div><\/div>\n                \n\n\n<div class=\"wp-block-group read-more-nav is-layout-flow wp-block-group-is-layout-flow\"><a href=\"https:\/\/www.greenpeace.org\/norway\/vaer-med\/bli-verver\/\" class=\"btn btn-primary btn-small\" aria-label=\"V\u00e6r med\">V\u00e6r med<\/a><\/div>\n\n<\/li><li class=\"wp-block-post post-2221 page type-page status-publish has-post-thumbnail hentry category-skog-og-landbruk tag-biologiskmangfold tag-amazonas\">\n<figure class=\"wp-block-post-featured-image\"><img loading=\"lazy\" decoding=\"async\" width=\"800\" height=\"534\" src=\"https:\/\/www.greenpeace.org\/static\/planet4-norway-stateless\/2020\/11\/ba6fd645-gp0stqfkj_web_size_with_credit_line.jpg\" class=\"attachment-post-thumbnail size-post-thumbnail wp-post-image wp-stateless-item\" alt=\"\" style=\"object-fit:cover;\" srcset=\"https:\/\/www.greenpeace.org\/static\/planet4-norway-stateless\/2020\/11\/ba6fd645-gp0stqfkj_web_size_with_credit_line.jpg 800w, https:\/\/www.greenpeace.org\/static\/planet4-norway-stateless\/2020\/11\/ba6fd645-gp0stqfkj_web_size_with_credit_line-300x200.jpg 300w, https:\/\/www.greenpeace.org\/static\/planet4-norway-stateless\/2020\/11\/ba6fd645-gp0stqfkj_web_size_with_credit_line-768x513.jpg 768w, https:\/\/www.greenpeace.org\/static\/planet4-norway-stateless\/2020\/11\/ba6fd645-gp0stqfkj_web_size_with_credit_line-510x340.jpg 510w\" sizes=\"auto, (max-width: 800px) 100vw, 800px\" data-image-size=\"post-thumbnail\" data-stateless-media-bucket=\"planet4-norway-stateless\" data-stateless-media-name=\"2020\/11\/ba6fd645-gp0stqfkj_web_size_with_credit_line.jpg\" \/><\/figure>\n\n\n                <div class=\"wp-block-group group-stretched-link is-layout-flow wp-block-group-is-layout-flow\"><div class=\"wp-block-post-terms\">Skog og landbruk<\/div>\n                <h3 class=\"wp-block-post-title\"><a href=\"https:\/\/www.greenpeace.org\/norway\/vaer-med\/redd-amazonas\/\" target=\"_self\" >Redd Amazonas<\/a><\/h3>\n                <div class=\"wp-block-post-excerpt\"><p class=\"wp-block-post-excerpt__excerpt\">Amazonas, den mest artsrike skogen p\u00e5 jorda, blir rasert og brent for kortsiktig gevinst. Mister vi Amazonas, taper vi kampen mot klimakrisen. Signer oppropet. <\/p><\/div><\/div>\n                \n\n\n<div class=\"wp-block-group read-more-nav is-layout-flow wp-block-group-is-layout-flow\"><a href=\"https:\/\/www.greenpeace.org\/norway\/vaer-med\/redd-amazonas\/\" class=\"btn btn-primary btn-small\" aria-label=\"V\u00e6r med\">V\u00e6r med<\/a><\/div>\n\n<\/li><li class=\"wp-block-post post-3545 page type-page status-publish has-post-thumbnail hentry category-greenpeace tag-engasjer-deg\">\n<figure class=\"wp-block-post-featured-image\"><img loading=\"lazy\" decoding=\"async\" width=\"800\" height=\"533\" src=\"https:\/\/www.greenpeace.org\/static\/planet4-norway-stateless\/2020\/06\/066fcfc4-gp0sttv2q_web_size.jpg\" class=\"attachment-post-thumbnail size-post-thumbnail wp-post-image wp-stateless-item\" alt=\"\" style=\"object-fit:cover;\" srcset=\"https:\/\/www.greenpeace.org\/static\/planet4-norway-stateless\/2020\/06\/066fcfc4-gp0sttv2q_web_size.jpg 800w, https:\/\/www.greenpeace.org\/static\/planet4-norway-stateless\/2020\/06\/066fcfc4-gp0sttv2q_web_size-300x200.jpg 300w, https:\/\/www.greenpeace.org\/static\/planet4-norway-stateless\/2020\/06\/066fcfc4-gp0sttv2q_web_size-768x512.jpg 768w, https:\/\/www.greenpeace.org\/static\/planet4-norway-stateless\/2020\/06\/066fcfc4-gp0sttv2q_web_size-510x340.jpg 510w\" sizes=\"auto, (max-width: 800px) 100vw, 800px\" data-image-size=\"post-thumbnail\" data-stateless-media-bucket=\"planet4-norway-stateless\" data-stateless-media-name=\"2020\/06\/066fcfc4-gp0sttv2q_web_size.jpg\" \/><\/figure>\n\n\n                <div class=\"wp-block-group group-stretched-link is-layout-flow wp-block-group-is-layout-flow\"><div class=\"wp-block-post-terms\">Greenpeace<\/div>\n                <h3 class=\"wp-block-post-title\"><a href=\"https:\/\/www.greenpeace.org\/norway\/vaer-med\/testamentariske-gaver\/\" target=\"_self\" >Testamentariske gaver<\/a><\/h3>\n                <div class=\"wp-block-post-excerpt\"><p class=\"wp-block-post-excerpt__excerpt\">Testamentariske gaver, store og sm\u00e5, er sv\u00e6rt verdifulle bidrag til kampanjene v\u00e5re. En testamentarisk gave v\u00e6re helt avgj\u00f8rende for Greenpeace sitt arbeid. <\/p><\/div><\/div>\n                \n\n\n<div class=\"wp-block-group read-more-nav is-layout-flow wp-block-group-is-layout-flow\"><a href=\"https:\/\/www.greenpeace.org\/norway\/vaer-med\/testamentariske-gaver\/\" class=\"btn btn-primary btn-small\" aria-label=\"V\u00e6r med\">V\u00e6r med<\/a><\/div>\n\n<\/li><li class=\"wp-block-post post-1344 page type-page status-publish has-post-thumbnail hentry category-greenpeace tag-engasjer-deg\">\n<figure class=\"wp-block-post-featured-image\"><img loading=\"lazy\" decoding=\"async\" width=\"794\" height=\"1199\" src=\"https:\/\/www.greenpeace.org\/static\/planet4-norway-stateless\/2019\/04\/35e4d35d-gp0stqnls_medium_res.jpg\" class=\"attachment-post-thumbnail size-post-thumbnail wp-post-image wp-stateless-item\" alt=\"\" style=\"object-fit:cover;\" srcset=\"https:\/\/www.greenpeace.org\/static\/planet4-norway-stateless\/2019\/04\/35e4d35d-gp0stqnls_medium_res.jpg 794w, https:\/\/www.greenpeace.org\/static\/planet4-norway-stateless\/2019\/04\/35e4d35d-gp0stqnls_medium_res-199x300.jpg 199w, https:\/\/www.greenpeace.org\/static\/planet4-norway-stateless\/2019\/04\/35e4d35d-gp0stqnls_medium_res-768x1160.jpg 768w, https:\/\/www.greenpeace.org\/static\/planet4-norway-stateless\/2019\/04\/35e4d35d-gp0stqnls_medium_res-678x1024.jpg 678w, https:\/\/www.greenpeace.org\/static\/planet4-norway-stateless\/2019\/04\/35e4d35d-gp0stqnls_medium_res-225x340.jpg 225w\" sizes=\"auto, (max-width: 794px) 100vw, 794px\" data-image-size=\"post-thumbnail\" data-stateless-media-bucket=\"planet4-norway-stateless\" data-stateless-media-name=\"2019\/04\/35e4d35d-gp0stqnls_medium_res.jpg\" \/><\/figure>\n\n\n                <div class=\"wp-block-group group-stretched-link is-layout-flow wp-block-group-is-layout-flow\"><div class=\"wp-block-post-terms\">Greenpeace<\/div>\n                <h3 class=\"wp-block-post-title\"><a href=\"https:\/\/www.greenpeace.org\/norway\/vaer-med\/bli-frivillig\/\" target=\"_self\" >Frivillig arbeid i Greenpeace<\/a><\/h3>\n                <div class=\"wp-block-post-excerpt\"><p class=\"wp-block-post-excerpt__excerpt\">Som frivillig i Greenpeace er du med og utgj\u00f8r en forskjell for klima og milj\u00f8. Her kan du l\u00e6re mer om frivillig arbeid i Greenpeace og hvordan du kan bidra. <\/p><\/div><\/div>\n                \n\n\n<div class=\"wp-block-group read-more-nav is-layout-flow wp-block-group-is-layout-flow\"><a href=\"https:\/\/www.greenpeace.org\/norway\/vaer-med\/bli-frivillig\/\" class=\"btn btn-primary btn-small\" aria-label=\"V\u00e6r med\">V\u00e6r med<\/a><\/div>\n\n<\/li><li class=\"wp-block-post post-1967 page type-page status-publish has-post-thumbnail hentry category-greenpeace tag-engasjer-deg\">\n<figure class=\"wp-block-post-featured-image\"><img loading=\"lazy\" decoding=\"async\" width=\"800\" height=\"533\" src=\"https:\/\/www.greenpeace.org\/static\/planet4-norway-stateless\/2019\/10\/68bc5205-gp0stto4u_web_size.jpg\" class=\"attachment-post-thumbnail size-post-thumbnail wp-post-image wp-stateless-item\" alt=\"\" style=\"object-fit:cover;\" srcset=\"https:\/\/www.greenpeace.org\/static\/planet4-norway-stateless\/2019\/10\/68bc5205-gp0stto4u_web_size.jpg 800w, https:\/\/www.greenpeace.org\/static\/planet4-norway-stateless\/2019\/10\/68bc5205-gp0stto4u_web_size-300x200.jpg 300w, https:\/\/www.greenpeace.org\/static\/planet4-norway-stateless\/2019\/10\/68bc5205-gp0stto4u_web_size-768x512.jpg 768w, https:\/\/www.greenpeace.org\/static\/planet4-norway-stateless\/2019\/10\/68bc5205-gp0stto4u_web_size-510x340.jpg 510w\" sizes=\"auto, (max-width: 800px) 100vw, 800px\" data-image-size=\"post-thumbnail\" data-stateless-media-bucket=\"planet4-norway-stateless\" data-stateless-media-name=\"2019\/10\/68bc5205-gp0stto4u_web_size.jpg\" \/><\/figure>\n\n\n                <div class=\"wp-block-group group-stretched-link is-layout-flow wp-block-group-is-layout-flow\"><div class=\"wp-block-post-terms\">Greenpeace<\/div>\n                <h3 class=\"wp-block-post-title\"><a href=\"https:\/\/www.greenpeace.org\/norway\/vaer-med\/greenspeaker\/\" target=\"_self\" >Greenspeakerprogrammet<\/a><\/h3>\n                <div class=\"wp-block-post-excerpt\"><p class=\"wp-block-post-excerpt__excerpt\">Inviter en Greenspeaker til skolen, kontoret eller arrangementet ditt, eller bli en Greenspeaker selv. <\/p><\/div><\/div>\n                \n\n\n<div class=\"wp-block-group read-more-nav is-layout-flow wp-block-group-is-layout-flow\"><a href=\"https:\/\/www.greenpeace.org\/norway\/vaer-med\/greenspeaker\/\" class=\"btn btn-primary btn-small\" aria-label=\"V\u00e6r med\">V\u00e6r med<\/a><\/div>\n\n<\/li><\/ul>\n\n\n<div class=\"wp-block-buttons carousel-controls is-horizontal is-content-justification-space-between is-nowrap is-layout-flex wp-container-core-buttons-is-layout-044bd602 wp-block-buttons-is-layout-flex\">\n<div class=\"wp-block-button carousel-control-prev\"><button type=\"button\" class=\"wp-block-button__link wp-element-button\">Prev<\/button><\/div>\n\n\n\n<div class=\"wp-block-button carousel-control-next\"><button type=\"button\" class=\"wp-block-button__link wp-element-button\">Next<\/button><\/div>\n<\/div>\n\n\n\n<div class=\"wp-block-buttons load-more-actions-container is-content-justification-center is-layout-flex wp-container-core-buttons-is-layout-16018d1d wp-block-buttons-is-layout-flex\">\n<div class=\"wp-block-button is-style-secondary\"><button type=\"button\" class=\"wp-block-button__link wp-element-button\">Load more<\/button><\/div>\n<\/div>\n<\/div>\n\n\n\n<div style=\"height:10px\" aria-hidden=\"true\" id=\"nyheter\" class=\"wp-block-spacer\"><\/div>\n\n\n\n<p><\/p>\n\n\n\n<div class=\"wp-block-query posts-list p4-query-loop is-custom-layout-list is-layout-flow wp-block-query-is-layout-flow\">\n<div class=\"wp-block-group is-content-justification-space-between is-layout-flex wp-container-core-group-is-layout-3d213aab wp-block-group-is-layout-flex\">\n<h2 class=\"wp-block-heading\">Nyheter og artikler<\/h2>\n<\/div>\n\n\n\n<p style=\"margin-top:24px;margin-bottom:36px\">Hold deg oppdatert p\u00e5 arbeidet v\u00e5rt med natur og biologisk mangfold here.<\/p>\n\n\n\n\n<ul class=\"wp-block-post-template is-layout-flow wp-block-post-template-is-layout-flow\"><li class=\"wp-block-post post-67005 post type-post status-publish format-standard has-post-thumbnail hentry category-hav tag-seire tag-arktis tag-beskytthavet tag-gruvedrift tag-havindustri tag-biologiskmangfold p4-page-type-nyheter\">\n\n<div class=\"wp-block-columns is-layout-flex wp-container-core-columns-is-layout-9d6595d7 wp-block-columns-is-layout-flex\"><figure class=\"wp-block-post-featured-image\"><a href=\"https:\/\/www.greenpeace.org\/norway\/nyheter\/hav\/gode-nyheter-for-havet-2026\/\" target=\"_self\"  ><img loading=\"lazy\" decoding=\"async\" width=\"1200\" height=\"800\" src=\"https:\/\/www.greenpeace.org\/static\/planet4-norway-stateless\/2026\/04\/a894d85a-gp0su06x6.jpg\" class=\"attachment-post-thumbnail size-post-thumbnail wp-post-image wp-stateless-item\" alt=\"Gode nyheter for havet 2026\" style=\"object-fit:cover;\" srcset=\"https:\/\/www.greenpeace.org\/static\/planet4-norway-stateless\/2026\/04\/a894d85a-gp0su06x6.jpg 1200w, https:\/\/www.greenpeace.org\/static\/planet4-norway-stateless\/2026\/04\/a894d85a-gp0su06x6-300x200.jpg 300w, https:\/\/www.greenpeace.org\/static\/planet4-norway-stateless\/2026\/04\/a894d85a-gp0su06x6-1024x683.jpg 1024w, https:\/\/www.greenpeace.org\/static\/planet4-norway-stateless\/2026\/04\/a894d85a-gp0su06x6-768x512.jpg 768w, https:\/\/www.greenpeace.org\/static\/planet4-norway-stateless\/2026\/04\/a894d85a-gp0su06x6-510x340.jpg 510w\" sizes=\"auto, (max-width: 1200px) 100vw, 1200px\" data-image-size=\"post-thumbnail\" data-stateless-media-bucket=\"planet4-norway-stateless\" data-stateless-media-name=\"2026\/04\/a894d85a-gp0su06x6.jpg\" \/><\/a><\/figure>\n\n\n<div class=\"wp-block-group is-layout-flow wp-block-group-is-layout-flow\">\n<div class=\"wp-block-group is-layout-flex wp-block-group-is-layout-flex\"><div class=\"wp-block-post-terms\"><a href=\"https:\/\/www.greenpeace.org\/norway\/kategori\/hav\/\">Hav<\/a><\/div>\n\n<div class=\"taxonomy-post_tag wp-block-post-terms\"><a href=\"https:\/\/www.greenpeace.org\/norway\/tag\/seire\/\" rel=\"tag\">seire<\/a><span class=\"wp-block-post-terms__separator\"> <\/span><a href=\"https:\/\/www.greenpeace.org\/norway\/tag\/arktis\/\" rel=\"tag\">arktis<\/a><span class=\"wp-block-post-terms__separator\"> <\/span><a href=\"https:\/\/www.greenpeace.org\/norway\/tag\/beskytthavet\/\" rel=\"tag\">beskytthavet<\/a><span class=\"wp-block-post-terms__separator\"> <\/span><a href=\"https:\/\/www.greenpeace.org\/norway\/tag\/gruvedrift\/\" rel=\"tag\">gruvedrift<\/a><span class=\"wp-block-post-terms__separator\"> <\/span><a href=\"https:\/\/www.greenpeace.org\/norway\/tag\/havindustri\/\" rel=\"tag\">havindustri<\/a><span class=\"wp-block-post-terms__separator\"> <\/span><a href=\"https:\/\/www.greenpeace.org\/norway\/tag\/biologiskmangfold\/\" rel=\"tag\">biologiskmangfold<\/a><\/div><\/div>\n\n\n<h3 class=\"wp-block-post-title\"><a href=\"https:\/\/www.greenpeace.org\/norway\/nyheter\/hav\/gode-nyheter-for-havet-2026\/\" target=\"_self\" >Gode nyheter for havet 2026<\/a><\/h3>\n\n<div class=\"wp-block-post-excerpt\"><p class=\"wp-block-post-excerpt__excerpt\">Les om noen nylige seire for havene v\u00e5re. Med disse gode nyhetene ligger 2026 an til \u00e5 bli et skikkelig godt hav\u00e5r! <\/p><\/div>\n\n\n<div class=\"wp-block-group posts-list-meta is-layout-flow wp-block-group-is-layout-flow\"><span class='article-list-item-author'><a href='https:\/\/www.greenpeace.org\/norway\/author\/hjalborg\/'>Hanne Jalborg<\/a><\/span>\n\n<div class=\"wp-block-post-date\"><time datetime=\"2026-04-28T11:47:36+01:00\">28 april, 2026<\/time><\/div><\/div>\n<\/div>\n<\/div>\n\n<\/li><li class=\"wp-block-post post-65995 post type-post status-publish format-standard has-post-thumbnail hentry category-klimaendringer category-natur tag-klimakrise tag-gruvedrift tag-naturkrise p4-page-type-nyheter\">\n\n<div class=\"wp-block-columns is-layout-flex wp-container-core-columns-is-layout-9d6595d7 wp-block-columns-is-layout-flex\"><figure class=\"wp-block-post-featured-image\"><a href=\"https:\/\/www.greenpeace.org\/norway\/nyheter\/klimaendringer\/statsbudsjettet-2026-regjeringen-svikter-klima-og-miljo\/\" target=\"_self\"  ><img loading=\"lazy\" decoding=\"async\" width=\"793\" height=\"414\" src=\"https:\/\/www.greenpeace.org\/static\/planet4-norway-stateless\/2025\/11\/ff293311-sta-opp-markering-demonstrasjon-stortinget-eidsvolls-plass.jpeg\" class=\"attachment-post-thumbnail size-post-thumbnail wp-post-image wp-stateless-item\" alt=\"Statsbudsjettet 2026: Regjeringen svikter klima og milj\u00f8\" style=\"object-fit:cover;\" srcset=\"https:\/\/www.greenpeace.org\/static\/planet4-norway-stateless\/2025\/11\/ff293311-sta-opp-markering-demonstrasjon-stortinget-eidsvolls-plass.jpeg 793w, https:\/\/www.greenpeace.org\/static\/planet4-norway-stateless\/2025\/11\/ff293311-sta-opp-markering-demonstrasjon-stortinget-eidsvolls-plass-300x157.jpeg 300w, https:\/\/www.greenpeace.org\/static\/planet4-norway-stateless\/2025\/11\/ff293311-sta-opp-markering-demonstrasjon-stortinget-eidsvolls-plass-768x401.jpeg 768w, https:\/\/www.greenpeace.org\/static\/planet4-norway-stateless\/2025\/11\/ff293311-sta-opp-markering-demonstrasjon-stortinget-eidsvolls-plass-510x266.jpeg 510w\" sizes=\"auto, (max-width: 793px) 100vw, 793px\" data-image-size=\"post-thumbnail\" data-stateless-media-bucket=\"planet4-norway-stateless\" data-stateless-media-name=\"2025\/11\/ff293311-sta-opp-markering-demonstrasjon-stortinget-eidsvolls-plass.jpeg\" \/><\/a><\/figure>\n\n\n<div class=\"wp-block-group is-layout-flow wp-block-group-is-layout-flow\">\n<div class=\"wp-block-group is-layout-flex wp-block-group-is-layout-flex\"><div class=\"wp-block-post-terms\"><a href=\"https:\/\/www.greenpeace.org\/norway\/kategori\/klimaendringer\/\">Klimaendringer<\/a><\/div>\n\n<div class=\"taxonomy-post_tag wp-block-post-terms\"><a href=\"https:\/\/www.greenpeace.org\/norway\/tag\/klimakrise\/\" rel=\"tag\">klimakrise<\/a><span class=\"wp-block-post-terms__separator\"> <\/span><a href=\"https:\/\/www.greenpeace.org\/norway\/tag\/gruvedrift\/\" rel=\"tag\">gruvedrift<\/a><span class=\"wp-block-post-terms__separator\"> <\/span><a href=\"https:\/\/www.greenpeace.org\/norway\/tag\/naturkrise\/\" rel=\"tag\">naturkrise<\/a><\/div><\/div>\n\n\n<h3 class=\"wp-block-post-title\"><a href=\"https:\/\/www.greenpeace.org\/norway\/nyheter\/klimaendringer\/statsbudsjettet-2026-regjeringen-svikter-klima-og-miljo\/\" target=\"_self\" >Statsbudsjettet 2026: Regjeringen svikter klima og milj\u00f8<\/a><\/h3>\n\n<div class=\"wp-block-post-excerpt\"><p class=\"wp-block-post-excerpt__excerpt\">Arbeiderparti-regjeringen har lagt fram et statsbudsjett for 2026 som ikke beskytter natur og klima. Vi setter n\u00e5 v\u00e5r lit til milj\u00f8partiene SV, R\u00f8dt og MDG. <\/p><\/div>\n\n\n<div class=\"wp-block-group posts-list-meta is-layout-flow wp-block-group-is-layout-flow\"><span class='article-list-item-author'>Elise \u00c5snes<\/span>\n\n<div class=\"wp-block-post-date\"><time datetime=\"2025-10-15T15:04:21+01:00\">15 oktober, 2025<\/time><\/div><\/div>\n<\/div>\n<\/div>\n\n<\/li><li class=\"wp-block-post post-65473 post type-post status-publish format-standard has-post-thumbnail hentry category-klimaendringer tag-klimakrise tag-naturkrise tag-engasjer-deg p4-page-type-nyheter\">\n\n<div class=\"wp-block-columns is-layout-flex wp-container-core-columns-is-layout-9d6595d7 wp-block-columns-is-layout-flex\"><figure class=\"wp-block-post-featured-image\"><a href=\"https:\/\/www.greenpeace.org\/norway\/nyheter\/klimaendringer\/hva-slags-regjering-kan-vi-fa-etter-valget-2025\/\" target=\"_self\"  ><img loading=\"lazy\" decoding=\"async\" width=\"800\" height=\"534\" src=\"https:\/\/www.greenpeace.org\/static\/planet4-norway-stateless\/2025\/08\/88e1e64e-stortinget-stortingssalen.jpg\" class=\"attachment-post-thumbnail size-post-thumbnail wp-post-image wp-stateless-item\" alt=\"Hva slags regjering kan vi f\u00e5 etter valget 2025?\" style=\"object-fit:cover;\" srcset=\"https:\/\/www.greenpeace.org\/static\/planet4-norway-stateless\/2025\/08\/88e1e64e-stortinget-stortingssalen.jpg 800w, https:\/\/www.greenpeace.org\/static\/planet4-norway-stateless\/2025\/08\/88e1e64e-stortinget-stortingssalen-300x200.jpg 300w, https:\/\/www.greenpeace.org\/static\/planet4-norway-stateless\/2025\/08\/88e1e64e-stortinget-stortingssalen-768x513.jpg 768w, https:\/\/www.greenpeace.org\/static\/planet4-norway-stateless\/2025\/08\/88e1e64e-stortinget-stortingssalen-510x340.jpg 510w\" sizes=\"auto, (max-width: 800px) 100vw, 800px\" data-image-size=\"post-thumbnail\" data-stateless-media-bucket=\"planet4-norway-stateless\" data-stateless-media-name=\"2025\/08\/88e1e64e-stortinget-stortingssalen.jpg\" \/><\/a><\/figure>\n\n\n<div class=\"wp-block-group is-layout-flow wp-block-group-is-layout-flow\">\n<div class=\"wp-block-group is-layout-flex wp-block-group-is-layout-flex\"><div class=\"wp-block-post-terms\"><a href=\"https:\/\/www.greenpeace.org\/norway\/kategori\/klimaendringer\/\">Klimaendringer<\/a><\/div>\n\n<div class=\"taxonomy-post_tag wp-block-post-terms\"><a href=\"https:\/\/www.greenpeace.org\/norway\/tag\/klimakrise\/\" rel=\"tag\">klimakrise<\/a><span class=\"wp-block-post-terms__separator\"> <\/span><a href=\"https:\/\/www.greenpeace.org\/norway\/tag\/naturkrise\/\" rel=\"tag\">naturkrise<\/a><span class=\"wp-block-post-terms__separator\"> <\/span><a href=\"https:\/\/www.greenpeace.org\/norway\/tag\/engasjer-deg\/\" rel=\"tag\">engasjerdeg<\/a><\/div><\/div>\n\n\n<h3 class=\"wp-block-post-title\"><a href=\"https:\/\/www.greenpeace.org\/norway\/nyheter\/klimaendringer\/hva-slags-regjering-kan-vi-fa-etter-valget-2025\/\" target=\"_self\" >Hva slags regjering kan vi f\u00e5 etter valget 2025?<\/a><\/h3>\n\n<div class=\"wp-block-post-excerpt\"><p class=\"wp-block-post-excerpt__excerpt\">Utfallet av valget 2025 vil v\u00e6re viktig for hva som skjer med natur og klima framover. Her er de mest sannsynlige regjeringsalternativene etter stortingsvalget. <\/p><\/div>\n\n\n<div class=\"wp-block-group posts-list-meta is-layout-flow wp-block-group-is-layout-flow\"><span class='article-list-item-author'><a href='https:\/\/www.greenpeace.org\/norway\/author\/thelling\/'>Tale Ellingv\u00e5g<\/a><\/span>\n\n<div class=\"wp-block-post-date\"><time datetime=\"2025-08-20T16:12:40+01:00\">20 august, 2025<\/time><\/div><\/div>\n<\/div>\n<\/div>\n\n<\/li><\/ul>\n\n\n<div class=\"wp-block-buttons carousel-controls is-horizontal is-content-justification-space-between is-nowrap is-layout-flex wp-container-core-buttons-is-layout-044bd602 wp-block-buttons-is-layout-flex\">\n<div class=\"wp-block-button carousel-control-prev\"><button type=\"button\" class=\"wp-block-button__link wp-element-button\">Prev<\/button><\/div>\n\n\n\n<div class=\"wp-block-button carousel-control-next\"><button type=\"button\" class=\"wp-block-button__link wp-element-button\">Next<\/button><\/div>\n<\/div>\n\n\n<li class=\" wp-block-navigation-item see-all-link wp-block-navigation-link\"><a class=\"wp-block-navigation-item__content\"  href=\"https:\/\/www.greenpeace.org\/norway\/senaste-nytt\/?tag=biologiskmangfold&#038;post-type=nyheter\"><span class=\"wp-block-navigation-item__label\">Les mer<\/span><\/a><\/li><\/div>\n\n\n\n<div class=\"wp-block-group alignfull block is-pattern-p4-deep-dive has-grey-100-background-color has-background is-layout-flow wp-block-group-is-layout-flow\">\n<div class=\"wp-block-group container is-layout-flow wp-block-group-is-layout-flow\">\n<div style=\"height:24px\" aria-hidden=\"true\" class=\"wp-block-spacer\"><\/div>\n\n\n\n<h2 class=\"wp-block-heading has-text-align-center\">L\u00e6r mer om sakene<\/h2>\n\n\n\n<div class=\"wp-block-columns is-layout-flex wp-container-core-columns-is-layout-9d6595d7 wp-block-columns-is-layout-flex\">\n<div class=\"wp-block-column is-layout-flow wp-block-column-is-layout-flow\">\n<div class=\"wp-block-group group-stretched-link is-layout-flow wp-block-group-is-layout-flow\">\n<figure class=\"wp-block-image aligncenter size-full is-resized force-no-lightbox force-no-caption is-style-rounded-180\"><img loading=\"lazy\" decoding=\"async\" width=\"800\" height=\"533\" src=\"https:\/\/www.greenpeace.org\/static\/planet4-norway-stateless\/2022\/12\/ba8bfa79-gp1suxj8_web_size.jpg\" alt=\"En hai blir dratt om bord p\u00e5 et fart\u00f8y som fisker etter tunfisk i det nordlige Indiahavet.\n\" class=\"wp-image-53265\" srcset=\"https:\/\/www.greenpeace.org\/static\/planet4-norway-stateless\/2022\/12\/ba8bfa79-gp1suxj8_web_size.jpg 800w, https:\/\/www.greenpeace.org\/static\/planet4-norway-stateless\/2022\/12\/ba8bfa79-gp1suxj8_web_size-300x200.jpg 300w, https:\/\/www.greenpeace.org\/static\/planet4-norway-stateless\/2022\/12\/ba8bfa79-gp1suxj8_web_size-768x512.jpg 768w, https:\/\/www.greenpeace.org\/static\/planet4-norway-stateless\/2022\/12\/ba8bfa79-gp1suxj8_web_size-510x340.jpg 510w\" sizes=\"auto, (max-width: 800px) 100vw, 800px\" \/><figcaption class=\"wp-element-caption\">A shark is hauled in as bycatch by crew onboard an Iranian flagged vessel fishing for tuna  in the Northern Indian Ocean.\n\nThese vessels often fish for tuna with 7 mile long gill nets, fishing with a gill net over 1.5 miles is illegal.\n\nGreenpeace is in the Northern Indian Ocean to bear witness to the destructive fishing practices of under documented fishing fleets which it is estimated cause the bycatch of 80-100,000 cetaceans per year.<\/figcaption><\/figure>\n\n\n\n<h5 class=\"wp-block-heading has-text-align-center is-style-chevron\" style=\"font-size:1rem\"><a href=\"https:\/\/www.greenpeace.org\/norway\/?page_id=52265\">Utrydningstruede arter<\/a><\/h5>\n\n\n\n<div style=\"height:16px\" aria-hidden=\"true\" class=\"wp-block-spacer\"><\/div>\n<\/div>\n<\/div>\n\n\n\n<div class=\"wp-block-column is-layout-flow wp-block-column-is-layout-flow\">\n<div class=\"wp-block-group group-stretched-link is-layout-flow wp-block-group-is-layout-flow\">\n<figure class=\"wp-block-image aligncenter size-large is-resized force-no-lightbox force-no-caption is-style-rounded-180\"><img loading=\"lazy\" decoding=\"async\" width=\"1024\" height=\"682\" src=\"https:\/\/www.greenpeace.org\/static\/planet4-norway-stateless\/2022\/02\/c6b4e184-gp039dd-1024x682.jpg\" title=\"Ulv i en skog i Finland.. Ulven er kritisk truet i Norge og st\u00e5r p\u00e5 den norske r\u00f8dlista. Foto: Markus Mauthe i Greenpeace\" alt=\"Ulv i skogen i Finland.\" class=\"wp-image-50049\" srcset=\"https:\/\/www.greenpeace.org\/static\/planet4-norway-stateless\/2022\/02\/c6b4e184-gp039dd-1024x682.jpg 1024w, https:\/\/www.greenpeace.org\/static\/planet4-norway-stateless\/2022\/02\/c6b4e184-gp039dd-300x200.jpg 300w, https:\/\/www.greenpeace.org\/static\/planet4-norway-stateless\/2022\/02\/c6b4e184-gp039dd-768x511.jpg 768w, https:\/\/www.greenpeace.org\/static\/planet4-norway-stateless\/2022\/02\/c6b4e184-gp039dd-510x340.jpg 510w, https:\/\/www.greenpeace.org\/static\/planet4-norway-stateless\/2022\/02\/c6b4e184-gp039dd.jpg 1200w\" sizes=\"auto, (max-width: 1024px) 100vw, 1024px\" \/><figcaption class=\"wp-element-caption\">Wold in a forest in Finland.<div class=\"credit icon-left\"> \u00a9 Markus Mauthe \/ Greenpeace<\/div><\/figcaption><\/figure>\n\n\n\n<h5 class=\"wp-block-heading has-text-align-center is-style-chevron\" style=\"font-size:1rem\"><a href=\"https:\/\/www.greenpeace.org\/norway\/?page_id=52268\">Rovdyr<\/a><\/h5>\n\n\n\n<div style=\"height:16px\" aria-hidden=\"true\" class=\"wp-block-spacer\"><\/div>\n<\/div>\n<\/div>\n\n\n\n<div class=\"wp-block-column is-layout-flow wp-block-column-is-layout-flow\">\n<div class=\"wp-block-group group-stretched-link is-layout-flow wp-block-group-is-layout-flow\">\n<figure class=\"wp-block-image aligncenter size-full is-resized force-no-lightbox force-no-caption is-style-rounded-180\"><img loading=\"lazy\" decoding=\"async\" width=\"800\" height=\"533\" src=\"https:\/\/www.greenpeace.org\/static\/planet4-norway-stateless\/2022\/12\/afd69f7b-gp1suz66_web_size.jpg\" title=\"En spermhval i Indiahavet.\" alt=\"En spermhval ved Saya de Malha-banken i Det indiske hav.\" class=\"wp-image-53269\" srcset=\"https:\/\/www.greenpeace.org\/static\/planet4-norway-stateless\/2022\/12\/afd69f7b-gp1suz66_web_size.jpg 800w, https:\/\/www.greenpeace.org\/static\/planet4-norway-stateless\/2022\/12\/afd69f7b-gp1suz66_web_size-300x200.jpg 300w, https:\/\/www.greenpeace.org\/static\/planet4-norway-stateless\/2022\/12\/afd69f7b-gp1suz66_web_size-768x512.jpg 768w, https:\/\/www.greenpeace.org\/static\/planet4-norway-stateless\/2022\/12\/afd69f7b-gp1suz66_web_size-510x340.jpg 510w\" sizes=\"auto, (max-width: 800px) 100vw, 800px\" \/><figcaption class=\"wp-element-caption\">A sperm whale dives on the edge of the Saya de Malha Bank in the Indian Ocean.\n\nThe Saya de Malha Bank is part of the Mascarene Plateau and located between Mauritius and Seychelles in the Indian Ocean. It is the largest seagrass meadow in the world and one of the biggest carbon sinks in the high seas. A team aboard the Greenpeace ship, Arctic Sunrise are on an expedition to the bank to contribute to a better understanding of the wildlife and diversity of the region and make the case for this area to be protected.<\/figcaption><\/figure>\n\n\n\n<h5 class=\"wp-block-heading has-text-align-center is-style-chevron\" style=\"font-size:1rem\"><a href=\"https:\/\/www.greenpeace.org\/norway\/?page_id=52272\">Hvaler<\/a><\/h5>\n\n\n\n<div style=\"height:16px\" aria-hidden=\"true\" class=\"wp-block-spacer\"><\/div>\n<\/div>\n<\/div>\n<\/div>\n<\/div>\n<\/div>\n\n\n\n<div class=\"wp-block-group alignfull block is-pattern-p4-quick-links has-white-background-color has-background is-layout-flow wp-block-group-is-layout-flow\">\n<div class=\"wp-block-group container is-layout-flow wp-block-group-is-layout-flow\">\n<div style=\"height:24px\" aria-hidden=\"true\" class=\"wp-block-spacer\"><\/div>\n\n\n\n<h4 class=\"wp-block-heading has-text-align-center\">Utforsk andre temaer<\/h4>\n\n\n\n<div style=\"height:20px\" aria-hidden=\"true\" class=\"wp-block-spacer\"><\/div>\n\n\n\n<div class=\"wp-block-columns is-not-stacked-on-mobile is-style-mobile-carousel is-layout-flex wp-container-core-columns-is-layout-9d6595d7 wp-block-columns-is-layout-flex\">\n<div class=\"wp-block-column is-layout-flow wp-block-column-is-layout-flow\">\n<div class=\"wp-block-group group-stretched-link is-layout-flow wp-block-group-is-layout-flow\">\n<figure class=\"wp-block-image aligncenter size-large is-resized is-style-rounded-90 force-no-lightbox force-no-caption mb-0\"><img loading=\"lazy\" decoding=\"async\" width=\"1024\" height=\"683\" src=\"https:\/\/www.greenpeace.org\/static\/planet4-norway-stateless\/2022\/02\/7db94982-gp0219n-1024x683.jpg\" title=\"Severe Drought in China. \u00a9 Lu Guang \/ Greenpeace\" alt=\"T\u00f8rke i Kina.\" class=\"wp-image-50290\" srcset=\"https:\/\/www.greenpeace.org\/static\/planet4-norway-stateless\/2022\/02\/7db94982-gp0219n-1024x683.jpg 1024w, https:\/\/www.greenpeace.org\/static\/planet4-norway-stateless\/2022\/02\/7db94982-gp0219n-300x200.jpg 300w, https:\/\/www.greenpeace.org\/static\/planet4-norway-stateless\/2022\/02\/7db94982-gp0219n-768x512.jpg 768w, https:\/\/www.greenpeace.org\/static\/planet4-norway-stateless\/2022\/02\/7db94982-gp0219n-510x340.jpg 510w, https:\/\/www.greenpeace.org\/static\/planet4-norway-stateless\/2022\/02\/7db94982-gp0219n.jpg 1200w\" sizes=\"auto, (max-width: 1024px) 100vw, 1024px\" \/><figcaption class=\"wp-element-caption\">Greenpeace staff asses the dry ground, cracked due to the severe drought in Maojiacun Reservoir, Huize County.<div class=\"credit icon-left\"> \u00a9 Lu Guang \/ Greenpeace<\/div><\/figcaption><\/figure>\n\n\n\n<div style=\"height:16px\" aria-hidden=\"true\" class=\"wp-block-spacer\"><\/div>\n\n\n\n<h5 class=\"wp-block-heading has-text-align-center\" style=\"font-size:1rem\"><a href=\"https:\/\/www.greenpeace.org\/norway\/?page_id=52135\">Klimaendringer<\/a><\/h5>\n<\/div>\n<\/div>\n\n\n\n<div class=\"wp-block-column is-layout-flow wp-block-column-is-layout-flow\">\n<div class=\"wp-block-group group-stretched-link is-layout-flow wp-block-group-is-layout-flow\">\n<figure class=\"wp-block-image aligncenter size-full is-resized is-style-rounded-90 force-no-lightbox force-no-caption mb-0\"><img loading=\"lazy\" decoding=\"async\" width=\"800\" height=\"451\" src=\"https:\/\/www.greenpeace.org\/static\/planet4-norway-stateless\/2022\/12\/8a748afb-gp1su99g_web_size.jpg\" alt=\"Gassfelt i Nordsj\u00f8en.\" class=\"wp-image-52663\" srcset=\"https:\/\/www.greenpeace.org\/static\/planet4-norway-stateless\/2022\/12\/8a748afb-gp1su99g_web_size.jpg 800w, https:\/\/www.greenpeace.org\/static\/planet4-norway-stateless\/2022\/12\/8a748afb-gp1su99g_web_size-300x169.jpg 300w, https:\/\/www.greenpeace.org\/static\/planet4-norway-stateless\/2022\/12\/8a748afb-gp1su99g_web_size-768x433.jpg 768w, https:\/\/www.greenpeace.org\/static\/planet4-norway-stateless\/2022\/12\/8a748afb-gp1su99g_web_size-510x288.jpg 510w\" sizes=\"auto, (max-width: 800px) 100vw, 800px\" \/><figcaption class=\"wp-element-caption\">The sun sets behind Total&#8217;s Culzean Platforms located in the Culzean Field. Culzean is a gas condensate field located in the British North Sea, 230 kilometres off the coast of Aberdeen.\nDie Sonne geht hinter den von Total betriebenen Culzean-Plattformen unter. Die Plattformen stehen im  Culzean Feld, einem Gaskondensatfeld in der britischen Nordsee, etwa 230 Kilometer vor der K\u00fcste von Aberdeen entfernt.<\/figcaption><\/figure>\n\n\n\n<div style=\"height:16px\" aria-hidden=\"true\" class=\"wp-block-spacer\"><\/div>\n\n\n\n<h5 class=\"wp-block-heading has-text-align-center\" style=\"font-size:1rem\"><a href=\"https:\/\/www.greenpeace.org\/norway\/?page_id=52153\">Energi<\/a><\/h5>\n<\/div>\n<\/div>\n\n\n\n<div class=\"wp-block-column is-layout-flow wp-block-column-is-layout-flow\">\n<div class=\"wp-block-group group-stretched-link is-layout-flow wp-block-group-is-layout-flow\">\n<figure class=\"wp-block-image aligncenter size-large is-resized is-style-rounded-90 force-no-lightbox force-no-caption mb-0\"><img loading=\"lazy\" decoding=\"async\" width=\"1024\" height=\"683\" src=\"https:\/\/www.greenpeace.org\/static\/planet4-norway-stateless\/2022\/02\/ebcd1dda-gp0stuglp-1024x683.jpg\" title=\"Kn\u00f8lhval utenfor Elephant Island i Antarktis. Foto: Abbie Trayler-Smith \/ Greenpeace\" alt=\"Hval utenfor Elefant\u00f8ya nordvest for Antarktishalv\u00f8ya.\" class=\"wp-image-50074\" srcset=\"https:\/\/www.greenpeace.org\/static\/planet4-norway-stateless\/2022\/02\/ebcd1dda-gp0stuglp-1024x683.jpg 1024w, https:\/\/www.greenpeace.org\/static\/planet4-norway-stateless\/2022\/02\/ebcd1dda-gp0stuglp-300x200.jpg 300w, https:\/\/www.greenpeace.org\/static\/planet4-norway-stateless\/2022\/02\/ebcd1dda-gp0stuglp-768x512.jpg 768w, https:\/\/www.greenpeace.org\/static\/planet4-norway-stateless\/2022\/02\/ebcd1dda-gp0stuglp-510x340.jpg 510w, https:\/\/www.greenpeace.org\/static\/planet4-norway-stateless\/2022\/02\/ebcd1dda-gp0stuglp.jpg 1200w\" sizes=\"auto, (max-width: 1024px) 100vw, 1024px\" \/><figcaption class=\"wp-element-caption\">Humpback Whales swim in the waters off Elephant Island.  Greenpeace is back in the Antarctic on the last stage of the Pole to Pole Expedition. We have teamed up with a group of scientists to investigate and document the impacts the climate crisis is already having in this area.\n\n*This picture was taken in 2020 during the Antarctic leg of the Pole to Pole expedition under the Dutch permit number RWS-2019\/40813.<\/figcaption><figcaption><div class=\"credit icon-left\"> \u00a9 Abbie Trayler-Smith \/ Greenpeace<\/div><\/figcaption><\/figure>\n\n\n\n<div style=\"height:16px\" aria-hidden=\"true\" class=\"wp-block-spacer\"><\/div>\n\n\n\n<h5 class=\"wp-block-heading has-text-align-center\" style=\"font-size:1rem\"><a href=\"https:\/\/www.greenpeace.org\/norway\/?page_id=52187\">Hav<\/a><\/h5>\n<\/div>\n<\/div>\n\n\n\n<div class=\"wp-block-column is-layout-flow wp-block-column-is-layout-flow\">\n<div class=\"wp-block-group group-stretched-link is-layout-flow wp-block-group-is-layout-flow\">\n<figure class=\"wp-block-image aligncenter size-large is-resized is-style-rounded-90 force-no-lightbox force-no-caption mb-0\"><img loading=\"lazy\" decoding=\"async\" width=\"1024\" height=\"684\" src=\"https:\/\/www.greenpeace.org\/static\/planet4-norway-stateless\/2019\/08\/aec0161e-forest4-1024x684.jpg\" alt=\"Avskoging p\u00e5 Karipuna-urfolkets territorium i Brasil.\" class=\"wp-image-1882\" srcset=\"https:\/\/www.greenpeace.org\/static\/planet4-norway-stateless\/2019\/08\/aec0161e-forest4-1024x684.jpg 1024w, https:\/\/www.greenpeace.org\/static\/planet4-norway-stateless\/2019\/08\/aec0161e-forest4-300x200.jpg 300w, https:\/\/www.greenpeace.org\/static\/planet4-norway-stateless\/2019\/08\/aec0161e-forest4-768x513.jpg 768w, https:\/\/www.greenpeace.org\/static\/planet4-norway-stateless\/2019\/08\/aec0161e-forest4-2046x1366.jpg 2046w, https:\/\/www.greenpeace.org\/static\/planet4-norway-stateless\/2019\/08\/aec0161e-forest4-510x340.jpg 510w\" sizes=\"auto, (max-width: 1024px) 100vw, 1024px\" \/><figcaption class=\"wp-element-caption\">The destruction of the rainforest is a huge threat to the existence of the Karipuna indigenous people, since the forest is a life giving force for the community.\nThe Karipuna Indigenous Land, located in the municipalities of Nova Mamor\u00e9 and Porto Velho, in Rond\u00f4nia state, has been rapidly destroyed by the ostensive invasion of loggers and grileiros (land grabbers). Although it was recognized as an Indigenous Land by Brazilian government in 1988, over 11,000 hectares of the Amazon forest have already been destroyed; 80% in the last three years alone. Even the sale of lots has been carried out by the invaders. The Karipuna are a indigenous people of recent contact with surrounding society, and were almost extinct in the 1970s. Currently, the Karipuna population totals 58 people.\nA destrui\u00e7\u00e3o da floresta \u00e9 uma enorme amea\u00e7a \u00e0 exist\u00eancia do povo Karipuna, j\u00e1 que a pr\u00f3pria floresta \u00e9 uma for\u00e7a vital para a comunidade.\nA Terra Ind\u00edgena Karipuna, localizada nos munic\u00edpios de Nova Mamor\u00e9 e Porto Velho (RO), vem sendo rapidamente destru\u00edda pela ostensiva invas\u00e3o de madeireiros e grileiros. Apesar de ter sido homologada pela Presid\u00eancia da Rep\u00fablica em 1988, mais de 11 mil hectares de floresta amaz\u00f4nica j\u00e1 foram destru\u00eddos, sendo 80% apenas nos \u00faltimos tr\u00eas anos. At\u00e9 mesmo a venda de lotes vem sendo realizada pelos invasores. Povo de recente contato com a sociedade envolvente, os Karipuna quase foram extintos na d\u00e9cada de 1970. Atualmente, a popula\u00e7\u00e3o Karipuna totaliza 58 pessoas.<\/figcaption><\/figure>\n\n\n\n<div style=\"height:16px\" aria-hidden=\"true\" class=\"wp-block-spacer\"><\/div>\n\n\n\n<h5 class=\"wp-block-heading has-text-align-center\" style=\"font-size:1rem\"><a href=\"https:\/\/www.greenpeace.org\/norway\/?page_id=52180\">Skog og landbruk<\/a><\/h5>\n<\/div>\n<\/div>\n\n\n\n<div class=\"wp-block-column is-layout-flow wp-block-column-is-layout-flow\">\n<div class=\"wp-block-group group-stretched-link is-layout-flow wp-block-group-is-layout-flow\">\n<figure class=\"wp-block-image aligncenter size-full is-resized is-style-rounded-90 force-no-lightbox force-no-caption mb-0\"><img loading=\"lazy\" decoding=\"async\" width=\"800\" height=\"533\" src=\"https:\/\/www.greenpeace.org\/static\/planet4-norway-stateless\/2022\/12\/1295bdeb-gp1swpkh_web_size.jpg\" alt=\"Plastavfall p\u00e5 Canggu-stranden p\u00e5 Bali.\" class=\"wp-image-52661\" srcset=\"https:\/\/www.greenpeace.org\/static\/planet4-norway-stateless\/2022\/12\/1295bdeb-gp1swpkh_web_size.jpg 800w, https:\/\/www.greenpeace.org\/static\/planet4-norway-stateless\/2022\/12\/1295bdeb-gp1swpkh_web_size-300x200.jpg 300w, https:\/\/www.greenpeace.org\/static\/planet4-norway-stateless\/2022\/12\/1295bdeb-gp1swpkh_web_size-768x512.jpg 768w, https:\/\/www.greenpeace.org\/static\/planet4-norway-stateless\/2022\/12\/1295bdeb-gp1swpkh_web_size-510x340.jpg 510w\" sizes=\"auto, (max-width: 800px) 100vw, 800px\" \/><figcaption class=\"wp-element-caption\">A tourist walks along a beach covered in piles of debris and plastic waste in Canggu, Bali, Indonesia.<\/figcaption><\/figure>\n\n\n\n<div style=\"height:16px\" aria-hidden=\"true\" class=\"wp-block-spacer\"><\/div>\n\n\n\n<h5 class=\"wp-block-heading has-text-align-center\" style=\"font-size:1rem\"><a href=\"https:\/\/www.greenpeace.org\/norway\/?page_id=52194\">Forbruk<\/a><\/h5>\n<\/div>\n<\/div>\n<\/div>\n<\/div>\n<\/div>\n<\/div>\n","protected":false},"excerpt":{"rendered":"<p>Insekter utgj\u00f8r omtrent halvparten av alle kjente dyre- og plantearter. Innsektene spiller en viktig rolle i de fleste \u00f8kosystemene.<\/p>\n","protected":false},"author":32,"featured_media":53669,"parent":52138,"menu_order":0,"comment_status":"closed","ping_status":"closed","template":"","meta":{"ep_exclude_from_search":false,"p4_hide_page_title_checkbox":"on","p4_title":"","p4_subtitle":"","p4_description":"","background_image_id":"","background_image":"","p4_button_title":"","p4_button_link":"","p4_button_link_checkbox":"","p4_og_title":"Insekter","p4_og_description":"Insekter utgj\u00f8r omtrent halvparten av alle kjente dyre- og plantearter. Innsektene spiller en viktig rolle i de fleste \u00f8kosystemene.","p4_og_image":"","p4_og_image_id":"","p4_seo_canonical_url":"","p4_campaign_name":"not set","p4_local_project":"not set","p4_basket_name":"not set","p4_department":"","footnotes":""},"categories":[31],"tags":[33],"class_list":["post-52270","page","type-page","status-publish","has-post-thumbnail","hentry","category-natur","tag-biologiskmangfold"],"_links":{"self":[{"href":"https:\/\/www.greenpeace.org\/norway\/wp-json\/wp\/v2\/pages\/52270","targetHints":{"allow":["GET"]}}],"collection":[{"href":"https:\/\/www.greenpeace.org\/norway\/wp-json\/wp\/v2\/pages"}],"about":[{"href":"https:\/\/www.greenpeace.org\/norway\/wp-json\/wp\/v2\/types\/page"}],"author":[{"embeddable":true,"href":"https:\/\/www.greenpeace.org\/norway\/wp-json\/wp\/v2\/users\/32"}],"replies":[{"embeddable":true,"href":"https:\/\/www.greenpeace.org\/norway\/wp-json\/wp\/v2\/comments?post=52270"}],"version-history":[{"count":20,"href":"https:\/\/www.greenpeace.org\/norway\/wp-json\/wp\/v2\/pages\/52270\/revisions"}],"predecessor-version":[{"id":66764,"href":"https:\/\/www.greenpeace.org\/norway\/wp-json\/wp\/v2\/pages\/52270\/revisions\/66764"}],"up":[{"embeddable":true,"href":"https:\/\/www.greenpeace.org\/norway\/wp-json\/wp\/v2\/pages\/52138"}],"wp:featuredmedia":[{"embeddable":true,"href":"https:\/\/www.greenpeace.org\/norway\/wp-json\/wp\/v2\/media\/53669"}],"wp:attachment":[{"href":"https:\/\/www.greenpeace.org\/norway\/wp-json\/wp\/v2\/media?parent=52270"}],"wp:term":[{"taxonomy":"category","embeddable":true,"href":"https:\/\/www.greenpeace.org\/norway\/wp-json\/wp\/v2\/categories?post=52270"},{"taxonomy":"post_tag","embeddable":true,"href":"https:\/\/www.greenpeace.org\/norway\/wp-json\/wp\/v2\/tags?post=52270"}],"curies":[{"name":"wp","href":"https:\/\/api.w.org\/{rel}","templated":true}]}}