{"id":52272,"date":"2022-12-07T09:15:28","date_gmt":"2022-12-07T08:15:28","guid":{"rendered":"https:\/\/www.greenpeace.org\/norway\/?page_id=52272"},"modified":"2026-04-08T09:55:13","modified_gmt":"2026-04-08T08:55:13","slug":"hvaler","status":"publish","type":"page","link":"https:\/\/www.greenpeace.org\/norway\/natur\/hvaler\/","title":{"rendered":"Hvaler"},"content":{"rendered":"\n<div class=\"wp-block-group is-pattern-p4-deep-dive-topic-pattern-layout is-layout-flow wp-block-group-is-layout-flow\">\n<div class=\"wp-block-group alignfull has-grey-100-background-color has-background is-layout-flow wp-block-group-is-layout-flow\" style=\"padding-top:56px;padding-bottom:56px\">\n<div class=\"wp-block-group container is-layout-flow wp-block-group-is-layout-flow\">\n<div class=\"wp-block-media-text alignfull has-media-on-the-right is-stacked-on-mobile is-pattern-p4-page-header is-style-parallax\"><div class=\"wp-block-media-text__content\">\n<div class=\"wp-block-group is-layout-flow wp-block-group-is-layout-flow\">\n<h1 class=\"wp-block-heading has-grey-100-background-color has-background\">Hvaler<\/h1>\n<\/div>\n\n\n\n<p style=\"font-size:1.25rem\">Hvaler er livsviktige for havenes \u00f8kosystemer og for \u00e5 dempe den globale oppvarmingen. Greenpeace er mot hvalfangst siden mange hvalarter er utrydningstruede. De fleste land har forbud mot hvalfangst, men Norge er et av f\u00e5 land som driver med hvalfangst.<\/p>\n\n\n\n<div class=\"wp-block-buttons is-layout-flex wp-block-buttons-is-layout-flex\">\n<div class=\"wp-block-button is-style-cta\"><a class=\"wp-block-button__link wp-element-button\" href=\"https:\/\/www.greenpeace.org\/norway\/vaer-med\/beskytt-havene\/\">Beskytt havet<\/a><\/div>\n<\/div>\n<\/div><figure class=\"wp-block-media-text__media\"><img loading=\"lazy\" decoding=\"async\" width=\"1024\" height=\"575\" src=\"https:\/\/www.greenpeace.org\/static\/planet4-norway-stateless\/2023\/01\/1e53177e-gp0stqv2j-1024x575.jpg\" alt=\"Whales in the Great Australian Bight.\" sizes=\"auto, (min-width: 601px) 50vw, 100vw\" srcset=\"https:\/\/www.greenpeace.org\/static\/planet4-norway-stateless\/2023\/01\/1e53177e-gp0stqv2j.jpg 1200w, https:\/\/www.greenpeace.org\/static\/planet4-norway-stateless\/2023\/01\/1e53177e-gp0stqv2j-300x169.jpg 300w, https:\/\/www.greenpeace.org\/static\/planet4-norway-stateless\/2023\/01\/1e53177e-gp0stqv2j-1024x575.jpg 1024w, https:\/\/www.greenpeace.org\/static\/planet4-norway-stateless\/2023\/01\/1e53177e-gp0stqv2j-768x431.jpg 768w, https:\/\/www.greenpeace.org\/static\/planet4-norway-stateless\/2023\/01\/1e53177e-gp0stqv2j-510x286.jpg 510w\" class=\"wp-image-53644 size-full\"\/><\/figure><\/div>\n<\/div>\n<\/div>\n\n\n\n<style>.wp-block-group.alignfull.has-background.is-layout-flow{padding:0!important;}<\/style>\n\n<div style=\"height:15px\" aria-hidden=\"true\" class=\"wp-block-spacer\"><\/div>\n\n<div class=\"wp-block-columns is-style-mobile-carousel secondary-menu is-layout-flex wp-container-core-columns-is-layout-9d6595d7 wp-block-columns-is-layout-flex\">\n<div class=\"wp-block-column is-layout-flow wp-block-column-is-layout-flow\" style=\"flex-basis:15%\"><\/div>\n\n\n\n<div class=\"wp-block-column brdr-bottom is-layout-flow wp-block-column-is-layout-flow\">\n<div class=\"wp-block-group is-style-reset-margin flex-wrap is-content-justification-center is-nowrap is-layout-flex wp-container-core-group-is-layout-499140ed wp-block-group-is-layout-flex\">\n<p class=\"has-text-align-center is-style-roboto-font-family nav-link\" style=\"font-size:16px\"><a href=\"#problemet\"><strong>Problemet<\/strong><\/a><\/p>\n\n\n\n<div style=\"height:30px;width:0px\" aria-hidden=\"true\" class=\"wp-block-spacer wp-container-content-728072c3\"><\/div>\n\n\n\n<p>\u2022<\/p>\n\n\n\n<div style=\"height:30px;width:0px\" aria-hidden=\"true\" class=\"wp-block-spacer wp-container-content-728072c3\"><\/div>\n\n\n\n<p class=\"has-text-align-center is-style-roboto-font-family nav-link\" style=\"font-size:16px\"><a href=\"#hva-vi-gjoer\"><strong>Hva vi gj\u00f8r<\/strong><\/a><\/p>\n\n\n\n<div style=\"height:30px;width:0px\" aria-hidden=\"true\" class=\"wp-block-spacer wp-container-content-728072c3\"><\/div>\n\n\n\n<p>\u2022<\/p>\n\n\n\n<div style=\"height:30px;width:0px\" aria-hidden=\"true\" class=\"wp-block-spacer wp-container-content-728072c3\"><\/div>\n\n\n\n<p class=\"has-text-align-center is-style-roboto-font-family nav-link\" style=\"font-size:16px\"><a href=\"#hva-du-kan-gjoere\"><strong>Hva du kan gj\u00f8re<\/strong><\/a><\/p>\n\n\n\n<div style=\"height:30px;width:0px\" aria-hidden=\"true\" class=\"wp-block-spacer wp-container-content-728072c3\"><\/div>\n\n\n\n<p>\u2022<\/p>\n\n\n\n<div style=\"height:30px;width:0px\" aria-hidden=\"true\" class=\"wp-block-spacer wp-container-content-728072c3\"><\/div>\n\n\n\n<p class=\"is-style-roboto-font-family nav-link\" style=\"font-size:16px\"><a href=\"#nyheter\"><strong>Nyheter<\/strong><\/a><\/p>\n\n\n\n<div style=\"height:30px;width:0px\" aria-hidden=\"true\" class=\"wp-block-spacer wp-container-content-728072c3\"><\/div>\n<\/div>\n<\/div>\n\n\n\n<div class=\"wp-block-column is-layout-flow wp-block-column-is-layout-flow\" style=\"flex-basis:15%\"><\/div>\n<\/div>\n\n\n\n<div style=\"height:64px\" aria-hidden=\"true\" class=\"wp-block-spacer\"><\/div>\n\n\n\n<div class=\"wp-block-media-text alignwide is-stacked-on-mobile block is-style-parallax my-0 py-0\"><figure class=\"wp-block-media-text__media\"><img loading=\"lazy\" decoding=\"async\" width=\"1024\" height=\"683\" src=\"https:\/\/www.greenpeace.org\/static\/planet4-norway-stateless\/2023\/01\/d5b95780-gp0stuji7-1024x683.jpg\" alt=\"Humpback Whales In Antarctica.\" sizes=\"auto, (min-width: 1600px) calc((1320px - 24px) \/ 2),(min-width: 1200px) calc((1140px - 24px) \/ 2),(min-width: 992px) calc((960px - 24px) \/ 2),(min-width: 768px) calc((720px - 24px) \/ 2),(min-width: 601px) calc((540px - 24px) \/ 2),(min-width: 577px) calc((540px - 24px) \/ 1), calc(100vw - 24px)\" srcset=\"https:\/\/www.greenpeace.org\/static\/planet4-norway-stateless\/2023\/01\/d5b95780-gp0stuji7.jpg 1200w, https:\/\/www.greenpeace.org\/static\/planet4-norway-stateless\/2023\/01\/d5b95780-gp0stuji7-300x200.jpg 300w, https:\/\/www.greenpeace.org\/static\/planet4-norway-stateless\/2023\/01\/d5b95780-gp0stuji7-1024x683.jpg 1024w, https:\/\/www.greenpeace.org\/static\/planet4-norway-stateless\/2023\/01\/d5b95780-gp0stuji7-768x512.jpg 768w, https:\/\/www.greenpeace.org\/static\/planet4-norway-stateless\/2023\/01\/d5b95780-gp0stuji7-510x340.jpg 510w\" class=\"wp-image-53645 size-full\"\/><\/figure><div class=\"wp-block-media-text__content\">\n<div style=\"height:10px\" aria-hidden=\"true\" id=\"problemet\" class=\"wp-block-spacer\"><\/div>\n\n\n\n<h2 class=\"wp-block-heading\">Problemet med hvalfangst<\/h2>\n\n\n\n<p>En storstilt og uregulert jakt p\u00e5 verdens hvaler gjennom 1800- og 1900-tallet f\u00f8rte til at de fleste av hvalartene stod i fare for \u00e5 utryddes. Norge var en stor akt\u00f8r for utryddelse av hval i S\u00f8rishavet.<\/p>\n\n\n\n<p>Verdens land gikk i 1983 sammen om et moratorium med totalforbud mot kommersiell hvalfangst. Norge, Island og Japan reserverte seg mot vedtaket. Selv om bestandene har tatt seg opp de siste ti\u00e5rene, er fortsatt mange av artene s\u00e5rbare og truet av \u00e5 d\u00f8 ut.<\/p>\n\n\n\n<div class=\"wp-block-buttons is-layout-flex wp-block-buttons-is-layout-flex\"><\/div>\n\n\n\n<div style=\"height:10px\" aria-hidden=\"true\" class=\"wp-block-spacer\"><\/div>\n<\/div><\/div>\n\n\n\n<div class=\"wp-block-media-text alignwide has-media-on-the-right is-stacked-on-mobile block is-style-parallax my-0 py-0\"><div class=\"wp-block-media-text__content\">\n<div style=\"height:10px\" aria-hidden=\"true\" id=\"hva-vi-gjoer\" class=\"wp-block-spacer\"><\/div>\n\n\n\n<h2 class=\"wp-block-heading\">Hva vi gj\u00f8r med hvalfangst<\/h2>\n\n\n\n<p>P\u00e5 90-tallet var Greenpeace i Norge mest kjent for hvalfangstmotstand. Vi har ingen aktiv kampanje mot hvalfangst i Norge i dag, ettersom dagens fangst ikke utgj\u00f8r en akutt trussel mot v\u00e5gehvalbestanden. Men vi jobber aktivt for \u00e5 verne hav og ta vare p\u00e5 mangfoldet av marine arter. Dette styrker ogs\u00e5 levevilk\u00e5rene for hval.<\/p>\n\n\n\n<div class=\"wp-block-buttons is-layout-flex wp-block-buttons-is-layout-flex\"><\/div>\n\n\n\n<div style=\"height:10px\" aria-hidden=\"true\" class=\"wp-block-spacer\"><\/div>\n<\/div><figure class=\"wp-block-media-text__media\"><img loading=\"lazy\" decoding=\"async\" width=\"1024\" height=\"683\" src=\"https:\/\/www.greenpeace.org\/static\/planet4-norway-stateless\/2023\/01\/7efff26e-gp0stu54z-1024x683.jpg\" alt=\"Sand Whale at Haeundae Beach in Busan, S. Korea.\" sizes=\"auto, (min-width: 1600px) calc((1320px - 24px) \/ 2),(min-width: 1200px) calc((1140px - 24px) \/ 2),(min-width: 992px) calc((960px - 24px) \/ 2),(min-width: 768px) calc((720px - 24px) \/ 2),(min-width: 601px) calc((540px - 24px) \/ 2),(min-width: 577px) calc((540px - 24px) \/ 1), calc(100vw - 24px)\" srcset=\"https:\/\/www.greenpeace.org\/static\/planet4-norway-stateless\/2023\/01\/7efff26e-gp0stu54z.jpg 1200w, https:\/\/www.greenpeace.org\/static\/planet4-norway-stateless\/2023\/01\/7efff26e-gp0stu54z-300x200.jpg 300w, https:\/\/www.greenpeace.org\/static\/planet4-norway-stateless\/2023\/01\/7efff26e-gp0stu54z-1024x683.jpg 1024w, https:\/\/www.greenpeace.org\/static\/planet4-norway-stateless\/2023\/01\/7efff26e-gp0stu54z-768x512.jpg 768w, https:\/\/www.greenpeace.org\/static\/planet4-norway-stateless\/2023\/01\/7efff26e-gp0stu54z-510x340.jpg 510w\" class=\"wp-image-53646 size-full\"\/><\/figure><\/div>\n\n\n\n<div style=\"height:50px\" aria-hidden=\"true\" id=\"hva-du-kan-gjoere\" class=\"wp-block-spacer\"><\/div>\n\n\n\n<div class=\"wp-block-query mb-0 actions-list p4-query-loop is-custom-layout-carousel is-layout-flex wp-block-query-is-layout-flex\">\n<h2 class=\"wp-block-heading\">Hva du kan gj\u00f8re med hvalfangst<\/h2>\n\n\n\n<p style=\"margin-top:24px;margin-bottom:32px\">Du kan aktivt avst\u00e5 fra \u00e5 st\u00f8tte hvalfangstindustrien. Bruk makten din som forbruker \u2013 kontakt selskaper og krev at de forbedrer seg.<br><br>Engasjer deg for havet sammen med oss i Greenpeace:<\/p>\n\n\n\n\n<ul class=\"wp-block-post-template is-layout-flow wp-block-post-template-is-layout-flow\"><li class=\"wp-block-post post-59494 page type-page status-publish has-post-thumbnail hentry category-hav tag-beskytthavet\">\n<figure class=\"wp-block-post-featured-image\"><img loading=\"lazy\" decoding=\"async\" width=\"2500\" height=\"1646\" src=\"https:\/\/www.greenpeace.org\/static\/planet4-norway-stateless\/2024\/03\/8036e0af-gp0f24_pressmedia.webp\" class=\"attachment-post-thumbnail size-post-thumbnail wp-post-image wp-stateless-item\" alt=\"Galapagos Islands coastline.\" style=\"object-fit:cover;\" srcset=\"https:\/\/www.greenpeace.org\/static\/planet4-norway-stateless\/2024\/03\/8036e0af-gp0f24_pressmedia.webp 2500w, https:\/\/www.greenpeace.org\/static\/planet4-norway-stateless\/2024\/03\/8036e0af-gp0f24_pressmedia-300x198.webp 300w, https:\/\/www.greenpeace.org\/static\/planet4-norway-stateless\/2024\/03\/8036e0af-gp0f24_pressmedia-1024x674.webp 1024w, https:\/\/www.greenpeace.org\/static\/planet4-norway-stateless\/2024\/03\/8036e0af-gp0f24_pressmedia-768x506.webp 768w, https:\/\/www.greenpeace.org\/static\/planet4-norway-stateless\/2024\/03\/8036e0af-gp0f24_pressmedia-1536x1011.webp 1536w, https:\/\/www.greenpeace.org\/static\/planet4-norway-stateless\/2024\/03\/8036e0af-gp0f24_pressmedia-2048x1348.webp 2048w, https:\/\/www.greenpeace.org\/static\/planet4-norway-stateless\/2024\/03\/8036e0af-gp0f24_pressmedia-510x336.webp 510w\" sizes=\"auto, (max-width: 2500px) 100vw, 2500px\" data-image-size=\"post-thumbnail\" data-stateless-media-bucket=\"planet4-norway-stateless\" data-stateless-media-name=\"2024\/03\/8036e0af-gp0f24_pressmedia.webp\" \/><\/figure>\n\n\n                <div class=\"wp-block-group group-stretched-link is-layout-flow wp-block-group-is-layout-flow\"><div class=\"wp-block-post-terms\">Hav<\/div>\n                <h3 class=\"wp-block-post-title\"><a href=\"https:\/\/www.greenpeace.org\/norway\/vaer-med\/signer-for-beskyttelse-av-verdenshavene\/\" target=\"_self\" >Signer for beskyttelse av verdenshavene<\/a><\/h3>\n                <div class=\"wp-block-post-excerpt\"><p class=\"wp-block-post-excerpt__excerpt\">Bli med p\u00e5 Greenpeaces skipsekspedisjon til unike undervannsverdener som trenger umiddelbar beskyttelse. Bidra til \u00e5 bevare s\u00e5rbare undersj\u00f8iske omr\u00e5der og verdifulle \u00f8kosystemer. Sammen kan vi ta avtalen fra ord til handling og sikre et sunnere hav for fremtidige generasjoner. <\/p><\/div><\/div>\n                \n\n\n<div class=\"wp-block-group read-more-nav is-layout-flow wp-block-group-is-layout-flow\"><a href=\"https:\/\/www.greenpeace.org\/norway\/vaer-med\/signer-for-beskyttelse-av-verdenshavene\/\" class=\"btn btn-primary btn-small\" aria-label=\"V\u00e6r med\">V\u00e6r med<\/a><\/div>\n\n<\/li><li class=\"wp-block-post post-55344 page type-page status-publish has-post-thumbnail hentry category-hav tag-havindustri tag-gruvedrift tag-beskytthavet\">\n<figure class=\"wp-block-post-featured-image\"><img loading=\"lazy\" decoding=\"async\" width=\"702\" height=\"411\" src=\"https:\/\/www.greenpeace.org\/static\/planet4-norway-stateless\/2023\/04\/bc83db8c-bilde1.jpg\" class=\"attachment-post-thumbnail size-post-thumbnail wp-post-image wp-stateless-item\" alt=\"\" style=\"object-fit:cover;\" srcset=\"https:\/\/www.greenpeace.org\/static\/planet4-norway-stateless\/2023\/04\/bc83db8c-bilde1.jpg 702w, https:\/\/www.greenpeace.org\/static\/planet4-norway-stateless\/2023\/04\/bc83db8c-bilde1-300x176.jpg 300w, https:\/\/www.greenpeace.org\/static\/planet4-norway-stateless\/2023\/04\/bc83db8c-bilde1-510x299.jpg 510w\" sizes=\"auto, (max-width: 702px) 100vw, 702px\" data-image-size=\"post-thumbnail\" data-stateless-media-bucket=\"planet4-norway-stateless\" data-stateless-media-name=\"2023\/04\/bc83db8c-bilde1.jpg\" \/><\/figure>\n\n\n                <div class=\"wp-block-group group-stretched-link is-layout-flow wp-block-group-is-layout-flow\"><div class=\"wp-block-post-terms\">Hav<\/div>\n                <h3 class=\"wp-block-post-title\"><a href=\"https:\/\/www.greenpeace.org\/norway\/vaer-med\/stopp-gruvedrift-pa-havbunnen\/\" target=\"_self\" >Signer: Stopp gruvedrift p\u00e5 havbunnen<\/a><\/h3>\n                <div class=\"wp-block-post-excerpt\"><p class=\"wp-block-post-excerpt__excerpt\">Vi m\u00e5 stoppe gruvedrift p\u00e5 havbunnen. Vi er allerede flere hundre tusen mennesker som st\u00e5r sammen mot den nye skadelige industrien. Bli med, signer oppropet. <\/p><\/div><\/div>\n                \n\n\n<div class=\"wp-block-group read-more-nav is-layout-flow wp-block-group-is-layout-flow\"><a href=\"https:\/\/www.greenpeace.org\/norway\/vaer-med\/stopp-gruvedrift-pa-havbunnen\/\" class=\"btn btn-primary btn-small\" aria-label=\"V\u00e6r med\">V\u00e6r med<\/a><\/div>\n\n<\/li><li class=\"wp-block-post post-56627 page type-page status-publish has-post-thumbnail hentry category-energi category-forbruk category-greenpeace category-hav category-klimaendringer category-natur category-skog-og-landbruk tag-stott-oss\">\n<figure class=\"wp-block-post-featured-image\"><img loading=\"lazy\" decoding=\"async\" width=\"800\" height=\"535\" src=\"https:\/\/www.greenpeace.org\/static\/planet4-norway-stateless\/2020\/08\/3dc7a17c-gp034ks_web_size.jpg\" class=\"attachment-post-thumbnail size-post-thumbnail wp-post-image wp-stateless-item\" alt=\"\" style=\"object-fit:cover;\" srcset=\"https:\/\/www.greenpeace.org\/static\/planet4-norway-stateless\/2020\/08\/3dc7a17c-gp034ks_web_size.jpg 800w, https:\/\/www.greenpeace.org\/static\/planet4-norway-stateless\/2020\/08\/3dc7a17c-gp034ks_web_size-300x201.jpg 300w, https:\/\/www.greenpeace.org\/static\/planet4-norway-stateless\/2020\/08\/3dc7a17c-gp034ks_web_size-768x514.jpg 768w, https:\/\/www.greenpeace.org\/static\/planet4-norway-stateless\/2020\/08\/3dc7a17c-gp034ks_web_size-508x340.jpg 508w\" sizes=\"auto, (max-width: 800px) 100vw, 800px\" data-image-size=\"post-thumbnail\" data-stateless-media-bucket=\"planet4-norway-stateless\" data-stateless-media-name=\"2020\/08\/3dc7a17c-gp034ks_web_size.jpg\" \/><\/figure>\n\n\n                <div class=\"wp-block-group group-stretched-link is-layout-flow wp-block-group-is-layout-flow\"><div class=\"wp-block-post-terms\">Energi<\/div>\n                <h3 class=\"wp-block-post-title\"><a href=\"https:\/\/www.greenpeace.org\/norway\/vaer-med\/gi-engangsbidrag\/\" target=\"_self\" >Gi engangsbidrag<\/a><\/h3>\n                <div class=\"wp-block-post-excerpt\"><p class=\"wp-block-post-excerpt__excerpt\">Du kan gi et engangsbidrag med kredittkort eller Vipps her eller overf\u00f8re til konto 1594 0884559. <\/p><\/div><\/div>\n                \n\n\n<div class=\"wp-block-group read-more-nav is-layout-flow wp-block-group-is-layout-flow\"><a href=\"https:\/\/www.greenpeace.org\/norway\/vaer-med\/gi-engangsbidrag\/\" class=\"btn btn-primary btn-small\" aria-label=\"V\u00e6r med\">V\u00e6r med<\/a><\/div>\n\n<\/li><li class=\"wp-block-post post-56625 page type-page status-publish has-post-thumbnail hentry category-energi category-forbruk category-greenpeace category-hav category-klimaendringer category-natur category-skog-og-landbruk tag-stott-oss\">\n<figure class=\"wp-block-post-featured-image\"><img loading=\"lazy\" decoding=\"async\" width=\"800\" height=\"533\" src=\"https:\/\/www.greenpeace.org\/static\/planet4-norway-stateless\/2023\/03\/416adc9b-gp0sttq8m_web_size.jpg\" class=\"attachment-post-thumbnail size-post-thumbnail wp-post-image wp-stateless-item\" alt=\"\" style=\"object-fit:cover;\" srcset=\"https:\/\/www.greenpeace.org\/static\/planet4-norway-stateless\/2023\/03\/416adc9b-gp0sttq8m_web_size.jpg 800w, https:\/\/www.greenpeace.org\/static\/planet4-norway-stateless\/2023\/03\/416adc9b-gp0sttq8m_web_size-300x200.jpg 300w, https:\/\/www.greenpeace.org\/static\/planet4-norway-stateless\/2023\/03\/416adc9b-gp0sttq8m_web_size-768x512.jpg 768w, https:\/\/www.greenpeace.org\/static\/planet4-norway-stateless\/2023\/03\/416adc9b-gp0sttq8m_web_size-510x340.jpg 510w\" sizes=\"auto, (max-width: 800px) 100vw, 800px\" data-image-size=\"post-thumbnail\" data-stateless-media-bucket=\"planet4-norway-stateless\" data-stateless-media-name=\"2023\/03\/416adc9b-gp0sttq8m_web_size.jpg\" \/><\/figure>\n\n\n                <div class=\"wp-block-group group-stretched-link is-layout-flow wp-block-group-is-layout-flow\"><div class=\"wp-block-post-terms\">Energi<\/div>\n                <h3 class=\"wp-block-post-title\"><a href=\"https:\/\/www.greenpeace.org\/norway\/vaer-med\/bli-manedlig-giver\/\" target=\"_self\" >Bli m\u00e5nedlig giver<\/a><\/h3>\n                <div class=\"wp-block-post-excerpt\"><p class=\"wp-block-post-excerpt__excerpt\">Du kan gi m\u00e5nedlige bidrag gjennom Vipps eller Avtalegiro. St\u00e5 sammen med oss for \u00e5 beskytte verdens klima og milj\u00f8, hav og skoger \u2013 bli med som m\u00e5nedlig giver i dag! <\/p><\/div><\/div>\n                \n\n\n<div class=\"wp-block-group read-more-nav is-layout-flow wp-block-group-is-layout-flow\"><a href=\"https:\/\/www.greenpeace.org\/norway\/vaer-med\/bli-manedlig-giver\/\" class=\"btn btn-primary btn-small\" aria-label=\"V\u00e6r med\">V\u00e6r med<\/a><\/div>\n\n<\/li><\/ul>\n\n\n<div class=\"wp-block-buttons carousel-controls is-horizontal is-content-justification-space-between is-nowrap is-layout-flex wp-container-core-buttons-is-layout-044bd602 wp-block-buttons-is-layout-flex\">\n<div class=\"wp-block-button carousel-control-prev\"><button type=\"button\" class=\"wp-block-button__link wp-element-button\">Prev<\/button><\/div>\n\n\n\n<div class=\"wp-block-button carousel-control-next\"><button type=\"button\" class=\"wp-block-button__link wp-element-button\">Next<\/button><\/div>\n<\/div>\n\n\n\n<div class=\"wp-block-buttons load-more-actions-container is-content-justification-center is-layout-flex wp-container-core-buttons-is-layout-16018d1d wp-block-buttons-is-layout-flex\">\n<div class=\"wp-block-button is-style-secondary\"><button type=\"button\" class=\"wp-block-button__link wp-element-button\">Load more<\/button><\/div>\n<\/div>\n<\/div>\n\n\n\n<div style=\"height:10px\" aria-hidden=\"true\" id=\"nyheter\" class=\"wp-block-spacer\"><\/div>\n\n\n\n<div class=\"wp-block-query posts-list p4-query-loop is-custom-layout-list is-layout-flow wp-block-query-is-layout-flow\">\n<div class=\"wp-block-group is-content-justification-space-between is-layout-flex wp-container-core-group-is-layout-3d213aab wp-block-group-is-layout-flex\">\n<h2 class=\"wp-block-heading\">Nyheter om hvalfangst<\/h2>\n<\/div>\n\n\n\n<p style=\"margin-top:24px;margin-bottom:36px\"><\/p>\n\n\n\n\n<ul class=\"wp-block-post-template is-layout-flow wp-block-post-template-is-layout-flow\"><li class=\"wp-block-post post-61063 post type-post status-publish format-standard has-post-thumbnail hentry category-hav tag-arktis tag-dyr tag-gruvedrift tag-hvalfangst p4-page-type-fakta\">\n\n<div class=\"wp-block-columns is-layout-flex wp-container-core-columns-is-layout-9d6595d7 wp-block-columns-is-layout-flex\"><figure class=\"wp-block-post-featured-image\"><a href=\"https:\/\/www.greenpeace.org\/norway\/fakta\/hav\/dyr-i-arktis-som-kan-trues-av-gruvedrift-pa-havbunnen\/\" target=\"_self\"  ><img loading=\"lazy\" decoding=\"async\" width=\"2560\" height=\"1171\" src=\"https:\/\/www.greenpeace.org\/static\/planet4-norway-stateless\/2024\/08\/9de49561-nebbhval_hyperoodon-ampullatus_fotowhitehead-lab_00126492-scaled.jpeg\" class=\"attachment-post-thumbnail size-post-thumbnail wp-post-image wp-stateless-item\" alt=\"Dyr i Arktis som kan trues av gruvedrift p\u00e5 havbunnen\" style=\"object-fit:cover;\" srcset=\"https:\/\/www.greenpeace.org\/static\/planet4-norway-stateless\/2024\/08\/9de49561-nebbhval_hyperoodon-ampullatus_fotowhitehead-lab_00126492-scaled.jpeg 2560w, https:\/\/www.greenpeace.org\/static\/planet4-norway-stateless\/2024\/08\/9de49561-nebbhval_hyperoodon-ampullatus_fotowhitehead-lab_00126492-300x137.jpeg 300w, https:\/\/www.greenpeace.org\/static\/planet4-norway-stateless\/2024\/08\/9de49561-nebbhval_hyperoodon-ampullatus_fotowhitehead-lab_00126492-1024x468.jpeg 1024w, https:\/\/www.greenpeace.org\/static\/planet4-norway-stateless\/2024\/08\/9de49561-nebbhval_hyperoodon-ampullatus_fotowhitehead-lab_00126492-768x351.jpeg 768w, https:\/\/www.greenpeace.org\/static\/planet4-norway-stateless\/2024\/08\/9de49561-nebbhval_hyperoodon-ampullatus_fotowhitehead-lab_00126492-1536x703.jpeg 1536w, https:\/\/www.greenpeace.org\/static\/planet4-norway-stateless\/2024\/08\/9de49561-nebbhval_hyperoodon-ampullatus_fotowhitehead-lab_00126492-2048x937.jpeg 2048w, https:\/\/www.greenpeace.org\/static\/planet4-norway-stateless\/2024\/08\/9de49561-nebbhval_hyperoodon-ampullatus_fotowhitehead-lab_00126492-510x233.jpeg 510w\" sizes=\"auto, (max-width: 2560px) 100vw, 2560px\" data-image-size=\"post-thumbnail\" data-stateless-media-bucket=\"planet4-norway-stateless\" data-stateless-media-name=\"2024\/08\/9de49561-nebbhval_hyperoodon-ampullatus_fotowhitehead-lab_00126492-scaled.jpeg\" \/><\/a><\/figure>\n\n\n<div class=\"wp-block-group is-layout-flow wp-block-group-is-layout-flow\">\n<div class=\"wp-block-group is-layout-flex wp-block-group-is-layout-flex\"><div class=\"wp-block-post-terms\"><a href=\"https:\/\/www.greenpeace.org\/norway\/kategori\/hav\/\">Hav<\/a><\/div>\n\n<div class=\"taxonomy-post_tag wp-block-post-terms\"><a href=\"https:\/\/www.greenpeace.org\/norway\/tag\/arktis\/\" rel=\"tag\">arktis<\/a><span class=\"wp-block-post-terms__separator\"> <\/span><a href=\"https:\/\/www.greenpeace.org\/norway\/tag\/dyr\/\" rel=\"tag\">dyr<\/a><span class=\"wp-block-post-terms__separator\"> <\/span><a href=\"https:\/\/www.greenpeace.org\/norway\/tag\/gruvedrift\/\" rel=\"tag\">gruvedrift<\/a><span class=\"wp-block-post-terms__separator\"> <\/span><a href=\"https:\/\/www.greenpeace.org\/norway\/tag\/hvalfangst\/\" rel=\"tag\">hvalfangst<\/a><\/div><\/div>\n\n\n<h3 class=\"wp-block-post-title\"><a href=\"https:\/\/www.greenpeace.org\/norway\/fakta\/hav\/dyr-i-arktis-som-kan-trues-av-gruvedrift-pa-havbunnen\/\" target=\"_self\" >Dyr i Arktis som kan trues av gruvedrift p\u00e5 havbunnen<\/a><\/h3>\n\n<div class=\"wp-block-post-excerpt\"><p class=\"wp-block-post-excerpt__excerpt\">I Arktis lever mange flotte og unike dyr. Her er fem fascinerende arter som kan bli p\u00e5virket av gruvedrift, eller mineralutvinning, p\u00e5 havbunnen i Arktis. <\/p><\/div>\n\n\n<div class=\"wp-block-group posts-list-meta is-layout-flow wp-block-group-is-layout-flow\"><span class='article-list-item-author'><a href='https:\/\/www.greenpeace.org\/norway\/author\/hjalborg\/'>Hanne Jalborg<\/a><\/span>\n\n<div class=\"wp-block-post-date\"><time datetime=\"2024-08-15T12:43:40+01:00\">15 august, 2024<\/time><\/div><\/div>\n<\/div>\n<\/div>\n\n<\/li><li class=\"wp-block-post post-50070 post type-post status-publish format-standard has-post-thumbnail hentry category-hav tag-biologiskmangfold tag-beskytthavet tag-hvalfangst tag-dyr tag-naturkrise p4-page-type-fakta\">\n\n<div class=\"wp-block-columns is-layout-flex wp-container-core-columns-is-layout-9d6595d7 wp-block-columns-is-layout-flex\"><figure class=\"wp-block-post-featured-image\"><a href=\"https:\/\/www.greenpeace.org\/norway\/fakta\/hav\/hvor-mye-vet-du-om-hvaler\/\" target=\"_self\"  ><img loading=\"lazy\" decoding=\"async\" width=\"1200\" height=\"707\" src=\"https:\/\/www.greenpeace.org\/static\/planet4-norway-stateless\/2022\/02\/73941fb7-gp1sub18.jpg\" class=\"attachment-post-thumbnail size-post-thumbnail wp-post-image wp-stateless-item\" alt=\"Hvor mye vet du om hvaler?\" style=\"object-fit:cover;\" srcset=\"https:\/\/www.greenpeace.org\/static\/planet4-norway-stateless\/2022\/02\/73941fb7-gp1sub18.jpg 1200w, https:\/\/www.greenpeace.org\/static\/planet4-norway-stateless\/2022\/02\/73941fb7-gp1sub18-300x177.jpg 300w, https:\/\/www.greenpeace.org\/static\/planet4-norway-stateless\/2022\/02\/73941fb7-gp1sub18-1024x603.jpg 1024w, https:\/\/www.greenpeace.org\/static\/planet4-norway-stateless\/2022\/02\/73941fb7-gp1sub18-768x452.jpg 768w, https:\/\/www.greenpeace.org\/static\/planet4-norway-stateless\/2022\/02\/73941fb7-gp1sub18-510x300.jpg 510w\" sizes=\"auto, (max-width: 1200px) 100vw, 1200px\" data-image-size=\"post-thumbnail\" data-stateless-media-bucket=\"planet4-norway-stateless\" data-stateless-media-name=\"2022\/02\/73941fb7-gp1sub18.jpg\" \/><\/a><\/figure>\n\n\n<div class=\"wp-block-group is-layout-flow wp-block-group-is-layout-flow\">\n<div class=\"wp-block-group is-layout-flex wp-block-group-is-layout-flex\"><div class=\"wp-block-post-terms\"><a href=\"https:\/\/www.greenpeace.org\/norway\/kategori\/hav\/\">Hav<\/a><\/div>\n\n<div class=\"taxonomy-post_tag wp-block-post-terms\"><a href=\"https:\/\/www.greenpeace.org\/norway\/tag\/biologiskmangfold\/\" rel=\"tag\">biologiskmangfold<\/a><span class=\"wp-block-post-terms__separator\"> <\/span><a href=\"https:\/\/www.greenpeace.org\/norway\/tag\/beskytthavet\/\" rel=\"tag\">beskytthavet<\/a><span class=\"wp-block-post-terms__separator\"> <\/span><a href=\"https:\/\/www.greenpeace.org\/norway\/tag\/hvalfangst\/\" rel=\"tag\">hvalfangst<\/a><span class=\"wp-block-post-terms__separator\"> <\/span><a href=\"https:\/\/www.greenpeace.org\/norway\/tag\/dyr\/\" rel=\"tag\">dyr<\/a><span class=\"wp-block-post-terms__separator\"> <\/span><a href=\"https:\/\/www.greenpeace.org\/norway\/tag\/naturkrise\/\" rel=\"tag\">naturkrise<\/a><\/div><\/div>\n\n\n<h3 class=\"wp-block-post-title\"><a href=\"https:\/\/www.greenpeace.org\/norway\/fakta\/hav\/hvor-mye-vet-du-om-hvaler\/\" target=\"_self\" >Hvor mye vet du om hvaler?<\/a><\/h3>\n\n<div class=\"wp-block-post-excerpt\"><p class=\"wp-block-post-excerpt__excerpt\">Hvaler er enest\u00e5ende skapninger med skjulte egenskaper og talenter. Her er 11 fantastiske fakta om hvaler som viser hvor avgj\u00f8rende de er for verdenshavene. <\/p><\/div>\n\n\n<div class=\"wp-block-group posts-list-meta is-layout-flow wp-block-group-is-layout-flow\"><span class='article-list-item-author'><a href='https:\/\/www.greenpeace.org\/norway\/author\/greenpeace-norway\/'>Greenpeace Norge<\/a><\/span>\n\n<div class=\"wp-block-post-date\"><time datetime=\"2022-02-10T17:01:05+01:00\">10 februar, 2022<\/time><\/div><\/div>\n<\/div>\n<\/div>\n\n<\/li><li class=\"wp-block-post post-49029 post type-post status-publish format-standard has-post-thumbnail hentry category-greenpeace tag-greenpeacefakta tag-hvalfangst p4-page-type-historier\">\n\n<div class=\"wp-block-columns is-layout-flex wp-container-core-columns-is-layout-9d6595d7 wp-block-columns-is-layout-flex\"><figure class=\"wp-block-post-featured-image\"><a href=\"https:\/\/www.greenpeace.org\/norway\/historier\/greenpeace\/50-ar-med-greenpeace-en-prat-med-rex-weyler\/\" target=\"_self\"  ><img loading=\"lazy\" decoding=\"async\" width=\"1200\" height=\"801\" src=\"https:\/\/www.greenpeace.org\/static\/planet4-norway-stateless\/2021\/06\/4f06dd42-gp0stro9u.jpg\" class=\"attachment-post-thumbnail size-post-thumbnail wp-post-image wp-stateless-item\" alt=\"50 \u00e5r med Greenpeace: En prat med Rex Weyler\" style=\"object-fit:cover;\" srcset=\"https:\/\/www.greenpeace.org\/static\/planet4-norway-stateless\/2021\/06\/4f06dd42-gp0stro9u.jpg 1200w, https:\/\/www.greenpeace.org\/static\/planet4-norway-stateless\/2021\/06\/4f06dd42-gp0stro9u-300x200.jpg 300w, https:\/\/www.greenpeace.org\/static\/planet4-norway-stateless\/2021\/06\/4f06dd42-gp0stro9u-1024x684.jpg 1024w, https:\/\/www.greenpeace.org\/static\/planet4-norway-stateless\/2021\/06\/4f06dd42-gp0stro9u-768x513.jpg 768w, https:\/\/www.greenpeace.org\/static\/planet4-norway-stateless\/2021\/06\/4f06dd42-gp0stro9u-510x340.jpg 510w\" sizes=\"auto, (max-width: 1200px) 100vw, 1200px\" data-image-size=\"post-thumbnail\" data-stateless-media-bucket=\"planet4-norway-stateless\" data-stateless-media-name=\"2021\/06\/4f06dd42-gp0stro9u.jpg\" \/><\/a><\/figure>\n\n\n<div class=\"wp-block-group is-layout-flow wp-block-group-is-layout-flow\">\n<div class=\"wp-block-group is-layout-flex wp-block-group-is-layout-flex\"><div class=\"wp-block-post-terms\"><a href=\"https:\/\/www.greenpeace.org\/norway\/kategori\/greenpeace\/\">Greenpeace<\/a><\/div>\n\n<div class=\"taxonomy-post_tag wp-block-post-terms\"><a href=\"https:\/\/www.greenpeace.org\/norway\/tag\/greenpeacefakta\/\" rel=\"tag\">greenpeacefakta<\/a><span class=\"wp-block-post-terms__separator\"> <\/span><a href=\"https:\/\/www.greenpeace.org\/norway\/tag\/hvalfangst\/\" rel=\"tag\">hvalfangst<\/a><\/div><\/div>\n\n\n<h3 class=\"wp-block-post-title\"><a href=\"https:\/\/www.greenpeace.org\/norway\/historier\/greenpeace\/50-ar-med-greenpeace-en-prat-med-rex-weyler\/\" target=\"_self\" >50 \u00e5r med Greenpeace: En prat med Rex Weyler<\/a><\/h3>\n\n<div class=\"wp-block-post-excerpt\"><p class=\"wp-block-post-excerpt__excerpt\">En prat med Rex Weyler, medgrunnlegger av Greenpeace International, om aktivisme, kampanjevirksomhet, milj\u00f8vern og Greenpeace sin fortid, n\u00e5tid og framtid. <\/p><\/div>\n\n\n<div class=\"wp-block-group posts-list-meta is-layout-flow wp-block-group-is-layout-flow\"><span class='article-list-item-author'>Greenpeace Norge<\/span>\n\n<div class=\"wp-block-post-date\"><time datetime=\"2021-09-13T15:01:49+01:00\">13 september, 2021<\/time><\/div><\/div>\n<\/div>\n<\/div>\n\n<\/li><\/ul>\n\n\n<div class=\"wp-block-buttons carousel-controls is-horizontal is-content-justification-space-between is-nowrap is-layout-flex wp-container-core-buttons-is-layout-044bd602 wp-block-buttons-is-layout-flex\">\n<div class=\"wp-block-button carousel-control-prev\"><button type=\"button\" class=\"wp-block-button__link wp-element-button\">Prev<\/button><\/div>\n\n\n\n<div class=\"wp-block-button carousel-control-next\"><button type=\"button\" class=\"wp-block-button__link wp-element-button\">Next<\/button><\/div>\n<\/div>\n\n\n<li class=\" wp-block-navigation-item see-all-link wp-block-navigation-link\"><a class=\"wp-block-navigation-item__content\"  href=\"https:\/\/www.greenpeace.org\/norway\/senaste-nytt\/?tag=hvalfangst&#038;post-type=nyheter\"><span class=\"wp-block-navigation-item__label\">Les mer<\/span><\/a><\/li><\/div>\n\n\n\n<div class=\"wp-block-group alignfull block is-pattern-p4-deep-dive has-grey-100-background-color has-background is-layout-flow wp-block-group-is-layout-flow\">\n<div class=\"wp-block-group container is-layout-flow wp-block-group-is-layout-flow\">\n<div style=\"height:24px\" aria-hidden=\"true\" class=\"wp-block-spacer\"><\/div>\n\n\n\n<h2 class=\"wp-block-heading has-text-align-center\">L\u00e6r mer om sakene<\/h2>\n\n\n\n<div class=\"wp-block-columns is-layout-flex wp-container-core-columns-is-layout-9d6595d7 wp-block-columns-is-layout-flex\">\n<div class=\"wp-block-column is-layout-flow wp-block-column-is-layout-flow\">\n<div class=\"wp-block-group group-stretched-link is-layout-flow wp-block-group-is-layout-flow\">\n<figure class=\"wp-block-image aligncenter size-full is-resized force-no-lightbox force-no-caption is-style-rounded-180\"><img loading=\"lazy\" decoding=\"async\" src=\"https:\/\/www.greenpeace.org\/static\/planet4-norway-stateless\/2022\/12\/ba8bfa79-gp1suxj8_web_size.jpg\" alt=\"En hai blir dratt om bord p\u00e5 et fart\u00f8y som fisker etter tunfisk i det nordlige Indiahavet.\n\" class=\"wp-image-53265\" width=\"180\" height=\"180\"\/><figcaption class=\"wp-element-caption\">A shark is hauled in as bycatch by crew onboard an Iranian flagged vessel fishing for tuna  in the Northern Indian Ocean.\nThese vessels often fish for tuna with 7 mile long gill nets, fishing with a gill net over 1.5 miles is illegal.\nGreenpeace is in the Northern Indian Ocean to bear witness to the destructive fishing practices of under documented fishing fleets which it is estimated cause the bycatch of 80-100,000 cetaceans per year.<\/figcaption><\/figure>\n\n\n\n<h5 class=\"wp-block-heading has-text-align-center is-style-chevron\" style=\"font-size:1rem\"><a href=\"https:\/\/www.greenpeace.org\/norway\/?page_id=52265\">Utrydningstruede arter<\/a><\/h5>\n\n\n\n<div style=\"height:16px\" aria-hidden=\"true\" class=\"wp-block-spacer\"><\/div>\n<\/div>\n<\/div>\n\n\n\n<div class=\"wp-block-column is-layout-flow wp-block-column-is-layout-flow\">\n<div class=\"wp-block-group group-stretched-link is-layout-flow wp-block-group-is-layout-flow\">\n<figure class=\"wp-block-image aligncenter size-large is-resized force-no-lightbox force-no-caption is-style-rounded-180\"><img loading=\"lazy\" decoding=\"async\" src=\"https:\/\/www.greenpeace.org\/static\/planet4-norway-stateless\/2022\/02\/c6b4e184-gp039dd-1024x682.jpg\" title=\"Ulv i en skog i Finland.. Ulven er kritisk truet i Norge og st\u00e5r p\u00e5 den norske r\u00f8dlista. Foto: Markus Mauthe i Greenpeace\" alt=\"Ulv i skogen i Finland.\" class=\"wp-image-50049\" width=\"180\" height=\"180\"\/><figcaption class=\"wp-element-caption\">Wold in a forest in Finland.<div class=\"credit icon-left\"> \u00a9 Markus Mauthe \/ Greenpeace<\/div><\/figcaption><\/figure>\n\n\n\n<h5 class=\"wp-block-heading has-text-align-center is-style-chevron\" style=\"font-size:1rem\"><a href=\"https:\/\/www.greenpeace.org\/norway\/?page_id=52268\">Rovdyr<\/a><\/h5>\n\n\n\n<div style=\"height:16px\" aria-hidden=\"true\" class=\"wp-block-spacer\"><\/div>\n<\/div>\n<\/div>\n\n\n\n<div class=\"wp-block-column is-layout-flow wp-block-column-is-layout-flow\">\n<div class=\"wp-block-group group-stretched-link is-layout-flow wp-block-group-is-layout-flow\">\n<figure class=\"wp-block-image aligncenter size-large is-resized force-no-lightbox force-no-caption is-style-rounded-180\"><img loading=\"lazy\" decoding=\"async\" src=\"https:\/\/www.greenpeace.org\/static\/planet4-norway-stateless\/2020\/05\/1ab4193d-gp04qbw-1024x683.jpg\" title=\"Humle i Tyskland. Hver tredje bie- og humleart st\u00e5r p\u00e5 r\u00f8dlista over truede dyrearter i Norge. Foto: Axel Kirchhof, Greenpeace\" alt=\"Humle p\u00e5 blomst i Tyskland.\" class=\"wp-image-5928\" width=\"180\" height=\"180\"\/><figcaption class=\"wp-element-caption\">Close up of bumblebee on Phacelia flowers, bee friendly plant and used as green manure.<div class=\"credit icon-left\"> \u00a9 Axel Kirchhof \/ Greenpeace<\/div><\/figcaption><\/figure>\n\n\n\n<h5 class=\"wp-block-heading has-text-align-center is-style-chevron\" style=\"font-size:1rem\"><a href=\"https:\/\/www.greenpeace.org\/norway\/?page_id=52270\">Insekter<\/a><\/h5>\n\n\n\n<div style=\"height:16px\" aria-hidden=\"true\" class=\"wp-block-spacer\"><\/div>\n<\/div>\n<\/div>\n<\/div>\n<\/div>\n<\/div>\n\n\n\n<div class=\"wp-block-group alignfull block is-pattern-p4-quick-links has-white-background-color has-background is-layout-flow wp-block-group-is-layout-flow\">\n<div class=\"wp-block-group container is-layout-flow wp-block-group-is-layout-flow\">\n<div style=\"height:24px\" aria-hidden=\"true\" class=\"wp-block-spacer\"><\/div>\n\n\n\n<h4 class=\"wp-block-heading has-text-align-center\">Utforsk andre temaer<\/h4>\n\n\n\n<div style=\"height:20px\" aria-hidden=\"true\" class=\"wp-block-spacer\"><\/div>\n\n\n\n<div class=\"wp-block-columns is-not-stacked-on-mobile is-style-mobile-carousel is-layout-flex wp-container-core-columns-is-layout-9d6595d7 wp-block-columns-is-layout-flex\">\n<div class=\"wp-block-column is-layout-flow wp-block-column-is-layout-flow\">\n<div class=\"wp-block-group group-stretched-link is-layout-flow wp-block-group-is-layout-flow\">\n<figure class=\"wp-block-image aligncenter size-large is-resized is-style-rounded-90 force-no-lightbox force-no-caption mb-0\"><img loading=\"lazy\" decoding=\"async\" width=\"1024\" height=\"683\" src=\"https:\/\/www.greenpeace.org\/static\/planet4-norway-stateless\/2022\/02\/7db94982-gp0219n-1024x683.jpg\" title=\"Severe Drought in China. \u00a9 Lu Guang \/ Greenpeace\" alt=\"T\u00f8rke i Kina.\" class=\"wp-image-50290\" srcset=\"https:\/\/www.greenpeace.org\/static\/planet4-norway-stateless\/2022\/02\/7db94982-gp0219n-1024x683.jpg 1024w, https:\/\/www.greenpeace.org\/static\/planet4-norway-stateless\/2022\/02\/7db94982-gp0219n-300x200.jpg 300w, https:\/\/www.greenpeace.org\/static\/planet4-norway-stateless\/2022\/02\/7db94982-gp0219n-768x512.jpg 768w, https:\/\/www.greenpeace.org\/static\/planet4-norway-stateless\/2022\/02\/7db94982-gp0219n-510x340.jpg 510w, https:\/\/www.greenpeace.org\/static\/planet4-norway-stateless\/2022\/02\/7db94982-gp0219n.jpg 1200w\" sizes=\"auto, (max-width: 1024px) 100vw, 1024px\" \/><figcaption class=\"wp-element-caption\">Greenpeace staff asses the dry ground, cracked due to the severe drought in Maojiacun Reservoir, Huize County.<div class=\"credit icon-left\"> \u00a9 Lu Guang \/ Greenpeace<\/div><\/figcaption><\/figure>\n\n\n\n<div style=\"height:16px\" aria-hidden=\"true\" class=\"wp-block-spacer\"><\/div>\n\n\n\n<h5 class=\"wp-block-heading has-text-align-center\" style=\"font-size:1rem\"><a href=\"https:\/\/www.greenpeace.org\/norway\/?page_id=52135\">Klimaendringer<\/a><\/h5>\n<\/div>\n<\/div>\n\n\n\n<div class=\"wp-block-column is-layout-flow wp-block-column-is-layout-flow\">\n<div class=\"wp-block-group group-stretched-link is-layout-flow wp-block-group-is-layout-flow\">\n<figure class=\"wp-block-image aligncenter size-full is-resized is-style-rounded-90 force-no-lightbox force-no-caption mb-0\"><img loading=\"lazy\" decoding=\"async\" width=\"800\" height=\"451\" src=\"https:\/\/www.greenpeace.org\/static\/planet4-norway-stateless\/2022\/12\/8a748afb-gp1su99g_web_size.jpg\" alt=\"Gassfelt i Nordsj\u00f8en.\" class=\"wp-image-52663\" srcset=\"https:\/\/www.greenpeace.org\/static\/planet4-norway-stateless\/2022\/12\/8a748afb-gp1su99g_web_size.jpg 800w, https:\/\/www.greenpeace.org\/static\/planet4-norway-stateless\/2022\/12\/8a748afb-gp1su99g_web_size-300x169.jpg 300w, https:\/\/www.greenpeace.org\/static\/planet4-norway-stateless\/2022\/12\/8a748afb-gp1su99g_web_size-768x433.jpg 768w, https:\/\/www.greenpeace.org\/static\/planet4-norway-stateless\/2022\/12\/8a748afb-gp1su99g_web_size-510x288.jpg 510w\" sizes=\"auto, (max-width: 800px) 100vw, 800px\" \/><figcaption class=\"wp-element-caption\">The sun sets behind Total&#8217;s Culzean Platforms located in the Culzean Field. Culzean is a gas condensate field located in the British North Sea, 230 kilometres off the coast of Aberdeen.\nDie Sonne geht hinter den von Total betriebenen Culzean-Plattformen unter. Die Plattformen stehen im  Culzean Feld, einem Gaskondensatfeld in der britischen Nordsee, etwa 230 Kilometer vor der K\u00fcste von Aberdeen entfernt.<\/figcaption><\/figure>\n\n\n\n<div style=\"height:16px\" aria-hidden=\"true\" class=\"wp-block-spacer\"><\/div>\n\n\n\n<h5 class=\"wp-block-heading has-text-align-center\" style=\"font-size:1rem\"><a href=\"https:\/\/www.greenpeace.org\/norway\/?page_id=52153\">Energi<\/a><\/h5>\n<\/div>\n<\/div>\n\n\n\n<div class=\"wp-block-column is-layout-flow wp-block-column-is-layout-flow\">\n<div class=\"wp-block-group group-stretched-link is-layout-flow wp-block-group-is-layout-flow\">\n<figure class=\"wp-block-image aligncenter size-large is-resized is-style-rounded-90 force-no-lightbox force-no-caption mb-0\"><img loading=\"lazy\" decoding=\"async\" width=\"1024\" height=\"683\" src=\"https:\/\/www.greenpeace.org\/static\/planet4-norway-stateless\/2022\/02\/ebcd1dda-gp0stuglp-1024x683.jpg\" title=\"Kn\u00f8lhval utenfor Elephant Island i Antarktis. Foto: Abbie Trayler-Smith \/ Greenpeace\" alt=\"Hval utenfor Elefant\u00f8ya nordvest for Antarktishalv\u00f8ya.\" class=\"wp-image-50074\" srcset=\"https:\/\/www.greenpeace.org\/static\/planet4-norway-stateless\/2022\/02\/ebcd1dda-gp0stuglp-1024x683.jpg 1024w, https:\/\/www.greenpeace.org\/static\/planet4-norway-stateless\/2022\/02\/ebcd1dda-gp0stuglp-300x200.jpg 300w, https:\/\/www.greenpeace.org\/static\/planet4-norway-stateless\/2022\/02\/ebcd1dda-gp0stuglp-768x512.jpg 768w, https:\/\/www.greenpeace.org\/static\/planet4-norway-stateless\/2022\/02\/ebcd1dda-gp0stuglp-510x340.jpg 510w, https:\/\/www.greenpeace.org\/static\/planet4-norway-stateless\/2022\/02\/ebcd1dda-gp0stuglp.jpg 1200w\" sizes=\"auto, (max-width: 1024px) 100vw, 1024px\" \/><figcaption class=\"wp-element-caption\">Humpback Whales swim in the waters off Elephant Island.  Greenpeace is back in the Antarctic on the last stage of the Pole to Pole Expedition. We have teamed up with a group of scientists to investigate and document the impacts the climate crisis is already having in this area.\n\n*This picture was taken in 2020 during the Antarctic leg of the Pole to Pole expedition under the Dutch permit number RWS-2019\/40813.<\/figcaption><figcaption><div class=\"credit icon-left\"> \u00a9 Abbie Trayler-Smith \/ Greenpeace<\/div><\/figcaption><\/figure>\n\n\n\n<div style=\"height:16px\" aria-hidden=\"true\" class=\"wp-block-spacer\"><\/div>\n\n\n\n<h5 class=\"wp-block-heading has-text-align-center\" style=\"font-size:1rem\"><a href=\"https:\/\/www.greenpeace.org\/norway\/?page_id=52187\">Hav<\/a><\/h5>\n<\/div>\n<\/div>\n\n\n\n<div class=\"wp-block-column is-layout-flow wp-block-column-is-layout-flow\">\n<div class=\"wp-block-group group-stretched-link is-layout-flow wp-block-group-is-layout-flow\">\n<figure class=\"wp-block-image aligncenter size-large is-resized is-style-rounded-90 force-no-lightbox force-no-caption mb-0\"><img loading=\"lazy\" decoding=\"async\" width=\"1024\" height=\"684\" src=\"https:\/\/www.greenpeace.org\/static\/planet4-norway-stateless\/2019\/08\/aec0161e-forest4-1024x684.jpg\" alt=\"Avskoging p\u00e5 Karipuna-urfolkets territorium i Brasil.\" class=\"wp-image-1882\" srcset=\"https:\/\/www.greenpeace.org\/static\/planet4-norway-stateless\/2019\/08\/aec0161e-forest4-1024x684.jpg 1024w, https:\/\/www.greenpeace.org\/static\/planet4-norway-stateless\/2019\/08\/aec0161e-forest4-300x200.jpg 300w, https:\/\/www.greenpeace.org\/static\/planet4-norway-stateless\/2019\/08\/aec0161e-forest4-768x513.jpg 768w, https:\/\/www.greenpeace.org\/static\/planet4-norway-stateless\/2019\/08\/aec0161e-forest4-2046x1366.jpg 2046w, https:\/\/www.greenpeace.org\/static\/planet4-norway-stateless\/2019\/08\/aec0161e-forest4-510x340.jpg 510w\" sizes=\"auto, (max-width: 1024px) 100vw, 1024px\" \/><figcaption class=\"wp-element-caption\">The destruction of the rainforest is a huge threat to the existence of the Karipuna indigenous people, since the forest is a life giving force for the community.\nThe Karipuna Indigenous Land, located in the municipalities of Nova Mamor\u00e9 and Porto Velho, in Rond\u00f4nia state, has been rapidly destroyed by the ostensive invasion of loggers and grileiros (land grabbers). Although it was recognized as an Indigenous Land by Brazilian government in 1988, over 11,000 hectares of the Amazon forest have already been destroyed; 80% in the last three years alone. Even the sale of lots has been carried out by the invaders. The Karipuna are a indigenous people of recent contact with surrounding society, and were almost extinct in the 1970s. Currently, the Karipuna population totals 58 people.\nA destrui\u00e7\u00e3o da floresta \u00e9 uma enorme amea\u00e7a \u00e0 exist\u00eancia do povo Karipuna, j\u00e1 que a pr\u00f3pria floresta \u00e9 uma for\u00e7a vital para a comunidade.\nA Terra Ind\u00edgena Karipuna, localizada nos munic\u00edpios de Nova Mamor\u00e9 e Porto Velho (RO), vem sendo rapidamente destru\u00edda pela ostensiva invas\u00e3o de madeireiros e grileiros. Apesar de ter sido homologada pela Presid\u00eancia da Rep\u00fablica em 1988, mais de 11 mil hectares de floresta amaz\u00f4nica j\u00e1 foram destru\u00eddos, sendo 80% apenas nos \u00faltimos tr\u00eas anos. At\u00e9 mesmo a venda de lotes vem sendo realizada pelos invasores. Povo de recente contato com a sociedade envolvente, os Karipuna quase foram extintos na d\u00e9cada de 1970. Atualmente, a popula\u00e7\u00e3o Karipuna totaliza 58 pessoas.<\/figcaption><\/figure>\n\n\n\n<div style=\"height:16px\" aria-hidden=\"true\" class=\"wp-block-spacer\"><\/div>\n\n\n\n<h5 class=\"wp-block-heading has-text-align-center\" style=\"font-size:1rem\"><a href=\"https:\/\/www.greenpeace.org\/norway\/?page_id=52180\">Skog og landbruk<\/a><\/h5>\n<\/div>\n<\/div>\n\n\n\n<div class=\"wp-block-column is-layout-flow wp-block-column-is-layout-flow\">\n<div class=\"wp-block-group group-stretched-link is-layout-flow wp-block-group-is-layout-flow\">\n<figure class=\"wp-block-image aligncenter size-full is-resized is-style-rounded-90 force-no-lightbox force-no-caption mb-0\"><img loading=\"lazy\" decoding=\"async\" width=\"800\" height=\"533\" src=\"https:\/\/www.greenpeace.org\/static\/planet4-norway-stateless\/2022\/12\/1295bdeb-gp1swpkh_web_size.jpg\" alt=\"Plastavfall p\u00e5 Canggu-stranden p\u00e5 Bali.\" class=\"wp-image-52661\" srcset=\"https:\/\/www.greenpeace.org\/static\/planet4-norway-stateless\/2022\/12\/1295bdeb-gp1swpkh_web_size.jpg 800w, https:\/\/www.greenpeace.org\/static\/planet4-norway-stateless\/2022\/12\/1295bdeb-gp1swpkh_web_size-300x200.jpg 300w, https:\/\/www.greenpeace.org\/static\/planet4-norway-stateless\/2022\/12\/1295bdeb-gp1swpkh_web_size-768x512.jpg 768w, https:\/\/www.greenpeace.org\/static\/planet4-norway-stateless\/2022\/12\/1295bdeb-gp1swpkh_web_size-510x340.jpg 510w\" sizes=\"auto, (max-width: 800px) 100vw, 800px\" \/><figcaption class=\"wp-element-caption\">A tourist walks along a beach covered in piles of debris and plastic waste in Canggu, Bali, Indonesia.<\/figcaption><\/figure>\n\n\n\n<div style=\"height:16px\" aria-hidden=\"true\" class=\"wp-block-spacer\"><\/div>\n\n\n\n<h5 class=\"wp-block-heading has-text-align-center\" style=\"font-size:1rem\"><a href=\"https:\/\/www.greenpeace.org\/norway\/?page_id=52194\">Forbruk<\/a><\/h5>\n<\/div>\n<\/div>\n<\/div>\n<\/div>\n<\/div>\n<\/div>\n","protected":false},"excerpt":{"rendered":"<p>Hvaler er livsviktige for havenes \u00f8kosystemer og for \u00e5 dempe den globale oppvarmingen. Greenpeace er mot hvalfangst siden mange hvalarter er utrydningstruede. <\/p>\n","protected":false},"author":32,"featured_media":53644,"parent":52138,"menu_order":0,"comment_status":"closed","ping_status":"closed","template":"","meta":{"ep_exclude_from_search":false,"p4_hide_page_title_checkbox":"on","p4_title":"","p4_subtitle":"","p4_description":"","background_image_id":"","background_image":"","p4_button_title":"","p4_button_link":"","p4_button_link_checkbox":"","p4_og_title":"Hvaler","p4_og_description":"Hvaler er livsviktige for havenes \u00f8kosystemer og for \u00e5 dempe den globale oppvarmingen. Greenpeace er mot hvalfangst siden mange hvalarter er utrydningstruede. ","p4_og_image":"","p4_og_image_id":"","p4_seo_canonical_url":"","p4_campaign_name":"not set","p4_local_project":"not set","p4_basket_name":"not set","p4_department":"","footnotes":""},"categories":[31],"tags":[76],"class_list":["post-52272","page","type-page","status-publish","has-post-thumbnail","hentry","category-natur","tag-hvalfangst"],"_links":{"self":[{"href":"https:\/\/www.greenpeace.org\/norway\/wp-json\/wp\/v2\/pages\/52272","targetHints":{"allow":["GET"]}}],"collection":[{"href":"https:\/\/www.greenpeace.org\/norway\/wp-json\/wp\/v2\/pages"}],"about":[{"href":"https:\/\/www.greenpeace.org\/norway\/wp-json\/wp\/v2\/types\/page"}],"author":[{"embeddable":true,"href":"https:\/\/www.greenpeace.org\/norway\/wp-json\/wp\/v2\/users\/32"}],"replies":[{"embeddable":true,"href":"https:\/\/www.greenpeace.org\/norway\/wp-json\/wp\/v2\/comments?post=52272"}],"version-history":[{"count":20,"href":"https:\/\/www.greenpeace.org\/norway\/wp-json\/wp\/v2\/pages\/52272\/revisions"}],"predecessor-version":[{"id":66763,"href":"https:\/\/www.greenpeace.org\/norway\/wp-json\/wp\/v2\/pages\/52272\/revisions\/66763"}],"up":[{"embeddable":true,"href":"https:\/\/www.greenpeace.org\/norway\/wp-json\/wp\/v2\/pages\/52138"}],"wp:featuredmedia":[{"embeddable":true,"href":"https:\/\/www.greenpeace.org\/norway\/wp-json\/wp\/v2\/media\/53644"}],"wp:attachment":[{"href":"https:\/\/www.greenpeace.org\/norway\/wp-json\/wp\/v2\/media?parent=52272"}],"wp:term":[{"taxonomy":"category","embeddable":true,"href":"https:\/\/www.greenpeace.org\/norway\/wp-json\/wp\/v2\/categories?post=52272"},{"taxonomy":"post_tag","embeddable":true,"href":"https:\/\/www.greenpeace.org\/norway\/wp-json\/wp\/v2\/tags?post=52272"}],"curies":[{"name":"wp","href":"https:\/\/api.w.org\/{rel}","templated":true}]}}