{"id":52279,"date":"2022-12-07T09:33:20","date_gmt":"2022-12-07T08:33:20","guid":{"rendered":"https:\/\/www.greenpeace.org\/norway\/?page_id=52279"},"modified":"2026-04-08T09:55:09","modified_gmt":"2026-04-08T08:55:09","slug":"trusler-mot-havet","status":"publish","type":"page","link":"https:\/\/www.greenpeace.org\/norway\/hav\/trusler-mot-havet\/","title":{"rendered":"Trusler mot havet"},"content":{"rendered":"\n<div class=\"wp-block-group is-pattern-p4-deep-dive-topic-pattern-layout is-layout-flow wp-block-group-is-layout-flow\">\n<div class=\"wp-block-group alignfull has-grey-100-background-color has-background is-layout-flow wp-block-group-is-layout-flow\" style=\"padding-top:56px;padding-bottom:56px\">\n<div class=\"wp-block-group container is-layout-flow wp-block-group-is-layout-flow\">\n<div class=\"wp-block-media-text alignfull has-media-on-the-right is-stacked-on-mobile is-pattern-p4-page-header is-style-default\"><div class=\"wp-block-media-text__content\">\n<div class=\"wp-block-group is-layout-flow wp-block-group-is-layout-flow\">\n<h1 class=\"wp-block-heading has-grey-100-background-color has-background\">Trusler mot havet<\/h1>\n<\/div>\n\n\n\n<p style=\"font-size:1.25rem\">Livet i havet trues av overfiske og plastforurensning \u2013 men dette er ikke de eneste truslene. Greenpeace kjemper blant annet mot gruvedrift p\u00e5 havbunnen, oljeboring, forurensning fra milj\u00f8gifter og havforsuring som f\u00f8lge av klimaendringene.<\/p>\n\n\n\n<div class=\"wp-block-buttons is-layout-flex wp-block-buttons-is-layout-flex\">\n<div class=\"wp-block-button is-style-cta\"><a class=\"wp-block-button__link wp-element-button\" href=\"https:\/\/www.greenpeace.org\/norway\/vaer-med\/beskytt-havet\/beskytt-havene\/\">Beskytt havet<\/a><\/div>\n<\/div>\n<\/div><figure class=\"wp-block-media-text__media\"><img loading=\"lazy\" decoding=\"async\" width=\"1024\" height=\"670\" src=\"https:\/\/www.greenpeace.org\/static\/planet4-norway-stateless\/2021\/04\/ae236f51-gp0stutf9-1024x670.jpg\" alt=\"Greenpeace-protest mot gruvedrift p\u00e5 havbunnen i Stillehavet. Foto: Marten van Dijl, Greenpeace\" sizes=\"auto, (min-width: 601px) 50vw, 100vw\" srcset=\"https:\/\/www.greenpeace.org\/static\/planet4-norway-stateless\/2021\/04\/ae236f51-gp0stutf9.jpg 1200w, https:\/\/www.greenpeace.org\/static\/planet4-norway-stateless\/2021\/04\/ae236f51-gp0stutf9-300x196.jpg 300w, https:\/\/www.greenpeace.org\/static\/planet4-norway-stateless\/2021\/04\/ae236f51-gp0stutf9-1024x670.jpg 1024w, https:\/\/www.greenpeace.org\/static\/planet4-norway-stateless\/2021\/04\/ae236f51-gp0stutf9-768x502.jpg 768w, https:\/\/www.greenpeace.org\/static\/planet4-norway-stateless\/2021\/04\/ae236f51-gp0stutf9-510x334.jpg 510w\" class=\"wp-image-8674 size-full\"\/><\/figure><\/div>\n<\/div>\n<\/div>\n\n\n\n<style>.wp-block-group.alignfull.has-background.is-layout-flow{padding:0!important;}<\/style>\n\n<div style=\"height:15px\" aria-hidden=\"true\" class=\"wp-block-spacer\"><\/div>\n\n<div class=\"wp-block-columns is-style-mobile-carousel secondary-menu is-layout-flex wp-container-core-columns-is-layout-9d6595d7 wp-block-columns-is-layout-flex\">\n<div class=\"wp-block-column is-layout-flow wp-block-column-is-layout-flow\" style=\"flex-basis:15%\"><\/div>\n\n\n\n<div class=\"wp-block-column brdr-bottom is-layout-flow wp-block-column-is-layout-flow\">\n<div class=\"wp-block-group is-style-reset-margin flex-wrap is-content-justification-center is-nowrap is-layout-flex wp-container-core-group-is-layout-499140ed wp-block-group-is-layout-flex\">\n<p class=\"has-text-align-center is-style-roboto-font-family nav-link\" style=\"font-size:16px\"><a href=\"#problemet\"><strong>Problemet<\/strong><\/a><\/p>\n\n\n\n<div style=\"height:30px;width:0px\" aria-hidden=\"true\" class=\"wp-block-spacer wp-container-content-728072c3\"><\/div>\n\n\n\n<p>\u2022<\/p>\n\n\n\n<div style=\"height:30px;width:0px\" aria-hidden=\"true\" class=\"wp-block-spacer wp-container-content-728072c3\"><\/div>\n\n\n\n<p class=\"has-text-align-center is-style-roboto-font-family nav-link\" style=\"font-size:16px\"><a href=\"#hva-vi-gjoer\"><strong>Hva vi gj\u00f8r<\/strong><\/a><\/p>\n\n\n\n<div style=\"height:30px;width:0px\" aria-hidden=\"true\" class=\"wp-block-spacer wp-container-content-728072c3\"><\/div>\n\n\n\n<p>\u2022<\/p>\n\n\n\n<div style=\"height:30px;width:0px\" aria-hidden=\"true\" class=\"wp-block-spacer wp-container-content-728072c3\"><\/div>\n\n\n\n<p class=\"has-text-align-center is-style-roboto-font-family nav-link\" style=\"font-size:16px\"><a href=\"#hva-du-kan-gjoere\"><strong>Hva du kan gj\u00f8re<\/strong><\/a><\/p>\n\n\n\n<div style=\"height:30px;width:0px\" aria-hidden=\"true\" class=\"wp-block-spacer wp-container-content-728072c3\"><\/div>\n\n\n\n<p>\u2022<\/p>\n\n\n\n<div style=\"height:30px;width:0px\" aria-hidden=\"true\" class=\"wp-block-spacer wp-container-content-728072c3\"><\/div>\n\n\n\n<p class=\"is-style-roboto-font-family nav-link\" style=\"font-size:16px\"><a href=\"#nyheter\"><strong>Nyheter<\/strong><\/a><\/p>\n\n\n\n<div style=\"height:30px;width:0px\" aria-hidden=\"true\" class=\"wp-block-spacer wp-container-content-728072c3\"><\/div>\n<\/div>\n<\/div>\n\n\n\n<div class=\"wp-block-column is-layout-flow wp-block-column-is-layout-flow\" style=\"flex-basis:15%\"><\/div>\n<\/div>\n\n\n\n<div style=\"height:64px\" aria-hidden=\"true\" class=\"wp-block-spacer\"><\/div>\n\n\n\n<div class=\"wp-block-media-text alignwide is-stacked-on-mobile is-image-fill-element block my-0 py-0 is-style-default\"><figure class=\"wp-block-media-text__media\"><img loading=\"lazy\" decoding=\"async\" width=\"800\" height=\"533\" src=\"https:\/\/www.greenpeace.org\/static\/planet4-norway-stateless\/2019\/05\/4ca2cf87-gp04lca_web_size.jpg\" alt=\"Korallrev i Raja Ampat, Papua, Indonesia. \" sizes=\"auto, (min-width: 1600px) calc((1320px - 24px) \/ 2),(min-width: 1200px) calc((1140px - 24px) \/ 2),(min-width: 992px) calc((960px - 24px) \/ 2),(min-width: 768px) calc((720px - 24px) \/ 2),(min-width: 601px) calc((540px - 24px) \/ 2),(min-width: 577px) calc((540px - 24px) \/ 1), calc(100vw - 24px)\" srcset=\"https:\/\/www.greenpeace.org\/static\/planet4-norway-stateless\/2019\/05\/4ca2cf87-gp04lca_web_size.jpg 800w, https:\/\/www.greenpeace.org\/static\/planet4-norway-stateless\/2019\/05\/4ca2cf87-gp04lca_web_size-300x200.jpg 300w, https:\/\/www.greenpeace.org\/static\/planet4-norway-stateless\/2019\/05\/4ca2cf87-gp04lca_web_size-768x512.jpg 768w, https:\/\/www.greenpeace.org\/static\/planet4-norway-stateless\/2019\/05\/4ca2cf87-gp04lca_web_size-510x340.jpg 510w\" class=\"wp-image-1644 size-full\" style=\"object-position:22% 64%\"\/><\/figure><div class=\"wp-block-media-text__content\">\n<div style=\"height:50px\" aria-hidden=\"true\" id=\"problemet\" class=\"wp-block-spacer\"><\/div>\n\n\n\n<h2 class=\"wp-block-heading\">Hvorfor havet er truet<\/h2>\n\n\n\n<p>Gruvedrift p\u00e5 havbunnen, oljeboring, forurensning fra milj\u00f8gifter og havforsuring som f\u00f8lge av klimaendringene bidrar til \u00e5 true de allerede s\u00e5rbare havomr\u00e5dene v\u00e5re. Dette er skadelig b\u00e5de for de mange \u00f8kosystemene i havet, men ogs\u00e5 for mennesker og klimaet.<\/p>\n\n\n\n<p>I dag er bare to prosent av havet vernet. Dette er utilstrekkelig i m\u00f8te med de enorme truslene havet st\u00e5r ovenfor.<\/p>\n\n\n\n<div class=\"wp-block-buttons is-layout-flex wp-block-buttons-is-layout-flex\"><\/div>\n\n\n\n<div style=\"height:50px\" aria-hidden=\"true\" class=\"wp-block-spacer\"><\/div>\n<\/div><\/div>\n\n\n\n<div class=\"wp-block-media-text alignwide has-media-on-the-right is-stacked-on-mobile is-image-fill-element block is-style-parallax my-0 py-0\"><div class=\"wp-block-media-text__content\">\n<div style=\"height:10px\" aria-hidden=\"true\" id=\"hva-vi-gjoer\" class=\"wp-block-spacer\"><\/div>\n\n\n\n<div style=\"height:30px\" aria-hidden=\"true\" class=\"wp-block-spacer\"><\/div>\n\n\n\n<h2 class=\"wp-block-heading\">Hva vi gj\u00f8r med truslene mot havet<\/h2>\n\n\n\n<p>Vi har i mange \u00e5r jobbet for at FN skal innf\u00f8re en global havavtale som gj\u00f8r det mulig \u00e5 opprette marine verneomr\u00e5der og verne 30 prosent av havet, slik forskere anbefaler. I 2023 ble FN-landene endelig enige om en havavtale! Det er en stor seier. Vi jobber for at alle land skal ratifisere avtalen s\u00e5 fort som mulig, slik at den faktisk trer i kraft, og fortsetter arbeidet for at 30 prosent av havet blir vernet.<\/p>\n\n\n\n<p>I Norge jobber vi opp mot b\u00e5de stortingspolitikere og regjeringen. Vi krever at Norge tar ansvar for norske havomr\u00e5der gjennom \u00e5 verne minst 30 prosent av norske havomr\u00e5der. Vi jobber ogs\u00e5 for en stans av ny oljeleting, h\u00e5ndheving av det internasjonale 1,5-gradersm\u00e5let og for et forbud mot mineralutvinning p\u00e5 havbunnen.<\/p>\n\n\n\n<div style=\"height:30px\" aria-hidden=\"true\" class=\"wp-block-spacer\"><\/div>\n\n\n\n<div style=\"height:10px\" aria-hidden=\"true\" class=\"wp-block-spacer\"><\/div>\n<\/div><figure class=\"wp-block-media-text__media\"><img loading=\"lazy\" decoding=\"async\" width=\"1024\" height=\"684\" src=\"https:\/\/www.greenpeace.org\/static\/planet4-norway-stateless\/2019\/05\/78335a4f-arcsun1-1024x684.jpg\" alt=\"Greenpeace-skipet Arctic Sunrise i Tasiilaq, p\u00e5 \u00f8stkysten av Gr\u00f8nland.\" sizes=\"auto, (min-width: 1600px) calc((1320px - 24px) \/ 2),(min-width: 1200px) calc((1140px - 24px) \/ 2),(min-width: 992px) calc((960px - 24px) \/ 2),(min-width: 768px) calc((720px - 24px) \/ 2),(min-width: 601px) calc((540px - 24px) \/ 2),(min-width: 577px) calc((540px - 24px) \/ 1), calc(100vw - 24px)\" srcset=\"https:\/\/www.greenpeace.org\/static\/planet4-norway-stateless\/2019\/05\/78335a4f-arcsun1-e1556869320190.jpg 876w, https:\/\/www.greenpeace.org\/static\/planet4-norway-stateless\/2019\/05\/78335a4f-arcsun1-e1556869320190-300x274.jpg 300w, https:\/\/www.greenpeace.org\/static\/planet4-norway-stateless\/2019\/05\/78335a4f-arcsun1-e1556869320190-768x702.jpg 768w, https:\/\/www.greenpeace.org\/static\/planet4-norway-stateless\/2019\/05\/78335a4f-arcsun1-e1556869320190-372x340.jpg 372w\" class=\"wp-image-1511 size-full\" style=\"object-position:13% 36%\"\/><\/figure><\/div>\n\n\n\n<div style=\"height:50px\" aria-hidden=\"true\" id=\"hva-du-kan-gjoere\" class=\"wp-block-spacer\"><\/div>\n\n\n\n<div class=\"wp-block-query mb-0 actions-list p4-query-loop is-custom-layout-carousel is-layout-flex wp-block-query-is-layout-flex\">\n<h2 class=\"wp-block-heading\">Hva du kan gj\u00f8re med truslene mot havet<\/h2>\n\n\n\n<p style=\"margin-top:24px;margin-bottom:32px\">Truslene mot havet er mange og varierte. Derfor finnes det heller ingen enkel l\u00f8sning p\u00e5 dem. Men det betyr ikke at det ikke det nytter \u00e5 kjempe for havet. Tvert imot!<br><br>Havforsuring er en av de st\u00f8rste truslene mot havet. Skal vi bekjempe det, m\u00e5 vi redusere klimaendringene. Bli med oss og kjemp for klimahandling og kutt i oljeproduksjon, og v\u00e6r mer bevisst p\u00e5 dine egne CO2-utslipp. I tillegg kan du unng\u00e5 \u00e5 kj\u00f8pe produkter som inneholder milj\u00f8gifter som slippes ut i havet. Dette kan finnes i helt vanlige ting som brukes av oss daglig som for eksempel vaskepulver, tannkrem, sminke, maling og solkrem.<br><br>For \u00e5 stanse \u00f8deleggelsen av havet, trenger vi politisk handling. Men de store bedriftene har ogs\u00e5 et stort ansvar. Bruk makten din som forbruker \u2013 kontakt selskaper og krev at de forbedrer seg. Jobber du i en bedrift som planlegger forurensende eller milj\u00f8\u00f8deleggende prosjekter? Ta det opp med ledelsen eller i fagforeningen.<br><br>Snakk med venner og kjente om temaet. St\u00f8tt en milj\u00f8- eller naturorganisasjon. Skriv under p\u00e5 opprop, delta i demonstrasjoner og debatter om temaet, eller arranger din egen. Sammen kan vi redde havet!<br><\/p>\n\n\n\n\n<ul class=\"wp-block-post-template is-layout-flow wp-block-post-template-is-layout-flow\"><li class=\"wp-block-post post-59494 page type-page status-publish has-post-thumbnail hentry category-hav tag-beskytthavet\">\n<figure class=\"wp-block-post-featured-image\"><img loading=\"lazy\" decoding=\"async\" width=\"2500\" height=\"1646\" src=\"https:\/\/www.greenpeace.org\/static\/planet4-norway-stateless\/2024\/03\/8036e0af-gp0f24_pressmedia.webp\" class=\"attachment-post-thumbnail size-post-thumbnail wp-post-image wp-stateless-item\" alt=\"Galapagos Islands coastline.\" style=\"object-fit:cover;\" srcset=\"https:\/\/www.greenpeace.org\/static\/planet4-norway-stateless\/2024\/03\/8036e0af-gp0f24_pressmedia.webp 2500w, https:\/\/www.greenpeace.org\/static\/planet4-norway-stateless\/2024\/03\/8036e0af-gp0f24_pressmedia-300x198.webp 300w, https:\/\/www.greenpeace.org\/static\/planet4-norway-stateless\/2024\/03\/8036e0af-gp0f24_pressmedia-1024x674.webp 1024w, https:\/\/www.greenpeace.org\/static\/planet4-norway-stateless\/2024\/03\/8036e0af-gp0f24_pressmedia-768x506.webp 768w, https:\/\/www.greenpeace.org\/static\/planet4-norway-stateless\/2024\/03\/8036e0af-gp0f24_pressmedia-1536x1011.webp 1536w, https:\/\/www.greenpeace.org\/static\/planet4-norway-stateless\/2024\/03\/8036e0af-gp0f24_pressmedia-2048x1348.webp 2048w, https:\/\/www.greenpeace.org\/static\/planet4-norway-stateless\/2024\/03\/8036e0af-gp0f24_pressmedia-510x336.webp 510w\" sizes=\"auto, (max-width: 2500px) 100vw, 2500px\" data-image-size=\"post-thumbnail\" data-stateless-media-bucket=\"planet4-norway-stateless\" data-stateless-media-name=\"2024\/03\/8036e0af-gp0f24_pressmedia.webp\" \/><\/figure>\n\n\n                <div class=\"wp-block-group group-stretched-link is-layout-flow wp-block-group-is-layout-flow\"><div class=\"wp-block-post-terms\">Hav<\/div>\n                <h3 class=\"wp-block-post-title\"><a href=\"https:\/\/www.greenpeace.org\/norway\/vaer-med\/signer-for-beskyttelse-av-verdenshavene\/\" target=\"_self\" >Signer for beskyttelse av verdenshavene<\/a><\/h3>\n                <div class=\"wp-block-post-excerpt\"><p class=\"wp-block-post-excerpt__excerpt\">Bli med p\u00e5 Greenpeaces skipsekspedisjon til unike undervannsverdener som trenger umiddelbar beskyttelse. Bidra til \u00e5 bevare s\u00e5rbare undersj\u00f8iske omr\u00e5der og verdifulle \u00f8kosystemer. Sammen kan vi ta avtalen fra ord til handling og sikre et sunnere hav for fremtidige generasjoner. <\/p><\/div><\/div>\n                \n\n\n<div class=\"wp-block-group read-more-nav is-layout-flow wp-block-group-is-layout-flow\"><a href=\"https:\/\/www.greenpeace.org\/norway\/vaer-med\/signer-for-beskyttelse-av-verdenshavene\/\" class=\"btn btn-primary btn-small\" aria-label=\"V\u00e6r med\">V\u00e6r med<\/a><\/div>\n\n<\/li><li class=\"wp-block-post post-55344 page type-page status-publish has-post-thumbnail hentry category-hav tag-havindustri tag-gruvedrift tag-beskytthavet\">\n<figure class=\"wp-block-post-featured-image\"><img loading=\"lazy\" decoding=\"async\" width=\"702\" height=\"411\" src=\"https:\/\/www.greenpeace.org\/static\/planet4-norway-stateless\/2023\/04\/bc83db8c-bilde1.jpg\" class=\"attachment-post-thumbnail size-post-thumbnail wp-post-image wp-stateless-item\" alt=\"\" style=\"object-fit:cover;\" srcset=\"https:\/\/www.greenpeace.org\/static\/planet4-norway-stateless\/2023\/04\/bc83db8c-bilde1.jpg 702w, https:\/\/www.greenpeace.org\/static\/planet4-norway-stateless\/2023\/04\/bc83db8c-bilde1-300x176.jpg 300w, https:\/\/www.greenpeace.org\/static\/planet4-norway-stateless\/2023\/04\/bc83db8c-bilde1-510x299.jpg 510w\" sizes=\"auto, (max-width: 702px) 100vw, 702px\" data-image-size=\"post-thumbnail\" data-stateless-media-bucket=\"planet4-norway-stateless\" data-stateless-media-name=\"2023\/04\/bc83db8c-bilde1.jpg\" \/><\/figure>\n\n\n                <div class=\"wp-block-group group-stretched-link is-layout-flow wp-block-group-is-layout-flow\"><div class=\"wp-block-post-terms\">Hav<\/div>\n                <h3 class=\"wp-block-post-title\"><a href=\"https:\/\/www.greenpeace.org\/norway\/vaer-med\/stopp-gruvedrift-pa-havbunnen\/\" target=\"_self\" >Signer: Stopp gruvedrift p\u00e5 havbunnen<\/a><\/h3>\n                <div class=\"wp-block-post-excerpt\"><p class=\"wp-block-post-excerpt__excerpt\">Vi m\u00e5 stoppe gruvedrift p\u00e5 havbunnen. Vi er allerede flere hundre tusen mennesker som st\u00e5r sammen mot den nye skadelige industrien. Bli med, signer oppropet. <\/p><\/div><\/div>\n                \n\n\n<div class=\"wp-block-group read-more-nav is-layout-flow wp-block-group-is-layout-flow\"><a href=\"https:\/\/www.greenpeace.org\/norway\/vaer-med\/stopp-gruvedrift-pa-havbunnen\/\" class=\"btn btn-primary btn-small\" aria-label=\"V\u00e6r med\">V\u00e6r med<\/a><\/div>\n\n<\/li><li class=\"wp-block-post post-56627 page type-page status-publish has-post-thumbnail hentry category-energi category-forbruk category-greenpeace category-hav category-klimaendringer category-natur category-skog-og-landbruk tag-stott-oss\">\n<figure class=\"wp-block-post-featured-image\"><img loading=\"lazy\" decoding=\"async\" width=\"800\" height=\"535\" src=\"https:\/\/www.greenpeace.org\/static\/planet4-norway-stateless\/2020\/08\/3dc7a17c-gp034ks_web_size.jpg\" class=\"attachment-post-thumbnail size-post-thumbnail wp-post-image wp-stateless-item\" alt=\"\" style=\"object-fit:cover;\" srcset=\"https:\/\/www.greenpeace.org\/static\/planet4-norway-stateless\/2020\/08\/3dc7a17c-gp034ks_web_size.jpg 800w, https:\/\/www.greenpeace.org\/static\/planet4-norway-stateless\/2020\/08\/3dc7a17c-gp034ks_web_size-300x201.jpg 300w, https:\/\/www.greenpeace.org\/static\/planet4-norway-stateless\/2020\/08\/3dc7a17c-gp034ks_web_size-768x514.jpg 768w, https:\/\/www.greenpeace.org\/static\/planet4-norway-stateless\/2020\/08\/3dc7a17c-gp034ks_web_size-508x340.jpg 508w\" sizes=\"auto, (max-width: 800px) 100vw, 800px\" data-image-size=\"post-thumbnail\" data-stateless-media-bucket=\"planet4-norway-stateless\" data-stateless-media-name=\"2020\/08\/3dc7a17c-gp034ks_web_size.jpg\" \/><\/figure>\n\n\n                <div class=\"wp-block-group group-stretched-link is-layout-flow wp-block-group-is-layout-flow\"><div class=\"wp-block-post-terms\">Energi<\/div>\n                <h3 class=\"wp-block-post-title\"><a href=\"https:\/\/www.greenpeace.org\/norway\/vaer-med\/gi-engangsbidrag\/\" target=\"_self\" >Gi engangsbidrag<\/a><\/h3>\n                <div class=\"wp-block-post-excerpt\"><p class=\"wp-block-post-excerpt__excerpt\">Du kan gi et engangsbidrag med kredittkort eller Vipps her eller overf\u00f8re til konto 1594 0884559. <\/p><\/div><\/div>\n                \n\n\n<div class=\"wp-block-group read-more-nav is-layout-flow wp-block-group-is-layout-flow\"><a href=\"https:\/\/www.greenpeace.org\/norway\/vaer-med\/gi-engangsbidrag\/\" class=\"btn btn-primary btn-small\" aria-label=\"V\u00e6r med\">V\u00e6r med<\/a><\/div>\n\n<\/li><li class=\"wp-block-post post-56625 page type-page status-publish has-post-thumbnail hentry category-energi category-forbruk category-greenpeace category-hav category-klimaendringer category-natur category-skog-og-landbruk tag-stott-oss\">\n<figure class=\"wp-block-post-featured-image\"><img loading=\"lazy\" decoding=\"async\" width=\"800\" height=\"533\" src=\"https:\/\/www.greenpeace.org\/static\/planet4-norway-stateless\/2023\/03\/416adc9b-gp0sttq8m_web_size.jpg\" class=\"attachment-post-thumbnail size-post-thumbnail wp-post-image wp-stateless-item\" alt=\"\" style=\"object-fit:cover;\" srcset=\"https:\/\/www.greenpeace.org\/static\/planet4-norway-stateless\/2023\/03\/416adc9b-gp0sttq8m_web_size.jpg 800w, https:\/\/www.greenpeace.org\/static\/planet4-norway-stateless\/2023\/03\/416adc9b-gp0sttq8m_web_size-300x200.jpg 300w, https:\/\/www.greenpeace.org\/static\/planet4-norway-stateless\/2023\/03\/416adc9b-gp0sttq8m_web_size-768x512.jpg 768w, https:\/\/www.greenpeace.org\/static\/planet4-norway-stateless\/2023\/03\/416adc9b-gp0sttq8m_web_size-510x340.jpg 510w\" sizes=\"auto, (max-width: 800px) 100vw, 800px\" data-image-size=\"post-thumbnail\" data-stateless-media-bucket=\"planet4-norway-stateless\" data-stateless-media-name=\"2023\/03\/416adc9b-gp0sttq8m_web_size.jpg\" \/><\/figure>\n\n\n                <div class=\"wp-block-group group-stretched-link is-layout-flow wp-block-group-is-layout-flow\"><div class=\"wp-block-post-terms\">Energi<\/div>\n                <h3 class=\"wp-block-post-title\"><a href=\"https:\/\/www.greenpeace.org\/norway\/vaer-med\/bli-manedlig-giver\/\" target=\"_self\" >Bli m\u00e5nedlig giver<\/a><\/h3>\n                <div class=\"wp-block-post-excerpt\"><p class=\"wp-block-post-excerpt__excerpt\">Du kan gi m\u00e5nedlige bidrag gjennom Vipps eller Avtalegiro. St\u00e5 sammen med oss for \u00e5 beskytte verdens klima og milj\u00f8, hav og skoger \u2013 bli med som m\u00e5nedlig giver i dag! <\/p><\/div><\/div>\n                \n\n\n<div class=\"wp-block-group read-more-nav is-layout-flow wp-block-group-is-layout-flow\"><a href=\"https:\/\/www.greenpeace.org\/norway\/vaer-med\/bli-manedlig-giver\/\" class=\"btn btn-primary btn-small\" aria-label=\"V\u00e6r med\">V\u00e6r med<\/a><\/div>\n\n<\/li><li class=\"wp-block-post post-49889 page type-page status-publish has-post-thumbnail hentry category-greenpeace tag-engasjer-deg\">\n<figure class=\"wp-block-post-featured-image\"><img loading=\"lazy\" decoding=\"async\" width=\"800\" height=\"533\" src=\"https:\/\/www.greenpeace.org\/static\/planet4-norway-stateless\/2022\/01\/a8ed7000-image.png\" class=\"attachment-post-thumbnail size-post-thumbnail wp-post-image wp-stateless-item\" alt=\"\" style=\"object-fit:cover;\" srcset=\"https:\/\/www.greenpeace.org\/static\/planet4-norway-stateless\/2022\/01\/a8ed7000-image.png 800w, https:\/\/www.greenpeace.org\/static\/planet4-norway-stateless\/2022\/01\/a8ed7000-image-300x200.png 300w, https:\/\/www.greenpeace.org\/static\/planet4-norway-stateless\/2022\/01\/a8ed7000-image-768x512.png 768w, https:\/\/www.greenpeace.org\/static\/planet4-norway-stateless\/2022\/01\/a8ed7000-image-510x340.png 510w\" sizes=\"auto, (max-width: 800px) 100vw, 800px\" data-image-size=\"post-thumbnail\" data-stateless-media-bucket=\"planet4-norway-stateless\" data-stateless-media-name=\"2022\/01\/a8ed7000-image.png\" \/><\/figure>\n\n\n                <div class=\"wp-block-group group-stretched-link is-layout-flow wp-block-group-is-layout-flow\"><div class=\"wp-block-post-terms\">Greenpeace<\/div>\n                <h3 class=\"wp-block-post-title\"><a href=\"https:\/\/www.greenpeace.org\/norway\/vaer-med\/nyhetsbrev\/\" target=\"_self\" >Meld deg p\u00e5 Greenpeace sitt nyhetsbrev<\/a><\/h3>\n                <div class=\"wp-block-post-excerpt\"><p class=\"wp-block-post-excerpt__excerpt\">F\u00e5 nyheter, oppdateringer og tips om klima og milj\u00f8 p\u00e5 e-post. Du kan vente deg oppdateringer fra oss noen ganger i m\u00e5neden, og kan melde deg av n\u00e5r som helst. <\/p><\/div><\/div>\n                \n\n\n<div class=\"wp-block-group read-more-nav is-layout-flow wp-block-group-is-layout-flow\"><a href=\"https:\/\/www.greenpeace.org\/norway\/vaer-med\/nyhetsbrev\/\" class=\"btn btn-primary btn-small\" aria-label=\"V\u00e6r med\">V\u00e6r med<\/a><\/div>\n\n<\/li><li class=\"wp-block-post post-49392 page type-page status-publish has-post-thumbnail hentry category-greenpeace tag-engasjer-deg\">\n<figure class=\"wp-block-post-featured-image\"><img loading=\"lazy\" decoding=\"async\" width=\"2048\" height=\"1366\" src=\"https:\/\/www.greenpeace.org\/static\/planet4-norway-stateless\/2021\/11\/243193ac-hallifornia_gp_jana_eriksson-4413-2048x1366-1.jpg\" class=\"attachment-post-thumbnail size-post-thumbnail wp-post-image wp-stateless-item\" alt=\"\" style=\"object-fit:cover;\" srcset=\"https:\/\/www.greenpeace.org\/static\/planet4-norway-stateless\/2021\/11\/243193ac-hallifornia_gp_jana_eriksson-4413-2048x1366-1.jpg 2048w, https:\/\/www.greenpeace.org\/static\/planet4-norway-stateless\/2021\/11\/243193ac-hallifornia_gp_jana_eriksson-4413-2048x1366-1-300x200.jpg 300w, https:\/\/www.greenpeace.org\/static\/planet4-norway-stateless\/2021\/11\/243193ac-hallifornia_gp_jana_eriksson-4413-2048x1366-1-1024x683.jpg 1024w, https:\/\/www.greenpeace.org\/static\/planet4-norway-stateless\/2021\/11\/243193ac-hallifornia_gp_jana_eriksson-4413-2048x1366-1-768x512.jpg 768w, https:\/\/www.greenpeace.org\/static\/planet4-norway-stateless\/2021\/11\/243193ac-hallifornia_gp_jana_eriksson-4413-2048x1366-1-1536x1025.jpg 1536w, https:\/\/www.greenpeace.org\/static\/planet4-norway-stateless\/2021\/11\/243193ac-hallifornia_gp_jana_eriksson-4413-2048x1366-1-510x340.jpg 510w\" sizes=\"auto, (max-width: 2048px) 100vw, 2048px\" data-image-size=\"post-thumbnail\" data-stateless-media-bucket=\"planet4-norway-stateless\" data-stateless-media-name=\"2021\/11\/243193ac-hallifornia_gp_jana_eriksson-4413-2048x1366-1.jpg\" \/><\/figure>\n\n\n                <div class=\"wp-block-group group-stretched-link is-layout-flow wp-block-group-is-layout-flow\"><div class=\"wp-block-post-terms\">Greenpeace<\/div>\n                <h3 class=\"wp-block-post-title\"><a href=\"https:\/\/www.greenpeace.org\/norway\/vaer-med\/bli-verver\/\" target=\"_self\" >Bli verver<\/a><\/h3>\n                <div class=\"wp-block-post-excerpt\"><p class=\"wp-block-post-excerpt__excerpt\">Brenner du for milj\u00f8 og klima? Vi vil jobbe med deg! <\/p><\/div><\/div>\n                \n\n\n<div class=\"wp-block-group read-more-nav is-layout-flow wp-block-group-is-layout-flow\"><a href=\"https:\/\/www.greenpeace.org\/norway\/vaer-med\/bli-verver\/\" class=\"btn btn-primary btn-small\" aria-label=\"V\u00e6r med\">V\u00e6r med<\/a><\/div>\n\n<\/li><li class=\"wp-block-post post-3545 page type-page status-publish has-post-thumbnail hentry category-greenpeace tag-engasjer-deg\">\n<figure class=\"wp-block-post-featured-image\"><img loading=\"lazy\" decoding=\"async\" width=\"800\" height=\"533\" src=\"https:\/\/www.greenpeace.org\/static\/planet4-norway-stateless\/2020\/06\/066fcfc4-gp0sttv2q_web_size.jpg\" class=\"attachment-post-thumbnail size-post-thumbnail wp-post-image wp-stateless-item\" alt=\"\" style=\"object-fit:cover;\" srcset=\"https:\/\/www.greenpeace.org\/static\/planet4-norway-stateless\/2020\/06\/066fcfc4-gp0sttv2q_web_size.jpg 800w, https:\/\/www.greenpeace.org\/static\/planet4-norway-stateless\/2020\/06\/066fcfc4-gp0sttv2q_web_size-300x200.jpg 300w, https:\/\/www.greenpeace.org\/static\/planet4-norway-stateless\/2020\/06\/066fcfc4-gp0sttv2q_web_size-768x512.jpg 768w, https:\/\/www.greenpeace.org\/static\/planet4-norway-stateless\/2020\/06\/066fcfc4-gp0sttv2q_web_size-510x340.jpg 510w\" sizes=\"auto, (max-width: 800px) 100vw, 800px\" data-image-size=\"post-thumbnail\" data-stateless-media-bucket=\"planet4-norway-stateless\" data-stateless-media-name=\"2020\/06\/066fcfc4-gp0sttv2q_web_size.jpg\" \/><\/figure>\n\n\n                <div class=\"wp-block-group group-stretched-link is-layout-flow wp-block-group-is-layout-flow\"><div class=\"wp-block-post-terms\">Greenpeace<\/div>\n                <h3 class=\"wp-block-post-title\"><a href=\"https:\/\/www.greenpeace.org\/norway\/vaer-med\/testamentariske-gaver\/\" target=\"_self\" >Testamentariske gaver<\/a><\/h3>\n                <div class=\"wp-block-post-excerpt\"><p class=\"wp-block-post-excerpt__excerpt\">Testamentariske gaver, store og sm\u00e5, er sv\u00e6rt verdifulle bidrag til kampanjene v\u00e5re. En testamentarisk gave v\u00e6re helt avgj\u00f8rende for Greenpeace sitt arbeid. <\/p><\/div><\/div>\n                \n\n\n<div class=\"wp-block-group read-more-nav is-layout-flow wp-block-group-is-layout-flow\"><a href=\"https:\/\/www.greenpeace.org\/norway\/vaer-med\/testamentariske-gaver\/\" class=\"btn btn-primary btn-small\" aria-label=\"V\u00e6r med\">V\u00e6r med<\/a><\/div>\n\n<\/li><li class=\"wp-block-post post-1344 page type-page status-publish has-post-thumbnail hentry category-greenpeace tag-engasjer-deg\">\n<figure class=\"wp-block-post-featured-image\"><img loading=\"lazy\" decoding=\"async\" width=\"794\" height=\"1199\" src=\"https:\/\/www.greenpeace.org\/static\/planet4-norway-stateless\/2019\/04\/35e4d35d-gp0stqnls_medium_res.jpg\" class=\"attachment-post-thumbnail size-post-thumbnail wp-post-image wp-stateless-item\" alt=\"\" style=\"object-fit:cover;\" srcset=\"https:\/\/www.greenpeace.org\/static\/planet4-norway-stateless\/2019\/04\/35e4d35d-gp0stqnls_medium_res.jpg 794w, https:\/\/www.greenpeace.org\/static\/planet4-norway-stateless\/2019\/04\/35e4d35d-gp0stqnls_medium_res-199x300.jpg 199w, https:\/\/www.greenpeace.org\/static\/planet4-norway-stateless\/2019\/04\/35e4d35d-gp0stqnls_medium_res-768x1160.jpg 768w, https:\/\/www.greenpeace.org\/static\/planet4-norway-stateless\/2019\/04\/35e4d35d-gp0stqnls_medium_res-678x1024.jpg 678w, https:\/\/www.greenpeace.org\/static\/planet4-norway-stateless\/2019\/04\/35e4d35d-gp0stqnls_medium_res-225x340.jpg 225w\" sizes=\"auto, (max-width: 794px) 100vw, 794px\" data-image-size=\"post-thumbnail\" data-stateless-media-bucket=\"planet4-norway-stateless\" data-stateless-media-name=\"2019\/04\/35e4d35d-gp0stqnls_medium_res.jpg\" \/><\/figure>\n\n\n                <div class=\"wp-block-group group-stretched-link is-layout-flow wp-block-group-is-layout-flow\"><div class=\"wp-block-post-terms\">Greenpeace<\/div>\n                <h3 class=\"wp-block-post-title\"><a href=\"https:\/\/www.greenpeace.org\/norway\/vaer-med\/bli-frivillig\/\" target=\"_self\" >Frivillig arbeid i Greenpeace<\/a><\/h3>\n                <div class=\"wp-block-post-excerpt\"><p class=\"wp-block-post-excerpt__excerpt\">Som frivillig i Greenpeace er du med og utgj\u00f8r en forskjell for klima og milj\u00f8. Her kan du l\u00e6re mer om frivillig arbeid i Greenpeace og hvordan du kan bidra. <\/p><\/div><\/div>\n                \n\n\n<div class=\"wp-block-group read-more-nav is-layout-flow wp-block-group-is-layout-flow\"><a href=\"https:\/\/www.greenpeace.org\/norway\/vaer-med\/bli-frivillig\/\" class=\"btn btn-primary btn-small\" aria-label=\"V\u00e6r med\">V\u00e6r med<\/a><\/div>\n\n<\/li><li class=\"wp-block-post post-1967 page type-page status-publish has-post-thumbnail hentry category-greenpeace tag-engasjer-deg\">\n<figure class=\"wp-block-post-featured-image\"><img loading=\"lazy\" decoding=\"async\" width=\"800\" height=\"533\" src=\"https:\/\/www.greenpeace.org\/static\/planet4-norway-stateless\/2019\/10\/68bc5205-gp0stto4u_web_size.jpg\" class=\"attachment-post-thumbnail size-post-thumbnail wp-post-image wp-stateless-item\" alt=\"\" style=\"object-fit:cover;\" srcset=\"https:\/\/www.greenpeace.org\/static\/planet4-norway-stateless\/2019\/10\/68bc5205-gp0stto4u_web_size.jpg 800w, https:\/\/www.greenpeace.org\/static\/planet4-norway-stateless\/2019\/10\/68bc5205-gp0stto4u_web_size-300x200.jpg 300w, https:\/\/www.greenpeace.org\/static\/planet4-norway-stateless\/2019\/10\/68bc5205-gp0stto4u_web_size-768x512.jpg 768w, https:\/\/www.greenpeace.org\/static\/planet4-norway-stateless\/2019\/10\/68bc5205-gp0stto4u_web_size-510x340.jpg 510w\" sizes=\"auto, (max-width: 800px) 100vw, 800px\" data-image-size=\"post-thumbnail\" data-stateless-media-bucket=\"planet4-norway-stateless\" data-stateless-media-name=\"2019\/10\/68bc5205-gp0stto4u_web_size.jpg\" \/><\/figure>\n\n\n                <div class=\"wp-block-group group-stretched-link is-layout-flow wp-block-group-is-layout-flow\"><div class=\"wp-block-post-terms\">Greenpeace<\/div>\n                <h3 class=\"wp-block-post-title\"><a href=\"https:\/\/www.greenpeace.org\/norway\/vaer-med\/greenspeaker\/\" target=\"_self\" >Greenspeakerprogrammet<\/a><\/h3>\n                <div class=\"wp-block-post-excerpt\"><p class=\"wp-block-post-excerpt__excerpt\">Inviter en Greenspeaker til skolen, kontoret eller arrangementet ditt, eller bli en Greenspeaker selv. <\/p><\/div><\/div>\n                \n\n\n<div class=\"wp-block-group read-more-nav is-layout-flow wp-block-group-is-layout-flow\"><a href=\"https:\/\/www.greenpeace.org\/norway\/vaer-med\/greenspeaker\/\" class=\"btn btn-primary btn-small\" aria-label=\"V\u00e6r med\">V\u00e6r med<\/a><\/div>\n\n<\/li><\/ul>\n\n\n<div class=\"wp-block-buttons carousel-controls is-horizontal is-content-justification-space-between is-nowrap is-layout-flex wp-container-core-buttons-is-layout-044bd602 wp-block-buttons-is-layout-flex\">\n<div class=\"wp-block-button carousel-control-prev\"><button type=\"button\" class=\"wp-block-button__link wp-element-button\">Prev<\/button><\/div>\n\n\n\n<div class=\"wp-block-button carousel-control-next\"><button type=\"button\" class=\"wp-block-button__link wp-element-button\">Next<\/button><\/div>\n<\/div>\n\n\n<\/div>\n\n\n\n<div style=\"height:10px\" aria-hidden=\"true\" id=\"nyheter\" class=\"wp-block-spacer\"><\/div>\n\n\n\n<div class=\"wp-block-query posts-list p4-query-loop is-custom-layout-list is-layout-flow wp-block-query-is-layout-flow\">\n<div class=\"wp-block-group is-content-justification-space-between is-layout-flex wp-container-core-group-is-layout-3d213aab wp-block-group-is-layout-flex\">\n<h2 class=\"wp-block-heading\">Nyheter om truslene mot havet<\/h2>\n<\/div>\n\n\n\n<p style=\"margin-top:24px;margin-bottom:36px\"><\/p>\n\n\n\n\n<ul class=\"wp-block-post-template is-layout-flow wp-block-post-template-is-layout-flow\"><li class=\"wp-block-post post-67005 post type-post status-publish format-standard has-post-thumbnail hentry category-hav tag-seire tag-arktis tag-beskytthavet tag-gruvedrift tag-havindustri tag-biologiskmangfold p4-page-type-nyheter\">\n\n<div class=\"wp-block-columns is-layout-flex wp-container-core-columns-is-layout-9d6595d7 wp-block-columns-is-layout-flex\"><figure class=\"wp-block-post-featured-image\"><a href=\"https:\/\/www.greenpeace.org\/norway\/nyheter\/hav\/gode-nyheter-for-havet-2026\/\" target=\"_self\"  ><img loading=\"lazy\" decoding=\"async\" width=\"1200\" height=\"800\" src=\"https:\/\/www.greenpeace.org\/static\/planet4-norway-stateless\/2026\/04\/a894d85a-gp0su06x6.jpg\" class=\"attachment-post-thumbnail size-post-thumbnail wp-post-image wp-stateless-item\" alt=\"Gode nyheter for havet 2026\" style=\"object-fit:cover;\" srcset=\"https:\/\/www.greenpeace.org\/static\/planet4-norway-stateless\/2026\/04\/a894d85a-gp0su06x6.jpg 1200w, https:\/\/www.greenpeace.org\/static\/planet4-norway-stateless\/2026\/04\/a894d85a-gp0su06x6-300x200.jpg 300w, https:\/\/www.greenpeace.org\/static\/planet4-norway-stateless\/2026\/04\/a894d85a-gp0su06x6-1024x683.jpg 1024w, https:\/\/www.greenpeace.org\/static\/planet4-norway-stateless\/2026\/04\/a894d85a-gp0su06x6-768x512.jpg 768w, https:\/\/www.greenpeace.org\/static\/planet4-norway-stateless\/2026\/04\/a894d85a-gp0su06x6-510x340.jpg 510w\" sizes=\"auto, (max-width: 1200px) 100vw, 1200px\" data-image-size=\"post-thumbnail\" data-stateless-media-bucket=\"planet4-norway-stateless\" data-stateless-media-name=\"2026\/04\/a894d85a-gp0su06x6.jpg\" \/><\/a><\/figure>\n\n\n<div class=\"wp-block-group is-layout-flow wp-block-group-is-layout-flow\">\n<div class=\"wp-block-group is-layout-flex wp-block-group-is-layout-flex\"><div class=\"wp-block-post-terms\"><a href=\"https:\/\/www.greenpeace.org\/norway\/kategori\/hav\/\">Hav<\/a><\/div>\n\n<div class=\"taxonomy-post_tag wp-block-post-terms\"><a href=\"https:\/\/www.greenpeace.org\/norway\/tag\/seire\/\" rel=\"tag\">seire<\/a><span class=\"wp-block-post-terms__separator\"> <\/span><a href=\"https:\/\/www.greenpeace.org\/norway\/tag\/arktis\/\" rel=\"tag\">arktis<\/a><span class=\"wp-block-post-terms__separator\"> <\/span><a href=\"https:\/\/www.greenpeace.org\/norway\/tag\/beskytthavet\/\" rel=\"tag\">beskytthavet<\/a><span class=\"wp-block-post-terms__separator\"> <\/span><a href=\"https:\/\/www.greenpeace.org\/norway\/tag\/gruvedrift\/\" rel=\"tag\">gruvedrift<\/a><span class=\"wp-block-post-terms__separator\"> <\/span><a href=\"https:\/\/www.greenpeace.org\/norway\/tag\/havindustri\/\" rel=\"tag\">havindustri<\/a><span class=\"wp-block-post-terms__separator\"> <\/span><a href=\"https:\/\/www.greenpeace.org\/norway\/tag\/biologiskmangfold\/\" rel=\"tag\">biologiskmangfold<\/a><\/div><\/div>\n\n\n<h3 class=\"wp-block-post-title\"><a href=\"https:\/\/www.greenpeace.org\/norway\/nyheter\/hav\/gode-nyheter-for-havet-2026\/\" target=\"_self\" >Gode nyheter for havet 2026<\/a><\/h3>\n\n<div class=\"wp-block-post-excerpt\"><p class=\"wp-block-post-excerpt__excerpt\">Les om noen nylige seire for havene v\u00e5re. Med disse gode nyhetene ligger 2026 an til \u00e5 bli et skikkelig godt hav\u00e5r! <\/p><\/div>\n\n\n<div class=\"wp-block-group posts-list-meta is-layout-flow wp-block-group-is-layout-flow\"><span class='article-list-item-author'><a href='https:\/\/www.greenpeace.org\/norway\/author\/hjalborg\/'>Hanne Jalborg<\/a><\/span>\n\n<div class=\"wp-block-post-date\"><time datetime=\"2026-04-28T11:47:36+01:00\">28 april, 2026<\/time><\/div><\/div>\n<\/div>\n<\/div>\n\n<\/li><li class=\"wp-block-post post-66884 post type-post status-publish format-standard has-post-thumbnail hentry category-greenpeace tag-fossilenergi tag-klimarettssaker tag-beskytthavet tag-baerekraftigmat tag-seire p4-page-type-nyheter\">\n\n<div class=\"wp-block-columns is-layout-flex wp-container-core-columns-is-layout-9d6595d7 wp-block-columns-is-layout-flex\"><figure class=\"wp-block-post-featured-image\"><a href=\"https:\/\/www.greenpeace.org\/norway\/nyheter\/greenpeace\/trenger-du-noen-gode-nyheter-fire-seire-fra-starten-av-2026\/\" target=\"_self\"  ><img loading=\"lazy\" decoding=\"async\" width=\"1200\" height=\"800\" src=\"https:\/\/www.greenpeace.org\/static\/planet4-norway-stateless\/2026\/04\/6ed3d6cb-gp0su850n.jpg\" class=\"attachment-post-thumbnail size-post-thumbnail wp-post-image wp-stateless-item\" alt=\"Trenger du noen gode nyheter? Fire seire fra starten av 2026\" style=\"object-fit:cover;\" srcset=\"https:\/\/www.greenpeace.org\/static\/planet4-norway-stateless\/2026\/04\/6ed3d6cb-gp0su850n.jpg 1200w, https:\/\/www.greenpeace.org\/static\/planet4-norway-stateless\/2026\/04\/6ed3d6cb-gp0su850n-300x200.jpg 300w, https:\/\/www.greenpeace.org\/static\/planet4-norway-stateless\/2026\/04\/6ed3d6cb-gp0su850n-1024x683.jpg 1024w, https:\/\/www.greenpeace.org\/static\/planet4-norway-stateless\/2026\/04\/6ed3d6cb-gp0su850n-768x512.jpg 768w, https:\/\/www.greenpeace.org\/static\/planet4-norway-stateless\/2026\/04\/6ed3d6cb-gp0su850n-510x340.jpg 510w\" sizes=\"auto, (max-width: 1200px) 100vw, 1200px\" data-image-size=\"post-thumbnail\" data-stateless-media-bucket=\"planet4-norway-stateless\" data-stateless-media-name=\"2026\/04\/6ed3d6cb-gp0su850n.jpg\" \/><\/a><\/figure>\n\n\n<div class=\"wp-block-group is-layout-flow wp-block-group-is-layout-flow\">\n<div class=\"wp-block-group is-layout-flex wp-block-group-is-layout-flex\"><div class=\"wp-block-post-terms\"><a href=\"https:\/\/www.greenpeace.org\/norway\/kategori\/greenpeace\/\">Greenpeace<\/a><\/div>\n\n<div class=\"taxonomy-post_tag wp-block-post-terms\"><a href=\"https:\/\/www.greenpeace.org\/norway\/tag\/fossilenergi\/\" rel=\"tag\">fossilenergi<\/a><span class=\"wp-block-post-terms__separator\"> <\/span><a href=\"https:\/\/www.greenpeace.org\/norway\/tag\/klimarettssaker\/\" rel=\"tag\">klimarettssaker<\/a><span class=\"wp-block-post-terms__separator\"> <\/span><a href=\"https:\/\/www.greenpeace.org\/norway\/tag\/beskytthavet\/\" rel=\"tag\">beskytthavet<\/a><span class=\"wp-block-post-terms__separator\"> <\/span><a href=\"https:\/\/www.greenpeace.org\/norway\/tag\/baerekraftigmat\/\" rel=\"tag\">b\u00e6rekraftigmat<\/a><span class=\"wp-block-post-terms__separator\"> <\/span><a href=\"https:\/\/www.greenpeace.org\/norway\/tag\/seire\/\" rel=\"tag\">seire<\/a><\/div><\/div>\n\n\n<h3 class=\"wp-block-post-title\"><a href=\"https:\/\/www.greenpeace.org\/norway\/nyheter\/greenpeace\/trenger-du-noen-gode-nyheter-fire-seire-fra-starten-av-2026\/\" target=\"_self\" >Trenger du noen gode nyheter? Fire seire fra starten av 2026<\/a><\/h3>\n\n<div class=\"wp-block-post-excerpt\"><p class=\"wp-block-post-excerpt__excerpt\">I en tid med mange tunge nyheter vil vi gjerne minne deg p\u00e5 hva vi f\u00e5r til sammen. Her er fire gode nyheter for klima og milj\u00f8 fra starten av 2026. <\/p><\/div>\n\n\n<div class=\"wp-block-group posts-list-meta is-layout-flow wp-block-group-is-layout-flow\"><span class='article-list-item-author'><a href='https:\/\/www.greenpeace.org\/norway\/author\/hjalborg\/'>Hanne Jalborg<\/a><\/span>\n\n<div class=\"wp-block-post-date\"><time datetime=\"2026-04-16T09:33:42+01:00\">16 april, 2026<\/time><\/div><\/div>\n<\/div>\n<\/div>\n\n<\/li><li class=\"wp-block-post post-66400 post type-post status-publish format-standard has-post-thumbnail hentry category-greenpeace tag-seire tag-gruvedrift tag-nyttklimasoksmal tag-beskytthavet tag-skogbruk p4-page-type-nyheter\">\n\n<div class=\"wp-block-columns is-layout-flex wp-container-core-columns-is-layout-9d6595d7 wp-block-columns-is-layout-flex\"><figure class=\"wp-block-post-featured-image\"><a href=\"https:\/\/www.greenpeace.org\/norway\/nyheter\/greenpeace\/hurra-gode-nyheter-for-klima-og-miljo-fra-2025\/\" target=\"_self\"  ><img loading=\"lazy\" decoding=\"async\" width=\"1200\" height=\"800\" src=\"https:\/\/www.greenpeace.org\/static\/planet4-norway-stateless\/2025\/12\/dbdfddb0-gp0su2ehv.jpg\" class=\"attachment-post-thumbnail size-post-thumbnail wp-post-image wp-stateless-item\" alt=\"Hurra! Gode nyheter for klima og milj\u00f8 fra 2025\" style=\"object-fit:cover;\" srcset=\"https:\/\/www.greenpeace.org\/static\/planet4-norway-stateless\/2025\/12\/dbdfddb0-gp0su2ehv.jpg 1200w, https:\/\/www.greenpeace.org\/static\/planet4-norway-stateless\/2025\/12\/dbdfddb0-gp0su2ehv-300x200.jpg 300w, https:\/\/www.greenpeace.org\/static\/planet4-norway-stateless\/2025\/12\/dbdfddb0-gp0su2ehv-1024x683.jpg 1024w, https:\/\/www.greenpeace.org\/static\/planet4-norway-stateless\/2025\/12\/dbdfddb0-gp0su2ehv-768x512.jpg 768w, https:\/\/www.greenpeace.org\/static\/planet4-norway-stateless\/2025\/12\/dbdfddb0-gp0su2ehv-510x340.jpg 510w\" sizes=\"auto, (max-width: 1200px) 100vw, 1200px\" data-image-size=\"post-thumbnail\" data-stateless-media-bucket=\"planet4-norway-stateless\" data-stateless-media-name=\"2025\/12\/dbdfddb0-gp0su2ehv.jpg\" \/><\/a><\/figure>\n\n\n<div class=\"wp-block-group is-layout-flow wp-block-group-is-layout-flow\">\n<div class=\"wp-block-group is-layout-flex wp-block-group-is-layout-flex\"><div class=\"wp-block-post-terms\"><a href=\"https:\/\/www.greenpeace.org\/norway\/kategori\/greenpeace\/\">Greenpeace<\/a><\/div>\n\n<div class=\"taxonomy-post_tag wp-block-post-terms\"><a href=\"https:\/\/www.greenpeace.org\/norway\/tag\/seire\/\" rel=\"tag\">seire<\/a><span class=\"wp-block-post-terms__separator\"> <\/span><a href=\"https:\/\/www.greenpeace.org\/norway\/tag\/gruvedrift\/\" rel=\"tag\">gruvedrift<\/a><span class=\"wp-block-post-terms__separator\"> <\/span><a href=\"https:\/\/www.greenpeace.org\/norway\/tag\/nyttklimasoksmal\/\" rel=\"tag\">nyttklimas\u00f8ksm\u00e5l<\/a><span class=\"wp-block-post-terms__separator\"> <\/span><a href=\"https:\/\/www.greenpeace.org\/norway\/tag\/beskytthavet\/\" rel=\"tag\">beskytthavet<\/a><span class=\"wp-block-post-terms__separator\"> <\/span><a href=\"https:\/\/www.greenpeace.org\/norway\/tag\/skogbruk\/\" rel=\"tag\">skogbruk<\/a><\/div><\/div>\n\n\n<h3 class=\"wp-block-post-title\"><a href=\"https:\/\/www.greenpeace.org\/norway\/nyheter\/greenpeace\/hurra-gode-nyheter-for-klima-og-miljo-fra-2025\/\" target=\"_self\" >Hurra! Gode nyheter for klima og milj\u00f8 fra 2025<\/a><\/h3>\n\n<div class=\"wp-block-post-excerpt\"><p class=\"wp-block-post-excerpt__excerpt\">Vi har vunnet flere store gr\u00f8nne seire i \u00e5r. Her er fire skikkelig gode nyheter for klima og milj\u00f8 fra 2025. <\/p><\/div>\n\n\n<div class=\"wp-block-group posts-list-meta is-layout-flow wp-block-group-is-layout-flow\"><span class='article-list-item-author'><a href='https:\/\/www.greenpeace.org\/norway\/author\/hjalborg\/'>Hanne Jalborg<\/a><\/span>\n\n<div class=\"wp-block-post-date\"><time datetime=\"2025-12-17T11:52:46+01:00\">17 desember, 2025<\/time><\/div><\/div>\n<\/div>\n<\/div>\n\n<\/li><\/ul>\n\n\n<div class=\"wp-block-buttons carousel-controls is-horizontal is-content-justification-space-between is-nowrap is-layout-flex wp-container-core-buttons-is-layout-044bd602 wp-block-buttons-is-layout-flex\">\n<div class=\"wp-block-button carousel-control-prev\"><button type=\"button\" class=\"wp-block-button__link wp-element-button\">Prev<\/button><\/div>\n\n\n\n<div class=\"wp-block-button carousel-control-next\"><button type=\"button\" class=\"wp-block-button__link wp-element-button\">Next<\/button><\/div>\n<\/div>\n\n\n<li class=\" wp-block-navigation-item see-all-link wp-block-navigation-link\"><a class=\"wp-block-navigation-item__content\"  href=\"https:\/\/www.greenpeace.org\/norway\/senaste-nytt\/?tag=gruvedrift&#038;post-type=nyheter\"><span class=\"wp-block-navigation-item__label\">Les mer<\/span><\/a><\/li><\/div>\n\n\n\n<div class=\"wp-block-group alignfull block is-pattern-p4-deep-dive has-grey-100-background-color has-background is-layout-flow wp-block-group-is-layout-flow\">\n<div class=\"wp-block-group container is-layout-flow wp-block-group-is-layout-flow\">\n<div style=\"height:24px\" aria-hidden=\"true\" class=\"wp-block-spacer\"><\/div>\n\n\n\n<h2 class=\"wp-block-heading has-text-align-center\">L\u00e6r mer om sakene<\/h2>\n\n\n\n<div class=\"wp-block-columns is-layout-flex wp-container-core-columns-is-layout-9d6595d7 wp-block-columns-is-layout-flex\">\n<div class=\"wp-block-column is-layout-flow wp-block-column-is-layout-flow\">\n<div class=\"wp-block-group group-stretched-link is-layout-flow wp-block-group-is-layout-flow\">\n<figure class=\"wp-block-image aligncenter size-full is-resized force-no-lightbox force-no-caption is-style-rounded-180\"><img loading=\"lazy\" decoding=\"async\" width=\"800\" height=\"533\" src=\"https:\/\/www.greenpeace.org\/static\/planet4-norway-stateless\/2022\/12\/e84e88ac-gp0stt3fm_web_size.jpg\" alt=\"En krabbe fanget i en plastkopp i Verde Island-sundet p\u00e5 Filippinene.\" class=\"wp-image-53271\" srcset=\"https:\/\/www.greenpeace.org\/static\/planet4-norway-stateless\/2022\/12\/e84e88ac-gp0stt3fm_web_size.jpg 800w, https:\/\/www.greenpeace.org\/static\/planet4-norway-stateless\/2022\/12\/e84e88ac-gp0stt3fm_web_size-300x200.jpg 300w, https:\/\/www.greenpeace.org\/static\/planet4-norway-stateless\/2022\/12\/e84e88ac-gp0stt3fm_web_size-768x512.jpg 768w, https:\/\/www.greenpeace.org\/static\/planet4-norway-stateless\/2022\/12\/e84e88ac-gp0stt3fm_web_size-510x340.jpg 510w\" sizes=\"auto, (max-width: 800px) 100vw, 800px\" \/><figcaption class=\"wp-element-caption\">A crab was trapped inside a discarded Zagu milktea cup in Verde Island Passage, the epicenter of global marine biodiversity, in Batangas City, the Philippines.<\/figcaption><\/figure>\n\n\n\n<h5 class=\"wp-block-heading has-text-align-center is-style-chevron\" style=\"font-size:1rem\"><a href=\"https:\/\/www.greenpeace.org\/norway\/?page_id=52274\">Plast i havet<\/a><\/h5>\n\n\n\n<div style=\"height:16px\" aria-hidden=\"true\" class=\"wp-block-spacer\"><\/div>\n<\/div>\n<\/div>\n\n\n\n<div class=\"wp-block-column is-layout-flow wp-block-column-is-layout-flow\">\n<div class=\"wp-block-group group-stretched-link is-layout-flow wp-block-group-is-layout-flow\">\n<figure class=\"wp-block-image aligncenter size-full is-resized force-no-lightbox force-no-caption is-style-rounded-180\"><img loading=\"lazy\" decoding=\"async\" width=\"1024\" height=\"683\" src=\"https:\/\/www.greenpeace.org\/static\/planet4-norway-stateless\/2022\/12\/dd4b64da-gp0stp6bp-1024x683-1.jpg\" alt=\"Fiskere trekker opp et garn p\u00e5 en tradisjonell trekano ved \u00f8ya Nosy-Be utenfor Madagaskar.\" class=\"wp-image-53274\" srcset=\"https:\/\/www.greenpeace.org\/static\/planet4-norway-stateless\/2022\/12\/dd4b64da-gp0stp6bp-1024x683-1.jpg 1024w, https:\/\/www.greenpeace.org\/static\/planet4-norway-stateless\/2022\/12\/dd4b64da-gp0stp6bp-1024x683-1-300x200.jpg 300w, https:\/\/www.greenpeace.org\/static\/planet4-norway-stateless\/2022\/12\/dd4b64da-gp0stp6bp-1024x683-1-768x512.jpg 768w, https:\/\/www.greenpeace.org\/static\/planet4-norway-stateless\/2022\/12\/dd4b64da-gp0stp6bp-1024x683-1-510x340.jpg 510w\" sizes=\"auto, (max-width: 1024px) 100vw, 1024px\" \/><figcaption class=\"wp-element-caption\">A shark is hauled onboard the Nuevo Zumaya, a Spanish longliner targeting swordfish in the south east Atlantic.\n\nThe Greenpeace ship Arctic Sunrise and crew are investigating distant water fishing fleet practices in the Mid-Atlantic during September and October 2019.<\/figcaption><\/figure>\n\n\n\n<h5 class=\"wp-block-heading has-text-align-center is-style-chevron\" style=\"font-size:1rem\"><a href=\"https:\/\/www.greenpeace.org\/norway\/?page_id=52276\" data-type=\"URL\" data-id=\"https:\/\/www.greenpeace.org\/norway\/?page_id=52276\">Fiskeri<\/a><\/h5>\n\n\n\n<div style=\"height:16px\" aria-hidden=\"true\" class=\"wp-block-spacer\"><\/div>\n<\/div>\n<\/div>\n\n\n\n<div class=\"wp-block-column is-layout-flow wp-block-column-is-layout-flow\">\n<div class=\"wp-block-group group-stretched-link is-layout-flow wp-block-group-is-layout-flow\">\n<figure class=\"wp-block-image aligncenter size-full is-resized force-no-lightbox force-no-caption is-style-rounded-180\"><img loading=\"lazy\" decoding=\"async\" width=\"800\" height=\"534\" src=\"https:\/\/www.greenpeace.org\/static\/planet4-norway-stateless\/2024\/03\/cb539715-gp0styhe1_low_res.jpg\" title=\"Protest mot gruvedrift p\u00e5 havbunnen i Stillehavet. Aktivist Amanda Louise Helle holder opp et banner.\" alt=\"Protest mot gruvedrift p\u00e5 havbunnen i Stillehavet. Aktivist Amanda Louise Helle holder opp et banner.\" class=\"wp-image-59662\" srcset=\"https:\/\/www.greenpeace.org\/static\/planet4-norway-stateless\/2024\/03\/cb539715-gp0styhe1_low_res.jpg 800w, https:\/\/www.greenpeace.org\/static\/planet4-norway-stateless\/2024\/03\/cb539715-gp0styhe1_low_res-300x200.jpg 300w, https:\/\/www.greenpeace.org\/static\/planet4-norway-stateless\/2024\/03\/cb539715-gp0styhe1_low_res-768x513.jpg 768w, https:\/\/www.greenpeace.org\/static\/planet4-norway-stateless\/2024\/03\/cb539715-gp0styhe1_low_res-510x340.jpg 510w\" sizes=\"auto, (max-width: 800px) 100vw, 800px\" \/><figcaption class=\"wp-element-caption\">Greenpeace International activists from around the world have paddled and protested around MV COCO, a specialized offshore drilling vessel currently collecting data for deep sea mining frontrunner, The Metals Company, on its last expedition before it files the world\u2019s first ever application to mine the seabed in the Pacific Ocean.<\/figcaption><\/figure>\n\n\n\n<h5 class=\"wp-block-heading has-text-align-center is-style-chevron\" style=\"font-size:1rem\"><a href=\"https:\/\/www.greenpeace.org\/norway\/hav\/gruvedrift-pa-havbunnen\/\">Gruvedrift p\u00e5 havbunnen<\/a><\/h5>\n\n\n\n<div style=\"height:16px\" aria-hidden=\"true\" class=\"wp-block-spacer\"><\/div>\n<\/div>\n<\/div>\n<\/div>\n<\/div>\n<\/div>\n\n\n\n<div class=\"wp-block-group alignfull block is-pattern-p4-quick-links has-white-background-color has-background is-layout-flow wp-block-group-is-layout-flow\">\n<div class=\"wp-block-group container is-layout-flow wp-block-group-is-layout-flow\">\n<div style=\"height:24px\" aria-hidden=\"true\" class=\"wp-block-spacer\"><\/div>\n\n\n\n<h4 class=\"wp-block-heading has-text-align-center\">Utforsk andre temaer<\/h4>\n\n\n\n<div style=\"height:20px\" aria-hidden=\"true\" class=\"wp-block-spacer\"><\/div>\n\n\n\n<div class=\"wp-block-columns is-not-stacked-on-mobile is-style-mobile-carousel is-layout-flex wp-container-core-columns-is-layout-9d6595d7 wp-block-columns-is-layout-flex\">\n<div class=\"wp-block-column is-layout-flow wp-block-column-is-layout-flow\">\n<div class=\"wp-block-group group-stretched-link is-layout-flow wp-block-group-is-layout-flow\">\n<figure class=\"wp-block-image aligncenter size-large is-resized is-style-rounded-90 force-no-lightbox force-no-caption mb-0\"><img loading=\"lazy\" decoding=\"async\" width=\"1024\" height=\"683\" src=\"https:\/\/www.greenpeace.org\/static\/planet4-norway-stateless\/2022\/02\/7db94982-gp0219n-1024x683.jpg\" title=\"Severe Drought in China. \u00a9 Lu Guang \/ Greenpeace\" alt=\"T\u00f8rke i Kina.\" class=\"wp-image-50290\" srcset=\"https:\/\/www.greenpeace.org\/static\/planet4-norway-stateless\/2022\/02\/7db94982-gp0219n-1024x683.jpg 1024w, https:\/\/www.greenpeace.org\/static\/planet4-norway-stateless\/2022\/02\/7db94982-gp0219n-300x200.jpg 300w, https:\/\/www.greenpeace.org\/static\/planet4-norway-stateless\/2022\/02\/7db94982-gp0219n-768x512.jpg 768w, https:\/\/www.greenpeace.org\/static\/planet4-norway-stateless\/2022\/02\/7db94982-gp0219n-510x340.jpg 510w, https:\/\/www.greenpeace.org\/static\/planet4-norway-stateless\/2022\/02\/7db94982-gp0219n.jpg 1200w\" sizes=\"auto, (max-width: 1024px) 100vw, 1024px\" \/><figcaption class=\"wp-element-caption\">Greenpeace staff asses the dry ground, cracked due to the severe drought in Maojiacun Reservoir, Huize County.<div class=\"credit icon-left\"> \u00a9 Lu Guang \/ Greenpeace<\/div><\/figcaption><\/figure>\n\n\n\n<div style=\"height:16px\" aria-hidden=\"true\" class=\"wp-block-spacer\"><\/div>\n\n\n\n<h5 class=\"wp-block-heading has-text-align-center\" style=\"font-size:1rem\"><a href=\"https:\/\/www.greenpeace.org\/norway\/?page_id=52135\">Klimaendringer<\/a><\/h5>\n<\/div>\n<\/div>\n\n\n\n<div class=\"wp-block-column is-layout-flow wp-block-column-is-layout-flow\">\n<div class=\"wp-block-group group-stretched-link is-layout-flow wp-block-group-is-layout-flow\">\n<figure class=\"wp-block-image aligncenter size-full is-resized is-style-rounded-90 force-no-lightbox force-no-caption mb-0\"><img loading=\"lazy\" decoding=\"async\" width=\"800\" height=\"451\" src=\"https:\/\/www.greenpeace.org\/static\/planet4-norway-stateless\/2022\/12\/8a748afb-gp1su99g_web_size.jpg\" alt=\"Gassfelt i Nordsj\u00f8en.\" class=\"wp-image-52663\" srcset=\"https:\/\/www.greenpeace.org\/static\/planet4-norway-stateless\/2022\/12\/8a748afb-gp1su99g_web_size.jpg 800w, https:\/\/www.greenpeace.org\/static\/planet4-norway-stateless\/2022\/12\/8a748afb-gp1su99g_web_size-300x169.jpg 300w, https:\/\/www.greenpeace.org\/static\/planet4-norway-stateless\/2022\/12\/8a748afb-gp1su99g_web_size-768x433.jpg 768w, https:\/\/www.greenpeace.org\/static\/planet4-norway-stateless\/2022\/12\/8a748afb-gp1su99g_web_size-510x288.jpg 510w\" sizes=\"auto, (max-width: 800px) 100vw, 800px\" \/><figcaption class=\"wp-element-caption\">The sun sets behind Total&#8217;s Culzean Platforms located in the Culzean Field. Culzean is a gas condensate field located in the British North Sea, 230 kilometres off the coast of Aberdeen.\nDie Sonne geht hinter den von Total betriebenen Culzean-Plattformen unter. Die Plattformen stehen im  Culzean Feld, einem Gaskondensatfeld in der britischen Nordsee, etwa 230 Kilometer vor der K\u00fcste von Aberdeen entfernt.<\/figcaption><\/figure>\n\n\n\n<div style=\"height:16px\" aria-hidden=\"true\" class=\"wp-block-spacer\"><\/div>\n\n\n\n<h5 class=\"wp-block-heading has-text-align-center\" style=\"font-size:1rem\"><a href=\"https:\/\/www.greenpeace.org\/norway\/?page_id=52153\">Energi<\/a><\/h5>\n<\/div>\n<\/div>\n\n\n\n<div class=\"wp-block-column is-layout-flow wp-block-column-is-layout-flow\">\n<div class=\"wp-block-group group-stretched-link is-layout-flow wp-block-group-is-layout-flow\">\n<figure class=\"wp-block-image aligncenter size-full is-resized is-style-rounded-90 force-no-lightbox force-no-caption mb-0\"><img loading=\"lazy\" decoding=\"async\" width=\"800\" height=\"533\" src=\"https:\/\/www.greenpeace.org\/static\/planet4-norway-stateless\/2022\/12\/969bd562-gp1svdes_web_size.jpg\" alt=\"Ugle i Estland.\" class=\"wp-image-52662\" srcset=\"https:\/\/www.greenpeace.org\/static\/planet4-norway-stateless\/2022\/12\/969bd562-gp1svdes_web_size.jpg 800w, https:\/\/www.greenpeace.org\/static\/planet4-norway-stateless\/2022\/12\/969bd562-gp1svdes_web_size-300x200.jpg 300w, https:\/\/www.greenpeace.org\/static\/planet4-norway-stateless\/2022\/12\/969bd562-gp1svdes_web_size-768x512.jpg 768w, https:\/\/www.greenpeace.org\/static\/planet4-norway-stateless\/2022\/12\/969bd562-gp1svdes_web_size-510x340.jpg 510w\" sizes=\"auto, (max-width: 800px) 100vw, 800px\" \/><figcaption class=\"wp-element-caption\">Juvenile Ural owl, (Strix uralensis) on a summer evening; P\u00e4rnu county, Central Estonia. \nDocumentation of logging in Estonian forests. The production of wood pellets for biomass energy is destroying large areas of the ancient forest and habitat of wildlife. The pellets are exported to European countries, e.g. Germany, Italy, UK and the Netherlands.<\/figcaption><\/figure>\n\n\n\n<div style=\"height:16px\" aria-hidden=\"true\" class=\"wp-block-spacer\"><\/div>\n\n\n\n<h5 class=\"wp-block-heading has-text-align-center\" style=\"font-size:1rem\"><a href=\"https:\/\/www.greenpeace.org\/norway\/?page_id=52138\">Natur<\/a><\/h5>\n<\/div>\n<\/div>\n\n\n\n<div class=\"wp-block-column is-layout-flow wp-block-column-is-layout-flow\">\n<div class=\"wp-block-group group-stretched-link is-layout-flow wp-block-group-is-layout-flow\">\n<figure class=\"wp-block-image aligncenter size-large is-resized is-style-rounded-90 force-no-lightbox force-no-caption mb-0\"><img loading=\"lazy\" decoding=\"async\" width=\"1024\" height=\"684\" src=\"https:\/\/www.greenpeace.org\/static\/planet4-norway-stateless\/2019\/08\/aec0161e-forest4-1024x684.jpg\" alt=\"Avskoging p\u00e5 Karipuna-urfolkets territorium i Brasil.\" class=\"wp-image-1882\" srcset=\"https:\/\/www.greenpeace.org\/static\/planet4-norway-stateless\/2019\/08\/aec0161e-forest4-1024x684.jpg 1024w, https:\/\/www.greenpeace.org\/static\/planet4-norway-stateless\/2019\/08\/aec0161e-forest4-300x200.jpg 300w, https:\/\/www.greenpeace.org\/static\/planet4-norway-stateless\/2019\/08\/aec0161e-forest4-768x513.jpg 768w, https:\/\/www.greenpeace.org\/static\/planet4-norway-stateless\/2019\/08\/aec0161e-forest4-2046x1366.jpg 2046w, https:\/\/www.greenpeace.org\/static\/planet4-norway-stateless\/2019\/08\/aec0161e-forest4-510x340.jpg 510w\" sizes=\"auto, (max-width: 1024px) 100vw, 1024px\" \/><figcaption class=\"wp-element-caption\">The destruction of the rainforest is a huge threat to the existence of the Karipuna indigenous people, since the forest is a life giving force for the community.\nThe Karipuna Indigenous Land, located in the municipalities of Nova Mamor\u00e9 and Porto Velho, in Rond\u00f4nia state, has been rapidly destroyed by the ostensive invasion of loggers and grileiros (land grabbers). Although it was recognized as an Indigenous Land by Brazilian government in 1988, over 11,000 hectares of the Amazon forest have already been destroyed; 80% in the last three years alone. Even the sale of lots has been carried out by the invaders. The Karipuna are a indigenous people of recent contact with surrounding society, and were almost extinct in the 1970s. Currently, the Karipuna population totals 58 people.\nA destrui\u00e7\u00e3o da floresta \u00e9 uma enorme amea\u00e7a \u00e0 exist\u00eancia do povo Karipuna, j\u00e1 que a pr\u00f3pria floresta \u00e9 uma for\u00e7a vital para a comunidade.\nA Terra Ind\u00edgena Karipuna, localizada nos munic\u00edpios de Nova Mamor\u00e9 e Porto Velho (RO), vem sendo rapidamente destru\u00edda pela ostensiva invas\u00e3o de madeireiros e grileiros. Apesar de ter sido homologada pela Presid\u00eancia da Rep\u00fablica em 1988, mais de 11 mil hectares de floresta amaz\u00f4nica j\u00e1 foram destru\u00eddos, sendo 80% apenas nos \u00faltimos tr\u00eas anos. At\u00e9 mesmo a venda de lotes vem sendo realizada pelos invasores. Povo de recente contato com a sociedade envolvente, os Karipuna quase foram extintos na d\u00e9cada de 1970. Atualmente, a popula\u00e7\u00e3o Karipuna totaliza 58 pessoas.<\/figcaption><\/figure>\n\n\n\n<div style=\"height:16px\" aria-hidden=\"true\" class=\"wp-block-spacer\"><\/div>\n\n\n\n<h5 class=\"wp-block-heading has-text-align-center\" style=\"font-size:1rem\"><a href=\"https:\/\/www.greenpeace.org\/norway\/?page_id=52180\">Skog og landbruk<\/a><\/h5>\n<\/div>\n<\/div>\n\n\n\n<div class=\"wp-block-column is-layout-flow wp-block-column-is-layout-flow\">\n<div class=\"wp-block-group group-stretched-link is-layout-flow wp-block-group-is-layout-flow\">\n<figure class=\"wp-block-image aligncenter size-full is-resized is-style-rounded-90 force-no-lightbox force-no-caption mb-0\"><img loading=\"lazy\" decoding=\"async\" width=\"800\" height=\"533\" src=\"https:\/\/www.greenpeace.org\/static\/planet4-norway-stateless\/2022\/12\/1295bdeb-gp1swpkh_web_size.jpg\" alt=\"Plastavfall p\u00e5 Canggu-stranden p\u00e5 Bali.\" class=\"wp-image-52661\" srcset=\"https:\/\/www.greenpeace.org\/static\/planet4-norway-stateless\/2022\/12\/1295bdeb-gp1swpkh_web_size.jpg 800w, https:\/\/www.greenpeace.org\/static\/planet4-norway-stateless\/2022\/12\/1295bdeb-gp1swpkh_web_size-300x200.jpg 300w, https:\/\/www.greenpeace.org\/static\/planet4-norway-stateless\/2022\/12\/1295bdeb-gp1swpkh_web_size-768x512.jpg 768w, https:\/\/www.greenpeace.org\/static\/planet4-norway-stateless\/2022\/12\/1295bdeb-gp1swpkh_web_size-510x340.jpg 510w\" sizes=\"auto, (max-width: 800px) 100vw, 800px\" \/><figcaption class=\"wp-element-caption\">A tourist walks along a beach covered in piles of debris and plastic waste in Canggu, Bali, Indonesia.<\/figcaption><\/figure>\n\n\n\n<div style=\"height:16px\" aria-hidden=\"true\" class=\"wp-block-spacer\"><\/div>\n\n\n\n<h5 class=\"wp-block-heading has-text-align-center\" style=\"font-size:1rem\"><a href=\"https:\/\/www.greenpeace.org\/norway\/?page_id=52194\">Forbruk<\/a><\/h5>\n<\/div>\n<\/div>\n<\/div>\n<\/div>\n<\/div>\n<\/div>\n","protected":false},"excerpt":{"rendered":"<p>Den bl\u00e5 planeten v\u00e5r trues av gruvedrift p\u00e5 havbunnen, oljeboring, forurensning fra milj\u00f8gifter og havforsuring som f\u00f8lge av klimaendringene. <\/p>\n","protected":false},"author":32,"featured_media":8674,"parent":52187,"menu_order":0,"comment_status":"closed","ping_status":"closed","template":"","meta":{"ep_exclude_from_search":false,"p4_hide_page_title_checkbox":"on","p4_title":"","p4_subtitle":"","p4_description":"","background_image_id":"","background_image":"","p4_button_title":"","p4_button_link":"","p4_button_link_checkbox":"","p4_og_title":"","p4_og_description":"","p4_og_image":"","p4_og_image_id":"","p4_seo_canonical_url":"","p4_campaign_name":"not set","p4_local_project":"not set","p4_basket_name":"not set","p4_department":"","footnotes":""},"categories":[59],"tags":[32,38],"class_list":["post-52279","page","type-page","status-publish","has-post-thumbnail","hentry","category-hav","tag-beskytthavet","tag-forurensning"],"_links":{"self":[{"href":"https:\/\/www.greenpeace.org\/norway\/wp-json\/wp\/v2\/pages\/52279","targetHints":{"allow":["GET"]}}],"collection":[{"href":"https:\/\/www.greenpeace.org\/norway\/wp-json\/wp\/v2\/pages"}],"about":[{"href":"https:\/\/www.greenpeace.org\/norway\/wp-json\/wp\/v2\/types\/page"}],"author":[{"embeddable":true,"href":"https:\/\/www.greenpeace.org\/norway\/wp-json\/wp\/v2\/users\/32"}],"replies":[{"embeddable":true,"href":"https:\/\/www.greenpeace.org\/norway\/wp-json\/wp\/v2\/comments?post=52279"}],"version-history":[{"count":20,"href":"https:\/\/www.greenpeace.org\/norway\/wp-json\/wp\/v2\/pages\/52279\/revisions"}],"predecessor-version":[{"id":66760,"href":"https:\/\/www.greenpeace.org\/norway\/wp-json\/wp\/v2\/pages\/52279\/revisions\/66760"}],"up":[{"embeddable":true,"href":"https:\/\/www.greenpeace.org\/norway\/wp-json\/wp\/v2\/pages\/52187"}],"wp:featuredmedia":[{"embeddable":true,"href":"https:\/\/www.greenpeace.org\/norway\/wp-json\/wp\/v2\/media\/8674"}],"wp:attachment":[{"href":"https:\/\/www.greenpeace.org\/norway\/wp-json\/wp\/v2\/media?parent=52279"}],"wp:term":[{"taxonomy":"category","embeddable":true,"href":"https:\/\/www.greenpeace.org\/norway\/wp-json\/wp\/v2\/categories?post=52279"},{"taxonomy":"post_tag","embeddable":true,"href":"https:\/\/www.greenpeace.org\/norway\/wp-json\/wp\/v2\/tags?post=52279"}],"curies":[{"name":"wp","href":"https:\/\/api.w.org\/{rel}","templated":true}]}}