{"id":52282,"date":"2022-12-07T09:38:21","date_gmt":"2022-12-07T08:38:21","guid":{"rendered":"https:\/\/www.greenpeace.org\/norway\/?page_id=52282"},"modified":"2026-04-08T09:55:07","modified_gmt":"2026-04-08T08:55:07","slug":"regnskogen-i-amazonas","status":"publish","type":"page","link":"https:\/\/www.greenpeace.org\/norway\/skog-og-landbruk\/regnskogen-i-amazonas\/","title":{"rendered":"Regnskogen i Amazonas"},"content":{"rendered":"\n<div class=\"wp-block-group is-pattern-p4-deep-dive-topic-pattern-layout is-layout-flow wp-block-group-is-layout-flow\">\n<div class=\"wp-block-group alignfull has-grey-100-background-color has-background is-layout-flow wp-block-group-is-layout-flow\" style=\"padding-top:56px;padding-bottom:56px\">\n<div class=\"wp-block-group container is-layout-flow wp-block-group-is-layout-flow\">\n<div class=\"wp-block-media-text alignfull has-media-on-the-right is-stacked-on-mobile is-pattern-p4-page-header is-style-parallax\"><div class=\"wp-block-media-text__content\">\n<div class=\"wp-block-group is-layout-flow wp-block-group-is-layout-flow\">\n<h1 class=\"wp-block-heading has-grey-100-background-color has-background\">Regnskogen i Amazonas<\/h1>\n<\/div>\n\n\n\n<p style=\"font-size:1.25rem\"><strong>Amazonas-regnskogen<\/strong> er den st\u00f8rste og mest artsrike p\u00e5 jorda. I arbeidet v\u00e5rt for <a href=\"https:\/\/www.greenpeace.org\/norway\/skog-og-landbruk\/\">skog og landbruk<\/a> er regnskogen i Amazonas avgj\u00f8rende. \u00c9n av ti arter vi har oppdaget, lever her. Men regnskogens rike naturressurser gj\u00f8r den dessverre utsatt for utnyttelse fra kyniske markedskrefter.<\/p>\n\n\n\n<div class=\"wp-block-buttons is-layout-flex wp-block-buttons-is-layout-flex\">\n<div class=\"wp-block-button is-style-cta\"><a class=\"wp-block-button__link wp-element-button\" href=\"https:\/\/www.greenpeace.org\/norway\/vaer-med\/signer-beskytt-amazonas\/\">Signer: Beskytt Amazonas<\/a><\/div>\n<\/div>\n<\/div><figure class=\"wp-block-media-text__media\"><img loading=\"lazy\" decoding=\"async\" width=\"605\" height=\"402\" src=\"https:\/\/www.greenpeace.org\/static\/planet4-norway-stateless\/2022\/06\/1e685894-1e685894-flot-trae.jpg\" alt=\"Skog ved Tapaj\u00f3s-elven, hjemmet til Munduruku-folket, i delstaten Par\u00e1 i Brasil.\" sizes=\"auto, (min-width: 601px) 50vw, 100vw\" srcset=\"https:\/\/www.greenpeace.org\/static\/planet4-norway-stateless\/2022\/06\/1e685894-1e685894-flot-trae.jpg 605w, https:\/\/www.greenpeace.org\/static\/planet4-norway-stateless\/2022\/06\/1e685894-1e685894-flot-trae-300x199.jpg 300w, https:\/\/www.greenpeace.org\/static\/planet4-norway-stateless\/2022\/06\/1e685894-1e685894-flot-trae-510x340.jpg 510w\" class=\"wp-image-51288 size-full\"\/><\/figure><\/div>\n<\/div>\n<\/div>\n\n\n\n<style>.wp-block-group.alignfull.has-background.is-layout-flow{padding:0!important;}<\/style>\n\n<div style=\"height:15px\" aria-hidden=\"true\" class=\"wp-block-spacer\"><\/div>\n\n<div class=\"wp-block-columns is-style-mobile-carousel secondary-menu is-layout-flex wp-container-core-columns-is-layout-9d6595d7 wp-block-columns-is-layout-flex\">\n<div class=\"wp-block-column is-layout-flow wp-block-column-is-layout-flow\" style=\"flex-basis:15%\"><\/div>\n\n\n\n<div class=\"wp-block-column brdr-bottom is-layout-flow wp-block-column-is-layout-flow\">\n<div class=\"wp-block-group is-style-reset-margin flex-wrap is-content-justification-center is-nowrap is-layout-flex wp-container-core-group-is-layout-499140ed wp-block-group-is-layout-flex\">\n<p class=\"has-text-align-center is-style-roboto-font-family nav-link\" style=\"font-size:16px\"><a href=\"#problemet\"><strong>Problemet<\/strong><\/a><\/p>\n\n\n\n<div style=\"height:30px;width:0px\" aria-hidden=\"true\" class=\"wp-block-spacer wp-container-content-728072c3\"><\/div>\n\n\n\n<p>\u2022<\/p>\n\n\n\n<div style=\"height:30px;width:0px\" aria-hidden=\"true\" class=\"wp-block-spacer wp-container-content-728072c3\"><\/div>\n\n\n\n<p class=\"has-text-align-center is-style-roboto-font-family nav-link\" style=\"font-size:16px\"><a href=\"#hva-vi-gjoer\"><strong>Hva vi gj\u00f8r<\/strong><\/a><\/p>\n\n\n\n<div style=\"height:30px;width:0px\" aria-hidden=\"true\" class=\"wp-block-spacer wp-container-content-728072c3\"><\/div>\n\n\n\n<p>\u2022<\/p>\n\n\n\n<div style=\"height:30px;width:0px\" aria-hidden=\"true\" class=\"wp-block-spacer wp-container-content-728072c3\"><\/div>\n\n\n\n<p class=\"has-text-align-center is-style-roboto-font-family nav-link\" style=\"font-size:16px\"><a href=\"#hva-du-kan-gjoere\"><strong>Hva du kan gj\u00f8re<\/strong><\/a><\/p>\n\n\n\n<div style=\"height:30px;width:0px\" aria-hidden=\"true\" class=\"wp-block-spacer wp-container-content-728072c3\"><\/div>\n\n\n\n<p>\u2022<\/p>\n\n\n\n<div style=\"height:30px;width:0px\" aria-hidden=\"true\" class=\"wp-block-spacer wp-container-content-728072c3\"><\/div>\n\n\n\n<p class=\"is-style-roboto-font-family nav-link\" style=\"font-size:16px\"><a href=\"#nyheter\"><strong>Nyheter<\/strong><\/a><\/p>\n\n\n\n<div style=\"height:30px;width:0px\" aria-hidden=\"true\" class=\"wp-block-spacer wp-container-content-728072c3\"><\/div>\n<\/div>\n<\/div>\n\n\n\n<div class=\"wp-block-column is-layout-flow wp-block-column-is-layout-flow\" style=\"flex-basis:15%\"><\/div>\n<\/div>\n\n\n\n<div style=\"height:64px\" aria-hidden=\"true\" class=\"wp-block-spacer\"><\/div>\n\n\n\n<div class=\"wp-block-media-text alignwide has-media-on-the-right is-stacked-on-mobile is-image-fill-element block is-style-parallax my-0 py-0\"><div class=\"wp-block-media-text__content\">\n<div style=\"height:10px\" aria-hidden=\"true\" id=\"problemet\" class=\"wp-block-spacer\"><\/div>\n\n\n\n<h2 class=\"wp-block-heading\">Fakta om Amazonas-regnskogen<\/h2>\n\n\n\n<p>Amazonas-regnskogen er verdens st\u00f8rste regnskog. Skogen dekker omr\u00e5der i ni ulike land, med Brasil som det st\u00f8rste.<\/p>\n\n\n\n<h3 class=\"wp-block-heading\">Hvorfor er Amazonas-regnskogen s\u00e5 viktig?<\/h3>\n\n\n\n<p>Ingen andre steder har st\u00f8rre artsmangfold enn Amazonas. En av ti oppdagede arter p\u00e5 jorda finnes her. <a href=\"https:\/\/www.greenpeace.org\/norway\/fakta\/natur\/8-flotte-dyr-i-amazonas\/\">Her kan du lese om \u00e5tte flotte dyr som lever i Amazonas.<\/a> <\/p>\n\n\n\n<p>Men regnskogen er mer enn planter, tr\u00e6r og dyr. 30 millioner mennesker og mer enn 350 ulike etniske grupper bor i Amazonas. Rundt 1 million av dem er urfolk.<\/p>\n\n\n\n<p><strong>Regnskogen i Amazonas <\/strong>spiller en avgj\u00f8rende rolle i \u00e5 regulere klimaet. Regnskogen genererer regn, oksygen og kj\u00f8ler ned planeten. I tillegg til \u00e5&nbsp;produsere&nbsp;<a href=\"https:\/\/www.rainforesttrust.org\/climate-change-series-part-1-rainforests-absorb-store-large-quantities-carbon-dioxide\/\">20 prosent av jordas oksygen<\/a>, lagrer regnskogen nesten 130 milliarder tonn med karbon.&nbsp;<a href=\"https:\/\/www.greenpeace.org\/norway\/fakta\/skog-og-landbruk\/hvorfor-er-amazonas-sa-viktig-5-svar\/\">Du kan lese mer om hvorfor Amazonas-regnskogen er viktig her<\/a>.<\/p>\n\n\n\n<div class=\"wp-block-buttons is-layout-flex wp-block-buttons-is-layout-flex\">\n<div class=\"wp-block-button\"><a class=\"wp-block-button__link wp-element-button\" href=\"https:\/\/www.greenpeace.org\/norway\/vaer-med\/redd-amazonas\/\">Redd regnskogen<\/a><\/div>\n<\/div>\n\n\n\n<div style=\"height:30px\" aria-hidden=\"true\" class=\"wp-block-spacer\"><\/div>\n<\/div><figure class=\"wp-block-media-text__media\"><img loading=\"lazy\" decoding=\"async\" width=\"800\" height=\"533\" src=\"https:\/\/www.greenpeace.org\/static\/planet4-norway-stateless\/2020\/11\/0116806a-gp0stqgbd_web_size_with_credit_line.jpg\" alt=\"Svartskjeggsaki (Chiropotes satanas) i Amazonas.\" sizes=\"auto, (min-width: 1600px) calc((1320px - 24px) \/ 2),(min-width: 1200px) calc((1140px - 24px) \/ 2),(min-width: 992px) calc((960px - 24px) \/ 2),(min-width: 768px) calc((720px - 24px) \/ 2),(min-width: 601px) calc((540px - 24px) \/ 2),(min-width: 577px) calc((540px - 24px) \/ 1), calc(100vw - 24px)\" srcset=\"https:\/\/www.greenpeace.org\/static\/planet4-norway-stateless\/2020\/11\/0116806a-gp0stqgbd_web_size_with_credit_line.jpg 800w, https:\/\/www.greenpeace.org\/static\/planet4-norway-stateless\/2020\/11\/0116806a-gp0stqgbd_web_size_with_credit_line-300x200.jpg 300w, https:\/\/www.greenpeace.org\/static\/planet4-norway-stateless\/2020\/11\/0116806a-gp0stqgbd_web_size_with_credit_line-768x512.jpg 768w, https:\/\/www.greenpeace.org\/static\/planet4-norway-stateless\/2020\/11\/0116806a-gp0stqgbd_web_size_with_credit_line-510x340.jpg 510w\" class=\"wp-image-7953 size-full\" style=\"object-position:50% 50%\"\/><\/figure><\/div>\n\n\n\n<div class=\"wp-block-media-text alignwide is-stacked-on-mobile is-image-fill-element block is-style-parallax my-0 py-0\"><figure class=\"wp-block-media-text__media\"><img loading=\"lazy\" decoding=\"async\" width=\"800\" height=\"534\" src=\"https:\/\/www.greenpeace.org\/static\/planet4-norway-stateless\/2021\/02\/d683a62c-4.jpg\" alt=\"Skogbrann i Amazonas\" sizes=\"auto, (min-width: 1600px) calc((1320px - 24px) \/ 2),(min-width: 1200px) calc((1140px - 24px) \/ 2),(min-width: 992px) calc((960px - 24px) \/ 2),(min-width: 768px) calc((720px - 24px) \/ 2),(min-width: 601px) calc((540px - 24px) \/ 2),(min-width: 577px) calc((540px - 24px) \/ 1), calc(100vw - 24px)\" srcset=\"https:\/\/www.greenpeace.org\/static\/planet4-norway-stateless\/2021\/02\/d683a62c-4.jpg 800w, https:\/\/www.greenpeace.org\/static\/planet4-norway-stateless\/2021\/02\/d683a62c-4-300x200.jpg 300w, https:\/\/www.greenpeace.org\/static\/planet4-norway-stateless\/2021\/02\/d683a62c-4-768x513.jpg 768w, https:\/\/www.greenpeace.org\/static\/planet4-norway-stateless\/2021\/02\/d683a62c-4-510x340.jpg 510w\" class=\"wp-image-8356 size-full\" style=\"object-position:50% 50%\"\/><\/figure><div class=\"wp-block-media-text__content\">\n<div style=\"height:30px\" aria-hidden=\"true\" id=\"hva-vi-gjoer\" class=\"wp-block-spacer\"><\/div>\n\n\n\n<h2 class=\"wp-block-heading\">Trusler mot Amazonas<\/h2>\n\n\n\n<div style=\"height:30px\" aria-hidden=\"true\" id=\"hva-vi-gjoer\" class=\"wp-block-spacer\"><\/div>\n\n\n\n<h3 class=\"wp-block-heading\">Derfor forsvinner Amazonas-regnskogen<\/h3>\n\n\n\n<p>Amazonas blir rasert og brent ned for kortsiktig gevinst. <\/p>\n\n\n\n<p>Regnskogen \u00f8delegges p\u00e5 grunn av <a href=\"https:\/\/www.regnskog.no\/no\/regnskogen\/derfor-forsvinner-regnskogen\">den store ettersp\u00f8rselen<\/a> etter r\u00e5varer som kj\u00f8tt og dyref\u00f4r. Bygging av veier og vannkraftverk er ogs\u00e5 en viktig \u00e5rsak til avskoging. Skogen brennes ned og raseres og byttes ut med gigantiske beiteomr\u00e5der for storfe, soyaplantasjer og gruver.<\/p>\n\n\n\n<h3 class=\"wp-block-heading\">Konsekvenser av \u00e5 miste regnskogen<\/h3>\n\n\n\n<p>Forskere advarer om at <strong>regnskogen i Amazonas <\/strong>er i ferd med \u00e5 n\u00e5 et vippepunkt der den vil slutte \u00e5 produsere sitt eget regn, og gradvis g\u00e5 over i et t\u00f8rt savannelandskap. Skjer det, vil det bli katastrofalt for ikke bare \u00f8kosystemene og alle artene som lever i Amazonas, men for millioner av mennesker som avhenger av regn og ferskvann fra Amazonas&#8217; nedb\u00f8rsfelt. <\/p>\n\n\n\n<p>\u00c5 miste Amazonas er \u00e5 tape kampen mot klimakrisen. Om hele skogen skulle forsvinne, vil det tilsvare 140 \u00e5r med globale menneskeskapte klimautslipp. Hvert \u00e5r st\u00e5r avskoging for nesten ti prosent av verdens klimagassutslipp. \u00c5 hindre avskoging er derfor en stor del av klimal\u00f8sningen.<\/p>\n\n\n\n<div class=\"wp-block-buttons is-layout-flex wp-block-buttons-is-layout-flex\"><\/div>\n\n\n\n<div style=\"height:30px\" aria-hidden=\"true\" class=\"wp-block-spacer\"><\/div>\n<\/div><\/div>\n\n\n\n<div class=\"wp-block-media-text alignwide has-media-on-the-right is-stacked-on-mobile is-image-fill-element block my-0 py-0\"><div class=\"wp-block-media-text__content\">\n<div style=\"height:30px\" aria-hidden=\"true\" id=\"hva-vi-gjoer\" class=\"wp-block-spacer\"><\/div>\n\n\n\n<h2 class=\"wp-block-heading\">V\u00e5r innsats for \u00e5 redde regnskogen i Amazonas<\/h2>\n\n\n\n<div style=\"height:30px\" aria-hidden=\"true\" id=\"hva-vi-gjoer\" class=\"wp-block-spacer\"><\/div>\n\n\n\n<h3 class=\"wp-block-heading\">Overv\u00e5kning, dokumentasjon og granskninger<\/h3>\n\n\n\n<p>Vi jobber tett med kollegene v\u00e5re i Greenpeace Brasil, som i solidaritet og samarbeid med urfolk og allierte overv\u00e5ker og dokumenterer avskoging, milj\u00f8kriminalitet og menneskerettighetsbrudd. I samarbeid med relevante organisasjoner utgir vi rapporter om Amazonas og menneskene som lever i og av skogen, og informerer befolkningen om planter og dyr i regnskogen. Vi har blant annet avdekket omfattende &laquo;kvegvasking&raquo; i Brasils kj\u00f8ttindustri, der kj\u00f8tt som er merket som &laquo;skogvennlig&raquo; egentlig viser seg \u00e5 stamme fra g\u00e5rder knyttet til avskoging.<\/p>\n\n\n\n<h3 class=\"wp-block-heading\">Stoppe frihandelsavtalen med Brasil<\/h3>\n\n\n\n<p>Her i Norge jobber vi for \u00e5 stoppe godkjennelsen av en frihandelsavtale med Brasil. Avtalen kan f\u00f8re til utstrakt avskoging og sende Amazonasregnskogen forbi vippepunktet. Avtalen ble vedtatt i 2019, men er ikke formelt godkjent enn\u00e5. Vi jobber ogs\u00e5 for at lovverk som skal forhindre import av varer som har bidratt til avskoging og brudd p\u00e5 menneskerettigheter implementeres og h\u00e5ndheves b\u00e5de i Europa og Brasil.<\/p>\n\n\n\n<h3 class=\"wp-block-heading\">Beskyttelse av urfolks rettigheter<\/h3>\n\n\n\n<p>I&nbsp;solidaritet og samarbeid med urfolk og allierte overv\u00e5ker og dokumenterer vi avskoging, milj\u00f8kriminalitet og menneskerettighetsbrudd i Amazonas-regnskogen. <a href=\"https:\/\/www.greenpeace.org\/norway\/skog-og-landbruk\/urfolk\/\">Urfolks<\/a> inng\u00e5ende kjennskap til truede naturomr\u00e5der kommer godt med n\u00e5r vi utf\u00f8rer unders\u00f8kelser. Urfolks rettigheter m\u00e5 sikres og styrkes, og vi er opptatt av \u00e5 l\u00f8fte og forsterke urfolks stemmer i arbeidet v\u00e5rt.<\/p>\n\n\n\n<div class=\"wp-block-buttons is-layout-flex wp-block-buttons-is-layout-flex\">\n<div class=\"wp-block-button\"><a class=\"wp-block-button__link wp-element-button\" href=\"https:\/\/www.greenpeace.org\/norway\/nyheter\/klimaendringer\/cop30-fakta-klimatoppmotet-belem-brasil-amazonas-2025\/\">Les om klimatoppm\u00f8tet i Brasil 2025<\/a><\/div>\n<\/div>\n\n\n\n<div style=\"height:30px\" aria-hidden=\"true\" class=\"wp-block-spacer\"><\/div>\n<\/div><figure class=\"wp-block-media-text__media\"><img loading=\"lazy\" decoding=\"async\" width=\"800\" height=\"533\" src=\"https:\/\/www.greenpeace.org\/static\/planet4-norway-stateless\/2020\/09\/fe62d2bc-gp1subbg_web_size.jpg\" alt=\"Greenpeace-aksjon ved EU-kommisjonens hovedkvarter i Brussel. Et 30 meter langt banner etterligner et hull som er brent gjennom bygningen, og viser Amazonas i flammer, med meldingen: \u00abAmazonas brenner \u2013 Europa skyldig\u00bb .\" sizes=\"auto, (min-width: 1600px) calc((1320px - 24px) \/ 2),(min-width: 1200px) calc((1140px - 24px) \/ 2),(min-width: 992px) calc((960px - 24px) \/ 2),(min-width: 768px) calc((720px - 24px) \/ 2),(min-width: 601px) calc((540px - 24px) \/ 2),(min-width: 577px) calc((540px - 24px) \/ 1), calc(100vw - 24px)\" srcset=\"https:\/\/www.greenpeace.org\/static\/planet4-norway-stateless\/2020\/09\/fe62d2bc-gp1subbg_web_size.jpg 800w, https:\/\/www.greenpeace.org\/static\/planet4-norway-stateless\/2020\/09\/fe62d2bc-gp1subbg_web_size-300x200.jpg 300w, https:\/\/www.greenpeace.org\/static\/planet4-norway-stateless\/2020\/09\/fe62d2bc-gp1subbg_web_size-768x512.jpg 768w, https:\/\/www.greenpeace.org\/static\/planet4-norway-stateless\/2020\/09\/fe62d2bc-gp1subbg_web_size-510x340.jpg 510w\" class=\"wp-image-7646 size-full\" style=\"object-position:50% 50%\"\/><\/figure><\/div>\n\n\n\n<div style=\"height:10px\" aria-hidden=\"true\" id=\"hva-du-kan-gjoere\" class=\"wp-block-spacer\"><\/div>\n\n\n\n<div style=\"height:30px\" aria-hidden=\"true\" id=\"hva-vi-gjoer\" class=\"wp-block-spacer\"><\/div>\n\n\n\n<h2 class=\"wp-block-heading\">Hva du kan gj\u00f8re for \u00e5 beskytte Amazonas<\/h2>\n\n\n\n<div style=\"height:30px\" aria-hidden=\"true\" id=\"hva-vi-gjoer\" class=\"wp-block-spacer\"><\/div>\n\n\n\n<h3 class=\"wp-block-heading\">Bruk makten din som forbruker<\/h3>\n\n\n\n<p>Mye norsk kj\u00f8tt og oppdrettsfisk kommer fra dyr f\u00f4ret med soya og palmeolje fra regnskogen. Unng\u00e5 derfor \u00e5 spise dette, og \u00e5 kj\u00f8pe varer som regnskogt\u00f8mmer og mat som inneholder palmeolje. Dette er varer som direkte for\u00e5rsaker nedskoging og \u00f8deleggelse av regnskogen i Amazonas.<\/p>\n\n\n\n<figure class=\"wp-block-embed is-type-video is-provider-youtube wp-block-embed-youtube wp-embed-aspect-16-9 wp-has-aspect-ratio\"><div class=\"wp-block-embed__wrapper\">\n<iframe loading=\"lazy\" title=\"Amazonas-regnskogen: Se kortfilmen &quot;Et monster p\u00e5 mitt kj\u00f8kken&quot;\" width=\"500\" height=\"281\" src=\"https:\/\/www.youtube.com\/embed\/wyzGdnKShhc?feature=oembed\" frameborder=\"0\" allow=\"accelerometer; autoplay; clipboard-write; encrypted-media; gyroscope; picture-in-picture; web-share\" referrerpolicy=\"strict-origin-when-cross-origin\" allowfullscreen><\/iframe>\n<\/div><\/figure>\n\n\n\n<h3 class=\"wp-block-heading\">Bruk stemmen din<\/h3>\n\n\n\n<p>Vi trenger politisk handling for \u00e5 redde regnskogen. De store selskapene m\u00e5 holdes til ansvar, og urfolk og \u00f8vrig lokalbefolkning m\u00e5 f\u00e5 makta til \u00e5 stanse de natur\u00f8deleggende prosjektene som planlegges og gjennomf\u00f8res. St\u00f8tt Greenpeace eller andre milj\u00f8organisasjoner som arbeider for denne saken, m\u00f8t opp i demonstrasjoner, skriv leserinnlegg, skriv under p\u00e5 opprop og snakk med venner og kjente om temaet. L\u00f8ft temaet p\u00e5 skolen, eller i partiet, organisasjonen eller fagforeningen du er medlem av.<br><br>Her kan du lese <a href=\"https:\/\/www.greenpeace.org\/norway\/tips\/natur\/7-tips-for-a-beskytte-amazonas-regnskogen\/\">sju tips til for \u00e5 beskytte Amazonas-regnskogen<\/a>. Se hvordan du kan engasjere deg sammen med oss i Greenpeace her:<\/p>\n\n\n\n<div class=\"wp-block-query mb-0 actions-list p4-query-loop is-custom-layout-carousel is-layout-flex wp-block-query-is-layout-flex\">\n<p style=\"margin-top:24px;margin-bottom:32px\"><\/p>\n\n\n\n\n<ul class=\"wp-block-post-template is-layout-flow wp-block-post-template-is-layout-flow\"><li class=\"wp-block-post post-65913 page type-page status-publish has-post-thumbnail hentry category-skog-og-landbruk tag-skogbruk tag-amazonas tag-regnskog\">\n<figure class=\"wp-block-post-featured-image\"><img loading=\"lazy\" decoding=\"async\" width=\"1366\" height=\"768\" src=\"https:\/\/www.greenpeace.org\/static\/planet4-norway-stateless\/2025\/09\/35e1ac88-artboard-1.jpg\" class=\"attachment-post-thumbnail size-post-thumbnail wp-post-image wp-stateless-item\" alt=\"\" style=\"object-fit:cover;\" srcset=\"https:\/\/www.greenpeace.org\/static\/planet4-norway-stateless\/2025\/09\/35e1ac88-artboard-1.jpg 1366w, https:\/\/www.greenpeace.org\/static\/planet4-norway-stateless\/2025\/09\/35e1ac88-artboard-1-300x169.jpg 300w, https:\/\/www.greenpeace.org\/static\/planet4-norway-stateless\/2025\/09\/35e1ac88-artboard-1-1024x576.jpg 1024w, https:\/\/www.greenpeace.org\/static\/planet4-norway-stateless\/2025\/09\/35e1ac88-artboard-1-768x432.jpg 768w, https:\/\/www.greenpeace.org\/static\/planet4-norway-stateless\/2025\/09\/35e1ac88-artboard-1-510x287.jpg 510w\" sizes=\"auto, (max-width: 1366px) 100vw, 1366px\" data-image-size=\"post-thumbnail\" data-stateless-media-bucket=\"planet4-norway-stateless\" data-stateless-media-name=\"2025\/09\/35e1ac88-artboard-1.jpg\" \/><\/figure>\n\n\n                <div class=\"wp-block-group group-stretched-link is-layout-flow wp-block-group-is-layout-flow\"><div class=\"wp-block-post-terms\">Skog og landbruk<\/div>\n                <h3 class=\"wp-block-post-title\"><a href=\"https:\/\/www.greenpeace.org\/norway\/vaer-med\/signer-beskytt-amazonas\/\" target=\"_self\" >&#8211; Signer: Beskytt\u00a0Amazonas<\/a><\/h3>\n                <div class=\"wp-block-post-excerpt\"><p class=\"wp-block-post-excerpt__excerpt\">Jordas lunger, Amazonas, er truet. Krev at verdens ledere handler p\u00e5 klimatoppm\u00f8tet COP30. Skriv under n\u00e5! <\/p><\/div><\/div>\n                \n\n\n<div class=\"wp-block-group read-more-nav is-layout-flow wp-block-group-is-layout-flow\"><a href=\"https:\/\/www.greenpeace.org\/norway\/vaer-med\/signer-beskytt-amazonas\/\" class=\"btn btn-primary btn-small\" aria-label=\"V\u00e6r med\">V\u00e6r med<\/a><\/div>\n\n<\/li><li class=\"wp-block-post post-56627 page type-page status-publish has-post-thumbnail hentry category-energi category-forbruk category-greenpeace category-hav category-klimaendringer category-natur category-skog-og-landbruk tag-stott-oss\">\n<figure class=\"wp-block-post-featured-image\"><img loading=\"lazy\" decoding=\"async\" width=\"800\" height=\"535\" src=\"https:\/\/www.greenpeace.org\/static\/planet4-norway-stateless\/2020\/08\/3dc7a17c-gp034ks_web_size.jpg\" class=\"attachment-post-thumbnail size-post-thumbnail wp-post-image wp-stateless-item\" alt=\"\" style=\"object-fit:cover;\" srcset=\"https:\/\/www.greenpeace.org\/static\/planet4-norway-stateless\/2020\/08\/3dc7a17c-gp034ks_web_size.jpg 800w, https:\/\/www.greenpeace.org\/static\/planet4-norway-stateless\/2020\/08\/3dc7a17c-gp034ks_web_size-300x201.jpg 300w, https:\/\/www.greenpeace.org\/static\/planet4-norway-stateless\/2020\/08\/3dc7a17c-gp034ks_web_size-768x514.jpg 768w, https:\/\/www.greenpeace.org\/static\/planet4-norway-stateless\/2020\/08\/3dc7a17c-gp034ks_web_size-508x340.jpg 508w\" sizes=\"auto, (max-width: 800px) 100vw, 800px\" data-image-size=\"post-thumbnail\" data-stateless-media-bucket=\"planet4-norway-stateless\" data-stateless-media-name=\"2020\/08\/3dc7a17c-gp034ks_web_size.jpg\" \/><\/figure>\n\n\n                <div class=\"wp-block-group group-stretched-link is-layout-flow wp-block-group-is-layout-flow\"><div class=\"wp-block-post-terms\">Energi<\/div>\n                <h3 class=\"wp-block-post-title\"><a href=\"https:\/\/www.greenpeace.org\/norway\/vaer-med\/gi-engangsbidrag\/\" target=\"_self\" >Gi engangsbidrag<\/a><\/h3>\n                <div class=\"wp-block-post-excerpt\"><p class=\"wp-block-post-excerpt__excerpt\">Du kan gi et engangsbidrag med kredittkort eller Vipps her eller overf\u00f8re til konto 1594 0884559. <\/p><\/div><\/div>\n                \n\n\n<div class=\"wp-block-group read-more-nav is-layout-flow wp-block-group-is-layout-flow\"><a href=\"https:\/\/www.greenpeace.org\/norway\/vaer-med\/gi-engangsbidrag\/\" class=\"btn btn-primary btn-small\" aria-label=\"V\u00e6r med\">V\u00e6r med<\/a><\/div>\n\n<\/li><li class=\"wp-block-post post-56625 page type-page status-publish has-post-thumbnail hentry category-energi category-forbruk category-greenpeace category-hav category-klimaendringer category-natur category-skog-og-landbruk tag-stott-oss\">\n<figure class=\"wp-block-post-featured-image\"><img loading=\"lazy\" decoding=\"async\" width=\"800\" height=\"533\" src=\"https:\/\/www.greenpeace.org\/static\/planet4-norway-stateless\/2023\/03\/416adc9b-gp0sttq8m_web_size.jpg\" class=\"attachment-post-thumbnail size-post-thumbnail wp-post-image wp-stateless-item\" alt=\"\" style=\"object-fit:cover;\" srcset=\"https:\/\/www.greenpeace.org\/static\/planet4-norway-stateless\/2023\/03\/416adc9b-gp0sttq8m_web_size.jpg 800w, https:\/\/www.greenpeace.org\/static\/planet4-norway-stateless\/2023\/03\/416adc9b-gp0sttq8m_web_size-300x200.jpg 300w, https:\/\/www.greenpeace.org\/static\/planet4-norway-stateless\/2023\/03\/416adc9b-gp0sttq8m_web_size-768x512.jpg 768w, https:\/\/www.greenpeace.org\/static\/planet4-norway-stateless\/2023\/03\/416adc9b-gp0sttq8m_web_size-510x340.jpg 510w\" sizes=\"auto, (max-width: 800px) 100vw, 800px\" data-image-size=\"post-thumbnail\" data-stateless-media-bucket=\"planet4-norway-stateless\" data-stateless-media-name=\"2023\/03\/416adc9b-gp0sttq8m_web_size.jpg\" \/><\/figure>\n\n\n                <div class=\"wp-block-group group-stretched-link is-layout-flow wp-block-group-is-layout-flow\"><div class=\"wp-block-post-terms\">Energi<\/div>\n                <h3 class=\"wp-block-post-title\"><a href=\"https:\/\/www.greenpeace.org\/norway\/vaer-med\/bli-manedlig-giver\/\" target=\"_self\" >Bli m\u00e5nedlig giver<\/a><\/h3>\n                <div class=\"wp-block-post-excerpt\"><p class=\"wp-block-post-excerpt__excerpt\">Du kan gi m\u00e5nedlige bidrag gjennom Vipps eller Avtalegiro. St\u00e5 sammen med oss for \u00e5 beskytte verdens klima og milj\u00f8, hav og skoger \u2013 bli med som m\u00e5nedlig giver i dag! <\/p><\/div><\/div>\n                \n\n\n<div class=\"wp-block-group read-more-nav is-layout-flow wp-block-group-is-layout-flow\"><a href=\"https:\/\/www.greenpeace.org\/norway\/vaer-med\/bli-manedlig-giver\/\" class=\"btn btn-primary btn-small\" aria-label=\"V\u00e6r med\">V\u00e6r med<\/a><\/div>\n\n<\/li><li class=\"wp-block-post post-2221 page type-page status-publish has-post-thumbnail hentry category-skog-og-landbruk tag-biologiskmangfold tag-amazonas\">\n<figure class=\"wp-block-post-featured-image\"><img loading=\"lazy\" decoding=\"async\" width=\"800\" height=\"534\" src=\"https:\/\/www.greenpeace.org\/static\/planet4-norway-stateless\/2020\/11\/ba6fd645-gp0stqfkj_web_size_with_credit_line.jpg\" class=\"attachment-post-thumbnail size-post-thumbnail wp-post-image wp-stateless-item\" alt=\"\" style=\"object-fit:cover;\" srcset=\"https:\/\/www.greenpeace.org\/static\/planet4-norway-stateless\/2020\/11\/ba6fd645-gp0stqfkj_web_size_with_credit_line.jpg 800w, https:\/\/www.greenpeace.org\/static\/planet4-norway-stateless\/2020\/11\/ba6fd645-gp0stqfkj_web_size_with_credit_line-300x200.jpg 300w, https:\/\/www.greenpeace.org\/static\/planet4-norway-stateless\/2020\/11\/ba6fd645-gp0stqfkj_web_size_with_credit_line-768x513.jpg 768w, https:\/\/www.greenpeace.org\/static\/planet4-norway-stateless\/2020\/11\/ba6fd645-gp0stqfkj_web_size_with_credit_line-510x340.jpg 510w\" sizes=\"auto, (max-width: 800px) 100vw, 800px\" data-image-size=\"post-thumbnail\" data-stateless-media-bucket=\"planet4-norway-stateless\" data-stateless-media-name=\"2020\/11\/ba6fd645-gp0stqfkj_web_size_with_credit_line.jpg\" \/><\/figure>\n\n\n                <div class=\"wp-block-group group-stretched-link is-layout-flow wp-block-group-is-layout-flow\"><div class=\"wp-block-post-terms\">Skog og landbruk<\/div>\n                <h3 class=\"wp-block-post-title\"><a href=\"https:\/\/www.greenpeace.org\/norway\/vaer-med\/redd-amazonas\/\" target=\"_self\" >Redd Amazonas<\/a><\/h3>\n                <div class=\"wp-block-post-excerpt\"><p class=\"wp-block-post-excerpt__excerpt\">Amazonas, den mest artsrike skogen p\u00e5 jorda, blir rasert og brent for kortsiktig gevinst. Mister vi Amazonas, taper vi kampen mot klimakrisen. Signer oppropet. <\/p><\/div><\/div>\n                \n\n\n<div class=\"wp-block-group read-more-nav is-layout-flow wp-block-group-is-layout-flow\"><a href=\"https:\/\/www.greenpeace.org\/norway\/vaer-med\/redd-amazonas\/\" class=\"btn btn-primary btn-small\" aria-label=\"V\u00e6r med\">V\u00e6r med<\/a><\/div>\n\n<\/li><\/ul>\n\n\n<div class=\"wp-block-buttons carousel-controls is-horizontal is-content-justification-space-between is-nowrap is-layout-flex wp-container-core-buttons-is-layout-044bd602 wp-block-buttons-is-layout-flex\">\n<div class=\"wp-block-button carousel-control-prev\"><button type=\"button\" class=\"wp-block-button__link wp-element-button\">Prev<\/button><\/div>\n\n\n\n<div class=\"wp-block-button carousel-control-next\"><button type=\"button\" class=\"wp-block-button__link wp-element-button\">Next<\/button><\/div>\n<\/div>\n\n\n\n<div class=\"wp-block-buttons load-more-actions-container is-content-justification-center is-layout-flex wp-container-core-buttons-is-layout-16018d1d wp-block-buttons-is-layout-flex\">\n<div class=\"wp-block-button is-style-secondary\"><button type=\"button\" class=\"wp-block-button__link wp-element-button\">Load more<\/button><\/div>\n<\/div>\n<\/div>\n\n\n\n<div style=\"height:10px\" aria-hidden=\"true\" id=\"nyheter\" class=\"wp-block-spacer\"><\/div>\n\n\n\n<div class=\"wp-block-query posts-list p4-query-loop is-custom-layout-list is-layout-flow wp-block-query-is-layout-flow\">\n<div class=\"wp-block-group is-content-justification-space-between is-layout-flex wp-container-core-group-is-layout-3d213aab wp-block-group-is-layout-flex\">\n<h2 class=\"wp-block-heading\">Nyheter om regnskogen i Amazonas<\/h2>\n<\/div>\n\n\n\n<p style=\"margin-top:24px;margin-bottom:36px\">Hold deg oppdatert p\u00e5 arbeidet v\u00e5rt med regnskogen her.<\/p>\n\n\n\n\n<ul class=\"wp-block-post-template is-layout-flow wp-block-post-template-is-layout-flow\"><li class=\"wp-block-post post-66124 post type-post status-publish format-standard has-post-thumbnail hentry category-klimaendringer tag-klimakrise tag-klimaeffekter tag-internasjonaleavtaler tag-fossilenergi tag-amazonas p4-page-type-nyheter\">\n\n<div class=\"wp-block-columns is-layout-flex wp-container-core-columns-is-layout-9d6595d7 wp-block-columns-is-layout-flex\"><figure class=\"wp-block-post-featured-image\"><a href=\"https:\/\/www.greenpeace.org\/norway\/nyheter\/klimaendringer\/cop30-fakta-klimatoppmotet-belem-brasil-amazonas-2025\/\" target=\"_self\"  ><img loading=\"lazy\" decoding=\"async\" width=\"1200\" height=\"801\" src=\"https:\/\/www.greenpeace.org\/static\/planet4-norway-stateless\/2025\/10\/1e080619-gp0su6q7s.jpg\" class=\"attachment-post-thumbnail size-post-thumbnail wp-post-image wp-stateless-item\" alt=\"COP30: Fem ting du b\u00f8r vite om klimatoppm\u00f8tet i Bel\u00e9m 2025\" style=\"object-fit:cover;\" srcset=\"https:\/\/www.greenpeace.org\/static\/planet4-norway-stateless\/2025\/10\/1e080619-gp0su6q7s.jpg 1200w, https:\/\/www.greenpeace.org\/static\/planet4-norway-stateless\/2025\/10\/1e080619-gp0su6q7s-300x200.jpg 300w, https:\/\/www.greenpeace.org\/static\/planet4-norway-stateless\/2025\/10\/1e080619-gp0su6q7s-1024x684.jpg 1024w, https:\/\/www.greenpeace.org\/static\/planet4-norway-stateless\/2025\/10\/1e080619-gp0su6q7s-768x513.jpg 768w, https:\/\/www.greenpeace.org\/static\/planet4-norway-stateless\/2025\/10\/1e080619-gp0su6q7s-510x340.jpg 510w\" sizes=\"auto, (max-width: 1200px) 100vw, 1200px\" data-image-size=\"post-thumbnail\" data-stateless-media-bucket=\"planet4-norway-stateless\" data-stateless-media-name=\"2025\/10\/1e080619-gp0su6q7s.jpg\" \/><\/a><\/figure>\n\n\n<div class=\"wp-block-group is-layout-flow wp-block-group-is-layout-flow\">\n<div class=\"wp-block-group is-layout-flex wp-block-group-is-layout-flex\"><div class=\"wp-block-post-terms\"><a href=\"https:\/\/www.greenpeace.org\/norway\/kategori\/klimaendringer\/\">Klimaendringer<\/a><\/div>\n\n<div class=\"taxonomy-post_tag wp-block-post-terms\"><a href=\"https:\/\/www.greenpeace.org\/norway\/tag\/klimakrise\/\" rel=\"tag\">klimakrise<\/a><span class=\"wp-block-post-terms__separator\"> <\/span><a href=\"https:\/\/www.greenpeace.org\/norway\/tag\/klimaeffekter\/\" rel=\"tag\">klimaeffekter<\/a><span class=\"wp-block-post-terms__separator\"> <\/span><a href=\"https:\/\/www.greenpeace.org\/norway\/tag\/internasjonaleavtaler\/\" rel=\"tag\">internasjonaleavtaler<\/a><span class=\"wp-block-post-terms__separator\"> <\/span><a href=\"https:\/\/www.greenpeace.org\/norway\/tag\/fossilenergi\/\" rel=\"tag\">fossilenergi<\/a><span class=\"wp-block-post-terms__separator\"> <\/span><a href=\"https:\/\/www.greenpeace.org\/norway\/tag\/amazonas\/\" rel=\"tag\">amazonas<\/a><\/div><\/div>\n\n\n<h3 class=\"wp-block-post-title\"><a href=\"https:\/\/www.greenpeace.org\/norway\/nyheter\/klimaendringer\/cop30-fakta-klimatoppmotet-belem-brasil-amazonas-2025\/\" target=\"_self\" >COP30: Fem ting du b\u00f8r vite om klimatoppm\u00f8tet i Bel\u00e9m 2025<\/a><\/h3>\n\n<div class=\"wp-block-post-excerpt\"><p class=\"wp-block-post-excerpt__excerpt\">COP30 i Bel\u00e9m i Brasil blir historisk. Finn ut hva COP er, og hvorfor \u00e5rets klimatoppm\u00f8te er avgj\u00f8rende for verden, Amazonas og for \u00e5 bekjempe klimaendringene. <\/p><\/div>\n\n\n<div class=\"wp-block-group posts-list-meta is-layout-flow wp-block-group-is-layout-flow\"><span class='article-list-item-author'>Mehdi Leman og Elise \u00c5snes<\/span>\n\n<div class=\"wp-block-post-date\"><time datetime=\"2025-10-30T13:57:12+01:00\">30 oktober, 2025<\/time><\/div><\/div>\n<\/div>\n<\/div>\n\n<\/li><li class=\"wp-block-post post-59796 post type-post status-publish format-standard has-post-thumbnail hentry category-greenpeace tag-seire tag-regnskog tag-matproduksjon tag-gruvedrift tag-nyttklimasoksmal tag-greenwashing tag-fossilenergi p4-page-type-nyheter\">\n\n<div class=\"wp-block-columns is-layout-flex wp-container-core-columns-is-layout-9d6595d7 wp-block-columns-is-layout-flex\"><figure class=\"wp-block-post-featured-image\"><a href=\"https:\/\/www.greenpeace.org\/norway\/nyheter\/greenpeace\/gode-nyheter-for-verdens-klima-og-miljo-i-2024\/\" target=\"_self\"  ><img loading=\"lazy\" decoding=\"async\" width=\"1200\" height=\"800\" src=\"https:\/\/www.greenpeace.org\/static\/planet4-norway-stateless\/2023\/02\/57f180bd-gp1t6902.jpg\" class=\"attachment-post-thumbnail size-post-thumbnail wp-post-image wp-stateless-item\" alt=\"Gode nyheter for verdens klima og milj\u00f8 i 2024\" style=\"object-fit:cover;\" srcset=\"https:\/\/www.greenpeace.org\/static\/planet4-norway-stateless\/2023\/02\/57f180bd-gp1t6902.jpg 1200w, https:\/\/www.greenpeace.org\/static\/planet4-norway-stateless\/2023\/02\/57f180bd-gp1t6902-300x200.jpg 300w, https:\/\/www.greenpeace.org\/static\/planet4-norway-stateless\/2023\/02\/57f180bd-gp1t6902-1024x683.jpg 1024w, https:\/\/www.greenpeace.org\/static\/planet4-norway-stateless\/2023\/02\/57f180bd-gp1t6902-768x512.jpg 768w, https:\/\/www.greenpeace.org\/static\/planet4-norway-stateless\/2023\/02\/57f180bd-gp1t6902-510x340.jpg 510w\" sizes=\"auto, (max-width: 1200px) 100vw, 1200px\" data-image-size=\"post-thumbnail\" data-stateless-media-bucket=\"planet4-norway-stateless\" data-stateless-media-name=\"2023\/02\/57f180bd-gp1t6902.jpg\" \/><\/a><\/figure>\n\n\n<div class=\"wp-block-group is-layout-flow wp-block-group-is-layout-flow\">\n<div class=\"wp-block-group is-layout-flex wp-block-group-is-layout-flex\"><div class=\"wp-block-post-terms\"><a href=\"https:\/\/www.greenpeace.org\/norway\/kategori\/greenpeace\/\">Greenpeace<\/a><\/div>\n\n<div class=\"taxonomy-post_tag wp-block-post-terms\"><a href=\"https:\/\/www.greenpeace.org\/norway\/tag\/seire\/\" rel=\"tag\">seire<\/a><span class=\"wp-block-post-terms__separator\"> <\/span><a href=\"https:\/\/www.greenpeace.org\/norway\/tag\/regnskog\/\" rel=\"tag\">regnskog<\/a><span class=\"wp-block-post-terms__separator\"> <\/span><a href=\"https:\/\/www.greenpeace.org\/norway\/tag\/matproduksjon\/\" rel=\"tag\">matproduksjon<\/a><span class=\"wp-block-post-terms__separator\"> <\/span><a href=\"https:\/\/www.greenpeace.org\/norway\/tag\/gruvedrift\/\" rel=\"tag\">gruvedrift<\/a><span class=\"wp-block-post-terms__separator\"> <\/span><a href=\"https:\/\/www.greenpeace.org\/norway\/tag\/nyttklimasoksmal\/\" rel=\"tag\">nyttklimas\u00f8ksm\u00e5l<\/a><span class=\"wp-block-post-terms__separator\"> <\/span><a href=\"https:\/\/www.greenpeace.org\/norway\/tag\/greenwashing\/\" rel=\"tag\">greenwashing<\/a><span class=\"wp-block-post-terms__separator\"> <\/span><a href=\"https:\/\/www.greenpeace.org\/norway\/tag\/fossilenergi\/\" rel=\"tag\">fossilenergi<\/a><\/div><\/div>\n\n\n<h3 class=\"wp-block-post-title\"><a href=\"https:\/\/www.greenpeace.org\/norway\/nyheter\/greenpeace\/gode-nyheter-for-verdens-klima-og-miljo-i-2024\/\" target=\"_self\" >Gode nyheter for verdens klima og milj\u00f8 i 2024<\/a><\/h3>\n\n<div class=\"wp-block-post-excerpt\"><p class=\"wp-block-post-excerpt__excerpt\">2024 har brakt flere gode nyheter for klima og milj\u00f8. Les om seks positive nyheter, fra Norge og verden, fra f\u00f8rste del av \u00e5ret. Sammen vinner vi flere seire! <\/p><\/div>\n\n\n<div class=\"wp-block-group posts-list-meta is-layout-flow wp-block-group-is-layout-flow\"><span class='article-list-item-author'><a href='https:\/\/www.greenpeace.org\/norway\/author\/hjalborg\/'>Hanne Jalborg<\/a><\/span>\n\n<div class=\"wp-block-post-date\"><time datetime=\"2024-04-04T18:13:24+01:00\">4 april, 2024<\/time><\/div><\/div>\n<\/div>\n<\/div>\n\n<\/li><li class=\"wp-block-post post-58886 post type-post status-publish format-standard has-post-thumbnail hentry category-greenpeace tag-seire tag-forurensning tag-amazonas tag-klimarettssaker tag-urfolksrettigheter tag-skogbruk tag-kongo tag-fossilenergi tag-regnskog p4-page-type-nyheter\">\n\n<div class=\"wp-block-columns is-layout-flex wp-container-core-columns-is-layout-9d6595d7 wp-block-columns-is-layout-flex\"><figure class=\"wp-block-post-featured-image\"><a href=\"https:\/\/www.greenpeace.org\/norway\/nyheter\/greenpeace\/8-gode-nyheter-for-klima-og-miljo-i-2023\/\" target=\"_self\"  ><img loading=\"lazy\" decoding=\"async\" width=\"800\" height=\"534\" src=\"https:\/\/www.greenpeace.org\/static\/planet4-norway-stateless\/2023\/11\/4a947337-gp0styi11_low_res.jpg\" class=\"attachment-post-thumbnail size-post-thumbnail wp-post-image wp-stateless-item\" alt=\"8 gode nyheter for klima og milj\u00f8 i 2023\" style=\"object-fit:cover;\" srcset=\"https:\/\/www.greenpeace.org\/static\/planet4-norway-stateless\/2023\/11\/4a947337-gp0styi11_low_res.jpg 800w, https:\/\/www.greenpeace.org\/static\/planet4-norway-stateless\/2023\/11\/4a947337-gp0styi11_low_res-300x200.jpg 300w, https:\/\/www.greenpeace.org\/static\/planet4-norway-stateless\/2023\/11\/4a947337-gp0styi11_low_res-768x513.jpg 768w, https:\/\/www.greenpeace.org\/static\/planet4-norway-stateless\/2023\/11\/4a947337-gp0styi11_low_res-510x340.jpg 510w\" sizes=\"auto, (max-width: 800px) 100vw, 800px\" data-image-size=\"post-thumbnail\" data-stateless-media-bucket=\"planet4-norway-stateless\" data-stateless-media-name=\"2023\/11\/4a947337-gp0styi11_low_res.jpg\" \/><\/a><\/figure>\n\n\n<div class=\"wp-block-group is-layout-flow wp-block-group-is-layout-flow\">\n<div class=\"wp-block-group is-layout-flex wp-block-group-is-layout-flex\"><div class=\"wp-block-post-terms\"><a href=\"https:\/\/www.greenpeace.org\/norway\/kategori\/greenpeace\/\">Greenpeace<\/a><\/div>\n\n<div class=\"taxonomy-post_tag wp-block-post-terms\"><a href=\"https:\/\/www.greenpeace.org\/norway\/tag\/seire\/\" rel=\"tag\">seire<\/a><span class=\"wp-block-post-terms__separator\"> <\/span><a href=\"https:\/\/www.greenpeace.org\/norway\/tag\/forurensning\/\" rel=\"tag\">forurensning<\/a><span class=\"wp-block-post-terms__separator\"> <\/span><a href=\"https:\/\/www.greenpeace.org\/norway\/tag\/amazonas\/\" rel=\"tag\">amazonas<\/a><span class=\"wp-block-post-terms__separator\"> <\/span><a href=\"https:\/\/www.greenpeace.org\/norway\/tag\/klimarettssaker\/\" rel=\"tag\">klimarettssaker<\/a><span class=\"wp-block-post-terms__separator\"> <\/span><a href=\"https:\/\/www.greenpeace.org\/norway\/tag\/urfolksrettigheter\/\" rel=\"tag\">urfolksrettigheter<\/a><span class=\"wp-block-post-terms__separator\"> <\/span><a href=\"https:\/\/www.greenpeace.org\/norway\/tag\/skogbruk\/\" rel=\"tag\">skogbruk<\/a><span class=\"wp-block-post-terms__separator\"> <\/span><a href=\"https:\/\/www.greenpeace.org\/norway\/tag\/kongo\/\" rel=\"tag\">kongo<\/a><span class=\"wp-block-post-terms__separator\"> <\/span><a href=\"https:\/\/www.greenpeace.org\/norway\/tag\/fossilenergi\/\" rel=\"tag\">fossilenergi<\/a><span class=\"wp-block-post-terms__separator\"> <\/span><a href=\"https:\/\/www.greenpeace.org\/norway\/tag\/regnskog\/\" rel=\"tag\">regnskog<\/a><\/div><\/div>\n\n\n<h3 class=\"wp-block-post-title\"><a href=\"https:\/\/www.greenpeace.org\/norway\/nyheter\/greenpeace\/8-gode-nyheter-for-klima-og-miljo-i-2023\/\" target=\"_self\" >8 gode nyheter for klima og milj\u00f8 i 2023<\/a><\/h3>\n\n<div class=\"wp-block-post-excerpt\"><p class=\"wp-block-post-excerpt__excerpt\">Vi kan glede oss over flere gode nyheter for klima og milj\u00f8 i \u00e5ret som gikk. Les om \u00e5tte gr\u00f8nne seire fra 2023 her. <\/p><\/div>\n\n\n<div class=\"wp-block-group posts-list-meta is-layout-flow wp-block-group-is-layout-flow\"><span class='article-list-item-author'><a href='https:\/\/www.greenpeace.org\/norway\/author\/greenpeace-norway\/'>Greenpeace Norge<\/a><\/span>\n\n<div class=\"wp-block-post-date\"><time datetime=\"2023-12-27T21:32:14+01:00\">27 desember, 2023<\/time><\/div><\/div>\n<\/div>\n<\/div>\n\n<\/li><\/ul>\n\n\n<div class=\"wp-block-buttons carousel-controls is-horizontal is-content-justification-space-between is-nowrap is-layout-flex wp-container-core-buttons-is-layout-044bd602 wp-block-buttons-is-layout-flex\">\n<div class=\"wp-block-button carousel-control-prev\"><button type=\"button\" class=\"wp-block-button__link wp-element-button\">Prev<\/button><\/div>\n\n\n\n<div class=\"wp-block-button carousel-control-next\"><button type=\"button\" class=\"wp-block-button__link wp-element-button\">Next<\/button><\/div>\n<\/div>\n\n\n<li class=\" wp-block-navigation-item see-all-link wp-block-navigation-link\"><a class=\"wp-block-navigation-item__content\"  href=\"https:\/\/www.greenpeace.org\/norway\/senaste-nytt\/?tag=amazonas&#038;post-type=nyheter\"><span class=\"wp-block-navigation-item__label\">Les mer<\/span><\/a><\/li><\/div>\n\n\n\n<div class=\"wp-block-group alignfull block is-pattern-p4-deep-dive has-grey-100-background-color has-background is-layout-flow wp-block-group-is-layout-flow\">\n<div class=\"wp-block-group container is-layout-flow wp-block-group-is-layout-flow\">\n<div style=\"height:24px\" aria-hidden=\"true\" class=\"wp-block-spacer\"><\/div>\n\n\n\n<h2 class=\"wp-block-heading has-text-align-center\">L\u00e6r mer om sakene<\/h2>\n\n\n\n<div class=\"wp-block-columns is-layout-flex wp-container-core-columns-is-layout-9d6595d7 wp-block-columns-is-layout-flex\">\n<div class=\"wp-block-column is-layout-flow wp-block-column-is-layout-flow\">\n<div class=\"wp-block-group group-stretched-link is-layout-flow wp-block-group-is-layout-flow\">\n<figure class=\"wp-block-image aligncenter size-full is-resized force-no-lightbox force-no-caption is-style-rounded-180\"><img loading=\"lazy\" decoding=\"async\" src=\"https:\/\/www.greenpeace.org\/static\/planet4-norway-stateless\/2022\/12\/a0d9e2ed-gp0318r_web_size.jpg\" title=\"Fjellgorilla i nasjonalpark i Kongo\" alt=\"Fjellgorilla i nasjonalpark i Kongo.\" class=\"wp-image-52332\" width=\"180\" height=\"180\"\/><figcaption class=\"wp-element-caption\">Baby mountain gorilla (about 1 year old) in the Virunga National Park.\nGorilla\/Berggorilla im Kongo Regenwald. Baby Berggorilla spielt im Kongo Regenwald, 1 Jahr alt.<\/figcaption><\/figure>\n\n\n\n<h5 class=\"wp-block-heading has-text-align-center is-style-chevron\" style=\"font-size:1rem\"><a href=\"https:\/\/www.greenpeace.org\/norway\/?page_id=52284\">Regnskogen i <br>Kongo<\/a><\/h5>\n\n\n\n<div style=\"height:16px\" aria-hidden=\"true\" class=\"wp-block-spacer\"><\/div>\n<\/div>\n<\/div>\n\n\n\n<div class=\"wp-block-column is-layout-flow wp-block-column-is-layout-flow\">\n<div class=\"wp-block-group group-stretched-link is-layout-flow wp-block-group-is-layout-flow\">\n<figure class=\"wp-block-image aligncenter size-full is-resized force-no-lightbox force-no-caption is-style-rounded-180\"><img loading=\"lazy\" decoding=\"async\" src=\"https:\/\/www.greenpeace.org\/static\/planet4-norway-stateless\/2022\/12\/6e931124-gp0qr2_web_size.jpg\" alt=\"Planter og vinstokker i regnskog i Indonesia.\" class=\"wp-image-53280\" width=\"180\" height=\"180\"\/><figcaption class=\"wp-element-caption\">View down to plants and thick vine ( liane) next to rock.<\/figcaption><\/figure>\n\n\n\n<h5 class=\"wp-block-heading has-text-align-center is-style-chevron\" style=\"font-size:1rem\"><a href=\"https:\/\/www.greenpeace.org\/norway\/?page_id=52286\">Regnskogen i <br>Indonesia<\/a><\/h5>\n\n\n\n<div style=\"height:16px\" aria-hidden=\"true\" class=\"wp-block-spacer\"><\/div>\n<\/div>\n<\/div>\n\n\n\n<div class=\"wp-block-column is-layout-flow wp-block-column-is-layout-flow\">\n<div class=\"wp-block-group group-stretched-link is-layout-flow wp-block-group-is-layout-flow\">\n<figure class=\"wp-block-image aligncenter size-full is-resized force-no-lightbox force-no-caption is-style-rounded-180\"><img loading=\"lazy\" decoding=\"async\" src=\"https:\/\/www.greenpeace.org\/static\/planet4-norway-stateless\/2022\/12\/444c6c0b-gp1szphr_web_size.jpg\" title=\"Luftbilder fra Porto Velho i Amacro-regionen i Amazonas viser \u00f8deleggelsen av omtrent 8000 hektar med regnskog.\" alt=\"Brann og avskoging i Porto Velho i Amazonas i Brasil.\" class=\"wp-image-53281\" width=\"180\" height=\"180\"\/><figcaption class=\"wp-element-caption\">Overflight images in Porto Velho, in the Amacro region (Amazonas, Acre and Rond\u00f4nia states), in an area of around 8,000 hectares of deforestation &#8211; the largest in 2022 &#8211; that has been burning for days.\nSobrevoo em Porto Velho, na regi\u00e3o da Amacro (Amazonas, Acre e Rond\u00f4nia), em uma \u00e1rea com cerca de 8.000 hectares de desmatamento &#8211; a maior em 2022 &#8211; que est\u00e1 queimando h\u00e1 dias.<\/figcaption><\/figure>\n\n\n\n<h5 class=\"wp-block-heading has-text-align-center is-style-chevron\" style=\"font-size:1rem\"><a href=\"https:\/\/www.greenpeace.org\/norway\/?page_id=52288\">Avskoging<\/a><\/h5>\n\n\n\n<div style=\"height:16px\" aria-hidden=\"true\" class=\"wp-block-spacer\"><\/div>\n<\/div>\n<\/div>\n\n\n\n<div class=\"wp-block-column is-layout-flow wp-block-column-is-layout-flow\">\n<div class=\"wp-block-group group-stretched-link is-layout-flow wp-block-group-is-layout-flow\">\n<figure class=\"wp-block-image aligncenter size-full is-resized force-no-lightbox force-no-caption is-style-rounded-180\"><img loading=\"lazy\" decoding=\"async\" src=\"https:\/\/www.greenpeace.org\/static\/planet4-norway-stateless\/2022\/12\/7e40a549-gp0strvmj_web_size.jpg\" alt=\"Gris i Thueringen i Tyskland.\" class=\"wp-image-53283\" width=\"180\" height=\"180\"\/><figcaption class=\"wp-element-caption\">Sows in the short and narrow gestation cages in the factory farm Gut Thiemendorf in Thuringia, Germany. Greenpeace makes the situation public and demands that the cages are large enough for the sows to lie down, stand, stretch and not object or disable the neighboring sows. Images were handed to Greenpeace by anonymous researchers.\nSauen in einem Massentierhaltungsbetrieb in Thueringen. Die Sauen werden in Kastenstaenden gehalten, die sehr klein und eng sind. \nGreenpeace macht die Zustaende oeffentlich und fordert groessere Kastenstaende fuer die Tiere. Sie muessten so gro\u00df sein, dass die Sau ungestoert ruhen, sich ausstrecken und hinlegen kann ohne das Nachbarschwein zu behindern. Die Fotos sind Greenpeace zugespielt worden.<\/figcaption><\/figure>\n\n\n\n<h5 class=\"wp-block-heading has-text-align-center is-style-chevron\" style=\"font-size:1rem\"><a href=\"https:\/\/www.greenpeace.org\/norway\/?page_id=52290\">Matindustrien<\/a><\/h5>\n\n\n\n<div style=\"height:16px\" aria-hidden=\"true\" class=\"wp-block-spacer\"><\/div>\n<\/div>\n<\/div>\n\n\n\n<div class=\"wp-block-column is-layout-flow wp-block-column-is-layout-flow\">\n<div class=\"wp-block-group group-stretched-link is-layout-flow wp-block-group-is-layout-flow\">\n<figure class=\"wp-block-image aligncenter size-full is-resized force-no-lightbox force-no-caption is-style-rounded-180\"><img loading=\"lazy\" decoding=\"async\" src=\"https:\/\/www.greenpeace.org\/static\/planet4-norway-stateless\/2023\/01\/47c5ea63-gp0stsewy_web_size.jpg\" alt=\"Same under en demonstrasjon nord i Finland i 2018.\" class=\"wp-image-53912\" width=\"180\" height=\"180\"\/><figcaption class=\"wp-element-caption\">Greenpeace activists from several European countries at IJmuiden lock in the Netherlands are blocking a 225-meter-long soybean ship from Brazil. The mega-ship is part of a broken system that is linked to nature destruction. Every year, millions of tonnes of soy, palm oil or meat are shipped to and consumed in Europe: commodities from industries destroying nature across the world. Indigenous leaders Waduwabati Suy\u00e1 and Alberto Fran\u00e7a Dias (Alberto Terena) from Brazil are joining the activity. The action is directed at EU ministers to support a strong new EU law that would put an end to European complicity in the destruction.<\/figcaption><\/figure>\n\n\n\n<h5 class=\"wp-block-heading has-text-align-center is-style-chevron\" style=\"font-size:1rem\"><a href=\"https:\/\/www.greenpeace.org\/norway\/?page_id=52292\">Urfolk<\/a><\/h5>\n\n\n\n<div style=\"height:16px\" aria-hidden=\"true\" class=\"wp-block-spacer\"><\/div>\n<\/div>\n<\/div>\n<\/div>\n<\/div>\n<\/div>\n\n\n\n<div class=\"wp-block-group alignfull block is-pattern-p4-quick-links has-white-background-color has-background is-layout-flow wp-block-group-is-layout-flow\">\n<div class=\"wp-block-group container is-layout-flow wp-block-group-is-layout-flow\">\n<div style=\"height:24px\" aria-hidden=\"true\" class=\"wp-block-spacer\"><\/div>\n\n\n\n<h4 class=\"wp-block-heading has-text-align-center\">Utforsk andre temaer<\/h4>\n\n\n\n<div style=\"height:20px\" aria-hidden=\"true\" class=\"wp-block-spacer\"><\/div>\n\n\n\n<div class=\"wp-block-columns is-not-stacked-on-mobile is-style-mobile-carousel is-layout-flex wp-container-core-columns-is-layout-9d6595d7 wp-block-columns-is-layout-flex\">\n<div class=\"wp-block-column is-layout-flow wp-block-column-is-layout-flow\">\n<div class=\"wp-block-group group-stretched-link is-layout-flow wp-block-group-is-layout-flow\">\n<figure class=\"wp-block-image aligncenter size-large is-resized is-style-rounded-90 force-no-lightbox force-no-caption mb-0\"><img loading=\"lazy\" decoding=\"async\" width=\"1024\" height=\"683\" src=\"https:\/\/www.greenpeace.org\/static\/planet4-norway-stateless\/2022\/02\/7db94982-gp0219n-1024x683.jpg\" title=\"Severe Drought in China. \u00a9 Lu Guang \/ Greenpeace\" alt=\"T\u00f8rke i Kina.\" class=\"wp-image-50290\" srcset=\"https:\/\/www.greenpeace.org\/static\/planet4-norway-stateless\/2022\/02\/7db94982-gp0219n-1024x683.jpg 1024w, https:\/\/www.greenpeace.org\/static\/planet4-norway-stateless\/2022\/02\/7db94982-gp0219n-300x200.jpg 300w, https:\/\/www.greenpeace.org\/static\/planet4-norway-stateless\/2022\/02\/7db94982-gp0219n-768x512.jpg 768w, https:\/\/www.greenpeace.org\/static\/planet4-norway-stateless\/2022\/02\/7db94982-gp0219n-510x340.jpg 510w, https:\/\/www.greenpeace.org\/static\/planet4-norway-stateless\/2022\/02\/7db94982-gp0219n.jpg 1200w\" sizes=\"auto, (max-width: 1024px) 100vw, 1024px\" \/><figcaption class=\"wp-element-caption\">Greenpeace staff asses the dry ground, cracked due to the severe drought in Maojiacun Reservoir, Huize County.<div class=\"credit icon-left\"> \u00a9 Lu Guang \/ Greenpeace<\/div><\/figcaption><\/figure>\n\n\n\n<div style=\"height:16px\" aria-hidden=\"true\" class=\"wp-block-spacer\"><\/div>\n\n\n\n<h5 class=\"wp-block-heading has-text-align-center\" style=\"font-size:1rem\"><a href=\"https:\/\/www.greenpeace.org\/norway\/?page_id=52135\">Klimaendringer<\/a><\/h5>\n<\/div>\n<\/div>\n\n\n\n<div class=\"wp-block-column is-layout-flow wp-block-column-is-layout-flow\">\n<div class=\"wp-block-group group-stretched-link is-layout-flow wp-block-group-is-layout-flow\">\n<figure class=\"wp-block-image aligncenter size-full is-resized is-style-rounded-90 force-no-lightbox force-no-caption mb-0\"><img loading=\"lazy\" decoding=\"async\" width=\"800\" height=\"451\" src=\"https:\/\/www.greenpeace.org\/static\/planet4-norway-stateless\/2022\/12\/8a748afb-gp1su99g_web_size.jpg\" alt=\"Gassfelt i Nordsj\u00f8en.\" class=\"wp-image-52663\" srcset=\"https:\/\/www.greenpeace.org\/static\/planet4-norway-stateless\/2022\/12\/8a748afb-gp1su99g_web_size.jpg 800w, https:\/\/www.greenpeace.org\/static\/planet4-norway-stateless\/2022\/12\/8a748afb-gp1su99g_web_size-300x169.jpg 300w, https:\/\/www.greenpeace.org\/static\/planet4-norway-stateless\/2022\/12\/8a748afb-gp1su99g_web_size-768x433.jpg 768w, https:\/\/www.greenpeace.org\/static\/planet4-norway-stateless\/2022\/12\/8a748afb-gp1su99g_web_size-510x288.jpg 510w\" sizes=\"auto, (max-width: 800px) 100vw, 800px\" \/><figcaption class=\"wp-element-caption\">The sun sets behind Total&#8217;s Culzean Platforms located in the Culzean Field. Culzean is a gas condensate field located in the British North Sea, 230 kilometres off the coast of Aberdeen.\nDie Sonne geht hinter den von Total betriebenen Culzean-Plattformen unter. Die Plattformen stehen im  Culzean Feld, einem Gaskondensatfeld in der britischen Nordsee, etwa 230 Kilometer vor der K\u00fcste von Aberdeen entfernt.<\/figcaption><\/figure>\n\n\n\n<div style=\"height:16px\" aria-hidden=\"true\" class=\"wp-block-spacer\"><\/div>\n\n\n\n<h5 class=\"wp-block-heading has-text-align-center\" style=\"font-size:1rem\"><a href=\"https:\/\/www.greenpeace.org\/norway\/?page_id=52153\">Energi<\/a><\/h5>\n<\/div>\n<\/div>\n\n\n\n<div class=\"wp-block-column is-layout-flow wp-block-column-is-layout-flow\">\n<div class=\"wp-block-group group-stretched-link is-layout-flow wp-block-group-is-layout-flow\">\n<figure class=\"wp-block-image aligncenter size-full is-resized is-style-rounded-90 force-no-lightbox force-no-caption mb-0\"><img loading=\"lazy\" decoding=\"async\" width=\"800\" height=\"533\" src=\"https:\/\/www.greenpeace.org\/static\/planet4-norway-stateless\/2022\/12\/969bd562-gp1svdes_web_size.jpg\" alt=\"Ugle i Estland.\" class=\"wp-image-52662\" srcset=\"https:\/\/www.greenpeace.org\/static\/planet4-norway-stateless\/2022\/12\/969bd562-gp1svdes_web_size.jpg 800w, https:\/\/www.greenpeace.org\/static\/planet4-norway-stateless\/2022\/12\/969bd562-gp1svdes_web_size-300x200.jpg 300w, https:\/\/www.greenpeace.org\/static\/planet4-norway-stateless\/2022\/12\/969bd562-gp1svdes_web_size-768x512.jpg 768w, https:\/\/www.greenpeace.org\/static\/planet4-norway-stateless\/2022\/12\/969bd562-gp1svdes_web_size-510x340.jpg 510w\" sizes=\"auto, (max-width: 800px) 100vw, 800px\" \/><figcaption class=\"wp-element-caption\">Juvenile Ural owl, (Strix uralensis) on a summer evening; P\u00e4rnu county, Central Estonia. \nDocumentation of logging in Estonian forests. The production of wood pellets for biomass energy is destroying large areas of the ancient forest and habitat of wildlife. The pellets are exported to European countries, e.g. Germany, Italy, UK and the Netherlands.<\/figcaption><\/figure>\n\n\n\n<div style=\"height:16px\" aria-hidden=\"true\" class=\"wp-block-spacer\"><\/div>\n\n\n\n<h5 class=\"wp-block-heading has-text-align-center\" style=\"font-size:1rem\"><a href=\"https:\/\/www.greenpeace.org\/norway\/?page_id=52138\">Natur<\/a><\/h5>\n<\/div>\n<\/div>\n\n\n\n<div class=\"wp-block-column is-layout-flow wp-block-column-is-layout-flow\">\n<div class=\"wp-block-group group-stretched-link is-layout-flow wp-block-group-is-layout-flow\">\n<figure class=\"wp-block-image aligncenter size-large is-resized is-style-rounded-90 force-no-lightbox force-no-caption mb-0\"><img loading=\"lazy\" decoding=\"async\" width=\"1024\" height=\"683\" src=\"https:\/\/www.greenpeace.org\/static\/planet4-norway-stateless\/2022\/02\/ebcd1dda-gp0stuglp-1024x683.jpg\" title=\"Kn\u00f8lhval utenfor Elephant Island i Antarktis. Foto: Abbie Trayler-Smith \/ Greenpeace\" alt=\"Hval utenfor Elefant\u00f8ya nordvest for Antarktishalv\u00f8ya.\" class=\"wp-image-50074\" srcset=\"https:\/\/www.greenpeace.org\/static\/planet4-norway-stateless\/2022\/02\/ebcd1dda-gp0stuglp-1024x683.jpg 1024w, https:\/\/www.greenpeace.org\/static\/planet4-norway-stateless\/2022\/02\/ebcd1dda-gp0stuglp-300x200.jpg 300w, https:\/\/www.greenpeace.org\/static\/planet4-norway-stateless\/2022\/02\/ebcd1dda-gp0stuglp-768x512.jpg 768w, https:\/\/www.greenpeace.org\/static\/planet4-norway-stateless\/2022\/02\/ebcd1dda-gp0stuglp-510x340.jpg 510w, https:\/\/www.greenpeace.org\/static\/planet4-norway-stateless\/2022\/02\/ebcd1dda-gp0stuglp.jpg 1200w\" sizes=\"auto, (max-width: 1024px) 100vw, 1024px\" \/><figcaption class=\"wp-element-caption\">Humpback Whales swim in the waters off Elephant Island.  Greenpeace is back in the Antarctic on the last stage of the Pole to Pole Expedition. We have teamed up with a group of scientists to investigate and document the impacts the climate crisis is already having in this area.\n\n*This picture was taken in 2020 during the Antarctic leg of the Pole to Pole expedition under the Dutch permit number RWS-2019\/40813.<\/figcaption><figcaption><div class=\"credit icon-left\"> \u00a9 Abbie Trayler-Smith \/ Greenpeace<\/div><\/figcaption><\/figure>\n\n\n\n<div style=\"height:16px\" aria-hidden=\"true\" class=\"wp-block-spacer\"><\/div>\n\n\n\n<h5 class=\"wp-block-heading has-text-align-center\" style=\"font-size:1rem\"><a href=\"https:\/\/www.greenpeace.org\/norway\/?page_id=52187\">Hav<\/a><\/h5>\n<\/div>\n<\/div>\n\n\n\n<div class=\"wp-block-column is-layout-flow wp-block-column-is-layout-flow\">\n<div class=\"wp-block-group group-stretched-link is-layout-flow wp-block-group-is-layout-flow\">\n<figure class=\"wp-block-image aligncenter size-full is-resized is-style-rounded-90 force-no-lightbox force-no-caption mb-0\"><img loading=\"lazy\" decoding=\"async\" width=\"800\" height=\"533\" src=\"https:\/\/www.greenpeace.org\/static\/planet4-norway-stateless\/2022\/12\/1295bdeb-gp1swpkh_web_size.jpg\" alt=\"Plastavfall p\u00e5 Canggu-stranden p\u00e5 Bali.\" class=\"wp-image-52661\" srcset=\"https:\/\/www.greenpeace.org\/static\/planet4-norway-stateless\/2022\/12\/1295bdeb-gp1swpkh_web_size.jpg 800w, https:\/\/www.greenpeace.org\/static\/planet4-norway-stateless\/2022\/12\/1295bdeb-gp1swpkh_web_size-300x200.jpg 300w, https:\/\/www.greenpeace.org\/static\/planet4-norway-stateless\/2022\/12\/1295bdeb-gp1swpkh_web_size-768x512.jpg 768w, https:\/\/www.greenpeace.org\/static\/planet4-norway-stateless\/2022\/12\/1295bdeb-gp1swpkh_web_size-510x340.jpg 510w\" sizes=\"auto, (max-width: 800px) 100vw, 800px\" \/><figcaption class=\"wp-element-caption\">A tourist walks along a beach covered in piles of debris and plastic waste in Canggu, Bali, Indonesia.<\/figcaption><\/figure>\n\n\n\n<div style=\"height:16px\" aria-hidden=\"true\" class=\"wp-block-spacer\"><\/div>\n\n\n\n<h5 class=\"wp-block-heading has-text-align-center\" style=\"font-size:1rem\"><a href=\"https:\/\/www.greenpeace.org\/norway\/?page_id=52194\">Forbruk<\/a><\/h5>\n<\/div>\n<\/div>\n<\/div>\n<\/div>\n<\/div>\n<\/div>\n","protected":false},"excerpt":{"rendered":"<p>Amazonas-regnskogen blir rasert for kortsiktig gevinst. Regnskogen i<br \/>\nAmazonas er verdens mest artsrike. Mister vi denne, taper vi kampen mot klimakrisen.<\/p>\n","protected":false},"author":32,"featured_media":51288,"parent":52180,"menu_order":0,"comment_status":"closed","ping_status":"closed","template":"","meta":{"ep_exclude_from_search":false,"p4_hide_page_title_checkbox":"on","p4_title":"","p4_subtitle":"","p4_description":"","background_image_id":"","background_image":"","p4_button_title":"","p4_button_link":"","p4_button_link_checkbox":"","p4_og_title":"","p4_og_description":"","p4_og_image":"","p4_og_image_id":"","p4_seo_canonical_url":"","p4_campaign_name":"not set","p4_local_project":"not set","p4_basket_name":"not set","p4_department":"","footnotes":""},"categories":[60],"tags":[79,88],"class_list":["post-52282","page","type-page","status-publish","has-post-thumbnail","hentry","category-skog-og-landbruk","tag-amazonas","tag-regnskog"],"_links":{"self":[{"href":"https:\/\/www.greenpeace.org\/norway\/wp-json\/wp\/v2\/pages\/52282","targetHints":{"allow":["GET"]}}],"collection":[{"href":"https:\/\/www.greenpeace.org\/norway\/wp-json\/wp\/v2\/pages"}],"about":[{"href":"https:\/\/www.greenpeace.org\/norway\/wp-json\/wp\/v2\/types\/page"}],"author":[{"embeddable":true,"href":"https:\/\/www.greenpeace.org\/norway\/wp-json\/wp\/v2\/users\/32"}],"replies":[{"embeddable":true,"href":"https:\/\/www.greenpeace.org\/norway\/wp-json\/wp\/v2\/comments?post=52282"}],"version-history":[{"count":20,"href":"https:\/\/www.greenpeace.org\/norway\/wp-json\/wp\/v2\/pages\/52282\/revisions"}],"predecessor-version":[{"id":66759,"href":"https:\/\/www.greenpeace.org\/norway\/wp-json\/wp\/v2\/pages\/52282\/revisions\/66759"}],"up":[{"embeddable":true,"href":"https:\/\/www.greenpeace.org\/norway\/wp-json\/wp\/v2\/pages\/52180"}],"wp:featuredmedia":[{"embeddable":true,"href":"https:\/\/www.greenpeace.org\/norway\/wp-json\/wp\/v2\/media\/51288"}],"wp:attachment":[{"href":"https:\/\/www.greenpeace.org\/norway\/wp-json\/wp\/v2\/media?parent=52282"}],"wp:term":[{"taxonomy":"category","embeddable":true,"href":"https:\/\/www.greenpeace.org\/norway\/wp-json\/wp\/v2\/categories?post=52282"},{"taxonomy":"post_tag","embeddable":true,"href":"https:\/\/www.greenpeace.org\/norway\/wp-json\/wp\/v2\/tags?post=52282"}],"curies":[{"name":"wp","href":"https:\/\/api.w.org\/{rel}","templated":true}]}}