{"id":230,"date":"2018-05-14T12:33:35","date_gmt":"2018-05-14T10:33:35","guid":{"rendered":"https:\/\/k8s.p4.greenpeace.org\/defaultcontent\/?page_id=230"},"modified":"2025-09-23T12:09:03","modified_gmt":"2025-09-23T10:09:03","slug":"dla-mediow","status":"publish","type":"page","link":"https:\/\/www.greenpeace.org\/poland\/o-nas\/dla-mediow\/","title":{"rendered":"Dla medi\u00f3w"},"content":{"rendered":"\n<p>Osoby pracuj\u0105ce w mediach zach\u0119camy do kontaktu z naszymi rzecznikami prasowymi: <\/p>\n<div data-render=\"planet4-blocks\/columns\" data-attributes=\"{&quot;attributes&quot;:{&quot;columns_block_style&quot;:&quot;image&quot;,&quot;columns_title&quot;:&quot;&quot;,&quot;columns_description&quot;:&quot;&quot;,&quot;columns&quot;:[{&quot;title&quot;:&quot;Katarzyna Bilewska&quot;,&quot;description&quot;:&quot;Rzeczniczka prasowa &lt;br&gt;katarzyna.bilewska@greenpeace.org &lt;br&gt;+48 500 236 211 &quot;,&quot;cta_link&quot;:&quot;&quot;,&quot;cta_text&quot;:&quot;&quot;,&quot;link_new_tab&quot;:false,&quot;attachment&quot;:&quot;https:\\\/\\\/www.greenpeace.org\\\/static\\\/planet4-poland-stateless\\\/2021\\\/07\\\/3fa1640f-kasia-rw2-1-340x340.jpg&quot;,&quot;attachment_srcset&quot;:&quot;https:\\\/\\\/www.greenpeace.org\\\/static\\\/planet4-poland-stateless\\\/2021\\\/07\\\/3fa1640f-kasia-rw2-1-340x340.jpg 340w, https:\\\/\\\/www.greenpeace.org\\\/static\\\/planet4-poland-stateless\\\/2021\\\/07\\\/3fa1640f-kasia-rw2-1-300x300.jpg 300w, https:\\\/\\\/www.greenpeace.org\\\/static\\\/planet4-poland-stateless\\\/2021\\\/07\\\/3fa1640f-kasia-rw2-1-150x150.jpg 150w, https:\\\/\\\/www.greenpeace.org\\\/static\\\/planet4-poland-stateless\\\/2021\\\/07\\\/3fa1640f-kasia-rw2-1-768x768.jpg 768w, https:\\\/\\\/www.greenpeace.org\\\/static\\\/planet4-poland-stateless\\\/2021\\\/07\\\/3fa1640f-kasia-rw2-1.jpg 800w&quot;},{&quot;title&quot;:&quot;Marek J\\u00f3zefiak&quot;,&quot;description&quot;:&quot;Rzecznik prasowy&lt;br&gt;Ekspert ds. polityki ekologicznej&lt;br&gt;marek.jozefiak@greenpeace.org &lt;br&gt;+48 539 544 538&quot;,&quot;cta_link&quot;:&quot;https:\\\/\\\/twitter.com\\\/MarekJozefiak&quot;,&quot;cta_text&quot;:&quot;Twitter: @MarekJozefiak&quot;,&quot;link_new_tab&quot;:false,&quot;attachment&quot;:&quot;https:\\\/\\\/www.greenpeace.org\\\/static\\\/planet4-poland-stateless\\\/2023\\\/05\\\/96561922-dsc07118-339x340.jpg&quot;,&quot;attachment_srcset&quot;:&quot;https:\\\/\\\/www.greenpeace.org\\\/static\\\/planet4-poland-stateless\\\/2023\\\/05\\\/96561922-dsc07118-339x340.jpg 339w, https:\\\/\\\/www.greenpeace.org\\\/static\\\/planet4-poland-stateless\\\/2023\\\/05\\\/96561922-dsc07118-498x500.jpg 498w, https:\\\/\\\/www.greenpeace.org\\\/static\\\/planet4-poland-stateless\\\/2023\\\/05\\\/96561922-dsc07118-300x300.jpg 300w, https:\\\/\\\/www.greenpeace.org\\\/static\\\/planet4-poland-stateless\\\/2023\\\/05\\\/96561922-dsc07118-768x771.jpg 768w, https:\\\/\\\/www.greenpeace.org\\\/static\\\/planet4-poland-stateless\\\/2023\\\/05\\\/96561922-dsc07118.jpg 800w&quot;},{&quot;title&quot;:&quot;&quot;,&quot;description&quot;:&quot;&quot;,&quot;attachment&quot;:0,&quot;cta_link&quot;:&quot;&quot;,&quot;cta_text&quot;:&quot;&quot;,&quot;link_new_tab&quot;:false}],&quot;className&quot;:&quot;is-style-image&quot;}}\"><\/div><div data-render=\"planet4-blocks\/columns\" data-attributes=\"{&quot;attributes&quot;:{&quot;columns_title&quot;:&quot;Zdj\\u0119cia i wideo&quot;,&quot;columns_description&quot;:&quot;Greenpeace udost\\u0119pnia zdj\\u0119cia i wideo zwi\\u0105zane z prowadzonymi dzia\\u0142aniami. Zdj\\u0119cia do wykorzystania na licencji Creative Commons zwi\\u0105zane z dzia\\u0142alno\\u015bci\\u0105 polskiego biura mo\\u017cna znale\\u017a\\u0107 i pobra\\u0107 na stronie &lt;a href=&#039;http:\\\/\\\/flickr.com\\\/photos\\\/greenpeacepl\\\/albums\\\/&#039;&gt;&lt;b&gt;FlickR&lt;\\\/b&gt;&lt;\\\/a&gt;. W sprawie zdj\\u0119\\u0107 z globalnego archiwum organizacji, zapraszamy na stron\\u0119 &lt;a href=&#039;http:\\\/\\\/media.greenpeace.org&#039;&gt;&lt;b&gt;media.greenpeace.org&lt;\\\/b&gt;&lt;\\\/a&gt;.&quot;,&quot;className&quot;:&quot;is-style-no_image&quot;,&quot;columns_block_style&quot;:&quot;no_image&quot;,&quot;columns&quot;:[]}}\"><\/div>\n<h3 class=\"wp-block-heading\">Aktualne informacje o tym, co robimy mo\u017cna te\u017c znale\u017a\u0107 w naszych kana\u0142ach spo\u0142eczno\u015bciowych: <\/h3>\n<p><a href=\"https:\/\/facebook.com\/greenpeacepl\"><img loading=\"lazy\" decoding=\"async\" class=\"alignleft size-full wp-image-2906\" src=\"https:\/\/www.greenpeace.org\/static\/planet4-poland-stateless\/2019\/06\/a41c4be2-facebook.png\" alt=\"\" width=\"165\" height=\"159\"><\/a> <a href=\"https:\/\/twitter.com\/Greenpeace_PL\"><img loading=\"lazy\" decoding=\"async\" class=\"alignleft size-full wp-image-2907\" src=\"https:\/\/www.greenpeace.org\/static\/planet4-poland-stateless\/2019\/06\/ae2cd50d-twitter.png\" alt=\"\" width=\"165\" height=\"159\"><\/a> <a href=\"https:\/\/instagram.com\/greenpeace_pl\"><img loading=\"lazy\" decoding=\"async\" class=\"alignleft size-full wp-image-2908\" src=\"https:\/\/www.greenpeace.org\/static\/planet4-poland-stateless\/2019\/06\/c386b273-instagram.png\" alt=\"\" width=\"165\" height=\"159\"><\/a><\/p>\n\n<div class=\"wp-block-query posts-list p4-query-loop is-custom-layout-list is-layout-flow wp-block-query-is-layout-flow\">\n<div class=\"wp-block-group is-content-justification-space-between is-layout-flex wp-container-core-group-is-layout-3d213aab wp-block-group-is-layout-flex\">\n<h2 class=\"wp-block-heading\">Aktualno\u015bci<\/h2>\n\n\n<li class=\" wp-block-navigation-item see-all-link wp-block-navigation-link\"><a class=\"wp-block-navigation-item__content\"  href=\"http:\/\/www.greenpeace.org\/poland\/aktualnosci\/?post-type=aktualnosci\"><span class=\"wp-block-navigation-item__label\">Wszystkie<\/span><\/a><\/li><\/div>\n\n\n\n<p style=\"margin-top:24px;margin-bottom:36px\"><\/p>\n\n\n\n\n<ul class=\"wp-block-post-template is-layout-flow wp-block-post-template-is-layout-flow\"><li class=\"wp-block-post post-81295 post type-post status-publish format-standard has-post-thumbnail hentry category-greenpeace category-klimat-energia tag-klimat tag-czysta-energia tag-paliwakopalne p4-page-type-aktualnosci\">\n\n<div class=\"wp-block-columns is-layout-flex wp-container-core-columns-is-layout-9d6595d7 wp-block-columns-is-layout-flex\"><figure class=\"wp-block-post-featured-image\"><a href=\"https:\/\/www.greenpeace.org\/poland\/aktualnosci\/81295\/rozproszone-trudniej-trafic-raport-greenpeace-o-bezpieczenstwie-energetycznym-w-warunkach-wojennych-na-przykladzie-ukrainy\/\" target=\"_self\"  ><img loading=\"lazy\" decoding=\"async\" width=\"1620\" height=\"1080\" src=\"https:\/\/www.greenpeace.org\/static\/planet4-poland-stateless\/2026\/04\/0446bd19-gp_web_v21.jpg\" class=\"attachment-post-thumbnail size-post-thumbnail wp-post-image wp-stateless-item\" alt=\"\u201eRozproszone trudniej trafi\u0107\u201d &#8211; raport Greenpeace o bezpiecze\u0144stwie energetycznym w warunkach wojennych na przyk\u0142adzie Ukrainy\" style=\"object-fit:cover;\" srcset=\"https:\/\/www.greenpeace.org\/static\/planet4-poland-stateless\/2026\/04\/0446bd19-gp_web_v21.jpg 1620w, https:\/\/www.greenpeace.org\/static\/planet4-poland-stateless\/2026\/04\/0446bd19-gp_web_v21-500x333.jpg 500w, https:\/\/www.greenpeace.org\/static\/planet4-poland-stateless\/2026\/04\/0446bd19-gp_web_v21-1024x683.jpg 1024w, https:\/\/www.greenpeace.org\/static\/planet4-poland-stateless\/2026\/04\/0446bd19-gp_web_v21-768x512.jpg 768w, https:\/\/www.greenpeace.org\/static\/planet4-poland-stateless\/2026\/04\/0446bd19-gp_web_v21-1536x1024.jpg 1536w, https:\/\/www.greenpeace.org\/static\/planet4-poland-stateless\/2026\/04\/0446bd19-gp_web_v21-510x340.jpg 510w\" sizes=\"auto, (max-width: 1620px) 100vw, 1620px\" data-image-size=\"post-thumbnail\" data-stateless-media-bucket=\"planet4-poland-stateless\" data-stateless-media-name=\"2026\/04\/0446bd19-gp_web_v21.jpg\" \/><\/a><\/figure>\n\n\n<div class=\"wp-block-group is-layout-flow wp-block-group-is-layout-flow\">\n<div class=\"wp-block-group is-layout-flex wp-block-group-is-layout-flex\"><div class=\"wp-block-post-terms\"><a href=\"https:\/\/www.greenpeace.org\/poland\/category\/greenpeace\/\">Greenpeace<\/a><\/div>\n\n<div class=\"taxonomy-post_tag wp-block-post-terms\"><a href=\"https:\/\/www.greenpeace.org\/poland\/tag\/klimat\/\" rel=\"tag\">Klimat<\/a><span class=\"wp-block-post-terms__separator\"> <\/span><a href=\"https:\/\/www.greenpeace.org\/poland\/tag\/czysta-energia\/\" rel=\"tag\">CzystaEnergia<\/a><span class=\"wp-block-post-terms__separator\"> <\/span><a href=\"https:\/\/www.greenpeace.org\/poland\/tag\/paliwakopalne\/\" rel=\"tag\">PaliwaKopalne<\/a><\/div><\/div>\n\n\n<h3 class=\"wp-block-post-title\"><a href=\"https:\/\/www.greenpeace.org\/poland\/aktualnosci\/81295\/rozproszone-trudniej-trafic-raport-greenpeace-o-bezpieczenstwie-energetycznym-w-warunkach-wojennych-na-przykladzie-ukrainy\/\" target=\"_self\" >\u201eRozproszone trudniej trafi\u0107\u201d &#8211; raport Greenpeace o bezpiecze\u0144stwie energetycznym w warunkach wojennych na przyk\u0142adzie Ukrainy<\/a><\/h3>\n\n<div class=\"wp-block-post-excerpt\"><p class=\"wp-block-post-excerpt__excerpt\">System energetyczny z tysi\u0105cami ma\u0142ych \u017ar\u00f3de\u0142 jako element polskiej racji stanu. Lekcja z do\u015bwiadcze\u0144 Ukrainy. <\/p><\/div>\n\n\n<div class=\"wp-block-group posts-list-meta is-layout-flow wp-block-group-is-layout-flow\"><span class='article-list-item-author'><a href='https:\/\/www.greenpeace.org\/poland\/author\/mvelez\/'>Marcel Andino Velez<\/a><\/span>\n\n<div class=\"wp-block-post-date\"><time datetime=\"2026-04-23T07:00:00+02:00\">2026-04-23<\/time><\/div><\/div>\n<\/div>\n<\/div>\n\n<\/li><li class=\"wp-block-post post-40075 post type-post status-publish format-standard has-post-thumbnail hentry category-przyroda tag-lasy p4-page-type-aktualnosci\">\n\n<div class=\"wp-block-columns is-layout-flex wp-container-core-columns-is-layout-9d6595d7 wp-block-columns-is-layout-flex\"><figure class=\"wp-block-post-featured-image\"><a href=\"https:\/\/www.greenpeace.org\/poland\/aktualnosci\/40075\/organizacje-przyrodnicze-mowia-jednym-glosem-polska-2050-i-psl-chca-blokowac-ochrone-przyrody\/\" target=\"_self\"  ><img loading=\"lazy\" decoding=\"async\" width=\"1620\" height=\"1080\" src=\"https:\/\/www.greenpeace.org\/static\/planet4-poland-stateless\/2026\/04\/575802f8-adl3985-1.jpg\" class=\"attachment-post-thumbnail size-post-thumbnail wp-post-image wp-stateless-item\" alt=\"Organizacje przyrodnicze m\u00f3wi\u0105 jednym g\u0142osem: Polska 2050 i PSL chc\u0105 blokowa\u0107 ochron\u0119 przyrody\" style=\"object-fit:cover;\" srcset=\"https:\/\/www.greenpeace.org\/static\/planet4-poland-stateless\/2026\/04\/575802f8-adl3985-1.jpg 1620w, https:\/\/www.greenpeace.org\/static\/planet4-poland-stateless\/2026\/04\/575802f8-adl3985-1-500x333.jpg 500w, https:\/\/www.greenpeace.org\/static\/planet4-poland-stateless\/2026\/04\/575802f8-adl3985-1-1024x683.jpg 1024w, https:\/\/www.greenpeace.org\/static\/planet4-poland-stateless\/2026\/04\/575802f8-adl3985-1-768x512.jpg 768w, https:\/\/www.greenpeace.org\/static\/planet4-poland-stateless\/2026\/04\/575802f8-adl3985-1-1536x1024.jpg 1536w, https:\/\/www.greenpeace.org\/static\/planet4-poland-stateless\/2026\/04\/575802f8-adl3985-1-510x340.jpg 510w\" sizes=\"auto, (max-width: 1620px) 100vw, 1620px\" data-image-size=\"post-thumbnail\" data-stateless-media-bucket=\"planet4-poland-stateless\" data-stateless-media-name=\"2026\/04\/575802f8-adl3985-1.jpg\" \/><\/a><\/figure>\n\n\n<div class=\"wp-block-group is-layout-flow wp-block-group-is-layout-flow\">\n<div class=\"wp-block-group is-layout-flex wp-block-group-is-layout-flex\"><div class=\"wp-block-post-terms\"><a href=\"https:\/\/www.greenpeace.org\/poland\/category\/przyroda\/\">Przyroda<\/a><\/div>\n\n<div class=\"taxonomy-post_tag wp-block-post-terms\"><a href=\"https:\/\/www.greenpeace.org\/poland\/tag\/lasy\/\" rel=\"tag\">Lasy<\/a><\/div><\/div>\n\n\n<h3 class=\"wp-block-post-title\"><a href=\"https:\/\/www.greenpeace.org\/poland\/aktualnosci\/40075\/organizacje-przyrodnicze-mowia-jednym-glosem-polska-2050-i-psl-chca-blokowac-ochrone-przyrody\/\" target=\"_self\" >Organizacje przyrodnicze m\u00f3wi\u0105 jednym g\u0142osem: Polska 2050 i PSL chc\u0105 blokowa\u0107 ochron\u0119 przyrody<\/a><\/h3>\n\n<div class=\"wp-block-post-excerpt\"><p class=\"wp-block-post-excerpt__excerpt\">Warszawa, 16.04.2026 r. <\/p><\/div>\n\n\n<div class=\"wp-block-group posts-list-meta is-layout-flow wp-block-group-is-layout-flow\"><span class='article-list-item-author'><a href='https:\/\/www.greenpeace.org\/poland\/author\/kasia\/'>Katarzyna Bilewska<\/a><\/span>\n\n<div class=\"wp-block-post-date\"><time datetime=\"2026-04-16T15:11:48+02:00\">2026-04-16<\/time><\/div><\/div>\n<\/div>\n<\/div>\n\n<\/li><li class=\"wp-block-post post-40035 post type-post status-publish format-standard has-post-thumbnail hentry category-przyroda tag-lasy tag-ochrona-przyrody p4-page-type-aktualnosci\">\n\n<div class=\"wp-block-columns is-layout-flex wp-container-core-columns-is-layout-9d6595d7 wp-block-columns-is-layout-flex\"><figure class=\"wp-block-post-featured-image\"><a href=\"https:\/\/www.greenpeace.org\/poland\/aktualnosci\/40035\/psl-i-polska-2050-chca-rozmontowac-ostatni-mechanizm-ochrony-przyrody\/\" target=\"_self\"  ><img loading=\"lazy\" decoding=\"async\" width=\"799\" height=\"533\" src=\"https:\/\/www.greenpeace.org\/static\/planet4-poland-stateless\/2025\/07\/cd861f22-54584470308_7ff6057c19_c.jpg\" class=\"attachment-post-thumbnail size-post-thumbnail wp-post-image wp-stateless-item\" alt=\"PSL i Polska 2050 chc\u0105 rozmontowa\u0107 ostatni mechanizm ochrony przyrody\" style=\"object-fit:cover;\" srcset=\"https:\/\/www.greenpeace.org\/static\/planet4-poland-stateless\/2025\/07\/cd861f22-54584470308_7ff6057c19_c.jpg 799w, https:\/\/www.greenpeace.org\/static\/planet4-poland-stateless\/2025\/07\/cd861f22-54584470308_7ff6057c19_c-500x334.jpg 500w, https:\/\/www.greenpeace.org\/static\/planet4-poland-stateless\/2025\/07\/cd861f22-54584470308_7ff6057c19_c-768x512.jpg 768w, https:\/\/www.greenpeace.org\/static\/planet4-poland-stateless\/2025\/07\/cd861f22-54584470308_7ff6057c19_c-510x340.jpg 510w\" sizes=\"auto, (max-width: 799px) 100vw, 799px\" data-image-size=\"post-thumbnail\" data-stateless-media-bucket=\"planet4-poland-stateless\" data-stateless-media-name=\"2025\/07\/cd861f22-54584470308_7ff6057c19_c.jpg\" \/><\/a><\/figure>\n\n\n<div class=\"wp-block-group is-layout-flow wp-block-group-is-layout-flow\">\n<div class=\"wp-block-group is-layout-flex wp-block-group-is-layout-flex\"><div class=\"wp-block-post-terms\"><a href=\"https:\/\/www.greenpeace.org\/poland\/category\/przyroda\/\">Przyroda<\/a><\/div>\n\n<div class=\"taxonomy-post_tag wp-block-post-terms\"><a href=\"https:\/\/www.greenpeace.org\/poland\/tag\/lasy\/\" rel=\"tag\">Lasy<\/a><span class=\"wp-block-post-terms__separator\"> <\/span><a href=\"https:\/\/www.greenpeace.org\/poland\/tag\/ochrona-przyrody\/\" rel=\"tag\">OchronaPrzyrody<\/a><\/div><\/div>\n\n\n<h3 class=\"wp-block-post-title\"><a href=\"https:\/\/www.greenpeace.org\/poland\/aktualnosci\/40035\/psl-i-polska-2050-chca-rozmontowac-ostatni-mechanizm-ochrony-przyrody\/\" target=\"_self\" >PSL i Polska 2050 chc\u0105 rozmontowa\u0107 ostatni mechanizm ochrony przyrody<\/a><\/h3>\n\n<div class=\"wp-block-post-excerpt\"><p class=\"wp-block-post-excerpt__excerpt\">Pos\u0142owie PSL i Polski 2050 chc\u0105 trwale zablokowa\u0107 powstawanie nowych form ochrony przyrody w Polsce. Zapowiedziany przez nich 14 kwietnia projekt nowelizacji ustawy o ochronie przyrody sprawi, \u017ce tworzenie nowych&hellip; <\/p><\/div>\n\n\n<div class=\"wp-block-group posts-list-meta is-layout-flow wp-block-group-is-layout-flow\"><span class='article-list-item-author'><a href='https:\/\/www.greenpeace.org\/poland\/author\/marek-jozefiak\/'>Marek J\u00f3zefiak<\/a><\/span>\n\n<div class=\"wp-block-post-date\"><time datetime=\"2026-04-15T09:27:14+02:00\">2026-04-15<\/time><\/div><\/div>\n<\/div>\n<\/div>\n\n<\/li><li class=\"wp-block-post post-40013 post type-post status-publish format-standard has-post-thumbnail hentry category-klimat-energia tag-klimat tag-czysta-energia tag-paliwakopalne tag-aktywizm tag-metan tag-gaz p4-page-type-aktualnosci\">\n\n<div class=\"wp-block-columns is-layout-flex wp-container-core-columns-is-layout-9d6595d7 wp-block-columns-is-layout-flex\"><figure class=\"wp-block-post-featured-image\"><a href=\"https:\/\/www.greenpeace.org\/poland\/aktualnosci\/40013\/protest-w-kopalni-szczyglowice-polskie-kopalnie-musza-skonczyc-z-marnowaniem-metanu\/\" target=\"_self\"  ><img loading=\"lazy\" decoding=\"async\" width=\"2560\" height=\"1919\" src=\"https:\/\/www.greenpeace.org\/static\/planet4-poland-stateless\/2026\/04\/84ed6cc4-gp-metan-szczyglowice-3-scaled.jpg\" class=\"attachment-post-thumbnail size-post-thumbnail wp-post-image wp-stateless-item\" alt=\"Protest w kopalni Szczyg\u0142owice: polskie kopalnie musz\u0105 sko\u0144czy\u0107 z marnowaniem metanu\" style=\"object-fit:cover;\" srcset=\"https:\/\/www.greenpeace.org\/static\/planet4-poland-stateless\/2026\/04\/84ed6cc4-gp-metan-szczyglowice-3-scaled.jpg 2560w, https:\/\/www.greenpeace.org\/static\/planet4-poland-stateless\/2026\/04\/84ed6cc4-gp-metan-szczyglowice-3-500x375.jpg 500w, https:\/\/www.greenpeace.org\/static\/planet4-poland-stateless\/2026\/04\/84ed6cc4-gp-metan-szczyglowice-3-1024x767.jpg 1024w, https:\/\/www.greenpeace.org\/static\/planet4-poland-stateless\/2026\/04\/84ed6cc4-gp-metan-szczyglowice-3-768x576.jpg 768w, https:\/\/www.greenpeace.org\/static\/planet4-poland-stateless\/2026\/04\/84ed6cc4-gp-metan-szczyglowice-3-1536x1151.jpg 1536w, https:\/\/www.greenpeace.org\/static\/planet4-poland-stateless\/2026\/04\/84ed6cc4-gp-metan-szczyglowice-3-2048x1535.jpg 2048w, https:\/\/www.greenpeace.org\/static\/planet4-poland-stateless\/2026\/04\/84ed6cc4-gp-metan-szczyglowice-3-1823x1366.jpg 1823w, https:\/\/www.greenpeace.org\/static\/planet4-poland-stateless\/2026\/04\/84ed6cc4-gp-metan-szczyglowice-3-454x340.jpg 454w\" sizes=\"auto, (max-width: 2560px) 100vw, 2560px\" data-image-size=\"post-thumbnail\" data-stateless-media-bucket=\"planet4-poland-stateless\" data-stateless-media-name=\"2026\/04\/84ed6cc4-gp-metan-szczyglowice-3-scaled.jpg\" \/><\/a><\/figure>\n\n\n<div class=\"wp-block-group is-layout-flow wp-block-group-is-layout-flow\">\n<div class=\"wp-block-group is-layout-flex wp-block-group-is-layout-flex\"><div class=\"wp-block-post-terms\"><a href=\"https:\/\/www.greenpeace.org\/poland\/category\/klimat-energia\/\">Klimat i energia<\/a><\/div>\n\n<div class=\"taxonomy-post_tag wp-block-post-terms\"><a href=\"https:\/\/www.greenpeace.org\/poland\/tag\/klimat\/\" rel=\"tag\">Klimat<\/a><span class=\"wp-block-post-terms__separator\"> <\/span><a href=\"https:\/\/www.greenpeace.org\/poland\/tag\/czysta-energia\/\" rel=\"tag\">CzystaEnergia<\/a><span class=\"wp-block-post-terms__separator\"> <\/span><a href=\"https:\/\/www.greenpeace.org\/poland\/tag\/paliwakopalne\/\" rel=\"tag\">PaliwaKopalne<\/a><span class=\"wp-block-post-terms__separator\"> <\/span><a href=\"https:\/\/www.greenpeace.org\/poland\/tag\/aktywizm\/\" rel=\"tag\">Aktywizm<\/a><span class=\"wp-block-post-terms__separator\"> <\/span><a href=\"https:\/\/www.greenpeace.org\/poland\/tag\/metan\/\" rel=\"tag\">Metan<\/a><span class=\"wp-block-post-terms__separator\"> <\/span><a href=\"https:\/\/www.greenpeace.org\/poland\/tag\/gaz\/\" rel=\"tag\">Gaz<\/a><\/div><\/div>\n\n\n<h3 class=\"wp-block-post-title\"><a href=\"https:\/\/www.greenpeace.org\/poland\/aktualnosci\/40013\/protest-w-kopalni-szczyglowice-polskie-kopalnie-musza-skonczyc-z-marnowaniem-metanu\/\" target=\"_self\" >Protest w kopalni Szczyg\u0142owice: polskie kopalnie musz\u0105 sko\u0144czy\u0107 z marnowaniem metanu<\/a><\/h3>\n\n<div class=\"wp-block-post-excerpt\"><p class=\"wp-block-post-excerpt__excerpt\">Aktywi\u015bci protestuj\u0105 na terenie kopalni Szczyg\u0142owice przeciwko rekordowym emisjom zab\u00f3jczego dla klimatu metanu. Domagaj\u0105 si\u0119 od rz\u0105du, by zako\u0144czy\u0142 ten bezprawny proceder i marnotrawstwo surowca. <\/p><\/div>\n\n\n<div class=\"wp-block-group posts-list-meta is-layout-flow wp-block-group-is-layout-flow\"><span class='article-list-item-author'><a href='https:\/\/www.greenpeace.org\/poland\/author\/mvelez\/'>Marcel Andino Velez<\/a><\/span>\n\n<div class=\"wp-block-post-date\"><time datetime=\"2026-04-09T07:01:56+02:00\">2026-04-09<\/time><\/div><\/div>\n<\/div>\n<\/div>\n\n<\/li><li class=\"wp-block-post post-40009 post type-post status-publish format-standard has-post-thumbnail hentry category-przyroda tag-zywnosc tag-rolnictwo tag-pszczoly p4-page-type-aktualnosci\">\n\n<div class=\"wp-block-columns is-layout-flex wp-container-core-columns-is-layout-9d6595d7 wp-block-columns-is-layout-flex\"><figure class=\"wp-block-post-featured-image\"><a href=\"https:\/\/www.greenpeace.org\/poland\/aktualnosci\/40009\/kiedy-dowiemy-sie-ze-unijna-deregulacja-jest-szkodliwa-kiedy-zjemy-ciastko\/\" target=\"_self\"  ><img loading=\"lazy\" decoding=\"async\" width=\"1200\" height=\"628\" src=\"https:\/\/www.greenpeace.org\/static\/planet4-poland-stateless\/2025\/05\/e635110b-projekt-bez-nazwy-12.png\" class=\"attachment-post-thumbnail size-post-thumbnail wp-post-image wp-stateless-item\" alt=\"Kiedy dowiemy si\u0119, \u017ce unijna deregulacja jest szkodliwa? Kiedy zjemy ciastko\" style=\"object-fit:cover;\" srcset=\"https:\/\/www.greenpeace.org\/static\/planet4-poland-stateless\/2025\/05\/e635110b-projekt-bez-nazwy-12.png 1200w, https:\/\/www.greenpeace.org\/static\/planet4-poland-stateless\/2025\/05\/e635110b-projekt-bez-nazwy-12-500x262.png 500w, https:\/\/www.greenpeace.org\/static\/planet4-poland-stateless\/2025\/05\/e635110b-projekt-bez-nazwy-12-1024x536.png 1024w, https:\/\/www.greenpeace.org\/static\/planet4-poland-stateless\/2025\/05\/e635110b-projekt-bez-nazwy-12-768x402.png 768w, https:\/\/www.greenpeace.org\/static\/planet4-poland-stateless\/2025\/05\/e635110b-projekt-bez-nazwy-12-510x267.png 510w\" sizes=\"auto, (max-width: 1200px) 100vw, 1200px\" data-image-size=\"post-thumbnail\" data-stateless-media-bucket=\"planet4-poland-stateless\" data-stateless-media-name=\"2025\/05\/e635110b-projekt-bez-nazwy-12.png\" \/><\/a><\/figure>\n\n\n<div class=\"wp-block-group is-layout-flow wp-block-group-is-layout-flow\">\n<div class=\"wp-block-group is-layout-flex wp-block-group-is-layout-flex\"><div class=\"wp-block-post-terms\"><a href=\"https:\/\/www.greenpeace.org\/poland\/category\/przyroda\/\">Przyroda<\/a><\/div>\n\n<div class=\"taxonomy-post_tag wp-block-post-terms\"><a href=\"https:\/\/www.greenpeace.org\/poland\/tag\/zywnosc\/\" rel=\"tag\">\u017bywno\u015b\u0107<\/a><span class=\"wp-block-post-terms__separator\"> <\/span><a href=\"https:\/\/www.greenpeace.org\/poland\/tag\/rolnictwo\/\" rel=\"tag\">Rolnictwo<\/a><span class=\"wp-block-post-terms__separator\"> <\/span><a href=\"https:\/\/www.greenpeace.org\/poland\/tag\/pszczoly\/\" rel=\"tag\">Pszczo\u0142y<\/a><\/div><\/div>\n\n\n<h3 class=\"wp-block-post-title\"><a href=\"https:\/\/www.greenpeace.org\/poland\/aktualnosci\/40009\/kiedy-dowiemy-sie-ze-unijna-deregulacja-jest-szkodliwa-kiedy-zjemy-ciastko\/\" target=\"_self\" >Kiedy dowiemy si\u0119, \u017ce unijna deregulacja jest szkodliwa? Kiedy zjemy ciastko<\/a><\/h3>\n\n<div class=\"wp-block-post-excerpt\"><p class=\"wp-block-post-excerpt__excerpt\">Polski rz\u0105d wci\u0105\u017c nie wypowiedzia\u0142 si\u0119 przeciwko proponowanemu przez Komisj\u0119 Europejsk\u0105 os\u0142abieniu przepis\u00f3w dotycz\u0105cych pestycyd\u00f3w. Propozycja Komisji to element niebezpiecznych zmian w unijnym prawie, kt\u00f3re znacznie zmniejsz\u0105 ochron\u0119 naszego zdrowia&hellip; <\/p><\/div>\n\n\n<div class=\"wp-block-group posts-list-meta is-layout-flow wp-block-group-is-layout-flow\"><span class='article-list-item-author'><a href='https:\/\/www.greenpeace.org\/poland\/author\/kasia\/'>Katarzyna Bilewska<\/a><\/span>\n\n<div class=\"wp-block-post-date\"><time datetime=\"2026-04-08T12:11:49+02:00\">2026-04-08<\/time><\/div><\/div>\n<\/div>\n<\/div>\n\n<\/li><li class=\"wp-block-post post-39943 post type-post status-publish format-standard has-post-thumbnail hentry category-klimat-energia tag-klimat tag-paliwakopalne tag-gaz tag-aktywizm p4-page-type-aktualnosci\">\n\n<div class=\"wp-block-columns is-layout-flex wp-container-core-columns-is-layout-9d6595d7 wp-block-columns-is-layout-flex\"><figure class=\"wp-block-post-featured-image\"><a href=\"https:\/\/www.greenpeace.org\/poland\/aktualnosci\/39943\/siedziba-komisji-europejskiej-jako-trump-tower-akcja-greenpeace-w-brukseli\/\" target=\"_self\"  ><img loading=\"lazy\" decoding=\"async\" width=\"1536\" height=\"1158\" src=\"https:\/\/www.greenpeace.org\/static\/planet4-poland-stateless\/2026\/03\/9d491e9b-komisja-europejska-jako-trum-tower.jpg\" class=\"attachment-post-thumbnail size-post-thumbnail wp-post-image wp-stateless-item\" alt=\"Siedziba Komisji Europejskiej jako Trump Tower &#8211; akcja Greenpeace w Brukseli\" style=\"object-fit:cover;\" srcset=\"https:\/\/www.greenpeace.org\/static\/planet4-poland-stateless\/2026\/03\/9d491e9b-komisja-europejska-jako-trum-tower.jpg 1536w, https:\/\/www.greenpeace.org\/static\/planet4-poland-stateless\/2026\/03\/9d491e9b-komisja-europejska-jako-trum-tower-500x377.jpg 500w, https:\/\/www.greenpeace.org\/static\/planet4-poland-stateless\/2026\/03\/9d491e9b-komisja-europejska-jako-trum-tower-1024x772.jpg 1024w, https:\/\/www.greenpeace.org\/static\/planet4-poland-stateless\/2026\/03\/9d491e9b-komisja-europejska-jako-trum-tower-768x579.jpg 768w, https:\/\/www.greenpeace.org\/static\/planet4-poland-stateless\/2026\/03\/9d491e9b-komisja-europejska-jako-trum-tower-451x340.jpg 451w\" sizes=\"auto, (max-width: 1536px) 100vw, 1536px\" data-image-size=\"post-thumbnail\" data-stateless-media-bucket=\"planet4-poland-stateless\" data-stateless-media-name=\"2026\/03\/9d491e9b-komisja-europejska-jako-trum-tower.jpg\" \/><\/a><\/figure>\n\n\n<div class=\"wp-block-group is-layout-flow wp-block-group-is-layout-flow\">\n<div class=\"wp-block-group is-layout-flex wp-block-group-is-layout-flex\"><div class=\"wp-block-post-terms\"><a href=\"https:\/\/www.greenpeace.org\/poland\/category\/klimat-energia\/\">Klimat i energia<\/a><\/div>\n\n<div class=\"taxonomy-post_tag wp-block-post-terms\"><a href=\"https:\/\/www.greenpeace.org\/poland\/tag\/klimat\/\" rel=\"tag\">Klimat<\/a><span class=\"wp-block-post-terms__separator\"> <\/span><a href=\"https:\/\/www.greenpeace.org\/poland\/tag\/paliwakopalne\/\" rel=\"tag\">PaliwaKopalne<\/a><span class=\"wp-block-post-terms__separator\"> <\/span><a href=\"https:\/\/www.greenpeace.org\/poland\/tag\/gaz\/\" rel=\"tag\">Gaz<\/a><span class=\"wp-block-post-terms__separator\"> <\/span><a href=\"https:\/\/www.greenpeace.org\/poland\/tag\/aktywizm\/\" rel=\"tag\">Aktywizm<\/a><\/div><\/div>\n\n\n<h3 class=\"wp-block-post-title\"><a href=\"https:\/\/www.greenpeace.org\/poland\/aktualnosci\/39943\/siedziba-komisji-europejskiej-jako-trump-tower-akcja-greenpeace-w-brukseli\/\" target=\"_self\" >Siedziba Komisji Europejskiej jako Trump Tower &#8211; akcja Greenpeace w Brukseli<\/a><\/h3>\n\n<div class=\"wp-block-post-excerpt\"><p class=\"wp-block-post-excerpt__excerpt\">Aktywistki i aktywi\u015bci Greenpeace wy\u015bwietlili dzi\u015b rano na fasadzie siedziby Komisji Europejskiej obraz, kt\u00f3ry upodobni\u0142 j\u0105 do jednego z drapaczy chmur nale\u017c\u0105cych do Donalda Trumpa. W ten spos\u00f3b zaprotestowali przeciwko&hellip; <\/p><\/div>\n\n\n<div class=\"wp-block-group posts-list-meta is-layout-flow wp-block-group-is-layout-flow\"><span class='article-list-item-author'><a href='https:\/\/www.greenpeace.org\/poland\/author\/marianna\/'>Greenpeace Polska<\/a><\/span>\n\n<div class=\"wp-block-post-date\"><time datetime=\"2026-03-19T17:53:06+02:00\">2026-03-19<\/time><\/div><\/div>\n<\/div>\n<\/div>\n\n<\/li><\/ul>\n\n\n<div class=\"wp-block-buttons carousel-controls is-horizontal is-content-justification-space-between is-nowrap is-layout-flex wp-container-core-buttons-is-layout-044bd602 wp-block-buttons-is-layout-flex\">\n<div class=\"wp-block-button carousel-control-prev\"><button type=\"button\" class=\"wp-block-button__link wp-element-button\">Prev<\/button><\/div>\n\n\n\n<div class=\"wp-block-button carousel-control-next\"><button type=\"button\" class=\"wp-block-button__link wp-element-button\">Next<\/button><\/div>\n<\/div>\n\n\n<li class=\" wp-block-navigation-item see-all-link wp-block-navigation-link\"><a class=\"wp-block-navigation-item__content\"  href=\"http:\/\/www.greenpeace.org\/poland\/aktualnosci\/?post-type=aktualnosci\"><span class=\"wp-block-navigation-item__label\">Wszystkie<\/span><\/a><\/li><\/div>\n","protected":false},"excerpt":{"rendered":"<p>Osoby pracuj\u0105ce w mediach zach\u0119camy do kontaktu z naszymi rzecznikami prasowymi: Aktualne informacje o tym, co robimy mo\u017cna te\u017c znale\u017a\u0107 w naszych kana\u0142ach spo\u0142eczno\u015bciowych:<\/p>\n","protected":false},"author":1,"featured_media":276,"parent":234,"menu_order":0,"comment_status":"closed","ping_status":"closed","template":"","meta":{"ep_exclude_from_search":false,"p4_hide_page_title_checkbox":"","p4_title":"","p4_subtitle":"","p4_description":"","background_image_id":"","background_image":"","p4_button_title":"","p4_button_link":"","p4_button_link_checkbox":"","p4_og_title":"","p4_og_description":"","p4_og_image":"","p4_og_image_id":"","p4_seo_canonical_url":"","p4_campaign_name":"not set","p4_local_project":"not set","p4_basket_name":"not set","p4_department":"","footnotes":""},"categories":[33],"tags":[13],"class_list":["post-230","page","type-page","status-publish","has-post-thumbnail","hentry","category-greenpeace","tag-o-nas"],"_links":{"self":[{"href":"https:\/\/www.greenpeace.org\/poland\/wp-json\/wp\/v2\/pages\/230","targetHints":{"allow":["GET"]}}],"collection":[{"href":"https:\/\/www.greenpeace.org\/poland\/wp-json\/wp\/v2\/pages"}],"about":[{"href":"https:\/\/www.greenpeace.org\/poland\/wp-json\/wp\/v2\/types\/page"}],"author":[{"embeddable":true,"href":"https:\/\/www.greenpeace.org\/poland\/wp-json\/wp\/v2\/users\/1"}],"replies":[{"embeddable":true,"href":"https:\/\/www.greenpeace.org\/poland\/wp-json\/wp\/v2\/comments?post=230"}],"version-history":[{"count":20,"href":"https:\/\/www.greenpeace.org\/poland\/wp-json\/wp\/v2\/pages\/230\/revisions"}],"predecessor-version":[{"id":38092,"href":"https:\/\/www.greenpeace.org\/poland\/wp-json\/wp\/v2\/pages\/230\/revisions\/38092"}],"up":[{"embeddable":true,"href":"https:\/\/www.greenpeace.org\/poland\/wp-json\/wp\/v2\/pages\/234"}],"wp:featuredmedia":[{"embeddable":true,"href":"https:\/\/www.greenpeace.org\/poland\/wp-json\/wp\/v2\/media\/276"}],"wp:attachment":[{"href":"https:\/\/www.greenpeace.org\/poland\/wp-json\/wp\/v2\/media?parent=230"}],"wp:term":[{"taxonomy":"category","embeddable":true,"href":"https:\/\/www.greenpeace.org\/poland\/wp-json\/wp\/v2\/categories?post=230"},{"taxonomy":"post_tag","embeddable":true,"href":"https:\/\/www.greenpeace.org\/poland\/wp-json\/wp\/v2\/tags?post=230"}],"curies":[{"name":"wp","href":"https:\/\/api.w.org\/{rel}","templated":true}]}}