{"id":2775,"date":"2019-06-24T04:13:44","date_gmt":"2019-06-24T02:13:44","guid":{"rendered":"https:\/\/master.k8s.p4.greenpeace.org\/poland\/?page_id=2775"},"modified":"2025-09-23T12:08:30","modified_gmt":"2025-09-23T10:08:30","slug":"smog","status":"publish","type":"page","link":"https:\/\/www.greenpeace.org\/poland\/dowiedz-sie\/klimat-i-energia\/smog\/","title":{"rendered":"#Smog"},"content":{"rendered":"\n                \n                <div class=\"wp-block-group alignfull is-layout-flow wp-block-group-is-layout-flow\">\n                \n                <div class=\"wp-block-group container is-layout-flow wp-block-group-is-layout-flow\">\n                \n                <div class=\"wp-block-media-text alignfull has-media-on-the-right is-stacked-on-mobile is-pattern-p4-page-header is-style-parallax\">\n\n                <div class=\"wp-block-media-text__content\">\n                    <div class=\"wp-block-group is-layout-flow wp-block-group-is-layout-flow\">\n                    \n                        <h1 class=\"wp-block-heading has-white-background-color has-background\">\n                            #UwagaSmog\n                        <\/h1>\n                    <\/div>\n                \n\n                \n                        <p style=\"font-size:1.25rem\">\n                            W smogowej czo\u0142\u00f3wce najbrudniejszych miast Unii Europejskiej znajduje si\u0119 a\u017c 36 polskich miast.\u00a0 Jak na razie nie wida\u0107 perspektyw na popraw\u0119 sytuacji, gdy\u017c Ministerstwo Energii sabotuje rz\u0105dowy program walki ze smogiem.\n                        <\/p>\n                    \n\n                \n\n                <\/div>\n                <figure class=\"wp-block-media-text__media\">\n                    <img loading=\"lazy\" decoding=\"async\" width=\"914\" height=\"730\"\n                        src=\"https:\/\/www.greenpeace.org\/static\/planet4-poland-stateless\/2017\/01\/66b785de-tlo-dymy2.jpg\"\n                        alt=\"\"\n                        sizes=\"auto, (min-width: 601px) 50vw, 100vw\" srcset=\"https:\/\/www.greenpeace.org\/static\/planet4-poland-stateless\/2017\/01\/66b785de-tlo-dymy2.jpg 914w, https:\/\/www.greenpeace.org\/static\/planet4-poland-stateless\/2017\/01\/66b785de-tlo-dymy2-300x240.jpg 300w, https:\/\/www.greenpeace.org\/static\/planet4-poland-stateless\/2017\/01\/66b785de-tlo-dymy2-768x613.jpg 768w, https:\/\/www.greenpeace.org\/static\/planet4-poland-stateless\/2017\/01\/66b785de-tlo-dymy2-426x340.jpg 426w\" class=\"wp-image-2749 size-full\"\n                    \/>\n                <\/figure>\n                <\/div>\n                \n                <\/div>\n                \n                <\/div>\n                \n                \n<p><strong>Polska niechlubnym liderem<\/strong><\/p>\n\n<p>47 tysi\u0119cy Polak\u00f3w co roku umiera przedwcze\u015bnie z powodu zanieczyszczenia powietrza &#8211; wynika z raportu Europejskiej Agencji \u015arodowiska (EEA). Polska wraz z Bu\u0142gari\u0105 przoduj\u0105 w niechlubnym smogowym rankingu Unii Europejskiej. Za fatalny stan powietrza w naszym kraju odpowiada w g\u0142\u00f3wnej mierze niska emisja ze spalania w\u0119gla w domowych piecach. Konsekwencje zdrowotne zaniecha\u0144 ponosz\u0105 m.in. szczeg\u00f3lnie nara\u017cone na skutki smogu dzieci. Powietrze w s\u0105siedztwie a\u017c 62% przedszkoli w Polsce przekracza dopuszczalne dobowe normy dla py\u0142u PM10 przez ponad 35 dni w roku, czyli d\u0142u\u017cej ni\u017c zezwala prawo. Niestety polski rz\u0105d wci\u0105\u017c nie wywi\u0105zuje si\u0119 z planu walki ze smogiem<\/p>\n<div data-render=\"planet4-blocks\/gallery\" data-attributes=\"{&quot;attributes&quot;:{&quot;gallery_block_style&quot;:0,&quot;gallery_block_title&quot;:&quot;&quot;,&quot;gallery_block_description&quot;:&quot;&quot;,&quot;multiple_image&quot;:&quot;&quot;,&quot;gallery_block_focus_points&quot;:&quot;&quot;,&quot;image_data&quot;:[],&quot;images&quot;:[]}}\"><\/div>\n    <div class=\"wp-block-query posts-list p4-query-loop is-custom-layout-grid is-layout-grid wp-container-core-query-is-layout-b8bb0bd1 wp-block-query-is-layout-grid\">\n        <div class=\"wp-block-group is-content-justification-space-between is-layout-flex wp-container-core-group-is-layout-3d213aab wp-block-group-is-layout-flex\"><h2 class=\"wp-block-heading\">Przeczytaj<\/h2>\n        <li class=\" wp-block-navigation-item see-all-link wp-block-navigation-link\"><a class=\"wp-block-navigation-item__content\"  href=\"http:\/\/www.greenpeace.org\/poland\/aktualnosci\/?tag=smog&#038;post-type=raporty\"><span class=\"wp-block-navigation-item__label\">See all stories<\/span><\/a><\/li>\n        \n        <\/div>\n        \n\n    <p style=\"margin-top: 24px; margin-bottom: 36px;\"><\/p>\n\n    \n\n    <ul class=\"wp-block-post-template is-layout-flow wp-block-post-template-is-layout-flow\"><li class=\"wp-block-post post-2103 post type-post status-publish format-standard has-post-thumbnail hentry category-klimat-energia tag-smog tag-wegiel p4-page-type-raporty\">\n            \n<div class=\"wp-block-columns is-layout-flex wp-container-core-columns-is-layout-9d6595d7 wp-block-columns-is-layout-flex\"><figure class=\"wp-block-post-featured-image\"><a href=\"https:\/\/www.greenpeace.org\/poland\/raporty\/2103\/raport-polskie-przedszkola-w-smogu\/\" target=\"_self\"  ><img loading=\"lazy\" decoding=\"async\" width=\"595\" height=\"842\" src=\"https:\/\/www.greenpeace.org\/static\/planet4-poland-stateless\/2017\/12\/1a041751-przedszkola.jpg\" class=\"attachment-post-thumbnail size-post-thumbnail wp-post-image wp-stateless-item\" alt=\"Raport &#8222;Polskie przedszkola w smogu&#8221;\" style=\"object-fit:cover;\" srcset=\"https:\/\/www.greenpeace.org\/static\/planet4-poland-stateless\/2017\/12\/1a041751-przedszkola.jpg 595w, https:\/\/www.greenpeace.org\/static\/planet4-poland-stateless\/2017\/12\/1a041751-przedszkola-212x300.jpg 212w, https:\/\/www.greenpeace.org\/static\/planet4-poland-stateless\/2017\/12\/1a041751-przedszkola-240x340.jpg 240w\" sizes=\"auto, (max-width: 595px) 100vw, 595px\" data-image-size=\"post-thumbnail\" data-stateless-media-bucket=\"planet4-poland-stateless\" data-stateless-media-name=\"2017\/12\/1a041751-przedszkola.jpg\" \/><\/a><\/figure>\n\n        <div class=\"wp-block-group is-layout-flow wp-block-group-is-layout-flow\">\n        <div class=\"wp-block-group posts-list-meta is-layout-flow wp-block-group-is-layout-flow\"><div class=\"taxonomy-post_tag wp-block-post-terms\"><a href=\"https:\/\/www.greenpeace.org\/poland\/tag\/smog\/\" rel=\"tag\">Smog<\/a><span class=\"wp-block-post-terms__separator\"> <\/span><a href=\"https:\/\/www.greenpeace.org\/poland\/tag\/wegiel\/\" rel=\"tag\">W\u0119giel<\/a><\/div>\n        <div class=\"taxonomy-category wp-block-post-terms\"><a href=\"https:\/\/www.greenpeace.org\/poland\/category\/klimat-energia\/\" rel=\"tag\">Klimat i energia<\/a><\/div>\n        \n        <\/div>\n        \n        <h3 class=\"wp-block-post-title\"><a href=\"https:\/\/www.greenpeace.org\/poland\/raporty\/2103\/raport-polskie-przedszkola-w-smogu\/\" target=\"_self\" >Raport &#8222;Polskie przedszkola w smogu&#8221;<\/a><\/h3>\n        <div class=\"wp-block-post-excerpt\"><p class=\"wp-block-post-excerpt__excerpt\">Ponad 60 proc. przedszkoli po\u0142o\u017conych jest na terenach o jako\u015bci powietrza nie spe\u0142niaj\u0105cej obowi\u0105zuj\u0105cych w Polsce norm, za\u015b przekroczenia norm okre\u015blonych przez \u015awiatow\u0105 Organizacj\u0119 Zdrowia wyst\u0119puj\u0105 w otoczeniu wszystkich przedszkoli \u2013 podaje raport Fundacji #13 i Greenpeace. <\/p><\/div>\n        \n        <div class=\"wp-block-group posts-list-meta is-layout-flow wp-block-group-is-layout-flow\"><span class='article-list-item-author'>Greenpeace Poland<\/span>\n        <div class=\"wp-block-post-date\"><time datetime=\"2017-12-06T00:00:00+02:00\">2017-12-06<\/time><\/div>\n        \n        <\/div>\n        <\/div>\n        <\/div>\n\n            <\/li><\/ul>\n\n    \n<div class=\"wp-block-buttons carousel-controls is-horizontal is-content-justification-space-between is-nowrap is-layout-flex wp-container-core-buttons-is-layout-044bd602 wp-block-buttons-is-layout-flex\">\n            <div class=\"wp-block-button carousel-control-prev\"><button type=\"button\" class=\"wp-block-button__link wp-element-button\">Wstecz<\/button><\/div>\n        \n\n            <div class=\"wp-block-button carousel-control-next\"><button type=\"button\" class=\"wp-block-button__link wp-element-button\">Dalej<\/button><\/div>\n        <\/div>\n\n\n    <li class=\" wp-block-navigation-item see-all-link wp-block-navigation-link\"><a class=\"wp-block-navigation-item__content\"  href=\"http:\/\/www.greenpeace.org\/poland\/aktualnosci\/?tag=smog&#038;post-type=raporty\"><span class=\"wp-block-navigation-item__label\">See all stories<\/span><\/a><\/li><\/div>\n    \n    <div class=\"wp-block-query posts-list p4-query-loop is-custom-layout-list is-layout-flow wp-block-query-is-layout-flow\">\n        <div class=\"wp-block-group is-content-justification-space-between is-layout-flex wp-container-core-group-is-layout-3d213aab wp-block-group-is-layout-flex\"><h2 class=\"wp-block-heading\">Aktualno\u015bci<\/h2>\n        <li class=\" wp-block-navigation-item see-all-link wp-block-navigation-link\"><a class=\"wp-block-navigation-item__content\"  href=\"http:\/\/www.greenpeace.org\/poland\/aktualnosci\/?tag=smog&#038;post-type=komentarze\"><span class=\"wp-block-navigation-item__label\">See all stories<\/span><\/a><\/li>\n        \n        <\/div>\n        \n\n    <p style=\"margin-top: 24px; margin-bottom: 36px;\"><\/p>\n\n    \n\n    <ul class=\"wp-block-post-template is-layout-flow wp-block-post-template-is-layout-flow\"><li class=\"wp-block-post post-30271 post type-post status-publish format-standard has-post-thumbnail hentry category-klimat-energia tag-wegiel tag-smog p4-page-type-aktualnosci\">\n            \n<div class=\"wp-block-columns is-layout-flex wp-container-core-columns-is-layout-9d6595d7 wp-block-columns-is-layout-flex\"><figure class=\"wp-block-post-featured-image\"><a href=\"https:\/\/www.greenpeace.org\/poland\/aktualnosci\/30271\/minister-kurtyka-zdecyduje-czy-zepak-bedzie-mogl-truc-rtecia\/\" target=\"_self\"  ><img loading=\"lazy\" decoding=\"async\" width=\"1200\" height=\"800\" src=\"https:\/\/www.greenpeace.org\/static\/planet4-poland-stateless\/2021\/07\/aa9e1a8c-gp01of2_medium_res.jpg\" class=\"attachment-post-thumbnail size-post-thumbnail wp-post-image wp-stateless-item\" alt=\"Minister Kurtyka zdecyduje, czy ZEPAK b\u0119dzie m\u00f3g\u0142 tru\u0107 rt\u0119ci\u0105\" style=\"object-fit:cover;\" srcset=\"https:\/\/www.greenpeace.org\/static\/planet4-poland-stateless\/2021\/07\/aa9e1a8c-gp01of2_medium_res.jpg 1200w, https:\/\/www.greenpeace.org\/static\/planet4-poland-stateless\/2021\/07\/aa9e1a8c-gp01of2_medium_res-300x200.jpg 300w, https:\/\/www.greenpeace.org\/static\/planet4-poland-stateless\/2021\/07\/aa9e1a8c-gp01of2_medium_res-1024x683.jpg 1024w, https:\/\/www.greenpeace.org\/static\/planet4-poland-stateless\/2021\/07\/aa9e1a8c-gp01of2_medium_res-768x512.jpg 768w, https:\/\/www.greenpeace.org\/static\/planet4-poland-stateless\/2021\/07\/aa9e1a8c-gp01of2_medium_res-510x340.jpg 510w\" sizes=\"auto, (max-width: 1200px) 100vw, 1200px\" data-image-size=\"post-thumbnail\" data-stateless-media-bucket=\"planet4-poland-stateless\" data-stateless-media-name=\"2021\/07\/aa9e1a8c-gp01of2_medium_res.jpg\" \/><\/a><\/figure>\n\n        <div class=\"wp-block-group is-layout-flow wp-block-group-is-layout-flow\">\n        <div class=\"wp-block-group is-layout-flex wp-block-group-is-layout-flex\"><div class=\"wp-block-post-terms\"><a href=\"https:\/\/www.greenpeace.org\/poland\/category\/klimat-energia\/\">Klimat i energia<\/a><\/div>\n        \n        \n        <\/div>\n        \n        <h3 class=\"wp-block-post-title\"><a href=\"https:\/\/www.greenpeace.org\/poland\/aktualnosci\/30271\/minister-kurtyka-zdecyduje-czy-zepak-bedzie-mogl-truc-rtecia\/\" target=\"_self\" >Minister Kurtyka zdecyduje, czy ZEPAK b\u0119dzie m\u00f3g\u0142 tru\u0107 rt\u0119ci\u0105<\/a><\/h3>\n        <div class=\"wp-block-post-excerpt\"><p class=\"wp-block-post-excerpt__excerpt\">Wojew\u00f3dzki S\u0105d Administracyjny w Warszawie przychyli\u0142 si\u0119 do skargi fundacji Greenpeace Polska oraz Frank Bold i uchyli\u0142 decyzj\u0119 ministra klimatu i \u015brodowiska udzielaj\u0105c\u0105 odst\u0119pstwa dla nale\u017c\u0105cych do sp\u00f3\u0142ki ZE PAK&hellip; <\/p><\/div>\n        \n        <div class=\"wp-block-group posts-list-meta is-layout-flow wp-block-group-is-layout-flow\"><span class='article-list-item-author'><a href='https:\/\/www.greenpeace.org\/poland\/author\/kasia\/'>Katarzyna Bilewska<\/a><\/span>\n        <div class=\"wp-block-post-date\"><time datetime=\"2021-07-14T14:57:07+02:00\">2021-07-14<\/time><\/div>\n        \n        <\/div>\n        <\/div>\n        <\/div>\n\n            <\/li><li class=\"wp-block-post post-29704 post type-post status-publish format-standard has-post-thumbnail hentry category-greenpeace category-klimat-energia category-przyroda category-rolnictwo tag-ochrona-przyrody tag-rolnictwo tag-pszczoly tag-zywnosc tag-smog tag-klimat tag-lasy tag-puszcza-bialowieska tag-karpaty p4-page-type-aktualnosci\">\n            \n<div class=\"wp-block-columns is-layout-flex wp-container-core-columns-is-layout-9d6595d7 wp-block-columns-is-layout-flex\"><figure class=\"wp-block-post-featured-image\"><a href=\"https:\/\/www.greenpeace.org\/poland\/aktualnosci\/29704\/jak-uratowac-dzikie-bieszczady-co-dalej-z-weglem-w-polsce-nowe-odcinki-podcastu\/\" target=\"_self\"  ><img loading=\"lazy\" decoding=\"async\" width=\"799\" height=\"533\" src=\"https:\/\/www.greenpeace.org\/static\/planet4-poland-stateless\/882370f0-50199110562_38db250989_c.jpg\" class=\"attachment-post-thumbnail size-post-thumbnail wp-post-image wp-stateless-item\" alt=\"Jak uratowa\u0107 dzikie Bieszczady? Co dalej z w\u0119glem w Polsce? Nowe odcinki podcastu\" style=\"object-fit:cover;\" data-image-size=\"post-thumbnail\" data-stateless-media-bucket=\"planet4-poland-stateless\" data-stateless-media-name=\"882370f0-50199110562_38db250989_c.jpg\" \/><\/a><\/figure>\n\n        <div class=\"wp-block-group is-layout-flow wp-block-group-is-layout-flow\">\n        <div class=\"wp-block-group is-layout-flex wp-block-group-is-layout-flex\"><div class=\"wp-block-post-terms\"><a href=\"https:\/\/www.greenpeace.org\/poland\/category\/greenpeace\/\">Greenpeace<\/a><\/div>\n        \n        \n        <\/div>\n        \n        <h3 class=\"wp-block-post-title\"><a href=\"https:\/\/www.greenpeace.org\/poland\/aktualnosci\/29704\/jak-uratowac-dzikie-bieszczady-co-dalej-z-weglem-w-polsce-nowe-odcinki-podcastu\/\" target=\"_self\" >Jak uratowa\u0107 dzikie Bieszczady? Co dalej z w\u0119glem w Polsce? Nowe odcinki podcastu<\/a><\/h3>\n        <div class=\"wp-block-post-excerpt\"><p class=\"wp-block-post-excerpt__excerpt\">Jak uratowa\u0107 dzikie Bieszczady? Jak b\u0119dzie przebiega\u0107 odej\u015bcie Polski od w\u0119gla? Jak sprawi\u0107, by nasze podr\u00f3\u017ce by\u0142y bardziej ekologiczne? O tym mo\u017cecie pos\u0142ucha\u0107 w nowych odcinkach podcastu &#8222;Raport z przysz\u0142o\u015bci&#8221;,&hellip; <\/p><\/div>\n        \n        <div class=\"wp-block-group posts-list-meta is-layout-flow wp-block-group-is-layout-flow\"><span class='article-list-item-author'><a href='https:\/\/www.greenpeace.org\/poland\/author\/marek-jozefiak\/'>Marek J\u00f3zefiak<\/a><\/span>\n        <div class=\"wp-block-post-date\"><time datetime=\"2021-01-14T18:28:54+02:00\">2021-01-14<\/time><\/div>\n        \n        <\/div>\n        <\/div>\n        <\/div>\n\n            <\/li><li class=\"wp-block-post post-29329 post type-post status-publish format-standard has-post-thumbnail hentry category-klimat-energia tag-klimat tag-wegiel tag-smog p4-page-type-aktualnosci\">\n            \n<div class=\"wp-block-columns is-layout-flex wp-container-core-columns-is-layout-9d6595d7 wp-block-columns-is-layout-flex\"><figure class=\"wp-block-post-featured-image\"><a href=\"https:\/\/www.greenpeace.org\/poland\/aktualnosci\/29329\/czy-marszalek-wielkopolski-pozwoli-ze-pak-owi-na-dalsze-trucie\/\" target=\"_self\"  ><img loading=\"lazy\" decoding=\"async\" width=\"1200\" height=\"800\" src=\"https:\/\/www.greenpeace.org\/static\/planet4-poland-stateless\/2019\/06\/d4de29b8-gp0stst08.jpg\" class=\"attachment-post-thumbnail size-post-thumbnail wp-post-image wp-stateless-item\" alt=\"Czy marsza\u0142ek Wielkopolski pozwoli ZE PAK-owi na dalsze trucie?\" style=\"object-fit:cover;\" srcset=\"https:\/\/www.greenpeace.org\/static\/planet4-poland-stateless\/2019\/06\/d4de29b8-gp0stst08.jpg 1200w, https:\/\/www.greenpeace.org\/static\/planet4-poland-stateless\/2019\/06\/d4de29b8-gp0stst08-300x200.jpg 300w, https:\/\/www.greenpeace.org\/static\/planet4-poland-stateless\/2019\/06\/d4de29b8-gp0stst08-768x512.jpg 768w, https:\/\/www.greenpeace.org\/static\/planet4-poland-stateless\/2019\/06\/d4de29b8-gp0stst08-1024x683.jpg 1024w, https:\/\/www.greenpeace.org\/static\/planet4-poland-stateless\/2019\/06\/d4de29b8-gp0stst08-510x340.jpg 510w\" sizes=\"auto, (max-width: 1200px) 100vw, 1200px\" data-image-size=\"post-thumbnail\" data-stateless-media-bucket=\"planet4-poland-stateless\" data-stateless-media-name=\"2019\/06\/d4de29b8-gp0stst08.jpg\" \/><\/a><\/figure>\n\n        <div class=\"wp-block-group is-layout-flow wp-block-group-is-layout-flow\">\n        <div class=\"wp-block-group is-layout-flex wp-block-group-is-layout-flex\"><div class=\"wp-block-post-terms\"><a href=\"https:\/\/www.greenpeace.org\/poland\/category\/klimat-energia\/\">Klimat i energia<\/a><\/div>\n        \n        \n        <\/div>\n        \n        <h3 class=\"wp-block-post-title\"><a href=\"https:\/\/www.greenpeace.org\/poland\/aktualnosci\/29329\/czy-marszalek-wielkopolski-pozwoli-ze-pak-owi-na-dalsze-trucie\/\" target=\"_self\" >Czy marsza\u0142ek Wielkopolski pozwoli ZE PAK-owi na dalsze trucie?<\/a><\/h3>\n        <div class=\"wp-block-post-excerpt\"><p class=\"wp-block-post-excerpt__excerpt\">W najbli\u017cszych dniach marsza\u0142ek wojew\u00f3dztwa wielkopolskiego Marek Wo\u017aniak ma podj\u0105\u0107 decyzj\u0119 dotycz\u0105c\u0105 przyznania odst\u0119pstw od stosowania przepis\u00f3w \u015brodowiskowych dla sp\u00f3\u0142ki ZE PAK. Je\u015bli marsza\u0142ek zezwoli na specjalne traktowanie dla koncernu&hellip; <\/p><\/div>\n        \n        <div class=\"wp-block-group posts-list-meta is-layout-flow wp-block-group-is-layout-flow\"><span class='article-list-item-author'><a href='https:\/\/www.greenpeace.org\/poland\/author\/marek-jozefiak\/'>Marek J\u00f3zefiak<\/a><\/span>\n        <div class=\"wp-block-post-date\"><time datetime=\"2020-09-03T12:03:45+02:00\">2020-09-03<\/time><\/div>\n        \n        <\/div>\n        <\/div>\n        <\/div>\n\n            <\/li><li class=\"wp-block-post post-1697 post type-post status-publish format-standard has-post-thumbnail hentry category-klimat-energia tag-wegiel tag-smog p4-page-type-komentarze\">\n            \n<div class=\"wp-block-columns is-layout-flex wp-container-core-columns-is-layout-9d6595d7 wp-block-columns-is-layout-flex\"><figure class=\"wp-block-post-featured-image\"><a href=\"https:\/\/www.greenpeace.org\/poland\/komentarze\/1697\/komentarz-marka-jozefiaka-z-greenpeace-polska-odnosnie-opublikowanego-dzis-raportu-najwyzszej-izby-kontroli-o-ochronie-powietrza-przed-zanieczyszczeniami\/\" target=\"_self\"  ><img loading=\"lazy\" decoding=\"async\" width=\"1815\" height=\"1365\" src=\"https:\/\/www.greenpeace.org\/static\/planet4-poland-stateless\/2017\/01\/057c58a7-smog-miasteczko.jpg\" class=\"attachment-post-thumbnail size-post-thumbnail wp-post-image wp-stateless-item\" alt=\"Komentarz Marka J\u00f3zefiaka z Greenpeace Polska odno\u015bnie opublikowanego dzi\u015b raportu Najwy\u017cszej Izby Kontroli o ochronie powietrza przed zanieczyszczeniami.\" style=\"object-fit:cover;\" srcset=\"https:\/\/www.greenpeace.org\/static\/planet4-poland-stateless\/2017\/01\/057c58a7-smog-miasteczko.jpg 1815w, https:\/\/www.greenpeace.org\/static\/planet4-poland-stateless\/2017\/01\/057c58a7-smog-miasteczko-300x226.jpg 300w, https:\/\/www.greenpeace.org\/static\/planet4-poland-stateless\/2017\/01\/057c58a7-smog-miasteczko-768x578.jpg 768w, https:\/\/www.greenpeace.org\/static\/planet4-poland-stateless\/2017\/01\/057c58a7-smog-miasteczko-1024x770.jpg 1024w, https:\/\/www.greenpeace.org\/static\/planet4-poland-stateless\/2017\/01\/057c58a7-smog-miasteczko-452x340.jpg 452w\" sizes=\"auto, (max-width: 1815px) 100vw, 1815px\" data-image-size=\"post-thumbnail\" data-stateless-media-bucket=\"planet4-poland-stateless\" data-stateless-media-name=\"2017\/01\/057c58a7-smog-miasteczko.jpg\" \/><\/a><\/figure>\n\n        <div class=\"wp-block-group is-layout-flow wp-block-group-is-layout-flow\">\n        <div class=\"wp-block-group is-layout-flex wp-block-group-is-layout-flex\"><div class=\"wp-block-post-terms\"><a href=\"https:\/\/www.greenpeace.org\/poland\/category\/klimat-energia\/\">Klimat i energia<\/a><\/div>\n        \n        \n        <\/div>\n        \n        <h3 class=\"wp-block-post-title\"><a href=\"https:\/\/www.greenpeace.org\/poland\/komentarze\/1697\/komentarz-marka-jozefiaka-z-greenpeace-polska-odnosnie-opublikowanego-dzis-raportu-najwyzszej-izby-kontroli-o-ochronie-powietrza-przed-zanieczyszczeniami\/\" target=\"_self\" >Komentarz Marka J\u00f3zefiaka z Greenpeace Polska odno\u015bnie opublikowanego dzi\u015b raportu Najwy\u017cszej Izby Kontroli o ochronie powietrza przed zanieczyszczeniami.<\/a><\/h3>\n        <div class=\"wp-block-post-excerpt\"><p class=\"wp-block-post-excerpt__excerpt\">Najwy\u017csza Izba Kontroli do\u0142\u0105czy\u0142a do krytyki, kt\u00f3ra sp\u0142ywa na ministra Tch\u00f3rzewskiego z wielu stron, w tym z ministerstw zdrowia i \u015brodowiska, licznych samorz\u0105d\u00f3w oraz organizacji pozarz\u0105dowych. Raport NIK w sprawie&hellip; <\/p><\/div>\n        \n        <div class=\"wp-block-group posts-list-meta is-layout-flow wp-block-group-is-layout-flow\"><span class='article-list-item-author'>Greenpeace Poland<\/span>\n        <div class=\"wp-block-post-date\"><time datetime=\"2018-09-11T00:00:00+02:00\">2018-09-11<\/time><\/div>\n        \n        <\/div>\n        <\/div>\n        <\/div>\n\n            <\/li><li class=\"wp-block-post post-1288 post type-post status-publish format-standard has-post-thumbnail hentry category-klimat-energia tag-smog tag-wegiel p4-page-type-komentarze\">\n            \n<div class=\"wp-block-columns is-layout-flex wp-container-core-columns-is-layout-9d6595d7 wp-block-columns-is-layout-flex\"><figure class=\"wp-block-post-featured-image\"><a href=\"https:\/\/www.greenpeace.org\/poland\/komentarze\/1288\/smog-minister-tchorzewski-probuje-osmieszyc-deklaracje-premiera-morawieckiego\/\" target=\"_self\"  ><img loading=\"lazy\" decoding=\"async\" width=\"2048\" height=\"1365\" src=\"https:\/\/www.greenpeace.org\/static\/planet4-poland-stateless\/2018\/08\/892cf9de-40418051271_68058d814b_k.jpg\" class=\"attachment-post-thumbnail size-post-thumbnail wp-post-image wp-stateless-item\" alt=\"Smog: Minister Tch\u00f3rzewski pr\u00f3buje o\u015bmieszy\u0107 deklaracje premiera Morawieckiego\" style=\"object-fit:cover;\" srcset=\"https:\/\/www.greenpeace.org\/static\/planet4-poland-stateless\/2018\/08\/892cf9de-40418051271_68058d814b_k.jpg 2048w, https:\/\/www.greenpeace.org\/static\/planet4-poland-stateless\/2018\/08\/892cf9de-40418051271_68058d814b_k-300x200.jpg 300w, https:\/\/www.greenpeace.org\/static\/planet4-poland-stateless\/2018\/08\/892cf9de-40418051271_68058d814b_k-768x512.jpg 768w, https:\/\/www.greenpeace.org\/static\/planet4-poland-stateless\/2018\/08\/892cf9de-40418051271_68058d814b_k-1024x683.jpg 1024w, https:\/\/www.greenpeace.org\/static\/planet4-poland-stateless\/2018\/08\/892cf9de-40418051271_68058d814b_k-510x340.jpg 510w\" sizes=\"auto, (max-width: 2048px) 100vw, 2048px\" data-image-size=\"post-thumbnail\" data-stateless-media-bucket=\"planet4-poland-stateless\" data-stateless-media-name=\"2018\/08\/892cf9de-40418051271_68058d814b_k.jpg\" \/><\/a><\/figure>\n\n        <div class=\"wp-block-group is-layout-flow wp-block-group-is-layout-flow\">\n        <div class=\"wp-block-group is-layout-flex wp-block-group-is-layout-flex\"><div class=\"wp-block-post-terms\"><a href=\"https:\/\/www.greenpeace.org\/poland\/category\/klimat-energia\/\">Klimat i energia<\/a><\/div>\n        \n        \n        <\/div>\n        \n        <h3 class=\"wp-block-post-title\"><a href=\"https:\/\/www.greenpeace.org\/poland\/komentarze\/1288\/smog-minister-tchorzewski-probuje-osmieszyc-deklaracje-premiera-morawieckiego\/\" target=\"_self\" >Smog: Minister Tch\u00f3rzewski pr\u00f3buje o\u015bmieszy\u0107 deklaracje premiera Morawieckiego<\/a><\/h3>\n        <div class=\"wp-block-post-excerpt\"><p class=\"wp-block-post-excerpt__excerpt\">Ponad 500 dni zaj\u0119\u0142o ministrowi Krzysztofowi Tch\u00f3rzewskiemu przygotowanie projektu norm w\u0119gla, kt\u00f3re zamienia deklaracje premiera Morawieckiego w fars\u0119. Zaproponowane rozporz\u0105dzenie napisano tak, by nie zmieni\u0142o si\u0119 nic. Po pierwsze z powietrzem, kt\u00f3rym oddychamy i kt\u00f3re powoduje, \u017ce co roku ponad 45 tysi\u0119cy Polek i Polak\u00f3w przedwcze\u015bnie umiera. Po drugie z interesem sp\u00f3\u0142ek w\u0119glowych. Zamiast troski&hellip; <\/p><\/div>\n        \n        <div class=\"wp-block-group posts-list-meta is-layout-flow wp-block-group-is-layout-flow\"><span class='article-list-item-author'>Greenpeace Poland<\/span>\n        <div class=\"wp-block-post-date\"><time datetime=\"2018-08-22T00:00:00+02:00\">2018-08-22<\/time><\/div>\n        \n        <\/div>\n        <\/div>\n        <\/div>\n\n            <\/li><li class=\"wp-block-post post-1667 post type-post status-publish format-standard has-post-thumbnail hentry category-klimat-energia tag-smog p4-page-type-aktualnosci\">\n            \n<div class=\"wp-block-columns is-layout-flex wp-container-core-columns-is-layout-9d6595d7 wp-block-columns-is-layout-flex\"><figure class=\"wp-block-post-featured-image\"><a href=\"https:\/\/www.greenpeace.org\/poland\/aktualnosci\/1667\/liczba-polskich-miast-w-czarnym-rankingu-who-rosnie\/\" target=\"_self\"  ><img loading=\"lazy\" decoding=\"async\" width=\"647\" height=\"800\" src=\"https:\/\/www.greenpeace.org\/static\/planet4-poland-stateless\/2019\/06\/04cfbacd-04cfbacd-europe-50-most-polluted.png\" class=\"attachment-post-thumbnail size-post-thumbnail wp-post-image wp-stateless-item\" alt=\"Liczba polskich miast w czarnym rankingu WHO ro\u015bnie\" style=\"object-fit:cover;\" srcset=\"https:\/\/www.greenpeace.org\/static\/planet4-poland-stateless\/2019\/06\/04cfbacd-04cfbacd-europe-50-most-polluted.png 647w, https:\/\/www.greenpeace.org\/static\/planet4-poland-stateless\/2019\/06\/04cfbacd-04cfbacd-europe-50-most-polluted-243x300.png 243w, https:\/\/www.greenpeace.org\/static\/planet4-poland-stateless\/2019\/06\/04cfbacd-04cfbacd-europe-50-most-polluted-275x340.png 275w\" sizes=\"auto, (max-width: 647px) 100vw, 647px\" data-image-size=\"post-thumbnail\" data-stateless-media-bucket=\"planet4-poland-stateless\" data-stateless-media-name=\"2019\/06\/04cfbacd-04cfbacd-europe-50-most-polluted.png\" \/><\/a><\/figure>\n\n        <div class=\"wp-block-group is-layout-flow wp-block-group-is-layout-flow\">\n        <div class=\"wp-block-group is-layout-flex wp-block-group-is-layout-flex\"><div class=\"wp-block-post-terms\"><a href=\"https:\/\/www.greenpeace.org\/poland\/category\/klimat-energia\/\">Klimat i energia<\/a><\/div>\n        \n        \n        <\/div>\n        \n        <h3 class=\"wp-block-post-title\"><a href=\"https:\/\/www.greenpeace.org\/poland\/aktualnosci\/1667\/liczba-polskich-miast-w-czarnym-rankingu-who-rosnie\/\" target=\"_self\" >Liczba polskich miast w czarnym rankingu WHO ro\u015bnie<\/a><\/h3>\n        <div class=\"wp-block-post-excerpt\"><p class=\"wp-block-post-excerpt__excerpt\">W smogowej czo\u0142\u00f3wce najbrudniejszych miast Unii Europejskiej jest ju\u017c 36 polskich miast \u2013 wynika z najnowszego raportu \u015awiatowej Organizacji Zdrowia, przeanalizowanego przez Greenpeace. Jak na razie nie wida\u0107 perspektyw na popraw\u0119 sytuacji, gdy\u017c Ministerstwo Energii sabotuje rz\u0105dowy program walki ze smogiem &#8211; komentuje Marek J\u00f3zefiak z Greenpeace. <\/p><\/div>\n        \n        <div class=\"wp-block-group posts-list-meta is-layout-flow wp-block-group-is-layout-flow\"><span class='article-list-item-author'>Greenpeace Poland<\/span>\n        <div class=\"wp-block-post-date\"><time datetime=\"2018-05-09T00:00:00+02:00\">2018-05-09<\/time><\/div>\n        \n        <\/div>\n        <\/div>\n        <\/div>\n\n            <\/li><li class=\"wp-block-post post-1633 post type-post status-publish format-standard has-post-thumbnail hentry category-klimat-energia tag-smog tag-wegiel p4-page-type-aktualnosci\">\n            \n<div class=\"wp-block-columns is-layout-flex wp-container-core-columns-is-layout-9d6595d7 wp-block-columns-is-layout-flex\"><figure class=\"wp-block-post-featured-image\"><a href=\"https:\/\/www.greenpeace.org\/poland\/aktualnosci\/1633\/greenpeace-gratuluje-ministrowi-energii-skutecznego-sabotazu-walki-ze-smogiem\/\" target=\"_self\"  ><img loading=\"lazy\" decoding=\"async\" width=\"2047\" height=\"1365\" src=\"https:\/\/www.greenpeace.org\/static\/planet4-poland-stateless\/2018\/02\/58fd6c24-40418110001_612b867280_k.jpg\" class=\"attachment-post-thumbnail size-post-thumbnail wp-post-image wp-stateless-item\" alt=\"Greenpeace gratuluje Ministrowi Energii skutecznego sabota\u017cu walki ze smogiem\" style=\"object-fit:cover;\" srcset=\"https:\/\/www.greenpeace.org\/static\/planet4-poland-stateless\/2018\/02\/58fd6c24-40418110001_612b867280_k.jpg 2047w, https:\/\/www.greenpeace.org\/static\/planet4-poland-stateless\/2018\/02\/58fd6c24-40418110001_612b867280_k-300x200.jpg 300w, https:\/\/www.greenpeace.org\/static\/planet4-poland-stateless\/2018\/02\/58fd6c24-40418110001_612b867280_k-768x512.jpg 768w, https:\/\/www.greenpeace.org\/static\/planet4-poland-stateless\/2018\/02\/58fd6c24-40418110001_612b867280_k-1024x683.jpg 1024w, https:\/\/www.greenpeace.org\/static\/planet4-poland-stateless\/2018\/02\/58fd6c24-40418110001_612b867280_k-510x340.jpg 510w\" sizes=\"auto, (max-width: 2047px) 100vw, 2047px\" data-image-size=\"post-thumbnail\" data-stateless-media-bucket=\"planet4-poland-stateless\" data-stateless-media-name=\"2018\/02\/58fd6c24-40418110001_612b867280_k.jpg\" \/><\/a><\/figure>\n\n        <div class=\"wp-block-group is-layout-flow wp-block-group-is-layout-flow\">\n        <div class=\"wp-block-group is-layout-flex wp-block-group-is-layout-flex\"><div class=\"wp-block-post-terms\"><a href=\"https:\/\/www.greenpeace.org\/poland\/category\/klimat-energia\/\">Klimat i energia<\/a><\/div>\n        \n        \n        <\/div>\n        \n        <h3 class=\"wp-block-post-title\"><a href=\"https:\/\/www.greenpeace.org\/poland\/aktualnosci\/1633\/greenpeace-gratuluje-ministrowi-energii-skutecznego-sabotazu-walki-ze-smogiem\/\" target=\"_self\" >Greenpeace gratuluje Ministrowi Energii skutecznego sabota\u017cu walki ze smogiem<\/a><\/h3>\n        <div class=\"wp-block-post-excerpt\"><p class=\"wp-block-post-excerpt__excerpt\">Aktywi\u015bci Greenpeace wr\u0119czyli ministrowi Tch\u00f3rzewskiemu ogromny w\u0119glowy tort, gratuluj\u0105c mu w ten spos\u00f3b \u201cobrony polskiego smogu\u201d. To reakcja na wyrok Trybuna\u0142u Sprawiedliwo\u015bci Unii Europejskiej. Na skutek braku efektywnej polityki antysmogowej Polska przegra\u0142a dzisiaj spraw\u0119 o naruszenie dyrektywy o jako\u015bci powietrza. Jednym z kluczowych zarzut\u00f3w by\u0142 brak norm jako\u015bci w\u0119gla spalanego w polskich domach. Rozwi\u0105zanie tego&hellip; <\/p><\/div>\n        \n        <div class=\"wp-block-group posts-list-meta is-layout-flow wp-block-group-is-layout-flow\"><span class='article-list-item-author'>Greenpeace Poland<\/span>\n        <div class=\"wp-block-post-date\"><time datetime=\"2018-02-22T00:00:00+02:00\">2018-02-22<\/time><\/div>\n        \n        <\/div>\n        <\/div>\n        <\/div>\n\n            <\/li><li class=\"wp-block-post post-1582 post type-post status-publish format-standard has-post-thumbnail hentry category-klimat-energia tag-smog p4-page-type-aktualnosci\">\n            \n<div class=\"wp-block-columns is-layout-flex wp-container-core-columns-is-layout-9d6595d7 wp-block-columns-is-layout-flex\"><figure class=\"wp-block-post-featured-image\"><a href=\"https:\/\/www.greenpeace.org\/poland\/aktualnosci\/1582\/skandal-przy-wreczaniu-apelu-od-36-tys-obywateli\/\" target=\"_self\"  ><img loading=\"lazy\" decoding=\"async\" width=\"640\" height=\"427\" src=\"https:\/\/www.greenpeace.org\/static\/planet4-poland-stateless\/2019\/06\/d8de6897-d8de6897-39438649074_bb0ab02ef5_z.jpg\" class=\"attachment-post-thumbnail size-post-thumbnail wp-post-image wp-stateless-item\" alt=\"Skandal przy wr\u0119czaniu apelu od 36 tys. obywateli\" style=\"object-fit:cover;\" srcset=\"https:\/\/www.greenpeace.org\/static\/planet4-poland-stateless\/2019\/06\/d8de6897-d8de6897-39438649074_bb0ab02ef5_z.jpg 640w, https:\/\/www.greenpeace.org\/static\/planet4-poland-stateless\/2019\/06\/d8de6897-d8de6897-39438649074_bb0ab02ef5_z-300x200.jpg 300w, https:\/\/www.greenpeace.org\/static\/planet4-poland-stateless\/2019\/06\/d8de6897-d8de6897-39438649074_bb0ab02ef5_z-510x340.jpg 510w\" sizes=\"auto, (max-width: 640px) 100vw, 640px\" data-image-size=\"post-thumbnail\" data-stateless-media-bucket=\"planet4-poland-stateless\" data-stateless-media-name=\"2019\/06\/d8de6897-d8de6897-39438649074_bb0ab02ef5_z.jpg\" \/><\/a><\/figure>\n\n        <div class=\"wp-block-group is-layout-flow wp-block-group-is-layout-flow\">\n        <div class=\"wp-block-group is-layout-flex wp-block-group-is-layout-flex\"><div class=\"wp-block-post-terms\"><a href=\"https:\/\/www.greenpeace.org\/poland\/category\/klimat-energia\/\">Klimat i energia<\/a><\/div>\n        \n        \n        <\/div>\n        \n        <h3 class=\"wp-block-post-title\"><a href=\"https:\/\/www.greenpeace.org\/poland\/aktualnosci\/1582\/skandal-przy-wreczaniu-apelu-od-36-tys-obywateli\/\" target=\"_self\" >Skandal przy wr\u0119czaniu apelu od 36 tys. obywateli<\/a><\/h3>\n        <div class=\"wp-block-post-excerpt\"><p class=\"wp-block-post-excerpt__excerpt\">W czwartek 8 lutego aktywi\u015bci Greenpeace z Katowic, Krakowa, Poznania i Warszawy oraz m\u0142odzie\u017c z inicjatywy \u201cNie Dokarmiaj Smoga\u201d z Pszczyny pojawili si\u0119 przed Ministerstwem Energii z transparentem \u201cChcemy czystego powietrza!\u201d oraz apelem podpisanym przez 36 tys. Polek i Polak\u00f3w. Przed delegacj\u0105 dor\u0119czaj\u0105c\u0105 podpisy obywateli zamkni\u0119to drzwi ministerstwa. Po ponagleniach telefonicznych podpisy zosta\u0142y przyj\u0119te w&hellip; <\/p><\/div>\n        \n        <div class=\"wp-block-group posts-list-meta is-layout-flow wp-block-group-is-layout-flow\"><span class='article-list-item-author'>Greenpeace Poland<\/span>\n        <div class=\"wp-block-post-date\"><time datetime=\"2018-02-08T00:00:00+02:00\">2018-02-08<\/time><\/div>\n        \n        <\/div>\n        <\/div>\n        <\/div>\n\n            <\/li><li class=\"wp-block-post post-1220 post type-post status-publish format-standard has-post-thumbnail hentry category-klimat-energia tag-smog p4-page-type-aktualnosci\">\n            \n<div class=\"wp-block-columns is-layout-flex wp-container-core-columns-is-layout-9d6595d7 wp-block-columns-is-layout-flex\"><figure class=\"wp-block-post-featured-image\"><a href=\"https:\/\/www.greenpeace.org\/poland\/aktualnosci\/1220\/rok-niespelnionych-obietnic-w-sprawie-czystego-powietrza\/\" target=\"_self\"  ><img loading=\"lazy\" decoding=\"async\" width=\"640\" height=\"427\" src=\"https:\/\/www.greenpeace.org\/static\/planet4-poland-stateless\/2019\/06\/50024530-50024530-39731804011_68c0ddd235_z.jpg\" class=\"attachment-post-thumbnail size-post-thumbnail wp-post-image wp-stateless-item\" alt=\"Rok niespe\u0142nionych obietnic w sprawie czystego powietrza\" style=\"object-fit:cover;\" srcset=\"https:\/\/www.greenpeace.org\/static\/planet4-poland-stateless\/2019\/06\/50024530-50024530-39731804011_68c0ddd235_z.jpg 640w, https:\/\/www.greenpeace.org\/static\/planet4-poland-stateless\/2019\/06\/50024530-50024530-39731804011_68c0ddd235_z-300x200.jpg 300w, https:\/\/www.greenpeace.org\/static\/planet4-poland-stateless\/2019\/06\/50024530-50024530-39731804011_68c0ddd235_z-510x340.jpg 510w\" sizes=\"auto, (max-width: 640px) 100vw, 640px\" data-image-size=\"post-thumbnail\" data-stateless-media-bucket=\"planet4-poland-stateless\" data-stateless-media-name=\"2019\/06\/50024530-50024530-39731804011_68c0ddd235_z.jpg\" \/><\/a><\/figure>\n\n        <div class=\"wp-block-group is-layout-flow wp-block-group-is-layout-flow\">\n        <div class=\"wp-block-group is-layout-flex wp-block-group-is-layout-flex\"><div class=\"wp-block-post-terms\"><a href=\"https:\/\/www.greenpeace.org\/poland\/category\/klimat-energia\/\">Klimat i energia<\/a><\/div>\n        \n        \n        <\/div>\n        \n        <h3 class=\"wp-block-post-title\"><a href=\"https:\/\/www.greenpeace.org\/poland\/aktualnosci\/1220\/rok-niespelnionych-obietnic-w-sprawie-czystego-powietrza\/\" target=\"_self\" >Rok niespe\u0142nionych obietnic w sprawie czystego powietrza<\/a><\/h3>\n        <div class=\"wp-block-post-excerpt\"><p class=\"wp-block-post-excerpt__excerpt\">Dok\u0142adnie rok temu rz\u0105d og\u0142osi\u0142 program walki ze smogiem. Do dzi\u015b nie zrealizowano wi\u0119kszo\u015bci jego punkt\u00f3w, w tym tak fundamentalnego jak wyeliminowanie z rynku w\u0119gla najgorszej jako\u015bci. Aktywi\u015bci Greenpeace projekcj\u0105 na budynku Ministerstwa Energii skrytykowali niezrealizowanie obietnicy przez ministra Tch\u00f3rzewskiego. Organizacja rozpoczyna zbieranie podpis\u00f3w pod apelem przypominaj\u0105cym ministrowi, \u017ce Polki i Polacy czekaj\u0105 na normy&hellip; <\/p><\/div>\n        \n        <div class=\"wp-block-group posts-list-meta is-layout-flow wp-block-group-is-layout-flow\"><span class='article-list-item-author'>Greenpeace Poland<\/span>\n        <div class=\"wp-block-post-date\"><time datetime=\"2018-01-17T00:00:00+02:00\">2018-01-17<\/time><\/div>\n        \n        <\/div>\n        <\/div>\n        <\/div>\n\n            <\/li><li class=\"wp-block-post post-1165 post type-post status-publish format-standard has-post-thumbnail hentry category-klimat-energia tag-wegiel tag-smog p4-page-type-aktualnosci\">\n            \n<div class=\"wp-block-columns is-layout-flex wp-container-core-columns-is-layout-9d6595d7 wp-block-columns-is-layout-flex\"><figure class=\"wp-block-post-featured-image\"><a href=\"https:\/\/www.greenpeace.org\/poland\/aktualnosci\/1165\/rok-po-wielkim-smogu-greenpeace-i-samorzadowcy-apeluja-do-ministra-energii\/\" target=\"_self\"  ><img loading=\"lazy\" decoding=\"async\" width=\"1200\" height=\"800\" src=\"https:\/\/www.greenpeace.org\/static\/planet4-poland-stateless\/2018\/01\/b09125f0-40417898461_1b1606eb53_k-e1565361961799.jpg\" class=\"attachment-post-thumbnail size-post-thumbnail wp-post-image wp-stateless-item\" alt=\"Rok po wielkim smogu: Greenpeace i samorz\u0105dowcy apeluj\u0105 do ministra energii\" style=\"object-fit:cover;\" data-image-size=\"post-thumbnail\" data-stateless-media-bucket=\"planet4-poland-stateless\" data-stateless-media-name=\"2018\/01\/b09125f0-40417898461_1b1606eb53_k-e1565361961799.jpg\" \/><\/a><\/figure>\n\n        <div class=\"wp-block-group is-layout-flow wp-block-group-is-layout-flow\">\n        <div class=\"wp-block-group is-layout-flex wp-block-group-is-layout-flex\"><div class=\"wp-block-post-terms\"><a href=\"https:\/\/www.greenpeace.org\/poland\/category\/klimat-energia\/\">Klimat i energia<\/a><\/div>\n        \n        \n        <\/div>\n        \n        <h3 class=\"wp-block-post-title\"><a href=\"https:\/\/www.greenpeace.org\/poland\/aktualnosci\/1165\/rok-po-wielkim-smogu-greenpeace-i-samorzadowcy-apeluja-do-ministra-energii\/\" target=\"_self\" >Rok po wielkim smogu: Greenpeace i samorz\u0105dowcy apeluj\u0105 do ministra energii<\/a><\/h3>\n        <div class=\"wp-block-post-excerpt\"><p class=\"wp-block-post-excerpt__excerpt\">Mija rok od najwi\u0119kszego od lat epizodu smogowego w Polsce. Potrzeba rozwi\u0105zania problemu zanieczyszczenia powietrza zosta\u0142a wtedy zauwa\u017cona przez rz\u0105d, ale nie prze\u0142o\u017cy\u0142a si\u0119 na zdecydowane dzia\u0142ania \u2013 do dzisiaj ministerstwo energii nie wprowadzi\u0142o obiecanych norm jako\u015bci w\u0119gla. W\u0142a\u015bnie w tej sprawie do ministra Krzysztofa Tch\u00f3rzewskiego apeluje Greenpeace wraz z 24 samorz\u0105dowcami z teren\u00f3w najbardziej&hellip; <\/p><\/div>\n        \n        <div class=\"wp-block-group posts-list-meta is-layout-flow wp-block-group-is-layout-flow\"><span class='article-list-item-author'>Greenpeace Poland<\/span>\n        <div class=\"wp-block-post-date\"><time datetime=\"2018-01-09T00:00:00+02:00\">2018-01-09<\/time><\/div>\n        \n        <\/div>\n        <\/div>\n        <\/div>\n\n            <\/li><\/ul>\n\n    \n<div class=\"wp-block-buttons carousel-controls is-horizontal is-content-justification-space-between is-nowrap is-layout-flex wp-container-core-buttons-is-layout-044bd602 wp-block-buttons-is-layout-flex\">\n            <div class=\"wp-block-button carousel-control-prev\"><button type=\"button\" class=\"wp-block-button__link wp-element-button\">Wstecz<\/button><\/div>\n        \n\n            <div class=\"wp-block-button carousel-control-next\"><button type=\"button\" class=\"wp-block-button__link wp-element-button\">Dalej<\/button><\/div>\n        <\/div>\n\n\n    <li class=\" wp-block-navigation-item see-all-link wp-block-navigation-link\"><a class=\"wp-block-navigation-item__content\"  href=\"http:\/\/www.greenpeace.org\/poland\/aktualnosci\/?tag=smog&#038;post-type=komentarze\"><span class=\"wp-block-navigation-item__label\">See all stories<\/span><\/a><\/li><\/div>\n    ","protected":false},"excerpt":{"rendered":"<p>Polska niechlubnym liderem 47 tysi\u0119cy Polak\u00f3w co roku umiera przedwcze\u015bnie z powodu zanieczyszczenia powietrza &#8211; wynika z raportu Europejskiej Agencji \u015arodowiska (EEA). Polska wraz z Bu\u0142gari\u0105 przoduj\u0105 w niechlubnym smogowym rankingu Unii Europejskiej. Za fatalny stan powietrza w naszym kraju odpowiada w g\u0142\u00f3wnej mierze niska emisja ze spalania w\u0119gla w domowych piecach. Konsekwencje zdrowotne zaniecha\u0144 [&hellip;]<\/p>\n","protected":false},"author":25,"featured_media":2749,"parent":60,"menu_order":0,"comment_status":"closed","ping_status":"closed","template":"","meta":{"ep_exclude_from_search":false,"p4_hide_page_title_checkbox":"on","p4_title":"","p4_subtitle":"","p4_description":"","background_image_id":"","background_image":"","p4_button_title":"","p4_button_link":"","p4_button_link_checkbox":"","p4_og_title":"","p4_og_description":"","p4_og_image":"","p4_og_image_id":"","p4_seo_canonical_url":"","p4_campaign_name":"not set","p4_local_project":"not set","p4_basket_name":"not set","p4_department":"","footnotes":""},"categories":[],"tags":[18,34],"class_list":["post-2775","page","type-page","status-publish","has-post-thumbnail","hentry","tag-wegiel","tag-smog"],"_links":{"self":[{"href":"https:\/\/www.greenpeace.org\/poland\/wp-json\/wp\/v2\/pages\/2775","targetHints":{"allow":["GET"]}}],"collection":[{"href":"https:\/\/www.greenpeace.org\/poland\/wp-json\/wp\/v2\/pages"}],"about":[{"href":"https:\/\/www.greenpeace.org\/poland\/wp-json\/wp\/v2\/types\/page"}],"author":[{"embeddable":true,"href":"https:\/\/www.greenpeace.org\/poland\/wp-json\/wp\/v2\/users\/25"}],"replies":[{"embeddable":true,"href":"https:\/\/www.greenpeace.org\/poland\/wp-json\/wp\/v2\/comments?post=2775"}],"version-history":[{"count":15,"href":"https:\/\/www.greenpeace.org\/poland\/wp-json\/wp\/v2\/pages\/2775\/revisions"}],"predecessor-version":[{"id":38080,"href":"https:\/\/www.greenpeace.org\/poland\/wp-json\/wp\/v2\/pages\/2775\/revisions\/38080"}],"up":[{"embeddable":true,"href":"https:\/\/www.greenpeace.org\/poland\/wp-json\/wp\/v2\/pages\/60"}],"wp:featuredmedia":[{"embeddable":true,"href":"https:\/\/www.greenpeace.org\/poland\/wp-json\/wp\/v2\/media\/2749"}],"wp:attachment":[{"href":"https:\/\/www.greenpeace.org\/poland\/wp-json\/wp\/v2\/media?parent=2775"}],"wp:term":[{"taxonomy":"category","embeddable":true,"href":"https:\/\/www.greenpeace.org\/poland\/wp-json\/wp\/v2\/categories?post=2775"},{"taxonomy":"post_tag","embeddable":true,"href":"https:\/\/www.greenpeace.org\/poland\/wp-json\/wp\/v2\/tags?post=2775"}],"curies":[{"name":"wp","href":"https:\/\/api.w.org\/{rel}","templated":true}]}}