{"id":2844,"date":"2019-06-25T13:27:53","date_gmt":"2019-06-25T11:27:53","guid":{"rendered":"https:\/\/www.greenpeace.org\/poland\/?page_id=2844"},"modified":"2026-03-19T17:47:11","modified_gmt":"2026-03-19T15:47:11","slug":"nasz-zespol","status":"publish","type":"page","link":"https:\/\/www.greenpeace.org\/poland\/o-nas\/nasz-zespol\/","title":{"rendered":"Nasz zesp\u00f3\u0142"},"content":{"rendered":"\n<h1 class=\"wp-block-heading\"><strong>Poznaj nasz zesp\u00f3\u0142<\/strong><\/h1>\n\n<p>Greenpeace w Polsce tworzy ponad 200 os\u00f3b &#8211; pracowniczek i pracownik\u00f3w, aktywistek i aktywist\u00f3w, fundraiserek i fundraiser\u00f3w &#8211; a tak\u017ce tysi\u0105ce os\u00f3b z ca\u0142ej Polski, wspieraj\u0105cych nasz\u0105 dzia\u0142alno\u015b\u0107. Oto cz\u0119\u015b\u0107 naszego zespo\u0142u:                         <\/p>\n<div data-render=\"planet4-blocks\/columns\" data-attributes=\"{&quot;attributes&quot;:{&quot;columns_block_style&quot;:&quot;image&quot;,&quot;columns_title&quot;:&quot;Zesp\\u00f3\\u0142 kieruj\\u0105cy Greenpeace Polska\\u00a0&quot;,&quot;columns_description&quot;:&quot;&quot;,&quot;columns&quot;:[{&quot;title&quot;:&quot;&quot;,&quot;description&quot;:&quot;&lt;b&gt;Dominik Zg\\u00f3dka&lt;\\\/b&gt;&lt;br&gt;Dyrektor zarz\\u0105dzaj\\u0105cy, pe\\u0142nomocnik zarz\\u0105du&quot;,&quot;attachment&quot;:&quot;https:\\\/\\\/www.greenpeace.org\\\/static\\\/planet4-poland-stateless\\\/2021\\\/07\\\/15e13228-dsc01001-340x340.jpg&quot;,&quot;cta_link&quot;:&quot;&quot;,&quot;cta_text&quot;:&quot;&quot;,&quot;link_new_tab&quot;:false,&quot;attachment_srcset&quot;:&quot;https:\\\/\\\/www.greenpeace.org\\\/static\\\/planet4-poland-stateless\\\/2021\\\/07\\\/15e13228-dsc01001-340x340.jpg 340w, https:\\\/\\\/www.greenpeace.org\\\/static\\\/planet4-poland-stateless\\\/2021\\\/07\\\/15e13228-dsc01001-300x300.jpg 300w, https:\\\/\\\/www.greenpeace.org\\\/static\\\/planet4-poland-stateless\\\/2021\\\/07\\\/15e13228-dsc01001-150x150.jpg 150w, https:\\\/\\\/www.greenpeace.org\\\/static\\\/planet4-poland-stateless\\\/2021\\\/07\\\/15e13228-dsc01001-768x768.jpg 768w, https:\\\/\\\/www.greenpeace.org\\\/static\\\/planet4-poland-stateless\\\/2021\\\/07\\\/15e13228-dsc01001.jpg 800w&quot;},{&quot;title&quot;:&quot;&quot;,&quot;description&quot;:&quot;&lt;strong&gt;Katarzyna Bilewska&lt;br&gt;&lt;\\\/strong&gt;Szefowa zespo\\u0142u komunikacyjnego&quot;,&quot;attachment&quot;:&quot;https:\\\/\\\/www.greenpeace.org\\\/static\\\/planet4-poland-stateless\\\/2021\\\/07\\\/3fa1640f-kasia-rw2-1-340x340.jpg&quot;,&quot;cta_link&quot;:&quot;&quot;,&quot;cta_text&quot;:&quot;&quot;,&quot;link_new_tab&quot;:false,&quot;attachment_srcset&quot;:&quot;https:\\\/\\\/www.greenpeace.org\\\/static\\\/planet4-poland-stateless\\\/2021\\\/07\\\/3fa1640f-kasia-rw2-1-340x340.jpg 340w, https:\\\/\\\/www.greenpeace.org\\\/static\\\/planet4-poland-stateless\\\/2021\\\/07\\\/3fa1640f-kasia-rw2-1-300x300.jpg 300w, https:\\\/\\\/www.greenpeace.org\\\/static\\\/planet4-poland-stateless\\\/2021\\\/07\\\/3fa1640f-kasia-rw2-1-150x150.jpg 150w, https:\\\/\\\/www.greenpeace.org\\\/static\\\/planet4-poland-stateless\\\/2021\\\/07\\\/3fa1640f-kasia-rw2-1-768x768.jpg 768w, https:\\\/\\\/www.greenpeace.org\\\/static\\\/planet4-poland-stateless\\\/2021\\\/07\\\/3fa1640f-kasia-rw2-1.jpg 800w&quot;},{&quot;title&quot;:&quot;&quot;,&quot;description&quot;:&quot;&lt;strong&gt;Pawe\\u0142 Szypulski&lt;\\\/strong&gt;&lt;br&gt;Dyrektor programowy, pe\\u0142nomocnik zarz\\u0105du&quot;,&quot;attachment&quot;:&quot;https:\\\/\\\/www.greenpeace.org\\\/static\\\/planet4-poland-stateless\\\/2023\\\/10\\\/e343443e-pawelszypulski_by_maxzielinski-5-340x340.jpg&quot;,&quot;cta_link&quot;:&quot;&quot;,&quot;cta_text&quot;:&quot;&quot;,&quot;link_new_tab&quot;:false,&quot;attachment_srcset&quot;:&quot;https:\\\/\\\/www.greenpeace.org\\\/static\\\/planet4-poland-stateless\\\/2023\\\/10\\\/e343443e-pawelszypulski_by_maxzielinski-5-340x340.jpg 340w, https:\\\/\\\/www.greenpeace.org\\\/static\\\/planet4-poland-stateless\\\/2023\\\/10\\\/e343443e-pawelszypulski_by_maxzielinski-5-500x500.jpg 500w, https:\\\/\\\/www.greenpeace.org\\\/static\\\/planet4-poland-stateless\\\/2023\\\/10\\\/e343443e-pawelszypulski_by_maxzielinski-5-300x300.jpg 300w, https:\\\/\\\/www.greenpeace.org\\\/static\\\/planet4-poland-stateless\\\/2023\\\/10\\\/e343443e-pawelszypulski_by_maxzielinski-5-768x768.jpg 768w, https:\\\/\\\/www.greenpeace.org\\\/static\\\/planet4-poland-stateless\\\/2023\\\/10\\\/e343443e-pawelszypulski_by_maxzielinski-5.jpg 800w&quot;},{&quot;title&quot;:&quot;&quot;,&quot;description&quot;:&quot;&lt;strong&gt;Magdalena Figura&lt;br&gt;&lt;\\\/strong&gt;Szefowa zespo\\u0142u rozwoju aktywizmu i wolontariatu&quot;,&quot;attachment&quot;:&quot;https:\\\/\\\/www.greenpeace.org\\\/static\\\/planet4-poland-stateless\\\/2022\\\/12\\\/c54c6ea1-magda_figur-339x340.jpg&quot;,&quot;cta_link&quot;:&quot;&quot;,&quot;cta_text&quot;:&quot;&quot;,&quot;link_new_tab&quot;:false,&quot;attachment_srcset&quot;:&quot;https:\\\/\\\/www.greenpeace.org\\\/static\\\/planet4-poland-stateless\\\/2022\\\/12\\\/c54c6ea1-magda_figur-339x340.jpg 339w, https:\\\/\\\/www.greenpeace.org\\\/static\\\/planet4-poland-stateless\\\/2022\\\/12\\\/c54c6ea1-magda_figur-500x500.jpg 500w, https:\\\/\\\/www.greenpeace.org\\\/static\\\/planet4-poland-stateless\\\/2022\\\/12\\\/c54c6ea1-magda_figur-1022x1024.jpg 1022w, https:\\\/\\\/www.greenpeace.org\\\/static\\\/planet4-poland-stateless\\\/2022\\\/12\\\/c54c6ea1-magda_figur-300x300.jpg 300w, https:\\\/\\\/www.greenpeace.org\\\/static\\\/planet4-poland-stateless\\\/2022\\\/12\\\/c54c6ea1-magda_figur-768x769.jpg 768w, https:\\\/\\\/www.greenpeace.org\\\/static\\\/planet4-poland-stateless\\\/2022\\\/12\\\/c54c6ea1-magda_figur.jpg 1195w&quot;}],&quot;className&quot;:&quot;is-style-image&quot;}}\"><\/div><div data-render=\"planet4-blocks\/columns\" data-attributes=\"{&quot;attributes&quot;:{&quot;columns_block_style&quot;:&quot;image&quot;,&quot;columns_title&quot;:&quot; &quot;,&quot;columns_description&quot;:&quot;&quot;,&quot;columns&quot;:[{&quot;title&quot;:&quot;&quot;,&quot;description&quot;:&quot;&lt;b&gt;Krzysztof Cibor&lt;\\\/b&gt;&lt;br&gt;Szef zespo\\u0142u kampanii&quot;,&quot;attachment&quot;:&quot;https:\\\/\\\/www.greenpeace.org\\\/static\\\/planet4-poland-stateless\\\/2021\\\/07\\\/8dfab1ba-kpacholak__mg_9810-340x340.jpg&quot;,&quot;cta_link&quot;:&quot;&quot;,&quot;cta_text&quot;:&quot;&quot;,&quot;link_new_tab&quot;:false,&quot;attachment_srcset&quot;:&quot;https:\\\/\\\/www.greenpeace.org\\\/static\\\/planet4-poland-stateless\\\/2021\\\/07\\\/8dfab1ba-kpacholak__mg_9810-340x340.jpg 340w, https:\\\/\\\/www.greenpeace.org\\\/static\\\/planet4-poland-stateless\\\/2021\\\/07\\\/8dfab1ba-kpacholak__mg_9810-300x300.jpg 300w, https:\\\/\\\/www.greenpeace.org\\\/static\\\/planet4-poland-stateless\\\/2021\\\/07\\\/8dfab1ba-kpacholak__mg_9810-1024x1024.jpg 1024w, https:\\\/\\\/www.greenpeace.org\\\/static\\\/planet4-poland-stateless\\\/2021\\\/07\\\/8dfab1ba-kpacholak__mg_9810-150x150.jpg 150w, https:\\\/\\\/www.greenpeace.org\\\/static\\\/planet4-poland-stateless\\\/2021\\\/07\\\/8dfab1ba-kpacholak__mg_9810-768x768.jpg 768w, https:\\\/\\\/www.greenpeace.org\\\/static\\\/planet4-poland-stateless\\\/2021\\\/07\\\/8dfab1ba-kpacholak__mg_9810-1536x1536.jpg 1536w, https:\\\/\\\/www.greenpeace.org\\\/static\\\/planet4-poland-stateless\\\/2021\\\/07\\\/8dfab1ba-kpacholak__mg_9810-2048x2048.jpg 2048w, https:\\\/\\\/www.greenpeace.org\\\/static\\\/planet4-poland-stateless\\\/2021\\\/07\\\/8dfab1ba-kpacholak__mg_9810-1366x1366.jpg 1366w&quot;},{&quot;title&quot;:&quot;&quot;,&quot;description&quot;:&quot;&lt;strong&gt;Marianna Hoszowska&lt;\\\/strong&gt;&lt;br&gt;Szefowa zespo\\u0142u mobilizacji online&quot;,&quot;attachment&quot;:&quot;https:\\\/\\\/www.greenpeace.org\\\/static\\\/planet4-poland-stateless\\\/2023\\\/06\\\/b578cdf8-20230619_204943-340x340.jpg&quot;,&quot;cta_link&quot;:&quot;&quot;,&quot;cta_text&quot;:&quot;&quot;,&quot;link_new_tab&quot;:false,&quot;attachment_srcset&quot;:&quot;https:\\\/\\\/www.greenpeace.org\\\/static\\\/planet4-poland-stateless\\\/2023\\\/06\\\/b578cdf8-20230619_204943-340x340.jpg 340w, https:\\\/\\\/www.greenpeace.org\\\/static\\\/planet4-poland-stateless\\\/2023\\\/06\\\/b578cdf8-20230619_204943-500x500.jpg 500w, https:\\\/\\\/www.greenpeace.org\\\/static\\\/planet4-poland-stateless\\\/2023\\\/06\\\/b578cdf8-20230619_204943-1024x1024.jpg 1024w, https:\\\/\\\/www.greenpeace.org\\\/static\\\/planet4-poland-stateless\\\/2023\\\/06\\\/b578cdf8-20230619_204943-300x300.jpg 300w, https:\\\/\\\/www.greenpeace.org\\\/static\\\/planet4-poland-stateless\\\/2023\\\/06\\\/b578cdf8-20230619_204943-768x768.jpg 768w, https:\\\/\\\/www.greenpeace.org\\\/static\\\/planet4-poland-stateless\\\/2023\\\/06\\\/b578cdf8-20230619_204943-1536x1536.jpg 1536w, https:\\\/\\\/www.greenpeace.org\\\/static\\\/planet4-poland-stateless\\\/2023\\\/06\\\/b578cdf8-20230619_204943-1366x1366.jpg 1366w, https:\\\/\\\/www.greenpeace.org\\\/static\\\/planet4-poland-stateless\\\/2023\\\/06\\\/b578cdf8-20230619_204943.jpg 1980w&quot;},{&quot;title&quot;:&quot;&quot;,&quot;description&quot;:&quot;&lt;strong&gt;Mariusz Onuch&lt;br&gt;&lt;\\\/strong&gt;Szef zespo\\u0142u fundraisingu&quot;,&quot;attachment&quot;:&quot;https:\\\/\\\/www.greenpeace.org\\\/static\\\/planet4-poland-stateless\\\/2023\\\/05\\\/b2384798-mariusz_onuch-340x340.jpg&quot;,&quot;cta_link&quot;:&quot;&quot;,&quot;cta_text&quot;:&quot;&quot;,&quot;link_new_tab&quot;:false,&quot;attachment_srcset&quot;:&quot;https:\\\/\\\/www.greenpeace.org\\\/static\\\/planet4-poland-stateless\\\/2023\\\/05\\\/b2384798-mariusz_onuch-340x340.jpg 340w, https:\\\/\\\/www.greenpeace.org\\\/static\\\/planet4-poland-stateless\\\/2023\\\/05\\\/b2384798-mariusz_onuch-500x500.jpg 500w, https:\\\/\\\/www.greenpeace.org\\\/static\\\/planet4-poland-stateless\\\/2023\\\/05\\\/b2384798-mariusz_onuch-300x300.jpg 300w, https:\\\/\\\/www.greenpeace.org\\\/static\\\/planet4-poland-stateless\\\/2023\\\/05\\\/b2384798-mariusz_onuch-768x768.jpg 768w, https:\\\/\\\/www.greenpeace.org\\\/static\\\/planet4-poland-stateless\\\/2023\\\/05\\\/b2384798-mariusz_onuch.jpg 900w&quot;},{&quot;title&quot;:&quot;&quot;,&quot;description&quot;:&quot;&lt;strong&gt;Aneta Korczak&lt;br&gt;&lt;\\\/strong&gt;Szefowa zespo\\u0142u finans\\u00f3w&quot;,&quot;attachment&quot;:&quot;https:\\\/\\\/www.greenpeace.org\\\/static\\\/planet4-poland-stateless\\\/2025\\\/05\\\/f460bdb6-projekt-bez-nazwy-11-340x340.png&quot;,&quot;cta_link&quot;:&quot;&quot;,&quot;cta_text&quot;:&quot;&quot;,&quot;link_new_tab&quot;:false,&quot;attachment_srcset&quot;:&quot;https:\\\/\\\/www.greenpeace.org\\\/static\\\/planet4-poland-stateless\\\/2025\\\/05\\\/f460bdb6-projekt-bez-nazwy-11-340x340.png 340w, https:\\\/\\\/www.greenpeace.org\\\/static\\\/planet4-poland-stateless\\\/2025\\\/05\\\/f460bdb6-projekt-bez-nazwy-11-500x500.png 500w, https:\\\/\\\/www.greenpeace.org\\\/static\\\/planet4-poland-stateless\\\/2025\\\/05\\\/f460bdb6-projekt-bez-nazwy-11-300x300.png 300w, https:\\\/\\\/www.greenpeace.org\\\/static\\\/planet4-poland-stateless\\\/2025\\\/05\\\/f460bdb6-projekt-bez-nazwy-11.png 600w&quot;}],&quot;className&quot;:&quot;is-style-image&quot;}}\"><\/div><div data-render=\"planet4-blocks\/columns\" data-attributes=\"{&quot;attributes&quot;:{&quot;columns_block_style&quot;:&quot;image&quot;,&quot;columns_title&quot;:&quot;&quot;,&quot;columns&quot;:[{&quot;title&quot;:&quot;&quot;,&quot;description&quot;:&quot;&lt;strong&gt;Agnieszka Tober-Buszman&lt;\\\/strong&gt;&lt;br&gt;Szefowa zespo\\u0142u People&amp;amp;Culture&quot;,&quot;attachment&quot;:&quot;https:\\\/\\\/www.greenpeace.org\\\/static\\\/planet4-poland-stateless\\\/2025\\\/01\\\/e0c012ba-fotka_atb-282x340.jpg&quot;,&quot;cta_link&quot;:&quot;https:\\\/\\\/twitter.com\\\/Kasia_Guzek&quot;,&quot;cta_text&quot;:&quot;&quot;,&quot;link_new_tab&quot;:true,&quot;attachment_srcset&quot;:&quot;https:\\\/\\\/www.greenpeace.org\\\/static\\\/planet4-poland-stateless\\\/2025\\\/01\\\/e0c012ba-fotka_atb-282x340.jpg 282w, https:\\\/\\\/www.greenpeace.org\\\/static\\\/planet4-poland-stateless\\\/2025\\\/01\\\/e0c012ba-fotka_atb-415x500.jpg 415w, https:\\\/\\\/www.greenpeace.org\\\/static\\\/planet4-poland-stateless\\\/2025\\\/01\\\/e0c012ba-fotka_atb-850x1024.jpg 850w, https:\\\/\\\/www.greenpeace.org\\\/static\\\/planet4-poland-stateless\\\/2025\\\/01\\\/e0c012ba-fotka_atb-768x926.jpg 768w, https:\\\/\\\/www.greenpeace.org\\\/static\\\/planet4-poland-stateless\\\/2025\\\/01\\\/e0c012ba-fotka_atb-1275x1536.jpg 1275w, https:\\\/\\\/www.greenpeace.org\\\/static\\\/planet4-poland-stateless\\\/2025\\\/01\\\/e0c012ba-fotka_atb-1699x2048.jpg 1699w, https:\\\/\\\/www.greenpeace.org\\\/static\\\/planet4-poland-stateless\\\/2025\\\/01\\\/e0c012ba-fotka_atb-1133x1366.jpg 1133w&quot;},{&quot;title&quot;:&quot;  &quot;,&quot;description&quot;:&quot; &quot;,&quot;attachment&quot;:0,&quot;cta_link&quot;:&quot;https:\\\/\\\/twitter.com\\\/MarekJozefiak&quot;,&quot;cta_text&quot;:&quot;&quot;,&quot;link_new_tab&quot;:true},{&quot;title&quot;:&quot; &quot;,&quot;description&quot;:&quot;  &quot;,&quot;attachment&quot;:0,&quot;cta_link&quot;:&quot;https:\\\/\\\/twitter.com\\\/MartGregorczyk&quot;,&quot;cta_text&quot;:&quot;&quot;,&quot;link_new_tab&quot;:true},{&quot;title&quot;:&quot; &quot;,&quot;description&quot;:&quot;  &quot;,&quot;attachment&quot;:0,&quot;cta_link&quot;:&quot;&quot;,&quot;cta_text&quot;:&quot;&quot;,&quot;link_new_tab&quot;:false}],&quot;className&quot;:&quot;is-style-image&quot;}}\"><\/div><div data-render=\"planet4-blocks\/columns\" data-attributes=\"{&quot;attributes&quot;:{&quot;columns_block_style&quot;:&quot;image&quot;,&quot;columns_title&quot;:&quot;Zesp\\u00f3\\u0142 kampanii&quot;,&quot;columns&quot;:[{&quot;title&quot;:&quot;&quot;,&quot;description&quot;:&quot;&lt;strong&gt;&lt;strong&gt;Krzysztof Cibor&lt;\\\/strong&gt;&lt;\\\/strong&gt;&lt;br&gt;Szef zespo\\u0142u kampanii&quot;,&quot;attachment&quot;:&quot;https:\\\/\\\/www.greenpeace.org\\\/static\\\/planet4-poland-stateless\\\/2021\\\/07\\\/8dfab1ba-kpacholak__mg_9810-340x340.jpg&quot;,&quot;cta_link&quot;:&quot;&quot;,&quot;cta_text&quot;:&quot;&quot;,&quot;link_new_tab&quot;:false,&quot;attachment_srcset&quot;:&quot;https:\\\/\\\/www.greenpeace.org\\\/static\\\/planet4-poland-stateless\\\/2021\\\/07\\\/8dfab1ba-kpacholak__mg_9810-340x340.jpg 340w, https:\\\/\\\/www.greenpeace.org\\\/static\\\/planet4-poland-stateless\\\/2021\\\/07\\\/8dfab1ba-kpacholak__mg_9810-300x300.jpg 300w, https:\\\/\\\/www.greenpeace.org\\\/static\\\/planet4-poland-stateless\\\/2021\\\/07\\\/8dfab1ba-kpacholak__mg_9810-1024x1024.jpg 1024w, https:\\\/\\\/www.greenpeace.org\\\/static\\\/planet4-poland-stateless\\\/2021\\\/07\\\/8dfab1ba-kpacholak__mg_9810-150x150.jpg 150w, https:\\\/\\\/www.greenpeace.org\\\/static\\\/planet4-poland-stateless\\\/2021\\\/07\\\/8dfab1ba-kpacholak__mg_9810-768x768.jpg 768w, https:\\\/\\\/www.greenpeace.org\\\/static\\\/planet4-poland-stateless\\\/2021\\\/07\\\/8dfab1ba-kpacholak__mg_9810-1536x1536.jpg 1536w, https:\\\/\\\/www.greenpeace.org\\\/static\\\/planet4-poland-stateless\\\/2021\\\/07\\\/8dfab1ba-kpacholak__mg_9810-2048x2048.jpg 2048w, https:\\\/\\\/www.greenpeace.org\\\/static\\\/planet4-poland-stateless\\\/2021\\\/07\\\/8dfab1ba-kpacholak__mg_9810-1366x1366.jpg 1366w&quot;},{&quot;title&quot;:&quot;&quot;,&quot;description&quot;:&quot;&lt;b&gt;&lt;strong&gt;Anna Meres&lt;\\\/strong&gt; &lt;\\\/b&gt;&lt;br&gt;Kampanie klimatyczne&quot;,&quot;attachment&quot;:&quot;https:\\\/\\\/www.greenpeace.org\\\/static\\\/planet4-poland-stateless\\\/2020\\\/01\\\/ddabf5c6-aniameres-340x340.jpg&quot;,&quot;cta_link&quot;:&quot;&quot;,&quot;cta_text&quot;:&quot;&quot;,&quot;link_new_tab&quot;:false,&quot;attachment_srcset&quot;:&quot;https:\\\/\\\/www.greenpeace.org\\\/static\\\/planet4-poland-stateless\\\/2020\\\/01\\\/ddabf5c6-aniameres-340x340.jpg 340w, https:\\\/\\\/www.greenpeace.org\\\/static\\\/planet4-poland-stateless\\\/2020\\\/01\\\/ddabf5c6-aniameres-300x300.jpg 300w, https:\\\/\\\/www.greenpeace.org\\\/static\\\/planet4-poland-stateless\\\/2020\\\/01\\\/ddabf5c6-aniameres-150x150.jpg 150w, https:\\\/\\\/www.greenpeace.org\\\/static\\\/planet4-poland-stateless\\\/2020\\\/01\\\/ddabf5c6-aniameres.jpg 429w&quot;},{&quot;title&quot;:&quot;&quot;,&quot;description&quot;:&quot;&lt;b&gt;Piotr W\\u00f3jcik&lt;\\\/b&gt; &lt;br&gt;Analityk rynku energetycznego&quot;,&quot;attachment&quot;:&quot;https:\\\/\\\/www.greenpeace.org\\\/static\\\/planet4-poland-stateless\\\/2019\\\/11\\\/9c3a180c-piotrwojcik.jpg&quot;,&quot;cta_link&quot;:&quot;&quot;,&quot;cta_text&quot;:&quot;&quot;,&quot;link_new_tab&quot;:false,&quot;attachment_srcset&quot;:false},{&quot;title&quot;:&quot;&quot;,&quot;description&quot;:&quot;&lt;strong&gt;&lt;strong&gt;&lt;b&gt;Anna Ogniewska&lt;\\\/b&gt;&lt;br&gt;&lt;\\\/strong&gt;&lt;\\\/strong&gt;Policy Officer&quot;,&quot;attachment&quot;:&quot;https:\\\/\\\/www.greenpeace.org\\\/static\\\/planet4-poland-stateless\\\/2021\\\/07\\\/5ff0bc5c-aogniewska_bykpacholak042016_male-339x340.jpg&quot;,&quot;cta_link&quot;:&quot;&quot;,&quot;cta_text&quot;:&quot;&quot;,&quot;link_new_tab&quot;:false,&quot;attachment_srcset&quot;:&quot;https:\\\/\\\/www.greenpeace.org\\\/static\\\/planet4-poland-stateless\\\/2021\\\/07\\\/5ff0bc5c-aogniewska_bykpacholak042016_male-339x340.jpg 339w, https:\\\/\\\/www.greenpeace.org\\\/static\\\/planet4-poland-stateless\\\/2021\\\/07\\\/5ff0bc5c-aogniewska_bykpacholak042016_male-300x300.jpg 300w, https:\\\/\\\/www.greenpeace.org\\\/static\\\/planet4-poland-stateless\\\/2021\\\/07\\\/5ff0bc5c-aogniewska_bykpacholak042016_male-150x150.jpg 150w, https:\\\/\\\/www.greenpeace.org\\\/static\\\/planet4-poland-stateless\\\/2021\\\/07\\\/5ff0bc5c-aogniewska_bykpacholak042016_male.jpg 674w&quot;}],&quot;className&quot;:&quot;is-style-image&quot;}}\"><\/div><div data-render=\"planet4-blocks\/columns\" data-attributes=\"{&quot;attributes&quot;:{&quot;columns_block_style&quot;:&quot;image&quot;,&quot;columns&quot;:[{&quot;title&quot;:&quot;&quot;,&quot;description&quot;:&quot;&lt;strong&gt;dr hab. Leszek Pazderski&lt;\\\/strong&gt;, prof. UMK&lt;br&gt;Ekspert ds. polityki ekologicznej&quot;,&quot;attachment&quot;:&quot;https:\\\/\\\/www.greenpeace.org\\\/static\\\/planet4-poland-stateless\\\/2021\\\/07\\\/a757137f-leszek-pazderski-340x340.jpg&quot;,&quot;cta_link&quot;:&quot;&quot;,&quot;cta_text&quot;:&quot;&quot;,&quot;link_new_tab&quot;:false,&quot;attachment_srcset&quot;:&quot;https:\\\/\\\/www.greenpeace.org\\\/static\\\/planet4-poland-stateless\\\/2021\\\/07\\\/a757137f-leszek-pazderski-340x340.jpg 340w, https:\\\/\\\/www.greenpeace.org\\\/static\\\/planet4-poland-stateless\\\/2021\\\/07\\\/a757137f-leszek-pazderski-300x300.jpg 300w, https:\\\/\\\/www.greenpeace.org\\\/static\\\/planet4-poland-stateless\\\/2021\\\/07\\\/a757137f-leszek-pazderski-1024x1024.jpg 1024w, https:\\\/\\\/www.greenpeace.org\\\/static\\\/planet4-poland-stateless\\\/2021\\\/07\\\/a757137f-leszek-pazderski-150x150.jpg 150w, https:\\\/\\\/www.greenpeace.org\\\/static\\\/planet4-poland-stateless\\\/2021\\\/07\\\/a757137f-leszek-pazderski-768x768.jpg 768w, https:\\\/\\\/www.greenpeace.org\\\/static\\\/planet4-poland-stateless\\\/2021\\\/07\\\/a757137f-leszek-pazderski-1536x1536.jpg 1536w, https:\\\/\\\/www.greenpeace.org\\\/static\\\/planet4-poland-stateless\\\/2021\\\/07\\\/a757137f-leszek-pazderski-2048x2048.jpg 2048w, https:\\\/\\\/www.greenpeace.org\\\/static\\\/planet4-poland-stateless\\\/2021\\\/07\\\/a757137f-leszek-pazderski-1366x1366.jpg 1366w&quot;},{&quot;title&quot;:&quot;&quot;,&quot;description&quot;:&quot;&lt;b&gt;&lt;b&gt;&lt;strong&gt;Aleksandra Wikto&lt;\\\/strong&gt;&lt;\\\/b&gt;r&lt;\\\/b&gt;&lt;br&gt;Kampanie przyrodnicze&quot;,&quot;attachment&quot;:&quot;https:\\\/\\\/www.greenpeace.org\\\/static\\\/planet4-poland-stateless\\\/2022\\\/11\\\/bf8099e6-ola-wiktor-340x340.jpg&quot;,&quot;cta_link&quot;:&quot;&quot;,&quot;cta_text&quot;:&quot;&quot;,&quot;link_new_tab&quot;:false,&quot;attachment_srcset&quot;:&quot;https:\\\/\\\/www.greenpeace.org\\\/static\\\/planet4-poland-stateless\\\/2022\\\/11\\\/bf8099e6-ola-wiktor-340x340.jpg 340w, https:\\\/\\\/www.greenpeace.org\\\/static\\\/planet4-poland-stateless\\\/2022\\\/11\\\/bf8099e6-ola-wiktor-500x500.jpg 500w, https:\\\/\\\/www.greenpeace.org\\\/static\\\/planet4-poland-stateless\\\/2022\\\/11\\\/bf8099e6-ola-wiktor-300x300.jpg 300w, https:\\\/\\\/www.greenpeace.org\\\/static\\\/planet4-poland-stateless\\\/2022\\\/11\\\/bf8099e6-ola-wiktor.jpg 671w&quot;},{&quot;title&quot;:&quot;&quot;,&quot;description&quot;:&quot;&lt;b&gt;&lt;strong&gt;&lt;strong&gt;Miko\\u0142aj Gumulski&lt;\\\/strong&gt;&lt;\\\/strong&gt;&lt;\\\/b&gt;&lt;br&gt;Kampanie klimatyczne&quot;,&quot;attachment&quot;:&quot;https:\\\/\\\/www.greenpeace.org\\\/static\\\/planet4-poland-stateless\\\/2023\\\/05\\\/db0c5bf6-mikolaj_gumulski-340x340.jpg&quot;,&quot;cta_link&quot;:&quot;&quot;,&quot;cta_text&quot;:&quot;&quot;,&quot;link_new_tab&quot;:false,&quot;attachment_srcset&quot;:&quot;https:\\\/\\\/www.greenpeace.org\\\/static\\\/planet4-poland-stateless\\\/2023\\\/05\\\/db0c5bf6-mikolaj_gumulski-340x340.jpg 340w, https:\\\/\\\/www.greenpeace.org\\\/static\\\/planet4-poland-stateless\\\/2023\\\/05\\\/db0c5bf6-mikolaj_gumulski-500x500.jpg 500w, https:\\\/\\\/www.greenpeace.org\\\/static\\\/planet4-poland-stateless\\\/2023\\\/05\\\/db0c5bf6-mikolaj_gumulski-300x300.jpg 300w, https:\\\/\\\/www.greenpeace.org\\\/static\\\/planet4-poland-stateless\\\/2023\\\/05\\\/db0c5bf6-mikolaj_gumulski.jpg 699w&quot;},{&quot;title&quot;:&quot; &quot;,&quot;description&quot;:&quot; &quot;,&quot;attachment&quot;:0,&quot;cta_link&quot;:&quot;&quot;,&quot;cta_text&quot;:&quot;&quot;,&quot;link_new_tab&quot;:false}],&quot;className&quot;:&quot;is-style-image&quot;}}\"><\/div><div data-render=\"planet4-blocks\/columns\" data-attributes=\"{&quot;attributes&quot;:{&quot;columns_block_style&quot;:&quot;image&quot;,&quot;columns_title&quot;:&quot;Zesp\\u00f3\\u0142 komunikacyjny&quot;,&quot;columns&quot;:[{&quot;title&quot;:&quot;&quot;,&quot;description&quot;:&quot;&lt;b&gt;Katarzyna Bilewska&lt;\\\/b&gt;&lt;br&gt;Szefowa zespo\\u0142u &lt;br&gt;katarzyna.bilewska@greenpeace.org&quot;,&quot;attachment&quot;:&quot;https:\\\/\\\/www.greenpeace.org\\\/static\\\/planet4-poland-stateless\\\/2021\\\/07\\\/3fa1640f-kasia-rw2-1-340x340.jpg&quot;,&quot;cta_link&quot;:&quot;&quot;,&quot;cta_text&quot;:&quot;&quot;,&quot;link_new_tab&quot;:false,&quot;attachment_srcset&quot;:&quot;https:\\\/\\\/www.greenpeace.org\\\/static\\\/planet4-poland-stateless\\\/2021\\\/07\\\/3fa1640f-kasia-rw2-1-340x340.jpg 340w, https:\\\/\\\/www.greenpeace.org\\\/static\\\/planet4-poland-stateless\\\/2021\\\/07\\\/3fa1640f-kasia-rw2-1-300x300.jpg 300w, https:\\\/\\\/www.greenpeace.org\\\/static\\\/planet4-poland-stateless\\\/2021\\\/07\\\/3fa1640f-kasia-rw2-1-150x150.jpg 150w, https:\\\/\\\/www.greenpeace.org\\\/static\\\/planet4-poland-stateless\\\/2021\\\/07\\\/3fa1640f-kasia-rw2-1-768x768.jpg 768w, https:\\\/\\\/www.greenpeace.org\\\/static\\\/planet4-poland-stateless\\\/2021\\\/07\\\/3fa1640f-kasia-rw2-1.jpg 800w&quot;},{&quot;title&quot;:&quot;&quot;,&quot;description&quot;:&quot;&lt;b&gt;Marek J\\u00f3zefiak&lt;\\\/b&gt; &lt;br&gt;Rzecznik prasowy, ekspert ds. polityki ekologicznej&lt;br&gt;marek.jozefiak@greenpeace.org&quot;,&quot;attachment&quot;:&quot;https:\\\/\\\/www.greenpeace.org\\\/static\\\/planet4-poland-stateless\\\/2023\\\/05\\\/96561922-dsc07118-339x340.jpg&quot;,&quot;cta_link&quot;:&quot;https:\\\/\\\/twitter.com\\\/MarekJozefiak&quot;,&quot;cta_text&quot;:&quot;Twitter: @MarekJozefiak&quot;,&quot;link_new_tab&quot;:true,&quot;attachment_srcset&quot;:&quot;https:\\\/\\\/www.greenpeace.org\\\/static\\\/planet4-poland-stateless\\\/2023\\\/05\\\/96561922-dsc07118-339x340.jpg 339w, https:\\\/\\\/www.greenpeace.org\\\/static\\\/planet4-poland-stateless\\\/2023\\\/05\\\/96561922-dsc07118-498x500.jpg 498w, https:\\\/\\\/www.greenpeace.org\\\/static\\\/planet4-poland-stateless\\\/2023\\\/05\\\/96561922-dsc07118-300x300.jpg 300w, https:\\\/\\\/www.greenpeace.org\\\/static\\\/planet4-poland-stateless\\\/2023\\\/05\\\/96561922-dsc07118-768x771.jpg 768w, https:\\\/\\\/www.greenpeace.org\\\/static\\\/planet4-poland-stateless\\\/2023\\\/05\\\/96561922-dsc07118.jpg 800w&quot;},{&quot;title&quot;:&quot;&quot;,&quot;description&quot;:&quot;&lt;strong&gt;Marcel Andino Velez&lt;br&gt;&lt;\\\/strong&gt;Specjalista ds. relacji z mediami&lt;br&gt;mavelez@greenpeace.org&quot;,&quot;attachment&quot;:&quot;https:\\\/\\\/www.greenpeace.org\\\/static\\\/planet4-poland-stateless\\\/2024\\\/01\\\/e18fff70-marcel_fotmaxzielinski-1-340x340.jpg&quot;,&quot;cta_link&quot;:&quot;&quot;,&quot;cta_text&quot;:&quot;&quot;,&quot;link_new_tab&quot;:false,&quot;attachment_srcset&quot;:&quot;https:\\\/\\\/www.greenpeace.org\\\/static\\\/planet4-poland-stateless\\\/2024\\\/01\\\/e18fff70-marcel_fotmaxzielinski-1-340x340.jpg 340w, https:\\\/\\\/www.greenpeace.org\\\/static\\\/planet4-poland-stateless\\\/2024\\\/01\\\/e18fff70-marcel_fotmaxzielinski-1-500x500.jpg 500w, https:\\\/\\\/www.greenpeace.org\\\/static\\\/planet4-poland-stateless\\\/2024\\\/01\\\/e18fff70-marcel_fotmaxzielinski-1-300x300.jpg 300w, https:\\\/\\\/www.greenpeace.org\\\/static\\\/planet4-poland-stateless\\\/2024\\\/01\\\/e18fff70-marcel_fotmaxzielinski-1.jpg 512w&quot;},{&quot;title&quot;:&quot;&quot;,&quot;description&quot;:&quot;&lt;strong&gt;Ma\\u0142gorzata Lach&lt;\\\/strong&gt;&lt;br&gt;Koordynatorka medi\\u00f3w spo\\u0142eczno\\u015bciowych&quot;,&quot;attachment&quot;:&quot;https:\\\/\\\/www.greenpeace.org\\\/static\\\/planet4-poland-stateless\\\/2022\\\/12\\\/0b4163f1-gosia-lach-360x340.jpg&quot;,&quot;cta_link&quot;:&quot;&quot;,&quot;cta_text&quot;:&quot;&quot;,&quot;link_new_tab&quot;:false,&quot;attachment_srcset&quot;:&quot;https:\\\/\\\/www.greenpeace.org\\\/static\\\/planet4-poland-stateless\\\/2022\\\/12\\\/0b4163f1-gosia-lach-360x340.jpg 360w, https:\\\/\\\/www.greenpeace.org\\\/static\\\/planet4-poland-stateless\\\/2022\\\/12\\\/0b4163f1-gosia-lach-500x473.jpg 500w, https:\\\/\\\/www.greenpeace.org\\\/static\\\/planet4-poland-stateless\\\/2022\\\/12\\\/0b4163f1-gosia-lach.jpg 600w&quot;}],&quot;className&quot;:&quot;is-style-image&quot;}}\"><\/div><div data-render=\"planet4-blocks\/columns\" data-attributes=\"{&quot;attributes&quot;:{&quot;columns_block_style&quot;:&quot;image&quot;,&quot;columns_title&quot;:&quot;&quot;,&quot;columns&quot;:[{&quot;title&quot;:&quot;&quot;,&quot;description&quot;:&quot;&lt;strong&gt;Weronika Per\\u0142owska&lt;\\\/strong&gt;&lt;br&gt;Specjalistka ds. komunikacji online&quot;,&quot;attachment&quot;:&quot;https:\\\/\\\/www.greenpeace.org\\\/static\\\/planet4-poland-stateless\\\/2025\\\/05\\\/ab15bc4c-projekt-bez-nazwy-9-340x340.png&quot;,&quot;cta_link&quot;:&quot;https:\\\/\\\/twitter.com\\\/Kasia_Guzek&quot;,&quot;cta_text&quot;:&quot;&quot;,&quot;link_new_tab&quot;:true,&quot;attachment_srcset&quot;:&quot;https:\\\/\\\/www.greenpeace.org\\\/static\\\/planet4-poland-stateless\\\/2025\\\/05\\\/ab15bc4c-projekt-bez-nazwy-9-340x340.png 340w, https:\\\/\\\/www.greenpeace.org\\\/static\\\/planet4-poland-stateless\\\/2025\\\/05\\\/ab15bc4c-projekt-bez-nazwy-9-500x500.png 500w, https:\\\/\\\/www.greenpeace.org\\\/static\\\/planet4-poland-stateless\\\/2025\\\/05\\\/ab15bc4c-projekt-bez-nazwy-9-300x300.png 300w, https:\\\/\\\/www.greenpeace.org\\\/static\\\/planet4-poland-stateless\\\/2025\\\/05\\\/ab15bc4c-projekt-bez-nazwy-9.png 600w&quot;},{&quot;title&quot;:&quot;  &quot;,&quot;description&quot;:&quot; &quot;,&quot;attachment&quot;:0,&quot;cta_link&quot;:&quot;https:\\\/\\\/twitter.com\\\/MarekJozefiak&quot;,&quot;cta_text&quot;:&quot;&quot;,&quot;link_new_tab&quot;:true},{&quot;title&quot;:&quot; &quot;,&quot;description&quot;:&quot;  &quot;,&quot;attachment&quot;:0,&quot;cta_link&quot;:&quot;https:\\\/\\\/twitter.com\\\/MartGregorczyk&quot;,&quot;cta_text&quot;:&quot;&quot;,&quot;link_new_tab&quot;:true},{&quot;title&quot;:&quot; &quot;,&quot;description&quot;:&quot;  &quot;,&quot;attachment&quot;:0,&quot;cta_link&quot;:&quot;&quot;,&quot;cta_text&quot;:&quot;&quot;,&quot;link_new_tab&quot;:false}],&quot;className&quot;:&quot;is-style-image&quot;}}\"><\/div><div data-render=\"planet4-blocks\/columns\" data-attributes=\"{&quot;attributes&quot;:{&quot;columns_block_style&quot;:&quot;image&quot;,&quot;columns_title&quot;:&quot;Zesp\\u00f3\\u0142 mobilizacji online&quot;,&quot;columns&quot;:[{&quot;title&quot;:&quot;&quot;,&quot;description&quot;:&quot;&lt;b&gt;Marianna Hoszowska&lt;\\\/b&gt; &lt;br&gt;Koordynatorka zespo\\u0142u&quot;,&quot;attachment&quot;:&quot;https:\\\/\\\/www.greenpeace.org\\\/static\\\/planet4-poland-stateless\\\/2023\\\/06\\\/b578cdf8-20230619_204943-340x340.jpg&quot;,&quot;cta_link&quot;:&quot;&quot;,&quot;cta_text&quot;:&quot;&quot;,&quot;link_new_tab&quot;:false,&quot;attachment_srcset&quot;:&quot;https:\\\/\\\/www.greenpeace.org\\\/static\\\/planet4-poland-stateless\\\/2023\\\/06\\\/b578cdf8-20230619_204943-340x340.jpg 340w, https:\\\/\\\/www.greenpeace.org\\\/static\\\/planet4-poland-stateless\\\/2023\\\/06\\\/b578cdf8-20230619_204943-500x500.jpg 500w, https:\\\/\\\/www.greenpeace.org\\\/static\\\/planet4-poland-stateless\\\/2023\\\/06\\\/b578cdf8-20230619_204943-1024x1024.jpg 1024w, https:\\\/\\\/www.greenpeace.org\\\/static\\\/planet4-poland-stateless\\\/2023\\\/06\\\/b578cdf8-20230619_204943-300x300.jpg 300w, https:\\\/\\\/www.greenpeace.org\\\/static\\\/planet4-poland-stateless\\\/2023\\\/06\\\/b578cdf8-20230619_204943-768x768.jpg 768w, https:\\\/\\\/www.greenpeace.org\\\/static\\\/planet4-poland-stateless\\\/2023\\\/06\\\/b578cdf8-20230619_204943-1536x1536.jpg 1536w, https:\\\/\\\/www.greenpeace.org\\\/static\\\/planet4-poland-stateless\\\/2023\\\/06\\\/b578cdf8-20230619_204943-1366x1366.jpg 1366w, https:\\\/\\\/www.greenpeace.org\\\/static\\\/planet4-poland-stateless\\\/2023\\\/06\\\/b578cdf8-20230619_204943.jpg 1980w&quot;},{&quot;title&quot;:&quot;&quot;,&quot;description&quot;:&quot;&lt;strong&gt;&lt;b&gt;Marta Pali\\u0144ska &lt;\\\/b&gt;&lt;\\\/strong&gt;&lt;br&gt;Kampanierka Cyfrowa ds. Projekt\\u00f3w FR&quot;,&quot;attachment&quot;:&quot;https:\\\/\\\/www.greenpeace.org\\\/static\\\/planet4-poland-stateless\\\/2025\\\/05\\\/77aebf57-projekt-bez-nazwy-10-340x340.png&quot;,&quot;cta_link&quot;:&quot;&quot;,&quot;cta_text&quot;:&quot;&quot;,&quot;link_new_tab&quot;:false,&quot;attachment_srcset&quot;:&quot;https:\\\/\\\/www.greenpeace.org\\\/static\\\/planet4-poland-stateless\\\/2025\\\/05\\\/77aebf57-projekt-bez-nazwy-10-340x340.png 340w, https:\\\/\\\/www.greenpeace.org\\\/static\\\/planet4-poland-stateless\\\/2025\\\/05\\\/77aebf57-projekt-bez-nazwy-10-500x500.png 500w, https:\\\/\\\/www.greenpeace.org\\\/static\\\/planet4-poland-stateless\\\/2025\\\/05\\\/77aebf57-projekt-bez-nazwy-10-300x300.png 300w, https:\\\/\\\/www.greenpeace.org\\\/static\\\/planet4-poland-stateless\\\/2025\\\/05\\\/77aebf57-projekt-bez-nazwy-10.png 600w&quot;},{&quot;title&quot;:&quot;&quot;,&quot;description&quot;:&quot;&lt;strong&gt;&lt;strong&gt;Nadia Wysoki\\u0144ska-Kowalczyk&lt;\\\/strong&gt;&lt;br&gt;&lt;\\\/strong&gt;Kampanierka Cyfrowa ds. Projekt\\u00f3w FR&quot;,&quot;attachment&quot;:&quot;https:\\\/\\\/www.greenpeace.org\\\/static\\\/planet4-poland-stateless\\\/2025\\\/06\\\/8d95715a-nadia-wysokinska-342x340.jpg&quot;,&quot;cta_link&quot;:&quot;&quot;,&quot;cta_text&quot;:&quot;&quot;,&quot;link_new_tab&quot;:false,&quot;attachment_srcset&quot;:&quot;https:\\\/\\\/www.greenpeace.org\\\/static\\\/planet4-poland-stateless\\\/2025\\\/06\\\/8d95715a-nadia-wysokinska-342x340.jpg 342w, https:\\\/\\\/www.greenpeace.org\\\/static\\\/planet4-poland-stateless\\\/2025\\\/06\\\/8d95715a-nadia-wysokinska.jpg 425w&quot;},{&quot;title&quot;:&quot;&quot;,&quot;description&quot;:&quot; &quot;,&quot;attachment&quot;:0,&quot;cta_link&quot;:&quot;&quot;,&quot;cta_text&quot;:&quot;&quot;,&quot;link_new_tab&quot;:false}],&quot;className&quot;:&quot;is-style-image&quot;}}\"><\/div><div data-render=\"planet4-blocks\/columns\" data-attributes=\"{&quot;attributes&quot;:{&quot;columns_block_style&quot;:&quot;image&quot;,&quot;columns_title&quot;:&quot;Zesp\\u00f3\\u0142 rozwoju aktywizmu i wolontariatu&quot;,&quot;columns&quot;:[{&quot;title&quot;:&quot;&quot;,&quot;description&quot;:&quot;&lt;strong&gt;Magda Figura&lt;br&gt;&lt;\\\/strong&gt;Koordynatorka zespo\\u0142u&quot;,&quot;attachment&quot;:&quot;https:\\\/\\\/www.greenpeace.org\\\/static\\\/planet4-poland-stateless\\\/2022\\\/12\\\/c54c6ea1-magda_figur-339x340.jpg&quot;,&quot;attachment_srcset&quot;:&quot;https:\\\/\\\/www.greenpeace.org\\\/static\\\/planet4-poland-stateless\\\/2022\\\/12\\\/c54c6ea1-magda_figur-339x340.jpg 339w, https:\\\/\\\/www.greenpeace.org\\\/static\\\/planet4-poland-stateless\\\/2022\\\/12\\\/c54c6ea1-magda_figur-500x500.jpg 500w, https:\\\/\\\/www.greenpeace.org\\\/static\\\/planet4-poland-stateless\\\/2022\\\/12\\\/c54c6ea1-magda_figur-1022x1024.jpg 1022w, https:\\\/\\\/www.greenpeace.org\\\/static\\\/planet4-poland-stateless\\\/2022\\\/12\\\/c54c6ea1-magda_figur-300x300.jpg 300w, https:\\\/\\\/www.greenpeace.org\\\/static\\\/planet4-poland-stateless\\\/2022\\\/12\\\/c54c6ea1-magda_figur-768x769.jpg 768w, https:\\\/\\\/www.greenpeace.org\\\/static\\\/planet4-poland-stateless\\\/2022\\\/12\\\/c54c6ea1-magda_figur.jpg 1195w&quot;},{&quot;description&quot;:&quot;&lt;strong&gt;Marta Sobieska&lt;\\\/strong&gt;&lt;br&gt;Koordynatorka wolontariatu&quot;,&quot;attachment&quot;:&quot;https:\\\/\\\/www.greenpeace.org\\\/static\\\/planet4-poland-stateless\\\/2020\\\/02\\\/ff8ccf2e-marta_sobieska.jpg&quot;,&quot;attachment_srcset&quot;:&quot;https:\\\/\\\/www.greenpeace.org\\\/static\\\/planet4-poland-stateless\\\/2020\\\/02\\\/ff8ccf2e-marta_sobieska.jpg 200w, https:\\\/\\\/www.greenpeace.org\\\/static\\\/planet4-poland-stateless\\\/2020\\\/02\\\/ff8ccf2e-marta_sobieska-150x150.jpg 150w&quot;},{&quot;description&quot;:&quot;&lt;strong&gt;Julia Szlosowska&lt;\\\/strong&gt;&lt;br&gt;Koordynatorka wolontariatu&quot;,&quot;attachment&quot;:&quot;https:\\\/\\\/www.greenpeace.org\\\/static\\\/planet4-poland-stateless\\\/2022\\\/11\\\/02465702-julia-szlosowska-340x340.jpg&quot;,&quot;attachment_srcset&quot;:&quot;https:\\\/\\\/www.greenpeace.org\\\/static\\\/planet4-poland-stateless\\\/2022\\\/11\\\/02465702-julia-szlosowska-340x340.jpg 340w, https:\\\/\\\/www.greenpeace.org\\\/static\\\/planet4-poland-stateless\\\/2022\\\/11\\\/02465702-julia-szlosowska-500x500.jpg 500w, https:\\\/\\\/www.greenpeace.org\\\/static\\\/planet4-poland-stateless\\\/2022\\\/11\\\/02465702-julia-szlosowska-300x300.jpg 300w, https:\\\/\\\/www.greenpeace.org\\\/static\\\/planet4-poland-stateless\\\/2022\\\/11\\\/02465702-julia-szlosowska-768x768.jpg 768w, https:\\\/\\\/www.greenpeace.org\\\/static\\\/planet4-poland-stateless\\\/2022\\\/11\\\/02465702-julia-szlosowska.jpg 1000w&quot;},{&quot;title&quot;:&quot; &quot;,&quot;description&quot;:&quot;  &quot;,&quot;attachment&quot;:0,&quot;cta_link&quot;:&quot;&quot;,&quot;cta_text&quot;:&quot;&quot;,&quot;link_new_tab&quot;:false}],&quot;className&quot;:&quot;is-style-image&quot;}}\"><\/div><div data-render=\"planet4-blocks\/columns\" data-attributes=\"{&quot;attributes&quot;:{&quot;columns_block_style&quot;:&quot;image&quot;,&quot;columns_title&quot;:&quot;Zesp\\u00f3\\u0142 People &amp;amp; Culture&quot;,&quot;columns&quot;:[{&quot;title&quot;:&quot;&quot;,&quot;description&quot;:&quot;&lt;strong&gt;Agnieszka Tober-Buszman&lt;\\\/strong&gt;&lt;br&gt;Koordynatorka zespo\\u0142u&quot;,&quot;attachment&quot;:&quot;https:\\\/\\\/www.greenpeace.org\\\/static\\\/planet4-poland-stateless\\\/2025\\\/01\\\/e0c012ba-fotka_atb-282x340.jpg&quot;,&quot;attachment_srcset&quot;:&quot;https:\\\/\\\/www.greenpeace.org\\\/static\\\/planet4-poland-stateless\\\/2025\\\/01\\\/e0c012ba-fotka_atb-282x340.jpg 282w, https:\\\/\\\/www.greenpeace.org\\\/static\\\/planet4-poland-stateless\\\/2025\\\/01\\\/e0c012ba-fotka_atb-415x500.jpg 415w, https:\\\/\\\/www.greenpeace.org\\\/static\\\/planet4-poland-stateless\\\/2025\\\/01\\\/e0c012ba-fotka_atb-850x1024.jpg 850w, https:\\\/\\\/www.greenpeace.org\\\/static\\\/planet4-poland-stateless\\\/2025\\\/01\\\/e0c012ba-fotka_atb-768x926.jpg 768w, https:\\\/\\\/www.greenpeace.org\\\/static\\\/planet4-poland-stateless\\\/2025\\\/01\\\/e0c012ba-fotka_atb-1275x1536.jpg 1275w, https:\\\/\\\/www.greenpeace.org\\\/static\\\/planet4-poland-stateless\\\/2025\\\/01\\\/e0c012ba-fotka_atb-1699x2048.jpg 1699w, https:\\\/\\\/www.greenpeace.org\\\/static\\\/planet4-poland-stateless\\\/2025\\\/01\\\/e0c012ba-fotka_atb-1133x1366.jpg 1133w&quot;},{&quot;description&quot;:&quot;&lt;strong&gt;Olga Czerwonik&lt;\\\/strong&gt;&lt;br&gt;Community builder&quot;,&quot;attachment&quot;:&quot;https:\\\/\\\/www.greenpeace.org\\\/static\\\/planet4-poland-stateless\\\/2023\\\/06\\\/55de061c-olga-czerwonik-340x340.jpg&quot;,&quot;attachment_srcset&quot;:&quot;https:\\\/\\\/www.greenpeace.org\\\/static\\\/planet4-poland-stateless\\\/2023\\\/06\\\/55de061c-olga-czerwonik-340x340.jpg 340w, https:\\\/\\\/www.greenpeace.org\\\/static\\\/planet4-poland-stateless\\\/2023\\\/06\\\/55de061c-olga-czerwonik-500x500.jpg 500w, https:\\\/\\\/www.greenpeace.org\\\/static\\\/planet4-poland-stateless\\\/2023\\\/06\\\/55de061c-olga-czerwonik-300x300.jpg 300w, https:\\\/\\\/www.greenpeace.org\\\/static\\\/planet4-poland-stateless\\\/2023\\\/06\\\/55de061c-olga-czerwonik-768x768.jpg 768w, https:\\\/\\\/www.greenpeace.org\\\/static\\\/planet4-poland-stateless\\\/2023\\\/06\\\/55de061c-olga-czerwonik.jpg 928w&quot;},{&quot;description&quot;:&quot;&lt;strong&gt; &lt;\\\/strong&gt;&quot;,&quot;attachment&quot;:0,&quot;title&quot;:&quot; &quot;},{&quot;title&quot;:&quot; &quot;,&quot;description&quot;:&quot; &quot;,&quot;attachment&quot;:0,&quot;cta_link&quot;:&quot;&quot;,&quot;cta_text&quot;:&quot;&quot;,&quot;link_new_tab&quot;:false}],&quot;className&quot;:&quot;is-style-image&quot;}}\"><\/div><div data-render=\"planet4-blocks\/columns\" data-attributes=\"{&quot;attributes&quot;:{&quot;columns_block_style&quot;:&quot;image&quot;,&quot;columns_title&quot;:&quot;Zesp\\u00f3\\u0142 fundraisingu i opieki nad Darczy\\u0144cami&quot;,&quot;columns&quot;:[{&quot;title&quot;:&quot;&quot;,&quot;description&quot;:&quot;&lt;b&gt;Anna R\\u0105czkowska&lt;\\\/b&gt; &lt;br&gt;Kierowniczka Dzia\\u0142u Opieki nad Darczy\\u0144cami&lt;br&gt;spl@greenpeace.org&quot;,&quot;attachment&quot;:&quot;https:\\\/\\\/www.greenpeace.org\\\/static\\\/planet4-poland-stateless\\\/2023\\\/05\\\/f2b8dc32-ania-raczkowska02-341x340.jpg&quot;,&quot;cta_link&quot;:&quot;&quot;,&quot;cta_text&quot;:&quot;&quot;,&quot;link_new_tab&quot;:false,&quot;attachment_srcset&quot;:&quot;https:\\\/\\\/www.greenpeace.org\\\/static\\\/planet4-poland-stateless\\\/2023\\\/05\\\/f2b8dc32-ania-raczkowska02-341x340.jpg 341w, https:\\\/\\\/www.greenpeace.org\\\/static\\\/planet4-poland-stateless\\\/2023\\\/05\\\/f2b8dc32-ania-raczkowska02-500x500.jpg 500w, https:\\\/\\\/www.greenpeace.org\\\/static\\\/planet4-poland-stateless\\\/2023\\\/05\\\/f2b8dc32-ania-raczkowska02-300x300.jpg 300w, https:\\\/\\\/www.greenpeace.org\\\/static\\\/planet4-poland-stateless\\\/2023\\\/05\\\/f2b8dc32-ania-raczkowska02-768x766.jpg 768w, https:\\\/\\\/www.greenpeace.org\\\/static\\\/planet4-poland-stateless\\\/2023\\\/05\\\/f2b8dc32-ania-raczkowska02.jpg 800w&quot;},{&quot;title&quot;:&quot;&quot;,&quot;description&quot;:&quot;&lt;b&gt;Olga Chojka&lt;\\\/b&gt; &lt;br&gt;Starsza Specjalistka ds. kontaktu z Darczy\\u0144cami&lt;br&gt;spl@greenpeace.org&quot;,&quot;attachment&quot;:&quot;https:\\\/\\\/www.greenpeace.org\\\/static\\\/planet4-poland-stateless\\\/2026\\\/03\\\/938fca20-olga-chojka-340x340.png&quot;,&quot;cta_link&quot;:&quot;&quot;,&quot;cta_text&quot;:&quot;&quot;,&quot;link_new_tab&quot;:false,&quot;attachment_srcset&quot;:&quot;https:\\\/\\\/www.greenpeace.org\\\/static\\\/planet4-poland-stateless\\\/2026\\\/03\\\/938fca20-olga-chojka-340x340.png 340w, https:\\\/\\\/www.greenpeace.org\\\/static\\\/planet4-poland-stateless\\\/2026\\\/03\\\/938fca20-olga-chojka-500x500.png 500w, https:\\\/\\\/www.greenpeace.org\\\/static\\\/planet4-poland-stateless\\\/2026\\\/03\\\/938fca20-olga-chojka-300x300.png 300w, https:\\\/\\\/www.greenpeace.org\\\/static\\\/planet4-poland-stateless\\\/2026\\\/03\\\/938fca20-olga-chojka.png 600w&quot;},{&quot;title&quot;:&quot;&quot;,&quot;description&quot;:&quot;&lt;b&gt;Mariusz Onuch&lt;\\\/b&gt; &lt;br&gt;Szef Dzia\\u0142u Fundraisingu&quot;,&quot;attachment&quot;:&quot;https:\\\/\\\/www.greenpeace.org\\\/static\\\/planet4-poland-stateless\\\/2025\\\/10\\\/d4c1e7a7-mariusz-onuch-349x340.jpg&quot;,&quot;cta_link&quot;:&quot;&quot;,&quot;cta_text&quot;:&quot;&quot;,&quot;link_new_tab&quot;:false,&quot;attachment_srcset&quot;:&quot;https:\\\/\\\/www.greenpeace.org\\\/static\\\/planet4-poland-stateless\\\/2025\\\/10\\\/d4c1e7a7-mariusz-onuch-349x340.jpg 349w, https:\\\/\\\/www.greenpeace.org\\\/static\\\/planet4-poland-stateless\\\/2025\\\/10\\\/d4c1e7a7-mariusz-onuch-500x486.jpg 500w, https:\\\/\\\/www.greenpeace.org\\\/static\\\/planet4-poland-stateless\\\/2025\\\/10\\\/d4c1e7a7-mariusz-onuch.jpg 628w&quot;},{&quot;title&quot;:&quot;&quot;,&quot;description&quot;:&quot;&lt;b&gt;Monika Charmuszko&lt;\\\/b&gt; &lt;br&gt;Liderka ds. Administracji i Wydarze\\u0144&quot;,&quot;attachment&quot;:&quot;https:\\\/\\\/www.greenpeace.org\\\/static\\\/planet4-poland-stateless\\\/2025\\\/03\\\/0fa4314f-monika-charmuszko.jpg&quot;,&quot;cta_link&quot;:&quot;&quot;,&quot;cta_text&quot;:&quot;&quot;,&quot;link_new_tab&quot;:false,&quot;attachment_srcset&quot;:false}],&quot;className&quot;:&quot;is-style-image&quot;}}\"><\/div><div data-render=\"planet4-blocks\/columns\" data-attributes=\"{&quot;attributes&quot;:{&quot;columns_block_style&quot;:&quot;image&quot;,&quot;columns&quot;:[{&quot;title&quot;:&quot;&quot;,&quot;description&quot;:&quot;&lt;b&gt;Aleksandra Najberek&lt;\\\/b&gt; &lt;br&gt;Koordynatorka fundraisingu Direct Dialogue&quot;,&quot;attachment&quot;:&quot;https:\\\/\\\/www.greenpeace.org\\\/static\\\/planet4-poland-stateless\\\/2021\\\/07\\\/6ba3bfb3-ola-najberek-340x340.jpg&quot;,&quot;cta_link&quot;:&quot;&quot;,&quot;cta_text&quot;:&quot;&quot;,&quot;link_new_tab&quot;:false,&quot;attachment_srcset&quot;:&quot;https:\\\/\\\/www.greenpeace.org\\\/static\\\/planet4-poland-stateless\\\/2021\\\/07\\\/6ba3bfb3-ola-najberek-340x340.jpg 340w, https:\\\/\\\/www.greenpeace.org\\\/static\\\/planet4-poland-stateless\\\/2021\\\/07\\\/6ba3bfb3-ola-najberek-300x300.jpg 300w, https:\\\/\\\/www.greenpeace.org\\\/static\\\/planet4-poland-stateless\\\/2021\\\/07\\\/6ba3bfb3-ola-najberek-150x150.jpg 150w, https:\\\/\\\/www.greenpeace.org\\\/static\\\/planet4-poland-stateless\\\/2021\\\/07\\\/6ba3bfb3-ola-najberek-768x767.jpg 768w, https:\\\/\\\/www.greenpeace.org\\\/static\\\/planet4-poland-stateless\\\/2021\\\/07\\\/6ba3bfb3-ola-najberek.jpg 984w&quot;},{&quot;title&quot;:&quot;&quot;,&quot;description&quot;:&quot;&lt;b&gt;&lt;strong&gt;&lt;b&gt;&lt;b&gt;Pawe\\u0142 Kasprzyk&lt;\\\/b&gt;&lt;\\\/b&gt;&lt;\\\/strong&gt;&lt;\\\/b&gt;&lt;br&gt;Koordynator regionalny&quot;,&quot;attachment&quot;:&quot;https:\\\/\\\/www.greenpeace.org\\\/static\\\/planet4-poland-stateless\\\/2025\\\/06\\\/7cddc87a-pawel_kasprzyk-340x340.jpg&quot;,&quot;cta_link&quot;:&quot;&quot;,&quot;cta_text&quot;:&quot;&quot;,&quot;link_new_tab&quot;:false,&quot;attachment_srcset&quot;:&quot;https:\\\/\\\/www.greenpeace.org\\\/static\\\/planet4-poland-stateless\\\/2025\\\/06\\\/7cddc87a-pawel_kasprzyk-340x340.jpg 340w, https:\\\/\\\/www.greenpeace.org\\\/static\\\/planet4-poland-stateless\\\/2025\\\/06\\\/7cddc87a-pawel_kasprzyk-500x500.jpg 500w, https:\\\/\\\/www.greenpeace.org\\\/static\\\/planet4-poland-stateless\\\/2025\\\/06\\\/7cddc87a-pawel_kasprzyk-300x300.jpg 300w, https:\\\/\\\/www.greenpeace.org\\\/static\\\/planet4-poland-stateless\\\/2025\\\/06\\\/7cddc87a-pawel_kasprzyk.jpg 600w&quot;},{&quot;title&quot;:&quot;&quot;,&quot;description&quot;:&quot;&lt;b&gt;\\u0141ukasz Kolarz&lt;\\\/b&gt; &lt;br&gt;Koordynator zespo\\u0142u w Krakowie&quot;,&quot;attachment&quot;:&quot;https:\\\/\\\/www.greenpeace.org\\\/static\\\/planet4-poland-stateless\\\/2914ee91-lukaszk-340x340.jpg&quot;,&quot;cta_link&quot;:&quot;&quot;,&quot;cta_text&quot;:&quot;&quot;,&quot;link_new_tab&quot;:false,&quot;attachment_srcset&quot;:false},{&quot;title&quot;:&quot;&quot;,&quot;description&quot;:&quot;&lt;strong&gt;Edyta Juras&lt;\\\/strong&gt;&lt;br&gt;Koordynatorka zespo\\u0142u w Katowicach&quot;,&quot;attachment&quot;:&quot;https:\\\/\\\/www.greenpeace.org\\\/static\\\/planet4-poland-stateless\\\/2025\\\/01\\\/e44cd0ed-edyta-n-341x340.jpg&quot;,&quot;cta_link&quot;:&quot;&quot;,&quot;cta_text&quot;:&quot;&quot;,&quot;link_new_tab&quot;:false,&quot;attachment_srcset&quot;:&quot;https:\\\/\\\/www.greenpeace.org\\\/static\\\/planet4-poland-stateless\\\/2025\\\/01\\\/e44cd0ed-edyta-n-341x340.jpg 341w, https:\\\/\\\/www.greenpeace.org\\\/static\\\/planet4-poland-stateless\\\/2025\\\/01\\\/e44cd0ed-edyta-n-500x500.jpg 500w, https:\\\/\\\/www.greenpeace.org\\\/static\\\/planet4-poland-stateless\\\/2025\\\/01\\\/e44cd0ed-edyta-n-1024x1021.jpg 1024w, https:\\\/\\\/www.greenpeace.org\\\/static\\\/planet4-poland-stateless\\\/2025\\\/01\\\/e44cd0ed-edyta-n-300x300.jpg 300w, https:\\\/\\\/www.greenpeace.org\\\/static\\\/planet4-poland-stateless\\\/2025\\\/01\\\/e44cd0ed-edyta-n-768x766.jpg 768w, https:\\\/\\\/www.greenpeace.org\\\/static\\\/planet4-poland-stateless\\\/2025\\\/01\\\/e44cd0ed-edyta-n-400x400.jpg 400w, https:\\\/\\\/www.greenpeace.org\\\/static\\\/planet4-poland-stateless\\\/2025\\\/01\\\/e44cd0ed-edyta-n-600x600.jpg 600w, https:\\\/\\\/www.greenpeace.org\\\/static\\\/planet4-poland-stateless\\\/2025\\\/01\\\/e44cd0ed-edyta-n.jpg 1106w&quot;}],&quot;className&quot;:&quot;is-style-image&quot;}}\"><\/div><div data-render=\"planet4-blocks\/columns\" data-attributes=\"{&quot;attributes&quot;:{&quot;columns_block_style&quot;:&quot;image&quot;,&quot;columns&quot;:[{&quot;title&quot;:&quot;&quot;,&quot;description&quot;:&quot;&lt;strong&gt;Marek Kasprzyk&lt;\\\/strong&gt;&lt;br&gt;Koordynator zespo\\u0142u w Poznaniu&quot;,&quot;attachment&quot;:&quot;https:\\\/\\\/www.greenpeace.org\\\/static\\\/planet4-poland-stateless\\\/2025\\\/12\\\/8b060ac8-marek_kasprzyk-340x340.jpeg&quot;,&quot;cta_link&quot;:&quot;&quot;,&quot;cta_text&quot;:&quot;&quot;,&quot;link_new_tab&quot;:false,&quot;attachment_srcset&quot;:&quot;https:\\\/\\\/www.greenpeace.org\\\/static\\\/planet4-poland-stateless\\\/2025\\\/12\\\/8b060ac8-marek_kasprzyk-340x340.jpeg 340w, https:\\\/\\\/www.greenpeace.org\\\/static\\\/planet4-poland-stateless\\\/2025\\\/12\\\/8b060ac8-marek_kasprzyk-500x500.jpeg 500w, https:\\\/\\\/www.greenpeace.org\\\/static\\\/planet4-poland-stateless\\\/2025\\\/12\\\/8b060ac8-marek_kasprzyk-300x300.jpeg 300w, https:\\\/\\\/www.greenpeace.org\\\/static\\\/planet4-poland-stateless\\\/2025\\\/12\\\/8b060ac8-marek_kasprzyk-768x768.jpeg 768w, https:\\\/\\\/www.greenpeace.org\\\/static\\\/planet4-poland-stateless\\\/2025\\\/12\\\/8b060ac8-marek_kasprzyk.jpeg 1000w&quot;},{&quot;title&quot;:&quot;&quot;,&quot;description&quot;:&quot;&lt;strong&gt;Lidia Sobczy\\u0144ska&lt;\\\/strong&gt;&lt;br&gt;Koordynatorka zespo\\u0142u w Warszawie&quot;,&quot;attachment&quot;:&quot;https:\\\/\\\/www.greenpeace.org\\\/static\\\/planet4-poland-stateless\\\/2023\\\/01\\\/2ec2ca96-lidia-sobczynska-339x340.jpg&quot;,&quot;cta_link&quot;:&quot;&quot;,&quot;cta_text&quot;:&quot;&quot;,&quot;link_new_tab&quot;:false,&quot;attachment_srcset&quot;:&quot;https:\\\/\\\/www.greenpeace.org\\\/static\\\/planet4-poland-stateless\\\/2023\\\/01\\\/2ec2ca96-lidia-sobczynska-339x340.jpg 339w, https:\\\/\\\/www.greenpeace.org\\\/static\\\/planet4-poland-stateless\\\/2023\\\/01\\\/2ec2ca96-lidia-sobczynska-500x500.jpg 500w, https:\\\/\\\/www.greenpeace.org\\\/static\\\/planet4-poland-stateless\\\/2023\\\/01\\\/2ec2ca96-lidia-sobczynska-300x300.jpg 300w, https:\\\/\\\/www.greenpeace.org\\\/static\\\/planet4-poland-stateless\\\/2023\\\/01\\\/2ec2ca96-lidia-sobczynska-768x770.jpg 768w, https:\\\/\\\/www.greenpeace.org\\\/static\\\/planet4-poland-stateless\\\/2023\\\/01\\\/2ec2ca96-lidia-sobczynska.jpg 791w&quot;},{&quot;title&quot;:&quot;&quot;,&quot;description&quot;:&quot; &quot;,&quot;attachment&quot;:0,&quot;cta_link&quot;:&quot;&quot;,&quot;cta_text&quot;:&quot;&quot;,&quot;link_new_tab&quot;:false},{&quot;title&quot;:&quot; &quot;,&quot;description&quot;:&quot; &quot;,&quot;attachment&quot;:0,&quot;cta_link&quot;:&quot;&quot;,&quot;cta_text&quot;:&quot;&quot;,&quot;link_new_tab&quot;:false}],&quot;className&quot;:&quot;is-style-image&quot;}}\"><\/div>\n<div class=\"wp-block-group has-green-400-background-color has-background is-vertical is-content-justification-center is-layout-flex wp-container-core-group-is-layout-a26f84c3 wp-block-group-is-layout-flex\" style=\"padding-top:var(--wp--preset--spacing--30);padding-right:var(--wp--preset--spacing--30);padding-bottom:var(--wp--preset--spacing--30);padding-left:var(--wp--preset--spacing--30)\">\n<h3 class=\"wp-block-heading has-text-align-center has-yellow-background-color has-background\" id=\"block-dec09d5a-bb70-45f8-a9a4-187a343eabbd\">Sprawd\u017a, czy spotkana przez Ciebie osoba to nasz(a) fundraiser(ka)<\/h3>\n\n\n\n<p class=\"has-text-align-center\">Je\u015bli nie masz pewno\u015bci, czy spotkana przez Ciebie na ulicy osoba to nasz fundraiser lub fundraiserk\u0119 i chcesz sprawdzi\u0107, czy naprawd\u0119 dla nas pracuje, tutaj mo\u017cesz to sprawdzi\u0107. <\/p>\n\n\n\n<p class=\"has-text-align-center\">Wprowad\u017a w polu poni\u017cej numer identyfikatora, kt\u00f3ry taka osoba jest zobowi\u0105zana mie\u0107 zawsze w widocznym miejscu i kliknij &#8222;Sprawd\u017a&#8221;:<\/p>\n\n\n\n<form action=\"https:\/\/wspieram.greenpeace.pl\/weryfikuj\" method=\"get\">\n\n  <input id=\"fundraiser\" value=\"\" name=\"fundraiser\">\n\n<button type=\"submit\">Sprawd\u017a<\/button>\n<\/form>\n<\/div>\n\n<p><\/p>\n\n<h4 class=\"wp-block-heading has-grey-900-color has-text-color\">Zarz\u0105d Fundacji<\/h4>\n\n<p>Robert Cyglicki<br>Iwo \u0141o\u015b<\/p>\n\n<h4 class=\"wp-block-heading\">Rada Fundacji<\/h4>\n\n<p>prof. dr hab. Ewa Bi\u0144czyk<br>Natalia Gozak<br>Sara Heltai<\/p>\n","protected":false},"excerpt":{"rendered":"<p>Poznaj nasz zesp\u00f3\u0142 Greenpeace w Polsce tworzy ponad 200 os\u00f3b &#8211; pracowniczek i pracownik\u00f3w, aktywistek i aktywist\u00f3w, fundraiserek i fundraiser\u00f3w &#8211; a tak\u017ce tysi\u0105ce os\u00f3b z ca\u0142ej Polski, wspieraj\u0105cych nasz\u0105 dzia\u0142alno\u015b\u0107. Oto cz\u0119\u015b\u0107 naszego zespo\u0142u: Sprawd\u017a, czy spotkana przez Ciebie osoba to nasz(a) fundraiser(ka) Je\u015bli nie masz pewno\u015bci, czy spotkana przez Ciebie na ulicy osoba [&hellip;]<\/p>\n","protected":false},"author":25,"featured_media":343,"parent":234,"menu_order":0,"comment_status":"closed","ping_status":"closed","template":"","meta":{"ep_exclude_from_search":false,"p4_hide_page_title_checkbox":"on","p4_title":"","p4_subtitle":"","p4_description":"","background_image_id":"","background_image":"","p4_button_title":"","p4_button_link":"","p4_button_link_checkbox":"","p4_og_title":"","p4_og_description":"","p4_og_image":"","p4_og_image_id":"","p4_seo_canonical_url":"","p4_campaign_name":"not set","p4_local_project":"not set","p4_basket_name":"not set","p4_department":"","footnotes":""},"categories":[33],"tags":[13],"class_list":["post-2844","page","type-page","status-publish","has-post-thumbnail","hentry","category-greenpeace","tag-o-nas"],"_links":{"self":[{"href":"https:\/\/www.greenpeace.org\/poland\/wp-json\/wp\/v2\/pages\/2844","targetHints":{"allow":["GET"]}}],"collection":[{"href":"https:\/\/www.greenpeace.org\/poland\/wp-json\/wp\/v2\/pages"}],"about":[{"href":"https:\/\/www.greenpeace.org\/poland\/wp-json\/wp\/v2\/types\/page"}],"author":[{"embeddable":true,"href":"https:\/\/www.greenpeace.org\/poland\/wp-json\/wp\/v2\/users\/25"}],"replies":[{"embeddable":true,"href":"https:\/\/www.greenpeace.org\/poland\/wp-json\/wp\/v2\/comments?post=2844"}],"version-history":[{"count":20,"href":"https:\/\/www.greenpeace.org\/poland\/wp-json\/wp\/v2\/pages\/2844\/revisions"}],"predecessor-version":[{"id":39941,"href":"https:\/\/www.greenpeace.org\/poland\/wp-json\/wp\/v2\/pages\/2844\/revisions\/39941"}],"up":[{"embeddable":true,"href":"https:\/\/www.greenpeace.org\/poland\/wp-json\/wp\/v2\/pages\/234"}],"wp:featuredmedia":[{"embeddable":true,"href":"https:\/\/www.greenpeace.org\/poland\/wp-json\/wp\/v2\/media\/343"}],"wp:attachment":[{"href":"https:\/\/www.greenpeace.org\/poland\/wp-json\/wp\/v2\/media?parent=2844"}],"wp:term":[{"taxonomy":"category","embeddable":true,"href":"https:\/\/www.greenpeace.org\/poland\/wp-json\/wp\/v2\/categories?post=2844"},{"taxonomy":"post_tag","embeddable":true,"href":"https:\/\/www.greenpeace.org\/poland\/wp-json\/wp\/v2\/tags?post=2844"}],"curies":[{"name":"wp","href":"https:\/\/api.w.org\/{rel}","templated":true}]}}