{"id":2914,"date":"2019-06-26T02:29:23","date_gmt":"2019-06-26T00:29:23","guid":{"rendered":"https:\/\/www.greenpeace.org\/poland\/?page_id=2914"},"modified":"2026-06-29T12:22:43","modified_gmt":"2026-06-29T10:22:43","slug":"aktualnosci","status":"publish","type":"page","link":"https:\/\/www.greenpeace.org\/poland\/dowiedz-sie\/aktualnosci\/","title":{"rendered":"Aktualno\u015bci"},"content":{"rendered":"\n                    <div class=\"wp-block-group is-vertical is-layout-flex wp-container-core-group-is-layout-4fc3f8e1 wp-block-group-is-layout-flex\">\n                    \n\n                    \n                    <\/div>\n                    \n    <div class=\"wp-block-query posts-list p4-query-loop is-custom-layout-list is-layout-flow wp-block-query-is-layout-flow\">\n        <div class=\"wp-block-group is-content-justification-space-between is-layout-flex wp-container-core-group-is-layout-cfe5ce44 wp-block-group-is-layout-flex\"><h2 class=\"wp-block-heading\">Najnowsze informacje:<\/h2>\n        <li class=\"wp-block-navigation-item see-all-link wp-block-navigation-link\"><a class=\"wp-block-navigation-item__content\"  href=\"http:\/\/www.greenpeace.org\/poland\/aktualnosci\/?post-type=aktualnosci\"><span data-ga-category=\"Posts List\" data-ga-action=\"See More Link\" data-ga-label=\"n\/a\" class=\"wp-block-navigation-item__label\">See all stories<\/span><\/a><\/li>\n        \n        <\/div>\n        \n\n    <p class=\"wp-block-paragraph\" style=\"margin-top: 24px; margin-bottom: 36px;\"><\/p>\n\n    \n\n    <ul class=\"wp-block-post-template is-layout-flow wp-block-post-template-is-layout-flow\"><li class=\"wp-block-post post-82742 post type-post status-publish format-standard has-post-thumbnail hentry category-klimat-energia tag-klimat tag-paliwakopalne tag-metan p4-page-type-aktualnosci\">\n            \n<div class=\"wp-block-columns is-layout-flex wp-container-core-columns-is-layout-8f761849 wp-block-columns-is-layout-flex\"><figure class=\"wp-block-post-featured-image\"><a href=\"https:\/\/www.greenpeace.org\/poland\/aktualnosci\/82742\/fikcja-w-raportowaniu-emisji-groznego-metanu\/\" target=\"_self\"  ><img loading=\"lazy\" decoding=\"async\" data-ga-category=\"Posts List\" data-ga-action=\"Image\" data-ga-label=\"n\/a\" width=\"799\" height=\"533\" src=\"https:\/\/www.greenpeace.org\/static\/planet4-poland-stateless\/2026\/08\/4da77832-55196586965_21dc1c106b_c.jpg\" class=\"attachment-post-thumbnail size-post-thumbnail wp-post-image wp-stateless-item\" alt=\"Fikcja w raportowaniu emisji gro\u017anego metanu\" style=\"object-fit:cover;\" srcset=\"https:\/\/www.greenpeace.org\/static\/planet4-poland-stateless\/2026\/08\/4da77832-55196586965_21dc1c106b_c.jpg 799w, https:\/\/www.greenpeace.org\/static\/planet4-poland-stateless\/2026\/08\/4da77832-55196586965_21dc1c106b_c-500x334.jpg 500w, https:\/\/www.greenpeace.org\/static\/planet4-poland-stateless\/2026\/08\/4da77832-55196586965_21dc1c106b_c-768x512.jpg 768w, https:\/\/www.greenpeace.org\/static\/planet4-poland-stateless\/2026\/08\/4da77832-55196586965_21dc1c106b_c-510x340.jpg 510w\" sizes=\"auto, (max-width: 799px) 100vw, 799px\" data-image-size=\"post-thumbnail\" data-stateless-media-bucket=\"planet4-poland-stateless\" data-stateless-media-name=\"2026\/08\/4da77832-55196586965_21dc1c106b_c.jpg\" \/><\/a><\/figure>\n\n        <div class=\"wp-block-group is-layout-flow wp-block-group-is-layout-flow\">\n                <div class=\"wp-block-group is-layout-flex wp-block-group-is-layout-flex\"><div class=\"wp-block-post-terms\"><a data-ga-category=\"Posts List\" data-ga-action=\"Post Type Tag\" data-ga-label=\"n\/a\" href=\"https:\/\/www.greenpeace.org\/poland\/category\/klimat-energia\/\">Klimat i energia<\/a><\/div>\n                <div class=\"taxonomy-post_tag wp-block-post-terms\"><a data-ga-category=\"Posts List\" data-ga-action=\"Navigation Tag\" data-ga-label=\"n\/a\" href=\"https:\/\/www.greenpeace.org\/poland\/tag\/klimat\/\" rel=\"tag\">Klimat<\/a><span class=\"wp-block-post-terms__separator\"> <\/span><a data-ga-category=\"Posts List\" data-ga-action=\"Navigation Tag\" data-ga-label=\"n\/a\" href=\"https:\/\/www.greenpeace.org\/poland\/tag\/paliwakopalne\/\" rel=\"tag\">PaliwaKopalne<\/a><span class=\"wp-block-post-terms__separator\"> <\/span><a data-ga-category=\"Posts List\" data-ga-action=\"Navigation Tag\" data-ga-label=\"n\/a\" href=\"https:\/\/www.greenpeace.org\/poland\/tag\/metan\/\" rel=\"tag\">Metan<\/a><\/div>\n                \n                <\/div>\n                \n        <h3 class=\"wp-block-post-title\"><a data-ga-category=\"Posts List\" data-ga-action=\"Title\" data-ga-label=\"n\/a\" href=\"https:\/\/www.greenpeace.org\/poland\/aktualnosci\/82742\/fikcja-w-raportowaniu-emisji-groznego-metanu\/\" target=\"_self\" >Fikcja w raportowaniu emisji gro\u017anego metanu<\/a><\/h3>\n        <div class=\"wp-block-post-excerpt\"><p class=\"wp-block-post-excerpt__excerpt\">Fundacje Greenpeace i Frank Bold ujawniaj\u0105 systemowe zaniedbania kopal\u0144 i Wy\u017cszego Urz\u0119du G\u00f3rniczego. <\/p><\/div>\n        \n        <div class=\"wp-block-group posts-list-meta is-layout-flow wp-block-group-is-layout-flow\"><span class='article-list-item-author'><a data-ga-category=\"Posts List\" data-ga-action=\"Author\" data-ga-label=\"n\/a\" href='https:\/\/www.greenpeace.org\/poland\/author\/mvelez\/'>Marcel Andino Velez<\/a><\/span>\n        <div class=\"wp-block-post-date\"><time datetime=\"2026-08-25T11:10:34+02:00\">2026-08-25<\/time><\/div>\n        \n        <\/div>\n        <\/div>\n        <\/div>\n\n            <\/li><li class=\"wp-block-post post-82735 post type-post status-publish format-standard has-post-thumbnail hentry category-klimat-energia tag-czysta-energia tag-klimat tag-paliwakopalne p4-page-type-aktualnosci\">\n            \n<div class=\"wp-block-columns is-layout-flex wp-container-core-columns-is-layout-8f761849 wp-block-columns-is-layout-flex\"><figure class=\"wp-block-post-featured-image\"><a href=\"https:\/\/www.greenpeace.org\/poland\/aktualnosci\/82735\/za-decyzje-nawrockiego-placimy-po-1500-zl-rocznica-pierwszego-weta-prezydenta\/\" target=\"_self\"  ><img loading=\"lazy\" decoding=\"async\" data-ga-category=\"Posts List\" data-ga-action=\"Image\" data-ga-label=\"n\/a\" width=\"2560\" height=\"1707\" src=\"https:\/\/www.greenpeace.org\/static\/planet4-poland-stateless\/2026\/08\/845ba753-maxnawrocki-scaled.jpg\" class=\"attachment-post-thumbnail size-post-thumbnail wp-post-image wp-stateless-item\" alt=\"Za decyzj\u0119 Nawrockiego p\u0142acimy po 1500 z\u0142\u00a0 &#8211; rocznica pierwszego weta prezydenta\u00a0\" style=\"object-fit:cover;\" srcset=\"https:\/\/www.greenpeace.org\/static\/planet4-poland-stateless\/2026\/08\/845ba753-maxnawrocki-scaled.jpg 2560w, https:\/\/www.greenpeace.org\/static\/planet4-poland-stateless\/2026\/08\/845ba753-maxnawrocki-500x333.jpg 500w, https:\/\/www.greenpeace.org\/static\/planet4-poland-stateless\/2026\/08\/845ba753-maxnawrocki-1024x683.jpg 1024w, https:\/\/www.greenpeace.org\/static\/planet4-poland-stateless\/2026\/08\/845ba753-maxnawrocki-768x512.jpg 768w, https:\/\/www.greenpeace.org\/static\/planet4-poland-stateless\/2026\/08\/845ba753-maxnawrocki-1536x1024.jpg 1536w, https:\/\/www.greenpeace.org\/static\/planet4-poland-stateless\/2026\/08\/845ba753-maxnawrocki-2048x1366.jpg 2048w, https:\/\/www.greenpeace.org\/static\/planet4-poland-stateless\/2026\/08\/845ba753-maxnawrocki-510x340.jpg 510w\" sizes=\"auto, (max-width: 2560px) 100vw, 2560px\" data-image-size=\"post-thumbnail\" data-stateless-media-bucket=\"planet4-poland-stateless\" data-stateless-media-name=\"2026\/08\/845ba753-maxnawrocki-scaled.jpg\" \/><\/a><\/figure>\n\n        <div class=\"wp-block-group is-layout-flow wp-block-group-is-layout-flow\">\n                <div class=\"wp-block-group is-layout-flex wp-block-group-is-layout-flex\"><div class=\"wp-block-post-terms\"><a data-ga-category=\"Posts List\" data-ga-action=\"Post Type Tag\" data-ga-label=\"n\/a\" href=\"https:\/\/www.greenpeace.org\/poland\/category\/klimat-energia\/\">Klimat i energia<\/a><\/div>\n                <div class=\"taxonomy-post_tag wp-block-post-terms\"><a data-ga-category=\"Posts List\" data-ga-action=\"Navigation Tag\" data-ga-label=\"n\/a\" href=\"https:\/\/www.greenpeace.org\/poland\/tag\/czysta-energia\/\" rel=\"tag\">CzystaEnergia<\/a><span class=\"wp-block-post-terms__separator\"> <\/span><a data-ga-category=\"Posts List\" data-ga-action=\"Navigation Tag\" data-ga-label=\"n\/a\" href=\"https:\/\/www.greenpeace.org\/poland\/tag\/klimat\/\" rel=\"tag\">Klimat<\/a><span class=\"wp-block-post-terms__separator\"> <\/span><a data-ga-category=\"Posts List\" data-ga-action=\"Navigation Tag\" data-ga-label=\"n\/a\" href=\"https:\/\/www.greenpeace.org\/poland\/tag\/paliwakopalne\/\" rel=\"tag\">PaliwaKopalne<\/a><\/div>\n                \n                <\/div>\n                \n        <h3 class=\"wp-block-post-title\"><a data-ga-category=\"Posts List\" data-ga-action=\"Title\" data-ga-label=\"n\/a\" href=\"https:\/\/www.greenpeace.org\/poland\/aktualnosci\/82735\/za-decyzje-nawrockiego-placimy-po-1500-zl-rocznica-pierwszego-weta-prezydenta\/\" target=\"_self\" >Za decyzj\u0119 Nawrockiego p\u0142acimy po 1500 z\u0142\u00a0 &#8211; rocznica pierwszego weta prezydenta\u00a0<\/a><\/h3>\n        <div class=\"wp-block-post-excerpt\"><p class=\"wp-block-post-excerpt__excerpt\">Dzisiejszej nocy aktywistki i aktywi\u015bci Greenpeace rozwiesili w centrum Warszawy i Poznania plakaty przypominaj\u0105ce o kosztach decyzji prezydenta Karola Nawrockiego. <\/p><\/div>\n        \n        <div class=\"wp-block-group posts-list-meta is-layout-flow wp-block-group-is-layout-flow\"><span class='article-list-item-author'><a data-ga-category=\"Posts List\" data-ga-action=\"Author\" data-ga-label=\"n\/a\" href='https:\/\/www.greenpeace.org\/poland\/author\/mvelez\/'>Marcel Andino Velez<\/a><\/span>\n        <div class=\"wp-block-post-date\"><time datetime=\"2026-08-21T10:48:11+02:00\">2026-08-21<\/time><\/div>\n        \n        <\/div>\n        <\/div>\n        <\/div>\n\n            <\/li><li class=\"wp-block-post post-82731 post type-post status-publish format-standard has-post-thumbnail hentry category-klimat-energia category-przyroda tag-wegiel tag-morza tag-ochrona-przyrody p4-page-type-aktualnosci\">\n            \n<div class=\"wp-block-columns is-layout-flex wp-container-core-columns-is-layout-8f761849 wp-block-columns-is-layout-flex\"><figure class=\"wp-block-post-featured-image\"><a href=\"https:\/\/www.greenpeace.org\/poland\/aktualnosci\/82731\/zlota-alga-znow-zabija-ryby-w-kanale-gliwickim\/\" target=\"_self\"  ><img loading=\"lazy\" decoding=\"async\" data-ga-category=\"Posts List\" data-ga-action=\"Image\" data-ga-label=\"n\/a\" width=\"2560\" height=\"1707\" src=\"https:\/\/www.greenpeace.org\/static\/planet4-poland-stateless\/2023\/08\/20230823-5-scaled.jpg\" class=\"attachment-post-thumbnail size-post-thumbnail wp-post-image wp-stateless-item\" alt=\"Z\u0142ota alga zn\u00f3w zabija ryby w Kanale Gliwickim\" style=\"object-fit:cover;\" srcset=\"https:\/\/www.greenpeace.org\/static\/planet4-poland-stateless\/2023\/08\/20230823-5-scaled.jpg 2560w, https:\/\/www.greenpeace.org\/static\/planet4-poland-stateless\/2023\/08\/20230823-5-500x333.jpg 500w, https:\/\/www.greenpeace.org\/static\/planet4-poland-stateless\/2023\/08\/20230823-5-1024x683.jpg 1024w, https:\/\/www.greenpeace.org\/static\/planet4-poland-stateless\/2023\/08\/20230823-5-768x512.jpg 768w, https:\/\/www.greenpeace.org\/static\/planet4-poland-stateless\/2023\/08\/20230823-5-1536x1024.jpg 1536w, https:\/\/www.greenpeace.org\/static\/planet4-poland-stateless\/2023\/08\/20230823-5-2048x1366.jpg 2048w, https:\/\/www.greenpeace.org\/static\/planet4-poland-stateless\/2023\/08\/20230823-5-510x340.jpg 510w\" sizes=\"auto, (max-width: 2560px) 100vw, 2560px\" data-image-size=\"post-thumbnail\" data-stateless-media-bucket=\"planet4-poland-stateless\" data-stateless-media-name=\"2023\/08\/20230823-5-scaled.jpg\" \/><\/a><\/figure>\n\n        <div class=\"wp-block-group is-layout-flow wp-block-group-is-layout-flow\">\n                <div class=\"wp-block-group is-layout-flex wp-block-group-is-layout-flex\"><div class=\"wp-block-post-terms\"><a data-ga-category=\"Posts List\" data-ga-action=\"Post Type Tag\" data-ga-label=\"n\/a\" href=\"https:\/\/www.greenpeace.org\/poland\/category\/klimat-energia\/\">Klimat i energia<\/a><\/div>\n                <div class=\"taxonomy-post_tag wp-block-post-terms\"><a data-ga-category=\"Posts List\" data-ga-action=\"Navigation Tag\" data-ga-label=\"n\/a\" href=\"https:\/\/www.greenpeace.org\/poland\/tag\/wegiel\/\" rel=\"tag\">W\u0119giel<\/a><span class=\"wp-block-post-terms__separator\"> <\/span><a data-ga-category=\"Posts List\" data-ga-action=\"Navigation Tag\" data-ga-label=\"n\/a\" href=\"https:\/\/www.greenpeace.org\/poland\/tag\/morza\/\" rel=\"tag\">Morza i rzeki<\/a><span class=\"wp-block-post-terms__separator\"> <\/span><a data-ga-category=\"Posts List\" data-ga-action=\"Navigation Tag\" data-ga-label=\"n\/a\" href=\"https:\/\/www.greenpeace.org\/poland\/tag\/ochrona-przyrody\/\" rel=\"tag\">OchronaPrzyrody<\/a><\/div>\n                \n                <\/div>\n                \n        <h3 class=\"wp-block-post-title\"><a data-ga-category=\"Posts List\" data-ga-action=\"Title\" data-ga-label=\"n\/a\" href=\"https:\/\/www.greenpeace.org\/poland\/aktualnosci\/82731\/zlota-alga-znow-zabija-ryby-w-kanale-gliwickim\/\" target=\"_self\" >Z\u0142ota alga zn\u00f3w zabija ryby w Kanale Gliwickim<\/a><\/h3>\n        <div class=\"wp-block-post-excerpt\"><p class=\"wp-block-post-excerpt__excerpt\">Od soboty 15 sierpnia wy\u0142owiono ponad trzy tony ryb z Kana\u0142u Gliwickiego w zwi\u0105zku z zakwitem z\u0142otej algi. Jak poinformowa\u0142y w\u0142adze, st\u0119\u017cenie z\u0142otej algi jest najwy\u017csze w historii pomiar\u00f3w. Mimo&hellip; <\/p><\/div>\n        \n        <div class=\"wp-block-group posts-list-meta is-layout-flow wp-block-group-is-layout-flow\"><span class='article-list-item-author'><a data-ga-category=\"Posts List\" data-ga-action=\"Author\" data-ga-label=\"n\/a\" href='https:\/\/www.greenpeace.org\/poland\/author\/marek-jozefiak\/'>Marek J\u00f3zefiak<\/a><\/span>\n        <div class=\"wp-block-post-date\"><time datetime=\"2026-08-20T18:20:53+02:00\">2026-08-20<\/time><\/div>\n        \n        <\/div>\n        <\/div>\n        <\/div>\n\n            <\/li><li class=\"wp-block-post post-82665 post type-post status-publish format-standard has-post-thumbnail hentry category-klimat-energia tag-klimat tag-paliwakopalne tag-ochrona-przyrody p4-page-type-aktualnosci\">\n            \n<div class=\"wp-block-columns is-layout-flex wp-container-core-columns-is-layout-8f761849 wp-block-columns-is-layout-flex\"><figure class=\"wp-block-post-featured-image\"><a href=\"https:\/\/www.greenpeace.org\/poland\/aktualnosci\/82665\/gaz-i-ropa-zabijaja-aktywisci-greenpeace-maluja-haslo-na-tankowcu-rosyjskiej-floty-cienia\/\" target=\"_self\"  ><img loading=\"lazy\" decoding=\"async\" data-ga-category=\"Posts List\" data-ga-action=\"Image\" data-ga-label=\"n\/a\" width=\"1024\" height=\"768\" src=\"https:\/\/www.greenpeace.org\/static\/planet4-poland-stateless\/2026\/08\/d9069d54-no-oil-and-gas-bulgaria-flota-cienia.jpg\" class=\"attachment-post-thumbnail size-post-thumbnail wp-post-image wp-stateless-item\" alt=\"Gaz i ropa zabijaj\u0105!\u00a0 Aktywi\u015bci Greenpeace maluj\u0105 has\u0142o na tankowcu rosyjskiej \u201efloty cienia\u201d\" style=\"object-fit:cover;\" srcset=\"https:\/\/www.greenpeace.org\/static\/planet4-poland-stateless\/2026\/08\/d9069d54-no-oil-and-gas-bulgaria-flota-cienia.jpg 1024w, https:\/\/www.greenpeace.org\/static\/planet4-poland-stateless\/2026\/08\/d9069d54-no-oil-and-gas-bulgaria-flota-cienia-500x375.jpg 500w, https:\/\/www.greenpeace.org\/static\/planet4-poland-stateless\/2026\/08\/d9069d54-no-oil-and-gas-bulgaria-flota-cienia-768x576.jpg 768w, https:\/\/www.greenpeace.org\/static\/planet4-poland-stateless\/2026\/08\/d9069d54-no-oil-and-gas-bulgaria-flota-cienia-453x340.jpg 453w\" sizes=\"auto, (max-width: 1024px) 100vw, 1024px\" data-image-size=\"post-thumbnail\" data-stateless-media-bucket=\"planet4-poland-stateless\" data-stateless-media-name=\"2026\/08\/d9069d54-no-oil-and-gas-bulgaria-flota-cienia.jpg\" \/><\/a><\/figure>\n\n        <div class=\"wp-block-group is-layout-flow wp-block-group-is-layout-flow\">\n                <div class=\"wp-block-group is-layout-flex wp-block-group-is-layout-flex\"><div class=\"wp-block-post-terms\"><a data-ga-category=\"Posts List\" data-ga-action=\"Post Type Tag\" data-ga-label=\"n\/a\" href=\"https:\/\/www.greenpeace.org\/poland\/category\/klimat-energia\/\">Klimat i energia<\/a><\/div>\n                <div class=\"taxonomy-post_tag wp-block-post-terms\"><a data-ga-category=\"Posts List\" data-ga-action=\"Navigation Tag\" data-ga-label=\"n\/a\" href=\"https:\/\/www.greenpeace.org\/poland\/tag\/klimat\/\" rel=\"tag\">Klimat<\/a><span class=\"wp-block-post-terms__separator\"> <\/span><a data-ga-category=\"Posts List\" data-ga-action=\"Navigation Tag\" data-ga-label=\"n\/a\" href=\"https:\/\/www.greenpeace.org\/poland\/tag\/paliwakopalne\/\" rel=\"tag\">PaliwaKopalne<\/a><span class=\"wp-block-post-terms__separator\"> <\/span><a data-ga-category=\"Posts List\" data-ga-action=\"Navigation Tag\" data-ga-label=\"n\/a\" href=\"https:\/\/www.greenpeace.org\/poland\/tag\/ochrona-przyrody\/\" rel=\"tag\">OchronaPrzyrody<\/a><\/div>\n                \n                <\/div>\n                \n        <h3 class=\"wp-block-post-title\"><a data-ga-category=\"Posts List\" data-ga-action=\"Title\" data-ga-label=\"n\/a\" href=\"https:\/\/www.greenpeace.org\/poland\/aktualnosci\/82665\/gaz-i-ropa-zabijaja-aktywisci-greenpeace-maluja-haslo-na-tankowcu-rosyjskiej-floty-cienia\/\" target=\"_self\" >Gaz i ropa zabijaj\u0105!\u00a0 Aktywi\u015bci Greenpeace maluj\u0105 has\u0142o na tankowcu rosyjskiej \u201efloty cienia\u201d<\/a><\/h3>\n        <div class=\"wp-block-post-excerpt\"><p class=\"wp-block-post-excerpt__excerpt\">Aktywi\u015bci Greenpeace z pi\u0119ciu kraj\u00f3w namalowali napis \u201eNO GAS + OIL\u201d\u00a0 (\u201eNie dla gazu i ropy\u201d) na burcie opuszczonego tankowca, nale\u017c\u0105cego do rosyjskiej \u201efloty cieni\u201d, zakotwiczonego u wybrze\u017cy Bu\u0142garii. <\/p><\/div>\n        \n        <div class=\"wp-block-group posts-list-meta is-layout-flow wp-block-group-is-layout-flow\"><span class='article-list-item-author'><a data-ga-category=\"Posts List\" data-ga-action=\"Author\" data-ga-label=\"n\/a\" href='https:\/\/www.greenpeace.org\/poland\/author\/mvelez\/'>Marcel Andino Velez<\/a><\/span>\n        <div class=\"wp-block-post-date\"><time datetime=\"2026-08-11T16:21:02+02:00\">2026-08-11<\/time><\/div>\n        \n        <\/div>\n        <\/div>\n        <\/div>\n\n            <\/li><li class=\"wp-block-post post-82662 post type-post status-publish format-standard has-post-thumbnail hentry category-przyroda tag-paliwakopalne tag-ochrona-przyrody tag-morza p4-page-type-aktualnosci\">\n            \n<div class=\"wp-block-columns is-layout-flex wp-container-core-columns-is-layout-8f761849 wp-block-columns-is-layout-flex\"><figure class=\"wp-block-post-featured-image\"><a href=\"https:\/\/www.greenpeace.org\/poland\/aktualnosci\/82662\/wyciek-ropy-ze-statku-rosyjskiej-floty-cieni\/\" target=\"_self\"  ><img loading=\"lazy\" decoding=\"async\" data-ga-category=\"Posts List\" data-ga-action=\"Image\" data-ga-label=\"n\/a\" width=\"1200\" height=\"800\" src=\"https:\/\/www.greenpeace.org\/static\/planet4-poland-stateless\/2024\/09\/7330d9e6-gp0su2jzk_medium-res-1200px.jpg\" class=\"attachment-post-thumbnail size-post-thumbnail wp-post-image wp-stateless-item\" alt=\"Wyciek ropy ze statku rosyjskiej \u201efloty cieni\u201d\" style=\"object-fit:cover;\" srcset=\"https:\/\/www.greenpeace.org\/static\/planet4-poland-stateless\/2024\/09\/7330d9e6-gp0su2jzk_medium-res-1200px.jpg 1200w, https:\/\/www.greenpeace.org\/static\/planet4-poland-stateless\/2024\/09\/7330d9e6-gp0su2jzk_medium-res-1200px-500x333.jpg 500w, https:\/\/www.greenpeace.org\/static\/planet4-poland-stateless\/2024\/09\/7330d9e6-gp0su2jzk_medium-res-1200px-1024x683.jpg 1024w, https:\/\/www.greenpeace.org\/static\/planet4-poland-stateless\/2024\/09\/7330d9e6-gp0su2jzk_medium-res-1200px-768x512.jpg 768w, https:\/\/www.greenpeace.org\/static\/planet4-poland-stateless\/2024\/09\/7330d9e6-gp0su2jzk_medium-res-1200px-510x340.jpg 510w\" sizes=\"auto, (max-width: 1200px) 100vw, 1200px\" data-image-size=\"post-thumbnail\" data-stateless-media-bucket=\"planet4-poland-stateless\" data-stateless-media-name=\"2024\/09\/7330d9e6-gp0su2jzk_medium-res-1200px.jpg\" \/><\/a><\/figure>\n\n        <div class=\"wp-block-group is-layout-flow wp-block-group-is-layout-flow\">\n                <div class=\"wp-block-group is-layout-flex wp-block-group-is-layout-flex\"><div class=\"wp-block-post-terms\"><a data-ga-category=\"Posts List\" data-ga-action=\"Post Type Tag\" data-ga-label=\"n\/a\" href=\"https:\/\/www.greenpeace.org\/poland\/category\/przyroda\/\">Przyroda<\/a><\/div>\n                <div class=\"taxonomy-post_tag wp-block-post-terms\"><a data-ga-category=\"Posts List\" data-ga-action=\"Navigation Tag\" data-ga-label=\"n\/a\" href=\"https:\/\/www.greenpeace.org\/poland\/tag\/paliwakopalne\/\" rel=\"tag\">PaliwaKopalne<\/a><span class=\"wp-block-post-terms__separator\"> <\/span><a data-ga-category=\"Posts List\" data-ga-action=\"Navigation Tag\" data-ga-label=\"n\/a\" href=\"https:\/\/www.greenpeace.org\/poland\/tag\/ochrona-przyrody\/\" rel=\"tag\">OchronaPrzyrody<\/a><span class=\"wp-block-post-terms__separator\"> <\/span><a data-ga-category=\"Posts List\" data-ga-action=\"Navigation Tag\" data-ga-label=\"n\/a\" href=\"https:\/\/www.greenpeace.org\/poland\/tag\/morza\/\" rel=\"tag\">Morza i rzeki<\/a><\/div>\n                \n                <\/div>\n                \n        <h3 class=\"wp-block-post-title\"><a data-ga-category=\"Posts List\" data-ga-action=\"Title\" data-ga-label=\"n\/a\" href=\"https:\/\/www.greenpeace.org\/poland\/aktualnosci\/82662\/wyciek-ropy-ze-statku-rosyjskiej-floty-cieni\/\" target=\"_self\" >Wyciek ropy ze statku rosyjskiej \u201efloty cieni\u201d<\/a><\/h3>\n        <div class=\"wp-block-post-excerpt\"><p class=\"wp-block-post-excerpt__excerpt\">W chronionym obszarze morskim u wybrze\u017cy Omanu dochodzi do katastrofy ekologicznej spowodowanej wyciekiem ropy z tankowca nale\u017c\u0105cego do rosyjskiej floty cieni. <\/p><\/div>\n        \n        <div class=\"wp-block-group posts-list-meta is-layout-flow wp-block-group-is-layout-flow\"><span class='article-list-item-author'><a data-ga-category=\"Posts List\" data-ga-action=\"Author\" data-ga-label=\"n\/a\" href='https:\/\/www.greenpeace.org\/poland\/author\/gp_poland\/'>Greenpeace Polska<\/a><\/span>\n        <div class=\"wp-block-post-date\"><time datetime=\"2026-08-06T12:04:00+02:00\">2026-08-06<\/time><\/div>\n        \n        <\/div>\n        <\/div>\n        <\/div>\n\n            <\/li><\/ul>\n\n    \n<div class=\"wp-block-buttons carousel-controls is-horizontal is-content-justification-space-between is-nowrap is-layout-flex wp-container-core-buttons-is-layout-358af4b1 wp-block-buttons-is-layout-flex\">\n            <div class=\"wp-block-button carousel-control-prev\"><button type=\"button\" class=\"wp-block-button__link wp-element-button\">Wstecz<\/button><\/div>\n        \n\n            <div class=\"wp-block-button carousel-control-next\"><button type=\"button\" class=\"wp-block-button__link wp-element-button\">Dalej<\/button><\/div>\n        <\/div>\n\n\n    <li class=\"wp-block-navigation-item see-all-link wp-block-navigation-link\"><a class=\"wp-block-navigation-item__content\"  href=\"http:\/\/www.greenpeace.org\/poland\/aktualnosci\/?post-type=aktualnosci\"><span data-ga-category=\"Posts List\" data-ga-action=\"See More Link\" data-ga-label=\"n\/a\" class=\"wp-block-navigation-item__label\">See all stories<\/span><\/a><\/li><\/div>\n    \n    <div class=\"wp-block-query posts-list p4-query-loop is-custom-layout-list is-layout-flow wp-block-query-is-layout-flow\">\n        <div class=\"wp-block-group is-content-justification-space-between is-layout-flex wp-container-core-group-is-layout-cfe5ce44 wp-block-group-is-layout-flex\"><h2 class=\"wp-block-heading\">Najnowsze komentarze:<\/h2>\n        <li class=\"wp-block-navigation-item see-all-link wp-block-navigation-link\"><a class=\"wp-block-navigation-item__content\"  href=\"http:\/\/www.greenpeace.org\/poland\/aktualnosci\/?post-type=komentarze\"><span data-ga-category=\"Posts List\" data-ga-action=\"See More Link\" data-ga-label=\"n\/a\" class=\"wp-block-navigation-item__label\">See all stories<\/span><\/a><\/li>\n        \n        <\/div>\n        \n\n    <p class=\"wp-block-paragraph\" style=\"margin-top: 24px; margin-bottom: 36px;\"><\/p>\n\n    \n\n    <ul class=\"wp-block-post-template is-layout-flow wp-block-post-template-is-layout-flow\"><li class=\"wp-block-post post-33628 post type-post status-publish format-standard has-post-thumbnail hentry category-klimat-energia category-przyroda tag-ochrona-przyrody tag-klimat tag-lasy tag-gaz tag-czysta-energia tag-morza tag-paliwakopalne tag-puszcza-bialowieska tag-karpaty tag-wegiel p4-page-type-komentarze\">\n            \n<div class=\"wp-block-columns is-layout-flex wp-container-core-columns-is-layout-8f761849 wp-block-columns-is-layout-flex\"><figure class=\"wp-block-post-featured-image\"><a href=\"https:\/\/www.greenpeace.org\/poland\/komentarze\/33628\/przyroda-i-klimat-w-programach-wyborczych-2023\/\" target=\"_self\"  ><img loading=\"lazy\" decoding=\"async\" data-ga-category=\"Posts List\" data-ga-action=\"Image\" data-ga-label=\"n\/a\" width=\"1600\" height=\"900\" src=\"https:\/\/www.greenpeace.org\/static\/planet4-poland-stateless\/2023\/10\/ab043da0-ekologia-w-programach-wyborczych-1.png\" class=\"attachment-post-thumbnail size-post-thumbnail wp-post-image wp-stateless-item\" alt=\"Przyroda i klimat w programach wyborczych 2023\" style=\"object-fit:cover;\" srcset=\"https:\/\/www.greenpeace.org\/static\/planet4-poland-stateless\/2023\/10\/ab043da0-ekologia-w-programach-wyborczych-1.png 1600w, https:\/\/www.greenpeace.org\/static\/planet4-poland-stateless\/2023\/10\/ab043da0-ekologia-w-programach-wyborczych-1-500x281.png 500w, https:\/\/www.greenpeace.org\/static\/planet4-poland-stateless\/2023\/10\/ab043da0-ekologia-w-programach-wyborczych-1-1024x576.png 1024w, https:\/\/www.greenpeace.org\/static\/planet4-poland-stateless\/2023\/10\/ab043da0-ekologia-w-programach-wyborczych-1-768x432.png 768w, https:\/\/www.greenpeace.org\/static\/planet4-poland-stateless\/2023\/10\/ab043da0-ekologia-w-programach-wyborczych-1-1536x864.png 1536w, https:\/\/www.greenpeace.org\/static\/planet4-poland-stateless\/2023\/10\/ab043da0-ekologia-w-programach-wyborczych-1-510x287.png 510w\" sizes=\"auto, (max-width: 1600px) 100vw, 1600px\" data-image-size=\"post-thumbnail\" data-stateless-media-bucket=\"planet4-poland-stateless\" data-stateless-media-name=\"2023\/10\/ab043da0-ekologia-w-programach-wyborczych-1.png\" \/><\/a><\/figure>\n\n        <div class=\"wp-block-group is-layout-flow wp-block-group-is-layout-flow\">\n                <div class=\"wp-block-group is-layout-flex wp-block-group-is-layout-flex\"><div class=\"wp-block-post-terms\"><a data-ga-category=\"Posts List\" data-ga-action=\"Post Type Tag\" data-ga-label=\"n\/a\" href=\"https:\/\/www.greenpeace.org\/poland\/category\/klimat-energia\/\">Klimat i energia<\/a><\/div>\n                <div class=\"taxonomy-post_tag wp-block-post-terms\"><a data-ga-category=\"Posts List\" data-ga-action=\"Navigation Tag\" data-ga-label=\"n\/a\" href=\"https:\/\/www.greenpeace.org\/poland\/tag\/ochrona-przyrody\/\" rel=\"tag\">OchronaPrzyrody<\/a><span class=\"wp-block-post-terms__separator\"> <\/span><a data-ga-category=\"Posts List\" data-ga-action=\"Navigation Tag\" data-ga-label=\"n\/a\" href=\"https:\/\/www.greenpeace.org\/poland\/tag\/klimat\/\" rel=\"tag\">Klimat<\/a><span class=\"wp-block-post-terms__separator\"> <\/span><a data-ga-category=\"Posts List\" data-ga-action=\"Navigation Tag\" data-ga-label=\"n\/a\" href=\"https:\/\/www.greenpeace.org\/poland\/tag\/lasy\/\" rel=\"tag\">Lasy<\/a><span class=\"wp-block-post-terms__separator\"> <\/span><a data-ga-category=\"Posts List\" data-ga-action=\"Navigation Tag\" data-ga-label=\"n\/a\" href=\"https:\/\/www.greenpeace.org\/poland\/tag\/gaz\/\" rel=\"tag\">Gaz<\/a><span class=\"wp-block-post-terms__separator\"> <\/span><a data-ga-category=\"Posts List\" data-ga-action=\"Navigation Tag\" data-ga-label=\"n\/a\" href=\"https:\/\/www.greenpeace.org\/poland\/tag\/czysta-energia\/\" rel=\"tag\">CzystaEnergia<\/a><span class=\"wp-block-post-terms__separator\"> <\/span><a data-ga-category=\"Posts List\" data-ga-action=\"Navigation Tag\" data-ga-label=\"n\/a\" href=\"https:\/\/www.greenpeace.org\/poland\/tag\/morza\/\" rel=\"tag\">Morza i rzeki<\/a><span class=\"wp-block-post-terms__separator\"> <\/span><a data-ga-category=\"Posts List\" data-ga-action=\"Navigation Tag\" data-ga-label=\"n\/a\" href=\"https:\/\/www.greenpeace.org\/poland\/tag\/paliwakopalne\/\" rel=\"tag\">PaliwaKopalne<\/a><span class=\"wp-block-post-terms__separator\"> <\/span><a data-ga-category=\"Posts List\" data-ga-action=\"Navigation Tag\" data-ga-label=\"n\/a\" href=\"https:\/\/www.greenpeace.org\/poland\/tag\/puszcza-bialowieska\/\" rel=\"tag\">PuszczaBia\u0142owieska<\/a><span class=\"wp-block-post-terms__separator\"> <\/span><a data-ga-category=\"Posts List\" data-ga-action=\"Navigation Tag\" data-ga-label=\"n\/a\" href=\"https:\/\/www.greenpeace.org\/poland\/tag\/karpaty\/\" rel=\"tag\">Puszcza Karpacka<\/a><span class=\"wp-block-post-terms__separator\"> <\/span><a data-ga-category=\"Posts List\" data-ga-action=\"Navigation Tag\" data-ga-label=\"n\/a\" href=\"https:\/\/www.greenpeace.org\/poland\/tag\/wegiel\/\" rel=\"tag\">W\u0119giel<\/a><\/div>\n                \n                <\/div>\n                \n        <h3 class=\"wp-block-post-title\"><a data-ga-category=\"Posts List\" data-ga-action=\"Title\" data-ga-label=\"n\/a\" href=\"https:\/\/www.greenpeace.org\/poland\/komentarze\/33628\/przyroda-i-klimat-w-programach-wyborczych-2023\/\" target=\"_self\" >Przyroda i klimat w programach wyborczych 2023<\/a><\/h3>\n        <div class=\"wp-block-post-excerpt\"><p class=\"wp-block-post-excerpt__excerpt\">Nasz zesp\u00f3\u0142 przeanalizowa\u0142, co poszczeg\u00f3lne komitety wyborcze proponuj\u0105 w\u00a0 sprawach kluczowych dla ochrony klimatu, bezpiecze\u0144stwa energetycznego i ochrony przyrody. Oto podsumowanie: <\/p><\/div>\n        \n        <div class=\"wp-block-group posts-list-meta is-layout-flow wp-block-group-is-layout-flow\"><span class='article-list-item-author'><a data-ga-category=\"Posts List\" data-ga-action=\"Author\" data-ga-label=\"n\/a\" href='https:\/\/www.greenpeace.org\/poland\/author\/marianna\/'>Greenpeace Polska<\/a><\/span>\n        <div class=\"wp-block-post-date\"><time datetime=\"2023-10-11T07:15:00+02:00\">2023-10-11<\/time><\/div>\n        \n        <\/div>\n        <\/div>\n        <\/div>\n\n            <\/li><li class=\"wp-block-post post-33506 post type-post status-publish format-standard has-post-thumbnail hentry category-greenpeace category-klimat-energia tag-aktywizm tag-arktyka tag-klimat tag-paliwakopalne p4-page-type-komentarze\">\n            \n<div class=\"wp-block-columns is-layout-flex wp-container-core-columns-is-layout-8f761849 wp-block-columns-is-layout-flex\"><figure class=\"wp-block-post-featured-image\"><a href=\"https:\/\/www.greenpeace.org\/poland\/komentarze\/33506\/arktyczna-30tka-minelo-10-lat-komentarz-dyrektora-greenpeace-international\/\" target=\"_self\"  ><img loading=\"lazy\" decoding=\"async\" data-ga-category=\"Posts List\" data-ga-action=\"Image\" data-ga-label=\"n\/a\" width=\"1200\" height=\"800\" src=\"https:\/\/www.greenpeace.org\/static\/planet4-poland-stateless\/2023\/09\/57815797-arctic30-a.webp\" class=\"attachment-post-thumbnail size-post-thumbnail wp-post-image wp-stateless-item\" alt=\"Arktyczna 30tka &#8211; min\u0119\u0142o 10 lat. Komentarz dyrektora Greenpeace International\" style=\"object-fit:cover;\" srcset=\"https:\/\/www.greenpeace.org\/static\/planet4-poland-stateless\/2023\/09\/57815797-arctic30-a.webp 1200w, https:\/\/www.greenpeace.org\/static\/planet4-poland-stateless\/2023\/09\/57815797-arctic30-a-500x333.webp 500w, https:\/\/www.greenpeace.org\/static\/planet4-poland-stateless\/2023\/09\/57815797-arctic30-a-1024x683.webp 1024w, https:\/\/www.greenpeace.org\/static\/planet4-poland-stateless\/2023\/09\/57815797-arctic30-a-768x512.webp 768w, https:\/\/www.greenpeace.org\/static\/planet4-poland-stateless\/2023\/09\/57815797-arctic30-a-510x340.webp 510w\" sizes=\"auto, (max-width: 1200px) 100vw, 1200px\" data-image-size=\"post-thumbnail\" data-stateless-media-bucket=\"planet4-poland-stateless\" data-stateless-media-name=\"2023\/09\/57815797-arctic30-a.webp\" \/><\/a><\/figure>\n\n        <div class=\"wp-block-group is-layout-flow wp-block-group-is-layout-flow\">\n                <div class=\"wp-block-group is-layout-flex wp-block-group-is-layout-flex\"><div class=\"wp-block-post-terms\"><a data-ga-category=\"Posts List\" data-ga-action=\"Post Type Tag\" data-ga-label=\"n\/a\" href=\"https:\/\/www.greenpeace.org\/poland\/category\/greenpeace\/\">Greenpeace<\/a><\/div>\n                <div class=\"taxonomy-post_tag wp-block-post-terms\"><a data-ga-category=\"Posts List\" data-ga-action=\"Navigation Tag\" data-ga-label=\"n\/a\" href=\"https:\/\/www.greenpeace.org\/poland\/tag\/aktywizm\/\" rel=\"tag\">Aktywizm<\/a><span class=\"wp-block-post-terms__separator\"> <\/span><a data-ga-category=\"Posts List\" data-ga-action=\"Navigation Tag\" data-ga-label=\"n\/a\" href=\"https:\/\/www.greenpeace.org\/poland\/tag\/arktyka\/\" rel=\"tag\">Arktyka<\/a><span class=\"wp-block-post-terms__separator\"> <\/span><a data-ga-category=\"Posts List\" data-ga-action=\"Navigation Tag\" data-ga-label=\"n\/a\" href=\"https:\/\/www.greenpeace.org\/poland\/tag\/klimat\/\" rel=\"tag\">Klimat<\/a><span class=\"wp-block-post-terms__separator\"> <\/span><a data-ga-category=\"Posts List\" data-ga-action=\"Navigation Tag\" data-ga-label=\"n\/a\" href=\"https:\/\/www.greenpeace.org\/poland\/tag\/paliwakopalne\/\" rel=\"tag\">PaliwaKopalne<\/a><\/div>\n                \n                <\/div>\n                \n        <h3 class=\"wp-block-post-title\"><a data-ga-category=\"Posts List\" data-ga-action=\"Title\" data-ga-label=\"n\/a\" href=\"https:\/\/www.greenpeace.org\/poland\/komentarze\/33506\/arktyczna-30tka-minelo-10-lat-komentarz-dyrektora-greenpeace-international\/\" target=\"_self\" >Arktyczna 30tka &#8211; min\u0119\u0142o 10 lat. Komentarz dyrektora Greenpeace International<\/a><\/h3>\n        <div class=\"wp-block-post-excerpt\"><p class=\"wp-block-post-excerpt__excerpt\">Dziesi\u0119\u0107 lat temu grupa aktywistek i aktywist\u00f3w ze statku Greenpeace Arctic Sunrise wspi\u0119\u0142a si\u0119 w ramach pokojowego protestu na platform\u0119 wiertnicz\u0105 Priraz\u0142omnaja, nale\u017c\u0105c\u0105 do rosyjskiego giganta energetycznego Gazprom. <\/p><\/div>\n        \n        <div class=\"wp-block-group posts-list-meta is-layout-flow wp-block-group-is-layout-flow\"><span class='article-list-item-author'><a data-ga-category=\"Posts List\" data-ga-action=\"Author\" data-ga-label=\"n\/a\" href='https:\/\/www.greenpeace.org\/poland\/author\/marianna\/'>Greenpeace Polska<\/a><\/span>\n        <div class=\"wp-block-post-date\"><time datetime=\"2023-09-18T19:00:33+02:00\">2023-09-18<\/time><\/div>\n        \n        <\/div>\n        <\/div>\n        <\/div>\n\n            <\/li><li class=\"wp-block-post post-31316 post type-post status-publish format-standard has-post-thumbnail hentry category-przyroda tag-plastik tag-lasy p4-page-type-komentarze\">\n            \n<div class=\"wp-block-columns is-layout-flex wp-container-core-columns-is-layout-8f761849 wp-block-columns-is-layout-flex\"><figure class=\"wp-block-post-featured-image\"><a href=\"https:\/\/www.greenpeace.org\/poland\/komentarze\/31316\/poradnik-swiateczny-jaka-choinka-jest-eko\/\" target=\"_self\"  ><img loading=\"lazy\" decoding=\"async\" data-ga-category=\"Posts List\" data-ga-action=\"Image\" data-ga-label=\"n\/a\" width=\"940\" height=\"788\" src=\"https:\/\/www.greenpeace.org\/static\/planet4-poland-stateless\/2021\/12\/3a686923-choinka-donice.jpg\" class=\"attachment-post-thumbnail size-post-thumbnail wp-post-image wp-stateless-item\" alt=\"Poradnik \u015bwi\u0105teczny: jaka choinka jest eko?\" style=\"object-fit:cover;\" srcset=\"https:\/\/www.greenpeace.org\/static\/planet4-poland-stateless\/2021\/12\/3a686923-choinka-donice.jpg 940w, https:\/\/www.greenpeace.org\/static\/planet4-poland-stateless\/2021\/12\/3a686923-choinka-donice-500x419.jpg 500w, https:\/\/www.greenpeace.org\/static\/planet4-poland-stateless\/2021\/12\/3a686923-choinka-donice-768x644.jpg 768w, https:\/\/www.greenpeace.org\/static\/planet4-poland-stateless\/2021\/12\/3a686923-choinka-donice-406x340.jpg 406w\" sizes=\"auto, (max-width: 940px) 100vw, 940px\" data-image-size=\"post-thumbnail\" data-stateless-media-bucket=\"planet4-poland-stateless\" data-stateless-media-name=\"2021\/12\/3a686923-choinka-donice.jpg\" \/><\/a><\/figure>\n\n        <div class=\"wp-block-group is-layout-flow wp-block-group-is-layout-flow\">\n                <div class=\"wp-block-group is-layout-flex wp-block-group-is-layout-flex\"><div class=\"wp-block-post-terms\"><a data-ga-category=\"Posts List\" data-ga-action=\"Post Type Tag\" data-ga-label=\"n\/a\" href=\"https:\/\/www.greenpeace.org\/poland\/category\/przyroda\/\">Przyroda<\/a><\/div>\n                <div class=\"taxonomy-post_tag wp-block-post-terms\"><a data-ga-category=\"Posts List\" data-ga-action=\"Navigation Tag\" data-ga-label=\"n\/a\" href=\"https:\/\/www.greenpeace.org\/poland\/tag\/plastik\/\" rel=\"tag\">Plastik<\/a><span class=\"wp-block-post-terms__separator\"> <\/span><a data-ga-category=\"Posts List\" data-ga-action=\"Navigation Tag\" data-ga-label=\"n\/a\" href=\"https:\/\/www.greenpeace.org\/poland\/tag\/lasy\/\" rel=\"tag\">Lasy<\/a><\/div>\n                \n                <\/div>\n                \n        <h3 class=\"wp-block-post-title\"><a data-ga-category=\"Posts List\" data-ga-action=\"Title\" data-ga-label=\"n\/a\" href=\"https:\/\/www.greenpeace.org\/poland\/komentarze\/31316\/poradnik-swiateczny-jaka-choinka-jest-eko\/\" target=\"_self\" >Poradnik \u015bwi\u0105teczny: jaka choinka jest eko?<\/a><\/h3>\n        <div class=\"wp-block-post-excerpt\"><p class=\"wp-block-post-excerpt__excerpt\">\u017bywa, ci\u0119ta, plastikowa, a mo\u017ce jedynie wypo\u017cyczona? Poczytaj o plusach i minusach ka\u017cdej z tych opcji i podejmij \u015bwiadom\u0105 decyzj\u0119! <\/p><\/div>\n        \n        <div class=\"wp-block-group posts-list-meta is-layout-flow wp-block-group-is-layout-flow\"><span class='article-list-item-author'><a data-ga-category=\"Posts List\" data-ga-action=\"Author\" data-ga-label=\"n\/a\" href='https:\/\/www.greenpeace.org\/poland\/author\/marianna\/'>Greenpeace Polska<\/a><\/span>\n        <div class=\"wp-block-post-date\"><time datetime=\"2021-12-18T17:08:48+02:00\">2021-12-18<\/time><\/div>\n        \n        <\/div>\n        <\/div>\n        <\/div>\n\n            <\/li><li class=\"wp-block-post post-29713 post type-post status-publish format-standard has-post-thumbnail hentry category-klimat-energia tag-paliwakopalne tag-gaz p4-page-type-komentarze\">\n            \n<div class=\"wp-block-columns is-layout-flex wp-container-core-columns-is-layout-8f761849 wp-block-columns-is-layout-flex\"><figure class=\"wp-block-post-featured-image\"><a href=\"https:\/\/www.greenpeace.org\/poland\/komentarze\/29713\/rada-europejska-i-nord-stream-2-to-sie-nie-rymuje\/\" target=\"_self\"  ><img loading=\"lazy\" decoding=\"async\" data-ga-category=\"Posts List\" data-ga-action=\"Image\" data-ga-label=\"n\/a\" width=\"883\" height=\"883\" src=\"https:\/\/www.greenpeace.org\/static\/planet4-poland-stateless\/2020\/06\/59ee6d3f-joanna_flisowska.jpg\" class=\"attachment-post-thumbnail size-post-thumbnail wp-post-image wp-stateless-item\" alt=\"Rada Europejska i Nord Stream 2 &#8211; to si\u0119 nie rymuje\" style=\"object-fit:cover;\" srcset=\"https:\/\/www.greenpeace.org\/static\/planet4-poland-stateless\/2020\/06\/59ee6d3f-joanna_flisowska.jpg 883w, https:\/\/www.greenpeace.org\/static\/planet4-poland-stateless\/2020\/06\/59ee6d3f-joanna_flisowska-300x300.jpg 300w, https:\/\/www.greenpeace.org\/static\/planet4-poland-stateless\/2020\/06\/59ee6d3f-joanna_flisowska-150x150.jpg 150w, https:\/\/www.greenpeace.org\/static\/planet4-poland-stateless\/2020\/06\/59ee6d3f-joanna_flisowska-768x768.jpg 768w, https:\/\/www.greenpeace.org\/static\/planet4-poland-stateless\/2020\/06\/59ee6d3f-joanna_flisowska-340x340.jpg 340w\" sizes=\"auto, (max-width: 883px) 100vw, 883px\" data-image-size=\"post-thumbnail\" data-stateless-media-bucket=\"planet4-poland-stateless\" data-stateless-media-name=\"2020\/06\/59ee6d3f-joanna_flisowska.jpg\" \/><\/a><\/figure>\n\n        <div class=\"wp-block-group is-layout-flow wp-block-group-is-layout-flow\">\n                <div class=\"wp-block-group is-layout-flex wp-block-group-is-layout-flex\"><div class=\"wp-block-post-terms\"><a data-ga-category=\"Posts List\" data-ga-action=\"Post Type Tag\" data-ga-label=\"n\/a\" href=\"https:\/\/www.greenpeace.org\/poland\/category\/klimat-energia\/\">Klimat i energia<\/a><\/div>\n                <div class=\"taxonomy-post_tag wp-block-post-terms\"><a data-ga-category=\"Posts List\" data-ga-action=\"Navigation Tag\" data-ga-label=\"n\/a\" href=\"https:\/\/www.greenpeace.org\/poland\/tag\/paliwakopalne\/\" rel=\"tag\">PaliwaKopalne<\/a><span class=\"wp-block-post-terms__separator\"> <\/span><a data-ga-category=\"Posts List\" data-ga-action=\"Navigation Tag\" data-ga-label=\"n\/a\" href=\"https:\/\/www.greenpeace.org\/poland\/tag\/gaz\/\" rel=\"tag\">Gaz<\/a><\/div>\n                \n                <\/div>\n                \n        <h3 class=\"wp-block-post-title\"><a data-ga-category=\"Posts List\" data-ga-action=\"Title\" data-ga-label=\"n\/a\" href=\"https:\/\/www.greenpeace.org\/poland\/komentarze\/29713\/rada-europejska-i-nord-stream-2-to-sie-nie-rymuje\/\" target=\"_self\" >Rada Europejska i Nord Stream 2 &#8211; to si\u0119 nie rymuje<\/a><\/h3>\n        <div class=\"wp-block-post-excerpt\"><p class=\"wp-block-post-excerpt__excerpt\">W pi\u0105tek Rada Europejska przyj\u0119\u0142a nowy, podwy\u017cszony cel redukcji emisji gaz\u00f3w cieplarnianych. Tego samego dnia barka Fortuna przep\u0142yn\u0119\u0142a w okolice niemieckiej wyspy Rugia, by po roku przerwy wznowi\u0107 prace nad&hellip; <\/p><\/div>\n        \n        <div class=\"wp-block-group posts-list-meta is-layout-flow wp-block-group-is-layout-flow\"><span class='article-list-item-author'>Joanna Flisowska<\/span>\n        <div class=\"wp-block-post-date\"><time datetime=\"2020-12-15T13:56:00+02:00\">2020-12-15<\/time><\/div>\n        \n        <\/div>\n        <\/div>\n        <\/div>\n\n            <\/li><\/ul>\n\n    \n<div class=\"wp-block-buttons carousel-controls is-horizontal is-content-justification-space-between is-nowrap is-layout-flex wp-container-core-buttons-is-layout-358af4b1 wp-block-buttons-is-layout-flex\">\n            <div class=\"wp-block-button carousel-control-prev\"><button type=\"button\" class=\"wp-block-button__link wp-element-button\">Wstecz<\/button><\/div>\n        \n\n            <div class=\"wp-block-button carousel-control-next\"><button type=\"button\" class=\"wp-block-button__link wp-element-button\">Dalej<\/button><\/div>\n        <\/div>\n\n\n    <li class=\"wp-block-navigation-item see-all-link wp-block-navigation-link\"><a class=\"wp-block-navigation-item__content\"  href=\"http:\/\/www.greenpeace.org\/poland\/aktualnosci\/?post-type=komentarze\"><span data-ga-category=\"Posts List\" data-ga-action=\"See More Link\" data-ga-label=\"n\/a\" class=\"wp-block-navigation-item__label\">See all stories<\/span><\/a><\/li><\/div>\n    \n    <div class=\"wp-block-query posts-list p4-query-loop is-custom-layout-grid is-layout-grid wp-container-core-query-is-layout-85a54dc3 wp-block-query-is-layout-grid\">\n        <div class=\"wp-block-group is-content-justification-space-between is-layout-flex wp-container-core-group-is-layout-cfe5ce44 wp-block-group-is-layout-flex\"><h2 class=\"wp-block-heading\">Najnowsze raporty \/ publikacje:<\/h2>\n        <li class=\"wp-block-navigation-item see-all-link wp-block-navigation-link\"><a class=\"wp-block-navigation-item__content\"  href=\"http:\/\/www.greenpeace.org\/poland\/aktualnosci\/?post-type=raporty\"><span data-ga-category=\"Posts List\" data-ga-action=\"See More Link\" data-ga-label=\"n\/a\" class=\"wp-block-navigation-item__label\">See all stories<\/span><\/a><\/li>\n        \n        <\/div>\n        \n\n    <p class=\"wp-block-paragraph\" style=\"margin-top: 24px; margin-bottom: 36px;\"><\/p>\n\n    \n\n    <ul class=\"wp-block-post-template is-layout-flow wp-block-post-template-is-layout-flow\"><li class=\"wp-block-post post-82507 post type-post status-publish format-standard has-post-thumbnail hentry category-przyroda tag-lasy tag-ochrona-przyrody tag-karpaty p4-page-type-raporty\">\n            \n<div class=\"wp-block-columns is-layout-flex wp-container-core-columns-is-layout-8f761849 wp-block-columns-is-layout-flex\"><figure class=\"wp-block-post-featured-image\"><a href=\"https:\/\/www.greenpeace.org\/poland\/raporty\/82507\/raport-parki-narodowe-to-sie-oplaca\/\" target=\"_self\"  ><img loading=\"lazy\" decoding=\"async\" data-ga-category=\"Posts List\" data-ga-action=\"Image\" data-ga-label=\"n\/a\" width=\"657\" height=\"934\" src=\"https:\/\/www.greenpeace.org\/static\/planet4-poland-stateless\/2026\/07\/a51cdbd8-parki-nardodowe-raport.jpg\" class=\"attachment-post-thumbnail size-post-thumbnail wp-post-image wp-stateless-item\" alt=\"Raport: Parki narodowe &#8211; to si\u0119 op\u0142aca!\" style=\"object-fit:cover;\" srcset=\"https:\/\/www.greenpeace.org\/static\/planet4-poland-stateless\/2026\/07\/a51cdbd8-parki-nardodowe-raport.jpg 657w, https:\/\/www.greenpeace.org\/static\/planet4-poland-stateless\/2026\/07\/a51cdbd8-parki-nardodowe-raport-352x500.jpg 352w, https:\/\/www.greenpeace.org\/static\/planet4-poland-stateless\/2026\/07\/a51cdbd8-parki-nardodowe-raport-239x340.jpg 239w\" sizes=\"auto, (max-width: 657px) 100vw, 657px\" data-image-size=\"post-thumbnail\" data-stateless-media-bucket=\"planet4-poland-stateless\" data-stateless-media-name=\"2026\/07\/a51cdbd8-parki-nardodowe-raport.jpg\" \/><\/a><\/figure>\n\n        <div class=\"wp-block-group is-layout-flow wp-block-group-is-layout-flow\">\n                <div class=\"wp-block-group is-layout-flow wp-block-group-is-layout-flow\"><div class=\"wp-block-post-terms\"><a data-ga-category=\"Posts List\" data-ga-action=\"Post Type Tag\" data-ga-label=\"n\/a\" href=\"https:\/\/www.greenpeace.org\/poland\/category\/przyroda\/\">Przyroda<\/a><\/div>\n                <div class=\"taxonomy-post_tag wp-block-post-terms\"><a data-ga-category=\"Posts List\" data-ga-action=\"Navigation Tag\" data-ga-label=\"n\/a\" href=\"https:\/\/www.greenpeace.org\/poland\/tag\/lasy\/\" rel=\"tag\">Lasy<\/a><span class=\"wp-block-post-terms__separator\"> <\/span><a data-ga-category=\"Posts List\" data-ga-action=\"Navigation Tag\" data-ga-label=\"n\/a\" href=\"https:\/\/www.greenpeace.org\/poland\/tag\/ochrona-przyrody\/\" rel=\"tag\">OchronaPrzyrody<\/a><span class=\"wp-block-post-terms__separator\"> <\/span><a data-ga-category=\"Posts List\" data-ga-action=\"Navigation Tag\" data-ga-label=\"n\/a\" href=\"https:\/\/www.greenpeace.org\/poland\/tag\/karpaty\/\" rel=\"tag\">Puszcza Karpacka<\/a><\/div>\n                \n                <\/div>\n                \n        <h3 class=\"wp-block-post-title\"><a data-ga-category=\"Posts List\" data-ga-action=\"Title\" data-ga-label=\"n\/a\" href=\"https:\/\/www.greenpeace.org\/poland\/raporty\/82507\/raport-parki-narodowe-to-sie-oplaca\/\" target=\"_self\" >Raport: Parki narodowe &#8211; to si\u0119 op\u0142aca!<\/a><\/h3>\n        <div class=\"wp-block-post-excerpt\"><p class=\"wp-block-post-excerpt__excerpt\">W 25. rocznic\u0119 od po lat odk\u0105d w Polsce powsta\u0142 ostatni park narodowy. Greenpeace sprawdzi\u0142, ile na tworzeniu park\u00f3w narodowych mog\u0142yby zyska\u0107 gminy w Karpatach \u2013 od Beskidu \u015al\u0105skiego po&hellip; <\/p><\/div>\n        \n        <div class=\"wp-block-group posts-list-meta is-layout-flow wp-block-group-is-layout-flow\"><span class='article-list-item-author'><a data-ga-category=\"Posts List\" data-ga-action=\"Author\" data-ga-label=\"n\/a\" href='https:\/\/www.greenpeace.org\/poland\/author\/marianna\/'>Greenpeace Polska<\/a><\/span>\n        <div class=\"wp-block-post-date\"><time datetime=\"2026-07-01T12:46:56+02:00\">2026-07-01<\/time><\/div>\n        \n        <\/div>\n        <\/div>\n        <\/div>\n\n            <\/li><li class=\"wp-block-post post-39703 post type-post status-publish format-standard has-post-thumbnail hentry category-przyroda category-rolnictwo tag-rolnictwo tag-pszczoly tag-zywnosc p4-page-type-raporty\">\n            \n<div class=\"wp-block-columns is-layout-flex wp-container-core-columns-is-layout-8f761849 wp-block-columns-is-layout-flex\"><figure class=\"wp-block-post-featured-image\"><a href=\"https:\/\/www.greenpeace.org\/poland\/raporty\/39703\/raport-pestycydy-w-polskich-miodach\/\" target=\"_self\"  ><img loading=\"lazy\" decoding=\"async\" data-ga-category=\"Posts List\" data-ga-action=\"Image\" data-ga-label=\"n\/a\" width=\"1004\" height=\"1426\" src=\"https:\/\/www.greenpeace.org\/static\/planet4-poland-stateless\/2026\/03\/56be30bc-wielki-test-miodu-okladka.png\" class=\"attachment-post-thumbnail size-post-thumbnail wp-post-image wp-stateless-item\" alt=\"Raport: Pestycydy w polskich miodach\" style=\"object-fit:cover;\" srcset=\"https:\/\/www.greenpeace.org\/static\/planet4-poland-stateless\/2026\/03\/56be30bc-wielki-test-miodu-okladka.png 1004w, https:\/\/www.greenpeace.org\/static\/planet4-poland-stateless\/2026\/03\/56be30bc-wielki-test-miodu-okladka-352x500.png 352w, https:\/\/www.greenpeace.org\/static\/planet4-poland-stateless\/2026\/03\/56be30bc-wielki-test-miodu-okladka-721x1024.png 721w, https:\/\/www.greenpeace.org\/static\/planet4-poland-stateless\/2026\/03\/56be30bc-wielki-test-miodu-okladka-768x1091.png 768w, https:\/\/www.greenpeace.org\/static\/planet4-poland-stateless\/2026\/03\/56be30bc-wielki-test-miodu-okladka-962x1366.png 962w, https:\/\/www.greenpeace.org\/static\/planet4-poland-stateless\/2026\/03\/56be30bc-wielki-test-miodu-okladka-239x340.png 239w\" sizes=\"auto, (max-width: 1004px) 100vw, 1004px\" data-image-size=\"post-thumbnail\" data-stateless-media-bucket=\"planet4-poland-stateless\" data-stateless-media-name=\"2026\/03\/56be30bc-wielki-test-miodu-okladka.png\" \/><\/a><\/figure>\n\n        <div class=\"wp-block-group is-layout-flow wp-block-group-is-layout-flow\">\n                <div class=\"wp-block-group is-layout-flow wp-block-group-is-layout-flow\"><div class=\"wp-block-post-terms\"><a data-ga-category=\"Posts List\" data-ga-action=\"Post Type Tag\" data-ga-label=\"n\/a\" href=\"https:\/\/www.greenpeace.org\/poland\/category\/przyroda\/\">Przyroda<\/a><\/div>\n                <div class=\"taxonomy-post_tag wp-block-post-terms\"><a data-ga-category=\"Posts List\" data-ga-action=\"Navigation Tag\" data-ga-label=\"n\/a\" href=\"https:\/\/www.greenpeace.org\/poland\/tag\/rolnictwo\/\" rel=\"tag\">Rolnictwo<\/a><span class=\"wp-block-post-terms__separator\"> <\/span><a data-ga-category=\"Posts List\" data-ga-action=\"Navigation Tag\" data-ga-label=\"n\/a\" href=\"https:\/\/www.greenpeace.org\/poland\/tag\/pszczoly\/\" rel=\"tag\">Pszczo\u0142y<\/a><span class=\"wp-block-post-terms__separator\"> <\/span><a data-ga-category=\"Posts List\" data-ga-action=\"Navigation Tag\" data-ga-label=\"n\/a\" href=\"https:\/\/www.greenpeace.org\/poland\/tag\/zywnosc\/\" rel=\"tag\">\u017bywno\u015b\u0107<\/a><\/div>\n                \n                <\/div>\n                \n        <h3 class=\"wp-block-post-title\"><a data-ga-category=\"Posts List\" data-ga-action=\"Title\" data-ga-label=\"n\/a\" href=\"https:\/\/www.greenpeace.org\/poland\/raporty\/39703\/raport-pestycydy-w-polskich-miodach\/\" target=\"_self\" >Raport: Pestycydy w polskich miodach<\/a><\/h3>\n        <div class=\"wp-block-post-excerpt\"><p class=\"wp-block-post-excerpt__excerpt\">Substancje zakazane i niedopuszczalne st\u0119\u017cenia toksycznych pestycyd\u00f3w &#8211; to znale\u017ali w polskich miodach badacze w ramach Wielkiego Testu Miodu przeprowadzonego w ramach akcji Adoptuj Pszczo\u0142\u0119. Greenpeace przedstawia wyniki bada\u0144 i&hellip; <\/p><\/div>\n        \n        <div class=\"wp-block-group posts-list-meta is-layout-flow wp-block-group-is-layout-flow\"><span class='article-list-item-author'><a data-ga-category=\"Posts List\" data-ga-action=\"Author\" data-ga-label=\"n\/a\" href='https:\/\/www.greenpeace.org\/poland\/author\/marianna\/'>Greenpeace Polska<\/a><\/span>\n        <div class=\"wp-block-post-date\"><time datetime=\"2025-04-23T12:46:00+02:00\">2025-04-23<\/time><\/div>\n        \n        <\/div>\n        <\/div>\n        <\/div>\n\n            <\/li><li class=\"wp-block-post post-32239 post type-post status-publish format-standard has-post-thumbnail hentry category-przyroda tag-ochrona-przyrody tag-lasy tag-karpaty p4-page-type-raporty\">\n            \n<div class=\"wp-block-columns is-layout-flex wp-container-core-columns-is-layout-8f761849 wp-block-columns-is-layout-flex\"><figure class=\"wp-block-post-featured-image\"><a href=\"https:\/\/www.greenpeace.org\/poland\/raporty\/32239\/co-godzine-w-karpatach-znika-las-wielkosci-pieciu-boisk-pilkarskich\/\" target=\"_self\"  ><img loading=\"lazy\" decoding=\"async\" data-ga-category=\"Posts List\" data-ga-action=\"Image\" data-ga-label=\"n\/a\" width=\"1200\" height=\"800\" src=\"https:\/\/www.greenpeace.org\/static\/planet4-poland-stateless\/2022\/08\/4bd09ae2-gp0stq3le_.jpg\" class=\"attachment-post-thumbnail size-post-thumbnail wp-post-image wp-stateless-item\" alt=\"Co godzin\u0119 w Karpatach znika las wielko\u015bci pi\u0119ciu boisk pi\u0142karskich\" style=\"object-fit:cover;\" srcset=\"https:\/\/www.greenpeace.org\/static\/planet4-poland-stateless\/2022\/08\/4bd09ae2-gp0stq3le_.jpg 1200w, https:\/\/www.greenpeace.org\/static\/planet4-poland-stateless\/2022\/08\/4bd09ae2-gp0stq3le_-500x333.jpg 500w, https:\/\/www.greenpeace.org\/static\/planet4-poland-stateless\/2022\/08\/4bd09ae2-gp0stq3le_-1024x683.jpg 1024w, https:\/\/www.greenpeace.org\/static\/planet4-poland-stateless\/2022\/08\/4bd09ae2-gp0stq3le_-768x512.jpg 768w, https:\/\/www.greenpeace.org\/static\/planet4-poland-stateless\/2022\/08\/4bd09ae2-gp0stq3le_-510x340.jpg 510w\" sizes=\"auto, (max-width: 1200px) 100vw, 1200px\" data-image-size=\"post-thumbnail\" data-stateless-media-bucket=\"planet4-poland-stateless\" data-stateless-media-name=\"2022\/08\/4bd09ae2-gp0stq3le_.jpg\" \/><\/a><\/figure>\n\n        <div class=\"wp-block-group is-layout-flow wp-block-group-is-layout-flow\">\n                <div class=\"wp-block-group is-layout-flow wp-block-group-is-layout-flow\"><div class=\"wp-block-post-terms\"><a data-ga-category=\"Posts List\" data-ga-action=\"Post Type Tag\" data-ga-label=\"n\/a\" href=\"https:\/\/www.greenpeace.org\/poland\/category\/przyroda\/\">Przyroda<\/a><\/div>\n                <div class=\"taxonomy-post_tag wp-block-post-terms\"><a data-ga-category=\"Posts List\" data-ga-action=\"Navigation Tag\" data-ga-label=\"n\/a\" href=\"https:\/\/www.greenpeace.org\/poland\/tag\/ochrona-przyrody\/\" rel=\"tag\">OchronaPrzyrody<\/a><span class=\"wp-block-post-terms__separator\"> <\/span><a data-ga-category=\"Posts List\" data-ga-action=\"Navigation Tag\" data-ga-label=\"n\/a\" href=\"https:\/\/www.greenpeace.org\/poland\/tag\/lasy\/\" rel=\"tag\">Lasy<\/a><span class=\"wp-block-post-terms__separator\"> <\/span><a data-ga-category=\"Posts List\" data-ga-action=\"Navigation Tag\" data-ga-label=\"n\/a\" href=\"https:\/\/www.greenpeace.org\/poland\/tag\/karpaty\/\" rel=\"tag\">Puszcza Karpacka<\/a><\/div>\n                \n                <\/div>\n                \n        <h3 class=\"wp-block-post-title\"><a data-ga-category=\"Posts List\" data-ga-action=\"Title\" data-ga-label=\"n\/a\" href=\"https:\/\/www.greenpeace.org\/poland\/raporty\/32239\/co-godzine-w-karpatach-znika-las-wielkosci-pieciu-boisk-pilkarskich\/\" target=\"_self\" >Co godzin\u0119 w Karpatach znika las wielko\u015bci pi\u0119ciu boisk pi\u0142karskich<\/a><\/h3>\n        <div class=\"wp-block-post-excerpt\"><p class=\"wp-block-post-excerpt__excerpt\">Niszczenie najcenniejszych las\u00f3w g\u00f3rskich przez nieodpowiedzialn\u0105 gospodark\u0119 le\u015bn\u0105, kt\u00f3re od lat nag\u0142a\u015bniaj\u0105 aktywi\u015bci w Puszczy Karpackiej, dotyczy nie tylko Polski. Z Karpat, jednej z ostatnich ostoi dziko\u015bci w Europie, co&hellip; <\/p><\/div>\n        \n        <div class=\"wp-block-group posts-list-meta is-layout-flow wp-block-group-is-layout-flow\"><span class='article-list-item-author'><a data-ga-category=\"Posts List\" data-ga-action=\"Author\" data-ga-label=\"n\/a\" href='https:\/\/www.greenpeace.org\/poland\/author\/marianna\/'>Greenpeace Polska<\/a><\/span>\n        <div class=\"wp-block-post-date\"><time datetime=\"2022-11-23T10:25:02+02:00\">2022-11-23<\/time><\/div>\n        \n        <\/div>\n        <\/div>\n        <\/div>\n\n            <\/li><li class=\"wp-block-post post-32206 post type-post status-publish format-standard has-post-thumbnail hentry category-przyroda tag-lasy tag-ochrona-przyrody tag-karpaty p4-page-type-raporty\">\n            \n<div class=\"wp-block-columns is-layout-flex wp-container-core-columns-is-layout-8f761849 wp-block-columns-is-layout-flex\"><figure class=\"wp-block-post-featured-image\"><a href=\"https:\/\/www.greenpeace.org\/poland\/raporty\/32206\/raport-tak-tracimy-dzika-przyrode-w-europie\/\" target=\"_self\"  ><img loading=\"lazy\" decoding=\"async\" data-ga-category=\"Posts List\" data-ga-action=\"Image\" data-ga-label=\"n\/a\" width=\"2560\" height=\"1707\" src=\"https:\/\/www.greenpeace.org\/static\/planet4-poland-stateless\/2022\/11\/14e9bf70-dsc09694-scaled.jpg\" class=\"attachment-post-thumbnail size-post-thumbnail wp-post-image wp-stateless-item\" alt=\"Raport: Tak tracimy dzik\u0105 przyrod\u0119 w Europie\" style=\"object-fit:cover;\" srcset=\"https:\/\/www.greenpeace.org\/static\/planet4-poland-stateless\/2022\/11\/14e9bf70-dsc09694-scaled.jpg 2560w, https:\/\/www.greenpeace.org\/static\/planet4-poland-stateless\/2022\/11\/14e9bf70-dsc09694-500x333.jpg 500w, https:\/\/www.greenpeace.org\/static\/planet4-poland-stateless\/2022\/11\/14e9bf70-dsc09694-1024x683.jpg 1024w, https:\/\/www.greenpeace.org\/static\/planet4-poland-stateless\/2022\/11\/14e9bf70-dsc09694-768x512.jpg 768w, https:\/\/www.greenpeace.org\/static\/planet4-poland-stateless\/2022\/11\/14e9bf70-dsc09694-1536x1024.jpg 1536w, https:\/\/www.greenpeace.org\/static\/planet4-poland-stateless\/2022\/11\/14e9bf70-dsc09694-2048x1366.jpg 2048w, https:\/\/www.greenpeace.org\/static\/planet4-poland-stateless\/2022\/11\/14e9bf70-dsc09694-510x340.jpg 510w\" sizes=\"auto, (max-width: 2560px) 100vw, 2560px\" data-image-size=\"post-thumbnail\" data-stateless-media-bucket=\"planet4-poland-stateless\" data-stateless-media-name=\"2022\/11\/14e9bf70-dsc09694-scaled.jpg\" \/><\/a><\/figure>\n\n        <div class=\"wp-block-group is-layout-flow wp-block-group-is-layout-flow\">\n                <div class=\"wp-block-group is-layout-flow wp-block-group-is-layout-flow\"><div class=\"wp-block-post-terms\"><a data-ga-category=\"Posts List\" data-ga-action=\"Post Type Tag\" data-ga-label=\"n\/a\" href=\"https:\/\/www.greenpeace.org\/poland\/category\/przyroda\/\">Przyroda<\/a><\/div>\n                <div class=\"taxonomy-post_tag wp-block-post-terms\"><a data-ga-category=\"Posts List\" data-ga-action=\"Navigation Tag\" data-ga-label=\"n\/a\" href=\"https:\/\/www.greenpeace.org\/poland\/tag\/lasy\/\" rel=\"tag\">Lasy<\/a><span class=\"wp-block-post-terms__separator\"> <\/span><a data-ga-category=\"Posts List\" data-ga-action=\"Navigation Tag\" data-ga-label=\"n\/a\" href=\"https:\/\/www.greenpeace.org\/poland\/tag\/ochrona-przyrody\/\" rel=\"tag\">OchronaPrzyrody<\/a><span class=\"wp-block-post-terms__separator\"> <\/span><a data-ga-category=\"Posts List\" data-ga-action=\"Navigation Tag\" data-ga-label=\"n\/a\" href=\"https:\/\/www.greenpeace.org\/poland\/tag\/karpaty\/\" rel=\"tag\">Puszcza Karpacka<\/a><\/div>\n                \n                <\/div>\n                \n        <h3 class=\"wp-block-post-title\"><a data-ga-category=\"Posts List\" data-ga-action=\"Title\" data-ga-label=\"n\/a\" href=\"https:\/\/www.greenpeace.org\/poland\/raporty\/32206\/raport-tak-tracimy-dzika-przyrode-w-europie\/\" target=\"_self\" >Raport: Tak tracimy dzik\u0105 przyrod\u0119 w Europie<\/a><\/h3>\n        <div class=\"wp-block-post-excerpt\"><p class=\"wp-block-post-excerpt__excerpt\">Europa nie wype\u0142ni\u0142a swoich zobowi\u0105za\u0144, dotycz\u0105cych ochrony przyrody, kt\u00f3re podj\u0119\u0142a w 2010 r. w ramach konwencji o r\u00f3\u017cnorodno\u015bci biologicznej. Tu\u017c przed szczytem przyrodniczym ONZ w Montrealu Greenpeace opublikowa\u0142 raport pokazuj\u0105cy&hellip; <\/p><\/div>\n        \n        <div class=\"wp-block-group posts-list-meta is-layout-flow wp-block-group-is-layout-flow\"><span class='article-list-item-author'><a data-ga-category=\"Posts List\" data-ga-action=\"Author\" data-ga-label=\"n\/a\" href='https:\/\/www.greenpeace.org\/poland\/author\/marianna\/'>Greenpeace Polska<\/a><\/span>\n        <div class=\"wp-block-post-date\"><time datetime=\"2022-11-16T15:54:52+02:00\">2022-11-16<\/time><\/div>\n        \n        <\/div>\n        <\/div>\n        <\/div>\n\n            <\/li><\/ul>\n\n    \n<div class=\"wp-block-buttons carousel-controls is-horizontal is-content-justification-space-between is-nowrap is-layout-flex wp-container-core-buttons-is-layout-358af4b1 wp-block-buttons-is-layout-flex\">\n            <div class=\"wp-block-button carousel-control-prev\"><button type=\"button\" class=\"wp-block-button__link wp-element-button\">Wstecz<\/button><\/div>\n        \n\n            <div class=\"wp-block-button carousel-control-next\"><button type=\"button\" class=\"wp-block-button__link wp-element-button\">Dalej<\/button><\/div>\n        <\/div>\n\n\n    <li class=\"wp-block-navigation-item see-all-link wp-block-navigation-link\"><a class=\"wp-block-navigation-item__content\"  href=\"http:\/\/www.greenpeace.org\/poland\/aktualnosci\/?post-type=raporty\"><span data-ga-category=\"Posts List\" data-ga-action=\"See More Link\" data-ga-label=\"n\/a\" class=\"wp-block-navigation-item__label\">See all stories<\/span><\/a><\/li><\/div>\n    ","protected":false},"excerpt":{"rendered":"","protected":false},"author":25,"featured_media":0,"parent":11,"menu_order":0,"comment_status":"closed","ping_status":"closed","template":"","meta":{"ep_exclude_from_search":false,"p4_hide_page_title_checkbox":"","p4_title":"","p4_subtitle":"","p4_description":"","background_image_id":"","background_image":"","p4_button_title":"","p4_button_link":"","p4_button_link_checkbox":"","p4_og_title":"","p4_og_description":"","p4_og_image":"","p4_og_image_id":"","p4_seo_canonical_url":"","p4_campaign_name":"not set","p4_local_project":"","p4_basket_name":"not set","p4_department":"","footnotes":""},"categories":[33],"tags":[],"class_list":["post-2914","page","type-page","status-publish","hentry","category-greenpeace"],"_links":{"self":[{"href":"https:\/\/www.greenpeace.org\/poland\/wp-json\/wp\/v2\/pages\/2914","targetHints":{"allow":["GET"]}}],"collection":[{"href":"https:\/\/www.greenpeace.org\/poland\/wp-json\/wp\/v2\/pages"}],"about":[{"href":"https:\/\/www.greenpeace.org\/poland\/wp-json\/wp\/v2\/types\/page"}],"author":[{"embeddable":true,"href":"https:\/\/www.greenpeace.org\/poland\/wp-json\/wp\/v2\/users\/25"}],"replies":[{"embeddable":true,"href":"https:\/\/www.greenpeace.org\/poland\/wp-json\/wp\/v2\/comments?post=2914"}],"version-history":[{"count":13,"href":"https:\/\/www.greenpeace.org\/poland\/wp-json\/wp\/v2\/pages\/2914\/revisions"}],"predecessor-version":[{"id":82103,"href":"https:\/\/www.greenpeace.org\/poland\/wp-json\/wp\/v2\/pages\/2914\/revisions\/82103"}],"up":[{"embeddable":true,"href":"https:\/\/www.greenpeace.org\/poland\/wp-json\/wp\/v2\/pages\/11"}],"wp:attachment":[{"href":"https:\/\/www.greenpeace.org\/poland\/wp-json\/wp\/v2\/media?parent=2914"}],"wp:term":[{"taxonomy":"category","embeddable":true,"href":"https:\/\/www.greenpeace.org\/poland\/wp-json\/wp\/v2\/categories?post=2914"},{"taxonomy":"post_tag","embeddable":true,"href":"https:\/\/www.greenpeace.org\/poland\/wp-json\/wp\/v2\/tags?post=2914"}],"curies":[{"name":"wp","href":"https:\/\/api.w.org\/{rel}","templated":true}]}}