{"id":30738,"date":"2025-11-25T16:54:00","date_gmt":"2025-11-25T14:54:00","guid":{"rendered":"https:\/\/www.greenpeace.org\/poland\/?page_id=30738"},"modified":"2025-12-23T13:10:40","modified_gmt":"2025-12-23T11:10:40","slug":"kalendarz","status":"publish","type":"page","link":"https:\/\/www.greenpeace.org\/poland\/kalendarz\/","title":{"rendered":"Kalendarz Greenpeace 2026"},"content":{"rendered":"\n\n<div class=\"wp-block-media-text alignwide has-media-on-the-right is-stacked-on-mobile is-style-default\"><div class=\"wp-block-media-text__content\">\n<h4 class=\"wp-block-heading\"><strong>W 2026 b\u0119dziemy \u015bwi\u0119towa\u0107 pi\u0119kno i wspania\u0142\u0105 r\u00f3\u017cnorodno\u015b\u0107 polskiej przyrody. Ka\u017cda karta kalendarza to pi\u0119kne zdj\u0119cie wybranego dzikiego zwierz\u0119cia \u017cyj\u0105cego w Polsce.<\/strong><\/h4>\n\n\n\n<p><strong>Rozpocznij regularne wspieranie naszych dzia\u0142a\u0144 na rzecz ochrony przyrody a w podzi\u0119kowaniu otrzymasz wyj\u0105tkowy kalendarz<\/strong> \u2013 dla siebie lub bliskich! Podziwiaj przez ca\u0142y rok pi\u0119kno polskiej przyrody, o kt\u00f3r\u0105 wsp\u00f3lnie walczymy! To doskona\u0142y pomys\u0142 na prezent i wielka pomoc w ochronie przyrody<strong> \ud83d\ude42<\/strong><\/p>\n\n\n\n<div class=\"wp-block-buttons is-content-justification-left is-layout-flex wp-container-core-buttons-is-layout-fdcfc74e wp-block-buttons-is-layout-flex\">\n<div class=\"wp-block-button has-custom-width wp-block-button__width-75 is-style-cta\"><a class=\"wp-block-button__link has-medium-font-size has-custom-font-size wp-element-button\" href=\"https:\/\/wspieram.greenpeace.pl\/lp\/prezentownik-kalendarz?fundraiser=gppl\">Wspieraj i zam\u00f3w!<\/a><\/div>\n<\/div>\n<\/div><figure class=\"wp-block-media-text__media\"><img loading=\"lazy\" decoding=\"async\" width=\"1024\" height=\"683\" src=\"https:\/\/www.greenpeace.org\/static\/planet4-poland-stateless\/2025\/10\/4b116660-kalendarz-2026-zestaw-1024x683.png\" alt=\"\" sizes=\"auto, (min-width: 1600px) calc((1320px - 24px) \/ 2),(min-width: 1200px) calc((1140px - 24px) \/ 2),(min-width: 992px) calc((960px - 24px) \/ 2),(min-width: 768px) calc((720px - 24px) \/ 2),(min-width: 601px) calc((540px - 24px) \/ 2),(min-width: 577px) calc((540px - 24px) \/ 1), calc(100vw - 24px)\" srcset=\"https:\/\/www.greenpeace.org\/static\/planet4-poland-stateless\/2025\/10\/4b116660-kalendarz-2026-zestaw.png 1500w, https:\/\/www.greenpeace.org\/static\/planet4-poland-stateless\/2025\/10\/4b116660-kalendarz-2026-zestaw-500x333.png 500w, https:\/\/www.greenpeace.org\/static\/planet4-poland-stateless\/2025\/10\/4b116660-kalendarz-2026-zestaw-1024x683.png 1024w, https:\/\/www.greenpeace.org\/static\/planet4-poland-stateless\/2025\/10\/4b116660-kalendarz-2026-zestaw-768x512.png 768w, https:\/\/www.greenpeace.org\/static\/planet4-poland-stateless\/2025\/10\/4b116660-kalendarz-2026-zestaw-510x340.png 510w\" class=\"wp-image-38317 size-full\"\/><\/figure><\/div>\n\n\n<p><\/p>\n\n<h3 class=\"wp-block-heading\">Co znajdziesz w kalendarzu?<\/h3>\n\n<p>Ka\u017cdego miesi\u0105ce w 2026 roku b\u0119dzie towarzyszy\u0142o Ci 12 pi\u0119knych zdj\u0119\u0107 zwierz\u0105t, kt\u00f3re mo\u017cesz spotka\u0107 w r\u00f3\u017cnych zakamarkach naszego kraju wraz z kr\u00f3tkimi informacjami na ich temat. Od tych malutkich, jak je\u017ce czy wiewi\u00f3rki, po najwi\u0119ksze, jak nied\u017awiedzie czy \u017cubry. Poni\u017cej kilka ze zdj\u0119\u0107 z kalendarza, w tym nasze ukochane zdj\u0119cie, kt\u00f3re wygra\u0142o konkurs fotograficzny Greenpeace 2025, przedstawiaj\u0105ce lisa odbijaj\u0105cego si\u0119 w tafli wody:<\/p>\n<div data-hydrate=\"planet4-blocks\/gallery\" data-attributes=\"{&quot;attributes&quot;:{&quot;multiple_image&quot;:&quot;38846,38848,38847,38851&quot;,&quot;gallery_block_focus_points&quot;:&quot;{\\&quot;38846\\&quot;:\\&quot;50% 50%\\&quot;,\\&quot;38847\\&quot;:\\&quot;50% 50%\\&quot;,\\&quot;38848\\&quot;:\\&quot;50% 50%\\&quot;,\\&quot;undefined\\&quot;:\\&quot;41% 21%\\&quot;}&quot;,&quot;image_data&quot;:[{&quot;url&quot;:&quot;https:\\\/\\\/www.greenpeace.org\\\/static\\\/planet4-poland-stateless\\\/2025\\\/11\\\/9c585210-kalendarz-2026-06-czerwiecj.jpg&quot;,&quot;focalPoint&quot;:{&quot;x&quot;:0.5,&quot;y&quot;:0.5},&quot;id&quot;:38846},{&quot;url&quot;:&quot;https:\\\/\\\/www.greenpeace.org\\\/static\\\/planet4-poland-stateless\\\/2025\\\/11\\\/9c585210-kalendarz-2026-10-pazdziernik.jpg&quot;,&quot;focalPoint&quot;:{&quot;x&quot;:0.5,&quot;y&quot;:0.5},&quot;id&quot;:38848},{&quot;url&quot;:&quot;https:\\\/\\\/www.greenpeace.org\\\/static\\\/planet4-poland-stateless\\\/2025\\\/11\\\/9c585210-kalendarz-2026-11-listopad.jpg&quot;,&quot;focalPoint&quot;:{&quot;x&quot;:0.5,&quot;y&quot;:0.5},&quot;id&quot;:38847},{&quot;url&quot;:&quot;https:\\\/\\\/www.greenpeace.org\\\/static\\\/planet4-poland-stateless\\\/2025\\\/11\\\/eab7c4df-kalendarz-2026-01-styczen.jpg&quot;,&quot;focalPoint&quot;:{&quot;x&quot;:0.5,&quot;y&quot;:0.5},&quot;id&quot;:38851}],&quot;className&quot;:&quot;is-style-grid&quot;,&quot;gallery_block_style&quot;:0,&quot;gallery_block_title&quot;:&quot;&quot;,&quot;gallery_block_description&quot;:&quot;&quot;,&quot;images&quot;:[{&quot;image_src&quot;:&quot;https:\\\/\\\/www.greenpeace.org\\\/static\\\/planet4-poland-stateless\\\/2025\\\/11\\\/9c585210-kalendarz-2026-06-czerwiecj.jpg&quot;,&quot;image_srcset&quot;:&quot;https:\\\/\\\/www.greenpeace.org\\\/static\\\/planet4-poland-stateless\\\/2025\\\/11\\\/9c585210-kalendarz-2026-06-czerwiecj.jpg 1920w, https:\\\/\\\/www.greenpeace.org\\\/static\\\/planet4-poland-stateless\\\/2025\\\/11\\\/9c585210-kalendarz-2026-06-czerwiecj-500x281.jpg 500w, https:\\\/\\\/www.greenpeace.org\\\/static\\\/planet4-poland-stateless\\\/2025\\\/11\\\/9c585210-kalendarz-2026-06-czerwiecj-1024x576.jpg 1024w, https:\\\/\\\/www.greenpeace.org\\\/static\\\/planet4-poland-stateless\\\/2025\\\/11\\\/9c585210-kalendarz-2026-06-czerwiecj-768x432.jpg 768w, https:\\\/\\\/www.greenpeace.org\\\/static\\\/planet4-poland-stateless\\\/2025\\\/11\\\/9c585210-kalendarz-2026-06-czerwiecj-1536x864.jpg 1536w, https:\\\/\\\/www.greenpeace.org\\\/static\\\/planet4-poland-stateless\\\/2025\\\/11\\\/9c585210-kalendarz-2026-06-czerwiecj-510x287.jpg 510w&quot;,&quot;image_sizes&quot;:false,&quot;alt_text&quot;:&quot;&quot;,&quot;caption&quot;:&quot;&quot;,&quot;focus_image&quot;:&quot;50% 50%&quot;,&quot;credits&quot;:&quot;&quot;},{&quot;image_src&quot;:&quot;https:\\\/\\\/www.greenpeace.org\\\/static\\\/planet4-poland-stateless\\\/2025\\\/11\\\/9c585210-kalendarz-2026-10-pazdziernik.jpg&quot;,&quot;image_srcset&quot;:&quot;https:\\\/\\\/www.greenpeace.org\\\/static\\\/planet4-poland-stateless\\\/2025\\\/11\\\/9c585210-kalendarz-2026-10-pazdziernik.jpg 1920w, https:\\\/\\\/www.greenpeace.org\\\/static\\\/planet4-poland-stateless\\\/2025\\\/11\\\/9c585210-kalendarz-2026-10-pazdziernik-500x281.jpg 500w, https:\\\/\\\/www.greenpeace.org\\\/static\\\/planet4-poland-stateless\\\/2025\\\/11\\\/9c585210-kalendarz-2026-10-pazdziernik-1024x576.jpg 1024w, https:\\\/\\\/www.greenpeace.org\\\/static\\\/planet4-poland-stateless\\\/2025\\\/11\\\/9c585210-kalendarz-2026-10-pazdziernik-768x432.jpg 768w, https:\\\/\\\/www.greenpeace.org\\\/static\\\/planet4-poland-stateless\\\/2025\\\/11\\\/9c585210-kalendarz-2026-10-pazdziernik-1536x864.jpg 1536w, https:\\\/\\\/www.greenpeace.org\\\/static\\\/planet4-poland-stateless\\\/2025\\\/11\\\/9c585210-kalendarz-2026-10-pazdziernik-510x287.jpg 510w&quot;,&quot;image_sizes&quot;:false,&quot;alt_text&quot;:&quot;&quot;,&quot;caption&quot;:&quot;&quot;,&quot;focus_image&quot;:&quot;50% 50%&quot;,&quot;credits&quot;:&quot;&quot;},{&quot;image_src&quot;:&quot;https:\\\/\\\/www.greenpeace.org\\\/static\\\/planet4-poland-stateless\\\/2025\\\/11\\\/9c585210-kalendarz-2026-11-listopad.jpg&quot;,&quot;image_srcset&quot;:&quot;https:\\\/\\\/www.greenpeace.org\\\/static\\\/planet4-poland-stateless\\\/2025\\\/11\\\/9c585210-kalendarz-2026-11-listopad.jpg 1920w, https:\\\/\\\/www.greenpeace.org\\\/static\\\/planet4-poland-stateless\\\/2025\\\/11\\\/9c585210-kalendarz-2026-11-listopad-500x281.jpg 500w, https:\\\/\\\/www.greenpeace.org\\\/static\\\/planet4-poland-stateless\\\/2025\\\/11\\\/9c585210-kalendarz-2026-11-listopad-1024x576.jpg 1024w, https:\\\/\\\/www.greenpeace.org\\\/static\\\/planet4-poland-stateless\\\/2025\\\/11\\\/9c585210-kalendarz-2026-11-listopad-768x432.jpg 768w, https:\\\/\\\/www.greenpeace.org\\\/static\\\/planet4-poland-stateless\\\/2025\\\/11\\\/9c585210-kalendarz-2026-11-listopad-1536x864.jpg 1536w, https:\\\/\\\/www.greenpeace.org\\\/static\\\/planet4-poland-stateless\\\/2025\\\/11\\\/9c585210-kalendarz-2026-11-listopad-510x287.jpg 510w&quot;,&quot;image_sizes&quot;:false,&quot;alt_text&quot;:&quot;&quot;,&quot;caption&quot;:&quot;&quot;,&quot;focus_image&quot;:&quot;50% 50%&quot;,&quot;credits&quot;:&quot;&quot;},{&quot;image_src&quot;:&quot;https:\\\/\\\/www.greenpeace.org\\\/static\\\/planet4-poland-stateless\\\/2025\\\/11\\\/eab7c4df-kalendarz-2026-01-styczen.jpg&quot;,&quot;image_srcset&quot;:&quot;https:\\\/\\\/www.greenpeace.org\\\/static\\\/planet4-poland-stateless\\\/2025\\\/11\\\/eab7c4df-kalendarz-2026-01-styczen.jpg 1920w, https:\\\/\\\/www.greenpeace.org\\\/static\\\/planet4-poland-stateless\\\/2025\\\/11\\\/eab7c4df-kalendarz-2026-01-styczen-500x281.jpg 500w, https:\\\/\\\/www.greenpeace.org\\\/static\\\/planet4-poland-stateless\\\/2025\\\/11\\\/eab7c4df-kalendarz-2026-01-styczen-1024x576.jpg 1024w, https:\\\/\\\/www.greenpeace.org\\\/static\\\/planet4-poland-stateless\\\/2025\\\/11\\\/eab7c4df-kalendarz-2026-01-styczen-768x432.jpg 768w, https:\\\/\\\/www.greenpeace.org\\\/static\\\/planet4-poland-stateless\\\/2025\\\/11\\\/eab7c4df-kalendarz-2026-01-styczen-1536x864.jpg 1536w, https:\\\/\\\/www.greenpeace.org\\\/static\\\/planet4-poland-stateless\\\/2025\\\/11\\\/eab7c4df-kalendarz-2026-01-styczen-510x287.jpg 510w&quot;,&quot;image_sizes&quot;:false,&quot;alt_text&quot;:&quot;&quot;,&quot;caption&quot;:&quot;&quot;,&quot;focus_image&quot;:&quot;&quot;,&quot;credits&quot;:&quot;&quot;}]}}\"><section class=\"block gallery-grid is-style-grid\"><\/section><\/div>\n<h3 class=\"wp-block-heading\">Zawalczmy razem o lepszy \u015bwiat<\/h3>\n\n<p>Wyobra\u017a sobie \u015bwiat, w kt\u00f3rym dzikie zwierz\u0119ta mog\u0105 spokojnie \u017cy\u0107, nie obawiaj\u0105c si\u0119 utraty swoich naturalnych siedlisk. Stare lasy pe\u0142ne s\u0105 dzikich zwierz\u0105t i nie grozi im wycinka. Morza i rzeki s\u0105 chronione i pe\u0142ne \u017cycia, a zapylacze mog\u0105 \u015bmiga\u0107 po polach, niezagro\u017cone toksyczn\u0105 chemi\u0105. \u015awiat, kt\u00f3ry odszed\u0142 od spalania paliw kopalnych, a klimat przesta\u0142 si\u0119 gwa\u0142townie zmienia\u0107. To od nas zale\u017cy, jak b\u0119dzie wygl\u0105da\u0107 przysz\u0142o\u015b\u0107. Czy przysz\u0142e pokolenia b\u0119d\u0105 mia\u0142y szanse podziwia\u0107 pi\u0119kno przyrody i \u017cy\u0107 w bezpiecznym \u015bwiecie?<\/p>\n<div data-hydrate=\"planet4-blocks\/gallery\" data-attributes=\"{&quot;attributes&quot;:{&quot;multiple_image&quot;:&quot;38855,38857,38856,38858&quot;,&quot;gallery_block_focus_points&quot;:&quot;{\\&quot;38855\\&quot;:\\&quot;38% 28%\\&quot;,\\&quot;38856\\&quot;:\\&quot;34% 34%\\&quot;,\\&quot;38857\\&quot;:\\&quot;27% 44%\\&quot;,\\&quot;38858\\&quot;:\\&quot;50% 50%\\&quot;}&quot;,&quot;image_data&quot;:[{&quot;url&quot;:&quot;https:\\\/\\\/www.greenpeace.org\\\/static\\\/planet4-poland-stateless\\\/2025\\\/11\\\/7cbd0e91-kalendarz-2026-03-marzec.jpg&quot;,&quot;focalPoint&quot;:{&quot;x&quot;:&quot;0.38&quot;,&quot;y&quot;:&quot;0.28&quot;},&quot;id&quot;:38855},{&quot;url&quot;:&quot;https:\\\/\\\/www.greenpeace.org\\\/static\\\/planet4-poland-stateless\\\/2025\\\/11\\\/f0fed574-kalendarz-2026-07-lipiec.jpg&quot;,&quot;focalPoint&quot;:{&quot;x&quot;:&quot;0.27&quot;,&quot;y&quot;:&quot;0.44&quot;},&quot;id&quot;:38857},{&quot;url&quot;:&quot;https:\\\/\\\/www.greenpeace.org\\\/static\\\/planet4-poland-stateless\\\/2025\\\/11\\\/7cbd0e91-kalendarz-2026-09-wrzesien.jpg&quot;,&quot;focalPoint&quot;:{&quot;x&quot;:&quot;0.34&quot;,&quot;y&quot;:&quot;0.34&quot;},&quot;id&quot;:38856},{&quot;url&quot;:&quot;https:\\\/\\\/www.greenpeace.org\\\/static\\\/planet4-poland-stateless\\\/2025\\\/11\\\/f0fed574-kalendarz-2026-12-grudzien.jpg&quot;,&quot;focalPoint&quot;:{&quot;x&quot;:0.5,&quot;y&quot;:0.5},&quot;id&quot;:38858}],&quot;className&quot;:&quot;is-style-grid&quot;,&quot;gallery_block_style&quot;:0,&quot;gallery_block_title&quot;:&quot;&quot;,&quot;gallery_block_description&quot;:&quot;&quot;,&quot;images&quot;:[{&quot;image_src&quot;:&quot;https:\\\/\\\/www.greenpeace.org\\\/static\\\/planet4-poland-stateless\\\/2025\\\/11\\\/7cbd0e91-kalendarz-2026-03-marzec.jpg&quot;,&quot;image_srcset&quot;:&quot;https:\\\/\\\/www.greenpeace.org\\\/static\\\/planet4-poland-stateless\\\/2025\\\/11\\\/7cbd0e91-kalendarz-2026-03-marzec.jpg 1920w, https:\\\/\\\/www.greenpeace.org\\\/static\\\/planet4-poland-stateless\\\/2025\\\/11\\\/7cbd0e91-kalendarz-2026-03-marzec-500x281.jpg 500w, https:\\\/\\\/www.greenpeace.org\\\/static\\\/planet4-poland-stateless\\\/2025\\\/11\\\/7cbd0e91-kalendarz-2026-03-marzec-1024x576.jpg 1024w, https:\\\/\\\/www.greenpeace.org\\\/static\\\/planet4-poland-stateless\\\/2025\\\/11\\\/7cbd0e91-kalendarz-2026-03-marzec-768x432.jpg 768w, https:\\\/\\\/www.greenpeace.org\\\/static\\\/planet4-poland-stateless\\\/2025\\\/11\\\/7cbd0e91-kalendarz-2026-03-marzec-1536x864.jpg 1536w, https:\\\/\\\/www.greenpeace.org\\\/static\\\/planet4-poland-stateless\\\/2025\\\/11\\\/7cbd0e91-kalendarz-2026-03-marzec-510x287.jpg 510w&quot;,&quot;image_sizes&quot;:false,&quot;alt_text&quot;:&quot;&quot;,&quot;caption&quot;:&quot;&quot;,&quot;focus_image&quot;:&quot;38% 28%&quot;,&quot;credits&quot;:&quot;&quot;},{&quot;image_src&quot;:&quot;https:\\\/\\\/www.greenpeace.org\\\/static\\\/planet4-poland-stateless\\\/2025\\\/11\\\/f0fed574-kalendarz-2026-07-lipiec.jpg&quot;,&quot;image_srcset&quot;:&quot;https:\\\/\\\/www.greenpeace.org\\\/static\\\/planet4-poland-stateless\\\/2025\\\/11\\\/f0fed574-kalendarz-2026-07-lipiec.jpg 1920w, https:\\\/\\\/www.greenpeace.org\\\/static\\\/planet4-poland-stateless\\\/2025\\\/11\\\/f0fed574-kalendarz-2026-07-lipiec-500x281.jpg 500w, https:\\\/\\\/www.greenpeace.org\\\/static\\\/planet4-poland-stateless\\\/2025\\\/11\\\/f0fed574-kalendarz-2026-07-lipiec-1024x576.jpg 1024w, https:\\\/\\\/www.greenpeace.org\\\/static\\\/planet4-poland-stateless\\\/2025\\\/11\\\/f0fed574-kalendarz-2026-07-lipiec-768x432.jpg 768w, https:\\\/\\\/www.greenpeace.org\\\/static\\\/planet4-poland-stateless\\\/2025\\\/11\\\/f0fed574-kalendarz-2026-07-lipiec-1536x864.jpg 1536w, https:\\\/\\\/www.greenpeace.org\\\/static\\\/planet4-poland-stateless\\\/2025\\\/11\\\/f0fed574-kalendarz-2026-07-lipiec-510x287.jpg 510w&quot;,&quot;image_sizes&quot;:false,&quot;alt_text&quot;:&quot;&quot;,&quot;caption&quot;:&quot;&quot;,&quot;focus_image&quot;:&quot;27% 44%&quot;,&quot;credits&quot;:&quot;&quot;},{&quot;image_src&quot;:&quot;https:\\\/\\\/www.greenpeace.org\\\/static\\\/planet4-poland-stateless\\\/2025\\\/11\\\/7cbd0e91-kalendarz-2026-09-wrzesien.jpg&quot;,&quot;image_srcset&quot;:&quot;https:\\\/\\\/www.greenpeace.org\\\/static\\\/planet4-poland-stateless\\\/2025\\\/11\\\/7cbd0e91-kalendarz-2026-09-wrzesien.jpg 1920w, https:\\\/\\\/www.greenpeace.org\\\/static\\\/planet4-poland-stateless\\\/2025\\\/11\\\/7cbd0e91-kalendarz-2026-09-wrzesien-500x281.jpg 500w, https:\\\/\\\/www.greenpeace.org\\\/static\\\/planet4-poland-stateless\\\/2025\\\/11\\\/7cbd0e91-kalendarz-2026-09-wrzesien-1024x576.jpg 1024w, https:\\\/\\\/www.greenpeace.org\\\/static\\\/planet4-poland-stateless\\\/2025\\\/11\\\/7cbd0e91-kalendarz-2026-09-wrzesien-768x432.jpg 768w, https:\\\/\\\/www.greenpeace.org\\\/static\\\/planet4-poland-stateless\\\/2025\\\/11\\\/7cbd0e91-kalendarz-2026-09-wrzesien-1536x864.jpg 1536w, https:\\\/\\\/www.greenpeace.org\\\/static\\\/planet4-poland-stateless\\\/2025\\\/11\\\/7cbd0e91-kalendarz-2026-09-wrzesien-510x287.jpg 510w&quot;,&quot;image_sizes&quot;:false,&quot;alt_text&quot;:&quot;&quot;,&quot;caption&quot;:&quot;&quot;,&quot;focus_image&quot;:&quot;34% 34%&quot;,&quot;credits&quot;:&quot;&quot;},{&quot;image_src&quot;:&quot;https:\\\/\\\/www.greenpeace.org\\\/static\\\/planet4-poland-stateless\\\/2025\\\/11\\\/f0fed574-kalendarz-2026-12-grudzien.jpg&quot;,&quot;image_srcset&quot;:&quot;https:\\\/\\\/www.greenpeace.org\\\/static\\\/planet4-poland-stateless\\\/2025\\\/11\\\/f0fed574-kalendarz-2026-12-grudzien.jpg 1920w, https:\\\/\\\/www.greenpeace.org\\\/static\\\/planet4-poland-stateless\\\/2025\\\/11\\\/f0fed574-kalendarz-2026-12-grudzien-500x281.jpg 500w, https:\\\/\\\/www.greenpeace.org\\\/static\\\/planet4-poland-stateless\\\/2025\\\/11\\\/f0fed574-kalendarz-2026-12-grudzien-1024x576.jpg 1024w, https:\\\/\\\/www.greenpeace.org\\\/static\\\/planet4-poland-stateless\\\/2025\\\/11\\\/f0fed574-kalendarz-2026-12-grudzien-768x432.jpg 768w, https:\\\/\\\/www.greenpeace.org\\\/static\\\/planet4-poland-stateless\\\/2025\\\/11\\\/f0fed574-kalendarz-2026-12-grudzien-1536x864.jpg 1536w, https:\\\/\\\/www.greenpeace.org\\\/static\\\/planet4-poland-stateless\\\/2025\\\/11\\\/f0fed574-kalendarz-2026-12-grudzien-510x287.jpg 510w&quot;,&quot;image_sizes&quot;:false,&quot;alt_text&quot;:&quot;&quot;,&quot;caption&quot;:&quot;&quot;,&quot;focus_image&quot;:&quot;50% 50%&quot;,&quot;credits&quot;:&quot;&quot;}]}}\"><section class=\"block gallery-grid is-style-grid\"><\/section><\/div>\n<h2 class=\"wp-block-heading has-text-align-center\">Do\u0142\u0105cz do os\u00f3b regularnie wspieraj\u0105cych ochron\u0119 przyrody i zam\u00f3w sw\u00f3j kalendarz<\/h2>\n\n<div class=\"wp-block-buttons is-content-justification-center is-layout-flex wp-container-core-buttons-is-layout-16018d1d wp-block-buttons-is-layout-flex\">\n<div class=\"wp-block-button is-style-cta\"><a class=\"wp-block-button__link has-medium-font-size has-custom-font-size wp-element-button\" href=\"https:\/\/wspieram.greenpeace.pl\/lp\/prezentownik-kalendarz?fundraiser=gppl\">Wspieraj i zam\u00f3w kalendarz<\/a><\/div>\n<\/div>\n\n<h3 class=\"wp-block-heading\">Razem mamy moc!&nbsp;<\/h3>\n\n<p>To od nas zale\u017cy, jak b\u0119dzie wygl\u0105da\u0142a przysz\u0142o\u015b\u0107 naszej planety. Mamy nadziej\u0119, \u017ce rok 2026 przyniesie wiele dobrego, a nasze dzia\u0142ania b\u0119d\u0105 jeszcze skuteczniejsze. Z Twoim wsparciem, to b\u0119dzie \u0142atwiejsze.<\/p>\n\n<p>Chcemy jak najd\u0142u\u017cej m\u00f3c cieszy\u0107 si\u0119 dzik\u0105 przyrod\u0105, kt\u00f3r\u0105 uwiecznili\u015bmy na zdj\u0119ciach w kalendarzu. Aby by\u0142o to mo\u017cliwe musimy dzia\u0142a\u0107. <strong>Ma\u0142e, ale regularne wsparcie finansowe stanowi o naszym by\u0107 albo nie by\u0107<\/strong>, <strong>poniewa\u017c nie przyjmujemy pieni\u0119dzy od biznesu, dotacji pa\u0144stwowych czy unijnych &#8211; wsparcie indywidualnych os\u00f3b jest podstaw\u0105 naszego dzia\u0142ania dla \u015brodowiska.<\/strong><\/p>\n\n<div class=\"wp-block-columns are-vertically-aligned-center is-layout-flex wp-container-core-columns-is-layout-9d6595d7 wp-block-columns-is-layout-flex\">\n<div class=\"wp-block-column is-vertically-aligned-center is-layout-flow wp-block-column-is-layout-flow\">\n<div class=\"wp-block-cover is-light\"><video class=\"wp-block-cover__video-background intrinsic-ignore\" autoplay muted loop playsinline src=\"https:\/\/www.greenpeace.org\/static\/planet4-poland-stateless\/2025\/11\/48138025-kalendarz-mockup-animacja.mp4\" data-object-fit=\"cover\"><\/video><span aria-hidden=\"true\" class=\"wp-block-cover__background has-background-dim-0 has-background-dim\"><\/span><div class=\"wp-block-cover__inner-container is-layout-flow wp-block-cover-is-layout-flow\">\n<p class=\"has-text-align-center has-large-font-size\"><\/p>\n<\/div><\/div>\n<\/div>\n\n\n\n<div class=\"wp-block-column is-vertically-aligned-center is-layout-flow wp-block-column-is-layout-flow\">\n<h1 class=\"wp-block-heading has-x-large-font-size\" style=\"font-style:normal;font-weight:900\"><strong>NIE CHCESZ PAPIERU?<\/strong><\/h1>\n\n\n\n<p>Super, \u017ce chcesz chroni\u0107 przyrod\u0119 i dbasz o to, by nie produkowa\u0107 zb\u0119dnych gad\u017cet\u00f3w. Mamy dla Ciebie pi\u0119kne tapety na kom\u00f3rk\u0119 i komputer ze zdj\u0119ciami z kalendarza! Zaznacz to po prostu w formularzu, kt\u00f3ry otrzymasz po udanej pierwszej transakcji \ud83d\ude42<\/p>\n<\/div>\n<\/div>\n\n<section class=\"block accordion-block wp-block-planet4-blocks-accordion is-style-dark\"><header><h2 class=\"page-section-header\">Pytania i odpowiedzi<\/h2><\/header><div class=\"accordion-content\"><div class=\"accordion-headline\" name=\"W jaki spos\u00f3b mog\u0119 zam\u00f3wi\u0107 kalendarz?\">W jaki spos\u00f3b mog\u0119 zam\u00f3wi\u0107 kalendarz?<\/div><div class=\"panel panel-hidden\"><p class=\"accordion-text\">Kalendarz jest naszym podzi\u0119kowaniem dla os\u00f3b, kt\u00f3re zdecyduj\u0105 si\u0119 na regularne wspieranie comiesi\u0119cznymi darowiznami online naszych dzia\u0142a\u0144 na rzecz ochrony przyrody i klimatu. Po rozpocz\u0119ciu wsparcia poprzez <a href=\"https:\/\/wspieram.greenpeace.pl\/lp\/prezentownik-kalendarz?fundraiser=gppl\">formularz<\/a>, otrzymasz maila z podzi\u0119kowaniem i linkiem do zam\u00f3wienia wysy\u0142ki kalendarza. Mo\u017cesz w nim r\u00f3wnie\u017c zaznaczy\u0107, \u017ce nie chcesz papierowej wersji kalendarza, a jedynie zdj\u0119cia z kalendarzem jako t\u0142a na pulpit komputera.<\/p><\/div><\/div><div class=\"accordion-content\"><div class=\"accordion-headline\" name=\"Kiedy otrzymam kalendarz?\">Kiedy otrzymam kalendarz?<\/div><div class=\"panel panel-hidden\"><p class=\"accordion-text\">Kalendarze staramy si\u0119 wysy\u0142a\u0107 na bie\u017c\u0105co, na og\u00f3\u0142 w ci\u0105gu kilku dni roboczych od rozpocz\u0119cia wsparcia i wype\u0142nienia formularza wysy\u0142ki.<\/p><\/div><\/div><div class=\"accordion-content\"><div class=\"accordion-headline\" name=\"Co, je\u015bli nie chc\u0119 papierowego kalendarza?\">Co, je\u015bli nie chc\u0119 papierowego kalendarza?<\/div><div class=\"panel panel-hidden\"><p class=\"accordion-text\">Super, \u017ce chcesz wspiera\u0107 ochron\u0119 przyrody, ale nie chcesz dodatkowych gad\u017cet\u00f3w. Specjalnie dla Ciebie przygotowali\u015bmy r\u00f3wnie\u017c zdj\u0119cia z kalendarza na ka\u017cdy miesi\u0105c w wysokiej rozdzielczo\u015bci jako pi\u0119kne tapety na pulpit komputera lub telefonu. Po udanej transakcji dostaniesz maila z linkiem do zam\u00f3wienia kalendarza. Tam mo\u017cesz zaznaczy\u0107, \u017ce nie chcesz wersji papierowej i otrzymasz link do plik\u00f3w ze zdj\u0119ciami.<\/p><\/div><\/div><div class=\"accordion-content\"><div class=\"accordion-headline\" name=\"Czy mog\u0119 otrzyma\u0107 kalendarz, przekazuj\u0105c wam jednorazow\u0105 darowizn\u0119?\">Czy mog\u0119 otrzyma\u0107 kalendarz, przekazuj\u0105c wam jednorazow\u0105 darowizn\u0119?<\/div><div class=\"panel panel-hidden\"><p class=\"accordion-text\">Kalendarz jest form\u0105 podzi\u0119kowania za wsparcie regularne, czyli takie, kt\u00f3re automatycznie odnawia si\u0119 co miesi\u0105c. To w\u0142a\u015bnie takie wp\u0142aty &#8211; cho\u0107by niewielkie &#8211; pozwalaj\u0105 nam skuteczniej planowa\u0107 i realizowa\u0107 dzia\u0142ania. Dlatego jest on dost\u0119pny tylko dla os\u00f3b, kt\u00f3re zdecyduj\u0105 si\u0119 na t\u0119 szczeg\u00f3lnie dla nas wa\u017cn\u0105 form\u0119 wspierania.<\/p><\/div><\/div><div class=\"accordion-content\"><div class=\"accordion-headline\" name=\"Co to jest wsparcie regularne \/ comiesi\u0119czne?\">Co to jest wsparcie regularne \/ comiesi\u0119czne?<\/div><div class=\"panel panel-hidden\"><p class=\"accordion-text\">To wsparcie finansowe dzia\u0142a\u0144 Greenpeace polegaj\u0105ce na automatycznym przekazywaniu drobnych darowizn za po\u015brednictwem karty p\u0142atniczej lub PayPal. Po pierwszej transakcji dokonanej przez formularz na stronie <a href=\"https:\/\/wspieram.greenpeace.pl\/lp\/prezentownik-kalendarz?fundraiser=gppl\">https:\/\/wspieram.greenpeace.pl\/lp\/prezentownik-kalendarz<\/a>, kolejne datki b\u0119d\u0105 raz na miesi\u0105c pobierane automatycznie w zadeklarowanej przez Ciebie pocz\u0105tkowo kwocie. W ka\u017cdej chwili mo\u017cesz zmieni\u0107 wysoko\u015b\u0107 darowizny, czasowo j\u0105 zawiesi\u0107 lub anulowa\u0107, pisz\u0105c do nas na adres spl@greenpeace.org. <\/p><\/div><\/div><div class=\"accordion-content\"><div class=\"accordion-headline\" name=\"Nie mam karty kredytowej - czy mog\u0119 was wpiera\u0107 regularnie?\">Nie mam karty kredytowej &#8211; czy mog\u0119 was wpiera\u0107 regularnie?<\/div><div class=\"panel panel-hidden\"><p class=\"accordion-text\">Tak, obecnie wi\u0119kszo\u015b\u0107 kart p\u0142atniczych &#8211; r\u00f3wnie\u017c debetowych &#8211; obs\u0142uguje transakcje cykliczne, tak\u017ce nie powinno by\u0107 z tym problemu, nawet je\u015bli nie masz karty kredytowej. Dost\u0119pna jest tak\u017ce p\u0142atno\u015b\u0107 poprzez konto w PayPal.<\/p><\/div><\/div><div class=\"accordion-content\"><div class=\"accordion-headline\" name=\"Jak wy\u015blecie kalendarz?\">Jak wy\u015blecie kalendarz?<\/div><div class=\"panel panel-hidden\"><p class=\"accordion-text\">Kalendarz b\u0119dziemy wysy\u0142a\u0107 do wskazanego przez Ciebie paczkomatu. Je\u015bli jednak wolisz tradycyjn\u0105 przesy\u0142k\u0119, koniecznie zaznacz to w uwagach w formularzu zam\u00f3wienia.<\/p><\/div><\/div><\/section>\n\n<p class=\"has-yellow-background-color has-background\">Je\u015bli masz pytania dotycz\u0105ce wspierania Greenpeace lub kalendarza, na kt\u00f3re nie ma odpowiedzi na tej stronie, napisz do nas na adres spl@greenpeace.org<\/p>\n","protected":false},"excerpt":{"rendered":"<p>Wspieraj ochron\u0119 polskiej przyrody i otrzymaj pi\u0119kny kalendarz przyrodniczy Greenpeace na rok 2026<\/p>\n","protected":false},"author":25,"featured_media":38317,"parent":0,"menu_order":0,"comment_status":"closed","ping_status":"closed","template":"","meta":{"ep_exclude_from_search":false,"p4_hide_page_title_checkbox":"","p4_title":"","p4_subtitle":"","p4_description":"","background_image_id":"","background_image":"","p4_button_title":"","p4_button_link":"","p4_button_link_checkbox":"","p4_og_title":"Kalendarz Greenpeace 2026","p4_og_description":"B\u0105d\u017a bli\u017cej przyrody, wspieraj jej ochron\u0119 i zam\u00f3w sw\u00f3j kalendarz na rok 2026","p4_og_image":"https:\/\/www.greenpeace.org\/static\/planet4-poland-stateless\/2025\/10\/4b116660-kalendarz-2026-zestaw.png","p4_og_image_id":"38317","p4_seo_canonical_url":"","p4_campaign_name":"not set","p4_local_project":"not set","p4_basket_name":"not set","p4_department":"","footnotes":""},"categories":[],"tags":[],"class_list":["post-30738","page","type-page","status-publish","has-post-thumbnail","hentry"],"_links":{"self":[{"href":"https:\/\/www.greenpeace.org\/poland\/wp-json\/wp\/v2\/pages\/30738","targetHints":{"allow":["GET"]}}],"collection":[{"href":"https:\/\/www.greenpeace.org\/poland\/wp-json\/wp\/v2\/pages"}],"about":[{"href":"https:\/\/www.greenpeace.org\/poland\/wp-json\/wp\/v2\/types\/page"}],"author":[{"embeddable":true,"href":"https:\/\/www.greenpeace.org\/poland\/wp-json\/wp\/v2\/users\/25"}],"replies":[{"embeddable":true,"href":"https:\/\/www.greenpeace.org\/poland\/wp-json\/wp\/v2\/comments?post=30738"}],"version-history":[{"count":19,"href":"https:\/\/www.greenpeace.org\/poland\/wp-json\/wp\/v2\/pages\/30738\/revisions"}],"predecessor-version":[{"id":39152,"href":"https:\/\/www.greenpeace.org\/poland\/wp-json\/wp\/v2\/pages\/30738\/revisions\/39152"}],"wp:featuredmedia":[{"embeddable":true,"href":"https:\/\/www.greenpeace.org\/poland\/wp-json\/wp\/v2\/media\/38317"}],"wp:attachment":[{"href":"https:\/\/www.greenpeace.org\/poland\/wp-json\/wp\/v2\/media?parent=30738"}],"wp:term":[{"taxonomy":"category","embeddable":true,"href":"https:\/\/www.greenpeace.org\/poland\/wp-json\/wp\/v2\/categories?post=30738"},{"taxonomy":"post_tag","embeddable":true,"href":"https:\/\/www.greenpeace.org\/poland\/wp-json\/wp\/v2\/tags?post=30738"}],"curies":[{"name":"wp","href":"https:\/\/api.w.org\/{rel}","templated":true}]}}