{"id":32930,"date":"2023-05-30T18:46:39","date_gmt":"2023-05-30T16:46:39","guid":{"rendered":"https:\/\/www.greenpeace.org\/poland\/?page_id=32930"},"modified":"2026-04-08T10:55:32","modified_gmt":"2026-04-08T08:55:32","slug":"puszcza-karpacka","status":"publish","type":"page","link":"https:\/\/www.greenpeace.org\/poland\/dowiedz-sie\/przyroda\/puszcza-karpacka\/","title":{"rendered":"Puszcza Karpacka"},"content":{"rendered":"\n\n<div class=\"wp-block-group alignfull is-layout-flow wp-block-group-is-layout-flow\" style=\"padding-top:0px;padding-bottom:0px\">\n<div class=\"wp-block-group container is-layout-flow wp-block-group-is-layout-flow\">\n<div class=\"wp-block-media-text alignfull has-media-on-the-right is-stacked-on-mobile is-pattern-p4-page-header is-style-parallax\"><div class=\"wp-block-media-text__content\">\n<div class=\"wp-block-group is-layout-flow wp-block-group-is-layout-flow\">\n<h1 class=\"wp-block-heading has-white-background-color has-background\">Puszcza Karpacka<\/h1>\n<\/div>\n\n\n\n<p style=\"font-size:1.25rem\">Puszcza Karpacka, kt\u00f3ra porasta Bieszczady i Pog\u00f3rze Przemyskie jest uznawana za najcenniejszy las g\u00f3rski w Polsce. Jest najwa\u017cniejsz\u0105 w naszym kraju ostoj\u0105 dla licznych gatunk\u00f3w rzadkich ro\u015blin i zwierz\u0105t, w tym dla symboli polskiej przyrody: nied\u017awiedzi, rysi, \u017cbik\u00f3w, wilk\u00f3w czy or\u0142\u00f3w przednich.<\/p>\n\n\n\n<div class=\"wp-block-buttons is-layout-flex wp-block-buttons-is-layout-flex\">\n<div class=\"wp-block-button is-style-cta\"><a class=\"wp-block-button__link wp-element-button\" href=\"https:\/\/ratujmykarpaty.pl\">Podpisz: Ratujmy Karpaty!<\/a><\/div>\n<\/div>\n<\/div><figure class=\"wp-block-media-text__media\"><img loading=\"lazy\" decoding=\"async\" width=\"1024\" height=\"683\" src=\"https:\/\/www.greenpeace.org\/static\/planet4-poland-stateless\/2023\/05\/fe2835ef-gp0stq2sm_medium_res-1024x683.jpg\" alt=\"\" sizes=\"auto, (min-width: 601px) 50vw, 100vw\" srcset=\"https:\/\/www.greenpeace.org\/static\/planet4-poland-stateless\/2023\/05\/fe2835ef-gp0stq2sm_medium_res.jpg 1200w, https:\/\/www.greenpeace.org\/static\/planet4-poland-stateless\/2023\/05\/fe2835ef-gp0stq2sm_medium_res-500x333.jpg 500w, https:\/\/www.greenpeace.org\/static\/planet4-poland-stateless\/2023\/05\/fe2835ef-gp0stq2sm_medium_res-1024x683.jpg 1024w, https:\/\/www.greenpeace.org\/static\/planet4-poland-stateless\/2023\/05\/fe2835ef-gp0stq2sm_medium_res-768x512.jpg 768w, https:\/\/www.greenpeace.org\/static\/planet4-poland-stateless\/2023\/05\/fe2835ef-gp0stq2sm_medium_res-510x340.jpg 510w\" class=\"wp-image-32997 size-full\"\/><\/figure><\/div>\n<\/div>\n<\/div>\n\n\n<div class=\"wp-block-group is-pattern-p4-deep-dive-topic-pattern-layout is-layout-flow wp-block-group-is-layout-flow\">\n\n<div class=\"wp-block-columns alignwide is-layout-flex wp-container-core-columns-is-layout-9d6595d7 wp-block-columns-is-layout-flex\">\n<div class=\"wp-block-column is-layout-flow wp-block-column-is-layout-flow\" style=\"flex-basis:50%\">\n<figure class=\"wp-block-embed is-type-video is-provider-youtube wp-block-embed-youtube wp-embed-aspect-16-9 wp-has-aspect-ratio\"><div class=\"wp-block-embed__wrapper\">\n<iframe loading=\"lazy\" title=\"Jak Lasy Pa\u0144stwowe wycinaj\u0105 Puszcz\u0119 Karpack\u0105\" width=\"500\" height=\"281\" src=\"https:\/\/www.youtube-nocookie.com\/embed\/zx2WCIXuF84?feature=oembed&#038;rel=0\" frameborder=\"0\" allow=\"accelerometer; autoplay; clipboard-write; encrypted-media; gyroscope; picture-in-picture; web-share\" referrerpolicy=\"strict-origin-when-cross-origin\" allowfullscreen><\/iframe>\n<\/div><\/figure>\n<\/div>\n\n\n\n<div class=\"wp-block-column is-layout-flow wp-block-column-is-layout-flow\" style=\"flex-basis:50%\">\n<h2 class=\"wp-block-heading\"><strong>Co to jest Puszcza Karpacka i dlaczego jest wa\u017cna?<\/strong><\/h2>\n\n\n\n<p>Karpaty s\u0105 ogromn\u0105 mozaik\u0105 siedlisk i domem dla najwi\u0119kszej europejskiej populacji nied\u017awiedzi brunatnych poza Rosj\u0105. Rysie i wilki przemierzaj\u0105 te lasy wraz z \u017cbikami i \u017cubrami. Oko\u0142o 140 gatunk\u00f3w ptak\u00f3w zamieszkuje ich drzewa i niebo, a liczne gatunki ryb, traszki i \u017caby p\u0142ywaj\u0105 w ich wodach. Lasy Karpat odgrywaj\u0105 kluczow\u0105 rol\u0119 w walce z kryzysem klimatycznym. Starsze, bardziej dojrza\u0142e lasy magazynuj\u0105 wi\u0119cej w\u0119gla, zatrzymuj\u0105 wod\u0119, zapewniaj\u0105 schronienie i ochron\u0119 przed powodziami, suszami i innymi ekstremalnymi warunkami pogodowymi. <\/p>\n<\/div>\n<\/div>\n\n\n\n\n<h2 class=\"wp-block-heading\"><strong>Zwierz\u0119ta i ro\u015bliny Karpat<\/strong><\/h2>\n\n\n\n<p>Lasy karpackie nale\u017c\u0105 do najwa\u017cniejszych ostoi flory i fauny na kontynencie europejskim. W po\u0142\u0105czeniu z niezwykle r\u00f3\u017cnorodnymi gatunkowo dzikimi \u0142\u0105kami i swobodnie p\u0142yn\u0105cymi rzekami tworz\u0105 pot\u0119\u017cn\u0105 mozaik\u0119 siedlisk &#8211; ostoj\u0119 dla niezwyk\u0142ej liczby gatunk\u00f3w endemicznych i dom najwi\u0119kszej europejskiej populacji nied\u017awiedzi brunatnych poza Rosj\u0105. Rysie i wilki przemierzaj\u0105 te lasy wraz z \u017cbikami i \u017cubrami. Drzewa zamieszkuje oko\u0142o 140 gatunk\u00f3w ptak\u00f3w, w tym puszczyk uralski, g\u0142uszec, dzi\u0119cio\u0142 tr\u00f3jpalczasty czy orze\u0142 cesarski, z kt\u00f3rych wiele znajduje si\u0119 na czerwonej li\u015bcie gatunk\u00f3w zagro\u017conych wydanej przez Mi\u0119dzynarodow\u0105 Uni\u0119 Ochrony Przyrody (IUCN). Karpackie wody s\u0105 domem dla wielu gatunk\u00f3w ryb, traszek i \u017cab, a \u0142\u0105ki t\u0119tni\u0105 \u017cyciem owad\u00f3w zapylaj\u0105cych.<\/p>\n\n\n\n<div class=\"wp-block-group alignfull block has-beige-100-background-color has-background is-layout-flow wp-block-group-is-layout-flow\">\n<div class=\"wp-block-group container is-layout-flow wp-block-group-is-layout-flow\">\n<div style=\"height:24px\" aria-hidden=\"true\" class=\"wp-block-spacer\"><\/div>\n\n\n\n<h4 class=\"wp-block-heading\"><\/h4>\n\n\n\n<div class=\"wp-block-columns is-not-stacked-on-mobile is-style-mobile-carousel is-layout-flex wp-container-core-columns-is-layout-9d6595d7 wp-block-columns-is-layout-flex\">\n<div class=\"wp-block-column is-layout-flow wp-block-column-is-layout-flow\">\n<div class=\"wp-block-group group-stretched-link is-layout-flow wp-block-group-is-layout-flow\">\n<figure class=\"wp-block-image aligncenter size-large is-resized force-no-lightbox force-no-caption mb-0 is-style-rounded-180\"><img loading=\"lazy\" decoding=\"async\" width=\"1024\" height=\"576\" src=\"https:\/\/www.greenpeace.org\/static\/planet4-poland-stateless\/2022\/11\/c0dc81f2-kalendarz-lipiec-1024x576.jpg\" alt=\"\" class=\"wp-image-32260\" srcset=\"https:\/\/www.greenpeace.org\/static\/planet4-poland-stateless\/2022\/11\/c0dc81f2-kalendarz-lipiec-1024x576.jpg 1024w, https:\/\/www.greenpeace.org\/static\/planet4-poland-stateless\/2022\/11\/c0dc81f2-kalendarz-lipiec-500x281.jpg 500w, https:\/\/www.greenpeace.org\/static\/planet4-poland-stateless\/2022\/11\/c0dc81f2-kalendarz-lipiec-768x432.jpg 768w, https:\/\/www.greenpeace.org\/static\/planet4-poland-stateless\/2022\/11\/c0dc81f2-kalendarz-lipiec-1536x864.jpg 1536w, https:\/\/www.greenpeace.org\/static\/planet4-poland-stateless\/2022\/11\/c0dc81f2-kalendarz-lipiec-510x287.jpg 510w, https:\/\/www.greenpeace.org\/static\/planet4-poland-stateless\/2022\/11\/c0dc81f2-kalendarz-lipiec.jpg 1920w\" sizes=\"auto, (max-width: 1024px) 100vw, 1024px\" \/><\/figure>\n\n\n\n<div style=\"height:16px\" aria-hidden=\"true\" class=\"wp-block-spacer\"><\/div>\n\n\n\n<h5 class=\"wp-block-heading has-text-align-center is-style-default\" style=\"font-size:1rem\">Karpaty s\u0105 domem dla najwi\u0119kszej populacji nied\u017awiedzi brunatnych w Europie poza Rosj\u0105 (ponad 7000 osobnik\u00f3w)<\/h5>\n<\/div>\n<\/div>\n\n\n\n<div class=\"wp-block-column is-layout-flow wp-block-column-is-layout-flow\">\n<div class=\"wp-block-group group-stretched-link is-layout-flow wp-block-group-is-layout-flow\">\n<figure class=\"wp-block-image aligncenter size-large is-resized force-no-lightbox force-no-caption mb-0 is-style-rounded-180\"><img loading=\"lazy\" decoding=\"async\" width=\"1024\" height=\"607\" src=\"https:\/\/www.greenpeace.org\/static\/planet4-poland-stateless\/2023\/05\/f26adf75-orzel-cesarski-1024x607.jpg\" alt=\"\" class=\"wp-image-33029\" srcset=\"https:\/\/www.greenpeace.org\/static\/planet4-poland-stateless\/2023\/05\/f26adf75-orzel-cesarski-1024x607.jpg 1024w, https:\/\/www.greenpeace.org\/static\/planet4-poland-stateless\/2023\/05\/f26adf75-orzel-cesarski-500x296.jpg 500w, https:\/\/www.greenpeace.org\/static\/planet4-poland-stateless\/2023\/05\/f26adf75-orzel-cesarski-768x455.jpg 768w, https:\/\/www.greenpeace.org\/static\/planet4-poland-stateless\/2023\/05\/f26adf75-orzel-cesarski-510x302.jpg 510w, https:\/\/www.greenpeace.org\/static\/planet4-poland-stateless\/2023\/05\/f26adf75-orzel-cesarski.jpg 1200w\" sizes=\"auto, (max-width: 1024px) 100vw, 1024px\" \/><figcaption class=\"wp-element-caption\">Orze\u0142 cesarski, The eastern imperial eagle (Aquila heliaca)<\/figcaption><\/figure>\n\n\n\n<div style=\"height:16px\" aria-hidden=\"true\" class=\"wp-block-spacer\"><\/div>\n\n\n\n<h5 class=\"wp-block-heading has-text-align-center\" style=\"font-size:1rem\">W Karpatach \u017cyje 40% europejskiej populacji or\u0142a cesarskiego i orlika krzykliwego<\/h5>\n<\/div>\n<\/div>\n\n\n\n<div class=\"wp-block-column is-layout-flow wp-block-column-is-layout-flow\">\n<div class=\"wp-block-group group-stretched-link is-layout-flow wp-block-group-is-layout-flow\">\n<figure class=\"wp-block-image aligncenter size-large is-resized force-no-lightbox force-no-caption mb-0 is-style-rounded-180\"><img loading=\"lazy\" decoding=\"async\" width=\"1024\" height=\"683\" src=\"https:\/\/www.greenpeace.org\/static\/planet4-poland-stateless\/2023\/05\/fe2835ef-gp0stq2sm_medium_res-1024x683.jpg\" title=\"Karpaty\" alt=\"\" class=\"wp-image-32997\" srcset=\"https:\/\/www.greenpeace.org\/static\/planet4-poland-stateless\/2023\/05\/fe2835ef-gp0stq2sm_medium_res-1024x683.jpg 1024w, https:\/\/www.greenpeace.org\/static\/planet4-poland-stateless\/2023\/05\/fe2835ef-gp0stq2sm_medium_res-500x333.jpg 500w, https:\/\/www.greenpeace.org\/static\/planet4-poland-stateless\/2023\/05\/fe2835ef-gp0stq2sm_medium_res-768x512.jpg 768w, https:\/\/www.greenpeace.org\/static\/planet4-poland-stateless\/2023\/05\/fe2835ef-gp0stq2sm_medium_res-510x340.jpg 510w, https:\/\/www.greenpeace.org\/static\/planet4-poland-stateless\/2023\/05\/fe2835ef-gp0stq2sm_medium_res.jpg 1200w\" sizes=\"auto, (max-width: 1024px) 100vw, 1024px\" \/><figcaption class=\"wp-element-caption\">Trees in Romanian forest.<\/figcaption><\/figure>\n\n\n\n<div style=\"height:16px\" aria-hidden=\"true\" class=\"wp-block-spacer\"><\/div>\n\n\n\n<h5 class=\"wp-block-heading has-text-align-center\" style=\"font-size:1rem\">Flora Karpat nale\u017cy do najbogatszych w Europie. Obejmuje 3988 rodzimych ro\u015blin naczyniowych, z kt\u00f3rych 344 s\u0105 zagro\u017cone, na skraju wygini\u0119cia lub wymarcia<\/h5>\n<\/div>\n<\/div>\n\n\n\n<div class=\"wp-block-column is-layout-flow wp-block-column-is-layout-flow\">\n<div class=\"wp-block-group group-stretched-link is-layout-flow wp-block-group-is-layout-flow\">\n<figure class=\"wp-block-image aligncenter size-full is-resized force-no-lightbox force-no-caption mb-0 is-style-rounded-180\"><img loading=\"lazy\" decoding=\"async\" width=\"960\" height=\"540\" src=\"https:\/\/www.greenpeace.org\/static\/planet4-poland-stateless\/2023\/05\/42210fd7-asprete.jpg\" alt=\"\" class=\"wp-image-33030\" srcset=\"https:\/\/www.greenpeace.org\/static\/planet4-poland-stateless\/2023\/05\/42210fd7-asprete.jpg 960w, https:\/\/www.greenpeace.org\/static\/planet4-poland-stateless\/2023\/05\/42210fd7-asprete-500x281.jpg 500w, https:\/\/www.greenpeace.org\/static\/planet4-poland-stateless\/2023\/05\/42210fd7-asprete-768x432.jpg 768w, https:\/\/www.greenpeace.org\/static\/planet4-poland-stateless\/2023\/05\/42210fd7-asprete-510x287.jpg 510w\" sizes=\"auto, (max-width: 960px) 100vw, 960px\" \/><\/figure>\n\n\n\n<div style=\"height:16px\" aria-hidden=\"true\" class=\"wp-block-spacer\"><\/div>\n\n\n\n<h5 class=\"wp-block-heading has-text-align-center\" style=\"font-size:1rem\">W wodach G\u00f3r Fogaraskich \u017cyje krytycznie zagro\u017cona ryba <em>asprete<\/em> (g\u0142owaczog\u0142\u00f3w ard\u017cesza\u0144ski), \u017cywa skamielina sprzed ponad 65 milion\u00f3w lat i jedna z najrzadszych ryb w Europie<\/h5>\n<\/div>\n<\/div>\n\n\n\n<div class=\"wp-block-column is-layout-flow wp-block-column-is-layout-flow\">\n<div class=\"wp-block-group group-stretched-link is-layout-flow wp-block-group-is-layout-flow\">\n<figure class=\"wp-block-image aligncenter size-large is-resized force-no-lightbox force-no-caption mb-0 is-style-rounded-180\"><img loading=\"lazy\" decoding=\"async\" width=\"1024\" height=\"683\" src=\"https:\/\/www.greenpeace.org\/static\/planet4-poland-stateless\/2022\/07\/88786d1c-rys-3-1024x683.jpg\" title=\"Ry\u015b - Karpaty\" alt=\"\" class=\"wp-image-31897\" srcset=\"https:\/\/www.greenpeace.org\/static\/planet4-poland-stateless\/2022\/07\/88786d1c-rys-3-1024x683.jpg 1024w, https:\/\/www.greenpeace.org\/static\/planet4-poland-stateless\/2022\/07\/88786d1c-rys-3-500x333.jpg 500w, https:\/\/www.greenpeace.org\/static\/planet4-poland-stateless\/2022\/07\/88786d1c-rys-3-768x512.jpg 768w, https:\/\/www.greenpeace.org\/static\/planet4-poland-stateless\/2022\/07\/88786d1c-rys-3-510x340.jpg 510w, https:\/\/www.greenpeace.org\/static\/planet4-poland-stateless\/2022\/07\/88786d1c-rys-3.jpg 1200w\" sizes=\"auto, (max-width: 1024px) 100vw, 1024px\" \/><figcaption class=\"wp-element-caption\">Eurasian Lynx, wild cat sitting on the orange leaves in the forest habitat<\/figcaption><\/figure>\n\n\n\n<div style=\"height:16px\" aria-hidden=\"true\" class=\"wp-block-spacer\"><\/div>\n\n\n\n<h5 class=\"wp-block-heading has-text-align-center\" style=\"font-size:1rem\">Lasy Karpat s\u0105 schronieniem dla jednej z najwi\u0119kszych populacji rysia w Europie &#8211; \u017cyje tu ponad 2500 osobnik\u00f3w<\/h5>\n<\/div>\n<\/div>\n<\/div>\n<\/div>\n<\/div>\n\n\n\n<div class=\"wp-block-media-text alignwide has-media-on-the-right is-stacked-on-mobile\"><div class=\"wp-block-media-text__content\">\n<h2 class=\"wp-block-heading\"><strong>Ochrona tylko na papierze<\/strong><\/h2>\n\n\n\n<p>Co godzin\u0119 tracimy pi\u0119\u0107 boisk pi\u0142karskich Puszczy Karpackiej &#8211; mimo tego, \u017ce spo\u015br\u00f3d o\u015bmiu karpackich kraj\u00f3w a\u017c sze\u015b\u0107 to kraje Unii Europejskiej, obecne narz\u0119dzia ochrony Karpat nie chroni\u0105 ich w\u0142a\u015bciwie. Co godzin\u0119 z Karpat znika las o powierzchni pi\u0119ciu boisk pi\u0142karskich. To efekt g\u0142\u00f3wnie gospodarki le\u015bnej, ale tak\u017ce innych spowodowanych przez cz\u0142owieka zdarze\u0144, takich jak masowe gradacje szkodnik\u00f3w w sztucznie nasadzonych monokulturach. <strong>Zaledwie trzy procent Karpat jest obecnie realnie chronionych przed wycink\u0105 <\/strong>i budow\u0105 dr\u00f3g. Wiele z wycinek ma miejsce na obszarach Natura 2000 &#8211; m.in. w Bieszczadach czy Pog\u00f3rzu Przemyskim.<\/p>\n<\/div><figure class=\"wp-block-media-text__media\"><img loading=\"lazy\" decoding=\"async\" width=\"1024\" height=\"767\" src=\"https:\/\/www.greenpeace.org\/static\/planet4-poland-stateless\/2023\/05\/65fa49ec-gp0stwhas_medium_res_with_credit_line-1024x767.jpg\" alt=\"\" sizes=\"auto, (min-width: 1600px) calc((1320px - 24px) \/ 2),(min-width: 1200px) calc((1140px - 24px) \/ 2),(min-width: 992px) calc((960px - 24px) \/ 2),(min-width: 768px) calc((720px - 24px) \/ 2),(min-width: 601px) calc((540px - 24px) \/ 2),(min-width: 577px) calc((540px - 24px) \/ 1), calc(100vw - 24px)\" srcset=\"https:\/\/www.greenpeace.org\/static\/planet4-poland-stateless\/2023\/05\/65fa49ec-gp0stwhas_medium_res_with_credit_line.jpg 1200w, https:\/\/www.greenpeace.org\/static\/planet4-poland-stateless\/2023\/05\/65fa49ec-gp0stwhas_medium_res_with_credit_line-500x375.jpg 500w, https:\/\/www.greenpeace.org\/static\/planet4-poland-stateless\/2023\/05\/65fa49ec-gp0stwhas_medium_res_with_credit_line-1024x767.jpg 1024w, https:\/\/www.greenpeace.org\/static\/planet4-poland-stateless\/2023\/05\/65fa49ec-gp0stwhas_medium_res_with_credit_line-768x575.jpg 768w, https:\/\/www.greenpeace.org\/static\/planet4-poland-stateless\/2023\/05\/65fa49ec-gp0stwhas_medium_res_with_credit_line-454x340.jpg 454w\" class=\"wp-image-32971 size-full\"\/><\/figure><\/div>\n\n\n\n<div style=\"height:70px\" aria-hidden=\"true\" class=\"wp-block-spacer\"><\/div>\n\n\n\n<div class=\"wp-block-media-text alignwide has-media-on-the-right is-stacked-on-mobile\"><div class=\"wp-block-media-text__content\">\n<p><\/p>\n\n\n\n<h2 class=\"wp-block-heading\"><strong>Karpaty mog\u0105 by\u0107 europejskim Yellowstone<\/strong><\/h2>\n\n\n\n<p>Karpaty mog\u0105 by\u0107 wizyt\u00f3wk\u0105 przyrodnicz\u0105 Europy i atrakcj\u0105 turystyczn\u0105 na miar\u0119 Yellowstone, ale potrzebuj\u0105 pilnej interwencji rz\u0105dz\u0105cych. Aby ratowa\u0107 Karpaty, postulujemy stworzenie unijnego planu ochrony Karpat wraz z funduszem sprawiedliwej transformacji dla regionu. Zanim ten plan wejdzie w \u017cycie, nale\u017cy niezw\u0142ocznie wprowadzi\u0107 10-letni zakaz budowy nowych dr\u00f3g w Karpatach (w Polsce dotyczy to g\u0142\u00f3wnie dr\u00f3g le\u015bnych budowanych przez Lasy Pa\u0144stwowe) oraz zakaz wycinek starych las\u00f3w.<\/p>\n<\/div><figure class=\"wp-block-media-text__media\"><img loading=\"lazy\" decoding=\"async\" width=\"1024\" height=\"683\" src=\"https:\/\/www.greenpeace.org\/static\/planet4-poland-stateless\/2022\/07\/88786d1c-rys-3-1024x683.jpg\" alt=\"\" sizes=\"auto, (min-width: 1600px) calc((1320px - 24px) \/ 2),(min-width: 1200px) calc((1140px - 24px) \/ 2),(min-width: 992px) calc((960px - 24px) \/ 2),(min-width: 768px) calc((720px - 24px) \/ 2),(min-width: 601px) calc((540px - 24px) \/ 2),(min-width: 577px) calc((540px - 24px) \/ 1), calc(100vw - 24px)\" srcset=\"https:\/\/www.greenpeace.org\/static\/planet4-poland-stateless\/2022\/07\/88786d1c-rys-3.jpg 1200w, https:\/\/www.greenpeace.org\/static\/planet4-poland-stateless\/2022\/07\/88786d1c-rys-3-500x333.jpg 500w, https:\/\/www.greenpeace.org\/static\/planet4-poland-stateless\/2022\/07\/88786d1c-rys-3-1024x683.jpg 1024w, https:\/\/www.greenpeace.org\/static\/planet4-poland-stateless\/2022\/07\/88786d1c-rys-3-768x512.jpg 768w, https:\/\/www.greenpeace.org\/static\/planet4-poland-stateless\/2022\/07\/88786d1c-rys-3-510x340.jpg 510w\" class=\"wp-image-31897 size-full\"\/><\/figure><\/div>\n\n\n\n<div style=\"height:70px\" aria-hidden=\"true\" class=\"wp-block-spacer\"><\/div>\n\n\n\n<div class=\"wp-block-media-text alignwide is-stacked-on-mobile\"><figure class=\"wp-block-media-text__media\"><img loading=\"lazy\" decoding=\"async\" width=\"1024\" height=\"683\" src=\"https:\/\/www.greenpeace.org\/static\/planet4-poland-stateless\/2023\/03\/c05f26ca-turnicki-puszcza-las-1024x683.jpg\" alt=\"\" sizes=\"auto, (min-width: 1600px) calc((1320px - 24px) \/ 2),(min-width: 1200px) calc((1140px - 24px) \/ 2),(min-width: 992px) calc((960px - 24px) \/ 2),(min-width: 768px) calc((720px - 24px) \/ 2),(min-width: 601px) calc((540px - 24px) \/ 2),(min-width: 577px) calc((540px - 24px) \/ 1), calc(100vw - 24px)\" srcset=\"https:\/\/www.greenpeace.org\/static\/planet4-poland-stateless\/2023\/03\/c05f26ca-turnicki-puszcza-las.jpg 1920w, https:\/\/www.greenpeace.org\/static\/planet4-poland-stateless\/2023\/03\/c05f26ca-turnicki-puszcza-las-500x333.jpg 500w, https:\/\/www.greenpeace.org\/static\/planet4-poland-stateless\/2023\/03\/c05f26ca-turnicki-puszcza-las-1024x683.jpg 1024w, https:\/\/www.greenpeace.org\/static\/planet4-poland-stateless\/2023\/03\/c05f26ca-turnicki-puszcza-las-768x512.jpg 768w, https:\/\/www.greenpeace.org\/static\/planet4-poland-stateless\/2023\/03\/c05f26ca-turnicki-puszcza-las-1536x1024.jpg 1536w, https:\/\/www.greenpeace.org\/static\/planet4-poland-stateless\/2023\/03\/c05f26ca-turnicki-puszcza-las-510x340.jpg 510w\" class=\"wp-image-32663 size-full\"\/><\/figure><div class=\"wp-block-media-text__content\">\n<p><\/p>\n\n\n\n<h2 class=\"wp-block-heading\"><strong>Turnicki Park Narodowy<\/strong>, kt\u00f3ry wci\u0105\u017c czeka na powo\u0142anie&#8230;<\/h2>\n\n\n\n<p>Starania o utworzenie Turnickiego Parku Narodowego trwa od 30 lat. Obszar planowanego parku obejmuje powierzchni\u0119 ponad 17 tys. hektar\u00f3w. S\u0105 to w ca\u0142o\u015bci tereny nale\u017c\u0105ce do Skarbu Pa\u0144stwa, zarz\u0105dzane przez Lasy Pa\u0144stwowe. Idea powo\u0142ania parku powsta\u0142a ju\u017c w 1982 roku. Jeszcze wcze\u015bniej, bo ju\u017c w 1938 roku, Tadeusz Trella wnioskowa\u0142 o ochron\u0119 rezerwatow\u0105 turnickich las\u00f3w. Sam planowany park obejmuje opr\u00f3cz teren\u00f3w typowo le\u015bnych, r\u00f3wnie\u017c \u0142\u0105ki i wyj\u0105tkow\u0105 dolin\u0119 Wiaru, jednej z najczystszych rzek w Polsce. Brak prawid\u0142owej ochrony tego obszaru mo\u017ce doprowadzi\u0107 do bezpowrotnej utraty jednego z najcenniejszych przyrodniczo miejsc w Polsce.<\/p>\n<\/div><\/div>\n\n\n\n<div style=\"height:100px\" aria-hidden=\"true\" class=\"wp-block-spacer\"><\/div>\n\n\n\n<div class=\"wp-block-query posts-list p4-query-loop is-custom-layout-carousel is-layout-flex wp-block-query-is-layout-flex\">\n<div class=\"wp-block-group is-content-justification-space-between is-layout-flex wp-container-core-group-is-layout-3d213aab wp-block-group-is-layout-flex\">\n<h2 class=\"wp-block-heading\">Pogotowie dla Karpat<\/h2>\n<\/div>\n\n\n\n<p style=\"margin-top:24px;margin-bottom:36px\">10 maja 2023 roku zesp\u00f3\u0142 aktywist\u00f3w i aktywistek Greenpeace wyruszy\u0142 na pi\u0119ciotygodniow\u0105 wypraw\u0119 przez pi\u0119\u0107 kraj\u00f3w Karpat: Rumuni\u0119, Ukrain\u0119, W\u0119gry, S\u0142owacj\u0119 i Polsk\u0119. Misja ma na celu udokumentowanie i ujawnienie post\u0119puj\u0105cej dewastacji tych bezcennych, starych las\u00f3w, kt\u00f3re znikaj\u0105 w zastraszaj\u0105cym tempie. Do aktywist\u00f3w i aktywistek Greenpeace\u2019u do\u0142\u0105czaj\u0105 osoby ze \u015bwiata medi\u00f3w, kultury, sportu i nauki.<\/p>\n\n\n\n\n<ul class=\"wp-block-post-template is-layout-flow wp-block-post-template-is-layout-flow\"><li class=\"wp-block-post post-33293 post type-post status-publish format-standard has-post-thumbnail hentry category-przyroda tag-karpaty tag-lasy tag-aktywizm p4-page-type-blog\">\n\n<div class=\"wp-block-columns is-layout-flex wp-container-core-columns-is-layout-9d6595d7 wp-block-columns-is-layout-flex\"><figure class=\"wp-block-post-featured-image\"><a href=\"https:\/\/www.greenpeace.org\/poland\/blog\/33293\/dziennik-podrozy-8-turnicki-czyli-park-narodowy-ktorego-nie-ma\/\" target=\"_self\"  ><img loading=\"lazy\" decoding=\"async\" width=\"2047\" height=\"1365\" src=\"https:\/\/www.greenpeace.org\/static\/planet4-poland-stateless\/2023\/06\/33a849d0-52988824678_47d656e44e_k.jpg\" class=\"attachment-post-thumbnail size-post-thumbnail wp-post-image wp-stateless-item\" alt=\"Dziennik podr\u00f3\u017cy #8: Turnicki &#8211; czyli park narodowy, kt\u00f3rego nie ma\" style=\"object-fit:cover;\" srcset=\"https:\/\/www.greenpeace.org\/static\/planet4-poland-stateless\/2023\/06\/33a849d0-52988824678_47d656e44e_k.jpg 2047w, https:\/\/www.greenpeace.org\/static\/planet4-poland-stateless\/2023\/06\/33a849d0-52988824678_47d656e44e_k-500x333.jpg 500w, https:\/\/www.greenpeace.org\/static\/planet4-poland-stateless\/2023\/06\/33a849d0-52988824678_47d656e44e_k-1024x683.jpg 1024w, https:\/\/www.greenpeace.org\/static\/planet4-poland-stateless\/2023\/06\/33a849d0-52988824678_47d656e44e_k-768x512.jpg 768w, https:\/\/www.greenpeace.org\/static\/planet4-poland-stateless\/2023\/06\/33a849d0-52988824678_47d656e44e_k-1536x1024.jpg 1536w, https:\/\/www.greenpeace.org\/static\/planet4-poland-stateless\/2023\/06\/33a849d0-52988824678_47d656e44e_k-510x340.jpg 510w\" sizes=\"auto, (max-width: 2047px) 100vw, 2047px\" data-image-size=\"post-thumbnail\" data-stateless-media-bucket=\"planet4-poland-stateless\" data-stateless-media-name=\"2023\/06\/33a849d0-52988824678_47d656e44e_k.jpg\" \/><\/a><\/figure>\n\n\n<div class=\"wp-block-group is-layout-flow wp-block-group-is-layout-flow\">\n<div class=\"wp-block-group is-layout-flow wp-block-group-is-layout-flow\"><div class=\"wp-block-post-terms\"><a href=\"https:\/\/www.greenpeace.org\/poland\/category\/przyroda\/\">Przyroda<\/a><\/div>\n\n<div class=\"taxonomy-post_tag wp-block-post-terms\"><a href=\"https:\/\/www.greenpeace.org\/poland\/tag\/karpaty\/\" rel=\"tag\">Puszcza Karpacka<\/a><span class=\"wp-block-post-terms__separator\"> <\/span><a href=\"https:\/\/www.greenpeace.org\/poland\/tag\/lasy\/\" rel=\"tag\">Lasy<\/a><span class=\"wp-block-post-terms__separator\"> <\/span><a href=\"https:\/\/www.greenpeace.org\/poland\/tag\/aktywizm\/\" rel=\"tag\">Aktywizm<\/a><\/div><\/div>\n\n\n<h3 class=\"wp-block-post-title\"><a href=\"https:\/\/www.greenpeace.org\/poland\/blog\/33293\/dziennik-podrozy-8-turnicki-czyli-park-narodowy-ktorego-nie-ma\/\" target=\"_self\" >Dziennik podr\u00f3\u017cy #8: Turnicki &#8211; czyli park narodowy, kt\u00f3rego nie ma<\/a><\/h3>\n\n<div class=\"wp-block-post-excerpt\"><p class=\"wp-block-post-excerpt__excerpt\">Ostatnie kilka dni Pogotowia dla Karpat sp\u0119dzili\u015bmy na Pog\u00f3rzu Przemyskim. Znowu zamiast zasta\u0107 zielonych las\u00f3w, czeka\u0142a na nas wycinka i drogi zrywkowe. <\/p><\/div>\n\n\n<div class=\"wp-block-group posts-list-meta is-layout-flow wp-block-group-is-layout-flow\"><span class='article-list-item-author'>Gosia Lach<\/span>\n\n<div class=\"wp-block-post-date\"><time datetime=\"2023-06-19T18:37:17+02:00\">2023-06-19<\/time><\/div><\/div>\n<\/div>\n<\/div>\n\n<\/li><li class=\"wp-block-post post-33265 post type-post status-publish format-standard has-post-thumbnail hentry category-przyroda tag-karpaty tag-lasy p4-page-type-blog\">\n\n<div class=\"wp-block-columns is-layout-flex wp-container-core-columns-is-layout-9d6595d7 wp-block-columns-is-layout-flex\"><figure class=\"wp-block-post-featured-image\"><a href=\"https:\/\/www.greenpeace.org\/poland\/blog\/33265\/dziennik-podrozy-7-dziela-lasow-panstwowych\/\" target=\"_self\"  ><img loading=\"lazy\" decoding=\"async\" width=\"1365\" height=\"2047\" src=\"https:\/\/www.greenpeace.org\/static\/planet4-poland-stateless\/2023\/06\/4f4164be-52976239161_347c912ba5_k.jpg\" class=\"attachment-post-thumbnail size-post-thumbnail wp-post-image wp-stateless-item\" alt=\"Dziennik podr\u00f3\u017cy #7: Dzie\u0142a Las\u00f3w Pa\u0144stwowych\" style=\"object-fit:cover;\" srcset=\"https:\/\/www.greenpeace.org\/static\/planet4-poland-stateless\/2023\/06\/4f4164be-52976239161_347c912ba5_k.jpg 1365w, https:\/\/www.greenpeace.org\/static\/planet4-poland-stateless\/2023\/06\/4f4164be-52976239161_347c912ba5_k-333x500.jpg 333w, https:\/\/www.greenpeace.org\/static\/planet4-poland-stateless\/2023\/06\/4f4164be-52976239161_347c912ba5_k-683x1024.jpg 683w, https:\/\/www.greenpeace.org\/static\/planet4-poland-stateless\/2023\/06\/4f4164be-52976239161_347c912ba5_k-768x1152.jpg 768w, https:\/\/www.greenpeace.org\/static\/planet4-poland-stateless\/2023\/06\/4f4164be-52976239161_347c912ba5_k-1024x1536.jpg 1024w, https:\/\/www.greenpeace.org\/static\/planet4-poland-stateless\/2023\/06\/4f4164be-52976239161_347c912ba5_k-911x1366.jpg 911w, https:\/\/www.greenpeace.org\/static\/planet4-poland-stateless\/2023\/06\/4f4164be-52976239161_347c912ba5_k-227x340.jpg 227w\" sizes=\"auto, (max-width: 1365px) 100vw, 1365px\" data-image-size=\"post-thumbnail\" data-stateless-media-bucket=\"planet4-poland-stateless\" data-stateless-media-name=\"2023\/06\/4f4164be-52976239161_347c912ba5_k.jpg\" \/><\/a><\/figure>\n\n\n<div class=\"wp-block-group is-layout-flow wp-block-group-is-layout-flow\">\n<div class=\"wp-block-group is-layout-flow wp-block-group-is-layout-flow\"><div class=\"wp-block-post-terms\"><a href=\"https:\/\/www.greenpeace.org\/poland\/category\/przyroda\/\">Przyroda<\/a><\/div>\n\n<div class=\"taxonomy-post_tag wp-block-post-terms\"><a href=\"https:\/\/www.greenpeace.org\/poland\/tag\/karpaty\/\" rel=\"tag\">Puszcza Karpacka<\/a><span class=\"wp-block-post-terms__separator\"> <\/span><a href=\"https:\/\/www.greenpeace.org\/poland\/tag\/lasy\/\" rel=\"tag\">Lasy<\/a><\/div><\/div>\n\n\n<h3 class=\"wp-block-post-title\"><a href=\"https:\/\/www.greenpeace.org\/poland\/blog\/33265\/dziennik-podrozy-7-dziela-lasow-panstwowych\/\" target=\"_self\" >Dziennik podr\u00f3\u017cy #7: Dzie\u0142a Las\u00f3w Pa\u0144stwowych<\/a><\/h3>\n\n<div class=\"wp-block-post-excerpt\"><p class=\"wp-block-post-excerpt__excerpt\">Wtorek nie by\u0142 dla nas \u0142askawy. Dzie\u0144 zacz\u0119li\u015bmy od odwiedzenia dw\u00f3ch dr\u00f3g, kt\u00f3re nios\u0105 ze sob\u0105 do\u015b\u0107 tragiczne historie. Postanowili\u015bmy wr\u00f3ci\u0107 jeszcze raz w miejsce, gdzie Lasy Pa\u0144stwowe chc\u0105 wy\u0142o\u017cy\u0107&hellip; <\/p><\/div>\n\n\n<div class=\"wp-block-group posts-list-meta is-layout-flow wp-block-group-is-layout-flow\"><span class='article-list-item-author'>Gosia Lach<\/span>\n\n<div class=\"wp-block-post-date\"><time datetime=\"2023-06-16T15:48:20+02:00\">2023-06-16<\/time><\/div><\/div>\n<\/div>\n<\/div>\n\n<\/li><li class=\"wp-block-post post-33235 post type-post status-publish format-standard has-post-thumbnail hentry category-przyroda tag-lasy tag-karpaty tag-aktywizm p4-page-type-blog\">\n\n<div class=\"wp-block-columns is-layout-flex wp-container-core-columns-is-layout-9d6595d7 wp-block-columns-is-layout-flex\"><figure class=\"wp-block-post-featured-image\"><a href=\"https:\/\/www.greenpeace.org\/poland\/blog\/33235\/dziennik-podrozy-6-wilki-tropy-i-droga-do-katastrofy\/\" target=\"_self\"  ><img loading=\"lazy\" decoding=\"async\" width=\"1200\" height=\"800\" src=\"https:\/\/www.greenpeace.org\/static\/planet4-poland-stateless\/2023\/06\/cbc911c2-magura2-zaba.jpg\" class=\"attachment-post-thumbnail size-post-thumbnail wp-post-image wp-stateless-item\" alt=\"Dziennik podr\u00f3\u017cy #6: Wilki, tropy i droga do katastrofy\u00a0\" style=\"object-fit:cover;\" srcset=\"https:\/\/www.greenpeace.org\/static\/planet4-poland-stateless\/2023\/06\/cbc911c2-magura2-zaba.jpg 1200w, https:\/\/www.greenpeace.org\/static\/planet4-poland-stateless\/2023\/06\/cbc911c2-magura2-zaba-500x333.jpg 500w, https:\/\/www.greenpeace.org\/static\/planet4-poland-stateless\/2023\/06\/cbc911c2-magura2-zaba-1024x683.jpg 1024w, https:\/\/www.greenpeace.org\/static\/planet4-poland-stateless\/2023\/06\/cbc911c2-magura2-zaba-768x512.jpg 768w, https:\/\/www.greenpeace.org\/static\/planet4-poland-stateless\/2023\/06\/cbc911c2-magura2-zaba-510x340.jpg 510w\" sizes=\"auto, (max-width: 1200px) 100vw, 1200px\" data-image-size=\"post-thumbnail\" data-stateless-media-bucket=\"planet4-poland-stateless\" data-stateless-media-name=\"2023\/06\/cbc911c2-magura2-zaba.jpg\" \/><\/a><\/figure>\n\n\n<div class=\"wp-block-group is-layout-flow wp-block-group-is-layout-flow\">\n<div class=\"wp-block-group is-layout-flow wp-block-group-is-layout-flow\"><div class=\"wp-block-post-terms\"><a href=\"https:\/\/www.greenpeace.org\/poland\/category\/przyroda\/\">Przyroda<\/a><\/div>\n\n<div class=\"taxonomy-post_tag wp-block-post-terms\"><a href=\"https:\/\/www.greenpeace.org\/poland\/tag\/lasy\/\" rel=\"tag\">Lasy<\/a><span class=\"wp-block-post-terms__separator\"> <\/span><a href=\"https:\/\/www.greenpeace.org\/poland\/tag\/karpaty\/\" rel=\"tag\">Puszcza Karpacka<\/a><span class=\"wp-block-post-terms__separator\"> <\/span><a href=\"https:\/\/www.greenpeace.org\/poland\/tag\/aktywizm\/\" rel=\"tag\">Aktywizm<\/a><\/div><\/div>\n\n\n<h3 class=\"wp-block-post-title\"><a href=\"https:\/\/www.greenpeace.org\/poland\/blog\/33235\/dziennik-podrozy-6-wilki-tropy-i-droga-do-katastrofy\/\" target=\"_self\" >Dziennik podr\u00f3\u017cy #6: Wilki, tropy i droga do katastrofy\u00a0<\/a><\/h3>\n\n<div class=\"wp-block-post-excerpt\"><p class=\"wp-block-post-excerpt__excerpt\">Godzina 3:00 wydaje si\u0119 by\u0107 t\u0105 idealn\u0105 do wstania, kiedy chcecie tropi\u0107 wilki. O 3:20 byli\u015bmy ju\u017c zwarci i gotowi do wyj\u015bcia, \u017ceby razem z Zenonem Wojtasem, biologiem z Magurskiego&hellip; <\/p><\/div>\n\n\n<div class=\"wp-block-group posts-list-meta is-layout-flow wp-block-group-is-layout-flow\"><span class='article-list-item-author'>Gosia Lach<\/span>\n\n<div class=\"wp-block-post-date\"><time datetime=\"2023-06-14T08:05:00+02:00\">2023-06-14<\/time><\/div><\/div>\n<\/div>\n<\/div>\n\n<\/li><li class=\"wp-block-post post-33217 post type-post status-publish format-standard has-post-thumbnail hentry category-przyroda tag-karpaty tag-lasy tag-aktywizm p4-page-type-blog\">\n\n<div class=\"wp-block-columns is-layout-flex wp-container-core-columns-is-layout-9d6595d7 wp-block-columns-is-layout-flex\"><figure class=\"wp-block-post-featured-image\"><a href=\"https:\/\/www.greenpeace.org\/poland\/blog\/33217\/dziennik-z-podrozy-5-tatrzanski-park-narodowy-i-male-cuda\/\" target=\"_self\"  ><img loading=\"lazy\" decoding=\"async\" width=\"1200\" height=\"800\" src=\"https:\/\/www.greenpeace.org\/static\/planet4-poland-stateless\/2023\/06\/61801c87-tatry2.jpg\" class=\"attachment-post-thumbnail size-post-thumbnail wp-post-image wp-stateless-item\" alt=\"Dziennik z podr\u00f3\u017cy #5: Tatrza\u0144ski Park Narodowy i ma\u0142e cuda\u00a0\" style=\"object-fit:cover;\" srcset=\"https:\/\/www.greenpeace.org\/static\/planet4-poland-stateless\/2023\/06\/61801c87-tatry2.jpg 1200w, https:\/\/www.greenpeace.org\/static\/planet4-poland-stateless\/2023\/06\/61801c87-tatry2-500x333.jpg 500w, https:\/\/www.greenpeace.org\/static\/planet4-poland-stateless\/2023\/06\/61801c87-tatry2-1024x683.jpg 1024w, https:\/\/www.greenpeace.org\/static\/planet4-poland-stateless\/2023\/06\/61801c87-tatry2-768x512.jpg 768w, https:\/\/www.greenpeace.org\/static\/planet4-poland-stateless\/2023\/06\/61801c87-tatry2-510x340.jpg 510w\" sizes=\"auto, (max-width: 1200px) 100vw, 1200px\" data-image-size=\"post-thumbnail\" data-stateless-media-bucket=\"planet4-poland-stateless\" data-stateless-media-name=\"2023\/06\/61801c87-tatry2.jpg\" \/><\/a><\/figure>\n\n\n<div class=\"wp-block-group is-layout-flow wp-block-group-is-layout-flow\">\n<div class=\"wp-block-group is-layout-flow wp-block-group-is-layout-flow\"><div class=\"wp-block-post-terms\"><a href=\"https:\/\/www.greenpeace.org\/poland\/category\/przyroda\/\">Przyroda<\/a><\/div>\n\n<div class=\"taxonomy-post_tag wp-block-post-terms\"><a href=\"https:\/\/www.greenpeace.org\/poland\/tag\/karpaty\/\" rel=\"tag\">Puszcza Karpacka<\/a><span class=\"wp-block-post-terms__separator\"> <\/span><a href=\"https:\/\/www.greenpeace.org\/poland\/tag\/lasy\/\" rel=\"tag\">Lasy<\/a><span class=\"wp-block-post-terms__separator\"> <\/span><a href=\"https:\/\/www.greenpeace.org\/poland\/tag\/aktywizm\/\" rel=\"tag\">Aktywizm<\/a><\/div><\/div>\n\n\n<h3 class=\"wp-block-post-title\"><a href=\"https:\/\/www.greenpeace.org\/poland\/blog\/33217\/dziennik-z-podrozy-5-tatrzanski-park-narodowy-i-male-cuda\/\" target=\"_self\" >Dziennik z podr\u00f3\u017cy #5: Tatrza\u0144ski Park Narodowy i ma\u0142e cuda\u00a0<\/a><\/h3>\n\n<div class=\"wp-block-post-excerpt\"><p class=\"wp-block-post-excerpt__excerpt\">Trzeci etap polskiego Pogotowia dla Karpat sp\u0119dzili\u015bmy w Tatrza\u0144skim Parku Narodowym. Podr\u00f3\u017c rozpocz\u0119li\u015bmy o 6 rano w Dolinie Ko\u015bcieliskie. Niekt\u00f3rzy z nas ledwo trzymali si\u0119 na nogach po prze\u017cyciach z&hellip; <\/p><\/div>\n\n\n<div class=\"wp-block-group posts-list-meta is-layout-flow wp-block-group-is-layout-flow\"><span class='article-list-item-author'>Gosia Lach<\/span>\n\n<div class=\"wp-block-post-date\"><time datetime=\"2023-06-12T11:51:00+02:00\">2023-06-12<\/time><\/div><\/div>\n<\/div>\n<\/div>\n\n<\/li><li class=\"wp-block-post post-33187 post type-post status-publish format-standard has-post-thumbnail hentry category-przyroda tag-karpaty tag-lasy tag-aktywizm p4-page-type-blog\">\n\n<div class=\"wp-block-columns is-layout-flex wp-container-core-columns-is-layout-9d6595d7 wp-block-columns-is-layout-flex\"><figure class=\"wp-block-post-featured-image\"><a href=\"https:\/\/www.greenpeace.org\/poland\/blog\/33187\/dziennik-podrozy-4-babiogorski-i-gorczanski-park-narodowy\/\" target=\"_self\"  ><img loading=\"lazy\" decoding=\"async\" width=\"1200\" height=\"800\" src=\"https:\/\/www.greenpeace.org\/static\/planet4-poland-stateless\/2023\/06\/ab597694-gluszec-karpaty.jpg\" class=\"attachment-post-thumbnail size-post-thumbnail wp-post-image wp-stateless-item\" alt=\"Dziennik podr\u00f3\u017cy #4: Babiog\u00f3rski i Gorcza\u0144ski Park Narodowy\" style=\"object-fit:cover;\" srcset=\"https:\/\/www.greenpeace.org\/static\/planet4-poland-stateless\/2023\/06\/ab597694-gluszec-karpaty.jpg 1200w, https:\/\/www.greenpeace.org\/static\/planet4-poland-stateless\/2023\/06\/ab597694-gluszec-karpaty-500x333.jpg 500w, https:\/\/www.greenpeace.org\/static\/planet4-poland-stateless\/2023\/06\/ab597694-gluszec-karpaty-1024x683.jpg 1024w, https:\/\/www.greenpeace.org\/static\/planet4-poland-stateless\/2023\/06\/ab597694-gluszec-karpaty-768x512.jpg 768w, https:\/\/www.greenpeace.org\/static\/planet4-poland-stateless\/2023\/06\/ab597694-gluszec-karpaty-510x340.jpg 510w\" sizes=\"auto, (max-width: 1200px) 100vw, 1200px\" data-image-size=\"post-thumbnail\" data-stateless-media-bucket=\"planet4-poland-stateless\" data-stateless-media-name=\"2023\/06\/ab597694-gluszec-karpaty.jpg\" \/><\/a><\/figure>\n\n\n<div class=\"wp-block-group is-layout-flow wp-block-group-is-layout-flow\">\n<div class=\"wp-block-group is-layout-flow wp-block-group-is-layout-flow\"><div class=\"wp-block-post-terms\"><a href=\"https:\/\/www.greenpeace.org\/poland\/category\/przyroda\/\">Przyroda<\/a><\/div>\n\n<div class=\"taxonomy-post_tag wp-block-post-terms\"><a href=\"https:\/\/www.greenpeace.org\/poland\/tag\/karpaty\/\" rel=\"tag\">Puszcza Karpacka<\/a><span class=\"wp-block-post-terms__separator\"> <\/span><a href=\"https:\/\/www.greenpeace.org\/poland\/tag\/lasy\/\" rel=\"tag\">Lasy<\/a><span class=\"wp-block-post-terms__separator\"> <\/span><a href=\"https:\/\/www.greenpeace.org\/poland\/tag\/aktywizm\/\" rel=\"tag\">Aktywizm<\/a><\/div><\/div>\n\n\n<h3 class=\"wp-block-post-title\"><a href=\"https:\/\/www.greenpeace.org\/poland\/blog\/33187\/dziennik-podrozy-4-babiogorski-i-gorczanski-park-narodowy\/\" target=\"_self\" >Dziennik podr\u00f3\u017cy #4: Babiog\u00f3rski i Gorcza\u0144ski Park Narodowy<\/a><\/h3>\n\n<div class=\"wp-block-post-excerpt\"><p class=\"wp-block-post-excerpt__excerpt\">Ostatnie dni to odwiedziny w dw\u00f3ch &#8211; obu zbyt ma\u0142ych! &#8211; parkach narodowych: Gorcza\u0144skim i Babiog\u00f3rskim <\/p><\/div>\n\n\n<div class=\"wp-block-group posts-list-meta is-layout-flow wp-block-group-is-layout-flow\"><span class='article-list-item-author'><a href='https:\/\/www.greenpeace.org\/poland\/author\/marianna\/'>Greenpeace Polska<\/a><\/span>\n\n<div class=\"wp-block-post-date\"><time datetime=\"2023-06-06T23:12:00+02:00\">2023-06-06<\/time><\/div><\/div>\n<\/div>\n<\/div>\n\n<\/li><li class=\"wp-block-post post-33172 post type-post status-publish format-standard has-post-thumbnail hentry category-przyroda tag-lasy tag-karpaty tag-aktywizm p4-page-type-blog\">\n\n<div class=\"wp-block-columns is-layout-flex wp-container-core-columns-is-layout-9d6595d7 wp-block-columns-is-layout-flex\"><figure class=\"wp-block-post-featured-image\"><a href=\"https:\/\/www.greenpeace.org\/poland\/blog\/33172\/pogotowie-dla-karpat-dotarlo-do-polski-dzien-0\/\" target=\"_self\"  ><img loading=\"lazy\" decoding=\"async\" width=\"2048\" height=\"1366\" src=\"https:\/\/www.greenpeace.org\/static\/planet4-poland-stateless\/2022\/12\/8ee90f81-52545712322_26ab01eafd_k.jpg\" class=\"attachment-post-thumbnail size-post-thumbnail wp-post-image wp-stateless-item\" alt=\"Dziennik podr\u00f3\u017cy #3: Pogotowie dla Karpat ju\u017c w Polsce!\" style=\"object-fit:cover;\" srcset=\"https:\/\/www.greenpeace.org\/static\/planet4-poland-stateless\/2022\/12\/8ee90f81-52545712322_26ab01eafd_k.jpg 2048w, https:\/\/www.greenpeace.org\/static\/planet4-poland-stateless\/2022\/12\/8ee90f81-52545712322_26ab01eafd_k-500x333.jpg 500w, https:\/\/www.greenpeace.org\/static\/planet4-poland-stateless\/2022\/12\/8ee90f81-52545712322_26ab01eafd_k-1024x683.jpg 1024w, https:\/\/www.greenpeace.org\/static\/planet4-poland-stateless\/2022\/12\/8ee90f81-52545712322_26ab01eafd_k-768x512.jpg 768w, https:\/\/www.greenpeace.org\/static\/planet4-poland-stateless\/2022\/12\/8ee90f81-52545712322_26ab01eafd_k-1536x1025.jpg 1536w, https:\/\/www.greenpeace.org\/static\/planet4-poland-stateless\/2022\/12\/8ee90f81-52545712322_26ab01eafd_k-510x340.jpg 510w\" sizes=\"auto, (max-width: 2048px) 100vw, 2048px\" data-image-size=\"post-thumbnail\" data-stateless-media-bucket=\"planet4-poland-stateless\" data-stateless-media-name=\"2022\/12\/8ee90f81-52545712322_26ab01eafd_k.jpg\" \/><\/a><\/figure>\n\n\n<div class=\"wp-block-group is-layout-flow wp-block-group-is-layout-flow\">\n<div class=\"wp-block-group is-layout-flow wp-block-group-is-layout-flow\"><div class=\"wp-block-post-terms\"><a href=\"https:\/\/www.greenpeace.org\/poland\/category\/przyroda\/\">Przyroda<\/a><\/div>\n\n<div class=\"taxonomy-post_tag wp-block-post-terms\"><a href=\"https:\/\/www.greenpeace.org\/poland\/tag\/lasy\/\" rel=\"tag\">Lasy<\/a><span class=\"wp-block-post-terms__separator\"> <\/span><a href=\"https:\/\/www.greenpeace.org\/poland\/tag\/karpaty\/\" rel=\"tag\">Puszcza Karpacka<\/a><span class=\"wp-block-post-terms__separator\"> <\/span><a href=\"https:\/\/www.greenpeace.org\/poland\/tag\/aktywizm\/\" rel=\"tag\">Aktywizm<\/a><\/div><\/div>\n\n\n<h3 class=\"wp-block-post-title\"><a href=\"https:\/\/www.greenpeace.org\/poland\/blog\/33172\/pogotowie-dla-karpat-dotarlo-do-polski-dzien-0\/\" target=\"_self\" >Dziennik podr\u00f3\u017cy #3: Pogotowie dla Karpat ju\u017c w Polsce!<\/a><\/h3>\n\n<div class=\"wp-block-post-excerpt\"><p class=\"wp-block-post-excerpt__excerpt\">W ko\u0144cu! Po prawie 3 tygodniach Pogotowie dla Karpat startuje w Polsce. Dla przypomnienia, wyprawa zacz\u0119\u0142a si\u0119 w Rumunii, aby nast\u0119pnie przej\u015b\u0107 przez Ukrain\u0119, W\u0119gry i S\u0142owacj\u0119, a\u017c do Polski&hellip; <\/p><\/div>\n\n\n<div class=\"wp-block-group posts-list-meta is-layout-flow wp-block-group-is-layout-flow\"><span class='article-list-item-author'>Gosia Lach<\/span>\n\n<div class=\"wp-block-post-date\"><time datetime=\"2023-06-05T17:09:00+02:00\">2023-06-05<\/time><\/div><\/div>\n<\/div>\n<\/div>\n\n<\/li><li class=\"wp-block-post post-32980 post type-post status-publish format-standard has-post-thumbnail hentry category-przyroda tag-lasy tag-karpaty p4-page-type-blog\">\n\n<div class=\"wp-block-columns is-layout-flex wp-container-core-columns-is-layout-9d6595d7 wp-block-columns-is-layout-flex\"><figure class=\"wp-block-post-featured-image\"><a href=\"https:\/\/www.greenpeace.org\/poland\/blog\/32980\/dziennik-podrozy-2-pogotowie-dla-karpat-dotarlo-do-ukrainy\/\" target=\"_self\"  ><img loading=\"lazy\" decoding=\"async\" width=\"1200\" height=\"800\" src=\"https:\/\/www.greenpeace.org\/static\/planet4-poland-stateless\/2023\/05\/49e2b94b-gp0stwhbd_medium_res_with_credit_line.jpg\" class=\"attachment-post-thumbnail size-post-thumbnail wp-post-image wp-stateless-item\" alt=\"Dziennik podr\u00f3\u017cy #2: Pogotowie dla Karpat dotar\u0142o do Ukrainy\" style=\"object-fit:cover;\" srcset=\"https:\/\/www.greenpeace.org\/static\/planet4-poland-stateless\/2023\/05\/49e2b94b-gp0stwhbd_medium_res_with_credit_line.jpg 1200w, https:\/\/www.greenpeace.org\/static\/planet4-poland-stateless\/2023\/05\/49e2b94b-gp0stwhbd_medium_res_with_credit_line-500x333.jpg 500w, https:\/\/www.greenpeace.org\/static\/planet4-poland-stateless\/2023\/05\/49e2b94b-gp0stwhbd_medium_res_with_credit_line-1024x683.jpg 1024w, https:\/\/www.greenpeace.org\/static\/planet4-poland-stateless\/2023\/05\/49e2b94b-gp0stwhbd_medium_res_with_credit_line-768x512.jpg 768w, https:\/\/www.greenpeace.org\/static\/planet4-poland-stateless\/2023\/05\/49e2b94b-gp0stwhbd_medium_res_with_credit_line-510x340.jpg 510w\" sizes=\"auto, (max-width: 1200px) 100vw, 1200px\" data-image-size=\"post-thumbnail\" data-stateless-media-bucket=\"planet4-poland-stateless\" data-stateless-media-name=\"2023\/05\/49e2b94b-gp0stwhbd_medium_res_with_credit_line.jpg\" \/><\/a><\/figure>\n\n\n<div class=\"wp-block-group is-layout-flow wp-block-group-is-layout-flow\">\n<div class=\"wp-block-group is-layout-flow wp-block-group-is-layout-flow\"><div class=\"wp-block-post-terms\"><a href=\"https:\/\/www.greenpeace.org\/poland\/category\/przyroda\/\">Przyroda<\/a><\/div>\n\n<div class=\"taxonomy-post_tag wp-block-post-terms\"><a href=\"https:\/\/www.greenpeace.org\/poland\/tag\/lasy\/\" rel=\"tag\">Lasy<\/a><span class=\"wp-block-post-terms__separator\"> <\/span><a href=\"https:\/\/www.greenpeace.org\/poland\/tag\/karpaty\/\" rel=\"tag\">Puszcza Karpacka<\/a><\/div><\/div>\n\n\n<h3 class=\"wp-block-post-title\"><a href=\"https:\/\/www.greenpeace.org\/poland\/blog\/32980\/dziennik-podrozy-2-pogotowie-dla-karpat-dotarlo-do-ukrainy\/\" target=\"_self\" >Dziennik podr\u00f3\u017cy #2: Pogotowie dla Karpat dotar\u0142o do Ukrainy<\/a><\/h3>\n\n<div class=\"wp-block-post-excerpt\"><p class=\"wp-block-post-excerpt__excerpt\">Karpacka ekspedycja dotar\u0142a na Ukrain\u0119. Przeczytaj relacj\u0119 Natalii z tej emocjonuj\u0105cej wyprawy i niezwyk\u0142ych spotka\u0144 w lesie <\/p><\/div>\n\n\n<div class=\"wp-block-group posts-list-meta is-layout-flow wp-block-group-is-layout-flow\"><span class='article-list-item-author'><a href='https:\/\/www.greenpeace.org\/poland\/author\/marianna\/'>Greenpeace Polska<\/a><\/span>\n\n<div class=\"wp-block-post-date\"><time datetime=\"2023-05-30T16:49:23+02:00\">2023-05-30<\/time><\/div><\/div>\n<\/div>\n<\/div>\n\n<\/li><li class=\"wp-block-post post-32913 post type-post status-publish format-standard has-post-thumbnail hentry category-przyroda tag-lasy tag-ochrona-przyrody tag-karpaty p4-page-type-blog\">\n\n<div class=\"wp-block-columns is-layout-flex wp-container-core-columns-is-layout-9d6595d7 wp-block-columns-is-layout-flex\"><figure class=\"wp-block-post-featured-image\"><a href=\"https:\/\/www.greenpeace.org\/poland\/blog\/32913\/dziennik-podrozy-1-pogotowie-dla-karpat-wystartowalo-w-rumunii\/\" target=\"_self\"  ><img loading=\"lazy\" decoding=\"async\" width=\"2048\" height=\"1365\" src=\"https:\/\/www.greenpeace.org\/static\/planet4-poland-stateless\/2023\/05\/1b3330dc-346972282_157467460424343_8969043721475366971_n.jpg\" class=\"attachment-post-thumbnail size-post-thumbnail wp-post-image wp-stateless-item\" alt=\"Dziennik podr\u00f3\u017cy #1: Pogotowie dla Karpat wystartowa\u0142o w Rumunii\" style=\"object-fit:cover;\" srcset=\"https:\/\/www.greenpeace.org\/static\/planet4-poland-stateless\/2023\/05\/1b3330dc-346972282_157467460424343_8969043721475366971_n.jpg 2048w, https:\/\/www.greenpeace.org\/static\/planet4-poland-stateless\/2023\/05\/1b3330dc-346972282_157467460424343_8969043721475366971_n-500x333.jpg 500w, https:\/\/www.greenpeace.org\/static\/planet4-poland-stateless\/2023\/05\/1b3330dc-346972282_157467460424343_8969043721475366971_n-1024x683.jpg 1024w, https:\/\/www.greenpeace.org\/static\/planet4-poland-stateless\/2023\/05\/1b3330dc-346972282_157467460424343_8969043721475366971_n-768x512.jpg 768w, https:\/\/www.greenpeace.org\/static\/planet4-poland-stateless\/2023\/05\/1b3330dc-346972282_157467460424343_8969043721475366971_n-1536x1024.jpg 1536w, https:\/\/www.greenpeace.org\/static\/planet4-poland-stateless\/2023\/05\/1b3330dc-346972282_157467460424343_8969043721475366971_n-510x340.jpg 510w\" sizes=\"auto, (max-width: 2048px) 100vw, 2048px\" data-image-size=\"post-thumbnail\" data-stateless-media-bucket=\"planet4-poland-stateless\" data-stateless-media-name=\"2023\/05\/1b3330dc-346972282_157467460424343_8969043721475366971_n.jpg\" \/><\/a><\/figure>\n\n\n<div class=\"wp-block-group is-layout-flow wp-block-group-is-layout-flow\">\n<div class=\"wp-block-group is-layout-flow wp-block-group-is-layout-flow\"><div class=\"wp-block-post-terms\"><a href=\"https:\/\/www.greenpeace.org\/poland\/category\/przyroda\/\">Przyroda<\/a><\/div>\n\n<div class=\"taxonomy-post_tag wp-block-post-terms\"><a href=\"https:\/\/www.greenpeace.org\/poland\/tag\/lasy\/\" rel=\"tag\">Lasy<\/a><span class=\"wp-block-post-terms__separator\"> <\/span><a href=\"https:\/\/www.greenpeace.org\/poland\/tag\/ochrona-przyrody\/\" rel=\"tag\">OchronaPrzyrody<\/a><span class=\"wp-block-post-terms__separator\"> <\/span><a href=\"https:\/\/www.greenpeace.org\/poland\/tag\/karpaty\/\" rel=\"tag\">Puszcza Karpacka<\/a><\/div><\/div>\n\n\n<h3 class=\"wp-block-post-title\"><a href=\"https:\/\/www.greenpeace.org\/poland\/blog\/32913\/dziennik-podrozy-1-pogotowie-dla-karpat-wystartowalo-w-rumunii\/\" target=\"_self\" >Dziennik podr\u00f3\u017cy #1: Pogotowie dla Karpat wystartowa\u0142o w Rumunii<\/a><\/h3>\n\n<div class=\"wp-block-post-excerpt\"><p class=\"wp-block-post-excerpt__excerpt\">Jeste\u015bmy w sercu Karpat. Za nami zaledwie tydzie\u0144 w terenie, ale czuj\u0119, \u017ce za mn\u0105 ju\u017c d\u0142uga, transformacyjna podr\u00f3\u017c. Pokazujemy \u015bwiatu zapieraj\u0105ce dech w piersiach dzikie g\u00f3ry, a tak\u017ce dojmuj\u0105ce zniszczenia, jakie czyni w nich przemys\u0142owa wycinka drzew &#8211; Laura Bonciu z rumu\u0144skiego Greenpeace&#8217;u podsumowuje pierwszy tydzie\u0144 wyprawy przez Karpaty. <\/p><\/div>\n\n\n<div class=\"wp-block-group posts-list-meta is-layout-flow wp-block-group-is-layout-flow\"><span class='article-list-item-author'>Laura Bonciu<\/span>\n\n<div class=\"wp-block-post-date\"><time datetime=\"2023-05-23T18:30:43+02:00\">2023-05-23<\/time><\/div><\/div>\n<\/div>\n<\/div>\n\n<\/li><\/ul>\n\n\n<div class=\"wp-block-buttons carousel-controls is-horizontal is-content-justification-space-between is-nowrap is-layout-flex wp-container-core-buttons-is-layout-044bd602 wp-block-buttons-is-layout-flex\">\n<div class=\"wp-block-button carousel-control-prev\"><button type=\"button\" class=\"wp-block-button__link wp-element-button\">Wstecz<\/button><\/div>\n\n\n\n<div class=\"wp-block-button carousel-control-next\"><button type=\"button\" class=\"wp-block-button__link wp-element-button\">Dalej<\/button><\/div>\n<\/div>\n<\/div>\n\n\n\n        <div class=\"wp-block-query actions-list p4-query-loop is-custom-layout-actions-list is-custom-layout-grid is-layout-flex wp-block-query-is-layout-flex\">\n<h2 class=\"wp-block-heading\">Co mo\u017cesz zrobi\u0107?<\/h2>\n\n        \n<p style=\"margin-top:24px;margin-bottom:32px\"><\/p>\n\n        \n        <ul class=\"wp-block-post-template is-layout-flow wp-block-post-template-is-layout-flow\"><li class=\"wp-block-post post-38148 p4_action type-p4_action status-publish has-post-thumbnail hentry category-przyroda tag-lasy tag-morza tag-puszcza-bialowieska tag-ochrona-przyrody tag-pszczoly tag-karpaty action-type-wsparcie\">\n<figure class=\"wp-block-post-featured-image\"><img loading=\"lazy\" decoding=\"async\" width=\"1200\" height=\"628\" src=\"https:\/\/www.greenpeace.org\/static\/planet4-poland-stateless\/2025\/09\/bd542487-og-image-dzika-mapa.png\" class=\"attachment-post-thumbnail size-post-thumbnail wp-post-image wp-stateless-item\" alt=\"DzikaMapa.pl\" style=\"object-fit:cover;\" srcset=\"https:\/\/www.greenpeace.org\/static\/planet4-poland-stateless\/2025\/09\/bd542487-og-image-dzika-mapa.png 1200w, https:\/\/www.greenpeace.org\/static\/planet4-poland-stateless\/2025\/09\/bd542487-og-image-dzika-mapa-500x262.png 500w, https:\/\/www.greenpeace.org\/static\/planet4-poland-stateless\/2025\/09\/bd542487-og-image-dzika-mapa-1024x536.png 1024w, https:\/\/www.greenpeace.org\/static\/planet4-poland-stateless\/2025\/09\/bd542487-og-image-dzika-mapa-768x402.png 768w, https:\/\/www.greenpeace.org\/static\/planet4-poland-stateless\/2025\/09\/bd542487-og-image-dzika-mapa-510x267.png 510w\" sizes=\"auto, (max-width: 1200px) 100vw, 1200px\" data-image-size=\"post-thumbnail\" data-stateless-media-bucket=\"planet4-poland-stateless\" data-stateless-media-name=\"2025\/09\/bd542487-og-image-dzika-mapa.png\" \/><\/figure>\n\n\n                <div class=\"wp-block-group group-stretched-link is-layout-flow wp-block-group-is-layout-flow\"><div class=\"wp-block-post-terms\">Przyroda<\/div>\n                <h3 class=\"wp-block-post-title\"><a href=\"https:\/\/www.greenpeace.org\/poland\/wsparcie\/adoptuj-ulubione-dzikie-zwierze\/\" target=\"_self\" >Adoptuj ulubione dzikie zwierz\u0119<\/a><\/h3>\n                <div class=\"wp-block-post-excerpt\"><p class=\"wp-block-post-excerpt__excerpt\">Wybierz ulubione dzikie zwierz\u0119 z mapy Polski, adoptuj je i chro\u0144 z nami jego dom! <\/p><\/div><\/div>\n                \n\n\n<div class=\"wp-block-group read-more-nav is-layout-flow wp-block-group-is-layout-flow\"><a href=\"https:\/\/www.greenpeace.org\/poland\/wsparcie\/adoptuj-ulubione-dzikie-zwierze\/\" class=\"btn btn-primary btn-small\" aria-label=\"Take actionAdoptuj\u0119!\">Adoptuj\u0119!<\/a><\/div>\n\n<\/li><li class=\"wp-block-post post-38145 p4_action type-p4_action status-publish has-post-thumbnail hentry category-przyroda tag-lasy tag-karpaty action-type-petycje\">\n<figure class=\"wp-block-post-featured-image\"><img loading=\"lazy\" decoding=\"async\" width=\"800\" height=\"534\" src=\"https:\/\/www.greenpeace.org\/static\/planet4-poland-stateless\/2025\/09\/e613f29a-54791100029_b0beb40691_c.jpg\" class=\"attachment-post-thumbnail size-post-thumbnail wp-post-image wp-stateless-item\" alt=\"\" style=\"object-fit:cover;\" srcset=\"https:\/\/www.greenpeace.org\/static\/planet4-poland-stateless\/2025\/09\/e613f29a-54791100029_b0beb40691_c.jpg 800w, https:\/\/www.greenpeace.org\/static\/planet4-poland-stateless\/2025\/09\/e613f29a-54791100029_b0beb40691_c-500x334.jpg 500w, https:\/\/www.greenpeace.org\/static\/planet4-poland-stateless\/2025\/09\/e613f29a-54791100029_b0beb40691_c-768x513.jpg 768w, https:\/\/www.greenpeace.org\/static\/planet4-poland-stateless\/2025\/09\/e613f29a-54791100029_b0beb40691_c-510x340.jpg 510w\" sizes=\"auto, (max-width: 800px) 100vw, 800px\" data-image-size=\"post-thumbnail\" data-stateless-media-bucket=\"planet4-poland-stateless\" data-stateless-media-name=\"2025\/09\/e613f29a-54791100029_b0beb40691_c.jpg\" \/><\/figure>\n\n\n                <div class=\"wp-block-group group-stretched-link is-layout-flow wp-block-group-is-layout-flow\"><div class=\"wp-block-post-terms\">Przyroda<\/div>\n                <h3 class=\"wp-block-post-title\"><a href=\"https:\/\/www.greenpeace.org\/poland\/petycje\/ikea-mozesz-lepiej\/\" target=\"_self\" >Podpisz: IKEA, mo\u017cesz lepiej!<\/a><\/h3>\n                <div class=\"wp-block-post-excerpt\"><p class=\"wp-block-post-excerpt__excerpt\">IKEA nie musi korzysta\u0107 z drewna z pradawnych karpackich las\u00f3w. Podpisz list do dyrektora IKEA! <\/p><\/div><\/div>\n                \n\n\n<div class=\"wp-block-group read-more-nav is-layout-flow wp-block-group-is-layout-flow\"><a href=\"https:\/\/www.greenpeace.org\/poland\/petycje\/ikea-mozesz-lepiej\/\" class=\"btn btn-primary btn-small\" aria-label=\"Podpisz petycj\u0119!\">Podpisz!<\/a><\/div>\n\n<\/li><li class=\"wp-block-post post-37067 p4_action type-p4_action status-publish has-post-thumbnail hentry category-przyroda tag-ochrona-przyrody tag-karpaty tag-lasy action-type-petycje\">\n<figure class=\"wp-block-post-featured-image\"><img loading=\"lazy\" decoding=\"async\" width=\"800\" height=\"547\" src=\"https:\/\/www.greenpeace.org\/static\/planet4-poland-stateless\/2025\/05\/a37c12e7-niedzwiedz-mlody.jpg\" class=\"attachment-post-thumbnail size-post-thumbnail wp-post-image wp-stateless-item\" alt=\"\" style=\"object-fit:cover;\" srcset=\"https:\/\/www.greenpeace.org\/static\/planet4-poland-stateless\/2025\/05\/a37c12e7-niedzwiedz-mlody.jpg 800w, https:\/\/www.greenpeace.org\/static\/planet4-poland-stateless\/2025\/05\/a37c12e7-niedzwiedz-mlody-500x342.jpg 500w, https:\/\/www.greenpeace.org\/static\/planet4-poland-stateless\/2025\/05\/a37c12e7-niedzwiedz-mlody-768x525.jpg 768w, https:\/\/www.greenpeace.org\/static\/planet4-poland-stateless\/2025\/05\/a37c12e7-niedzwiedz-mlody-497x340.jpg 497w\" sizes=\"auto, (max-width: 800px) 100vw, 800px\" data-image-size=\"post-thumbnail\" data-stateless-media-bucket=\"planet4-poland-stateless\" data-stateless-media-name=\"2025\/05\/a37c12e7-niedzwiedz-mlody.jpg\" \/><\/figure>\n\n\n                <div class=\"wp-block-group group-stretched-link is-layout-flow wp-block-group-is-layout-flow\"><div class=\"wp-block-post-terms\">Przyroda<\/div>\n                <h3 class=\"wp-block-post-title\"><a href=\"https:\/\/www.greenpeace.org\/poland\/petycje\/podpisz-zatrzymajmy-odstrzal-350-niedzwiedzi\/\" target=\"_self\" >Podpisz: Zatrzymajmy odstrza\u0142 350 nied\u017awiedzi!<\/a><\/h3>\n                <div class=\"wp-block-post-excerpt\"><p class=\"wp-block-post-excerpt__excerpt\">S\u0142owacki rz\u0105d chce odstrzeli\u0107 350 nied\u017awiedzi, w tym tych, kt\u00f3re spotka\u0107 mo\u017cna w polskich Tatrach czy Karpatach. Nie pozw\u00f3lmy na to! <\/p><\/div><\/div>\n                \n\n\n<div class=\"wp-block-group read-more-nav is-layout-flow wp-block-group-is-layout-flow\"><a href=\"https:\/\/www.greenpeace.org\/poland\/petycje\/podpisz-zatrzymajmy-odstrzal-350-niedzwiedzi\/\" class=\"btn btn-primary btn-small\" aria-label=\"Podpisz apel\">Podpisz apel!<\/a><\/div>\n\n<\/li><li class=\"wp-block-post post-32247 page type-page status-publish has-post-thumbnail hentry category-przyroda tag-karpaty tag-lasy\">\n<figure class=\"wp-block-post-featured-image\"><img loading=\"lazy\" decoding=\"async\" width=\"1200\" height=\"801\" src=\"https:\/\/www.greenpeace.org\/static\/planet4-poland-stateless\/2022\/11\/6427ee26-gp0stpf50_medium_res_with_credit_line.jpg\" class=\"attachment-post-thumbnail size-post-thumbnail wp-post-image wp-stateless-item\" alt=\"Nied\u017awied\u017a brunatny w Karpatach\" style=\"object-fit:cover;\" srcset=\"https:\/\/www.greenpeace.org\/static\/planet4-poland-stateless\/2022\/11\/6427ee26-gp0stpf50_medium_res_with_credit_line.jpg 1200w, https:\/\/www.greenpeace.org\/static\/planet4-poland-stateless\/2022\/11\/6427ee26-gp0stpf50_medium_res_with_credit_line-500x334.jpg 500w, https:\/\/www.greenpeace.org\/static\/planet4-poland-stateless\/2022\/11\/6427ee26-gp0stpf50_medium_res_with_credit_line-1024x684.jpg 1024w, https:\/\/www.greenpeace.org\/static\/planet4-poland-stateless\/2022\/11\/6427ee26-gp0stpf50_medium_res_with_credit_line-768x513.jpg 768w, https:\/\/www.greenpeace.org\/static\/planet4-poland-stateless\/2022\/11\/6427ee26-gp0stpf50_medium_res_with_credit_line-510x340.jpg 510w\" sizes=\"auto, (max-width: 1200px) 100vw, 1200px\" data-image-size=\"post-thumbnail\" data-stateless-media-bucket=\"planet4-poland-stateless\" data-stateless-media-name=\"2022\/11\/6427ee26-gp0stpf50_medium_res_with_credit_line.jpg\" \/><\/figure>\n\n\n                <div class=\"wp-block-group group-stretched-link is-layout-flow wp-block-group-is-layout-flow\"><div class=\"wp-block-post-terms\">Przyroda<\/div>\n                <h3 class=\"wp-block-post-title\"><a href=\"https:\/\/www.greenpeace.org\/poland\/dzialaj-old\/podpisz-ratujmy-lasy-karpat\/\" target=\"_self\" >Podpisz: Ratujmy lasy Karpat!<\/a><\/h3>\n                <div class=\"wp-block-post-excerpt\"><p class=\"wp-block-post-excerpt__excerpt\">Co godzin\u0119 w Karpatach niszczony jest las o powierzchni 5 boisk pi\u0142karskich. Musimy to powstrzyma\u0107! Zaapeluj do polityk\u00f3w, aby zako\u0144czyli lekkomy\u015bln\u0105 destrukcj\u0119 Karpat. Czas na powa\u017cnie chroni\u0107 jeden z najwi\u0119kszych skarb\u00f3w naturalnych Europy. <\/p><\/div><\/div>\n                \n\n\n<div class=\"wp-block-group read-more-nav is-layout-flow wp-block-group-is-layout-flow\"><a href=\"https:\/\/www.greenpeace.org\/poland\/dzialaj-old\/podpisz-ratujmy-lasy-karpat\/\" class=\"btn btn-primary btn-small\" aria-label=\"Dzia\u0142aj!\">Dzia\u0142aj!<\/a><\/div>\n\n<\/li><\/ul>\n        \n<div class=\"wp-block-buttons carousel-controls is-horizontal is-content-justification-space-between is-nowrap is-layout-flex wp-container-core-buttons-is-layout-044bd602 wp-block-buttons-is-layout-flex\">\n<div class=\"wp-block-button carousel-control-prev\"><button type=\"button\" class=\"wp-block-button__link wp-element-button\">Wstecz<\/button><\/div>\n\n\n\n<div class=\"wp-block-button carousel-control-next\"><button type=\"button\" class=\"wp-block-button__link wp-element-button\">Dalej<\/button><\/div>\n<\/div>\n\n        \n<div class=\"wp-block-buttons load-more-actions-container is-content-justification-center is-layout-flex wp-container-core-buttons-is-layout-16018d1d wp-block-buttons-is-layout-flex\">\n                <div class=\"wp-block-button is-style-secondary\"><button type=\"button\" class=\"wp-block-button__link wp-element-button\">Poka\u017c wi\u0119cej<\/button><\/div>\n            \n<\/div>\n<\/div>\n        \n\n<div data-render=\"planet4-blocks\/columns\" data-attributes=\"{&quot;attributes&quot;:{&quot;columns_block_style&quot;:&quot;image&quot;,&quot;columns_title&quot;:&quot;Zobacz te\\u017c:&quot;,&quot;columns&quot;:[{&quot;title&quot;:&quot;Bezpiecznie na le\\u015bnym szlaku&quot;,&quot;description&quot;:&quot;Dowiedz si\\u0119, jak podr\\u00f3\\u017cowa\\u0107 po lasach bezpiecznie dla siebie i przyrody. Poznaj m.in. oznaczenia szlak\\u00f3w, dowiedz si\\u0119, jak zachowa\\u0107 si\\u0119 podczas burzy lub wichury.&quot;,&quot;attachment&quot;:&quot;https:\\\/\\\/www.greenpeace.org\\\/static\\\/planet4-poland-stateless\\\/2023\\\/06\\\/1c358c9b-52988824243_fa9a3580b6_k-510x340.jpg&quot;,&quot;cta_link&quot;:&quot;https:\\\/\\\/www.greenpeace.org\\\/poland\\\/bezpieczenstwo-na-lesnym-szlaku\\\/&quot;,&quot;cta_text&quot;:&quot;Przeczytaj&quot;,&quot;attachment_srcset&quot;:&quot;https:\\\/\\\/www.greenpeace.org\\\/static\\\/planet4-poland-stateless\\\/2023\\\/06\\\/1c358c9b-52988824243_fa9a3580b6_k-510x340.jpg 510w, https:\\\/\\\/www.greenpeace.org\\\/static\\\/planet4-poland-stateless\\\/2023\\\/06\\\/1c358c9b-52988824243_fa9a3580b6_k-500x333.jpg 500w, https:\\\/\\\/www.greenpeace.org\\\/static\\\/planet4-poland-stateless\\\/2023\\\/06\\\/1c358c9b-52988824243_fa9a3580b6_k-1024x683.jpg 1024w, https:\\\/\\\/www.greenpeace.org\\\/static\\\/planet4-poland-stateless\\\/2023\\\/06\\\/1c358c9b-52988824243_fa9a3580b6_k-768x512.jpg 768w, https:\\\/\\\/www.greenpeace.org\\\/static\\\/planet4-poland-stateless\\\/2023\\\/06\\\/1c358c9b-52988824243_fa9a3580b6_k-1536x1024.jpg 1536w, https:\\\/\\\/www.greenpeace.org\\\/static\\\/planet4-poland-stateless\\\/2023\\\/06\\\/1c358c9b-52988824243_fa9a3580b6_k.jpg 2047w&quot;},{&quot;title&quot;:&quot;Nied\\u017awied\\u017a, ry\\u015b i wilk&quot;,&quot;description&quot;:&quot;Dowiedz si\\u0119 wi\\u0119cej o wielkiej tr\\u00f3jce karpackich zwierz\\u0105t, poznaj ich zwyczaje i dowiedz si\\u0119, jak si\\u0119 zachowa\\u0107, je\\u015bli je spotkasz podczas w\\u0119dr\\u00f3wki.&quot;,&quot;attachment&quot;:&quot;https:\\\/\\\/www.greenpeace.org\\\/static\\\/planet4-poland-stateless\\\/2025\\\/05\\\/f091cb15-niedzwiedz-siedzacy-278x340.jpg&quot;,&quot;cta_link&quot;:&quot;https:\\\/\\\/www.greenpeace.org\\\/poland\\\/zwierzeta-karpackich-lasow\\\/&quot;,&quot;cta_text&quot;:&quot;Przeczytaj&quot;,&quot;attachment_srcset&quot;:&quot;https:\\\/\\\/www.greenpeace.org\\\/static\\\/planet4-poland-stateless\\\/2025\\\/05\\\/f091cb15-niedzwiedz-siedzacy-278x340.jpg 278w, https:\\\/\\\/www.greenpeace.org\\\/static\\\/planet4-poland-stateless\\\/2025\\\/05\\\/f091cb15-niedzwiedz-siedzacy-408x500.jpg 408w, https:\\\/\\\/www.greenpeace.org\\\/static\\\/planet4-poland-stateless\\\/2025\\\/05\\\/f091cb15-niedzwiedz-siedzacy.jpg 735w&quot;},{&quot;title&quot;:&quot;Sprawd\\u017a wiedz\\u0119 o zwierz\\u0119tach karpackich las\\u00f3w&quot;,&quot;description&quot;:&quot;Rozwi\\u0105\\u017c nasz quiz i sprawd\\u017a, ile wiesz o rysiach, wilkach i nied\\u017awiedziach!&quot;,&quot;attachment&quot;:&quot;https:\\\/\\\/www.greenpeace.org\\\/static\\\/planet4-poland-stateless\\\/2023\\\/10\\\/885db6dd-wilk_canis-lupus_c.korkosz_5841-1-510x207.jpg&quot;,&quot;cta_text&quot;:&quot;Rozwi\\u0105\\u017c quiz&quot;,&quot;cta_link&quot;:&quot;https:\\\/\\\/y5sdqc4nxgn.typeform.com\\\/ZwierzetaKarpat&quot;,&quot;link_new_tab&quot;:true,&quot;attachment_srcset&quot;:&quot;https:\\\/\\\/www.greenpeace.org\\\/static\\\/planet4-poland-stateless\\\/2023\\\/10\\\/885db6dd-wilk_canis-lupus_c.korkosz_5841-1-510x207.jpg 510w, https:\\\/\\\/www.greenpeace.org\\\/static\\\/planet4-poland-stateless\\\/2023\\\/10\\\/885db6dd-wilk_canis-lupus_c.korkosz_5841-1-500x203.jpg 500w, https:\\\/\\\/www.greenpeace.org\\\/static\\\/planet4-poland-stateless\\\/2023\\\/10\\\/885db6dd-wilk_canis-lupus_c.korkosz_5841-1-1024x415.jpg 1024w, https:\\\/\\\/www.greenpeace.org\\\/static\\\/planet4-poland-stateless\\\/2023\\\/10\\\/885db6dd-wilk_canis-lupus_c.korkosz_5841-1-768x311.jpg 768w, https:\\\/\\\/www.greenpeace.org\\\/static\\\/planet4-poland-stateless\\\/2023\\\/10\\\/885db6dd-wilk_canis-lupus_c.korkosz_5841-1-1536x622.jpg 1536w, https:\\\/\\\/www.greenpeace.org\\\/static\\\/planet4-poland-stateless\\\/2023\\\/10\\\/885db6dd-wilk_canis-lupus_c.korkosz_5841-1-2048x830.jpg 2048w&quot;}],&quot;className&quot;:&quot;is-style-image&quot;}}\"><\/div>\n\n\n<div style=\"height:30px\" aria-hidden=\"true\" class=\"wp-block-spacer\"><\/div>\n\n\n\n<div class=\"wp-block-query posts-list p4-query-loop is-custom-layout-list is-layout-flow wp-block-query-is-layout-flow\">\n<div class=\"wp-block-group is-content-justification-space-between is-layout-flex wp-container-core-group-is-layout-3d213aab wp-block-group-is-layout-flex\">\n<h2 class=\"wp-block-heading\">Powi\u0105zane aktualno\u015bci<\/h2>\n\n\n<li class=\" wp-block-navigation-item see-all-link wp-block-navigation-link\"><a class=\"wp-block-navigation-item__content\"  href=\"http:\/\/www.greenpeace.org\/poland\/aktualnosci\/?tag=karpaty\"><span class=\"wp-block-navigation-item__label\">Zobacz wi\u0119cej<\/span><\/a><\/li><\/div>\n\n\n\n<p style=\"margin-top:24px;margin-bottom:36px\"><\/p>\n\n\n\n\n<ul class=\"wp-block-post-template is-layout-flow wp-block-post-template-is-layout-flow\"><li class=\"wp-block-post post-39160 post type-post status-publish format-standard has-post-thumbnail hentry category-przyroda tag-lasy tag-ochrona-przyrody tag-karpaty tag-greenwashing p4-page-type-aktualnosci\">\n\n<div class=\"wp-block-columns is-layout-flex wp-container-core-columns-is-layout-9d6595d7 wp-block-columns-is-layout-flex\"><figure class=\"wp-block-post-featured-image\"><a href=\"https:\/\/www.greenpeace.org\/poland\/aktualnosci\/39160\/polak-prezesem-koncernu-ikea-mamy-dla-niego-zyczenia-noworoczne\/\" target=\"_self\"  ><img loading=\"lazy\" decoding=\"async\" width=\"799\" height=\"533\" src=\"https:\/\/www.greenpeace.org\/static\/planet4-poland-stateless\/2025\/09\/489e7efa-54791100029_6dc25ec4f5_c.jpg\" class=\"attachment-post-thumbnail size-post-thumbnail wp-post-image wp-stateless-item\" alt=\"Polak prezesem koncernu IKEA. Mamy dla niego \u017cyczenia noworoczne\" style=\"object-fit:cover;\" srcset=\"https:\/\/www.greenpeace.org\/static\/planet4-poland-stateless\/2025\/09\/489e7efa-54791100029_6dc25ec4f5_c.jpg 799w, https:\/\/www.greenpeace.org\/static\/planet4-poland-stateless\/2025\/09\/489e7efa-54791100029_6dc25ec4f5_c-500x334.jpg 500w, https:\/\/www.greenpeace.org\/static\/planet4-poland-stateless\/2025\/09\/489e7efa-54791100029_6dc25ec4f5_c-768x512.jpg 768w, https:\/\/www.greenpeace.org\/static\/planet4-poland-stateless\/2025\/09\/489e7efa-54791100029_6dc25ec4f5_c-510x340.jpg 510w\" sizes=\"auto, (max-width: 799px) 100vw, 799px\" data-image-size=\"post-thumbnail\" data-stateless-media-bucket=\"planet4-poland-stateless\" data-stateless-media-name=\"2025\/09\/489e7efa-54791100029_6dc25ec4f5_c.jpg\" \/><\/a><\/figure>\n\n\n<div class=\"wp-block-group is-layout-flow wp-block-group-is-layout-flow\">\n<div class=\"wp-block-group is-layout-flex wp-block-group-is-layout-flex\"><div class=\"wp-block-post-terms\"><a href=\"https:\/\/www.greenpeace.org\/poland\/category\/przyroda\/\">Przyroda<\/a><\/div>\n\n<div class=\"taxonomy-post_tag wp-block-post-terms\"><a href=\"https:\/\/www.greenpeace.org\/poland\/tag\/lasy\/\" rel=\"tag\">Lasy<\/a><span class=\"wp-block-post-terms__separator\"> <\/span><a href=\"https:\/\/www.greenpeace.org\/poland\/tag\/ochrona-przyrody\/\" rel=\"tag\">OchronaPrzyrody<\/a><span class=\"wp-block-post-terms__separator\"> <\/span><a href=\"https:\/\/www.greenpeace.org\/poland\/tag\/karpaty\/\" rel=\"tag\">Puszcza Karpacka<\/a><span class=\"wp-block-post-terms__separator\"> <\/span><a href=\"https:\/\/www.greenpeace.org\/poland\/tag\/greenwashing\/\" rel=\"tag\">Greenwashing<\/a><\/div><\/div>\n\n\n<h3 class=\"wp-block-post-title\"><a href=\"https:\/\/www.greenpeace.org\/poland\/aktualnosci\/39160\/polak-prezesem-koncernu-ikea-mamy-dla-niego-zyczenia-noworoczne\/\" target=\"_self\" >Polak prezesem koncernu IKEA. Mamy dla niego \u017cyczenia noworoczne<\/a><\/h3>\n\n<div class=\"wp-block-post-excerpt\"><p class=\"wp-block-post-excerpt__excerpt\">Pierwszego stycznia stery \u015bwiatowej IKEI obejmie Polak, Jakub Jankowski. \u017byczymy Panu Prezesowi, by zacz\u0105\u0142 prac\u0119 od wstrzymania wycinek w szczeg\u00f3lnie cennych karpackich lasach. <\/p><\/div>\n\n\n<div class=\"wp-block-group posts-list-meta is-layout-flow wp-block-group-is-layout-flow\"><span class='article-list-item-author'><a href='https:\/\/www.greenpeace.org\/poland\/author\/mvelez\/'>Marcel Andino Velez<\/a><\/span>\n\n<div class=\"wp-block-post-date\"><time datetime=\"2025-12-29T23:56:54+02:00\">2025-12-29<\/time><\/div><\/div>\n<\/div>\n<\/div>\n\n<\/li><li class=\"wp-block-post post-38654 post type-post status-publish format-standard has-post-thumbnail hentry category-przyroda tag-karpaty tag-ochrona-przyrody p4-page-type-aktualnosci\">\n\n<div class=\"wp-block-columns is-layout-flex wp-container-core-columns-is-layout-9d6595d7 wp-block-columns-is-layout-flex\"><figure class=\"wp-block-post-featured-image\"><a href=\"https:\/\/www.greenpeace.org\/poland\/aktualnosci\/38654\/slowacja-nielegalnie-zabija-polskie-niedzwiedzie-interweniujemy-w-komisji-europejskiej\/\" target=\"_self\"  ><img loading=\"lazy\" decoding=\"async\" width=\"2560\" height=\"2560\" src=\"https:\/\/www.greenpeace.org\/static\/planet4-poland-stateless\/2025\/11\/6e042ebf-5-scaled.png\" class=\"attachment-post-thumbnail size-post-thumbnail wp-post-image wp-stateless-item\" alt=\"S\u0142owacja nielegalnie zabija polskie nied\u017awiedzie! Interweniujemy w Komisji Europejskiej\" style=\"object-fit:cover;\" srcset=\"https:\/\/www.greenpeace.org\/static\/planet4-poland-stateless\/2025\/11\/6e042ebf-5-scaled.png 2560w, https:\/\/www.greenpeace.org\/static\/planet4-poland-stateless\/2025\/11\/6e042ebf-5-500x500.png 500w, https:\/\/www.greenpeace.org\/static\/planet4-poland-stateless\/2025\/11\/6e042ebf-5-1024x1024.png 1024w, https:\/\/www.greenpeace.org\/static\/planet4-poland-stateless\/2025\/11\/6e042ebf-5-300x300.png 300w, https:\/\/www.greenpeace.org\/static\/planet4-poland-stateless\/2025\/11\/6e042ebf-5-768x768.png 768w, https:\/\/www.greenpeace.org\/static\/planet4-poland-stateless\/2025\/11\/6e042ebf-5-1536x1536.png 1536w, https:\/\/www.greenpeace.org\/static\/planet4-poland-stateless\/2025\/11\/6e042ebf-5-2048x2048.png 2048w, https:\/\/www.greenpeace.org\/static\/planet4-poland-stateless\/2025\/11\/6e042ebf-5-1366x1366.png 1366w, https:\/\/www.greenpeace.org\/static\/planet4-poland-stateless\/2025\/11\/6e042ebf-5-340x340.png 340w\" sizes=\"auto, (max-width: 2560px) 100vw, 2560px\" data-image-size=\"post-thumbnail\" data-stateless-media-bucket=\"planet4-poland-stateless\" data-stateless-media-name=\"2025\/11\/6e042ebf-5-scaled.png\" \/><\/a><\/figure>\n\n\n<div class=\"wp-block-group is-layout-flow wp-block-group-is-layout-flow\">\n<div class=\"wp-block-group is-layout-flex wp-block-group-is-layout-flex\"><div class=\"wp-block-post-terms\"><a href=\"https:\/\/www.greenpeace.org\/poland\/category\/przyroda\/\">Przyroda<\/a><\/div>\n\n<div class=\"taxonomy-post_tag wp-block-post-terms\"><a href=\"https:\/\/www.greenpeace.org\/poland\/tag\/karpaty\/\" rel=\"tag\">Puszcza Karpacka<\/a><span class=\"wp-block-post-terms__separator\"> <\/span><a href=\"https:\/\/www.greenpeace.org\/poland\/tag\/ochrona-przyrody\/\" rel=\"tag\">OchronaPrzyrody<\/a><\/div><\/div>\n\n\n<h3 class=\"wp-block-post-title\"><a href=\"https:\/\/www.greenpeace.org\/poland\/aktualnosci\/38654\/slowacja-nielegalnie-zabija-polskie-niedzwiedzie-interweniujemy-w-komisji-europejskiej\/\" target=\"_self\" >S\u0142owacja nielegalnie zabija polskie nied\u017awiedzie! Interweniujemy w Komisji Europejskiej<\/a><\/h3>\n\n<div class=\"wp-block-post-excerpt\"><p class=\"wp-block-post-excerpt__excerpt\">Interweniujemy w Komisji Europejskiej w zwi\u0105zku z nielegalnym odstrza\u0142em nied\u017awiedzi na S\u0142owacji. Masowe polowania odbywaj\u0105 si\u0119 tu\u017c przy granicy z Polsk\u0105 i mog\u0105 zagrozi\u0107 polskiej populacji nied\u017awiedzia. <\/p><\/div>\n\n\n<div class=\"wp-block-group posts-list-meta is-layout-flow wp-block-group-is-layout-flow\"><span class='article-list-item-author'><a href='https:\/\/www.greenpeace.org\/poland\/author\/marek-jozefiak\/'>Marek J\u00f3zefiak<\/a><\/span>\n\n<div class=\"wp-block-post-date\"><time datetime=\"2025-11-05T13:39:33+02:00\">2025-11-05<\/time><\/div><\/div>\n<\/div>\n<\/div>\n\n<\/li><li class=\"wp-block-post post-38053 post type-post status-publish format-standard has-post-thumbnail hentry category-przyroda tag-lasy tag-karpaty p4-page-type-aktualnosci\">\n\n<div class=\"wp-block-columns is-layout-flex wp-container-core-columns-is-layout-9d6595d7 wp-block-columns-is-layout-flex\"><figure class=\"wp-block-post-featured-image\"><a href=\"https:\/\/www.greenpeace.org\/poland\/aktualnosci\/38053\/hej-ikea-zaslanianie-sie-certyfikatem-to-kpina\/\" target=\"_self\"  ><img loading=\"lazy\" decoding=\"async\" width=\"800\" height=\"534\" src=\"https:\/\/www.greenpeace.org\/static\/planet4-poland-stateless\/2025\/09\/10615142-54791267679_94f764c85d_c.jpg\" class=\"attachment-post-thumbnail size-post-thumbnail wp-post-image wp-stateless-item\" alt=\"Hej, IKEA! Zas\u0142anianie si\u0119 certyfikatem to kpina!\" style=\"object-fit:cover;\" srcset=\"https:\/\/www.greenpeace.org\/static\/planet4-poland-stateless\/2025\/09\/10615142-54791267679_94f764c85d_c.jpg 800w, https:\/\/www.greenpeace.org\/static\/planet4-poland-stateless\/2025\/09\/10615142-54791267679_94f764c85d_c-500x334.jpg 500w, https:\/\/www.greenpeace.org\/static\/planet4-poland-stateless\/2025\/09\/10615142-54791267679_94f764c85d_c-768x513.jpg 768w, https:\/\/www.greenpeace.org\/static\/planet4-poland-stateless\/2025\/09\/10615142-54791267679_94f764c85d_c-510x340.jpg 510w\" sizes=\"auto, (max-width: 800px) 100vw, 800px\" data-image-size=\"post-thumbnail\" data-stateless-media-bucket=\"planet4-poland-stateless\" data-stateless-media-name=\"2025\/09\/10615142-54791267679_94f764c85d_c.jpg\" \/><\/a><\/figure>\n\n\n<div class=\"wp-block-group is-layout-flow wp-block-group-is-layout-flow\">\n<div class=\"wp-block-group is-layout-flex wp-block-group-is-layout-flex\"><div class=\"wp-block-post-terms\"><a href=\"https:\/\/www.greenpeace.org\/poland\/category\/przyroda\/\">Przyroda<\/a><\/div>\n\n<div class=\"taxonomy-post_tag wp-block-post-terms\"><a href=\"https:\/\/www.greenpeace.org\/poland\/tag\/lasy\/\" rel=\"tag\">Lasy<\/a><span class=\"wp-block-post-terms__separator\"> <\/span><a href=\"https:\/\/www.greenpeace.org\/poland\/tag\/karpaty\/\" rel=\"tag\">Puszcza Karpacka<\/a><\/div><\/div>\n\n\n<h3 class=\"wp-block-post-title\"><a href=\"https:\/\/www.greenpeace.org\/poland\/aktualnosci\/38053\/hej-ikea-zaslanianie-sie-certyfikatem-to-kpina\/\" target=\"_self\" >Hej, IKEA! Zas\u0142anianie si\u0119 certyfikatem to kpina!<\/a><\/h3>\n\n<div class=\"wp-block-post-excerpt\"><p class=\"wp-block-post-excerpt__excerpt\">Odpowied\u017a Greenpeace Polska na o\u015bwiadczenie IKEI po prote\u015bcie przed sklepem w Jankach. <\/p><\/div>\n\n\n<div class=\"wp-block-group posts-list-meta is-layout-flow wp-block-group-is-layout-flow\"><span class='article-list-item-author'>Greenpeace Polska<\/span>\n\n<div class=\"wp-block-post-date\"><time datetime=\"2025-09-17T15:52:21+02:00\">2025-09-17<\/time><\/div><\/div>\n<\/div>\n<\/div>\n\n<\/li><\/ul>\n\n\n<div class=\"wp-block-buttons carousel-controls is-horizontal is-content-justification-space-between is-nowrap is-layout-flex wp-container-core-buttons-is-layout-044bd602 wp-block-buttons-is-layout-flex\">\n<div class=\"wp-block-button carousel-control-prev\"><button type=\"button\" class=\"wp-block-button__link wp-element-button\">Wstecz<\/button><\/div>\n\n\n\n<div class=\"wp-block-button carousel-control-next\"><button type=\"button\" class=\"wp-block-button__link wp-element-button\">Dalej<\/button><\/div>\n<\/div>\n\n\n<li class=\" wp-block-navigation-item see-all-link wp-block-navigation-link\"><a class=\"wp-block-navigation-item__content\"  href=\"http:\/\/www.greenpeace.org\/poland\/aktualnosci\/?tag=karpaty\"><span class=\"wp-block-navigation-item__label\">Zobacz wszystkie<\/span><\/a><\/li><\/div>\n<\/div>\n","protected":false},"excerpt":{"rendered":"<p>Zwierz\u0119ta i ro\u015bliny Karpat Lasy karpackie nale\u017c\u0105 do najwa\u017cniejszych ostoi flory i fauny na kontynencie europejskim. W po\u0142\u0105czeniu z niezwykle r\u00f3\u017cnorodnymi gatunkowo dzikimi \u0142\u0105kami i swobodnie p\u0142yn\u0105cymi rzekami tworz\u0105 pot\u0119\u017cn\u0105 mozaik\u0119 siedlisk &#8211; ostoj\u0119 dla niezwyk\u0142ej liczby gatunk\u00f3w endemicznych i dom najwi\u0119kszej europejskiej populacji nied\u017awiedzi brunatnych poza Rosj\u0105. Rysie i wilki przemierzaj\u0105 te lasy wraz [&hellip;]<\/p>\n","protected":false},"author":25,"featured_media":32890,"parent":54,"menu_order":0,"comment_status":"closed","ping_status":"closed","template":"","meta":{"ep_exclude_from_search":false,"p4_hide_page_title_checkbox":"on","p4_title":"","p4_subtitle":"","p4_description":"","background_image_id":"","background_image":"","p4_button_title":"","p4_button_link":"","p4_button_link_checkbox":"","p4_og_title":"","p4_og_description":"","p4_og_image":"","p4_og_image_id":"","p4_seo_canonical_url":"","p4_campaign_name":"","p4_local_project":"","p4_basket_name":"","p4_department":"","footnotes":""},"categories":[3],"tags":[19,107],"class_list":["post-32930","page","type-page","status-publish","has-post-thumbnail","hentry","category-przyroda","tag-lasy","tag-karpaty"],"_links":{"self":[{"href":"https:\/\/www.greenpeace.org\/poland\/wp-json\/wp\/v2\/pages\/32930","targetHints":{"allow":["GET"]}}],"collection":[{"href":"https:\/\/www.greenpeace.org\/poland\/wp-json\/wp\/v2\/pages"}],"about":[{"href":"https:\/\/www.greenpeace.org\/poland\/wp-json\/wp\/v2\/types\/page"}],"author":[{"embeddable":true,"href":"https:\/\/www.greenpeace.org\/poland\/wp-json\/wp\/v2\/users\/25"}],"replies":[{"embeddable":true,"href":"https:\/\/www.greenpeace.org\/poland\/wp-json\/wp\/v2\/comments?post=32930"}],"version-history":[{"count":20,"href":"https:\/\/www.greenpeace.org\/poland\/wp-json\/wp\/v2\/pages\/32930\/revisions"}],"predecessor-version":[{"id":39989,"href":"https:\/\/www.greenpeace.org\/poland\/wp-json\/wp\/v2\/pages\/32930\/revisions\/39989"}],"up":[{"embeddable":true,"href":"https:\/\/www.greenpeace.org\/poland\/wp-json\/wp\/v2\/pages\/54"}],"wp:featuredmedia":[{"embeddable":true,"href":"https:\/\/www.greenpeace.org\/poland\/wp-json\/wp\/v2\/media\/32890"}],"wp:attachment":[{"href":"https:\/\/www.greenpeace.org\/poland\/wp-json\/wp\/v2\/media?parent=32930"}],"wp:term":[{"taxonomy":"category","embeddable":true,"href":"https:\/\/www.greenpeace.org\/poland\/wp-json\/wp\/v2\/categories?post=32930"},{"taxonomy":"post_tag","embeddable":true,"href":"https:\/\/www.greenpeace.org\/poland\/wp-json\/wp\/v2\/tags?post=32930"}],"curies":[{"name":"wp","href":"https:\/\/api.w.org\/{rel}","templated":true}]}}