{"id":38205,"date":"2025-10-04T02:39:45","date_gmt":"2025-10-04T00:39:45","guid":{"rendered":"https:\/\/www.greenpeace.org\/poland\/?page_id=38205"},"modified":"2026-03-10T16:31:51","modified_gmt":"2026-03-10T14:31:51","slug":"fascynujace-zwierzeta-polski","status":"publish","type":"page","link":"https:\/\/www.greenpeace.org\/poland\/fascynujace-zwierzeta-polski\/","title":{"rendered":"Fascynuj\u0105ce zwierz\u0119ta Polski"},"content":{"rendered":"\n<h2 class=\"wp-block-heading\">&#8230; czyli zwierz\u0119ta, kt\u00f3re mo\u017cesz spotka\u0107 na wycieczce, cho\u0107 czasem nie jest to \u0142atwe.<\/h2>\n\n<div class=\"wp-block-columns is-layout-flex wp-container-core-columns-is-layout-9d6595d7 wp-block-columns-is-layout-flex\">\n<div class=\"wp-block-column is-layout-flow wp-block-column-is-layout-flow\" style=\"flex-basis:66.66%\">\n<p style=\"font-size:1.2rem\"><strong>Polska to prawdziwy skarb dla mi\u0142o\u015bnik\u00f3w dzikiej przyrody. Nasze lasy, \u0142\u0105ki, rzeki i bagna kryj\u0105 bogactwo zwierz\u0105t &#8211; od male\u0144kich skrzydlatych owad\u00f3w i bezkr\u0119gowc\u00f3w, po majestatyczne ssaki, jak nied\u017awiedzie czy  \u017cubry. To w\u0142a\u015bnie tutaj, w sercu Europy, nadal mo\u017cemy obserwowa\u0107 dzik\u0105 faun\u0119 w jej naturalnym \u015brodowisku. Polska nale\u017cy do nielicznych kraj\u00f3w Unii Europejskiej, kt\u00f3re zachowa\u0142y tak\u0105 r\u00f3\u017cnorodno\u015b\u0107 gatunkow\u0105. Od g\u00f3rskich ost\u0119p\u00f3w Karpat, przez rozleg\u0142e bory Pomorza i Mazur, g\u0119stwiny Puszczy Bia\u0142owieskiej, po tajemnicze bagna Biebrzy &#8211; wsz\u0119dzie mo\u017cna spotka\u0107 niesamowite zwierz\u0119ta i poczu\u0107 prawdziwe pi\u0119kno dzikiej przyrody. Zachwycaj\u0105ce, pe\u0142ne \u017cycia ekosystemy czekaj\u0105, by je odkrywa\u0107, szanowa\u0107 i chroni\u0107 &#8211; i ka\u017cdy z nas mo\u017ce do\u0142o\u017cy\u0107 swoj\u0105 cegie\u0142k\u0119, by te miejsca przetrwa\u0142y dla przysz\u0142ych pokole\u0144.<\/strong><\/p>\n\n\n\n<p style=\"font-size:1.2rem\"><strong>Poznaj kilku z fascynuj\u0105cych dzikich mieszka\u0144c\u00f3w Polski i chro\u0144 ich dom razem z nami!<\/strong><\/p>\n<\/div>\n\n\n\n<div class=\"wp-block-column is-layout-flow wp-block-column-is-layout-flow\" style=\"flex-basis:33.33%\"><div data-render=\"planet4-blocks\/submenu\" data-attributes=\"{&quot;attributes&quot;:{&quot;title&quot;:&quot;Skocz do:&quot;,&quot;levels&quot;:[{&quot;heading&quot;:3,&quot;link&quot;:true,&quot;style&quot;:&quot;bullet&quot;}],&quot;className&quot;:&quot;is-style-sidebar&quot;,&quot;submenu_style&quot;:0}}\"><\/div><\/div>\n<\/div>\n\n\n<div class=\"wp-block-group alignfull is-layout-flow wp-block-group-is-layout-flow\">\n<div class=\"wp-block-group container is-layout-flow wp-block-group-is-layout-flow\">\n<div class=\"wp-block-media-text alignfull has-media-on-the-right is-stacked-on-mobile is-pattern-p4-page-header is-style-parallax\"><div class=\"wp-block-media-text__content\">\n<div class=\"wp-block-group is-layout-flow wp-block-group-is-layout-flow\">\n<h3 class=\"wp-block-heading has-white-background-color has-background\" id=\"rys\" style=\"font-size:3.2rem\">Ry\u015b \u2013 duch karpackich las\u00f3w<\/h3>\n<\/div>\n\n\n\n<p style=\"font-size:1.25rem\">Ry\u015b euroazjatycki (<em>Lynx lynx<\/em>) to najwi\u0119kszy dziki kot Europy. Cho\u0107 przypomina nieco du\u017cego kota domowego, jest od niego wyra\u017anie wi\u0119kszy. To niezale\u017cny, samotny i perfekcyjnie przystosowany my\u015bliwy, kt\u00f3rego spotkanie w naturze graniczy z cudem.<\/p>\n\n\n\n<div class=\"wp-block-buttons is-layout-flex wp-block-buttons-is-layout-flex\"><\/div>\n<\/div><figure class=\"wp-block-media-text__media\"><img loading=\"lazy\" decoding=\"async\" width=\"1024\" height=\"804\" src=\"https:\/\/www.greenpeace.org\/static\/planet4-poland-stateless\/2024\/04\/4785efe5-rys-hulik-1024x804.jpg\" alt=\"\" sizes=\"auto, (min-width: 601px) 50vw, 100vw\" srcset=\"https:\/\/www.greenpeace.org\/static\/planet4-poland-stateless\/2024\/04\/4785efe5-rys-hulik.jpg 1300w, https:\/\/www.greenpeace.org\/static\/planet4-poland-stateless\/2024\/04\/4785efe5-rys-hulik-500x393.jpg 500w, https:\/\/www.greenpeace.org\/static\/planet4-poland-stateless\/2024\/04\/4785efe5-rys-hulik-1024x804.jpg 1024w, https:\/\/www.greenpeace.org\/static\/planet4-poland-stateless\/2024\/04\/4785efe5-rys-hulik-768x603.jpg 768w, https:\/\/www.greenpeace.org\/static\/planet4-poland-stateless\/2024\/04\/4785efe5-rys-hulik-433x340.jpg 433w\" class=\"wp-image-34466 size-full\"\/><\/figure><\/div>\n<\/div>\n<\/div>\n\n\n<div class=\"wp-block-group group-stretched-link has-beige-100-background-color has-background is-vertical is-layout-flex wp-container-core-group-is-layout-796a5b2a wp-block-group-is-layout-flex\" style=\"border-radius:15px;padding-top:var(--wp--preset--spacing--50);padding-right:var(--wp--preset--spacing--50);padding-bottom:var(--wp--preset--spacing--50);padding-left:var(--wp--preset--spacing--50)\">\n<p style=\"font-size:1.2rem\">W Polsce ry\u015b obj\u0119ty jest <strong>\u015bcis\u0142\u0105 ochron\u0105 gatunkow\u0105<\/strong>. Wyst\u0119puje w kilku izolowanych populacjach, a najwi\u0119ksze z nich to:<\/p>\n\n\n\n<ul class=\"wp-block-list\">\n<li style=\"font-size:1.2rem\">populacja karpacka (g\u0142\u00f3wnie Bieszczady i Tatry),<\/li>\n\n\n\n<li style=\"font-size:1.2rem\">populacja p\u00f3\u0142nocna (Puszcza Augustowska, Piska, Knyszy\u0144ska),<\/li>\n<\/ul>\n\n\n\n<p style=\"font-size:1.2rem\">oraz niewielka populacja w zachodniej Polsce.<\/p>\n\n\n\n<p style=\"font-size:1.2rem\">Szacuje si\u0119, \u017ce w naszym kraju \u017cyje ich oko\u0142o 200 (cho\u0107 niekt\u00f3re \u017ar\u00f3d\u0142a pisz\u0105 nawet o 300), a ich liczba mo\u017ce si\u0119 mocno waha\u0107 w zale\u017cno\u015bci od roku i metodyki badania.<\/p>\n<\/div>\n\n<h2 class=\"wp-block-heading\">Kilka fakt\u00f3w o rysiach<\/h2>\n\n<div class=\"wp-block-columns is-layout-flex wp-container-core-columns-is-layout-9d6595d7 wp-block-columns-is-layout-flex\">\n<div class=\"wp-block-column is-layout-flow wp-block-column-is-layout-flow\" style=\"flex-basis:40%\">\n<ul class=\"wp-block-list\">\n<li style=\"font-size:1.2rem\">Rysie prowadz\u0105 <strong>samotny tryb \u017cycia<\/strong>. Unika ludzi i innych drapie\u017cnik\u00f3w, poluje g\u0142\u00f3wnie noc\u0105 lub o zmierzchu.<\/li>\n\n\n\n<li style=\"font-size:1.2rem\">Dzi\u0119ki pot\u0119\u017cnym \u0142apom i d\u0142ugim nogom porusza si\u0119 niemal bezszelestnie, a <strong>jego skok mo\u017ce mie\u0107 d\u0142ugo\u015b\u0107 do 6 metr\u00f3w<\/strong>!<\/li>\n\n\n\n<li style=\"font-size:1.2rem\">Najcz\u0119\u015bciej <strong>poluje na sarny, m\u0142ode jelenie, zaj\u0105ce, gryzonie i ptaki.<\/strong><\/li>\n\n\n\n<li style=\"font-size:1.2rem\">Rozpoznasz go po charakterystycznych <strong>czarnych p\u0119dzelkach na uszach<\/strong> i <strong>kr\u00f3tkim ogonie<\/strong> z czarn\u0105 ko\u0144c\u00f3wk\u0105.<\/li>\n\n\n\n<li style=\"font-size:1.2rem\">M\u0142ode rysie rodz\u0105 si\u0119 wiosn\u0105 (zwykle 1\u20133 koci\u0119ta) i pozostaj\u0105 z matk\u0105 przez oko\u0142o rok. <\/li>\n\n\n\n<li style=\"font-size:1.2rem\">Poszczeg\u00f3lne osobniki mo\u017cna rozpozna\u0107 po <strong>indywidualnym uk\u0142adzie c\u0119tek na futrze<\/strong>.<\/li>\n<\/ul>\n<\/div>\n\n\n\n<div class=\"wp-block-column is-layout-flow wp-block-column-is-layout-flow\" style=\"flex-basis:66.66%\">\n<figure class=\"wp-block-embed is-type-video is-provider-youtube wp-block-embed-youtube wp-embed-aspect-16-9 wp-has-aspect-ratio\"><div class=\"wp-block-embed__wrapper\">\n<iframe loading=\"lazy\" title=\"Zobacz jak \u017cyje najwi\u0119kszy dziki kot w Polsce! | Dzikie Oblicze Polski\" width=\"500\" height=\"281\" src=\"https:\/\/www.youtube.com\/embed\/ayilcJC06Hw?feature=oembed\" frameborder=\"0\" allow=\"accelerometer; autoplay; clipboard-write; encrypted-media; gyroscope; picture-in-picture; web-share\" referrerpolicy=\"strict-origin-when-cross-origin\" allowfullscreen><\/iframe>\n<\/div><\/figure>\n<\/div>\n<\/div>\n\n<div class=\"wp-block-group is-vertical is-layout-flex wp-container-core-group-is-layout-8cf370e7 wp-block-group-is-layout-flex\">\n<h2 class=\"wp-block-heading\">Jak rozpozna\u0107 \u015blady rysia w lesie?<\/h2>\n\n\n\n<p style=\"font-size:1.2rem\">Tropy rysia s\u0105 okr\u0105g\u0142e, o wymiarach ok. 6-9 cm \u015brednicy, <strong>bez widocznych pazur\u00f3w &#8211; koty chowaj\u0105 je podczas chodzenia<\/strong>. Odcisk \u0142apy jest mi\u0119kki i rozmyty na kraw\u0119dziach, z wyra\u017anym odciskiem poduszek palc\u00f3w i \u015br\u00f3dstopia. Ry\u015b stawia tyln\u0105 \u0142ap\u0119 niemal dok\u0142adnie w \u015blad przedniej. Tropy s\u0105 zazwyczaj rozstawione szerzej ni\u017c u wilka i mog\u0105 sprawia\u0107 wra\u017cenie mniej uporz\u0105dkowanych.<\/p>\n\n\n\n<p style=\"font-size:1.2rem\">Odchody rysia s\u0105 ma\u0142e i zwarte, najcz\u0119\u015bciej pozostawiane w ukryciu &#8211; np. pod krzakiem, przy pniu czy w zag\u0142\u0119bieniu terenu. Mog\u0105 zawiera\u0107 sier\u015b\u0107 i fragmenty ko\u015bci drobnych ofiar, ale s\u0105 trudniejsze do znalezienia ni\u017c wilcze &#8211; ry\u015b nie znakuje nimi tak aktywnie terytorium.<\/p>\n<\/div>\n\n<div class=\"wp-block-columns are-vertically-aligned-center is-layout-flex wp-container-core-columns-is-layout-9d6595d7 wp-block-columns-is-layout-flex\">\n<div class=\"wp-block-column is-vertically-aligned-center is-layout-flow wp-block-column-is-layout-flow\">\n<figure class=\"wp-block-image size-full\"><img loading=\"lazy\" decoding=\"async\" width=\"1000\" height=\"886\" src=\"https:\/\/www.greenpeace.org\/static\/planet4-poland-stateless\/2025\/06\/7b741645-rys-trop.jpg\" alt=\"\" class=\"wp-image-36890\" srcset=\"https:\/\/www.greenpeace.org\/static\/planet4-poland-stateless\/2025\/06\/7b741645-rys-trop.jpg 1000w, https:\/\/www.greenpeace.org\/static\/planet4-poland-stateless\/2025\/06\/7b741645-rys-trop-500x443.jpg 500w, https:\/\/www.greenpeace.org\/static\/planet4-poland-stateless\/2025\/06\/7b741645-rys-trop-768x680.jpg 768w, https:\/\/www.greenpeace.org\/static\/planet4-poland-stateless\/2025\/06\/7b741645-rys-trop-384x340.jpg 384w\" sizes=\"auto, (max-width: 1000px) 100vw, 1000px\" \/><\/figure>\n<\/div>\n\n\n\n<div class=\"wp-block-column is-vertically-aligned-center is-layout-flow wp-block-column-is-layout-flow\">\n<figure class=\"wp-block-image size-full\"><img loading=\"lazy\" decoding=\"async\" width=\"1000\" height=\"892\" src=\"https:\/\/www.greenpeace.org\/static\/planet4-poland-stateless\/2025\/06\/b7fbc9c7-rys-odchody.jpg\" alt=\"\" class=\"wp-image-36891\" srcset=\"https:\/\/www.greenpeace.org\/static\/planet4-poland-stateless\/2025\/06\/b7fbc9c7-rys-odchody.jpg 1000w, https:\/\/www.greenpeace.org\/static\/planet4-poland-stateless\/2025\/06\/b7fbc9c7-rys-odchody-500x446.jpg 500w, https:\/\/www.greenpeace.org\/static\/planet4-poland-stateless\/2025\/06\/b7fbc9c7-rys-odchody-768x685.jpg 768w, https:\/\/www.greenpeace.org\/static\/planet4-poland-stateless\/2025\/06\/b7fbc9c7-rys-odchody-381x340.jpg 381w\" sizes=\"auto, (max-width: 1000px) 100vw, 1000px\" \/><\/figure>\n<\/div>\n\n\n\n<div class=\"wp-block-column is-vertically-aligned-center is-layout-flow wp-block-column-is-layout-flow\">\n<p style=\"font-size:1rem\">Rysunki trop\u00f3w i kupy rysia pochodz\u0105 z publikacji Towarzystwa Krajoznawczego Krajobraz pt. <em>Tropy \/ Kupy: kieszonkowy atlas do tropienia zwierz\u0105t<\/em> (dzi\u0119ki!). <\/p>\n\n\n\n<p style=\"font-size:1rem\">Mo\u017cesz zam\u00f3wi\u0107 sw\u00f3j egzemplarz <a href=\"https:\/\/sklep.krajobraz.org\/produkt\/tropy-kupy-kieszonkowy-atlas-do-tropienia-zwierzat\/\" target=\"_blank\" rel=\"noreferrer noopener\">tutaj<\/a>.<\/p>\n<\/div>\n<\/div>\n\n<div class=\"wp-block-columns are-vertically-aligned-center is-style-default is-layout-flex wp-container-core-columns-is-layout-9d6595d7 wp-block-columns-is-layout-flex\">\n<div class=\"wp-block-column is-vertically-aligned-center is-layout-constrained wp-block-column-is-layout-constrained\" style=\"flex-basis:100%\">\t\t\t<section\n\t\t\tclass=\"boxout  \"\n\t\t\t\n\t\t>\n\t\t\t<a\n\t\t\t\tdata-ga-category=\"Take Action Boxout\"\n\t\t\t\tdata-ga-action=\"Image\"\n\t\t\t\tdata-ga-label=\"n\/a\"\n\t\t\t\tclass=\"cover-card-overlay\"\n\t\t\t\thref=\"https:\/\/dzikamapa.pl\/?fundraiser=zwierzeta-polski&amp;utm_campaign=DzienZwierzat&amp;utm_medium=organic&amp;utm_source=gppl&amp;utm_content=rys\" target=\"_blank\"\n\t\t\t><\/a>\n\t\t\t\t\t\t\t<img\n\t\t\t\t\t\tsrc=\"https:\/\/www.greenpeace.org\/static\/planet4-poland-stateless\/2022\/07\/b5fd8607-rys-lynx-2.jpg\"\n\t\t\t\t\t\tsrcset=\"https:\/\/www.greenpeace.org\/static\/planet4-poland-stateless\/2022\/07\/b5fd8607-rys-lynx-2-500x333.jpg 500w, https:\/\/www.greenpeace.org\/static\/planet4-poland-stateless\/2022\/07\/b5fd8607-rys-lynx-2-768x511.jpg 768w, https:\/\/www.greenpeace.org\/static\/planet4-poland-stateless\/2022\/07\/b5fd8607-rys-lynx-2-510x340.jpg 510w, https:\/\/www.greenpeace.org\/static\/planet4-poland-stateless\/2022\/07\/b5fd8607-rys-lynx-2.jpg 1000w\"\n\t\t\t\t\t\tsizes=\"(min-width: 1000px) 358px, (min-width: 780px) 313px, 88px\"\n\t\t\t\t\t\talt=\"Ry\u015b\" title=\"Ry\u015b\"\n\t\t\t\t\/>\n            \t\t\t<div class=\"boxout-content\">\n\t\t\t\t\t\t\t\t\t<a\n\t\t\t\t\t\tclass=\"boxout-heading medium\"\n\t\t\t\t\t\tdata-ga-category=\"Take Action Boxout\"\n\t\t\t\t\t\tdata-ga-action=\"Title\"\n\t\t\t\t\t\tdata-ga-label=\"n\/a\"\n\t\t\t\t\t\thref=\"https:\/\/dzikamapa.pl\/?fundraiser=zwierzeta-polski&amp;utm_campaign=DzienZwierzat&amp;utm_medium=organic&amp;utm_source=gppl&amp;utm_content=rys\"\n\t\t\t\t\t\ttarget=\"_blank\"\n\t\t\t\t\t>\n\t\t\t\t\t\tChro\u0144 z nami rysie na dzikamapa.pl\n\t\t\t\t\t<\/a>\n\t\t\t\t\t\t\t\t\t\t\t\t\t<p class=\"boxout-excerpt\">Adoptuj rysia lub inne polskie dzikie zwierz\u0119 i chro\u0144my razem ich dom!<\/p>\n\t\t\t\t                                    <a\n                        class=\"btn btn-primary\"\n                        data-ga-category=\"Take Action Boxout\"\n                        data-ga-action=\"Call to Action\"\n                        data-ga-label=\"n\/a\"\n                        href=\"https:\/\/dzikamapa.pl\/?fundraiser=zwierzeta-polski&amp;utm_campaign=DzienZwierzat&amp;utm_medium=organic&amp;utm_source=gppl&amp;utm_content=rys\"\n                        target=\"_blank\"\n                    >\n                        Adoptuj\u0119!\n                    <\/a>\n                \t\t\t<\/div>\n\t\t\t\t\t<\/section>\n\t<\/div>\n<\/div>\n\n<figure class=\"wp-block-image aligncenter size-thumbnail is-resized\"><img loading=\"lazy\" decoding=\"async\" width=\"300\" height=\"300\" src=\"https:\/\/www.greenpeace.org\/static\/planet4-poland-stateless\/2025\/05\/4e710d9b-slad-300x300.png\" alt=\"\" class=\"wp-image-36670\" style=\"width:70px\" srcset=\"https:\/\/www.greenpeace.org\/static\/planet4-poland-stateless\/2025\/05\/4e710d9b-slad-300x300.png 300w, https:\/\/www.greenpeace.org\/static\/planet4-poland-stateless\/2025\/05\/4e710d9b-slad-500x500.png 500w, https:\/\/www.greenpeace.org\/static\/planet4-poland-stateless\/2025\/05\/4e710d9b-slad-340x340.png 340w, https:\/\/www.greenpeace.org\/static\/planet4-poland-stateless\/2025\/05\/4e710d9b-slad.png 512w\" sizes=\"auto, (max-width: 300px) 100vw, 300px\" \/><\/figure>\n\n\n<div class=\"wp-block-group alignfull is-layout-flow wp-block-group-is-layout-flow\">\n<div class=\"wp-block-group container is-layout-flow wp-block-group-is-layout-flow\">\n<div class=\"wp-block-media-text alignfull has-media-on-the-right is-stacked-on-mobile is-pattern-p4-page-header is-style-parallax\" id=\"bocian\"><div class=\"wp-block-media-text__content\">\n<div class=\"wp-block-group is-layout-flow wp-block-group-is-layout-flow\">\n<h3 class=\"wp-block-heading has-white-background-color has-background\" id=\"bocian\" style=\"font-size:3.2rem\">Bocian czarny &#8211; bardziej skryty kuzyn<\/h3>\n<\/div>\n\n\n\n<p style=\"font-size:1.25rem\">Wszyscy znamy bociany bia\u0142e, ale czy wiesz, \u017ce w Polsce \u017cyje te\u017c bocian czarny? W przeciwie\u0144stwie do swojego bia\u0142ego kuzyna, unika otwartych teren\u00f3w i towarzystwa ludzi, wol\u0105c spokojne g\u0119stwiny starych las\u00f3w. <\/p>\n\n\n\n<p style=\"font-size:1.25rem\">Jego skryty tryb \u017cycia, eleganckie czarne upierzenie i d\u0142ugie czerwone nogi sprawiaj\u0105, \u017ce jest prawdziw\u0105 pere\u0142k\u0105 polskiej przyrody.<\/p>\n\n\n\n<div class=\"wp-block-buttons is-layout-flex wp-block-buttons-is-layout-flex\"><\/div>\n<\/div><figure class=\"wp-block-media-text__media\"><img loading=\"lazy\" decoding=\"async\" width=\"1024\" height=\"683\" src=\"https:\/\/www.greenpeace.org\/static\/planet4-poland-stateless\/2025\/10\/76051b80-bocian-czarny-1-1024x683.jpeg\" alt=\"\" sizes=\"auto, (min-width: 601px) 50vw, 100vw\" srcset=\"https:\/\/www.greenpeace.org\/static\/planet4-poland-stateless\/2025\/10\/76051b80-bocian-czarny-1.jpeg 1500w, https:\/\/www.greenpeace.org\/static\/planet4-poland-stateless\/2025\/10\/76051b80-bocian-czarny-1-500x333.jpeg 500w, https:\/\/www.greenpeace.org\/static\/planet4-poland-stateless\/2025\/10\/76051b80-bocian-czarny-1-1024x683.jpeg 1024w, https:\/\/www.greenpeace.org\/static\/planet4-poland-stateless\/2025\/10\/76051b80-bocian-czarny-1-768x512.jpeg 768w, https:\/\/www.greenpeace.org\/static\/planet4-poland-stateless\/2025\/10\/76051b80-bocian-czarny-1-510x340.jpeg 510w\" class=\"wp-image-38218 size-full\"\/><\/figure><\/div>\n<\/div>\n<\/div>\n\n\n<div class=\"wp-block-group group-stretched-link has-beige-100-background-color has-background is-vertical is-layout-flex wp-container-core-group-is-layout-796a5b2a wp-block-group-is-layout-flex\" style=\"border-radius:15px;padding-top:var(--wp--preset--spacing--50);padding-right:var(--wp--preset--spacing--50);padding-bottom:var(--wp--preset--spacing--50);padding-left:var(--wp--preset--spacing--50)\">\n<p style=\"font-size:1.2rem\">Bocian czarny jest samotnikiem lub \u017cyje w parach, rzadko tworzy wi\u0119ksze kolonie. Jest ostro\u017cny i nie\u015bmia\u0142y &#8211; \u0142atwo go przeoczy\u0107 w g\u0119stym lesie, mimo \u017ce jego sylwetka wyr\u00f3\u017cnia si\u0119 na tle drzew. <strong>Jest gatunkiem \u015bci\u015ble chronionym<\/strong>, a jego obecno\u015b\u0107 \u015bwiadczy o wysokiej warto\u015bci przyrodniczej danego terenu.<\/p>\n<\/div>\n\n<h2 class=\"wp-block-heading\">Kilka fakt\u00f3w o bocianach czarnych<\/h2>\n\n<div class=\"wp-block-columns are-vertically-aligned-center is-layout-flex wp-container-core-columns-is-layout-9d6595d7 wp-block-columns-is-layout-flex\">\n<div class=\"wp-block-column is-vertically-aligned-center is-layout-flow wp-block-column-is-layout-flow\" style=\"flex-basis:50%\">\n<ul class=\"wp-block-list\">\n<li style=\"font-size:1.2rem\">Bocian czarny ma <strong>czarne upierzenie z zielono-fioletowym po\u0142yskiem<\/strong> i <strong>czerwone nogi oraz dzi\u00f3b<\/strong>.<\/li>\n\n\n\n<li style=\"font-size:1.2rem\">Lubi g\u0119ste lasy z dost\u0119pem do wody lub teren\u00f3w podmok\u0142ych, tam <strong>zak\u0142ada swoje gniazda na wysokich drzewach o grubych ga\u0142\u0119ziach<\/strong>.<\/li>\n\n\n\n<li style=\"font-size:1.2rem\">Od\u017cywia si\u0119 g\u0142\u00f3wnie rybami, p\u0142azami, owadami i ma\u0142ymi ssakami, ch\u0119tnie poluj\u0105c w pobli\u017cu zbiornik\u00f3w wodnych.<\/li>\n\n\n\n<li style=\"font-size:1.2rem\">W Polsce jego populacja jest niewielka (do <strong>1200 par l\u0119gowych<\/strong>), ale stabilna. Mo\u017cna go spotka\u0107 g\u0142\u00f3wnie we wschodnich i p\u00f3\u0142nocnowschodnich regionach kraju.<\/li>\n\n\n\n<li style=\"font-size:1.2rem\">Podobnie do swojego bia\u0142ego kuzyna, <strong>jest ptakiem w\u0119drownym<\/strong> i zim\u0119 sp\u0119dza w Afryce.<\/li>\n<\/ul>\n<\/div>\n\n\n\n<div class=\"wp-block-column is-vertically-aligned-center is-layout-flow wp-block-column-is-layout-flow\" style=\"flex-basis:50%\">\n<figure class=\"wp-block-image size-large\"><img loading=\"lazy\" decoding=\"async\" width=\"1024\" height=\"673\" src=\"https:\/\/www.greenpeace.org\/static\/planet4-poland-stateless\/2025\/10\/9f40e4a1-bocian-czarny-2-1024x673.jpg\" alt=\"\" class=\"wp-image-38219\" srcset=\"https:\/\/www.greenpeace.org\/static\/planet4-poland-stateless\/2025\/10\/9f40e4a1-bocian-czarny-2-1024x673.jpg 1024w, https:\/\/www.greenpeace.org\/static\/planet4-poland-stateless\/2025\/10\/9f40e4a1-bocian-czarny-2-500x328.jpg 500w, https:\/\/www.greenpeace.org\/static\/planet4-poland-stateless\/2025\/10\/9f40e4a1-bocian-czarny-2-768x505.jpg 768w, https:\/\/www.greenpeace.org\/static\/planet4-poland-stateless\/2025\/10\/9f40e4a1-bocian-czarny-2-1536x1009.jpg 1536w, https:\/\/www.greenpeace.org\/static\/planet4-poland-stateless\/2025\/10\/9f40e4a1-bocian-czarny-2-510x335.jpg 510w, https:\/\/www.greenpeace.org\/static\/planet4-poland-stateless\/2025\/10\/9f40e4a1-bocian-czarny-2.jpg 1644w\" sizes=\"auto, (max-width: 1024px) 100vw, 1024px\" \/><\/figure>\n<\/div>\n<\/div>\n\n<div class=\"wp-block-columns are-vertically-aligned-center is-style-default is-layout-flex wp-container-core-columns-is-layout-9d6595d7 wp-block-columns-is-layout-flex\">\n<div class=\"wp-block-column is-vertically-aligned-center is-layout-constrained wp-block-column-is-layout-constrained\" style=\"flex-basis:100%\">\t\t\t<section\n\t\t\tclass=\"boxout  \"\n\t\t\t\n\t\t>\n\t\t\t<a\n\t\t\t\tdata-ga-category=\"Take Action Boxout\"\n\t\t\t\tdata-ga-action=\"Image\"\n\t\t\t\tdata-ga-label=\"n\/a\"\n\t\t\t\tclass=\"cover-card-overlay\"\n\t\t\t\thref=\"https:\/\/dzikamapa.pl\/?fundraiser=zwierzeta-polski&amp;utm_campaign=DzienZwierzat&amp;utm_medium=organic&amp;utm_source=gppl&amp;utm_content=bocian\" target=\"_blank\"\n\t\t\t><\/a>\n\t\t\t\t\t\t\t<img\n\t\t\t\t\t\tsrc=\"https:\/\/www.greenpeace.org\/static\/planet4-poland-stateless\/2025\/10\/4e4d1eb4-bocian-czarny-1024x684.jpg\"\n\t\t\t\t\t\tsrcset=\"https:\/\/www.greenpeace.org\/static\/planet4-poland-stateless\/2025\/10\/4e4d1eb4-bocian-czarny-500x334.jpg 500w, https:\/\/www.greenpeace.org\/static\/planet4-poland-stateless\/2025\/10\/4e4d1eb4-bocian-czarny-1024x684.jpg 1024w, https:\/\/www.greenpeace.org\/static\/planet4-poland-stateless\/2025\/10\/4e4d1eb4-bocian-czarny-768x513.jpg 768w, https:\/\/www.greenpeace.org\/static\/planet4-poland-stateless\/2025\/10\/4e4d1eb4-bocian-czarny-1536x1025.jpg 1536w, https:\/\/www.greenpeace.org\/static\/planet4-poland-stateless\/2025\/10\/4e4d1eb4-bocian-czarny-510x340.jpg 510w, https:\/\/www.greenpeace.org\/static\/planet4-poland-stateless\/2025\/10\/4e4d1eb4-bocian-czarny.jpg 1618w\"\n\t\t\t\t\t\tsizes=\"(min-width: 1000px) 358px, (min-width: 780px) 313px, 88px\"\n\t\t\t\t\t\talt=\"\" title=\"\"\n\t\t\t\t\/>\n            \t\t\t<div class=\"boxout-content\">\n\t\t\t\t\t\t\t\t\t<a\n\t\t\t\t\t\tclass=\"boxout-heading medium\"\n\t\t\t\t\t\tdata-ga-category=\"Take Action Boxout\"\n\t\t\t\t\t\tdata-ga-action=\"Title\"\n\t\t\t\t\t\tdata-ga-label=\"n\/a\"\n\t\t\t\t\t\thref=\"https:\/\/dzikamapa.pl\/?fundraiser=zwierzeta-polski&amp;utm_campaign=DzienZwierzat&amp;utm_medium=organic&amp;utm_source=gppl&amp;utm_content=bocian\"\n\t\t\t\t\t\ttarget=\"_blank\"\n\t\t\t\t\t>\n\t\t\t\t\t\tChro\u0144 z nami bociany na dzikamapa.pl\n\t\t\t\t\t<\/a>\n\t\t\t\t\t\t\t\t\t\t\t\t\t<p class=\"boxout-excerpt\">Adoptuj bociana lub inne polskie dzikie zwierz\u0119 i chro\u0144my ich dom!<\/p>\n\t\t\t\t                                    <a\n                        class=\"btn btn-primary\"\n                        data-ga-category=\"Take Action Boxout\"\n                        data-ga-action=\"Call to Action\"\n                        data-ga-label=\"n\/a\"\n                        href=\"https:\/\/dzikamapa.pl\/?fundraiser=zwierzeta-polski&amp;utm_campaign=DzienZwierzat&amp;utm_medium=organic&amp;utm_source=gppl&amp;utm_content=bocian\"\n                        target=\"_blank\"\n                    >\n                        Adoptuj\u0119!\n                    <\/a>\n                \t\t\t<\/div>\n\t\t\t\t\t<\/section>\n\t<\/div>\n<\/div>\n\n<figure class=\"wp-block-image aligncenter size-thumbnail is-resized\"><img loading=\"lazy\" decoding=\"async\" width=\"300\" height=\"300\" src=\"https:\/\/www.greenpeace.org\/static\/planet4-poland-stateless\/2025\/05\/4e710d9b-slad-300x300.png\" alt=\"\" class=\"wp-image-36670\" style=\"width:70px\" srcset=\"https:\/\/www.greenpeace.org\/static\/planet4-poland-stateless\/2025\/05\/4e710d9b-slad-300x300.png 300w, https:\/\/www.greenpeace.org\/static\/planet4-poland-stateless\/2025\/05\/4e710d9b-slad-500x500.png 500w, https:\/\/www.greenpeace.org\/static\/planet4-poland-stateless\/2025\/05\/4e710d9b-slad-340x340.png 340w, https:\/\/www.greenpeace.org\/static\/planet4-poland-stateless\/2025\/05\/4e710d9b-slad.png 512w\" sizes=\"auto, (max-width: 300px) 100vw, 300px\" \/><\/figure>\n\n\n<div class=\"wp-block-group alignfull is-layout-flow wp-block-group-is-layout-flow\">\n<div class=\"wp-block-group container is-layout-flow wp-block-group-is-layout-flow\">\n<div class=\"wp-block-media-text alignfull has-media-on-the-right is-stacked-on-mobile is-pattern-p4-page-header is-style-parallax\" id=\"wilk\"><div class=\"wp-block-media-text__content\">\n<div class=\"wp-block-group is-layout-flow wp-block-group-is-layout-flow\">\n<h3 class=\"wp-block-heading has-white-background-color has-background\" id=\"wilk\" style=\"font-size:3.2rem\">Wilk \u2013 powr\u00f3t legendy<\/h3>\n<\/div>\n\n\n\n<p class=\"has-medium-font-size\">Wilk szary (<em>Canis lupus<\/em>) od wiek\u00f3w rozpala\u0142 ludzk\u0105 wyobra\u017ani\u0119 &#8211; bohater bajek, mit\u00f3w i\u2026 niepotrzebnych l\u0119k\u00f3w. Przez lata bezpodstawnie t\u0119piony i zagro\u017cony ca\u0142kowitym znikni\u0119ciem, dzi\u015b,<strong> dzi\u0119ki ochronie i rosn\u0105cej \u015bwiadomo\u015bci, wilk wr\u00f3ci\u0142 do polskich i europejskich las\u00f3w.<\/strong><\/p>\n\n\n\n<p class=\"has-medium-font-size\">S\u0105 inteligentne, rodzinne i bardzo potrzebne w przyrodzie. Zas\u0142uguj\u0105 na nasz szacunek i ochron\u0119. <strong>Nie b\u00f3j si\u0119 wilk\u00f3w &#8211; poznaj je!<\/strong><\/p>\n<\/div><figure class=\"wp-block-media-text__media\"><img loading=\"lazy\" decoding=\"async\" width=\"1000\" height=\"709\" src=\"https:\/\/www.greenpeace.org\/static\/planet4-poland-stateless\/2023\/10\/3b8e4fa3-wilk_canis-lupus_c.korkosz_55801.jpg\" alt=\"\" sizes=\"auto, (min-width: 601px) 50vw, 100vw\" srcset=\"https:\/\/www.greenpeace.org\/static\/planet4-poland-stateless\/2023\/10\/3b8e4fa3-wilk_canis-lupus_c.korkosz_55801.jpg 1000w, https:\/\/www.greenpeace.org\/static\/planet4-poland-stateless\/2023\/10\/3b8e4fa3-wilk_canis-lupus_c.korkosz_55801-500x355.jpg 500w, https:\/\/www.greenpeace.org\/static\/planet4-poland-stateless\/2023\/10\/3b8e4fa3-wilk_canis-lupus_c.korkosz_55801-768x545.jpg 768w, https:\/\/www.greenpeace.org\/static\/planet4-poland-stateless\/2023\/10\/3b8e4fa3-wilk_canis-lupus_c.korkosz_55801-480x340.jpg 480w\" class=\"wp-image-33598 size-full\"\/><\/figure><\/div>\n\n\n\n<p style=\"font-size:1.2rem\"><strong>Polska jest jedn\u0105 z wa\u017cnych ostoi wilka w Europie. <\/strong>Od momentu obj\u0119cia ich <strong>ochron\u0105 \u015bcis\u0142\u0105<\/strong>, w Polsce populacja wilk\u00f3w ro\u015bnie i obecnie szacuje si\u0119 j\u0105 na oko\u0142o 3\u202f000 osobnik\u00f3w obecnych w ca\u0142ym kraju, z czego znaczna cz\u0119\u015b\u0107 wyst\u0119puje w po\u0142udniowej cz\u0119\u015bci Polski \u2013 w Bieszczadach, Beskidach, Tatrach i na Pog\u00f3rzu.<\/p>\n<\/div>\n<\/div>\n\n\n<div class=\"wp-block-media-text has-media-on-the-right is-stacked-on-mobile is-vertically-aligned-center\" style=\"grid-template-columns:auto 29%\"><div class=\"wp-block-media-text__content\">\n<h2 class=\"wp-block-heading\">Nie wataha, a rodzina!<\/h2>\n\n\n\n<p><\/p>\n\n\n\n<p style=\"font-size:1.2rem\">Wilki <strong>s\u0105 bardzo rodzinne!<\/strong> \u017byj\u0105 w grupach, kt\u00f3re licz\u0105 zwykle <strong>od 4 do 10 osobnik\u00f3w: rodzic\u00f3w i ich potomstwo z r\u00f3\u017cnych lat.<\/strong> Im wi\u0119cej pokarmu, szczeg\u00f3lnie du\u017cych ssak\u00f3w, tym taka grupa mo\u017ce by\u0107 wi\u0119ksza. Pami\u0119taj: <strong>nie nazywaj grupy wilk\u00f3w watah\u0105 &#8211; to s\u0142owo z j\u0119zyka my\u015bliwych.<\/strong> To po prostu grupa rodzinna.<\/p>\n\n\n\n<p style=\"font-size:1.2rem\">Wilcza grupa <strong>poluje zespo\u0142owo i doskonale ze sob\u0105 wsp\u00f3\u0142pracuje<\/strong>, komunikuj\u0105c si\u0119 ze sob\u0105 przez mimik\u0119, mow\u0119 cia\u0142a i wycie. Ka\u017cdy cz\u0142onek grupy ma swoj\u0105 rol\u0119 w polowaniu a ich ulubionym <strong>pokarmem s\u0105 dzikie ssaki kopytne: <\/strong>jelenie, sarny, dziki. Dzi\u0119ki temu pe\u0142ni\u0105 wa\u017cn\u0105 funkcj\u0119 regulacyjn\u0105 w przyrodzie.<\/p>\n\n\n\n<p style=\"font-size:1.2rem\">Ka\u017cda wilcza grupa ma swoje jasno okre\u015blone <strong>terytorium,<\/strong> kt\u00f3re mo\u017ce obejmowa\u0107 od 100 do nawet 300 km\u00b2! Wilki znakuj\u0105 granice zapachem &#8211; m.in. moczem, odchodami oraz zapachem z gruczo\u0142\u00f3w w \u0142apach (drapi\u0105c r\u00f3\u017cne powierzchnie) i regularnie je patroluj\u0105.<\/p>\n\n\n\n<p><\/p>\n<\/div><figure class=\"wp-block-media-text__media\"><img loading=\"lazy\" decoding=\"async\" width=\"564\" height=\"800\" src=\"https:\/\/www.greenpeace.org\/static\/planet4-poland-stateless\/2025\/05\/33f0c3f2-wilk-patrzy-pion.jpg\" alt=\"\" sizes=\"auto, (min-width: 1600px) calc((1320px - 24px) \/ 3.4483),(min-width: 1200px) calc((1140px - 24px) \/ 3.4483),(min-width: 992px) calc((960px - 24px) \/ 3.4483),(min-width: 768px) calc((720px - 24px) \/ 3.4483),(min-width: 601px) calc((540px - 24px) \/ 3.4483),(min-width: 577px) calc((540px - 24px) \/ 1), calc(100vw - 24px)\" srcset=\"https:\/\/www.greenpeace.org\/static\/planet4-poland-stateless\/2025\/05\/33f0c3f2-wilk-patrzy-pion.jpg 564w, https:\/\/www.greenpeace.org\/static\/planet4-poland-stateless\/2025\/05\/33f0c3f2-wilk-patrzy-pion-353x500.jpg 353w, https:\/\/www.greenpeace.org\/static\/planet4-poland-stateless\/2025\/05\/33f0c3f2-wilk-patrzy-pion-240x340.jpg 240w\" class=\"wp-image-36677 size-full\"\/><\/figure><\/div>\n\n<div class=\"wp-block-group has-beige-100-background-color has-background is-vertical is-layout-flex wp-container-core-group-is-layout-796a5b2a wp-block-group-is-layout-flex\" style=\"border-radius:15px;padding-top:var(--wp--preset--spacing--50);padding-right:var(--wp--preset--spacing--50);padding-bottom:var(--wp--preset--spacing--50);padding-left:var(--wp--preset--spacing--50)\">\n<h2 class=\"wp-block-heading\">Dlaczego wilki wyj\u0105?<\/h2>\n\n\n\n<p style=\"font-size:1.2rem\">Wilcze wycie to nie znak grozy! Wilki wyj\u0105, by utrzyma\u0107 kontakt z cz\u0142onkami rodziny, zaznaczy\u0107 terytorium lub zsynchronizowa\u0107 dzia\u0142ania. A poniewa\u017c s\u0105 aktywne g\u0142\u00f3wnie w nocy i nad ranem, to wtedy mo\u017cna us\u0142ysze\u0107 ich charakterystyczny &#8222;\u015bpiew&#8221;.<\/p>\n<\/div>\n\n<figure class=\"wp-block-image aligncenter size-full\"><img loading=\"lazy\" decoding=\"async\" width=\"2510\" height=\"1017\" src=\"https:\/\/www.greenpeace.org\/static\/planet4-poland-stateless\/2023\/10\/885db6dd-wilk_canis-lupus_c.korkosz_5841-1.jpg\" alt=\"\" class=\"wp-image-33558\" style=\"object-fit:cover\" srcset=\"https:\/\/www.greenpeace.org\/static\/planet4-poland-stateless\/2023\/10\/885db6dd-wilk_canis-lupus_c.korkosz_5841-1.jpg 2510w, https:\/\/www.greenpeace.org\/static\/planet4-poland-stateless\/2023\/10\/885db6dd-wilk_canis-lupus_c.korkosz_5841-1-500x203.jpg 500w, https:\/\/www.greenpeace.org\/static\/planet4-poland-stateless\/2023\/10\/885db6dd-wilk_canis-lupus_c.korkosz_5841-1-1024x415.jpg 1024w, https:\/\/www.greenpeace.org\/static\/planet4-poland-stateless\/2023\/10\/885db6dd-wilk_canis-lupus_c.korkosz_5841-1-768x311.jpg 768w, https:\/\/www.greenpeace.org\/static\/planet4-poland-stateless\/2023\/10\/885db6dd-wilk_canis-lupus_c.korkosz_5841-1-1536x622.jpg 1536w, https:\/\/www.greenpeace.org\/static\/planet4-poland-stateless\/2023\/10\/885db6dd-wilk_canis-lupus_c.korkosz_5841-1-2048x830.jpg 2048w, https:\/\/www.greenpeace.org\/static\/planet4-poland-stateless\/2023\/10\/885db6dd-wilk_canis-lupus_c.korkosz_5841-1-510x207.jpg 510w\" sizes=\"auto, (max-width: 2510px) 100vw, 2510px\" \/><\/figure>\n\n<div class=\"wp-block-group is-vertical is-layout-flex wp-container-core-group-is-layout-8cf370e7 wp-block-group-is-layout-flex\">\n<h2 class=\"wp-block-heading\">Jak rozpozna\u0107 \u015blady wilka w lesie?<\/h2>\n\n\n\n<p style=\"font-size:1.2rem\">\u015alady wilczych \u0142ap podobne s\u0105 do trop\u00f3w du\u017cego psa. Zwykle maj\u0105 ok. 9-11 cm d\u0142ugo\u015bci i 7-9 cm szeroko\u015bci. Charakterystyczne s\u0105 wyra\u017ane pazury i du\u017cy odst\u0119p mi\u0119dzy palcami a pi\u0119t\u0105. Wilk porusza si\u0119 \u201esznurem\u201d &#8211; jego tropy uk\u0142adaj\u0105 si\u0119 w jednej linii, jakby stawia\u0142 \u0142ap\u0119 za \u0142ap\u0105. To oszcz\u0119dza energi\u0119 i u\u0142atwia poruszanie si\u0119 po \u015bniegu lub b\u0142ocie. Nie tak trudno jest tak\u017ce natrafi\u0107 na wilcz\u0105 kup\u0119, kt\u00f3r\u0105 wilki lubi\u0105 zostawi\u0107 w widocznym miejscu (np. na \u015brodku drogi le\u015bnej) lub podwy\u017cszeniu (np. kamieniu lub \u015bci\u0119tym pniu), by oznaczy\u0107 w ten spos\u00f3b sw\u00f3j rewir. Odchody wilka s\u0105 walcowate, zwykle szaro-br\u0105zowe, cz\u0119sto z widocznymi resztkami sier\u015bci lub ko\u015bci.<\/p>\n<\/div>\n\n<div class=\"wp-block-columns are-vertically-aligned-center is-layout-flex wp-container-core-columns-is-layout-9d6595d7 wp-block-columns-is-layout-flex\">\n<div class=\"wp-block-column is-vertically-aligned-center is-layout-flow wp-block-column-is-layout-flow\">\n<figure class=\"wp-block-image size-full\"><img loading=\"lazy\" decoding=\"async\" width=\"1000\" height=\"814\" src=\"https:\/\/www.greenpeace.org\/static\/planet4-poland-stateless\/2025\/06\/efe19183-wilk-trop.jpg\" alt=\"\" class=\"wp-image-36882\" srcset=\"https:\/\/www.greenpeace.org\/static\/planet4-poland-stateless\/2025\/06\/efe19183-wilk-trop.jpg 1000w, https:\/\/www.greenpeace.org\/static\/planet4-poland-stateless\/2025\/06\/efe19183-wilk-trop-500x407.jpg 500w, https:\/\/www.greenpeace.org\/static\/planet4-poland-stateless\/2025\/06\/efe19183-wilk-trop-768x625.jpg 768w, https:\/\/www.greenpeace.org\/static\/planet4-poland-stateless\/2025\/06\/efe19183-wilk-trop-418x340.jpg 418w\" sizes=\"auto, (max-width: 1000px) 100vw, 1000px\" \/><\/figure>\n<\/div>\n\n\n\n<div class=\"wp-block-column is-vertically-aligned-center is-layout-flow wp-block-column-is-layout-flow\">\n<figure class=\"wp-block-image size-full\"><img loading=\"lazy\" decoding=\"async\" width=\"1000\" height=\"892\" src=\"https:\/\/www.greenpeace.org\/static\/planet4-poland-stateless\/2025\/06\/f88d5521-wilk-odchody.jpg\" alt=\"\" class=\"wp-image-36883\" srcset=\"https:\/\/www.greenpeace.org\/static\/planet4-poland-stateless\/2025\/06\/f88d5521-wilk-odchody.jpg 1000w, https:\/\/www.greenpeace.org\/static\/planet4-poland-stateless\/2025\/06\/f88d5521-wilk-odchody-500x446.jpg 500w, https:\/\/www.greenpeace.org\/static\/planet4-poland-stateless\/2025\/06\/f88d5521-wilk-odchody-768x685.jpg 768w, https:\/\/www.greenpeace.org\/static\/planet4-poland-stateless\/2025\/06\/f88d5521-wilk-odchody-381x340.jpg 381w\" sizes=\"auto, (max-width: 1000px) 100vw, 1000px\" \/><\/figure>\n<\/div>\n\n\n\n<div class=\"wp-block-column is-vertically-aligned-center is-layout-flow wp-block-column-is-layout-flow\">\n<p style=\"font-size:1rem\">Rysunki pochodz\u0105 z publikacji Towarzystwa Krajoznawczego Krajobraz pt. <em>Tropy \/ Kupy: kieszonkowy atlas do tropienia zwierz\u0105t<\/em> (dzi\u0119ki!).<\/p>\n\n\n\n<p style=\"font-size:1rem\">Mo\u017cesz zam\u00f3wi\u0107 sw\u00f3j egzemplarz <a href=\"https:\/\/sklep.krajobraz.org\/produkt\/tropy-kupy-kieszonkowy-atlas-do-tropienia-zwierzat\/\" target=\"_blank\" rel=\"noreferrer noopener\">tutaj<\/a>.<\/p>\n<\/div>\n<\/div>\n\n<div class=\"wp-block-group is-style-space-evenly has-beige-100-background-color has-background is-vertical is-layout-flex wp-container-core-group-is-layout-7ab06b69 wp-block-group-is-layout-flex\" style=\"border-radius:15px;padding-top:var(--wp--preset--spacing--40);padding-right:var(--wp--preset--spacing--60);padding-bottom:var(--wp--preset--spacing--40);padding-left:var(--wp--preset--spacing--60)\">\n<h2 class=\"wp-block-heading is-style-default\"><strong>Co zrobi\u0107, je\u015bli spotkasz wilka? Ciesz si\u0119! \ud83d\ude42<\/strong><\/h2>\n\n\n\n<p style=\"font-size:1.2rem\">Takie spotkania w naturze nale\u017c\u0105 do rzadko\u015bci. Wilki boj\u0105 si\u0119 ludzi i uciekn\u0105, kiedy tylko Ci\u0119 wyczuj\u0105. A je\u015bli nie uciekn\u0105 od razu, zobaczysz je z zaskoczenia lub z wi\u0119kszej odleg\u0142o\u015bci &#8211; spokojnie. Dzikie, zdrowe wilki nie atakuj\u0105 ludzi!<\/p>\n<\/div>\n\n<div class=\"wp-block-columns are-vertically-aligned-center is-style-default is-layout-flex wp-container-core-columns-is-layout-9d6595d7 wp-block-columns-is-layout-flex\">\n<div class=\"wp-block-column is-vertically-aligned-center is-layout-constrained wp-block-column-is-layout-constrained\" style=\"flex-basis:100%\">\t\t\t<section\n\t\t\tclass=\"boxout  \"\n\t\t\t\n\t\t>\n\t\t\t<a\n\t\t\t\tdata-ga-category=\"Take Action Boxout\"\n\t\t\t\tdata-ga-action=\"Image\"\n\t\t\t\tdata-ga-label=\"n\/a\"\n\t\t\t\tclass=\"cover-card-overlay\"\n\t\t\t\thref=\"https:\/\/dzikamapa.pl\/?fundraiser=zwierzeta-polski&amp;utm_campaign=DzienZwierzat&amp;utm_medium=organic&amp;utm_source=gppl&amp;utm_content=wilki\" target=\"_blank\"\n\t\t\t><\/a>\n\t\t\t\t\t\t\t<img\n\t\t\t\t\t\tsrc=\"https:\/\/www.greenpeace.org\/static\/planet4-poland-stateless\/2023\/10\/3b8e4fa3-wilk_canis-lupus_c.korkosz_55801.jpg\"\n\t\t\t\t\t\tsrcset=\"https:\/\/www.greenpeace.org\/static\/planet4-poland-stateless\/2023\/10\/3b8e4fa3-wilk_canis-lupus_c.korkosz_55801-500x355.jpg 500w, https:\/\/www.greenpeace.org\/static\/planet4-poland-stateless\/2023\/10\/3b8e4fa3-wilk_canis-lupus_c.korkosz_55801-768x545.jpg 768w, https:\/\/www.greenpeace.org\/static\/planet4-poland-stateless\/2023\/10\/3b8e4fa3-wilk_canis-lupus_c.korkosz_55801-480x340.jpg 480w, https:\/\/www.greenpeace.org\/static\/planet4-poland-stateless\/2023\/10\/3b8e4fa3-wilk_canis-lupus_c.korkosz_55801.jpg 1000w\"\n\t\t\t\t\t\tsizes=\"(min-width: 1000px) 358px, (min-width: 780px) 313px, 88px\"\n\t\t\t\t\t\talt=\"\" title=\"\"\n\t\t\t\t\/>\n            \t\t\t<div class=\"boxout-content\">\n\t\t\t\t\t\t\t\t\t<a\n\t\t\t\t\t\tclass=\"boxout-heading medium\"\n\t\t\t\t\t\tdata-ga-category=\"Take Action Boxout\"\n\t\t\t\t\t\tdata-ga-action=\"Title\"\n\t\t\t\t\t\tdata-ga-label=\"n\/a\"\n\t\t\t\t\t\thref=\"https:\/\/dzikamapa.pl\/?fundraiser=zwierzeta-polski&amp;utm_campaign=DzienZwierzat&amp;utm_medium=organic&amp;utm_source=gppl&amp;utm_content=wilki\"\n\t\t\t\t\t\ttarget=\"_blank\"\n\t\t\t\t\t>\n\t\t\t\t\t\tChro\u0144 z nami wilki na dzikamapa.pl\n\t\t\t\t\t<\/a>\n\t\t\t\t\t\t\t\t\t\t\t\t\t<p class=\"boxout-excerpt\">Adoptuj wilka lub inne polskie dzikie zwierz\u0119 i chro\u0144my razem ich dom!<\/p>\n\t\t\t\t                                    <a\n                        class=\"btn btn-primary\"\n                        data-ga-category=\"Take Action Boxout\"\n                        data-ga-action=\"Call to Action\"\n                        data-ga-label=\"n\/a\"\n                        href=\"https:\/\/dzikamapa.pl\/?fundraiser=zwierzeta-polski&amp;utm_campaign=DzienZwierzat&amp;utm_medium=organic&amp;utm_source=gppl&amp;utm_content=wilki\"\n                        target=\"_blank\"\n                    >\n                        Adoptuj\u0119!\n                    <\/a>\n                \t\t\t<\/div>\n\t\t\t\t\t<\/section>\n\t<\/div>\n<\/div>\n\n<figure class=\"wp-block-image aligncenter size-thumbnail is-resized\"><img loading=\"lazy\" decoding=\"async\" width=\"300\" height=\"300\" src=\"https:\/\/www.greenpeace.org\/static\/planet4-poland-stateless\/2025\/05\/4e710d9b-slad-300x300.png\" alt=\"\" class=\"wp-image-36670\" style=\"width:70px\" srcset=\"https:\/\/www.greenpeace.org\/static\/planet4-poland-stateless\/2025\/05\/4e710d9b-slad-300x300.png 300w, https:\/\/www.greenpeace.org\/static\/planet4-poland-stateless\/2025\/05\/4e710d9b-slad-500x500.png 500w, https:\/\/www.greenpeace.org\/static\/planet4-poland-stateless\/2025\/05\/4e710d9b-slad-340x340.png 340w, https:\/\/www.greenpeace.org\/static\/planet4-poland-stateless\/2025\/05\/4e710d9b-slad.png 512w\" sizes=\"auto, (max-width: 300px) 100vw, 300px\" \/><\/figure>\n\n\n<div class=\"wp-block-group alignfull is-layout-flow wp-block-group-is-layout-flow\">\n<div class=\"wp-block-group container is-layout-flow wp-block-group-is-layout-flow\">\n<div class=\"wp-block-media-text alignfull has-media-on-the-right is-stacked-on-mobile is-pattern-p4-page-header is-style-parallax\" id=\"niedzwiedz\"><div class=\"wp-block-media-text__content\">\n<div class=\"wp-block-group is-layout-flow wp-block-group-is-layout-flow\">\n<h3 class=\"wp-block-heading has-white-background-color has-background\" id=\"niedzwiedz\" style=\"font-size:3.2rem\">Nied\u017awied\u017a brunatny<br>\u2013 kr\u00f3l karpackiej puszczy<\/h3>\n<\/div>\n\n\n\n<p style=\"font-size:1.25rem\">Nied\u017awied\u017a brunatny (<em>Ursus arctos<\/em>) to najwi\u0119kszy l\u0105dowy drapie\u017cnik wyst\u0119puj\u0105cy w Europie. Cho\u0107 jego sylwetka mo\u017ce budzi\u0107 groz\u0119 &#8211; samce osi\u0105gaj\u0105 nawet 300 kg wagi &#8211; w rzeczywisto\u015bci to stworzenia ostro\u017cne, skryte i nieagresywne wobec ludzi.<\/p>\n\n\n\n<div class=\"wp-block-buttons is-layout-flex wp-block-buttons-is-layout-flex\"><\/div>\n<\/div><figure class=\"wp-block-media-text__media\"><img loading=\"lazy\" decoding=\"async\" width=\"1024\" height=\"684\" src=\"https:\/\/www.greenpeace.org\/static\/planet4-poland-stateless\/2022\/11\/6427ee26-gp0stpf50_medium_res_with_credit_line-1024x684.jpg\" alt=\"Nied\u017awied\u017a brunatny w Karpatach\" sizes=\"auto, (min-width: 601px) 50vw, 100vw\" srcset=\"https:\/\/www.greenpeace.org\/static\/planet4-poland-stateless\/2022\/11\/6427ee26-gp0stpf50_medium_res_with_credit_line.jpg 1200w, https:\/\/www.greenpeace.org\/static\/planet4-poland-stateless\/2022\/11\/6427ee26-gp0stpf50_medium_res_with_credit_line-500x334.jpg 500w, https:\/\/www.greenpeace.org\/static\/planet4-poland-stateless\/2022\/11\/6427ee26-gp0stpf50_medium_res_with_credit_line-1024x684.jpg 1024w, https:\/\/www.greenpeace.org\/static\/planet4-poland-stateless\/2022\/11\/6427ee26-gp0stpf50_medium_res_with_credit_line-768x513.jpg 768w, https:\/\/www.greenpeace.org\/static\/planet4-poland-stateless\/2022\/11\/6427ee26-gp0stpf50_medium_res_with_credit_line-510x340.jpg 510w\" class=\"wp-image-32248 size-full\"\/><\/figure><\/div>\n<\/div>\n<\/div>\n\n\n<div class=\"wp-block-group group-stretched-link has-beige-100-background-color has-background is-vertical is-layout-flex wp-container-core-group-is-layout-796a5b2a wp-block-group-is-layout-flex\" style=\"border-radius:15px;padding-top:var(--wp--preset--spacing--50);padding-right:var(--wp--preset--spacing--50);padding-bottom:var(--wp--preset--spacing--50);padding-left:var(--wp--preset--spacing--50)\">\n<p style=\"font-size:1.2rem\">W Polsce nied\u017awiedzie wyst\u0119puj\u0105 g\u0142\u00f3wnie w po\u0142udniowo-wschodniej cz\u0119\u015bci kraju, zw\u0142aszcza w Bieszczadach, Tatrach i Pieninach.&nbsp;<strong>Lasy Karpat s\u0105 domem dla jednej z najwa\u017cniejszych populacji nied\u017awiedzi brunatnych w Europie.&nbsp;<\/strong><\/p>\n\n\n\n<p style=\"font-size:1.2rem\">Mo\u017cna je spotka\u0107 od polskiej cz\u0119\u015bci Karpat poprzez S\u0142owacj\u0119, Ukrain\u0119 i przede wszystkim w Rumunii, gdzie \u017cyje ich najwi\u0119cej. Szacuje si\u0119, \u017ce <strong>w Polsce \u017cyje oko\u0142o 100 nied\u017awiedzi<\/strong>, jednak s\u0105 one niezwykle rozproszone i rzadko widywane. Ich obecno\u015b\u0107 jest sygna\u0142em zdrowego ekosystemu i sukcesu d\u0142ugofalowej ochrony przyrody.<\/p>\n<\/div>\n\n<div class=\"wp-block-media-text has-media-on-the-right is-stacked-on-mobile is-vertically-aligned-top\" style=\"grid-template-columns:auto 46%\"><div class=\"wp-block-media-text__content\">\n<h2 class=\"wp-block-heading\">Kilka fakt\u00f3w o nied\u017awiedziach<\/h2>\n\n\n\n<ul class=\"wp-block-list\">\n<li style=\"font-size:1.2rem\">Nied\u017awied\u017a brunatny <strong>mo\u017ce wa\u017cy\u0107 nawet 400 kg<\/strong> (samce), a mimo to porusza si\u0119 cicho i z gracj\u0105.<\/li>\n\n\n\n<li style=\"font-size:1.2rem\">Potrafi biega\u0107 z pr\u0119dko\u015bci\u0105 <strong>do 50 km\/h<\/strong>!<\/li>\n\n\n\n<li style=\"font-size:1.2rem\">Jest <strong>wszystko\u017cerny <\/strong>\u2013 jego dieta sk\u0142ada si\u0119 g\u0142\u00f3wnie z ro\u015blin, owoc\u00f3w, korzeni i owad\u00f3w, ale nie pogardzi te\u017c padlin\u0105 czy ma\u0142ym ssakiem. Wbrew popularnemu mitowi, nie wszystkie nied\u017awiedzie uwielbiaj\u0105 mi\u00f3d \u2013 cho\u0107 faktycznie mog\u0105 si\u0119 nim zainteresowa\u0107, bardziej zale\u017cy im na bia\u0142ku i kaloriach.<\/li>\n\n\n\n<li style=\"font-size:1.2rem\">Nied\u017awiedzie maj\u0105 wyj\u0105tkowo czu\u0142y w\u0119ch \u2013 mog\u0105 wyczu\u0107 np. padlin\u0119 z odleg\u0142o\u015bci kilku kilometr\u00f3w.<\/li>\n\n\n\n<li style=\"font-size:1.2rem\">Nied\u017awiedzie karpackie <strong>zapadaj\u0105 w sen zimowy<\/strong>, kt\u00f3ry jest stanem bardzo ograniczonej aktywno\u015bci \u2013 mog\u0105 si\u0119 z niego wybudzi\u0107, je\u015bli warunki pogodowe na to pozwalaj\u0105. Brak mro\u017anych zim sprawia, \u017ce sen zimowy karpackich nied\u017awiedzi jest coraz p\u0142ytszy i kr\u00f3tki. Jednym z preferowanych miejsc do zimowego snu s\u0105 du\u017ce &#8222;dziuple&#8221; przy ziemi w starych drzewach, tzw. <strong>gawry<\/strong>.<\/li>\n\n\n\n<li style=\"font-size:1.2rem\">Samica rodzi m\u0142ode w gawrze zim\u0105, najcz\u0119\u015bciej w styczniu lub lutym. M\u0142ode pozostaj\u0105 z ni\u0105 przez oko\u0142o 2 lata, ucz\u0105c si\u0119 przetrwania w dzikiej przyrodzie.<\/li>\n\n\n\n<li style=\"font-size:1.2rem\">S\u0105 <strong>bardzo inteligentne i maj\u0105 doskona\u0142\u0105 pami\u0119\u0107<\/strong> \u2013 potrafi\u0105 zapami\u0119ta\u0107 miejsca z dost\u0119pem do jedzenia na lata.<\/li>\n<\/ul>\n\n\n\n<p><\/p>\n<\/div><figure class=\"wp-block-media-text__media\"><img loading=\"lazy\" decoding=\"async\" width=\"735\" height=\"900\" src=\"https:\/\/www.greenpeace.org\/static\/planet4-poland-stateless\/2025\/05\/f091cb15-niedzwiedz-siedzacy.jpg\" alt=\"\" sizes=\"auto, (min-width: 1600px) calc((1320px - 24px) \/ 2.1739),(min-width: 1200px) calc((1140px - 24px) \/ 2.1739),(min-width: 992px) calc((960px - 24px) \/ 2.1739),(min-width: 768px) calc((720px - 24px) \/ 2.1739),(min-width: 601px) calc((540px - 24px) \/ 2.1739),(min-width: 577px) calc((540px - 24px) \/ 1), calc(100vw - 24px)\" srcset=\"https:\/\/www.greenpeace.org\/static\/planet4-poland-stateless\/2025\/05\/f091cb15-niedzwiedz-siedzacy.jpg 735w, https:\/\/www.greenpeace.org\/static\/planet4-poland-stateless\/2025\/05\/f091cb15-niedzwiedz-siedzacy-408x500.jpg 408w, https:\/\/www.greenpeace.org\/static\/planet4-poland-stateless\/2025\/05\/f091cb15-niedzwiedz-siedzacy-278x340.jpg 278w\" class=\"wp-image-36656 size-full\"\/><\/figure><\/div>\n\n<div class=\"wp-block-group is-vertical is-layout-flex wp-container-core-group-is-layout-8cf370e7 wp-block-group-is-layout-flex\">\n<h2 class=\"wp-block-heading\">Jak rozpozna\u0107 \u015blady nied\u017awiedzia w lesie?<\/h2>\n\n\n\n<p style=\"font-size:1.2rem\"><\/p>\n\n\n\n<p style=\"font-size:1.2rem\">Wcale nie jest \u0142atwo spotka\u0107 nied\u017awiedzia w lesie. To skryte, unikaj\u0105ce ludzi zwierz\u0119ta, a dla wielu g\u00f3rskich piechur\u00f3w zobaczenie nied\u017awiedzia na \u017cywo w naturze to tylko niezrealizowane marzenie. Ale oczywi\u015bcie mo\u017ce si\u0119 zdarzy\u0107.<\/p>\n\n\n\n<p style=\"font-size:1.2rem\">Tropy &#8211; czyli \u015blady \u0142ap &#8211; nied\u017awiedzia s\u0105 du\u017ce i na og\u00f3\u0142 maj\u0105 wyra\u017ane \u015blady pazur\u00f3w. Przednia \u0142apa jest wyra\u017anie mniejsza i bardziej okr\u0105g\u0142a od tylnej. \u015alady tylnych \u0142ap przypominaj\u0105 odrobin\u0119 odcisk ludzkiej stopy, s\u0105 jednak o wiele masywniejsze. Mog\u0105 mie\u0107 do ok. 20 cm d\u0142ugo\u015bci, a same pazury nawet kilka centymetr\u00f3w d\u0142ugo\u015bci! Odcisk przednich \u0142ap jest wyra\u017anie mniejszy. Mo\u017cesz te\u017c zobaczy\u0107 \u015blady nied\u017awiedzich pazur\u00f3w np. na drzewach, gdzie nied\u017awiedzie czasem zrywaj\u0105 kor\u0119. Poza \u0142apami i pazurami, mo\u017cesz natrafi\u0107 na ich odchody &#8211; poniewa\u017c s\u0105 wszystko\u017cerne, ich kupy mog\u0105 zawiera\u0107 np. pozosta\u0142o\u015bci le\u015bnych owoc\u00f3w, ale te\u017c futro zjedzonych drobnych zwierz\u0105t.<\/p>\n\n\n\n<div class=\"wp-block-columns are-vertically-aligned-center is-layout-flex wp-container-core-columns-is-layout-9d6595d7 wp-block-columns-is-layout-flex\">\n<div class=\"wp-block-column is-vertically-aligned-center is-layout-flow wp-block-column-is-layout-flow\">\n<figure class=\"wp-block-image size-full\"><img loading=\"lazy\" decoding=\"async\" width=\"1000\" height=\"814\" src=\"https:\/\/www.greenpeace.org\/static\/planet4-poland-stateless\/2025\/06\/853748ee-niedzwiedz-trop.jpg\" alt=\"\" class=\"wp-image-36874\" srcset=\"https:\/\/www.greenpeace.org\/static\/planet4-poland-stateless\/2025\/06\/853748ee-niedzwiedz-trop.jpg 1000w, https:\/\/www.greenpeace.org\/static\/planet4-poland-stateless\/2025\/06\/853748ee-niedzwiedz-trop-500x407.jpg 500w, https:\/\/www.greenpeace.org\/static\/planet4-poland-stateless\/2025\/06\/853748ee-niedzwiedz-trop-768x625.jpg 768w, https:\/\/www.greenpeace.org\/static\/planet4-poland-stateless\/2025\/06\/853748ee-niedzwiedz-trop-418x340.jpg 418w\" sizes=\"auto, (max-width: 1000px) 100vw, 1000px\" \/><\/figure>\n<\/div>\n\n\n\n<div class=\"wp-block-column is-vertically-aligned-center is-layout-flow wp-block-column-is-layout-flow\">\n<figure class=\"wp-block-image size-full\"><img loading=\"lazy\" decoding=\"async\" width=\"1000\" height=\"632\" src=\"https:\/\/www.greenpeace.org\/static\/planet4-poland-stateless\/2025\/06\/fa335c1b-niedzwiedz-odchody.jpg\" alt=\"\" class=\"wp-image-36875\" srcset=\"https:\/\/www.greenpeace.org\/static\/planet4-poland-stateless\/2025\/06\/fa335c1b-niedzwiedz-odchody.jpg 1000w, https:\/\/www.greenpeace.org\/static\/planet4-poland-stateless\/2025\/06\/fa335c1b-niedzwiedz-odchody-500x316.jpg 500w, https:\/\/www.greenpeace.org\/static\/planet4-poland-stateless\/2025\/06\/fa335c1b-niedzwiedz-odchody-768x485.jpg 768w, https:\/\/www.greenpeace.org\/static\/planet4-poland-stateless\/2025\/06\/fa335c1b-niedzwiedz-odchody-510x322.jpg 510w\" sizes=\"auto, (max-width: 1000px) 100vw, 1000px\" \/><\/figure>\n<\/div>\n\n\n\n<div class=\"wp-block-column is-vertically-aligned-center is-layout-flow wp-block-column-is-layout-flow\">\n<p style=\"font-size:1rem\">Rysunki trop\u00f3w i kup nied\u017awiedzia pochodz\u0105 z publikacji Towarzystwa Krajoznawczego Krajobraz pt. <em>Tropy \/ Kupy: kieszonkowy atlas do tropienia zwierz\u0105t<\/em> (dzi\u0119ki!). <\/p>\n\n\n\n<p style=\"font-size:1rem\">Mo\u017cesz zam\u00f3wi\u0107 sw\u00f3j egzemplarz <a href=\"https:\/\/sklep.krajobraz.org\/produkt\/tropy-kupy-kieszonkowy-atlas-do-tropienia-zwierzat\/\" target=\"_blank\" rel=\"noreferrer noopener\">tutaj<\/a>.<\/p>\n<\/div>\n<\/div>\n<\/div>\n\n<div class=\"wp-block-columns are-vertically-aligned-center is-style-default is-layout-flex wp-container-core-columns-is-layout-9d6595d7 wp-block-columns-is-layout-flex\">\n<div class=\"wp-block-column is-vertically-aligned-center is-layout-constrained wp-block-column-is-layout-constrained\" style=\"flex-basis:100%\">\t\t\t<section\n\t\t\tclass=\"boxout  \"\n\t\t\t\n\t\t>\n\t\t\t<a\n\t\t\t\tdata-ga-category=\"Take Action Boxout\"\n\t\t\t\tdata-ga-action=\"Image\"\n\t\t\t\tdata-ga-label=\"n\/a\"\n\t\t\t\tclass=\"cover-card-overlay\"\n\t\t\t\thref=\"https:\/\/dzikamapa.pl\/?fundraiser=zwierzeta-polski&amp;utm_campaign=DzienZwierzat&amp;utm_medium=organic&amp;utm_source=gppl&amp;utm_content=niedzwiedz\" target=\"_blank\"\n\t\t\t><\/a>\n\t\t\t\t\t\t\t<img\n\t\t\t\t\t\tsrc=\"https:\/\/www.greenpeace.org\/static\/planet4-poland-stateless\/2025\/05\/a37c12e7-niedzwiedz-mlody.jpg\"\n\t\t\t\t\t\tsrcset=\"https:\/\/www.greenpeace.org\/static\/planet4-poland-stateless\/2025\/05\/a37c12e7-niedzwiedz-mlody-500x342.jpg 500w, https:\/\/www.greenpeace.org\/static\/planet4-poland-stateless\/2025\/05\/a37c12e7-niedzwiedz-mlody-768x525.jpg 768w, https:\/\/www.greenpeace.org\/static\/planet4-poland-stateless\/2025\/05\/a37c12e7-niedzwiedz-mlody-497x340.jpg 497w, https:\/\/www.greenpeace.org\/static\/planet4-poland-stateless\/2025\/05\/a37c12e7-niedzwiedz-mlody.jpg 800w\"\n\t\t\t\t\t\tsizes=\"(min-width: 1000px) 358px, (min-width: 780px) 313px, 88px\"\n\t\t\t\t\t\talt=\"\" title=\"\"\n\t\t\t\t\/>\n            \t\t\t<div class=\"boxout-content\">\n\t\t\t\t\t\t\t\t\t<a\n\t\t\t\t\t\tclass=\"boxout-heading medium\"\n\t\t\t\t\t\tdata-ga-category=\"Take Action Boxout\"\n\t\t\t\t\t\tdata-ga-action=\"Title\"\n\t\t\t\t\t\tdata-ga-label=\"n\/a\"\n\t\t\t\t\t\thref=\"https:\/\/dzikamapa.pl\/?fundraiser=zwierzeta-polski&amp;utm_campaign=DzienZwierzat&amp;utm_medium=organic&amp;utm_source=gppl&amp;utm_content=niedzwiedz\"\n\t\t\t\t\t\ttarget=\"_blank\"\n\t\t\t\t\t>\n\t\t\t\t\t\tChro\u0144 z nami nied\u017awiedzie na dzikamapa.pl\n\t\t\t\t\t<\/a>\n\t\t\t\t\t\t\t\t\t\t\t\t\t<p class=\"boxout-excerpt\">Adoptuj nied\u017awiedzia lub inne polskie dzikie zwierz\u0119 i chro\u0144my razem ich dom!<\/p>\n\t\t\t\t                                    <a\n                        class=\"btn btn-primary\"\n                        data-ga-category=\"Take Action Boxout\"\n                        data-ga-action=\"Call to Action\"\n                        data-ga-label=\"n\/a\"\n                        href=\"https:\/\/dzikamapa.pl\/?fundraiser=zwierzeta-polski&amp;utm_campaign=DzienZwierzat&amp;utm_medium=organic&amp;utm_source=gppl&amp;utm_content=niedzwiedz\"\n                        target=\"_blank\"\n                    >\n                        Adoptuj\u0119!\n                    <\/a>\n                \t\t\t<\/div>\n\t\t\t\t\t<\/section>\n\t<\/div>\n<\/div>\n\n<figure class=\"wp-block-image aligncenter size-thumbnail is-resized\"><img loading=\"lazy\" decoding=\"async\" width=\"300\" height=\"300\" src=\"https:\/\/www.greenpeace.org\/static\/planet4-poland-stateless\/2025\/05\/4e710d9b-slad-300x300.png\" alt=\"\" class=\"wp-image-36670\" style=\"width:70px\" srcset=\"https:\/\/www.greenpeace.org\/static\/planet4-poland-stateless\/2025\/05\/4e710d9b-slad-300x300.png 300w, https:\/\/www.greenpeace.org\/static\/planet4-poland-stateless\/2025\/05\/4e710d9b-slad-500x500.png 500w, https:\/\/www.greenpeace.org\/static\/planet4-poland-stateless\/2025\/05\/4e710d9b-slad-340x340.png 340w, https:\/\/www.greenpeace.org\/static\/planet4-poland-stateless\/2025\/05\/4e710d9b-slad.png 512w\" sizes=\"auto, (max-width: 300px) 100vw, 300px\" \/><\/figure>\n\n\n<div class=\"wp-block-group alignfull is-layout-flow wp-block-group-is-layout-flow\">\n<div class=\"wp-block-group container is-layout-flow wp-block-group-is-layout-flow\">\n<div class=\"wp-block-media-text alignfull has-media-on-the-right is-stacked-on-mobile is-pattern-p4-page-header is-style-parallax\" id=\"salamandra\"><div class=\"wp-block-media-text__content\">\n<div class=\"wp-block-group is-layout-flow wp-block-group-is-layout-flow\">\n<h3 class=\"wp-block-heading has-white-background-color has-background\" id=\"salamandra\" style=\"font-size:3.2rem\">Salamandra plamista &#8211; jaszczur ognisty<\/h3>\n<\/div>\n\n\n\n<p style=\"font-size:1.25rem\">Salamandra plamista to jeden z najbardziej efektownych p\u0142az\u00f3w Europy i najwi\u0119kszy p\u0142az Polski. <\/p>\n\n\n\n<p style=\"font-size:1.25rem\">Jej \u017c\u00f3\u0142to-czarne ubarwienie dzia\u0142a jak ostrze\u017cenie dla drapie\u017cnik\u00f3w &#8211; to znak, \u017ce zwierz\u0119 jest truj\u0105ce i nie warto si\u0119 zbli\u017ca\u0107. Przynajmniej je\u015bli ma si\u0119 ch\u0119\u0107 j\u0105 zje\u015b\u0107 \ud83d\ude42<\/p>\n\n\n\n<div class=\"wp-block-buttons is-layout-flex wp-block-buttons-is-layout-flex\"><\/div>\n<\/div><figure class=\"wp-block-media-text__media\"><img loading=\"lazy\" decoding=\"async\" width=\"1024\" height=\"683\" src=\"https:\/\/www.greenpeace.org\/static\/planet4-poland-stateless\/2023\/05\/30938ee2-gp1t1rxp_medium_res_with_credit_line-1024x683.jpg\" alt=\"Karpaty - Salamandra\" sizes=\"auto, (min-width: 601px) 50vw, 100vw\" srcset=\"https:\/\/www.greenpeace.org\/static\/planet4-poland-stateless\/2023\/05\/30938ee2-gp1t1rxp_medium_res_with_credit_line.jpg 1200w, https:\/\/www.greenpeace.org\/static\/planet4-poland-stateless\/2023\/05\/30938ee2-gp1t1rxp_medium_res_with_credit_line-500x333.jpg 500w, https:\/\/www.greenpeace.org\/static\/planet4-poland-stateless\/2023\/05\/30938ee2-gp1t1rxp_medium_res_with_credit_line-1024x683.jpg 1024w, https:\/\/www.greenpeace.org\/static\/planet4-poland-stateless\/2023\/05\/30938ee2-gp1t1rxp_medium_res_with_credit_line-768x512.jpg 768w, https:\/\/www.greenpeace.org\/static\/planet4-poland-stateless\/2023\/05\/30938ee2-gp1t1rxp_medium_res_with_credit_line-510x340.jpg 510w\" class=\"wp-image-32995 size-full\"\/><\/figure><\/div>\n<\/div>\n<\/div>\n\n\n<div class=\"wp-block-group group-stretched-link has-beige-100-background-color has-background is-vertical is-layout-flex wp-container-core-group-is-layout-796a5b2a wp-block-group-is-layout-flex\" style=\"border-radius:15px;padding-top:var(--wp--preset--spacing--50);padding-right:var(--wp--preset--spacing--50);padding-bottom:var(--wp--preset--spacing--50);padding-left:var(--wp--preset--spacing--50)\">\n<p style=\"font-size:1.2rem\">Salamandra plamista w Polsce <strong>wyst\u0119puje g\u0142\u00f3wnie w g\u00f3rskich i podg\u00f3rskich lasach<\/strong> &#8211; przede wszystkim w Sudetach i Karpatach, zw\u0142aszcza w ich wilgotnych, cienistych fragmentach z licznymi strumieniami i kamienistymi os\u0142onami. Mo\u017cna j\u0105 czasem spotka\u0107 tak\u017ce w lasach Pog\u00f3rza i w wy\u017cszych partiach Beskid\u00f3w. Preferuje miejsca z wilgotnym mikroklimatem, pod li\u015b\u0107mi, kamieniami czy powalonymi pniami drzew.<\/p>\n\n\n\n<p style=\"font-size:1.2rem\">Salamandra plamista <strong>jest w Polsce gatunkiem \u015bci\u015ble chronionym<\/strong>, wpisanym do Polskiej czerwonej ksi\u0119gi zwierz\u0105t. Zabronione jest jej chwytanie, przetrzymywanie, niszczenie siedlisk czy jakiekolwiek dzia\u0142ania zagra\u017caj\u0105ce jej przetrwaniu.<\/p>\n<\/div>\n\n<h2 class=\"wp-block-heading\">Kilka fakt\u00f3w o salamandrach<\/h2>\n\n<div class=\"wp-block-media-text is-stacked-on-mobile is-vertically-aligned-top\" style=\"grid-template-columns:46% auto\"><figure class=\"wp-block-media-text__media\"><img loading=\"lazy\" decoding=\"async\" width=\"1024\" height=\"684\" src=\"https:\/\/www.greenpeace.org\/static\/planet4-poland-stateless\/2025\/10\/be62e11c-gp1t4der_medium-res-with-credit-line-1200px-1024x684.jpg\" alt=\"Salamandra plamista w Bieszczadach\" sizes=\"auto, (min-width: 1600px) calc((1320px - 24px) \/ 2.1739),(min-width: 1200px) calc((1140px - 24px) \/ 2.1739),(min-width: 992px) calc((960px - 24px) \/ 2.1739),(min-width: 768px) calc((720px - 24px) \/ 2.1739),(min-width: 601px) calc((540px - 24px) \/ 2.1739),(min-width: 577px) calc((540px - 24px) \/ 1), calc(100vw - 24px)\" srcset=\"https:\/\/www.greenpeace.org\/static\/planet4-poland-stateless\/2025\/10\/be62e11c-gp1t4der_medium-res-with-credit-line-1200px.jpg 1200w, https:\/\/www.greenpeace.org\/static\/planet4-poland-stateless\/2025\/10\/be62e11c-gp1t4der_medium-res-with-credit-line-1200px-500x334.jpg 500w, https:\/\/www.greenpeace.org\/static\/planet4-poland-stateless\/2025\/10\/be62e11c-gp1t4der_medium-res-with-credit-line-1200px-1024x684.jpg 1024w, https:\/\/www.greenpeace.org\/static\/planet4-poland-stateless\/2025\/10\/be62e11c-gp1t4der_medium-res-with-credit-line-1200px-768x513.jpg 768w, https:\/\/www.greenpeace.org\/static\/planet4-poland-stateless\/2025\/10\/be62e11c-gp1t4der_medium-res-with-credit-line-1200px-510x340.jpg 510w\" class=\"wp-image-38215 size-full\"\/><\/figure><div class=\"wp-block-media-text__content\">\n<ul class=\"wp-block-list\">\n<li style=\"font-size:1.2rem\">Salamandry <strong>s\u0105 \u017cyworodne!<\/strong> Oznacza to, \u017ce samice &#8222;rodz\u0105&#8221; m\u0142ode w postaci larwalnej wprost do wody, a nie sk\u0142adaj\u0105 jaj, jak wi\u0119kszo\u015b\u0107 p\u0142az\u00f3w.<\/li>\n\n\n\n<li style=\"font-size:1.2rem\">Prowadz\u0105 raczej <strong>nocny tryb \u017cycia<\/strong>, cho\u0107 ich aktywno\u015b\u0107 w ci\u0105gu dnia mo\u017ce wyra\u017anie wzrosn\u0105\u0107 zaraz po deszczu.<\/li>\n\n\n\n<li style=\"font-size:1.2rem\">Sk\u00f3ra salamander nieprzypadkowo ma &#8222;ostrzegawcze&#8221; ubarwienie &#8211; czyli \u017c\u00f3\u0142te plamy na czarnym tle. <strong>Wydziela toksyczn\u0105 substancj\u0119<\/strong> zwan\u0105 <em>salamandryn\u0105<\/em>, kt\u00f3ra <strong>dla doros\u0142ego cz\u0142owieka zazwyczaj nie jest gro\u017ana<\/strong> i mo\u017ce wywo\u0142a\u0107 jedynie podra\u017cnienie sk\u00f3ry, ale jest broni\u0105 skutecznie odstraszaj\u0105c\u0105 drapie\u017cniki.<\/li>\n<\/ul>\n<\/div><\/div>\n\n<p style=\"font-size:1.2rem\">Salamandra plamista przez stulecia obros\u0142a wieloma legendami i przes\u0105dami. Jedna z nich wyja\u015bnia te\u017c potoczn\u0105 nazw\u0119 gatunku: jaszczur ognisty. <strong>Legenda g\u0142osi\u0142a, \u017ce salamandra rodzi si\u0119 z ognia<\/strong> &#8211; mia\u0142a wy\u0142ania\u0107 si\u0119 z p\u0142on\u0105cych polan lub w\u0119gla drzewnego. Wierzono, \u017ce jej cia\u0142o jest odporne na p\u0142omienie, a tam, gdzie si\u0119 pojawi, ogie\u0144 ga\u015bnie. Dlatego salamandra by\u0142a cz\u0119sto symbolem \u017cywio\u0142u ognia i nie\u015bmiertelno\u015bci. Niestety, nie\u015bmiertelne nie s\u0105 i wymagaj\u0105 ochrony \ud83d\ude42<\/p>\n\n<div class=\"wp-block-columns are-vertically-aligned-center is-style-default is-layout-flex wp-container-core-columns-is-layout-9d6595d7 wp-block-columns-is-layout-flex\">\n<div class=\"wp-block-column is-vertically-aligned-center is-layout-constrained wp-block-column-is-layout-constrained\" style=\"flex-basis:100%\">\t\t\t<section\n\t\t\tclass=\"boxout  \"\n\t\t\t\n\t\t>\n\t\t\t<a\n\t\t\t\tdata-ga-category=\"Take Action Boxout\"\n\t\t\t\tdata-ga-action=\"Image\"\n\t\t\t\tdata-ga-label=\"n\/a\"\n\t\t\t\tclass=\"cover-card-overlay\"\n\t\t\t\thref=\"https:\/\/dzikamapa.pl\/?fundraiser=zwierzeta-polski&amp;utm_campaign=DzienZwierzat&amp;utm_medium=organic&amp;utm_source=gppl&amp;utm_content=salamandra\" target=\"_blank\"\n\t\t\t><\/a>\n\t\t\t\t\t\t\t<img\n\t\t\t\t\t\tsrc=\"https:\/\/www.greenpeace.org\/static\/planet4-poland-stateless\/2025\/10\/7215b59e-gp1t1vo9_medium-res-with-credit-line-1200px-1024x683.jpg\"\n\t\t\t\t\t\tsrcset=\"https:\/\/www.greenpeace.org\/static\/planet4-poland-stateless\/2025\/10\/7215b59e-gp1t1vo9_medium-res-with-credit-line-1200px-500x333.jpg 500w, https:\/\/www.greenpeace.org\/static\/planet4-poland-stateless\/2025\/10\/7215b59e-gp1t1vo9_medium-res-with-credit-line-1200px-1024x683.jpg 1024w, https:\/\/www.greenpeace.org\/static\/planet4-poland-stateless\/2025\/10\/7215b59e-gp1t1vo9_medium-res-with-credit-line-1200px-768x512.jpg 768w, https:\/\/www.greenpeace.org\/static\/planet4-poland-stateless\/2025\/10\/7215b59e-gp1t1vo9_medium-res-with-credit-line-1200px-510x340.jpg 510w, https:\/\/www.greenpeace.org\/static\/planet4-poland-stateless\/2025\/10\/7215b59e-gp1t1vo9_medium-res-with-credit-line-1200px.jpg 1200w\"\n\t\t\t\t\t\tsizes=\"(min-width: 1000px) 358px, (min-width: 780px) 313px, 88px\"\n\t\t\t\t\t\talt=\"\" title=\"\"\n\t\t\t\t\/>\n            \t\t\t<div class=\"boxout-content\">\n\t\t\t\t\t\t\t\t\t<a\n\t\t\t\t\t\tclass=\"boxout-heading medium\"\n\t\t\t\t\t\tdata-ga-category=\"Take Action Boxout\"\n\t\t\t\t\t\tdata-ga-action=\"Title\"\n\t\t\t\t\t\tdata-ga-label=\"n\/a\"\n\t\t\t\t\t\thref=\"https:\/\/dzikamapa.pl\/?fundraiser=zwierzeta-polski&amp;utm_campaign=DzienZwierzat&amp;utm_medium=organic&amp;utm_source=gppl&amp;utm_content=salamandra\"\n\t\t\t\t\t\ttarget=\"_blank\"\n\t\t\t\t\t>\n\t\t\t\t\t\tChro\u0144 z nami salamandry na dzikamapa.pl\n\t\t\t\t\t<\/a>\n\t\t\t\t\t\t\t\t\t\t\t\t\t<p class=\"boxout-excerpt\">Adoptuj salamandr\u0119 lub inne polskie dzikie zwierz\u0119 i chro\u0144my razem ich dom!<\/p>\n\t\t\t\t                                    <a\n                        class=\"btn btn-primary\"\n                        data-ga-category=\"Take Action Boxout\"\n                        data-ga-action=\"Call to Action\"\n                        data-ga-label=\"n\/a\"\n                        href=\"https:\/\/dzikamapa.pl\/?fundraiser=zwierzeta-polski&amp;utm_campaign=DzienZwierzat&amp;utm_medium=organic&amp;utm_source=gppl&amp;utm_content=salamandra\"\n                        target=\"_blank\"\n                    >\n                        Adoptuj\u0119!\n                    <\/a>\n                \t\t\t<\/div>\n\t\t\t\t\t<\/section>\n\t<\/div>\n<\/div>\n\n<figure class=\"wp-block-image aligncenter size-thumbnail is-resized\"><img loading=\"lazy\" decoding=\"async\" width=\"300\" height=\"300\" src=\"https:\/\/www.greenpeace.org\/static\/planet4-poland-stateless\/2025\/05\/4e710d9b-slad-300x300.png\" alt=\"\" class=\"wp-image-36670\" style=\"width:70px\" srcset=\"https:\/\/www.greenpeace.org\/static\/planet4-poland-stateless\/2025\/05\/4e710d9b-slad-300x300.png 300w, https:\/\/www.greenpeace.org\/static\/planet4-poland-stateless\/2025\/05\/4e710d9b-slad-500x500.png 500w, https:\/\/www.greenpeace.org\/static\/planet4-poland-stateless\/2025\/05\/4e710d9b-slad-340x340.png 340w, https:\/\/www.greenpeace.org\/static\/planet4-poland-stateless\/2025\/05\/4e710d9b-slad.png 512w\" sizes=\"auto, (max-width: 300px) 100vw, 300px\" \/><\/figure>\n\n<div class=\"wp-block-group has-action-yellow-background-color has-background is-horizontal is-content-justification-center is-nowrap is-layout-flex wp-container-core-group-is-layout-3752bc8f wp-block-group-is-layout-flex\" style=\"padding-top:var(--wp--preset--spacing--40);padding-right:var(--wp--preset--spacing--40);padding-bottom:var(--wp--preset--spacing--40);padding-left:var(--wp--preset--spacing--40)\">\n<div class=\"wp-block-media-text alignfull is-stacked-on-mobile is-vertically-aligned-center is-style-default has-action-yellow-background-color has-background\"><figure class=\"wp-block-media-text__media\"><a href=\"https:\/\/dzikamapa.pl\/?fundraiser=zwierzeta-polski&amp;utm_campaign=DzienZwierzat&amp;utm_medium=organic&amp;utm_source=gppl&amp;utm_content=banner\" target=\"_blank\" rel=\" noreferrer noopener\"><img loading=\"lazy\" decoding=\"async\" width=\"1024\" height=\"536\" src=\"https:\/\/www.greenpeace.org\/static\/planet4-poland-stateless\/2025\/09\/bd542487-og-image-dzika-mapa-1024x536.png\" alt=\"DzikaMapa.pl\" sizes=\"auto, (min-width: 601px) 50vw, 100vw\" srcset=\"https:\/\/www.greenpeace.org\/static\/planet4-poland-stateless\/2025\/09\/bd542487-og-image-dzika-mapa.png 1200w, https:\/\/www.greenpeace.org\/static\/planet4-poland-stateless\/2025\/09\/bd542487-og-image-dzika-mapa-500x262.png 500w, https:\/\/www.greenpeace.org\/static\/planet4-poland-stateless\/2025\/09\/bd542487-og-image-dzika-mapa-1024x536.png 1024w, https:\/\/www.greenpeace.org\/static\/planet4-poland-stateless\/2025\/09\/bd542487-og-image-dzika-mapa-768x402.png 768w, https:\/\/www.greenpeace.org\/static\/planet4-poland-stateless\/2025\/09\/bd542487-og-image-dzika-mapa-510x267.png 510w\" class=\"wp-image-38135 size-full\"\/><\/a><\/figure><div class=\"wp-block-media-text__content\">\n<h2 class=\"wp-block-heading\" style=\"font-size:2rem\">Chro\u0144 dzikie zwierz\u0119ta Polski i ich dom razem z nami!<\/h2>\n\n\n\n<p>Znajd\u017a na mapie swoje ulubione zwierz\u0119, nazwij je i symbolicznie zaadoptuj i do\u0142\u0105cz do naszych wsp\u00f3lnych stara\u0144 o ocalenie tego, co najcenniejsze w dzikiej przyrodzie!<\/p>\n\n\n\n<div class=\"wp-block-buttons is-content-justification-left is-layout-flex wp-container-core-buttons-is-layout-fdcfc74e wp-block-buttons-is-layout-flex\">\n<div class=\"wp-block-button has-custom-width wp-block-button__width-75 is-style-secondary\"><a class=\"wp-block-button__link has-grey-900-color has-green-500-background-color has-text-color has-background has-link-color has-medium-font-size has-custom-font-size wp-element-button\" href=\"https:\/\/dzikamapa.pl\/?fundraiser=zwierzeta-polski&amp;utm_campaign=DzienZwierzat&amp;utm_medium=organic&amp;utm_source=gppl&amp;utm_content=banner\">ADOPTUJ\u0118!<\/a><\/div>\n<\/div>\n<\/div><\/div>\n<\/div>\n\n<p><\/p>\n","protected":false},"excerpt":{"rendered":"<p>Poznaj kilku z niezwyk\u0142ych dzikich mieszka\u0144c\u00f3w Polski. Tych du\u017cych i ca\u0142kiem malutkich \ud83d\ude42<\/p>\n","protected":false},"author":25,"featured_media":38218,"parent":0,"menu_order":0,"comment_status":"closed","ping_status":"closed","template":"","meta":{"ep_exclude_from_search":false,"p4_hide_page_title_checkbox":"","p4_title":"","p4_subtitle":"","p4_description":"","background_image_id":"","background_image":"","p4_button_title":"","p4_button_link":"","p4_button_link_checkbox":"","p4_og_title":"","p4_og_description":"","p4_og_image":"","p4_og_image_id":"","p4_seo_canonical_url":"","p4_campaign_name":"","p4_local_project":"","p4_basket_name":"","p4_department":"","footnotes":""},"categories":[3],"tags":[19,26],"class_list":["post-38205","page","type-page","status-publish","has-post-thumbnail","hentry","category-przyroda","tag-lasy","tag-ochrona-przyrody"],"_links":{"self":[{"href":"https:\/\/www.greenpeace.org\/poland\/wp-json\/wp\/v2\/pages\/38205","targetHints":{"allow":["GET"]}}],"collection":[{"href":"https:\/\/www.greenpeace.org\/poland\/wp-json\/wp\/v2\/pages"}],"about":[{"href":"https:\/\/www.greenpeace.org\/poland\/wp-json\/wp\/v2\/types\/page"}],"author":[{"embeddable":true,"href":"https:\/\/www.greenpeace.org\/poland\/wp-json\/wp\/v2\/users\/25"}],"replies":[{"embeddable":true,"href":"https:\/\/www.greenpeace.org\/poland\/wp-json\/wp\/v2\/comments?post=38205"}],"version-history":[{"count":19,"href":"https:\/\/www.greenpeace.org\/poland\/wp-json\/wp\/v2\/pages\/38205\/revisions"}],"predecessor-version":[{"id":39687,"href":"https:\/\/www.greenpeace.org\/poland\/wp-json\/wp\/v2\/pages\/38205\/revisions\/39687"}],"wp:featuredmedia":[{"embeddable":true,"href":"https:\/\/www.greenpeace.org\/poland\/wp-json\/wp\/v2\/media\/38218"}],"wp:attachment":[{"href":"https:\/\/www.greenpeace.org\/poland\/wp-json\/wp\/v2\/media?parent=38205"}],"wp:term":[{"taxonomy":"category","embeddable":true,"href":"https:\/\/www.greenpeace.org\/poland\/wp-json\/wp\/v2\/categories?post=38205"},{"taxonomy":"post_tag","embeddable":true,"href":"https:\/\/www.greenpeace.org\/poland\/wp-json\/wp\/v2\/tags?post=38205"}],"curies":[{"name":"wp","href":"https:\/\/api.w.org\/{rel}","templated":true}]}}