{"id":38686,"date":"2025-11-20T17:58:26","date_gmt":"2025-11-20T15:58:26","guid":{"rendered":"https:\/\/www.greenpeace.org\/poland\/?page_id=38686"},"modified":"2026-03-05T16:14:13","modified_gmt":"2026-03-05T14:14:13","slug":"wilk-szary","status":"publish","type":"page","link":"https:\/\/www.greenpeace.org\/poland\/dowiedz-sie\/przyroda\/ochronaprzyrody\/wilk-szary\/","title":{"rendered":"#Wilk Szary"},"content":{"rendered":"\n<div class=\"wp-block-cover alignfull is-light has-custom-content-position is-position-center-left\" style=\"min-height:500px;aspect-ratio:unset;\"><video class=\"wp-block-cover__video-background intrinsic-ignore\" autoplay muted loop playsinline src=\"https:\/\/www.greenpeace.org\/static\/planet4-poland-stateless\/2025\/11\/aba1f613-headery-600x300-1.mp4\" style=\"object-position:50% 45%\" data-object-fit=\"cover\" data-object-position=\"50% 45%\"><\/video><span aria-hidden=\"true\" class=\"wp-block-cover__background has-background-dim-10 has-background-dim\"><\/span><div class=\"wp-block-cover__inner-container is-layout-flow wp-block-cover-is-layout-flow\">\n<div class=\"wp-block-columns is-layout-flex wp-container-core-columns-is-layout-9d6595d7 wp-block-columns-is-layout-flex\">\n<div class=\"wp-block-column is-vertically-aligned-center is-layout-flow wp-block-column-is-layout-flow\" style=\"flex-basis:10%\"><\/div>\n\n\n\n<div class=\"wp-block-column is-layout-flow wp-block-column-is-layout-flow\" style=\"flex-basis:40%\">\n<h1 class=\"wp-block-heading has-white-color has-text-color has-link-color wp-elements-43fdcecf74723bb42d7780a7f5801547\">Wilk szary<\/h1>\n\n\n\n<p class=\"has-white-color has-text-color has-link-color wp-elements-84da5d8f6544d1c3e32d555484cc851d\" style=\"font-size:1.25rem\">W bajkach po\u017cera ko\u017al\u0105tka i ma\u0142e \u015bwinki, w przys\u0142owiach chytrze przywdziewa owcz\u0105 sk\u00f3r\u0119, a w kulturze masowej wci\u0105\u017c robi za straszaka. Jaki jest wilk naprawd\u0119?<\/p>\n\n\n\n<p class=\"has-white-color has-text-color has-link-color wp-elements-4378e62fdacb6d3793b3d67e8dd65949\" style=\"font-size:1.25rem\">Czas oddzieli\u0107 mity od fakt\u00f3w i przyjrze\u0107 si\u0119 bli\u017cej wilczej naturze.<\/p>\n<\/div>\n\n\n\n<div class=\"wp-block-column is-layout-flow wp-block-column-is-layout-flow\" style=\"flex-basis:50%\"><\/div>\n<\/div>\n<\/div><\/div>\n\n<p style=\"font-size:20px\">Wilk szary (<em>Canis lupus<\/em>) to jeden z najstarszych i najbardziej fascynuj\u0105cych drapie\u017cnik\u00f3w na \u015bwiecie. Jego \u0142aci\u0144ska nazwa m\u00f3wi o nim wi\u0119cej, ni\u017c mog\u0142oby si\u0119 wydawa\u0107: <em>canis<\/em> oznacza psowate, a <em>lupus <\/em>&#8211; to po prostu \u201ewilk\u201d. Dzisiejsze wilki wywodz\u0105 si\u0119 z d\u0142ugiej linii ewolucyjnej si\u0119gaj\u0105cej a\u017c <strong>8,4 miliona lat wstecz<\/strong> do pradawnego przodka <em><strong>Eucyon davisi<\/strong><\/em>. To od tej linii wyewoluowa\u0142y p\u00f3\u017aniej wszystkie wsp\u00f3\u0142czesne gatunki z rodzaju <em>Canis<\/em>.<\/p>\n\n<p style=\"font-size:20px\">Wilki to niesamowite zwierz\u0119ta. Kiedy na naszej planecie mia\u0142o miejsce wielkie wymieranie megafauny, wilki &#8211; w przeciwie\u0144stwie do bardziej wyspecjalizowanych drapie\u017cnik\u00f3w takich jak tygrysy szabloz\u0119bne &#8211; przetrwa\u0142y. Przez tysi\u0105ce lat towarzyszy\u0142y ludziom na obrze\u017cach osad, a ich sylwetki pojawia\u0142y si\u0119 na \u015bcianach jaski\u0144 jeszcze zanim powsta\u0142y pierwsze miasta. Z czasem jedna z ich linii ewoluowa\u0142a r\u00f3wnie\u017c w najbli\u017csze nam zwierz\u0119, czyli <strong>psa domowego<\/strong> (<em>Canis familiaris<\/em>), kt\u00f3ry oddzieli\u0142 si\u0119 od wilka ponad <strong>40 000 lat temu<\/strong>.<\/p>\n\n<p style=\"font-size:20px\">Doros\u0142y wilk szary ma <strong>105-160 cm d\u0142ugo\u015bci<\/strong>, osi\u0105ga do <strong>85 cm wysoko\u015bci<\/strong> w k\u0142\u0119bie i wa\u017cy <strong>16-60 kg<\/strong>. W Polsce jego futro jest najcz\u0119\u015bciej <strong>p\u0142owo-be\u017cowe<\/strong> z ciemnym grzbietem i rudawymi akcentami na g\u0142owie. Potrafi biega\u0107 z pr\u0119dko\u015bci\u0105 nawet <strong>65 km\/h<\/strong>. Dzi\u015b <em>Canis lupus<\/em> obj\u0119ty jest w naszym kraju \u015bcis\u0142\u0105 ochron\u0105 gatunkow\u0105. Jednak mimo wielowiekowej obecno\u015bci w kulturze, wci\u0105\u017c pozostaje zwierz\u0119ciem \u017ale rozumianym i demonizowanym. Tymczasem jego \u017cycie jest znacznie bardziej uporz\u0105dkowane, rodzinne i spo\u0142eczne, ni\u017c sugerowa\u0142yby dawne opowie\u015bci.<\/p>\n\n<div class=\"wp-block-columns are-vertically-aligned-center is-layout-flex wp-container-core-columns-is-layout-9d6595d7 wp-block-columns-is-layout-flex\">\n<div class=\"wp-block-column is-vertically-aligned-center is-layout-flow wp-block-column-is-layout-flow\">\n<div class=\"wp-block-cover is-light\" style=\"min-height:80vh;aspect-ratio:unset;\"><img loading=\"lazy\" decoding=\"async\" width=\"576\" height=\"1024\" class=\"wp-block-cover__image-background wp-image-38716\" alt=\"\" src=\"https:\/\/www.greenpeace.org\/static\/planet4-poland-stateless\/2025\/11\/b6eea2f9-dzika-mapa-reklamy-1080-x-1920-px-576x1024.jpg\" style=\"object-position:42% 20%\" data-object-fit=\"cover\" data-object-position=\"42% 20%\" srcset=\"https:\/\/www.greenpeace.org\/static\/planet4-poland-stateless\/2025\/11\/b6eea2f9-dzika-mapa-reklamy-1080-x-1920-px-576x1024.jpg 576w, https:\/\/www.greenpeace.org\/static\/planet4-poland-stateless\/2025\/11\/b6eea2f9-dzika-mapa-reklamy-1080-x-1920-px-281x500.jpg 281w, https:\/\/www.greenpeace.org\/static\/planet4-poland-stateless\/2025\/11\/b6eea2f9-dzika-mapa-reklamy-1080-x-1920-px-768x1366.jpg 768w, https:\/\/www.greenpeace.org\/static\/planet4-poland-stateless\/2025\/11\/b6eea2f9-dzika-mapa-reklamy-1080-x-1920-px-864x1536.jpg 864w, https:\/\/www.greenpeace.org\/static\/planet4-poland-stateless\/2025\/11\/b6eea2f9-dzika-mapa-reklamy-1080-x-1920-px-191x340.jpg 191w, https:\/\/www.greenpeace.org\/static\/planet4-poland-stateless\/2025\/11\/b6eea2f9-dzika-mapa-reklamy-1080-x-1920-px.jpg 1080w\" sizes=\"auto, (max-width: 576px) 100vw, 576px\" \/><span aria-hidden=\"true\" class=\"wp-block-cover__background has-background-dim-0 has-background-dim\"><\/span><div class=\"wp-block-cover__inner-container is-layout-flow wp-block-cover-is-layout-flow\">\n<p class=\"has-text-align-center has-large-font-size\"><\/p>\n<\/div><\/div>\n<\/div>\n\n\n\n<div class=\"wp-block-column is-vertically-aligned-center is-layout-flow wp-block-column-is-layout-flow\">\n<h2 class=\"wp-block-heading\">Wataha? Wilcza rodzina!<\/h2>\n\n\n\n<p style=\"font-size:20px\">Na pierwszy rzut oka widzimy grup\u0119 drapie\u017cnik\u00f3w, ale kiedy spojrzymy uwa\u017cniej, okazuje si\u0119, \u017ce wilcza rodzina przypomina raczej dobrze funkcjonuj\u0105cy dom ni\u017c stado walcz\u0105cych o w\u0142adz\u0119 zwierz\u0105t.<\/p>\n\n\n\n<p>W Polsce grupa wilk\u00f3w liczy zazwyczaj <strong>4-6 osobnik\u00f3w<\/strong>. To rodzice i ich dzieci, zar\u00f3wno tegoroczne szczeni\u0119ta, jak i starsze rodze\u0144stwo, kt\u00f3re zostaje z rodzin\u0105 na kolejny sezon. <strong>W\u0142a\u015bnie dlatego s\u0142owo \u201ewataha\u201d nie oddaje dobrze wilczego \u017cycia. To okre\u015blenie z j\u0119zyka my\u015bliwskiego<\/strong>, kt\u00f3re sugeruje agresj\u0119 i hierarchi\u0119, podczas gdy u wilk\u00f3w najwa\u017cniejsza jest wsp\u00f3\u0142praca i wzajemna troska.<\/p>\n\n\n\n<p>W wilczej rodzinie role s\u0105 jasne. Rodzice prowadz\u0105 grup\u0119, bo maj\u0105 najwi\u0119ksze do\u015bwiadczenie. To oni decyduj\u0105, kiedy ruszy\u0107 na polowanie i jak kierowa\u0107 dorastaniem m\u0142odych. Ale nie robi\u0105 tego si\u0142\u0105. Wilcze przyw\u00f3dztwo nie polega na dominacji, tylko na odpowiedzialno\u015bci. Dlatego naukowcy od lat podkre\u015blaj\u0105, \u017ce <strong>mit \u201esamca alfa\u201d jest przestarza\u0142y i narodzi\u0142 si\u0119 na podstawie obserwacji niespokrewnionych wilk\u00f3w trzymanych w niewoli<\/strong>, a nie tych \u017cyj\u0105cych w naturze.<br><\/p>\n<\/div>\n<\/div>\n\n<h2 class=\"wp-block-heading\"><strong><strong><strong>Czu\u0142y jak wilk<\/strong><\/strong><\/strong><\/h2>\n\n<p>Kiedy my\u015blimy o wilkach, czu\u0142o\u015b\u0107 pojawia si\u0119 zwykle na ko\u0144cu listy skojarze\u0144. A nies\u0142usznie, to w\u0142a\u015bnie ona spaja wilcz\u0105 rodzin\u0119 najmocniej. <strong>Blisko\u015b\u0107 jest dla nich codzienno\u015bci\u0105<\/strong>. Wilki witaj\u0105 si\u0119, tr\u0105caj\u0105c nosami. Popiskuj\u0105 do siebie zupe\u0142nie niczym ludzie, kiedy szepcz\u0105 sobie <strong>\u201eczu\u0142e s\u0142\u00f3wka\u201d.<\/strong> K\u0142ad\u0105 \u0142apy na plecach partnera, li\u017c\u0105 si\u0119 po pysku, przysiadaj\u0105 blisko siebie.<\/p>\n\n<p>Najsilniej wida\u0107 to mi\u0119dzy par\u0105 rodzicielsk\u0105. <strong>Samiec nie jest \u201ealf\u0105\u201d<\/strong>, kt\u00f3ry rz\u0105dzi si\u0142\u0105, jest wiernym, zaanga\u017cowanym partnerem. W okresie rui trzyma si\u0119 blisko samicy, reaguje na jej sygna\u0142y, pilnuje, \u017ceby by\u0142a bezpieczna. <strong>Wilcze zwi\u0105zki cz\u0119sto trwaj\u0105 ca\u0142e \u017cycie<\/strong>, a rozstania nale\u017c\u0105 do rzadko\u015bci. Jednym z powod\u00f3w nierzadko jest \u015bmier\u0107 jednego z partner\u00f3w, b\u0119d\u0105ca zazwyczaj konsekwencj\u0105 dzia\u0142alno\u015bci cz\u0142owieka.<\/p>\n\n<p><strong>Czu\u0142o\u015b\u0107 odgrywa te\u017c wa\u017cn\u0105 rol\u0119 w wychowaniu m\u0142odych<\/strong>. Kiedy samica rodzi, towarzysz\u0105 jej nie tylko partner, lecz tak\u017ce starsze dzieci. W wilczym \u015bwiecie taka pomoc to norma, starsze wilki opiekuj\u0105 si\u0119 maluchami, bawi\u0105 si\u0119 z nimi, pilnuj\u0105, ucz\u0105 podstaw \u017cycia w grupie i dbaj\u0105, \u017ceby \u017cadne z m\u0142odych nie zosta\u0142o z ty\u0142u.<\/p>\n\n<p>Zabawa r\u00f3wnie\u017c ma swoje miejsce w tej uk\u0142adance. Przepychanki, gonitwy, skoki i pozornie chaotyczne wyg\u0142upy roz\u0142adowuj\u0105 napi\u0119cia, umacniaj\u0105 wi\u0119zi i ucz\u0105 m\u0142ode wsp\u00f3\u0142pracy &#8211; umiej\u0119tno\u015bci kluczowej w doros\u0142ym \u017cyciu.<\/p>\n\n<h2 class=\"wp-block-heading\"><strong>Dlaczego wilki wyj\u0105?<\/strong><\/h2>\n\n<p>Wilcze rodziny nie dzia\u0142a\u0142yby tak dobrze, gdyby nie niezwykle rozwini\u0119ta komunikacja. <strong>Wilki porozumiewaj\u0105 si\u0119 na wiele sposob\u00f3w &#8211; d\u017awi\u0119kiem, zapachem i mow\u0105 cia\u0142a<\/strong>. Ka\u017cdy z tych element\u00f3w pe\u0142ni inn\u0105 funkcj\u0119 i pomaga rodzinie dzia\u0142a\u0107 jak jeden organizm.<\/p>\n\n<p><strong>Popiskiwania<\/strong>, tr\u0105canie nosami, lizanie &#8211; to sygna\u0142y wcze\u015bniej wspomnianej blisko\u015bci. Dzi\u0119ki nim wilki potrafi\u0105 wyrazi\u0107 rado\u015b\u0107, przywi\u0105zanie, uspokoi\u0107 si\u0119 nawzajem i potwierdzi\u0107 wi\u0119zi w rodzinie.<\/p>\n\n<p><strong>Mowa cia\u0142a<\/strong> m\u00f3wi cz\u0119sto wi\u0119cej ni\u017c d\u017awi\u0119ki. Ustawienie uszu, ogona, postawa. Wszystko to pomaga wilkom unika\u0107 konflikt\u00f3w, ustala\u0107 granice i koordynowa\u0107 dzia\u0142ania podczas polowania czy opieki nad m\u0142odymi.<\/p>\n\n<p>Nie mo\u017cemy te\u017c zapomnie\u0107 o komunikacji \u201ena odleg\u0142o\u015b\u0107\u201d. <strong>Wycie <\/strong>to wilcza wiadomo\u015b\u0107 wysy\u0142ana na kilka kilometr\u00f3w: sygna\u0142 zbi\u00f3rki, ostrze\u017cenie przed intruzem, potwierdzenie obecno\u015bci. Ka\u017cda rodzina ma swoje \u201ebrzmienie\u201d, a wilki potrafi\u0105 rozpozna\u0107 g\u0142os bliskich tak samo pewnie, jak my rozpoznajemy g\u0142osy przyjaci\u00f3\u0142.<\/p>\n\n<div class=\"wp-block-columns is-layout-flex wp-container-core-columns-is-layout-9d6595d7 wp-block-columns-is-layout-flex\">\n<div class=\"wp-block-column is-layout-flow wp-block-column-is-layout-flow\">\n<figure class=\"wp-block-image size-large\"><img loading=\"lazy\" decoding=\"async\" width=\"1024\" height=\"1024\" src=\"https:\/\/www.greenpeace.org\/static\/planet4-poland-stateless\/2025\/11\/8d5a31c0-kwadrat-fb-nadia-1-1024x1024.jpg\" alt=\"\" class=\"wp-image-38781\" srcset=\"https:\/\/www.greenpeace.org\/static\/planet4-poland-stateless\/2025\/11\/8d5a31c0-kwadrat-fb-nadia-1-1024x1024.jpg 1024w, https:\/\/www.greenpeace.org\/static\/planet4-poland-stateless\/2025\/11\/8d5a31c0-kwadrat-fb-nadia-1-500x500.jpg 500w, https:\/\/www.greenpeace.org\/static\/planet4-poland-stateless\/2025\/11\/8d5a31c0-kwadrat-fb-nadia-1-300x300.jpg 300w, https:\/\/www.greenpeace.org\/static\/planet4-poland-stateless\/2025\/11\/8d5a31c0-kwadrat-fb-nadia-1-768x768.jpg 768w, https:\/\/www.greenpeace.org\/static\/planet4-poland-stateless\/2025\/11\/8d5a31c0-kwadrat-fb-nadia-1-1536x1536.jpg 1536w, https:\/\/www.greenpeace.org\/static\/planet4-poland-stateless\/2025\/11\/8d5a31c0-kwadrat-fb-nadia-1-2048x2048.jpg 2048w, https:\/\/www.greenpeace.org\/static\/planet4-poland-stateless\/2025\/11\/8d5a31c0-kwadrat-fb-nadia-1-1366x1366.jpg 1366w, https:\/\/www.greenpeace.org\/static\/planet4-poland-stateless\/2025\/11\/8d5a31c0-kwadrat-fb-nadia-1-340x340.jpg 340w\" sizes=\"auto, (max-width: 1024px) 100vw, 1024px\" \/><\/figure>\n<\/div>\n\n\n\n<div class=\"wp-block-column is-layout-flow wp-block-column-is-layout-flow\">\n<figure class=\"wp-block-image size-full\"><img loading=\"lazy\" decoding=\"async\" width=\"2430\" height=\"2430\" src=\"https:\/\/www.greenpeace.org\/static\/planet4-poland-stateless\/2025\/11\/542bbf9e-kwadrat-fb-nadia.jpg\" alt=\"\" class=\"wp-image-38732\" srcset=\"https:\/\/www.greenpeace.org\/static\/planet4-poland-stateless\/2025\/11\/542bbf9e-kwadrat-fb-nadia.jpg 2430w, https:\/\/www.greenpeace.org\/static\/planet4-poland-stateless\/2025\/11\/542bbf9e-kwadrat-fb-nadia-500x500.jpg 500w, https:\/\/www.greenpeace.org\/static\/planet4-poland-stateless\/2025\/11\/542bbf9e-kwadrat-fb-nadia-1024x1024.jpg 1024w, https:\/\/www.greenpeace.org\/static\/planet4-poland-stateless\/2025\/11\/542bbf9e-kwadrat-fb-nadia-300x300.jpg 300w, https:\/\/www.greenpeace.org\/static\/planet4-poland-stateless\/2025\/11\/542bbf9e-kwadrat-fb-nadia-768x768.jpg 768w, https:\/\/www.greenpeace.org\/static\/planet4-poland-stateless\/2025\/11\/542bbf9e-kwadrat-fb-nadia-1536x1536.jpg 1536w, https:\/\/www.greenpeace.org\/static\/planet4-poland-stateless\/2025\/11\/542bbf9e-kwadrat-fb-nadia-2048x2048.jpg 2048w, https:\/\/www.greenpeace.org\/static\/planet4-poland-stateless\/2025\/11\/542bbf9e-kwadrat-fb-nadia-1366x1366.jpg 1366w, https:\/\/www.greenpeace.org\/static\/planet4-poland-stateless\/2025\/11\/542bbf9e-kwadrat-fb-nadia-340x340.jpg 340w\" sizes=\"auto, (max-width: 2430px) 100vw, 2430px\" \/><\/figure>\n<\/div>\n\n\n\n<div class=\"wp-block-column is-layout-flow wp-block-column-is-layout-flow\">\n<figure class=\"wp-block-image size-large\"><img loading=\"lazy\" decoding=\"async\" width=\"1024\" height=\"1024\" src=\"https:\/\/www.greenpeace.org\/static\/planet4-poland-stateless\/2025\/11\/2455c766-3-1024x1024.jpg\" alt=\"\" class=\"wp-image-38730\" srcset=\"https:\/\/www.greenpeace.org\/static\/planet4-poland-stateless\/2025\/11\/2455c766-3-1024x1024.jpg 1024w, https:\/\/www.greenpeace.org\/static\/planet4-poland-stateless\/2025\/11\/2455c766-3-500x500.jpg 500w, https:\/\/www.greenpeace.org\/static\/planet4-poland-stateless\/2025\/11\/2455c766-3-300x300.jpg 300w, https:\/\/www.greenpeace.org\/static\/planet4-poland-stateless\/2025\/11\/2455c766-3-768x768.jpg 768w, https:\/\/www.greenpeace.org\/static\/planet4-poland-stateless\/2025\/11\/2455c766-3-1536x1536.jpg 1536w, https:\/\/www.greenpeace.org\/static\/planet4-poland-stateless\/2025\/11\/2455c766-3-2048x2048.jpg 2048w, https:\/\/www.greenpeace.org\/static\/planet4-poland-stateless\/2025\/11\/2455c766-3-1366x1366.jpg 1366w, https:\/\/www.greenpeace.org\/static\/planet4-poland-stateless\/2025\/11\/2455c766-3-340x340.jpg 340w\" sizes=\"auto, (max-width: 1024px) 100vw, 1024px\" \/><\/figure>\n<\/div>\n<\/div>\n\n<h2 class=\"wp-block-heading\">Las &#8211; Wilczy dom<\/h2>\n\n<p><strong>Terytorium to dla wilk\u00f3w co\u015b znacznie wi\u0119cej ni\u017c kawa\u0142ek lasu. To przestrze\u0144, w kt\u00f3rej rodzina mo\u017ce \u017cy\u0107 spokojnie, wychowywa\u0107 m\u0142ode i bezpiecznie polowa\u0107<\/strong>. Dla wilk\u00f3w terytorium pe\u0142ni po prostu rol\u0119 domu &#8211; tyle \u017ce nierzadko rozci\u0105gni\u0119tego na setki kilometr\u00f3w kwadratowych.<\/p>\n\n<p>W Polsce terytoria wilczych rodzin potrafi\u0105 mie\u0107 nawet <strong>300-400 km\u00b2<\/strong>. To obszary, kt\u00f3re wilki znaj\u0105 jak w\u0142asn\u0105 kiesze\u0144: wiedz\u0105, gdzie odpoczywa\u0107, gdzie znajduj\u0105 si\u0119 dobre \u017cerowiska, a gdzie najlepiej ukry\u0107 legowisko i wychowywa\u0107 m\u0142ode. Najwa\u017cniejsze miejsca: nory, legowiska, \u015bcie\u017cki u\u017cywane od pokole\u0144, zwykle le\u017c\u0105 w \u015brodkowej cz\u0119\u015bci terytorium. To tam panuje najwi\u0119kszy spok\u00f3j, tam te\u017c rodzina sp\u0119dza najwi\u0119cej czasu wiosn\u0105 i latem, kiedy pojawiaj\u0105 si\u0119 szczeni\u0119ta.<\/p>\n\n<p>Terytorium to r\u00f3wnie\u017c bufor bezpiecze\u0144stwa. Wilki <strong>nie toleruj\u0105 obcych<\/strong> wchodz\u0105cych na ich teren. Konflikty z s\u0105siaduj\u0105cymi rodzinami zdarzaj\u0105 si\u0119 rzadko, ale je\u015bli ju\u017c do nich dojdzie, to maj\u0105 one charakter regularnej wojny. <strong>Terytorium jest przecie\u017c kluczowe dla przetrwania ca\u0142ej rodziny<\/strong>. Zbyt ma\u0142y, poci\u0119ty przez drogi czy zdominowany przez ludzi obszar oznacza mniejsz\u0105 dost\u0119pno\u015b\u0107 pokarmu i wi\u0119ksze ryzyko wypadk\u00f3w drogowych lub konflikt\u00f3w.<\/p>\n\n<p>Do komunikowania granic s\u0142u\u017cy wilkom przede wszystkim <strong>zapach<\/strong>. Znakuj\u0105 teren moczem, ka\u0142em i wydzielinami gruczo\u0142\u00f3w &#8211; nie po to, by \u201estraszy\u0107\u201d, lecz <strong>\u017ceby unikn\u0105\u0107 niepotrzebnych star\u0107<\/strong>. Informacja zapachowa m\u00f3wi innym wilkom: \u201eja tu mieszkam, lepiej id\u017a dalej\u201d. Dzi\u0119ki temu terytoria wilczych rodzin rzadko si\u0119 nak\u0142adaj\u0105, a dzikie populacje zachowuj\u0105 naturalny porz\u0105dek przestrzenny.<\/p>\n\n<p>Jesieni\u0105 i zim\u0105 wilki patroluj\u0105 ca\u0142y sw\u00f3j teren. W tym okresie ich w\u0119dr\u00f3wki to \u015brednio <strong>20-30 kilometr\u00f3w dziennie<\/strong>. Ale kiedy wiosna na \u015bwiat przychodz\u0105 nowe m\u0142ode, rodzina zn\u00f3w skupia si\u0119 wok\u00f3\u0142 miejsc rozrodu i odpoczynku.<\/p>\n\n<h2 class=\"wp-block-heading\">Wilka na tropie. Co je wilk szary?<\/h2>\n\n<p><strong>Polowanie to moment, w kt\u00f3rym wilcza rodzina dzia\u0142a jak perfekcyjnie zgrany zesp\u00f3\u0142<\/strong>. Nie ma tu chaosu ani przypadkowo\u015bci, ka\u017cdy ma w nim swoj\u0105 rol\u0119, a jego powodzenie zale\u017cy od wsp\u00f3\u0142pracy, nie od si\u0142y pojedynczego osobnika. To dlatego wilki tak bardzo korzystaj\u0105 na stabilnej strukturze rodzinnej. Bez niej polowania by\u0142yby trudne, a czasem wr\u0119cz niemo\u017cliwe. Najbardziej do\u015bwiadczeni \u0142owcy to zwykle rodzice. To oni planuj\u0105, oceniaj\u0105 sytuacj\u0119 i decyduj\u0105, kiedy warto podj\u0105\u0107 pr\u00f3b\u0119. M\u0142odsze wilki ucz\u0105 si\u0119 przez obserwacj\u0119 i zabaw\u0119, wsp\u00f3lne wyg\u0142upy w m\u0142odym wieku to tak naprawd\u0119 trening przysz\u0142ych umiej\u0119tno\u015bci \u0142owieckich. Na polowaniu nie ma miejsca na nieporozumienia. Ka\u017cdy ruch, ka\u017cde obej\u015bcie ofiary, ka\u017cdy zwrot musi by\u0107 skoordynowany. Dzi\u0119ki temu nawet szybka sarna czy czujny jele\u0144 staj\u0105 si\u0119 mo\u017cliwym celem.&nbsp;<\/p>\n\n<p><strong>Cho\u0107 kultura lubi przedstawia\u0107 wilki jako drapie\u017cnik\u00f3w idealnych, ich skuteczno\u015b\u0107 wcale nie jest stuprocentowa<\/strong>. Na jedn\u0105 udan\u0105 pr\u00f3b\u0119 cz\u0119sto przypada kilka nieudanych. Przyjmuje si\u0119, \u017ce wilki potrzebuj\u0105 oko\u0142o 5 pr\u00f3b, by upolowa\u0107 sarn\u0119, 10, by schwyta\u0107 jelenia, a nawet 20, by poradzi\u0107 sobie z \u0142osiem. R\u00f3wnie\u017c z tego powodu <strong>wilki poluj\u0105 g\u0142\u00f3wnie na osobniki s\u0142absze, chore, bardzo m\u0142ode lub stare<\/strong>. W naturalny spos\u00f3b reguluj\u0105 kondycj\u0119 populacji ro\u015blino\u017cerc\u00f3w i przyczyniaj\u0105 si\u0119 do tego, \u017ce w lasach jest wi\u0119cej zdrowych, silnych zwierz\u0105t.&nbsp;<\/p>\n\n<p>Podstaw\u0105 wilczej diety w Polsce s\u0105 dzikie ssaki kopytne: jelenie, sarny i dziki, kt\u00f3re stanowi\u0105 ponad 90% ich po\u017cywienia. Ale wilki s\u0105 elastyczne. W niekt\u00f3rych regionach wiele znacz\u0105 bobry, kt\u00f3re mog\u0105 stanowi\u0107 nawet 20% tego, co m\u0142ode jedz\u0105 wiosn\u0105 i latem. Reszt\u0119 menu uzupe\u0142niaj\u0105 zaj\u0105ce, mniejsze drapie\u017cniki, a tak\u017ce padlina.&nbsp;<\/p>\n\n<div class=\"wp-block-cover is-light\" style=\"min-height:680px;aspect-ratio:unset;\"><video class=\"wp-block-cover__video-background intrinsic-ignore\" autoplay muted loop playsinline src=\"https:\/\/www.greenpeace.org\/static\/planet4-poland-stateless\/2025\/11\/1538c12f-curious-grey-wolf-smells-after-rivals-and-danger-in-the-forest-sbv-317727114-4k.mp4\" style=\"object-position:57% 62%\" data-object-fit=\"cover\" data-object-position=\"57% 62%\"><\/video><span aria-hidden=\"true\" class=\"wp-block-cover__background has-background-dim-0 has-background-dim\"><\/span><div class=\"wp-block-cover__inner-container is-layout-flow wp-block-cover-is-layout-flow\">\n<p class=\"has-text-align-center has-large-font-size\"><\/p>\n<\/div><\/div>\n\n<h2 class=\"wp-block-heading\">Wilki i ludzie. <strong><strong>Dlaczego wilki nie szukaj\u0105 k\u0142opot\u00f3w?<\/strong><\/strong><\/h2>\n\n<p><strong>Konflikty mi\u0119dzy lud\u017ami a wilkami w\u0142a\u015bciwie nigdy nie wynika z agresji wilk\u00f3w,<\/strong> w Polsce nie odnotowano ataku zdrowego, dzikiego wilka na cz\u0142owieka przynajmniej od czasu II wojny \u015bwiatowej. <strong>Wilki unikaj\u0105 cz\u0142owieka i trzymaj\u0105 si\u0119 z dala od osad<\/strong>, ale kiedy ich \u015brodowisko zostaje poci\u0119te drogami, wykarczowane pod zabudow\u0119 lub zubo\u017cone w dzik\u0105 zwierzyn\u0119, granice naturalnych ostoi zaczynaj\u0105 si\u0119 zaciera\u0107. W takich miejscach \u0142atwiej o spotkania z hodowl\u0105 albo z psami spuszczanymi luzem w lesie. Dodatkowo to w\u0142a\u015bnie cz\u0142owiek bardzo cz\u0119sto zaburza r\u00f3wnowag\u0119 ekosystemu: <strong>intensywne odstrza\u0142y jeleni i saren zmniejszaj\u0105 dost\u0119pno\u015b\u0107 g\u0142\u00f3wnego \u017ar\u00f3d\u0142a wilczej diety, a rozrastaj\u0105ca si\u0119 infrastruktura utrudnia migracj\u0119 dzikiej zwierzyny<\/strong>. To wszystko zwi\u0119ksza ryzyko sytuacji konfliktowych, cho\u0107 same wilki nadal wybieraj\u0105 las, cisz\u0119 i dzikie ofiary, gdy tylko maj\u0105 tak\u0105 mo\u017cliwo\u015b\u0107.<\/p>\n\n<p>Du\u017c\u0105 rol\u0119 odgrywa te\u017c niewiedza i mity, kt\u00f3re wci\u0105\u017c funkcjonuj\u0105 w przestrzeni publicznej. <strong>Opowie\u015bci o wilkach \u201etrac\u0105cych strach przed cz\u0142owiekiem\u201d nie znajduj\u0105 potwierdzenia w badaniach<\/strong>. To raczej ludzie coraz cz\u0119\u015bciej wchodz\u0105 w miejsca, kt\u00f3re dla wilk\u00f3w by\u0142y bezpiecznymi ostojami. Zrozumienie tych zale\u017cno\u015bci oraz zadbanie zar\u00f3wno o dzik\u0105 zwierzyn\u0119, jak i odpowiednie zabezpieczenia inwentarza, pozwala skutecznie ogranicza\u0107 konflikty i sprawia, \u017ce wsp\u00f3\u0142istnienie staje si\u0119 nie tylko mo\u017cliwe, ale i naturalne.<\/p>\n\n<p><strong>Wbrew obiegowym opiniom udzia\u0142 zwierz\u0105t domowych w wilczej diecie jest minimalny.<\/strong> Badania pokazuj\u0105 \u017ce psy i koty stanowi\u0105 jedynie oko\u0142o 1% wilczej diety. Ataki na psy zdarzaj\u0105 si\u0119 najcz\u0119\u015bciej wtedy, gdy wilk jest chory, os\u0142abiony lub bardzo g\u0142odny, a wa\u0142\u0119saj\u0105ce si\u0119 bezpa\u0144skie zwierz\u0119 staje si\u0119 dla niego \u0142atwym \u0142upem. Do konflikt\u00f3w dochodzi r\u00f3wnie\u017c wtedy, gdy pies wejdzie na teren wilczej rodziny (zw\u0142aszcza w okresie rozrodczym). W takiej sytuacji samiec, chroni\u0105cy partnerk\u0119 i m\u0142ode, zachowuje si\u0119 <strong>jak ka\u017cde zwierz\u0119 broni\u0105ce swojego domu: atakuje intruza.<\/strong><\/p>\n\n<p>Podobnie wygl\u0105da sytuacja w przypadku atak\u00f3w na zwierz\u0119ta gospodarskie. Je\u015bli wilki decyduj\u0105 si\u0119 na takie ryzyko, najcz\u0119\u015bciej przyczyn\u0105 jest niew\u0142a\u015bciwe zabezpieczenie inwentarza lub zbyt ma\u0142a liczba dzikiej zwierzyny, ta z kolei bywa efektem wcze\u015bniej wspomnianych intensywnych odstrza\u0142\u00f3w zwierz\u0105t kopytnych prowadzonych przez ludzi.&nbsp;<\/p>\n\n<h2 class=\"wp-block-heading\">Podsumowanie<\/h2>\n\n<div class=\"wp-block-columns are-vertically-aligned-center is-layout-flex wp-container-core-columns-is-layout-9d6595d7 wp-block-columns-is-layout-flex\">\n<div class=\"wp-block-column is-vertically-aligned-center is-layout-flow wp-block-column-is-layout-flow\">\n<p>Z ka\u017cdym rokiem wiedza oparta na badaniach stopniowo zast\u0119puje dawne obawy. Mimo to przysz\u0142o\u015b\u0107 wilk\u00f3w wci\u0105\u017c zale\u017cy od naszych decyzji &#8211; od tego, czy wybierzemy rzetelne informacje zamiast utrwalonych mit\u00f3w i czy b\u0119dziemy wspiera\u0107 rozwi\u0105zania umo\u017cliwiaj\u0105ce bezpieczne wsp\u00f3\u0142istnienie. <\/p>\n\n\n\n<p>Ju\u017c dzi\u015b, dzi\u0119ki setkom os\u00f3b takich jak Ty, wspieraj\u0105cych Greenpeace, mo\u017cemy realnie dzia\u0142a\u0107 na rzecz ochrony wilk\u00f3w &#8211; promowa\u0107 ich prawdziwy obraz i rozwija\u0107 inicjatywy, kt\u00f3re pozwalaj\u0105 wilczym rodzinom \u017cy\u0107 spokojnie, w swoim naturalnym rytmie.<\/p>\n<\/div>\n\n\n\n<div class=\"wp-block-column is-vertically-aligned-center is-layout-flow wp-block-column-is-layout-flow\">\t\t\t<section\n\t\t\tclass=\"boxout post-38148 \"\n\t\t\t\n\t\t>\n\t\t\t<a\n\t\t\t\tdata-ga-category=\"Take Action Boxout\"\n\t\t\t\tdata-ga-action=\"Image\"\n\t\t\t\tdata-ga-label=\"n\/a\"\n\t\t\t\tclass=\"cover-card-overlay\"\n\t\t\t\thref=\"https:\/\/www.greenpeace.org\/poland\/wsparcie\/adoptuj-ulubione-dzikie-zwierze\/\" \n\t\t\t><\/a>\n\t\t\t\t\t\t\t<img\n\t\t\t\t\t\tsrc=\"https:\/\/www.greenpeace.org\/static\/planet4-poland-stateless\/2025\/09\/bd542487-og-image-dzika-mapa-1024x536.png\"\n\t\t\t\t\t\tsrcset=\"https:\/\/www.greenpeace.org\/static\/planet4-poland-stateless\/2025\/09\/bd542487-og-image-dzika-mapa-500x262.png 500w, https:\/\/www.greenpeace.org\/static\/planet4-poland-stateless\/2025\/09\/bd542487-og-image-dzika-mapa-1024x536.png 1024w, https:\/\/www.greenpeace.org\/static\/planet4-poland-stateless\/2025\/09\/bd542487-og-image-dzika-mapa-768x402.png 768w, https:\/\/www.greenpeace.org\/static\/planet4-poland-stateless\/2025\/09\/bd542487-og-image-dzika-mapa-510x267.png 510w, https:\/\/www.greenpeace.org\/static\/planet4-poland-stateless\/2025\/09\/bd542487-og-image-dzika-mapa.png 1200w\"\n\t\t\t\t\t\tsizes=\"(min-width: 1000px) 358px, (min-width: 780px) 313px, 88px\"\n\t\t\t\t\t\talt=\"DzikaMapa.pl\" title=\"DzikaMapa.pl\"\n\t\t\t\t\/>\n            \t\t\t<div class=\"boxout-content\">\n\t\t\t\t\t\t\t\t\t<a\n\t\t\t\t\t\tclass=\"boxout-heading medium\"\n\t\t\t\t\t\tdata-ga-category=\"Take Action Boxout\"\n\t\t\t\t\t\tdata-ga-action=\"Title\"\n\t\t\t\t\t\tdata-ga-label=\"n\/a\"\n\t\t\t\t\t\thref=\"https:\/\/www.greenpeace.org\/poland\/wsparcie\/adoptuj-ulubione-dzikie-zwierze\/\"\n\t\t\t\t\t\t\n\t\t\t\t\t>\n\t\t\t\t\t\tAdoptuj ulubione dzikie zwierz\u0119\n\t\t\t\t\t<\/a>\n\t\t\t\t\t\t\t\t\t\t\t\t\t<p class=\"boxout-excerpt\">Wybierz ulubione dzikie zwierz\u0119 z mapy Polski, adoptuj je i chro\u0144 z nami jego dom!<\/p>\n\t\t\t\t                                    <a\n                        class=\"btn btn-primary\"\n                        data-ga-category=\"Take Action Boxout\"\n                        data-ga-action=\"Call to Action\"\n                        data-ga-label=\"n\/a\"\n                        href=\"https:\/\/www.greenpeace.org\/poland\/wsparcie\/adoptuj-ulubione-dzikie-zwierze\/\"\n                        \n                    >\n                        Adoptuj\u0119!\n                    <\/a>\n                \t\t\t<\/div>\n\t\t\t\t\t<\/section>\n\t<\/div>\n<\/div>\n\n<p><\/p>\n\n<hr class=\"wp-block-separator has-alpha-channel-opacity\"\/>\n\n<p><strong>Autor: Nadia Wysoki\u0144ska-Kowalczyk<\/strong><\/p>\n\n<p>Bibliografia:<\/p>\n\n<p>[1] <a href=\"https:\/\/journals.plos.org\/sustainabilitytransformation\/article?id=10.1371\/journal.pstr.0000158#ack\">https:\/\/journals.plos.org\/sustainabilitytransformation\/article?id=10.1371\/journal.pstr.0000158#ack<\/a><\/p>\n\n<p>[2] <a href=\"https:\/\/radionaukowe.pl\/podcast\/wilki-jak-kochaja-i-poluja-najwieksze-drapiezniki-polskich-lasow-e149\/\">https:\/\/radionaukowe.pl\/podcast\/wilki-jak-kochaja-i-poluja-najwieksze-drapiezniki-polskich-lasow-e149\/<\/a><\/p>\n\n<p>[3] <a href=\"https:\/\/bip.ibs.bialowieza.pl\/wp-content\/uploads\/2022\/02\/A-Opening-call-PhD-Post-doc-position-2.pdf\">https:\/\/bip.ibs.bialowieza.pl\/wp-content\/uploads\/2022\/02\/A-Opening-call-PhD-Post-doc-position-2.pdf<\/a><\/p>\n\n<p>[4] <a href=\"https:\/\/bioone.org\/journals\/journal-of-vertebrate-biology\/volume-71\/issue-22040\/jvb.22040\/Diet-of-the-grey-wolf-Canis-lupus-in-Roztocze-and\/10.25225\/jvb.22040.full\">https:\/\/bioone.org\/journals\/journal-of-vertebrate-biology\/volume-71\/issue-22040\/jvb.22040\/Diet-of-the-grey-wolf-Canis-lupus-in-Roztocze-and\/10.25225\/jvb.22040.full<\/a><\/p>\n\n<p>[5] <a href=\"https:\/\/animalia.bio\/pl\/grey-wolf\">https:\/\/animalia.bio\/pl\/grey-wolf<\/a><\/p>\n\n<p>[6] <a href=\"https:\/\/www.polskiwilk.org.pl\/wilk\">https:\/\/www.polskiwilk.org.pl\/wilk<\/a><\/p>\n\n<p>[7] <a href=\"https:\/\/pl.wikipedia.org\/wiki\/Wilk_szary\">https:\/\/pl.wikipedia.org\/wiki\/Wilk_szary<\/a><\/p>\n\n<p>[8] <a href=\"https:\/\/www.medianauka.pl\/wilk\">https:\/\/www.medianauka.pl\/wilk<\/a><\/p>\n\n<p><\/p>\n","protected":false},"excerpt":{"rendered":"<p>Wilk szary to jeden z najwa\u017cniejszych drapie\u017cnik\u00f3w europejskich las\u00f3w. Poznaj jego \u017cycie z bliska &#8211; dowiedz si\u0119, jak funkcjonuje wilcza rodzina, jak wilki komunikuj\u0105 si\u0119 mi\u0119dzy sob\u0105, co jedz\u0105, jak wygl\u0105da ich terytorium i dlaczego unikaj\u0105 kontaktu z lud\u017ami. Na tej stronie znajdziesz rzetelne informacje o zachowaniu wilk\u00f3w, ich roli w przyrodzie oraz faktach, kt\u00f3re pomagaj\u0105 oddzieli\u0107 mity od rzeczywisto\u015bci.<\/p>\n","protected":false},"author":70,"featured_media":38729,"parent":2567,"menu_order":0,"comment_status":"closed","ping_status":"closed","template":"","meta":{"ep_exclude_from_search":false,"p4_hide_page_title_checkbox":"on","p4_title":"","p4_subtitle":"","p4_description":"","background_image_id":"","background_image":"","p4_button_title":"","p4_button_link":"","p4_button_link_checkbox":"","p4_og_title":"","p4_og_description":"","p4_og_image":"","p4_og_image_id":"","p4_seo_canonical_url":"","p4_campaign_name":"not set","p4_local_project":"not set","p4_basket_name":"not set","p4_department":"","footnotes":""},"categories":[3],"tags":[19,117],"class_list":["post-38686","page","type-page","status-publish","has-post-thumbnail","hentry","category-przyroda","tag-lasy","tag-wilk"],"_links":{"self":[{"href":"https:\/\/www.greenpeace.org\/poland\/wp-json\/wp\/v2\/pages\/38686","targetHints":{"allow":["GET"]}}],"collection":[{"href":"https:\/\/www.greenpeace.org\/poland\/wp-json\/wp\/v2\/pages"}],"about":[{"href":"https:\/\/www.greenpeace.org\/poland\/wp-json\/wp\/v2\/types\/page"}],"author":[{"embeddable":true,"href":"https:\/\/www.greenpeace.org\/poland\/wp-json\/wp\/v2\/users\/70"}],"replies":[{"embeddable":true,"href":"https:\/\/www.greenpeace.org\/poland\/wp-json\/wp\/v2\/comments?post=38686"}],"version-history":[{"count":20,"href":"https:\/\/www.greenpeace.org\/poland\/wp-json\/wp\/v2\/pages\/38686\/revisions"}],"predecessor-version":[{"id":39564,"href":"https:\/\/www.greenpeace.org\/poland\/wp-json\/wp\/v2\/pages\/38686\/revisions\/39564"}],"up":[{"embeddable":true,"href":"https:\/\/www.greenpeace.org\/poland\/wp-json\/wp\/v2\/pages\/2567"}],"wp:featuredmedia":[{"embeddable":true,"href":"https:\/\/www.greenpeace.org\/poland\/wp-json\/wp\/v2\/media\/38729"}],"wp:attachment":[{"href":"https:\/\/www.greenpeace.org\/poland\/wp-json\/wp\/v2\/media?parent=38686"}],"wp:term":[{"taxonomy":"category","embeddable":true,"href":"https:\/\/www.greenpeace.org\/poland\/wp-json\/wp\/v2\/categories?post=38686"},{"taxonomy":"post_tag","embeddable":true,"href":"https:\/\/www.greenpeace.org\/poland\/wp-json\/wp\/v2\/tags?post=38686"}],"curies":[{"name":"wp","href":"https:\/\/api.w.org\/{rel}","templated":true}]}}