{"id":581,"date":"2019-06-08T01:58:11","date_gmt":"2019-06-07T23:58:11","guid":{"rendered":"https:\/\/master.k8s.p4.greenpeace.org\/poland\/?page_id=581"},"modified":"2026-04-08T10:55:48","modified_gmt":"2026-04-08T08:55:48","slug":"puszczabialowieska","status":"publish","type":"page","link":"https:\/\/www.greenpeace.org\/poland\/dowiedz-sie\/przyroda\/puszczabialowieska\/","title":{"rendered":"#PuszczaBia\u0142owieska"},"content":{"rendered":"\n\n<div class=\"wp-block-group alignfull is-layout-flow wp-block-group-is-layout-flow\">\n<div class=\"wp-block-group container is-layout-flow wp-block-group-is-layout-flow\">\n<div class=\"wp-block-media-text alignfull has-media-on-the-right is-stacked-on-mobile is-pattern-p4-page-header is-style-parallax\"><div class=\"wp-block-media-text__content\">\n<div class=\"wp-block-group is-layout-flow wp-block-group-is-layout-flow\">\n<h1 class=\"wp-block-heading has-white-background-color has-background\">\n                            Puszcza Bia\u0142owieska\n                        <\/h1>\n<\/div>\n\n\n\n<p style=\"font-size:1.25rem\">\n                            Puszcza Bia\u0142owieska to ostatnia pozosta\u0142o\u015b\u0107 las\u00f3w, kt\u00f3re przed tysi\u0105cami lat porasta\u0142y Europ\u0119 od Uralu po Atlantyk. Niestety grozi jej dzi\u015b wielkie niebezpiecze\u0144stwo. <strong>Zagro\u017ceniem dla niej nie s\u0105 jednak ani kornik, ani po\u017cary, ale ludzka pycha<\/strong>, kt\u00f3ra prowadzi do ci\u0105g\u0142ych pr\u00f3b kolejnych wycinek w tym unikatowym lesie, a w ostatnich miesi\u0105cach budowany przez jej \u015brodek mur graniczny.\n                        <\/p>\n\n\n\n<div class=\"wp-block-buttons is-layout-flex wp-block-buttons-is-layout-flex\"><\/div>\n<\/div><figure class=\"wp-block-media-text__media\"><img loading=\"lazy\" decoding=\"async\" width=\"4183\" height=\"2789\" src=\"https:\/\/www.greenpeace.org\/static\/planet4-poland-stateless\/2019\/06\/77bc8edf-adam-\u0141awnik-01.jpg\" alt=\"\" sizes=\"auto, (min-width: 601px) 50vw, 100vw\" srcset=\"https:\/\/www.greenpeace.org\/static\/planet4-poland-stateless\/2019\/06\/77bc8edf-adam-\u0141awnik-01.jpg 4183w, https:\/\/www.greenpeace.org\/static\/planet4-poland-stateless\/2019\/06\/77bc8edf-adam-\u0141awnik-01-300x200.jpg 300w, https:\/\/www.greenpeace.org\/static\/planet4-poland-stateless\/2019\/06\/77bc8edf-adam-\u0141awnik-01-768x512.jpg 768w, https:\/\/www.greenpeace.org\/static\/planet4-poland-stateless\/2019\/06\/77bc8edf-adam-\u0141awnik-01-1024x683.jpg 1024w, https:\/\/www.greenpeace.org\/static\/planet4-poland-stateless\/2019\/06\/77bc8edf-adam-\u0141awnik-01-2048x1366.jpg 2048w, https:\/\/www.greenpeace.org\/static\/planet4-poland-stateless\/2019\/06\/77bc8edf-adam-\u0141awnik-01-510x340.jpg 510w\" class=\"wp-image-583 size-full\"\/><\/figure><\/div>\n<\/div>\n<\/div>\n\n<div data-hydrate=\"planet4-blocks\/gallery\" data-attributes=\"{&quot;attributes&quot;:{&quot;gallery_block_title&quot;:&quot;Ostatni taki las w Europie&quot;,&quot;gallery_block_description&quot;:&quot;Puszcza Bia\\u0142owieska to wyj\\u0105tkowe miejsce - ostatni w Europie nizinny las o charakterze naturalnym. To schronienie wielu gatunk\\u00f3w ro\\u015blin i zwierz\\u0105t, kt\\u00f3rych nie mo\\u017cna ju\\u017c spotka\\u0107 nigdzie indziej. Na terenie Puszczy rosn\\u0105 lasy, jakie przed wiekami porasta\\u0142y Europ\\u0119 \\u2013 pe\\u0142ne martwego drewna, rzadkich grzyb\\u00f3w, dzikich zwierz\\u0105t, w tym \\u017cubra, kt\\u00f3ry jest najwi\\u0119kszym zwierz\\u0119ciem l\\u0105dowym na naszym kontynencie.&quot;,&quot;multiple_image&quot;:&quot;587,33598,595,592,590&quot;,&quot;image_data&quot;:[{&quot;url&quot;:&quot;https:\\\/\\\/www.greenpeace.org\\\/static\\\/planet4-poland-stateless\\\/2019\\\/06\\\/927e8962-adam-wajrak-03.jpg&quot;,&quot;focalPoint&quot;:{&quot;x&quot;:0.5,&quot;y&quot;:0.5},&quot;id&quot;:587},{&quot;url&quot;:&quot;https:\\\/\\\/www.greenpeace.org\\\/static\\\/planet4-poland-stateless\\\/2023\\\/10\\\/3b8e4fa3-wilk_canis-lupus_c.korkosz_55801.jpg&quot;,&quot;focalPoint&quot;:{&quot;x&quot;:0.5,&quot;y&quot;:0.5},&quot;id&quot;:33598},{&quot;url&quot;:&quot;https:\\\/\\\/www.greenpeace.org\\\/static\\\/planet4-poland-stateless\\\/2019\\\/06\\\/3f398264-copy-of-img_9142-20161202-e1702647239376.jpg&quot;,&quot;focalPoint&quot;:{&quot;x&quot;:0.5,&quot;y&quot;:0.5},&quot;id&quot;:595},{&quot;url&quot;:&quot;https:\\\/\\\/www.greenpeace.org\\\/static\\\/planet4-poland-stateless\\\/2019\\\/06\\\/c740281d-liski-slodziaki-1.jpg&quot;,&quot;focalPoint&quot;:{&quot;x&quot;:0.5,&quot;y&quot;:0.5},&quot;id&quot;:592},{&quot;url&quot;:&quot;https:\\\/\\\/www.greenpeace.org\\\/static\\\/planet4-poland-stateless\\\/2019\\\/06\\\/9fee83e2-1tr\\u00f3jpalczak-6603.jpg&quot;,&quot;focalPoint&quot;:{&quot;x&quot;:0.5,&quot;y&quot;:0.5},&quot;id&quot;:590}],&quot;gallery_block_style&quot;:0,&quot;gallery_block_focus_points&quot;:&quot;&quot;,&quot;images&quot;:[{&quot;image_src&quot;:&quot;https:\\\/\\\/www.greenpeace.org\\\/static\\\/planet4-poland-stateless\\\/2019\\\/06\\\/927e8962-adam-wajrak-03.jpg&quot;,&quot;image_srcset&quot;:&quot;https:\\\/\\\/www.greenpeace.org\\\/static\\\/planet4-poland-stateless\\\/2019\\\/06\\\/927e8962-adam-wajrak-03.jpg 1132w, https:\\\/\\\/www.greenpeace.org\\\/static\\\/planet4-poland-stateless\\\/2019\\\/06\\\/927e8962-adam-wajrak-03-300x200.jpg 300w, https:\\\/\\\/www.greenpeace.org\\\/static\\\/planet4-poland-stateless\\\/2019\\\/06\\\/927e8962-adam-wajrak-03-768x512.jpg 768w, https:\\\/\\\/www.greenpeace.org\\\/static\\\/planet4-poland-stateless\\\/2019\\\/06\\\/927e8962-adam-wajrak-03-1024x683.jpg 1024w, https:\\\/\\\/www.greenpeace.org\\\/static\\\/planet4-poland-stateless\\\/2019\\\/06\\\/927e8962-adam-wajrak-03-510x340.jpg 510w&quot;,&quot;image_sizes&quot;:false,&quot;alt_text&quot;:&quot;S\\u00f3weczka w Puszczy Bia\\u0142owieskiej \\\/ fot. Adam Wajrak&quot;,&quot;caption&quot;:&quot;S\\u00f3weczka to najmniejsza sowa Polski, kt\\u00f3ra mimo niewielkich rozmiar\\u00f3w jest jednym z najdzielniejszych my\\u015bliwych w\\u015br\\u00f3d ptak\\u00f3w.&quot;,&quot;focus_image&quot;:&quot;&quot;,&quot;credits&quot;:&quot;\\u00a9 Adam Wajrak&quot;},{&quot;image_src&quot;:&quot;https:\\\/\\\/www.greenpeace.org\\\/static\\\/planet4-poland-stateless\\\/2023\\\/10\\\/3b8e4fa3-wilk_canis-lupus_c.korkosz_55801.jpg&quot;,&quot;image_srcset&quot;:&quot;https:\\\/\\\/www.greenpeace.org\\\/static\\\/planet4-poland-stateless\\\/2023\\\/10\\\/3b8e4fa3-wilk_canis-lupus_c.korkosz_55801.jpg 1000w, https:\\\/\\\/www.greenpeace.org\\\/static\\\/planet4-poland-stateless\\\/2023\\\/10\\\/3b8e4fa3-wilk_canis-lupus_c.korkosz_55801-500x355.jpg 500w, https:\\\/\\\/www.greenpeace.org\\\/static\\\/planet4-poland-stateless\\\/2023\\\/10\\\/3b8e4fa3-wilk_canis-lupus_c.korkosz_55801-768x545.jpg 768w, https:\\\/\\\/www.greenpeace.org\\\/static\\\/planet4-poland-stateless\\\/2023\\\/10\\\/3b8e4fa3-wilk_canis-lupus_c.korkosz_55801-480x340.jpg 480w&quot;,&quot;image_sizes&quot;:false,&quot;alt_text&quot;:&quot;&quot;,&quot;caption&quot;:&quot;W Puszczy \\u017cyj\\u0105 cztery wilcze rodziny, czyli watahy, sk\\u0142adaj\\u0105ce si\\u0119 z kilku osobnik\\u00f3w.&quot;,&quot;focus_image&quot;:&quot;&quot;,&quot;credits&quot;:&quot;\\u00a9 C. Korkosz&quot;},{&quot;image_src&quot;:&quot;https:\\\/\\\/www.greenpeace.org\\\/static\\\/planet4-poland-stateless\\\/2019\\\/06\\\/3f398264-copy-of-img_9142-20161202-e1702647239376.jpg&quot;,&quot;image_srcset&quot;:&quot;https:\\\/\\\/www.greenpeace.org\\\/static\\\/planet4-poland-stateless\\\/2019\\\/06\\\/3f398264-copy-of-img_9142-20161202-e1702647239376.jpg 1920w, https:\\\/\\\/www.greenpeace.org\\\/static\\\/planet4-poland-stateless\\\/2019\\\/06\\\/3f398264-copy-of-img_9142-20161202-e1702647239376-500x333.jpg 500w, https:\\\/\\\/www.greenpeace.org\\\/static\\\/planet4-poland-stateless\\\/2019\\\/06\\\/3f398264-copy-of-img_9142-20161202-e1702647239376-768x512.jpg 768w, https:\\\/\\\/www.greenpeace.org\\\/static\\\/planet4-poland-stateless\\\/2019\\\/06\\\/3f398264-copy-of-img_9142-20161202-e1702647239376-1024x683.jpg 1024w, https:\\\/\\\/www.greenpeace.org\\\/static\\\/planet4-poland-stateless\\\/2019\\\/06\\\/3f398264-copy-of-img_9142-20161202-e1702647239376-510x340.jpg 510w, https:\\\/\\\/www.greenpeace.org\\\/static\\\/planet4-poland-stateless\\\/2019\\\/06\\\/3f398264-copy-of-img_9142-20161202-e1702647239376-1536x1024.jpg 1536w&quot;,&quot;image_sizes&quot;:false,&quot;alt_text&quot;:&quot;\\u017bubr w Puszczy&quot;,&quot;caption&quot;:&quot;W Puszczy Bia\\u0142owieskiej \\u017cyje najwi\\u0119ksze wolno\\u017cyj\\u0105ce stado \\u017cubr\\u00f3w&quot;,&quot;focus_image&quot;:&quot;&quot;,&quot;credits&quot;:&quot;\\u00a9 Robert Cyglicki&quot;},{&quot;image_src&quot;:&quot;https:\\\/\\\/www.greenpeace.org\\\/static\\\/planet4-poland-stateless\\\/2019\\\/06\\\/c740281d-liski-slodziaki-1.jpg&quot;,&quot;image_srcset&quot;:&quot;https:\\\/\\\/www.greenpeace.org\\\/static\\\/planet4-poland-stateless\\\/2019\\\/06\\\/c740281d-liski-slodziaki-1.jpg 2048w, https:\\\/\\\/www.greenpeace.org\\\/static\\\/planet4-poland-stateless\\\/2019\\\/06\\\/c740281d-liski-slodziaki-1-300x213.jpg 300w, https:\\\/\\\/www.greenpeace.org\\\/static\\\/planet4-poland-stateless\\\/2019\\\/06\\\/c740281d-liski-slodziaki-1-768x545.jpg 768w, https:\\\/\\\/www.greenpeace.org\\\/static\\\/planet4-poland-stateless\\\/2019\\\/06\\\/c740281d-liski-slodziaki-1-1024x726.jpg 1024w, https:\\\/\\\/www.greenpeace.org\\\/static\\\/planet4-poland-stateless\\\/2019\\\/06\\\/c740281d-liski-slodziaki-1-1927x1366.jpg 1927w, https:\\\/\\\/www.greenpeace.org\\\/static\\\/planet4-poland-stateless\\\/2019\\\/06\\\/c740281d-liski-slodziaki-1-480x340.jpg 480w&quot;,&quot;image_sizes&quot;:false,&quot;alt_text&quot;:&quot;&quot;,&quot;caption&quot;:&quot;M\\u0142ode lisy przed swoj\\u0105 nor\\u0105 w Puszczy&quot;,&quot;focus_image&quot;:&quot;&quot;,&quot;credits&quot;:&quot;\\u00a9 Adam Wajrak&quot;},{&quot;image_src&quot;:&quot;https:\\\/\\\/www.greenpeace.org\\\/static\\\/planet4-poland-stateless\\\/2019\\\/06\\\/9fee83e2-1tr\\u00f3jpalczak-6603.jpg&quot;,&quot;image_srcset&quot;:&quot;https:\\\/\\\/www.greenpeace.org\\\/static\\\/planet4-poland-stateless\\\/2019\\\/06\\\/9fee83e2-1tr\\u00f3jpalczak-6603.jpg 1022w, https:\\\/\\\/www.greenpeace.org\\\/static\\\/planet4-poland-stateless\\\/2019\\\/06\\\/9fee83e2-1tr\\u00f3jpalczak-6603-300x222.jpg 300w, https:\\\/\\\/www.greenpeace.org\\\/static\\\/planet4-poland-stateless\\\/2019\\\/06\\\/9fee83e2-1tr\\u00f3jpalczak-6603-768x567.jpg 768w, https:\\\/\\\/www.greenpeace.org\\\/static\\\/planet4-poland-stateless\\\/2019\\\/06\\\/9fee83e2-1tr\\u00f3jpalczak-6603-460x340.jpg 460w&quot;,&quot;image_sizes&quot;:false,&quot;alt_text&quot;:&quot;Dzi\\u0119cio\\u0142 tr\\u00f3jpalczasty \\\/ fot. Adam Wajrak&quot;,&quot;caption&quot;:&quot;Dzi\\u0119cio\\u0142 tr\\u00f3jpalczasty to jeden z emblematycznych mieszka\\u0144c\\u00f3w Puszczy - jego obecno\\u015b\\u0107 jest \\u015bci\\u015ble zwi\\u0105zana z wyst\\u0119powaniem martwych drzew - \\u017cywi si\\u0119 kornikami&quot;,&quot;focus_image&quot;:&quot;&quot;,&quot;credits&quot;:&quot;\\u00a9 Adam Wajrak&quot;}]}}\"><section class=\"block carousel-wrap \"><header><h2 class=\"page-section-header\">Ostatni taki las w Europie<\/h2><\/header><p class=\"page-section-description\">Puszcza Bia\u0142owieska to wyj\u0105tkowe miejsce &#8211; ostatni w Europie nizinny las o charakterze naturalnym. To schronienie wielu gatunk\u00f3w ro\u015blin i zwierz\u0105t, kt\u00f3rych nie mo\u017cna ju\u017c spotka\u0107 nigdzie indziej. Na terenie Puszczy rosn\u0105 lasy, jakie przed wiekami porasta\u0142y Europ\u0119 \u2013 pe\u0142ne martwego drewna, rzadkich grzyb\u00f3w, dzikich zwierz\u0105t, w tym \u017cubra, kt\u00f3ry jest najwi\u0119kszym zwierz\u0119ciem l\u0105dowym na naszym kontynencie.<\/p><\/section><\/div><div data-render=\"planet4-blocks\/columns\" data-attributes=\"{&quot;attributes&quot;:{&quot;columns_block_style&quot;:&quot;image&quot;,&quot;columns&quot;:[{&quot;title&quot;:&quot;Problemy&quot;,&quot;description&quot;:&quot;Puszcza Bia\\u0142owieska - ostatni taki las na ni\\u017cu europejskim, pe\\u0142en rzadkich gatunk\\u00f3w, martwego drewna i trwaj\\u0105cych od tysi\\u0105cleci proces\\u00f3w przyrodniczych jest w coraz wi\\u0119kszym stopniu przekszta\\u0142cany przez cz\\u0142owieka - stare drzewostany s\\u0105 wycinane, martwe drewno wywo\\u017cone, a na tym miejscu sadzone s\\u0105 przez cz\\u0142owieka nowe drzewa. Aby uzasadnia\\u0107 wycink\\u0119 ministerstwo \\u015brodowiska i le\\u015bnicy powo\\u0142uj\\u0105 si\\u0119 na konieczno\\u015b\\u0107 walki z kornikiem, dba\\u0142o\\u015b\\u0107 o bezpiecze\\u0144stwo publiczne lub przeciwdzia\\u0142anie po\\u017carom. Jednocze\\u015bnie nie zgadzaj\\u0105 si\\u0119 na ochron\\u0119 Puszczy w ca\\u0142o\\u015bci, twierdz\\u0105c, \\u017ce straciliby na tym ludzie mieszkaj\\u0105cy w puszcza\\u0144skich gminach.&lt;br&gt;Po wycinkach w 2017 roku ostatnio Puszczy grozi nowe niebezpiecze\\u0144stwo - budowany przez jej \\u015brodek kilkumetrowy mur zwie\\u0144czony drutem kolczastym, kt\\u00f3ry stanowi ogromne zagro\\u017cenie dla mieszkaj\\u0105cych w niej zwierz\\u0105t, szczeg\\u00f3lnie du\\u017cych ssak\\u00f3w takich jak \\u017cubr, ry\\u015b czy wilk.&quot;,&quot;attachment&quot;:&quot;https:\\\/\\\/www.greenpeace.org\\\/static\\\/planet4-poland-stateless\\\/2019\\\/08\\\/0083663d-34055957284_ec7f64ffde_z-510x340.jpg&quot;,&quot;link_new_tab&quot;:false,&quot;attachment_srcset&quot;:&quot;https:\\\/\\\/www.greenpeace.org\\\/static\\\/planet4-poland-stateless\\\/2019\\\/08\\\/0083663d-34055957284_ec7f64ffde_z-510x340.jpg 510w, https:\\\/\\\/www.greenpeace.org\\\/static\\\/planet4-poland-stateless\\\/2019\\\/08\\\/0083663d-34055957284_ec7f64ffde_z-300x200.jpg 300w, https:\\\/\\\/www.greenpeace.org\\\/static\\\/planet4-poland-stateless\\\/2019\\\/08\\\/0083663d-34055957284_ec7f64ffde_z.jpg 640w&quot;},{&quot;title&quot;:&quot;Rozwi\\u0105zanie&quot;,&quot;description&quot;:&quot;Puszcza powinna w ca\\u0142o\\u015bci sta\\u0107 si\\u0119 parkiem narodowym w taki spos\\u00f3b, aby dobrze chroni\\u0107 dzik\\u0105 przyrod\\u0119 i zabezpieczy\\u0107 potrzeby mieszka\\u0144c\\u00f3w okolicznych miejscowo\\u015bci. Park powinien by\\u0107 podzielony na strefy o r\\u00f3\\u017cnym zaawansowaniu re\\u017cim\\u00f3w ochronnych. Na cz\\u0119\\u015bci obszaru powinno by\\u0107 umo\\u017cliwione pozyskiwanie grzyb\\u00f3w i jag\\u00f3d a nawet drewna - wy\\u0142\\u0105cznie w celu zaspokojenia lokalnych potrzeb. Rz\\u0105d powinien opracowa\\u0107 r\\u00f3wnie\\u017c program wsparcia dla mieszka\\u0144c\\u00f3w i przedsi\\u0119biorc\\u00f3w, aby umo\\u017cliwi\\u0107 dalszy rozw\\u00f3j us\\u0142ug zwi\\u0105zanych z odpowiedzialn\\u0105 turystyk\\u0105 i badaniami naukowymi w Puszczy.&lt;br&gt;&lt;br&gt;Natychmiast te\\u017c powinna zosta\\u0107 przerwana budowa muru rozdzielaj\\u0105cego polsk\\u0105 i bia\\u0142orusk\\u0105 cz\\u0119\\u015b\\u0107 Puszczy, a ten, kt\\u00f3ry ju\\u017c stoi powinien zosta\\u0107 rozebrany, by przywr\\u00f3ci\\u0107 swobodne przemieszczanie si\\u0119 zwierz\\u0105t po ca\\u0142ym obszarze Puszczy.&quot;,&quot;attachment&quot;:&quot;https:\\\/\\\/www.greenpeace.org\\\/static\\\/planet4-poland-stateless\\\/2019\\\/06\\\/ed4e1407-xf9a9635-510x340.jpg&quot;,&quot;link_new_tab&quot;:false,&quot;attachment_srcset&quot;:&quot;https:\\\/\\\/www.greenpeace.org\\\/static\\\/planet4-poland-stateless\\\/2019\\\/06\\\/ed4e1407-xf9a9635-510x340.jpg 510w, https:\\\/\\\/www.greenpeace.org\\\/static\\\/planet4-poland-stateless\\\/2019\\\/06\\\/ed4e1407-xf9a9635-300x200.jpg 300w, https:\\\/\\\/www.greenpeace.org\\\/static\\\/planet4-poland-stateless\\\/2019\\\/06\\\/ed4e1407-xf9a9635-768x512.jpg 768w, https:\\\/\\\/www.greenpeace.org\\\/static\\\/planet4-poland-stateless\\\/2019\\\/06\\\/ed4e1407-xf9a9635-1024x683.jpg 1024w, https:\\\/\\\/www.greenpeace.org\\\/static\\\/planet4-poland-stateless\\\/2019\\\/06\\\/ed4e1407-xf9a9635-2048x1366.jpg 2048w, https:\\\/\\\/www.greenpeace.org\\\/static\\\/planet4-poland-stateless\\\/2019\\\/06\\\/ed4e1407-xf9a9635-e1565560716998.jpg 1500w&quot;}],&quot;className&quot;:&quot;is-style-image&quot;}}\"><\/div>\n<figure class=\"wp-block-embed is-type-video is-provider-youtube wp-block-embed-youtube wp-embed-aspect-16-9 wp-has-aspect-ratio\"><div class=\"wp-block-embed__wrapper\">\n<iframe loading=\"lazy\" title=\"Puszcza Bia\u0142owieska - co dalej?\" width=\"500\" height=\"281\" src=\"https:\/\/www.youtube-nocookie.com\/embed\/cl9zOZUps5E?feature=oembed&#038;rel=0\" frameborder=\"0\" allow=\"accelerometer; autoplay; clipboard-write; encrypted-media; gyroscope; picture-in-picture; web-share\" referrerpolicy=\"strict-origin-when-cross-origin\" allowfullscreen><\/iframe>\n<\/div><\/figure>\n\n<h2 class=\"wp-block-heading\">Ca\u0142a Puszcza parkiem narodowym!<\/h2>\n\n<p class=\"has-medium-font-size\">Ten wyj\u0105tkowy las zas\u0142uguje na pe\u0142n\u0105 ochron\u0119 jako park narodowy. Postuluj\u0105 to od lat naukowcy, chce tego zdecydowana wi\u0119kszo\u015b\u0107 Polek i Polak\u00f3w. Niestety kolejne rz\u0105dy nie chc\u0105 podj\u0105\u0107 decyzji w tej sprawie. Przez to w ostatnich latach Puszcza staje si\u0119 raz po raz ofiar\u0105 pychy i chciwo\u015bci, jej stare, wyj\u0105tkowo przyrodnicze drzewostany s\u0105 wycinane, niszczone s\u0105 siedliska rzadkich zwierz\u0105t.<\/p>\n\t\t\t<section\n\t\t\tclass=\"boxout post-3103  sticky-bottom-mobile collapse show\"\n\t\t\tid=\"action-card\"\n\t\t>\n\t\t\t<a\n\t\t\t\tdata-ga-category=\"Take Action Boxout\"\n\t\t\t\tdata-ga-action=\"Image\"\n\t\t\t\tdata-ga-label=\"n\/a\"\n\t\t\t\tclass=\"cover-card-overlay\"\n\t\t\t\thref=\"https:\/\/www.greenpeace.org\/poland\/dzialaj-old\/podpisz-cala-puszcza-parkiem-narodowym\/\" \n\t\t\t><\/a>\n\t\t\t\t\t\t\t<img\n\t\t\t\t\t\tsrc=\"https:\/\/www.greenpeace.org\/static\/planet4-poland-stateless\/2019\/06\/7fbe2b54-1605-00326c-adamlawnik-1024x683.jpg\"\n\t\t\t\t\t\tsrcset=\"https:\/\/www.greenpeace.org\/static\/planet4-poland-stateless\/2019\/06\/7fbe2b54-1605-00326c-adamlawnik-300x200.jpg 300w, https:\/\/www.greenpeace.org\/static\/planet4-poland-stateless\/2019\/06\/7fbe2b54-1605-00326c-adamlawnik-768x512.jpg 768w, https:\/\/www.greenpeace.org\/static\/planet4-poland-stateless\/2019\/06\/7fbe2b54-1605-00326c-adamlawnik-1024x683.jpg 1024w, https:\/\/www.greenpeace.org\/static\/planet4-poland-stateless\/2019\/06\/7fbe2b54-1605-00326c-adamlawnik-2048x1366.jpg 2048w, https:\/\/www.greenpeace.org\/static\/planet4-poland-stateless\/2019\/06\/7fbe2b54-1605-00326c-adamlawnik-510x340.jpg 510w\"\n\t\t\t\t\t\tsizes=\"(min-width: 1000px) 358px, (min-width: 780px) 313px, 88px\"\n\t\t\t\t\t\talt=\"Puszcza Bia\u0142owieska\" title=\"Puszcza Bia\u0142owieska\"\n\t\t\t\t\/>\n            \t\t\t<div class=\"boxout-content\">\n\t\t\t\t\t\t\t\t\t<a\n\t\t\t\t\t\tclass=\"boxout-heading medium\"\n\t\t\t\t\t\tdata-ga-category=\"Take Action Boxout\"\n\t\t\t\t\t\tdata-ga-action=\"Title\"\n\t\t\t\t\t\tdata-ga-label=\"n\/a\"\n\t\t\t\t\t\thref=\"https:\/\/www.greenpeace.org\/poland\/dzialaj-old\/podpisz-cala-puszcza-parkiem-narodowym\/\"\n\t\t\t\t\t\t\n\t\t\t\t\t>\n\t\t\t\t\t\tPodpisz: Ca\u0142a Puszcza Parkiem Narodowym\n\t\t\t\t\t<\/a>\n\t\t\t\t\t\t\t\t\t\t\t\t\t<p class=\"boxout-excerpt\">Podpisz apel o obj\u0119cie ca\u0142ej Puszczy Bia\u0142owieskiej najwy\u017csz\u0105 form\u0105 ochrony, jak\u0105 jest park narodowy.<\/p>\n\t\t\t\t                                    <a\n                        class=\"btn btn-primary\"\n                        data-ga-category=\"Take Action Boxout\"\n                        data-ga-action=\"Call to Action\"\n                        data-ga-label=\"n\/a\"\n                        href=\"https:\/\/www.greenpeace.org\/poland\/dzialaj-old\/podpisz-cala-puszcza-parkiem-narodowym\/\"\n                        \n                    >\n                        Dzia\u0142aj!\n                    <\/a>\n                \t\t\t<\/div>\n\t\t\t\t\t\t\t<a\n\t\t\t\t\tclass=\"not-now\"\n\t\t\t\t\trole=\"button\"\n\t\t\t\t\tdata-bs-toggle=\"collapse\"\n\t\t\t\t\thref=\"#action-card\"\n\t\t\t\t><\/a>\n\t\t\t\t\t<\/section>\n\t\n<p class=\"has-medium-font-size\">Wycinka w starych drzewostan\u00f3w, zast\u0119powanie ich nasadzeniami i usuwanie martwych drzew oznacza spadek warto\u015bci biologicznej tego obszaru i zmian\u0119 dynamiki ca\u0142ego ekosystemu.<\/p>\n\n<p class=\"has-medium-font-size\">Aby chroni\u0107 wyj\u0105tkowo\u015b\u0107 Puszczy, powinni\u015bmy j\u0105 ca\u0142\u0105 obj\u0105\u0107 ochron\u0105, o co organizacje pozarz\u0105dowe i \u015brodowiska naukowe zabiegaj\u0105 od wielu lat.<\/p>\n\n<figure class=\"wp-block-embed is-type-video is-provider-youtube wp-block-embed-youtube wp-embed-aspect-16-9 wp-has-aspect-ratio\"><div class=\"wp-block-embed__wrapper\">\n<iframe loading=\"lazy\" title=\"Puszcza Bia\u0142owieska\" width=\"500\" height=\"281\" src=\"https:\/\/www.youtube-nocookie.com\/embed\/joZ8iJbC9Hc?feature=oembed&#038;rel=0\" frameborder=\"0\" allow=\"accelerometer; autoplay; clipboard-write; encrypted-media; gyroscope; picture-in-picture; web-share\" referrerpolicy=\"strict-origin-when-cross-origin\" allowfullscreen><\/iframe>\n<\/div><\/figure>\n<div data-hydrate=\"planet4-blocks\/gallery\" data-attributes=\"{&quot;attributes&quot;:{&quot;gallery_block_title&quot;:&quot;Obrona Puszczy przed wycink\\u0105&quot;,&quot;gallery_block_description&quot;:&quot;Greenpeace od 2009 roku zdecydowanie wyst\\u0119puje w obronie Puszczy Bia\\u0142owieskiej przed dewastacj\\u0105. Zbieramy podpisy pod petycjami o ochron\\u0119 Puszczy Bia\\u0142owieskiej, organizujemy le\\u015bne patrole, kt\\u00f3re dokumentuj\\u0105 dzik\\u0105 przyrod\\u0119 i jej zniszczenia w Puszczy, dzia\\u0142amy prawnie, publikujemy raporty. Nasi aktywi\\u015bci i aktywistki blokowali wycink\\u0119, wspinali si\\u0119 na dach Ministerstwa \\u015arodowiska, wsp\\u00f3\\u0142organizowali marsze i protesty przeciwko niszczeniu Puszczy. W 2017 roku, w wyniku niezgodnych z prawem decyzji podj\\u0119tych przez \\u00f3wczesnego ministra \\u015brodowiska Jana Szyszk\\u0119, w Puszczy dosz\\u0142o do najwi\\u0119kszej od 30 lat wycinki. Dzi\\u0119ki wielkiemu zaanga\\u017cowaniu tysi\\u0119cy os\\u00f3b w Puszczy, ca\\u0142ej Polsce i na \\u015bwiecie - wycink\\u0119 uda\\u0142o si\\u0119 zatrzyma\\u0107, a najwa\\u017cniejszy unijny s\\u0105d, Trybuna\\u0142 Sprawiedliwo\\u015bci, uzna\\u0142, \\u017ce decyzja o wycince z\\u0142ama\\u0142a prawo.&quot;,&quot;multiple_image&quot;:&quot;624,625,626&quot;,&quot;image_data&quot;:[{&quot;url&quot;:&quot;https:\\\/\\\/www.greenpeace.org\\\/static\\\/planet4-poland-stateless\\\/2019\\\/06\\\/a5d2bf88-34155942464_0809769400_o.jpg&quot;,&quot;focalPoint&quot;:{&quot;x&quot;:0.5,&quot;y&quot;:0.5},&quot;id&quot;:624},{&quot;url&quot;:&quot;https:\\\/\\\/www.greenpeace.org\\\/static\\\/planet4-poland-stateless\\\/2019\\\/06\\\/4c3e42a1-36225330924_cac7b5360d_k-e1565277030329.jpg&quot;,&quot;focalPoint&quot;:{&quot;x&quot;:0.5,&quot;y&quot;:0.5},&quot;id&quot;:625},{&quot;url&quot;:&quot;https:\\\/\\\/www.greenpeace.org\\\/static\\\/planet4-poland-stateless\\\/2019\\\/06\\\/99f9081d-34552370563_389567ae6f_h.jpg&quot;,&quot;focalPoint&quot;:{&quot;x&quot;:0.5,&quot;y&quot;:0.5},&quot;id&quot;:626}],&quot;className&quot;:&quot;is-style-three-columns&quot;,&quot;gallery_block_style&quot;:0,&quot;gallery_block_focus_points&quot;:&quot;&quot;,&quot;images&quot;:[{&quot;image_src&quot;:&quot;https:\\\/\\\/www.greenpeace.org\\\/static\\\/planet4-poland-stateless\\\/2019\\\/06\\\/a5d2bf88-34155942464_0809769400_o.jpg&quot;,&quot;image_srcset&quot;:&quot;https:\\\/\\\/www.greenpeace.org\\\/static\\\/planet4-poland-stateless\\\/2019\\\/06\\\/a5d2bf88-34155942464_0809769400_o.jpg 3600w, https:\\\/\\\/www.greenpeace.org\\\/static\\\/planet4-poland-stateless\\\/2019\\\/06\\\/a5d2bf88-34155942464_0809769400_o-300x200.jpg 300w, https:\\\/\\\/www.greenpeace.org\\\/static\\\/planet4-poland-stateless\\\/2019\\\/06\\\/a5d2bf88-34155942464_0809769400_o-768x512.jpg 768w, https:\\\/\\\/www.greenpeace.org\\\/static\\\/planet4-poland-stateless\\\/2019\\\/06\\\/a5d2bf88-34155942464_0809769400_o-1024x683.jpg 1024w, https:\\\/\\\/www.greenpeace.org\\\/static\\\/planet4-poland-stateless\\\/2019\\\/06\\\/a5d2bf88-34155942464_0809769400_o-2048x1366.jpg 2048w, https:\\\/\\\/www.greenpeace.org\\\/static\\\/planet4-poland-stateless\\\/2019\\\/06\\\/a5d2bf88-34155942464_0809769400_o-510x340.jpg 510w&quot;,&quot;image_sizes&quot;:false,&quot;alt_text&quot;:&quot;Blokada harwerster\\u00f3w w Puszczy Bia\\u0142owieskiej&quot;,&quot;caption&quot;:&quot;Blokada harwerster\\u00f3w w Puszczy Bia\\u0142owieskiej&quot;,&quot;focus_image&quot;:&quot;&quot;,&quot;credits&quot;:&quot;&quot;},{&quot;image_src&quot;:&quot;https:\\\/\\\/www.greenpeace.org\\\/static\\\/planet4-poland-stateless\\\/2019\\\/06\\\/4c3e42a1-36225330924_cac7b5360d_k-e1565277030329.jpg&quot;,&quot;image_srcset&quot;:&quot;https:\\\/\\\/www.greenpeace.org\\\/static\\\/planet4-poland-stateless\\\/2019\\\/06\\\/4c3e42a1-36225330924_cac7b5360d_k-e1565277030329.jpg 1490w, https:\\\/\\\/www.greenpeace.org\\\/static\\\/planet4-poland-stateless\\\/2019\\\/06\\\/4c3e42a1-36225330924_cac7b5360d_k-e1565277030329-300x176.jpg 300w, https:\\\/\\\/www.greenpeace.org\\\/static\\\/planet4-poland-stateless\\\/2019\\\/06\\\/4c3e42a1-36225330924_cac7b5360d_k-e1565277030329-768x449.jpg 768w, https:\\\/\\\/www.greenpeace.org\\\/static\\\/planet4-poland-stateless\\\/2019\\\/06\\\/4c3e42a1-36225330924_cac7b5360d_k-e1565277030329-1024x599.jpg 1024w, https:\\\/\\\/www.greenpeace.org\\\/static\\\/planet4-poland-stateless\\\/2019\\\/06\\\/4c3e42a1-36225330924_cac7b5360d_k-e1565277030329-510x298.jpg 510w&quot;,&quot;image_sizes&quot;:false,&quot;alt_text&quot;:&quot;&quot;,&quot;caption&quot;:&quot;Blokada wycinki w Puszczy Bia\\u0142owieskiej, 6 wrze\\u015bnia 2017&quot;,&quot;focus_image&quot;:&quot;&quot;,&quot;credits&quot;:&quot;&quot;},{&quot;image_src&quot;:&quot;https:\\\/\\\/www.greenpeace.org\\\/static\\\/planet4-poland-stateless\\\/2019\\\/06\\\/99f9081d-34552370563_389567ae6f_h.jpg&quot;,&quot;image_srcset&quot;:&quot;https:\\\/\\\/www.greenpeace.org\\\/static\\\/planet4-poland-stateless\\\/2019\\\/06\\\/99f9081d-34552370563_389567ae6f_h.jpg 1600w, https:\\\/\\\/www.greenpeace.org\\\/static\\\/planet4-poland-stateless\\\/2019\\\/06\\\/99f9081d-34552370563_389567ae6f_h-300x200.jpg 300w, https:\\\/\\\/www.greenpeace.org\\\/static\\\/planet4-poland-stateless\\\/2019\\\/06\\\/99f9081d-34552370563_389567ae6f_h-768x512.jpg 768w, https:\\\/\\\/www.greenpeace.org\\\/static\\\/planet4-poland-stateless\\\/2019\\\/06\\\/99f9081d-34552370563_389567ae6f_h-1024x683.jpg 1024w, https:\\\/\\\/www.greenpeace.org\\\/static\\\/planet4-poland-stateless\\\/2019\\\/06\\\/99f9081d-34552370563_389567ae6f_h-510x340.jpg 510w&quot;,&quot;image_sizes&quot;:false,&quot;alt_text&quot;:&quot;&quot;,&quot;caption&quot;:&quot;Spacer obywatelski po Puszczy Bia\\u0142owieskiej&quot;,&quot;focus_image&quot;:&quot;&quot;,&quot;credits&quot;:&quot;&quot;}]}}\"><section class=\"block split-three-column is-style-three-columns\"><header><h2 class=\"page-section-header\">Obrona Puszczy przed wycink\u0105<\/h2><\/header><p class=\"page-section-description\">Greenpeace od 2009 roku zdecydowanie wyst\u0119puje w obronie Puszczy Bia\u0142owieskiej przed dewastacj\u0105. Zbieramy podpisy pod petycjami o ochron\u0119 Puszczy Bia\u0142owieskiej, organizujemy le\u015bne patrole, kt\u00f3re dokumentuj\u0105 dzik\u0105 przyrod\u0119 i jej zniszczenia w Puszczy, dzia\u0142amy prawnie, publikujemy raporty. Nasi aktywi\u015bci i aktywistki blokowali wycink\u0119, wspinali si\u0119 na dach Ministerstwa \u015arodowiska, wsp\u00f3\u0142organizowali marsze i protesty przeciwko niszczeniu Puszczy. W 2017 roku, w wyniku niezgodnych z prawem decyzji podj\u0119tych przez \u00f3wczesnego ministra \u015brodowiska Jana Szyszk\u0119, w Puszczy dosz\u0142o do najwi\u0119kszej od 30 lat wycinki. Dzi\u0119ki wielkiemu zaanga\u017cowaniu tysi\u0119cy os\u00f3b w Puszczy, ca\u0142ej Polsce i na \u015bwiecie &#8211; wycink\u0119 uda\u0142o si\u0119 zatrzyma\u0107, a najwa\u017cniejszy unijny s\u0105d, Trybuna\u0142 Sprawiedliwo\u015bci, uzna\u0142, \u017ce decyzja o wycince z\u0142ama\u0142a prawo.<\/p><\/section><\/div>\n<h2 class=\"wp-block-heading\">Wilcza Tryba &#8211; symbol dewastacji Puszczy Bia\u0142owieskiej<\/h2>\n\n<figure class=\"wp-block-embed is-type-video is-provider-vimeo wp-block-embed-vimeo wp-embed-aspect-16-9 wp-has-aspect-ratio\"><div class=\"wp-block-embed__wrapper\">\n<iframe loading=\"lazy\" title=\"Wilcza Tryba - symbol dewastacji Puszczy Bia\u0142owieskiej\" src=\"https:\/\/player.vimeo.com\/video\/244853989?dnt=1&amp;app_id=122963\" width=\"500\" height=\"281\" frameborder=\"0\" allow=\"autoplay; fullscreen; picture-in-picture; clipboard-write; encrypted-media; web-share\" referrerpolicy=\"strict-origin-when-cross-origin\"><\/iframe>\n<\/div><\/figure>\n\n<div class=\"wp-block-query posts-list p4-query-loop is-custom-layout-carousel is-layout-flex wp-block-query-is-layout-flex\">\n<div class=\"wp-block-group is-content-justification-space-between is-layout-flex wp-container-core-group-is-layout-3d213aab wp-block-group-is-layout-flex\">\n<h2 class=\"wp-block-heading\">Przeczytaj<\/h2>\n<\/div>\n\n\n\n<p style=\"margin-top:24px;margin-bottom:36px\"><\/p>\n\n\n\n\n<ul class=\"wp-block-post-template is-layout-flow wp-block-post-template-is-layout-flow\"><li class=\"wp-block-post post-1119 post type-post status-publish format-standard has-post-thumbnail hentry category-przyroda tag-lasy tag-puszcza-bialowieska p4-page-type-raporty\">\n\n<div class=\"wp-block-columns is-layout-flex wp-container-core-columns-is-layout-9d6595d7 wp-block-columns-is-layout-flex\"><figure style=\"aspect-ratio:2\/3;\" class=\"wp-block-post-featured-image\"><a href=\"https:\/\/www.greenpeace.org\/poland\/raporty\/1119\/raport-z-dewastacji-puszczy-2017\/\" target=\"_self\"  ><img loading=\"lazy\" decoding=\"async\" width=\"800\" height=\"600\" src=\"https:\/\/www.greenpeace.org\/static\/planet4-poland-stateless\/2019\/06\/6b97bd49-6b97bd49-raport_dewastacja_2017_okladka.png\" class=\"attachment-post-thumbnail size-post-thumbnail wp-post-image wp-stateless-item\" alt=\"Raport z dewastacji Puszczy &#8211; 2017\" style=\"width:100%;height:100%;object-fit:cover;\" srcset=\"https:\/\/www.greenpeace.org\/static\/planet4-poland-stateless\/2019\/06\/6b97bd49-6b97bd49-raport_dewastacja_2017_okladka.png 800w, https:\/\/www.greenpeace.org\/static\/planet4-poland-stateless\/2019\/06\/6b97bd49-6b97bd49-raport_dewastacja_2017_okladka-300x225.png 300w, https:\/\/www.greenpeace.org\/static\/planet4-poland-stateless\/2019\/06\/6b97bd49-6b97bd49-raport_dewastacja_2017_okladka-768x576.png 768w, https:\/\/www.greenpeace.org\/static\/planet4-poland-stateless\/2019\/06\/6b97bd49-6b97bd49-raport_dewastacja_2017_okladka-453x340.png 453w\" sizes=\"auto, (max-width: 800px) 100vw, 800px\" data-image-size=\"post-thumbnail\" data-stateless-media-bucket=\"planet4-poland-stateless\" data-stateless-media-name=\"2019\/06\/6b97bd49-6b97bd49-raport_dewastacja_2017_okladka.png\" \/><\/a><\/figure>\n\n\n<div class=\"wp-block-group is-layout-flow wp-block-group-is-layout-flow\">\n<div class=\"wp-block-group posts-list-meta is-layout-flow wp-block-group-is-layout-flow\"><div class=\"taxonomy-post_tag wp-block-post-terms\"><a href=\"https:\/\/www.greenpeace.org\/poland\/tag\/lasy\/\" rel=\"tag\">Lasy<\/a><span class=\"wp-block-post-terms__separator\"> <\/span><a href=\"https:\/\/www.greenpeace.org\/poland\/tag\/puszcza-bialowieska\/\" rel=\"tag\">PuszczaBia\u0142owieska<\/a><\/div>\n\n<div class=\"taxonomy-category wp-block-post-terms\"><a href=\"https:\/\/www.greenpeace.org\/poland\/category\/przyroda\/\" rel=\"tag\">Przyroda<\/a><\/div><\/div>\n\n\n<h3 class=\"wp-block-post-title\"><a href=\"https:\/\/www.greenpeace.org\/poland\/raporty\/1119\/raport-z-dewastacji-puszczy-2017\/\" target=\"_self\" >Raport z dewastacji Puszczy &#8211; 2017<\/a><\/h3>\n\n<div class=\"wp-block-post-excerpt\"><p class=\"wp-block-post-excerpt__excerpt\">Aktywi\u015bci Obozu dla Puszczy, Greenpeace i Dzikiej Polski, dzia\u0142aj\u0105cy w ramach Le\u015bnych Patroli w Puszczy Bia\u0142owieskiej, zebrali w roku 2017 szereg danych na temat \u0142amania prawa i wielu innych narusze\u0144, przez osoby prowadz\u0105ce wycink\u0119 &#8211; najwi\u0119ksz\u0105 od 30 lat! Na podstawie tych danych przygotowane zosta\u0142y raporty ukazuj\u0105ce ogrom zniszcze\u0144. Zapraszamy do lektury.<\/p><p class=\"wp-block-post-excerpt__more-text\"><a class=\"wp-block-post-excerpt__more-link\" href=\"https:\/\/www.greenpeace.org\/poland\/raporty\/1119\/raport-z-dewastacji-puszczy-2017\/\">[Przeczytaj]<\/a><\/p><\/div><\/div>\n<\/div>\n\n<\/li><li class=\"wp-block-post post-842 post type-post status-publish format-standard has-post-thumbnail hentry category-przyroda tag-puszcza-bialowieska p4-page-type-raporty\">\n\n<div class=\"wp-block-columns is-layout-flex wp-container-core-columns-is-layout-9d6595d7 wp-block-columns-is-layout-flex\"><figure style=\"aspect-ratio:2\/3;\" class=\"wp-block-post-featured-image\"><a href=\"https:\/\/www.greenpeace.org\/poland\/raporty\/842\/wilcza-tryba-symbol-dewastacji-puszczy-bialowieskiej\/\" target=\"_self\"  ><img loading=\"lazy\" decoding=\"async\" width=\"605\" height=\"863\" src=\"https:\/\/www.greenpeace.org\/static\/planet4-poland-stateless\/2019\/08\/ebda7c78-raport-wilcza-tryba.jpg\" class=\"attachment-post-thumbnail size-post-thumbnail wp-post-image wp-stateless-item\" alt=\"Wilcza Tryba &#8211; symbol dewastacji Puszczy Bia\u0142owieskiej\" style=\"width:100%;height:100%;object-fit:cover;\" srcset=\"https:\/\/www.greenpeace.org\/static\/planet4-poland-stateless\/2019\/08\/ebda7c78-raport-wilcza-tryba.jpg 605w, https:\/\/www.greenpeace.org\/static\/planet4-poland-stateless\/2019\/08\/ebda7c78-raport-wilcza-tryba-210x300.jpg 210w, https:\/\/www.greenpeace.org\/static\/planet4-poland-stateless\/2019\/08\/ebda7c78-raport-wilcza-tryba-238x340.jpg 238w\" sizes=\"auto, (max-width: 605px) 100vw, 605px\" data-image-size=\"post-thumbnail\" data-stateless-media-bucket=\"planet4-poland-stateless\" data-stateless-media-name=\"2019\/08\/ebda7c78-raport-wilcza-tryba.jpg\" \/><\/a><\/figure>\n\n\n<div class=\"wp-block-group is-layout-flow wp-block-group-is-layout-flow\">\n<div class=\"wp-block-group posts-list-meta is-layout-flow wp-block-group-is-layout-flow\"><div class=\"taxonomy-post_tag wp-block-post-terms\"><a href=\"https:\/\/www.greenpeace.org\/poland\/tag\/puszcza-bialowieska\/\" rel=\"tag\">PuszczaBia\u0142owieska<\/a><\/div>\n\n<div class=\"taxonomy-category wp-block-post-terms\"><a href=\"https:\/\/www.greenpeace.org\/poland\/category\/przyroda\/\" rel=\"tag\">Przyroda<\/a><\/div><\/div>\n\n\n<h3 class=\"wp-block-post-title\"><a href=\"https:\/\/www.greenpeace.org\/poland\/raporty\/842\/wilcza-tryba-symbol-dewastacji-puszczy-bialowieskiej\/\" target=\"_self\" >Wilcza Tryba &#8211; symbol dewastacji Puszczy Bia\u0142owieskiej<\/a><\/h3>\n\n<div class=\"wp-block-post-excerpt\"><p class=\"wp-block-post-excerpt__excerpt\">Ob\u00f3z dla Puszczy, Greenpeace Polska i Fundacja Dzika Polska zaprezentowa\u0142y dzisiaj na konferencji prasowej opracowanie pt. \u201cRaport z Wilczej Tryby\u201d zawieraj\u0105ce wyniki spo\u0142ecznego monitoringu gospodarki le\u015bnej w Puszczy Bia\u0142owieskiej w okresie czerwiec-listopad 2017 r.<\/p><p class=\"wp-block-post-excerpt__more-text\"><a class=\"wp-block-post-excerpt__more-link\" href=\"https:\/\/www.greenpeace.org\/poland\/raporty\/842\/wilcza-tryba-symbol-dewastacji-puszczy-bialowieskiej\/\">[Przeczytaj]<\/a><\/p><\/div><\/div>\n<\/div>\n\n<\/li><li class=\"wp-block-post post-2221 post type-post status-publish format-standard has-post-thumbnail hentry category-przyroda tag-lasy tag-puszcza-bialowieska p4-page-type-raporty\">\n\n<div class=\"wp-block-columns is-layout-flex wp-container-core-columns-is-layout-9d6595d7 wp-block-columns-is-layout-flex\"><figure style=\"aspect-ratio:2\/3;\" class=\"wp-block-post-featured-image\"><a href=\"https:\/\/www.greenpeace.org\/poland\/raporty\/2221\/projekty-ustaw-o-utworzeniu-parku-narodowego-puszczy-bialowieskiej\/\" target=\"_self\"  ><img loading=\"lazy\" decoding=\"async\" width=\"595\" height=\"842\" src=\"https:\/\/www.greenpeace.org\/static\/planet4-poland-stateless\/2016\/04\/2595f58d-puszcza-ustawy.jpg\" class=\"attachment-post-thumbnail size-post-thumbnail wp-post-image wp-stateless-item\" alt=\"Projekty ustaw o utworzeniu Parku Narodowego Puszczy Bia\u0142owieskiej\" style=\"width:100%;height:100%;object-fit:cover;\" srcset=\"https:\/\/www.greenpeace.org\/static\/planet4-poland-stateless\/2016\/04\/2595f58d-puszcza-ustawy.jpg 595w, https:\/\/www.greenpeace.org\/static\/planet4-poland-stateless\/2016\/04\/2595f58d-puszcza-ustawy-212x300.jpg 212w, https:\/\/www.greenpeace.org\/static\/planet4-poland-stateless\/2016\/04\/2595f58d-puszcza-ustawy-240x340.jpg 240w\" sizes=\"auto, (max-width: 595px) 100vw, 595px\" data-image-size=\"post-thumbnail\" data-stateless-media-bucket=\"planet4-poland-stateless\" data-stateless-media-name=\"2016\/04\/2595f58d-puszcza-ustawy.jpg\" \/><\/a><\/figure>\n\n\n<div class=\"wp-block-group is-layout-flow wp-block-group-is-layout-flow\">\n<div class=\"wp-block-group posts-list-meta is-layout-flow wp-block-group-is-layout-flow\"><div class=\"taxonomy-post_tag wp-block-post-terms\"><a href=\"https:\/\/www.greenpeace.org\/poland\/tag\/lasy\/\" rel=\"tag\">Lasy<\/a><span class=\"wp-block-post-terms__separator\"> <\/span><a href=\"https:\/\/www.greenpeace.org\/poland\/tag\/puszcza-bialowieska\/\" rel=\"tag\">PuszczaBia\u0142owieska<\/a><\/div>\n\n<div class=\"taxonomy-category wp-block-post-terms\"><a href=\"https:\/\/www.greenpeace.org\/poland\/category\/przyroda\/\" rel=\"tag\">Przyroda<\/a><\/div><\/div>\n\n\n<h3 class=\"wp-block-post-title\"><a href=\"https:\/\/www.greenpeace.org\/poland\/raporty\/2221\/projekty-ustaw-o-utworzeniu-parku-narodowego-puszczy-bialowieskiej\/\" target=\"_self\" >Projekty ustaw o utworzeniu Parku Narodowego Puszczy Bia\u0142owieskiej<\/a><\/h3>\n\n<div class=\"wp-block-post-excerpt\"><p class=\"wp-block-post-excerpt__excerpt\">W dniu 24 czerwca 2006 roku Prezydent Rzeczypospolitej Polskiej Lech Kaczy\u0144ski powo\u0142a\u0142 Zesp\u00f3\u0142 do opracowania projektu ustawy reguluj\u0105cej status dziedzictwa przyrodniczego i kulturowego Puszczy Bia\u0142owieskiej.<\/p><p class=\"wp-block-post-excerpt__more-text\"><a class=\"wp-block-post-excerpt__more-link\" href=\"https:\/\/www.greenpeace.org\/poland\/raporty\/2221\/projekty-ustaw-o-utworzeniu-parku-narodowego-puszczy-bialowieskiej\/\">[Przeczytaj]<\/a><\/p><\/div><\/div>\n<\/div>\n\n<\/li><li class=\"wp-block-post post-2115 post type-post status-publish format-standard has-post-thumbnail hentry category-przyroda tag-puszcza-bialowieska tag-lasy p4-page-type-raporty\">\n\n<div class=\"wp-block-columns is-layout-flex wp-container-core-columns-is-layout-9d6595d7 wp-block-columns-is-layout-flex\"><figure style=\"aspect-ratio:2\/3;\" class=\"wp-block-post-featured-image\"><a href=\"https:\/\/www.greenpeace.org\/poland\/raporty\/2115\/raport-z-lesnych-patroli-w-puszczy-bialowieskiej\/\" target=\"_self\"  ><img loading=\"lazy\" decoding=\"async\" width=\"595\" height=\"842\" src=\"https:\/\/www.greenpeace.org\/static\/planet4-poland-stateless\/2016\/04\/e31a04e1-raport-patrole.jpg\" class=\"attachment-post-thumbnail size-post-thumbnail wp-post-image wp-stateless-item\" alt=\"Raport z Le\u015bnych Patroli w Puszczy Bia\u0142owieskiej\" style=\"width:100%;height:100%;object-fit:cover;\" srcset=\"https:\/\/www.greenpeace.org\/static\/planet4-poland-stateless\/2016\/04\/e31a04e1-raport-patrole.jpg 595w, https:\/\/www.greenpeace.org\/static\/planet4-poland-stateless\/2016\/04\/e31a04e1-raport-patrole-212x300.jpg 212w, https:\/\/www.greenpeace.org\/static\/planet4-poland-stateless\/2016\/04\/e31a04e1-raport-patrole-240x340.jpg 240w\" sizes=\"auto, (max-width: 595px) 100vw, 595px\" data-image-size=\"post-thumbnail\" data-stateless-media-bucket=\"planet4-poland-stateless\" data-stateless-media-name=\"2016\/04\/e31a04e1-raport-patrole.jpg\" \/><\/a><\/figure>\n\n\n<div class=\"wp-block-group is-layout-flow wp-block-group-is-layout-flow\">\n<div class=\"wp-block-group posts-list-meta is-layout-flow wp-block-group-is-layout-flow\"><div class=\"taxonomy-post_tag wp-block-post-terms\"><a href=\"https:\/\/www.greenpeace.org\/poland\/tag\/puszcza-bialowieska\/\" rel=\"tag\">PuszczaBia\u0142owieska<\/a><span class=\"wp-block-post-terms__separator\"> <\/span><a href=\"https:\/\/www.greenpeace.org\/poland\/tag\/lasy\/\" rel=\"tag\">Lasy<\/a><\/div>\n\n<div class=\"taxonomy-category wp-block-post-terms\"><a href=\"https:\/\/www.greenpeace.org\/poland\/category\/przyroda\/\" rel=\"tag\">Przyroda<\/a><\/div><\/div>\n\n\n<h3 class=\"wp-block-post-title\"><a href=\"https:\/\/www.greenpeace.org\/poland\/raporty\/2115\/raport-z-lesnych-patroli-w-puszczy-bialowieskiej\/\" target=\"_self\" >Raport z Le\u015bnych Patroli w Puszczy Bia\u0142owieskiej<\/a><\/h3>\n\n<div class=\"wp-block-post-excerpt\"><p class=\"wp-block-post-excerpt__excerpt\">Monitoring stanu ochrony przyrody Puszczy Bia\u0142owieskiej prowadzony przez Greenpeace Polska i Fundacj\u0119 Dzika Polska wykaza\u0142 szkodliwo\u015b\u0107 prowadzonej na jej terenie gospodarki le\u015bnej.<\/p><p class=\"wp-block-post-excerpt__more-text\"><a class=\"wp-block-post-excerpt__more-link\" href=\"https:\/\/www.greenpeace.org\/poland\/raporty\/2115\/raport-z-lesnych-patroli-w-puszczy-bialowieskiej\/\">[Przeczytaj]<\/a><\/p><\/div><\/div>\n<\/div>\n\n<\/li><li class=\"wp-block-post post-902 post type-post status-publish format-standard has-post-thumbnail hentry category-przyroda tag-puszcza-bialowieska tag-lasy p4-page-type-raporty\">\n\n<div class=\"wp-block-columns is-layout-flex wp-container-core-columns-is-layout-9d6595d7 wp-block-columns-is-layout-flex\"><figure style=\"aspect-ratio:2\/3;\" class=\"wp-block-post-featured-image\"><a href=\"https:\/\/www.greenpeace.org\/poland\/raporty\/902\/wyprzedaz-puszczy-bialowieskiej\/\" target=\"_self\"  ><img loading=\"lazy\" decoding=\"async\" width=\"593\" height=\"837\" src=\"https:\/\/www.greenpeace.org\/static\/planet4-poland-stateless\/2010\/05\/22cc1551-wyprzedaz-puszczy.jpg\" class=\"attachment-post-thumbnail size-post-thumbnail wp-post-image wp-stateless-item\" alt=\"Raport: Wyprzeda\u017c Puszczy Bia\u0142owieskiej\" style=\"width:100%;height:100%;object-fit:cover;\" srcset=\"https:\/\/www.greenpeace.org\/static\/planet4-poland-stateless\/2010\/05\/22cc1551-wyprzedaz-puszczy.jpg 593w, https:\/\/www.greenpeace.org\/static\/planet4-poland-stateless\/2010\/05\/22cc1551-wyprzedaz-puszczy-213x300.jpg 213w, https:\/\/www.greenpeace.org\/static\/planet4-poland-stateless\/2010\/05\/22cc1551-wyprzedaz-puszczy-241x340.jpg 241w\" sizes=\"auto, (max-width: 593px) 100vw, 593px\" data-image-size=\"post-thumbnail\" data-stateless-media-bucket=\"planet4-poland-stateless\" data-stateless-media-name=\"2010\/05\/22cc1551-wyprzedaz-puszczy.jpg\" \/><\/a><\/figure>\n\n\n<div class=\"wp-block-group is-layout-flow wp-block-group-is-layout-flow\">\n<div class=\"wp-block-group posts-list-meta is-layout-flow wp-block-group-is-layout-flow\"><div class=\"taxonomy-post_tag wp-block-post-terms\"><a href=\"https:\/\/www.greenpeace.org\/poland\/tag\/puszcza-bialowieska\/\" rel=\"tag\">PuszczaBia\u0142owieska<\/a><span class=\"wp-block-post-terms__separator\"> <\/span><a href=\"https:\/\/www.greenpeace.org\/poland\/tag\/lasy\/\" rel=\"tag\">Lasy<\/a><\/div>\n\n<div class=\"taxonomy-category wp-block-post-terms\"><a href=\"https:\/\/www.greenpeace.org\/poland\/category\/przyroda\/\" rel=\"tag\">Przyroda<\/a><\/div><\/div>\n\n\n<h3 class=\"wp-block-post-title\"><a href=\"https:\/\/www.greenpeace.org\/poland\/raporty\/902\/wyprzedaz-puszczy-bialowieskiej\/\" target=\"_self\" >Raport: Wyprzeda\u017c Puszczy Bia\u0142owieskiej<\/a><\/h3>\n\n<div class=\"wp-block-post-excerpt\"><p class=\"wp-block-post-excerpt__excerpt\">Greenpeace opublikowa\u0142 dzi\u015b raport opisuj\u0105cy destrukcyjn\u0105 gospodark\u0119 le\u015bn\u0105 w Puszczy Bia\u0142owieskiej i dostarczy\u0142 go do Ministerstwa \u015arodowiska z apelem do Ministra Kraszewskiego o jak najszybsze podj\u0119cie dzia\u0142a\u0144 zmierzaj\u0105cych do powstrzymania rabunkowej wycinki drzew prowadzonej na terenie Puszczy.<\/p><p class=\"wp-block-post-excerpt__more-text\"><a class=\"wp-block-post-excerpt__more-link\" href=\"https:\/\/www.greenpeace.org\/poland\/raporty\/902\/wyprzedaz-puszczy-bialowieskiej\/\">[Przeczytaj]<\/a><\/p><\/div><\/div>\n<\/div>\n\n<\/li><\/ul>\n\n\n<div class=\"wp-block-buttons carousel-controls is-horizontal is-content-justification-space-between is-nowrap is-layout-flex wp-container-core-buttons-is-layout-044bd602 wp-block-buttons-is-layout-flex\">\n<div class=\"wp-block-button carousel-control-prev\"><button type=\"button\" class=\"wp-block-button__link wp-element-button\">Wstecz<\/button><\/div>\n\n\n\n<div class=\"wp-block-button carousel-control-next\"><button type=\"button\" class=\"wp-block-button__link wp-element-button\">Dalej<\/button><\/div>\n<\/div>\n\n\n<li class=\" wp-block-navigation-item see-all-link wp-block-navigation-link\"><a class=\"wp-block-navigation-item__content\"  href=\"http:\/\/www.greenpeace.org\/poland\/raporty\/?tag=puszcza-bialowieska\"><span class=\"wp-block-navigation-item__label\">Wi\u0119cej<\/span><\/a><\/li><\/div>\n\n        <div class=\"wp-block-query actions-list p4-query-loop is-custom-layout-actions-list is-custom-layout-grid is-layout-flex wp-block-query-is-layout-flex\">\n<h2 class=\"wp-block-heading\">Co mo\u017cesz zrobi\u0107?<\/h2>\n\n        \n<p style=\"margin-top:24px;margin-bottom:32px\"><\/p>\n\n        \n        <ul class=\"wp-block-post-template is-layout-flow wp-block-post-template-is-layout-flow\"><li class=\"wp-block-post post-38148 p4_action type-p4_action status-publish has-post-thumbnail hentry category-przyroda tag-lasy tag-morza tag-puszcza-bialowieska tag-ochrona-przyrody tag-pszczoly tag-karpaty action-type-wsparcie\">\n<figure class=\"wp-block-post-featured-image\"><img loading=\"lazy\" decoding=\"async\" width=\"1200\" height=\"628\" src=\"https:\/\/www.greenpeace.org\/static\/planet4-poland-stateless\/2025\/09\/bd542487-og-image-dzika-mapa.png\" class=\"attachment-post-thumbnail size-post-thumbnail wp-post-image wp-stateless-item\" alt=\"DzikaMapa.pl\" style=\"object-fit:cover;\" srcset=\"https:\/\/www.greenpeace.org\/static\/planet4-poland-stateless\/2025\/09\/bd542487-og-image-dzika-mapa.png 1200w, https:\/\/www.greenpeace.org\/static\/planet4-poland-stateless\/2025\/09\/bd542487-og-image-dzika-mapa-500x262.png 500w, https:\/\/www.greenpeace.org\/static\/planet4-poland-stateless\/2025\/09\/bd542487-og-image-dzika-mapa-1024x536.png 1024w, https:\/\/www.greenpeace.org\/static\/planet4-poland-stateless\/2025\/09\/bd542487-og-image-dzika-mapa-768x402.png 768w, https:\/\/www.greenpeace.org\/static\/planet4-poland-stateless\/2025\/09\/bd542487-og-image-dzika-mapa-510x267.png 510w\" sizes=\"auto, (max-width: 1200px) 100vw, 1200px\" data-image-size=\"post-thumbnail\" data-stateless-media-bucket=\"planet4-poland-stateless\" data-stateless-media-name=\"2025\/09\/bd542487-og-image-dzika-mapa.png\" \/><\/figure>\n\n\n                <div class=\"wp-block-group group-stretched-link is-layout-flow wp-block-group-is-layout-flow\"><div class=\"wp-block-post-terms\">Przyroda<\/div>\n                <h3 class=\"wp-block-post-title\"><a href=\"https:\/\/www.greenpeace.org\/poland\/wsparcie\/adoptuj-ulubione-dzikie-zwierze\/\" target=\"_self\" >Adoptuj ulubione dzikie zwierz\u0119<\/a><\/h3>\n                <div class=\"wp-block-post-excerpt\"><p class=\"wp-block-post-excerpt__excerpt\">Wybierz ulubione dzikie zwierz\u0119 z mapy Polski, adoptuj je i chro\u0144 z nami jego dom! <\/p><\/div><\/div>\n                \n\n\n<div class=\"wp-block-group read-more-nav is-layout-flow wp-block-group-is-layout-flow\"><a href=\"https:\/\/www.greenpeace.org\/poland\/wsparcie\/adoptuj-ulubione-dzikie-zwierze\/\" class=\"btn btn-primary btn-small\" aria-label=\"Take actionAdoptuj\u0119!\">Adoptuj\u0119!<\/a><\/div>\n\n<\/li><li class=\"wp-block-post post-31434 page type-page status-publish has-post-thumbnail hentry category-przyroda tag-puszcza-bialowieska\">\n<figure class=\"wp-block-post-featured-image\"><img loading=\"lazy\" decoding=\"async\" width=\"1920\" height=\"800\" src=\"https:\/\/www.greenpeace.org\/static\/planet4-poland-stateless\/2022\/01\/58c477c8-mur-w-puszczy.jpg\" class=\"attachment-post-thumbnail size-post-thumbnail wp-post-image wp-stateless-item\" alt=\"\" style=\"object-fit:cover;\" srcset=\"https:\/\/www.greenpeace.org\/static\/planet4-poland-stateless\/2022\/01\/58c477c8-mur-w-puszczy.jpg 1920w, https:\/\/www.greenpeace.org\/static\/planet4-poland-stateless\/2022\/01\/58c477c8-mur-w-puszczy-500x208.jpg 500w, https:\/\/www.greenpeace.org\/static\/planet4-poland-stateless\/2022\/01\/58c477c8-mur-w-puszczy-1024x427.jpg 1024w, https:\/\/www.greenpeace.org\/static\/planet4-poland-stateless\/2022\/01\/58c477c8-mur-w-puszczy-768x320.jpg 768w, https:\/\/www.greenpeace.org\/static\/planet4-poland-stateless\/2022\/01\/58c477c8-mur-w-puszczy-1536x640.jpg 1536w, https:\/\/www.greenpeace.org\/static\/planet4-poland-stateless\/2022\/01\/58c477c8-mur-w-puszczy-510x213.jpg 510w\" sizes=\"auto, (max-width: 1920px) 100vw, 1920px\" data-image-size=\"post-thumbnail\" data-stateless-media-bucket=\"planet4-poland-stateless\" data-stateless-media-name=\"2022\/01\/58c477c8-mur-w-puszczy.jpg\" \/><\/figure>\n\n\n                <div class=\"wp-block-group group-stretched-link is-layout-flow wp-block-group-is-layout-flow\"><div class=\"wp-block-post-terms\">Przyroda<\/div>\n                <h3 class=\"wp-block-post-title\"><a href=\"https:\/\/www.greenpeace.org\/poland\/dzialaj-old\/podpisz-nie-dla-muru-przez-serce-puszczy\/\" target=\"_self\" >Podpisz: NIE dla muru przez serce Puszczy!<\/a><\/h3>\n                <div class=\"wp-block-post-excerpt\"><p class=\"wp-block-post-excerpt__excerpt\">Ruszy\u0142a budowa sze\u015bciometrowego muru w samym sercu Puszczy. Podpisz apel do Komisji Europejskiej o zatrzymanie tej katastrofalnej inwestycji! <\/p><\/div><\/div>\n                \n\n\n<div class=\"wp-block-group read-more-nav is-layout-flow wp-block-group-is-layout-flow\"><a href=\"https:\/\/www.greenpeace.org\/poland\/dzialaj-old\/podpisz-nie-dla-muru-przez-serce-puszczy\/\" class=\"btn btn-primary btn-small\" aria-label=\"Dzia\u0142aj!\">Dzia\u0142aj!<\/a><\/div>\n\n<\/li><li class=\"wp-block-post post-3103 page type-page status-publish has-post-thumbnail hentry category-przyroda tag-puszcza-bialowieska tag-lasy\">\n<figure class=\"wp-block-post-featured-image\"><img loading=\"lazy\" decoding=\"async\" width=\"5184\" height=\"3456\" src=\"https:\/\/www.greenpeace.org\/static\/planet4-poland-stateless\/2019\/06\/7fbe2b54-1605-00326c-adamlawnik.jpg\" class=\"attachment-post-thumbnail size-post-thumbnail wp-post-image wp-stateless-item\" alt=\"Puszcza Bia\u0142owieska\" style=\"object-fit:cover;\" srcset=\"https:\/\/www.greenpeace.org\/static\/planet4-poland-stateless\/2019\/06\/7fbe2b54-1605-00326c-adamlawnik.jpg 5184w, https:\/\/www.greenpeace.org\/static\/planet4-poland-stateless\/2019\/06\/7fbe2b54-1605-00326c-adamlawnik-300x200.jpg 300w, https:\/\/www.greenpeace.org\/static\/planet4-poland-stateless\/2019\/06\/7fbe2b54-1605-00326c-adamlawnik-768x512.jpg 768w, https:\/\/www.greenpeace.org\/static\/planet4-poland-stateless\/2019\/06\/7fbe2b54-1605-00326c-adamlawnik-1024x683.jpg 1024w, https:\/\/www.greenpeace.org\/static\/planet4-poland-stateless\/2019\/06\/7fbe2b54-1605-00326c-adamlawnik-2048x1366.jpg 2048w, https:\/\/www.greenpeace.org\/static\/planet4-poland-stateless\/2019\/06\/7fbe2b54-1605-00326c-adamlawnik-510x340.jpg 510w\" sizes=\"auto, (max-width: 5184px) 100vw, 5184px\" data-image-size=\"post-thumbnail\" data-stateless-media-bucket=\"planet4-poland-stateless\" data-stateless-media-name=\"2019\/06\/7fbe2b54-1605-00326c-adamlawnik.jpg\" \/><\/figure>\n\n\n                <div class=\"wp-block-group group-stretched-link is-layout-flow wp-block-group-is-layout-flow\"><div class=\"wp-block-post-terms\">Przyroda<\/div>\n                <h3 class=\"wp-block-post-title\"><a href=\"https:\/\/www.greenpeace.org\/poland\/dzialaj-old\/podpisz-cala-puszcza-parkiem-narodowym\/\" target=\"_self\" >Podpisz: Ca\u0142a Puszcza Parkiem Narodowym<\/a><\/h3>\n                <div class=\"wp-block-post-excerpt\"><p class=\"wp-block-post-excerpt__excerpt\">Podpisz apel o obj\u0119cie ca\u0142ej Puszczy Bia\u0142owieskiej najwy\u017csz\u0105 form\u0105 ochrony, jak\u0105 jest park narodowy. <\/p><\/div><\/div>\n                \n\n\n<div class=\"wp-block-group read-more-nav is-layout-flow wp-block-group-is-layout-flow\"><a href=\"https:\/\/www.greenpeace.org\/poland\/dzialaj-old\/podpisz-cala-puszcza-parkiem-narodowym\/\" class=\"btn btn-primary btn-small\" aria-label=\"Dzia\u0142aj!\">Dzia\u0142aj!<\/a><\/div>\n\n<\/li><li class=\"wp-block-post post-2962 page type-page status-publish has-post-thumbnail hentry category-przyroda tag-lasy tag-puszcza-bialowieska tag-dzialaj tag-karpaty\">\n<figure class=\"wp-block-post-featured-image\"><img loading=\"lazy\" decoding=\"async\" width=\"2560\" height=\"1707\" src=\"https:\/\/www.greenpeace.org\/static\/planet4-poland-stateless\/2021\/11\/5d972764-gp0strcba_high_res-scaled.jpg\" class=\"attachment-post-thumbnail size-post-thumbnail wp-post-image wp-stateless-item\" alt=\"\" style=\"object-fit:cover;\" srcset=\"https:\/\/www.greenpeace.org\/static\/planet4-poland-stateless\/2021\/11\/5d972764-gp0strcba_high_res-scaled.jpg 2560w, https:\/\/www.greenpeace.org\/static\/planet4-poland-stateless\/2021\/11\/5d972764-gp0strcba_high_res-300x200.jpg 300w, https:\/\/www.greenpeace.org\/static\/planet4-poland-stateless\/2021\/11\/5d972764-gp0strcba_high_res-1024x683.jpg 1024w, https:\/\/www.greenpeace.org\/static\/planet4-poland-stateless\/2021\/11\/5d972764-gp0strcba_high_res-768x512.jpg 768w, https:\/\/www.greenpeace.org\/static\/planet4-poland-stateless\/2021\/11\/5d972764-gp0strcba_high_res-1536x1024.jpg 1536w, https:\/\/www.greenpeace.org\/static\/planet4-poland-stateless\/2021\/11\/5d972764-gp0strcba_high_res-2048x1366.jpg 2048w, https:\/\/www.greenpeace.org\/static\/planet4-poland-stateless\/2021\/11\/5d972764-gp0strcba_high_res-510x340.jpg 510w\" sizes=\"auto, (max-width: 2560px) 100vw, 2560px\" data-image-size=\"post-thumbnail\" data-stateless-media-bucket=\"planet4-poland-stateless\" data-stateless-media-name=\"2021\/11\/5d972764-gp0strcba_high_res-scaled.jpg\" \/><\/figure>\n\n\n                <div class=\"wp-block-group group-stretched-link is-layout-flow wp-block-group-is-layout-flow\"><div class=\"wp-block-post-terms\">Przyroda<\/div>\n                <h3 class=\"wp-block-post-title\"><a href=\"https:\/\/www.greenpeace.org\/poland\/dzialaj-old\/wesprzyj-ochrone-puszczy-bialowieskiej\/\" target=\"_self\" >Wesprzyj ochron\u0119 ostatnich dzikich las\u00f3w<\/a><\/h3>\n                <div class=\"wp-block-post-excerpt\"><p class=\"wp-block-post-excerpt__excerpt\">Chro\u0144 z nami Puszcz\u0119 Bia\u0142owiesk\u0105, lasy Karpat i inne stare i cenne przyrodniczo lasy w Polsce i na \u015bwiecie! <\/p><\/div><\/div>\n                \n\n\n<div class=\"wp-block-group read-more-nav is-layout-flow wp-block-group-is-layout-flow\"><a href=\"https:\/\/www.greenpeace.org\/poland\/dzialaj-old\/wesprzyj-ochrone-puszczy-bialowieskiej\/\" class=\"btn btn-primary btn-small\" aria-label=\"Wesprzyj!\">Wesprzyj!<\/a><\/div>\n\n<\/li><\/ul>\n        \n<div class=\"wp-block-buttons carousel-controls is-horizontal is-content-justification-space-between is-nowrap is-layout-flex wp-container-core-buttons-is-layout-044bd602 wp-block-buttons-is-layout-flex\">\n<div class=\"wp-block-button carousel-control-prev\"><button type=\"button\" class=\"wp-block-button__link wp-element-button\">Wstecz<\/button><\/div>\n\n\n\n<div class=\"wp-block-button carousel-control-next\"><button type=\"button\" class=\"wp-block-button__link wp-element-button\">Dalej<\/button><\/div>\n<\/div>\n\n        \n<div class=\"wp-block-buttons load-more-actions-container is-content-justification-center is-layout-flex wp-container-core-buttons-is-layout-16018d1d wp-block-buttons-is-layout-flex\">\n                <div class=\"wp-block-button is-style-secondary\"><button type=\"button\" class=\"wp-block-button__link wp-element-button\">Poka\u017c wi\u0119cej<\/button><\/div>\n            \n<\/div>\n<\/div>\n        \n<div class=\"wp-block-query posts-list p4-query-loop is-custom-layout-list is-layout-flow wp-block-query-is-layout-flow\">\n<div class=\"wp-block-group is-content-justification-space-between is-layout-flex wp-container-core-group-is-layout-3d213aab wp-block-group-is-layout-flex\">\n<h2 class=\"wp-block-heading\">Le\u015bne aktualno\u015bci<\/h2>\n\n\n<li class=\" wp-block-navigation-item see-all-link wp-block-navigation-link\"><a class=\"wp-block-navigation-item__content\"  href=\"https:\/\/www.greenpeace.org\/poland\/aktualnosci\/?tag=lasy\"><span class=\"wp-block-navigation-item__label\">See all stories<\/span><\/a><\/li><\/div>\n\n\n\n<p style=\"margin-top:24px;margin-bottom:36px\"><\/p>\n\n\n\n\n<ul class=\"wp-block-post-template is-layout-flow wp-block-post-template-is-layout-flow\"><li class=\"wp-block-post post-40075 post type-post status-publish format-standard has-post-thumbnail hentry category-przyroda tag-lasy p4-page-type-aktualnosci\">\n\n<div class=\"wp-block-columns is-layout-flex wp-container-core-columns-is-layout-9d6595d7 wp-block-columns-is-layout-flex\"><figure class=\"wp-block-post-featured-image\"><a href=\"https:\/\/www.greenpeace.org\/poland\/aktualnosci\/40075\/organizacje-przyrodnicze-mowia-jednym-glosem-polska-2050-i-psl-chca-blokowac-ochrone-przyrody\/\" target=\"_self\"  ><img loading=\"lazy\" decoding=\"async\" width=\"1620\" height=\"1080\" src=\"https:\/\/www.greenpeace.org\/static\/planet4-poland-stateless\/2026\/04\/575802f8-adl3985-1.jpg\" class=\"attachment-post-thumbnail size-post-thumbnail wp-post-image wp-stateless-item\" alt=\"Organizacje przyrodnicze m\u00f3wi\u0105 jednym g\u0142osem: Polska 2050 i PSL chc\u0105 blokowa\u0107 ochron\u0119 przyrody\" style=\"object-fit:cover;\" srcset=\"https:\/\/www.greenpeace.org\/static\/planet4-poland-stateless\/2026\/04\/575802f8-adl3985-1.jpg 1620w, https:\/\/www.greenpeace.org\/static\/planet4-poland-stateless\/2026\/04\/575802f8-adl3985-1-500x333.jpg 500w, https:\/\/www.greenpeace.org\/static\/planet4-poland-stateless\/2026\/04\/575802f8-adl3985-1-1024x683.jpg 1024w, https:\/\/www.greenpeace.org\/static\/planet4-poland-stateless\/2026\/04\/575802f8-adl3985-1-768x512.jpg 768w, https:\/\/www.greenpeace.org\/static\/planet4-poland-stateless\/2026\/04\/575802f8-adl3985-1-1536x1024.jpg 1536w, https:\/\/www.greenpeace.org\/static\/planet4-poland-stateless\/2026\/04\/575802f8-adl3985-1-510x340.jpg 510w\" sizes=\"auto, (max-width: 1620px) 100vw, 1620px\" data-image-size=\"post-thumbnail\" data-stateless-media-bucket=\"planet4-poland-stateless\" data-stateless-media-name=\"2026\/04\/575802f8-adl3985-1.jpg\" \/><\/a><\/figure>\n\n\n<div class=\"wp-block-group is-layout-flow wp-block-group-is-layout-flow\">\n<div class=\"wp-block-group is-layout-flex wp-block-group-is-layout-flex\"><div class=\"wp-block-post-terms\"><a href=\"https:\/\/www.greenpeace.org\/poland\/category\/przyroda\/\">Przyroda<\/a><\/div><\/div>\n\n\n<h3 class=\"wp-block-post-title\"><a href=\"https:\/\/www.greenpeace.org\/poland\/aktualnosci\/40075\/organizacje-przyrodnicze-mowia-jednym-glosem-polska-2050-i-psl-chca-blokowac-ochrone-przyrody\/\" target=\"_self\" >Organizacje przyrodnicze m\u00f3wi\u0105 jednym g\u0142osem: Polska 2050 i PSL chc\u0105 blokowa\u0107 ochron\u0119 przyrody<\/a><\/h3>\n\n<div class=\"wp-block-post-excerpt\"><p class=\"wp-block-post-excerpt__excerpt\">Warszawa, 16.04.2026 r. <\/p><\/div>\n\n\n<div class=\"wp-block-group posts-list-meta is-layout-flow wp-block-group-is-layout-flow\"><span class='article-list-item-author'><a href='https:\/\/www.greenpeace.org\/poland\/author\/kasia\/'>Katarzyna Bilewska<\/a><\/span>\n\n<div class=\"wp-block-post-date\"><time datetime=\"2026-04-16T15:11:48+02:00\">2026-04-16<\/time><\/div><\/div>\n<\/div>\n<\/div>\n\n<\/li><li class=\"wp-block-post post-40035 post type-post status-publish format-standard has-post-thumbnail hentry category-przyroda tag-lasy tag-ochrona-przyrody p4-page-type-aktualnosci\">\n\n<div class=\"wp-block-columns is-layout-flex wp-container-core-columns-is-layout-9d6595d7 wp-block-columns-is-layout-flex\"><figure class=\"wp-block-post-featured-image\"><a href=\"https:\/\/www.greenpeace.org\/poland\/aktualnosci\/40035\/psl-i-polska-2050-chca-rozmontowac-ostatni-mechanizm-ochrony-przyrody\/\" target=\"_self\"  ><img loading=\"lazy\" decoding=\"async\" width=\"799\" height=\"533\" src=\"https:\/\/www.greenpeace.org\/static\/planet4-poland-stateless\/2025\/07\/cd861f22-54584470308_7ff6057c19_c.jpg\" class=\"attachment-post-thumbnail size-post-thumbnail wp-post-image wp-stateless-item\" alt=\"PSL i Polska 2050 chc\u0105 rozmontowa\u0107 ostatni mechanizm ochrony przyrody\" style=\"object-fit:cover;\" srcset=\"https:\/\/www.greenpeace.org\/static\/planet4-poland-stateless\/2025\/07\/cd861f22-54584470308_7ff6057c19_c.jpg 799w, https:\/\/www.greenpeace.org\/static\/planet4-poland-stateless\/2025\/07\/cd861f22-54584470308_7ff6057c19_c-500x334.jpg 500w, https:\/\/www.greenpeace.org\/static\/planet4-poland-stateless\/2025\/07\/cd861f22-54584470308_7ff6057c19_c-768x512.jpg 768w, https:\/\/www.greenpeace.org\/static\/planet4-poland-stateless\/2025\/07\/cd861f22-54584470308_7ff6057c19_c-510x340.jpg 510w\" sizes=\"auto, (max-width: 799px) 100vw, 799px\" data-image-size=\"post-thumbnail\" data-stateless-media-bucket=\"planet4-poland-stateless\" data-stateless-media-name=\"2025\/07\/cd861f22-54584470308_7ff6057c19_c.jpg\" \/><\/a><\/figure>\n\n\n<div class=\"wp-block-group is-layout-flow wp-block-group-is-layout-flow\">\n<div class=\"wp-block-group is-layout-flex wp-block-group-is-layout-flex\"><div class=\"wp-block-post-terms\"><a href=\"https:\/\/www.greenpeace.org\/poland\/category\/przyroda\/\">Przyroda<\/a><\/div><\/div>\n\n\n<h3 class=\"wp-block-post-title\"><a href=\"https:\/\/www.greenpeace.org\/poland\/aktualnosci\/40035\/psl-i-polska-2050-chca-rozmontowac-ostatni-mechanizm-ochrony-przyrody\/\" target=\"_self\" >PSL i Polska 2050 chc\u0105 rozmontowa\u0107 ostatni mechanizm ochrony przyrody<\/a><\/h3>\n\n<div class=\"wp-block-post-excerpt\"><p class=\"wp-block-post-excerpt__excerpt\">Pos\u0142owie PSL i Polski 2050 chc\u0105 trwale zablokowa\u0107 powstawanie nowych form ochrony przyrody w Polsce. Zapowiedziany przez nich 14 kwietnia projekt nowelizacji ustawy o ochronie przyrody sprawi, \u017ce tworzenie nowych&hellip; <\/p><\/div>\n\n\n<div class=\"wp-block-group posts-list-meta is-layout-flow wp-block-group-is-layout-flow\"><span class='article-list-item-author'><a href='https:\/\/www.greenpeace.org\/poland\/author\/marek-jozefiak\/'>Marek J\u00f3zefiak<\/a><\/span>\n\n<div class=\"wp-block-post-date\"><time datetime=\"2026-04-15T09:27:14+02:00\">2026-04-15<\/time><\/div><\/div>\n<\/div>\n<\/div>\n\n<\/li><li class=\"wp-block-post post-39539 post type-post status-publish format-standard has-post-thumbnail hentry category-przyroda tag-lasy tag-puszcza-bialowieska p4-page-type-aktualnosci\">\n\n<div class=\"wp-block-columns is-layout-flex wp-container-core-columns-is-layout-9d6595d7 wp-block-columns-is-layout-flex\"><figure class=\"wp-block-post-featured-image\"><a href=\"https:\/\/www.greenpeace.org\/poland\/aktualnosci\/39539\/znow-chca-wycinac-drzewa-w-puszczy-bialowieskiej\/\" target=\"_self\"  ><img loading=\"lazy\" decoding=\"async\" width=\"1200\" height=\"800\" src=\"https:\/\/www.greenpeace.org\/static\/planet4-poland-stateless\/2017\/05\/a0497179-gp0stqsz9_medium_res.jpg\" class=\"attachment-post-thumbnail size-post-thumbnail wp-post-image wp-stateless-item\" alt=\"Zn\u00f3w chc\u0105 wycina\u0107 drzewa w Puszczy Bia\u0142owieskiej\" style=\"object-fit:cover;\" srcset=\"https:\/\/www.greenpeace.org\/static\/planet4-poland-stateless\/2017\/05\/a0497179-gp0stqsz9_medium_res.jpg 1200w, https:\/\/www.greenpeace.org\/static\/planet4-poland-stateless\/2017\/05\/a0497179-gp0stqsz9_medium_res-300x200.jpg 300w, https:\/\/www.greenpeace.org\/static\/planet4-poland-stateless\/2017\/05\/a0497179-gp0stqsz9_medium_res-768x512.jpg 768w, https:\/\/www.greenpeace.org\/static\/planet4-poland-stateless\/2017\/05\/a0497179-gp0stqsz9_medium_res-1024x683.jpg 1024w, https:\/\/www.greenpeace.org\/static\/planet4-poland-stateless\/2017\/05\/a0497179-gp0stqsz9_medium_res-510x340.jpg 510w\" sizes=\"auto, (max-width: 1200px) 100vw, 1200px\" data-image-size=\"post-thumbnail\" data-stateless-media-bucket=\"planet4-poland-stateless\" data-stateless-media-name=\"2017\/05\/a0497179-gp0stqsz9_medium_res.jpg\" \/><\/a><\/figure>\n\n\n<div class=\"wp-block-group is-layout-flow wp-block-group-is-layout-flow\">\n<div class=\"wp-block-group is-layout-flex wp-block-group-is-layout-flex\"><div class=\"wp-block-post-terms\"><a href=\"https:\/\/www.greenpeace.org\/poland\/category\/przyroda\/\">Przyroda<\/a><\/div><\/div>\n\n\n<h3 class=\"wp-block-post-title\"><a href=\"https:\/\/www.greenpeace.org\/poland\/aktualnosci\/39539\/znow-chca-wycinac-drzewa-w-puszczy-bialowieskiej\/\" target=\"_self\" >Zn\u00f3w chc\u0105 wycina\u0107 drzewa w Puszczy Bia\u0142owieskiej<\/a><\/h3>\n\n<div class=\"wp-block-post-excerpt\"><p class=\"wp-block-post-excerpt__excerpt\">Drzewa w Rezerwacie Szafera w Puszczy Bia\u0142owieskiej zn\u00f3w s\u0105 zagro\u017cone wycink\u0105! Podlaski Zarz\u0105d Dr\u00f3g Wojew\u00f3dzkich po raz kolejny pr\u00f3buje przeforsowa\u0107 projekt \u015bcie\u017cki rowerowej, kt\u00f3ry zagra\u017ca jednemu z najstarszych rezerwat\u00f3w przyrody&hellip; <\/p><\/div>\n\n\n<div class=\"wp-block-group posts-list-meta is-layout-flow wp-block-group-is-layout-flow\"><span class='article-list-item-author'><a href='https:\/\/www.greenpeace.org\/poland\/author\/marianna\/'>Greenpeace Polska<\/a><\/span>\n\n<div class=\"wp-block-post-date\"><time datetime=\"2026-03-02T18:12:20+02:00\">2026-03-02<\/time><\/div><\/div>\n<\/div>\n<\/div>\n\n<\/li><li class=\"wp-block-post post-39207 post type-post status-publish format-standard has-post-thumbnail hentry category-przyroda tag-puszcza-bialowieska tag-lasy p4-page-type-aktualnosci\">\n\n<div class=\"wp-block-columns is-layout-flex wp-container-core-columns-is-layout-9d6595d7 wp-block-columns-is-layout-flex\"><figure class=\"wp-block-post-featured-image\"><a href=\"https:\/\/www.greenpeace.org\/poland\/aktualnosci\/39207\/puszcza-bialowieska-musi-byc-wolna-od-pil-konsultacje-plany-natura2000\/\" target=\"_self\"  ><img loading=\"lazy\" decoding=\"async\" width=\"799\" height=\"533\" src=\"https:\/\/www.greenpeace.org\/static\/planet4-poland-stateless\/2026\/01\/cf47fe16-36748029771_5ae66a88f2_c.jpg\" class=\"attachment-post-thumbnail size-post-thumbnail wp-post-image wp-stateless-item\" alt=\"Puszcza Bia\u0142owieska musi by\u0107 wolna od pi\u0142 &#8211; konsultacje planu ochrony\" style=\"object-fit:cover;\" srcset=\"https:\/\/www.greenpeace.org\/static\/planet4-poland-stateless\/2026\/01\/cf47fe16-36748029771_5ae66a88f2_c.jpg 799w, https:\/\/www.greenpeace.org\/static\/planet4-poland-stateless\/2026\/01\/cf47fe16-36748029771_5ae66a88f2_c-500x334.jpg 500w, https:\/\/www.greenpeace.org\/static\/planet4-poland-stateless\/2026\/01\/cf47fe16-36748029771_5ae66a88f2_c-768x512.jpg 768w, https:\/\/www.greenpeace.org\/static\/planet4-poland-stateless\/2026\/01\/cf47fe16-36748029771_5ae66a88f2_c-510x340.jpg 510w\" sizes=\"auto, (max-width: 799px) 100vw, 799px\" data-image-size=\"post-thumbnail\" data-stateless-media-bucket=\"planet4-poland-stateless\" data-stateless-media-name=\"2026\/01\/cf47fe16-36748029771_5ae66a88f2_c.jpg\" \/><\/a><\/figure>\n\n\n<div class=\"wp-block-group is-layout-flow wp-block-group-is-layout-flow\">\n<div class=\"wp-block-group is-layout-flex wp-block-group-is-layout-flex\"><div class=\"wp-block-post-terms\"><a href=\"https:\/\/www.greenpeace.org\/poland\/category\/przyroda\/\">Przyroda<\/a><\/div><\/div>\n\n\n<h3 class=\"wp-block-post-title\"><a href=\"https:\/\/www.greenpeace.org\/poland\/aktualnosci\/39207\/puszcza-bialowieska-musi-byc-wolna-od-pil-konsultacje-plany-natura2000\/\" target=\"_self\" >Puszcza Bia\u0142owieska musi by\u0107 wolna od pi\u0142 &#8211; konsultacje planu ochrony<\/a><\/h3>\n\n<div class=\"wp-block-post-excerpt\"><p class=\"wp-block-post-excerpt__excerpt\">Puszcza Bia\u0142owieska to nie jest zwyk\u0142y las &#8211; to \u017cywy \u015bwiadek historii naturalnej Europy i unikat na skal\u0119 kontynentu, kt\u00f3ry od pokole\u0144 uczy nas pokory wobec si\u0142 przyrody. Od lat&hellip; <\/p><\/div>\n\n\n<div class=\"wp-block-group posts-list-meta is-layout-flow wp-block-group-is-layout-flow\"><span class='article-list-item-author'><a href='https:\/\/www.greenpeace.org\/poland\/author\/marianna\/'>Greenpeace Polska<\/a><\/span>\n\n<div class=\"wp-block-post-date\"><time datetime=\"2026-01-14T18:49:11+02:00\">2026-01-14<\/time><\/div><\/div>\n<\/div>\n<\/div>\n\n<\/li><li class=\"wp-block-post post-39160 post type-post status-publish format-standard has-post-thumbnail hentry category-przyroda tag-lasy tag-ochrona-przyrody tag-karpaty tag-greenwashing p4-page-type-aktualnosci\">\n\n<div class=\"wp-block-columns is-layout-flex wp-container-core-columns-is-layout-9d6595d7 wp-block-columns-is-layout-flex\"><figure class=\"wp-block-post-featured-image\"><a href=\"https:\/\/www.greenpeace.org\/poland\/aktualnosci\/39160\/polak-prezesem-koncernu-ikea-mamy-dla-niego-zyczenia-noworoczne\/\" target=\"_self\"  ><img loading=\"lazy\" decoding=\"async\" width=\"799\" height=\"533\" src=\"https:\/\/www.greenpeace.org\/static\/planet4-poland-stateless\/2025\/09\/489e7efa-54791100029_6dc25ec4f5_c.jpg\" class=\"attachment-post-thumbnail size-post-thumbnail wp-post-image wp-stateless-item\" alt=\"Polak prezesem koncernu IKEA. Mamy dla niego \u017cyczenia noworoczne\" style=\"object-fit:cover;\" srcset=\"https:\/\/www.greenpeace.org\/static\/planet4-poland-stateless\/2025\/09\/489e7efa-54791100029_6dc25ec4f5_c.jpg 799w, https:\/\/www.greenpeace.org\/static\/planet4-poland-stateless\/2025\/09\/489e7efa-54791100029_6dc25ec4f5_c-500x334.jpg 500w, https:\/\/www.greenpeace.org\/static\/planet4-poland-stateless\/2025\/09\/489e7efa-54791100029_6dc25ec4f5_c-768x512.jpg 768w, https:\/\/www.greenpeace.org\/static\/planet4-poland-stateless\/2025\/09\/489e7efa-54791100029_6dc25ec4f5_c-510x340.jpg 510w\" sizes=\"auto, (max-width: 799px) 100vw, 799px\" data-image-size=\"post-thumbnail\" data-stateless-media-bucket=\"planet4-poland-stateless\" data-stateless-media-name=\"2025\/09\/489e7efa-54791100029_6dc25ec4f5_c.jpg\" \/><\/a><\/figure>\n\n\n<div class=\"wp-block-group is-layout-flow wp-block-group-is-layout-flow\">\n<div class=\"wp-block-group is-layout-flex wp-block-group-is-layout-flex\"><div class=\"wp-block-post-terms\"><a href=\"https:\/\/www.greenpeace.org\/poland\/category\/przyroda\/\">Przyroda<\/a><\/div><\/div>\n\n\n<h3 class=\"wp-block-post-title\"><a href=\"https:\/\/www.greenpeace.org\/poland\/aktualnosci\/39160\/polak-prezesem-koncernu-ikea-mamy-dla-niego-zyczenia-noworoczne\/\" target=\"_self\" >Polak prezesem koncernu IKEA. Mamy dla niego \u017cyczenia noworoczne<\/a><\/h3>\n\n<div class=\"wp-block-post-excerpt\"><p class=\"wp-block-post-excerpt__excerpt\">Pierwszego stycznia stery \u015bwiatowej IKEI obejmie Polak, Jakub Jankowski. \u017byczymy Panu Prezesowi, by zacz\u0105\u0142 prac\u0119 od wstrzymania wycinek w szczeg\u00f3lnie cennych karpackich lasach. <\/p><\/div>\n\n\n<div class=\"wp-block-group posts-list-meta is-layout-flow wp-block-group-is-layout-flow\"><span class='article-list-item-author'><a href='https:\/\/www.greenpeace.org\/poland\/author\/mvelez\/'>Marcel Andino Velez<\/a><\/span>\n\n<div class=\"wp-block-post-date\"><time datetime=\"2025-12-29T23:56:54+02:00\">2025-12-29<\/time><\/div><\/div>\n<\/div>\n<\/div>\n\n<\/li><\/ul>\n\n\n<div class=\"wp-block-buttons carousel-controls is-horizontal is-content-justification-space-between is-nowrap is-layout-flex wp-container-core-buttons-is-layout-044bd602 wp-block-buttons-is-layout-flex\">\n<div class=\"wp-block-button carousel-control-prev\"><button type=\"button\" class=\"wp-block-button__link wp-element-button\">Wstecz<\/button><\/div>\n\n\n\n<div class=\"wp-block-button carousel-control-next\"><button type=\"button\" class=\"wp-block-button__link wp-element-button\">Dalej<\/button><\/div>\n<\/div>\n\n\n<li class=\" wp-block-navigation-item see-all-link wp-block-navigation-link\"><a class=\"wp-block-navigation-item__content\"  href=\"https:\/\/www.greenpeace.org\/poland\/aktualnosci\/?tag=lasy\"><span class=\"wp-block-navigation-item__label\">Wi\u0119cej<\/span><\/a><\/li><\/div>\n","protected":false},"excerpt":{"rendered":"<p>Ca\u0142a Puszcza parkiem narodowym! Ten wyj\u0105tkowy las zas\u0142uguje na pe\u0142n\u0105 ochron\u0119 jako park narodowy. Postuluj\u0105 to od lat naukowcy, chce tego zdecydowana wi\u0119kszo\u015b\u0107 Polek i Polak\u00f3w. Niestety kolejne rz\u0105dy nie chc\u0105 podj\u0105\u0107 decyzji w tej sprawie. Przez to w ostatnich latach Puszcza staje si\u0119 raz po raz ofiar\u0105 pychy i chciwo\u015bci, jej stare, wyj\u0105tkowo przyrodnicze [&hellip;]<\/p>\n","protected":false},"author":25,"featured_media":583,"parent":54,"menu_order":0,"comment_status":"closed","ping_status":"closed","template":"","meta":{"ep_exclude_from_search":false,"p4_hide_page_title_checkbox":"on","p4_title":"","p4_subtitle":"","p4_description":"","background_image_id":"","background_image":"","p4_button_title":"","p4_button_link":"","p4_button_link_checkbox":"","p4_og_title":"","p4_og_description":"","p4_og_image":"","p4_og_image_id":"","p4_seo_canonical_url":"","p4_campaign_name":"not set","p4_local_project":"not set","p4_basket_name":"not set","p4_department":"","footnotes":""},"categories":[3],"tags":[19,22],"class_list":["post-581","page","type-page","status-publish","has-post-thumbnail","hentry","category-przyroda","tag-lasy","tag-puszcza-bialowieska"],"_links":{"self":[{"href":"https:\/\/www.greenpeace.org\/poland\/wp-json\/wp\/v2\/pages\/581","targetHints":{"allow":["GET"]}}],"collection":[{"href":"https:\/\/www.greenpeace.org\/poland\/wp-json\/wp\/v2\/pages"}],"about":[{"href":"https:\/\/www.greenpeace.org\/poland\/wp-json\/wp\/v2\/types\/page"}],"author":[{"embeddable":true,"href":"https:\/\/www.greenpeace.org\/poland\/wp-json\/wp\/v2\/users\/25"}],"replies":[{"embeddable":true,"href":"https:\/\/www.greenpeace.org\/poland\/wp-json\/wp\/v2\/comments?post=581"}],"version-history":[{"count":20,"href":"https:\/\/www.greenpeace.org\/poland\/wp-json\/wp\/v2\/pages\/581\/revisions"}],"predecessor-version":[{"id":40000,"href":"https:\/\/www.greenpeace.org\/poland\/wp-json\/wp\/v2\/pages\/581\/revisions\/40000"}],"up":[{"embeddable":true,"href":"https:\/\/www.greenpeace.org\/poland\/wp-json\/wp\/v2\/pages\/54"}],"wp:featuredmedia":[{"embeddable":true,"href":"https:\/\/www.greenpeace.org\/poland\/wp-json\/wp\/v2\/media\/583"}],"wp:attachment":[{"href":"https:\/\/www.greenpeace.org\/poland\/wp-json\/wp\/v2\/media?parent=581"}],"wp:term":[{"taxonomy":"category","embeddable":true,"href":"https:\/\/www.greenpeace.org\/poland\/wp-json\/wp\/v2\/categories?post=581"},{"taxonomy":"post_tag","embeddable":true,"href":"https:\/\/www.greenpeace.org\/poland\/wp-json\/wp\/v2\/tags?post=581"}],"curies":[{"name":"wp","href":"https:\/\/api.w.org\/{rel}","templated":true}]}}