{"id":628,"date":"2019-06-09T01:13:37","date_gmt":"2019-06-08T23:13:37","guid":{"rendered":"https:\/\/master.k8s.p4.greenpeace.org\/poland\/?page_id=628"},"modified":"2026-04-08T10:55:47","modified_gmt":"2026-04-08T08:55:47","slug":"pszczoly","status":"publish","type":"page","link":"https:\/\/www.greenpeace.org\/poland\/dowiedz-sie\/rolnictwo\/pszczoly\/","title":{"rendered":"#Pszczo\u0142y"},"content":{"rendered":"\n\n<div class=\"wp-block-group alignfull is-layout-flow wp-block-group-is-layout-flow\">\n<div class=\"wp-block-group container is-layout-flow wp-block-group-is-layout-flow\">\n<div class=\"wp-block-media-text alignfull has-media-on-the-right is-stacked-on-mobile is-pattern-p4-page-header is-style-parallax\"><div class=\"wp-block-media-text__content\">\n<div class=\"wp-block-group is-layout-flow wp-block-group-is-layout-flow\">\n<h1 class=\"wp-block-heading has-white-background-color has-background\">Pszczo\u0142y miodne i dziko \u017cyj\u0105ce<\/h1>\n<\/div>\n\n\n\n<p style=\"font-size:1.25rem\">Pszczo\u0142y miodne i dziko \u017cyj\u0105ce odpowiadaj\u0105 za zapylanie ro\u015blin, kt\u00f3re stanowi\u0105 ponad 1\/3 naszej codziennej diety. Dlatego s\u0105 tak wa\u017cne dla rolnictwa i produkcji \u017cywno\u015bci.<\/p>\n\n\n\n<p>Niestety \u015bmiertelna mieszanka, w sk\u0142ad kt\u00f3rej wchodz\u0105 toksyczne pestycydy, paso\u017cyty pszcz\u00f3\u0142 i zmiany klimatu sprawia, \u017ce zapylacze na ca\u0142ym \u015bwiecie s\u0105 w kryzysie.<\/p>\n\n\n\n<div class=\"wp-block-buttons is-layout-flex wp-block-buttons-is-layout-flex\">\n<div class=\"wp-block-button is-style-cta\"><a class=\"wp-block-button__link wp-element-button\" href=\"https:\/\/adoptujpszczole.pl\/?fundraiser=gppl\">We\u017a udzia\u0142 w akcji Adoptuj Pszczo\u0142\u0119!<\/a><\/div>\n<\/div>\n<\/div><figure class=\"wp-block-media-text__media\"><img loading=\"lazy\" decoding=\"async\" width=\"1024\" height=\"683\" src=\"https:\/\/www.greenpeace.org\/static\/planet4-poland-stateless\/2021\/07\/a6052cea-adobestock_381751830-1024x683.jpeg\" alt=\"\" sizes=\"auto, (min-width: 601px) 50vw, 100vw\" srcset=\"https:\/\/www.greenpeace.org\/static\/planet4-poland-stateless\/2021\/07\/a6052cea-adobestock_381751830-scaled.jpeg 2560w, https:\/\/www.greenpeace.org\/static\/planet4-poland-stateless\/2021\/07\/a6052cea-adobestock_381751830-300x200.jpeg 300w, https:\/\/www.greenpeace.org\/static\/planet4-poland-stateless\/2021\/07\/a6052cea-adobestock_381751830-1024x683.jpeg 1024w, https:\/\/www.greenpeace.org\/static\/planet4-poland-stateless\/2021\/07\/a6052cea-adobestock_381751830-768x513.jpeg 768w, https:\/\/www.greenpeace.org\/static\/planet4-poland-stateless\/2021\/07\/a6052cea-adobestock_381751830-1536x1025.jpeg 1536w, https:\/\/www.greenpeace.org\/static\/planet4-poland-stateless\/2021\/07\/a6052cea-adobestock_381751830-2048x1366.jpeg 2048w, https:\/\/www.greenpeace.org\/static\/planet4-poland-stateless\/2021\/07\/a6052cea-adobestock_381751830-510x340.jpeg 510w\" class=\"wp-image-30397 size-full\"\/><\/figure><\/div>\n<\/div>\n<\/div>\n\n<div data-render=\"planet4-blocks\/columns\" data-attributes=\"{&quot;attributes&quot;:{&quot;columns_block_style&quot;:&quot;image&quot;,&quot;columns&quot;:[{&quot;title&quot;:&quot;Dlaczego pszczo\\u0142y s\\u0105 wa\\u017cne?&quot;,&quot;description&quot;:&quot;Pszczo\\u0142y i inne owady zapylaj\\u0105ce odgrywaj\\u0105 kluczow\\u0105 rol\\u0119 w naszym ekosystemie. Co trzecia \\u0142y\\u017cka jedzenia, kt\\u00f3re spo\\u017cywamy, zale\\u017cy od procesu zapylania. Gdyby owady zapylaj\\u0105ce znikn\\u0119\\u0142y, dla \\u015bwiata oznacza\\u0142oby to katastrof\\u0119 nie tylko ekologiczn\\u0105 \\u2014 za\\u0142ama\\u0142aby si\\u0119 produkcja \\u017cywno\\u015bci. Co sta\\u0142oby si\\u0119 z zapylaniem? Jak mog\\u0142oby si\\u0119 odbywa\\u0107? R\\u0119czne zapylanie jest niezwykle drogie, powolne i wymaga ogromnych nak\\u0142ad\\u00f3w pracy. Globalna warto\\u015b\\u0107 ekonomiczna zapylania przez pszczo\\u0142y zosta\\u0142a ustalona na 265 milion\\u00f3w euro rocznie. Tak wi\\u0119c z punktu widzenia samej ekonomii, op\\u0142aca nam si\\u0119 chroni\\u0107 pszczo\\u0142y! &quot;,&quot;cta_link&quot;:&quot;https:\\\/\\\/www.greenpeace.org\\\/poland\\\/raporty\\\/2236\\\/raport-nie-tylko-miod-wartosc-zapylania-upraw-rolniczych-w-2015r\\\/&quot;,&quot;cta_text&quot;:&quot;Raport: Nie tylko mi\\u00f3d&quot;,&quot;link_new_tab&quot;:true,&quot;attachment&quot;:&quot;https:\\\/\\\/www.greenpeace.org\\\/static\\\/planet4-poland-stateless\\\/2019\\\/06\\\/b733b406-bee-bumblebee-close-up-998248-510x287.jpg&quot;,&quot;attachment_srcset&quot;:&quot;https:\\\/\\\/www.greenpeace.org\\\/static\\\/planet4-poland-stateless\\\/2019\\\/06\\\/b733b406-bee-bumblebee-close-up-998248-510x287.jpg 510w, https:\\\/\\\/www.greenpeace.org\\\/static\\\/planet4-poland-stateless\\\/2019\\\/06\\\/b733b406-bee-bumblebee-close-up-998248-300x169.jpg 300w, https:\\\/\\\/www.greenpeace.org\\\/static\\\/planet4-poland-stateless\\\/2019\\\/06\\\/b733b406-bee-bumblebee-close-up-998248-768x432.jpg 768w, https:\\\/\\\/www.greenpeace.org\\\/static\\\/planet4-poland-stateless\\\/2019\\\/06\\\/b733b406-bee-bumblebee-close-up-998248-1024x576.jpg 1024w, https:\\\/\\\/www.greenpeace.org\\\/static\\\/planet4-poland-stateless\\\/2019\\\/06\\\/b733b406-bee-bumblebee-close-up-998248-2048x1152.jpg 2048w, https:\\\/\\\/www.greenpeace.org\\\/static\\\/planet4-poland-stateless\\\/2019\\\/06\\\/b733b406-bee-bumblebee-close-up-998248-e1565274653260.jpg 1500w&quot;},{&quot;title&quot;:&quot;Co szkodzi pszczo\\u0142om?&quot;,&quot;description&quot;:&quot;W\\u015br\\u00f3d najwa\\u017cniejszych problem\\u00f3w, z jakimi mierz\\u0105 si\\u0119 obecnie owady zapylaj\\u0105ce \\u2014 g\\u0142\\u00f3wnie te dziko\\u017cyj\\u0105ce. W 2018 roku Unia Europejska wprowadzi\\u0142a niemal ca\\u0142kowity zakaz stosowania najbardziej szkodliwych dla pszcz\\u00f3\\u0142 neonikotynoid\\u00f3w. Niestety polski minister \\u015brodowiska, nie licz\\u0105c si\\u0119 ze zdaniem naukowc\\u00f3w, organizacji pozarz\\u0105dowych i pszczelarzy, zacz\\u0105\\u0142 wprowadza\\u0107 odst\\u0119pstwa od zakazu, skazuj\\u0105c miliony pszcz\\u00f3\\u0142 na kontakt ze szkodliwymi substancjami.&quot;,&quot;cta_link&quot;:&quot;https:\\\/\\\/www.greenpeace.org\\\/poland\\\/raporty\\\/1955\\\/raport-spadek-populacji-pszczol\\\/&quot;,&quot;cta_text&quot;:&quot;Raport: Spadek populacji pszcz\\u00f3\\u0142&quot;,&quot;link_new_tab&quot;:true,&quot;attachment&quot;:&quot;https:\\\/\\\/www.greenpeace.org\\\/static\\\/planet4-poland-stateless\\\/2025\\\/05\\\/b2c69907-40-jpg-453x340.jpg&quot;,&quot;attachment_srcset&quot;:&quot;https:\\\/\\\/www.greenpeace.org\\\/static\\\/planet4-poland-stateless\\\/2025\\\/05\\\/b2c69907-40-jpg-453x340.jpg 453w, https:\\\/\\\/www.greenpeace.org\\\/static\\\/planet4-poland-stateless\\\/2025\\\/05\\\/b2c69907-40-jpg-500x375.jpg 500w, https:\\\/\\\/www.greenpeace.org\\\/static\\\/planet4-poland-stateless\\\/2025\\\/05\\\/b2c69907-40-jpg-1024x768.jpg 1024w, https:\\\/\\\/www.greenpeace.org\\\/static\\\/planet4-poland-stateless\\\/2025\\\/05\\\/b2c69907-40-jpg-768x576.jpg 768w, https:\\\/\\\/www.greenpeace.org\\\/static\\\/planet4-poland-stateless\\\/2025\\\/05\\\/b2c69907-40-jpg.jpg 1200w&quot;}],&quot;className&quot;:&quot;is-style-image&quot;}}\"><\/div><div data-hydrate=\"planet4-blocks\/gallery\" data-attributes=\"{&quot;attributes&quot;:{&quot;gallery_block_title&quot;:&quot;Dzikie pszczo\\u0142y Polski&quot;,&quot;gallery_block_description&quot;:&quot;Poza wszystkim \\u015bwietnie znan\\u0105 pszczo\\u0142\\u0105 miodn\\u0105, w Polsce \\u017cyje prawie p\\u00f3\\u0142 tysi\\u0105ca gatunk\\u00f3w innych pszczo\\u0142owatych - dzikich zapylaczy z nadrodziny pszcz\\u00f3\\u0142 &lt;em&gt;Apoidea. &lt;\\\/em&gt;Pe\\u0142ni\\u0105 r\\u00f3wnie wa\\u017cn\\u0105, a nawet wa\\u017cniejsza rol\\u0119 w \\u015brodowisku, b\\u0119d\\u0105c \\u015bwietnymi zapylaczami dla dzikich ro\\u015blin. Niestety mniej wi\\u0119cej po\\u0142owa z nich to gatunki rzadkie lub zagro\\u017cone. Dlatego tak wa\\u017cne jest, by w dzia\\u0142aniach na rzecz ochrony zapylaczy nie pomija\\u0107 pszcz\\u00f3\\u0142 dziko \\u017cyj\\u0105cych. One nie maja swoich opiekunk\\u00f3w-pszczelarzy. &quot;,&quot;multiple_image&quot;:&quot;32883,32884,32885,32886&quot;,&quot;image_data&quot;:[{&quot;url&quot;:&quot;https:\\\/\\\/www.greenpeace.org\\\/static\\\/planet4-poland-stateless\\\/2023\\\/05\\\/c7cbef05-pseudosmuklik_lasioglossum_calceatum.jpg&quot;,&quot;focalPoint&quot;:{&quot;x&quot;:0.5,&quot;y&quot;:0.5},&quot;id&quot;:32883},{&quot;url&quot;:&quot;https:\\\/\\\/www.greenpeace.org\\\/static\\\/planet4-poland-stateless\\\/2023\\\/05\\\/9fa36da6-pszczolinka-czerwonawa_andrena_rosae.jpg&quot;,&quot;focalPoint&quot;:{&quot;x&quot;:0.5,&quot;y&quot;:0.5},&quot;id&quot;:32884},{&quot;url&quot;:&quot;https:\\\/\\\/www.greenpeace.org\\\/static\\\/planet4-poland-stateless\\\/2023\\\/05\\\/d7fb5411-pszczolinka.jpg&quot;,&quot;focalPoint&quot;:{&quot;x&quot;:0.5,&quot;y&quot;:0.5},&quot;id&quot;:32885},{&quot;url&quot;:&quot;https:\\\/\\\/www.greenpeace.org\\\/static\\\/planet4-poland-stateless\\\/2023\\\/05\\\/cdcf54c6-smuklik_halictus_sp.jpg&quot;,&quot;focalPoint&quot;:{&quot;x&quot;:0.5,&quot;y&quot;:0.5},&quot;id&quot;:32886}],&quot;className&quot;:&quot;wp-block-planet4-blocks-gallery&quot;,&quot;gallery_block_style&quot;:0,&quot;gallery_block_focus_points&quot;:&quot;&quot;,&quot;images&quot;:[{&quot;image_src&quot;:&quot;https:\\\/\\\/www.greenpeace.org\\\/static\\\/planet4-poland-stateless\\\/2023\\\/05\\\/c7cbef05-pseudosmuklik_lasioglossum_calceatum.jpg&quot;,&quot;image_srcset&quot;:&quot;https:\\\/\\\/www.greenpeace.org\\\/static\\\/planet4-poland-stateless\\\/2023\\\/05\\\/c7cbef05-pseudosmuklik_lasioglossum_calceatum.jpg 1200w, https:\\\/\\\/www.greenpeace.org\\\/static\\\/planet4-poland-stateless\\\/2023\\\/05\\\/c7cbef05-pseudosmuklik_lasioglossum_calceatum-500x260.jpg 500w, https:\\\/\\\/www.greenpeace.org\\\/static\\\/planet4-poland-stateless\\\/2023\\\/05\\\/c7cbef05-pseudosmuklik_lasioglossum_calceatum-1024x532.jpg 1024w, https:\\\/\\\/www.greenpeace.org\\\/static\\\/planet4-poland-stateless\\\/2023\\\/05\\\/c7cbef05-pseudosmuklik_lasioglossum_calceatum-768x399.jpg 768w, https:\\\/\\\/www.greenpeace.org\\\/static\\\/planet4-poland-stateless\\\/2023\\\/05\\\/c7cbef05-pseudosmuklik_lasioglossum_calceatum-510x265.jpg 510w&quot;,&quot;image_sizes&quot;:false,&quot;alt_text&quot;:&quot;Dzika Pszczo\\u0142a Pseudosmuklik - lasioglossum calceatum&quot;,&quot;caption&quot;:&quot;Pseudosmuklik - Lasioglossum calceatum&quot;,&quot;focus_image&quot;:&quot;&quot;,&quot;credits&quot;:&quot;\\u00a9 Anna i Krzysztof Krzysztofiak&quot;},{&quot;image_src&quot;:&quot;https:\\\/\\\/www.greenpeace.org\\\/static\\\/planet4-poland-stateless\\\/2023\\\/05\\\/9fa36da6-pszczolinka-czerwonawa_andrena_rosae.jpg&quot;,&quot;image_srcset&quot;:&quot;https:\\\/\\\/www.greenpeace.org\\\/static\\\/planet4-poland-stateless\\\/2023\\\/05\\\/9fa36da6-pszczolinka-czerwonawa_andrena_rosae.jpg 1200w, https:\\\/\\\/www.greenpeace.org\\\/static\\\/planet4-poland-stateless\\\/2023\\\/05\\\/9fa36da6-pszczolinka-czerwonawa_andrena_rosae-500x276.jpg 500w, https:\\\/\\\/www.greenpeace.org\\\/static\\\/planet4-poland-stateless\\\/2023\\\/05\\\/9fa36da6-pszczolinka-czerwonawa_andrena_rosae-1024x565.jpg 1024w, https:\\\/\\\/www.greenpeace.org\\\/static\\\/planet4-poland-stateless\\\/2023\\\/05\\\/9fa36da6-pszczolinka-czerwonawa_andrena_rosae-768x424.jpg 768w, https:\\\/\\\/www.greenpeace.org\\\/static\\\/planet4-poland-stateless\\\/2023\\\/05\\\/9fa36da6-pszczolinka-czerwonawa_andrena_rosae-510x281.jpg 510w&quot;,&quot;image_sizes&quot;:false,&quot;alt_text&quot;:&quot;Dzika Pszczo\\u0142a Pszczolinka czerwonawa - Andrena rosae&quot;,&quot;caption&quot;:&quot;Pszczolinka czerwonawa - Andrena rosae&quot;,&quot;focus_image&quot;:&quot;&quot;,&quot;credits&quot;:&quot;\\u00a9 Anna i Krzysztof Krzysztofiak&quot;},{&quot;image_src&quot;:&quot;https:\\\/\\\/www.greenpeace.org\\\/static\\\/planet4-poland-stateless\\\/2023\\\/05\\\/d7fb5411-pszczolinka.jpg&quot;,&quot;image_srcset&quot;:&quot;https:\\\/\\\/www.greenpeace.org\\\/static\\\/planet4-poland-stateless\\\/2023\\\/05\\\/d7fb5411-pszczolinka.jpg 1200w, https:\\\/\\\/www.greenpeace.org\\\/static\\\/planet4-poland-stateless\\\/2023\\\/05\\\/d7fb5411-pszczolinka-500x300.jpg 500w, https:\\\/\\\/www.greenpeace.org\\\/static\\\/planet4-poland-stateless\\\/2023\\\/05\\\/d7fb5411-pszczolinka-1024x614.jpg 1024w, https:\\\/\\\/www.greenpeace.org\\\/static\\\/planet4-poland-stateless\\\/2023\\\/05\\\/d7fb5411-pszczolinka-768x460.jpg 768w, https:\\\/\\\/www.greenpeace.org\\\/static\\\/planet4-poland-stateless\\\/2023\\\/05\\\/d7fb5411-pszczolinka-510x306.jpg 510w&quot;,&quot;image_sizes&quot;:false,&quot;alt_text&quot;:&quot;Dzika Pszczo\\u0142a Pszczolinka&quot;,&quot;caption&quot;:&quot;Pszczolinka&quot;,&quot;focus_image&quot;:&quot;&quot;,&quot;credits&quot;:&quot;\\u00a9 Anna i Krzysztof Krzysztofiak&quot;},{&quot;image_src&quot;:&quot;https:\\\/\\\/www.greenpeace.org\\\/static\\\/planet4-poland-stateless\\\/2023\\\/05\\\/cdcf54c6-smuklik_halictus_sp.jpg&quot;,&quot;image_srcset&quot;:&quot;https:\\\/\\\/www.greenpeace.org\\\/static\\\/planet4-poland-stateless\\\/2023\\\/05\\\/cdcf54c6-smuklik_halictus_sp.jpg 1200w, https:\\\/\\\/www.greenpeace.org\\\/static\\\/planet4-poland-stateless\\\/2023\\\/05\\\/cdcf54c6-smuklik_halictus_sp-500x309.jpg 500w, https:\\\/\\\/www.greenpeace.org\\\/static\\\/planet4-poland-stateless\\\/2023\\\/05\\\/cdcf54c6-smuklik_halictus_sp-1024x633.jpg 1024w, https:\\\/\\\/www.greenpeace.org\\\/static\\\/planet4-poland-stateless\\\/2023\\\/05\\\/cdcf54c6-smuklik_halictus_sp-768x475.jpg 768w, https:\\\/\\\/www.greenpeace.org\\\/static\\\/planet4-poland-stateless\\\/2023\\\/05\\\/cdcf54c6-smuklik_halictus_sp-510x315.jpg 510w&quot;,&quot;image_sizes&quot;:false,&quot;alt_text&quot;:&quot;Dzika Pszczo\\u0142a Smuklik - Halictus&quot;,&quot;caption&quot;:&quot;Smuklik - Halictus&quot;,&quot;focus_image&quot;:&quot;&quot;,&quot;credits&quot;:&quot;\\u00a9 Anna i Krzysztof Krzysztofiak&quot;}]}}\"><header><h2 class=\"page-section-header\">Dzikie pszczo\u0142y Polski<\/h2><\/header><p class=\"page-section-description\">Poza wszystkim \u015bwietnie znan\u0105 pszczo\u0142\u0105 miodn\u0105, w Polsce \u017cyje prawie p\u00f3\u0142 tysi\u0105ca gatunk\u00f3w innych pszczo\u0142owatych &#8211; dzikich zapylaczy z nadrodziny pszcz\u00f3\u0142 <em>Apoidea. <\/em>Pe\u0142ni\u0105 r\u00f3wnie wa\u017cn\u0105, a nawet wa\u017cniejsza rol\u0119 w \u015brodowisku, b\u0119d\u0105c \u015bwietnymi zapylaczami dla dzikich ro\u015blin. Niestety mniej wi\u0119cej po\u0142owa z nich to gatunki rzadkie lub zagro\u017cone. Dlatego tak wa\u017cne jest, by w dzia\u0142aniach na rzecz ochrony zapylaczy nie pomija\u0107 pszcz\u00f3\u0142 dziko \u017cyj\u0105cych. One nie maja swoich opiekunk\u00f3w-pszczelarzy. <\/p><\/section><\/div>\n<\/div>\n<h2 class=\"wp-block-heading\">Jak pom\u00f3c pszczo\u0142om i innym owadom zapylaj\u0105cym?<\/h2>\n\n<p>Pszczo\u0142y miodne i dzikie owady zapylaj\u0105ce odgrywaj\u0105 kluczow\u0105 rol\u0119 w rolnictwie i produkcji \u017cywno\u015bci. Niestety, obecnie stosowany model rolny oparty na agresywnym wykorzystaniu substancji chemicznych zagra\u017ca zar\u00f3wno jednym, jak i drugim, przez co stwarza niebezpiecze\u0144stwo dla \u0142a\u0144cucha dostaw \u017cywno\u015bci. Istniej\u0105 mocne dowody naukowe wskazuj\u0105ce, \u017ce neonikotynoidy i inne pestycydy s\u0105 w du\u017cym stopniu odpowiedzialne za proces gini\u0119cia pszcz\u00f3\u0142. Maj\u0105c to na uwadze, apelujemy do polityk\u00f3w o podj\u0119cie nast\u0119puj\u0105cych dzia\u0142a\u0144:<\/p>\n<div data-render=\"planet4-blocks\/columns\" data-attributes=\"{&quot;attributes&quot;:{&quot;columns_title&quot;:&quot;&quot;,&quot;columns_description&quot;:&quot;&quot;,&quot;columns&quot;:[{&quot;title&quot;:&quot;Zakaz stosowania toksycznych pestycyd\\u00f3w&quot;,&quot;description&quot;:&quot;Wprowadzenie ca\\u0142kowitego i trwa\\u0142ego zakazu stosowania pestycyd\\u00f3w szkodliwych dla pszcz\\u00f3\\u0142 i innych owad\\u00f3w zapylaj\\u0105cych, poczynaj\\u0105c od siedmiu najbardziej niebezpiecznych neonikotynoid\\u00f3w, czyli imidakloprydu, tiametoksamu, klotianidyny, fipronilu, chloropiryfosu, cypermetryny i deltametryny. Polskie ministerstwo rolnictwa powinno s\\u0142ucha\\u0107 g\\u0142osu naukowc\\u00f3w i pszczelarzy, a nie lobby agrochemicznego.&quot;,&quot;attachment&quot;:0,&quot;cta_link&quot;:&quot;https:\\\/\\\/dzialaj.greenpeace.pl\\\/eu-pszczoly&quot;,&quot;cta_text&quot;:&quot;Podpisz apel&quot;,&quot;link_new_tab&quot;:true},{&quot;title&quot;:&quot;Strategia Ochrony Owad\\u00f3w Zapylaj\\u0105cych&quot;,&quot;description&quot;:&quot;Przyj\\u0119cie Narodowej Strategii Ochrony Owad\\u00f3w Zapylaj\\u0105cych, kt\\u00f3ra zak\\u0142ada m.in. monitorowanie stanu zdrowia pszcz\\u00f3\\u0142 miodnych i innych owad\\u00f3w zapylaj\\u0105cych, kompleksowej ocena ryzyka stosowania pestycyd\\u00f3w i zmniejszenie skali wykorzystywania ich w produkcji w rolnictwie i nie tylko, wspierania i promocji praktyk rolniczych maj\\u0105cych korzystny wp\\u0142yw na \\u017cycie owad\\u00f3w, np. rotacji upraw, ustanawiania obszar\\u00f3w proekologicznych na poziomie indywidualnych gospodarstw, wspierania ekologicznych metod upraw, zwi\\u0119kszenia ochrony naturalnych i p\\u00f3\\u0142naturalnych siedlisk wok\\u00f3\\u0142 obszar\\u00f3w rolniczych, a tak\\u017ce wzmacnianie bior\\u00f3\\u017cnorodno\\u015bci p\\u00f3l uprawnych.&quot;,&quot;attachment&quot;:0,&quot;cta_link&quot;:&quot;https:\\\/\\\/www.greenpeace.org\\\/poland\\\/narodowa-strategia-ochrony-owadow-zapylajacych\\\/&quot;,&quot;cta_text&quot;:&quot;Wi\\u0119cej informacji&quot;,&quot;link_new_tab&quot;:false},{&quot;title&quot;:&quot;Zwi\\u0119kszenie finansowania bada\\u0144&quot;,&quot;description&quot;:&quot;Zwi\\u0119kszania finansowania bada\\u0144, rozwoju i ekologicznych praktyk rolnych polegaj\\u0105cych na odchodzeniu od chemicznych metod ochrony ro\\u015blin i stosowaniu rozwi\\u0105za\\u0144 opartych na bior\\u00f3\\u017cnorodno\\u015bci, chroni\\u0105cych przed szkodnikami wzmacniaj\\u0105cych odporno\\u015b\\u0107 ca\\u0142ego ekosystemu. Unia Europejska powinna przeznacza\\u0107 wi\\u0119cej \\u015brodk\\u00f3w na badania w dziedzinie rolnictwa ekologicznego.&quot;,&quot;attachment&quot;:0,&quot;cta_link&quot;:&quot;&quot;,&quot;cta_text&quot;:&quot;&quot;,&quot;link_new_tab&quot;:false}],&quot;className&quot;:&quot;is-style-no_image&quot;,&quot;columns_block_style&quot;:&quot;no_image&quot;}}\"><\/div>\n<div data-hydrate=\"planet4-blocks\/carousel-header\" data-attributes=\"{&quot;carousel_autoplay&quot;:false,&quot;slides&quot;:[{&quot;image&quot;:2892,&quot;focal_points&quot;:{&quot;x&quot;:0.7564523051104207,&quot;y&quot;:0.2707515940946691},&quot;header&quot;:&quot;Akcja Adoptuj Pszczo\u0142\u0119&quot;,&quot;subheader&quot;:&quot;&quot;,&quot;description&quot;:&quot;Dzi\u0119ki akcji ju\u017c  od ponad 10 lat powstaje wielki r\u00f3j przyjaci\u00f3\u0142 owad\u00f3w zapylaj\u0105cych, z kt\u00f3rym razem tworzymy Polsk\u0119 Przyjazn\u0105 Pszczo\u0142om! Adoptuj Pszczo\u0142\u0119 to setki tysi\u0119cy adoptowanych pszcz\u00f3\u0142 i dziesi\u0105tki dzia\u0142a\u0144 na rzecz ochrony zapylaczy w ca\u0142ej Polsce!&quot;,&quot;link_text&quot;:&quot;Dowiedz si\u0119 wi\u0119cej&quot;,&quot;link_url&quot;:&quot;https:\/\/podsumowanie.adoptujpszczole.pl&quot;,&quot;link_url_new_tab&quot;:true,&quot;image_url&quot;:&quot;https:\/\/www.greenpeace.org\/static\/planet4-poland-stateless\/2019\/06\/d007f7cc-16020371295_52e1248ba7_o.jpg&quot;,&quot;image_srcset&quot;:&quot;https:\/\/www.greenpeace.org\/static\/planet4-poland-stateless\/2019\/06\/d007f7cc-16020371295_52e1248ba7_o-150x150.jpg 150w,https:\/\/www.greenpeace.org\/static\/planet4-poland-stateless\/2019\/06\/d007f7cc-16020371295_52e1248ba7_o-300x201.jpg 300w,https:\/\/www.greenpeace.org\/static\/planet4-poland-stateless\/2019\/06\/d007f7cc-16020371295_52e1248ba7_o-768x514.jpg 768w,https:\/\/www.greenpeace.org\/static\/planet4-poland-stateless\/2019\/06\/d007f7cc-16020371295_52e1248ba7_o-1024x685.jpg 1024w,https:\/\/www.greenpeace.org\/static\/planet4-poland-stateless\/2019\/06\/d007f7cc-16020371295_52e1248ba7_o-2041x1366.jpg 2041w,https:\/\/www.greenpeace.org\/static\/planet4-poland-stateless\/2019\/06\/d007f7cc-16020371295_52e1248ba7_o-508x340.jpg 508w,https:\/\/www.greenpeace.org\/static\/planet4-poland-stateless\/2019\/06\/d007f7cc-16020371295_52e1248ba7_o.jpg 2804w&quot;,&quot;image_alt&quot;:&quot;Pszczo\u0142a miodna&quot;}],&quot;currentImageIndex&quot;:0,&quot;className&quot;:&quot;wp-block-planet4-blocks-carousel-header&quot;}\"><section class=\"block block-header alignfull carousel-header wp-block-planet4-blocks-carousel-header\"><div class=\"carousel-wrapper-header\"><ul class=\"carousel-inner\" role=\"listbox\"><li class=\"carousel-item active\" tabindex=\"0\" role=\"tabpanel\" alt=\"\"><div class=\"carousel-item-mask\"><div class=\"background-holder\"><img decoding=\"async\" src=\"https:\/\/www.greenpeace.org\/static\/planet4-poland-stateless\/2019\/06\/d007f7cc-16020371295_52e1248ba7_o.jpg\" style=\"object-position:75.64523051104207% 27.07515940946691%\" srcSet=\"https:\/\/www.greenpeace.org\/static\/planet4-poland-stateless\/2019\/06\/d007f7cc-16020371295_52e1248ba7_o-150x150.jpg 150w,https:\/\/www.greenpeace.org\/static\/planet4-poland-stateless\/2019\/06\/d007f7cc-16020371295_52e1248ba7_o-300x201.jpg 300w,https:\/\/www.greenpeace.org\/static\/planet4-poland-stateless\/2019\/06\/d007f7cc-16020371295_52e1248ba7_o-768x514.jpg 768w,https:\/\/www.greenpeace.org\/static\/planet4-poland-stateless\/2019\/06\/d007f7cc-16020371295_52e1248ba7_o-1024x685.jpg 1024w,https:\/\/www.greenpeace.org\/static\/planet4-poland-stateless\/2019\/06\/d007f7cc-16020371295_52e1248ba7_o-2041x1366.jpg 2041w,https:\/\/www.greenpeace.org\/static\/planet4-poland-stateless\/2019\/06\/d007f7cc-16020371295_52e1248ba7_o-508x340.jpg 508w,https:\/\/www.greenpeace.org\/static\/planet4-poland-stateless\/2019\/06\/d007f7cc-16020371295_52e1248ba7_o.jpg 2804w\" alt=\"Pszczo\u0142a miodna\"\/><\/div><div class=\"carousel-caption\"><div class=\"caption-overlay\"><\/div><div class=\"container main-header\"><div class=\"carousel-captions-wrapper\"><h2>Akcja Adoptuj Pszczo\u0142\u0119<\/h2><p>Dzi\u0119ki akcji ju\u017c  od ponad 10 lat powstaje wielki r\u00f3j przyjaci\u00f3\u0142 owad\u00f3w zapylaj\u0105cych, z kt\u00f3rym razem tworzymy Polsk\u0119 Przyjazn\u0105 Pszczo\u0142om! Adoptuj Pszczo\u0142\u0119 to setki tysi\u0119cy adoptowanych pszcz\u00f3\u0142 i dziesi\u0105tki dzia\u0142a\u0144 na rzecz ochrony zapylaczy w ca\u0142ej Polsce!<\/p><\/div><div class=\"col-xs-12 col-sm-8 col-md-4 action-button\"><a href=\"https:\/\/podsumowanie.adoptujpszczole.pl\" class=\"btn btn-primary\" data-ga-category=\"Carousel Header\" data-ga-action=\"Call to Action\" rel=\"noreferrer noopener\" target=\"_blank\" tabindex=\"0\"><span>Dowiedz si\u0119 wi\u0119cej<\/span><\/a><\/div><\/div><\/div><\/div><\/li><\/ul><\/div><\/section><\/div>\n\n<div class=\"wp-block-query actions-list p4-query-loop is-custom-layout-carousel is-layout-flex wp-block-query-is-layout-flex\">\n<h2 class=\"wp-block-heading\">Pomagamy pszczo\u0142om razem &#8211; zobacz, co mo\u017cesz zrobi\u0107!<\/h2>\n\n\n\n<p style=\"margin-top:24px;margin-bottom:32px\"><\/p>\n\n\n\n\n<ul class=\"wp-block-post-template is-layout-flow wp-block-post-template-is-layout-flow\"><li class=\"wp-block-post post-39694 p4_action type-p4_action status-publish has-post-thumbnail hentry category-przyroda category-rolnictwo tag-pszczoly tag-rolnictwo tag-zywnosc tag-substancjetoksyczne action-type-petycje\">\n<figure class=\"wp-block-post-featured-image\"><img loading=\"lazy\" decoding=\"async\" width=\"954\" height=\"716\" src=\"https:\/\/www.greenpeace.org\/static\/planet4-poland-stateless\/2026\/03\/fbe118bf-pestycydy-cut.jpg\" class=\"attachment-post-thumbnail size-post-thumbnail wp-post-image wp-stateless-item\" alt=\"\" style=\"object-fit:cover;\" srcset=\"https:\/\/www.greenpeace.org\/static\/planet4-poland-stateless\/2026\/03\/fbe118bf-pestycydy-cut.jpg 954w, https:\/\/www.greenpeace.org\/static\/planet4-poland-stateless\/2026\/03\/fbe118bf-pestycydy-cut-500x375.jpg 500w, https:\/\/www.greenpeace.org\/static\/planet4-poland-stateless\/2026\/03\/fbe118bf-pestycydy-cut-768x576.jpg 768w, https:\/\/www.greenpeace.org\/static\/planet4-poland-stateless\/2026\/03\/fbe118bf-pestycydy-cut-453x340.jpg 453w\" sizes=\"auto, (max-width: 954px) 100vw, 954px\" data-image-size=\"post-thumbnail\" data-stateless-media-bucket=\"planet4-poland-stateless\" data-stateless-media-name=\"2026\/03\/fbe118bf-pestycydy-cut.jpg\" \/><\/figure>\n\n\n                <div class=\"wp-block-group group-stretched-link is-layout-flow wp-block-group-is-layout-flow\"><div class=\"wp-block-post-terms\">Przyroda<\/div>\n                <h3 class=\"wp-block-post-title\"><a href=\"https:\/\/www.greenpeace.org\/poland\/petycje\/podpisz-stop-pestycydom-na-polach-i-lakach\/\" target=\"_self\" >Podpisz: STOP pestycydom na polach i \u0142\u0105kach<\/a><\/h3>\n                <div class=\"wp-block-post-excerpt\"><p class=\"wp-block-post-excerpt__excerpt\">Bezpieczna \u017cywno\u015b\u0107 i ochrona pszcz\u00f3\u0142 to nasz wsp\u00f3lny interes &#8211; nie mo\u017ce sta\u0107 w cieniu zysk\u00f3w chemicznych gigant\u00f3w. <\/p><\/div><\/div>\n                \n\n\n<div class=\"wp-block-group read-more-nav is-layout-flow wp-block-group-is-layout-flow\"><a href=\"https:\/\/www.greenpeace.org\/poland\/petycje\/podpisz-stop-pestycydom-na-polach-i-lakach\/\" class=\"btn btn-primary btn-small\" aria-label=\"Podpisz apel!\">Dzia\u0142aj!<\/a><\/div>\n\n<\/li><li class=\"wp-block-post post-38148 p4_action type-p4_action status-publish has-post-thumbnail hentry category-przyroda tag-lasy tag-morza tag-puszcza-bialowieska tag-ochrona-przyrody tag-pszczoly tag-karpaty action-type-wsparcie\">\n<figure class=\"wp-block-post-featured-image\"><img loading=\"lazy\" decoding=\"async\" width=\"1200\" height=\"628\" src=\"https:\/\/www.greenpeace.org\/static\/planet4-poland-stateless\/2025\/09\/bd542487-og-image-dzika-mapa.png\" class=\"attachment-post-thumbnail size-post-thumbnail wp-post-image wp-stateless-item\" alt=\"DzikaMapa.pl\" style=\"object-fit:cover;\" srcset=\"https:\/\/www.greenpeace.org\/static\/planet4-poland-stateless\/2025\/09\/bd542487-og-image-dzika-mapa.png 1200w, https:\/\/www.greenpeace.org\/static\/planet4-poland-stateless\/2025\/09\/bd542487-og-image-dzika-mapa-500x262.png 500w, https:\/\/www.greenpeace.org\/static\/planet4-poland-stateless\/2025\/09\/bd542487-og-image-dzika-mapa-1024x536.png 1024w, https:\/\/www.greenpeace.org\/static\/planet4-poland-stateless\/2025\/09\/bd542487-og-image-dzika-mapa-768x402.png 768w, https:\/\/www.greenpeace.org\/static\/planet4-poland-stateless\/2025\/09\/bd542487-og-image-dzika-mapa-510x267.png 510w\" sizes=\"auto, (max-width: 1200px) 100vw, 1200px\" data-image-size=\"post-thumbnail\" data-stateless-media-bucket=\"planet4-poland-stateless\" data-stateless-media-name=\"2025\/09\/bd542487-og-image-dzika-mapa.png\" \/><\/figure>\n\n\n                <div class=\"wp-block-group group-stretched-link is-layout-flow wp-block-group-is-layout-flow\"><div class=\"wp-block-post-terms\">Przyroda<\/div>\n                <h3 class=\"wp-block-post-title\"><a href=\"https:\/\/www.greenpeace.org\/poland\/wsparcie\/adoptuj-ulubione-dzikie-zwierze\/\" target=\"_self\" >Adoptuj ulubione dzikie zwierz\u0119<\/a><\/h3>\n                <div class=\"wp-block-post-excerpt\"><p class=\"wp-block-post-excerpt__excerpt\">Wybierz ulubione dzikie zwierz\u0119 z mapy Polski, adoptuj je i chro\u0144 z nami jego dom! <\/p><\/div><\/div>\n                \n\n\n<div class=\"wp-block-group read-more-nav is-layout-flow wp-block-group-is-layout-flow\"><a href=\"https:\/\/www.greenpeace.org\/poland\/wsparcie\/adoptuj-ulubione-dzikie-zwierze\/\" class=\"btn btn-primary btn-small\" aria-label=\"Take actionAdoptuj\u0119!\">Adoptuj\u0119!<\/a><\/div>\n\n<\/li><li class=\"wp-block-post post-702 page type-page status-publish has-post-thumbnail hentry category-przyroda category-rolnictwo tag-dzialaj tag-pszczoly tag-ochrona-przyrody\">\n<figure class=\"wp-block-post-featured-image\"><img loading=\"lazy\" decoding=\"async\" width=\"2048\" height=\"1365\" src=\"https:\/\/www.greenpeace.org\/static\/planet4-poland-stateless\/2019\/06\/09c8f8a7-9710396174_6ec4edec19_k.jpg\" class=\"attachment-post-thumbnail size-post-thumbnail wp-post-image wp-stateless-item\" alt=\"\" style=\"object-fit:cover;\" srcset=\"https:\/\/www.greenpeace.org\/static\/planet4-poland-stateless\/2019\/06\/09c8f8a7-9710396174_6ec4edec19_k.jpg 2048w, https:\/\/www.greenpeace.org\/static\/planet4-poland-stateless\/2019\/06\/09c8f8a7-9710396174_6ec4edec19_k-300x200.jpg 300w, https:\/\/www.greenpeace.org\/static\/planet4-poland-stateless\/2019\/06\/09c8f8a7-9710396174_6ec4edec19_k-768x512.jpg 768w, https:\/\/www.greenpeace.org\/static\/planet4-poland-stateless\/2019\/06\/09c8f8a7-9710396174_6ec4edec19_k-1024x683.jpg 1024w, https:\/\/www.greenpeace.org\/static\/planet4-poland-stateless\/2019\/06\/09c8f8a7-9710396174_6ec4edec19_k-510x340.jpg 510w\" sizes=\"auto, (max-width: 2048px) 100vw, 2048px\" data-image-size=\"post-thumbnail\" data-stateless-media-bucket=\"planet4-poland-stateless\" data-stateless-media-name=\"2019\/06\/09c8f8a7-9710396174_6ec4edec19_k.jpg\" \/><\/figure>\n\n\n                <div class=\"wp-block-group group-stretched-link is-layout-flow wp-block-group-is-layout-flow\"><div class=\"wp-block-post-terms\">Przyroda<\/div>\n                <h3 class=\"wp-block-post-title\"><a href=\"https:\/\/www.greenpeace.org\/poland\/dzialaj-old\/zbuduj-hotel-dla-zapylaczy\/\" target=\"_self\" >Zbuduj hotel dla zapylaczy<\/a><\/h3>\n                <div class=\"wp-block-post-excerpt\"><p class=\"wp-block-post-excerpt__excerpt\">Wybierz jeden z trzech modeli i stw\u00f3rz sw\u00f3j pierwszy domek dla dzikich pszcz\u00f3\u0142 i innych owad\u00f3w zapylaj\u0105cych! <\/p><\/div><\/div>\n                \n\n\n<div class=\"wp-block-group read-more-nav is-layout-flow wp-block-group-is-layout-flow\"><a href=\"https:\/\/www.greenpeace.org\/poland\/dzialaj-old\/zbuduj-hotel-dla-zapylaczy\/\" class=\"btn btn-primary btn-small\" aria-label=\"Dzia\u0142aj!\">Dzia\u0142aj!<\/a><\/div>\n\n<\/li><li class=\"wp-block-post post-29417 page type-page status-publish has-post-thumbnail hentry category-rolnictwo tag-dzialaj tag-pszczoly\">\n<figure class=\"wp-block-post-featured-image\"><img loading=\"lazy\" decoding=\"async\" width=\"1920\" height=\"882\" src=\"https:\/\/www.greenpeace.org\/static\/planet4-poland-stateless\/2023\/05\/35431639-trzmiel-w-krokusie-ap10.jpg\" class=\"attachment-post-thumbnail size-post-thumbnail wp-post-image wp-stateless-item\" alt=\"Dzika Pszczo\u0142a\" style=\"object-fit:cover;\" srcset=\"https:\/\/www.greenpeace.org\/static\/planet4-poland-stateless\/2023\/05\/35431639-trzmiel-w-krokusie-ap10.jpg 1920w, https:\/\/www.greenpeace.org\/static\/planet4-poland-stateless\/2023\/05\/35431639-trzmiel-w-krokusie-ap10-500x230.jpg 500w, https:\/\/www.greenpeace.org\/static\/planet4-poland-stateless\/2023\/05\/35431639-trzmiel-w-krokusie-ap10-1024x470.jpg 1024w, https:\/\/www.greenpeace.org\/static\/planet4-poland-stateless\/2023\/05\/35431639-trzmiel-w-krokusie-ap10-768x353.jpg 768w, https:\/\/www.greenpeace.org\/static\/planet4-poland-stateless\/2023\/05\/35431639-trzmiel-w-krokusie-ap10-1536x706.jpg 1536w, https:\/\/www.greenpeace.org\/static\/planet4-poland-stateless\/2023\/05\/35431639-trzmiel-w-krokusie-ap10-510x234.jpg 510w\" sizes=\"auto, (max-width: 1920px) 100vw, 1920px\" data-image-size=\"post-thumbnail\" data-stateless-media-bucket=\"planet4-poland-stateless\" data-stateless-media-name=\"2023\/05\/35431639-trzmiel-w-krokusie-ap10.jpg\" \/><\/figure>\n\n\n                <div class=\"wp-block-group group-stretched-link is-layout-flow wp-block-group-is-layout-flow\"><div class=\"wp-block-post-terms\">Rolnictwo<\/div>\n                <h3 class=\"wp-block-post-title\"><a href=\"https:\/\/www.greenpeace.org\/poland\/dzialaj-old\/adoptuj-pszczole\/\" target=\"_self\" >We\u017a udzia\u0142 w akcji &#8222;Adoptuj Pszczo\u0142\u0119&#8221;<\/a><\/h3>\n                <div class=\"wp-block-post-excerpt\"><p class=\"wp-block-post-excerpt__excerpt\">We\u017a udzia\u0142 w najstarszej i najfajniejszej akcji pomocy pszczo\u0142om, w kt\u00f3rej od ponad 10 lat dziesi\u0105tki tysi\u0119cy os\u00f3b staj\u0105 sie pszczelimi bohaterami i bohaterkami ratuj\u0105c owady zapylaj\u0105ce! <\/p><\/div><\/div>\n                \n\n\n<div class=\"wp-block-group read-more-nav is-layout-flow wp-block-group-is-layout-flow\"><a href=\"https:\/\/www.greenpeace.org\/poland\/dzialaj-old\/adoptuj-pszczole\/\" class=\"btn btn-primary btn-small\" aria-label=\"Dzia\u0142aj!\">Dzia\u0142aj!<\/a><\/div>\n\n<\/li><li class=\"wp-block-post post-28583 page type-page status-publish has-post-thumbnail hentry category-rolnictwo tag-dzialaj tag-pszczoly\">\n<figure class=\"wp-block-post-featured-image\"><img loading=\"lazy\" decoding=\"async\" width=\"2048\" height=\"1151\" src=\"https:\/\/www.greenpeace.org\/static\/planet4-poland-stateless\/2019\/06\/22fb7a43-8799754961_b2cd2891c6_k-e1631630348697.jpg\" class=\"attachment-post-thumbnail size-post-thumbnail wp-post-image wp-stateless-item\" alt=\"Pszczo\u0142a na kwiatku\" style=\"object-fit:cover;\" srcset=\"https:\/\/www.greenpeace.org\/static\/planet4-poland-stateless\/2019\/06\/22fb7a43-8799754961_b2cd2891c6_k-e1631630348697.jpg 2048w, https:\/\/www.greenpeace.org\/static\/planet4-poland-stateless\/2019\/06\/22fb7a43-8799754961_b2cd2891c6_k-e1631630348697-300x169.jpg 300w, https:\/\/www.greenpeace.org\/static\/planet4-poland-stateless\/2019\/06\/22fb7a43-8799754961_b2cd2891c6_k-e1631630348697-768x432.jpg 768w, https:\/\/www.greenpeace.org\/static\/planet4-poland-stateless\/2019\/06\/22fb7a43-8799754961_b2cd2891c6_k-e1631630348697-1024x576.jpg 1024w, https:\/\/www.greenpeace.org\/static\/planet4-poland-stateless\/2019\/06\/22fb7a43-8799754961_b2cd2891c6_k-e1631630348697-510x287.jpg 510w, https:\/\/www.greenpeace.org\/static\/planet4-poland-stateless\/2019\/06\/22fb7a43-8799754961_b2cd2891c6_k-e1631630348697-1536x863.jpg 1536w\" sizes=\"auto, (max-width: 2048px) 100vw, 2048px\" data-image-size=\"post-thumbnail\" data-stateless-media-bucket=\"planet4-poland-stateless\" data-stateless-media-name=\"2019\/06\/22fb7a43-8799754961_b2cd2891c6_k-e1631630348697.jpg\" \/><\/figure>\n\n\n                <div class=\"wp-block-group group-stretched-link is-layout-flow wp-block-group-is-layout-flow\"><div class=\"wp-block-post-terms\">Rolnictwo<\/div>\n                <h3 class=\"wp-block-post-title\"><a href=\"https:\/\/www.greenpeace.org\/poland\/dzialaj-old\/pszczele-kursy-online\/\" target=\"_self\" >Zapisz si\u0119 na pszczele kursy online<\/a><\/h3>\n                <div class=\"wp-block-post-excerpt\"><p class=\"wp-block-post-excerpt__excerpt\">Zapraszamy na 3 darmowe kursy online: budowy pszczelich domk\u00f3w, zmiany balkonu\/ogrodu w pszczeli raj i pog\u0142\u0119bionej wiedzy o zapylaczach! <\/p><\/div><\/div>\n                \n\n\n<div class=\"wp-block-group read-more-nav is-layout-flow wp-block-group-is-layout-flow\"><a href=\"https:\/\/www.greenpeace.org\/poland\/dzialaj-old\/pszczele-kursy-online\/\" class=\"btn btn-primary btn-small\" aria-label=\"Dzia\u0142aj!\">Dzia\u0142aj!<\/a><\/div>\n\n<\/li><li class=\"wp-block-post post-3096 page type-page status-publish has-post-thumbnail hentry category-rolnictwo tag-rolnictwo tag-pszczoly\">\n<figure class=\"wp-block-post-featured-image\"><img loading=\"lazy\" decoding=\"async\" width=\"1600\" height=\"1066\" src=\"https:\/\/www.greenpeace.org\/static\/planet4-poland-stateless\/2018\/10\/1e2a3723-37423730592_b393566ce9_h.jpg\" class=\"attachment-post-thumbnail size-post-thumbnail wp-post-image wp-stateless-item\" alt=\"\" style=\"object-fit:cover;\" srcset=\"https:\/\/www.greenpeace.org\/static\/planet4-poland-stateless\/2018\/10\/1e2a3723-37423730592_b393566ce9_h.jpg 1600w, https:\/\/www.greenpeace.org\/static\/planet4-poland-stateless\/2018\/10\/1e2a3723-37423730592_b393566ce9_h-300x200.jpg 300w, https:\/\/www.greenpeace.org\/static\/planet4-poland-stateless\/2018\/10\/1e2a3723-37423730592_b393566ce9_h-768x512.jpg 768w, https:\/\/www.greenpeace.org\/static\/planet4-poland-stateless\/2018\/10\/1e2a3723-37423730592_b393566ce9_h-1024x682.jpg 1024w, https:\/\/www.greenpeace.org\/static\/planet4-poland-stateless\/2018\/10\/1e2a3723-37423730592_b393566ce9_h-510x340.jpg 510w\" sizes=\"auto, (max-width: 1600px) 100vw, 1600px\" data-image-size=\"post-thumbnail\" data-stateless-media-bucket=\"planet4-poland-stateless\" data-stateless-media-name=\"2018\/10\/1e2a3723-37423730592_b393566ce9_h.jpg\" \/><\/figure>\n\n\n                <div class=\"wp-block-group group-stretched-link is-layout-flow wp-block-group-is-layout-flow\"><div class=\"wp-block-post-terms\">Rolnictwo<\/div>\n                <h3 class=\"wp-block-post-title\"><a href=\"https:\/\/www.greenpeace.org\/poland\/dzialaj-old\/podpisz-dosc-trucia-pszczol\/\" target=\"_self\" >Podpisz: Do\u015b\u0107 trucia pszcz\u00f3\u0142!<\/a><\/h3>\n                <div class=\"wp-block-post-excerpt\"><p class=\"wp-block-post-excerpt__excerpt\">Podpisz apel o jak najszybsze przyj\u0119cie Narodowej Strategii Ochrony Owad\u00f3w Zapylaj\u0105cych i zapewnienie im ochrony, na jak\u0105 zas\u0142uguj\u0105! <\/p><\/div><\/div>\n                \n\n\n<div class=\"wp-block-group read-more-nav is-layout-flow wp-block-group-is-layout-flow\"><a href=\"https:\/\/www.greenpeace.org\/poland\/dzialaj-old\/podpisz-dosc-trucia-pszczol\/\" class=\"btn btn-primary btn-small\" aria-label=\"Dzia\u0142aj!\">Dzia\u0142aj!<\/a><\/div>\n\n<\/li><\/ul>\n\n\n<div class=\"wp-block-buttons carousel-controls is-horizontal is-content-justification-space-between is-nowrap is-layout-flex wp-container-core-buttons-is-layout-044bd602 wp-block-buttons-is-layout-flex\">\n<div class=\"wp-block-button carousel-control-prev\"><button type=\"button\" class=\"wp-block-button__link wp-element-button\">Prev<\/button><\/div>\n\n\n\n<div class=\"wp-block-button carousel-control-next\"><button type=\"button\" class=\"wp-block-button__link wp-element-button\">Next<\/button><\/div>\n<\/div>\n\n\n\n<div class=\"wp-block-buttons load-more-actions-container is-content-justification-center is-layout-flex wp-container-core-buttons-is-layout-16018d1d wp-block-buttons-is-layout-flex\">\n<div class=\"wp-block-button is-style-secondary\"><button type=\"button\" class=\"wp-block-button__link wp-element-button\">Poka\u017c wi\u0119cej<\/button><\/div>\n<\/div>\n<\/div>\n\n<h2 class=\"wp-block-heading\">Scenariusze lekcji o pszczo\u0142ach<\/h2>\n\n<p>Je\u015bli prowadzisz zaj\u0119cia z dzie\u0107mi lub m\u0142odzie\u017c\u0105 i chcesz zainteresowa\u0107 ich losem pszcz\u00f3\u0142 i innych owad\u00f3w zapylaj\u0105cych, skorzystaj z przygotowanego przez nas <a href=\"https:\/\/www.greenpeace.org\/static\/planet4-poland-stateless\/2019\/06\/32dcbdc7-greenpeace_scenariusze_lekcji_zapylacze.pdf\">zestawu lekcji dla dzieci i m\u0142odzie\u017cy w r\u00f3\u017cnym wieku<\/a> &#8211; od przedszkola po gimnazjum. Scenariusze zawieraj\u0105 nie tylko pomys\u0142y, ale i gotowe materia\u0142y, kt\u00f3re wystarczy wydrukowa\u0107 i s\u0105 gotowe do wykorzystania \ud83d\ude42 Powodzenia!<\/p>\n\n<figure class=\"wp-block-image aligncenter\"><a href=\"https:\/\/www.greenpeace.org\/static\/planet4-poland-stateless\/2019\/06\/32dcbdc7-greenpeace_scenariusze_lekcji_zapylacze.pdf\"><img loading=\"lazy\" decoding=\"async\" width=\"960\" height=\"360\" src=\"https:\/\/www.greenpeace.org\/static\/planet4-poland-stateless\/2019\/06\/6b47b43d-os-scenariusze.jpg\" alt=\"\" class=\"wp-image-2897\" srcset=\"https:\/\/www.greenpeace.org\/static\/planet4-poland-stateless\/2019\/06\/6b47b43d-os-scenariusze.jpg 960w, https:\/\/www.greenpeace.org\/static\/planet4-poland-stateless\/2019\/06\/6b47b43d-os-scenariusze-300x113.jpg 300w, https:\/\/www.greenpeace.org\/static\/planet4-poland-stateless\/2019\/06\/6b47b43d-os-scenariusze-768x288.jpg 768w, https:\/\/www.greenpeace.org\/static\/planet4-poland-stateless\/2019\/06\/6b47b43d-os-scenariusze-510x191.jpg 510w\" sizes=\"auto, (max-width: 960px) 100vw, 960px\" \/><\/a><\/figure>\n\n<div class=\"wp-block-query posts-list p4-query-loop is-custom-layout-carousel is-layout-flex wp-block-query-is-layout-flex\">\n<div class=\"wp-block-group is-content-justification-space-between is-layout-flex wp-container-core-group-is-layout-3d213aab wp-block-group-is-layout-flex\">\n<h2 class=\"wp-block-heading\">Pszczele raporty<\/h2>\n<\/div>\n\n\n\n<p style=\"margin-top:24px;margin-bottom:36px\"><\/p>\n\n\n\n\n<ul class=\"wp-block-post-template is-layout-flow wp-block-post-template-is-layout-flow\"><li class=\"wp-block-post post-39703 post type-post status-publish format-standard has-post-thumbnail hentry category-przyroda category-rolnictwo tag-rolnictwo tag-pszczoly tag-zywnosc p4-page-type-raporty\">\n\n<div class=\"wp-block-columns is-layout-flex wp-container-core-columns-is-layout-9d6595d7 wp-block-columns-is-layout-flex\"><figure style=\"aspect-ratio:3\/4;\" class=\"wp-block-post-featured-image\"><a href=\"https:\/\/www.greenpeace.org\/poland\/raporty\/39703\/raport-pestycydy-w-polskich-miodach\/\" target=\"_self\"  ><img loading=\"lazy\" decoding=\"async\" width=\"1004\" height=\"1426\" src=\"https:\/\/www.greenpeace.org\/static\/planet4-poland-stateless\/2026\/03\/56be30bc-wielki-test-miodu-okladka.png\" class=\"attachment-post-thumbnail size-post-thumbnail wp-post-image wp-stateless-item\" alt=\"Raport: Pestycydy w polskich miodach\" style=\"width:100%;height:100%;object-fit:cover;\" srcset=\"https:\/\/www.greenpeace.org\/static\/planet4-poland-stateless\/2026\/03\/56be30bc-wielki-test-miodu-okladka.png 1004w, https:\/\/www.greenpeace.org\/static\/planet4-poland-stateless\/2026\/03\/56be30bc-wielki-test-miodu-okladka-352x500.png 352w, https:\/\/www.greenpeace.org\/static\/planet4-poland-stateless\/2026\/03\/56be30bc-wielki-test-miodu-okladka-721x1024.png 721w, https:\/\/www.greenpeace.org\/static\/planet4-poland-stateless\/2026\/03\/56be30bc-wielki-test-miodu-okladka-768x1091.png 768w, https:\/\/www.greenpeace.org\/static\/planet4-poland-stateless\/2026\/03\/56be30bc-wielki-test-miodu-okladka-962x1366.png 962w, https:\/\/www.greenpeace.org\/static\/planet4-poland-stateless\/2026\/03\/56be30bc-wielki-test-miodu-okladka-239x340.png 239w\" sizes=\"auto, (max-width: 1004px) 100vw, 1004px\" data-image-size=\"post-thumbnail\" data-stateless-media-bucket=\"planet4-poland-stateless\" data-stateless-media-name=\"2026\/03\/56be30bc-wielki-test-miodu-okladka.png\" \/><\/a><\/figure>\n\n\n<div class=\"wp-block-group is-layout-flow wp-block-group-is-layout-flow\"><h3 class=\"wp-block-post-title\"><a href=\"https:\/\/www.greenpeace.org\/poland\/raporty\/39703\/raport-pestycydy-w-polskich-miodach\/\" target=\"_self\" >Raport: Pestycydy w polskich miodach<\/a><\/h3>\n\n<div class=\"wp-block-post-excerpt\"><p class=\"wp-block-post-excerpt__excerpt\">Substancje zakazane i niedopuszczalne st\u0119\u017cenia toksycznych pestycyd\u00f3w &#8211; to znale\u017ali w polskich miodach badacze w ramach Wielkiego Testu Miodu przeprowadzonego w ramach akcji Adoptuj Pszczo\u0142\u0119. Greenpeace przedstawia wyniki bada\u0144 i&hellip;<\/p><p class=\"wp-block-post-excerpt__more-text\"><a class=\"wp-block-post-excerpt__more-link\" href=\"https:\/\/www.greenpeace.org\/poland\/raporty\/39703\/raport-pestycydy-w-polskich-miodach\/\">Wi\u0119cej<\/a><\/p><\/div><\/div>\n<\/div>\n\n<\/li><li class=\"wp-block-post post-31936 post type-post status-publish format-standard has-post-thumbnail hentry category-przyroda category-rolnictwo tag-pszczoly p4-page-type-raporty\">\n\n<div class=\"wp-block-columns is-layout-flex wp-container-core-columns-is-layout-9d6595d7 wp-block-columns-is-layout-flex\"><figure style=\"aspect-ratio:3\/4;\" class=\"wp-block-post-featured-image\"><a href=\"https:\/\/www.greenpeace.org\/poland\/raporty\/31936\/raport-nowe-miejsca-do-zycia\/\" target=\"_self\"  ><img loading=\"lazy\" decoding=\"async\" width=\"631\" height=\"891\" src=\"https:\/\/www.greenpeace.org\/static\/planet4-poland-stateless\/2022\/07\/6d331835-miejsce-do-zycia.jpg\" class=\"attachment-post-thumbnail size-post-thumbnail wp-post-image wp-stateless-item\" alt=\"Raport: Nowe miejsca do \u017cycia\" style=\"width:100%;height:100%;object-fit:cover;\" srcset=\"https:\/\/www.greenpeace.org\/static\/planet4-poland-stateless\/2022\/07\/6d331835-miejsce-do-zycia.jpg 631w, https:\/\/www.greenpeace.org\/static\/planet4-poland-stateless\/2022\/07\/6d331835-miejsce-do-zycia-354x500.jpg 354w, https:\/\/www.greenpeace.org\/static\/planet4-poland-stateless\/2022\/07\/6d331835-miejsce-do-zycia-241x340.jpg 241w\" sizes=\"auto, (max-width: 631px) 100vw, 631px\" data-image-size=\"post-thumbnail\" data-stateless-media-bucket=\"planet4-poland-stateless\" data-stateless-media-name=\"2022\/07\/6d331835-miejsce-do-zycia.jpg\" \/><\/a><\/figure>\n\n\n<div class=\"wp-block-group is-layout-flow wp-block-group-is-layout-flow\"><h3 class=\"wp-block-post-title\"><a href=\"https:\/\/www.greenpeace.org\/poland\/raporty\/31936\/raport-nowe-miejsca-do-zycia\/\" target=\"_self\" >Raport: Nowe miejsca do \u017cycia<\/a><\/h3>\n\n<div class=\"wp-block-post-excerpt\"><p class=\"wp-block-post-excerpt__excerpt\">Raport dotyczy charakterystyki przyrodniczej oraz wprowadzonych zmian pod k\u0105tem wyst\u0119powania\u00a0owad\u00f3w zapylaj\u0105cych na czterech obszarach zlokalizowanych na terenie Polski.<\/p><p class=\"wp-block-post-excerpt__more-text\"><a class=\"wp-block-post-excerpt__more-link\" href=\"https:\/\/www.greenpeace.org\/poland\/raporty\/31936\/raport-nowe-miejsca-do-zycia\/\">Wi\u0119cej<\/a><\/p><\/div><\/div>\n<\/div>\n\n<\/li><li class=\"wp-block-post post-28578 post type-post status-publish format-standard has-post-thumbnail hentry category-rolnictwo tag-rolnictwo tag-pszczoly p4-page-type-raporty\">\n\n<div class=\"wp-block-columns is-layout-flex wp-container-core-columns-is-layout-9d6595d7 wp-block-columns-is-layout-flex\"><figure style=\"aspect-ratio:3\/4;\" class=\"wp-block-post-featured-image\"><a href=\"https:\/\/www.greenpeace.org\/poland\/raporty\/28578\/badanie-obecnosci-pestycydow-w-kwiatostanach-rzepaku-2\/\" target=\"_self\"  ><img loading=\"lazy\" decoding=\"async\" width=\"359\" height=\"521\" src=\"https:\/\/www.greenpeace.org\/static\/planet4-poland-stateless\/2020\/05\/5e9bb633-raport_rzepak2020.png\" class=\"attachment-post-thumbnail size-post-thumbnail wp-post-image wp-stateless-item\" alt=\"Badanie obecno\u015bci pestycyd\u00f3w w kwiatostanach rzepaku\" style=\"width:100%;height:100%;object-fit:cover;\" srcset=\"https:\/\/www.greenpeace.org\/static\/planet4-poland-stateless\/2020\/05\/5e9bb633-raport_rzepak2020.png 359w, https:\/\/www.greenpeace.org\/static\/planet4-poland-stateless\/2020\/05\/5e9bb633-raport_rzepak2020-207x300.png 207w, https:\/\/www.greenpeace.org\/static\/planet4-poland-stateless\/2020\/05\/5e9bb633-raport_rzepak2020-234x340.png 234w\" sizes=\"auto, (max-width: 359px) 100vw, 359px\" data-image-size=\"post-thumbnail\" data-stateless-media-bucket=\"planet4-poland-stateless\" data-stateless-media-name=\"2020\/05\/5e9bb633-raport_rzepak2020.png\" \/><\/a><\/figure>\n\n\n<div class=\"wp-block-group is-layout-flow wp-block-group-is-layout-flow\"><h3 class=\"wp-block-post-title\"><a href=\"https:\/\/www.greenpeace.org\/poland\/raporty\/28578\/badanie-obecnosci-pestycydow-w-kwiatostanach-rzepaku-2\/\" target=\"_self\" >Badanie obecno\u015bci pestycyd\u00f3w w kwiatostanach rzepaku<\/a><\/h3>\n\n<div class=\"wp-block-post-excerpt\"><p class=\"wp-block-post-excerpt__excerpt\">Zapylanie jest jednym z najwa\u017cniejszych proces\u00f3w gwarantuj\u0105cych \u017cycie na l\u0105dach. Prawie 90% gatunk\u00f3w dziko rosn\u0105cych ro\u015blin, a&nbsp; tak\u017ce ponad 75% gatunk\u00f3w ro\u015blin spo\u017cywczych zale\u017cy ca\u0142kowicie lub przynajmniej cz\u0119\u015bciowo od zapylania.&hellip;<\/p><p class=\"wp-block-post-excerpt__more-text\"><a class=\"wp-block-post-excerpt__more-link\" href=\"https:\/\/www.greenpeace.org\/poland\/raporty\/28578\/badanie-obecnosci-pestycydow-w-kwiatostanach-rzepaku-2\/\">Wi\u0119cej<\/a><\/p><\/div><\/div>\n<\/div>\n\n<\/li><li class=\"wp-block-post post-645 post type-post status-publish format-standard has-post-thumbnail hentry category-rolnictwo tag-rolnictwo tag-pszczoly p4-page-type-raporty\">\n\n<div class=\"wp-block-columns is-layout-flex wp-container-core-columns-is-layout-9d6595d7 wp-block-columns-is-layout-flex\"><figure style=\"aspect-ratio:3\/4;\" class=\"wp-block-post-featured-image\"><a href=\"https:\/\/www.greenpeace.org\/poland\/raporty\/645\/raport-neonikotynoidy-zagrozenie-nie-tylko-dla-pszczol\/\" target=\"_self\"  ><img loading=\"lazy\" decoding=\"async\" width=\"452\" height=\"641\" src=\"https:\/\/www.greenpeace.org\/static\/planet4-poland-stateless\/2019\/06\/bf32b6c8-neonikotynoidy_grozne_okladka.jpg\" class=\"attachment-post-thumbnail size-post-thumbnail wp-post-image wp-stateless-item\" alt=\"Raport: Neonikotynoidy zagro\u017ceniem nie tylko dla pszcz\u00f3\u0142\" style=\"width:100%;height:100%;object-fit:cover;\" srcset=\"https:\/\/www.greenpeace.org\/static\/planet4-poland-stateless\/2019\/06\/bf32b6c8-neonikotynoidy_grozne_okladka.jpg 452w, https:\/\/www.greenpeace.org\/static\/planet4-poland-stateless\/2019\/06\/bf32b6c8-neonikotynoidy_grozne_okladka-212x300.jpg 212w, https:\/\/www.greenpeace.org\/static\/planet4-poland-stateless\/2019\/06\/bf32b6c8-neonikotynoidy_grozne_okladka-240x340.jpg 240w\" sizes=\"auto, (max-width: 452px) 100vw, 452px\" data-image-size=\"post-thumbnail\" data-stateless-media-bucket=\"planet4-poland-stateless\" data-stateless-media-name=\"2019\/06\/bf32b6c8-neonikotynoidy_grozne_okladka.jpg\" \/><\/a><\/figure>\n\n\n<div class=\"wp-block-group is-layout-flow wp-block-group-is-layout-flow\"><h3 class=\"wp-block-post-title\"><a href=\"https:\/\/www.greenpeace.org\/poland\/raporty\/645\/raport-neonikotynoidy-zagrozenie-nie-tylko-dla-pszczol\/\" target=\"_self\" >Raport: Neonikotynoidy zagro\u017ceniem nie tylko dla pszcz\u00f3\u0142<\/a><\/h3>\n\n<div class=\"wp-block-post-excerpt\"><p class=\"wp-block-post-excerpt__excerpt\">Pestycydy z grupy neonikotynoid\u00f3w stanowi\u0105 powa\u017cne zagro\u017cenie dla pszcz\u00f3\u0142 miodnych, ale tak\u017ce dla innych gatunk\u00f3w zwierz\u0105t [1] \u2013 wynika z raportu opublikowanego przez Greenpeace w Polsce dzi\u0119ki akcji \u201cAdoptuj pszczo\u0142\u0119\u201d.&hellip;<\/p><p class=\"wp-block-post-excerpt__more-text\"><a class=\"wp-block-post-excerpt__more-link\" href=\"https:\/\/www.greenpeace.org\/poland\/raporty\/645\/raport-neonikotynoidy-zagrozenie-nie-tylko-dla-pszczol\/\">Wi\u0119cej<\/a><\/p><\/div><\/div>\n<\/div>\n\n<\/li><li class=\"wp-block-post post-2236 post type-post status-publish format-standard has-post-thumbnail hentry category-rolnictwo tag-pszczoly tag-rolnictwo p4-page-type-raporty\">\n\n<div class=\"wp-block-columns is-layout-flex wp-container-core-columns-is-layout-9d6595d7 wp-block-columns-is-layout-flex\"><figure style=\"aspect-ratio:3\/4;\" class=\"wp-block-post-featured-image\"><a href=\"https:\/\/www.greenpeace.org\/poland\/raporty\/2236\/raport-nie-tylko-miod-wartosc-zapylania-upraw-rolniczych-w-2015r\/\" target=\"_self\"  ><img loading=\"lazy\" decoding=\"async\" width=\"421\" height=\"595\" src=\"https:\/\/www.greenpeace.org\/static\/planet4-poland-stateless\/2016\/08\/e1477ed5-nietylkomiod.jpg\" class=\"attachment-post-thumbnail size-post-thumbnail wp-post-image wp-stateless-item\" alt=\"Raport: Nie tylko mi\u00f3d. Warto\u015b\u0107 zapylania upraw rolniczych w 2015r.\" style=\"width:100%;height:100%;object-fit:cover;\" srcset=\"https:\/\/www.greenpeace.org\/static\/planet4-poland-stateless\/2016\/08\/e1477ed5-nietylkomiod.jpg 421w, https:\/\/www.greenpeace.org\/static\/planet4-poland-stateless\/2016\/08\/e1477ed5-nietylkomiod-212x300.jpg 212w, https:\/\/www.greenpeace.org\/static\/planet4-poland-stateless\/2016\/08\/e1477ed5-nietylkomiod-241x340.jpg 241w\" sizes=\"auto, (max-width: 421px) 100vw, 421px\" data-image-size=\"post-thumbnail\" data-stateless-media-bucket=\"planet4-poland-stateless\" data-stateless-media-name=\"2016\/08\/e1477ed5-nietylkomiod.jpg\" \/><\/a><\/figure>\n\n\n<div class=\"wp-block-group is-layout-flow wp-block-group-is-layout-flow\"><h3 class=\"wp-block-post-title\"><a href=\"https:\/\/www.greenpeace.org\/poland\/raporty\/2236\/raport-nie-tylko-miod-wartosc-zapylania-upraw-rolniczych-w-2015r\/\" target=\"_self\" >Raport: Nie tylko mi\u00f3d. Warto\u015b\u0107 zapylania upraw rolniczych w 2015r.<\/a><\/h3>\n\n<div class=\"wp-block-post-excerpt\"><p class=\"wp-block-post-excerpt__excerpt\">A\u017c 4,1 miliarda z\u0142otych z ca\u0142kowitej warto\u015bci produkcji rolnej w Polsce to zas\u0142uga pszcz\u00f3\u0142.<\/p><p class=\"wp-block-post-excerpt__more-text\"><a class=\"wp-block-post-excerpt__more-link\" href=\"https:\/\/www.greenpeace.org\/poland\/raporty\/2236\/raport-nie-tylko-miod-wartosc-zapylania-upraw-rolniczych-w-2015r\/\">Wi\u0119cej<\/a><\/p><\/div><\/div>\n<\/div>\n\n<\/li><li class=\"wp-block-post post-3926 post type-post status-publish format-standard has-post-thumbnail hentry category-rolnictwo tag-dzialaj tag-pszczoly p4-page-type-raporty\">\n\n<div class=\"wp-block-columns is-layout-flex wp-container-core-columns-is-layout-9d6595d7 wp-block-columns-is-layout-flex\"><figure style=\"aspect-ratio:3\/4;\" class=\"wp-block-post-featured-image\"><a href=\"https:\/\/www.greenpeace.org\/poland\/raporty\/3926\/poradnik-projekt-pszczola\/\" target=\"_self\"  ><img loading=\"lazy\" decoding=\"async\" width=\"848\" height=\"1192\" src=\"https:\/\/www.greenpeace.org\/static\/planet4-poland-stateless\/2019\/10\/183d24ab-projekt_pszczola.jpg\" class=\"attachment-post-thumbnail size-post-thumbnail wp-post-image wp-stateless-item\" alt=\"Poradnik &#8222;Projekt: pszczo\u0142a&#8221;\" style=\"width:100%;height:100%;object-fit:cover;\" srcset=\"https:\/\/www.greenpeace.org\/static\/planet4-poland-stateless\/2019\/10\/183d24ab-projekt_pszczola.jpg 848w, https:\/\/www.greenpeace.org\/static\/planet4-poland-stateless\/2019\/10\/183d24ab-projekt_pszczola-213x300.jpg 213w, https:\/\/www.greenpeace.org\/static\/planet4-poland-stateless\/2019\/10\/183d24ab-projekt_pszczola-768x1080.jpg 768w, https:\/\/www.greenpeace.org\/static\/planet4-poland-stateless\/2019\/10\/183d24ab-projekt_pszczola-728x1024.jpg 728w, https:\/\/www.greenpeace.org\/static\/planet4-poland-stateless\/2019\/10\/183d24ab-projekt_pszczola-242x340.jpg 242w\" sizes=\"auto, (max-width: 848px) 100vw, 848px\" data-image-size=\"post-thumbnail\" data-stateless-media-bucket=\"planet4-poland-stateless\" data-stateless-media-name=\"2019\/10\/183d24ab-projekt_pszczola.jpg\" \/><\/a><\/figure>\n\n\n<div class=\"wp-block-group is-layout-flow wp-block-group-is-layout-flow\"><h3 class=\"wp-block-post-title\"><a href=\"https:\/\/www.greenpeace.org\/poland\/raporty\/3926\/poradnik-projekt-pszczola\/\" target=\"_self\" >Poradnik &#8222;Projekt: pszczo\u0142a&#8221;<\/a><\/h3>\n\n<div class=\"wp-block-post-excerpt\"><p class=\"wp-block-post-excerpt__excerpt\">Ponad 3\/4 gatunk\u00f3w ro\u015blin uprawnych w Europie ro\u015bnie i wydaje plon dzi\u0119ki pszczo\u0142om i innym owadom zapylaj\u0105cym. Niestety zapylacze s\u0105 w niebezpiecze\u0144stwie. Ich liczba drastycznie maleje przez nadmiern\u0105 chemizacj\u0119 rolnictwa&hellip;<\/p><p class=\"wp-block-post-excerpt__more-text\"><a class=\"wp-block-post-excerpt__more-link\" href=\"https:\/\/www.greenpeace.org\/poland\/raporty\/3926\/poradnik-projekt-pszczola\/\">Wi\u0119cej<\/a><\/p><\/div><\/div>\n<\/div>\n\n<\/li><li class=\"wp-block-post post-1958 post type-post status-publish format-standard has-post-thumbnail hentry category-rolnictwo tag-rolnictwo tag-pszczoly p4-page-type-raporty\">\n\n<div class=\"wp-block-columns is-layout-flex wp-container-core-columns-is-layout-9d6595d7 wp-block-columns-is-layout-flex\"><figure style=\"aspect-ratio:3\/4;\" class=\"wp-block-post-featured-image\"><a href=\"https:\/\/www.greenpeace.org\/poland\/raporty\/1958\/badanie-obecnosci-pestycydow-w-kwiatostanach-rzepaku\/\" target=\"_self\"  ><img loading=\"lazy\" decoding=\"async\" width=\"270\" height=\"381\" src=\"https:\/\/www.greenpeace.org\/static\/planet4-poland-stateless\/2019\/06\/9d81c699-9d81c699-badanie-rzepak-okladka.jpg\" class=\"attachment-post-thumbnail size-post-thumbnail wp-post-image wp-stateless-item\" alt=\"Badanie obecno\u015bci pestycyd\u00f3w w kwiatostanach rzepaku\" style=\"width:100%;height:100%;object-fit:cover;\" srcset=\"https:\/\/www.greenpeace.org\/static\/planet4-poland-stateless\/2019\/06\/9d81c699-9d81c699-badanie-rzepak-okladka.jpg 270w, https:\/\/www.greenpeace.org\/static\/planet4-poland-stateless\/2019\/06\/9d81c699-9d81c699-badanie-rzepak-okladka-213x300.jpg 213w, https:\/\/www.greenpeace.org\/static\/planet4-poland-stateless\/2019\/06\/9d81c699-9d81c699-badanie-rzepak-okladka-241x340.jpg 241w\" sizes=\"auto, (max-width: 270px) 100vw, 270px\" data-image-size=\"post-thumbnail\" data-stateless-media-bucket=\"planet4-poland-stateless\" data-stateless-media-name=\"2019\/06\/9d81c699-9d81c699-badanie-rzepak-okladka.jpg\" \/><\/a><\/figure>\n\n\n<div class=\"wp-block-group is-layout-flow wp-block-group-is-layout-flow\"><h3 class=\"wp-block-post-title\"><a href=\"https:\/\/www.greenpeace.org\/poland\/raporty\/1958\/badanie-obecnosci-pestycydow-w-kwiatostanach-rzepaku\/\" target=\"_self\" >Badanie obecno\u015bci pestycyd\u00f3w w kwiatostanach rzepaku<\/a><\/h3>\n\n<div class=\"wp-block-post-excerpt\"><p class=\"wp-block-post-excerpt__excerpt\">Uprawy rzepaku w Polsce s\u0105 truj\u0105ce dla pszcz\u00f3\u0142, wynika z badania Greenpeace przeprowadzonego w 2014 i 2015 roku.<\/p><p class=\"wp-block-post-excerpt__more-text\"><a class=\"wp-block-post-excerpt__more-link\" href=\"https:\/\/www.greenpeace.org\/poland\/raporty\/1958\/badanie-obecnosci-pestycydow-w-kwiatostanach-rzepaku\/\">Wi\u0119cej<\/a><\/p><\/div><\/div>\n<\/div>\n\n<\/li><li class=\"wp-block-post post-2049 post type-post status-publish format-standard has-post-thumbnail hentry category-rolnictwo tag-pszczoly tag-rolnictwo p4-page-type-raporty\">\n\n<div class=\"wp-block-columns is-layout-flex wp-container-core-columns-is-layout-9d6595d7 wp-block-columns-is-layout-flex\"><figure style=\"aspect-ratio:3\/4;\" class=\"wp-block-post-featured-image\"><a href=\"https:\/\/www.greenpeace.org\/poland\/raporty\/2049\/raport-negatywny-wplyw-pestycydow-na-zdrowie-rosnacy-problem\/\" target=\"_self\"  ><img loading=\"lazy\" decoding=\"async\" width=\"613\" height=\"865\" src=\"https:\/\/www.greenpeace.org\/static\/planet4-poland-stateless\/2015\/05\/3258168e-pestycydy-zdrowie.jpg\" class=\"attachment-post-thumbnail size-post-thumbnail wp-post-image wp-stateless-item\" alt=\"Raport \u201eNegatywny wp\u0142yw pestycyd\u00f3w na zdrowie. Rosn\u0105cy problem&#8221;\" style=\"width:100%;height:100%;object-fit:cover;\" srcset=\"https:\/\/www.greenpeace.org\/static\/planet4-poland-stateless\/2015\/05\/3258168e-pestycydy-zdrowie.jpg 613w, https:\/\/www.greenpeace.org\/static\/planet4-poland-stateless\/2015\/05\/3258168e-pestycydy-zdrowie-213x300.jpg 213w, https:\/\/www.greenpeace.org\/static\/planet4-poland-stateless\/2015\/05\/3258168e-pestycydy-zdrowie-241x340.jpg 241w\" sizes=\"auto, (max-width: 613px) 100vw, 613px\" data-image-size=\"post-thumbnail\" data-stateless-media-bucket=\"planet4-poland-stateless\" data-stateless-media-name=\"2015\/05\/3258168e-pestycydy-zdrowie.jpg\" \/><\/a><\/figure>\n\n\n<div class=\"wp-block-group is-layout-flow wp-block-group-is-layout-flow\"><h3 class=\"wp-block-post-title\"><a href=\"https:\/\/www.greenpeace.org\/poland\/raporty\/2049\/raport-negatywny-wplyw-pestycydow-na-zdrowie-rosnacy-problem\/\" target=\"_self\" >Raport \u201eNegatywny wp\u0142yw pestycyd\u00f3w na zdrowie. Rosn\u0105cy problem&#8221;<\/a><\/h3>\n\n<div class=\"wp-block-post-excerpt\"><p class=\"wp-block-post-excerpt__excerpt\">Raport Greenpeace \u201eNegatywny wp\u0142yw pestycyd\u00f3w na zdrowie. Rosn\u0105cy problem\u201d zestawia wyniki prowadzonych na ca\u0142ym \u015bwiecie bada\u0144, z kt\u00f3rych jasno wynika, \u017ce ekspozycja na niekt\u00f3re pestycydy mo\u017ce wi\u0105za\u0107 si\u0119 ze zwi\u0119kszonym ryzykiem wyst\u0105pienia nowotwor\u00f3w, chor\u00f3b neurodegeneracyjnych, np. choroby Parkinsona i Alzheimera, zaburze\u0144 uk\u0142adu hormonalnego a tak\u017ce z powa\u017cnymi wadami rozwojowymi i chorobami dzieci.<\/p><p class=\"wp-block-post-excerpt__more-text\"><a class=\"wp-block-post-excerpt__more-link\" href=\"https:\/\/www.greenpeace.org\/poland\/raporty\/2049\/raport-negatywny-wplyw-pestycydow-na-zdrowie-rosnacy-problem\/\">Wi\u0119cej<\/a><\/p><\/div><\/div>\n<\/div>\n\n<\/li><\/ul>\n\n\n<div class=\"wp-block-buttons carousel-controls is-horizontal is-content-justification-space-between is-nowrap is-layout-flex wp-container-core-buttons-is-layout-044bd602 wp-block-buttons-is-layout-flex\">\n<div class=\"wp-block-button carousel-control-prev\"><button type=\"button\" class=\"wp-block-button__link wp-element-button\">Prev<\/button><\/div>\n\n\n\n<div class=\"wp-block-button carousel-control-next\"><button type=\"button\" class=\"wp-block-button__link wp-element-button\">Next<\/button><\/div>\n<\/div>\n\n\n<li class=\" wp-block-navigation-item see-all-link wp-block-navigation-link\"><a class=\"wp-block-navigation-item__content\"  href=\"http:\/\/www.greenpeace.org\/poland\/aktualnosci\/?tag=pszczoly&#038;post-type=raporty\"><span class=\"wp-block-navigation-item__label\">See all posts<\/span><\/a><\/li><\/div>\n\n<div class=\"wp-block-columns is-layout-flex wp-container-core-columns-is-layout-9d6595d7 wp-block-columns-is-layout-flex\">\n<div class=\"wp-block-column is-layout-flow wp-block-column-is-layout-flow\" style=\"flex-basis:20%\"><\/div>\n\n\n\n<div class=\"wp-block-column is-layout-flow wp-block-column-is-layout-flow\">\t\t\t<section\n\t\t\tclass=\"boxout post-709  sticky-bottom-mobile collapse show\"\n\t\t\tid=\"action-card\"\n\t\t>\n\t\t\t<a\n\t\t\t\tdata-ga-category=\"Take Action Boxout\"\n\t\t\t\tdata-ga-action=\"Image\"\n\t\t\t\tdata-ga-label=\"n\/a\"\n\t\t\t\tclass=\"cover-card-overlay\"\n\t\t\t\thref=\"https:\/\/www.greenpeace.org\/poland\/dzialaj-old\/wesprzyj-ochrone-pszczol-darowizna\/\" \n\t\t\t><\/a>\n\t\t\t\t\t\t\t<img\n\t\t\t\t\t\tsrc=\"https:\/\/www.greenpeace.org\/static\/planet4-poland-stateless\/2019\/06\/b733b406-bee-bumblebee-close-up-998248-1024x576.jpg\"\n\t\t\t\t\t\tsrcset=\"https:\/\/www.greenpeace.org\/static\/planet4-poland-stateless\/2019\/06\/b733b406-bee-bumblebee-close-up-998248-300x169.jpg 300w, https:\/\/www.greenpeace.org\/static\/planet4-poland-stateless\/2019\/06\/b733b406-bee-bumblebee-close-up-998248-768x432.jpg 768w, https:\/\/www.greenpeace.org\/static\/planet4-poland-stateless\/2019\/06\/b733b406-bee-bumblebee-close-up-998248-1024x576.jpg 1024w, https:\/\/www.greenpeace.org\/static\/planet4-poland-stateless\/2019\/06\/b733b406-bee-bumblebee-close-up-998248-2048x1152.jpg 2048w, https:\/\/www.greenpeace.org\/static\/planet4-poland-stateless\/2019\/06\/b733b406-bee-bumblebee-close-up-998248-510x287.jpg 510w, https:\/\/www.greenpeace.org\/static\/planet4-poland-stateless\/2019\/06\/b733b406-bee-bumblebee-close-up-998248-e1565274653260.jpg 1500w\"\n\t\t\t\t\t\tsizes=\"(min-width: 1000px) 358px, (min-width: 780px) 313px, 88px\"\n\t\t\t\t\t\talt=\"Pszczo\u0142a miodna\" title=\"Pszczo\u0142a miodna\"\n\t\t\t\t\/>\n            \t\t\t<div class=\"boxout-content\">\n\t\t\t\t\t\t\t\t\t<a\n\t\t\t\t\t\tclass=\"boxout-heading medium\"\n\t\t\t\t\t\tdata-ga-category=\"Take Action Boxout\"\n\t\t\t\t\t\tdata-ga-action=\"Title\"\n\t\t\t\t\t\tdata-ga-label=\"n\/a\"\n\t\t\t\t\t\thref=\"https:\/\/www.greenpeace.org\/poland\/dzialaj-old\/wesprzyj-ochrone-pszczol-darowizna\/\"\n\t\t\t\t\t\t\n\t\t\t\t\t>\n\t\t\t\t\t\tWesprzyj ochron\u0119 pszcz\u00f3\u0142\n\t\t\t\t\t<\/a>\n\t\t\t\t\t\t\t\t\t\t\t\t\t<p class=\"boxout-excerpt\">Wesprzyj dzia\u0142ania na rzecz Polski przyjaznej pszczo\u0142om i innym dzikim zapylaczom \ud83d\ude42<\/p>\n\t\t\t\t                                    <a\n                        class=\"btn btn-primary\"\n                        data-ga-category=\"Take Action Boxout\"\n                        data-ga-action=\"Call to Action\"\n                        data-ga-label=\"n\/a\"\n                        href=\"https:\/\/www.greenpeace.org\/poland\/dzialaj-old\/wesprzyj-ochrone-pszczol-darowizna\/\"\n                        \n                    >\n                        Wesprzyj!\n                    <\/a>\n                \t\t\t<\/div>\n\t\t\t\t\t\t\t<a\n\t\t\t\t\tclass=\"not-now\"\n\t\t\t\t\trole=\"button\"\n\t\t\t\t\tdata-bs-toggle=\"collapse\"\n\t\t\t\t\thref=\"#action-card\"\n\t\t\t\t><\/a>\n\t\t\t\t\t<\/section>\n\t<\/div>\n\n\n\n<div class=\"wp-block-column is-layout-flow wp-block-column-is-layout-flow\" style=\"flex-basis:20%\"><\/div>\n<\/div>\n\n<div class=\"wp-block-query posts-list p4-query-loop is-custom-layout-list is-layout-flow wp-block-query-is-layout-flow\">\n<div class=\"wp-block-group is-content-justification-space-between is-layout-flex wp-container-core-group-is-layout-3d213aab wp-block-group-is-layout-flex\">\n<h2 class=\"wp-block-heading\">Aktualno\u015bci<\/h2>\n\n\n<li class=\" wp-block-navigation-item see-all-link wp-block-navigation-link\"><a class=\"wp-block-navigation-item__content\"  href=\"http:\/\/www.greenpeace.org\/poland\/aktualnosci\/?tag=pszczoly\"><span class=\"wp-block-navigation-item__label\">See all posts<\/span><\/a><\/li><\/div>\n\n\n\n<p style=\"margin-top:24px;margin-bottom:36px\"><\/p>\n\n\n\n\n<ul class=\"wp-block-post-template is-layout-flow wp-block-post-template-is-layout-flow\"><li class=\"wp-block-post post-40009 post type-post status-publish format-standard has-post-thumbnail hentry category-przyroda tag-zywnosc tag-rolnictwo tag-pszczoly p4-page-type-aktualnosci\">\n\n<div class=\"wp-block-columns is-layout-flex wp-container-core-columns-is-layout-9d6595d7 wp-block-columns-is-layout-flex\"><figure class=\"wp-block-post-featured-image\"><a href=\"https:\/\/www.greenpeace.org\/poland\/aktualnosci\/40009\/kiedy-dowiemy-sie-ze-unijna-deregulacja-jest-szkodliwa-kiedy-zjemy-ciastko\/\" target=\"_self\"  ><img loading=\"lazy\" decoding=\"async\" width=\"1200\" height=\"628\" src=\"https:\/\/www.greenpeace.org\/static\/planet4-poland-stateless\/2025\/05\/e635110b-projekt-bez-nazwy-12.png\" class=\"attachment-post-thumbnail size-post-thumbnail wp-post-image wp-stateless-item\" alt=\"Kiedy dowiemy si\u0119, \u017ce unijna deregulacja jest szkodliwa? Kiedy zjemy ciastko\" style=\"object-fit:cover;\" srcset=\"https:\/\/www.greenpeace.org\/static\/planet4-poland-stateless\/2025\/05\/e635110b-projekt-bez-nazwy-12.png 1200w, https:\/\/www.greenpeace.org\/static\/planet4-poland-stateless\/2025\/05\/e635110b-projekt-bez-nazwy-12-500x262.png 500w, https:\/\/www.greenpeace.org\/static\/planet4-poland-stateless\/2025\/05\/e635110b-projekt-bez-nazwy-12-1024x536.png 1024w, https:\/\/www.greenpeace.org\/static\/planet4-poland-stateless\/2025\/05\/e635110b-projekt-bez-nazwy-12-768x402.png 768w, https:\/\/www.greenpeace.org\/static\/planet4-poland-stateless\/2025\/05\/e635110b-projekt-bez-nazwy-12-510x267.png 510w\" sizes=\"auto, (max-width: 1200px) 100vw, 1200px\" data-image-size=\"post-thumbnail\" data-stateless-media-bucket=\"planet4-poland-stateless\" data-stateless-media-name=\"2025\/05\/e635110b-projekt-bez-nazwy-12.png\" \/><\/a><\/figure>\n\n\n<div class=\"wp-block-group is-layout-flow wp-block-group-is-layout-flow\">\n<div class=\"wp-block-group is-layout-flex wp-block-group-is-layout-flex\"><div class=\"wp-block-post-terms\"><a href=\"https:\/\/www.greenpeace.org\/poland\/category\/przyroda\/\">Przyroda<\/a><\/div>\n\n<div class=\"taxonomy-post_tag wp-block-post-terms\"><a href=\"https:\/\/www.greenpeace.org\/poland\/tag\/zywnosc\/\" rel=\"tag\">\u017bywno\u015b\u0107<\/a><span class=\"wp-block-post-terms__separator\"> <\/span><a href=\"https:\/\/www.greenpeace.org\/poland\/tag\/rolnictwo\/\" rel=\"tag\">Rolnictwo<\/a><span class=\"wp-block-post-terms__separator\"> <\/span><a href=\"https:\/\/www.greenpeace.org\/poland\/tag\/pszczoly\/\" rel=\"tag\">Pszczo\u0142y<\/a><\/div><\/div>\n\n\n<h3 class=\"wp-block-post-title\"><a href=\"https:\/\/www.greenpeace.org\/poland\/aktualnosci\/40009\/kiedy-dowiemy-sie-ze-unijna-deregulacja-jest-szkodliwa-kiedy-zjemy-ciastko\/\" target=\"_self\" >Kiedy dowiemy si\u0119, \u017ce unijna deregulacja jest szkodliwa? Kiedy zjemy ciastko<\/a><\/h3>\n\n<div class=\"wp-block-post-excerpt\"><p class=\"wp-block-post-excerpt__excerpt\">Polski rz\u0105d wci\u0105\u017c nie wypowiedzia\u0142 si\u0119 przeciwko proponowanemu przez Komisj\u0119 Europejsk\u0105 os\u0142abieniu przepis\u00f3w dotycz\u0105cych pestycyd\u00f3w. Propozycja Komisji to element niebezpiecznych zmian w unijnym prawie, kt\u00f3re znacznie zmniejsz\u0105 ochron\u0119 naszego zdrowia&hellip; <\/p><\/div>\n\n\n<div class=\"wp-block-group posts-list-meta is-layout-flow wp-block-group-is-layout-flow\"><span class='article-list-item-author'><a href='https:\/\/www.greenpeace.org\/poland\/author\/kasia\/'>Katarzyna Bilewska<\/a><\/span>\n\n<div class=\"wp-block-post-date\"><time datetime=\"2026-04-08T12:11:49+02:00\">2026-04-08<\/time><\/div><\/div>\n<\/div>\n<\/div>\n\n<\/li><li class=\"wp-block-post post-39515 post type-post status-publish format-standard has-post-thumbnail hentry category-przyroda tag-pszczoly tag-rolnictwo tag-zywnosc tag-substancjetoksyczne p4-page-type-aktualnosci\">\n\n<div class=\"wp-block-columns is-layout-flex wp-container-core-columns-is-layout-9d6595d7 wp-block-columns-is-layout-flex\"><figure class=\"wp-block-post-featured-image\"><a href=\"https:\/\/www.greenpeace.org\/poland\/aktualnosci\/39515\/czy-minister-rolnictwa-ochroni-nas-przed-toksycznymi-pestycydami\/\" target=\"_self\"  ><img loading=\"lazy\" decoding=\"async\" width=\"1000\" height=\"605\" src=\"https:\/\/www.greenpeace.org\/static\/planet4-poland-stateless\/2026\/02\/1a57adec-53102060055_8a803b8b6f_4k.jpg\" class=\"attachment-post-thumbnail size-post-thumbnail wp-post-image wp-stateless-item\" alt=\"Czy minister rolnictwa ochroni nas przed toksycznymi pestycydami?\" style=\"object-fit:cover;\" srcset=\"https:\/\/www.greenpeace.org\/static\/planet4-poland-stateless\/2026\/02\/1a57adec-53102060055_8a803b8b6f_4k.jpg 1000w, https:\/\/www.greenpeace.org\/static\/planet4-poland-stateless\/2026\/02\/1a57adec-53102060055_8a803b8b6f_4k-500x303.jpg 500w, https:\/\/www.greenpeace.org\/static\/planet4-poland-stateless\/2026\/02\/1a57adec-53102060055_8a803b8b6f_4k-768x465.jpg 768w, https:\/\/www.greenpeace.org\/static\/planet4-poland-stateless\/2026\/02\/1a57adec-53102060055_8a803b8b6f_4k-510x309.jpg 510w\" sizes=\"auto, (max-width: 1000px) 100vw, 1000px\" data-image-size=\"post-thumbnail\" data-stateless-media-bucket=\"planet4-poland-stateless\" data-stateless-media-name=\"2026\/02\/1a57adec-53102060055_8a803b8b6f_4k.jpg\" \/><\/a><\/figure>\n\n\n<div class=\"wp-block-group is-layout-flow wp-block-group-is-layout-flow\">\n<div class=\"wp-block-group is-layout-flex wp-block-group-is-layout-flex\"><div class=\"wp-block-post-terms\"><a href=\"https:\/\/www.greenpeace.org\/poland\/category\/przyroda\/\">Przyroda<\/a><\/div>\n\n<div class=\"taxonomy-post_tag wp-block-post-terms\"><a href=\"https:\/\/www.greenpeace.org\/poland\/tag\/pszczoly\/\" rel=\"tag\">Pszczo\u0142y<\/a><span class=\"wp-block-post-terms__separator\"> <\/span><a href=\"https:\/\/www.greenpeace.org\/poland\/tag\/rolnictwo\/\" rel=\"tag\">Rolnictwo<\/a><span class=\"wp-block-post-terms__separator\"> <\/span><a href=\"https:\/\/www.greenpeace.org\/poland\/tag\/zywnosc\/\" rel=\"tag\">\u017bywno\u015b\u0107<\/a><span class=\"wp-block-post-terms__separator\"> <\/span><a href=\"https:\/\/www.greenpeace.org\/poland\/tag\/substancjetoksyczne\/\" rel=\"tag\">SubstancjeToksyczne<\/a><\/div><\/div>\n\n\n<h3 class=\"wp-block-post-title\"><a href=\"https:\/\/www.greenpeace.org\/poland\/aktualnosci\/39515\/czy-minister-rolnictwa-ochroni-nas-przed-toksycznymi-pestycydami\/\" target=\"_self\" >Czy minister rolnictwa ochroni nas przed toksycznymi pestycydami?<\/a><\/h3>\n\n<div class=\"wp-block-post-excerpt\"><p class=\"wp-block-post-excerpt__excerpt\">Greenpeace wezwa\u0142 polski rz\u0105d do odrzucenia propozycji Komisji Europejskiej, kt\u00f3ra chce znacz\u0105co poluzowa\u0107 unijne prawo dotycz\u0105ce stosowania pestycyd\u00f3w w rolnictwie. Os\u0142abienie przepis\u00f3w, kt\u00f3re nak\u0142adaj\u0105 pewne restrykcje na stosowanie chemicznych \u015brodk\u00f3w&hellip; <\/p><\/div>\n\n\n<div class=\"wp-block-group posts-list-meta is-layout-flow wp-block-group-is-layout-flow\"><span class='article-list-item-author'><a href='https:\/\/www.greenpeace.org\/poland\/author\/kasia\/'>Katarzyna Bilewska<\/a><\/span>\n\n<div class=\"wp-block-post-date\"><time datetime=\"2026-02-23T18:19:53+02:00\">2026-02-23<\/time><\/div><\/div>\n<\/div>\n<\/div>\n\n<\/li><li class=\"wp-block-post post-39223 post type-post status-publish format-standard has-post-thumbnail hentry category-przyroda category-rolnictwo tag-rolnictwo tag-zywnosc tag-pszczoly p4-page-type-aktualnosci\">\n\n<div class=\"wp-block-columns is-layout-flex wp-container-core-columns-is-layout-9d6595d7 wp-block-columns-is-layout-flex\"><figure class=\"wp-block-post-featured-image\"><a href=\"https:\/\/www.greenpeace.org\/poland\/aktualnosci\/39223\/parlament-europejski-skierowal-kontrowersyjna-umowe-ue-mercosur-do-trybunalu-sprawiedliwosci-unii-europejskiej\/\" target=\"_self\"  ><img loading=\"lazy\" decoding=\"async\" width=\"1200\" height=\"628\" src=\"https:\/\/www.greenpeace.org\/static\/planet4-poland-stateless\/2026\/01\/214d4f46-projekt-bez-nazwy-2.jpg\" class=\"attachment-post-thumbnail size-post-thumbnail wp-post-image wp-stateless-item\" alt=\"Parlament Europejski skierowa\u0142 kontrowersyjn\u0105 umow\u0119 UE-Mercosur do Trybuna\u0142u Sprawiedliwo\u015bci Unii Europejskiej\" style=\"object-fit:cover;\" srcset=\"https:\/\/www.greenpeace.org\/static\/planet4-poland-stateless\/2026\/01\/214d4f46-projekt-bez-nazwy-2.jpg 1200w, https:\/\/www.greenpeace.org\/static\/planet4-poland-stateless\/2026\/01\/214d4f46-projekt-bez-nazwy-2-500x262.jpg 500w, https:\/\/www.greenpeace.org\/static\/planet4-poland-stateless\/2026\/01\/214d4f46-projekt-bez-nazwy-2-1024x536.jpg 1024w, https:\/\/www.greenpeace.org\/static\/planet4-poland-stateless\/2026\/01\/214d4f46-projekt-bez-nazwy-2-768x402.jpg 768w, https:\/\/www.greenpeace.org\/static\/planet4-poland-stateless\/2026\/01\/214d4f46-projekt-bez-nazwy-2-510x267.jpg 510w\" sizes=\"auto, (max-width: 1200px) 100vw, 1200px\" data-image-size=\"post-thumbnail\" data-stateless-media-bucket=\"planet4-poland-stateless\" data-stateless-media-name=\"2026\/01\/214d4f46-projekt-bez-nazwy-2.jpg\" \/><\/a><\/figure>\n\n\n<div class=\"wp-block-group is-layout-flow wp-block-group-is-layout-flow\">\n<div class=\"wp-block-group is-layout-flex wp-block-group-is-layout-flex\"><div class=\"wp-block-post-terms\"><a href=\"https:\/\/www.greenpeace.org\/poland\/category\/przyroda\/\">Przyroda<\/a><\/div>\n\n<div class=\"taxonomy-post_tag wp-block-post-terms\"><a href=\"https:\/\/www.greenpeace.org\/poland\/tag\/rolnictwo\/\" rel=\"tag\">Rolnictwo<\/a><span class=\"wp-block-post-terms__separator\"> <\/span><a href=\"https:\/\/www.greenpeace.org\/poland\/tag\/zywnosc\/\" rel=\"tag\">\u017bywno\u015b\u0107<\/a><span class=\"wp-block-post-terms__separator\"> <\/span><a href=\"https:\/\/www.greenpeace.org\/poland\/tag\/pszczoly\/\" rel=\"tag\">Pszczo\u0142y<\/a><\/div><\/div>\n\n\n<h3 class=\"wp-block-post-title\"><a href=\"https:\/\/www.greenpeace.org\/poland\/aktualnosci\/39223\/parlament-europejski-skierowal-kontrowersyjna-umowe-ue-mercosur-do-trybunalu-sprawiedliwosci-unii-europejskiej\/\" target=\"_self\" >Parlament Europejski skierowa\u0142 kontrowersyjn\u0105 umow\u0119 UE-Mercosur do Trybuna\u0142u Sprawiedliwo\u015bci Unii Europejskiej<\/a><\/h3>\n\n<div class=\"wp-block-post-excerpt\"><p class=\"wp-block-post-excerpt__excerpt\">Parlament Europejski przeg\u0142osowa\u0142 dzi\u015b wniosek o skierowanie umowy handlowej UE-Mercosur do Trybuna\u0142u Sprawiedliwo\u015bci Unii Europejskiej (TSUE). Parlament zwr\u00f3ci\u0142 si\u0119 do Trybuna\u0142u o wydanie opinii, czy porozumienie to jest zgodne z&hellip; <\/p><\/div>\n\n\n<div class=\"wp-block-group posts-list-meta is-layout-flow wp-block-group-is-layout-flow\"><span class='article-list-item-author'><a href='https:\/\/www.greenpeace.org\/poland\/author\/kasia\/'>Katarzyna Bilewska<\/a><\/span>\n\n<div class=\"wp-block-post-date\"><time datetime=\"2026-01-21T16:21:04+02:00\">2026-01-21<\/time><\/div><\/div>\n<\/div>\n<\/div>\n\n<\/li><\/ul>\n\n\n<div class=\"wp-block-buttons carousel-controls is-horizontal is-content-justification-space-between is-nowrap is-layout-flex wp-container-core-buttons-is-layout-044bd602 wp-block-buttons-is-layout-flex\">\n<div class=\"wp-block-button carousel-control-prev\"><button type=\"button\" class=\"wp-block-button__link wp-element-button\">Prev<\/button><\/div>\n\n\n\n<div class=\"wp-block-button carousel-control-next\"><button type=\"button\" class=\"wp-block-button__link wp-element-button\">Next<\/button><\/div>\n<\/div>\n\n\n<li class=\" wp-block-navigation-item see-all-link wp-block-navigation-link\"><a class=\"wp-block-navigation-item__content\"  href=\"http:\/\/www.greenpeace.org\/poland\/aktualnosci\/?tag=pszczoly\"><span class=\"wp-block-navigation-item__label\">Wi\u0119cej<\/span><\/a><\/li><\/div>\n","protected":false},"excerpt":{"rendered":"<p>Jak pom\u00f3c pszczo\u0142om i innym owadom zapylaj\u0105cym? Pszczo\u0142y miodne i dzikie owady zapylaj\u0105ce odgrywaj\u0105 kluczow\u0105 rol\u0119 w rolnictwie i produkcji \u017cywno\u015bci. Niestety, obecnie stosowany model rolny oparty na agresywnym wykorzystaniu substancji chemicznych zagra\u017ca zar\u00f3wno jednym, jak i drugim, przez co stwarza niebezpiecze\u0144stwo dla \u0142a\u0144cucha dostaw \u017cywno\u015bci. Istniej\u0105 mocne dowody naukowe wskazuj\u0105ce, \u017ce neonikotynoidy i inne [&hellip;]<\/p>\n","protected":false},"author":25,"featured_media":629,"parent":69,"menu_order":0,"comment_status":"closed","ping_status":"closed","template":"","meta":{"ep_exclude_from_search":false,"p4_hide_page_title_checkbox":"on","p4_title":"","p4_subtitle":"","p4_description":"","background_image_id":"","background_image":"","p4_button_title":"","p4_button_link":"","p4_button_link_checkbox":"","p4_og_title":"","p4_og_description":"","p4_og_image":"","p4_og_image_id":"","p4_seo_canonical_url":"","p4_campaign_name":"not set","p4_local_project":"not set","p4_basket_name":"not set","p4_department":"","footnotes":""},"categories":[4],"tags":[27,28],"class_list":["post-628","page","type-page","status-publish","has-post-thumbnail","hentry","category-rolnictwo","tag-rolnictwo","tag-pszczoly"],"_links":{"self":[{"href":"https:\/\/www.greenpeace.org\/poland\/wp-json\/wp\/v2\/pages\/628","targetHints":{"allow":["GET"]}}],"collection":[{"href":"https:\/\/www.greenpeace.org\/poland\/wp-json\/wp\/v2\/pages"}],"about":[{"href":"https:\/\/www.greenpeace.org\/poland\/wp-json\/wp\/v2\/types\/page"}],"author":[{"embeddable":true,"href":"https:\/\/www.greenpeace.org\/poland\/wp-json\/wp\/v2\/users\/25"}],"replies":[{"embeddable":true,"href":"https:\/\/www.greenpeace.org\/poland\/wp-json\/wp\/v2\/comments?post=628"}],"version-history":[{"count":20,"href":"https:\/\/www.greenpeace.org\/poland\/wp-json\/wp\/v2\/pages\/628\/revisions"}],"predecessor-version":[{"id":39999,"href":"https:\/\/www.greenpeace.org\/poland\/wp-json\/wp\/v2\/pages\/628\/revisions\/39999"}],"up":[{"embeddable":true,"href":"https:\/\/www.greenpeace.org\/poland\/wp-json\/wp\/v2\/pages\/69"}],"wp:featuredmedia":[{"embeddable":true,"href":"https:\/\/www.greenpeace.org\/poland\/wp-json\/wp\/v2\/media\/629"}],"wp:attachment":[{"href":"https:\/\/www.greenpeace.org\/poland\/wp-json\/wp\/v2\/media?parent=628"}],"wp:term":[{"taxonomy":"category","embeddable":true,"href":"https:\/\/www.greenpeace.org\/poland\/wp-json\/wp\/v2\/categories?post=628"},{"taxonomy":"post_tag","embeddable":true,"href":"https:\/\/www.greenpeace.org\/poland\/wp-json\/wp\/v2\/tags?post=628"}],"curies":[{"name":"wp","href":"https:\/\/api.w.org\/{rel}","templated":true}]}}