{"id":730,"date":"2019-06-13T01:42:47","date_gmt":"2019-06-12T23:42:47","guid":{"rendered":"https:\/\/master.k8s.p4.greenpeace.org\/poland\/?page_id=730"},"modified":"2024-11-09T19:55:22","modified_gmt":"2024-11-09T17:55:22","slug":"wybrane-gatunki-wielorybow","status":"publish","type":"page","link":"https:\/\/www.greenpeace.org\/poland\/wybrane-gatunki-wielorybow\/","title":{"rendered":"Wybrane gatunki wieloryb\u00f3w"},"content":{"rendered":"\n<div class=\"wp-block-planet4-blocks-carousel-header\"><div data-hydrate=\"planet4-blocks\/carousel-header\" data-attributes=\"{&quot;carousel_autoplay&quot;:false,&quot;slides&quot;:[{&quot;image&quot;:741,&quot;focal_points&quot;:{&quot;x&quot;:0.95,&quot;y&quot;:0.35},&quot;header&quot;:&quot;Wybrane gatunki wieloryb\u00f3w &quot;,&quot;description&quot;:&quot;Wieloryby, zwane r\u00f3wnie\u017c waleniami, s\u0105 najwi\u0119kszymi zwierz\u0119tami zamieszkuj\u0105cymi Ziemi\u0119. Te morskie olbrzymy s\u0105 bardzo wra\u017cliwe na wszelkie zmiany w ich \u015brodowisku naturalnym. Zmiany klimatu, zanieczyszczenie w\u00f3d oceanicznych i wielorybnictwo doprowadzi\u0142y do tego, \u017ce istnienie poszczeg\u00f3lnych gatunk\u00f3w stoi dzi\u015b pod znakiem zapytania. &quot;,&quot;link_text&quot;:&quot;&quot;,&quot;link_url&quot;:&quot;&quot;,&quot;link_url_new_tab&quot;:false,&quot;image_url&quot;:&quot;https:\/\/www.greenpeace.org\/static\/planet4-poland-stateless\/2019\/06\/6fb53f81-gp01937_pressmedia.jpg&quot;,&quot;image_srcset&quot;:&quot;https:\/\/www.greenpeace.org\/static\/planet4-poland-stateless\/2019\/06\/6fb53f81-gp01937_pressmedia-150x150.jpg 150w,https:\/\/www.greenpeace.org\/static\/planet4-poland-stateless\/2019\/06\/6fb53f81-gp01937_pressmedia-300x173.jpg 300w,https:\/\/www.greenpeace.org\/static\/planet4-poland-stateless\/2019\/06\/6fb53f81-gp01937_pressmedia-1024x592.jpg 1024w,https:\/\/www.greenpeace.org\/static\/planet4-poland-stateless\/2019\/06\/6fb53f81-gp01937_pressmedia-510x295.jpg 510w,https:\/\/www.greenpeace.org\/static\/planet4-poland-stateless\/2019\/06\/6fb53f81-gp01937_pressmedia.jpg 1880w&quot;}],&quot;currentImageIndex&quot;:0}\"><section class=\"block block-header alignfull carousel-header \"><div class=\"carousel-wrapper-header\"><div class=\"carousel-inner\" role=\"listbox\"><div class=\"carousel-item active\"><div class=\"carousel-item-mask\"><div class=\"background-holder\"><img decoding=\"async\" src=\"https:\/\/www.greenpeace.org\/static\/planet4-poland-stateless\/2019\/06\/6fb53f81-gp01937_pressmedia.jpg\" style=\"object-position:95% 35%\" srcSet=\"https:\/\/www.greenpeace.org\/static\/planet4-poland-stateless\/2019\/06\/6fb53f81-gp01937_pressmedia-150x150.jpg 150w,https:\/\/www.greenpeace.org\/static\/planet4-poland-stateless\/2019\/06\/6fb53f81-gp01937_pressmedia-300x173.jpg 300w,https:\/\/www.greenpeace.org\/static\/planet4-poland-stateless\/2019\/06\/6fb53f81-gp01937_pressmedia-1024x592.jpg 1024w,https:\/\/www.greenpeace.org\/static\/planet4-poland-stateless\/2019\/06\/6fb53f81-gp01937_pressmedia-510x295.jpg 510w,https:\/\/www.greenpeace.org\/static\/planet4-poland-stateless\/2019\/06\/6fb53f81-gp01937_pressmedia.jpg 1880w\"\/><\/div><div class=\"carousel-caption\"><div class=\"caption-overlay\"><\/div><div class=\"container main-header\"><div class=\"carousel-captions-wrapper\"><h2>Wybrane gatunki wieloryb\u00f3w <\/h2><p>Wieloryby, zwane r\u00f3wnie\u017c waleniami, s\u0105 najwi\u0119kszymi zwierz\u0119tami zamieszkuj\u0105cymi Ziemi\u0119. Te morskie olbrzymy s\u0105 bardzo wra\u017cliwe na wszelkie zmiany w ich \u015brodowisku naturalnym. Zmiany klimatu, zanieczyszczenie w\u00f3d oceanicznych i wielorybnictwo doprowadzi\u0142y do tego, \u017ce istnienie poszczeg\u00f3lnych gatunk\u00f3w stoi dzi\u015b pod znakiem zapytania. <\/p><\/div><\/div><\/div><\/div><\/div><\/div><\/div><\/section><\/div><\/div>\n\n\n<div class=\"wp-block-group alignfull is-layout-flow wp-block-group-is-layout-flow\">\n<div class=\"wp-block-group container is-layout-flow wp-block-group-is-layout-flow\"><\/div>\n<\/div>\n\n\n<h3 class=\"wp-block-heading\" id=\"a0\">P\u0142etwal b\u0142\u0119kitny &#8211; najwi\u0119ksze zwierz\u0119 \u015bwiata<br><em>Balaenoptera musculus<\/em><\/h3>\n\n<figure class=\"wp-block-image size-large\"><img loading=\"lazy\" decoding=\"async\" width=\"1024\" height=\"248\" src=\"https:\/\/www.greenpeace.org\/static\/planet4-poland-stateless\/2019\/06\/a809198d-pletwal-blekitny-1024x248.jpg\" alt=\"\" class=\"wp-image-732\" srcset=\"https:\/\/www.greenpeace.org\/static\/planet4-poland-stateless\/2019\/06\/a809198d-pletwal-blekitny-1024x248.jpg 1024w, https:\/\/www.greenpeace.org\/static\/planet4-poland-stateless\/2019\/06\/a809198d-pletwal-blekitny-300x73.jpg 300w, https:\/\/www.greenpeace.org\/static\/planet4-poland-stateless\/2019\/06\/a809198d-pletwal-blekitny-768x186.jpg 768w, https:\/\/www.greenpeace.org\/static\/planet4-poland-stateless\/2019\/06\/a809198d-pletwal-blekitny-2048x497.jpg 2048w, https:\/\/www.greenpeace.org\/static\/planet4-poland-stateless\/2019\/06\/a809198d-pletwal-blekitny-510x124.jpg 510w\" sizes=\"auto, (max-width: 1024px) 100vw, 1024px\" \/><\/figure>\n\n<p>Doros\u0142e osobniki tego gatunku osi\u0105gaj\u0105 d\u0142ugo\u015b\u0107 do 25 metr\u00f3w i wag\u0119 nawet do 130 ton. Ze wzgl\u0119du na specyficzne pigmenty znajduj\u0105ce si\u0119 w sk\u00f3rze, p\u0142etwal b\u0142\u0119kitny w zale\u017cno\u015bci od pory dnia i k\u0105ta padania s\u0142o\u0144ca przybiera kolory od \u017c\u00f3\u0142tego, poprzez r\u00f3\u017cowy i szary a\u017c do czarnego.<\/p>\n\n<p>P\u0142etwale \u017cywi\u0105 si\u0119 g\u0142\u00f3wnie krylem, mog\u0105 go zje\u015b\u0107 nawet do 8 ton dziennie, kt\u00f3ry filtruj\u0105 przez tak zwane fiszbiny czyli specjalne rogowe p\u0142ytki w szcz\u0119kach.<\/p>\n\n<p>Dojrza\u0142o\u015b\u0107 p\u0142ciow\u0105 osi\u0105gaj\u0105 w wieku oko\u0142o 10 lat. Maj\u0105 wtedy ponad 22 m d\u0142ugo\u015bci. Samice rodz\u0105 jedno m\u0142ode, noworodek ma zwykle oko\u0142o 7 m d\u0142ugo\u015bci.<\/p>\n\n<p>P\u0142etwale b\u0142\u0119kitne s\u0105 samotnikami, czasem przemierzaj\u0105 oceany w parach lub grupach do 4 osobnik\u00f3w. Te niezwyk\u0142e stworzenia nie maj\u0105 naturalnych wrog\u00f3w, najwi\u0119kszym ich utrapieniem jest cz\u0142owiek. To w\u0142a\u015bnie wielorybnicza dzia\u0142alno\u015b\u0107 cz\u0142owieka spowodowa\u0142a przetrzebienie populacji prawie do granicy wymarcia gatunku. Od 1965 roku p\u0142etwale b\u0142\u0119kitne s\u0105 obj\u0119te \u015bcis\u0142\u0105 ochron\u0105. Ich populacj\u0119 szacuje si\u0119 na 1,3- 2 tysi\u0105ce osobnik\u00f3w.<\/p>\n\n<h3 class=\"wp-block-heading\" id=\"a2\">Wal szary &#8211; oceaniczny marato\u0144czyk<br><em>Eschrichtius robustus<\/em><\/h3>\n\n<figure class=\"wp-block-image size-large\"><img loading=\"lazy\" decoding=\"async\" width=\"1024\" height=\"316\" src=\"https:\/\/www.greenpeace.org\/static\/planet4-poland-stateless\/2019\/06\/bfd108cf-wal-szary-1024x316.jpg\" alt=\"\" class=\"wp-image-736\" srcset=\"https:\/\/www.greenpeace.org\/static\/planet4-poland-stateless\/2019\/06\/bfd108cf-wal-szary-1024x316.jpg 1024w, https:\/\/www.greenpeace.org\/static\/planet4-poland-stateless\/2019\/06\/bfd108cf-wal-szary-300x93.jpg 300w, https:\/\/www.greenpeace.org\/static\/planet4-poland-stateless\/2019\/06\/bfd108cf-wal-szary-768x237.jpg 768w, https:\/\/www.greenpeace.org\/static\/planet4-poland-stateless\/2019\/06\/bfd108cf-wal-szary-510x157.jpg 510w, https:\/\/www.greenpeace.org\/static\/planet4-poland-stateless\/2019\/06\/bfd108cf-wal-szary.jpg 1772w\" sizes=\"auto, (max-width: 1024px) 100vw, 1024px\" \/><\/figure>\n\n<p>Wal szary (lub p\u0142ywacz szary) jest znany przede wszystkim z tego, \u017ce przemierza ogromne odleg\u0142o\u015bci, migruj\u0105c z P\u00f3\u0142nocy na Po\u0142udnie wzd\u0142u\u017c zachodniego wybrze\u017ca Ameryki P\u00f3\u0142nocnej. W trakcie swojej migracji jest w stanie pokona\u0107 odleg\u0142o\u015b\u0107 nawet 23 tysi\u0119cy kilometr\u00f3w. \u017badne inne zwierz\u0119 nie podr\u00f3\u017cuje tak daleko.<\/p>\n\n<p>Swoj\u0105 podr\u00f3\u017c wal szary rozpoczyna jesieni\u0105, kiedy temperatura w wodach oko\u0142obiegunowych zaczyna spada\u0107. Od maja do listopada wieloryby te spotka\u0107 mo\u017cna w bogatych w po\u017cywienie wodach Morza Beringa i Beauforta. Na gody wybieraj\u0105 zwykle cieplejsze akweny, np: okolice P\u00f3\u0142wyspu Kalifornijskiego. Tam te\u017c zwykle rodz\u0105 si\u0119 m\u0142ode wale.<\/p>\n\n<p>Ameryka\u0144scy wielorybnicy odkryli obecno\u015b\u0107 tych wieloryb\u00f3w przy brzegu Ameryki ju\u017c w latach 50tych XIX wieku. Wtedy te\u017c rozpocz\u0119to ich po\u0142owy na tak masow\u0105 skal\u0119, \u017ce zaledwie w ci\u0105gu 18 lat doprowadzono gatunek do granicy wygini\u0119cia. Harpunnicy mieli swoje sposoby, \u017ceby zabi\u0107 ich jak najwi\u0119cej. Najpierw wystrzeliwano harpun w kierunku m\u0142odego wieloryba, \u017ceby p\u00f3\u017aniej odstrzeli\u0107 matk\u0119. Obl\u0119\u017cone samice stawa\u0142y si\u0119 bardzo agresywne i zaciekle broni\u0142y swojego potomstwa, czasem nawet pr\u00f3bowa\u0142y taranowa\u0107 \u0142odzie wielorybnik\u00f3w.<\/p>\n\n<p>Wprowadzony w 1946 roku zakaz komercyjnych po\u0142ow\u00f3w wieloryb\u00f3w pom\u00f3g\u0142 odrodzi\u0107 populacj\u0119 wala szarego. Obecnie liczebno\u015b\u0107 populacji szacowana jest na oko\u0142o 21 tys. osobnik\u00f3w. Jest to jedyny przedstawiciel fiszbinowc\u00f3w, kt\u00f3rego liczebno\u015b\u0107 znacz\u0105co zwi\u0119kszy\u0142a si\u0119 od momentu wprowadzenia zakazu na komercyjne po\u0142owy wieloryb\u00f3w.<\/p>\n\n<p>Wale szare osi\u0105gaj\u0105 d\u0142ugo\u015b\u0107 14 metr\u00f3w i wag\u0119 od 15 do 35 ton. Samice s\u0105 zwykle wi\u0119ksze od samc\u00f3w. Zwykle maj\u0105 ciemnoszar\u0105 sk\u00f3r\u0119 pokryt\u0105 jasnymi c\u0119tkami, \u017cyj\u0105 oko\u0142o 50 lat. Dojrza\u0142o\u015b\u0107 p\u0142ciow\u0105 osi\u0105gaj\u0105 mniej wi\u0119cej w wieku 5-7 lat.<\/p>\n\n<div class=\"wp-block-group has-beige-100-background-color has-background is-vertical is-layout-flex wp-container-core-group-is-layout-73819139 wp-block-group-is-layout-flex\" style=\"padding-top:var(--wp--preset--spacing--20);padding-right:var(--wp--preset--spacing--20);padding-bottom:var(--wp--preset--spacing--20);padding-left:var(--wp--preset--spacing--20)\">\n<h2 class=\"wp-block-heading has-text-align-center is-style-default has-large-font-size\">Pom\u00f3\u017c oceanom i ich mieszka\u0144com:<\/h2>\n\n\n\n<div class=\"wp-block-columns are-vertically-aligned-center has-beige-100-background-color has-background is-layout-flex wp-container-core-columns-is-layout-9d6595d7 wp-block-columns-is-layout-flex\">\n<div class=\"wp-block-column is-vertically-aligned-center is-layout-flow wp-block-column-is-layout-flow\">\t\t\t<section\n\t\t\tclass=\"boxout  \"\n\t\t\t\n\t\t>\n\t\t\t<a\n\t\t\t\tdata-ga-category=\"Take Action Boxout\"\n\t\t\t\tdata-ga-action=\"Image\"\n\t\t\t\tdata-ga-label=\"n\/a\"\n\t\t\t\tclass=\"cover-card-overlay\"\n\t\t\t\thref=\"https:\/\/gdziejestzoska.pl\/?fundraiser=gppl_wieloryby\" target=\"_blank\"\n\t\t\t><\/a>\n\t\t\t\t\t\t\t<img\n\t\t\t\t\t\tsrc=\"https:\/\/www.greenpeace.org\/static\/planet4-poland-stateless\/2024\/11\/3bbd717f-arctic-header.png\"\n\t\t\t\t\t\tsrcset=\"https:\/\/www.greenpeace.org\/static\/planet4-poland-stateless\/2024\/11\/3bbd717f-arctic-header-500x250.png 500w, https:\/\/www.greenpeace.org\/static\/planet4-poland-stateless\/2024\/11\/3bbd717f-arctic-header-768x384.png 768w, https:\/\/www.greenpeace.org\/static\/planet4-poland-stateless\/2024\/11\/3bbd717f-arctic-header-510x255.png 510w, https:\/\/www.greenpeace.org\/static\/planet4-poland-stateless\/2024\/11\/3bbd717f-arctic-header.png 800w\"\n\t\t\t\t\t\tsizes=\"(min-width: 1000px) 358px, (min-width: 780px) 313px, 88px\"\n\t\t\t\t\t\talt=\"\" title=\"\"\n\t\t\t\t\/>\n            \t\t\t<div class=\"boxout-content\">\n\t\t\t\t\t\t\t\t\t<a\n\t\t\t\t\t\tclass=\"boxout-heading medium\"\n\t\t\t\t\t\tdata-ga-category=\"Take Action Boxout\"\n\t\t\t\t\t\tdata-ga-action=\"Title\"\n\t\t\t\t\t\tdata-ga-label=\"n\/a\"\n\t\t\t\t\t\thref=\"https:\/\/gdziejestzoska.pl\/?fundraiser=gppl_wieloryby\"\n\t\t\t\t\t\ttarget=\"_blank\"\n\t\t\t\t\t>\n\t\t\t\t\t\tAdoptuj morskie zwierz\u0119 i chro\u0144 oceany!\n\t\t\t\t\t<\/a>\n\t\t\t\t\t\t\t\t\t\t\t\t\t<p class=\"boxout-excerpt\">W podzi\u0119kowaniu czeka na Ciebie prezent \ud83d\ude42<\/p>\n\t\t\t\t                                    <a\n                        class=\"btn btn-primary\"\n                        data-ga-category=\"Take Action Boxout\"\n                        data-ga-action=\"Call to Action\"\n                        data-ga-label=\"n\/a\"\n                        href=\"https:\/\/gdziejestzoska.pl\/?fundraiser=gppl_wieloryby\"\n                        target=\"_blank\"\n                    >\n                        Adoptuj\u0119!\n                    <\/a>\n                \t\t\t<\/div>\n\t\t\t\t\t<\/section>\n\t<\/div>\n\n\n\n<div class=\"wp-block-column is-vertically-aligned-center is-layout-flow wp-block-column-is-layout-flow\">\t\t\t<section\n\t\t\tclass=\"boxout  \"\n\t\t\t\n\t\t>\n\t\t\t<a\n\t\t\t\tdata-ga-category=\"Take Action Boxout\"\n\t\t\t\tdata-ga-action=\"Image\"\n\t\t\t\tdata-ga-label=\"n\/a\"\n\t\t\t\tclass=\"cover-card-overlay\"\n\t\t\t\thref=\"https:\/\/chronmyoceany.pl\" \n\t\t\t><\/a>\n\t\t\t\t\t\t\t<img\n\t\t\t\t\t\tsrc=\"https:\/\/www.greenpeace.org\/static\/planet4-poland-stateless\/2024\/10\/d8e0295e-07-kalendarz2025-1024x576.jpg\"\n\t\t\t\t\t\tsrcset=\"https:\/\/www.greenpeace.org\/static\/planet4-poland-stateless\/2024\/10\/d8e0295e-07-kalendarz2025-500x281.jpg 500w, https:\/\/www.greenpeace.org\/static\/planet4-poland-stateless\/2024\/10\/d8e0295e-07-kalendarz2025-1024x576.jpg 1024w, https:\/\/www.greenpeace.org\/static\/planet4-poland-stateless\/2024\/10\/d8e0295e-07-kalendarz2025-768x432.jpg 768w, https:\/\/www.greenpeace.org\/static\/planet4-poland-stateless\/2024\/10\/d8e0295e-07-kalendarz2025-1536x864.jpg 1536w, https:\/\/www.greenpeace.org\/static\/planet4-poland-stateless\/2024\/10\/d8e0295e-07-kalendarz2025-510x287.jpg 510w, https:\/\/www.greenpeace.org\/static\/planet4-poland-stateless\/2024\/10\/d8e0295e-07-kalendarz2025.jpg 1920w\"\n\t\t\t\t\t\tsizes=\"(min-width: 1000px) 358px, (min-width: 780px) 313px, 88px\"\n\t\t\t\t\t\talt=\"\" title=\"\"\n\t\t\t\t\/>\n            \t\t\t<div class=\"boxout-content\">\n\t\t\t\t\t\t\t\t\t<a\n\t\t\t\t\t\tclass=\"boxout-heading medium\"\n\t\t\t\t\t\tdata-ga-category=\"Take Action Boxout\"\n\t\t\t\t\t\tdata-ga-action=\"Title\"\n\t\t\t\t\t\tdata-ga-label=\"n\/a\"\n\t\t\t\t\t\thref=\"https:\/\/chronmyoceany.pl\"\n\t\t\t\t\t\t\n\t\t\t\t\t>\n\t\t\t\t\t\tCzas na \u015awiatowy Traktat Oceaniczny!\n\t\t\t\t\t<\/a>\n\t\t\t\t\t\t\t\t\t\t\t\t\t<p class=\"boxout-excerpt\">Podpisz apel o przyj\u0119cie Traktatu, kt\u00f3ry pomo\u017ce chroni\u0107 oceany.<\/p>\n\t\t\t\t                                    <a\n                        class=\"btn btn-primary\"\n                        data-ga-category=\"Take Action Boxout\"\n                        data-ga-action=\"Call to Action\"\n                        data-ga-label=\"n\/a\"\n                        href=\"https:\/\/chronmyoceany.pl\"\n                        \n                    >\n                        Podpisuj\u0119!\n                    <\/a>\n                \t\t\t<\/div>\n\t\t\t\t\t<\/section>\n\t<\/div>\n<\/div>\n<\/div>\n\n<h3 class=\"wp-block-heading\" id=\"a4\">Kaszalot &#8211; nurek g\u0142\u0119binowy<br><em>Physeter macrocephalus<\/em><\/h3>\n\n<figure class=\"wp-block-image size-large\"><img loading=\"lazy\" decoding=\"async\" width=\"1024\" height=\"293\" src=\"https:\/\/www.greenpeace.org\/static\/planet4-poland-stateless\/2019\/06\/4eb17899-kaszalot-1024x293.jpg\" alt=\"\" class=\"wp-image-737\" srcset=\"https:\/\/www.greenpeace.org\/static\/planet4-poland-stateless\/2019\/06\/4eb17899-kaszalot-1024x293.jpg 1024w, https:\/\/www.greenpeace.org\/static\/planet4-poland-stateless\/2019\/06\/4eb17899-kaszalot-300x86.jpg 300w, https:\/\/www.greenpeace.org\/static\/planet4-poland-stateless\/2019\/06\/4eb17899-kaszalot-768x220.jpg 768w, https:\/\/www.greenpeace.org\/static\/planet4-poland-stateless\/2019\/06\/4eb17899-kaszalot-2048x585.jpg 2048w, https:\/\/www.greenpeace.org\/static\/planet4-poland-stateless\/2019\/06\/4eb17899-kaszalot-510x146.jpg 510w\" sizes=\"auto, (max-width: 1024px) 100vw, 1024px\" \/><\/figure>\n\n<p>Kaszaloty to tajemnicze stworzenia. Potrafi\u0105 nurkowa\u0107 na g\u0142\u0119boko\u015b\u0107 nawet 1500 metr\u00f3w. Na tej g\u0142\u0119boko\u015bci jest zupe\u0142nie ciemno, wi\u0119c do zdobycia po\u017cywienia u\u017cywaj\u0105 echolokacji. Wed\u0142ug jednej z teorii kaszaloty na g\u0142\u0119boko\u015bci ponad tysi\u0105ca metr\u00f3w prowadz\u0105 regularne bitwy z ka\u0142amarnicami olbrzymimi. Co prawda \u017caden cz\u0142owiek nie by\u0142 nigdy \u015bwiadkiem takiego starcia, ale mog\u0105 o tym \u015bwiadczy\u0107 cz\u0119sto spotykane u kaszalot\u00f3w blizny. Niewielkie ka\u0142amarnice s\u0105 podstaw\u0105 ich po\u017cywienia. Kaszaloty nale\u017c\u0105 do podrz\u0119du z\u0119bowc\u00f3w i s\u0105 jedynymi przedstawicielami wi\u0119kszych wieloryb\u00f3w, posiadaj\u0105cymi z\u0119by. Nie s\u0105 one jednak u\u017cywane do prze\u017cuwania, poniewa\u017c jedzenie po\u0142ykaj\u0105 w ca\u0142o\u015bci.<\/p>\n\n<p>Kolor sk\u00f3ry kaszalot\u00f3w mo\u017ce by\u0107 bardzo zr\u00f3\u017cnicowany &#8211; od szarego poprzez br\u0105zowy a\u017c do czarnego.<\/p>\n\n<p>Historia ich \u017cycia jest prawie nieznana nauce. To bardzo tajemnicze stworzenia, zamieszkuj\u0105ce wszystkie oceany \u015bwiata. Przemys\u0142owe po\u0142owy tych waleni zako\u0144czono w 1979 roku, jednak niekt\u00f3re kraje nadal po\u0142awiaj\u0105 pojedyncze osobniki.<\/p>\n\n<h3 class=\"wp-block-heading\" id=\"a6\">Bia\u0142ucha (beluga, wal bia\u0142y) &#8211; s\u0142owik ocean\u00f3w<br><em>Delphinapterus leucas<\/em><\/h3>\n\n<figure class=\"wp-block-image size-full is-resized\"><img loading=\"lazy\" decoding=\"async\" width=\"600\" height=\"332\" src=\"https:\/\/www.greenpeace.org\/static\/planet4-poland-stateless\/2019\/06\/ec47e02f-bialucha.jpg\" alt=\"\" class=\"wp-image-739\" style=\"width:802px;height:auto\" srcset=\"https:\/\/www.greenpeace.org\/static\/planet4-poland-stateless\/2019\/06\/ec47e02f-bialucha.jpg 600w, https:\/\/www.greenpeace.org\/static\/planet4-poland-stateless\/2019\/06\/ec47e02f-bialucha-300x166.jpg 300w, https:\/\/www.greenpeace.org\/static\/planet4-poland-stateless\/2019\/06\/ec47e02f-bialucha-510x282.jpg 510w\" sizes=\"auto, (max-width: 600px) 100vw, 600px\" \/><\/figure>\n\n<p><\/p>\n\n<p>Bia\u0142uchy wydaj\u0105 odg\u0142osy podobne do \u015bpiewu ptak\u00f3w i dlatego bywaj\u0105 nazywane przez wielorybnik\u00f3w&nbsp;<em>s\u0142owikami ocean\u00f3w<\/em>. Czasem poszczeg\u00f3lne osobniki porozumiewaj\u0105 si\u0119 tak g\u0142o\u015bno, \u017ce ich &#8222;rozmow\u0119&#8221; s\u0142ycha\u0107 na powierzchni oceanu.<\/p>\n\n<p>Opr\u00f3cz tego bia\u0142uchy maj\u0105 jeszcze jedn\u0105 rzadko spotykan\u0105 w\u015br\u00f3d wieloryb\u00f3w cech\u0119: mog\u0105 przekr\u0119ca\u0107 g\u0142ow\u0119 i patrze\u0107 przez &#8222;rami\u0119&#8221;. Jest to mo\u017cliwe dzi\u0119ki specyficznej budowie ich kr\u0119g\u00f3w szyjnych.<\/p>\n\n<p>Osi\u0105gaj\u0105 d\u0142ugo\u015b\u0107 4,5 metra i wag\u0119 oko\u0142o 1,5 tony. Istniej\u0105 spore r\u00f3\u017cnice w rozmiarach osobnik\u00f3w w zale\u017cno\u015bci od tego, gdzie \u017cyje dana populacja. Bia\u0142uchy \u017cyj\u0105 w Oceanie Arktycznym, u wybrze\u017cy Ameryki P\u00f3\u0142nocnej, Europy P\u00f3\u0142nocnej oraz Rosji. Zwykle \u017cyj\u0105 w grupach po 5 do 10 osobnik\u00f3w, jednak spotykane s\u0105 grupy licz\u0105ce nawet po 100 sztuk.<\/p>\n\n<p>Zaraz po urodzeniu ich sk\u00f3ra jest r\u00f3\u017cowo-br\u0105zowa, z wiekiem staje si\u0119 ja\u015bniejsza, a po osi\u0105gni\u0119ciu dojrza\u0142o\u015bci p\u0142ciowej (czyli w wieku 4-7 lat) staje si\u0119 prawie bia\u0142a. M\u0142ode rodz\u0105 si\u0119 co dwa lata, ci\u0105\u017ca trwa 14 miesi\u0119cy. Bia\u0142uchy \u017cyj\u0105 oko\u0142o 24 lat.<\/p>\n\n<p>Nale\u017c\u0105 do podrz\u0119du z\u0119bowc\u00f3w, ich szcz\u0119ki licz\u0105 od 32 do 40 z\u0119b\u00f3w. Nie u\u017cywaj\u0105 ich jednak do prze\u017cuwania, po\u0142ykaj\u0105 pokarm w ca\u0142o\u015bci. G\u0142\u00f3wnym sk\u0142adnikiem ich diety s\u0105 ryby, krewetki i ka\u0142amarnice.<\/p>\n\n<p>Bia\u0142uchy s\u0105 powolnymi p\u0142ywakami, dlatego s\u0105 \u0142atwym celem dla poluj\u0105cych na nie orek.<\/p>\n\n<div class=\"wp-block-group has-beige-100-background-color has-background is-vertical is-content-justification-center is-layout-flex wp-container-core-group-is-layout-5c33af09 wp-block-group-is-layout-flex\" style=\"padding-top:var(--wp--preset--spacing--20);padding-right:var(--wp--preset--spacing--20);padding-bottom:var(--wp--preset--spacing--20);padding-left:var(--wp--preset--spacing--20)\">\n<h2 class=\"wp-block-heading has-text-align-center is-style-default has-large-font-size\">Pom\u00f3\u017c oceanom i ich mieszka\u0144com:<\/h2>\n\n\n\n<div class=\"wp-block-columns are-vertically-aligned-center has-beige-100-background-color has-background is-layout-flex wp-container-core-columns-is-layout-9d6595d7 wp-block-columns-is-layout-flex\">\n<div class=\"wp-block-column is-vertically-aligned-center is-layout-flow wp-block-column-is-layout-flow\">\t\t\t<section\n\t\t\tclass=\"boxout  \"\n\t\t\t\n\t\t>\n\t\t\t<a\n\t\t\t\tdata-ga-category=\"Take Action Boxout\"\n\t\t\t\tdata-ga-action=\"Image\"\n\t\t\t\tdata-ga-label=\"n\/a\"\n\t\t\t\tclass=\"cover-card-overlay\"\n\t\t\t\thref=\"https:\/\/gdziejestzoska.pl\/?fundraiser=gppl_wieloryby\" target=\"_blank\"\n\t\t\t><\/a>\n\t\t\t\t\t\t\t<img\n\t\t\t\t\t\tsrc=\"https:\/\/www.greenpeace.org\/static\/planet4-poland-stateless\/2024\/11\/3bbd717f-arctic-header.png\"\n\t\t\t\t\t\tsrcset=\"https:\/\/www.greenpeace.org\/static\/planet4-poland-stateless\/2024\/11\/3bbd717f-arctic-header-500x250.png 500w, https:\/\/www.greenpeace.org\/static\/planet4-poland-stateless\/2024\/11\/3bbd717f-arctic-header-768x384.png 768w, https:\/\/www.greenpeace.org\/static\/planet4-poland-stateless\/2024\/11\/3bbd717f-arctic-header-510x255.png 510w, https:\/\/www.greenpeace.org\/static\/planet4-poland-stateless\/2024\/11\/3bbd717f-arctic-header.png 800w\"\n\t\t\t\t\t\tsizes=\"(min-width: 1000px) 358px, (min-width: 780px) 313px, 88px\"\n\t\t\t\t\t\talt=\"\" title=\"\"\n\t\t\t\t\/>\n            \t\t\t<div class=\"boxout-content\">\n\t\t\t\t\t\t\t\t\t<a\n\t\t\t\t\t\tclass=\"boxout-heading medium\"\n\t\t\t\t\t\tdata-ga-category=\"Take Action Boxout\"\n\t\t\t\t\t\tdata-ga-action=\"Title\"\n\t\t\t\t\t\tdata-ga-label=\"n\/a\"\n\t\t\t\t\t\thref=\"https:\/\/gdziejestzoska.pl\/?fundraiser=gppl_wieloryby\"\n\t\t\t\t\t\ttarget=\"_blank\"\n\t\t\t\t\t>\n\t\t\t\t\t\tAdoptuj morskie zwierz\u0119 i chro\u0144 oceany!\n\t\t\t\t\t<\/a>\n\t\t\t\t\t\t\t\t\t\t\t\t\t<p class=\"boxout-excerpt\">W podzi\u0119kowaniu czeka na Ciebie prezent \ud83d\ude42<\/p>\n\t\t\t\t                                    <a\n                        class=\"btn btn-primary\"\n                        data-ga-category=\"Take Action Boxout\"\n                        data-ga-action=\"Call to Action\"\n                        data-ga-label=\"n\/a\"\n                        href=\"https:\/\/gdziejestzoska.pl\/?fundraiser=gppl_wieloryby\"\n                        target=\"_blank\"\n                    >\n                        Adoptuj\u0119!\n                    <\/a>\n                \t\t\t<\/div>\n\t\t\t\t\t<\/section>\n\t<\/div>\n\n\n\n<div class=\"wp-block-column is-vertically-aligned-center is-layout-flow wp-block-column-is-layout-flow\">\t\t\t<section\n\t\t\tclass=\"boxout  \"\n\t\t\t\n\t\t>\n\t\t\t<a\n\t\t\t\tdata-ga-category=\"Take Action Boxout\"\n\t\t\t\tdata-ga-action=\"Image\"\n\t\t\t\tdata-ga-label=\"n\/a\"\n\t\t\t\tclass=\"cover-card-overlay\"\n\t\t\t\thref=\"https:\/\/chronmyoceany.pl\" \n\t\t\t><\/a>\n\t\t\t\t\t\t\t<img\n\t\t\t\t\t\tsrc=\"https:\/\/www.greenpeace.org\/static\/planet4-poland-stateless\/2024\/10\/d8e0295e-07-kalendarz2025-1024x576.jpg\"\n\t\t\t\t\t\tsrcset=\"https:\/\/www.greenpeace.org\/static\/planet4-poland-stateless\/2024\/10\/d8e0295e-07-kalendarz2025-500x281.jpg 500w, https:\/\/www.greenpeace.org\/static\/planet4-poland-stateless\/2024\/10\/d8e0295e-07-kalendarz2025-1024x576.jpg 1024w, https:\/\/www.greenpeace.org\/static\/planet4-poland-stateless\/2024\/10\/d8e0295e-07-kalendarz2025-768x432.jpg 768w, https:\/\/www.greenpeace.org\/static\/planet4-poland-stateless\/2024\/10\/d8e0295e-07-kalendarz2025-1536x864.jpg 1536w, https:\/\/www.greenpeace.org\/static\/planet4-poland-stateless\/2024\/10\/d8e0295e-07-kalendarz2025-510x287.jpg 510w, https:\/\/www.greenpeace.org\/static\/planet4-poland-stateless\/2024\/10\/d8e0295e-07-kalendarz2025.jpg 1920w\"\n\t\t\t\t\t\tsizes=\"(min-width: 1000px) 358px, (min-width: 780px) 313px, 88px\"\n\t\t\t\t\t\talt=\"\" title=\"\"\n\t\t\t\t\/>\n            \t\t\t<div class=\"boxout-content\">\n\t\t\t\t\t\t\t\t\t<a\n\t\t\t\t\t\tclass=\"boxout-heading medium\"\n\t\t\t\t\t\tdata-ga-category=\"Take Action Boxout\"\n\t\t\t\t\t\tdata-ga-action=\"Title\"\n\t\t\t\t\t\tdata-ga-label=\"n\/a\"\n\t\t\t\t\t\thref=\"https:\/\/chronmyoceany.pl\"\n\t\t\t\t\t\t\n\t\t\t\t\t>\n\t\t\t\t\t\tCzas na \u015awiatowy Traktat Oceaniczny!\n\t\t\t\t\t<\/a>\n\t\t\t\t\t\t\t\t\t\t\t\t\t<p class=\"boxout-excerpt\">Podpisz apel o przyj\u0119cie Traktatu, kt\u00f3ry pomo\u017ce chroni\u0107 oceany.<\/p>\n\t\t\t\t                                    <a\n                        class=\"btn btn-primary\"\n                        data-ga-category=\"Take Action Boxout\"\n                        data-ga-action=\"Call to Action\"\n                        data-ga-label=\"n\/a\"\n                        href=\"https:\/\/chronmyoceany.pl\"\n                        \n                    >\n                        Podpisuj\u0119!\n                    <\/a>\n                \t\t\t<\/div>\n\t\t\t\t\t<\/section>\n\t<\/div>\n<\/div>\n<\/div>\n\n<hr class=\"wp-block-separator has-css-opacity\"\/>\n\n<script type=\"application\/javascript\" src=\"https:\/\/wspieram.greenpeace.pl\/action\/iframe.js\" data-version=\"kalendarz\"><\/script>\n","protected":false},"excerpt":{"rendered":"<p>P\u0142etwal b\u0142\u0119kitny &#8211; najwi\u0119ksze zwierz\u0119 \u015bwiataBalaenoptera musculus Doros\u0142e osobniki tego gatunku osi\u0105gaj\u0105 d\u0142ugo\u015b\u0107 do 25 metr\u00f3w i wag\u0119 nawet do 130 ton. Ze wzgl\u0119du na specyficzne pigmenty znajduj\u0105ce si\u0119 w sk\u00f3rze, p\u0142etwal b\u0142\u0119kitny w zale\u017cno\u015bci od pory dnia i k\u0105ta padania s\u0142o\u0144ca przybiera kolory od \u017c\u00f3\u0142tego, poprzez r\u00f3\u017cowy i szary a\u017c do czarnego. P\u0142etwale \u017cywi\u0105 [&hellip;]<\/p>\n","protected":false},"author":25,"featured_media":734,"parent":0,"menu_order":0,"comment_status":"closed","ping_status":"closed","template":"","meta":{"ep_exclude_from_search":false,"p4_hide_page_title_checkbox":"on","p4_title":"","p4_subtitle":"","p4_description":"","background_image_id":"","background_image":"","p4_button_title":"","p4_button_link":"","p4_button_link_checkbox":"","p4_og_title":"","p4_og_description":"","p4_og_image":"","p4_og_image_id":"","p4_seo_canonical_url":"","p4_campaign_name":"not set","p4_local_project":"not set","p4_basket_name":"not set","p4_department":"","footnotes":""},"categories":[3],"tags":[20],"class_list":["post-730","page","type-page","status-publish","has-post-thumbnail","hentry","category-przyroda","tag-morza"],"_links":{"self":[{"href":"https:\/\/www.greenpeace.org\/poland\/wp-json\/wp\/v2\/pages\/730","targetHints":{"allow":["GET"]}}],"collection":[{"href":"https:\/\/www.greenpeace.org\/poland\/wp-json\/wp\/v2\/pages"}],"about":[{"href":"https:\/\/www.greenpeace.org\/poland\/wp-json\/wp\/v2\/types\/page"}],"author":[{"embeddable":true,"href":"https:\/\/www.greenpeace.org\/poland\/wp-json\/wp\/v2\/users\/25"}],"replies":[{"embeddable":true,"href":"https:\/\/www.greenpeace.org\/poland\/wp-json\/wp\/v2\/comments?post=730"}],"version-history":[{"count":19,"href":"https:\/\/www.greenpeace.org\/poland\/wp-json\/wp\/v2\/pages\/730\/revisions"}],"predecessor-version":[{"id":35631,"href":"https:\/\/www.greenpeace.org\/poland\/wp-json\/wp\/v2\/pages\/730\/revisions\/35631"}],"wp:featuredmedia":[{"embeddable":true,"href":"https:\/\/www.greenpeace.org\/poland\/wp-json\/wp\/v2\/media\/734"}],"wp:attachment":[{"href":"https:\/\/www.greenpeace.org\/poland\/wp-json\/wp\/v2\/media?parent=730"}],"wp:term":[{"taxonomy":"category","embeddable":true,"href":"https:\/\/www.greenpeace.org\/poland\/wp-json\/wp\/v2\/categories?post=730"},{"taxonomy":"post_tag","embeddable":true,"href":"https:\/\/www.greenpeace.org\/poland\/wp-json\/wp\/v2\/tags?post=730"}],"curies":[{"name":"wp","href":"https:\/\/api.w.org\/{rel}","templated":true}]}}