{"id":711,"date":"2019-07-01T18:01:34","date_gmt":"2019-07-01T15:01:34","guid":{"rendered":"https:\/\/master.k8s.p4.greenpeace.org\/romania\/?page_id=711"},"modified":"2026-03-31T15:46:38","modified_gmt":"2026-03-31T12:46:38","slug":"activisti-pentru-paduri","status":"publish","type":"page","link":"https:\/\/www.greenpeace.org\/romania\/campanii\/monitorizare-si-interventie-directa\/activisti-pentru-paduri\/","title":{"rendered":"#Activi\u0219ti pentru P\u0103duri"},"content":{"rendered":"\n                    <div class=\"wp-block-group is-vertical is-layout-flex wp-container-core-group-is-layout-8cf370e7 wp-block-group-is-layout-flex\">\n                    \n                                <p>\u00cen 2018, potrivit <a href=\"https:\/\/www.greenpeace.org\/romania\/comunicat-presa\/2207\/taieri-ilegale-2018-greenpeace\/\">raportului Greenpeace Rom\u00e2nia<\/a>, autorit\u0103\u021bile au identificat 11.419 de cazuri de t\u0103ieri ilegale la nivel na\u021bional, \u00een medie 31 pe zi, cu 5.8% mai multe dec\u00e2t \u00een anul anterior. O contribu\u021bie important\u0103 la identificarea acestor cazuri a avut-o societatea civil\u0103, \u00een unele jude\u021be &#8211; V\u00e2lcea, Gorj, Suceava &#8211; o bun\u0103 parte din cazurile investigate de autorit\u0103\u021bi fiind identificate de cet\u0103\u021beni.<\/p>\n                            \n\n                    \n                            <div class=\"wp-block-buttons is-layout-flex wp-block-buttons-is-layout-flex\">\n                            <div class=\"wp-block-button\">\n                                <a class=\"wp-block-button__link wp-element-button\" href=\"https:\/\/docs.google.com\/forms\/d\/e\/1FAIpQLSeprP1P8msNtW8oO4wGdqlrX0ApHgYCmPy0zhLbu2i7laXJIQ\/viewform\" target=\"_blank\" rel=\"noreferrer noopener\">\n                                    Devino voluntar\n                                <\/a>\n                            <\/div>\n                            <\/div>\n                            \n                    <\/div>\n                    <div data-render=\"planet4-blocks\/columns\" data-attributes=\"{&quot;attributes&quot;:{&quot;columns_block_style&quot;:&quot;image&quot;,&quot;columns_title&quot;:&quot;&quot;,&quot;className&quot;:&quot;is-style-image&quot;,&quot;columns_description&quot;:&quot;&quot;,&quot;columns&quot;:[{&quot;attachment&quot;:&quot;https:\\\/\\\/www.greenpeace.org\\\/static\\\/planet4-romania-stateless\\\/2019\\\/06\\\/b90daa3a-gp0stq1uc-1024x684.jpg&quot;,&quot;title&quot;:&quot;#Activi\\u0219ti pentru P\\u0103duri&quot;,&quot;cta_link&quot;:&quot;http:\\\/\\\/www.greenpeace.org\\\/romania\\\/tag\\\/activisti-pentru-paduri\\\/&quot;,&quot;attachment_srcset&quot;:&quot;https:\\\/\\\/www.greenpeace.org\\\/static\\\/planet4-romania-stateless\\\/2019\\\/06\\\/b90daa3a-gp0stq1uc-1024x684.jpg 1024w, https:\\\/\\\/www.greenpeace.org\\\/static\\\/planet4-romania-stateless\\\/2019\\\/06\\\/b90daa3a-gp0stq1uc-300x200.jpg 300w, https:\\\/\\\/www.greenpeace.org\\\/static\\\/planet4-romania-stateless\\\/2019\\\/06\\\/b90daa3a-gp0stq1uc-768x513.jpg 768w, https:\\\/\\\/www.greenpeace.org\\\/static\\\/planet4-romania-stateless\\\/2019\\\/06\\\/b90daa3a-gp0stq1uc-510x340.jpg 510w, https:\\\/\\\/www.greenpeace.org\\\/static\\\/planet4-romania-stateless\\\/2019\\\/06\\\/b90daa3a-gp0stq1uc.jpg 1200w&quot;}]}}\"><\/div>\n    <div class=\"wp-block-query posts-list p4-query-loop is-custom-layout-grid is-layout-grid wp-container-core-query-is-layout-b8bb0bd1 wp-block-query-is-layout-grid\">\n        <div class=\"wp-block-group is-content-justification-space-between is-layout-flex wp-container-core-group-is-layout-3d213aab wp-block-group-is-layout-flex\"><h2 class=\"wp-block-heading\"><\/h2>\n        <li class=\" wp-block-navigation-item see-all-link wp-block-navigation-link\"><a class=\"wp-block-navigation-item__content\"  href=\"http:\/\/www.greenpeace.org\/romania\/news-stories\/?tag=activisti-pentru-paduri&#038;post-type=\"><span class=\"wp-block-navigation-item__label\">See all stories<\/span><\/a><\/li>\n        \n        <\/div>\n        \n\n    <p style=\"margin-top: 24px; margin-bottom: 36px;\"><\/p>\n\n    <div class=\"wp-block-query-no-results\">\n        <p style=\"\">No posts found.<\/p>\n        <\/div>\n\n    \n\n    \n<div class=\"wp-block-buttons carousel-controls is-horizontal is-content-justification-space-between is-nowrap is-layout-flex wp-container-core-buttons-is-layout-044bd602 wp-block-buttons-is-layout-flex\">\n            <div class=\"wp-block-button carousel-control-prev\"><button type=\"button\" class=\"wp-block-button__link wp-element-button\">Prev<\/button><\/div>\n        \n\n            <div class=\"wp-block-button carousel-control-next\"><button type=\"button\" class=\"wp-block-button__link wp-element-button\">Next<\/button><\/div>\n        <\/div>\n\n\n    <li class=\" wp-block-navigation-item see-all-link wp-block-navigation-link\"><a class=\"wp-block-navigation-item__content\"  href=\"http:\/\/www.greenpeace.org\/romania\/news-stories\/?tag=activisti-pentru-paduri&#038;post-type=\"><span class=\"wp-block-navigation-item__label\">See all stories<\/span><\/a><\/li><\/div>\n    <div data-render=\"planet4-blocks\/happypoint\" data-attributes=\"{&quot;attributes&quot;:{&quot;focus_image&quot;:&quot;0% 0%&quot;,&quot;mailing_list_iframe&quot;:true,&quot;opacity&quot;:30,&quot;override_default_content&quot;:false,&quot;local_content_provider&quot;:&quot;none&quot;}}\"><\/div>","protected":false},"excerpt":{"rendered":"<p>\u00cen 2018, potrivit raportului Greenpeace Rom\u00e2nia, autorit\u0103\u021bile au identificat 11.419 de cazuri de t\u0103ieri ilegale la nivel na\u021bional, \u00een medie 31 pe zi, cu 5.8% mai multe dec\u00e2t \u00een anul anterior. O contribu\u021bie important\u0103 la identificarea acestor cazuri a avut-o societatea civil\u0103, \u00een unele jude\u021be &#8211; V\u00e2lcea, Gorj, Suceava &#8211; o bun\u0103 parte din cazurile [&hellip;]<\/p>\n","protected":false},"author":1,"featured_media":739,"parent":54,"menu_order":0,"comment_status":"closed","ping_status":"closed","template":"","meta":{"ep_exclude_from_search":false,"p4_hide_page_title_checkbox":"","p4_title":"","p4_subtitle":"","p4_description":"","background_image_id":"","background_image":"","p4_button_title":"","p4_button_link":"","p4_button_link_checkbox":"","p4_og_title":"","p4_og_description":"","p4_og_image":"","p4_og_image_id":"","p4_seo_canonical_url":"","p4_campaign_name":"not set","p4_local_project":"","p4_basket_name":"not set","p4_department":"","footnotes":""},"categories":[3],"tags":[45],"class_list":["post-711","page","type-page","status-publish","has-post-thumbnail","hentry","category-paduri","tag-paduri"],"_links":{"self":[{"href":"https:\/\/www.greenpeace.org\/romania\/wp-json\/wp\/v2\/pages\/711","targetHints":{"allow":["GET"]}}],"collection":[{"href":"https:\/\/www.greenpeace.org\/romania\/wp-json\/wp\/v2\/pages"}],"about":[{"href":"https:\/\/www.greenpeace.org\/romania\/wp-json\/wp\/v2\/types\/page"}],"author":[{"embeddable":true,"href":"https:\/\/www.greenpeace.org\/romania\/wp-json\/wp\/v2\/users\/1"}],"replies":[{"embeddable":true,"href":"https:\/\/www.greenpeace.org\/romania\/wp-json\/wp\/v2\/comments?post=711"}],"version-history":[{"count":15,"href":"https:\/\/www.greenpeace.org\/romania\/wp-json\/wp\/v2\/pages\/711\/revisions"}],"predecessor-version":[{"id":11684,"href":"https:\/\/www.greenpeace.org\/romania\/wp-json\/wp\/v2\/pages\/711\/revisions\/11684"}],"up":[{"embeddable":true,"href":"https:\/\/www.greenpeace.org\/romania\/wp-json\/wp\/v2\/pages\/54"}],"wp:featuredmedia":[{"embeddable":true,"href":"https:\/\/www.greenpeace.org\/romania\/wp-json\/wp\/v2\/media\/739"}],"wp:attachment":[{"href":"https:\/\/www.greenpeace.org\/romania\/wp-json\/wp\/v2\/media?parent=711"}],"wp:term":[{"taxonomy":"category","embeddable":true,"href":"https:\/\/www.greenpeace.org\/romania\/wp-json\/wp\/v2\/categories?post=711"},{"taxonomy":"post_tag","embeddable":true,"href":"https:\/\/www.greenpeace.org\/romania\/wp-json\/wp\/v2\/tags?post=711"}],"curies":[{"name":"wp","href":"https:\/\/api.w.org\/{rel}","templated":true}]}}