{"id":8938,"date":"2023-11-13T14:32:05","date_gmt":"2023-11-13T11:32:05","guid":{"rendered":"https:\/\/www.greenpeace.org\/romania\/?page_id=8938"},"modified":"2026-04-06T16:43:29","modified_gmt":"2026-04-06T13:43:29","slug":"democratie-energetica","status":"publish","type":"page","link":"https:\/\/www.greenpeace.org\/romania\/democratie-energetica\/","title":{"rendered":"Democra\u021bie energetic\u0103"},"content":{"rendered":"\n<div class=\"wp-block-columns is-layout-flex wp-container-core-columns-is-layout-9d6595d7 wp-block-columns-is-layout-flex\">\n<div class=\"wp-block-column is-layout-flow wp-block-column-is-layout-flow\">\n<p>Studiile ne spun c\u0103 <a href=\"https:\/\/saracie-energetica.ro\/wp-content\/uploads\/2025\/07\/ORSE_Policy-Brief_Iunie-2025.pdf\" data-type=\"link\" data-id=\"https:\/\/saracie-energetica.ro\/wp-content\/uploads\/2025\/07\/ORSE_Policy-Brief_Iunie-2025.pdf\">34% dintre gospod\u0103riile din Rom\u00e2nia se afl\u0103 \u00een <strong>s\u0103r\u0103cie energetic\u0103<\/strong>,<\/a> iar cea mai afectat\u0103 zon\u0103 este cea rural\u0103. De la \u00eenc\u0103lzitul la sobe \u0219i p\u00e2n\u0103 la supraconsum, cauzat de ineficien\u021ba energetic\u0103 a locuin\u021belor, rom\u00e2nii se confrunt\u0103 cu o realitate dur\u0103: <em>energia este un lux.<\/em><\/p>\n\n\n\n<p><strong>Democra\u021bia energetic\u0103<\/strong> urm\u0103re\u0219te trecerea de la un sistem controlat de c\u00e2\u021biva gigan\u021bi fosili la un sistem \u00een care <strong>oamenii \u00ee\u0219i produc, consum\u0103 \u0219i v\u00e2nd propria energie curat\u0103<\/strong>.<\/p>\n\n\n\n<p>Comunit\u0103\u021bile de energie sunt grupuri de cet\u0103\u021beni, autorit\u0103\u021bi locale sau firme mici care se unesc pentru a face fix asta, folosind energie regenerabil\u0103 \u2013 solar\u0103, eolian\u0103 sau geotermal\u0103.&nbsp;<\/p>\n\n\n\n<p>\u00centr-o comunitate de energie, oamenii pot decide \u00eempreun\u0103 cum se produce \u0219i se folose\u0219te energia \u00een cartierul sau comuna lor, reduc\u00e2ndu-\u0219i costurile \u0219i cresc\u00e2nd adev\u0103rata independen\u021b\u0103 energetic\u0103. <\/p>\n<\/div>\n\n\n\n<div class=\"wp-block-column is-layout-flow wp-block-column-is-layout-flow\">\n<figure class=\"wp-block-image size-large\"><img loading=\"lazy\" decoding=\"async\" width=\"1024\" height=\"683\" src=\"https:\/\/www.greenpeace.org\/static\/planet4-romania-stateless\/2025\/11\/575810ac-gp0su7am5_medium-res-with-credit-line-1200px-1024x683.jpg\" alt=\"\" class=\"wp-image-11896\" srcset=\"https:\/\/www.greenpeace.org\/static\/planet4-romania-stateless\/2025\/11\/575810ac-gp0su7am5_medium-res-with-credit-line-1200px-1024x683.jpg 1024w, https:\/\/www.greenpeace.org\/static\/planet4-romania-stateless\/2025\/11\/575810ac-gp0su7am5_medium-res-with-credit-line-1200px-300x200.jpg 300w, https:\/\/www.greenpeace.org\/static\/planet4-romania-stateless\/2025\/11\/575810ac-gp0su7am5_medium-res-with-credit-line-1200px-768x512.jpg 768w, https:\/\/www.greenpeace.org\/static\/planet4-romania-stateless\/2025\/11\/575810ac-gp0su7am5_medium-res-with-credit-line-1200px-510x340.jpg 510w, https:\/\/www.greenpeace.org\/static\/planet4-romania-stateless\/2025\/11\/575810ac-gp0su7am5_medium-res-with-credit-line-1200px.jpg 1200w\" sizes=\"auto, (max-width: 1024px) 100vw, 1024px\" \/><figcaption><div class=\"credit icon-left\"> \u00a9 Andreea Campeanu \/ Greenpeace<\/div><\/figcaption><\/figure>\n<\/div>\n<\/div>\n\n<p><\/p>\n\n<h2 class=\"wp-block-heading has-text-align-center\"><strong><strong>CARE E PROBLEMA?<\/strong><\/strong><\/h2>\n\n<p>Cet\u0103\u021benii europeni au dreptul s\u0103 se organizeze \u00een comunit\u0103\u021bi de energie regenerabil\u0103 \u00eenc\u0103 din 2019. \u00cen Rom\u00e2nia, \u00eens\u0103, acest drept a r\u0103mas mult timp doar pe h\u00e2rtie.<\/p>\n\n<p>Campania \u00eenceput\u0103 de Greenpeace Rom\u00e2nia \u00een 2022 a adus comunit\u0103\u021bile de energie mai aproape s\u0103 devin\u0103 realitate. Adoptarea cadrului legal \u00een noiembrie 2025, care permite \u00eenfiin\u021barea lor, marcheaz\u0103 un pas important \u0219i arat\u0103 c\u0103 presiunea public\u0103 poate produce schimb\u0103ri reale.<\/p>\n\n<p>Dar aceasta este doar prima etap\u0103. Regulile care se scriu acum vor decide dac\u0103 aceste ini\u021biative vor func\u021biona cu adev\u0103rat \u0219i dac\u0103 vor putea ajuta oamenii s\u0103 produc\u0103 \u0219i s\u0103 \u00eempart\u0103 energie curat\u0103.<\/p>\n\n<p>Conform obiectivelor europene, fiecare localitate cu peste 10.000 de locuitori ar fi trebuit s\u0103 aib\u0103 cel pu\u021bin o comunitate de energie p\u00e2n\u0103 \u00een 2025. \u00cen Rom\u00e2nia, \u00eens\u0103, aceste proiecte abia \u00eencep s\u0103 prind\u0103 contur.<\/p>\n\n<p>De aceea r\u0103m\u00e2nem implica\u021bi activ \u0219i continu\u0103m s\u0103 cerem reguli clare \u0219i sprijin real pentru dezvoltarea comunit\u0103\u021bilor de energie, astfel \u00eenc\u00e2t acestea s\u0103 devin\u0103 o solu\u021bie accesibil\u0103 pentru oameni \u0219i pentru combaterea s\u0103r\u0103ciei energetice.<\/p>\n\n<p><\/p>\n\n<div class=\"wp-block-buttons is-content-justification-center is-layout-flex wp-container-core-buttons-is-layout-16018d1d wp-block-buttons-is-layout-flex\">\n<div class=\"wp-block-button\"><a class=\"wp-block-button__link wp-element-button\" href=\"https:\/\/suport.greenpeace.ro\/energy-democracy-for-all\">\u00ceNSCRIE-TE \u00ceN NEWSLETTERUL DEDICAT CAMPANIEI \u0218I PRIME\u0218TE \u00ceN FIECARE VINERI INFORMA\u021aII \u00ceN EXCLUSIVITATE DESPRE SUBIECT<\/a><\/div>\n<\/div>\n\n<p><\/p>\n\n<h2 class=\"wp-block-heading has-text-align-center\"><strong><strong>MOMENTE DIN CAMPANIE<\/strong><\/strong><\/h2>\n\n<p>\u00cenc\u0103 din 2022, am lucrat pentru ca tot mai mul\u021bi oameni s\u0103 afle despre comunit\u0103\u021bile de energie, s\u0103 gr\u0103bim crearea cadrului legal \u0219i s\u0103 facilit\u0103m accesul la fonduri publice pentru viitoarele proiecte.<\/p>\n\n<div class=\"wp-block-media-text has-media-on-the-right is-stacked-on-mobile\"><div class=\"wp-block-media-text__content\">\n<p><strong><span style=\"text-decoration: underline;\">Am reu\u0219it adoptarea OUG-ului care face posibile comunit\u0103\u021bile de energie<\/span><\/strong> <\/p>\n\n\n\n<p>Pe 6 noiembrie 2025, dup\u0103 3 ani de campanie,<a href=\"https:\/\/www.greenpeace.org\/romania\/comunicat-presa\/11860\/romania-face-pasul-decisiv-comunitatile-de-energie-acum-posibile\/\" data-type=\"link\" data-id=\"https:\/\/www.greenpeace.org\/romania\/comunicat-presa\/11860\/romania-face-pasul-decisiv-comunitatile-de-energie-acum-posibile\/\"> am reu\u0219it, \u00eempreun\u0103 cu cet\u0103\u021benii \u0219i administra\u021biile locale s\u0103 ob\u021binem un cadru legal <\/a>clar \u0219i opera\u021bional penru comunit\u0103\u021bile de energie din Rom\u00e2nia.<\/p>\n\n\n\n<p>Prin modificarea \u0219i completarea Ordonan\u021bei de urgen\u021b\u0103 nr. 163\/2022, Guvernul a creat condi\u021biile pentru ca ini\u021biativele locale s\u0103 instaleze \u0219i s\u0103 gestioneze surse regenerabile, s\u0103 partajeze energia produs\u0103 \u0219i s\u0103 p\u0103streze beneficiile economice \u00een interiorul comunit\u0103\u021bilor.<\/p>\n<\/div><figure class=\"wp-block-media-text__media\"><img loading=\"lazy\" decoding=\"async\" width=\"1024\" height=\"683\" src=\"https:\/\/www.greenpeace.org\/static\/planet4-romania-stateless\/2026\/03\/f0023150-kac205480-1024x683.jpg\" alt=\"\" sizes=\"auto, (min-width: 1600px) calc((1320px - 24px) \/ 2),(min-width: 1200px) calc((1140px - 24px) \/ 2),(min-width: 992px) calc((960px - 24px) \/ 2),(min-width: 768px) calc((720px - 24px) \/ 2),(min-width: 601px) calc((540px - 24px) \/ 2),(min-width: 577px) calc((540px - 24px) \/ 1), calc(100vw - 24px)\" srcset=\"https:\/\/www.greenpeace.org\/static\/planet4-romania-stateless\/2026\/03\/f0023150-kac205480-scaled.jpg 2560w, https:\/\/www.greenpeace.org\/static\/planet4-romania-stateless\/2026\/03\/f0023150-kac205480-300x200.jpg 300w, https:\/\/www.greenpeace.org\/static\/planet4-romania-stateless\/2026\/03\/f0023150-kac205480-1024x683.jpg 1024w, https:\/\/www.greenpeace.org\/static\/planet4-romania-stateless\/2026\/03\/f0023150-kac205480-768x512.jpg 768w, https:\/\/www.greenpeace.org\/static\/planet4-romania-stateless\/2026\/03\/f0023150-kac205480-1536x1024.jpg 1536w, https:\/\/www.greenpeace.org\/static\/planet4-romania-stateless\/2026\/03\/f0023150-kac205480-2048x1366.jpg 2048w, https:\/\/www.greenpeace.org\/static\/planet4-romania-stateless\/2026\/03\/f0023150-kac205480-510x340.jpg 510w\" class=\"wp-image-12238 size-full\"\/><\/figure><\/div>\n\n<div class=\"wp-block-media-text is-stacked-on-mobile\"><figure class=\"wp-block-media-text__media\"><img loading=\"lazy\" decoding=\"async\" width=\"1024\" height=\"683\" src=\"https:\/\/www.greenpeace.org\/static\/planet4-romania-stateless\/2026\/03\/eca147c2-kdsc05511-1024x683.jpg\" alt=\"\" sizes=\"auto, (min-width: 1600px) calc((1320px - 24px) \/ 2),(min-width: 1200px) calc((1140px - 24px) \/ 2),(min-width: 992px) calc((960px - 24px) \/ 2),(min-width: 768px) calc((720px - 24px) \/ 2),(min-width: 601px) calc((540px - 24px) \/ 2),(min-width: 577px) calc((540px - 24px) \/ 1), calc(100vw - 24px)\" srcset=\"https:\/\/www.greenpeace.org\/static\/planet4-romania-stateless\/2026\/03\/eca147c2-kdsc05511-scaled.jpg 2560w, https:\/\/www.greenpeace.org\/static\/planet4-romania-stateless\/2026\/03\/eca147c2-kdsc05511-300x200.jpg 300w, https:\/\/www.greenpeace.org\/static\/planet4-romania-stateless\/2026\/03\/eca147c2-kdsc05511-1024x683.jpg 1024w, https:\/\/www.greenpeace.org\/static\/planet4-romania-stateless\/2026\/03\/eca147c2-kdsc05511-768x512.jpg 768w, https:\/\/www.greenpeace.org\/static\/planet4-romania-stateless\/2026\/03\/eca147c2-kdsc05511-1536x1024.jpg 1536w, https:\/\/www.greenpeace.org\/static\/planet4-romania-stateless\/2026\/03\/eca147c2-kdsc05511-2048x1366.jpg 2048w, https:\/\/www.greenpeace.org\/static\/planet4-romania-stateless\/2026\/03\/eca147c2-kdsc05511-510x340.jpg 510w\" class=\"wp-image-12237 size-full\"\/><\/figure><div class=\"wp-block-media-text__content\">\n<p><strong><span style=\"text-decoration: underline;\">Protest pentru <strong>men\u021binerea bugetului dedicat energiei verzi \u00een Programul de Tranzi\u021bie Just\u0103 (PTJ)<\/strong><\/span><\/strong><\/p>\n\n\n\n<p><\/p>\n\n\n\n<p>Am transmis, \u00een fa\u021ba Ministerului Investi\u021biilor \u0219i Proiectelor Europene, <a href=\"https:\/\/www.greenpeace.org\/romania\/comunicat-presa\/11852\/activistii-greenpeace-au-dus-mesajul-primariilor-la-minister-lansati-fondurile-pentru-energie-regenerabila\/\" data-type=\"link\" data-id=\"https:\/\/www.greenpeace.org\/romania\/comunicat-presa\/11852\/activistii-greenpeace-au-dus-mesajul-primariilor-la-minister-lansati-fondurile-pentru-energie-regenerabila\/\">mesajul comunit\u0103\u021bilor din regiunile de tranzi\u021bie:<\/a> <strong>\u201eF\u0103r\u0103 comunit\u0103\u021bi, tranzi\u021bia e injust\u0103! Lansa\u021bi fondurile pentru energie regenerabil\u0103!\u201d<\/strong> Am cerut men\u021binerea bugetului pentru energia verde \u00een Programul de Tranzi\u021bie Just\u0103 \u0219i lansarea urgent\u0103 a apelurilor de proiecte pentru administra\u021biile locale \u0219i gospod\u0103rii.<\/p>\n<\/div><\/div>\n\n<div class=\"wp-block-media-text has-media-on-the-right is-stacked-on-mobile\"><div class=\"wp-block-media-text__content\">\n<p><strong><span style=\"text-decoration: underline;\">Protest pentru comunit\u0103\u021bi de energie&nbsp;<\/span><\/strong><\/p>\n\n\n\n<p><strong>&nbsp;&nbsp;&nbsp;&nbsp;&nbsp;&nbsp;&nbsp;&nbsp;&nbsp;&nbsp;&nbsp;<\/strong><br>Pe <a href=\"https:\/\/www.greenpeace.org\/romania\/comunicat-presa\/11424\/protest-greenpeace-la-sediul-anre-au-refuzat-sa-si-faca-treaba\/\">4 august 2025<\/a>, Greenpeace Rom\u00e2nia a atras aten\u021bia asupra blocajelor ANRE, care \u00eent\u00e2rzie s\u0103 reglementeze domeniul comunit\u0103\u021bilor de energie, de\u0219i are competen\u021bele necesare. Acest lucru \u00eempiedic\u0103 dezvoltarea proiectelor locale care ar putea reduce costurile la energie pentru rom\u00e2ni.<\/p>\n<\/div><figure class=\"wp-block-media-text__media\"><img loading=\"lazy\" decoding=\"async\" width=\"1024\" height=\"683\" src=\"https:\/\/www.greenpeace.org\/static\/planet4-romania-stateless\/2026\/03\/84864277-gp_4_aug-34-1024x683.jpg\" alt=\"\" sizes=\"auto, (min-width: 1600px) calc((1320px - 24px) \/ 2),(min-width: 1200px) calc((1140px - 24px) \/ 2),(min-width: 992px) calc((960px - 24px) \/ 2),(min-width: 768px) calc((720px - 24px) \/ 2),(min-width: 601px) calc((540px - 24px) \/ 2),(min-width: 577px) calc((540px - 24px) \/ 1), calc(100vw - 24px)\" srcset=\"https:\/\/www.greenpeace.org\/static\/planet4-romania-stateless\/2026\/03\/84864277-gp_4_aug-34-scaled.jpg 2560w, https:\/\/www.greenpeace.org\/static\/planet4-romania-stateless\/2026\/03\/84864277-gp_4_aug-34-300x200.jpg 300w, https:\/\/www.greenpeace.org\/static\/planet4-romania-stateless\/2026\/03\/84864277-gp_4_aug-34-1024x683.jpg 1024w, https:\/\/www.greenpeace.org\/static\/planet4-romania-stateless\/2026\/03\/84864277-gp_4_aug-34-768x512.jpg 768w, https:\/\/www.greenpeace.org\/static\/planet4-romania-stateless\/2026\/03\/84864277-gp_4_aug-34-1536x1024.jpg 1536w, https:\/\/www.greenpeace.org\/static\/planet4-romania-stateless\/2026\/03\/84864277-gp_4_aug-34-2048x1366.jpg 2048w, https:\/\/www.greenpeace.org\/static\/planet4-romania-stateless\/2026\/03\/84864277-gp_4_aug-34-510x340.jpg 510w\" class=\"wp-image-12112 size-full\"\/><\/figure><\/div>\n\n<div class=\"wp-block-media-text is-stacked-on-mobile\"><figure class=\"wp-block-media-text__media\"><img loading=\"lazy\" decoding=\"async\" width=\"1024\" height=\"683\" src=\"https:\/\/www.greenpeace.org\/static\/planet4-romania-stateless\/2026\/03\/861b0323-4-1024x683.jpg\" alt=\"\" sizes=\"auto, (min-width: 1600px) calc((1320px - 24px) \/ 2),(min-width: 1200px) calc((1140px - 24px) \/ 2),(min-width: 992px) calc((960px - 24px) \/ 2),(min-width: 768px) calc((720px - 24px) \/ 2),(min-width: 601px) calc((540px - 24px) \/ 2),(min-width: 577px) calc((540px - 24px) \/ 1), calc(100vw - 24px)\" srcset=\"https:\/\/www.greenpeace.org\/static\/planet4-romania-stateless\/2026\/03\/861b0323-4-scaled.jpg 2560w, https:\/\/www.greenpeace.org\/static\/planet4-romania-stateless\/2026\/03\/861b0323-4-300x200.jpg 300w, https:\/\/www.greenpeace.org\/static\/planet4-romania-stateless\/2026\/03\/861b0323-4-1024x683.jpg 1024w, https:\/\/www.greenpeace.org\/static\/planet4-romania-stateless\/2026\/03\/861b0323-4-768x512.jpg 768w, https:\/\/www.greenpeace.org\/static\/planet4-romania-stateless\/2026\/03\/861b0323-4-1536x1024.jpg 1536w, https:\/\/www.greenpeace.org\/static\/planet4-romania-stateless\/2026\/03\/861b0323-4-2048x1366.jpg 2048w, https:\/\/www.greenpeace.org\/static\/planet4-romania-stateless\/2026\/03\/861b0323-4-510x340.jpg 510w\" class=\"wp-image-12111 size-full\"\/><\/figure><div class=\"wp-block-media-text__content\">\n<p><strong><span style=\"text-decoration: underline;\">Discu\u021bii despre s\u0103r\u0103cie energetic\u0103<\/span><\/strong><\/p>\n\n\n\n<p><br>Pe 8 martie 2025 am organizat <a href=\"https:\/\/www.greenpeace.org\/romania\/comunicat-presa\/10462\/greenpeace-power-up-women-circuitul-inegal-al-saraciei-energetice\/\">Power Up Women<\/a>, un eveniment dedicat s\u0103r\u0103ciei energetice, \u00een cadrul c\u0103ruia am discutat cum aceasta afecteaz\u0103 mai puternic femeile \u0219i cum comunit\u0103\u021bile de energie pot ajuta la reducerea inegalit\u0103\u021bilor. Seara a fost completat\u0103 de NVMORE \u0219i Eligarf, care au adus energie \u0219i culoare evenimentului.<\/p>\n<\/div><\/div>\n\n<div class=\"wp-block-media-text has-media-on-the-right is-stacked-on-mobile\"><div class=\"wp-block-media-text__content\">\n<p><strong><span style=\"text-decoration: underline;\">Implicare direct\u0103 \u00een grupul de lucru al  Ministerului Energiei<\/span><\/strong><\/p>\n\n\n\n<p><strong>&nbsp;&nbsp;&nbsp;&nbsp;&nbsp;&nbsp;&nbsp;&nbsp;&nbsp;&nbsp;&nbsp;&nbsp;&nbsp;&nbsp;&nbsp;&nbsp;&nbsp;&nbsp;&nbsp;&nbsp;&nbsp;&nbsp;&nbsp;&nbsp;&nbsp;&nbsp;&nbsp;&nbsp;&nbsp;&nbsp;&nbsp;&nbsp;&nbsp;&nbsp;&nbsp;&nbsp;&nbsp;&nbsp;&nbsp;&nbsp;&nbsp;&nbsp;&nbsp;&nbsp;&nbsp;&nbsp;&nbsp;&nbsp;&nbsp;&nbsp;<\/strong><br>Din iunie 2024, am participat activ \u00een grupul de lucru dedicat elabor\u0103rii cadrului legal pentru comunit\u0103\u021bile de energie, oferind <a href=\"https:\/\/www.greenpeace.org\/romania\/articol\/10586\/lucrul-cu-ministerul-energiei-de-ce-sa-fie-usor-cand-poate-fi-greu\/\">observa\u021bii \u0219i recomand\u0103ri pe aspecte sensibile<\/a>, necesare pentru protejarea intereselor cet\u0103\u021benilor, astfel \u00eenc\u00e2t viitoarele proiecte s\u0103 fie fezabile \u0219i s\u0103 aduc\u0103 beneficii reale comunit\u0103\u021bilor.<\/p>\n<\/div><figure class=\"wp-block-media-text__media\"><img loading=\"lazy\" decoding=\"async\" width=\"768\" height=\"576\" src=\"https:\/\/www.greenpeace.org\/static\/planet4-romania-stateless\/2026\/03\/b344fc4b-img_0342-768x576-1.png\" alt=\"\" sizes=\"auto, (min-width: 1600px) calc((1320px - 24px) \/ 2),(min-width: 1200px) calc((1140px - 24px) \/ 2),(min-width: 992px) calc((960px - 24px) \/ 2),(min-width: 768px) calc((720px - 24px) \/ 2),(min-width: 601px) calc((540px - 24px) \/ 2),(min-width: 577px) calc((540px - 24px) \/ 1), calc(100vw - 24px)\" srcset=\"https:\/\/www.greenpeace.org\/static\/planet4-romania-stateless\/2026\/03\/b344fc4b-img_0342-768x576-1.png 768w, https:\/\/www.greenpeace.org\/static\/planet4-romania-stateless\/2026\/03\/b344fc4b-img_0342-768x576-1-300x225.png 300w, https:\/\/www.greenpeace.org\/static\/planet4-romania-stateless\/2026\/03\/b344fc4b-img_0342-768x576-1-453x340.png 453w\" class=\"wp-image-12113 size-full\"\/><\/figure><\/div>\n\n<div class=\"wp-block-media-text is-stacked-on-mobile\"><figure class=\"wp-block-media-text__media\"><img loading=\"lazy\" decoding=\"async\" width=\"1024\" height=\"683\" src=\"https:\/\/www.greenpeace.org\/static\/planet4-romania-stateless\/2026\/03\/918037ca-dsc07203-enhanced-nr-1024x683.jpg\" alt=\"\" sizes=\"auto, (min-width: 1600px) calc((1320px - 24px) \/ 2),(min-width: 1200px) calc((1140px - 24px) \/ 2),(min-width: 992px) calc((960px - 24px) \/ 2),(min-width: 768px) calc((720px - 24px) \/ 2),(min-width: 601px) calc((540px - 24px) \/ 2),(min-width: 577px) calc((540px - 24px) \/ 1), calc(100vw - 24px)\" srcset=\"https:\/\/www.greenpeace.org\/static\/planet4-romania-stateless\/2026\/03\/918037ca-dsc07203-enhanced-nr.jpg 2048w, https:\/\/www.greenpeace.org\/static\/planet4-romania-stateless\/2026\/03\/918037ca-dsc07203-enhanced-nr-300x200.jpg 300w, https:\/\/www.greenpeace.org\/static\/planet4-romania-stateless\/2026\/03\/918037ca-dsc07203-enhanced-nr-1024x683.jpg 1024w, https:\/\/www.greenpeace.org\/static\/planet4-romania-stateless\/2026\/03\/918037ca-dsc07203-enhanced-nr-768x512.jpg 768w, https:\/\/www.greenpeace.org\/static\/planet4-romania-stateless\/2026\/03\/918037ca-dsc07203-enhanced-nr-1536x1024.jpg 1536w, https:\/\/www.greenpeace.org\/static\/planet4-romania-stateless\/2026\/03\/918037ca-dsc07203-enhanced-nr-510x340.jpg 510w\" class=\"wp-image-12114 size-full\"\/><\/figure><div class=\"wp-block-media-text__content\">\n<p><strong><span style=\"text-decoration: underline;\">Primii pa\u0219i spre o comunitate de energie<\/span><\/strong><\/p>\n\n\n\n<p><br>\u00cen mai \u0219i octombrie 2024, am organizat la <a href=\"https:\/\/www.youtube.com\/watch?v=WETKNviIjbs&amp;list=PLjBJNzj4HPhkzQdMjzm-yIXSCKZz26I8D&amp;index=7\">Gala\u021bi<\/a> \u0219i <a href=\"https:\/\/www.youtube.com\/watch?v=TKo8t3DzK5Q&amp;list=PLjBJNzj4HPhkzQdMjzm-yIXSCKZz26I8D&amp;index=8\">Petrila<\/a> ateliere pentru autorit\u0103\u021bi, ONG-uri, IMM-uri \u0219i cet\u0103\u021beni. Participan\u021bii au \u00eenv\u0103\u021bat ce sunt comunit\u0103\u021bile de energie, au explorat bune practici \u0219i au dezvoltat idei concrete de proiecte pentru comunit\u0103\u021bile lor.<\/p>\n<\/div><\/div>\n\n<div class=\"wp-block-media-text has-media-on-the-right is-stacked-on-mobile\"><div class=\"wp-block-media-text__content\">\n<p><strong><span style=\"text-decoration: underline;\">Primul studiu din Rom\u00e2nia dedicat ini\u021biativelor locale<\/span><\/strong><\/p>\n\n\n\n<p><br>\u00cen martie 2024, am lansat <a href=\"https:\/\/www.greenpeace.org\/static\/planet4-romania-stateless\/2024\/03\/92dec3a9-comunitatile-de-energie-in-romania-de-la-aspiratie-la-realitate.pdf\">\u201eComunit\u0103\u021bile de energie \u00een Rom\u00e2nia: De la aspira\u021bie la realitate\u201d<\/a> prin care am ar\u0103tat interesul cresc\u00e2nd al societ\u0103\u021bii pentru acest subiect. Studiul a eviden\u021biat at\u00e2t proiectele existente, c\u00e2t \u0219i obstacolele \u00eent\u00e2mpinate de cet\u0103\u021beni \u0219i autorit\u0103\u021bi locale, subliniind nevoia unui cadru legislativ clar \u0219i a accesului la finan\u021bare pentru a transforma aspira\u021biile \u00een proiecte reale.<\/p>\n<\/div><figure class=\"wp-block-media-text__media\"><img loading=\"lazy\" decoding=\"async\" width=\"774\" height=\"597\" src=\"https:\/\/www.greenpeace.org\/static\/planet4-romania-stateless\/2026\/03\/afffc57e-poza-studiu.png\" alt=\"\" sizes=\"auto, (min-width: 1600px) calc((1320px - 24px) \/ 2),(min-width: 1200px) calc((1140px - 24px) \/ 2),(min-width: 992px) calc((960px - 24px) \/ 2),(min-width: 768px) calc((720px - 24px) \/ 2),(min-width: 601px) calc((540px - 24px) \/ 2),(min-width: 577px) calc((540px - 24px) \/ 1), calc(100vw - 24px)\" srcset=\"https:\/\/www.greenpeace.org\/static\/planet4-romania-stateless\/2026\/03\/afffc57e-poza-studiu.png 774w, https:\/\/www.greenpeace.org\/static\/planet4-romania-stateless\/2026\/03\/afffc57e-poza-studiu-300x231.png 300w, https:\/\/www.greenpeace.org\/static\/planet4-romania-stateless\/2026\/03\/afffc57e-poza-studiu-768x592.png 768w, https:\/\/www.greenpeace.org\/static\/planet4-romania-stateless\/2026\/03\/afffc57e-poza-studiu-441x340.png 441w\" class=\"wp-image-12116 size-full\"\/><\/figure><\/div>\n\n<p><\/p>\n\n<h2 class=\"wp-block-heading has-text-align-center\"><strong>URM\u0102RE\u0218TE POVE\u0218TILE OAMENILOR DIN BUTENI, COMUNA DIN ARAD CARE-\u0218I DORE\u0218TE S\u0102 DEVIN\u0102 PRIMA COMUNITATE DE ENERGIE DIN ROM\u00c2NIA<\/strong><\/h2>\n\n<div class=\"wp-block-columns is-layout-flex wp-container-core-columns-is-layout-9d6595d7 wp-block-columns-is-layout-flex\">\n<div class=\"wp-block-column is-layout-flow wp-block-column-is-layout-flow\">\n<figure class=\"wp-block-embed is-type-video is-provider-youtube wp-block-embed-youtube wp-embed-aspect-16-9 wp-has-aspect-ratio\"><div class=\"wp-block-embed__wrapper\">\n<iframe loading=\"lazy\" title=\"EDW - Episodul 1 - Cum alimenteaz\u0103 energia regenerabil\u0103 pasiunea de a face \u201eceva dulce\u201d\" width=\"500\" height=\"281\" src=\"https:\/\/www.youtube.com\/embed\/oUNzuikSLec?feature=oembed\" frameborder=\"0\" allow=\"accelerometer; autoplay; clipboard-write; encrypted-media; gyroscope; picture-in-picture; web-share\" referrerpolicy=\"strict-origin-when-cross-origin\" allowfullscreen><\/iframe>\n<\/div><\/figure>\n<\/div>\n\n\n\n<div class=\"wp-block-column is-layout-flow wp-block-column-is-layout-flow\">\n<figure class=\"wp-block-embed is-type-video is-provider-youtube wp-block-embed-youtube wp-embed-aspect-16-9 wp-has-aspect-ratio\"><div class=\"wp-block-embed__wrapper\">\n<iframe loading=\"lazy\" title=\"EDW - Episodul 2 - Facturi mai mici pentru o independen\u021b\u0103 mai mare\" width=\"500\" height=\"281\" src=\"https:\/\/www.youtube.com\/embed\/6bGmP1s-Ees?feature=oembed\" frameborder=\"0\" allow=\"accelerometer; autoplay; clipboard-write; encrypted-media; gyroscope; picture-in-picture; web-share\" referrerpolicy=\"strict-origin-when-cross-origin\" allowfullscreen><\/iframe>\n<\/div><\/figure>\n<\/div>\n\n\n\n<div class=\"wp-block-column is-layout-flow wp-block-column-is-layout-flow\">\n<figure class=\"wp-block-embed is-type-video is-provider-youtube wp-block-embed-youtube wp-embed-aspect-16-9 wp-has-aspect-ratio\"><div class=\"wp-block-embed__wrapper\">\n<iframe loading=\"lazy\" title=\"EDW - Episodul 3 - \u201ePentru noi independen\u021ba e foarte important\u0103\u201d\" width=\"500\" height=\"281\" src=\"https:\/\/www.youtube.com\/embed\/3FKWMB9IDmg?feature=oembed\" frameborder=\"0\" allow=\"accelerometer; autoplay; clipboard-write; encrypted-media; gyroscope; picture-in-picture; web-share\" referrerpolicy=\"strict-origin-when-cross-origin\" allowfullscreen><\/iframe>\n<\/div><\/figure>\n<\/div>\n<\/div>\n\n<h2 class=\"wp-block-heading has-text-align-center\"><strong>CAMPANIA NOASTR\u0102 \u00ceN PRES\u0102<\/strong><\/h2>\n\n<div class=\"wp-block-columns is-layout-flex wp-container-core-columns-is-layout-9d6595d7 wp-block-columns-is-layout-flex\">\n<div class=\"wp-block-column is-layout-flow wp-block-column-is-layout-flow\">\n<figure class=\"wp-block-embed is-type-video is-provider-youtube wp-block-embed-youtube wp-embed-aspect-16-9 wp-has-aspect-ratio\"><div class=\"wp-block-embed__wrapper\">\n<iframe loading=\"lazy\" title=\"Comunit\u0103\u021bile de energie, solu\u021bia pentru facturile mari. Cum au ajuns grecii s\u0103 pl\u0103teasc\u0103 0 la curent\" width=\"500\" height=\"281\" src=\"https:\/\/www.youtube.com\/embed\/z63cj43A-Hw?feature=oembed\" frameborder=\"0\" allow=\"accelerometer; autoplay; clipboard-write; encrypted-media; gyroscope; picture-in-picture; web-share\" referrerpolicy=\"strict-origin-when-cross-origin\" allowfullscreen><\/iframe>\n<\/div><\/figure>\n<\/div>\n\n\n\n<div class=\"wp-block-column is-layout-flow wp-block-column-is-layout-flow\">\n<figure class=\"wp-block-embed is-type-video is-provider-youtube wp-block-embed-youtube wp-embed-aspect-16-9 wp-has-aspect-ratio\"><div class=\"wp-block-embed__wrapper\">\n<iframe loading=\"lazy\" title=\"INSPECTORUL PRO | Viitorul \u00eenc\u0103lzirii urbane\" width=\"500\" height=\"281\" src=\"https:\/\/www.youtube.com\/embed\/IqJJHhnF9-I?feature=oembed\" frameborder=\"0\" allow=\"accelerometer; autoplay; clipboard-write; encrypted-media; gyroscope; picture-in-picture; web-share\" referrerpolicy=\"strict-origin-when-cross-origin\" allowfullscreen><\/iframe>\n<\/div><\/figure>\n<\/div>\n\n\n\n<div class=\"wp-block-column is-layout-flow wp-block-column-is-layout-flow\">\n<figure class=\"wp-block-embed is-type-video is-provider-youtube wp-block-embed-youtube wp-embed-aspect-16-9 wp-has-aspect-ratio\"><div class=\"wp-block-embed__wrapper\">\n<iframe loading=\"lazy\" title=\"A VENIT VREMEA, sezonul 2, episodul 24 \u2013 Comunit\u0103\u021bile de energie vs. criza energetic\u0103\" width=\"500\" height=\"281\" src=\"https:\/\/www.youtube.com\/embed\/M1FHLiLNmKo?feature=oembed\" frameborder=\"0\" allow=\"accelerometer; autoplay; clipboard-write; encrypted-media; gyroscope; picture-in-picture; web-share\" referrerpolicy=\"strict-origin-when-cross-origin\" allowfullscreen><\/iframe>\n<\/div><\/figure>\n<\/div>\n<\/div>\n\n\n<div class=\"wp-block-group block is-layout-flow wp-block-group-is-layout-flow\">\n\n<div class=\"wp-block-group alignfull block has-beige-100-background-color has-background is-layout-flow wp-block-group-is-layout-flow\">\n<div class=\"wp-block-group container is-layout-flow wp-block-group-is-layout-flow\">\n<div style=\"height:24px\" aria-hidden=\"true\" class=\"wp-block-spacer\"><\/div>\n\n\n\n<h2 class=\"wp-block-heading has-text-align-center\"><strong>CUM TE PO\u021aI IMPLICA<\/strong><\/h2>\n\n\n\n<div class=\"wp-block-columns is-layout-flex wp-container-core-columns-is-layout-9d6595d7 wp-block-columns-is-layout-flex\">\n<div class=\"wp-block-column is-layout-flow wp-block-column-is-layout-flow\">\n<div class=\"wp-block-group group-stretched-link is-layout-flow wp-block-group-is-layout-flow\">\n<figure class=\"wp-block-image aligncenter size-large is-resized force-no-lightbox force-no-caption is-style-rounded-180\"><img loading=\"lazy\" decoding=\"async\" width=\"1024\" height=\"1024\" src=\"https:\/\/www.greenpeace.org\/static\/planet4-romania-stateless\/2026\/03\/5ef55dfd-10-moments-2024-1024x1024.png\" alt=\"\" class=\"wp-image-12117\" style=\"width:180px;height:180px\" srcset=\"https:\/\/www.greenpeace.org\/static\/planet4-romania-stateless\/2026\/03\/5ef55dfd-10-moments-2024-1024x1024.png 1024w, https:\/\/www.greenpeace.org\/static\/planet4-romania-stateless\/2026\/03\/5ef55dfd-10-moments-2024-300x300.png 300w, https:\/\/www.greenpeace.org\/static\/planet4-romania-stateless\/2026\/03\/5ef55dfd-10-moments-2024-150x150.png 150w, https:\/\/www.greenpeace.org\/static\/planet4-romania-stateless\/2026\/03\/5ef55dfd-10-moments-2024-768x768.png 768w, https:\/\/www.greenpeace.org\/static\/planet4-romania-stateless\/2026\/03\/5ef55dfd-10-moments-2024-340x340.png 340w, https:\/\/www.greenpeace.org\/static\/planet4-romania-stateless\/2026\/03\/5ef55dfd-10-moments-2024.png 1080w\" sizes=\"auto, (max-width: 1024px) 100vw, 1024px\" \/><\/figure>\n\n\n\n<h5 class=\"wp-block-heading has-text-align-center is-style-chevron\" style=\"font-size:1rem\"><a href=\"https:\/\/suport.greenpeace.ro\/energy-democracy-for-all\" data-type=\"link\" data-id=\"https:\/\/suport.greenpeace.ro\/energy-democracy-for-all\">\u00censcrie-te la newsletter-ul s\u0103pt\u0103m\u00e2nal dedicat campaniei<\/a><\/h5>\n\n\n\n<div style=\"height:16px\" aria-hidden=\"true\" class=\"wp-block-spacer\"><\/div>\n<\/div>\n<\/div>\n\n\n\n<div class=\"wp-block-column is-layout-flow wp-block-column-is-layout-flow\">\n<div class=\"wp-block-group group-stretched-link is-layout-flow wp-block-group-is-layout-flow\">\n<figure class=\"wp-block-image aligncenter size-large is-resized force-no-lightbox force-no-caption is-style-rounded-180\"><img loading=\"lazy\" decoding=\"async\" width=\"1024\" height=\"1024\" src=\"https:\/\/www.greenpeace.org\/static\/planet4-romania-stateless\/2026\/03\/3e283648-10-moments-2024-2-1024x1024.png\" alt=\"\" class=\"wp-image-12127\" style=\"width:180px;height:180px\" srcset=\"https:\/\/www.greenpeace.org\/static\/planet4-romania-stateless\/2026\/03\/3e283648-10-moments-2024-2-1024x1024.png 1024w, https:\/\/www.greenpeace.org\/static\/planet4-romania-stateless\/2026\/03\/3e283648-10-moments-2024-2-300x300.png 300w, https:\/\/www.greenpeace.org\/static\/planet4-romania-stateless\/2026\/03\/3e283648-10-moments-2024-2-150x150.png 150w, https:\/\/www.greenpeace.org\/static\/planet4-romania-stateless\/2026\/03\/3e283648-10-moments-2024-2-768x768.png 768w, https:\/\/www.greenpeace.org\/static\/planet4-romania-stateless\/2026\/03\/3e283648-10-moments-2024-2-340x340.png 340w, https:\/\/www.greenpeace.org\/static\/planet4-romania-stateless\/2026\/03\/3e283648-10-moments-2024-2.png 1080w\" sizes=\"auto, (max-width: 1024px) 100vw, 1024px\" \/><\/figure>\n\n\n\n<h5 class=\"wp-block-heading has-text-align-center is-style-chevron\" style=\"font-size:1rem\"><a href=\"https:\/\/docs.google.com\/forms\/d\/e\/1FAIpQLSd5eARr0cupvj1bc334OsNe-XwwqZ-7tWpRmRiZCHFaEVl1ug\/viewform\" data-type=\"link\" data-id=\"https:\/\/docs.google.com\/forms\/d\/e\/1FAIpQLSd5eARr0cupvj1bc334OsNe-XwwqZ-7tWpRmRiZCHFaEVl1ug\/viewform\">Al\u0103tur\u0103-te comunit\u0103\u021bii de voluntari \u0219i activi\u0219ti Greenpeace Rom\u00e2nia<\/a><\/h5>\n\n\n\n<div style=\"height:16px\" aria-hidden=\"true\" class=\"wp-block-spacer\"><\/div>\n<\/div>\n<\/div>\n\n\n\n<div class=\"wp-block-column is-layout-flow wp-block-column-is-layout-flow\">\n<div class=\"wp-block-group group-stretched-link is-layout-flow wp-block-group-is-layout-flow\">\n<figure class=\"wp-block-image aligncenter size-large is-resized force-no-lightbox force-no-caption is-style-rounded-180\"><img loading=\"lazy\" decoding=\"async\" width=\"1024\" height=\"1024\" src=\"https:\/\/www.greenpeace.org\/static\/planet4-romania-stateless\/2026\/03\/4a19453c-10-moments-2024-1-1024x1024.png\" alt=\"\" class=\"wp-image-12118\" style=\"width:180px;height:180px\" srcset=\"https:\/\/www.greenpeace.org\/static\/planet4-romania-stateless\/2026\/03\/4a19453c-10-moments-2024-1-1024x1024.png 1024w, https:\/\/www.greenpeace.org\/static\/planet4-romania-stateless\/2026\/03\/4a19453c-10-moments-2024-1-300x300.png 300w, https:\/\/www.greenpeace.org\/static\/planet4-romania-stateless\/2026\/03\/4a19453c-10-moments-2024-1-150x150.png 150w, https:\/\/www.greenpeace.org\/static\/planet4-romania-stateless\/2026\/03\/4a19453c-10-moments-2024-1-768x768.png 768w, https:\/\/www.greenpeace.org\/static\/planet4-romania-stateless\/2026\/03\/4a19453c-10-moments-2024-1-340x340.png 340w, https:\/\/www.greenpeace.org\/static\/planet4-romania-stateless\/2026\/03\/4a19453c-10-moments-2024-1.png 1080w\" sizes=\"auto, (max-width: 1024px) 100vw, 1024px\" \/><\/figure>\n\n\n\n<h5 class=\"wp-block-heading has-text-align-center is-style-chevron\" style=\"font-size:1rem\"><a href=\"https:\/\/act.greenpeace.ro\/doneaza\/doneaza-comunitati-energie\" data-type=\"link\" data-id=\"https:\/\/act.greenpeace.ro\/doneaza\/doneaza-comunitati-energie\">Doneaz\u0103 o sum\u0103, oric\u00e2t de mic\u0103, pentru a sprijini campania \u00een continuare<\/a><\/h5>\n\n\n\n<div style=\"height:16px\" aria-hidden=\"true\" class=\"wp-block-spacer\"><\/div>\n<\/div>\n<\/div>\n<\/div>\n<\/div>\n<\/div>\n\n<\/div>\n\n\n<div class=\"wp-block-group is-nowrap is-layout-flex wp-container-core-group-is-layout-ad2f72ca wp-block-group-is-layout-flex\">\n<figure class=\"wp-block-embed is-type-video is-provider-youtube wp-block-embed-youtube wp-embed-aspect-16-9 wp-has-aspect-ratio\"><div class=\"wp-block-embed__wrapper\">\n<iframe loading=\"lazy\" title=\"EDW - Episodul 1 - Cum alimenteaz\u0103 energia regenerabil\u0103 pasiunea de a face \u201eceva dulce\u201d\" width=\"500\" height=\"281\" src=\"https:\/\/www.youtube.com\/embed\/oUNzuikSLec?feature=oembed\" frameborder=\"0\" allow=\"accelerometer; autoplay; clipboard-write; encrypted-media; gyroscope; picture-in-picture; web-share\" referrerpolicy=\"strict-origin-when-cross-origin\" allowfullscreen><\/iframe>\n<\/div><\/figure>\n\n\n\n<figure class=\"wp-block-embed is-type-video is-provider-youtube wp-block-embed-youtube wp-embed-aspect-16-9 wp-has-aspect-ratio\"><div class=\"wp-block-embed__wrapper\">\n<iframe loading=\"lazy\" title=\"EDW - Episodul 2 - Facturi mai mici pentru o independen\u021b\u0103 mai mare\" width=\"500\" height=\"281\" src=\"https:\/\/www.youtube.com\/embed\/6bGmP1s-Ees?feature=oembed\" frameborder=\"0\" allow=\"accelerometer; autoplay; clipboard-write; encrypted-media; gyroscope; picture-in-picture; web-share\" referrerpolicy=\"strict-origin-when-cross-origin\" allowfullscreen><\/iframe>\n<\/div><\/figure>\n<\/div>\n\n<div class=\"wp-block-query posts-list p4-query-loop is-custom-layout-list is-layout-flow wp-block-query-is-layout-flow\">\n<div class=\"wp-block-group is-content-justification-space-between is-layout-flex wp-container-core-group-is-layout-3d213aab wp-block-group-is-layout-flex\">\n<h2 class=\"wp-block-heading\">NOUT\u0102\u021aI<\/h2>\n\n\n<li class=\" wp-block-navigation-item see-all-link wp-block-navigation-link\"><a class=\"wp-block-navigation-item__content\"  href=\"https:\/\/www.greenpeace.org\/romania\/news-stories\/?category=democratie-energetica\"><span class=\"wp-block-navigation-item__label\">See all posts<\/span><\/a><\/li><\/div>\n\n\n\n<p style=\"margin-top:24px;margin-bottom:32px\"><\/p>\n\n\n<ul class=\"wp-block-post-template is-layout-flow wp-block-post-template-is-layout-flow\"><li class=\"wp-block-post post-79073 post type-post status-publish format-standard has-post-thumbnail hentry category-clima-si-energie tag-gaz-fosil-2\">\n\n<div class=\"wp-block-columns is-layout-flex wp-container-core-columns-is-layout-9d6595d7 wp-block-columns-is-layout-flex\"><figure class=\"wp-block-post-featured-image\"><a href=\"https:\/\/www.greenpeace.org\/romania\/articol\/79073\/premiera-gaslit\/\" target=\"_self\"  ><img loading=\"lazy\" decoding=\"async\" width=\"1280\" height=\"853\" src=\"https:\/\/www.greenpeace.org\/static\/planet4-romania-stateless\/2026\/04\/28de2c46-dma03444.jpg\" class=\"attachment-post-thumbnail size-post-thumbnail wp-post-image wp-stateless-item\" alt=\"\u201eEI AU PUTEREA BANILOR, DAR NOI AVEM PUTEREA OAMENILOR\u201d &#8211; Premiera filmului documentar GASLIT \u00een Rom\u00e2nia\u00a0\" style=\"object-fit:cover;\" srcset=\"https:\/\/www.greenpeace.org\/static\/planet4-romania-stateless\/2026\/04\/28de2c46-dma03444.jpg 1280w, https:\/\/www.greenpeace.org\/static\/planet4-romania-stateless\/2026\/04\/28de2c46-dma03444-300x200.jpg 300w, https:\/\/www.greenpeace.org\/static\/planet4-romania-stateless\/2026\/04\/28de2c46-dma03444-1024x682.jpg 1024w, https:\/\/www.greenpeace.org\/static\/planet4-romania-stateless\/2026\/04\/28de2c46-dma03444-768x512.jpg 768w, https:\/\/www.greenpeace.org\/static\/planet4-romania-stateless\/2026\/04\/28de2c46-dma03444-510x340.jpg 510w\" sizes=\"auto, (max-width: 1280px) 100vw, 1280px\" data-image-size=\"post-thumbnail\" data-stateless-media-bucket=\"planet4-romania-stateless\" data-stateless-media-name=\"2026\/04\/28de2c46-dma03444.jpg\" \/><\/a><\/figure>\n\n\n<div class=\"wp-block-group is-layout-flow wp-block-group-is-layout-flow\">\n<div class=\"wp-block-group is-layout-flex wp-block-group-is-layout-flex\"><div class=\"wp-block-post-terms\"><a href=\"https:\/\/www.greenpeace.org\/romania\/category\/clima-si-energie\/\">Clim\u0103 \u0219i energie<\/a><\/div>\n\n<div class=\"taxonomy-post_tag wp-block-post-terms\"><a href=\"https:\/\/www.greenpeace.org\/romania\/tag\/gaz-fosil-2\/\" rel=\"tag\">Gaz Fosil<\/a><\/div><\/div>\n\n\n<h3 class=\"wp-block-post-title\"><a href=\"https:\/\/www.greenpeace.org\/romania\/articol\/79073\/premiera-gaslit\/\" target=\"_self\" >\u201eEI AU PUTEREA BANILOR, DAR NOI AVEM PUTEREA OAMENILOR\u201d &#8211; Premiera filmului documentar GASLIT \u00een Rom\u00e2nia\u00a0<\/a><\/h3>\n\n<div class=\"wp-block-post-excerpt\"><p class=\"wp-block-post-excerpt__excerpt\">Pe 27 aprilie, documentarul Gaslit a avut premiera \u00een Rom\u00e2nia, \u00een cadrul One World Romania, la Muzeul \u021a\u0103ranului Rom\u00e2n. <\/p><\/div>\n\n\n<div class=\"wp-block-group posts-list-meta is-layout-flow wp-block-group-is-layout-flow\"><span class='article-list-item-author'><a href='https:\/\/www.greenpeace.org\/romania\/author\/gp_romania\/'>Greenpeace Rom\u00e2nia<\/a><\/span>\n\n<div class=\"wp-block-post-date\"><time datetime=\"2026-03-12T13:24:47.045Z\">12\/03\/2026<\/time><\/div><\/div>\n<\/div>\n<\/div>\n\n<\/li><li class=\"wp-block-post post-79021 post type-post status-publish format-standard has-post-thumbnail hentry category-clima-si-energie category-uncategorized tag-marea-neagra-gaz-fosil p4-page-type-comunicat-presa\">\n\n<div class=\"wp-block-columns is-layout-flex wp-container-core-columns-is-layout-9d6595d7 wp-block-columns-is-layout-flex\"><figure class=\"wp-block-post-featured-image\"><a href=\"https:\/\/www.greenpeace.org\/romania\/comunicat-presa\/79021\/protest-maraton-greenpeace-romania-la-ministerul-mediului-a-refuzat-sa-primeasca-cele-peste-67-000-de-semnaturi\/\" target=\"_self\"  ><img loading=\"lazy\" decoding=\"async\" width=\"2560\" height=\"1920\" src=\"https:\/\/www.greenpeace.org\/static\/planet4-romania-stateless\/2026\/04\/9a27dee7-img_5785-scaled.jpg\" class=\"attachment-post-thumbnail size-post-thumbnail wp-post-image wp-stateless-item\" alt=\"Protest\u2013maraton Greenpeace Rom\u00e2nia la Ministerul Mediului: \u201eA refuzat s\u0103 primeasc\u0103 cele peste 67.000 de semn\u0103turi\u201d\" style=\"object-fit:cover;\" srcset=\"https:\/\/www.greenpeace.org\/static\/planet4-romania-stateless\/2026\/04\/9a27dee7-img_5785-scaled.jpg 2560w, https:\/\/www.greenpeace.org\/static\/planet4-romania-stateless\/2026\/04\/9a27dee7-img_5785-300x225.jpg 300w, https:\/\/www.greenpeace.org\/static\/planet4-romania-stateless\/2026\/04\/9a27dee7-img_5785-1024x768.jpg 1024w, https:\/\/www.greenpeace.org\/static\/planet4-romania-stateless\/2026\/04\/9a27dee7-img_5785-768x576.jpg 768w, https:\/\/www.greenpeace.org\/static\/planet4-romania-stateless\/2026\/04\/9a27dee7-img_5785-1536x1152.jpg 1536w, https:\/\/www.greenpeace.org\/static\/planet4-romania-stateless\/2026\/04\/9a27dee7-img_5785-2048x1536.jpg 2048w, https:\/\/www.greenpeace.org\/static\/planet4-romania-stateless\/2026\/04\/9a27dee7-img_5785-1821x1366.jpg 1821w, https:\/\/www.greenpeace.org\/static\/planet4-romania-stateless\/2026\/04\/9a27dee7-img_5785-453x340.jpg 453w\" sizes=\"auto, (max-width: 2560px) 100vw, 2560px\" data-image-size=\"post-thumbnail\" data-stateless-media-bucket=\"planet4-romania-stateless\" data-stateless-media-name=\"2026\/04\/9a27dee7-img_5785-scaled.jpg\" \/><\/a><\/figure>\n\n\n<div class=\"wp-block-group is-layout-flow wp-block-group-is-layout-flow\">\n<div class=\"wp-block-group is-layout-flex wp-block-group-is-layout-flex\"><div class=\"wp-block-post-terms\"><a href=\"https:\/\/www.greenpeace.org\/romania\/category\/clima-si-energie\/\">Clim\u0103 \u0219i energie<\/a><\/div>\n\n<div class=\"taxonomy-post_tag wp-block-post-terms\"><a href=\"https:\/\/www.greenpeace.org\/romania\/tag\/marea-neagra-gaz-fosil\/\" rel=\"tag\">Marea Neagra<\/a><\/div><\/div>\n\n\n<h3 class=\"wp-block-post-title\"><a href=\"https:\/\/www.greenpeace.org\/romania\/comunicat-presa\/79021\/protest-maraton-greenpeace-romania-la-ministerul-mediului-a-refuzat-sa-primeasca-cele-peste-67-000-de-semnaturi\/\" target=\"_self\" >Protest\u2013maraton Greenpeace Rom\u00e2nia la Ministerul Mediului: \u201eA refuzat s\u0103 primeasc\u0103 cele peste 67.000 de semn\u0103turi\u201d<\/a><\/h3>\n\n<div class=\"wp-block-post-excerpt\"><p class=\"wp-block-post-excerpt__excerpt\">23 aprilie \u2013 BUCURE\u0218TI \u2013 Activi\u0219tii Greenpeace Rom\u00e2nia au ocupat ast\u0103zi trotuarul din fa\u021ba Ministerului Mediului. <\/p><\/div>\n\n\n<div class=\"wp-block-group posts-list-meta is-layout-flow wp-block-group-is-layout-flow\"><span class='article-list-item-author'><a href='https:\/\/www.greenpeace.org\/romania\/author\/gp_romania\/'>Greenpeace Rom\u00e2nia<\/a><\/span>\n\n<div class=\"wp-block-post-date\"><time datetime=\"2026-03-12T13:24:47.045Z\">12\/03\/2026<\/time><\/div><\/div>\n<\/div>\n<\/div>\n\n<\/li><li class=\"wp-block-post post-79022 post type-post status-publish format-standard has-post-thumbnail hentry category-clima-si-energie tag-marea-neagra-gaz-fosil\">\n\n<div class=\"wp-block-columns is-layout-flex wp-container-core-columns-is-layout-9d6595d7 wp-block-columns-is-layout-flex\"><figure class=\"wp-block-post-featured-image\"><a href=\"https:\/\/www.greenpeace.org\/romania\/articol\/79022\/%f0%9f%94%b4live-update-suntem-in-fata-ministerul-mediului-sa-predam-cele-67-000-de-semnaturi-pentru-marea-neagra\/\" target=\"_self\"  ><img loading=\"lazy\" decoding=\"async\" width=\"2560\" height=\"1920\" src=\"https:\/\/www.greenpeace.org\/static\/planet4-romania-stateless\/2026\/04\/a2c5ac4c-img_5785-scaled.jpg\" class=\"attachment-post-thumbnail size-post-thumbnail wp-post-image wp-stateless-item\" alt=\"\ud83d\udd34LIVE UPDATE Suntem \u00een fa\u021ba Ministerul Mediului s\u0103 pred\u0103m cele 67.000 de semn\u0103turi pentru Marea Neagr\u0103\" style=\"object-fit:cover;\" srcset=\"https:\/\/www.greenpeace.org\/static\/planet4-romania-stateless\/2026\/04\/a2c5ac4c-img_5785-scaled.jpg 2560w, https:\/\/www.greenpeace.org\/static\/planet4-romania-stateless\/2026\/04\/a2c5ac4c-img_5785-300x225.jpg 300w, https:\/\/www.greenpeace.org\/static\/planet4-romania-stateless\/2026\/04\/a2c5ac4c-img_5785-1024x768.jpg 1024w, https:\/\/www.greenpeace.org\/static\/planet4-romania-stateless\/2026\/04\/a2c5ac4c-img_5785-768x576.jpg 768w, https:\/\/www.greenpeace.org\/static\/planet4-romania-stateless\/2026\/04\/a2c5ac4c-img_5785-1536x1152.jpg 1536w, https:\/\/www.greenpeace.org\/static\/planet4-romania-stateless\/2026\/04\/a2c5ac4c-img_5785-2048x1536.jpg 2048w, https:\/\/www.greenpeace.org\/static\/planet4-romania-stateless\/2026\/04\/a2c5ac4c-img_5785-1821x1366.jpg 1821w, https:\/\/www.greenpeace.org\/static\/planet4-romania-stateless\/2026\/04\/a2c5ac4c-img_5785-453x340.jpg 453w\" sizes=\"auto, (max-width: 2560px) 100vw, 2560px\" data-image-size=\"post-thumbnail\" data-stateless-media-bucket=\"planet4-romania-stateless\" data-stateless-media-name=\"2026\/04\/a2c5ac4c-img_5785-scaled.jpg\" \/><\/a><\/figure>\n\n\n<div class=\"wp-block-group is-layout-flow wp-block-group-is-layout-flow\">\n<div class=\"wp-block-group is-layout-flex wp-block-group-is-layout-flex\"><div class=\"wp-block-post-terms\"><a href=\"https:\/\/www.greenpeace.org\/romania\/category\/clima-si-energie\/\">Clim\u0103 \u0219i energie<\/a><\/div>\n\n<div class=\"taxonomy-post_tag wp-block-post-terms\"><a href=\"https:\/\/www.greenpeace.org\/romania\/tag\/marea-neagra-gaz-fosil\/\" rel=\"tag\">Marea Neagra<\/a><\/div><\/div>\n\n\n<h3 class=\"wp-block-post-title\"><a href=\"https:\/\/www.greenpeace.org\/romania\/articol\/79022\/%f0%9f%94%b4live-update-suntem-in-fata-ministerul-mediului-sa-predam-cele-67-000-de-semnaturi-pentru-marea-neagra\/\" target=\"_self\" >\ud83d\udd34LIVE UPDATE Suntem \u00een fa\u021ba Ministerul Mediului s\u0103 pred\u0103m cele 67.000 de semn\u0103turi pentru Marea Neagr\u0103<\/a><\/h3>\n\n<div class=\"wp-block-post-excerpt\"><p class=\"wp-block-post-excerpt__excerpt\">Dac\u0103 Ministerul Mediului refuz\u0103 dialogul, am mutat masa de negocieri direct \u00een strad\u0103. Suntem pe trotuar cu tabloul celor 67.000 de semn\u0103turi \u0219i nu avem de g\u00e2nd s\u0103 plec\u0103m p\u00e2n\u0103&hellip; <\/p><\/div>\n\n\n<div class=\"wp-block-group posts-list-meta is-layout-flow wp-block-group-is-layout-flow\"><span class='article-list-item-author'><a href='https:\/\/www.greenpeace.org\/romania\/author\/gp_romania\/'>Greenpeace Rom\u00e2nia<\/a><\/span>\n\n<div class=\"wp-block-post-date\"><time datetime=\"2026-03-12T13:24:47.045Z\">12\/03\/2026<\/time><\/div><\/div>\n<\/div>\n<\/div>\n\n<\/li><\/ul>\n\n\n<div class=\"wp-block-buttons carousel-controls is-horizontal is-content-justification-space-between is-nowrap is-layout-flex wp-container-core-buttons-is-layout-044bd602 wp-block-buttons-is-layout-flex\">\n<div class=\"wp-block-button carousel-control-prev\"><button type=\"button\" class=\"wp-block-button__link wp-element-button\">Previous Carousel Slide<\/button><\/div>\n\n\n\n<div class=\"wp-block-button carousel-control-next\"><button type=\"button\" class=\"wp-block-button__link wp-element-button\">Next Carousel Slide<\/button><\/div>\n<\/div>\n\n\n<li class=\" wp-block-navigation-item see-all-link wp-block-navigation-link\"><a class=\"wp-block-navigation-item__content\"  href=\"https:\/\/www.greenpeace.org\/romania\/news-stories\/?category=democratie-energetica\"><span class=\"wp-block-navigation-item__label\">Vezi restul articolelor<\/span><\/a><\/li><\/div>\n","protected":false},"excerpt":{"rendered":"<p>Studiile ne spun c\u0103 34% dintre gospod\u0103riile din Rom\u00e2nia se afl\u0103 \u00een s\u0103r\u0103cie energetic\u0103, iar cea mai afectat\u0103 zon\u0103 este cea rural\u0103. De la \u00eenc\u0103lzitul la sobe \u0219i p\u00e2n\u0103 la supraconsum, cauzat de ineficien\u021ba energetic\u0103 a locuin\u021belor, rom\u00e2nii se confrunt\u0103 cu o realitate dur\u0103: energia este un lux. Democra\u021bia energetic\u0103 urm\u0103re\u0219te trecerea de la un [&hellip;]<\/p>\n","protected":false},"author":34,"featured_media":12107,"parent":0,"menu_order":0,"comment_status":"closed","ping_status":"closed","template":"","meta":{"ep_exclude_from_search":false,"p4_hide_page_title_checkbox":"","p4_title":"","p4_subtitle":"","p4_description":"","background_image_id":"","background_image":"","p4_button_title":"","p4_button_link":"","p4_button_link_checkbox":"","p4_og_title":"","p4_og_description":"","p4_og_image":"","p4_og_image_id":"","p4_seo_canonical_url":"","p4_campaign_name":"","p4_local_project":"","p4_basket_name":"","p4_department":"","footnotes":""},"categories":[],"tags":[],"class_list":["post-8938","page","type-page","status-publish","has-post-thumbnail","hentry"],"_links":{"self":[{"href":"https:\/\/www.greenpeace.org\/romania\/wp-json\/wp\/v2\/pages\/8938","targetHints":{"allow":["GET"]}}],"collection":[{"href":"https:\/\/www.greenpeace.org\/romania\/wp-json\/wp\/v2\/pages"}],"about":[{"href":"https:\/\/www.greenpeace.org\/romania\/wp-json\/wp\/v2\/types\/page"}],"author":[{"embeddable":true,"href":"https:\/\/www.greenpeace.org\/romania\/wp-json\/wp\/v2\/users\/34"}],"replies":[{"embeddable":true,"href":"https:\/\/www.greenpeace.org\/romania\/wp-json\/wp\/v2\/comments?post=8938"}],"version-history":[{"count":21,"href":"https:\/\/www.greenpeace.org\/romania\/wp-json\/wp\/v2\/pages\/8938\/revisions"}],"predecessor-version":[{"id":12634,"href":"https:\/\/www.greenpeace.org\/romania\/wp-json\/wp\/v2\/pages\/8938\/revisions\/12634"}],"wp:featuredmedia":[{"embeddable":true,"href":"https:\/\/www.greenpeace.org\/romania\/wp-json\/wp\/v2\/media\/12107"}],"wp:attachment":[{"href":"https:\/\/www.greenpeace.org\/romania\/wp-json\/wp\/v2\/media?parent=8938"}],"wp:term":[{"taxonomy":"category","embeddable":true,"href":"https:\/\/www.greenpeace.org\/romania\/wp-json\/wp\/v2\/categories?post=8938"},{"taxonomy":"post_tag","embeddable":true,"href":"https:\/\/www.greenpeace.org\/romania\/wp-json\/wp\/v2\/tags?post=8938"}],"curies":[{"name":"wp","href":"https:\/\/api.w.org\/{rel}","templated":true}]}}