{"id":11,"date":"2018-05-08T14:32:52","date_gmt":"2018-05-08T12:32:52","guid":{"rendered":"https:\/\/k8s.p4.greenpeace.org\/defaultcontent\/?page_id=11"},"modified":"2026-06-29T12:16:03","modified_gmt":"2026-06-29T10:16:03","slug":"objavuj","status":"publish","type":"page","link":"https:\/\/www.greenpeace.org\/slovakia\/objavuj\/","title":{"rendered":"\u010co rob\u00edme"},"content":{"rendered":"\n                    <div class=\"wp-block-group is-vertical is-layout-flex wp-container-core-group-is-layout-4fc3f8e1 wp-block-group-is-layout-flex\">\n                    \n                                <p class=\"wp-block-paragraph\">Pozrite sa, na ak\u00fdch probl\u00e9moch \u017eivotn\u00e9ho prostredia pracujeme.<\/p>\n                            \n\n                    \n                    <\/div>\n                    \n<div class=\"wp-block-columns is-layout-flex wp-container-core-columns-is-layout-8f761849 wp-block-columns-is-layout-flex\">\n<div class=\"wp-block-column is-vertically-aligned-center is-layout-flow wp-block-column-is-layout-flow\">\n        <div class=\"wp-block-media-text is-stacked-on-mobile\"><figure class=\"wp-block-media-text__media\"><img loading=\"lazy\" decoding=\"async\" width=\"1200\" height=\"801\" src=\"https:\/\/www.greenpeace.org\/static\/planet4-slovakia-stateless\/2019\/11\/ab5983ec-gp0stskhq.jpg\" alt=\"\" sizes=\"auto, (min-width: 1600px) calc((1320px - 24px) \/ 2),(min-width: 1200px) calc((1140px - 24px) \/ 2),(min-width: 992px) calc((960px - 24px) \/ 2),(min-width: 768px) calc((720px - 24px) \/ 2),(min-width: 601px) calc((540px - 24px) \/ 2),(min-width: 577px) calc((540px - 24px) \/ 1), calc(100vw - 24px)\" srcset=\"\" class=\"wp-image-935 size-full\"\/><\/figure><div class=\"wp-block-media-text__content\"><h3 class=\"wp-block-heading\"><\/h3>\n\n        <p class=\"wp-block-paragraph\">Existuj\u00fa nenahradite\u013en\u00e9 veci, ktor\u00e9 zabezpe\u010duj\u00fa, \u017ee m\u00f4\u017eeme existova\u0165 na tejto Zemi. Existuj\u00fa&hellip;<\/p>\n\n        <p class=\"wp-block-paragraph\"><a href=\"https:\/\/www.greenpeace.sk\/slovakia\/objavuj\/chran\/\">Pre\u010d\u00edtajte si viac inform\u00e1ci\u00ed o tomto probl\u00e9me<\/a><\/p><\/div><\/div>\n        \n<\/div>\n\n\n<div class=\"wp-block-column is-vertically-aligned-center is-layout-flow wp-block-column-is-layout-flow\">\n        <div class=\"wp-block-media-text is-stacked-on-mobile\"><figure class=\"wp-block-media-text__media\"><img loading=\"lazy\" decoding=\"async\" width=\"1200\" height=\"766\" src=\"https:\/\/www.greenpeace.org\/static\/planet4-slovakia-stateless\/2019\/11\/00a02414-gp018s8.jpg\" alt=\"\" sizes=\"auto, (min-width: 1600px) calc((1320px - 24px) \/ 2),(min-width: 1200px) calc((1140px - 24px) \/ 2),(min-width: 992px) calc((960px - 24px) \/ 2),(min-width: 768px) calc((720px - 24px) \/ 2),(min-width: 601px) calc((540px - 24px) \/ 2),(min-width: 577px) calc((540px - 24px) \/ 1), calc(100vw - 24px)\" srcset=\"\" class=\"wp-image-911 size-full\"\/><\/figure><div class=\"wp-block-media-text__content\"><h3 class=\"wp-block-heading\">#Mier<\/h3>\n\n        <p class=\"wp-block-paragraph\">Mier je viac ako len opak vojny. Mier je budovanie vz\u0165ahov medzi&hellip;<\/p>\n\n        \n<div class=\"wp-block-buttons carousel-controls is-layout-flex wp-block-buttons-is-layout-flex\">\n            <div class=\"wp-block-button is-style-cta\"><a target=\"_self\" href=\"http:\/\/www.greenpeace.org\/slovakia\/tag\/mier\/\" class=\"wp-block-button__link wp-element-button\" rel=\"noopener\">Zapoj sa<\/a><\/div>\n        \n<\/div>\n<\/div><\/div>\n        \n<\/div>\n<\/div>\n\n<div class=\"wp-block-columns is-layout-flex wp-container-core-columns-is-layout-8f761849 wp-block-columns-is-layout-flex\">\n<div class=\"wp-block-column is-vertically-aligned-center is-layout-flow wp-block-column-is-layout-flow\">\n        <div class=\"wp-block-media-text is-stacked-on-mobile\"><figure class=\"wp-block-media-text__media\"><img loading=\"lazy\" decoding=\"async\" width=\"1200\" height=\"800\" src=\"https:\/\/www.greenpeace.org\/static\/planet4-slovakia-stateless\/2019\/11\/68d7e420-gp01tmf.jpg\" alt=\"\" sizes=\"auto, (min-width: 1600px) calc((1320px - 24px) \/ 2),(min-width: 1200px) calc((1140px - 24px) \/ 2),(min-width: 992px) calc((960px - 24px) \/ 2),(min-width: 768px) calc((720px - 24px) \/ 2),(min-width: 601px) calc((540px - 24px) \/ 2),(min-width: 577px) calc((540px - 24px) \/ 1), calc(100vw - 24px)\" srcset=\"\" class=\"wp-image-920 size-full\"\/><\/figure><div class=\"wp-block-media-text__content\"><h3 class=\"wp-block-heading\"><\/h3>\n\n        <p class=\"wp-block-paragraph\">Sp\u00f4sob, ak\u00fdm pristupujeme k jedinej plan\u00e9te, na ktorej vieme \u017ei\u0165, je alarmuj\u00faci.<\/p>\n\n        <p class=\"wp-block-paragraph\"><a href=\"https:\/\/www.greenpeace.sk\/slovakia\/objavuj\/zmen\/\">Pre\u010d\u00edtajte si viac inform\u00e1ci\u00ed o tomto probl\u00e9me<\/a><\/p><\/div><\/div>\n        \n<\/div>\n\n\n<div class=\"wp-block-column is-vertically-aligned-center is-layout-flow wp-block-column-is-layout-flow\">\n        <div class=\"wp-block-media-text is-stacked-on-mobile\"><figure class=\"wp-block-media-text__media\"><img loading=\"lazy\" decoding=\"async\" width=\"1200\" height=\"670\" src=\"https:\/\/www.greenpeace.org\/static\/planet4-slovakia-stateless\/2019\/11\/24694ad9-gp0sttutr.jpg\" alt=\"\" sizes=\"auto, (min-width: 1600px) calc((1320px - 24px) \/ 2),(min-width: 1200px) calc((1140px - 24px) \/ 2),(min-width: 992px) calc((960px - 24px) \/ 2),(min-width: 768px) calc((720px - 24px) \/ 2),(min-width: 601px) calc((540px - 24px) \/ 2),(min-width: 577px) calc((540px - 24px) \/ 1), calc(100vw - 24px)\" srcset=\"\" class=\"wp-image-899 size-full\"\/><\/figure><div class=\"wp-block-media-text__content\"><h3 class=\"wp-block-heading\">#Klimatick\u00e1Kr\u00edza<\/h3>\n\n        <p class=\"wp-block-paragraph\">Glob\u00e1lna klimatick\u00e1 kr\u00edza je bezpochyby najv\u00e4\u010d\u0161\u00edm probl\u00e9mom, ktor\u00e9mu ako \u013eudstvo \u010del\u00edme. T\u00fdka&hellip;<\/p>\n\n        \n<div class=\"wp-block-buttons carousel-controls is-layout-flex wp-block-buttons-is-layout-flex\">\n            <div class=\"wp-block-button is-style-cta\"><a target=\"_self\" href=\"http:\/\/www.greenpeace.org\/slovakia\/tag\/klimatickakriza\/\" class=\"wp-block-button__link wp-element-button\" rel=\"noopener\">Zapoj sa<\/a><\/div>\n        \n<\/div>\n<\/div><\/div>\n        \n<\/div>\n<\/div>\n\n<div class=\"wp-block-columns is-layout-flex wp-container-core-columns-is-layout-8f761849 wp-block-columns-is-layout-flex\">\n<div class=\"wp-block-column is-vertically-aligned-center is-layout-flow wp-block-column-is-layout-flow\">\n        <div class=\"wp-block-media-text is-stacked-on-mobile\"><figure class=\"wp-block-media-text__media\"><img loading=\"lazy\" decoding=\"async\" width=\"1200\" height=\"801\" src=\"https:\/\/www.greenpeace.org\/static\/planet4-slovakia-stateless\/2019\/11\/ab5983ec-gp0stskhq.jpg\" alt=\"\" sizes=\"auto, (min-width: 1600px) calc((1320px - 24px) \/ 2),(min-width: 1200px) calc((1140px - 24px) \/ 2),(min-width: 992px) calc((960px - 24px) \/ 2),(min-width: 768px) calc((720px - 24px) \/ 2),(min-width: 601px) calc((540px - 24px) \/ 2),(min-width: 577px) calc((540px - 24px) \/ 1), calc(100vw - 24px)\" srcset=\"\" class=\"wp-image-935 size-full\"\/><\/figure><div class=\"wp-block-media-text__content\"><h3 class=\"wp-block-heading\"><\/h3>\n\n        <p class=\"wp-block-paragraph\">Existuj\u00fa nenahradite\u013en\u00e9 veci, ktor\u00e9 zabezpe\u010duj\u00fa, \u017ee m\u00f4\u017eeme existova\u0165 na tejto Zemi. Existuj\u00fa&hellip;<\/p>\n\n        <p class=\"wp-block-paragraph\"><a href=\"https:\/\/www.greenpeace.sk\/slovakia\/objavuj\/chran\/\">Pre\u010d\u00edtajte si viac inform\u00e1ci\u00ed o tomto probl\u00e9me<\/a><\/p><\/div><\/div>\n        \n<\/div>\n\n\n<div class=\"wp-block-column is-vertically-aligned-center is-layout-flow wp-block-column-is-layout-flow\">\n        <div class=\"wp-block-media-text is-stacked-on-mobile\"><figure class=\"wp-block-media-text__media\"><img loading=\"lazy\" decoding=\"async\" width=\"1200\" height=\"674\" src=\"https:\/\/www.greenpeace.org\/static\/planet4-slovakia-stateless\/2019\/11\/fbdd2e67-gp0str3iq.jpg\" alt=\"\" sizes=\"auto, (min-width: 1600px) calc((1320px - 24px) \/ 2),(min-width: 1200px) calc((1140px - 24px) \/ 2),(min-width: 992px) calc((960px - 24px) \/ 2),(min-width: 768px) calc((720px - 24px) \/ 2),(min-width: 601px) calc((540px - 24px) \/ 2),(min-width: 577px) calc((540px - 24px) \/ 1), calc(100vw - 24px)\" srcset=\"\" class=\"wp-image-902 size-full\"\/><\/figure><div class=\"wp-block-media-text__content\"><h3 class=\"wp-block-heading\">#Lesy<\/h3>\n\n        <p class=\"wp-block-paragraph\">Lesy s\u00fa nesmierne vz\u00e1cne. Mus\u00edme ich chr\u00e1ni\u0165 a to pre \u013eud\u00ed, ktor\u00ed&hellip;<\/p>\n\n        \n<div class=\"wp-block-buttons carousel-controls is-layout-flex wp-block-buttons-is-layout-flex\">\n            <div class=\"wp-block-button is-style-cta\"><a target=\"_self\" href=\"http:\/\/www.greenpeace.org\/slovakia\/tag\/lesy\/\" class=\"wp-block-button__link wp-element-button\" rel=\"noopener\">Zapoj sa<\/a><\/div>\n        \n<\/div>\n<\/div><\/div>\n        \n<\/div>\n<\/div>\n\n    <div class=\"wp-block-query posts-list p4-query-loop is-custom-layout-list is-layout-flow wp-block-query-is-layout-flow\">\n        <div class=\"wp-block-group is-content-justification-space-between is-layout-flex wp-container-core-group-is-layout-cfe5ce44 wp-block-group-is-layout-flex\"><h2 class=\"wp-block-heading\">S\u00favisiace \u010dl\u00e1nky<\/h2>\n        <li class=\"wp-block-navigation-item see-all-link wp-block-navigation-link\"><a class=\"wp-block-navigation-item__content\"  href=\"http:\/\/www.greenpeace.org\/slovakia\/news-stories\/\"><span data-ga-category=\"Posts List\" data-ga-action=\"See More Link\" data-ga-label=\"n\/a\" class=\"wp-block-navigation-item__label\">See all stories<\/span><\/a><\/li>\n        \n        <\/div>\n        \n\n    <p class=\"wp-block-paragraph\" style=\"margin-top: 24px; margin-bottom: 36px;\"><\/p>\n\n    \n\n    <ul class=\"wp-block-post-template is-layout-flow wp-block-post-template-is-layout-flow\"><li class=\"wp-block-post post-10567 post type-post status-publish format-standard has-post-thumbnail hentry category-energeticke-spolocenstva tag-klimatickakriza tag-energia tag-spotreba tag-energetickespolocenstva p4-page-type-tlacova-sprava\">\n            \n<div class=\"wp-block-columns is-layout-flex wp-container-core-columns-is-layout-8f761849 wp-block-columns-is-layout-flex\"><figure class=\"wp-block-post-featured-image\"><a href=\"https:\/\/www.greenpeace.org\/slovakia\/tlacova-sprava\/10567\/sucho-ako-novy-normal-nasa-krajina-nan-vsak-nie-je-pripravena-varuje-greenpeace-slovensko\/\" target=\"_self\"  ><img loading=\"lazy\" decoding=\"async\" data-ga-category=\"Posts List\" data-ga-action=\"Image\" data-ga-label=\"n\/a\" width=\"2560\" height=\"1705\" src=\"https:\/\/www.greenpeace.org\/static\/planet4-slovakia-stateless\/2026\/08\/e04c0088-laborec-scaled.jpg\" class=\"attachment-post-thumbnail size-post-thumbnail wp-post-image wp-stateless-item\" alt=\"Sucho ako nov\u00fd norm\u00e1l. Na\u0161a krajina na\u0148 v\u0161ak nie je pripraven\u00e1, varuje Greenpeace Slovensko.\" style=\"object-fit:cover;\" srcset=\"https:\/\/www.greenpeace.org\/static\/planet4-slovakia-stateless\/2026\/08\/e04c0088-laborec-scaled.jpg 2560w, https:\/\/www.greenpeace.org\/static\/planet4-slovakia-stateless\/2026\/08\/e04c0088-laborec-300x200.jpg 300w, https:\/\/www.greenpeace.org\/static\/planet4-slovakia-stateless\/2026\/08\/e04c0088-laborec-1024x682.jpg 1024w, https:\/\/www.greenpeace.org\/static\/planet4-slovakia-stateless\/2026\/08\/e04c0088-laborec-768x512.jpg 768w, https:\/\/www.greenpeace.org\/static\/planet4-slovakia-stateless\/2026\/08\/e04c0088-laborec-1536x1023.jpg 1536w, https:\/\/www.greenpeace.org\/static\/planet4-slovakia-stateless\/2026\/08\/e04c0088-laborec-2048x1364.jpg 2048w, https:\/\/www.greenpeace.org\/static\/planet4-slovakia-stateless\/2026\/08\/e04c0088-laborec-510x340.jpg 510w\" sizes=\"auto, (max-width: 2560px) 100vw, 2560px\" data-image-size=\"post-thumbnail\" data-stateless-media-bucket=\"planet4-slovakia-stateless\" data-stateless-media-name=\"2026\/08\/e04c0088-laborec-scaled.jpg\" \/><\/a><\/figure>\n\n        <div class=\"wp-block-group is-layout-flow wp-block-group-is-layout-flow\">\n                <div class=\"wp-block-group is-layout-flex wp-block-group-is-layout-flex\"><div class=\"wp-block-post-terms\"><a data-ga-category=\"Posts List\" data-ga-action=\"Post Type Tag\" data-ga-label=\"n\/a\" href=\"https:\/\/www.greenpeace.org\/slovakia\/category\/issues\/energeticke-spolocenstva\/\">Energetick\u00e9 spolo\u010denstv\u00e1<\/a><\/div>\n                <div class=\"taxonomy-post_tag wp-block-post-terms\"><a data-ga-category=\"Posts List\" data-ga-action=\"Navigation Tag\" data-ga-label=\"n\/a\" href=\"https:\/\/www.greenpeace.org\/slovakia\/tag\/klimatickakriza\/\" rel=\"tag\">Klimatick\u00e1Kr\u00edza<\/a><span class=\"wp-block-post-terms__separator\"> <\/span><a data-ga-category=\"Posts List\" data-ga-action=\"Navigation Tag\" data-ga-label=\"n\/a\" href=\"https:\/\/www.greenpeace.org\/slovakia\/tag\/energia\/\" rel=\"tag\">Energia<\/a><span class=\"wp-block-post-terms__separator\"> <\/span><a data-ga-category=\"Posts List\" data-ga-action=\"Navigation Tag\" data-ga-label=\"n\/a\" href=\"https:\/\/www.greenpeace.org\/slovakia\/tag\/spotreba\/\" rel=\"tag\">Spotreba<\/a><span class=\"wp-block-post-terms__separator\"> <\/span><a data-ga-category=\"Posts List\" data-ga-action=\"Navigation Tag\" data-ga-label=\"n\/a\" href=\"https:\/\/www.greenpeace.org\/slovakia\/tag\/energetickespolocenstva\/\" rel=\"tag\">Energetick\u00e9 spolo\u010denstv\u00e1<\/a><\/div>\n                \n                <\/div>\n                \n        <h3 class=\"wp-block-post-title\"><a data-ga-category=\"Posts List\" data-ga-action=\"Title\" data-ga-label=\"n\/a\" href=\"https:\/\/www.greenpeace.org\/slovakia\/tlacova-sprava\/10567\/sucho-ako-novy-normal-nasa-krajina-nan-vsak-nie-je-pripravena-varuje-greenpeace-slovensko\/\" target=\"_self\" >Sucho ako nov\u00fd norm\u00e1l. Na\u0161a krajina na\u0148 v\u0161ak nie je pripraven\u00e1, varuje Greenpeace Slovensko.<\/a><\/h3>\n        <div class=\"wp-block-post-excerpt\"><p class=\"wp-block-post-excerpt__excerpt\">Slovensko vysych\u00e1 aj v rokoch, ke\u010f pr\u0161\u00ed norm\u00e1lne. Vinn\u00edkom nie je ch\u00fdbaj\u00faci d\u00e1\u017e\u010f, ale sm\u00e4dn\u00faca atmosf\u00e9ra. Vypl\u00fdva to z najnov\u0161ej anal\u00fdzy, ktor\u00fa pre Greenpeace Slovensko vypracoval Region\u00e1lny klimatologick\u00fd in\u0161tit\u00fat.&nbsp; <\/p><\/div>\n        \n        <div class=\"wp-block-group posts-list-meta is-layout-flow wp-block-group-is-layout-flow\"><span class='article-list-item-author'>Mirka \u00c1belov\u00e1<\/span>\n        <div class=\"wp-block-post-date\"><time datetime=\"2026-08-19T12:39:02+02:00\">19 augusta, 2026<\/time><\/div>\n        \n        <\/div>\n        <\/div>\n        <\/div>\n\n            <\/li><li class=\"wp-block-post post-10563 post type-post status-publish format-standard has-post-thumbnail hentry category-uncategorized tag-klimatickakriza tag-energia tag-spotreba p4-page-type-tlacova-sprava\">\n            \n<div class=\"wp-block-columns is-layout-flex wp-container-core-columns-is-layout-8f761849 wp-block-columns-is-layout-flex\"><figure class=\"wp-block-post-featured-image\"><a href=\"https:\/\/www.greenpeace.org\/slovakia\/tlacova-sprava\/10563\/greenpeace-sa-zapaja-do-boja-proti-nord-stream-k-navratu-ruskeho-plynu-do-europy-nesmie-dojst\/\" target=\"_self\"  ><img loading=\"lazy\" decoding=\"async\" data-ga-category=\"Posts List\" data-ga-action=\"Image\" data-ga-label=\"n\/a\" width=\"800\" height=\"533\" src=\"https:\/\/www.greenpeace.org\/static\/planet4-slovakia-stateless\/2026\/08\/44c4a95b-gp1sx7gn_low-res-with-credit-line-800px.jpg\" class=\"attachment-post-thumbnail size-post-thumbnail wp-post-image wp-stateless-item\" alt=\"Greenpeace sa zap\u00e1ja do boja proti Nord Stream: \u201eK n\u00e1vratu rusk\u00e9ho plynu do Eur\u00f3py nesmie d\u00f4js\u0165.\u201c\" style=\"object-fit:cover;\" srcset=\"https:\/\/www.greenpeace.org\/static\/planet4-slovakia-stateless\/2026\/08\/44c4a95b-gp1sx7gn_low-res-with-credit-line-800px.jpg 800w, https:\/\/www.greenpeace.org\/static\/planet4-slovakia-stateless\/2026\/08\/44c4a95b-gp1sx7gn_low-res-with-credit-line-800px-300x200.jpg 300w, https:\/\/www.greenpeace.org\/static\/planet4-slovakia-stateless\/2026\/08\/44c4a95b-gp1sx7gn_low-res-with-credit-line-800px-768x512.jpg 768w, https:\/\/www.greenpeace.org\/static\/planet4-slovakia-stateless\/2026\/08\/44c4a95b-gp1sx7gn_low-res-with-credit-line-800px-510x340.jpg 510w\" sizes=\"auto, (max-width: 800px) 100vw, 800px\" data-image-size=\"post-thumbnail\" data-stateless-media-bucket=\"planet4-slovakia-stateless\" data-stateless-media-name=\"2026\/08\/44c4a95b-gp1sx7gn_low-res-with-credit-line-800px.jpg\" \/><\/a><\/figure>\n\n        <div class=\"wp-block-group is-layout-flow wp-block-group-is-layout-flow\">\n                <div class=\"wp-block-group is-layout-flex wp-block-group-is-layout-flex\"><div class=\"wp-block-post-terms\"><a data-ga-category=\"Posts List\" data-ga-action=\"Post Type Tag\" data-ga-label=\"n\/a\" href=\"https:\/\/www.greenpeace.org\/slovakia\/category\/uncategorized\/\">Uncategorized<\/a><\/div>\n                <div class=\"taxonomy-post_tag wp-block-post-terms\"><a data-ga-category=\"Posts List\" data-ga-action=\"Navigation Tag\" data-ga-label=\"n\/a\" href=\"https:\/\/www.greenpeace.org\/slovakia\/tag\/klimatickakriza\/\" rel=\"tag\">Klimatick\u00e1Kr\u00edza<\/a><span class=\"wp-block-post-terms__separator\"> <\/span><a data-ga-category=\"Posts List\" data-ga-action=\"Navigation Tag\" data-ga-label=\"n\/a\" href=\"https:\/\/www.greenpeace.org\/slovakia\/tag\/energia\/\" rel=\"tag\">Energia<\/a><span class=\"wp-block-post-terms__separator\"> <\/span><a data-ga-category=\"Posts List\" data-ga-action=\"Navigation Tag\" data-ga-label=\"n\/a\" href=\"https:\/\/www.greenpeace.org\/slovakia\/tag\/spotreba\/\" rel=\"tag\">Spotreba<\/a><\/div>\n                \n                <\/div>\n                \n        <h3 class=\"wp-block-post-title\"><a data-ga-category=\"Posts List\" data-ga-action=\"Title\" data-ga-label=\"n\/a\" href=\"https:\/\/www.greenpeace.org\/slovakia\/tlacova-sprava\/10563\/greenpeace-sa-zapaja-do-boja-proti-nord-stream-k-navratu-ruskeho-plynu-do-europy-nesmie-dojst\/\" target=\"_self\" >Greenpeace sa zap\u00e1ja do boja proti Nord Stream: \u201eK n\u00e1vratu rusk\u00e9ho plynu do Eur\u00f3py nesmie d\u00f4js\u0165.\u201c<\/a><\/h3>\n        <div class=\"wp-block-post-excerpt\"><p class=\"wp-block-post-excerpt__excerpt\">Greenpeace podnik\u00e1 pr\u00e1vne kroky proti snah\u00e1m o obnovenie dovozu rusk\u00e9ho plynu do E\u00da. V stredu 5. augusta organiz\u00e1cia podala n\u00e1vrh na vstup do konania pred S\u00fadnym dvorom Eur\u00f3pskej \u00fanie, ktor\u00e9&hellip; <\/p><\/div>\n        \n        <div class=\"wp-block-group posts-list-meta is-layout-flow wp-block-group-is-layout-flow\"><span class='article-list-item-author'>Mirka \u00c1belov\u00e1<\/span>\n        <div class=\"wp-block-post-date\"><time datetime=\"2026-08-17T14:07:46+02:00\">17 augusta, 2026<\/time><\/div>\n        \n        <\/div>\n        <\/div>\n        <\/div>\n\n            <\/li><li class=\"wp-block-post post-10559 post type-post status-publish format-standard has-post-thumbnail hentry category-uncategorized tag-klimatickakriza tag-energia tag-spotreba p4-page-type-tlacova-sprava\">\n            \n<div class=\"wp-block-columns is-layout-flex wp-container-core-columns-is-layout-8f761849 wp-block-columns-is-layout-flex\"><figure class=\"wp-block-post-featured-image\"><a href=\"https:\/\/www.greenpeace.org\/slovakia\/tlacova-sprava\/10559\/mame-pravo-dychat-rozklad-proti-spalovni-nebezpecneho-odpadu-podava-greenpeace-slovensko-aj-obcania-z-dotknutych-obci\/\" target=\"_self\"  ><img loading=\"lazy\" decoding=\"async\" data-ga-category=\"Posts List\" data-ga-action=\"Image\" data-ga-label=\"n\/a\" width=\"1920\" height=\"2560\" src=\"https:\/\/www.greenpeace.org\/static\/planet4-slovakia-stateless\/2026\/08\/160652f5-img_9314-scaled.jpg\" class=\"attachment-post-thumbnail size-post-thumbnail wp-post-image wp-stateless-item\" alt=\"M\u00e1me pr\u00e1vo d\u00fdcha\u0165 &#8211; rozklad proti spa\u013eovni nebezpe\u010dn\u00e9ho odpadu pod\u00e1va Greenpeace Slovensko aj ob\u010dania z dotknut\u00fdch obc\u00ed\" style=\"object-fit:cover;\" srcset=\"https:\/\/www.greenpeace.org\/static\/planet4-slovakia-stateless\/2026\/08\/160652f5-img_9314-scaled.jpg 1920w, https:\/\/www.greenpeace.org\/static\/planet4-slovakia-stateless\/2026\/08\/160652f5-img_9314-225x300.jpg 225w, https:\/\/www.greenpeace.org\/static\/planet4-slovakia-stateless\/2026\/08\/160652f5-img_9314-768x1024.jpg 768w, https:\/\/www.greenpeace.org\/static\/planet4-slovakia-stateless\/2026\/08\/160652f5-img_9314-1152x1536.jpg 1152w, https:\/\/www.greenpeace.org\/static\/planet4-slovakia-stateless\/2026\/08\/160652f5-img_9314-1536x2048.jpg 1536w, https:\/\/www.greenpeace.org\/static\/planet4-slovakia-stateless\/2026\/08\/160652f5-img_9314-1025x1366.jpg 1025w, https:\/\/www.greenpeace.org\/static\/planet4-slovakia-stateless\/2026\/08\/160652f5-img_9314-255x340.jpg 255w\" sizes=\"auto, (max-width: 1920px) 100vw, 1920px\" data-image-size=\"post-thumbnail\" data-stateless-media-bucket=\"planet4-slovakia-stateless\" data-stateless-media-name=\"2026\/08\/160652f5-img_9314-scaled.jpg\" \/><\/a><\/figure>\n\n        <div class=\"wp-block-group is-layout-flow wp-block-group-is-layout-flow\">\n                <div class=\"wp-block-group is-layout-flex wp-block-group-is-layout-flex\"><div class=\"wp-block-post-terms\"><a data-ga-category=\"Posts List\" data-ga-action=\"Post Type Tag\" data-ga-label=\"n\/a\" href=\"https:\/\/www.greenpeace.org\/slovakia\/category\/uncategorized\/\">Uncategorized<\/a><\/div>\n                <div class=\"taxonomy-post_tag wp-block-post-terms\"><a data-ga-category=\"Posts List\" data-ga-action=\"Navigation Tag\" data-ga-label=\"n\/a\" href=\"https:\/\/www.greenpeace.org\/slovakia\/tag\/klimatickakriza\/\" rel=\"tag\">Klimatick\u00e1Kr\u00edza<\/a><span class=\"wp-block-post-terms__separator\"> <\/span><a data-ga-category=\"Posts List\" data-ga-action=\"Navigation Tag\" data-ga-label=\"n\/a\" href=\"https:\/\/www.greenpeace.org\/slovakia\/tag\/energia\/\" rel=\"tag\">Energia<\/a><span class=\"wp-block-post-terms__separator\"> <\/span><a data-ga-category=\"Posts List\" data-ga-action=\"Navigation Tag\" data-ga-label=\"n\/a\" href=\"https:\/\/www.greenpeace.org\/slovakia\/tag\/spotreba\/\" rel=\"tag\">Spotreba<\/a><\/div>\n                \n                <\/div>\n                \n        <h3 class=\"wp-block-post-title\"><a data-ga-category=\"Posts List\" data-ga-action=\"Title\" data-ga-label=\"n\/a\" href=\"https:\/\/www.greenpeace.org\/slovakia\/tlacova-sprava\/10559\/mame-pravo-dychat-rozklad-proti-spalovni-nebezpecneho-odpadu-podava-greenpeace-slovensko-aj-obcania-z-dotknutych-obci\/\" target=\"_self\" >M\u00e1me pr\u00e1vo d\u00fdcha\u0165 &#8211; rozklad proti spa\u013eovni nebezpe\u010dn\u00e9ho odpadu pod\u00e1va Greenpeace Slovensko aj ob\u010dania z dotknut\u00fdch obc\u00ed<\/a><\/h3>\n        <div class=\"wp-block-post-excerpt\"><p class=\"wp-block-post-excerpt__excerpt\">Greenpeace Slovensko pod\u00e1va rozklad proti z\u00e1vere\u010dn\u00e9mu stanovisku ministerstva \u017eivotn\u00e9ho prostredia, ktor\u00fdm minister Tom\u00e1\u0161 Taraba odobril v\u00fdstavbu spa\u013eovne nebezpe\u010dn\u00fdch odpadov spolo\u010dnosti Slovnaft. Organiz\u00e1cia tak chce podpori\u0165 dotknut\u00e9 rodiny z Vrakune, Rovinky&hellip; <\/p><\/div>\n        \n        <div class=\"wp-block-group posts-list-meta is-layout-flow wp-block-group-is-layout-flow\"><span class='article-list-item-author'>Mirka \u00c1belov\u00e1<\/span>\n        <div class=\"wp-block-post-date\"><time datetime=\"2026-08-17T14:02:57+02:00\">17 augusta, 2026<\/time><\/div>\n        \n        <\/div>\n        <\/div>\n        <\/div>\n\n            <\/li><\/ul>\n\n    \n<div class=\"wp-block-buttons carousel-controls is-horizontal is-content-justification-space-between is-nowrap is-layout-flex wp-container-core-buttons-is-layout-358af4b1 wp-block-buttons-is-layout-flex\">\n            <div class=\"wp-block-button carousel-control-prev\"><button type=\"button\" class=\"wp-block-button__link wp-element-button\">Prev<\/button><\/div>\n        \n\n            <div class=\"wp-block-button carousel-control-next\"><button type=\"button\" class=\"wp-block-button__link wp-element-button\">Next<\/button><\/div>\n        <\/div>\n\n\n    <li class=\"wp-block-navigation-item see-all-link wp-block-navigation-link\"><a class=\"wp-block-navigation-item__content\"  href=\"http:\/\/www.greenpeace.org\/slovakia\/news-stories\/\"><span data-ga-category=\"Posts List\" data-ga-action=\"See More Link\" data-ga-label=\"n\/a\" class=\"wp-block-navigation-item__label\">See all stories<\/span><\/a><\/li><\/div>\n    <div data-render=\"planet4-blocks\/happypoint\" data-attributes=\"{&quot;attributes&quot;:{&quot;focus_image&quot;:&quot;50% 50%&quot;,&quot;mailing_list_iframe&quot;:true,&quot;id&quot;:15,&quot;opacity&quot;:30,&quot;override_default_content&quot;:false,&quot;local_content_provider&quot;:&quot;none&quot;}}\"><\/div>","protected":false},"excerpt":{"rendered":"<p>Pozrite sa, na ak\u00fdch probl\u00e9moch \u017eivotn\u00e9ho prostredia pracujeme. Existuj\u00fa nenahradite\u013en\u00e9 veci, ktor\u00e9 zabezpe\u010duj\u00fa, \u017ee m\u00f4\u017eeme existova\u0165 na tejto Zemi. Existuj\u00fa&hellip; Pre\u010d\u00edtajte si viac inform\u00e1ci\u00ed o tomto probl\u00e9me #Mier Mier je viac ako len opak vojny. Mier je budovanie vz\u0165ahov medzi&hellip; Sp\u00f4sob, ak\u00fdm pristupujeme k jedinej plan\u00e9te, na ktorej vieme \u017ei\u0165, je alarmuj\u00faci. Pre\u010d\u00edtajte si viac [&hellip;]<\/p>\n","protected":false},"author":1,"featured_media":0,"parent":0,"menu_order":0,"comment_status":"closed","ping_status":"closed","template":"","meta":{"ep_exclude_from_search":false,"p4_hide_page_title_checkbox":"","p4_title":"","p4_subtitle":"","p4_description":"","background_image_id":"","background_image":"","p4_button_title":"","p4_button_link":"","p4_button_link_checkbox":"","p4_og_title":"","p4_og_description":"","p4_og_image":"","p4_og_image_id":"","p4_seo_canonical_url":"","p4_campaign_name":"not set","p4_local_project":"","p4_basket_name":"not set","p4_department":"","footnotes":""},"categories":[],"tags":[],"class_list":["post-11","page","type-page","status-publish","hentry"],"_links":{"self":[{"href":"https:\/\/www.greenpeace.org\/slovakia\/wp-json\/wp\/v2\/pages\/11","targetHints":{"allow":["GET"]}}],"collection":[{"href":"https:\/\/www.greenpeace.org\/slovakia\/wp-json\/wp\/v2\/pages"}],"about":[{"href":"https:\/\/www.greenpeace.org\/slovakia\/wp-json\/wp\/v2\/types\/page"}],"author":[{"embeddable":true,"href":"https:\/\/www.greenpeace.org\/slovakia\/wp-json\/wp\/v2\/users\/1"}],"replies":[{"embeddable":true,"href":"https:\/\/www.greenpeace.org\/slovakia\/wp-json\/wp\/v2\/comments?post=11"}],"version-history":[{"count":20,"href":"https:\/\/www.greenpeace.org\/slovakia\/wp-json\/wp\/v2\/pages\/11\/revisions"}],"predecessor-version":[{"id":10527,"href":"https:\/\/www.greenpeace.org\/slovakia\/wp-json\/wp\/v2\/pages\/11\/revisions\/10527"}],"wp:attachment":[{"href":"https:\/\/www.greenpeace.org\/slovakia\/wp-json\/wp\/v2\/media?parent=11"}],"wp:term":[{"taxonomy":"category","embeddable":true,"href":"https:\/\/www.greenpeace.org\/slovakia\/wp-json\/wp\/v2\/categories?post=11"},{"taxonomy":"post_tag","embeddable":true,"href":"https:\/\/www.greenpeace.org\/slovakia\/wp-json\/wp\/v2\/tags?post=11"}],"curies":[{"name":"wp","href":"https:\/\/api.w.org\/{rel}","templated":true}]}}