{"id":11,"date":"2018-05-08T14:32:52","date_gmt":"2018-05-08T12:32:52","guid":{"rendered":"https:\/\/k8s.p4.greenpeace.org\/defaultcontent\/?page_id=11"},"modified":"2025-09-23T12:06:34","modified_gmt":"2025-09-23T10:06:34","slug":"objavuj","status":"publish","type":"page","link":"https:\/\/www.greenpeace.org\/slovakia\/objavuj\/","title":{"rendered":"\u010co rob\u00edme"},"content":{"rendered":"\n                    <div class=\"wp-block-group is-vertical is-layout-flex wp-container-core-group-is-layout-8cf370e7 wp-block-group-is-layout-flex\">\n                    \n                                <p>Pozrite sa, na ak\u00fdch probl\u00e9moch \u017eivotn\u00e9ho prostredia pracujeme.<\/p>\n                            \n\n                    \n                    <\/div>\n                    \n<div class=\"wp-block-columns is-layout-flex wp-container-core-columns-is-layout-9d6595d7 wp-block-columns-is-layout-flex\">\n<div class=\"wp-block-column is-vertically-aligned-center is-layout-flow wp-block-column-is-layout-flow\">\n        <div class=\"wp-block-media-text is-stacked-on-mobile\"><figure class=\"wp-block-media-text__media\"><img loading=\"lazy\" decoding=\"async\" width=\"1200\" height=\"801\" src=\"https:\/\/www.greenpeace.org\/static\/planet4-slovakia-stateless\/2019\/11\/ab5983ec-gp0stskhq.jpg\" alt=\"\" sizes=\"auto, (min-width: 1600px) calc((1320px - 24px) \/ 2),(min-width: 1200px) calc((1140px - 24px) \/ 2),(min-width: 992px) calc((960px - 24px) \/ 2),(min-width: 768px) calc((720px - 24px) \/ 2),(min-width: 601px) calc((540px - 24px) \/ 2),(min-width: 577px) calc((540px - 24px) \/ 1), calc(100vw - 24px)\" srcset=\"\" class=\"wp-image-935 size-full\"\/><\/figure><div class=\"wp-block-media-text__content\"><h3 class=\"wp-block-heading\"><\/h3>\n\n        <p>Existuj\u00fa nenahradite\u013en\u00e9 veci, ktor\u00e9 zabezpe\u010duj\u00fa, \u017ee m\u00f4\u017eeme existova\u0165 na tejto Zemi. Existuj\u00fa&hellip;<\/p>\n\n        <p><a href=\"https:\/\/www.greenpeace.sk\/slovakia\/objavuj\/chran\/\">Pre\u010d\u00edtajte si viac inform\u00e1ci\u00ed o tomto probl\u00e9me<\/a><\/p><\/div><\/div>\n        \n<\/div>\n\n\n<div class=\"wp-block-column is-vertically-aligned-center is-layout-flow wp-block-column-is-layout-flow\">\n        <div class=\"wp-block-media-text is-stacked-on-mobile\"><figure class=\"wp-block-media-text__media\"><img loading=\"lazy\" decoding=\"async\" width=\"1200\" height=\"766\" src=\"https:\/\/www.greenpeace.org\/static\/planet4-slovakia-stateless\/2019\/11\/00a02414-gp018s8.jpg\" alt=\"\" sizes=\"auto, (min-width: 1600px) calc((1320px - 24px) \/ 2),(min-width: 1200px) calc((1140px - 24px) \/ 2),(min-width: 992px) calc((960px - 24px) \/ 2),(min-width: 768px) calc((720px - 24px) \/ 2),(min-width: 601px) calc((540px - 24px) \/ 2),(min-width: 577px) calc((540px - 24px) \/ 1), calc(100vw - 24px)\" srcset=\"\" class=\"wp-image-911 size-full\"\/><\/figure><div class=\"wp-block-media-text__content\"><h3 class=\"wp-block-heading\">#Mier<\/h3>\n\n        <p>Mier je viac ako len opak vojny. Mier je budovanie vz\u0165ahov medzi&hellip;<\/p>\n\n        \n<div class=\"wp-block-buttons carousel-controls is-layout-flex wp-block-buttons-is-layout-flex\">\n            <div class=\"wp-block-button is-style-cta\"><a target=\"_self\" href=\"http:\/\/www.greenpeace.org\/slovakia\/tag\/mier\/\" class=\"wp-block-button__link wp-element-button\" rel=\"noopener\">Zapoj sa<\/a><\/div>\n        \n<\/div>\n<\/div><\/div>\n        \n<\/div>\n<\/div>\n\n<div class=\"wp-block-columns is-layout-flex wp-container-core-columns-is-layout-9d6595d7 wp-block-columns-is-layout-flex\">\n<div class=\"wp-block-column is-vertically-aligned-center is-layout-flow wp-block-column-is-layout-flow\">\n        <div class=\"wp-block-media-text is-stacked-on-mobile\"><figure class=\"wp-block-media-text__media\"><img loading=\"lazy\" decoding=\"async\" width=\"1200\" height=\"800\" src=\"https:\/\/www.greenpeace.org\/static\/planet4-slovakia-stateless\/2019\/11\/68d7e420-gp01tmf.jpg\" alt=\"\" sizes=\"auto, (min-width: 1600px) calc((1320px - 24px) \/ 2),(min-width: 1200px) calc((1140px - 24px) \/ 2),(min-width: 992px) calc((960px - 24px) \/ 2),(min-width: 768px) calc((720px - 24px) \/ 2),(min-width: 601px) calc((540px - 24px) \/ 2),(min-width: 577px) calc((540px - 24px) \/ 1), calc(100vw - 24px)\" srcset=\"\" class=\"wp-image-920 size-full\"\/><\/figure><div class=\"wp-block-media-text__content\"><h3 class=\"wp-block-heading\"><\/h3>\n\n        <p>Sp\u00f4sob, ak\u00fdm pristupujeme k jedinej plan\u00e9te, na ktorej vieme \u017ei\u0165, je alarmuj\u00faci.<\/p>\n\n        <p><a href=\"https:\/\/www.greenpeace.sk\/slovakia\/objavuj\/zmen\/\">Pre\u010d\u00edtajte si viac inform\u00e1ci\u00ed o tomto probl\u00e9me<\/a><\/p><\/div><\/div>\n        \n<\/div>\n\n\n<div class=\"wp-block-column is-vertically-aligned-center is-layout-flow wp-block-column-is-layout-flow\">\n        <div class=\"wp-block-media-text is-stacked-on-mobile\"><figure class=\"wp-block-media-text__media\"><img loading=\"lazy\" decoding=\"async\" width=\"1200\" height=\"670\" src=\"https:\/\/www.greenpeace.org\/static\/planet4-slovakia-stateless\/2019\/11\/24694ad9-gp0sttutr.jpg\" alt=\"\" sizes=\"auto, (min-width: 1600px) calc((1320px - 24px) \/ 2),(min-width: 1200px) calc((1140px - 24px) \/ 2),(min-width: 992px) calc((960px - 24px) \/ 2),(min-width: 768px) calc((720px - 24px) \/ 2),(min-width: 601px) calc((540px - 24px) \/ 2),(min-width: 577px) calc((540px - 24px) \/ 1), calc(100vw - 24px)\" srcset=\"\" class=\"wp-image-899 size-full\"\/><\/figure><div class=\"wp-block-media-text__content\"><h3 class=\"wp-block-heading\">#Klimatick\u00e1Kr\u00edza<\/h3>\n\n        <p>Glob\u00e1lna klimatick\u00e1 kr\u00edza je bezpochyby najv\u00e4\u010d\u0161\u00edm probl\u00e9mom, ktor\u00e9mu ako \u013eudstvo \u010del\u00edme. T\u00fdka&hellip;<\/p>\n\n        \n<div class=\"wp-block-buttons carousel-controls is-layout-flex wp-block-buttons-is-layout-flex\">\n            <div class=\"wp-block-button is-style-cta\"><a target=\"_self\" href=\"http:\/\/www.greenpeace.org\/slovakia\/tag\/klimatickakriza\/\" class=\"wp-block-button__link wp-element-button\" rel=\"noopener\">Zapoj sa<\/a><\/div>\n        \n<\/div>\n<\/div><\/div>\n        \n<\/div>\n<\/div>\n\n<div class=\"wp-block-columns is-layout-flex wp-container-core-columns-is-layout-9d6595d7 wp-block-columns-is-layout-flex\">\n<div class=\"wp-block-column is-vertically-aligned-center is-layout-flow wp-block-column-is-layout-flow\">\n        <div class=\"wp-block-media-text is-stacked-on-mobile\"><figure class=\"wp-block-media-text__media\"><img loading=\"lazy\" decoding=\"async\" width=\"1200\" height=\"801\" src=\"https:\/\/www.greenpeace.org\/static\/planet4-slovakia-stateless\/2019\/11\/ab5983ec-gp0stskhq.jpg\" alt=\"\" sizes=\"auto, (min-width: 1600px) calc((1320px - 24px) \/ 2),(min-width: 1200px) calc((1140px - 24px) \/ 2),(min-width: 992px) calc((960px - 24px) \/ 2),(min-width: 768px) calc((720px - 24px) \/ 2),(min-width: 601px) calc((540px - 24px) \/ 2),(min-width: 577px) calc((540px - 24px) \/ 1), calc(100vw - 24px)\" srcset=\"\" class=\"wp-image-935 size-full\"\/><\/figure><div class=\"wp-block-media-text__content\"><h3 class=\"wp-block-heading\"><\/h3>\n\n        <p>Existuj\u00fa nenahradite\u013en\u00e9 veci, ktor\u00e9 zabezpe\u010duj\u00fa, \u017ee m\u00f4\u017eeme existova\u0165 na tejto Zemi. Existuj\u00fa&hellip;<\/p>\n\n        <p><a href=\"https:\/\/www.greenpeace.sk\/slovakia\/objavuj\/chran\/\">Pre\u010d\u00edtajte si viac inform\u00e1ci\u00ed o tomto probl\u00e9me<\/a><\/p><\/div><\/div>\n        \n<\/div>\n\n\n<div class=\"wp-block-column is-vertically-aligned-center is-layout-flow wp-block-column-is-layout-flow\">\n        <div class=\"wp-block-media-text is-stacked-on-mobile\"><figure class=\"wp-block-media-text__media\"><img loading=\"lazy\" decoding=\"async\" width=\"1200\" height=\"674\" src=\"https:\/\/www.greenpeace.org\/static\/planet4-slovakia-stateless\/2019\/11\/fbdd2e67-gp0str3iq.jpg\" alt=\"\" sizes=\"auto, (min-width: 1600px) calc((1320px - 24px) \/ 2),(min-width: 1200px) calc((1140px - 24px) \/ 2),(min-width: 992px) calc((960px - 24px) \/ 2),(min-width: 768px) calc((720px - 24px) \/ 2),(min-width: 601px) calc((540px - 24px) \/ 2),(min-width: 577px) calc((540px - 24px) \/ 1), calc(100vw - 24px)\" srcset=\"\" class=\"wp-image-902 size-full\"\/><\/figure><div class=\"wp-block-media-text__content\"><h3 class=\"wp-block-heading\">#Lesy<\/h3>\n\n        <p>Lesy s\u00fa nesmierne vz\u00e1cne. Mus\u00edme ich chr\u00e1ni\u0165 a to pre \u013eud\u00ed, ktor\u00ed&hellip;<\/p>\n\n        \n<div class=\"wp-block-buttons carousel-controls is-layout-flex wp-block-buttons-is-layout-flex\">\n            <div class=\"wp-block-button is-style-cta\"><a target=\"_self\" href=\"http:\/\/www.greenpeace.org\/slovakia\/tag\/lesy\/\" class=\"wp-block-button__link wp-element-button\" rel=\"noopener\">Zapoj sa<\/a><\/div>\n        \n<\/div>\n<\/div><\/div>\n        \n<\/div>\n<\/div>\n\n    <div class=\"wp-block-query posts-list p4-query-loop is-custom-layout-list is-layout-flow wp-block-query-is-layout-flow\">\n        <div class=\"wp-block-group is-content-justification-space-between is-layout-flex wp-container-core-group-is-layout-3d213aab wp-block-group-is-layout-flex\"><h2 class=\"wp-block-heading\">S\u00favisiace \u010dl\u00e1nky<\/h2>\n        <li class=\" wp-block-navigation-item see-all-link wp-block-navigation-link\"><a class=\"wp-block-navigation-item__content\"  href=\"http:\/\/www.greenpeace.org\/slovakia\/news-stories\/\"><span class=\"wp-block-navigation-item__label\">See all stories<\/span><\/a><\/li>\n        \n        <\/div>\n        \n\n    <p style=\"margin-top: 24px; margin-bottom: 36px;\"><\/p>\n\n    \n\n    <ul class=\"wp-block-post-template is-layout-flow wp-block-post-template-is-layout-flow\"><li class=\"wp-block-post post-10208 post type-post status-publish format-standard has-post-thumbnail hentry category-chran tag-klimatickakriza tag-energetickespolocenstva p4-page-type-tlacova-sprava\">\n            \n<div class=\"wp-block-columns is-layout-flex wp-container-core-columns-is-layout-9d6595d7 wp-block-columns-is-layout-flex\"><figure class=\"wp-block-post-featured-image\"><a href=\"https:\/\/www.greenpeace.org\/slovakia\/tlacova-sprava\/10208\/den-zeme-v-tieni-globalnych-konfliktov-fosilne-paliva-prehlbuju-krizy-riesenim-su-obnovitelne-zdroje\/\" target=\"_self\"  ><img loading=\"lazy\" decoding=\"async\" width=\"800\" height=\"533\" src=\"https:\/\/www.greenpeace.org\/static\/planet4-slovakia-stateless\/2026\/04\/31e40748-gp0stqixf_low-res-with-credit-line-800px.jpg\" class=\"attachment-post-thumbnail size-post-thumbnail wp-post-image wp-stateless-item\" alt=\"De\u0148 Zeme v tieni glob\u00e1lnych konfliktov: fos\u00edlne paliv\u00e1 prehlbuj\u00fa kr\u00edzy, rie\u0161en\u00edm s\u00fa obnovite\u013en\u00e9 zdroje\" style=\"object-fit:cover;\" srcset=\"https:\/\/www.greenpeace.org\/static\/planet4-slovakia-stateless\/2026\/04\/31e40748-gp0stqixf_low-res-with-credit-line-800px.jpg 800w, https:\/\/www.greenpeace.org\/static\/planet4-slovakia-stateless\/2026\/04\/31e40748-gp0stqixf_low-res-with-credit-line-800px-300x200.jpg 300w, https:\/\/www.greenpeace.org\/static\/planet4-slovakia-stateless\/2026\/04\/31e40748-gp0stqixf_low-res-with-credit-line-800px-768x512.jpg 768w, https:\/\/www.greenpeace.org\/static\/planet4-slovakia-stateless\/2026\/04\/31e40748-gp0stqixf_low-res-with-credit-line-800px-510x340.jpg 510w\" sizes=\"auto, (max-width: 800px) 100vw, 800px\" data-image-size=\"post-thumbnail\" data-stateless-media-bucket=\"planet4-slovakia-stateless\" data-stateless-media-name=\"2026\/04\/31e40748-gp0stqixf_low-res-with-credit-line-800px.jpg\" \/><\/a><\/figure>\n\n        <div class=\"wp-block-group is-layout-flow wp-block-group-is-layout-flow\">\n                <div class=\"wp-block-group is-layout-flex wp-block-group-is-layout-flex\"><div class=\"wp-block-post-terms\"><a href=\"https:\/\/www.greenpeace.org\/slovakia\/category\/issues\/chran\/\">Chr\u00e1\u0148<\/a><\/div>\n                <div class=\"taxonomy-post_tag wp-block-post-terms\"><a href=\"https:\/\/www.greenpeace.org\/slovakia\/tag\/klimatickakriza\/\" rel=\"tag\">Klimatick\u00e1Kr\u00edza<\/a><span class=\"wp-block-post-terms__separator\"> <\/span><a href=\"https:\/\/www.greenpeace.org\/slovakia\/tag\/energetickespolocenstva\/\" rel=\"tag\">Energetick\u00e9 spolo\u010denstv\u00e1<\/a><\/div>\n                \n                <\/div>\n                \n        <h3 class=\"wp-block-post-title\"><a href=\"https:\/\/www.greenpeace.org\/slovakia\/tlacova-sprava\/10208\/den-zeme-v-tieni-globalnych-konfliktov-fosilne-paliva-prehlbuju-krizy-riesenim-su-obnovitelne-zdroje\/\" target=\"_self\" >De\u0148 Zeme v tieni glob\u00e1lnych konfliktov: fos\u00edlne paliv\u00e1 prehlbuj\u00fa kr\u00edzy, rie\u0161en\u00edm s\u00fa obnovite\u013en\u00e9 zdroje<\/a><\/h3>\n        <div class=\"wp-block-post-excerpt\"><p class=\"wp-block-post-excerpt__excerpt\">Pri pr\u00edle\u017eitosti D\u0148a Zeme Greenpeace Slovensko upozor\u0148uje, \u017ee ochrana \u017eivotn\u00e9ho prostredia nie je luxusom mierov\u00fdch \u010dias, ale nevyhnutnos\u0165ou aj v obdob\u00ed glob\u00e1lnych kr\u00edz. <\/p><\/div>\n        \n        <div class=\"wp-block-group posts-list-meta is-layout-flow wp-block-group-is-layout-flow\"><span class='article-list-item-author'>Mirka \u00c1belov\u00e1<\/span>\n        <div class=\"wp-block-post-date\"><time datetime=\"2026-04-21T16:39:01+02:00\">21 apr\u00edla, 2026<\/time><\/div>\n        \n        <\/div>\n        <\/div>\n        <\/div>\n\n            <\/li><li class=\"wp-block-post post-10184 post type-post status-publish format-standard has-post-thumbnail hentry category-uncategorized tag-klimatickakriza tag-energia tag-energetickespolocenstva p4-page-type-tlacova-sprava\">\n            \n<div class=\"wp-block-columns is-layout-flex wp-container-core-columns-is-layout-9d6595d7 wp-block-columns-is-layout-flex\"><figure class=\"wp-block-post-featured-image\"><a href=\"https:\/\/www.greenpeace.org\/slovakia\/tlacova-sprava\/10184\/zmeny-v-podmienkach-zse-opat-zhorsia-vyuzivanie-fotovoltiky-upozornuje-greenpeace\/\" target=\"_self\"  ><img loading=\"lazy\" decoding=\"async\" width=\"2560\" height=\"1917\" src=\"https:\/\/www.greenpeace.org\/static\/planet4-slovakia-stateless\/2026\/02\/6857c15d-dji_0342-1-scaled.jpg\" class=\"attachment-post-thumbnail size-post-thumbnail wp-post-image wp-stateless-item\" alt=\"Zmeny v podmienkach ZSE op\u00e4\u0165 zhor\u0161ia vyu\u017e\u00edvanie fotovoltiky, upozor\u0148uje Greenpeace\" style=\"object-fit:cover;\" srcset=\"https:\/\/www.greenpeace.org\/static\/planet4-slovakia-stateless\/2026\/02\/6857c15d-dji_0342-1-scaled.jpg 2560w, https:\/\/www.greenpeace.org\/static\/planet4-slovakia-stateless\/2026\/02\/6857c15d-dji_0342-1-300x225.jpg 300w, https:\/\/www.greenpeace.org\/static\/planet4-slovakia-stateless\/2026\/02\/6857c15d-dji_0342-1-1024x767.jpg 1024w, https:\/\/www.greenpeace.org\/static\/planet4-slovakia-stateless\/2026\/02\/6857c15d-dji_0342-1-768x575.jpg 768w, https:\/\/www.greenpeace.org\/static\/planet4-slovakia-stateless\/2026\/02\/6857c15d-dji_0342-1-1536x1150.jpg 1536w, https:\/\/www.greenpeace.org\/static\/planet4-slovakia-stateless\/2026\/02\/6857c15d-dji_0342-1-2048x1534.jpg 2048w, https:\/\/www.greenpeace.org\/static\/planet4-slovakia-stateless\/2026\/02\/6857c15d-dji_0342-1-1824x1366.jpg 1824w, https:\/\/www.greenpeace.org\/static\/planet4-slovakia-stateless\/2026\/02\/6857c15d-dji_0342-1-454x340.jpg 454w\" sizes=\"auto, (max-width: 2560px) 100vw, 2560px\" data-image-size=\"post-thumbnail\" data-stateless-media-bucket=\"planet4-slovakia-stateless\" data-stateless-media-name=\"2026\/02\/6857c15d-dji_0342-1-scaled.jpg\" \/><\/a><\/figure>\n\n        <div class=\"wp-block-group is-layout-flow wp-block-group-is-layout-flow\">\n                <div class=\"wp-block-group is-layout-flex wp-block-group-is-layout-flex\"><div class=\"wp-block-post-terms\"><a href=\"https:\/\/www.greenpeace.org\/slovakia\/category\/uncategorized\/\">Uncategorized<\/a><\/div>\n                <div class=\"taxonomy-post_tag wp-block-post-terms\"><a href=\"https:\/\/www.greenpeace.org\/slovakia\/tag\/klimatickakriza\/\" rel=\"tag\">Klimatick\u00e1Kr\u00edza<\/a><span class=\"wp-block-post-terms__separator\"> <\/span><a href=\"https:\/\/www.greenpeace.org\/slovakia\/tag\/energia\/\" rel=\"tag\">Energia<\/a><span class=\"wp-block-post-terms__separator\"> <\/span><a href=\"https:\/\/www.greenpeace.org\/slovakia\/tag\/energetickespolocenstva\/\" rel=\"tag\">Energetick\u00e9 spolo\u010denstv\u00e1<\/a><\/div>\n                \n                <\/div>\n                \n        <h3 class=\"wp-block-post-title\"><a href=\"https:\/\/www.greenpeace.org\/slovakia\/tlacova-sprava\/10184\/zmeny-v-podmienkach-zse-opat-zhorsia-vyuzivanie-fotovoltiky-upozornuje-greenpeace\/\" target=\"_self\" >Zmeny v podmienkach ZSE op\u00e4\u0165 zhor\u0161ia vyu\u017e\u00edvanie fotovoltiky, upozor\u0148uje Greenpeace<\/a><\/h3>\n        <div class=\"wp-block-post-excerpt\"><p class=\"wp-block-post-excerpt__excerpt\">Spolo\u010dnos\u0165 ZSE op\u00e4\u0165 men\u00ed podmienky pre majite\u013eov fotovoltick\u00fdch zariaden\u00ed, pri\u010dom najnov\u0161ie opatrenia znev\u00fdhodnia vyu\u017e\u00edvanie tzv. virtu\u00e1lnej bat\u00e9rie pri nab\u00edjan\u00ed elektromobilov. Upozor\u0148uje na to Greenpeace Slovensko. <\/p><\/div>\n        \n        <div class=\"wp-block-group posts-list-meta is-layout-flow wp-block-group-is-layout-flow\"><span class='article-list-item-author'>Mirka \u00c1belov\u00e1<\/span>\n        <div class=\"wp-block-post-date\"><time datetime=\"2026-03-17T13:59:22+01:00\">17 marca, 2026<\/time><\/div>\n        \n        <\/div>\n        <\/div>\n        <\/div>\n\n            <\/li><li class=\"wp-block-post post-10162 post type-post status-publish format-standard has-post-thumbnail hentry category-greenpeace category-zmen tag-klimatickakriza p4-page-type-tlacova-sprava\">\n            \n<div class=\"wp-block-columns is-layout-flex wp-container-core-columns-is-layout-9d6595d7 wp-block-columns-is-layout-flex\"><figure class=\"wp-block-post-featured-image\"><a href=\"https:\/\/www.greenpeace.org\/slovakia\/tlacova-sprava\/10162\/lng-terminal-v-bratislavskom-pristave-nebude-greenpeace-slovensko-rozhodnutie-vita\/\" target=\"_self\"  ><img loading=\"lazy\" decoding=\"async\" width=\"1200\" height=\"675\" src=\"https:\/\/www.greenpeace.org\/static\/planet4-slovakia-stateless\/2026\/02\/99002c3a-gp1svhq3.jpg\" class=\"attachment-post-thumbnail size-post-thumbnail wp-post-image wp-stateless-item\" alt=\"LNG termin\u00e1l v bratislavskom pr\u00edstave nebude. Greenpeace Slovensko rozhodnutie v\u00edta.\u00a0\" style=\"object-fit:cover;\" srcset=\"https:\/\/www.greenpeace.org\/static\/planet4-slovakia-stateless\/2026\/02\/99002c3a-gp1svhq3.jpg 1200w, https:\/\/www.greenpeace.org\/static\/planet4-slovakia-stateless\/2026\/02\/99002c3a-gp1svhq3-300x169.jpg 300w, https:\/\/www.greenpeace.org\/static\/planet4-slovakia-stateless\/2026\/02\/99002c3a-gp1svhq3-1024x576.jpg 1024w, https:\/\/www.greenpeace.org\/static\/planet4-slovakia-stateless\/2026\/02\/99002c3a-gp1svhq3-768x432.jpg 768w, https:\/\/www.greenpeace.org\/static\/planet4-slovakia-stateless\/2026\/02\/99002c3a-gp1svhq3-510x287.jpg 510w\" sizes=\"auto, (max-width: 1200px) 100vw, 1200px\" data-image-size=\"post-thumbnail\" data-stateless-media-bucket=\"planet4-slovakia-stateless\" data-stateless-media-name=\"2026\/02\/99002c3a-gp1svhq3.jpg\" \/><\/a><\/figure>\n\n        <div class=\"wp-block-group is-layout-flow wp-block-group-is-layout-flow\">\n                <div class=\"wp-block-group is-layout-flex wp-block-group-is-layout-flex\"><div class=\"wp-block-post-terms\"><a href=\"https:\/\/www.greenpeace.org\/slovakia\/category\/greenpeace\/\">Greenpeace<\/a><\/div>\n                <div class=\"taxonomy-post_tag wp-block-post-terms\"><a href=\"https:\/\/www.greenpeace.org\/slovakia\/tag\/klimatickakriza\/\" rel=\"tag\">Klimatick\u00e1Kr\u00edza<\/a><\/div>\n                \n                <\/div>\n                \n        <h3 class=\"wp-block-post-title\"><a href=\"https:\/\/www.greenpeace.org\/slovakia\/tlacova-sprava\/10162\/lng-terminal-v-bratislavskom-pristave-nebude-greenpeace-slovensko-rozhodnutie-vita\/\" target=\"_self\" >LNG termin\u00e1l v bratislavskom pr\u00edstave nebude. Greenpeace Slovensko rozhodnutie v\u00edta.\u00a0<\/a><\/h3>\n        <div class=\"wp-block-post-excerpt\"><p class=\"wp-block-post-excerpt__excerpt\">Pod\u013ea inform\u00e1ci\u00ed, ktor\u00e9 Greenpeace Slovensko z\u00edskal od Verejn\u00fdch pr\u00edstavov, a.s. na z\u00e1klade z\u00e1kona o slobodnom pr\u00edstupe k inform\u00e1ci\u00e1m, sa s realiz\u00e1ciou pl\u00e1novan\u00e9ho LNG termin\u00e1lu nepo\u010d\u00edta. Greenpeace Slovensko, ktor\u00fd proti projektu&hellip; <\/p><\/div>\n        \n        <div class=\"wp-block-group posts-list-meta is-layout-flow wp-block-group-is-layout-flow\"><span class='article-list-item-author'>Mirka \u00c1belov\u00e1<\/span>\n        <div class=\"wp-block-post-date\"><time datetime=\"2026-02-10T09:27:16+01:00\">10 febru\u00e1ra, 2026<\/time><\/div>\n        \n        <\/div>\n        <\/div>\n        <\/div>\n\n            <\/li><\/ul>\n\n    \n<div class=\"wp-block-buttons carousel-controls is-horizontal is-content-justification-space-between is-nowrap is-layout-flex wp-container-core-buttons-is-layout-044bd602 wp-block-buttons-is-layout-flex\">\n            <div class=\"wp-block-button carousel-control-prev\"><button type=\"button\" class=\"wp-block-button__link wp-element-button\">Prev<\/button><\/div>\n        \n\n            <div class=\"wp-block-button carousel-control-next\"><button type=\"button\" class=\"wp-block-button__link wp-element-button\">Next<\/button><\/div>\n        <\/div>\n\n\n    <li class=\" wp-block-navigation-item see-all-link wp-block-navigation-link\"><a class=\"wp-block-navigation-item__content\"  href=\"http:\/\/www.greenpeace.org\/slovakia\/news-stories\/\"><span class=\"wp-block-navigation-item__label\">See all stories<\/span><\/a><\/li><\/div>\n    <div data-render=\"planet4-blocks\/happypoint\" data-attributes=\"{&quot;attributes&quot;:{&quot;focus_image&quot;:&quot;50% 50%&quot;,&quot;mailing_list_iframe&quot;:true,&quot;id&quot;:15,&quot;opacity&quot;:30,&quot;override_default_content&quot;:false,&quot;local_content_provider&quot;:&quot;none&quot;}}\"><\/div>","protected":false},"excerpt":{"rendered":"<p>Pozrite sa, na ak\u00fdch probl\u00e9moch \u017eivotn\u00e9ho prostredia pracujeme. Existuj\u00fa nenahradite\u013en\u00e9 veci, ktor\u00e9 zabezpe\u010duj\u00fa, \u017ee m\u00f4\u017eeme existova\u0165 na tejto Zemi. Existuj\u00fa&hellip; Pre\u010d\u00edtajte si viac inform\u00e1ci\u00ed o tomto probl\u00e9me #Mier Mier je viac ako len opak vojny. Mier je budovanie vz\u0165ahov medzi&hellip; Sp\u00f4sob, ak\u00fdm pristupujeme k jedinej plan\u00e9te, na ktorej vieme \u017ei\u0165, je alarmuj\u00faci. Pre\u010d\u00edtajte si viac [&hellip;]<\/p>\n","protected":false},"author":1,"featured_media":0,"parent":0,"menu_order":0,"comment_status":"closed","ping_status":"closed","template":"","meta":{"ep_exclude_from_search":false,"p4_hide_page_title_checkbox":"","p4_title":"","p4_subtitle":"","p4_description":"","background_image_id":"","background_image":"","p4_button_title":"","p4_button_link":"","p4_button_link_checkbox":"","p4_og_title":"","p4_og_description":"","p4_og_image":"","p4_og_image_id":"","p4_seo_canonical_url":"","p4_campaign_name":"not set","p4_local_project":"","p4_basket_name":"not set","p4_department":"","footnotes":""},"categories":[],"tags":[],"class_list":["post-11","page","type-page","status-publish","hentry"],"_links":{"self":[{"href":"https:\/\/www.greenpeace.org\/slovakia\/wp-json\/wp\/v2\/pages\/11","targetHints":{"allow":["GET"]}}],"collection":[{"href":"https:\/\/www.greenpeace.org\/slovakia\/wp-json\/wp\/v2\/pages"}],"about":[{"href":"https:\/\/www.greenpeace.org\/slovakia\/wp-json\/wp\/v2\/types\/page"}],"author":[{"embeddable":true,"href":"https:\/\/www.greenpeace.org\/slovakia\/wp-json\/wp\/v2\/users\/1"}],"replies":[{"embeddable":true,"href":"https:\/\/www.greenpeace.org\/slovakia\/wp-json\/wp\/v2\/comments?post=11"}],"version-history":[{"count":18,"href":"https:\/\/www.greenpeace.org\/slovakia\/wp-json\/wp\/v2\/pages\/11\/revisions"}],"predecessor-version":[{"id":10043,"href":"https:\/\/www.greenpeace.org\/slovakia\/wp-json\/wp\/v2\/pages\/11\/revisions\/10043"}],"wp:attachment":[{"href":"https:\/\/www.greenpeace.org\/slovakia\/wp-json\/wp\/v2\/media?parent=11"}],"wp:term":[{"taxonomy":"category","embeddable":true,"href":"https:\/\/www.greenpeace.org\/slovakia\/wp-json\/wp\/v2\/categories?post=11"},{"taxonomy":"post_tag","embeddable":true,"href":"https:\/\/www.greenpeace.org\/slovakia\/wp-json\/wp\/v2\/tags?post=11"}],"curies":[{"name":"wp","href":"https:\/\/api.w.org\/{rel}","templated":true}]}}