{"id":417,"date":"2019-02-15T12:42:16","date_gmt":"2019-02-15T11:42:16","guid":{"rendered":"https:\/\/k8s.p4.greenpeace.org\/defaultcontent\/?page_id=417"},"modified":"2026-04-08T10:57:40","modified_gmt":"2026-04-08T08:57:40","slug":"mier","status":"publish","type":"page","link":"https:\/\/www.greenpeace.org\/slovakia\/objavuj\/chran\/mier\/","title":{"rendered":"#Mier"},"content":{"rendered":"\n                    <div class=\"wp-block-group is-vertical is-layout-flex wp-container-core-group-is-layout-8cf370e7 wp-block-group-is-layout-flex\">\n                    \n                                <p><span style=\"font-weight: 400\">Mier je viac ako len opak vojny. Mier je budovanie vz\u0165ahov medzi r\u00f4znymi skupinami \u013eud\u00ed a prijatie zodpovednosti za stav spolo\u010dnosti. Ver\u00edme, \u017ee zdrav\u00e9 \u017eivotn\u00e9 prostredie sa d\u00e1 vytv\u00e1ra\u0165 len v demokratick\u00fdch a ob\u010diansky otvoren\u00fdch syst\u00e9moch.\u00a0<\/span>\r\n<span style=\"font-weight: 400\">Demokracia a sloboda nie s\u00fa samozrejmos\u0165. Svet sa neust\u00e1le men\u00ed a s nov\u00fdmi obtia\u017eami v na\u0161ich komunit\u00e1ch prich\u00e1dzaj\u00fa aj nov\u00e9 hrozby. My v\u0161etci mus\u00edme povsta\u0165 proti t\u00fdm, ktor\u00ed n\u00e1s rozde\u013euj\u00fa. Mus\u00edme chr\u00e1ni\u0165 demokratick\u00e9 hodnoty a otvoren\u00fa spolo\u010dnos\u0165, aby sme vedeli bojova\u0165 s naj\u0165a\u017e\u0161\u00edmi v\u00fdzvami, ktor\u00fdm mus\u00edme \u010deli\u0165 &#8211; klimatickej kr\u00edze a \u00fapadku biodiverzity.<\/span>\r\n<span style=\"font-weight: 400\">Ak\u00e1ko\u013evek je va\u0161a sexu\u00e1lna orient\u00e1cia, farba pleti, pohlavie alebo n\u00e1rodnos\u0165, m\u00e1te pr\u00e1vo na mierumilovn\u00fd svet bez nerovnosti, \u00fatlaku a chamtivosti.\u00a0<\/span>\r\n<span style=\"font-weight: 400\">Mus\u00edme sa postavi\u0165 t\u00fdm, ktor\u00ed n\u00e1s chc\u00fa rozde\u013eova\u0165. Mus\u00edme \u010deli\u0165 t\u00fdm, ktor\u00ed podporuj\u00fa nen\u00e1vis\u0165 a separatizmus. N\u00e1s je mnoho, ich len p\u00e1r.\u00a0<\/span>\r\n<span style=\"font-weight: 400\">M\u00e1me silu vybudova\u0165 mierumilovnej\u0161\u00ed svet.<\/span><\/p>\n                            \n\n                    \n                    <\/div>\n                    \n        <div class=\"wp-block-query actions-list p4-query-loop is-custom-layout-actions-list is-custom-layout-grid is-layout-grid wp-container-core-query-is-layout-29f43435 wp-block-query-is-layout-grid\"><h2 class=\"wp-block-heading\"><\/h2>\n        <p style=\"margin-top: 24px; margin-bottom: 32px;\"><\/p>\n        <div class=\"wp-block-query-no-results\">\n        <p >No posts found.<\/p>\n        <\/div>\n        \n        \n<div class=\"wp-block-buttons carousel-controls is-horizontal is-content-justification-space-between is-nowrap is-layout-flex wp-container-core-buttons-is-layout-044bd602 wp-block-buttons-is-layout-flex\">\n            <div class=\"wp-block-button carousel-control-prev\"><button type=\"button\" class=\"wp-block-button__link wp-element-button\">Prev<\/button><\/div>\n        \n\n            <div class=\"wp-block-button carousel-control-next\"><button type=\"button\" class=\"wp-block-button__link wp-element-button\">Next<\/button><\/div>\n        <\/div>\n\n        \n<div class=\"wp-block-buttons load-more-actions-container is-content-justification-center is-layout-flex wp-container-core-buttons-is-layout-16018d1d wp-block-buttons-is-layout-flex\">\n                <div class=\"wp-block-button is-style-secondary\"><button type=\"button\" class=\"wp-block-button__link wp-element-button\">Na\u010d\u00edta\u0165 viac<\/button><\/div>\n            \n<\/div>\n<\/div>\n        \n    <div class=\"wp-block-query posts-list p4-query-loop is-custom-layout-list is-layout-flow wp-block-query-is-layout-flow\">\n        <div class=\"wp-block-group is-content-justification-space-between is-layout-flex wp-container-core-group-is-layout-3d213aab wp-block-group-is-layout-flex\"><h2 class=\"wp-block-heading\">S\u00favisiace \u010dl\u00e1nky<\/h2>\n        <li class=\" wp-block-navigation-item see-all-link wp-block-navigation-link\"><a class=\"wp-block-navigation-item__content\"  href=\"http:\/\/www.greenpeace.org\/slovakia\/news-stories\/?tag=mier\"><span class=\"wp-block-navigation-item__label\">See all stories<\/span><\/a><\/li>\n        \n        <\/div>\n        \n\n    <p style=\"margin-top: 24px; margin-bottom: 36px;\"><\/p>\n\n    \n\n    <ul class=\"wp-block-post-template is-layout-flow wp-block-post-template-is-layout-flow\"><li class=\"wp-block-post post-9742 post type-post status-publish format-standard has-post-thumbnail hentry category-greenpeace tag-mier tag-energia p4-page-type-clanok\">\n            \n<div class=\"wp-block-columns is-layout-flex wp-container-core-columns-is-layout-9d6595d7 wp-block-columns-is-layout-flex\"><figure class=\"wp-block-post-featured-image\"><a href=\"https:\/\/www.greenpeace.org\/slovakia\/clanok\/9742\/po-troch-rokoch-ruska-invazia-na-ukrajinu-ktoru-pohanaju-fosilne-paliva-pokracuje\/\" target=\"_self\"  ><img loading=\"lazy\" decoding=\"async\" width=\"800\" height=\"498\" src=\"https:\/\/www.greenpeace.org\/static\/planet4-slovakia-stateless\/2025\/03\/20fecee9-image.png\" class=\"attachment-post-thumbnail size-post-thumbnail wp-post-image wp-stateless-item\" alt=\"Po troch rokoch: Rusk\u00e1 inv\u00e1zia na Ukrajinu, ktor\u00fa poh\u00e1\u0148aj\u00fa fos\u00edlne paliv\u00e1, pokra\u010duje\" style=\"object-fit:cover;\" srcset=\"https:\/\/www.greenpeace.org\/static\/planet4-slovakia-stateless\/2025\/03\/20fecee9-image.png 800w, https:\/\/www.greenpeace.org\/static\/planet4-slovakia-stateless\/2025\/03\/20fecee9-image-300x187.png 300w, https:\/\/www.greenpeace.org\/static\/planet4-slovakia-stateless\/2025\/03\/20fecee9-image-768x478.png 768w, https:\/\/www.greenpeace.org\/static\/planet4-slovakia-stateless\/2025\/03\/20fecee9-image-510x317.png 510w\" sizes=\"auto, (max-width: 800px) 100vw, 800px\" data-image-size=\"post-thumbnail\" data-stateless-media-bucket=\"planet4-slovakia-stateless\" data-stateless-media-name=\"2025\/03\/20fecee9-image.png\" \/><\/a><\/figure>\n\n        <div class=\"wp-block-group is-layout-flow wp-block-group-is-layout-flow\">\n                <div class=\"wp-block-group is-layout-flex wp-block-group-is-layout-flex\"><div class=\"wp-block-post-terms\"><a href=\"https:\/\/www.greenpeace.org\/slovakia\/category\/greenpeace\/\">Greenpeace<\/a><\/div>\n                <div class=\"taxonomy-post_tag wp-block-post-terms\"><a href=\"https:\/\/www.greenpeace.org\/slovakia\/tag\/mier\/\" rel=\"tag\">Mier<\/a><span class=\"wp-block-post-terms__separator\"> <\/span><a href=\"https:\/\/www.greenpeace.org\/slovakia\/tag\/energia\/\" rel=\"tag\">Energia<\/a><\/div>\n                \n                <\/div>\n                \n        <h3 class=\"wp-block-post-title\"><a href=\"https:\/\/www.greenpeace.org\/slovakia\/clanok\/9742\/po-troch-rokoch-ruska-invazia-na-ukrajinu-ktoru-pohanaju-fosilne-paliva-pokracuje\/\" target=\"_self\" >Po troch rokoch: Rusk\u00e1 inv\u00e1zia na Ukrajinu, ktor\u00fa poh\u00e1\u0148aj\u00fa fos\u00edlne paliv\u00e1, pokra\u010duje<\/a><\/h3>\n        <div class=\"wp-block-post-excerpt\"><p class=\"wp-block-post-excerpt__excerpt\">Natalia Gozak a Daryna Rogachuk \u2022 5 min \u010ditania \u2022 prelo\u017eila Mirka \u00c1belov\u00e1 <\/p><\/div>\n        \n        <div class=\"wp-block-group posts-list-meta is-layout-flow wp-block-group-is-layout-flow\"><span class='article-list-item-author'>Mirka \u00c1belov\u00e1<\/span>\n        <div class=\"wp-block-post-date\"><time datetime=\"2025-03-04T16:20:01+01:00\">4 marca, 2025<\/time><\/div>\n        \n        <\/div>\n        <\/div>\n        <\/div>\n\n            <\/li><li class=\"wp-block-post post-9626 post type-post status-publish format-standard has-post-thumbnail hentry category-greenpeace category-issues tag-mier tag-onas p4-page-type-tlacova-sprava\">\n            \n<div class=\"wp-block-columns is-layout-flex wp-container-core-columns-is-layout-9d6595d7 wp-block-columns-is-layout-flex\"><figure class=\"wp-block-post-featured-image\"><a href=\"https:\/\/www.greenpeace.org\/slovakia\/tlacova-sprava\/9626\/greenpeace-otvara-kancelariu-na-ukrajine\/\" target=\"_self\"  ><img loading=\"lazy\" decoding=\"async\" width=\"1920\" height=\"1080\" src=\"https:\/\/www.greenpeace.org\/static\/planet4-slovakia-stateless\/2024\/09\/9adf699f-energo-spolocenstva-2.png\" class=\"attachment-post-thumbnail size-post-thumbnail wp-post-image wp-stateless-item\" alt=\"Greenpeace otv\u00e1ra kancel\u00e1riu na Ukrajine\u00a0\" style=\"object-fit:cover;\" srcset=\"https:\/\/www.greenpeace.org\/static\/planet4-slovakia-stateless\/2024\/09\/9adf699f-energo-spolocenstva-2.png 1920w, https:\/\/www.greenpeace.org\/static\/planet4-slovakia-stateless\/2024\/09\/9adf699f-energo-spolocenstva-2-300x169.png 300w, https:\/\/www.greenpeace.org\/static\/planet4-slovakia-stateless\/2024\/09\/9adf699f-energo-spolocenstva-2-1024x576.png 1024w, https:\/\/www.greenpeace.org\/static\/planet4-slovakia-stateless\/2024\/09\/9adf699f-energo-spolocenstva-2-768x432.png 768w, https:\/\/www.greenpeace.org\/static\/planet4-slovakia-stateless\/2024\/09\/9adf699f-energo-spolocenstva-2-1536x864.png 1536w, https:\/\/www.greenpeace.org\/static\/planet4-slovakia-stateless\/2024\/09\/9adf699f-energo-spolocenstva-2-510x287.png 510w\" sizes=\"auto, (max-width: 1920px) 100vw, 1920px\" data-image-size=\"post-thumbnail\" data-stateless-media-bucket=\"planet4-slovakia-stateless\" data-stateless-media-name=\"2024\/09\/9adf699f-energo-spolocenstva-2.png\" \/><\/a><\/figure>\n\n        <div class=\"wp-block-group is-layout-flow wp-block-group-is-layout-flow\">\n                <div class=\"wp-block-group is-layout-flex wp-block-group-is-layout-flex\"><div class=\"wp-block-post-terms\"><a href=\"https:\/\/www.greenpeace.org\/slovakia\/category\/greenpeace\/\">Greenpeace<\/a><\/div>\n                <div class=\"taxonomy-post_tag wp-block-post-terms\"><a href=\"https:\/\/www.greenpeace.org\/slovakia\/tag\/mier\/\" rel=\"tag\">Mier<\/a><span class=\"wp-block-post-terms__separator\"> <\/span><a href=\"https:\/\/www.greenpeace.org\/slovakia\/tag\/onas\/\" rel=\"tag\">ONas<\/a><\/div>\n                \n                <\/div>\n                \n        <h3 class=\"wp-block-post-title\"><a href=\"https:\/\/www.greenpeace.org\/slovakia\/tlacova-sprava\/9626\/greenpeace-otvara-kancelariu-na-ukrajine\/\" target=\"_self\" >Greenpeace otv\u00e1ra kancel\u00e1riu na Ukrajine\u00a0<\/a><\/h3>\n        <div class=\"wp-block-post-excerpt\"><p class=\"wp-block-post-excerpt__excerpt\">Pod\u013ea Greenpeace ide o moment hrdosti a n\u00e1deje. Najnov\u0161ia pobo\u010dka Greenpeace v Kyjeve sa zameria na boj so zlo\u010dinmi proti pr\u00edrode a na zelen\u00fa rekon\u0161trukciu.\u00a0 <\/p><\/div>\n        \n        <div class=\"wp-block-group posts-list-meta is-layout-flow wp-block-group-is-layout-flow\"><span class='article-list-item-author'><a href='https:\/\/www.greenpeace.org\/slovakia\/author\/greenpeace-slovensko\/'>Greenpeace Slovensko<\/a><\/span>\n        <div class=\"wp-block-post-date\"><time datetime=\"2024-09-10T13:00:53+02:00\">10 septembra, 2024<\/time><\/div>\n        \n        <\/div>\n        <\/div>\n        <\/div>\n\n            <\/li><li class=\"wp-block-post post-5391 post type-post status-publish format-standard has-post-thumbnail hentry category-greenpeace category-zmen tag-lesy tag-klimatickakriza tag-mier tag-energia p4-page-type-clanok\">\n            \n<div class=\"wp-block-columns is-layout-flex wp-container-core-columns-is-layout-9d6595d7 wp-block-columns-is-layout-flex\"><figure class=\"wp-block-post-featured-image\"><a href=\"https:\/\/www.greenpeace.org\/slovakia\/clanok\/5391\/barbie-vs-oppenheimer-dva-diametralne-odlisne-vesmiry-ktore-nam-pripominaju-dve-existencne-hrozby\/\" target=\"_self\"  ><img loading=\"lazy\" decoding=\"async\" width=\"1536\" height=\"864\" src=\"https:\/\/www.greenpeace.org\/static\/planet4-slovakia-stateless\/2023\/07\/bbf48331-barbie-1.webp\" class=\"attachment-post-thumbnail size-post-thumbnail wp-post-image wp-stateless-item\" alt=\"Barbie vs. Oppenheimer: dva diametr\u00e1lne odli\u0161n\u00e9 vesm\u00edry, ktor\u00e9 n\u00e1m pripom\u00ednaj\u00fa dve existen\u010dn\u00e9 hrozby\" style=\"object-fit:cover;\" srcset=\"https:\/\/www.greenpeace.org\/static\/planet4-slovakia-stateless\/2023\/07\/bbf48331-barbie-1.webp 1536w, https:\/\/www.greenpeace.org\/static\/planet4-slovakia-stateless\/2023\/07\/bbf48331-barbie-1-300x169.webp 300w, https:\/\/www.greenpeace.org\/static\/planet4-slovakia-stateless\/2023\/07\/bbf48331-barbie-1-1024x576.webp 1024w, https:\/\/www.greenpeace.org\/static\/planet4-slovakia-stateless\/2023\/07\/bbf48331-barbie-1-768x432.webp 768w, https:\/\/www.greenpeace.org\/static\/planet4-slovakia-stateless\/2023\/07\/bbf48331-barbie-1-510x287.webp 510w\" sizes=\"auto, (max-width: 1536px) 100vw, 1536px\" data-image-size=\"post-thumbnail\" data-stateless-media-bucket=\"planet4-slovakia-stateless\" data-stateless-media-name=\"2023\/07\/bbf48331-barbie-1.webp\" \/><\/a><\/figure>\n\n        <div class=\"wp-block-group is-layout-flow wp-block-group-is-layout-flow\">\n                <div class=\"wp-block-group is-layout-flex wp-block-group-is-layout-flex\"><div class=\"wp-block-post-terms\"><a href=\"https:\/\/www.greenpeace.org\/slovakia\/category\/greenpeace\/\">Greenpeace<\/a><\/div>\n                <div class=\"taxonomy-post_tag wp-block-post-terms\"><a href=\"https:\/\/www.greenpeace.org\/slovakia\/tag\/lesy\/\" rel=\"tag\">Lesy<\/a><span class=\"wp-block-post-terms__separator\"> <\/span><a href=\"https:\/\/www.greenpeace.org\/slovakia\/tag\/klimatickakriza\/\" rel=\"tag\">Klimatick\u00e1Kr\u00edza<\/a><span class=\"wp-block-post-terms__separator\"> <\/span><a href=\"https:\/\/www.greenpeace.org\/slovakia\/tag\/mier\/\" rel=\"tag\">Mier<\/a><span class=\"wp-block-post-terms__separator\"> <\/span><a href=\"https:\/\/www.greenpeace.org\/slovakia\/tag\/energia\/\" rel=\"tag\">Energia<\/a><\/div>\n                \n                <\/div>\n                \n        <h3 class=\"wp-block-post-title\"><a href=\"https:\/\/www.greenpeace.org\/slovakia\/clanok\/5391\/barbie-vs-oppenheimer-dva-diametralne-odlisne-vesmiry-ktore-nam-pripominaju-dve-existencne-hrozby\/\" target=\"_self\" >Barbie vs. Oppenheimer: dva diametr\u00e1lne odli\u0161n\u00e9 vesm\u00edry, ktor\u00e9 n\u00e1m pripom\u00ednaj\u00fa dve existen\u010dn\u00e9 hrozby<\/a><\/h3>\n        <div class=\"wp-block-post-excerpt\"><p class=\"wp-block-post-excerpt__excerpt\">&#8222;Barbenheimer&#8220; je pravdepodobne filmovou udalos\u0165ou roka. Aktu\u00e1lne premi\u00e9ry dvoch hollywoodskych trh\u00e1kov od dvoch kultov\u00fdch re\u017eis\u00e9rov: Barbie Grety Gerwigovej, ru\u017eov\u00e1 fantasy kom\u00e9dia a Oppenheimer Christophera Nolana, pochm\u00farnej a psychedelickej dr\u00e1my. <\/p><\/div>\n        \n        <div class=\"wp-block-group posts-list-meta is-layout-flow wp-block-group-is-layout-flow\"><span class='article-list-item-author'>Mehdi Leman, Content Editor pre GPI<\/span>\n        <div class=\"wp-block-post-date\"><time datetime=\"2023-07-25T13:50:30+02:00\">25 j\u00fala, 2023<\/time><\/div>\n        \n        <\/div>\n        <\/div>\n        <\/div>\n\n            <\/li><\/ul>\n\n    \n<div class=\"wp-block-buttons carousel-controls is-horizontal is-content-justification-space-between is-nowrap is-layout-flex wp-container-core-buttons-is-layout-044bd602 wp-block-buttons-is-layout-flex\">\n            <div class=\"wp-block-button carousel-control-prev\"><button type=\"button\" class=\"wp-block-button__link wp-element-button\">Prev<\/button><\/div>\n        \n\n            <div class=\"wp-block-button carousel-control-next\"><button type=\"button\" class=\"wp-block-button__link wp-element-button\">Next<\/button><\/div>\n        <\/div>\n\n\n    <li class=\" wp-block-navigation-item see-all-link wp-block-navigation-link\"><a class=\"wp-block-navigation-item__content\"  href=\"http:\/\/www.greenpeace.org\/slovakia\/news-stories\/?tag=mier\"><span class=\"wp-block-navigation-item__label\">See all stories<\/span><\/a><\/li><\/div>\n    <div data-render=\"planet4-blocks\/happypoint\" data-attributes=\"{&quot;attributes&quot;:{&quot;focus_image&quot;:&quot;0% 0%&quot;,&quot;mailing_list_iframe&quot;:true,&quot;opacity&quot;:30,&quot;override_default_content&quot;:false,&quot;local_content_provider&quot;:&quot;none&quot;}}\"><\/div>","protected":false},"excerpt":{"rendered":"<p>Mier je viac ako len opak vojny. Mier je budovanie vz\u0165ahov medzi r\u00f4znymi skupinami \u013eud\u00ed a prijatie zodpovednosti za stav spolo\u010dnosti.<\/p>\n","protected":false},"author":5,"featured_media":911,"parent":60,"menu_order":0,"comment_status":"closed","ping_status":"closed","template":"","meta":{"ep_exclude_from_search":false,"p4_hide_page_title_checkbox":"","p4_title":"","p4_subtitle":"","p4_description":"","background_image_id":"","background_image":"","p4_button_title":"","p4_button_link":"","p4_button_link_checkbox":"","p4_og_title":"","p4_og_description":"","p4_og_image":"","p4_og_image_id":"","p4_seo_canonical_url":"","p4_campaign_name":"not set","p4_local_project":"","p4_basket_name":"not set","p4_department":"","footnotes":""},"categories":[2],"tags":[17],"class_list":["post-417","page","type-page","status-publish","has-post-thumbnail","hentry","category-chran","tag-mier"],"_links":{"self":[{"href":"https:\/\/www.greenpeace.org\/slovakia\/wp-json\/wp\/v2\/pages\/417","targetHints":{"allow":["GET"]}}],"collection":[{"href":"https:\/\/www.greenpeace.org\/slovakia\/wp-json\/wp\/v2\/pages"}],"about":[{"href":"https:\/\/www.greenpeace.org\/slovakia\/wp-json\/wp\/v2\/types\/page"}],"author":[{"embeddable":true,"href":"https:\/\/www.greenpeace.org\/slovakia\/wp-json\/wp\/v2\/users\/5"}],"replies":[{"embeddable":true,"href":"https:\/\/www.greenpeace.org\/slovakia\/wp-json\/wp\/v2\/comments?post=417"}],"version-history":[{"count":16,"href":"https:\/\/www.greenpeace.org\/slovakia\/wp-json\/wp\/v2\/pages\/417\/revisions"}],"predecessor-version":[{"id":10202,"href":"https:\/\/www.greenpeace.org\/slovakia\/wp-json\/wp\/v2\/pages\/417\/revisions\/10202"}],"up":[{"embeddable":true,"href":"https:\/\/www.greenpeace.org\/slovakia\/wp-json\/wp\/v2\/pages\/60"}],"wp:featuredmedia":[{"embeddable":true,"href":"https:\/\/www.greenpeace.org\/slovakia\/wp-json\/wp\/v2\/media\/911"}],"wp:attachment":[{"href":"https:\/\/www.greenpeace.org\/slovakia\/wp-json\/wp\/v2\/media?parent=417"}],"wp:term":[{"taxonomy":"category","embeddable":true,"href":"https:\/\/www.greenpeace.org\/slovakia\/wp-json\/wp\/v2\/categories?post=417"},{"taxonomy":"post_tag","embeddable":true,"href":"https:\/\/www.greenpeace.org\/slovakia\/wp-json\/wp\/v2\/tags?post=417"}],"curies":[{"name":"wp","href":"https:\/\/api.w.org\/{rel}","templated":true}]}}