{"id":54,"date":"2018-05-09T13:34:31","date_gmt":"2018-05-09T11:34:31","guid":{"rendered":"https:\/\/k8s.p4.greenpeace.org\/defaultcontent\/?page_id=54"},"modified":"2026-06-29T12:16:01","modified_gmt":"2026-06-29T10:16:01","slug":"zmen","status":"publish","type":"page","link":"https:\/\/www.greenpeace.org\/slovakia\/objavuj\/zmen\/","title":{"rendered":"Zme\u0148"},"content":{"rendered":"\n                    <div class=\"wp-block-group is-vertical is-layout-flex wp-container-core-group-is-layout-4fc3f8e1 wp-block-group-is-layout-flex\">\n                    \n                                <p class=\"wp-block-paragraph\"><span data-sheets-value=\"{&quot;1&quot;:2,&quot;2&quot;:&quot;Sp\u00f4sob, ak\u00fdm pristupujeme k jedinej plan\u00e9te, na ktorej vieme \u017ei\u0165, je alarmuj\u00faci. Drancujeme pr\u00edrodn\u00e9 zdroje, ni\u010d\u00edme biodiverzitu a sp\u00f4sobujeme klimatick\u00fa zmenu. Je na n\u00e1s, aby sme to zmenili. &quot;}\" data-sheets-userformat=\"{&quot;2&quot;:4993,&quot;3&quot;:{&quot;1&quot;:0},&quot;10&quot;:1,&quot;11&quot;:4,&quot;12&quot;:0,&quot;15&quot;:&quot;Arial&quot;}\">Sp\u00f4sob, ak\u00fdm pristupujeme k jedinej plan\u00e9te, na ktorej vieme \u017ei\u0165, je alarmuj\u00faci. Drancujeme pr\u00edrodn\u00e9 zdroje, ni\u010d\u00edme biodiverzitu a sp\u00f4sobujeme klimatick\u00fa zmenu. Je na n\u00e1s, aby sme to zmenili. <\/span><\/p>\n                            \n\n                    \n                    <\/div>\n                    <div data-render=\"planet4-blocks\/gallery\" data-attributes=\"{&quot;attributes&quot;:{&quot;gallery_block_style&quot;:2,&quot;multiple_image&quot;:&quot;916,1055,1005&quot;,&quot;gallery_block_focus_points&quot;:&quot;{\\&quot;916\\&quot;:\\&quot;27% 24%\\&quot;,\\&quot;1005\\&quot;:\\&quot;65% 62%\\&quot;,\\&quot;1055\\&quot;:\\&quot;23% 51%\\&quot;}&quot;,&quot;image_data&quot;:[{&quot;url&quot;:&quot;https:\\\/\\\/www.greenpeace.org\\\/static\\\/planet4-slovakia-stateless\\\/2019\\\/11\\\/01e7be49-gp0stpa95.jpg&quot;,&quot;focalPoint&quot;:{&quot;x&quot;:0.27,&quot;y&quot;:0.24},&quot;id&quot;:&quot;916&quot;},{&quot;url&quot;:&quot;https:\\\/\\\/www.greenpeace.org\\\/static\\\/planet4-slovakia-stateless\\\/2019\\\/11\\\/afd75e82-gp0sttutb.jpg&quot;,&quot;focalPoint&quot;:{&quot;x&quot;:0.65,&quot;y&quot;:0.62},&quot;id&quot;:&quot;1005&quot;},{&quot;url&quot;:&quot;https:\\\/\\\/www.greenpeace.org\\\/static\\\/planet4-slovakia-stateless\\\/2019\\\/11\\\/1081c646-gp0stsrmh.jpg&quot;,&quot;focalPoint&quot;:{&quot;x&quot;:0.23,&quot;y&quot;:0.51},&quot;id&quot;:&quot;1055&quot;}],&quot;gallery_block_title&quot;:&quot;&quot;,&quot;gallery_block_description&quot;:&quot;&quot;,&quot;images&quot;:[{&quot;image_src&quot;:&quot;https:\\\/\\\/www.greenpeace.org\\\/static\\\/planet4-slovakia-stateless\\\/2019\\\/11\\\/01e7be49-gp0stpa95.jpg&quot;,&quot;image_srcset&quot;:false,&quot;image_sizes&quot;:false,&quot;alt_text&quot;:&quot;Ecological Farm in Slovakia. \\u00a9 Tomas Halasz \\\/ Greenpeace&quot;,&quot;caption&quot;:&quot;Zuzana Pastorkov\\u00e1 owns an eco-farm in a small village in the municipality in \\u0160ala District, in the Nitra Region of southwestern Slovakia. She grows all kinds of fruits, vegetables and medical plants. Everything is done with love to the nature and environment, without using chemicals.&quot;,&quot;focus_image&quot;:&quot;27% 24%&quot;,&quot;credits&quot;:&quot;\\u00a9 Tomas Halasz \\\/ Greenpeace&quot;},{&quot;image_src&quot;:&quot;https:\\\/\\\/www.greenpeace.org\\\/static\\\/planet4-slovakia-stateless\\\/2019\\\/11\\\/1081c646-gp0stsrmh-768x511.jpg&quot;,&quot;image_srcset&quot;:&quot;https:\\\/\\\/www.greenpeace.org\\\/static\\\/planet4-slovakia-stateless\\\/2019\\\/11\\\/1081c646-gp0stsrmh-768x511.jpg 768w, https:\\\/\\\/www.greenpeace.org\\\/static\\\/planet4-slovakia-stateless\\\/2019\\\/11\\\/1081c646-gp0stsrmh-300x200.jpg 300w, https:\\\/\\\/www.greenpeace.org\\\/static\\\/planet4-slovakia-stateless\\\/2019\\\/11\\\/1081c646-gp0stsrmh-1024x682.jpg 1024w, https:\\\/\\\/www.greenpeace.org\\\/static\\\/planet4-slovakia-stateless\\\/2019\\\/11\\\/1081c646-gp0stsrmh-510x340.jpg 510w, https:\\\/\\\/www.greenpeace.org\\\/static\\\/planet4-slovakia-stateless\\\/2019\\\/11\\\/1081c646-gp0stsrmh.jpg 1200w&quot;,&quot;image_sizes&quot;:&quot;(max-width: 768px) 100vw, 768px&quot;,&quot;alt_text&quot;:&quot;Action at Coal Mine in Nov\\u00e1ky Slovakia. \\u00a9 Greenpeace&quot;,&quot;caption&quot;:&quot;&quot;,&quot;focus_image&quot;:&quot;23% 51%&quot;,&quot;credits&quot;:&quot;\\u00a9 Greenpeace&quot;},{&quot;image_src&quot;:&quot;https:\\\/\\\/www.greenpeace.org\\\/static\\\/planet4-slovakia-stateless\\\/2019\\\/11\\\/afd75e82-gp0sttutb.jpg&quot;,&quot;image_srcset&quot;:false,&quot;image_sizes&quot;:false,&quot;alt_text&quot;:&quot;Frying Earth Action in Bratislava. \\u00a9 Greenpeace&quot;,&quot;caption&quot;:&quot;&quot;,&quot;focus_image&quot;:&quot;65% 62%&quot;,&quot;credits&quot;:&quot;\\u00a9 Greenpeace&quot;}]}}\"><\/div><div data-render=\"planet4-blocks\/columns\" data-attributes=\"{&quot;attributes&quot;:{&quot;columns_block_style&quot;:&quot;image&quot;,&quot;columns_title&quot;:&quot;Pozri si na\\u0161e kampane&quot;,&quot;className&quot;:&quot;is-style-image&quot;,&quot;columns_description&quot;:&quot;&quot;,&quot;columns&quot;:[{&quot;attachment&quot;:&quot;https:\\\/\\\/www.greenpeace.org\\\/static\\\/planet4-slovakia-stateless\\\/2018\\\/10\\\/d9f1b57c-consumption-f7fb64f4-gp0str6il_pressmedia-510x340.jpg&quot;,&quot;title&quot;:&quot;#Spotreba&quot;,&quot;cta_link&quot;:&quot;http:\\\/\\\/www.greenpeace.org\\\/slovakia\\\/tag\\\/spotreba\\\/&quot;,&quot;attachment_srcset&quot;:&quot;https:\\\/\\\/www.greenpeace.org\\\/static\\\/planet4-slovakia-stateless\\\/2018\\\/10\\\/d9f1b57c-consumption-f7fb64f4-gp0str6il_pressmedia-510x340.jpg 510w, https:\\\/\\\/www.greenpeace.org\\\/static\\\/planet4-slovakia-stateless\\\/2018\\\/10\\\/d9f1b57c-consumption-f7fb64f4-gp0str6il_pressmedia-300x200.jpg 300w, https:\\\/\\\/www.greenpeace.org\\\/static\\\/planet4-slovakia-stateless\\\/2018\\\/10\\\/d9f1b57c-consumption-f7fb64f4-gp0str6il_pressmedia-768x512.jpg 768w, https:\\\/\\\/www.greenpeace.org\\\/static\\\/planet4-slovakia-stateless\\\/2018\\\/10\\\/d9f1b57c-consumption-f7fb64f4-gp0str6il_pressmedia-1024x683.jpg 1024w, https:\\\/\\\/www.greenpeace.org\\\/static\\\/planet4-slovakia-stateless\\\/2018\\\/10\\\/d9f1b57c-consumption-f7fb64f4-gp0str6il_pressmedia-2048x1366.jpg 2048w&quot;},{&quot;attachment&quot;:&quot;https:\\\/\\\/www.greenpeace.org\\\/static\\\/planet4-slovakia-stateless\\\/2019\\\/11\\\/667d8767-gp0sto9zi.jpg&quot;,&quot;title&quot;:&quot;#Energia&quot;,&quot;cta_link&quot;:&quot;http:\\\/\\\/www.greenpeace.org\\\/slovakia\\\/tag\\\/energia\\\/&quot;,&quot;attachment_srcset&quot;:false},{&quot;attachment&quot;:&quot;https:\\\/\\\/www.greenpeace.org\\\/static\\\/planet4-slovakia-stateless\\\/2019\\\/11\\\/640d8505-gp03bim.jpg&quot;,&quot;title&quot;:&quot;#Toxick\\u00e9L\\u00e1tky&quot;,&quot;cta_link&quot;:&quot;http:\\\/\\\/www.greenpeace.org\\\/slovakia\\\/tag\\\/toxickelatky\\\/&quot;,&quot;attachment_srcset&quot;:false},{&quot;attachment&quot;:&quot;https:\\\/\\\/www.greenpeace.org\\\/static\\\/planet4-slovakia-stateless\\\/2019\\\/11\\\/24694ad9-gp0sttutr.jpg&quot;,&quot;title&quot;:&quot;#Klimatick\\u00e1Kr\\u00edza&quot;,&quot;cta_link&quot;:&quot;http:\\\/\\\/www.greenpeace.org\\\/slovakia\\\/tag\\\/klimatickakriza\\\/&quot;,&quot;attachment_srcset&quot;:false}]}}\"><\/div>\n    <div class=\"wp-block-query posts-list p4-query-loop is-custom-layout-list is-layout-flow wp-block-query-is-layout-flow\">\n        <div class=\"wp-block-group is-content-justification-space-between is-layout-flex wp-container-core-group-is-layout-cfe5ce44 wp-block-group-is-layout-flex\"><h2 class=\"wp-block-heading\">S\u00favisiace \u010dl\u00e1nky<\/h2>\n        <li class=\"wp-block-navigation-item see-all-link wp-block-navigation-link\"><a class=\"wp-block-navigation-item__content\"  href=\"http:\/\/www.greenpeace.org\/slovakia\/news-stories\/?tag=klimatickakriza\"><span data-ga-category=\"Posts List\" data-ga-action=\"See More Link\" data-ga-label=\"n\/a\" class=\"wp-block-navigation-item__label\">See all stories<\/span><\/a><\/li>\n        \n        <\/div>\n        \n\n    <p class=\"wp-block-paragraph\" style=\"margin-top: 24px; margin-bottom: 36px;\"><\/p>\n\n    \n\n    <ul class=\"wp-block-post-template is-layout-flow wp-block-post-template-is-layout-flow\"><li class=\"wp-block-post post-10579 post type-post status-publish format-standard has-post-thumbnail hentry category-greenpeace tag-energetickespolocenstva tag-klimatickakriza p4-page-type-tlacova-sprava\">\n            \n<div class=\"wp-block-columns is-layout-flex wp-container-core-columns-is-layout-8f761849 wp-block-columns-is-layout-flex\"><figure class=\"wp-block-post-featured-image\"><a href=\"https:\/\/www.greenpeace.org\/slovakia\/tlacova-sprava\/10579\/sucho-je-prirodna-katastrofa-vlada-riesi-len-nasledky-a-odmieta-sa-podielat-na-rieseni-priciny\/\" target=\"_self\"  ><img loading=\"lazy\" decoding=\"async\" data-ga-category=\"Posts List\" data-ga-action=\"Image\" data-ga-label=\"n\/a\" width=\"2560\" height=\"1705\" src=\"https:\/\/www.greenpeace.org\/static\/planet4-slovakia-stateless\/2026\/09\/5f338ba1-oko-scaled.jpg\" class=\"attachment-post-thumbnail size-post-thumbnail wp-post-image wp-stateless-item\" alt=\"Sucho je pr\u00edrodn\u00e1 katastrofa, vl\u00e1da rie\u0161i len n\u00e1sledky a odmieta sa podie\u013ea\u0165 na rie\u0161en\u00ed pr\u00ed\u010diny.\" style=\"object-fit:cover;\" srcset=\"https:\/\/www.greenpeace.org\/static\/planet4-slovakia-stateless\/2026\/09\/5f338ba1-oko-scaled.jpg 2560w, https:\/\/www.greenpeace.org\/static\/planet4-slovakia-stateless\/2026\/09\/5f338ba1-oko-300x200.jpg 300w, https:\/\/www.greenpeace.org\/static\/planet4-slovakia-stateless\/2026\/09\/5f338ba1-oko-1024x682.jpg 1024w, https:\/\/www.greenpeace.org\/static\/planet4-slovakia-stateless\/2026\/09\/5f338ba1-oko-768x512.jpg 768w, https:\/\/www.greenpeace.org\/static\/planet4-slovakia-stateless\/2026\/09\/5f338ba1-oko-1536x1023.jpg 1536w, https:\/\/www.greenpeace.org\/static\/planet4-slovakia-stateless\/2026\/09\/5f338ba1-oko-2048x1364.jpg 2048w, https:\/\/www.greenpeace.org\/static\/planet4-slovakia-stateless\/2026\/09\/5f338ba1-oko-510x340.jpg 510w\" sizes=\"auto, (max-width: 2560px) 100vw, 2560px\" data-image-size=\"post-thumbnail\" data-stateless-media-bucket=\"planet4-slovakia-stateless\" data-stateless-media-name=\"2026\/09\/5f338ba1-oko-scaled.jpg\" \/><\/a><\/figure>\n\n        <div class=\"wp-block-group is-layout-flow wp-block-group-is-layout-flow\">\n                <div class=\"wp-block-group is-layout-flex wp-block-group-is-layout-flex\"><div class=\"wp-block-post-terms\"><a data-ga-category=\"Posts List\" data-ga-action=\"Post Type Tag\" data-ga-label=\"n\/a\" href=\"https:\/\/www.greenpeace.org\/slovakia\/category\/greenpeace\/\">Greenpeace<\/a><\/div>\n                <div class=\"taxonomy-post_tag wp-block-post-terms\"><a data-ga-category=\"Posts List\" data-ga-action=\"Navigation Tag\" data-ga-label=\"n\/a\" href=\"https:\/\/www.greenpeace.org\/slovakia\/tag\/energetickespolocenstva\/\" rel=\"tag\">Energetick\u00e9 spolo\u010denstv\u00e1<\/a><span class=\"wp-block-post-terms__separator\"> <\/span><a data-ga-category=\"Posts List\" data-ga-action=\"Navigation Tag\" data-ga-label=\"n\/a\" href=\"https:\/\/www.greenpeace.org\/slovakia\/tag\/klimatickakriza\/\" rel=\"tag\">Klimatick\u00e1Kr\u00edza<\/a><\/div>\n                \n                <\/div>\n                \n        <h3 class=\"wp-block-post-title\"><a data-ga-category=\"Posts List\" data-ga-action=\"Title\" data-ga-label=\"n\/a\" href=\"https:\/\/www.greenpeace.org\/slovakia\/tlacova-sprava\/10579\/sucho-je-prirodna-katastrofa-vlada-riesi-len-nasledky-a-odmieta-sa-podielat-na-rieseni-priciny\/\" target=\"_self\" >Sucho je pr\u00edrodn\u00e1 katastrofa, vl\u00e1da rie\u0161i len n\u00e1sledky a odmieta sa podie\u013ea\u0165 na rie\u0161en\u00ed pr\u00ed\u010diny.<\/a><\/h3>\n        <div class=\"wp-block-post-excerpt\"><p class=\"wp-block-post-excerpt__excerpt\">Vl\u00e1da ods\u00fahlasila alok\u00e1ciu 30 mili\u00f3nov eur na pokrytie \u0161k\u00f4d, ktor\u00e9 po\u013enohospod\u00e1rom sp\u00f4sobilo sucho, najm\u00e4 v kontexte zn\u00ed\u017eenej \u00farody, vy\u0161\u0161\u00edch prev\u00e1dzkov\u00fdch n\u00e1kladov a n\u00e1kladov spojen\u00fdch s nedostatkom krmiva pre chovn\u00e9 zvierat\u00e1.&hellip; <\/p><\/div>\n        \n        <div class=\"wp-block-group posts-list-meta is-layout-flow wp-block-group-is-layout-flow\"><span class='article-list-item-author'>Mirka \u00c1belov\u00e1<\/span>\n        <div class=\"wp-block-post-date\"><time datetime=\"2026-09-03T09:32:45+02:00\">3 septembra, 2026<\/time><\/div>\n        \n        <\/div>\n        <\/div>\n        <\/div>\n\n            <\/li><li class=\"wp-block-post post-10567 post type-post status-publish format-standard has-post-thumbnail hentry category-energeticke-spolocenstva tag-klimatickakriza tag-energia tag-spotreba tag-energetickespolocenstva p4-page-type-tlacova-sprava\">\n            \n<div class=\"wp-block-columns is-layout-flex wp-container-core-columns-is-layout-8f761849 wp-block-columns-is-layout-flex\"><figure class=\"wp-block-post-featured-image\"><a href=\"https:\/\/www.greenpeace.org\/slovakia\/tlacova-sprava\/10567\/sucho-ako-novy-normal-nasa-krajina-nan-vsak-nie-je-pripravena-varuje-greenpeace-slovensko\/\" target=\"_self\"  ><img loading=\"lazy\" decoding=\"async\" data-ga-category=\"Posts List\" data-ga-action=\"Image\" data-ga-label=\"n\/a\" width=\"2560\" height=\"1705\" src=\"https:\/\/www.greenpeace.org\/static\/planet4-slovakia-stateless\/2026\/08\/e04c0088-laborec-scaled.jpg\" class=\"attachment-post-thumbnail size-post-thumbnail wp-post-image wp-stateless-item\" alt=\"Sucho ako nov\u00fd norm\u00e1l. Na\u0161a krajina na\u0148 v\u0161ak nie je pripraven\u00e1, varuje Greenpeace Slovensko.\" style=\"object-fit:cover;\" srcset=\"https:\/\/www.greenpeace.org\/static\/planet4-slovakia-stateless\/2026\/08\/e04c0088-laborec-scaled.jpg 2560w, https:\/\/www.greenpeace.org\/static\/planet4-slovakia-stateless\/2026\/08\/e04c0088-laborec-300x200.jpg 300w, https:\/\/www.greenpeace.org\/static\/planet4-slovakia-stateless\/2026\/08\/e04c0088-laborec-1024x682.jpg 1024w, https:\/\/www.greenpeace.org\/static\/planet4-slovakia-stateless\/2026\/08\/e04c0088-laborec-768x512.jpg 768w, https:\/\/www.greenpeace.org\/static\/planet4-slovakia-stateless\/2026\/08\/e04c0088-laborec-1536x1023.jpg 1536w, https:\/\/www.greenpeace.org\/static\/planet4-slovakia-stateless\/2026\/08\/e04c0088-laborec-2048x1364.jpg 2048w, https:\/\/www.greenpeace.org\/static\/planet4-slovakia-stateless\/2026\/08\/e04c0088-laborec-510x340.jpg 510w\" sizes=\"auto, (max-width: 2560px) 100vw, 2560px\" data-image-size=\"post-thumbnail\" data-stateless-media-bucket=\"planet4-slovakia-stateless\" data-stateless-media-name=\"2026\/08\/e04c0088-laborec-scaled.jpg\" \/><\/a><\/figure>\n\n        <div class=\"wp-block-group is-layout-flow wp-block-group-is-layout-flow\">\n                <div class=\"wp-block-group is-layout-flex wp-block-group-is-layout-flex\"><div class=\"wp-block-post-terms\"><a data-ga-category=\"Posts List\" data-ga-action=\"Post Type Tag\" data-ga-label=\"n\/a\" href=\"https:\/\/www.greenpeace.org\/slovakia\/category\/issues\/energeticke-spolocenstva\/\">Energetick\u00e9 spolo\u010denstv\u00e1<\/a><\/div>\n                <div class=\"taxonomy-post_tag wp-block-post-terms\"><a data-ga-category=\"Posts List\" data-ga-action=\"Navigation Tag\" data-ga-label=\"n\/a\" href=\"https:\/\/www.greenpeace.org\/slovakia\/tag\/klimatickakriza\/\" rel=\"tag\">Klimatick\u00e1Kr\u00edza<\/a><span class=\"wp-block-post-terms__separator\"> <\/span><a data-ga-category=\"Posts List\" data-ga-action=\"Navigation Tag\" data-ga-label=\"n\/a\" href=\"https:\/\/www.greenpeace.org\/slovakia\/tag\/energia\/\" rel=\"tag\">Energia<\/a><span class=\"wp-block-post-terms__separator\"> <\/span><a data-ga-category=\"Posts List\" data-ga-action=\"Navigation Tag\" data-ga-label=\"n\/a\" href=\"https:\/\/www.greenpeace.org\/slovakia\/tag\/spotreba\/\" rel=\"tag\">Spotreba<\/a><span class=\"wp-block-post-terms__separator\"> <\/span><a data-ga-category=\"Posts List\" data-ga-action=\"Navigation Tag\" data-ga-label=\"n\/a\" href=\"https:\/\/www.greenpeace.org\/slovakia\/tag\/energetickespolocenstva\/\" rel=\"tag\">Energetick\u00e9 spolo\u010denstv\u00e1<\/a><\/div>\n                \n                <\/div>\n                \n        <h3 class=\"wp-block-post-title\"><a data-ga-category=\"Posts List\" data-ga-action=\"Title\" data-ga-label=\"n\/a\" href=\"https:\/\/www.greenpeace.org\/slovakia\/tlacova-sprava\/10567\/sucho-ako-novy-normal-nasa-krajina-nan-vsak-nie-je-pripravena-varuje-greenpeace-slovensko\/\" target=\"_self\" >Sucho ako nov\u00fd norm\u00e1l. Na\u0161a krajina na\u0148 v\u0161ak nie je pripraven\u00e1, varuje Greenpeace Slovensko.<\/a><\/h3>\n        <div class=\"wp-block-post-excerpt\"><p class=\"wp-block-post-excerpt__excerpt\">Slovensko vysych\u00e1 aj v rokoch, ke\u010f pr\u0161\u00ed norm\u00e1lne. Vinn\u00edkom nie je ch\u00fdbaj\u00faci d\u00e1\u017e\u010f, ale sm\u00e4dn\u00faca atmosf\u00e9ra. Vypl\u00fdva to z najnov\u0161ej anal\u00fdzy, ktor\u00fa pre Greenpeace Slovensko vypracoval Region\u00e1lny klimatologick\u00fd in\u0161tit\u00fat.&nbsp; <\/p><\/div>\n        \n        <div class=\"wp-block-group posts-list-meta is-layout-flow wp-block-group-is-layout-flow\"><span class='article-list-item-author'>Mirka \u00c1belov\u00e1<\/span>\n        <div class=\"wp-block-post-date\"><time datetime=\"2026-08-19T12:39:02+02:00\">19 augusta, 2026<\/time><\/div>\n        \n        <\/div>\n        <\/div>\n        <\/div>\n\n            <\/li><li class=\"wp-block-post post-10563 post type-post status-publish format-standard has-post-thumbnail hentry category-uncategorized tag-klimatickakriza tag-energia tag-spotreba p4-page-type-tlacova-sprava\">\n            \n<div class=\"wp-block-columns is-layout-flex wp-container-core-columns-is-layout-8f761849 wp-block-columns-is-layout-flex\"><figure class=\"wp-block-post-featured-image\"><a href=\"https:\/\/www.greenpeace.org\/slovakia\/tlacova-sprava\/10563\/greenpeace-sa-zapaja-do-boja-proti-nord-stream-k-navratu-ruskeho-plynu-do-europy-nesmie-dojst\/\" target=\"_self\"  ><img loading=\"lazy\" decoding=\"async\" data-ga-category=\"Posts List\" data-ga-action=\"Image\" data-ga-label=\"n\/a\" width=\"800\" height=\"533\" src=\"https:\/\/www.greenpeace.org\/static\/planet4-slovakia-stateless\/2026\/08\/44c4a95b-gp1sx7gn_low-res-with-credit-line-800px.jpg\" class=\"attachment-post-thumbnail size-post-thumbnail wp-post-image wp-stateless-item\" alt=\"Greenpeace sa zap\u00e1ja do boja proti Nord Stream: \u201eK n\u00e1vratu rusk\u00e9ho plynu do Eur\u00f3py nesmie d\u00f4js\u0165.\u201c\" style=\"object-fit:cover;\" srcset=\"https:\/\/www.greenpeace.org\/static\/planet4-slovakia-stateless\/2026\/08\/44c4a95b-gp1sx7gn_low-res-with-credit-line-800px.jpg 800w, https:\/\/www.greenpeace.org\/static\/planet4-slovakia-stateless\/2026\/08\/44c4a95b-gp1sx7gn_low-res-with-credit-line-800px-300x200.jpg 300w, https:\/\/www.greenpeace.org\/static\/planet4-slovakia-stateless\/2026\/08\/44c4a95b-gp1sx7gn_low-res-with-credit-line-800px-768x512.jpg 768w, https:\/\/www.greenpeace.org\/static\/planet4-slovakia-stateless\/2026\/08\/44c4a95b-gp1sx7gn_low-res-with-credit-line-800px-510x340.jpg 510w\" sizes=\"auto, (max-width: 800px) 100vw, 800px\" data-image-size=\"post-thumbnail\" data-stateless-media-bucket=\"planet4-slovakia-stateless\" data-stateless-media-name=\"2026\/08\/44c4a95b-gp1sx7gn_low-res-with-credit-line-800px.jpg\" \/><\/a><\/figure>\n\n        <div class=\"wp-block-group is-layout-flow wp-block-group-is-layout-flow\">\n                <div class=\"wp-block-group is-layout-flex wp-block-group-is-layout-flex\"><div class=\"wp-block-post-terms\"><a data-ga-category=\"Posts List\" data-ga-action=\"Post Type Tag\" data-ga-label=\"n\/a\" href=\"https:\/\/www.greenpeace.org\/slovakia\/category\/uncategorized\/\">Uncategorized<\/a><\/div>\n                <div class=\"taxonomy-post_tag wp-block-post-terms\"><a data-ga-category=\"Posts List\" data-ga-action=\"Navigation Tag\" data-ga-label=\"n\/a\" href=\"https:\/\/www.greenpeace.org\/slovakia\/tag\/klimatickakriza\/\" rel=\"tag\">Klimatick\u00e1Kr\u00edza<\/a><span class=\"wp-block-post-terms__separator\"> <\/span><a data-ga-category=\"Posts List\" data-ga-action=\"Navigation Tag\" data-ga-label=\"n\/a\" href=\"https:\/\/www.greenpeace.org\/slovakia\/tag\/energia\/\" rel=\"tag\">Energia<\/a><span class=\"wp-block-post-terms__separator\"> <\/span><a data-ga-category=\"Posts List\" data-ga-action=\"Navigation Tag\" data-ga-label=\"n\/a\" href=\"https:\/\/www.greenpeace.org\/slovakia\/tag\/spotreba\/\" rel=\"tag\">Spotreba<\/a><\/div>\n                \n                <\/div>\n                \n        <h3 class=\"wp-block-post-title\"><a data-ga-category=\"Posts List\" data-ga-action=\"Title\" data-ga-label=\"n\/a\" href=\"https:\/\/www.greenpeace.org\/slovakia\/tlacova-sprava\/10563\/greenpeace-sa-zapaja-do-boja-proti-nord-stream-k-navratu-ruskeho-plynu-do-europy-nesmie-dojst\/\" target=\"_self\" >Greenpeace sa zap\u00e1ja do boja proti Nord Stream: \u201eK n\u00e1vratu rusk\u00e9ho plynu do Eur\u00f3py nesmie d\u00f4js\u0165.\u201c<\/a><\/h3>\n        <div class=\"wp-block-post-excerpt\"><p class=\"wp-block-post-excerpt__excerpt\">Greenpeace podnik\u00e1 pr\u00e1vne kroky proti snah\u00e1m o obnovenie dovozu rusk\u00e9ho plynu do E\u00da. V stredu 5. augusta organiz\u00e1cia podala n\u00e1vrh na vstup do konania pred S\u00fadnym dvorom Eur\u00f3pskej \u00fanie, ktor\u00e9&hellip; <\/p><\/div>\n        \n        <div class=\"wp-block-group posts-list-meta is-layout-flow wp-block-group-is-layout-flow\"><span class='article-list-item-author'>Mirka \u00c1belov\u00e1<\/span>\n        <div class=\"wp-block-post-date\"><time datetime=\"2026-08-17T14:07:46+02:00\">17 augusta, 2026<\/time><\/div>\n        \n        <\/div>\n        <\/div>\n        <\/div>\n\n            <\/li><\/ul>\n\n    \n<div class=\"wp-block-buttons carousel-controls is-horizontal is-content-justification-space-between is-nowrap is-layout-flex wp-container-core-buttons-is-layout-358af4b1 wp-block-buttons-is-layout-flex\">\n            <div class=\"wp-block-button carousel-control-prev\"><button type=\"button\" class=\"wp-block-button__link wp-element-button\">Prev<\/button><\/div>\n        \n\n            <div class=\"wp-block-button carousel-control-next\"><button type=\"button\" class=\"wp-block-button__link wp-element-button\">Next<\/button><\/div>\n        <\/div>\n\n\n    <li class=\"wp-block-navigation-item see-all-link wp-block-navigation-link\"><a class=\"wp-block-navigation-item__content\"  href=\"http:\/\/www.greenpeace.org\/slovakia\/news-stories\/?tag=klimatickakriza\"><span data-ga-category=\"Posts List\" data-ga-action=\"See More Link\" data-ga-label=\"n\/a\" class=\"wp-block-navigation-item__label\">See all stories<\/span><\/a><\/li><\/div>\n    <div data-render=\"planet4-blocks\/happypoint\" data-attributes=\"{&quot;attributes&quot;:{&quot;focus_image&quot;:&quot;50% 50%&quot;,&quot;opacity&quot;:40,&quot;mailing_list_iframe&quot;:true,&quot;id&quot;:15,&quot;override_default_content&quot;:false,&quot;local_content_provider&quot;:&quot;none&quot;}}\"><\/div>","protected":false},"excerpt":{"rendered":"<p>Sp\u00f4sob, ak\u00fdm pristupujeme k jedinej plan\u00e9te, na ktorej vieme \u017ei\u0165, je alarmuj\u00faci. <\/p>\n","protected":false},"author":1,"featured_media":920,"parent":11,"menu_order":0,"comment_status":"closed","ping_status":"closed","template":"","meta":{"ep_exclude_from_search":false,"p4_hide_page_title_checkbox":"","p4_title":"","p4_subtitle":"","p4_description":"","background_image_id":"","background_image":"","p4_button_title":"","p4_button_link":"","p4_button_link_checkbox":"","p4_og_title":"","p4_og_description":"","p4_og_image":"","p4_og_image_id":"","p4_seo_canonical_url":"","p4_campaign_name":"not set","p4_local_project":"","p4_basket_name":"not set","p4_department":"","footnotes":""},"categories":[3],"tags":[6,18,19,22,23],"class_list":["post-54","page","type-page","status-publish","has-post-thumbnail","hentry","category-zmen","tag-klimatickakriza","tag-energia","tag-jedlo","tag-toxickelatky","tag-spotreba"],"_links":{"self":[{"href":"https:\/\/www.greenpeace.org\/slovakia\/wp-json\/wp\/v2\/pages\/54","targetHints":{"allow":["GET"]}}],"collection":[{"href":"https:\/\/www.greenpeace.org\/slovakia\/wp-json\/wp\/v2\/pages"}],"about":[{"href":"https:\/\/www.greenpeace.org\/slovakia\/wp-json\/wp\/v2\/types\/page"}],"author":[{"embeddable":true,"href":"https:\/\/www.greenpeace.org\/slovakia\/wp-json\/wp\/v2\/users\/1"}],"replies":[{"embeddable":true,"href":"https:\/\/www.greenpeace.org\/slovakia\/wp-json\/wp\/v2\/comments?post=54"}],"version-history":[{"count":20,"href":"https:\/\/www.greenpeace.org\/slovakia\/wp-json\/wp\/v2\/pages\/54\/revisions"}],"predecessor-version":[{"id":10525,"href":"https:\/\/www.greenpeace.org\/slovakia\/wp-json\/wp\/v2\/pages\/54\/revisions\/10525"}],"up":[{"embeddable":true,"href":"https:\/\/www.greenpeace.org\/slovakia\/wp-json\/wp\/v2\/pages\/11"}],"wp:featuredmedia":[{"embeddable":true,"href":"https:\/\/www.greenpeace.org\/slovakia\/wp-json\/wp\/v2\/media\/920"}],"wp:attachment":[{"href":"https:\/\/www.greenpeace.org\/slovakia\/wp-json\/wp\/v2\/media?parent=54"}],"wp:term":[{"taxonomy":"category","embeddable":true,"href":"https:\/\/www.greenpeace.org\/slovakia\/wp-json\/wp\/v2\/categories?post=54"},{"taxonomy":"post_tag","embeddable":true,"href":"https:\/\/www.greenpeace.org\/slovakia\/wp-json\/wp\/v2\/tags?post=54"}],"curies":[{"name":"wp","href":"https:\/\/api.w.org\/{rel}","templated":true}]}}