{"id":963,"date":"2019-11-21T16:11:15","date_gmt":"2019-11-21T15:11:15","guid":{"rendered":"https:\/\/master.k8s.p4.greenpeace.org\/slovakia\/?page_id=963"},"modified":"2024-03-26T12:45:50","modified_gmt":"2024-03-26T11:45:50","slug":"autorske-prava","status":"publish","type":"page","link":"https:\/\/www.greenpeace.org\/slovakia\/autorske-prava\/","title":{"rendered":"Autorsk\u00e9 pr\u00e1va"},"content":{"rendered":"\n                    <div class=\"wp-block-group is-vertical is-layout-flex wp-container-core-group-is-layout-8cf370e7 wp-block-group-is-layout-flex\">\n                    \n                                <p><span style=\"font-weight: 400\">Greenpeace International jednozna\u010dne podporuje kop\u00edrovanie a \u0161\u00edrenie svojich materi\u00e1lov, elektronick\u00fdch produktov \u010di slu\u017eieb zah\u0155\u0148aj\u00facich na\u0161e meno a logo. Ich pou\u017eitie v\u0161ak nie je neobmedzen\u00e9, a preto odpor\u00fa\u010dame obozn\u00e1mi\u0165 sa s nasleduj\u00facimi z\u00e1kladn\u00fdmi pravidlami.<\/span><\/p>\n                            \n\n                    \n                    <\/div>\n                    \n<h3 class=\"wp-block-heading\"><strong>V\u0161eobecn\u00e9<\/strong><\/h3>\n\n<p>&nbsp;V\u0161etky materi\u00e1ly zverejnen\u00e9 na str\u00e1nke <a href=\"http:\/\/www.greenpeace.org\/\">http:\/\/www.greenpeace.org\/<\/a> je mo\u017en\u00e9 neobmedzene vyu\u017e\u00edva\u0165 na osobn\u00e9 a vzdel\u00e1vacie \u00fa\u010dely. Ak potrebujete pou\u017ei\u0165 screenshoty do u\u010debn\u00edc alebo si skop\u00edrova\u0165 \u010dl\u00e1nok do let\u00e1kov pre svoju komunitu, netreba sa n\u00e1s na ni\u010d p\u00fdta\u0165 \u2013 za predpokladu, \u017ee ste si pre\u010d\u00edtali na\u0161e pravidl\u00e1 a riadite sa nimi.<\/p>\n\n<p>Vyslovene v\u0161ak zakazujeme pou\u017eitie ak\u00e9hoko\u013evek materi\u00e1lu poch\u00e1dzaj\u00faceho od organiz\u00e1cie Greenpeace, jej mena ani loga na:<\/p>\n\n<ul class=\"wp-block-list\"><li>osobn\u00fd alebo pr\u00e1vnick\u00fd zisk, okrem ni\u017e\u0161ie uveden\u00fdch v\u00fdnimiek;<\/li><li>propag\u00e1ciu politickej strany alebo \u010do i len n\u00e1znak toho, \u017ee Greenpeace podporuje ak\u00e9hoko\u013evek politick\u00e9ho kandid\u00e1ta<\/li><li>ak\u00fdko\u013evek n\u00e1znak toho, \u017ee Greenpeace podporuje produkt alebo politiku, pri\u010dom Greenpeace svoju podporu jasne nevyslovil<\/li><li>ak\u00fdko\u013evek n\u00e1znak toho, \u017ee Greenpeace podporuje alebo je spojen\u00fd s webstr\u00e1nkami neleg\u00e1lneho alebo inak ne\u017eiaduceho charakteru, t.j. str\u00e1nky nemravn\u00e9, obsahuj\u00face n\u00e1siln\u00fd, netolerantn\u00fd, o\u010dier\u0148uj\u00faci alebo sexu\u00e1lne orientovan\u00fd obsah<\/li><li>ak\u00fako\u013evek nepravdiv\u00fa reprezent\u00e1ciu seba ako slu\u017ebu, zamestnanca, z\u00e1stupcu alebo ofici\u00e1lneho hovorcu organiz\u00e1cie Greenpeace; \u010di nepravdiv\u00e9 inform\u00e1cie o vyberan\u00ed pe\u0148az\u00ed alebo darov pre Greenpeace<\/li><\/ul>\n\n<h3 class=\"wp-block-heading\"><strong>Odkazy na na\u0161u webstr\u00e1nku<\/strong><\/h3>\n\n<p>\tVe\u013emi n\u00e1s te\u0161\u00ed, ke\u010f na n\u00e1s odkazujete a pom\u00e1hate s osvetou o na\u0161ich kampaniach pre \u017eivotn\u00e9 prostredie. Nepotrebujete na to povolenie, m\u00f4\u017eete kedyko\u013evek vo\u013ene odkazova\u0165 na na\u0161u str\u00e1nku alebo jej podstr\u00e1nky.<br><\/p>\n\n<h3 class=\"wp-block-heading\"><strong>Logo Greenpeace<\/strong><\/h3>\n\n<p>\t,,Greenpeace\u201d spolu s logom Greenpeace je medzin\u00e1rodne registrovanou ochrannou zn\u00e1mkou patriacou v\u00fdboru Stichting Greenpeace Council. Pou\u017eitie tejto zn\u00e1mky je povolen\u00e9 pod nasleduj\u00facimi podmienkami:<\/p>\n\n<ul class=\"wp-block-list\"><li>pou\u017e\u00edva sa \u010disto na referen\u010dn\u00e9, nie komer\u010dn\u00e9 \u00fa\u010dely<\/li><li>nepou\u017e\u00edvate n\u00e1zov a\/alebo logo sp\u00f4sobom, ktor\u00fd by nazna\u010doval alebo vyvol\u00e1val dojem, \u017ee Greenpeace podporuje, sponzoruje alebo je inak spojen\u00fd s produktmi \u010di slu\u017ebami poskytovan\u00fdmi va\u0161ou vlastnou str\u00e1nkou<\/li><li>transparenty s n\u00e1zvom a\/alebo logom Greenpeace m\u00f4\u017eu by\u0165 pou\u017eit\u00e9 len s cie\u013eom odk\u00e1za\u0165 na webov\u00fa str\u00e1nku organiz\u00e1cie Greenpeace spolu s pripojen\u00fdm odkazom, ktor\u00fd by v\u017edy mal by\u0165 funk\u010dn\u00fd<\/li><li>n\u00e1zov a\/alebo logo sa nekombinuje s in\u00fdmi grafick\u00fdmi prvkami; nijak sa nemen\u00ed jeho p\u00edsmo, design, rozlo\u017eenie, farby ani in\u00e9 jeho \u010dasti; nem\u00f4\u017eu sa animova\u0165, skres\u013eova\u0165, jednoducho nijak meni\u0165 ich vzh\u013ead<\/li><li>n\u00e1zov a\/alebo logo nie s\u00fa v\u00fdraznej\u0161ie ne\u017e n\u00e1zov va\u0161ej osobnej str\u00e1nky<\/li><\/ul>\n\n<p>V pr\u00edpade pou\u017eitia loga na va\u0161ej str\u00e1nke \u017eiadame aj o vidite\u013en\u00e9 ozna\u010denie ,,Ochrann\u00e1 zn\u00e1mka v\u00fdboru Stichting Greenpeace Council\u201d.<\/p>\n\n<p>Ochrann\u00e1 zn\u00e1mka je vlastn\u00edctvom v\u00fdlu\u010dne organiz\u00e1cie Greenpeace International a jej pou\u017eit\u00edm s\u00fahlas\u00edte s t\u00fdm, \u017ee si ju nen\u00e1rokujete, nepok\u00fa\u0161ate sa o to, ani ju nijak nespochyb\u0148ujete.<\/p>\n\n<h3 class=\"wp-block-heading\"><strong>\u010cl\u00e1nky a text<\/strong><\/h3>\n\n<p>\t\u010cl\u00e1nky a texty poch\u00e1dzaj\u00face od organiz\u00e1cie Greenpeace International s\u00fa k dispoz\u00edcii pre vo\u013en\u00e9 \u0161\u00edrenie na osobn\u00e9 a vzdel\u00e1vacie \u00fa\u010dely. Pri cit\u00e1ci\u00e1ch \u010di parafr\u00e1zovan\u00ed v\u00e1s v\u0161ak pros\u00edme o uvedenie zdroja \u2013 ,,Zdroj: Greenpeace \u2013&nbsp; <a href=\"http:\/\/www.greenpeace.org\/\">http:\/\/www.greenpeace.org\/<\/a>slovakia).<\/p>\n\n<p> \u010cl\u00e1nky a texty poch\u00e1dzaj\u00face od tretej strany na\u010falej zost\u00e1vaj\u00fa du\u0161evn\u00fdm vlastn\u00edctvom tretej strany a platia ich autorsk\u00e9 pr\u00e1va. V pr\u00edpade z\u00e1ujmu o \u0161\u00edrenie dan\u00fdch materi\u00e1lov je nutn\u00e9 vyp\u00fdta\u0165 si od tretej strany povolenie.<\/p>\n\n<h3 class=\"wp-block-heading\"><strong>Fotografie a obr\u00e1zky<\/strong><\/h3>\n\n<p>\tAk sa v popise sn\u00edmky ani vodoznaku nenach\u00e1dza inform\u00e1cia o autorsk\u00fdch pr\u00e1vach, jej p\u00f4vod sa d\u00e1 n\u00e1js\u0165 jednoducho \u2013 kliknut\u00edm na sn\u00edmku prav\u00fdm tla\u010didlom a v\u00fdberom mo\u017enosti ,,Presk\u00fama\u0165\u201d alebo ,,Zobrazi\u0165 inform\u00e1cie\u201d.<\/p>\n\n<p>\t\u00a9 \u2013 v\u0161etky pr\u00e1va vyhraden\u00e9 osobe alebo organiz\u00e1cii uvedenej. V\u00fdznam ostatn\u00fdch symbolov alebo licenci\u00ed a pr\u00e1va z nich vypl\u00fdvaj\u00face m\u00f4\u017eete n\u00e1js\u0165 tu.<\/p>\n\n<p>\tPre z\u00edskanie pr\u00edstupu k materi\u00e1lom na stiahnutie alebo ot\u00e1zkam oh\u013eadom autorsk\u00fdch pr\u00e1v nav\u0161t\u00edvte media.greenpeace.org<\/p>\n\n<p>\tPri akomko\u013evek inom pou\u017eit\u00ed (napr\u00edklad pre osobn\u00fd \u010di pr\u00e1vnick\u00fd zisk) sa vy\u017eaduje povolenie od Media Library Greenpeace International. Komer\u010dn\u00e9 pou\u017eitie sn\u00edmky od organiz\u00e1cie Greenpeace bez povolenia by znamenalo poru\u0161enie a nedodr\u017eanie autorsk\u00fdch aj \u010fal\u0161\u00edch pr\u00e1v.<\/p>\n\n<p> Sn\u00edmky do tla\u010de v skop\u00edrovanej kvalite (ve\u013ekos\u0165 cca 8 megabytov), ktor\u00e9 dod\u00e1va&nbsp; Greenpeace \u017eurnalistom a agent\u00faram, je povolen\u00e9 pou\u017ei\u0165 v obdob\u00ed \u0161trn\u00e1stich dn\u00ed a je pr\u00edsne zak\u00e1zan\u00e9 archivova\u0165 alebo ich \u010falej pred\u00e1va\u0165. Po \u0161trn\u00e1stich d\u0148och n\u00e1s, pros\u00edm, kontaktujte pre udelenie opr\u00e1vnenia.<\/p>\n\n<h3 class=\"wp-block-heading\"><strong>Vide\u00e1<\/strong><\/h3>\n\n<p>\tPou\u017eitie vide\u00ed je povolen\u00e9 pod rovnak\u00fdmi podmienkami ako pou\u017eitie in\u00fdch materi\u00e1lov. Neprehliadnite v\u0161ak to, \u017ee s\u0165ahovanie niektor\u00fdch na\u0161ich vide\u00ed nie je mo\u017en\u00e9.<br><\/p>\n","protected":false},"excerpt":{"rendered":"<p>Greenpeace International jednozna\u010dne podporuje kop\u00edrovanie a \u0161\u00edrenie svojich materi\u00e1lov, elektronick\u00fdch produktov \u010di slu\u017eieb zah\u0155\u0148aj\u00facich na\u0161e meno a logo. Ich pou\u017eitie v\u0161ak nie je neobmedzen\u00e9, a preto odpor\u00fa\u010dame obozn\u00e1mi\u0165 sa s nasleduj\u00facimi z\u00e1kladn\u00fdmi pravidlami. V\u0161eobecn\u00e9 &nbsp;V\u0161etky materi\u00e1ly zverejnen\u00e9 na str\u00e1nke http:\/\/www.greenpeace.org\/ je mo\u017en\u00e9 neobmedzene vyu\u017e\u00edva\u0165 na osobn\u00e9 a vzdel\u00e1vacie \u00fa\u010dely. Ak potrebujete pou\u017ei\u0165 screenshoty do u\u010debn\u00edc [&hellip;]<\/p>\n","protected":false},"author":1,"featured_media":0,"parent":0,"menu_order":0,"comment_status":"closed","ping_status":"closed","template":"page-templates\/evergreen.php","meta":{"ep_exclude_from_search":false,"p4_hide_page_title_checkbox":"","p4_title":"","p4_subtitle":"","p4_description":"","background_image_id":"","background_image":"","p4_button_title":"","p4_button_link":"","p4_button_link_checkbox":"","p4_og_title":"","p4_og_description":"","p4_og_image":"","p4_og_image_id":"","p4_seo_canonical_url":"","p4_campaign_name":"not set","p4_local_project":"","p4_basket_name":"not set","p4_department":"","footnotes":""},"categories":[],"tags":[13],"class_list":["post-963","page","type-page","status-publish","hentry","tag-onas"],"_links":{"self":[{"href":"https:\/\/www.greenpeace.org\/slovakia\/wp-json\/wp\/v2\/pages\/963","targetHints":{"allow":["GET"]}}],"collection":[{"href":"https:\/\/www.greenpeace.org\/slovakia\/wp-json\/wp\/v2\/pages"}],"about":[{"href":"https:\/\/www.greenpeace.org\/slovakia\/wp-json\/wp\/v2\/types\/page"}],"author":[{"embeddable":true,"href":"https:\/\/www.greenpeace.org\/slovakia\/wp-json\/wp\/v2\/users\/1"}],"replies":[{"embeddable":true,"href":"https:\/\/www.greenpeace.org\/slovakia\/wp-json\/wp\/v2\/comments?post=963"}],"version-history":[{"count":3,"href":"https:\/\/www.greenpeace.org\/slovakia\/wp-json\/wp\/v2\/pages\/963\/revisions"}],"predecessor-version":[{"id":5624,"href":"https:\/\/www.greenpeace.org\/slovakia\/wp-json\/wp\/v2\/pages\/963\/revisions\/5624"}],"wp:attachment":[{"href":"https:\/\/www.greenpeace.org\/slovakia\/wp-json\/wp\/v2\/media?parent=963"}],"wp:term":[{"taxonomy":"category","embeddable":true,"href":"https:\/\/www.greenpeace.org\/slovakia\/wp-json\/wp\/v2\/categories?post=963"},{"taxonomy":"post_tag","embeddable":true,"href":"https:\/\/www.greenpeace.org\/slovakia\/wp-json\/wp\/v2\/tags?post=963"}],"curies":[{"name":"wp","href":"https:\/\/api.w.org\/{rel}","templated":true}]}}