{"id":13,"date":"2018-05-08T14:32:59","date_gmt":"2018-05-08T14:32:59","guid":{"rendered":"https:\/\/k8s.p4.greenpeace.org\/defaultcontent\/?page_id=13"},"modified":"2026-03-06T08:32:30","modified_gmt":"2026-03-06T07:32:30","slug":"home","status":"publish","type":"page","link":"https:\/\/www.greenpeace.org\/slovenia\/","title":{"rendered":"Home"},"content":{"rendered":"\n<div class=\"wp-block-group is-layout-constrained wp-block-group-is-layout-constrained\">\n<div data-hydrate=\"planet4-blocks\/carousel-header\" data-attributes=\"{&quot;carousel_autoplay&quot;:true,&quot;slides&quot;:[{&quot;image&quot;:52945,&quot;focal_points&quot;:{&quot;x&quot;:0.68,&quot;y&quot;:0.5},&quot;header&quot;:&quot;Podpri nas z donacijo&quot;,&quot;description&quot;:&quot;\u0160tevilni ljudje \u0161e vedno ne vedo, da imamo pri Greenpeaceu eno strogo pravilo - ne sprejemamo donacij od korporacij ali politi\u010dnih strank! Na\u0161e delo omogo\u010dajo donacije, ki jih prispevajo osebe, kot si ti.&quot;,&quot;link_text&quot;:&quot;Doniraj&quot;,&quot;link_url&quot;:&quot;https:\/\/podpiram.greenpeace.si\/donacija\/&quot;,&quot;link_url_new_tab&quot;:false,&quot;image_url&quot;:&quot;https:\/\/www.greenpeace.org\/static\/planet4-slovenia-stateless\/2025\/08\/8bffbadb-donate.jpg&quot;,&quot;image_srcset&quot;:&quot;https:\/\/www.greenpeace.org\/static\/planet4-slovenia-stateless\/2025\/08\/8bffbadb-donate-150x150.jpg 150w,https:\/\/www.greenpeace.org\/static\/planet4-slovenia-stateless\/2025\/08\/8bffbadb-donate-300x104.jpg 300w,https:\/\/www.greenpeace.org\/static\/planet4-slovenia-stateless\/2025\/08\/8bffbadb-donate-1024x355.jpg 1024w,https:\/\/www.greenpeace.org\/static\/planet4-slovenia-stateless\/2025\/08\/8bffbadb-donate.jpg 1500w&quot;},{&quot;image&quot;:52944,&quot;focal_points&quot;:{&quot;x&quot;:0.64,&quot;y&quot;:0.52},&quot;header&quot;:&quot;Podarite 1 % dohodnine&quot;,&quot;description&quot;:&quot;Dele\u017e dohodnine lahko vsako leto donirate v dobrodelne namene. Gre za odlo\u010ditev, ki vam ne predstavlja nikakr\u0161nega dodatnega finan\u010dnega bremena. Narava pa dobi darilo, ki ga resni\u010dno potrebuje.&quot;,&quot;link_text&quot;:&quot;Podarim&quot;,&quot;link_url&quot;:&quot;https:\/\/act.greenpeace.si\/podarite-1-procent-dohodnine&quot;,&quot;link_url_new_tab&quot;:true,&quot;image_url&quot;:&quot;https:\/\/www.greenpeace.org\/static\/planet4-slovenia-stateless\/2025\/08\/ed9b6938-si-fr-tax-ads-blog-banner.jpg&quot;,&quot;image_srcset&quot;:&quot;https:\/\/www.greenpeace.org\/static\/planet4-slovenia-stateless\/2025\/08\/ed9b6938-si-fr-tax-ads-blog-banner-150x150.jpg 150w,https:\/\/www.greenpeace.org\/static\/planet4-slovenia-stateless\/2025\/08\/ed9b6938-si-fr-tax-ads-blog-banner-300x104.jpg 300w,https:\/\/www.greenpeace.org\/static\/planet4-slovenia-stateless\/2025\/08\/ed9b6938-si-fr-tax-ads-blog-banner-1024x355.jpg 1024w,https:\/\/www.greenpeace.org\/static\/planet4-slovenia-stateless\/2025\/08\/ed9b6938-si-fr-tax-ads-blog-banner.jpg 1500w&quot;},{&quot;image&quot;:52984,&quot;focal_points&quot;:{&quot;x&quot;:0.6,&quot;y&quot;:0.32},&quot;header&quot;:&quot;Prijavi se na prejemanje obvestil&quot;,&quot;description&quot;:&quot;Greenpeace smo ljudje, ljudje kot ti - in skupaj smo nepremagljivi! Vpi\u0161i svoje podatke in po\u0161iljali ti bomo redna obvestila o akcijah in informacije o kampanjah.&quot;,&quot;link_text&quot;:&quot;Prijavi se&quot;,&quot;link_url&quot;:&quot;https:\/\/www.greenpeace.org\/slovenia\/#hs-form-iframe-0&quot;,&quot;link_url_new_tab&quot;:false,&quot;image_url&quot;:&quot;https:\/\/www.greenpeace.org\/static\/planet4-slovenia-stateless\/2025\/08\/16df4227-signup.jpg&quot;,&quot;image_srcset&quot;:&quot;https:\/\/www.greenpeace.org\/static\/planet4-slovenia-stateless\/2025\/08\/16df4227-signup-150x150.jpg 150w,https:\/\/www.greenpeace.org\/static\/planet4-slovenia-stateless\/2025\/08\/16df4227-signup-300x104.jpg 300w,https:\/\/www.greenpeace.org\/static\/planet4-slovenia-stateless\/2025\/08\/16df4227-signup-1024x355.jpg 1024w,https:\/\/www.greenpeace.org\/static\/planet4-slovenia-stateless\/2025\/08\/16df4227-signup.jpg 1500w&quot;},{&quot;image&quot;:78950,&quot;focal_points&quot;:{&quot;x&quot;:0.48,&quot;y&quot;:0.61},&quot;header&quot;:&quot;Posvoji (morsko) \u017eival&quot;,&quot;description&quot;:&quot;Poi\u0161\u010dite svoje najljub\u0161e morsko bitje, ga poimenujte in posvojite za vedno! S posvojitvijo postanete Greenpeaceov donator in prispevate h kampanjam za za\u0161\u010dito oceanov! Skupaj lahko za\u0161\u010ditimo oceane!&quot;,&quot;link_text&quot;:&quot;Posvoji \u017eival&quot;,&quot;link_url&quot;:&quot;https:\/\/podpiram.greenpeace.si\/posvoji-zival\/&quot;,&quot;link_url_new_tab&quot;:true,&quot;image_url&quot;:&quot;https:\/\/www.greenpeace.org\/static\/planet4-slovenia-stateless\/2026\/02\/c3b88629-web_header_posvoji-zival.jpg&quot;,&quot;image_srcset&quot;:&quot;https:\/\/www.greenpeace.org\/static\/planet4-slovenia-stateless\/2026\/02\/c3b88629-web_header_posvoji-zival-150x150.jpg 150w,https:\/\/www.greenpeace.org\/static\/planet4-slovenia-stateless\/2026\/02\/c3b88629-web_header_posvoji-zival-300x169.jpg 300w,https:\/\/www.greenpeace.org\/static\/planet4-slovenia-stateless\/2026\/02\/c3b88629-web_header_posvoji-zival-1024x576.jpg 1024w,https:\/\/www.greenpeace.org\/static\/planet4-slovenia-stateless\/2026\/02\/c3b88629-web_header_posvoji-zival.jpg 1920w&quot;}],&quot;currentImageIndex&quot;:3,&quot;className&quot;:&quot;wp-block-planet4-blocks-carousel-header is-style-default&quot;}\"><section class=\"block block-header alignfull carousel-header wp-block-planet4-blocks-carousel-header is-style-default\"><div class=\"carousel-wrapper-header\"><ul class=\"carousel-inner\" role=\"listbox\"><li class=\"carousel-item active\" tabindex=\"0\" role=\"tabpanel\" aria-label=\"Text goes here!\"><div class=\"carousel-item-mask\"><div class=\"background-holder\"><img decoding=\"async\" src=\"https:\/\/www.greenpeace.org\/static\/planet4-slovenia-stateless\/2025\/08\/8bffbadb-donate.jpg\" style=\"object-position:68% 50%\" srcSet=\"https:\/\/www.greenpeace.org\/static\/planet4-slovenia-stateless\/2025\/08\/8bffbadb-donate-150x150.jpg 150w,https:\/\/www.greenpeace.org\/static\/planet4-slovenia-stateless\/2025\/08\/8bffbadb-donate-300x104.jpg 300w,https:\/\/www.greenpeace.org\/static\/planet4-slovenia-stateless\/2025\/08\/8bffbadb-donate-1024x355.jpg 1024w,https:\/\/www.greenpeace.org\/static\/planet4-slovenia-stateless\/2025\/08\/8bffbadb-donate.jpg 1500w\"\/><\/div><div class=\"carousel-caption\"><div class=\"caption-overlay\"><\/div><div class=\"container main-header\"><div class=\"carousel-captions-wrapper\"><h2>Podpri nas z donacijo<\/h2><p>\u0160tevilni ljudje \u0161e vedno ne vedo, da imamo pri Greenpeaceu eno strogo pravilo &#8211; ne sprejemamo donacij od korporacij ali politi\u010dnih strank! Na\u0161e delo omogo\u010dajo donacije, ki jih prispevajo osebe, kot si ti.<\/p><\/div><div class=\"col-xs-12 col-sm-8 col-md-4 action-button\"><a href=\"https:\/\/podpiram.greenpeace.si\/donacija\/\" class=\"btn btn-primary\" data-ga-category=\"Carousel Header\" data-ga-action=\"Call to Action\" tabindex=\"0\"><span>Doniraj<\/span><\/a><\/div><\/div><\/div><\/div><\/li><li class=\"carousel-item \" tabindex=\"-1\" role=\"tabpanel\" aria-label=\"Text goes here!\"><div class=\"carousel-item-mask\"><div class=\"background-holder\"><img decoding=\"async\" src=\"https:\/\/www.greenpeace.org\/static\/planet4-slovenia-stateless\/2025\/08\/ed9b6938-si-fr-tax-ads-blog-banner.jpg\" style=\"object-position:64% 52%\" srcSet=\"https:\/\/www.greenpeace.org\/static\/planet4-slovenia-stateless\/2025\/08\/ed9b6938-si-fr-tax-ads-blog-banner-150x150.jpg 150w,https:\/\/www.greenpeace.org\/static\/planet4-slovenia-stateless\/2025\/08\/ed9b6938-si-fr-tax-ads-blog-banner-300x104.jpg 300w,https:\/\/www.greenpeace.org\/static\/planet4-slovenia-stateless\/2025\/08\/ed9b6938-si-fr-tax-ads-blog-banner-1024x355.jpg 1024w,https:\/\/www.greenpeace.org\/static\/planet4-slovenia-stateless\/2025\/08\/ed9b6938-si-fr-tax-ads-blog-banner.jpg 1500w\"\/><\/div><div class=\"carousel-caption\"><div class=\"caption-overlay\"><\/div><div class=\"container main-header\"><div class=\"carousel-captions-wrapper\"><h2>Podarite 1 % dohodnine<\/h2><p>Dele\u017e dohodnine lahko vsako leto donirate v dobrodelne namene. Gre za odlo\u010ditev, ki vam ne predstavlja nikakr\u0161nega dodatnega finan\u010dnega bremena. Narava pa dobi darilo, ki ga resni\u010dno potrebuje.<\/p><\/div><div class=\"col-xs-12 col-sm-8 col-md-4 action-button\"><a href=\"https:\/\/act.greenpeace.si\/podarite-1-procent-dohodnine\" class=\"btn btn-primary\" data-ga-category=\"Carousel Header\" data-ga-action=\"Call to Action\" rel=\"noreferrer noopener\" target=\"_blank\" tabindex=\"-1\"><span>Podarim<\/span><\/a><\/div><\/div><\/div><\/div><\/li><li class=\"carousel-item \" tabindex=\"-1\" role=\"tabpanel\" aria-label=\"Text goes here!\"><div class=\"carousel-item-mask\"><div class=\"background-holder\"><img decoding=\"async\" src=\"https:\/\/www.greenpeace.org\/static\/planet4-slovenia-stateless\/2025\/08\/16df4227-signup.jpg\" style=\"object-position:60% 32%\" srcSet=\"https:\/\/www.greenpeace.org\/static\/planet4-slovenia-stateless\/2025\/08\/16df4227-signup-150x150.jpg 150w,https:\/\/www.greenpeace.org\/static\/planet4-slovenia-stateless\/2025\/08\/16df4227-signup-300x104.jpg 300w,https:\/\/www.greenpeace.org\/static\/planet4-slovenia-stateless\/2025\/08\/16df4227-signup-1024x355.jpg 1024w,https:\/\/www.greenpeace.org\/static\/planet4-slovenia-stateless\/2025\/08\/16df4227-signup.jpg 1500w\"\/><\/div><div class=\"carousel-caption\"><div class=\"caption-overlay\"><\/div><div class=\"container main-header\"><div class=\"carousel-captions-wrapper\"><h2>Prijavi se na prejemanje obvestil<\/h2><p>Greenpeace smo ljudje, ljudje kot ti &#8211; in skupaj smo nepremagljivi! Vpi\u0161i svoje podatke in po\u0161iljali ti bomo redna obvestila o akcijah in informacije o kampanjah.<\/p><\/div><div class=\"col-xs-12 col-sm-8 col-md-4 action-button\"><a href=\"https:\/\/www.greenpeace.org\/slovenia\/#hs-form-iframe-0\" class=\"btn btn-primary\" data-ga-category=\"Carousel Header\" data-ga-action=\"Call to Action\" tabindex=\"-1\"><span>Prijavi se<\/span><\/a><\/div><\/div><\/div><\/div><\/li><li class=\"carousel-item \" tabindex=\"-1\" role=\"tabpanel\" aria-label=\"Text goes here!\"><div class=\"carousel-item-mask\"><div class=\"background-holder\"><img decoding=\"async\" src=\"https:\/\/www.greenpeace.org\/static\/planet4-slovenia-stateless\/2026\/02\/c3b88629-web_header_posvoji-zival.jpg\" style=\"object-position:48% 61%\" srcSet=\"https:\/\/www.greenpeace.org\/static\/planet4-slovenia-stateless\/2026\/02\/c3b88629-web_header_posvoji-zival-150x150.jpg 150w,https:\/\/www.greenpeace.org\/static\/planet4-slovenia-stateless\/2026\/02\/c3b88629-web_header_posvoji-zival-300x169.jpg 300w,https:\/\/www.greenpeace.org\/static\/planet4-slovenia-stateless\/2026\/02\/c3b88629-web_header_posvoji-zival-1024x576.jpg 1024w,https:\/\/www.greenpeace.org\/static\/planet4-slovenia-stateless\/2026\/02\/c3b88629-web_header_posvoji-zival.jpg 1920w\"\/><\/div><div class=\"carousel-caption\"><div class=\"caption-overlay\"><\/div><div class=\"container main-header\"><div class=\"carousel-captions-wrapper\"><h2>Posvoji (morsko) \u017eival<\/h2><p>Poi\u0161\u010dite svoje najljub\u0161e morsko bitje, ga poimenujte in posvojite za vedno! S posvojitvijo postanete Greenpeaceov donator in prispevate h kampanjam za za\u0161\u010dito oceanov! Skupaj lahko za\u0161\u010ditimo oceane!<\/p><\/div><div class=\"col-xs-12 col-sm-8 col-md-4 action-button\"><a href=\"https:\/\/podpiram.greenpeace.si\/posvoji-zival\/\" class=\"btn btn-primary\" data-ga-category=\"Carousel Header\" data-ga-action=\"Call to Action\" rel=\"noreferrer noopener\" target=\"_blank\" tabindex=\"-1\"><span>Posvoji \u017eival<\/span><\/a><\/div><\/div><\/div><\/div><\/li><\/ul><\/div><button class=\"carousel-control-prev\" aria-label=\"Go to previous slide\"><span class=\"carousel-control-prev-icon\" aria-hidden=\"true\"><i><\/i><\/span><span class=\"visually-hidden\">Previous<\/span><\/button><button class=\"carousel-control-next\" aria-label=\"Go to next slide\"><span class=\"carousel-control-next-icon\" aria-hidden=\"true\"><i><\/i><\/span><span class=\"visually-hidden\">Next<\/span><\/button><div class=\"carousel-indicators-wrapper\"><div class=\"container\"><ol class=\"carousel-indicators\" tabindex=\"-1\"><li class=\"active\"><button tabindex=\"0\" aria-label=\"Go to slide 1\" aria-current=\"true\"><\/button><\/li><li><button tabindex=\"0\" aria-label=\"Go to slide 2\"><\/button><\/li><li><button tabindex=\"0\" aria-label=\"Go to slide 3\"><\/button><\/li><li><button tabindex=\"0\" aria-label=\"Go to slide 4\"><\/button><\/li><\/ol><button aria-label=\"Stop Slider\" class=\"carousel-autoplay-control stop\"><\/button><\/div><\/div><\/section><\/div>\n<\/div>\n\n<div class=\"wp-block-query posts-list p4-query-loop is-custom-layout-list is-layout-flow wp-block-query-is-layout-flow\">\n<div class=\"wp-block-group is-content-justification-space-between is-layout-flex wp-container-core-group-is-layout-3d213aab wp-block-group-is-layout-flex\">\n<h2 class=\"wp-block-heading\">Zadnje objave<\/h2>\n\n\n<li class=\" wp-block-navigation-item see-all-link wp-block-navigation-link\"><a class=\"wp-block-navigation-item__content\"  href=\"http:\/\/www.greenpeace.org\/slovenia\/news-stories\/\"><span class=\"wp-block-navigation-item__label\">See all stories<\/span><\/a><\/li><\/div>\n\n\n\n<p style=\"margin-top:24px;margin-bottom:36px\"><\/p>\n\n\n\n\n<ul class=\"wp-block-post-template is-layout-flow wp-block-post-template-is-layout-flow\"><li class=\"wp-block-post post-79113 post type-post status-publish format-standard has-post-thumbnail hentry category-energetika tag-obnovljivivirienergije\">\n\n<div class=\"wp-block-columns is-layout-flex wp-container-core-columns-is-layout-9d6595d7 wp-block-columns-is-layout-flex\"><figure class=\"wp-block-post-featured-image\"><a href=\"https:\/\/www.greenpeace.org\/slovenia\/blog\/79113\/svet-na-razpotju-odvisnost-ali-svoboda\/\" target=\"_self\"  ><img loading=\"lazy\" decoding=\"async\" width=\"600\" height=\"460\" src=\"https:\/\/www.greenpeace.org\/static\/planet4-slovenia-stateless\/2026\/04\/f5bb59ba-vlecenje-vrvi.jpg\" class=\"attachment-post-thumbnail size-post-thumbnail wp-post-image wp-stateless-item\" alt=\"Svet na razpotju: odvisnost ali svoboda?\" style=\"object-fit:cover;\" srcset=\"https:\/\/www.greenpeace.org\/static\/planet4-slovenia-stateless\/2026\/04\/f5bb59ba-vlecenje-vrvi.jpg 600w, https:\/\/www.greenpeace.org\/static\/planet4-slovenia-stateless\/2026\/04\/f5bb59ba-vlecenje-vrvi-300x230.jpg 300w, https:\/\/www.greenpeace.org\/static\/planet4-slovenia-stateless\/2026\/04\/f5bb59ba-vlecenje-vrvi-443x340.jpg 443w\" sizes=\"auto, (max-width: 600px) 100vw, 600px\" data-image-size=\"post-thumbnail\" data-stateless-media-bucket=\"planet4-slovenia-stateless\" data-stateless-media-name=\"2026\/04\/f5bb59ba-vlecenje-vrvi.jpg\" \/><\/a><\/figure>\n\n\n<div class=\"wp-block-group is-layout-flow wp-block-group-is-layout-flow\">\n<div class=\"wp-block-group is-layout-flex wp-block-group-is-layout-flex\"><div class=\"wp-block-post-terms\"><a href=\"https:\/\/www.greenpeace.org\/slovenia\/category\/teme\/energetika\/\">Energetika<\/a><\/div>\n\n<div class=\"taxonomy-post_tag wp-block-post-terms\"><a href=\"https:\/\/www.greenpeace.org\/slovenia\/tag\/obnovljivivirienergije\/\" rel=\"tag\">Obnovljivi viri energije<\/a><\/div><\/div>\n\n\n<h3 class=\"wp-block-post-title\"><a href=\"https:\/\/www.greenpeace.org\/slovenia\/blog\/79113\/svet-na-razpotju-odvisnost-ali-svoboda\/\" target=\"_self\" >Svet na razpotju: odvisnost ali svoboda?<\/a><\/h3>\n\n<div class=\"wp-block-post-excerpt\"><p class=\"wp-block-post-excerpt__excerpt\">Slovenija in Evropa sta \u0161e vedno mo\u010dno odvisni od uvo\u017eenih fosilnih goriv, kar nas izpostavlja geopoliti\u010dnim in ekonomskim tveganjem. \u010clanek razkriva, kako kratkoro\u010dne re\u0161itve ne odpravijo temeljne ranljivosti in zakaj je prehod na doma\u010de obnovljive vire klju\u010d do energetske avtonomije, trajnosti in stabilnosti. <\/p><\/div>\n\n\n<div class=\"wp-block-group posts-list-meta is-layout-flow wp-block-group-is-layout-flow\"><span class='article-list-item-author'>Nina \u0160tros, Greenpeace<\/span>\n\n<div class=\"wp-block-post-date\"><time datetime=\"2026-04-07T12:35:11+02:00\">7 aprila, 2026<\/time><\/div><\/div>\n<\/div>\n<\/div>\n\n<\/li><li class=\"wp-block-post post-79081 post type-post status-publish format-standard has-post-thumbnail hentry category-narava tag-gozdovi p4-page-type-blog\">\n\n<div class=\"wp-block-columns is-layout-flex wp-container-core-columns-is-layout-9d6595d7 wp-block-columns-is-layout-flex\"><figure class=\"wp-block-post-featured-image\"><a href=\"https:\/\/www.greenpeace.org\/slovenia\/blog\/79081\/stanje-gozdov-v-evropi\/\" target=\"_self\"  ><img loading=\"lazy\" decoding=\"async\" width=\"1280\" height=\"720\" src=\"https:\/\/www.greenpeace.org\/static\/planet4-slovenia-stateless\/2026\/04\/78672c6c-forest-blog-thumbnail.jpg\" class=\"attachment-post-thumbnail size-post-thumbnail wp-post-image wp-stateless-item\" alt=\"Stanje gozdov v Evropi\" style=\"object-fit:cover;\" srcset=\"https:\/\/www.greenpeace.org\/static\/planet4-slovenia-stateless\/2026\/04\/78672c6c-forest-blog-thumbnail.jpg 1280w, https:\/\/www.greenpeace.org\/static\/planet4-slovenia-stateless\/2026\/04\/78672c6c-forest-blog-thumbnail-300x169.jpg 300w, https:\/\/www.greenpeace.org\/static\/planet4-slovenia-stateless\/2026\/04\/78672c6c-forest-blog-thumbnail-1024x576.jpg 1024w, https:\/\/www.greenpeace.org\/static\/planet4-slovenia-stateless\/2026\/04\/78672c6c-forest-blog-thumbnail-768x432.jpg 768w, https:\/\/www.greenpeace.org\/static\/planet4-slovenia-stateless\/2026\/04\/78672c6c-forest-blog-thumbnail-510x287.jpg 510w\" sizes=\"auto, (max-width: 1280px) 100vw, 1280px\" data-image-size=\"post-thumbnail\" data-stateless-media-bucket=\"planet4-slovenia-stateless\" data-stateless-media-name=\"2026\/04\/78672c6c-forest-blog-thumbnail.jpg\" \/><\/a><\/figure>\n\n\n<div class=\"wp-block-group is-layout-flow wp-block-group-is-layout-flow\">\n<div class=\"wp-block-group is-layout-flex wp-block-group-is-layout-flex\"><div class=\"wp-block-post-terms\"><a href=\"https:\/\/www.greenpeace.org\/slovenia\/category\/teme\/narava\/\">Narava<\/a><\/div>\n\n<div class=\"taxonomy-post_tag wp-block-post-terms\"><a href=\"https:\/\/www.greenpeace.org\/slovenia\/tag\/gozdovi\/\" rel=\"tag\">Gozdovi<\/a><\/div><\/div>\n\n\n<h3 class=\"wp-block-post-title\"><a href=\"https:\/\/www.greenpeace.org\/slovenia\/blog\/79081\/stanje-gozdov-v-evropi\/\" target=\"_self\" >Stanje gozdov v Evropi<\/a><\/h3>\n\n<div class=\"wp-block-post-excerpt\"><p class=\"wp-block-post-excerpt__excerpt\">Evropski gozdovi na prvi pogled delujejo kot zgodba o uspehu. Skoraj 40 % povr\u0161ine Evrope je pokrite z gozdovi, njihova skupna povr\u0161ina pa se je od leta 1990 celo pove\u010dala&hellip; <\/p><\/div>\n\n\n<div class=\"wp-block-group posts-list-meta is-layout-flow wp-block-group-is-layout-flow\"><span class='article-list-item-author'>Greenpeace Slovenija<\/span>\n\n<div class=\"wp-block-post-date\"><time datetime=\"2026-04-02T15:35:42+02:00\">2 aprila, 2026<\/time><\/div><\/div>\n<\/div>\n<\/div>\n\n<\/li><li class=\"wp-block-post post-78664 post type-post status-publish format-standard has-post-thumbnail hentry category-narava tag-oceani p4-page-type-blog\">\n\n<div class=\"wp-block-columns is-layout-flex wp-container-core-columns-is-layout-9d6595d7 wp-block-columns-is-layout-flex\"><figure class=\"wp-block-post-featured-image\"><a href=\"https:\/\/www.greenpeace.org\/slovenia\/blog\/78664\/morski-psi-izgubljajo-ostrino\/\" target=\"_self\"  ><img loading=\"lazy\" decoding=\"async\" width=\"1005\" height=\"630\" src=\"https:\/\/www.greenpeace.org\/static\/planet4-slovenia-stateless\/2025\/11\/89c12836-morski-psi-kmalu-brez-zob.jpg\" class=\"attachment-post-thumbnail size-post-thumbnail wp-post-image wp-stateless-item\" alt=\"Morski psi izgubljajo ostrino\" style=\"object-fit:cover;\" srcset=\"https:\/\/www.greenpeace.org\/static\/planet4-slovenia-stateless\/2025\/11\/89c12836-morski-psi-kmalu-brez-zob.jpg 1005w, https:\/\/www.greenpeace.org\/static\/planet4-slovenia-stateless\/2025\/11\/89c12836-morski-psi-kmalu-brez-zob-300x188.jpg 300w, https:\/\/www.greenpeace.org\/static\/planet4-slovenia-stateless\/2025\/11\/89c12836-morski-psi-kmalu-brez-zob-768x481.jpg 768w, https:\/\/www.greenpeace.org\/static\/planet4-slovenia-stateless\/2025\/11\/89c12836-morski-psi-kmalu-brez-zob-510x320.jpg 510w\" sizes=\"auto, (max-width: 1005px) 100vw, 1005px\" data-image-size=\"post-thumbnail\" data-stateless-media-bucket=\"planet4-slovenia-stateless\" data-stateless-media-name=\"2025\/11\/89c12836-morski-psi-kmalu-brez-zob.jpg\" \/><\/a><\/figure>\n\n\n<div class=\"wp-block-group is-layout-flow wp-block-group-is-layout-flow\">\n<div class=\"wp-block-group is-layout-flex wp-block-group-is-layout-flex\"><div class=\"wp-block-post-terms\"><a href=\"https:\/\/www.greenpeace.org\/slovenia\/category\/teme\/narava\/\">Narava<\/a><\/div>\n\n<div class=\"taxonomy-post_tag wp-block-post-terms\"><a href=\"https:\/\/www.greenpeace.org\/slovenia\/tag\/oceani\/\" rel=\"tag\">Oceani<\/a><\/div><\/div>\n\n\n<h3 class=\"wp-block-post-title\"><a href=\"https:\/\/www.greenpeace.org\/slovenia\/blog\/78664\/morski-psi-izgubljajo-ostrino\/\" target=\"_self\" >Morski psi izgubljajo ostrino<\/a><\/h3>\n\n<div class=\"wp-block-post-excerpt\"><p class=\"wp-block-post-excerpt__excerpt\">Dejstvo je, da morski psi nenehno izgubljajo in nadome\u0161\u010dajo svoje zobe \u2013 tako ohranjajo status najnevarnej\u0161ih plenilcev oceanov. A kaj se zgodi, ko za\u010dne voda, v kateri \u017eivijo, razjedati njihovo\u2026 <\/p><\/div>\n\n\n<div class=\"wp-block-group posts-list-meta is-layout-flow wp-block-group-is-layout-flow\"><span class='article-list-item-author'>Greenpeace Slovenija<\/span>\n\n<div class=\"wp-block-post-date\"><time datetime=\"2026-03-25T11:47:55+01:00\">25 marca, 2026<\/time><\/div><\/div>\n<\/div>\n<\/div>\n\n<\/li><\/ul>\n\n\n<div class=\"wp-block-buttons carousel-controls is-horizontal is-content-justification-space-between is-nowrap is-layout-flex wp-container-core-buttons-is-layout-044bd602 wp-block-buttons-is-layout-flex\">\n<div class=\"wp-block-button carousel-control-prev\"><button type=\"button\" class=\"wp-block-button__link wp-element-button\">Prev<\/button><\/div>\n\n\n\n<div class=\"wp-block-button carousel-control-next\"><button type=\"button\" class=\"wp-block-button__link wp-element-button\">Next<\/button><\/div>\n<\/div>\n\n\n<li class=\" wp-block-navigation-item see-all-link wp-block-navigation-link\"><a class=\"wp-block-navigation-item__content\"  href=\"http:\/\/www.greenpeace.org\/slovenia\/news-stories\/\"><span class=\"wp-block-navigation-item__label\">See all stories<\/span><\/a><\/li><\/div>\n\n<div style=\"overflow:hidden;position:relative;padding:2rem;margin:1rem;\">\n<img decoding=\"async\" style=\"object-position:50% 50%;opacity:0.3;object-fit:cover;position:absolute;left:0;top:0;height:100%;width:100%;filter:blur(2px);\" src=\"https:\/\/www.greenpeace.org\/static\/planet4-slovenia-stateless\/2019\/05\/8ff53dc7-gp0stripw.jpg\" alt=\"\"><div style=\"position:relative;\">\n<script charset=\"utf-8\" type=\"text\/javascript\" src=\"\/\/js-eu1.hsforms.net\/forms\/embed\/v2.js\"><\/script>\n<script>\n  hbspt.forms.create({\n    region: \"eu1\",\n    portalId: \"25233859\",\n    formId: \"8105464e-b946-4992-ba66-81ad334f9c3e\"\n  });\n<\/script>\n<\/div><\/div>\n<div data-render=\"planet4-blocks\/columns\" data-attributes=\"{&quot;attributes&quot;:{&quot;columns_block_style&quot;:&quot;icons&quot;,&quot;columns_title&quot;:&quot;Spoznaj nas&quot;,&quot;columns_description&quot;:&quot;&quot;,&quot;columns&quot;:[{&quot;title&quot;:&quot;O nas&quot;,&quot;description&quot;:&quot;Smo neodvisna globalna organizacija, ki preko kampanj, protestov in akcij zahtevamo re\\u0161itve, ki so nujne za pravi\\u010dno prihodnost nas in na\\u0161ih zanamcev.&quot;,&quot;attachment&quot;:&quot;https:\\\/\\\/storage.googleapis.com\\\/planet4-slovenia-stateless-develop\\\/2019\\\/02\\\/7c946cf0-history-2.png&quot;,&quot;cta_link&quot;:&quot;https:\\\/\\\/www.greenpeace.org\\\/slovenia\\\/o-nas\\\/&quot;,&quot;link_new_tab&quot;:false,&quot;attachment_srcset&quot;:false},{&quot;title&quot;:&quot;Greenpeace po svetu&quot;,&quot;description&quot;:&quot;Sto milijonov podpornikov, aktivistov in prostovoljcev se v ve\\u010d kot 55-ih dr\\u017eavah bori za zeleno in mirno prihodnosti za vse nas.&quot;,&quot;attachment&quot;:&quot;https:\\\/\\\/storage.googleapis.com\\\/planet4-slovenia-stateless-develop\\\/2019\\\/02\\\/62a54638-organisation-3.png&quot;,&quot;cta_link&quot;:&quot;https:\\\/\\\/www.greenpeace.org\\\/international\\\/explore\\\/about\\\/worldwide\\\/&quot;,&quot;link_new_tab&quot;:false,&quot;attachment_srcset&quot;:false},{&quot;title&quot;:&quot;Podpri na\\u0161e delo&quot;,&quot;description&quot;:&quot;Na\\u0161e delo je mogo\\u010de zaradi donacij ljudi, kot si ti in tako ohranjamo neodvisnost. Za svoje delovanje ne prejemamo sredstev EU, vlad, korporacij ali politi\\u010dnih strank. &quot;,&quot;attachment&quot;:&quot;https:\\\/\\\/storage.googleapis.com\\\/planet4-slovenia-stateless-develop\\\/2019\\\/02\\\/05c8e3a5-support-us-3.png&quot;,&quot;cta_link&quot;:&quot;https:\\\/\\\/cee.donate.greenpeace.org\\\/sl\\\/campaigns\\\/&quot;,&quot;link_new_tab&quot;:false,&quot;attachment_srcset&quot;:false},{&quot;title&quot;:&quot;Pravi\\u010dnost, raznolikost in vklju\\u010devanje&quot;,&quot;description&quot;:&quot;Greenpeace si prizadeva biti organizacija enakih mo\\u017enosti, ki zagotavlja skupnostno okolje s spo\\u0161tovanjem dostojanstva vsakega_e posameznika_ce.&quot;,&quot;attachment&quot;:&quot;https:\\\/\\\/storage.googleapis.com\\\/planet4-slovenia-stateless-develop\\\/2018\\\/09\\\/24ef8336-offices-150x150.png&quot;,&quot;cta_link&quot;:&quot;https:\\\/\\\/www.greenpeace.org\\\/slovenia\\\/izjava-o-pravicnosti-raznolikosti-in-vkljucevanju\\\/&quot;,&quot;link_new_tab&quot;:false,&quot;attachment_srcset&quot;:&quot;https:\\\/\\\/storage.googleapis.com\\\/planet4-slovenia-stateless-develop\\\/2018\\\/09\\\/24ef8336-offices-150x150.png 150w, https:\\\/\\\/storage.googleapis.com\\\/planet4-slovenia-stateless-develop\\\/2018\\\/09\\\/24ef8336-offices-300x300.png 300w, https:\\\/\\\/storage.googleapis.com\\\/planet4-slovenia-stateless-develop\\\/2018\\\/09\\\/24ef8336-offices-768x768.png 768w, https:\\\/\\\/storage.googleapis.com\\\/planet4-slovenia-stateless-develop\\\/2018\\\/09\\\/24ef8336-offices-340x340.png 340w, https:\\\/\\\/storage.googleapis.com\\\/planet4-slovenia-stateless-develop\\\/2018\\\/09\\\/24ef8336-offices.png 1000w&quot;}],&quot;className&quot;:&quot;is-style-icons&quot;}}\"><\/div>","protected":false},"excerpt":{"rendered":"","protected":false},"author":1,"featured_media":1812,"parent":0,"menu_order":0,"comment_status":"closed","ping_status":"closed","template":"","meta":{"ep_exclude_from_search":false,"p4_hide_page_title_checkbox":"","p4_title":"","p4_subtitle":"","p4_description":"","background_image_id":"","background_image":"","p4_button_title":"","p4_button_link":"","p4_button_link_checkbox":"","p4_og_title":"","p4_og_description":"","p4_og_image":"","p4_og_image_id":"","p4_seo_canonical_url":"","p4_campaign_name":"not set","p4_local_project":"not set","p4_basket_name":"not set","p4_department":"","footnotes":""},"categories":[],"tags":[27,56],"class_list":["post-13","page","type-page","status-publish","has-post-thumbnail","hentry","tag-greenpeace","tag-trajnostnamobilnost"],"_links":{"self":[{"href":"https:\/\/www.greenpeace.org\/slovenia\/wp-json\/wp\/v2\/pages\/13","targetHints":{"allow":["GET"]}}],"collection":[{"href":"https:\/\/www.greenpeace.org\/slovenia\/wp-json\/wp\/v2\/pages"}],"about":[{"href":"https:\/\/www.greenpeace.org\/slovenia\/wp-json\/wp\/v2\/types\/page"}],"author":[{"embeddable":true,"href":"https:\/\/www.greenpeace.org\/slovenia\/wp-json\/wp\/v2\/users\/1"}],"replies":[{"embeddable":true,"href":"https:\/\/www.greenpeace.org\/slovenia\/wp-json\/wp\/v2\/comments?post=13"}],"version-history":[{"count":19,"href":"https:\/\/www.greenpeace.org\/slovenia\/wp-json\/wp\/v2\/pages\/13\/revisions"}],"predecessor-version":[{"id":78953,"href":"https:\/\/www.greenpeace.org\/slovenia\/wp-json\/wp\/v2\/pages\/13\/revisions\/78953"}],"wp:featuredmedia":[{"embeddable":true,"href":"https:\/\/www.greenpeace.org\/slovenia\/wp-json\/wp\/v2\/media\/1812"}],"wp:attachment":[{"href":"https:\/\/www.greenpeace.org\/slovenia\/wp-json\/wp\/v2\/media?parent=13"}],"wp:term":[{"taxonomy":"category","embeddable":true,"href":"https:\/\/www.greenpeace.org\/slovenia\/wp-json\/wp\/v2\/categories?post=13"},{"taxonomy":"post_tag","embeddable":true,"href":"https:\/\/www.greenpeace.org\/slovenia\/wp-json\/wp\/v2\/tags?post=13"}],"curies":[{"name":"wp","href":"https:\/\/api.w.org\/{rel}","templated":true}]}}