{"id":2436,"date":"2019-11-18T13:06:51","date_gmt":"2019-11-18T12:06:51","guid":{"rendered":"https:\/\/www.greenpeace.org\/slovenia\/energetskeskupnosti\/"},"modified":"2025-09-23T12:07:10","modified_gmt":"2025-09-23T10:07:10","slug":"energetskeskupnosti","status":"publish","type":"page","link":"https:\/\/www.greenpeace.org\/slovenia\/energetskeskupnosti\/","title":{"rendered":"Energetske skupnosti"},"content":{"rendered":"\n<div class=\"wp-block-group is-vertical is-layout-flex wp-container-core-group-is-layout-8cf370e7 wp-block-group-is-layout-flex\">\n<figure class=\"wp-block-image size-full is-resized\"><img loading=\"lazy\" decoding=\"async\" width=\"1005\" height=\"630\" src=\"https:\/\/www.greenpeace.org\/static\/planet4-slovenia-stateless\/2025\/04\/631bccf0-zakaj-moramo-ustaviti-globokomorsko-rudarjenje-2.png\" alt=\"\" class=\"wp-image-52429\" style=\"width:587px;height:auto\" srcset=\"https:\/\/www.greenpeace.org\/static\/planet4-slovenia-stateless\/2025\/04\/631bccf0-zakaj-moramo-ustaviti-globokomorsko-rudarjenje-2.png 1005w, https:\/\/www.greenpeace.org\/static\/planet4-slovenia-stateless\/2025\/04\/631bccf0-zakaj-moramo-ustaviti-globokomorsko-rudarjenje-2-300x188.png 300w, https:\/\/www.greenpeace.org\/static\/planet4-slovenia-stateless\/2025\/04\/631bccf0-zakaj-moramo-ustaviti-globokomorsko-rudarjenje-2-768x481.png 768w, https:\/\/www.greenpeace.org\/static\/planet4-slovenia-stateless\/2025\/04\/631bccf0-zakaj-moramo-ustaviti-globokomorsko-rudarjenje-2-510x320.png 510w\" sizes=\"auto, (max-width: 1005px) 100vw, 1005px\" \/><\/figure>\n\n\n\n<p>Energetske skupnosti imajo pomembno vlogo pri vklju\u010devanju dr\u017eavljanov v energetski prehod in zagotavljajo resni\u010dno alternativo fosilnim gorivom, ne le z vidika obnovljivosti energenta, temve\u010d tudi z vidika spreminjanja dru\u017ebe.<br>To so skupine ljudi, ki jih povezuje skupen cilj \u2013 skupaj proizvajati energijo iz obnovljivih virov, v ve\u010dini primerov sonca in vetra.&nbsp;<strong>Energetske skupnosti krepijo lokalno gospodarstvo, saj vklju\u010dujejo tudi lokalna podjetja<\/strong>&nbsp;in zagotavljajo energetsko neodvisnost brez \u0161kode za okolje in podnebje. Poleg tega pa lahko imajo tudi izjemen dru\u017ebeni vpliv, saj veliko la\u017eje in neposredno naslavljajo energetsko rev\u0161\u010dino, kot centralno vodeni energetski sistemi.<\/p>\n<\/div>\n\n<h2 class=\"wp-block-heading\"><strong>Primeri dobre prakse:<\/strong><\/h2>\n\n<p><strong>Drugi primeri iz Slovenije:<\/strong><\/p>\n\n<ul class=\"wp-block-list\">\n<li><a href=\"https:\/\/focus.si\/v-energetsko-zadrugo-ob-podpori-focusa-tudi-na-igu\/\" target=\"_blank\" rel=\"noreferrer noopener\"><mark>Zadru\u017ena son\u010dna elektrarna Ig<\/mark><\/a><\/li>\n\n\n\n<li><a href=\"https:\/\/dovoljzavse.si\/praksa\/zadruga-soncnih-elektrarn-slovenije\/\" target=\"_blank\" rel=\"noreferrer noopener\"><mark>Zadruga Son\u010dnih elektrarn Slovenije<\/mark><\/a>&nbsp;<\/li>\n\n\n\n<li><a href=\"https:\/\/dovoljzavse.si\/praksa\/skupnostna-soncna-elektrarna-budanje\/\" target=\"_blank\" rel=\"noreferrer noopener\"><mark>Skupnostna son\u010dna elektrarna Budanje<\/mark><\/a><\/li>\n\n\n\n<li><a href=\"https:\/\/dovoljzavse.si\/praksa\/skupnostna-soncna-elektrarna-jesenice\/\" target=\"_blank\" rel=\"noreferrer noopener\"><mark>Skupnostna son\u010dna elektrarna Jesenice<\/mark><\/a><\/li>\n<\/ul>\n\n<p><strong>Primeri iz tujine:<\/strong><\/p>\n\n<ul class=\"wp-block-list\">\n<li><a href=\"https:\/\/www.viuredelaire.cat\/\" target=\"_blank\" rel=\"noreferrer noopener\"><mark>Skupnostna vetrna elektrarna Viure de l\u2019Aire, Katalonija<\/mark><\/a><\/li>\n\n\n\n<li><a href=\"https:\/\/www.ecopower.be\/\" target=\"_blank\" rel=\"noreferrer noopener\"><mark>Zadru\u017eni energetski projekti (veter in sonce) Ecopower, Belgija<\/mark><\/a><\/li>\n\n\n\n<li><a href=\"https:\/\/vilawatt.cat\/\" target=\"_blank\" rel=\"noreferrer noopener\"><mark>Skupnost Vilawatt, Katalonija<\/mark><\/a><\/li>\n\n\n\n<li><a href=\"https:\/\/www.zez.coop\/en\/\" target=\"_blank\" rel=\"noreferrer noopener\"><mark>Energetska zadruga ZEZ, Hrva\u0161ka<\/mark><\/a><\/li>\n<\/ul>\n\n<div class=\"wp-block-query posts-list p4-query-loop is-custom-layout-list is-layout-flow wp-block-query-is-layout-flow\">\n<div class=\"wp-block-group is-content-justification-space-between is-layout-flex wp-container-core-group-is-layout-3d213aab wp-block-group-is-layout-flex\">\n<h2 class=\"wp-block-heading\">Sorodni \u010dlanki<\/h2>\n\n\n<li class=\" wp-block-navigation-item see-all-link wp-block-navigation-link\"><a class=\"wp-block-navigation-item__content\"  href=\"https:\/\/www.greenpeace.org\/slovenia\/news-stories\/\"><span class=\"wp-block-navigation-item__label\">See all posts<\/span><\/a><\/li><\/div>\n\n\n\n<p style=\"margin-top:24px;margin-bottom:36px\"><\/p>\n\n\n\n\n<ul class=\"wp-block-post-template is-layout-flow wp-block-post-template-is-layout-flow\"><li class=\"wp-block-post post-50658 post type-post status-publish format-standard has-post-thumbnail hentry category-energetika category-teme tag-energetskeskupnosti tag-vetrnaenergija\">\n\n<div class=\"wp-block-columns is-layout-flex wp-container-core-columns-is-layout-9d6595d7 wp-block-columns-is-layout-flex\"><figure class=\"wp-block-post-featured-image\"><a href=\"https:\/\/www.greenpeace.org\/slovenia\/blog\/50658\/energetske-skupnosti-kljuc-do-energetske-revolucije\/\" target=\"_self\"  ><img loading=\"lazy\" decoding=\"async\" width=\"2560\" height=\"1707\" src=\"https:\/\/www.greenpeace.org\/static\/planet4-slovenia-stateless\/2024\/03\/ef93df6e-esp_mediatour_energycommunity_vilawatt_atmosphere_01032024_0070-scaled.jpg\" class=\"attachment-post-thumbnail size-post-thumbnail wp-post-image wp-stateless-item\" alt=\"Energetske skupnosti &#8211; klju\u010d do energetske revolucije!\" style=\"object-fit:cover;\" srcset=\"https:\/\/www.greenpeace.org\/static\/planet4-slovenia-stateless\/2024\/03\/ef93df6e-esp_mediatour_energycommunity_vilawatt_atmosphere_01032024_0070-scaled.jpg 2560w, https:\/\/www.greenpeace.org\/static\/planet4-slovenia-stateless\/2024\/03\/ef93df6e-esp_mediatour_energycommunity_vilawatt_atmosphere_01032024_0070-300x200.jpg 300w, https:\/\/www.greenpeace.org\/static\/planet4-slovenia-stateless\/2024\/03\/ef93df6e-esp_mediatour_energycommunity_vilawatt_atmosphere_01032024_0070-1024x683.jpg 1024w, https:\/\/www.greenpeace.org\/static\/planet4-slovenia-stateless\/2024\/03\/ef93df6e-esp_mediatour_energycommunity_vilawatt_atmosphere_01032024_0070-768x512.jpg 768w, https:\/\/www.greenpeace.org\/static\/planet4-slovenia-stateless\/2024\/03\/ef93df6e-esp_mediatour_energycommunity_vilawatt_atmosphere_01032024_0070-1536x1024.jpg 1536w, https:\/\/www.greenpeace.org\/static\/planet4-slovenia-stateless\/2024\/03\/ef93df6e-esp_mediatour_energycommunity_vilawatt_atmosphere_01032024_0070-2048x1366.jpg 2048w, https:\/\/www.greenpeace.org\/static\/planet4-slovenia-stateless\/2024\/03\/ef93df6e-esp_mediatour_energycommunity_vilawatt_atmosphere_01032024_0070-510x340.jpg 510w\" sizes=\"auto, (max-width: 2560px) 100vw, 2560px\" data-image-size=\"post-thumbnail\" data-stateless-media-bucket=\"planet4-slovenia-stateless\" data-stateless-media-name=\"2024\/03\/ef93df6e-esp_mediatour_energycommunity_vilawatt_atmosphere_01032024_0070-scaled.jpg\" \/><\/a><\/figure>\n\n\n<div class=\"wp-block-group is-layout-flow wp-block-group-is-layout-flow\">\n                <div class=\"wp-block-group is-layout-flex wp-block-group-is-layout-flex\"><div class=\"wp-block-post-terms\"><a href=\"https:\/\/www.greenpeace.org\/slovenia\/category\/teme\/energetika\/\">Energetika<\/a><\/div>\n                <div class=\"taxonomy-post_tag wp-block-post-terms\"><a href=\"https:\/\/www.greenpeace.org\/slovenia\/tag\/energetskeskupnosti\/\" rel=\"tag\">Energetske skupnosti<\/a><span class=\"wp-block-post-terms__separator\"> <\/span><a href=\"https:\/\/www.greenpeace.org\/slovenia\/tag\/vetrnaenergija\/\" rel=\"tag\">Vetrna energija<\/a><\/div>\n                \n                <\/div>\n                \n\n<h3 class=\"wp-block-post-title\"><a href=\"https:\/\/www.greenpeace.org\/slovenia\/blog\/50658\/energetske-skupnosti-kljuc-do-energetske-revolucije\/\" target=\"_self\" >Energetske skupnosti &#8211; klju\u010d do energetske revolucije!<\/a><\/h3>\n\n<div class=\"wp-block-post-excerpt\"><p class=\"wp-block-post-excerpt__excerpt\">Energetska revolucija se lahko zgodi samo z razpr\u0161eno proizvodnjo energije na na\u010din, da se daje mo\u017enost ljudem, da vlagajo lastna sredstva in uporabljajo proizvedeno elektri\u010dno energijo za lastne potrebe.\u00a0 <\/p><\/div>\n\n\n<div class=\"wp-block-group posts-list-meta is-layout-flow wp-block-group-is-layout-flow\"><span class='article-list-item-author'><a href='https:\/\/www.greenpeace.org\/slovenia\/author\/lena\/'>Lena Pen\u0161ek<\/a><\/span>\n\n<div class=\"wp-block-post-date\"><time datetime=\"2024-04-04T11:38:48+02:00\">4 aprila, 2024<\/time><\/div><\/div>\n<\/div>\n<\/div>\n\n<\/li><li class=\"wp-block-post post-50706 post type-post status-publish format-standard has-post-thumbnail hentry category-energetika category-teme tag-vetrnaenergija tag-obnovljivivirienergije tag-energetskeskupnosti\">\n\n<div class=\"wp-block-columns is-layout-flex wp-container-core-columns-is-layout-9d6595d7 wp-block-columns-is-layout-flex\"><figure class=\"wp-block-post-featured-image\"><a href=\"https:\/\/www.greenpeace.org\/slovenia\/blog\/50706\/po-stopinjah-katalonske-energetske-neodvisnosti\/\" target=\"_self\"  ><img loading=\"lazy\" decoding=\"async\" width=\"2560\" height=\"1919\" src=\"https:\/\/www.greenpeace.org\/static\/planet4-slovenia-stateless\/2024\/04\/3db67d1e-1-scaled.jpg\" class=\"attachment-post-thumbnail size-post-thumbnail wp-post-image wp-stateless-item\" alt=\"Po stopinjah katalonske energetske neodvisnosti\" style=\"object-fit:cover;\" srcset=\"https:\/\/www.greenpeace.org\/static\/planet4-slovenia-stateless\/2024\/04\/3db67d1e-1-scaled.jpg 2560w, https:\/\/www.greenpeace.org\/static\/planet4-slovenia-stateless\/2024\/04\/3db67d1e-1-300x225.jpg 300w, https:\/\/www.greenpeace.org\/static\/planet4-slovenia-stateless\/2024\/04\/3db67d1e-1-1024x768.jpg 1024w, https:\/\/www.greenpeace.org\/static\/planet4-slovenia-stateless\/2024\/04\/3db67d1e-1-768x576.jpg 768w, https:\/\/www.greenpeace.org\/static\/planet4-slovenia-stateless\/2024\/04\/3db67d1e-1-1536x1151.jpg 1536w, https:\/\/www.greenpeace.org\/static\/planet4-slovenia-stateless\/2024\/04\/3db67d1e-1-2048x1535.jpg 2048w, https:\/\/www.greenpeace.org\/static\/planet4-slovenia-stateless\/2024\/04\/3db67d1e-1-1822x1366.jpg 1822w, https:\/\/www.greenpeace.org\/static\/planet4-slovenia-stateless\/2024\/04\/3db67d1e-1-454x340.jpg 454w\" sizes=\"auto, (max-width: 2560px) 100vw, 2560px\" data-image-size=\"post-thumbnail\" data-stateless-media-bucket=\"planet4-slovenia-stateless\" data-stateless-media-name=\"2024\/04\/3db67d1e-1-scaled.jpg\" \/><\/a><\/figure>\n\n\n<div class=\"wp-block-group is-layout-flow wp-block-group-is-layout-flow\">\n                <div class=\"wp-block-group is-layout-flex wp-block-group-is-layout-flex\"><div class=\"wp-block-post-terms\"><a href=\"https:\/\/www.greenpeace.org\/slovenia\/category\/teme\/energetika\/\">Energetika<\/a><\/div>\n                <div class=\"taxonomy-post_tag wp-block-post-terms\"><a href=\"https:\/\/www.greenpeace.org\/slovenia\/tag\/vetrnaenergija\/\" rel=\"tag\">Vetrna energija<\/a><span class=\"wp-block-post-terms__separator\"> <\/span><a href=\"https:\/\/www.greenpeace.org\/slovenia\/tag\/obnovljivivirienergije\/\" rel=\"tag\">Obnovljivi viri energije<\/a><span class=\"wp-block-post-terms__separator\"> <\/span><a href=\"https:\/\/www.greenpeace.org\/slovenia\/tag\/energetskeskupnosti\/\" rel=\"tag\">Energetske skupnosti<\/a><\/div>\n                \n                <\/div>\n                \n\n<h3 class=\"wp-block-post-title\"><a href=\"https:\/\/www.greenpeace.org\/slovenia\/blog\/50706\/po-stopinjah-katalonske-energetske-neodvisnosti\/\" target=\"_self\" >Po stopinjah katalonske energetske neodvisnosti<\/a><\/h3>\n\n<div class=\"wp-block-post-excerpt\"><p class=\"wp-block-post-excerpt__excerpt\">V Greenpeaceu smo se nedavno odpravili na \u0161tudijsko potovanje v Katalonijo, kjer smo iz prve roke spoznali primere dobrih praks pri organizaciji in delovanju energetskih skupnosti. \u0160panija do\u017eivlja razcvet tovrstnih&hellip; <\/p><\/div>\n\n\n<div class=\"wp-block-group posts-list-meta is-layout-flow wp-block-group-is-layout-flow\"><span class='article-list-item-author'><a href='https:\/\/www.greenpeace.org\/slovenia\/author\/lena\/'>Lena Pen\u0161ek<\/a><\/span>\n\n<div class=\"wp-block-post-date\"><time datetime=\"2024-04-19T15:07:26+02:00\">19 aprila, 2024<\/time><\/div><\/div>\n<\/div>\n<\/div>\n\n<\/li><li class=\"wp-block-post post-52404 post type-post status-publish format-standard has-post-thumbnail hentry category-energetika tag-energetskeskupnosti tag-obnovljivivirienergije p4-page-type-blog\">\n\n<div class=\"wp-block-columns is-layout-flex wp-container-core-columns-is-layout-9d6595d7 wp-block-columns-is-layout-flex\"><figure class=\"wp-block-post-featured-image\"><a href=\"https:\/\/www.greenpeace.org\/slovenia\/blog\/52404\/skupnostna-energija-prakticni-vodic-za-povrnitev-energije-v-vase-roke\/\" target=\"_self\"  ><img loading=\"lazy\" decoding=\"async\" width=\"1005\" height=\"630\" src=\"https:\/\/www.greenpeace.org\/static\/planet4-slovenia-stateless\/2025\/04\/8cb88ebd-zakaj-moramo-ustaviti-globokomorsko-rudarjenje-1.png\" class=\"attachment-post-thumbnail size-post-thumbnail wp-post-image wp-stateless-item\" alt=\"Skupnostna energija &#8211; prakti\u010dni vodi\u010d za povrnitev energije v va\u0161e roke\" style=\"object-fit:cover;\" srcset=\"https:\/\/www.greenpeace.org\/static\/planet4-slovenia-stateless\/2025\/04\/8cb88ebd-zakaj-moramo-ustaviti-globokomorsko-rudarjenje-1.png 1005w, https:\/\/www.greenpeace.org\/static\/planet4-slovenia-stateless\/2025\/04\/8cb88ebd-zakaj-moramo-ustaviti-globokomorsko-rudarjenje-1-300x188.png 300w, https:\/\/www.greenpeace.org\/static\/planet4-slovenia-stateless\/2025\/04\/8cb88ebd-zakaj-moramo-ustaviti-globokomorsko-rudarjenje-1-768x481.png 768w, https:\/\/www.greenpeace.org\/static\/planet4-slovenia-stateless\/2025\/04\/8cb88ebd-zakaj-moramo-ustaviti-globokomorsko-rudarjenje-1-510x320.png 510w\" sizes=\"auto, (max-width: 1005px) 100vw, 1005px\" data-image-size=\"post-thumbnail\" data-stateless-media-bucket=\"planet4-slovenia-stateless\" data-stateless-media-name=\"2025\/04\/8cb88ebd-zakaj-moramo-ustaviti-globokomorsko-rudarjenje-1.png\" \/><\/a><\/figure>\n\n\n<div class=\"wp-block-group is-layout-flow wp-block-group-is-layout-flow\">\n                <div class=\"wp-block-group is-layout-flex wp-block-group-is-layout-flex\"><div class=\"wp-block-post-terms\"><a href=\"https:\/\/www.greenpeace.org\/slovenia\/category\/teme\/energetika\/\">Energetika<\/a><\/div>\n                <div class=\"taxonomy-post_tag wp-block-post-terms\"><a href=\"https:\/\/www.greenpeace.org\/slovenia\/tag\/energetskeskupnosti\/\" rel=\"tag\">Energetske skupnosti<\/a><span class=\"wp-block-post-terms__separator\"> <\/span><a href=\"https:\/\/www.greenpeace.org\/slovenia\/tag\/obnovljivivirienergije\/\" rel=\"tag\">Obnovljivi viri energije<\/a><\/div>\n                \n                <\/div>\n                \n\n<h3 class=\"wp-block-post-title\"><a href=\"https:\/\/www.greenpeace.org\/slovenia\/blog\/52404\/skupnostna-energija-prakticni-vodic-za-povrnitev-energije-v-vase-roke\/\" target=\"_self\" >Skupnostna energija &#8211; prakti\u010dni vodi\u010d za povrnitev energije v va\u0161e roke<\/a><\/h3>\n\n<div class=\"wp-block-post-excerpt\"><p class=\"wp-block-post-excerpt__excerpt\">Skupnostna energija &#8211; prakti\u010dni vodi\u010d za povrnitev energije v va\u0161e roke <\/p><\/div>\n\n\n<div class=\"wp-block-group posts-list-meta is-layout-flow wp-block-group-is-layout-flow\"><span class='article-list-item-author'><a href='https:\/\/www.greenpeace.org\/slovenia\/author\/sara\/'>Sara Kosirnik<\/a><\/span>\n\n<div class=\"wp-block-post-date\"><time datetime=\"2025-04-01T12:16:44+02:00\">1 aprila, 2025<\/time><\/div><\/div>\n<\/div>\n<\/div>\n\n<\/li><\/ul>\n\n\n<div class=\"wp-block-buttons carousel-controls is-horizontal is-content-justification-space-between is-nowrap is-layout-flex wp-container-core-buttons-is-layout-044bd602 wp-block-buttons-is-layout-flex\">\n<div class=\"wp-block-button carousel-control-prev\"><button type=\"button\" class=\"wp-block-button__link wp-element-button\">Prev<\/button><\/div>\n\n\n\n<div class=\"wp-block-button carousel-control-next\"><button type=\"button\" class=\"wp-block-button__link wp-element-button\">Next<\/button><\/div>\n<\/div>\n\n\n<li class=\" wp-block-navigation-item see-all-link wp-block-navigation-link\"><a class=\"wp-block-navigation-item__content\"  href=\"https:\/\/www.greenpeace.org\/slovenia\/news-stories\/\"><span class=\"wp-block-navigation-item__label\">See all posts<\/span><\/a><\/li><\/div>\n\n<div class=\"wp-block-query posts-list p4-query-loop is-custom-layout-grid is-layout-grid wp-container-core-query-is-layout-b8bb0bd1 wp-block-query-is-layout-grid\">\n<div class=\"wp-block-group group-stretched-link is-content-justification-space-between is-layout-flex wp-container-core-group-is-layout-3d213aab wp-block-group-is-layout-flex\"><li class=\" wp-block-navigation-item see-all-link wp-block-navigation-link\"><a class=\"wp-block-navigation-item__content\"  href=\"http:\/\/www.greenpeace.org\/slovenia\/news-stories\/?tag=energetskeskupnosti&#038;post-type=\"><span class=\"wp-block-navigation-item__label\">See all stories<\/span><\/a><\/li><\/div>\n\n\n\n<div class=\"wp-block-buttons carousel-controls is-horizontal is-content-justification-space-between is-nowrap is-layout-flex wp-container-core-buttons-is-layout-044bd602 wp-block-buttons-is-layout-flex\">\n<div class=\"wp-block-button carousel-control-prev\"><button type=\"button\" class=\"wp-block-button__link wp-element-button\">Prev<\/button><\/div>\n\n\n\n<div class=\"wp-block-button carousel-control-next\"><button type=\"button\" class=\"wp-block-button__link wp-element-button\">Next<\/button><\/div>\n<\/div>\n\n\n<li class=\" wp-block-navigation-item see-all-link wp-block-navigation-link\"><a class=\"wp-block-navigation-item__content\"  href=\"http:\/\/www.greenpeace.org\/slovenia\/news-stories\/?tag=energetskeskupnosti&#038;post-type=\"><span class=\"wp-block-navigation-item__label\">See all stories<\/span><\/a><\/li><\/div>\n\n<h2 class=\"wp-block-heading\">Publikacije<\/h2>\n\n<div class=\"wp-block-group is-layout-constrained wp-block-group-is-layout-constrained\">\n<div class=\"wp-block-columns are-vertically-aligned-bottom is-layout-flex wp-container-core-columns-is-layout-9d6595d7 wp-block-columns-is-layout-flex\">\n<div class=\"wp-block-column is-vertically-aligned-bottom is-layout-flow wp-block-column-is-layout-flow\" style=\"flex-basis:100%\">\n<figure class=\"wp-block-embed is-type-wp-embed is-provider-greenpeace-slovenija wp-block-embed-greenpeace-slovenija\"><div class=\"wp-block-embed__wrapper\">\n<blockquote class=\"wp-embedded-content\" data-secret=\"8fdKDrM9Wb\"><a href=\"https:\/\/www.greenpeace.org\/slovenia\/blog\/52404\/skupnostna-energija-prakticni-vodic-za-povrnitev-energije-v-vase-roke\/\">Skupnostna energija &#8211; prakti\u010dni vodi\u010d za povrnitev energije v va\u0161e roke<\/a><\/blockquote><iframe loading=\"lazy\" class=\"wp-embedded-content\" sandbox=\"allow-scripts\" security=\"restricted\" style=\"position: absolute; visibility: hidden;\" title=\"&#8220;Skupnostna energija &#8211; prakti\u010dni vodi\u010d za povrnitev energije v va\u0161e roke&#8221; &#8212; Greenpeace Slovenija\" src=\"https:\/\/www.greenpeace.org\/slovenia\/blog\/52404\/skupnostna-energija-prakticni-vodic-za-povrnitev-energije-v-vase-roke\/embed\/#?secret=ZUMzrQtq7B#?secret=8fdKDrM9Wb\" data-secret=\"8fdKDrM9Wb\" width=\"500\" height=\"282\" frameborder=\"0\" marginwidth=\"0\" marginheight=\"0\" scrolling=\"no\"><\/iframe>\n<\/div><\/figure>\n<\/div>\n<\/div>\n<\/div>\n<div data-render=\"planet4-blocks\/happypoint\" data-attributes=\"{&quot;attributes&quot;:{&quot;override_default_content&quot;:true,&quot;local_content_provider&quot;:&quot;iframe_url&quot;,&quot;opacity&quot;:30}}\"><\/div>","protected":false},"excerpt":{"rendered":"<p>Energetske skupnosti<\/p>\n","protected":false},"author":44,"featured_media":52429,"parent":0,"menu_order":0,"comment_status":"closed","ping_status":"closed","template":"","meta":{"ep_exclude_from_search":false,"p4_hide_page_title_checkbox":"","p4_title":"","p4_subtitle":"","p4_description":"","background_image_id":"","background_image":"","p4_button_title":"","p4_button_link":"","p4_button_link_checkbox":"","p4_og_title":"","p4_og_description":"","p4_og_image":"","p4_og_image_id":"","p4_seo_canonical_url":"","p4_campaign_name":"","p4_local_project":"","p4_basket_name":"","p4_department":"","footnotes":""},"categories":[65],"tags":[29,41],"class_list":["post-2436","page","type-page","status-publish","has-post-thumbnail","hentry","category-energetika","tag-energetskeskupnosti","tag-obnovljivivirienergije"],"_links":{"self":[{"href":"https:\/\/www.greenpeace.org\/slovenia\/wp-json\/wp\/v2\/pages\/2436","targetHints":{"allow":["GET"]}}],"collection":[{"href":"https:\/\/www.greenpeace.org\/slovenia\/wp-json\/wp\/v2\/pages"}],"about":[{"href":"https:\/\/www.greenpeace.org\/slovenia\/wp-json\/wp\/v2\/types\/page"}],"author":[{"embeddable":true,"href":"https:\/\/www.greenpeace.org\/slovenia\/wp-json\/wp\/v2\/users\/44"}],"replies":[{"embeddable":true,"href":"https:\/\/www.greenpeace.org\/slovenia\/wp-json\/wp\/v2\/comments?post=2436"}],"version-history":[{"count":19,"href":"https:\/\/www.greenpeace.org\/slovenia\/wp-json\/wp\/v2\/pages\/2436\/revisions"}],"predecessor-version":[{"id":53092,"href":"https:\/\/www.greenpeace.org\/slovenia\/wp-json\/wp\/v2\/pages\/2436\/revisions\/53092"}],"wp:featuredmedia":[{"embeddable":true,"href":"https:\/\/www.greenpeace.org\/slovenia\/wp-json\/wp\/v2\/media\/52429"}],"wp:attachment":[{"href":"https:\/\/www.greenpeace.org\/slovenia\/wp-json\/wp\/v2\/media?parent=2436"}],"wp:term":[{"taxonomy":"category","embeddable":true,"href":"https:\/\/www.greenpeace.org\/slovenia\/wp-json\/wp\/v2\/categories?post=2436"},{"taxonomy":"post_tag","embeddable":true,"href":"https:\/\/www.greenpeace.org\/slovenia\/wp-json\/wp\/v2\/tags?post=2436"}],"curies":[{"name":"wp","href":"https:\/\/api.w.org\/{rel}","templated":true}]}}