{"id":54,"date":"2018-05-09T13:34:31","date_gmt":"2018-05-09T13:34:31","guid":{"rendered":"https:\/\/k8s.p4.greenpeace.org\/defaultcontent\/?page_id=54"},"modified":"2026-04-08T10:56:24","modified_gmt":"2026-04-08T08:56:24","slug":"narava","status":"publish","type":"page","link":"https:\/\/www.greenpeace.org\/slovenia\/razisci\/narava\/","title":{"rendered":"Narava"},"content":{"rendered":"\n                    <div class=\"wp-block-group is-vertical is-layout-flex wp-container-core-group-is-layout-8cf370e7 wp-block-group-is-layout-flex\">\n                    \n                                <p>S poudarkom na velikih svetovnih gozdovih in oceanih \u017eelimo ohraniti, za\u0161\u010dititi in obnoviti najbolj dragocene ekosisteme za podnebje in biotsko raznovrstnost.<\/p>\n                            \n\n                    \n                            <div class=\"wp-block-buttons is-layout-flex wp-block-buttons-is-layout-flex\">\n                            <div class=\"wp-block-button\">\n                                <a class=\"wp-block-button__link wp-element-button\" href=\"https:\/\/www.greenpeace.org\/slovenia\/ukrepaj\/zascitimo-oceane\/\" target=\"_blank\" rel=\"noreferrer noopener\">\n                                    UKREPAJ\n                                <\/a>\n                            <\/div>\n                            <\/div>\n                            \n                    <\/div>\n                    <div data-render=\"planet4-blocks\/gallery\" data-attributes=\"{&quot;attributes&quot;:{&quot;gallery_block_style&quot;:2,&quot;gallery_block_title&quot;:&quot;Na\\u0161a vizija&quot;,&quot;gallery_block_description&quot;:&quot;Potrebujemo svet, kjer so oceani in gozdovi za\\u0161\\u010diteni in jim je dovoljeno, da uspevajo. Potrebujemo novo zgodbo, ki postavlja celotno sposobnost Zemlje, da uspeva nad pohlepom nekaterih.&quot;,&quot;multiple_image&quot;:&quot;2016,1568,272&quot;,&quot;gallery_block_focus_points&quot;:&quot;{u0022272u0022:u002250% 50%u0022,u00221568u0022:u002250% 50%u0022,u00222016u0022:u002250% 100%u0022}&quot;,&quot;image_data&quot;:[],&quot;images&quot;:[{&quot;image_src&quot;:&quot;https:\\\/\\\/www.greenpeace.org\\\/static\\\/planet4-slovenia-stateless\\\/2019\\\/05\\\/7795808e-gp0strviu-768x513.jpg&quot;,&quot;image_srcset&quot;:&quot;https:\\\/\\\/www.greenpeace.org\\\/static\\\/planet4-slovenia-stateless\\\/2019\\\/05\\\/7795808e-gp0strviu-768x513.jpg 768w, https:\\\/\\\/www.greenpeace.org\\\/static\\\/planet4-slovenia-stateless\\\/2019\\\/05\\\/7795808e-gp0strviu-300x201.jpg 300w, https:\\\/\\\/www.greenpeace.org\\\/static\\\/planet4-slovenia-stateless\\\/2019\\\/05\\\/7795808e-gp0strviu-1024x684.jpg 1024w, https:\\\/\\\/www.greenpeace.org\\\/static\\\/planet4-slovenia-stateless\\\/2019\\\/05\\\/7795808e-gp0strviu-510x340.jpg 510w, https:\\\/\\\/www.greenpeace.org\\\/static\\\/planet4-slovenia-stateless\\\/2019\\\/05\\\/7795808e-gp0strviu.jpg 1200w&quot;,&quot;image_sizes&quot;:&quot;(max-width: 768px) 100vw, 768px&quot;,&quot;alt_text&quot;:&quot;PT Megakarya Jaya Raya (PT MJR) Palm Oil Concession in Papua. \\u00a9 Ulet  Ifansasti \\\/ Greenpeace&quot;,&quot;caption&quot;:&quot;Greenpeace investigation uncovers massive deforestation as Indonesian Government minister arrives in EU to defend palm oil industry.\\nIn the picture: landcover, forest clearance and plantation development in PT Megakarya Jaya Raya (PT MJR) palm oil concession. PT MJR is part of the Hayel Saeed Anam group which has a number of palm oil related interests including Pacific Inter-Link which controls HSA&#039;s palm oil refining and trading interests.&quot;,&quot;focus_image&quot;:&quot;&quot;,&quot;credits&quot;:&quot;\\u00a9 Ulet  Ifansasti \\\/ Greenpeace&quot;},{&quot;image_src&quot;:&quot;https:\\\/\\\/www.greenpeace.org\\\/static\\\/planet4-slovenia-stateless\\\/2019\\\/04\\\/438225b1-gp04bxi-768x512.jpg&quot;,&quot;image_srcset&quot;:&quot;https:\\\/\\\/www.greenpeace.org\\\/static\\\/planet4-slovenia-stateless\\\/2019\\\/04\\\/438225b1-gp04bxi-768x512.jpg 768w, https:\\\/\\\/www.greenpeace.org\\\/static\\\/planet4-slovenia-stateless\\\/2019\\\/04\\\/438225b1-gp04bxi-300x200.jpg 300w, https:\\\/\\\/www.greenpeace.org\\\/static\\\/planet4-slovenia-stateless\\\/2019\\\/04\\\/438225b1-gp04bxi-1024x683.jpg 1024w, https:\\\/\\\/www.greenpeace.org\\\/static\\\/planet4-slovenia-stateless\\\/2019\\\/04\\\/438225b1-gp04bxi-510x340.jpg 510w, https:\\\/\\\/www.greenpeace.org\\\/static\\\/planet4-slovenia-stateless\\\/2019\\\/04\\\/438225b1-gp04bxi.jpg 1200w&quot;,&quot;image_sizes&quot;:&quot;(max-width: 768px) 100vw, 768px&quot;,&quot;alt_text&quot;:&quot;Coastal Rainforest in Cameroon. \\u00a9 Greenpeace \\\/ Alex Yallop&quot;,&quot;caption&quot;:&quot;A rainbow is seen above the coastal rainforest of Cameroon. This forest, at the fringe of the Congo Basin, is a biodiversity hotspot, home to endangered species including chimpanzees and forest elephants. It also provides hunting and fishing grounds, building materials, fuel wood and medicine for local communities. The forest, and the people and animals who depend on it, are being threatened by a proposed palm oil plantation that would flatten an area eight times the size of Manhattan. The corporation behind the proposed project, US-based Herakles Farms, is pressing ahead with forest clearance, despite widespread local opposition.&quot;,&quot;focus_image&quot;:&quot;&quot;,&quot;credits&quot;:&quot;\\u00a9 Greenpeace \\\/ Alex Yallop&quot;},{&quot;image_src&quot;:&quot;https:\\\/\\\/storage.googleapis.com\\\/planet4-slovenia-stateless-develop\\\/2018\\\/05\\\/ae133a37-antarctica-768x513.jpg&quot;,&quot;image_srcset&quot;:&quot;https:\\\/\\\/storage.googleapis.com\\\/planet4-slovenia-stateless-develop\\\/2018\\\/05\\\/ae133a37-antarctica-768x513.jpg 768w, https:\\\/\\\/storage.googleapis.com\\\/planet4-slovenia-stateless-develop\\\/2018\\\/05\\\/ae133a37-antarctica-300x200.jpg 300w, https:\\\/\\\/storage.googleapis.com\\\/planet4-slovenia-stateless-develop\\\/2018\\\/05\\\/ae133a37-antarctica-1024x684.jpg 1024w, https:\\\/\\\/storage.googleapis.com\\\/planet4-slovenia-stateless-develop\\\/2018\\\/05\\\/ae133a37-antarctica-2045x1366.jpg 2045w, https:\\\/\\\/storage.googleapis.com\\\/planet4-slovenia-stateless-develop\\\/2018\\\/05\\\/ae133a37-antarctica-510x340.jpg 510w&quot;,&quot;image_sizes&quot;:&quot;(max-width: 768px) 100vw, 768px&quot;,&quot;alt_text&quot;:&quot;&quot;,&quot;caption&quot;:&quot;Penguins&quot;,&quot;focus_image&quot;:&quot;&quot;,&quot;credits&quot;:&quot;\\u00a9 Greenpeace&quot;}]}}\"><\/div><div data-render=\"planet4-blocks\/columns\" data-attributes=\"{&quot;attributes&quot;:{&quot;columns_block_style&quot;:&quot;image&quot;,&quot;columns_title&quot;:&quot;&quot;,&quot;className&quot;:&quot;is-style-image&quot;,&quot;columns_description&quot;:&quot;&quot;,&quot;columns&quot;:[]}}\"><\/div>\n        <div class=\"wp-block-query actions-list p4-query-loop is-custom-layout-actions-list is-custom-layout-grid is-layout-grid wp-container-core-query-is-layout-29f43435 wp-block-query-is-layout-grid\"><h2 class=\"wp-block-heading\"><\/h2>\n        <p style=\"margin-top: 24px; margin-bottom: 32px;\"><\/p>\n        <div class=\"wp-block-query-no-results\">\n        <p >No posts found.<\/p>\n        <\/div>\n        \n        \n<div class=\"wp-block-buttons carousel-controls is-horizontal is-content-justification-space-between is-nowrap is-layout-flex wp-container-core-buttons-is-layout-044bd602 wp-block-buttons-is-layout-flex\">\n            <div class=\"wp-block-button carousel-control-prev\"><button type=\"button\" class=\"wp-block-button__link wp-element-button\">Prev<\/button><\/div>\n        \n\n            <div class=\"wp-block-button carousel-control-next\"><button type=\"button\" class=\"wp-block-button__link wp-element-button\">Next<\/button><\/div>\n        <\/div>\n\n        \n<div class=\"wp-block-buttons load-more-actions-container is-content-justification-center is-layout-flex wp-container-core-buttons-is-layout-16018d1d wp-block-buttons-is-layout-flex\">\n                <div class=\"wp-block-button is-style-secondary\"><button type=\"button\" class=\"wp-block-button__link wp-element-button\">Nalo\u017ei ve\u010d<\/button><\/div>\n            \n<\/div>\n<\/div>\n        \n    <div class=\"wp-block-query posts-list p4-query-loop is-custom-layout-grid is-layout-grid wp-container-core-query-is-layout-b8bb0bd1 wp-block-query-is-layout-grid\">\n        <div class=\"wp-block-group is-content-justification-space-between is-layout-flex wp-container-core-group-is-layout-3d213aab wp-block-group-is-layout-flex\"><h2 class=\"wp-block-heading\"><\/h2>\n        <li class=\" wp-block-navigation-item see-all-link wp-block-navigation-link\"><a class=\"wp-block-navigation-item__content\"  href=\"http:\/\/www.greenpeace.org\/slovenia\/news-stories\/?tag=\"><span class=\"wp-block-navigation-item__label\">See all stories<\/span><\/a><\/li>\n        \n        <\/div>\n        \n\n    <p style=\"margin-top: 24px; margin-bottom: 36px;\"><\/p>\n\n    <div class=\"wp-block-query-no-results\">\n        <p style=\"\">No posts found.<\/p>\n        <\/div>\n\n    \n\n    \n<div class=\"wp-block-buttons carousel-controls is-horizontal is-content-justification-space-between is-nowrap is-layout-flex wp-container-core-buttons-is-layout-044bd602 wp-block-buttons-is-layout-flex\">\n            <div class=\"wp-block-button carousel-control-prev\"><button type=\"button\" class=\"wp-block-button__link wp-element-button\">Prev<\/button><\/div>\n        \n\n            <div class=\"wp-block-button carousel-control-next\"><button type=\"button\" class=\"wp-block-button__link wp-element-button\">Next<\/button><\/div>\n        <\/div>\n\n\n    <li class=\" wp-block-navigation-item see-all-link wp-block-navigation-link\"><a class=\"wp-block-navigation-item__content\"  href=\"http:\/\/www.greenpeace.org\/slovenia\/news-stories\/?tag=\"><span class=\"wp-block-navigation-item__label\">See all stories<\/span><\/a><\/li><\/div>\n    \n    <div class=\"wp-block-query posts-list p4-query-loop is-custom-layout-list is-layout-flow wp-block-query-is-layout-flow\">\n        <div class=\"wp-block-group is-content-justification-space-between is-layout-flex wp-container-core-group-is-layout-3d213aab wp-block-group-is-layout-flex\"><h2 class=\"wp-block-heading\">Zadnje objave<\/h2>\n        <li class=\" wp-block-navigation-item see-all-link wp-block-navigation-link\"><a class=\"wp-block-navigation-item__content\"  href=\"http:\/\/www.greenpeace.org\/slovenia\/news-stories\/?tag=\"><span class=\"wp-block-navigation-item__label\">See all stories<\/span><\/a><\/li>\n        \n        <\/div>\n        \n\n    <p style=\"margin-top: 24px; margin-bottom: 36px;\"><\/p>\n\n    \n\n    <ul class=\"wp-block-post-template is-layout-flow wp-block-post-template-is-layout-flow\"><li class=\"wp-block-post post-79081 post type-post status-publish format-standard has-post-thumbnail hentry category-narava tag-gozdovi p4-page-type-blog\">\n            \n<div class=\"wp-block-columns is-layout-flex wp-container-core-columns-is-layout-9d6595d7 wp-block-columns-is-layout-flex\"><figure class=\"wp-block-post-featured-image\"><a href=\"https:\/\/www.greenpeace.org\/slovenia\/blog\/79081\/stanje-gozdov-v-evropi\/\" target=\"_self\"  ><img loading=\"lazy\" decoding=\"async\" width=\"1280\" height=\"720\" src=\"https:\/\/www.greenpeace.org\/static\/planet4-slovenia-stateless\/2026\/04\/78672c6c-forest-blog-thumbnail.jpg\" class=\"attachment-post-thumbnail size-post-thumbnail wp-post-image wp-stateless-item\" alt=\"Stanje gozdov v Evropi\" style=\"object-fit:cover;\" srcset=\"https:\/\/www.greenpeace.org\/static\/planet4-slovenia-stateless\/2026\/04\/78672c6c-forest-blog-thumbnail.jpg 1280w, https:\/\/www.greenpeace.org\/static\/planet4-slovenia-stateless\/2026\/04\/78672c6c-forest-blog-thumbnail-300x169.jpg 300w, https:\/\/www.greenpeace.org\/static\/planet4-slovenia-stateless\/2026\/04\/78672c6c-forest-blog-thumbnail-1024x576.jpg 1024w, https:\/\/www.greenpeace.org\/static\/planet4-slovenia-stateless\/2026\/04\/78672c6c-forest-blog-thumbnail-768x432.jpg 768w, https:\/\/www.greenpeace.org\/static\/planet4-slovenia-stateless\/2026\/04\/78672c6c-forest-blog-thumbnail-510x287.jpg 510w\" sizes=\"auto, (max-width: 1280px) 100vw, 1280px\" data-image-size=\"post-thumbnail\" data-stateless-media-bucket=\"planet4-slovenia-stateless\" data-stateless-media-name=\"2026\/04\/78672c6c-forest-blog-thumbnail.jpg\" \/><\/a><\/figure>\n\n        <div class=\"wp-block-group is-layout-flow wp-block-group-is-layout-flow\">\n                <div class=\"wp-block-group is-layout-flex wp-block-group-is-layout-flex\"><div class=\"wp-block-post-terms\"><a href=\"https:\/\/www.greenpeace.org\/slovenia\/category\/teme\/narava\/\">Narava<\/a><\/div>\n                <div class=\"taxonomy-post_tag wp-block-post-terms\"><a href=\"https:\/\/www.greenpeace.org\/slovenia\/tag\/gozdovi\/\" rel=\"tag\">Gozdovi<\/a><\/div>\n                \n                <\/div>\n                \n        <h3 class=\"wp-block-post-title\"><a href=\"https:\/\/www.greenpeace.org\/slovenia\/blog\/79081\/stanje-gozdov-v-evropi\/\" target=\"_self\" >Stanje gozdov v Evropi<\/a><\/h3>\n        <div class=\"wp-block-post-excerpt\"><p class=\"wp-block-post-excerpt__excerpt\">Evropski gozdovi na prvi pogled delujejo kot zgodba o uspehu. Skoraj 40 % povr\u0161ine Evrope je pokrite z gozdovi, njihova skupna povr\u0161ina pa se je od leta 1990 celo pove\u010dala&hellip; <\/p><\/div>\n        \n        <div class=\"wp-block-group posts-list-meta is-layout-flow wp-block-group-is-layout-flow\"><span class='article-list-item-author'>Greenpeace Slovenija<\/span>\n        <div class=\"wp-block-post-date\"><time datetime=\"2026-04-02T15:35:42+02:00\">2 aprila, 2026<\/time><\/div>\n        \n        <\/div>\n        <\/div>\n        <\/div>\n\n            <\/li><li class=\"wp-block-post post-78664 post type-post status-publish format-standard has-post-thumbnail hentry category-narava tag-oceani p4-page-type-blog\">\n            \n<div class=\"wp-block-columns is-layout-flex wp-container-core-columns-is-layout-9d6595d7 wp-block-columns-is-layout-flex\"><figure class=\"wp-block-post-featured-image\"><a href=\"https:\/\/www.greenpeace.org\/slovenia\/blog\/78664\/morski-psi-izgubljajo-ostrino\/\" target=\"_self\"  ><img loading=\"lazy\" decoding=\"async\" width=\"1005\" height=\"630\" src=\"https:\/\/www.greenpeace.org\/static\/planet4-slovenia-stateless\/2025\/11\/89c12836-morski-psi-kmalu-brez-zob.jpg\" class=\"attachment-post-thumbnail size-post-thumbnail wp-post-image wp-stateless-item\" alt=\"Morski psi izgubljajo ostrino\" style=\"object-fit:cover;\" srcset=\"https:\/\/www.greenpeace.org\/static\/planet4-slovenia-stateless\/2025\/11\/89c12836-morski-psi-kmalu-brez-zob.jpg 1005w, https:\/\/www.greenpeace.org\/static\/planet4-slovenia-stateless\/2025\/11\/89c12836-morski-psi-kmalu-brez-zob-300x188.jpg 300w, https:\/\/www.greenpeace.org\/static\/planet4-slovenia-stateless\/2025\/11\/89c12836-morski-psi-kmalu-brez-zob-768x481.jpg 768w, https:\/\/www.greenpeace.org\/static\/planet4-slovenia-stateless\/2025\/11\/89c12836-morski-psi-kmalu-brez-zob-510x320.jpg 510w\" sizes=\"auto, (max-width: 1005px) 100vw, 1005px\" data-image-size=\"post-thumbnail\" data-stateless-media-bucket=\"planet4-slovenia-stateless\" data-stateless-media-name=\"2025\/11\/89c12836-morski-psi-kmalu-brez-zob.jpg\" \/><\/a><\/figure>\n\n        <div class=\"wp-block-group is-layout-flow wp-block-group-is-layout-flow\">\n                <div class=\"wp-block-group is-layout-flex wp-block-group-is-layout-flex\"><div class=\"wp-block-post-terms\"><a href=\"https:\/\/www.greenpeace.org\/slovenia\/category\/teme\/narava\/\">Narava<\/a><\/div>\n                <div class=\"taxonomy-post_tag wp-block-post-terms\"><a href=\"https:\/\/www.greenpeace.org\/slovenia\/tag\/oceani\/\" rel=\"tag\">Oceani<\/a><\/div>\n                \n                <\/div>\n                \n        <h3 class=\"wp-block-post-title\"><a href=\"https:\/\/www.greenpeace.org\/slovenia\/blog\/78664\/morski-psi-izgubljajo-ostrino\/\" target=\"_self\" >Morski psi izgubljajo ostrino<\/a><\/h3>\n        <div class=\"wp-block-post-excerpt\"><p class=\"wp-block-post-excerpt__excerpt\">Dejstvo je, da morski psi nenehno izgubljajo in nadome\u0161\u010dajo svoje zobe \u2013 tako ohranjajo status najnevarnej\u0161ih plenilcev oceanov. A kaj se zgodi, ko za\u010dne voda, v kateri \u017eivijo, razjedati njihovo\u2026 <\/p><\/div>\n        \n        <div class=\"wp-block-group posts-list-meta is-layout-flow wp-block-group-is-layout-flow\"><span class='article-list-item-author'>Greenpeace Slovenija<\/span>\n        <div class=\"wp-block-post-date\"><time datetime=\"2026-03-25T11:47:55+01:00\">25 marca, 2026<\/time><\/div>\n        \n        <\/div>\n        <\/div>\n        <\/div>\n\n            <\/li><li class=\"wp-block-post post-78899 post type-post status-publish format-standard has-post-thumbnail hentry category-narava tag-gozdovi p4-page-type-blog\">\n            \n<div class=\"wp-block-columns is-layout-flex wp-container-core-columns-is-layout-9d6595d7 wp-block-columns-is-layout-flex\"><figure class=\"wp-block-post-featured-image\"><a href=\"https:\/\/www.greenpeace.org\/slovenia\/blog\/78899\/4-velicastna-drevesa-sveta\/\" target=\"_self\"  ><img loading=\"lazy\" decoding=\"async\" width=\"1005\" height=\"630\" src=\"https:\/\/www.greenpeace.org\/static\/planet4-slovenia-stateless\/2026\/01\/fe6df9a4-4-velicastna-drevesa-sveta.jpg\" class=\"attachment-post-thumbnail size-post-thumbnail wp-post-image wp-stateless-item\" alt=\"4 veli\u010dastna drevesa sveta\" style=\"object-fit:cover;\" srcset=\"https:\/\/www.greenpeace.org\/static\/planet4-slovenia-stateless\/2026\/01\/fe6df9a4-4-velicastna-drevesa-sveta.jpg 1005w, https:\/\/www.greenpeace.org\/static\/planet4-slovenia-stateless\/2026\/01\/fe6df9a4-4-velicastna-drevesa-sveta-300x188.jpg 300w, https:\/\/www.greenpeace.org\/static\/planet4-slovenia-stateless\/2026\/01\/fe6df9a4-4-velicastna-drevesa-sveta-768x481.jpg 768w, https:\/\/www.greenpeace.org\/static\/planet4-slovenia-stateless\/2026\/01\/fe6df9a4-4-velicastna-drevesa-sveta-510x320.jpg 510w\" sizes=\"auto, (max-width: 1005px) 100vw, 1005px\" data-image-size=\"post-thumbnail\" data-stateless-media-bucket=\"planet4-slovenia-stateless\" data-stateless-media-name=\"2026\/01\/fe6df9a4-4-velicastna-drevesa-sveta.jpg\" \/><\/a><\/figure>\n\n        <div class=\"wp-block-group is-layout-flow wp-block-group-is-layout-flow\">\n                <div class=\"wp-block-group is-layout-flex wp-block-group-is-layout-flex\"><div class=\"wp-block-post-terms\"><a href=\"https:\/\/www.greenpeace.org\/slovenia\/category\/teme\/narava\/\">Narava<\/a><\/div>\n                <div class=\"taxonomy-post_tag wp-block-post-terms\"><a href=\"https:\/\/www.greenpeace.org\/slovenia\/tag\/gozdovi\/\" rel=\"tag\">Gozdovi<\/a><\/div>\n                \n                <\/div>\n                \n        <h3 class=\"wp-block-post-title\"><a href=\"https:\/\/www.greenpeace.org\/slovenia\/blog\/78899\/4-velicastna-drevesa-sveta\/\" target=\"_self\" >4 veli\u010dastna drevesa sveta<\/a><\/h3>\n        <div class=\"wp-block-post-excerpt\"><p class=\"wp-block-post-excerpt__excerpt\">V \u017eivalskem svetu je gibanje marsikdaj klju\u010d do pre\u017eivetja. Drevesa te izbire nimajo. Ker drevesa ne morejo zbe\u017eati, so se morala nau\u010diti vzdr\u017eati. <\/p><\/div>\n        \n        <div class=\"wp-block-group posts-list-meta is-layout-flow wp-block-group-is-layout-flow\"><span class='article-list-item-author'><a href='https:\/\/www.greenpeace.org\/slovenia\/author\/ikavgic\/'>Ines Kavgi\u0107, Greenpeace<\/a><\/span>\n        <div class=\"wp-block-post-date\"><time datetime=\"2026-01-20T16:40:05+01:00\">20 januarja, 2026<\/time><\/div>\n        \n        <\/div>\n        <\/div>\n        <\/div>\n\n            <\/li><\/ul>\n\n    \n<div class=\"wp-block-buttons carousel-controls is-horizontal is-content-justification-space-between is-nowrap is-layout-flex wp-container-core-buttons-is-layout-044bd602 wp-block-buttons-is-layout-flex\">\n            <div class=\"wp-block-button carousel-control-prev\"><button type=\"button\" class=\"wp-block-button__link wp-element-button\">Prev<\/button><\/div>\n        \n\n            <div class=\"wp-block-button carousel-control-next\"><button type=\"button\" class=\"wp-block-button__link wp-element-button\">Next<\/button><\/div>\n        <\/div>\n\n\n    <li class=\" wp-block-navigation-item see-all-link wp-block-navigation-link\"><a class=\"wp-block-navigation-item__content\"  href=\"http:\/\/www.greenpeace.org\/slovenia\/news-stories\/?tag=\"><span class=\"wp-block-navigation-item__label\">See all stories<\/span><\/a><\/li><\/div>\n    <p>&nbsp;<\/p>\n<div data-render=\"planet4-blocks\/happypoint\" data-attributes=\"{&quot;attributes&quot;:{&quot;focus_image&quot;:&quot;50% 50%&quot;,&quot;opacity&quot;:22,&quot;mailing_list_iframe&quot;:false,&quot;id&quot;:1725,&quot;use_embed_code&quot;:true,&quot;override_default_content&quot;:false,&quot;local_content_provider&quot;:&quot;none&quot;}}\"><\/div>","protected":false},"excerpt":{"rendered":"<p>S poudarkom na velikih svetovnih gozdovih in oceanih \u017eelimo ohraniti, za\u0161\u010dititi in obnoviti najbolj dragocene ekosisteme za podnebje in biotsko raznovrstnost. &nbsp;<\/p>\n","protected":false},"author":1,"featured_media":348,"parent":11,"menu_order":0,"comment_status":"closed","ping_status":"closed","template":"","meta":{"ep_exclude_from_search":false,"p4_hide_page_title_checkbox":"","p4_title":"","p4_subtitle":"","p4_description":"","background_image_id":"","background_image":"","p4_button_title":"","p4_button_link":"","p4_button_link_checkbox":"","p4_og_title":"","p4_og_description":"","p4_og_image":"","p4_og_image_id":"","p4_seo_canonical_url":"","p4_campaign_name":"not set","p4_local_project":"not set","p4_basket_name":"not set","p4_department":"","footnotes":""},"categories":[43],"tags":[25,28],"class_list":["post-54","page","type-page","status-publish","has-post-thumbnail","hentry","category-narava","tag-gozdovi","tag-oceani"],"_links":{"self":[{"href":"https:\/\/www.greenpeace.org\/slovenia\/wp-json\/wp\/v2\/pages\/54","targetHints":{"allow":["GET"]}}],"collection":[{"href":"https:\/\/www.greenpeace.org\/slovenia\/wp-json\/wp\/v2\/pages"}],"about":[{"href":"https:\/\/www.greenpeace.org\/slovenia\/wp-json\/wp\/v2\/types\/page"}],"author":[{"embeddable":true,"href":"https:\/\/www.greenpeace.org\/slovenia\/wp-json\/wp\/v2\/users\/1"}],"replies":[{"embeddable":true,"href":"https:\/\/www.greenpeace.org\/slovenia\/wp-json\/wp\/v2\/comments?post=54"}],"version-history":[{"count":21,"href":"https:\/\/www.greenpeace.org\/slovenia\/wp-json\/wp\/v2\/pages\/54\/revisions"}],"predecessor-version":[{"id":79147,"href":"https:\/\/www.greenpeace.org\/slovenia\/wp-json\/wp\/v2\/pages\/54\/revisions\/79147"}],"up":[{"embeddable":true,"href":"https:\/\/www.greenpeace.org\/slovenia\/wp-json\/wp\/v2\/pages\/11"}],"wp:featuredmedia":[{"embeddable":true,"href":"https:\/\/www.greenpeace.org\/slovenia\/wp-json\/wp\/v2\/media\/348"}],"wp:attachment":[{"href":"https:\/\/www.greenpeace.org\/slovenia\/wp-json\/wp\/v2\/media?parent=54"}],"wp:term":[{"taxonomy":"category","embeddable":true,"href":"https:\/\/www.greenpeace.org\/slovenia\/wp-json\/wp\/v2\/categories?post=54"},{"taxonomy":"post_tag","embeddable":true,"href":"https:\/\/www.greenpeace.org\/slovenia\/wp-json\/wp\/v2\/tags?post=54"}],"curies":[{"name":"wp","href":"https:\/\/api.w.org\/{rel}","templated":true}]}}