{"id":9,"date":"2018-05-08T14:32:38","date_gmt":"2018-05-08T14:32:38","guid":{"rendered":"https:\/\/k8s.p4.greenpeace.org\/defaultcontent\/?page_id=9"},"modified":"2026-04-08T10:56:25","modified_gmt":"2026-04-08T08:56:25","slug":"ukrepaj","status":"publish","type":"page","link":"https:\/\/www.greenpeace.org\/slovenia\/ukrepaj\/","title":{"rendered":"Podpri"},"content":{"rendered":"\n                \n                <div class=\"wp-block-group alignfull is-layout-flow wp-block-group-is-layout-flow\">\n                \n                <div class=\"wp-block-group container is-layout-flow wp-block-group-is-layout-flow\">\n                \n                <div class=\"wp-block-media-text alignfull has-media-on-the-right is-stacked-on-mobile is-pattern-p4-page-header is-style-parallax\">\n\n                <div class=\"wp-block-media-text__content\">\n                    <div class=\"wp-block-group is-layout-flow wp-block-group-is-layout-flow\">\n                    \n                        <h1 class=\"wp-block-heading has-white-background-color has-background\">\n                            Podpri\n                        <\/h1>\n                    <\/div>\n                \n\n                \n                        <p style=\"font-size:1.25rem\">\n                            Ne nasedamo praznim obljubam. Delujemo skupaj, z upanjem in odlo\u010dnostjo. Prevzamemo nemogo\u010de. Smo vsakdanji ljudje, povezani po vsem svetu, ki vstopajo v milijardo dejanj poguma.\r\n\r\n<strong>Pridru\u017ei se nam \u0161e danes. Ukrepaj!<\/strong> \u00a0\n                        <\/p>\n                    \n\n                \n\n                <\/div>\n                <figure class=\"wp-block-media-text__media\">\n                    <img loading=\"lazy\" decoding=\"async\" width=\"2688\" height=\"1952\"\n                        src=\"https:\/\/www.greenpeace.org\/static\/planet4-slovenia-stateless\/2019\/09\/ecc89d63-ukrepaj.jpg\"\n                        alt=\"\"\n                        sizes=\"auto, (min-width: 601px) 50vw, 100vw\" srcset=\"https:\/\/www.greenpeace.org\/static\/planet4-slovenia-stateless\/2019\/09\/ecc89d63-ukrepaj.jpg 2688w, https:\/\/www.greenpeace.org\/static\/planet4-slovenia-stateless\/2019\/09\/ecc89d63-ukrepaj-300x218.jpg 300w, https:\/\/www.greenpeace.org\/static\/planet4-slovenia-stateless\/2019\/09\/ecc89d63-ukrepaj-768x558.jpg 768w, https:\/\/www.greenpeace.org\/static\/planet4-slovenia-stateless\/2019\/09\/ecc89d63-ukrepaj-1024x744.jpg 1024w, https:\/\/www.greenpeace.org\/static\/planet4-slovenia-stateless\/2019\/09\/ecc89d63-ukrepaj-1881x1366.jpg 1881w, https:\/\/www.greenpeace.org\/static\/planet4-slovenia-stateless\/2019\/09\/ecc89d63-ukrepaj-468x340.jpg 468w\" class=\"wp-image-2269 size-full\"\n                    \/>\n                <\/figure>\n                <\/div>\n                \n                <\/div>\n                \n                <\/div>\n                \n                <h2>Kako lahko ukrepa\u0161?<\/h2><\/p>\n\n        <div class=\"wp-block-query actions-list p4-query-loop is-custom-layout-actions-list is-custom-layout-grid is-layout-grid wp-container-core-query-is-layout-29f43435 wp-block-query-is-layout-grid\"><h2 class=\"wp-block-heading\"><\/h2>\n        <p style=\"margin-top: 24px; margin-bottom: 32px;\"><\/p>\n        \n        <ul class=\"wp-block-post-template is-layout-flow wp-block-post-template-is-layout-flow\"><li class=\"wp-block-post post-79152 p4_action type-p4_action status-publish has-post-thumbnail hentry category-narava tag-gozdovi action-type-petitions\">\n                <figure class=\"wp-block-post-featured-image\"><img loading=\"lazy\" decoding=\"async\" width=\"800\" height=\"533\" src=\"https:\/\/www.greenpeace.org\/static\/planet4-slovenia-stateless\/2025\/09\/2a1e48b6-gp0stwqr6_low-res-with-credit-line-800px.jpg\" class=\"attachment-post-thumbnail size-post-thumbnail wp-post-image wp-stateless-item\" alt=\"\" style=\"object-fit:cover;\" srcset=\"https:\/\/www.greenpeace.org\/static\/planet4-slovenia-stateless\/2025\/09\/2a1e48b6-gp0stwqr6_low-res-with-credit-line-800px.jpg 800w, https:\/\/www.greenpeace.org\/static\/planet4-slovenia-stateless\/2025\/09\/2a1e48b6-gp0stwqr6_low-res-with-credit-line-800px-300x200.jpg 300w, https:\/\/www.greenpeace.org\/static\/planet4-slovenia-stateless\/2025\/09\/2a1e48b6-gp0stwqr6_low-res-with-credit-line-800px-768x512.jpg 768w, https:\/\/www.greenpeace.org\/static\/planet4-slovenia-stateless\/2025\/09\/2a1e48b6-gp0stwqr6_low-res-with-credit-line-800px-510x340.jpg 510w\" sizes=\"auto, (max-width: 800px) 100vw, 800px\" data-image-size=\"post-thumbnail\" data-stateless-media-bucket=\"planet4-slovenia-stateless\" data-stateless-media-name=\"2025\/09\/2a1e48b6-gp0stwqr6_low-res-with-credit-line-800px.jpg\" \/><\/figure>\n                \n                <div class=\"wp-block-group group-stretched-link is-layout-flow wp-block-group-is-layout-flow\"><div class=\"wp-block-post-terms\">Narava<\/div>\n                <h3 class=\"wp-block-post-title\"><a href=\"https:\/\/www.greenpeace.org\/slovenia\/petitions\/doniraj-za-ekspedicijo-v-romunijo\/\" target=\"_self\" >Doniraj za ekspedicijo v Romunijo<\/a><\/h3>\n                <div class=\"wp-block-post-excerpt\"><p class=\"wp-block-post-excerpt__excerpt\">Poleti smo stali sredi starodavnih gozdov Karpatov v Romuniji. To, kar smo tam odkrili, nas preganja \u0161e danes: poseki in mogo\u010dna stoletna drevesa zravnana do \u0161torov. Potrebujemo 4.000 \u20ac za vrnitev v Romunijo in nadaljevanje pritiska na Ikeo! <\/p><\/div><\/div>\n                \n                \n        <div class=\"wp-block-group read-more-nav is-layout-flow wp-block-group-is-layout-flow\"><a href=\"https:\/\/www.greenpeace.org\/slovenia\/petitions\/doniraj-za-ekspedicijo-v-romunijo\/\" class=\"btn btn-primary btn-small\" aria-label=\"ukrepaj\">Doniraj danes<\/a>\n        \n        \n        <\/div>\n        \n                <\/li><li class=\"wp-block-post post-79035 p4_action type-p4_action status-publish has-post-thumbnail hentry category-narava tag-gozdovi action-type-petitions\">\n                <figure class=\"wp-block-post-featured-image\"><img loading=\"lazy\" decoding=\"async\" width=\"1199\" height=\"899\" src=\"https:\/\/www.greenpeace.org\/static\/planet4-slovenia-stateless\/2019\/12\/514f86a5-gp0sttlla.jpg\" class=\"attachment-post-thumbnail size-post-thumbnail wp-post-image wp-stateless-item\" alt=\"Forest Destruction in Finland. \u00a9 Jani Sipil\u00e4 \/ Greenpeace\" style=\"object-fit:cover;\" srcset=\"https:\/\/www.greenpeace.org\/static\/planet4-slovenia-stateless\/2019\/12\/514f86a5-gp0sttlla.jpg 1199w, https:\/\/www.greenpeace.org\/static\/planet4-slovenia-stateless\/2019\/12\/514f86a5-gp0sttlla-300x225.jpg 300w, https:\/\/www.greenpeace.org\/static\/planet4-slovenia-stateless\/2019\/12\/514f86a5-gp0sttlla-1024x768.jpg 1024w, https:\/\/www.greenpeace.org\/static\/planet4-slovenia-stateless\/2019\/12\/514f86a5-gp0sttlla-768x576.jpg 768w, https:\/\/www.greenpeace.org\/static\/planet4-slovenia-stateless\/2019\/12\/514f86a5-gp0sttlla-453x340.jpg 453w\" sizes=\"auto, (max-width: 1199px) 100vw, 1199px\" data-image-size=\"post-thumbnail\" data-stateless-media-bucket=\"planet4-slovenia-stateless\" data-stateless-media-name=\"2019\/12\/514f86a5-gp0sttlla.jpg\" \/><\/figure>\n                \n                <div class=\"wp-block-group group-stretched-link is-layout-flow wp-block-group-is-layout-flow\"><div class=\"wp-block-post-terms\">Narava<\/div>\n                <h3 class=\"wp-block-post-title\"><a href=\"https:\/\/www.greenpeace.org\/slovenia\/petitions\/zascitimo-gozdove\/\" target=\"_self\" >Peticija za za\u0161\u010dito gozdov<\/a><\/h3>\n                <div class=\"wp-block-post-excerpt\"><p class=\"wp-block-post-excerpt__excerpt\">\u010ceprav korporacije in vlade \u017ee leta obljubljajo konec uni\u010devanja gozdov, vsako leto znova izginjajo stoletna drevesa \u2013 tako doma kot po svetu. Dovolj je praznih obljub! \u010casa za odla\u0161anje ni ve\u010d! <\/p><\/div><\/div>\n                \n                \n        <div class=\"wp-block-group read-more-nav is-layout-flow wp-block-group-is-layout-flow\"><a href=\"https:\/\/www.greenpeace.org\/slovenia\/petitions\/zascitimo-gozdove\/\" class=\"btn btn-primary btn-small\" aria-label=\"Pridru\u017ei se\">Pridru\u017ei se<\/a>\n        \n        \n        <\/div>\n        \n                <\/li><li class=\"wp-block-post post-78960 p4_action type-p4_action status-publish has-post-thumbnail hentry category-narava tag-oceani action-type-petitions\">\n                <figure class=\"wp-block-post-featured-image\"><img loading=\"lazy\" decoding=\"async\" width=\"1920\" height=\"1080\" src=\"https:\/\/www.greenpeace.org\/static\/planet4-slovenia-stateless\/2026\/03\/570372ba-2026-oceani-thumbnail.jpg\" class=\"attachment-post-thumbnail size-post-thumbnail wp-post-image wp-stateless-item\" alt=\"\" style=\"object-fit:cover;\" srcset=\"https:\/\/www.greenpeace.org\/static\/planet4-slovenia-stateless\/2026\/03\/570372ba-2026-oceani-thumbnail.jpg 1920w, https:\/\/www.greenpeace.org\/static\/planet4-slovenia-stateless\/2026\/03\/570372ba-2026-oceani-thumbnail-300x169.jpg 300w, https:\/\/www.greenpeace.org\/static\/planet4-slovenia-stateless\/2026\/03\/570372ba-2026-oceani-thumbnail-1024x576.jpg 1024w, https:\/\/www.greenpeace.org\/static\/planet4-slovenia-stateless\/2026\/03\/570372ba-2026-oceani-thumbnail-768x432.jpg 768w, https:\/\/www.greenpeace.org\/static\/planet4-slovenia-stateless\/2026\/03\/570372ba-2026-oceani-thumbnail-1536x864.jpg 1536w, https:\/\/www.greenpeace.org\/static\/planet4-slovenia-stateless\/2026\/03\/570372ba-2026-oceani-thumbnail-510x287.jpg 510w\" sizes=\"auto, (max-width: 1920px) 100vw, 1920px\" data-image-size=\"post-thumbnail\" data-stateless-media-bucket=\"planet4-slovenia-stateless\" data-stateless-media-name=\"2026\/03\/570372ba-2026-oceani-thumbnail.jpg\" \/><\/figure>\n                \n                <div class=\"wp-block-group group-stretched-link is-layout-flow wp-block-group-is-layout-flow\"><div class=\"wp-block-post-terms\">Narava<\/div>\n                <h3 class=\"wp-block-post-title\"><a href=\"https:\/\/www.greenpeace.org\/slovenia\/petitions\/zascitimo-oceane\/\" target=\"_self\" >Ustvarimo za\u0161\u010ditena morska obmo\u010dja!<\/a><\/h3>\n                <div class=\"wp-block-post-excerpt\"><p class=\"wp-block-post-excerpt__excerpt\">Zakaj je va\u0161 podpis pomemben? \u017dalostna resnica je, da je trenutno popolnoma za\u0161\u010ditenih manj kot 1 % odprtih morij, kar je po mnenju znanstvenikov kriti\u010dno premalo za pre\u017eivetje ekosistemov \u2013 30 % je nujni minimum, ki ga oceani potrebujejo, da si opomorejo po desetletjih ropanja in uni\u010devanja. Na sre\u010do imamo v rokah pomembno orodje &#8211;&hellip; <\/p><\/div><\/div>\n                \n                \n        <div class=\"wp-block-group read-more-nav is-layout-flow wp-block-group-is-layout-flow\"><a href=\"https:\/\/www.greenpeace.org\/slovenia\/petitions\/zascitimo-oceane\/\" class=\"btn btn-primary btn-small\" aria-label=\"ukrepaj\">Podpi\u0161i peticijo<\/a>\n        \n        \n        <\/div>\n        \n                <\/li><li class=\"wp-block-post post-53104 p4_action type-p4_action status-publish has-post-thumbnail hentry category-narava tag-gozdovi action-type-act\">\n                <figure class=\"wp-block-post-featured-image\"><img loading=\"lazy\" decoding=\"async\" width=\"2560\" height=\"1707\" src=\"https:\/\/www.greenpeace.org\/static\/planet4-slovenia-stateless\/2025\/10\/d10d20e2-gp0su6o5b-scaled.jpg\" class=\"attachment-post-thumbnail size-post-thumbnail wp-post-image wp-stateless-item\" alt=\"\" style=\"object-fit:cover;\" srcset=\"https:\/\/www.greenpeace.org\/static\/planet4-slovenia-stateless\/2025\/10\/d10d20e2-gp0su6o5b-scaled.jpg 2560w, https:\/\/www.greenpeace.org\/static\/planet4-slovenia-stateless\/2025\/10\/d10d20e2-gp0su6o5b-300x200.jpg 300w, https:\/\/www.greenpeace.org\/static\/planet4-slovenia-stateless\/2025\/10\/d10d20e2-gp0su6o5b-1024x683.jpg 1024w, https:\/\/www.greenpeace.org\/static\/planet4-slovenia-stateless\/2025\/10\/d10d20e2-gp0su6o5b-768x512.jpg 768w, https:\/\/www.greenpeace.org\/static\/planet4-slovenia-stateless\/2025\/10\/d10d20e2-gp0su6o5b-1536x1024.jpg 1536w, https:\/\/www.greenpeace.org\/static\/planet4-slovenia-stateless\/2025\/10\/d10d20e2-gp0su6o5b-2048x1366.jpg 2048w, https:\/\/www.greenpeace.org\/static\/planet4-slovenia-stateless\/2025\/10\/d10d20e2-gp0su6o5b-510x340.jpg 510w\" sizes=\"auto, (max-width: 2560px) 100vw, 2560px\" data-image-size=\"post-thumbnail\" data-stateless-media-bucket=\"planet4-slovenia-stateless\" data-stateless-media-name=\"2025\/10\/d10d20e2-gp0su6o5b-scaled.jpg\" \/><\/figure>\n                \n                <div class=\"wp-block-group group-stretched-link is-layout-flow wp-block-group-is-layout-flow\"><div class=\"wp-block-post-terms\">Narava<\/div>\n                <h3 class=\"wp-block-post-title\"><a href=\"https:\/\/www.greenpeace.org\/slovenia\/act\/poziv-ikea\/\" target=\"_self\" >Pozovi IKEO: dovolj uni\u010devanja gozdov!<\/a><\/h3>\n                <div class=\"wp-block-post-excerpt\"><p class=\"wp-block-post-excerpt__excerpt\">Po\u0161lji sporo\u010dilo Ikei Slovenija in ji povej, da je dovolj uni\u010devanja dragocenih gozdov za poceni pohi\u0161tvo! Predlagano besedilo spodaj lahko po\u0161ljete tako, kot je zapisano, ali pa ga po \u017eelji prilagodite. Prosimo, da pri pisanju ohranite spo\u0161tljiv ton komunikacije. Za kaj sploh gre? Lani smo razkrili, da proizvajalci pohi\u0161tva za podjetje IKEA uporabljajo les iz&hellip; <\/p><\/div><\/div>\n                \n                \n        <div class=\"wp-block-group read-more-nav is-layout-flow wp-block-group-is-layout-flow\"><a href=\"https:\/\/www.greenpeace.org\/slovenia\/act\/poziv-ikea\/\" class=\"btn btn-primary btn-small\" aria-label=\"ukrepaj\">Po\u0161lji poziv<\/a>\n        \n        \n        <\/div>\n        \n                <\/li><li class=\"wp-block-post post-77534 p4_action type-p4_action status-publish has-post-thumbnail hentry category-narava tag-oceani action-type-act\">\n                <figure class=\"wp-block-post-featured-image\"><img loading=\"lazy\" decoding=\"async\" width=\"1200\" height=\"800\" src=\"https:\/\/www.greenpeace.org\/static\/planet4-slovenia-stateless\/2025\/10\/79a16d72-gp0su3vmi.jpg\" class=\"attachment-post-thumbnail size-post-thumbnail wp-post-image wp-stateless-item\" alt=\"Bottlenose Dolphins (Tursiops) in the deep blue waters, 600 metres deep and located 15 kilometres off Lord Howe Island. \u00a9 Greenpeace \/ BRIDGET FERGUSON\" style=\"object-fit:cover;\" srcset=\"https:\/\/www.greenpeace.org\/static\/planet4-slovenia-stateless\/2025\/10\/79a16d72-gp0su3vmi.jpg 1200w, https:\/\/www.greenpeace.org\/static\/planet4-slovenia-stateless\/2025\/10\/79a16d72-gp0su3vmi-300x200.jpg 300w, https:\/\/www.greenpeace.org\/static\/planet4-slovenia-stateless\/2025\/10\/79a16d72-gp0su3vmi-1024x683.jpg 1024w, https:\/\/www.greenpeace.org\/static\/planet4-slovenia-stateless\/2025\/10\/79a16d72-gp0su3vmi-768x512.jpg 768w, https:\/\/www.greenpeace.org\/static\/planet4-slovenia-stateless\/2025\/10\/79a16d72-gp0su3vmi-510x340.jpg 510w\" sizes=\"auto, (max-width: 1200px) 100vw, 1200px\" data-image-size=\"post-thumbnail\" data-stateless-media-bucket=\"planet4-slovenia-stateless\" data-stateless-media-name=\"2025\/10\/79a16d72-gp0su3vmi.jpg\" \/><\/figure>\n                \n                <div class=\"wp-block-group group-stretched-link is-layout-flow wp-block-group-is-layout-flow\"><div class=\"wp-block-post-terms\">Narava<\/div>\n                <h3 class=\"wp-block-post-title\"><a href=\"https:\/\/www.greenpeace.org\/slovenia\/act\/oceanska-ozadja\/\" target=\"_self\" >Ozadja z motivi oceana<\/a><\/h3>\n                <div class=\"wp-block-post-excerpt\"><p class=\"wp-block-post-excerpt__excerpt\">Prenesite na\u0161a ekskluzivna oceanska ozadja in u\u017eivajte v \u010dudovitem svetu oceanov na svojem namizju ali mobilnem telefonu. <\/p><\/div><\/div>\n                \n                \n        <div class=\"wp-block-group read-more-nav is-layout-flow wp-block-group-is-layout-flow\"><a href=\"https:\/\/www.greenpeace.org\/slovenia\/act\/oceanska-ozadja\/\" class=\"btn btn-primary btn-small\" aria-label=\"Pridru\u017ei se\">Pridru\u017ei se<\/a>\n        \n        \n        <\/div>\n        \n                <\/li><li class=\"wp-block-post post-52222 p4_action type-p4_action status-publish has-post-thumbnail hentry category-narava tag-oceani action-type-petitions\">\n                <figure class=\"wp-block-post-featured-image\"><img loading=\"lazy\" decoding=\"async\" width=\"800\" height=\"533\" src=\"https:\/\/www.greenpeace.org\/static\/planet4-slovenia-stateless\/2025\/01\/eb47d39e-gp0stpmcd_web_size.jpg\" class=\"attachment-post-thumbnail size-post-thumbnail wp-post-image wp-stateless-item\" alt=\"\" style=\"object-fit:cover;\" srcset=\"https:\/\/www.greenpeace.org\/static\/planet4-slovenia-stateless\/2025\/01\/eb47d39e-gp0stpmcd_web_size.jpg 800w, https:\/\/www.greenpeace.org\/static\/planet4-slovenia-stateless\/2025\/01\/eb47d39e-gp0stpmcd_web_size-300x200.jpg 300w, https:\/\/www.greenpeace.org\/static\/planet4-slovenia-stateless\/2025\/01\/eb47d39e-gp0stpmcd_web_size-768x512.jpg 768w, https:\/\/www.greenpeace.org\/static\/planet4-slovenia-stateless\/2025\/01\/eb47d39e-gp0stpmcd_web_size-510x340.jpg 510w\" sizes=\"auto, (max-width: 800px) 100vw, 800px\" data-image-size=\"post-thumbnail\" data-stateless-media-bucket=\"planet4-slovenia-stateless\" data-stateless-media-name=\"2025\/01\/eb47d39e-gp0stpmcd_web_size.jpg\" \/><\/figure>\n                \n                <div class=\"wp-block-group group-stretched-link is-layout-flow wp-block-group-is-layout-flow\"><div class=\"wp-block-post-terms\">Narava<\/div>\n                <h3 class=\"wp-block-post-title\"><a href=\"https:\/\/www.greenpeace.org\/slovenia\/petitions\/ustavimo-globokomorsko-rudarjenje\/\" target=\"_self\" >Ustavimo globokomorsko rudarjenje<\/a><\/h3>\n                <div class=\"wp-block-post-excerpt\"><p class=\"wp-block-post-excerpt__excerpt\">Globoko morje je eno najve\u010djih, a hkrati eno najmanj poznanih naravnih bogastev na\u0161ega planeta. Podjetja pritiskajo na vlade, naj jim dovolijo rudarjenje po morskem dnu za lasten profit. <\/p><\/div><\/div>\n                \n                \n        <div class=\"wp-block-group read-more-nav is-layout-flow wp-block-group-is-layout-flow\"><a href=\"https:\/\/www.greenpeace.org\/slovenia\/petitions\/ustavimo-globokomorsko-rudarjenje\/\" class=\"btn btn-primary btn-small\" aria-label=\"Podpi\u0161i peticijo\">Podpi\u0161i peticijo<\/a>\n        \n        \n        <\/div>\n        \n                <\/li><\/ul>\n        \n<div class=\"wp-block-buttons carousel-controls is-horizontal is-content-justification-space-between is-nowrap is-layout-flex wp-container-core-buttons-is-layout-044bd602 wp-block-buttons-is-layout-flex\">\n            <div class=\"wp-block-button carousel-control-prev\"><button type=\"button\" class=\"wp-block-button__link wp-element-button\">Prev<\/button><\/div>\n        \n\n            <div class=\"wp-block-button carousel-control-next\"><button type=\"button\" class=\"wp-block-button__link wp-element-button\">Next<\/button><\/div>\n        <\/div>\n\n        \n<div class=\"wp-block-buttons load-more-actions-container is-content-justification-center is-layout-flex wp-container-core-buttons-is-layout-16018d1d wp-block-buttons-is-layout-flex\">\n                <div class=\"wp-block-button is-style-secondary\"><button type=\"button\" class=\"wp-block-button__link wp-element-button\">Nalo\u017ei ve\u010d<\/button><\/div>\n            \n<\/div>\n<\/div>\n        \n<p><\/p>\n<div data-render=\"planet4-blocks\/happypoint\" data-attributes=\"{&quot;attributes&quot;:{&quot;focus_image&quot;:&quot;50% 50%&quot;,&quot;opacity&quot;:18,&quot;id&quot;:1725,&quot;use_embed_code&quot;:true,&quot;override_default_content&quot;:true,&quot;local_content_provider&quot;:&quot;embed_code&quot;}}\"><\/div>","protected":false},"excerpt":{"rendered":"<p>Kako lahko ukrepa\u0161?<\/p>\n","protected":false},"author":1,"featured_media":0,"parent":0,"menu_order":0,"comment_status":"closed","ping_status":"closed","template":"","meta":{"ep_exclude_from_search":false,"p4_hide_page_title_checkbox":"on","p4_title":"","p4_subtitle":"","p4_description":"","background_image_id":"","background_image":"","p4_button_title":"","p4_button_link":"","p4_button_link_checkbox":"","p4_og_title":"","p4_og_description":"","p4_og_image":"","p4_og_image_id":"","p4_seo_canonical_url":"","p4_campaign_name":"not set","p4_local_project":"not set","p4_basket_name":"not set","p4_department":"","footnotes":""},"categories":[],"tags":[],"class_list":["post-9","page","type-page","status-publish","hentry"],"_links":{"self":[{"href":"https:\/\/www.greenpeace.org\/slovenia\/wp-json\/wp\/v2\/pages\/9","targetHints":{"allow":["GET"]}}],"collection":[{"href":"https:\/\/www.greenpeace.org\/slovenia\/wp-json\/wp\/v2\/pages"}],"about":[{"href":"https:\/\/www.greenpeace.org\/slovenia\/wp-json\/wp\/v2\/types\/page"}],"author":[{"embeddable":true,"href":"https:\/\/www.greenpeace.org\/slovenia\/wp-json\/wp\/v2\/users\/1"}],"replies":[{"embeddable":true,"href":"https:\/\/www.greenpeace.org\/slovenia\/wp-json\/wp\/v2\/comments?post=9"}],"version-history":[{"count":20,"href":"https:\/\/www.greenpeace.org\/slovenia\/wp-json\/wp\/v2\/pages\/9\/revisions"}],"predecessor-version":[{"id":79148,"href":"https:\/\/www.greenpeace.org\/slovenia\/wp-json\/wp\/v2\/pages\/9\/revisions\/79148"}],"wp:attachment":[{"href":"https:\/\/www.greenpeace.org\/slovenia\/wp-json\/wp\/v2\/media?parent=9"}],"wp:term":[{"taxonomy":"category","embeddable":true,"href":"https:\/\/www.greenpeace.org\/slovenia\/wp-json\/wp\/v2\/categories?post=9"},{"taxonomy":"post_tag","embeddable":true,"href":"https:\/\/www.greenpeace.org\/slovenia\/wp-json\/wp\/v2\/tags?post=9"}],"curies":[{"name":"wp","href":"https:\/\/api.w.org\/{rel}","templated":true}]}}