{"id":13,"date":"2018-05-08T14:32:59","date_gmt":"2018-05-08T13:32:59","guid":{"rendered":"https:\/\/k8s.p4.greenpeace.org\/defaultcontent\/?page_id=13"},"modified":"2026-08-19T11:17:33","modified_gmt":"2026-08-19T10:17:33","slug":"hem","status":"publish","type":"page","link":"https:\/\/www.greenpeace.org\/sweden\/","title":{"rendered":"Hem"},"content":{"rendered":"\n<div data-hydrate=\"planet4-blocks\/carousel-header\" data-attributes=\"{&quot;carousel_autoplay&quot;:true,&quot;slides&quot;:[{&quot;image&quot;:67912,&quot;focal_points&quot;:{&quot;x&quot;:0.53,&quot;y&quot;:0.42},&quot;header&quot;:&quot;Vi \u00e4r Sverige - bli del av r\u00f6relsen&quot;,&quot;description&quot;:&quot;Bli ny m\u00e5nadsgivare h\u00e4r s\u00e5 f\u00e5r du v\u00e5r unika \\&quot;Vi \u00e4r Sverige\\&quot; t-shirt som tack f\u00f6r ditt st\u00f6d. Tillsammans st\u00e5r vi upp f\u00f6r en b\u00e4ttre framtid!&quot;,&quot;link_text&quot;:&quot;Bli m\u00e5nadsgivare h\u00e4r, f\u00e5 tr\u00f6jan \ud83d\udc9a &quot;,&quot;link_url&quot;:&quot;https:\/\/stod.greenpeace.org\/tshirt\/~se-min-donation&quot;,&quot;link_url_new_tab&quot;:false,&quot;image_url&quot;:&quot;https:\/\/www.greenpeace.org\/static\/planet4-sweden-stateless\/2026\/08\/b5336653-vi-ar-sverige.-mail-header-1-1024x576.jpg&quot;,&quot;image_srcset&quot;:&quot;https:\/\/www.greenpeace.org\/static\/planet4-sweden-stateless\/2026\/08\/b5336653-vi-ar-sverige.-mail-header-1-300x169.jpg 300w,https:\/\/www.greenpeace.org\/static\/planet4-sweden-stateless\/2026\/08\/b5336653-vi-ar-sverige.-mail-header-1-1024x576.jpg 1024w,https:\/\/www.greenpeace.org\/static\/planet4-sweden-stateless\/2026\/08\/b5336653-vi-ar-sverige.-mail-header-1-150x150.jpg 150w,https:\/\/www.greenpeace.org\/static\/planet4-sweden-stateless\/2026\/08\/b5336653-vi-ar-sverige.-mail-header-1-768x432.jpg 768w,https:\/\/www.greenpeace.org\/static\/planet4-sweden-stateless\/2026\/08\/b5336653-vi-ar-sverige.-mail-header-1-1536x864.jpg 1536w,https:\/\/www.greenpeace.org\/static\/planet4-sweden-stateless\/2026\/08\/b5336653-vi-ar-sverige.-mail-header-1-510x287.jpg 510w&quot;,&quot;image_alt&quot;:&quot;Bli m\u00e5nadsgivare hos Greenpeace via den h\u00e4r l\u00e4nken och f\u00e5 en unik Vi \u00e4r Sverige-tr\u00f6ja&quot;},{&quot;image&quot;:67123,&quot;focal_points&quot;:[],&quot;header&quot;:&quot;Demokrati \u00e4r det nya gr\u00f6na&quot;,&quot;description&quot;:&quot;Det Sverige vi k\u00e4nner och \u00e4lskar hotas av Tid\u00f6partierna, som s\u00e4tter skattes\u00e4nkningar och profit f\u00f6r storf\u00f6retag framf\u00f6r v\u00e5r gemensamma milj\u00f6 och en l\u00e5ngsiktigt h\u00e5llbar v\u00e4lf\u00e4rd - och som svartm\u00e5lar de som protesterar. St\u00e5 upp f\u00f6r en ljusare framtid i valet! &quot;,&quot;link_text&quot;:&quot;G\u00c5 TILL GREENPEACE VALSIDA&quot;,&quot;link_url&quot;:&quot;https:\/\/www.greenpeace.org\/sweden\/agera\/val2026\/&quot;,&quot;link_url_new_tab&quot;:false,&quot;image_url&quot;:&quot;https:\/\/www.greenpeace.org\/static\/planet4-sweden-stateless\/2026\/05\/b9482ed1-election-campaign-website-headers-8.jpg&quot;,&quot;image_srcset&quot;:&quot;https:\/\/www.greenpeace.org\/static\/planet4-sweden-stateless\/2026\/05\/b9482ed1-election-campaign-website-headers-8-150x150.jpg 150w,https:\/\/www.greenpeace.org\/static\/planet4-sweden-stateless\/2026\/05\/b9482ed1-election-campaign-website-headers-8-300x140.jpg 300w,https:\/\/www.greenpeace.org\/static\/planet4-sweden-stateless\/2026\/05\/b9482ed1-election-campaign-website-headers-8-1024x477.jpg 1024w,https:\/\/www.greenpeace.org\/static\/planet4-sweden-stateless\/2026\/05\/b9482ed1-election-campaign-website-headers-8.jpg 1366w&quot;},{&quot;image&quot;:65513,&quot;focal_points&quot;:[],&quot;header&quot;:&quot;Vi beh\u00f6ver modiga ledare.&quot;,&quot;description&quot;:&quot;Det h\u00e4r \u00e4r en global uppmaning till v\u00e5ra ledare: det \u00e4r dags att st\u00e5 upp f\u00f6r fred, klimat och demokrati. &quot;,&quot;link_text&quot;:&quot;H\u00e5ller du med?&quot;,&quot;link_url&quot;:&quot;https:\/\/www.greenpeace.org\/sweden\/agera\/global-uppmaning-till-modig-ledarskap\/&quot;,&quot;link_url_new_tab&quot;:false,&quot;image_url&quot;:&quot;https:\/\/www.greenpeace.org\/static\/planet4-sweden-stateless\/2026\/01\/d70ef2de-gp0stpg7f.jpg&quot;,&quot;image_srcset&quot;:&quot;https:\/\/www.greenpeace.org\/static\/planet4-sweden-stateless\/2026\/01\/d70ef2de-gp0stpg7f-150x150.jpg 150w,https:\/\/www.greenpeace.org\/static\/planet4-sweden-stateless\/2026\/01\/d70ef2de-gp0stpg7f-300x200.jpg 300w,https:\/\/www.greenpeace.org\/static\/planet4-sweden-stateless\/2026\/01\/d70ef2de-gp0stpg7f-1024x683.jpg 1024w,https:\/\/www.greenpeace.org\/static\/planet4-sweden-stateless\/2026\/01\/d70ef2de-gp0stpg7f.jpg 1200w&quot;},{&quot;image&quot;:61441,&quot;focal_points&quot;:{&quot;x&quot;:0.05,&quot;y&quot;:0.64},&quot;header&quot;:&quot;St\u00e5 upp med oss i kampen mot oljej\u00e4ttarna!&quot;,&quot;description&quot;:&quot;Fossilindustrin f\u00f6rs\u00f6ker skr\u00e4mma oss till tystnad, men vi ger aldrig upp. Vi kommer k\u00e4mpa, f\u00f6r v\u00e5r och planetens \u00f6verlevnad! Nu beh\u00f6ver vi din hj\u00e4lp, mer \u00e4n n\u00e5gonsin. Som m\u00e5nadsgivare st\u00e5r du p\u00e5 r\u00e4ttvisans, naturens och framtidens sida. &quot;,&quot;link_text&quot;:&quot;Bli m\u00e5nadsgivare &quot;,&quot;link_url&quot;:&quot;https:\/\/stod.greenpeace.org\/slapp\/~se-min-donation&quot;,&quot;image_url&quot;:&quot;https:\/\/www.greenpeace.org\/static\/planet4-sweden-stateless\/2024\/10\/a4778dd4-gp0stv8zy_medium-res-1200px.jpg&quot;,&quot;image_srcset&quot;:&quot;https:\/\/www.greenpeace.org\/static\/planet4-sweden-stateless\/2024\/10\/a4778dd4-gp0stv8zy_medium-res-1200px-150x150.jpg 150w,https:\/\/www.greenpeace.org\/static\/planet4-sweden-stateless\/2024\/10\/a4778dd4-gp0stv8zy_medium-res-1200px-300x200.jpg 300w,https:\/\/www.greenpeace.org\/static\/planet4-sweden-stateless\/2024\/10\/a4778dd4-gp0stv8zy_medium-res-1200px-1024x683.jpg 1024w,https:\/\/www.greenpeace.org\/static\/planet4-sweden-stateless\/2024\/10\/a4778dd4-gp0stv8zy_medium-res-1200px-510x340.jpg 510w,https:\/\/www.greenpeace.org\/static\/planet4-sweden-stateless\/2024\/10\/a4778dd4-gp0stv8zy_medium-res-1200px.jpg 1200w&quot;,&quot;link_url_new_tab&quot;:true}],&quot;currentImageIndex&quot;:0}\"><section class=\"block block-header alignfull carousel-header \" aria-label=\"Greenpeace highlights\" aria-roledescription=\"carousel\"><div class=\"carousel-indicators-wrapper\"><div class=\"container\"><button aria-label=\"Autoplay\" class=\"carousel-autoplay-control stop\" aria-pressed=\"true\"><\/button><div class=\"visually-hidden\" aria-live=\"polite\">Slide resumed<\/div><ol class=\"carousel-indicators\" tabindex=\"-1\"><li class=\"active\"><button tabindex=\"0\" aria-label=\"Go to Vi \u00e4r Sverige - bli del av r\u00f6relsen\"><\/button><\/li><li><button tabindex=\"0\" aria-label=\"Go to Demokrati \u00e4r det nya gr\u00f6na\"><\/button><\/li><li><button tabindex=\"0\" aria-label=\"Go to Vi beh\u00f6ver modiga ledare.\"><\/button><\/li><li><button tabindex=\"0\" aria-label=\"Go to St\u00e5 upp med oss i kampen mot oljej\u00e4ttarna!\"><\/button><\/li><\/ol><\/div><\/div><nav aria-label=\"Greenpeace highlights carousel controls\"><button class=\"carousel-control-prev\" aria-label=\"Go to previous slide St\u00e5 upp med oss i kampen mot oljej\u00e4ttarna!\"><span class=\"carousel-control-prev-icon\" aria-hidden=\"true\"><i><\/i><\/span><span class=\"visually-hidden\">Previous<\/span><\/button><button class=\"carousel-control-next\" aria-label=\"Go to next slide Demokrati \u00e4r det nya gr\u00f6na\"><span class=\"carousel-control-next-icon\" aria-hidden=\"true\"><i><\/i><\/span><span class=\"visually-hidden\">Next<\/span><\/button><\/nav><div class=\"carousel-wrapper-header\"><ul class=\"carousel-inner\" role=\"listbox\"><li class=\"carousel-item active\" tabindex=\"0\" role=\"tabpanel\"><div class=\"carousel-item-mask\"><div class=\"background-holder\"><img decoding=\"async\" src=\"https:\/\/www.greenpeace.org\/static\/planet4-sweden-stateless\/2026\/08\/b5336653-vi-ar-sverige.-mail-header-1-1024x576.jpg\" style=\"object-position:53% 42%\" srcSet=\"https:\/\/www.greenpeace.org\/static\/planet4-sweden-stateless\/2026\/08\/b5336653-vi-ar-sverige.-mail-header-1-300x169.jpg 300w,https:\/\/www.greenpeace.org\/static\/planet4-sweden-stateless\/2026\/08\/b5336653-vi-ar-sverige.-mail-header-1-1024x576.jpg 1024w,https:\/\/www.greenpeace.org\/static\/planet4-sweden-stateless\/2026\/08\/b5336653-vi-ar-sverige.-mail-header-1-150x150.jpg 150w,https:\/\/www.greenpeace.org\/static\/planet4-sweden-stateless\/2026\/08\/b5336653-vi-ar-sverige.-mail-header-1-768x432.jpg 768w,https:\/\/www.greenpeace.org\/static\/planet4-sweden-stateless\/2026\/08\/b5336653-vi-ar-sverige.-mail-header-1-1536x864.jpg 1536w,https:\/\/www.greenpeace.org\/static\/planet4-sweden-stateless\/2026\/08\/b5336653-vi-ar-sverige.-mail-header-1-510x287.jpg 510w\" alt=\"Bli m\u00e5nadsgivare hos Greenpeace via den h\u00e4r l\u00e4nken och f\u00e5 en unik Vi \u00e4r Sverige-tr\u00f6ja\"\/><\/div><div class=\"carousel-caption\"><div class=\"caption-overlay\"><\/div><div class=\"container main-header\"><div class=\"carousel-captions-wrapper\"><h2 tabindex=\"0\">Vi \u00e4r Sverige &#8211; bli del av r\u00f6relsen<\/h2><p>Bli ny m\u00e5nadsgivare h\u00e4r s\u00e5 f\u00e5r du v\u00e5r unika &#8221;Vi \u00e4r Sverige&#8221; t-shirt som tack f\u00f6r ditt st\u00f6d. Tillsammans st\u00e5r vi upp f\u00f6r en b\u00e4ttre framtid!<\/p><\/div><div class=\"col-xs-12 col-sm-8 col-md-4 action-button\"><a href=\"https:\/\/stod.greenpeace.org\/tshirt\/~se-min-donation\" class=\"btn btn-primary\" data-ga-category=\"Carousel Header\" data-ga-action=\"Call to Action\" tabindex=\"0\"><span>Bli m\u00e5nadsgivare h\u00e4r, f\u00e5 tr\u00f6jan \ud83d\udc9a <\/span><\/a><\/div><\/div><\/div><\/div><\/li><li class=\"carousel-item \" tabindex=\"-1\" aria-hidden=\"true\" inert=\"true\" role=\"tabpanel\"><div class=\"carousel-item-mask\"><div class=\"background-holder\"><img decoding=\"async\" src=\"https:\/\/www.greenpeace.org\/static\/planet4-sweden-stateless\/2026\/05\/b9482ed1-election-campaign-website-headers-8.jpg\" style=\"object-position:50% 50%\" srcSet=\"https:\/\/www.greenpeace.org\/static\/planet4-sweden-stateless\/2026\/05\/b9482ed1-election-campaign-website-headers-8-150x150.jpg 150w,https:\/\/www.greenpeace.org\/static\/planet4-sweden-stateless\/2026\/05\/b9482ed1-election-campaign-website-headers-8-300x140.jpg 300w,https:\/\/www.greenpeace.org\/static\/planet4-sweden-stateless\/2026\/05\/b9482ed1-election-campaign-website-headers-8-1024x477.jpg 1024w,https:\/\/www.greenpeace.org\/static\/planet4-sweden-stateless\/2026\/05\/b9482ed1-election-campaign-website-headers-8.jpg 1366w\"\/><\/div><div class=\"carousel-caption\"><div class=\"caption-overlay\"><\/div><div class=\"container main-header\"><div class=\"carousel-captions-wrapper\"><h2 tabindex=\"-1\">Demokrati \u00e4r det nya gr\u00f6na<\/h2><p>Det Sverige vi k\u00e4nner och \u00e4lskar hotas av Tid\u00f6partierna, som s\u00e4tter skattes\u00e4nkningar och profit f\u00f6r storf\u00f6retag framf\u00f6r v\u00e5r gemensamma milj\u00f6 och en l\u00e5ngsiktigt h\u00e5llbar v\u00e4lf\u00e4rd &#8211; och som svartm\u00e5lar de som protesterar. St\u00e5 upp f\u00f6r en ljusare framtid i valet! <\/p><\/div><div class=\"col-xs-12 col-sm-8 col-md-4 action-button\"><a href=\"https:\/\/www.greenpeace.org\/sweden\/agera\/val2026\/\" class=\"btn btn-primary\" data-ga-category=\"Carousel Header\" data-ga-action=\"Call to Action\" tabindex=\"-1\"><span>G\u00c5 TILL GREENPEACE VALSIDA<\/span><\/a><\/div><\/div><\/div><\/div><\/li><li class=\"carousel-item \" tabindex=\"-1\" aria-hidden=\"true\" inert=\"true\" role=\"tabpanel\"><div class=\"carousel-item-mask\"><div class=\"background-holder\"><img decoding=\"async\" src=\"https:\/\/www.greenpeace.org\/static\/planet4-sweden-stateless\/2026\/01\/d70ef2de-gp0stpg7f.jpg\" style=\"object-position:50% 50%\" srcSet=\"https:\/\/www.greenpeace.org\/static\/planet4-sweden-stateless\/2026\/01\/d70ef2de-gp0stpg7f-150x150.jpg 150w,https:\/\/www.greenpeace.org\/static\/planet4-sweden-stateless\/2026\/01\/d70ef2de-gp0stpg7f-300x200.jpg 300w,https:\/\/www.greenpeace.org\/static\/planet4-sweden-stateless\/2026\/01\/d70ef2de-gp0stpg7f-1024x683.jpg 1024w,https:\/\/www.greenpeace.org\/static\/planet4-sweden-stateless\/2026\/01\/d70ef2de-gp0stpg7f.jpg 1200w\"\/><\/div><div class=\"carousel-caption\"><div class=\"caption-overlay\"><\/div><div class=\"container main-header\"><div class=\"carousel-captions-wrapper\"><h2 tabindex=\"-1\">Vi beh\u00f6ver modiga ledare.<\/h2><p>Det h\u00e4r \u00e4r en global uppmaning till v\u00e5ra ledare: det \u00e4r dags att st\u00e5 upp f\u00f6r fred, klimat och demokrati. <\/p><\/div><div class=\"col-xs-12 col-sm-8 col-md-4 action-button\"><a href=\"https:\/\/www.greenpeace.org\/sweden\/agera\/global-uppmaning-till-modig-ledarskap\/\" class=\"btn btn-primary\" data-ga-category=\"Carousel Header\" data-ga-action=\"Call to Action\" tabindex=\"-1\"><span>H\u00e5ller du med?<\/span><\/a><\/div><\/div><\/div><\/div><\/li><li class=\"carousel-item \" tabindex=\"-1\" aria-hidden=\"true\" inert=\"true\" role=\"tabpanel\"><div class=\"carousel-item-mask\"><div class=\"background-holder\"><img decoding=\"async\" src=\"https:\/\/www.greenpeace.org\/static\/planet4-sweden-stateless\/2024\/10\/a4778dd4-gp0stv8zy_medium-res-1200px.jpg\" style=\"object-position:5% 64%\" srcSet=\"https:\/\/www.greenpeace.org\/static\/planet4-sweden-stateless\/2024\/10\/a4778dd4-gp0stv8zy_medium-res-1200px-150x150.jpg 150w,https:\/\/www.greenpeace.org\/static\/planet4-sweden-stateless\/2024\/10\/a4778dd4-gp0stv8zy_medium-res-1200px-300x200.jpg 300w,https:\/\/www.greenpeace.org\/static\/planet4-sweden-stateless\/2024\/10\/a4778dd4-gp0stv8zy_medium-res-1200px-1024x683.jpg 1024w,https:\/\/www.greenpeace.org\/static\/planet4-sweden-stateless\/2024\/10\/a4778dd4-gp0stv8zy_medium-res-1200px-510x340.jpg 510w,https:\/\/www.greenpeace.org\/static\/planet4-sweden-stateless\/2024\/10\/a4778dd4-gp0stv8zy_medium-res-1200px.jpg 1200w\"\/><\/div><div class=\"carousel-caption\"><div class=\"caption-overlay\"><\/div><div class=\"container main-header\"><div class=\"carousel-captions-wrapper\"><h2 tabindex=\"-1\">St\u00e5 upp med oss i kampen mot oljej\u00e4ttarna!<\/h2><p>Fossilindustrin f\u00f6rs\u00f6ker skr\u00e4mma oss till tystnad, men vi ger aldrig upp. Vi kommer k\u00e4mpa, f\u00f6r v\u00e5r och planetens \u00f6verlevnad! Nu beh\u00f6ver vi din hj\u00e4lp, mer \u00e4n n\u00e5gonsin. Som m\u00e5nadsgivare st\u00e5r du p\u00e5 r\u00e4ttvisans, naturens och framtidens sida. <\/p><\/div><div class=\"col-xs-12 col-sm-8 col-md-4 action-button\"><a href=\"https:\/\/stod.greenpeace.org\/slapp\/~se-min-donation\" class=\"btn btn-primary\" data-ga-category=\"Carousel Header\" data-ga-action=\"Call to Action\" rel=\"noreferrer noopener\" target=\"_blank\" tabindex=\"-1\"><span>Bli m\u00e5nadsgivare <\/span><\/a><\/div><\/div><\/div><\/div><\/li><\/ul><\/div><\/section><\/div>\n\n<div class=\"wp-block-columns are-vertically-aligned-center is-not-stacked-on-mobile secondary-menu mb-0 mt-0 is-style-mobile-carousel is-layout-flex wp-container-core-columns-is-layout-8f761849 wp-block-columns-is-layout-flex\">\n<div class=\"wp-block-column is-vertically-aligned-center brdr-bottom is-layout-flow wp-block-column-is-layout-flow\">\n<div class=\"wp-block-group is-style-reset-margin is-content-justification-left is-layout-flex wp-container-core-group-is-layout-4448358a wp-block-group-is-layout-flex\">\n<p class=\"has-text-align-center is-style-roboto-font-family nav-link has-gp-nor-green-3-color has-text-color has-link-color wp-elements-de149b0972eb6d3aabe1ee4c6a8f4039 wp-block-paragraph\" style=\"font-size:16px\"><a href=\"#aktuell\" data-type=\"internal\" data-id=\"#issues\">Aktuella klimatfr\u00e5gor<\/a><\/p>\n\n\n\n<p class=\"wp-block-paragraph\">\u2022<\/p>\n\n\n\n<p class=\"is-style-roboto-font-family nav-link has-gp-nor-green-3-color has-text-color has-link-color wp-elements-bbb5798b3c5d6457f918a85a2d9bc881 wp-block-paragraph\" style=\"font-size:16px\"><a href=\"#agera\">Vad du kan g\u00f6ra<\/a><\/p>\n\n\n\n<p class=\"wp-block-paragraph\">\u2022<\/p>\n\n\n\n<p class=\"has-text-align-center is-style-roboto-font-family nav-link has-gp-nor-green-3-color has-text-color has-link-color wp-elements-47a08cbbfb73006ea68a923d66e00dec wp-block-paragraph\" style=\"font-size:16px\"><a href=\"#nyheter\">Nyheter<\/a><\/p>\n\n\n\n<p class=\"wp-block-paragraph\">\u2022<\/p>\n\n\n\n<p class=\"has-text-align-center is-style-roboto-font-family nav-link has-gp-nor-green-3-color has-text-color has-link-color wp-elements-ac39c9c24b83d07aad20a785d068be57 wp-block-paragraph\" style=\"font-size:16px\"><a href=\"#om-oss\">Om oss<\/a><\/p>\n\n\n\n<p class=\"wp-block-paragraph\">\u2022<\/p>\n\n\n\n<p class=\"has-text-align-center is-style-roboto-font-family nav-link has-gp-nor-green-3-color has-text-color has-link-color wp-elements-ce9c89554191d7ae4b8a31645fc04d72 wp-block-paragraph\" style=\"font-size:16px\"><a href=\"#segrar\" data-type=\"internal\" data-id=\"#us\">V\u00e5ra segrar<\/a><\/p>\n\n\n\n<p class=\"wp-block-paragraph\">\u2022<\/p>\n\n\n\n<p class=\"has-text-align-center is-style-roboto-font-family nav-link has-gp-nor-green-3-color has-text-color has-link-color wp-elements-acf7cc04e81fbb20b6d9f0e203909390 wp-block-paragraph\" style=\"font-size:16px\"><a href=\"https:\/\/www.greenpeace.org\/sweden\/agera\/stod-oss\/\" data-type=\"link\" data-id=\"https:\/\/www.greenpeace.org\/sweden\/agera\/stod-oss\/\">St\u00f6d oss<\/a><\/p>\n\n\n\n<p class=\"wp-block-paragraph\">\u2022<\/p>\n\n\n\n<p class=\"has-text-align-center is-style-roboto-font-family nav-link has-gp-nor-green-3-color has-text-color has-link-color wp-elements-bbaee0d3816b466ec3f5eb49a6a8319f wp-block-paragraph\" style=\"font-size:16px\"><a href=\"https:\/\/www.greenpeace.org\/sweden\/om-oss\/kontakta-oss\/\" data-type=\"internal\" data-id=\"#us\">Kontakta oss<\/a><\/p>\n\n\n\n<div style=\"height:30px;width:0px\" aria-hidden=\"true\" class=\"wp-block-spacer wp-container-content-728072c3\"><\/div>\n<\/div>\n<\/div>\n<\/div>\n\n<div class=\"wp-block-group alignfull block mt-0 has-beige-100-background-color has-background is-layout-flow wp-block-group-is-layout-flow\" id=\"aktuell\" style=\"padding-top:60px;padding-bottom:60px\">\n<div class=\"wp-block-group container is-layout-flow wp-block-group-is-layout-flow\">\n<h2 class=\"wp-block-heading has-text-align-left\" style=\"margin-bottom:24px\"><strong><strong>Aktuella klimat- och milj\u00f6fr\u00e5gor<\/strong><\/strong><\/h2>\n\n\n\n<p class=\"has-text-align-left my-0 wp-block-paragraph\">H\u00e4r \u00e4r n\u00e5gra av de klimat- och milj\u00f6fr\u00e5gor vi p\u00e5 Greenpeace jobbar med just nu, b\u00e5de lokalt i Sverige och runt om i v\u00e4rlden.<\/p>\n\n\n\n<div class=\"wp-block-group is-style-space-evenly is-layout-flex wp-block-group-is-layout-flex\" style=\"padding-top:30px;padding-bottom:30px\">\n<div class=\"wp-block-group group-stretched-link has-white-background-color has-background is-horizontal is-content-justification-left is-nowrap is-layout-flex wp-container-core-group-is-layout-1edb5d78 wp-block-group-is-layout-flex\" style=\"border-radius:4px;padding-top:32px;padding-right:16px;padding-bottom:32px;padding-left:16px\">\n<figure class=\"wp-block-image size-large is-resized force-no-lightbox force-no-caption my-0 square-40\"><img loading=\"lazy\" decoding=\"async\" width=\"1024\" height=\"1024\" title=\"15_World_Forests-1-icon\" src=\"https:\/\/www.greenpeace.org\/static\/planet4-sweden-stateless\/2024\/02\/98aab5aa-15_world_forests-1-1024x1024.png\" alt=\"\" class=\"wp-image-58969\" style=\"width:40px;height:40px\" srcset=\"https:\/\/www.greenpeace.org\/static\/planet4-sweden-stateless\/2024\/02\/98aab5aa-15_world_forests-1-1024x1024.png 1024w, https:\/\/www.greenpeace.org\/static\/planet4-sweden-stateless\/2024\/02\/98aab5aa-15_world_forests-1-300x300.png 300w, https:\/\/www.greenpeace.org\/static\/planet4-sweden-stateless\/2024\/02\/98aab5aa-15_world_forests-1-150x150.png 150w, https:\/\/www.greenpeace.org\/static\/planet4-sweden-stateless\/2024\/02\/98aab5aa-15_world_forests-1-768x769.png 768w, https:\/\/www.greenpeace.org\/static\/planet4-sweden-stateless\/2024\/02\/98aab5aa-15_world_forests-1-340x340.png 340w, https:\/\/www.greenpeace.org\/static\/planet4-sweden-stateless\/2024\/02\/98aab5aa-15_world_forests-1.png 1250w\" sizes=\"auto, (max-width: 1024px) 100vw, 1024px\" \/><\/figure>\n\n\n\n<h5 class=\"wp-block-heading has-text-align-left w-auto\" style=\"margin-top:0px;margin-bottom:0px;margin-left:16px;font-size:1rem\"><a href=\"https:\/\/www.greenpeace.org\/sweden\/skog\/svensk-skog\/\">Skydda svensk skog<\/a><\/h5>\n<\/div>\n\n\n\n<div class=\"wp-block-group group-stretched-link has-white-background-color has-background is-horizontal is-content-justification-left is-nowrap is-layout-flex wp-container-core-group-is-layout-1edb5d78 wp-block-group-is-layout-flex\" style=\"border-radius:4px;padding-top:32px;padding-right:16px;padding-bottom:32px;padding-left:16px\">\n<figure class=\"wp-block-image size-large is-resized force-no-lightbox force-no-caption my-0 square-40\"><img loading=\"lazy\" decoding=\"async\" width=\"1024\" height=\"1024\" title=\"17_Agriculture-1-icon\" src=\"https:\/\/www.greenpeace.org\/static\/planet4-sweden-stateless\/2024\/02\/e1758950-17_agriculture-1-1024x1024.png\" alt=\"\" class=\"wp-image-58971\" style=\"width:40px;height:40px\" srcset=\"https:\/\/www.greenpeace.org\/static\/planet4-sweden-stateless\/2024\/02\/e1758950-17_agriculture-1-1024x1024.png 1024w, https:\/\/www.greenpeace.org\/static\/planet4-sweden-stateless\/2024\/02\/e1758950-17_agriculture-1-300x300.png 300w, https:\/\/www.greenpeace.org\/static\/planet4-sweden-stateless\/2024\/02\/e1758950-17_agriculture-1-150x150.png 150w, https:\/\/www.greenpeace.org\/static\/planet4-sweden-stateless\/2024\/02\/e1758950-17_agriculture-1-768x769.png 768w, https:\/\/www.greenpeace.org\/static\/planet4-sweden-stateless\/2024\/02\/e1758950-17_agriculture-1-340x340.png 340w, https:\/\/www.greenpeace.org\/static\/planet4-sweden-stateless\/2024\/02\/e1758950-17_agriculture-1.png 1250w\" sizes=\"auto, (max-width: 1024px) 100vw, 1024px\" \/><\/figure>\n\n\n\n<h5 class=\"wp-block-heading has-text-align-left w-auto\" style=\"margin-top:0px;margin-bottom:0px;margin-left:16px;font-size:1rem\"><a href=\"https:\/\/www.greenpeace.org\/sweden\/klimat\/konsumtion\/jordbrukets-klimatutslapp\/\">Jordbruk och mat f\u00f6r klimatet<\/a><\/h5>\n<\/div>\n\n\n\n<div class=\"wp-block-group group-stretched-link has-white-background-color has-background is-horizontal is-content-justification-left is-nowrap is-layout-flex wp-container-core-group-is-layout-1edb5d78 wp-block-group-is-layout-flex\" style=\"border-radius:4px;padding-top:32px;padding-right:16px;padding-bottom:32px;padding-left:16px\">\n<figure class=\"wp-block-image size-large is-resized force-no-lightbox force-no-caption my-0 square-40\"><img loading=\"lazy\" decoding=\"async\" width=\"1024\" height=\"1024\" title=\"10_Fossil_Fuels-1-icon\" src=\"https:\/\/www.greenpeace.org\/static\/planet4-sweden-stateless\/2024\/02\/2ada1570-10_fossil_fuels-1-1024x1024.png\" alt=\"\" class=\"wp-image-58964\" style=\"width:40px;height:40px\" srcset=\"https:\/\/www.greenpeace.org\/static\/planet4-sweden-stateless\/2024\/02\/2ada1570-10_fossil_fuels-1-1024x1024.png 1024w, https:\/\/www.greenpeace.org\/static\/planet4-sweden-stateless\/2024\/02\/2ada1570-10_fossil_fuels-1-300x300.png 300w, https:\/\/www.greenpeace.org\/static\/planet4-sweden-stateless\/2024\/02\/2ada1570-10_fossil_fuels-1-150x150.png 150w, https:\/\/www.greenpeace.org\/static\/planet4-sweden-stateless\/2024\/02\/2ada1570-10_fossil_fuels-1-768x769.png 768w, https:\/\/www.greenpeace.org\/static\/planet4-sweden-stateless\/2024\/02\/2ada1570-10_fossil_fuels-1-340x340.png 340w, https:\/\/www.greenpeace.org\/static\/planet4-sweden-stateless\/2024\/02\/2ada1570-10_fossil_fuels-1.png 1250w\" sizes=\"auto, (max-width: 1024px) 100vw, 1024px\" \/><\/figure>\n\n\n\n<h5 class=\"wp-block-heading has-text-align-left w-auto\" style=\"margin-top:0px;margin-bottom:0px;margin-left:16px;font-size:1rem\"><a href=\"https:\/\/www.greenpeace.org\/sweden\/energi\/fossila-branslen\/\">Stoppa fossila br\u00e4nslen<\/a><\/h5>\n<\/div>\n\n\n\n<div class=\"wp-block-group group-stretched-link has-white-background-color has-background is-horizontal is-content-justification-left is-nowrap is-layout-flex wp-container-core-group-is-layout-1edb5d78 wp-block-group-is-layout-flex\" style=\"border-radius:4px;padding-top:32px;padding-right:16px;padding-bottom:32px;padding-left:16px\">\n<figure class=\"wp-block-image size-large is-resized force-no-lightbox force-no-caption my-0 square-40\"><img loading=\"lazy\" decoding=\"async\" width=\"1024\" height=\"1024\" title=\"3_Overfishing-1-icon\" src=\"https:\/\/www.greenpeace.org\/static\/planet4-sweden-stateless\/2024\/02\/5a67f3f6-3_overfishing-1-1024x1024.png\" alt=\"\" class=\"wp-image-58955\" style=\"width:40px;height:40px\" srcset=\"https:\/\/www.greenpeace.org\/static\/planet4-sweden-stateless\/2024\/02\/5a67f3f6-3_overfishing-1-1024x1024.png 1024w, https:\/\/www.greenpeace.org\/static\/planet4-sweden-stateless\/2024\/02\/5a67f3f6-3_overfishing-1-300x300.png 300w, https:\/\/www.greenpeace.org\/static\/planet4-sweden-stateless\/2024\/02\/5a67f3f6-3_overfishing-1-150x150.png 150w, https:\/\/www.greenpeace.org\/static\/planet4-sweden-stateless\/2024\/02\/5a67f3f6-3_overfishing-1-768x769.png 768w, https:\/\/www.greenpeace.org\/static\/planet4-sweden-stateless\/2024\/02\/5a67f3f6-3_overfishing-1-340x340.png 340w, https:\/\/www.greenpeace.org\/static\/planet4-sweden-stateless\/2024\/02\/5a67f3f6-3_overfishing-1.png 1250w\" sizes=\"auto, (max-width: 1024px) 100vw, 1024px\" \/><\/figure>\n\n\n\n<h5 class=\"wp-block-heading has-text-align-left w-auto\" style=\"margin-top:0px;margin-bottom:0px;margin-left:16px;font-size:1rem\"><a href=\"https:\/\/www.greenpeace.org\/sweden\/hav\/djuphavsgruvdrift\/\">Skydda v\u00e4rldens hav<\/a><\/h5>\n<\/div>\n<\/div>\n\n\n\n<h6 class=\"wp-block-heading is-style-chevron has-gp-nor-green-3-color has-text-color has-link-color wp-elements-46b82f56948101442fbbec85e4f5d403\"><a href=\"https:\/\/www.greenpeace.org\/sweden\/vad-vi-jobbar-med\/\">Uppt\u00e4ck fler \u00e4mnen<\/a><\/h6>\n<\/div>\n<\/div>\n\n<div id=\"4-things\" class=\"wp-block-group is-layout-flow wp-block-group-is-layout-flow\">\n<div style=\"height:30px\" aria-hidden=\"true\" id=\"agera\" class=\"wp-block-spacer\"><\/div>\n\n\n<div data-render=\"planet4-blocks\/columns\" data-attributes=\"{&quot;attributes&quot;:{&quot;columns_block_style&quot;:&quot;tasks&quot;,&quot;columns_title&quot;:&quot;Fyra saker du kan g\\u00f6ra f\\u00f6r v\\u00e5r planet idag&quot;,&quot;columns_description&quot;:&quot;Vi har bara en planet, s\\u00e5 vi m\\u00e5ste ta hand om den. Varje dag blir l\\u00e4get allt mer akut, men s\\u00e5 l\\u00e4nge det finns m\\u00e4nniskor som v\\u00e4ljer att jobba tillsammans f\\u00f6r en b\\u00e4ttre framtid finns det \\u00e4ven hopp. H\\u00e4r \\u00e4r fyra saker du kan g\\u00f6ra f\\u00f6r att skapa f\\u00f6r\\u00e4ndring med oss:\\u00a0&quot;,&quot;columns&quot;:[{&quot;title&quot;:&quot;Anv\\u00e4nd din r\\u00f6st&quot;,&quot;cta_text&quot;:&quot;Skriv under&quot;,&quot;cta_link&quot;:&quot;https:\\\/\\\/www.greenpeace.org\\\/sweden\\\/agera\\\/#aktuella-kampanjer&quot;,&quot;description&quot;:&quot;Det kan k\\u00e4nnas som en obetydlig sak att skriva under en namninsamling. Men n\\u00e4r hundratals, tusentals eller miljontals m\\u00e4nniskor alla h\\u00f6jer sina r\\u00f6ster med krav p\\u00e5 f\\u00f6r\\u00e4ndring - d\\u00e5 f\\u00e5r vi f\\u00f6retag och myndigheter att agera. Hitta din hj\\u00e4rtefr\\u00e5ga och skriv under!&quot;},{&quot;title&quot;:&quot;Bli m\\u00e5nadsgivare&quot;,&quot;cta_text&quot;:&quot;Jag vill bli m\\u00e5nadsgivare&quot;,&quot;cta_link&quot;:&quot;https:\\\/\\\/stod.greenpeace.org\\\/manadsgivare\\\/~se-min-donation&quot;,&quot;description&quot;:&quot;Det \\u00e4r nu vi avg\\u00f6r v\\u00e5r framtid, och vilken sorts planet vi vill l\\u00e4mna till kommande generationer. F\\u00f6r att kunna forts\\u00e4tta vara en oberoende kraft f\\u00f6r naturens b\\u00e4sta tar Greenpeace aldrig emot en krona fr\\u00e5n varken f\\u00f6retag, myndigheter eller regeringar. D\\u00e4rf\\u00f6r \\u00e4r varje enskild m\\u00e5nadsgivare avg\\u00f6rande f\\u00f6r v\\u00e5rt arbete.&quot;},{&quot;cta_link&quot;:&quot;https:\\\/\\\/www.greenpeace.org\\\/sweden\\\/agera\\\/bli-volontar\\\/&quot;,&quot;title&quot;:&quot;Bli volont\\u00e4r&quot;,&quot;cta_text&quot;:&quot;Jag vill veta mer&quot;,&quot;description&quot;:&quot;Volont\\u00e4rer \\u00e4r Greenpeace hj\\u00e4rta och sj\\u00e4l. Runt om i v\\u00e4rlden engagerar sig vanliga m\\u00e4nniskor som du f\\u00f6r att f\\u00f6rsvara naturen och livet p\\u00e5 jorden. Som volont\\u00e4r hos oss kan du f\\u00e5 vara med p\\u00e5 allt fr\\u00e5n: Artivism (konst som aktivism), skapa opinion med v\\u00e5rt lobby-team, utf\\u00f6ra unders\\u00f6kningar och demonstrera till att h\\u00e5lla f\\u00f6rel\\u00e4sningar.&quot;},{&quot;title&quot;:&quot;Sprid kunskap &quot;,&quot;description&quot;:&quot;Vill du f\\u00e5 din skola, arbetsplats, f\\u00f6rening eller organisation att bli mer aktiva i arbetet f\\u00f6r en gr\\u00f6n och r\\u00e4ttvis framtid, men \\u00e4r os\\u00e4ker p\\u00e5 hur? Hos oss p\\u00e5 Greenpeace i Sverige har vi ett team av kunniga och engagerade Greenspeakers som h\\u00e5ller f\\u00f6rel\\u00e4sningar och workshops - helt gratis.&quot;,&quot;attachment&quot;:0,&quot;cta_link&quot;:&quot;https:\\\/\\\/www.greenpeace.org\\\/sweden\\\/agera\\\/boka-en-gratis-forelasning-med-greenpeace\\\/&quot;,&quot;cta_text&quot;:&quot;Boka en Greenspeaker&quot;,&quot;link_new_tab&quot;:false}],&quot;className&quot;:&quot;is-style-tasks&quot;}}\"><\/div><\/div>\n\n<div style=\"height:40px\" aria-hidden=\"true\" id=\"nyheter\" class=\"wp-block-spacer\"><\/div>\n\n<div class=\"wp-block-query nyheter posts-list p4-query-loop is-custom-layout-list is-layout-flow wp-block-query-is-layout-flow\">\n<div class=\"wp-block-group is-content-justification-space-between is-layout-flex wp-container-core-group-is-layout-cfe5ce44 wp-block-group-is-layout-flex\">\n<h2 class=\"wp-block-heading\">Senaste nyheter om klimat och milj\u00f6<\/h2>\n<\/div>\n\n\n\n<p class=\"wp-block-paragraph\" style=\"margin-top:24px;margin-bottom:36px\">L\u00e4s v\u00e5ra senaste artiklar, pressmeddelanden och gr\u00f6na tips f\u00f6r att f\u00e5 veta mer om aktuella och intressanta \u00e4mnen.<\/p>\n\n\n\n\n<ul class=\"wp-block-post-template is-layout-flow wp-block-post-template-is-layout-flow\"><li class=\"wp-block-post post-68025 post type-post status-publish format-standard has-post-thumbnail hentry category-greenpeace tag-svenskpolitik tag-globaluppvarmning tag-parisavtalet p4-page-type-artiklar\">\n\n<div class=\"wp-block-columns is-layout-flex wp-container-core-columns-is-layout-8f761849 wp-block-columns-is-layout-flex\"><figure class=\"wp-block-post-featured-image\"><a href=\"https:\/\/www.greenpeace.org\/sweden\/artiklar\/greenpeace\/unep-15-gradersmalet-spracks-nu-kravs-krafttag-infor-det-svenska-valet\/\" target=\"_self\"  ><img loading=\"lazy\" decoding=\"async\" data-ga-category=\"Posts List\" data-ga-action=\"Image\" data-ga-label=\"n\/a\" width=\"2500\" height=\"1668\" src=\"https:\/\/www.greenpeace.org\/static\/planet4-sweden-stateless\/2026\/09\/bb1a2b42-jana_eriksson_demo2026_gp-8658.jpg\" class=\"attachment-post-thumbnail size-post-thumbnail wp-post-image wp-stateless-item\" alt=\"UNEP: 1,5-gradersm\u00e5let spr\u00e4cks \u2013 nu kr\u00e4vs krafttag inf\u00f6r det svenska valet\" style=\"object-fit:cover;\" srcset=\"https:\/\/www.greenpeace.org\/static\/planet4-sweden-stateless\/2026\/09\/bb1a2b42-jana_eriksson_demo2026_gp-8658.jpg 2500w, https:\/\/www.greenpeace.org\/static\/planet4-sweden-stateless\/2026\/09\/bb1a2b42-jana_eriksson_demo2026_gp-8658-300x200.jpg 300w, https:\/\/www.greenpeace.org\/static\/planet4-sweden-stateless\/2026\/09\/bb1a2b42-jana_eriksson_demo2026_gp-8658-1024x683.jpg 1024w, https:\/\/www.greenpeace.org\/static\/planet4-sweden-stateless\/2026\/09\/bb1a2b42-jana_eriksson_demo2026_gp-8658-768x512.jpg 768w, https:\/\/www.greenpeace.org\/static\/planet4-sweden-stateless\/2026\/09\/bb1a2b42-jana_eriksson_demo2026_gp-8658-1536x1025.jpg 1536w, https:\/\/www.greenpeace.org\/static\/planet4-sweden-stateless\/2026\/09\/bb1a2b42-jana_eriksson_demo2026_gp-8658-2048x1366.jpg 2048w, https:\/\/www.greenpeace.org\/static\/planet4-sweden-stateless\/2026\/09\/bb1a2b42-jana_eriksson_demo2026_gp-8658-510x340.jpg 510w\" sizes=\"auto, (max-width: 2500px) 100vw, 2500px\" data-image-size=\"post-thumbnail\" data-stateless-media-bucket=\"planet4-sweden-stateless\" data-stateless-media-name=\"2026\/09\/bb1a2b42-jana_eriksson_demo2026_gp-8658.jpg\" \/><\/a><\/figure>\n\n\n<div class=\"wp-block-group is-layout-flow wp-block-group-is-layout-flow\">\n<div class=\"wp-block-group is-layout-flex wp-block-group-is-layout-flex\"><div class=\"wp-block-post-terms\"><a data-ga-category=\"Posts List\" data-ga-action=\"Post Type Tag\" data-ga-label=\"n\/a\" href=\"https:\/\/www.greenpeace.org\/sweden\/kategori\/greenpeace\/\">Greenpeace<\/a><\/div>\n\n<div class=\"taxonomy-post_tag wp-block-post-terms\"><a data-ga-category=\"Posts List\" data-ga-action=\"Navigation Tag\" data-ga-label=\"n\/a\" href=\"https:\/\/www.greenpeace.org\/sweden\/tag\/svenskpolitik\/\" rel=\"tag\">svenskpolitik<\/a><span class=\"wp-block-post-terms__separator\"> <\/span><a data-ga-category=\"Posts List\" data-ga-action=\"Navigation Tag\" data-ga-label=\"n\/a\" href=\"https:\/\/www.greenpeace.org\/sweden\/tag\/globaluppvarmning\/\" rel=\"tag\">globaluppv\u00e4rmning<\/a><span class=\"wp-block-post-terms__separator\"> <\/span><a data-ga-category=\"Posts List\" data-ga-action=\"Navigation Tag\" data-ga-label=\"n\/a\" href=\"https:\/\/www.greenpeace.org\/sweden\/tag\/parisavtalet\/\" rel=\"tag\">parisavtalet<\/a><\/div><\/div>\n\n\n<h3 class=\"wp-block-post-title\"><a data-ga-category=\"Posts List\" data-ga-action=\"Title\" data-ga-label=\"n\/a\" href=\"https:\/\/www.greenpeace.org\/sweden\/artiklar\/greenpeace\/unep-15-gradersmalet-spracks-nu-kravs-krafttag-infor-det-svenska-valet\/\" target=\"_self\" >UNEP: 1,5-gradersm\u00e5let spr\u00e4cks \u2013 nu kr\u00e4vs krafttag inf\u00f6r det svenska valet<\/a><\/h3>\n\n<div class=\"wp-block-post-excerpt\"><p class=\"wp-block-post-excerpt__excerpt\">FN-rapporten Limiting Overshoot sl\u00e4pps mindre \u00e4n tv\u00e5 veckor innan svenska riksdagsvalet och sl\u00e5r fast att 1,5-gradersm\u00e5let kommer att missas. Samtidigt pekar rapporten p\u00e5 vikten av \u00e5tg\u00e4rder f\u00f6r att begr\u00e4nsa och v\u00e4nda uppv\u00e4rmningen. <\/p><\/div>\n\n\n<div class=\"wp-block-group posts-list-meta is-layout-flow wp-block-group-is-layout-flow\"><span class='article-list-item-author'><a data-ga-category=\"Posts List\" data-ga-action=\"Author\" data-ga-label=\"n\/a\" href='https:\/\/www.greenpeace.org\/sweden\/author\/imcallis\/'>Isabelle McAllister<\/a><\/span>\n\n<div class=\"wp-block-post-date\"><time datetime=\"2026-09-03T08:08:38+01:00\">september 3, 2026<\/time><\/div><\/div>\n<\/div>\n<\/div>\n\n<\/li><li class=\"wp-block-post post-68016 post type-post status-publish format-standard has-post-thumbnail hentry category-greenpeace tag-aktivism tag-svenskpolitik p4-page-type-artiklar\">\n\n<div class=\"wp-block-columns is-layout-flex wp-container-core-columns-is-layout-8f761849 wp-block-columns-is-layout-flex\"><figure class=\"wp-block-post-featured-image\"><a href=\"https:\/\/www.greenpeace.org\/sweden\/artiklar\/greenpeace\/thomas-stenstrom-skanker-overskottet-fran-tradgarden-konserterna-har-man-en-rost-ska-man-anvanda-den\/\" target=\"_self\"  ><img loading=\"lazy\" decoding=\"async\" data-ga-category=\"Posts List\" data-ga-action=\"Image\" data-ga-label=\"n\/a\" width=\"2000\" height=\"1389\" src=\"https:\/\/www.greenpeace.org\/static\/planet4-sweden-stateless\/2026\/06\/8fe1f6a4-vi.ar_.sverige.dekor_.png\" class=\"attachment-post-thumbnail size-post-thumbnail wp-post-image wp-stateless-item\" alt=\"Thomas Stenstr\u00f6m sk\u00e4nker \u00f6verskottet fr\u00e5n Tr\u00e4dg\u00e5rden-konserterna: \u201dHar man en r\u00f6st ska man anv\u00e4nda den\u201d\" style=\"object-fit:cover;\" srcset=\"https:\/\/www.greenpeace.org\/static\/planet4-sweden-stateless\/2026\/06\/8fe1f6a4-vi.ar_.sverige.dekor_.png 2000w, https:\/\/www.greenpeace.org\/static\/planet4-sweden-stateless\/2026\/06\/8fe1f6a4-vi.ar_.sverige.dekor_-300x208.png 300w, https:\/\/www.greenpeace.org\/static\/planet4-sweden-stateless\/2026\/06\/8fe1f6a4-vi.ar_.sverige.dekor_-1024x711.png 1024w, https:\/\/www.greenpeace.org\/static\/planet4-sweden-stateless\/2026\/06\/8fe1f6a4-vi.ar_.sverige.dekor_-768x533.png 768w, https:\/\/www.greenpeace.org\/static\/planet4-sweden-stateless\/2026\/06\/8fe1f6a4-vi.ar_.sverige.dekor_-1536x1067.png 1536w, https:\/\/www.greenpeace.org\/static\/planet4-sweden-stateless\/2026\/06\/8fe1f6a4-vi.ar_.sverige.dekor_-1967x1366.png 1967w, https:\/\/www.greenpeace.org\/static\/planet4-sweden-stateless\/2026\/06\/8fe1f6a4-vi.ar_.sverige.dekor_-490x340.png 490w\" sizes=\"auto, (max-width: 2000px) 100vw, 2000px\" data-image-size=\"post-thumbnail\" data-stateless-media-bucket=\"planet4-sweden-stateless\" data-stateless-media-name=\"2026\/06\/8fe1f6a4-vi.ar_.sverige.dekor_.png\" \/><\/a><\/figure>\n\n\n<div class=\"wp-block-group is-layout-flow wp-block-group-is-layout-flow\">\n<div class=\"wp-block-group is-layout-flex wp-block-group-is-layout-flex\"><div class=\"wp-block-post-terms\"><a data-ga-category=\"Posts List\" data-ga-action=\"Post Type Tag\" data-ga-label=\"n\/a\" href=\"https:\/\/www.greenpeace.org\/sweden\/kategori\/greenpeace\/\">Greenpeace<\/a><\/div>\n\n<div class=\"taxonomy-post_tag wp-block-post-terms\"><a data-ga-category=\"Posts List\" data-ga-action=\"Navigation Tag\" data-ga-label=\"n\/a\" href=\"https:\/\/www.greenpeace.org\/sweden\/tag\/aktivism\/\" rel=\"tag\">aktivism<\/a><span class=\"wp-block-post-terms__separator\"> <\/span><a data-ga-category=\"Posts List\" data-ga-action=\"Navigation Tag\" data-ga-label=\"n\/a\" href=\"https:\/\/www.greenpeace.org\/sweden\/tag\/svenskpolitik\/\" rel=\"tag\">svenskpolitik<\/a><\/div><\/div>\n\n\n<h3 class=\"wp-block-post-title\"><a data-ga-category=\"Posts List\" data-ga-action=\"Title\" data-ga-label=\"n\/a\" href=\"https:\/\/www.greenpeace.org\/sweden\/artiklar\/greenpeace\/thomas-stenstrom-skanker-overskottet-fran-tradgarden-konserterna-har-man-en-rost-ska-man-anvanda-den\/\" target=\"_self\" >Thomas Stenstr\u00f6m sk\u00e4nker \u00f6verskottet fr\u00e5n Tr\u00e4dg\u00e5rden-konserterna: \u201dHar man en r\u00f6st ska man anv\u00e4nda den\u201d<\/a><\/h3>\n\n<div class=\"wp-block-post-excerpt\"><p class=\"wp-block-post-excerpt__excerpt\">Thomas Stenstr\u00f6m bygger vidare p\u00e5 folkfesten Vi \u00e4r Sverige fr\u00e5n Almedalen, med fyra spelningar p\u00e5 Tr\u00e4dg\u00e5rden i Stockholm d\u00e4r allt \u00f6verskott sk\u00e4nks till tre organisationer som k\u00e4mpar f\u00f6r ett b\u00e4ttre Sverige. <\/p><\/div>\n\n\n<div class=\"wp-block-group posts-list-meta is-layout-flow wp-block-group-is-layout-flow\"><span class='article-list-item-author'><a data-ga-category=\"Posts List\" data-ga-action=\"Author\" data-ga-label=\"n\/a\" href='https:\/\/www.greenpeace.org\/sweden\/author\/imcallis\/'>Isabelle McAllister<\/a><\/span>\n\n<div class=\"wp-block-post-date\"><time datetime=\"2026-08-31T16:22:00+01:00\">augusti 31, 2026<\/time><\/div><\/div>\n<\/div>\n<\/div>\n\n<\/li><li class=\"wp-block-post post-68003 post type-post status-publish format-standard has-post-thumbnail hentry category-energi category-fred category-greenpeace category-hav category-klimat category-skog tag-skyddaskogen tag-globaluppvarmning tag-fossilenergi tag-hallbarenergi tag-atomkraft tag-aktivism tag-svenskpolitik p4-page-type-artiklar\">\n\n<div class=\"wp-block-columns is-layout-flex wp-container-core-columns-is-layout-8f761849 wp-block-columns-is-layout-flex\"><figure class=\"wp-block-post-featured-image\"><a href=\"https:\/\/www.greenpeace.org\/sweden\/artiklar\/greenpeace\/din-guide-till-valet-2026\/\" target=\"_self\"  ><img loading=\"lazy\" decoding=\"async\" data-ga-category=\"Posts List\" data-ga-action=\"Image\" data-ga-label=\"n\/a\" width=\"1920\" height=\"2560\" src=\"https:\/\/www.greenpeace.org\/static\/planet4-sweden-stateless\/2026\/08\/9ad29962-pxl_20260822_152851885-scaled.jpg\" class=\"attachment-post-thumbnail size-post-thumbnail wp-post-image wp-stateless-item\" alt=\"Din guide till valet 2026\" style=\"object-fit:cover;\" srcset=\"https:\/\/www.greenpeace.org\/static\/planet4-sweden-stateless\/2026\/08\/9ad29962-pxl_20260822_152851885-scaled.jpg 1920w, https:\/\/www.greenpeace.org\/static\/planet4-sweden-stateless\/2026\/08\/9ad29962-pxl_20260822_152851885-225x300.jpg 225w, https:\/\/www.greenpeace.org\/static\/planet4-sweden-stateless\/2026\/08\/9ad29962-pxl_20260822_152851885-768x1024.jpg 768w, https:\/\/www.greenpeace.org\/static\/planet4-sweden-stateless\/2026\/08\/9ad29962-pxl_20260822_152851885-1152x1536.jpg 1152w, https:\/\/www.greenpeace.org\/static\/planet4-sweden-stateless\/2026\/08\/9ad29962-pxl_20260822_152851885-1536x2048.jpg 1536w, https:\/\/www.greenpeace.org\/static\/planet4-sweden-stateless\/2026\/08\/9ad29962-pxl_20260822_152851885-1025x1366.jpg 1025w, https:\/\/www.greenpeace.org\/static\/planet4-sweden-stateless\/2026\/08\/9ad29962-pxl_20260822_152851885-255x340.jpg 255w\" sizes=\"auto, (max-width: 1920px) 100vw, 1920px\" data-image-size=\"post-thumbnail\" data-stateless-media-bucket=\"planet4-sweden-stateless\" data-stateless-media-name=\"2026\/08\/9ad29962-pxl_20260822_152851885-scaled.jpg\" \/><\/a><\/figure>\n\n\n<div class=\"wp-block-group is-layout-flow wp-block-group-is-layout-flow\">\n<div class=\"wp-block-group is-layout-flex wp-block-group-is-layout-flex\"><div class=\"wp-block-post-terms\"><a data-ga-category=\"Posts List\" data-ga-action=\"Post Type Tag\" data-ga-label=\"n\/a\" href=\"https:\/\/www.greenpeace.org\/sweden\/kategori\/energi\/\">Energi<\/a><\/div>\n\n<div class=\"taxonomy-post_tag wp-block-post-terms\"><a data-ga-category=\"Posts List\" data-ga-action=\"Navigation Tag\" data-ga-label=\"n\/a\" href=\"https:\/\/www.greenpeace.org\/sweden\/tag\/skyddaskogen\/\" rel=\"tag\">skyddaskogen<\/a><span class=\"wp-block-post-terms__separator\"> <\/span><a data-ga-category=\"Posts List\" data-ga-action=\"Navigation Tag\" data-ga-label=\"n\/a\" href=\"https:\/\/www.greenpeace.org\/sweden\/tag\/globaluppvarmning\/\" rel=\"tag\">globaluppv\u00e4rmning<\/a><span class=\"wp-block-post-terms__separator\"> <\/span><a data-ga-category=\"Posts List\" data-ga-action=\"Navigation Tag\" data-ga-label=\"n\/a\" href=\"https:\/\/www.greenpeace.org\/sweden\/tag\/fossilenergi\/\" rel=\"tag\">fossilenergi<\/a><span class=\"wp-block-post-terms__separator\"> <\/span><a data-ga-category=\"Posts List\" data-ga-action=\"Navigation Tag\" data-ga-label=\"n\/a\" href=\"https:\/\/www.greenpeace.org\/sweden\/tag\/hallbarenergi\/\" rel=\"tag\">h\u00e5llbarenergi<\/a><span class=\"wp-block-post-terms__separator\"> <\/span><a data-ga-category=\"Posts List\" data-ga-action=\"Navigation Tag\" data-ga-label=\"n\/a\" href=\"https:\/\/www.greenpeace.org\/sweden\/tag\/atomkraft\/\" rel=\"tag\">atomkraft<\/a><span class=\"wp-block-post-terms__separator\"> <\/span><a data-ga-category=\"Posts List\" data-ga-action=\"Navigation Tag\" data-ga-label=\"n\/a\" href=\"https:\/\/www.greenpeace.org\/sweden\/tag\/aktivism\/\" rel=\"tag\">aktivism<\/a><span class=\"wp-block-post-terms__separator\"> <\/span><a data-ga-category=\"Posts List\" data-ga-action=\"Navigation Tag\" data-ga-label=\"n\/a\" href=\"https:\/\/www.greenpeace.org\/sweden\/tag\/svenskpolitik\/\" rel=\"tag\">svenskpolitik<\/a><\/div><\/div>\n\n\n<h3 class=\"wp-block-post-title\"><a data-ga-category=\"Posts List\" data-ga-action=\"Title\" data-ga-label=\"n\/a\" href=\"https:\/\/www.greenpeace.org\/sweden\/artiklar\/greenpeace\/din-guide-till-valet-2026\/\" target=\"_self\" >Din guide till valet 2026<\/a><\/h3>\n\n<div class=\"wp-block-post-excerpt\"><p class=\"wp-block-post-excerpt__excerpt\">En sammanst\u00e4llning av olika valguider och valkompasser utifall att du inte har best\u00e4mt dig f\u00f6r vilket parti du vill l\u00e4gga din r\u00f6st p\u00e5 i valet den 13 september. <\/p><\/div>\n\n\n<div class=\"wp-block-group posts-list-meta is-layout-flow wp-block-group-is-layout-flow\"><span class='article-list-item-author'><a data-ga-category=\"Posts List\" data-ga-action=\"Author\" data-ga-label=\"n\/a\" href='https:\/\/www.greenpeace.org\/sweden\/author\/rlindahl\/'>Rolf Lindahl<\/a><\/span>\n\n<div class=\"wp-block-post-date\"><time datetime=\"2026-08-31T12:06:49+01:00\">augusti 31, 2026<\/time><\/div><\/div>\n<\/div>\n<\/div>\n\n<\/li><\/ul>\n\n<li class=\"wp-block-navigation-item see-all-link wp-block-navigation-link\"><a class=\"wp-block-navigation-item__content\"  href=\"https:\/\/www.greenpeace.org\/sweden\/nyheter\/\"><span data-ga-category=\"Posts List\" data-ga-action=\"See More Link\" data-ga-label=\"n\/a\" class=\"wp-block-navigation-item__label\">Ladda mer<\/span><\/a><\/li><\/div>\n\n<p class=\"wp-block-paragraph\"><\/p>\n\n<div style=\"height:20px\" aria-hidden=\"true\" class=\"wp-block-spacer\"><\/div>\n\n<div class=\"wp-block-group alignfull block mt-0 has-beige-100-background-color has-background is-layout-flow wp-block-group-is-layout-flow\" id=\"om-oss\" style=\"padding-top:60px;padding-bottom:60px\">\n<div class=\"wp-block-group container is-layout-flow wp-block-group-is-layout-flow\">\n<h2 class=\"wp-block-heading has-text-align-left\" style=\"margin-bottom:24px\"><strong>Om Greenpeace<\/strong><\/h2>\n\n\n\n<p class=\"has-text-align-left my-0 wp-block-paragraph\">Greenpeace \u00e4r v\u00e4rldens st\u00f6rsta oberoende milj\u00f6r\u00f6relse. V\u00e5rt m\u00e5l \u00e4r ett s\u00e4tt att leva som v\u00e4rnar om livet p\u00e5 jorden, i all dess m\u00e5ngfald. Tack vare v\u00e5rt omfattande globala n\u00e4tverk kan vi p\u00e5 Greenpeace genomf\u00f6ra aktioner andra organisationer inte kan, tillsammans med miljontals m\u00e4nniskor v\u00e4rlden \u00f6ver. Det h\u00e4r g\u00f6r oss unika och effektiva som naturens f\u00f6rk\u00e4mpe.<\/p>\n\n\n\n<div class=\"wp-block-group om-gp is-style-space-evenly is-layout-flex wp-block-group-is-layout-flex\" style=\"padding-top:30px;padding-bottom:30px\">\n<div class=\"wp-block-group group-stretched-link has-white-background-color has-background is-horizontal is-content-justification-left is-nowrap is-layout-flex wp-container-core-group-is-layout-1edb5d78 wp-block-group-is-layout-flex\" style=\"border-radius:4px;padding-top:32px;padding-right:16px;padding-bottom:32px;padding-left:16px\">\n<div class=\"wp-block-group is-nowrap is-layout-flex wp-container-core-group-is-layout-8f761849 wp-block-group-is-layout-flex\">\n<h2 class=\"wp-block-heading has-text-align-center has-black-color has-text-color has-link-color wp-elements-1feb0972736b28eb9ba93b6239165e37\" style=\"font-size:4rem;font-style:normal;font-weight:900\">1<\/h2>\n\n\n\n<div style=\"height:16px;width:0px\" aria-hidden=\"true\" class=\"wp-block-spacer wp-container-content-f9bd05ee\"><\/div>\n<\/div>\n\n\n\n<h5 class=\"wp-block-heading has-text-align-left w-auto has-gp-nor-green-3-color has-text-color has-link-color wp-elements-76dc2e36475cf00d654b5564df53d086\" style=\"margin-top:0px;margin-bottom:0px;margin-left:16px;font-size:1rem\"><a href=\"https:\/\/www.greenpeace.org\/international\/about\/worldwide\/\" target=\"_blank\" rel=\"noreferrer noopener\">internationellt Greenpeace-n\u00e4tverk<\/a><\/h5>\n<\/div>\n\n\n\n<div class=\"wp-block-group group-stretched-link has-white-background-color has-background is-horizontal is-content-justification-left is-nowrap is-layout-flex wp-container-core-group-is-layout-1edb5d78 wp-block-group-is-layout-flex\" style=\"border-radius:4px;padding-top:32px;padding-right:16px;padding-bottom:32px;padding-left:16px\">\n<div class=\"wp-block-group is-nowrap is-layout-flex wp-container-core-group-is-layout-8f761849 wp-block-group-is-layout-flex\">\n<h2 class=\"wp-block-heading has-text-align-center has-black-color has-text-color has-link-color wp-elements-c0b70dc5be613ed0b1293a7a79a12ce8\" style=\"font-size:4rem;font-style:normal;font-weight:900\">25<\/h2>\n<\/div>\n\n\n\n<h5 class=\"wp-block-heading has-text-align-left w-auto has-gp-nor-green-3-color has-text-color has-link-color wp-elements-6afad0e2713e4e247b576d08153ab7a6\" style=\"margin-top:0px;margin-bottom:0px;margin-left:16px;font-size:1rem\"><a href=\"https:\/\/www.greenpeace.org\/sweden\/om-oss\/organisation-styrning\/#organisation\">Greenpeace-kontor v\u00e4rlden \u00f6ver<\/a><\/h5>\n<\/div>\n\n\n\n<div class=\"wp-block-group group-stretched-link has-white-background-color has-background is-horizontal is-content-justification-left is-nowrap is-layout-flex wp-container-core-group-is-layout-1edb5d78 wp-block-group-is-layout-flex\" style=\"border-radius:4px;padding-top:32px;padding-right:16px;padding-bottom:32px;padding-left:16px\">\n<div class=\"wp-block-group is-nowrap is-layout-flex wp-container-core-group-is-layout-8f761849 wp-block-group-is-layout-flex\">\n<h2 class=\"wp-block-heading has-text-align-center has-black-color has-text-color has-link-color wp-elements-2379217f935f57c03ae9a8b5c8da874d\" style=\"font-size:4rem;font-style:normal;font-weight:900\">55<\/h2>\n<\/div>\n\n\n\n<h5 class=\"wp-block-heading has-text-align-left w-auto has-gp-nor-green-3-color has-text-color has-link-color wp-elements-32e992e2e5e6036fc2d35df4ebb98892\" style=\"margin-top:0px;margin-bottom:0px;margin-left:16px;font-size:1rem\"><a href=\"https:\/\/www.greenpeace.org\/sweden\/om-oss\/organisation-styrning\/#karta\">l\u00e4nder som Greenpeace arbetar i<\/a><\/h5>\n<\/div>\n\n\n\n<div class=\"wp-block-group group-stretched-link has-white-background-color has-background is-horizontal is-content-justification-left is-nowrap is-layout-flex wp-container-core-group-is-layout-1edb5d78 wp-block-group-is-layout-flex\" style=\"border-radius:4px;padding-top:32px;padding-right:16px;padding-bottom:32px;padding-left:16px\">\n<div class=\"wp-block-group is-nowrap is-layout-flex wp-container-core-group-is-layout-8f761849 wp-block-group-is-layout-flex\">\n<h2 class=\"wp-block-heading has-text-align-center has-black-color has-text-color has-link-color wp-elements-e3bf5de2c1081d692f051bfdeebced49\" style=\"font-size:4rem;font-style:normal;font-weight:900\">3<\/h2>\n\n\n\n<div style=\"height:16px;width:0px\" aria-hidden=\"true\" class=\"wp-block-spacer wp-container-content-f9bd05ee\"><\/div>\n<\/div>\n\n\n\n<h5 class=\"wp-block-heading has-text-align-left w-auto has-gp-nor-green-3-color has-text-color has-link-color wp-elements-9670ad0d36db00a8ce33a1b32800e92c\" style=\"margin-top:0px;margin-bottom:0px;margin-left:16px;font-size:1rem\"><a href=\"https:\/\/www.greenpeace.org\/sweden\/om-oss\/vara-fartyg\/#karta\">skepp som seglar \u00f6ver v\u00e4rldshaven<\/a><\/h5>\n<\/div>\n<\/div>\n\n\n\n<h6 class=\"wp-block-heading is-style-chevron has-gp-nor-green-3-color has-text-color has-link-color wp-elements-08ddb3c423ffd87ed38ec19e6429e2bc\"><a href=\"https:\/\/www.greenpeace.org\/sweden\/om-oss\/\">L\u00e4r dig mer om Greenpeace<\/a><\/h6>\n<\/div>\n<\/div>\n\n<div class=\"wp-block-group is-layout-flow wp-block-group-is-layout-flow\">\n<div style=\"height:30px\" aria-hidden=\"true\" id=\"segrar\" class=\"wp-block-spacer\"><\/div>\n\n\n\n<div class=\"wp-block-query segrar posts-list p4-query-loop is-custom-layout-list is-layout-flow wp-block-query-is-layout-flow\">\n<div class=\"wp-block-group is-content-justification-space-between is-layout-flex wp-container-core-group-is-layout-cfe5ce44 wp-block-group-is-layout-flex\">\n<h2 class=\"wp-block-heading\">Greenpeace senaste segrar<\/h2>\n<\/div>\n\n\n\n<p class=\"wp-block-paragraph\" style=\"margin-top:24px;margin-bottom:36px\">Arbetet vi g\u00f6r ger ocks\u00e5 framg\u00e5ng, och vi gl\u00e4ds \u00f6ver b\u00e5de sm\u00e5 och stora vinster f\u00f6r klimatet. F\u00f6r\u00e4ndring till det b\u00e4ttre \u00e4r m\u00f6jligt n\u00e4r vi \u00e4r m\u00e5nga som f\u00f6rsvarar naturen. Tillsammans med v\u00e5ra st\u00f6dmedlemmar forts\u00e4tter vi p\u00e5 Greenpeace att vinna fler segrar, l\u00e4s de goda nyheterna h\u00e4r.<br><\/p>\n\n\n\n\n<ul class=\"wp-block-post-template is-layout-flow wp-block-post-template-is-layout-flow\"><li class=\"wp-block-post post-67774 post type-post status-publish format-standard has-post-thumbnail hentry category-greenpeace tag-segrar p4-page-type-artiklar\">\n\n<div class=\"wp-block-columns is-layout-flex wp-container-core-columns-is-layout-8f761849 wp-block-columns-is-layout-flex\"><figure class=\"wp-block-post-featured-image\"><a href=\"https:\/\/www.greenpeace.org\/sweden\/artiklar\/greenpeace\/vill-du-borja-sommaren-med-nagra-goda-nyheter-fem-segrar-for-planeten-fran-borjan-av-2026\/\" target=\"_self\"  ><img loading=\"lazy\" decoding=\"async\" data-ga-category=\"Posts List\" data-ga-action=\"Image\" data-ga-label=\"n\/a\" width=\"1200\" height=\"800\" src=\"https:\/\/www.greenpeace.org\/static\/planet4-sweden-stateless\/2026\/06\/20d05238-gp0su850n.jpg\" class=\"attachment-post-thumbnail size-post-thumbnail wp-post-image wp-stateless-item\" alt=\"Vill du b\u00f6rja sommaren med n\u00e5gra goda nyheter? Fem segrar f\u00f6r planeten fr\u00e5n b\u00f6rjan av 2026\" style=\"object-fit:cover;\" srcset=\"https:\/\/www.greenpeace.org\/static\/planet4-sweden-stateless\/2026\/06\/20d05238-gp0su850n.jpg 1200w, https:\/\/www.greenpeace.org\/static\/planet4-sweden-stateless\/2026\/06\/20d05238-gp0su850n-300x200.jpg 300w, https:\/\/www.greenpeace.org\/static\/planet4-sweden-stateless\/2026\/06\/20d05238-gp0su850n-1024x683.jpg 1024w, https:\/\/www.greenpeace.org\/static\/planet4-sweden-stateless\/2026\/06\/20d05238-gp0su850n-768x512.jpg 768w, https:\/\/www.greenpeace.org\/static\/planet4-sweden-stateless\/2026\/06\/20d05238-gp0su850n-510x340.jpg 510w\" sizes=\"auto, (max-width: 1200px) 100vw, 1200px\" data-image-size=\"post-thumbnail\" data-stateless-media-bucket=\"planet4-sweden-stateless\" data-stateless-media-name=\"2026\/06\/20d05238-gp0su850n.jpg\" \/><\/a><\/figure>\n\n\n<div class=\"wp-block-group is-layout-flow wp-block-group-is-layout-flow\">\n<div class=\"wp-block-group is-layout-flex wp-block-group-is-layout-flex\"><div class=\"wp-block-post-terms\"><a data-ga-category=\"Posts List\" data-ga-action=\"Post Type Tag\" data-ga-label=\"n\/a\" href=\"https:\/\/www.greenpeace.org\/sweden\/kategori\/greenpeace\/\">Greenpeace<\/a><\/div>\n\n<div class=\"taxonomy-post_tag wp-block-post-terms\"><a data-ga-category=\"Posts List\" data-ga-action=\"Navigation Tag\" data-ga-label=\"n\/a\" href=\"https:\/\/www.greenpeace.org\/sweden\/tag\/segrar\/\" rel=\"tag\">segrar<\/a><\/div><\/div>\n\n\n<h3 class=\"wp-block-post-title\"><a data-ga-category=\"Posts List\" data-ga-action=\"Title\" data-ga-label=\"n\/a\" href=\"https:\/\/www.greenpeace.org\/sweden\/artiklar\/greenpeace\/vill-du-borja-sommaren-med-nagra-goda-nyheter-fem-segrar-for-planeten-fran-borjan-av-2026\/\" target=\"_self\" >Vill du b\u00f6rja sommaren med n\u00e5gra goda nyheter? Fem segrar f\u00f6r planeten fr\u00e5n b\u00f6rjan av 2026<\/a><\/h3>\n\n<div class=\"wp-block-post-excerpt\"><p class=\"wp-block-post-excerpt__excerpt\">Engagemanget och st\u00f6det fr\u00e5n miljontals m\u00e4nniskor v\u00e4rlden \u00f6ver omvandlas till konkret och positiv f\u00f6r\u00e4ndring f\u00f6r v\u00e5r planet. B\u00f6rja sommaren med att inspireras av fem goda, gr\u00f6na nyheter fr\u00e5n f\u00f6rsta h\u00e4lften av 2026! <\/p><\/div>\n\n\n<div class=\"wp-block-group posts-list-meta is-layout-flow wp-block-group-is-layout-flow\"><span class='article-list-item-author'><a data-ga-category=\"Posts List\" data-ga-action=\"Author\" data-ga-label=\"n\/a\" href='https:\/\/www.greenpeace.org\/sweden\/author\/gp_sweden\/'>Greenpeace Sverige<\/a><\/span>\n\n<div class=\"wp-block-post-date\"><time datetime=\"2026-07-03T10:05:06+01:00\">juli 3, 2026<\/time><\/div><\/div>\n<\/div>\n<\/div>\n\n<\/li><li class=\"wp-block-post post-66168 post type-post status-publish format-standard has-post-thumbnail hentry category-skog tag-biodiversitet tag-skyddaskogen tag-segrar p4-page-type-pressmeddelanden\">\n\n<div class=\"wp-block-columns is-layout-flex wp-container-core-columns-is-layout-8f761849 wp-block-columns-is-layout-flex\"><figure class=\"wp-block-post-featured-image\"><a href=\"https:\/\/www.greenpeace.org\/sweden\/pressmeddelanden\/skog\/loreal-bryter-med-sca-bolaget-tappar-annu-en-global-kund\/\" target=\"_self\"  ><img loading=\"lazy\" decoding=\"async\" data-ga-category=\"Posts List\" data-ga-action=\"Image\" data-ga-label=\"n\/a\" width=\"1280\" height=\"853\" src=\"https:\/\/www.greenpeace.org\/static\/planet4-sweden-stateless\/2026\/03\/be44c303-greenpeace_forest-scandal-010_web.jpg\" class=\"attachment-post-thumbnail size-post-thumbnail wp-post-image wp-stateless-item\" alt=\"L\u2019Or\u00e9al bryter med SCA &#8211; bolaget tappar \u00e4nnu en global kund\" style=\"object-fit:cover;\" srcset=\"https:\/\/www.greenpeace.org\/static\/planet4-sweden-stateless\/2026\/03\/be44c303-greenpeace_forest-scandal-010_web.jpg 1280w, https:\/\/www.greenpeace.org\/static\/planet4-sweden-stateless\/2026\/03\/be44c303-greenpeace_forest-scandal-010_web-300x200.jpg 300w, https:\/\/www.greenpeace.org\/static\/planet4-sweden-stateless\/2026\/03\/be44c303-greenpeace_forest-scandal-010_web-1024x682.jpg 1024w, https:\/\/www.greenpeace.org\/static\/planet4-sweden-stateless\/2026\/03\/be44c303-greenpeace_forest-scandal-010_web-768x512.jpg 768w, https:\/\/www.greenpeace.org\/static\/planet4-sweden-stateless\/2026\/03\/be44c303-greenpeace_forest-scandal-010_web-510x340.jpg 510w\" sizes=\"auto, (max-width: 1280px) 100vw, 1280px\" data-image-size=\"post-thumbnail\" data-stateless-media-bucket=\"planet4-sweden-stateless\" data-stateless-media-name=\"2026\/03\/be44c303-greenpeace_forest-scandal-010_web.jpg\" \/><\/a><\/figure>\n\n\n<div class=\"wp-block-group is-layout-flow wp-block-group-is-layout-flow\">\n<div class=\"wp-block-group is-layout-flex wp-block-group-is-layout-flex\"><div class=\"wp-block-post-terms\"><a data-ga-category=\"Posts List\" data-ga-action=\"Post Type Tag\" data-ga-label=\"n\/a\" href=\"https:\/\/www.greenpeace.org\/sweden\/kategori\/skog\/\">Skog<\/a><\/div>\n\n<div class=\"taxonomy-post_tag wp-block-post-terms\"><a data-ga-category=\"Posts List\" data-ga-action=\"Navigation Tag\" data-ga-label=\"n\/a\" href=\"https:\/\/www.greenpeace.org\/sweden\/tag\/biodiversitet\/\" rel=\"tag\">biodiversitet<\/a><span class=\"wp-block-post-terms__separator\"> <\/span><a data-ga-category=\"Posts List\" data-ga-action=\"Navigation Tag\" data-ga-label=\"n\/a\" href=\"https:\/\/www.greenpeace.org\/sweden\/tag\/skyddaskogen\/\" rel=\"tag\">skyddaskogen<\/a><span class=\"wp-block-post-terms__separator\"> <\/span><a data-ga-category=\"Posts List\" data-ga-action=\"Navigation Tag\" data-ga-label=\"n\/a\" href=\"https:\/\/www.greenpeace.org\/sweden\/tag\/segrar\/\" rel=\"tag\">segrar<\/a><\/div><\/div>\n\n\n<h3 class=\"wp-block-post-title\"><a data-ga-category=\"Posts List\" data-ga-action=\"Title\" data-ga-label=\"n\/a\" href=\"https:\/\/www.greenpeace.org\/sweden\/pressmeddelanden\/skog\/loreal-bryter-med-sca-bolaget-tappar-annu-en-global-kund\/\" target=\"_self\" >L\u2019Or\u00e9al bryter med SCA &#8211; bolaget tappar \u00e4nnu en global kund<\/a><\/h3>\n\n<div class=\"wp-block-post-excerpt\"><p class=\"wp-block-post-excerpt__excerpt\">Det h\u00e4r \u00e4r den tredje globala j\u00e4ttekoncernen som p\u00e5 kort tid brutit med det kontroversiella skogsbolaget. <\/p><\/div>\n\n\n<div class=\"wp-block-group posts-list-meta is-layout-flow wp-block-group-is-layout-flow\"><span class='article-list-item-author'><a data-ga-category=\"Posts List\" data-ga-action=\"Author\" data-ga-label=\"n\/a\" href='https:\/\/www.greenpeace.org\/sweden\/author\/ltillman\/'>Ludvig Tillman<\/a><\/span>\n\n<div class=\"wp-block-post-date\"><time datetime=\"2026-03-31T14:51:08+01:00\">mars 31, 2026<\/time><\/div><\/div>\n<\/div>\n<\/div>\n\n<\/li><li class=\"wp-block-post post-65680 post type-post status-publish format-standard has-post-thumbnail hentry category-greenpeace tag-segrar p4-page-type-artiklar\">\n\n<div class=\"wp-block-columns is-layout-flex wp-container-core-columns-is-layout-8f761849 wp-block-columns-is-layout-flex\"><figure class=\"wp-block-post-featured-image\"><a href=\"https:\/\/www.greenpeace.org\/sweden\/artiklar\/greenpeace\/de-storsta-segrarna-for-planeten-under-2025\/\" target=\"_self\"  ><img loading=\"lazy\" decoding=\"async\" data-ga-category=\"Posts List\" data-ga-action=\"Image\" data-ga-label=\"n\/a\" width=\"1200\" height=\"777\" src=\"https:\/\/www.greenpeace.org\/static\/planet4-sweden-stateless\/2026\/02\/fd83c144-gp04l30.jpg\" class=\"attachment-post-thumbnail size-post-thumbnail wp-post-image wp-stateless-item\" alt=\"De st\u00f6rsta segrarna f\u00f6r planeten under 2025\" style=\"object-fit:cover;\" srcset=\"https:\/\/www.greenpeace.org\/static\/planet4-sweden-stateless\/2026\/02\/fd83c144-gp04l30.jpg 1200w, https:\/\/www.greenpeace.org\/static\/planet4-sweden-stateless\/2026\/02\/fd83c144-gp04l30-300x194.jpg 300w, https:\/\/www.greenpeace.org\/static\/planet4-sweden-stateless\/2026\/02\/fd83c144-gp04l30-1024x663.jpg 1024w, https:\/\/www.greenpeace.org\/static\/planet4-sweden-stateless\/2026\/02\/fd83c144-gp04l30-768x497.jpg 768w, https:\/\/www.greenpeace.org\/static\/planet4-sweden-stateless\/2026\/02\/fd83c144-gp04l30-510x330.jpg 510w\" sizes=\"auto, (max-width: 1200px) 100vw, 1200px\" data-image-size=\"post-thumbnail\" data-stateless-media-bucket=\"planet4-sweden-stateless\" data-stateless-media-name=\"2026\/02\/fd83c144-gp04l30.jpg\" \/><\/a><\/figure>\n\n\n<div class=\"wp-block-group is-layout-flow wp-block-group-is-layout-flow\">\n<div class=\"wp-block-group is-layout-flex wp-block-group-is-layout-flex\"><div class=\"wp-block-post-terms\"><a data-ga-category=\"Posts List\" data-ga-action=\"Post Type Tag\" data-ga-label=\"n\/a\" href=\"https:\/\/www.greenpeace.org\/sweden\/kategori\/greenpeace\/\">Greenpeace<\/a><\/div>\n\n<div class=\"taxonomy-post_tag wp-block-post-terms\"><a data-ga-category=\"Posts List\" data-ga-action=\"Navigation Tag\" data-ga-label=\"n\/a\" href=\"https:\/\/www.greenpeace.org\/sweden\/tag\/segrar\/\" rel=\"tag\">segrar<\/a><\/div><\/div>\n\n\n<h3 class=\"wp-block-post-title\"><a data-ga-category=\"Posts List\" data-ga-action=\"Title\" data-ga-label=\"n\/a\" href=\"https:\/\/www.greenpeace.org\/sweden\/artiklar\/greenpeace\/de-storsta-segrarna-for-planeten-under-2025\/\" target=\"_self\" >De st\u00f6rsta segrarna f\u00f6r planeten under 2025<\/a><\/h3>\n\n<div class=\"wp-block-post-excerpt\"><p class=\"wp-block-post-excerpt__excerpt\">Mitt i de stora utmaningarna som v\u00e4rlden st\u00e5r inf\u00f6r, finns det ljuspunkter som ger oss sk\u00e4l att le och beh\u00e5lla hoppet om en gr\u00f6nare framtid. H\u00e4r \u00e4r en sammanfattning av de fantastiska framg\u00e5ngar som vi uppn\u00e5dde under 2025. L\u00e4s vidare \u2013 och f\u00e5 en dos av hopp! <\/p><\/div>\n\n\n<div class=\"wp-block-group posts-list-meta is-layout-flow wp-block-group-is-layout-flow\"><span class='article-list-item-author'><a data-ga-category=\"Posts List\" data-ga-action=\"Author\" data-ga-label=\"n\/a\" href='https:\/\/www.greenpeace.org\/sweden\/author\/gp_sweden\/'>Greenpeace Sverige<\/a><\/span>\n\n<div class=\"wp-block-post-date\"><time datetime=\"2026-02-10T14:24:08+01:00\">februari 10, 2026<\/time><\/div><\/div>\n<\/div>\n<\/div>\n\n<\/li><\/ul>\n\n\n<div class=\"wp-block-buttons see-all-link is-horizontal is-content-justification-space-between is-nowrap is-layout-flex wp-container-core-buttons-is-layout-358af4b1 wp-block-buttons-is-layout-flex\">\n<div class=\"wp-block-button carousel-control-prev\"><button type=\"button\" class=\"wp-block-button__link wp-element-button\">Prev<\/button><\/div>\n\n\n\n<div class=\"wp-block-button carousel-control-next\"><button type=\"button\" class=\"wp-block-button__link wp-element-button\">Next<\/button><\/div>\n<\/div>\n\n\n<li class=\"wp-block-navigation-item see-all-link wp-block-navigation-link\"><a class=\"wp-block-navigation-item__content\"  href=\"http:\/\/www.greenpeace.org\/sweden\/nyheter\/?tag=segrar\"><span data-ga-category=\"Posts List\" data-ga-action=\"See More Link\" data-ga-label=\"n\/a\" class=\"wp-block-navigation-item__label\">Ladda mer<\/span><\/a><\/li><\/div>\n<\/div>\n\n<div style=\"height:40px\" aria-hidden=\"true\" class=\"wp-block-spacer\"><\/div>\n\n<div class=\"wp-block-cover alignfull has-parallax\" id=\"stoed-oss\"><div class=\"wp-block-cover__image-background wp-image-60423 has-parallax\" style=\"background-position:50% 50%;background-image:url(https:\/\/www.greenpeace.org\/static\/planet4-sweden-stateless\/2024\/06\/a9af9026-vindkraft_greenpeace_skepp_hav.jpeg)\"><\/div><span aria-hidden=\"true\" class=\"wp-block-cover__background has-black-background-color has-background-dim\"><\/span><div class=\"wp-block-cover__inner-container is-layout-constrained wp-block-cover-is-layout-constrained\">\n<h2 class=\"wp-block-heading has-text-align-center has-white-color has-text-color has-link-color has-large-font-size wp-elements-33162eb81c974627555e360bcd5be159\"><span id=\"docs-internal-guid-29a36043-7fff-5a4a-a81f-dd83ca9f9695\" style=\"font-size:17pt;font-family:Arial,sans-serif;color:#000000;background-color:transparent;font-weight:700;font-style:normal;font-variant:normal;text-decoration:none;vertical-align:baseline;white-space:pre;white-space:pre-wrap;\"><\/span>St\u00f6d Greenpeace arbete<\/h2>\n\n\n\n<p class=\"has-text-align-center wp-block-paragraph\">Det \u00e4r nu vi avg\u00f6r vilken v\u00e4rld vi l\u00e4mnar efter oss. <strong>Med ditt st\u00f6d, f\u00f6r\u00e4ndras v\u00e4rlden<\/strong>: Greenpeace arbete g\u00f6rs m\u00f6jligt tack vare vanliga m\u00e4nniskor som du. Varje krona g\u00f6r skillnad, f\u00f6r vi tar inte emot ett enda \u00f6re fr\u00e5n varken f\u00f6retag eller regeringar. P\u00e5 det h\u00e4r s\u00e4ttet kan vi alltid st\u00e5 p\u00e5 naturen och r\u00e4ttvisans sida. L\u00e4s mer om hur du kan vara med och st\u00f6tta v\u00e5rt arbete idag.<\/p>\n\n\n\n<div class=\"wp-block-buttons is-content-justification-center is-layout-flex wp-container-core-buttons-is-layout-fe48e5de wp-block-buttons-is-layout-flex\">\n<div class=\"wp-block-button is-style-cta\" id=\"stoed-oss-btn\"><a class=\"wp-block-button__link wp-element-button\" href=\"https:\/\/www.greenpeace.org\/sweden\/agera\/stod-oss\/\">St\u00f6d oss<\/a><\/div>\n<\/div>\n<\/div><\/div>\n","protected":false},"excerpt":{"rendered":"<p>Greenpeace \u00e4r v\u00e4rldens st\u00f6rsta oberoende milj\u00f6r\u00f6relse. V\u00e5rt m\u00e5l \u00e4r ett s\u00e4tt att leva som v\u00e4rnar om livet p\u00e5 jorden, i all dess m\u00e5ngfald. <\/p>\n","protected":false},"author":1,"featured_media":56300,"parent":0,"menu_order":0,"comment_status":"closed","ping_status":"closed","template":"","meta":{"_acf_changed":false,"ep_exclude_from_search":false,"p4_hide_page_title_checkbox":"","p4_title":"","p4_subtitle":"","p4_description":"","background_image_id":"","background_image":"","p4_button_title":"","p4_button_link":"","p4_button_link_checkbox":"","p4_og_title":"","p4_og_description":"","p4_og_image":"","p4_og_image_id":"","p4_seo_canonical_url":"","p4_campaign_name":"not set","p4_local_project":"not set","p4_basket_name":"Oceans","p4_department":"","footnotes":""},"categories":[],"tags":[],"class_list":["post-13","page","type-page","status-publish","has-post-thumbnail","hentry"],"acf":[],"_links":{"self":[{"href":"https:\/\/www.greenpeace.org\/sweden\/wp-json\/wp\/v2\/pages\/13","targetHints":{"allow":["GET"]}}],"collection":[{"href":"https:\/\/www.greenpeace.org\/sweden\/wp-json\/wp\/v2\/pages"}],"about":[{"href":"https:\/\/www.greenpeace.org\/sweden\/wp-json\/wp\/v2\/types\/page"}],"author":[{"embeddable":true,"href":"https:\/\/www.greenpeace.org\/sweden\/wp-json\/wp\/v2\/users\/1"}],"replies":[{"embeddable":true,"href":"https:\/\/www.greenpeace.org\/sweden\/wp-json\/wp\/v2\/comments?post=13"}],"version-history":[{"count":20,"href":"https:\/\/www.greenpeace.org\/sweden\/wp-json\/wp\/v2\/pages\/13\/revisions"}],"predecessor-version":[{"id":67939,"href":"https:\/\/www.greenpeace.org\/sweden\/wp-json\/wp\/v2\/pages\/13\/revisions\/67939"}],"wp:featuredmedia":[{"embeddable":true,"href":"https:\/\/www.greenpeace.org\/sweden\/wp-json\/wp\/v2\/media\/56300"}],"wp:attachment":[{"href":"https:\/\/www.greenpeace.org\/sweden\/wp-json\/wp\/v2\/media?parent=13"}],"wp:term":[{"taxonomy":"category","embeddable":true,"href":"https:\/\/www.greenpeace.org\/sweden\/wp-json\/wp\/v2\/categories?post=13"},{"taxonomy":"post_tag","embeddable":true,"href":"https:\/\/www.greenpeace.org\/sweden\/wp-json\/wp\/v2\/tags?post=13"}],"curies":[{"name":"wp","href":"https:\/\/api.w.org\/{rel}","templated":true}]}}