{"id":442,"date":"2019-01-09T15:32:39","date_gmt":"2019-01-09T15:32:39","guid":{"rendered":"https:\/\/www.greenpeace.org\/sweden\/?page_id=442"},"modified":"2025-09-23T11:13:41","modified_gmt":"2025-09-23T10:13:41","slug":"civil-olydnad-och-vara-aktioner","status":"publish","type":"page","link":"https:\/\/www.greenpeace.org\/sweden\/om-oss\/civil-olydnad-och-vara-aktioner\/","title":{"rendered":"Civil olydnad och v\u00e5ra aktioner"},"content":{"rendered":"\n<div class=\"wp-block-planet4-blocks-carousel-header\"><div data-hydrate=\"planet4-blocks\/carousel-header\" data-attributes=\"{&quot;carousel_autoplay&quot;:false,&quot;slides&quot;:[{&quot;image&quot;:55401,&quot;focal_points&quot;:{&quot;x&quot;:0.93,&quot;y&quot;:0.15},&quot;header&quot;:&quot;Civil olydnad&quot;,&quot;description&quot;:&quot;Civil olydnad \u00e4r en del av Greenpeace DNA. I mer \u00e4n 50 \u00e5r har v\u00e5ra aktivister anv\u00e4nt fredlig civil olydnad f\u00f6r att driva kampanjer mot f\u00f6retag, politiker och andra makthavare som f\u00f6rst\u00f6r framtiden f\u00f6r oss alla. Vi \u00e4r alltid fredliga och vi tar alltid personligt ansvar f\u00f6r v\u00e5ra handlingar.&quot;,&quot;link_text&quot;:&quot;Agera med oss&quot;,&quot;link_url&quot;:&quot;https:\/\/greenpeace.community\/page\/introduction-to-civil-disobedience&quot;,&quot;link_url_new_tab&quot;:true,&quot;image_url&quot;:&quot;https:\/\/www.greenpeace.org\/static\/planet4-sweden-stateless\/2023\/02\/ff64498d-09_topten_gp1sx8x8.jpg&quot;,&quot;image_srcset&quot;:&quot;https:\/\/www.greenpeace.org\/static\/planet4-sweden-stateless\/2023\/02\/ff64498d-09_topten_gp1sx8x8-150x150.jpg 150w,https:\/\/www.greenpeace.org\/static\/planet4-sweden-stateless\/2023\/02\/ff64498d-09_topten_gp1sx8x8-300x169.jpg 300w,https:\/\/www.greenpeace.org\/static\/planet4-sweden-stateless\/2023\/02\/ff64498d-09_topten_gp1sx8x8-510x287.jpg 510w,https:\/\/www.greenpeace.org\/static\/planet4-sweden-stateless\/2023\/02\/ff64498d-09_topten_gp1sx8x8.jpg 800w&quot;}],&quot;currentImageIndex&quot;:0}\"><section class=\"block block-header alignfull carousel-header \"><div class=\"carousel-wrapper-header\"><div class=\"carousel-inner\" role=\"listbox\"><div class=\"carousel-item active\"><div class=\"carousel-item-mask\"><div class=\"background-holder\"><img decoding=\"async\" src=\"https:\/\/www.greenpeace.org\/static\/planet4-sweden-stateless\/2023\/02\/ff64498d-09_topten_gp1sx8x8.jpg\" style=\"object-position:93% 15%\" srcSet=\"https:\/\/www.greenpeace.org\/static\/planet4-sweden-stateless\/2023\/02\/ff64498d-09_topten_gp1sx8x8-150x150.jpg 150w,https:\/\/www.greenpeace.org\/static\/planet4-sweden-stateless\/2023\/02\/ff64498d-09_topten_gp1sx8x8-300x169.jpg 300w,https:\/\/www.greenpeace.org\/static\/planet4-sweden-stateless\/2023\/02\/ff64498d-09_topten_gp1sx8x8-510x287.jpg 510w,https:\/\/www.greenpeace.org\/static\/planet4-sweden-stateless\/2023\/02\/ff64498d-09_topten_gp1sx8x8.jpg 800w\"\/><\/div><div class=\"carousel-caption\"><div class=\"caption-overlay\"><\/div><div class=\"container main-header\"><div class=\"carousel-captions-wrapper\"><h2>Civil olydnad<\/h2><p>Civil olydnad \u00e4r en del av Greenpeace DNA. I mer \u00e4n 50 \u00e5r har v\u00e5ra aktivister anv\u00e4nt fredlig civil olydnad f\u00f6r att driva kampanjer mot f\u00f6retag, politiker och andra makthavare som f\u00f6rst\u00f6r framtiden f\u00f6r oss alla. Vi \u00e4r alltid fredliga och vi tar alltid personligt ansvar f\u00f6r v\u00e5ra handlingar.<\/p><\/div><div class=\"col-xs-12 col-sm-8 col-md-4 action-button\"><a href=\"https:\/\/greenpeace.community\/page\/introduction-to-civil-disobedience\" class=\"btn btn-primary\" data-ga-category=\"Carousel Header\" data-ga-action=\"Call to Action\" rel=\"noreferrer noopener\" target=\"_blank\"><span>Agera med oss<\/span><\/a><\/div><\/div><\/div><\/div><\/div><\/div><\/div><\/section><\/div><\/div>\n\n<p>\ud83c\uddec\ud83c\udde7 <a href=\"https:\/\/www.greenpeace.org\/sweden\/om-oss\/civil-disobedience-and-our-actions\/\"><em>Read the page in English here*<\/em><\/a><\/p>\n\n<p class=\"has-medium-font-size\">Vi \u00e4r m\u00e5nga som k\u00e4nner mer och mer desperation \u00f6ver v\u00e5ra ledares brist p\u00e5 handlingskraft och brist p\u00e5 agerande i linje med klimatvetenskapen. V\u00e5r planet kokar medan utsl\u00e4ppen forts\u00e4tter att \u00f6ka. En miljon arter riskerar att utrotas, och hundratusentals har redan g\u00e5tt f\u00f6rlorade. Tomma ord kommer inte att r\u00e4dda oss, vi m\u00e5ste st\u00e4lla makthavare till svars f\u00f6r deras passivitet och skadliga handlingar. Civil olydnad \u00e4r ett viktigt verktyg f\u00f6r att \u00e5stadkomma den f\u00f6r\u00e4ndring som vi s\u00e5 desperat beh\u00f6ver.&nbsp;<\/p>\n\n<p class=\"has-medium-font-size\">I Sverige har civil olydnad anv\u00e4nts sedan l\u00e5ng tid tillbaka f\u00f6r att skapa f\u00f6r\u00e4ndring och st\u00e4rka demokratin. Strejkr\u00e4tten skapades till exempel genom att den tidiga arbetarr\u00f6relsen, i strid med d\u00e5 g\u00e4llande svensk lag, gick ut i strejk, och p\u00e5 s\u00e5 s\u00e4tt f\u00f6r\u00e4ndrades lagen.<\/p>\n\n<figure class=\"wp-block-embed is-type-video is-provider-youtube wp-block-embed-youtube wp-embed-aspect-16-9 wp-has-aspect-ratio\"><div class=\"wp-block-embed__wrapper\">\n<iframe loading=\"lazy\" title=\"history of civil disobedience   SWE\" width=\"500\" height=\"281\" src=\"https:\/\/www.youtube.com\/embed\/lFANg0G-Jn0?feature=oembed\" frameborder=\"0\" allow=\"accelerometer; autoplay; clipboard-write; encrypted-media; gyroscope; picture-in-picture; web-share\" referrerpolicy=\"strict-origin-when-cross-origin\" allowfullscreen><\/iframe>\n<\/div><\/figure>\n\n<div style=\"height:30px\" aria-hidden=\"true\" class=\"wp-block-spacer\"><\/div>\n\n<h2 class=\"wp-block-heading\">Vad \u00e4r civil olydnad och varf\u00f6r anv\u00e4nder vi det?<\/h2>\n\n<p class=\"has-medium-font-size\">Civil olydnad \u00e4r en osj\u00e4lvisk och moraliskt motiverad handling som bryter mot lagen eller sociala normer i syfte att f\u00f6rhindra skada eller skapa positiv f\u00f6r\u00e4ndring f\u00f6r medm\u00e4nniskor och samh\u00e4lle. Greenpeace anv\u00e4nder fredlig civil olydnad eftersom vi, tillsammans med m\u00e5nga andra, anser att det \u00e4r v\u00e5r moraliska plikt att agera f\u00f6r att skydda v\u00e5r planet, det enda hem vi har.<\/p>\n\n<p class=\"has-medium-font-size\">V\u00e5rt juridiska system \u00e4r inte alltid i linje med v\u00e5rt moraliska medvetande, det som \u00e4r lagligt \u00e4r inte alltid moraliskt f\u00f6rsvarbart och det som \u00e4r olagligt \u00e4r ibland moraliskt f\u00f6rsvarbart. Till exempel oljebolagen som borrar efter olja och g\u00f6r miljardvinster med vetskapen att det eskalerar en redan brinnande klimatkris d\u00e4r m\u00e4nniskor, i framf\u00f6rallt globala syd, tvingas fly hem och hus p\u00e5 grund av torka, \u00f6versv\u00e4mningar eller andra extremv\u00e4der. De m\u00e5 agera lagligt, men det \u00e4r inte moraliskt f\u00f6rsvarbart. I en demokrati \u00e4r det viktigt att medborgare \u00e4r egna t\u00e4nkande och agerande individer med en egen moralisk kompass, ibland inneb\u00e4r det att vi blir olydiga medborgare. Som Anne Ramberg, tidigare generalsekreterare i Sveriges Advokatsamfund sa i hennes <a rel=\"noreferrer noopener\" href=\"https:\/\/sverigesradio.se\/avsnitt\/1319481\" target=\"_blank\">Sommar i P1<\/a>, <\/p>\n\n<p class=\"has-medium-font-size\"><strong>&#8221;<em>I en perfekt demokrati \u00e4r olydnad \u00f6verfl\u00f6digt. Men s\u00e5dana demokratier finns inte. Inte ens i Sverige.<\/em>&#8221;<\/strong><\/p>\n\n<p class=\"has-medium-font-size\">Greenpeace anv\u00e4nder civil olydnad som sista steg. Innan vi ens \u00f6verv\u00e4ger direkta aktioner \u00e4gnar vi l\u00e5ng tid \u00e5t att samla in bevis, unders\u00f6ka problemet och hitta l\u00f6sningar. Vi arbetar f\u00f6r att vara konstruktiva, vi pekar inte bara finger p\u00e5 problemen utan \u00e4ven p\u00e5 de l\u00f6sningar som finns. Greenpeace grundliga f\u00f6rarbete g\u00f6r att vi tryggt kan st\u00e5 bakom v\u00e5ra aktioner.<\/p>\n\n<p class=\"has-medium-font-size\">Civil olydnad \u00e4r en s\u00e4kerhetsventil i ett demokratiskt samh\u00e4lle. Vanliga m\u00e4nniskors vilja att utf\u00f6ra civil olydnad f\u00f6r att k\u00e4mpa mot or\u00e4ttvisa och naturf\u00f6rst\u00f6rande f\u00f6retag och ledare, visar hur allvarlig fr\u00e5gan \u00e4r. Greenpeace-aktivister \u00e4r villiga att ta risker f\u00f6r att st\u00e5 upp f\u00f6r den planet som vi alla \u00e4r beroende av.<\/p>\n\n<div style=\"height:30px\" aria-hidden=\"true\" class=\"wp-block-spacer\"><\/div>\n<div data-hydrate=\"planet4-blocks\/gallery\" data-attributes=\"{&quot;attributes&quot;:{&quot;gallery_block_title&quot;:&quot;&lt;strong&gt;Hur \\u00e4r det att vara aktivist med Greenpeace?&lt;\\\/strong&gt;&quot;,&quot;multiple_image&quot;:&quot;56536,482,2262&quot;,&quot;gallery_block_focus_points&quot;:&quot;{u0022482u0022:u002250% 50%u0022,u00223227u0022:u002226% 45%u0022,u002256536u0022:u002250% 50%u0022}&quot;,&quot;image_data&quot;:[{&quot;url&quot;:&quot;https:\\\/\\\/www.greenpeace.org\\\/static\\\/planet4-sweden-stateless\\\/2023\\\/06\\\/70398d26-001-sailing-in.00_04_09_19.still002.jpg&quot;,&quot;focalPoint&quot;:{&quot;x&quot;:0.5,&quot;y&quot;:0.5},&quot;id&quot;:56536},{&quot;url&quot;:&quot;https:\\\/\\\/www.greenpeace.org\\\/static\\\/planet4-sweden-stateless\\\/2019\\\/01\\\/e64f27bc-4a05e9c4-gp0stqq7j.jpg&quot;,&quot;focalPoint&quot;:{&quot;x&quot;:0.5,&quot;y&quot;:0.5},&quot;id&quot;:482},{&quot;url&quot;:&quot;https:\\\/\\\/www.greenpeace.org\\\/static\\\/planet4-sweden-stateless\\\/2019\\\/02\\\/9183c9fa-gp0stoefq.jpg&quot;,&quot;focalPoint&quot;:{&quot;x&quot;:0.5,&quot;y&quot;:0.5},&quot;id&quot;:2262}],&quot;className&quot;:&quot;is-style-three-columns&quot;,&quot;gallery_block_style&quot;:0,&quot;gallery_block_description&quot;:&quot;&quot;,&quot;images&quot;:[{&quot;image_src&quot;:&quot;https:\\\/\\\/www.greenpeace.org\\\/static\\\/planet4-sweden-stateless\\\/2023\\\/06\\\/70398d26-001-sailing-in.00_04_09_19.still002.jpg&quot;,&quot;image_srcset&quot;:&quot;https:\\\/\\\/www.greenpeace.org\\\/static\\\/planet4-sweden-stateless\\\/2023\\\/06\\\/70398d26-001-sailing-in.00_04_09_19.still002.jpg 1600w, https:\\\/\\\/www.greenpeace.org\\\/static\\\/planet4-sweden-stateless\\\/2023\\\/06\\\/70398d26-001-sailing-in.00_04_09_19.still002-300x169.jpg 300w, https:\\\/\\\/www.greenpeace.org\\\/static\\\/planet4-sweden-stateless\\\/2023\\\/06\\\/70398d26-001-sailing-in.00_04_09_19.still002-1024x576.jpg 1024w, https:\\\/\\\/www.greenpeace.org\\\/static\\\/planet4-sweden-stateless\\\/2023\\\/06\\\/70398d26-001-sailing-in.00_04_09_19.still002-768x432.jpg 768w, https:\\\/\\\/www.greenpeace.org\\\/static\\\/planet4-sweden-stateless\\\/2023\\\/06\\\/70398d26-001-sailing-in.00_04_09_19.still002-1536x864.jpg 1536w, https:\\\/\\\/www.greenpeace.org\\\/static\\\/planet4-sweden-stateless\\\/2023\\\/06\\\/70398d26-001-sailing-in.00_04_09_19.still002-510x287.jpg 510w&quot;,&quot;image_sizes&quot;:false,&quot;alt_text&quot;:&quot;&quot;,&quot;caption&quot;:&quot;&quot;,&quot;focus_image&quot;:&quot;&quot;,&quot;credits&quot;:&quot;&quot;},{&quot;image_src&quot;:&quot;https:\\\/\\\/www.greenpeace.org\\\/static\\\/planet4-sweden-stateless\\\/2019\\\/01\\\/e64f27bc-4a05e9c4-gp0stqq7j.jpg&quot;,&quot;image_srcset&quot;:&quot;https:\\\/\\\/www.greenpeace.org\\\/static\\\/planet4-sweden-stateless\\\/2019\\\/01\\\/e64f27bc-4a05e9c4-gp0stqq7j.jpg 1200w, https:\\\/\\\/www.greenpeace.org\\\/static\\\/planet4-sweden-stateless\\\/2019\\\/01\\\/e64f27bc-4a05e9c4-gp0stqq7j-300x200.jpg 300w, https:\\\/\\\/www.greenpeace.org\\\/static\\\/planet4-sweden-stateless\\\/2019\\\/01\\\/e64f27bc-4a05e9c4-gp0stqq7j-768x512.jpg 768w, https:\\\/\\\/www.greenpeace.org\\\/static\\\/planet4-sweden-stateless\\\/2019\\\/01\\\/e64f27bc-4a05e9c4-gp0stqq7j-1024x683.jpg 1024w, https:\\\/\\\/www.greenpeace.org\\\/static\\\/planet4-sweden-stateless\\\/2019\\\/01\\\/e64f27bc-4a05e9c4-gp0stqq7j-510x340.jpg 510w&quot;,&quot;image_sizes&quot;:false,&quot;alt_text&quot;:&quot;&quot;,&quot;caption&quot;:&quot;Greenpeace join a large coalition of protest groups and members of the public who are participating in a Climate March today in Copenhagen. The Greenpeace activists unfurl  a banner at the famous Cirkelbroen ( Circle Bridge ), join the procession along the waterside by kayak, and carry placards reading \\u2018RESIST\\u2019 during the hour long march, which commencies and concludes at Christiansborg Slotsplads. The Greenpeace marchers ask people that on this day, marked by 100 days of President Trumps backward facing policy, that Denmark and its leaders move forward and provide a clear mandate for a just Green and peaceful world.&quot;,&quot;focus_image&quot;:&quot;&quot;,&quot;credits&quot;:&quot;&quot;},{&quot;image_src&quot;:&quot;https:\\\/\\\/www.greenpeace.org\\\/static\\\/planet4-sweden-stateless\\\/2019\\\/02\\\/9183c9fa-gp0stoefq.jpg&quot;,&quot;image_srcset&quot;:&quot;https:\\\/\\\/www.greenpeace.org\\\/static\\\/planet4-sweden-stateless\\\/2019\\\/02\\\/9183c9fa-gp0stoefq.jpg 1200w, https:\\\/\\\/www.greenpeace.org\\\/static\\\/planet4-sweden-stateless\\\/2019\\\/02\\\/9183c9fa-gp0stoefq-300x200.jpg 300w, https:\\\/\\\/www.greenpeace.org\\\/static\\\/planet4-sweden-stateless\\\/2019\\\/02\\\/9183c9fa-gp0stoefq-768x512.jpg 768w, https:\\\/\\\/www.greenpeace.org\\\/static\\\/planet4-sweden-stateless\\\/2019\\\/02\\\/9183c9fa-gp0stoefq-1024x683.jpg 1024w, https:\\\/\\\/www.greenpeace.org\\\/static\\\/planet4-sweden-stateless\\\/2019\\\/02\\\/9183c9fa-gp0stoefq-510x340.jpg 510w&quot;,&quot;image_sizes&quot;:false,&quot;alt_text&quot;:&quot;Action at Statoil Rig in the Barents Sea. \\u00a9 Anonymous&quot;,&quot;caption&quot;:&quot;Aktivister ockuperar Statoils oljerigg i Barents hav.&quot;,&quot;focus_image&quot;:&quot;&quot;,&quot;credits&quot;:&quot;&quot;}]}}\"><section class=\"block split-three-column is-style-three-columns\"><header><h2 class=\"page-section-header\"><strong>Hur \u00e4r det att vara aktivist med Greenpeace?<\/strong><\/h2><\/header><\/section><\/div>\n<p class=\"has-medium-font-size\">Greenpeace-aktivister \u00e4r kunniga, engagerade och modiga. Men de \u00e4r ocks\u00e5 bara vanliga m\u00e4nniskor som g\u00f6r vad som kr\u00e4vs f\u00f6r att skydda v\u00e5r framtid.&nbsp;<\/p>\n\n<p class=\"has-medium-font-size\">V\u00e5ra aktivister arbetar tillsammans och tar hand om varandra, det \u00e4r en atmosf\u00e4r och gemenskap alla aktivister f\u00f6rv\u00e4ntas bidra till. Aktivism kan vara tufft, det finns b\u00e5de toppar och dalar, det kan vara lika sp\u00e4nnande som utmattande. Samtidigt kan du f\u00f6rv\u00e4nta dig m\u00e5nga skratt l\u00e4ngs v\u00e4gen och m\u00e5nga nya f\u00e4rdigheter, v\u00e4nner och \u00e4ventyr.&nbsp;&nbsp;<\/p>\n\n<p class=\"has-medium-font-size\">Aktivisternas s\u00e4kerhet \u00e4r alltid h\u00f6gsta prioritet under aktioner och Greenpeace tillhandah\u00e5ller ett omfattande st\u00f6dpaket f\u00f6r aktivister och volont\u00e4rer som engagerar sig med oss. Vi s\u00e4kerst\u00e4ller, till h\u00f6gsta rimliga niv\u00e5, v\u00e5ra aktivisters fysiska och psykiska v\u00e4lbefinnande och s\u00e4kerhet f\u00f6re, under och efter deltagande i en aktion. D\u00e4rf\u00f6r har Greenpeace grundliga tr\u00e4ningar i alla delar av en aktion.&nbsp;&nbsp;<\/p>\n\n<div style=\"height:40px\" aria-hidden=\"true\" class=\"wp-block-spacer\"><\/div>\n\n\n<div class=\"wp-block-group block mb-0 has-grey-100-background-color has-background is-layout-flow wp-block-group-is-layout-flow\">\n<div class=\"wp-block-group container is-layout-flow wp-block-group-is-layout-flow\">\n<div style=\"height:24px\" aria-hidden=\"true\" class=\"wp-block-spacer\"><\/div>\n\n\n\n<div class=\"wp-block-columns is-layout-flex wp-container-core-columns-is-layout-9d6595d7 wp-block-columns-is-layout-flex\">\n<div class=\"wp-block-column is-vertically-aligned-center is-layout-flow wp-block-column-is-layout-flow\" style=\"flex-basis:5%\"><\/div>\n\n\n\n<div class=\"wp-block-column is-vertically-aligned-center is-layout-flow wp-block-column-is-layout-flow\" style=\"flex-basis:70%\">\n<p class=\"has-grey-900-color has-text-color has-medium-font-size\">Jag k\u00e4nner alltid en k\u00e4nsla av gemenskap och kamratskap n\u00e4r vi tr\u00e4ffas och f\u00f6rbereder oss f\u00f6r aktioner \u2013 det k\u00e4nns som en familjesammankomst!<\/p>\n\n\n\n<p class=\"has-gp-nor-green-3-color has-text-color has-link-color wp-elements-0b98184b10a6aed82c9e9b4c91d644b8\" style=\"font-size:15px\">Pattie, Greenpeace-aktivist<\/p>\n<\/div>\n\n\n\n<div class=\"wp-block-column is-vertically-aligned-center is-layout-flow wp-block-column-is-layout-flow\" style=\"flex-basis:20%\">\n<figure class=\"wp-block-image aligncenter size-full is-resized is-style-rounded-180\"><img loading=\"lazy\" decoding=\"async\" width=\"989\" height=\"989\" src=\"https:\/\/www.greenpeace.org\/static\/planet4-sweden-stateless\/2023\/06\/2e5a399a-pattie-kitchen.jpg\" alt=\"\" class=\"wp-image-56789\" srcset=\"https:\/\/www.greenpeace.org\/static\/planet4-sweden-stateless\/2023\/06\/2e5a399a-pattie-kitchen.jpg 989w, https:\/\/www.greenpeace.org\/static\/planet4-sweden-stateless\/2023\/06\/2e5a399a-pattie-kitchen-300x300.jpg 300w, https:\/\/www.greenpeace.org\/static\/planet4-sweden-stateless\/2023\/06\/2e5a399a-pattie-kitchen-150x150.jpg 150w, https:\/\/www.greenpeace.org\/static\/planet4-sweden-stateless\/2023\/06\/2e5a399a-pattie-kitchen-768x768.jpg 768w, https:\/\/www.greenpeace.org\/static\/planet4-sweden-stateless\/2023\/06\/2e5a399a-pattie-kitchen-340x340.jpg 340w\" sizes=\"auto, (max-width: 989px) 100vw, 989px\" \/><\/figure>\n<\/div>\n<\/div>\n<\/div>\n<\/div>\n\n\n<div style=\"height:50px\" aria-hidden=\"true\" class=\"wp-block-spacer\"><\/div>\n\n<h2 class=\"wp-block-heading\">Vem kan bli aktivist hos Greenpeace?<\/h2>\n\n<p class=\"has-medium-font-size\">Kort sagt &#8211; alla! (Som \u00e4r \u00f6ver 18 \u00e5r.) Du beh\u00f6ver inte vara extra modig eller v\u00e4ltr\u00e4nad f\u00f6r att vara aktivist. Om du har s\u00e4rskilda tillg\u00e4nglighetsbehov ser vi till att dessa tillgodoses s\u00e5 l\u00e5ngt det \u00e4r m\u00f6jligt. P\u00e5 Greenpeace tror vi att det finns m\u00e5nga s\u00e4tt att vara aktivist p\u00e5 &#8211; att kl\u00e4ttra upp p\u00e5 oljeriggar eller blockera ett stort fartyg i en kajak \u00e4r inte f\u00f6r alla. Greenpeaces volont\u00e4rer g\u00f6r ett enormt arbete med att p\u00e5verka opinionen och sprida verktyg som folk kan anv\u00e4nda f\u00f6r att g\u00f6ra sina r\u00f6ster h\u00f6rda. Aktivism kan handla om allt fr\u00e5n att m\u00e5la banderoll en eftermiddag, skriva mail till dina folkvalda, till att laga mat under en aktion.&nbsp;&nbsp;<\/p>\n\n<p class=\"has-medium-font-size\">Allt du beh\u00f6ver f\u00f6r att vara aktivist \u00e4r ett engagemang f\u00f6r att skydda v\u00e5r planet och m\u00e4nniskorna p\u00e5 den.&nbsp; L\u00e5ter det som n\u00e5got f\u00f6r dig? Anm\u00e4l ditt intresse <a rel=\"noreferrer noopener\" href=\"https:\/\/greenpeace.community\/page\/introduction-to-civil-disobedience?usp=sf_link\" target=\"_blank\">h\u00e4r<\/a>!<\/p>\n\n<div style=\"height:30px\" aria-hidden=\"true\" class=\"wp-block-spacer\"><\/div>\n\n<h2 class=\"wp-block-heading\">Hur blir jag aktivist f\u00f6r Greenpeace?&nbsp;<\/h2>\n\n<p class=\"has-medium-font-size\">Det f\u00f6rsta steget mot att bli aktivist med oss \u00e4r att g\u00e5 v\u00e5r heldagstr\u00e4ning <em>Introduktion till civil olydnad<\/em>. I den tr\u00e4ningen f\u00e5r du l\u00e4ra dig mer om fredlig civil olydnad och hur Greenpeace anv\u00e4nder metoden. <strong>Skriv upp dig <a rel=\"noreferrer noopener\" href=\"https:\/\/greenpeace.community\/page\/introduction-to-civil-disobedience?usp=sf_link\" target=\"_blank\">h\u00e4r<\/a>!<\/strong>&nbsp;<\/p>\n\n<p class=\"has-medium-font-size\">Det andra steget \u00e4r en helgtr\u00e4ning i fredlig direkt aktion, en s\u00e5 kallad <em>NVDA <\/em>tr\u00e4ning (Nonviolent Direct Action). Denna tr\u00e4ning l\u00e4r dig hur man agerar p\u00e5 ett s\u00e4kert och effektivt s\u00e4tt under pressade situationer. Under helgen f\u00e5r du m\u00f6jlighet att tr\u00e4ffa andra aktivister och utmana dig sj\u00e4lv i en trygg milj\u00f6. Tr\u00e4ningen omfattar allt fr\u00e5n hur man fysiskt och mentalt f\u00f6rbereder sig f\u00f6r att agera, till deeskaleringstaktik, s\u00e4kerhet, r\u00e4ttsliga f\u00f6rfaranden, blockeringsteknik, medietr\u00e4ning och mycket mycket mer. Personer som framg\u00e5ngsrikt slutf\u00f6r denna tr\u00e4ning \u00e4r mer \u00e4n v\u00e4lkomna att delta i Greenpeaces aktioner!&nbsp;&nbsp;<\/p>\n\n<p class=\"has-medium-font-size\">Greenpeace-aktivister kan sedan v\u00e4lja att anm\u00e4la sig till n\u00e5gon av v\u00e5ra specialiserade aktionsteam, t.ex. kl\u00e4tterteamet, kajakteamet eller b\u00e5tteamet, som alla har omfattande och grundliga tr\u00e4ningar. Aktionsteamen tr\u00e4ffas flera helger per \u00e5r f\u00f6r att uppr\u00e4tth\u00e5lla sin kunskap och sina f\u00e4rdigheter, helger som dessutom \u00e4r perfekta tillf\u00e4llen att f\u00e5 umg\u00e5s med sina med-aktivister!<\/p>\n\n<p class=\"has-medium-font-size\"><strong>Ut\u00f6ver aktivist-tr\u00e4ningar har vi flertalet tr\u00e4ningar f\u00f6r volont\u00e4rer,<a href=\"https:\/\/www.greenpeace.org\/sweden\/agera\/bli-volontar\/\"> l\u00e4s mer om volont\u00e4rarbete h\u00e4r<\/a>.&nbsp;<\/strong><\/p>\n\n<p class=\"has-medium-font-size\">Vi erbjuder f\u00f6rsta-hj\u00e4lpen-tr\u00e4ning till alla aktivister. Alla tr\u00e4ningar \u00e4r gratis och Greenpeace t\u00e4cker alla kostnader f\u00f6r aktivister under utbildning och aktiviteter, s\u00e5som resor, mat, boende etc.<\/p>\n\n<div style=\"height:30px\" aria-hidden=\"true\" class=\"wp-block-spacer\"><\/div>\n\n<div class=\"wp-block-cover has-parallax\"><div class=\"wp-block-cover__image-background wp-image-271 has-parallax\" style=\"background-position:50% 50%;background-image:url(https:\/\/storage.googleapis.com\/planet4-sweden-stateless-develop\/2018\/05\/6f53772c-act-now.jpg)\"><\/div><span aria-hidden=\"true\" class=\"wp-block-cover__background has-background-dim-60 has-background-dim\"><\/span><div class=\"wp-block-cover__inner-container is-layout-flow wp-block-cover-is-layout-flow\">\n<h2 class=\"wp-block-heading has-text-align-center\" style=\"font-size:30px\"><strong>Anm\u00e4l dig h\u00e4r som Greenpeace-aktivist och var med och p\u00e5verka!<\/strong><\/h2>\n\n\n\n<p class=\"has-text-align-center has-medium-font-size\">Ju fler vi \u00e4r, ju starkare blir vi! Vi ser fram emot att h\u00f6ra fr\u00e5n dig.<\/p>\n\n\n\n<div style=\"height:20px\" aria-hidden=\"true\" class=\"wp-block-spacer\"><\/div>\n\n\n\n<div class=\"wp-block-buttons is-content-justification-center is-layout-flex wp-container-core-buttons-is-layout-16018d1d wp-block-buttons-is-layout-flex\">\n<div class=\"wp-block-button is-style-cta\"><a class=\"wp-block-button__link wp-element-button\" href=\"https:\/\/greenpeace.community\/page\/introduction-to-civil-disobedience\" target=\"_blank\" rel=\"noreferrer noopener\">Engagera dig<\/a><\/div>\n<\/div>\n<\/div><\/div>\n\n<div style=\"height:30px\" aria-hidden=\"true\" class=\"wp-block-spacer\"><\/div>\n\n\n<div class=\"wp-block-group alignfull block has-grey-100-background-color has-background is-layout-flow wp-block-group-is-layout-flow\">\n<div class=\"wp-block-group container is-layout-flow wp-block-group-is-layout-flow\">\n<div style=\"height:24px\" aria-hidden=\"true\" class=\"wp-block-spacer\"><\/div>\n\n\n\n<h2 class=\"wp-block-heading has-text-align-center\">\u00c5rliga nordiska volont\u00e4rrapporter<\/h2>\n\n\n\n<p class=\"has-text-align-center\">Se mer om vad Greenpeace-volont\u00e4rer har \u00e5stadkommit under \u00e5ren i v\u00e5ra \u00e5rliga volont\u00e4rrapporter.<\/p>\n\n\n\n<div class=\"wp-block-columns is-layout-flex wp-container-core-columns-is-layout-9d6595d7 wp-block-columns-is-layout-flex\">\n<div class=\"wp-block-column is-layout-flow wp-block-column-is-layout-flow\">\n<div class=\"wp-block-group group-stretched-link is-layout-flow wp-block-group-is-layout-flow\">\n<figure class=\"wp-block-image aligncenter size-full force-no-lightbox force-no-caption is-style-default\"><img loading=\"lazy\" decoding=\"async\" width=\"240\" height=\"340\" src=\"https:\/\/www.greenpeace.org\/static\/planet4-sweden-stateless\/2024\/03\/9c153724-vol2023.jpg\" title=\"nordic volunteer activities 2023 report cover, depicting crowd of people in helsinki\" alt=\"nordic volunteer activities 2023 report cover, depicting crowd of people in helsinki\" class=\"wp-image-59375\" style=\"aspect-ratio:0.7079646017699115;object-fit:cover\" srcset=\"https:\/\/www.greenpeace.org\/static\/planet4-sweden-stateless\/2024\/03\/9c153724-vol2023.jpg 240w, https:\/\/www.greenpeace.org\/static\/planet4-sweden-stateless\/2024\/03\/9c153724-vol2023-212x300.jpg 212w\" sizes=\"auto, (max-width: 240px) 100vw, 240px\" \/><\/figure>\n\n\n\n<h5 class=\"wp-block-heading has-text-align-center is-style-chevron\" style=\"font-size:1rem\"><a href=\"https:\/\/www.greenpeace.org\/static\/planet4-sweden-stateless\/2024\/03\/c3435ee6-2023-volunteer-activities-report.pdf\" data-type=\"link\" data-id=\"https:\/\/www.greenpeace.org\/static\/planet4-sweden-stateless\/2024\/03\/c3435ee6-2023-volunteer-activities-report.pdf\" target=\"_blank\" rel=\"noreferrer noopener\">L\u00e4s hela rapporten f\u00f6r 2023 h\u00e4r<\/a><\/h5>\n\n\n\n<div style=\"height:16px\" aria-hidden=\"true\" class=\"wp-block-spacer\"><\/div>\n<\/div>\n<\/div>\n\n\n\n<div class=\"wp-block-column is-layout-flow wp-block-column-is-layout-flow\">\n<div class=\"wp-block-group group-stretched-link is-layout-flow wp-block-group-is-layout-flow\">\n<figure class=\"wp-block-image aligncenter size-articles-medium-large force-no-lightbox force-no-caption is-style-default\"><img loading=\"lazy\" decoding=\"async\" width=\"240\" height=\"340\" src=\"https:\/\/www.greenpeace.org\/static\/planet4-sweden-stateless\/2023\/04\/918613f6-vol-2022-cover-240x340.jpg\" title=\"Nordic volunteering report 2022 cover\" alt=\"\" class=\"wp-image-56067\" srcset=\"https:\/\/www.greenpeace.org\/static\/planet4-sweden-stateless\/2023\/04\/918613f6-vol-2022-cover-240x340.jpg 240w, https:\/\/www.greenpeace.org\/static\/planet4-sweden-stateless\/2023\/04\/918613f6-vol-2022-cover-212x300.jpg 212w, https:\/\/www.greenpeace.org\/static\/planet4-sweden-stateless\/2023\/04\/918613f6-vol-2022-cover-724x1024.jpg 724w, https:\/\/www.greenpeace.org\/static\/planet4-sweden-stateless\/2023\/04\/918613f6-vol-2022-cover-768x1086.jpg 768w, https:\/\/www.greenpeace.org\/static\/planet4-sweden-stateless\/2023\/04\/918613f6-vol-2022-cover-966x1366.jpg 966w, https:\/\/www.greenpeace.org\/static\/planet4-sweden-stateless\/2023\/04\/918613f6-vol-2022-cover.jpg 992w\" sizes=\"auto, (max-width: 240px) 100vw, 240px\" \/><\/figure>\n\n\n\n<h5 class=\"wp-block-heading has-text-align-center is-style-chevron\" style=\"font-size:1rem\"><a href=\"https:\/\/www.greenpeace.org\/static\/planet4-sweden-stateless\/2023\/04\/b4364ac0-nordic-volunteer-activities-2022_final-version.pdf\" target=\"_blank\" rel=\"noreferrer noopener\">L\u00e4s hela rapporten f\u00f6r 2022 h\u00e4r<\/a><\/h5>\n\n\n\n<div style=\"height:16px\" aria-hidden=\"true\" class=\"wp-block-spacer\"><\/div>\n<\/div>\n<\/div>\n\n\n\n<div class=\"wp-block-column is-layout-flow wp-block-column-is-layout-flow\">\n<div class=\"wp-block-group group-stretched-link is-layout-flow wp-block-group-is-layout-flow\">\n<figure class=\"wp-block-image aligncenter size-articles-medium-large force-no-lightbox force-no-caption is-style-default\"><img loading=\"lazy\" decoding=\"async\" width=\"240\" height=\"340\" src=\"https:\/\/www.greenpeace.org\/static\/planet4-sweden-stateless\/2022\/08\/6959f663-nordic-volunteer-report-2021-240x340.jpg\" title=\"Omslagsbild av Nordic Volunteer Report 2021\" alt=\"Omslagsbild av Nordic Volunteer Report 2021\" class=\"wp-image-52465\" srcset=\"https:\/\/www.greenpeace.org\/static\/planet4-sweden-stateless\/2022\/08\/6959f663-nordic-volunteer-report-2021-240x340.jpg 240w, https:\/\/www.greenpeace.org\/static\/planet4-sweden-stateless\/2022\/08\/6959f663-nordic-volunteer-report-2021-212x300.jpg 212w, https:\/\/www.greenpeace.org\/static\/planet4-sweden-stateless\/2022\/08\/6959f663-nordic-volunteer-report-2021-724x1024.jpg 724w, https:\/\/www.greenpeace.org\/static\/planet4-sweden-stateless\/2022\/08\/6959f663-nordic-volunteer-report-2021-768x1086.jpg 768w, https:\/\/www.greenpeace.org\/static\/planet4-sweden-stateless\/2022\/08\/6959f663-nordic-volunteer-report-2021-966x1366.jpg 966w, https:\/\/www.greenpeace.org\/static\/planet4-sweden-stateless\/2022\/08\/6959f663-nordic-volunteer-report-2021.jpg 1042w\" sizes=\"auto, (max-width: 240px) 100vw, 240px\" \/><figcaption><div class=\"credit icon-left\"> \u00a9 Greenpeace Nordic Volunteer Unit<\/div><\/figcaption><\/figure>\n\n\n\n<h5 class=\"wp-block-heading has-text-align-center is-style-chevron\" style=\"font-size:1rem\"><a href=\"https:\/\/www.greenpeace.org\/static\/planet4-sweden-stateless\/2022\/08\/7443d817-nordic-volunteer-report-2021.pdf\" target=\"_blank\" rel=\"noreferrer noopener\">L\u00e4s hela rapporten f\u00f6r 2021 h\u00e4r<\/a><\/h5>\n\n\n\n<div style=\"height:16px\" aria-hidden=\"true\" class=\"wp-block-spacer\"><\/div>\n<\/div>\n<\/div>\n\n\n\n<div class=\"wp-block-column is-layout-flow wp-block-column-is-layout-flow\">\n<div class=\"wp-block-group group-stretched-link is-layout-flow wp-block-group-is-layout-flow\">\n<figure class=\"wp-block-image aligncenter size-articles-medium-large force-no-lightbox force-no-caption is-style-default\"><img loading=\"lazy\" decoding=\"async\" width=\"240\" height=\"340\" src=\"https:\/\/www.greenpeace.org\/static\/planet4-sweden-stateless\/2022\/08\/8ce9a637-nordic-volunteer-report-2020-240x340.jpg\" title=\"Omslagsbild av Nordic Volunteer Report 2020\" alt=\"Omslagsbild av Nordic Volunteer Report 2020\" class=\"wp-image-52466\" srcset=\"https:\/\/www.greenpeace.org\/static\/planet4-sweden-stateless\/2022\/08\/8ce9a637-nordic-volunteer-report-2020-240x340.jpg 240w, https:\/\/www.greenpeace.org\/static\/planet4-sweden-stateless\/2022\/08\/8ce9a637-nordic-volunteer-report-2020-212x300.jpg 212w, https:\/\/www.greenpeace.org\/static\/planet4-sweden-stateless\/2022\/08\/8ce9a637-nordic-volunteer-report-2020.jpg 514w\" sizes=\"auto, (max-width: 240px) 100vw, 240px\" \/><figcaption><div class=\"credit icon-left\"> \u00a9 Greenpeace Nordic Volunteer Unit<\/div><\/figcaption><\/figure>\n\n\n\n<h5 class=\"wp-block-heading has-text-align-center is-style-chevron\" style=\"font-size:1rem\"><a href=\"https:\/\/www.greenpeace.org\/static\/planet4-sweden-stateless\/2022\/08\/9ca3790f-nordic-volunteer-report-2020.pdf\" target=\"_blank\" rel=\"noreferrer noopener\">L\u00e4s hela rapporten f\u00f6r 2020 h\u00e4r<\/a><\/h5>\n\n\n\n<div style=\"height:16px\" aria-hidden=\"true\" class=\"wp-block-spacer\"><\/div>\n<\/div>\n<\/div>\n\n\n\n<div class=\"wp-block-column is-layout-flow wp-block-column-is-layout-flow\">\n<div class=\"wp-block-group group-stretched-link is-layout-flow wp-block-group-is-layout-flow\">\n<figure class=\"wp-block-image aligncenter size-articles-medium-large force-no-lightbox force-no-caption is-style-default\"><img loading=\"lazy\" decoding=\"async\" width=\"239\" height=\"340\" src=\"https:\/\/www.greenpeace.org\/static\/planet4-sweden-stateless\/2022\/08\/0e921bcd-nordic-volunteer-report-2019-239x340.jpg\" title=\"Omslagsbild av Nordic Volunteer Report 2019\" alt=\"Omslagsbild av Nordic Volunteer Report 2019\" class=\"wp-image-52467\" srcset=\"https:\/\/www.greenpeace.org\/static\/planet4-sweden-stateless\/2022\/08\/0e921bcd-nordic-volunteer-report-2019-239x340.jpg 239w, https:\/\/www.greenpeace.org\/static\/planet4-sweden-stateless\/2022\/08\/0e921bcd-nordic-volunteer-report-2019-211x300.jpg 211w, https:\/\/www.greenpeace.org\/static\/planet4-sweden-stateless\/2022\/08\/0e921bcd-nordic-volunteer-report-2019-719x1024.jpg 719w, https:\/\/www.greenpeace.org\/static\/planet4-sweden-stateless\/2022\/08\/0e921bcd-nordic-volunteer-report-2019.jpg 744w\" sizes=\"auto, (max-width: 239px) 100vw, 239px\" \/><figcaption><div class=\"credit icon-left\"> \u00a9 Greenpeace Nordic Volunteer Unit<\/div><\/figcaption><\/figure>\n\n\n\n<h5 class=\"wp-block-heading has-text-align-center is-style-chevron\" style=\"font-size:1rem\"><a href=\"https:\/\/www.greenpeace.org\/static\/planet4-sweden-stateless\/2022\/08\/ed835af1-nordic-volunteer-report-2019.pdf\" target=\"_blank\" rel=\"noreferrer noopener\">L\u00e4s hela rapporten f\u00f6r 2019 h\u00e4r<\/a><\/h5>\n\n\n\n<div style=\"height:16px\" aria-hidden=\"true\" class=\"wp-block-spacer\"><\/div>\n<\/div>\n<\/div>\n<\/div>\n<\/div>\n<\/div>\n\n\n<div class=\"wp-block-query posts-list p4-query-loop is-custom-layout-list is-layout-flow wp-block-query-is-layout-flow\">\n<div class=\"wp-block-group is-content-justification-space-between is-layout-flex wp-container-core-group-is-layout-3d213aab wp-block-group-is-layout-flex\">\n<h2 class=\"wp-block-heading\">Vidare l\u00e4sning<\/h2>\n\n\n<li class=\" wp-block-navigation-item see-all-link wp-block-navigation-link\"><a class=\"wp-block-navigation-item__content\"  href=\"https:\/\/www.greenpeace.org\/sweden\/nyheter\/?tag=aktivism\"><span class=\"wp-block-navigation-item__label\">See all posts<\/span><\/a><\/li><\/div>\n\n\n\n<p style=\"margin-top:24px;margin-bottom:36px\"><\/p>\n\n\n\n\n<ul class=\"wp-block-post-template is-layout-flow wp-block-post-template-is-layout-flow\"><li class=\"wp-block-post post-66440 post type-post status-publish format-standard has-post-thumbnail hentry category-fred category-greenpeace tag-aktivism tag-stod-oss tag-greenpeaceskepp p4-page-type-artiklar\">\n\n<div class=\"wp-block-columns is-layout-flex wp-container-core-columns-is-layout-9d6595d7 wp-block-columns-is-layout-flex\"><figure class=\"wp-block-post-featured-image\"><a href=\"https:\/\/www.greenpeace.org\/sweden\/artiklar\/greenpeace\/greenpeace-har-anslutit-till-flottilj-pa-vag-mot-gaza\/\" target=\"_self\"  ><img loading=\"lazy\" decoding=\"async\" width=\"1200\" height=\"800\" src=\"https:\/\/www.greenpeace.org\/static\/planet4-sweden-stateless\/2026\/04\/3c7efad5-gp0stznhb_medium-res-1200px.jpg\" class=\"attachment-post-thumbnail size-post-thumbnail wp-post-image wp-stateless-item\" alt=\"Greenpeace har anslutit till flottilj p\u00e5 v\u00e4g mot Gaza\" style=\"object-fit:cover;\" srcset=\"https:\/\/www.greenpeace.org\/static\/planet4-sweden-stateless\/2026\/04\/3c7efad5-gp0stznhb_medium-res-1200px.jpg 1200w, https:\/\/www.greenpeace.org\/static\/planet4-sweden-stateless\/2026\/04\/3c7efad5-gp0stznhb_medium-res-1200px-300x200.jpg 300w, https:\/\/www.greenpeace.org\/static\/planet4-sweden-stateless\/2026\/04\/3c7efad5-gp0stznhb_medium-res-1200px-1024x683.jpg 1024w, https:\/\/www.greenpeace.org\/static\/planet4-sweden-stateless\/2026\/04\/3c7efad5-gp0stznhb_medium-res-1200px-768x512.jpg 768w, https:\/\/www.greenpeace.org\/static\/planet4-sweden-stateless\/2026\/04\/3c7efad5-gp0stznhb_medium-res-1200px-510x340.jpg 510w\" sizes=\"auto, (max-width: 1200px) 100vw, 1200px\" data-image-size=\"post-thumbnail\" data-stateless-media-bucket=\"planet4-sweden-stateless\" data-stateless-media-name=\"2026\/04\/3c7efad5-gp0stznhb_medium-res-1200px.jpg\" \/><\/a><\/figure>\n\n\n<div class=\"wp-block-group is-layout-flow wp-block-group-is-layout-flow\">\n<div class=\"wp-block-group is-layout-flex wp-block-group-is-layout-flex\"><div class=\"wp-block-post-terms\"><a href=\"https:\/\/www.greenpeace.org\/sweden\/kategori\/fred\/\">Fred<\/a><\/div>\n\n<div class=\"taxonomy-post_tag wp-block-post-terms\"><a href=\"https:\/\/www.greenpeace.org\/sweden\/tag\/aktivism\/\" rel=\"tag\">aktivism<\/a><span class=\"wp-block-post-terms__separator\"> <\/span><a href=\"https:\/\/www.greenpeace.org\/sweden\/tag\/stod-oss\/\" rel=\"tag\">st\u00f6doss<\/a><span class=\"wp-block-post-terms__separator\"> <\/span><a href=\"https:\/\/www.greenpeace.org\/sweden\/tag\/greenpeaceskepp\/\" rel=\"tag\">greenpeaceskepp<\/a><\/div><\/div>\n\n\n<h3 class=\"wp-block-post-title\"><a href=\"https:\/\/www.greenpeace.org\/sweden\/artiklar\/greenpeace\/greenpeace-har-anslutit-till-flottilj-pa-vag-mot-gaza\/\" target=\"_self\" >Greenpeace har anslutit till flottilj p\u00e5 v\u00e4g mot Gaza<\/a><\/h3>\n\n<div class=\"wp-block-post-excerpt\"><p class=\"wp-block-post-excerpt__excerpt\">Greenpeace-fartyget Arctic Sunrise har anslutit sig till den internationella flottiljen Global Sumud Flotilla, som seglade fr\u00e5n Barcelona mot Gaza den 12 april 2026. <\/p><\/div>\n\n\n<div class=\"wp-block-group posts-list-meta is-layout-flow wp-block-group-is-layout-flow\"><span class='article-list-item-author'><a href='https:\/\/www.greenpeace.org\/sweden\/author\/gp_sweden\/'>Greenpeace Sverige<\/a><\/span>\n\n<div class=\"wp-block-post-date\"><time datetime=\"2026-04-21T12:19:49+01:00\">april 21, 2026<\/time><\/div><\/div>\n<\/div>\n<\/div>\n\n<\/li><li class=\"wp-block-post post-66148 post type-post status-publish format-standard has-post-thumbnail hentry category-greenpeace tag-omgreenpeace tag-aktivism tag-stod-oss p4-page-type-artiklar\">\n\n<div class=\"wp-block-columns is-layout-flex wp-container-core-columns-is-layout-9d6595d7 wp-block-columns-is-layout-flex\"><figure class=\"wp-block-post-featured-image\"><a href=\"https:\/\/www.greenpeace.org\/sweden\/artiklar\/greenpeace\/vad-kostar-din-yttrandefrihet-poddavsnitt-om-slapp-ute-nu\/\" target=\"_self\"  ><img loading=\"lazy\" decoding=\"async\" width=\"1200\" height=\"900\" src=\"https:\/\/www.greenpeace.org\/static\/planet4-sweden-stateless\/2026\/03\/c0022f5c-gp0su55i3.jpg\" class=\"attachment-post-thumbnail size-post-thumbnail wp-post-image wp-stateless-item\" alt=\"Vad kostar din yttrandefrihet? Poddavsnitt om SLAPP ute nu!\" style=\"object-fit:cover;\" srcset=\"https:\/\/www.greenpeace.org\/static\/planet4-sweden-stateless\/2026\/03\/c0022f5c-gp0su55i3.jpg 1200w, https:\/\/www.greenpeace.org\/static\/planet4-sweden-stateless\/2026\/03\/c0022f5c-gp0su55i3-300x225.jpg 300w, https:\/\/www.greenpeace.org\/static\/planet4-sweden-stateless\/2026\/03\/c0022f5c-gp0su55i3-1024x768.jpg 1024w, https:\/\/www.greenpeace.org\/static\/planet4-sweden-stateless\/2026\/03\/c0022f5c-gp0su55i3-768x576.jpg 768w, https:\/\/www.greenpeace.org\/static\/planet4-sweden-stateless\/2026\/03\/c0022f5c-gp0su55i3-453x340.jpg 453w\" sizes=\"auto, (max-width: 1200px) 100vw, 1200px\" data-image-size=\"post-thumbnail\" data-stateless-media-bucket=\"planet4-sweden-stateless\" data-stateless-media-name=\"2026\/03\/c0022f5c-gp0su55i3.jpg\" \/><\/a><\/figure>\n\n\n<div class=\"wp-block-group is-layout-flow wp-block-group-is-layout-flow\">\n<div class=\"wp-block-group is-layout-flex wp-block-group-is-layout-flex\"><div class=\"wp-block-post-terms\"><a href=\"https:\/\/www.greenpeace.org\/sweden\/kategori\/greenpeace\/\">Greenpeace<\/a><\/div>\n\n<div class=\"taxonomy-post_tag wp-block-post-terms\"><a href=\"https:\/\/www.greenpeace.org\/sweden\/tag\/omgreenpeace\/\" rel=\"tag\">omgreenpeace<\/a><span class=\"wp-block-post-terms__separator\"> <\/span><a href=\"https:\/\/www.greenpeace.org\/sweden\/tag\/aktivism\/\" rel=\"tag\">aktivism<\/a><span class=\"wp-block-post-terms__separator\"> <\/span><a href=\"https:\/\/www.greenpeace.org\/sweden\/tag\/stod-oss\/\" rel=\"tag\">st\u00f6doss<\/a><\/div><\/div>\n\n\n<h3 class=\"wp-block-post-title\"><a href=\"https:\/\/www.greenpeace.org\/sweden\/artiklar\/greenpeace\/vad-kostar-din-yttrandefrihet-poddavsnitt-om-slapp-ute-nu\/\" target=\"_self\" >Vad kostar din yttrandefrihet? Poddavsnitt om SLAPP ute nu!<\/a><\/h3>\n\n<div class=\"wp-block-post-excerpt\"><p class=\"wp-block-post-excerpt__excerpt\">Nyligen d\u00f6mdes Greenpeace i USA och Greenpeace International till att betala \u00f6ver 3 miljarder kronor f\u00f6r att de visade solidaritet med milj\u00f6k\u00e4mpar fr\u00e5n urfolken som motsatte sig en oljeledning som&hellip; <\/p><\/div>\n\n\n<div class=\"wp-block-group posts-list-meta is-layout-flow wp-block-group-is-layout-flow\"><span class='article-list-item-author'><a href='https:\/\/www.greenpeace.org\/sweden\/author\/gp_sweden\/'>Greenpeace Sverige<\/a><\/span>\n\n<div class=\"wp-block-post-date\"><time datetime=\"2026-03-31T10:25:02+01:00\">mars 31, 2026<\/time><\/div><\/div>\n<\/div>\n<\/div>\n\n<\/li><li class=\"wp-block-post post-66133 post type-post status-publish format-standard has-post-thumbnail hentry category-skog tag-skyddaskogen tag-biodiversitet tag-aktivism p4-page-type-pressmeddelanden\">\n\n<div class=\"wp-block-columns is-layout-flex wp-container-core-columns-is-layout-9d6595d7 wp-block-columns-is-layout-flex\"><figure class=\"wp-block-post-featured-image\"><a href=\"https:\/\/www.greenpeace.org\/sweden\/pressmeddelanden\/skog\/sca-avverkar-systematiskt-skog-som-myndigheter-vill-skydda-protest-vid-arsstamma-idag\/\" target=\"_self\"  ><img loading=\"lazy\" decoding=\"async\" width=\"1280\" height=\"853\" src=\"https:\/\/www.greenpeace.org\/static\/planet4-sweden-stateless\/2026\/03\/efdb3f1a-greenpeace_forest-scandal-015_webb.jpg\" class=\"attachment-post-thumbnail size-post-thumbnail wp-post-image wp-stateless-item\" alt=\"SCA avverkar systematiskt skog som myndigheter vill skydda &#8211; protest vid \u00e5rsst\u00e4mma idag\" style=\"object-fit:cover;\" srcset=\"https:\/\/www.greenpeace.org\/static\/planet4-sweden-stateless\/2026\/03\/efdb3f1a-greenpeace_forest-scandal-015_webb.jpg 1280w, https:\/\/www.greenpeace.org\/static\/planet4-sweden-stateless\/2026\/03\/efdb3f1a-greenpeace_forest-scandal-015_webb-300x200.jpg 300w, https:\/\/www.greenpeace.org\/static\/planet4-sweden-stateless\/2026\/03\/efdb3f1a-greenpeace_forest-scandal-015_webb-1024x682.jpg 1024w, https:\/\/www.greenpeace.org\/static\/planet4-sweden-stateless\/2026\/03\/efdb3f1a-greenpeace_forest-scandal-015_webb-768x512.jpg 768w, https:\/\/www.greenpeace.org\/static\/planet4-sweden-stateless\/2026\/03\/efdb3f1a-greenpeace_forest-scandal-015_webb-510x340.jpg 510w\" sizes=\"auto, (max-width: 1280px) 100vw, 1280px\" data-image-size=\"post-thumbnail\" data-stateless-media-bucket=\"planet4-sweden-stateless\" data-stateless-media-name=\"2026\/03\/efdb3f1a-greenpeace_forest-scandal-015_webb.jpg\" \/><\/a><\/figure>\n\n\n<div class=\"wp-block-group is-layout-flow wp-block-group-is-layout-flow\">\n<div class=\"wp-block-group is-layout-flex wp-block-group-is-layout-flex\"><div class=\"wp-block-post-terms\"><a href=\"https:\/\/www.greenpeace.org\/sweden\/kategori\/skog\/\">Skog<\/a><\/div>\n\n<div class=\"taxonomy-post_tag wp-block-post-terms\"><a href=\"https:\/\/www.greenpeace.org\/sweden\/tag\/skyddaskogen\/\" rel=\"tag\">skyddaskogen<\/a><span class=\"wp-block-post-terms__separator\"> <\/span><a href=\"https:\/\/www.greenpeace.org\/sweden\/tag\/biodiversitet\/\" rel=\"tag\">biodiversitet<\/a><span class=\"wp-block-post-terms__separator\"> <\/span><a href=\"https:\/\/www.greenpeace.org\/sweden\/tag\/aktivism\/\" rel=\"tag\">aktivism<\/a><\/div><\/div>\n\n\n<h3 class=\"wp-block-post-title\"><a href=\"https:\/\/www.greenpeace.org\/sweden\/pressmeddelanden\/skog\/sca-avverkar-systematiskt-skog-som-myndigheter-vill-skydda-protest-vid-arsstamma-idag\/\" target=\"_self\" >SCA avverkar systematiskt skog som myndigheter vill skydda &#8211; protest vid \u00e5rsst\u00e4mma idag<\/a><\/h3>\n\n<div class=\"wp-block-post-excerpt\"><p class=\"wp-block-post-excerpt__excerpt\">Omkring 50 representanter fr\u00e5n 8 milj\u00f6organisationer och Ohredahke sameby har samlats f\u00f6r att protestera mot SCA:s oh\u00e5llbara och kontroversiella skogsbruk. <\/p><\/div>\n\n\n<div class=\"wp-block-group posts-list-meta is-layout-flow wp-block-group-is-layout-flow\"><span class='article-list-item-author'><a href='https:\/\/www.greenpeace.org\/sweden\/author\/ltillman\/'>Ludvig Tillman<\/a><\/span>\n\n<div class=\"wp-block-post-date\"><time datetime=\"2026-03-27T15:10:27+01:00\">mars 27, 2026<\/time><\/div><\/div>\n<\/div>\n<\/div>\n\n<\/li><\/ul>\n\n\n<div class=\"wp-block-buttons carousel-controls is-horizontal is-content-justification-space-between is-nowrap is-layout-flex wp-container-core-buttons-is-layout-044bd602 wp-block-buttons-is-layout-flex\">\n<div class=\"wp-block-button carousel-control-prev\"><button type=\"button\" class=\"wp-block-button__link wp-element-button\">Previous Carousel Slide<\/button><\/div>\n\n\n\n<div class=\"wp-block-button carousel-control-next\"><button type=\"button\" class=\"wp-block-button__link wp-element-button\">Next Carousel Slide<\/button><\/div>\n<\/div>\n\n\n<li class=\" wp-block-navigation-item see-all-link wp-block-navigation-link\"><a class=\"wp-block-navigation-item__content\"  href=\"https:\/\/www.greenpeace.org\/sweden\/nyheter\/?tag=aktivism\"><span class=\"wp-block-navigation-item__label\">L\u00e4s mer<\/span><\/a><\/li><\/div>\n","protected":false},"excerpt":{"rendered":"<p>Inom Greenpeace h\u00e5ller vi oss till den civila olydnadens fyra principer s\u00e5som de till\u00e4mpades av Mahatma Gandhi och Martin Luther-King.<\/p>\n","protected":false},"author":22,"featured_media":55401,"parent":234,"menu_order":0,"comment_status":"closed","ping_status":"closed","template":"","meta":{"ep_exclude_from_search":false,"p4_hide_page_title_checkbox":"on","p4_title":"","p4_subtitle":"","p4_description":"","background_image_id":"","background_image":"","p4_button_title":"","p4_button_link":"","p4_button_link_checkbox":"","p4_og_title":"","p4_og_description":"","p4_og_image":"","p4_og_image_id":"","p4_seo_canonical_url":"","p4_campaign_name":"not set","p4_local_project":"not set","p4_basket_name":"not set","p4_department":"","footnotes":""},"categories":[1],"tags":[13,31],"class_list":["post-442","page","type-page","status-publish","has-post-thumbnail","hentry","category-greenpeace","tag-omgreenpeace","tag-aktivism"],"_links":{"self":[{"href":"https:\/\/www.greenpeace.org\/sweden\/wp-json\/wp\/v2\/pages\/442","targetHints":{"allow":["GET"]}}],"collection":[{"href":"https:\/\/www.greenpeace.org\/sweden\/wp-json\/wp\/v2\/pages"}],"about":[{"href":"https:\/\/www.greenpeace.org\/sweden\/wp-json\/wp\/v2\/types\/page"}],"author":[{"embeddable":true,"href":"https:\/\/www.greenpeace.org\/sweden\/wp-json\/wp\/v2\/users\/22"}],"replies":[{"embeddable":true,"href":"https:\/\/www.greenpeace.org\/sweden\/wp-json\/wp\/v2\/comments?post=442"}],"version-history":[{"count":20,"href":"https:\/\/www.greenpeace.org\/sweden\/wp-json\/wp\/v2\/pages\/442\/revisions"}],"predecessor-version":[{"id":64811,"href":"https:\/\/www.greenpeace.org\/sweden\/wp-json\/wp\/v2\/pages\/442\/revisions\/64811"}],"up":[{"embeddable":true,"href":"https:\/\/www.greenpeace.org\/sweden\/wp-json\/wp\/v2\/pages\/234"}],"wp:featuredmedia":[{"embeddable":true,"href":"https:\/\/www.greenpeace.org\/sweden\/wp-json\/wp\/v2\/media\/55401"}],"wp:attachment":[{"href":"https:\/\/www.greenpeace.org\/sweden\/wp-json\/wp\/v2\/media?parent=442"}],"wp:term":[{"taxonomy":"category","embeddable":true,"href":"https:\/\/www.greenpeace.org\/sweden\/wp-json\/wp\/v2\/categories?post=442"},{"taxonomy":"post_tag","embeddable":true,"href":"https:\/\/www.greenpeace.org\/sweden\/wp-json\/wp\/v2\/tags?post=442"}],"curies":[{"name":"wp","href":"https:\/\/api.w.org\/{rel}","templated":true}]}}