{"id":51110,"date":"2021-03-14T12:06:00","date_gmt":"2021-03-14T11:06:00","guid":{"rendered":"https:\/\/www.greenpeace.org\/sweden\/?page_id=51110"},"modified":"2025-09-23T11:13:28","modified_gmt":"2025-09-23T10:13:28","slug":"oil-is-war","status":"publish","type":"page","link":"https:\/\/www.greenpeace.org\/sweden\/agera\/oil-is-war\/","title":{"rendered":"OIL IS WAR: Stoppa ryska skuggflottan!"},"content":{"rendered":"\n<div class=\"wp-block-cover alignfull\" style=\"min-height:80vh;aspect-ratio:unset;\"><span aria-hidden=\"true\" class=\"wp-block-cover__background has-black-background-color has-background-dim-60 has-background-dim\"><\/span><img loading=\"lazy\" decoding=\"async\" width=\"2880\" height=\"1432\" class=\"wp-block-cover__image-background wp-image-62476\" alt=\"\" src=\"https:\/\/www.greenpeace.org\/static\/planet4-sweden-stateless\/2025\/02\/23bc9b6a-screenshot-2025-02-13-at-16.38.04.png\" style=\"object-position:49% 38%\" data-object-fit=\"cover\" data-object-position=\"49% 38%\" srcset=\"https:\/\/www.greenpeace.org\/static\/planet4-sweden-stateless\/2025\/02\/23bc9b6a-screenshot-2025-02-13-at-16.38.04.png 2880w, https:\/\/www.greenpeace.org\/static\/planet4-sweden-stateless\/2025\/02\/23bc9b6a-screenshot-2025-02-13-at-16.38.04-300x149.png 300w, https:\/\/www.greenpeace.org\/static\/planet4-sweden-stateless\/2025\/02\/23bc9b6a-screenshot-2025-02-13-at-16.38.04-1024x509.png 1024w, https:\/\/www.greenpeace.org\/static\/planet4-sweden-stateless\/2025\/02\/23bc9b6a-screenshot-2025-02-13-at-16.38.04-768x382.png 768w, https:\/\/www.greenpeace.org\/static\/planet4-sweden-stateless\/2025\/02\/23bc9b6a-screenshot-2025-02-13-at-16.38.04-1536x764.png 1536w, https:\/\/www.greenpeace.org\/static\/planet4-sweden-stateless\/2025\/02\/23bc9b6a-screenshot-2025-02-13-at-16.38.04-2048x1018.png 2048w, https:\/\/www.greenpeace.org\/static\/planet4-sweden-stateless\/2025\/02\/23bc9b6a-screenshot-2025-02-13-at-16.38.04-510x254.png 510w\" sizes=\"auto, (max-width: 2880px) 100vw, 2880px\" \/><div class=\"wp-block-cover__inner-container is-layout-constrained wp-block-cover-is-layout-constrained\">\n<div class=\"wp-block-group has-yellow-60-background-color has-background is-layout-constrained wp-container-core-group-is-layout-1f68318e wp-block-group-is-layout-constrained\" style=\"padding-top:var(--wp--preset--spacing--40);padding-right:var(--wp--preset--spacing--60);padding-bottom:var(--wp--preset--spacing--40);padding-left:var(--wp--preset--spacing--60)\">\n<h2 class=\"wp-block-heading has-text-align-center has-black-color has-text-color has-link-color has-large-font-size wp-elements-e12f1157065b08c576e74b08a6f4b2e6\"><strong>AKUT: Stoppa ryska skuggflottan<\/strong><\/h2>\n\n\n\n<div style=\"height:30px\" aria-hidden=\"true\" class=\"wp-block-spacer\"><\/div>\n\n\n\n<p class=\"has-text-align-center has-black-color has-text-color has-link-color wp-elements-71902bac18c38aadcb75cf9d620da0b4\"><strong>Tack f\u00f6r din medverkan<\/strong> &#8211; uppropet \u00e4r nu avslutat och \u00f6verl\u00e4mnat till regeringen! <\/p>\n\n\n\n<p class=\"has-text-align-center has-black-color has-text-color has-link-color wp-elements-d0ab87438dd90381af42ca614aafedc5\">Den 10 februari \u00f6verl\u00e4mnade Greenpeace tillsammans med Nordic Ukraine Forum\u00a0<strong>19 529 namnunderskrifter<\/strong>\u00a0till utrikesdepartementet.\u00a0<\/p>\n\n\n\n<div style=\"height:30px\" aria-hidden=\"true\" class=\"wp-block-spacer\"><\/div>\n\n\n\n<p class=\"has-text-align-center has-gp-nor-green-2-color has-text-color has-link-color wp-elements-664761d07a310ff56d5270e249c300ee\"><a href=\"https:\/\/www.greenpeace.org\/sweden\/pressmeddelanden\/energi\/upprop-mot-skuggflottan-overlamnas-till-regeringen\/\" target=\"_blank\" rel=\"noreferrer noopener\">L\u00e4s mer och se bilder h\u00e4r<\/a> ><\/p>\n<\/div>\n<\/div><\/div>\n\n<h2 class=\"wp-block-heading\"><mark style=\"background-color:rgba(0, 0, 0, 0)\" class=\"has-inline-color has-black-color\">H\u00e4r tankar ryska skuggflottan &#8211; fartyg utanf\u00f6r Gotland<\/mark><\/h2>\n\n<div class=\"wp-block-media-text is-stacked-on-mobile\" style=\"grid-template-columns:62% auto\"><figure class=\"wp-block-media-text__media\"><a href=\"https:\/\/www.greenpeace.org\/static\/planet4-sweden-stateless\/2024\/04\/ed5a50fc-screenshot-2024-04-11-at-20.25.32.png\" target=\"_blank\" rel=\" noreferrer noopener\"><img loading=\"lazy\" decoding=\"async\" width=\"1024\" height=\"772\" src=\"https:\/\/www.greenpeace.org\/static\/planet4-sweden-stateless\/2024\/04\/ed5a50fc-screenshot-2024-04-11-at-20.25.32-1024x772.png\" alt=\"Sk\u00e4rmdump fr\u00e5n svt's artikel publicerad 9 april: Animerad kartbild som visar hur oljetankern Zircone ligger utanf\u00f6r gotlands kust och i m\u00e5nader f\u00f6rsett ryska tankskepp med br\u00e4nsle.\" sizes=\"auto, (min-width: 1600px) calc((1320px - 24px) \/ 1.6129),(min-width: 1200px) calc((1140px - 24px) \/ 1.6129),(min-width: 992px) calc((960px - 24px) \/ 1.6129),(min-width: 768px) calc((720px - 24px) \/ 1.6129),(min-width: 601px) calc((540px - 24px) \/ 1.6129),(min-width: 577px) calc((540px - 24px) \/ 1), calc(100vw - 24px)\" srcset=\"https:\/\/www.greenpeace.org\/static\/planet4-sweden-stateless\/2024\/04\/ed5a50fc-screenshot-2024-04-11-at-20.25.32.png 1490w, https:\/\/www.greenpeace.org\/static\/planet4-sweden-stateless\/2024\/04\/ed5a50fc-screenshot-2024-04-11-at-20.25.32-300x226.png 300w, https:\/\/www.greenpeace.org\/static\/planet4-sweden-stateless\/2024\/04\/ed5a50fc-screenshot-2024-04-11-at-20.25.32-1024x772.png 1024w, https:\/\/www.greenpeace.org\/static\/planet4-sweden-stateless\/2024\/04\/ed5a50fc-screenshot-2024-04-11-at-20.25.32-768x579.png 768w, https:\/\/www.greenpeace.org\/static\/planet4-sweden-stateless\/2024\/04\/ed5a50fc-screenshot-2024-04-11-at-20.25.32-451x340.png 451w\" class=\"wp-image-59867 size-full\"\/><\/a><\/figure><div class=\"wp-block-media-text__content\">\n<p>En <a href=\"https:\/\/www.svt.se\/nyheter\/inrikes\/har-tankas-ryska-skuggflottan-fran-fartyg-utanfor-gotland\" target=\"_blank\" rel=\"noreferrer noopener\">granskning fr\u00e5n SVT<\/a> visar hur oljetankern Zircone (r\u00f6tt fartyg) varit p\u00e5 plats i m\u00e5nader utanf\u00f6r Gotlands \u00f6stkust f\u00f6r att s\u00e4lja br\u00e4nsle \u00e5t ryska oljetankers.<\/p>\n<\/div><\/div>\n\n<h2 class=\"wp-block-heading\"><mark style=\"background-color:rgba(0, 0, 0, 0)\" class=\"has-inline-color has-black-color\">Vad \u00e4r ryska skuggflottan?<\/mark><\/h2>\n\n<p>Den s\u00e5 kallade &#8221;skuggflottan&#8221; har uppst\u00e5tt f\u00f6r att kringg\u00e5 sanktionerna mot den ryska oljeexporten. Den best\u00e5r av <mark style=\"background-color:#66CC00\" class=\"has-inline-color has-black-color\">flera hundra oljetankfartyg<\/mark>, m\u00e5nga med <mark style=\"background-color:#66CC00\" class=\"has-inline-color has-black-color\">utg\u00e5nget b\u00e4st-f\u00f6re-datum<\/mark>, <mark style=\"background-color:#66CC00\" class=\"has-inline-color has-black-color\">dolda \u00e4gare<\/mark>, <mark style=\"background-color:#80D643\" class=\"has-inline-color has-black-color\">tvivelaktiga eller inga f\u00f6rs\u00e4kringar<\/mark> och som \u00e4r flaggade i l\u00e4nder med <mark style=\"background-color:#80D643\" class=\"has-inline-color has-black-color\">svaga regelverk kring sj\u00f6s\u00e4kerhet.<\/mark> Dessa s\u00e5 kallade skuggtankers har av experter beskrivits som \u201c<a href=\"https:\/\/www.svt.se\/nyheter\/inrikes\/har-tankas-ryska-skuggflottan-fran-fartyg-utanfor-gotland\">tickande milj\u00f6bomber<\/a>\u201d och \u201c<a href=\"https:\/\/www.vox.com\/world-politics\/24113745\/russia-shadow-fleet-oil-tankers-environmental-risk\">en ekologisk katastrof som v\u00e4ntar p\u00e5 att h\u00e4nda<\/a>\u201d. Enligt en analytiker fr\u00e5n Lloyd\u2019s List Intelligence som <a href=\"https:\/\/finans.dk\/erhverv\/ECE16794005\/mystiske-gamle-og-spaekket-med-olie-russiske-skyggeskibe-er-en-ulykke-der-venter-paa-at-ske\/\">citeras i Danska Finans<\/a> passerar dagligen upp till fem av skuggtankers genom \u00d6stersj\u00f6n och f\u00f6rbi Sverige.&nbsp;<br><br><mark style=\"background-color:#80D643\" class=\"has-inline-color has-black-color\">Olyckor har redan skett<\/mark> med fartyg ur den ryska skuggflottan p\u00e5 flera st\u00e4llen i v\u00e4rlden, \u00e4ven i \u00d6stersj\u00f6n. Den andra mars i \u00e5r<a href=\"https:\/\/www.vox.com\/world-politics\/24113745\/russia-shadow-fleet-oil-tankers-environmental-risk\"> kolliderade den 250 meter l\u00e5nga skuggtankern Andromeda Star<\/a> med ett annat fartyg p\u00e5 danskt vatten. Andromeda Star var d\u00e5 som tur var inte fullastad utan p\u00e5v\u00e4g till p\u00e5v\u00e4g f\u00f6r att h\u00e4mta olja i Primorsk n\u00e4ra St Petersburg.<\/p>\n\n<h2 class=\"wp-block-heading\"><mark style=\"background-color:rgba(0, 0, 0, 0)\" class=\"has-inline-color has-black-color\">\u201cDet h\u00e4r \u00e4r en tickande milj\u00f6bomb\u201d<\/mark><\/h2>\n\n<p>Experterna \u00e4r eniga, det \u00e4r bara en tidsfr\u00e5ga innan en olycka sker. Den danska och svenska regeringen struntar dock i varningarna och l\u00e5ter skuggfartygen tanka vid Gotland och segla vidare genom Stora B\u00e4lt. <strong>G\u00e5 med oss \u200b\u200boch kr\u00e4v att regeringen stoppar denna olycka innan den intr\u00e4ffar. <\/strong><mark style=\"background-color:#66CC00\" class=\"has-inline-color has-black-color\">Vi vill ha s\u00e4ker och gr\u00f6n energi<\/mark> &#8211; inga mer fossila br\u00e4nslen! <\/p>\n\n<div class=\"wp-block-cover has-parallax\"><span aria-hidden=\"true\" class=\"wp-block-cover__background has-background-dim\"><\/span><div class=\"wp-block-cover__image-background wp-image-59901 has-parallax\" style=\"background-position:50% 50%;background-image:url(https:\/\/www.greenpeace.org\/static\/planet4-sweden-stateless\/2024\/04\/4df35bd3-900x500_aktivister-gotland-greenpeace-zircone.jpg)\"><\/div><div class=\"wp-block-cover__inner-container is-layout-constrained wp-block-cover-is-layout-constrained\">\n<h3 class=\"wp-block-heading has-text-align-center has-large-font-size\">Kr\u00e4v att regeringen agerar \u270a<\/h3>\n\n\n\n<hr class=\"wp-block-separator has-alpha-channel-opacity\"\/>\n\n\n\n<div class=\"wp-block-buttons is-content-justification-center is-layout-flex wp-container-core-buttons-is-layout-16018d1d wp-block-buttons-is-layout-flex\">\n<div class=\"wp-block-button\"><a class=\"wp-block-button__link wp-element-button\" href=\"#skriv-under\">SKYDDA \u00d6STERSJ\u00d6N<\/a><\/div>\n<\/div>\n<\/div><\/div>\n\n    <div class=\"wp-block-query posts-list p4-query-loop is-custom-layout-list is-layout-flow wp-block-query-is-layout-flow\">\n        <div class=\"wp-block-group is-content-justification-space-between is-layout-flex wp-container-core-group-is-layout-3d213aab wp-block-group-is-layout-flex\"><h2 class=\"wp-block-heading\">L\u00e4s mer<\/h2>\n        \n        \n        <\/div>\n        \n\n    <p style=\"margin-top: 24px; margin-bottom: 36px;\"><\/p>\n\n    \n\n    <ul class=\"wp-block-post-template is-layout-flow wp-block-post-template-is-layout-flow\"><li class=\"wp-block-post post-66549 post type-post status-publish format-standard has-post-thumbnail hentry category-energi category-fred tag-atomkraft tag-hallbarenergi p4-page-type-artiklar\">\n            \n<div class=\"wp-block-columns is-layout-flex wp-container-core-columns-is-layout-9d6595d7 wp-block-columns-is-layout-flex\"><figure class=\"wp-block-post-featured-image\"><a href=\"https:\/\/www.greenpeace.org\/sweden\/artiklar\/energi\/40-ar-senare-karnkraftskatastrofen-i-tjernobyl-ar-fortfarande-en-pagaende-och-foranderlig-kris\/\" target=\"_self\"  ><img loading=\"lazy\" decoding=\"async\" width=\"1200\" height=\"675\" src=\"https:\/\/www.greenpeace.org\/static\/planet4-sweden-stateless\/2026\/04\/d2459f2a-gp0su8mya.jpg\" class=\"attachment-post-thumbnail size-post-thumbnail wp-post-image wp-stateless-item\" alt=\"40 \u00e5r senare: k\u00e4rnkraftskatastrofen i Tjernobyl \u00e4r fortfarande en p\u00e5g\u00e5ende kris\" style=\"object-fit:cover;\" srcset=\"https:\/\/www.greenpeace.org\/static\/planet4-sweden-stateless\/2026\/04\/d2459f2a-gp0su8mya.jpg 1200w, https:\/\/www.greenpeace.org\/static\/planet4-sweden-stateless\/2026\/04\/d2459f2a-gp0su8mya-300x169.jpg 300w, https:\/\/www.greenpeace.org\/static\/planet4-sweden-stateless\/2026\/04\/d2459f2a-gp0su8mya-1024x576.jpg 1024w, https:\/\/www.greenpeace.org\/static\/planet4-sweden-stateless\/2026\/04\/d2459f2a-gp0su8mya-768x432.jpg 768w, https:\/\/www.greenpeace.org\/static\/planet4-sweden-stateless\/2026\/04\/d2459f2a-gp0su8mya-510x287.jpg 510w\" sizes=\"auto, (max-width: 1200px) 100vw, 1200px\" data-image-size=\"post-thumbnail\" data-stateless-media-bucket=\"planet4-sweden-stateless\" data-stateless-media-name=\"2026\/04\/d2459f2a-gp0su8mya.jpg\" \/><\/a><\/figure>\n\n        <div class=\"wp-block-group is-layout-flow wp-block-group-is-layout-flow\">\n                <div class=\"wp-block-group is-layout-flex wp-block-group-is-layout-flex\"><div class=\"wp-block-post-terms\"><a href=\"https:\/\/www.greenpeace.org\/sweden\/kategori\/energi\/\">Energi<\/a><\/div>\n                <div class=\"taxonomy-post_tag wp-block-post-terms\"><a href=\"https:\/\/www.greenpeace.org\/sweden\/tag\/atomkraft\/\" rel=\"tag\">atomkraft<\/a><span class=\"wp-block-post-terms__separator\"> <\/span><a href=\"https:\/\/www.greenpeace.org\/sweden\/tag\/hallbarenergi\/\" rel=\"tag\">h\u00e5llbarenergi<\/a><\/div>\n                \n                <\/div>\n                \n        <h3 class=\"wp-block-post-title\"><a href=\"https:\/\/www.greenpeace.org\/sweden\/artiklar\/energi\/40-ar-senare-karnkraftskatastrofen-i-tjernobyl-ar-fortfarande-en-pagaende-och-foranderlig-kris\/\" target=\"_self\" >40 \u00e5r senare: k\u00e4rnkraftskatastrofen i Tjernobyl \u00e4r fortfarande en p\u00e5g\u00e5ende kris<\/a><\/h3>\n        <div class=\"wp-block-post-excerpt\"><p class=\"wp-block-post-excerpt__excerpt\">Ukraina visar att en ljusare framtid med f\u00f6rnybar energi \u00e4r m\u00f6jlig \u2013 \u00e4ven i ett krigsh\u00e4rjat land <\/p><\/div>\n        \n        <div class=\"wp-block-group posts-list-meta is-layout-flow wp-block-group-is-layout-flow\"><span class='article-list-item-author'><a href='https:\/\/www.greenpeace.org\/sweden\/author\/gp_sweden\/'>Greenpeace Sverige<\/a><\/span>\n        <div class=\"wp-block-post-date\"><time datetime=\"2026-04-26T07:00:00+01:00\">april 26, 2026<\/time><\/div>\n        \n        <\/div>\n        <\/div>\n        <\/div>\n\n            <\/li><li class=\"wp-block-post post-66440 post type-post status-publish format-standard has-post-thumbnail hentry category-fred category-greenpeace tag-aktivism tag-stod-oss tag-greenpeaceskepp p4-page-type-artiklar\">\n            \n<div class=\"wp-block-columns is-layout-flex wp-container-core-columns-is-layout-9d6595d7 wp-block-columns-is-layout-flex\"><figure class=\"wp-block-post-featured-image\"><a href=\"https:\/\/www.greenpeace.org\/sweden\/artiklar\/greenpeace\/greenpeace-har-anslutit-till-flottilj-pa-vag-mot-gaza\/\" target=\"_self\"  ><img loading=\"lazy\" decoding=\"async\" width=\"1200\" height=\"800\" src=\"https:\/\/www.greenpeace.org\/static\/planet4-sweden-stateless\/2026\/04\/3c7efad5-gp0stznhb_medium-res-1200px.jpg\" class=\"attachment-post-thumbnail size-post-thumbnail wp-post-image wp-stateless-item\" alt=\"Greenpeace har anslutit till flottilj p\u00e5 v\u00e4g mot Gaza\" style=\"object-fit:cover;\" srcset=\"https:\/\/www.greenpeace.org\/static\/planet4-sweden-stateless\/2026\/04\/3c7efad5-gp0stznhb_medium-res-1200px.jpg 1200w, https:\/\/www.greenpeace.org\/static\/planet4-sweden-stateless\/2026\/04\/3c7efad5-gp0stznhb_medium-res-1200px-300x200.jpg 300w, https:\/\/www.greenpeace.org\/static\/planet4-sweden-stateless\/2026\/04\/3c7efad5-gp0stznhb_medium-res-1200px-1024x683.jpg 1024w, https:\/\/www.greenpeace.org\/static\/planet4-sweden-stateless\/2026\/04\/3c7efad5-gp0stznhb_medium-res-1200px-768x512.jpg 768w, https:\/\/www.greenpeace.org\/static\/planet4-sweden-stateless\/2026\/04\/3c7efad5-gp0stznhb_medium-res-1200px-510x340.jpg 510w\" sizes=\"auto, (max-width: 1200px) 100vw, 1200px\" data-image-size=\"post-thumbnail\" data-stateless-media-bucket=\"planet4-sweden-stateless\" data-stateless-media-name=\"2026\/04\/3c7efad5-gp0stznhb_medium-res-1200px.jpg\" \/><\/a><\/figure>\n\n        <div class=\"wp-block-group is-layout-flow wp-block-group-is-layout-flow\">\n                <div class=\"wp-block-group is-layout-flex wp-block-group-is-layout-flex\"><div class=\"wp-block-post-terms\"><a href=\"https:\/\/www.greenpeace.org\/sweden\/kategori\/fred\/\">Fred<\/a><\/div>\n                <div class=\"taxonomy-post_tag wp-block-post-terms\"><a href=\"https:\/\/www.greenpeace.org\/sweden\/tag\/aktivism\/\" rel=\"tag\">aktivism<\/a><span class=\"wp-block-post-terms__separator\"> <\/span><a href=\"https:\/\/www.greenpeace.org\/sweden\/tag\/stod-oss\/\" rel=\"tag\">st\u00f6doss<\/a><span class=\"wp-block-post-terms__separator\"> <\/span><a href=\"https:\/\/www.greenpeace.org\/sweden\/tag\/greenpeaceskepp\/\" rel=\"tag\">greenpeaceskepp<\/a><\/div>\n                \n                <\/div>\n                \n        <h3 class=\"wp-block-post-title\"><a href=\"https:\/\/www.greenpeace.org\/sweden\/artiklar\/greenpeace\/greenpeace-har-anslutit-till-flottilj-pa-vag-mot-gaza\/\" target=\"_self\" >Greenpeace har anslutit till flottilj p\u00e5 v\u00e4g mot Gaza<\/a><\/h3>\n        <div class=\"wp-block-post-excerpt\"><p class=\"wp-block-post-excerpt__excerpt\">Greenpeace-fartyget Arctic Sunrise har anslutit sig till den internationella flottiljen Global Sumud Flotilla, som seglade fr\u00e5n Barcelona mot Gaza den 12 april 2026. <\/p><\/div>\n        \n        <div class=\"wp-block-group posts-list-meta is-layout-flow wp-block-group-is-layout-flow\"><span class='article-list-item-author'><a href='https:\/\/www.greenpeace.org\/sweden\/author\/gp_sweden\/'>Greenpeace Sverige<\/a><\/span>\n        <div class=\"wp-block-post-date\"><time datetime=\"2026-04-21T12:19:49+01:00\">april 21, 2026<\/time><\/div>\n        \n        <\/div>\n        <\/div>\n        <\/div>\n\n            <\/li><li class=\"wp-block-post post-66148 post type-post status-publish format-standard has-post-thumbnail hentry category-greenpeace tag-omgreenpeace tag-aktivism tag-stod-oss p4-page-type-artiklar\">\n            \n<div class=\"wp-block-columns is-layout-flex wp-container-core-columns-is-layout-9d6595d7 wp-block-columns-is-layout-flex\"><figure class=\"wp-block-post-featured-image\"><a href=\"https:\/\/www.greenpeace.org\/sweden\/artiklar\/greenpeace\/vad-kostar-din-yttrandefrihet-poddavsnitt-om-slapp-ute-nu\/\" target=\"_self\"  ><img loading=\"lazy\" decoding=\"async\" width=\"1200\" height=\"900\" src=\"https:\/\/www.greenpeace.org\/static\/planet4-sweden-stateless\/2026\/03\/c0022f5c-gp0su55i3.jpg\" class=\"attachment-post-thumbnail size-post-thumbnail wp-post-image wp-stateless-item\" alt=\"Vad kostar din yttrandefrihet? Poddavsnitt om SLAPP ute nu!\" style=\"object-fit:cover;\" srcset=\"https:\/\/www.greenpeace.org\/static\/planet4-sweden-stateless\/2026\/03\/c0022f5c-gp0su55i3.jpg 1200w, https:\/\/www.greenpeace.org\/static\/planet4-sweden-stateless\/2026\/03\/c0022f5c-gp0su55i3-300x225.jpg 300w, https:\/\/www.greenpeace.org\/static\/planet4-sweden-stateless\/2026\/03\/c0022f5c-gp0su55i3-1024x768.jpg 1024w, https:\/\/www.greenpeace.org\/static\/planet4-sweden-stateless\/2026\/03\/c0022f5c-gp0su55i3-768x576.jpg 768w, https:\/\/www.greenpeace.org\/static\/planet4-sweden-stateless\/2026\/03\/c0022f5c-gp0su55i3-453x340.jpg 453w\" sizes=\"auto, (max-width: 1200px) 100vw, 1200px\" data-image-size=\"post-thumbnail\" data-stateless-media-bucket=\"planet4-sweden-stateless\" data-stateless-media-name=\"2026\/03\/c0022f5c-gp0su55i3.jpg\" \/><\/a><\/figure>\n\n        <div class=\"wp-block-group is-layout-flow wp-block-group-is-layout-flow\">\n                <div class=\"wp-block-group is-layout-flex wp-block-group-is-layout-flex\"><div class=\"wp-block-post-terms\"><a href=\"https:\/\/www.greenpeace.org\/sweden\/kategori\/greenpeace\/\">Greenpeace<\/a><\/div>\n                <div class=\"taxonomy-post_tag wp-block-post-terms\"><a href=\"https:\/\/www.greenpeace.org\/sweden\/tag\/omgreenpeace\/\" rel=\"tag\">omgreenpeace<\/a><span class=\"wp-block-post-terms__separator\"> <\/span><a href=\"https:\/\/www.greenpeace.org\/sweden\/tag\/aktivism\/\" rel=\"tag\">aktivism<\/a><span class=\"wp-block-post-terms__separator\"> <\/span><a href=\"https:\/\/www.greenpeace.org\/sweden\/tag\/stod-oss\/\" rel=\"tag\">st\u00f6doss<\/a><\/div>\n                \n                <\/div>\n                \n        <h3 class=\"wp-block-post-title\"><a href=\"https:\/\/www.greenpeace.org\/sweden\/artiklar\/greenpeace\/vad-kostar-din-yttrandefrihet-poddavsnitt-om-slapp-ute-nu\/\" target=\"_self\" >Vad kostar din yttrandefrihet? Poddavsnitt om SLAPP ute nu!<\/a><\/h3>\n        <div class=\"wp-block-post-excerpt\"><p class=\"wp-block-post-excerpt__excerpt\">Nyligen d\u00f6mdes Greenpeace i USA och Greenpeace International till att betala \u00f6ver 3 miljarder kronor f\u00f6r att de visade solidaritet med milj\u00f6k\u00e4mpar fr\u00e5n urfolken som motsatte sig en oljeledning som&hellip; <\/p><\/div>\n        \n        <div class=\"wp-block-group posts-list-meta is-layout-flow wp-block-group-is-layout-flow\"><span class='article-list-item-author'><a href='https:\/\/www.greenpeace.org\/sweden\/author\/gp_sweden\/'>Greenpeace Sverige<\/a><\/span>\n        <div class=\"wp-block-post-date\"><time datetime=\"2026-03-31T10:25:02+01:00\">mars 31, 2026<\/time><\/div>\n        \n        <\/div>\n        <\/div>\n        <\/div>\n\n            <\/li><\/ul>\n\n    \n<div class=\"wp-block-buttons carousel-controls is-horizontal is-content-justification-space-between is-nowrap is-layout-flex wp-container-core-buttons-is-layout-044bd602 wp-block-buttons-is-layout-flex\">\n            <div class=\"wp-block-button carousel-control-prev\"><button type=\"button\" class=\"wp-block-button__link wp-element-button\">Prev<\/button><\/div>\n        \n\n            <div class=\"wp-block-button carousel-control-next\"><button type=\"button\" class=\"wp-block-button__link wp-element-button\">Next<\/button><\/div>\n        <\/div>\n\n\n    <\/div>\n    ","protected":false},"excerpt":{"rendered":"<p>Varje dag passerar en skuggflotta genom \u00d6stersj\u00f6n: Rostiga tankfartyg med enorma m\u00e4ngder rysk olja. Det \u00e4r bara en tidsfr\u00e5ga innan en olycka sker. Vi kr\u00e4ver nu att regeringen agerar och omedelbart slutar till\u00e5ta dessa skepp tankas utanf\u00f6r Sveriges kust. H\u00e5ller du med? Skriv under!<\/p>\n","protected":false},"author":45,"featured_media":59921,"parent":9,"menu_order":0,"comment_status":"open","ping_status":"closed","template":"","meta":{"ep_exclude_from_search":false,"p4_hide_page_title_checkbox":"on","p4_title":"","p4_subtitle":"","p4_description":"","background_image_id":"","background_image":"","p4_button_title":"","p4_button_link":"","p4_button_link_checkbox":"","p4_og_title":"Stoppa ryska skuggflottan! En tickande milj\u00f6bomb","p4_og_description":"Varje dag passerar en skuggflotta genom \u00d6stersj\u00f6n: Rostiga tankfartyg med enorma m\u00e4ngder rysk olja. Det \u00e4r bara en tidsfr\u00e5ga innan en olycka sker. Vi kr\u00e4ver nu att regeringen agerar och omedelbart slutar till\u00e5ta dessa skepp tankas utanf\u00f6r Sveriges kust. H\u00e5ller du med? Skriv under!","p4_og_image":"https:\/\/www.greenpeace.org\/static\/planet4-sweden-stateless\/2024\/04\/841a8db6-gp0su079a_medium_res.jpg","p4_og_image_id":"59915","p4_seo_canonical_url":"","p4_campaign_name":"not set","p4_local_project":"not set","p4_basket_name":"not set","p4_department":"","footnotes":""},"categories":[2],"tags":[],"class_list":["post-51110","page","type-page","status-publish","has-post-thumbnail","hentry","category-klimat"],"_links":{"self":[{"href":"https:\/\/www.greenpeace.org\/sweden\/wp-json\/wp\/v2\/pages\/51110","targetHints":{"allow":["GET"]}}],"collection":[{"href":"https:\/\/www.greenpeace.org\/sweden\/wp-json\/wp\/v2\/pages"}],"about":[{"href":"https:\/\/www.greenpeace.org\/sweden\/wp-json\/wp\/v2\/types\/page"}],"author":[{"embeddable":true,"href":"https:\/\/www.greenpeace.org\/sweden\/wp-json\/wp\/v2\/users\/45"}],"replies":[{"embeddable":true,"href":"https:\/\/www.greenpeace.org\/sweden\/wp-json\/wp\/v2\/comments?post=51110"}],"version-history":[{"count":21,"href":"https:\/\/www.greenpeace.org\/sweden\/wp-json\/wp\/v2\/pages\/51110\/revisions"}],"predecessor-version":[{"id":65933,"href":"https:\/\/www.greenpeace.org\/sweden\/wp-json\/wp\/v2\/pages\/51110\/revisions\/65933"}],"up":[{"embeddable":true,"href":"https:\/\/www.greenpeace.org\/sweden\/wp-json\/wp\/v2\/pages\/9"}],"wp:featuredmedia":[{"embeddable":true,"href":"https:\/\/www.greenpeace.org\/sweden\/wp-json\/wp\/v2\/media\/59921"}],"wp:attachment":[{"href":"https:\/\/www.greenpeace.org\/sweden\/wp-json\/wp\/v2\/media?parent=51110"}],"wp:term":[{"taxonomy":"category","embeddable":true,"href":"https:\/\/www.greenpeace.org\/sweden\/wp-json\/wp\/v2\/categories?post=51110"},{"taxonomy":"post_tag","embeddable":true,"href":"https:\/\/www.greenpeace.org\/sweden\/wp-json\/wp\/v2\/tags?post=51110"}],"curies":[{"name":"wp","href":"https:\/\/api.w.org\/{rel}","templated":true}]}}