{"id":54187,"date":"2023-02-24T15:43:08","date_gmt":"2023-02-24T14:43:08","guid":{"rendered":"https:\/\/www.greenpeace.org\/sweden\/?page_id=54187"},"modified":"2026-04-08T09:59:40","modified_gmt":"2026-04-08T08:59:40","slug":"energieffektivisering","status":"publish","type":"page","link":"https:\/\/www.greenpeace.org\/sweden\/energi\/energieffektivisering\/","title":{"rendered":"Energieffektivisering"},"content":{"rendered":"\n<div class=\"wp-block-group is-pattern-p4-deep-dive-topic-pattern-layout mb-0 is-layout-flow wp-block-group-is-layout-flow\">\n\n<div class=\"wp-block-group alignfull has-grey-100-background-color has-background is-layout-flow wp-block-group-is-layout-flow\" style=\"padding-top:56px;padding-bottom:56px\">\n<div class=\"wp-block-group container is-layout-flow wp-block-group-is-layout-flow\">\n<div class=\"wp-block-media-text alignfull has-media-on-the-right is-stacked-on-mobile is-pattern-p4-page-header is-style-parallax\"><div class=\"wp-block-media-text__content\">\n<div class=\"wp-block-group is-layout-flow wp-block-group-is-layout-flow\">\n<h1 class=\"wp-block-heading has-grey-100-background-color has-background\">Energieffektivisering<\/h1>\n<\/div>\n\n\n\n<p style=\"font-size:1.25rem\">F\u00f6r att klara klimatkrisen m\u00e5ste vi sluta anv\u00e4nda fossila br\u00e4nslen. Samtidigt skjuter vi den n\u00f6dv\u00e4ndiga omst\u00e4llningen framf\u00f6r oss med falska l\u00f6sningar. Vi m\u00e5ste minska v\u00e5r energif\u00f6rbrukning. Den mest klimatsmarta energin \u00e4r den vi inte f\u00f6rbrukar.<\/p>\n\n\n\n<div class=\"wp-block-buttons is-layout-flex wp-block-buttons-is-layout-flex\"><\/div>\n<\/div><figure class=\"wp-block-media-text__media\"><img loading=\"lazy\" decoding=\"async\" width=\"800\" height=\"533\" src=\"https:\/\/www.greenpeace.org\/static\/planet4-sweden-stateless\/2023\/02\/2c4b6716-gp1t67y5_web_size.jpg\" alt=\"aktivist h\u00e5ller upp banderoll under energikonferens i Bratislava\" sizes=\"auto, (min-width: 601px) 50vw, 100vw\" srcset=\"https:\/\/www.greenpeace.org\/static\/planet4-sweden-stateless\/2023\/02\/2c4b6716-gp1t67y5_web_size.jpg 800w, https:\/\/www.greenpeace.org\/static\/planet4-sweden-stateless\/2023\/02\/2c4b6716-gp1t67y5_web_size-300x200.jpg 300w, https:\/\/www.greenpeace.org\/static\/planet4-sweden-stateless\/2023\/02\/2c4b6716-gp1t67y5_web_size-768x512.jpg 768w, https:\/\/www.greenpeace.org\/static\/planet4-sweden-stateless\/2023\/02\/2c4b6716-gp1t67y5_web_size-510x340.jpg 510w\" class=\"wp-image-55293 size-full\"\/><\/figure><\/div>\n<\/div>\n<\/div>\n\n\n\n\n<style>.wp-block-group.alignfull.has-background.is-layout-flow{padding:0!important;}<\/style>\n\n<div style=\"height:15px\" aria-hidden=\"true\" class=\"wp-block-spacer\"><\/div>\n\n<div class=\"wp-block-columns is-style-mobile-carousel secondary-menu is-layout-flex wp-container-core-columns-is-layout-9d6595d7 wp-block-columns-is-layout-flex\">\n<div class=\"wp-block-column is-layout-flow wp-block-column-is-layout-flow\" style=\"flex-basis:15%\"><\/div>\n\n\n\n<div class=\"wp-block-column brdr-bottom is-layout-flow wp-block-column-is-layout-flow\">\n<div class=\"wp-block-group is-style-reset-margin flex-wrap is-content-justification-center is-nowrap is-layout-flex wp-container-core-group-is-layout-499140ed wp-block-group-is-layout-flex\">\n<p class=\"has-text-align-center is-style-roboto-font-family nav-link\" style=\"font-size:16px\"><a href=\"#problemet\">Problemet<\/a><\/p>\n\n\n\n<div style=\"height:30px;width:0px\" aria-hidden=\"true\" class=\"wp-block-spacer wp-container-content-728072c3\"><\/div>\n\n\n\n<p>\u2022<\/p>\n\n\n\n<div style=\"height:30px;width:0px\" aria-hidden=\"true\" class=\"wp-block-spacer wp-container-content-728072c3\"><\/div>\n\n\n\n<p class=\"has-text-align-center is-style-roboto-font-family nav-link\" style=\"font-size:16px\"><a href=\"#vad-vi-gor\">Vad vi g\u00f6r<\/a><\/p>\n\n\n\n<div style=\"height:30px;width:0px\" aria-hidden=\"true\" class=\"wp-block-spacer wp-container-content-728072c3\"><\/div>\n\n\n\n<p>\u2022<\/p>\n\n\n\n<div style=\"height:30px;width:0px\" aria-hidden=\"true\" class=\"wp-block-spacer wp-container-content-728072c3\"><\/div>\n\n\n\n<p class=\"has-text-align-center is-style-roboto-font-family nav-link\" style=\"font-size:16px\"><a href=\"#vad-kan-du-gora\">Vad du kan g\u00f6ra<\/a><\/p>\n\n\n\n<div style=\"height:30px;width:0px\" aria-hidden=\"true\" class=\"wp-block-spacer wp-container-content-728072c3\"><\/div>\n\n\n\n<p>\u2022<\/p>\n\n\n\n<div style=\"height:30px;width:0px\" aria-hidden=\"true\" class=\"wp-block-spacer wp-container-content-728072c3\"><\/div>\n\n\n\n<p class=\"is-style-roboto-font-family nav-link\" style=\"font-size:16px\"><a href=\"#senaste-nytt\">Senaste nytt<\/a><\/p>\n\n\n\n<div style=\"height:30px;width:0px\" aria-hidden=\"true\" class=\"wp-block-spacer wp-container-content-728072c3\"><\/div>\n<\/div>\n<\/div>\n\n\n\n<div class=\"wp-block-column is-layout-flow wp-block-column-is-layout-flow\" style=\"flex-basis:15%\"><\/div>\n<\/div>\n\n\n\n<div style=\"height:64px\" aria-hidden=\"true\" class=\"wp-block-spacer\"><\/div>\n\n\n\n\n<div class=\"wp-block-media-text alignwide is-stacked-on-mobile is-image-fill-element\"><figure class=\"wp-block-media-text__media\"><img loading=\"lazy\" decoding=\"async\" width=\"775\" height=\"519\" src=\"https:\/\/www.greenpeace.org\/static\/planet4-sweden-stateless\/2022\/03\/5bcb6b44-screenshot-2022-03-02-at-22.09.38.png\" alt=\"Aktivist med stor termometer och skylt d\u00e4r det st\u00e5r klimatkrisen \u00e4r h\u00e4r\" sizes=\"auto, (min-width: 1600px) calc((1320px - 24px) \/ 2),(min-width: 1200px) calc((1140px - 24px) \/ 2),(min-width: 992px) calc((960px - 24px) \/ 2),(min-width: 768px) calc((720px - 24px) \/ 2),(min-width: 601px) calc((540px - 24px) \/ 2),(min-width: 577px) calc((540px - 24px) \/ 1), calc(100vw - 24px)\" srcset=\"https:\/\/www.greenpeace.org\/static\/planet4-sweden-stateless\/2022\/03\/5bcb6b44-screenshot-2022-03-02-at-22.09.38.png 775w, https:\/\/www.greenpeace.org\/static\/planet4-sweden-stateless\/2022\/03\/5bcb6b44-screenshot-2022-03-02-at-22.09.38-300x201.png 300w, https:\/\/www.greenpeace.org\/static\/planet4-sweden-stateless\/2022\/03\/5bcb6b44-screenshot-2022-03-02-at-22.09.38-768x514.png 768w, https:\/\/www.greenpeace.org\/static\/planet4-sweden-stateless\/2022\/03\/5bcb6b44-screenshot-2022-03-02-at-22.09.38-508x340.png 508w\" class=\"wp-image-50913 size-full\" style=\"object-position:50% 50%\"\/><\/figure><div class=\"wp-block-media-text__content\">\n<div style=\"height:30px\" aria-hidden=\"true\" id=\"problemet\" class=\"wp-block-spacer\"><\/div>\n\n\n\n<h2 class=\"wp-block-heading\">Problemet med energi<\/h2>\n\n\n\n<p>Dagens samh\u00e4lle \u00e4r beroende av stora m\u00e4ngder energi f\u00f6r att producera varor och tj\u00e4nster f\u00f6r konsumtion. Det g\u00e4ller allt fr\u00e5n resor till TV-apparater och kl\u00e4der. En str\u00e4van efter st\u00e4ndig ekonomiskt tillv\u00e4xt kr\u00e4ver allt mer energi. Det finns i princip ingen energik\u00e4lla som inte medf\u00f6r n\u00e5gon form av negativ konsekvens. D\u00e4rf\u00f6r m\u00e5ste vi minska och effektivisera v\u00e5r energif\u00f6rbrukning. Idag handlar v\u00e4ldigt m\u00e5nga klimatinsatser om att framst\u00e4lla ny \u201cgr\u00f6n\u201d energi, men den mest klimatsmarta energin \u00e4r den vi inte f\u00f6rbrukar.<br><br>Att bara byta ut fossil energi mot f\u00f6rnybar energi, s\u00e5som biobr\u00e4nslen och elda p\u00e5 som vanligt, r\u00e4cker inte. F\u00f6r klimatet \u00e4r det avg\u00f6rande att vi snabbt fasar ut energianv\u00e4ndning som orsakar utsl\u00e4pp av v\u00e4xthusgaser. Att endast fokusera p\u00e5 att byta energislag \u00e5tg\u00e4rdar inte grundproblemet: att vi anv\u00e4nder f\u00f6r mycket av jordens resurser och f\u00f6rorenar b\u00e5de milj\u00f6n och klimatet f\u00f6r att uppr\u00e4tth\u00e5lla v\u00e5r \u00f6verkonsumtion.<br><br>Vi m\u00e5ste minska behovet av energi. Att skjuta detta framf\u00f6r oss med hj\u00e4lp av bioenergi, biobr\u00e4nslen, industriell koldioxidinf\u00e5ngning och lagring, s\u00e5 kallad CCS, k\u00e4rnkraft eller andra falska l\u00f6sningar som kallas f\u00f6rnybara eller utsl\u00e4ppsfria stj\u00e4l bara tid och resurser fr\u00e5n den n\u00f6dv\u00e4ndiga omst\u00e4llningen mot ett energisn\u00e5lt samh\u00e4lle.<\/p>\n\n\n\n<div class=\"wp-block-buttons is-layout-flex wp-block-buttons-is-layout-flex\"><\/div>\n\n\n\n<div style=\"height:30px\" aria-hidden=\"true\" class=\"wp-block-spacer\"><\/div>\n<\/div><\/div>\n\n\n\n\n\n<div class=\"wp-block-media-text alignwide has-media-on-the-right is-stacked-on-mobile\"><div class=\"wp-block-media-text__content\">\n<div style=\"height:30px\" aria-hidden=\"true\" id=\"vad-vi-gor\" class=\"wp-block-spacer\"><\/div>\n\n\n\n<h2 class=\"wp-block-heading\">Vad vi g\u00f6r<\/h2>\n\n\n\n<p>Greenpeace k\u00e4mpar f\u00f6r att f\u00e5 ett slut p\u00e5 alla energiprojekt som f\u00f6rst\u00f6r milj\u00f6n och klimatet och f\u00f6r att st\u00e4lla de som f\u00f6rorenar till svars. Vi har l\u00e4nge k\u00e4mpat mot fossilindustrin och k\u00e4rnkraften och st\u00f6ttat \u00f6verg\u00e5ngen till f\u00f6rnybara, h\u00e5llbara och r\u00e4ttvisa energik\u00e4llor. I Sverige k\u00e4mpar vi f\u00f6r en energieffektivisering och f\u00f6r att v\u00e5ra politiker och f\u00f6retag ska sluta satsa p\u00e5 falska l\u00f6sningar, exempelvis bioenergi, k\u00e4rnkraft och industriell koldioxidinf\u00e5ngning, s\u00e5 kallad CCS, som f\u00f6rl\u00e4nger v\u00e5rt beroende av f\u00f6rbr\u00e4nning och energi\u00f6verfl\u00f6d.<\/p>\n\n\n\n<div class=\"wp-block-buttons is-layout-flex wp-block-buttons-is-layout-flex\"><\/div>\n\n\n\n<div style=\"height:30px\" aria-hidden=\"true\" class=\"wp-block-spacer\"><\/div>\n<\/div><figure class=\"wp-block-media-text__media\"><img loading=\"lazy\" decoding=\"async\" width=\"761\" height=\"600\" src=\"https:\/\/www.greenpeace.org\/static\/planet4-sweden-stateless\/2023\/02\/8650e18d-gp022na_web_size.jpg\" alt=\"Manifestation f\u00f6r f\u00f6rnybar energi d\u00e4r tre personer h\u00e5ller i ljus framf\u00f6r en skylt d\u00e4r det st\u00e5r f\u00f6rnybar energi p\u00e5 engelska\" sizes=\"auto, (min-width: 1600px) calc((1320px - 24px) \/ 2),(min-width: 1200px) calc((1140px - 24px) \/ 2),(min-width: 992px) calc((960px - 24px) \/ 2),(min-width: 768px) calc((720px - 24px) \/ 2),(min-width: 601px) calc((540px - 24px) \/ 2),(min-width: 577px) calc((540px - 24px) \/ 1), calc(100vw - 24px)\" srcset=\"https:\/\/www.greenpeace.org\/static\/planet4-sweden-stateless\/2023\/02\/8650e18d-gp022na_web_size.jpg 761w, https:\/\/www.greenpeace.org\/static\/planet4-sweden-stateless\/2023\/02\/8650e18d-gp022na_web_size-300x237.jpg 300w, https:\/\/www.greenpeace.org\/static\/planet4-sweden-stateless\/2023\/02\/8650e18d-gp022na_web_size-431x340.jpg 431w\" class=\"wp-image-55295 size-full\"\/><\/figure><\/div>\n\n\n\n\n<div style=\"height:30px\" aria-hidden=\"true\" id=\"vad-kan-du-gora\" class=\"wp-block-spacer\"><\/div>\n\n\n\n<div class=\"wp-block-query actions-list p4-query-loop is-custom-layout-carousel is-layout-flex wp-block-query-is-layout-flex\">\n<h2 class=\"wp-block-heading\">Engera dig i omst\u00e4llningen<\/h2>\n\n\n\n<p style=\"margin-top:24px;margin-bottom:32px\">Vi har alla ett ansvar i att g\u00f6ra det vi kan i v\u00e5r vardag f\u00f6r att minska v\u00e5rt stora energiberoende. Men det st\u00f6rsta inflytandet har s\u00e5klart de med mest makt: v\u00e5ra folkvalda politiker och energibolagen. Som konsument kan du s\u00e4tta press p\u00e5 f\u00f6retag genom att v\u00e4lja bort de som f\u00f6rst\u00f6r och f\u00f6rorenar. Som medborgare kan du kr\u00e4va av v\u00e5ra folkvalda politiker att de ska s\u00e4tta stopp f\u00f6r klimat- och milj\u00f6f\u00f6rst\u00f6relse och satsa p\u00e5 att st\u00e4lla om samh\u00e4llet till ett som \u00e4r energieffektivt och energisn\u00e5lt. Om vi \u00e4r m\u00e5nga som g\u00e5r samman blir vi starka &#8211; engagera dig f\u00f6r systemf\u00f6r\u00e4ndring med oss!<\/p>\n\n\n\n\n<ul class=\"wp-block-post-template is-layout-flow wp-block-post-template-is-layout-flow\"><li class=\"wp-block-post post-63432 page type-page status-publish has-post-thumbnail hentry category-greenpeace tag-stod-oss\">\n<figure class=\"wp-block-post-featured-image\"><img loading=\"lazy\" decoding=\"async\" width=\"2560\" height=\"1440\" src=\"https:\/\/www.greenpeace.org\/static\/planet4-sweden-stateless\/2025\/06\/e5f5ca64-img_7527-scaled.jpg\" class=\"attachment-post-thumbnail size-post-thumbnail wp-post-image wp-stateless-item\" alt=\"\" style=\"object-fit:cover;\" srcset=\"https:\/\/www.greenpeace.org\/static\/planet4-sweden-stateless\/2025\/06\/e5f5ca64-img_7527-scaled.jpg 2560w, https:\/\/www.greenpeace.org\/static\/planet4-sweden-stateless\/2025\/06\/e5f5ca64-img_7527-300x169.jpg 300w, https:\/\/www.greenpeace.org\/static\/planet4-sweden-stateless\/2025\/06\/e5f5ca64-img_7527-1024x576.jpg 1024w, https:\/\/www.greenpeace.org\/static\/planet4-sweden-stateless\/2025\/06\/e5f5ca64-img_7527-768x432.jpg 768w, https:\/\/www.greenpeace.org\/static\/planet4-sweden-stateless\/2025\/06\/e5f5ca64-img_7527-1536x864.jpg 1536w, https:\/\/www.greenpeace.org\/static\/planet4-sweden-stateless\/2025\/06\/e5f5ca64-img_7527-2048x1152.jpg 2048w, https:\/\/www.greenpeace.org\/static\/planet4-sweden-stateless\/2025\/06\/e5f5ca64-img_7527-510x287.jpg 510w\" sizes=\"auto, (max-width: 2560px) 100vw, 2560px\" data-image-size=\"post-thumbnail\" data-stateless-media-bucket=\"planet4-sweden-stateless\" data-stateless-media-name=\"2025\/06\/e5f5ca64-img_7527-scaled.jpg\" \/><\/figure>\n\n\n                <div class=\"wp-block-group group-stretched-link is-layout-flow wp-block-group-is-layout-flow\"><div class=\"wp-block-post-terms\">Greenpeace<\/div>\n                <h3 class=\"wp-block-post-title\"><a href=\"https:\/\/www.greenpeace.org\/sweden\/agera\/stora-gavor\/\" target=\"_self\" >Stora g\u00e5vor &amp; filantropi &#8211; partnerskap f\u00f6r planeten<\/a><\/h3>\n                <div class=\"wp-block-post-excerpt\"><p class=\"wp-block-post-excerpt__excerpt\">Greenpeace \u00e4r en oberoende milj\u00f6organisation som arbetar globalt f\u00f6r att skydda v\u00e5r planet. Vi tar inte emot pengar fr\u00e5n stater eller f\u00f6retag, d\u00e4rf\u00f6r \u00e4r st\u00f6d fr\u00e5n privatpersoner och stiftelser avg\u00f6rande f\u00f6r v\u00e5rt arbete. <\/p><\/div><\/div>\n                \n\n\n<div class=\"wp-block-group read-more-nav is-layout-flow wp-block-group-is-layout-flow\"><a href=\"https:\/\/www.greenpeace.org\/sweden\/agera\/stora-gavor\/\" class=\"btn btn-primary btn-small\" aria-label=\"Engagera dig\">Engagera dig<\/a><\/div>\n\n<\/li><li class=\"wp-block-post post-61522 page type-page status-publish has-post-thumbnail hentry category-greenpeace tag-stod-oss tag-aktivism\">\n<figure class=\"wp-block-post-featured-image\"><img loading=\"lazy\" decoding=\"async\" width=\"800\" height=\"533\" src=\"https:\/\/www.greenpeace.org\/static\/planet4-sweden-stateless\/2024\/10\/70f8003d-1699447749698_gp0stv8zywebsize.jpg\" class=\"attachment-post-thumbnail size-post-thumbnail wp-post-image wp-stateless-item\" alt=\"Two more Greenpeace climbers board the Shell oil platform that is being transported to an oilfield north of the Shetland Islands.\" style=\"object-fit:cover;\" srcset=\"https:\/\/www.greenpeace.org\/static\/planet4-sweden-stateless\/2024\/10\/70f8003d-1699447749698_gp0stv8zywebsize.jpg 800w, https:\/\/www.greenpeace.org\/static\/planet4-sweden-stateless\/2024\/10\/70f8003d-1699447749698_gp0stv8zywebsize-300x200.jpg 300w, https:\/\/www.greenpeace.org\/static\/planet4-sweden-stateless\/2024\/10\/70f8003d-1699447749698_gp0stv8zywebsize-768x512.jpg 768w, https:\/\/www.greenpeace.org\/static\/planet4-sweden-stateless\/2024\/10\/70f8003d-1699447749698_gp0stv8zywebsize-510x340.jpg 510w\" sizes=\"auto, (max-width: 800px) 100vw, 800px\" data-image-size=\"post-thumbnail\" data-stateless-media-bucket=\"planet4-sweden-stateless\" data-stateless-media-name=\"2024\/10\/70f8003d-1699447749698_gp0stv8zywebsize.jpg\" \/><\/figure>\n\n\n                <div class=\"wp-block-group group-stretched-link is-layout-flow wp-block-group-is-layout-flow\"><div class=\"wp-block-post-terms\">Greenpeace<\/div>\n                <h3 class=\"wp-block-post-title\"><a href=\"https:\/\/www.greenpeace.org\/sweden\/agera\/sta-upp-med-oss-mot-oljejattarna\/\" target=\"_self\" >St\u00e5 upp med oss mot oljej\u00e4ttarna!<\/a><\/h3>\n                <div class=\"wp-block-post-excerpt\"><p class=\"wp-block-post-excerpt__excerpt\">Vi beh\u00f6ver din hj\u00e4lp! St\u00e5 upp med oss och swisha ditt st\u00f6d. <\/p><\/div><\/div>\n                \n\n\n<div class=\"wp-block-group read-more-nav is-layout-flow wp-block-group-is-layout-flow\"><a href=\"https:\/\/www.greenpeace.org\/sweden\/agera\/sta-upp-med-oss-mot-oljejattarna\/\" class=\"btn btn-primary btn-small\" aria-label=\"Engagera dig\">Engagera dig<\/a><\/div>\n\n<\/li><li class=\"wp-block-post post-58840 page type-page status-publish has-post-thumbnail hentry category-greenpeace category-hav tag-stod-oss\">\n<figure class=\"wp-block-post-featured-image\"><img loading=\"lazy\" decoding=\"async\" width=\"1080\" height=\"1080\" src=\"https:\/\/www.greenpeace.org\/static\/planet4-sweden-stateless\/2024\/01\/1d71725c-1-plastkampen.png\" class=\"attachment-post-thumbnail size-post-thumbnail wp-post-image wp-stateless-item\" alt=\"\" style=\"object-fit:cover;\" srcset=\"https:\/\/www.greenpeace.org\/static\/planet4-sweden-stateless\/2024\/01\/1d71725c-1-plastkampen.png 1080w, https:\/\/www.greenpeace.org\/static\/planet4-sweden-stateless\/2024\/01\/1d71725c-1-plastkampen-300x300.png 300w, https:\/\/www.greenpeace.org\/static\/planet4-sweden-stateless\/2024\/01\/1d71725c-1-plastkampen-1024x1024.png 1024w, https:\/\/www.greenpeace.org\/static\/planet4-sweden-stateless\/2024\/01\/1d71725c-1-plastkampen-150x150.png 150w, https:\/\/www.greenpeace.org\/static\/planet4-sweden-stateless\/2024\/01\/1d71725c-1-plastkampen-768x768.png 768w, https:\/\/www.greenpeace.org\/static\/planet4-sweden-stateless\/2024\/01\/1d71725c-1-plastkampen-340x340.png 340w\" sizes=\"auto, (max-width: 1080px) 100vw, 1080px\" data-image-size=\"post-thumbnail\" data-stateless-media-bucket=\"planet4-sweden-stateless\" data-stateless-media-name=\"2024\/01\/1d71725c-1-plastkampen.png\" \/><\/figure>\n\n\n                <div class=\"wp-block-group group-stretched-link is-layout-flow wp-block-group-is-layout-flow\"><div class=\"wp-block-post-terms\">Greenpeace<\/div>\n                <h3 class=\"wp-block-post-title\"><a href=\"https:\/\/www.greenpeace.org\/sweden\/agera\/ga-med-i-plastkampen\/\" target=\"_self\" >Stoppa plastkrisen!<\/a><\/h3>\n                <div class=\"wp-block-post-excerpt\"><p class=\"wp-block-post-excerpt__excerpt\">V\u00e5r bl\u00e5 planet drunknar i plast. Men nu har vi en historisk chans att stoppa plastkrisen vid k\u00e4llan. En chans att kr\u00e4va ett starkt global plastavtal som stoppar katastrofen. St\u00f6tta Greenpeace arbete f\u00f6r v\u00e4rldens hav &#8211; ge ett bidrag till Plastkampen idag :blue_heart: <\/p><\/div><\/div>\n                \n\n\n<div class=\"wp-block-group read-more-nav is-layout-flow wp-block-group-is-layout-flow\"><a href=\"https:\/\/www.greenpeace.org\/sweden\/agera\/ga-med-i-plastkampen\/\" class=\"btn btn-primary btn-small\" aria-label=\"Engagera dig\">Engagera dig<\/a><\/div>\n\n<\/li><li class=\"wp-block-post post-57122 page type-page status-publish has-post-thumbnail hentry category-greenpeace tag-stod-oss\">\n<figure class=\"wp-block-post-featured-image\"><img loading=\"lazy\" decoding=\"async\" width=\"800\" height=\"565\" src=\"https:\/\/www.greenpeace.org\/static\/planet4-sweden-stateless\/2023\/02\/dae254b1-gp1sw4h4_web_size.jpg\" class=\"attachment-post-thumbnail size-post-thumbnail wp-post-image wp-stateless-item\" alt=\"\" style=\"object-fit:cover;\" srcset=\"https:\/\/www.greenpeace.org\/static\/planet4-sweden-stateless\/2023\/02\/dae254b1-gp1sw4h4_web_size.jpg 800w, https:\/\/www.greenpeace.org\/static\/planet4-sweden-stateless\/2023\/02\/dae254b1-gp1sw4h4_web_size-300x212.jpg 300w, https:\/\/www.greenpeace.org\/static\/planet4-sweden-stateless\/2023\/02\/dae254b1-gp1sw4h4_web_size-768x542.jpg 768w, https:\/\/www.greenpeace.org\/static\/planet4-sweden-stateless\/2023\/02\/dae254b1-gp1sw4h4_web_size-481x340.jpg 481w\" sizes=\"auto, (max-width: 800px) 100vw, 800px\" data-image-size=\"post-thumbnail\" data-stateless-media-bucket=\"planet4-sweden-stateless\" data-stateless-media-name=\"2023\/02\/dae254b1-gp1sw4h4_web_size.jpg\" \/><\/figure>\n\n\n                <div class=\"wp-block-group group-stretched-link is-layout-flow wp-block-group-is-layout-flow\"><div class=\"wp-block-post-terms\">Greenpeace<\/div>\n                <h3 class=\"wp-block-post-title\"><a href=\"https:\/\/www.greenpeace.org\/sweden\/agera\/starta-din-egen-insamling\/\" target=\"_self\" >Starta din egen insamling<\/a><\/h3>\n                <div class=\"wp-block-post-excerpt\"><p class=\"wp-block-post-excerpt__excerpt\"> <\/p><\/div><\/div>\n                \n\n\n<div class=\"wp-block-group read-more-nav is-layout-flow wp-block-group-is-layout-flow\"><a href=\"https:\/\/www.greenpeace.org\/sweden\/agera\/starta-din-egen-insamling\/\" class=\"btn btn-primary btn-small\" aria-label=\"Engagera dig\">Engagera dig<\/a><\/div>\n\n<\/li><li class=\"wp-block-post post-57118 page type-page status-publish has-post-thumbnail hentry category-greenpeace tag-stod-oss\">\n<figure class=\"wp-block-post-featured-image\"><img loading=\"lazy\" decoding=\"async\" width=\"2168\" height=\"1216\" src=\"https:\/\/www.greenpeace.org\/static\/planet4-sweden-stateless\/2025\/05\/87d19db1-uggla-memorial-e1747648868499.jpg\" class=\"attachment-post-thumbnail size-post-thumbnail wp-post-image wp-stateless-item\" alt=\"\" style=\"object-fit:cover;\" srcset=\"https:\/\/www.greenpeace.org\/static\/planet4-sweden-stateless\/2025\/05\/87d19db1-uggla-memorial-e1747648868499.jpg 2168w, https:\/\/www.greenpeace.org\/static\/planet4-sweden-stateless\/2025\/05\/87d19db1-uggla-memorial-e1747648868499-300x168.jpg 300w, https:\/\/www.greenpeace.org\/static\/planet4-sweden-stateless\/2025\/05\/87d19db1-uggla-memorial-e1747648868499-1024x574.jpg 1024w, https:\/\/www.greenpeace.org\/static\/planet4-sweden-stateless\/2025\/05\/87d19db1-uggla-memorial-e1747648868499-768x431.jpg 768w, https:\/\/www.greenpeace.org\/static\/planet4-sweden-stateless\/2025\/05\/87d19db1-uggla-memorial-e1747648868499-1536x862.jpg 1536w, https:\/\/www.greenpeace.org\/static\/planet4-sweden-stateless\/2025\/05\/87d19db1-uggla-memorial-e1747648868499-2048x1149.jpg 2048w, https:\/\/www.greenpeace.org\/static\/planet4-sweden-stateless\/2025\/05\/87d19db1-uggla-memorial-e1747648868499-510x286.jpg 510w\" sizes=\"auto, (max-width: 2168px) 100vw, 2168px\" data-image-size=\"post-thumbnail\" data-stateless-media-bucket=\"planet4-sweden-stateless\" data-stateless-media-name=\"2025\/05\/87d19db1-uggla-memorial-e1747648868499.jpg\" \/><\/figure>\n\n\n                <div class=\"wp-block-group group-stretched-link is-layout-flow wp-block-group-is-layout-flow\"><div class=\"wp-block-post-terms\">Greenpeace<\/div>\n                <h3 class=\"wp-block-post-title\"><a href=\"https:\/\/www.greenpeace.org\/sweden\/agera\/ge-en-minnesgava\/\" target=\"_self\" >Ge en minnesg\u00e5va<\/a><\/h3>\n                <div class=\"wp-block-post-excerpt\"><p class=\"wp-block-post-excerpt__excerpt\">Bevara milj\u00f6n med en minnesg\u00e5va. Hedra minnet av n\u00e5gon som betytt mycket f\u00f6r dig. Att sk\u00e4nka en minnesg\u00e5va \u00e4r en hyllning till b\u00e5de den bortg\u00e5ngne och till v\u00e5r vackra men s\u00e5rbara planet. N\u00e4r du ger en minnesg\u00e5va f\u00e5r du ett fint minnesblad att l\u00e4mna vid begravningen. <\/p><\/div><\/div>\n                \n\n\n<div class=\"wp-block-group read-more-nav is-layout-flow wp-block-group-is-layout-flow\"><a href=\"https:\/\/www.greenpeace.org\/sweden\/agera\/ge-en-minnesgava\/\" class=\"btn btn-primary btn-small\" aria-label=\"Engagera dig\">Engagera dig<\/a><\/div>\n\n<\/li><li class=\"wp-block-post post-57114 page type-page status-publish has-post-thumbnail hentry category-greenpeace tag-stod-oss\">\n<figure class=\"wp-block-post-featured-image\"><img loading=\"lazy\" decoding=\"async\" width=\"1080\" height=\"720\" src=\"https:\/\/www.greenpeace.org\/static\/planet4-sweden-stateless\/2025\/05\/07f1ab43-1739182288707_tealflushotinstagrampost2-e1747836197212.png\" class=\"attachment-post-thumbnail size-post-thumbnail wp-post-image wp-stateless-item\" alt=\"\" style=\"object-fit:cover;\" srcset=\"https:\/\/www.greenpeace.org\/static\/planet4-sweden-stateless\/2025\/05\/07f1ab43-1739182288707_tealflushotinstagrampost2-e1747836197212.png 1080w, https:\/\/www.greenpeace.org\/static\/planet4-sweden-stateless\/2025\/05\/07f1ab43-1739182288707_tealflushotinstagrampost2-e1747836197212-300x200.png 300w, https:\/\/www.greenpeace.org\/static\/planet4-sweden-stateless\/2025\/05\/07f1ab43-1739182288707_tealflushotinstagrampost2-e1747836197212-1024x683.png 1024w, https:\/\/www.greenpeace.org\/static\/planet4-sweden-stateless\/2025\/05\/07f1ab43-1739182288707_tealflushotinstagrampost2-e1747836197212-768x512.png 768w, https:\/\/www.greenpeace.org\/static\/planet4-sweden-stateless\/2025\/05\/07f1ab43-1739182288707_tealflushotinstagrampost2-e1747836197212-510x340.png 510w\" sizes=\"auto, (max-width: 1080px) 100vw, 1080px\" data-image-size=\"post-thumbnail\" data-stateless-media-bucket=\"planet4-sweden-stateless\" data-stateless-media-name=\"2025\/05\/07f1ab43-1739182288707_tealflushotinstagrampost2-e1747836197212.png\" \/><\/figure>\n\n\n                <div class=\"wp-block-group group-stretched-link is-layout-flow wp-block-group-is-layout-flow\"><div class=\"wp-block-post-terms\">Greenpeace<\/div>\n                <h3 class=\"wp-block-post-title\"><a href=\"https:\/\/www.greenpeace.org\/sweden\/agera\/ge-en-gratulationsgava\/\" target=\"_self\" >Ge en gratulationsg\u00e5va<\/a><\/h3>\n                <div class=\"wp-block-post-excerpt\"><p class=\"wp-block-post-excerpt__excerpt\">Ge en g\u00e5va som g\u00f6r skillnad. Ge bort ett fint g\u00e5vobevis fr\u00e5n Greenpeace till n\u00e5gon du tycker om s\u00e5 st\u00f6ttar du samtidigt arbetet f\u00f6r att skydda v\u00e5r vackra, men s\u00e5rbara planet. <\/p><\/div><\/div>\n                \n\n\n<div class=\"wp-block-group read-more-nav is-layout-flow wp-block-group-is-layout-flow\"><a href=\"https:\/\/www.greenpeace.org\/sweden\/agera\/ge-en-gratulationsgava\/\" class=\"btn btn-primary btn-small\" aria-label=\"Engagera dig\">Engagera dig<\/a><\/div>\n\n<\/li><li class=\"wp-block-post post-57111 page type-page status-publish has-post-thumbnail hentry category-greenpeace tag-stod-oss\">\n<figure class=\"wp-block-post-featured-image\"><img loading=\"lazy\" decoding=\"async\" width=\"1200\" height=\"580\" src=\"https:\/\/www.greenpeace.org\/static\/planet4-sweden-stateless\/2025\/05\/116c87e8-hands.jpg\" class=\"attachment-post-thumbnail size-post-thumbnail wp-post-image wp-stateless-item\" alt=\"\" style=\"object-fit:cover;\" srcset=\"https:\/\/www.greenpeace.org\/static\/planet4-sweden-stateless\/2025\/05\/116c87e8-hands.jpg 1200w, https:\/\/www.greenpeace.org\/static\/planet4-sweden-stateless\/2025\/05\/116c87e8-hands-300x145.jpg 300w, https:\/\/www.greenpeace.org\/static\/planet4-sweden-stateless\/2025\/05\/116c87e8-hands-1024x495.jpg 1024w, https:\/\/www.greenpeace.org\/static\/planet4-sweden-stateless\/2025\/05\/116c87e8-hands-768x371.jpg 768w, https:\/\/www.greenpeace.org\/static\/planet4-sweden-stateless\/2025\/05\/116c87e8-hands-510x247.jpg 510w\" sizes=\"auto, (max-width: 1200px) 100vw, 1200px\" data-image-size=\"post-thumbnail\" data-stateless-media-bucket=\"planet4-sweden-stateless\" data-stateless-media-name=\"2025\/05\/116c87e8-hands.jpg\" \/><\/figure>\n\n\n                <div class=\"wp-block-group group-stretched-link is-layout-flow wp-block-group-is-layout-flow\"><div class=\"wp-block-post-terms\">Greenpeace<\/div>\n                <h3 class=\"wp-block-post-title\"><a href=\"https:\/\/www.greenpeace.org\/sweden\/agera\/bli-manadsgivare\/\" target=\"_self\" >Bli m\u00e5nadsgivare<\/a><\/h3>\n                <div class=\"wp-block-post-excerpt\"><p class=\"wp-block-post-excerpt__excerpt\">Att bli m\u00e5nadsgivare \u00e4r det mest effektiva s\u00e4ttet att bidra till Greenpeace, d\u00e5 st\u00f6det fr\u00e5n v\u00e5ra m\u00e5nadsgivare g\u00f6r det m\u00f6jligt f\u00f6r oss att planera l\u00e5ngsiktigt kampanjarbete som \u00e4r avg\u00f6rande f\u00f6r att kunna vinna livsviktiga segrar f\u00f6r milj\u00f6n. <\/p><\/div><\/div>\n                \n\n\n<div class=\"wp-block-group read-more-nav is-layout-flow wp-block-group-is-layout-flow\"><a href=\"https:\/\/www.greenpeace.org\/sweden\/agera\/bli-manadsgivare\/\" class=\"btn btn-primary btn-small\" aria-label=\"Engagera dig\">Engagera dig<\/a><\/div>\n\n<\/li><li class=\"wp-block-post post-4033 page type-page status-publish has-post-thumbnail hentry category-greenpeace tag-stod-oss tag-aktivism\">\n<figure class=\"wp-block-post-featured-image\"><img loading=\"lazy\" decoding=\"async\" width=\"800\" height=\"533\" src=\"https:\/\/www.greenpeace.org\/static\/planet4-sweden-stateless\/2020\/06\/5fef18fc-gp0sttv2q_web_size.jpg\" class=\"attachment-post-thumbnail size-post-thumbnail wp-post-image wp-stateless-item\" alt=\"\" style=\"object-fit:cover;\" srcset=\"https:\/\/www.greenpeace.org\/static\/planet4-sweden-stateless\/2020\/06\/5fef18fc-gp0sttv2q_web_size.jpg 800w, https:\/\/www.greenpeace.org\/static\/planet4-sweden-stateless\/2020\/06\/5fef18fc-gp0sttv2q_web_size-300x200.jpg 300w, https:\/\/www.greenpeace.org\/static\/planet4-sweden-stateless\/2020\/06\/5fef18fc-gp0sttv2q_web_size-768x512.jpg 768w, https:\/\/www.greenpeace.org\/static\/planet4-sweden-stateless\/2020\/06\/5fef18fc-gp0sttv2q_web_size-510x340.jpg 510w\" sizes=\"auto, (max-width: 800px) 100vw, 800px\" data-image-size=\"post-thumbnail\" data-stateless-media-bucket=\"planet4-sweden-stateless\" data-stateless-media-name=\"2020\/06\/5fef18fc-gp0sttv2q_web_size.jpg\" \/><\/figure>\n\n\n                <div class=\"wp-block-group group-stretched-link is-layout-flow wp-block-group-is-layout-flow\"><div class=\"wp-block-post-terms\">Greenpeace<\/div>\n                <h3 class=\"wp-block-post-title\"><a href=\"https:\/\/www.greenpeace.org\/sweden\/agera\/testamente\/\" target=\"_self\" >Testamentera en g\u00e5va till Greenpeace<\/a><\/h3>\n                <div class=\"wp-block-post-excerpt\"><p class=\"wp-block-post-excerpt__excerpt\">Genom att inkludera Greenpeace i ditt testamente kan du vara med och s\u00e4kerst\u00e4lla att kampen f\u00f6r en frisk planet kan forts\u00e4tta \u00e4ven i framtiden. <\/p><\/div><\/div>\n                \n\n\n<div class=\"wp-block-group read-more-nav is-layout-flow wp-block-group-is-layout-flow\"><a href=\"https:\/\/www.greenpeace.org\/sweden\/agera\/testamente\/\" class=\"btn btn-primary btn-small\" aria-label=\"Engagera dig\">Engagera dig<\/a><\/div>\n\n<\/li><li class=\"wp-block-post post-2083 page type-page status-publish has-post-thumbnail hentry category-greenpeace tag-stod-oss\">\n<figure class=\"wp-block-post-featured-image\"><img loading=\"lazy\" decoding=\"async\" width=\"2400\" height=\"1600\" src=\"https:\/\/www.greenpeace.org\/static\/planet4-sweden-stateless\/2019\/02\/243193ac-hallifornia_gp_jana_eriksson-4413.jpg\" class=\"attachment-post-thumbnail size-post-thumbnail wp-post-image wp-stateless-item\" alt=\"\" style=\"object-fit:cover;\" srcset=\"https:\/\/www.greenpeace.org\/static\/planet4-sweden-stateless\/2019\/02\/243193ac-hallifornia_gp_jana_eriksson-4413.jpg 2400w, https:\/\/www.greenpeace.org\/static\/planet4-sweden-stateless\/2019\/02\/243193ac-hallifornia_gp_jana_eriksson-4413-300x200.jpg 300w, https:\/\/www.greenpeace.org\/static\/planet4-sweden-stateless\/2019\/02\/243193ac-hallifornia_gp_jana_eriksson-4413-768x512.jpg 768w, https:\/\/www.greenpeace.org\/static\/planet4-sweden-stateless\/2019\/02\/243193ac-hallifornia_gp_jana_eriksson-4413-1024x683.jpg 1024w, https:\/\/www.greenpeace.org\/static\/planet4-sweden-stateless\/2019\/02\/243193ac-hallifornia_gp_jana_eriksson-4413-2048x1366.jpg 2048w, https:\/\/www.greenpeace.org\/static\/planet4-sweden-stateless\/2019\/02\/243193ac-hallifornia_gp_jana_eriksson-4413-510x340.jpg 510w\" sizes=\"auto, (max-width: 2400px) 100vw, 2400px\" data-image-size=\"post-thumbnail\" data-stateless-media-bucket=\"planet4-sweden-stateless\" data-stateless-media-name=\"2019\/02\/243193ac-hallifornia_gp_jana_eriksson-4413.jpg\" \/><\/figure>\n\n\n                <div class=\"wp-block-group group-stretched-link is-layout-flow wp-block-group-is-layout-flow\"><div class=\"wp-block-post-terms\">Greenpeace<\/div>\n                <h3 class=\"wp-block-post-title\"><a href=\"https:\/\/www.greenpeace.org\/sweden\/agera\/jobba-for-greenpeace\/\" target=\"_self\" >Jobba f\u00f6r Greenpeace<\/a><\/h3>\n                <div class=\"wp-block-post-excerpt\"><p class=\"wp-block-post-excerpt__excerpt\">Vill du ocks\u00e5 jobba med att g\u00f6ra skillnad f\u00f6r klimat och milj\u00f6? Bes\u00f6k v\u00e5r jobbportal d\u00e4r lediga tj\u00e4nster publiceras. <\/p><\/div><\/div>\n                \n\n\n<div class=\"wp-block-group read-more-nav is-layout-flow wp-block-group-is-layout-flow\"><a href=\"https:\/\/www.greenpeace.org\/sweden\/agera\/jobba-for-greenpeace\/\" class=\"btn btn-primary btn-small\" aria-label=\"Engagera dig\">Engagera dig<\/a><\/div>\n\n<\/li><li class=\"wp-block-post post-30 page type-page status-publish has-post-thumbnail hentry category-greenpeace tag-stod-oss tag-omgreenpeace\">\n<figure class=\"wp-block-post-featured-image\"><img loading=\"lazy\" decoding=\"async\" width=\"1200\" height=\"803\" src=\"https:\/\/www.greenpeace.org\/static\/planet4-sweden-stateless\/2025\/05\/87a738a4-gp034ks_medium-res-1200px.jpg\" class=\"attachment-post-thumbnail size-post-thumbnail wp-post-image wp-stateless-item\" alt=\"\" style=\"object-fit:cover;\" srcset=\"https:\/\/www.greenpeace.org\/static\/planet4-sweden-stateless\/2025\/05\/87a738a4-gp034ks_medium-res-1200px.jpg 1200w, https:\/\/www.greenpeace.org\/static\/planet4-sweden-stateless\/2025\/05\/87a738a4-gp034ks_medium-res-1200px-300x201.jpg 300w, https:\/\/www.greenpeace.org\/static\/planet4-sweden-stateless\/2025\/05\/87a738a4-gp034ks_medium-res-1200px-1024x685.jpg 1024w, https:\/\/www.greenpeace.org\/static\/planet4-sweden-stateless\/2025\/05\/87a738a4-gp034ks_medium-res-1200px-768x514.jpg 768w, https:\/\/www.greenpeace.org\/static\/planet4-sweden-stateless\/2025\/05\/87a738a4-gp034ks_medium-res-1200px-508x340.jpg 508w\" sizes=\"auto, (max-width: 1200px) 100vw, 1200px\" data-image-size=\"post-thumbnail\" data-stateless-media-bucket=\"planet4-sweden-stateless\" data-stateless-media-name=\"2025\/05\/87a738a4-gp034ks_medium-res-1200px.jpg\" \/><\/figure>\n\n\n                <div class=\"wp-block-group group-stretched-link is-layout-flow wp-block-group-is-layout-flow\"><div class=\"wp-block-post-terms\">Greenpeace<\/div>\n                <h3 class=\"wp-block-post-title\"><a href=\"https:\/\/www.greenpeace.org\/sweden\/agera\/stod-oss\/\" target=\"_self\" >St\u00f6d Greenpeace arbete<\/a><\/h3>\n                <div class=\"wp-block-post-excerpt\"><p class=\"wp-block-post-excerpt__excerpt\">Vill du vara med och skapa en b\u00e4ttre v\u00e4rld f\u00f6r nuvarande och kommande generationer? Bli m\u00e5nadsgivare idag. <\/p><\/div><\/div>\n                \n\n\n<div class=\"wp-block-group read-more-nav is-layout-flow wp-block-group-is-layout-flow\"><a href=\"https:\/\/www.greenpeace.org\/sweden\/agera\/stod-oss\/\" class=\"btn btn-primary btn-small\" aria-label=\"Engagera dig\">Engagera dig<\/a><\/div>\n\n<\/li><li class=\"wp-block-post post-6273 page type-page status-publish has-post-thumbnail hentry category-greenpeace tag-stod-oss\">\n<figure class=\"wp-block-post-featured-image\"><img loading=\"lazy\" decoding=\"async\" width=\"1200\" height=\"803\" src=\"https:\/\/www.greenpeace.org\/static\/planet4-sweden-stateless\/2025\/05\/87a738a4-gp034ks_medium-res-1200px.jpg\" class=\"attachment-post-thumbnail size-post-thumbnail wp-post-image wp-stateless-item\" alt=\"\" style=\"object-fit:cover;\" srcset=\"https:\/\/www.greenpeace.org\/static\/planet4-sweden-stateless\/2025\/05\/87a738a4-gp034ks_medium-res-1200px.jpg 1200w, https:\/\/www.greenpeace.org\/static\/planet4-sweden-stateless\/2025\/05\/87a738a4-gp034ks_medium-res-1200px-300x201.jpg 300w, https:\/\/www.greenpeace.org\/static\/planet4-sweden-stateless\/2025\/05\/87a738a4-gp034ks_medium-res-1200px-1024x685.jpg 1024w, https:\/\/www.greenpeace.org\/static\/planet4-sweden-stateless\/2025\/05\/87a738a4-gp034ks_medium-res-1200px-768x514.jpg 768w, https:\/\/www.greenpeace.org\/static\/planet4-sweden-stateless\/2025\/05\/87a738a4-gp034ks_medium-res-1200px-508x340.jpg 508w\" sizes=\"auto, (max-width: 1200px) 100vw, 1200px\" data-image-size=\"post-thumbnail\" data-stateless-media-bucket=\"planet4-sweden-stateless\" data-stateless-media-name=\"2025\/05\/87a738a4-gp034ks_medium-res-1200px.jpg\" \/><\/figure>\n\n\n                <div class=\"wp-block-group group-stretched-link is-layout-flow wp-block-group-is-layout-flow\"><div class=\"wp-block-post-terms\">Greenpeace<\/div>\n                <h3 class=\"wp-block-post-title\"><a href=\"https:\/\/www.greenpeace.org\/sweden\/agera\/ge-en-engangsgava\/\" target=\"_self\" >Ge en eng\u00e5ngsg\u00e5va<\/a><\/h3>\n                <div class=\"wp-block-post-excerpt\"><p class=\"wp-block-post-excerpt__excerpt\">Ge en eng\u00e5ngsg\u00e5va till arbetet f\u00f6r att skydda v\u00e5r planet. <\/p><\/div><\/div>\n                \n\n\n<div class=\"wp-block-group read-more-nav is-layout-flow wp-block-group-is-layout-flow\"><a href=\"https:\/\/www.greenpeace.org\/sweden\/agera\/ge-en-engangsgava\/\" class=\"btn btn-primary btn-small\" aria-label=\"Engagera dig\">Engagera dig<\/a><\/div>\n\n<\/li><\/ul>\n\n\n<div class=\"wp-block-buttons carousel-controls is-horizontal is-content-justification-space-between is-nowrap is-layout-flex wp-container-core-buttons-is-layout-044bd602 wp-block-buttons-is-layout-flex\">\n<div class=\"wp-block-button carousel-control-prev\"><button type=\"button\" class=\"wp-block-button__link wp-element-button\">Prev<\/button><\/div>\n\n\n\n<div class=\"wp-block-button carousel-control-next\"><button type=\"button\" class=\"wp-block-button__link wp-element-button\">Next<\/button><\/div>\n<\/div>\n\n\n\n<div class=\"wp-block-buttons load-more-actions-container is-content-justification-center is-layout-flex wp-container-core-buttons-is-layout-16018d1d wp-block-buttons-is-layout-flex\">\n<div class=\"wp-block-button is-style-secondary\"><button type=\"button\" class=\"wp-block-button__link wp-element-button\">Load more<\/button><\/div>\n<\/div>\n<\/div>\n\n\n\n<div style=\"height:10px\" aria-hidden=\"true\" id=\"senaste-nytt\" class=\"wp-block-spacer\"><\/div>\n\n\n\n<div class=\"wp-block-query posts-list p4-query-loop is-custom-layout-list is-layout-flow wp-block-query-is-layout-flow\">\n<div class=\"wp-block-group is-content-justification-space-between is-layout-flex wp-container-core-group-is-layout-3d213aab wp-block-group-is-layout-flex\">\n<h2 class=\"wp-block-heading\">Senaste nytt<\/h2>\n\n\n<li class=\" wp-block-navigation-item see-all-link wp-block-navigation-link\"><a class=\"wp-block-navigation-item__content\"  href=\"https:\/\/www.greenpeace.org\/sweden\/nyheter\/?tag=sparaenergi&#038;post-type=artiklar\"><span class=\"wp-block-navigation-item__label\">See all posts<\/span><\/a><\/li><\/div>\n\n\n\n<p style=\"margin-top:24px;margin-bottom:36px\"><\/p>\n\n\n\n\n<ul class=\"wp-block-post-template is-layout-flow wp-block-post-template-is-layout-flow\"><li class=\"wp-block-post post-62807 post type-post status-publish format-standard has-post-thumbnail hentry category-energi category-klimat tag-atomkraft tag-sparaenergi tag-svenskpolitik p4-page-type-artiklar\">\n\n<div class=\"wp-block-columns is-layout-flex wp-container-core-columns-is-layout-9d6595d7 wp-block-columns-is-layout-flex\"><figure class=\"wp-block-post-featured-image\"><a href=\"https:\/\/www.greenpeace.org\/sweden\/artiklar\/klimat\/karnkraftskritiken-som-doljs-av-regeringen\/\" target=\"_self\"  ><img loading=\"lazy\" decoding=\"async\" width=\"800\" height=\"532\" src=\"https:\/\/www.greenpeace.org\/static\/planet4-sweden-stateless\/2023\/02\/5d6a15ef-gp02cm7_web_size.jpg\" class=\"attachment-post-thumbnail size-post-thumbnail wp-post-image wp-stateless-item\" alt=\"K\u00e4rnkraftskritiken som d\u00f6ljs av regeringen\" style=\"object-fit:cover;\" srcset=\"https:\/\/www.greenpeace.org\/static\/planet4-sweden-stateless\/2023\/02\/5d6a15ef-gp02cm7_web_size.jpg 800w, https:\/\/www.greenpeace.org\/static\/planet4-sweden-stateless\/2023\/02\/5d6a15ef-gp02cm7_web_size-300x200.jpg 300w, https:\/\/www.greenpeace.org\/static\/planet4-sweden-stateless\/2023\/02\/5d6a15ef-gp02cm7_web_size-768x511.jpg 768w, https:\/\/www.greenpeace.org\/static\/planet4-sweden-stateless\/2023\/02\/5d6a15ef-gp02cm7_web_size-510x340.jpg 510w\" sizes=\"auto, (max-width: 800px) 100vw, 800px\" data-image-size=\"post-thumbnail\" data-stateless-media-bucket=\"planet4-sweden-stateless\" data-stateless-media-name=\"2023\/02\/5d6a15ef-gp02cm7_web_size.jpg\" \/><\/a><\/figure>\n\n\n<div class=\"wp-block-group is-layout-flow wp-block-group-is-layout-flow\">\n<div class=\"wp-block-group is-layout-flex wp-block-group-is-layout-flex\"><div class=\"wp-block-post-terms\"><a href=\"https:\/\/www.greenpeace.org\/sweden\/kategori\/energi\/\">Energi<\/a><\/div>\n\n<div class=\"taxonomy-post_tag wp-block-post-terms\"><a href=\"https:\/\/www.greenpeace.org\/sweden\/tag\/atomkraft\/\" rel=\"tag\">atomkraft<\/a><span class=\"wp-block-post-terms__separator\"> <\/span><a href=\"https:\/\/www.greenpeace.org\/sweden\/tag\/sparaenergi\/\" rel=\"tag\">sparaenergi<\/a><span class=\"wp-block-post-terms__separator\"> <\/span><a href=\"https:\/\/www.greenpeace.org\/sweden\/tag\/svenskpolitik\/\" rel=\"tag\">svenskpolitik<\/a><\/div><\/div>\n\n\n<h3 class=\"wp-block-post-title\"><a href=\"https:\/\/www.greenpeace.org\/sweden\/artiklar\/klimat\/karnkraftskritiken-som-doljs-av-regeringen\/\" target=\"_self\" >K\u00e4rnkraftskritiken som d\u00f6ljs av regeringen<\/a><\/h3>\n\n<div class=\"wp-block-post-excerpt\"><p class=\"wp-block-post-excerpt__excerpt\">Regeringens utredning om massiva statliga subventioner f\u00f6r att finansiera ny k\u00e4rnkraft har f\u00e5tt omfattande kritik. H\u00e4r f\u00f6ljer ett antal remissvar. <\/p><\/div>\n\n\n<div class=\"wp-block-group posts-list-meta is-layout-flow wp-block-group-is-layout-flow\"><span class='article-list-item-author'><a href='https:\/\/www.greenpeace.org\/sweden\/author\/rlindahl\/'>Rolf Lindahl<\/a><\/span>\n\n<div class=\"wp-block-post-date\"><time datetime=\"2025-03-26T09:35:03+01:00\">mars 26, 2025<\/time><\/div><\/div>\n<\/div>\n<\/div>\n\n<\/li><li class=\"wp-block-post post-61799 post type-post status-publish format-standard has-post-thumbnail hentry category-energi category-klimat tag-atomkraft tag-hallbarenergi tag-sparaenergi p4-page-type-artiklar\">\n\n<div class=\"wp-block-columns is-layout-flex wp-container-core-columns-is-layout-9d6595d7 wp-block-columns-is-layout-flex\"><figure class=\"wp-block-post-featured-image\"><a href=\"https:\/\/www.greenpeace.org\/sweden\/artiklar\/klimat\/nej-till-subventioner-av-karnkraft\/\" target=\"_self\"  ><img loading=\"lazy\" decoding=\"async\" width=\"800\" height=\"533\" src=\"https:\/\/www.greenpeace.org\/static\/planet4-sweden-stateless\/2023\/10\/8300cb6c-gp1swu01_web_size.jpg\" class=\"attachment-post-thumbnail size-post-thumbnail wp-post-image wp-stateless-item\" alt=\"Nej till subventioner av k\u00e4rnkraft\" style=\"object-fit:cover;\" srcset=\"https:\/\/www.greenpeace.org\/static\/planet4-sweden-stateless\/2023\/10\/8300cb6c-gp1swu01_web_size.jpg 800w, https:\/\/www.greenpeace.org\/static\/planet4-sweden-stateless\/2023\/10\/8300cb6c-gp1swu01_web_size-300x200.jpg 300w, https:\/\/www.greenpeace.org\/static\/planet4-sweden-stateless\/2023\/10\/8300cb6c-gp1swu01_web_size-768x512.jpg 768w, https:\/\/www.greenpeace.org\/static\/planet4-sweden-stateless\/2023\/10\/8300cb6c-gp1swu01_web_size-510x340.jpg 510w\" sizes=\"auto, (max-width: 800px) 100vw, 800px\" data-image-size=\"post-thumbnail\" data-stateless-media-bucket=\"planet4-sweden-stateless\" data-stateless-media-name=\"2023\/10\/8300cb6c-gp1swu01_web_size.jpg\" \/><\/a><\/figure>\n\n\n<div class=\"wp-block-group is-layout-flow wp-block-group-is-layout-flow\">\n<div class=\"wp-block-group is-layout-flex wp-block-group-is-layout-flex\"><div class=\"wp-block-post-terms\"><a href=\"https:\/\/www.greenpeace.org\/sweden\/kategori\/energi\/\">Energi<\/a><\/div>\n\n<div class=\"taxonomy-post_tag wp-block-post-terms\"><a href=\"https:\/\/www.greenpeace.org\/sweden\/tag\/atomkraft\/\" rel=\"tag\">atomkraft<\/a><span class=\"wp-block-post-terms__separator\"> <\/span><a href=\"https:\/\/www.greenpeace.org\/sweden\/tag\/hallbarenergi\/\" rel=\"tag\">h\u00e5llbarenergi<\/a><span class=\"wp-block-post-terms__separator\"> <\/span><a href=\"https:\/\/www.greenpeace.org\/sweden\/tag\/sparaenergi\/\" rel=\"tag\">sparaenergi<\/a><\/div><\/div>\n\n\n<h3 class=\"wp-block-post-title\"><a href=\"https:\/\/www.greenpeace.org\/sweden\/artiklar\/klimat\/nej-till-subventioner-av-karnkraft\/\" target=\"_self\" >Nej till subventioner av k\u00e4rnkraft<\/a><\/h3>\n\n<div class=\"wp-block-post-excerpt\"><p class=\"wp-block-post-excerpt__excerpt\">Greenpeace v\u00e4nder sig kategoriskt emot och avstyrker f\u00f6rslaget om att statligt st\u00f6d, det vill s\u00e4ga subventioner, ges till investeringar i k\u00e4rnkraft.\u00a0 <\/p><\/div>\n\n\n<div class=\"wp-block-group posts-list-meta is-layout-flow wp-block-group-is-layout-flow\"><span class='article-list-item-author'><a href='https:\/\/www.greenpeace.org\/sweden\/author\/gp_sweden\/'>Greenpeace Sverige<\/a><\/span>\n\n<div class=\"wp-block-post-date\"><time datetime=\"2024-12-03T16:59:51+01:00\">december 3, 2024<\/time><\/div><\/div>\n<\/div>\n<\/div>\n\n<\/li><li class=\"wp-block-post post-58864 post type-post status-publish format-standard has-post-thumbnail hentry category-energi category-greenpeace category-klimat tag-atomkraft tag-fossilenergi tag-globaluppvarmning tag-ipcc tag-hallbarenergi tag-parisavtalet tag-sparaenergi tag-svenskpolitik tag-systemomstallning p4-page-type-artiklar\">\n\n<div class=\"wp-block-columns is-layout-flex wp-container-core-columns-is-layout-9d6595d7 wp-block-columns-is-layout-flex\"><figure class=\"wp-block-post-featured-image\"><a href=\"https:\/\/www.greenpeace.org\/sweden\/artiklar\/greenpeace\/for-en-framtid-med-hallbar-och-fornybar-energi\/\" target=\"_self\"  ><img loading=\"lazy\" decoding=\"async\" width=\"761\" height=\"600\" src=\"https:\/\/www.greenpeace.org\/static\/planet4-sweden-stateless\/2023\/02\/8650e18d-gp022na_web_size.jpg\" class=\"attachment-post-thumbnail size-post-thumbnail wp-post-image wp-stateless-item\" alt=\"F\u00f6r en framtid med h\u00e5llbar och f\u00f6rnybar energi\" style=\"object-fit:cover;\" srcset=\"https:\/\/www.greenpeace.org\/static\/planet4-sweden-stateless\/2023\/02\/8650e18d-gp022na_web_size.jpg 761w, https:\/\/www.greenpeace.org\/static\/planet4-sweden-stateless\/2023\/02\/8650e18d-gp022na_web_size-300x237.jpg 300w, https:\/\/www.greenpeace.org\/static\/planet4-sweden-stateless\/2023\/02\/8650e18d-gp022na_web_size-431x340.jpg 431w\" sizes=\"auto, (max-width: 761px) 100vw, 761px\" data-image-size=\"post-thumbnail\" data-stateless-media-bucket=\"planet4-sweden-stateless\" data-stateless-media-name=\"2023\/02\/8650e18d-gp022na_web_size.jpg\" \/><\/a><\/figure>\n\n\n<div class=\"wp-block-group is-layout-flow wp-block-group-is-layout-flow\">\n<div class=\"wp-block-group is-layout-flex wp-block-group-is-layout-flex\"><div class=\"wp-block-post-terms\"><a href=\"https:\/\/www.greenpeace.org\/sweden\/kategori\/energi\/\">Energi<\/a><\/div>\n\n<div class=\"taxonomy-post_tag wp-block-post-terms\"><a href=\"https:\/\/www.greenpeace.org\/sweden\/tag\/atomkraft\/\" rel=\"tag\">atomkraft<\/a><span class=\"wp-block-post-terms__separator\"> <\/span><a href=\"https:\/\/www.greenpeace.org\/sweden\/tag\/fossilenergi\/\" rel=\"tag\">fossilenergi<\/a><span class=\"wp-block-post-terms__separator\"> <\/span><a href=\"https:\/\/www.greenpeace.org\/sweden\/tag\/globaluppvarmning\/\" rel=\"tag\">globaluppv\u00e4rmning<\/a><span class=\"wp-block-post-terms__separator\"> <\/span><a href=\"https:\/\/www.greenpeace.org\/sweden\/tag\/ipcc\/\" rel=\"tag\">IPCC<\/a><span class=\"wp-block-post-terms__separator\"> <\/span><a href=\"https:\/\/www.greenpeace.org\/sweden\/tag\/hallbarenergi\/\" rel=\"tag\">h\u00e5llbarenergi<\/a><span class=\"wp-block-post-terms__separator\"> <\/span><a href=\"https:\/\/www.greenpeace.org\/sweden\/tag\/parisavtalet\/\" rel=\"tag\">parisavtalet<\/a><span class=\"wp-block-post-terms__separator\"> <\/span><a href=\"https:\/\/www.greenpeace.org\/sweden\/tag\/sparaenergi\/\" rel=\"tag\">sparaenergi<\/a><span class=\"wp-block-post-terms__separator\"> <\/span><a href=\"https:\/\/www.greenpeace.org\/sweden\/tag\/svenskpolitik\/\" rel=\"tag\">svenskpolitik<\/a><span class=\"wp-block-post-terms__separator\"> <\/span><a href=\"https:\/\/www.greenpeace.org\/sweden\/tag\/systemomstallning\/\" rel=\"tag\">systemomst\u00e4llning<\/a><\/div><\/div>\n\n\n<h3 class=\"wp-block-post-title\"><a href=\"https:\/\/www.greenpeace.org\/sweden\/artiklar\/greenpeace\/for-en-framtid-med-hallbar-och-fornybar-energi\/\" target=\"_self\" >F\u00f6r en framtid med h\u00e5llbar och f\u00f6rnybar energi<\/a><\/h3>\n\n<div class=\"wp-block-post-excerpt\"><p class=\"wp-block-post-excerpt__excerpt\">Remissyttrande fr\u00e5n Greenpeace. Som en ledande oberoende milj\u00f6organisation, framf\u00f6r Greenpeace i detta remissyttrande en stark uppmaning till omst\u00e4llning i energipolitiken f\u00f6r att adressera de akuta klimat- och milj\u00f6utmaningar vi st\u00e5r inf\u00f6r. <\/p><\/div>\n\n\n<div class=\"wp-block-group posts-list-meta is-layout-flow wp-block-group-is-layout-flow\"><span class='article-list-item-author'><a href='https:\/\/www.greenpeace.org\/sweden\/author\/gp_sweden\/'>Greenpeace Sverige<\/a><\/span>\n\n<div class=\"wp-block-post-date\"><time datetime=\"2024-01-31T18:16:28+01:00\">januari 31, 2024<\/time><\/div><\/div>\n<\/div>\n<\/div>\n\n<\/li><\/ul>\n\n\n<div class=\"wp-block-buttons carousel-controls is-horizontal is-content-justification-space-between is-nowrap is-layout-flex wp-container-core-buttons-is-layout-044bd602 wp-block-buttons-is-layout-flex\">\n<div class=\"wp-block-button carousel-control-prev\"><button type=\"button\" class=\"wp-block-button__link wp-element-button\">Previous Carousel Slide<\/button><\/div>\n\n\n\n<div class=\"wp-block-button carousel-control-next\"><button type=\"button\" class=\"wp-block-button__link wp-element-button\">Next Carousel Slide<\/button><\/div>\n<\/div>\n\n\n<li class=\" wp-block-navigation-item see-all-link wp-block-navigation-link\"><a class=\"wp-block-navigation-item__content\"  href=\"https:\/\/www.greenpeace.org\/sweden\/nyheter\/?tag=sparaenergi&#038;post-type=artiklar\"><span class=\"wp-block-navigation-item__label\">L\u00e4s mer<\/span><\/a><\/li><\/div>\n\n\n\n\n<div class=\"wp-block-group alignfull block has-grey-100-background-color has-background is-layout-flow wp-block-group-is-layout-flow\">\n<div class=\"wp-block-group container is-layout-flow wp-block-group-is-layout-flow\">\n<div style=\"height:24px\" aria-hidden=\"true\" class=\"wp-block-spacer\"><\/div>\n\n\n\n<h3 class=\"wp-block-heading has-text-align-center\">L\u00e4s mer om detta \u00e4mne<\/h3>\n\n\n\n<div style=\"height:24px\" aria-hidden=\"true\" class=\"wp-block-spacer\"><\/div>\n\n\n\n<div class=\"wp-block-columns is-layout-flex wp-container-core-columns-is-layout-9d6595d7 wp-block-columns-is-layout-flex\">\n<div class=\"wp-block-column is-layout-flow wp-block-column-is-layout-flow\">\n<div class=\"wp-block-group group-stretched-link is-layout-flow wp-block-group-is-layout-flow\">\n<figure class=\"wp-block-image aligncenter size-full is-resized force-no-lightbox force-no-caption is-style-rounded-180\"><img loading=\"lazy\" decoding=\"async\" src=\"https:\/\/www.greenpeace.org\/static\/planet4-sweden-stateless\/2023\/02\/5e58c4aa-gp0stui1y_web_size.jpg\" alt=\"Vindkraftverk p\u00e5 gr\u00f6n \u00e4ng\" class=\"wp-image-54933\" width=\"180\" height=\"180\"\/><figcaption class=\"wp-element-caption\">Enercon wind turbines E126 at wind park Feldheim.\nAufbau Enercon WEA E126 im  Windpark Feldheim in Brandenburg.<\/figcaption><\/figure>\n\n\n\n<h5 class=\"wp-block-heading has-text-align-center is-style-chevron\" style=\"font-size:1rem\"><a href=\"https:\/\/www.greenpeace.org\/sweden\/?page_id=54299\">F\u00f6rnybar energi<\/a><\/h5>\n\n\n\n<div style=\"height:16px\" aria-hidden=\"true\" class=\"wp-block-spacer\"><\/div>\n<\/div>\n<\/div>\n\n\n\n<div class=\"wp-block-column is-layout-flow wp-block-column-is-layout-flow\">\n<div class=\"wp-block-group group-stretched-link is-layout-flow wp-block-group-is-layout-flow\">\n<figure class=\"wp-block-image aligncenter size-full is-resized force-no-lightbox force-no-caption is-style-rounded-180\"><img loading=\"lazy\" decoding=\"async\" src=\"https:\/\/www.greenpeace.org\/static\/planet4-sweden-stateless\/2023\/02\/dae254b1-gp1sw4h4_web_size.jpg\" alt=\"Aktivister h\u00e5ller uppskylt som s\u00e4ger fossil free revolution\" class=\"wp-image-54934\" width=\"180\" height=\"180\"\/><figcaption class=\"wp-element-caption\">More than 80 Greenpeace Netherlands activists from 12 EU countries are using fossil fuel ads from all over Europe to block the entrance to Shell\u2019s oil refinery. The peaceful protest comes as over 20 organizations launched a European Citizens\u2019 Initiative (ECI) petition today, calling for a new law that bans fossil fuel advertising and sponsorship in the European Union.\nActievoerders uit heel Europa blokkeren samen met Greenpeace Nederland de toegang tot de Tweede Petroleumhaven in Pernis. De vreedzame actie markeert de start van een Europees burgerinitiatief (EBI) waarin wordt opgeroepen tot een wet die reclame voor fossiele brandstoffen in de EU verbiedt.<\/figcaption><\/figure>\n\n\n\n<h5 class=\"wp-block-heading has-text-align-center is-style-chevron\" style=\"font-size:1rem\"><a href=\"https:\/\/www.greenpeace.org\/sweden\/?page_id=54302\">Fossila br\u00e4nslen<\/a><\/h5>\n\n\n\n<div style=\"height:16px\" aria-hidden=\"true\" class=\"wp-block-spacer\"><\/div>\n<\/div>\n<\/div>\n\n\n\n<div class=\"wp-block-column is-layout-flow wp-block-column-is-layout-flow\">\n<div class=\"wp-block-group group-stretched-link is-layout-flow wp-block-group-is-layout-flow\">\n<figure class=\"wp-block-image aligncenter size-full is-resized force-no-lightbox force-no-caption is-style-rounded-180\"><img loading=\"lazy\" decoding=\"async\" src=\"https:\/\/www.greenpeace.org\/static\/planet4-sweden-stateless\/2023\/02\/cac1912b-gp1swtx9_web_size.jpg\" title=\"Aktivister utanf\u00f6r Sveriges riksdag med tunnor som ska f\u00f6rest\u00e4lla k\u00e4rnavfall och en banner som s\u00e4ger ett beslut 100 000 \u00e5r av konsekvenser.\" alt=\"Aktivister utanf\u00f6r Sveriges riksdag med tunnor som ska f\u00f6rest\u00e4lla k\u00e4rnavfall och en banner som s\u00e4ger ett beslut 100 000 \u00e5r av konsekvenser.\" class=\"wp-image-55049\" width=\"180\" height=\"180\"\/><figcaption class=\"wp-element-caption\">Greenpeace Nordic activists demonstrate with \u201cleaking nuclear barrels\u201d outside Rosenbad in Stockholm in advance of the announcement of the Swedish government&#8217;s decision on a final repository for radioactive waste from Swedish nuclear power plants. \nSweden&#8217;s largest environmental issue ever is about the future of the highly radioactive waste from Swedish nuclear power plants, and several independent scientists question if the proposed method works and can guarantee a risk-free environment for 100,000 years. \nThe method proposed so far is that the waste should be stored in copper capsules that are buried in rock chambers 500 meters underground and filled with bentonite clay. However, several researchers and experts in corrosion sceince have shown that the copper capsules risk corroding much faster than foreseen and will start leaking much earlier than presumed by the nuclear industry, and there is no scientific evidence that proves that the method is safe. \n&#8211; It is irresponsible of the government to go ahead with a method that has been proposed by the nuclear power industry and strongly questioned by independent researchers. We owe it to future generations a safe storage of the radioactive nuclear waste that Swedish nuclear power produces, says Rolf Lindahl, spokesperson Greenpeace.<\/figcaption><\/figure>\n\n\n\n<h5 class=\"wp-block-heading has-text-align-center is-style-chevron\" style=\"font-size:1rem\"><a href=\"https:\/\/www.greenpeace.org\/sweden\/?page_id=54304\">K\u00e4rnkraft<\/a><\/h5>\n\n\n\n<div style=\"height:16px\" aria-hidden=\"true\" class=\"wp-block-spacer\"><\/div>\n<\/div>\n<\/div>\n\n\n\n<div class=\"wp-block-column is-layout-flow wp-block-column-is-layout-flow\">\n<div class=\"wp-block-group group-stretched-link is-layout-flow wp-block-group-is-layout-flow\">\n<figure class=\"wp-block-image aligncenter size-full is-resized force-no-lightbox force-no-caption is-style-rounded-180\"><img loading=\"lazy\" decoding=\"async\" src=\"https:\/\/www.greenpeace.org\/static\/planet4-sweden-stateless\/2023\/02\/e6e12624-drone-hakkuut-metsagroup-nuuksio200218-17.jpg\" alt=\"Flygbild som visar gr\u00e4nsen mellan skog och kalhygge som sk\u00e4r genom landskapet.\" class=\"wp-image-54941\" width=\"180\" height=\"180\"\/><\/figure>\n\n\n\n<h5 class=\"wp-block-heading has-text-align-center is-style-chevron\" style=\"font-size:1rem\"><a href=\"https:\/\/www.greenpeace.org\/sweden\/?page_id=54306\">Biobr\u00e4nslen<\/a><\/h5>\n\n\n\n<div style=\"height:16px\" aria-hidden=\"true\" class=\"wp-block-spacer\"><\/div>\n<\/div>\n<\/div>\n<\/div>\n<\/div>\n<\/div>\n\n\n\n\n\n<div class=\"wp-block-group alignfull block mb-0 has-white-background-color has-background is-layout-flow wp-block-group-is-layout-flow\">\n<div class=\"wp-block-group container is-layout-flow wp-block-group-is-layout-flow\">\n<h5 class=\"wp-block-heading has-text-align-center\">Utforska andra \u00e4mnen<\/h5>\n\n\n\n<div style=\"height:24px\" aria-hidden=\"true\" class=\"wp-block-spacer\"><\/div>\n\n\n\n<div class=\"wp-block-columns is-not-stacked-on-mobile is-style-mobile-carousel is-layout-flex wp-container-core-columns-is-layout-9d6595d7 wp-block-columns-is-layout-flex\">\n<div class=\"wp-block-column is-layout-flow wp-block-column-is-layout-flow\">\n<div class=\"wp-block-group group-stretched-link is-layout-constrained wp-block-group-is-layout-constrained\">\n<figure class=\"wp-block-image aligncenter size-full is-resized is-style-rounded-90 force-no-lightbox force-no-caption mb-0\"><img loading=\"lazy\" decoding=\"async\" width=\"800\" height=\"534\" src=\"https:\/\/www.greenpeace.org\/static\/planet4-sweden-stateless\/2023\/02\/6111330d-gp1t50im_web_size.jpg\" alt=\"M\u00e4nniskor med banderoll som s\u00e4ger: For 1,5 degrees celsius, stop here\" class=\"wp-image-54840\" srcset=\"https:\/\/www.greenpeace.org\/static\/planet4-sweden-stateless\/2023\/02\/6111330d-gp1t50im_web_size.jpg 800w, https:\/\/www.greenpeace.org\/static\/planet4-sweden-stateless\/2023\/02\/6111330d-gp1t50im_web_size-300x200.jpg 300w, https:\/\/www.greenpeace.org\/static\/planet4-sweden-stateless\/2023\/02\/6111330d-gp1t50im_web_size-768x513.jpg 768w, https:\/\/www.greenpeace.org\/static\/planet4-sweden-stateless\/2023\/02\/6111330d-gp1t50im_web_size-510x340.jpg 510w\" sizes=\"auto, (max-width: 800px) 100vw, 800px\" \/><figcaption class=\"wp-element-caption\">Demonstration against the demolition of the village of L\u00fctzerath with the participation of Greenpeace.\nThe German government has agreed with the coal company RWE to mine another 280 million tons of the climate killer lignite in the Garzweiler open pit mine alone. Six times more than would be permissible to comply with the critical 1.5-degree limit. This is precisely why Greenpeace, together with other environmental associations and activists, is countering this with a powerful demonstration.\nDie deutsche Regierung hat mit dem Kohlekonzern RWE vereinbart, allein im Tagebau Garzweiler noch weitere 280 Millionen Tonnen des Klimakillers Braunkohle f\u00f6rdern zu wollen. Sechs Mal mehr, als zul\u00e4ssig w\u00e4re, um die kritische 1,5-Grad-Grenze einzuhalten. Genau deshalb tritt Greenpeace zusammen mit anderen Umweltverb\u00e4nden und Aktivist:innen dem mit einer kraftvollen Demonstration entgegen.<\/figcaption><\/figure>\n\n\n\n<div style=\"height:16px\" aria-hidden=\"true\" class=\"wp-block-spacer\"><\/div>\n\n\n\n<h5 class=\"wp-block-heading has-text-align-center\" style=\"font-size:1rem\"><a href=\"https:\/\/www.greenpeace.org\/sweden\/?page_id=54216\">Klimat<\/a><\/h5>\n<\/div>\n<\/div>\n\n\n\n<div class=\"wp-block-column is-layout-flow wp-block-column-is-layout-flow\">\n<div class=\"wp-block-group group-stretched-link is-layout-flow wp-block-group-is-layout-flow\">\n<figure class=\"wp-block-image aligncenter size-full is-resized is-style-rounded-90 force-no-lightbox force-no-caption mb-0\"><img loading=\"lazy\" decoding=\"async\" width=\"800\" height=\"553\" src=\"https:\/\/www.greenpeace.org\/static\/planet4-sweden-stateless\/2023\/02\/2f51be5c-gp02k1m_web_size.jpg\" alt=\"F\u00e4rgglada fiskar framf\u00f6r korallrev\" class=\"wp-image-54884\" srcset=\"https:\/\/www.greenpeace.org\/static\/planet4-sweden-stateless\/2023\/02\/2f51be5c-gp02k1m_web_size.jpg 800w, https:\/\/www.greenpeace.org\/static\/planet4-sweden-stateless\/2023\/02\/2f51be5c-gp02k1m_web_size-300x207.jpg 300w, https:\/\/www.greenpeace.org\/static\/planet4-sweden-stateless\/2023\/02\/2f51be5c-gp02k1m_web_size-768x531.jpg 768w, https:\/\/www.greenpeace.org\/static\/planet4-sweden-stateless\/2023\/02\/2f51be5c-gp02k1m_web_size-492x340.jpg 492w\" sizes=\"auto, (max-width: 800px) 100vw, 800px\" \/><figcaption class=\"wp-element-caption\">Schooling fish swim over a coral reef. Once having the highest income per capita in the Pacific, Nauru&#8217;s economy and environment collapsed after decades of phosphate mining had been depleted. With virtually nothing more to trade, the island nation is staking its hopes on protection of fisheries in its waters and the nearby international waters.<\/figcaption><\/figure>\n\n\n\n<div style=\"height:16px\" aria-hidden=\"true\" class=\"wp-block-spacer\"><\/div>\n\n\n\n<h5 class=\"wp-block-heading has-text-align-center\" style=\"font-size:1rem\"><a href=\"https:\/\/www.greenpeace.org\/sweden\/?page_id=54247\">Hav<\/a><\/h5>\n<\/div>\n<\/div>\n\n\n\n<div class=\"wp-block-column is-layout-flow wp-block-column-is-layout-flow\">\n<div class=\"wp-block-group group-stretched-link is-layout-flow wp-block-group-is-layout-flow\">\n<figure class=\"wp-block-image aligncenter size-full is-resized is-style-rounded-90 force-no-lightbox force-no-caption mb-0\"><img loading=\"lazy\" decoding=\"async\" width=\"799\" height=\"449\" src=\"https:\/\/www.greenpeace.org\/static\/planet4-sweden-stateless\/2023\/02\/d7cd8025-gp0str3iq_web_size.jpg\" alt=\"Bild p\u00e5 tr\u00e4d tagna rakt uppifr\u00e5n fr\u00e5n luften\" class=\"wp-image-54625\" srcset=\"https:\/\/www.greenpeace.org\/static\/planet4-sweden-stateless\/2023\/02\/d7cd8025-gp0str3iq_web_size.jpg 799w, https:\/\/www.greenpeace.org\/static\/planet4-sweden-stateless\/2023\/02\/d7cd8025-gp0str3iq_web_size-300x169.jpg 300w, https:\/\/www.greenpeace.org\/static\/planet4-sweden-stateless\/2023\/02\/d7cd8025-gp0str3iq_web_size-768x432.jpg 768w, https:\/\/www.greenpeace.org\/static\/planet4-sweden-stateless\/2023\/02\/d7cd8025-gp0str3iq_web_size-510x287.jpg 510w\" sizes=\"auto, (max-width: 799px) 100vw, 799px\" \/><\/figure>\n\n\n\n<div style=\"height:16px\" aria-hidden=\"true\" class=\"wp-block-spacer\"><\/div>\n\n\n\n<h5 class=\"wp-block-heading has-text-align-center\" style=\"font-size:1rem\"><a href=\"https:\/\/www.greenpeace.org\/sweden\/?page_id=54244\">Skog<\/a><\/h5>\n<\/div>\n<\/div>\n<\/div>\n<\/div>\n<\/div>\n\n<\/div>\n","protected":false},"excerpt":{"rendered":"<p>Vi m\u00e5ste minska v\u00e5r energif\u00f6rbrukning. Den mest klimatsmarta energin \u00e4r den vi inte f\u00f6rbrukar.<\/p>\n","protected":false},"author":45,"featured_media":55138,"parent":54250,"menu_order":0,"comment_status":"closed","ping_status":"closed","template":"","meta":{"ep_exclude_from_search":false,"p4_hide_page_title_checkbox":"on","p4_title":"","p4_subtitle":"","p4_description":"","background_image_id":"","background_image":"","p4_button_title":"","p4_button_link":"","p4_button_link_checkbox":"","p4_og_title":"","p4_og_description":"","p4_og_image":"","p4_og_image_id":"","p4_seo_canonical_url":"","p4_campaign_name":"not set","p4_local_project":"not set","p4_basket_name":"not set","p4_department":"","footnotes":""},"categories":[45],"tags":[66],"class_list":["post-54187","page","type-page","status-publish","has-post-thumbnail","hentry","category-energi","tag-sparaenergi"],"_links":{"self":[{"href":"https:\/\/www.greenpeace.org\/sweden\/wp-json\/wp\/v2\/pages\/54187","targetHints":{"allow":["GET"]}}],"collection":[{"href":"https:\/\/www.greenpeace.org\/sweden\/wp-json\/wp\/v2\/pages"}],"about":[{"href":"https:\/\/www.greenpeace.org\/sweden\/wp-json\/wp\/v2\/types\/page"}],"author":[{"embeddable":true,"href":"https:\/\/www.greenpeace.org\/sweden\/wp-json\/wp\/v2\/users\/45"}],"replies":[{"embeddable":true,"href":"https:\/\/www.greenpeace.org\/sweden\/wp-json\/wp\/v2\/comments?post=54187"}],"version-history":[{"count":20,"href":"https:\/\/www.greenpeace.org\/sweden\/wp-json\/wp\/v2\/pages\/54187\/revisions"}],"predecessor-version":[{"id":66290,"href":"https:\/\/www.greenpeace.org\/sweden\/wp-json\/wp\/v2\/pages\/54187\/revisions\/66290"}],"up":[{"embeddable":true,"href":"https:\/\/www.greenpeace.org\/sweden\/wp-json\/wp\/v2\/pages\/54250"}],"wp:featuredmedia":[{"embeddable":true,"href":"https:\/\/www.greenpeace.org\/sweden\/wp-json\/wp\/v2\/media\/55138"}],"wp:attachment":[{"href":"https:\/\/www.greenpeace.org\/sweden\/wp-json\/wp\/v2\/media?parent=54187"}],"wp:term":[{"taxonomy":"category","embeddable":true,"href":"https:\/\/www.greenpeace.org\/sweden\/wp-json\/wp\/v2\/categories?post=54187"},{"taxonomy":"post_tag","embeddable":true,"href":"https:\/\/www.greenpeace.org\/sweden\/wp-json\/wp\/v2\/tags?post=54187"}],"curies":[{"name":"wp","href":"https:\/\/api.w.org\/{rel}","templated":true}]}}