{"id":54266,"date":"2023-02-15T13:28:20","date_gmt":"2023-02-15T12:28:20","guid":{"rendered":"https:\/\/www.greenpeace.org\/sweden\/?page_id=54266"},"modified":"2026-04-08T10:00:10","modified_gmt":"2026-04-08T09:00:10","slug":"klimatpolitik","status":"publish","type":"page","link":"https:\/\/www.greenpeace.org\/sweden\/klimat\/klimatpolitik\/","title":{"rendered":"Klimatpolitik"},"content":{"rendered":"\n<div class=\"wp-block-group is-pattern-p4-deep-dive-topic-pattern-layout mb-0 is-layout-flow wp-block-group-is-layout-flow\">\n\n<div class=\"wp-block-group alignfull has-grey-100-background-color has-background is-layout-flow wp-block-group-is-layout-flow\" style=\"padding-top:56px;padding-bottom:56px\">\n<div class=\"wp-block-group container is-layout-flow wp-block-group-is-layout-flow\">\n<div class=\"wp-block-media-text alignfull has-media-on-the-right is-stacked-on-mobile is-pattern-p4-page-header is-style-parallax\"><div class=\"wp-block-media-text__content\">\n<div class=\"wp-block-group is-layout-flow wp-block-group-is-layout-flow\">\n<h1 class=\"wp-block-heading has-grey-100-background-color has-background\">Klimatpolitik<\/h1>\n<\/div>\n\n\n\n<p style=\"font-size:1.25rem\">Svensk klimatpolitik utg\u00e5r fr\u00e5n b\u00e5de Parisavtalets m\u00e5l om att begr\u00e4nsa den globala uppv\u00e4rmningen till 1,5 \u00b0C och det svenska klimatpolitiska ramverket, bland annat klimatm\u00e5let om att Sverige inte ska ha n\u00e5gra nettoutsl\u00e4pp av v\u00e4xthusgaser till atmosf\u00e4ren senast \u00e5r 2045. En ambiti\u00f6s klimatpolitik kan b\u00e5de minska Sveriges utsl\u00e4pp, och leda till utsl\u00e4ppsminskningar utanf\u00f6r Sverige.<\/p>\n\n\n\n<div class=\"wp-block-buttons is-layout-flex wp-block-buttons-is-layout-flex\"><\/div>\n<\/div><figure class=\"wp-block-media-text__media\"><img loading=\"lazy\" decoding=\"async\" width=\"800\" height=\"533\" src=\"https:\/\/www.greenpeace.org\/static\/planet4-sweden-stateless\/2023\/02\/2cc7d32b-gp0sttat1_web_size.jpg\" alt=\"Riksdagshuset i Stockholm d\u00e4r aktivister m\u00e5lat NO NEED TO PANIC f\u00f6r att f\u00e5 politikerna att utlysa klimatn\u00f6dl\u00e4ge\" sizes=\"auto, (min-width: 601px) 50vw, 100vw\" srcset=\"https:\/\/www.greenpeace.org\/static\/planet4-sweden-stateless\/2023\/02\/2cc7d32b-gp0sttat1_web_size.jpg 800w, https:\/\/www.greenpeace.org\/static\/planet4-sweden-stateless\/2023\/02\/2cc7d32b-gp0sttat1_web_size-300x200.jpg 300w, https:\/\/www.greenpeace.org\/static\/planet4-sweden-stateless\/2023\/02\/2cc7d32b-gp0sttat1_web_size-768x512.jpg 768w, https:\/\/www.greenpeace.org\/static\/planet4-sweden-stateless\/2023\/02\/2cc7d32b-gp0sttat1_web_size-510x340.jpg 510w\" class=\"wp-image-54955 size-full\"\/><\/figure><\/div>\n<\/div>\n<\/div>\n\n\n\n\n<style>.wp-block-group.alignfull.has-background.is-layout-flow{padding:0!important;}<\/style>\n\n<div style=\"height:15px\" aria-hidden=\"true\" class=\"wp-block-spacer\"><\/div>\n\n<div class=\"wp-block-columns is-style-mobile-carousel secondary-menu is-layout-flex wp-container-core-columns-is-layout-9d6595d7 wp-block-columns-is-layout-flex\">\n<div class=\"wp-block-column is-layout-flow wp-block-column-is-layout-flow\" style=\"flex-basis:15%\"><\/div>\n\n\n\n<div class=\"wp-block-column brdr-bottom is-layout-flow wp-block-column-is-layout-flow\">\n<div class=\"wp-block-group is-style-reset-margin flex-wrap is-content-justification-center is-nowrap is-layout-flex wp-container-core-group-is-layout-499140ed wp-block-group-is-layout-flex\">\n<p class=\"has-text-align-center is-style-roboto-font-family nav-link\" style=\"font-size:16px\"><a href=\"#problemet\">Problemet<\/a><\/p>\n\n\n\n<div style=\"height:30px;width:0px\" aria-hidden=\"true\" class=\"wp-block-spacer wp-container-content-728072c3\"><\/div>\n\n\n\n<p>\u2022<\/p>\n\n\n\n<div style=\"height:30px;width:0px\" aria-hidden=\"true\" class=\"wp-block-spacer wp-container-content-728072c3\"><\/div>\n\n\n\n<p class=\"has-text-align-center is-style-roboto-font-family nav-link\" style=\"font-size:16px\"><a href=\"#vad-vi-gor\">Vad vi g\u00f6r<\/a><\/p>\n\n\n\n<div style=\"height:30px;width:0px\" aria-hidden=\"true\" class=\"wp-block-spacer wp-container-content-728072c3\"><\/div>\n\n\n\n<p>\u2022<\/p>\n\n\n\n<div style=\"height:30px;width:0px\" aria-hidden=\"true\" class=\"wp-block-spacer wp-container-content-728072c3\"><\/div>\n\n\n\n<p class=\"has-text-align-center is-style-roboto-font-family nav-link\" style=\"font-size:16px\"><a href=\"#vad-kan-du-gora\">Vad du kan g\u00f6ra<\/a><\/p>\n\n\n\n<div style=\"height:30px;width:0px\" aria-hidden=\"true\" class=\"wp-block-spacer wp-container-content-728072c3\"><\/div>\n\n\n\n<p>\u2022<\/p>\n\n\n\n<div style=\"height:30px;width:0px\" aria-hidden=\"true\" class=\"wp-block-spacer wp-container-content-728072c3\"><\/div>\n\n\n\n<p class=\"is-style-roboto-font-family nav-link\" style=\"font-size:16px\"><a href=\"#senaste-nytt\">Senaste nytt<\/a><\/p>\n\n\n\n<div style=\"height:30px;width:0px\" aria-hidden=\"true\" class=\"wp-block-spacer wp-container-content-728072c3\"><\/div>\n<\/div>\n<\/div>\n\n\n\n<div class=\"wp-block-column is-layout-flow wp-block-column-is-layout-flow\" style=\"flex-basis:15%\"><\/div>\n<\/div>\n\n\n\n<div style=\"height:64px\" aria-hidden=\"true\" class=\"wp-block-spacer\"><\/div>\n\n\n\n\n<div class=\"wp-block-media-text alignwide is-stacked-on-mobile\"><figure class=\"wp-block-media-text__media\"><img loading=\"lazy\" decoding=\"async\" width=\"800\" height=\"533\" src=\"https:\/\/www.greenpeace.org\/static\/planet4-sweden-stateless\/2023\/02\/2d0ea4a4-gp1svhkw_web_size.jpg\" alt=\"endast toppen av taket p\u00e5 en bil syns \u00f6ver vattenytan efter en \u00f6versv\u00e4mning i Tyskland \" sizes=\"auto, (min-width: 1600px) calc((1320px - 24px) \/ 2),(min-width: 1200px) calc((1140px - 24px) \/ 2),(min-width: 992px) calc((960px - 24px) \/ 2),(min-width: 768px) calc((720px - 24px) \/ 2),(min-width: 601px) calc((540px - 24px) \/ 2),(min-width: 577px) calc((540px - 24px) \/ 1), calc(100vw - 24px)\" srcset=\"https:\/\/www.greenpeace.org\/static\/planet4-sweden-stateless\/2023\/02\/2d0ea4a4-gp1svhkw_web_size.jpg 800w, https:\/\/www.greenpeace.org\/static\/planet4-sweden-stateless\/2023\/02\/2d0ea4a4-gp1svhkw_web_size-300x200.jpg 300w, https:\/\/www.greenpeace.org\/static\/planet4-sweden-stateless\/2023\/02\/2d0ea4a4-gp1svhkw_web_size-768x512.jpg 768w, https:\/\/www.greenpeace.org\/static\/planet4-sweden-stateless\/2023\/02\/2d0ea4a4-gp1svhkw_web_size-510x340.jpg 510w\" class=\"wp-image-54962 size-full\"\/><\/figure><div class=\"wp-block-media-text__content\">\n<div style=\"height:10px\" aria-hidden=\"true\" id=\"problemet\" class=\"wp-block-spacer\"><\/div>\n\n\n\n<h2 class=\"wp-block-heading\">Problemet<\/h2>\n\n\n\n<p>Klimatf\u00f6r\u00e4ndringar \u00e4r ett stort och komplext problem som p\u00e5verkar m\u00e4nniskor, djur och ekosystem p\u00e5 m\u00e5nga olika s\u00e4tt, men vissa drabbas h\u00e5rdare \u00e4n andra. Globala temperatur\u00f6kningar orsakar m\u00e5nga problem, inklusive v\u00e4rmeb\u00f6ljor, torka, skogsbr\u00e4nder och \u00f6versv\u00e4mningar. D\u00e4rf\u00f6r har v\u00e4rlden genom Parisavtalet beslutat att den globala uppv\u00e4rmningen ska h\u00e5llas v\u00e4l under 2 grader, och helst under 1,5 grader. Parisavtalet och de internationella klimatf\u00f6rhandlingarna ska organiseras enligt principen om klimatr\u00e4ttvisa. F\u00f6rhandlingarna ber\u00e4ttar inte bara f\u00f6r oss vilka klimatm\u00e5len m\u00e5ste vara f\u00f6r att undvika de v\u00e4rsta klimatf\u00f6r\u00e4ndringarna. De f\u00f6rdelar ocks\u00e5 vilka l\u00e4nder som \u00e4r ansvariga f\u00f6r vilka utsl\u00e4pp och klimat\u00e5tg\u00e4rder i v\u00e4rlden. De s\u00e4tter \u00e4ven grunden f\u00f6r klimatpolitiken i v\u00e5rt land.<\/p>\n\n\n\n<div class=\"wp-block-buttons is-layout-flex wp-block-buttons-is-layout-flex\"><\/div>\n<\/div><\/div>\n\n\n\n\n\n<div class=\"wp-block-media-text alignwide has-media-on-the-right is-stacked-on-mobile\"><div class=\"wp-block-media-text__content\">\n<div style=\"height:10px\" aria-hidden=\"true\" id=\"vad-vi-gor\" class=\"wp-block-spacer\"><\/div>\n\n\n\n<h2 class=\"wp-block-heading\">Vad vi g\u00f6r<\/h2>\n\n\n\n<p>Greenpeace \u00e4r en internationell milj\u00f6organisation som arbetar f\u00f6r att skydda milj\u00f6n och motverka klimatf\u00f6r\u00e4ndringar. Greenpeace \u00e4r inte en del av COP eller UNFCCC, men organisationen \u00e4r ofta n\u00e4rvarande vid m\u00f6tena som observat\u00f6rer och deltar i olika aktiviteter f\u00f6r att p\u00e5verka beslutsfattarna. Vi st\u00f6djer de utsatta l\u00e4ndernas krav p\u00e5 ambiti\u00f6sa klimat\u00e5tg\u00e4rder och s\u00e4tter press p\u00e5 l\u00e4nder som inte tar sin del av ansvaret. En del av arbetet g\u00e5r ut p\u00e5 att tr\u00e4ffa politiker och f\u00f6rhandlare, erbjuda v\u00e5r kunskap och expertis. Dessutom genomf\u00f6r vi kampanjer och andra aktiviteter som s\u00e4tter str\u00e5lkastarljuset p\u00e5 vad som st\u00e5r p\u00e5 spel. Utanf\u00f6r klimatf\u00f6rhandlingarna arbetar Greenpeace intensivt med att p\u00e5verka politiker att ta klimatansvar p\u00e5 hemmaplan i linje med Parisavtalet. I Sverige \u00e4r uppf\u00f6ljning och implementering av <a href=\"https:\/\/www.naturvardsverket.se\/amnesomraden\/klimatomstallningen\/sveriges-klimatarbete\/sveriges-klimatmal-och-klimatpolitiska-ramverk\/\" target=\"_blank\" rel=\"noreferrer noopener\">det klimatpolitiska ramverket<\/a> inklusive klimatlagen och dess krav p\u00e5 att regeringen ska l\u00e4mna en klimatpolitisk handlingsplan vart fj\u00e4rde \u00e5r ett viktigt arbete. <\/p>\n\n\n\n<div class=\"wp-block-buttons is-layout-flex wp-block-buttons-is-layout-flex\"><\/div>\n<\/div><figure class=\"wp-block-media-text__media\"><img loading=\"lazy\" decoding=\"async\" width=\"1024\" height=\"683\" src=\"https:\/\/www.greenpeace.org\/static\/planet4-sweden-stateless\/2022\/11\/3e1bcec5-budgetpromenaden20-1024x683.jpg\" alt=\"\" sizes=\"auto, (min-width: 1600px) calc((1320px - 24px) \/ 2),(min-width: 1200px) calc((1140px - 24px) \/ 2),(min-width: 992px) calc((960px - 24px) \/ 2),(min-width: 768px) calc((720px - 24px) \/ 2),(min-width: 601px) calc((540px - 24px) \/ 2),(min-width: 577px) calc((540px - 24px) \/ 1), calc(100vw - 24px)\" srcset=\"https:\/\/www.greenpeace.org\/static\/planet4-sweden-stateless\/2022\/11\/3e1bcec5-budgetpromenaden20-scaled.jpg 2560w, https:\/\/www.greenpeace.org\/static\/planet4-sweden-stateless\/2022\/11\/3e1bcec5-budgetpromenaden20-300x200.jpg 300w, https:\/\/www.greenpeace.org\/static\/planet4-sweden-stateless\/2022\/11\/3e1bcec5-budgetpromenaden20-1024x683.jpg 1024w, https:\/\/www.greenpeace.org\/static\/planet4-sweden-stateless\/2022\/11\/3e1bcec5-budgetpromenaden20-768x512.jpg 768w, https:\/\/www.greenpeace.org\/static\/planet4-sweden-stateless\/2022\/11\/3e1bcec5-budgetpromenaden20-1536x1024.jpg 1536w, https:\/\/www.greenpeace.org\/static\/planet4-sweden-stateless\/2022\/11\/3e1bcec5-budgetpromenaden20-2048x1366.jpg 2048w, https:\/\/www.greenpeace.org\/static\/planet4-sweden-stateless\/2022\/11\/3e1bcec5-budgetpromenaden20-510x340.jpg 510w\" class=\"wp-image-52935 size-full\"\/><\/figure><\/div>\n\n\n\n<div class=\"wp-block-media-text alignwide is-stacked-on-mobile is-image-fill-element\"><figure class=\"wp-block-media-text__media\"><img loading=\"lazy\" decoding=\"async\" width=\"1024\" height=\"493\" src=\"https:\/\/www.greenpeace.org\/static\/planet4-sweden-stateless\/2022\/01\/b0569210-systemskiftet_webbanner_1-1024x493.jpg\" alt=\"\" sizes=\"auto, (min-width: 1600px) calc((1320px - 24px) \/ 2),(min-width: 1200px) calc((1140px - 24px) \/ 2),(min-width: 992px) calc((960px - 24px) \/ 2),(min-width: 768px) calc((720px - 24px) \/ 2),(min-width: 601px) calc((540px - 24px) \/ 2),(min-width: 577px) calc((540px - 24px) \/ 1), calc(100vw - 24px)\" srcset=\"\" class=\"wp-image-50435 size-full\" style=\"object-position:98% 53%\"\/><\/figure><div class=\"wp-block-media-text__content\">\n<div style=\"height:30px\" aria-hidden=\"true\" class=\"wp-block-spacer\"><\/div>\n\n\n\n<h2 class=\"wp-block-heading\">Greenpeace podcast Systemskiftet<br>\u2013 n\u00e4r vi slutar laga klimatet med tejp<\/h2>\n\n\n\n<p>I podden Systemskiftet g\u00e5r Carl Schlyter bortom den dagspolitiska debatten om klimat och milj\u00f6 tillsammans med aktuella forskare, aktivister, filosofer, entrepren\u00f6rer, psykologer och vision\u00e4rer. Vi s\u00f6ker svar p\u00e5 hur vi i skapar verklig samh\u00e4llsf\u00f6r\u00e4ndring i tider av klimatkris, artutrotning och ekonomiska klyftor.&nbsp;<\/p>\n\n\n\n<div class=\"wp-block-buttons is-layout-flex wp-block-buttons-is-layout-flex\">\n<div class=\"wp-block-button is-style-secondary\"><a class=\"wp-block-button__link wp-element-button\" href=\"https:\/\/www.greenpeace.org\/sweden\/agera\/greenpeace-podcast-systemskiftet\/\">Lyssna p\u00e5 Systemskiftet h\u00e4r<\/a><\/div>\n<\/div>\n\n\n\n<div style=\"height:30px\" aria-hidden=\"true\" class=\"wp-block-spacer\"><\/div>\n<\/div><\/div>\n\n\n\n\n<div class=\"wp-block-columns is-layout-flex wp-container-core-columns-is-layout-9d6595d7 wp-block-columns-is-layout-flex\">\n<div class=\"wp-block-column is-layout-flow wp-block-column-is-layout-flow\" style=\"flex-basis:49%\">\n<div style=\"height:40px\" aria-hidden=\"true\" class=\"wp-block-spacer\"><\/div>\n\n\n\n<h2 class=\"wp-block-heading\">\ud83d\udce2\u270a\ud83c\udffd&nbsp;Milj\u00f6departementet tillh\u00f6r folket!<\/h2>\n\n\n\n<p>N\u00e4r regeringen l\u00e4gger ner Milj\u00f6departementet tar vi saken i egna h\u00e4nder! D\u00e4rf\u00f6r tog Greenpeace aktivister milj\u00f6departementets skylt strax innan det lades ner. Det \u00e4r numera en symbol f\u00f6r oss som bryr oss om att skapa en dr\u00e4glig framtid f\u00f6r v\u00e5ra barn, och f\u00f6r en levande natur \u00e4ven i framtiden. S\u00e5 l\u00e4nge som milj\u00f6n och klimatet inte prioriteras tillr\u00e4ckligt f\u00f6r att kunna s\u00e4kerst\u00e4lla en h\u00e5llbar framtid f\u00f6r alla kommer vi att forts\u00e4tta k\u00e4mpa. \u00c4r du med oss? Skriv under f\u00f6r att klimatet ska s\u00e4tta ramen f\u00f6r politiska beslut!<\/p>\n<\/div>\n\n\n\n<div class=\"wp-block-column is-layout-flow wp-block-column-is-layout-flow\" style=\"flex-basis:51%\">\n<figure class=\"wp-block-embed is-type-video is-provider-youtube wp-block-embed-youtube wp-embed-aspect-16-9 wp-has-aspect-ratio\"><div class=\"wp-block-embed__wrapper\">\n<iframe loading=\"lazy\" title=\"\ud83d\udce2\u270a\ud83c\udffd MILJ\u00d6DEPARTEMENTET TILLH\u00d6R FOLKET\" width=\"500\" height=\"281\" src=\"https:\/\/www.youtube.com\/embed\/WIJAnCFgowQ?feature=oembed\" frameborder=\"0\" allow=\"accelerometer; autoplay; clipboard-write; encrypted-media; gyroscope; picture-in-picture; web-share\" referrerpolicy=\"strict-origin-when-cross-origin\" allowfullscreen><\/iframe>\n<\/div><\/figure>\n<\/div>\n<\/div>\n\n\n\n<div style=\"height:50px\" aria-hidden=\"true\" id=\"vad-kan-du-gora\" class=\"wp-block-spacer\"><\/div>\n\n\n\n<div class=\"wp-block-query mb-0 actions-list p4-query-loop is-custom-layout-carousel is-layout-flex wp-block-query-is-layout-flex\">\n<h2 class=\"wp-block-heading\">Vad kan du g\u00f6ra<\/h2>\n\n\n\n<p style=\"margin-top:24px;margin-bottom:32px\">&#8211; Engagera dig i Greenpeace eller en annan organisation och hj\u00e4lp till att mobilisera f\u00f6r en f\u00f6r\u00e4ndring!<br>&#8211; Prata om klimatet och inspirera andra till handling. Prata med dina v\u00e4nner, familj och kollegor om hoten mot klimat och milj\u00f6. Kunskap \u00e4r ett viktigt steg f\u00f6r engagera sig.<br>&#8211; Donera pengar till Greenpeace arbete f\u00f6r klimatet<\/p>\n\n\n\n\n<ul class=\"wp-block-post-template is-layout-flow wp-block-post-template-is-layout-flow\"><li class=\"wp-block-post post-65504 page type-page status-publish has-post-thumbnail hentry category-klimat tag-systemomstallning\">\n<figure class=\"wp-block-post-featured-image\"><img loading=\"lazy\" decoding=\"async\" width=\"1200\" height=\"800\" src=\"https:\/\/www.greenpeace.org\/static\/planet4-sweden-stateless\/2026\/01\/d70ef2de-gp0stpg7f.jpg\" class=\"attachment-post-thumbnail size-post-thumbnail wp-post-image wp-stateless-item\" alt=\"COP21: Climate March in Oslo. \u00a9 Monica L\u00f8vdahl \/ Greenpeace\" style=\"object-fit:cover;\" srcset=\"https:\/\/www.greenpeace.org\/static\/planet4-sweden-stateless\/2026\/01\/d70ef2de-gp0stpg7f.jpg 1200w, https:\/\/www.greenpeace.org\/static\/planet4-sweden-stateless\/2026\/01\/d70ef2de-gp0stpg7f-300x200.jpg 300w, https:\/\/www.greenpeace.org\/static\/planet4-sweden-stateless\/2026\/01\/d70ef2de-gp0stpg7f-1024x683.jpg 1024w, https:\/\/www.greenpeace.org\/static\/planet4-sweden-stateless\/2026\/01\/d70ef2de-gp0stpg7f-768x512.jpg 768w, https:\/\/www.greenpeace.org\/static\/planet4-sweden-stateless\/2026\/01\/d70ef2de-gp0stpg7f-510x340.jpg 510w\" sizes=\"auto, (max-width: 1200px) 100vw, 1200px\" data-image-size=\"post-thumbnail\" data-stateless-media-bucket=\"planet4-sweden-stateless\" data-stateless-media-name=\"2026\/01\/d70ef2de-gp0stpg7f.jpg\" \/><\/figure>\n\n\n                <div class=\"wp-block-group group-stretched-link is-layout-flow wp-block-group-is-layout-flow\"><div class=\"wp-block-post-terms\">Klimat<\/div>\n                <h3 class=\"wp-block-post-title\"><a href=\"https:\/\/www.greenpeace.org\/sweden\/agera\/global-uppmaning-till-modig-ledarskap\/\" target=\"_self\" >En global uppmaning till modigt ledarskap<\/a><\/h3>\n                <div class=\"wp-block-post-excerpt\"><p class=\"wp-block-post-excerpt__excerpt\">Skriv under det \u00f6ppna brevet \ud83d\udce9 Nu \u00e4r det dags att v\u00e4lja v\u00e4g. St\u00e5 upp f\u00f6r hopp, solidaritet och ansvar f\u00f6r v\u00e5r gemensamma framtid! <\/p><\/div><\/div>\n                \n\n\n<div class=\"wp-block-group read-more-nav is-layout-flow wp-block-group-is-layout-flow\"><a href=\"https:\/\/www.greenpeace.org\/sweden\/agera\/global-uppmaning-till-modig-ledarskap\/\" class=\"btn btn-primary btn-small\" aria-label=\"Engagera dig\">Engagera dig<\/a><\/div>\n\n<\/li><li class=\"wp-block-post post-60055 page type-page status-publish has-post-thumbnail hentry category-skog tag-skyddaskogen tag-biodiversitet tag-sapmi tag-svenskpolitik\">\n<figure class=\"wp-block-post-featured-image\"><img loading=\"lazy\" decoding=\"async\" width=\"2560\" height=\"1438\" src=\"https:\/\/www.greenpeace.org\/static\/planet4-sweden-stateless\/2024\/04\/7b848a84-gp0str3as-scaled.jpg\" class=\"attachment-post-thumbnail size-post-thumbnail wp-post-image wp-stateless-item\" alt=\"\" style=\"object-fit:cover;\" srcset=\"https:\/\/www.greenpeace.org\/static\/planet4-sweden-stateless\/2024\/04\/7b848a84-gp0str3as-scaled.jpg 2560w, https:\/\/www.greenpeace.org\/static\/planet4-sweden-stateless\/2024\/04\/7b848a84-gp0str3as-300x169.jpg 300w, https:\/\/www.greenpeace.org\/static\/planet4-sweden-stateless\/2024\/04\/7b848a84-gp0str3as-1024x575.jpg 1024w, https:\/\/www.greenpeace.org\/static\/planet4-sweden-stateless\/2024\/04\/7b848a84-gp0str3as-768x432.jpg 768w, https:\/\/www.greenpeace.org\/static\/planet4-sweden-stateless\/2024\/04\/7b848a84-gp0str3as-1536x863.jpg 1536w, https:\/\/www.greenpeace.org\/static\/planet4-sweden-stateless\/2024\/04\/7b848a84-gp0str3as-2048x1151.jpg 2048w, https:\/\/www.greenpeace.org\/static\/planet4-sweden-stateless\/2024\/04\/7b848a84-gp0str3as-510x287.jpg 510w\" sizes=\"auto, (max-width: 2560px) 100vw, 2560px\" data-image-size=\"post-thumbnail\" data-stateless-media-bucket=\"planet4-sweden-stateless\" data-stateless-media-name=\"2024\/04\/7b848a84-gp0str3as-scaled.jpg\" \/><\/figure>\n\n\n                <div class=\"wp-block-group group-stretched-link is-layout-flow wp-block-group-is-layout-flow\"><div class=\"wp-block-post-terms\">Skog<\/div>\n                <h3 class=\"wp-block-post-title\"><a href=\"https:\/\/www.greenpeace.org\/sweden\/agera\/var-med-nar-vi-utser-sveriges-fulaste-kalhygge\/\" target=\"_self\" >Var med n\u00e4r vi utser Sveriges fulaste kalhygge<\/a><\/h3>\n                <div class=\"wp-block-post-excerpt\"><p class=\"wp-block-post-excerpt__excerpt\">I protest mot det oh\u00e5llbara skogsbruket ska Greenpeace utse Sveriges fulaste kalhygge med hj\u00e4lp av allm\u00e4nheten. <\/p><\/div><\/div>\n                \n\n\n<div class=\"wp-block-group read-more-nav is-layout-flow wp-block-group-is-layout-flow\"><a href=\"https:\/\/www.greenpeace.org\/sweden\/agera\/var-med-nar-vi-utser-sveriges-fulaste-kalhygge\/\" class=\"btn btn-primary btn-small\" aria-label=\"Engagera dig\">Engagera dig<\/a><\/div>\n\n<\/li><li class=\"wp-block-post post-57484 page type-page status-publish has-post-thumbnail hentry category-greenpeace category-klimat tag-aktivism tag-svenskpolitik tag-matproduktion\">\n<figure class=\"wp-block-post-featured-image\"><img loading=\"lazy\" decoding=\"async\" width=\"1000\" height=\"700\" src=\"https:\/\/www.greenpeace.org\/static\/planet4-sweden-stateless\/2024\/03\/36892a54-1000x700_1sveriges-kommuner-mat.jpg\" class=\"attachment-post-thumbnail size-post-thumbnail wp-post-image wp-stateless-item\" alt=\"\" style=\"object-fit:cover;\" srcset=\"https:\/\/www.greenpeace.org\/static\/planet4-sweden-stateless\/2024\/03\/36892a54-1000x700_1sveriges-kommuner-mat.jpg 1000w, https:\/\/www.greenpeace.org\/static\/planet4-sweden-stateless\/2024\/03\/36892a54-1000x700_1sveriges-kommuner-mat-300x210.jpg 300w, https:\/\/www.greenpeace.org\/static\/planet4-sweden-stateless\/2024\/03\/36892a54-1000x700_1sveriges-kommuner-mat-768x538.jpg 768w, https:\/\/www.greenpeace.org\/static\/planet4-sweden-stateless\/2024\/03\/36892a54-1000x700_1sveriges-kommuner-mat-486x340.jpg 486w\" sizes=\"auto, (max-width: 1000px) 100vw, 1000px\" data-image-size=\"post-thumbnail\" data-stateless-media-bucket=\"planet4-sweden-stateless\" data-stateless-media-name=\"2024\/03\/36892a54-1000x700_1sveriges-kommuner-mat.jpg\" \/><\/figure>\n\n\n                <div class=\"wp-block-group group-stretched-link is-layout-flow wp-block-group-is-layout-flow\"><div class=\"wp-block-post-terms\">Greenpeace<\/div>\n                <h3 class=\"wp-block-post-title\"><a href=\"https:\/\/www.greenpeace.org\/sweden\/agera\/sta-upp-for-klimatkrav-inom-offentlig-sektor-och-battre-kost-for-sveriges-kommuner\/\" target=\"_self\" >St\u00e5 upp f\u00f6r klimatkrav inom offentlig sektor och b\u00e4ttre kost f\u00f6r sveriges kommuner<\/a><\/h3>\n                <div class=\"wp-block-post-excerpt\"><p class=\"wp-block-post-excerpt__excerpt\">N\u00e4r regeringen sviker beh\u00f6ver vi medborgare f\u00e5 svenska kommuner att g\u00f6ra mer f\u00f6r klimatet! Hur ser det ut i just din kommun? Kolla in h\u00e4r och hitta v\u00e5ra enkla verktyg d\u00e4r du kan p\u00e5verka. <\/p><\/div><\/div>\n                \n\n\n<div class=\"wp-block-group read-more-nav is-layout-flow wp-block-group-is-layout-flow\"><a href=\"https:\/\/www.greenpeace.org\/sweden\/agera\/sta-upp-for-klimatkrav-inom-offentlig-sektor-och-battre-kost-for-sveriges-kommuner\/\" class=\"btn btn-primary btn-small\" aria-label=\"Engagera dig\">Engagera dig<\/a><\/div>\n\n<\/li><li class=\"wp-block-post post-645 page type-page status-publish has-post-thumbnail hentry category-hav tag-marinaskyddadeomraden tag-overfiske tag-svenskpolitik\">\n<figure class=\"wp-block-post-featured-image\"><img loading=\"lazy\" decoding=\"async\" width=\"900\" height=\"300\" src=\"https:\/\/www.greenpeace.org\/static\/planet4-sweden-stateless\/2025\/02\/38acdb55-900x300_split-ud-trawling.jpg\" class=\"attachment-post-thumbnail size-post-thumbnail wp-post-image wp-stateless-item\" alt=\"\" style=\"object-fit:cover;\" srcset=\"https:\/\/www.greenpeace.org\/static\/planet4-sweden-stateless\/2025\/02\/38acdb55-900x300_split-ud-trawling.jpg 900w, https:\/\/www.greenpeace.org\/static\/planet4-sweden-stateless\/2025\/02\/38acdb55-900x300_split-ud-trawling-300x100.jpg 300w, https:\/\/www.greenpeace.org\/static\/planet4-sweden-stateless\/2025\/02\/38acdb55-900x300_split-ud-trawling-768x256.jpg 768w, https:\/\/www.greenpeace.org\/static\/planet4-sweden-stateless\/2025\/02\/38acdb55-900x300_split-ud-trawling-510x170.jpg 510w\" sizes=\"auto, (max-width: 900px) 100vw, 900px\" data-image-size=\"post-thumbnail\" data-stateless-media-bucket=\"planet4-sweden-stateless\" data-stateless-media-name=\"2025\/02\/38acdb55-900x300_split-ud-trawling.jpg\" \/><\/figure>\n\n\n                <div class=\"wp-block-group group-stretched-link is-layout-flow wp-block-group-is-layout-flow\"><div class=\"wp-block-post-terms\">Hav<\/div>\n                <h3 class=\"wp-block-post-title\"><a href=\"https:\/\/www.greenpeace.org\/sweden\/agera\/skyddahaven\/\" target=\"_self\" >Skydda haven &#8211; ratificera avtalet, Maria!<\/a><\/h3>\n                <div class=\"wp-block-post-excerpt\"><p class=\"wp-block-post-excerpt__excerpt\">Skriv under och kr\u00e4v med oss att v\u00e5r utrikesminister Maria Malmer Stenergard ser till att Sverige fullf\u00f6ljer sitt l\u00f6fte och godk\u00e4nner avtalet. Skydda haven, Maria! <\/p><\/div><\/div>\n                \n\n\n<div class=\"wp-block-group read-more-nav is-layout-flow wp-block-group-is-layout-flow\"><a href=\"https:\/\/www.greenpeace.org\/sweden\/agera\/skyddahaven\/\" class=\"btn btn-primary btn-small\" aria-label=\"Engagera dig\">Engagera dig<\/a><\/div>\n\n<\/li><li class=\"wp-block-post post-53374 page type-page status-publish has-post-thumbnail hentry category-energi category-hav category-klimat category-skog tag-globaluppvarmning tag-hallbarenergi tag-svenskpolitik\">\n<figure class=\"wp-block-post-featured-image\"><img loading=\"lazy\" decoding=\"async\" width=\"926\" height=\"506\" src=\"https:\/\/www.greenpeace.org\/static\/planet4-sweden-stateless\/2023\/01\/e6581203-bild-till-politik-petition3.png\" class=\"attachment-post-thumbnail size-post-thumbnail wp-post-image wp-stateless-item\" alt=\"\" style=\"object-fit:cover;\" srcset=\"https:\/\/www.greenpeace.org\/static\/planet4-sweden-stateless\/2023\/01\/e6581203-bild-till-politik-petition3.png 926w, https:\/\/www.greenpeace.org\/static\/planet4-sweden-stateless\/2023\/01\/e6581203-bild-till-politik-petition3-300x164.png 300w, https:\/\/www.greenpeace.org\/static\/planet4-sweden-stateless\/2023\/01\/e6581203-bild-till-politik-petition3-768x420.png 768w, https:\/\/www.greenpeace.org\/static\/planet4-sweden-stateless\/2023\/01\/e6581203-bild-till-politik-petition3-510x279.png 510w\" sizes=\"auto, (max-width: 926px) 100vw, 926px\" data-image-size=\"post-thumbnail\" data-stateless-media-bucket=\"planet4-sweden-stateless\" data-stateless-media-name=\"2023\/01\/e6581203-bild-till-politik-petition3.png\" \/><\/figure>\n\n\n                <div class=\"wp-block-group group-stretched-link is-layout-flow wp-block-group-is-layout-flow\"><div class=\"wp-block-post-terms\">Energi<\/div>\n                <h3 class=\"wp-block-post-title\"><a href=\"https:\/\/www.greenpeace.org\/sweden\/agera\/krav-en-ambitios-och-omfattande-miljopolitik\/\" target=\"_self\" >Kr\u00e4v en ambiti\u00f6s och omfattande milj\u00f6politik<\/a><\/h3>\n                <div class=\"wp-block-post-excerpt\"><p class=\"wp-block-post-excerpt__excerpt\">Ist\u00e4llet f\u00f6r att l\u00e4gga ned milj\u00f6departementet och g\u00f6ra det underst\u00e4llt n\u00e4ringsdepartementet m\u00e5ste regeringen se till att klimat- och milj\u00f6fr\u00e5gor \u00e4r det som s\u00e4tter ramarna f\u00f6r alla politikomr\u00e5den inte minst g\u00e4ller detta n\u00e4ringslivsfr\u00e5gor. <\/p><\/div><\/div>\n                \n\n\n<div class=\"wp-block-group read-more-nav is-layout-flow wp-block-group-is-layout-flow\"><a href=\"https:\/\/www.greenpeace.org\/sweden\/agera\/krav-en-ambitios-och-omfattande-miljopolitik\/\" class=\"btn btn-primary btn-small\" aria-label=\"Engagera dig\">Engagera dig<\/a><\/div>\n\n<\/li><li class=\"wp-block-post post-52992 page type-page status-publish has-post-thumbnail hentry category-energi category-klimat tag-bioenergi tag-falskmarknadsforing tag-hallbarenergi tag-globaluppvarmning tag-svenskpolitik\">\n<figure class=\"wp-block-post-featured-image\"><img loading=\"lazy\" decoding=\"async\" width=\"800\" height=\"533\" src=\"https:\/\/www.greenpeace.org\/static\/planet4-sweden-stateless\/2022\/11\/15514195-gp1sy3eu_web_size.jpg\" class=\"attachment-post-thumbnail size-post-thumbnail wp-post-image wp-stateless-item\" alt=\"\" style=\"object-fit:cover;\" srcset=\"https:\/\/www.greenpeace.org\/static\/planet4-sweden-stateless\/2022\/11\/15514195-gp1sy3eu_web_size.jpg 800w, https:\/\/www.greenpeace.org\/static\/planet4-sweden-stateless\/2022\/11\/15514195-gp1sy3eu_web_size-300x200.jpg 300w, https:\/\/www.greenpeace.org\/static\/planet4-sweden-stateless\/2022\/11\/15514195-gp1sy3eu_web_size-768x512.jpg 768w, https:\/\/www.greenpeace.org\/static\/planet4-sweden-stateless\/2022\/11\/15514195-gp1sy3eu_web_size-510x340.jpg 510w\" sizes=\"auto, (max-width: 800px) 100vw, 800px\" data-image-size=\"post-thumbnail\" data-stateless-media-bucket=\"planet4-sweden-stateless\" data-stateless-media-name=\"2022\/11\/15514195-gp1sy3eu_web_size.jpg\" \/><\/figure>\n\n\n                <div class=\"wp-block-group group-stretched-link is-layout-flow wp-block-group-is-layout-flow\"><div class=\"wp-block-post-terms\">Energi<\/div>\n                <h3 class=\"wp-block-post-title\"><a href=\"https:\/\/www.greenpeace.org\/sweden\/agera\/stoppa-biobranslebluffen\/\" target=\"_self\" >Skriv under f\u00f6r att syna biobr\u00e4nslebluffen<\/a><\/h3>\n                <div class=\"wp-block-post-excerpt\"><p class=\"wp-block-post-excerpt__excerpt\">P\u00e5 pappret ser det ut som att Sverige stadigt minskat utsl\u00e4ppen sedan 1990, men det \u00e4r en bluff. Vi har bara bytt ut v\u00e5ra fossila utsl\u00e4pp till biogena \u2013 var med och syna den falska klimatl\u00f6sningen! <\/p><\/div><\/div>\n                \n\n\n<div class=\"wp-block-group read-more-nav is-layout-flow wp-block-group-is-layout-flow\"><a href=\"https:\/\/www.greenpeace.org\/sweden\/agera\/stoppa-biobranslebluffen\/\" class=\"btn btn-primary btn-small\" aria-label=\"Engagera dig\">Engagera dig<\/a><\/div>\n\n<\/li><li class=\"wp-block-post post-47565 page type-page status-publish has-post-thumbnail hentry category-klimat tag-systemomstallning tag-livsstil\">\n<figure class=\"wp-block-post-featured-image\"><img loading=\"lazy\" decoding=\"async\" width=\"1500\" height=\"722\" src=\"https:\/\/www.greenpeace.org\/static\/planet4-sweden-stateless\/2022\/01\/b0569210-systemskiftet_webbanner_1-scaled-e1644918053750.jpg\" class=\"attachment-post-thumbnail size-post-thumbnail wp-post-image wp-stateless-item\" alt=\"\" style=\"object-fit:cover;\" data-image-size=\"post-thumbnail\" data-stateless-media-bucket=\"planet4-sweden-stateless\" data-stateless-media-name=\"2022\/01\/b0569210-systemskiftet_webbanner_1-scaled-e1644918053750.jpg\" \/><\/figure>\n\n\n                <div class=\"wp-block-group group-stretched-link is-layout-flow wp-block-group-is-layout-flow\"><div class=\"wp-block-post-terms\">Klimat<\/div>\n                <h3 class=\"wp-block-post-title\"><a href=\"https:\/\/www.greenpeace.org\/sweden\/agera\/greenpeace-podcast-systemskiftet\/\" target=\"_self\" >Greenpeace podcast Systemskiftet<\/a><\/h3>\n                <div class=\"wp-block-post-excerpt\"><p class=\"wp-block-post-excerpt__excerpt\">L\u00e4gg upp en bild eller video i dina sociala mediekanaler och skriv eller ber\u00e4tta om ditt b\u00e4sta minne fr\u00e5n havet och tagga Greenpeace Sverige i inl\u00e4gget. <\/p><\/div><\/div>\n                \n\n\n<div class=\"wp-block-group read-more-nav is-layout-flow wp-block-group-is-layout-flow\"><a href=\"https:\/\/www.greenpeace.org\/sweden\/agera\/greenpeace-podcast-systemskiftet\/\" class=\"btn btn-primary btn-small\" aria-label=\"Engagera dig\">Engagera dig<\/a><\/div>\n\n<\/li><li class=\"wp-block-post post-4550 page type-page status-publish has-post-thumbnail hentry category-klimat tag-globaluppvarmning tag-svenskpolitik tag-ipcc tag-parisavtalet\">\n<figure class=\"wp-block-post-featured-image\"><img loading=\"lazy\" decoding=\"async\" width=\"800\" height=\"571\" src=\"https:\/\/www.greenpeace.org\/static\/planet4-sweden-stateless\/2023\/08\/570cb4b0-gp0stxarj_web_size.jpg\" class=\"attachment-post-thumbnail size-post-thumbnail wp-post-image wp-stateless-item\" alt=\"\u00d6vervsv\u00e4mningar i Slovenien. Augusti 2023.\" style=\"object-fit:cover;\" srcset=\"https:\/\/www.greenpeace.org\/static\/planet4-sweden-stateless\/2023\/08\/570cb4b0-gp0stxarj_web_size.jpg 800w, https:\/\/www.greenpeace.org\/static\/planet4-sweden-stateless\/2023\/08\/570cb4b0-gp0stxarj_web_size-300x214.jpg 300w, https:\/\/www.greenpeace.org\/static\/planet4-sweden-stateless\/2023\/08\/570cb4b0-gp0stxarj_web_size-768x548.jpg 768w, https:\/\/www.greenpeace.org\/static\/planet4-sweden-stateless\/2023\/08\/570cb4b0-gp0stxarj_web_size-476x340.jpg 476w\" sizes=\"auto, (max-width: 800px) 100vw, 800px\" data-image-size=\"post-thumbnail\" data-stateless-media-bucket=\"planet4-sweden-stateless\" data-stateless-media-name=\"2023\/08\/570cb4b0-gp0stxarj_web_size.jpg\" \/><\/figure>\n\n\n                <div class=\"wp-block-group group-stretched-link is-layout-flow wp-block-group-is-layout-flow\"><div class=\"wp-block-post-terms\">Klimat<\/div>\n                <h3 class=\"wp-block-post-title\"><a href=\"https:\/\/www.greenpeace.org\/sweden\/agera\/klimatkrisen\/\" target=\"_self\" >Klimatkrisen &#8211; kr\u00e4v att politikerna agerar!<\/a><\/h3>\n                <div class=\"wp-block-post-excerpt\"><p class=\"wp-block-post-excerpt__excerpt\">Kr\u00e4v att v\u00e4rldens ledare agerar mot klimatkrisen. Forskningen \u00e4r tydlig \u2013 vi m\u00e5ste sluta investera i det som f\u00f6rst\u00f6r v\u00e5r planet. G\u00f6r din r\u00f6st h\u00f6rd och kr\u00e4v en politik f\u00f6r framtiden! <\/p><\/div><\/div>\n                \n\n\n<div class=\"wp-block-group read-more-nav is-layout-flow wp-block-group-is-layout-flow\"><a href=\"https:\/\/www.greenpeace.org\/sweden\/agera\/klimatkrisen\/\" class=\"btn btn-primary btn-small\" aria-label=\"Engagera dig\">Engagera dig<\/a><\/div>\n\n<\/li><\/ul>\n\n\n<div class=\"wp-block-buttons carousel-controls is-horizontal is-content-justification-space-between is-nowrap is-layout-flex wp-container-core-buttons-is-layout-044bd602 wp-block-buttons-is-layout-flex\">\n<div class=\"wp-block-button carousel-control-prev\"><button type=\"button\" class=\"wp-block-button__link wp-element-button\">Prev<\/button><\/div>\n\n\n\n<div class=\"wp-block-button carousel-control-next\"><button type=\"button\" class=\"wp-block-button__link wp-element-button\">Next<\/button><\/div>\n<\/div>\n\n\n\n<div class=\"wp-block-buttons load-more-actions-container is-content-justification-center is-layout-flex wp-container-core-buttons-is-layout-16018d1d wp-block-buttons-is-layout-flex\">\n<div class=\"wp-block-button is-style-secondary\"><button type=\"button\" class=\"wp-block-button__link wp-element-button\">Load more<\/button><\/div>\n<\/div>\n<\/div>\n\n\n\n<div style=\"height:10px\" aria-hidden=\"true\" id=\"senaste-nytt\" class=\"wp-block-spacer\"><\/div>\n\n\n\n<div class=\"wp-block-query posts-list p4-query-loop is-custom-layout-list is-layout-flow wp-block-query-is-layout-flow\">\n<div class=\"wp-block-group is-content-justification-space-between is-layout-flex wp-container-core-group-is-layout-3d213aab wp-block-group-is-layout-flex\">\n<h2 class=\"wp-block-heading\">Senaste nytt<\/h2>\n<\/div>\n\n\n\n<p style=\"margin-top:24px;margin-bottom:36px\"><\/p>\n\n\n\n\n<ul class=\"wp-block-post-template is-layout-flow wp-block-post-template-is-layout-flow\"><li class=\"wp-block-post post-66104 post type-post status-publish format-standard has-post-thumbnail hentry category-energi category-fred category-greenpeace tag-omgreenpeace tag-hallbarenergi tag-systemomstallning p4-page-type-artiklar\">\n\n<div class=\"wp-block-columns is-layout-flex wp-container-core-columns-is-layout-9d6595d7 wp-block-columns-is-layout-flex\"><figure class=\"wp-block-post-featured-image\"><a href=\"https:\/\/www.greenpeace.org\/sweden\/artiklar\/greenpeace\/man-kan-inte-spranga-solen-fyra-sakerhetspolitiska-skal-att-stalla-om\/\" target=\"_self\"  ><img loading=\"lazy\" decoding=\"async\" width=\"1200\" height=\"900\" src=\"https:\/\/www.greenpeace.org\/static\/planet4-sweden-stateless\/2026\/03\/b147202a-gp0strupw.jpg\" class=\"attachment-post-thumbnail size-post-thumbnail wp-post-image wp-stateless-item\" alt=\"Man kan inte spr\u00e4nga solen \u2013 fyra s\u00e4kerhetspolitiska sk\u00e4l att st\u00e4lla om\" style=\"object-fit:cover;\" srcset=\"https:\/\/www.greenpeace.org\/static\/planet4-sweden-stateless\/2026\/03\/b147202a-gp0strupw.jpg 1200w, https:\/\/www.greenpeace.org\/static\/planet4-sweden-stateless\/2026\/03\/b147202a-gp0strupw-300x225.jpg 300w, https:\/\/www.greenpeace.org\/static\/planet4-sweden-stateless\/2026\/03\/b147202a-gp0strupw-1024x768.jpg 1024w, https:\/\/www.greenpeace.org\/static\/planet4-sweden-stateless\/2026\/03\/b147202a-gp0strupw-768x576.jpg 768w, https:\/\/www.greenpeace.org\/static\/planet4-sweden-stateless\/2026\/03\/b147202a-gp0strupw-453x340.jpg 453w\" sizes=\"auto, (max-width: 1200px) 100vw, 1200px\" data-image-size=\"post-thumbnail\" data-stateless-media-bucket=\"planet4-sweden-stateless\" data-stateless-media-name=\"2026\/03\/b147202a-gp0strupw.jpg\" \/><\/a><\/figure>\n\n\n<div class=\"wp-block-group is-layout-flow wp-block-group-is-layout-flow\">\n<div class=\"wp-block-group is-layout-flex wp-block-group-is-layout-flex\"><div class=\"wp-block-post-terms\"><a href=\"https:\/\/www.greenpeace.org\/sweden\/kategori\/energi\/\">Energi<\/a><\/div>\n\n<div class=\"taxonomy-post_tag wp-block-post-terms\"><a href=\"https:\/\/www.greenpeace.org\/sweden\/tag\/omgreenpeace\/\" rel=\"tag\">omgreenpeace<\/a><span class=\"wp-block-post-terms__separator\"> <\/span><a href=\"https:\/\/www.greenpeace.org\/sweden\/tag\/hallbarenergi\/\" rel=\"tag\">h\u00e5llbarenergi<\/a><span class=\"wp-block-post-terms__separator\"> <\/span><a href=\"https:\/\/www.greenpeace.org\/sweden\/tag\/systemomstallning\/\" rel=\"tag\">systemomst\u00e4llning<\/a><\/div><\/div>\n\n\n<h3 class=\"wp-block-post-title\"><a href=\"https:\/\/www.greenpeace.org\/sweden\/artiklar\/greenpeace\/man-kan-inte-spranga-solen-fyra-sakerhetspolitiska-skal-att-stalla-om\/\" target=\"_self\" >Man kan inte spr\u00e4nga solen \u2013 fyra s\u00e4kerhetspolitiska sk\u00e4l att st\u00e4lla om<\/a><\/h3>\n\n<div class=\"wp-block-post-excerpt\"><p class=\"wp-block-post-excerpt__excerpt\">Jag genomlever nu mitt fj\u00e4rde krig under mina fyra decennier p\u00e5 den h\u00e4r planeten. <\/p><\/div>\n\n\n<div class=\"wp-block-group posts-list-meta is-layout-flow wp-block-group-is-layout-flow\"><span class='article-list-item-author'><a href='https:\/\/www.greenpeace.org\/sweden\/author\/gp_sweden\/'>Greenpeace Sverige<\/a><\/span>\n\n<div class=\"wp-block-post-date\"><time datetime=\"2026-03-26T08:57:17+01:00\">mars 26, 2026<\/time><\/div><\/div>\n<\/div>\n<\/div>\n\n<\/li><li class=\"wp-block-post post-65327 post type-post status-publish format-standard has-post-thumbnail hentry category-greenpeace category-klimat category-skog tag-parisavtalet tag-regnskog tag-fossilenergi tag-globaluppvarmning p4-page-type-artiklar\">\n\n<div class=\"wp-block-columns is-layout-flex wp-container-core-columns-is-layout-9d6595d7 wp-block-columns-is-layout-flex\"><figure class=\"wp-block-post-featured-image\"><a href=\"https:\/\/www.greenpeace.org\/sweden\/artiklar\/greenpeace\/cop30-ett-svek-mot-vart-gemensamma-hem\/\" target=\"_self\"  ><img loading=\"lazy\" decoding=\"async\" width=\"1200\" height=\"800\" src=\"https:\/\/www.greenpeace.org\/static\/planet4-sweden-stateless\/2025\/11\/8d3617b6-gp0su7etc.jpg\" class=\"attachment-post-thumbnail size-post-thumbnail wp-post-image wp-stateless-item\" alt=\"COP30 \u2013 ett svek mot v\u00e5rt gemensamma hem\u00a0\" style=\"object-fit:cover;\" srcset=\"https:\/\/www.greenpeace.org\/static\/planet4-sweden-stateless\/2025\/11\/8d3617b6-gp0su7etc.jpg 1200w, https:\/\/www.greenpeace.org\/static\/planet4-sweden-stateless\/2025\/11\/8d3617b6-gp0su7etc-300x200.jpg 300w, https:\/\/www.greenpeace.org\/static\/planet4-sweden-stateless\/2025\/11\/8d3617b6-gp0su7etc-1024x683.jpg 1024w, https:\/\/www.greenpeace.org\/static\/planet4-sweden-stateless\/2025\/11\/8d3617b6-gp0su7etc-768x512.jpg 768w, https:\/\/www.greenpeace.org\/static\/planet4-sweden-stateless\/2025\/11\/8d3617b6-gp0su7etc-510x340.jpg 510w\" sizes=\"auto, (max-width: 1200px) 100vw, 1200px\" data-image-size=\"post-thumbnail\" data-stateless-media-bucket=\"planet4-sweden-stateless\" data-stateless-media-name=\"2025\/11\/8d3617b6-gp0su7etc.jpg\" \/><\/a><\/figure>\n\n\n<div class=\"wp-block-group is-layout-flow wp-block-group-is-layout-flow\">\n<div class=\"wp-block-group is-layout-flex wp-block-group-is-layout-flex\"><div class=\"wp-block-post-terms\"><a href=\"https:\/\/www.greenpeace.org\/sweden\/kategori\/greenpeace\/\">Greenpeace<\/a><\/div>\n\n<div class=\"taxonomy-post_tag wp-block-post-terms\"><a href=\"https:\/\/www.greenpeace.org\/sweden\/tag\/parisavtalet\/\" rel=\"tag\">parisavtalet<\/a><span class=\"wp-block-post-terms__separator\"> <\/span><a href=\"https:\/\/www.greenpeace.org\/sweden\/tag\/regnskog\/\" rel=\"tag\">regnskog<\/a><span class=\"wp-block-post-terms__separator\"> <\/span><a href=\"https:\/\/www.greenpeace.org\/sweden\/tag\/fossilenergi\/\" rel=\"tag\">fossilenergi<\/a><span class=\"wp-block-post-terms__separator\"> <\/span><a href=\"https:\/\/www.greenpeace.org\/sweden\/tag\/globaluppvarmning\/\" rel=\"tag\">globaluppv\u00e4rmning<\/a><\/div><\/div>\n\n\n<h3 class=\"wp-block-post-title\"><a href=\"https:\/\/www.greenpeace.org\/sweden\/artiklar\/greenpeace\/cop30-ett-svek-mot-vart-gemensamma-hem\/\" target=\"_self\" >COP30 \u2013 ett svek mot v\u00e5rt gemensamma hem\u00a0<\/a><\/h3>\n\n<div class=\"wp-block-post-excerpt\"><p class=\"wp-block-post-excerpt__excerpt\">COP30 avslutades officiellt p\u00e5 fredagskv\u00e4llen och det stod tidigt klart att detta var \u00e4nnu ett svek mot den planeten vi alla bor p\u00e5, v\u00e5rt gemensamma hem. Trots att m\u00f6tet markerade&hellip; <\/p><\/div>\n\n\n<div class=\"wp-block-group posts-list-meta is-layout-flow wp-block-group-is-layout-flow\"><span class='article-list-item-author'><a href='https:\/\/www.greenpeace.org\/sweden\/author\/slamborn\/'>Sandra Lamborn<\/a><\/span>\n\n<div class=\"wp-block-post-date\"><time datetime=\"2025-11-24T17:30:09+01:00\">november 24, 2025<\/time><\/div><\/div>\n<\/div>\n<\/div>\n\n<\/li><li class=\"wp-block-post post-64704 post type-post status-publish format-standard has-post-thumbnail hentry category-skog tag-skyddaskogen tag-parisavtalet tag-biodiversitet p4-page-type-artiklar\">\n\n<div class=\"wp-block-columns is-layout-flex wp-container-core-columns-is-layout-9d6595d7 wp-block-columns-is-layout-flex\"><figure class=\"wp-block-post-featured-image\"><a href=\"https:\/\/www.greenpeace.org\/sweden\/artiklar\/skog\/handlingsplan-for-varldens-skogar\/\" target=\"_self\"  ><img loading=\"lazy\" decoding=\"async\" width=\"1080\" height=\"1080\" src=\"https:\/\/www.greenpeace.org\/static\/planet4-sweden-stateless\/2025\/09\/bae63592-1080x1080_forest-destruction.jpg\" class=\"attachment-post-thumbnail size-post-thumbnail wp-post-image wp-stateless-item\" alt=\"Handlingsplan f\u00f6r v\u00e4rldens skogar\" style=\"object-fit:cover;\" srcset=\"https:\/\/www.greenpeace.org\/static\/planet4-sweden-stateless\/2025\/09\/bae63592-1080x1080_forest-destruction.jpg 1080w, https:\/\/www.greenpeace.org\/static\/planet4-sweden-stateless\/2025\/09\/bae63592-1080x1080_forest-destruction-300x300.jpg 300w, https:\/\/www.greenpeace.org\/static\/planet4-sweden-stateless\/2025\/09\/bae63592-1080x1080_forest-destruction-1024x1024.jpg 1024w, https:\/\/www.greenpeace.org\/static\/planet4-sweden-stateless\/2025\/09\/bae63592-1080x1080_forest-destruction-150x150.jpg 150w, https:\/\/www.greenpeace.org\/static\/planet4-sweden-stateless\/2025\/09\/bae63592-1080x1080_forest-destruction-768x768.jpg 768w, https:\/\/www.greenpeace.org\/static\/planet4-sweden-stateless\/2025\/09\/bae63592-1080x1080_forest-destruction-340x340.jpg 340w\" sizes=\"auto, (max-width: 1080px) 100vw, 1080px\" data-image-size=\"post-thumbnail\" data-stateless-media-bucket=\"planet4-sweden-stateless\" data-stateless-media-name=\"2025\/09\/bae63592-1080x1080_forest-destruction.jpg\" \/><\/a><\/figure>\n\n\n<div class=\"wp-block-group is-layout-flow wp-block-group-is-layout-flow\">\n<div class=\"wp-block-group is-layout-flex wp-block-group-is-layout-flex\"><div class=\"wp-block-post-terms\"><a href=\"https:\/\/www.greenpeace.org\/sweden\/kategori\/skog\/\">Skog<\/a><\/div>\n\n<div class=\"taxonomy-post_tag wp-block-post-terms\"><a href=\"https:\/\/www.greenpeace.org\/sweden\/tag\/skyddaskogen\/\" rel=\"tag\">skyddaskogen<\/a><span class=\"wp-block-post-terms__separator\"> <\/span><a href=\"https:\/\/www.greenpeace.org\/sweden\/tag\/parisavtalet\/\" rel=\"tag\">parisavtalet<\/a><span class=\"wp-block-post-terms__separator\"> <\/span><a href=\"https:\/\/www.greenpeace.org\/sweden\/tag\/biodiversitet\/\" rel=\"tag\">biodiversitet<\/a><\/div><\/div>\n\n\n<h3 class=\"wp-block-post-title\"><a href=\"https:\/\/www.greenpeace.org\/sweden\/artiklar\/skog\/handlingsplan-for-varldens-skogar\/\" target=\"_self\" >Handlingsplan f\u00f6r v\u00e4rldens skogar<\/a><\/h3>\n\n<div class=\"wp-block-post-excerpt\"><p class=\"wp-block-post-excerpt__excerpt\">Parisavtalet har hyllats som en viktig milstolpe i den internationella klimatpolitiken. <\/p><\/div>\n\n\n<div class=\"wp-block-group posts-list-meta is-layout-flow wp-block-group-is-layout-flow\"><span class='article-list-item-author'>Greenpeace Sverige<\/span>\n\n<div class=\"wp-block-post-date\"><time datetime=\"2025-11-18T15:44:59+01:00\">november 18, 2025<\/time><\/div><\/div>\n<\/div>\n<\/div>\n\n<\/li><\/ul>\n\n\n<div class=\"wp-block-buttons carousel-controls is-horizontal is-content-justification-space-between is-nowrap is-layout-flex wp-container-core-buttons-is-layout-044bd602 wp-block-buttons-is-layout-flex\">\n<div class=\"wp-block-button carousel-control-prev\"><button type=\"button\" class=\"wp-block-button__link wp-element-button\">Previous Carousel Slide<\/button><\/div>\n\n\n\n<div class=\"wp-block-button carousel-control-next\"><button type=\"button\" class=\"wp-block-button__link wp-element-button\">Next Carousel Slide<\/button><\/div>\n<\/div>\n\n\n<li class=\" wp-block-navigation-item see-all-link wp-block-navigation-link\"><a class=\"wp-block-navigation-item__content\"  href=\"https:\/\/www.greenpeace.org\/sweden\/nyheter\/?tag=svenskpolitik&#038;post-type=artiklar\"><span class=\"wp-block-navigation-item__label\">L\u00e4s mer h\u00e4r<\/span><\/a><\/li><\/div>\n\n\n\n\n<div class=\"wp-block-group alignfull block has-grey-100-background-color has-background is-layout-flow wp-block-group-is-layout-flow\">\n<div class=\"wp-block-group container is-layout-flow wp-block-group-is-layout-flow\">\n<div style=\"height:24px\" aria-hidden=\"true\" class=\"wp-block-spacer\"><\/div>\n\n\n\n<h3 class=\"wp-block-heading has-text-align-center\">L\u00e4s mer om detta \u00e4mne<\/h3>\n\n\n\n<div style=\"height:24px\" aria-hidden=\"true\" class=\"wp-block-spacer\"><\/div>\n\n\n\n<div class=\"wp-block-columns is-layout-flex wp-container-core-columns-is-layout-9d6595d7 wp-block-columns-is-layout-flex\">\n<div class=\"wp-block-column is-layout-flow wp-block-column-is-layout-flow\">\n<div class=\"wp-block-group group-stretched-link is-layout-flow wp-block-group-is-layout-flow\">\n<figure class=\"wp-block-image aligncenter size-full is-resized force-no-lightbox force-no-caption is-style-rounded-180\"><img loading=\"lazy\" decoding=\"async\" src=\"https:\/\/www.greenpeace.org\/static\/planet4-sweden-stateless\/2023\/02\/86a1c169-climate-change-gp028bb_web_size.jpeg\" title=\"\u00d6vergivna uttorkade odlingsf\u00e4lt i Guangdong-provinsen i Kina.\" alt=\"\u00d6vergivna uttorkade odlingsf\u00e4lt i Guangdong-provinsen i Kina. \" class=\"wp-image-55318\" width=\"180\" height=\"180\"\/><figcaption class=\"wp-element-caption\">Once fertile, these fields outside Gurao in Shantou, have now been abandoned. In Gurao, where the economy is centered around textile production, Greenpeace has found high levels of industrial pollution and has documented the effects on the community.<\/figcaption><\/figure>\n\n\n\n<h5 class=\"wp-block-heading has-text-align-center is-style-chevron\" style=\"font-size:1rem\"><a href=\"https:\/\/www.greenpeace.org\/sweden\/?page_id=54263\">Klimatf\u00f6r\u00e4ndringar<\/a><\/h5>\n\n\n\n<div style=\"height:16px\" aria-hidden=\"true\" class=\"wp-block-spacer\"><\/div>\n<\/div>\n<\/div>\n\n\n\n<div class=\"wp-block-column is-layout-flow wp-block-column-is-layout-flow\">\n<div class=\"wp-block-group group-stretched-link is-layout-flow wp-block-group-is-layout-flow\">\n<figure class=\"wp-block-image aligncenter size-full is-resized force-no-lightbox force-no-caption is-style-rounded-180\"><img loading=\"lazy\" decoding=\"async\" src=\"https:\/\/www.greenpeace.org\/static\/planet4-sweden-stateless\/2020\/06\/578665b4-gp0sts379_web_size_with_credit_line.jpg\" alt=\"Aktivisterna fr\u00e5n Greenpeace har h\u00e4ngt upp tavlor i Tredje AP-fondens m\u00f6tesrum och en banner fr\u00e5n myndighetens tak med texten \u201dLyd Lagen, Flytta Pengarna\" class=\"wp-image-11498\" width=\"180\" height=\"180\"\/><figcaption class=\"wp-element-caption\">Greenpeace in action at the Third AP-fund office in Stockholm in protest against their investments in fossil fuels in in violation of the Swedish climate goals and constitution.<\/figcaption><\/figure>\n\n\n\n<h5 class=\"wp-block-heading has-text-align-center is-style-chevron\" style=\"font-size:1rem\"><a href=\"https:\/\/www.greenpeace.org\/sweden\/?page_id=54268\">Finans och h\u00e5llbara investeringar<\/a><\/h5>\n\n\n\n<div style=\"height:16px\" aria-hidden=\"true\" class=\"wp-block-spacer\"><\/div>\n<\/div>\n<\/div>\n\n\n\n<div class=\"wp-block-column is-layout-flow wp-block-column-is-layout-flow\">\n<div class=\"wp-block-group group-stretched-link is-layout-flow wp-block-group-is-layout-flow\">\n<figure class=\"wp-block-image aligncenter size-full is-resized force-no-lightbox force-no-caption is-style-rounded-180\"><img loading=\"lazy\" decoding=\"async\" src=\"https:\/\/www.greenpeace.org\/static\/planet4-sweden-stateless\/2023\/02\/14b80ea8-gp1su023_web_size.jpg\" title=\"Aktivister utanf\u00f6r Preems bensinstation med skylt som s\u00e4ger caution green wash\" alt=\"Aktivister utanf\u00f6r Preems bensinstation med skylt som s\u00e4ger caution green wash\" class=\"wp-image-55038\" width=\"180\" height=\"180\"\/><figcaption class=\"wp-element-caption\">Greenpeace Sweden activists stand outside Preem gas stations in Gothenburg with banners and a warning sign reading &#8221;Caution Green Wash&#8221;. The activists are protesting against the planned expansion of Preem&#8217;s oil refinery, and highlighting the systematic green-washing Preem has made to promote themselves as more climate friendly than they are.<\/figcaption><\/figure>\n\n\n\n<h5 class=\"wp-block-heading has-text-align-center is-style-chevron\" style=\"font-size:1rem\"><a href=\"https:\/\/www.greenpeace.org\/sweden\/?page_id=54318\">Greenwashing<\/a><\/h5>\n\n\n\n<div style=\"height:16px\" aria-hidden=\"true\" class=\"wp-block-spacer\"><\/div>\n<\/div>\n<\/div>\n\n\n\n<div class=\"wp-block-column is-layout-flow wp-block-column-is-layout-flow\">\n<div class=\"wp-block-group group-stretched-link is-layout-flow wp-block-group-is-layout-flow\">\n<figure class=\"wp-block-image aligncenter size-full is-resized force-no-lightbox force-no-caption is-style-rounded-180\"><img loading=\"lazy\" decoding=\"async\" src=\"https:\/\/www.greenpeace.org\/static\/planet4-sweden-stateless\/2023\/02\/7fc0755c-konsumtion_miljogifter-greenpeace_gp0stsqbc_web_size.jpeg\" alt=\"Under f\u00e4ltstudier genomf\u00f6rda av Greenpeace Malaysia uppt\u00e4cktes en dumpplats (soptipp) d\u00e4r avfall fr\u00e5n \u00f6ver 19 olika l\u00e4nder dumpats. Unders\u00f6kningen avsl\u00f6jade olagliga tillv\u00e4gag\u00e5ngss\u00e4tt och brott mot milj\u00f6policys som b\u00e5de skadar m\u00e4nniskors h\u00e4lsa och v\u00e5r planet. \" class=\"wp-image-55309\" width=\"180\" height=\"180\"\/><figcaption class=\"wp-element-caption\">Greenpeace Malaysia has been conducting a field investigation on the broken system of recycling and how it impacts Malaysian society. The findings were shocking: a new \u2018dump site\u2019 of plastic waste from more than 19 countries &#8212; most of them are developed countries. The investigation found illegal practices, and blatant violations causing environmental pollution as well as harming people\u2019s health conditions.\nSince China banned plastic waste imports in January 2018, countries in Southeast Asia &#8211; particularly Vietnam, Thailand and Malaysia &#8211; have accepted an increased amount of plastic waste. Between January and July 2018 alone, Malaysia imported 754,000 metric tonnes of plastic &#8212; the weight of approximately 100,000 large elephants. It came from countries like the United States, Japan, UK, Australia, New Zealand, Finland, France, Belgium, Germany, Spain, Sweden and Switzerland.<\/figcaption><\/figure>\n\n\n\n<h5 class=\"wp-block-heading has-text-align-center is-style-chevron\" style=\"font-size:1rem\"><a href=\"https:\/\/www.greenpeace.org\/sweden\/?page_id=54314\">Konsumtion<\/a><\/h5>\n\n\n\n<div style=\"height:16px\" aria-hidden=\"true\" class=\"wp-block-spacer\"><\/div>\n<\/div>\n<\/div>\n<\/div>\n<\/div>\n<\/div>\n\n\n\n\n\n<div class=\"wp-block-group alignfull block mb-0 has-white-background-color has-background is-layout-flow wp-block-group-is-layout-flow\">\n<div class=\"wp-block-group container is-layout-flow wp-block-group-is-layout-flow\">\n<h5 class=\"wp-block-heading has-text-align-center\">Utforska andra \u00e4mnen<\/h5>\n\n\n\n<div style=\"height:24px\" aria-hidden=\"true\" class=\"wp-block-spacer\"><\/div>\n\n\n\n<div class=\"wp-block-columns is-not-stacked-on-mobile is-style-mobile-carousel is-layout-flex wp-container-core-columns-is-layout-9d6595d7 wp-block-columns-is-layout-flex\">\n<div class=\"wp-block-column is-layout-flow wp-block-column-is-layout-flow\">\n<div class=\"wp-block-group group-stretched-link is-layout-flow wp-block-group-is-layout-flow\">\n<figure class=\"wp-block-image aligncenter size-full is-resized is-style-rounded-90 force-no-lightbox force-no-caption mb-0\"><img loading=\"lazy\" decoding=\"async\" width=\"800\" height=\"553\" src=\"https:\/\/www.greenpeace.org\/static\/planet4-sweden-stateless\/2023\/02\/2f51be5c-gp02k1m_web_size.jpg\" alt=\"F\u00e4rgglada fiskar framf\u00f6r korallrev\" class=\"wp-image-54884\" srcset=\"https:\/\/www.greenpeace.org\/static\/planet4-sweden-stateless\/2023\/02\/2f51be5c-gp02k1m_web_size.jpg 800w, https:\/\/www.greenpeace.org\/static\/planet4-sweden-stateless\/2023\/02\/2f51be5c-gp02k1m_web_size-300x207.jpg 300w, https:\/\/www.greenpeace.org\/static\/planet4-sweden-stateless\/2023\/02\/2f51be5c-gp02k1m_web_size-768x531.jpg 768w, https:\/\/www.greenpeace.org\/static\/planet4-sweden-stateless\/2023\/02\/2f51be5c-gp02k1m_web_size-492x340.jpg 492w\" sizes=\"auto, (max-width: 800px) 100vw, 800px\" \/><figcaption class=\"wp-element-caption\">Schooling fish swim over a coral reef. Once having the highest income per capita in the Pacific, Nauru&#8217;s economy and environment collapsed after decades of phosphate mining had been depleted. With virtually nothing more to trade, the island nation is staking its hopes on protection of fisheries in its waters and the nearby international waters.<\/figcaption><\/figure>\n\n\n\n<div style=\"height:16px\" aria-hidden=\"true\" class=\"wp-block-spacer\"><\/div>\n\n\n\n<h5 class=\"wp-block-heading has-text-align-center\" style=\"font-size:1rem\"><a href=\"https:\/\/www.greenpeace.org\/sweden\/?page_id=54247\">Hav<\/a><\/h5>\n<\/div>\n<\/div>\n\n\n\n<div class=\"wp-block-column is-layout-flow wp-block-column-is-layout-flow\">\n<div class=\"wp-block-group group-stretched-link is-layout-flow wp-block-group-is-layout-flow\">\n<figure class=\"wp-block-image aligncenter size-full is-resized is-style-rounded-90 force-no-lightbox force-no-caption mb-0\"><img loading=\"lazy\" decoding=\"async\" width=\"799\" height=\"449\" src=\"https:\/\/www.greenpeace.org\/static\/planet4-sweden-stateless\/2023\/02\/d7cd8025-gp0str3iq_web_size.jpg\" alt=\"Bild p\u00e5 tr\u00e4d tagna rakt uppifr\u00e5n fr\u00e5n luften\" class=\"wp-image-54625\" srcset=\"https:\/\/www.greenpeace.org\/static\/planet4-sweden-stateless\/2023\/02\/d7cd8025-gp0str3iq_web_size.jpg 799w, https:\/\/www.greenpeace.org\/static\/planet4-sweden-stateless\/2023\/02\/d7cd8025-gp0str3iq_web_size-300x169.jpg 300w, https:\/\/www.greenpeace.org\/static\/planet4-sweden-stateless\/2023\/02\/d7cd8025-gp0str3iq_web_size-768x432.jpg 768w, https:\/\/www.greenpeace.org\/static\/planet4-sweden-stateless\/2023\/02\/d7cd8025-gp0str3iq_web_size-510x287.jpg 510w\" sizes=\"auto, (max-width: 799px) 100vw, 799px\" \/><\/figure>\n\n\n\n<div style=\"height:16px\" aria-hidden=\"true\" class=\"wp-block-spacer\"><\/div>\n\n\n\n<h5 class=\"wp-block-heading has-text-align-center\" style=\"font-size:1rem\"><a href=\"https:\/\/www.greenpeace.org\/sweden\/?page_id=54244\">Skog<\/a><\/h5>\n<\/div>\n<\/div>\n\n\n\n<div class=\"wp-block-column is-layout-flow wp-block-column-is-layout-flow\">\n<div class=\"wp-block-group group-stretched-link is-layout-flow wp-block-group-is-layout-flow\">\n<figure class=\"wp-block-image aligncenter size-full is-resized is-style-rounded-90 force-no-lightbox force-no-caption mb-0\"><img loading=\"lazy\" decoding=\"async\" width=\"800\" height=\"451\" src=\"https:\/\/www.greenpeace.org\/static\/planet4-sweden-stateless\/2023\/02\/406677f9-gp1su99g_web_size.jpg\" alt=\"oljerigg i solnedg\u00e5ng med r\u00f6d himmel\" class=\"wp-image-54903\" srcset=\"https:\/\/www.greenpeace.org\/static\/planet4-sweden-stateless\/2023\/02\/406677f9-gp1su99g_web_size.jpg 800w, https:\/\/www.greenpeace.org\/static\/planet4-sweden-stateless\/2023\/02\/406677f9-gp1su99g_web_size-300x169.jpg 300w, https:\/\/www.greenpeace.org\/static\/planet4-sweden-stateless\/2023\/02\/406677f9-gp1su99g_web_size-768x433.jpg 768w, https:\/\/www.greenpeace.org\/static\/planet4-sweden-stateless\/2023\/02\/406677f9-gp1su99g_web_size-510x288.jpg 510w\" sizes=\"auto, (max-width: 800px) 100vw, 800px\" \/><figcaption class=\"wp-element-caption\">The sun sets behind Total&#8217;s Culzean Platforms located in the Culzean Field. Culzean is a gas condensate field located in the British North Sea, 230 kilometres off the coast of Aberdeen.\nDie Sonne geht hinter den von Total betriebenen Culzean-Plattformen unter. Die Plattformen stehen im  Culzean Feld, einem Gaskondensatfeld in der britischen Nordsee, etwa 230 Kilometer vor der K\u00fcste von Aberdeen entfernt.<\/figcaption><\/figure>\n\n\n\n<div style=\"height:16px\" aria-hidden=\"true\" class=\"wp-block-spacer\"><\/div>\n\n\n\n<h5 class=\"wp-block-heading has-text-align-center\" style=\"font-size:1rem\"><a href=\"https:\/\/www.greenpeace.org\/sweden\/?page_id=54250\">Energi<\/a><\/h5>\n<\/div>\n<\/div>\n<\/div>\n<\/div>\n<\/div>\n\n<\/div>\n","protected":false},"excerpt":{"rendered":"<p>Genom Parisavtalet \u00e4r v\u00e4rldens l\u00e4nder \u00f6verens om att begr\u00e4nsa den globala uppv\u00e4rmningen genom politik och handling. Det s\u00e4tter grunden f\u00f6r all klimatpolitik.<\/p>\n","protected":false},"author":45,"featured_media":54955,"parent":54216,"menu_order":0,"comment_status":"closed","ping_status":"closed","template":"","meta":{"ep_exclude_from_search":false,"p4_hide_page_title_checkbox":"on","p4_title":"","p4_subtitle":"","p4_description":"","background_image_id":"","background_image":"","p4_button_title":"","p4_button_link":"","p4_button_link_checkbox":"","p4_og_title":"","p4_og_description":"","p4_og_image":"","p4_og_image_id":"","p4_seo_canonical_url":"","p4_campaign_name":"not set","p4_local_project":"not set","p4_basket_name":"not set","p4_department":"","footnotes":""},"categories":[2],"tags":[53,54,55],"class_list":["post-54266","page","type-page","status-publish","has-post-thumbnail","hentry","category-klimat","tag-svenskpolitik","tag-parisavtalet","tag-systemomstallning"],"_links":{"self":[{"href":"https:\/\/www.greenpeace.org\/sweden\/wp-json\/wp\/v2\/pages\/54266","targetHints":{"allow":["GET"]}}],"collection":[{"href":"https:\/\/www.greenpeace.org\/sweden\/wp-json\/wp\/v2\/pages"}],"about":[{"href":"https:\/\/www.greenpeace.org\/sweden\/wp-json\/wp\/v2\/types\/page"}],"author":[{"embeddable":true,"href":"https:\/\/www.greenpeace.org\/sweden\/wp-json\/wp\/v2\/users\/45"}],"replies":[{"embeddable":true,"href":"https:\/\/www.greenpeace.org\/sweden\/wp-json\/wp\/v2\/comments?post=54266"}],"version-history":[{"count":21,"href":"https:\/\/www.greenpeace.org\/sweden\/wp-json\/wp\/v2\/pages\/54266\/revisions"}],"predecessor-version":[{"id":66307,"href":"https:\/\/www.greenpeace.org\/sweden\/wp-json\/wp\/v2\/pages\/54266\/revisions\/66307"}],"up":[{"embeddable":true,"href":"https:\/\/www.greenpeace.org\/sweden\/wp-json\/wp\/v2\/pages\/54216"}],"wp:featuredmedia":[{"embeddable":true,"href":"https:\/\/www.greenpeace.org\/sweden\/wp-json\/wp\/v2\/media\/54955"}],"wp:attachment":[{"href":"https:\/\/www.greenpeace.org\/sweden\/wp-json\/wp\/v2\/media?parent=54266"}],"wp:term":[{"taxonomy":"category","embeddable":true,"href":"https:\/\/www.greenpeace.org\/sweden\/wp-json\/wp\/v2\/categories?post=54266"},{"taxonomy":"post_tag","embeddable":true,"href":"https:\/\/www.greenpeace.org\/sweden\/wp-json\/wp\/v2\/tags?post=54266"}],"curies":[{"name":"wp","href":"https:\/\/api.w.org\/{rel}","templated":true}]}}