{"id":54268,"date":"2023-02-24T14:22:04","date_gmt":"2023-02-24T13:22:04","guid":{"rendered":"https:\/\/www.greenpeace.org\/sweden\/?page_id=54268"},"modified":"2026-04-08T09:59:54","modified_gmt":"2026-04-08T08:59:54","slug":"finans","status":"publish","type":"page","link":"https:\/\/www.greenpeace.org\/sweden\/klimat\/finans\/","title":{"rendered":"Finans"},"content":{"rendered":"\n<div class=\"wp-block-group is-pattern-p4-deep-dive-topic-pattern-layout mb-0 is-layout-flow wp-block-group-is-layout-flow\">\n\n<div class=\"wp-block-group alignfull has-grey-100-background-color has-background is-layout-flow wp-block-group-is-layout-flow\" style=\"padding-top:56px;padding-bottom:56px\">\n<div class=\"wp-block-group container is-layout-flow wp-block-group-is-layout-flow\">\n<div class=\"wp-block-media-text alignfull has-media-on-the-right is-stacked-on-mobile is-pattern-p4-page-header is-style-parallax\"><div class=\"wp-block-media-text__content\">\n<div class=\"wp-block-group is-layout-flow wp-block-group-is-layout-flow\">\n<h1 class=\"wp-block-heading has-grey-100-background-color has-background\">Finans och h\u00e5llbara investeringar<\/h1>\n<\/div>\n\n\n\n<p style=\"font-size:1.25rem\">Finansbranschen har en nyckelroll i klimatomst\u00e4llningen. Hj\u00e4lp oss flytta pengarna fr\u00e5n kol, olja och gas s\u00e5 att v\u00e5ra pensionspengar och besparingar kan bli en del av l\u00f6sningen ist\u00e4llet f\u00f6r problemet!<\/p>\n\n\n\n<div class=\"wp-block-buttons is-layout-flex wp-block-buttons-is-layout-flex\">\n<div class=\"wp-block-button is-style-cta\"><a class=\"wp-block-button__link wp-element-button\" href=\"https:\/\/www.greenpeace.org\/sweden\/agera\/flyttapengarna\/\" target=\"_blank\" rel=\"noreferrer noopener\">Kr\u00e4v att DIN pension blir fossilfri!<\/a><\/div>\n<\/div>\n<\/div><figure class=\"wp-block-media-text__media\"><img loading=\"lazy\" decoding=\"async\" width=\"800\" height=\"533\" src=\"https:\/\/www.greenpeace.org\/static\/planet4-sweden-stateless\/2020\/06\/578665b4-gp0sts379_web_size_with_credit_line.jpg\" alt=\"Aktivisterna fr\u00e5n Greenpeace har h\u00e4ngt upp tavlor i Tredje AP-fondens m\u00f6tesrum och en banner fr\u00e5n myndighetens tak med texten \u201dLyd Lagen, Flytta Pengarna&quot;\" sizes=\"auto, (min-width: 601px) 50vw, 100vw\" srcset=\"https:\/\/www.greenpeace.org\/static\/planet4-sweden-stateless\/2020\/06\/578665b4-gp0sts379_web_size_with_credit_line.jpg 800w, https:\/\/www.greenpeace.org\/static\/planet4-sweden-stateless\/2020\/06\/578665b4-gp0sts379_web_size_with_credit_line-300x200.jpg 300w, https:\/\/www.greenpeace.org\/static\/planet4-sweden-stateless\/2020\/06\/578665b4-gp0sts379_web_size_with_credit_line-768x512.jpg 768w, https:\/\/www.greenpeace.org\/static\/planet4-sweden-stateless\/2020\/06\/578665b4-gp0sts379_web_size_with_credit_line-510x340.jpg 510w\" class=\"wp-image-11498 size-full\"\/><\/figure><\/div>\n<\/div>\n<\/div>\n\n\n\n\n<style>.wp-block-group.alignfull.has-background.is-layout-flow{padding:0!important;}<\/style>\n\n<div style=\"height:15px\" aria-hidden=\"true\" class=\"wp-block-spacer\"><\/div>\n\n<div class=\"wp-block-columns is-style-mobile-carousel secondary-menu is-layout-flex wp-container-core-columns-is-layout-9d6595d7 wp-block-columns-is-layout-flex\">\n<div class=\"wp-block-column is-layout-flow wp-block-column-is-layout-flow\" style=\"flex-basis:15%\"><\/div>\n\n\n\n<div class=\"wp-block-column brdr-bottom is-layout-flow wp-block-column-is-layout-flow\">\n<div class=\"wp-block-group is-style-reset-margin flex-wrap is-content-justification-center is-nowrap is-layout-flex wp-container-core-group-is-layout-499140ed wp-block-group-is-layout-flex\">\n<p class=\"has-text-align-center is-style-roboto-font-family nav-link\" style=\"font-size:16px\"><a href=\"#problemet\">Problemet<\/a><\/p>\n\n\n\n<div style=\"height:30px;width:0px\" aria-hidden=\"true\" class=\"wp-block-spacer wp-container-content-728072c3\"><\/div>\n\n\n\n<p>\u2022<\/p>\n\n\n\n<div style=\"height:30px;width:0px\" aria-hidden=\"true\" class=\"wp-block-spacer wp-container-content-728072c3\"><\/div>\n\n\n\n<p class=\"has-text-align-center is-style-roboto-font-family nav-link\" style=\"font-size:16px\"><a href=\"#vad-vi-gor\">Vad vi g\u00f6r<\/a><\/p>\n\n\n\n<div style=\"height:30px;width:0px\" aria-hidden=\"true\" class=\"wp-block-spacer wp-container-content-728072c3\"><\/div>\n\n\n\n<p>\u2022<\/p>\n\n\n\n<div style=\"height:30px;width:0px\" aria-hidden=\"true\" class=\"wp-block-spacer wp-container-content-728072c3\"><\/div>\n\n\n\n<p class=\"has-text-align-center is-style-roboto-font-family nav-link\" style=\"font-size:16px\"><a href=\"#vad-kan-du-gora\">Vad du kan g\u00f6ra<\/a><\/p>\n\n\n\n<div style=\"height:30px;width:0px\" aria-hidden=\"true\" class=\"wp-block-spacer wp-container-content-728072c3\"><\/div>\n\n\n\n<p>\u2022<\/p>\n\n\n\n<div style=\"height:30px;width:0px\" aria-hidden=\"true\" class=\"wp-block-spacer wp-container-content-728072c3\"><\/div>\n\n\n\n<p class=\"is-style-roboto-font-family nav-link\" style=\"font-size:16px\"><a href=\"#senaste-nytt\">Senaste nytt<\/a><\/p>\n\n\n\n<div style=\"height:30px;width:0px\" aria-hidden=\"true\" class=\"wp-block-spacer wp-container-content-728072c3\"><\/div>\n<\/div>\n<\/div>\n\n\n\n<div class=\"wp-block-column is-layout-flow wp-block-column-is-layout-flow\" style=\"flex-basis:15%\"><\/div>\n<\/div>\n\n\n\n<div style=\"height:64px\" aria-hidden=\"true\" class=\"wp-block-spacer\"><\/div>\n\n\n\n\n<div class=\"wp-block-media-text alignwide is-stacked-on-mobile is-image-fill-element\"><figure class=\"wp-block-media-text__media\"><img loading=\"lazy\" decoding=\"async\" width=\"1024\" height=\"683\" src=\"https:\/\/www.greenpeace.org\/static\/planet4-sweden-stateless\/2020\/07\/1b164618-gp1stzh6-1024x683.jpg\" alt=\"Build Back Better Activity at Swedish Department of Finance in Stockholm. \u00a9 Christian \u00c5slund \/ Greenpeace\" sizes=\"auto, (min-width: 1600px) calc((1320px - 24px) \/ 2),(min-width: 1200px) calc((1140px - 24px) \/ 2),(min-width: 992px) calc((960px - 24px) \/ 2),(min-width: 768px) calc((720px - 24px) \/ 2),(min-width: 601px) calc((540px - 24px) \/ 2),(min-width: 577px) calc((540px - 24px) \/ 1), calc(100vw - 24px)\" srcset=\"https:\/\/www.greenpeace.org\/static\/planet4-sweden-stateless\/2020\/07\/1b164618-gp1stzh6.jpg 1200w, https:\/\/www.greenpeace.org\/static\/planet4-sweden-stateless\/2020\/07\/1b164618-gp1stzh6-300x200.jpg 300w, https:\/\/www.greenpeace.org\/static\/planet4-sweden-stateless\/2020\/07\/1b164618-gp1stzh6-1024x683.jpg 1024w, https:\/\/www.greenpeace.org\/static\/planet4-sweden-stateless\/2020\/07\/1b164618-gp1stzh6-768x512.jpg 768w, https:\/\/www.greenpeace.org\/static\/planet4-sweden-stateless\/2020\/07\/1b164618-gp1stzh6-510x340.jpg 510w\" class=\"wp-image-11937 size-full\" style=\"object-position:48% 46%\"\/><\/figure><div class=\"wp-block-media-text__content\">\n<div style=\"height:30px\" aria-hidden=\"true\" id=\"problemet\" class=\"wp-block-spacer\"><\/div>\n\n\n\n<h2 class=\"wp-block-heading\">Vad \u00e4r problemet med finansbranschen?<\/h2>\n\n\n\n<p>F\u00f6r att motverka de v\u00e4rsta effekterna av klimatkrisen och h\u00e5lla jordens medeltemperatur under 1,5 grader kr\u00e4vs enligt FN:s klimatpanel snabba f\u00f6r\u00e4ndringar i alla delar av samh\u00e4llet, i en skala som saknar historiskt motstycke. Detta f\u00f6ruts\u00e4tter investeringar i en h\u00e5llbar utveckling och ny gr\u00f6n teknik, som bidrar till klimatomst\u00e4llningen. Men vi m\u00e5ste ocks\u00e5 bryta beroendet av fossila br\u00e4nslen \u2013 och omedelbart sluta leta efter ny kol, olja och gas. Finansbranschen har en central roll f\u00f6r att vi ska klara av b\u00e5da dessa utmaningar, eftersom de genom sina placeringar styr vart pengarna ska hamna. <a href=\"https:\/\/www.greenpeace.org\/static\/planet4-sweden-stateless\/2020\/08\/8a9167e1-fossilfri-finans_ett-no%CC%88dva%CC%88ndigt-gott_-.pdf\" target=\"_blank\" rel=\"noreferrer noopener\"><strong>L\u00e4s mer i rapporten Fossilfri finans &#8211; ett n\u00f6dv\u00e4ndigt gott!<\/strong><\/a><\/p>\n\n\n\n<p>De senaste \u00e5ren har utvecklingen av f\u00f6rnybar energi, som vind- och solenergi, formligen exploderat p\u00e5 flera h\u00e5ll i v\u00e4rlden och priserna har sjunkit dramatiskt. Samtidigt har investeringarna i kolkraft eroderats och prognoserna f\u00f6r oljebranschen ser allt dystrare ut. I en f\u00e4rdplan f\u00f6r att n\u00e5 klimatm\u00e5len och begr\u00e4nsa jordens medeltemperatur till 1,5 grader kr\u00e4vs enligt det <a target=\"_blank\" href=\"https:\/\/iea.blob.core.windows.net\/assets\/4719e321-6d3d-41a2-bd6b-461ad2f850a8\/NetZeroby2050-ARoadmapfortheGlobalEnergySector.pdf\" rel=\"noreferrer noopener\">internationella energiorganet, IEA<\/a>, ett omedelbart stopp f\u00f6r alla nya investeringar i fossila br\u00e4nslen.<\/p>\n\n\n\n<p>Detta leder till att allt fler investerare inser att det finns en finansiell risk i att satsa pengarna p\u00e5 kol, olja och gas. Tv\u00e5 av de statliga AP-fonderna, som f\u00f6rvaltar v\u00e5ra pensionspengar, har <a rel=\"noreferrer noopener\" href=\"https:\/\/www.greenpeace.org\/sweden\/pressmeddelanden\/6098\/ap1-lamnar-fossilbranschen-greenpeace-gratulerar\/\" target=\"_blank\">s\u00e5lt av sina innehav i fossilbolag<\/a>, eftersom den finansiella risken \u00e4r f\u00f6r h\u00f6g. Trots klimatkrav och nya regler investerar andra AP-fonder <a rel=\"noreferrer noopener\" href=\"https:\/\/www.greenpeace.org\/sweden\/bakgrund\/4553\/trots-nya-regler-ap-fonderna-fortsatter-att-investera-i-valdens-storsta-fossilbolag\/\" target=\"_blank\">fortfarande flera miljarder i fossilindustrin<\/a>, vilket inneb\u00e4r att <strong>v\u00e5ra pensionspengar g\u00e5r till att st\u00f6tta de bolag som f\u00f6rst\u00f6r v\u00e5rt klimat<\/strong>. \u00c4ven svenska storbanker tj\u00e4nar pengar p\u00e5 sitt samarbete med stora klimatbovar. En av dem \u00e4r <a rel=\"noreferrer noopener\" href=\"https:\/\/www.greenpeace.org\/sweden\/pressmeddelanden\/46434\/isbjornar-kraver-att-seb-blir-fossilfritt\/\" target=\"_blank\">banken SEB<\/a> som 2016\u20132020 <a rel=\"noreferrer noopener\" href=\"https:\/\/fairfinanceguide.se\/senaste-nytt\/2021\/fossilbanker\/\" target=\"_blank\">l\u00e5nat ut 158 miljarder<\/a> till bland annat v\u00e4rldens st\u00f6rsta kolexport\u00f6r och till flera andra fossilbolag som bygger ny kolkraft och utvidgar sina kolgruvor. Trots nya och sk\u00e4rpta riktlinjer forts\u00e4tter svenska och andra nordiska banker att finansiera klimatkrisen, vilket Greenpeace kunde visa h\u00f6sten 2022 i rapporten <strong><em><a rel=\"noreferrer noopener\" href=\"https:\/\/www.greenpeace.org\/sweden\/pressmeddelanden\/52978\/svenska-banker-fortsatter-gynna-utslappsjattar\/\" target=\"_blank\">Banking on thin ice<\/a><\/em><\/strong>, som vi tagit fram med bland andra Fair Finance Guide och Naturskyddsf\u00f6reningen.<\/p>\n\n\n\n<div class=\"wp-block-buttons is-layout-flex wp-block-buttons-is-layout-flex\">\n<div class=\"wp-block-button\"><a class=\"wp-block-button__link wp-element-button\" href=\"https:\/\/www.greenpeace.org\/static\/planet4-sweden-stateless\/2023\/01\/03dfbb61-221122_banking_on_thin_ice_ii_final.pdf\" target=\"_blank\" rel=\"noreferrer noopener\">L\u00e4s rapporten: Banking on thin ice<\/a><\/div>\n<\/div>\n\n\n\n<div style=\"height:30px\" aria-hidden=\"true\" class=\"wp-block-spacer\"><\/div>\n<\/div><\/div>\n\n\n\n\n<div class=\"wp-block-columns py-5 my-0 is-layout-flex wp-container-core-columns-is-layout-9d6595d7 wp-block-columns-is-layout-flex\">\n<div class=\"wp-block-column is-layout-flow wp-block-column-is-layout-flow\" style=\"flex-basis:49%\">\n<div style=\"height:30px\" aria-hidden=\"true\" class=\"wp-block-spacer\"><\/div>\n\n\n\n<h2 class=\"wp-block-heading\">V\u00e5ra pengar ska investeras f\u00f6r framtiden!<\/h2>\n\n\n\n<p>Tiden f\u00f6r urs\u00e4kter och misslyckanden \u00e4r sedan l\u00e4nge f\u00f6rbi. AP-fonderna m\u00e5ste sluta investera i det som f\u00f6rst\u00f6r v\u00e5r planet. Klimatkrisen kr\u00e4ver att vi snabbt slutar med verksamheter som \u00f6kar utsl\u00e4ppen av koldioxid och driver p\u00e5 klimatf\u00f6r\u00e4ndringarna. De statliga AP-fonderna 1-4 verkar t\u00e4nka annorlunda och har investerat flera miljarder i kol, olja och gas som f\u00f6rst\u00f6r v\u00e5r planet. Vi m\u00e5ste agera f\u00f6r klimatet idag. F\u00f6r biologisk m\u00e5ngdald, mot global uppv\u00e4rmning. Alltf\u00f6r l\u00e4nge har det pratats. Nu \u00e4r det dags f\u00f6r handling. <\/p>\n<\/div>\n\n\n\n<div class=\"wp-block-column is-layout-flow wp-block-column-is-layout-flow\" style=\"flex-basis:51%\">\n<figure class=\"wp-block-embed is-type-video is-provider-youtube wp-block-embed-youtube wp-embed-aspect-16-9 wp-has-aspect-ratio\"><div class=\"wp-block-embed__wrapper\">\n<iframe loading=\"lazy\" title=\"Vi har inte tid f\u00f6r fler URS\u00c4KTER. I Varf\u00f6r det \u00e4r viktigt att vi agerar f\u00f6r klimatet idag.\" width=\"500\" height=\"281\" src=\"https:\/\/www.youtube.com\/embed\/rPW45nYnj7k?feature=oembed\" frameborder=\"0\" allow=\"accelerometer; autoplay; clipboard-write; encrypted-media; gyroscope; picture-in-picture; web-share\" referrerpolicy=\"strict-origin-when-cross-origin\" allowfullscreen><\/iframe>\n<\/div><\/figure>\n<\/div>\n<\/div>\n\n\n\n\n<div class=\"wp-block-media-text alignwide is-stacked-on-mobile is-image-fill-element\"><figure class=\"wp-block-media-text__media\"><img loading=\"lazy\" decoding=\"async\" width=\"800\" height=\"533\" src=\"https:\/\/www.greenpeace.org\/static\/planet4-sweden-stateless\/2023\/02\/c88bb9bd-28_swedishnominees_gp0strw3l.jpg\" alt=\"\" sizes=\"auto, (min-width: 1600px) calc((1320px - 24px) \/ 2),(min-width: 1200px) calc((1140px - 24px) \/ 2),(min-width: 992px) calc((960px - 24px) \/ 2),(min-width: 768px) calc((720px - 24px) \/ 2),(min-width: 601px) calc((540px - 24px) \/ 2),(min-width: 577px) calc((540px - 24px) \/ 1), calc(100vw - 24px)\" srcset=\"https:\/\/www.greenpeace.org\/static\/planet4-sweden-stateless\/2023\/02\/c88bb9bd-28_swedishnominees_gp0strw3l.jpg 800w, https:\/\/www.greenpeace.org\/static\/planet4-sweden-stateless\/2023\/02\/c88bb9bd-28_swedishnominees_gp0strw3l-300x200.jpg 300w, https:\/\/www.greenpeace.org\/static\/planet4-sweden-stateless\/2023\/02\/c88bb9bd-28_swedishnominees_gp0strw3l-768x512.jpg 768w, https:\/\/www.greenpeace.org\/static\/planet4-sweden-stateless\/2023\/02\/c88bb9bd-28_swedishnominees_gp0strw3l-510x340.jpg 510w\" class=\"wp-image-55464 size-full\" style=\"object-position:50% 58%\"\/><\/figure><div class=\"wp-block-media-text__content\">\n<div style=\"height:30px\" aria-hidden=\"true\" id=\"vad-vi-gor\" class=\"wp-block-spacer\"><\/div>\n\n\n\n<h2 class=\"wp-block-heading\">Vad vi g\u00f6r<\/h2>\n\n\n\n<p>Greenpeace har i \u00e5rtionden k\u00e4mpat f\u00f6r att stoppa den globala uppv\u00e4rmningen och bryta beroendet av fossila br\u00e4nslen. Vi \u00e4r ocks\u00e5 p\u00e5drivande i att f\u00e5 finansbranschen att sluta finansiera de bolag som f\u00f6rst\u00f6r v\u00e5r planet och v\u00e5rt klimat.<\/p>\n\n\n\n<p>I Sverige lanserade Greenpeace \u00e5r 2017 <a href=\"https:\/\/www.greenpeace.org\/sweden\/pressmeddelanden\/1144\/staten-kapitalet-och-oljan-hur-investerar-staten-din-pension-2\/\" target=\"_blank\" rel=\"noreferrer noopener\">en kampanj<\/a> f\u00f6r f\u00e5 de statliga AP-fonderna att flytta pengarna fr\u00e5n fossilbolag till h\u00e5llbara investeringar. <a href=\"https:\/\/www.greenpeace.org\/sweden\/bakgrund\/6203\/fossilernas-tid-ar-over\/\" target=\"_blank\" rel=\"noreferrer noopener\">Ett arbete som fick resultat 2020<\/a>, d\u00e5 F\u00f6rsta AP-fonden meddelade att de skulle s\u00e4lja av alla sina innehav i fossilbolag, vilket f\u00f6ljdes upp av ett liknande senare av Andra AP-fonden. Vi har ocks\u00e5 uppm\u00e4rksammat bankernas och statens ansvar f\u00f6r att v\u00e4nda utvecklingen, bland annat genom att \u00e5r 2016 rikta ljuset mot <a rel=\"noreferrer noopener\" href=\"https:\/\/www.sydsvenskan.se\/2017-02-08\/nordea-stoppar-pengar-till-oljeledning\" target=\"_blank\">Nordeas investeringar<\/a> i f\u00f6retag bakom den nordamerikanska oljeledningen Dakota Access Pipeline, vilket ledde till att Nordea backade. 2020 uppmanade vi staten att ta ett helhetsgrepp f\u00f6r att styra om finansbranschen i en h\u00e5llbar riktning. Som exempel p\u00e5 vad som beh\u00f6ver g\u00f6ras <a href=\"https:\/\/www.greenpeace.org\/sweden\/pressmeddelanden\/11258\/finansdepartementet-blir-klimat-miljo-och-omstallningsdepartemetet\/\" target=\"_blank\" rel=\"noreferrer noopener\">d\u00f6pte vi om finansdepartementet<\/a> till klimat-, milj\u00f6- och omst\u00e4llningsdepartementet.<\/p>\n\n\n\n<div class=\"wp-block-buttons is-layout-flex wp-block-buttons-is-layout-flex\"><\/div>\n\n\n\n<div style=\"height:30px\" aria-hidden=\"true\" class=\"wp-block-spacer\"><\/div>\n<\/div><\/div>\n\n\n\n\n<div class=\"wp-block-columns py-5 my-0 is-layout-flex wp-container-core-columns-is-layout-9d6595d7 wp-block-columns-is-layout-flex\">\n<div class=\"wp-block-column is-layout-flow wp-block-column-is-layout-flow\" style=\"flex-basis:49%\">\n<div style=\"height:30px\" aria-hidden=\"true\" class=\"wp-block-spacer\"><\/div>\n\n\n\n<h2 class=\"wp-block-heading\">Stoppa SEB:s miljardrullning till oljeindustrin!<\/h2>\n\n\n\n<p>SEB har under de senaste fem \u00e5ren finansierat kol, olja och gas med 158 miljarder kronor \u2013 38 miljarder ligger i bolag som borrar efter olja i Arktis. SEB har endast presenterat planer p\u00e5 att fasa ut det fossila som inte ens \u00e4r i linje med Paris-avtalet, s\u00e5 n\u00e5gra isbj\u00f6rnar fr\u00e5n Greenpeace best\u00e4mde sig f\u00f6r att g\u00e5 till handling utanf\u00f6r SEB huvudkontoret i Solna, samma dag som bankens \u00e5rsst\u00e4mma. Inf\u00f6r bankens \u00e5rsst\u00e4mma har Greenpeace \u00e4ven k\u00f6pt en aktie och l\u00e4mnat in en motion, d\u00e4r vi kr\u00e4ver att styrelsen tar sitt ansvar och genast g\u00e5r till handling och ser till att SEB endast finansierar verksamheter som \u00e4r i linje med Parisavtalet.<\/p>\n<\/div>\n\n\n\n<div class=\"wp-block-column is-layout-flow wp-block-column-is-layout-flow\" style=\"flex-basis:51%\">\n<figure class=\"wp-block-embed is-type-video is-provider-youtube wp-block-embed-youtube wp-embed-aspect-16-9 wp-has-aspect-ratio\"><div class=\"wp-block-embed__wrapper\">\n<iframe loading=\"lazy\" title=\"Bort med tassarna, SEB! Isbj\u00f6rnar protesterar utanf\u00f6r SEB&#039;s huvudkontor.\" width=\"500\" height=\"281\" src=\"https:\/\/www.youtube.com\/embed\/1Mh6slj6a3Q?feature=oembed\" frameborder=\"0\" allow=\"accelerometer; autoplay; clipboard-write; encrypted-media; gyroscope; picture-in-picture; web-share\" referrerpolicy=\"strict-origin-when-cross-origin\" allowfullscreen><\/iframe>\n<\/div><\/figure>\n<\/div>\n<\/div>\n\n\n\n<div style=\"height:30px\" aria-hidden=\"true\" id=\"vad-kan-du-gora\" class=\"wp-block-spacer\"><\/div>\n\n\n\n<div class=\"wp-block-query actions-list p4-query-loop is-custom-layout-carousel is-layout-flex wp-block-query-is-layout-flex\">\n<h2 class=\"wp-block-heading\">Vad kan du g\u00f6ra<\/h2>\n\n\n\n<p style=\"margin-top: 24px; margin-bottom: 32px;\">Nu sk\u00e4rps kraven mot de som finansierar klimatkrisen. V\u00e4rlden \u00f6ver f\u00f6renas m\u00e4nniskor i krav mot finansbolag att divestera, avinvestera, fr\u00e5n klimatskadlig verksamhet och att flytta pengarna f\u00f6r att st\u00f6dja en h\u00e5llbar utveckling. Tillsammans kan vi p\u00e5verka politiker och f\u00f6retag att s\u00e4tta milj\u00f6 och klimat framf\u00f6r kortsiktiga vinster.<br><br><strong><a rel=u0022noreferrer noopeneru0022 href=u0022https:\/\/www.greenpeace.org\/sweden\/agera\/bli-volontar\/u0022 target=u0022_blanku0022>1. Bli en aktivist f\u00f6r systemf\u00f6r\u00e4ndring<\/a><\/strong><br>Greenpeace Sverige beh\u00f6ver m\u00e4nniskor som du som agerar. Hj\u00e4lp oss att skydda v\u00e5r fantastiska planet genom att <a rel=u0022noreferrer noopeneru0022 href=u0022https:\/\/www.greenpeace.org\/sweden\/agera\/bli-volontar\/u0022 target=u0022_blanku0022>agera tillsammans med oss!<\/a><br><a rel=u0022noreferrer noopeneru0022 href=u0022https:\/\/www.greenpeace.org\/sweden\/agera\/klimatkrisen\/u0022 target=u0022_blanku0022><br><\/a><strong><a rel=u0022noreferrer noopeneru0022 href=u0022https:\/\/www.greenpeace.org\/sweden\/agera\/klimatkrisen\/u0022 target=u0022_blanku0022>2. Skriv under v\u00e5r namninsamling f\u00f6r klimatet<\/a><\/strong><br>Hj\u00e4lp oss s\u00e4tta press p\u00e5 regeringen att sluta investera i det som f\u00f6rst\u00f6r v\u00e5r planet! Vi kr\u00e4ver en politik f\u00f6r framtiden.<a rel=u0022noreferrer noopeneru0022 href=u0022https:\/\/www.greenpeace.org\/sweden\/agera\/stod-oss\/u0022 target=u0022_blanku0022><br><br><\/a><strong><a rel=u0022noreferrer noopeneru0022 href=u0022https:\/\/www.greenpeace.org\/sweden\/agera\/stod-oss\/u0022 target=u0022_blanku0022>3.St\u00f6d kampen f\u00f6r en finansiell revolution<\/a><\/strong><br>Vi tar inte emot pengar fr\u00e5n stater eller f\u00f6retag, vilket g\u00f6r Greenpeace till en oberoende r\u00f6st f\u00f6r milj\u00f6ns intressen. St\u00f6d oss i v\u00e5rt arbete!<\/p>\n\n\n\n\n<ul class=\"wp-block-post-template is-layout-flow wp-block-post-template-is-layout-flow\"><li class=\"wp-block-post post-63432 page type-page status-publish has-post-thumbnail hentry category-greenpeace tag-stod-oss\">\n<figure class=\"wp-block-post-featured-image\"><img loading=\"lazy\" decoding=\"async\" width=\"2560\" height=\"1440\" src=\"https:\/\/www.greenpeace.org\/static\/planet4-sweden-stateless\/2025\/06\/e5f5ca64-img_7527-scaled.jpg\" class=\"attachment-post-thumbnail size-post-thumbnail wp-post-image wp-stateless-item\" alt=\"\" style=\"object-fit:cover;\" srcset=\"https:\/\/www.greenpeace.org\/static\/planet4-sweden-stateless\/2025\/06\/e5f5ca64-img_7527-scaled.jpg 2560w, https:\/\/www.greenpeace.org\/static\/planet4-sweden-stateless\/2025\/06\/e5f5ca64-img_7527-300x169.jpg 300w, https:\/\/www.greenpeace.org\/static\/planet4-sweden-stateless\/2025\/06\/e5f5ca64-img_7527-1024x576.jpg 1024w, https:\/\/www.greenpeace.org\/static\/planet4-sweden-stateless\/2025\/06\/e5f5ca64-img_7527-768x432.jpg 768w, https:\/\/www.greenpeace.org\/static\/planet4-sweden-stateless\/2025\/06\/e5f5ca64-img_7527-1536x864.jpg 1536w, https:\/\/www.greenpeace.org\/static\/planet4-sweden-stateless\/2025\/06\/e5f5ca64-img_7527-2048x1152.jpg 2048w, https:\/\/www.greenpeace.org\/static\/planet4-sweden-stateless\/2025\/06\/e5f5ca64-img_7527-510x287.jpg 510w\" sizes=\"auto, (max-width: 2560px) 100vw, 2560px\" data-image-size=\"post-thumbnail\" data-stateless-media-bucket=\"planet4-sweden-stateless\" data-stateless-media-name=\"2025\/06\/e5f5ca64-img_7527-scaled.jpg\" \/><\/figure>\n\n\n                <div class=\"wp-block-group group-stretched-link is-layout-flow wp-block-group-is-layout-flow\"><div class=\"wp-block-post-terms\">Greenpeace<\/div>\n                <h3 class=\"wp-block-post-title\"><a href=\"https:\/\/www.greenpeace.org\/sweden\/agera\/stora-gavor\/\" target=\"_self\" >Stora g\u00e5vor &amp; filantropi &#8211; partnerskap f\u00f6r planeten<\/a><\/h3>\n                <div class=\"wp-block-post-excerpt\"><p class=\"wp-block-post-excerpt__excerpt\">Greenpeace \u00e4r en oberoende milj\u00f6organisation som arbetar globalt f\u00f6r att skydda v\u00e5r planet. Vi tar inte emot pengar fr\u00e5n stater eller f\u00f6retag, d\u00e4rf\u00f6r \u00e4r st\u00f6d fr\u00e5n privatpersoner och stiftelser avg\u00f6rande f\u00f6r v\u00e5rt arbete. <\/p><\/div><\/div>\n                \n\n\n<div class=\"wp-block-group read-more-nav is-layout-flow wp-block-group-is-layout-flow\"><a href=\"https:\/\/www.greenpeace.org\/sweden\/agera\/stora-gavor\/\" class=\"btn btn-primary btn-small\" aria-label=\"Engagera dig\">Engagera dig<\/a><\/div>\n\n<\/li><li class=\"wp-block-post post-61522 page type-page status-publish has-post-thumbnail hentry category-greenpeace tag-stod-oss tag-aktivism\">\n<figure class=\"wp-block-post-featured-image\"><img loading=\"lazy\" decoding=\"async\" width=\"800\" height=\"533\" src=\"https:\/\/www.greenpeace.org\/static\/planet4-sweden-stateless\/2024\/10\/70f8003d-1699447749698_gp0stv8zywebsize.jpg\" class=\"attachment-post-thumbnail size-post-thumbnail wp-post-image wp-stateless-item\" alt=\"Two more Greenpeace climbers board the Shell oil platform that is being transported to an oilfield north of the Shetland Islands.\" style=\"object-fit:cover;\" srcset=\"https:\/\/www.greenpeace.org\/static\/planet4-sweden-stateless\/2024\/10\/70f8003d-1699447749698_gp0stv8zywebsize.jpg 800w, https:\/\/www.greenpeace.org\/static\/planet4-sweden-stateless\/2024\/10\/70f8003d-1699447749698_gp0stv8zywebsize-300x200.jpg 300w, https:\/\/www.greenpeace.org\/static\/planet4-sweden-stateless\/2024\/10\/70f8003d-1699447749698_gp0stv8zywebsize-768x512.jpg 768w, https:\/\/www.greenpeace.org\/static\/planet4-sweden-stateless\/2024\/10\/70f8003d-1699447749698_gp0stv8zywebsize-510x340.jpg 510w\" sizes=\"auto, (max-width: 800px) 100vw, 800px\" data-image-size=\"post-thumbnail\" data-stateless-media-bucket=\"planet4-sweden-stateless\" data-stateless-media-name=\"2024\/10\/70f8003d-1699447749698_gp0stv8zywebsize.jpg\" \/><\/figure>\n\n\n                <div class=\"wp-block-group group-stretched-link is-layout-flow wp-block-group-is-layout-flow\"><div class=\"wp-block-post-terms\">Greenpeace<\/div>\n                <h3 class=\"wp-block-post-title\"><a href=\"https:\/\/www.greenpeace.org\/sweden\/agera\/sta-upp-med-oss-mot-oljejattarna\/\" target=\"_self\" >St\u00e5 upp med oss mot oljej\u00e4ttarna!<\/a><\/h3>\n                <div class=\"wp-block-post-excerpt\"><p class=\"wp-block-post-excerpt__excerpt\">Vi beh\u00f6ver din hj\u00e4lp! St\u00e5 upp med oss och swisha ditt st\u00f6d. <\/p><\/div><\/div>\n                \n\n\n<div class=\"wp-block-group read-more-nav is-layout-flow wp-block-group-is-layout-flow\"><a href=\"https:\/\/www.greenpeace.org\/sweden\/agera\/sta-upp-med-oss-mot-oljejattarna\/\" class=\"btn btn-primary btn-small\" aria-label=\"Engagera dig\">Engagera dig<\/a><\/div>\n\n<\/li><li class=\"wp-block-post post-58840 page type-page status-publish has-post-thumbnail hentry category-greenpeace category-hav tag-stod-oss\">\n<figure class=\"wp-block-post-featured-image\"><img loading=\"lazy\" decoding=\"async\" width=\"1080\" height=\"1080\" src=\"https:\/\/www.greenpeace.org\/static\/planet4-sweden-stateless\/2024\/01\/1d71725c-1-plastkampen.png\" class=\"attachment-post-thumbnail size-post-thumbnail wp-post-image wp-stateless-item\" alt=\"\" style=\"object-fit:cover;\" srcset=\"https:\/\/www.greenpeace.org\/static\/planet4-sweden-stateless\/2024\/01\/1d71725c-1-plastkampen.png 1080w, https:\/\/www.greenpeace.org\/static\/planet4-sweden-stateless\/2024\/01\/1d71725c-1-plastkampen-300x300.png 300w, https:\/\/www.greenpeace.org\/static\/planet4-sweden-stateless\/2024\/01\/1d71725c-1-plastkampen-1024x1024.png 1024w, https:\/\/www.greenpeace.org\/static\/planet4-sweden-stateless\/2024\/01\/1d71725c-1-plastkampen-150x150.png 150w, https:\/\/www.greenpeace.org\/static\/planet4-sweden-stateless\/2024\/01\/1d71725c-1-plastkampen-768x768.png 768w, https:\/\/www.greenpeace.org\/static\/planet4-sweden-stateless\/2024\/01\/1d71725c-1-plastkampen-340x340.png 340w\" sizes=\"auto, (max-width: 1080px) 100vw, 1080px\" data-image-size=\"post-thumbnail\" data-stateless-media-bucket=\"planet4-sweden-stateless\" data-stateless-media-name=\"2024\/01\/1d71725c-1-plastkampen.png\" \/><\/figure>\n\n\n                <div class=\"wp-block-group group-stretched-link is-layout-flow wp-block-group-is-layout-flow\"><div class=\"wp-block-post-terms\">Greenpeace<\/div>\n                <h3 class=\"wp-block-post-title\"><a href=\"https:\/\/www.greenpeace.org\/sweden\/agera\/ga-med-i-plastkampen\/\" target=\"_self\" >Stoppa plastkrisen!<\/a><\/h3>\n                <div class=\"wp-block-post-excerpt\"><p class=\"wp-block-post-excerpt__excerpt\">V\u00e5r bl\u00e5 planet drunknar i plast. Men nu har vi en historisk chans att stoppa plastkrisen vid k\u00e4llan. En chans att kr\u00e4va ett starkt global plastavtal som stoppar katastrofen. St\u00f6tta Greenpeace arbete f\u00f6r v\u00e4rldens hav &#8211; ge ett bidrag till Plastkampen idag :blue_heart: <\/p><\/div><\/div>\n                \n\n\n<div class=\"wp-block-group read-more-nav is-layout-flow wp-block-group-is-layout-flow\"><a href=\"https:\/\/www.greenpeace.org\/sweden\/agera\/ga-med-i-plastkampen\/\" class=\"btn btn-primary btn-small\" aria-label=\"Engagera dig\">Engagera dig<\/a><\/div>\n\n<\/li><li class=\"wp-block-post post-57122 page type-page status-publish has-post-thumbnail hentry category-greenpeace tag-stod-oss\">\n<figure class=\"wp-block-post-featured-image\"><img loading=\"lazy\" decoding=\"async\" width=\"800\" height=\"565\" src=\"https:\/\/www.greenpeace.org\/static\/planet4-sweden-stateless\/2023\/02\/dae254b1-gp1sw4h4_web_size.jpg\" class=\"attachment-post-thumbnail size-post-thumbnail wp-post-image wp-stateless-item\" alt=\"\" style=\"object-fit:cover;\" srcset=\"https:\/\/www.greenpeace.org\/static\/planet4-sweden-stateless\/2023\/02\/dae254b1-gp1sw4h4_web_size.jpg 800w, https:\/\/www.greenpeace.org\/static\/planet4-sweden-stateless\/2023\/02\/dae254b1-gp1sw4h4_web_size-300x212.jpg 300w, https:\/\/www.greenpeace.org\/static\/planet4-sweden-stateless\/2023\/02\/dae254b1-gp1sw4h4_web_size-768x542.jpg 768w, https:\/\/www.greenpeace.org\/static\/planet4-sweden-stateless\/2023\/02\/dae254b1-gp1sw4h4_web_size-481x340.jpg 481w\" sizes=\"auto, (max-width: 800px) 100vw, 800px\" data-image-size=\"post-thumbnail\" data-stateless-media-bucket=\"planet4-sweden-stateless\" data-stateless-media-name=\"2023\/02\/dae254b1-gp1sw4h4_web_size.jpg\" \/><\/figure>\n\n\n                <div class=\"wp-block-group group-stretched-link is-layout-flow wp-block-group-is-layout-flow\"><div class=\"wp-block-post-terms\">Greenpeace<\/div>\n                <h3 class=\"wp-block-post-title\"><a href=\"https:\/\/www.greenpeace.org\/sweden\/agera\/starta-din-egen-insamling\/\" target=\"_self\" >Starta din egen insamling<\/a><\/h3>\n                <div class=\"wp-block-post-excerpt\"><p class=\"wp-block-post-excerpt__excerpt\"> <\/p><\/div><\/div>\n                \n\n\n<div class=\"wp-block-group read-more-nav is-layout-flow wp-block-group-is-layout-flow\"><a href=\"https:\/\/www.greenpeace.org\/sweden\/agera\/starta-din-egen-insamling\/\" class=\"btn btn-primary btn-small\" aria-label=\"Engagera dig\">Engagera dig<\/a><\/div>\n\n<\/li><li class=\"wp-block-post post-57118 page type-page status-publish has-post-thumbnail hentry category-greenpeace tag-stod-oss\">\n<figure class=\"wp-block-post-featured-image\"><img loading=\"lazy\" decoding=\"async\" width=\"2168\" height=\"1216\" src=\"https:\/\/www.greenpeace.org\/static\/planet4-sweden-stateless\/2025\/05\/87d19db1-uggla-memorial-e1747648868499.jpg\" class=\"attachment-post-thumbnail size-post-thumbnail wp-post-image wp-stateless-item\" alt=\"\" style=\"object-fit:cover;\" srcset=\"https:\/\/www.greenpeace.org\/static\/planet4-sweden-stateless\/2025\/05\/87d19db1-uggla-memorial-e1747648868499.jpg 2168w, https:\/\/www.greenpeace.org\/static\/planet4-sweden-stateless\/2025\/05\/87d19db1-uggla-memorial-e1747648868499-300x168.jpg 300w, https:\/\/www.greenpeace.org\/static\/planet4-sweden-stateless\/2025\/05\/87d19db1-uggla-memorial-e1747648868499-1024x574.jpg 1024w, https:\/\/www.greenpeace.org\/static\/planet4-sweden-stateless\/2025\/05\/87d19db1-uggla-memorial-e1747648868499-768x431.jpg 768w, https:\/\/www.greenpeace.org\/static\/planet4-sweden-stateless\/2025\/05\/87d19db1-uggla-memorial-e1747648868499-1536x862.jpg 1536w, https:\/\/www.greenpeace.org\/static\/planet4-sweden-stateless\/2025\/05\/87d19db1-uggla-memorial-e1747648868499-2048x1149.jpg 2048w, https:\/\/www.greenpeace.org\/static\/planet4-sweden-stateless\/2025\/05\/87d19db1-uggla-memorial-e1747648868499-510x286.jpg 510w\" sizes=\"auto, (max-width: 2168px) 100vw, 2168px\" data-image-size=\"post-thumbnail\" data-stateless-media-bucket=\"planet4-sweden-stateless\" data-stateless-media-name=\"2025\/05\/87d19db1-uggla-memorial-e1747648868499.jpg\" \/><\/figure>\n\n\n                <div class=\"wp-block-group group-stretched-link is-layout-flow wp-block-group-is-layout-flow\"><div class=\"wp-block-post-terms\">Greenpeace<\/div>\n                <h3 class=\"wp-block-post-title\"><a href=\"https:\/\/www.greenpeace.org\/sweden\/agera\/ge-en-minnesgava\/\" target=\"_self\" >Ge en minnesg\u00e5va<\/a><\/h3>\n                <div class=\"wp-block-post-excerpt\"><p class=\"wp-block-post-excerpt__excerpt\">Bevara milj\u00f6n med en minnesg\u00e5va. Hedra minnet av n\u00e5gon som betytt mycket f\u00f6r dig. Att sk\u00e4nka en minnesg\u00e5va \u00e4r en hyllning till b\u00e5de den bortg\u00e5ngne och till v\u00e5r vackra men s\u00e5rbara planet. N\u00e4r du ger en minnesg\u00e5va f\u00e5r du ett fint minnesblad att l\u00e4mna vid begravningen. <\/p><\/div><\/div>\n                \n\n\n<div class=\"wp-block-group read-more-nav is-layout-flow wp-block-group-is-layout-flow\"><a href=\"https:\/\/www.greenpeace.org\/sweden\/agera\/ge-en-minnesgava\/\" class=\"btn btn-primary btn-small\" aria-label=\"Engagera dig\">Engagera dig<\/a><\/div>\n\n<\/li><li class=\"wp-block-post post-57114 page type-page status-publish has-post-thumbnail hentry category-greenpeace tag-stod-oss\">\n<figure class=\"wp-block-post-featured-image\"><img loading=\"lazy\" decoding=\"async\" width=\"1080\" height=\"720\" src=\"https:\/\/www.greenpeace.org\/static\/planet4-sweden-stateless\/2025\/05\/07f1ab43-1739182288707_tealflushotinstagrampost2-e1747836197212.png\" class=\"attachment-post-thumbnail size-post-thumbnail wp-post-image wp-stateless-item\" alt=\"\" style=\"object-fit:cover;\" srcset=\"https:\/\/www.greenpeace.org\/static\/planet4-sweden-stateless\/2025\/05\/07f1ab43-1739182288707_tealflushotinstagrampost2-e1747836197212.png 1080w, https:\/\/www.greenpeace.org\/static\/planet4-sweden-stateless\/2025\/05\/07f1ab43-1739182288707_tealflushotinstagrampost2-e1747836197212-300x200.png 300w, https:\/\/www.greenpeace.org\/static\/planet4-sweden-stateless\/2025\/05\/07f1ab43-1739182288707_tealflushotinstagrampost2-e1747836197212-1024x683.png 1024w, https:\/\/www.greenpeace.org\/static\/planet4-sweden-stateless\/2025\/05\/07f1ab43-1739182288707_tealflushotinstagrampost2-e1747836197212-768x512.png 768w, https:\/\/www.greenpeace.org\/static\/planet4-sweden-stateless\/2025\/05\/07f1ab43-1739182288707_tealflushotinstagrampost2-e1747836197212-510x340.png 510w\" sizes=\"auto, (max-width: 1080px) 100vw, 1080px\" data-image-size=\"post-thumbnail\" data-stateless-media-bucket=\"planet4-sweden-stateless\" data-stateless-media-name=\"2025\/05\/07f1ab43-1739182288707_tealflushotinstagrampost2-e1747836197212.png\" \/><\/figure>\n\n\n                <div class=\"wp-block-group group-stretched-link is-layout-flow wp-block-group-is-layout-flow\"><div class=\"wp-block-post-terms\">Greenpeace<\/div>\n                <h3 class=\"wp-block-post-title\"><a href=\"https:\/\/www.greenpeace.org\/sweden\/agera\/ge-en-gratulationsgava\/\" target=\"_self\" >Ge en gratulationsg\u00e5va<\/a><\/h3>\n                <div class=\"wp-block-post-excerpt\"><p class=\"wp-block-post-excerpt__excerpt\">Ge en g\u00e5va som g\u00f6r skillnad. Ge bort ett fint g\u00e5vobevis fr\u00e5n Greenpeace till n\u00e5gon du tycker om s\u00e5 st\u00f6ttar du samtidigt arbetet f\u00f6r att skydda v\u00e5r vackra, men s\u00e5rbara planet. <\/p><\/div><\/div>\n                \n\n\n<div class=\"wp-block-group read-more-nav is-layout-flow wp-block-group-is-layout-flow\"><a href=\"https:\/\/www.greenpeace.org\/sweden\/agera\/ge-en-gratulationsgava\/\" class=\"btn btn-primary btn-small\" aria-label=\"Engagera dig\">Engagera dig<\/a><\/div>\n\n<\/li><li class=\"wp-block-post post-57111 page type-page status-publish has-post-thumbnail hentry category-greenpeace tag-stod-oss\">\n<figure class=\"wp-block-post-featured-image\"><img loading=\"lazy\" decoding=\"async\" width=\"1200\" height=\"580\" src=\"https:\/\/www.greenpeace.org\/static\/planet4-sweden-stateless\/2025\/05\/116c87e8-hands.jpg\" class=\"attachment-post-thumbnail size-post-thumbnail wp-post-image wp-stateless-item\" alt=\"\" style=\"object-fit:cover;\" srcset=\"https:\/\/www.greenpeace.org\/static\/planet4-sweden-stateless\/2025\/05\/116c87e8-hands.jpg 1200w, https:\/\/www.greenpeace.org\/static\/planet4-sweden-stateless\/2025\/05\/116c87e8-hands-300x145.jpg 300w, https:\/\/www.greenpeace.org\/static\/planet4-sweden-stateless\/2025\/05\/116c87e8-hands-1024x495.jpg 1024w, https:\/\/www.greenpeace.org\/static\/planet4-sweden-stateless\/2025\/05\/116c87e8-hands-768x371.jpg 768w, https:\/\/www.greenpeace.org\/static\/planet4-sweden-stateless\/2025\/05\/116c87e8-hands-510x247.jpg 510w\" sizes=\"auto, (max-width: 1200px) 100vw, 1200px\" data-image-size=\"post-thumbnail\" data-stateless-media-bucket=\"planet4-sweden-stateless\" data-stateless-media-name=\"2025\/05\/116c87e8-hands.jpg\" \/><\/figure>\n\n\n                <div class=\"wp-block-group group-stretched-link is-layout-flow wp-block-group-is-layout-flow\"><div class=\"wp-block-post-terms\">Greenpeace<\/div>\n                <h3 class=\"wp-block-post-title\"><a href=\"https:\/\/www.greenpeace.org\/sweden\/agera\/bli-manadsgivare\/\" target=\"_self\" >Bli m\u00e5nadsgivare<\/a><\/h3>\n                <div class=\"wp-block-post-excerpt\"><p class=\"wp-block-post-excerpt__excerpt\">Att bli m\u00e5nadsgivare \u00e4r det mest effektiva s\u00e4ttet att bidra till Greenpeace, d\u00e5 st\u00f6det fr\u00e5n v\u00e5ra m\u00e5nadsgivare g\u00f6r det m\u00f6jligt f\u00f6r oss att planera l\u00e5ngsiktigt kampanjarbete som \u00e4r avg\u00f6rande f\u00f6r att kunna vinna livsviktiga segrar f\u00f6r milj\u00f6n. <\/p><\/div><\/div>\n                \n\n\n<div class=\"wp-block-group read-more-nav is-layout-flow wp-block-group-is-layout-flow\"><a href=\"https:\/\/www.greenpeace.org\/sweden\/agera\/bli-manadsgivare\/\" class=\"btn btn-primary btn-small\" aria-label=\"Engagera dig\">Engagera dig<\/a><\/div>\n\n<\/li><li class=\"wp-block-post post-4033 page type-page status-publish has-post-thumbnail hentry category-greenpeace tag-stod-oss tag-aktivism\">\n<figure class=\"wp-block-post-featured-image\"><img loading=\"lazy\" decoding=\"async\" width=\"800\" height=\"533\" src=\"https:\/\/www.greenpeace.org\/static\/planet4-sweden-stateless\/2020\/06\/5fef18fc-gp0sttv2q_web_size.jpg\" class=\"attachment-post-thumbnail size-post-thumbnail wp-post-image wp-stateless-item\" alt=\"\" style=\"object-fit:cover;\" srcset=\"https:\/\/www.greenpeace.org\/static\/planet4-sweden-stateless\/2020\/06\/5fef18fc-gp0sttv2q_web_size.jpg 800w, https:\/\/www.greenpeace.org\/static\/planet4-sweden-stateless\/2020\/06\/5fef18fc-gp0sttv2q_web_size-300x200.jpg 300w, https:\/\/www.greenpeace.org\/static\/planet4-sweden-stateless\/2020\/06\/5fef18fc-gp0sttv2q_web_size-768x512.jpg 768w, https:\/\/www.greenpeace.org\/static\/planet4-sweden-stateless\/2020\/06\/5fef18fc-gp0sttv2q_web_size-510x340.jpg 510w\" sizes=\"auto, (max-width: 800px) 100vw, 800px\" data-image-size=\"post-thumbnail\" data-stateless-media-bucket=\"planet4-sweden-stateless\" data-stateless-media-name=\"2020\/06\/5fef18fc-gp0sttv2q_web_size.jpg\" \/><\/figure>\n\n\n                <div class=\"wp-block-group group-stretched-link is-layout-flow wp-block-group-is-layout-flow\"><div class=\"wp-block-post-terms\">Greenpeace<\/div>\n                <h3 class=\"wp-block-post-title\"><a href=\"https:\/\/www.greenpeace.org\/sweden\/agera\/testamente\/\" target=\"_self\" >Testamentera en g\u00e5va till Greenpeace<\/a><\/h3>\n                <div class=\"wp-block-post-excerpt\"><p class=\"wp-block-post-excerpt__excerpt\">Genom att inkludera Greenpeace i ditt testamente kan du vara med och s\u00e4kerst\u00e4lla att kampen f\u00f6r en frisk planet kan forts\u00e4tta \u00e4ven i framtiden. <\/p><\/div><\/div>\n                \n\n\n<div class=\"wp-block-group read-more-nav is-layout-flow wp-block-group-is-layout-flow\"><a href=\"https:\/\/www.greenpeace.org\/sweden\/agera\/testamente\/\" class=\"btn btn-primary btn-small\" aria-label=\"Engagera dig\">Engagera dig<\/a><\/div>\n\n<\/li><li class=\"wp-block-post post-2083 page type-page status-publish has-post-thumbnail hentry category-greenpeace tag-stod-oss\">\n<figure class=\"wp-block-post-featured-image\"><img loading=\"lazy\" decoding=\"async\" width=\"2400\" height=\"1600\" src=\"https:\/\/www.greenpeace.org\/static\/planet4-sweden-stateless\/2019\/02\/243193ac-hallifornia_gp_jana_eriksson-4413.jpg\" class=\"attachment-post-thumbnail size-post-thumbnail wp-post-image wp-stateless-item\" alt=\"\" style=\"object-fit:cover;\" srcset=\"https:\/\/www.greenpeace.org\/static\/planet4-sweden-stateless\/2019\/02\/243193ac-hallifornia_gp_jana_eriksson-4413.jpg 2400w, https:\/\/www.greenpeace.org\/static\/planet4-sweden-stateless\/2019\/02\/243193ac-hallifornia_gp_jana_eriksson-4413-300x200.jpg 300w, https:\/\/www.greenpeace.org\/static\/planet4-sweden-stateless\/2019\/02\/243193ac-hallifornia_gp_jana_eriksson-4413-768x512.jpg 768w, https:\/\/www.greenpeace.org\/static\/planet4-sweden-stateless\/2019\/02\/243193ac-hallifornia_gp_jana_eriksson-4413-1024x683.jpg 1024w, https:\/\/www.greenpeace.org\/static\/planet4-sweden-stateless\/2019\/02\/243193ac-hallifornia_gp_jana_eriksson-4413-2048x1366.jpg 2048w, https:\/\/www.greenpeace.org\/static\/planet4-sweden-stateless\/2019\/02\/243193ac-hallifornia_gp_jana_eriksson-4413-510x340.jpg 510w\" sizes=\"auto, (max-width: 2400px) 100vw, 2400px\" data-image-size=\"post-thumbnail\" data-stateless-media-bucket=\"planet4-sweden-stateless\" data-stateless-media-name=\"2019\/02\/243193ac-hallifornia_gp_jana_eriksson-4413.jpg\" \/><\/figure>\n\n\n                <div class=\"wp-block-group group-stretched-link is-layout-flow wp-block-group-is-layout-flow\"><div class=\"wp-block-post-terms\">Greenpeace<\/div>\n                <h3 class=\"wp-block-post-title\"><a href=\"https:\/\/www.greenpeace.org\/sweden\/agera\/jobba-for-greenpeace\/\" target=\"_self\" >Jobba f\u00f6r Greenpeace<\/a><\/h3>\n                <div class=\"wp-block-post-excerpt\"><p class=\"wp-block-post-excerpt__excerpt\">Vill du ocks\u00e5 jobba med att g\u00f6ra skillnad f\u00f6r klimat och milj\u00f6? Bes\u00f6k v\u00e5r jobbportal d\u00e4r lediga tj\u00e4nster publiceras. <\/p><\/div><\/div>\n                \n\n\n<div class=\"wp-block-group read-more-nav is-layout-flow wp-block-group-is-layout-flow\"><a href=\"https:\/\/www.greenpeace.org\/sweden\/agera\/jobba-for-greenpeace\/\" class=\"btn btn-primary btn-small\" aria-label=\"Engagera dig\">Engagera dig<\/a><\/div>\n\n<\/li><li class=\"wp-block-post post-28 page type-page status-publish has-post-thumbnail hentry category-klimat tag-globaluppvarmning tag-hallbarenergi tag-fossilenergi tag-hallbarainvesteringar\">\n<figure class=\"wp-block-post-featured-image\"><img loading=\"lazy\" decoding=\"async\" width=\"5616\" height=\"3744\" src=\"https:\/\/www.greenpeace.org\/static\/planet4-sweden-stateless\/2019\/01\/11f8803f-gp023gu.jpg\" class=\"attachment-post-thumbnail size-post-thumbnail wp-post-image wp-stateless-item\" alt=\"\" style=\"object-fit:cover;\" srcset=\"https:\/\/www.greenpeace.org\/static\/planet4-sweden-stateless\/2019\/01\/11f8803f-gp023gu.jpg 5616w, https:\/\/www.greenpeace.org\/static\/planet4-sweden-stateless\/2019\/01\/11f8803f-gp023gu-300x200.jpg 300w, https:\/\/www.greenpeace.org\/static\/planet4-sweden-stateless\/2019\/01\/11f8803f-gp023gu-768x512.jpg 768w, https:\/\/www.greenpeace.org\/static\/planet4-sweden-stateless\/2019\/01\/11f8803f-gp023gu-1024x683.jpg 1024w, https:\/\/www.greenpeace.org\/static\/planet4-sweden-stateless\/2019\/01\/11f8803f-gp023gu-2048x1366.jpg 2048w, https:\/\/www.greenpeace.org\/static\/planet4-sweden-stateless\/2019\/01\/11f8803f-gp023gu-510x340.jpg 510w\" sizes=\"auto, (max-width: 5616px) 100vw, 5616px\" data-image-size=\"post-thumbnail\" data-stateless-media-bucket=\"planet4-sweden-stateless\" data-stateless-media-name=\"2019\/01\/11f8803f-gp023gu.jpg\" \/><\/figure>\n\n\n                <div class=\"wp-block-group group-stretched-link is-layout-flow wp-block-group-is-layout-flow\"><div class=\"wp-block-post-terms\">Klimat<\/div>\n                <h3 class=\"wp-block-post-title\"><a href=\"https:\/\/www.greenpeace.org\/sweden\/agera\/flyttapengarna\/\" target=\"_self\" >Din pension bidrar till klimatf\u00f6r\u00e4ndringar<\/a><\/h3>\n                <div class=\"wp-block-post-excerpt\"><p class=\"wp-block-post-excerpt__excerpt\">\u00c4r det inte ironiskt att de pengar som ska g\u00e5 till att s\u00e4kra din framtid samtidigt f\u00f6rst\u00f6r den? Kr\u00e4v att svenska staten slutar investera v\u00e5ra pensionspengar i fossila br\u00e4nslen! <\/p><\/div><\/div>\n                \n\n\n<div class=\"wp-block-group read-more-nav is-layout-flow wp-block-group-is-layout-flow\"><a href=\"https:\/\/www.greenpeace.org\/sweden\/agera\/flyttapengarna\/\" class=\"btn btn-primary btn-small\" aria-label=\"Engagera dig\">Engagera dig<\/a><\/div>\n\n<\/li><li class=\"wp-block-post post-30 page type-page status-publish has-post-thumbnail hentry category-greenpeace tag-stod-oss tag-omgreenpeace\">\n<figure class=\"wp-block-post-featured-image\"><img loading=\"lazy\" decoding=\"async\" width=\"1200\" height=\"803\" src=\"https:\/\/www.greenpeace.org\/static\/planet4-sweden-stateless\/2025\/05\/87a738a4-gp034ks_medium-res-1200px.jpg\" class=\"attachment-post-thumbnail size-post-thumbnail wp-post-image wp-stateless-item\" alt=\"\" style=\"object-fit:cover;\" srcset=\"https:\/\/www.greenpeace.org\/static\/planet4-sweden-stateless\/2025\/05\/87a738a4-gp034ks_medium-res-1200px.jpg 1200w, https:\/\/www.greenpeace.org\/static\/planet4-sweden-stateless\/2025\/05\/87a738a4-gp034ks_medium-res-1200px-300x201.jpg 300w, https:\/\/www.greenpeace.org\/static\/planet4-sweden-stateless\/2025\/05\/87a738a4-gp034ks_medium-res-1200px-1024x685.jpg 1024w, https:\/\/www.greenpeace.org\/static\/planet4-sweden-stateless\/2025\/05\/87a738a4-gp034ks_medium-res-1200px-768x514.jpg 768w, https:\/\/www.greenpeace.org\/static\/planet4-sweden-stateless\/2025\/05\/87a738a4-gp034ks_medium-res-1200px-508x340.jpg 508w\" sizes=\"auto, (max-width: 1200px) 100vw, 1200px\" data-image-size=\"post-thumbnail\" data-stateless-media-bucket=\"planet4-sweden-stateless\" data-stateless-media-name=\"2025\/05\/87a738a4-gp034ks_medium-res-1200px.jpg\" \/><\/figure>\n\n\n                <div class=\"wp-block-group group-stretched-link is-layout-flow wp-block-group-is-layout-flow\"><div class=\"wp-block-post-terms\">Greenpeace<\/div>\n                <h3 class=\"wp-block-post-title\"><a href=\"https:\/\/www.greenpeace.org\/sweden\/agera\/stod-oss\/\" target=\"_self\" >St\u00f6d Greenpeace arbete<\/a><\/h3>\n                <div class=\"wp-block-post-excerpt\"><p class=\"wp-block-post-excerpt__excerpt\">Vill du vara med och skapa en b\u00e4ttre v\u00e4rld f\u00f6r nuvarande och kommande generationer? Bli m\u00e5nadsgivare idag. <\/p><\/div><\/div>\n                \n\n\n<div class=\"wp-block-group read-more-nav is-layout-flow wp-block-group-is-layout-flow\"><a href=\"https:\/\/www.greenpeace.org\/sweden\/agera\/stod-oss\/\" class=\"btn btn-primary btn-small\" aria-label=\"Engagera dig\">Engagera dig<\/a><\/div>\n\n<\/li><li class=\"wp-block-post post-6273 page type-page status-publish has-post-thumbnail hentry category-greenpeace tag-stod-oss\">\n<figure class=\"wp-block-post-featured-image\"><img loading=\"lazy\" decoding=\"async\" width=\"1200\" height=\"803\" src=\"https:\/\/www.greenpeace.org\/static\/planet4-sweden-stateless\/2025\/05\/87a738a4-gp034ks_medium-res-1200px.jpg\" class=\"attachment-post-thumbnail size-post-thumbnail wp-post-image wp-stateless-item\" alt=\"\" style=\"object-fit:cover;\" srcset=\"https:\/\/www.greenpeace.org\/static\/planet4-sweden-stateless\/2025\/05\/87a738a4-gp034ks_medium-res-1200px.jpg 1200w, https:\/\/www.greenpeace.org\/static\/planet4-sweden-stateless\/2025\/05\/87a738a4-gp034ks_medium-res-1200px-300x201.jpg 300w, https:\/\/www.greenpeace.org\/static\/planet4-sweden-stateless\/2025\/05\/87a738a4-gp034ks_medium-res-1200px-1024x685.jpg 1024w, https:\/\/www.greenpeace.org\/static\/planet4-sweden-stateless\/2025\/05\/87a738a4-gp034ks_medium-res-1200px-768x514.jpg 768w, https:\/\/www.greenpeace.org\/static\/planet4-sweden-stateless\/2025\/05\/87a738a4-gp034ks_medium-res-1200px-508x340.jpg 508w\" sizes=\"auto, (max-width: 1200px) 100vw, 1200px\" data-image-size=\"post-thumbnail\" data-stateless-media-bucket=\"planet4-sweden-stateless\" data-stateless-media-name=\"2025\/05\/87a738a4-gp034ks_medium-res-1200px.jpg\" \/><\/figure>\n\n\n                <div class=\"wp-block-group group-stretched-link is-layout-flow wp-block-group-is-layout-flow\"><div class=\"wp-block-post-terms\">Greenpeace<\/div>\n                <h3 class=\"wp-block-post-title\"><a href=\"https:\/\/www.greenpeace.org\/sweden\/agera\/ge-en-engangsgava\/\" target=\"_self\" >Ge en eng\u00e5ngsg\u00e5va<\/a><\/h3>\n                <div class=\"wp-block-post-excerpt\"><p class=\"wp-block-post-excerpt__excerpt\">Ge en eng\u00e5ngsg\u00e5va till arbetet f\u00f6r att skydda v\u00e5r planet. <\/p><\/div><\/div>\n                \n\n\n<div class=\"wp-block-group read-more-nav is-layout-flow wp-block-group-is-layout-flow\"><a href=\"https:\/\/www.greenpeace.org\/sweden\/agera\/ge-en-engangsgava\/\" class=\"btn btn-primary btn-small\" aria-label=\"Engagera dig\">Engagera dig<\/a><\/div>\n\n<\/li><\/ul>\n\n\n<div class=\"wp-block-buttons carousel-controls is-horizontal is-content-justification-space-between is-nowrap is-layout-flex wp-container-core-buttons-is-layout-044bd602 wp-block-buttons-is-layout-flex\">\n<div class=\"wp-block-button carousel-control-prev\"><button type=\"button\" class=\"wp-block-button__link wp-element-button\">Prev<\/button><\/div>\n\n\n\n<div class=\"wp-block-button carousel-control-next\"><button type=\"button\" class=\"wp-block-button__link wp-element-button\">Next<\/button><\/div>\n<\/div>\n\n\n\n<div class=\"wp-block-buttons load-more-actions-container is-content-justification-center is-layout-flex wp-container-core-buttons-is-layout-16018d1d wp-block-buttons-is-layout-flex\">\n<div class=\"wp-block-button is-style-secondary\"><button type=\"button\" class=\"wp-block-button__link wp-element-button\">Load more<\/button><\/div>\n<\/div>\n<\/div>\n\n\n\n<section class=\"block accordion-block wp-block-planet4-blocks-accordion is-style-light\"><header><h2 class=\"page-section-header\">Fr\u00e5gor och svar<\/h2><\/header><div class=\"accordion-content\"><div class=\"accordion-headline\" name=\"Varf\u00f6r finansierar banker fortfarande fossilbranschen?\">Varf\u00f6r finansierar banker fortfarande fossilbranschen?<\/div><div class=\"panel panel-hidden\"><p class=\"accordion-text\">P\u00e5 senare \u00e5r har det blivit ett kraftfullt tryck mot finansiella akt\u00f6rer att s\u00e4lja av, divestera, sina investeringar i klimatskadlig verksamhet, inte minst fossilbolagen. Flera har ocks\u00e5 tagit steg i denna riktning, \u00e4ven om en hel del \u00e5terst\u00e5r. Men n\u00e4r det g\u00e4ller finansieringen, det vill s\u00e4ga bankers sj\u00e4lva k\u00e4rnverksamhet i from av utl\u00e5ning till konkreta projekt eller bolag, har inte mycket h\u00e4nt. Enligt en rapport fr\u00e5n bland andra\u00a0<a rel=\"noreferrer noopener\" target=\"_blank\" href=\"https:\/\/fairfinanceguide.se\/senaste-nytt\/2021\/fossilbanker\/\">Fair Finance Guide<\/a>\u00a0har fyra av fem svenska storbanker, trots Parisavtalet, fortsatt st\u00f6dja fossilbolag med totalt \u00f6ver 450 miljarder i l\u00e5n och investeringar. H\u00e5llbarhet i all \u00e4ra, men s\u00e5 l\u00e4nge det fortfarande finns vinster att g\u00f6ra tycks det f\u00f6r m\u00e5nga v\u00e4ga tyngre \u00e4n klimath\u00e4nsyn. D\u00e4rf\u00f6r \u00e4r det viktigt att \u00f6ka pressen p\u00e5 bankerna att st\u00e4lla om.<\/p><\/div><\/div><div class=\"accordion-content\"><div class=\"accordion-headline\" name=\"Varf\u00f6r jobbar ni s\u00e5 mycket med AP-fonderna?\">Varf\u00f6r jobbar ni s\u00e5 mycket med AP-fonderna?<\/div><div class=\"panel panel-hidden\"><p class=\"accordion-text\">De allm\u00e4nna pensionsfonderna, de s\u00e5 kallade AP-fonderna, \u00e4r fonder som alla som har ett arbete bidrar till genom att en del av l\u00f6nen avs\u00e4tts till dessa fonder. Eftersom de \u00e4r statliga kan vi ut\u00f6va indirekt inflytande p\u00e5 dem genom hur vi r\u00f6star och deltar i det politiska samh\u00e4llslivet. P\u00e5 grund av dess storlek,\u00a0<a rel=\"noreferrer noopener\" target=\"_blank\" href=\"https:\/\/www.omvarlden.se\/opinion\/debatt\/ap-fonderna-maste-salja-sina-innehav-i-fossila-bolag\">AP-fonderna f\u00f6rvaltar omkring 2000 miljarder kronor<\/a>, har deras investeringsbeslut inte bara betydelse f\u00f6r de f\u00f6retag som de v\u00e4ljer att placera i utan ocks\u00e5 som m\u00f6jliga trends\u00e4ttare f\u00f6r andra finansiella akt\u00f6rer, b\u00e5de inom Sverige och utomlands. Ska vi klara av att n\u00e5 v\u00e5ra globala klimat- och milj\u00f6m\u00e5l m\u00e5ste finanssektorn st\u00e4lla om och flytta pengarna fr\u00e5n klimatskadlig verksamhet till h\u00e5llbara l\u00f6sningar. H\u00e4r kan och beh\u00f6ver de svenska AP-fonderna vara f\u00f6reg\u00e5ngare och flytta, inte bara pengar, utan hela finansbranschen.<\/p><\/div><\/div><div class=\"accordion-content\"><div class=\"accordion-headline\" name=\"Hur kan jag spara h\u00e5llbart?\">Hur kan jag spara h\u00e5llbart?<\/div><div class=\"panel panel-hidden\"><p class=\"accordion-text\">\u00c4ven om den viktiga f\u00f6r\u00e4ndringen som beh\u00f6ver ske ligger p\u00e5 en systemniv\u00e5 &#8211; politiker och myndigheter beh\u00f6ver \u00e4ndra f\u00f6ruts\u00e4ttningarna f\u00f6r finansbranschen s\u00e5 att l\u00e5ngsiktig h\u00e5llbarhet snarare \u00e4n kortsiktig vinst blir normen &#8211; spelar det naturligtvis ocks\u00e5 roll hur vi alla agerar. Att engagera sig och st\u00e4lla krav p\u00e5 politiker, banker och fondf\u00f6rvaltare att h\u00e5llbarhet ska vara standard \u00e4r ett exempel. Ett annat exempel \u00e4r att v\u00e4lja hur din premiepension placeras. Om du inte g\u00f6r ett aktivt val f\u00f6rvaltas idag dina pengar av Sjunde AP-fonden, en fond som har\u00a0<a rel=\"noreferrer noopener\" target=\"_blank\" href=\"https:\/\/www.greenpeace.org\/sweden\/debattartiklar\/47932\/forbjud-ap-fonder-att-investera-i-oljebolagen\/\">massiva investeringar i fossil energi<\/a>. Sedan en tid tillbaka \u00e4r det v\u00e4ldigt l\u00e4tt att via pensionsmyndighetens hemsida v\u00e4lja bort fonder som till exempel placerar i fossilbolag. Se en guide f\u00f6r hur du g\u00f6r via \u201c<a rel=\"noreferrer noopener\" target=\"_blank\" href=\"https:\/\/klimatbytet.se\/about.html\">Klimatbytet<\/a>\u201d.<\/p><\/div><\/div><\/section>\n\n\n\n<div style=\"height:10px\" aria-hidden=\"true\" id=\"senaste-nytt\" class=\"wp-block-spacer\"><\/div>\n\n\n\n<div class=\"wp-block-query posts-list p4-query-loop is-custom-layout-list is-layout-flow wp-block-query-is-layout-flow\">\n<div class=\"wp-block-group is-content-justification-space-between is-layout-flex wp-container-core-group-is-layout-3d213aab wp-block-group-is-layout-flex\">\n<h2 class=\"wp-block-heading\">Senaste nytt<\/h2>\n\n\n<li class=\" wp-block-navigation-item see-all-link wp-block-navigation-link\"><a class=\"wp-block-navigation-item__content\"  href=\"https:\/\/www.greenpeace.org\/sweden\/nyheter\/?tag=hallbarainvesteringar&#038;post-type=artiklar\"><span class=\"wp-block-navigation-item__label\">See all posts<\/span><\/a><\/li><\/div>\n\n\n\n<p style=\"margin-top:24px;margin-bottom:36px\"><\/p>\n\n\n\n\n<ul class=\"wp-block-post-template is-layout-flow wp-block-post-template-is-layout-flow\"><li class=\"wp-block-post post-55693 post type-post status-publish format-standard has-post-thumbnail hentry category-energi category-klimat tag-fossilenergi tag-hallbarainvesteringar p4-page-type-artiklar\">\n\n<div class=\"wp-block-columns is-layout-flex wp-container-core-columns-is-layout-9d6595d7 wp-block-columns-is-layout-flex\"><figure class=\"wp-block-post-featured-image\"><a href=\"https:\/\/www.greenpeace.org\/sweden\/artiklar\/klimat\/motioner-mot-fossil-expansion-vid-bankers-arsstammor\/\" target=\"_self\"  ><img loading=\"lazy\" decoding=\"async\" width=\"700\" height=\"600\" src=\"https:\/\/www.greenpeace.org\/static\/planet4-sweden-stateless\/2023\/03\/4303746e-1.jpg\" class=\"attachment-post-thumbnail size-post-thumbnail wp-post-image wp-stateless-item\" alt=\"Motioner mot fossil expansion vid bankers \u00e5rsst\u00e4mmor\" style=\"object-fit:cover;\" srcset=\"https:\/\/www.greenpeace.org\/static\/planet4-sweden-stateless\/2023\/03\/4303746e-1.jpg 700w, https:\/\/www.greenpeace.org\/static\/planet4-sweden-stateless\/2023\/03\/4303746e-1-300x257.jpg 300w, https:\/\/www.greenpeace.org\/static\/planet4-sweden-stateless\/2023\/03\/4303746e-1-397x340.jpg 397w\" sizes=\"auto, (max-width: 700px) 100vw, 700px\" data-image-size=\"post-thumbnail\" data-stateless-media-bucket=\"planet4-sweden-stateless\" data-stateless-media-name=\"2023\/03\/4303746e-1.jpg\" \/><\/a><\/figure>\n\n\n<div class=\"wp-block-group is-layout-flow wp-block-group-is-layout-flow\">\n<div class=\"wp-block-group is-layout-flex wp-block-group-is-layout-flex\"><div class=\"wp-block-post-terms\"><a href=\"https:\/\/www.greenpeace.org\/sweden\/kategori\/energi\/\">Energi<\/a><\/div>\n\n<div class=\"taxonomy-post_tag wp-block-post-terms\"><a href=\"https:\/\/www.greenpeace.org\/sweden\/tag\/fossilenergi\/\" rel=\"tag\">fossilenergi<\/a><span class=\"wp-block-post-terms__separator\"> <\/span><a href=\"https:\/\/www.greenpeace.org\/sweden\/tag\/hallbarainvesteringar\/\" rel=\"tag\">h\u00e5llbarainvesteringar<\/a><\/div><\/div>\n\n\n<h3 class=\"wp-block-post-title\"><a href=\"https:\/\/www.greenpeace.org\/sweden\/artiklar\/klimat\/motioner-mot-fossil-expansion-vid-bankers-arsstammor\/\" target=\"_self\" >Motioner mot fossil expansion vid bankers \u00e5rsst\u00e4mmor<\/a><\/h3>\n\n<div class=\"wp-block-post-excerpt\"><p class=\"wp-block-post-excerpt__excerpt\">Trots att storbankerna har uttalat h\u00f6ga klimatambitioner, forts\u00e4tter de att ge l\u00e5n till fossila bolag. Greenpeace k\u00f6pt aktier i de tre bankerna f\u00f6r att f\u00f6rs\u00f6ka stoppa denna klimatskadliga utl\u00e5ning som g\u00f6r det sv\u00e5rare att n\u00e5 Parisavtalets m\u00e5l. <\/p><\/div>\n\n\n<div class=\"wp-block-group posts-list-meta is-layout-flow wp-block-group-is-layout-flow\"><span class='article-list-item-author'><a href='https:\/\/www.greenpeace.org\/sweden\/author\/rlindahl\/'>Rolf Lindahl<\/a><\/span>\n\n<div class=\"wp-block-post-date\"><time datetime=\"2023-03-03T10:50:44+01:00\">mars 3, 2023<\/time><\/div><\/div>\n<\/div>\n<\/div>\n\n<\/li><li class=\"wp-block-post post-52678 post type-post status-publish format-standard has-post-thumbnail hentry category-energi tag-fossilenergi tag-olja tag-hallbarainvesteringar p4-page-type-artiklar\">\n\n<div class=\"wp-block-columns is-layout-flex wp-container-core-columns-is-layout-9d6595d7 wp-block-columns-is-layout-flex\"><figure class=\"wp-block-post-featured-image\"><a href=\"https:\/\/www.greenpeace.org\/sweden\/artiklar\/energi\/oklart-hur-sjunde-ap-fonden-tanker-paverka-saudiarabiens-oljejatte\/\" target=\"_self\"  ><img loading=\"lazy\" decoding=\"async\" width=\"1200\" height=\"800\" src=\"https:\/\/www.greenpeace.org\/static\/planet4-sweden-stateless\/45d87861-gp0strwgu_medium_res.jpg\" class=\"attachment-post-thumbnail size-post-thumbnail wp-post-image wp-stateless-item\" alt=\"\u201dOklart hur Sjunde AP-fonden t\u00e4nker p\u00e5verka Saudiarabiens oljej\u00e4tte\u201d\" style=\"object-fit:cover;\" data-image-size=\"post-thumbnail\" data-stateless-media-bucket=\"planet4-sweden-stateless\" data-stateless-media-name=\"45d87861-gp0strwgu_medium_res.jpg\" \/><\/a><\/figure>\n\n\n<div class=\"wp-block-group is-layout-flow wp-block-group-is-layout-flow\">\n<div class=\"wp-block-group is-layout-flex wp-block-group-is-layout-flex\"><div class=\"wp-block-post-terms\"><a href=\"https:\/\/www.greenpeace.org\/sweden\/kategori\/energi\/\">Energi<\/a><\/div>\n\n<div class=\"taxonomy-post_tag wp-block-post-terms\"><a href=\"https:\/\/www.greenpeace.org\/sweden\/tag\/fossilenergi\/\" rel=\"tag\">fossilenergi<\/a><span class=\"wp-block-post-terms__separator\"> <\/span><a href=\"https:\/\/www.greenpeace.org\/sweden\/tag\/olja\/\" rel=\"tag\">olja<\/a><span class=\"wp-block-post-terms__separator\"> <\/span><a href=\"https:\/\/www.greenpeace.org\/sweden\/tag\/hallbarainvesteringar\/\" rel=\"tag\">h\u00e5llbarainvesteringar<\/a><\/div><\/div>\n\n\n<h3 class=\"wp-block-post-title\"><a href=\"https:\/\/www.greenpeace.org\/sweden\/artiklar\/energi\/oklart-hur-sjunde-ap-fonden-tanker-paverka-saudiarabiens-oljejatte\/\" target=\"_self\" >\u201dOklart hur Sjunde AP-fonden t\u00e4nker p\u00e5verka Saudiarabiens oljej\u00e4tte\u201d<\/a><\/h3>\n\n<div class=\"wp-block-post-excerpt\"><p class=\"wp-block-post-excerpt__excerpt\">Sjunde AP-fonden f\u00f6rs\u00f6ker legitimera innehav i fossilbolag med sin f\u00f6rm\u00e5ga att ut\u00f6va inflytande. Hur det skulle g\u00e5 till gentemot Saudi Aramco \u00e4r dock en g\u00e5ta. <\/p><\/div>\n\n\n<div class=\"wp-block-group posts-list-meta is-layout-flow wp-block-group-is-layout-flow\"><span class='article-list-item-author'><a href='https:\/\/www.greenpeace.org\/sweden\/author\/rlindahl\/'>Rolf Lindahl<\/a><\/span>\n\n<div class=\"wp-block-post-date\"><time datetime=\"2022-09-29T16:58:27+01:00\">september 29, 2022<\/time><\/div><\/div>\n<\/div>\n<\/div>\n\n<\/li><li class=\"wp-block-post post-51524 post type-post status-publish format-standard has-post-thumbnail hentry category-energi tag-olja tag-fossilenergi tag-hallbarainvesteringar p4-page-type-artiklar\">\n\n<div class=\"wp-block-columns is-layout-flex wp-container-core-columns-is-layout-9d6595d7 wp-block-columns-is-layout-flex\"><figure class=\"wp-block-post-featured-image\"><a href=\"https:\/\/www.greenpeace.org\/sweden\/artiklar\/energi\/finansierar-dina-pengar-putins-krigsmaskin\/\" target=\"_self\"  ><img loading=\"lazy\" decoding=\"async\" width=\"800\" height=\"533\" src=\"https:\/\/www.greenpeace.org\/static\/planet4-sweden-stateless\/2022\/03\/1d03914d-gp1sx0ac_web_size_with_credit_line.jpg\" class=\"attachment-post-thumbnail size-post-thumbnail wp-post-image wp-stateless-item\" alt=\"Finansierar dina pengar Putins krigsmaskin?\" style=\"object-fit:cover;\" srcset=\"https:\/\/www.greenpeace.org\/static\/planet4-sweden-stateless\/2022\/03\/1d03914d-gp1sx0ac_web_size_with_credit_line.jpg 800w, https:\/\/www.greenpeace.org\/static\/planet4-sweden-stateless\/2022\/03\/1d03914d-gp1sx0ac_web_size_with_credit_line-300x200.jpg 300w, https:\/\/www.greenpeace.org\/static\/planet4-sweden-stateless\/2022\/03\/1d03914d-gp1sx0ac_web_size_with_credit_line-768x512.jpg 768w, https:\/\/www.greenpeace.org\/static\/planet4-sweden-stateless\/2022\/03\/1d03914d-gp1sx0ac_web_size_with_credit_line-510x340.jpg 510w\" sizes=\"auto, (max-width: 800px) 100vw, 800px\" data-image-size=\"post-thumbnail\" data-stateless-media-bucket=\"planet4-sweden-stateless\" data-stateless-media-name=\"2022\/03\/1d03914d-gp1sx0ac_web_size_with_credit_line.jpg\" \/><\/a><\/figure>\n\n\n<div class=\"wp-block-group is-layout-flow wp-block-group-is-layout-flow\">\n<div class=\"wp-block-group is-layout-flex wp-block-group-is-layout-flex\"><div class=\"wp-block-post-terms\"><a href=\"https:\/\/www.greenpeace.org\/sweden\/kategori\/energi\/\">Energi<\/a><\/div>\n\n<div class=\"taxonomy-post_tag wp-block-post-terms\"><a href=\"https:\/\/www.greenpeace.org\/sweden\/tag\/olja\/\" rel=\"tag\">olja<\/a><span class=\"wp-block-post-terms__separator\"> <\/span><a href=\"https:\/\/www.greenpeace.org\/sweden\/tag\/fossilenergi\/\" rel=\"tag\">fossilenergi<\/a><span class=\"wp-block-post-terms__separator\"> <\/span><a href=\"https:\/\/www.greenpeace.org\/sweden\/tag\/hallbarainvesteringar\/\" rel=\"tag\">h\u00e5llbarainvesteringar<\/a><\/div><\/div>\n\n\n<h3 class=\"wp-block-post-title\"><a href=\"https:\/\/www.greenpeace.org\/sweden\/artiklar\/energi\/finansierar-dina-pengar-putins-krigsmaskin\/\" target=\"_self\" >Finansierar dina pengar Putins krigsmaskin?<\/a><\/h3>\n\n<div class=\"wp-block-post-excerpt\"><p class=\"wp-block-post-excerpt__excerpt\">Det \u00e4r en n\u00f6dsituation. Att stoppa de pengar som str\u00f6mmar till ryska fossilbolag kan m\u00f6jligg\u00f6ra ett tidigare slut p\u00e5 kriget i Ukraina. \u00d6ver hela v\u00e4rlden har fossila br\u00e4nslen genom \u00e5ren drivit fram konflikter och politisk instabilitet, och de kommer att forts\u00e4tta att g\u00f6ra det s\u00e5 l\u00e4nge vi forts\u00e4tter att konsumera och finansiera dem. <\/p><\/div>\n\n\n<div class=\"wp-block-group posts-list-meta is-layout-flow wp-block-group-is-layout-flow\"><span class='article-list-item-author'><a href='https:\/\/www.greenpeace.org\/sweden\/author\/gp_sweden\/'>Greenpeace Sverige<\/a><\/span>\n\n<div class=\"wp-block-post-date\"><time datetime=\"2022-04-22T10:48:49+01:00\">april 22, 2022<\/time><\/div><\/div>\n<\/div>\n<\/div>\n\n<\/li><\/ul>\n\n\n<div class=\"wp-block-buttons carousel-controls is-horizontal is-content-justification-space-between is-nowrap is-layout-flex wp-container-core-buttons-is-layout-044bd602 wp-block-buttons-is-layout-flex\">\n<div class=\"wp-block-button carousel-control-prev\"><button type=\"button\" class=\"wp-block-button__link wp-element-button\">Previous Carousel Slide<\/button><\/div>\n\n\n\n<div class=\"wp-block-button carousel-control-next\"><button type=\"button\" class=\"wp-block-button__link wp-element-button\">Next Carousel Slide<\/button><\/div>\n<\/div>\n\n\n<li class=\" wp-block-navigation-item see-all-link wp-block-navigation-link\"><a class=\"wp-block-navigation-item__content\"  href=\"https:\/\/www.greenpeace.org\/sweden\/nyheter\/?tag=hallbarainvesteringar&#038;post-type=artiklar\"><span class=\"wp-block-navigation-item__label\">L\u00e4s mer<\/span><\/a><\/li><\/div>\n\n\n\n\n<div class=\"wp-block-group alignfull block has-grey-100-background-color has-background is-layout-flow wp-block-group-is-layout-flow\">\n<div class=\"wp-block-group container is-layout-flow wp-block-group-is-layout-flow\">\n<div style=\"height:24px\" aria-hidden=\"true\" class=\"wp-block-spacer\"><\/div>\n\n\n\n<h3 class=\"wp-block-heading has-text-align-center\">L\u00e4s mer om detta \u00e4mne<\/h3>\n\n\n\n<div style=\"height:24px\" aria-hidden=\"true\" class=\"wp-block-spacer\"><\/div>\n\n\n\n<div class=\"wp-block-columns is-layout-flex wp-container-core-columns-is-layout-9d6595d7 wp-block-columns-is-layout-flex\">\n<div class=\"wp-block-column is-layout-flow wp-block-column-is-layout-flow\">\n<div class=\"wp-block-group group-stretched-link is-layout-flow wp-block-group-is-layout-flow\">\n<figure class=\"wp-block-image aligncenter size-full is-resized force-no-lightbox force-no-caption is-style-rounded-180\"><img loading=\"lazy\" decoding=\"async\" width=\"800\" height=\"533\" src=\"https:\/\/www.greenpeace.org\/static\/planet4-sweden-stateless\/2023\/02\/86a1c169-climate-change-gp028bb_web_size.jpeg\" title=\"\u00d6vergivna uttorkade odlingsf\u00e4lt i Guangdong-provinsen i Kina.\" alt=\"\u00d6vergivna uttorkade odlingsf\u00e4lt i Guangdong-provinsen i Kina. \" class=\"wp-image-55318\" srcset=\"https:\/\/www.greenpeace.org\/static\/planet4-sweden-stateless\/2023\/02\/86a1c169-climate-change-gp028bb_web_size.jpeg 800w, https:\/\/www.greenpeace.org\/static\/planet4-sweden-stateless\/2023\/02\/86a1c169-climate-change-gp028bb_web_size-300x200.jpeg 300w, https:\/\/www.greenpeace.org\/static\/planet4-sweden-stateless\/2023\/02\/86a1c169-climate-change-gp028bb_web_size-768x512.jpeg 768w, https:\/\/www.greenpeace.org\/static\/planet4-sweden-stateless\/2023\/02\/86a1c169-climate-change-gp028bb_web_size-510x340.jpeg 510w\" sizes=\"auto, (max-width: 800px) 100vw, 800px\" \/><figcaption class=\"wp-element-caption\">Once fertile, these fields outside Gurao in Shantou, have now been abandoned. In Gurao, where the economy is centered around textile production, Greenpeace has found high levels of industrial pollution and has documented the effects on the community.<\/figcaption><\/figure>\n\n\n\n<h5 class=\"wp-block-heading has-text-align-center is-style-chevron\" style=\"font-size:1rem\"><a href=\"https:\/\/www.greenpeace.org\/sweden\/?page_id=54263\">Klimatf\u00f6r\u00e4ndringar<\/a><\/h5>\n\n\n\n<div style=\"height:16px\" aria-hidden=\"true\" class=\"wp-block-spacer\"><\/div>\n<\/div>\n<\/div>\n\n\n\n<div class=\"wp-block-column is-layout-flow wp-block-column-is-layout-flow\">\n<div class=\"wp-block-group group-stretched-link is-layout-flow wp-block-group-is-layout-flow\">\n<figure class=\"wp-block-image aligncenter size-full is-resized force-no-lightbox force-no-caption is-style-rounded-180\"><img loading=\"lazy\" decoding=\"async\" width=\"800\" height=\"533\" src=\"https:\/\/www.greenpeace.org\/static\/planet4-sweden-stateless\/2023\/02\/2b507528-gp0str9ex_web_size.jpg\" title=\"Demonstration under FNs klimatf\u00f6rhandlingar me en skylt som s\u00e4ger Bla, bla, bla. Act Now!\" alt=\"Demonstration under FNs klimatf\u00f6rhandlingar me en skylt som s\u00e4ger Bla, bla, bla. Act Now!\" class=\"wp-image-55051\" srcset=\"https:\/\/www.greenpeace.org\/static\/planet4-sweden-stateless\/2023\/02\/2b507528-gp0str9ex_web_size.jpg 800w, https:\/\/www.greenpeace.org\/static\/planet4-sweden-stateless\/2023\/02\/2b507528-gp0str9ex_web_size-300x200.jpg 300w, https:\/\/www.greenpeace.org\/static\/planet4-sweden-stateless\/2023\/02\/2b507528-gp0str9ex_web_size-768x512.jpg 768w, https:\/\/www.greenpeace.org\/static\/planet4-sweden-stateless\/2023\/02\/2b507528-gp0str9ex_web_size-510x340.jpg 510w\" sizes=\"auto, (max-width: 800px) 100vw, 800px\" \/><figcaption class=\"wp-element-caption\">Greenpeace activists at the climate march in Bonn. The environmental activists display a banner with the message &#8221;No to coal. Yes to renewables&#8221; to demand Europe to act for climate protection and shift to green energy.\nThe twenty-third session of the Conference of the Parties (COP 23) takes place from 6-17 November in Bonn and will be presided over by the Government of Fiji.<\/figcaption><\/figure>\n\n\n\n<h5 class=\"wp-block-heading has-text-align-center is-style-chevron\" style=\"font-size:1rem\"><a href=\"https:\/\/www.greenpeace.org\/sweden\/?page_id=54266\">Klimatpolitik<\/a><\/h5>\n\n\n\n<div style=\"height:16px\" aria-hidden=\"true\" class=\"wp-block-spacer\"><\/div>\n<\/div>\n<\/div>\n\n\n\n<div class=\"wp-block-column is-layout-flow wp-block-column-is-layout-flow\">\n<div class=\"wp-block-group group-stretched-link is-layout-flow wp-block-group-is-layout-flow\">\n<figure class=\"wp-block-image aligncenter size-full is-resized force-no-lightbox force-no-caption is-style-rounded-180\"><img loading=\"lazy\" decoding=\"async\" width=\"800\" height=\"600\" src=\"https:\/\/www.greenpeace.org\/static\/planet4-sweden-stateless\/2023\/02\/14b80ea8-gp1su023_web_size.jpg\" title=\"Aktivister utanf\u00f6r Preems bensinstation med skylt som s\u00e4ger caution green wash\" alt=\"Aktivister utanf\u00f6r Preems bensinstation med skylt som s\u00e4ger caution green wash\" class=\"wp-image-55038\" srcset=\"https:\/\/www.greenpeace.org\/static\/planet4-sweden-stateless\/2023\/02\/14b80ea8-gp1su023_web_size.jpg 800w, https:\/\/www.greenpeace.org\/static\/planet4-sweden-stateless\/2023\/02\/14b80ea8-gp1su023_web_size-300x225.jpg 300w, https:\/\/www.greenpeace.org\/static\/planet4-sweden-stateless\/2023\/02\/14b80ea8-gp1su023_web_size-768x576.jpg 768w, https:\/\/www.greenpeace.org\/static\/planet4-sweden-stateless\/2023\/02\/14b80ea8-gp1su023_web_size-453x340.jpg 453w\" sizes=\"auto, (max-width: 800px) 100vw, 800px\" \/><figcaption class=\"wp-element-caption\">Greenpeace Sweden activists stand outside Preem gas stations in Gothenburg with banners and a warning sign reading &#8221;Caution Green Wash&#8221;. The activists are protesting against the planned expansion of Preem&#8217;s oil refinery, and highlighting the systematic green-washing Preem has made to promote themselves as more climate friendly than they are.<\/figcaption><\/figure>\n\n\n\n<h5 class=\"wp-block-heading has-text-align-center is-style-chevron\" style=\"font-size:1rem\"><a href=\"https:\/\/www.greenpeace.org\/sweden\/?page_id=54318\">Greenwashing<\/a><\/h5>\n\n\n\n<div style=\"height:16px\" aria-hidden=\"true\" class=\"wp-block-spacer\"><\/div>\n<\/div>\n<\/div>\n\n\n\n<div class=\"wp-block-column is-layout-flow wp-block-column-is-layout-flow\">\n<div class=\"wp-block-group group-stretched-link is-layout-flow wp-block-group-is-layout-flow\">\n<figure class=\"wp-block-image aligncenter size-full is-resized force-no-lightbox force-no-caption is-style-rounded-180\"><img loading=\"lazy\" decoding=\"async\" width=\"800\" height=\"533\" src=\"https:\/\/www.greenpeace.org\/static\/planet4-sweden-stateless\/2023\/02\/7fc0755c-konsumtion_miljogifter-greenpeace_gp0stsqbc_web_size.jpeg\" alt=\"Under f\u00e4ltstudier genomf\u00f6rda av Greenpeace Malaysia uppt\u00e4cktes en dumpplats (soptipp) d\u00e4r avfall fr\u00e5n \u00f6ver 19 olika l\u00e4nder dumpats. Unders\u00f6kningen avsl\u00f6jade olagliga tillv\u00e4gag\u00e5ngss\u00e4tt och brott mot milj\u00f6policys som b\u00e5de skadar m\u00e4nniskors h\u00e4lsa och v\u00e5r planet. \" class=\"wp-image-55309\" srcset=\"https:\/\/www.greenpeace.org\/static\/planet4-sweden-stateless\/2023\/02\/7fc0755c-konsumtion_miljogifter-greenpeace_gp0stsqbc_web_size.jpeg 800w, https:\/\/www.greenpeace.org\/static\/planet4-sweden-stateless\/2023\/02\/7fc0755c-konsumtion_miljogifter-greenpeace_gp0stsqbc_web_size-300x200.jpeg 300w, https:\/\/www.greenpeace.org\/static\/planet4-sweden-stateless\/2023\/02\/7fc0755c-konsumtion_miljogifter-greenpeace_gp0stsqbc_web_size-768x512.jpeg 768w, https:\/\/www.greenpeace.org\/static\/planet4-sweden-stateless\/2023\/02\/7fc0755c-konsumtion_miljogifter-greenpeace_gp0stsqbc_web_size-510x340.jpeg 510w\" sizes=\"auto, (max-width: 800px) 100vw, 800px\" \/><figcaption class=\"wp-element-caption\">Greenpeace Malaysia has been conducting a field investigation on the broken system of recycling and how it impacts Malaysian society. The findings were shocking: a new \u2018dump site\u2019 of plastic waste from more than 19 countries &#8212; most of them are developed countries. The investigation found illegal practices, and blatant violations causing environmental pollution as well as harming people\u2019s health conditions.\nSince China banned plastic waste imports in January 2018, countries in Southeast Asia &#8211; particularly Vietnam, Thailand and Malaysia &#8211; have accepted an increased amount of plastic waste. Between January and July 2018 alone, Malaysia imported 754,000 metric tonnes of plastic &#8212; the weight of approximately 100,000 large elephants. It came from countries like the United States, Japan, UK, Australia, New Zealand, Finland, France, Belgium, Germany, Spain, Sweden and Switzerland.<\/figcaption><\/figure>\n\n\n\n<h5 class=\"wp-block-heading has-text-align-center is-style-chevron\" style=\"font-size:1rem\"><a href=\"https:\/\/www.greenpeace.org\/sweden\/?page_id=54314\">Konsumtion<\/a><\/h5>\n\n\n\n<div style=\"height:16px\" aria-hidden=\"true\" class=\"wp-block-spacer\"><\/div>\n<\/div>\n<\/div>\n<\/div>\n<\/div>\n<\/div>\n\n\n\n\n\n<div class=\"wp-block-group alignfull block mb-0 has-white-background-color has-background is-layout-flow wp-block-group-is-layout-flow\">\n<div class=\"wp-block-group container is-layout-flow wp-block-group-is-layout-flow\">\n<h5 class=\"wp-block-heading has-text-align-center\">Utforska andra \u00e4mnen<\/h5>\n\n\n\n<div style=\"height:24px\" aria-hidden=\"true\" class=\"wp-block-spacer\"><\/div>\n\n\n\n<div class=\"wp-block-columns is-not-stacked-on-mobile is-style-mobile-carousel is-layout-flex wp-container-core-columns-is-layout-9d6595d7 wp-block-columns-is-layout-flex\">\n<div class=\"wp-block-column is-layout-flow wp-block-column-is-layout-flow\">\n<div class=\"wp-block-group group-stretched-link is-layout-flow wp-block-group-is-layout-flow\">\n<figure class=\"wp-block-image aligncenter size-full is-resized is-style-rounded-90 force-no-lightbox force-no-caption mb-0\"><img loading=\"lazy\" decoding=\"async\" width=\"800\" height=\"553\" src=\"https:\/\/www.greenpeace.org\/static\/planet4-sweden-stateless\/2023\/02\/2f51be5c-gp02k1m_web_size.jpg\" alt=\"F\u00e4rgglada fiskar framf\u00f6r korallrev\" class=\"wp-image-54884\" srcset=\"https:\/\/www.greenpeace.org\/static\/planet4-sweden-stateless\/2023\/02\/2f51be5c-gp02k1m_web_size.jpg 800w, https:\/\/www.greenpeace.org\/static\/planet4-sweden-stateless\/2023\/02\/2f51be5c-gp02k1m_web_size-300x207.jpg 300w, https:\/\/www.greenpeace.org\/static\/planet4-sweden-stateless\/2023\/02\/2f51be5c-gp02k1m_web_size-768x531.jpg 768w, https:\/\/www.greenpeace.org\/static\/planet4-sweden-stateless\/2023\/02\/2f51be5c-gp02k1m_web_size-492x340.jpg 492w\" sizes=\"auto, (max-width: 800px) 100vw, 800px\" \/><figcaption class=\"wp-element-caption\">Schooling fish swim over a coral reef. Once having the highest income per capita in the Pacific, Nauru&#8217;s economy and environment collapsed after decades of phosphate mining had been depleted. With virtually nothing more to trade, the island nation is staking its hopes on protection of fisheries in its waters and the nearby international waters.<\/figcaption><\/figure>\n\n\n\n<div style=\"height:16px\" aria-hidden=\"true\" class=\"wp-block-spacer\"><\/div>\n\n\n\n<h5 class=\"wp-block-heading has-text-align-center\" style=\"font-size:1rem\"><a href=\"https:\/\/www.greenpeace.org\/sweden\/?page_id=54247\">Hav<\/a><\/h5>\n<\/div>\n<\/div>\n\n\n\n<div class=\"wp-block-column is-layout-flow wp-block-column-is-layout-flow\">\n<div class=\"wp-block-group group-stretched-link is-layout-flow wp-block-group-is-layout-flow\">\n<figure class=\"wp-block-image aligncenter size-full is-resized is-style-rounded-90 force-no-lightbox force-no-caption mb-0\"><img loading=\"lazy\" decoding=\"async\" width=\"799\" height=\"449\" src=\"https:\/\/www.greenpeace.org\/static\/planet4-sweden-stateless\/2023\/02\/d7cd8025-gp0str3iq_web_size.jpg\" alt=\"Bild p\u00e5 tr\u00e4d tagna rakt uppifr\u00e5n fr\u00e5n luften\" class=\"wp-image-54625\" srcset=\"https:\/\/www.greenpeace.org\/static\/planet4-sweden-stateless\/2023\/02\/d7cd8025-gp0str3iq_web_size.jpg 799w, https:\/\/www.greenpeace.org\/static\/planet4-sweden-stateless\/2023\/02\/d7cd8025-gp0str3iq_web_size-300x169.jpg 300w, https:\/\/www.greenpeace.org\/static\/planet4-sweden-stateless\/2023\/02\/d7cd8025-gp0str3iq_web_size-768x432.jpg 768w, https:\/\/www.greenpeace.org\/static\/planet4-sweden-stateless\/2023\/02\/d7cd8025-gp0str3iq_web_size-510x287.jpg 510w\" sizes=\"auto, (max-width: 799px) 100vw, 799px\" \/><\/figure>\n\n\n\n<div style=\"height:16px\" aria-hidden=\"true\" class=\"wp-block-spacer\"><\/div>\n\n\n\n<h5 class=\"wp-block-heading has-text-align-center\" style=\"font-size:1rem\"><a href=\"https:\/\/www.greenpeace.org\/sweden\/?page_id=54244\">Skog<\/a><\/h5>\n<\/div>\n<\/div>\n\n\n\n<div class=\"wp-block-column is-layout-flow wp-block-column-is-layout-flow\">\n<div class=\"wp-block-group group-stretched-link is-layout-flow wp-block-group-is-layout-flow\">\n<figure class=\"wp-block-image aligncenter size-full is-resized is-style-rounded-90 force-no-lightbox force-no-caption mb-0\"><img loading=\"lazy\" decoding=\"async\" width=\"800\" height=\"451\" src=\"https:\/\/www.greenpeace.org\/static\/planet4-sweden-stateless\/2023\/02\/406677f9-gp1su99g_web_size.jpg\" alt=\"oljerigg i solnedg\u00e5ng med r\u00f6d himmel\" class=\"wp-image-54903\" srcset=\"https:\/\/www.greenpeace.org\/static\/planet4-sweden-stateless\/2023\/02\/406677f9-gp1su99g_web_size.jpg 800w, https:\/\/www.greenpeace.org\/static\/planet4-sweden-stateless\/2023\/02\/406677f9-gp1su99g_web_size-300x169.jpg 300w, https:\/\/www.greenpeace.org\/static\/planet4-sweden-stateless\/2023\/02\/406677f9-gp1su99g_web_size-768x433.jpg 768w, https:\/\/www.greenpeace.org\/static\/planet4-sweden-stateless\/2023\/02\/406677f9-gp1su99g_web_size-510x288.jpg 510w\" sizes=\"auto, (max-width: 800px) 100vw, 800px\" \/><figcaption class=\"wp-element-caption\">The sun sets behind Total&#8217;s Culzean Platforms located in the Culzean Field. Culzean is a gas condensate field located in the British North Sea, 230 kilometres off the coast of Aberdeen.\nDie Sonne geht hinter den von Total betriebenen Culzean-Plattformen unter. Die Plattformen stehen im  Culzean Feld, einem Gaskondensatfeld in der britischen Nordsee, etwa 230 Kilometer vor der K\u00fcste von Aberdeen entfernt.<\/figcaption><\/figure>\n\n\n\n<div style=\"height:16px\" aria-hidden=\"true\" class=\"wp-block-spacer\"><\/div>\n\n\n\n<h5 class=\"wp-block-heading has-text-align-center\" style=\"font-size:1rem\"><a href=\"https:\/\/www.greenpeace.org\/sweden\/?page_id=54250\">Energi<\/a><\/h5>\n<\/div>\n<\/div>\n<\/div>\n<\/div>\n<\/div>\n\n<\/div>\n","protected":false},"excerpt":{"rendered":"<p>Finansbranschens roll i klimatf\u00f6r\u00e4ndringen. Om vi flyttar pengarna fr\u00e5n kol, olja och gas kan v\u00e5ra besparingar bli en del av l\u00f6sningen ist\u00e4llet f\u00f6r problemet!<\/p>\n","protected":false},"author":45,"featured_media":11498,"parent":54216,"menu_order":0,"comment_status":"closed","ping_status":"closed","template":"","meta":{"ep_exclude_from_search":false,"p4_hide_page_title_checkbox":"on","p4_title":"","p4_subtitle":"","p4_description":"","background_image_id":"","background_image":"","p4_button_title":"","p4_button_link":"","p4_button_link_checkbox":"","p4_og_title":"","p4_og_description":"","p4_og_image":"","p4_og_image_id":"","p4_seo_canonical_url":"","p4_campaign_name":"not set","p4_local_project":"not set","p4_basket_name":"not set","p4_department":"","footnotes":""},"categories":[2],"tags":[56],"class_list":["post-54268","page","type-page","status-publish","has-post-thumbnail","hentry","category-klimat","tag-hallbarainvesteringar"],"_links":{"self":[{"href":"https:\/\/www.greenpeace.org\/sweden\/wp-json\/wp\/v2\/pages\/54268","targetHints":{"allow":["GET"]}}],"collection":[{"href":"https:\/\/www.greenpeace.org\/sweden\/wp-json\/wp\/v2\/pages"}],"about":[{"href":"https:\/\/www.greenpeace.org\/sweden\/wp-json\/wp\/v2\/types\/page"}],"author":[{"embeddable":true,"href":"https:\/\/www.greenpeace.org\/sweden\/wp-json\/wp\/v2\/users\/45"}],"replies":[{"embeddable":true,"href":"https:\/\/www.greenpeace.org\/sweden\/wp-json\/wp\/v2\/comments?post=54268"}],"version-history":[{"count":20,"href":"https:\/\/www.greenpeace.org\/sweden\/wp-json\/wp\/v2\/pages\/54268\/revisions"}],"predecessor-version":[{"id":66302,"href":"https:\/\/www.greenpeace.org\/sweden\/wp-json\/wp\/v2\/pages\/54268\/revisions\/66302"}],"up":[{"embeddable":true,"href":"https:\/\/www.greenpeace.org\/sweden\/wp-json\/wp\/v2\/pages\/54216"}],"wp:featuredmedia":[{"embeddable":true,"href":"https:\/\/www.greenpeace.org\/sweden\/wp-json\/wp\/v2\/media\/11498"}],"wp:attachment":[{"href":"https:\/\/www.greenpeace.org\/sweden\/wp-json\/wp\/v2\/media?parent=54268"}],"wp:term":[{"taxonomy":"category","embeddable":true,"href":"https:\/\/www.greenpeace.org\/sweden\/wp-json\/wp\/v2\/categories?post=54268"},{"taxonomy":"post_tag","embeddable":true,"href":"https:\/\/www.greenpeace.org\/sweden\/wp-json\/wp\/v2\/tags?post=54268"}],"curies":[{"name":"wp","href":"https:\/\/api.w.org\/{rel}","templated":true}]}}