{"id":54275,"date":"2023-02-24T14:45:38","date_gmt":"2023-02-24T13:45:38","guid":{"rendered":"https:\/\/www.greenpeace.org\/sweden\/?page_id=54275"},"modified":"2026-04-08T09:59:52","modified_gmt":"2026-04-08T08:59:52","slug":"fiske","status":"publish","type":"page","link":"https:\/\/www.greenpeace.org\/sweden\/hav\/fiske\/","title":{"rendered":"\u00d6verfiske"},"content":{"rendered":"\n<div class=\"wp-block-group is-pattern-p4-deep-dive-topic-pattern-layout mb-0 is-layout-flow wp-block-group-is-layout-flow\">\n\n<div class=\"wp-block-group alignfull has-grey-100-background-color has-background is-layout-flow wp-block-group-is-layout-flow\" style=\"padding-top:56px;padding-bottom:56px\">\n<div class=\"wp-block-group container is-layout-flow wp-block-group-is-layout-flow\">\n<div class=\"wp-block-media-text alignfull has-media-on-the-right is-stacked-on-mobile is-pattern-p4-page-header is-style-parallax\"><div class=\"wp-block-media-text__content\">\n<div class=\"wp-block-group is-layout-flow wp-block-group-is-layout-flow\">\n<h1 class=\"wp-block-heading has-grey-100-background-color has-background\">\u00d6verfiske<\/h1>\n<\/div>\n\n\n\n<p style=\"font-size:1.25rem\">Det h\u00e5rda fisketrycket mot v\u00e4rldens hav och kustn\u00e4ra vatten \u00e4r ett av de st\u00f6rsta hoten mot de marina ekosystemen. Det absolut b\u00e4sta s\u00e4ttet att reglera fisket och l\u00e5ta haven \u00e5terh\u00e4mta sig \u00e4r genom att skapa stora skyddade omr\u00e5den och f\u00f6rbjuda destruktivt fiske.<\/p>\n\n\n\n<div class=\"wp-block-buttons is-layout-flex wp-block-buttons-is-layout-flex\">\n<div class=\"wp-block-button is-style-cta\"><a class=\"wp-block-button__link wp-element-button\" href=\"https:\/\/www.greenpeace.org\/sweden\/agera\/ingen-plast-i-haven\/\">Skriv p\u00e5 f\u00f6r ett starkt globalt havsavtal!<\/a><\/div>\n<\/div>\n<\/div><figure class=\"wp-block-media-text__media\"><img loading=\"lazy\" decoding=\"async\" width=\"800\" height=\"532\" src=\"https:\/\/www.greenpeace.org\/static\/planet4-sweden-stateless\/2023\/02\/9fb001e3-gp0gdg_web_size.jpg\" alt=\"Stim med bl\u00e5fenad tonfisk fotat underifr\u00e5n\" sizes=\"auto, (min-width: 601px) 50vw, 100vw\" srcset=\"https:\/\/www.greenpeace.org\/static\/planet4-sweden-stateless\/2023\/02\/9fb001e3-gp0gdg_web_size.jpg 800w, https:\/\/www.greenpeace.org\/static\/planet4-sweden-stateless\/2023\/02\/9fb001e3-gp0gdg_web_size-300x200.jpg 300w, https:\/\/www.greenpeace.org\/static\/planet4-sweden-stateless\/2023\/02\/9fb001e3-gp0gdg_web_size-768x511.jpg 768w, https:\/\/www.greenpeace.org\/static\/planet4-sweden-stateless\/2023\/02\/9fb001e3-gp0gdg_web_size-510x340.jpg 510w\" class=\"wp-image-54965 size-full\"\/><\/figure><\/div>\n<\/div>\n<\/div>\n\n\n\n\n<style>.wp-block-group.alignfull.has-background.is-layout-flow{padding:0!important;}<\/style>\n\n<div style=\"height:15px\" aria-hidden=\"true\" class=\"wp-block-spacer\"><\/div>\n\n<div class=\"wp-block-columns is-style-mobile-carousel secondary-menu is-layout-flex wp-container-core-columns-is-layout-9d6595d7 wp-block-columns-is-layout-flex\">\n<div class=\"wp-block-column is-layout-flow wp-block-column-is-layout-flow\" style=\"flex-basis:15%\"><\/div>\n\n\n\n<div class=\"wp-block-column brdr-bottom is-layout-flow wp-block-column-is-layout-flow\">\n<div class=\"wp-block-group is-style-reset-margin flex-wrap is-content-justification-center is-nowrap is-layout-flex wp-container-core-group-is-layout-499140ed wp-block-group-is-layout-flex\">\n<p class=\"has-text-align-center is-style-roboto-font-family nav-link\" style=\"font-size:16px\"><a href=\"#problemet\">Problemet<\/a><\/p>\n\n\n\n<div style=\"height:30px;width:0px\" aria-hidden=\"true\" class=\"wp-block-spacer wp-container-content-728072c3\"><\/div>\n\n\n\n<p>\u2022<\/p>\n\n\n\n<div style=\"height:30px;width:0px\" aria-hidden=\"true\" class=\"wp-block-spacer wp-container-content-728072c3\"><\/div>\n\n\n\n<p class=\"has-text-align-center is-style-roboto-font-family nav-link\" style=\"font-size:16px\"><a href=\"#vad-vi-gor\">Vad vi g\u00f6r<\/a><\/p>\n\n\n\n<div style=\"height:30px;width:0px\" aria-hidden=\"true\" class=\"wp-block-spacer wp-container-content-728072c3\"><\/div>\n\n\n\n<p>\u2022<\/p>\n\n\n\n<div style=\"height:30px;width:0px\" aria-hidden=\"true\" class=\"wp-block-spacer wp-container-content-728072c3\"><\/div>\n\n\n\n<p class=\"has-text-align-center is-style-roboto-font-family nav-link\" style=\"font-size:16px\"><a href=\"#vad-kan-du-gora\">Vad du kan g\u00f6ra<\/a><\/p>\n\n\n\n<div style=\"height:30px;width:0px\" aria-hidden=\"true\" class=\"wp-block-spacer wp-container-content-728072c3\"><\/div>\n\n\n\n<p>\u2022<\/p>\n\n\n\n<div style=\"height:30px;width:0px\" aria-hidden=\"true\" class=\"wp-block-spacer wp-container-content-728072c3\"><\/div>\n\n\n\n<p class=\"is-style-roboto-font-family nav-link\" style=\"font-size:16px\"><a href=\"#senaste-nytt\">Senaste nytt<\/a><\/p>\n\n\n\n<div style=\"height:30px;width:0px\" aria-hidden=\"true\" class=\"wp-block-spacer wp-container-content-728072c3\"><\/div>\n<\/div>\n<\/div>\n\n\n\n<div class=\"wp-block-column is-layout-flow wp-block-column-is-layout-flow\" style=\"flex-basis:15%\"><\/div>\n<\/div>\n\n\n\n<div style=\"height:64px\" aria-hidden=\"true\" class=\"wp-block-spacer\"><\/div>\n\n\n\n\n<div class=\"wp-block-media-text alignwide is-stacked-on-mobile\"><figure class=\"wp-block-media-text__media\"><img loading=\"lazy\" decoding=\"async\" width=\"532\" height=\"799\" src=\"https:\/\/www.greenpeace.org\/static\/planet4-sweden-stateless\/2023\/02\/4ac360ef-gp03qpn_web_size.jpg\" alt=\"Monstertr\u00e5lare\" sizes=\"auto, (min-width: 1600px) calc((1320px - 24px) \/ 2),(min-width: 1200px) calc((1140px - 24px) \/ 2),(min-width: 992px) calc((960px - 24px) \/ 2),(min-width: 768px) calc((720px - 24px) \/ 2),(min-width: 601px) calc((540px - 24px) \/ 2),(min-width: 577px) calc((540px - 24px) \/ 1), calc(100vw - 24px)\" srcset=\"https:\/\/www.greenpeace.org\/static\/planet4-sweden-stateless\/2023\/02\/4ac360ef-gp03qpn_web_size.jpg 532w, https:\/\/www.greenpeace.org\/static\/planet4-sweden-stateless\/2023\/02\/4ac360ef-gp03qpn_web_size-200x300.jpg 200w, https:\/\/www.greenpeace.org\/static\/planet4-sweden-stateless\/2023\/02\/4ac360ef-gp03qpn_web_size-226x340.jpg 226w\" class=\"wp-image-54964 size-full\"\/><\/figure><div class=\"wp-block-media-text__content\">\n<div style=\"height:10px\" aria-hidden=\"true\" id=\"problemet\" class=\"wp-block-spacer\"><\/div>\n\n\n\n<h2 class=\"wp-block-heading\">Problemet<\/h2>\n\n\n\n<p>Dagens industriella fiske kan b\u00e4st beskrivas som en t\u00e4vling i rovdrift, som systematiskt suger ut livet i havet och l\u00e4mnar efter sig upprivna havsbottnar och \u00f6de havslandskap.<br>Av det \u00f6ppna havet, som ligger utanf\u00f6r nationell jurisdiktion och utg\u00f6r 70 procent av havets vattenmassa, \u00e4r endast tre procent skyddat fr\u00e5n destruktiv m\u00e4nsklig aktivitet. P\u00e5 de \u00f6vriga 97 procenten r\u00e5der full lagl\u00f6shet. D\u00e4r f\u00e4rdas monstertr\u00e5lare i skytteltrafik medan de dammsuger haven p\u00e5 liv och l\u00e4mnar sm\u00e5skaliga kustfiskare med tomma n\u00e4t. Detta har lett till att 90 procent av v\u00e4rldens fiskbest\u00e5nd nu antingen \u00e4r utfiskade eller fiskas maximalt. Sverige \u00e4r inget undantag. P\u00e5 v\u00e4stkusten har de stora rovfiskarna i stort sett helt f\u00f6rsvunnit. I \u00d6stersj\u00f6n har torsken kollapsat och sillen och str\u00f6mmingen ser ut att g\u00e5 samma \u00f6de till m\u00f6tes. Trots larmrapporter om kollapsade best\u00e5nd \u00f6kade EU fiskekvoterna f\u00f6r 2023 p\u00e5 bland annat sill i centrala \u00d6stersj\u00f6n med 14 procent, ett f\u00f6rslag som majoriteten av riksdagspartierna st\u00e4llde sig positiva till. Verklighetsfr\u00e5nv\u00e4nt men knappast f\u00f6rv\u00e5nande, d\u00e5 det har blivit snarare regel \u00e4n undantag att EU:s fiskekvoter g\u00e5r p\u00e5 tv\u00e4rs med vetenskapens rekommendationer.<\/p>\n\n\n\n<div class=\"wp-block-buttons is-layout-flex wp-block-buttons-is-layout-flex\"><\/div>\n<\/div><\/div>\n\n\n\n\n\n<div class=\"wp-block-media-text alignwide has-media-on-the-right is-stacked-on-mobile\"><div class=\"wp-block-media-text__content\">\n<div style=\"height:10px\" aria-hidden=\"true\" id=\"vad-vi-gor\" class=\"wp-block-spacer\"><\/div>\n\n\n\n<h2 class=\"wp-block-heading\">Vad vi g\u00f6r<\/h2>\n\n\n\n<p>Fiske \u00e4r en fr\u00e5ga som Greenpeace har arbetat med fr\u00e5n organisationens start. Det finns m\u00e5nga s\u00e4tt att lokalt och regionalt skydda de marina ekosystemen fr\u00e5n kollaps, exempelvis genom str\u00e4ngare fiskekvoter och f\u00f6rbud av vissa s\u00e4rskilt destruktiva fiskerimetoder, s\u00e5som bottentr\u00e5ling. Men den storskaliga och l\u00e5ngsiktiga l\u00f6sningen f\u00f6r situationen i havet stavas havsreservat. Det vill s\u00e4ga skyddade omr\u00e5den som \u00e4r helt eller delvis skyddade fr\u00e5n all typ av fiske, och med totalf\u00f6rbud f\u00f6r industrifiske. Dessa omr\u00e5den m\u00e5ste vara streategiskt utvalda f\u00f6r att maximera vinningen f\u00f6r den biologiska m\u00e5ngfalden och \u00e5terh\u00e4mtningen f\u00f6r marina ekosystem. Det kan handla om platser rika p\u00e5 korallrev, d\u00e4r fiskar kan leka och s\u00f6ka skydd fr\u00e5n predatorer. Forskarv\u00e4rlden \u00e4r enig om att minst 30 procent av det \u00f6ppna havet m\u00e5ste skyddas till senast 2030. Dessutom beh\u00f6ver enskilda l\u00e4nder sk\u00e4rpa sina nationella milj\u00f6lagar och skapa starkare och mer omfattande skydd f\u00f6r kustn\u00e4ra havsomr\u00e5den.<\/p>\n\n\n\n<div class=\"wp-block-buttons is-layout-flex wp-block-buttons-is-layout-flex\"><\/div>\n<\/div><figure class=\"wp-block-media-text__media\"><img loading=\"lazy\" decoding=\"async\" width=\"533\" height=\"800\" src=\"https:\/\/www.greenpeace.org\/static\/planet4-sweden-stateless\/2023\/02\/74cf507d-gp1sz4ri_web_size.jpg\" alt=\"Projicering p\u00e5 Brooklyn Bridge under de globala havsf\u00f6rhandlingarna i New York med budskapet Protect the Oceans\" sizes=\"auto, (min-width: 1600px) calc((1320px - 24px) \/ 2),(min-width: 1200px) calc((1140px - 24px) \/ 2),(min-width: 992px) calc((960px - 24px) \/ 2),(min-width: 768px) calc((720px - 24px) \/ 2),(min-width: 601px) calc((540px - 24px) \/ 2),(min-width: 577px) calc((540px - 24px) \/ 1), calc(100vw - 24px)\" srcset=\"https:\/\/www.greenpeace.org\/static\/planet4-sweden-stateless\/2023\/02\/74cf507d-gp1sz4ri_web_size.jpg 533w, https:\/\/www.greenpeace.org\/static\/planet4-sweden-stateless\/2023\/02\/74cf507d-gp1sz4ri_web_size-200x300.jpg 200w, https:\/\/www.greenpeace.org\/static\/planet4-sweden-stateless\/2023\/02\/74cf507d-gp1sz4ri_web_size-227x340.jpg 227w\" class=\"wp-image-54968 size-full\"\/><\/figure><\/div>\n\n\n\n\n<div style=\"height:50px\" aria-hidden=\"true\" id=\"vad-kan-du-gora\" class=\"wp-block-spacer\"><\/div>\n\n\n\n<div class=\"wp-block-query mb-0 actions-list p4-query-loop is-custom-layout-carousel is-layout-flex wp-block-query-is-layout-flex\">\n<h2 class=\"wp-block-heading\">Vad kan du g\u00f6ra<\/h2>\n\n\n\n<p style=\"margin-top:24px;margin-bottom:32px\">S\u00e4tt press p\u00e5 politikerna! Tillsammans kan vi r\u00e4dda haven! S\u00e4tt press p\u00e5 svenska regeringen att h\u00e5lla vad man lovat: att s\u00e4kerst\u00e4lla att det globala havsavtalet m\u00f6jligg\u00f6r skyddet f\u00f6r minst 30 procent av det \u00f6ppna havet till senast 2030. <\/p>\n\n\n\n\n<ul class=\"wp-block-post-template is-layout-flow wp-block-post-template-is-layout-flow\"><li class=\"wp-block-post post-63432 page type-page status-publish has-post-thumbnail hentry category-greenpeace tag-stod-oss\">\n<figure class=\"wp-block-post-featured-image\"><img loading=\"lazy\" decoding=\"async\" width=\"2560\" height=\"1440\" src=\"https:\/\/www.greenpeace.org\/static\/planet4-sweden-stateless\/2025\/06\/e5f5ca64-img_7527-scaled.jpg\" class=\"attachment-post-thumbnail size-post-thumbnail wp-post-image wp-stateless-item\" alt=\"\" style=\"object-fit:cover;\" srcset=\"https:\/\/www.greenpeace.org\/static\/planet4-sweden-stateless\/2025\/06\/e5f5ca64-img_7527-scaled.jpg 2560w, https:\/\/www.greenpeace.org\/static\/planet4-sweden-stateless\/2025\/06\/e5f5ca64-img_7527-300x169.jpg 300w, https:\/\/www.greenpeace.org\/static\/planet4-sweden-stateless\/2025\/06\/e5f5ca64-img_7527-1024x576.jpg 1024w, https:\/\/www.greenpeace.org\/static\/planet4-sweden-stateless\/2025\/06\/e5f5ca64-img_7527-768x432.jpg 768w, https:\/\/www.greenpeace.org\/static\/planet4-sweden-stateless\/2025\/06\/e5f5ca64-img_7527-1536x864.jpg 1536w, https:\/\/www.greenpeace.org\/static\/planet4-sweden-stateless\/2025\/06\/e5f5ca64-img_7527-2048x1152.jpg 2048w, https:\/\/www.greenpeace.org\/static\/planet4-sweden-stateless\/2025\/06\/e5f5ca64-img_7527-510x287.jpg 510w\" sizes=\"auto, (max-width: 2560px) 100vw, 2560px\" data-image-size=\"post-thumbnail\" data-stateless-media-bucket=\"planet4-sweden-stateless\" data-stateless-media-name=\"2025\/06\/e5f5ca64-img_7527-scaled.jpg\" \/><\/figure>\n\n\n                <div class=\"wp-block-group group-stretched-link is-layout-flow wp-block-group-is-layout-flow\"><div class=\"wp-block-post-terms\">Greenpeace<\/div>\n                <h3 class=\"wp-block-post-title\"><a href=\"https:\/\/www.greenpeace.org\/sweden\/agera\/stora-gavor\/\" target=\"_self\" >Stora g\u00e5vor &amp; filantropi &#8211; partnerskap f\u00f6r planeten<\/a><\/h3>\n                <div class=\"wp-block-post-excerpt\"><p class=\"wp-block-post-excerpt__excerpt\">Greenpeace \u00e4r en oberoende milj\u00f6organisation som arbetar globalt f\u00f6r att skydda v\u00e5r planet. Vi tar inte emot pengar fr\u00e5n stater eller f\u00f6retag, d\u00e4rf\u00f6r \u00e4r st\u00f6d fr\u00e5n privatpersoner och stiftelser avg\u00f6rande f\u00f6r v\u00e5rt arbete. <\/p><\/div><\/div>\n                \n\n\n<div class=\"wp-block-group read-more-nav is-layout-flow wp-block-group-is-layout-flow\"><a href=\"https:\/\/www.greenpeace.org\/sweden\/agera\/stora-gavor\/\" class=\"btn btn-primary btn-small\" aria-label=\"Engagera dig\">Engagera dig<\/a><\/div>\n\n<\/li><li class=\"wp-block-post post-61522 page type-page status-publish has-post-thumbnail hentry category-greenpeace tag-stod-oss tag-aktivism\">\n<figure class=\"wp-block-post-featured-image\"><img loading=\"lazy\" decoding=\"async\" width=\"800\" height=\"533\" src=\"https:\/\/www.greenpeace.org\/static\/planet4-sweden-stateless\/2024\/10\/70f8003d-1699447749698_gp0stv8zywebsize.jpg\" class=\"attachment-post-thumbnail size-post-thumbnail wp-post-image wp-stateless-item\" alt=\"Two more Greenpeace climbers board the Shell oil platform that is being transported to an oilfield north of the Shetland Islands.\" style=\"object-fit:cover;\" srcset=\"https:\/\/www.greenpeace.org\/static\/planet4-sweden-stateless\/2024\/10\/70f8003d-1699447749698_gp0stv8zywebsize.jpg 800w, https:\/\/www.greenpeace.org\/static\/planet4-sweden-stateless\/2024\/10\/70f8003d-1699447749698_gp0stv8zywebsize-300x200.jpg 300w, https:\/\/www.greenpeace.org\/static\/planet4-sweden-stateless\/2024\/10\/70f8003d-1699447749698_gp0stv8zywebsize-768x512.jpg 768w, https:\/\/www.greenpeace.org\/static\/planet4-sweden-stateless\/2024\/10\/70f8003d-1699447749698_gp0stv8zywebsize-510x340.jpg 510w\" sizes=\"auto, (max-width: 800px) 100vw, 800px\" data-image-size=\"post-thumbnail\" data-stateless-media-bucket=\"planet4-sweden-stateless\" data-stateless-media-name=\"2024\/10\/70f8003d-1699447749698_gp0stv8zywebsize.jpg\" \/><\/figure>\n\n\n                <div class=\"wp-block-group group-stretched-link is-layout-flow wp-block-group-is-layout-flow\"><div class=\"wp-block-post-terms\">Greenpeace<\/div>\n                <h3 class=\"wp-block-post-title\"><a href=\"https:\/\/www.greenpeace.org\/sweden\/agera\/sta-upp-med-oss-mot-oljejattarna\/\" target=\"_self\" >St\u00e5 upp med oss mot oljej\u00e4ttarna!<\/a><\/h3>\n                <div class=\"wp-block-post-excerpt\"><p class=\"wp-block-post-excerpt__excerpt\">Vi beh\u00f6ver din hj\u00e4lp! St\u00e5 upp med oss och swisha ditt st\u00f6d. <\/p><\/div><\/div>\n                \n\n\n<div class=\"wp-block-group read-more-nav is-layout-flow wp-block-group-is-layout-flow\"><a href=\"https:\/\/www.greenpeace.org\/sweden\/agera\/sta-upp-med-oss-mot-oljejattarna\/\" class=\"btn btn-primary btn-small\" aria-label=\"Engagera dig\">Engagera dig<\/a><\/div>\n\n<\/li><li class=\"wp-block-post post-58840 page type-page status-publish has-post-thumbnail hentry category-greenpeace category-hav tag-stod-oss\">\n<figure class=\"wp-block-post-featured-image\"><img loading=\"lazy\" decoding=\"async\" width=\"1080\" height=\"1080\" src=\"https:\/\/www.greenpeace.org\/static\/planet4-sweden-stateless\/2024\/01\/1d71725c-1-plastkampen.png\" class=\"attachment-post-thumbnail size-post-thumbnail wp-post-image wp-stateless-item\" alt=\"\" style=\"object-fit:cover;\" srcset=\"https:\/\/www.greenpeace.org\/static\/planet4-sweden-stateless\/2024\/01\/1d71725c-1-plastkampen.png 1080w, https:\/\/www.greenpeace.org\/static\/planet4-sweden-stateless\/2024\/01\/1d71725c-1-plastkampen-300x300.png 300w, https:\/\/www.greenpeace.org\/static\/planet4-sweden-stateless\/2024\/01\/1d71725c-1-plastkampen-1024x1024.png 1024w, https:\/\/www.greenpeace.org\/static\/planet4-sweden-stateless\/2024\/01\/1d71725c-1-plastkampen-150x150.png 150w, https:\/\/www.greenpeace.org\/static\/planet4-sweden-stateless\/2024\/01\/1d71725c-1-plastkampen-768x768.png 768w, https:\/\/www.greenpeace.org\/static\/planet4-sweden-stateless\/2024\/01\/1d71725c-1-plastkampen-340x340.png 340w\" sizes=\"auto, (max-width: 1080px) 100vw, 1080px\" data-image-size=\"post-thumbnail\" data-stateless-media-bucket=\"planet4-sweden-stateless\" data-stateless-media-name=\"2024\/01\/1d71725c-1-plastkampen.png\" \/><\/figure>\n\n\n                <div class=\"wp-block-group group-stretched-link is-layout-flow wp-block-group-is-layout-flow\"><div class=\"wp-block-post-terms\">Greenpeace<\/div>\n                <h3 class=\"wp-block-post-title\"><a href=\"https:\/\/www.greenpeace.org\/sweden\/agera\/ga-med-i-plastkampen\/\" target=\"_self\" >Stoppa plastkrisen!<\/a><\/h3>\n                <div class=\"wp-block-post-excerpt\"><p class=\"wp-block-post-excerpt__excerpt\">V\u00e5r bl\u00e5 planet drunknar i plast. Men nu har vi en historisk chans att stoppa plastkrisen vid k\u00e4llan. En chans att kr\u00e4va ett starkt global plastavtal som stoppar katastrofen. St\u00f6tta Greenpeace arbete f\u00f6r v\u00e4rldens hav &#8211; ge ett bidrag till Plastkampen idag :blue_heart: <\/p><\/div><\/div>\n                \n\n\n<div class=\"wp-block-group read-more-nav is-layout-flow wp-block-group-is-layout-flow\"><a href=\"https:\/\/www.greenpeace.org\/sweden\/agera\/ga-med-i-plastkampen\/\" class=\"btn btn-primary btn-small\" aria-label=\"Engagera dig\">Engagera dig<\/a><\/div>\n\n<\/li><li class=\"wp-block-post post-57122 page type-page status-publish has-post-thumbnail hentry category-greenpeace tag-stod-oss\">\n<figure class=\"wp-block-post-featured-image\"><img loading=\"lazy\" decoding=\"async\" width=\"800\" height=\"565\" src=\"https:\/\/www.greenpeace.org\/static\/planet4-sweden-stateless\/2023\/02\/dae254b1-gp1sw4h4_web_size.jpg\" class=\"attachment-post-thumbnail size-post-thumbnail wp-post-image wp-stateless-item\" alt=\"\" style=\"object-fit:cover;\" srcset=\"https:\/\/www.greenpeace.org\/static\/planet4-sweden-stateless\/2023\/02\/dae254b1-gp1sw4h4_web_size.jpg 800w, https:\/\/www.greenpeace.org\/static\/planet4-sweden-stateless\/2023\/02\/dae254b1-gp1sw4h4_web_size-300x212.jpg 300w, https:\/\/www.greenpeace.org\/static\/planet4-sweden-stateless\/2023\/02\/dae254b1-gp1sw4h4_web_size-768x542.jpg 768w, https:\/\/www.greenpeace.org\/static\/planet4-sweden-stateless\/2023\/02\/dae254b1-gp1sw4h4_web_size-481x340.jpg 481w\" sizes=\"auto, (max-width: 800px) 100vw, 800px\" data-image-size=\"post-thumbnail\" data-stateless-media-bucket=\"planet4-sweden-stateless\" data-stateless-media-name=\"2023\/02\/dae254b1-gp1sw4h4_web_size.jpg\" \/><\/figure>\n\n\n                <div class=\"wp-block-group group-stretched-link is-layout-flow wp-block-group-is-layout-flow\"><div class=\"wp-block-post-terms\">Greenpeace<\/div>\n                <h3 class=\"wp-block-post-title\"><a href=\"https:\/\/www.greenpeace.org\/sweden\/agera\/starta-din-egen-insamling\/\" target=\"_self\" >Starta din egen insamling<\/a><\/h3>\n                <div class=\"wp-block-post-excerpt\"><p class=\"wp-block-post-excerpt__excerpt\"> <\/p><\/div><\/div>\n                \n\n\n<div class=\"wp-block-group read-more-nav is-layout-flow wp-block-group-is-layout-flow\"><a href=\"https:\/\/www.greenpeace.org\/sweden\/agera\/starta-din-egen-insamling\/\" class=\"btn btn-primary btn-small\" aria-label=\"Engagera dig\">Engagera dig<\/a><\/div>\n\n<\/li><li class=\"wp-block-post post-57118 page type-page status-publish has-post-thumbnail hentry category-greenpeace tag-stod-oss\">\n<figure class=\"wp-block-post-featured-image\"><img loading=\"lazy\" decoding=\"async\" width=\"2168\" height=\"1216\" src=\"https:\/\/www.greenpeace.org\/static\/planet4-sweden-stateless\/2025\/05\/87d19db1-uggla-memorial-e1747648868499.jpg\" class=\"attachment-post-thumbnail size-post-thumbnail wp-post-image wp-stateless-item\" alt=\"\" style=\"object-fit:cover;\" srcset=\"https:\/\/www.greenpeace.org\/static\/planet4-sweden-stateless\/2025\/05\/87d19db1-uggla-memorial-e1747648868499.jpg 2168w, https:\/\/www.greenpeace.org\/static\/planet4-sweden-stateless\/2025\/05\/87d19db1-uggla-memorial-e1747648868499-300x168.jpg 300w, https:\/\/www.greenpeace.org\/static\/planet4-sweden-stateless\/2025\/05\/87d19db1-uggla-memorial-e1747648868499-1024x574.jpg 1024w, https:\/\/www.greenpeace.org\/static\/planet4-sweden-stateless\/2025\/05\/87d19db1-uggla-memorial-e1747648868499-768x431.jpg 768w, https:\/\/www.greenpeace.org\/static\/planet4-sweden-stateless\/2025\/05\/87d19db1-uggla-memorial-e1747648868499-1536x862.jpg 1536w, https:\/\/www.greenpeace.org\/static\/planet4-sweden-stateless\/2025\/05\/87d19db1-uggla-memorial-e1747648868499-2048x1149.jpg 2048w, https:\/\/www.greenpeace.org\/static\/planet4-sweden-stateless\/2025\/05\/87d19db1-uggla-memorial-e1747648868499-510x286.jpg 510w\" sizes=\"auto, (max-width: 2168px) 100vw, 2168px\" data-image-size=\"post-thumbnail\" data-stateless-media-bucket=\"planet4-sweden-stateless\" data-stateless-media-name=\"2025\/05\/87d19db1-uggla-memorial-e1747648868499.jpg\" \/><\/figure>\n\n\n                <div class=\"wp-block-group group-stretched-link is-layout-flow wp-block-group-is-layout-flow\"><div class=\"wp-block-post-terms\">Greenpeace<\/div>\n                <h3 class=\"wp-block-post-title\"><a href=\"https:\/\/www.greenpeace.org\/sweden\/agera\/ge-en-minnesgava\/\" target=\"_self\" >Ge en minnesg\u00e5va<\/a><\/h3>\n                <div class=\"wp-block-post-excerpt\"><p class=\"wp-block-post-excerpt__excerpt\">Bevara milj\u00f6n med en minnesg\u00e5va. Hedra minnet av n\u00e5gon som betytt mycket f\u00f6r dig. Att sk\u00e4nka en minnesg\u00e5va \u00e4r en hyllning till b\u00e5de den bortg\u00e5ngne och till v\u00e5r vackra men s\u00e5rbara planet. N\u00e4r du ger en minnesg\u00e5va f\u00e5r du ett fint minnesblad att l\u00e4mna vid begravningen. <\/p><\/div><\/div>\n                \n\n\n<div class=\"wp-block-group read-more-nav is-layout-flow wp-block-group-is-layout-flow\"><a href=\"https:\/\/www.greenpeace.org\/sweden\/agera\/ge-en-minnesgava\/\" class=\"btn btn-primary btn-small\" aria-label=\"Engagera dig\">Engagera dig<\/a><\/div>\n\n<\/li><li class=\"wp-block-post post-57114 page type-page status-publish has-post-thumbnail hentry category-greenpeace tag-stod-oss\">\n<figure class=\"wp-block-post-featured-image\"><img loading=\"lazy\" decoding=\"async\" width=\"1080\" height=\"720\" src=\"https:\/\/www.greenpeace.org\/static\/planet4-sweden-stateless\/2025\/05\/07f1ab43-1739182288707_tealflushotinstagrampost2-e1747836197212.png\" class=\"attachment-post-thumbnail size-post-thumbnail wp-post-image wp-stateless-item\" alt=\"\" style=\"object-fit:cover;\" srcset=\"https:\/\/www.greenpeace.org\/static\/planet4-sweden-stateless\/2025\/05\/07f1ab43-1739182288707_tealflushotinstagrampost2-e1747836197212.png 1080w, https:\/\/www.greenpeace.org\/static\/planet4-sweden-stateless\/2025\/05\/07f1ab43-1739182288707_tealflushotinstagrampost2-e1747836197212-300x200.png 300w, https:\/\/www.greenpeace.org\/static\/planet4-sweden-stateless\/2025\/05\/07f1ab43-1739182288707_tealflushotinstagrampost2-e1747836197212-1024x683.png 1024w, https:\/\/www.greenpeace.org\/static\/planet4-sweden-stateless\/2025\/05\/07f1ab43-1739182288707_tealflushotinstagrampost2-e1747836197212-768x512.png 768w, https:\/\/www.greenpeace.org\/static\/planet4-sweden-stateless\/2025\/05\/07f1ab43-1739182288707_tealflushotinstagrampost2-e1747836197212-510x340.png 510w\" sizes=\"auto, (max-width: 1080px) 100vw, 1080px\" data-image-size=\"post-thumbnail\" data-stateless-media-bucket=\"planet4-sweden-stateless\" data-stateless-media-name=\"2025\/05\/07f1ab43-1739182288707_tealflushotinstagrampost2-e1747836197212.png\" \/><\/figure>\n\n\n                <div class=\"wp-block-group group-stretched-link is-layout-flow wp-block-group-is-layout-flow\"><div class=\"wp-block-post-terms\">Greenpeace<\/div>\n                <h3 class=\"wp-block-post-title\"><a href=\"https:\/\/www.greenpeace.org\/sweden\/agera\/ge-en-gratulationsgava\/\" target=\"_self\" >Ge en gratulationsg\u00e5va<\/a><\/h3>\n                <div class=\"wp-block-post-excerpt\"><p class=\"wp-block-post-excerpt__excerpt\">Ge en g\u00e5va som g\u00f6r skillnad. Ge bort ett fint g\u00e5vobevis fr\u00e5n Greenpeace till n\u00e5gon du tycker om s\u00e5 st\u00f6ttar du samtidigt arbetet f\u00f6r att skydda v\u00e5r vackra, men s\u00e5rbara planet. <\/p><\/div><\/div>\n                \n\n\n<div class=\"wp-block-group read-more-nav is-layout-flow wp-block-group-is-layout-flow\"><a href=\"https:\/\/www.greenpeace.org\/sweden\/agera\/ge-en-gratulationsgava\/\" class=\"btn btn-primary btn-small\" aria-label=\"Engagera dig\">Engagera dig<\/a><\/div>\n\n<\/li><li class=\"wp-block-post post-57111 page type-page status-publish has-post-thumbnail hentry category-greenpeace tag-stod-oss\">\n<figure class=\"wp-block-post-featured-image\"><img loading=\"lazy\" decoding=\"async\" width=\"1200\" height=\"580\" src=\"https:\/\/www.greenpeace.org\/static\/planet4-sweden-stateless\/2025\/05\/116c87e8-hands.jpg\" class=\"attachment-post-thumbnail size-post-thumbnail wp-post-image wp-stateless-item\" alt=\"\" style=\"object-fit:cover;\" srcset=\"https:\/\/www.greenpeace.org\/static\/planet4-sweden-stateless\/2025\/05\/116c87e8-hands.jpg 1200w, https:\/\/www.greenpeace.org\/static\/planet4-sweden-stateless\/2025\/05\/116c87e8-hands-300x145.jpg 300w, https:\/\/www.greenpeace.org\/static\/planet4-sweden-stateless\/2025\/05\/116c87e8-hands-1024x495.jpg 1024w, https:\/\/www.greenpeace.org\/static\/planet4-sweden-stateless\/2025\/05\/116c87e8-hands-768x371.jpg 768w, https:\/\/www.greenpeace.org\/static\/planet4-sweden-stateless\/2025\/05\/116c87e8-hands-510x247.jpg 510w\" sizes=\"auto, (max-width: 1200px) 100vw, 1200px\" data-image-size=\"post-thumbnail\" data-stateless-media-bucket=\"planet4-sweden-stateless\" data-stateless-media-name=\"2025\/05\/116c87e8-hands.jpg\" \/><\/figure>\n\n\n                <div class=\"wp-block-group group-stretched-link is-layout-flow wp-block-group-is-layout-flow\"><div class=\"wp-block-post-terms\">Greenpeace<\/div>\n                <h3 class=\"wp-block-post-title\"><a href=\"https:\/\/www.greenpeace.org\/sweden\/agera\/bli-manadsgivare\/\" target=\"_self\" >Bli m\u00e5nadsgivare<\/a><\/h3>\n                <div class=\"wp-block-post-excerpt\"><p class=\"wp-block-post-excerpt__excerpt\">Att bli m\u00e5nadsgivare \u00e4r det mest effektiva s\u00e4ttet att bidra till Greenpeace, d\u00e5 st\u00f6det fr\u00e5n v\u00e5ra m\u00e5nadsgivare g\u00f6r det m\u00f6jligt f\u00f6r oss att planera l\u00e5ngsiktigt kampanjarbete som \u00e4r avg\u00f6rande f\u00f6r att kunna vinna livsviktiga segrar f\u00f6r milj\u00f6n. <\/p><\/div><\/div>\n                \n\n\n<div class=\"wp-block-group read-more-nav is-layout-flow wp-block-group-is-layout-flow\"><a href=\"https:\/\/www.greenpeace.org\/sweden\/agera\/bli-manadsgivare\/\" class=\"btn btn-primary btn-small\" aria-label=\"Engagera dig\">Engagera dig<\/a><\/div>\n\n<\/li><li class=\"wp-block-post post-645 page type-page status-publish has-post-thumbnail hentry category-hav tag-marinaskyddadeomraden tag-overfiske tag-svenskpolitik\">\n<figure class=\"wp-block-post-featured-image\"><img loading=\"lazy\" decoding=\"async\" width=\"900\" height=\"300\" src=\"https:\/\/www.greenpeace.org\/static\/planet4-sweden-stateless\/2025\/02\/38acdb55-900x300_split-ud-trawling.jpg\" class=\"attachment-post-thumbnail size-post-thumbnail wp-post-image wp-stateless-item\" alt=\"\" style=\"object-fit:cover;\" srcset=\"https:\/\/www.greenpeace.org\/static\/planet4-sweden-stateless\/2025\/02\/38acdb55-900x300_split-ud-trawling.jpg 900w, https:\/\/www.greenpeace.org\/static\/planet4-sweden-stateless\/2025\/02\/38acdb55-900x300_split-ud-trawling-300x100.jpg 300w, https:\/\/www.greenpeace.org\/static\/planet4-sweden-stateless\/2025\/02\/38acdb55-900x300_split-ud-trawling-768x256.jpg 768w, https:\/\/www.greenpeace.org\/static\/planet4-sweden-stateless\/2025\/02\/38acdb55-900x300_split-ud-trawling-510x170.jpg 510w\" sizes=\"auto, (max-width: 900px) 100vw, 900px\" data-image-size=\"post-thumbnail\" data-stateless-media-bucket=\"planet4-sweden-stateless\" data-stateless-media-name=\"2025\/02\/38acdb55-900x300_split-ud-trawling.jpg\" \/><\/figure>\n\n\n                <div class=\"wp-block-group group-stretched-link is-layout-flow wp-block-group-is-layout-flow\"><div class=\"wp-block-post-terms\">Hav<\/div>\n                <h3 class=\"wp-block-post-title\"><a href=\"https:\/\/www.greenpeace.org\/sweden\/agera\/skyddahaven\/\" target=\"_self\" >Skydda haven &#8211; ratificera avtalet, Maria!<\/a><\/h3>\n                <div class=\"wp-block-post-excerpt\"><p class=\"wp-block-post-excerpt__excerpt\">Skriv under och kr\u00e4v med oss att v\u00e5r utrikesminister Maria Malmer Stenergard ser till att Sverige fullf\u00f6ljer sitt l\u00f6fte och godk\u00e4nner avtalet. Skydda haven, Maria! <\/p><\/div><\/div>\n                \n\n\n<div class=\"wp-block-group read-more-nav is-layout-flow wp-block-group-is-layout-flow\"><a href=\"https:\/\/www.greenpeace.org\/sweden\/agera\/skyddahaven\/\" class=\"btn btn-primary btn-small\" aria-label=\"Engagera dig\">Engagera dig<\/a><\/div>\n\n<\/li><li class=\"wp-block-post post-4033 page type-page status-publish has-post-thumbnail hentry category-greenpeace tag-stod-oss tag-aktivism\">\n<figure class=\"wp-block-post-featured-image\"><img loading=\"lazy\" decoding=\"async\" width=\"800\" height=\"533\" src=\"https:\/\/www.greenpeace.org\/static\/planet4-sweden-stateless\/2020\/06\/5fef18fc-gp0sttv2q_web_size.jpg\" class=\"attachment-post-thumbnail size-post-thumbnail wp-post-image wp-stateless-item\" alt=\"\" style=\"object-fit:cover;\" srcset=\"https:\/\/www.greenpeace.org\/static\/planet4-sweden-stateless\/2020\/06\/5fef18fc-gp0sttv2q_web_size.jpg 800w, https:\/\/www.greenpeace.org\/static\/planet4-sweden-stateless\/2020\/06\/5fef18fc-gp0sttv2q_web_size-300x200.jpg 300w, https:\/\/www.greenpeace.org\/static\/planet4-sweden-stateless\/2020\/06\/5fef18fc-gp0sttv2q_web_size-768x512.jpg 768w, https:\/\/www.greenpeace.org\/static\/planet4-sweden-stateless\/2020\/06\/5fef18fc-gp0sttv2q_web_size-510x340.jpg 510w\" sizes=\"auto, (max-width: 800px) 100vw, 800px\" data-image-size=\"post-thumbnail\" data-stateless-media-bucket=\"planet4-sweden-stateless\" data-stateless-media-name=\"2020\/06\/5fef18fc-gp0sttv2q_web_size.jpg\" \/><\/figure>\n\n\n                <div class=\"wp-block-group group-stretched-link is-layout-flow wp-block-group-is-layout-flow\"><div class=\"wp-block-post-terms\">Greenpeace<\/div>\n                <h3 class=\"wp-block-post-title\"><a href=\"https:\/\/www.greenpeace.org\/sweden\/agera\/testamente\/\" target=\"_self\" >Testamentera en g\u00e5va till Greenpeace<\/a><\/h3>\n                <div class=\"wp-block-post-excerpt\"><p class=\"wp-block-post-excerpt__excerpt\">Genom att inkludera Greenpeace i ditt testamente kan du vara med och s\u00e4kerst\u00e4lla att kampen f\u00f6r en frisk planet kan forts\u00e4tta \u00e4ven i framtiden. <\/p><\/div><\/div>\n                \n\n\n<div class=\"wp-block-group read-more-nav is-layout-flow wp-block-group-is-layout-flow\"><a href=\"https:\/\/www.greenpeace.org\/sweden\/agera\/testamente\/\" class=\"btn btn-primary btn-small\" aria-label=\"Engagera dig\">Engagera dig<\/a><\/div>\n\n<\/li><li class=\"wp-block-post post-2083 page type-page status-publish has-post-thumbnail hentry category-greenpeace tag-stod-oss\">\n<figure class=\"wp-block-post-featured-image\"><img loading=\"lazy\" decoding=\"async\" width=\"2400\" height=\"1600\" src=\"https:\/\/www.greenpeace.org\/static\/planet4-sweden-stateless\/2019\/02\/243193ac-hallifornia_gp_jana_eriksson-4413.jpg\" class=\"attachment-post-thumbnail size-post-thumbnail wp-post-image wp-stateless-item\" alt=\"\" style=\"object-fit:cover;\" srcset=\"https:\/\/www.greenpeace.org\/static\/planet4-sweden-stateless\/2019\/02\/243193ac-hallifornia_gp_jana_eriksson-4413.jpg 2400w, https:\/\/www.greenpeace.org\/static\/planet4-sweden-stateless\/2019\/02\/243193ac-hallifornia_gp_jana_eriksson-4413-300x200.jpg 300w, https:\/\/www.greenpeace.org\/static\/planet4-sweden-stateless\/2019\/02\/243193ac-hallifornia_gp_jana_eriksson-4413-768x512.jpg 768w, https:\/\/www.greenpeace.org\/static\/planet4-sweden-stateless\/2019\/02\/243193ac-hallifornia_gp_jana_eriksson-4413-1024x683.jpg 1024w, https:\/\/www.greenpeace.org\/static\/planet4-sweden-stateless\/2019\/02\/243193ac-hallifornia_gp_jana_eriksson-4413-2048x1366.jpg 2048w, https:\/\/www.greenpeace.org\/static\/planet4-sweden-stateless\/2019\/02\/243193ac-hallifornia_gp_jana_eriksson-4413-510x340.jpg 510w\" sizes=\"auto, (max-width: 2400px) 100vw, 2400px\" data-image-size=\"post-thumbnail\" data-stateless-media-bucket=\"planet4-sweden-stateless\" data-stateless-media-name=\"2019\/02\/243193ac-hallifornia_gp_jana_eriksson-4413.jpg\" \/><\/figure>\n\n\n                <div class=\"wp-block-group group-stretched-link is-layout-flow wp-block-group-is-layout-flow\"><div class=\"wp-block-post-terms\">Greenpeace<\/div>\n                <h3 class=\"wp-block-post-title\"><a href=\"https:\/\/www.greenpeace.org\/sweden\/agera\/jobba-for-greenpeace\/\" target=\"_self\" >Jobba f\u00f6r Greenpeace<\/a><\/h3>\n                <div class=\"wp-block-post-excerpt\"><p class=\"wp-block-post-excerpt__excerpt\">Vill du ocks\u00e5 jobba med att g\u00f6ra skillnad f\u00f6r klimat och milj\u00f6? Bes\u00f6k v\u00e5r jobbportal d\u00e4r lediga tj\u00e4nster publiceras. <\/p><\/div><\/div>\n                \n\n\n<div class=\"wp-block-group read-more-nav is-layout-flow wp-block-group-is-layout-flow\"><a href=\"https:\/\/www.greenpeace.org\/sweden\/agera\/jobba-for-greenpeace\/\" class=\"btn btn-primary btn-small\" aria-label=\"Engagera dig\">Engagera dig<\/a><\/div>\n\n<\/li><li class=\"wp-block-post post-30 page type-page status-publish has-post-thumbnail hentry category-greenpeace tag-stod-oss tag-omgreenpeace\">\n<figure class=\"wp-block-post-featured-image\"><img loading=\"lazy\" decoding=\"async\" width=\"1200\" height=\"803\" src=\"https:\/\/www.greenpeace.org\/static\/planet4-sweden-stateless\/2025\/05\/87a738a4-gp034ks_medium-res-1200px.jpg\" class=\"attachment-post-thumbnail size-post-thumbnail wp-post-image wp-stateless-item\" alt=\"\" style=\"object-fit:cover;\" srcset=\"https:\/\/www.greenpeace.org\/static\/planet4-sweden-stateless\/2025\/05\/87a738a4-gp034ks_medium-res-1200px.jpg 1200w, https:\/\/www.greenpeace.org\/static\/planet4-sweden-stateless\/2025\/05\/87a738a4-gp034ks_medium-res-1200px-300x201.jpg 300w, https:\/\/www.greenpeace.org\/static\/planet4-sweden-stateless\/2025\/05\/87a738a4-gp034ks_medium-res-1200px-1024x685.jpg 1024w, https:\/\/www.greenpeace.org\/static\/planet4-sweden-stateless\/2025\/05\/87a738a4-gp034ks_medium-res-1200px-768x514.jpg 768w, https:\/\/www.greenpeace.org\/static\/planet4-sweden-stateless\/2025\/05\/87a738a4-gp034ks_medium-res-1200px-508x340.jpg 508w\" sizes=\"auto, (max-width: 1200px) 100vw, 1200px\" data-image-size=\"post-thumbnail\" data-stateless-media-bucket=\"planet4-sweden-stateless\" data-stateless-media-name=\"2025\/05\/87a738a4-gp034ks_medium-res-1200px.jpg\" \/><\/figure>\n\n\n                <div class=\"wp-block-group group-stretched-link is-layout-flow wp-block-group-is-layout-flow\"><div class=\"wp-block-post-terms\">Greenpeace<\/div>\n                <h3 class=\"wp-block-post-title\"><a href=\"https:\/\/www.greenpeace.org\/sweden\/agera\/stod-oss\/\" target=\"_self\" >St\u00f6d Greenpeace arbete<\/a><\/h3>\n                <div class=\"wp-block-post-excerpt\"><p class=\"wp-block-post-excerpt__excerpt\">Vill du vara med och skapa en b\u00e4ttre v\u00e4rld f\u00f6r nuvarande och kommande generationer? Bli m\u00e5nadsgivare idag. <\/p><\/div><\/div>\n                \n\n\n<div class=\"wp-block-group read-more-nav is-layout-flow wp-block-group-is-layout-flow\"><a href=\"https:\/\/www.greenpeace.org\/sweden\/agera\/stod-oss\/\" class=\"btn btn-primary btn-small\" aria-label=\"Engagera dig\">Engagera dig<\/a><\/div>\n\n<\/li><li class=\"wp-block-post post-6273 page type-page status-publish has-post-thumbnail hentry category-greenpeace tag-stod-oss\">\n<figure class=\"wp-block-post-featured-image\"><img loading=\"lazy\" decoding=\"async\" width=\"1200\" height=\"803\" src=\"https:\/\/www.greenpeace.org\/static\/planet4-sweden-stateless\/2025\/05\/87a738a4-gp034ks_medium-res-1200px.jpg\" class=\"attachment-post-thumbnail size-post-thumbnail wp-post-image wp-stateless-item\" alt=\"\" style=\"object-fit:cover;\" srcset=\"https:\/\/www.greenpeace.org\/static\/planet4-sweden-stateless\/2025\/05\/87a738a4-gp034ks_medium-res-1200px.jpg 1200w, https:\/\/www.greenpeace.org\/static\/planet4-sweden-stateless\/2025\/05\/87a738a4-gp034ks_medium-res-1200px-300x201.jpg 300w, https:\/\/www.greenpeace.org\/static\/planet4-sweden-stateless\/2025\/05\/87a738a4-gp034ks_medium-res-1200px-1024x685.jpg 1024w, https:\/\/www.greenpeace.org\/static\/planet4-sweden-stateless\/2025\/05\/87a738a4-gp034ks_medium-res-1200px-768x514.jpg 768w, https:\/\/www.greenpeace.org\/static\/planet4-sweden-stateless\/2025\/05\/87a738a4-gp034ks_medium-res-1200px-508x340.jpg 508w\" sizes=\"auto, (max-width: 1200px) 100vw, 1200px\" data-image-size=\"post-thumbnail\" data-stateless-media-bucket=\"planet4-sweden-stateless\" data-stateless-media-name=\"2025\/05\/87a738a4-gp034ks_medium-res-1200px.jpg\" \/><\/figure>\n\n\n                <div class=\"wp-block-group group-stretched-link is-layout-flow wp-block-group-is-layout-flow\"><div class=\"wp-block-post-terms\">Greenpeace<\/div>\n                <h3 class=\"wp-block-post-title\"><a href=\"https:\/\/www.greenpeace.org\/sweden\/agera\/ge-en-engangsgava\/\" target=\"_self\" >Ge en eng\u00e5ngsg\u00e5va<\/a><\/h3>\n                <div class=\"wp-block-post-excerpt\"><p class=\"wp-block-post-excerpt__excerpt\">Ge en eng\u00e5ngsg\u00e5va till arbetet f\u00f6r att skydda v\u00e5r planet. <\/p><\/div><\/div>\n                \n\n\n<div class=\"wp-block-group read-more-nav is-layout-flow wp-block-group-is-layout-flow\"><a href=\"https:\/\/www.greenpeace.org\/sweden\/agera\/ge-en-engangsgava\/\" class=\"btn btn-primary btn-small\" aria-label=\"Engagera dig\">Engagera dig<\/a><\/div>\n\n<\/li><\/ul>\n\n\n<div class=\"wp-block-buttons carousel-controls is-horizontal is-content-justification-space-between is-nowrap is-layout-flex wp-container-core-buttons-is-layout-044bd602 wp-block-buttons-is-layout-flex\">\n<div class=\"wp-block-button carousel-control-prev\"><button type=\"button\" class=\"wp-block-button__link wp-element-button\">Prev<\/button><\/div>\n\n\n\n<div class=\"wp-block-button carousel-control-next\"><button type=\"button\" class=\"wp-block-button__link wp-element-button\">Next<\/button><\/div>\n<\/div>\n\n\n\n<div class=\"wp-block-buttons load-more-actions-container is-content-justification-center is-layout-flex wp-container-core-buttons-is-layout-16018d1d wp-block-buttons-is-layout-flex\">\n<div class=\"wp-block-button is-style-secondary\"><button type=\"button\" class=\"wp-block-button__link wp-element-button\">Load more<\/button><\/div>\n<\/div>\n<\/div>\n\n\n\n<div style=\"height:10px\" aria-hidden=\"true\" id=\"senaste-nytt\" class=\"wp-block-spacer\"><\/div>\n\n\n\n<div class=\"wp-block-query posts-list p4-query-loop is-custom-layout-list is-layout-flow wp-block-query-is-layout-flow\">\n<div class=\"wp-block-group is-content-justification-space-between is-layout-flex wp-container-core-group-is-layout-3d213aab wp-block-group-is-layout-flex\">\n<h2 class=\"wp-block-heading\">Senaste nytt<\/h2>\n\n\n<li class=\" wp-block-navigation-item see-all-link wp-block-navigation-link\"><a class=\"wp-block-navigation-item__content\"  href=\"https:\/\/www.greenpeace.org\/sweden\/nyheter\/?tag=overfiske&#038;post-type=artiklar\"><span class=\"wp-block-navigation-item__label\">See all posts<\/span><\/a><\/li><\/div>\n\n\n\n<p style=\"margin-top:24px;margin-bottom:36px\"><\/p>\n\n\n\n\n<ul class=\"wp-block-post-template is-layout-flow wp-block-post-template-is-layout-flow\"><li class=\"wp-block-post post-64028 post type-post status-publish format-standard has-post-thumbnail hentry category-hav tag-overfiske tag-plastihavet tag-marinaskyddadeomraden p4-page-type-artiklar\">\n\n<div class=\"wp-block-columns is-layout-flex wp-container-core-columns-is-layout-9d6595d7 wp-block-columns-is-layout-flex\"><figure class=\"wp-block-post-featured-image\"><a href=\"https:\/\/www.greenpeace.org\/sweden\/artiklar\/hav\/greenpeace-yttrande-om-havsavtalet\/\" target=\"_self\"  ><img loading=\"lazy\" decoding=\"async\" width=\"1280\" height=\"960\" src=\"https:\/\/www.greenpeace.org\/static\/planet4-sweden-stateless\/2025\/02\/ac991784-utrikesdepartementet20250226havsavtal.jpg\" class=\"attachment-post-thumbnail size-post-thumbnail wp-post-image wp-stateless-item\" alt=\"Greenpeace yttrande om havsavtalet\" style=\"object-fit:cover;\" srcset=\"https:\/\/www.greenpeace.org\/static\/planet4-sweden-stateless\/2025\/02\/ac991784-utrikesdepartementet20250226havsavtal.jpg 1280w, https:\/\/www.greenpeace.org\/static\/planet4-sweden-stateless\/2025\/02\/ac991784-utrikesdepartementet20250226havsavtal-300x225.jpg 300w, https:\/\/www.greenpeace.org\/static\/planet4-sweden-stateless\/2025\/02\/ac991784-utrikesdepartementet20250226havsavtal-1024x768.jpg 1024w, https:\/\/www.greenpeace.org\/static\/planet4-sweden-stateless\/2025\/02\/ac991784-utrikesdepartementet20250226havsavtal-768x576.jpg 768w, https:\/\/www.greenpeace.org\/static\/planet4-sweden-stateless\/2025\/02\/ac991784-utrikesdepartementet20250226havsavtal-453x340.jpg 453w\" sizes=\"auto, (max-width: 1280px) 100vw, 1280px\" data-image-size=\"post-thumbnail\" data-stateless-media-bucket=\"planet4-sweden-stateless\" data-stateless-media-name=\"2025\/02\/ac991784-utrikesdepartementet20250226havsavtal.jpg\" \/><\/a><\/figure>\n\n\n<div class=\"wp-block-group is-layout-flow wp-block-group-is-layout-flow\">\n<div class=\"wp-block-group is-layout-flex wp-block-group-is-layout-flex\"><div class=\"wp-block-post-terms\"><a href=\"https:\/\/www.greenpeace.org\/sweden\/kategori\/hav\/\">Hav<\/a><\/div>\n\n<div class=\"taxonomy-post_tag wp-block-post-terms\"><a href=\"https:\/\/www.greenpeace.org\/sweden\/tag\/overfiske\/\" rel=\"tag\">\u00f6verfiske<\/a><span class=\"wp-block-post-terms__separator\"> <\/span><a href=\"https:\/\/www.greenpeace.org\/sweden\/tag\/plastihavet\/\" rel=\"tag\">plastihavet<\/a><span class=\"wp-block-post-terms__separator\"> <\/span><a href=\"https:\/\/www.greenpeace.org\/sweden\/tag\/marinaskyddadeomraden\/\" rel=\"tag\">marinaskyddadeomr\u00e5den<\/a><\/div><\/div>\n\n\n<h3 class=\"wp-block-post-title\"><a href=\"https:\/\/www.greenpeace.org\/sweden\/artiklar\/hav\/greenpeace-yttrande-om-havsavtalet\/\" target=\"_self\" >Greenpeace yttrande om havsavtalet<\/a><\/h3>\n\n<div class=\"wp-block-post-excerpt\"><p class=\"wp-block-post-excerpt__excerpt\">Greenpeace har l\u00e4mnat ett yttrande ang\u00e5ende bet\u00e4nkandet Skydd f\u00f6r biologisk m\u00e5ngfald i havsomr\u00e5den utanf\u00f6r nationell jurisdiktion (SOU 2025:36) <\/p><\/div>\n\n\n<div class=\"wp-block-group posts-list-meta is-layout-flow wp-block-group-is-layout-flow\"><span class='article-list-item-author'><a href='https:\/\/www.greenpeace.org\/sweden\/author\/rlindahl\/'>Rolf Lindahl<\/a><\/span>\n\n<div class=\"wp-block-post-date\"><time datetime=\"2025-07-04T09:52:17+01:00\">juli 4, 2025<\/time><\/div><\/div>\n<\/div>\n<\/div>\n\n<\/li><li class=\"wp-block-post post-63457 post type-post status-publish format-standard has-post-thumbnail hentry category-hav tag-biodiversitet tag-gruvdriftpahavsbotten tag-marinaskyddadeomraden tag-overfiske tag-plastihavet p4-page-type-artiklar\">\n\n<div class=\"wp-block-columns is-layout-flex wp-container-core-columns-is-layout-9d6595d7 wp-block-columns-is-layout-flex\"><figure class=\"wp-block-post-featured-image\"><a href=\"https:\/\/www.greenpeace.org\/sweden\/artiklar\/hav\/greenpeace-krav-infor-fns-havskonferens\/\" target=\"_self\"  ><img loading=\"lazy\" decoding=\"async\" width=\"800\" height=\"450\" src=\"https:\/\/www.greenpeace.org\/static\/planet4-sweden-stateless\/2023\/02\/9a643df3-01_topten_gp0stv4l8.jpg\" class=\"attachment-post-thumbnail size-post-thumbnail wp-post-image wp-stateless-item\" alt=\"Greenpeace krav inf\u00f6r FN:s havskonferens\" style=\"object-fit:cover;\" srcset=\"https:\/\/www.greenpeace.org\/static\/planet4-sweden-stateless\/2023\/02\/9a643df3-01_topten_gp0stv4l8.jpg 800w, https:\/\/www.greenpeace.org\/static\/planet4-sweden-stateless\/2023\/02\/9a643df3-01_topten_gp0stv4l8-300x169.jpg 300w, https:\/\/www.greenpeace.org\/static\/planet4-sweden-stateless\/2023\/02\/9a643df3-01_topten_gp0stv4l8-768x432.jpg 768w, https:\/\/www.greenpeace.org\/static\/planet4-sweden-stateless\/2023\/02\/9a643df3-01_topten_gp0stv4l8-510x287.jpg 510w\" sizes=\"auto, (max-width: 800px) 100vw, 800px\" data-image-size=\"post-thumbnail\" data-stateless-media-bucket=\"planet4-sweden-stateless\" data-stateless-media-name=\"2023\/02\/9a643df3-01_topten_gp0stv4l8.jpg\" \/><\/a><\/figure>\n\n\n<div class=\"wp-block-group is-layout-flow wp-block-group-is-layout-flow\">\n<div class=\"wp-block-group is-layout-flex wp-block-group-is-layout-flex\"><div class=\"wp-block-post-terms\"><a href=\"https:\/\/www.greenpeace.org\/sweden\/kategori\/hav\/\">Hav<\/a><\/div>\n\n<div class=\"taxonomy-post_tag wp-block-post-terms\"><a href=\"https:\/\/www.greenpeace.org\/sweden\/tag\/biodiversitet\/\" rel=\"tag\">biodiversitet<\/a><span class=\"wp-block-post-terms__separator\"> <\/span><a href=\"https:\/\/www.greenpeace.org\/sweden\/tag\/gruvdriftpahavsbotten\/\" rel=\"tag\">gruvdriftp\u00e5havsbotten<\/a><span class=\"wp-block-post-terms__separator\"> <\/span><a href=\"https:\/\/www.greenpeace.org\/sweden\/tag\/marinaskyddadeomraden\/\" rel=\"tag\">marinaskyddadeomr\u00e5den<\/a><span class=\"wp-block-post-terms__separator\"> <\/span><a href=\"https:\/\/www.greenpeace.org\/sweden\/tag\/overfiske\/\" rel=\"tag\">\u00f6verfiske<\/a><span class=\"wp-block-post-terms__separator\"> <\/span><a href=\"https:\/\/www.greenpeace.org\/sweden\/tag\/plastihavet\/\" rel=\"tag\">plastihavet<\/a><\/div><\/div>\n\n\n<h3 class=\"wp-block-post-title\"><a href=\"https:\/\/www.greenpeace.org\/sweden\/artiklar\/hav\/greenpeace-krav-infor-fns-havskonferens\/\" target=\"_self\" >Greenpeace krav inf\u00f6r FN:s havskonferens<\/a><\/h3>\n\n<div class=\"wp-block-post-excerpt\"><p class=\"wp-block-post-excerpt__excerpt\">FN:s havskonferens som inleds idag \u00e4r det viktigaste politiska tillf\u00e4llet f\u00f6r haven sedan \u00f6verenskommelsen om det globala havsavtalet 2023. Konferensen inneb\u00e4r en m\u00f6jlighet att s\u00e4tta upp h\u00f6ga m\u00e5l f\u00f6r det&hellip; <\/p><\/div>\n\n\n<div class=\"wp-block-group posts-list-meta is-layout-flow wp-block-group-is-layout-flow\"><span class='article-list-item-author'><a href='https:\/\/www.greenpeace.org\/sweden\/author\/rlindahl\/'>Rolf Lindahl<\/a><\/span>\n\n<div class=\"wp-block-post-date\"><time datetime=\"2025-06-09T13:07:49+01:00\">juni 9, 2025<\/time><\/div><\/div>\n<\/div>\n<\/div>\n\n<\/li><li class=\"wp-block-post post-60435 post type-post status-publish format-standard has-post-thumbnail hentry category-hav tag-marinaskyddadeomraden tag-overfiske p4-page-type-artiklar\">\n\n<div class=\"wp-block-columns is-layout-flex wp-container-core-columns-is-layout-9d6595d7 wp-block-columns-is-layout-flex\"><figure class=\"wp-block-post-featured-image\"><a href=\"https:\/\/www.greenpeace.org\/sweden\/artiklar\/hav\/greenpeace-avslojar-chockerande-brister-i-overvakningen-av-fiskeindustrin\/\" target=\"_self\"  ><img loading=\"lazy\" decoding=\"async\" width=\"1200\" height=\"800\" src=\"https:\/\/www.greenpeace.org\/static\/planet4-sweden-stateless\/2024\/06\/b34b2bf0-overfiske_greenpeave-havsskydd.jpg\" class=\"attachment-post-thumbnail size-post-thumbnail wp-post-image wp-stateless-item\" alt=\"Greenpeace avsl\u00f6jar chockerande brister i \u00f6vervakningen av fiskeindustrin\" style=\"object-fit:cover;\" srcset=\"https:\/\/www.greenpeace.org\/static\/planet4-sweden-stateless\/2024\/06\/b34b2bf0-overfiske_greenpeave-havsskydd.jpg 1200w, https:\/\/www.greenpeace.org\/static\/planet4-sweden-stateless\/2024\/06\/b34b2bf0-overfiske_greenpeave-havsskydd-300x200.jpg 300w, https:\/\/www.greenpeace.org\/static\/planet4-sweden-stateless\/2024\/06\/b34b2bf0-overfiske_greenpeave-havsskydd-1024x683.jpg 1024w, https:\/\/www.greenpeace.org\/static\/planet4-sweden-stateless\/2024\/06\/b34b2bf0-overfiske_greenpeave-havsskydd-768x512.jpg 768w, https:\/\/www.greenpeace.org\/static\/planet4-sweden-stateless\/2024\/06\/b34b2bf0-overfiske_greenpeave-havsskydd-510x340.jpg 510w\" sizes=\"auto, (max-width: 1200px) 100vw, 1200px\" data-image-size=\"post-thumbnail\" data-stateless-media-bucket=\"planet4-sweden-stateless\" data-stateless-media-name=\"2024\/06\/b34b2bf0-overfiske_greenpeave-havsskydd.jpg\" \/><\/a><\/figure>\n\n\n<div class=\"wp-block-group is-layout-flow wp-block-group-is-layout-flow\">\n<div class=\"wp-block-group is-layout-flex wp-block-group-is-layout-flex\"><div class=\"wp-block-post-terms\"><a href=\"https:\/\/www.greenpeace.org\/sweden\/kategori\/hav\/\">Hav<\/a><\/div>\n\n<div class=\"taxonomy-post_tag wp-block-post-terms\"><a href=\"https:\/\/www.greenpeace.org\/sweden\/tag\/marinaskyddadeomraden\/\" rel=\"tag\">marinaskyddadeomr\u00e5den<\/a><span class=\"wp-block-post-terms__separator\"> <\/span><a href=\"https:\/\/www.greenpeace.org\/sweden\/tag\/overfiske\/\" rel=\"tag\">\u00f6verfiske<\/a><\/div><\/div>\n\n\n<h3 class=\"wp-block-post-title\"><a href=\"https:\/\/www.greenpeace.org\/sweden\/artiklar\/hav\/greenpeace-avslojar-chockerande-brister-i-overvakningen-av-fiskeindustrin\/\" target=\"_self\" >Greenpeace avsl\u00f6jar chockerande brister i \u00f6vervakningen av fiskeindustrin<\/a><\/h3>\n\n<div class=\"wp-block-post-excerpt\"><p class=\"wp-block-post-excerpt__excerpt\">En rapport fr\u00e5n Greenpeace International kan avsl\u00f6ja hur allvarliga systemfel inom den globala \u00f6vervakningen av fiskeindustrin lett till katastrofala konsekvenser f\u00f6r fiskbest\u00e5ndet i v\u00e4rldshaven under de senaste 70 \u00e5ren.\u00a0 <\/p><\/div>\n\n\n<div class=\"wp-block-group posts-list-meta is-layout-flow wp-block-group-is-layout-flow\"><span class='article-list-item-author'><a href='https:\/\/www.greenpeace.org\/sweden\/author\/gp_sweden\/'>Greenpeace Sverige<\/a><\/span>\n\n<div class=\"wp-block-post-date\"><time datetime=\"2024-06-11T15:22:06+01:00\">juni 11, 2024<\/time><\/div><\/div>\n<\/div>\n<\/div>\n\n<\/li><\/ul>\n\n\n<div class=\"wp-block-buttons carousel-controls is-horizontal is-content-justification-space-between is-nowrap is-layout-flex wp-container-core-buttons-is-layout-044bd602 wp-block-buttons-is-layout-flex\">\n<div class=\"wp-block-button carousel-control-prev\"><button type=\"button\" class=\"wp-block-button__link wp-element-button\">Previous Carousel Slide<\/button><\/div>\n\n\n\n<div class=\"wp-block-button carousel-control-next\"><button type=\"button\" class=\"wp-block-button__link wp-element-button\">Next Carousel Slide<\/button><\/div>\n<\/div>\n\n\n<li class=\" wp-block-navigation-item see-all-link wp-block-navigation-link\"><a class=\"wp-block-navigation-item__content\"  href=\"https:\/\/www.greenpeace.org\/sweden\/nyheter\/?tag=overfiske&#038;post-type=artiklar\"><span class=\"wp-block-navigation-item__label\">L\u00e4s mer<\/span><\/a><\/li><\/div>\n\n\n\n\n<div class=\"wp-block-group alignfull block has-grey-100-background-color has-background is-layout-flow wp-block-group-is-layout-flow\">\n<div class=\"wp-block-group container is-layout-flow wp-block-group-is-layout-flow\">\n<div style=\"height:24px\" aria-hidden=\"true\" class=\"wp-block-spacer\"><\/div>\n\n\n\n<h3 class=\"wp-block-heading has-text-align-center\">L\u00e4s mer om detta \u00e4mne<\/h3>\n\n\n\n<div style=\"height:24px\" aria-hidden=\"true\" class=\"wp-block-spacer\"><\/div>\n\n\n\n<div class=\"wp-block-columns is-layout-flex wp-container-core-columns-is-layout-9d6595d7 wp-block-columns-is-layout-flex\">\n<div class=\"wp-block-column is-layout-flow wp-block-column-is-layout-flow\">\n<div class=\"wp-block-group group-stretched-link is-layout-flow wp-block-group-is-layout-flow\">\n<figure class=\"wp-block-image aligncenter size-full is-resized force-no-lightbox force-no-caption is-style-rounded-180\"><img loading=\"lazy\" decoding=\"async\" src=\"https:\/\/www.greenpeace.org\/static\/planet4-sweden-stateless\/2023\/02\/76e2bcce-gp1sz4rw_web_size.jpg\" title=\"Projicering i New York under globala havsf\u00f6rhandlingarna med budskapet Strong Ocean Treaty Now\" alt=\"Projicering under FNs havsm\u00f6te som uppmanar till ett starkt globalt havsavtal\" class=\"wp-image-54952\" width=\"180\" height=\"180\"\/><figcaption class=\"wp-element-caption\">Greenpeace USA activists project scenes of beauty and fragility onto New York\u2019s iconic Brooklyn Bridge. On the eve of the IGC5 negotiations at the United Nations where governments are meeting to negotiate a new Global Ocean Treaty, which will determine the fate of the oceans. The projections urge negotiators to act and finalise the strongest Treaty possible.<\/figcaption><\/figure>\n\n\n\n<h5 class=\"wp-block-heading has-text-align-center is-style-chevron\" style=\"font-size:1rem\"><a href=\"https:\/\/www.greenpeace.org\/sweden\/?page_id=54277\">Havsreservat<\/a><\/h5>\n\n\n\n<div style=\"height:16px\" aria-hidden=\"true\" class=\"wp-block-spacer\"><\/div>\n<\/div>\n<\/div>\n\n\n\n<div class=\"wp-block-column is-layout-flow wp-block-column-is-layout-flow\">\n<div class=\"wp-block-group group-stretched-link is-layout-flow wp-block-group-is-layout-flow\">\n<figure class=\"wp-block-image aligncenter size-full is-resized force-no-lightbox force-no-caption is-style-rounded-180\"><img loading=\"lazy\" decoding=\"async\" src=\"https:\/\/www.greenpeace.org\/static\/planet4-sweden-stateless\/2023\/02\/e22b84fe-gp0stt3fm_web_size.jpeg\" alt=\"Krabba f\u00e5ngad i plastmugg\" class=\"wp-image-54850\" width=\"180\" height=\"180\"\/><figcaption class=\"wp-element-caption\">A crab was trapped inside a discarded Zagu milktea cup in Verde Island Passage, the epicenter of global marine biodiversity, in Batangas City, the Philippines.<\/figcaption><\/figure>\n\n\n\n<h5 class=\"wp-block-heading has-text-align-center is-style-chevron\" style=\"font-size:1rem\"><a href=\"https:\/\/www.greenpeace.org\/sweden\/?page_id=54280\">Plast<\/a><\/h5>\n\n\n\n<div style=\"height:16px\" aria-hidden=\"true\" class=\"wp-block-spacer\"><\/div>\n<\/div>\n<\/div>\n\n\n\n<div class=\"wp-block-column is-layout-flow wp-block-column-is-layout-flow\">\n<div class=\"wp-block-group group-stretched-link is-layout-flow wp-block-group-is-layout-flow\">\n<figure class=\"wp-block-image aligncenter size-full is-resized force-no-lightbox force-no-caption is-style-rounded-180\"><img loading=\"lazy\" decoding=\"async\" src=\"https:\/\/www.greenpeace.org\/static\/planet4-sweden-stateless\/2023\/02\/12e45dc3-greenpeace-protest-gruvdrift-havsbotten-gp1sv2tj_web_size.jpeg\" alt=\"Aktivister i gummib\u00e5t h\u00e5ller upp banner som s\u00e4ger stop deep sea mining\" class=\"wp-image-54879\" width=\"180\" height=\"180\"\/><figcaption class=\"wp-element-caption\">Greenpeace International activists paint the word &#8217;RISK!&#8217; on the starboard side of Normand Energy, a vessel chartered by the Belgian company Global Sea Mineral Resources (GSR).  \nThe Rainbow Warrior is bearing witness to equipment tests carried out by GSR using the Patania II nodule collector, at approximately 4500 metres deep in the Clarion Clipperton Zone. The mining company is aiming to commercially extract minerals from the seabed in the future. \nThe Greenpeace ship is in the Clarion Clipperton Zone in the Pacific to bear witness to the deep sea mining industry. Part of the ongoing &#8217;Protect the Oceans&#8217; campaign.<\/figcaption><\/figure>\n\n\n\n<h5 class=\"wp-block-heading has-text-align-center is-style-chevron\" style=\"font-size:1rem\"><a href=\"https:\/\/www.greenpeace.org\/sweden\/?page_id=54282\">Djuphavsgruvdrift<\/a><\/h5>\n\n\n\n<div style=\"height:16px\" aria-hidden=\"true\" class=\"wp-block-spacer\"><\/div>\n<\/div>\n<\/div>\n\n\n\n<div class=\"wp-block-column is-layout-flow wp-block-column-is-layout-flow\">\n<div class=\"wp-block-group group-stretched-link is-layout-flow wp-block-group-is-layout-flow\">\n<figure class=\"wp-block-image aligncenter size-full is-resized force-no-lightbox force-no-caption is-style-rounded-180\"><img loading=\"lazy\" decoding=\"async\" src=\"https:\/\/www.greenpeace.org\/static\/planet4-sweden-stateless\/2022\/01\/5e839ff9-isbjo\u0308rnar-i-arktis.jpg\" title=\"Isbj\u00f6rnar p\u00e5 isflak\" alt=\"Isbj\u00f6rnar p\u00e5 isflak\" class=\"wp-image-50511\" width=\"180\" height=\"180\"\/><figcaption class=\"wp-element-caption\">A polar bear and her cub. Greenpeace is in the Arctic to document the lowest sea ice level on record.<\/figcaption><\/figure>\n\n\n\n<h5 class=\"wp-block-heading has-text-align-center is-style-chevron\" style=\"font-size:1rem\"><a href=\"https:\/\/www.greenpeace.org\/sweden\/?page_id=54284\">Arktis<\/a><\/h5>\n\n\n\n<div style=\"height:16px\" aria-hidden=\"true\" class=\"wp-block-spacer\"><\/div>\n<\/div>\n<\/div>\n<\/div>\n<\/div>\n<\/div>\n\n\n\n\n\n<div class=\"wp-block-group alignfull block mb-0 has-white-background-color has-background is-layout-flow wp-block-group-is-layout-flow\">\n<div class=\"wp-block-group container is-layout-flow wp-block-group-is-layout-flow\">\n<h5 class=\"wp-block-heading has-text-align-center\">Utforska andra \u00e4mnen<\/h5>\n\n\n\n<div style=\"height:24px\" aria-hidden=\"true\" class=\"wp-block-spacer\"><\/div>\n\n\n\n<div class=\"wp-block-columns is-not-stacked-on-mobile is-style-mobile-carousel is-layout-flex wp-container-core-columns-is-layout-9d6595d7 wp-block-columns-is-layout-flex\">\n<div class=\"wp-block-column is-layout-flow wp-block-column-is-layout-flow\">\n<div class=\"wp-block-group group-stretched-link is-layout-constrained wp-block-group-is-layout-constrained\">\n<figure class=\"wp-block-image aligncenter size-full is-resized is-style-rounded-90 force-no-lightbox force-no-caption mb-0\"><img loading=\"lazy\" decoding=\"async\" width=\"800\" height=\"534\" src=\"https:\/\/www.greenpeace.org\/static\/planet4-sweden-stateless\/2023\/02\/6111330d-gp1t50im_web_size.jpg\" alt=\"M\u00e4nniskor med banderoll som s\u00e4ger: For 1,5 degrees celsius, stop here\" class=\"wp-image-54840\" srcset=\"https:\/\/www.greenpeace.org\/static\/planet4-sweden-stateless\/2023\/02\/6111330d-gp1t50im_web_size.jpg 800w, https:\/\/www.greenpeace.org\/static\/planet4-sweden-stateless\/2023\/02\/6111330d-gp1t50im_web_size-300x200.jpg 300w, https:\/\/www.greenpeace.org\/static\/planet4-sweden-stateless\/2023\/02\/6111330d-gp1t50im_web_size-768x513.jpg 768w, https:\/\/www.greenpeace.org\/static\/planet4-sweden-stateless\/2023\/02\/6111330d-gp1t50im_web_size-510x340.jpg 510w\" sizes=\"auto, (max-width: 800px) 100vw, 800px\" \/><figcaption class=\"wp-element-caption\">Demonstration against the demolition of the village of L\u00fctzerath with the participation of Greenpeace.\nThe German government has agreed with the coal company RWE to mine another 280 million tons of the climate killer lignite in the Garzweiler open pit mine alone. Six times more than would be permissible to comply with the critical 1.5-degree limit. This is precisely why Greenpeace, together with other environmental associations and activists, is countering this with a powerful demonstration.\nDie deutsche Regierung hat mit dem Kohlekonzern RWE vereinbart, allein im Tagebau Garzweiler noch weitere 280 Millionen Tonnen des Klimakillers Braunkohle f\u00f6rdern zu wollen. Sechs Mal mehr, als zul\u00e4ssig w\u00e4re, um die kritische 1,5-Grad-Grenze einzuhalten. Genau deshalb tritt Greenpeace zusammen mit anderen Umweltverb\u00e4nden und Aktivist:innen dem mit einer kraftvollen Demonstration entgegen.<\/figcaption><\/figure>\n\n\n\n<div style=\"height:16px\" aria-hidden=\"true\" class=\"wp-block-spacer\"><\/div>\n\n\n\n<h5 class=\"wp-block-heading has-text-align-center\" style=\"font-size:1rem\"><a href=\"https:\/\/www.greenpeace.org\/sweden\/?page_id=54216\">Klimat<\/a><\/h5>\n<\/div>\n<\/div>\n\n\n\n<div class=\"wp-block-column is-layout-flow wp-block-column-is-layout-flow\">\n<div class=\"wp-block-group group-stretched-link is-layout-flow wp-block-group-is-layout-flow\">\n<figure class=\"wp-block-image aligncenter size-full is-resized is-style-rounded-90 force-no-lightbox force-no-caption mb-0\"><img loading=\"lazy\" decoding=\"async\" width=\"799\" height=\"449\" src=\"https:\/\/www.greenpeace.org\/static\/planet4-sweden-stateless\/2023\/02\/d7cd8025-gp0str3iq_web_size.jpg\" alt=\"Bild p\u00e5 tr\u00e4d tagna rakt uppifr\u00e5n fr\u00e5n luften\" class=\"wp-image-54625\" srcset=\"https:\/\/www.greenpeace.org\/static\/planet4-sweden-stateless\/2023\/02\/d7cd8025-gp0str3iq_web_size.jpg 799w, https:\/\/www.greenpeace.org\/static\/planet4-sweden-stateless\/2023\/02\/d7cd8025-gp0str3iq_web_size-300x169.jpg 300w, https:\/\/www.greenpeace.org\/static\/planet4-sweden-stateless\/2023\/02\/d7cd8025-gp0str3iq_web_size-768x432.jpg 768w, https:\/\/www.greenpeace.org\/static\/planet4-sweden-stateless\/2023\/02\/d7cd8025-gp0str3iq_web_size-510x287.jpg 510w\" sizes=\"auto, (max-width: 799px) 100vw, 799px\" \/><\/figure>\n\n\n\n<div style=\"height:16px\" aria-hidden=\"true\" class=\"wp-block-spacer\"><\/div>\n\n\n\n<h5 class=\"wp-block-heading has-text-align-center\" style=\"font-size:1rem\"><a href=\"https:\/\/www.greenpeace.org\/sweden\/?page_id=54244\">Skog<\/a><\/h5>\n<\/div>\n<\/div>\n\n\n\n<div class=\"wp-block-column is-layout-flow wp-block-column-is-layout-flow\">\n<div class=\"wp-block-group group-stretched-link is-layout-flow wp-block-group-is-layout-flow\">\n<figure class=\"wp-block-image aligncenter size-full is-resized is-style-rounded-90 force-no-lightbox force-no-caption mb-0\"><img loading=\"lazy\" decoding=\"async\" width=\"800\" height=\"451\" src=\"https:\/\/www.greenpeace.org\/static\/planet4-sweden-stateless\/2023\/02\/406677f9-gp1su99g_web_size.jpg\" alt=\"oljerigg i solnedg\u00e5ng med r\u00f6d himmel\" class=\"wp-image-54903\" srcset=\"https:\/\/www.greenpeace.org\/static\/planet4-sweden-stateless\/2023\/02\/406677f9-gp1su99g_web_size.jpg 800w, https:\/\/www.greenpeace.org\/static\/planet4-sweden-stateless\/2023\/02\/406677f9-gp1su99g_web_size-300x169.jpg 300w, https:\/\/www.greenpeace.org\/static\/planet4-sweden-stateless\/2023\/02\/406677f9-gp1su99g_web_size-768x433.jpg 768w, https:\/\/www.greenpeace.org\/static\/planet4-sweden-stateless\/2023\/02\/406677f9-gp1su99g_web_size-510x288.jpg 510w\" sizes=\"auto, (max-width: 800px) 100vw, 800px\" \/><figcaption class=\"wp-element-caption\">The sun sets behind Total&#8217;s Culzean Platforms located in the Culzean Field. Culzean is a gas condensate field located in the British North Sea, 230 kilometres off the coast of Aberdeen.\nDie Sonne geht hinter den von Total betriebenen Culzean-Plattformen unter. Die Plattformen stehen im  Culzean Feld, einem Gaskondensatfeld in der britischen Nordsee, etwa 230 Kilometer vor der K\u00fcste von Aberdeen entfernt.<\/figcaption><\/figure>\n\n\n\n<div style=\"height:16px\" aria-hidden=\"true\" class=\"wp-block-spacer\"><\/div>\n\n\n\n<h5 class=\"wp-block-heading has-text-align-center\" style=\"font-size:1rem\"><a href=\"https:\/\/www.greenpeace.org\/sweden\/?page_id=54250\">Energi<\/a><\/h5>\n<\/div>\n<\/div>\n<\/div>\n<\/div>\n<\/div>\n\n<\/div>\n","protected":false},"excerpt":{"rendered":"<p>90 procent av v\u00e4rldens fiskebest\u00e5nd \u00e4r utfiskade eller fiskas till maximal kapacitet. V\u00e4rldens ledare m\u00e5ste ta sitt ansvar och enas om ett starkt globalt havsavtal.<\/p>\n","protected":false},"author":45,"featured_media":54965,"parent":54247,"menu_order":0,"comment_status":"closed","ping_status":"closed","template":"","meta":{"ep_exclude_from_search":false,"p4_hide_page_title_checkbox":"on","p4_title":"","p4_subtitle":"","p4_description":"","background_image_id":"","background_image":"","p4_button_title":"","p4_button_link":"","p4_button_link_checkbox":"","p4_og_title":"","p4_og_description":"","p4_og_image":"","p4_og_image_id":"","p4_seo_canonical_url":"","p4_campaign_name":"not set","p4_local_project":"not set","p4_basket_name":"not set","p4_department":"","footnotes":""},"categories":[3],"tags":[28],"class_list":["post-54275","page","type-page","status-publish","has-post-thumbnail","hentry","category-hav","tag-overfiske"],"_links":{"self":[{"href":"https:\/\/www.greenpeace.org\/sweden\/wp-json\/wp\/v2\/pages\/54275","targetHints":{"allow":["GET"]}}],"collection":[{"href":"https:\/\/www.greenpeace.org\/sweden\/wp-json\/wp\/v2\/pages"}],"about":[{"href":"https:\/\/www.greenpeace.org\/sweden\/wp-json\/wp\/v2\/types\/page"}],"author":[{"embeddable":true,"href":"https:\/\/www.greenpeace.org\/sweden\/wp-json\/wp\/v2\/users\/45"}],"replies":[{"embeddable":true,"href":"https:\/\/www.greenpeace.org\/sweden\/wp-json\/wp\/v2\/comments?post=54275"}],"version-history":[{"count":20,"href":"https:\/\/www.greenpeace.org\/sweden\/wp-json\/wp\/v2\/pages\/54275\/revisions"}],"predecessor-version":[{"id":66300,"href":"https:\/\/www.greenpeace.org\/sweden\/wp-json\/wp\/v2\/pages\/54275\/revisions\/66300"}],"up":[{"embeddable":true,"href":"https:\/\/www.greenpeace.org\/sweden\/wp-json\/wp\/v2\/pages\/54247"}],"wp:featuredmedia":[{"embeddable":true,"href":"https:\/\/www.greenpeace.org\/sweden\/wp-json\/wp\/v2\/media\/54965"}],"wp:attachment":[{"href":"https:\/\/www.greenpeace.org\/sweden\/wp-json\/wp\/v2\/media?parent=54275"}],"wp:term":[{"taxonomy":"category","embeddable":true,"href":"https:\/\/www.greenpeace.org\/sweden\/wp-json\/wp\/v2\/categories?post=54275"},{"taxonomy":"post_tag","embeddable":true,"href":"https:\/\/www.greenpeace.org\/sweden\/wp-json\/wp\/v2\/tags?post=54275"}],"curies":[{"name":"wp","href":"https:\/\/api.w.org\/{rel}","templated":true}]}}