{"id":54289,"date":"2023-02-21T14:07:56","date_gmt":"2023-02-21T13:07:56","guid":{"rendered":"https:\/\/www.greenpeace.org\/sweden\/?page_id=54289"},"modified":"2026-04-08T09:59:59","modified_gmt":"2026-04-08T08:59:59","slug":"regnskogen-i-amazonas","status":"publish","type":"page","link":"https:\/\/www.greenpeace.org\/sweden\/skog\/regnskogen-i-amazonas\/","title":{"rendered":"Regnskogen i Amazonas"},"content":{"rendered":"\n<div class=\"wp-block-group is-pattern-p4-deep-dive-topic-pattern-layout mb-0 is-layout-flow wp-block-group-is-layout-flow\">\n\n<div class=\"wp-block-group alignfull has-grey-100-background-color has-background is-layout-flow wp-block-group-is-layout-flow\" style=\"padding-top:56px;padding-bottom:56px\">\n<div class=\"wp-block-group container is-layout-flow wp-block-group-is-layout-flow\">\n<div class=\"wp-block-media-text alignfull has-media-on-the-right is-stacked-on-mobile is-pattern-p4-page-header is-style-parallax\"><div class=\"wp-block-media-text__content\">\n<div class=\"wp-block-group is-layout-flow wp-block-group-is-layout-flow\">\n<h1 class=\"wp-block-heading has-grey-100-background-color has-background\">Amazonas beh\u00f6ver v\u00e5r hj\u00e4lp<\/h1>\n<\/div>\n\n\n\n<p style=\"font-size:1.25rem\">Amazonas regnskog n\u00e4rmar sig en brytpunkt d\u00e4r regnskogen inte l\u00e4ngre kommer kunna \u00e5terh\u00e4mta sig utan riskerar bli en torr savann. Att f\u00f6rlora Amazonas skulle ha f\u00f6r\u00f6dande konsekvenser f\u00f6r hela v\u00e5r planet. Om vi f\u00f6rlorar v\u00e4rldens st\u00f6rsta regnskog, f\u00f6rlorar vi kampen mot klimatkrisen.<\/p>\n\n\n\n<div class=\"wp-block-buttons is-layout-flex wp-block-buttons-is-layout-flex\">\n<div class=\"wp-block-button is-style-cta\"><a class=\"wp-block-button__link wp-element-button\" href=\"https:\/\/www.greenpeace.org\/sweden\/skydda-amazonas-radda-klimatet\/\">H\u00f6j din r\u00f6st f\u00f6r Amazonas<\/a><\/div>\n<\/div>\n<\/div><figure class=\"wp-block-media-text__media\"><img loading=\"lazy\" decoding=\"async\" width=\"800\" height=\"600\" src=\"https:\/\/www.greenpeace.org\/static\/planet4-sweden-stateless\/2023\/02\/a8ddd5b1-gp1sw6ag_web_size.jpg\" alt=\"Amazonas regnskog\" sizes=\"auto, (min-width: 601px) 50vw, 100vw\" srcset=\"https:\/\/www.greenpeace.org\/static\/planet4-sweden-stateless\/2023\/02\/a8ddd5b1-gp1sw6ag_web_size.jpg 800w, https:\/\/www.greenpeace.org\/static\/planet4-sweden-stateless\/2023\/02\/a8ddd5b1-gp1sw6ag_web_size-300x225.jpg 300w, https:\/\/www.greenpeace.org\/static\/planet4-sweden-stateless\/2023\/02\/a8ddd5b1-gp1sw6ag_web_size-768x576.jpg 768w, https:\/\/www.greenpeace.org\/static\/planet4-sweden-stateless\/2023\/02\/a8ddd5b1-gp1sw6ag_web_size-453x340.jpg 453w\" class=\"wp-image-54861 size-full\"\/><\/figure><\/div>\n<\/div>\n<\/div>\n\n\n\n\n<style>.wp-block-group.alignfull.has-background.is-layout-flow{padding:0!important;}<\/style>\n\n<div style=\"height:15px\" aria-hidden=\"true\" class=\"wp-block-spacer\"><\/div>\n\n<div class=\"wp-block-columns is-style-mobile-carousel secondary-menu is-layout-flex wp-container-core-columns-is-layout-9d6595d7 wp-block-columns-is-layout-flex\">\n<div class=\"wp-block-column is-layout-flow wp-block-column-is-layout-flow\" style=\"flex-basis:15%\"><\/div>\n\n\n\n<div class=\"wp-block-column brdr-bottom is-layout-flow wp-block-column-is-layout-flow\">\n<div class=\"wp-block-group is-style-reset-margin flex-wrap is-content-justification-center is-nowrap is-layout-flex wp-container-core-group-is-layout-499140ed wp-block-group-is-layout-flex\">\n<p class=\"has-text-align-center is-style-roboto-font-family nav-link\" style=\"font-size:16px\"><a href=\"#problemet\">Problemet<\/a><\/p>\n\n\n\n<div style=\"height:30px;width:0px\" aria-hidden=\"true\" class=\"wp-block-spacer wp-container-content-728072c3\"><\/div>\n\n\n\n<p>\u2022<\/p>\n\n\n\n<div style=\"height:30px;width:0px\" aria-hidden=\"true\" class=\"wp-block-spacer wp-container-content-728072c3\"><\/div>\n\n\n\n<p class=\"has-text-align-center is-style-roboto-font-family nav-link\" style=\"font-size:16px\"><a href=\"#vad-vi-gor\">Vad vi g\u00f6r<\/a><\/p>\n\n\n\n<div style=\"height:30px;width:0px\" aria-hidden=\"true\" class=\"wp-block-spacer wp-container-content-728072c3\"><\/div>\n\n\n\n<p>\u2022<\/p>\n\n\n\n<div style=\"height:30px;width:0px\" aria-hidden=\"true\" class=\"wp-block-spacer wp-container-content-728072c3\"><\/div>\n\n\n\n<p class=\"has-text-align-center is-style-roboto-font-family nav-link\" style=\"font-size:16px\"><a href=\"#vad-kan-du-gora\">Vad du kan g\u00f6ra<\/a><\/p>\n\n\n\n<div style=\"height:30px;width:0px\" aria-hidden=\"true\" class=\"wp-block-spacer wp-container-content-728072c3\"><\/div>\n\n\n\n<p>\u2022<\/p>\n\n\n\n<div style=\"height:30px;width:0px\" aria-hidden=\"true\" class=\"wp-block-spacer wp-container-content-728072c3\"><\/div>\n\n\n\n<p class=\"is-style-roboto-font-family nav-link\" style=\"font-size:16px\"><a href=\"#senaste-nytt\">Senaste nytt<\/a><\/p>\n\n\n\n<div style=\"height:30px;width:0px\" aria-hidden=\"true\" class=\"wp-block-spacer wp-container-content-728072c3\"><\/div>\n<\/div>\n<\/div>\n\n\n\n<div class=\"wp-block-column is-layout-flow wp-block-column-is-layout-flow\" style=\"flex-basis:15%\"><\/div>\n<\/div>\n\n\n\n<div style=\"height:64px\" aria-hidden=\"true\" class=\"wp-block-spacer\"><\/div>\n\n\n\n\n<div class=\"wp-block-media-text alignwide is-stacked-on-mobile is-image-fill-element\"><figure class=\"wp-block-media-text__media\"><img loading=\"lazy\" decoding=\"async\" width=\"800\" height=\"533\" src=\"https:\/\/www.greenpeace.org\/static\/planet4-sweden-stateless\/2023\/02\/5e27e50d-gp1suehs_web_size.jpg\" alt=\"\" sizes=\"auto, (min-width: 1600px) calc((1320px - 24px) \/ 2),(min-width: 1200px) calc((1140px - 24px) \/ 2),(min-width: 992px) calc((960px - 24px) \/ 2),(min-width: 768px) calc((720px - 24px) \/ 2),(min-width: 601px) calc((540px - 24px) \/ 2),(min-width: 577px) calc((540px - 24px) \/ 1), calc(100vw - 24px)\" srcset=\"https:\/\/www.greenpeace.org\/static\/planet4-sweden-stateless\/2023\/02\/5e27e50d-gp1suehs_web_size.jpg 800w, https:\/\/www.greenpeace.org\/static\/planet4-sweden-stateless\/2023\/02\/5e27e50d-gp1suehs_web_size-300x200.jpg 300w, https:\/\/www.greenpeace.org\/static\/planet4-sweden-stateless\/2023\/02\/5e27e50d-gp1suehs_web_size-768x512.jpg 768w, https:\/\/www.greenpeace.org\/static\/planet4-sweden-stateless\/2023\/02\/5e27e50d-gp1suehs_web_size-510x340.jpg 510w\" class=\"wp-image-54616 size-full\" style=\"object-position:50% 50%\"\/><\/figure><div class=\"wp-block-media-text__content\">\n<div style=\"height:30px\" aria-hidden=\"true\" id=\"problemet\" class=\"wp-block-spacer\"><\/div>\n\n\n\n<h2 class=\"wp-block-heading\">Problemet med Amazonas<\/h2>\n\n\n\n<p>Regnskogen i Amazonas spelar en avg\u00f6rande roll i att reglera klimatet b\u00e5de i Sydamerika och resten av v\u00e4rlden, men skogen sk\u00f6vlas och br\u00e4nns ner f\u00f6r kortsiktiga vinster. Ov\u00e4rderlig skog f\u00f6rsvinner och ers\u00e4tts med gigantiska betesomr\u00e5den f\u00f6r boskapsdjur, sojaplantage och gruvor som ligger som \u00f6ppna s\u00e5r i landskapet. Urfolk, milj\u00f6aktivister och journalister som f\u00f6rs\u00f6ker rikta str\u00e5lkastarna mot korruption och milj\u00f6brott i Amazonas riskerar att attackeras och till och med d\u00f6das.<br>Forskare varnar f\u00f6r att regnskogen i Amazonas h\u00e5ller p\u00e5 att n\u00e5 en brytpunkt d\u00e5 den kommer sluta producera sitt eget regn och gradvis \u00f6verg\u00e5 i ett torrt savannlandskap. Detta skulle is\u00e5fall vara katastrofalt f\u00f6r miljoner av m\u00e4nniskor som \u00e4r beroende av regn och f\u00e4rskvatten. F\u00f6rlorar vi Amazonas, f\u00f6rlorar vi kampen mot klimatkrisen.<\/p>\n\n\n\n<div class=\"wp-block-buttons is-layout-flex wp-block-buttons-is-layout-flex\"><\/div>\n\n\n\n<div style=\"height:30px\" aria-hidden=\"true\" class=\"wp-block-spacer\"><\/div>\n<\/div><\/div>\n\n\n\n\n\n<div class=\"wp-block-media-text alignwide has-media-on-the-right is-stacked-on-mobile is-image-fill-element\"><div class=\"wp-block-media-text__content\">\n<div style=\"height:30px\" aria-hidden=\"true\" id=\"vad-vi-gor\" class=\"wp-block-spacer\"><\/div>\n\n\n\n<h2 class=\"wp-block-heading\">Vad g\u00f6r Greenpeace f\u00f6r att r\u00e4dda Amazonas?<\/h2>\n\n\n\n<p>Vi jobbar n\u00e4ra med v\u00e5ra kollegor i Greenpeace i Brasilien, som i solidaritet och samarbete med urfolk och allierade \u00f6vervakar och dokumenterar avskogning, milj\u00f6brott och brott mot m\u00e4nskliga r\u00e4ttigheter. I samarbete med relevanta organisationer ger vi ut rapporter om Amazonas och m\u00e4nniskorna som lever i och av skogen, och informerar befolkningen om v\u00e4xter och djur i regnskogen. Vi har bland annat avsl\u00f6jat omfattande greenwashing inom Brasiliens k\u00f6ttindustri d\u00e4r k\u00f6tt som \u00e4r uppm\u00e4rkt som \u201cskogsv\u00e4nlig\u201d i verkligheten h\u00e4rstammar fr\u00e5n g\u00e5rdar som \u00e4r kopplade till avskogning.<br>H\u00e4r i Sverige arbetar vi f\u00f6r att stoppa frihandelsavtalet mellan EU och de fyra Mercosur-l\u00e4nderna Brasilien, Argentina, Paraguay och Uruguay, Handelsavtalet kommer n\u00e4mligen g\u00f6ra det l\u00e4ttare f\u00f6r de sydamerikanska l\u00e4ndernas regeringar att \u00f6ka exporten av varor som \u00e4r kopplade till destruktiv skogssk\u00f6vling, till Europa. Vi har \u00e4ven varit med och arbetat f\u00f6r ett lagverk som ska f\u00f6rhindra import av varor som bidragit till avskogning och brott mot m\u00e4nskliga r\u00e4ttigheter b\u00e5de i Europa och Brasilien.<\/p>\n\n\n\n<div class=\"wp-block-buttons is-layout-flex wp-block-buttons-is-layout-flex\">\n<div class=\"wp-block-button is-style-secondary\"><a class=\"wp-block-button__link wp-element-button\" href=\"https:\/\/stod.greenpeace.org\/bli-manadsgivare-amazonas-regnskog\/~se-min-donation?amount=250&amp;frequency=regular\">St\u00f6tta v\u00e5rt arbete f\u00f6r Amazonas<\/a><\/div>\n<\/div>\n\n\n\n<div style=\"height:30px\" aria-hidden=\"true\" class=\"wp-block-spacer\"><\/div>\n<\/div><figure class=\"wp-block-media-text__media\"><img loading=\"lazy\" decoding=\"async\" width=\"800\" height=\"534\" src=\"https:\/\/www.greenpeace.org\/static\/planet4-sweden-stateless\/2023\/02\/ca2a62ca-gp1su5ae_web_size.jpg\" alt=\"\" sizes=\"auto, (min-width: 1600px) calc((1320px - 24px) \/ 2),(min-width: 1200px) calc((1140px - 24px) \/ 2),(min-width: 992px) calc((960px - 24px) \/ 2),(min-width: 768px) calc((720px - 24px) \/ 2),(min-width: 601px) calc((540px - 24px) \/ 2),(min-width: 577px) calc((540px - 24px) \/ 1), calc(100vw - 24px)\" srcset=\"https:\/\/www.greenpeace.org\/static\/planet4-sweden-stateless\/2023\/02\/ca2a62ca-gp1su5ae_web_size.jpg 800w, https:\/\/www.greenpeace.org\/static\/planet4-sweden-stateless\/2023\/02\/ca2a62ca-gp1su5ae_web_size-300x200.jpg 300w, https:\/\/www.greenpeace.org\/static\/planet4-sweden-stateless\/2023\/02\/ca2a62ca-gp1su5ae_web_size-768x513.jpg 768w, https:\/\/www.greenpeace.org\/static\/planet4-sweden-stateless\/2023\/02\/ca2a62ca-gp1su5ae_web_size-510x340.jpg 510w\" class=\"wp-image-54617 size-full\" style=\"object-position:50% 50%\"\/><\/figure><\/div>\n\n\n\n\n<div class=\"wp-block-columns is-layout-flex wp-container-core-columns-is-layout-9d6595d7 wp-block-columns-is-layout-flex\">\n<div class=\"wp-block-column is-layout-flow wp-block-column-is-layout-flow\" style=\"flex-basis:51%\">\n<figure class=\"wp-block-embed is-type-video is-provider-youtube wp-block-embed-youtube wp-embed-aspect-16-9 wp-has-aspect-ratio\"><div class=\"wp-block-embed__wrapper\">\n<iframe loading=\"lazy\" title=\"Myten om soja \u2013 klarar du att h\u00f6ra sanningen? \ud83e\udd14\ud83d\ude26\ud83d\ude32\" width=\"500\" height=\"281\" src=\"https:\/\/www.youtube.com\/embed\/RRYiKWq2Xho?feature=oembed\" frameborder=\"0\" allow=\"accelerometer; autoplay; clipboard-write; encrypted-media; gyroscope; picture-in-picture; web-share\" referrerpolicy=\"strict-origin-when-cross-origin\" allowfullscreen><\/iframe>\n<\/div><\/figure>\n<\/div>\n\n\n\n<div class=\"wp-block-column is-layout-flow wp-block-column-is-layout-flow\" style=\"flex-basis:49%\">\n<div style=\"height:40px\" aria-hidden=\"true\" class=\"wp-block-spacer\"><\/div>\n\n\n\n<h3 class=\"wp-block-heading\">Myten om soja \u2013 klarar du att h\u00f6ra sanningen?<\/h3>\n\n\n\n<p>Sanningen om sojab\u00f6nan, och dess direkta koppling till destruktiv skogssk\u00f6vling p\u00e5 avl\u00e4gsna platser som Amazonas, liknar en chockerande kriminalthriller. H\u00e4r f\u00e5r du se hur djupt h\u00e5let g\u00e5r, och n\u00e4r du har f\u00e5tt veta hur det egentligen ligger till \u2013 finns ingen \u00e5terv\u00e4ndo.<\/p>\n\n\n\n<p>STJ\u00c4RNORNA BAKOM &#8221;SOJA-MYSTERIET&#8221;: Den h\u00e4r \u00f6gon\u00f6ppnande kortfilmen \u00e4r baserad p\u00e5 en id\u00e9 fr\u00e5n den danske sk\u00e5despelaren Mikkel Boe F\u00f8lsgaard (k\u00e4nd bl.a. fr\u00e5n filmen &#8217;A Royal Affair&#8217;, Netflix-serien &#8217;The Rain&#8217;), som \u00e4ven regisserat och g\u00f6r huvudrollen som den bl\u00e5\u00f6gde kriminalaren. Sk\u00e5despelerskan Danica Curcic g\u00f6r r\u00f6sten \u00e5t sojab\u00f6nan, som har en \u00f6desdiger sanning att dela med sig av.<\/p>\n<\/div>\n<\/div>\n\n\n\n<div style=\"height:30px\" aria-hidden=\"true\" id=\"vad-kan-du-gora\" class=\"wp-block-spacer\"><\/div>\n\n\n\n<div class=\"wp-block-query mb-0 actions-list p4-query-loop is-custom-layout-carousel is-layout-flex wp-block-query-is-layout-flex\">\n<h2 class=\"wp-block-heading\">Vad kan du g\u00f6ra<\/h2>\n\n\n\n<p style=\"margin-top:24px;margin-bottom:32px\">\u00c4t mer v\u00e4xtbaserad kost. Cirka tre fj\u00e4rdedelar av all jordbruksmark p\u00e5 jorden anv\u00e4nds f\u00f6r boskapsuppf\u00f6dning och produktion av deras foder, vilket orsakar enorma monokulturer och f\u00f6rlust av biologisk m\u00e5ngfald. I Amazonas \u00e4r boskapsindustrin den fr\u00e4msta orsaken till avskogningen. Att byta ut k\u00f6tt och andra animaliska produkter till v\u00e4xtbaserade alternativ \u00e4r ett av de enklaste s\u00e4tten att minska sitt eget personliga klimatavtryck, bidra till din h\u00e4lsa och skydda regnskogen.<br><br>Vi beh\u00f6ver politisk handling f\u00f6r att r\u00e4dda Amazonas regnskog. De stora f\u00f6retagen m\u00e5ste st\u00e4llas till svar och urfolk och \u00f6vrig lokalbefolkning m\u00e5ste f\u00e5 makt och mandat att stoppa de milj\u00f6farliga projekt som planl\u00e4ggs och genomf\u00f6rs.<br>St\u00f6tta Greenpeace som \u00e4r p\u00e5 plats f\u00f6r att ge v\u00e4rldens st\u00f6rsta regnskog en oberoende r\u00f6st. Bli m\u00e5nadsgivare, donera ett eng\u00e5ngsbidrag, deltag i demonstrationer, skriv under namninamling och sprid ordet till v\u00e4nner och bekanta. Lyft \u00e4mnet i skolan, f\u00f6reningslivet eller p\u00e5 din arbetsplats.<\/p>\n\n\n\n\n<ul class=\"wp-block-post-template is-layout-flow wp-block-post-template-is-layout-flow\"><li class=\"wp-block-post post-64391 page type-page status-publish has-post-thumbnail hentry category-skog tag-regnskog\">\n<figure class=\"wp-block-post-featured-image\"><img loading=\"lazy\" decoding=\"async\" width=\"1080\" height=\"1080\" src=\"https:\/\/www.greenpeace.org\/static\/planet4-sweden-stateless\/2025\/09\/bae63592-1080x1080_forest-destruction.jpg\" class=\"attachment-post-thumbnail size-post-thumbnail wp-post-image wp-stateless-item\" alt=\"\" style=\"object-fit:cover;\" srcset=\"https:\/\/www.greenpeace.org\/static\/planet4-sweden-stateless\/2025\/09\/bae63592-1080x1080_forest-destruction.jpg 1080w, https:\/\/www.greenpeace.org\/static\/planet4-sweden-stateless\/2025\/09\/bae63592-1080x1080_forest-destruction-300x300.jpg 300w, https:\/\/www.greenpeace.org\/static\/planet4-sweden-stateless\/2025\/09\/bae63592-1080x1080_forest-destruction-1024x1024.jpg 1024w, https:\/\/www.greenpeace.org\/static\/planet4-sweden-stateless\/2025\/09\/bae63592-1080x1080_forest-destruction-150x150.jpg 150w, https:\/\/www.greenpeace.org\/static\/planet4-sweden-stateless\/2025\/09\/bae63592-1080x1080_forest-destruction-768x768.jpg 768w, https:\/\/www.greenpeace.org\/static\/planet4-sweden-stateless\/2025\/09\/bae63592-1080x1080_forest-destruction-340x340.jpg 340w\" sizes=\"auto, (max-width: 1080px) 100vw, 1080px\" data-image-size=\"post-thumbnail\" data-stateless-media-bucket=\"planet4-sweden-stateless\" data-stateless-media-name=\"2025\/09\/bae63592-1080x1080_forest-destruction.jpg\" \/><\/figure>\n\n\n                <div class=\"wp-block-group group-stretched-link is-layout-flow wp-block-group-is-layout-flow\"><div class=\"wp-block-post-terms\">Skog<\/div>\n                <h3 class=\"wp-block-post-title\"><a href=\"https:\/\/www.greenpeace.org\/sweden\/agera\/skydda-amazonas-radda-klimatet\/\" target=\"_self\" >Skydda Amazonas, r\u00e4dda klimatet!<\/a><\/h3>\n                <div class=\"wp-block-post-excerpt\"><p class=\"wp-block-post-excerpt__excerpt\">Amazonas, den mest artrika skogen p\u00e5 jorden sk\u00f6vlas och br\u00e4nns f\u00f6r snabba vinster &#8211; att f\u00f6rlora Amazonas, \u00e4r att f\u00f6rlora klimatkrisen. Men DU kan g\u00f6ra skillnad! <\/p><\/div><\/div>\n                \n\n\n<div class=\"wp-block-group read-more-nav is-layout-flow wp-block-group-is-layout-flow\"><a href=\"https:\/\/www.greenpeace.org\/sweden\/agera\/skydda-amazonas-radda-klimatet\/\" class=\"btn btn-primary btn-small\" aria-label=\"Engagera dig\">Engagera dig<\/a><\/div>\n\n<\/li><li class=\"wp-block-post post-45937 page type-page status-publish has-post-thumbnail hentry category-skog tag-regnskog\">\n<figure class=\"wp-block-post-featured-image\"><img loading=\"lazy\" decoding=\"async\" width=\"800\" height=\"534\" src=\"https:\/\/www.greenpeace.org\/static\/planet4-sweden-stateless\/2020\/10\/9f673b9b-together4forests_skog_greenpeace.jpg\" class=\"attachment-post-thumbnail size-post-thumbnail wp-post-image wp-stateless-item\" alt=\"\" style=\"object-fit:cover;\" srcset=\"https:\/\/www.greenpeace.org\/static\/planet4-sweden-stateless\/2020\/10\/9f673b9b-together4forests_skog_greenpeace.jpg 800w, https:\/\/www.greenpeace.org\/static\/planet4-sweden-stateless\/2020\/10\/9f673b9b-together4forests_skog_greenpeace-300x200.jpg 300w, https:\/\/www.greenpeace.org\/static\/planet4-sweden-stateless\/2020\/10\/9f673b9b-together4forests_skog_greenpeace-768x513.jpg 768w, https:\/\/www.greenpeace.org\/static\/planet4-sweden-stateless\/2020\/10\/9f673b9b-together4forests_skog_greenpeace-510x340.jpg 510w\" sizes=\"auto, (max-width: 800px) 100vw, 800px\" data-image-size=\"post-thumbnail\" data-stateless-media-bucket=\"planet4-sweden-stateless\" data-stateless-media-name=\"2020\/10\/9f673b9b-together4forests_skog_greenpeace.jpg\" \/><\/figure>\n\n\n                <div class=\"wp-block-group group-stretched-link is-layout-flow wp-block-group-is-layout-flow\"><div class=\"wp-block-post-terms\">Skog<\/div>\n                <h3 class=\"wp-block-post-title\"><a href=\"https:\/\/www.greenpeace.org\/sweden\/agera\/skydda-amazonas-sverige-sag-nej-till-handelsavtalet-med-brasilien\/\" target=\"_self\" >Skydda Amazonas, s\u00e4g nej till handelsavtalet med Brasilien!<\/a><\/h3>\n                <div class=\"wp-block-post-excerpt\"><p class=\"wp-block-post-excerpt__excerpt\">Amazonas beh\u00f6ver din r\u00f6st \u2013 skriv under och hj\u00e4lp oss stoppa handelsavtalet som kommer \u00f6ka \u00f6del\u00e4ggelsen av v\u00e4rdefull regnskog. <\/p><\/div><\/div>\n                \n\n\n<div class=\"wp-block-group read-more-nav is-layout-flow wp-block-group-is-layout-flow\"><a href=\"https:\/\/www.greenpeace.org\/sweden\/agera\/skydda-amazonas-sverige-sag-nej-till-handelsavtalet-med-brasilien\/\" class=\"btn btn-primary btn-small\" aria-label=\"Engagera dig\">Engagera dig<\/a><\/div>\n\n<\/li><\/ul>\n\n\n<div class=\"wp-block-buttons carousel-controls is-horizontal is-content-justification-space-between is-nowrap is-layout-flex wp-container-core-buttons-is-layout-044bd602 wp-block-buttons-is-layout-flex\">\n<div class=\"wp-block-button carousel-control-prev\"><button type=\"button\" class=\"wp-block-button__link wp-element-button\">Prev<\/button><\/div>\n\n\n\n<div class=\"wp-block-button carousel-control-next\"><button type=\"button\" class=\"wp-block-button__link wp-element-button\">Next<\/button><\/div>\n<\/div>\n\n\n\n<div class=\"wp-block-buttons load-more-actions-container is-content-justification-center is-layout-flex wp-container-core-buttons-is-layout-16018d1d wp-block-buttons-is-layout-flex\">\n<div class=\"wp-block-button is-style-secondary\"><button type=\"button\" class=\"wp-block-button__link wp-element-button\">Load more<\/button><\/div>\n<\/div>\n<\/div>\n\n\n\n<div style=\"height:10px\" aria-hidden=\"true\" id=\"senaste-nytt\" class=\"wp-block-spacer\"><\/div>\n\n\n\n<div class=\"wp-block-query posts-list p4-query-loop is-custom-layout-list is-layout-flow wp-block-query-is-layout-flow\">\n<div class=\"wp-block-group is-content-justification-space-between is-layout-flex wp-container-core-group-is-layout-3d213aab wp-block-group-is-layout-flex\">\n<h2 class=\"wp-block-heading\">Senaste nytt<\/h2>\n\n\n<li class=\" wp-block-navigation-item see-all-link wp-block-navigation-link\"><a class=\"wp-block-navigation-item__content\"  href=\"https:\/\/www.greenpeace.org\/sweden\/nyheter\/?tag=regnskog&#038;post-type=artiklar\"><span class=\"wp-block-navigation-item__label\">See all posts<\/span><\/a><\/li><\/div>\n\n\n\n<p style=\"margin-top:24px;margin-bottom:36px\"><\/p>\n\n\n\n\n<ul class=\"wp-block-post-template is-layout-flow wp-block-post-template-is-layout-flow\"><li class=\"wp-block-post post-65327 post type-post status-publish format-standard has-post-thumbnail hentry category-greenpeace category-klimat category-skog tag-parisavtalet tag-regnskog tag-fossilenergi tag-globaluppvarmning p4-page-type-artiklar\">\n\n<div class=\"wp-block-columns is-layout-flex wp-container-core-columns-is-layout-9d6595d7 wp-block-columns-is-layout-flex\"><figure class=\"wp-block-post-featured-image\"><a href=\"https:\/\/www.greenpeace.org\/sweden\/artiklar\/greenpeace\/cop30-ett-svek-mot-vart-gemensamma-hem\/\" target=\"_self\"  ><img loading=\"lazy\" decoding=\"async\" width=\"1200\" height=\"800\" src=\"https:\/\/www.greenpeace.org\/static\/planet4-sweden-stateless\/2025\/11\/8d3617b6-gp0su7etc.jpg\" class=\"attachment-post-thumbnail size-post-thumbnail wp-post-image wp-stateless-item\" alt=\"COP30 \u2013 ett svek mot v\u00e5rt gemensamma hem\u00a0\" style=\"object-fit:cover;\" srcset=\"https:\/\/www.greenpeace.org\/static\/planet4-sweden-stateless\/2025\/11\/8d3617b6-gp0su7etc.jpg 1200w, https:\/\/www.greenpeace.org\/static\/planet4-sweden-stateless\/2025\/11\/8d3617b6-gp0su7etc-300x200.jpg 300w, https:\/\/www.greenpeace.org\/static\/planet4-sweden-stateless\/2025\/11\/8d3617b6-gp0su7etc-1024x683.jpg 1024w, https:\/\/www.greenpeace.org\/static\/planet4-sweden-stateless\/2025\/11\/8d3617b6-gp0su7etc-768x512.jpg 768w, https:\/\/www.greenpeace.org\/static\/planet4-sweden-stateless\/2025\/11\/8d3617b6-gp0su7etc-510x340.jpg 510w\" sizes=\"auto, (max-width: 1200px) 100vw, 1200px\" data-image-size=\"post-thumbnail\" data-stateless-media-bucket=\"planet4-sweden-stateless\" data-stateless-media-name=\"2025\/11\/8d3617b6-gp0su7etc.jpg\" \/><\/a><\/figure>\n\n\n<div class=\"wp-block-group is-layout-flow wp-block-group-is-layout-flow\">\n<div class=\"wp-block-group is-layout-flex wp-block-group-is-layout-flex\"><div class=\"wp-block-post-terms\"><a href=\"https:\/\/www.greenpeace.org\/sweden\/kategori\/greenpeace\/\">Greenpeace<\/a><\/div>\n\n<div class=\"taxonomy-post_tag wp-block-post-terms\"><a href=\"https:\/\/www.greenpeace.org\/sweden\/tag\/parisavtalet\/\" rel=\"tag\">parisavtalet<\/a><span class=\"wp-block-post-terms__separator\"> <\/span><a href=\"https:\/\/www.greenpeace.org\/sweden\/tag\/regnskog\/\" rel=\"tag\">regnskog<\/a><span class=\"wp-block-post-terms__separator\"> <\/span><a href=\"https:\/\/www.greenpeace.org\/sweden\/tag\/fossilenergi\/\" rel=\"tag\">fossilenergi<\/a><span class=\"wp-block-post-terms__separator\"> <\/span><a href=\"https:\/\/www.greenpeace.org\/sweden\/tag\/globaluppvarmning\/\" rel=\"tag\">globaluppv\u00e4rmning<\/a><\/div><\/div>\n\n\n<h3 class=\"wp-block-post-title\"><a href=\"https:\/\/www.greenpeace.org\/sweden\/artiklar\/greenpeace\/cop30-ett-svek-mot-vart-gemensamma-hem\/\" target=\"_self\" >COP30 \u2013 ett svek mot v\u00e5rt gemensamma hem\u00a0<\/a><\/h3>\n\n<div class=\"wp-block-post-excerpt\"><p class=\"wp-block-post-excerpt__excerpt\">COP30 avslutades officiellt p\u00e5 fredagskv\u00e4llen och det stod tidigt klart att detta var \u00e4nnu ett svek mot den planeten vi alla bor p\u00e5, v\u00e5rt gemensamma hem. Trots att m\u00f6tet markerade&hellip; <\/p><\/div>\n\n\n<div class=\"wp-block-group posts-list-meta is-layout-flow wp-block-group-is-layout-flow\"><span class='article-list-item-author'><a href='https:\/\/www.greenpeace.org\/sweden\/author\/slamborn\/'>Sandra Lamborn<\/a><\/span>\n\n<div class=\"wp-block-post-date\"><time datetime=\"2025-11-24T17:30:09+01:00\">november 24, 2025<\/time><\/div><\/div>\n<\/div>\n<\/div>\n\n<\/li><li class=\"wp-block-post post-65168 post type-post status-publish format-standard has-post-thumbnail hentry category-skog tag-olja tag-regnskog p4-page-type-artiklar\">\n\n<div class=\"wp-block-columns is-layout-flex wp-container-core-columns-is-layout-9d6595d7 wp-block-columns-is-layout-flex\"><figure class=\"wp-block-post-featured-image\"><a href=\"https:\/\/www.greenpeace.org\/sweden\/artiklar\/skog\/miljoorganisationer-stammer-brasiliens-regering-for-oljeborrning-i-amazonas-mynning\/\" target=\"_self\"  ><img loading=\"lazy\" decoding=\"async\" width=\"1200\" height=\"799\" src=\"https:\/\/www.greenpeace.org\/static\/planet4-sweden-stateless\/2025\/10\/2f6ad4c2-gp0stzwz7_medium-res-1200px.jpg\" class=\"attachment-post-thumbnail size-post-thumbnail wp-post-image wp-stateless-item\" alt=\"Milj\u00f6organisationer st\u00e4mmer Brasiliens regering f\u00f6r oljeborrning i Amazonas mynning\" style=\"object-fit:cover;\" srcset=\"https:\/\/www.greenpeace.org\/static\/planet4-sweden-stateless\/2025\/10\/2f6ad4c2-gp0stzwz7_medium-res-1200px.jpg 1200w, https:\/\/www.greenpeace.org\/static\/planet4-sweden-stateless\/2025\/10\/2f6ad4c2-gp0stzwz7_medium-res-1200px-300x200.jpg 300w, https:\/\/www.greenpeace.org\/static\/planet4-sweden-stateless\/2025\/10\/2f6ad4c2-gp0stzwz7_medium-res-1200px-1024x682.jpg 1024w, https:\/\/www.greenpeace.org\/static\/planet4-sweden-stateless\/2025\/10\/2f6ad4c2-gp0stzwz7_medium-res-1200px-768x511.jpg 768w, https:\/\/www.greenpeace.org\/static\/planet4-sweden-stateless\/2025\/10\/2f6ad4c2-gp0stzwz7_medium-res-1200px-510x340.jpg 510w\" sizes=\"auto, (max-width: 1200px) 100vw, 1200px\" data-image-size=\"post-thumbnail\" data-stateless-media-bucket=\"planet4-sweden-stateless\" data-stateless-media-name=\"2025\/10\/2f6ad4c2-gp0stzwz7_medium-res-1200px.jpg\" \/><\/a><\/figure>\n\n\n<div class=\"wp-block-group is-layout-flow wp-block-group-is-layout-flow\">\n<div class=\"wp-block-group is-layout-flex wp-block-group-is-layout-flex\"><div class=\"wp-block-post-terms\"><a href=\"https:\/\/www.greenpeace.org\/sweden\/kategori\/skog\/\">Skog<\/a><\/div>\n\n<div class=\"taxonomy-post_tag wp-block-post-terms\"><a href=\"https:\/\/www.greenpeace.org\/sweden\/tag\/olja\/\" rel=\"tag\">olja<\/a><span class=\"wp-block-post-terms__separator\"> <\/span><a href=\"https:\/\/www.greenpeace.org\/sweden\/tag\/regnskog\/\" rel=\"tag\">regnskog<\/a><\/div><\/div>\n\n\n<h3 class=\"wp-block-post-title\"><a href=\"https:\/\/www.greenpeace.org\/sweden\/artiklar\/skog\/miljoorganisationer-stammer-brasiliens-regering-for-oljeborrning-i-amazonas-mynning\/\" target=\"_self\" >Milj\u00f6organisationer st\u00e4mmer Brasiliens regering f\u00f6r oljeborrning i Amazonas mynning<\/a><\/h3>\n\n<div class=\"wp-block-post-excerpt\"><p class=\"wp-block-post-excerpt__excerpt\">Greenpeace i Brasilien och sju andra organisationer har l\u00e4mnat in en st\u00e4mning mot den brasilianska regeringen f\u00f6r att stoppa oljeborrning i Amazonas. <\/p><\/div>\n\n\n<div class=\"wp-block-group posts-list-meta is-layout-flow wp-block-group-is-layout-flow\"><span class='article-list-item-author'><a href='https:\/\/www.greenpeace.org\/sweden\/author\/aingves\/'>\u00c5sa Ingves<\/a><\/span>\n\n<div class=\"wp-block-post-date\"><time datetime=\"2025-10-29T15:09:52+01:00\">oktober 29, 2025<\/time><\/div><\/div>\n<\/div>\n<\/div>\n\n<\/li><li class=\"wp-block-post post-64643 post type-post status-publish format-standard has-post-thumbnail hentry category-skog tag-regnskog tag-djur p4-page-type-artiklar\">\n\n<div class=\"wp-block-columns is-layout-flex wp-container-core-columns-is-layout-9d6595d7 wp-block-columns-is-layout-flex\"><figure class=\"wp-block-post-featured-image\"><a href=\"https:\/\/www.greenpeace.org\/sweden\/artiklar\/skog\/djur-i-amazonas-9-hotade-arter\/\" target=\"_self\"  ><img loading=\"lazy\" decoding=\"async\" width=\"1200\" height=\"800\" src=\"https:\/\/www.greenpeace.org\/static\/planet4-sweden-stateless\/2025\/09\/dea3db67-amazonas-djur-margay.jpg\" class=\"attachment-post-thumbnail size-post-thumbnail wp-post-image wp-stateless-item\" alt=\"Djur i Amazonas: 9 fantastiska djur du borde k\u00e4nna till\" style=\"object-fit:cover;\" srcset=\"https:\/\/www.greenpeace.org\/static\/planet4-sweden-stateless\/2025\/09\/dea3db67-amazonas-djur-margay.jpg 1200w, https:\/\/www.greenpeace.org\/static\/planet4-sweden-stateless\/2025\/09\/dea3db67-amazonas-djur-margay-300x200.jpg 300w, https:\/\/www.greenpeace.org\/static\/planet4-sweden-stateless\/2025\/09\/dea3db67-amazonas-djur-margay-1024x683.jpg 1024w, https:\/\/www.greenpeace.org\/static\/planet4-sweden-stateless\/2025\/09\/dea3db67-amazonas-djur-margay-768x512.jpg 768w, https:\/\/www.greenpeace.org\/static\/planet4-sweden-stateless\/2025\/09\/dea3db67-amazonas-djur-margay-510x340.jpg 510w\" sizes=\"auto, (max-width: 1200px) 100vw, 1200px\" data-image-size=\"post-thumbnail\" data-stateless-media-bucket=\"planet4-sweden-stateless\" data-stateless-media-name=\"2025\/09\/dea3db67-amazonas-djur-margay.jpg\" \/><\/a><\/figure>\n\n\n<div class=\"wp-block-group is-layout-flow wp-block-group-is-layout-flow\">\n<div class=\"wp-block-group is-layout-flex wp-block-group-is-layout-flex\"><div class=\"wp-block-post-terms\"><a href=\"https:\/\/www.greenpeace.org\/sweden\/kategori\/skog\/\">Skog<\/a><\/div>\n\n<div class=\"taxonomy-post_tag wp-block-post-terms\"><a href=\"https:\/\/www.greenpeace.org\/sweden\/tag\/regnskog\/\" rel=\"tag\">regnskog<\/a><span class=\"wp-block-post-terms__separator\"> <\/span><a href=\"https:\/\/www.greenpeace.org\/sweden\/tag\/djur\/\" rel=\"tag\">djur<\/a><\/div><\/div>\n\n\n<h3 class=\"wp-block-post-title\"><a href=\"https:\/\/www.greenpeace.org\/sweden\/artiklar\/skog\/djur-i-amazonas-9-hotade-arter\/\" target=\"_self\" >Djur i Amazonas: 9 fantastiska djur du borde k\u00e4nna till<\/a><\/h3>\n\n<div class=\"wp-block-post-excerpt\"><p class=\"wp-block-post-excerpt__excerpt\">Uppt\u00e4ck 9 unika djur i Amazonas regnskog \u2013 fr\u00e5n rosa delfiner till jaguarer \u2013 och varf\u00f6r de \u00e4r i fara. <\/p><\/div>\n\n\n<div class=\"wp-block-group posts-list-meta is-layout-flow wp-block-group-is-layout-flow\"><span class='article-list-item-author'>Greenpeace Sverige<\/span>\n\n<div class=\"wp-block-post-date\"><time datetime=\"2025-09-16T13:44:25+01:00\">september 16, 2025<\/time><\/div><\/div>\n<\/div>\n<\/div>\n\n<\/li><\/ul>\n\n\n<div class=\"wp-block-buttons carousel-controls is-horizontal is-content-justification-space-between is-nowrap is-layout-flex wp-container-core-buttons-is-layout-044bd602 wp-block-buttons-is-layout-flex\">\n<div class=\"wp-block-button carousel-control-prev\"><button type=\"button\" class=\"wp-block-button__link wp-element-button\">Previous Carousel Slide<\/button><\/div>\n\n\n\n<div class=\"wp-block-button carousel-control-next\"><button type=\"button\" class=\"wp-block-button__link wp-element-button\">Next Carousel Slide<\/button><\/div>\n<\/div>\n\n\n<li class=\" wp-block-navigation-item see-all-link wp-block-navigation-link\"><a class=\"wp-block-navigation-item__content\"  href=\"https:\/\/www.greenpeace.org\/sweden\/nyheter\/?tag=regnskog&#038;post-type=artiklar\"><span class=\"wp-block-navigation-item__label\">L\u00e4s mer<\/span><\/a><\/li><\/div>\n\n\n\n\n<div class=\"wp-block-group alignfull block has-grey-100-background-color has-background is-layout-flow wp-block-group-is-layout-flow\">\n<div class=\"wp-block-group container is-layout-flow wp-block-group-is-layout-flow\">\n<div style=\"height:24px\" aria-hidden=\"true\" class=\"wp-block-spacer\"><\/div>\n\n\n\n<h3 class=\"wp-block-heading has-text-align-center\">L\u00e4s mer om detta \u00e4mne<\/h3>\n\n\n\n<div style=\"height:24px\" aria-hidden=\"true\" class=\"wp-block-spacer\"><\/div>\n\n\n\n<div class=\"wp-block-columns is-layout-flex wp-container-core-columns-is-layout-9d6595d7 wp-block-columns-is-layout-flex\">\n<div class=\"wp-block-column is-layout-flow wp-block-column-is-layout-flow\">\n<div class=\"wp-block-group group-stretched-link is-layout-flow wp-block-group-is-layout-flow\">\n<figure class=\"wp-block-image aligncenter size-full is-resized force-no-lightbox force-no-caption is-style-rounded-180\"><img loading=\"lazy\" decoding=\"async\" src=\"https:\/\/www.greenpeace.org\/static\/planet4-sweden-stateless\/2023\/02\/6a38b3f2-gp0str3iq_web_size.jpg\" alt=\"Flygbild \u00f6ver tr\u00e4d rakt ovanifr\u00e5n\" class=\"wp-image-54944\" width=\"180\" height=\"180\"\/><\/figure>\n\n\n\n<h5 class=\"wp-block-heading has-text-align-center is-style-chevron\" style=\"font-size:1rem\"><a href=\"https:\/\/www.greenpeace.org\/sweden\/?page_id=54287\">Svensk skog<\/a><\/h5>\n\n\n\n<div style=\"height:16px\" aria-hidden=\"true\" class=\"wp-block-spacer\"><\/div>\n<\/div>\n<\/div>\n\n\n\n<div class=\"wp-block-column is-layout-flow wp-block-column-is-layout-flow\">\n<div class=\"wp-block-group group-stretched-link is-layout-flow wp-block-group-is-layout-flow\">\n<figure class=\"wp-block-image aligncenter size-full is-resized force-no-lightbox force-no-caption is-style-rounded-180\"><img loading=\"lazy\" decoding=\"async\" src=\"https:\/\/www.greenpeace.org\/static\/planet4-sweden-stateless\/2023\/02\/d11ac439-gp0stu04y_web_size.jpg\" alt=\"Ensam orangutang p\u00e5 kalhygge i Indonesien\" class=\"wp-image-54946\" width=\"180\" height=\"180\"\/><\/figure>\n\n\n\n<h5 class=\"wp-block-heading has-text-align-center is-style-chevron\" style=\"font-size:1rem\"><a href=\"https:\/\/www.greenpeace.org\/sweden\/?page_id=54292\">Palmolja<\/a><\/h5>\n\n\n\n<div style=\"height:16px\" aria-hidden=\"true\" class=\"wp-block-spacer\"><\/div>\n<\/div>\n<\/div>\n\n\n\n<div class=\"wp-block-column is-layout-flow wp-block-column-is-layout-flow\">\n<div class=\"wp-block-group group-stretched-link is-layout-flow wp-block-group-is-layout-flow\">\n<figure class=\"wp-block-image aligncenter size-full is-resized force-no-lightbox force-no-caption is-style-rounded-180\"><img loading=\"lazy\" decoding=\"async\" src=\"https:\/\/www.greenpeace.org\/static\/planet4-sweden-stateless\/2023\/02\/d104fe47-gp0stozql_web_size.jpg\" alt=\"Bi som suger nektar fr\u00e5n gul blomma\" class=\"wp-image-54947\" width=\"180\" height=\"180\"\/><figcaption class=\"wp-element-caption\">Bees sitting on blossoms.\nBienen auf Blueten im Botanischen Garten Hamburg Wandsbek.<\/figcaption><\/figure>\n\n\n\n<h5 class=\"wp-block-heading has-text-align-center is-style-chevron\" style=\"font-size:1rem\"><a href=\"https:\/\/www.greenpeace.org\/sweden\/?page_id=54294\">Biologisk m\u00e5ngfald<\/a><\/h5>\n\n\n\n<div style=\"height:16px\" aria-hidden=\"true\" class=\"wp-block-spacer\"><\/div>\n<\/div>\n<\/div>\n<\/div>\n<\/div>\n<\/div>\n\n\n\n\n\n<div class=\"wp-block-group alignfull block mb-0 has-white-background-color has-background is-layout-flow wp-block-group-is-layout-flow\">\n<div class=\"wp-block-group container is-layout-flow wp-block-group-is-layout-flow\">\n<h5 class=\"wp-block-heading has-text-align-center\">Utforska andra \u00e4mnen<\/h5>\n\n\n\n<div style=\"height:24px\" aria-hidden=\"true\" class=\"wp-block-spacer\"><\/div>\n\n\n\n<div class=\"wp-block-columns is-not-stacked-on-mobile is-style-mobile-carousel is-layout-flex wp-container-core-columns-is-layout-9d6595d7 wp-block-columns-is-layout-flex\">\n<div class=\"wp-block-column is-layout-flow wp-block-column-is-layout-flow\">\n<div class=\"wp-block-group group-stretched-link is-layout-constrained wp-block-group-is-layout-constrained\">\n<figure class=\"wp-block-image aligncenter size-full is-resized is-style-rounded-90 force-no-lightbox force-no-caption mb-0\"><img loading=\"lazy\" decoding=\"async\" width=\"800\" height=\"534\" src=\"https:\/\/www.greenpeace.org\/static\/planet4-sweden-stateless\/2023\/02\/6111330d-gp1t50im_web_size.jpg\" alt=\"M\u00e4nniskor med banderoll som s\u00e4ger: For 1,5 degrees celsius, stop here\" class=\"wp-image-54840\" srcset=\"https:\/\/www.greenpeace.org\/static\/planet4-sweden-stateless\/2023\/02\/6111330d-gp1t50im_web_size.jpg 800w, https:\/\/www.greenpeace.org\/static\/planet4-sweden-stateless\/2023\/02\/6111330d-gp1t50im_web_size-300x200.jpg 300w, https:\/\/www.greenpeace.org\/static\/planet4-sweden-stateless\/2023\/02\/6111330d-gp1t50im_web_size-768x513.jpg 768w, https:\/\/www.greenpeace.org\/static\/planet4-sweden-stateless\/2023\/02\/6111330d-gp1t50im_web_size-510x340.jpg 510w\" sizes=\"auto, (max-width: 800px) 100vw, 800px\" \/><figcaption class=\"wp-element-caption\">Demonstration against the demolition of the village of L\u00fctzerath with the participation of Greenpeace.\nThe German government has agreed with the coal company RWE to mine another 280 million tons of the climate killer lignite in the Garzweiler open pit mine alone. Six times more than would be permissible to comply with the critical 1.5-degree limit. This is precisely why Greenpeace, together with other environmental associations and activists, is countering this with a powerful demonstration.\nDie deutsche Regierung hat mit dem Kohlekonzern RWE vereinbart, allein im Tagebau Garzweiler noch weitere 280 Millionen Tonnen des Klimakillers Braunkohle f\u00f6rdern zu wollen. Sechs Mal mehr, als zul\u00e4ssig w\u00e4re, um die kritische 1,5-Grad-Grenze einzuhalten. Genau deshalb tritt Greenpeace zusammen mit anderen Umweltverb\u00e4nden und Aktivist:innen dem mit einer kraftvollen Demonstration entgegen.<\/figcaption><\/figure>\n\n\n\n<div style=\"height:16px\" aria-hidden=\"true\" class=\"wp-block-spacer\"><\/div>\n\n\n\n<h5 class=\"wp-block-heading has-text-align-center\" style=\"font-size:1rem\"><a href=\"https:\/\/www.greenpeace.org\/sweden\/?page_id=54216\">Klimat<\/a><\/h5>\n<\/div>\n<\/div>\n\n\n\n<div class=\"wp-block-column is-layout-flow wp-block-column-is-layout-flow\">\n<div class=\"wp-block-group group-stretched-link is-layout-flow wp-block-group-is-layout-flow\">\n<figure class=\"wp-block-image aligncenter size-full is-resized is-style-rounded-90 force-no-lightbox force-no-caption mb-0\"><img loading=\"lazy\" decoding=\"async\" width=\"800\" height=\"553\" src=\"https:\/\/www.greenpeace.org\/static\/planet4-sweden-stateless\/2023\/02\/2f51be5c-gp02k1m_web_size.jpg\" alt=\"F\u00e4rgglada fiskar framf\u00f6r korallrev\" class=\"wp-image-54884\" srcset=\"https:\/\/www.greenpeace.org\/static\/planet4-sweden-stateless\/2023\/02\/2f51be5c-gp02k1m_web_size.jpg 800w, https:\/\/www.greenpeace.org\/static\/planet4-sweden-stateless\/2023\/02\/2f51be5c-gp02k1m_web_size-300x207.jpg 300w, https:\/\/www.greenpeace.org\/static\/planet4-sweden-stateless\/2023\/02\/2f51be5c-gp02k1m_web_size-768x531.jpg 768w, https:\/\/www.greenpeace.org\/static\/planet4-sweden-stateless\/2023\/02\/2f51be5c-gp02k1m_web_size-492x340.jpg 492w\" sizes=\"auto, (max-width: 800px) 100vw, 800px\" \/><figcaption class=\"wp-element-caption\">Schooling fish swim over a coral reef. Once having the highest income per capita in the Pacific, Nauru&#8217;s economy and environment collapsed after decades of phosphate mining had been depleted. With virtually nothing more to trade, the island nation is staking its hopes on protection of fisheries in its waters and the nearby international waters.<\/figcaption><\/figure>\n\n\n\n<div style=\"height:16px\" aria-hidden=\"true\" class=\"wp-block-spacer\"><\/div>\n\n\n\n<h5 class=\"wp-block-heading has-text-align-center\" style=\"font-size:1rem\"><a href=\"https:\/\/www.greenpeace.org\/sweden\/?page_id=54247\">Hav<\/a><\/h5>\n<\/div>\n<\/div>\n\n\n\n<div class=\"wp-block-column is-layout-flow wp-block-column-is-layout-flow\">\n<div class=\"wp-block-group group-stretched-link is-layout-flow wp-block-group-is-layout-flow\">\n<figure class=\"wp-block-image aligncenter size-full is-resized is-style-rounded-90 force-no-lightbox force-no-caption mb-0\"><img loading=\"lazy\" decoding=\"async\" width=\"800\" height=\"451\" src=\"https:\/\/www.greenpeace.org\/static\/planet4-sweden-stateless\/2023\/02\/406677f9-gp1su99g_web_size.jpg\" alt=\"oljerigg i solnedg\u00e5ng med r\u00f6d himmel\" class=\"wp-image-54903\" srcset=\"https:\/\/www.greenpeace.org\/static\/planet4-sweden-stateless\/2023\/02\/406677f9-gp1su99g_web_size.jpg 800w, https:\/\/www.greenpeace.org\/static\/planet4-sweden-stateless\/2023\/02\/406677f9-gp1su99g_web_size-300x169.jpg 300w, https:\/\/www.greenpeace.org\/static\/planet4-sweden-stateless\/2023\/02\/406677f9-gp1su99g_web_size-768x433.jpg 768w, https:\/\/www.greenpeace.org\/static\/planet4-sweden-stateless\/2023\/02\/406677f9-gp1su99g_web_size-510x288.jpg 510w\" sizes=\"auto, (max-width: 800px) 100vw, 800px\" \/><figcaption class=\"wp-element-caption\">The sun sets behind Total&#8217;s Culzean Platforms located in the Culzean Field. Culzean is a gas condensate field located in the British North Sea, 230 kilometres off the coast of Aberdeen.\nDie Sonne geht hinter den von Total betriebenen Culzean-Plattformen unter. Die Plattformen stehen im  Culzean Feld, einem Gaskondensatfeld in der britischen Nordsee, etwa 230 Kilometer vor der K\u00fcste von Aberdeen entfernt.<\/figcaption><\/figure>\n\n\n\n<div style=\"height:16px\" aria-hidden=\"true\" class=\"wp-block-spacer\"><\/div>\n\n\n\n<h5 class=\"wp-block-heading has-text-align-center\" style=\"font-size:1rem\"><a href=\"https:\/\/www.greenpeace.org\/sweden\/?page_id=54250\">Energi<\/a><\/h5>\n<\/div>\n<\/div>\n<\/div>\n<\/div>\n<\/div>\n\n<\/div>\n","protected":false},"excerpt":{"rendered":"<p>Amazonas \u00e4r v\u00e4rldens st\u00f6rsta och mest artrika regnskogen i v\u00e4rlden. Men regnskogens rika naturresurser g\u00f6r ocks\u00e5 att Amazonas exploateras f\u00f6r kortsiktiga vinster.<\/p>\n","protected":false},"author":45,"featured_media":54861,"parent":54244,"menu_order":0,"comment_status":"closed","ping_status":"closed","template":"","meta":{"ep_exclude_from_search":false,"p4_hide_page_title_checkbox":"on","p4_title":"","p4_subtitle":"","p4_description":"","background_image_id":"","background_image":"","p4_button_title":"","p4_button_link":"","p4_button_link_checkbox":"","p4_og_title":"","p4_og_description":"","p4_og_image":"","p4_og_image_id":"","p4_seo_canonical_url":"","p4_campaign_name":"not set","p4_local_project":"not set","p4_basket_name":"not set","p4_department":"","footnotes":""},"categories":[22],"tags":[47],"class_list":["post-54289","page","type-page","status-publish","has-post-thumbnail","hentry","category-skog","tag-regnskog"],"_links":{"self":[{"href":"https:\/\/www.greenpeace.org\/sweden\/wp-json\/wp\/v2\/pages\/54289","targetHints":{"allow":["GET"]}}],"collection":[{"href":"https:\/\/www.greenpeace.org\/sweden\/wp-json\/wp\/v2\/pages"}],"about":[{"href":"https:\/\/www.greenpeace.org\/sweden\/wp-json\/wp\/v2\/types\/page"}],"author":[{"embeddable":true,"href":"https:\/\/www.greenpeace.org\/sweden\/wp-json\/wp\/v2\/users\/45"}],"replies":[{"embeddable":true,"href":"https:\/\/www.greenpeace.org\/sweden\/wp-json\/wp\/v2\/comments?post=54289"}],"version-history":[{"count":20,"href":"https:\/\/www.greenpeace.org\/sweden\/wp-json\/wp\/v2\/pages\/54289\/revisions"}],"predecessor-version":[{"id":66305,"href":"https:\/\/www.greenpeace.org\/sweden\/wp-json\/wp\/v2\/pages\/54289\/revisions\/66305"}],"up":[{"embeddable":true,"href":"https:\/\/www.greenpeace.org\/sweden\/wp-json\/wp\/v2\/pages\/54244"}],"wp:featuredmedia":[{"embeddable":true,"href":"https:\/\/www.greenpeace.org\/sweden\/wp-json\/wp\/v2\/media\/54861"}],"wp:attachment":[{"href":"https:\/\/www.greenpeace.org\/sweden\/wp-json\/wp\/v2\/media?parent=54289"}],"wp:term":[{"taxonomy":"category","embeddable":true,"href":"https:\/\/www.greenpeace.org\/sweden\/wp-json\/wp\/v2\/categories?post=54289"},{"taxonomy":"post_tag","embeddable":true,"href":"https:\/\/www.greenpeace.org\/sweden\/wp-json\/wp\/v2\/tags?post=54289"}],"curies":[{"name":"wp","href":"https:\/\/api.w.org\/{rel}","templated":true}]}}